{"id":168955,"date":"2026-09-05T14:04:21","date_gmt":"2026-09-05T14:04:21","guid":{"rendered":"https:\/\/iwell-guard.com\/?page_id=168955"},"modified":"2026-09-05T14:26:51","modified_gmt":"2026-09-05T14:26:51","slug":"vanth-etruskisk-undirheimadis","status":"publish","type":"page","link":"https:\/\/iwell-guard.com\/is\/vanth-etruskisk-undirheimadis\/","title":{"rendered":"Vanth &#8211; Etr\u00fask undirheimad\u00eds"},"content":{"rendered":"\t\t<div data-elementor-type=\"wp-page\" data-elementor-id=\"168955\" class=\"elementor elementor-168955 elementor-2610 elementor-bc-flex-widget\" data-elementor-post-type=\"page\">\n\t\t\t\t<div class=\"elementor-element elementor-element-iwgw-vanth-hero e-flex e-con-boxed e-con e-parent\" data-id=\"iwgw-vanth-hero\" data-element_type=\"container\" data-e-type=\"container\" data-settings=\"{&quot;background_background&quot;:&quot;classic&quot;}\">\n\t\t\t\t\t<div class=\"e-con-inner\">\n\t\t<div class=\"elementor-element elementor-element-iwgw-vanth-hl e-flex e-con-boxed e-con e-child\" data-id=\"iwgw-vanth-hl\" data-element_type=\"container\" data-e-type=\"container\">\n\t\t\t\t\t<div class=\"e-con-inner\">\n\t\t<div class=\"elementor-element elementor-element-iwgw-vanth-htxt e-con-full e-flex e-con e-child\" data-id=\"iwgw-vanth-htxt\" data-element_type=\"container\" data-e-type=\"container\">\n\t\t\t\t<div class=\"elementor-element elementor-element-iwgw-vanth-h1 elementor-widget elementor-widget-heading\" data-id=\"iwgw-vanth-h1\" data-element_type=\"widget\" data-e-type=\"widget\" data-widget_type=\"heading.default\">\n\t\t\t\t\t<h1 class=\"elementor-heading-title elementor-size-default\">Vanth - Etr\u00fask v\u00e6ngju\u00f0 d\u00eds og f\u00f6runautur hinna dau\u00f0u<\/h1>\t\t\t\t<\/div>\n\t\t\t\t<div class=\"elementor-element elementor-element-iwgw-vanth-lead elementor-widget elementor-widget-text-editor\" data-id=\"iwgw-vanth-lead\" data-element_type=\"widget\" data-e-type=\"widget\" data-widget_type=\"text-editor.default\">\n\t\t\t\t\t\t\t\t\t<p>\u00cd etr\u00faskri tr\u00faarbr\u00f6g\u00f0um er Vanth v\u00e6ngju\u00f0 <span class=\"iwg-fachbegriff\" data-tooltip=\"Andlegt vera sem talin er hafa ska\u00f0leg e\u00f0a tv\u00edbent \u00e1hrif.\" tabindex=\"0\">d\u00eds<\/span> undirheimanna sem birtist sem f\u00f6runautur hinna dau\u00f0u og bo\u00f0beri \u00f6rlaganna. \u00d3l\u00edkt karlkyns d\u00e6minum <a href=\"https:\/\/iwell-guard.com\/is\/charun-etruskur-daudademon\/\">Charun<\/a> er h\u00fan oft s\u00fdnd s\u00ed\u00f0ur \u00f3gnvekjandi, meira sem \u00f6rlagabo\u00f0beri og f\u00e9lagi. \u00deessi l\u00fdsing fjallar um tr\u00faarfr\u00e6\u00f0ilega st\u00f6\u00f0u hennar \u00ed etr\u00fasku eftirl\u00edfskerfinu.<\/p>\t\t\t\t\t\t\t\t<\/div>\n\t\t\t\t<\/div>\n\t\t<div class=\"elementor-element elementor-element-iwgw-vanth-pillc e-con-full e-flex e-con e-child\" data-id=\"iwgw-vanth-pillc\" data-element_type=\"container\" data-e-type=\"container\">\n\t\t\t\t<div class=\"elementor-element elementor-element-iwgw-vanth-pills elementor-widget elementor-widget-html\" data-id=\"iwgw-vanth-pills\" data-element_type=\"widget\" data-e-type=\"widget\" data-widget_type=\"html.default\">\n\t\t\t\t\t<div class=\"iwg-pill-row\"><span class=\"iwg-klasse-badge\" tabindex=\"0\" data-tooltip=\"Dau\u00f0avera \u00far etr\u00faskri hef\u00f0.\">Dau\u00f0avera<\/span><a href=\"https:\/\/iwell-guard.com\/is\/etruskisk-trubrogd-haruspex-disciplina\/\" class=\"iwg-kultur-badge\" tabindex=\"0\" data-tooltip=\"Go\u00f0afr\u00e6\u00f0i etr\u00faskrar hef\u00f0ar.\">Etr\u00faskt<\/a><span class=\"iwg-tradition-badge\" tabindex=\"0\" data-tooltip=\"Dau\u00f0ad\u00eds.\">Dau\u00f0ad\u00eds<\/span><\/div>\t\t\t\t<\/div>\n\t\t\t\t<\/div>\n\t\t<div class=\"elementor-element elementor-element-iwgw-vanth-tocc e-con-full e-flex e-con e-child\" data-id=\"iwgw-vanth-tocc\" data-element_type=\"container\" data-e-type=\"container\">\n\t\t\t\t<div class=\"elementor-element elementor-element-iwgw-vanth-toc elementor-toc--minimized-on-tablet elementor-widget elementor-widget-table-of-contents\" data-id=\"iwgw-vanth-toc\" data-element_type=\"widget\" data-e-type=\"widget\" data-settings=\"{&quot;headings_by_tags&quot;:[&quot;h2&quot;,&quot;h3&quot;],&quot;minimize_box&quot;:&quot;yes&quot;,&quot;marker_view&quot;:&quot;bullets&quot;,&quot;no_headings_message&quot;:&quot;Engar undirfyrirsagnir fundust \\u00e1 \\u00feessari s\\u00ed\\u00f0u.&quot;,&quot;exclude_headings_by_selector&quot;:[],&quot;icon&quot;:{&quot;value&quot;:&quot;fas fa-circle&quot;,&quot;library&quot;:&quot;fa-solid&quot;,&quot;rendered_tag&quot;:&quot;&lt;svg class=\\&quot;e-font-icon-svg e-fas-circle\\&quot; viewBox=\\&quot;0 0 512 512\\&quot; xmlns=\\&quot;http:\\\/\\\/www.w3.org\\\/2000\\\/svg\\&quot;&gt;&lt;path d=\\&quot;M256 8C119 8 8 119 8 256s111 248 248 248 248-111 248-248S393 8 256 8z\\&quot;&gt;&lt;\\\/path&gt;&lt;\\\/svg&gt;&quot;},&quot;minimized_on&quot;:&quot;tablet&quot;,&quot;hierarchical_view&quot;:&quot;yes&quot;,&quot;min_height&quot;:{&quot;unit&quot;:&quot;px&quot;,&quot;size&quot;:&quot;&quot;,&quot;sizes&quot;:[]},&quot;min_height_tablet&quot;:{&quot;unit&quot;:&quot;px&quot;,&quot;size&quot;:&quot;&quot;,&quot;sizes&quot;:[]},&quot;min_height_mobile&quot;:{&quot;unit&quot;:&quot;px&quot;,&quot;size&quot;:&quot;&quot;,&quot;sizes&quot;:[]}}\" data-widget_type=\"table-of-contents.default\">\n\t\t\t\t\t\t\t\t\t<div class=\"elementor-toc__header\">\n\t\t\t\t\t\t<h2 class=\"elementor-toc__header-title\">\n\t\t\t\tEfnisyfirlit\t\t\t<\/h2>\n\t\t\t\t\t\t\t\t\t\t<div class=\"elementor-toc__toggle-button elementor-toc__toggle-button--expand\" role=\"button\" tabindex=\"0\" aria-controls=\"elementor-toc__iwgw-vanth-toc\" aria-expanded=\"true\" aria-label=\"Open table of contents\"><svg aria-hidden=\"true\" class=\"e-font-icon-svg e-fas-chevron-down\" viewBox=\"0 0 448 512\" xmlns=\"http:\/\/www.w3.org\/2000\/svg\"><path d=\"M207.029 381.476L12.686 187.132c-9.373-9.373-9.373-24.569 0-33.941l22.667-22.667c9.357-9.357 24.522-9.375 33.901-.04L224 284.505l154.745-154.021c9.379-9.335 24.544-9.317 33.901.04l22.667 22.667c9.373 9.373 9.373 24.569 0 33.941L240.971 381.476c-9.373 9.372-24.569 9.372-33.942 0z\"><\/path><\/svg><\/div>\n\t\t\t\t<div class=\"elementor-toc__toggle-button elementor-toc__toggle-button--collapse\" role=\"button\" tabindex=\"0\" aria-controls=\"elementor-toc__iwgw-vanth-toc\" aria-expanded=\"true\" aria-label=\"Close table of contents\"><svg aria-hidden=\"true\" class=\"e-font-icon-svg e-fas-chevron-up\" viewBox=\"0 0 448 512\" xmlns=\"http:\/\/www.w3.org\/2000\/svg\"><path d=\"M240.971 130.524l194.343 194.343c9.373 9.373 9.373 24.569 0 33.941l-22.667 22.667c-9.357 9.357-24.522 9.375-33.901.04L224 227.495 69.255 381.516c-9.379 9.335-24.544 9.317-33.901-.04l-22.667-22.667c-9.373-9.373-9.373-24.569 0-33.941L207.03 130.525c9.372-9.373 24.568-9.373 33.941-.001z\"><\/path><\/svg><\/div>\n\t\t\t\t\t<\/div>\n\t\t\t\t<div id=\"elementor-toc__iwgw-vanth-toc\" class=\"elementor-toc__body\">\n\t\t\t<div class=\"elementor-toc__spinner-container\">\n\t\t\t\t<svg class=\"elementor-toc__spinner eicon-animation-spin e-font-icon-svg e-eicon-loading\" aria-hidden=\"true\" viewBox=\"0 0 1000 1000\" xmlns=\"http:\/\/www.w3.org\/2000\/svg\"><path d=\"M500 975V858C696 858 858 696 858 500S696 142 500 142 142 304 142 500H25C25 237 238 25 500 25S975 237 975 500 763 975 500 975Z\"><\/path><\/svg>\t\t\t<\/div>\n\t\t<\/div>\n\t\t\t\t\t\t<\/div>\n\t\t\t\t<\/div>\n\t\t\t\t\t<\/div>\n\t\t\t\t<\/div>\n\t\t<div class=\"elementor-element elementor-element-iwgw-vanth-hr e-con-full e-flex e-con e-child\" data-id=\"iwgw-vanth-hr\" data-element_type=\"container\" data-e-type=\"container\">\n\t\t\t\t<div class=\"elementor-element elementor-element-iwgw-vanth-heroimg iwg-hero-image elementor-widget elementor-widget-image\" data-id=\"iwgw-vanth-heroimg\" data-element_type=\"widget\" data-e-type=\"widget\" data-widget_type=\"image.default\">\n\t\t\t\t\t\t\t\t\t\t\t\t\t\t\t<img fetchpriority=\"high\" decoding=\"async\" width=\"683\" height=\"1024\" src=\"https:\/\/iwell-guard.com\/wp-content\/uploads\/2026\/05\/daemonen_etruskisch_vanth-683x1024.webp\" class=\"attachment-large size-large wp-image-170832\" alt=\"Vanth \u2013 dj\u00f6full \u00far etr\u00faskri hef\u00f0, s\u00f6gulega myndskreytt\" srcset=\"https:\/\/iwell-guard.com\/wp-content\/uploads\/2026\/05\/daemonen_etruskisch_vanth-683x1024.webp 683w, https:\/\/iwell-guard.com\/wp-content\/uploads\/2026\/05\/daemonen_etruskisch_vanth-200x300.webp 200w, https:\/\/iwell-guard.com\/wp-content\/uploads\/2026\/05\/daemonen_etruskisch_vanth-768x1152.webp 768w, https:\/\/iwell-guard.com\/wp-content\/uploads\/2026\/05\/daemonen_etruskisch_vanth.webp 1024w\" sizes=\"(max-width: 683px) 100vw, 683px\" \/>\t\t\t\t\t\t\t\t\t\t\t\t\t\t\t<\/div>\n\t\t\t\t<\/div>\n\t\t\t\t\t<\/div>\n\t\t\t\t<\/div>\n\t\t<div class=\"elementor-element elementor-element-iwgw-vanth-s0 e-flex e-con-boxed e-con e-parent\" data-id=\"iwgw-vanth-s0\" data-element_type=\"container\" data-e-type=\"container\">\n\t\t\t\t\t<div class=\"e-con-inner\">\n\t\t\t\t<div class=\"elementor-element elementor-element-iwgw-vanth-s0h elementor-widget elementor-widget-heading\" data-id=\"iwgw-vanth-s0h\" data-element_type=\"widget\" data-e-type=\"widget\" data-widget_type=\"heading.default\">\n\t\t\t\t\t<h2 class=\"elementor-heading-title elementor-size-default\">Sta\u00f0a \u00ed etr\u00faska go\u00f0heiminum<\/h2>\t\t\t\t<\/div>\n\t\t<div class=\"elementor-element elementor-element-iwgw-vanth-s0c e-con-full e-flex e-con e-child\" data-id=\"iwgw-vanth-s0c\" data-element_type=\"container\" data-e-type=\"container\">\n\t\t\t\t<div class=\"elementor-element elementor-element-iwgw-vanth-s0t elementor-widget elementor-widget-text-editor\" data-id=\"iwgw-vanth-s0t\" data-element_type=\"widget\" data-e-type=\"widget\" data-widget_type=\"text-editor.default\">\n\t\t\t\t\t\t\t\t\t<p>Vanth, \u00e1samt <a href=\"https:\/\/iwell-guard.com\/is\/charun-etruskur-daudademon\/\">Charun<\/a>, er ein af \u00e1berandi d\u00edsum etr\u00faskra undirheima. H\u00fan er oft s\u00fdnd sem f\u00f6runautur hinna dau\u00f0u e\u00f0a sem \u00f6rlagabo\u00f0beri. \u00cd etr\u00faskri eftirl\u00edfsfr\u00e6\u00f0i hefur h\u00fan fastan sess og birtist oft \u00e1samt Charun \u00ed skilna\u00f0ar- og fylgdaratri\u00f0um.<\/p><p>Larissa Bonfante og Erika Simon hafa fjalla\u00f0 um Vanth \u00ed verkum s\u00ednum um etr\u00fask tr\u00faarbr\u00f6g\u00f0. H\u00fan er algeng mynd \u00ed etr\u00faskri myndlist, oft \u00e1 sark\u00f3f\u00f6gum og \u00ed grafm\u00e1lverkum.<\/p><p>Etr\u00fask tr\u00faarbr\u00f6g\u00f0, sem hin v\u00e6ngja\u00f0a dau\u00f0afylgja Vanth \u00e1 sinn sta\u00f0 \u00ed, eru tr\u00faarfr\u00e6\u00f0ilega s\u00e9rstaklega gagnleg til ranns\u00f3kna vegna \u00feess a\u00f0 \u00feau standa mitt \u00e1 milli gr\u00edsk-mi\u00f0jar\u00f0arhafslegrar og \u00edtal\u00edsk-r\u00f3mverskrar <span class=\"iwg-fachbegriff\" data-tooltip=\"Mi\u00f0lun \u00feekkingar og sagna kynsl\u00f3\u00f0 fram af kynsl\u00f3\u00f0.\" tabindex=\"0\">munnm\u00e6lahef\u00f0ar<\/span>.<\/p><p>Massimo Pallottino, Jacques Heurgon, Sybille Haynes, Mauro Cristofani og Giovanni Colonna hafa \u00ed ranns\u00f3knum s\u00ednum s\u00fdnt fram \u00e1 a\u00f0 h\u00e9r er um sj\u00e1lfst\u00e6\u00f0a hef\u00f0 a\u00f0 r\u00e6\u00f0a, ekki einfaldlega aflei\u00f0u.<\/p><p>A\u00f0 Vanth hafi sk\u00fdrt afmarka\u00f0 hlutverk sem dau\u00f0afylgja passar vi\u00f0 etr\u00faska <span class=\"iwg-fachbegriff\" data-tooltip=\"V\u00edsindaleg fr\u00e6\u00f0i um gu\u00f0 og tr\u00fa innan tr\u00faarbrag\u00f0a.\" tabindex=\"0\">gu\u00f0fr\u00e6\u00f0i<\/span> sem skipulag\u00f0i <span class=\"iwg-fachbegriff\" data-tooltip=\"Heild gu\u00f0a innan tr\u00faarbrag\u00f0a e\u00f0a menningar.\" tabindex=\"0\">go\u00f0aheim<\/span> sinn vandlega og skipti hlutverkum ni\u00f0ur. Eldri hugmyndin um &#8216;dularfulla&#8217; e\u00f0a &#8216;framandi&#8217; gu\u00f0atr\u00fa Etr\u00fara \u00e1 ekki vi\u00f0: h\u00e9r er um sj\u00e1lfst\u00e6tt afbrig\u00f0i mi\u00f0jar\u00f0arhafslegra tr\u00faarbrag\u00f0a a\u00f0 r\u00e6\u00f0a.<\/p><p>Vanth s\u00fdnir d\u00e6migert hvernig Etr\u00farar myndu\u00f0u br\u00fa \u00ed \u00edtalskri tr\u00faarbrag\u00f0as\u00f6gu milli gr\u00edskra \u00e1hrifa og r\u00f3mverskra tr\u00faarbrag\u00f0a sem voru a\u00f0 myndast. \u00deetta br\u00faarhlutverk gerir <span class=\"iwg-fachbegriff\" data-tooltip=\"Mi\u00f0lun \u00feekkingar og sagna kynsl\u00f3\u00f0 fram af kynsl\u00f3\u00f0.\" tabindex=\"0\">munnm\u00e6lahef\u00f0<\/span> hennar s\u00e9rstaklega \u00e1hugaver\u00f0a fyrir ranns\u00f3knir.<\/p><p>V\u00e6ngju\u00f0 mynd Vanth var \u00e1\u00f0ur fyrr flj\u00f3tt l\u00f6g\u00f0 a\u00f0 j\u00f6fnu vi\u00f0 gr\u00edskar fyrirmyndir. Tr\u00faar\u00fej\u00f3\u00f0fr\u00e6\u00f0ilegar ranns\u00f3knir s\u00ed\u00f0ustu \u00e1ratuga hafa \u00fe\u00f3 vi\u00f0urkennt etr\u00fask tr\u00faarbr\u00f6g\u00f0 sem sj\u00e1lfst\u00e6tt, heildst\u00e6tt kerfi og komi\u00f0 \u00ed sta\u00f0 fyrri tilhneigingar til a\u00f0 \u00e1lykta a\u00f0 \u00feau v\u00e6ru &#8216;afleidd&#8217; af gr\u00edskum tr\u00faarbr\u00f6g\u00f0um me\u00f0 n\u00e1kv\u00e6mari sko\u00f0un.<\/p>\t\t\t\t\t\t\t\t<\/div>\n\t\t\t\t<\/div>\n\t\t\t\t\t<\/div>\n\t\t\t\t<\/div>\n\t\t<div class=\"elementor-element elementor-element-iwgw-vanth-s1 e-flex e-con-boxed e-con e-parent\" data-id=\"iwgw-vanth-s1\" data-element_type=\"container\" data-e-type=\"container\">\n\t\t\t\t\t<div class=\"e-con-inner\">\n\t\t\t\t<div class=\"elementor-element elementor-element-iwgw-vanth-s1h elementor-widget elementor-widget-heading\" data-id=\"iwgw-vanth-s1h\" data-element_type=\"widget\" data-e-type=\"widget\" data-widget_type=\"heading.default\">\n\t\t\t\t\t<h2 class=\"elementor-heading-title elementor-size-default\">Nafn og or\u00f0sifjar<\/h2>\t\t\t\t<\/div>\n\t\t<div class=\"elementor-element elementor-element-iwgw-vanth-s1c e-con-full e-flex e-con e-child\" data-id=\"iwgw-vanth-s1c\" data-element_type=\"container\" data-e-type=\"container\">\n\t\t\t\t<div class=\"elementor-element elementor-element-iwgw-vanth-s1t elementor-widget elementor-widget-text-editor\" data-id=\"iwgw-vanth-s1t\" data-element_type=\"widget\" data-e-type=\"widget\" data-widget_type=\"text-editor.default\">\n\t\t\t\t\t\t\t\t\t<p>Nafni\u00f0 Vanth er sta\u00f0fest \u00e1 etr\u00faskum myndverkum og \u00e1letrunum. Ekki hefur tekist a\u00f0 endurgera \u00f6rugga or\u00f0sifjafr\u00e6\u00f0ilega merkingu. <em>Editio Minor<\/em> Helmuts Rix skr\u00e1ir heimildirnar.<\/p><p>Vanth kemur stundum fram \u00ed fleirt\u00f6lu, sem bendir til a\u00f0 fleiri en ein Vanth-d\u00eds hafi veri\u00f0 til, l\u00edkt og fleiri en einn Charun-d\u00e6mi. \u00deessi margbreytni er athyglisver\u00f0 fr\u00e1 sj\u00f3narh\u00f3li tr\u00faarfyrirb\u00e6rafr\u00e6\u00f0i.<\/p><p>Nafn Vanth kemur fyrir \u00e1 etr\u00faskum myndverkum en er skrifa\u00f0 \u00e1 tungum\u00e1li sem telst tungum\u00e1lafr\u00e6\u00f0ilega einangra\u00f0 e\u00f0a g\u00e6ti heyrt til \u00e6tla\u00f0rar &#8216;t\u00fdrsenskrar&#8217; \u00e6ttar \u00e1samt lemn\u00edsku og r\u00e6t\u00edsku. Fr\u00e1 19. \u00f6ld hafa fr\u00e6\u00f0imenn unni\u00f0 a\u00f0 \u00fev\u00ed a\u00f0 r\u00e1\u00f0a \u00feessa texta \u00e1n \u00feess a\u00f0 hafa n\u00e1\u00f0 fullum \u00e1rangri.<\/p><p>Editio Minor Helmuts Rix er grunnsafni\u00f0 um etr\u00faska \u00e1letranafr\u00e6\u00f0i og skr\u00e1ir einnig \u00e1letrunarvitni um Vanth. \u00cd dag b\u00e6tast Thesaurus Linguae Etruscae og gagnagrunnurinn ETP (Etruscan Texts Project) vi\u00f0 sem vi\u00f0b\u00f3t.<\/p><p>Uppruni Etr\u00fara er enn \u00f3lj\u00f3s: Her\u00f3d\u00f3tos taldi \u00fe\u00e1 hafa flust fr\u00e1 L\u00fdd\u00edu, D\u00ed\u00f3n\u00fds\u00edos fr\u00e1 Halikarnassos taldi \u00fe\u00e1 hafa myndast heimafyrir \u00e1 \u00cdtal\u00edu. Fyrir skilning \u00e1 verum eins og Vanth er \u00feetta tr\u00faars\u00f6gulega mikilv\u00e6gt, \u00fev\u00ed \u00fear me\u00f0 koma til umr\u00e6\u00f0u m\u00f6guleg tengsl vi\u00f0 sm\u00e1as\u00edska d\u00fdrkun.<\/p><p>N\u00e1in samvinna tungum\u00e1la- og \u00e1letranaranns\u00f3kna kemur einnig <span class=\"iwg-fachbegriff\" data-tooltip=\"Mi\u00f0lun \u00feekkingar og sagna kynsl\u00f3\u00f0 fram af kynsl\u00f3\u00f0.\" tabindex=\"0\">munnm\u00e6lahef\u00f0<\/span> Vanth til g\u00f3\u00f0a: Stafr\u00e6n \u00fatg\u00e1fa etr\u00faskra texta \u00ed ETP (Etruscan Texts Project) gerir samanbur\u00f0arranns\u00f3knir mun einfaldari. Marie-Laurence Haack og Vincent Jolivet hafa lagt fram brautry\u00f0jandi framl\u00f6g \u00e1 \u00feessu svi\u00f0i.<\/p>\t\t\t\t\t\t\t\t<\/div>\n\t\t\t\t<\/div>\n\t\t\t\t\t<\/div>\n\t\t\t\t<\/div>\n\t\t<div class=\"elementor-element elementor-element-iwgw-vanth-s2 e-flex e-con-boxed e-con e-parent\" data-id=\"iwgw-vanth-s2\" data-element_type=\"container\" data-e-type=\"container\">\n\t\t\t\t\t<div class=\"e-con-inner\">\n\t\t\t\t<div class=\"elementor-element elementor-element-iwgw-vanth-s2h elementor-widget elementor-widget-heading\" data-id=\"iwgw-vanth-s2h\" data-element_type=\"widget\" data-e-type=\"widget\" data-widget_type=\"heading.default\">\n\t\t\t\t\t<h2 class=\"elementor-heading-title elementor-size-default\">L\u00fdsing og myndlist<\/h2>\t\t\t\t<\/div>\n\t\t<div class=\"elementor-element elementor-element-iwgw-vanth-s2c e-con-full e-flex e-con e-child\" data-id=\"iwgw-vanth-s2c\" data-element_type=\"container\" data-e-type=\"container\">\n\t\t\t\t<div class=\"elementor-element elementor-element-iwgw-vanth-s2t elementor-widget elementor-widget-text-editor\" data-id=\"iwgw-vanth-s2t\" data-element_type=\"widget\" data-e-type=\"widget\" data-widget_type=\"text-editor.default\">\n\t\t\t\t\t\t\t\t\t<p>Vanth er s\u00fdnd \u00ed etr\u00faskri list sem v\u00e6ngju\u00f0 kona, oft me\u00f0 kyndil e\u00f0a lykil. Fja\u00f0rav\u00e6ngir hennar a\u00f0greina hana greinilega fr\u00e1 gr\u00edska Karon-ger\u00f0inni og setja hana n\u00e6r gr\u00edskum Erinjum (hefndargy\u00f0jum) e\u00f0a Erosar-myndum. Tengingin vi\u00f0 lykilinn v\u00edsar til hlutverks hennar sem verndara hli\u00f0a undirheimanna.<\/p><p>\u00c1 etr\u00faskum sark\u00f3f\u00f6gum og grafm\u00e1lverkum (Tomba dei Vipinana \u00ed Tarquinia) birtist Vanth \u00ed m\u00f6rgum atri\u00f0um. Kl\u00e6\u00f0na\u00f0ur hennar er oft styttur og me\u00f0 belti, sem gefur til kynna hreyfifrelsi. Larissa Bonfante hefur rannsaka\u00f0 \u00feessa <span class=\"iwg-fachbegriff\" data-tooltip=\"Fr\u00e6\u00f0i um myndinnihald og merkingu \u00feess.\" tabindex=\"0\">helgimyndafr\u00e6\u00f0i<\/span> \u00ed sm\u00e1atri\u00f0um.<\/p><p>Vanth er fyrst og fremst a\u00f0gengileg \u00ed gegnum myndlist, og etr\u00fask myndlist reynist tr\u00faarbrag\u00f0afr\u00e6\u00f0ilega mj\u00f6g gj\u00f6fug: speglar, vasar, grafm\u00e1lverk og bronsverk eru meginheimildirnar. Larissa Bonfante hefur \u00ed verkum s\u00ednum vi\u00f0urkennt \u00feetta myndm\u00e1l sem sj\u00e1lfst\u00e6\u00f0a hef\u00f0, ekki einfaldlega afsprengi.<\/p><p>Vanth kemur oft fyrir \u00ed etr\u00faskum grafm\u00e1lverkum \u00ed Tarquinia, Cerveteri og Vulci, sem eru me\u00f0al fremstu heimilda um etr\u00faska tr\u00fa og eftirl\u00edfsfr\u00e6\u00f0i. \u00cd h\u00e1t\u00ed\u00f0ar-, dans- og t\u00f3nlistarmyndum \u00feeirra, auk go\u00f0sagnalegra atbur\u00f0a, er framhaldsl\u00edf s\u00fdnt sem \u00e1framhald l\u00edfsins.<\/p><p>Vanth kemur oft fram \u00e1samt Karun \u00ed fylgdaratri\u00f0um, sem sta\u00f0festir tilhneigingu etr\u00faskrar <span class=\"iwg-fachbegriff\" data-tooltip=\"Fr\u00e6\u00f0i um myndinnihald og merkingu \u00feess.\" tabindex=\"0\">helgimyndafr\u00e6\u00f0i<\/span> til margpers\u00f3nulegra atri\u00f0a, fr\u00e1sagnartengsla og t\u00e1knr\u00e6nnar \u00fe\u00e9ttingar. \u00deetta myndm\u00e1l er s\u00e9rstakt ranns\u00f3knarsvi\u00f0 innan etr\u00faskrar tr\u00faarlegrar helgimyndafr\u00e6\u00f0i.<\/p><p>Vanth kemur \u00e1 stundum fram \u00ed fj\u00f6lt\u00f6lu og vi\u00f0 hli\u00f0 annarra vera, sem sta\u00f0festir fr\u00e1sagnar\u00fe\u00e9ttleika etr\u00faskrar myndlistar: Einn spegill e\u00f0a vasi getur bori\u00f0 margar go\u00f0sagnalegar tilv\u00edsanir samt\u00edmis. \u00deessi \u00fe\u00e9tting krefst vanda\u00f0rar samhengisgreiningar af h\u00e1lfu fr\u00e6\u00f0imanna.<\/p>\t\t\t\t\t\t\t\t<\/div>\n\t\t\t\t<\/div>\n\t\t\t\t\t<\/div>\n\t\t\t\t<\/div>\n\t\t<div class=\"elementor-element elementor-element-iwgw-vanth-s3 e-flex e-con-boxed e-con e-parent\" data-id=\"iwgw-vanth-s3\" data-element_type=\"container\" data-e-type=\"container\">\n\t\t\t\t\t<div class=\"e-con-inner\">\n\t\t\t\t<div class=\"elementor-element elementor-element-iwgw-vanth-s3h elementor-widget elementor-widget-heading\" data-id=\"iwgw-vanth-s3h\" data-element_type=\"widget\" data-e-type=\"widget\" data-widget_type=\"heading.default\">\n\t\t\t\t\t<h2 class=\"elementor-heading-title elementor-size-default\">Vanth \u00ed etr\u00faskri eftirl\u00edfsfr\u00e6\u00f0i<\/h2>\t\t\t\t<\/div>\n\t\t<div class=\"elementor-element elementor-element-iwgw-vanth-s3c e-con-full e-flex e-con e-child\" data-id=\"iwgw-vanth-s3c\" data-element_type=\"container\" data-e-type=\"container\">\n\t\t\t\t<div class=\"elementor-element elementor-element-iwgw-vanth-s3t elementor-widget elementor-widget-text-editor\" data-id=\"iwgw-vanth-s3t\" data-element_type=\"widget\" data-e-type=\"widget\" data-widget_type=\"text-editor.default\">\n\t\t\t\t\t\t\t\t\t<p>Vanth er hluti af fl\u00f3knu etr\u00fasku undirheimakerfi. H\u00fan fylgir hinum d\u00e1nu til undirheimanna, \u00fdmist eins\u00f6mul e\u00f0a oft \u00e1samt Karun. Hlutverk hennar er meira eins og &#8216;sendibo\u00f0i \u00f6rlaganna&#8217; en virkur banvaldur: h\u00fan kemur \u00feegar t\u00edminn er kominn og fylgir vi\u00f0komandi \u00e1fram.<\/p><p>Jean-Ren\u00e9 Jannot l\u00fdsir etr\u00faskri undirheimahugmynd sem vel skipul\u00f6g\u00f0u kerfi me\u00f0 sk\u00fdrt skilgreindum hlutverkum dj\u00f6fla. Vanth er innan \u00feessa kerfis kvenkyns fylgdarvera, \u00e1 me\u00f0an Karun er karlkyns aft\u00f6kuvaldur.<\/p><p>Etr\u00fask <span class=\"iwg-fachbegriff\" data-tooltip=\"Heild var\u00f0veittra go\u00f0sagna um gu\u00f0i \u00ed tiltekinni menningu.\" tabindex=\"0\">go\u00f0afr\u00e6\u00f0i<\/span> er ekki til \u00ed full\u00fer\u00f3u\u00f0um fr\u00e1s\u00f6gnum eins og gr\u00edska og r\u00f3mverska hef\u00f0in \u00feekkir. Mynd Vanth ver\u00f0ur a\u00f0eins sk\u00fdr vi\u00f0 samanbur\u00f0 myndheimilda, \u00e1letrana og gr\u00edsk-r\u00f3mverskrar aukaframsagnar, heimildasta\u00f0a sem krefst fr\u00e6\u00f0ilegrar var\u00fa\u00f0ar.<\/p><p>Sambandi\u00f0 milli etr\u00faskrar og gr\u00edskrar <span class=\"iwg-fachbegriff\" data-tooltip=\"Heild var\u00f0veittra go\u00f0sagna um gu\u00f0i \u00ed tiltekinni menningu.\" tabindex=\"0\">go\u00f0afr\u00e6\u00f0i<\/span> er margslungi\u00f0: annars vegar t\u00f3ku Etr\u00faskar upp gr\u00edska go\u00f0s\u00f6gur um Akkilles, \u00d3dysseif e\u00f0a \u00d6dipus, hins vegar m\u00f3tu\u00f0u \u00feeir \u00fe\u00e6r \u00e1 eigin h\u00e1tt. Vanth, sem \u00e1 s\u00e9r ekki n\u00e1kv\u00e6ma gr\u00edska hli\u00f0st\u00e6\u00f0u, s\u00fdnir \u00feessa s\u00e9rst\u00f6ku m\u00f3tun; \u00feessi a\u00f0l\u00f6gun er ranns\u00f6ku\u00f0 \u00edtarlega.<\/p><p>Vanth kemur reglulega fram \u00e1samt Karun, sem samr\u00e6mist grunneinkenni etr\u00faskrar <span class=\"iwg-fachbegriff\" data-tooltip=\"V\u00edsindaleg fr\u00e6\u00f0i um gu\u00f0 og tr\u00fa innan tr\u00faarbrag\u00f0a.\" tabindex=\"0\">gu\u00f0fr\u00e6\u00f0i<\/span>: gu\u00f0ar\u00e1\u00f0inu (consensus deorum). Jafnvel Tinia gerir ekki neitt einn, heldur r\u00e1\u00f0gast vi\u00f0 a\u00f0ra gu\u00f0i. \u00deetta hugtak telst tr\u00faarbrag\u00f0afr\u00e6\u00f0ilega vera s\u00e9rkenni.<\/p><p>\u00dear sem go\u00f0sagnahef\u00f0 Etr\u00faska er ekki til \u00ed heilst\u00e6\u00f0um fr\u00e1s\u00f6gnum, ver\u00f0ur a\u00f0 endurgera hlutverk Vanth \u00fat fr\u00e1 myndatri\u00f0um, \u00e1letrunum og aukaheimildum. Reynst hefur vel a\u00f0 tengja saman etr\u00faska \u00e1letrun, gr\u00edska myndfyrirmynd og samhengisbundinn lestur, sem krefst vanda\u00f0rar t\u00falkunar.<\/p>\t\t\t\t\t\t\t\t<\/div>\n\t\t\t\t<\/div>\n\t\t\t\t\t<\/div>\n\t\t\t\t<\/div>\n\t\t<div class=\"elementor-element elementor-element-iwgw-vanth-s4 e-flex e-con-boxed e-con e-parent\" data-id=\"iwgw-vanth-s4\" data-element_type=\"container\" data-e-type=\"container\">\n\t\t\t\t\t<div class=\"e-con-inner\">\n\t\t\t\t<div class=\"elementor-element elementor-element-iwgw-vanth-s4h elementor-widget elementor-widget-heading\" data-id=\"iwgw-vanth-s4h\" data-element_type=\"widget\" data-e-type=\"widget\" data-widget_type=\"heading.default\">\n\t\t\t\t\t<h2 class=\"elementor-heading-title elementor-size-default\">Go\u00f0sagnakenndar fr\u00e1sagnir<\/h2>\t\t\t\t<\/div>\n\t\t<div class=\"elementor-element elementor-element-iwgw-vanth-s4c e-con-full e-flex e-con e-child\" data-id=\"iwgw-vanth-s4c\" data-element_type=\"container\" data-e-type=\"container\">\n\t\t\t\t<div class=\"elementor-element elementor-element-iwgw-vanth-s4t elementor-widget elementor-widget-text-editor\" data-id=\"iwgw-vanth-s4t\" data-element_type=\"widget\" data-e-type=\"widget\" data-widget_type=\"text-editor.default\">\n\t\t\t\t\t\t\t\t\t<p>S\u00f6gur af Vanth eru fyrst og fremst var\u00f0veittar \u00ed myndformi. \u00c1 sark\u00f3f\u00f6gum og grafm\u00e1lverkum birtist h\u00fan \u00ed skilna\u00f0aratri\u00f0um: hinn d\u00e1ni kve\u00f0ur hina lifandi, og Vanth lei\u00f0ir hann burt. \u00cd nokkrum myndum sest h\u00fan hugsi \u00e1 stein og bi\u00f0ur eftir dau\u00f0a manns.<\/p><p>\u00cd etr\u00faskri a\u00f0l\u00f6gun gr\u00edskra go\u00f0sagna birtist Vanth \u00e1 stundum \u00ed atri\u00f0um sem hafa engan gr\u00edskan hli\u00f0st\u00e6\u00f0u, svo sem vi\u00f0 dau\u00f0a Akkillesar. \u00deessi sj\u00e1lfst\u00e6\u00f0a innf\u00e6rsla ber vitni um tr\u00faarlegt s\u00e9rkenni etr\u00faskrar hef\u00f0ar.<\/p><p>Disciplina Etrusca, sp\u00e1fr\u00e6\u00f0ikerfi Etr\u00faska, n\u00e1\u00f0i yfir innyflasp\u00e1 (haruspicina), eldingat\u00falkun (fulguratio) og fuglasp\u00e1 (auspicia). Kerfi\u00f0 var flutt fr\u00e1 Etr\u00faskum til R\u00f3mverja og h\u00e9lst lifandi framkv\u00e6md allt fram \u00e1 4. \u00f6ld e.Kr., og var l\u00fdst \u00edtarlega af Cicero og Seneca.<\/p><p>S\u00e9rh\u00e6f\u00f0ir prestask\u00f3lar vi\u00f0h\u00e9ldu Disciplina Etrusca. Mikilv\u00e6gustu textar hennar voru Libri Rituales, Libri Haruspicini og Libri Fulgurales. \u00deeir eru ekki var\u00f0veittir, en m\u00e1 a\u00f0 hluta endurgera \u00fat fr\u00e1 tilvitnunum hj\u00e1 Cicero, Festus og Macrobius.<\/p><p>Borgartengd s\u00e9rkenni einkenndu etr\u00faska <span class=\"iwg-fachbegriff\" data-tooltip=\"Heild tr\u00faarlegra tilbei\u00f0sluathafna fyrir gu\u00f0 e\u00f0a heilaga veru.\" tabindex=\"0\">d\u00fdrkun<\/span>: Tarquinia, \u00fear sem Vanth kemur oft fram \u00ed gr\u00f6fum, haf\u00f0i eigin h\u00f6fu\u00f0d\u00fdrkun og tr\u00faarleg s\u00e9rkenni, s\u00f6mulei\u00f0is Caere, Vulci, Veji, Clusium, Volsinii, Cortona, Perugia, Arezzo, Volterra, Populonia og Roselle.<\/p><p>Disciplina Etrusca myndar samst\u00e6\u00f0a tr\u00faarlega sp\u00e1fr\u00e6\u00f0ikerfi og telst me\u00f0al fullkomnustu sp\u00e1i\u00f0kana <span class=\"iwg-fachbegriff\" data-tooltip=\"T\u00edmabil gr\u00edskrar og r\u00f3mverskrar menningar, um 800 f.Kr. til 600 e.Kr.\" tabindex=\"0\">fornaldar<\/span>. R\u00f3mverjar t\u00f3ku hana upp \u00e1 kerfisbundinn h\u00e1tt, og h\u00fan h\u00e9lst \u00ed framkv\u00e6md fram \u00e1 s\u00ed\u00f0ari hluta <span class=\"iwg-fachbegriff\" data-tooltip=\"T\u00edmabil gr\u00edskrar og r\u00f3mverskrar menningar, um 800 f.Kr. til 600 e.Kr.\" tabindex=\"0\">fornaldar<\/span>, s\u00f6gulega merkileg samfella.<\/p>\t\t\t\t\t\t\t\t<\/div>\n\t\t\t\t<\/div>\n\t\t\t\t\t<\/div>\n\t\t\t\t<\/div>\n\t\t<div class=\"elementor-element elementor-element-iwgw-vanth-s5 e-flex e-con-boxed e-con e-parent\" data-id=\"iwgw-vanth-s5\" data-element_type=\"container\" data-e-type=\"container\">\n\t\t\t\t\t<div class=\"e-con-inner\">\n\t\t\t\t<div class=\"elementor-element elementor-element-iwgw-vanth-s5h elementor-widget elementor-widget-heading\" data-id=\"iwgw-vanth-s5h\" data-element_type=\"widget\" data-e-type=\"widget\" data-widget_type=\"heading.default\">\n\t\t\t\t\t<h2 class=\"elementor-heading-title elementor-size-default\">Kult og athafnir<\/h2>\t\t\t\t<\/div>\n\t\t<div class=\"elementor-element elementor-element-iwgw-vanth-s5c e-con-full e-flex e-con e-child\" data-id=\"iwgw-vanth-s5c\" data-element_type=\"container\" data-e-type=\"container\">\n\t\t\t\t<div class=\"elementor-element elementor-element-iwgw-vanth-s5t elementor-widget elementor-widget-text-editor\" data-id=\"iwgw-vanth-s5t\" data-element_type=\"widget\" data-e-type=\"widget\" data-widget_type=\"text-editor.default\">\n\t\t\t\t\t\t\t\t\t<p>Vanth var, l\u00edkt og Charun, ekki \u201etilbe\u00f0in\u201c \u00ed sama skilningi og hin \u00f3lymp\u00edsku go\u00f0. Tengsl hennar voru fyrst og fremst \u00ed samhengi vi\u00f0 greftranir: Vanth-myndir pr\u00fdddu sark\u00f3faga og \u00f6skuker, og Vanth-form\u00falur voru m\u00f6gulega m\u00e6ltar fram \u00ed greftrunarsi\u00f0um.<\/p><p>\u00dea\u00f0 a\u00f0 l\u00e1ta Vanth-myndir fylgja me\u00f0 \u00ed gr\u00f6fum haf\u00f0i sam\u00fa\u00f0armagna\u00f0a virkni: \u00dev\u00ed var \u00e6tla\u00f0 a\u00f0 grei\u00f0a g\u00f6tu hins l\u00e1tna til undirheima og gera n\u00e6rveru d\u00edsarinnar \u00e1\u00fereifanlega.<\/p><p>Byggingarlega s\u00e9\u00f0 eru etr\u00fasku <span class=\"iwg-fachbegriff\" data-tooltip=\"Bygging sem \u00fej\u00f3nar tilbei\u00f0slu einnar e\u00f0a fleiri gu\u00f0d\u00f3ma.\" tabindex=\"0\">musterin<\/span> sj\u00e1lfst\u00e6\u00f0: Tuscanus-st\u00edllinn er s\u00e9rst\u00f6k s\u00faluregla sem Vitr\u00fav\u00edus l\u00fdsir \u00ed De Architectura. Grunnmyndirnar leggja \u00e1herslu \u00e1 cella og brei\u00f0a framhli\u00f0 og v\u00edkja \u00feannig greinilega fr\u00e1 gr\u00edskum fyrirmyndum.<\/p><p>Etr\u00fasku <span class=\"iwg-fachbegriff\" data-tooltip=\"Bygging sem \u00fej\u00f3nar tilbei\u00f0slu einnar e\u00f0a fleiri gu\u00f0d\u00f3ma.\" tabindex=\"0\">musterin<\/span> voru oft reist \u00ed st\u00f3rum st\u00edl. Sem byggingarlegt vitni um etr\u00faska tr\u00far\u00e6kni \u00ed frumr\u00f3mverskri t\u00ed\u00f0 telst J\u00fap\u00edter-<span class=\"iwg-fachbegriff\" data-tooltip=\"Bygging sem \u00fej\u00f3nar tilbei\u00f0slu einnar e\u00f0a fleiri gu\u00f0d\u00f3ma.\" tabindex=\"0\">musteri\u00f0<\/span> \u00e1 Capitolium, sem etr\u00faskir arkitektar og listamenn, einkum Vulca fr\u00e1 Veji, sk\u00f6pu\u00f0u.<\/p><p>\u00c1rlega kom etr\u00faska bandalag t\u00f3lf borganna saman vi\u00f0 Fanum Voltumnae n\u00e1l\u00e6gt Volsinii til tr\u00faarlegrar og p\u00f3lit\u00edskrar samkomu. Voltumna, bandalagsgu\u00f0 etr\u00faska r\u00edkjasambandsins, haf\u00f0i \u00fear \u00e6\u00f0ri tr\u00faarlega \u00fe\u00fd\u00f0ingu.<\/p><p>Etr\u00fask <span class=\"iwg-fachbegriff\" data-tooltip=\"Bygging sem \u00fej\u00f3nar tilbei\u00f0slu einnar e\u00f0a fleiri gu\u00f0d\u00f3ma.\" tabindex=\"0\">musteri<\/span> hv\u00edldu oft \u00e1 grunnum \u00far t\u00faffsteini, b\u00e1ru yfirbyggingar \u00far vi\u00f0i og voru skreytt terrakottu. Hin fr\u00e6ga Apollons-stytta fr\u00e1 Veji, verk Vulca, telst helsta byggingarlega og tr\u00faarlega vitnisbur\u00f0 \u00feessarar hef\u00f0ar.<\/p>\t\t\t\t\t\t\t\t<\/div>\n\t\t\t\t<\/div>\n\t\t\t\t\t<\/div>\n\t\t\t\t<\/div>\n\t\t<div class=\"elementor-element elementor-element-iwgw-vanth-s6 e-flex e-con-boxed e-con e-parent\" data-id=\"iwgw-vanth-s6\" data-element_type=\"container\" data-e-type=\"container\">\n\t\t\t\t\t<div class=\"e-con-inner\">\n\t\t\t\t<div class=\"elementor-element elementor-element-iwgw-vanth-s6h elementor-widget elementor-widget-heading\" data-id=\"iwgw-vanth-s6h\" data-element_type=\"widget\" data-e-type=\"widget\" data-widget_type=\"heading.default\">\n\t\t\t\t\t<h2 class=\"elementor-heading-title elementor-size-default\">Verndarhef\u00f0ir<\/h2>\t\t\t\t<\/div>\n\t\t<div class=\"elementor-element elementor-element-iwgw-vanth-s6c e-con-full e-flex e-con e-child\" data-id=\"iwgw-vanth-s6c\" data-element_type=\"container\" data-e-type=\"container\">\n\t\t\t\t<div class=\"elementor-element elementor-element-iwgw-vanth-s6t elementor-widget elementor-widget-text-editor\" data-id=\"iwgw-vanth-s6t\" data-element_type=\"widget\" data-e-type=\"widget\" data-widget_type=\"text-editor.default\">\n\t\t\t\t\t\t\t\t\t<p>Vanth var \u00ed verndarsamhengi fyrst og fremst \u00e1k\u00f6llu\u00f0 \u00ed \u00fatfara- og sorgarsi\u00f0um. H\u00fan var ekki \u201evernddard\u00eds&#8220; \u00ed j\u00e1kv\u00e6\u00f0um skilningi, heldur nau\u00f0synleg fylgikona \u00ed yfirf\u00e6rslunni fr\u00e1 l\u00edfi til dau\u00f0a.<\/p><p>Verndarathafnir gegn \u00f3t\u00edmab\u00e6ru komu Vanth eru s\u00ed\u00f0ur sta\u00f0festar en \u00ed tilviki Charun. \u00cd heild virkar h\u00fan minna \u00f3gnvekjandi, l\u00edkari n\u00e1tt\u00farulegu \u00f6rlagavaldi.<\/p><p><span data-nosnippet>Fj\u00f6lm\u00f6rg verndart\u00e1kn voru hluti af etr\u00faskri verndari\u00f0ju: fallosverndargripir, gorg\u00f3neion-myndir, augnat\u00e1kn, bullae og \u00e1kve\u00f0nar form\u00falur. Larissa Bonfante hefur greint myndm\u00e1l \u00feessara verndart\u00e1kna \u00ed Etruscan Mirrors (1980 o.\u00e1fr.).<\/span><\/p><p>V\u00ed\u00f0a voru \u00ed etr\u00faskri menningu \u00fatbreidd verndart\u00e1kn eins og auga Tinia, fallosverndargripir og gorg\u00f3neion. \u00deau skreyttu <span class=\"iwg-fachbegriff\" data-tooltip=\"Bygging sem er \u00e6tlu\u00f0 til d\u00fdrkunar \u00e1 einum e\u00f0a fleiri gu\u00f0um.\" tabindex=\"0\">hof<\/span>, grafir, heimilishelgid\u00f3ma og pers\u00f3nulega hluti; \u00ed r\u00f3mverskri og mi\u00f0jar\u00f0arhafslegri \u00fej\u00f3\u00f0tr\u00fa var \u00feessi i\u00f0ja \u00e1fram vi\u00f0haldin.<\/p><p>Etr\u00fask verndari\u00f0ja var \u00ed n\u00e1nu sambandi vi\u00f0 Disciplina Etrusca. Fyrir mikilv\u00e6g fyrirt\u00e6ki eins og borgarstofnun, herfer\u00f0 e\u00f0a h\u00fasbyggingu var reglulega leita\u00f0 sp\u00e1d\u00f3msr\u00e1\u00f0gjafar.<\/p><p>\u00cd etr\u00faskri tr\u00fa eru verndarhef\u00f0 og Disciplina Etrusca n\u00e1tengd. S\u00e1 sem framkv\u00e6mdi verndarath\u00f6fn kalla\u00f0i oft samt\u00edmis til haruspex e\u00f0a augur. \u00deessi stofnanalegu tengsl eru v\u00edsindalega einkennandi.<\/p>\t\t\t\t\t\t\t\t<\/div>\n\t\t\t\t<\/div>\n\t\t\t\t\t<\/div>\n\t\t\t\t<\/div>\n\t\t<div class=\"elementor-element elementor-element-iwgw-vanth-s7 e-flex e-con-boxed e-con e-parent\" data-id=\"iwgw-vanth-s7\" data-element_type=\"container\" data-e-type=\"container\">\n\t\t\t\t\t<div class=\"e-con-inner\">\n\t\t\t\t<div class=\"elementor-element elementor-element-iwgw-vanth-s7h elementor-widget elementor-widget-heading\" data-id=\"iwgw-vanth-s7h\" data-element_type=\"widget\" data-e-type=\"widget\" data-widget_type=\"heading.default\">\n\t\t\t\t\t<h2 class=\"elementor-heading-title elementor-size-default\">Hli\u00f0st\u00e6\u00f0ur \u00ed \u00f6\u00f0rum menningarheimum<\/h2>\t\t\t\t<\/div>\n\t\t<div class=\"elementor-element elementor-element-iwgw-vanth-s7c e-con-full e-flex e-con e-child\" data-id=\"iwgw-vanth-s7c\" data-element_type=\"container\" data-e-type=\"container\">\n\t\t\t\t<div class=\"elementor-element elementor-element-iwgw-vanth-s7t elementor-widget elementor-widget-text-editor\" data-id=\"iwgw-vanth-s7t\" data-element_type=\"widget\" data-e-type=\"widget\" data-widget_type=\"text-editor.default\">\n\t\t\t\t\t\t\t\t\t<p>Vanth m\u00e1 bera saman \u00ed tr\u00faarbrag\u00f0afr\u00e6\u00f0ilegu samhengi vi\u00f0 gr\u00edsku Erin\u00fdurnar (Fur\u00edurnar), norr\u00e6nu valkyrjurnar, kristna hef\u00f0 \u201eheilagrar greftrunar&#8220; e\u00f0a \u00edr\u00f6nsku daenurnar. \u00d6llum er sameiginlegt a\u00f0 \u00fe\u00e6r eru kvenkyns fylgikonur hinna l\u00e1tnu e\u00f0a \u00f6rlagabo\u00f0ar.<\/p><p>Hi\u00f0 s\u00e9rstaklega etr\u00faska einkenni Vanth er samruni v\u00e6ngja, blysa\/lykla og fylgikonuhlutverks \u00ed einni mynd. \u00deessi \u00fe\u00e9tting er tr\u00faarbrag\u00f0afyrirb\u00e6rafr\u00e6\u00f0ilega sj\u00e1lfst\u00e6\u00f0.<\/p><p>Interpretatio Romana gaf etr\u00fasku gu\u00f0unum r\u00f3mversk n\u00f6fn: Tinia var\u00f0 J\u00fap\u00edter (Iupiter), Uni var\u00f0 J\u00fan\u00f3 (Iuno), Menrva var\u00f0 M\u00ednerva. \u00deessi samsemd var a\u00f0 mestu valkv\u00e6\u00f0, ekki heildst\u00e6\u00f0; ranns\u00f3knir s\u00ed\u00f0ustu fimmt\u00edu \u00e1ra kanna hva\u00f0 af etr\u00faskri s\u00e9rst\u00f6\u00f0u h\u00e9lt \u00e1fram a\u00f0 vera til.<\/p><p>Anat\u00f3l\u00edskar, f\u00f6nik\u00edskar og austurlenskar hef\u00f0ir snertast v\u00ed\u00f0a vi\u00f0 etr\u00faska tr\u00fa. F\u00f6nik\u00edsk mi\u00f0lun er skjalfest me\u00f0 Pyrgi-t\u00f6flunum; \u00feessi \u00fevermi\u00f0jar\u00f0arhafslega tengslamyndun er mikilv\u00e6gt ranns\u00f3knarsvi\u00f0 s\u00ed\u00f0ustu \u00e1ratuga.<\/p><p>\u00cd tr\u00faarbrag\u00f0afr\u00e6\u00f0ilegum samanbur\u00f0i m\u00e1 flokka etr\u00faska <span class=\"iwg-fachbegriff\" data-tooltip=\"Heild tr\u00faarlegra d\u00fdrkunarathafna fyrir gu\u00f0 e\u00f0a heilaga veru.\" tabindex=\"0\">d\u00fdrkunina<\/span> til mi\u00f0jar\u00f0arhafslegrar tr\u00faarfj\u00f6lskyldu, tengda Grikklandi, F\u00f6nik\u00edu, Egyptalandi, Anat\u00f3l\u00edu og Lat\u00edum. \u00deessi tengslamyndun er mikilv\u00e6gt ranns\u00f3knarsvi\u00f0.<\/p>\t\t\t\t\t\t\t\t<\/div>\n\t\t\t\t<\/div>\n\t\t\t\t\t<\/div>\n\t\t\t\t<\/div>\n\t\t<div class=\"elementor-element elementor-element-iwgw-vanth-s8 e-flex e-con-boxed e-con e-parent\" data-id=\"iwgw-vanth-s8\" data-element_type=\"container\" data-e-type=\"container\">\n\t\t\t\t\t<div class=\"e-con-inner\">\n\t\t\t\t<div class=\"elementor-element elementor-element-iwgw-vanth-s8h elementor-widget elementor-widget-heading\" data-id=\"iwgw-vanth-s8h\" data-element_type=\"widget\" data-e-type=\"widget\" data-widget_type=\"heading.default\">\n\t\t\t\t\t<h2 class=\"elementor-heading-title elementor-size-default\">Ranns\u00f3knir n\u00fat\u00edmans<\/h2>\t\t\t\t<\/div>\n\t\t<div class=\"elementor-element elementor-element-iwgw-vanth-s8c e-con-full e-flex e-con e-child\" data-id=\"iwgw-vanth-s8c\" data-element_type=\"container\" data-e-type=\"container\">\n\t\t\t\t<div class=\"elementor-element elementor-element-iwgw-vanth-s8t elementor-widget elementor-widget-text-editor\" data-id=\"iwgw-vanth-s8t\" data-element_type=\"widget\" data-e-type=\"widget\" data-widget_type=\"text-editor.default\">\n\t\t\t\t\t\t\t\t\t<p>Ranns\u00f3knir \u00e1 Vanth hafa \u00e1 s\u00ed\u00f0ustu 30 \u00e1rum teki\u00f0 framf\u00f6rum me\u00f0 kerfisbundinni greiningu etr\u00faskra sark\u00f3faga og grafm\u00e1lverka. Erika Simon, Cornelia Weber-Lehmann og Larissa Bonfante hafa lagt fram mikilv\u00e6g framl\u00f6g.<\/p><p>Fem\u00edn\u00edsk tr\u00faarbrag\u00f0asaga hefur einnig \u00e1huga \u00e1 Vanth sem kvenkyns \u00f6rlagapers\u00f3nu sem samr\u00e6mist ekki hef\u00f0bundnum sta\u00f0al\u00edmyndum \u201em\u00f3\u00f0ur&#8220; e\u00f0a \u201e\u00e1stkonu&#8220;. \u00deetta sj\u00f3narhorn opnar n\u00fdjar lestrara\u00f0fer\u00f0ir.<\/p><p>\u00cd dag er etr\u00fask tr\u00fa vi\u00f0fangsefni al\u00fej\u00f3\u00f0legra ranns\u00f3kna. Me\u00f0al mikilv\u00e6gra mi\u00f0st\u00f6\u00f0va eru h\u00e1sk\u00f3larnir \u00ed Fl\u00f3rens, R\u00f3m Sapienza, P\u00edsa, T\u00fcbingen og Princeton; \u00e1rlega fjalla nokkrar al\u00fej\u00f3\u00f0legar r\u00e1\u00f0stefnur um einst\u00f6k vi\u00f0fangsefni \u00feessarar tr\u00faar.<\/p><p>N\u00faverandi al\u00fej\u00f3\u00f0leg ranns\u00f3knarverkefni um etr\u00faska tr\u00fa nota stafr\u00e6nar a\u00f0fer\u00f0ir: 3D-sk\u00f6nnun hofa og grafa, gagnagrunna um \u00e1letranir og myndheimildir, auk GIS-greininga \u00e1 etr\u00faskri bygg\u00f0arstrukt\u00far. Af \u00feessu lei\u00f0a n\u00fdjar ni\u00f0urst\u00f6\u00f0ur.<\/p><p>S\u00fdningar \u00ed Vat\u00edkansafninu, \u00ed Museo Nazionale Etrusco di Villa Giulia og \u00ed Boston Museum of Fine Arts mi\u00f0la n\u00faverandi etr\u00faskum ranns\u00f3knum til brei\u00f0s almennings, \u00e1samt fj\u00f6lm\u00f6rgum \u00fatg\u00e1fum.<\/p>\t\t\t\t\t\t\t\t<\/div>\n\t\t\t\t<\/div>\n\t\t\t\t\t<\/div>\n\t\t\t\t<\/div>\n\t\t<div class=\"elementor-element elementor-element-iwgw-vanth-s9 e-flex e-con-boxed e-con e-parent\" data-id=\"iwgw-vanth-s9\" data-element_type=\"container\" data-e-type=\"container\">\n\t\t\t\t\t<div class=\"e-con-inner\">\n\t\t\t\t<div class=\"elementor-element elementor-element-iwgw-vanth-s9h elementor-widget elementor-widget-heading\" data-id=\"iwgw-vanth-s9h\" data-element_type=\"widget\" data-e-type=\"widget\" data-widget_type=\"heading.default\">\n\t\t\t\t\t<h2 class=\"elementor-heading-title elementor-size-default\">Heimildir og sta\u00f0a ranns\u00f3kna<\/h2>\t\t\t\t<\/div>\n\t\t<div class=\"elementor-element elementor-element-iwgw-vanth-s9c e-con-full e-flex e-con e-child\" data-id=\"iwgw-vanth-s9c\" data-element_type=\"container\" data-e-type=\"container\">\n\t\t\t\t<div class=\"elementor-element elementor-element-iwgw-vanth-s9t elementor-widget elementor-widget-text-editor\" data-id=\"iwgw-vanth-s9t\" data-element_type=\"widget\" data-e-type=\"widget\" data-widget_type=\"text-editor.default\">\n\t\t\t\t\t\t\t\t\t<p>Mikilv\u00e6gustu heimildirnar um Vanth-ranns\u00f3knir eru etr\u00fasku steinkisturnar (Tarquinia, Volterra, Chiusi), grafm\u00e1lverkin, \u00f6skuker og \u00e1letranir. <em>Etruscan Mythology<\/em> eftir Larissu Bonfante gefur g\u00f3\u00f0a yfirs\u00fdn.<\/p><p>\u00cdtarlegri sta\u00f0setning innan <a href=\"https:\/\/iwell-guard.com\/is\/etruskisk-trubrogd-haruspex-disciplina\/\">etr\u00faskrar tr\u00faarbrag\u00f0as\u00f6gu<\/a> \u00ed heild s\u00fdnir hvernig skilja m\u00e1 Vanth \u00ed tengslaneti vi\u00f0 Charun, <a href=\"https:\/\/iwell-guard.com\/is\/?page_id=168956\">Aita<\/a> og a\u00f0rar undirheimav\u00e6ttir. \u00deessi tengslamyndun er fr\u00e6\u00f0ilega mikilv\u00e6g.<\/p><p>Heimildasta\u00f0an um etr\u00faska tr\u00faarbr\u00f6g\u00f0 er margbreytileg: h\u00fan spannar allt fr\u00e1 \u00e1letrunarfr\u00e6\u00f0ilegum vitnisbur\u00f0um, eins og Editio Minor Helmuts Rix, yfir \u00ed fornleifafundi og myndheimildir og fr\u00e6\u00f0irit. \u00deessi marg\u00fe\u00e6tta heimildasta\u00f0a krefst \u00feverfr\u00e6\u00f0ilegrar vinnu, og \u00fev\u00ed hefur n\u00fdrri ranns\u00f3knarhef\u00f0 tengt saman textafr\u00e6\u00f0i, <span class=\"iwg-fachbegriff\" data-tooltip=\"Fr\u00e6\u00f0igrein sem rannsakar fyrri menningarsamf\u00e9l\u00f6g \u00fat fr\u00e1 efnislegum minjum.\" tabindex=\"0\">fornleifafr\u00e6\u00f0i<\/span>, <span class=\"iwg-fachbegriff\" data-tooltip=\"Fr\u00e6\u00f0igrein sem rannsakar tr\u00faarbr\u00f6g\u00f0 \u00e1 samanbur\u00f0arh\u00e1tt og \u00e1n tr\u00faarlegrar afst\u00f6\u00f0u.\" tabindex=\"0\">tr\u00faarbrag\u00f0afr\u00e6\u00f0i<\/span> og manneskjufr\u00e6\u00f0i \u00e1 kerfisbundinn h\u00e1tt.<\/p><p>Heimildagagnr\u00fdni \u00e1 etr\u00faskum tr\u00faarbr\u00f6g\u00f0um krefst \u00feekkingar b\u00e6\u00f0i \u00e1 etr\u00faskum frumheimildum og gr\u00edsk-r\u00f3mverskri s\u00ed\u00f0ari heimild. \u00deetta tv\u00f6falda sj\u00f3narhorn er krefjandi en \u00f3missandi fyrir vi\u00f0eigandi tr\u00faars\u00f6gulega endurger\u00f0.<\/p><p>S\u00e1 sem vill kafa dj\u00fapt \u00ed etr\u00faska tr\u00faarbrag\u00f0as\u00f6gu \u00fearf \u00feekkingu \u00e1 \u00e1letrunarfr\u00e6\u00f0ilegum, fornleifafr\u00e6\u00f0ilegum og b\u00f3kmenntalegum heimildum, auk n\u00fat\u00edma <span class=\"iwg-fachbegriff\" data-tooltip=\"Fr\u00e6\u00f0igrein sem rannsakar tr\u00faarbr\u00f6g\u00f0 \u00e1 samanbur\u00f0arh\u00e1tt og \u00e1n tr\u00faarlegrar afst\u00f6\u00f0u.\" tabindex=\"0\">tr\u00faarbrag\u00f0afr\u00e6\u00f0i<\/span>. Sl\u00edk marg\u00fe\u00e6tt n\u00e1lgun er sta\u00f0alb\u00fana\u00f0ur ranns\u00f3kna \u00e1 \u00feessu svi\u00f0i.<\/p>\t\t\t\t\t\t\t\t<\/div>\n\t\t\t\t<\/div>\n\t\t\t\t\t<\/div>\n\t\t\t\t<\/div>\n\t\t<div class=\"elementor-element elementor-element-cp2c4ef1fa e-flex e-con-boxed e-con e-parent\" data-id=\"cp2c4ef1fa\" data-element_type=\"container\" data-e-type=\"container\">\n\t\t\t\t\t<div class=\"e-con-inner\">\n\t\t\t\t<div class=\"elementor-element elementor-element-cp25c7ac94 elementor-widget elementor-widget-heading\" data-id=\"cp25c7ac94\" data-element_type=\"widget\" data-e-type=\"widget\" data-widget_type=\"heading.default\">\n\t\t\t\t\t<h2 class=\"elementor-heading-title elementor-size-default\">Vanth \u00ed grafm\u00e1lverkum Tarquinia og Orvieto<\/h2>\t\t\t\t<\/div>\n\t\t<div class=\"elementor-element elementor-element-cp2e7a473e e-flex e-con-boxed e-con e-child\" data-id=\"cp2e7a473e\" data-element_type=\"container\" data-e-type=\"container\">\n\t\t\t\t\t<div class=\"e-con-inner\">\n\t\t\t\t<div class=\"elementor-element elementor-element-cp2eda3d20 elementor-widget elementor-widget-text-editor\" data-id=\"cp2eda3d20\" data-element_type=\"widget\" data-e-type=\"widget\" data-widget_type=\"text-editor.default\">\n\t\t\t\t\t\t\t\t\t<p>Mikilv\u00e6gasta heimildin um Vanth er ekki texti heldur myndlist etr\u00fasku grafhvelfinganna. \u00cd m\u00e1lu\u00f0um gr\u00f6fum Tarquinia, me\u00f0al annars \u00ed <em>Tomba dell&#8217;Orco<\/em> fr\u00e1 4. \u00f6ld fyrir Krist, og \u00ed <em>Tomba Golini<\/em> n\u00e1l\u00e6gt Orvieto, birtist Vanth sem v\u00e6ngju\u00f0 kvenvera sem fylgir hinum l\u00e1tna \u00e1 lei\u00f0 hans til undirheima.<\/p><p>H\u00fan er venjulega s\u00fdnd ung, oft me\u00f0 ber brj\u00f3st, h\u00e1a st\u00edgv\u00e9l og b\u00f6nd l\u00f6g\u00f0 yfir axlirnar.<\/p><p>Einkennandi eru eigindi hennar: brennandi blys sem h\u00fan l\u00fdsir dimma veginn me\u00f0, sn\u00e1kur sem h\u00fan vefur um handlegginn, og \u00f6\u00f0ru hvoru lykill e\u00f0a skinnhandrit. V\u00e6ngirnir geta vaxi\u00f0 \u00far her\u00f0unum e\u00f0a \u00far bakinu.<\/p><p>\u00d3l\u00edkt gr\u00edsku Erin\u00fdunum, sem henni er stundum l\u00edkt vi\u00f0, virkar Vanth \u00ed myndlistinni ekki fyrst og fremst h\u00f3tandi, heldur eins og r\u00f3legur fylgdarma\u00f0ur sem fylgir yfirfer\u00f0inni \u00e1n \u00feess a\u00f0 refsa fyrir hana.<\/p><p>Oft kemur h\u00fan fram \u00e1samt <a href=\"https:\/\/iwell-guard.com\/is\/charun-etruskur-daudademon\/\">Charun<\/a>, hamarbera undirheimadj\u00f6fli, \u00feannig a\u00f0 \u00feau tv\u00f6 myndi endurteki\u00f0 par \u00ed etr\u00faskri l\u00edflausnarmyndlist. \u00cd senum af bard\u00f6gum e\u00f0a f\u00f3rnarath\u00f6fnum, eins og aft\u00f6ku tr\u00f3janskra fanga \u00ed Tomba Fran\u00e7ois vi\u00f0 Vulci, stendur Vanth til hli\u00f0ar sem vottur dau\u00f0ans. Fr\u00e6\u00f0ilega er mikilv\u00e6gt a\u00f0 \u00f6ll mynd Vanth ver\u00f0i a\u00f0 endurgera \u00fat fr\u00e1 \u00feessari fornleifafr\u00e6\u00f0ilegu <span class=\"iwg-fachbegriff\" data-tooltip=\"Mi\u00f0lun \u00feekkingar og sagna kynsl\u00f3\u00f0 eftir kynsl\u00f3\u00f0.\" tabindex=\"0\">arfleif\u00f0<\/span>. Etr\u00faskar l\u00e9tu ekki eftir sig samfellda <span class=\"iwg-fachbegriff\" data-tooltip=\"Heildarsafn go\u00f0sagna sem var\u00f0veist hafa innan menningar.\" tabindex=\"0\">go\u00f0afr\u00e6\u00f0i<\/span> sem var\u00f0veist hefur, og \u00feess vegna er grafm\u00e1lverki\u00f0, \u00e1samt l\u00e1gmynda\u00f6skukerum og speglum, hin eina raunverulega frumheimild fyrir allt sem sagt ver\u00f0ur um gy\u00f0juna.\t\t\t\t\t\t\t\t<\/div>\n\t\t\t\t\t<\/div>\n\t\t\t\t<\/div>\n\t\t\t\t\t<\/div>\n\t\t\t\t<\/div>\n\t\t<div class=\"elementor-element elementor-element-cp24932bc4 e-flex e-con-boxed e-con e-parent\" data-id=\"cp24932bc4\" data-element_type=\"container\" data-e-type=\"container\">\n\t\t\t\t\t<div class=\"e-con-inner\">\n\t\t\t\t<div class=\"elementor-element elementor-element-cp2d38051c elementor-widget elementor-widget-heading\" data-id=\"cp2d38051c\" data-element_type=\"widget\" data-e-type=\"widget\" data-widget_type=\"heading.default\">\n\t\t\t\t\t<h2 class=\"elementor-heading-title elementor-size-default\">\u00c1letrunarvitnisbur\u00f0ir og spurningin um margar Vanth-verur<\/h2>\t\t\t\t<\/div>\n\t\t<div class=\"elementor-element elementor-element-cp2e96bb04 e-flex e-con-boxed e-con e-child\" data-id=\"cp2e96bb04\" data-element_type=\"container\" data-e-type=\"container\">\n\t\t\t\t\t<div class=\"e-con-inner\">\n\t\t\t\t<div class=\"elementor-element elementor-element-cp2b1c1fdf elementor-widget elementor-widget-text-editor\" data-id=\"cp2b1c1fdf\" data-element_type=\"widget\" data-e-type=\"widget\" data-widget_type=\"text-editor.default\">\n\t\t\t\t\t\t\t\t\t<p>Auk myndlistarins sta\u00f0festa \u00e1letranir tilvist Vanth sem nafngreindrar veru. \u00cd m\u00f6rgum gr\u00f6fum og \u00e1 bronsspeglum er nafni\u00f0 <em>van\u03b8<\/em> skrifa\u00f0 me\u00f0 etr\u00faskri skrift vi\u00f0 hli\u00f0ina \u00e1 s\u00fdndri f\u00edg\u00farunni, sem festir myndgreiningu hennar \u00e1 \u00f6ruggum grundvelli.<\/p><p>\u00deessar me\u00f0fylgjandi \u00e1letranir eru fr\u00e6\u00f0ilega afgerandi \u00fev\u00ed \u00fe\u00e6r sanna \u00e1n nokkurs vafa a\u00f0 v\u00e6ngju\u00f0 kvenvera s\u00e9 Vanth, og l\u00e1ta ekki n\u00fat\u00edmat\u00falkun r\u00e1\u00f0a \u00fev\u00ed.<\/p><p>Athyglisvert fyrirb\u00e6ri er a\u00f0 \u00ed einst\u00f6kum myndum birtast margar v\u00e6ngja\u00f0ar konur sem allar geta veri\u00f0 \u00e1letra\u00f0ar sem Vanth e\u00f0a koma fram \u00ed h\u00f3pum.<\/p><p>\u00deetta hefur vaki\u00f0 spurninguna \u00ed ranns\u00f3knum hvort Vanth s\u00e9 einstakt nafn einnar tiltekinnar gy\u00f0ju e\u00f0a heldur heiti \u00e1 flokki undirheimav\u00e6tta, l\u00edkt og gr\u00edska or\u00f0i\u00f0 fyrir Erin\u00fdurnar v\u00edsar til h\u00f3ps.<\/p><p>Efnivi\u00f0urinn gefur ekki afdr\u00e1ttarlaust svar; ranns\u00f3knir, me\u00f0al annars hj\u00e1 Ingrid Krauskopf og \u00ed vi\u00f0eigandi greinum \u00ed <em>Lexicon Iconographicum Mythologiae Classicae<\/em>, halda b\u00e1\u00f0um m\u00f6guleikum opnum.<\/p><p>A\u00f0 auki kemur Vanth \u00f6\u00f0ru hvoru fram me\u00f0 vi\u00f0urnefnum e\u00f0a \u00ed tengslum vi\u00f0 \u00f6nnur veruheiti, sem bendir til fj\u00f6lbreyttari hugmyndar um undirheimadj\u00f6fla. \u00dear sem etr\u00faska tungum\u00e1li\u00f0 er a\u00f0eins a\u00f0 hluta skili\u00f0 og flestar \u00e1letranir eru stuttar, er erfitt a\u00f0 t\u00falka margar \u00feessara heimilda. Fr\u00e6\u00f0ilega er sta\u00f0an \u00feannig tv\u00f6falt takm\u00f6rku\u00f0: myndaefni\u00f0 er r\u00edkulegt en \u00fe\u00f6gult, og textarnir eru knappir og oft ekki fullkomlega skiljanlegir tungum\u00e1lalega. Hver fullyr\u00f0ing um e\u00f0li Vanth er endurger\u00f0 \u00far \u00feessum tveim brotakenndu arfleif\u00f0ar\u00fer\u00e1\u00f0um.\t\t\t\t\t\t\t\t<\/div>\n\t\t\t\t\t<\/div>\n\t\t\t\t<\/div>\n\t\t\t\t\t<\/div>\n\t\t\t\t<\/div>\n\t\t<div class=\"elementor-element elementor-element-cp2548b519 e-flex e-con-boxed e-con e-parent\" data-id=\"cp2548b519\" data-element_type=\"container\" data-e-type=\"container\">\n\t\t\t\t\t<div class=\"e-con-inner\">\n\t\t\t\t<div class=\"elementor-element elementor-element-cp29750e1e elementor-widget elementor-widget-heading\" data-id=\"cp29750e1e\" data-element_type=\"widget\" data-e-type=\"widget\" data-widget_type=\"heading.default\">\n\t\t\t\t\t<h2 class=\"elementor-heading-title elementor-size-default\">Vanth og etr\u00faska hugmyndin um leidda yfirfer\u00f0<\/h2>\t\t\t\t<\/div>\n\t\t<div class=\"elementor-element elementor-element-cp22032c6f e-flex e-con-boxed e-con e-child\" data-id=\"cp22032c6f\" data-element_type=\"container\" data-e-type=\"container\">\n\t\t\t\t\t<div class=\"e-con-inner\">\n\t\t\t\t<div class=\"elementor-element elementor-element-cp222c0f93 elementor-widget elementor-widget-text-editor\" data-id=\"cp222c0f93\" data-element_type=\"widget\" data-e-type=\"widget\" data-widget_type=\"text-editor.default\">\n\t\t\t\t\t\t\t\t\t<p>T\u00ed\u00f0nin sem Vanth kemur fyrir \u00ed grafalist Etr\u00fara gefur v\u00edsbendingu um hvernig Etr\u00farar hugsu\u00f0u s\u00e9r dau\u00f0ann, sem lei\u00f0s\u00f6g\u00f0 fer\u00f0 milli heima.<\/p><p>\u00d3l\u00edkt gr\u00edskri hugmyndafr\u00e6\u00f0i, \u00fear sem s\u00e1lin gengur a\u00f0 mestu eins\u00f6mul veginn til Hades, vir\u00f0ast Etr\u00farar hafa hugsa\u00f0 s\u00e9r dau\u00f0ann sem atbur\u00f0 \u00fear sem hinn l\u00e1tni er tekinn \u00e1 m\u00f3ti og leiddur \u00e1fram af v\u00e6ttum eins og Vanth. Blys hennar er myndr\u00e6nt t\u00e1kn \u00feessarar lei\u00f0sagnarhlutverks.<\/p><p>\u00c1 fj\u00f6lm\u00f6rgum myndverkum gengur Vanth \u00e1 undan hinum l\u00e1tna e\u00f0a fylgir honum, oft f\u00f3tgangandi vi\u00f0 hli\u00f0 vagns e\u00f0a hests sem flytur hinn l\u00e1tna til undirheima.<\/p><p>Atri\u00f0i me\u00f0 hur\u00f0ar- og lykilmyndefni benda til a\u00f0 h\u00fan opni hli\u00f0 undirheimanna. \u00deannig heyrir h\u00fan til l\u00edtils h\u00f3ps etr\u00farskra handanheimsv\u00e6tta sem ekki hafa eftirlit me\u00f0 e\u00f0a refsa fyrir umskiptin, heldur gera \u00feau m\u00f6guleg og skipa \u00feeim ni\u00f0ur.<\/p><p>\u00deessi t\u00falkun sty\u00f0st vi\u00f0 sta\u00f0setningu myndanna: Vanth kemur fyrir \u00e1 veggjum, dyrak\u00f6rmum og sark\u00f3f\u00f6gum, \u00fea\u00f0 er \u00e1 \u00fer\u00f6skuldum grafarinnar sj\u00e1lfrar, sem \u00ed hugmyndaheimi Etr\u00fara var h\u00fas hins l\u00e1tna og jafnframt inngangur a\u00f0 undirheimum. Fr\u00e6\u00f0ilega s\u00e9\u00f0 er Vanth \u00fev\u00ed frekar \u00fer\u00f6skuldarvera en refsivera. Eldri ranns\u00f3knir hafa \u00e1 stundum veri\u00f0 flj\u00f3tar til a\u00f0 setja hana \u00e1 sama stall og hinar hefnandi Erin\u00fdur e\u00f0a dau\u00f0aengla; n\u00fdrri verk, me\u00f0al annars eftir Nancy de Grummond \u00ed <em>Etruscan Myth, Sacred History, and Legend<\/em> (2006), leggja \u00feess \u00ed sta\u00f0 \u00e1herslu \u00e1 r\u00f3legan, lei\u00f0sagnarkenndan e\u00f0li hennar og vara vi\u00f0 \u00fev\u00ed a\u00f0 flytja gr\u00edskar e\u00f0a n\u00fat\u00edmalegar hugmyndir gagnr\u00fdnislaust yfir \u00e1 handanheim Etr\u00fara.\t\t\t\t\t\t\t\t<\/div>\n\t\t\t\t\t<\/div>\n\t\t\t\t<\/div>\n\t\t\t\t\t<\/div>\n\t\t\t\t<\/div>\n\t\t<div class=\"elementor-element elementor-element-iwgw-vanth-lit e-flex e-con-boxed e-con e-parent\" data-id=\"iwgw-vanth-lit\" data-element_type=\"container\" data-e-type=\"container\">\n\t\t\t\t\t<div class=\"e-con-inner\">\n\t\t\t\t<div class=\"elementor-element elementor-element-iwgw-vanth-lith elementor-widget elementor-widget-heading\" data-id=\"iwgw-vanth-lith\" data-element_type=\"widget\" data-e-type=\"widget\" data-widget_type=\"heading.default\">\n\t\t\t\t\t<h2 class=\"elementor-heading-title elementor-size-default\">Heimildir (\u00farval)<\/h2>\t\t\t\t<\/div>\n\t\t<div class=\"elementor-element elementor-element-iwgw-vanth-litc e-con-full e-flex e-con e-child\" data-id=\"iwgw-vanth-litc\" data-element_type=\"container\" data-e-type=\"container\">\n\t\t\t\t<div class=\"elementor-element elementor-element-iwgw-vanth-litt elementor-widget elementor-widget-text-editor\" data-id=\"iwgw-vanth-litt\" data-element_type=\"widget\" data-e-type=\"widget\" data-widget_type=\"text-editor.default\">\n\t\t\t\t\t\t\t\t\t<ul><li>Larissa Bonfante: <em>Etruscan Mythology<\/em> (2006)<\/li><li>Stephan Steingr\u00e4ber: <em>Etruscan Painting<\/em> (1986)<\/li><li>Jean-Rene Jannot: <em>Religion in Ancient Etruria<\/em> (2005)<\/li><li>Erika Simon: <em>Die G\u00f6tter der R\u00f6mer und Etrusker<\/em><\/li><li>Cornelia Weber-Lehmann: Framl\u00f6g til etr\u00farskrar grafarlistar<\/li><li><span data-nosnippet>Helmut Rix: <em>Etruscan Texts: Editio Minor<\/em> (1991)<\/span><\/li><\/ul>\t\t\t\t\t\t\t\t<\/div>\n\t\t\t\t<\/div>\n\t\t\t\t\t<\/div>\n\t\t\t\t<\/div>\n\t\t<div class=\"elementor-element elementor-element-iwgkw2-add-vanth e-flex e-con-boxed e-con e-parent\" data-id=\"iwgkw2-add-vanth\" data-element_type=\"container\" data-e-type=\"container\">\n\t\t\t\t\t<div class=\"e-con-inner\">\n\t\t\t\t<div class=\"elementor-element elementor-element-iwgkw2-add-vanth-t elementor-widget elementor-widget-text-editor\" data-id=\"iwgkw2-add-vanth-t\" data-element_type=\"widget\" data-e-type=\"widget\" data-widget_type=\"text-editor.default\">\n\t\t\t\t\t\t\t\t\t<p>Etr\u00farska <em><span class=\"iwg-fachbegriff\" data-tooltip=\"Munnm\u00e6lasaga um gu\u00f0i, uppruna og skipulag heimsins.\" tabindex=\"0\">go\u00f0s\u00f6gnin<\/span><\/em> l\u00fdsir Vanth sem v\u00e6ngja\u00f0ri fylgikonu hinna l\u00e1tnu, sem sta\u00f0festir \u00f6rl\u00f6gin me\u00f0 blysi og skrifrolli; myndir af henni finnast \u00e1 sark\u00f3f\u00f6gum og grafm\u00e1lverkum fr\u00e1 fj\u00f3r\u00f0u \u00f6ld fyrir Krist.<\/p>\t\t\t\t\t\t\t\t<\/div>\n\t\t\t\t\t<\/div>\n\t\t\t\t<\/div>\n\t\t<div class=\"elementor-element elementor-element-iwgw-vanth-kwd e-flex e-con-boxed e-con e-parent\" data-id=\"iwgw-vanth-kwd\" data-element_type=\"container\" data-e-type=\"container\">\n\t\t\t\t\t<div class=\"e-con-inner\">\n\t\t<div class=\"elementor-element elementor-element-iwgw-vanth-kwdc e-con-full e-flex e-con e-child\" data-id=\"iwgw-vanth-kwdc\" data-element_type=\"container\" data-e-type=\"container\">\n\t\t\t\t<div class=\"elementor-element elementor-element-iwgw-vanth-kwdt elementor-widget elementor-widget-text-editor\" data-id=\"iwgw-vanth-kwdt\" data-element_type=\"widget\" data-e-type=\"widget\" data-widget_type=\"text-editor.default\">\n\t\t\t\t\t\t\t\t\t<p><em>Tengd lykilor\u00f0: Vanth Etr\u00farar dau\u00f0ad\u00eds v\u00e6ngir blys lykill Charun Tomba dei Vipinana.<\/em><\/p>\t\t\t\t\t\t\t\t<\/div>\n\t\t\t\t<\/div>\n\t\t\t\t\t<\/div>\n\t\t\t\t<\/div>\n\t\t<div class=\"elementor-element elementor-element-iwgw-vanth-cc e-flex e-con-boxed e-con e-parent\" data-id=\"iwgw-vanth-cc\" data-element_type=\"container\" data-e-type=\"container\" id=\"iwg-cc-vanth\">\n\t\t\t\t\t<div class=\"e-con-inner\">\n\t\t<div class=\"elementor-element elementor-element-iwgw-vanth-ccinner e-flex e-con-boxed e-con e-parent\" data-id=\"iwgw-vanth-ccinner\" data-element_type=\"container\" data-e-type=\"container\" data-settings=\"{&quot;background_background&quot;:&quot;classic&quot;}\">\n\t\t\t\t\t<div class=\"e-con-inner\">\n\t\t\t\t<div class=\"elementor-element elementor-element-iwgw-vanth-cch elementor-widget elementor-widget-heading\" data-id=\"iwgw-vanth-cch\" data-element_type=\"widget\" data-e-type=\"widget\" data-widget_type=\"heading.default\">\n\t\t\t\t\t<h2 class=\"elementor-heading-title elementor-size-default\">iWell Guard og verndarhef\u00f0ir<\/h2>\t\t\t\t<\/div>\n\t\t\t\t<div class=\"elementor-element elementor-element-iwgw-vanth-cct elementor-widget elementor-widget-text-editor\" data-id=\"iwgw-vanth-cct\" data-element_type=\"widget\" data-e-type=\"widget\" data-widget_type=\"text-editor.default\">\n\t\t\t\t\t\t\t\t\t<div data-nosnippet=\"true\"><p>iWell Guard tengist menningars\u00f6gulegri hef\u00f0 farandhelgigripa, \u00ed hef\u00f0 <a href=\"https:\/\/iwell-guard.com\/is\/etruskisk-trubrogd-haruspex-disciplina\/\">Etr\u00faska<\/a> og margra annarra menningarheima um allan heim. 41 lag, alv\u00f6ru gull, plat\u00edna, silfur, framleitt \u00ed \u00de\u00fdskalandi. 30 daga skilar\u00e9ttur.<\/p><\/div>\t\t\t\t\t\t\t\t<\/div>\n\t\t\t\t<div class=\"elementor-element elementor-element-iwgw-vanth-ccb iwg-cc-button iwg-cc-cta-2026-05-13 elementor-widget elementor-widget-jet-button\" data-id=\"iwgw-vanth-ccb\" data-element_type=\"widget\" data-e-type=\"widget\" data-widget_type=\"jet-button.default\">\n\t\t\t\t<div class=\"elementor-widget-container\">\n\t\t\t\t\t<div class=\"elementor-jet-button jet-elements\"><div class=\"jet-button__container\"><a class=\"jet-button__instance jet-button__instance--icon-left hover-effect-1\" href=\"\/ueber-iwell-guard\/?utm_source=iwell-guard.com&amp;utm_medium=info-box&amp;utm_campaign=wesen-tradition\"><div class=\"jet-button__plane jet-button__plane-normal\"><\/div><div class=\"jet-button__plane jet-button__plane-hover\"><\/div><div class=\"jet-button__state jet-button__state-normal\"><span class=\"jet-button__label\">Meira um iWell Guard<\/span><\/div><div class=\"jet-button__state jet-button__state-hover\"><span class=\"jet-button__label\">Meira um iWell Guard<\/span><\/div><\/a><\/div><\/div><style>.elementor-element.elementor-element-iwgw-vanth-ccb .jet-button__instance{width:320px;height:56px;}.elementor-element.elementor-element-iwgw-vanth-ccb .jet-button__state-normal .jet-button__label{text-align:center;margin:0px 0px 0px 0px;color:#1a1b20;font-family:Montserrat,sans-serif;font-size:13px;font-weight:400;letter-spacing:4px;line-height:1.714em;text-transform:uppercase;}.elementor-element.elementor-element-iwgw-vanth-ccb .jet-button__state-hover .jet-button__label{text-align:center;margin:0px 0px 0px 0px;color:#FECC76;font-family:Montserrat,sans-serif;font-size:13px;font-weight:400;letter-spacing:4px;line-height:1.714em;text-transform:uppercase;}.elementor-element.elementor-element-iwgw-vanth-ccb .jet-button__plane-normal{background-color:#FECC76;border-style:solid;border-color:#C99540;border-width:2px 2px 2px 2px;}.elementor-element.elementor-element-iwgw-vanth-ccb .jet-button__plane-hover{background-color:rgba(0,0,0,0.55);border-style:solid;border-color:#FECC76;border-width:2px 2px 2px 2px;}<\/style>\t\t\t\t<\/div>\n\t\t\t\t<\/div>\n\t\t\t\t<div class=\"elementor-element elementor-element-iwgw-vanth-ccd elementor-widget elementor-widget-text-editor\" data-id=\"iwgw-vanth-ccd\" data-element_type=\"widget\" data-e-type=\"widget\" data-widget_type=\"text-editor.default\">\n\t\t\t\t\t\t\t\t\t<div data-nosnippet=\"true\"><p style=\"text-align:center;font-size:13px;opacity:0.7;margin-top:14px\" data-nosnippet=\"true\">Pers\u00f3nuleg reynsla getur veri\u00f0 mismunandi. Ekki l\u00e6kningat\u00e6ki. Engin lofor\u00f0 um l\u00e6kningu.<\/p><\/div>\t\t\t\t\t\t\t\t<\/div>\n\t\t\t\t\t<\/div>\n\t\t\t\t<\/div>\n\t\t\t\t\t<\/div>\n\t\t\t\t<\/div>\n\t\t<div class=\"elementor-element elementor-element-iwgw-vanth-disc e-flex e-con-boxed e-con e-parent\" data-id=\"iwgw-vanth-disc\" data-element_type=\"container\" data-e-type=\"container\">\n\t\t\t\t\t<div class=\"e-con-inner\">\n\t\t\t\t<div class=\"elementor-element elementor-element-iwgw-vanth-discw elementor-widget elementor-widget-html\" data-id=\"iwgw-vanth-discw\" data-element_type=\"widget\" data-e-type=\"widget\" data-widget_type=\"html.default\">\n\t\t\t\t\t<footer data-nosnippet=\"true\" class=\"iwg-disclaimer-block\"><p data-nosnippet=\"true\">iWell Guard er <strong>ekki l\u00e6kningat\u00e6ki<\/strong> og kemur ekki \u00ed sta\u00f0inn fyrir l\u00e6knis- e\u00f0a s\u00e1lfr\u00e6\u00f0ime\u00f0fer\u00f0. Tr\u00faarfr\u00e6\u00f0ilegt efni er menningars\u00f6gulegt samhengi, ekki r\u00e1\u00f0legging um andlega i\u00f0kun.<\/p><\/footer>\t\t\t\t<\/div>\n\t\t\t\t\t<\/div>\n\t\t\t\t<\/div>\n\t\t\t\t<\/div>\n\t\t","protected":false},"excerpt":{"rendered":"","protected":false},"author":3,"featured_media":2814,"parent":0,"menu_order":0,"comment_status":"closed","ping_status":"closed","template":"elementor_header_footer","meta":{"_yoast_wpseo_focuskw":"Vanth Etr\u00farar","_yoast_wpseo_title":"Vanth - Etr\u00fask d\u00eds, go\u00f0s\u00f6gn og d\u00fdrkun","_yoast_wpseo_metadesc":"Vanth er etr\u00fask v\u00e6ngju\u00f0 undirheimad\u00eds, f\u00f6runautur hinna dau\u00f0u. Tr\u00faarfr\u00e6\u00f0ileg \u00fattekt me\u00f0 go\u00f0s\u00f6gn og heimildum.","_yoast_wpseo_meta-robots-noindex":"","_yoast_wpseo_canonical":"","_angie_page":false,"gefaehrdungsstufe":"2","wesen_kultur":"etruskisch","wesen_klasse":"geister","footnotes":""},"categories":[],"class_list":["post-168955","page","type-page","status-publish","has-post-thumbnail","hentry"],"yoast_head":"<!-- This site is optimized with the Yoast SEO Premium plugin v27.7 (Yoast SEO v28.3) - https:\/\/yoast.com\/product\/yoast-seo-premium-wordpress\/ -->\n<title>Vanth - Etr\u00fask d\u00eds, go\u00f0s\u00f6gn og d\u00fdrkun<\/title>\n<meta name=\"description\" content=\"Vanth er etr\u00fask v\u00e6ngju\u00f0 undirheimad\u00eds, f\u00f6runautur hinna dau\u00f0u. Tr\u00faarfr\u00e6\u00f0ileg \u00fattekt me\u00f0 go\u00f0s\u00f6gn og heimildum.\" \/>\n<meta name=\"robots\" content=\"index, follow, max-snippet:-1, max-image-preview:large, max-video-preview:-1\" \/>\n<link rel=\"canonical\" href=\"https:\/\/iwell-guard.com\/is\/vanth-etruskisk-undirheimadis\/\" \/>\n<meta property=\"og:locale\" content=\"is_IS\" \/>\n<meta property=\"og:type\" content=\"article\" \/>\n<meta property=\"og:title\" content=\"Vanth - Etr\u00fask undirheimad\u00eds\" \/>\n<meta property=\"og:description\" content=\"Vanth er etr\u00fask v\u00e6ngju\u00f0 undirheimad\u00eds, f\u00f6runautur hinna dau\u00f0u. Tr\u00faarfr\u00e6\u00f0ileg \u00fattekt me\u00f0 go\u00f0s\u00f6gn og heimildum.\" \/>\n<meta property=\"og:url\" content=\"https:\/\/iwell-guard.com\/is\/vanth-etruskisk-undirheimadis\/\" \/>\n<meta property=\"og:site_name\" content=\"iWell Guard\" \/>\n<meta property=\"article:modified_time\" content=\"2026-09-05T14:26:51+00:00\" \/>\n<meta property=\"og:image\" content=\"https:\/\/iwell-guard.com\/wp-content\/uploads\/2026\/05\/daemonen_etruskisch_vanth.webp\" \/>\n\t<meta property=\"og:image:width\" content=\"1024\" \/>\n\t<meta property=\"og:image:height\" content=\"1536\" \/>\n\t<meta property=\"og:image:type\" content=\"image\/webp\" \/>\n<meta name=\"twitter:card\" content=\"summary_large_image\" \/>\n<script type=\"application\/ld+json\" class=\"yoast-schema-graph\">{\"@context\":\"https:\\\/\\\/schema.org\",\"@graph\":[{\"@type\":\"WebPage\",\"@id\":\"https:\\\/\\\/iwell-guard.com\\\/is\\\/vanth-etruskisk-undirheimadis\\\/\",\"url\":\"https:\\\/\\\/iwell-guard.com\\\/is\\\/vanth-etruskisk-undirheimadis\\\/\",\"name\":\"Vanth - Etr\u00fask d\u00eds, go\u00f0s\u00f6gn og d\u00fdrkun\",\"isPartOf\":{\"@id\":\"https:\\\/\\\/iwell-guard.com\\\/is\\\/#website\"},\"primaryImageOfPage\":{\"@id\":\"https:\\\/\\\/iwell-guard.com\\\/is\\\/vanth-etruskisk-undirheimadis\\\/#primaryimage\"},\"image\":{\"@id\":\"https:\\\/\\\/iwell-guard.com\\\/is\\\/vanth-etruskisk-undirheimadis\\\/#primaryimage\"},\"thumbnailUrl\":\"https:\\\/\\\/iwell-guard.com\\\/wp-content\\\/uploads\\\/2026\\\/05\\\/daemonen_etruskisch_vanth.webp\",\"datePublished\":\"2026-09-05T14:04:21+00:00\",\"dateModified\":\"2026-09-05T14:26:51+00:00\",\"description\":\"Vanth er etr\u00fask v\u00e6ngju\u00f0 undirheimad\u00eds, f\u00f6runautur hinna dau\u00f0u. Tr\u00faarfr\u00e6\u00f0ileg \u00fattekt me\u00f0 go\u00f0s\u00f6gn og heimildum.\",\"breadcrumb\":{\"@id\":\"https:\\\/\\\/iwell-guard.com\\\/is\\\/vanth-etruskisk-undirheimadis\\\/#breadcrumb\"},\"inLanguage\":\"is\",\"potentialAction\":[{\"@type\":\"ReadAction\",\"target\":[\"https:\\\/\\\/iwell-guard.com\\\/is\\\/vanth-etruskisk-undirheimadis\\\/\"]}]},{\"@type\":\"ImageObject\",\"inLanguage\":\"is\",\"@id\":\"https:\\\/\\\/iwell-guard.com\\\/is\\\/vanth-etruskisk-undirheimadis\\\/#primaryimage\",\"url\":\"https:\\\/\\\/iwell-guard.com\\\/wp-content\\\/uploads\\\/2026\\\/05\\\/daemonen_etruskisch_vanth.webp\",\"contentUrl\":\"https:\\\/\\\/iwell-guard.com\\\/wp-content\\\/uploads\\\/2026\\\/05\\\/daemonen_etruskisch_vanth.webp\",\"width\":1024,\"height\":1536,\"caption\":\"Dj\u00f6flar \u00far etr\u00faskri hef\u00f0.\"},{\"@type\":\"BreadcrumbList\",\"@id\":\"https:\\\/\\\/iwell-guard.com\\\/is\\\/vanth-etruskisk-undirheimadis\\\/#breadcrumb\",\"itemListElement\":[{\"@type\":\"ListItem\",\"position\":1,\"name\":\"Start\",\"item\":\"https:\\\/\\\/iwell-guard.com\\\/is\\\/?page_id=168580\"},{\"@type\":\"ListItem\",\"position\":2,\"name\":\"Vanth &#8211; Etr\u00fask undirheimad\u00eds\"}]},{\"@type\":\"WebSite\",\"@id\":\"https:\\\/\\\/iwell-guard.com\\\/is\\\/#website\",\"url\":\"https:\\\/\\\/iwell-guard.com\\\/is\\\/\",\"name\":\"iWell Guard\",\"description\":\"Schutz vor dunklen Einfl\u00fcssen\",\"publisher\":{\"@id\":\"https:\\\/\\\/iwell-guard.com\\\/is\\\/#organization\"},\"potentialAction\":[{\"@type\":\"SearchAction\",\"target\":{\"@type\":\"EntryPoint\",\"urlTemplate\":\"https:\\\/\\\/iwell-guard.com\\\/is\\\/?s={search_term_string}\"},\"query-input\":{\"@type\":\"PropertyValueSpecification\",\"valueRequired\":true,\"valueName\":\"search_term_string\"}}],\"inLanguage\":\"is\"},{\"@type\":\"Organization\",\"@id\":\"https:\\\/\\\/iwell-guard.com\\\/is\\\/#organization\",\"name\":\"Ittermann electronic GmbH\",\"url\":\"https:\\\/\\\/iwell-guard.com\\\/is\\\/\",\"logo\":{\"@type\":\"ImageObject\",\"inLanguage\":\"is\",\"@id\":\"https:\\\/\\\/iwell-guard.com\\\/is\\\/#\\\/schema\\\/logo\\\/image\\\/\",\"url\":\"https:\\\/\\\/iwell-guard.com\\\/wp-content\\\/uploads\\\/2026\\\/05\\\/Ittermann-Logo-1182x237-1.png\",\"contentUrl\":\"https:\\\/\\\/iwell-guard.com\\\/wp-content\\\/uploads\\\/2026\\\/05\\\/Ittermann-Logo-1182x237-1.png\",\"width\":1182,\"height\":237,\"caption\":\"Ittermann electronic GmbH\"},\"image\":{\"@id\":\"https:\\\/\\\/iwell-guard.com\\\/is\\\/#\\\/schema\\\/logo\\\/image\\\/\"},\"sameAs\":[\"https:\\\/\\\/pantip.com\\\/profile\\\/9367242\",\"https:\\\/\\\/micro.blog\\\/iwellguard\",\"https:\\\/\\\/www.diggerslist.com\\\/iwellguard\\\/about\",\"https:\\\/\\\/skitterphoto.com\\\/photographers\\\/2870314\\\/iwell-guard\",\"https:\\\/\\\/iwellguard.wordpress.com\\\/2026\\\/06\\\/06\\\/iwell-guard\\\/\",\"https:\\\/\\\/hub.docker.com\\\/u\\\/iwellguard\",\"https:\\\/\\\/www.pinterest.com\\\/iwellguard\\\/\",\"https:\\\/\\\/bit.ly\\\/m\\\/iwellguard\",\"https:\\\/\\\/entre-vos-mains.alsace.eu\\\/profiles\\\/iwellguard\\\/activity\",\"https:\\\/\\\/gravatar.com\\\/reallybeded8fd34\",\"https:\\\/\\\/naijamatta.com\\\/iwellguard\",\"https:\\\/\\\/www.goodreads.com\\\/iwellguard\",\"https:\\\/\\\/profile.hatena.ne.jp\\\/iwellguard\\\/\",\"https:\\\/\\\/experiment.com\\\/users\\\/iwellguard\",\"https:\\\/\\\/wakelet.com\\\/@iWellGuard82270\",\"https:\\\/\\\/www.chordie.com\\\/forum\\\/profile.php?id=2555664\",\"https:\\\/\\\/www.instapaper.com\\\/p\\\/17757966\",\"https:\\\/\\\/www.mapleprimes.com\\\/users\\\/iwellguard\",\"https:\\\/\\\/businesslistingplus.com\\\/profile\\\/iwell-guard\\\/\",\"https:\\\/\\\/telegra.ph\\\/iWell-Guard-06-06\",\"https:\\\/\\\/pbase.com\\\/iwellguard\\\/iwellguard\",\"https:\\\/\\\/b.hatena.ne.jp\\\/iwellguard\\\/20260607#bookmark-4788405196491818882\",\"https:\\\/\\\/fliphtml5.com\\\/home\\\/iwellguard\",\"https:\\\/\\\/anyflip.com\\\/homepage\\\/cmiwl#About\",\"https:\\\/\\\/transfur.com\\\/Users\\\/iwellguard\",\"http:\\\/\\\/delphi.larsbo.org\\\/user\\\/iwellguard\",\"https:\\\/\\\/jobs.lajobsportal.org\\\/profiles\\\/8380803-iwell-guard\",\"https:\\\/\\\/md.chaosdorf.de\\\/s\\\/jfbe5SBdJD\",\"https:\\\/\\\/www.lingvolive.com\\\/en-us\\\/profile\\\/9ecaeaca-ce11-4e51-9e71-01d55e2bff36\\\/translations\",\"https:\\\/\\\/www.fitday.com\\\/fitness\\\/forums\\\/members\\\/iwellguard.html\",\"https:\\\/\\\/www.mymeetbook.com\\\/iwellguard\",\"https:\\\/\\\/pxhere.com\\\/en\\\/photographer-me\\\/5040798\",\"https:\\\/\\\/disqus.com\\\/by\\\/iwellguard\\\/about\\\/\",\"https:\\\/\\\/pastelink.net\\\/hjwciqwq\",\"https:\\\/\\\/pubhtml5.com\\\/homepage\\\/scjhn\\\/\",\"https:\\\/\\\/www.bitchute.com\\\/channel\\\/2O2eOKzNqujT\",\"https:\\\/\\\/audiomack.com\\\/iwellguard\"]},{\"@type\":\"Article\",\"@id\":\"https:\\\/\\\/iwell-guard.com\\\/is\\\/vanth-etruskisk-undirheimadis\\\/#article\",\"isPartOf\":{\"@id\":\"https:\\\/\\\/iwell-guard.com\\\/is\\\/vanth-etruskisk-undirheimadis\\\/\"},\"author\":{\"name\":\"Ralf Ittermann\",\"@id\":\"https:\\\/\\\/iwell-guard.com\\\/is\\\/#\\\/schema\\\/person\\\/ee2a27f1cac3406c7c6fb5820cb7349f\"},\"headline\":\"Vanth &#8211; Etr\u00fask undirheimad\u00eds\",\"datePublished\":\"2026-09-05T14:04:21+00:00\",\"dateModified\":\"2026-09-05T14:26:51+00:00\",\"mainEntityOfPage\":{\"@id\":\"https:\\\/\\\/iwell-guard.com\\\/is\\\/vanth-etruskisk-undirheimadis\\\/\"},\"publisher\":{\"@id\":\"https:\\\/\\\/iwell-guard.com\\\/is\\\/#organization\"},\"image\":{\"@id\":\"https:\\\/\\\/iwell-guard.com\\\/is\\\/vanth-etruskisk-undirheimadis\\\/#primaryimage\"},\"thumbnailUrl\":\"https:\\\/\\\/iwell-guard.com\\\/wp-content\\\/uploads\\\/2026\\\/05\\\/daemonen_etruskisch_vanth.webp\",\"inLanguage\":\"is\",\"description\":\"Vanth er etr\u00fask v\u00e6ngju\u00f0 undirheimad\u00eds, f\u00f6runautur hinna dau\u00f0u. Tr\u00faarfr\u00e6\u00f0ileg \u00fattekt me\u00f0 go\u00f0s\u00f6gn og heimildum.\"}]}<\/script>\n<!-- \/ Yoast SEO Premium plugin. -->","yoast_head_json":{"title":"Vanth - Etr\u00fask d\u00eds, go\u00f0s\u00f6gn og d\u00fdrkun","description":"Vanth er etr\u00fask v\u00e6ngju\u00f0 undirheimad\u00eds, f\u00f6runautur hinna dau\u00f0u. Tr\u00faarfr\u00e6\u00f0ileg \u00fattekt me\u00f0 go\u00f0s\u00f6gn og heimildum.","robots":{"index":"index","follow":"follow","max-snippet":"max-snippet:-1","max-image-preview":"max-image-preview:large","max-video-preview":"max-video-preview:-1"},"canonical":"https:\/\/iwell-guard.com\/is\/vanth-etruskisk-undirheimadis\/","og_locale":"is_IS","og_type":"article","og_title":"Vanth - Etr\u00fask undirheimad\u00eds","og_description":"Vanth er etr\u00fask v\u00e6ngju\u00f0 undirheimad\u00eds, f\u00f6runautur hinna dau\u00f0u. Tr\u00faarfr\u00e6\u00f0ileg \u00fattekt me\u00f0 go\u00f0s\u00f6gn og heimildum.","og_url":"https:\/\/iwell-guard.com\/is\/vanth-etruskisk-undirheimadis\/","og_site_name":"iWell Guard","article_modified_time":"2026-09-05T14:26:51+00:00","og_image":[{"width":1024,"height":1536,"url":"https:\/\/iwell-guard.com\/wp-content\/uploads\/2026\/05\/daemonen_etruskisch_vanth.webp","type":"image\/webp"}],"twitter_card":"summary_large_image","schema":{"@context":"https:\/\/schema.org","@graph":[{"@type":"Article","@id":"https:\/\/iwell-guard.com\/is\/vanth-etruskisk-undirheimadis\/#article","isPartOf":{"@id":"https:\/\/iwell-guard.com\/is\/vanth-etruskisk-undirheimadis\/"},"author":{"name":"Ralf Ittermann","@id":"https:\/\/iwell-guard.com\/is\/#\/schema\/person\/ee2a27f1cac3406c7c6fb5820cb7349f"},"headline":"Vanth &#8211; Etr\u00fask undirheimad\u00eds","datePublished":"2026-09-05T14:04:21+00:00","dateModified":"2026-09-05T14:26:51+00:00","mainEntityOfPage":{"@id":"https:\/\/iwell-guard.com\/is\/vanth-etruskisk-undirheimadis\/"},"publisher":{"@id":"https:\/\/iwell-guard.com\/is\/#organization"},"image":{"@id":"https:\/\/iwell-guard.com\/is\/vanth-etruskisk-undirheimadis\/#primaryimage"},"thumbnailUrl":"https:\/\/iwell-guard.com\/wp-content\/uploads\/2026\/05\/daemonen_etruskisch_vanth.webp","inLanguage":"is","description":"Vanth er etr\u00fask v\u00e6ngju\u00f0 undirheimad\u00eds, f\u00f6runautur hinna dau\u00f0u. Tr\u00faarfr\u00e6\u00f0ileg \u00fattekt me\u00f0 go\u00f0s\u00f6gn og heimildum."},{"@type":"WebPage","@id":"https:\/\/iwell-guard.com\/is\/vanth-etruskisk-undirheimadis\/","url":"https:\/\/iwell-guard.com\/is\/vanth-etruskisk-undirheimadis\/","name":"Vanth - Etr\u00fask d\u00eds, go\u00f0s\u00f6gn og d\u00fdrkun","isPartOf":{"@id":"https:\/\/iwell-guard.com\/is\/#website"},"primaryImageOfPage":{"@id":"https:\/\/iwell-guard.com\/is\/vanth-etruskisk-undirheimadis\/#primaryimage"},"image":{"@id":"https:\/\/iwell-guard.com\/is\/vanth-etruskisk-undirheimadis\/#primaryimage"},"thumbnailUrl":"https:\/\/iwell-guard.com\/wp-content\/uploads\/2026\/05\/daemonen_etruskisch_vanth.webp","datePublished":"2026-09-05T14:04:21+00:00","dateModified":"2026-09-05T14:26:51+00:00","description":"Vanth er etr\u00fask v\u00e6ngju\u00f0 undirheimad\u00eds, f\u00f6runautur hinna dau\u00f0u. Tr\u00faarfr\u00e6\u00f0ileg \u00fattekt me\u00f0 go\u00f0s\u00f6gn og heimildum.","breadcrumb":{"@id":"https:\/\/iwell-guard.com\/is\/vanth-etruskisk-undirheimadis\/#breadcrumb"},"inLanguage":"is","potentialAction":[{"@type":"ReadAction","target":["https:\/\/iwell-guard.com\/is\/vanth-etruskisk-undirheimadis\/"]}]},{"@type":"ImageObject","inLanguage":"is","@id":"https:\/\/iwell-guard.com\/is\/vanth-etruskisk-undirheimadis\/#primaryimage","url":"https:\/\/iwell-guard.com\/wp-content\/uploads\/2026\/05\/daemonen_etruskisch_vanth.webp","contentUrl":"https:\/\/iwell-guard.com\/wp-content\/uploads\/2026\/05\/daemonen_etruskisch_vanth.webp","width":1024,"height":1536,"caption":"Dj\u00f6flar \u00far etr\u00faskri hef\u00f0."},{"@type":"BreadcrumbList","@id":"https:\/\/iwell-guard.com\/is\/vanth-etruskisk-undirheimadis\/#breadcrumb","itemListElement":[{"@type":"ListItem","position":1,"name":"Start","item":"https:\/\/iwell-guard.com\/is\/?page_id=168580"},{"@type":"ListItem","position":2,"name":"Vanth &#8211; Etr\u00fask undirheimad\u00eds"}]},{"@type":"WebSite","@id":"https:\/\/iwell-guard.com\/is\/#website","url":"https:\/\/iwell-guard.com\/is\/","name":"iWell Guard","description":"Schutz vor dunklen Einfl\u00fcssen","publisher":{"@id":"https:\/\/iwell-guard.com\/is\/#organization"},"potentialAction":[{"@type":"SearchAction","target":{"@type":"EntryPoint","urlTemplate":"https:\/\/iwell-guard.com\/is\/?s={search_term_string}"},"query-input":{"@type":"PropertyValueSpecification","valueRequired":true,"valueName":"search_term_string"}}],"inLanguage":"is"},{"@type":"Organization","@id":"https:\/\/iwell-guard.com\/is\/#organization","name":"Ittermann electronic GmbH","url":"https:\/\/iwell-guard.com\/is\/","logo":{"@type":"ImageObject","inLanguage":"is","@id":"https:\/\/iwell-guard.com\/is\/#\/schema\/logo\/image\/","url":"https:\/\/iwell-guard.com\/wp-content\/uploads\/2026\/05\/Ittermann-Logo-1182x237-1.png","contentUrl":"https:\/\/iwell-guard.com\/wp-content\/uploads\/2026\/05\/Ittermann-Logo-1182x237-1.png","width":1182,"height":237,"caption":"Ittermann electronic GmbH"},"image":{"@id":"https:\/\/iwell-guard.com\/is\/#\/schema\/logo\/image\/"},"sameAs":["https:\/\/pantip.com\/profile\/9367242","https:\/\/micro.blog\/iwellguard","https:\/\/www.diggerslist.com\/iwellguard\/about","https:\/\/skitterphoto.com\/photographers\/2870314\/iwell-guard","https:\/\/iwellguard.wordpress.com\/2026\/06\/06\/iwell-guard\/","https:\/\/hub.docker.com\/u\/iwellguard","https:\/\/www.pinterest.com\/iwellguard\/","https:\/\/bit.ly\/m\/iwellguard","https:\/\/entre-vos-mains.alsace.eu\/profiles\/iwellguard\/activity","https:\/\/gravatar.com\/reallybeded8fd34","https:\/\/naijamatta.com\/iwellguard","https:\/\/www.goodreads.com\/iwellguard","https:\/\/profile.hatena.ne.jp\/iwellguard\/","https:\/\/experiment.com\/users\/iwellguard","https:\/\/wakelet.com\/@iWellGuard82270","https:\/\/www.chordie.com\/forum\/profile.php?id=2555664","https:\/\/www.instapaper.com\/p\/17757966","https:\/\/www.mapleprimes.com\/users\/iwellguard","https:\/\/businesslistingplus.com\/profile\/iwell-guard\/","https:\/\/telegra.ph\/iWell-Guard-06-06","https:\/\/pbase.com\/iwellguard\/iwellguard","https:\/\/b.hatena.ne.jp\/iwellguard\/20260607#bookmark-4788405196491818882","https:\/\/fliphtml5.com\/home\/iwellguard","https:\/\/anyflip.com\/homepage\/cmiwl#About","https:\/\/transfur.com\/Users\/iwellguard","http:\/\/delphi.larsbo.org\/user\/iwellguard","https:\/\/jobs.lajobsportal.org\/profiles\/8380803-iwell-guard","https:\/\/md.chaosdorf.de\/s\/jfbe5SBdJD","https:\/\/www.lingvolive.com\/en-us\/profile\/9ecaeaca-ce11-4e51-9e71-01d55e2bff36\/translations","https:\/\/www.fitday.com\/fitness\/forums\/members\/iwellguard.html","https:\/\/www.mymeetbook.com\/iwellguard","https:\/\/pxhere.com\/en\/photographer-me\/5040798","https:\/\/disqus.com\/by\/iwellguard\/about\/","https:\/\/pastelink.net\/hjwciqwq","https:\/\/pubhtml5.com\/homepage\/scjhn\/","https:\/\/www.bitchute.com\/channel\/2O2eOKzNqujT","https:\/\/audiomack.com\/iwellguard"]},{"@type":"Person","@id":"https:\/\/iwell-guard.com\/is\/#\/schema\/person\/ee2a27f1cac3406c7c6fb5820cb7349f","name":"Ralf Ittermann","image":{"@type":"ImageObject","inLanguage":"is","@id":"https:\/\/secure.gravatar.com\/avatar\/073c0153e350a5005b68eb752b445fea71f6b24a26da9449ad7e155e6b446c9d?s=96&d=mm&r=g","url":"https:\/\/secure.gravatar.com\/avatar\/073c0153e350a5005b68eb752b445fea71f6b24a26da9449ad7e155e6b446c9d?s=96&d=mm&r=g","contentUrl":"https:\/\/secure.gravatar.com\/avatar\/073c0153e350a5005b68eb752b445fea71f6b24a26da9449ad7e155e6b446c9d?s=96&d=mm&r=g","caption":"Ralf Ittermann"},"givenName":"Ralf","familyName":"Ittermann","jobTitle":"Gesch\u00e4ftsf\u00fchrer und redaktioneller Verantwortlicher","url":"https:\/\/iwell-guard.com\/is\/author\/claude\/","description":"Ralf Ittermann ist Gesch\u00e4ftsf\u00fchrer der Ittermann electronic GmbH und redaktioneller Verantwortlicher des iWell-Guard-Lexikons. Er verbindet langj\u00e4hrige Erfahrung in der Pr\u00e4zisionsfertigung mit medialer Praxis und religionsgeschichtlicher Quellenarbeit.","worksFor":{"@type":"Organization","name":"Ittermann electronic GmbH","url":"https:\/\/ittermann.de\/","address":{"@type":"PostalAddress","streetAddress":"K\u00f6hlergasse 16-18","postalCode":"99842","addressLocality":"Ruhla","addressCountry":"DE"}},"knowsAbout":["Religionsgeschichte","Mythologie","Mediale Praxis","Energetische Diagnostik","Schutzpraxis","Volksglauben","Westliche Esoterik"]},{"@type":"Article","@id":"https:\/\/iwell-guard.com\/is\/vanth-etruskisk-undirheimadis\/#article","isPartOf":{"@id":"https:\/\/iwell-guard.com\/is\/vanth-etruskisk-undirheimadis\/"},"author":{"name":"Ralf Ittermann","@id":"https:\/\/iwell-guard.com\/is\/#\/schema\/person\/ee2a27f1cac3406c7c6fb5820cb7349f"},"headline":"Vanth &#8211; Etr\u00fask undirheimad\u00eds","datePublished":"2026-09-05T14:04:21+00:00","dateModified":"2026-09-05T14:26:51+00:00","mainEntityOfPage":{"@id":"https:\/\/iwell-guard.com\/is\/vanth-etruskisk-undirheimadis\/"},"publisher":{"@id":"https:\/\/iwell-guard.com\/is\/#organization"},"image":{"@id":"https:\/\/iwell-guard.com\/is\/vanth-etruskisk-undirheimadis\/#primaryimage"},"thumbnailUrl":"https:\/\/iwell-guard.com\/wp-content\/uploads\/2026\/05\/daemonen_etruskisch_vanth.webp","inLanguage":"is","description":"Vanth er etr\u00fask v\u00e6ngju\u00f0 undirheimad\u00eds, f\u00f6runautur hinna dau\u00f0u. Tr\u00faarfr\u00e6\u00f0ileg \u00fattekt me\u00f0 go\u00f0s\u00f6gn og heimildum."}]}},"_links":{"self":[{"href":"https:\/\/iwell-guard.com\/is\/wp-json\/wp\/v2\/pages\/168955","targetHints":{"allow":["GET"]}}],"collection":[{"href":"https:\/\/iwell-guard.com\/is\/wp-json\/wp\/v2\/pages"}],"about":[{"href":"https:\/\/iwell-guard.com\/is\/wp-json\/wp\/v2\/types\/page"}],"author":[{"embeddable":true,"href":"https:\/\/iwell-guard.com\/is\/wp-json\/wp\/v2\/users\/3"}],"replies":[{"embeddable":true,"href":"https:\/\/iwell-guard.com\/is\/wp-json\/wp\/v2\/comments?post=168955"}],"version-history":[{"count":0,"href":"https:\/\/iwell-guard.com\/is\/wp-json\/wp\/v2\/pages\/168955\/revisions"}],"wp:featuredmedia":[{"embeddable":true,"href":"https:\/\/iwell-guard.com\/is\/wp-json\/wp\/v2\/media\/2814"}],"wp:attachment":[{"href":"https:\/\/iwell-guard.com\/is\/wp-json\/wp\/v2\/media?parent=168955"}],"wp:term":[{"taxonomy":"category","embeddable":true,"href":"https:\/\/iwell-guard.com\/is\/wp-json\/wp\/v2\/categories?post=168955"}],"curies":[{"name":"wp","href":"https:\/\/api.w.org\/{rel}","templated":true}]}}