{"id":168954,"date":"2026-09-05T14:04:20","date_gmt":"2026-09-05T14:04:20","guid":{"rendered":"https:\/\/iwell-guard.com\/?page_id=168954"},"modified":"2026-09-05T14:24:27","modified_gmt":"2026-09-05T14:24:27","slug":"charun-etruskur-daudademon","status":"publish","type":"page","link":"https:\/\/iwell-guard.com\/is\/charun-etruskur-daudademon\/","title":{"rendered":"Charun &#8211; Etr\u00faskur dau\u00f0ademon"},"content":{"rendered":"\t\t<div data-elementor-type=\"wp-page\" data-elementor-id=\"168954\" class=\"elementor elementor-168954 elementor-2609 elementor-bc-flex-widget\" data-elementor-post-type=\"page\">\n\t\t\t\t<div class=\"elementor-element elementor-element-iwgw-charun-hero e-flex e-con-boxed e-con e-parent\" data-id=\"iwgw-charun-hero\" data-element_type=\"container\" data-e-type=\"container\" data-settings=\"{&quot;background_background&quot;:&quot;classic&quot;}\">\n\t\t\t\t\t<div class=\"e-con-inner\">\n\t\t<div class=\"elementor-element elementor-element-iwgw-charun-hl e-flex e-con-boxed e-con e-child\" data-id=\"iwgw-charun-hl\" data-element_type=\"container\" data-e-type=\"container\">\n\t\t\t\t\t<div class=\"e-con-inner\">\n\t\t<div class=\"elementor-element elementor-element-iwgw-charun-htxt e-con-full e-flex e-con e-child\" data-id=\"iwgw-charun-htxt\" data-element_type=\"container\" data-e-type=\"container\">\n\t\t\t\t<div class=\"elementor-element elementor-element-iwgw-charun-h1 elementor-widget elementor-widget-heading\" data-id=\"iwgw-charun-h1\" data-element_type=\"widget\" data-e-type=\"widget\" data-widget_type=\"heading.default\">\n\t\t\t\t\t<h1 class=\"elementor-heading-title elementor-size-default\">Charun - Etr\u00faskur demon undirheimanna og fylgdarma\u00f0ur hinna dau\u00f0u<\/h1>\t\t\t\t<\/div>\n\t\t\t\t<div class=\"elementor-element elementor-element-iwgw-charun-lead elementor-widget elementor-widget-text-editor\" data-id=\"iwgw-charun-lead\" data-element_type=\"widget\" data-e-type=\"widget\" data-widget_type=\"text-editor.default\">\n\t\t\t\t\t\t\t\t\t<p>Charun er \u00ed etr\u00faskri tr\u00fa <span class=\"iwg-fachbegriff\" data-tooltip=\"Andlegt vera sem eignu\u00f0 er ska\u00f0leg e\u00f0a tv\u00edbent \u00e1hrif.\" tabindex=\"0\">demon<\/span> undirheimanna sem fylgir hinum dau\u00f0u til handanheimsins. Hann er oft s\u00fdndur me\u00f0 hamar sem hann tilkynnir d\u00e1narstundina me\u00f0 e\u00f0a fylgir hinum deyjandi.<\/p><p>\u00d3l\u00edkt gr\u00edska Charon (ferjumanninum) er Charun fyrst og fremst <span class=\"iwg-fachbegriff\" data-tooltip=\"Andlegt vera sem eignu\u00f0 er ska\u00f0leg e\u00f0a tv\u00edbent \u00e1hrif.\" tabindex=\"0\">demon<\/span> me\u00f0 eigin hef\u00f0. \u00deessi umfj\u00f6llun l\u00fdsir tr\u00faarfr\u00e6\u00f0ilegri st\u00f6\u00f0u hans \u00ed etr\u00faskri handanheimsfr\u00e6\u00f0i.<\/p>\t\t\t\t\t\t\t\t<\/div>\n\t\t\t\t<\/div>\n\t\t<div class=\"elementor-element elementor-element-iwgw-charun-pillc e-con-full e-flex e-con e-child\" data-id=\"iwgw-charun-pillc\" data-element_type=\"container\" data-e-type=\"container\">\n\t\t\t\t<div class=\"elementor-element elementor-element-iwgw-charun-pills elementor-widget elementor-widget-html\" data-id=\"iwgw-charun-pills\" data-element_type=\"widget\" data-e-type=\"widget\" data-widget_type=\"html.default\">\n\t\t\t\t\t<div class=\"iwg-pill-row\"><span class=\"iwg-klasse-badge\" tabindex=\"0\" data-tooltip=\"Dau\u00f0avera \u00far etr\u00faskri hef\u00f0.\">Dau\u00f0avera<\/span><a href=\"https:\/\/iwell-guard.com\/is\/etruskisk-trubrogd-haruspex-disciplina\/\" class=\"iwg-kultur-badge\" tabindex=\"0\" data-tooltip=\"Go\u00f0afr\u00e6\u00f0i etr\u00faskrar hef\u00f0ar.\">Etr\u00faskt<\/a><span class=\"iwg-tradition-badge\" tabindex=\"0\" data-tooltip=\"Dau\u00f0ademon.\">Dau\u00f0ademon<\/span><\/div>\t\t\t\t<\/div>\n\t\t\t\t<\/div>\n\t\t<div class=\"elementor-element elementor-element-iwgw-charun-tocc e-con-full e-flex e-con e-child\" data-id=\"iwgw-charun-tocc\" data-element_type=\"container\" data-e-type=\"container\">\n\t\t\t\t<div class=\"elementor-element elementor-element-iwgw-charun-toc elementor-toc--minimized-on-tablet elementor-widget elementor-widget-table-of-contents\" data-id=\"iwgw-charun-toc\" data-element_type=\"widget\" data-e-type=\"widget\" data-settings=\"{&quot;headings_by_tags&quot;:[&quot;h2&quot;,&quot;h3&quot;],&quot;minimize_box&quot;:&quot;yes&quot;,&quot;marker_view&quot;:&quot;bullets&quot;,&quot;no_headings_message&quot;:&quot;Engar undirfyrirsagnir fundust \\u00e1 \\u00feessari s\\u00ed\\u00f0u.&quot;,&quot;exclude_headings_by_selector&quot;:[],&quot;icon&quot;:{&quot;value&quot;:&quot;fas fa-circle&quot;,&quot;library&quot;:&quot;fa-solid&quot;,&quot;rendered_tag&quot;:&quot;&lt;svg class=\\&quot;e-font-icon-svg e-fas-circle\\&quot; viewBox=\\&quot;0 0 512 512\\&quot; xmlns=\\&quot;http:\\\/\\\/www.w3.org\\\/2000\\\/svg\\&quot;&gt;&lt;path d=\\&quot;M256 8C119 8 8 119 8 256s111 248 248 248 248-111 248-248S393 8 256 8z\\&quot;&gt;&lt;\\\/path&gt;&lt;\\\/svg&gt;&quot;},&quot;minimized_on&quot;:&quot;tablet&quot;,&quot;hierarchical_view&quot;:&quot;yes&quot;,&quot;min_height&quot;:{&quot;unit&quot;:&quot;px&quot;,&quot;size&quot;:&quot;&quot;,&quot;sizes&quot;:[]},&quot;min_height_tablet&quot;:{&quot;unit&quot;:&quot;px&quot;,&quot;size&quot;:&quot;&quot;,&quot;sizes&quot;:[]},&quot;min_height_mobile&quot;:{&quot;unit&quot;:&quot;px&quot;,&quot;size&quot;:&quot;&quot;,&quot;sizes&quot;:[]}}\" data-widget_type=\"table-of-contents.default\">\n\t\t\t\t\t\t\t\t\t<div class=\"elementor-toc__header\">\n\t\t\t\t\t\t<h2 class=\"elementor-toc__header-title\">\n\t\t\t\tEfnisyfirlit\t\t\t<\/h2>\n\t\t\t\t\t\t\t\t\t\t<div class=\"elementor-toc__toggle-button elementor-toc__toggle-button--expand\" role=\"button\" tabindex=\"0\" aria-controls=\"elementor-toc__iwgw-charun-toc\" aria-expanded=\"true\" aria-label=\"Open table of contents\"><svg aria-hidden=\"true\" class=\"e-font-icon-svg e-fas-chevron-down\" viewBox=\"0 0 448 512\" xmlns=\"http:\/\/www.w3.org\/2000\/svg\"><path d=\"M207.029 381.476L12.686 187.132c-9.373-9.373-9.373-24.569 0-33.941l22.667-22.667c9.357-9.357 24.522-9.375 33.901-.04L224 284.505l154.745-154.021c9.379-9.335 24.544-9.317 33.901.04l22.667 22.667c9.373 9.373 9.373 24.569 0 33.941L240.971 381.476c-9.373 9.372-24.569 9.372-33.942 0z\"><\/path><\/svg><\/div>\n\t\t\t\t<div class=\"elementor-toc__toggle-button elementor-toc__toggle-button--collapse\" role=\"button\" tabindex=\"0\" aria-controls=\"elementor-toc__iwgw-charun-toc\" aria-expanded=\"true\" aria-label=\"Close table of contents\"><svg aria-hidden=\"true\" class=\"e-font-icon-svg e-fas-chevron-up\" viewBox=\"0 0 448 512\" xmlns=\"http:\/\/www.w3.org\/2000\/svg\"><path d=\"M240.971 130.524l194.343 194.343c9.373 9.373 9.373 24.569 0 33.941l-22.667 22.667c-9.357 9.357-24.522 9.375-33.901.04L224 227.495 69.255 381.516c-9.379 9.335-24.544 9.317-33.901-.04l-22.667-22.667c-9.373-9.373-9.373-24.569 0-33.941L207.03 130.525c9.372-9.373 24.568-9.373 33.941-.001z\"><\/path><\/svg><\/div>\n\t\t\t\t\t<\/div>\n\t\t\t\t<div id=\"elementor-toc__iwgw-charun-toc\" class=\"elementor-toc__body\">\n\t\t\t<div class=\"elementor-toc__spinner-container\">\n\t\t\t\t<svg class=\"elementor-toc__spinner eicon-animation-spin e-font-icon-svg e-eicon-loading\" aria-hidden=\"true\" viewBox=\"0 0 1000 1000\" xmlns=\"http:\/\/www.w3.org\/2000\/svg\"><path d=\"M500 975V858C696 858 858 696 858 500S696 142 500 142 142 304 142 500H25C25 237 238 25 500 25S975 237 975 500 763 975 500 975Z\"><\/path><\/svg>\t\t\t<\/div>\n\t\t<\/div>\n\t\t\t\t\t\t<\/div>\n\t\t\t\t<\/div>\n\t\t\t\t\t<\/div>\n\t\t\t\t<\/div>\n\t\t<div class=\"elementor-element elementor-element-iwgw-charun-hr e-con-full e-flex e-con e-child\" data-id=\"iwgw-charun-hr\" data-element_type=\"container\" data-e-type=\"container\">\n\t\t\t\t<div class=\"elementor-element elementor-element-iwgw-charun-heroimg iwg-hero-image elementor-widget elementor-widget-image\" data-id=\"iwgw-charun-heroimg\" data-element_type=\"widget\" data-e-type=\"widget\" data-widget_type=\"image.default\">\n\t\t\t\t\t\t\t\t\t\t\t\t\t\t\t<img fetchpriority=\"high\" decoding=\"async\" width=\"683\" height=\"1024\" src=\"https:\/\/iwell-guard.com\/wp-content\/uploads\/2026\/05\/daemonen_etruskisch_charun-683x1024.webp\" class=\"attachment-large size-large wp-image-170834\" alt=\"Charun - Dj\u00f6full \u00far etr\u00faskri hef\u00f0, s\u00f6gulega myndskreytt\" srcset=\"https:\/\/iwell-guard.com\/wp-content\/uploads\/2026\/05\/daemonen_etruskisch_charun-683x1024.webp 683w, https:\/\/iwell-guard.com\/wp-content\/uploads\/2026\/05\/daemonen_etruskisch_charun-200x300.webp 200w, https:\/\/iwell-guard.com\/wp-content\/uploads\/2026\/05\/daemonen_etruskisch_charun-768x1152.webp 768w, https:\/\/iwell-guard.com\/wp-content\/uploads\/2026\/05\/daemonen_etruskisch_charun.webp 1024w\" sizes=\"(max-width: 683px) 100vw, 683px\" \/>\t\t\t\t\t\t\t\t\t\t\t\t\t\t\t<\/div>\n\t\t\t\t<\/div>\n\t\t\t\t\t<\/div>\n\t\t\t\t<\/div>\n\t\t<div class=\"elementor-element elementor-element-iwgw-charun-s0 e-flex e-con-boxed e-con e-parent\" data-id=\"iwgw-charun-s0\" data-element_type=\"container\" data-e-type=\"container\">\n\t\t\t\t\t<div class=\"e-con-inner\">\n\t\t\t\t<div class=\"elementor-element elementor-element-iwgw-charun-s0h elementor-widget elementor-widget-heading\" data-id=\"iwgw-charun-s0h\" data-element_type=\"widget\" data-e-type=\"widget\" data-widget_type=\"heading.default\">\n\t\t\t\t\t<h2 class=\"elementor-heading-title elementor-size-default\">Sta\u00f0a \u00ed etr\u00faska go\u00f0heiminum<\/h2>\t\t\t\t<\/div>\n\t\t<div class=\"elementor-element elementor-element-iwgw-charun-s0c e-con-full e-flex e-con e-child\" data-id=\"iwgw-charun-s0c\" data-element_type=\"container\" data-e-type=\"container\">\n\t\t\t\t<div class=\"elementor-element elementor-element-iwgw-charun-s0t elementor-widget elementor-widget-text-editor\" data-id=\"iwgw-charun-s0t\" data-element_type=\"widget\" data-e-type=\"widget\" data-widget_type=\"text-editor.default\">\n\t\t\t\t\t\t\t\t\t<p>Charun er me\u00f0al helstu dem\u00f3na etr\u00faskrar tr\u00faar. Hann er ekki &#8216;gu\u00f0&#8217; \u00ed skilningi \u00f3lympsgu\u00f0s, heldur vera undirheimanna sem starfar \u00ed \u00e1kve\u00f0nu hlutverki. \u00cd etr\u00faskri handanheimsfr\u00e6\u00f0i hefur hann fastan sess, oft samhli\u00f0a demoninu <a href=\"https:\/\/iwell-guard.com\/is\/?page_id=168955\">Vanth<\/a>.<\/p><p><span data-nosnippet>Massimo Pallottino, Jean-Ren\u00e9 Jannot og Larissa Bonfante hafa fjalla\u00f0 um Charun \u00ed verkum s\u00ednum um etr\u00faska tr\u00fa. Stephan Steingr\u00e4ber&#8217;s <em>Etruscan Painting<\/em> (1986, \u00fe\u00fdsk \u00fatg\u00e1fa 1985) er mikilv\u00e6g heimild um myndhef\u00f0 hans \u00ed grafh\u00fdsam\u00e1lverkum.<\/span><\/p><p>Til a\u00f0 skilja Charun \u00fearf a\u00f0 l\u00edta \u00e1 etr\u00faska tr\u00fa sem sj\u00e1lfst\u00e6tt fyrirb\u00e6ri sem mi\u00f0lar milli gr\u00edska-mi\u00f0jar\u00f0arhafssv\u00e6\u00f0isins og hins \u00edtalsk-r\u00f3mverska hef\u00f0arsv\u00e6\u00f0is. A\u00f0 \u00feessi mi\u00f0lunareiginleiki komi n\u00fa sk\u00fdrt fram \u00e1 v\u00edsindin a\u00f0 \u00feakka verkum Massimo Pallottino, Jacques Heurgon, Sybille Haynes, Mauro Cristofani og Giovanni Colonna, sem skerpt hafa myndina af sj\u00e1lfst\u00e6\u00f0um tr\u00faarheimi.<\/p><p>Fastur sess Charuns \u00ed etr\u00faskri handanheimsfr\u00e6\u00f0i v\u00edsar til <span class=\"iwg-fachbegriff\" data-tooltip=\"V\u00edsindaleg fr\u00e6\u00f0i um gu\u00f0 og tr\u00fa innan tr\u00faarbrag\u00f0a.\" tabindex=\"0\">gu\u00f0fr\u00e6\u00f0i<\/span> sem haf\u00f0i sk\u00fdrt skipulag\u00f0ar stigveldi og hlutverkaskiptingu. Eldri framsetningar hafa oft l\u00fdst etr\u00faska <span class=\"iwg-fachbegriff\" data-tooltip=\"Heild gu\u00f0a innan tr\u00faarbrag\u00f0a e\u00f0a menningar.\" tabindex=\"0\">go\u00f0heiminum<\/span> sem &#8216;dularfullum&#8217; e\u00f0a &#8216;framandi&#8217;; \u00ed raun er um sj\u00e1lfst\u00e6tt afbrig\u00f0i mi\u00f0jar\u00f0arhafstr\u00faar a\u00f0 r\u00e6\u00f0a me\u00f0 rekjanlegri skipan.<\/p><p>\u00cd tilviki Charuns kemur mi\u00f0lunarhlutverk Etr\u00faska s\u00e9rstaklega vel fram: nafn hans er t\u00f6kuor\u00f0 \u00far gr\u00edsku, en gestalt hans lifir \u00e1fram \u00ed r\u00f3mverskri hugmyndaver\u00f6ld. Etr\u00faskar mi\u00f0lu\u00f0u \u00ed \u00edtalskri tr\u00faars\u00f6gu milli gr\u00edskra \u00e1hrifa og hinnar m\u00f3tandi r\u00f3mversku tr\u00faar, sem er af s\u00e9rst\u00f6kum \u00e1huga fyrir tr\u00faarbrag\u00f0afr\u00e6\u00f0i.<\/p><p>Eldri t\u00falkanir hafa oft lesi\u00f0 Charun einungis sem etr\u00faskt afbrig\u00f0i af gr\u00edska Charon. Tr\u00faar\u00fej\u00f3\u00f0fr\u00e6\u00f0ilegar ranns\u00f3knir s\u00ed\u00f0ustu \u00e1ratuga hafa aftur \u00e1 m\u00f3ti meti\u00f0 etr\u00faska tr\u00fa \u00ed heild sinni sem sj\u00e1lfst\u00e6tt, tr\u00faarfyrirb\u00e6rafr\u00e6\u00f0ilega s\u00e9reinkennt kerfi og komi\u00f0 \u00ed sta\u00f0 \u00feeirrar tilhneigingar a\u00f0 l\u00edta \u00e1 hana sem einfalda \u00fatgrein gr\u00edskrar tr\u00faar me\u00f0 \u00edtarlegri s\u00fdn.<\/p>\t\t\t\t\t\t\t\t<\/div>\n\t\t\t\t<\/div>\n\t\t\t\t\t<\/div>\n\t\t\t\t<\/div>\n\t\t<div class=\"elementor-element elementor-element-iwgw-charun-s1 e-flex e-con-boxed e-con e-parent\" data-id=\"iwgw-charun-s1\" data-element_type=\"container\" data-e-type=\"container\">\n\t\t\t\t\t<div class=\"e-con-inner\">\n\t\t\t\t<div class=\"elementor-element elementor-element-iwgw-charun-s1h elementor-widget elementor-widget-heading\" data-id=\"iwgw-charun-s1h\" data-element_type=\"widget\" data-e-type=\"widget\" data-widget_type=\"heading.default\">\n\t\t\t\t\t<h2 class=\"elementor-heading-title elementor-size-default\">Nafn og or\u00f0sifjar<\/h2>\t\t\t\t<\/div>\n\t\t<div class=\"elementor-element elementor-element-iwgw-charun-s1c e-con-full e-flex e-con e-child\" data-id=\"iwgw-charun-s1c\" data-element_type=\"container\" data-e-type=\"container\">\n\t\t\t\t<div class=\"elementor-element elementor-element-iwgw-charun-s1t elementor-widget elementor-widget-text-editor\" data-id=\"iwgw-charun-s1t\" data-element_type=\"widget\" data-e-type=\"widget\" data-widget_type=\"text-editor.default\">\n\t\t\t\t\t\t\t\t\t<p>Nafni\u00f0 Charun er tengt gr\u00edska Charon. M\u00e1lfr\u00e6\u00f0ilega er tali\u00f0 a\u00f0 etr\u00faska formi\u00f0 s\u00e9 t\u00f6kuor\u00f0 \u00far gr\u00edsku. Etr\u00fask hef\u00f0 hefur \u00fe\u00f3 umbreytt e\u00f0li og hlutverki verulega: Charun er ekki ferjuma\u00f0ur Hadesar, heldur sj\u00e1lfst\u00e6\u00f0ur <span class=\"iwg-fachbegriff\" data-tooltip=\"Andlegt vera sem eignu\u00f0 er ska\u00f0leg e\u00f0a tv\u00edbent \u00e1hrif.\" tabindex=\"0\">demon<\/span> me\u00f0 hamar og stundum me\u00f0 sn\u00e1k.<\/p><p>\u00cd etr\u00faskum \u00e1letrunum kemur nafn hans fram \u00e1 grafh\u00fdsam\u00e1lverkum (Tarquinia, Vulci, Orvieto) og \u00e1 duftkerjum (Volterra, Chiusi, Perugia). Helmut Rix&#8217;s <em>Editio Minor<\/em> skr\u00e1ir \u00feessar heimildir.<\/p><p>Nafni\u00f0 Charun er var\u00f0veitt \u00ed etr\u00fasku letri, en tungum\u00e1li\u00f0 sj\u00e1lft er tali\u00f0 vera einangra\u00f0 \u00ed tungum\u00e1lafr\u00e6\u00f0ilegu tilliti, e\u00f0a \u00ed mesta lagi tilheyra hugsanlegri &#8216;tyrsenskri&#8217; fj\u00f6lskyldu sem lemn\u00edsk og r\u00e6t\u00edsk tungum\u00e1l g\u00e6tu einnig heyrt til. R\u00e1\u00f0ning textanna hefur veri\u00f0 vi\u00f0fangsefni fr\u00e6\u00f0imanna fr\u00e1 19. \u00f6ld og er ekki loki\u00f0.<\/p><p>\u00c1letrunarleg g\u00f6gn um Charun \u00e1 grafh\u00fdsam\u00e1lverkum og duftkerjum eru skr\u00e1\u00f0 \u00ed Editio Minor Helmuts Rix, hinu grundvallandi safni etr\u00faska textasafnsins. \u00cd dag er \u00fea\u00f0 auki\u00f0 me\u00f0 Thesaurus Linguae Etruscae og netgagnagrunninum ETP (Etruscan Texts Project).<\/p><p>Me\u00f0 t\u00f6kuor\u00f0i Charuns \u00far gr\u00edsku snertir umr\u00e6\u00f0an einnig hina g\u00f6mlu deilu um uppruna Etr\u00faska. Her\u00f3d\u00f3tos rakti \u00fe\u00e1 til L\u00fdd\u00edu, Dionysios fr\u00e1 Halikarnassos telji \u00fe\u00e1 vera frumbyggja \u00cdtal\u00edu. \u00deessi umr\u00e6\u00f0a er \u00fe\u00fd\u00f0ingarmikil fr\u00e1 tr\u00faars\u00f6gulegu sj\u00f3narhorni \u00fev\u00ed h\u00fan varpar fram spurningum um m\u00f6gulegar tengingar vi\u00f0 sm\u00e1as\u00edska d\u00fdrkun.<\/p><p>M\u00e1lfr\u00e6\u00f0i og \u00e1letrunarfr\u00e6\u00f0i vinna n\u00fa n\u00e1i\u00f0 saman, og stafr\u00e6n \u00fatg\u00e1fa etr\u00faskra texta \u00ed ETP (Etruscan Texts Project) einfaldar mj\u00f6g samanbur\u00f0arranns\u00f3knir, me\u00f0al annars \u00e1 hinum \u00fdmsu \u00e1letrunum Charuns. Marie-Laurence Haack og Vincent Jolivet hafa lagt fram brautry\u00f0jandi vinnu \u00e1 \u00feessu svi\u00f0i.<\/p>\t\t\t\t\t\t\t\t<\/div>\n\t\t\t\t<\/div>\n\t\t\t\t\t<\/div>\n\t\t\t\t<\/div>\n\t\t<div class=\"elementor-element elementor-element-iwgw-charun-s2 e-flex e-con-boxed e-con e-parent\" data-id=\"iwgw-charun-s2\" data-element_type=\"container\" data-e-type=\"container\">\n\t\t\t\t\t<div class=\"e-con-inner\">\n\t\t\t\t<div class=\"elementor-element elementor-element-iwgw-charun-s2h elementor-widget elementor-widget-heading\" data-id=\"iwgw-charun-s2h\" data-element_type=\"widget\" data-e-type=\"widget\" data-widget_type=\"heading.default\">\n\t\t\t\t\t<h2 class=\"elementor-heading-title elementor-size-default\">L\u00fdsing og myndlist<\/h2>\t\t\t\t<\/div>\n\t\t<div class=\"elementor-element elementor-element-iwgw-charun-s2c e-con-full e-flex e-con e-child\" data-id=\"iwgw-charun-s2c\" data-element_type=\"container\" data-e-type=\"container\">\n\t\t\t\t<div class=\"elementor-element elementor-element-iwgw-charun-s2t elementor-widget elementor-widget-text-editor\" data-id=\"iwgw-charun-s2t\" data-element_type=\"widget\" data-e-type=\"widget\" data-widget_type=\"text-editor.default\">\n\t\t\t\t\t\t\t\t\t<p>Charun er s\u00fdndur \u00ed etr\u00faskri list sem hrollvekjandi <span class=\"iwg-fachbegriff\" data-tooltip=\"Andleg vera sem eignu\u00f0 er ska\u00f0leg e\u00f0a tv\u00edbent \u00e1hrif.\" tabindex=\"0\">dj\u00f6full<\/span>: skeggja\u00f0ur, me\u00f0 st\u00f3r eyru, skakkt nef, stundum me\u00f0 v\u00e6ngi og alltaf me\u00f0 st\u00f3ra hamar. Litavali\u00f0 er oft br\u00fangr\u00e1tt, sem endurspeglar litaheim undirheimanna.<\/p><p>\u00c1 etr\u00faskum grafm\u00e1lverkum (Tomba dei Carontes \u00ed Tarquinia, 4.\/3. \u00f6ld f.Kr.) birtist Charun \u00ed \u00e1hrifamiklum senum vi\u00f0 hli\u00f0 undirheimanna. Sums sta\u00f0ar eru s\u00fdndir margir Charun-dj\u00f6flar &#8211; Charun Chunchulis, Charun Huths og \u00f6nnur vi\u00f0urnefni eru sta\u00f0fest. \u00deessi fj\u00f6lnafngift bendir til a\u00f0greindra hlutverka.<\/p><p>\u00dear sem varla nokkrir sagnatextar eru til um Charun er etr\u00fask myndlist mikilv\u00e6gasta heimildin: speglar, vasar, grafm\u00e1lverk og bronsgripir veita st\u00e6rstan hluta \u00feekkingar okkar. Larissa Bonfante hefur \u00ed ranns\u00f3knum s\u00ednum meti\u00f0 \u00feessa myndhef\u00f0 sem sj\u00e1lfst\u00e6\u00f0a hef\u00f0, ekki einfaldlega afleidda.<\/p><p>Charun kemur fyrst og fremst fram \u00ed etr\u00faskri grafm\u00e1lun, sem \u00ed Tarquinia, Cerveteri og Vulci er ein af mikilv\u00e6gustu heimildum um tr\u00faarbr\u00f6g\u00f0 og eskat\u00f3l\u00f3g\u00edu Etr\u00fara. Veislu-, dans- og t\u00f3nlistarsenur \u00feeirra, auk go\u00f0sagna\u00fe\u00e1tta, s\u00fdna framhaldsl\u00edfi\u00f0 sem framhald l\u00edfsins.<\/p><p>Charun kemur oft fram \u00ed fj\u00f6lf\u00edg\u00faru-senum \u00ed sta\u00f0 \u00feess a\u00f0 vera einn, t.d. vi\u00f0 hli\u00f0 Vanth vi\u00f0 hli\u00f0 undirheimanna. \u00dear birtist grundvallareinkenni etr\u00faskrar <span class=\"iwg-fachbegriff\" data-tooltip=\"Fr\u00e6\u00f0in um myndefni og merkingu \u00feeirra.\" tabindex=\"0\">myndfr\u00e6\u00f0i<\/span>, sem hyllist til fj\u00f6lf\u00edg\u00faru-samsetninga, fr\u00e1sagnartengsla og t\u00e1knr\u00e6nnar \u00fe\u00e9ttingar, og er \u00feannig hluti af tr\u00faarlegri myndfr\u00e6\u00f0i Etr\u00fara.<\/p><p>\u00c1letranir Charuns eins og Charun Chunchulis e\u00f0a Charun Huths s\u00fdna hversu \u00fe\u00e9tt etr\u00fask myndlist vinnur: \u00c1 einum spegli e\u00f0a vasa geta m\u00f6rg go\u00f0sagnatengsl veri\u00f0 til sta\u00f0ar samt\u00edmis. \u00deessi fr\u00e1sagnar\u00fe\u00e9tting krefst n\u00e1kv\u00e6mrar samhengisgreiningar af h\u00e1lfu rannsakenda.<\/p>\t\t\t\t\t\t\t\t<\/div>\n\t\t\t\t<\/div>\n\t\t\t\t\t<\/div>\n\t\t\t\t<\/div>\n\t\t<div class=\"elementor-element elementor-element-iwgw-charun-s3 e-flex e-con-boxed e-con e-parent\" data-id=\"iwgw-charun-s3\" data-element_type=\"container\" data-e-type=\"container\">\n\t\t\t\t\t<div class=\"e-con-inner\">\n\t\t\t\t<div class=\"elementor-element elementor-element-iwgw-charun-s3h elementor-widget elementor-widget-heading\" data-id=\"iwgw-charun-s3h\" data-element_type=\"widget\" data-e-type=\"widget\" data-widget_type=\"heading.default\">\n\t\t\t\t\t<h2 class=\"elementor-heading-title elementor-size-default\">Charun \u00ed eskat\u00f3l\u00f3g\u00edu Etr\u00fara<\/h2>\t\t\t\t<\/div>\n\t\t<div class=\"elementor-element elementor-element-iwgw-charun-s3c e-con-full e-flex e-con e-child\" data-id=\"iwgw-charun-s3c\" data-element_type=\"container\" data-e-type=\"container\">\n\t\t\t\t<div class=\"elementor-element elementor-element-iwgw-charun-s3t elementor-widget elementor-widget-text-editor\" data-id=\"iwgw-charun-s3t\" data-element_type=\"widget\" data-e-type=\"widget\" data-widget_type=\"text-editor.default\">\n\t\t\t\t\t\t\t\t\t<p>Charun er hluti af fl\u00f3knu eskat\u00f3l\u00f3g\u00edu-kerfi. \u00c1 etr\u00faskum grafm\u00e1lverkum og sark\u00f3f\u00f6gum er hann oft s\u00fdndur vi\u00f0 hli\u00f0 undirheimanna, \u00fear sem hann tekur \u00e1 m\u00f3ti hinum n\u00fdkomnu. Hamar hans er t\u00e1knmynd fyrir skil l\u00edfs og dau\u00f0a.<\/p><p>Jean-Rene Jannot l\u00fdsir undirheimahugmyndum Etr\u00fara sem sj\u00e1lfst\u00e6\u00f0ri hef\u00f0 me\u00f0 tengsl vi\u00f0 gr\u00edska Hades-hugmynd, en me\u00f0 eigin \u00e1herslum. S\u00e9rstaklega er hin r\u00edka myndheimur undirheimanna s\u00e9rt\u00e6kt etr\u00faskt einkenni. Etr\u00farar vir\u00f0ast hafa hugsa\u00f0 s\u00e9r framhaldsl\u00edfi\u00f0 sem fl\u00f3ki\u00f0 skipulagt r\u00fdmi, \u00fear sem margir dj\u00f6flar starfa.<\/p><p>\u00d3l\u00edkt gr\u00edskri e\u00f0a r\u00f3mverskri <span class=\"iwg-fachbegriff\" data-tooltip=\"Heild hinna var\u00f0veittu go\u00f0sagna um gu\u00f0i \u00ed \u00e1kve\u00f0inni menningu.\" tabindex=\"0\">go\u00f0afr\u00e6\u00f0i<\/span> er hin etr\u00faska ekki var\u00f0veitt \u00ed fullb\u00fanum sagnatextum. \u00dea\u00f0 sem vi\u00f0 vitum um Charun er endurbyggt \u00far myndheimildum, \u00e1letrunum og gr\u00edsk-r\u00f3mverskri s\u00ed\u00f0heimild, sem krefst s\u00e9rstakrar a\u00f0g\u00e1tar \u00ed fr\u00e6\u00f0ilegri n\u00e1lgun.<\/p><p>Samband Charuns vi\u00f0 gr\u00edska Charon er d\u00e6mi um fl\u00f3ki\u00f0 samspil \u00feessara tveggja go\u00f0afr\u00e6\u00f0a: Etr\u00farar t\u00f3ku upp m\u00f6rg gr\u00edsk efni um Akkilles, \u00d3dysseif e\u00f0a \u00d6dipus, en g\u00e1fu \u00feeim eigin t\u00falkanir og \u00e1herslur. \u00deessi a\u00f0l\u00f6gun er efni \u00edtarlegra ranns\u00f3kna.<\/p><p>Charun starfar \u00ed undirheimum oft \u00ed samvinnu vi\u00f0 Vanth og a\u00f0ra dj\u00f6fla, varla nokkru sinni einn. \u00dear birtist d\u00e6migert einkenni etr\u00faskrar <span class=\"iwg-fachbegriff\" data-tooltip=\"V\u00edsindaleg fr\u00e6\u00f0i um gu\u00f0 og tr\u00fa innan tr\u00faarbrag\u00f0a.\" tabindex=\"0\">gu\u00f0fr\u00e6\u00f0i<\/span>, gu\u00f0ar\u00e1\u00f0i\u00f0 (consensus deorum): Jafnvel Tinia r\u00e1\u00f0gast vi\u00f0 a\u00f0ra gu\u00f0i \u00ed sta\u00f0 \u00feess a\u00f0 athafna sig einn. \u00deetta hugtak er tr\u00faarlegt s\u00e9rkenni fr\u00e1 fyrirb\u00e6rafr\u00e6\u00f0ilegu sj\u00f3narhorni.<\/p><p>Go\u00f0sagnahef\u00f0 Etr\u00fara er ekki var\u00f0veitt \u00ed heilst\u00e6\u00f0um s\u00f6gum; einnig hlutverk Charuns ver\u00f0ur a\u00f0eins sk\u00fdrt \u00fat fr\u00e1 myndsenum, \u00e1letrunum og s\u00ed\u00f0heimildum. Reynd a\u00f0fer\u00f0 tengir saman etr\u00faska \u00e1letrun, gr\u00edska myndfyrirmyndina og samhengislega lestur, sem krefst s\u00e9rlega vanda\u00f0rar t\u00falkunar vegna margra vi\u00f0urnefna Charuns.<\/p>\t\t\t\t\t\t\t\t<\/div>\n\t\t\t\t<\/div>\n\t\t\t\t\t<\/div>\n\t\t\t\t<\/div>\n\t\t<div class=\"elementor-element elementor-element-iwgw-charun-s4 e-flex e-con-boxed e-con e-parent\" data-id=\"iwgw-charun-s4\" data-element_type=\"container\" data-e-type=\"container\">\n\t\t\t\t\t<div class=\"e-con-inner\">\n\t\t\t\t<div class=\"elementor-element elementor-element-iwgw-charun-s4h elementor-widget elementor-widget-heading\" data-id=\"iwgw-charun-s4h\" data-element_type=\"widget\" data-e-type=\"widget\" data-widget_type=\"heading.default\">\n\t\t\t\t\t<h2 class=\"elementor-heading-title elementor-size-default\">Go\u00f0sagnakenndar fr\u00e1sagnir<\/h2>\t\t\t\t<\/div>\n\t\t<div class=\"elementor-element elementor-element-iwgw-charun-s4c e-con-full e-flex e-con e-child\" data-id=\"iwgw-charun-s4c\" data-element_type=\"container\" data-e-type=\"container\">\n\t\t\t\t<div class=\"elementor-element elementor-element-iwgw-charun-s4t elementor-widget elementor-widget-text-editor\" data-id=\"iwgw-charun-s4t\" data-element_type=\"widget\" data-e-type=\"widget\" data-widget_type=\"text-editor.default\">\n\t\t\t\t\t\t\t\t\t<p>\u00d3l\u00edkt gr\u00edskum heimildum eigum vi\u00f0 f\u00e1ar samfelldar fr\u00e1sagnir um Charun. \u00dea\u00f0 sem vi\u00f0 vitum kemur \u00far myndheimildum. \u00c1 sark\u00f3f\u00f6gum (\u00ed Tarquinia, Volterra) er Charun oft s\u00fdndur \u00ed skilna\u00f0arsenum: hinn l\u00e1tni kve\u00f0ur hina lifandi og Charun lei\u00f0ir hann til undirheima.<\/p><p>Mikilv\u00e6g sena s\u00fdnir Charun vi\u00f0 dr\u00e1p Akkillesar e\u00f0a annarra go\u00f0sagnahetja &#8211; \u00ed etr\u00faskri a\u00f0l\u00f6gun gr\u00edpur Charun virkan inn \u00ed atbur\u00f0ar\u00e1sina, \u00f3l\u00edkt gr\u00edskri hef\u00f0 \u00fear sem Hades sjaldan gr\u00edpur beint til a\u00f0ger\u00f0a.<\/p><p>Til etr\u00faskrar tr\u00faar heyr\u00f0i Disciplina Etrusca, sp\u00e1d\u00f3mskerfi byggt \u00e1 i\u00f0rasko\u00f0un (haruspicina), eldingat\u00falkun (fulguratio) og fuglasp\u00e1 (auspicia). Etr\u00faskar mi\u00f0lu\u00f0u \u00fev\u00ed til R\u00f3mverja, \u00fear sem \u00fea\u00f0 h\u00e9lst lifandi i\u00f0kun fram \u00e1 4. \u00f6ld e.Kr.; Cicero og Seneca l\u00fdstu \u00fev\u00ed \u00edtarlega.<\/p><p>Disciplina Etrusca var var\u00f0veitt \u00ed s\u00e9rh\u00e6f\u00f0um prestask\u00f3lum. Me\u00f0al grundvallarrita hennar voru Libri Rituales, Libri Haruspicini og Libri Fulgurales. \u00deessi rit eru gl\u00f6tu\u00f0 en m\u00e1 a\u00f0 hluta til endurgera \u00fat fr\u00e1 tilvitnunum \u00ed r\u00f3mverskum heimildum, til d\u00e6mis hj\u00e1 Cicero, Festus og Macrobius.<\/p><p>Etr\u00faskur <span class=\"iwg-fachbegriff\" data-tooltip=\"Heildarsafn tr\u00faarlegra tilbei\u00f0sluathafna fyrir gu\u00f0 e\u00f0a heilaga veru.\" tabindex=\"0\">\u00e1tr\u00fana\u00f0ur<\/span> var sterklega bundinn vi\u00f0 hverja borg fyrir sig. Tarquinia, \u00fear sem Charun er s\u00e9rstaklega \u00e1berandi \u00ed grafm\u00e1lverkum, haf\u00f0i s\u00edna eigin a\u00f0altilbei\u00f0slu og tr\u00faarlegar s\u00e9rkenni, l\u00edkt og Caere, Vulci, Veji, Clusium, Volsinii, Cortona, Perugia, Arezzo, Volterra, Populonia og Roselle.<\/p><p>Sem samfellt tr\u00faarlegt og sp\u00e1d\u00f3mslegt kerfi telst Disciplina Etrusca til \u00fer\u00f3a\u00f0ra sp\u00e1d\u00f3msi\u00f0kana fornaldar. R\u00f3mverjar t\u00f3ku \u00fea\u00f0 upp \u00e1 kerfisbundinn h\u00e1tt og \u00fea\u00f0 h\u00e9lst \u00ed i\u00f0kun fram \u00e1 s\u00ed\u00f0ari hluta <span class=\"iwg-fachbegriff\" data-tooltip=\"T\u00edmabil gr\u00edskrar og r\u00f3mverskrar menningar, um 800 f.Kr. til 600 e.Kr.\" tabindex=\"0\">fornaldar<\/span>, s\u00f6gulega merkileg samfella \u00fear sem hugmyndir um dau\u00f0ann og fylgdarverur hans \u00e1 bor\u00f0 vi\u00f0 Charun lif\u00f0u \u00e1fram.<\/p>\t\t\t\t\t\t\t\t<\/div>\n\t\t\t\t<\/div>\n\t\t\t\t\t<\/div>\n\t\t\t\t<\/div>\n\t\t<div class=\"elementor-element elementor-element-iwgw-charun-s5 e-flex e-con-boxed e-con e-parent\" data-id=\"iwgw-charun-s5\" data-element_type=\"container\" data-e-type=\"container\">\n\t\t\t\t\t<div class=\"e-con-inner\">\n\t\t\t\t<div class=\"elementor-element elementor-element-iwgw-charun-s5h elementor-widget elementor-widget-heading\" data-id=\"iwgw-charun-s5h\" data-element_type=\"widget\" data-e-type=\"widget\" data-widget_type=\"heading.default\">\n\t\t\t\t\t<h2 class=\"elementor-heading-title elementor-size-default\">Kult og athafnir<\/h2>\t\t\t\t<\/div>\n\t\t<div class=\"elementor-element elementor-element-iwgw-charun-s5c e-con-full e-flex e-con e-child\" data-id=\"iwgw-charun-s5c\" data-element_type=\"container\" data-e-type=\"container\">\n\t\t\t\t<div class=\"elementor-element elementor-element-iwgw-charun-s5t elementor-widget elementor-widget-text-editor\" data-id=\"iwgw-charun-s5t\" data-element_type=\"widget\" data-e-type=\"widget\" data-widget_type=\"text-editor.default\">\n\t\t\t\t\t\t\t\t\t<p>Charun var ekki &#8217;tilbe\u00f0inn&#8217; \u00ed sama skilningi og hin \u00f3lympsku Atua. <span class=\"iwg-fachbegriff\" data-tooltip=\"Heildarsafn tr\u00faarlegra tilbei\u00f0sluathafna fyrir gu\u00f0d\u00f3m e\u00f0a heilaga v\u00e6ttu.\" tabindex=\"0\">S\u00e9rtr\u00faars\u00f6fnu\u00f0ur<\/span> hans var a\u00f0allega bundinn vi\u00f0 samhengi \u00fatfara: Vi\u00f0 greftrun voru sag\u00f0ar form\u00falur tengdar Charun til a\u00f0 s\u00e6tta sig vi\u00f0 dau\u00f0ann og fylgja hinum l\u00e1tna \u00f6ruggan veg til undirheima.<\/p><p>Steinkistur og \u00f6skuker voru oft skreytt myndum af Charun, sem m\u00e1 skilja sem &#8216;fylgd&#8217; fyrir hinn l\u00e1tna. \u00deessi hef\u00f0 er skjalfest yfir margar aldir og s\u00fdnir mikilv\u00e6gi Charuns \u00ed etr\u00faskri greftrunarmenningu.<\/p><p>Etr\u00faskir <span class=\"iwg-fachbegriff\" data-tooltip=\"Bygging sem er tileinku\u00f0 tilbei\u00f0slu einum e\u00f0a fleiri gu\u00f0d\u00f3mum.\" tabindex=\"0\">musteri<\/span> s\u00fdna s\u00e9rst\u00e6\u00f0 byggingareinkenni: Tuscanus-st\u00edllinn myndar s\u00edna eigin s\u00falur\u00f6\u00f0, sem Vitr\u00fav\u00edus l\u00fdsir \u00ed De Architectura. Grunnmyndir \u00feeirra leggja \u00e1herslu \u00e1 cellu og brei\u00f0a framh\u00f6ll, og eru \u00fear me\u00f0 greinilega fr\u00e1brug\u00f0nar gr\u00edskum fyrirmyndum.<\/p><p>Etr\u00fask <span class=\"iwg-fachbegriff\" data-tooltip=\"Bygging sem er tileinku\u00f0 tilbei\u00f0slu einum e\u00f0a fleiri gu\u00f0d\u00f3mum.\" tabindex=\"0\">musteri<\/span> voru oft st\u00f3rfengleg mannvirki. <span class=\"iwg-fachbegriff\" data-tooltip=\"Bygging sem er tileinku\u00f0 tilbei\u00f0slu einum e\u00f0a fleiri gu\u00f0d\u00f3mum.\" tabindex=\"0\">Musteri<\/span> Iuppiters \u00e1 Kap\u00edt\u00f3lh\u00e6\u00f0inni \u00ed R\u00f3m var reist af etr\u00faskum arkitektum og listam\u00f6nnum, s\u00e9rstaklega Vulca fr\u00e1 Veii, og er tali\u00f0 byggingarlegt vitni um etr\u00faska tr\u00far\u00e6kni \u00ed frumbygg\u00f0 R\u00f3mar.<\/p><p>Etr\u00faska bandalag t\u00f3lf borga kom \u00e1rlega saman vi\u00f0 Fanum Voltumnae n\u00e1l\u00e6gt Volsinii til tr\u00faarlegra og stj\u00f3rnm\u00e1lalegra samr\u00e1\u00f0a. Voltumna var sambandsgu\u00f0 etr\u00faska r\u00edkjasambandsins og haf\u00f0i yfirgripsmikla tr\u00faarlega \u00fe\u00fd\u00f0ingu.<\/p>\t\t\t\t\t\t\t\t<\/div>\n\t\t\t\t<\/div>\n\t\t\t\t\t<\/div>\n\t\t\t\t<\/div>\n\t\t<div class=\"elementor-element elementor-element-iwgw-charun-s6 e-flex e-con-boxed e-con e-parent\" data-id=\"iwgw-charun-s6\" data-element_type=\"container\" data-e-type=\"container\">\n\t\t\t\t\t<div class=\"e-con-inner\">\n\t\t\t\t<div class=\"elementor-element elementor-element-iwgw-charun-s6h elementor-widget elementor-widget-heading\" data-id=\"iwgw-charun-s6h\" data-element_type=\"widget\" data-e-type=\"widget\" data-widget_type=\"heading.default\">\n\t\t\t\t\t<h2 class=\"elementor-heading-title elementor-size-default\">Verndarhef\u00f0ir og fr\u00e1hrindandi t\u00e1kn<\/h2>\t\t\t\t<\/div>\n\t\t<div class=\"elementor-element elementor-element-iwgw-charun-s6c e-con-full e-flex e-con e-child\" data-id=\"iwgw-charun-s6c\" data-element_type=\"container\" data-e-type=\"container\">\n\t\t\t\t<div class=\"elementor-element elementor-element-iwgw-charun-s6t elementor-widget elementor-widget-text-editor\" data-id=\"iwgw-charun-s6t\" data-element_type=\"widget\" data-e-type=\"widget\" data-widget_type=\"text-editor.default\">\n\t\t\t\t\t\t\t\t\t<p>Charun var ekki \u00e1kalla\u00f0ur \u00ed verndarsamhengi &#8211; hann var \u00fevert \u00e1 m\u00f3ti \u00fea\u00f0 sem menn v\u00f6r\u00f0u sig gegn. Fr\u00e1hrindandi (ap\u00f3tr\u00f3pa\u00edsk) i\u00f0kun beindist a\u00f0 \u00fev\u00ed a\u00f0 hindra \u00f3t\u00edmab\u00e6ra birtingu hans: heilsuathafnir, verndarform\u00falur gegn sj\u00fakd\u00f3mum og uppsetning verndargripa \u00ed h\u00fasum.<\/p><p>\u00cd \u00fatfarasamhengi m\u00e1tti \u00fe\u00f3 \u00e1kalla Charun \u00e1 j\u00e1kv\u00e6\u00f0an h\u00e1tt &#8211; sem nau\u00f0synlegan fylgdarmann sem lei\u00f0ir hinn l\u00e1tna \u00f6ruggan veg, ekki sem skelfingarv\u00e6ttu. \u00deessi tv\u00edbenta afsta\u00f0a er fr\u00e6\u00f0ilega \u00e1hugaver\u00f0.<\/p><p><span data-nosnippet>Etr\u00fask verndari\u00f0kun haf\u00f0i yfir a\u00f0 r\u00e1\u00f0a fj\u00f6lda fr\u00e1hrindandi r\u00e1\u00f0a: fallosgripi, Gorgoneion-myndir, augnat\u00e1kn, bullae og \u00e1kve\u00f0nar form\u00falur. Larissa Bonfante hefur \u00ed Etruscan Mirrors (1980 o.\u00e1fr.) greint myndm\u00e1l \u00feessara verndart\u00e1kna.<\/span><\/p><p>Fr\u00e1hrindandi t\u00e1kn eins og auga Tinia, fallosgripir og Gorgoneia voru \u00fatbreidd \u00ed etr\u00faskri menningu. \u00deau pr\u00fdddu <span class=\"iwg-fachbegriff\" data-tooltip=\"Bygging sem er tileinku\u00f0 tilbei\u00f0slu einum e\u00f0a fleiri gu\u00f0d\u00f3mum.\" tabindex=\"0\">musteri<\/span>, grafir, h\u00fasaltari og pers\u00f3nulega hluti, og \u00feessi hef\u00f0 h\u00e9lst \u00e1fram \u00ed r\u00f3mverskri og mi\u00f0jar\u00f0arhafsbundinni \u00fej\u00f3\u00f0tr\u00fa.<\/p><p>\u00cd etr\u00fasku samhengi var verndari\u00f0kun samofin Disciplina Etrusca. \u00c1\u00f0ur en mikilv\u00e6gar r\u00e1\u00f0stafanir voru ger\u00f0ar, hvort sem var borgarstofnun, herfer\u00f0 e\u00f0a h\u00fasbygging, var leita\u00f0 eftir sp\u00e1d\u00f3msr\u00e1\u00f0um.<\/p>\t\t\t\t\t\t\t\t<\/div>\n\t\t\t\t<\/div>\n\t\t\t\t\t<\/div>\n\t\t\t\t<\/div>\n\t\t<div class=\"elementor-element elementor-element-iwgw-charun-s7 e-flex e-con-boxed e-con e-parent\" data-id=\"iwgw-charun-s7\" data-element_type=\"container\" data-e-type=\"container\">\n\t\t\t\t\t<div class=\"e-con-inner\">\n\t\t\t\t<div class=\"elementor-element elementor-element-iwgw-charun-s7h elementor-widget elementor-widget-heading\" data-id=\"iwgw-charun-s7h\" data-element_type=\"widget\" data-e-type=\"widget\" data-widget_type=\"heading.default\">\n\t\t\t\t\t<h2 class=\"elementor-heading-title elementor-size-default\">Hli\u00f0st\u00e6\u00f0ur \u00ed \u00f6\u00f0rum menningarheimum<\/h2>\t\t\t\t<\/div>\n\t\t<div class=\"elementor-element elementor-element-iwgw-charun-s7c e-con-full e-flex e-con e-child\" data-id=\"iwgw-charun-s7c\" data-element_type=\"container\" data-e-type=\"container\">\n\t\t\t\t<div class=\"elementor-element elementor-element-iwgw-charun-s7t elementor-widget elementor-widget-text-editor\" data-id=\"iwgw-charun-s7t\" data-element_type=\"widget\" data-e-type=\"widget\" data-widget_type=\"text-editor.default\">\n\t\t\t\t\t\t\t\t\t<p>Charun samsvarar hlutverkslega gr\u00edska Charon (ferjumanni til undirheima), en me\u00f0 eigin \u00e1herslum. Tr\u00faarbrag\u00f0afr\u00e6\u00f0ilega m\u00e1 bera hann saman vi\u00f0 Anubis (egyptskan, lei\u00f0s\u00f6gumann hinna d\u00e1nu), vi\u00f0 germanska Hel-dj\u00f6fla e\u00f0a mes\u00f3p\u00f3tam\u00edska Galla-dj\u00f6fla.<\/p><p>S\u00e9rkenni etr\u00faskrar Charun-hef\u00f0ar er sterkt myndm\u00e1l og hamars-<span class=\"iwg-fachbegriff\" data-tooltip=\"Fr\u00e6\u00f0i um myndefni og merkingu \u00feeirra.\" tabindex=\"0\">helgimyndafr\u00e6\u00f0i<\/span>. \u00deessi hamarst\u00e1knmynd er sjaldnar skjalfest \u00ed \u00f6\u00f0rum tr\u00faarlegum dau\u00f0amenningum vi\u00f0 Mi\u00f0jar\u00f0arhaf og telst etr\u00faskt s\u00e9rkenni.<\/p><p>\u00cd gegnum interpretatio Romana voru etr\u00faskir gu\u00f0ir yfirf\u00e6r\u00f0ir me\u00f0 r\u00f3mverskum n\u00f6fnum: Tinia var\u00f0 Iupiter, Uni var\u00f0 Iuno, Menrva var\u00f0 Minerva. \u00deessi samsv\u00f6run var a\u00f0 mestu s\u00e9rt\u00e6k og \u00f3fullkomin; ranns\u00f3knir s\u00ed\u00f0ustu fimmt\u00edu \u00e1ra hafa unni\u00f0 \u00far \u00fev\u00ed hva\u00f0 var\u00f0veittist af etr\u00fasku s\u00e9rkenni.<\/p><p>Etr\u00fask tr\u00faarbr\u00f6g\u00f0 s\u00fdna fj\u00f6lda tengsla vi\u00f0 anat\u00f3l\u00edska, f\u00f6nik\u00edska og austr\u00e6nar hef\u00f0ir. Pyrgi-t\u00f6flurnar sta\u00f0festa f\u00f6nik\u00edska mi\u00f0lun, og \u00feessi \u00feverskips-mi\u00f0jar\u00f0arhafstengsl teljast me\u00f0al mikilv\u00e6gra ranns\u00f3knarsvi\u00f0a s\u00ed\u00f0ustu \u00e1ratuga.<\/p><p>Tr\u00faarbrag\u00f0afr\u00e6\u00f0ilega heyrir etr\u00faski <span class=\"iwg-fachbegriff\" data-tooltip=\"Heildarsafn tr\u00faarlegra tilbei\u00f0sluathafna fyrir gu\u00f0d\u00f3m e\u00f0a heilaga v\u00e6ttu.\" tabindex=\"0\">s\u00e9rtr\u00faars\u00f6fnu\u00f0urinn<\/span> til mi\u00f0jar\u00f0arhafslegu tr\u00faarbrag\u00f0afj\u00f6lskyldunnar, me\u00f0 tengslum vi\u00f0 Grikkland, F\u00f6nik\u00edu, Egyptaland, Anat\u00f3l\u00edu og Lat\u00edum. \u00deessi tengslamyndun er mikilv\u00e6gt ranns\u00f3knarsvi\u00f0.<\/p>\t\t\t\t\t\t\t\t<\/div>\n\t\t\t\t<\/div>\n\t\t\t\t\t<\/div>\n\t\t\t\t<\/div>\n\t\t<div class=\"elementor-element elementor-element-iwgw-charun-s8 e-flex e-con-boxed e-con e-parent\" data-id=\"iwgw-charun-s8\" data-element_type=\"container\" data-e-type=\"container\">\n\t\t\t\t\t<div class=\"e-con-inner\">\n\t\t\t\t<div class=\"elementor-element elementor-element-iwgw-charun-s8h elementor-widget elementor-widget-heading\" data-id=\"iwgw-charun-s8h\" data-element_type=\"widget\" data-e-type=\"widget\" data-widget_type=\"heading.default\">\n\t\t\t\t\t<h2 class=\"elementor-heading-title elementor-size-default\">Ranns\u00f3knir n\u00fat\u00edmans<\/h2>\t\t\t\t<\/div>\n\t\t<div class=\"elementor-element elementor-element-iwgw-charun-s8c e-con-full e-flex e-con e-child\" data-id=\"iwgw-charun-s8c\" data-element_type=\"container\" data-e-type=\"container\">\n\t\t\t\t<div class=\"elementor-element elementor-element-iwgw-charun-s8t elementor-widget elementor-widget-text-editor\" data-id=\"iwgw-charun-s8t\" data-element_type=\"widget\" data-e-type=\"widget\" data-widget_type=\"text-editor.default\">\n\t\t\t\t\t\t\t\t\t<p>Charun-ranns\u00f3knir hafa s\u00ed\u00f0ustu \u00e1ratugi n\u00fdtt s\u00e9r n\u00fdjar uppgr\u00f6ft og kerfisbundna \u00farvinnslu etr\u00faskra steinkistna og grafm\u00e1lverka. Stephan Steingr\u00e4ber, Erika Simon og Cornelia Weber-Lehmann hafa lagt fram mikilv\u00e6g framl\u00f6g.<\/p><p>Ranns\u00f3knir kanna n\u00e1i\u00f0 samband milli gr\u00edsku Charon-hef\u00f0arinnar og etr\u00fasks sj\u00e1lfst\u00e6\u00f0is Charuns. Myndfr\u00e6\u00f0ilegur munur er \u00fear mikilv\u00e6gasta v\u00edsbendingin um s\u00e9rkenni.<\/p><p>Etr\u00fask tr\u00faarbr\u00f6g\u00f0 eru \u00ed dag ranns\u00f6ku\u00f0 \u00e1 al\u00fej\u00f3\u00f0av\u00edsu. Mikilv\u00e6gar mi\u00f0st\u00f6\u00f0var eru h\u00e1sk\u00f3larnir \u00ed Fl\u00f3rens, R\u00f3m Sapienza, P\u00edsa, T\u00fcbingen og Princeton, og nokkur al\u00fej\u00f3\u00f0leg \u00feing \u00e1 \u00e1ri eru tileinku\u00f0 einst\u00f6kum \u00fe\u00e1ttum \u00feessarar tr\u00faar.<\/p><p>Al\u00fej\u00f3\u00f0leg ranns\u00f3knarverkefni um etr\u00fask tr\u00faarbr\u00f6g\u00f0 byggja \u00ed dag \u00e1 stafr\u00e6num a\u00f0fer\u00f0um: 3D-sk\u00f6nnun af musterum og gr\u00f6fum, gagnagrunnum um \u00e1letranir og myndheimildir, auk GIS-greininga \u00e1 etr\u00faskri bygg\u00f0arskipan. \u00deessar a\u00f0fer\u00f0ir opna n\u00fdjar ni\u00f0urst\u00f6\u00f0ur.<\/p><p>N\u00faverandi etr\u00faskar ranns\u00f3knir eru mi\u00f0la\u00f0ar til almennings me\u00f0 s\u00fdningum, me\u00f0al annars \u00ed Vat\u00edkansafninu, \u00ed Museo Nazionale Etrusco di Villa Giulia og \u00ed Boston Museum of Fine Arts, auk fj\u00f6lda \u00fatg\u00e1fa.<\/p>\t\t\t\t\t\t\t\t<\/div>\n\t\t\t\t<\/div>\n\t\t\t\t\t<\/div>\n\t\t\t\t<\/div>\n\t\t<div class=\"elementor-element elementor-element-iwgw-charun-s9 e-flex e-con-boxed e-con e-parent\" data-id=\"iwgw-charun-s9\" data-element_type=\"container\" data-e-type=\"container\">\n\t\t\t\t\t<div class=\"e-con-inner\">\n\t\t\t\t<div class=\"elementor-element elementor-element-iwgw-charun-s9h elementor-widget elementor-widget-heading\" data-id=\"iwgw-charun-s9h\" data-element_type=\"widget\" data-e-type=\"widget\" data-widget_type=\"heading.default\">\n\t\t\t\t\t<h2 class=\"elementor-heading-title elementor-size-default\">Heimildir og sta\u00f0a ranns\u00f3kna<\/h2>\t\t\t\t<\/div>\n\t\t<div class=\"elementor-element elementor-element-iwgw-charun-s9c e-con-full e-flex e-con e-child\" data-id=\"iwgw-charun-s9c\" data-element_type=\"container\" data-e-type=\"container\">\n\t\t\t\t<div class=\"elementor-element elementor-element-iwgw-charun-s9t elementor-widget elementor-widget-text-editor\" data-id=\"iwgw-charun-s9t\" data-element_type=\"widget\" data-e-type=\"widget\" data-widget_type=\"text-editor.default\">\n\t\t\t\t\t\t\t\t\t<p>Mikilv\u00e6gustu heimildirnar um ranns\u00f3knir \u00e1 Charun eru etr\u00fasku grafm\u00e1lverkin (Tarquinia, Vulci, Orvieto), sark\u00f3fagarnir (Volterra, Chiusi, Perugia), duftker og \u00e1letranir. <em>Etruscan Painting<\/em> eftir Stephan Steingr\u00e4ber er sta\u00f0alriti\u00f0 um grafm\u00e1lverk.<\/p><p>D\u00fdpri sko\u00f0un \u00e1 <a href=\"https:\/\/iwell-guard.com\/is\/etruskisk-trubrogd-haruspex-disciplina\/\">etr\u00faskri tr\u00faars\u00f6gu<\/a> \u00ed heild sinni s\u00fdnir hvernig skilja m\u00e1 Charun \u00ed tengslum vi\u00f0 Vanth, Aita og a\u00f0rar undirheimsv\u00e6ttir. \u00deessi tenging er v\u00edsindalega mikilv\u00e6g.<\/p><p>Heimildasta\u00f0a etr\u00faskrar tr\u00faarbrag\u00f0a er margbrotin og felur \u00ed s\u00e9r \u00e1letranaheimildir eins og Editio Minor eftir Helmut Rix, fornleifafundi, myndheimildir og fr\u00e6\u00f0irit. \u00deessi fj\u00f6lbreytni krefst \u00feverfaglegra a\u00f0fer\u00f0a, og n\u00fdrri ranns\u00f3knir tengja saman textafr\u00e6\u00f0i, <span class=\"iwg-fachbegriff\" data-tooltip=\"Fr\u00e6\u00f0igrein sem rannsakar fyrri menningarheima me\u00f0 efnislegum fundum.\" tabindex=\"0\">fornleifafr\u00e6\u00f0i<\/span>, <span class=\"iwg-fachbegriff\" data-tooltip=\"Fr\u00e6\u00f0igrein sem rannsakar tr\u00faarbr\u00f6g\u00f0 samanbur\u00f0arlega og \u00e1n tr\u00faarlegrar afst\u00f6\u00f0u.\" tabindex=\"0\">tr\u00faarbrag\u00f0afr\u00e6\u00f0i<\/span> og manneskjufr\u00e6\u00f0i \u00e1 kerfisbundinn h\u00e1tt.<\/p><p>S\u00e1 sem vill kryfja etr\u00fask tr\u00faarbr\u00f6g\u00f0 me\u00f0 gagnr\u00fdnu heimildamati \u00fearf a\u00f0 \u00feekkja b\u00e6\u00f0i etr\u00fasku frumheimildirnar og gr\u00edsk-r\u00f3mverskar aukaheimildir. \u00deetta tv\u00f6falda sj\u00f3narhorn er krefjandi en \u00f3missandi fyrir vi\u00f0eigandi tr\u00faars\u00f6gulega endurger\u00f0.<\/p><p>D\u00fdpri sko\u00f0un \u00e1 etr\u00faskri tr\u00faars\u00f6gu krefst \u00feekkingar \u00e1 \u00e1letrana-, fornleifa- og b\u00f3kmenntaheimildum sem og n\u00fat\u00edma <span class=\"iwg-fachbegriff\" data-tooltip=\"Fr\u00e6\u00f0igrein sem rannsakar tr\u00faarbr\u00f6g\u00f0 samanbur\u00f0arlega og \u00e1n tr\u00faarlegrar afst\u00f6\u00f0u.\" tabindex=\"0\">tr\u00faarbrag\u00f0afr\u00e6\u00f0i<\/span>. \u00deessi marg\u00fe\u00e6tta \u00farvinnsla er sta\u00f0ala\u00f0fer\u00f0 ranns\u00f3kna.<\/p>\t\t\t\t\t\t\t\t<\/div>\n\t\t\t\t<\/div>\n\t\t\t\t\t<\/div>\n\t\t\t\t<\/div>\n\t\t<div class=\"elementor-element elementor-element-cp2f309a89 e-flex e-con-boxed e-con e-parent\" data-id=\"cp2f309a89\" data-element_type=\"container\" data-e-type=\"container\">\n\t\t\t\t\t<div class=\"e-con-inner\">\n\t\t\t\t<div class=\"elementor-element elementor-element-cp2de4f00c elementor-widget elementor-widget-heading\" data-id=\"cp2de4f00c\" data-element_type=\"widget\" data-e-type=\"widget\" data-widget_type=\"heading.default\">\n\t\t\t\t\t<h2 class=\"elementor-heading-title elementor-size-default\">Charun \u00ed grafm\u00e1lverkum Tarquinia og Vulci<\/h2>\t\t\t\t<\/div>\n\t\t<div class=\"elementor-element elementor-element-cp2c2bd5bf e-flex e-con-boxed e-con e-child\" data-id=\"cp2c2bd5bf\" data-element_type=\"container\" data-e-type=\"container\">\n\t\t\t\t\t<div class=\"e-con-inner\">\n\t\t\t\t<div class=\"elementor-element elementor-element-cp20d29714 elementor-widget elementor-widget-text-editor\" data-id=\"cp20d29714\" data-element_type=\"widget\" data-e-type=\"widget\" data-widget_type=\"text-editor.default\">\n\t\t\t\t\t\t\t\t\t<p>Sk\u00fdrustu vitnisbur\u00f0irnir um etr\u00faska dau\u00f0adaim\u00f3ninn Charun koma \u00far m\u00e1lu\u00f0um grafh\u00fdsum, fyrst og fremst fr\u00e1 Tarquinia og Vulci.<\/p><p>\u00cd Tomba dell&#8217;Orco \u00ed Tarquinia, \u00fear sem m\u00e1lverkin eru fr\u00e1 4. \u00f6ld fyrir okkar t\u00edmatal, birtist Charun margsinnis: sem kr\u00f3kanefju\u00f0 vera me\u00f0 gr\u00e1myglulegri e\u00f0a bl\u00e1rri h\u00fa\u00f0, oddhv\u00f6ssum eyrum og \u00feungum hamri, sem er einkennandi eigindi hans. \u00c1letranir sta\u00f0festa au\u00f0kenni\u00f0, \u00fev\u00ed nafni\u00f0 stendur \u00e1 etr\u00fasku letri vi\u00f0 hli\u00f0 myndanna.<\/p><p>S\u00e9rstaklega uppl\u00fdsandi er Fran\u00e7ois-grafh\u00fdsi\u00f0 \u00ed Vulci fr\u00e1 4. \u00f6ld. \u00dear birtist Charun \u00ed atri\u00f0i sem s\u00fdnir Akkilles taka af l\u00edfi tr\u00f3janska fanga.<\/p><p>Charun stendur sem f\u00f6runautur dau\u00f0ans vi\u00f0 hli\u00f0 atbur\u00f0arins, \u00e1n \u00feess a\u00f0 taka sj\u00e1lfur \u00fe\u00e1tt, eins og vi\u00f0staddur sem vottar og fullkomnar umskiptin inn \u00ed handangenginn heim. \u00deessi sta\u00f0a er einkennandi fyrir etr\u00fasku Charun-myndina: hann er framkv\u00e6mandi og fylgdarma\u00f0ur dau\u00f0ans, ekki ors\u00f6k hans.<\/p><p>Hamarinn, sem Charun ber svo til alltaf, hefur veri\u00f0 t\u00falka\u00f0ur \u00e1 \u00fdmsa vegu \u00ed fr\u00e6\u00f0unum. Algeng tilg\u00e1ta tengir hann \u00feeirri hugmynd a\u00f0 <span class=\"iwg-fachbegriff\" data-tooltip=\"Andleg vera sem eignu\u00f0 er ska\u00f0leg e\u00f0a tv\u00edr\u00e6\u00f0 \u00e1hrif.\" tabindex=\"0\">daim\u00f3ninn<\/span> &#8222;innsigli&#8220; e\u00f0a &#8222;loki&#8220; me\u00f0 honum gr\u00f6fina e\u00f0a l\u00edfi\u00f0. A\u00f0rir sj\u00e1 \u00ed honum vopn e\u00f0a verkf\u00e6ri til a\u00f0 sl\u00e1 ni\u00f0ur. Margr\u00e6\u00f0nin er l\u00edklega \u00e6tlu\u00f0.<\/p><p>\u00cd grafm\u00e1lverkum birtist Charun oft samhli\u00f0a Vanth, v\u00e6ngja\u00f0ri kvenlegri handangenginnv\u00e6tti, sem oftast er teiknu\u00f0 mildari.<\/p><p>Pari\u00f0 Charun og Vanth myndar endurteki\u00f0 t\u00e1knmynstur sem s\u00fdnir dau\u00f0ann sem atbur\u00f0 fylgt af tveimur gagnvirkum m\u00e1ttum. Samb\u00e6rilegar hugmyndir um handangengna heiminn finnast \u00ed n\u00e1l\u00e6gum <a href=\"https:\/\/iwell-guard.com\/is\/etruskisk-trubrogd-haruspex-disciplina\/\">\u00edt\u00f6lskum menningarheimum<\/a>, en sj\u00e1lf mynd Charuns er s\u00e9rstaklega etr\u00fask.<\/p>\t\t\t\t\t\t\t\t<\/div>\n\t\t\t\t\t<\/div>\n\t\t\t\t<\/div>\n\t\t\t\t\t<\/div>\n\t\t\t\t<\/div>\n\t\t<div class=\"elementor-element elementor-element-cp2ce4341f e-flex e-con-boxed e-con e-parent\" data-id=\"cp2ce4341f\" data-element_type=\"container\" data-e-type=\"container\">\n\t\t\t\t\t<div class=\"e-con-inner\">\n\t\t\t\t<div class=\"elementor-element elementor-element-cp235880bc elementor-widget elementor-widget-heading\" data-id=\"cp235880bc\" data-element_type=\"widget\" data-e-type=\"widget\" data-widget_type=\"heading.default\">\n\t\t\t\t\t<h2 class=\"elementor-heading-title elementor-size-default\">Charun og gr\u00edski Karon: vark\u00e1r samanbur\u00f0ur<\/h2>\t\t\t\t<\/div>\n\t\t<div class=\"elementor-element elementor-element-cp280ff0fc e-flex e-con-boxed e-con e-child\" data-id=\"cp280ff0fc\" data-element_type=\"container\" data-e-type=\"container\">\n\t\t\t\t\t<div class=\"e-con-inner\">\n\t\t\t\t<div class=\"elementor-element elementor-element-cp218a251a elementor-widget elementor-widget-text-editor\" data-id=\"cp218a251a\" data-element_type=\"widget\" data-e-type=\"widget\" data-widget_type=\"text-editor.default\">\n\t\t\t\t\t\t\t\t\t<p>Nafni\u00f0 Charun er greinilega skylt gr\u00edska ferjumanninum Karon, og eldri ranns\u00f3knir gengu sj\u00e1lfsagt \u00fat fr\u00e1 einfaldri yfirt\u00f6ku. Vi\u00f0 n\u00e1nari athugun kemur \u00ed lj\u00f3s a\u00f0 sambandi\u00f0 er fl\u00f3knara, og \u00feetta tilvik hentar s\u00e9rstaklega vel til a\u00f0 verja etr\u00fask tr\u00faarbr\u00f6g\u00f0 fyrir of flj\u00f3tf\u00e6rinni grikkjun.<\/p><p>Gr\u00edski Karon er ferjuma\u00f0ur: hlutverk hans er a\u00f0 flytja s\u00e1lir yfir Akheron, og fyrir \u00fea\u00f0 er honum greitt \u00f3bolos. Hann er \u00f6nugur en \u00ed grunninn \u00fej\u00f3nustuma\u00f0ur r\u00edkis hinna dau\u00f0u. Etr\u00faski Charun er aftur \u00e1 m\u00f3ti ekki ferjuma\u00f0ur.<\/p><p>\u00cd myndheimildum r\u00f3ar hann ekki og innheimtir ekkert ferjugjald. Hann er hamarb\u00e6r \u00f3gnvekjandi vera sem er vi\u00f0st\u00f6dd vi\u00f0 dau\u00f0astundina og fylgir e\u00f0a vaktar hina dau\u00f0u. \u00c1s\u00fdnd hans er dj\u00f6fulleg og l\u00edkamlega h\u00f3tandi, me\u00f0an Karon er teikna\u00f0ur sem gamall, \u00f3hir\u00f0ulegur ma\u00f0ur.<\/p><p>L\u00edklegasta \u00fatsk\u00fdringin er a\u00f0 Etr\u00farar hafi teki\u00f0 nafni\u00f0 \u00far gr\u00edskum menningarheimi en tengt \u00fea\u00f0 eigin, hugsanlega eldri innlendri hugmynd um handangengna heiminn. A\u00f0 Charun geti komi\u00f0 fram \u00ed fj\u00f6lt\u00f6lu, \u00feannig a\u00f0 nokkrir Charunar birtist samhli\u00f0a, m\u00e6lir enn frekar \u00e1 m\u00f3ti \u00fev\u00ed a\u00f0 hann s\u00e9 einf\u00f6ld eftirmynd gr\u00edsku einstaklingsverunnar.<\/p><p>Sumir fr\u00e6\u00f0imenn telja a\u00f0 \u00e1 bak vi\u00f0 etr\u00faska Charun standi heil st\u00e9tt dau\u00f0adaim\u00f3na, \u00fear sem einn \u00feeirra hafi veri\u00f0 s\u00e9rstaklega dregin fram me\u00f0 hinu t\u00f6kuor\u00f0i. Samanbur\u00f0urinn s\u00fdnir me\u00f0 sk\u00fdrum h\u00e6tti a\u00f0 etr\u00faskar gy\u00f0jur og gu\u00f0ir me\u00f0 gr\u00edskhlj\u00f3mandi n\u00f6fn m\u00e1 ekki \u00e1n frekari athugunar samsama gr\u00edskum nafna s\u00ednum.<\/p>\t\t\t\t\t\t\t\t<\/div>\n\t\t\t\t\t<\/div>\n\t\t\t\t<\/div>\n\t\t\t\t\t<\/div>\n\t\t\t\t<\/div>\n\t\t<div class=\"elementor-element elementor-element-cp26a4771c e-flex e-con-boxed e-con e-parent\" data-id=\"cp26a4771c\" data-element_type=\"container\" data-e-type=\"container\">\n\t\t\t\t\t<div class=\"e-con-inner\">\n\t\t\t\t<div class=\"elementor-element elementor-element-cp28059f35 elementor-widget elementor-widget-heading\" data-id=\"cp28059f35\" data-element_type=\"widget\" data-e-type=\"widget\" data-widget_type=\"heading.default\">\n\t\t\t\t\t<h2 class=\"elementor-heading-title elementor-size-default\">Charu, Tuchulcha og etr\u00faska starfsf\u00f3lk undirheimanna<\/h2>\t\t\t\t<\/div>\n\t\t<div class=\"elementor-element elementor-element-cp23562a36 e-flex e-con-boxed e-con e-child\" data-id=\"cp23562a36\" data-element_type=\"container\" data-e-type=\"container\">\n\t\t\t\t\t<div class=\"e-con-inner\">\n\t\t\t\t<div class=\"elementor-element elementor-element-cp26c9a3e7 elementor-widget elementor-widget-text-editor\" data-id=\"cp26c9a3e7\" data-element_type=\"widget\" data-e-type=\"widget\" data-widget_type=\"text-editor.default\">\n\t\t\t\t\t\t\t\t\t<p>Charun er hluti af fj\u00f6lmennu handverksli\u00f0i undirheimanna hj\u00e1 Etr\u00farum, en innri skipulagning \u00feess er okkur a\u00f0eins \u00feekkt \u00ed gr\u00f3fum dr\u00e1ttum, og hann er engan veginn eini handanheimsdem\u00f3nninn hj\u00e1 Etr\u00farum. Vi\u00f0 hli\u00f0 hans stendur Vanth, hin v\u00e6ngja\u00f0a fylgikona, oft s\u00fdnd me\u00f0 kyndil e\u00f0a sl\u00f6ngu.<\/p><p>\u00dear a\u00f0 auki kemur Tuchulcha fram, einkar hr\u00e6\u00f0ilegt <span class=\"iwg-fachbegriff\" data-tooltip=\"Vera sem sameinar \u00ed s\u00e9r einkenni \u00fdmissa l\u00edfvera.\" tabindex=\"0\">samsett vera<\/span> me\u00f0 asnaeyru, gammsnef og sl\u00f6ngur, sem er \u00feekktust \u00far Tomba dell&#8217;Orco \u00ed Tarquinia, \u00fear sem h\u00fan h\u00f3tar \u00deeseifi \u00ed undirheimunum.<\/p><p>Tilvist \u00feessa fj\u00f6lbreytta dem\u00f3nali\u00f0s varpar fram spurningunni um innri byggingu handanheimsmynda Etr\u00fara. \u00d3l\u00edkt gr\u00edskri <span class=\"iwg-fachbegriff\" data-tooltip=\"Heild \u00feeirra gu\u00f0asagna sem var\u00f0veist hafa \u00ed \u00e1kve\u00f0inni menningu.\" tabindex=\"0\">go\u00f0afr\u00e6\u00f0i<\/span>, sem hefur me\u00f0 Hades, Persef\u00f3nu og fullb\u00fanum sagnavef r\u00edka fr\u00e1sagnarheild um heim hinna dau\u00f0u, hafa etr\u00faskar heimildir varla var\u00f0veitt neinar samfelldar fr\u00e1sagnir.<\/p><p>\u00dea\u00f0 sem vi\u00f0 h\u00f6fum eru fyrst og fremst myndir: senur \u00e1 grafh\u00fdsaveggjum, \u00e1 sark\u00f3f\u00f6gum og \u00f6skuurnum, \u00e1samt stuttum \u00e1letrunum. Etr\u00faska \u201ehandanheimsgu\u00f0fr\u00e6\u00f0i&#8220; er \u00feannig a\u00f0eins h\u00e6gt a\u00f0 lei\u00f0a \u00fat me\u00f0 mikilli var\u00fa\u00f0.<\/p><p>Athyglisvert er a\u00f0 fj\u00f6ldi dem\u00f3nagerva vir\u00f0ist aukast eftir \u00fev\u00ed sem l\u00ed\u00f0ur \u00e1 s\u00f6gu Etr\u00fara og framsetning \u00feeirra ver\u00f0ur sm\u00e1m saman dekkri. \u00c1 s\u00ed\u00f0ara t\u00edmabilinu, um \u00fea\u00f0 bil fr\u00e1 4. \u00f6ld, ver\u00f0a \u00f3gnvekjandi handanheimsmyndir t\u00ed\u00f0ari.<\/p><p>Sumir fr\u00e6\u00f0imenn hafa tengt \u00feetta vi\u00f0 p\u00f3lit\u00edskar kreppur etr\u00faskra borga undir \u00fer\u00fdstingi R\u00f3mar og gert r\u00e1\u00f0 fyrir vaxandi svarts\u00fdnisstemningu.<\/p><p>\u00deessi t\u00falkun er og ver\u00f0ur tilg\u00e1ta, \u00fev\u00ed erfitt er a\u00f0 lei\u00f0a stemningu \u00fat fr\u00e1 myndaefni. Hins vegar er \u00f6ruggt a\u00f0 Charun h\u00e9lt innan \u00feessa h\u00f3ps mi\u00f0l\u00e6gu og st\u00f6\u00f0ugu hlutverki: hann er s\u00e1 etr\u00faski dau\u00f0adem\u00f3n sem oftast er nefndur og sk\u00fdrast au\u00f0kenndur.<\/p>\t\t\t\t\t\t\t\t<\/div>\n\t\t\t\t\t<\/div>\n\t\t\t\t<\/div>\n\t\t\t\t\t<\/div>\n\t\t\t\t<\/div>\n\t\t<div class=\"elementor-element elementor-element-iwgw-charun-lit e-flex e-con-boxed e-con e-parent\" data-id=\"iwgw-charun-lit\" data-element_type=\"container\" data-e-type=\"container\">\n\t\t\t\t\t<div class=\"e-con-inner\">\n\t\t\t\t<div class=\"elementor-element elementor-element-iwgw-charun-lith elementor-widget elementor-widget-heading\" data-id=\"iwgw-charun-lith\" data-element_type=\"widget\" data-e-type=\"widget\" data-widget_type=\"heading.default\">\n\t\t\t\t\t<h2 class=\"elementor-heading-title elementor-size-default\">Heimildir (\u00farval)<\/h2>\t\t\t\t<\/div>\n\t\t<div class=\"elementor-element elementor-element-iwgw-charun-litc e-con-full e-flex e-con e-child\" data-id=\"iwgw-charun-litc\" data-element_type=\"container\" data-e-type=\"container\">\n\t\t\t\t<div class=\"elementor-element elementor-element-iwgw-charun-litt elementor-widget elementor-widget-text-editor\" data-id=\"iwgw-charun-litt\" data-element_type=\"widget\" data-e-type=\"widget\" data-widget_type=\"text-editor.default\">\n\t\t\t\t\t\t\t\t\t<ul><li>Stephan Steingr\u00e4ber: <em>Etruscan Painting<\/em> (1986)<\/li><li>Jean-Rene Jannot: <em>Religion in Ancient Etruria<\/em> (2005)<\/li><li>Larissa Bonfante: <em>Etruscan Mythology<\/em> (2006)<\/li><li>Massimo Pallottino: <em>Die Etrusker<\/em> (1942)<\/li><li>Erika Simon: <em>Die G\u00f6tter der R\u00f6mer und Etrusker<\/em><\/li><\/ul>\n<p class=\"iwg-bib-more\"><span data-nosnippet>Fleiri grundvallarrit \u00ed <a href=\"https:\/\/iwell-guard.com\/is\/heimildaskra\/\">heimildaskr\u00e1nni<\/a>.<\/span><\/p>\t\t\t\t\t\t\t\t<\/div>\n\t\t\t\t<\/div>\n\t\t\t\t\t<\/div>\n\t\t\t\t<\/div>\n\t\t<div class=\"elementor-element elementor-element-iwgkw2-add-charun e-flex e-con-boxed e-con e-parent\" data-id=\"iwgkw2-add-charun\" data-element_type=\"container\" data-e-type=\"container\">\n\t\t\t\t\t<div class=\"e-con-inner\">\n\t\t\t\t<div class=\"elementor-element elementor-element-iwgkw2-add-charun-t elementor-widget elementor-widget-text-editor\" data-id=\"iwgkw2-add-charun-t\" data-element_type=\"widget\" data-e-type=\"widget\" data-widget_type=\"text-editor.default\">\n\t\t\t\t\t\t\t\t\t<p>\u00cd etr\u00faskri <span class=\"iwg-fachbegriff\" data-tooltip=\"Var\u00f0veitt fr\u00e1s\u00f6gn um gu\u00f0i, upphaf og skipan heimsins.\" tabindex=\"0\">go\u00f0s\u00f6gu<\/span> fylgir Charun, me\u00f0 hamar og bl\u00e1a h\u00fa\u00f0, hinum d\u00e1nu a\u00f0 \u00fer\u00f6skuldi undirheimanna; myndheimur hans einkennir grafhvelfingar \u00ed Tarquinia, Chiusi og Orvieto.<\/p>\t\t\t\t\t\t\t\t<\/div>\n\t\t\t\t\t<\/div>\n\t\t\t\t<\/div>\n\t\t<div class=\"elementor-element elementor-element-iwgw-charun-kwd e-flex e-con-boxed e-con e-parent\" data-id=\"iwgw-charun-kwd\" data-element_type=\"container\" data-e-type=\"container\">\n\t\t\t\t\t<div class=\"e-con-inner\">\n\t\t<div class=\"elementor-element elementor-element-iwgw-charun-kwdc e-con-full e-flex e-con e-child\" data-id=\"iwgw-charun-kwdc\" data-element_type=\"container\" data-e-type=\"container\">\n\t\t\t\t<div class=\"elementor-element elementor-element-iwgw-charun-kwdt elementor-widget elementor-widget-text-editor\" data-id=\"iwgw-charun-kwdt\" data-element_type=\"widget\" data-e-type=\"widget\" data-widget_type=\"text-editor.default\">\n\t\t\t\t\t\t\t\t\t<p><em>Tengd leitaror\u00f0: Charun Etr\u00farar dau\u00f0adem\u00f3n hamar Tarquinia Tomba dei Carontes Vanth Aita.<\/em><\/p>\t\t\t\t\t\t\t\t<\/div>\n\t\t\t\t<\/div>\n\t\t\t\t\t<\/div>\n\t\t\t\t<\/div>\n\t\t<div class=\"elementor-element elementor-element-iwgw-charun-cc e-flex e-con-boxed e-con e-parent\" data-id=\"iwgw-charun-cc\" data-element_type=\"container\" data-e-type=\"container\" id=\"iwg-cc-charun\">\n\t\t\t\t\t<div class=\"e-con-inner\">\n\t\t<div class=\"elementor-element elementor-element-iwgw-charun-ccinner e-flex e-con-boxed e-con e-parent\" data-id=\"iwgw-charun-ccinner\" data-element_type=\"container\" data-e-type=\"container\" data-settings=\"{&quot;background_background&quot;:&quot;classic&quot;}\">\n\t\t\t\t\t<div class=\"e-con-inner\">\n\t\t\t\t<div class=\"elementor-element elementor-element-iwgw-charun-cch elementor-widget elementor-widget-heading\" data-id=\"iwgw-charun-cch\" data-element_type=\"widget\" data-e-type=\"widget\" data-widget_type=\"heading.default\">\n\t\t\t\t\t<h2 class=\"elementor-heading-title elementor-size-default\">iWell Guard og verndarhef\u00f0ir<\/h2>\t\t\t\t<\/div>\n\t\t\t\t<div class=\"elementor-element elementor-element-iwgw-charun-cct elementor-widget elementor-widget-text-editor\" data-id=\"iwgw-charun-cct\" data-element_type=\"widget\" data-e-type=\"widget\" data-widget_type=\"text-editor.default\">\n\t\t\t\t\t\t\t\t\t<div data-nosnippet=\"true\"><p>iWell Guard tengist menningars\u00f6gulegri hef\u00f0 farandhelgigripa, \u00ed hef\u00f0 <a href=\"https:\/\/iwell-guard.com\/is\/etruskisk-trubrogd-haruspex-disciplina\/\">Etr\u00faska<\/a> og margra annarra menningarheima um allan heim. 41 lag, alv\u00f6ru gull, plat\u00edna, silfur, framleitt \u00ed \u00de\u00fdskalandi. 30 daga skilar\u00e9ttur.<\/p><\/div>\t\t\t\t\t\t\t\t<\/div>\n\t\t\t\t<div class=\"elementor-element elementor-element-iwgw-charun-ccb iwg-cc-button iwg-cc-cta-2026-05-13 elementor-widget elementor-widget-jet-button\" data-id=\"iwgw-charun-ccb\" data-element_type=\"widget\" data-e-type=\"widget\" data-widget_type=\"jet-button.default\">\n\t\t\t\t<div class=\"elementor-widget-container\">\n\t\t\t\t\t<div class=\"elementor-jet-button jet-elements\"><div class=\"jet-button__container\"><a class=\"jet-button__instance jet-button__instance--icon-left hover-effect-1\" href=\"\/ueber-iwell-guard\/?utm_source=iwell-guard.com&amp;utm_medium=info-box&amp;utm_campaign=wesen-tradition\"><div class=\"jet-button__plane jet-button__plane-normal\"><\/div><div class=\"jet-button__plane jet-button__plane-hover\"><\/div><div class=\"jet-button__state jet-button__state-normal\"><span class=\"jet-button__label\">Meira um iWell Guard<\/span><\/div><div class=\"jet-button__state jet-button__state-hover\"><span class=\"jet-button__label\">Meira um iWell Guard<\/span><\/div><\/a><\/div><\/div><style>.elementor-element.elementor-element-iwgw-charun-ccb .jet-button__instance{width:320px;height:56px;}.elementor-element.elementor-element-iwgw-charun-ccb .jet-button__state-normal .jet-button__label{text-align:center;margin:0px 0px 0px 0px;color:#1a1b20;font-family:Montserrat,sans-serif;font-size:13px;font-weight:400;letter-spacing:4px;line-height:1.714em;text-transform:uppercase;}.elementor-element.elementor-element-iwgw-charun-ccb .jet-button__state-hover .jet-button__label{text-align:center;margin:0px 0px 0px 0px;color:#FECC76;font-family:Montserrat,sans-serif;font-size:13px;font-weight:400;letter-spacing:4px;line-height:1.714em;text-transform:uppercase;}.elementor-element.elementor-element-iwgw-charun-ccb .jet-button__plane-normal{background-color:#FECC76;border-style:solid;border-color:#C99540;border-width:2px 2px 2px 2px;}.elementor-element.elementor-element-iwgw-charun-ccb .jet-button__plane-hover{background-color:rgba(0,0,0,0.55);border-style:solid;border-color:#FECC76;border-width:2px 2px 2px 2px;}<\/style>\t\t\t\t<\/div>\n\t\t\t\t<\/div>\n\t\t\t\t<div class=\"elementor-element elementor-element-iwgw-charun-ccd elementor-widget elementor-widget-text-editor\" data-id=\"iwgw-charun-ccd\" data-element_type=\"widget\" data-e-type=\"widget\" data-widget_type=\"text-editor.default\">\n\t\t\t\t\t\t\t\t\t<div data-nosnippet=\"true\"><p style=\"text-align:center;font-size:13px;opacity:0.7;margin-top:14px\" data-nosnippet=\"true\">Pers\u00f3nuleg reynsla getur veri\u00f0 mismunandi. Ekki l\u00e6kningat\u00e6ki. Engin lofor\u00f0 um l\u00e6kningu.<\/p><\/div>\t\t\t\t\t\t\t\t<\/div>\n\t\t\t\t\t<\/div>\n\t\t\t\t<\/div>\n\t\t\t\t\t<\/div>\n\t\t\t\t<\/div>\n\t\t<div class=\"elementor-element elementor-element-iwgw-charun-disc e-flex e-con-boxed e-con e-parent\" data-id=\"iwgw-charun-disc\" data-element_type=\"container\" data-e-type=\"container\">\n\t\t\t\t\t<div class=\"e-con-inner\">\n\t\t\t\t<div class=\"elementor-element elementor-element-iwgw-charun-discw elementor-widget elementor-widget-html\" data-id=\"iwgw-charun-discw\" data-element_type=\"widget\" data-e-type=\"widget\" data-widget_type=\"html.default\">\n\t\t\t\t\t<footer data-nosnippet=\"true\" class=\"iwg-disclaimer-block\"><p data-nosnippet=\"true\">iWell Guard er <strong>ekki l\u00e6kningat\u00e6ki<\/strong> og kemur ekki \u00ed sta\u00f0inn fyrir l\u00e6knis- e\u00f0a s\u00e1lfr\u00e6\u00f0ime\u00f0fer\u00f0. Tr\u00faarfr\u00e6\u00f0ilegt efni er menningars\u00f6gulegt samhengi, ekki r\u00e1\u00f0legging um andlega i\u00f0kun.<\/p><\/footer>\t\t\t\t<\/div>\n\t\t\t\t\t<\/div>\n\t\t\t\t<\/div>\n\t\t\t\t<\/div>\n\t\t","protected":false},"excerpt":{"rendered":"","protected":false},"author":3,"featured_media":2812,"parent":0,"menu_order":0,"comment_status":"closed","ping_status":"closed","template":"elementor_header_footer","meta":{"_yoast_wpseo_focuskw":"Charun Etr\u00faskar","_yoast_wpseo_title":"Charun - Etr\u00faskur dau\u00f0ademon, go\u00f0s\u00f6gn","_yoast_wpseo_metadesc":"Charun er etr\u00faskur demon undirheimanna, s\u00e1lufylgja me\u00f0 hamar. Tr\u00faarfr\u00e6\u00f0ileg greining me\u00f0 go\u00f0s\u00f6gn, d\u00fdrkun og heimildum.","_yoast_wpseo_meta-robots-noindex":"","_yoast_wpseo_canonical":"","_angie_page":false,"gefaehrdungsstufe":"3","wesen_kultur":"etruskisch","wesen_klasse":"geister","footnotes":""},"categories":[],"class_list":["post-168954","page","type-page","status-publish","has-post-thumbnail","hentry"],"yoast_head":"<!-- This site is optimized with the Yoast SEO Premium plugin v27.7 (Yoast SEO v28.3) - https:\/\/yoast.com\/product\/yoast-seo-premium-wordpress\/ -->\n<title>Charun - Etr\u00faskur dau\u00f0ademon, go\u00f0s\u00f6gn<\/title>\n<meta name=\"description\" content=\"Charun er etr\u00faskur demon undirheimanna, s\u00e1lufylgja me\u00f0 hamar. Tr\u00faarfr\u00e6\u00f0ileg greining me\u00f0 go\u00f0s\u00f6gn, d\u00fdrkun og heimildum.\" \/>\n<meta name=\"robots\" content=\"index, follow, max-snippet:-1, max-image-preview:large, max-video-preview:-1\" \/>\n<link rel=\"canonical\" href=\"https:\/\/iwell-guard.com\/is\/charun-etruskur-daudademon\/\" \/>\n<meta property=\"og:locale\" content=\"is_IS\" \/>\n<meta property=\"og:type\" content=\"article\" \/>\n<meta property=\"og:title\" content=\"Charun - Etr\u00faskur dau\u00f0ademon\" \/>\n<meta property=\"og:description\" content=\"Charun er etr\u00faskur demon undirheimanna, s\u00e1lufylgja me\u00f0 hamar. Tr\u00faarfr\u00e6\u00f0ileg greining me\u00f0 go\u00f0s\u00f6gn, d\u00fdrkun og heimildum.\" \/>\n<meta property=\"og:url\" content=\"https:\/\/iwell-guard.com\/is\/charun-etruskur-daudademon\/\" \/>\n<meta property=\"og:site_name\" content=\"iWell Guard\" \/>\n<meta property=\"article:modified_time\" content=\"2026-09-05T14:24:27+00:00\" \/>\n<meta property=\"og:image\" content=\"https:\/\/iwell-guard.com\/wp-content\/uploads\/2026\/05\/daemonen_etruskisch_charun.webp\" \/>\n\t<meta property=\"og:image:width\" content=\"1024\" \/>\n\t<meta property=\"og:image:height\" content=\"1536\" \/>\n\t<meta property=\"og:image:type\" content=\"image\/webp\" \/>\n<meta name=\"twitter:card\" content=\"summary_large_image\" \/>\n<script type=\"application\/ld+json\" class=\"yoast-schema-graph\">{\"@context\":\"https:\\\/\\\/schema.org\",\"@graph\":[{\"@type\":\"WebPage\",\"@id\":\"https:\\\/\\\/iwell-guard.com\\\/is\\\/charun-etruskur-daudademon\\\/\",\"url\":\"https:\\\/\\\/iwell-guard.com\\\/is\\\/charun-etruskur-daudademon\\\/\",\"name\":\"Charun - Etr\u00faskur dau\u00f0ademon, go\u00f0s\u00f6gn\",\"isPartOf\":{\"@id\":\"https:\\\/\\\/iwell-guard.com\\\/is\\\/#website\"},\"primaryImageOfPage\":{\"@id\":\"https:\\\/\\\/iwell-guard.com\\\/is\\\/charun-etruskur-daudademon\\\/#primaryimage\"},\"image\":{\"@id\":\"https:\\\/\\\/iwell-guard.com\\\/is\\\/charun-etruskur-daudademon\\\/#primaryimage\"},\"thumbnailUrl\":\"https:\\\/\\\/iwell-guard.com\\\/wp-content\\\/uploads\\\/2026\\\/05\\\/daemonen_etruskisch_charun.webp\",\"datePublished\":\"2026-09-05T14:04:20+00:00\",\"dateModified\":\"2026-09-05T14:24:27+00:00\",\"description\":\"Charun er etr\u00faskur demon undirheimanna, s\u00e1lufylgja me\u00f0 hamar. Tr\u00faarfr\u00e6\u00f0ileg greining me\u00f0 go\u00f0s\u00f6gn, d\u00fdrkun og heimildum.\",\"breadcrumb\":{\"@id\":\"https:\\\/\\\/iwell-guard.com\\\/is\\\/charun-etruskur-daudademon\\\/#breadcrumb\"},\"inLanguage\":\"is\",\"potentialAction\":[{\"@type\":\"ReadAction\",\"target\":[\"https:\\\/\\\/iwell-guard.com\\\/is\\\/charun-etruskur-daudademon\\\/\"]}]},{\"@type\":\"ImageObject\",\"inLanguage\":\"is\",\"@id\":\"https:\\\/\\\/iwell-guard.com\\\/is\\\/charun-etruskur-daudademon\\\/#primaryimage\",\"url\":\"https:\\\/\\\/iwell-guard.com\\\/wp-content\\\/uploads\\\/2026\\\/05\\\/daemonen_etruskisch_charun.webp\",\"contentUrl\":\"https:\\\/\\\/iwell-guard.com\\\/wp-content\\\/uploads\\\/2026\\\/05\\\/daemonen_etruskisch_charun.webp\",\"width\":1024,\"height\":1536,\"caption\":\"Dj\u00f6flar \u00far etr\u00faskri hef\u00f0.\"},{\"@type\":\"BreadcrumbList\",\"@id\":\"https:\\\/\\\/iwell-guard.com\\\/is\\\/charun-etruskur-daudademon\\\/#breadcrumb\",\"itemListElement\":[{\"@type\":\"ListItem\",\"position\":1,\"name\":\"Start\",\"item\":\"https:\\\/\\\/iwell-guard.com\\\/is\\\/?page_id=168580\"},{\"@type\":\"ListItem\",\"position\":2,\"name\":\"Charun &#8211; Etr\u00faskur dau\u00f0ademon\"}]},{\"@type\":\"WebSite\",\"@id\":\"https:\\\/\\\/iwell-guard.com\\\/is\\\/#website\",\"url\":\"https:\\\/\\\/iwell-guard.com\\\/is\\\/\",\"name\":\"iWell Guard\",\"description\":\"Schutz vor dunklen Einfl\u00fcssen\",\"publisher\":{\"@id\":\"https:\\\/\\\/iwell-guard.com\\\/is\\\/#organization\"},\"potentialAction\":[{\"@type\":\"SearchAction\",\"target\":{\"@type\":\"EntryPoint\",\"urlTemplate\":\"https:\\\/\\\/iwell-guard.com\\\/is\\\/?s={search_term_string}\"},\"query-input\":{\"@type\":\"PropertyValueSpecification\",\"valueRequired\":true,\"valueName\":\"search_term_string\"}}],\"inLanguage\":\"is\"},{\"@type\":\"Organization\",\"@id\":\"https:\\\/\\\/iwell-guard.com\\\/is\\\/#organization\",\"name\":\"Ittermann electronic GmbH\",\"url\":\"https:\\\/\\\/iwell-guard.com\\\/is\\\/\",\"logo\":{\"@type\":\"ImageObject\",\"inLanguage\":\"is\",\"@id\":\"https:\\\/\\\/iwell-guard.com\\\/is\\\/#\\\/schema\\\/logo\\\/image\\\/\",\"url\":\"https:\\\/\\\/iwell-guard.com\\\/wp-content\\\/uploads\\\/2026\\\/05\\\/Ittermann-Logo-1182x237-1.png\",\"contentUrl\":\"https:\\\/\\\/iwell-guard.com\\\/wp-content\\\/uploads\\\/2026\\\/05\\\/Ittermann-Logo-1182x237-1.png\",\"width\":1182,\"height\":237,\"caption\":\"Ittermann electronic GmbH\"},\"image\":{\"@id\":\"https:\\\/\\\/iwell-guard.com\\\/is\\\/#\\\/schema\\\/logo\\\/image\\\/\"},\"sameAs\":[\"https:\\\/\\\/pantip.com\\\/profile\\\/9367242\",\"https:\\\/\\\/micro.blog\\\/iwellguard\",\"https:\\\/\\\/www.diggerslist.com\\\/iwellguard\\\/about\",\"https:\\\/\\\/skitterphoto.com\\\/photographers\\\/2870314\\\/iwell-guard\",\"https:\\\/\\\/iwellguard.wordpress.com\\\/2026\\\/06\\\/06\\\/iwell-guard\\\/\",\"https:\\\/\\\/hub.docker.com\\\/u\\\/iwellguard\",\"https:\\\/\\\/www.pinterest.com\\\/iwellguard\\\/\",\"https:\\\/\\\/bit.ly\\\/m\\\/iwellguard\",\"https:\\\/\\\/entre-vos-mains.alsace.eu\\\/profiles\\\/iwellguard\\\/activity\",\"https:\\\/\\\/gravatar.com\\\/reallybeded8fd34\",\"https:\\\/\\\/naijamatta.com\\\/iwellguard\",\"https:\\\/\\\/www.goodreads.com\\\/iwellguard\",\"https:\\\/\\\/profile.hatena.ne.jp\\\/iwellguard\\\/\",\"https:\\\/\\\/experiment.com\\\/users\\\/iwellguard\",\"https:\\\/\\\/wakelet.com\\\/@iWellGuard82270\",\"https:\\\/\\\/www.chordie.com\\\/forum\\\/profile.php?id=2555664\",\"https:\\\/\\\/www.instapaper.com\\\/p\\\/17757966\",\"https:\\\/\\\/www.mapleprimes.com\\\/users\\\/iwellguard\",\"https:\\\/\\\/businesslistingplus.com\\\/profile\\\/iwell-guard\\\/\",\"https:\\\/\\\/telegra.ph\\\/iWell-Guard-06-06\",\"https:\\\/\\\/pbase.com\\\/iwellguard\\\/iwellguard\",\"https:\\\/\\\/b.hatena.ne.jp\\\/iwellguard\\\/20260607#bookmark-4788405196491818882\",\"https:\\\/\\\/fliphtml5.com\\\/home\\\/iwellguard\",\"https:\\\/\\\/anyflip.com\\\/homepage\\\/cmiwl#About\",\"https:\\\/\\\/transfur.com\\\/Users\\\/iwellguard\",\"http:\\\/\\\/delphi.larsbo.org\\\/user\\\/iwellguard\",\"https:\\\/\\\/jobs.lajobsportal.org\\\/profiles\\\/8380803-iwell-guard\",\"https:\\\/\\\/md.chaosdorf.de\\\/s\\\/jfbe5SBdJD\",\"https:\\\/\\\/www.lingvolive.com\\\/en-us\\\/profile\\\/9ecaeaca-ce11-4e51-9e71-01d55e2bff36\\\/translations\",\"https:\\\/\\\/www.fitday.com\\\/fitness\\\/forums\\\/members\\\/iwellguard.html\",\"https:\\\/\\\/www.mymeetbook.com\\\/iwellguard\",\"https:\\\/\\\/pxhere.com\\\/en\\\/photographer-me\\\/5040798\",\"https:\\\/\\\/disqus.com\\\/by\\\/iwellguard\\\/about\\\/\",\"https:\\\/\\\/pastelink.net\\\/hjwciqwq\",\"https:\\\/\\\/pubhtml5.com\\\/homepage\\\/scjhn\\\/\",\"https:\\\/\\\/www.bitchute.com\\\/channel\\\/2O2eOKzNqujT\",\"https:\\\/\\\/audiomack.com\\\/iwellguard\"]},{\"@type\":\"Article\",\"@id\":\"https:\\\/\\\/iwell-guard.com\\\/is\\\/charun-etruskur-daudademon\\\/#article\",\"isPartOf\":{\"@id\":\"https:\\\/\\\/iwell-guard.com\\\/is\\\/charun-etruskur-daudademon\\\/\"},\"author\":{\"name\":\"Ralf Ittermann\",\"@id\":\"https:\\\/\\\/iwell-guard.com\\\/is\\\/#\\\/schema\\\/person\\\/ee2a27f1cac3406c7c6fb5820cb7349f\"},\"headline\":\"Charun &#8211; Etr\u00faskur dau\u00f0ademon\",\"datePublished\":\"2026-09-05T14:04:20+00:00\",\"dateModified\":\"2026-09-05T14:24:27+00:00\",\"mainEntityOfPage\":{\"@id\":\"https:\\\/\\\/iwell-guard.com\\\/is\\\/charun-etruskur-daudademon\\\/\"},\"publisher\":{\"@id\":\"https:\\\/\\\/iwell-guard.com\\\/is\\\/#organization\"},\"image\":{\"@id\":\"https:\\\/\\\/iwell-guard.com\\\/is\\\/charun-etruskur-daudademon\\\/#primaryimage\"},\"thumbnailUrl\":\"https:\\\/\\\/iwell-guard.com\\\/wp-content\\\/uploads\\\/2026\\\/05\\\/daemonen_etruskisch_charun.webp\",\"inLanguage\":\"is\",\"description\":\"Charun er etr\u00faskur demon undirheimanna, s\u00e1lufylgja me\u00f0 hamar. Tr\u00faarfr\u00e6\u00f0ileg greining me\u00f0 go\u00f0s\u00f6gn, d\u00fdrkun og heimildum.\"}]}<\/script>\n<!-- \/ Yoast SEO Premium plugin. -->","yoast_head_json":{"title":"Charun - Etr\u00faskur dau\u00f0ademon, go\u00f0s\u00f6gn","description":"Charun er etr\u00faskur demon undirheimanna, s\u00e1lufylgja me\u00f0 hamar. Tr\u00faarfr\u00e6\u00f0ileg greining me\u00f0 go\u00f0s\u00f6gn, d\u00fdrkun og heimildum.","robots":{"index":"index","follow":"follow","max-snippet":"max-snippet:-1","max-image-preview":"max-image-preview:large","max-video-preview":"max-video-preview:-1"},"canonical":"https:\/\/iwell-guard.com\/is\/charun-etruskur-daudademon\/","og_locale":"is_IS","og_type":"article","og_title":"Charun - Etr\u00faskur dau\u00f0ademon","og_description":"Charun er etr\u00faskur demon undirheimanna, s\u00e1lufylgja me\u00f0 hamar. Tr\u00faarfr\u00e6\u00f0ileg greining me\u00f0 go\u00f0s\u00f6gn, d\u00fdrkun og heimildum.","og_url":"https:\/\/iwell-guard.com\/is\/charun-etruskur-daudademon\/","og_site_name":"iWell Guard","article_modified_time":"2026-09-05T14:24:27+00:00","og_image":[{"width":1024,"height":1536,"url":"https:\/\/iwell-guard.com\/wp-content\/uploads\/2026\/05\/daemonen_etruskisch_charun.webp","type":"image\/webp"}],"twitter_card":"summary_large_image","schema":{"@context":"https:\/\/schema.org","@graph":[{"@type":"Article","@id":"https:\/\/iwell-guard.com\/is\/charun-etruskur-daudademon\/#article","isPartOf":{"@id":"https:\/\/iwell-guard.com\/is\/charun-etruskur-daudademon\/"},"author":{"name":"Ralf Ittermann","@id":"https:\/\/iwell-guard.com\/is\/#\/schema\/person\/ee2a27f1cac3406c7c6fb5820cb7349f"},"headline":"Charun &#8211; Etr\u00faskur dau\u00f0ademon","datePublished":"2026-09-05T14:04:20+00:00","dateModified":"2026-09-05T14:24:27+00:00","mainEntityOfPage":{"@id":"https:\/\/iwell-guard.com\/is\/charun-etruskur-daudademon\/"},"publisher":{"@id":"https:\/\/iwell-guard.com\/is\/#organization"},"image":{"@id":"https:\/\/iwell-guard.com\/is\/charun-etruskur-daudademon\/#primaryimage"},"thumbnailUrl":"https:\/\/iwell-guard.com\/wp-content\/uploads\/2026\/05\/daemonen_etruskisch_charun.webp","inLanguage":"is","description":"Charun er etr\u00faskur demon undirheimanna, s\u00e1lufylgja me\u00f0 hamar. Tr\u00faarfr\u00e6\u00f0ileg greining me\u00f0 go\u00f0s\u00f6gn, d\u00fdrkun og heimildum."},{"@type":"WebPage","@id":"https:\/\/iwell-guard.com\/is\/charun-etruskur-daudademon\/","url":"https:\/\/iwell-guard.com\/is\/charun-etruskur-daudademon\/","name":"Charun - Etr\u00faskur dau\u00f0ademon, go\u00f0s\u00f6gn","isPartOf":{"@id":"https:\/\/iwell-guard.com\/is\/#website"},"primaryImageOfPage":{"@id":"https:\/\/iwell-guard.com\/is\/charun-etruskur-daudademon\/#primaryimage"},"image":{"@id":"https:\/\/iwell-guard.com\/is\/charun-etruskur-daudademon\/#primaryimage"},"thumbnailUrl":"https:\/\/iwell-guard.com\/wp-content\/uploads\/2026\/05\/daemonen_etruskisch_charun.webp","datePublished":"2026-09-05T14:04:20+00:00","dateModified":"2026-09-05T14:24:27+00:00","description":"Charun er etr\u00faskur demon undirheimanna, s\u00e1lufylgja me\u00f0 hamar. Tr\u00faarfr\u00e6\u00f0ileg greining me\u00f0 go\u00f0s\u00f6gn, d\u00fdrkun og heimildum.","breadcrumb":{"@id":"https:\/\/iwell-guard.com\/is\/charun-etruskur-daudademon\/#breadcrumb"},"inLanguage":"is","potentialAction":[{"@type":"ReadAction","target":["https:\/\/iwell-guard.com\/is\/charun-etruskur-daudademon\/"]}]},{"@type":"ImageObject","inLanguage":"is","@id":"https:\/\/iwell-guard.com\/is\/charun-etruskur-daudademon\/#primaryimage","url":"https:\/\/iwell-guard.com\/wp-content\/uploads\/2026\/05\/daemonen_etruskisch_charun.webp","contentUrl":"https:\/\/iwell-guard.com\/wp-content\/uploads\/2026\/05\/daemonen_etruskisch_charun.webp","width":1024,"height":1536,"caption":"Dj\u00f6flar \u00far etr\u00faskri hef\u00f0."},{"@type":"BreadcrumbList","@id":"https:\/\/iwell-guard.com\/is\/charun-etruskur-daudademon\/#breadcrumb","itemListElement":[{"@type":"ListItem","position":1,"name":"Start","item":"https:\/\/iwell-guard.com\/is\/?page_id=168580"},{"@type":"ListItem","position":2,"name":"Charun &#8211; Etr\u00faskur dau\u00f0ademon"}]},{"@type":"WebSite","@id":"https:\/\/iwell-guard.com\/is\/#website","url":"https:\/\/iwell-guard.com\/is\/","name":"iWell Guard","description":"Schutz vor dunklen Einfl\u00fcssen","publisher":{"@id":"https:\/\/iwell-guard.com\/is\/#organization"},"potentialAction":[{"@type":"SearchAction","target":{"@type":"EntryPoint","urlTemplate":"https:\/\/iwell-guard.com\/is\/?s={search_term_string}"},"query-input":{"@type":"PropertyValueSpecification","valueRequired":true,"valueName":"search_term_string"}}],"inLanguage":"is"},{"@type":"Organization","@id":"https:\/\/iwell-guard.com\/is\/#organization","name":"Ittermann electronic GmbH","url":"https:\/\/iwell-guard.com\/is\/","logo":{"@type":"ImageObject","inLanguage":"is","@id":"https:\/\/iwell-guard.com\/is\/#\/schema\/logo\/image\/","url":"https:\/\/iwell-guard.com\/wp-content\/uploads\/2026\/05\/Ittermann-Logo-1182x237-1.png","contentUrl":"https:\/\/iwell-guard.com\/wp-content\/uploads\/2026\/05\/Ittermann-Logo-1182x237-1.png","width":1182,"height":237,"caption":"Ittermann electronic GmbH"},"image":{"@id":"https:\/\/iwell-guard.com\/is\/#\/schema\/logo\/image\/"},"sameAs":["https:\/\/pantip.com\/profile\/9367242","https:\/\/micro.blog\/iwellguard","https:\/\/www.diggerslist.com\/iwellguard\/about","https:\/\/skitterphoto.com\/photographers\/2870314\/iwell-guard","https:\/\/iwellguard.wordpress.com\/2026\/06\/06\/iwell-guard\/","https:\/\/hub.docker.com\/u\/iwellguard","https:\/\/www.pinterest.com\/iwellguard\/","https:\/\/bit.ly\/m\/iwellguard","https:\/\/entre-vos-mains.alsace.eu\/profiles\/iwellguard\/activity","https:\/\/gravatar.com\/reallybeded8fd34","https:\/\/naijamatta.com\/iwellguard","https:\/\/www.goodreads.com\/iwellguard","https:\/\/profile.hatena.ne.jp\/iwellguard\/","https:\/\/experiment.com\/users\/iwellguard","https:\/\/wakelet.com\/@iWellGuard82270","https:\/\/www.chordie.com\/forum\/profile.php?id=2555664","https:\/\/www.instapaper.com\/p\/17757966","https:\/\/www.mapleprimes.com\/users\/iwellguard","https:\/\/businesslistingplus.com\/profile\/iwell-guard\/","https:\/\/telegra.ph\/iWell-Guard-06-06","https:\/\/pbase.com\/iwellguard\/iwellguard","https:\/\/b.hatena.ne.jp\/iwellguard\/20260607#bookmark-4788405196491818882","https:\/\/fliphtml5.com\/home\/iwellguard","https:\/\/anyflip.com\/homepage\/cmiwl#About","https:\/\/transfur.com\/Users\/iwellguard","http:\/\/delphi.larsbo.org\/user\/iwellguard","https:\/\/jobs.lajobsportal.org\/profiles\/8380803-iwell-guard","https:\/\/md.chaosdorf.de\/s\/jfbe5SBdJD","https:\/\/www.lingvolive.com\/en-us\/profile\/9ecaeaca-ce11-4e51-9e71-01d55e2bff36\/translations","https:\/\/www.fitday.com\/fitness\/forums\/members\/iwellguard.html","https:\/\/www.mymeetbook.com\/iwellguard","https:\/\/pxhere.com\/en\/photographer-me\/5040798","https:\/\/disqus.com\/by\/iwellguard\/about\/","https:\/\/pastelink.net\/hjwciqwq","https:\/\/pubhtml5.com\/homepage\/scjhn\/","https:\/\/www.bitchute.com\/channel\/2O2eOKzNqujT","https:\/\/audiomack.com\/iwellguard"]},{"@type":"Person","@id":"https:\/\/iwell-guard.com\/is\/#\/schema\/person\/ee2a27f1cac3406c7c6fb5820cb7349f","name":"Ralf Ittermann","image":{"@type":"ImageObject","inLanguage":"is","@id":"https:\/\/secure.gravatar.com\/avatar\/073c0153e350a5005b68eb752b445fea71f6b24a26da9449ad7e155e6b446c9d?s=96&d=mm&r=g","url":"https:\/\/secure.gravatar.com\/avatar\/073c0153e350a5005b68eb752b445fea71f6b24a26da9449ad7e155e6b446c9d?s=96&d=mm&r=g","contentUrl":"https:\/\/secure.gravatar.com\/avatar\/073c0153e350a5005b68eb752b445fea71f6b24a26da9449ad7e155e6b446c9d?s=96&d=mm&r=g","caption":"Ralf Ittermann"},"givenName":"Ralf","familyName":"Ittermann","jobTitle":"Gesch\u00e4ftsf\u00fchrer und redaktioneller Verantwortlicher","url":"https:\/\/iwell-guard.com\/is\/author\/claude\/","description":"Ralf Ittermann ist Gesch\u00e4ftsf\u00fchrer der Ittermann electronic GmbH und redaktioneller Verantwortlicher des iWell-Guard-Lexikons. Er verbindet langj\u00e4hrige Erfahrung in der Pr\u00e4zisionsfertigung mit medialer Praxis und religionsgeschichtlicher Quellenarbeit.","worksFor":{"@type":"Organization","name":"Ittermann electronic GmbH","url":"https:\/\/ittermann.de\/","address":{"@type":"PostalAddress","streetAddress":"K\u00f6hlergasse 16-18","postalCode":"99842","addressLocality":"Ruhla","addressCountry":"DE"}},"knowsAbout":["Religionsgeschichte","Mythologie","Mediale Praxis","Energetische Diagnostik","Schutzpraxis","Volksglauben","Westliche Esoterik"]},{"@type":"Article","@id":"https:\/\/iwell-guard.com\/is\/charun-etruskur-daudademon\/#article","isPartOf":{"@id":"https:\/\/iwell-guard.com\/is\/charun-etruskur-daudademon\/"},"author":{"name":"Ralf Ittermann","@id":"https:\/\/iwell-guard.com\/is\/#\/schema\/person\/ee2a27f1cac3406c7c6fb5820cb7349f"},"headline":"Charun &#8211; Etr\u00faskur dau\u00f0ademon","datePublished":"2026-09-05T14:04:20+00:00","dateModified":"2026-09-05T14:24:27+00:00","mainEntityOfPage":{"@id":"https:\/\/iwell-guard.com\/is\/charun-etruskur-daudademon\/"},"publisher":{"@id":"https:\/\/iwell-guard.com\/is\/#organization"},"image":{"@id":"https:\/\/iwell-guard.com\/is\/charun-etruskur-daudademon\/#primaryimage"},"thumbnailUrl":"https:\/\/iwell-guard.com\/wp-content\/uploads\/2026\/05\/daemonen_etruskisch_charun.webp","inLanguage":"is","description":"Charun er etr\u00faskur demon undirheimanna, s\u00e1lufylgja me\u00f0 hamar. Tr\u00faarfr\u00e6\u00f0ileg greining me\u00f0 go\u00f0s\u00f6gn, d\u00fdrkun og heimildum."}]}},"_links":{"self":[{"href":"https:\/\/iwell-guard.com\/is\/wp-json\/wp\/v2\/pages\/168954","targetHints":{"allow":["GET"]}}],"collection":[{"href":"https:\/\/iwell-guard.com\/is\/wp-json\/wp\/v2\/pages"}],"about":[{"href":"https:\/\/iwell-guard.com\/is\/wp-json\/wp\/v2\/types\/page"}],"author":[{"embeddable":true,"href":"https:\/\/iwell-guard.com\/is\/wp-json\/wp\/v2\/users\/3"}],"replies":[{"embeddable":true,"href":"https:\/\/iwell-guard.com\/is\/wp-json\/wp\/v2\/comments?post=168954"}],"version-history":[{"count":0,"href":"https:\/\/iwell-guard.com\/is\/wp-json\/wp\/v2\/pages\/168954\/revisions"}],"wp:featuredmedia":[{"embeddable":true,"href":"https:\/\/iwell-guard.com\/is\/wp-json\/wp\/v2\/media\/2812"}],"wp:attachment":[{"href":"https:\/\/iwell-guard.com\/is\/wp-json\/wp\/v2\/media?parent=168954"}],"wp:term":[{"taxonomy":"category","embeddable":true,"href":"https:\/\/iwell-guard.com\/is\/wp-json\/wp\/v2\/categories?post=168954"}],"curies":[{"name":"wp","href":"https:\/\/api.w.org\/{rel}","templated":true}]}}