{"id":168951,"date":"2026-09-05T14:04:19","date_gmt":"2026-09-05T14:04:19","guid":{"rendered":"https:\/\/iwell-guard.com\/?page_id=168951"},"modified":"2026-09-05T14:59:30","modified_gmt":"2026-09-05T14:59:30","slug":"menrva-gydja-viskunnar-hernadar","status":"publish","type":"page","link":"https:\/\/iwell-guard.com\/is\/menrva-gydja-viskunnar-hernadar\/","title":{"rendered":"Menrva &#8211; Etr\u00fask gy\u00f0ja viskunnar og herna\u00f0ar"},"content":{"rendered":"\t\t<div data-elementor-type=\"wp-page\" data-elementor-id=\"168951\" class=\"elementor elementor-168951 elementor-2606 elementor-bc-flex-widget\" data-elementor-post-type=\"page\">\n\t\t\t\t<div class=\"elementor-element elementor-element-iwgw-menrva-hero e-flex e-con-boxed e-con e-parent\" data-id=\"iwgw-menrva-hero\" data-element_type=\"container\" data-e-type=\"container\" data-settings=\"{&quot;background_background&quot;:&quot;classic&quot;}\">\n\t\t\t\t\t<div class=\"e-con-inner\">\n\t\t<div class=\"elementor-element elementor-element-iwgw-menrva-hl e-flex e-con-boxed e-con e-child\" data-id=\"iwgw-menrva-hl\" data-element_type=\"container\" data-e-type=\"container\">\n\t\t\t\t\t<div class=\"e-con-inner\">\n\t\t<div class=\"elementor-element elementor-element-iwgw-menrva-htxt e-con-full e-flex e-con e-child\" data-id=\"iwgw-menrva-htxt\" data-element_type=\"container\" data-e-type=\"container\">\n\t\t\t\t<div class=\"elementor-element elementor-element-iwgw-menrva-h1 elementor-widget elementor-widget-heading\" data-id=\"iwgw-menrva-h1\" data-element_type=\"widget\" data-e-type=\"widget\" data-widget_type=\"heading.default\">\n\t\t\t\t\t<h1 class=\"elementor-heading-title elementor-size-default\">Menrva - Etr\u00fask gy\u00f0ja viskunnar, handverks og herna\u00f0ar<\/h1>\t\t\t\t<\/div>\n\t\t\t\t<div class=\"elementor-element elementor-element-iwgw-menrva-lead elementor-widget elementor-widget-text-editor\" data-id=\"iwgw-menrva-lead\" data-element_type=\"widget\" data-e-type=\"widget\" data-widget_type=\"text-editor.default\">\n\t\t\t\t\t\t\t\t\t<p>Menrva (einnig skrifu\u00f0 Menerva, Menarva) er \u00ed etr\u00faskum \u00e1tr\u00fana\u00f0i gy\u00f0ja viskunnar, handverks, herna\u00f0ar og l\u00e6kninga. \u00c1samt <a href=\"https:\/\/iwell-guard.com\/is\/tinia-haesti-gud-etrura\/\">Tinia<\/a> og <a href=\"https:\/\/iwell-guard.com\/is\/uni-haedsta-gydja-etrura\/\">Uni<\/a> myndar h\u00fan hina kapit\u00f3l\u00ednsku \u00ferenningu og er hinn beini forveri hinnar r\u00f3mversku Minervu. \u00deessi umfj\u00f6llun l\u00fdsir tr\u00faarfr\u00e6\u00f0ilegri st\u00f6\u00f0u hennar \u00ed etr\u00faska <span class=\"iwg-fachbegriff\" data-tooltip=\"Heild gu\u00f0a innan tr\u00faarbrag\u00f0a e\u00f0a menningar.\" tabindex=\"0\">go\u00f0aveldinu (pantheon)<\/span>.<\/p>\t\t\t\t\t\t\t\t<\/div>\n\t\t\t\t<\/div>\n\t\t<div class=\"elementor-element elementor-element-iwgw-menrva-pillc e-con-full e-flex e-con e-child\" data-id=\"iwgw-menrva-pillc\" data-element_type=\"container\" data-e-type=\"container\">\n\t\t\t\t<div class=\"elementor-element elementor-element-iwgw-menrva-pills elementor-widget elementor-widget-html\" data-id=\"iwgw-menrva-pills\" data-element_type=\"widget\" data-e-type=\"widget\" data-widget_type=\"html.default\">\n\t\t\t\t\t<div class=\"iwg-pill-row\"><span class=\"iwg-klasse-badge\" tabindex=\"0\" data-tooltip=\"Gy\u00f0ja \u00ed etr\u00faskri hef\u00f0.\">Gy\u00f0ja<\/span><a href=\"https:\/\/iwell-guard.com\/is\/etruskisk-trubrogd-haruspex-disciplina\/\" class=\"iwg-kultur-badge\" tabindex=\"0\" data-tooltip=\"Go\u00f0afr\u00e6\u00f0i etr\u00faskrar hef\u00f0ar.\">Etr\u00faskt<\/a><span class=\"iwg-tradition-badge\" tabindex=\"0\" data-tooltip=\"Gy\u00f0ja viskunnar.\">Gy\u00f0ja viskunnar<\/span><\/div>\t\t\t\t<\/div>\n\t\t\t\t<\/div>\n\t\t<div class=\"elementor-element elementor-element-iwgw-menrva-tocc e-con-full e-flex e-con e-child\" data-id=\"iwgw-menrva-tocc\" data-element_type=\"container\" data-e-type=\"container\">\n\t\t\t\t<div class=\"elementor-element elementor-element-iwgw-menrva-toc elementor-toc--minimized-on-tablet elementor-widget elementor-widget-table-of-contents\" data-id=\"iwgw-menrva-toc\" data-element_type=\"widget\" data-e-type=\"widget\" data-settings=\"{&quot;headings_by_tags&quot;:[&quot;h2&quot;,&quot;h3&quot;],&quot;minimize_box&quot;:&quot;yes&quot;,&quot;marker_view&quot;:&quot;bullets&quot;,&quot;no_headings_message&quot;:&quot;Engar undirfyrirsagnir fundust \\u00e1 \\u00feessari s\\u00ed\\u00f0u.&quot;,&quot;exclude_headings_by_selector&quot;:[],&quot;icon&quot;:{&quot;value&quot;:&quot;fas fa-circle&quot;,&quot;library&quot;:&quot;fa-solid&quot;,&quot;rendered_tag&quot;:&quot;&lt;svg class=\\&quot;e-font-icon-svg e-fas-circle\\&quot; viewBox=\\&quot;0 0 512 512\\&quot; xmlns=\\&quot;http:\\\/\\\/www.w3.org\\\/2000\\\/svg\\&quot;&gt;&lt;path d=\\&quot;M256 8C119 8 8 119 8 256s111 248 248 248 248-111 248-248S393 8 256 8z\\&quot;&gt;&lt;\\\/path&gt;&lt;\\\/svg&gt;&quot;},&quot;minimized_on&quot;:&quot;tablet&quot;,&quot;hierarchical_view&quot;:&quot;yes&quot;,&quot;min_height&quot;:{&quot;unit&quot;:&quot;px&quot;,&quot;size&quot;:&quot;&quot;,&quot;sizes&quot;:[]},&quot;min_height_tablet&quot;:{&quot;unit&quot;:&quot;px&quot;,&quot;size&quot;:&quot;&quot;,&quot;sizes&quot;:[]},&quot;min_height_mobile&quot;:{&quot;unit&quot;:&quot;px&quot;,&quot;size&quot;:&quot;&quot;,&quot;sizes&quot;:[]}}\" data-widget_type=\"table-of-contents.default\">\n\t\t\t\t\t\t\t\t\t<div class=\"elementor-toc__header\">\n\t\t\t\t\t\t<h2 class=\"elementor-toc__header-title\">\n\t\t\t\tEfnisyfirlit\t\t\t<\/h2>\n\t\t\t\t\t\t\t\t\t\t<div class=\"elementor-toc__toggle-button elementor-toc__toggle-button--expand\" role=\"button\" tabindex=\"0\" aria-controls=\"elementor-toc__iwgw-menrva-toc\" aria-expanded=\"true\" aria-label=\"Open table of contents\"><svg aria-hidden=\"true\" class=\"e-font-icon-svg e-fas-chevron-down\" viewBox=\"0 0 448 512\" xmlns=\"http:\/\/www.w3.org\/2000\/svg\"><path d=\"M207.029 381.476L12.686 187.132c-9.373-9.373-9.373-24.569 0-33.941l22.667-22.667c9.357-9.357 24.522-9.375 33.901-.04L224 284.505l154.745-154.021c9.379-9.335 24.544-9.317 33.901.04l22.667 22.667c9.373 9.373 9.373 24.569 0 33.941L240.971 381.476c-9.373 9.372-24.569 9.372-33.942 0z\"><\/path><\/svg><\/div>\n\t\t\t\t<div class=\"elementor-toc__toggle-button elementor-toc__toggle-button--collapse\" role=\"button\" tabindex=\"0\" aria-controls=\"elementor-toc__iwgw-menrva-toc\" aria-expanded=\"true\" aria-label=\"Close table of contents\"><svg aria-hidden=\"true\" class=\"e-font-icon-svg e-fas-chevron-up\" viewBox=\"0 0 448 512\" xmlns=\"http:\/\/www.w3.org\/2000\/svg\"><path d=\"M240.971 130.524l194.343 194.343c9.373 9.373 9.373 24.569 0 33.941l-22.667 22.667c-9.357 9.357-24.522 9.375-33.901.04L224 227.495 69.255 381.516c-9.379 9.335-24.544 9.317-33.901-.04l-22.667-22.667c-9.373-9.373-9.373-24.569 0-33.941L207.03 130.525c9.372-9.373 24.568-9.373 33.941-.001z\"><\/path><\/svg><\/div>\n\t\t\t\t\t<\/div>\n\t\t\t\t<div id=\"elementor-toc__iwgw-menrva-toc\" class=\"elementor-toc__body\">\n\t\t\t<div class=\"elementor-toc__spinner-container\">\n\t\t\t\t<svg class=\"elementor-toc__spinner eicon-animation-spin e-font-icon-svg e-eicon-loading\" aria-hidden=\"true\" viewBox=\"0 0 1000 1000\" xmlns=\"http:\/\/www.w3.org\/2000\/svg\"><path d=\"M500 975V858C696 858 858 696 858 500S696 142 500 142 142 304 142 500H25C25 237 238 25 500 25S975 237 975 500 763 975 500 975Z\"><\/path><\/svg>\t\t\t<\/div>\n\t\t<\/div>\n\t\t\t\t\t\t<\/div>\n\t\t\t\t<\/div>\n\t\t\t\t\t<\/div>\n\t\t\t\t<\/div>\n\t\t<div class=\"elementor-element elementor-element-iwgw-menrva-hr e-con-full e-flex e-con e-child\" data-id=\"iwgw-menrva-hr\" data-element_type=\"container\" data-e-type=\"container\">\n\t\t\t\t<div class=\"elementor-element elementor-element-iwgw-menrva-heroimg iwg-hero-image elementor-widget elementor-widget-image\" data-id=\"iwgw-menrva-heroimg\" data-element_type=\"widget\" data-e-type=\"widget\" data-widget_type=\"image.default\">\n\t\t\t\t\t\t\t\t\t\t\t\t\t\t\t<img fetchpriority=\"high\" decoding=\"async\" width=\"683\" height=\"1024\" src=\"https:\/\/iwell-guard.com\/wp-content\/uploads\/2026\/05\/goetter_etruskisch_menrva-683x1024.webp\" class=\"attachment-large size-large wp-image-170830\" alt=\"Menrva - Gu\u00f0\/gy\u00f0ja \u00far etr\u00faskri hef\u00f0, s\u00f6guleg-myndr\u00e6n framsetning\" srcset=\"https:\/\/iwell-guard.com\/wp-content\/uploads\/2026\/05\/goetter_etruskisch_menrva-683x1024.webp 683w, https:\/\/iwell-guard.com\/wp-content\/uploads\/2026\/05\/goetter_etruskisch_menrva-200x300.webp 200w, https:\/\/iwell-guard.com\/wp-content\/uploads\/2026\/05\/goetter_etruskisch_menrva-768x1152.webp 768w, https:\/\/iwell-guard.com\/wp-content\/uploads\/2026\/05\/goetter_etruskisch_menrva.webp 1024w\" sizes=\"(max-width: 683px) 100vw, 683px\" \/>\t\t\t\t\t\t\t\t\t\t\t\t\t\t\t<\/div>\n\t\t\t\t<\/div>\n\t\t\t\t\t<\/div>\n\t\t\t\t<\/div>\n\t\t<div class=\"elementor-element elementor-element-iwgw-menrva-s0 e-flex e-con-boxed e-con e-parent\" data-id=\"iwgw-menrva-s0\" data-element_type=\"container\" data-e-type=\"container\">\n\t\t\t\t\t<div class=\"e-con-inner\">\n\t\t\t\t<div class=\"elementor-element elementor-element-iwgw-menrva-s0h elementor-widget elementor-widget-heading\" data-id=\"iwgw-menrva-s0h\" data-element_type=\"widget\" data-e-type=\"widget\" data-widget_type=\"heading.default\">\n\t\t\t\t\t<h2 class=\"elementor-heading-title elementor-size-default\">Sta\u00f0a \u00ed etr\u00faska go\u00f0heiminum<\/h2>\t\t\t\t<\/div>\n\t\t<div class=\"elementor-element elementor-element-iwgw-menrva-s0c e-con-full e-flex e-con e-child\" data-id=\"iwgw-menrva-s0c\" data-element_type=\"container\" data-e-type=\"container\">\n\t\t\t\t<div class=\"elementor-element elementor-element-iwgw-menrva-s0t elementor-widget elementor-widget-text-editor\" data-id=\"iwgw-menrva-s0t\" data-element_type=\"widget\" data-e-type=\"widget\" data-widget_type=\"text-editor.default\">\n\t\t\t\t\t\t\t\t\t<p>Menrva er me\u00f0al \u00e6\u00f0stu gu\u00f0a etr\u00faskrar tr\u00faar. Sem hluti af hinni kapit\u00f3l\u00ednsku \u00ferenningu Tinia-Uni-Menrva var h\u00fan mi\u00f0l\u00e6g \u00ed etr\u00faskri r\u00edkistr\u00fa, sem barst yfir \u00ed r\u00f3mverskt r\u00edkiskerfi me\u00f0 byggingu Capitolium-h\u00e6\u00f0arins \u00ed R\u00f3m af Etr\u00farum (undir lok 6. aldar f.Kr.).<\/p><p>Larissa Bonfante og Nancy Thomson de Grummond hafa fjalla\u00f0 um Menrvu \u00ed grunnritum s\u00ednum um etr\u00faska tr\u00fa. H\u00fan er ein algengasta gy\u00f0jan \u00ed etr\u00faskri myndlist, sem s\u00fdnir mikilv\u00e6gi hennar.<\/p><p>Menrva er hluti af tr\u00faarbr\u00f6g\u00f0um \u00fear sem tr\u00faarfr\u00e6\u00f0ilegt \u00e1hugavert einkenni er s\u00e1 mi\u00f0lunarhlutverki milli gr\u00edsk-mi\u00f0jar\u00f0arhafslegrar og \u00edtalsk-r\u00f3mverskrar <span class=\"iwg-fachbegriff\" data-tooltip=\"Framsending \u00feekkingar og fr\u00e1sagna milli kynsl\u00f3\u00f0a.\" tabindex=\"0\">munnm\u00e6lahef\u00f0ar<\/span>. Mikilv\u00e6g framl\u00f6g til ranns\u00f3kna hafa komi\u00f0 fr\u00e1 Massimo Pallottino, Jacques Heurgon, Sybille Haynes, Mauro Cristofani og Giovanni Colonna, en verk \u00feeirra hafa s\u00fdnt a\u00f0 etr\u00fask tr\u00faarbr\u00f6g\u00f0 eru sj\u00e1lfst\u00e6\u00f0 hef\u00f0.<\/p><p>Etr\u00fask <span class=\"iwg-fachbegriff\" data-tooltip=\"Fr\u00e6\u00f0ileg kenning um Gu\u00f0 og tr\u00faari\u00f0kun tr\u00faarbrag\u00f0a.\" tabindex=\"0\">gu\u00f0fr\u00e6\u00f0i<\/span> haf\u00f0i sk\u00fdrt uppbyggt <span class=\"iwg-fachbegriff\" data-tooltip=\"Heild gu\u00f0a innan tr\u00faarbrag\u00f0a e\u00f0a menningar.\" tabindex=\"0\">go\u00f0aveldi (pantheon)<\/span> me\u00f0 f\u00f6stum stigveldum og n\u00e1kv\u00e6mlega \u00fathlutu\u00f0um \u00e1byrg\u00f0arsvi\u00f0um; Menrva var \u00fear r\u00f3tfest sem gy\u00f0ja viskunnar, handverks og herna\u00f0ar. Me\u00f0an eldri ranns\u00f3knir s\u00fdndu \u00feetta gu\u00f0akerfi oft sem dularfullt e\u00f0a framandi, er \u00fea\u00f0 n\u00fa tali\u00f0 sj\u00e1lfst\u00e6tt afbrig\u00f0i mi\u00f0jar\u00f0arhafstr\u00faar.<\/p><p>\u00cd tr\u00faars\u00f6gu \u00cdtal\u00edu t\u00f3ku Etr\u00farar s\u00e9r mi\u00f0lunarst\u00f6\u00f0u milli gr\u00edskra \u00e1hrifa og hinnar m\u00f3tandi r\u00f3mversku tr\u00faar. A\u00f0 Menrva hafi or\u00f0i\u00f0 hin r\u00f3mverska Minerva er d\u00e6mi um \u00feetta mi\u00f0lunarhlutverk, sem hefur vaki\u00f0 s\u00e9rstakan fr\u00e6\u00f0ilegan \u00e1huga.<\/p><p>\u00dej\u00f3\u00f0tr\u00faarfr\u00e6\u00f0ilegar ranns\u00f3knir s\u00ed\u00f0ustu \u00e1ratuga l\u00edta \u00e1 etr\u00faska tr\u00fa sem sj\u00e1lfst\u00e6tt, tr\u00faarfyrirb\u00e6rafr\u00e6\u00f0ilega s\u00e9rstakt kerfi. \u00cd sta\u00f0 eldri skilnings, sem leit \u00e1 hana sem einfalda aflei\u00f0u gr\u00edskrar tr\u00faar, hefur komi\u00f0 mun n\u00e1kv\u00e6mari s\u00fdn, sem einnig n\u00fdtist skilningi \u00e1 Menrvu.<\/p>\t\t\t\t\t\t\t\t<\/div>\n\t\t\t\t<\/div>\n\t\t\t\t\t<\/div>\n\t\t\t\t<\/div>\n\t\t<div class=\"elementor-element elementor-element-iwgw-menrva-s1 e-flex e-con-boxed e-con e-parent\" data-id=\"iwgw-menrva-s1\" data-element_type=\"container\" data-e-type=\"container\">\n\t\t\t\t\t<div class=\"e-con-inner\">\n\t\t\t\t<div class=\"elementor-element elementor-element-iwgw-menrva-s1h elementor-widget elementor-widget-heading\" data-id=\"iwgw-menrva-s1h\" data-element_type=\"widget\" data-e-type=\"widget\" data-widget_type=\"heading.default\">\n\t\t\t\t\t<h2 class=\"elementor-heading-title elementor-size-default\">Nafn og or\u00f0sifjar<\/h2>\t\t\t\t<\/div>\n\t\t<div class=\"elementor-element elementor-element-iwgw-menrva-s1c e-con-full e-flex e-con e-child\" data-id=\"iwgw-menrva-s1c\" data-element_type=\"container\" data-e-type=\"container\">\n\t\t\t\t<div class=\"elementor-element elementor-element-iwgw-menrva-s1t elementor-widget elementor-widget-text-editor\" data-id=\"iwgw-menrva-s1t\" data-element_type=\"widget\" data-e-type=\"widget\" data-widget_type=\"text-editor.default\">\n\t\t\t\t\t\t\t\t\t<p>Nafni\u00f0 Menrva er tengt ind\u00f3evr\u00f3pska stofninum *men- (&#8216;a\u00f0 hugsa, meina, minnast&#8217;), sem samr\u00e6mist hlutverki hennar sem gy\u00f0ju viskunnar. \u00deessi or\u00f0sifjafr\u00e6\u00f0i er einnig sta\u00f0fest fyrir hina r\u00f3mversku Minervu; etr\u00faska Menrva og r\u00f3mverska Minerva eru m\u00e1lfr\u00e6\u00f0ilega tengd.<\/p><p>\u00cd etr\u00faskum \u00e1letrunum kemur h\u00fan einnig fram sem Menerva e\u00f0a Menarva. N\u00e1kv\u00e6m hlj\u00f3\u00f0sagan er efni ranns\u00f3kna. <em>Editio Minor<\/em> Helmuts Rix safnar saman \u00e1letrunarheimildunum.<\/p><p>Etr\u00faska tungum\u00e1li\u00f0 er ekki unnt a\u00f0 flokka me\u00f0 vissu til neinnar m\u00e1la\u00e6ttar; \u00fea\u00f0 telst einangra\u00f0 e\u00f0a er tilg\u00e1tulega tengt tyrsenskum h\u00f3pi, sem hugsanlega einnig innih\u00e9lt lemn\u00edsku og r\u00e6t\u00edsku. R\u00e1\u00f0ning textanna hefur veri\u00f0 vi\u00f0fangsefni ranns\u00f3kna fr\u00e1 19. \u00f6ld og er enn \u00f3loki\u00f0.<\/p><p>Grunnrit \u00e1letrunarfr\u00e6\u00f0innar er Editio Minor Helmuts Rix, sem safnar saman etr\u00faska textasafninu; \u00ed \u00fev\u00ed eru einnig skr\u00e1\u00f0ar ritmyndir nafnsins Menrva. \u00dea\u00f0 er n\u00fa stutt af Thesaurus Linguae Etruscae og gagnagrunninum ETP, Etruscan Texts Project.<\/p><p>Um uppruna Etr\u00fara var \u00f3samkomulag \u00feegar \u00ed <span class=\"iwg-fachbegriff\" data-tooltip=\"T\u00edmabil gr\u00edsk-r\u00f3mverskrar menningar, um 800 f.Kr. til 600 e.Kr.\" tabindex=\"0\">forn\u00f6ld<\/span>: Her\u00f3d\u00f3tos rakti \u00fe\u00e1 til L\u00fdd\u00edu, en D\u00ed\u00f3n\u00fds\u00edos fr\u00e1 Halikarnassos taldi \u00fe\u00e1 vera innf\u00e6dda \u00edtalska \u00fej\u00f3\u00f0. \u00deessi spurning er tr\u00faars\u00f6gulega mikilv\u00e6g, \u00fev\u00ed h\u00fan snertir hugsanleg tengsl etr\u00faskrar tr\u00faar vi\u00f0 sm\u00e1as\u00edska \u00e1tr\u00fana\u00f0i.<\/p><p>M\u00e1lv\u00edsindi og \u00e1letrunarfr\u00e6\u00f0i starfa n\u00fa n\u00e1i\u00f0 saman. Samanbur\u00f0arranns\u00f3knir, \u00fear \u00e1 me\u00f0al \u00e1 gu\u00f0an\u00f6fnum eins og Menrva, hafa or\u00f0i\u00f0 mun a\u00f0gengilegri me\u00f0 stafr\u00e6nni \u00fatg\u00e1fu etr\u00faskra texta, Etruscan Texts Project (ETP). Merk framl\u00f6g \u00e1 \u00feessu svi\u00f0i koma fr\u00e1 Marie-Laurence Haack og Vincent Jolivet.<\/p>\t\t\t\t\t\t\t\t<\/div>\n\t\t\t\t<\/div>\n\t\t\t\t\t<\/div>\n\t\t\t\t<\/div>\n\t\t<div class=\"elementor-element elementor-element-iwgw-menrva-s2 e-flex e-con-boxed e-con e-parent\" data-id=\"iwgw-menrva-s2\" data-element_type=\"container\" data-e-type=\"container\">\n\t\t\t\t\t<div class=\"e-con-inner\">\n\t\t\t\t<div class=\"elementor-element elementor-element-iwgw-menrva-s2h elementor-widget elementor-widget-heading\" data-id=\"iwgw-menrva-s2h\" data-element_type=\"widget\" data-e-type=\"widget\" data-widget_type=\"heading.default\">\n\t\t\t\t\t<h2 class=\"elementor-heading-title elementor-size-default\">L\u00fdsing og myndlist<\/h2>\t\t\t\t<\/div>\n\t\t<div class=\"elementor-element elementor-element-iwgw-menrva-s2c e-con-full e-flex e-con e-child\" data-id=\"iwgw-menrva-s2c\" data-element_type=\"container\" data-e-type=\"container\">\n\t\t\t\t<div class=\"elementor-element elementor-element-iwgw-menrva-s2t elementor-widget elementor-widget-text-editor\" data-id=\"iwgw-menrva-s2t\" data-element_type=\"widget\" data-e-type=\"widget\" data-widget_type=\"text-editor.default\">\n\t\t\t\t\t\t\t\t\t<p>Menrva er s\u00fdnd \u00ed etr\u00faskri list sem v\u00edgb\u00fain gy\u00f0ja &#8211; me\u00f0 hj\u00e1lm, spj\u00f3t, skj\u00f6ld og stundum gorg\u00f3haus \u00e1 egishl\u00edfinni. \u00deessi <span class=\"iwg-fachbegriff\" data-tooltip=\"Fr\u00e6\u00f0i um myndefni og merkingu \u00feeirra.\" tabindex=\"0\">helgimyndafr\u00e6\u00f0i<\/span> er tekin \u00far gr\u00edskri Athenu, me\u00f0 sj\u00e1lfst\u00e6\u00f0um etr\u00faskum \u00e1herslum.<\/p><p>\u00c1 etr\u00faskum speglum kemur Menrva oft fyrir \u00ed go\u00f0sagnakenndum atri\u00f0um, oft me\u00f0 \u00e1letrun. Mikilv\u00e6g mynd s\u00fdnir hana f\u00e6\u00f0ast \u00far h\u00f6f\u00f0i Tinia &#8211; bein hli\u00f0st\u00e6\u00f0a vi\u00f0 f\u00e6\u00f0ingu Athenu \u00far h\u00f6f\u00f0i Seifs. \u00deetta atri\u00f0i er var\u00f0veitt \u00e1 nokkrum speglum fr\u00e1 4.\/3. \u00f6ld f.Kr.<\/p><p>\u00cd tr\u00faarbrag\u00f0afr\u00e6\u00f0ilegu tilliti er myndlist Etr\u00faska einstaklega r\u00edk, og h\u00fan myndar jafnframt meginuppsprettu vitneskju okkar, ekki s\u00edst um hinar t\u00ed\u00f0u myndir af Menrvu. Speglar, vasar, grafm\u00e1lverk og bronsgripir skila mestum hluta efnisins. Larissa Bonfante hefur \u00ed ranns\u00f3knum s\u00ednum lagt \u00e1herslu \u00e1 a\u00f0 \u00feetta myndm\u00e1l s\u00e9 sj\u00e1lfst\u00e6\u00f0 hef\u00f0 og ekki bara aflei\u00f0ing annarrar.<\/p><p>Fyrsta flokks heimild um tr\u00fa og eftirl\u00edfshugmyndir Etr\u00faska eru grafm\u00e1lverkin, s\u00e9rstaklega fr\u00e1 Tarquinia, Cerveteri og Vulci. Myndirnar s\u00fdna veislur, go\u00f0sagnaatri\u00f0i, dans og t\u00f3nlist og teikna upp handan \u00feennan heim sem framhald hins jar\u00f0neska l\u00edfs.<\/p><p>\u00cd etr\u00faskri <span class=\"iwg-fachbegriff\" data-tooltip=\"Fr\u00e6\u00f0i um myndefni og merkingu \u00feeirra.\" tabindex=\"0\">helgimyndafr\u00e6\u00f0i<\/span> eru fj\u00f6lpers\u00f3na atri\u00f0i, fr\u00e1sagnartengsl og t\u00e1knr\u00e6nt \u00fe\u00e9ttar yfirl\u00fdsingar algengar; Menrva kemur einnig reglulega fram \u00ed sl\u00edku myndsamhengi. Etr\u00fask tr\u00faarleg helgimyndafr\u00e6\u00f0i fjallar um a\u00f0 greina \u00feetta myndm\u00e1l.<\/p><p>Einkennandi fyrir etr\u00faska myndlist er \u00fe\u00e9tt fr\u00e1sagnarleg lagskipting. Einn einn spegill e\u00f0a einn vasi getur innihaldi\u00f0 m\u00f6rg go\u00f0sagnatengsl samt\u00edmis, til d\u00e6mis \u00feegar Menrva kemur fram me\u00f0 \u00f6\u00f0rum verum. \u00deessi \u00fe\u00e9tting krefst vanda\u00f0rar greiningar \u00e1 myndsamhenginu af h\u00e1lfu rannsakenda.<\/p>\t\t\t\t\t\t\t\t<\/div>\n\t\t\t\t<\/div>\n\t\t\t\t\t<\/div>\n\t\t\t\t<\/div>\n\t\t<div class=\"elementor-element elementor-element-iwgw-menrva-s3 e-flex e-con-boxed e-con e-parent\" data-id=\"iwgw-menrva-s3\" data-element_type=\"container\" data-e-type=\"container\">\n\t\t\t\t\t<div class=\"e-con-inner\">\n\t\t\t\t<div class=\"elementor-element elementor-element-iwgw-menrva-s3h elementor-widget elementor-widget-heading\" data-id=\"iwgw-menrva-s3h\" data-element_type=\"widget\" data-e-type=\"widget\" data-widget_type=\"heading.default\">\n\t\t\t\t\t<h2 class=\"elementor-heading-title elementor-size-default\">Go\u00f0sagnakenndar fr\u00e1sagnir<\/h2>\t\t\t\t<\/div>\n\t\t<div class=\"elementor-element elementor-element-iwgw-menrva-s3c e-con-full e-flex e-con e-child\" data-id=\"iwgw-menrva-s3c\" data-element_type=\"container\" data-e-type=\"container\">\n\t\t\t\t<div class=\"elementor-element elementor-element-iwgw-menrva-s3t elementor-widget elementor-widget-text-editor\" data-id=\"iwgw-menrva-s3t\" data-element_type=\"widget\" data-e-type=\"widget\" data-widget_type=\"text-editor.default\">\n\t\t\t\t\t\t\t\t\t<p>Etr\u00fask Menrva-<span class=\"iwg-fachbegriff\" data-tooltip=\"Heild var\u00f0veittra go\u00f0sagna um gu\u00f0i \u00ed einni menningu.\" tabindex=\"0\">go\u00f0afr\u00e6\u00f0i<\/span> s\u00fdnir m\u00f6rg tengsl vi\u00f0 gr\u00edska Athenu-hef\u00f0. Fr\u00e6g er sagan af f\u00e6\u00f0ingu Menrvu \u00far h\u00f6f\u00f0i Tinia &#8211; bein a\u00f0l\u00f6gun \u00e1 gr\u00edskri <span class=\"iwg-fachbegriff\" data-tooltip=\"Var\u00f0veitt saga um gu\u00f0i, uppruna og skipan heimsins.\" tabindex=\"0\">go\u00f0s\u00f6gn<\/span>. \u00c1 etr\u00faskum speglum er \u00feetta atri\u00f0i sta\u00f0fest me\u00f0 \u00e1letruninni &#8216;Menrva&#8217;.<\/p><p>A\u00f0rar sagnir s\u00fdna Menrvu sem hj\u00e1lparhellu, r\u00e1\u00f0gjafa og verndara. \u00cd etr\u00faskri a\u00f0l\u00f6gun Tr\u00f3justr\u00ed\u00f0sins (\u00e1 speglum og sark\u00f3f\u00f6gum) kemur Menrva oft fram vi\u00f0 hli\u00f0 gr\u00edskra hetja.<\/p><p><span class=\"iwg-fachbegriff\" data-tooltip=\"Heild var\u00f0veittra go\u00f0sagna um gu\u00f0i \u00ed einni menningu.\" tabindex=\"0\">Go\u00f0afr\u00e6\u00f0i<\/span> Etr\u00faska er, \u00f3l\u00edkt hinni gr\u00edsku e\u00f0a r\u00f3mversku, ekki var\u00f0veitt \u00ed fullb\u00fanum fr\u00e1sagnartextum. Sagnir um Menrvu \u00fearf a\u00f0 draga \u00fat \u00far myndverkum, \u00e1letrunum og gr\u00edsk-r\u00f3mverskum aukaheimildum. \u00deessi \u00f3beina heimildasta\u00f0a krefst s\u00e9rstakrar a\u00f0g\u00e1tar \u00ed a\u00f0fer\u00f0afr\u00e6\u00f0i.<\/p><p>Samband etr\u00faskrar og gr\u00edskrar <span class=\"iwg-fachbegriff\" data-tooltip=\"Heild var\u00f0veittra go\u00f0sagna um gu\u00f0i \u00ed einni menningu.\" tabindex=\"0\">go\u00f0afr\u00e6\u00f0i<\/span> er marg\u00fe\u00e6tt. Etr\u00faskar t\u00f3ku annars vegar upp fj\u00f6lda gr\u00edskra efna, til d\u00e6mis um Akkilles, \u00d3dysseif og \u00d6dipus, en g\u00e1fu \u00feeim hins vegar eigin t\u00falkanir og \u00e1herslur. Hvernig \u00feessi tileinkun f\u00f3r fram \u00ed sm\u00e1atri\u00f0um, til d\u00e6mis vi\u00f0 yfirf\u00e6rslu Athenu-einkenna \u00e1 Menrvu, rannsaka fr\u00e6\u00f0imenn \u00edtarlega.<\/p><p>D\u00e6migert einkenni etr\u00faskrar <span class=\"iwg-fachbegriff\" data-tooltip=\"V\u00edsindaleg fr\u00e6\u00f0i um gu\u00f0 og tr\u00fa innan tr\u00faarbrag\u00f0a.\" tabindex=\"0\">gu\u00f0fr\u00e6\u00f0i<\/span> er gu\u00f0ar\u00e1\u00f0i\u00f0, consensus deorum. H\u00e1gu\u00f0inn Tinia, \u00far h\u00f6f\u00f0i hans Menrva f\u00e6\u00f0ist samkv\u00e6mt etr\u00faskri <span class=\"iwg-fachbegriff\" data-tooltip=\"Mi\u00f0lun \u00feekkingar og sagna milli kynsl\u00f3\u00f0a.\" tabindex=\"0\">munnm\u00e6lahef\u00f0<\/span>, athafnar sig ekki einn, heldur r\u00e1\u00f0gast vi\u00f0 a\u00f0ra gu\u00f0i. \u00cd tr\u00faarbrag\u00f0afr\u00e6\u00f0ilegu tilliti er \u00feetta r\u00e1\u00f0 s\u00e9rst\u00e6tt.<\/p><p>Etr\u00fask <span class=\"iwg-fachbegriff\" data-tooltip=\"Heild var\u00f0veittra go\u00f0sagna um gu\u00f0i \u00ed einni menningu.\" tabindex=\"0\">go\u00f0afr\u00e6\u00f0i<\/span> hefur ekki skili\u00f0 eftir sig samfellda fr\u00e1sagnarhef\u00f0; hana \u00fearf a\u00f0 setja saman \u00far myndatri\u00f0um, \u00e1letrunum og aukaheimildum, sem krefst vanda\u00f0rar t\u00falkunar. Hj\u00e1 gy\u00f0ju \u00e1 bor\u00f0 vi\u00f0 Menrvu hefur reynst s\u00e9rstaklega vel a\u00f0 nota a\u00f0fer\u00f0 sem tengir saman etr\u00fasku \u00e1letrunina, gr\u00edska myndfyrirmyndina og samhengislestur atri\u00f0isins.<\/p>\t\t\t\t\t\t\t\t<\/div>\n\t\t\t\t<\/div>\n\t\t\t\t\t<\/div>\n\t\t\t\t<\/div>\n\t\t<div class=\"elementor-element elementor-element-iwgw-menrva-s4 e-flex e-con-boxed e-con e-parent\" data-id=\"iwgw-menrva-s4\" data-element_type=\"container\" data-e-type=\"container\">\n\t\t\t\t\t<div class=\"e-con-inner\">\n\t\t\t\t<div class=\"elementor-element elementor-element-iwgw-menrva-s4h elementor-widget elementor-widget-heading\" data-id=\"iwgw-menrva-s4h\" data-element_type=\"widget\" data-e-type=\"widget\" data-widget_type=\"heading.default\">\n\t\t\t\t\t<h2 class=\"elementor-heading-title elementor-size-default\">Menrva sem gy\u00f0ja handverksins<\/h2>\t\t\t\t<\/div>\n\t\t<div class=\"elementor-element elementor-element-iwgw-menrva-s4c e-con-full e-flex e-con e-child\" data-id=\"iwgw-menrva-s4c\" data-element_type=\"container\" data-e-type=\"container\">\n\t\t\t\t<div class=\"elementor-element elementor-element-iwgw-menrva-s4t elementor-widget elementor-widget-text-editor\" data-id=\"iwgw-menrva-s4t\" data-element_type=\"widget\" data-e-type=\"widget\" data-widget_type=\"text-editor.default\">\n\t\t\t\t\t\t\t\t\t<p>Menrva er ekki a\u00f0eins str\u00ed\u00f0sgy\u00f0ja heldur einnig gy\u00f0ja handverks, vefna\u00f0arlistar, l\u00e6knislistar og skapandi lista. \u00deessi marg\u00fe\u00e6tta hlutverk minnir \u00e1 gr\u00edsku A\u00feenu. Etr\u00faska hef\u00f0in leggur \u00fe\u00f3 s\u00e9rstaklega mikla \u00e1herslu \u00e1 handverks- og listahli\u00f0ina.<\/p><p>Etr\u00faskir handverksmenn, s\u00e9rstaklega bronssmi\u00f0ir og sk\u00falpt\u00faristar, k\u00f6llu\u00f0u til Menrvu sem verndargy\u00f0ju s\u00edna. Etr\u00fask bronslist telst hafa sta\u00f0i\u00f0 framarlega \u00ed <span class=\"iwg-fachbegriff\" data-tooltip=\"T\u00edmabil gr\u00edskrar og r\u00f3mverskrar menningar, um 800 f.Kr. til 600 e.Kr.\" tabindex=\"0\">forn\u00f6ld<\/span>, og \u00fev\u00ed var tengingin vi\u00f0 Menrvu tr\u00faarlega r\u00f3tfest. Larissa Bonfante hefur skjalfest \u00feessa tengingu \u00ed verkinu <em>Etruscan Bronzes<\/em>.<\/p><p>Disciplina Etrusca, hi\u00f0 skipulega v\u00e9fr\u00e9ttakerfi Etr\u00faska, skiptist \u00ed \u00ferj\u00e1r greinar: innyflasko\u00f0un (haruspicina), eldingat\u00falkun (fulguratio) og fuglasko\u00f0un (auspicia). H\u00fan barst fr\u00e1 Etr\u00faskum til R\u00f3mverja og var \u00ed notkun allt fram \u00e1 4. \u00f6ld e.Kr. \u00cdtarlegar l\u00fdsingar \u00e1 henni eiga Cicero og Seneca \u00fe\u00f6kk.<\/p><p>Disciplina Etrusca var kennd \u00ed s\u00e9rst\u00f6kum prestask\u00f3lum. Me\u00f0al mikilv\u00e6gustu ritanna voru Libri Rituales, Libri Haruspicini og Libri Fulgurales. \u00deessar b\u00e6kur eru ekki var\u00f0veittar, en a\u00f0 hluta m\u00e1 endurgera efni \u00feeirra \u00fat fr\u00e1 tilvitnunum r\u00f3mverskra h\u00f6funda \u00e1 bor\u00f0 vi\u00f0 Cicero, Festus og Macrobius.<\/p><p>Etr\u00faska tr\u00faari\u00f0kunin var sterklega bundin einst\u00f6kum borgum. Hver hinna st\u00f3ru mi\u00f0st\u00f6\u00f0va, \u00fear \u00e1 me\u00f0al Tarquinia, Caere, Vulci, Veji, Clusium, Volsinii, Cortona, Perugia, Arezzo, Volterra, Populonia og Roselle, haf\u00f0i s\u00edna eigin h\u00f6fu\u00f0d\u00fdrkun og tr\u00faarlegar s\u00e9rkenni, \u00feannig a\u00f0 tilbei\u00f0sla Menrvu var einnig sta\u00f0bundin og mismunandi.<\/p><p>Sem heilst\u00e6tt tr\u00faarlegt v\u00e9fr\u00e9ttakerfi telst Disciplina Etrusca eitt hi\u00f0 fullkomnasta sp\u00e1d\u00f3mskerfi <span class=\"iwg-fachbegriff\" data-tooltip=\"T\u00edmabil gr\u00edskrar og r\u00f3mverskrar menningar, um 800 f.Kr. til 600 e.Kr.\" tabindex=\"0\">fornaldar<\/span>. R\u00f3mverjar t\u00f3ku \u00fea\u00f0 upp me\u00f0 skipulegum h\u00e6tti, og \u00fea\u00f0 var stunda\u00f0 allt fram \u00e1 s\u00ed\u00f0ari hluta <span class=\"iwg-fachbegriff\" data-tooltip=\"T\u00edmabil gr\u00edskrar og r\u00f3mverskrar menningar, um 800 f.Kr. til 600 e.Kr.\" tabindex=\"0\">fornaldar<\/span>. \u00deessi samfella er s\u00f6guleg athyglisver\u00f0.<\/p>\t\t\t\t\t\t\t\t<\/div>\n\t\t\t\t<\/div>\n\t\t\t\t\t<\/div>\n\t\t\t\t<\/div>\n\t\t<div class=\"elementor-element elementor-element-iwgw-menrva-s5 e-flex e-con-boxed e-con e-parent\" data-id=\"iwgw-menrva-s5\" data-element_type=\"container\" data-e-type=\"container\">\n\t\t\t\t\t<div class=\"e-con-inner\">\n\t\t\t\t<div class=\"elementor-element elementor-element-iwgw-menrva-s5h elementor-widget elementor-widget-heading\" data-id=\"iwgw-menrva-s5h\" data-element_type=\"widget\" data-e-type=\"widget\" data-widget_type=\"heading.default\">\n\t\t\t\t\t<h2 class=\"elementor-heading-title elementor-size-default\">Kult og athafnir<\/h2>\t\t\t\t<\/div>\n\t\t<div class=\"elementor-element elementor-element-iwgw-menrva-s5c e-con-full e-flex e-con e-child\" data-id=\"iwgw-menrva-s5c\" data-element_type=\"container\" data-e-type=\"container\">\n\t\t\t\t<div class=\"elementor-element elementor-element-iwgw-menrva-s5t elementor-widget elementor-widget-text-editor\" data-id=\"iwgw-menrva-s5t\" data-element_type=\"widget\" data-e-type=\"widget\" data-widget_type=\"text-editor.default\">\n\t\t\t\t\t\t\t\t\t<p>Menrva var d\u00fdrku\u00f0 \u00ed fj\u00f6lm\u00f6rgum etr\u00faskum borgarhofum. Me\u00f0al mikilv\u00e6gra d\u00fdrkunarsta\u00f0a voru Veji, Tarquinia, Volsinii og Kap\u00edt\u00f3l\u00eduh\u00e6\u00f0in \u00ed R\u00f3m. <span class=\"iwg-fachbegriff\" data-tooltip=\"Bygging sem er helgu\u00f0 tilbei\u00f0slu einnar e\u00f0a fleiri gu\u00f0vera.\" tabindex=\"0\">Hofi\u00f0<\/span> \u00ed Portonaccio vi\u00f0 Veji (6. \u00f6ld f.Kr.) var helga\u00f0 henni og er eitt best var\u00f0veitta etr\u00faska helgista\u00f0urinn.<\/p><p>Athafnir f\u00f3lu \u00ed s\u00e9r <span class=\"iwg-fachbegriff\" data-tooltip=\"Gj\u00f6f til gu\u00f0veru til a\u00f0 tj\u00e1 \u00feakkl\u00e6ti, b\u00f3n e\u00f0a lotningu.\" tabindex=\"0\">f\u00f3rnir<\/span>, b\u00e6nir og skr\u00fa\u00f0g\u00f6ngur. Handverksmenn og hermenn voru me\u00f0al hennar mikilv\u00e6gustu tilbi\u00f0jenda. Quinquatria-h\u00e1t\u00ed\u00f0ardagarnir \u00ed R\u00f3m (19.-23. mars), helga\u00f0ir Minervu, eiga sennilega r\u00e6tur \u00ed etr\u00faskum fyrirmyndum.<\/p><p>Byggingarlega s\u00e9\u00f0 sk\u00f6ru\u00f0u etr\u00fask <span class=\"iwg-fachbegriff\" data-tooltip=\"Bygging sem er helgu\u00f0 tilbei\u00f0slu einnar e\u00f0a fleiri gu\u00f0vera.\" tabindex=\"0\">hof<\/span>, \u00fear sem Menrva var jafnframt d\u00fdrku\u00f0, sig me\u00f0 Tuscanus-st\u00edlnum, eigin s\u00falnaskipan sem Vitr\u00fav\u00edus l\u00fdsir \u00ed De Architectura. Grunnform \u00feeirra leggur \u00e1herslu \u00e1 cella-h\u00f3lfi\u00f0 og brei\u00f0a framanver\u00f0a forsal og er \u00fear me\u00f0 greinilega \u00f3l\u00edkt gr\u00edskum fyrirmyndum.<\/p><p>M\u00f6rg etr\u00fask <span class=\"iwg-fachbegriff\" data-tooltip=\"Bygging sem er helgu\u00f0 tilbei\u00f0slu einnar e\u00f0a fleiri gu\u00f0vera.\" tabindex=\"0\">hof<\/span> voru risavaxin. J\u00fap\u00edters-<span class=\"iwg-fachbegriff\" data-tooltip=\"Bygging sem er helgu\u00f0 tilbei\u00f0slu einnar e\u00f0a fleiri gu\u00f0vera.\" tabindex=\"0\">hofi\u00f0<\/span> \u00e1 r\u00f3mverska Kap\u00edt\u00f3l\u00eduh\u00f3lnum var til d\u00e6mis reist af etr\u00faskum arkitektum og listam\u00f6nnum, fyrst og fremst af Vulca fr\u00e1 Veji. \u00dear sem byggingin h\u00fdsti kap\u00edt\u00f3l\u00ednsku \u00ferenninguna me\u00f0 Minervu, \u00fe.e. Menrvu, telst h\u00fan byggingarlegt vitni um etr\u00faska tr\u00far\u00e6kni \u00ed R\u00f3m a\u00f0 fornu.<\/p><p>Bandalag hinna t\u00f3lf etr\u00fasku borga kom \u00e1rlega saman vi\u00f0 Fanum Voltumnae n\u00e1l\u00e6gt Volsinii til tr\u00faarlegrar og p\u00f3lit\u00edskrar samkomu. Verndargu\u00f0vera \u00feessa borgarbandalags var Voltumna, sem haf\u00f0i tr\u00faarlega \u00fe\u00fd\u00f0ingu langt umfram einstaka borgard\u00fdrkun.<\/p>\t\t\t\t\t\t\t\t<\/div>\n\t\t\t\t<\/div>\n\t\t\t\t\t<\/div>\n\t\t\t\t<\/div>\n\t\t<div class=\"elementor-element elementor-element-iwgw-menrva-s6 e-flex e-con-boxed e-con e-parent\" data-id=\"iwgw-menrva-s6\" data-element_type=\"container\" data-e-type=\"container\">\n\t\t\t\t\t<div class=\"e-con-inner\">\n\t\t\t\t<div class=\"elementor-element elementor-element-iwgw-menrva-s6h elementor-widget elementor-widget-heading\" data-id=\"iwgw-menrva-s6h\" data-element_type=\"widget\" data-e-type=\"widget\" data-widget_type=\"heading.default\">\n\t\t\t\t\t<h2 class=\"elementor-heading-title elementor-size-default\">Verndarhef\u00f0ir og fr\u00e1hrindandi t\u00e1kn<\/h2>\t\t\t\t<\/div>\n\t\t<div class=\"elementor-element elementor-element-iwgw-menrva-s6c e-con-full e-flex e-con e-child\" data-id=\"iwgw-menrva-s6c\" data-element_type=\"container\" data-e-type=\"container\">\n\t\t\t\t<div class=\"elementor-element elementor-element-iwgw-menrva-s6t elementor-widget elementor-widget-text-editor\" data-id=\"iwgw-menrva-s6t\" data-element_type=\"widget\" data-e-type=\"widget\" data-widget_type=\"text-editor.default\">\n\t\t\t\t\t\t\t\t\t<p>Menrva var fyrst og fremst \u00e1k\u00f6llu\u00f0 til verndar \u00ed tengslum vi\u00f0 str\u00ed\u00f0, handverk og l\u00e6kningar. Hermenn b\u00e1\u00f0u til hennar fyrir orrustu, handverksmenn fyrir mikilv\u00e6g verk og l\u00e6knar fyrir me\u00f0fer\u00f0ir. Gorgoneion-skj\u00f6ldur hennar (Aegis) er mi\u00f0l\u00e6gt verndart\u00e1knmyndar-<span class=\"iwg-fachbegriff\" data-tooltip=\"Merki sem stendur fyrir hugmynd e\u00f0a merkingu.\" tabindex=\"0\">t\u00e1kn<\/span> Menrvu.<\/p><p>Verndart\u00e1knmyndir tengdar Menrvu finnast \u00e1 skj\u00f6ldum, hoffas\u00f6\u00f0um og pers\u00f3nulegum verndargripum. Larissa Bonfante hefur rannsaka\u00f0 \u00feetta myndm\u00e1l \u00ed m\u00f6rgum verkum s\u00ednum.<\/p><p><span data-nosnippet>Etr\u00faskur verndarsi\u00f0ur byggir \u00e1 fj\u00f6lm\u00f6rgum verndart\u00e1knum: fallust\u00f6frum, Gorgoneion-myndum, augnmerkjum, bullae-hylkjum og \u00e1kve\u00f0num form\u00falum. Gorgoneion kemur einnig fyrir \u00e1 skildi Menrvu (Aegis). Myndm\u00e1l \u00feessara verndart\u00e1kna hefur Larissa Bonfante unni\u00f0 \u00far \u00ed verki s\u00ednu Etruscan Mirrors, sem kom \u00fat fr\u00e1 \u00e1rinu 1980.<\/span><\/p><p>Verndart\u00e1kn voru mj\u00f6g \u00fatbreidd \u00ed etr\u00faskri menningu, me\u00f0al annars auga Tinia, fallust\u00f6frar og Gorgoneion-myndir. \u00deau voru fest \u00e1 hof, grafir, h\u00fasaltari og pers\u00f3nulega gripi. \u00deessi hef\u00f0 h\u00e9lt \u00e1fram b\u00e6\u00f0i \u00ed r\u00f3mverskri og v\u00ed\u00f0ari mi\u00f0jar\u00f0arhafslegri \u00fej\u00f3\u00f0tr\u00fa.<\/p><p>\u00cd etr\u00fasku samhengi var verndaratferli n\u00e1i\u00f0 tengt Disciplina Etrusca. Fyrir hverja mikilv\u00e6ga framkv\u00e6md, hvort sem var borgarstofnun, herfer\u00f0 e\u00f0a h\u00fasbygging, var vilji gu\u00f0anna kanna\u00f0ur me\u00f0 <span class=\"iwg-fachbegriff\" data-tooltip=\"T\u00falkun t\u00e1kna til a\u00f0 greina hi\u00f0 hulda e\u00f0a komandi.\" tabindex=\"0\">v\u00e9fr\u00e9tt<\/span>.<\/p>\t\t\t\t\t\t\t\t<\/div>\n\t\t\t\t<\/div>\n\t\t\t\t\t<\/div>\n\t\t\t\t<\/div>\n\t\t<div class=\"elementor-element elementor-element-iwgw-menrva-s7 e-flex e-con-boxed e-con e-parent\" data-id=\"iwgw-menrva-s7\" data-element_type=\"container\" data-e-type=\"container\">\n\t\t\t\t\t<div class=\"e-con-inner\">\n\t\t\t\t<div class=\"elementor-element elementor-element-iwgw-menrva-s7h elementor-widget elementor-widget-heading\" data-id=\"iwgw-menrva-s7h\" data-element_type=\"widget\" data-e-type=\"widget\" data-widget_type=\"heading.default\">\n\t\t\t\t\t<h2 class=\"elementor-heading-title elementor-size-default\">Hli\u00f0st\u00e6\u00f0ur \u00ed \u00f6\u00f0rum menningarheimum<\/h2>\t\t\t\t<\/div>\n\t\t<div class=\"elementor-element elementor-element-iwgw-menrva-s7c e-con-full e-flex e-con e-child\" data-id=\"iwgw-menrva-s7c\" data-element_type=\"container\" data-e-type=\"container\">\n\t\t\t\t<div class=\"elementor-element elementor-element-iwgw-menrva-s7t elementor-widget elementor-widget-text-editor\" data-id=\"iwgw-menrva-s7t\" data-element_type=\"widget\" data-e-type=\"widget\" data-widget_type=\"text-editor.default\">\n\t\t\t\t\t\t\t\t\t<p>Menrva samsvarar a\u00f0 hlutverki gr\u00edsku Athenu og r\u00f3mversku Minervu. Tengslin milli Athenu og Menrvu eru n\u00e1in, b\u00e6\u00f0i \u00e1 myndr\u00e6nan og go\u00f0s\u00f6gulegan h\u00e1tt \u2013 Etr\u00farar t\u00f3ku upp myndger\u00f0 Athenu og einnig fj\u00f6lmargar go\u00f0s\u00f6gur um hana. R\u00f3mverska Minervu-hef\u00f0in \u00e1 r\u00e6tur s\u00ednar a\u00f0 rekja \u00ed gegnum etr\u00farska millili\u00f0 til gr\u00edska Athenu-<span class=\"iwg-fachbegriff\" data-tooltip=\"\u00d6ll tr\u00faarleg d\u00fdrkunarath\u00f6fn fyrir gu\u00f0 e\u00f0a heilaga vera.\" tabindex=\"0\">d\u00fdrkunarins<\/span>.<\/p><p>\u00cd tr\u00faarbrag\u00f0asamanbur\u00f0i m\u00e1 tengja Menrvu vi\u00f0 a\u00f0rar gy\u00f0jur viskunnar og handverksins: Sarasvati (ved\u00edsk), Brigid (keltnesk), Neith (egypsk). \u00deessi samsv\u00f6run s\u00fdnir hina al\u00fej\u00f3\u00f0legu tr\u00faarlegu mynd hinnar &#8216;hugsandi gy\u00f0ju&#8217;.<\/p><p>Me\u00f0 interpretatio Romana fengu etr\u00farskir gu\u00f0ir r\u00f3mversk n\u00f6fn: Tinia var\u00f0 a\u00f0 Iupiter, Uni a\u00f0 Iuno og Menrva a\u00f0 Minervu. Sl\u00edkar samsamanir n\u00e1\u00f0u a\u00f0 jafna\u00f0i a\u00f0eins yfir tiltekna \u00fe\u00e6tti, ekki alla veruna \u00ed heild. Ranns\u00f3knir s\u00ed\u00f0ustu fimmt\u00edu \u00e1ra hafa unni\u00f0 \u00far \u00fev\u00ed hva\u00f0a etr\u00farsk einkenni Menrvu h\u00e9ldust \u00fer\u00e1tt fyrir \u00feetta.<\/p><p>Fj\u00f6lm\u00f6rg snertipunktar vi\u00f0 anat\u00f3lskar, f\u00f6nik\u00edskar og fornas\u00edurlenskar hef\u00f0ir m\u00f3ta etr\u00farsk tr\u00faarbr\u00f6g\u00f0. F\u00f6nik\u00edska samskipta\u00fe\u00e1ttinn sanna s\u00e9rstaklega Pyrgi-t\u00f6flurnar. \u00deessi tengslanet um Mi\u00f0jar\u00f0arhafi\u00f0 er me\u00f0al mikilv\u00e6gra ranns\u00f3knarsvi\u00f0a s\u00ed\u00f0ustu \u00e1ratuga.<\/p><p>\u00cd tr\u00faarbrag\u00f0asamanbur\u00f0i heyrir etr\u00farska <span class=\"iwg-fachbegriff\" data-tooltip=\"\u00d6ll tr\u00faarleg d\u00fdrkunarath\u00f6fn fyrir gu\u00f0 e\u00f0a heilaga vera.\" tabindex=\"0\">d\u00fdrkunin<\/span>, \u00fear \u00e1 me\u00f0al tilbei\u00f0sla Menrvu, til hinnar v\u00ed\u00f0ari tr\u00faarfj\u00f6lskyldu Mi\u00f0jar\u00f0arhafsins og tengist Grikklandi, F\u00f6nik\u00edu, Egyptalandi, Anat\u00f3l\u00edu og Lat\u00edum. \u00deessi tengslamyndun er mikilv\u00e6gt ranns\u00f3knarsvi\u00f0.<\/p>\t\t\t\t\t\t\t\t<\/div>\n\t\t\t\t<\/div>\n\t\t\t\t\t<\/div>\n\t\t\t\t<\/div>\n\t\t<div class=\"elementor-element elementor-element-iwgw-menrva-s8 e-flex e-con-boxed e-con e-parent\" data-id=\"iwgw-menrva-s8\" data-element_type=\"container\" data-e-type=\"container\">\n\t\t\t\t\t<div class=\"e-con-inner\">\n\t\t\t\t<div class=\"elementor-element elementor-element-iwgw-menrva-s8h elementor-widget elementor-widget-heading\" data-id=\"iwgw-menrva-s8h\" data-element_type=\"widget\" data-e-type=\"widget\" data-widget_type=\"heading.default\">\n\t\t\t\t\t<h2 class=\"elementor-heading-title elementor-size-default\">Ranns\u00f3knir n\u00fat\u00edmans<\/h2>\t\t\t\t<\/div>\n\t\t<div class=\"elementor-element elementor-element-iwgw-menrva-s8c e-con-full e-flex e-con e-child\" data-id=\"iwgw-menrva-s8c\" data-element_type=\"container\" data-e-type=\"container\">\n\t\t\t\t<div class=\"elementor-element elementor-element-iwgw-menrva-s8t elementor-widget elementor-widget-text-editor\" data-id=\"iwgw-menrva-s8t\" data-element_type=\"widget\" data-e-type=\"widget\" data-widget_type=\"text-editor.default\">\n\t\t\t\t\t\t\t\t\t<p>Ranns\u00f3knir \u00e1 Menrvu hafa teki\u00f0 miklum framf\u00f6rum s\u00ed\u00f0ustu 50 \u00e1rin. N\u00fdir fundir fr\u00e1 Veji, Tarquinia, Cerveteri og Volsinii hafa gefi\u00f0 fyllri mynd. Me\u00f0al mikilv\u00e6gra fr\u00e6\u00f0imanna eru Larissa Bonfante, Nancy Thomson de Grummond, Mauro Cristofani og Anna Marina Moretti Sgubini.<\/p><p>Ranns\u00f3knir kanna n\u00e1i\u00f0 tengslin milli gr\u00edsku Athenu og etr\u00farsku Menrvu: Hvar er um beina yfirt\u00f6ku a\u00f0 r\u00e6\u00f0a, og hvar um sj\u00e1lfst\u00e6\u00f0a etr\u00farska \u00fer\u00f3un? \u00deessi spurning er efni \u00ed umr\u00e6\u00f0ur samt\u00edmans.<\/p><p>Al\u00fej\u00f3\u00f0lega samtengd fr\u00e6\u00f0istarfsemi fjallar \u00ed dag um etr\u00farsk tr\u00faarbr\u00f6g\u00f0 og \u00fear me\u00f0 einnig um gy\u00f0jur eins og Menrvu. Me\u00f0al mikilv\u00e6gra ranns\u00f3knarmi\u00f0st\u00f6\u00f0va eru h\u00e1sk\u00f3larnir \u00ed Fl\u00f3rens, R\u00f3m Sapienza, P\u00edsa, T\u00fcbingen og Princeton. \u00c1 hverju \u00e1ri er fj\u00f6lda al\u00fej\u00f3\u00f0legra r\u00e1\u00f0stefna vari\u00f0 til einstakra \u00fe\u00e1tta \u00feessa efnis.<\/p><p>Al\u00fej\u00f3\u00f0leg verkefni um etr\u00farsk tr\u00faarbr\u00f6g\u00f0 nota n\u00fa stafr\u00e6nar a\u00f0fer\u00f0ir: \u00fer\u00edv\u00edddarsk\u00f6nnun af hofum og gr\u00f6fum, gagnagrunna fyrir \u00e1letranir og myndheimildir og GIS-greiningar \u00e1 bygg\u00f0armynstri. Sl\u00edkar a\u00f0fer\u00f0ir opna n\u00fdja inns\u00fdn, einnig \u00ed d\u00fdrkunarsta\u00f0i Menrvu.<\/p><p>Almenningi er n\u00fat\u00edma etr\u00farsk fr\u00e6\u00f0imennska ger\u00f0 a\u00f0gengileg \u00ed gegnum s\u00fdningar, me\u00f0al annars \u00ed Vat\u00edkansafninu, Museo Nazionale Etrusco di Villa Giulia og Boston Museum of Fine Arts, auk fj\u00f6lmargra rita.<\/p>\t\t\t\t\t\t\t\t<\/div>\n\t\t\t\t<\/div>\n\t\t\t\t\t<\/div>\n\t\t\t\t<\/div>\n\t\t<div class=\"elementor-element elementor-element-iwgw-menrva-s9 e-flex e-con-boxed e-con e-parent\" data-id=\"iwgw-menrva-s9\" data-element_type=\"container\" data-e-type=\"container\">\n\t\t\t\t\t<div class=\"e-con-inner\">\n\t\t\t\t<div class=\"elementor-element elementor-element-iwgw-menrva-s9h elementor-widget elementor-widget-heading\" data-id=\"iwgw-menrva-s9h\" data-element_type=\"widget\" data-e-type=\"widget\" data-widget_type=\"heading.default\">\n\t\t\t\t\t<h2 class=\"elementor-heading-title elementor-size-default\">Heimildir og sta\u00f0a ranns\u00f3kna<\/h2>\t\t\t\t<\/div>\n\t\t<div class=\"elementor-element elementor-element-iwgw-menrva-s9c e-con-full e-flex e-con e-child\" data-id=\"iwgw-menrva-s9c\" data-element_type=\"container\" data-e-type=\"container\">\n\t\t\t\t<div class=\"elementor-element elementor-element-iwgw-menrva-s9t elementor-widget elementor-widget-text-editor\" data-id=\"iwgw-menrva-s9t\" data-element_type=\"widget\" data-e-type=\"widget\" data-widget_type=\"text-editor.default\">\n\t\t\t\t\t\t\t\t\t<p>Mikilv\u00e6gustu heimildir Menrvu-ranns\u00f3kna eru etr\u00farskar \u00e1letranir, etr\u00farskir speglar me\u00f0 \u00e1letru\u00f0um texta, hofsv\u00e6\u00f0i (Portonaccio, Veji) og gr\u00edsk-r\u00f3mverskar aukaheimildir. <em>Editio Minor<\/em> Helmuts Rix er sta\u00f0al\u00fatg\u00e1fa textanna.<\/p><p>N\u00e1kv\u00e6mari sko\u00f0un \u00e1 <a href=\"https:\/\/iwell-guard.com\/is\/etruskisk-trubrogd-haruspex-disciplina\/\">etr\u00farskri tr\u00faarbrag\u00f0as\u00f6gu<\/a> \u00ed heild s\u00fdnir hvernig skilja m\u00e1 Menrvu \u00ed tengslakerfinu vi\u00f0 Tinia, Uni og a\u00f0ra Atua. \u00deessi tengslamyndun er v\u00edsindalega mikilv\u00e6g til a\u00f0 skilja etr\u00farsku go\u00f0heiminn.<\/p><p>Heimildagrundv\u00f6llur etr\u00farskra tr\u00faarbrag\u00f0a er misjafn: \u00e1letranaheimildir, sem safna\u00f0 er \u00ed Editio Minor Helmuts Rix, fornleifafundir, myndheimildir og aukarit. Til a\u00f0 skilja Menrvu \u00e1 fulln\u00e6gjandi h\u00e1tt \u00fearf a\u00f0 greina \u00feessa fj\u00f6lbreytni \u00fevert \u00e1 fr\u00e6\u00f0igreinar; n\u00fdrri ranns\u00f3knir sameina \u00ed \u00fev\u00ed skyni m\u00e1lv\u00edsindi, <span class=\"iwg-fachbegriff\" data-tooltip=\"V\u00edsindagrein sem rannsakar fyrri menningarheima me\u00f0 efnislegum fundum.\" tabindex=\"0\">fornleifafr\u00e6\u00f0i<\/span>, <span class=\"iwg-fachbegriff\" data-tooltip=\"V\u00edsindagrein sem rannsakar tr\u00faarbr\u00f6g\u00f0 \u00e1 samanbur\u00f0arh\u00e1tt \u00e1n tr\u00faarlegrar afst\u00f6\u00f0u.\" tabindex=\"0\">tr\u00faarbrag\u00f0afr\u00e6\u00f0i<\/span> og manneskjufr\u00e6\u00f0i \u00e1 kerfisbundinn h\u00e1tt.<\/p><p>R\u00e9tt heimildagagnr\u00fdni krefst \u00feess a\u00f0 ma\u00f0ur \u00feekki b\u00e6\u00f0i etr\u00farsk frumheimildir og gr\u00edsk-r\u00f3mverska aukahef\u00f0ina. \u00deessi tv\u00f6faldi a\u00f0gangur er krefjandi en \u00f3missandi fyrir traustvekjandi tr\u00faars\u00f6guleg endurger\u00f0 Menrvu.<\/p><p>Vanda\u00f0ur s\u00f6gulegur skilningur \u00e1 Menrvu krefst \u00feess a\u00f0 ma\u00f0ur hafi yfirs\u00fdn yfir \u00e1letranaheimildir, fornleifafundir og b\u00f3kmenntaheimildir, jafnt sem a\u00f0fer\u00f0ir n\u00fat\u00edma <span class=\"iwg-fachbegriff\" data-tooltip=\"V\u00edsindagrein sem rannsakar tr\u00faarbr\u00f6g\u00f0 \u00e1 samanbur\u00f0arh\u00e1tt \u00e1n tr\u00faarlegrar afst\u00f6\u00f0u.\" tabindex=\"0\">tr\u00faarbrag\u00f0afr\u00e6\u00f0i<\/span>. \u00deessi marg\u00fe\u00e6tta \u00farvinnsla telst sta\u00f0all \u00ed ranns\u00f3knum.<\/p>\t\t\t\t\t\t\t\t<\/div>\n\t\t\t\t<\/div>\n\t\t\t\t\t<\/div>\n\t\t\t\t<\/div>\n\t\t<div class=\"elementor-element elementor-element-cp2831c424 e-flex e-con-boxed e-con e-parent\" data-id=\"cp2831c424\" data-element_type=\"container\" data-e-type=\"container\">\n\t\t\t\t\t<div class=\"e-con-inner\">\n\t\t\t\t<div class=\"elementor-element elementor-element-cp209d5a25 elementor-widget elementor-widget-heading\" data-id=\"cp209d5a25\" data-element_type=\"widget\" data-e-type=\"widget\" data-widget_type=\"heading.default\">\n\t\t\t\t\t<h2 class=\"elementor-heading-title elementor-size-default\">Menrva \u00e1 etr\u00farskum bronsspeglum: mikilv\u00e6gasta myndheimildin<\/h2>\t\t\t\t<\/div>\n\t\t<div class=\"elementor-element elementor-element-cp25a0aa3d e-flex e-con-boxed e-con e-child\" data-id=\"cp25a0aa3d\" data-element_type=\"container\" data-e-type=\"container\">\n\t\t\t\t\t<div class=\"e-con-inner\">\n\t\t\t\t<div class=\"elementor-element elementor-element-cp2f1bb64a elementor-widget elementor-widget-text-editor\" data-id=\"cp2f1bb64a\" data-element_type=\"widget\" data-e-type=\"widget\" data-widget_type=\"text-editor.default\">\n\t\t\t\t\t\t\t\t\t<p>Etr\u00faska gy\u00f0jan Menrva er okkur fyrst og fremst kunn af grafnum bronsspeglum sem framleiddir voru \u00ed miklum m\u00e6li \u00e1 5. til 2. \u00f6ld fyrir okkar t\u00edmatal.<\/p><p>\u00deessir speglar, sem pr\u00fdddir voru go\u00f0sagnasenum \u00e1 bakhli\u00f0inni, eru gj\u00f6fulasta myndheimildin um etr\u00faska <span class=\"iwg-fachbegriff\" data-tooltip=\"Heildarsafn \u00feeirra go\u00f0sagna sem var\u00f0veist hafa \u00far menningu.\" tabindex=\"0\">go\u00f0afr\u00e6\u00f0i<\/span> yfirleitt. Menrva birtist \u00e1 \u00feeim einkar oft, oftast greinilega nafngreind me\u00f0 \u00e1letrun, sem gerir hana a\u00f0 einni au\u00f0greinanlegustu etr\u00fasku gy\u00f0junni.<\/p><p>\u00c1 speglunum er Menrva venjulega s\u00fdnd sem vopnu\u00f0 gy\u00f0ja, me\u00f0 hj\u00e1lm, spj\u00f3t og skj\u00f6ld, \u00f6\u00f0ru hvoru me\u00f0 sl\u00f6ngur \u00e1 kl\u00e6\u00f0um s\u00ednum e\u00f0a me\u00f0 \u00f3gnvekjandi \u00e1sj\u00f3nu Gorg\u00f3nunnar.<\/p><p>\u00deessi herna\u00f0arlega <span class=\"iwg-fachbegriff\" data-tooltip=\"Fr\u00e6\u00f0igrein um myndefni og merkingu \u00feess.\" tabindex=\"0\">myndhef\u00f0<\/span> samsvarar a\u00f0 miklu leyti mynd gr\u00edsku gy\u00f0junnar Athenu, og etr\u00fask list s\u00f3tti h\u00e9r greinilega fyrirmyndir til Grikkja. Samt\u00edmis birtist Menrva \u00ed s\u00e9rt\u00e6kum etr\u00faskum senum sem hafa ekki n\u00e1kv\u00e6ma hli\u00f0st\u00e6\u00f0u \u00ed gr\u00edskri <span class=\"iwg-fachbegriff\" data-tooltip=\"Heildarsafn \u00feeirra go\u00f0sagna sem var\u00f0veist hafa \u00far menningu.\" tabindex=\"0\">go\u00f0afr\u00e6\u00f0i<\/span>.<\/p><p>Mj\u00f6g umr\u00e6tt d\u00e6mi er speglamynd \u00fear sem Menrva tekur barn upp \u00far \u00edl\u00e1ti e\u00f0a stendur \u00fev\u00ed til hli\u00f0ar; \u00feessi sena er tengd etr\u00faska gu\u00f0inum Maris og bendir til hugmynda um f\u00e6\u00f0ingu, uppeldi e\u00f0a jafnvel einhvers konar endurf\u00e6\u00f0ingu sem ganga lengra en hlutverk gr\u00edsku Athenu.<\/p><p>Sl\u00edkar myndir s\u00fdna a\u00f0 Menrva var ekki einfaldlega etr\u00fask Athena, heldur sj\u00e1lfst\u00e6\u00f0 <span class=\"iwg-fachbegriff\" data-tooltip=\"Vera sem er tignu\u00f0 sem gu\u00f0leg innan tr\u00faarbrag\u00f0a.\" tabindex=\"0\">gu\u00f0leg vera<\/span> me\u00f0 a\u00f0 hluta til \u00f6\u00f0ru hlutverkasvi\u00f0i, sem n\u00e1\u00f0i me\u00f0al annars yfir svi\u00f0 l\u00e6kninga, vaxtar og bernsku. Skyldar gy\u00f0juverur \u00feekkjast einnig me\u00f0al n\u00e1l\u00e6gra <a href=\"https:\/\/iwell-guard.com\/is\/etruskisk-trubrogd-haruspex-disciplina\/\">\u00edtalskra menningarheima<\/a>.<\/p>\t\t\t\t\t\t\t\t<\/div>\n\t\t\t\t\t<\/div>\n\t\t\t\t<\/div>\n\t\t\t\t\t<\/div>\n\t\t\t\t<\/div>\n\t\t<div class=\"elementor-element elementor-element-cp23cfeee3 e-flex e-con-boxed e-con e-parent\" data-id=\"cp23cfeee3\" data-element_type=\"container\" data-e-type=\"container\">\n\t\t\t\t\t<div class=\"e-con-inner\">\n\t\t\t\t<div class=\"elementor-element elementor-element-cp2f04d6ba elementor-widget elementor-widget-heading\" data-id=\"cp2f04d6ba\" data-element_type=\"widget\" data-e-type=\"widget\" data-widget_type=\"heading.default\">\n\t\t\t\t\t<h2 class=\"elementor-heading-title elementor-size-default\">Fr\u00e1 etr\u00fasku Menrvu til r\u00f3mversku Minervu: yfirt\u00f6kuferli<\/h2>\t\t\t\t<\/div>\n\t\t<div class=\"elementor-element elementor-element-cp260f78a4 e-flex e-con-boxed e-con e-child\" data-id=\"cp260f78a4\" data-element_type=\"container\" data-e-type=\"container\">\n\t\t\t\t\t<div class=\"e-con-inner\">\n\t\t\t\t<div class=\"elementor-element elementor-element-cp2934c062 elementor-widget elementor-widget-text-editor\" data-id=\"cp2934c062\" data-element_type=\"widget\" data-e-type=\"widget\" data-widget_type=\"text-editor.default\">\n\t\t\t\t\t\t\t\t\t<p>Nafni\u00f0 Menrva og nafn r\u00f3mversku gy\u00f0junnar Minervu eru auglj\u00f3slega tengd, og m\u00e1lfr\u00e6\u00f0iranns\u00f3knir gera r\u00e1\u00f0 fyrir a\u00f0 r\u00f3mverska Minerva hafi fengi\u00f0 nafn sitt \u00far etr\u00fasku m\u00e1li e\u00f0a \u00far sameiginlegu \u00edt\u00f6lsku umhverfi. \u00dear me\u00f0 er Menrva eitt af f\u00e1um d\u00e6mum \u00fear sem etr\u00faskt gu\u00f0anafn lifir \u00e1fram me\u00f0 beinum h\u00e6tti \u00ed r\u00f3mverskri tr\u00fa.<\/p><p>Yfirt\u00f6kuferli\u00f0 er \u00fe\u00f3 a\u00f0eins a\u00f0 hluta unnt a\u00f0 endurgera. R\u00f3m og etr\u00fasku borgr\u00edkin voru \u00ed n\u00e1num tengslum um aldir, og um t\u00edma heyr\u00f0i R\u00f3m sj\u00e1lf til \u00e1hrifasv\u00e6\u00f0is Etr\u00fara. \u00c1 \u00feessu t\u00edmabili b\u00e1rust fj\u00f6lm\u00f6rg menningar- og tr\u00faarleg atri\u00f0i \u00e1 milli, \u00fear \u00e1 me\u00f0al \u00fe\u00e6ttir musterisbyggingarlistar, <span class=\"iwg-fachbegriff\" data-tooltip=\"A\u00f0 sp\u00e1 fyrir um komandi atbur\u00f0i me\u00f0 tr\u00faarlegum e\u00f0a t\u00f6frandi h\u00e6tti.\" tabindex=\"0\">v\u00e9fr\u00e9tta<\/span> og einmitt gu\u00f0an\u00f6fn.<\/p><p>Minerva var\u00f0 \u00ed R\u00f3m hluti af h\u00f6fu\u00f0borgar\u00fer\u00edeykinu (capitolinska \u00fer\u00edeykinu) vi\u00f0 hli\u00f0 J\u00fap\u00edters og J\u00fan\u00f3ar, sem sett hana \u00feannig \u00ed st\u00f6\u00f0u sem g\u00e6ti samsvara\u00f0 etr\u00fasku samsetningunni af Tinia, <a href=\"https:\/\/iwell-guard.com\/is\/uni-haedsta-gydja-etrura\/\">Uni<\/a> og Menrvu.<\/p><p>N\u00e1kv\u00e6mlega \u00e1 \u00feessum sta\u00f0 er \u00fe\u00f3 r\u00e9tt a\u00f0 fara varlega. Sk\u00fdr samsv\u00f6run \u00feessara tveggja \u00fer\u00edeykja virkar sannf\u00e6randi, en g\u00e6ti a\u00f0 hluta veri\u00f0 \u00e1lyktun fr\u00e1 betur kunnu r\u00f3mversku fyrirmyndinni yfir \u00e1 etr\u00fasku hli\u00f0ina. \u00d6ruggt er a\u00f0 Menrva var <span class=\"iwg-fachbegriff\" data-tooltip=\"Vera sem er tignu\u00f0 sem gu\u00f0leg innan tr\u00faarbrag\u00f0a.\" tabindex=\"0\">gu\u00f0leg vera<\/span> \u00ed fremstu r\u00f6\u00f0 og a\u00f0 nafn hennar fann s\u00e9r lei\u00f0 inn \u00ed r\u00f3mverska tr\u00fa.<\/p><p>Hvernig hlutverk hennar breyttust n\u00e1kv\u00e6mlega vi\u00f0 \u00feetta, hvort etr\u00faska Menrva me\u00f0 tengslum s\u00ednum vi\u00f0 handverk, l\u00e6kningar og bernsku var yfirtekin \u00f3breytt e\u00f0a endurm\u00f3tu\u00f0, er ekki unnt a\u00f0 skera \u00far um \u00ed sm\u00e1atri\u00f0um \u00fat fr\u00e1 heimildunum.<\/p><p>Tilvik Menrvu s\u00fdnir \u00e1 sk\u00fdran h\u00e1tt hversu samofin etr\u00fask og r\u00f3mversk tr\u00fa voru, og hversu erfitt er \u00e1 sama t\u00edma a\u00f0 \u00e1kvar\u00f0a n\u00e1kv\u00e6mlega \u00ed hva\u00f0a \u00e1tt og me\u00f0 hva\u00f0a innihaldi sl\u00edk yfirtaka f\u00f3r fram.<\/p>\t\t\t\t\t\t\t\t<\/div>\n\t\t\t\t\t<\/div>\n\t\t\t\t<\/div>\n\t\t\t\t\t<\/div>\n\t\t\t\t<\/div>\n\t\t<div class=\"elementor-element elementor-element-cp2d8bee14 e-flex e-con-boxed e-con e-parent\" data-id=\"cp2d8bee14\" data-element_type=\"container\" data-e-type=\"container\">\n\t\t\t\t\t<div class=\"e-con-inner\">\n\t\t\t\t<div class=\"elementor-element elementor-element-cp24a35acd elementor-widget elementor-widget-heading\" data-id=\"cp24a35acd\" data-element_type=\"widget\" data-e-type=\"widget\" data-widget_type=\"heading.default\">\n\t\t\t\t\t<h2 class=\"elementor-heading-title elementor-size-default\">Menrva \u00e1 bronslifrinni fr\u00e1 Piacenza og \u00ed v\u00e9fr\u00e9ttarkerfinu<\/h2>\t\t\t\t<\/div>\n\t\t<div class=\"elementor-element elementor-element-cp24f26b71 e-flex e-con-boxed e-con e-child\" data-id=\"cp24f26b71\" data-element_type=\"container\" data-e-type=\"container\">\n\t\t\t\t\t<div class=\"e-con-inner\">\n\t\t\t\t<div class=\"elementor-element elementor-element-cp22f28ce4 elementor-widget elementor-widget-text-editor\" data-id=\"cp22f28ce4\" data-element_type=\"widget\" data-e-type=\"widget\" data-widget_type=\"text-editor.default\">\n\t\t\t\t\t\t\t\t\t<p><span data-nosnippet>Eins og a\u00f0rar mikilv\u00e6gar etr\u00faskar gu\u00f0legar verur er Menrva einnig skr\u00e1\u00f0 \u00e1 bronslifrinni fr\u00e1 Piacenza, \u00fev\u00ed bronslifrarl\u00edkani sem fannst \u00e1ri\u00f0 1877 og er fr\u00e1 2. e\u00f0a 1. \u00f6ld fyrir okkar t\u00edmatal, og tali\u00f0 er a\u00f0 hafi veri\u00f0 nota\u00f0 sem n\u00e1msgagn fyrir innyflasp\u00e1menn. Yfirbor\u00f0inu er skipt \u00ed m\u00f6rg sv\u00e6\u00f0i me\u00f0 grafin gu\u00f0an\u00f6fn, og Menrva hefur \u00fear fastan sta\u00f0.<\/span><\/p><p>A\u00f0 Menrva birtist \u00e1 lifrinni er meira en tilviljunarkennt sm\u00e1atri\u00f0i. \u00dea\u00f0 s\u00fdnir a\u00f0 h\u00fan var samofin hinu mj\u00f6g formfasta kerfi etr\u00faskrar v\u00e9fr\u00e9ttarfr\u00e6\u00f0i, <em>disciplina etrusca<\/em>. Sext\u00e1n sv\u00e6\u00f0in \u00e1 ja\u00f0ri lifrarins eru talin samsvara skiptingu himinsins \u00ed sext\u00e1n sv\u00e6\u00f0i, sem hverju var \u00fathluta\u00f0 \u00e1kve\u00f0num gu\u00f0legum verum.<\/p><p>Af sta\u00f0setningu s\u00e9rkenna \u00e1 rannsaka\u00f0ri d\u00fdralifur dr\u00f3 s\u00e9rfr\u00e6\u00f0ingurinn \u00e1lyktanir um vilja \u00feeirrar <span class=\"iwg-fachbegriff\" data-tooltip=\"Vera sem er tignu\u00f0 sem gu\u00f0leg innan tr\u00faarbrag\u00f0a.\" tabindex=\"0\">gu\u00f0legu veru<\/span> sem sv\u00e6\u00f0i\u00f0 tilheyr\u00f0i. Menrva var \u00feannig ekki a\u00f0eins efni <span class=\"iwg-fachbegriff\" data-tooltip=\"Var\u00f0veitt saga um gu\u00f0i, uppruna og skipan heimsins.\" tabindex=\"0\">go\u00f0sagna<\/span>, spegilalistar og musteristr\u00faar, heldur einnig st\u00e6r\u00f0 sem <span class=\"iwg-fachbegriff\" data-tooltip=\"A\u00f0 sp\u00e1 fyrir um komandi atbur\u00f0i me\u00f0 tr\u00faarlegum e\u00f0a t\u00f6frandi h\u00e6tti.\" tabindex=\"0\">v\u00e9fr\u00e9tt<\/span> reikna\u00f0i me\u00f0 \u00ed raun.<\/p><p>N\u00e1kv\u00e6m virkni \u00feessa kerfis er \u00fe\u00f3 \u00f3lj\u00f3s, \u00fev\u00ed engin heilleg etr\u00fask kennslutexti um lifrarsp\u00e1d\u00f3ma hefur var\u00f0veist. Vi\u00f0 vitum a\u00f0 Menrva haf\u00f0i sinn sta\u00f0 \u00ed kerfinu, en ekki \u00ed sm\u00e1atri\u00f0um hva\u00f0a merkingu sv\u00e6\u00f0i hennar bar e\u00f0a \u00ed hva\u00f0a sambandi \u00fea\u00f0 st\u00f3\u00f0 vi\u00f0 sv\u00e6\u00f0i n\u00e1l\u00e6gra gu\u00f0legra vera.<\/p><p>Bronslifrin er \u00e1fram heillandi en a\u00f0eins a\u00f0 hluta lesanlegt skjal. Fyrir st\u00f6\u00f0u Menrvu er h\u00fan \u00fe\u00f3 mikilv\u00e6g: h\u00fan sta\u00f0festir a\u00f0 gy\u00f0jan var til sta\u00f0ar \u00e1 \u00f6llum \u00feremur meginsvi\u00f0um etr\u00faskrar tr\u00faar, \u00ed <span class=\"iwg-fachbegriff\" data-tooltip=\"Var\u00f0veitt saga um gu\u00f0i, uppruna og skipan heimsins.\" tabindex=\"0\">go\u00f0s\u00f6gn<\/span> speglanna, \u00ed opinberri <span class=\"iwg-fachbegriff\" data-tooltip=\"Heildarsafn tr\u00faarlegra tignunarathafna fyrir gu\u00f0lega veru e\u00f0a heilaga pers\u00f3nu.\" tabindex=\"0\">d\u00fdrkun<\/span> og \u00ed hinni l\u00e6r\u00f0u v\u00e9fr\u00e9ttarfr\u00e6\u00f0i sem gaf Etr\u00farum s\u00e9rstakt or\u00f0spor \u00ed hinum forna heimi.<\/p>\t\t\t\t\t\t\t\t<\/div>\n\t\t\t\t\t<\/div>\n\t\t\t\t<\/div>\n\t\t\t\t\t<\/div>\n\t\t\t\t<\/div>\n\t\t<div class=\"elementor-element elementor-element-iwgw-menrva-lit e-flex e-con-boxed e-con e-parent\" data-id=\"iwgw-menrva-lit\" data-element_type=\"container\" data-e-type=\"container\">\n\t\t\t\t\t<div class=\"e-con-inner\">\n\t\t\t\t<div class=\"elementor-element elementor-element-iwgw-menrva-lith elementor-widget elementor-widget-heading\" data-id=\"iwgw-menrva-lith\" data-element_type=\"widget\" data-e-type=\"widget\" data-widget_type=\"heading.default\">\n\t\t\t\t\t<h2 class=\"elementor-heading-title elementor-size-default\">Heimildir (\u00farval)<\/h2>\t\t\t\t<\/div>\n\t\t<div class=\"elementor-element elementor-element-iwgw-menrva-litc e-con-full e-flex e-con e-child\" data-id=\"iwgw-menrva-litc\" data-element_type=\"container\" data-e-type=\"container\">\n\t\t\t\t<div class=\"elementor-element elementor-element-iwgw-menrva-litt elementor-widget elementor-widget-text-editor\" data-id=\"iwgw-menrva-litt\" data-element_type=\"widget\" data-e-type=\"widget\" data-widget_type=\"text-editor.default\">\n\t\t\t\t\t\t\t\t\t<ul><li>Larissa Bonfante: <em>Etruscan Mythology<\/em> (2006)<\/li><li>Jean-Rene Jannot: <em>Religion in Ancient Etruria<\/em> (2005)<\/li><li>Massimo Pallottino: <em>Die Etrusker<\/em> (1942)<\/li><li>Larissa Bonfante: <em>Etruscan Bronzes<\/em><\/li><\/ul>\n<p class=\"iwg-bib-more\"><span data-nosnippet>Fleiri grunnrit \u00ed <a href=\"https:\/\/iwell-guard.com\/is\/heimildaskra\/\">heimildaskr\u00e1nni<\/a>.<\/span><\/p>\t\t\t\t\t\t\t\t<\/div>\n\t\t\t\t<\/div>\n\t\t\t\t\t<\/div>\n\t\t\t\t<\/div>\n\t\t<div class=\"elementor-element elementor-element-iwgw-menrva-kwd e-flex e-con-boxed e-con e-parent\" data-id=\"iwgw-menrva-kwd\" data-element_type=\"container\" data-e-type=\"container\">\n\t\t\t\t\t<div class=\"e-con-inner\">\n\t\t<div class=\"elementor-element elementor-element-iwgw-menrva-kwdc e-con-full e-flex e-con e-child\" data-id=\"iwgw-menrva-kwdc\" data-element_type=\"container\" data-e-type=\"container\">\n\t\t\t\t<div class=\"elementor-element elementor-element-iwgw-menrva-kwdt elementor-widget elementor-widget-text-editor\" data-id=\"iwgw-menrva-kwdt\" data-element_type=\"widget\" data-e-type=\"widget\" data-widget_type=\"text-editor.default\">\n\t\t\t\t\t\t\t\t\t<p><em>Tengd kjarnahugt\u00f6k: Menrva, etr\u00faskar, gy\u00f0ja, viska, str\u00ed\u00f0, handverk, Portonaccio, Veji, A\u00feena.<\/em><\/p>\t\t\t\t\t\t\t\t<\/div>\n\t\t\t\t<\/div>\n\t\t\t\t\t<\/div>\n\t\t\t\t<\/div>\n\t\t<div class=\"elementor-element elementor-element-iwgw-menrva-cc e-flex e-con-boxed e-con e-parent\" data-id=\"iwgw-menrva-cc\" data-element_type=\"container\" data-e-type=\"container\" id=\"iwg-cc-menrva\">\n\t\t\t\t\t<div class=\"e-con-inner\">\n\t\t<div class=\"elementor-element elementor-element-iwgw-menrva-ccinner e-flex e-con-boxed e-con e-parent\" data-id=\"iwgw-menrva-ccinner\" data-element_type=\"container\" data-e-type=\"container\" data-settings=\"{&quot;background_background&quot;:&quot;classic&quot;}\">\n\t\t\t\t\t<div class=\"e-con-inner\">\n\t\t\t\t<div class=\"elementor-element elementor-element-iwgw-menrva-cch elementor-widget elementor-widget-heading\" data-id=\"iwgw-menrva-cch\" data-element_type=\"widget\" data-e-type=\"widget\" data-widget_type=\"heading.default\">\n\t\t\t\t\t<h2 class=\"elementor-heading-title elementor-size-default\">iWell Guard og verndarhef\u00f0ir<\/h2>\t\t\t\t<\/div>\n\t\t\t\t<div class=\"elementor-element elementor-element-iwgw-menrva-cct elementor-widget elementor-widget-text-editor\" data-id=\"iwgw-menrva-cct\" data-element_type=\"widget\" data-e-type=\"widget\" data-widget_type=\"text-editor.default\">\n\t\t\t\t\t\t\t\t\t<div data-nosnippet=\"true\"><p>iWell Guard tengist menningars\u00f6gulegri hef\u00f0 farandhelgigripa, \u00ed hef\u00f0 <a href=\"https:\/\/iwell-guard.com\/is\/etruskisk-trubrogd-haruspex-disciplina\/\">Etr\u00faska<\/a> og margra annarra menningarheima um allan heim. 41 lag, alv\u00f6ru gull, plat\u00edna, silfur, framleitt \u00ed \u00de\u00fdskalandi. 30 daga skilar\u00e9ttur.<\/p><\/div>\t\t\t\t\t\t\t\t<\/div>\n\t\t\t\t<div class=\"elementor-element elementor-element-iwgw-menrva-ccb iwg-cc-button iwg-cc-cta-2026-05-13 elementor-widget elementor-widget-jet-button\" data-id=\"iwgw-menrva-ccb\" data-element_type=\"widget\" data-e-type=\"widget\" data-widget_type=\"jet-button.default\">\n\t\t\t\t<div class=\"elementor-widget-container\">\n\t\t\t\t\t<div class=\"elementor-jet-button jet-elements\"><div class=\"jet-button__container\"><a class=\"jet-button__instance jet-button__instance--icon-left hover-effect-1\" href=\"\/ueber-iwell-guard\/?utm_source=iwell-guard.com&amp;utm_medium=info-box&amp;utm_campaign=wesen-tradition\"><div class=\"jet-button__plane jet-button__plane-normal\"><\/div><div class=\"jet-button__plane jet-button__plane-hover\"><\/div><div class=\"jet-button__state jet-button__state-normal\"><span class=\"jet-button__label\">Meira um iWell Guard<\/span><\/div><div class=\"jet-button__state jet-button__state-hover\"><span class=\"jet-button__label\">Meira um iWell Guard<\/span><\/div><\/a><\/div><\/div><style>.elementor-element.elementor-element-iwgw-menrva-ccb .jet-button__instance{width:320px;height:56px;}.elementor-element.elementor-element-iwgw-menrva-ccb .jet-button__state-normal .jet-button__label{text-align:center;margin:0px 0px 0px 0px;color:#1a1b20;font-family:Montserrat,sans-serif;font-size:13px;font-weight:400;letter-spacing:4px;line-height:1.714em;text-transform:uppercase;}.elementor-element.elementor-element-iwgw-menrva-ccb .jet-button__state-hover .jet-button__label{text-align:center;margin:0px 0px 0px 0px;color:#FECC76;font-family:Montserrat,sans-serif;font-size:13px;font-weight:400;letter-spacing:4px;line-height:1.714em;text-transform:uppercase;}.elementor-element.elementor-element-iwgw-menrva-ccb .jet-button__plane-normal{background-color:#FECC76;border-style:solid;border-color:#C99540;border-width:2px 2px 2px 2px;}.elementor-element.elementor-element-iwgw-menrva-ccb .jet-button__plane-hover{background-color:rgba(0,0,0,0.55);border-style:solid;border-color:#FECC76;border-width:2px 2px 2px 2px;}<\/style>\t\t\t\t<\/div>\n\t\t\t\t<\/div>\n\t\t\t\t<div class=\"elementor-element elementor-element-iwgw-menrva-ccd elementor-widget elementor-widget-text-editor\" data-id=\"iwgw-menrva-ccd\" data-element_type=\"widget\" data-e-type=\"widget\" data-widget_type=\"text-editor.default\">\n\t\t\t\t\t\t\t\t\t<div data-nosnippet=\"true\"><p style=\"text-align:center;font-size:13px;opacity:0.7;margin-top:14px\" data-nosnippet=\"true\">Pers\u00f3nuleg reynsla getur veri\u00f0 mismunandi. Ekki l\u00e6kningat\u00e6ki. Engin lofor\u00f0 um l\u00e6kningu.<\/p><\/div>\t\t\t\t\t\t\t\t<\/div>\n\t\t\t\t\t<\/div>\n\t\t\t\t<\/div>\n\t\t\t\t\t<\/div>\n\t\t\t\t<\/div>\n\t\t<div class=\"elementor-element elementor-element-iwgw-menrva-disc e-flex e-con-boxed e-con e-parent\" data-id=\"iwgw-menrva-disc\" data-element_type=\"container\" data-e-type=\"container\">\n\t\t\t\t\t<div class=\"e-con-inner\">\n\t\t\t\t<div class=\"elementor-element elementor-element-iwgw-menrva-discw elementor-widget elementor-widget-html\" data-id=\"iwgw-menrva-discw\" data-element_type=\"widget\" data-e-type=\"widget\" data-widget_type=\"html.default\">\n\t\t\t\t\t<footer data-nosnippet=\"true\" class=\"iwg-disclaimer-block\"><p data-nosnippet=\"true\">iWell Guard er <strong>ekki l\u00e6kningat\u00e6ki<\/strong> og kemur ekki \u00ed sta\u00f0inn fyrir l\u00e6knis- e\u00f0a s\u00e1lfr\u00e6\u00f0ime\u00f0fer\u00f0. Tr\u00faarfr\u00e6\u00f0ilegt efni er menningars\u00f6gulegt samhengi, ekki r\u00e1\u00f0legging um andlega i\u00f0kun.<\/p><\/footer>\t\t\t\t<\/div>\n\t\t\t\t\t<\/div>\n\t\t\t\t<\/div>\n\t\t\t\t<\/div>\n\t\t","protected":false},"excerpt":{"rendered":"","protected":false},"author":3,"featured_media":2817,"parent":0,"menu_order":0,"comment_status":"closed","ping_status":"closed","template":"elementor_header_footer","meta":{"_yoast_wpseo_focuskw":"Menrva Etr\u00farar","_yoast_wpseo_title":"Menrva - Etr\u00fask gy\u00f0ja, go\u00f0saga og \u00e1tr\u00fana\u00f0ur","_yoast_wpseo_metadesc":"Menrva er etr\u00fask gy\u00f0ja viskunnar, handverks og herna\u00f0ar. Tr\u00faarfr\u00e6\u00f0ileg greining me\u00f0 go\u00f0s\u00f6gu, \u00e1tr\u00fana\u00f0i og heimildum.","_yoast_wpseo_meta-robots-noindex":"","_yoast_wpseo_canonical":"","_angie_page":false,"gefaehrdungsstufe":"2","wesen_kultur":"etruskisch","wesen_klasse":"goetter","footnotes":""},"categories":[],"class_list":["post-168951","page","type-page","status-publish","has-post-thumbnail","hentry"],"yoast_head":"<!-- This site is optimized with the Yoast SEO Premium plugin v27.7 (Yoast SEO v28.3) - https:\/\/yoast.com\/product\/yoast-seo-premium-wordpress\/ -->\n<title>Menrva - Etr\u00fask gy\u00f0ja, go\u00f0saga og \u00e1tr\u00fana\u00f0ur<\/title>\n<meta name=\"description\" content=\"Menrva er etr\u00fask gy\u00f0ja viskunnar, handverks og herna\u00f0ar. Tr\u00faarfr\u00e6\u00f0ileg greining me\u00f0 go\u00f0s\u00f6gu, \u00e1tr\u00fana\u00f0i og heimildum.\" \/>\n<meta name=\"robots\" content=\"index, follow, max-snippet:-1, max-image-preview:large, max-video-preview:-1\" \/>\n<link rel=\"canonical\" href=\"https:\/\/iwell-guard.com\/is\/menrva-gydja-viskunnar-hernadar\/\" \/>\n<meta property=\"og:locale\" content=\"is_IS\" \/>\n<meta property=\"og:type\" content=\"article\" \/>\n<meta property=\"og:title\" content=\"Menrva - Etr\u00fask gy\u00f0ja viskunnar og herna\u00f0ar\" \/>\n<meta property=\"og:description\" content=\"Menrva er etr\u00fask gy\u00f0ja viskunnar, handverks og herna\u00f0ar. Tr\u00faarfr\u00e6\u00f0ileg greining me\u00f0 go\u00f0s\u00f6gu, \u00e1tr\u00fana\u00f0i og heimildum.\" \/>\n<meta property=\"og:url\" content=\"https:\/\/iwell-guard.com\/is\/menrva-gydja-viskunnar-hernadar\/\" \/>\n<meta property=\"og:site_name\" content=\"iWell Guard\" \/>\n<meta property=\"article:modified_time\" content=\"2026-09-05T14:59:30+00:00\" \/>\n<meta property=\"og:image\" content=\"https:\/\/iwell-guard.com\/wp-content\/uploads\/2026\/05\/goetter_etruskisch_menrva.webp\" \/>\n\t<meta property=\"og:image:width\" content=\"1024\" \/>\n\t<meta property=\"og:image:height\" content=\"1536\" \/>\n\t<meta property=\"og:image:type\" content=\"image\/webp\" \/>\n<meta name=\"twitter:card\" content=\"summary_large_image\" \/>\n<script type=\"application\/ld+json\" class=\"yoast-schema-graph\">{\"@context\":\"https:\\\/\\\/schema.org\",\"@graph\":[{\"@type\":\"WebPage\",\"@id\":\"https:\\\/\\\/iwell-guard.com\\\/is\\\/menrva-gydja-viskunnar-hernadar\\\/\",\"url\":\"https:\\\/\\\/iwell-guard.com\\\/is\\\/menrva-gydja-viskunnar-hernadar\\\/\",\"name\":\"Menrva - Etr\u00fask gy\u00f0ja, go\u00f0saga og \u00e1tr\u00fana\u00f0ur\",\"isPartOf\":{\"@id\":\"https:\\\/\\\/iwell-guard.com\\\/is\\\/#website\"},\"primaryImageOfPage\":{\"@id\":\"https:\\\/\\\/iwell-guard.com\\\/is\\\/menrva-gydja-viskunnar-hernadar\\\/#primaryimage\"},\"image\":{\"@id\":\"https:\\\/\\\/iwell-guard.com\\\/is\\\/menrva-gydja-viskunnar-hernadar\\\/#primaryimage\"},\"thumbnailUrl\":\"https:\\\/\\\/iwell-guard.com\\\/wp-content\\\/uploads\\\/2026\\\/05\\\/goetter_etruskisch_menrva.webp\",\"datePublished\":\"2026-09-05T14:04:19+00:00\",\"dateModified\":\"2026-09-05T14:59:30+00:00\",\"description\":\"Menrva er etr\u00fask gy\u00f0ja viskunnar, handverks og herna\u00f0ar. Tr\u00faarfr\u00e6\u00f0ileg greining me\u00f0 go\u00f0s\u00f6gu, \u00e1tr\u00fana\u00f0i og heimildum.\",\"breadcrumb\":{\"@id\":\"https:\\\/\\\/iwell-guard.com\\\/is\\\/menrva-gydja-viskunnar-hernadar\\\/#breadcrumb\"},\"inLanguage\":\"is\",\"potentialAction\":[{\"@type\":\"ReadAction\",\"target\":[\"https:\\\/\\\/iwell-guard.com\\\/is\\\/menrva-gydja-viskunnar-hernadar\\\/\"]}]},{\"@type\":\"ImageObject\",\"inLanguage\":\"is\",\"@id\":\"https:\\\/\\\/iwell-guard.com\\\/is\\\/menrva-gydja-viskunnar-hernadar\\\/#primaryimage\",\"url\":\"https:\\\/\\\/iwell-guard.com\\\/wp-content\\\/uploads\\\/2026\\\/05\\\/goetter_etruskisch_menrva.webp\",\"contentUrl\":\"https:\\\/\\\/iwell-guard.com\\\/wp-content\\\/uploads\\\/2026\\\/05\\\/goetter_etruskisch_menrva.webp\",\"width\":1024,\"height\":1536,\"caption\":\"Gu\u00f0ir \u00far etr\u00faskri hef\u00f0.\"},{\"@type\":\"BreadcrumbList\",\"@id\":\"https:\\\/\\\/iwell-guard.com\\\/is\\\/menrva-gydja-viskunnar-hernadar\\\/#breadcrumb\",\"itemListElement\":[{\"@type\":\"ListItem\",\"position\":1,\"name\":\"Start\",\"item\":\"https:\\\/\\\/iwell-guard.com\\\/is\\\/?page_id=168580\"},{\"@type\":\"ListItem\",\"position\":2,\"name\":\"Menrva &#8211; Etr\u00fask gy\u00f0ja viskunnar og herna\u00f0ar\"}]},{\"@type\":\"WebSite\",\"@id\":\"https:\\\/\\\/iwell-guard.com\\\/is\\\/#website\",\"url\":\"https:\\\/\\\/iwell-guard.com\\\/is\\\/\",\"name\":\"iWell Guard\",\"description\":\"Schutz vor dunklen Einfl\u00fcssen\",\"publisher\":{\"@id\":\"https:\\\/\\\/iwell-guard.com\\\/is\\\/#organization\"},\"potentialAction\":[{\"@type\":\"SearchAction\",\"target\":{\"@type\":\"EntryPoint\",\"urlTemplate\":\"https:\\\/\\\/iwell-guard.com\\\/is\\\/?s={search_term_string}\"},\"query-input\":{\"@type\":\"PropertyValueSpecification\",\"valueRequired\":true,\"valueName\":\"search_term_string\"}}],\"inLanguage\":\"is\"},{\"@type\":\"Organization\",\"@id\":\"https:\\\/\\\/iwell-guard.com\\\/is\\\/#organization\",\"name\":\"Ittermann electronic GmbH\",\"url\":\"https:\\\/\\\/iwell-guard.com\\\/is\\\/\",\"logo\":{\"@type\":\"ImageObject\",\"inLanguage\":\"is\",\"@id\":\"https:\\\/\\\/iwell-guard.com\\\/is\\\/#\\\/schema\\\/logo\\\/image\\\/\",\"url\":\"https:\\\/\\\/iwell-guard.com\\\/wp-content\\\/uploads\\\/2026\\\/05\\\/Ittermann-Logo-1182x237-1.png\",\"contentUrl\":\"https:\\\/\\\/iwell-guard.com\\\/wp-content\\\/uploads\\\/2026\\\/05\\\/Ittermann-Logo-1182x237-1.png\",\"width\":1182,\"height\":237,\"caption\":\"Ittermann electronic GmbH\"},\"image\":{\"@id\":\"https:\\\/\\\/iwell-guard.com\\\/is\\\/#\\\/schema\\\/logo\\\/image\\\/\"},\"sameAs\":[\"https:\\\/\\\/pantip.com\\\/profile\\\/9367242\",\"https:\\\/\\\/micro.blog\\\/iwellguard\",\"https:\\\/\\\/www.diggerslist.com\\\/iwellguard\\\/about\",\"https:\\\/\\\/skitterphoto.com\\\/photographers\\\/2870314\\\/iwell-guard\",\"https:\\\/\\\/iwellguard.wordpress.com\\\/2026\\\/06\\\/06\\\/iwell-guard\\\/\",\"https:\\\/\\\/hub.docker.com\\\/u\\\/iwellguard\",\"https:\\\/\\\/www.pinterest.com\\\/iwellguard\\\/\",\"https:\\\/\\\/bit.ly\\\/m\\\/iwellguard\",\"https:\\\/\\\/entre-vos-mains.alsace.eu\\\/profiles\\\/iwellguard\\\/activity\",\"https:\\\/\\\/gravatar.com\\\/reallybeded8fd34\",\"https:\\\/\\\/naijamatta.com\\\/iwellguard\",\"https:\\\/\\\/www.goodreads.com\\\/iwellguard\",\"https:\\\/\\\/profile.hatena.ne.jp\\\/iwellguard\\\/\",\"https:\\\/\\\/experiment.com\\\/users\\\/iwellguard\",\"https:\\\/\\\/wakelet.com\\\/@iWellGuard82270\",\"https:\\\/\\\/www.chordie.com\\\/forum\\\/profile.php?id=2555664\",\"https:\\\/\\\/www.instapaper.com\\\/p\\\/17757966\",\"https:\\\/\\\/www.mapleprimes.com\\\/users\\\/iwellguard\",\"https:\\\/\\\/businesslistingplus.com\\\/profile\\\/iwell-guard\\\/\",\"https:\\\/\\\/telegra.ph\\\/iWell-Guard-06-06\",\"https:\\\/\\\/pbase.com\\\/iwellguard\\\/iwellguard\",\"https:\\\/\\\/b.hatena.ne.jp\\\/iwellguard\\\/20260607#bookmark-4788405196491818882\",\"https:\\\/\\\/fliphtml5.com\\\/home\\\/iwellguard\",\"https:\\\/\\\/anyflip.com\\\/homepage\\\/cmiwl#About\",\"https:\\\/\\\/transfur.com\\\/Users\\\/iwellguard\",\"http:\\\/\\\/delphi.larsbo.org\\\/user\\\/iwellguard\",\"https:\\\/\\\/jobs.lajobsportal.org\\\/profiles\\\/8380803-iwell-guard\",\"https:\\\/\\\/md.chaosdorf.de\\\/s\\\/jfbe5SBdJD\",\"https:\\\/\\\/www.lingvolive.com\\\/en-us\\\/profile\\\/9ecaeaca-ce11-4e51-9e71-01d55e2bff36\\\/translations\",\"https:\\\/\\\/www.fitday.com\\\/fitness\\\/forums\\\/members\\\/iwellguard.html\",\"https:\\\/\\\/www.mymeetbook.com\\\/iwellguard\",\"https:\\\/\\\/pxhere.com\\\/en\\\/photographer-me\\\/5040798\",\"https:\\\/\\\/disqus.com\\\/by\\\/iwellguard\\\/about\\\/\",\"https:\\\/\\\/pastelink.net\\\/hjwciqwq\",\"https:\\\/\\\/pubhtml5.com\\\/homepage\\\/scjhn\\\/\",\"https:\\\/\\\/www.bitchute.com\\\/channel\\\/2O2eOKzNqujT\",\"https:\\\/\\\/audiomack.com\\\/iwellguard\"]},{\"@type\":\"Article\",\"@id\":\"https:\\\/\\\/iwell-guard.com\\\/is\\\/menrva-gydja-viskunnar-hernadar\\\/#article\",\"isPartOf\":{\"@id\":\"https:\\\/\\\/iwell-guard.com\\\/is\\\/menrva-gydja-viskunnar-hernadar\\\/\"},\"author\":{\"name\":\"Ralf Ittermann\",\"@id\":\"https:\\\/\\\/iwell-guard.com\\\/is\\\/#\\\/schema\\\/person\\\/ee2a27f1cac3406c7c6fb5820cb7349f\"},\"headline\":\"Menrva &#8211; Etr\u00fask gy\u00f0ja viskunnar og herna\u00f0ar\",\"datePublished\":\"2026-09-05T14:04:19+00:00\",\"dateModified\":\"2026-09-05T14:59:30+00:00\",\"mainEntityOfPage\":{\"@id\":\"https:\\\/\\\/iwell-guard.com\\\/is\\\/menrva-gydja-viskunnar-hernadar\\\/\"},\"publisher\":{\"@id\":\"https:\\\/\\\/iwell-guard.com\\\/is\\\/#organization\"},\"image\":{\"@id\":\"https:\\\/\\\/iwell-guard.com\\\/is\\\/menrva-gydja-viskunnar-hernadar\\\/#primaryimage\"},\"thumbnailUrl\":\"https:\\\/\\\/iwell-guard.com\\\/wp-content\\\/uploads\\\/2026\\\/05\\\/goetter_etruskisch_menrva.webp\",\"inLanguage\":\"is\",\"description\":\"Menrva er etr\u00fask gy\u00f0ja viskunnar, handverks og herna\u00f0ar. Tr\u00faarfr\u00e6\u00f0ileg greining me\u00f0 go\u00f0s\u00f6gu, \u00e1tr\u00fana\u00f0i og heimildum.\"}]}<\/script>\n<!-- \/ Yoast SEO Premium plugin. -->","yoast_head_json":{"title":"Menrva - Etr\u00fask gy\u00f0ja, go\u00f0saga og \u00e1tr\u00fana\u00f0ur","description":"Menrva er etr\u00fask gy\u00f0ja viskunnar, handverks og herna\u00f0ar. Tr\u00faarfr\u00e6\u00f0ileg greining me\u00f0 go\u00f0s\u00f6gu, \u00e1tr\u00fana\u00f0i og heimildum.","robots":{"index":"index","follow":"follow","max-snippet":"max-snippet:-1","max-image-preview":"max-image-preview:large","max-video-preview":"max-video-preview:-1"},"canonical":"https:\/\/iwell-guard.com\/is\/menrva-gydja-viskunnar-hernadar\/","og_locale":"is_IS","og_type":"article","og_title":"Menrva - Etr\u00fask gy\u00f0ja viskunnar og herna\u00f0ar","og_description":"Menrva er etr\u00fask gy\u00f0ja viskunnar, handverks og herna\u00f0ar. Tr\u00faarfr\u00e6\u00f0ileg greining me\u00f0 go\u00f0s\u00f6gu, \u00e1tr\u00fana\u00f0i og heimildum.","og_url":"https:\/\/iwell-guard.com\/is\/menrva-gydja-viskunnar-hernadar\/","og_site_name":"iWell Guard","article_modified_time":"2026-09-05T14:59:30+00:00","og_image":[{"width":1024,"height":1536,"url":"https:\/\/iwell-guard.com\/wp-content\/uploads\/2026\/05\/goetter_etruskisch_menrva.webp","type":"image\/webp"}],"twitter_card":"summary_large_image","schema":{"@context":"https:\/\/schema.org","@graph":[{"@type":"Article","@id":"https:\/\/iwell-guard.com\/is\/menrva-gydja-viskunnar-hernadar\/#article","isPartOf":{"@id":"https:\/\/iwell-guard.com\/is\/menrva-gydja-viskunnar-hernadar\/"},"author":{"name":"Ralf Ittermann","@id":"https:\/\/iwell-guard.com\/is\/#\/schema\/person\/ee2a27f1cac3406c7c6fb5820cb7349f"},"headline":"Menrva &#8211; Etr\u00fask gy\u00f0ja viskunnar og herna\u00f0ar","datePublished":"2026-09-05T14:04:19+00:00","dateModified":"2026-09-05T14:59:30+00:00","mainEntityOfPage":{"@id":"https:\/\/iwell-guard.com\/is\/menrva-gydja-viskunnar-hernadar\/"},"publisher":{"@id":"https:\/\/iwell-guard.com\/is\/#organization"},"image":{"@id":"https:\/\/iwell-guard.com\/is\/menrva-gydja-viskunnar-hernadar\/#primaryimage"},"thumbnailUrl":"https:\/\/iwell-guard.com\/wp-content\/uploads\/2026\/05\/goetter_etruskisch_menrva.webp","inLanguage":"is","description":"Menrva er etr\u00fask gy\u00f0ja viskunnar, handverks og herna\u00f0ar. Tr\u00faarfr\u00e6\u00f0ileg greining me\u00f0 go\u00f0s\u00f6gu, \u00e1tr\u00fana\u00f0i og heimildum."},{"@type":"WebPage","@id":"https:\/\/iwell-guard.com\/is\/menrva-gydja-viskunnar-hernadar\/","url":"https:\/\/iwell-guard.com\/is\/menrva-gydja-viskunnar-hernadar\/","name":"Menrva - Etr\u00fask gy\u00f0ja, go\u00f0saga og \u00e1tr\u00fana\u00f0ur","isPartOf":{"@id":"https:\/\/iwell-guard.com\/is\/#website"},"primaryImageOfPage":{"@id":"https:\/\/iwell-guard.com\/is\/menrva-gydja-viskunnar-hernadar\/#primaryimage"},"image":{"@id":"https:\/\/iwell-guard.com\/is\/menrva-gydja-viskunnar-hernadar\/#primaryimage"},"thumbnailUrl":"https:\/\/iwell-guard.com\/wp-content\/uploads\/2026\/05\/goetter_etruskisch_menrva.webp","datePublished":"2026-09-05T14:04:19+00:00","dateModified":"2026-09-05T14:59:30+00:00","description":"Menrva er etr\u00fask gy\u00f0ja viskunnar, handverks og herna\u00f0ar. Tr\u00faarfr\u00e6\u00f0ileg greining me\u00f0 go\u00f0s\u00f6gu, \u00e1tr\u00fana\u00f0i og heimildum.","breadcrumb":{"@id":"https:\/\/iwell-guard.com\/is\/menrva-gydja-viskunnar-hernadar\/#breadcrumb"},"inLanguage":"is","potentialAction":[{"@type":"ReadAction","target":["https:\/\/iwell-guard.com\/is\/menrva-gydja-viskunnar-hernadar\/"]}]},{"@type":"ImageObject","inLanguage":"is","@id":"https:\/\/iwell-guard.com\/is\/menrva-gydja-viskunnar-hernadar\/#primaryimage","url":"https:\/\/iwell-guard.com\/wp-content\/uploads\/2026\/05\/goetter_etruskisch_menrva.webp","contentUrl":"https:\/\/iwell-guard.com\/wp-content\/uploads\/2026\/05\/goetter_etruskisch_menrva.webp","width":1024,"height":1536,"caption":"Gu\u00f0ir \u00far etr\u00faskri hef\u00f0."},{"@type":"BreadcrumbList","@id":"https:\/\/iwell-guard.com\/is\/menrva-gydja-viskunnar-hernadar\/#breadcrumb","itemListElement":[{"@type":"ListItem","position":1,"name":"Start","item":"https:\/\/iwell-guard.com\/is\/?page_id=168580"},{"@type":"ListItem","position":2,"name":"Menrva &#8211; Etr\u00fask gy\u00f0ja viskunnar og herna\u00f0ar"}]},{"@type":"WebSite","@id":"https:\/\/iwell-guard.com\/is\/#website","url":"https:\/\/iwell-guard.com\/is\/","name":"iWell Guard","description":"Schutz vor dunklen Einfl\u00fcssen","publisher":{"@id":"https:\/\/iwell-guard.com\/is\/#organization"},"potentialAction":[{"@type":"SearchAction","target":{"@type":"EntryPoint","urlTemplate":"https:\/\/iwell-guard.com\/is\/?s={search_term_string}"},"query-input":{"@type":"PropertyValueSpecification","valueRequired":true,"valueName":"search_term_string"}}],"inLanguage":"is"},{"@type":"Organization","@id":"https:\/\/iwell-guard.com\/is\/#organization","name":"Ittermann electronic GmbH","url":"https:\/\/iwell-guard.com\/is\/","logo":{"@type":"ImageObject","inLanguage":"is","@id":"https:\/\/iwell-guard.com\/is\/#\/schema\/logo\/image\/","url":"https:\/\/iwell-guard.com\/wp-content\/uploads\/2026\/05\/Ittermann-Logo-1182x237-1.png","contentUrl":"https:\/\/iwell-guard.com\/wp-content\/uploads\/2026\/05\/Ittermann-Logo-1182x237-1.png","width":1182,"height":237,"caption":"Ittermann electronic GmbH"},"image":{"@id":"https:\/\/iwell-guard.com\/is\/#\/schema\/logo\/image\/"},"sameAs":["https:\/\/pantip.com\/profile\/9367242","https:\/\/micro.blog\/iwellguard","https:\/\/www.diggerslist.com\/iwellguard\/about","https:\/\/skitterphoto.com\/photographers\/2870314\/iwell-guard","https:\/\/iwellguard.wordpress.com\/2026\/06\/06\/iwell-guard\/","https:\/\/hub.docker.com\/u\/iwellguard","https:\/\/www.pinterest.com\/iwellguard\/","https:\/\/bit.ly\/m\/iwellguard","https:\/\/entre-vos-mains.alsace.eu\/profiles\/iwellguard\/activity","https:\/\/gravatar.com\/reallybeded8fd34","https:\/\/naijamatta.com\/iwellguard","https:\/\/www.goodreads.com\/iwellguard","https:\/\/profile.hatena.ne.jp\/iwellguard\/","https:\/\/experiment.com\/users\/iwellguard","https:\/\/wakelet.com\/@iWellGuard82270","https:\/\/www.chordie.com\/forum\/profile.php?id=2555664","https:\/\/www.instapaper.com\/p\/17757966","https:\/\/www.mapleprimes.com\/users\/iwellguard","https:\/\/businesslistingplus.com\/profile\/iwell-guard\/","https:\/\/telegra.ph\/iWell-Guard-06-06","https:\/\/pbase.com\/iwellguard\/iwellguard","https:\/\/b.hatena.ne.jp\/iwellguard\/20260607#bookmark-4788405196491818882","https:\/\/fliphtml5.com\/home\/iwellguard","https:\/\/anyflip.com\/homepage\/cmiwl#About","https:\/\/transfur.com\/Users\/iwellguard","http:\/\/delphi.larsbo.org\/user\/iwellguard","https:\/\/jobs.lajobsportal.org\/profiles\/8380803-iwell-guard","https:\/\/md.chaosdorf.de\/s\/jfbe5SBdJD","https:\/\/www.lingvolive.com\/en-us\/profile\/9ecaeaca-ce11-4e51-9e71-01d55e2bff36\/translations","https:\/\/www.fitday.com\/fitness\/forums\/members\/iwellguard.html","https:\/\/www.mymeetbook.com\/iwellguard","https:\/\/pxhere.com\/en\/photographer-me\/5040798","https:\/\/disqus.com\/by\/iwellguard\/about\/","https:\/\/pastelink.net\/hjwciqwq","https:\/\/pubhtml5.com\/homepage\/scjhn\/","https:\/\/www.bitchute.com\/channel\/2O2eOKzNqujT","https:\/\/audiomack.com\/iwellguard"]},{"@type":"Person","@id":"https:\/\/iwell-guard.com\/is\/#\/schema\/person\/ee2a27f1cac3406c7c6fb5820cb7349f","name":"Ralf Ittermann","image":{"@type":"ImageObject","inLanguage":"is","@id":"https:\/\/secure.gravatar.com\/avatar\/073c0153e350a5005b68eb752b445fea71f6b24a26da9449ad7e155e6b446c9d?s=96&d=mm&r=g","url":"https:\/\/secure.gravatar.com\/avatar\/073c0153e350a5005b68eb752b445fea71f6b24a26da9449ad7e155e6b446c9d?s=96&d=mm&r=g","contentUrl":"https:\/\/secure.gravatar.com\/avatar\/073c0153e350a5005b68eb752b445fea71f6b24a26da9449ad7e155e6b446c9d?s=96&d=mm&r=g","caption":"Ralf Ittermann"},"givenName":"Ralf","familyName":"Ittermann","jobTitle":"Gesch\u00e4ftsf\u00fchrer und redaktioneller Verantwortlicher","url":"https:\/\/iwell-guard.com\/is\/author\/claude\/","description":"Ralf Ittermann ist Gesch\u00e4ftsf\u00fchrer der Ittermann electronic GmbH und redaktioneller Verantwortlicher des iWell-Guard-Lexikons. Er verbindet langj\u00e4hrige Erfahrung in der Pr\u00e4zisionsfertigung mit medialer Praxis und religionsgeschichtlicher Quellenarbeit.","worksFor":{"@type":"Organization","name":"Ittermann electronic GmbH","url":"https:\/\/ittermann.de\/","address":{"@type":"PostalAddress","streetAddress":"K\u00f6hlergasse 16-18","postalCode":"99842","addressLocality":"Ruhla","addressCountry":"DE"}},"knowsAbout":["Religionsgeschichte","Mythologie","Mediale Praxis","Energetische Diagnostik","Schutzpraxis","Volksglauben","Westliche Esoterik"]},{"@type":"Article","@id":"https:\/\/iwell-guard.com\/is\/menrva-gydja-viskunnar-hernadar\/#article","isPartOf":{"@id":"https:\/\/iwell-guard.com\/is\/menrva-gydja-viskunnar-hernadar\/"},"author":{"name":"Ralf Ittermann","@id":"https:\/\/iwell-guard.com\/is\/#\/schema\/person\/ee2a27f1cac3406c7c6fb5820cb7349f"},"headline":"Menrva &#8211; Etr\u00fask gy\u00f0ja viskunnar og herna\u00f0ar","datePublished":"2026-09-05T14:04:19+00:00","dateModified":"2026-09-05T14:59:30+00:00","mainEntityOfPage":{"@id":"https:\/\/iwell-guard.com\/is\/menrva-gydja-viskunnar-hernadar\/"},"publisher":{"@id":"https:\/\/iwell-guard.com\/is\/#organization"},"image":{"@id":"https:\/\/iwell-guard.com\/is\/menrva-gydja-viskunnar-hernadar\/#primaryimage"},"thumbnailUrl":"https:\/\/iwell-guard.com\/wp-content\/uploads\/2026\/05\/goetter_etruskisch_menrva.webp","inLanguage":"is","description":"Menrva er etr\u00fask gy\u00f0ja viskunnar, handverks og herna\u00f0ar. Tr\u00faarfr\u00e6\u00f0ileg greining me\u00f0 go\u00f0s\u00f6gu, \u00e1tr\u00fana\u00f0i og heimildum."}]}},"_links":{"self":[{"href":"https:\/\/iwell-guard.com\/is\/wp-json\/wp\/v2\/pages\/168951","targetHints":{"allow":["GET"]}}],"collection":[{"href":"https:\/\/iwell-guard.com\/is\/wp-json\/wp\/v2\/pages"}],"about":[{"href":"https:\/\/iwell-guard.com\/is\/wp-json\/wp\/v2\/types\/page"}],"author":[{"embeddable":true,"href":"https:\/\/iwell-guard.com\/is\/wp-json\/wp\/v2\/users\/3"}],"replies":[{"embeddable":true,"href":"https:\/\/iwell-guard.com\/is\/wp-json\/wp\/v2\/comments?post=168951"}],"version-history":[{"count":0,"href":"https:\/\/iwell-guard.com\/is\/wp-json\/wp\/v2\/pages\/168951\/revisions"}],"wp:featuredmedia":[{"embeddable":true,"href":"https:\/\/iwell-guard.com\/is\/wp-json\/wp\/v2\/media\/2817"}],"wp:attachment":[{"href":"https:\/\/iwell-guard.com\/is\/wp-json\/wp\/v2\/media?parent=168951"}],"wp:term":[{"taxonomy":"category","embeddable":true,"href":"https:\/\/iwell-guard.com\/is\/wp-json\/wp\/v2\/categories?post=168951"}],"curies":[{"name":"wp","href":"https:\/\/api.w.org\/{rel}","templated":true}]}}