{"id":168950,"date":"2026-09-05T14:04:19","date_gmt":"2026-09-05T14:04:19","guid":{"rendered":"https:\/\/iwell-guard.com\/?page_id=168950"},"modified":"2026-09-05T14:59:04","modified_gmt":"2026-09-05T14:59:04","slug":"uni-haedsta-gydja-etrura","status":"publish","type":"page","link":"https:\/\/iwell-guard.com\/is\/uni-haedsta-gydja-etrura\/","title":{"rendered":"Uni &#8211; \u00c6\u00f0sta gy\u00f0ja Etr\u00fara"},"content":{"rendered":"\t\t<div data-elementor-type=\"wp-page\" data-elementor-id=\"168950\" class=\"elementor elementor-168950 elementor-2605 elementor-bc-flex-widget\" data-elementor-post-type=\"page\">\n\t\t\t\t<div class=\"elementor-element elementor-element-iwgw-uni-hero e-flex e-con-boxed e-con e-parent\" data-id=\"iwgw-uni-hero\" data-element_type=\"container\" data-e-type=\"container\" data-settings=\"{&quot;background_background&quot;:&quot;classic&quot;}\">\n\t\t\t\t\t<div class=\"e-con-inner\">\n\t\t<div class=\"elementor-element elementor-element-iwgw-uni-hl e-flex e-con-boxed e-con e-child\" data-id=\"iwgw-uni-hl\" data-element_type=\"container\" data-e-type=\"container\">\n\t\t\t\t\t<div class=\"e-con-inner\">\n\t\t<div class=\"elementor-element elementor-element-iwgw-uni-htxt e-con-full e-flex e-con e-child\" data-id=\"iwgw-uni-htxt\" data-element_type=\"container\" data-e-type=\"container\">\n\t\t\t\t<div class=\"elementor-element elementor-element-iwgw-uni-h1 elementor-widget elementor-widget-heading\" data-id=\"iwgw-uni-h1\" data-element_type=\"widget\" data-e-type=\"widget\" data-widget_type=\"heading.default\">\n\t\t\t\t\t<h1 class=\"elementor-heading-title elementor-size-default\">Uni - \u00c6\u00f0sta gy\u00f0ja Etr\u00fara, hli\u00f0st\u00e6\u00f0a J\u00fan\u00f3 og Heru<\/h1>\t\t\t\t<\/div>\n\t\t\t\t<div class=\"elementor-element elementor-element-iwgw-uni-lead elementor-widget elementor-widget-text-editor\" data-id=\"iwgw-uni-lead\" data-element_type=\"widget\" data-e-type=\"widget\" data-widget_type=\"text-editor.default\">\n\t\t\t\t\t\t\t\t\t<p>Uni er \u00ed etr\u00farskum tr\u00faarbr\u00f6g\u00f0um \u00e6\u00f0sta gy\u00f0jan, eiginkona <a href=\"https:\/\/iwell-guard.com\/is\/tinia-haesti-gud-etrura\/\">Tinia<\/a> og hluti af hinni mi\u00f0l\u00e6gu \u00ferenningu Tinia-Uni-Menrva. H\u00fan samsvarar hlutverkslega hinni r\u00f3mversku Iuno og gr\u00edsku Heru. \u00deessi umfj\u00f6llun l\u00fdsir tr\u00faarfr\u00e6\u00f0ilegri st\u00f6\u00f0u hennar, d\u00fdrkunarst\u00f6\u00f0um og fj\u00f6lbreyttum hlutverkum \u00ed etr\u00farsku <span class=\"iwg-fachbegriff\" data-tooltip=\"Heild gu\u00f0anna \u00ed tr\u00faarbr\u00f6g\u00f0um e\u00f0a menningu.\" tabindex=\"0\">go\u00f0heiminum<\/span> (pantheon).<\/p>\t\t\t\t\t\t\t\t<\/div>\n\t\t\t\t<\/div>\n\t\t<div class=\"elementor-element elementor-element-iwgw-uni-pillc e-con-full e-flex e-con e-child\" data-id=\"iwgw-uni-pillc\" data-element_type=\"container\" data-e-type=\"container\">\n\t\t\t\t<div class=\"elementor-element elementor-element-iwgw-uni-pills elementor-widget elementor-widget-html\" data-id=\"iwgw-uni-pills\" data-element_type=\"widget\" data-e-type=\"widget\" data-widget_type=\"html.default\">\n\t\t\t\t\t<div class=\"iwg-pill-row\"><span class=\"iwg-klasse-badge\" tabindex=\"0\" data-tooltip=\"Gy\u00f0ja \u00ed hef\u00f0 Etr\u00fara.\">Gy\u00f0ja<\/span><a href=\"https:\/\/iwell-guard.com\/is\/etruskisk-trubrogd-haruspex-disciplina\/\" class=\"iwg-kultur-badge\" tabindex=\"0\" data-tooltip=\"Go\u00f0afr\u00e6\u00f0i etr\u00farskrar hef\u00f0ar.\">Etr\u00farsk<\/a><span class=\"iwg-tradition-badge\" tabindex=\"0\" data-tooltip=\"\u00c6\u00f0sta gy\u00f0ja og hj\u00f3nabandsgy\u00f0ja.\">\u00c6\u00f0sta gy\u00f0ja og hj\u00f3nabandsgy\u00f0ja<\/span><\/div>\t\t\t\t<\/div>\n\t\t\t\t<\/div>\n\t\t<div class=\"elementor-element elementor-element-iwgw-uni-tocc e-con-full e-flex e-con e-child\" data-id=\"iwgw-uni-tocc\" data-element_type=\"container\" data-e-type=\"container\">\n\t\t\t\t<div class=\"elementor-element elementor-element-iwgw-uni-toc elementor-toc--minimized-on-tablet elementor-widget elementor-widget-table-of-contents\" data-id=\"iwgw-uni-toc\" data-element_type=\"widget\" data-e-type=\"widget\" data-settings=\"{&quot;headings_by_tags&quot;:[&quot;h2&quot;,&quot;h3&quot;],&quot;minimize_box&quot;:&quot;yes&quot;,&quot;marker_view&quot;:&quot;bullets&quot;,&quot;no_headings_message&quot;:&quot;Engar undirfyrirsagnir fundust \\u00e1 \\u00feessari s\\u00ed\\u00f0u.&quot;,&quot;exclude_headings_by_selector&quot;:[],&quot;icon&quot;:{&quot;value&quot;:&quot;fas fa-circle&quot;,&quot;library&quot;:&quot;fa-solid&quot;,&quot;rendered_tag&quot;:&quot;&lt;svg class=\\&quot;e-font-icon-svg e-fas-circle\\&quot; viewBox=\\&quot;0 0 512 512\\&quot; xmlns=\\&quot;http:\\\/\\\/www.w3.org\\\/2000\\\/svg\\&quot;&gt;&lt;path d=\\&quot;M256 8C119 8 8 119 8 256s111 248 248 248 248-111 248-248S393 8 256 8z\\&quot;&gt;&lt;\\\/path&gt;&lt;\\\/svg&gt;&quot;},&quot;minimized_on&quot;:&quot;tablet&quot;,&quot;hierarchical_view&quot;:&quot;yes&quot;,&quot;min_height&quot;:{&quot;unit&quot;:&quot;px&quot;,&quot;size&quot;:&quot;&quot;,&quot;sizes&quot;:[]},&quot;min_height_tablet&quot;:{&quot;unit&quot;:&quot;px&quot;,&quot;size&quot;:&quot;&quot;,&quot;sizes&quot;:[]},&quot;min_height_mobile&quot;:{&quot;unit&quot;:&quot;px&quot;,&quot;size&quot;:&quot;&quot;,&quot;sizes&quot;:[]}}\" data-widget_type=\"table-of-contents.default\">\n\t\t\t\t\t\t\t\t\t<div class=\"elementor-toc__header\">\n\t\t\t\t\t\t<h2 class=\"elementor-toc__header-title\">\n\t\t\t\tEfnisyfirlit\t\t\t<\/h2>\n\t\t\t\t\t\t\t\t\t\t<div class=\"elementor-toc__toggle-button elementor-toc__toggle-button--expand\" role=\"button\" tabindex=\"0\" aria-controls=\"elementor-toc__iwgw-uni-toc\" aria-expanded=\"true\" aria-label=\"Open table of contents\"><svg aria-hidden=\"true\" class=\"e-font-icon-svg e-fas-chevron-down\" viewBox=\"0 0 448 512\" xmlns=\"http:\/\/www.w3.org\/2000\/svg\"><path d=\"M207.029 381.476L12.686 187.132c-9.373-9.373-9.373-24.569 0-33.941l22.667-22.667c9.357-9.357 24.522-9.375 33.901-.04L224 284.505l154.745-154.021c9.379-9.335 24.544-9.317 33.901.04l22.667 22.667c9.373 9.373 9.373 24.569 0 33.941L240.971 381.476c-9.373 9.372-24.569 9.372-33.942 0z\"><\/path><\/svg><\/div>\n\t\t\t\t<div class=\"elementor-toc__toggle-button elementor-toc__toggle-button--collapse\" role=\"button\" tabindex=\"0\" aria-controls=\"elementor-toc__iwgw-uni-toc\" aria-expanded=\"true\" aria-label=\"Close table of contents\"><svg aria-hidden=\"true\" class=\"e-font-icon-svg e-fas-chevron-up\" viewBox=\"0 0 448 512\" xmlns=\"http:\/\/www.w3.org\/2000\/svg\"><path d=\"M240.971 130.524l194.343 194.343c9.373 9.373 9.373 24.569 0 33.941l-22.667 22.667c-9.357 9.357-24.522 9.375-33.901.04L224 227.495 69.255 381.516c-9.379 9.335-24.544 9.317-33.901-.04l-22.667-22.667c-9.373-9.373-9.373-24.569 0-33.941L207.03 130.525c9.372-9.373 24.568-9.373 33.941-.001z\"><\/path><\/svg><\/div>\n\t\t\t\t\t<\/div>\n\t\t\t\t<div id=\"elementor-toc__iwgw-uni-toc\" class=\"elementor-toc__body\">\n\t\t\t<div class=\"elementor-toc__spinner-container\">\n\t\t\t\t<svg class=\"elementor-toc__spinner eicon-animation-spin e-font-icon-svg e-eicon-loading\" aria-hidden=\"true\" viewBox=\"0 0 1000 1000\" xmlns=\"http:\/\/www.w3.org\/2000\/svg\"><path d=\"M500 975V858C696 858 858 696 858 500S696 142 500 142 142 304 142 500H25C25 237 238 25 500 25S975 237 975 500 763 975 500 975Z\"><\/path><\/svg>\t\t\t<\/div>\n\t\t<\/div>\n\t\t\t\t\t\t<\/div>\n\t\t\t\t<\/div>\n\t\t\t\t\t<\/div>\n\t\t\t\t<\/div>\n\t\t<div class=\"elementor-element elementor-element-iwgw-uni-hr e-con-full e-flex e-con e-child\" data-id=\"iwgw-uni-hr\" data-element_type=\"container\" data-e-type=\"container\">\n\t\t\t\t<div class=\"elementor-element elementor-element-iwgw-uni-heroimg iwg-hero-image elementor-widget elementor-widget-image\" data-id=\"iwgw-uni-heroimg\" data-element_type=\"widget\" data-e-type=\"widget\" data-widget_type=\"image.default\">\n\t\t\t\t\t\t\t\t\t\t\t\t\t\t\t<img fetchpriority=\"high\" decoding=\"async\" width=\"683\" height=\"1024\" src=\"https:\/\/iwell-guard.com\/wp-content\/uploads\/2026\/05\/goetter_etruskisch_uni-683x1024.webp\" class=\"attachment-large size-large wp-image-170825\" alt=\"Uni - Gu\u00f0 \u00far etr\u00faskri hef\u00f0, s\u00f6guleg og myndskreytandi framsetning\" srcset=\"https:\/\/iwell-guard.com\/wp-content\/uploads\/2026\/05\/goetter_etruskisch_uni-683x1024.webp 683w, https:\/\/iwell-guard.com\/wp-content\/uploads\/2026\/05\/goetter_etruskisch_uni-200x300.webp 200w, https:\/\/iwell-guard.com\/wp-content\/uploads\/2026\/05\/goetter_etruskisch_uni-768x1152.webp 768w, https:\/\/iwell-guard.com\/wp-content\/uploads\/2026\/05\/goetter_etruskisch_uni.webp 1024w\" sizes=\"(max-width: 683px) 100vw, 683px\" \/>\t\t\t\t\t\t\t\t\t\t\t\t\t\t\t<\/div>\n\t\t\t\t<\/div>\n\t\t\t\t\t<\/div>\n\t\t\t\t<\/div>\n\t\t<div class=\"elementor-element elementor-element-iwgw-uni-s0 e-flex e-con-boxed e-con e-parent\" data-id=\"iwgw-uni-s0\" data-element_type=\"container\" data-e-type=\"container\">\n\t\t\t\t\t<div class=\"e-con-inner\">\n\t\t\t\t<div class=\"elementor-element elementor-element-iwgw-uni-s0h elementor-widget elementor-widget-heading\" data-id=\"iwgw-uni-s0h\" data-element_type=\"widget\" data-e-type=\"widget\" data-widget_type=\"heading.default\">\n\t\t\t\t\t<h2 class=\"elementor-heading-title elementor-size-default\">Sta\u00f0a \u00ed etr\u00faska go\u00f0heiminum<\/h2>\t\t\t\t<\/div>\n\t\t<div class=\"elementor-element elementor-element-iwgw-uni-s0c e-con-full e-flex e-con e-child\" data-id=\"iwgw-uni-s0c\" data-element_type=\"container\" data-e-type=\"container\">\n\t\t\t\t<div class=\"elementor-element elementor-element-iwgw-uni-s0t elementor-widget elementor-widget-text-editor\" data-id=\"iwgw-uni-s0t\" data-element_type=\"widget\" data-e-type=\"widget\" data-widget_type=\"text-editor.default\">\n\t\t\t\t\t\t\t\t\t<p>Uni telst til \u00e6\u00f0stu gu\u00f0a etr\u00farskra tr\u00faarbrag\u00f0a. \u00c1samt <a href=\"https:\/\/iwell-guard.com\/is\/tinia-haesti-gud-etrura\/\">Tinia<\/a> og <a href=\"https:\/\/iwell-guard.com\/is\/menrva-gydja-viskunnar-hernadar\/\">Menrva<\/a> myndar h\u00fan kapit\u00f3l\u00ednsku \u00ferenninguna, sem var\u00f0 a\u00f0 r\u00edkisborinni go\u00f0ah\u00f3pi R\u00f3mar \u00feegar Etr\u00farar reistu Kapit\u00f3lh\u00e6\u00f0ina \u00ed R\u00f3m \u00e1 6. \u00f6ld f.Kr. Uni er ekki a\u00f0eins eiginkona Tinia, heldur sj\u00e1lfst\u00e6\u00f0 gy\u00f0ja me\u00f0 v\u00ed\u00f0t\u00e6ku hlutverki.<\/p><p><span data-nosnippet>Larissa Bonfante (<em>Etruscan Mythology<\/em>, 2006) og Jean-Rene Jannot (<em>Religion in Ancient Etruria<\/em>, 2005) hafa fjalla\u00f0 kerfisbundi\u00f0 um Uni \u00ed grundvallarritum s\u00ednum. Ranns\u00f3knir s\u00ed\u00f0ustu 30 \u00e1ra hafa endurmeti\u00f0 st\u00f6\u00f0u hennar, \u00f3h\u00e1\u00f0 einfaldri sams\u00f6mun vi\u00f0 r\u00f3mversku Iuno.<\/span><\/p><p>\u00c6\u00f0sta gy\u00f0jan Uni tilheyrir tr\u00faarbr\u00f6g\u00f0um sem eru s\u00e9rstaklega \u00e1hugaver\u00f0 fyrir <span class=\"iwg-fachbegriff\" data-tooltip=\"V\u00edsindagrein sem rannsakar tr\u00faarbr\u00f6g\u00f0 samanbur\u00f0arlega og \u00e1n tr\u00faarlegrar afst\u00f6\u00f0u.\" tabindex=\"0\">tr\u00faarbrag\u00f0afr\u00e6\u00f0i<\/span> vegna \u00feess a\u00f0 h\u00fan mi\u00f0lar milli gr\u00edsk-mi\u00f0jar\u00f0arhafslegrar og \u00edt\u00f6lsk-r\u00f3mverskrar arfleif\u00f0ar.<\/p><p>Grundvallarranns\u00f3knir \u00e1 henni koma fr\u00e1 Massimo Pallottino, Jacques Heurgon, Sybille Haynes, Mauro Cristofani og Giovanni Colonna. Ranns\u00f3knir \u00feeirra hafa s\u00fdnt fram \u00e1 a\u00f0 etr\u00farsk tr\u00faarbr\u00f6g\u00f0 myndu sj\u00e1lfst\u00e6\u00f0a hef\u00f0.<\/p><p>Etr\u00farski go\u00f0heimurinn var alls ekki \u00f3skipulag\u00f0ur: <span class=\"iwg-fachbegriff\" data-tooltip=\"V\u00edsindaleg fr\u00e6\u00f0i um gu\u00f0 og tr\u00fa \u00ed tr\u00faarbr\u00f6g\u00f0um.\" tabindex=\"0\">Gu\u00f0fr\u00e6\u00f0in<\/span> haf\u00f0i stigskipt <span class=\"iwg-fachbegriff\" data-tooltip=\"Heild gu\u00f0anna \u00ed tr\u00faarbr\u00f6g\u00f0um e\u00f0a menningu.\" tabindex=\"0\">go\u00f0heim<\/span> me\u00f0 f\u00f6stum stigveldum og sk\u00fdrt afm\u00f6rku\u00f0um hlutverkum, og Uni gegndi \u00fear s\u00e9rstakri st\u00f6\u00f0u sem \u00e6\u00f0sta gy\u00f0ja. \u00dear sem eldri ranns\u00f3knir t\u00falku\u00f0u \u00feetta kerfi sem dularfullt e\u00f0a framandi, sj\u00e1 menn \u00ed dag sj\u00e1lfst\u00e6\u00f0a afbrig\u00f0i mi\u00f0jar\u00f0arhafslegra tr\u00faarbrag\u00f0a.<\/p><p>Innan \u00edtalskrar tr\u00faarbrag\u00f0as\u00f6gu st\u00f6rfu\u00f0u Etr\u00farar sem millistig milli gr\u00edskra \u00e1hrifa og hinna r\u00f3mversku tr\u00faarbrag\u00f0a sem voru a\u00f0 myndast. A\u00f0 Uni hafi s\u00ed\u00f0ar or\u00f0i\u00f0 a\u00f0 Iuno \u00ed r\u00f3mverskri r\u00edkistr\u00fa s\u00fdnir \u00feetta millig\u00f6nguhlutverk, sem hefur s\u00e9rstakt v\u00e6gi fyrir tr\u00faarbrag\u00f0afr\u00e6\u00f0i.<\/p>\t\t\t\t\t\t\t\t<\/div>\n\t\t\t\t<\/div>\n\t\t\t\t\t<\/div>\n\t\t\t\t<\/div>\n\t\t<div class=\"elementor-element elementor-element-iwgw-uni-s1 e-flex e-con-boxed e-con e-parent\" data-id=\"iwgw-uni-s1\" data-element_type=\"container\" data-e-type=\"container\">\n\t\t\t\t\t<div class=\"e-con-inner\">\n\t\t\t\t<div class=\"elementor-element elementor-element-iwgw-uni-s1h elementor-widget elementor-widget-heading\" data-id=\"iwgw-uni-s1h\" data-element_type=\"widget\" data-e-type=\"widget\" data-widget_type=\"heading.default\">\n\t\t\t\t\t<h2 class=\"elementor-heading-title elementor-size-default\">Nafn og or\u00f0sifjar<\/h2>\t\t\t\t<\/div>\n\t\t<div class=\"elementor-element elementor-element-iwgw-uni-s1c e-con-full e-flex e-con e-child\" data-id=\"iwgw-uni-s1c\" data-element_type=\"container\" data-e-type=\"container\">\n\t\t\t\t<div class=\"elementor-element elementor-element-iwgw-uni-s1t elementor-widget elementor-widget-text-editor\" data-id=\"iwgw-uni-s1t\" data-element_type=\"widget\" data-e-type=\"widget\" data-widget_type=\"text-editor.default\">\n\t\t\t\t\t\t\t\t\t<p>Nafni\u00f0 Uni er sta\u00f0fest \u00e1 fj\u00f6lm\u00f6rgum etr\u00faskneskum \u00e1letrunum. Eins og m\u00f6rg etr\u00fasknesk gu\u00f0aheiti er uppruni or\u00f0sins umdeildur. Till\u00f6gur n\u00e1 fr\u00e1 &#8216;s\u00fa \u00e6\u00f0ri&#8217; til &#8216;hin eina&#8217;. <em>Editio Minor<\/em> Helmuts Rix safnar saman heimildunum.<\/p><p>Me\u00f0al vi\u00f0urnefna Uni eru Uni Aluseti, Uni Cupra (\u00ed Picenum) og Uni Mater. Cupra-tengingin er athyglisver\u00f0 \u00fear sem h\u00fan v\u00edsar til gy\u00f0jut\u00fdpu \u00far forr\u00f3mverskri \u00edtalskri hef\u00f0. Einnig \u00ed Lat\u00edum og Umbr\u00edu voru gy\u00f0jur d\u00fdrka\u00f0ar undir svipu\u00f0um n\u00f6fnum, sem s\u00fdnir \u00fatbrei\u00f0slu Uni-t\u00fdpunnar.<\/p><p>M\u00e1lfr\u00e6\u00f0ilega hefur etr\u00faskneskan s\u00e9rst\u00f6\u00f0u: h\u00fan telst einangra\u00f0 tungum\u00e1l e\u00f0a er felld undir tilg\u00e1tukennda tyrsenska m\u00e1la\u00e6tt, sem einnig g\u00e6ti teki\u00f0 til lemn\u00edsku og ret\u00edsku. Ranns\u00f3knir \u00e1 r\u00e1\u00f0ningu textanna hafa sta\u00f0i\u00f0 yfir s\u00ed\u00f0an \u00e1 19. \u00f6ld \u00e1n \u00feess a\u00f0 hafa loki\u00f0, og \u00fev\u00ed er t\u00falkun nafna eins og Uni enn opin.<\/p><p>Helsta safn etr\u00faskneskra \u00e1letrana er Editio Minor Helmuts Rix, \u00fear sem heimildir um nafni\u00f0 Uni eru einnig teknar saman. S\u00ed\u00f0an hafa b\u00e6st vi\u00f0 Thesaurus Linguae Etruscae og netgagnagrunnurinn ETP, Etruscan Texts Project.<\/p><p>\u00deegar \u00ed <span class=\"iwg-fachbegriff\" data-tooltip=\"T\u00edmabil gr\u00edskrar og r\u00f3mverskrar menningar, u.\u00fe.b. 800 f.Kr. til 600 e.Kr.\" tabindex=\"0\">forn\u00f6ld<\/span> greindi menn \u00e1 um uppruna Etr\u00faska: Her\u00f3d\u00f3tos taldi \u00fe\u00e1 hafa flust inn fr\u00e1 L\u00fdd\u00edu, en D\u00ed\u00f3n\u00fds\u00edos fr\u00e1 Halikarnassos taldi \u00fe\u00e1 vera innf\u00e6dda \u00cdtali. Tr\u00faars\u00f6gulega er \u00feetta mikilv\u00e6gt \u00fear sem \u00fea\u00f0 r\u00e6\u00f0ur \u00fev\u00ed hvort etr\u00fasknesk tr\u00faarbr\u00f6g\u00f0, og \u00fear me\u00f0 gy\u00f0jur eins og Uni, hafi tengsl vi\u00f0 sm\u00e1as\u00edska s\u00e9rtr\u00faarh\u00e6tti.<\/p>\t\t\t\t\t\t\t\t<\/div>\n\t\t\t\t<\/div>\n\t\t\t\t\t<\/div>\n\t\t\t\t<\/div>\n\t\t<div class=\"elementor-element elementor-element-iwgw-uni-s2 e-flex e-con-boxed e-con e-parent\" data-id=\"iwgw-uni-s2\" data-element_type=\"container\" data-e-type=\"container\">\n\t\t\t\t\t<div class=\"e-con-inner\">\n\t\t\t\t<div class=\"elementor-element elementor-element-iwgw-uni-s2h elementor-widget elementor-widget-heading\" data-id=\"iwgw-uni-s2h\" data-element_type=\"widget\" data-e-type=\"widget\" data-widget_type=\"heading.default\">\n\t\t\t\t\t<h2 class=\"elementor-heading-title elementor-size-default\">L\u00fdsing og myndlist<\/h2>\t\t\t\t<\/div>\n\t\t<div class=\"elementor-element elementor-element-iwgw-uni-s2c e-con-full e-flex e-con e-child\" data-id=\"iwgw-uni-s2c\" data-element_type=\"container\" data-e-type=\"container\">\n\t\t\t\t<div class=\"elementor-element elementor-element-iwgw-uni-s2t elementor-widget elementor-widget-text-editor\" data-id=\"iwgw-uni-s2t\" data-element_type=\"widget\" data-e-type=\"widget\" data-widget_type=\"text-editor.default\">\n\t\t\t\t\t\t\t\t\t<p>Uni er s\u00fdnd \u00ed etr\u00farskri list sem kl\u00e6dd, tignarleg kona, oft me\u00f0 h\u00f6fu\u00f0dj\u00e1sn, veldissprota og p\u00f6tru (f\u00f3rnarsk\u00e1l). H\u00fan ber stundum bl\u00e6ju. \u00c1 etr\u00farskum speglum kemur h\u00fan oft fyrir \u00ed go\u00f0s\u00f6gulegum atri\u00f0um, oft me\u00f0 \u00e1letruninni &#8216;Uni&#8217;.<\/p><p>Mikilv\u00e6g framsetning finnst \u00e1 hinum fr\u00e6gu Pyrgi-spj\u00f6ldum (5. \u00f6ld f.Kr.), \u00fear sem Uni er \u00ed tv\u00edtyngdri <span class=\"iwg-fachbegriff\" data-tooltip=\"Texti sem er rita\u00f0ur e\u00f0a skorinn \u00ed varanlegt efni.\" tabindex=\"0\">\u00e1letrun<\/span> (etr\u00farsku og f\u00f6nik\u00edsku) sams\u00f6mu\u00f0 f\u00f6nik\u00edsku gy\u00f0junni Astarte. \u00deessi sams\u00f6mun er s\u00f6gulega markver\u00f0 ni\u00f0ursta\u00f0a.<\/p><p>Tr\u00faarfyrirb\u00e6rafr\u00e6\u00f0ilega er etr\u00farsk myndlist mikil a\u00f0 au\u00f0leg\u00f0, og h\u00fan er einnig mikilv\u00e6gasta \u00feekkingarlindin, l\u00edka fyrir myndir af Uni. Speglar, vasar, grafm\u00e1lverk og bronsverk mynda meginhluta \u00feekkingar okkar. Larissa Bonfante hefur \u00ed ranns\u00f3knum s\u00ednum s\u00fdnt fram \u00e1 a\u00f0 \u00feetta myndm\u00e1l er sj\u00e1lfst\u00e6\u00f0 hef\u00f0 og ekki bara aflei\u00f0ing gr\u00edskra fyrirmynda.<\/p><p>Fyrir tr\u00faarbr\u00f6g\u00f0 og framl\u00edfshugmyndir Etr\u00fara telst grafm\u00e1lverk til fremstu heimilda; \u00fea\u00f0 hefur var\u00f0veist fyrst og fremst \u00ed Tarquinia, Cerveteri og Vulci. S\u00fdndar eru veislur, go\u00f0s\u00f6gulegir atbur\u00f0ir, dans og t\u00f3nlist, og framl\u00edfi\u00f0 birtist \u00fear sem framhald hins jar\u00f0neska l\u00edfs.<\/p><p><span class=\"iwg-fachbegriff\" data-tooltip=\"Fr\u00e6\u00f0i um myndefni og merkingu \u00feess.\" tabindex=\"0\">Myndfr\u00e6\u00f0i<\/span> Etr\u00fara hallast a\u00f0 margf\u00edg\u00faru samsetningum, fr\u00e1sagnarlegum v\u00edsunum og t\u00e1knr\u00e6nt \u00fe\u00e9ttum myndabo\u00f0um; Uni kemur einnig oft fram \u00ed sl\u00edkum atri\u00f0um. Ranns\u00f3kn \u00e1 \u00feessu myndm\u00e1li er vi\u00f0fangsefni etr\u00farskrar tr\u00faarbrag\u00f0amyndfr\u00e6\u00f0i.<\/p>\t\t\t\t\t\t\t\t<\/div>\n\t\t\t\t<\/div>\n\t\t\t\t\t<\/div>\n\t\t\t\t<\/div>\n\t\t<div class=\"elementor-element elementor-element-iwgw-uni-s3 e-flex e-con-boxed e-con e-parent\" data-id=\"iwgw-uni-s3\" data-element_type=\"container\" data-e-type=\"container\">\n\t\t\t\t\t<div class=\"e-con-inner\">\n\t\t\t\t<div class=\"elementor-element elementor-element-iwgw-uni-s3h elementor-widget elementor-widget-heading\" data-id=\"iwgw-uni-s3h\" data-element_type=\"widget\" data-e-type=\"widget\" data-widget_type=\"heading.default\">\n\t\t\t\t\t<h2 class=\"elementor-heading-title elementor-size-default\">Uni og t\u00f6flurnar fr\u00e1 Pyrgi<\/h2>\t\t\t\t<\/div>\n\t\t<div class=\"elementor-element elementor-element-iwgw-uni-s3c e-con-full e-flex e-con e-child\" data-id=\"iwgw-uni-s3c\" data-element_type=\"container\" data-e-type=\"container\">\n\t\t\t\t<div class=\"elementor-element elementor-element-iwgw-uni-s3t elementor-widget elementor-widget-text-editor\" data-id=\"iwgw-uni-s3t\" data-element_type=\"widget\" data-e-type=\"widget\" data-widget_type=\"text-editor.default\">\n\t\t\t\t\t\t\t\t\t<p><span data-nosnippet>T\u00f6flurnar fr\u00e1 Pyrgi (fundnar 1964) eru ein af mikilv\u00e6gustu heimildum um tr\u00fa Etr\u00fara. \u00de\u00e6r fundust \u00ed <span class=\"iwg-fachbegriff\" data-tooltip=\"Bygging sem er notu\u00f0 til a\u00f0 tilbi\u00f0ja einn e\u00f0a fleiri gu\u00f0i.\" tabindex=\"0\">hofi<\/span> \u00ed h\u00f6fninni \u00ed Pyrgi (n\u00fa Santa Severa) og eru fr\u00e1 upphafi 5. aldar f.Kr. \u00c1letranirnar, \u00e1 etr\u00farsku og f\u00f6nik\u00edsku, greina fr\u00e1 gj\u00f6f etr\u00faska konungsins Thefarie Velianas til Uni-Astarte.<\/span><\/p><p>\u00deessi fundur er v\u00edsindalega mj\u00f6g \u00e1hugaver\u00f0ur: Etr\u00farar sams\u00f6mu\u00f0u \u00e6\u00f0stu gy\u00f0ju s\u00edna f\u00f6nik\u00edsku Astarte (Aschtaroth). \u00deessi interpretatio etrusca vitnar um mikil vi\u00f0skiptasamb\u00f6nd og tr\u00faarlega \u00fatbrei\u00f0slu \u00e1 Mi\u00f0jar\u00f0arhafssv\u00e6\u00f0inu. Larissa Bonfante hefur fjalla\u00f0 \u00edtarlega um t\u00f6flurnar \u00ed fleiri verkum.<\/p><p>Fullb\u00fana go\u00f0sagnaritun \u00e1 bor\u00f0 vi\u00f0 \u00fe\u00e1 sem gr\u00edsk og r\u00f3mversk <span class=\"iwg-fachbegriff\" data-tooltip=\"Mi\u00f0lun \u00feekkingar og sagna milli kynsl\u00f3\u00f0a.\" tabindex=\"0\">munnm\u00e6li<\/span> \u00feekkja, er ekki til me\u00f0al Etr\u00fara. Go\u00f0sagnir um Uni ver\u00f0ur a\u00f0 endurgera \u00fat fr\u00e1 myndl\u00fdsingum, \u00e1letrunum og fr\u00e1s\u00f6gnum gr\u00edskra og r\u00f3mverskra h\u00f6funda. \u00deessi \u00f3beina heimildasta\u00f0a krefst v\u00edsindalegrar vark\u00e1rni.<\/p><p>Milli etr\u00faskrar og gr\u00edskrar <span class=\"iwg-fachbegriff\" data-tooltip=\"Heildarsafn go\u00f0sagna sem var\u00f0veist hafa innan tiltekinnar menningar.\" tabindex=\"0\">go\u00f0afr\u00e6\u00f0i<\/span> er marg\u00fe\u00e6tt samband. Etr\u00farar t\u00f3ku upp fj\u00f6lda gr\u00edskra sagna, me\u00f0al annars s\u00f6gurnar um Akkilles, \u00d3dysseif og \u00d6dipus, en t\u00falku\u00f0u \u00fe\u00e6r oft \u00e1 eigin h\u00e1tt og l\u00f6g\u00f0u \u00e1herslu \u00e1 \u00f6nnur atri\u00f0i. \u00deessi skapandi a\u00f0l\u00f6gun hefur veri\u00f0 miki\u00f0 til umfj\u00f6llunar \u00ed fr\u00e6\u00f0unum.<\/p><p>Til etr\u00faskrar <span class=\"iwg-fachbegriff\" data-tooltip=\"V\u00edsindaleg fr\u00e6\u00f0igrein um gu\u00f0 og tr\u00fa innan tiltekinnar tr\u00faarbrag\u00f0a.\" tabindex=\"0\">gu\u00f0fr\u00e6\u00f0i<\/span> heyrir einkennandi hugmyndin um gu\u00f0ar\u00e1\u00f0, consensus deorum. Jafnvel \u00e6\u00f0sti gu\u00f0inn Tinia, sem Uni er tengd \u00ed kapit\u00f3l\u00ednsku \u00ferenningunni, r\u00e1\u00f0gast vi\u00f0 hina gu\u00f0ina \u00ed sta\u00f0 \u00feess a\u00f0 taka \u00e1kvar\u00f0anir einn. Fr\u00e1 tr\u00faarfyrirb\u00e6rafr\u00e6\u00f0ilegu sj\u00f3narhorni er \u00feetta r\u00e1\u00f0 s\u00e9rkenni etr\u00faskrar tr\u00faar.<\/p>\t\t\t\t\t\t\t\t<\/div>\n\t\t\t\t<\/div>\n\t\t\t\t\t<\/div>\n\t\t\t\t<\/div>\n\t\t<div class=\"elementor-element elementor-element-iwgw-uni-s4 e-flex e-con-boxed e-con e-parent\" data-id=\"iwgw-uni-s4\" data-element_type=\"container\" data-e-type=\"container\">\n\t\t\t\t\t<div class=\"e-con-inner\">\n\t\t\t\t<div class=\"elementor-element elementor-element-iwgw-uni-s4h elementor-widget elementor-widget-heading\" data-id=\"iwgw-uni-s4h\" data-element_type=\"widget\" data-e-type=\"widget\" data-widget_type=\"heading.default\">\n\t\t\t\t\t<h2 class=\"elementor-heading-title elementor-size-default\">Uni sem hj\u00f3nabands- og m\u00f3\u00f0urgy\u00f0ja<\/h2>\t\t\t\t<\/div>\n\t\t<div class=\"elementor-element elementor-element-iwgw-uni-s4c e-con-full e-flex e-con e-child\" data-id=\"iwgw-uni-s4c\" data-element_type=\"container\" data-e-type=\"container\">\n\t\t\t\t<div class=\"elementor-element elementor-element-iwgw-uni-s4t elementor-widget elementor-widget-text-editor\" data-id=\"iwgw-uni-s4t\" data-element_type=\"widget\" data-e-type=\"widget\" data-widget_type=\"text-editor.default\">\n\t\t\t\t\t\t\t\t\t<p>Uni er eiginkona Tiniu, \u00e1 sama h\u00e1tt og Hera er eiginkona Seifs og Iuno eiginkona Iupiters. \u00cd \u00feessu hlutverki er h\u00fan verndargy\u00f0ja hj\u00f3nabands, f\u00e6\u00f0ingar og fj\u00f6lskyldu.<\/p><p>H\u00fan sker sig fr\u00e1 gr\u00edsku Heru me\u00f0 j\u00e1kv\u00e6\u00f0ari \u00e1herslu: Gr\u00edska hef\u00f0in \u00feekkir afbr\u00fd\u00f0isama og \u00e1 k\u00f6flum grimma hli\u00f0 Heru, en etr\u00faska hef\u00f0in leggur meiri \u00e1herslu \u00e1 verndandi og blessandi hli\u00f0 hennar.<\/p><p><span data-nosnippet>\u00deessi munur er tr\u00faars\u00f6gulega uppl\u00fdsandi. Hann s\u00fdnir a\u00f0 etr\u00fask <span class=\"iwg-fachbegriff\" data-tooltip=\"V\u00edsindaleg fr\u00e6\u00f0igrein um gu\u00f0 og tr\u00fa innan tiltekinnar tr\u00faarbrag\u00f0a.\" tabindex=\"0\">gu\u00f0fr\u00e6\u00f0i<\/span> var sj\u00e1lfst\u00e6\u00f0 og ekki einf\u00f6ld eftirmynd hinnar gr\u00edsku. Nancy Thomson de Grummond (<em>Etruscan Myth, Sacred History, and Legend<\/em>, 2006) hefur \u00fatlista\u00f0 \u00feetta sj\u00e1lfst\u00e6\u00f0i \u00ed sm\u00e1atri\u00f0um.<\/span><\/p><p>Hi\u00f0 vandlega skipulag\u00f0a sp\u00e1d\u00f3mskerfi Etr\u00fara, Disciplina Etrusca, skiptist \u00ed \u00ferj\u00fa svi\u00f0: innyflasp\u00e1 (haruspicina), eldingasp\u00e1 (fulguratio) og fuglasp\u00e1 (auspicia). R\u00f3mverjar t\u00f3ku upp \u00feetta kerfi, sem lif\u00f0i fram \u00e1 4. \u00f6ld e.Kr. \u00cdtarlegar l\u00fdsingar eru var\u00f0veittar hj\u00e1 Cicero og Seneca.<\/p><p>Disciplina Etrusca var kennd \u00ed s\u00e9rst\u00f6kum prestask\u00f3lum. \u00deekking hennar var skr\u00e1\u00f0 \u00ed b\u00f3kum, fyrst og fremst \u00ed Libri Rituales, Libri Haruspicini og Libri Fulgurales. \u00deessir textar eru glata\u00f0ir, en hluta \u00feeirra m\u00e1 endurgera \u00fat fr\u00e1 tilvitnunum r\u00f3mverskra h\u00f6funda \u00e1 bor\u00f0 vi\u00f0 Cicero, Festus og Macrobius.<\/p><p>Etr\u00faskur <span class=\"iwg-fachbegriff\" data-tooltip=\"Heildarsafn tr\u00faarlegra tilbei\u00f0sluathafna fyrir gu\u00f0 e\u00f0a heilaga vera.\" tabindex=\"0\">helgisi\u00f0ad\u00fdrkun<\/span> var sterklega bundin vi\u00f0 hverja borg. S\u00e9rhver hinna mikilv\u00e6gu mi\u00f0st\u00f6\u00f0va, \u00fe.e. Tarquinia, Caere, Vulci, Veji, Clusium, Volsinii, Cortona, Perugia, Arezzo, Volterra, Populonia og Roselle, haf\u00f0i eigin h\u00f6fu\u00f0d\u00fdrkun og tr\u00faarlegar s\u00e9rkenni, og \u00fear af lei\u00f0andi var Uni tilbe\u00f0in \u00e1 mismunandi h\u00e1tt \u00e1 hverjum sta\u00f0.<\/p>\t\t\t\t\t\t\t\t<\/div>\n\t\t\t\t<\/div>\n\t\t\t\t\t<\/div>\n\t\t\t\t<\/div>\n\t\t<div class=\"elementor-element elementor-element-iwgw-uni-s5 e-flex e-con-boxed e-con e-parent\" data-id=\"iwgw-uni-s5\" data-element_type=\"container\" data-e-type=\"container\">\n\t\t\t\t\t<div class=\"e-con-inner\">\n\t\t\t\t<div class=\"elementor-element elementor-element-iwgw-uni-s5h elementor-widget elementor-widget-heading\" data-id=\"iwgw-uni-s5h\" data-element_type=\"widget\" data-e-type=\"widget\" data-widget_type=\"heading.default\">\n\t\t\t\t\t<h2 class=\"elementor-heading-title elementor-size-default\">Kult og athafnir<\/h2>\t\t\t\t<\/div>\n\t\t<div class=\"elementor-element elementor-element-iwgw-uni-s5c e-con-full e-flex e-con e-child\" data-id=\"iwgw-uni-s5c\" data-element_type=\"container\" data-e-type=\"container\">\n\t\t\t\t<div class=\"elementor-element elementor-element-iwgw-uni-s5t elementor-widget elementor-widget-text-editor\" data-id=\"iwgw-uni-s5t\" data-element_type=\"widget\" data-e-type=\"widget\" data-widget_type=\"text-editor.default\">\n\t\t\t\t\t\t\t\t\t<p>Uni var d\u00fdrku\u00f0 \u00ed fj\u00f6lm\u00f6rgum etr\u00faskum borgarhofum. Me\u00f0al mikilv\u00e6gra d\u00fdrkunarsta\u00f0a voru Pyrgi (h\u00f6fn Caere), Veji, Tarquinia og Volsinii. <span class=\"iwg-fachbegriff\" data-tooltip=\"Bygging sem er tileinku\u00f0 tilbei\u00f0slu einnar e\u00f0a fleiri gu\u00f0a.\" tabindex=\"0\">Hofi\u00f0<\/span> \u00ed Pyrgi var mikilv\u00e6gur <span class=\"iwg-fachbegriff\" data-tooltip=\"Helgur sta\u00f0ur tileinka\u00f0ur tilbei\u00f0slu \u00e1kve\u00f0innar gu\u00f0veru.\" tabindex=\"0\">helgista\u00f0ur<\/span>, sem f\u00f6nik\u00edskir kaupmenn heims\u00f3ttu einnig &#8211; \u00feess vegna hinar tv\u00edtyngdu t\u00f6flur.<\/p><p>Tr\u00faarathafnir f\u00f3lu \u00ed s\u00e9r <span class=\"iwg-fachbegriff\" data-tooltip=\"Gj\u00f6f til gu\u00f0veru til a\u00f0 tj\u00e1 \u00feakkl\u00e6ti, b\u00f3n e\u00f0a tilbei\u00f0slu.\" tabindex=\"0\">f\u00f3rnir<\/span> (s\u00e9rstaklega k\u00faaf\u00f3rnir), b\u00e6nir og skr\u00fa\u00f0g\u00f6ngur. Konur gegndu mikilv\u00e6gu hlutverki \u00ed Uni-ath\u00f6fnum. \u00d3l\u00edkt m\u00f6rgum \u00f6\u00f0rum fornum menningarheimum var sta\u00f0a konunnar \u00ed etr\u00fasku samf\u00e9lagi \u00e1berandi sterk.<\/p><p>Etr\u00faskar konur koma fram \u00e1 veislubo\u00f0um vi\u00f0 hli\u00f0 eiginmanna sinna og eru nefndar me\u00f0 eigin n\u00f6fnum \u00ed \u00e1letrunum &#8211; i\u00f0kun sem fur\u00f0a\u00f0i gr\u00edska og r\u00f3mverska \u00e1horfendur. Verk Larissu Bonfante <em>Etruscan Dress<\/em> (1975) skjalfestir \u00feessar a\u00f0st\u00e6\u00f0ur me\u00f0 myndaheimildum.<\/p><p>Etr\u00fask <span class=\"iwg-fachbegriff\" data-tooltip=\"Bygging sem er tileinku\u00f0 tilbei\u00f0slu einnar e\u00f0a fleiri gu\u00f0a.\" tabindex=\"0\">hof<\/span>, \u00fear sem Uni \u00e1tti einnig sinn <span class=\"iwg-fachbegriff\" data-tooltip=\"\u00d6ll tr\u00faarleg tilbei\u00f0sluath\u00f6fn fyrir gu\u00f0veru e\u00f0a heilaga gestalt.\" tabindex=\"0\">helgisi\u00f0i<\/span>, s\u00fdna s\u00e9rst\u00f6k byggingareinkenni. Einkennandi er tuscanus-st\u00edllinn, eigin s\u00falnaskipan sem Vitr\u00fav\u00edus l\u00fdsir \u00ed De Architectura. Grunnform \u00feeirra leggja \u00e1herslu \u00e1 cella-h\u00f3lfi\u00f0 og brei\u00f0a framh\u00f6ll og skera sig \u00feannig greinilega fr\u00e1 gr\u00edskum fyrirmyndum.<\/p><p>Etr\u00fask <span class=\"iwg-fachbegriff\" data-tooltip=\"Bygging sem er tileinku\u00f0 tilbei\u00f0slu einnar e\u00f0a fleiri gu\u00f0a.\" tabindex=\"0\">hof<\/span> voru oft reist \u00ed st\u00f3rum st\u00edl. J\u00fap\u00edter-<span class=\"iwg-fachbegriff\" data-tooltip=\"Bygging sem er tileinku\u00f0 tilbei\u00f0slu einnar e\u00f0a fleiri gu\u00f0a.\" tabindex=\"0\">hofi\u00f0<\/span> \u00e1 r\u00f3mverska Capitolium-h\u00e6\u00f0inni var til d\u00e6mis reist af etr\u00faskum arkitektum og listam\u00f6nnum, me\u00f0al annars Vulca fr\u00e1 Veji. \u00dear sem \u00feetta <span class=\"iwg-fachbegriff\" data-tooltip=\"Bygging sem er tileinku\u00f0 tilbei\u00f0slu einnar e\u00f0a fleiri gu\u00f0a.\" tabindex=\"0\">hof<\/span> h\u00fdsti kapit\u00f3l\u00ednsku \u00ferenninguna, \u00fear sem Uni \u00e1tti sinn sta\u00f0 \u00e1samt Iuno, telst \u00fea\u00f0 mikilv\u00e6g byggingarleg vitnisbur\u00f0ur um etr\u00faska tr\u00far\u00e6kni \u00ed frumr\u00f3mverskri s\u00f6gu.<\/p><p>\u00c1rlega kom bandalag t\u00f3lf etr\u00faskra borga saman vi\u00f0 Fanum Voltumnae n\u00e1l\u00e6gt Volsinii til a\u00f0 r\u00e6\u00f0a tr\u00faarleg og stj\u00f3rnm\u00e1laleg m\u00e1lefni. Bandalagsgu\u00f0 \u00feessa borgasambands var Voltumna, sem tr\u00faarleg \u00fe\u00fd\u00f0ing n\u00e1\u00f0i lengra en einstakir borgarsi\u00f0ir.<\/p>\t\t\t\t\t\t\t\t<\/div>\n\t\t\t\t<\/div>\n\t\t\t\t\t<\/div>\n\t\t\t\t<\/div>\n\t\t<div class=\"elementor-element elementor-element-iwgw-uni-s6 e-flex e-con-boxed e-con e-parent\" data-id=\"iwgw-uni-s6\" data-element_type=\"container\" data-e-type=\"container\">\n\t\t\t\t\t<div class=\"e-con-inner\">\n\t\t\t\t<div class=\"elementor-element elementor-element-iwgw-uni-s6h elementor-widget elementor-widget-heading\" data-id=\"iwgw-uni-s6h\" data-element_type=\"widget\" data-e-type=\"widget\" data-widget_type=\"heading.default\">\n\t\t\t\t\t<h2 class=\"elementor-heading-title elementor-size-default\">Verndarhef\u00f0ir og fr\u00e1hrindandi t\u00e1kn<\/h2>\t\t\t\t<\/div>\n\t\t<div class=\"elementor-element elementor-element-iwgw-uni-s6c e-con-full e-flex e-con e-child\" data-id=\"iwgw-uni-s6c\" data-element_type=\"container\" data-e-type=\"container\">\n\t\t\t\t<div class=\"elementor-element elementor-element-iwgw-uni-s6t elementor-widget elementor-widget-text-editor\" data-id=\"iwgw-uni-s6t\" data-element_type=\"widget\" data-e-type=\"widget\" data-widget_type=\"text-editor.default\">\n\t\t\t\t\t\t\t\t\t<p>Uni var einkum \u00e1k\u00f6llu\u00f0 \u00ed tengslum vi\u00f0 hj\u00f3naband, f\u00e6\u00f0ingu, fj\u00f6lskyldu og borgarvernd. R\u00f3mversk hef\u00f0 h\u00e9lt m\u00f6rgum \u00feessara hlutverka \u00e1fram undir Iuno &#8211; me\u00f0al annars Iuno Lucina (Iuno lj\u00f3ssins) sem f\u00e6\u00f0ingargy\u00f0ja e\u00f0a Iuno Sospita sem borgarverndari. \u00deessi hlutverk eru etr\u00fask arfleif\u00f0.<\/p><p>Verndandi i\u00f0kun \u00ed tengslum vi\u00f0 Uni f\u00f3l \u00ed s\u00e9r a\u00f0 bera \u00e1kve\u00f0in verndargripi (bullae fyrir b\u00f6rn), setja Uni-myndir upp \u00ed heimilishelgireitum og fara me\u00f0 \u00e1kve\u00f0nar form\u00falur fyrir br\u00fa\u00f0kaup og f\u00e6\u00f0ingar. Etr\u00faska bullae-hef\u00f0in er bein uppspretta s\u00ed\u00f0ari r\u00f3mverskrar i\u00f0kunar.<\/p><p><span data-nosnippet>\u00cd etr\u00faskri verndarhef\u00f0 finnast m\u00f6rg fr\u00e1hrindandi t\u00e1kn: fallust\u00e1knir, gorg\u00f3neion-myndir, augnat\u00e1kn, bullae og \u00e1kve\u00f0nar verndarform\u00falur. Larissa Bonfante hefur unni\u00f0 \u00far myndm\u00e1li \u00feessara verndart\u00e1kna \u00ed verki s\u00ednu Etruscan Mirrors, sem gefi\u00f0 var \u00fat fr\u00e1 1980.<\/span><\/p><p>Fr\u00e1hrindandi t\u00e1kn voru fastur hluti af etr\u00faskum heimi, \u00fear \u00e1 me\u00f0al auga Tinia, fallust\u00e1knir og gorg\u00f3neion. \u00deau skreyttu <span class=\"iwg-fachbegriff\" data-tooltip=\"Bygging sem er tileinku\u00f0 tilbei\u00f0slu einnar e\u00f0a fleiri gu\u00f0a.\" tabindex=\"0\">hof<\/span> og grafir jafnt sem heimilishelgireiti og pers\u00f3nulega eign. \u00cd r\u00f3mverskri og mi\u00f0jar\u00f0arhafstr\u00fa lif\u00f0i \u00feessi i\u00f0kun \u00e1fram.<\/p><p>Verndarathafnir hj\u00e1 Etr\u00faskum voru n\u00e1i\u00f0 samofnar Disciplina Etrusca. Fyrir hvert mikilv\u00e6gt fyrirt\u00e6ki, hvort sem \u00fea\u00f0 var borgarstofnun, herfer\u00f0 e\u00f0a h\u00fasbygging, spur\u00f0i f\u00f3lk vilja gu\u00f0anna me\u00f0 <span class=\"iwg-fachbegriff\" data-tooltip=\"A\u00f0 lesa \u00ed t\u00e1kn til a\u00f0 skynja hi\u00f0 hulda e\u00f0a komandi.\" tabindex=\"0\">v\u00e9fr\u00e9tt<\/span>, og h\u00e1gu\u00f0in Uni \u00e1tti \u00fear hlutdeild.<\/p>\t\t\t\t\t\t\t\t<\/div>\n\t\t\t\t<\/div>\n\t\t\t\t\t<\/div>\n\t\t\t\t<\/div>\n\t\t<div class=\"elementor-element elementor-element-iwgw-uni-s7 e-flex e-con-boxed e-con e-parent\" data-id=\"iwgw-uni-s7\" data-element_type=\"container\" data-e-type=\"container\">\n\t\t\t\t\t<div class=\"e-con-inner\">\n\t\t\t\t<div class=\"elementor-element elementor-element-iwgw-uni-s7h elementor-widget elementor-widget-heading\" data-id=\"iwgw-uni-s7h\" data-element_type=\"widget\" data-e-type=\"widget\" data-widget_type=\"heading.default\">\n\t\t\t\t\t<h2 class=\"elementor-heading-title elementor-size-default\">Hli\u00f0st\u00e6\u00f0ur \u00ed \u00f6\u00f0rum menningarheimum<\/h2>\t\t\t\t<\/div>\n\t\t<div class=\"elementor-element elementor-element-iwgw-uni-s7c e-con-full e-flex e-con e-child\" data-id=\"iwgw-uni-s7c\" data-element_type=\"container\" data-e-type=\"container\">\n\t\t\t\t<div class=\"elementor-element elementor-element-iwgw-uni-s7t elementor-widget elementor-widget-text-editor\" data-id=\"iwgw-uni-s7t\" data-element_type=\"widget\" data-e-type=\"widget\" data-widget_type=\"text-editor.default\">\n\t\t\t\t\t\t\t\t\t<p>Uni samsvarar hlutverkslega gr\u00edsku Heru og r\u00f3mversku Iuno. Tengingin er b\u00e6\u00f0i d\u00e6miger\u00f0 og s\u00f6guleg &#8211; r\u00f3mverska Iuno-hef\u00f0in var tekin beint yfir fr\u00e1 etr\u00fasknesku Uni. Pyrgi-t\u00f6flurnar sta\u00f0festa jafnframt sams\u00f6mun vi\u00f0 f\u00f6nik\u00edsku Astarte.<\/p><p>\u00cd tr\u00faarbrag\u00f0asamanbur\u00f0i m\u00e1 tengja Uni vi\u00f0 a\u00f0rar \u00e6\u00f0stu gy\u00f0jur ind\u00f3evr\u00f3pskra og mi\u00f0jar\u00f0arhafshef\u00f0a: vi\u00f0 Inn\u00f6nnu\/Ishtar (Mes\u00f3p\u00f3tam\u00edu), vi\u00f0 \u00cdsis (Egyptalandi), vi\u00f0 Frigg (germanska hef\u00f0). Hugmyndin um \u00e6\u00f0stu kvenkyns <span class=\"iwg-fachbegriff\" data-tooltip=\"Vera sem er d\u00fdrku\u00f0 sem gu\u00f0leg innan tr\u00faarbrag\u00f0a.\" tabindex=\"0\">gu\u00f0d\u00f3m<\/span> sem eiginkonugy\u00f0ju og verndara borga er \u00fatbreidd vi\u00f0 hi\u00f0 forna Mi\u00f0jar\u00f0arhaf.<\/p><p>Me\u00f0 interpretatio Romana voru etr\u00fasknesk go\u00f0 tengd r\u00f3mverskum n\u00f6fnum: Tinia birtist sem Iupiter, Uni sem Iuno, Menrva sem Minerva. Sl\u00edkar samsvaranir dr\u00f3gu yfirleitt a\u00f0eins fram hluta eiginleika; sjaldan voru \u00fe\u00e6r heildst\u00e6\u00f0ar. Ranns\u00f3knir s\u00ed\u00f0ustu fimmt\u00edu \u00e1ra hafa greint hva\u00f0a etr\u00fasknesku s\u00e9rkenni Uni h\u00e9ldu s\u00e9r \u00fer\u00e1tt fyrir \u00feetta.<\/p><p>Fj\u00f6lbreytt tengsl vi\u00f0 anat\u00f3l\u00edskar, f\u00f6nik\u00edskar og foras\u00edustar heimildir m\u00f3ta etr\u00fasknesk tr\u00faarbr\u00f6g\u00f0. Einmitt Pyrgi-t\u00f6flurnar, sem samsama Uni vi\u00f0 f\u00f6nik\u00edsku Astarte, sta\u00f0festa f\u00f6nik\u00edsk samskipti. \u00deessi tenging \u00fevert \u00e1 Mi\u00f0jar\u00f0arhafi\u00f0 hefur veri\u00f0 mikilv\u00e6gt ranns\u00f3knarsvi\u00f0 undanfarna \u00e1ratugi.<\/p><p>\u00cd tr\u00faarbrag\u00f0asamanbur\u00f0i tilheyrir etr\u00faskneski <span class=\"iwg-fachbegriff\" data-tooltip=\"Heildarsafn tr\u00faarlegra d\u00fdrkunarathafna fyrir gu\u00f0 e\u00f0a heilaga veru.\" tabindex=\"0\">s\u00e9rtr\u00fain<\/span> v\u00ed\u00f0t\u00e6kari mi\u00f0jar\u00f0arhafslegri tr\u00faarbrag\u00f0afj\u00f6lskyldu og stendur \u00ed tengslum vi\u00f0 Grikkland, F\u00f6nik\u00edu, Egyptaland, Anat\u00f3l\u00edu og Lat\u00edum. A\u00f0 Uni s\u00e9 tengd Astarte \u00e1 Pyrgi-t\u00f6flunum fellur a\u00f0 \u00feessari tengingu, sem myndar mikilv\u00e6gt ranns\u00f3knarsvi\u00f0.<\/p>\t\t\t\t\t\t\t\t<\/div>\n\t\t\t\t<\/div>\n\t\t\t\t\t<\/div>\n\t\t\t\t<\/div>\n\t\t<div class=\"elementor-element elementor-element-iwgw-uni-s8 e-flex e-con-boxed e-con e-parent\" data-id=\"iwgw-uni-s8\" data-element_type=\"container\" data-e-type=\"container\">\n\t\t\t\t\t<div class=\"e-con-inner\">\n\t\t\t\t<div class=\"elementor-element elementor-element-iwgw-uni-s8h elementor-widget elementor-widget-heading\" data-id=\"iwgw-uni-s8h\" data-element_type=\"widget\" data-e-type=\"widget\" data-widget_type=\"heading.default\">\n\t\t\t\t\t<h2 class=\"elementor-heading-title elementor-size-default\">Ranns\u00f3knir n\u00fat\u00edmans<\/h2>\t\t\t\t<\/div>\n\t\t<div class=\"elementor-element elementor-element-iwgw-uni-s8c e-con-full e-flex e-con e-child\" data-id=\"iwgw-uni-s8c\" data-element_type=\"container\" data-e-type=\"container\">\n\t\t\t\t<div class=\"elementor-element elementor-element-iwgw-uni-s8t elementor-widget elementor-widget-text-editor\" data-id=\"iwgw-uni-s8t\" data-element_type=\"widget\" data-e-type=\"widget\" data-widget_type=\"text-editor.default\">\n\t\t\t\t\t\t\t\t\t<p><span data-nosnippet>Ranns\u00f3knir \u00e1 Uni hafa \u00e1 s\u00ed\u00f0ustu 50 \u00e1rum d\u00fdpka\u00f0 verulega me\u00f0 fundi n\u00fdrra \u00e1letrana (Pyrgi 1964, frekari fundir \u00ed Tarquinia og Volsinii). Me\u00f0al mikilv\u00e6gra fr\u00e6\u00f0ikvenna eru Larissa Bonfante, Nancy Thomson de Grummond, Marie-Laurence Haack og Anna Marina Moretti Sgubini.<\/span><\/p><p>\u00cd fr\u00e6\u00f0unum er miki\u00f0 r\u00e6tt um spurninguna um hi\u00f0 &#8216;sj\u00e1lfst\u00e6\u00f0a e\u00f0li&#8217; Uni handan interpretatio Romana. Hver er munurinn \u00e1 henni og r\u00f3mversku Iuno? Hversu langt n\u00e1 f\u00f6nik\u00edsk og gr\u00edsk \u00e1hrif? \u00deessar spurningar eru vi\u00f0fangsefni n\u00faverandi ranns\u00f3kna.<\/p><p>Etr\u00fask tr\u00faarbr\u00f6g\u00f0, og me\u00f0 \u00feeim pers\u00f3nur eins og Uni, eru \u00ed dag ranns\u00f6ku\u00f0 \u00e1 al\u00fej\u00f3\u00f0legum vettvangi. Me\u00f0al mikilv\u00e6gra ranns\u00f3knarstofnana eru h\u00e1sk\u00f3larnir \u00ed Fl\u00f3rens, R\u00f3m Sapienza, P\u00edsa, T\u00fcbingen og Princeton. \u00c1 hverju \u00e1ri fjalla nokkrar al\u00fej\u00f3\u00f0legar r\u00e1\u00f0stefnur um einst\u00f6k vi\u00f0fangsefni \u00feessa fr\u00e6\u00f0asvi\u00f0s.<\/p><p>Al\u00fej\u00f3\u00f0leg ranns\u00f3knarverkefni um etr\u00fask tr\u00faarbr\u00f6g\u00f0 beita \u00ed dag stafr\u00e6num a\u00f0fer\u00f0um: \u00fer\u00edv\u00edddarsk\u00f6nnun af hofum og gr\u00f6fum, gagnagrunnum fyrir \u00e1letranir og myndheimildir, auk GIS-sty\u00f0jandi greininga \u00e1 bygg\u00f0amynstri. \u00deessar a\u00f0fer\u00f0ir skila n\u00fdrri \u00feekkingu, me\u00f0al annars um tilbei\u00f0slu Uni.<\/p><p>Almenningi er n\u00fat\u00edma etr\u00fask fr\u00e6\u00f0i mi\u00f0la\u00f0 \u00ed gegnum s\u00fdningar, me\u00f0al annars \u00ed Vat\u00edkansafninu, \u00ed Museo Nazionale Etrusco di Villa Giulia og \u00ed Boston Museum of Fine Arts, auk fj\u00f6lda \u00fatgefinna rita.<\/p>\t\t\t\t\t\t\t\t<\/div>\n\t\t\t\t<\/div>\n\t\t\t\t\t<\/div>\n\t\t\t\t<\/div>\n\t\t<div class=\"elementor-element elementor-element-iwgw-uni-s9 e-flex e-con-boxed e-con e-parent\" data-id=\"iwgw-uni-s9\" data-element_type=\"container\" data-e-type=\"container\">\n\t\t\t\t\t<div class=\"e-con-inner\">\n\t\t\t\t<div class=\"elementor-element elementor-element-iwgw-uni-s9h elementor-widget elementor-widget-heading\" data-id=\"iwgw-uni-s9h\" data-element_type=\"widget\" data-e-type=\"widget\" data-widget_type=\"heading.default\">\n\t\t\t\t\t<h2 class=\"elementor-heading-title elementor-size-default\">Heimildir og sta\u00f0a ranns\u00f3kna<\/h2>\t\t\t\t<\/div>\n\t\t<div class=\"elementor-element elementor-element-iwgw-uni-s9c e-con-full e-flex e-con e-child\" data-id=\"iwgw-uni-s9c\" data-element_type=\"container\" data-e-type=\"container\">\n\t\t\t\t<div class=\"elementor-element elementor-element-iwgw-uni-s9t elementor-widget elementor-widget-text-editor\" data-id=\"iwgw-uni-s9t\" data-element_type=\"widget\" data-e-type=\"widget\" data-widget_type=\"text-editor.default\">\n\t\t\t\t\t\t\t\t\t<p>Mikilv\u00e6gustu heimildirnar um ranns\u00f3knir \u00e1 Uni eru t\u00f6flurnar fr\u00e1 Pyrgi, etr\u00fasku \u00e1letranirnar (Editio Minor Helmuts Rix), etr\u00faskir speglar me\u00f0 \u00e1letrunum, fornleifafundir \u00far st\u00f3ru hofunum (Pyrgi, Veji, Tarquinia, Volsinii) og gr\u00edsk-r\u00f3mverskar aukaheimildir.<\/p><p>N\u00e1nari sko\u00f0un \u00e1 <a href=\"https:\/\/iwell-guard.com\/is\/etruskisk-trubrogd-haruspex-disciplina\/\">etr\u00faskri tr\u00faars\u00f6gu<\/a> \u00ed heild sinni s\u00fdnir hvernig skilja m\u00e1 Uni innan tengslakerfis Tinia, Menrva og annarra Atua, ekki einangra\u00f0a. \u00deessi tengslamyndun er fr\u00e6\u00f0ilega mikilv\u00e6g.<\/p><p>Heimildirnar um etr\u00fask tr\u00faarbr\u00f6g\u00f0 eru margbreytilegar: \u00e1letranaheimildir, sem safna\u00f0 er saman \u00ed Editio Minor Helmuts Rix, fornleifafundir, myndheimildir og fr\u00e6\u00f0irit. S\u00e1 sem vill skilja Uni til fullnustu \u00fearf a\u00f0 vinna \u00far \u00feessari fj\u00f6lbreytni me\u00f0 \u00feverfaglegum h\u00e6tti, og n\u00fdrri ranns\u00f3knir tengja saman textafr\u00e6\u00f0i, <span class=\"iwg-fachbegriff\" data-tooltip=\"Fr\u00e6\u00f0igrein sem rannsakar fyrri menningarheima me\u00f0 hj\u00e1lp \u00e1\u00fereifanlegra fornminja.\" tabindex=\"0\">fornleifafr\u00e6\u00f0i<\/span>, <span class=\"iwg-fachbegriff\" data-tooltip=\"Fr\u00e6\u00f0igrein sem rannsakar tr\u00faarbr\u00f6g\u00f0 \u00e1 samanbur\u00f0arh\u00e1tt og \u00e1n tr\u00faarlegrar afst\u00f6\u00f0u.\" tabindex=\"0\">tr\u00faarbrag\u00f0afr\u00e6\u00f0i<\/span> og manneskjufr\u00e6\u00f0i \u00e1 kerfisbundinn h\u00e1tt.<\/p><p>V\u00f6ndu\u00f0 heimildar\u00fdni krefst \u00feess a\u00f0 menn kynni s\u00e9r jafnt upprunalegar etr\u00faskar heimildir og gr\u00edsk-r\u00f3mverska aukaheimildas\u00f6gu. \u00deessi tv\u00ed\u00fe\u00e6tta n\u00e1lgun er krefjandi, en \u00f3missandi fyrir traustan s\u00f6guskilning \u00e1 Uni.<\/p><p>S\u00e1 sem vill skilgreina Uni \u00edtarlega \u00ed tr\u00faars\u00f6gulegu samhengi \u00fearf a\u00f0 hafa yfirs\u00fdn yfir \u00e1letrana-, fornleifa- og ritheimildir, jafnt og a\u00f0fer\u00f0ir n\u00fat\u00edma <span class=\"iwg-fachbegriff\" data-tooltip=\"Fr\u00e6\u00f0igrein sem rannsakar tr\u00faarbr\u00f6g\u00f0 \u00e1 samanbur\u00f0arh\u00e1tt og \u00e1n tr\u00faarlegrar afst\u00f6\u00f0u.\" tabindex=\"0\">tr\u00faarbrag\u00f0afr\u00e6\u00f0i<\/span>. \u00deessi marg\u00fe\u00e6tta umfj\u00f6llun telst sta\u00f0all \u00ed fr\u00e6\u00f0unum.<\/p>\t\t\t\t\t\t\t\t<\/div>\n\t\t\t\t<\/div>\n\t\t\t\t\t<\/div>\n\t\t\t\t<\/div>\n\t\t<div class=\"elementor-element elementor-element-cp29e08390 e-flex e-con-boxed e-con e-parent\" data-id=\"cp29e08390\" data-element_type=\"container\" data-e-type=\"container\">\n\t\t\t\t\t<div class=\"e-con-inner\">\n\t\t\t\t<div class=\"elementor-element elementor-element-cp2d2faa66 elementor-widget elementor-widget-heading\" data-id=\"cp2d2faa66\" data-element_type=\"widget\" data-e-type=\"widget\" data-widget_type=\"heading.default\">\n\t\t\t\t\t<h2 class=\"elementor-heading-title elementor-size-default\">Uni \u00e1 bronslifrinni fr\u00e1 Piacenza og \u00ed fr\u00e6\u00f0unum um lifrarsp\u00e1<\/h2>\t\t\t\t<\/div>\n\t\t<div class=\"elementor-element elementor-element-cp201b89ae e-flex e-con-boxed e-con e-child\" data-id=\"cp201b89ae\" data-element_type=\"container\" data-e-type=\"container\">\n\t\t\t\t\t<div class=\"e-con-inner\">\n\t\t\t\t<div class=\"elementor-element elementor-element-cp2cad41c0 elementor-widget elementor-widget-text-editor\" data-id=\"cp2cad41c0\" data-element_type=\"widget\" data-e-type=\"widget\" data-widget_type=\"text-editor.default\">\n\t\t\t\t\t\t\t\t\t<p>Ein af mikilv\u00e6gustu heimildunum um etr\u00faska go\u00f0aheiminn er hin svokalla\u00f0a Lifur fr\u00e1 Piacenza, brons-l\u00edkan af sau\u00f0alifur sem fannst \u00e1ri\u00f0 1877 n\u00e1l\u00e6gt Piacenza og er t\u00edmasett til 2. e\u00f0a 1. aldar fyrir okkar t\u00edmatal.<\/p><p>Yfirbor\u00f0i\u00f0 er skipt \u00ed m\u00f6rg sv\u00e6\u00f0i, \u00fear sem etr\u00fask gu\u00f0an\u00f6fn eru greipt inn. Gripurinn \u00fej\u00f3na\u00f0i a\u00f0 \u00f6llum l\u00edkindum sem kennslu- e\u00f0a vi\u00f0mi\u00f0unart\u00e6ki fyrir <em>haruspices<\/em>, etr\u00faska s\u00e9rfr\u00e6\u00f0inga \u00ed innyflasp\u00e1d\u00f3mum.<\/p><p>Uni kemur fyrir \u00e1 \u00feessu l\u00edkani undir s\u00ednu etr\u00faska nafni og hefur \u00fear me\u00f0 fastan sess \u00ed kerfi lifrarsp\u00e1rins. R\u00f6\u00f0un gu\u00f0anafnanna \u00e1 lifrinni er skilin \u00feannig a\u00f0 ytri ja\u00f0arinn er skiptur \u00ed sext\u00e1n sv\u00e6\u00f0i sem samsvara sext\u00e1n skiptingu himinhvolfsins.<\/p><p>Hverju himinsv\u00e6\u00f0i var \u00fathluta\u00f0 einni e\u00f0a fleiri gu\u00f0um. \u00dat fr\u00e1 sta\u00f0setningu \u00e1berandi einkenna \u00e1 ranns\u00f6ku\u00f0u d\u00fdralifrinni, svo sem \u00fatv\u00f6xtum e\u00f0a litabreytingum, dr\u00f3 haruspexinn \u00e1lyktun um vilja vi\u00f0komandi <span class=\"iwg-fachbegriff\" data-tooltip=\"Vera sem tilbe\u00f0in er sem gu\u00f0leg innan tr\u00faarbrag\u00f0a.\" tabindex=\"0\">gu\u00f0s<\/span>.<\/p><p>A\u00f0 Uni s\u00e9 skr\u00e1\u00f0 \u00e1 lifrinni s\u00fdnir a\u00f0 h\u00fan var, umfram <span class=\"iwg-fachbegriff\" data-tooltip=\"S\u00f6gn sem var\u00f0veist hefur um gu\u00f0i, uppruna og skipulag heimsins.\" tabindex=\"0\">go\u00f0s\u00f6gur<\/span> og hofmusteris-tilbei\u00f0slu, einnig hluti af hinni mj\u00f6g formfestu etr\u00fasku sp\u00e1d\u00f3msfr\u00e6\u00f0i. \u00deessi <em>disciplina etrusca<\/em> var \u00ed miklum metum hj\u00e1 R\u00f3mverjum og var a\u00f0 hluta tekin upp af \u00feeim; <span class=\"iwg-fachbegriff\" data-tooltip=\"T\u00edmabil gr\u00edskrar og r\u00f3mverskrar menningar, fr\u00e1 um 800 f.Kr. til 600 e.Kr.\" tabindex=\"0\">fornaldar<\/span>h\u00f6fundar greina fr\u00e1 \u00fev\u00ed a\u00f0 etr\u00faskir haruspices hafi enn veri\u00f0 kalla\u00f0ir til \u00e1 t\u00edmum r\u00f3mverska keisaraveldisins.<\/p><p>Bronslifrin er \u00feannig lykilvitnisbur\u00f0ur um hversu n\u00e1tengd go\u00f0aheimur, helgisi\u00f0at\u00e6kni og ritmenning voru hj\u00e1 <a href=\"https:\/\/iwell-guard.com\/is\/etruskisk-trubrogd-haruspex-disciplina\/\">Etr\u00farum<\/a>. Margt var\u00f0andi n\u00e1kv\u00e6ma virkni lifrarsp\u00e1rins er \u00fe\u00f3 enn \u00f3lj\u00f3st, \u00fear sem engin heildst\u00e6\u00f0 etr\u00fask kennslutexti hefur var\u00f0veist.<\/p>\t\t\t\t\t\t\t\t<\/div>\n\t\t\t\t\t<\/div>\n\t\t\t\t<\/div>\n\t\t\t\t\t<\/div>\n\t\t\t\t<\/div>\n\t\t<div class=\"elementor-element elementor-element-cp24acd12c e-flex e-con-boxed e-con e-parent\" data-id=\"cp24acd12c\" data-element_type=\"container\" data-e-type=\"container\">\n\t\t\t\t\t<div class=\"e-con-inner\">\n\t\t\t\t<div class=\"elementor-element elementor-element-cp28834b61 elementor-widget elementor-widget-heading\" data-id=\"cp28834b61\" data-element_type=\"widget\" data-e-type=\"widget\" data-widget_type=\"heading.default\">\n\t\t\t\t\t<h2 class=\"elementor-heading-title elementor-size-default\">Gullt\u00f6flurnar fr\u00e1 Pyrgi: Uni, Astarte og tengslin vi\u00f0 f\u00f6nik\u00edska heiminn<\/h2>\t\t\t\t<\/div>\n\t\t<div class=\"elementor-element elementor-element-cp238b6d61 e-flex e-con-boxed e-con e-child\" data-id=\"cp238b6d61\" data-element_type=\"container\" data-e-type=\"container\">\n\t\t\t\t\t<div class=\"e-con-inner\">\n\t\t\t\t<div class=\"elementor-element elementor-element-cp2b1ceb50 elementor-widget elementor-widget-text-editor\" data-id=\"cp2b1ceb50\" data-element_type=\"widget\" data-e-type=\"widget\" data-widget_type=\"text-editor.default\">\n\t\t\t\t\t\t\t\t\t<p><span data-nosnippet>Til merkustu \u00e1letrunarfunda etr\u00faskrar tr\u00faarbrag\u00f0a heyra gullt\u00f6flurnar fr\u00e1 Pyrgi, sem fundust 1964 \u00ed <span class=\"iwg-fachbegriff\" data-tooltip=\"Helgur sta\u00f0ur sem tileinka\u00f0ur er d\u00fdrkun gu\u00f0s.\" tabindex=\"0\">helgista\u00f0<\/span> hafnarb\u00e6jarins Pyrgi, sem heyr\u00f0i til sv\u00e6\u00f0is etr\u00faskrar borgar Caere. Um er a\u00f0 r\u00e6\u00f0a \u00ferj\u00e1r \u00feunnar gullpl\u00f6tur fr\u00e1 s\u00ed\u00f0ari hluta 6. e\u00f0a upphafi 5. aldar fyrir okkar t\u00edmatal, tv\u00e6r \u00e1 etr\u00fasku og eina \u00e1 f\u00f6nik\u00edsku.<\/span><\/p><p>Fyrir ranns\u00f3knir \u00e1 Uni eru \u00feessar t\u00f6flur af s\u00e9rstakri \u00fe\u00fd\u00f0ingu, \u00fev\u00ed etr\u00fasku og f\u00f6nik\u00edska textarnir eru efnislega n\u00e1skyldir og myndar \u00fea\u00f0 \u00fev\u00ed tv\u00edtyngda br\u00fa.<\/p><p>\u00cd f\u00f6nik\u00edska textanum er tala\u00f0 um gy\u00f0juna Astarte, en \u00ed \u00feeim etr\u00faska um <span class=\"iwg-fachbegriff\" data-tooltip=\"Helgur sta\u00f0ur sem tileinka\u00f0ur er d\u00fdrkun gu\u00f0s.\" tabindex=\"0\">helgista\u00f0<\/span> Uni. Af \u00fev\u00ed er dregi\u00f0 a\u00f0 \u00e1lyktun a\u00f0 Etr\u00farar hafi jafna\u00f0 Uni og hina f\u00f6nik\u00edsk-vestursem\u00edt\u00edsku Astarte saman \u00ed \u00feessu samhengi, e\u00f0a a\u00f0 minnsta kosti tengt \u00fe\u00e6r hvora vi\u00f0 a\u00f0ra.<\/p><p>Stofnandinn, h\u00f6f\u00f0ingi Caere a\u00f0 nafni Thefarie Velianas, l\u00e9t \u00feannig skr\u00e1 <span class=\"iwg-fachbegriff\" data-tooltip=\"Helgur sta\u00f0ur sem tileinka\u00f0ur er d\u00fdrkun gu\u00f0s.\" tabindex=\"0\">helgista\u00f0<\/span> sem virtist tileinka\u00f0ur <span class=\"iwg-fachbegriff\" data-tooltip=\"Heild tr\u00faarlegra d\u00fdrkunarathafna fyrir gu\u00f0 e\u00f0a heilaga v\u00e6tti.\" tabindex=\"0\">d\u00fdrkun<\/span> gy\u00f0ju sem skildist \u00ed b\u00e1\u00f0um tr\u00faarlegum heimum.<\/p><p>Pyrgi-t\u00f6flurnar eru \u00feannig ekki a\u00f0eins m\u00e1lv\u00edsindalegt happdr\u00e6tti sem hj\u00e1lpar til vi\u00f0 afk\u00f3\u00f0un etr\u00fasku tungunnar, heldur einnig vitnisbur\u00f0ur um n\u00e1in tengsl Etr\u00far\u00edu vi\u00f0 Mi\u00f0jar\u00f0arhafssv\u00e6\u00f0i\u00f0. \u00de\u00e6r s\u00fdna Uni sem <span class=\"iwg-fachbegriff\" data-tooltip=\"Vera sem er d\u00fdrku\u00f0 sem gu\u00f0leg innan tr\u00faarbrag\u00f0a.\" tabindex=\"0\">gu\u00f0lega veru<\/span> sem gegndi hlutverki \u00ed vi\u00f0skipta- og menningartengslum vi\u00f0 F\u00f6nik\u00edumenn og Kar\u00feag\u00f3menn.<\/p><p>Samt\u00edmis minnir fundurinn \u00e1 a\u00f0 fara varlega: Jafngilding Uni vi\u00f0 Astarte \u00ed hafnarhelgista\u00f0 \u00fe\u00fd\u00f0ir ekki a\u00f0 Uni hafi veri\u00f0 skilin sem Astarte alls sta\u00f0ar og alltaf. Tr\u00faarlegar jafngildingar voru samhengisbundnar og segja meira um vi\u00f0komandi a\u00f0st\u00e6\u00f0ur en um fast e\u00f0li gy\u00f0junnar.<\/p>\t\t\t\t\t\t\t\t<\/div>\n\t\t\t\t\t<\/div>\n\t\t\t\t<\/div>\n\t\t\t\t\t<\/div>\n\t\t\t\t<\/div>\n\t\t<div class=\"elementor-element elementor-element-cp2e8b531d e-flex e-con-boxed e-con e-parent\" data-id=\"cp2e8b531d\" data-element_type=\"container\" data-e-type=\"container\">\n\t\t\t\t\t<div class=\"e-con-inner\">\n\t\t\t\t<div class=\"elementor-element elementor-element-cp2a6973fe elementor-widget elementor-widget-heading\" data-id=\"cp2a6973fe\" data-element_type=\"widget\" data-e-type=\"widget\" data-widget_type=\"heading.default\">\n\t\t\t\t\t<h2 class=\"elementor-heading-title elementor-size-default\">Uni, Tinia og Menrva: etr\u00faska gu\u00f0ah\u00f3purinn og r\u00f3mversk t\u00falkun hans<\/h2>\t\t\t\t<\/div>\n\t\t<div class=\"elementor-element elementor-element-cp28816f2c e-flex e-con-boxed e-con e-child\" data-id=\"cp28816f2c\" data-element_type=\"container\" data-e-type=\"container\">\n\t\t\t\t\t<div class=\"e-con-inner\">\n\t\t\t\t<div class=\"elementor-element elementor-element-cp2bf64218 elementor-widget elementor-widget-text-editor\" data-id=\"cp2bf64218\" data-element_type=\"widget\" data-e-type=\"widget\" data-widget_type=\"text-editor.default\">\n\t\t\t\t\t\t\t\t\t<p>Uni kemur oft fram \u00ed heimildum \u00ed tengslum vi\u00f0 Tinia, \u00e6\u00f0sta etr\u00faska himnagu\u00f0inn, og vi\u00f0 <a href=\"https:\/\/iwell-guard.com\/is\/menrva-gydja-viskunnar-hernadar\/\">Menrva<\/a>. \u00deessar \u00ferj\u00e1r gu\u00f0legar verur hafa \u00edtreka\u00f0 veri\u00f0 tengdar \u00ed ranns\u00f3knum vi\u00f0 r\u00f3mversku Kap\u00edt\u00f3l\u00ednsku \u00ferenninguna J\u00fap\u00edter, J\u00fan\u00f3 og M\u00ednervu. \u00cd raun samsvarar Uni \u00ed m\u00f6rgum hlutverkum r\u00f3mversku J\u00fan\u00f3, og s\u00ed\u00f0ar setti <em>interpretatio<\/em> \u00fe\u00e6r saman.<\/p><p>Vi\u00f0 \u00feessa jafngildingu er \u00fe\u00f3 r\u00e9tt a\u00f0 vi\u00f0hafa fr\u00e6\u00f0ilega var\u00fa\u00f0. Hugmyndin um fastbundinn \u00fer\u00edeykish\u00f3p a\u00f0algu\u00f0a er vel sta\u00f0fest \u00ed r\u00f3mversku samhengi, me\u00f0al annars me\u00f0 <span class=\"iwg-fachbegriff\" data-tooltip=\"Bygging sem er tileinku\u00f0 d\u00fdrkun einnar e\u00f0a fleiri gu\u00f0legra vera.\" tabindex=\"0\">hofinu<\/span> \u00e1 Kap\u00edt\u00f3lh\u00e6\u00f0. Fyrir etr\u00faska tr\u00fa er spurningin um hvort Tinia, Uni og Menrva mynda\u00f0u \u00ed raun samb\u00e6rilega, sk\u00fdrt stofnanabundna \u00ferenningu, s\u00ed\u00f0ur auglj\u00f3s.<\/p><p>Bronsl\u00edff\u00e6ri\u00f0 fr\u00e1 Piacenza skr\u00e1ir fj\u00f6lda gu\u00f0legra vera \u00e1n \u00feess a\u00f0 nokkur \u00fer\u00edeykish\u00f3pur s\u00e9 s\u00e9rstaklega dregin fram. \u00dea\u00f0 er m\u00f6gulegt a\u00f0 hugmyndin um etr\u00faska \u00ferenningu s\u00e9 a\u00f0 hluta til \u00e1lyktun dregin af r\u00f3mverska fyrirmyndinni.<\/p><p>\u00d6ruggt er hins vegar sta\u00f0fest a\u00f0 Uni var <span class=\"iwg-fachbegriff\" data-tooltip=\"Vera sem er d\u00fdrku\u00f0 sem gu\u00f0leg innan tr\u00faarbrag\u00f0a.\" tabindex=\"0\">gu\u00f0leg vera<\/span> af fyrsta flokki, sem \u00e1tti helgista\u00f0i \u00ed nokkrum mikilv\u00e6gum etr\u00faskum borgum og var tengd vi\u00f0 v\u00f6ld, verndun samf\u00e9lagsins og hugsanlega konungd\u00f3m.<\/p><p>Speglaframsetningar, mikilv\u00e6gasta myndheimild fyrir etr\u00faska <span class=\"iwg-fachbegriff\" data-tooltip=\"Heild var\u00f0veittra gu\u00f0asagna menningarheims.\" tabindex=\"0\">go\u00f0afr\u00e6\u00f0i<\/span>, s\u00fdna Uni \u00ed \u00fdmsum atri\u00f0um, me\u00f0al annars \u00ed fr\u00e6gri mynd \u00fear sem h\u00fan gefur hinum fullvaxna Hercle, etr\u00faska m\u00f3tsvarinu vi\u00f0 Herakles, brj\u00f3st og upphefur hann \u00feannig a\u00f0 vissu leyti eins og \u00e6ttlei\u00f0ing e\u00f0a til \u00f3dau\u00f0leika.<\/p><p>Sl\u00edkar myndir s\u00fdna a\u00f0 Uni var, umfram d\u00fdrkun sem \u00f3hlutbundinn borgargy\u00f0ja, sett \u00ed lifandi fr\u00e1sagnarsamhengi sem var\u00f0 fyrir \u00e1hrifum gr\u00edskrar <span class=\"iwg-fachbegriff\" data-tooltip=\"Heild var\u00f0veittra gu\u00f0asagna menningarheims.\" tabindex=\"0\">go\u00f0afr\u00e6\u00f0i<\/span> en var a\u00f0 \u00f6\u00f0ru leyti sj\u00e1lfst\u00e6tt etr\u00faskt.<\/p>\t\t\t\t\t\t\t\t<\/div>\n\t\t\t\t\t<\/div>\n\t\t\t\t<\/div>\n\t\t\t\t\t<\/div>\n\t\t\t\t<\/div>\n\t\t<div class=\"elementor-element elementor-element-iwgw-uni-lit e-flex e-con-boxed e-con e-parent\" data-id=\"iwgw-uni-lit\" data-element_type=\"container\" data-e-type=\"container\">\n\t\t\t\t\t<div class=\"e-con-inner\">\n\t\t\t\t<div class=\"elementor-element elementor-element-iwgw-uni-lith elementor-widget elementor-widget-heading\" data-id=\"iwgw-uni-lith\" data-element_type=\"widget\" data-e-type=\"widget\" data-widget_type=\"heading.default\">\n\t\t\t\t\t<h2 class=\"elementor-heading-title elementor-size-default\">Heimildir (\u00farval)<\/h2>\t\t\t\t<\/div>\n\t\t<div class=\"elementor-element elementor-element-iwgw-uni-litc e-con-full e-flex e-con e-child\" data-id=\"iwgw-uni-litc\" data-element_type=\"container\" data-e-type=\"container\">\n\t\t\t\t<div class=\"elementor-element elementor-element-iwgw-uni-litt elementor-widget elementor-widget-text-editor\" data-id=\"iwgw-uni-litt\" data-element_type=\"widget\" data-e-type=\"widget\" data-widget_type=\"text-editor.default\">\n\t\t\t\t\t\t\t\t\t<ul><li>Larissa Bonfante: <em>Etruscan Mythology<\/em> (2006)<\/li><li>Larissa Bonfante: <em>Etruscan Dress<\/em> (1975)<\/li><li>Jean-Rene Jannot: <em>Religion in Ancient Etruria<\/em> (2005)<\/li><li>Massimo Pallottino: <em>Die Etrusker<\/em> (1942)<\/li><\/ul>\n<p class=\"iwg-bib-more\"><span data-nosnippet>Frekari sta\u00f0alrit \u00ed <a href=\"https:\/\/iwell-guard.com\/is\/heimildaskra\/\">heimildaskr\u00e1nni<\/a>.<\/span><\/p>\t\t\t\t\t\t\t\t<\/div>\n\t\t\t\t<\/div>\n\t\t\t\t\t<\/div>\n\t\t\t\t<\/div>\n\t\t<div class=\"elementor-element elementor-element-iwgkw-add-uni e-flex e-con-boxed e-con e-parent\" data-id=\"iwgkw-add-uni\" data-element_type=\"container\" data-e-type=\"container\">\n\t\t\t\t\t<div class=\"e-con-inner\">\n\t\t\t\t<div class=\"elementor-element elementor-element-iwgkw-add-uni-t elementor-widget elementor-widget-text-editor\" data-id=\"iwgkw-add-uni-t\" data-element_type=\"widget\" data-e-type=\"widget\" data-widget_type=\"text-editor.default\">\n\t\t\t\t\t\t\t\t\t<p>Uni er \u00e6\u00f0sta gy\u00f0ja Etr\u00fara og er \u00ed fr\u00e6\u00f0ilegum ranns\u00f3knum talin bein <strong>hli\u00f0st\u00e6\u00f0a<\/strong> r\u00f3mversku J\u00fan\u00f3 og gr\u00edsku Heru.<\/p><p>Hinar fr\u00e6gu tv\u00edtyngdu gullt\u00f6flur fr\u00e1 Pyrgi, fr\u00e1 s\u00ed\u00f0ari hluta sj\u00f6ttu aldar fyrir okkar t\u00edmatal, jafna Uni vi\u00f0 f\u00f6nik\u00edsku Astarte og s\u00fdna \u00fear me\u00f0 jafnframt hversu e\u00f0lilegt \u00fea\u00f0 var fyrir etr\u00faska <span class=\"iwg-fachbegriff\" data-tooltip=\"V\u00edsindaleg fr\u00e6\u00f0i um gu\u00f0 og tr\u00fa innan tr\u00faarbrag\u00f0a.\" tabindex=\"0\">gu\u00f0fr\u00e6\u00f0i<\/span> a\u00f0 l\u00edta \u00e1 v\u00e6ttir s\u00ednar sem hli\u00f0st\u00e6\u00f0ur gu\u00f0aheima n\u00e1granna\u00fej\u00f3\u00f0a. \u00cd \u00ferenningard\u00fdrkuninni \u00e1 virki Veji myndar Uni me\u00f0 Tinia og Menrva h\u00e1upphafi\u00f0 mi\u00f0st\u00f6\u00f0 borgarinnar.<\/p>\t\t\t\t\t\t\t\t<\/div>\n\t\t\t\t\t<\/div>\n\t\t\t\t<\/div>\n\t\t<div class=\"elementor-element elementor-element-iwgw-uni-kwd e-flex e-con-boxed e-con e-parent\" data-id=\"iwgw-uni-kwd\" data-element_type=\"container\" data-e-type=\"container\">\n\t\t\t\t\t<div class=\"e-con-inner\">\n\t\t<div class=\"elementor-element elementor-element-iwgw-uni-kwdc e-con-full e-flex e-con e-child\" data-id=\"iwgw-uni-kwdc\" data-element_type=\"container\" data-e-type=\"container\">\n\t\t\t\t<div class=\"elementor-element elementor-element-iwgw-uni-kwdt elementor-widget elementor-widget-text-editor\" data-id=\"iwgw-uni-kwdt\" data-element_type=\"widget\" data-e-type=\"widget\" data-widget_type=\"text-editor.default\">\n\t\t\t\t\t\t\t\t\t<p><em>Tengd leitaror\u00f0: Uni Etr\u00farar \u00e6\u00f0sta gy\u00f0ja Pyrgi Astarte Iuno Hera Tinia.<\/em><\/p>\t\t\t\t\t\t\t\t<\/div>\n\t\t\t\t<\/div>\n\t\t\t\t\t<\/div>\n\t\t\t\t<\/div>\n\t\t<div class=\"elementor-element elementor-element-iwgw-uni-cc e-flex e-con-boxed e-con e-parent\" data-id=\"iwgw-uni-cc\" data-element_type=\"container\" data-e-type=\"container\" id=\"iwg-cc-uni\">\n\t\t\t\t\t<div class=\"e-con-inner\">\n\t\t<div class=\"elementor-element elementor-element-iwgw-uni-ccinner e-flex e-con-boxed e-con e-parent\" data-id=\"iwgw-uni-ccinner\" data-element_type=\"container\" data-e-type=\"container\" data-settings=\"{&quot;background_background&quot;:&quot;classic&quot;}\">\n\t\t\t\t\t<div class=\"e-con-inner\">\n\t\t\t\t<div class=\"elementor-element elementor-element-iwgw-uni-cch elementor-widget elementor-widget-heading\" data-id=\"iwgw-uni-cch\" data-element_type=\"widget\" data-e-type=\"widget\" data-widget_type=\"heading.default\">\n\t\t\t\t\t<h2 class=\"elementor-heading-title elementor-size-default\">iWell Guard og verndarhef\u00f0ir<\/h2>\t\t\t\t<\/div>\n\t\t\t\t<div class=\"elementor-element elementor-element-iwgw-uni-cct elementor-widget elementor-widget-text-editor\" data-id=\"iwgw-uni-cct\" data-element_type=\"widget\" data-e-type=\"widget\" data-widget_type=\"text-editor.default\">\n\t\t\t\t\t\t\t\t\t<div data-nosnippet=\"true\"><p>iWell Guard tengist menningars\u00f6gulegri hef\u00f0 farandhelgigripa, \u00ed hef\u00f0 <a href=\"https:\/\/iwell-guard.com\/is\/etruskisk-trubrogd-haruspex-disciplina\/\">Etr\u00faska<\/a> og margra annarra menningarheima um allan heim. 41 lag, alv\u00f6ru gull, plat\u00edna, silfur, framleitt \u00ed \u00de\u00fdskalandi. 30 daga skilar\u00e9ttur.<\/p><\/div>\t\t\t\t\t\t\t\t<\/div>\n\t\t\t\t<div class=\"elementor-element elementor-element-iwgw-uni-ccb iwg-cc-button iwg-cc-cta-2026-05-13 elementor-widget elementor-widget-jet-button\" data-id=\"iwgw-uni-ccb\" data-element_type=\"widget\" data-e-type=\"widget\" data-widget_type=\"jet-button.default\">\n\t\t\t\t<div class=\"elementor-widget-container\">\n\t\t\t\t\t<div class=\"elementor-jet-button jet-elements\"><div class=\"jet-button__container\"><a class=\"jet-button__instance jet-button__instance--icon-left hover-effect-1\" href=\"\/ueber-iwell-guard\/?utm_source=iwell-guard.com&amp;utm_medium=info-box&amp;utm_campaign=wesen-tradition\"><div class=\"jet-button__plane jet-button__plane-normal\"><\/div><div class=\"jet-button__plane jet-button__plane-hover\"><\/div><div class=\"jet-button__state jet-button__state-normal\"><span class=\"jet-button__label\">Meira um iWell Guard<\/span><\/div><div class=\"jet-button__state jet-button__state-hover\"><span class=\"jet-button__label\">Meira um iWell Guard<\/span><\/div><\/a><\/div><\/div><style>.elementor-element.elementor-element-iwgw-uni-ccb .jet-button__instance{width:320px;height:56px;}.elementor-element.elementor-element-iwgw-uni-ccb .jet-button__state-normal .jet-button__label{text-align:center;margin:0px 0px 0px 0px;color:#1a1b20;font-family:Montserrat,sans-serif;font-size:13px;font-weight:400;letter-spacing:4px;line-height:1.714em;text-transform:uppercase;}.elementor-element.elementor-element-iwgw-uni-ccb .jet-button__state-hover .jet-button__label{text-align:center;margin:0px 0px 0px 0px;color:#FECC76;font-family:Montserrat,sans-serif;font-size:13px;font-weight:400;letter-spacing:4px;line-height:1.714em;text-transform:uppercase;}.elementor-element.elementor-element-iwgw-uni-ccb .jet-button__plane-normal{background-color:#FECC76;border-style:solid;border-color:#C99540;border-width:2px 2px 2px 2px;}.elementor-element.elementor-element-iwgw-uni-ccb .jet-button__plane-hover{background-color:rgba(0,0,0,0.55);border-style:solid;border-color:#FECC76;border-width:2px 2px 2px 2px;}<\/style>\t\t\t\t<\/div>\n\t\t\t\t<\/div>\n\t\t\t\t<div class=\"elementor-element elementor-element-iwgw-uni-ccd elementor-widget elementor-widget-text-editor\" data-id=\"iwgw-uni-ccd\" data-element_type=\"widget\" data-e-type=\"widget\" data-widget_type=\"text-editor.default\">\n\t\t\t\t\t\t\t\t\t<div data-nosnippet=\"true\"><p style=\"text-align:center;font-size:13px;opacity:0.7;margin-top:14px\" data-nosnippet=\"true\">Pers\u00f3nuleg reynsla getur veri\u00f0 mismunandi. Ekki l\u00e6kningat\u00e6ki. Engin lofor\u00f0 um l\u00e6kningu.<\/p><\/div>\t\t\t\t\t\t\t\t<\/div>\n\t\t\t\t\t<\/div>\n\t\t\t\t<\/div>\n\t\t\t\t\t<\/div>\n\t\t\t\t<\/div>\n\t\t<div class=\"elementor-element elementor-element-iwgw-uni-disc e-flex e-con-boxed e-con e-parent\" data-id=\"iwgw-uni-disc\" data-element_type=\"container\" data-e-type=\"container\">\n\t\t\t\t\t<div class=\"e-con-inner\">\n\t\t\t\t<div class=\"elementor-element elementor-element-iwgw-uni-discw elementor-widget elementor-widget-html\" data-id=\"iwgw-uni-discw\" data-element_type=\"widget\" data-e-type=\"widget\" data-widget_type=\"html.default\">\n\t\t\t\t\t<footer data-nosnippet=\"true\" class=\"iwg-disclaimer-block\"><p data-nosnippet=\"true\">iWell Guard er <strong>ekki l\u00e6kningat\u00e6ki<\/strong> og kemur ekki \u00ed sta\u00f0inn fyrir l\u00e6knis- e\u00f0a s\u00e1lfr\u00e6\u00f0ime\u00f0fer\u00f0. Tr\u00faarfr\u00e6\u00f0ilegt efni er menningars\u00f6gulegt samhengi, ekki r\u00e1\u00f0legging um andlega i\u00f0kun.<\/p><\/footer>\t\t\t\t<\/div>\n\t\t\t\t\t<\/div>\n\t\t\t\t<\/div>\n\t\t\t\t<\/div>\n\t\t","protected":false},"excerpt":{"rendered":"","protected":false},"author":3,"featured_media":2822,"parent":0,"menu_order":0,"comment_status":"closed","ping_status":"closed","template":"elementor_header_footer","meta":{"_yoast_wpseo_focuskw":"Uni Etr\u00farar","_yoast_wpseo_title":"Uni - \u00c6\u00f0sta gy\u00f0ja Etr\u00fara, go\u00f0s\u00f6gn","_yoast_wpseo_metadesc":"Uni er \u00e6\u00f0sta gy\u00f0ja Etr\u00fara og hli\u00f0st\u00e6\u00f0a r\u00f3mversku gy\u00f0junnar J\u00fan\u00f3. Tr\u00faarfr\u00e6\u00f0ileg greining me\u00f0 go\u00f0s\u00f6gn, d\u00fdrkun og heimildum.","_yoast_wpseo_meta-robots-noindex":"","_yoast_wpseo_canonical":"","_angie_page":false,"gefaehrdungsstufe":"","wesen_kultur":"","wesen_klasse":"","footnotes":""},"categories":[],"class_list":["post-168950","page","type-page","status-publish","has-post-thumbnail","hentry"],"yoast_head":"<!-- This site is optimized with the Yoast SEO Premium plugin v27.7 (Yoast SEO v28.3) - https:\/\/yoast.com\/product\/yoast-seo-premium-wordpress\/ -->\n<title>Uni - \u00c6\u00f0sta gy\u00f0ja Etr\u00fara, go\u00f0s\u00f6gn<\/title>\n<meta name=\"description\" content=\"Uni er \u00e6\u00f0sta gy\u00f0ja Etr\u00fara og hli\u00f0st\u00e6\u00f0a r\u00f3mversku gy\u00f0junnar J\u00fan\u00f3. Tr\u00faarfr\u00e6\u00f0ileg greining me\u00f0 go\u00f0s\u00f6gn, d\u00fdrkun og heimildum.\" \/>\n<meta name=\"robots\" content=\"index, follow, max-snippet:-1, max-image-preview:large, max-video-preview:-1\" \/>\n<link rel=\"canonical\" href=\"https:\/\/iwell-guard.com\/is\/uni-haedsta-gydja-etrura\/\" \/>\n<meta property=\"og:locale\" content=\"is_IS\" \/>\n<meta property=\"og:type\" content=\"article\" \/>\n<meta property=\"og:title\" content=\"Uni - \u00c6\u00f0sta gy\u00f0ja Etr\u00fara\" \/>\n<meta property=\"og:description\" content=\"Uni er \u00e6\u00f0sta gy\u00f0ja Etr\u00fara og hli\u00f0st\u00e6\u00f0a r\u00f3mversku gy\u00f0junnar J\u00fan\u00f3. Tr\u00faarfr\u00e6\u00f0ileg greining me\u00f0 go\u00f0s\u00f6gn, d\u00fdrkun og heimildum.\" \/>\n<meta property=\"og:url\" content=\"https:\/\/iwell-guard.com\/is\/uni-haedsta-gydja-etrura\/\" \/>\n<meta property=\"og:site_name\" content=\"iWell Guard\" \/>\n<meta property=\"article:modified_time\" content=\"2026-09-05T14:59:04+00:00\" \/>\n<meta property=\"og:image\" content=\"https:\/\/iwell-guard.com\/wp-content\/uploads\/2026\/05\/goetter_etruskisch_uni.webp\" \/>\n\t<meta property=\"og:image:width\" content=\"1024\" \/>\n\t<meta property=\"og:image:height\" content=\"1536\" \/>\n\t<meta property=\"og:image:type\" content=\"image\/webp\" \/>\n<meta name=\"twitter:card\" content=\"summary_large_image\" \/>\n<script type=\"application\/ld+json\" class=\"yoast-schema-graph\">{\"@context\":\"https:\\\/\\\/schema.org\",\"@graph\":[{\"@type\":\"WebPage\",\"@id\":\"https:\\\/\\\/iwell-guard.com\\\/is\\\/uni-haedsta-gydja-etrura\\\/\",\"url\":\"https:\\\/\\\/iwell-guard.com\\\/is\\\/uni-haedsta-gydja-etrura\\\/\",\"name\":\"Uni - \u00c6\u00f0sta gy\u00f0ja Etr\u00fara, go\u00f0s\u00f6gn\",\"isPartOf\":{\"@id\":\"https:\\\/\\\/iwell-guard.com\\\/is\\\/#website\"},\"primaryImageOfPage\":{\"@id\":\"https:\\\/\\\/iwell-guard.com\\\/is\\\/uni-haedsta-gydja-etrura\\\/#primaryimage\"},\"image\":{\"@id\":\"https:\\\/\\\/iwell-guard.com\\\/is\\\/uni-haedsta-gydja-etrura\\\/#primaryimage\"},\"thumbnailUrl\":\"https:\\\/\\\/iwell-guard.com\\\/wp-content\\\/uploads\\\/2026\\\/05\\\/goetter_etruskisch_uni.webp\",\"datePublished\":\"2026-09-05T14:04:19+00:00\",\"dateModified\":\"2026-09-05T14:59:04+00:00\",\"description\":\"Uni er \u00e6\u00f0sta gy\u00f0ja Etr\u00fara og hli\u00f0st\u00e6\u00f0a r\u00f3mversku gy\u00f0junnar J\u00fan\u00f3. Tr\u00faarfr\u00e6\u00f0ileg greining me\u00f0 go\u00f0s\u00f6gn, d\u00fdrkun og heimildum.\",\"breadcrumb\":{\"@id\":\"https:\\\/\\\/iwell-guard.com\\\/is\\\/uni-haedsta-gydja-etrura\\\/#breadcrumb\"},\"inLanguage\":\"is\",\"potentialAction\":[{\"@type\":\"ReadAction\",\"target\":[\"https:\\\/\\\/iwell-guard.com\\\/is\\\/uni-haedsta-gydja-etrura\\\/\"]}]},{\"@type\":\"ImageObject\",\"inLanguage\":\"is\",\"@id\":\"https:\\\/\\\/iwell-guard.com\\\/is\\\/uni-haedsta-gydja-etrura\\\/#primaryimage\",\"url\":\"https:\\\/\\\/iwell-guard.com\\\/wp-content\\\/uploads\\\/2026\\\/05\\\/goetter_etruskisch_uni.webp\",\"contentUrl\":\"https:\\\/\\\/iwell-guard.com\\\/wp-content\\\/uploads\\\/2026\\\/05\\\/goetter_etruskisch_uni.webp\",\"width\":1024,\"height\":1536,\"caption\":\"Gu\u00f0ir \u00far etr\u00faskri hef\u00f0.\"},{\"@type\":\"BreadcrumbList\",\"@id\":\"https:\\\/\\\/iwell-guard.com\\\/is\\\/uni-haedsta-gydja-etrura\\\/#breadcrumb\",\"itemListElement\":[{\"@type\":\"ListItem\",\"position\":1,\"name\":\"Start\",\"item\":\"https:\\\/\\\/iwell-guard.com\\\/is\\\/?page_id=168580\"},{\"@type\":\"ListItem\",\"position\":2,\"name\":\"Uni &#8211; \u00c6\u00f0sta gy\u00f0ja Etr\u00fara\"}]},{\"@type\":\"WebSite\",\"@id\":\"https:\\\/\\\/iwell-guard.com\\\/is\\\/#website\",\"url\":\"https:\\\/\\\/iwell-guard.com\\\/is\\\/\",\"name\":\"iWell Guard\",\"description\":\"Schutz vor dunklen Einfl\u00fcssen\",\"publisher\":{\"@id\":\"https:\\\/\\\/iwell-guard.com\\\/is\\\/#organization\"},\"potentialAction\":[{\"@type\":\"SearchAction\",\"target\":{\"@type\":\"EntryPoint\",\"urlTemplate\":\"https:\\\/\\\/iwell-guard.com\\\/is\\\/?s={search_term_string}\"},\"query-input\":{\"@type\":\"PropertyValueSpecification\",\"valueRequired\":true,\"valueName\":\"search_term_string\"}}],\"inLanguage\":\"is\"},{\"@type\":\"Organization\",\"@id\":\"https:\\\/\\\/iwell-guard.com\\\/is\\\/#organization\",\"name\":\"Ittermann electronic GmbH\",\"url\":\"https:\\\/\\\/iwell-guard.com\\\/is\\\/\",\"logo\":{\"@type\":\"ImageObject\",\"inLanguage\":\"is\",\"@id\":\"https:\\\/\\\/iwell-guard.com\\\/is\\\/#\\\/schema\\\/logo\\\/image\\\/\",\"url\":\"https:\\\/\\\/iwell-guard.com\\\/wp-content\\\/uploads\\\/2026\\\/05\\\/Ittermann-Logo-1182x237-1.png\",\"contentUrl\":\"https:\\\/\\\/iwell-guard.com\\\/wp-content\\\/uploads\\\/2026\\\/05\\\/Ittermann-Logo-1182x237-1.png\",\"width\":1182,\"height\":237,\"caption\":\"Ittermann electronic GmbH\"},\"image\":{\"@id\":\"https:\\\/\\\/iwell-guard.com\\\/is\\\/#\\\/schema\\\/logo\\\/image\\\/\"},\"sameAs\":[\"https:\\\/\\\/pantip.com\\\/profile\\\/9367242\",\"https:\\\/\\\/micro.blog\\\/iwellguard\",\"https:\\\/\\\/www.diggerslist.com\\\/iwellguard\\\/about\",\"https:\\\/\\\/skitterphoto.com\\\/photographers\\\/2870314\\\/iwell-guard\",\"https:\\\/\\\/iwellguard.wordpress.com\\\/2026\\\/06\\\/06\\\/iwell-guard\\\/\",\"https:\\\/\\\/hub.docker.com\\\/u\\\/iwellguard\",\"https:\\\/\\\/www.pinterest.com\\\/iwellguard\\\/\",\"https:\\\/\\\/bit.ly\\\/m\\\/iwellguard\",\"https:\\\/\\\/entre-vos-mains.alsace.eu\\\/profiles\\\/iwellguard\\\/activity\",\"https:\\\/\\\/gravatar.com\\\/reallybeded8fd34\",\"https:\\\/\\\/naijamatta.com\\\/iwellguard\",\"https:\\\/\\\/www.goodreads.com\\\/iwellguard\",\"https:\\\/\\\/profile.hatena.ne.jp\\\/iwellguard\\\/\",\"https:\\\/\\\/experiment.com\\\/users\\\/iwellguard\",\"https:\\\/\\\/wakelet.com\\\/@iWellGuard82270\",\"https:\\\/\\\/www.chordie.com\\\/forum\\\/profile.php?id=2555664\",\"https:\\\/\\\/www.instapaper.com\\\/p\\\/17757966\",\"https:\\\/\\\/www.mapleprimes.com\\\/users\\\/iwellguard\",\"https:\\\/\\\/businesslistingplus.com\\\/profile\\\/iwell-guard\\\/\",\"https:\\\/\\\/telegra.ph\\\/iWell-Guard-06-06\",\"https:\\\/\\\/pbase.com\\\/iwellguard\\\/iwellguard\",\"https:\\\/\\\/b.hatena.ne.jp\\\/iwellguard\\\/20260607#bookmark-4788405196491818882\",\"https:\\\/\\\/fliphtml5.com\\\/home\\\/iwellguard\",\"https:\\\/\\\/anyflip.com\\\/homepage\\\/cmiwl#About\",\"https:\\\/\\\/transfur.com\\\/Users\\\/iwellguard\",\"http:\\\/\\\/delphi.larsbo.org\\\/user\\\/iwellguard\",\"https:\\\/\\\/jobs.lajobsportal.org\\\/profiles\\\/8380803-iwell-guard\",\"https:\\\/\\\/md.chaosdorf.de\\\/s\\\/jfbe5SBdJD\",\"https:\\\/\\\/www.lingvolive.com\\\/en-us\\\/profile\\\/9ecaeaca-ce11-4e51-9e71-01d55e2bff36\\\/translations\",\"https:\\\/\\\/www.fitday.com\\\/fitness\\\/forums\\\/members\\\/iwellguard.html\",\"https:\\\/\\\/www.mymeetbook.com\\\/iwellguard\",\"https:\\\/\\\/pxhere.com\\\/en\\\/photographer-me\\\/5040798\",\"https:\\\/\\\/disqus.com\\\/by\\\/iwellguard\\\/about\\\/\",\"https:\\\/\\\/pastelink.net\\\/hjwciqwq\",\"https:\\\/\\\/pubhtml5.com\\\/homepage\\\/scjhn\\\/\",\"https:\\\/\\\/www.bitchute.com\\\/channel\\\/2O2eOKzNqujT\",\"https:\\\/\\\/audiomack.com\\\/iwellguard\"]}]}<\/script>\n<!-- \/ Yoast SEO Premium plugin. -->","yoast_head_json":{"title":"Uni - \u00c6\u00f0sta gy\u00f0ja Etr\u00fara, go\u00f0s\u00f6gn","description":"Uni er \u00e6\u00f0sta gy\u00f0ja Etr\u00fara og hli\u00f0st\u00e6\u00f0a r\u00f3mversku gy\u00f0junnar J\u00fan\u00f3. Tr\u00faarfr\u00e6\u00f0ileg greining me\u00f0 go\u00f0s\u00f6gn, d\u00fdrkun og heimildum.","robots":{"index":"index","follow":"follow","max-snippet":"max-snippet:-1","max-image-preview":"max-image-preview:large","max-video-preview":"max-video-preview:-1"},"canonical":"https:\/\/iwell-guard.com\/is\/uni-haedsta-gydja-etrura\/","og_locale":"is_IS","og_type":"article","og_title":"Uni - \u00c6\u00f0sta gy\u00f0ja Etr\u00fara","og_description":"Uni er \u00e6\u00f0sta gy\u00f0ja Etr\u00fara og hli\u00f0st\u00e6\u00f0a r\u00f3mversku gy\u00f0junnar J\u00fan\u00f3. Tr\u00faarfr\u00e6\u00f0ileg greining me\u00f0 go\u00f0s\u00f6gn, d\u00fdrkun og heimildum.","og_url":"https:\/\/iwell-guard.com\/is\/uni-haedsta-gydja-etrura\/","og_site_name":"iWell Guard","article_modified_time":"2026-09-05T14:59:04+00:00","og_image":[{"width":1024,"height":1536,"url":"https:\/\/iwell-guard.com\/wp-content\/uploads\/2026\/05\/goetter_etruskisch_uni.webp","type":"image\/webp"}],"twitter_card":"summary_large_image","schema":{"@context":"https:\/\/schema.org","@graph":[{"@type":"WebPage","@id":"https:\/\/iwell-guard.com\/is\/uni-haedsta-gydja-etrura\/","url":"https:\/\/iwell-guard.com\/is\/uni-haedsta-gydja-etrura\/","name":"Uni - \u00c6\u00f0sta gy\u00f0ja Etr\u00fara, go\u00f0s\u00f6gn","isPartOf":{"@id":"https:\/\/iwell-guard.com\/is\/#website"},"primaryImageOfPage":{"@id":"https:\/\/iwell-guard.com\/is\/uni-haedsta-gydja-etrura\/#primaryimage"},"image":{"@id":"https:\/\/iwell-guard.com\/is\/uni-haedsta-gydja-etrura\/#primaryimage"},"thumbnailUrl":"https:\/\/iwell-guard.com\/wp-content\/uploads\/2026\/05\/goetter_etruskisch_uni.webp","datePublished":"2026-09-05T14:04:19+00:00","dateModified":"2026-09-05T14:59:04+00:00","description":"Uni er \u00e6\u00f0sta gy\u00f0ja Etr\u00fara og hli\u00f0st\u00e6\u00f0a r\u00f3mversku gy\u00f0junnar J\u00fan\u00f3. Tr\u00faarfr\u00e6\u00f0ileg greining me\u00f0 go\u00f0s\u00f6gn, d\u00fdrkun og heimildum.","breadcrumb":{"@id":"https:\/\/iwell-guard.com\/is\/uni-haedsta-gydja-etrura\/#breadcrumb"},"inLanguage":"is","potentialAction":[{"@type":"ReadAction","target":["https:\/\/iwell-guard.com\/is\/uni-haedsta-gydja-etrura\/"]}]},{"@type":"ImageObject","inLanguage":"is","@id":"https:\/\/iwell-guard.com\/is\/uni-haedsta-gydja-etrura\/#primaryimage","url":"https:\/\/iwell-guard.com\/wp-content\/uploads\/2026\/05\/goetter_etruskisch_uni.webp","contentUrl":"https:\/\/iwell-guard.com\/wp-content\/uploads\/2026\/05\/goetter_etruskisch_uni.webp","width":1024,"height":1536,"caption":"Gu\u00f0ir \u00far etr\u00faskri hef\u00f0."},{"@type":"BreadcrumbList","@id":"https:\/\/iwell-guard.com\/is\/uni-haedsta-gydja-etrura\/#breadcrumb","itemListElement":[{"@type":"ListItem","position":1,"name":"Start","item":"https:\/\/iwell-guard.com\/is\/?page_id=168580"},{"@type":"ListItem","position":2,"name":"Uni &#8211; \u00c6\u00f0sta gy\u00f0ja Etr\u00fara"}]},{"@type":"WebSite","@id":"https:\/\/iwell-guard.com\/is\/#website","url":"https:\/\/iwell-guard.com\/is\/","name":"iWell Guard","description":"Schutz vor dunklen Einfl\u00fcssen","publisher":{"@id":"https:\/\/iwell-guard.com\/is\/#organization"},"potentialAction":[{"@type":"SearchAction","target":{"@type":"EntryPoint","urlTemplate":"https:\/\/iwell-guard.com\/is\/?s={search_term_string}"},"query-input":{"@type":"PropertyValueSpecification","valueRequired":true,"valueName":"search_term_string"}}],"inLanguage":"is"},{"@type":"Organization","@id":"https:\/\/iwell-guard.com\/is\/#organization","name":"Ittermann electronic GmbH","url":"https:\/\/iwell-guard.com\/is\/","logo":{"@type":"ImageObject","inLanguage":"is","@id":"https:\/\/iwell-guard.com\/is\/#\/schema\/logo\/image\/","url":"https:\/\/iwell-guard.com\/wp-content\/uploads\/2026\/05\/Ittermann-Logo-1182x237-1.png","contentUrl":"https:\/\/iwell-guard.com\/wp-content\/uploads\/2026\/05\/Ittermann-Logo-1182x237-1.png","width":1182,"height":237,"caption":"Ittermann electronic GmbH"},"image":{"@id":"https:\/\/iwell-guard.com\/is\/#\/schema\/logo\/image\/"},"sameAs":["https:\/\/pantip.com\/profile\/9367242","https:\/\/micro.blog\/iwellguard","https:\/\/www.diggerslist.com\/iwellguard\/about","https:\/\/skitterphoto.com\/photographers\/2870314\/iwell-guard","https:\/\/iwellguard.wordpress.com\/2026\/06\/06\/iwell-guard\/","https:\/\/hub.docker.com\/u\/iwellguard","https:\/\/www.pinterest.com\/iwellguard\/","https:\/\/bit.ly\/m\/iwellguard","https:\/\/entre-vos-mains.alsace.eu\/profiles\/iwellguard\/activity","https:\/\/gravatar.com\/reallybeded8fd34","https:\/\/naijamatta.com\/iwellguard","https:\/\/www.goodreads.com\/iwellguard","https:\/\/profile.hatena.ne.jp\/iwellguard\/","https:\/\/experiment.com\/users\/iwellguard","https:\/\/wakelet.com\/@iWellGuard82270","https:\/\/www.chordie.com\/forum\/profile.php?id=2555664","https:\/\/www.instapaper.com\/p\/17757966","https:\/\/www.mapleprimes.com\/users\/iwellguard","https:\/\/businesslistingplus.com\/profile\/iwell-guard\/","https:\/\/telegra.ph\/iWell-Guard-06-06","https:\/\/pbase.com\/iwellguard\/iwellguard","https:\/\/b.hatena.ne.jp\/iwellguard\/20260607#bookmark-4788405196491818882","https:\/\/fliphtml5.com\/home\/iwellguard","https:\/\/anyflip.com\/homepage\/cmiwl#About","https:\/\/transfur.com\/Users\/iwellguard","http:\/\/delphi.larsbo.org\/user\/iwellguard","https:\/\/jobs.lajobsportal.org\/profiles\/8380803-iwell-guard","https:\/\/md.chaosdorf.de\/s\/jfbe5SBdJD","https:\/\/www.lingvolive.com\/en-us\/profile\/9ecaeaca-ce11-4e51-9e71-01d55e2bff36\/translations","https:\/\/www.fitday.com\/fitness\/forums\/members\/iwellguard.html","https:\/\/www.mymeetbook.com\/iwellguard","https:\/\/pxhere.com\/en\/photographer-me\/5040798","https:\/\/disqus.com\/by\/iwellguard\/about\/","https:\/\/pastelink.net\/hjwciqwq","https:\/\/pubhtml5.com\/homepage\/scjhn\/","https:\/\/www.bitchute.com\/channel\/2O2eOKzNqujT","https:\/\/audiomack.com\/iwellguard"]}]}},"_links":{"self":[{"href":"https:\/\/iwell-guard.com\/is\/wp-json\/wp\/v2\/pages\/168950","targetHints":{"allow":["GET"]}}],"collection":[{"href":"https:\/\/iwell-guard.com\/is\/wp-json\/wp\/v2\/pages"}],"about":[{"href":"https:\/\/iwell-guard.com\/is\/wp-json\/wp\/v2\/types\/page"}],"author":[{"embeddable":true,"href":"https:\/\/iwell-guard.com\/is\/wp-json\/wp\/v2\/users\/3"}],"replies":[{"embeddable":true,"href":"https:\/\/iwell-guard.com\/is\/wp-json\/wp\/v2\/comments?post=168950"}],"version-history":[{"count":0,"href":"https:\/\/iwell-guard.com\/is\/wp-json\/wp\/v2\/pages\/168950\/revisions"}],"wp:featuredmedia":[{"embeddable":true,"href":"https:\/\/iwell-guard.com\/is\/wp-json\/wp\/v2\/media\/2822"}],"wp:attachment":[{"href":"https:\/\/iwell-guard.com\/is\/wp-json\/wp\/v2\/media?parent=168950"}],"wp:term":[{"taxonomy":"category","embeddable":true,"href":"https:\/\/iwell-guard.com\/is\/wp-json\/wp\/v2\/categories?post=168950"}],"curies":[{"name":"wp","href":"https:\/\/api.w.org\/{rel}","templated":true}]}}