{"id":168949,"date":"2026-09-05T14:04:18","date_gmt":"2026-09-05T14:04:18","guid":{"rendered":"https:\/\/iwell-guard.com\/?page_id=168949"},"modified":"2026-09-05T14:59:04","modified_gmt":"2026-09-05T14:59:04","slug":"tinia-haesti-gud-etrura","status":"publish","type":"page","link":"https:\/\/iwell-guard.com\/is\/tinia-haesti-gud-etrura\/","title":{"rendered":"Tinia &#8211; \u00c6\u00f0sti gu\u00f0 Etr\u00fara"},"content":{"rendered":"\t\t<div data-elementor-type=\"wp-page\" data-elementor-id=\"168949\" class=\"elementor elementor-168949 elementor-2604 elementor-bc-flex-widget\" data-elementor-post-type=\"page\">\n\t\t\t\t<div class=\"elementor-element elementor-element-iwgw-tinia-hero e-flex e-con-boxed e-con e-parent\" data-id=\"iwgw-tinia-hero\" data-element_type=\"container\" data-e-type=\"container\" data-settings=\"{&quot;background_background&quot;:&quot;classic&quot;}\">\n\t\t\t\t\t<div class=\"e-con-inner\">\n\t\t<div class=\"elementor-element elementor-element-iwgw-tinia-hl e-flex e-con-boxed e-con e-child\" data-id=\"iwgw-tinia-hl\" data-element_type=\"container\" data-e-type=\"container\">\n\t\t\t\t\t<div class=\"e-con-inner\">\n\t\t<div class=\"elementor-element elementor-element-iwgw-tinia-htxt e-con-full e-flex e-con e-child\" data-id=\"iwgw-tinia-htxt\" data-element_type=\"container\" data-e-type=\"container\">\n\t\t\t\t<div class=\"elementor-element elementor-element-iwgw-tinia-h1 elementor-widget elementor-widget-heading\" data-id=\"iwgw-tinia-h1\" data-element_type=\"widget\" data-e-type=\"widget\" data-widget_type=\"heading.default\">\n\t\t\t\t\t<h1 class=\"elementor-heading-title elementor-size-default\">Tinia - Etr\u00faskur himin- og h\u00f6fu\u00f0gu\u00f0, eldingakastari<\/h1>\t\t\t\t<\/div>\n\t\t\t\t<div class=\"elementor-element elementor-element-iwgw-tinia-lead elementor-widget elementor-widget-text-editor\" data-id=\"iwgw-tinia-lead\" data-element_type=\"widget\" data-e-type=\"widget\" data-widget_type=\"text-editor.default\">\n\t\t\t\t\t\t\t\t\t<p>Tinia (einnig skrifa\u00f0 Tin, Tina) er talinn \u00e6\u00f0sti gu\u00f0inn og drottnari himinsins \u00ed etr\u00faskri tr\u00fa. Hann er etr\u00faska hli\u00f0st\u00e6\u00f0an vi\u00f0 r\u00f3mverska J\u00fap\u00edter og gr\u00edska Seif, en me\u00f0 s\u00edn eigin einkenni. \u00deessi umfj\u00f6llun l\u00fdsir tr\u00faarbrag\u00f0afr\u00e6\u00f0ilegri st\u00f6\u00f0u hans \u00ed etr\u00faska <span class=\"iwg-fachbegriff\" data-tooltip=\"Heild gu\u00f0a \u00ed tr\u00faarbr\u00f6g\u00f0um e\u00f0a menningu.\" tabindex=\"0\">go\u00f0heiminum<\/span>, myndr\u00e6num sporum hans og hlutverki \u00ed tr\u00faarl\u00edfi Etr\u00far\u00edu.<\/p>\t\t\t\t\t\t\t\t<\/div>\n\t\t\t\t<\/div>\n\t\t<div class=\"elementor-element elementor-element-iwgw-tinia-pillc e-con-full e-flex e-con e-child\" data-id=\"iwgw-tinia-pillc\" data-element_type=\"container\" data-e-type=\"container\">\n\t\t\t\t<div class=\"elementor-element elementor-element-iwgw-tinia-pills elementor-widget elementor-widget-html\" data-id=\"iwgw-tinia-pills\" data-element_type=\"widget\" data-e-type=\"widget\" data-widget_type=\"html.default\">\n\t\t\t\t\t<div class=\"iwg-pill-row\"><span class=\"iwg-klasse-badge\" tabindex=\"0\" data-tooltip=\"Gu\u00f0 \u00ed etr\u00faskri hef\u00f0.\">Gu\u00f0<\/span><a href=\"https:\/\/iwell-guard.com\/is\/etruskisk-trubrogd-haruspex-disciplina\/\" class=\"iwg-kultur-badge\" tabindex=\"0\" data-tooltip=\"Go\u00f0afr\u00e6\u00f0i etr\u00faskrar hef\u00f0ar.\">Etr\u00faskt<\/a><span class=\"iwg-tradition-badge\" tabindex=\"0\" data-tooltip=\"Himin- og h\u00f6fu\u00f0gu\u00f0d\u00f3mur.\">Himin- og h\u00f6fu\u00f0gu\u00f0d\u00f3mur<\/span><\/div>\t\t\t\t<\/div>\n\t\t\t\t<\/div>\n\t\t<div class=\"elementor-element elementor-element-iwgw-tinia-tocc e-con-full e-flex e-con e-child\" data-id=\"iwgw-tinia-tocc\" data-element_type=\"container\" data-e-type=\"container\">\n\t\t\t\t<div class=\"elementor-element elementor-element-iwgw-tinia-toc elementor-toc--minimized-on-tablet elementor-widget elementor-widget-table-of-contents\" data-id=\"iwgw-tinia-toc\" data-element_type=\"widget\" data-e-type=\"widget\" data-settings=\"{&quot;headings_by_tags&quot;:[&quot;h2&quot;,&quot;h3&quot;],&quot;minimize_box&quot;:&quot;yes&quot;,&quot;marker_view&quot;:&quot;bullets&quot;,&quot;no_headings_message&quot;:&quot;Engar undirfyrirsagnir fundust \\u00e1 \\u00feessari s\\u00ed\\u00f0u.&quot;,&quot;exclude_headings_by_selector&quot;:[],&quot;icon&quot;:{&quot;value&quot;:&quot;fas fa-circle&quot;,&quot;library&quot;:&quot;fa-solid&quot;,&quot;rendered_tag&quot;:&quot;&lt;svg class=\\&quot;e-font-icon-svg e-fas-circle\\&quot; viewBox=\\&quot;0 0 512 512\\&quot; xmlns=\\&quot;http:\\\/\\\/www.w3.org\\\/2000\\\/svg\\&quot;&gt;&lt;path d=\\&quot;M256 8C119 8 8 119 8 256s111 248 248 248 248-111 248-248S393 8 256 8z\\&quot;&gt;&lt;\\\/path&gt;&lt;\\\/svg&gt;&quot;},&quot;minimized_on&quot;:&quot;tablet&quot;,&quot;hierarchical_view&quot;:&quot;yes&quot;,&quot;min_height&quot;:{&quot;unit&quot;:&quot;px&quot;,&quot;size&quot;:&quot;&quot;,&quot;sizes&quot;:[]},&quot;min_height_tablet&quot;:{&quot;unit&quot;:&quot;px&quot;,&quot;size&quot;:&quot;&quot;,&quot;sizes&quot;:[]},&quot;min_height_mobile&quot;:{&quot;unit&quot;:&quot;px&quot;,&quot;size&quot;:&quot;&quot;,&quot;sizes&quot;:[]}}\" data-widget_type=\"table-of-contents.default\">\n\t\t\t\t\t\t\t\t\t<div class=\"elementor-toc__header\">\n\t\t\t\t\t\t<h2 class=\"elementor-toc__header-title\">\n\t\t\t\tEfnisyfirlit\t\t\t<\/h2>\n\t\t\t\t\t\t\t\t\t\t<div class=\"elementor-toc__toggle-button elementor-toc__toggle-button--expand\" role=\"button\" tabindex=\"0\" aria-controls=\"elementor-toc__iwgw-tinia-toc\" aria-expanded=\"true\" aria-label=\"Open table of contents\"><svg aria-hidden=\"true\" class=\"e-font-icon-svg e-fas-chevron-down\" viewBox=\"0 0 448 512\" xmlns=\"http:\/\/www.w3.org\/2000\/svg\"><path d=\"M207.029 381.476L12.686 187.132c-9.373-9.373-9.373-24.569 0-33.941l22.667-22.667c9.357-9.357 24.522-9.375 33.901-.04L224 284.505l154.745-154.021c9.379-9.335 24.544-9.317 33.901.04l22.667 22.667c9.373 9.373 9.373 24.569 0 33.941L240.971 381.476c-9.373 9.372-24.569 9.372-33.942 0z\"><\/path><\/svg><\/div>\n\t\t\t\t<div class=\"elementor-toc__toggle-button elementor-toc__toggle-button--collapse\" role=\"button\" tabindex=\"0\" aria-controls=\"elementor-toc__iwgw-tinia-toc\" aria-expanded=\"true\" aria-label=\"Close table of contents\"><svg aria-hidden=\"true\" class=\"e-font-icon-svg e-fas-chevron-up\" viewBox=\"0 0 448 512\" xmlns=\"http:\/\/www.w3.org\/2000\/svg\"><path d=\"M240.971 130.524l194.343 194.343c9.373 9.373 9.373 24.569 0 33.941l-22.667 22.667c-9.357 9.357-24.522 9.375-33.901.04L224 227.495 69.255 381.516c-9.379 9.335-24.544 9.317-33.901-.04l-22.667-22.667c-9.373-9.373-9.373-24.569 0-33.941L207.03 130.525c9.372-9.373 24.568-9.373 33.941-.001z\"><\/path><\/svg><\/div>\n\t\t\t\t\t<\/div>\n\t\t\t\t<div id=\"elementor-toc__iwgw-tinia-toc\" class=\"elementor-toc__body\">\n\t\t\t<div class=\"elementor-toc__spinner-container\">\n\t\t\t\t<svg class=\"elementor-toc__spinner eicon-animation-spin e-font-icon-svg e-eicon-loading\" aria-hidden=\"true\" viewBox=\"0 0 1000 1000\" xmlns=\"http:\/\/www.w3.org\/2000\/svg\"><path d=\"M500 975V858C696 858 858 696 858 500S696 142 500 142 142 304 142 500H25C25 237 238 25 500 25S975 237 975 500 763 975 500 975Z\"><\/path><\/svg>\t\t\t<\/div>\n\t\t<\/div>\n\t\t\t\t\t\t<\/div>\n\t\t\t\t<\/div>\n\t\t\t\t\t<\/div>\n\t\t\t\t<\/div>\n\t\t<div class=\"elementor-element elementor-element-iwgw-tinia-hr e-con-full e-flex e-con e-child\" data-id=\"iwgw-tinia-hr\" data-element_type=\"container\" data-e-type=\"container\">\n\t\t\t\t<div class=\"elementor-element elementor-element-iwgw-tinia-heroimg iwg-hero-image elementor-widget elementor-widget-image\" data-id=\"iwgw-tinia-heroimg\" data-element_type=\"widget\" data-e-type=\"widget\" data-widget_type=\"image.default\">\n\t\t\t\t\t\t\t\t\t\t\t\t\t\t\t<img fetchpriority=\"high\" decoding=\"async\" width=\"683\" height=\"1024\" src=\"https:\/\/iwell-guard.com\/wp-content\/uploads\/2026\/05\/goetter_etruskisch_tinia-1-683x1024.webp\" class=\"attachment-large size-large wp-image-170827\" alt=\"Tinia - Gu\u00f0ir \u00far etr\u00faskri hef\u00f0, s\u00f6guleg-myndl\u00fdsandi\" srcset=\"https:\/\/iwell-guard.com\/wp-content\/uploads\/2026\/05\/goetter_etruskisch_tinia-1-683x1024.webp 683w, https:\/\/iwell-guard.com\/wp-content\/uploads\/2026\/05\/goetter_etruskisch_tinia-1-200x300.webp 200w, https:\/\/iwell-guard.com\/wp-content\/uploads\/2026\/05\/goetter_etruskisch_tinia-1-768x1152.webp 768w, https:\/\/iwell-guard.com\/wp-content\/uploads\/2026\/05\/goetter_etruskisch_tinia-1.webp 1024w\" sizes=\"(max-width: 683px) 100vw, 683px\" \/>\t\t\t\t\t\t\t\t\t\t\t\t\t\t\t<\/div>\n\t\t\t\t<\/div>\n\t\t\t\t\t<\/div>\n\t\t\t\t<\/div>\n\t\t<div class=\"elementor-element elementor-element-iwgw-tinia-s0 e-flex e-con-boxed e-con e-parent\" data-id=\"iwgw-tinia-s0\" data-element_type=\"container\" data-e-type=\"container\">\n\t\t\t\t\t<div class=\"e-con-inner\">\n\t\t\t\t<div class=\"elementor-element elementor-element-iwgw-tinia-s0h elementor-widget elementor-widget-heading\" data-id=\"iwgw-tinia-s0h\" data-element_type=\"widget\" data-e-type=\"widget\" data-widget_type=\"heading.default\">\n\t\t\t\t\t<h2 class=\"elementor-heading-title elementor-size-default\">Sta\u00f0a \u00ed etr\u00faska go\u00f0heiminum<\/h2>\t\t\t\t<\/div>\n\t\t<div class=\"elementor-element elementor-element-iwgw-tinia-s0c e-con-full e-flex e-con e-child\" data-id=\"iwgw-tinia-s0c\" data-element_type=\"container\" data-e-type=\"container\">\n\t\t\t\t<div class=\"elementor-element elementor-element-iwgw-tinia-s0t elementor-widget elementor-widget-text-editor\" data-id=\"iwgw-tinia-s0t\" data-element_type=\"widget\" data-e-type=\"widget\" data-widget_type=\"text-editor.default\">\n\t\t\t\t\t\t\t\t\t<p>Tinia er \u00e6\u00f0sti gu\u00f0 etr\u00faskrar tr\u00faarbrag\u00f0a og forseti gu\u00f0ar\u00e1\u00f0sins. Hann er tengdur <a href=\"https:\/\/iwell-guard.com\/is\/uni-haedsta-gydja-etrura\/\">Uni<\/a> (hli\u00f0st\u00e6\u00f0u Iuno) og <a href=\"https:\/\/iwell-guard.com\/is\/menrva-gydja-viskunnar-hernadar\/\">Menrva<\/a> (hli\u00f0st\u00e6\u00f0u Minervu) \u00ed kap\u00edt\u00f3l\u00ednsku \u00ferenninguna, sem \u00ed etr\u00fask-r\u00f3mverskum umskiptum var tekin upp sem \u00ferenningin J\u00fap\u00edter-J\u00fan\u00f3-Minerva \u00e1 r\u00f3mverska Capitolium-h\u00e6\u00f0inni.<\/p><p><span data-nosnippet>Mikilv\u00e6gar heimildir um etr\u00faska tr\u00fa eru me\u00f0al annars Massimo Pallottinos <em>Die Etrusker<\/em> (1942, \u00fe\u00fdtt \u00e1 \u00fe\u00fdsku 1965), Larissa Bonfantes <em>Etruscan Mythology<\/em> (2006) og Jean-Rene Jannots <em>Religion in Ancient Etruria<\/em> (2005). Tinia er mi\u00f0punktur hverrar tilraunar til a\u00f0 endurgera etr\u00faska <span class=\"iwg-fachbegriff\" data-tooltip=\"V\u00edsindaleg fr\u00e6\u00f0i um gu\u00f0 og tr\u00fa \u00ed tr\u00faarbr\u00f6g\u00f0um.\" tabindex=\"0\">gu\u00f0fr\u00e6\u00f0i<\/span>.<\/span><\/p><p>S\u00e1 sem vill sta\u00f0setja Tinia r\u00e9tt \u00fearf fyrst a\u00f0 skilja s\u00e9rst\u00f6\u00f0u etr\u00faskrar tr\u00faarbrag\u00f0a: H\u00fan liggur \u00e1 m\u00f6rkum hins gr\u00edska Mi\u00f0jar\u00f0arhafssv\u00e6\u00f0is og hinnar vaxandi \u00edt\u00f6lsk-r\u00f3mversku menningar og mi\u00f0lar milli \u00feeirra tveggja.<\/p><p>\u00deessi tengingarsta\u00f0a gerir hana svo \u00e1hugaver\u00f0a fyrir <span class=\"iwg-fachbegriff\" data-tooltip=\"V\u00edsindin sem rannsaka tr\u00faarbr\u00f6g\u00f0 samanbur\u00f0arlega og \u00e1n tr\u00faarlegrar bindingar.\" tabindex=\"0\">tr\u00faarbrag\u00f0afr\u00e6\u00f0i<\/span>. Fr\u00e6\u00f0imenn eins og Massimo Pallottino, Jacques Heurgon, Sybille Haynes, Mauro Cristofani og Giovanni Colonna hafa \u00ed verkum s\u00ednum s\u00fdnt fram \u00e1 a\u00f0 h\u00e9r er um sj\u00e1lfst\u00e6\u00f0a tr\u00faarlega <span class=\"iwg-fachbegriff\" data-tooltip=\"Mi\u00f0lun \u00feekkingar og sagna milli kynsl\u00f3\u00f0a.\" tabindex=\"0\">arfleif\u00f0<\/span> a\u00f0 r\u00e6\u00f0a.<\/p><p>Innan etr\u00faskrar <span class=\"iwg-fachbegriff\" data-tooltip=\"V\u00edsindaleg fr\u00e6\u00f0i um gu\u00f0 og tr\u00fa \u00ed tr\u00faarbr\u00f6g\u00f0um.\" tabindex=\"0\">gu\u00f0fr\u00e6\u00f0i<\/span> var <span class=\"iwg-fachbegriff\" data-tooltip=\"Heild gu\u00f0a \u00ed tr\u00faarbr\u00f6g\u00f0um e\u00f0a menningu.\" tabindex=\"0\">go\u00f0heimurinn<\/span> sk\u00fdrt skipulag\u00f0ur: \u00dear voru stigskiptar hierark\u00edur me\u00f0 Tinia \u00e1 toppnum, og hverjum gu\u00f0i var \u00fathluta\u00f0 \u00e1kve\u00f0nu hlutverki. Eldri l\u00fdsingar hafa oft tali\u00f0 \u00feetta gu\u00f0akerfi r\u00e1\u00f0g\u00e1tukennt e\u00f0a framandi. \u00cd reynd er \u00fe\u00f3 um sj\u00e1lfst\u00e6tt afbrig\u00f0i mi\u00f0jar\u00f0arhafstr\u00faar a\u00f0 r\u00e6\u00f0a me\u00f0 sk\u00fdrri innri r\u00f6\u00f0.<\/p><p>\u00cd tr\u00faarbrag\u00f0as\u00f6gu \u00cdtal\u00edu h\u00f6f\u00f0u Etr\u00farar mikilv\u00e6gu tengihlutverki a\u00f0 gegna: \u00cd gegnum \u00fe\u00e1 b\u00e1rust gr\u00edskar hugmyndir til sv\u00e6\u00f0isins \u00fear sem r\u00f3mversk tr\u00faarbr\u00f6g\u00f0 t\u00f3ku \u00e1 sig mynd. \u00deessi millili\u00f0asta\u00f0a, sem Tinia me\u00f0 s\u00ed\u00f0ari sams\u00f6mun sinni vi\u00f0 Iupiter er sk\u00fdrt d\u00e6mi um, telst me\u00f0al \u00e1hugaver\u00f0ustu \u00fe\u00e1tta etr\u00faskrar menningar fr\u00e1 tr\u00faarbrag\u00f0afr\u00e6\u00f0ilegu sj\u00f3narhorni.<\/p>\t\t\t\t\t\t\t\t<\/div>\n\t\t\t\t<\/div>\n\t\t\t\t\t<\/div>\n\t\t\t\t<\/div>\n\t\t<div class=\"elementor-element elementor-element-iwgw-tinia-s1 e-flex e-con-boxed e-con e-parent\" data-id=\"iwgw-tinia-s1\" data-element_type=\"container\" data-e-type=\"container\">\n\t\t\t\t\t<div class=\"e-con-inner\">\n\t\t\t\t<div class=\"elementor-element elementor-element-iwgw-tinia-s1h elementor-widget elementor-widget-heading\" data-id=\"iwgw-tinia-s1h\" data-element_type=\"widget\" data-e-type=\"widget\" data-widget_type=\"heading.default\">\n\t\t\t\t\t<h2 class=\"elementor-heading-title elementor-size-default\">Nafn og or\u00f0sifjar<\/h2>\t\t\t\t<\/div>\n\t\t<div class=\"elementor-element elementor-element-iwgw-tinia-s1c e-con-full e-flex e-con e-child\" data-id=\"iwgw-tinia-s1c\" data-element_type=\"container\" data-e-type=\"container\">\n\t\t\t\t<div class=\"elementor-element elementor-element-iwgw-tinia-s1t elementor-widget elementor-widget-text-editor\" data-id=\"iwgw-tinia-s1t\" data-element_type=\"widget\" data-e-type=\"widget\" data-widget_type=\"text-editor.default\">\n\t\t\t\t\t\t\t\t\t<p>Nafni\u00f0 Tinia er var\u00f0veitt \u00e1 fj\u00f6lm\u00f6rgum etr\u00faskum \u00e1letrunum, \u00feekktast \u00e1 lifrarl\u00edkani fr\u00e1 Piacenza (3. \u00f6ld f.Kr.), sem \u00ed 16 hlutum gu\u00f0ahiminsins nefnir Tinia \u00ed fyrsta og s\u00ed\u00f0asta hlutanum &#8211; hann afmarkar \u00feannig allan gu\u00f0ahiminn. \u00d6rugg or\u00f0sifjafr\u00e6\u00f0ileg merking nafnsins hefur ekki veri\u00f0 sta\u00f0fest.<\/p><p><span data-nosnippet>Till\u00f6gur um or\u00f0sifjafr\u00e6\u00f0ina ganga fr\u00e1 &#8216;degi&#8217; (af etr\u00fasku *tin) til &#8216;topps, h\u00e6\u00f0ar&#8217;. Helmut Rix t\u00f3k saman allt \u00e1letrunarefni\u00f0 \u00ed <em>Etruscan Texts: Editio Minor<\/em> (1991). Tinia er, auk Tin, einnig \u00feekktur undir vi\u00f0urnefnunum Tinia Calusna (&#8216;Tinia hins undirhiminl\u00e6ga&#8217;), Tinia Sosnial og Tinia Thufltha, hvert me\u00f0 s\u00e9rst\u00f6kum hlutverkum.<\/span><\/p><p>Etr\u00faska er tungum\u00e1l sem stendur sj\u00e1lfst\u00e6tt; \u00fea\u00f0 er ekki h\u00e6gt a\u00f0 tengja vi\u00f0 neina sta\u00f0festa m\u00e1lafj\u00f6lskyldu. Ein tilg\u00e1ta setur \u00fea\u00f0 \u00ed svokalla\u00f0an t\u00fdrsenskan h\u00f3p, sem lemnverska og r\u00e6t\u00edska tungum\u00e1lin g\u00e6tu einnig heyrt til.<\/p><p>Allt fr\u00e1 19. \u00f6ld hefur veri\u00f0 unni\u00f0 a\u00f0 afk\u00f3\u00f0un textanna, en endanlegri ni\u00f0urst\u00f6\u00f0u er ekki n\u00e1\u00f0, sem hefur einnig \u00e1hrif \u00e1 t\u00falkun gu\u00f0anafna eins og Tinia.<\/p><p>Sem grunnverk \u00ed \u00e1letrunarfr\u00e6\u00f0um er Editio Minor Helmuts Rix, \u00fear sem etr\u00faska m\u00e1lheildin er tekin saman og nafni\u00f0 Tinia er einnig skr\u00e1\u00f0. Til vi\u00f0b\u00f3tar eru n\u00fa til Thesaurus Linguae Etruscae og netgagnagrunnurinn ETP, Etruscan Texts Project.<\/p><p>Uppruni Etr\u00fara hefur veri\u00f0 deiluefni allt fr\u00e1 <span class=\"iwg-fachbegriff\" data-tooltip=\"T\u00edmabil gr\u00edskrar og r\u00f3mverskrar menningar, u.\u00fe.b. 800 f.Kr. til 600 e.Kr.\" tabindex=\"0\">forn\u00f6ld<\/span>: Herod\u00f3tos taldi \u00fe\u00e1 komna fr\u00e1 L\u00fdd\u00edu, en D\u00edon\u00fds\u00edos fr\u00e1 Halikarnassos taldi \u00fe\u00e1 vera innf\u00e6dda \u00edtalska \u00fej\u00f3\u00f0.<\/p><p>Fyrir tr\u00faarbrag\u00f0as\u00f6guna er \u00feessi deila mikilv\u00e6g vegna \u00feess a\u00f0 me\u00f0 henni er tengd spurningin um hvort etr\u00fask tr\u00faarbr\u00f6g\u00f0, og \u00fear me\u00f0 einnig gestalten eins og Tinia, tengist sm\u00e1as\u00edskum tr\u00faari\u00f0kunum.<\/p>\t\t\t\t\t\t\t\t<\/div>\n\t\t\t\t<\/div>\n\t\t\t\t\t<\/div>\n\t\t\t\t<\/div>\n\t\t<div class=\"elementor-element elementor-element-iwgw-tinia-s2 e-flex e-con-boxed e-con e-parent\" data-id=\"iwgw-tinia-s2\" data-element_type=\"container\" data-e-type=\"container\">\n\t\t\t\t\t<div class=\"e-con-inner\">\n\t\t\t\t<div class=\"elementor-element elementor-element-iwgw-tinia-s2h elementor-widget elementor-widget-heading\" data-id=\"iwgw-tinia-s2h\" data-element_type=\"widget\" data-e-type=\"widget\" data-widget_type=\"heading.default\">\n\t\t\t\t\t<h2 class=\"elementor-heading-title elementor-size-default\">L\u00fdsing og myndlist<\/h2>\t\t\t\t<\/div>\n\t\t<div class=\"elementor-element elementor-element-iwgw-tinia-s2c e-con-full e-flex e-con e-child\" data-id=\"iwgw-tinia-s2c\" data-element_type=\"container\" data-e-type=\"container\">\n\t\t\t\t<div class=\"elementor-element elementor-element-iwgw-tinia-s2t elementor-widget elementor-widget-text-editor\" data-id=\"iwgw-tinia-s2t\" data-element_type=\"widget\" data-e-type=\"widget\" data-widget_type=\"text-editor.default\">\n\t\t\t\t\t\t\t\t\t<p>\u00cd etr\u00faskri list er Tinia s\u00fdndur sem skeggja\u00f0ur ma\u00f0ur, oft me\u00f0 eldingab\u00fant, veldissprota e\u00f0a l\u00f3tusstaf. Fr\u00e6gastir eru bronsmunirnir sem s\u00fdna hann sitjandi e\u00f0a standandi sem gu\u00f0lega veru. Ein \u00e1berandi stytta er fr\u00e1 Piombino (5. \u00f6ld f.Kr.).<\/p><p>\u00c1 etr\u00faskum speglum (4.\/3. \u00f6ld f.Kr.) birtist Tinia oft \u00ed go\u00f0sagnalegum atri\u00f0um, oft me\u00f0 \u00e1letrun. Larissa Bonfante hefur \u00ed ranns\u00f3knum s\u00ednum \u00e1 etr\u00fasku myndm\u00e1li greint hina fj\u00f6lbreyttu myndhef\u00f0. Tinia bar stundum <span class=\"iwg-fachbegriff\" data-tooltip=\"T\u00e1kn sem stendur \u00ed sta\u00f0 hugmyndar e\u00f0a merkingar.\" tabindex=\"0\">t\u00e1kn<\/span> sk\u00fdjahimins e\u00f0a var \u00ed fylgd erna.<\/p><p>\u00dear sem rita\u00f0ir go\u00f0sagnatextar eru ekki til er myndlist Etr\u00faska mikilv\u00e6gasta heimildin, einnig fyrir framsetningu Tiniu. Speglar, vasar, grafm\u00e1lverk og bronsmyndir gefa okkur meginhluta \u00feekkingar okkar og eru tr\u00faarl\u00edfss\u00f6gulega mj\u00f6g gj\u00f6ful. Larissa Bonfante hefur \u00ed ranns\u00f3knum s\u00ednum bent \u00e1 a\u00f0 \u00feetta myndm\u00e1l myndi sj\u00e1lfst\u00e6\u00f0a hef\u00f0 og s\u00e9 ekki einungis leidd af gr\u00edskum fyrirmyndum.<\/p><p>Grafm\u00e1lverkin, sem var\u00f0veist hafa a\u00f0allega \u00ed Tarquinia, Cerveteri og Vulci, hafa s\u00e9rstaklega miki\u00f0 heimildargildi fyrir tr\u00fa og framhaldsl\u00edfshugmyndir Etr\u00faska. \u00c1 veggjunum m\u00e1 sj\u00e1 veislumyndir, go\u00f0sagnaleg atri\u00f0i og dans- og t\u00f3nlistarmyndir. \u00de\u00e6r bera vitni um handanheim sem var hugsa\u00f0ur sem framhald hins jar\u00f0neska l\u00edfs.<\/p><p>Einkennandi fyrir etr\u00faska myndger\u00f0 er a\u00f0 h\u00fan tengir margar pers\u00f3nur saman \u00ed atri\u00f0i, gefur \u00ed skyn fr\u00e1sagnarlegt samhengi og \u00fe\u00e9ttir merkingu me\u00f0 t\u00e1knum. Tinia birtist einnig reglulega \u00ed sl\u00edkum fj\u00f6lpers\u00f3nu myndsamsetningum. A\u00f0 r\u00e1\u00f0a \u00ed \u00feessa framsetningara\u00f0fer\u00f0 er verkefni tr\u00faart\u00e1knafr\u00e6\u00f0i Etr\u00faska.<\/p>\t\t\t\t\t\t\t\t<\/div>\n\t\t\t\t<\/div>\n\t\t\t\t\t<\/div>\n\t\t\t\t<\/div>\n\t\t<div class=\"elementor-element elementor-element-iwgw-tinia-s3 e-flex e-con-boxed e-con e-parent\" data-id=\"iwgw-tinia-s3\" data-element_type=\"container\" data-e-type=\"container\">\n\t\t\t\t\t<div class=\"e-con-inner\">\n\t\t\t\t<div class=\"elementor-element elementor-element-iwgw-tinia-s3h elementor-widget elementor-widget-heading\" data-id=\"iwgw-tinia-s3h\" data-element_type=\"widget\" data-e-type=\"widget\" data-widget_type=\"heading.default\">\n\t\t\t\t\t<h2 class=\"elementor-heading-title elementor-size-default\">Go\u00f0afr\u00e6\u00f0i og go\u00f0sagnalegar fr\u00e1sagnir<\/h2>\t\t\t\t<\/div>\n\t\t<div class=\"elementor-element elementor-element-iwgw-tinia-s3c e-con-full e-flex e-con e-child\" data-id=\"iwgw-tinia-s3c\" data-element_type=\"container\" data-e-type=\"container\">\n\t\t\t\t<div class=\"elementor-element elementor-element-iwgw-tinia-s3t elementor-widget elementor-widget-text-editor\" data-id=\"iwgw-tinia-s3t\" data-element_type=\"widget\" data-e-type=\"widget\" data-widget_type=\"text-editor.default\">\n\t\t\t\t\t\t\t\t\t<p>\u00d3l\u00edkt gr\u00edskri og r\u00f3mverskri hef\u00f0 eigum vi\u00f0 a\u00f0eins brotakenndar heimildir um etr\u00faska <span class=\"iwg-fachbegriff\" data-tooltip=\"Heildarsafn go\u00f0sagna sem var\u00f0veist hafa innan menningar.\" tabindex=\"0\">go\u00f0afr\u00e6\u00f0i<\/span>. Etr\u00faskarnir skrifu\u00f0u sj\u00e1lfir ekki \u00ed formi \u00edtarlegra go\u00f0afr\u00e6\u00f0ilegra verka. \u00dea\u00f0 sem vi\u00f0 vitum kemur fr\u00e1 etr\u00faskum myndheimildum (spegla\u00e1letrunum, vasamyndum, grafm\u00e1lverkum) og gr\u00edsk-r\u00f3mverskum aukaheimildum.<\/p><p>Vita\u00f0 er a\u00f0 Tinia kastar \u00feremur ger\u00f0um elding: var\u00fa\u00f0arelding, hefndarelding og ey\u00f0ingareldingar. \u00deessi a\u00f0greining er hluti af Disciplina Etrusca, hinum tr\u00faarleg-forsp\u00e1rv\u00edsindum sem Cicero l\u00fdsir \u00ed <em>De Divinatione<\/em>. Etr\u00faskar voru \u00e1 <span class=\"iwg-fachbegriff\" data-tooltip=\"T\u00edmabil gr\u00edskrar og r\u00f3mverskrar menningar, um 800 f.Kr. til 600 e.Kr.\" tabindex=\"0\">forn\u00f6ld<\/span> taldir s\u00e9rfr\u00e6\u00f0ingar \u00ed eldingat\u00falkun (fulguratio).<\/p><p>\u00d3l\u00edkt gr\u00edskri e\u00f0a r\u00f3mverskri <span class=\"iwg-fachbegriff\" data-tooltip=\"Heildarsafn go\u00f0sagna sem var\u00f0veist hafa innan menningar.\" tabindex=\"0\">go\u00f0afr\u00e6\u00f0i<\/span> er hin etr\u00faska ekki til \u00ed fullm\u00f3tu\u00f0um fr\u00e1sagnartextum. \u00dea\u00f0 sem vi\u00f0 vitum um go\u00f0sagnir \u00ed kringum Tiniu ver\u00f0ur a\u00f0 r\u00e1\u00f0a \u00fat fr\u00e1 myndframsetningum, \u00e1letrunum og sk\u00fdrslum gr\u00edskra og r\u00f3mverskra h\u00f6funda. \u00deessi \u00f3beina <span class=\"iwg-fachbegriff\" data-tooltip=\"\u00c1framsending \u00feekkingar og fr\u00e1sagna milli kynsl\u00f3\u00f0a.\" tabindex=\"0\">munnm\u00e6lahef\u00f0<\/span> krefst \u00feess a\u00f0 fr\u00e6\u00f0imenn fari s\u00e9rstaklega g\u00e6tilega a\u00f0.<\/p><p>Sambandi\u00f0 milli etr\u00faskrar og gr\u00edskrar <span class=\"iwg-fachbegriff\" data-tooltip=\"Heildarsafn go\u00f0sagna sem var\u00f0veist hafa innan menningar.\" tabindex=\"0\">go\u00f0afr\u00e6\u00f0i<\/span> ver\u00f0ur ekki einfalda\u00f0 \u00ed einfalda yfirt\u00f6ku. Etr\u00faskar t\u00f3ku vissulega upp m\u00f6rg gr\u00edsk efni, svo sem um Akkilles, \u00d3dysseif e\u00f0a \u00d6dipus, en \u00feeir t\u00falku\u00f0u \u00feau oft \u00e1 n\u00fdjan h\u00e1tt og settu eigin \u00e1herslur. Hvernig \u00feetta a\u00f0l\u00f6gunarferli f\u00f3r fram \u00ed sm\u00e1atri\u00f0um er rannsaka\u00f0 \u00edtarlega \u00ed fr\u00e6\u00f0unum.<\/p><p>Einkennandi \u00fe\u00e1ttur \u00ed etr\u00faskri <span class=\"iwg-fachbegriff\" data-tooltip=\"Fr\u00e6\u00f0ileg umfj\u00f6llun um gu\u00f0 og tr\u00fa innan tr\u00faarbrag\u00f0a.\" tabindex=\"0\">gu\u00f0fr\u00e6\u00f0i<\/span> er hugmyndin um gu\u00f0ar\u00e1\u00f0, consensus deorum. Tinia tekur ekki \u00e1kvar\u00f0anir upp \u00e1 sitt eind\u00e6mi heldur r\u00e1\u00f0f\u00e6rir sig vi\u00f0 a\u00f0ra gu\u00f0i. Tr\u00faarl\u00edfss\u00f6gulega s\u00e9\u00f0 er \u00feetta r\u00e1\u00f0gefandi \u00feing s\u00e9rstakt einkenni etr\u00faskrar tr\u00faar.<\/p>\t\t\t\t\t\t\t\t<\/div>\n\t\t\t\t<\/div>\n\t\t\t\t\t<\/div>\n\t\t\t\t<\/div>\n\t\t<div class=\"elementor-element elementor-element-iwgw-tinia-s4 e-flex e-con-boxed e-con e-parent\" data-id=\"iwgw-tinia-s4\" data-element_type=\"container\" data-e-type=\"container\">\n\t\t\t\t\t<div class=\"e-con-inner\">\n\t\t\t\t<div class=\"elementor-element elementor-element-iwgw-tinia-s4h elementor-widget elementor-widget-heading\" data-id=\"iwgw-tinia-s4h\" data-element_type=\"widget\" data-e-type=\"widget\" data-widget_type=\"heading.default\">\n\t\t\t\t\t<h2 class=\"elementor-heading-title elementor-size-default\">Tinia og etr\u00faska sp\u00e1d\u00f3mslistin<\/h2>\t\t\t\t<\/div>\n\t\t<div class=\"elementor-element elementor-element-iwgw-tinia-s4c e-con-full e-flex e-con e-child\" data-id=\"iwgw-tinia-s4c\" data-element_type=\"container\" data-e-type=\"container\">\n\t\t\t\t<div class=\"elementor-element elementor-element-iwgw-tinia-s4t elementor-widget elementor-widget-text-editor\" data-id=\"iwgw-tinia-s4t\" data-element_type=\"widget\" data-e-type=\"widget\" data-widget_type=\"text-editor.default\">\n\t\t\t\t\t\t\t\t\t<p>Etr\u00faskar \u00fer\u00f3u\u00f0u mj\u00f6g f\u00e1ga\u00f0 kerfi <span class=\"iwg-fachbegriff\" data-tooltip=\"T\u00falkun t\u00e1kna til a\u00f0 r\u00e1\u00f0a \u00ed hi\u00f0 hulda e\u00f0a komandi.\" tabindex=\"0\">sp\u00e1d\u00f3ma<\/span>, sem \u00e1 <span class=\"iwg-fachbegriff\" data-tooltip=\"T\u00edmabil gr\u00edskrar og r\u00f3mverskrar menningar, um 800 f.Kr. til 600 e.Kr.\" tabindex=\"0\">forn\u00f6ld<\/span> var kalla\u00f0 &#8216;Disciplina Etrusca&#8217;. \u00dea\u00f0 samanst\u00f3\u00f0 af \u00feremur meginsvi\u00f0um: i\u00f0rasko\u00f0un (haruspicina), eldingat\u00falkun (fulguratio) og fuglasko\u00f0un. Tinia er \u00ed mi\u00f0ju eldingat\u00falkunarins, enda er hann gu\u00f0leg vera sem kastar eldingunum.<\/p><p>Brons-lifrin fr\u00e1 Piacenza er mikilv\u00e6gasta efnislega vitni\u00f0 um \u00feessa hef\u00f0. Henni er skipt \u00ed 16 himnesk sv\u00e6\u00f0i, hvert eigna\u00f0 \u00e1kve\u00f0num gu\u00f0i. Tinia kemur fyrir \u00ferisvar sinnum: \u00ed sv\u00e6\u00f0unum Tin\/Cilensl, Tin\/Thuf og Tin\/Thne, sem sta\u00f0festir mi\u00f0l\u00e6ga st\u00f6\u00f0u hans. B\u00f3k Jannots <em>Religion in Ancient Etruria<\/em> veitir \u00edtarlegustu umfj\u00f6llunina.<\/p><p>Me\u00f0 Disciplina Etrusca er \u00e1tt vi\u00f0 hi\u00f0 skipulega sp\u00e1d\u00f3mskerfi Etr\u00faska. \u00dea\u00f0 skiptist \u00ed \u00ferj\u00fa svi\u00f0: i\u00f0rasko\u00f0un (haruspicina), eldingat\u00falkun (fulguratio) og fuglasko\u00f0un (auspicia).<\/p><p>Eldingat\u00falkunin sj\u00e1lf tengist n\u00e1i\u00f0 Tiniu sem eldingakastara. R\u00f3mverjar t\u00f3ku \u00feetta kerfi upp og \u00fev\u00ed var beitt allt til 4. aldar e.Kr.; \u00edtarlegar l\u00fdsingar m\u00e1 finna hj\u00e1 Cicero og Seneca.<\/p><p>Disciplina Etrusca var kennd \u00ed s\u00e9rst\u00f6kum prestask\u00f3lum. Kenningar hennar voru skr\u00e1\u00f0ar \u00ed b\u00f3kum, \u00fear \u00e1 me\u00f0al Libri Rituales, Libri Haruspicini og Libri Fulgurales, \u00fear sem me\u00f0al annars var fjalla\u00f0 um t\u00falkun \u00e1 eldingum Tiniu.<\/p><p>\u00deessi rit hafa ekki var\u00f0veist, en m\u00e1 a\u00f0 hluta endurgera \u00fat fr\u00e1 tilvitnunum hj\u00e1 r\u00f3mverskum h\u00f6fundum eins og Cicero, Festus og Macrobius.<\/p><p>Tr\u00faarl\u00edf Etr\u00faska var n\u00e1i\u00f0 tengt hverri borg. Hvert st\u00f3rborgar-mi\u00f0st\u00f6\u00f0vanna, \u00fe.e. Tarquinia, Caere, Vulci, Veji, Clusium, Volsinii, Cortona, Perugia, Arezzo, Volterra, Populonia og Roselle, h\u00e9lt eigin h\u00f6fu\u00f0d\u00fdrkun og tr\u00faarleg s\u00e9rkenni, \u00feannig a\u00f0 tilbei\u00f0sla \u00e1 Tiniu var einnig sta\u00f0bundi\u00f0 mismunandi.<\/p>\t\t\t\t\t\t\t\t<\/div>\n\t\t\t\t<\/div>\n\t\t\t\t\t<\/div>\n\t\t\t\t<\/div>\n\t\t<div class=\"elementor-element elementor-element-iwgw-tinia-s5 e-flex e-con-boxed e-con e-parent\" data-id=\"iwgw-tinia-s5\" data-element_type=\"container\" data-e-type=\"container\">\n\t\t\t\t\t<div class=\"e-con-inner\">\n\t\t\t\t<div class=\"elementor-element elementor-element-iwgw-tinia-s5h elementor-widget elementor-widget-heading\" data-id=\"iwgw-tinia-s5h\" data-element_type=\"widget\" data-e-type=\"widget\" data-widget_type=\"heading.default\">\n\t\t\t\t\t<h2 class=\"elementor-heading-title elementor-size-default\">Kult og athafnir<\/h2>\t\t\t\t<\/div>\n\t\t<div class=\"elementor-element elementor-element-iwgw-tinia-s5c e-con-full e-flex e-con e-child\" data-id=\"iwgw-tinia-s5c\" data-element_type=\"container\" data-e-type=\"container\">\n\t\t\t\t<div class=\"elementor-element elementor-element-iwgw-tinia-s5t elementor-widget elementor-widget-text-editor\" data-id=\"iwgw-tinia-s5t\" data-element_type=\"widget\" data-e-type=\"widget\" data-widget_type=\"text-editor.default\">\n\t\t\t\t\t\t\t\t\t<p>Tinia var d\u00fdrka\u00f0ur \u00ed m\u00f6rgum borgarhofum Etr\u00fara. <span class=\"iwg-fachbegriff\" data-tooltip=\"Bygging sem er helgu\u00f0 tilbei\u00f0slu einnar e\u00f0a fleiri gu\u00f0vera.\" tabindex=\"0\">Hofi\u00f0<\/span> \u00ed Veji, Apollon-<span class=\"iwg-fachbegriff\" data-tooltip=\"Bygging sem er helgu\u00f0 tilbei\u00f0slu einnar e\u00f0a fleiri gu\u00f0vera.\" tabindex=\"0\">hofi\u00f0<\/span> \u00ed Veji (gert af Vulca) og hin miklu <span class=\"iwg-fachbegriff\" data-tooltip=\"Bygging sem er helgu\u00f0 tilbei\u00f0slu einnar e\u00f0a fleiri gu\u00f0vera.\" tabindex=\"0\">hof<\/span> \u00ed Tarquinia, Caere og Volsinii voru mikilv\u00e6gir tilbei\u00f0slusta\u00f0ir. Kap\u00edt\u00f3l\u00ednska \u00fer\u00edeyki\u00f0 Iupiter-Iuno-Minerva \u00e1 Capitolium \u00ed R\u00f3m var reist af Etr\u00farum og t\u00e1knar hinn etr\u00far\u00edska Tinia-Uni-Menrva \u00fer\u00edeyki\u00f0.<\/p><p>Til athafnanna heyr\u00f0u <span class=\"iwg-fachbegriff\" data-tooltip=\"Gj\u00f6f til gu\u00f0veru til a\u00f0 tj\u00e1 \u00feakkl\u00e6ti, b\u00f3n e\u00f0a lotningu.\" tabindex=\"0\">f\u00f3rnir<\/span> (s\u00e9rstaklega nautf\u00f3rnir), b\u00e6nir og sp\u00e1d\u00f3msathafnir. Etr\u00farar h\u00f6f\u00f0u sk\u00fdrt skipulagt prestakerfi. \u00c6\u00f0sti presturinn var oft samt\u00edmis stj\u00f3rnm\u00e1lalei\u00f0togi borgar, tenging tr\u00faar og stj\u00f3rnm\u00e1la sem var einkennandi fyrir etr\u00far\u00edska samf\u00e9lagi\u00f0.<\/p><p>Byggingarlega skera etr\u00far\u00edsk <span class=\"iwg-fachbegriff\" data-tooltip=\"Bygging sem er helgu\u00f0 tilbei\u00f0slu einnar e\u00f0a fleiri gu\u00f0vera.\" tabindex=\"0\">hof<\/span>, \u00fear sem Tinia var einnig d\u00fdrka\u00f0ur, sig \u00far me\u00f0 Tuscanus-st\u00edlnum, s\u00e9rstakri s\u00falur\u00f6\u00f0un sem Vitr\u00fav\u00edus l\u00fdsti \u00ed verki s\u00ednu De Architectura. Grunnform \u00feeirra leggja \u00e1herslu \u00e1 cella og brei\u00f0an fremri sal og eru \u00feannig \u00e1berandi fr\u00e1brug\u00f0in gr\u00edskum hofbyggingum.<\/p><p>M\u00f6rg etr\u00far\u00edsk <span class=\"iwg-fachbegriff\" data-tooltip=\"Bygging sem er helgu\u00f0 tilbei\u00f0slu einnar e\u00f0a fleiri gu\u00f0vera.\" tabindex=\"0\">hof<\/span> voru af st\u00f3rfenglegri st\u00e6r\u00f0. \u00deekkt d\u00e6mi er Iupiter-<span class=\"iwg-fachbegriff\" data-tooltip=\"Bygging sem er helgu\u00f0 tilbei\u00f0slu einnar e\u00f0a fleiri gu\u00f0vera.\" tabindex=\"0\">hofi\u00f0<\/span> \u00e1 r\u00f3mverska Capitolium, sem etr\u00far\u00edskir byggingameistarar og listamenn t\u00f3ku \u00fe\u00e1tt \u00ed, fremstan me\u00f0al \u00feeirra Vulca fr\u00e1 Veji. \u00dear sem Iupiter samsvarar hinum etr\u00far\u00edska Tinia er \u00feessi bygging talin vitnisbur\u00f0ur um etr\u00far\u00edska tr\u00far\u00e6kni \u00ed hinni fornu R\u00f3m.<\/p><p>Bandalag hinna t\u00f3lf etr\u00far\u00edsku borga kom saman \u00e1r hvert vi\u00f0 Fanum Voltumnae n\u00e1l\u00e6gt Volsinii, \u00fear sem tr\u00faarleg og stj\u00f3rnm\u00e1laleg m\u00e1lefni voru r\u00e6dd samt\u00edmis. Verndargu\u00f0vera \u00feessa borgarbandalags var Voltumna, sem haf\u00f0i v\u00ed\u00f0t\u00e6ka tr\u00faarlega \u00fe\u00fd\u00f0ingu umfram einstaka borgard\u00fdrkun.<\/p>\t\t\t\t\t\t\t\t<\/div>\n\t\t\t\t<\/div>\n\t\t\t\t\t<\/div>\n\t\t\t\t<\/div>\n\t\t<div class=\"elementor-element elementor-element-iwgw-tinia-s6 e-flex e-con-boxed e-con e-parent\" data-id=\"iwgw-tinia-s6\" data-element_type=\"container\" data-e-type=\"container\">\n\t\t\t\t\t<div class=\"e-con-inner\">\n\t\t\t\t<div class=\"elementor-element elementor-element-iwgw-tinia-s6h elementor-widget elementor-widget-heading\" data-id=\"iwgw-tinia-s6h\" data-element_type=\"widget\" data-e-type=\"widget\" data-widget_type=\"heading.default\">\n\t\t\t\t\t<h2 class=\"elementor-heading-title elementor-size-default\">Verndarhef\u00f0ir og fr\u00e1hrindandi t\u00e1kn<\/h2>\t\t\t\t<\/div>\n\t\t<div class=\"elementor-element elementor-element-iwgw-tinia-s6c e-con-full e-flex e-con e-child\" data-id=\"iwgw-tinia-s6c\" data-element_type=\"container\" data-e-type=\"container\">\n\t\t\t\t<div class=\"elementor-element elementor-element-iwgw-tinia-s6t elementor-widget elementor-widget-text-editor\" data-id=\"iwgw-tinia-s6t\" data-element_type=\"widget\" data-e-type=\"widget\" data-widget_type=\"text-editor.default\">\n\t\t\t\t\t\t\t\t\t<p>Tinia var \u00e1kalla\u00f0ur \u00ed verndarsamhengi fyrst og fremst \u00ed gegnum Disciplina Etrusca. S\u00e1 sem bygg\u00f0i n\u00fdtt h\u00fas, stofna\u00f0i borg e\u00f0a \u00feurfti a\u00f0 taka mikilv\u00e6ga \u00e1kv\u00f6r\u00f0un leita\u00f0i til Haruspices (innyflasko\u00f0ara) e\u00f0a Augures (fuglasko\u00f0ara). \u00deessi i\u00f0kun var mj\u00f6g formfest og hluti af stj\u00f3rnkerfi Etr\u00fara.<\/p><p>Fr\u00e1hrindandi i\u00f0kanir \u00ed \u00ferengri merkingu voru \u00fatbreiddar me\u00f0al Etr\u00fara. Illu augu var haldi\u00f0 fr\u00e1 me\u00f0 fallosarverndargripum, \u00e1kve\u00f0num handahreyfingum og \u00e1letrunum. Tengingin vi\u00f0 Tinia \u00ed sl\u00edkri i\u00f0kun felst \u00ed \u00fev\u00ed a\u00f0 hvert st\u00f3rt skref var teki\u00f0 undir vernd \u00e6\u00f0sta gu\u00f0sins. Larissa Bonfante hefur skjalfest \u00feetta fr\u00e1hrindandi myndm\u00e1l \u00ed fj\u00f6lda rita.<\/p><p><span data-nosnippet>Til etr\u00far\u00edsks verndarsi\u00f0ar heyrir heil r\u00f6\u00f0 fr\u00e1hrindandi t\u00e1kna: fallosarverndargripir, Gorgoneion-myndir, augnat\u00e1kn, bullae og \u00e1kve\u00f0in or\u00f0atilt\u00e6ki. Myndm\u00e1l \u00feessara verndart\u00e1kna hefur Larissa Bonfante kortlagt kerfisbundi\u00f0 \u00ed verki s\u00ednu Etruscan Mirrors, sem kom \u00fat fr\u00e1 1980.<\/span><\/p><p>Fr\u00e1hrindandi t\u00e1kn voru alls sta\u00f0ar \u00ed daglegu l\u00edfi Etr\u00fara, me\u00f0al annars auga Tinia, fallosarverndargripir og Gorgoneia. \u00deau voru fest \u00e1 hof, grafir og heimilishelgid\u00f3ma auk pers\u00f3nulegra hluta. \u00cd r\u00f3mverskri og v\u00ed\u00f0ari mi\u00f0jar\u00f0arhafstr\u00fa h\u00e9lt \u00feessi i\u00f0kun \u00e1fram.<\/p><p>Etr\u00far\u00edsk verndarhugsun var vart a\u00f0skiljanleg fr\u00e1 Disciplina Etrusca. \u00c1\u00f0ur en mikilv\u00e6gt fyrirt\u00e6ki var hafi\u00f0, hvort sem \u00fea\u00f0 var stofnun borgar, herfer\u00f0 e\u00f0a h\u00fasbygging, leita\u00f0i f\u00f3lk me\u00f0 <span class=\"iwg-fachbegriff\" data-tooltip=\"A\u00f0 lesa t\u00e1kn til a\u00f0 greina \u00fea\u00f0 sem er huli\u00f0 e\u00f0a komandi.\" tabindex=\"0\">sp\u00e1d\u00f3mum<\/span> eftir vilja gu\u00f0anna, en \u00feeirra \u00e1 me\u00f0al var Tinia \u00ed efsta s\u00e6ti.<\/p>\t\t\t\t\t\t\t\t<\/div>\n\t\t\t\t<\/div>\n\t\t\t\t\t<\/div>\n\t\t\t\t<\/div>\n\t\t<div class=\"elementor-element elementor-element-iwgw-tinia-s7 e-flex e-con-boxed e-con e-parent\" data-id=\"iwgw-tinia-s7\" data-element_type=\"container\" data-e-type=\"container\">\n\t\t\t\t\t<div class=\"e-con-inner\">\n\t\t\t\t<div class=\"elementor-element elementor-element-iwgw-tinia-s7h elementor-widget elementor-widget-heading\" data-id=\"iwgw-tinia-s7h\" data-element_type=\"widget\" data-e-type=\"widget\" data-widget_type=\"heading.default\">\n\t\t\t\t\t<h2 class=\"elementor-heading-title elementor-size-default\">Hli\u00f0st\u00e6\u00f0ur \u00ed \u00f6\u00f0rum menningarheimum<\/h2>\t\t\t\t<\/div>\n\t\t<div class=\"elementor-element elementor-element-iwgw-tinia-s7c e-con-full e-flex e-con e-child\" data-id=\"iwgw-tinia-s7c\" data-element_type=\"container\" data-e-type=\"container\">\n\t\t\t\t<div class=\"elementor-element elementor-element-iwgw-tinia-s7t elementor-widget elementor-widget-text-editor\" data-id=\"iwgw-tinia-s7t\" data-element_type=\"widget\" data-e-type=\"widget\" data-widget_type=\"text-editor.default\">\n\t\t\t\t\t\t\t\t\t<p>Tinia samsvarar a\u00f0 hlutverki gr\u00edska Seifi og r\u00f3mverska J\u00fap\u00edter. Tengingin er ekki a\u00f0eins hugmyndafr\u00e6\u00f0ileg heldur einnig s\u00f6guleg: Etr\u00farar voru br\u00fa milli gr\u00edskrar og r\u00f3mverskrar tr\u00faar. Margar gr\u00edskar go\u00f0sagnir b\u00e1rust til r\u00f3mversks heims \u00ed gegnum etr\u00far\u00edska mi\u00f0lun. Kap\u00edt\u00f3l\u00ednska \u00fer\u00edeyki R\u00f3mar er bein yfirtaka \u00e1 hinu etr\u00far\u00edska Tinia-Uni-Menrva kerfi.<\/p><p>\u00cd tr\u00faarbrag\u00f0asamanbur\u00f0i m\u00e1 tengja Tinia vi\u00f0 a\u00f0ra ind\u00f3evr\u00f3pska himnagu\u00f0i: Dyaus Pita (ved\u00edsk tr\u00fa), Dievas (baltnesk tr\u00fa), Tyr (germ\u00f6nsk tr\u00fa, upphaflega himingu\u00f0). Hugmyndin um \u00e6\u00f0sta himnaherra er v\u00ed\u00f0t\u00e6k \u00ed ind\u00f3evr\u00f3pskum tr\u00faarbr\u00f6g\u00f0um, sem sty\u00f0ur b\u00e6\u00f0i or\u00f0sifjar og hlutverk.<\/p><p>\u00cd samr\u00e6mi vi\u00f0 interpretatio Romana fengu etr\u00far\u00edskar gu\u00f0verur r\u00f3mversk n\u00f6fn: Tinia var\u00f0 Iupiter, Uni var\u00f0 Iuno, Menrva var\u00f0 Minerva. Sl\u00edkar samsvaranir n\u00e1\u00f0u \u00fe\u00f3 sjaldan yfir alla ger\u00f0 verunnar, heldur l\u00f6g\u00f0u \u00e1herslu \u00e1 \u00e1kve\u00f0na afmarka\u00f0a \u00fe\u00e6tti.<\/p><p>Ranns\u00f3knir s\u00ed\u00f0ustu fimmt\u00edu \u00e1ra hafa lagt sig fram um a\u00f0 endurheimta s\u00fdnileika hins s\u00e9rstaklega etr\u00far\u00edska vi\u00f0 Tinia og a\u00f0ra gu\u00f0i.<\/p><p>Etr\u00far\u00edsk tr\u00faarbr\u00f6g\u00f0 s\u00fdna fj\u00f6lbreytt snertipunkta vi\u00f0 anat\u00f3l\u00edskar, f\u00f6nik\u00edskar og foras\u00edsk-arab\u00edskar hef\u00f0ir. \u00c1\u00fereifanlegan vitnisbur\u00f0 um f\u00f6nik\u00edsk samskipti veita Pyrgi-t\u00f6flurnar. \u00deessi samtenging um allt Mi\u00f0jar\u00f0arhafi\u00f0, sem <span class=\"iwg-fachbegriff\" data-tooltip=\"\u00d6ll tr\u00faarleg tilbei\u00f0sluath\u00f6fn fyrir gu\u00f0veru e\u00f0a heilaga pers\u00f3nu.\" tabindex=\"0\">d\u00fdrkun<\/span> Tinia er einnig hluti af, telst me\u00f0al mikilv\u00e6gra ranns\u00f3knarsvi\u00f0a s\u00ed\u00f0ustu \u00e1ratuga.<\/p><p>\u00cd tr\u00faarbrag\u00f0asamanbur\u00f0i heyrir hin etr\u00far\u00edska <span class=\"iwg-fachbegriff\" data-tooltip=\"\u00d6ll tr\u00faarleg tilbei\u00f0sluath\u00f6fn fyrir gu\u00f0veru e\u00f0a heilaga pers\u00f3nu.\" tabindex=\"0\">d\u00fdrkun<\/span> til hinnar st\u00e6rri mi\u00f0jar\u00f0arhafstr\u00faarfj\u00f6lskyldu og tengist Grikklandi, F\u00f6nik\u00edu, Egyptalandi, Anat\u00f3l\u00edu og Latium. \u00deessi tenging, sem snertir einnig tilbei\u00f0slu himingu\u00f0sins Tinia, myndar mikilv\u00e6gt ranns\u00f3knarsvi\u00f0.<\/p>\t\t\t\t\t\t\t\t<\/div>\n\t\t\t\t<\/div>\n\t\t\t\t\t<\/div>\n\t\t\t\t<\/div>\n\t\t<div class=\"elementor-element elementor-element-iwgw-tinia-s8 e-flex e-con-boxed e-con e-parent\" data-id=\"iwgw-tinia-s8\" data-element_type=\"container\" data-e-type=\"container\">\n\t\t\t\t\t<div class=\"e-con-inner\">\n\t\t\t\t<div class=\"elementor-element elementor-element-iwgw-tinia-s8h elementor-widget elementor-widget-heading\" data-id=\"iwgw-tinia-s8h\" data-element_type=\"widget\" data-e-type=\"widget\" data-widget_type=\"heading.default\">\n\t\t\t\t\t<h2 class=\"elementor-heading-title elementor-size-default\">Ranns\u00f3knir n\u00fat\u00edmans<\/h2>\t\t\t\t<\/div>\n\t\t<div class=\"elementor-element elementor-element-iwgw-tinia-s8c e-con-full e-flex e-con e-child\" data-id=\"iwgw-tinia-s8c\" data-element_type=\"container\" data-e-type=\"container\">\n\t\t\t\t<div class=\"elementor-element elementor-element-iwgw-tinia-s8t elementor-widget elementor-widget-text-editor\" data-id=\"iwgw-tinia-s8t\" data-element_type=\"widget\" data-e-type=\"widget\" data-widget_type=\"text-editor.default\">\n\t\t\t\t\t\t\t\t\t<p><span data-nosnippet>Etr\u00fask tr\u00faarbr\u00f6g\u00f0 eru \u00ed dag efni umfangsmikilla al\u00fej\u00f3\u00f0legra ranns\u00f3kna. Mikilv\u00e6gar stofnanir eru Istituto Nazionale di Studi Etruschi ed Italici (Fl\u00f3rens), Etr\u00faska-deild Vat\u00edkansafnsins og Boston Museum of Fine Arts. Me\u00f0al mikilv\u00e6gra rannsakenda samt\u00edmans eru Larissa Bonfante (1931-2019), Nancy Thomson de Grummond, Jean MacIntosh Turfa og Marie-Laurence Haack.<\/span><\/p><p>Ranns\u00f3knir hafa \u00e1 s\u00ed\u00f0ustu 50 \u00e1rum \u00fer\u00f3ast fr\u00e1 hreinni fr\u00e6\u00f0ilega-fornleifafr\u00e6\u00f0ilegri l\u00fdsingu yfir \u00ed \u00feverfaglega tr\u00faars\u00f6guleg greining. Etr\u00fask tr\u00faarbr\u00f6g\u00f0 eru ekki lengur \u201edularfull&#8220;, heldur vel skjalfest \u00ed m\u00f6rgum tilliti.<\/p><p>Al\u00fej\u00f3\u00f0lega samtengt ranns\u00f3knasamf\u00e9lag fjallar n\u00fa um etr\u00fask tr\u00faarbr\u00f6g\u00f0 og \u00fear me\u00f0 einnig um mi\u00f0l\u00e6ga pers\u00f3nu \u00e1 bor\u00f0 vi\u00f0 Tinia. Me\u00f0al mikilv\u00e6gra ranns\u00f3knasetra eru h\u00e1sk\u00f3larnir \u00ed Fl\u00f3rens, R\u00f3m Sapienza, P\u00edsa, T\u00fcbingen og Princeton. \u00c1 hverju \u00e1ri eru haldnar nokkrar al\u00fej\u00f3\u00f0legar r\u00e1\u00f0stefnur um einst\u00f6k vi\u00f0fangsefni m\u00e1lefnisins.<\/p><p>\u00cd n\u00faverandi ranns\u00f3knum \u00e1 etr\u00faskum tr\u00faarbr\u00f6g\u00f0um er stafr\u00e6n t\u00e6kni \u00ed s\u00edfellt meiri m\u00e6li notu\u00f0: \u00fer\u00edv\u00edddarsk\u00f6nnun \u00e1 hofum og gr\u00f6fum, gagnagrunnar fyrir \u00e1letranir og myndheimildir, auk landfr\u00e6\u00f0ilegra uppl\u00fdsingakerfa til greiningar \u00e1 bygg\u00f0askipan. Sl\u00edk verkf\u00e6ri opna n\u00fdja inns\u00fdn, einnig \u00ed tilbei\u00f0slusta\u00f0i Tinia.<\/p><p>Almenningi er sta\u00f0a etr\u00faskra ranns\u00f3kna kynnt me\u00f0 s\u00fdningum, me\u00f0al annars \u00ed Vat\u00edkansafninu, \u00ed Museo Nazionale Etrusco di Villa Giulia og \u00ed Boston Museum of Fine Arts, auk fj\u00f6lda \u00fatgefinna rita.<\/p>\t\t\t\t\t\t\t\t<\/div>\n\t\t\t\t<\/div>\n\t\t\t\t\t<\/div>\n\t\t\t\t<\/div>\n\t\t<div class=\"elementor-element elementor-element-iwgw-tinia-s9 e-flex e-con-boxed e-con e-parent\" data-id=\"iwgw-tinia-s9\" data-element_type=\"container\" data-e-type=\"container\">\n\t\t\t\t\t<div class=\"e-con-inner\">\n\t\t\t\t<div class=\"elementor-element elementor-element-iwgw-tinia-s9h elementor-widget elementor-widget-heading\" data-id=\"iwgw-tinia-s9h\" data-element_type=\"widget\" data-e-type=\"widget\" data-widget_type=\"heading.default\">\n\t\t\t\t\t<h2 class=\"elementor-heading-title elementor-size-default\">Heimildir og sta\u00f0a ranns\u00f3kna<\/h2>\t\t\t\t<\/div>\n\t\t<div class=\"elementor-element elementor-element-iwgw-tinia-s9c e-con-full e-flex e-con e-child\" data-id=\"iwgw-tinia-s9c\" data-element_type=\"container\" data-e-type=\"container\">\n\t\t\t\t<div class=\"elementor-element elementor-element-iwgw-tinia-s9t elementor-widget elementor-widget-text-editor\" data-id=\"iwgw-tinia-s9t\" data-element_type=\"widget\" data-e-type=\"widget\" data-widget_type=\"text-editor.default\">\n\t\t\t\t\t\t\t\t\t<p>Mikilv\u00e6gustu heimildirnar fyrir ranns\u00f3knir \u00e1 Tinia eru etr\u00faskar \u00e1letranir (Editio Minor Helmuts Rix), bronslifrin fr\u00e1 Piacenza, etr\u00faskir speglar me\u00f0 \u00e1letrunum, r\u00f3mverskar heimildir (Cicero, Plinius, Seneca), gr\u00edskar heimildir (Diodorus) og fornleifafundir fr\u00e1 helstu etr\u00fasku borgunum.<\/p><p>\u00cdtarlegri sta\u00f0setning innan <a href=\"https:\/\/iwell-guard.com\/is\/etruskisk-trubrogd-haruspex-disciplina\/\">etr\u00faskrar tr\u00faars\u00f6gu<\/a> \u00ed heild s\u00fdnir hvernig Tinia ver\u00f0ur ekki skilinn \u00e1n tengsla vi\u00f0 Uni, Menrva og \u00f6nnur Atua-go\u00f0m\u00f6gn. \u00deessi tengslamyndun er v\u00edsindalega mikilv\u00e6g.<\/p><p>\u00deeir sem rannsaka Tinia og etr\u00fask tr\u00faarbr\u00f6g\u00f0 standa frammi fyrir \u00f3samr\u00e6mdum heimildagrunni: fornletursfr\u00e6\u00f0ilegum vitnisbur\u00f0um, safna\u00f0 saman \u00ed Editio Minor Helmuts Rix, fornleifafundum, myndheimildum og fr\u00e6\u00f0iritum. \u00deessi fj\u00f6lbreytni krefst \u00feverfaglegrar a\u00f0fer\u00f0ar, og n\u00fdrri ranns\u00f3knir tengja saman textafr\u00e6\u00f0i, <span class=\"iwg-fachbegriff\" data-tooltip=\"V\u00edsindagrein sem rannsakar fyrri menningarheima \u00fat fr\u00e1 efnislegum fundum.\" tabindex=\"0\">fornleifafr\u00e6\u00f0i<\/span>, <span class=\"iwg-fachbegriff\" data-tooltip=\"V\u00edsindagreinin sem rannsakar tr\u00faarbr\u00f6g\u00f0 samanbur\u00f0arlega og \u00e1n tr\u00faarlegrar afst\u00f6\u00f0u.\" tabindex=\"0\">tr\u00faarbrag\u00f0afr\u00e6\u00f0i<\/span> og manne\u00f0lisfr\u00e6\u00f0i me\u00f0 markvissum h\u00e6tti.<\/p><p>V\u00f6ndu\u00f0 heimildagagnr\u00fdni krefst \u00feekkingar \u00e1 b\u00e6\u00f0i etr\u00faskum frumheimildum og gr\u00edsk-r\u00f3mverskri s\u00ed\u00f0ari \u00fatg\u00e1fu heimilda. A\u00f0 vi\u00f0halda \u00feessum tv\u00f6falda sj\u00f3narh\u00f3li er krefjandi, en \u00e1n hans er ekki m\u00f6gulegt a\u00f0 endurgera tr\u00faars\u00f6guna \u00ed kringum Tinia \u00e1 fulln\u00e6gjandi h\u00e1tt.<\/p><p>Vanda\u00f0a s\u00f6guleg sta\u00f0setning Tinia er a\u00f0eins m\u00f6guleg \u00feegar liti\u00f0 er j\u00f6fnum h\u00f6ndum yfir fornletursfr\u00e6\u00f0ilegar, fornleifafr\u00e6\u00f0ilegar og b\u00f3kmenntalegar heimildir og a\u00f0fer\u00f0ir n\u00fat\u00edma <span class=\"iwg-fachbegriff\" data-tooltip=\"V\u00edsindagreinin sem rannsakar tr\u00faarbr\u00f6g\u00f0 samanbur\u00f0arlega og \u00e1n tr\u00faarlegrar afst\u00f6\u00f0u.\" tabindex=\"0\">tr\u00faarbrag\u00f0afr\u00e6\u00f0i<\/span>. \u00deessi marg\u00fe\u00e6tta n\u00e1lgun telst n\u00fa til vi\u00f0mi\u00f0unar \u00ed ranns\u00f3knum.<\/p>\t\t\t\t\t\t\t\t<\/div>\n\t\t\t\t<\/div>\n\t\t\t\t\t<\/div>\n\t\t\t\t<\/div>\n\t\t<div class=\"elementor-element elementor-element-cp26a95d44 e-flex e-con-boxed e-con e-parent\" data-id=\"cp26a95d44\" data-element_type=\"container\" data-e-type=\"container\">\n\t\t\t\t\t<div class=\"e-con-inner\">\n\t\t\t\t<div class=\"elementor-element elementor-element-cp2f2cdc09 elementor-widget elementor-widget-heading\" data-id=\"cp2f2cdc09\" data-element_type=\"widget\" data-e-type=\"widget\" data-widget_type=\"heading.default\">\n\t\t\t\t\t<h2 class=\"elementor-heading-title elementor-size-default\">Bronslifrin fr\u00e1 Piacenza og sta\u00f0a Tinia<\/h2>\t\t\t\t<\/div>\n\t\t<div class=\"elementor-element elementor-element-cp2601f2b0 e-flex e-con-boxed e-con e-child\" data-id=\"cp2601f2b0\" data-element_type=\"container\" data-e-type=\"container\">\n\t\t\t\t\t<div class=\"e-con-inner\">\n\t\t\t\t<div class=\"elementor-element elementor-element-cp2e620b60 elementor-widget elementor-widget-text-editor\" data-id=\"cp2e620b60\" data-element_type=\"widget\" data-e-type=\"widget\" data-widget_type=\"text-editor.default\">\n\t\t\t\t\t\t\t\t\t<p>Ein mikilv\u00e6gasta heimildin um st\u00f6\u00f0u Tinia \u00ed etr\u00faska gu\u00f0aheiminum er ekki texti, heldur hlutur: hin svokalla\u00f0a lifur fr\u00e1 Piacenza, brons\u00adfyrirmynd af sau\u00f0alifur sem fannst \u00e1ri\u00f0 1877 n\u00e1l\u00e6gt nor\u00f0ur-\u00edt\u00f6lsku borginni.<\/p><p>H\u00fan er talin vera fr\u00e1 2. e\u00f0a 1. \u00f6ld fyrir upphaf t\u00edmatals okkar og var kennslu- e\u00f0a \u00e6fingat\u00e6ki fyrir etr\u00faska innyflasko\u00f0un, haruspicia.<\/p><p>Yfirbor\u00f0 fyrirmyndarins er skipt \u00ed fj\u00f6lda reita, \u00fear af fj\u00f6rut\u00edu me\u00f0 \u00edgreyptum gu\u00f0an\u00f6fnum \u00e1 etr\u00fasku letri. Ytri ja\u00f0arinn er skiptur \u00ed sext\u00e1n hluta, sem samsvara \u00feeim sext\u00e1n himingeirum sem Etr\u00farar skiptu himninum \u00ed.<\/p><p>Tinia, h\u00e6sti himin- og eldingagu\u00f0inn, kemur fram \u00e1 fyrirmyndinni oftar en einu sinni, sem bendir til \u00e1berandi en ekki einr\u00e1\u00f0rar st\u00f6\u00f0u hans. Nafnform hans birtast \u00ed mismunandi reitum, sem g\u00e6ti v\u00edsa\u00f0 til mismunandi hli\u00f0a e\u00f0a \u00e1byrg\u00f0arsvi\u00f0a \u00feessa sama gu\u00f0s.<\/p><p>Ranns\u00f3knir, sem h\u00f3fust me\u00f0 verkum fr\u00e1 19. \u00f6ld og var haldi\u00f0 \u00e1fram af etruskfr\u00e6\u00f0ingum eins og Massimo Pallottino og s\u00ed\u00f0ar Nancy de Grummond, hafa fjalla\u00f0 um lifrina sem lykil a\u00f0 etr\u00faskri <span class=\"iwg-fachbegriff\" data-tooltip=\"Hugmyndin um uppbyggingu og skipulag heimsins innan tiltekinnar menningar.\" tabindex=\"0\">heimsfr\u00e6\u00f0i<\/span>.<\/p><p>H\u00fan s\u00fdnir a\u00f0 etr\u00faski himininn var hugsa\u00f0ur sem skipulagt kerfi sv\u00e6\u00f0a \u00fear sem \u00e1kve\u00f0nar gu\u00f0ir b\u00faa, og a\u00f0 h\u00e6gt v\u00e6ri a\u00f0 t\u00falka \u00fe\u00e1 stefnu sem eldingin kom \u00far.<\/p><p>Dreifing Tinia yfir marga reiti undirstrikar a\u00f0 hann var \u00ed mi\u00f0ju \u00feessa t\u00falkunarkerfis sem herra eldingarins. N\u00e1kv\u00e6m merking hvers reits er \u00fe\u00f3 a\u00f0 hluta til \u00e1fram deiluefni, \u00fear sem vi\u00f0b\u00f3tartexta skortir.<\/p>\t\t\t\t\t\t\t\t<\/div>\n\t\t\t\t\t<\/div>\n\t\t\t\t<\/div>\n\t\t\t\t\t<\/div>\n\t\t\t\t<\/div>\n\t\t<div class=\"elementor-element elementor-element-cp2a7a8bb1 e-flex e-con-boxed e-con e-parent\" data-id=\"cp2a7a8bb1\" data-element_type=\"container\" data-e-type=\"container\">\n\t\t\t\t\t<div class=\"e-con-inner\">\n\t\t\t\t<div class=\"elementor-element elementor-element-cp209a9973 elementor-widget elementor-widget-heading\" data-id=\"cp209a9973\" data-element_type=\"widget\" data-e-type=\"widget\" data-widget_type=\"heading.default\">\n\t\t\t\t\t<h2 class=\"elementor-heading-title elementor-size-default\">\u00derj\u00e1r tegundir elding Tinia<\/h2>\t\t\t\t<\/div>\n\t\t<div class=\"elementor-element elementor-element-cp2e91d0cf e-flex e-con-boxed e-con e-child\" data-id=\"cp2e91d0cf\" data-element_type=\"container\" data-e-type=\"container\">\n\t\t\t\t\t<div class=\"e-con-inner\">\n\t\t\t\t<div class=\"elementor-element elementor-element-cp26c3f640 elementor-widget elementor-widget-text-editor\" data-id=\"cp26c3f640\" data-element_type=\"widget\" data-e-type=\"widget\" data-widget_type=\"text-editor.default\">\n\t\t\t\t\t\t\t\t\t<p>Etr\u00fask kenning, sem var\u00f0veist hefur a\u00f0eins fyrir millig\u00f6ngu R\u00f3mverja, sn\u00fdr a\u00f0 stiglag\u00f0ri stj\u00f3rn Tinia yfir eldingunni.<\/p><p>R\u00f3mverski fr\u00e6\u00f0ima\u00f0urinn Seneca greinir \u00ed riti s\u00ednu <em>Naturales quaestiones<\/em>, me\u00f0 stu\u00f0ningi af etr\u00faskum heimildum, a\u00f0 h\u00e6sti gu\u00f0inn hafi ekki haft frj\u00e1lst vald yfir \u00f6llum eldingum. Sumar eldingar m\u00e1tti hann senda einn og s\u00e9r, en \u00fe\u00e6r voru af mildari, a\u00f0varandi ger\u00f0.<\/p><p>Fyrir \u00feyngri eldingar \u00feurfti Tinia, samkv\u00e6mt hinni var\u00f0veittu kenningu, a\u00f0 leita r\u00e1\u00f0a hj\u00e1 samkundu gu\u00f0a sem kalla\u00f0ir eru <em>di consentes<\/em> e\u00f0a huldu gu\u00f0irnir. A\u00f0eins me\u00f0 sam\u00feykki \u00feeirra gat hann sent eldingu sem olli raunverulegum ska\u00f0a.<\/p><p>\u00deri\u00f0ja, enn ey\u00f0ileggjandi ger\u00f0 eldingar m\u00e1tti hann a\u00f0eins senda me\u00f0 sam\u00feykki hinna \u00e6\u00f0ri, huldu gu\u00f0a, og sl\u00edk elding breytti \u00e1standi hlutanna til varanlegrar framb\u00fa\u00f0ar.<\/p><p>\u00deessi \u00feriggja \u00ferepa kenning er athyglisver\u00f0 \u00ed tr\u00faarbrag\u00f0as\u00f6gu, \u00fear sem h\u00fan fl\u00e9ttar h\u00e6sta gu\u00f0inn inn \u00ed net r\u00e1\u00f0gjafar og takmarkana, \u00ed sta\u00f0 \u00feess a\u00f0 eigna honum takmarkalaust vald. Tinia er m\u00e1ttugur, en ekki r\u00e1\u00f0r\u00edkur a\u00f0 eigin ge\u00f0\u00fe\u00f3tta; \u00feyngstu inngrip hans eru bundin sameiginlegu sam\u00feykki.<\/p><p>Fr\u00e6\u00f0imenn hafa bent \u00e1 a\u00f0 \u00feetta l\u00edkan falli vel a\u00f0 etr\u00faskri hugmynd um samfellt skipulag\u00f0an, r\u00e1\u00f0anlegan heim, eins og h\u00fan kemur einnig fram \u00ed fr\u00e6\u00f0igreininni um eldingasp\u00e1.<\/p><p>Kenningin er \u00fe\u00f3 a\u00f0eins var\u00f0veitt fyrir millig\u00f6ngu r\u00f3mverskra h\u00f6funda \u00e1 bor\u00f0 vi\u00f0 Seneca og \u00ed v\u00edsunum hj\u00e1 \u00f6\u00f0rum ritsmi\u00f0um. Ekki er unnt a\u00f0 skera \u00far um me\u00f0 vissu hversu n\u00e1kv\u00e6mlega Seneca endurspeglar etr\u00faska hugmynd e\u00f0a hvort hann hafi \u00feegar f\u00e6rt hana yfir \u00ed r\u00f3mverskar hugtakaskilgreiningar.<\/p>\t\t\t\t\t\t\t\t<\/div>\n\t\t\t\t\t<\/div>\n\t\t\t\t<\/div>\n\t\t\t\t\t<\/div>\n\t\t\t\t<\/div>\n\t\t<div class=\"elementor-element elementor-element-iwgw-tinia-lit e-flex e-con-boxed e-con e-parent\" data-id=\"iwgw-tinia-lit\" data-element_type=\"container\" data-e-type=\"container\">\n\t\t\t\t\t<div class=\"e-con-inner\">\n\t\t\t\t<div class=\"elementor-element elementor-element-iwgw-tinia-lith elementor-widget elementor-widget-heading\" data-id=\"iwgw-tinia-lith\" data-element_type=\"widget\" data-e-type=\"widget\" data-widget_type=\"heading.default\">\n\t\t\t\t\t<h2 class=\"elementor-heading-title elementor-size-default\">Heimildir (\u00farval)<\/h2>\t\t\t\t<\/div>\n\t\t<div class=\"elementor-element elementor-element-iwgw-tinia-litc e-con-full e-flex e-con e-child\" data-id=\"iwgw-tinia-litc\" data-element_type=\"container\" data-e-type=\"container\">\n\t\t\t\t<div class=\"elementor-element elementor-element-iwgw-tinia-litt elementor-widget elementor-widget-text-editor\" data-id=\"iwgw-tinia-litt\" data-element_type=\"widget\" data-e-type=\"widget\" data-widget_type=\"text-editor.default\">\n\t\t\t\t\t\t\t\t\t<ul><li><span data-nosnippet>Massimo Pallottino: <em>Die Etrusker<\/em> (1942, \u00fe\u00fdska \u00fatg\u00e1fa 1965)<\/span><\/li><li>Larissa Bonfante: <em>Etruscan Mythology<\/em> (2006)<\/li><li>Jean-Rene Jannot: <em>Religion in Ancient Etruria<\/em> (2005)<\/li><li>Cicero: <em>De Divinatione<\/em><\/li><\/ul>\n<p class=\"iwg-bib-more\"><span data-nosnippet>Fleiri grunnrit m\u00e1 finna \u00ed <a href=\"https:\/\/iwell-guard.com\/is\/heimildaskra\/\">heimildaskr\u00e1nni<\/a>.<\/span><\/p>\t\t\t\t\t\t\t\t<\/div>\n\t\t\t\t<\/div>\n\t\t\t\t\t<\/div>\n\t\t\t\t<\/div>\n\t\t<div class=\"elementor-element elementor-element-iwgkw2-add-tinia e-flex e-con-boxed e-con e-parent\" data-id=\"iwgkw2-add-tinia\" data-element_type=\"container\" data-e-type=\"container\">\n\t\t\t\t\t<div class=\"e-con-inner\">\n\t\t\t\t<div class=\"elementor-element elementor-element-iwgkw2-add-tinia-t elementor-widget elementor-widget-text-editor\" data-id=\"iwgkw2-add-tinia-t\" data-element_type=\"widget\" data-e-type=\"widget\" data-widget_type=\"text-editor.default\">\n\t\t\t\t\t\t\t\t\t<p>Etr\u00faski <em><span class=\"iwg-fachbegriff\" data-tooltip=\"Var\u00f0veitt fr\u00e1s\u00f6gn um gu\u00f0i, uppruna og skipan heimsins.\" tabindex=\"0\">go\u00f0s\u00f6gnin<\/span><\/em> s\u00fdnir Tinia sem h\u00e6sta himinsgu\u00f0, sem trygg\u00f0i heimsskipulagi\u00f0 me\u00f0 \u00feremur ger\u00f0um eldinga; s\u00ed\u00f0ari latneskar heimildir \u00e1 bor\u00f0 vi\u00f0 Seneca var\u00f0veita \u00feessa kenningu um <em>fulgura<\/em> \u00far etr\u00faskum fr\u00e6\u00f0iritum.<\/p>\t\t\t\t\t\t\t\t<\/div>\n\t\t\t\t\t<\/div>\n\t\t\t\t<\/div>\n\t\t<div class=\"elementor-element elementor-element-iwgw-tinia-kwd e-flex e-con-boxed e-con e-parent\" data-id=\"iwgw-tinia-kwd\" data-element_type=\"container\" data-e-type=\"container\">\n\t\t\t\t\t<div class=\"e-con-inner\">\n\t\t<div class=\"elementor-element elementor-element-iwgw-tinia-kwdc e-con-full e-flex e-con e-child\" data-id=\"iwgw-tinia-kwdc\" data-element_type=\"container\" data-e-type=\"container\">\n\t\t\t\t<div class=\"elementor-element elementor-element-iwgw-tinia-kwdt elementor-widget elementor-widget-text-editor\" data-id=\"iwgw-tinia-kwdt\" data-element_type=\"widget\" data-e-type=\"widget\" data-widget_type=\"text-editor.default\">\n\t\t\t\t\t\t\t\t\t<p><em>Tengd leitaror\u00f0: Tinia Etr\u00faskar h\u00e1go\u00f0 elding Disciplina Etrusca Piacenza J\u00fap\u00edter Tinia Calusna.<\/em><\/p>\t\t\t\t\t\t\t\t<\/div>\n\t\t\t\t<\/div>\n\t\t\t\t\t<\/div>\n\t\t\t\t<\/div>\n\t\t<div class=\"elementor-element elementor-element-iwgw-tinia-cc e-flex e-con-boxed e-con e-parent\" data-id=\"iwgw-tinia-cc\" data-element_type=\"container\" data-e-type=\"container\" id=\"iwg-cc-tinia\">\n\t\t\t\t\t<div class=\"e-con-inner\">\n\t\t<div class=\"elementor-element elementor-element-iwgw-tinia-ccinner e-flex e-con-boxed e-con e-parent\" data-id=\"iwgw-tinia-ccinner\" data-element_type=\"container\" data-e-type=\"container\" data-settings=\"{&quot;background_background&quot;:&quot;classic&quot;}\">\n\t\t\t\t\t<div class=\"e-con-inner\">\n\t\t\t\t<div class=\"elementor-element elementor-element-iwgw-tinia-cch elementor-widget elementor-widget-heading\" data-id=\"iwgw-tinia-cch\" data-element_type=\"widget\" data-e-type=\"widget\" data-widget_type=\"heading.default\">\n\t\t\t\t\t<h2 class=\"elementor-heading-title elementor-size-default\">iWell Guard og verndarhef\u00f0ir<\/h2>\t\t\t\t<\/div>\n\t\t\t\t<div class=\"elementor-element elementor-element-iwgw-tinia-cct elementor-widget elementor-widget-text-editor\" data-id=\"iwgw-tinia-cct\" data-element_type=\"widget\" data-e-type=\"widget\" data-widget_type=\"text-editor.default\">\n\t\t\t\t\t\t\t\t\t<div data-nosnippet=\"true\"><p>iWell Guard tengist menningars\u00f6gulegri hef\u00f0 farandhelgigripa, \u00ed hef\u00f0 <a href=\"https:\/\/iwell-guard.com\/is\/etruskisk-trubrogd-haruspex-disciplina\/\">Etr\u00faska<\/a> og margra annarra menningarheima um allan heim. 41 lag, alv\u00f6ru gull, plat\u00edna, silfur, framleitt \u00ed \u00de\u00fdskalandi. 30 daga skilar\u00e9ttur.<\/p><\/div>\t\t\t\t\t\t\t\t<\/div>\n\t\t\t\t<div class=\"elementor-element elementor-element-iwgw-tinia-ccb iwg-cc-button iwg-cc-cta-2026-05-13 elementor-widget elementor-widget-jet-button\" data-id=\"iwgw-tinia-ccb\" data-element_type=\"widget\" data-e-type=\"widget\" data-widget_type=\"jet-button.default\">\n\t\t\t\t<div class=\"elementor-widget-container\">\n\t\t\t\t\t<div class=\"elementor-jet-button jet-elements\"><div class=\"jet-button__container\"><a class=\"jet-button__instance jet-button__instance--icon-left hover-effect-1\" href=\"\/ueber-iwell-guard\/?utm_source=iwell-guard.com&amp;utm_medium=info-box&amp;utm_campaign=wesen-tradition\"><div class=\"jet-button__plane jet-button__plane-normal\"><\/div><div class=\"jet-button__plane jet-button__plane-hover\"><\/div><div class=\"jet-button__state jet-button__state-normal\"><span class=\"jet-button__label\">Meira um iWell Guard<\/span><\/div><div class=\"jet-button__state jet-button__state-hover\"><span class=\"jet-button__label\">Meira um iWell Guard<\/span><\/div><\/a><\/div><\/div><style>.elementor-element.elementor-element-iwgw-tinia-ccb .jet-button__instance{width:320px;height:56px;}.elementor-element.elementor-element-iwgw-tinia-ccb .jet-button__state-normal .jet-button__label{text-align:center;margin:0px 0px 0px 0px;color:#1a1b20;font-family:Montserrat,sans-serif;font-size:13px;font-weight:400;letter-spacing:4px;line-height:1.714em;text-transform:uppercase;}.elementor-element.elementor-element-iwgw-tinia-ccb .jet-button__state-hover .jet-button__label{text-align:center;margin:0px 0px 0px 0px;color:#FECC76;font-family:Montserrat,sans-serif;font-size:13px;font-weight:400;letter-spacing:4px;line-height:1.714em;text-transform:uppercase;}.elementor-element.elementor-element-iwgw-tinia-ccb .jet-button__plane-normal{background-color:#FECC76;border-style:solid;border-color:#C99540;border-width:2px 2px 2px 2px;}.elementor-element.elementor-element-iwgw-tinia-ccb .jet-button__plane-hover{background-color:rgba(0,0,0,0.55);border-style:solid;border-color:#FECC76;border-width:2px 2px 2px 2px;}<\/style>\t\t\t\t<\/div>\n\t\t\t\t<\/div>\n\t\t\t\t<div class=\"elementor-element elementor-element-iwgw-tinia-ccd elementor-widget elementor-widget-text-editor\" data-id=\"iwgw-tinia-ccd\" data-element_type=\"widget\" data-e-type=\"widget\" data-widget_type=\"text-editor.default\">\n\t\t\t\t\t\t\t\t\t<div data-nosnippet=\"true\"><p style=\"text-align:center;font-size:13px;opacity:0.7;margin-top:14px\" data-nosnippet=\"true\">Pers\u00f3nuleg reynsla getur veri\u00f0 mismunandi. Ekki l\u00e6kningat\u00e6ki. Engin lofor\u00f0 um l\u00e6kningu.<\/p><\/div>\t\t\t\t\t\t\t\t<\/div>\n\t\t\t\t\t<\/div>\n\t\t\t\t<\/div>\n\t\t\t\t\t<\/div>\n\t\t\t\t<\/div>\n\t\t<div class=\"elementor-element elementor-element-iwgw-tinia-disc e-flex e-con-boxed e-con e-parent\" data-id=\"iwgw-tinia-disc\" data-element_type=\"container\" data-e-type=\"container\">\n\t\t\t\t\t<div class=\"e-con-inner\">\n\t\t\t\t<div class=\"elementor-element elementor-element-iwgw-tinia-discw elementor-widget elementor-widget-html\" data-id=\"iwgw-tinia-discw\" data-element_type=\"widget\" data-e-type=\"widget\" data-widget_type=\"html.default\">\n\t\t\t\t\t<footer data-nosnippet=\"true\" class=\"iwg-disclaimer-block\"><p data-nosnippet=\"true\">iWell Guard er <strong>ekki l\u00e6kningat\u00e6ki<\/strong> og kemur ekki \u00ed sta\u00f0inn fyrir l\u00e6knis- e\u00f0a s\u00e1lfr\u00e6\u00f0ime\u00f0fer\u00f0. Tr\u00faarfr\u00e6\u00f0ilegt efni er menningars\u00f6gulegt samhengi, ekki r\u00e1\u00f0legging um andlega i\u00f0kun.<\/p><\/footer>\t\t\t\t<\/div>\n\t\t\t\t\t<\/div>\n\t\t\t\t<\/div>\n\t\t\t\t<\/div>\n\t\t","protected":false},"excerpt":{"rendered":"","protected":false},"author":3,"featured_media":2820,"parent":0,"menu_order":0,"comment_status":"closed","ping_status":"closed","template":"elementor_header_footer","meta":{"_yoast_wpseo_focuskw":"Tinia Etr\u00farar","_yoast_wpseo_title":"Tinia - Etr\u00faskur h\u00f6fu\u00f0gu\u00f0, go\u00f0saga og d\u00fdrkun","_yoast_wpseo_metadesc":"Tinia er \u00e6\u00f0sti gu\u00f0 etr\u00faskrar tr\u00faarbrag\u00f0a, eldingakastari og hli\u00f0st\u00e6\u00f0a r\u00f3mverska gu\u00f0sins J\u00fap\u00edters. Tr\u00faarbrag\u00f0afr\u00e6\u00f0ileg greining.","_yoast_wpseo_meta-robots-noindex":"","_yoast_wpseo_canonical":"","_angie_page":false,"gefaehrdungsstufe":"2","wesen_kultur":"etruskisch","wesen_klasse":"goetter","footnotes":""},"categories":[],"class_list":["post-168949","page","type-page","status-publish","has-post-thumbnail","hentry"],"yoast_head":"<!-- This site is optimized with the Yoast SEO Premium plugin v27.7 (Yoast SEO v28.3) - https:\/\/yoast.com\/product\/yoast-seo-premium-wordpress\/ -->\n<title>Tinia - Etr\u00faskur h\u00f6fu\u00f0gu\u00f0, go\u00f0saga og d\u00fdrkun<\/title>\n<meta name=\"description\" content=\"Tinia er \u00e6\u00f0sti gu\u00f0 etr\u00faskrar tr\u00faarbrag\u00f0a, eldingakastari og hli\u00f0st\u00e6\u00f0a r\u00f3mverska gu\u00f0sins J\u00fap\u00edters. Tr\u00faarbrag\u00f0afr\u00e6\u00f0ileg greining.\" \/>\n<meta name=\"robots\" content=\"index, follow, max-snippet:-1, max-image-preview:large, max-video-preview:-1\" \/>\n<link rel=\"canonical\" href=\"https:\/\/iwell-guard.com\/is\/tinia-haesti-gud-etrura\/\" \/>\n<meta property=\"og:locale\" content=\"is_IS\" \/>\n<meta property=\"og:type\" content=\"article\" \/>\n<meta property=\"og:title\" content=\"Tinia - \u00c6\u00f0sti gu\u00f0 Etr\u00fara\" \/>\n<meta property=\"og:description\" content=\"Tinia er \u00e6\u00f0sti gu\u00f0 etr\u00faskrar tr\u00faarbrag\u00f0a, eldingakastari og hli\u00f0st\u00e6\u00f0a r\u00f3mverska gu\u00f0sins J\u00fap\u00edters. Tr\u00faarbrag\u00f0afr\u00e6\u00f0ileg greining.\" \/>\n<meta property=\"og:url\" content=\"https:\/\/iwell-guard.com\/is\/tinia-haesti-gud-etrura\/\" \/>\n<meta property=\"og:site_name\" content=\"iWell Guard\" \/>\n<meta property=\"article:modified_time\" content=\"2026-09-05T14:59:04+00:00\" \/>\n<meta property=\"og:image\" content=\"https:\/\/iwell-guard.com\/wp-content\/uploads\/2026\/05\/goetter_etruskisch_tinia-1.webp\" \/>\n\t<meta property=\"og:image:width\" content=\"1024\" \/>\n\t<meta property=\"og:image:height\" content=\"1536\" \/>\n\t<meta property=\"og:image:type\" content=\"image\/webp\" \/>\n<meta name=\"twitter:card\" content=\"summary_large_image\" \/>\n<script type=\"application\/ld+json\" class=\"yoast-schema-graph\">{\"@context\":\"https:\\\/\\\/schema.org\",\"@graph\":[{\"@type\":\"WebPage\",\"@id\":\"https:\\\/\\\/iwell-guard.com\\\/is\\\/tinia-haesti-gud-etrura\\\/\",\"url\":\"https:\\\/\\\/iwell-guard.com\\\/is\\\/tinia-haesti-gud-etrura\\\/\",\"name\":\"Tinia - Etr\u00faskur h\u00f6fu\u00f0gu\u00f0, go\u00f0saga og d\u00fdrkun\",\"isPartOf\":{\"@id\":\"https:\\\/\\\/iwell-guard.com\\\/is\\\/#website\"},\"primaryImageOfPage\":{\"@id\":\"https:\\\/\\\/iwell-guard.com\\\/is\\\/tinia-haesti-gud-etrura\\\/#primaryimage\"},\"image\":{\"@id\":\"https:\\\/\\\/iwell-guard.com\\\/is\\\/tinia-haesti-gud-etrura\\\/#primaryimage\"},\"thumbnailUrl\":\"https:\\\/\\\/iwell-guard.com\\\/wp-content\\\/uploads\\\/2026\\\/05\\\/goetter_etruskisch_tinia-1.webp\",\"datePublished\":\"2026-09-05T14:04:18+00:00\",\"dateModified\":\"2026-09-05T14:59:04+00:00\",\"description\":\"Tinia er \u00e6\u00f0sti gu\u00f0 etr\u00faskrar tr\u00faarbrag\u00f0a, eldingakastari og hli\u00f0st\u00e6\u00f0a r\u00f3mverska gu\u00f0sins J\u00fap\u00edters. Tr\u00faarbrag\u00f0afr\u00e6\u00f0ileg greining.\",\"breadcrumb\":{\"@id\":\"https:\\\/\\\/iwell-guard.com\\\/is\\\/tinia-haesti-gud-etrura\\\/#breadcrumb\"},\"inLanguage\":\"is\",\"potentialAction\":[{\"@type\":\"ReadAction\",\"target\":[\"https:\\\/\\\/iwell-guard.com\\\/is\\\/tinia-haesti-gud-etrura\\\/\"]}]},{\"@type\":\"ImageObject\",\"inLanguage\":\"is\",\"@id\":\"https:\\\/\\\/iwell-guard.com\\\/is\\\/tinia-haesti-gud-etrura\\\/#primaryimage\",\"url\":\"https:\\\/\\\/iwell-guard.com\\\/wp-content\\\/uploads\\\/2026\\\/05\\\/goetter_etruskisch_tinia-1.webp\",\"contentUrl\":\"https:\\\/\\\/iwell-guard.com\\\/wp-content\\\/uploads\\\/2026\\\/05\\\/goetter_etruskisch_tinia-1.webp\",\"width\":1024,\"height\":1536,\"caption\":\"Gu\u00f0ir \u00far etr\u00faskri hef\u00f0.\"},{\"@type\":\"BreadcrumbList\",\"@id\":\"https:\\\/\\\/iwell-guard.com\\\/is\\\/tinia-haesti-gud-etrura\\\/#breadcrumb\",\"itemListElement\":[{\"@type\":\"ListItem\",\"position\":1,\"name\":\"Start\",\"item\":\"https:\\\/\\\/iwell-guard.com\\\/is\\\/?page_id=168580\"},{\"@type\":\"ListItem\",\"position\":2,\"name\":\"Tinia &#8211; \u00c6\u00f0sti gu\u00f0 Etr\u00fara\"}]},{\"@type\":\"WebSite\",\"@id\":\"https:\\\/\\\/iwell-guard.com\\\/is\\\/#website\",\"url\":\"https:\\\/\\\/iwell-guard.com\\\/is\\\/\",\"name\":\"iWell Guard\",\"description\":\"Schutz vor dunklen Einfl\u00fcssen\",\"publisher\":{\"@id\":\"https:\\\/\\\/iwell-guard.com\\\/is\\\/#organization\"},\"potentialAction\":[{\"@type\":\"SearchAction\",\"target\":{\"@type\":\"EntryPoint\",\"urlTemplate\":\"https:\\\/\\\/iwell-guard.com\\\/is\\\/?s={search_term_string}\"},\"query-input\":{\"@type\":\"PropertyValueSpecification\",\"valueRequired\":true,\"valueName\":\"search_term_string\"}}],\"inLanguage\":\"is\"},{\"@type\":\"Organization\",\"@id\":\"https:\\\/\\\/iwell-guard.com\\\/is\\\/#organization\",\"name\":\"Ittermann electronic GmbH\",\"url\":\"https:\\\/\\\/iwell-guard.com\\\/is\\\/\",\"logo\":{\"@type\":\"ImageObject\",\"inLanguage\":\"is\",\"@id\":\"https:\\\/\\\/iwell-guard.com\\\/is\\\/#\\\/schema\\\/logo\\\/image\\\/\",\"url\":\"https:\\\/\\\/iwell-guard.com\\\/wp-content\\\/uploads\\\/2026\\\/05\\\/Ittermann-Logo-1182x237-1.png\",\"contentUrl\":\"https:\\\/\\\/iwell-guard.com\\\/wp-content\\\/uploads\\\/2026\\\/05\\\/Ittermann-Logo-1182x237-1.png\",\"width\":1182,\"height\":237,\"caption\":\"Ittermann electronic GmbH\"},\"image\":{\"@id\":\"https:\\\/\\\/iwell-guard.com\\\/is\\\/#\\\/schema\\\/logo\\\/image\\\/\"},\"sameAs\":[\"https:\\\/\\\/pantip.com\\\/profile\\\/9367242\",\"https:\\\/\\\/micro.blog\\\/iwellguard\",\"https:\\\/\\\/www.diggerslist.com\\\/iwellguard\\\/about\",\"https:\\\/\\\/skitterphoto.com\\\/photographers\\\/2870314\\\/iwell-guard\",\"https:\\\/\\\/iwellguard.wordpress.com\\\/2026\\\/06\\\/06\\\/iwell-guard\\\/\",\"https:\\\/\\\/hub.docker.com\\\/u\\\/iwellguard\",\"https:\\\/\\\/www.pinterest.com\\\/iwellguard\\\/\",\"https:\\\/\\\/bit.ly\\\/m\\\/iwellguard\",\"https:\\\/\\\/entre-vos-mains.alsace.eu\\\/profiles\\\/iwellguard\\\/activity\",\"https:\\\/\\\/gravatar.com\\\/reallybeded8fd34\",\"https:\\\/\\\/naijamatta.com\\\/iwellguard\",\"https:\\\/\\\/www.goodreads.com\\\/iwellguard\",\"https:\\\/\\\/profile.hatena.ne.jp\\\/iwellguard\\\/\",\"https:\\\/\\\/experiment.com\\\/users\\\/iwellguard\",\"https:\\\/\\\/wakelet.com\\\/@iWellGuard82270\",\"https:\\\/\\\/www.chordie.com\\\/forum\\\/profile.php?id=2555664\",\"https:\\\/\\\/www.instapaper.com\\\/p\\\/17757966\",\"https:\\\/\\\/www.mapleprimes.com\\\/users\\\/iwellguard\",\"https:\\\/\\\/businesslistingplus.com\\\/profile\\\/iwell-guard\\\/\",\"https:\\\/\\\/telegra.ph\\\/iWell-Guard-06-06\",\"https:\\\/\\\/pbase.com\\\/iwellguard\\\/iwellguard\",\"https:\\\/\\\/b.hatena.ne.jp\\\/iwellguard\\\/20260607#bookmark-4788405196491818882\",\"https:\\\/\\\/fliphtml5.com\\\/home\\\/iwellguard\",\"https:\\\/\\\/anyflip.com\\\/homepage\\\/cmiwl#About\",\"https:\\\/\\\/transfur.com\\\/Users\\\/iwellguard\",\"http:\\\/\\\/delphi.larsbo.org\\\/user\\\/iwellguard\",\"https:\\\/\\\/jobs.lajobsportal.org\\\/profiles\\\/8380803-iwell-guard\",\"https:\\\/\\\/md.chaosdorf.de\\\/s\\\/jfbe5SBdJD\",\"https:\\\/\\\/www.lingvolive.com\\\/en-us\\\/profile\\\/9ecaeaca-ce11-4e51-9e71-01d55e2bff36\\\/translations\",\"https:\\\/\\\/www.fitday.com\\\/fitness\\\/forums\\\/members\\\/iwellguard.html\",\"https:\\\/\\\/www.mymeetbook.com\\\/iwellguard\",\"https:\\\/\\\/pxhere.com\\\/en\\\/photographer-me\\\/5040798\",\"https:\\\/\\\/disqus.com\\\/by\\\/iwellguard\\\/about\\\/\",\"https:\\\/\\\/pastelink.net\\\/hjwciqwq\",\"https:\\\/\\\/pubhtml5.com\\\/homepage\\\/scjhn\\\/\",\"https:\\\/\\\/www.bitchute.com\\\/channel\\\/2O2eOKzNqujT\",\"https:\\\/\\\/audiomack.com\\\/iwellguard\"]},{\"@type\":\"Article\",\"@id\":\"https:\\\/\\\/iwell-guard.com\\\/is\\\/tinia-haesti-gud-etrura\\\/#article\",\"isPartOf\":{\"@id\":\"https:\\\/\\\/iwell-guard.com\\\/is\\\/tinia-haesti-gud-etrura\\\/\"},\"author\":{\"name\":\"Ralf Ittermann\",\"@id\":\"https:\\\/\\\/iwell-guard.com\\\/is\\\/#\\\/schema\\\/person\\\/ee2a27f1cac3406c7c6fb5820cb7349f\"},\"headline\":\"Tinia &#8211; \u00c6\u00f0sti gu\u00f0 Etr\u00fara\",\"datePublished\":\"2026-09-05T14:04:18+00:00\",\"dateModified\":\"2026-09-05T14:59:04+00:00\",\"mainEntityOfPage\":{\"@id\":\"https:\\\/\\\/iwell-guard.com\\\/is\\\/tinia-haesti-gud-etrura\\\/\"},\"publisher\":{\"@id\":\"https:\\\/\\\/iwell-guard.com\\\/is\\\/#organization\"},\"image\":{\"@id\":\"https:\\\/\\\/iwell-guard.com\\\/is\\\/tinia-haesti-gud-etrura\\\/#primaryimage\"},\"thumbnailUrl\":\"https:\\\/\\\/iwell-guard.com\\\/wp-content\\\/uploads\\\/2026\\\/05\\\/goetter_etruskisch_tinia-1.webp\",\"inLanguage\":\"is\",\"description\":\"Tinia er \u00e6\u00f0sti gu\u00f0 etr\u00faskrar tr\u00faarbrag\u00f0a, eldingakastari og hli\u00f0st\u00e6\u00f0a r\u00f3mverska gu\u00f0sins J\u00fap\u00edters. Tr\u00faarbrag\u00f0afr\u00e6\u00f0ileg greining.\"}]}<\/script>\n<!-- \/ Yoast SEO Premium plugin. -->","yoast_head_json":{"title":"Tinia - Etr\u00faskur h\u00f6fu\u00f0gu\u00f0, go\u00f0saga og d\u00fdrkun","description":"Tinia er \u00e6\u00f0sti gu\u00f0 etr\u00faskrar tr\u00faarbrag\u00f0a, eldingakastari og hli\u00f0st\u00e6\u00f0a r\u00f3mverska gu\u00f0sins J\u00fap\u00edters. Tr\u00faarbrag\u00f0afr\u00e6\u00f0ileg greining.","robots":{"index":"index","follow":"follow","max-snippet":"max-snippet:-1","max-image-preview":"max-image-preview:large","max-video-preview":"max-video-preview:-1"},"canonical":"https:\/\/iwell-guard.com\/is\/tinia-haesti-gud-etrura\/","og_locale":"is_IS","og_type":"article","og_title":"Tinia - \u00c6\u00f0sti gu\u00f0 Etr\u00fara","og_description":"Tinia er \u00e6\u00f0sti gu\u00f0 etr\u00faskrar tr\u00faarbrag\u00f0a, eldingakastari og hli\u00f0st\u00e6\u00f0a r\u00f3mverska gu\u00f0sins J\u00fap\u00edters. Tr\u00faarbrag\u00f0afr\u00e6\u00f0ileg greining.","og_url":"https:\/\/iwell-guard.com\/is\/tinia-haesti-gud-etrura\/","og_site_name":"iWell Guard","article_modified_time":"2026-09-05T14:59:04+00:00","og_image":[{"width":1024,"height":1536,"url":"https:\/\/iwell-guard.com\/wp-content\/uploads\/2026\/05\/goetter_etruskisch_tinia-1.webp","type":"image\/webp"}],"twitter_card":"summary_large_image","schema":{"@context":"https:\/\/schema.org","@graph":[{"@type":"Article","@id":"https:\/\/iwell-guard.com\/is\/tinia-haesti-gud-etrura\/#article","isPartOf":{"@id":"https:\/\/iwell-guard.com\/is\/tinia-haesti-gud-etrura\/"},"author":{"name":"Ralf Ittermann","@id":"https:\/\/iwell-guard.com\/is\/#\/schema\/person\/ee2a27f1cac3406c7c6fb5820cb7349f"},"headline":"Tinia &#8211; \u00c6\u00f0sti gu\u00f0 Etr\u00fara","datePublished":"2026-09-05T14:04:18+00:00","dateModified":"2026-09-05T14:59:04+00:00","mainEntityOfPage":{"@id":"https:\/\/iwell-guard.com\/is\/tinia-haesti-gud-etrura\/"},"publisher":{"@id":"https:\/\/iwell-guard.com\/is\/#organization"},"image":{"@id":"https:\/\/iwell-guard.com\/is\/tinia-haesti-gud-etrura\/#primaryimage"},"thumbnailUrl":"https:\/\/iwell-guard.com\/wp-content\/uploads\/2026\/05\/goetter_etruskisch_tinia-1.webp","inLanguage":"is","description":"Tinia er \u00e6\u00f0sti gu\u00f0 etr\u00faskrar tr\u00faarbrag\u00f0a, eldingakastari og hli\u00f0st\u00e6\u00f0a r\u00f3mverska gu\u00f0sins J\u00fap\u00edters. Tr\u00faarbrag\u00f0afr\u00e6\u00f0ileg greining."},{"@type":"WebPage","@id":"https:\/\/iwell-guard.com\/is\/tinia-haesti-gud-etrura\/","url":"https:\/\/iwell-guard.com\/is\/tinia-haesti-gud-etrura\/","name":"Tinia - Etr\u00faskur h\u00f6fu\u00f0gu\u00f0, go\u00f0saga og d\u00fdrkun","isPartOf":{"@id":"https:\/\/iwell-guard.com\/is\/#website"},"primaryImageOfPage":{"@id":"https:\/\/iwell-guard.com\/is\/tinia-haesti-gud-etrura\/#primaryimage"},"image":{"@id":"https:\/\/iwell-guard.com\/is\/tinia-haesti-gud-etrura\/#primaryimage"},"thumbnailUrl":"https:\/\/iwell-guard.com\/wp-content\/uploads\/2026\/05\/goetter_etruskisch_tinia-1.webp","datePublished":"2026-09-05T14:04:18+00:00","dateModified":"2026-09-05T14:59:04+00:00","description":"Tinia er \u00e6\u00f0sti gu\u00f0 etr\u00faskrar tr\u00faarbrag\u00f0a, eldingakastari og hli\u00f0st\u00e6\u00f0a r\u00f3mverska gu\u00f0sins J\u00fap\u00edters. Tr\u00faarbrag\u00f0afr\u00e6\u00f0ileg greining.","breadcrumb":{"@id":"https:\/\/iwell-guard.com\/is\/tinia-haesti-gud-etrura\/#breadcrumb"},"inLanguage":"is","potentialAction":[{"@type":"ReadAction","target":["https:\/\/iwell-guard.com\/is\/tinia-haesti-gud-etrura\/"]}]},{"@type":"ImageObject","inLanguage":"is","@id":"https:\/\/iwell-guard.com\/is\/tinia-haesti-gud-etrura\/#primaryimage","url":"https:\/\/iwell-guard.com\/wp-content\/uploads\/2026\/05\/goetter_etruskisch_tinia-1.webp","contentUrl":"https:\/\/iwell-guard.com\/wp-content\/uploads\/2026\/05\/goetter_etruskisch_tinia-1.webp","width":1024,"height":1536,"caption":"Gu\u00f0ir \u00far etr\u00faskri hef\u00f0."},{"@type":"BreadcrumbList","@id":"https:\/\/iwell-guard.com\/is\/tinia-haesti-gud-etrura\/#breadcrumb","itemListElement":[{"@type":"ListItem","position":1,"name":"Start","item":"https:\/\/iwell-guard.com\/is\/?page_id=168580"},{"@type":"ListItem","position":2,"name":"Tinia &#8211; \u00c6\u00f0sti gu\u00f0 Etr\u00fara"}]},{"@type":"WebSite","@id":"https:\/\/iwell-guard.com\/is\/#website","url":"https:\/\/iwell-guard.com\/is\/","name":"iWell Guard","description":"Schutz vor dunklen Einfl\u00fcssen","publisher":{"@id":"https:\/\/iwell-guard.com\/is\/#organization"},"potentialAction":[{"@type":"SearchAction","target":{"@type":"EntryPoint","urlTemplate":"https:\/\/iwell-guard.com\/is\/?s={search_term_string}"},"query-input":{"@type":"PropertyValueSpecification","valueRequired":true,"valueName":"search_term_string"}}],"inLanguage":"is"},{"@type":"Organization","@id":"https:\/\/iwell-guard.com\/is\/#organization","name":"Ittermann electronic GmbH","url":"https:\/\/iwell-guard.com\/is\/","logo":{"@type":"ImageObject","inLanguage":"is","@id":"https:\/\/iwell-guard.com\/is\/#\/schema\/logo\/image\/","url":"https:\/\/iwell-guard.com\/wp-content\/uploads\/2026\/05\/Ittermann-Logo-1182x237-1.png","contentUrl":"https:\/\/iwell-guard.com\/wp-content\/uploads\/2026\/05\/Ittermann-Logo-1182x237-1.png","width":1182,"height":237,"caption":"Ittermann electronic GmbH"},"image":{"@id":"https:\/\/iwell-guard.com\/is\/#\/schema\/logo\/image\/"},"sameAs":["https:\/\/pantip.com\/profile\/9367242","https:\/\/micro.blog\/iwellguard","https:\/\/www.diggerslist.com\/iwellguard\/about","https:\/\/skitterphoto.com\/photographers\/2870314\/iwell-guard","https:\/\/iwellguard.wordpress.com\/2026\/06\/06\/iwell-guard\/","https:\/\/hub.docker.com\/u\/iwellguard","https:\/\/www.pinterest.com\/iwellguard\/","https:\/\/bit.ly\/m\/iwellguard","https:\/\/entre-vos-mains.alsace.eu\/profiles\/iwellguard\/activity","https:\/\/gravatar.com\/reallybeded8fd34","https:\/\/naijamatta.com\/iwellguard","https:\/\/www.goodreads.com\/iwellguard","https:\/\/profile.hatena.ne.jp\/iwellguard\/","https:\/\/experiment.com\/users\/iwellguard","https:\/\/wakelet.com\/@iWellGuard82270","https:\/\/www.chordie.com\/forum\/profile.php?id=2555664","https:\/\/www.instapaper.com\/p\/17757966","https:\/\/www.mapleprimes.com\/users\/iwellguard","https:\/\/businesslistingplus.com\/profile\/iwell-guard\/","https:\/\/telegra.ph\/iWell-Guard-06-06","https:\/\/pbase.com\/iwellguard\/iwellguard","https:\/\/b.hatena.ne.jp\/iwellguard\/20260607#bookmark-4788405196491818882","https:\/\/fliphtml5.com\/home\/iwellguard","https:\/\/anyflip.com\/homepage\/cmiwl#About","https:\/\/transfur.com\/Users\/iwellguard","http:\/\/delphi.larsbo.org\/user\/iwellguard","https:\/\/jobs.lajobsportal.org\/profiles\/8380803-iwell-guard","https:\/\/md.chaosdorf.de\/s\/jfbe5SBdJD","https:\/\/www.lingvolive.com\/en-us\/profile\/9ecaeaca-ce11-4e51-9e71-01d55e2bff36\/translations","https:\/\/www.fitday.com\/fitness\/forums\/members\/iwellguard.html","https:\/\/www.mymeetbook.com\/iwellguard","https:\/\/pxhere.com\/en\/photographer-me\/5040798","https:\/\/disqus.com\/by\/iwellguard\/about\/","https:\/\/pastelink.net\/hjwciqwq","https:\/\/pubhtml5.com\/homepage\/scjhn\/","https:\/\/www.bitchute.com\/channel\/2O2eOKzNqujT","https:\/\/audiomack.com\/iwellguard"]},{"@type":"Person","@id":"https:\/\/iwell-guard.com\/is\/#\/schema\/person\/ee2a27f1cac3406c7c6fb5820cb7349f","name":"Ralf Ittermann","image":{"@type":"ImageObject","inLanguage":"is","@id":"https:\/\/secure.gravatar.com\/avatar\/073c0153e350a5005b68eb752b445fea71f6b24a26da9449ad7e155e6b446c9d?s=96&d=mm&r=g","url":"https:\/\/secure.gravatar.com\/avatar\/073c0153e350a5005b68eb752b445fea71f6b24a26da9449ad7e155e6b446c9d?s=96&d=mm&r=g","contentUrl":"https:\/\/secure.gravatar.com\/avatar\/073c0153e350a5005b68eb752b445fea71f6b24a26da9449ad7e155e6b446c9d?s=96&d=mm&r=g","caption":"Ralf Ittermann"},"givenName":"Ralf","familyName":"Ittermann","jobTitle":"Gesch\u00e4ftsf\u00fchrer und redaktioneller Verantwortlicher","url":"https:\/\/iwell-guard.com\/is\/author\/claude\/","description":"Ralf Ittermann ist Gesch\u00e4ftsf\u00fchrer der Ittermann electronic GmbH und redaktioneller Verantwortlicher des iWell-Guard-Lexikons. Er verbindet langj\u00e4hrige Erfahrung in der Pr\u00e4zisionsfertigung mit medialer Praxis und religionsgeschichtlicher Quellenarbeit.","worksFor":{"@type":"Organization","name":"Ittermann electronic GmbH","url":"https:\/\/ittermann.de\/","address":{"@type":"PostalAddress","streetAddress":"K\u00f6hlergasse 16-18","postalCode":"99842","addressLocality":"Ruhla","addressCountry":"DE"}},"knowsAbout":["Religionsgeschichte","Mythologie","Mediale Praxis","Energetische Diagnostik","Schutzpraxis","Volksglauben","Westliche Esoterik"]},{"@type":"Article","@id":"https:\/\/iwell-guard.com\/is\/tinia-haesti-gud-etrura\/#article","isPartOf":{"@id":"https:\/\/iwell-guard.com\/is\/tinia-haesti-gud-etrura\/"},"author":{"name":"Ralf Ittermann","@id":"https:\/\/iwell-guard.com\/is\/#\/schema\/person\/ee2a27f1cac3406c7c6fb5820cb7349f"},"headline":"Tinia &#8211; \u00c6\u00f0sti gu\u00f0 Etr\u00fara","datePublished":"2026-09-05T14:04:18+00:00","dateModified":"2026-09-05T14:59:04+00:00","mainEntityOfPage":{"@id":"https:\/\/iwell-guard.com\/is\/tinia-haesti-gud-etrura\/"},"publisher":{"@id":"https:\/\/iwell-guard.com\/is\/#organization"},"image":{"@id":"https:\/\/iwell-guard.com\/is\/tinia-haesti-gud-etrura\/#primaryimage"},"thumbnailUrl":"https:\/\/iwell-guard.com\/wp-content\/uploads\/2026\/05\/goetter_etruskisch_tinia-1.webp","inLanguage":"is","description":"Tinia er \u00e6\u00f0sti gu\u00f0 etr\u00faskrar tr\u00faarbrag\u00f0a, eldingakastari og hli\u00f0st\u00e6\u00f0a r\u00f3mverska gu\u00f0sins J\u00fap\u00edters. Tr\u00faarbrag\u00f0afr\u00e6\u00f0ileg greining."}]}},"_links":{"self":[{"href":"https:\/\/iwell-guard.com\/is\/wp-json\/wp\/v2\/pages\/168949","targetHints":{"allow":["GET"]}}],"collection":[{"href":"https:\/\/iwell-guard.com\/is\/wp-json\/wp\/v2\/pages"}],"about":[{"href":"https:\/\/iwell-guard.com\/is\/wp-json\/wp\/v2\/types\/page"}],"author":[{"embeddable":true,"href":"https:\/\/iwell-guard.com\/is\/wp-json\/wp\/v2\/users\/3"}],"replies":[{"embeddable":true,"href":"https:\/\/iwell-guard.com\/is\/wp-json\/wp\/v2\/comments?post=168949"}],"version-history":[{"count":0,"href":"https:\/\/iwell-guard.com\/is\/wp-json\/wp\/v2\/pages\/168949\/revisions"}],"wp:featuredmedia":[{"embeddable":true,"href":"https:\/\/iwell-guard.com\/is\/wp-json\/wp\/v2\/media\/2820"}],"wp:attachment":[{"href":"https:\/\/iwell-guard.com\/is\/wp-json\/wp\/v2\/media?parent=168949"}],"wp:term":[{"taxonomy":"category","embeddable":true,"href":"https:\/\/iwell-guard.com\/is\/wp-json\/wp\/v2\/categories?post=168949"}],"curies":[{"name":"wp","href":"https:\/\/api.w.org\/{rel}","templated":true}]}}