{"id":168948,"date":"2026-09-05T14:04:17","date_gmt":"2026-09-05T14:04:17","guid":{"rendered":"https:\/\/iwell-guard.com\/?page_id=168948"},"modified":"2026-09-05T14:23:32","modified_gmt":"2026-09-05T14:23:32","slug":"hina-pol-slug-hina-polynesisk-managydja-frummodir","status":"publish","type":"page","link":"https:\/\/iwell-guard.com\/is\/hina-pol-slug-hina-polynesisk-managydja-frummodir\/","title":{"rendered":"Hina &#8211; P\u00f3l\u00fdnes\u00edsk m\u00e1nagy\u00f0ja og frumm\u00f3\u00f0ir"},"content":{"rendered":"\t\t<div data-elementor-type=\"wp-page\" data-elementor-id=\"168948\" class=\"elementor elementor-168948 elementor-2603 elementor-bc-flex-widget\" data-elementor-post-type=\"page\">\n\t\t\t\t<div class=\"elementor-element elementor-element-iwgw-hina-hero e-flex e-con-boxed e-con e-parent\" data-id=\"iwgw-hina-hero\" data-element_type=\"container\" data-e-type=\"container\" data-settings=\"{&quot;background_background&quot;:&quot;classic&quot;}\">\n\t\t\t\t\t<div class=\"e-con-inner\">\n\t\t<div class=\"elementor-element elementor-element-iwgw-hina-hl e-flex e-con-boxed e-con e-child\" data-id=\"iwgw-hina-hl\" data-element_type=\"container\" data-e-type=\"container\">\n\t\t\t\t\t<div class=\"e-con-inner\">\n\t\t<div class=\"elementor-element elementor-element-iwgw-hina-htxt e-con-full e-flex e-con e-child\" data-id=\"iwgw-hina-htxt\" data-element_type=\"container\" data-e-type=\"container\">\n\t\t\t\t<div class=\"elementor-element elementor-element-iwgw-hina-h1 elementor-widget elementor-widget-heading\" data-id=\"iwgw-hina-h1\" data-element_type=\"widget\" data-e-type=\"widget\" data-widget_type=\"heading.default\">\n\t\t\t\t\t<h1 class=\"elementor-heading-title elementor-size-default\">Hina - P\u00f3l\u00fdnes\u00edsk m\u00e1nagy\u00f0ja, frumm\u00f3\u00f0ir og margfeldis atua<\/h1>\t\t\t\t<\/div>\n\t\t\t\t<div class=\"elementor-element elementor-element-iwgw-hina-lead elementor-widget elementor-widget-text-editor\" data-id=\"iwgw-hina-lead\" data-element_type=\"widget\" data-e-type=\"widget\" data-widget_type=\"text-editor.default\">\n\t\t\t\t\t\t\t\t\t<p>Hina er ein af helstu kvenkyns atua \u00ed p\u00f3l\u00fdnes\u00edskum tr\u00faarbr\u00f6g\u00f0um. Undir mismunandi kenniheitum kemur h\u00fan fram sem m\u00e1nagy\u00f0ja, frumm\u00f3\u00f0ir, vatnagy\u00f0ja e\u00f0a gy\u00f0ja undirheima. \u00cd ma\u00f3r\u00edskri hef\u00f0 er h\u00fan n\u00e1tengd Hine-nui-te-po, hinni miklu konu n\u00e6tur. \u00deessi framsetning l\u00fdsir margbreytilegri tr\u00faarbrag\u00f0afr\u00e6\u00f0ilegri st\u00f6\u00f0u hennar.<\/p>\t\t\t\t\t\t\t\t<\/div>\n\t\t\t\t<\/div>\n\t\t<div class=\"elementor-element elementor-element-iwgw-hina-pillc e-con-full e-flex e-con e-child\" data-id=\"iwgw-hina-pillc\" data-element_type=\"container\" data-e-type=\"container\">\n\t\t\t\t<div class=\"elementor-element elementor-element-iwgw-hina-pills elementor-widget elementor-widget-html\" data-id=\"iwgw-hina-pills\" data-element_type=\"widget\" data-e-type=\"widget\" data-widget_type=\"html.default\">\n\t\t\t\t\t<div class=\"iwg-pill-row\"><span class=\"iwg-klasse-badge\" tabindex=\"0\" data-tooltip=\"Gy\u00f0ja hef\u00f0arins P\u00f3l\u00fdnes\u00eda \/ Ma\u00f3rar.\">Gy\u00f0ja<\/span><a href=\"https:\/\/iwell-guard.com\/is\/?page_id=168911\" class=\"iwg-kultur-badge\" tabindex=\"0\" data-tooltip=\"Go\u00f0afr\u00e6\u00f0i hef\u00f0arins P\u00f3l\u00fdnes\u00eda \/ Ma\u00f3rar.\">P\u00f3l\u00fdnes\u00eda \/ Ma\u00f3rar<\/a><span class=\"iwg-tradition-badge\" tabindex=\"0\" data-tooltip=\"M\u00e1na- og frumm\u00f3\u00f0urgo\u00f0m\u00f6gn.\">M\u00e1na- og frumm\u00f3\u00f0urgo\u00f0m\u00f6gn<\/span><\/div>\t\t\t\t<\/div>\n\t\t\t\t<\/div>\n\t\t<div class=\"elementor-element elementor-element-iwgw-hina-tocc e-con-full e-flex e-con e-child\" data-id=\"iwgw-hina-tocc\" data-element_type=\"container\" data-e-type=\"container\">\n\t\t\t\t<div class=\"elementor-element elementor-element-iwgw-hina-toc elementor-toc--minimized-on-tablet elementor-widget elementor-widget-table-of-contents\" data-id=\"iwgw-hina-toc\" data-element_type=\"widget\" data-e-type=\"widget\" data-settings=\"{&quot;headings_by_tags&quot;:[&quot;h2&quot;,&quot;h3&quot;],&quot;minimize_box&quot;:&quot;yes&quot;,&quot;marker_view&quot;:&quot;bullets&quot;,&quot;no_headings_message&quot;:&quot;Engar undirfyrirsagnir fundust \\u00e1 \\u00feessari s\\u00ed\\u00f0u.&quot;,&quot;exclude_headings_by_selector&quot;:[],&quot;icon&quot;:{&quot;value&quot;:&quot;fas fa-circle&quot;,&quot;library&quot;:&quot;fa-solid&quot;,&quot;rendered_tag&quot;:&quot;&lt;svg class=\\&quot;e-font-icon-svg e-fas-circle\\&quot; viewBox=\\&quot;0 0 512 512\\&quot; xmlns=\\&quot;http:\\\/\\\/www.w3.org\\\/2000\\\/svg\\&quot;&gt;&lt;path d=\\&quot;M256 8C119 8 8 119 8 256s111 248 248 248 248-111 248-248S393 8 256 8z\\&quot;&gt;&lt;\\\/path&gt;&lt;\\\/svg&gt;&quot;},&quot;minimized_on&quot;:&quot;tablet&quot;,&quot;hierarchical_view&quot;:&quot;yes&quot;,&quot;min_height&quot;:{&quot;unit&quot;:&quot;px&quot;,&quot;size&quot;:&quot;&quot;,&quot;sizes&quot;:[]},&quot;min_height_tablet&quot;:{&quot;unit&quot;:&quot;px&quot;,&quot;size&quot;:&quot;&quot;,&quot;sizes&quot;:[]},&quot;min_height_mobile&quot;:{&quot;unit&quot;:&quot;px&quot;,&quot;size&quot;:&quot;&quot;,&quot;sizes&quot;:[]}}\" data-widget_type=\"table-of-contents.default\">\n\t\t\t\t\t\t\t\t\t<div class=\"elementor-toc__header\">\n\t\t\t\t\t\t<h2 class=\"elementor-toc__header-title\">\n\t\t\t\tEfnisyfirlit\t\t\t<\/h2>\n\t\t\t\t\t\t\t\t\t\t<div class=\"elementor-toc__toggle-button elementor-toc__toggle-button--expand\" role=\"button\" tabindex=\"0\" aria-controls=\"elementor-toc__iwgw-hina-toc\" aria-expanded=\"true\" aria-label=\"Open table of contents\"><svg aria-hidden=\"true\" class=\"e-font-icon-svg e-fas-chevron-down\" viewBox=\"0 0 448 512\" xmlns=\"http:\/\/www.w3.org\/2000\/svg\"><path d=\"M207.029 381.476L12.686 187.132c-9.373-9.373-9.373-24.569 0-33.941l22.667-22.667c9.357-9.357 24.522-9.375 33.901-.04L224 284.505l154.745-154.021c9.379-9.335 24.544-9.317 33.901.04l22.667 22.667c9.373 9.373 9.373 24.569 0 33.941L240.971 381.476c-9.373 9.372-24.569 9.372-33.942 0z\"><\/path><\/svg><\/div>\n\t\t\t\t<div class=\"elementor-toc__toggle-button elementor-toc__toggle-button--collapse\" role=\"button\" tabindex=\"0\" aria-controls=\"elementor-toc__iwgw-hina-toc\" aria-expanded=\"true\" aria-label=\"Close table of contents\"><svg aria-hidden=\"true\" class=\"e-font-icon-svg e-fas-chevron-up\" viewBox=\"0 0 448 512\" xmlns=\"http:\/\/www.w3.org\/2000\/svg\"><path d=\"M240.971 130.524l194.343 194.343c9.373 9.373 9.373 24.569 0 33.941l-22.667 22.667c-9.357 9.357-24.522 9.375-33.901.04L224 227.495 69.255 381.516c-9.379 9.335-24.544 9.317-33.901-.04l-22.667-22.667c-9.373-9.373-9.373-24.569 0-33.941L207.03 130.525c9.372-9.373 24.568-9.373 33.941-.001z\"><\/path><\/svg><\/div>\n\t\t\t\t\t<\/div>\n\t\t\t\t<div id=\"elementor-toc__iwgw-hina-toc\" class=\"elementor-toc__body\">\n\t\t\t<div class=\"elementor-toc__spinner-container\">\n\t\t\t\t<svg class=\"elementor-toc__spinner eicon-animation-spin e-font-icon-svg e-eicon-loading\" aria-hidden=\"true\" viewBox=\"0 0 1000 1000\" xmlns=\"http:\/\/www.w3.org\/2000\/svg\"><path d=\"M500 975V858C696 858 858 696 858 500S696 142 500 142 142 304 142 500H25C25 237 238 25 500 25S975 237 975 500 763 975 500 975Z\"><\/path><\/svg>\t\t\t<\/div>\n\t\t<\/div>\n\t\t\t\t\t\t<\/div>\n\t\t\t\t<\/div>\n\t\t\t\t\t<\/div>\n\t\t\t\t<\/div>\n\t\t<div class=\"elementor-element elementor-element-iwgw-hina-hr e-con-full e-flex e-con e-child\" data-id=\"iwgw-hina-hr\" data-element_type=\"container\" data-e-type=\"container\">\n\t\t\t\t<div class=\"elementor-element elementor-element-iwgw-hina-heroimg iwg-hero-image elementor-widget elementor-widget-image\" data-id=\"iwgw-hina-heroimg\" data-element_type=\"widget\" data-e-type=\"widget\" data-widget_type=\"image.default\">\n\t\t\t\t\t\t\t\t\t\t\t\t\t\t\t<img fetchpriority=\"high\" decoding=\"async\" width=\"683\" height=\"1024\" src=\"https:\/\/iwell-guard.com\/wp-content\/uploads\/2026\/05\/goetter_polynesisch-maori_hina-683x1024.webp\" class=\"attachment-large size-large wp-image-170842\" alt=\"Hina - gu\u00f0 \u00far p\u00f3l\u00fdnes\u00edsk-ma\u00f3r\u00edskri hef\u00f0, s\u00f6guleg-myndr\u00e6n framsetning\" srcset=\"https:\/\/iwell-guard.com\/wp-content\/uploads\/2026\/05\/goetter_polynesisch-maori_hina-683x1024.webp 683w, https:\/\/iwell-guard.com\/wp-content\/uploads\/2026\/05\/goetter_polynesisch-maori_hina-200x300.webp 200w, https:\/\/iwell-guard.com\/wp-content\/uploads\/2026\/05\/goetter_polynesisch-maori_hina-768x1152.webp 768w, https:\/\/iwell-guard.com\/wp-content\/uploads\/2026\/05\/goetter_polynesisch-maori_hina.webp 1024w\" sizes=\"(max-width: 683px) 100vw, 683px\" \/>\t\t\t\t\t\t\t\t\t\t\t\t\t\t\t<\/div>\n\t\t\t\t<\/div>\n\t\t\t\t\t<\/div>\n\t\t\t\t<\/div>\n\t\t<div class=\"elementor-element elementor-element-iwgw-hina-s0 e-flex e-con-boxed e-con e-parent\" data-id=\"iwgw-hina-s0\" data-element_type=\"container\" data-e-type=\"container\">\n\t\t\t\t\t<div class=\"e-con-inner\">\n\t\t\t\t<div class=\"elementor-element elementor-element-iwgw-hina-s0h elementor-widget elementor-widget-heading\" data-id=\"iwgw-hina-s0h\" data-element_type=\"widget\" data-e-type=\"widget\" data-widget_type=\"heading.default\">\n\t\t\t\t\t<h2 class=\"elementor-heading-title elementor-size-default\">Sta\u00f0a innan p\u00f3l\u00fdnes\u00edska go\u00f0aveldisins<\/h2>\t\t\t\t<\/div>\n\t\t<div class=\"elementor-element elementor-element-iwgw-hina-s0c e-con-full e-flex e-con e-child\" data-id=\"iwgw-hina-s0c\" data-element_type=\"container\" data-e-type=\"container\">\n\t\t\t\t<div class=\"elementor-element elementor-element-iwgw-hina-s0t elementor-widget elementor-widget-text-editor\" data-id=\"iwgw-hina-s0t\" data-element_type=\"widget\" data-e-type=\"widget\" data-widget_type=\"text-editor.default\">\n\t\t\t\t\t\t\t\t\t<p>Hina er pan-p\u00f3l\u00fdnes\u00edsk vera. \u00c1 Hawaii (Hina), Tah\u00edt\u00ed (Hina), Tonga (Hina) og Aotearoa (Hina, \u00ed formi Hine) kemur h\u00fan fram undir svipu\u00f0um n\u00f6fnum. Hin n\u00e1kv\u00e6ma virkni hennar er breytileg eftir sv\u00e6\u00f0um: \u00c1 Hawaii er h\u00fan oft m\u00e1nagy\u00f0ja og m\u00f3\u00f0ir Mauis; \u00e1 Tah\u00edt\u00ed m\u00e1nagy\u00f0ja og m\u00f3\u00f0ir; \u00e1 Aotearoa, sem Hine-nui-te-po, gy\u00f0ja undirheima og dau\u00f0leikans.<\/p><p>Margaret Orbell, Martha Beckwith og Mary Kawena Pukui skjalfesta \u00feessar sv\u00e6\u00f0isbundnu breytingar. Tr\u00faarbrag\u00f0afr\u00e6\u00f0ilega er Hina eitt besta d\u00e6mi\u00f0 um hvernig p\u00f3l\u00fdnes\u00edsk <span class=\"iwg-fachbegriff\" data-tooltip=\"Fr\u00e6\u00f0ileg kenning um Gu\u00f0 og tr\u00fa \u00ed tiltekinni tr\u00faarbr\u00f6g\u00f0um.\" tabindex=\"0\">gu\u00f0fr\u00e6\u00f0i<\/span> setur saman sv\u00e6\u00f0isbundi\u00f0 \u00f3l\u00edka go\u00f0aheima \u00far sameiginlegum sj\u00f3\u00f0i f\u00edg\u00fara.<\/p><p>Ma\u00f3r\u00edsk <span class=\"iwg-fachbegriff\" data-tooltip=\"Fr\u00e6\u00f0ileg kenning um Gu\u00f0 og tr\u00fa \u00ed tiltekinni tr\u00faarbr\u00f6g\u00f0um.\" tabindex=\"0\">gu\u00f0fr\u00e6\u00f0i<\/span>, \u00fear sem Hina birtist sem Hine, kemst af \u00e1n fullger\u00f0s l\u00e6rd\u00f3mskerfis. Engin fastm\u00f3tu\u00f0 kenning er til; s\u00e1 veruleiki sem atua hafa sta\u00f0festist \u00ed framkv\u00e6md: \u00ed karakia, \u00e1 samkomum \u00e1 marae, \u00ed whakapapa-upptalningum.<\/p><p>\u00deessa framkv\u00e6mdabundnu tegund <span class=\"iwg-fachbegriff\" data-tooltip=\"Fr\u00e6\u00f0ileg kenning um Gu\u00f0 og tr\u00fa \u00ed tiltekinni tr\u00faarbr\u00f6g\u00f0um.\" tabindex=\"0\">gu\u00f0fr\u00e6\u00f0i<\/span> metur <span class=\"iwg-fachbegriff\" data-tooltip=\"Fr\u00e6\u00f0igrein sem rannsakar tr\u00faarbr\u00f6g\u00f0 samanbur\u00f0arlega og \u00e1n tr\u00faarlegrar bindingar.\" tabindex=\"0\">tr\u00faarbrag\u00f0afr\u00e6\u00f0in<\/span> sem eigi\u00f0 framlag til fagsins; Mary Ann Boord og Edward Tregear hafa unni\u00f0 hana kerfisbundi\u00f0 \u00ed tr\u00faar\u00fej\u00f3\u00f0fr\u00e6\u00f0ilegum ranns\u00f3knum s\u00ednum \u00e1 P\u00f3l\u00fdnes\u00edu.<\/p><p>S\u00e1 sem rannsakar Hina rekst \u00e1 grundvallarvanda p\u00f3l\u00fdnes\u00edskra tr\u00faarbrag\u00f0aranns\u00f3kna: St\u00f3r hluti heimilda er fr\u00e1 n\u00fdlendut\u00edmanum \u00e1 19. \u00f6ld og er litu\u00f0 af s\u00fdn tr\u00fabo\u00f0a og \u00fej\u00f3\u00f0fr\u00e6\u00f0inga.<\/p><p>N\u00fdrri ranns\u00f3knir vinna \u00fev\u00ed st\u00f6\u00f0ugt a\u00f0 afkol\u00f3nuv\u00e6\u00f0ingu \u00feessara gagna, me\u00f0 \u00fev\u00ed a\u00f0 setja p\u00f3l\u00fdnes\u00edskar raddir \u00ed brennidepil og gagnr\u00fdna vestr\u00e6nar skipulagshugmyndir.<\/p><p>Ef p\u00f3l\u00fdnes\u00edsk tr\u00faarbr\u00f6g\u00f0 eru borin saman vi\u00f0 \u00f6nnur frumbyggjatr\u00faarbr\u00f6g\u00f0 Eyja\u00e1lfu, \u00c1stral\u00edu og Su\u00f0austur-As\u00edu, kemur \u00ed lj\u00f3s tv\u00ed\u00fe\u00e6tt s\u00e9rkenni: \u00deau eru athyglisver\u00f0lega st\u00f6\u00f0ug \u00ed grunn\u00feemum s\u00ednum en a\u00f0lagast jafnframt sta\u00f0bundi\u00f0. Hina, sem birtist \u00e1 Hawaii, Tah\u00edt\u00ed, Tonga og Aotearoa undir svipu\u00f0um n\u00f6fnum en me\u00f0 mismunandi virkni, er gl\u00f6ggt d\u00e6mi um \u00feetta.<\/p><p>\u00deessi spenna milli almennleika og sta\u00f0bundnis er mikilv\u00e6gt ranns\u00f3knarefni \u00ed tr\u00faar\u00fej\u00f3\u00f0fr\u00e6\u00f0i Kyrrahafssv\u00e6\u00f0isins.<\/p>\t\t\t\t\t\t\t\t<\/div>\n\t\t\t\t<\/div>\n\t\t\t\t\t<\/div>\n\t\t\t\t<\/div>\n\t\t<div class=\"elementor-element elementor-element-iwgw-hina-s1 e-flex e-con-boxed e-con e-parent\" data-id=\"iwgw-hina-s1\" data-element_type=\"container\" data-e-type=\"container\">\n\t\t\t\t\t<div class=\"e-con-inner\">\n\t\t\t\t<div class=\"elementor-element elementor-element-iwgw-hina-s1h elementor-widget elementor-widget-heading\" data-id=\"iwgw-hina-s1h\" data-element_type=\"widget\" data-e-type=\"widget\" data-widget_type=\"heading.default\">\n\t\t\t\t\t<h2 class=\"elementor-heading-title elementor-size-default\">Nafn og or\u00f0sifjar<\/h2>\t\t\t\t<\/div>\n\t\t<div class=\"elementor-element elementor-element-iwgw-hina-s1c e-con-full e-flex e-con e-child\" data-id=\"iwgw-hina-s1c\" data-element_type=\"container\" data-e-type=\"container\">\n\t\t\t\t<div class=\"elementor-element elementor-element-iwgw-hina-s1t elementor-widget elementor-widget-text-editor\" data-id=\"iwgw-hina-s1t\" data-element_type=\"widget\" data-e-type=\"widget\" data-widget_type=\"text-editor.default\">\n\t\t\t\t\t\t\t\t\t<p>Nafni\u00f0 Hina, Hine e\u00f0a Sina (me\u00f0 hlj\u00f3\u00f0breytingum eftir tungum\u00e1lagreinum) \u00fe\u00fd\u00f0ir \u00e1 ma\u00f3r\u00edsku &#8216;kona&#8217; e\u00f0a &#8216;meyjarleg vera&#8217;. \u00cd samsetningum eins og Hinetitama (&#8216;Hina d\u00f6gunar&#8217;), Hine-nui-te-po (&#8216;Hina hinnar miklu n\u00e6tur&#8217;), Hina-ka-malama (&#8216;Hina \u00ed m\u00e1nanum&#8217;) er virkni hennar n\u00e1kv\u00e6mar skilgreind.<\/p><p>Or\u00f0sifjafr\u00e6\u00f0in v\u00edsar til frum-p\u00f3l\u00fdnes\u00edsku *Sina me\u00f0 merkingunni &#8216;gr\u00e1r&#8217; (l\u00edkt og m\u00e1nalj\u00f3s) e\u00f0a &#8216;kona&#8217;. B\u00e1\u00f0ar merkingar koma fram \u00ed var\u00f0veittum s\u00f6gum. Bruce Biggs og a\u00f0rir m\u00e1lfr\u00e6\u00f0ingar hafa fjalla\u00f0 um or\u00f0sifjarnar.<\/p><p>A\u00f0 Hina komi fram undir formum eins og Hine e\u00f0a Sina, og me\u00f0 fj\u00f6lda kenniheita, er m\u00e1lfr\u00e6\u00f0ilega uppl\u00fdsandi: Sl\u00edk nafnamerg\u00f0 v\u00edsar til munnlegrar <span class=\"iwg-fachbegriff\" data-tooltip=\"Mi\u00f0lun \u00feekkingar og sagna milli kynsl\u00f3\u00f0a.\" tabindex=\"0\">munnm\u00e6lahef\u00f0ar<\/span> sem hefur greinst r\u00edkulega eftir sv\u00e6\u00f0um.<\/p><p>M\u00e1lfr\u00e6\u00f0ilegt d\u00fdpi ma\u00f3r\u00edskra og hawai\u00edskra gu\u00f0heita er skjalfest \u00ed or\u00f0ab\u00f3karverkum Bruce Biggs og Hugh Clarke, ranns\u00f3knum sem eru jafnframt grundvallaratri\u00f0i fyrir skilning \u00e1 tengslum p\u00f3l\u00fdnes\u00edskra tungum\u00e1la.<\/p><p>Kenniheiti Hinu eru oft meira en einf\u00f6ld skreyting. \u00deau k\u00f3\u00f0a \u00e1kve\u00f0in rit\u00faal-hlutverk og eru fastbundin \u00ed karakia-form\u00falum. Tohunga, hinir rit\u00faalfr\u00f3\u00f0u s\u00e9rfr\u00e6\u00f0ingar, vissu n\u00e1kv\u00e6mlega hva\u00f0a kenniheiti skyldi \u00e1kalla\u00f0 \u00ed hverri a\u00f0st\u00e6\u00f0u. \u00deessa n\u00e1kv\u00e6mlega skilgreindu helgisi\u00f0aframkv\u00e6md rannsaka Charles Royal og Pou Temara.<\/p><p>Hva\u00f0a upprunalega merking liggur a\u00f0 baki kenniheitunum er oft umdeilt &#8211; jafnvel nafni\u00f0 Hina sj\u00e1lft m\u00e1 rekja til frum-p\u00f3l\u00fdnes\u00edsku *Sina, sem merkir b\u00e6\u00f0i &#8216;gr\u00e1r&#8217; og &#8216;kona&#8217;. Oft standa samkeppnistill\u00f6gur um or\u00f0sifjar hli\u00f0 vi\u00f0 hli\u00f0 \u00e1n \u00feess a\u00f0 tryggar heimildir leyfi \u00farskur\u00f0. N\u00fat\u00edma <span class=\"iwg-fachbegriff\" data-tooltip=\"Fr\u00e6\u00f0igrein sem rannsakar tr\u00faarbr\u00f6g\u00f0 samanbur\u00f0arlega og \u00e1n tr\u00faarlegrar bindingar.\" tabindex=\"0\">tr\u00faarbrag\u00f0afr\u00e6\u00f0i<\/span> metur \u00feessa fj\u00f6lbreytni sem au\u00f0leg\u00f0, ekki galla.<\/p>\t\t\t\t\t\t\t\t<\/div>\n\t\t\t\t<\/div>\n\t\t\t\t\t<\/div>\n\t\t\t\t<\/div>\n\t\t<div class=\"elementor-element elementor-element-iwgw-hina-s2 e-flex e-con-boxed e-con e-parent\" data-id=\"iwgw-hina-s2\" data-element_type=\"container\" data-e-type=\"container\">\n\t\t\t\t\t<div class=\"e-con-inner\">\n\t\t\t\t<div class=\"elementor-element elementor-element-iwgw-hina-s2h elementor-widget elementor-widget-heading\" data-id=\"iwgw-hina-s2h\" data-element_type=\"widget\" data-e-type=\"widget\" data-widget_type=\"heading.default\">\n\t\t\t\t\t<h2 class=\"elementor-heading-title elementor-size-default\">L\u00fdsing og myndlist<\/h2>\t\t\t\t<\/div>\n\t\t<div class=\"elementor-element elementor-element-iwgw-hina-s2c e-con-full e-flex e-con e-child\" data-id=\"iwgw-hina-s2c\" data-element_type=\"container\" data-e-type=\"container\">\n\t\t\t\t<div class=\"elementor-element elementor-element-iwgw-hina-s2t elementor-widget elementor-widget-text-editor\" data-id=\"iwgw-hina-s2t\" data-element_type=\"widget\" data-e-type=\"widget\" data-widget_type=\"text-editor.default\">\n\t\t\t\t\t\t\t\t\t<p>Hina er s\u00fdnd sem f\u00f6gur kona sem birtist oft \u00ed m\u00e1naskini. \u00cd sumum s\u00f6gum ber h\u00fan tapa-efni (barkarpapp\u00edr) vi\u00f0 m\u00e1nann &#8211; blettirnir \u00e1 m\u00e1nanum eru \u00ed nokkrum p\u00f3l\u00fdnes\u00edskum hef\u00f0um \u00fatlag\u00f0ir sem tapa-berjari Hinu. \u00c1 Hawaii er h\u00fan oft s\u00fdnd me\u00f0 berjunart\u00f3linu fyrir tapa (i&#8217;e kuku).<\/p><p>Sem Hine-nui-te-po \u00ed hef\u00f0 Ma\u00f3ra er Hina \u00f3gnvekjandi vera me\u00f0 augu l\u00edkt hrafntinnu, hvassar tennur, vera sem mi\u00f0lar milli dau\u00f0a og f\u00e6\u00f0ingar. \u00deessi tv\u00ede\u00f0li \u00ed myndm\u00e1li er mi\u00f0l\u00e6gt \u00ed fr\u00e6\u00f0unum.<\/p><p>\u00c1 s\u00ed\u00f0ustu \u00e1ratugum hefur \u00fatskur\u00f0arhandverk Ma\u00f3ra og Hawaiib\u00faa fengi\u00f0 n\u00fdtt l\u00edf. \u00datskur\u00f0armenn eins og Cliff Whiting, Robyn Kahukiwa, Wright Bowman og Sam Ka\u02bbai tengja hef\u00f0bundi\u00f0 formm\u00e1l vi\u00f0 eigin \u00farvinnslu. \u00cd veru eins og Hinu, sem \u00ed fj\u00f6lm\u00f6rgum sta\u00f0bundnum \u00fatg\u00e1fum er tengd m\u00e1nanum, konum og vefna\u00f0arlistinni me\u00f0 tapa og fl\u00e9ttum, s\u00e9st einnig breidd hef\u00f0arins: m\u00e1nasig\u00f0, graskerk\u00fala og berjunarkylfa til a\u00f0 berja barkarbastefni koma aftur fram \u00ed \u00fatskur\u00f0arverkum og halda hinum \u00fdmsu hlutverkum hennar sj\u00f3nr\u00e6nt lifandi.<\/p><p>\u00cd verkum s\u00ednum taka atuarnir, me\u00f0al \u00feeirra Hina, \u00e1 sig fj\u00f6lbreytilega mynd; myndr\u00e6nni n\u00e6rvera hennar n\u00e6r \u00fev\u00ed fram \u00ed samt\u00edmalist.<\/p><p>P\u00f3l\u00fdnes\u00edsk list ver\u00f0ur ekki skilin fr\u00e1 heimsfr\u00e6\u00f0ilegri \u00fe\u00fd\u00f0ingu sinni. Hver sp\u00edrall (koru), hvert skraut og hver l\u00edna ber tr\u00faarfyrirb\u00e6rafr\u00e6\u00f0ilega merkingu &#8211; einnig \u00ed myndum af Hinu me\u00f0 berjunart\u00f3linu fyrir tapa. Roger Neich, Damian Skinner og fleiri listfr\u00e6\u00f0ingar hafa unni\u00f0 \u00far \u00feessum merkingarl\u00f6gum me\u00f0 kerfisbundnum h\u00e6tti.<\/p>\t\t\t\t\t\t\t\t<\/div>\n\t\t\t\t<\/div>\n\t\t\t\t\t<\/div>\n\t\t\t\t<\/div>\n\t\t<div class=\"elementor-element elementor-element-iwgw-hina-s3 e-flex e-con-boxed e-con e-parent\" data-id=\"iwgw-hina-s3\" data-element_type=\"container\" data-e-type=\"container\">\n\t\t\t\t\t<div class=\"e-con-inner\">\n\t\t\t\t<div class=\"elementor-element elementor-element-iwgw-hina-s3h elementor-widget elementor-widget-heading\" data-id=\"iwgw-hina-s3h\" data-element_type=\"widget\" data-e-type=\"widget\" data-widget_type=\"heading.default\">\n\t\t\t\t\t<h2 class=\"elementor-heading-title elementor-size-default\">Lei\u00f0ir Hinu til m\u00e1nans<\/h2>\t\t\t\t<\/div>\n\t\t<div class=\"elementor-element elementor-element-iwgw-hina-s3c e-con-full e-flex e-con e-child\" data-id=\"iwgw-hina-s3c\" data-element_type=\"container\" data-e-type=\"container\">\n\t\t\t\t<div class=\"elementor-element elementor-element-iwgw-hina-s3t elementor-widget elementor-widget-text-editor\" data-id=\"iwgw-hina-s3t\" data-element_type=\"widget\" data-e-type=\"widget\" data-widget_type=\"text-editor.default\">\n\t\t\t\t\t\t\t\t\t<p>\u00c1 Hawaii og Tah\u00edt\u00ed er til sagan af \u00fev\u00ed hvernig Hina fer til m\u00e1nans. H\u00fan er dau\u00f0leg e\u00f0a halfgu\u00f0leg kona, sem br\u00f3\u00f0ir hennar e\u00f0a ma\u00f0ur fer illa me\u00f0; h\u00fan fl\u00fdr til m\u00e1nans.<\/p><p>Beckwith greinir fr\u00e1 hawai\u00edsku \u00fatg\u00e1funni: Hina tekur graskerk\u00falu og verkf\u00e6ri s\u00edn og st\u00edgur upp til m\u00e1nans um regnboga e\u00f0a m\u00e1nageisla, \u00fear sem h\u00fan hefur b\u00fai\u00f0 s\u00ed\u00f0an.<\/p><p>Fr\u00e6\u00f0ilega s\u00e9\u00f0 er \u00feetta klass\u00edsk uppruna-<span class=\"iwg-fachbegriff\" data-tooltip=\"Hef\u00f0bundin saga um gu\u00f0i, uppruna og skipan heimsins.\" tabindex=\"0\">go\u00f0saga<\/span> um m\u00e1nablettina. M\u00e1nablettir eru \u00ed m\u00f6rgum menningarheimum \u00fatlag\u00f0ir go\u00f0sagnalega (,m\u00e1nakan\u00ednan&#8217; \u00ed Austur-As\u00edu, ,ma\u00f0urinn \u00ed m\u00e1nanum&#8217; \u00ed Evr\u00f3pu). P\u00f3l\u00fdnes\u00edska \u00fatg\u00e1fan er s\u00e9rt\u00e6kt kvenleg.<\/p><p>S\u00f6gurnar um lei\u00f0ir Hinu til m\u00e1nans eru fr\u00e6\u00f0ilega ekki lesnar sem loku\u00f0 fr\u00e1s\u00f6gn heldur sem net sagna sem \u00fatsk\u00fdra hver a\u00f0ra og eru mismunandi \u00e1herslu\u00f0 \u00ed hinum einst\u00f6ku \u00e6ttb\u00e1lkahef\u00f0um.<\/p><p>Hef\u00f0in um Hinu er ekki bundin vi\u00f0 eina gilda s\u00f6gu. \u00c1 Hawaii, \u00ed Aotearoa og \u00e1 fleiri eyjum koma fram mismunandi Hina-verur, sem m\u00e1nakona, sem \u00e6ttm\u00f3\u00f0ir, sem verndari vefna\u00f0arlistarins. \u00deessi fj\u00f6lbreytta samsetning gerir beina ranns\u00f3kn erfi\u00f0ari en opnar fr\u00e6\u00f0unum um lei\u00f0 r\u00edkulegt efni. \u00d3l\u00edk \u00fatg\u00e1fur af s\u00f6gu eru \u00fear taldar jafnr\u00e9tth\u00e1ar sta\u00f0bundnar birtingarmyndir, ekki rangar.<\/p><p>S\u00f6gurnar um Hinu lifa ekki einungis \u00ed minninu. \u00deeim er virkt komi\u00f0 \u00e1fram &#8211; \u00ed karakia, \u00ed r\u00e6\u00f0um \u00e1 marae og \u00ed kennslu. \u00deannig eru \u00fe\u00e6r lifandi i\u00f0kun, ekki kyrrst\u00e6tt safn. Tungum\u00e1la\u00e1\u00e6tlanir fyrir Te Reo Maori og Olelo Hawai&#8217;i hafa styrkt \u00feessa lifandi hef\u00f0 verulega \u00e1 s\u00ed\u00f0ustu \u00ferj\u00e1t\u00edu \u00e1rum.<\/p>\t\t\t\t\t\t\t\t<\/div>\n\t\t\t\t<\/div>\n\t\t\t\t\t<\/div>\n\t\t\t\t<\/div>\n\t\t<div class=\"elementor-element elementor-element-iwgw-hina-s4 e-flex e-con-boxed e-con e-parent\" data-id=\"iwgw-hina-s4\" data-element_type=\"container\" data-e-type=\"container\">\n\t\t\t\t\t<div class=\"e-con-inner\">\n\t\t\t\t<div class=\"elementor-element elementor-element-iwgw-hina-s4h elementor-widget elementor-widget-heading\" data-id=\"iwgw-hina-s4h\" data-element_type=\"widget\" data-e-type=\"widget\" data-widget_type=\"heading.default\">\n\t\t\t\t\t<h2 class=\"elementor-heading-title elementor-size-default\">Hina sem Hinetitama og Hine-nui-te-po<\/h2>\t\t\t\t<\/div>\n\t\t<div class=\"elementor-element elementor-element-iwgw-hina-s4c e-con-full e-flex e-con e-child\" data-id=\"iwgw-hina-s4c\" data-element_type=\"container\" data-e-type=\"container\">\n\t\t\t\t<div class=\"elementor-element elementor-element-iwgw-hina-s4t elementor-widget elementor-widget-text-editor\" data-id=\"iwgw-hina-s4t\" data-element_type=\"widget\" data-e-type=\"widget\" data-widget_type=\"text-editor.default\">\n\t\t\t\t\t\t\t\t\t<p>\u00cd hef\u00f0 Ma\u00f3ra er Hina tengd hinni mi\u00f0l\u00e6gu <span class=\"iwg-fachbegriff\" data-tooltip=\"Hef\u00f0bundin saga um gu\u00f0i, uppruna og skipan heimsins.\" tabindex=\"0\">go\u00f0s\u00f6gu<\/span> um Tane og fyrstu konuna. Tane m\u00f3tar Hineahuone \u00far rau\u00f0um leir og getur me\u00f0 henni Hinetitama. Hinetitama ver\u00f0ur eiginkona Tanes, en \u00feegar h\u00fan kemst a\u00f0 \u00fev\u00ed a\u00f0 ma\u00f0ur hennar er einnig fa\u00f0ir hennar, fl\u00fdr h\u00fan inn \u00ed Po (undirheiminn), \u00fear sem h\u00fan ver\u00f0ur Hine-nui-te-po.<\/p><p>Sem Hine-nui-te-po er h\u00fan gy\u00f0ja dau\u00f0leikans. Tilraun <a href=\"https:\/\/iwell-guard.com\/is\/?page_id=168943\">Maui<\/a> til a\u00f0 fara \u00ed gegnum hana og veita mannkyninu \u00f3dau\u00f0leika mistekst. Hine-nui-te-po drepur Maui, og mennirnir ver\u00f0a \u00e1fram dau\u00f0legir. \u00deessi saga er fr\u00e6\u00f0ilega dj\u00fap. Anne Salmond og Margaret Orbell t\u00falka hana sem lykilgo\u00f0s\u00f6gu Ma\u00f3ra-manne\u00f0lisfr\u00e6\u00f0innar.<\/p><p>A\u00f0 Hina sem Hinetitama og sem Hine-nui-te-po mi\u00f0li milli d\u00f6gunar og hinnar miklu n\u00e6tur, milli f\u00e6\u00f0ingar og dau\u00f0a, v\u00edsar til grunneinkennis \u00ed tr\u00fa Ma\u00f3ra og Hawaiib\u00faa: <span class=\"iwg-fachbegriff\" data-tooltip=\"Fastm\u00f3tu\u00f0, endurtekin tr\u00faarleg ath\u00f6fn.\" tabindex=\"0\">rit\u00faal<\/span> og hversdagsleg ath\u00f6fn fl\u00e9ttast saman.<\/p><p>Me\u00f0an sum tr\u00faarkerfi skilja hi\u00f0 heilaga skarplega fr\u00e1 hinu hversdagslega, gegns\u00fdra tengslin vi\u00f0 atuarna allt l\u00edfi\u00f0 \u00ed P\u00f3l\u00fdnes\u00edu. Hj\u00e1 Hinu s\u00e9st \u00feetta \u00ed \u00e1\u00fereifanlegum ath\u00f6fnum: ger\u00f0 tapa, talning n\u00e6turs eftir st\u00f6\u00f0u m\u00e1nans og verk sem eru eignu\u00f0 konum eru tengd henni. \u00deannig n\u00e6r n\u00e6rvera hennar inn \u00ed handverk og t\u00edmaskipulag. \u00deessi hversdagslega r\u00f3tfesta tr\u00faarvitund er efni tr\u00faarfyrirb\u00e6rafr\u00e6\u00f0ilegra ranns\u00f3kna.<\/p><p>Hversu n\u00e1tengd tr\u00faarleg i\u00f0kun og hversdagsl\u00edf eru m\u00e1 einnig lesa af tungum\u00e1linu: hugt\u00f6k eins og mana, tapu, aroha e\u00f0a hauora eru \u00ed dag hluti af almennri ensku Aotearoa og eru notu\u00f0 einnig utan tr\u00faarlegs samhengis. A\u00f0 Ma\u00f3ra-<span class=\"iwg-fachbegriff\" data-tooltip=\"V\u00edsindaleg fr\u00e6\u00f0i um gu\u00f0 og tr\u00fa tiltekinnar tr\u00faarbrag\u00f0a.\" tabindex=\"0\">gu\u00f0fr\u00e6\u00f0in<\/span> hafi \u00feannig skr\u00e1\u00f0 sig \u00ed tungum\u00e1li\u00f0 s\u00fdnir dj\u00fapst\u00e6\u00f0 menningarleg \u00e1hrif hennar.<\/p>\t\t\t\t\t\t\t\t<\/div>\n\t\t\t\t<\/div>\n\t\t\t\t\t<\/div>\n\t\t\t\t<\/div>\n\t\t<div class=\"elementor-element elementor-element-iwgw-hina-s5 e-flex e-con-boxed e-con e-parent\" data-id=\"iwgw-hina-s5\" data-element_type=\"container\" data-e-type=\"container\">\n\t\t\t\t\t<div class=\"e-con-inner\">\n\t\t\t\t<div class=\"elementor-element elementor-element-iwgw-hina-s5h elementor-widget elementor-widget-heading\" data-id=\"iwgw-hina-s5h\" data-element_type=\"widget\" data-e-type=\"widget\" data-widget_type=\"heading.default\">\n\t\t\t\t\t<h2 class=\"elementor-heading-title elementor-size-default\">Kult og athafnir<\/h2>\t\t\t\t<\/div>\n\t\t<div class=\"elementor-element elementor-element-iwgw-hina-s5c e-con-full e-flex e-con e-child\" data-id=\"iwgw-hina-s5c\" data-element_type=\"container\" data-e-type=\"container\">\n\t\t\t\t<div class=\"elementor-element elementor-element-iwgw-hina-s5t elementor-widget elementor-widget-text-editor\" data-id=\"iwgw-hina-s5t\" data-element_type=\"widget\" data-e-type=\"widget\" data-widget_type=\"text-editor.default\">\n\t\t\t\t\t\t\t\t\t<p>Hina er hei\u00f0ru\u00f0 \u00ed p\u00f3l\u00fdnes\u00edskri hef\u00f0 me\u00f0 tapa-sl\u00e6tti, m\u00e1naathugunum og \u00e1kve\u00f0num kvennasi\u00f0um. \u00c1 Hawaii voru til m\u00e1nam\u00e1na\u00f0at\u00f6l sem tengdust fasa Hinu. Athafnir sem s\u00e9rstaklega snerta konur, svo sem t\u00ed\u00f0abl\u00e6\u00f0ingar og f\u00e6\u00f0ingar, g\u00e1tu einnig haft tengsl vi\u00f0 Hinu.<\/p><p>\u00cd m\u00e1nam\u00e1na\u00f0atalinu (maramataka) Ma\u00f3ra eru \u00e1kve\u00f0nar n\u00e6tur kalla\u00f0ar Hinu-n\u00e6tur. \u00cd sumum iwi eru til karakia sem eru sungin \u00e1 \u00feessum n\u00f3ttum. \u00deessi hef\u00f0 hefur a\u00f0 hluta veri\u00f0 endurl\u00edfgu\u00f0 n\u00fa \u00e1 t\u00edmum \u00ed tengslum vi\u00f0 endurreisn maramataka.<\/p><p>P\u00f3l\u00fdnes\u00edsk tr\u00faarbr\u00f6g\u00f0 eru enn \u00ed dag hva\u00f0 lifandi \u00e1 marae og heiau, \u00feeim st\u00f6\u00f0um sem eru b\u00e6\u00f0i samkomu- og helgista\u00f0ir. Hvert marae og hvert heiau hefur s\u00edna eigin whakapapa, s\u00ednar eigin fr\u00e1sagnir og s\u00edn eigin tengsl vi\u00f0 atua \u2013 hj\u00e1 alp\u00f3l\u00fdnes\u00edskri veru eins og Hinu eru \u00feessi tengsl mj\u00f6g mismunandi eftir sv\u00e6\u00f0um.<\/p><p>Heims\u00f3kn \u00e1 marae hefst me\u00f0 powhiri, \u00fev\u00ed <span class=\"iwg-fachbegriff\" data-tooltip=\"Skipul\u00f6g\u00f0 atbur\u00f0ar\u00f6\u00f0 t\u00e1knger\u00f0ra athafna me\u00f0 tr\u00faarlega e\u00f0a menningarlega merkingu.\" tabindex=\"0\">helgisi\u00f0i<\/span> \u00fear sem tangata whenua taka h\u00e1t\u00ed\u00f0lega \u00e1 m\u00f3ti gestum s\u00ednum. \u00deetta er ekki h\u00e1t\u00ed\u00f0leg <span class=\"iwg-fachbegriff\" data-tooltip=\"Hin var\u00f0veitta \u00fej\u00f3\u00f0menning me\u00f0 si\u00f0um, s\u00f6gum og s\u00f6ngvum.\" tabindex=\"0\">\u00fej\u00f3\u00f0menning<\/span>, heldur lifandi tr\u00faari\u00f0kun sem telst me\u00f0al best skjalfestu m\u00f3tt\u00f6kuathafna P\u00f3l\u00fdnes\u00edu \u00ed fr\u00e6\u00f0ilegri umfj\u00f6llun.<\/p><p>D\u00fdrkun vera eins og Hinu er einnig hluti af helgisi\u00f0aframkv\u00e6md sem hefur breyst verulega \u00e1 20. og 21. \u00f6ld. Hi\u00f0 mi\u00f0l\u00e6ga helgisi\u00f0ahlutverk, sem \u00e1\u00f0ur tilheyr\u00f0i tohunga, er n\u00fa oft \u00ed h\u00f6ndum kaumatua, \u00f6ldunganna, og marae-nefndanna. Manuka Henare og Mason Durie fjalla um \u00feessa tr\u00faf\u00e9lagslega \u00e1hugaver\u00f0u breytingu \u00ed ranns\u00f3knum s\u00ednum.<\/p>\t\t\t\t\t\t\t\t<\/div>\n\t\t\t\t<\/div>\n\t\t\t\t\t<\/div>\n\t\t\t\t<\/div>\n\t\t<div class=\"elementor-element elementor-element-iwgw-hina-s6 e-flex e-con-boxed e-con e-parent\" data-id=\"iwgw-hina-s6\" data-element_type=\"container\" data-e-type=\"container\">\n\t\t\t\t\t<div class=\"e-con-inner\">\n\t\t\t\t<div class=\"elementor-element elementor-element-iwgw-hina-s6h elementor-widget elementor-widget-heading\" data-id=\"iwgw-hina-s6h\" data-element_type=\"widget\" data-e-type=\"widget\" data-widget_type=\"heading.default\">\n\t\t\t\t\t<h2 class=\"elementor-heading-title elementor-size-default\">Verndarhef\u00f0ir<\/h2>\t\t\t\t<\/div>\n\t\t<div class=\"elementor-element elementor-element-iwgw-hina-s6c e-con-full e-flex e-con e-child\" data-id=\"iwgw-hina-s6c\" data-element_type=\"container\" data-e-type=\"container\">\n\t\t\t\t<div class=\"elementor-element elementor-element-iwgw-hina-s6t elementor-widget elementor-widget-text-editor\" data-id=\"iwgw-hina-s6t\" data-element_type=\"widget\" data-e-type=\"widget\" data-widget_type=\"text-editor.default\">\n\t\t\t\t\t\t\t\t\t<p>\u00cd hef\u00f0 Ma\u00f3ra er Hina, sem Hine-nui-te-po, ekki fyrst og fremst &#8216;k\u00f6llu\u00f0 til&#8217; \u00ed skj\u00f3lssamhengi \u2013 h\u00fan er frekar m\u00e1ttarvald sem \u00e1 a\u00f0 vir\u00f0a. \u00deeir sem deyja eru tekin \u00e1 m\u00f3ti \u00ed r\u00edki hennar; sorgarathafnir (tangihanga) hei\u00f0ra m\u00f3tt\u00f6ku hinna d\u00e1nu.<\/p><p>\u00c1 Hawaii og Tah\u00edt\u00ed er Hina meira til sta\u00f0ar sem velvilju\u00f0 m\u00e1nago\u00f0ja. Konur sem eru \u00feunga\u00f0ar geta be\u00f0i\u00f0 um <span class=\"iwg-fachbegriff\" data-tooltip=\"Blessun heilla og verndar, oft \u00ed fastri m\u00e1lformi.\" tabindex=\"0\">blessun<\/span> Hinu; tapa-ger\u00f0arf\u00f3lk bi\u00f0ur um hj\u00e1lp vi\u00f0 i\u00f0n s\u00edna. \u00deessi hef\u00f0 hefur \u00ed dag veri\u00f0 a\u00f0 hluta endurl\u00edfgu\u00f0 \u00ed hawai\u00edsku endurreisninni.<\/p><p>\u00deegar r\u00e6tt er um skj\u00f3l er gagnlegt a\u00f0 gera v\u00edsindalegan greinarmun: Vestr\u00e6n hugsun leggur oft \u00e1herslu \u00e1 hi\u00f0 verkandi verndargrip, hin p\u00f3l\u00fdnes\u00edska \u00e1 r\u00e6kta\u00f0 samband. \u00cd samskiptum vi\u00f0 Hinu kemur \u00feetta fram \u00feannig a\u00f0 vir\u00f0ing fyrir \u00feeim t\u00edmum og ath\u00f6fnum sem henni eru eignu\u00f0, til d\u00e6mis vi\u00f0 tapa-ger\u00f0 e\u00f0a m\u00e1naathuganir, skipulegur sambandi\u00f0. Skj\u00f3l byggist h\u00e9r ekki \u00e1 neinni t\u00f6frafr\u00e6\u00f0ilegri virkni. \u00dea\u00f0 er skili\u00f0 sem samband og stj\u00f3rna\u00f0 me\u00f0 helgisi\u00f0um.<\/p><p>S\u00e1 sem er \u00ed sambandi vi\u00f0 atua eins og Hinu og vi\u00f0heldur \u00fev\u00ed sambandi telst &#8216;varinn&#8217;. \u00c1st\u00e6\u00f0an felst \u00fe\u00e1 ekki \u00ed hlut sem hefur m\u00e1tt, heldur er fyrirliggjandi samband kosm\u00f3l\u00f3g\u00edskt bindandi. \u00cd tr\u00faarmannfr\u00e6\u00f0i er \u00feetta r\u00e6tt undir hugtakinu &#8216;relational ontology&#8217;.<\/p><p>Einmitt \u00ed skj\u00f3li\u00f0kun, sem einnig felur \u00ed s\u00e9r \u00e1kall til vera eins og Hinu, m\u00e6tast hef\u00f0 og n\u00fat\u00ed\u00f0. Snjalls\u00edmaforrit me\u00f0 karakia, netn\u00e1mskei\u00f0 um verndarathafnir og s\u00fdndarheims\u00f3knir \u00e1 marae s\u00fdna a\u00f0 p\u00f3l\u00fdnes\u00edsk tr\u00faarbr\u00f6g\u00f0 n\u00fdta n\u00fd mi\u00f0lunart\u00e6ki fyrir i\u00f0kun s\u00edna. \u00deessa n\u00fat\u00edmav\u00e6\u00f0ingu ber a\u00f0 skilja sem a\u00f0l\u00f6gunarh\u00e6fa \u00fer\u00f3un, engan veginn sem yfirbor\u00f0smennsku.<\/p>\t\t\t\t\t\t\t\t<\/div>\n\t\t\t\t<\/div>\n\t\t\t\t\t<\/div>\n\t\t\t\t<\/div>\n\t\t<div class=\"elementor-element elementor-element-iwgw-hina-s7 e-flex e-con-boxed e-con e-parent\" data-id=\"iwgw-hina-s7\" data-element_type=\"container\" data-e-type=\"container\">\n\t\t\t\t\t<div class=\"e-con-inner\">\n\t\t\t\t<div class=\"elementor-element elementor-element-iwgw-hina-s7h elementor-widget elementor-widget-heading\" data-id=\"iwgw-hina-s7h\" data-element_type=\"widget\" data-e-type=\"widget\" data-widget_type=\"heading.default\">\n\t\t\t\t\t<h2 class=\"elementor-heading-title elementor-size-default\">Hli\u00f0st\u00e6\u00f0ur \u00ed \u00f6\u00f0rum menningarheimum<\/h2>\t\t\t\t<\/div>\n\t\t<div class=\"elementor-element elementor-element-iwgw-hina-s7c e-con-full e-flex e-con e-child\" data-id=\"iwgw-hina-s7c\" data-element_type=\"container\" data-e-type=\"container\">\n\t\t\t\t<div class=\"elementor-element elementor-element-iwgw-hina-s7t elementor-widget elementor-widget-text-editor\" data-id=\"iwgw-hina-s7t\" data-element_type=\"widget\" data-e-type=\"widget\" data-widget_type=\"text-editor.default\">\n\t\t\t\t\t\t\t\t\t<p>Hina m\u00e1 bera saman vi\u00f0 fj\u00f6lmargar m\u00e1nago\u00f0jur: Selene og Artemis (gr\u00edskar), Luna (r\u00f3mverska), Chang&#8217;e (k\u00ednversk), Mawu (Vestur-Afr\u00edka). Tenging m\u00e1nalj\u00f3ss, kvenleika og vatns er \u00fatbreidd \u00e1 heimsv\u00edsu.<\/p><p>\u00dea\u00f0 sem er s\u00e9rstaklega p\u00f3l\u00fdnes\u00edskt er samruni m\u00e1nans og gy\u00f0ju dau\u00f0ans \u00ed einni pers\u00f3nu. Hine-nui-te-po sem b\u00e6\u00f0i skapandi og dau\u00f0ab\u00e6randi m\u00e1ttarvald er v\u00edsindalega athyglisver\u00f0. \u00deessi tv\u00f6falda n\u00e1tt\u00fara minnir \u00e1 Kali \u00ed hind\u00faahef\u00f0, en hefur \u00fer\u00f3ast sj\u00e1lfst\u00e6tt.<\/p><p>Alhli\u00f0a mynstur tr\u00faarlegrar reynslu, eins og \u00feau sem birtast \u00ed veru eins og Hinu er snertir f\u00e6\u00f0ingu og dau\u00f0a, hafa Joseph Campbell og Mircea Eliade rannsaka\u00f0 kerfisbundi\u00f0.<\/p><p>\u00de\u00f3tt verk \u00feeirra s\u00e9u grundvallandi \u00fearf a\u00f0 endursko\u00f0a \u00feau me\u00f0 tilliti til hinna s\u00e9rt\u00e6ku p\u00f3l\u00fdnes\u00edsku a\u00f0st\u00e6\u00f0na, \u00e1n \u00feess a\u00f0 falla \u00ed of alh\u00e6fandi einf\u00f6ldun. N\u00fdrri p\u00f3l\u00fdnes\u00edsk fr\u00e6\u00f0iranns\u00f3kn leggur mikla \u00e1herslu \u00e1 \u00feessa samhengisbundnu t\u00falkun.<\/p><p>M\u00e1nago\u00f0jan Hina ver\u00f0ur ekki sko\u00f0u\u00f0 \u00ed einangrun, \u00fev\u00ed al\u00fej\u00f3\u00f0leg frumbyggjafr\u00e6\u00f0iranns\u00f3kn dregur kerfisbundi\u00f0 fram samsv\u00f6run milli p\u00f3l\u00fdnes\u00edskra og annarra frumbyggjatr\u00faarbrag\u00f0a. Me\u00f0 Decolonizing Methodologies (1999) setti Linda Tuhiwai Smith fr\u00e6\u00f0ilega sta\u00f0la sem hafa haft al\u00fej\u00f3\u00f0leg \u00e1hrif.<\/p>\t\t\t\t\t\t\t\t<\/div>\n\t\t\t\t<\/div>\n\t\t\t\t\t<\/div>\n\t\t\t\t<\/div>\n\t\t<div class=\"elementor-element elementor-element-iwgw-hina-s8 e-flex e-con-boxed e-con e-parent\" data-id=\"iwgw-hina-s8\" data-element_type=\"container\" data-e-type=\"container\">\n\t\t\t\t\t<div class=\"e-con-inner\">\n\t\t\t\t<div class=\"elementor-element elementor-element-iwgw-hina-s8h elementor-widget elementor-widget-heading\" data-id=\"iwgw-hina-s8h\" data-element_type=\"widget\" data-e-type=\"widget\" data-widget_type=\"heading.default\">\n\t\t\t\t\t<h2 class=\"elementor-heading-title elementor-size-default\">M\u00f3tt\u00f6kur \u00ed dag<\/h2>\t\t\t\t<\/div>\n\t\t<div class=\"elementor-element elementor-element-iwgw-hina-s8c e-con-full e-flex e-con e-child\" data-id=\"iwgw-hina-s8c\" data-element_type=\"container\" data-e-type=\"container\">\n\t\t\t\t<div class=\"elementor-element elementor-element-iwgw-hina-s8t elementor-widget elementor-widget-text-editor\" data-id=\"iwgw-hina-s8t\" data-element_type=\"widget\" data-e-type=\"widget\" data-widget_type=\"text-editor.default\">\n\t\t\t\t\t\t\t\t\t<p>Hina er \u00ed dag mikilv\u00e6g fyrirmyndarpers\u00f3na \u00ed p\u00f3l\u00fdnes\u00edskri femin\u00edskri hreyfingu. Marie Alohalani Brown, Anne Salmond og a\u00f0rar fr\u00e6\u00f0ikonur hafa endurmeti\u00f0 st\u00f6\u00f0u Hinu. S\u00e9rstaklega er Hine-nui-te-po-pers\u00f3nan lesin sem kraftmiki\u00f0 <span class=\"iwg-fachbegriff\" data-tooltip=\"T\u00e1kn sem stendur fyrir hugmynd e\u00f0a merkingu.\" tabindex=\"0\">t\u00e1kn<\/span> kvenlegs sj\u00e1lfst\u00e6\u00f0is og sj\u00e1lfsfullyr\u00f0ingar.<\/p><p>\u00cd hawai\u00edskum hula og \u00ed haka Ma\u00f3ra kemur Hina fram \u00ed fj\u00f6lm\u00f6rgum verkum. Einnig \u00ed n\u00fat\u00edma Kyrrahafsb\u00f3kmenntum (til d\u00e6mis hj\u00e1 Siu Figiel e\u00f0a Patriciu Grace) er Hina endurtekinn vi\u00f0mi\u00f0unarpunktur. N\u00e1kv\u00e6mari greining \u00e1 <a href=\"https:\/\/iwell-guard.com\/is\/?page_id=168911\">p\u00f3l\u00fdnes\u00edsku tr\u00faarbrag\u00f0afj\u00f6lskyldunni<\/a> s\u00fdnir mi\u00f0l\u00e6ga st\u00f6\u00f0u hennar sem alp\u00f3l\u00fdnes\u00edsk vera.<\/p><p>M\u00e1nago\u00f0jan Hina er hluti af tr\u00faarlegri <span class=\"iwg-fachbegriff\" data-tooltip=\"Mi\u00f0lun \u00feekkingar og fr\u00e1sagna milli kynsl\u00f3\u00f0a.\" tabindex=\"0\">arfleif\u00f0<\/span> sem \u00ed al\u00fej\u00f3\u00f0legri umr\u00e6\u00f0u er \u00ed auknum m\u00e6li vi\u00f0urkennd sem sj\u00e1lfst\u00e6tt kerfi og ekki lengur ni\u00f0url\u00e6g\u00f0 sem &#8216;<span class=\"iwg-fachbegriff\" data-tooltip=\"Heild \u00feeirra sagna um gu\u00f0i sem var\u00f0veist hafa \u00ed menningu.\" tabindex=\"0\">go\u00f0afr\u00e6\u00f0i<\/span>&#8216; e\u00f0a &#8216;<span class=\"iwg-fachbegriff\" data-tooltip=\"Hin var\u00f0veitta \u00fej\u00f3\u00f0menning me\u00f0 si\u00f0um, s\u00f6gum og s\u00f6ngvum.\" tabindex=\"0\">\u00fej\u00f3\u00f0menning<\/span>&#8216;.<\/p><p>A\u00f0 hugt\u00f6k eins og &#8216;mana&#8217;, &#8216;tapu&#8217;, &#8216;mauri&#8217; og &#8216;whakapapa&#8217; hafi or\u00f0i\u00f0 hluti af v\u00edsindalegu fagm\u00e1li s\u00fdnir \u00feessa vi\u00f0urkenningu. \u00deeir sem nota \u00feau \u00feurfa hins vegar samhengisbundna n\u00e6rg\u00e6tni sem kemur ekki af sj\u00e1lfu s\u00e9r.<\/p><p>Upptaka p\u00f3l\u00fdnes\u00edskra tr\u00faarbrag\u00f0a \u00ed d\u00e6gurmenningu, \u00ed gegnum Disney-framlei\u00f0slu, fer\u00f0a\u00fej\u00f3nustu og dulspekilegar b\u00f3kmenntir, er efni gagnr\u00fdnna umr\u00e6\u00f0na. Hvar fer fram vi\u00f0eigandi mi\u00f0lun, hvar ver\u00f0ur h\u00fan yfirbor\u00f0skennd e\u00f0a skekkt? \u00deessar spurningar eru r\u00e6ddar af krafti og opinberlega \u00ed Aotearoa og \u00e1 Hawaii.<\/p>\t\t\t\t\t\t\t\t<\/div>\n\t\t\t\t<\/div>\n\t\t\t\t\t<\/div>\n\t\t\t\t<\/div>\n\t\t<div class=\"elementor-element elementor-element-iwgw-hina-s9 e-flex e-con-boxed e-con e-parent\" data-id=\"iwgw-hina-s9\" data-element_type=\"container\" data-e-type=\"container\">\n\t\t\t\t\t<div class=\"e-con-inner\">\n\t\t\t\t<div class=\"elementor-element elementor-element-iwgw-hina-s9h elementor-widget elementor-widget-heading\" data-id=\"iwgw-hina-s9h\" data-element_type=\"widget\" data-e-type=\"widget\" data-widget_type=\"heading.default\">\n\t\t\t\t\t<h2 class=\"elementor-heading-title elementor-size-default\">Ranns\u00f3knir og heimildir<\/h2>\t\t\t\t<\/div>\n\t\t<div class=\"elementor-element elementor-element-iwgw-hina-s9c e-con-full e-flex e-con e-child\" data-id=\"iwgw-hina-s9c\" data-element_type=\"container\" data-e-type=\"container\">\n\t\t\t\t<div class=\"elementor-element elementor-element-iwgw-hina-s9t elementor-widget elementor-widget-text-editor\" data-id=\"iwgw-hina-s9t\" data-element_type=\"widget\" data-e-type=\"widget\" data-widget_type=\"text-editor.default\">\n\t\t\t\t\t\t\t\t\t<p>Mikilv\u00e6g framl\u00f6g um Hina koma fr\u00e1 Margaret Orbell, Marthu Beckwith, Mary Kawena Pukui, Anne Salmond, Marie Alohalani Brown og Patrick Kirch. Verk \u00feeirra skjalfesta sv\u00e6\u00f0isbundin tilbrig\u00f0i og tr\u00faars\u00f6gulegt v\u00e6gi \u00feessarar go\u00f0sagnapers\u00f3nu.<\/p><p>Hina er \u00e1fram lykilpers\u00f3na til a\u00f0 skilja hugmyndir P\u00f3l\u00fdnes\u00edu um kvenleika og innbyggingu \u00feeirra \u00ed heimsmyndina. Tv\u00f6falt e\u00f0li hennar, tungl og dau\u00f0i, f\u00e6\u00f0ing og dau\u00f0leiki, hefur s\u00e9rstakt v\u00edsindalegt v\u00e6gi.<\/p><p>Samr\u00e6\u00f0an milli innri \u00feekkingarhef\u00f0a P\u00f3l\u00fdnes\u00edu og fr\u00e6\u00f0ilegra ranns\u00f3kna \u00e1 s\u00e9r n\u00fa stofnanalega festu innan Royal Society of New Zealand &#8211; Te Aparangi, Maori Studies-deildar Auckland-h\u00e1sk\u00f3la, University of Hawai&#8217;i at Manoa og sj\u00f3\u00f0sins Te Punga Tipu.<\/p><p>\u00deessar stofnanir tryggja a\u00f0 ranns\u00f3knir \u00e1 P\u00f3l\u00fdnes\u00edu s\u00e9u jafnframt stunda\u00f0ar af P\u00f3l\u00fdnes\u00edub\u00faum sj\u00e1lfum.<\/p><p>Tengingu vi\u00f0 hina al\u00fej\u00f3\u00f0legu <span class=\"iwg-fachbegriff\" data-tooltip=\"Fr\u00e6\u00f0igreinin sem rannsakar tr\u00faarbr\u00f6g\u00f0 samanbur\u00f0arlega og \u00e1n tr\u00faarlegrar skuldbindingar.\" tabindex=\"0\">tr\u00faarbrag\u00f0afr\u00e6\u00f0i<\/span> skapa ranns\u00f3knir sem nota p\u00f3l\u00fdnes\u00edska <span class=\"iwg-fachbegriff\" data-tooltip=\"Fr\u00e6\u00f0ileg kenning um gu\u00f0 og tr\u00fa innan tr\u00faarbrag\u00f0a.\" tabindex=\"0\">gu\u00f0fr\u00e6\u00f0i<\/span> sem d\u00e6mi um tr\u00faarl\u00edf utan hins vestr\u00e6na heims. \u00deessi samanbur\u00f0arvinna er fr\u00e6\u00f0ilega krefjandi en opnar n\u00fdja s\u00fdn \u00e1 tr\u00faarbr\u00f6g\u00f0 sem menningarlegt fyrirb\u00e6ri.<\/p>\t\t\t\t\t\t\t\t<\/div>\n\t\t\t\t<\/div>\n\t\t\t\t\t<\/div>\n\t\t\t\t<\/div>\n\t\t<div class=\"elementor-element elementor-element-cp259c0f7f e-flex e-con-boxed e-con e-parent\" data-id=\"cp259c0f7f\" data-element_type=\"container\" data-e-type=\"container\">\n\t\t\t\t\t<div class=\"e-con-inner\">\n\t\t\t\t<div class=\"elementor-element elementor-element-cp28039edf elementor-widget elementor-widget-heading\" data-id=\"cp28039edf\" data-element_type=\"widget\" data-e-type=\"widget\" data-widget_type=\"heading.default\">\n\t\t\t\t\t<h2 class=\"elementor-heading-title elementor-size-default\">Hina \u00ed tunglinu og barkarkl\u00e6\u00f0ager\u00f0in<\/h2>\t\t\t\t<\/div>\n\t\t<div class=\"elementor-element elementor-element-cp2e8cbde8 e-flex e-con-boxed e-con e-child\" data-id=\"cp2e8cbde8\" data-element_type=\"container\" data-e-type=\"container\">\n\t\t\t\t\t<div class=\"e-con-inner\">\n\t\t\t\t<div class=\"elementor-element elementor-element-cp20749182 elementor-widget elementor-widget-text-editor\" data-id=\"cp20749182\" data-element_type=\"widget\" data-e-type=\"widget\" data-widget_type=\"text-editor.default\">\n\t\t\t\t\t\t\t\t\t<p>Ein af \u00fatbreiddustu Hina-fr\u00e1s\u00f6gnum P\u00f3l\u00fdnes\u00edu tengir gy\u00f0juna vi\u00f0 tungli\u00f0. \u00c1 fj\u00f6lm\u00f6rgum eyjakl\u00f6sum, allt fr\u00e1 Hawaii yfir F\u00e9lagseyjar til Aotearoa, eru til \u00fatg\u00e1fur \u00fear sem Hina yfirgefur svi\u00f0 hins jar\u00f0neska l\u00edfs og flyst til tunglsins.<\/p><p>\u00cd hawai\u00edskri hef\u00f0, sem Martha Beckwith t\u00f3k saman \u00ed <em>Hawaiian Mythology<\/em>, ber h\u00fan heiti\u00f0 <em>Hina-i-ka-malama<\/em>, Hina \u00ed tunglinu.<\/p><p>\u00c1st\u00e6\u00f0an fyrir upphafningu hennar er oft tengd starfi hennar sem framlei\u00f0anda \u00e1 <em>kapa<\/em> e\u00f0a <em>tapa<\/em>, efni unnu \u00far trj\u00e1berki sem var nota\u00f0 um alla P\u00f3l\u00fdnes\u00edu til kl\u00e6\u00f0ager\u00f0ar, \u00e1brei\u00f0a og helgiathafna. Hina er talin go\u00f0sagnaleg upphafskona \u00feessarar kvennavinnu.<\/p><p>\u00dereytt \u00e1 byr\u00f0um jar\u00f0l\u00edfsins, str\u00f6ngum eiginmanni e\u00f0a endalausu striti, st\u00edgur h\u00fan upp \u00e1 regnboga e\u00f0a lj\u00f3sbraut til tunglsins. D\u00f6kku blettina \u00e1 tunglsk\u00edfunni t\u00falka sumar hef\u00f0ir sem Hina sj\u00e1lfa, undirlag hennar fyrir <em>kapa<\/em>-sl\u00e1tt e\u00f0a banjantr\u00e9\u00f0 sem h\u00fan vinnur b\u00f6rkinn af.<\/p><p>Reglubundi\u00f0 hlj\u00f3\u00f0i\u00f0 af berkjasl\u00e6ttinum, sem heyr\u00f0ist daglega \u00ed p\u00f3l\u00fdnes\u00edskum \u00feorpum, tengdi konurnar sem unnu \u00feetta verk vi\u00f0 gy\u00f0juna. Hina er \u00feannig ekki fjarl\u00e6g himnesk vera heldur bundin \u00e1kve\u00f0inni, kynbundinni verkt\u00e6kni. Fr\u00e6\u00f0ilega er athyglisvert a\u00f0 <span class=\"iwg-fachbegriff\" data-tooltip=\"Var\u00f0veitt fr\u00e1s\u00f6gn um gu\u00f0i, uppruna og skipan heimsins.\" tabindex=\"0\">go\u00f0s\u00f6gnin<\/span> \u00fe\u00fd\u00f0ir hversdagslegt erfi\u00f0i yfir \u00ed heimsfr\u00e6\u00f0ilega mynd: gy\u00f0jan, sem sleppur undan jar\u00f0neskri vinnubyr\u00f0i, er \u00e1fram s\u00fdnileg \u00e1 himninum me\u00f0 verkf\u00e6ri einmitt \u00feessarar vinnu. Tengslin vi\u00f0 <a href=\"https:\/\/iwell-guard.com\/is\/?page_id=168939\">T\u0101ne<\/a> og a\u00f0rar n\u00e1tt\u00farugy\u00f0jur s\u00fdna a\u00f0 Hina er felld inn \u00ed v\u00ed\u00f0t\u00e6kt net p\u00f3l\u00fdnes\u00edskra fr\u00e1sagna.\t\t\t\t\t\t\t\t<\/div>\n\t\t\t\t\t<\/div>\n\t\t\t\t<\/div>\n\t\t\t\t\t<\/div>\n\t\t\t\t<\/div>\n\t\t<div class=\"elementor-element elementor-element-cp20ed8aa9 e-flex e-con-boxed e-con e-parent\" data-id=\"cp20ed8aa9\" data-element_type=\"container\" data-e-type=\"container\">\n\t\t\t\t\t<div class=\"e-con-inner\">\n\t\t\t\t<div class=\"elementor-element elementor-element-cp29297094 elementor-widget elementor-widget-heading\" data-id=\"cp29297094\" data-element_type=\"widget\" data-e-type=\"widget\" data-widget_type=\"heading.default\">\n\t\t\t\t\t<h2 class=\"elementor-heading-title elementor-size-default\">M\u0101ui og Hina: m\u00f3\u00f0ir, systir e\u00f0a eiginkona?<\/h2>\t\t\t\t<\/div>\n\t\t<div class=\"elementor-element elementor-element-cp2f2d4061 e-flex e-con-boxed e-con e-child\" data-id=\"cp2f2d4061\" data-element_type=\"container\" data-e-type=\"container\">\n\t\t\t\t\t<div class=\"e-con-inner\">\n\t\t\t\t<div class=\"elementor-element elementor-element-cp2649fb75 elementor-widget elementor-widget-text-editor\" data-id=\"cp2649fb75\" data-element_type=\"widget\" data-e-type=\"widget\" data-widget_type=\"text-editor.default\">\n\t\t\t\t\t\t\t\t\t<p>\u00cd M\u0101ui-sagnaflokkunum, sem eru me\u00f0al \u00feekktustu fr\u00e1sagnarhef\u00f0a P\u00f3l\u00fdnes\u00edu, er Hina pers\u00f3na sem kemur reglulega fyrir, en er skilgreind mismunandi eftir eyjakl\u00f6sum. \u00cd sumum hef\u00f0um er h\u00fan m\u00f3\u00f0ir menningarhetjunnar M\u0101ui, \u00ed \u00f6\u00f0rum systir hans, og enn \u00f6\u00f0rum eiginkona hans.<\/p><p>\u00deessi breytileiki er ekki mist\u00f6k \u00ed munnlegri hef\u00f0, heldur endurspeglar hann \u00fe\u00e1 sta\u00f0reynd a\u00f0 nafni\u00f0 Hina t\u00e1knar pan-p\u00f3l\u00fdnes\u00edskt heilan h\u00f3p kvenkyns vera, oft me\u00f0 sk\u00fdrandi vi\u00f0urnefni.<\/p><p>\u00cd atri\u00f0i sem er skr\u00e1\u00f0 \u00ed m\u00f6rgum eyjakl\u00f6sum reynir M\u0101ui a\u00f0 n\u00e1 \u00f3dau\u00f0leika fyrir m\u00f3\u00f0ur s\u00edna e\u00f0a konu, Hinu, me\u00f0 \u00fev\u00ed a\u00f0 reyna a\u00f0 komast inn \u00ed l\u00edkama dau\u00f0agy\u00f0junnar <em>Hine-nui-te-p\u014d<\/em>, en nafn hennar sj\u00e1lft ber form af Hina.<\/p><p>Tilraunin mistekst, M\u0101ui er drepinn, og dau\u00f0inn er \u00e1fram raunveruleiki fyrir mannkyni\u00f0. \u00cd n\u00fdsj\u00e1lenskri hef\u00f0, sem George Grey skr\u00e1\u00f0i \u00e1 19. \u00f6ld \u00ed <em>Polynesian Mythology<\/em>, kemur \u00feessi tenging s\u00e9rlega sk\u00fdrt fram.<\/p><p>Anna\u00f0 \u00feekkt atri\u00f0i er Hina og \u00e1llinn: \u00e1llegin vera \u00e1reitir Hinu, M\u0101ui drepur hana, og \u00far h\u00f6f\u00f0i e\u00f0a l\u00edkama hennar vex fyrsta k\u00f3kosp\u00e1lman. \u00deessi saga \u00fatsk\u00fdrir samt\u00edmis uppruna einnar mikilv\u00e6gustu nytjapl\u00f6ntu P\u00f3l\u00fdnes\u00edu. Ranns\u00f3knir, me\u00f0al annars Katharine Luomala \u00ed ranns\u00f3kn sinni <em>Maui-of-a-Thousand-Tricks<\/em> (1949), hafa kortlagt greina\u00fe\u00e9ttleika \u00feessara sagnaflokka og s\u00fdnt hversu n\u00e1tengd Hina og M\u0101ui eru \u00ed p\u00f3l\u00fdnes\u00edskri fr\u00e1sagnarhef\u00f0 \u00ed heild. \u00d3vissan um skyldleika \u00feeirra endurspeglar opnun munnlegrar hef\u00f0ar sem endursamsetti s\u00f6mu n\u00f6fnin \u00ed gegnum aldir og yfir \u00fe\u00fasundir sj\u00f3m\u00edlna.\t\t\t\t\t\t\t\t<\/div>\n\t\t\t\t\t<\/div>\n\t\t\t\t<\/div>\n\t\t\t\t\t<\/div>\n\t\t\t\t<\/div>\n\t\t<div class=\"elementor-element elementor-element-cp2d6d1209 e-flex e-con-boxed e-con e-parent\" data-id=\"cp2d6d1209\" data-element_type=\"container\" data-e-type=\"container\">\n\t\t\t\t\t<div class=\"e-con-inner\">\n\t\t\t\t<div class=\"elementor-element elementor-element-cp2c884a00 elementor-widget elementor-widget-heading\" data-id=\"cp2c884a00\" data-element_type=\"widget\" data-e-type=\"widget\" data-widget_type=\"heading.default\">\n\t\t\t\t\t<h2 class=\"elementor-heading-title elementor-size-default\">N\u00fdlendusafnendur og skekking Hina-myndarinnar<\/h2>\t\t\t\t<\/div>\n\t\t<div class=\"elementor-element elementor-element-cp2fa19e2e e-flex e-con-boxed e-con e-child\" data-id=\"cp2fa19e2e\" data-element_type=\"container\" data-e-type=\"container\">\n\t\t\t\t\t<div class=\"e-con-inner\">\n\t\t\t\t<div class=\"elementor-element elementor-element-cp26ab99ee elementor-widget elementor-widget-text-editor\" data-id=\"cp26ab99ee\" data-element_type=\"widget\" data-e-type=\"widget\" data-widget_type=\"text-editor.default\">\n\t\t\t\t\t\t\t\t\t<p>N\u00faverandi \u00feekking \u00e1 Hina kemur n\u00e6r eing\u00f6ngu \u00far heimildum sem evr\u00f3pskir og amer\u00edskir safnarar skr\u00e1\u00f0u \u00e1 19. og snemma \u00e1 20. \u00f6ld, og \u00feessi heimildasta\u00f0a m\u00f3tar mynd gy\u00f0junnar \u00e1 h\u00e1tt sem ber a\u00f0 sko\u00f0a me\u00f0 gagnr\u00fdnum augum.<\/p><p>Tr\u00fabo\u00f0ar \u00e1 bor\u00f0 vi\u00f0 William Wyatt Gill, sem starfa\u00f0i \u00e1ratugum saman \u00e1 Mangaia \u00e1 Cook-eyjum og gaf \u00fat fr\u00e1sagnir \u00ed <em>Myths and Songs from the South Pacific<\/em> (1876), s\u00f6fnu\u00f0u miklu efni en felldu \u00fea\u00f0 inn \u00ed evr\u00f3psk b\u00f3kmenntahugt\u00f6k og s\u00edu\u00f0u \u00fea\u00f0 gegnum gu\u00f0fr\u00e6\u00f0ilegt sj\u00f3narhorn sitt.<\/p><p>Algengt vandam\u00e1l er tilhneigingin til a\u00f0 sameina hinar m\u00f6rgu Hina-verur \u00ed eina gy\u00f0ju. P\u00f3l\u00fdnes\u00edskar hef\u00f0ir \u00feekkja Hina-i-ka-malama, Hina-of-the-tapa, Hine-nui-te-p\u014d og margar fleiri, hver me\u00f0 sitt s\u00e9rheiti og sitt hlutverk.<\/p><p>Fyrstu safnarar sl\u00e9ttu\u00f0u \u00feennan fj\u00f6lbreytileika oft yfir \u00ed eina sk\u00fdra veru, \u00fev\u00ed \u00fea\u00f0 f\u00e9ll a\u00f0 skipulagshugmyndum \u00feeirra. \u00deannig var\u00f0 til villandi mynd af samfelldri Hina-<span class=\"iwg-fachbegriff\" data-tooltip=\"Fr\u00e6\u00f0ileg kenning um gu\u00f0 og tr\u00fa tiltekinna tr\u00faarbrag\u00f0a.\" tabindex=\"0\">gu\u00f0fr\u00e6\u00f0i<\/span>.<\/p><p>A\u00f0 auki s\u00f6g\u00f0u karlkyns safnarar a\u00f0 mestu fr\u00e1 \u00fev\u00ed sem karlkyns heimildarmenn mi\u00f0lu\u00f0u, og kvennahef\u00f0irnar sem tengjast Hina, til d\u00e6mis s\u00f6ngvarnir vi\u00f0 <em>kapa<\/em>-sl\u00e1ttinn, eru verr skr\u00e1\u00f0ar. S\u00ed\u00f0ari t\u00edma fr\u00e6\u00f0ikonur eins og Katharine Luomala og Martha Beckwith hafa a\u00f0 nokkru leyti lei\u00f0r\u00e9tt \u00feetta \u00f3jafnv\u00e6gi. Fr\u00e6\u00f0ilega gildir \u00fev\u00ed: s\u00e9rhver fullyr\u00f0ing um Hina er bundin \u00e1kve\u00f0nu safni, \u00e1kve\u00f0num heimildarmanni og \u00e1kve\u00f0inni eyju. S\u00fa hugmynd sem n\u00fa er \u00fatbreidd um eina samr\u00e6mda p\u00f3l\u00fdnes\u00edska tunglgy\u00f0ju er a\u00f0 verulegu leyti afur\u00f0 n\u00fdlendubundinnar s\u00f6fnunarstarfsemi, en ekki tr\u00fa eftirmynd einnar afmarka\u00f0rar frumbyggjahef\u00f0ar.\t\t\t\t\t\t\t\t<\/div>\n\t\t\t\t\t<\/div>\n\t\t\t\t<\/div>\n\t\t\t\t\t<\/div>\n\t\t\t\t<\/div>\n\t\t<div class=\"elementor-element elementor-element-iwgw-hina-lit e-flex e-con-boxed e-con e-parent\" data-id=\"iwgw-hina-lit\" data-element_type=\"container\" data-e-type=\"container\">\n\t\t\t\t\t<div class=\"e-con-inner\">\n\t\t\t\t<div class=\"elementor-element elementor-element-iwgw-hina-lith elementor-widget elementor-widget-heading\" data-id=\"iwgw-hina-lith\" data-element_type=\"widget\" data-e-type=\"widget\" data-widget_type=\"heading.default\">\n\t\t\t\t\t<h2 class=\"elementor-heading-title elementor-size-default\">Heimildir (\u00farval)<\/h2>\t\t\t\t<\/div>\n\t\t<div class=\"elementor-element elementor-element-iwgw-hina-litc e-con-full e-flex e-con e-child\" data-id=\"iwgw-hina-litc\" data-element_type=\"container\" data-e-type=\"container\">\n\t\t\t\t<div class=\"elementor-element elementor-element-iwgw-hina-litt elementor-widget elementor-widget-text-editor\" data-id=\"iwgw-hina-litt\" data-element_type=\"widget\" data-e-type=\"widget\" data-widget_type=\"text-editor.default\">\n\t\t\t\t\t\t\t\t\t<ul><li>Margaret Orbell: <em>The Illustrated Encyclopedia of Maori Myth and Legend<\/em> (1995)<\/li><li>Martha Beckwith: <em>Hawaiian Mythology<\/em> (1940)<\/li><li>Mary Kawena Pukui: <em>Nana I Ke Kumu<\/em> (1972)<\/li><li>Anne Salmond: <em>Tears of Rangi<\/em> (2017)<\/li><li>Marie Alohalani Brown: <em>Facing the Spears of Change<\/em> (2016)<\/li><li>Patrick Kirch: <em>On the Road of the Winds<\/em> (2000)<\/li><\/ul>\t\t\t\t\t\t\t\t<\/div>\n\t\t\t\t<\/div>\n\t\t\t\t\t<\/div>\n\t\t\t\t<\/div>\n\t\t<div class=\"elementor-element elementor-element-iwgkw-add-hina e-flex e-con-boxed e-con e-parent\" data-id=\"iwgkw-add-hina\" data-element_type=\"container\" data-e-type=\"container\">\n\t\t\t\t\t<div class=\"e-con-inner\">\n\t\t\t\t<div class=\"elementor-element elementor-element-iwgkw-add-hina-t elementor-widget elementor-widget-text-editor\" data-id=\"iwgkw-add-hina-t\" data-element_type=\"widget\" data-e-type=\"widget\" data-widget_type=\"text-editor.default\">\n\t\t\t\t\t\t\t\t\t<p><span class=\"iwg-fachbegriff\" data-tooltip=\"Heildarfj\u00f6ldi tr\u00faarlegra d\u00fdrkunarathafna fyrir gu\u00f0 e\u00f0a heilaga veru.\" tabindex=\"0\">D\u00fdrkun<\/span> <em>Hinu<\/em> er sta\u00f0fest v\u00ed\u00f0a um P\u00f3l\u00fdnes\u00edu, fr\u00e1 Hawaii yfir Tah\u00edt\u00ed allt til Aotearoa, \u00fear sem h\u00fan er \u00e1k\u00f6llu\u00f0 undir tengdum n\u00f6fnum sem m\u00e1nagy\u00f0ja og frumm\u00f3\u00f0ir.<\/p><p>Sta\u00f0bundnar \u00fatg\u00e1fur af d\u00fdrkuninni tengja Hinu vi\u00f0 tapa-ger\u00f0, f\u00e6\u00f0ingu og skil yfir \u00ed n\u00e6turhli\u00f0 tilverunnar, og s\u00fdna hversu n\u00e1tengd m\u00e1nin, kvenlegt starf og l\u00edfshringurinn eru \u00ed p\u00f3l\u00fdnes\u00edskri tr\u00fa.<\/p>\t\t\t\t\t\t\t\t<\/div>\n\t\t\t\t\t<\/div>\n\t\t\t\t<\/div>\n\t\t<div class=\"elementor-element elementor-element-iwgkw2-add-hina e-flex e-con-boxed e-con e-parent\" data-id=\"iwgkw2-add-hina\" data-element_type=\"container\" data-e-type=\"container\">\n\t\t\t\t\t<div class=\"e-con-inner\">\n\t\t\t\t<div class=\"elementor-element elementor-element-iwgkw2-add-hina-t elementor-widget elementor-widget-text-editor\" data-id=\"iwgkw2-add-hina-t\" data-element_type=\"widget\" data-e-type=\"widget\" data-widget_type=\"text-editor.default\">\n\t\t\t\t\t\t\t\t\t<p>Hina birtist \u00ed p\u00f3l\u00fdnes\u00edskum s\u00f6gnum sem <em>margbreytileg<\/em> Atua, sem eftir eyjakl\u00f6sum er l\u00fdst sem m\u00e1nagy\u00f0ju, frumm\u00f3\u00f0ir, verndara tapa-ger\u00f0ar e\u00f0a f\u00f6runauti Mauis.<\/p>\t\t\t\t\t\t\t\t<\/div>\n\t\t\t\t\t<\/div>\n\t\t\t\t<\/div>\n\t\t<div class=\"elementor-element elementor-element-iwgw-hina-kwd e-flex e-con-boxed e-con e-parent\" data-id=\"iwgw-hina-kwd\" data-element_type=\"container\" data-e-type=\"container\">\n\t\t\t\t\t<div class=\"e-con-inner\">\n\t\t<div class=\"elementor-element elementor-element-iwgw-hina-kwdc e-con-full e-flex e-con e-child\" data-id=\"iwgw-hina-kwdc\" data-element_type=\"container\" data-e-type=\"container\">\n\t\t\t\t<div class=\"elementor-element elementor-element-iwgw-hina-kwdt elementor-widget elementor-widget-text-editor\" data-id=\"iwgw-hina-kwdt\" data-element_type=\"widget\" data-e-type=\"widget\" data-widget_type=\"text-editor.default\">\n\t\t\t\t\t\t\t\t\t<p><em>Tengd leitaror\u00f0: Hina P\u00f3l\u00fdnes\u00eda m\u00e1nagy\u00f0ja Hine-nui-te-po maramataka Tapa Hinetitama.<\/em><\/p>\t\t\t\t\t\t\t\t<\/div>\n\t\t\t\t<\/div>\n\t\t\t\t\t<\/div>\n\t\t\t\t<\/div>\n\t\t<div class=\"elementor-element elementor-element-iwgw-hina-cc e-flex e-con-boxed e-con e-parent\" data-id=\"iwgw-hina-cc\" data-element_type=\"container\" data-e-type=\"container\" id=\"iwg-cc-hina\">\n\t\t\t\t\t<div class=\"e-con-inner\">\n\t\t<div class=\"elementor-element elementor-element-iwgw-hina-ccinner e-flex e-con-boxed e-con e-parent\" data-id=\"iwgw-hina-ccinner\" data-element_type=\"container\" data-e-type=\"container\" data-settings=\"{&quot;background_background&quot;:&quot;classic&quot;}\">\n\t\t\t\t\t<div class=\"e-con-inner\">\n\t\t\t\t<div class=\"elementor-element elementor-element-iwgw-hina-cch elementor-widget elementor-widget-heading\" data-id=\"iwgw-hina-cch\" data-element_type=\"widget\" data-e-type=\"widget\" data-widget_type=\"heading.default\">\n\t\t\t\t\t<h2 class=\"elementor-heading-title elementor-size-default\">iWell Guard og verndarhef\u00f0ir<\/h2>\t\t\t\t<\/div>\n\t\t\t\t<div class=\"elementor-element elementor-element-iwgw-hina-cct elementor-widget elementor-widget-text-editor\" data-id=\"iwgw-hina-cct\" data-element_type=\"widget\" data-e-type=\"widget\" data-widget_type=\"text-editor.default\">\n\t\t\t\t\t\t\t\t\t<div data-nosnippet=\"true\"><p>iWell Guard byggir \u00e1 menningars\u00f6gulegri hef\u00f0 farandlegra verndargripa, \u00ed hef\u00f0 <a href=\"https:\/\/iwell-guard.com\/is\/?page_id=168911\">P\u00f3l\u00fdnes\u00edu \/ Ma\u00f3ra<\/a> og margra annarra menningarheima um allan heim. 41 lag, ekta gull, plat\u00edna, silfur, framleitt \u00ed \u00de\u00fdskalandi. 30 daga skilar\u00e9ttur.<\/p><\/div>\t\t\t\t\t\t\t\t<\/div>\n\t\t\t\t<div class=\"elementor-element elementor-element-iwgw-hina-ccb iwg-cc-button iwg-cc-cta-2026-05-13 elementor-widget elementor-widget-jet-button\" data-id=\"iwgw-hina-ccb\" data-element_type=\"widget\" data-e-type=\"widget\" data-widget_type=\"jet-button.default\">\n\t\t\t\t<div class=\"elementor-widget-container\">\n\t\t\t\t\t<div class=\"elementor-jet-button jet-elements\"><div class=\"jet-button__container\"><a class=\"jet-button__instance jet-button__instance--icon-left hover-effect-1\" href=\"\/ueber-iwell-guard\/?utm_source=iwell-guard.com&amp;utm_medium=info-box&amp;utm_campaign=wesen-tradition\"><div class=\"jet-button__plane jet-button__plane-normal\"><\/div><div class=\"jet-button__plane jet-button__plane-hover\"><\/div><div class=\"jet-button__state jet-button__state-normal\"><span class=\"jet-button__label\">Meira um iWell Guard<\/span><\/div><div class=\"jet-button__state jet-button__state-hover\"><span class=\"jet-button__label\">Meira um iWell Guard<\/span><\/div><\/a><\/div><\/div><style>.elementor-element.elementor-element-iwgw-hina-ccb .jet-button__instance{width:320px;height:56px;}.elementor-element.elementor-element-iwgw-hina-ccb .jet-button__state-normal .jet-button__label{text-align:center;margin:0px 0px 0px 0px;color:#1a1b20;font-family:Montserrat,sans-serif;font-size:13px;font-weight:400;letter-spacing:4px;line-height:1.714em;text-transform:uppercase;}.elementor-element.elementor-element-iwgw-hina-ccb .jet-button__state-hover .jet-button__label{text-align:center;margin:0px 0px 0px 0px;color:#FECC76;font-family:Montserrat,sans-serif;font-size:13px;font-weight:400;letter-spacing:4px;line-height:1.714em;text-transform:uppercase;}.elementor-element.elementor-element-iwgw-hina-ccb .jet-button__plane-normal{background-color:#FECC76;border-style:solid;border-color:#C99540;border-width:2px 2px 2px 2px;}.elementor-element.elementor-element-iwgw-hina-ccb .jet-button__plane-hover{background-color:rgba(0,0,0,0.55);border-style:solid;border-color:#FECC76;border-width:2px 2px 2px 2px;}<\/style>\t\t\t\t<\/div>\n\t\t\t\t<\/div>\n\t\t\t\t<div class=\"elementor-element elementor-element-iwgw-hina-ccd elementor-widget elementor-widget-text-editor\" data-id=\"iwgw-hina-ccd\" data-element_type=\"widget\" data-e-type=\"widget\" data-widget_type=\"text-editor.default\">\n\t\t\t\t\t\t\t\t\t<div data-nosnippet=\"true\"><p style=\"text-align:center;font-size:13px;opacity:0.7;margin-top:14px\" data-nosnippet=\"true\">Pers\u00f3nuleg reynsla getur veri\u00f0 mismunandi. Ekki l\u00e6kningat\u00e6ki. Engin lofor\u00f0 um l\u00e6kningu.<\/p><\/div>\t\t\t\t\t\t\t\t<\/div>\n\t\t\t\t\t<\/div>\n\t\t\t\t<\/div>\n\t\t\t\t\t<\/div>\n\t\t\t\t<\/div>\n\t\t<div class=\"elementor-element elementor-element-iwgw-hina-disc e-flex e-con-boxed e-con e-parent\" data-id=\"iwgw-hina-disc\" data-element_type=\"container\" data-e-type=\"container\">\n\t\t\t\t\t<div class=\"e-con-inner\">\n\t\t\t\t<div class=\"elementor-element elementor-element-iwgw-hina-discw elementor-widget elementor-widget-html\" data-id=\"iwgw-hina-discw\" data-element_type=\"widget\" data-e-type=\"widget\" data-widget_type=\"html.default\">\n\t\t\t\t\t<footer data-nosnippet=\"true\" class=\"iwg-disclaimer-block\"><p data-nosnippet=\"true\">iWell Guard er <strong>ekki l\u00e6kningat\u00e6ki<\/strong> og kemur ekki \u00ed sta\u00f0inn fyrir l\u00e6knis- e\u00f0a s\u00e1lfr\u00e6\u00f0ime\u00f0fer\u00f0. Tr\u00faarfr\u00e6\u00f0ilegt efni er menningars\u00f6gulegt samhengi, ekki r\u00e1\u00f0legging um andlega i\u00f0kun.<\/p><\/footer>\t\t\t\t<\/div>\n\t\t\t\t\t<\/div>\n\t\t\t\t<\/div>\n\t\t\t\t<\/div>\n\t\t","protected":false},"excerpt":{"rendered":"","protected":false},"author":3,"featured_media":2710,"parent":0,"menu_order":0,"comment_status":"closed","ping_status":"closed","template":"elementor_header_footer","meta":{"_yoast_wpseo_focuskw":"Hina P\u00f3l\u00fdnes\u00eda m\u00e1nagy\u00f0ja","_yoast_wpseo_title":"Hina - P\u00f3l\u00fdnes\u00edsk m\u00e1nagy\u00f0ja, go\u00f0s\u00f6gn og d\u00fdrkun","_yoast_wpseo_metadesc":"Hina er p\u00f3l\u00fdnes\u00edsk m\u00e1nagy\u00f0ja og frumm\u00f3\u00f0ir, tengd dau\u00f0a og f\u00e6\u00f0ingu. Tr\u00faarbrag\u00f0afr\u00e6\u00f0ileg \u00fattekt me\u00f0 heimildum.","_yoast_wpseo_meta-robots-noindex":"","_yoast_wpseo_canonical":"","_angie_page":false,"gefaehrdungsstufe":"1","wesen_kultur":"polynesisch-maori","wesen_klasse":"goetter","footnotes":""},"categories":[],"class_list":["post-168948","page","type-page","status-publish","has-post-thumbnail","hentry"],"yoast_head":"<!-- This site is optimized with the Yoast SEO Premium plugin v27.7 (Yoast SEO v28.3) - https:\/\/yoast.com\/product\/yoast-seo-premium-wordpress\/ -->\n<title>Hina - P\u00f3l\u00fdnes\u00edsk m\u00e1nagy\u00f0ja, go\u00f0s\u00f6gn og d\u00fdrkun<\/title>\n<meta name=\"description\" content=\"Hina er p\u00f3l\u00fdnes\u00edsk m\u00e1nagy\u00f0ja og frumm\u00f3\u00f0ir, tengd dau\u00f0a og f\u00e6\u00f0ingu. Tr\u00faarbrag\u00f0afr\u00e6\u00f0ileg \u00fattekt me\u00f0 heimildum.\" \/>\n<meta name=\"robots\" content=\"index, follow, max-snippet:-1, max-image-preview:large, max-video-preview:-1\" \/>\n<link rel=\"canonical\" href=\"https:\/\/iwell-guard.com\/is\/hina-pol-slug-hina-polynesisk-managydja-frummodir\/\" \/>\n<meta property=\"og:locale\" content=\"is_IS\" \/>\n<meta property=\"og:type\" content=\"article\" \/>\n<meta property=\"og:title\" content=\"Hina - P\u00f3l\u00fdnes\u00edsk m\u00e1nagy\u00f0ja og frumm\u00f3\u00f0ir\" \/>\n<meta property=\"og:description\" content=\"Hina er p\u00f3l\u00fdnes\u00edsk m\u00e1nagy\u00f0ja og frumm\u00f3\u00f0ir, tengd dau\u00f0a og f\u00e6\u00f0ingu. Tr\u00faarbrag\u00f0afr\u00e6\u00f0ileg \u00fattekt me\u00f0 heimildum.\" \/>\n<meta property=\"og:url\" content=\"https:\/\/iwell-guard.com\/is\/hina-pol-slug-hina-polynesisk-managydja-frummodir\/\" \/>\n<meta property=\"og:site_name\" content=\"iWell Guard\" \/>\n<meta property=\"article:modified_time\" content=\"2026-09-05T14:23:32+00:00\" \/>\n<meta property=\"og:image\" content=\"https:\/\/iwell-guard.com\/wp-content\/uploads\/2026\/05\/goetter_polynesisch-maori_hina.webp\" \/>\n\t<meta property=\"og:image:width\" content=\"1024\" \/>\n\t<meta property=\"og:image:height\" content=\"1536\" \/>\n\t<meta property=\"og:image:type\" content=\"image\/webp\" \/>\n<meta name=\"twitter:card\" content=\"summary_large_image\" \/>\n<script type=\"application\/ld+json\" class=\"yoast-schema-graph\">{\"@context\":\"https:\\\/\\\/schema.org\",\"@graph\":[{\"@type\":\"WebPage\",\"@id\":\"https:\\\/\\\/iwell-guard.com\\\/is\\\/hina-pol-slug-hina-polynesisk-managydja-frummodir\\\/\",\"url\":\"https:\\\/\\\/iwell-guard.com\\\/is\\\/hina-pol-slug-hina-polynesisk-managydja-frummodir\\\/\",\"name\":\"Hina - P\u00f3l\u00fdnes\u00edsk m\u00e1nagy\u00f0ja, go\u00f0s\u00f6gn og d\u00fdrkun\",\"isPartOf\":{\"@id\":\"https:\\\/\\\/iwell-guard.com\\\/is\\\/#website\"},\"primaryImageOfPage\":{\"@id\":\"https:\\\/\\\/iwell-guard.com\\\/is\\\/hina-pol-slug-hina-polynesisk-managydja-frummodir\\\/#primaryimage\"},\"image\":{\"@id\":\"https:\\\/\\\/iwell-guard.com\\\/is\\\/hina-pol-slug-hina-polynesisk-managydja-frummodir\\\/#primaryimage\"},\"thumbnailUrl\":\"https:\\\/\\\/iwell-guard.com\\\/wp-content\\\/uploads\\\/2026\\\/05\\\/goetter_polynesisch-maori_hina.webp\",\"datePublished\":\"2026-09-05T14:04:17+00:00\",\"dateModified\":\"2026-09-05T14:23:32+00:00\",\"description\":\"Hina er p\u00f3l\u00fdnes\u00edsk m\u00e1nagy\u00f0ja og frumm\u00f3\u00f0ir, tengd dau\u00f0a og f\u00e6\u00f0ingu. Tr\u00faarbrag\u00f0afr\u00e6\u00f0ileg \u00fattekt me\u00f0 heimildum.\",\"breadcrumb\":{\"@id\":\"https:\\\/\\\/iwell-guard.com\\\/is\\\/hina-pol-slug-hina-polynesisk-managydja-frummodir\\\/#breadcrumb\"},\"inLanguage\":\"is\",\"potentialAction\":[{\"@type\":\"ReadAction\",\"target\":[\"https:\\\/\\\/iwell-guard.com\\\/is\\\/hina-pol-slug-hina-polynesisk-managydja-frummodir\\\/\"]}]},{\"@type\":\"ImageObject\",\"inLanguage\":\"is\",\"@id\":\"https:\\\/\\\/iwell-guard.com\\\/is\\\/hina-pol-slug-hina-polynesisk-managydja-frummodir\\\/#primaryimage\",\"url\":\"https:\\\/\\\/iwell-guard.com\\\/wp-content\\\/uploads\\\/2026\\\/05\\\/goetter_polynesisch-maori_hina.webp\",\"contentUrl\":\"https:\\\/\\\/iwell-guard.com\\\/wp-content\\\/uploads\\\/2026\\\/05\\\/goetter_polynesisch-maori_hina.webp\",\"width\":1024,\"height\":1536,\"caption\":\"Gu\u00f0ir \u00far p\u00f3l\u00fdnes\u00edsk-ma\u00f3r\u00edskri hef\u00f0.\"},{\"@type\":\"BreadcrumbList\",\"@id\":\"https:\\\/\\\/iwell-guard.com\\\/is\\\/hina-pol-slug-hina-polynesisk-managydja-frummodir\\\/#breadcrumb\",\"itemListElement\":[{\"@type\":\"ListItem\",\"position\":1,\"name\":\"Start\",\"item\":\"https:\\\/\\\/iwell-guard.com\\\/is\\\/?page_id=168580\"},{\"@type\":\"ListItem\",\"position\":2,\"name\":\"Hina &#8211; P\u00f3l\u00fdnes\u00edsk m\u00e1nagy\u00f0ja og frumm\u00f3\u00f0ir\"}]},{\"@type\":\"WebSite\",\"@id\":\"https:\\\/\\\/iwell-guard.com\\\/is\\\/#website\",\"url\":\"https:\\\/\\\/iwell-guard.com\\\/is\\\/\",\"name\":\"iWell Guard\",\"description\":\"Schutz vor dunklen Einfl\u00fcssen\",\"publisher\":{\"@id\":\"https:\\\/\\\/iwell-guard.com\\\/is\\\/#organization\"},\"potentialAction\":[{\"@type\":\"SearchAction\",\"target\":{\"@type\":\"EntryPoint\",\"urlTemplate\":\"https:\\\/\\\/iwell-guard.com\\\/is\\\/?s={search_term_string}\"},\"query-input\":{\"@type\":\"PropertyValueSpecification\",\"valueRequired\":true,\"valueName\":\"search_term_string\"}}],\"inLanguage\":\"is\"},{\"@type\":\"Organization\",\"@id\":\"https:\\\/\\\/iwell-guard.com\\\/is\\\/#organization\",\"name\":\"Ittermann electronic GmbH\",\"url\":\"https:\\\/\\\/iwell-guard.com\\\/is\\\/\",\"logo\":{\"@type\":\"ImageObject\",\"inLanguage\":\"is\",\"@id\":\"https:\\\/\\\/iwell-guard.com\\\/is\\\/#\\\/schema\\\/logo\\\/image\\\/\",\"url\":\"https:\\\/\\\/iwell-guard.com\\\/wp-content\\\/uploads\\\/2026\\\/05\\\/Ittermann-Logo-1182x237-1.png\",\"contentUrl\":\"https:\\\/\\\/iwell-guard.com\\\/wp-content\\\/uploads\\\/2026\\\/05\\\/Ittermann-Logo-1182x237-1.png\",\"width\":1182,\"height\":237,\"caption\":\"Ittermann electronic GmbH\"},\"image\":{\"@id\":\"https:\\\/\\\/iwell-guard.com\\\/is\\\/#\\\/schema\\\/logo\\\/image\\\/\"},\"sameAs\":[\"https:\\\/\\\/pantip.com\\\/profile\\\/9367242\",\"https:\\\/\\\/micro.blog\\\/iwellguard\",\"https:\\\/\\\/www.diggerslist.com\\\/iwellguard\\\/about\",\"https:\\\/\\\/skitterphoto.com\\\/photographers\\\/2870314\\\/iwell-guard\",\"https:\\\/\\\/iwellguard.wordpress.com\\\/2026\\\/06\\\/06\\\/iwell-guard\\\/\",\"https:\\\/\\\/hub.docker.com\\\/u\\\/iwellguard\",\"https:\\\/\\\/www.pinterest.com\\\/iwellguard\\\/\",\"https:\\\/\\\/bit.ly\\\/m\\\/iwellguard\",\"https:\\\/\\\/entre-vos-mains.alsace.eu\\\/profiles\\\/iwellguard\\\/activity\",\"https:\\\/\\\/gravatar.com\\\/reallybeded8fd34\",\"https:\\\/\\\/naijamatta.com\\\/iwellguard\",\"https:\\\/\\\/www.goodreads.com\\\/iwellguard\",\"https:\\\/\\\/profile.hatena.ne.jp\\\/iwellguard\\\/\",\"https:\\\/\\\/experiment.com\\\/users\\\/iwellguard\",\"https:\\\/\\\/wakelet.com\\\/@iWellGuard82270\",\"https:\\\/\\\/www.chordie.com\\\/forum\\\/profile.php?id=2555664\",\"https:\\\/\\\/www.instapaper.com\\\/p\\\/17757966\",\"https:\\\/\\\/www.mapleprimes.com\\\/users\\\/iwellguard\",\"https:\\\/\\\/businesslistingplus.com\\\/profile\\\/iwell-guard\\\/\",\"https:\\\/\\\/telegra.ph\\\/iWell-Guard-06-06\",\"https:\\\/\\\/pbase.com\\\/iwellguard\\\/iwellguard\",\"https:\\\/\\\/b.hatena.ne.jp\\\/iwellguard\\\/20260607#bookmark-4788405196491818882\",\"https:\\\/\\\/fliphtml5.com\\\/home\\\/iwellguard\",\"https:\\\/\\\/anyflip.com\\\/homepage\\\/cmiwl#About\",\"https:\\\/\\\/transfur.com\\\/Users\\\/iwellguard\",\"http:\\\/\\\/delphi.larsbo.org\\\/user\\\/iwellguard\",\"https:\\\/\\\/jobs.lajobsportal.org\\\/profiles\\\/8380803-iwell-guard\",\"https:\\\/\\\/md.chaosdorf.de\\\/s\\\/jfbe5SBdJD\",\"https:\\\/\\\/www.lingvolive.com\\\/en-us\\\/profile\\\/9ecaeaca-ce11-4e51-9e71-01d55e2bff36\\\/translations\",\"https:\\\/\\\/www.fitday.com\\\/fitness\\\/forums\\\/members\\\/iwellguard.html\",\"https:\\\/\\\/www.mymeetbook.com\\\/iwellguard\",\"https:\\\/\\\/pxhere.com\\\/en\\\/photographer-me\\\/5040798\",\"https:\\\/\\\/disqus.com\\\/by\\\/iwellguard\\\/about\\\/\",\"https:\\\/\\\/pastelink.net\\\/hjwciqwq\",\"https:\\\/\\\/pubhtml5.com\\\/homepage\\\/scjhn\\\/\",\"https:\\\/\\\/www.bitchute.com\\\/channel\\\/2O2eOKzNqujT\",\"https:\\\/\\\/audiomack.com\\\/iwellguard\"]},{\"@type\":\"Article\",\"@id\":\"https:\\\/\\\/iwell-guard.com\\\/is\\\/hina-pol-slug-hina-polynesisk-managydja-frummodir\\\/#article\",\"isPartOf\":{\"@id\":\"https:\\\/\\\/iwell-guard.com\\\/is\\\/hina-pol-slug-hina-polynesisk-managydja-frummodir\\\/\"},\"author\":{\"name\":\"Ralf Ittermann\",\"@id\":\"https:\\\/\\\/iwell-guard.com\\\/is\\\/#\\\/schema\\\/person\\\/ee2a27f1cac3406c7c6fb5820cb7349f\"},\"headline\":\"Hina &#8211; P\u00f3l\u00fdnes\u00edsk m\u00e1nagy\u00f0ja og frumm\u00f3\u00f0ir\",\"datePublished\":\"2026-09-05T14:04:17+00:00\",\"dateModified\":\"2026-09-05T14:23:32+00:00\",\"mainEntityOfPage\":{\"@id\":\"https:\\\/\\\/iwell-guard.com\\\/is\\\/hina-pol-slug-hina-polynesisk-managydja-frummodir\\\/\"},\"publisher\":{\"@id\":\"https:\\\/\\\/iwell-guard.com\\\/is\\\/#organization\"},\"image\":{\"@id\":\"https:\\\/\\\/iwell-guard.com\\\/is\\\/hina-pol-slug-hina-polynesisk-managydja-frummodir\\\/#primaryimage\"},\"thumbnailUrl\":\"https:\\\/\\\/iwell-guard.com\\\/wp-content\\\/uploads\\\/2026\\\/05\\\/goetter_polynesisch-maori_hina.webp\",\"inLanguage\":\"is\",\"description\":\"Hina er p\u00f3l\u00fdnes\u00edsk m\u00e1nagy\u00f0ja og frumm\u00f3\u00f0ir, tengd dau\u00f0a og f\u00e6\u00f0ingu. Tr\u00faarbrag\u00f0afr\u00e6\u00f0ileg \u00fattekt me\u00f0 heimildum.\"}]}<\/script>\n<!-- \/ Yoast SEO Premium plugin. -->","yoast_head_json":{"title":"Hina - P\u00f3l\u00fdnes\u00edsk m\u00e1nagy\u00f0ja, go\u00f0s\u00f6gn og d\u00fdrkun","description":"Hina er p\u00f3l\u00fdnes\u00edsk m\u00e1nagy\u00f0ja og frumm\u00f3\u00f0ir, tengd dau\u00f0a og f\u00e6\u00f0ingu. Tr\u00faarbrag\u00f0afr\u00e6\u00f0ileg \u00fattekt me\u00f0 heimildum.","robots":{"index":"index","follow":"follow","max-snippet":"max-snippet:-1","max-image-preview":"max-image-preview:large","max-video-preview":"max-video-preview:-1"},"canonical":"https:\/\/iwell-guard.com\/is\/hina-pol-slug-hina-polynesisk-managydja-frummodir\/","og_locale":"is_IS","og_type":"article","og_title":"Hina - P\u00f3l\u00fdnes\u00edsk m\u00e1nagy\u00f0ja og frumm\u00f3\u00f0ir","og_description":"Hina er p\u00f3l\u00fdnes\u00edsk m\u00e1nagy\u00f0ja og frumm\u00f3\u00f0ir, tengd dau\u00f0a og f\u00e6\u00f0ingu. Tr\u00faarbrag\u00f0afr\u00e6\u00f0ileg \u00fattekt me\u00f0 heimildum.","og_url":"https:\/\/iwell-guard.com\/is\/hina-pol-slug-hina-polynesisk-managydja-frummodir\/","og_site_name":"iWell Guard","article_modified_time":"2026-09-05T14:23:32+00:00","og_image":[{"width":1024,"height":1536,"url":"https:\/\/iwell-guard.com\/wp-content\/uploads\/2026\/05\/goetter_polynesisch-maori_hina.webp","type":"image\/webp"}],"twitter_card":"summary_large_image","schema":{"@context":"https:\/\/schema.org","@graph":[{"@type":"Article","@id":"https:\/\/iwell-guard.com\/is\/hina-pol-slug-hina-polynesisk-managydja-frummodir\/#article","isPartOf":{"@id":"https:\/\/iwell-guard.com\/is\/hina-pol-slug-hina-polynesisk-managydja-frummodir\/"},"author":{"name":"Ralf Ittermann","@id":"https:\/\/iwell-guard.com\/is\/#\/schema\/person\/ee2a27f1cac3406c7c6fb5820cb7349f"},"headline":"Hina &#8211; P\u00f3l\u00fdnes\u00edsk m\u00e1nagy\u00f0ja og frumm\u00f3\u00f0ir","datePublished":"2026-09-05T14:04:17+00:00","dateModified":"2026-09-05T14:23:32+00:00","mainEntityOfPage":{"@id":"https:\/\/iwell-guard.com\/is\/hina-pol-slug-hina-polynesisk-managydja-frummodir\/"},"publisher":{"@id":"https:\/\/iwell-guard.com\/is\/#organization"},"image":{"@id":"https:\/\/iwell-guard.com\/is\/hina-pol-slug-hina-polynesisk-managydja-frummodir\/#primaryimage"},"thumbnailUrl":"https:\/\/iwell-guard.com\/wp-content\/uploads\/2026\/05\/goetter_polynesisch-maori_hina.webp","inLanguage":"is","description":"Hina er p\u00f3l\u00fdnes\u00edsk m\u00e1nagy\u00f0ja og frumm\u00f3\u00f0ir, tengd dau\u00f0a og f\u00e6\u00f0ingu. Tr\u00faarbrag\u00f0afr\u00e6\u00f0ileg \u00fattekt me\u00f0 heimildum."},{"@type":"WebPage","@id":"https:\/\/iwell-guard.com\/is\/hina-pol-slug-hina-polynesisk-managydja-frummodir\/","url":"https:\/\/iwell-guard.com\/is\/hina-pol-slug-hina-polynesisk-managydja-frummodir\/","name":"Hina - P\u00f3l\u00fdnes\u00edsk m\u00e1nagy\u00f0ja, go\u00f0s\u00f6gn og d\u00fdrkun","isPartOf":{"@id":"https:\/\/iwell-guard.com\/is\/#website"},"primaryImageOfPage":{"@id":"https:\/\/iwell-guard.com\/is\/hina-pol-slug-hina-polynesisk-managydja-frummodir\/#primaryimage"},"image":{"@id":"https:\/\/iwell-guard.com\/is\/hina-pol-slug-hina-polynesisk-managydja-frummodir\/#primaryimage"},"thumbnailUrl":"https:\/\/iwell-guard.com\/wp-content\/uploads\/2026\/05\/goetter_polynesisch-maori_hina.webp","datePublished":"2026-09-05T14:04:17+00:00","dateModified":"2026-09-05T14:23:32+00:00","description":"Hina er p\u00f3l\u00fdnes\u00edsk m\u00e1nagy\u00f0ja og frumm\u00f3\u00f0ir, tengd dau\u00f0a og f\u00e6\u00f0ingu. Tr\u00faarbrag\u00f0afr\u00e6\u00f0ileg \u00fattekt me\u00f0 heimildum.","breadcrumb":{"@id":"https:\/\/iwell-guard.com\/is\/hina-pol-slug-hina-polynesisk-managydja-frummodir\/#breadcrumb"},"inLanguage":"is","potentialAction":[{"@type":"ReadAction","target":["https:\/\/iwell-guard.com\/is\/hina-pol-slug-hina-polynesisk-managydja-frummodir\/"]}]},{"@type":"ImageObject","inLanguage":"is","@id":"https:\/\/iwell-guard.com\/is\/hina-pol-slug-hina-polynesisk-managydja-frummodir\/#primaryimage","url":"https:\/\/iwell-guard.com\/wp-content\/uploads\/2026\/05\/goetter_polynesisch-maori_hina.webp","contentUrl":"https:\/\/iwell-guard.com\/wp-content\/uploads\/2026\/05\/goetter_polynesisch-maori_hina.webp","width":1024,"height":1536,"caption":"Gu\u00f0ir \u00far p\u00f3l\u00fdnes\u00edsk-ma\u00f3r\u00edskri hef\u00f0."},{"@type":"BreadcrumbList","@id":"https:\/\/iwell-guard.com\/is\/hina-pol-slug-hina-polynesisk-managydja-frummodir\/#breadcrumb","itemListElement":[{"@type":"ListItem","position":1,"name":"Start","item":"https:\/\/iwell-guard.com\/is\/?page_id=168580"},{"@type":"ListItem","position":2,"name":"Hina &#8211; P\u00f3l\u00fdnes\u00edsk m\u00e1nagy\u00f0ja og frumm\u00f3\u00f0ir"}]},{"@type":"WebSite","@id":"https:\/\/iwell-guard.com\/is\/#website","url":"https:\/\/iwell-guard.com\/is\/","name":"iWell Guard","description":"Schutz vor dunklen Einfl\u00fcssen","publisher":{"@id":"https:\/\/iwell-guard.com\/is\/#organization"},"potentialAction":[{"@type":"SearchAction","target":{"@type":"EntryPoint","urlTemplate":"https:\/\/iwell-guard.com\/is\/?s={search_term_string}"},"query-input":{"@type":"PropertyValueSpecification","valueRequired":true,"valueName":"search_term_string"}}],"inLanguage":"is"},{"@type":"Organization","@id":"https:\/\/iwell-guard.com\/is\/#organization","name":"Ittermann electronic GmbH","url":"https:\/\/iwell-guard.com\/is\/","logo":{"@type":"ImageObject","inLanguage":"is","@id":"https:\/\/iwell-guard.com\/is\/#\/schema\/logo\/image\/","url":"https:\/\/iwell-guard.com\/wp-content\/uploads\/2026\/05\/Ittermann-Logo-1182x237-1.png","contentUrl":"https:\/\/iwell-guard.com\/wp-content\/uploads\/2026\/05\/Ittermann-Logo-1182x237-1.png","width":1182,"height":237,"caption":"Ittermann electronic GmbH"},"image":{"@id":"https:\/\/iwell-guard.com\/is\/#\/schema\/logo\/image\/"},"sameAs":["https:\/\/pantip.com\/profile\/9367242","https:\/\/micro.blog\/iwellguard","https:\/\/www.diggerslist.com\/iwellguard\/about","https:\/\/skitterphoto.com\/photographers\/2870314\/iwell-guard","https:\/\/iwellguard.wordpress.com\/2026\/06\/06\/iwell-guard\/","https:\/\/hub.docker.com\/u\/iwellguard","https:\/\/www.pinterest.com\/iwellguard\/","https:\/\/bit.ly\/m\/iwellguard","https:\/\/entre-vos-mains.alsace.eu\/profiles\/iwellguard\/activity","https:\/\/gravatar.com\/reallybeded8fd34","https:\/\/naijamatta.com\/iwellguard","https:\/\/www.goodreads.com\/iwellguard","https:\/\/profile.hatena.ne.jp\/iwellguard\/","https:\/\/experiment.com\/users\/iwellguard","https:\/\/wakelet.com\/@iWellGuard82270","https:\/\/www.chordie.com\/forum\/profile.php?id=2555664","https:\/\/www.instapaper.com\/p\/17757966","https:\/\/www.mapleprimes.com\/users\/iwellguard","https:\/\/businesslistingplus.com\/profile\/iwell-guard\/","https:\/\/telegra.ph\/iWell-Guard-06-06","https:\/\/pbase.com\/iwellguard\/iwellguard","https:\/\/b.hatena.ne.jp\/iwellguard\/20260607#bookmark-4788405196491818882","https:\/\/fliphtml5.com\/home\/iwellguard","https:\/\/anyflip.com\/homepage\/cmiwl#About","https:\/\/transfur.com\/Users\/iwellguard","http:\/\/delphi.larsbo.org\/user\/iwellguard","https:\/\/jobs.lajobsportal.org\/profiles\/8380803-iwell-guard","https:\/\/md.chaosdorf.de\/s\/jfbe5SBdJD","https:\/\/www.lingvolive.com\/en-us\/profile\/9ecaeaca-ce11-4e51-9e71-01d55e2bff36\/translations","https:\/\/www.fitday.com\/fitness\/forums\/members\/iwellguard.html","https:\/\/www.mymeetbook.com\/iwellguard","https:\/\/pxhere.com\/en\/photographer-me\/5040798","https:\/\/disqus.com\/by\/iwellguard\/about\/","https:\/\/pastelink.net\/hjwciqwq","https:\/\/pubhtml5.com\/homepage\/scjhn\/","https:\/\/www.bitchute.com\/channel\/2O2eOKzNqujT","https:\/\/audiomack.com\/iwellguard"]},{"@type":"Person","@id":"https:\/\/iwell-guard.com\/is\/#\/schema\/person\/ee2a27f1cac3406c7c6fb5820cb7349f","name":"Ralf Ittermann","image":{"@type":"ImageObject","inLanguage":"is","@id":"https:\/\/secure.gravatar.com\/avatar\/073c0153e350a5005b68eb752b445fea71f6b24a26da9449ad7e155e6b446c9d?s=96&d=mm&r=g","url":"https:\/\/secure.gravatar.com\/avatar\/073c0153e350a5005b68eb752b445fea71f6b24a26da9449ad7e155e6b446c9d?s=96&d=mm&r=g","contentUrl":"https:\/\/secure.gravatar.com\/avatar\/073c0153e350a5005b68eb752b445fea71f6b24a26da9449ad7e155e6b446c9d?s=96&d=mm&r=g","caption":"Ralf Ittermann"},"givenName":"Ralf","familyName":"Ittermann","jobTitle":"Gesch\u00e4ftsf\u00fchrer und redaktioneller Verantwortlicher","url":"https:\/\/iwell-guard.com\/is\/author\/claude\/","description":"Ralf Ittermann ist Gesch\u00e4ftsf\u00fchrer der Ittermann electronic GmbH und redaktioneller Verantwortlicher des iWell-Guard-Lexikons. Er verbindet langj\u00e4hrige Erfahrung in der Pr\u00e4zisionsfertigung mit medialer Praxis und religionsgeschichtlicher Quellenarbeit.","worksFor":{"@type":"Organization","name":"Ittermann electronic GmbH","url":"https:\/\/ittermann.de\/","address":{"@type":"PostalAddress","streetAddress":"K\u00f6hlergasse 16-18","postalCode":"99842","addressLocality":"Ruhla","addressCountry":"DE"}},"knowsAbout":["Religionsgeschichte","Mythologie","Mediale Praxis","Energetische Diagnostik","Schutzpraxis","Volksglauben","Westliche Esoterik"]},{"@type":"Article","@id":"https:\/\/iwell-guard.com\/is\/hina-pol-slug-hina-polynesisk-managydja-frummodir\/#article","isPartOf":{"@id":"https:\/\/iwell-guard.com\/is\/hina-pol-slug-hina-polynesisk-managydja-frummodir\/"},"author":{"name":"Ralf Ittermann","@id":"https:\/\/iwell-guard.com\/is\/#\/schema\/person\/ee2a27f1cac3406c7c6fb5820cb7349f"},"headline":"Hina &#8211; P\u00f3l\u00fdnes\u00edsk m\u00e1nagy\u00f0ja og frumm\u00f3\u00f0ir","datePublished":"2026-09-05T14:04:17+00:00","dateModified":"2026-09-05T14:23:32+00:00","mainEntityOfPage":{"@id":"https:\/\/iwell-guard.com\/is\/hina-pol-slug-hina-polynesisk-managydja-frummodir\/"},"publisher":{"@id":"https:\/\/iwell-guard.com\/is\/#organization"},"image":{"@id":"https:\/\/iwell-guard.com\/is\/hina-pol-slug-hina-polynesisk-managydja-frummodir\/#primaryimage"},"thumbnailUrl":"https:\/\/iwell-guard.com\/wp-content\/uploads\/2026\/05\/goetter_polynesisch-maori_hina.webp","inLanguage":"is","description":"Hina er p\u00f3l\u00fdnes\u00edsk m\u00e1nagy\u00f0ja og frumm\u00f3\u00f0ir, tengd dau\u00f0a og f\u00e6\u00f0ingu. Tr\u00faarbrag\u00f0afr\u00e6\u00f0ileg \u00fattekt me\u00f0 heimildum."}]}},"_links":{"self":[{"href":"https:\/\/iwell-guard.com\/is\/wp-json\/wp\/v2\/pages\/168948","targetHints":{"allow":["GET"]}}],"collection":[{"href":"https:\/\/iwell-guard.com\/is\/wp-json\/wp\/v2\/pages"}],"about":[{"href":"https:\/\/iwell-guard.com\/is\/wp-json\/wp\/v2\/types\/page"}],"author":[{"embeddable":true,"href":"https:\/\/iwell-guard.com\/is\/wp-json\/wp\/v2\/users\/3"}],"replies":[{"embeddable":true,"href":"https:\/\/iwell-guard.com\/is\/wp-json\/wp\/v2\/comments?post=168948"}],"version-history":[{"count":0,"href":"https:\/\/iwell-guard.com\/is\/wp-json\/wp\/v2\/pages\/168948\/revisions"}],"wp:featuredmedia":[{"embeddable":true,"href":"https:\/\/iwell-guard.com\/is\/wp-json\/wp\/v2\/media\/2710"}],"wp:attachment":[{"href":"https:\/\/iwell-guard.com\/is\/wp-json\/wp\/v2\/media?parent=168948"}],"wp:term":[{"taxonomy":"category","embeddable":true,"href":"https:\/\/iwell-guard.com\/is\/wp-json\/wp\/v2\/categories?post=168948"}],"curies":[{"name":"wp","href":"https:\/\/api.w.org\/{rel}","templated":true}]}}