{"id":168941,"date":"2026-09-05T14:04:14","date_gmt":"2026-09-05T14:04:14","guid":{"rendered":"https:\/\/iwell-guard.com\/?page_id=168941"},"modified":"2026-09-05T14:23:21","modified_gmt":"2026-09-05T14:23:21","slug":"tu-matauenga-stridsgud-maora","status":"publish","type":"page","link":"https:\/\/iwell-guard.com\/is\/tu-matauenga-stridsgud-maora\/","title":{"rendered":"Tu Matauenga &#8211; Str\u00ed\u00f0sgu\u00f0 Ma\u00f3ra"},"content":{"rendered":"\t\t<div data-elementor-type=\"wp-page\" data-elementor-id=\"168941\" class=\"elementor elementor-168941 elementor-2596 elementor-bc-flex-widget\" data-elementor-post-type=\"page\">\n\t\t\t\t<div class=\"elementor-element elementor-element-iwgw-tumataueng-hero e-flex e-con-boxed e-con e-parent\" data-id=\"iwgw-tumataueng-hero\" data-element_type=\"container\" data-e-type=\"container\" data-settings=\"{&quot;background_background&quot;:&quot;classic&quot;}\">\n\t\t\t\t\t<div class=\"e-con-inner\">\n\t\t<div class=\"elementor-element elementor-element-iwgw-tumataueng-hl e-flex e-con-boxed e-con e-child\" data-id=\"iwgw-tumataueng-hl\" data-element_type=\"container\" data-e-type=\"container\">\n\t\t\t\t\t<div class=\"e-con-inner\">\n\t\t<div class=\"elementor-element elementor-element-iwgw-tumataueng-htxt e-con-full e-flex e-con e-child\" data-id=\"iwgw-tumataueng-htxt\" data-element_type=\"container\" data-e-type=\"container\">\n\t\t\t\t<div class=\"elementor-element elementor-element-iwgw-tumataueng-h1 elementor-widget elementor-widget-heading\" data-id=\"iwgw-tumataueng-h1\" data-element_type=\"widget\" data-e-type=\"widget\" data-widget_type=\"heading.default\">\n\t\t\t\t\t<h1 class=\"elementor-heading-title elementor-size-default\">Tu Matauenga - gu\u00f0 Ma\u00f3ra yfir str\u00ed\u00f0i, manninum og karlmannlegum kraftur<\/h1>\t\t\t\t<\/div>\n\t\t\t\t<div class=\"elementor-element elementor-element-iwgw-tumataueng-lead elementor-widget elementor-widget-text-editor\" data-id=\"iwgw-tumataueng-lead\" data-element_type=\"widget\" data-e-type=\"widget\" data-widget_type=\"text-editor.default\">\n\t\t\t\t\t\t\t\t\t<p>Tu Matauenga, oft a\u00f0eins Tu nefndur, er \u00ed tr\u00faarheimi Ma\u00f3ra \u00e1litinn atua str\u00ed\u00f0s, \u00e1taka og mannkyns. \u00cd hinni mi\u00f0l\u00e6gu sk\u00f6punars\u00f6gu stendur hann \u00ed h\u00f6r\u00f0um andst\u00e6\u00f0um vi\u00f0 br\u00f3\u00f0ur sinn Tane Mahuta og er eini sonur Ranginui og Papatuanuku sem ver\u00f0ur eftir \u00ed myrkrinu milli foreldranna eftir deilu systkinanna.<\/p><p>\u00deessi umfj\u00f6llun varpar lj\u00f3si \u00e1 hlutverk hans \u00ed <span class=\"iwg-fachbegriff\" data-tooltip=\"Heild gu\u00f0anna \u00ed tr\u00faarbr\u00f6g\u00f0um e\u00f0a menningu.\" tabindex=\"0\">pantheon-inu<\/span>, \u00e1 helgisi\u00f0i honum tengda og \u00e1 \u00e1framhaldandi mikilv\u00e6gi hans \u00ed str\u00ed\u00f0smannae\u00f0li Ma\u00f3ra fram \u00e1 okkar daga.<\/p>\t\t\t\t\t\t\t\t<\/div>\n\t\t\t\t<\/div>\n\t\t<div class=\"elementor-element elementor-element-iwgw-tumataueng-pillc e-con-full e-flex e-con e-child\" data-id=\"iwgw-tumataueng-pillc\" data-element_type=\"container\" data-e-type=\"container\">\n\t\t\t\t<div class=\"elementor-element elementor-element-iwgw-tumataueng-pills elementor-widget elementor-widget-html\" data-id=\"iwgw-tumataueng-pills\" data-element_type=\"widget\" data-e-type=\"widget\" data-widget_type=\"html.default\">\n\t\t\t\t\t<div class=\"iwg-pill-row\"><span class=\"iwg-klasse-badge\" tabindex=\"0\" data-tooltip=\"Gu\u00f0 \u00ed hef\u00f0 P\u00f3l\u00fdnes\u00edu \/ Ma\u00f3ra.\">Gu\u00f0<\/span><a href=\"https:\/\/iwell-guard.com\/is\/?page_id=168911\" class=\"iwg-kultur-badge\" tabindex=\"0\" data-tooltip=\"Go\u00f0afr\u00e6\u00f0i hef\u00f0ar P\u00f3l\u00fdnes\u00edu \/ Ma\u00f3ra.\">P\u00f3l\u00fdnes\u00eda \/ Ma\u00f3rar<\/a><span class=\"iwg-tradition-badge\" tabindex=\"0\" data-tooltip=\"Str\u00ed\u00f0sgu\u00f0d\u00f3mur.\">Str\u00ed\u00f0sgu\u00f0d\u00f3mur<\/span><\/div>\t\t\t\t<\/div>\n\t\t\t\t<\/div>\n\t\t<div class=\"elementor-element elementor-element-iwgw-tumataueng-tocc e-con-full e-flex e-con e-child\" data-id=\"iwgw-tumataueng-tocc\" data-element_type=\"container\" data-e-type=\"container\">\n\t\t\t\t<div class=\"elementor-element elementor-element-iwgw-tumataueng-toc elementor-toc--minimized-on-tablet elementor-widget elementor-widget-table-of-contents\" data-id=\"iwgw-tumataueng-toc\" data-element_type=\"widget\" data-e-type=\"widget\" data-settings=\"{&quot;headings_by_tags&quot;:[&quot;h2&quot;,&quot;h3&quot;],&quot;minimize_box&quot;:&quot;yes&quot;,&quot;marker_view&quot;:&quot;bullets&quot;,&quot;no_headings_message&quot;:&quot;Engar undirfyrirsagnir fundust \\u00e1 \\u00feessari s\\u00ed\\u00f0u.&quot;,&quot;exclude_headings_by_selector&quot;:[],&quot;icon&quot;:{&quot;value&quot;:&quot;fas fa-circle&quot;,&quot;library&quot;:&quot;fa-solid&quot;,&quot;rendered_tag&quot;:&quot;&lt;svg class=\\&quot;e-font-icon-svg e-fas-circle\\&quot; viewBox=\\&quot;0 0 512 512\\&quot; xmlns=\\&quot;http:\\\/\\\/www.w3.org\\\/2000\\\/svg\\&quot;&gt;&lt;path d=\\&quot;M256 8C119 8 8 119 8 256s111 248 248 248 248-111 248-248S393 8 256 8z\\&quot;&gt;&lt;\\\/path&gt;&lt;\\\/svg&gt;&quot;},&quot;minimized_on&quot;:&quot;tablet&quot;,&quot;hierarchical_view&quot;:&quot;yes&quot;,&quot;min_height&quot;:{&quot;unit&quot;:&quot;px&quot;,&quot;size&quot;:&quot;&quot;,&quot;sizes&quot;:[]},&quot;min_height_tablet&quot;:{&quot;unit&quot;:&quot;px&quot;,&quot;size&quot;:&quot;&quot;,&quot;sizes&quot;:[]},&quot;min_height_mobile&quot;:{&quot;unit&quot;:&quot;px&quot;,&quot;size&quot;:&quot;&quot;,&quot;sizes&quot;:[]}}\" data-widget_type=\"table-of-contents.default\">\n\t\t\t\t\t\t\t\t\t<div class=\"elementor-toc__header\">\n\t\t\t\t\t\t<h2 class=\"elementor-toc__header-title\">\n\t\t\t\tEfnisyfirlit\t\t\t<\/h2>\n\t\t\t\t\t\t\t\t\t\t<div class=\"elementor-toc__toggle-button elementor-toc__toggle-button--expand\" role=\"button\" tabindex=\"0\" aria-controls=\"elementor-toc__iwgw-tumataueng-toc\" aria-expanded=\"true\" aria-label=\"Open table of contents\"><svg aria-hidden=\"true\" class=\"e-font-icon-svg e-fas-chevron-down\" viewBox=\"0 0 448 512\" xmlns=\"http:\/\/www.w3.org\/2000\/svg\"><path d=\"M207.029 381.476L12.686 187.132c-9.373-9.373-9.373-24.569 0-33.941l22.667-22.667c9.357-9.357 24.522-9.375 33.901-.04L224 284.505l154.745-154.021c9.379-9.335 24.544-9.317 33.901.04l22.667 22.667c9.373 9.373 9.373 24.569 0 33.941L240.971 381.476c-9.373 9.372-24.569 9.372-33.942 0z\"><\/path><\/svg><\/div>\n\t\t\t\t<div class=\"elementor-toc__toggle-button elementor-toc__toggle-button--collapse\" role=\"button\" tabindex=\"0\" aria-controls=\"elementor-toc__iwgw-tumataueng-toc\" aria-expanded=\"true\" aria-label=\"Close table of contents\"><svg aria-hidden=\"true\" class=\"e-font-icon-svg e-fas-chevron-up\" viewBox=\"0 0 448 512\" xmlns=\"http:\/\/www.w3.org\/2000\/svg\"><path d=\"M240.971 130.524l194.343 194.343c9.373 9.373 9.373 24.569 0 33.941l-22.667 22.667c-9.357 9.357-24.522 9.375-33.901.04L224 227.495 69.255 381.516c-9.379 9.335-24.544 9.317-33.901-.04l-22.667-22.667c-9.373-9.373-9.373-24.569 0-33.941L207.03 130.525c9.372-9.373 24.568-9.373 33.941-.001z\"><\/path><\/svg><\/div>\n\t\t\t\t\t<\/div>\n\t\t\t\t<div id=\"elementor-toc__iwgw-tumataueng-toc\" class=\"elementor-toc__body\">\n\t\t\t<div class=\"elementor-toc__spinner-container\">\n\t\t\t\t<svg class=\"elementor-toc__spinner eicon-animation-spin e-font-icon-svg e-eicon-loading\" aria-hidden=\"true\" viewBox=\"0 0 1000 1000\" xmlns=\"http:\/\/www.w3.org\/2000\/svg\"><path d=\"M500 975V858C696 858 858 696 858 500S696 142 500 142 142 304 142 500H25C25 237 238 25 500 25S975 237 975 500 763 975 500 975Z\"><\/path><\/svg>\t\t\t<\/div>\n\t\t<\/div>\n\t\t\t\t\t\t<\/div>\n\t\t\t\t<\/div>\n\t\t\t\t\t<\/div>\n\t\t\t\t<\/div>\n\t\t<div class=\"elementor-element elementor-element-iwgw-tumataueng-hr e-con-full e-flex e-con e-child\" data-id=\"iwgw-tumataueng-hr\" data-element_type=\"container\" data-e-type=\"container\">\n\t\t\t\t<div class=\"elementor-element elementor-element-iwgw-tumataueng-heroimg iwg-hero-image elementor-widget elementor-widget-image\" data-id=\"iwgw-tumataueng-heroimg\" data-element_type=\"widget\" data-e-type=\"widget\" data-widget_type=\"image.default\">\n\t\t\t\t\t\t\t\t\t\t\t\t\t\t\t<img fetchpriority=\"high\" decoding=\"async\" width=\"683\" height=\"1024\" src=\"https:\/\/iwell-guard.com\/wp-content\/uploads\/2026\/05\/goetter_polynesisch-maori_tu-matauenga-683x1024.webp\" class=\"attachment-large size-large wp-image-170835\" alt=\"Tu Matauenga - gu\u00f0ir \u00far p\u00f3l\u00fdnes\u00edsk-ma\u00f3r\u00edskri hef\u00f0, s\u00f6guleg myndskreyting\" srcset=\"https:\/\/iwell-guard.com\/wp-content\/uploads\/2026\/05\/goetter_polynesisch-maori_tu-matauenga-683x1024.webp 683w, https:\/\/iwell-guard.com\/wp-content\/uploads\/2026\/05\/goetter_polynesisch-maori_tu-matauenga-200x300.webp 200w, https:\/\/iwell-guard.com\/wp-content\/uploads\/2026\/05\/goetter_polynesisch-maori_tu-matauenga-768x1152.webp 768w, https:\/\/iwell-guard.com\/wp-content\/uploads\/2026\/05\/goetter_polynesisch-maori_tu-matauenga.webp 1024w\" sizes=\"(max-width: 683px) 100vw, 683px\" \/>\t\t\t\t\t\t\t\t\t\t\t\t\t\t\t<\/div>\n\t\t\t\t<\/div>\n\t\t\t\t\t<\/div>\n\t\t\t\t<\/div>\n\t\t\t\t<section class=\"elementor-section elementor-top-section elementor-element elementor-element-sec-iwgcomp2-tu-matauenga elementor-section-boxed elementor-section-height-default elementor-section-height-default\" data-id=\"sec-iwgcomp2-tu-matauenga\" data-element_type=\"section\" data-e-type=\"section\">\n\t\t\t\t\t\t<div class=\"elementor-container elementor-column-gap-default\">\n\t\t\t\t\t<div class=\"elementor-column elementor-col-100 elementor-top-column elementor-element elementor-element-col-iwgcomp2-tu-matauenga\" data-id=\"col-iwgcomp2-tu-matauenga\" data-element_type=\"column\" data-e-type=\"column\">\n\t\t\t<div class=\"elementor-widget-wrap elementor-element-populated\">\n\t\t\t\t\t\t<div class=\"elementor-element elementor-element-iwgcomp2-tu-matauenga elementor-widget elementor-widget-text-editor\" data-id=\"iwgcomp2-tu-matauenga\" data-element_type=\"widget\" data-e-type=\"widget\" data-widget_type=\"text-editor.default\">\n\t\t\t\t\t\t\t\t\t<p>T\u016b-matauenga er <strong>gu\u00f0 Ma\u00f3ra<\/strong> yfir str\u00ed\u00f0i og mannlegri \u00e1r\u00e1sargirni.<\/p>\t\t\t\t\t\t\t\t<\/div>\n\t\t\t\t\t<\/div>\n\t\t<\/div>\n\t\t\t\t\t<\/div>\n\t\t<\/section>\n\t\t\t\t<section class=\"elementor-section elementor-top-section elementor-element elementor-element-sec-iwgcomp-tu-matauenga elementor-section-boxed elementor-section-height-default elementor-section-height-default\" data-id=\"sec-iwgcomp-tu-matauenga\" data-element_type=\"section\" data-e-type=\"section\">\n\t\t\t\t\t\t<div class=\"elementor-container elementor-column-gap-default\">\n\t\t\t\t\t<div class=\"elementor-column elementor-col-100 elementor-top-column elementor-element elementor-element-col-iwgcomp-tu-matauenga\" data-id=\"col-iwgcomp-tu-matauenga\" data-element_type=\"column\" data-e-type=\"column\">\n\t\t\t<div class=\"elementor-widget-wrap elementor-element-populated\">\n\t\t\t\t\t\t<div class=\"elementor-element elementor-element-iwgcomp-tu-matauenga elementor-widget elementor-widget-text-editor\" data-id=\"iwgcomp-tu-matauenga\" data-element_type=\"widget\" data-e-type=\"widget\" data-widget_type=\"text-editor.default\">\n\t\t\t\t\t\t\t\t\t<p>T\u016b-Matauenga, <strong>str\u00ed\u00f0sgu\u00f0 Ma\u00f3ra<\/strong>, birtir mannlega \u00e1r\u00e1sargirni, str\u00ed\u00f0 og herfang vei\u00f0a.<\/p>\t\t\t\t\t\t\t\t<\/div>\n\t\t\t\t\t<\/div>\n\t\t<\/div>\n\t\t\t\t\t<\/div>\n\t\t<\/section>\n\t\t<div class=\"elementor-element elementor-element-iwgw-tumataueng-s0 e-flex e-con-boxed e-con e-parent\" data-id=\"iwgw-tumataueng-s0\" data-element_type=\"container\" data-e-type=\"container\">\n\t\t\t\t\t<div class=\"e-con-inner\">\n\t\t\t\t<div class=\"elementor-element elementor-element-iwgw-tumataueng-s0h elementor-widget elementor-widget-heading\" data-id=\"iwgw-tumataueng-s0h\" data-element_type=\"widget\" data-e-type=\"widget\" data-widget_type=\"heading.default\">\n\t\t\t\t\t<h2 class=\"elementor-heading-title elementor-size-default\">Sta\u00f0a innan p\u00f3l\u00fdnes\u00edska go\u00f0aveldisins<\/h2>\t\t\t\t<\/div>\n\t\t<div class=\"elementor-element elementor-element-iwgw-tumataueng-s0c e-con-full e-flex e-con e-child\" data-id=\"iwgw-tumataueng-s0c\" data-element_type=\"container\" data-e-type=\"container\">\n\t\t\t\t<div class=\"elementor-element elementor-element-iwgw-tumataueng-s0t elementor-widget elementor-widget-text-editor\" data-id=\"iwgw-tumataueng-s0t\" data-element_type=\"widget\" data-e-type=\"widget\" data-widget_type=\"text-editor.default\">\n\t\t\t\t\t\t\t\t\t<p>Tu Matauenga er einn hinna miklu atua Ma\u00f3ra. Hann er sonur Ranginui og Papatuanuku, br\u00f3\u00f0ir <a href=\"https:\/\/iwell-guard.com\/is\/?page_id=168939\">Tane Mahuta<\/a>, <a href=\"https:\/\/iwell-guard.com\/is\/?page_id=168940\">Tangaroa<\/a>, <a href=\"https:\/\/iwell-guard.com\/is\/?page_id=168942\">Rongo<\/a>, Haumia-tiketike (gu\u00f0s villtra nytjajurta) og Tawhirimatea (gu\u00f0s vindanna). S\u00e9rst\u00f6k sta\u00f0a hans \u00e1 r\u00e6tur \u00ed sk\u00f6punars\u00f6gunni: hann var eini br\u00f3\u00f0irinn sem vildi drepa foreldrana \u00ed sta\u00f0 \u00feess a\u00f0 skilja \u00feau a\u00f0.<\/p><p>Margaret Orbell l\u00fdsir Tu sem pers\u00f3nu sem innan <span class=\"iwg-fachbegriff\" data-tooltip=\"Fr\u00e6\u00f0ileg kenning um gu\u00f0 og tr\u00fa innan tr\u00faarbrag\u00f0a.\" tabindex=\"0\">gu\u00f0fr\u00e6\u00f0i<\/span> Ma\u00f3ra hefur tv\u00f6falt hlutverk: gu\u00f0 str\u00ed\u00f0sins og atua mannkynsins. Tr\u00faarfr\u00e6\u00f0ilega er \u00feessi tenging engin tilviljun.<\/p><p>\u00cd m\u00f6rgum menningarheimum er gu\u00f0 karlmannlegs kraftar einnig hugsa\u00f0ur sem &#8216;frumfa\u00f0ir mannkyns&#8217; &#8211; svo sem Mars \u00ed R\u00f3m, T\u00fdr \u00e1 Nor\u00f0url\u00f6ndum, Indra \u00ed fornindverskum si\u00f0. Ma\u00f3rsk \u00fatg\u00e1fa hefur \u00fe\u00f3 s\u00e9rstakt einkenni: Tu er ekki a\u00f0eins str\u00ed\u00f0sma\u00f0ur, heldur einnig bera vitund um \u00feekkingu (&#8216;Matauenga&#8217; \u00fe\u00fd\u00f0ir &#8216;\u00feekking, skynjun&#8217;).<\/p><p>\u00deessi samtenging str\u00ed\u00f0s og \u00feekkingar er tr\u00faarfr\u00e6\u00f0ilega \u00e1hugaver\u00f0. H\u00fan gefur til kynna a\u00f0 mannleg vi\u00f0ureign vi\u00f0 heiminn &#8211; hvort sem h\u00fan er herna\u00f0arleg, vitsmunaleg e\u00f0a hagn\u00fdt &#8211; eigi s\u00e9r eina og s\u00f6mu r\u00f3t. Anne Salmond og Hirini Mead hafa dregi\u00f0 \u00feennan \u00fe\u00e1tt fram \u00ed n\u00fdlegum verkum s\u00ednum.<\/p>\t\t\t\t\t\t\t\t<\/div>\n\t\t\t\t<\/div>\n\t\t\t\t\t<\/div>\n\t\t\t\t<\/div>\n\t\t<div class=\"elementor-element elementor-element-iwgw-tumataueng-s1 e-flex e-con-boxed e-con e-parent\" data-id=\"iwgw-tumataueng-s1\" data-element_type=\"container\" data-e-type=\"container\">\n\t\t\t\t\t<div class=\"e-con-inner\">\n\t\t\t\t<div class=\"elementor-element elementor-element-iwgw-tumataueng-s1h elementor-widget elementor-widget-heading\" data-id=\"iwgw-tumataueng-s1h\" data-element_type=\"widget\" data-e-type=\"widget\" data-widget_type=\"heading.default\">\n\t\t\t\t\t<h2 class=\"elementor-heading-title elementor-size-default\">Nafn og or\u00f0sifjar<\/h2>\t\t\t\t<\/div>\n\t\t<div class=\"elementor-element elementor-element-iwgw-tumataueng-s1c e-con-full e-flex e-con e-child\" data-id=\"iwgw-tumataueng-s1c\" data-element_type=\"container\" data-e-type=\"container\">\n\t\t\t\t<div class=\"elementor-element elementor-element-iwgw-tumataueng-s1t elementor-widget elementor-widget-text-editor\" data-id=\"iwgw-tumataueng-s1t\" data-element_type=\"widget\" data-e-type=\"widget\" data-widget_type=\"text-editor.default\">\n\t\t\t\t\t\t\t\t\t<p>Nafni\u00f0 Tu \u00fe\u00fd\u00f0ir \u00e1 m\u00e1li Ma\u00f3ra &#8216;a\u00f0 standa&#8217;, &#8216;a\u00f0 stand uppr\u00e9ttur&#8217;. Fullt heiti Matauenga m\u00e1 \u00fe\u00fd\u00f0a sem &#8216;\u00feekking&#8217;, &#8216;skynjun&#8217;.<\/p><p>Tu Matauenga er \u00fear me\u00f0 &#8216;hinn uppr\u00e9tti me\u00f0 \u00feekkingu&#8217; e\u00f0a &#8216;hinn uppr\u00e9tti vitri&#8217;. \u00d6nnur n\u00f6fn hans eru Tu-ka-riri (&#8216;Tu, hinn rei\u00f0ilegi&#8217;), Tu-kai-taua (&#8216;Tu, sem gleypir heri&#8217;), Tu-mata-uenga (&#8216;Tu me\u00f0 andlit \u00feekkingar&#8217;), Tu-mata-rehurehu (&#8216;Tu \u00ed r\u00f6kkri&#8217;). Hver \u00fatg\u00e1fa undirstrikar tilteki\u00f0 hlutverk.<\/p><p>M\u00e1lfarslega er Tu sta\u00f0festur um alla P\u00f3l\u00fdnes\u00edu: Ku \u00e1 Hawaii (me\u00f0 hlj\u00f3\u00f0breytingu \u00far *t \u00ed k), Tuu \u00e1 Tah\u00edt\u00ed, Tu \u00e1 Mangaia. \u00c1 Hawaii er Ku einn af fj\u00f3rum st\u00f3rum gu\u00f0um, formfestur \u00ed opinberum musterisath\u00f6fnum (Valeri, <em>Kingship and Sacrifice<\/em>, 1985). \u00cd Aotearoa er Tu aftur \u00e1 m\u00f3ti a\u00f0eins einn af m\u00f6rgum st\u00f3rum atua og hefur aldrei veri\u00f0 hafinn til \u00e6\u00f0sta gu\u00f0d\u00f3ms.<\/p><p>Munurinn \u00e1 hawai\u00edskum Ku-<span class=\"iwg-fachbegriff\" data-tooltip=\"Heild tr\u00faarlegra tilbei\u00f0sluathafna fyrir gu\u00f0 e\u00f0a heilaga pers\u00f3nu.\" tabindex=\"0\">\u00e1tr\u00fana\u00f0i<\/span> og ma\u00f3rskum Tu-<span class=\"iwg-fachbegriff\" data-tooltip=\"Heild tr\u00faarlegra tilbei\u00f0sluathafna fyrir gu\u00f0 e\u00f0a heilaga pers\u00f3nu.\" tabindex=\"0\">\u00e1tr\u00fana\u00f0i<\/span> er s\u00f6gulega uppl\u00fdsandi: \u00cd lagskiptu hawai\u00edsku konungsr\u00edkinu var str\u00ed\u00f0 stofnanav\u00e6dd r\u00edkisath\u00f6fn me\u00f0 eigin musterum og si\u00f0um; \u00ed hinu dreif\u00f0ari samf\u00e9lagi Ma\u00f3ra var str\u00ed\u00f0 m\u00e1l hvers iwi me\u00f0 minni mi\u00f0st\u00fdr\u00f0um <span class=\"iwg-fachbegriff\" data-tooltip=\"Heild tr\u00faarlegra tilbei\u00f0sluathafna fyrir gu\u00f0 e\u00f0a heilaga pers\u00f3nu.\" tabindex=\"0\">\u00e1tr\u00fana\u00f0i<\/span>.<\/p>\t\t\t\t\t\t\t\t<\/div>\n\t\t\t\t<\/div>\n\t\t\t\t\t<\/div>\n\t\t\t\t<\/div>\n\t\t<div class=\"elementor-element elementor-element-iwgw-tumataueng-s2 e-flex e-con-boxed e-con e-parent\" data-id=\"iwgw-tumataueng-s2\" data-element_type=\"container\" data-e-type=\"container\">\n\t\t\t\t\t<div class=\"e-con-inner\">\n\t\t\t\t<div class=\"elementor-element elementor-element-iwgw-tumataueng-s2h elementor-widget elementor-widget-heading\" data-id=\"iwgw-tumataueng-s2h\" data-element_type=\"widget\" data-e-type=\"widget\" data-widget_type=\"heading.default\">\n\t\t\t\t\t<h2 class=\"elementor-heading-title elementor-size-default\">L\u00fdsing og myndlist<\/h2>\t\t\t\t<\/div>\n\t\t<div class=\"elementor-element elementor-element-iwgw-tumataueng-s2c e-con-full e-flex e-con e-child\" data-id=\"iwgw-tumataueng-s2c\" data-element_type=\"container\" data-e-type=\"container\">\n\t\t\t\t<div class=\"elementor-element elementor-element-iwgw-tumataueng-s2t elementor-widget elementor-widget-text-editor\" data-id=\"iwgw-tumataueng-s2t\" data-element_type=\"widget\" data-e-type=\"widget\" data-widget_type=\"text-editor.default\">\n\t\t\t\t\t\t\t\t\t<p>Tu Matauenga er \u00ed ma\u00f3rskri \u00fatskur\u00f0arlist (whakairo) oft s\u00fdndur \u00ed str\u00ed\u00f0slegri stellingu: \u00fatst\u00e6\u00f0 tunga (whakapohane), f\u00e6tur \u00ed sundur, fingur \u00fatglenntir, v\u00f6\u00f0var \u00e1berandi. \u00deessi t\u00e1knmyndarlegu einkenni koma fram \u00e1 framhli\u00f0 samkomuh\u00fasa, \u00e1 hli\u00f0- og st\u00f3lpas\u00falum, og \u00feau m\u00f3ta hreyfimynstri\u00f0 \u00ed haka, hinum kunna str\u00ed\u00f0s- og \u00e1takadans.<\/p><p>Tu er aldrei s\u00fdndur sem eitt \u00e1kve\u00f0i\u00f0 helgimyndalegt l\u00edkneski. \u00deess \u00ed sta\u00f0 birtir hver str\u00ed\u00f0sma\u00f0ur Tu \u00ed eigin l\u00edkama \u00e1 \u00fev\u00ed augnabliki er \u00e1t\u00f6k ver\u00f0a. Anne Salmond l\u00fdsir \u00feessari birtingu athafna sem lykil\u00fe\u00e6tti \u00ed <span class=\"iwg-fachbegriff\" data-tooltip=\"Fr\u00e6\u00f0ileg kenning um gu\u00f0 og tr\u00fa innan tr\u00faarbrag\u00f0a.\" tabindex=\"0\">gu\u00f0fr\u00e6\u00f0i<\/span> Ma\u00f3ra: hi\u00f0 gu\u00f0lega ver\u00f0ur n\u00e1l\u00e6gt \u00ed gegnum l\u00edkama, dans og karakia, \u00ed sta\u00f0 \u00feess a\u00f0 vera fest \u00ed mynd.<\/p><p>Vopnin, s\u00e9rstaklega mere (klumbi \u00far pounamu), taiaha (stafur) og patu, eru mun meira en einf\u00f6ld verkf\u00e6ri: \u00feau eru talin framlenging \u00e1 l\u00edkama Tu. \u00deau bera mana eigenda sinna og eru gefin \u00e1fram sem arfgripir.<\/p><p>Mere sem borin hefur veri\u00f0 \u00ed m\u00f6rgum bard\u00f6gum er talin s\u00e9rstaklega m\u00e1ttug og tapu. Hirini Mead l\u00fdsir \u00ed <em>Maori Art on the World Scene<\/em> (2002) t\u00e1knmyndalegu lagi sl\u00edkra gripa \u00ed sm\u00e1atri\u00f0um.<\/p>\t\t\t\t\t\t\t\t<\/div>\n\t\t\t\t<\/div>\n\t\t\t\t\t<\/div>\n\t\t\t\t<\/div>\n\t\t<div class=\"elementor-element elementor-element-iwgw-tumataueng-s3 e-flex e-con-boxed e-con e-parent\" data-id=\"iwgw-tumataueng-s3\" data-element_type=\"container\" data-e-type=\"container\">\n\t\t\t\t\t<div class=\"e-con-inner\">\n\t\t\t\t<div class=\"elementor-element elementor-element-iwgw-tumataueng-s3h elementor-widget elementor-widget-heading\" data-id=\"iwgw-tumataueng-s3h\" data-element_type=\"widget\" data-e-type=\"widget\" data-widget_type=\"heading.default\">\n\t\t\t\t\t<h2 class=\"elementor-heading-title elementor-size-default\">Hlutverk Tu \u00ed deilu systkinanna<\/h2>\t\t\t\t<\/div>\n\t\t<div class=\"elementor-element elementor-element-iwgw-tumataueng-s3c e-con-full e-flex e-con e-child\" data-id=\"iwgw-tumataueng-s3c\" data-element_type=\"container\" data-e-type=\"container\">\n\t\t\t\t<div class=\"elementor-element elementor-element-iwgw-tumataueng-s3t elementor-widget elementor-widget-text-editor\" data-id=\"iwgw-tumataueng-s3t\" data-element_type=\"widget\" data-e-type=\"widget\" data-widget_type=\"text-editor.default\">\n\t\t\t\t\t\t\t\t\t<p>\u00cd hinni mi\u00f0l\u00e6gu <span class=\"iwg-fachbegriff\" data-tooltip=\"Munnm\u00e6lasaga um gu\u00f0i, uppruna og skipan heimsins.\" tabindex=\"0\">go\u00f0s\u00f6gu<\/span> um skilna\u00f0 himins og jar\u00f0ar vill Tu drepa foreldra s\u00edna, me\u00f0an Tane m\u00e6lir fyrir skilna\u00f0i og Rongo fyrir s\u00e1ttum.<\/p><p>Tane f\u00e6r s\u00ednu framgengt, en eftir skilna\u00f0inn r\u00e6\u00f0st Tawhirimatea, stormgu\u00f0inn, \u00e1 br\u00e6\u00f0ur s\u00edna \u00ed rei\u00f0i yfir a\u00f0 hafa misst f\u00f6\u00f0ur sinn. Tane, Tangaroa og Rongo fl\u00fdja til r\u00edkja sinna. Tu stendur \u00fe\u00f3 fastur fyrir og sigrar a\u00f0 lokum Tawhirimatea.<\/p><p>\u00cd kj\u00f6lfari\u00f0 refsar Tu br\u00e6\u00f0rum s\u00ednum sem fl\u00fa\u00f0u. \u00deess vegna hafa Ma\u00f3rar leyfi til a\u00f0 vei\u00f0a fisk (r\u00edki Tangaroa), fanga fugla (r\u00edki Tanes), r\u00e6kta s\u00e6tar kart\u00f6flur (r\u00edki Rongo) og safna villtum pl\u00f6ntum (r\u00edki Haumia). Fr\u00e6\u00f0ilega s\u00e9\u00f0 r\u00e9ttl\u00e6tir \u00feessi <span class=\"iwg-fachbegriff\" data-tooltip=\"Munnm\u00e6lasaga um gu\u00f0i, uppruna og skipan heimsins.\" tabindex=\"0\">go\u00f0saga<\/span> r\u00e9tt mannsins til n\u00e1tt\u00faruau\u00f0linda: sem aflei\u00f0ingu kosm\u00edsks atbur\u00f0ar, ekki sem ge\u00f0\u00fe\u00f3ttafulla eignauppt\u00f6ku.<\/p><p>Tu er \u00fear me\u00f0 einnig forfa\u00f0ir mannkyns \u00ed heild sinni: Ma\u00f3rar kalla sig oft &#8216;Nga uri o Tu&#8217; (&#8216;afkomendur Tu&#8217;). \u00deessi \u00e6ttfr\u00e6\u00f0ilega tilv\u00edsun felur ekki \u00ed s\u00e9r l\u00edffr\u00e6\u00f0ilegan uppruna \u00ed vestr\u00e6num skilningi. \u00deess \u00ed sta\u00f0 er \u00e1tt vi\u00f0 <span class=\"iwg-fachbegriff\" data-tooltip=\"Reglubundin runa t\u00e1knr\u00e6nna athafna me\u00f0 tr\u00faarlegri e\u00f0a menningarlegri merkingu.\" tabindex=\"0\">helgisi\u00f0a<\/span>-go\u00f0s\u00f6gulega tengingu sem skipuleggur samband manns og atua.<\/p><p>Margaret Orbell bendir \u00e1 a\u00f0 saga Tu skilji Ma\u00f3ra-<span class=\"iwg-fachbegriff\" data-tooltip=\"Fr\u00e6\u00f0ileg kenning um gu\u00f0 og tr\u00fa innan tr\u00faarbrag\u00f0a.\" tabindex=\"0\">gu\u00f0fr\u00e6\u00f0i<\/span> fr\u00e1 gnost\u00edskum e\u00f0a tv\u00edhyggjulegum kerfum: \u00dear er ekkert &#8216;illt&#8217; \u00ed si\u00f0fer\u00f0ilegum skilningi, heldur \u00f3l\u00edkir, og stundum andst\u00e6\u00f0ir kraftar, sem \u00fearf a\u00f0 koma \u00ed kvikt jafnv\u00e6gi.<\/p>\t\t\t\t\t\t\t\t<\/div>\n\t\t\t\t<\/div>\n\t\t\t\t\t<\/div>\n\t\t\t\t<\/div>\n\t\t<div class=\"elementor-element elementor-element-iwgw-tumataueng-s4 e-flex e-con-boxed e-con e-parent\" data-id=\"iwgw-tumataueng-s4\" data-element_type=\"container\" data-e-type=\"container\">\n\t\t\t\t\t<div class=\"e-con-inner\">\n\t\t\t\t<div class=\"elementor-element elementor-element-iwgw-tumataueng-s4h elementor-widget elementor-widget-heading\" data-id=\"iwgw-tumataueng-s4h\" data-element_type=\"widget\" data-e-type=\"widget\" data-widget_type=\"heading.default\">\n\t\t\t\t\t<h2 class=\"elementor-heading-title elementor-size-default\">Tu sem verndargu\u00f0 str\u00ed\u00f0sins<\/h2>\t\t\t\t<\/div>\n\t\t<div class=\"elementor-element elementor-element-iwgw-tumataueng-s4c e-con-full e-flex e-con e-child\" data-id=\"iwgw-tumataueng-s4c\" data-element_type=\"container\" data-e-type=\"container\">\n\t\t\t\t<div class=\"elementor-element elementor-element-iwgw-tumataueng-s4t elementor-widget elementor-widget-text-editor\" data-id=\"iwgw-tumataueng-s4t\" data-element_type=\"widget\" data-e-type=\"widget\" data-widget_type=\"text-editor.default\">\n\t\t\t\t\t\t\t\t\t<p>\u00cd hef\u00f0bundnum Ma\u00f3ra-herna\u00f0i var Tu mi\u00f0l\u00e6gur vi\u00f0mi\u00f0unarpunktur. Fyrir hverja orrustu (taua) var Tu \u00e1kalla\u00f0ur me\u00f0 karakia, tapu-reglur voru virtar og hreinsunarsi\u00f0ir framkv\u00e6mdir. Str\u00ed\u00f0smenn fasta, for\u00f0u\u00f0ust samneyti vi\u00f0 konur og f\u00f3ru me\u00f0 s\u00e9rstakar form\u00falur. Tohunga (prestur-s\u00e9rfr\u00e6\u00f0ingur) \u00e1kvar\u00f0a\u00f0i t\u00edmasetninguna eftir stjarnfr\u00e6\u00f0ilegum og sp\u00e1d\u00f3mslegum t\u00e1knum.<\/p><p>Elsdon Best l\u00fdsir helgisi\u00f0akerfinu \u00edtarlega \u00ed <em>The Maori as He Was<\/em> (1924) og <em>Maori Warfare<\/em> (1903). Eftir orrustuna fylgdi langt ferli upplausnar tapu \u00e1\u00f0ur en str\u00ed\u00f0smenn fengu a\u00f0 sn\u00faa aftur til fj\u00f6lskyldna sinna. Herfangi\u00f0 (h\u00f6fu\u00f0 \u00f3vina, vopn) var me\u00f0h\u00f6ndla\u00f0 \u00ed helgisi\u00f0um sem tilheyr\u00f0u Tu.<\/p><p>\u00deessi helgisi\u00f0abinding er fr\u00e6\u00f0ilega athyglisver\u00f0: Str\u00ed\u00f0 var \u00ed Ma\u00f3ra-menningu mj\u00f6g formfastur, tr\u00faarlegur og tapu-bundinn atbur\u00f0ur, allt anna\u00f0 en &#8216;<span class=\"iwg-fachbegriff\" data-tooltip=\"\u00dea\u00f0 sem tilheyrir hinu hversdagslega, ekki-tr\u00faarlega svi\u00f0i, andst\u00e6tt hinu heilaga.\" tabindex=\"0\">veraldlegt<\/span>&#8216;. Undirb\u00faningurinn gat teki\u00f0 marga m\u00e1nu\u00f0i; \u00e1r\u00e1s \u00e1n Tu-karakia var talin \u00f3l\u00f6gm\u00e6t og h\u00e6ttuleg eigin str\u00ed\u00f0sm\u00f6nnum.<\/p><p>Athyglisvert er einnig hugtaki\u00f0 &#8216;utu&#8217; (endurgjald e\u00f0a j\u00f6fnun), sem er n\u00e1i\u00f0 tengt Tu. Utu v\u00edsar fyrst og fremst til endurheimtar kosm\u00edsks og f\u00e9lagslegs jafnv\u00e6gis eftir a\u00f0 einhver brot hafa or\u00f0i\u00f0, en er \u00ed minni m\u00e6li hefnd \u00ed neikv\u00e6\u00f0um si\u00f0fer\u00f0ilegum skilningi.<\/p><p>S\u00e1 sem beitir utu, breytir \u00ed anda Tu me\u00f0 \u00fev\u00ed a\u00f0 endurheimta hina r\u00f6sku\u00f0u skipan. \u00deetta hugtak er dj\u00fapt r\u00f3tfest \u00ed si\u00f0fr\u00e6\u00f0i Ma\u00f3ra og er enn \u00ed dag nota\u00f0 \u00ed d\u00f3msm\u00e1lum og m\u00e1lami\u00f0lunarferlum.<\/p><p>\u00dear a\u00f0 auki er til mikilv\u00e6g kynjav\u00eddd: Tu-si\u00f0ir voru fyrst og fremst karll\u00e6gir, en ekki eing\u00f6ngu. Konur g\u00e1tu haft Tu-tengingar \u00ed \u00e1kve\u00f0num hlutverkum (sj\u00e1endur-millig\u00f6ngukonur, kotahitanga-verndarar). Mira Szaszy og a\u00f0rar Ma\u00f3ra-\u00f6ldungakonur hafa unni\u00f0 \u00far \u00feessari v\u00eddd.<\/p>\t\t\t\t\t\t\t\t<\/div>\n\t\t\t\t<\/div>\n\t\t\t\t\t<\/div>\n\t\t\t\t<\/div>\n\t\t<div class=\"elementor-element elementor-element-iwgw-tumataueng-s5 e-flex e-con-boxed e-con e-parent\" data-id=\"iwgw-tumataueng-s5\" data-element_type=\"container\" data-e-type=\"container\">\n\t\t\t\t\t<div class=\"e-con-inner\">\n\t\t\t\t<div class=\"elementor-element elementor-element-iwgw-tumataueng-s5h elementor-widget elementor-widget-heading\" data-id=\"iwgw-tumataueng-s5h\" data-element_type=\"widget\" data-e-type=\"widget\" data-widget_type=\"heading.default\">\n\t\t\t\t\t<h2 class=\"elementor-heading-title elementor-size-default\">Haka og Pukana<\/h2>\t\t\t\t<\/div>\n\t\t<div class=\"elementor-element elementor-element-iwgw-tumataueng-s5c e-con-full e-flex e-con e-child\" data-id=\"iwgw-tumataueng-s5c\" data-element_type=\"container\" data-e-type=\"container\">\n\t\t\t\t<div class=\"elementor-element elementor-element-iwgw-tumataueng-s5t elementor-widget elementor-widget-text-editor\" data-id=\"iwgw-tumataueng-s5t\" data-element_type=\"widget\" data-e-type=\"widget\" data-widget_type=\"text-editor.default\">\n\t\t\t\t\t\t\t\t\t<p>Haka er \u00ed dag heimsfr\u00e6gt fyrir tilstilli r\u00fagb\u00ed-landsli\u00f0sins. Fr\u00e6\u00f0ilega s\u00e9\u00f0 er \u00fea\u00f0 ekki einfaldur \u00ed\u00fer\u00f3ttadans, heldur samsett tj\u00e1ning \u00e1 kraft Tu. \u00c6ttb\u00e1lka-haka eins og &#8216;Ka Mate&#8217; (sami\u00f0 af Te Rauparaha \u00e1 19. \u00f6ld) e\u00f0a &#8216;Ko Niu Tireni&#8217; hafa hvert s\u00edna s\u00f6gu og hei\u00f0ra \u00e1kve\u00f0na forfe\u00f0ur.<\/p><p>Hreyfingarnar &#8211; Pukana (augngeiflur), Whakapohane (tungus\u00fdning), Tunga ringa (handahreyfingar) &#8211; eru formfastar hreyfingar sem tj\u00e1 n\u00e6rveru Tu. Salmond og Mead fjalla um haka sem &#8217;embodied theology&#8217; (l\u00edkamna\u00f0a gu\u00f0fr\u00e6\u00f0i). \u00cd Ma\u00f3ra-sk\u00f3lum er haka n\u00fa kennt me\u00f0 kerfisbundnum h\u00e6tti, sem menningarleg i\u00f0kun og sem andlegt-l\u00edkamlegt form.<\/p><p>Mikilv\u00e6gt er a\u00f0 greina \u00e1 milli str\u00ed\u00f0shaka (peruperu, me\u00f0 vopnum), fri\u00f0arhaka (haka taparahi, \u00e1n vopna) og velkomnahaka (haka powhiri). Hvert form hefur s\u00edna eigin virkni og tilefni. \u00c1 Te Matatini h\u00e1t\u00ed\u00f0inni, st\u00e6rstu haka-keppni Aotearoa, koma \u00f6ll form fram.<\/p><p>Haka &#8216;Ka Mate&#8217; ver\u00f0skuldar s\u00e9rstaka athygli. \u00dea\u00f0 var sami\u00f0 \u00ed upphafi 19. aldar af Te Rauparaha, lei\u00f0toga Ngati Toa, eftir a\u00f0 hann haf\u00f0i komist undan l\u00edfsh\u00e6ttulegri eftirf\u00f6r. Textinn fagnar \u00fev\u00ed a\u00f0 lifa af og er n\u00fa \u00ed eigu Ngati Toa-\u00e6ttb\u00e1lksins, sem st\u00fdrir lagalega notkun \u00feess af h\u00e1lfu \u00feri\u00f0ju a\u00f0ila.<\/p><p>\u00deessi lagalega festing menningarlegrar arfleif\u00f0ar &#8211; &#8216;cultural property law&#8217; &#8211; er ungt l\u00f6gfr\u00e6\u00f0ilegt svi\u00f0 \u00fear sem Aotearoa er \u00ed fararbroddi \u00e1 heimsv\u00edsu. Fr\u00e6\u00f0ilega s\u00e9st h\u00e9r a\u00f0 haka er ekki &#8216;almenn p\u00f3l\u00fdnes\u00edsk menningararfleif\u00f0&#8217;, heldur er \u00fea\u00f0 bundi\u00f0 \u00e1kve\u00f0num iwi og whakapapa-s\u00f6gum \u00feeirra.<\/p><p>Tr\u00faar\u00fej\u00f3\u00f0fr\u00e6\u00f0ilega er haka &#8216;sameiginleg transi\u00f0ja&#8217; \u00ed anda Bourguignons (<em>Possession<\/em>, 1976), \u00fear sem h\u00f3purinn \u00ed heild fer inn \u00ed Tu-\u00e1stand. \u00deessi sameiginlega v\u00eddd skilur haka fr\u00e1 einstaklingsbundnum sjaman\u00edskum i\u00f0kunum og gerir \u00fea\u00f0 a\u00f0 sj\u00e1lfst\u00e6\u00f0u fyrirb\u00e6ri \u00ed tr\u00faarbrag\u00f0afyrirb\u00e6rafr\u00e6\u00f0i.<\/p>\t\t\t\t\t\t\t\t<\/div>\n\t\t\t\t<\/div>\n\t\t\t\t\t<\/div>\n\t\t\t\t<\/div>\n\t\t<div class=\"elementor-element elementor-element-iwgw-tumataueng-s6 e-flex e-con-boxed e-con e-parent\" data-id=\"iwgw-tumataueng-s6\" data-element_type=\"container\" data-e-type=\"container\">\n\t\t\t\t\t<div class=\"e-con-inner\">\n\t\t\t\t<div class=\"elementor-element elementor-element-iwgw-tumataueng-s6h elementor-widget elementor-widget-heading\" data-id=\"iwgw-tumataueng-s6h\" data-element_type=\"widget\" data-e-type=\"widget\" data-widget_type=\"heading.default\">\n\t\t\t\t\t<h2 class=\"elementor-heading-title elementor-size-default\">Verndarhef\u00f0ir og tapu<\/h2>\t\t\t\t<\/div>\n\t\t<div class=\"elementor-element elementor-element-iwgw-tumataueng-s6c e-con-full e-flex e-con e-child\" data-id=\"iwgw-tumataueng-s6c\" data-element_type=\"container\" data-e-type=\"container\">\n\t\t\t\t<div class=\"elementor-element elementor-element-iwgw-tumataueng-s6t elementor-widget elementor-widget-text-editor\" data-id=\"iwgw-tumataueng-s6t\" data-element_type=\"widget\" data-e-type=\"widget\" data-widget_type=\"text-editor.default\">\n\t\t\t\t\t\t\t\t\t<p>Verndara\u00f0ger\u00f0ir \u00ed samhengi Tu eru fyrst og fremst sameiginlegar og helgisi\u00f0abundnar. \u00c1\u00f0ur en tekist er \u00e1 vi\u00f0 \u00e1t\u00f6k &#8211; \u00ed dag einnig \u00ed yfirf\u00e6r\u00f0ri merkingu, til d\u00e6mis fyrir mikilv\u00e6gar samningavi\u00f0r\u00e6\u00f0ur, d\u00f3msm\u00e1l e\u00f0a keppni &#8211; m\u00e1 flytja karakia til Tu. \u00deetta \u00fej\u00f3nar innri einbeitingu og helgisi\u00f0abundinni sta\u00f0festingu verkefnisins, en ekki t\u00f6frandi \u00e1hrifum \u00e1 ni\u00f0urst\u00f6\u00f0una.<\/p><p>Verndargripir \u00e1 \u00feessu svi\u00f0i eru vopnat\u00e1kn: Mere (kylfa \u00far pounamu), Taiaha (stafur) og Patu. \u00deeir eru oft l\u00e1tnir ganga \u00ed arf (taonga tuku iho) og bera mana fyrri handhafa. \u00cd sta\u00f0 verndargripa \u00ed vestr\u00e6num skilningi er h\u00e9r um a\u00f0 r\u00e6\u00f0a \u00fe\u00e9ttingu sameiginlegrar s\u00f6gu.<\/p><p>\u00cd n\u00fat\u00edmalegum kynnum af hef\u00f0 Tu &#8211; til d\u00e6mis hj\u00e1 Maori Battalion \u00ed seinni heimsstyrj\u00f6ldinni, \u00ed reynslu maor\u00edskra hermanna af V\u00edetnamstr\u00ed\u00f0inu, e\u00f0a \u00ed st\u00f6rfum l\u00f6greglu og hers n\u00fa \u00e1 d\u00f6gum &#8211; eru helgisi\u00f0ir tengdir Tu nota\u00f0ir til a\u00f0 b\u00faa hermenn andlega undir \u00e1t\u00f6k og lei\u00f0a \u00fe\u00e1 aftur inn \u00ed samf\u00e9lagi\u00f0 eftir a\u00f0ger\u00f0ir. Mason Durie hefur skjalfest \u00feessa i\u00f0kun \u00ed <em>Whaiora<\/em> (1994) sem hluta af ge\u00f0heilbrig\u00f0isi\u00f0kun Maora.<\/p><p>Ranns\u00f3knir Masons Durie \u00e1 ge\u00f0heilbrig\u00f0i Maora s\u00fdna a\u00f0 Tu-karakia er \u00e1hrifar\u00edk menningarleg au\u00f0lind vi\u00f0 me\u00f0fer\u00f0 \u00e1fallastreitur\u00f6skunar hj\u00e1 maor\u00edskum str\u00ed\u00f0s\u00fe\u00e1tttakendum (V\u00edetnam, Afganistan). \u00deau \u00fej\u00f3na sem helgisi\u00f0abundinn rammi sem grei\u00f0ir fyrir endura\u00f0l\u00f6gun, ekki sem t\u00f6fral\u00e6kning.<\/p>\t\t\t\t\t\t\t\t<\/div>\n\t\t\t\t<\/div>\n\t\t\t\t\t<\/div>\n\t\t\t\t<\/div>\n\t\t<div class=\"elementor-element elementor-element-iwgw-tumataueng-s7 e-flex e-con-boxed e-con e-parent\" data-id=\"iwgw-tumataueng-s7\" data-element_type=\"container\" data-e-type=\"container\">\n\t\t\t\t\t<div class=\"e-con-inner\">\n\t\t\t\t<div class=\"elementor-element elementor-element-iwgw-tumataueng-s7h elementor-widget elementor-widget-heading\" data-id=\"iwgw-tumataueng-s7h\" data-element_type=\"widget\" data-e-type=\"widget\" data-widget_type=\"heading.default\">\n\t\t\t\t\t<h2 class=\"elementor-heading-title elementor-size-default\">Hli\u00f0st\u00e6\u00f0ur \u00ed \u00f6\u00f0rum menningarheimum<\/h2>\t\t\t\t<\/div>\n\t\t<div class=\"elementor-element elementor-element-iwgw-tumataueng-s7c e-con-full e-flex e-con e-child\" data-id=\"iwgw-tumataueng-s7c\" data-element_type=\"container\" data-e-type=\"container\">\n\t\t\t\t<div class=\"elementor-element elementor-element-iwgw-tumataueng-s7t elementor-widget elementor-widget-text-editor\" data-id=\"iwgw-tumataueng-s7t\" data-element_type=\"widget\" data-e-type=\"widget\" data-widget_type=\"text-editor.default\">\n\t\t\t\t\t\t\t\t\t<p>Tu Matauenga m\u00e1 bera saman vi\u00f0 Ares og Mars (gr\u00edsk-r\u00f3mverskt), T\u00fd (germanskt), Indra (ved\u00edskt), Ogun (Yoruba). Sameiginlegt einkenni er pers\u00f3nugerving karll\u00e6grar, herna\u00f0arlegrar orku.<\/p><p>Mikilv\u00e6gt er \u00fe\u00f3 a\u00f0 hafa muninn \u00ed huga: \u00ed <span class=\"iwg-fachbegriff\" data-tooltip=\"Fr\u00e6\u00f0ileg l\u00e6rd\u00f3mur um gu\u00f0 og tr\u00fa innan tr\u00faarbrag\u00f0a.\" tabindex=\"0\">gu\u00f0fr\u00e6\u00f0i<\/span> Maora er Tu mi\u00f0ill si\u00f0fer\u00f0islegrar i\u00f0kunar, ekki \u201estr\u00ed\u00f0sgu\u00f0\u201c \u00ed vestr\u00e6num skilningi bl\u00f3\u00f0\u00feyrsts \u00e1r\u00e1sarmanns. Strangur helgisi\u00f0ah\u00e1ttur fyrir og eftir orrustu s\u00fdnir a\u00f0 str\u00ed\u00f0 var \u00ed menningu Maora dj\u00fapt bundi\u00f0 tapu og mana.<\/p><p>Innan P\u00f3l\u00fdnes\u00edu er hli\u00f0st\u00e6\u00f0an vi\u00f0 hawai\u00edska Ku s\u00e9rlega \u00e1hugaver\u00f0. Valeri s\u00fdnir a\u00f0 \u00e1 Hawaii var Ku tigna\u00f0ur innan mj\u00f6g stofnanabundins hofakerfis, me\u00f0 mannbl\u00f3tum \u00ed \u00e1kve\u00f0num ath\u00f6fnum. \u00c1 Aotearoa skortir \u00feessa stofnanav\u00e6\u00f0ingu; mannbl\u00f3t eru ekki skjalfest \u00ed samb\u00e6rilegu kerfi.<\/p><p>\u00dat fr\u00e1 tr\u00faarbrag\u00f0afyrirb\u00e6rafr\u00e6\u00f0ilegu sj\u00f3narhorni s\u00fdnir Tu-fl\u00f3kinn einnig tengsl vi\u00f0 shaman-menningu S\u00edber\u00edu og Nor\u00f0ur-Amer\u00edku: \u00fear eru einnig helgisi\u00f0abundnar v\u00edgsluathafnir str\u00ed\u00f0smanna og endura\u00f0l\u00f6gunarathafnir eftir bardaga. Eliade skjalfestir sl\u00edkar hli\u00f0st\u00e6\u00f0ur \u00ed <em>Shamanism<\/em> (1951), \u00fe\u00f3 \u00e1n beinnar tengingar vi\u00f0 Maora.<\/p><p>Frekari mikilv\u00e6gar hli\u00f0st\u00e6\u00f0ur finnast \u00ed sam\u00faraj\u00edsku bushido Japans, \u00ed kristinni hef\u00f0 heilags str\u00ed\u00f0s og \u00ed ved\u00edskri si\u00f0fr\u00e6\u00f0i kshatriya. \u00cd \u00f6llum tilvikum er ekki lofs\u00f6ngur um ofbeldi \u00ed brennidepli heldur helgisi\u00f0abundin innsetning \u00feess \u00ed si\u00f0fer\u00f0islegt samhengi.<\/p><p>Samanbur\u00f0ar<span class=\"iwg-fachbegriff\" data-tooltip=\"Fr\u00e6\u00f0igrein sem rannsakar tr\u00faarbr\u00f6g\u00f0 samanbur\u00f0arlega og \u00e1n tr\u00faarlegrar skuldbindingar.\" tabindex=\"0\">tr\u00faarbrag\u00f0afr\u00e6\u00f0i<\/span> hefur rannsaka\u00f0 sl\u00edkar str\u00ed\u00f0smannasi\u00f0fr\u00e6\u00f0i kerfisbundi\u00f0 sem \u201eheilagt str\u00ed\u00f0smennsku\u201c, me\u00f0 \u00feeirri tilg\u00e1tu a\u00f0 tilhneiging mannsins til ofbeldis \u00e1n helgisi\u00f0abundinnar umgj\u00f6r\u00f0ar lei\u00f0ist \u00ed \u00e1tt til ey\u00f0ileggingar.<\/p>\t\t\t\t\t\t\t\t<\/div>\n\t\t\t\t<\/div>\n\t\t\t\t\t<\/div>\n\t\t\t\t<\/div>\n\t\t<div class=\"elementor-element elementor-element-iwgw-tumataueng-s8 e-flex e-con-boxed e-con e-parent\" data-id=\"iwgw-tumataueng-s8\" data-element_type=\"container\" data-e-type=\"container\">\n\t\t\t\t\t<div class=\"e-con-inner\">\n\t\t\t\t<div class=\"elementor-element elementor-element-iwgw-tumataueng-s8h elementor-widget elementor-widget-heading\" data-id=\"iwgw-tumataueng-s8h\" data-element_type=\"widget\" data-e-type=\"widget\" data-widget_type=\"heading.default\">\n\t\t\t\t\t<h2 class=\"elementor-heading-title elementor-size-default\">N\u00faverandi vi\u00f0t\u00f6kur og \u00fe\u00fd\u00f0ing<\/h2>\t\t\t\t<\/div>\n\t\t<div class=\"elementor-element elementor-element-iwgw-tumataueng-s8c e-con-full e-flex e-con e-child\" data-id=\"iwgw-tumataueng-s8c\" data-element_type=\"container\" data-e-type=\"container\">\n\t\t\t\t<div class=\"elementor-element elementor-element-iwgw-tumataueng-s8t elementor-widget elementor-widget-text-editor\" data-id=\"iwgw-tumataueng-s8t\" data-element_type=\"widget\" data-e-type=\"widget\" data-widget_type=\"text-editor.default\">\n\t\t\t\t\t\t\t\t\t<p>Tu Matauenga er \u00ed dag s\u00fdnilegur \u00ed \u00ed\u00fer\u00f3ttum, \u00ed herna\u00f0arlegri hef\u00f0 (Maori Battalion, 28th Battalion \u00ed seinni heimsstyrj\u00f6ldinni) og \u00ed p\u00f3lit\u00edskri fulltr\u00faamennsku.<\/p><p>A\u00f0ger\u00f0asinni Maora fr\u00e1 1970 &#8211; Bastion Point, g\u00f6ngurnar fyrir land og tungum\u00e1l &#8211; v\u00edsar oft til Tu sem t\u00e1knr\u00e6ns vi\u00f0mi\u00f0unarpunkts sj\u00e1lfssta\u00f0festingar. Tikanga \u201estanding firm\u201c (tu tonu) er bein beiting hugmyndarins um Tu.<\/p><p>\u00cd sk\u00f3lastarfi er Tu kynntur sem menningarlegur grunnur vir\u00f0ingar, aga og sta\u00f0festu, alls ekki sem hvatning til \u00e1r\u00e1sargirni. <a href=\"https:\/\/iwell-guard.com\/is\/?page_id=168911\">P\u00f3l\u00fdnes\u00edsk-maor\u00edsk tr\u00faarbr\u00f6g\u00f0<\/a> \u00ed heild sinni skilja Tu sem si\u00f0fer\u00f0islega m\u00f3ta\u00f0 afl, ekki hr\u00e1tt str\u00ed\u00f0sdem\u00f3n.<\/p><p>N\u00faverandi umr\u00e6\u00f0ur um fangelsisst\u00f6\u00f0ur Maora, l\u00f6gregluofbeldi og menningarlega grunda\u00f0a endura\u00f0l\u00f6gun str\u00ed\u00f0s\u00fejaka\u00f0ra hermanna s\u00e6kja \u00ed hugt\u00f6k tengd Tu. Hugtaki\u00f0 \u201emana tane\u201c (karll\u00e6g mana, heilbrig\u00f0 karlmennska) er hluti af n\u00faverandi heilsu\u00e1\u00e6tlunum fyrir maor\u00edska karlmenn.<\/p>\t\t\t\t\t\t\t\t<\/div>\n\t\t\t\t<\/div>\n\t\t\t\t\t<\/div>\n\t\t\t\t<\/div>\n\t\t<div class=\"elementor-element elementor-element-iwgw-tumataueng-s9 e-flex e-con-boxed e-con e-parent\" data-id=\"iwgw-tumataueng-s9\" data-element_type=\"container\" data-e-type=\"container\">\n\t\t\t\t\t<div class=\"e-con-inner\">\n\t\t\t\t<div class=\"elementor-element elementor-element-iwgw-tumataueng-s9h elementor-widget elementor-widget-heading\" data-id=\"iwgw-tumataueng-s9h\" data-element_type=\"widget\" data-e-type=\"widget\" data-widget_type=\"heading.default\">\n\t\t\t\t\t<h2 class=\"elementor-heading-title elementor-size-default\">Ranns\u00f3knir og heimildir<\/h2>\t\t\t\t<\/div>\n\t\t<div class=\"elementor-element elementor-element-iwgw-tumataueng-s9c e-con-full e-flex e-con e-child\" data-id=\"iwgw-tumataueng-s9c\" data-element_type=\"container\" data-e-type=\"container\">\n\t\t\t\t<div class=\"elementor-element elementor-element-iwgw-tumataueng-s9t elementor-widget elementor-widget-text-editor\" data-id=\"iwgw-tumataueng-s9t\" data-element_type=\"widget\" data-e-type=\"widget\" data-widget_type=\"text-editor.default\">\n\t\t\t\t\t\t\t\t\t<p>Mikilv\u00e6gustu ranns\u00f3knarframl\u00f6gin um Tu Matauenga koma fr\u00e1 Elsdon Best, Te Rangihiroa (Peter Buck), Margaret Orbell og Hirini Mead. Fr\u00e1 seinni t\u00edmum eru verk Anne Salmond, Judith Binney og Mason Durie (<em>Whaiora<\/em>, 1994) mi\u00f0l\u00e6g. Til samanbur\u00f0ar vi\u00f0 hawai\u00edsku Ku-hef\u00f0ina er <em>Kingship and Sacrifice<\/em> eftir Valeri sta\u00f0alrit.<\/p><p>Innri \u00feekkingarhef\u00f0ir Maora var\u00f0veita Tu-karakia og haka sem lifandi i\u00f0kun. \u00deetta tv\u00f6falda sj\u00f3narhorn &#8211; ranns\u00f3knir og innri var\u00f0veisla hef\u00f0ar &#8211; einkennir svi\u00f0i\u00f0. Wananga \u00e1 bor\u00f0 vi\u00f0 Te Wananga o Aotearoa og Te Wananga o Raukawa kenna tikanga tengda Tu \u00ed fr\u00e6\u00f0ilegu formi, sem skapar stofnanalega br\u00fa milli innri \u00feekkingar hef\u00f0arinnar og h\u00e1sk\u00f3laranns\u00f3kna.<\/p><p>\u00cdtarleg sta\u00f0setning Tu innan p\u00f3l\u00fdnes\u00edsk-maor\u00edskra tr\u00faarbrag\u00f0a s\u00fdnir hvernig hann ver\u00f0ur skilinn \u00ed tengslaneti vi\u00f0 a\u00f0ra atua, ekki einangra\u00f0ur. A\u00f0eins \u00feessi tengslabundna lestur opnar gu\u00f0fr\u00e6\u00f0ilega d\u00fdpt hans.<\/p>\t\t\t\t\t\t\t\t<\/div>\n\t\t\t\t<\/div>\n\t\t\t\t\t<\/div>\n\t\t\t\t<\/div>\n\t\t<div class=\"elementor-element elementor-element-cp2545b1f6 e-flex e-con-boxed e-con e-parent\" data-id=\"cp2545b1f6\" data-element_type=\"container\" data-e-type=\"container\">\n\t\t\t\t\t<div class=\"e-con-inner\">\n\t\t\t\t<div class=\"elementor-element elementor-element-cp24c6a4e8 elementor-widget elementor-widget-heading\" data-id=\"cp24c6a4e8\" data-element_type=\"widget\" data-e-type=\"widget\" data-widget_type=\"heading.default\">\n\t\t\t\t\t<h2 class=\"elementor-heading-title elementor-size-default\">Uppfinning gildrunnar: Tumatauenga sem stofnandi mannlegrar t\u00e6kni<\/h2>\t\t\t\t<\/div>\n\t\t<div class=\"elementor-element elementor-element-cp2811d04e e-flex e-con-boxed e-con e-child\" data-id=\"cp2811d04e\" data-element_type=\"container\" data-e-type=\"container\">\n\t\t\t\t\t<div class=\"e-con-inner\">\n\t\t\t\t<div class=\"elementor-element elementor-element-cp274d4107 elementor-widget elementor-widget-text-editor\" data-id=\"cp274d4107\" data-element_type=\"widget\" data-e-type=\"widget\" data-widget_type=\"text-editor.default\">\n\t\t\t\t\t\t\t\t\t<p>\u00cd \u00e6ttb\u00e1lkas\u00f6gum Maori er <em>Tumatauenga<\/em> str\u00ed\u00f0sgu\u00f0inn og einnig s\u00e1 Atua sem menn fengu verkf\u00e6ri s\u00edn fr\u00e1 til a\u00f0 berjast vi\u00f0 hina gu\u00f0ina.<\/p><p>Saga sem er sta\u00f0fest \u00ed m\u00f6rgum \u00fatg\u00e1fum \u00e6ttb\u00e1lka tengist beint a\u00f0skilna\u00f0i himnaf\u00f6\u00f0urins <a href=\"https:\/\/iwell-guard.com\/is\/?page_id=169044\">Ranginui<\/a> og jar\u00f0m\u00f3\u00f0urinnar <a href=\"https:\/\/iwell-guard.com\/is\/?page_id=169043\">Papatuanuku<\/a>. Eftir \u00feennan a\u00f0skilna\u00f0 sn\u00faast br\u00e6\u00f0urnir hver \u00e1 m\u00f3ti \u00f6\u00f0rum. Tumatauenga, sem einn haf\u00f0i kosi\u00f0 a\u00f0skilna\u00f0inn me\u00f0 valdi, kemst \u00ed deilur vi\u00f0 systkini s\u00edn, sem r\u00edkja yfir \u00fdmsum svi\u00f0um heimsins.<\/p><p>Kjarni s\u00f6gunnar er a\u00f0 Tumatauenga sigrar br\u00e6\u00f0ur s\u00edna me\u00f0 k\u00e6nsku og \u00e1h\u00f6ldum, ekki me\u00f0 hreinu l\u00edkamlegu afli. Gegn Tangaroa, herra hafsins, finnur hann upp net og fiskikr\u00f3ka.<\/p><p>Gegn Tane, herra sk\u00f3garins, og gegn sonum Haumiatiketike og Rongo, sem standa fyrir villtar og r\u00e6kta\u00f0ar pl\u00f6ntur, framlei\u00f0ir hann grafstafinn, sn\u00f6runa og a\u00f0fer\u00f0ir vi\u00f0 s\u00f6fnun og uppskeru.<\/p><p>Me\u00f0 \u00fev\u00ed a\u00f0 undiroka br\u00e6\u00f0ur s\u00edna me\u00f0 t\u00e6kni gerir hann svi\u00f0 \u00feeirra n\u00fdtanleg fyrir mennina. Hinir gu\u00f0irnir ver\u00f0a \u00feannig a\u00f0 f\u00e6\u00f0u, og hi\u00f0 helga\u00f0a m\u00e1l margra Maori-samf\u00e9laga nefnir fiska, fugla og akuruppskeru enn \u00feann dag \u00ed dag me\u00f0 or\u00f0atilt\u00e6kjum sem v\u00edsa til \u00feessarar undirokunar.<\/p><p>\u00deessi \u00fe\u00e1ttur \u00fatsk\u00fdrir einnig, hvers vegna ma\u00f0urinn hefur samkv\u00e6mt Maori-skilningi r\u00e9tt til a\u00f0 \u00e9ta \u00fea\u00f0 sem hann \u00e9tur. \u00dev\u00ed a\u00f0 Tumatauenga hefur buga\u00f0 hina Atua, er a\u00f0gangur a\u00f0 svi\u00f0um \u00feeirra ekki helgispj\u00f6ll heldur r\u00e9ttur sem forfa\u00f0irinn hefur veitt l\u00f6gm\u00e6ti, sem \u00fe\u00f3 ver\u00f0ur a\u00f0 tryggja me\u00f0 <em>karakia<\/em>, \u00fe.e. me\u00f0 helgum \u00e1kallum.<\/p><p>A\u00f0eins Tane, ma\u00f0urinn, heldur \u00ed \u00feessari r\u00f6ksemdaf\u00e6rslu Atua-\u00e6ttingja sem ekki er \u00e9tinn, \u00fev\u00ed hann er fa\u00f0ir mannkynsins sj\u00e1lfs.<\/p><p>\u00dat fr\u00e1 gagnr\u00fdni \u00e1 heimildir m\u00e1 nefna a\u00f0 \u00edtarlegasta rita\u00f0a \u00fatg\u00e1fa \u00feessara go\u00f0sagna byggir \u00e1 skr\u00e1ningum fr\u00e1 19. \u00f6ld, s\u00e9rstaklega fr\u00e1 George Grey og textum tohunga Te Matorohanga.<\/p><p>\u00deessar heimildir eru s\u00e9rt\u00e6kar, oft m\u00f3ta\u00f0ar af einni tiltekinni hef\u00f0 og a\u00f0 einhverju leyti lita\u00f0ar af kristnum v\u00e6ntingum um samfellda sk\u00f6punars\u00f6gu. Grunnmynd Tumatauenga sem stofnanda vei\u00f0i-, fiskvei\u00f0i- og landb\u00fana\u00f0art\u00e6kni er \u00fe\u00f3 sta\u00f0fest me\u00f0al margra \u00e6ttb\u00e1lka og er hluti af fastri <span class=\"iwg-fachbegriff\" data-tooltip=\"Mi\u00f0lun \u00feekkingar og sagna milli kynsl\u00f3\u00f0a.\" tabindex=\"0\">munnm\u00e6lahef\u00f0<\/span>.<\/p>\t\t\t\t\t\t\t\t<\/div>\n\t\t\t\t\t<\/div>\n\t\t\t\t<\/div>\n\t\t\t\t\t<\/div>\n\t\t\t\t<\/div>\n\t\t<div class=\"elementor-element elementor-element-iwgw-tumataueng-lit e-flex e-con-boxed e-con e-parent\" data-id=\"iwgw-tumataueng-lit\" data-element_type=\"container\" data-e-type=\"container\">\n\t\t\t\t\t<div class=\"e-con-inner\">\n\t\t\t\t<div class=\"elementor-element elementor-element-iwgw-tumataueng-lith elementor-widget elementor-widget-heading\" data-id=\"iwgw-tumataueng-lith\" data-element_type=\"widget\" data-e-type=\"widget\" data-widget_type=\"heading.default\">\n\t\t\t\t\t<h2 class=\"elementor-heading-title elementor-size-default\">Heimildir (\u00farval)<\/h2>\t\t\t\t<\/div>\n\t\t<div class=\"elementor-element elementor-element-iwgw-tumataueng-litc e-con-full e-flex e-con e-child\" data-id=\"iwgw-tumataueng-litc\" data-element_type=\"container\" data-e-type=\"container\">\n\t\t\t\t<div class=\"elementor-element elementor-element-iwgw-tumataueng-litt elementor-widget elementor-widget-text-editor\" data-id=\"iwgw-tumataueng-litt\" data-element_type=\"widget\" data-e-type=\"widget\" data-widget_type=\"text-editor.default\">\n\t\t\t\t\t\t\t\t\t<ul><li>Margaret Orbell: <em>The Illustrated Encyclopedia of Maori Myth and Legend<\/em> (1995)<\/li><li>Elsdon Best: <em>The Maori as He Was<\/em> (1924)<\/li><li>Elsdon Best: <em>Maori Warfare<\/em> (1903)<\/li><li>Valerio Valeri: <em>Kingship and Sacrifice<\/em> (1985)<\/li><li>Te Rangihiroa: <em>The Coming of the Maori<\/em> (1949)<\/li><li>Mason Durie: <em>Whaiora<\/em> (1994)<\/li><li>Hirini Mead: <em>Tikanga Maori<\/em> (2003)<\/li><\/ul>\t\t\t\t\t\t\t\t<\/div>\n\t\t\t\t<\/div>\n\t\t\t\t\t<\/div>\n\t\t\t\t<\/div>\n\t\t<div class=\"elementor-element elementor-element-iwgw-tumataueng-kwd e-flex e-con-boxed e-con e-parent\" data-id=\"iwgw-tumataueng-kwd\" data-element_type=\"container\" data-e-type=\"container\">\n\t\t\t\t\t<div class=\"e-con-inner\">\n\t\t<div class=\"elementor-element elementor-element-iwgw-tumataueng-kwdc e-con-full e-flex e-con e-child\" data-id=\"iwgw-tumataueng-kwdc\" data-element_type=\"container\" data-e-type=\"container\">\n\t\t\t\t<div class=\"elementor-element elementor-element-iwgw-tumataueng-kwdt elementor-widget elementor-widget-text-editor\" data-id=\"iwgw-tumataueng-kwdt\" data-element_type=\"widget\" data-e-type=\"widget\" data-widget_type=\"text-editor.default\">\n\t\t\t\t\t\t\t\t\t<p><em>Tengd lykilor\u00f0: Tu Matauenga Maori str\u00ed\u00f0sgu\u00f0 Haka Pukana taua tapu Tu-ka-riri.<\/em><\/p>\t\t\t\t\t\t\t\t<\/div>\n\t\t\t\t<\/div>\n\t\t\t\t\t<\/div>\n\t\t\t\t<\/div>\n\t\t<div class=\"elementor-element elementor-element-iwgw-tumataueng-cc e-flex e-con-boxed e-con e-parent\" data-id=\"iwgw-tumataueng-cc\" data-element_type=\"container\" data-e-type=\"container\" id=\"iwg-cc-tu-matauenga\">\n\t\t\t\t\t<div class=\"e-con-inner\">\n\t\t<div class=\"elementor-element elementor-element-iwgw-tumataueng-ccinner e-flex e-con-boxed e-con e-parent\" data-id=\"iwgw-tumataueng-ccinner\" data-element_type=\"container\" data-e-type=\"container\" data-settings=\"{&quot;background_background&quot;:&quot;classic&quot;}\">\n\t\t\t\t\t<div class=\"e-con-inner\">\n\t\t\t\t<div class=\"elementor-element elementor-element-iwgw-tumataueng-cch elementor-widget elementor-widget-heading\" data-id=\"iwgw-tumataueng-cch\" data-element_type=\"widget\" data-e-type=\"widget\" data-widget_type=\"heading.default\">\n\t\t\t\t\t<h2 class=\"elementor-heading-title elementor-size-default\">iWell Guard og verndarhef\u00f0ir<\/h2>\t\t\t\t<\/div>\n\t\t\t\t<div class=\"elementor-element elementor-element-iwgw-tumataueng-cct elementor-widget elementor-widget-text-editor\" data-id=\"iwgw-tumataueng-cct\" data-element_type=\"widget\" data-e-type=\"widget\" data-widget_type=\"text-editor.default\">\n\t\t\t\t\t\t\t\t\t<div data-nosnippet=\"true\"><p>iWell Guard byggir \u00e1 menningars\u00f6gulegri hef\u00f0 farandlegra verndargripa, \u00ed hef\u00f0 <a href=\"https:\/\/iwell-guard.com\/is\/?page_id=168911\">P\u00f3l\u00fdnes\u00edu \/ Ma\u00f3ra<\/a> og margra annarra menningarheima um allan heim. 41 lag, ekta gull, plat\u00edna, silfur, framleitt \u00ed \u00de\u00fdskalandi. 30 daga skilar\u00e9ttur.<\/p><\/div>\t\t\t\t\t\t\t\t<\/div>\n\t\t\t\t<div class=\"elementor-element elementor-element-iwgw-tumataueng-ccb iwg-cc-button iwg-cc-cta-2026-05-13 elementor-widget elementor-widget-jet-button\" data-id=\"iwgw-tumataueng-ccb\" data-element_type=\"widget\" data-e-type=\"widget\" data-widget_type=\"jet-button.default\">\n\t\t\t\t<div class=\"elementor-widget-container\">\n\t\t\t\t\t<div class=\"elementor-jet-button jet-elements\"><div class=\"jet-button__container\"><a class=\"jet-button__instance jet-button__instance--icon-left hover-effect-1\" href=\"\/ueber-iwell-guard\/?utm_source=iwell-guard.com&amp;utm_medium=info-box&amp;utm_campaign=wesen-tradition\"><div class=\"jet-button__plane jet-button__plane-normal\"><\/div><div class=\"jet-button__plane jet-button__plane-hover\"><\/div><div class=\"jet-button__state jet-button__state-normal\"><span class=\"jet-button__label\">Meira um iWell Guard<\/span><\/div><div class=\"jet-button__state jet-button__state-hover\"><span class=\"jet-button__label\">Meira um iWell Guard<\/span><\/div><\/a><\/div><\/div><style>.elementor-element.elementor-element-iwgw-tumataueng-ccb .jet-button__instance{width:320px;height:56px;}.elementor-element.elementor-element-iwgw-tumataueng-ccb .jet-button__state-normal .jet-button__label{text-align:center;margin:0px 0px 0px 0px;color:#1a1b20;font-family:Montserrat,sans-serif;font-size:13px;font-weight:400;letter-spacing:4px;line-height:1.714em;text-transform:uppercase;}.elementor-element.elementor-element-iwgw-tumataueng-ccb .jet-button__state-hover .jet-button__label{text-align:center;margin:0px 0px 0px 0px;color:#FECC76;font-family:Montserrat,sans-serif;font-size:13px;font-weight:400;letter-spacing:4px;line-height:1.714em;text-transform:uppercase;}.elementor-element.elementor-element-iwgw-tumataueng-ccb .jet-button__plane-normal{background-color:#FECC76;border-style:solid;border-color:#C99540;border-width:2px 2px 2px 2px;}.elementor-element.elementor-element-iwgw-tumataueng-ccb .jet-button__plane-hover{background-color:rgba(0,0,0,0.55);border-style:solid;border-color:#FECC76;border-width:2px 2px 2px 2px;}<\/style>\t\t\t\t<\/div>\n\t\t\t\t<\/div>\n\t\t\t\t<div class=\"elementor-element elementor-element-iwgw-tumataueng-ccd elementor-widget elementor-widget-text-editor\" data-id=\"iwgw-tumataueng-ccd\" data-element_type=\"widget\" data-e-type=\"widget\" data-widget_type=\"text-editor.default\">\n\t\t\t\t\t\t\t\t\t<div data-nosnippet=\"true\"><p style=\"text-align:center;font-size:13px;opacity:0.7;margin-top:14px\" data-nosnippet=\"true\">Pers\u00f3nuleg reynsla getur veri\u00f0 mismunandi. Ekki l\u00e6kningat\u00e6ki. Engin lofor\u00f0 um l\u00e6kningu.<\/p><\/div>\t\t\t\t\t\t\t\t<\/div>\n\t\t\t\t\t<\/div>\n\t\t\t\t<\/div>\n\t\t\t\t\t<\/div>\n\t\t\t\t<\/div>\n\t\t<div class=\"elementor-element elementor-element-iwgw-tumataueng-disc e-flex e-con-boxed e-con e-parent\" data-id=\"iwgw-tumataueng-disc\" data-element_type=\"container\" data-e-type=\"container\">\n\t\t\t\t\t<div class=\"e-con-inner\">\n\t\t\t\t<div class=\"elementor-element elementor-element-iwgw-tumataueng-discw elementor-widget elementor-widget-html\" data-id=\"iwgw-tumataueng-discw\" data-element_type=\"widget\" data-e-type=\"widget\" data-widget_type=\"html.default\">\n\t\t\t\t\t<footer data-nosnippet=\"true\" class=\"iwg-disclaimer-block\"><p data-nosnippet=\"true\">iWell Guard er <strong>ekki l\u00e6kningat\u00e6ki<\/strong> og kemur ekki \u00ed sta\u00f0inn fyrir l\u00e6knis- e\u00f0a s\u00e1lfr\u00e6\u00f0ime\u00f0fer\u00f0. Tr\u00faarfr\u00e6\u00f0ilegt efni er menningars\u00f6gulegt samhengi, ekki r\u00e1\u00f0legging um andlega i\u00f0kun.<\/p><\/footer>\t\t\t\t<\/div>\n\t\t\t\t\t<\/div>\n\t\t\t\t<\/div>\n\t\t\t\t<\/div>\n\t\t","protected":false},"excerpt":{"rendered":"","protected":false},"author":3,"featured_media":2718,"parent":0,"menu_order":0,"comment_status":"closed","ping_status":"closed","template":"elementor_header_footer","meta":{"_yoast_wpseo_focuskw":"Tu Matauenga Ma\u00f3ra","_yoast_wpseo_title":"Tu Matauenga - Str\u00ed\u00f0sgu\u00f0 Ma\u00f3ra, go\u00f0s\u00f6gn og \u00e1tr\u00fana\u00f0ur","_yoast_wpseo_metadesc":"Tu Matauenga er gu\u00f0 Ma\u00f3ra yfir str\u00ed\u00f0i og mannkyni. Tr\u00faarfr\u00e6\u00f0ileg \u00fattekt me\u00f0 go\u00f0s\u00f6gn, \u00e1tr\u00fana\u00f0i og heimildum.","_yoast_wpseo_meta-robots-noindex":"","_yoast_wpseo_canonical":"","_angie_page":false,"gefaehrdungsstufe":"2","wesen_kultur":"polynesisch-maori","wesen_klasse":"goetter","footnotes":""},"categories":[],"class_list":["post-168941","page","type-page","status-publish","has-post-thumbnail","hentry"],"yoast_head":"<!-- This site is optimized with the Yoast SEO Premium plugin v27.7 (Yoast SEO v28.3) - https:\/\/yoast.com\/product\/yoast-seo-premium-wordpress\/ -->\n<title>Tu Matauenga - Str\u00ed\u00f0sgu\u00f0 Ma\u00f3ra, go\u00f0s\u00f6gn og \u00e1tr\u00fana\u00f0ur<\/title>\n<meta name=\"description\" content=\"Tu Matauenga er gu\u00f0 Ma\u00f3ra yfir str\u00ed\u00f0i og mannkyni. Tr\u00faarfr\u00e6\u00f0ileg \u00fattekt me\u00f0 go\u00f0s\u00f6gn, \u00e1tr\u00fana\u00f0i og heimildum.\" \/>\n<meta name=\"robots\" content=\"index, follow, max-snippet:-1, max-image-preview:large, max-video-preview:-1\" \/>\n<link rel=\"canonical\" href=\"https:\/\/iwell-guard.com\/is\/tu-matauenga-stridsgud-maora\/\" \/>\n<meta property=\"og:locale\" content=\"is_IS\" \/>\n<meta property=\"og:type\" content=\"article\" \/>\n<meta property=\"og:title\" content=\"Tu Matauenga - Str\u00ed\u00f0sgu\u00f0 Ma\u00f3ra\" \/>\n<meta property=\"og:description\" content=\"Tu Matauenga er gu\u00f0 Ma\u00f3ra yfir str\u00ed\u00f0i og mannkyni. Tr\u00faarfr\u00e6\u00f0ileg \u00fattekt me\u00f0 go\u00f0s\u00f6gn, \u00e1tr\u00fana\u00f0i og heimildum.\" \/>\n<meta property=\"og:url\" content=\"https:\/\/iwell-guard.com\/is\/tu-matauenga-stridsgud-maora\/\" \/>\n<meta property=\"og:site_name\" content=\"iWell Guard\" \/>\n<meta property=\"article:modified_time\" content=\"2026-09-05T14:23:21+00:00\" \/>\n<meta property=\"og:image\" content=\"https:\/\/iwell-guard.com\/wp-content\/uploads\/2026\/05\/goetter_polynesisch-maori_tu-matauenga.webp\" \/>\n\t<meta property=\"og:image:width\" content=\"1024\" \/>\n\t<meta property=\"og:image:height\" content=\"1536\" \/>\n\t<meta property=\"og:image:type\" content=\"image\/webp\" \/>\n<meta name=\"twitter:card\" content=\"summary_large_image\" \/>\n<script type=\"application\/ld+json\" class=\"yoast-schema-graph\">{\"@context\":\"https:\\\/\\\/schema.org\",\"@graph\":[{\"@type\":\"WebPage\",\"@id\":\"https:\\\/\\\/iwell-guard.com\\\/is\\\/tu-matauenga-stridsgud-maora\\\/\",\"url\":\"https:\\\/\\\/iwell-guard.com\\\/is\\\/tu-matauenga-stridsgud-maora\\\/\",\"name\":\"Tu Matauenga - Str\u00ed\u00f0sgu\u00f0 Ma\u00f3ra, go\u00f0s\u00f6gn og \u00e1tr\u00fana\u00f0ur\",\"isPartOf\":{\"@id\":\"https:\\\/\\\/iwell-guard.com\\\/is\\\/#website\"},\"primaryImageOfPage\":{\"@id\":\"https:\\\/\\\/iwell-guard.com\\\/is\\\/tu-matauenga-stridsgud-maora\\\/#primaryimage\"},\"image\":{\"@id\":\"https:\\\/\\\/iwell-guard.com\\\/is\\\/tu-matauenga-stridsgud-maora\\\/#primaryimage\"},\"thumbnailUrl\":\"https:\\\/\\\/iwell-guard.com\\\/wp-content\\\/uploads\\\/2026\\\/05\\\/goetter_polynesisch-maori_tu-matauenga.webp\",\"datePublished\":\"2026-09-05T14:04:14+00:00\",\"dateModified\":\"2026-09-05T14:23:21+00:00\",\"description\":\"Tu Matauenga er gu\u00f0 Ma\u00f3ra yfir str\u00ed\u00f0i og mannkyni. Tr\u00faarfr\u00e6\u00f0ileg \u00fattekt me\u00f0 go\u00f0s\u00f6gn, \u00e1tr\u00fana\u00f0i og heimildum.\",\"breadcrumb\":{\"@id\":\"https:\\\/\\\/iwell-guard.com\\\/is\\\/tu-matauenga-stridsgud-maora\\\/#breadcrumb\"},\"inLanguage\":\"is\",\"potentialAction\":[{\"@type\":\"ReadAction\",\"target\":[\"https:\\\/\\\/iwell-guard.com\\\/is\\\/tu-matauenga-stridsgud-maora\\\/\"]}]},{\"@type\":\"ImageObject\",\"inLanguage\":\"is\",\"@id\":\"https:\\\/\\\/iwell-guard.com\\\/is\\\/tu-matauenga-stridsgud-maora\\\/#primaryimage\",\"url\":\"https:\\\/\\\/iwell-guard.com\\\/wp-content\\\/uploads\\\/2026\\\/05\\\/goetter_polynesisch-maori_tu-matauenga.webp\",\"contentUrl\":\"https:\\\/\\\/iwell-guard.com\\\/wp-content\\\/uploads\\\/2026\\\/05\\\/goetter_polynesisch-maori_tu-matauenga.webp\",\"width\":1024,\"height\":1536,\"caption\":\"Gu\u00f0ir \u00far p\u00f3l\u00fdnes\u00edsk-ma\u00f3r\u00edskri hef\u00f0.\"},{\"@type\":\"BreadcrumbList\",\"@id\":\"https:\\\/\\\/iwell-guard.com\\\/is\\\/tu-matauenga-stridsgud-maora\\\/#breadcrumb\",\"itemListElement\":[{\"@type\":\"ListItem\",\"position\":1,\"name\":\"Start\",\"item\":\"https:\\\/\\\/iwell-guard.com\\\/is\\\/?page_id=168580\"},{\"@type\":\"ListItem\",\"position\":2,\"name\":\"Tu Matauenga &#8211; Str\u00ed\u00f0sgu\u00f0 Ma\u00f3ra\"}]},{\"@type\":\"WebSite\",\"@id\":\"https:\\\/\\\/iwell-guard.com\\\/is\\\/#website\",\"url\":\"https:\\\/\\\/iwell-guard.com\\\/is\\\/\",\"name\":\"iWell Guard\",\"description\":\"Schutz vor dunklen Einfl\u00fcssen\",\"publisher\":{\"@id\":\"https:\\\/\\\/iwell-guard.com\\\/is\\\/#organization\"},\"potentialAction\":[{\"@type\":\"SearchAction\",\"target\":{\"@type\":\"EntryPoint\",\"urlTemplate\":\"https:\\\/\\\/iwell-guard.com\\\/is\\\/?s={search_term_string}\"},\"query-input\":{\"@type\":\"PropertyValueSpecification\",\"valueRequired\":true,\"valueName\":\"search_term_string\"}}],\"inLanguage\":\"is\"},{\"@type\":\"Organization\",\"@id\":\"https:\\\/\\\/iwell-guard.com\\\/is\\\/#organization\",\"name\":\"Ittermann electronic GmbH\",\"url\":\"https:\\\/\\\/iwell-guard.com\\\/is\\\/\",\"logo\":{\"@type\":\"ImageObject\",\"inLanguage\":\"is\",\"@id\":\"https:\\\/\\\/iwell-guard.com\\\/is\\\/#\\\/schema\\\/logo\\\/image\\\/\",\"url\":\"https:\\\/\\\/iwell-guard.com\\\/wp-content\\\/uploads\\\/2026\\\/05\\\/Ittermann-Logo-1182x237-1.png\",\"contentUrl\":\"https:\\\/\\\/iwell-guard.com\\\/wp-content\\\/uploads\\\/2026\\\/05\\\/Ittermann-Logo-1182x237-1.png\",\"width\":1182,\"height\":237,\"caption\":\"Ittermann electronic GmbH\"},\"image\":{\"@id\":\"https:\\\/\\\/iwell-guard.com\\\/is\\\/#\\\/schema\\\/logo\\\/image\\\/\"},\"sameAs\":[\"https:\\\/\\\/pantip.com\\\/profile\\\/9367242\",\"https:\\\/\\\/micro.blog\\\/iwellguard\",\"https:\\\/\\\/www.diggerslist.com\\\/iwellguard\\\/about\",\"https:\\\/\\\/skitterphoto.com\\\/photographers\\\/2870314\\\/iwell-guard\",\"https:\\\/\\\/iwellguard.wordpress.com\\\/2026\\\/06\\\/06\\\/iwell-guard\\\/\",\"https:\\\/\\\/hub.docker.com\\\/u\\\/iwellguard\",\"https:\\\/\\\/www.pinterest.com\\\/iwellguard\\\/\",\"https:\\\/\\\/bit.ly\\\/m\\\/iwellguard\",\"https:\\\/\\\/entre-vos-mains.alsace.eu\\\/profiles\\\/iwellguard\\\/activity\",\"https:\\\/\\\/gravatar.com\\\/reallybeded8fd34\",\"https:\\\/\\\/naijamatta.com\\\/iwellguard\",\"https:\\\/\\\/www.goodreads.com\\\/iwellguard\",\"https:\\\/\\\/profile.hatena.ne.jp\\\/iwellguard\\\/\",\"https:\\\/\\\/experiment.com\\\/users\\\/iwellguard\",\"https:\\\/\\\/wakelet.com\\\/@iWellGuard82270\",\"https:\\\/\\\/www.chordie.com\\\/forum\\\/profile.php?id=2555664\",\"https:\\\/\\\/www.instapaper.com\\\/p\\\/17757966\",\"https:\\\/\\\/www.mapleprimes.com\\\/users\\\/iwellguard\",\"https:\\\/\\\/businesslistingplus.com\\\/profile\\\/iwell-guard\\\/\",\"https:\\\/\\\/telegra.ph\\\/iWell-Guard-06-06\",\"https:\\\/\\\/pbase.com\\\/iwellguard\\\/iwellguard\",\"https:\\\/\\\/b.hatena.ne.jp\\\/iwellguard\\\/20260607#bookmark-4788405196491818882\",\"https:\\\/\\\/fliphtml5.com\\\/home\\\/iwellguard\",\"https:\\\/\\\/anyflip.com\\\/homepage\\\/cmiwl#About\",\"https:\\\/\\\/transfur.com\\\/Users\\\/iwellguard\",\"http:\\\/\\\/delphi.larsbo.org\\\/user\\\/iwellguard\",\"https:\\\/\\\/jobs.lajobsportal.org\\\/profiles\\\/8380803-iwell-guard\",\"https:\\\/\\\/md.chaosdorf.de\\\/s\\\/jfbe5SBdJD\",\"https:\\\/\\\/www.lingvolive.com\\\/en-us\\\/profile\\\/9ecaeaca-ce11-4e51-9e71-01d55e2bff36\\\/translations\",\"https:\\\/\\\/www.fitday.com\\\/fitness\\\/forums\\\/members\\\/iwellguard.html\",\"https:\\\/\\\/www.mymeetbook.com\\\/iwellguard\",\"https:\\\/\\\/pxhere.com\\\/en\\\/photographer-me\\\/5040798\",\"https:\\\/\\\/disqus.com\\\/by\\\/iwellguard\\\/about\\\/\",\"https:\\\/\\\/pastelink.net\\\/hjwciqwq\",\"https:\\\/\\\/pubhtml5.com\\\/homepage\\\/scjhn\\\/\",\"https:\\\/\\\/www.bitchute.com\\\/channel\\\/2O2eOKzNqujT\",\"https:\\\/\\\/audiomack.com\\\/iwellguard\"]},{\"@type\":\"Article\",\"@id\":\"https:\\\/\\\/iwell-guard.com\\\/is\\\/tu-matauenga-stridsgud-maora\\\/#article\",\"isPartOf\":{\"@id\":\"https:\\\/\\\/iwell-guard.com\\\/is\\\/tu-matauenga-stridsgud-maora\\\/\"},\"author\":{\"name\":\"Ralf Ittermann\",\"@id\":\"https:\\\/\\\/iwell-guard.com\\\/is\\\/#\\\/schema\\\/person\\\/ee2a27f1cac3406c7c6fb5820cb7349f\"},\"headline\":\"Tu Matauenga &#8211; Str\u00ed\u00f0sgu\u00f0 Ma\u00f3ra\",\"datePublished\":\"2026-09-05T14:04:14+00:00\",\"dateModified\":\"2026-09-05T14:23:21+00:00\",\"mainEntityOfPage\":{\"@id\":\"https:\\\/\\\/iwell-guard.com\\\/is\\\/tu-matauenga-stridsgud-maora\\\/\"},\"publisher\":{\"@id\":\"https:\\\/\\\/iwell-guard.com\\\/is\\\/#organization\"},\"image\":{\"@id\":\"https:\\\/\\\/iwell-guard.com\\\/is\\\/tu-matauenga-stridsgud-maora\\\/#primaryimage\"},\"thumbnailUrl\":\"https:\\\/\\\/iwell-guard.com\\\/wp-content\\\/uploads\\\/2026\\\/05\\\/goetter_polynesisch-maori_tu-matauenga.webp\",\"inLanguage\":\"is\",\"description\":\"Tu Matauenga er gu\u00f0 Ma\u00f3ra yfir str\u00ed\u00f0i og mannkyni. Tr\u00faarfr\u00e6\u00f0ileg \u00fattekt me\u00f0 go\u00f0s\u00f6gn, \u00e1tr\u00fana\u00f0i og heimildum.\"}]}<\/script>\n<!-- \/ Yoast SEO Premium plugin. -->","yoast_head_json":{"title":"Tu Matauenga - Str\u00ed\u00f0sgu\u00f0 Ma\u00f3ra, go\u00f0s\u00f6gn og \u00e1tr\u00fana\u00f0ur","description":"Tu Matauenga er gu\u00f0 Ma\u00f3ra yfir str\u00ed\u00f0i og mannkyni. Tr\u00faarfr\u00e6\u00f0ileg \u00fattekt me\u00f0 go\u00f0s\u00f6gn, \u00e1tr\u00fana\u00f0i og heimildum.","robots":{"index":"index","follow":"follow","max-snippet":"max-snippet:-1","max-image-preview":"max-image-preview:large","max-video-preview":"max-video-preview:-1"},"canonical":"https:\/\/iwell-guard.com\/is\/tu-matauenga-stridsgud-maora\/","og_locale":"is_IS","og_type":"article","og_title":"Tu Matauenga - Str\u00ed\u00f0sgu\u00f0 Ma\u00f3ra","og_description":"Tu Matauenga er gu\u00f0 Ma\u00f3ra yfir str\u00ed\u00f0i og mannkyni. Tr\u00faarfr\u00e6\u00f0ileg \u00fattekt me\u00f0 go\u00f0s\u00f6gn, \u00e1tr\u00fana\u00f0i og heimildum.","og_url":"https:\/\/iwell-guard.com\/is\/tu-matauenga-stridsgud-maora\/","og_site_name":"iWell Guard","article_modified_time":"2026-09-05T14:23:21+00:00","og_image":[{"width":1024,"height":1536,"url":"https:\/\/iwell-guard.com\/wp-content\/uploads\/2026\/05\/goetter_polynesisch-maori_tu-matauenga.webp","type":"image\/webp"}],"twitter_card":"summary_large_image","schema":{"@context":"https:\/\/schema.org","@graph":[{"@type":"Article","@id":"https:\/\/iwell-guard.com\/is\/tu-matauenga-stridsgud-maora\/#article","isPartOf":{"@id":"https:\/\/iwell-guard.com\/is\/tu-matauenga-stridsgud-maora\/"},"author":{"name":"Ralf Ittermann","@id":"https:\/\/iwell-guard.com\/is\/#\/schema\/person\/ee2a27f1cac3406c7c6fb5820cb7349f"},"headline":"Tu Matauenga &#8211; Str\u00ed\u00f0sgu\u00f0 Ma\u00f3ra","datePublished":"2026-09-05T14:04:14+00:00","dateModified":"2026-09-05T14:23:21+00:00","mainEntityOfPage":{"@id":"https:\/\/iwell-guard.com\/is\/tu-matauenga-stridsgud-maora\/"},"publisher":{"@id":"https:\/\/iwell-guard.com\/is\/#organization"},"image":{"@id":"https:\/\/iwell-guard.com\/is\/tu-matauenga-stridsgud-maora\/#primaryimage"},"thumbnailUrl":"https:\/\/iwell-guard.com\/wp-content\/uploads\/2026\/05\/goetter_polynesisch-maori_tu-matauenga.webp","inLanguage":"is","description":"Tu Matauenga er gu\u00f0 Ma\u00f3ra yfir str\u00ed\u00f0i og mannkyni. Tr\u00faarfr\u00e6\u00f0ileg \u00fattekt me\u00f0 go\u00f0s\u00f6gn, \u00e1tr\u00fana\u00f0i og heimildum."},{"@type":"WebPage","@id":"https:\/\/iwell-guard.com\/is\/tu-matauenga-stridsgud-maora\/","url":"https:\/\/iwell-guard.com\/is\/tu-matauenga-stridsgud-maora\/","name":"Tu Matauenga - Str\u00ed\u00f0sgu\u00f0 Ma\u00f3ra, go\u00f0s\u00f6gn og \u00e1tr\u00fana\u00f0ur","isPartOf":{"@id":"https:\/\/iwell-guard.com\/is\/#website"},"primaryImageOfPage":{"@id":"https:\/\/iwell-guard.com\/is\/tu-matauenga-stridsgud-maora\/#primaryimage"},"image":{"@id":"https:\/\/iwell-guard.com\/is\/tu-matauenga-stridsgud-maora\/#primaryimage"},"thumbnailUrl":"https:\/\/iwell-guard.com\/wp-content\/uploads\/2026\/05\/goetter_polynesisch-maori_tu-matauenga.webp","datePublished":"2026-09-05T14:04:14+00:00","dateModified":"2026-09-05T14:23:21+00:00","description":"Tu Matauenga er gu\u00f0 Ma\u00f3ra yfir str\u00ed\u00f0i og mannkyni. Tr\u00faarfr\u00e6\u00f0ileg \u00fattekt me\u00f0 go\u00f0s\u00f6gn, \u00e1tr\u00fana\u00f0i og heimildum.","breadcrumb":{"@id":"https:\/\/iwell-guard.com\/is\/tu-matauenga-stridsgud-maora\/#breadcrumb"},"inLanguage":"is","potentialAction":[{"@type":"ReadAction","target":["https:\/\/iwell-guard.com\/is\/tu-matauenga-stridsgud-maora\/"]}]},{"@type":"ImageObject","inLanguage":"is","@id":"https:\/\/iwell-guard.com\/is\/tu-matauenga-stridsgud-maora\/#primaryimage","url":"https:\/\/iwell-guard.com\/wp-content\/uploads\/2026\/05\/goetter_polynesisch-maori_tu-matauenga.webp","contentUrl":"https:\/\/iwell-guard.com\/wp-content\/uploads\/2026\/05\/goetter_polynesisch-maori_tu-matauenga.webp","width":1024,"height":1536,"caption":"Gu\u00f0ir \u00far p\u00f3l\u00fdnes\u00edsk-ma\u00f3r\u00edskri hef\u00f0."},{"@type":"BreadcrumbList","@id":"https:\/\/iwell-guard.com\/is\/tu-matauenga-stridsgud-maora\/#breadcrumb","itemListElement":[{"@type":"ListItem","position":1,"name":"Start","item":"https:\/\/iwell-guard.com\/is\/?page_id=168580"},{"@type":"ListItem","position":2,"name":"Tu Matauenga &#8211; Str\u00ed\u00f0sgu\u00f0 Ma\u00f3ra"}]},{"@type":"WebSite","@id":"https:\/\/iwell-guard.com\/is\/#website","url":"https:\/\/iwell-guard.com\/is\/","name":"iWell Guard","description":"Schutz vor dunklen Einfl\u00fcssen","publisher":{"@id":"https:\/\/iwell-guard.com\/is\/#organization"},"potentialAction":[{"@type":"SearchAction","target":{"@type":"EntryPoint","urlTemplate":"https:\/\/iwell-guard.com\/is\/?s={search_term_string}"},"query-input":{"@type":"PropertyValueSpecification","valueRequired":true,"valueName":"search_term_string"}}],"inLanguage":"is"},{"@type":"Organization","@id":"https:\/\/iwell-guard.com\/is\/#organization","name":"Ittermann electronic GmbH","url":"https:\/\/iwell-guard.com\/is\/","logo":{"@type":"ImageObject","inLanguage":"is","@id":"https:\/\/iwell-guard.com\/is\/#\/schema\/logo\/image\/","url":"https:\/\/iwell-guard.com\/wp-content\/uploads\/2026\/05\/Ittermann-Logo-1182x237-1.png","contentUrl":"https:\/\/iwell-guard.com\/wp-content\/uploads\/2026\/05\/Ittermann-Logo-1182x237-1.png","width":1182,"height":237,"caption":"Ittermann electronic GmbH"},"image":{"@id":"https:\/\/iwell-guard.com\/is\/#\/schema\/logo\/image\/"},"sameAs":["https:\/\/pantip.com\/profile\/9367242","https:\/\/micro.blog\/iwellguard","https:\/\/www.diggerslist.com\/iwellguard\/about","https:\/\/skitterphoto.com\/photographers\/2870314\/iwell-guard","https:\/\/iwellguard.wordpress.com\/2026\/06\/06\/iwell-guard\/","https:\/\/hub.docker.com\/u\/iwellguard","https:\/\/www.pinterest.com\/iwellguard\/","https:\/\/bit.ly\/m\/iwellguard","https:\/\/entre-vos-mains.alsace.eu\/profiles\/iwellguard\/activity","https:\/\/gravatar.com\/reallybeded8fd34","https:\/\/naijamatta.com\/iwellguard","https:\/\/www.goodreads.com\/iwellguard","https:\/\/profile.hatena.ne.jp\/iwellguard\/","https:\/\/experiment.com\/users\/iwellguard","https:\/\/wakelet.com\/@iWellGuard82270","https:\/\/www.chordie.com\/forum\/profile.php?id=2555664","https:\/\/www.instapaper.com\/p\/17757966","https:\/\/www.mapleprimes.com\/users\/iwellguard","https:\/\/businesslistingplus.com\/profile\/iwell-guard\/","https:\/\/telegra.ph\/iWell-Guard-06-06","https:\/\/pbase.com\/iwellguard\/iwellguard","https:\/\/b.hatena.ne.jp\/iwellguard\/20260607#bookmark-4788405196491818882","https:\/\/fliphtml5.com\/home\/iwellguard","https:\/\/anyflip.com\/homepage\/cmiwl#About","https:\/\/transfur.com\/Users\/iwellguard","http:\/\/delphi.larsbo.org\/user\/iwellguard","https:\/\/jobs.lajobsportal.org\/profiles\/8380803-iwell-guard","https:\/\/md.chaosdorf.de\/s\/jfbe5SBdJD","https:\/\/www.lingvolive.com\/en-us\/profile\/9ecaeaca-ce11-4e51-9e71-01d55e2bff36\/translations","https:\/\/www.fitday.com\/fitness\/forums\/members\/iwellguard.html","https:\/\/www.mymeetbook.com\/iwellguard","https:\/\/pxhere.com\/en\/photographer-me\/5040798","https:\/\/disqus.com\/by\/iwellguard\/about\/","https:\/\/pastelink.net\/hjwciqwq","https:\/\/pubhtml5.com\/homepage\/scjhn\/","https:\/\/www.bitchute.com\/channel\/2O2eOKzNqujT","https:\/\/audiomack.com\/iwellguard"]},{"@type":"Person","@id":"https:\/\/iwell-guard.com\/is\/#\/schema\/person\/ee2a27f1cac3406c7c6fb5820cb7349f","name":"Ralf Ittermann","image":{"@type":"ImageObject","inLanguage":"is","@id":"https:\/\/secure.gravatar.com\/avatar\/073c0153e350a5005b68eb752b445fea71f6b24a26da9449ad7e155e6b446c9d?s=96&d=mm&r=g","url":"https:\/\/secure.gravatar.com\/avatar\/073c0153e350a5005b68eb752b445fea71f6b24a26da9449ad7e155e6b446c9d?s=96&d=mm&r=g","contentUrl":"https:\/\/secure.gravatar.com\/avatar\/073c0153e350a5005b68eb752b445fea71f6b24a26da9449ad7e155e6b446c9d?s=96&d=mm&r=g","caption":"Ralf Ittermann"},"givenName":"Ralf","familyName":"Ittermann","jobTitle":"Gesch\u00e4ftsf\u00fchrer und redaktioneller Verantwortlicher","url":"https:\/\/iwell-guard.com\/is\/author\/claude\/","description":"Ralf Ittermann ist Gesch\u00e4ftsf\u00fchrer der Ittermann electronic GmbH und redaktioneller Verantwortlicher des iWell-Guard-Lexikons. Er verbindet langj\u00e4hrige Erfahrung in der Pr\u00e4zisionsfertigung mit medialer Praxis und religionsgeschichtlicher Quellenarbeit.","worksFor":{"@type":"Organization","name":"Ittermann electronic GmbH","url":"https:\/\/ittermann.de\/","address":{"@type":"PostalAddress","streetAddress":"K\u00f6hlergasse 16-18","postalCode":"99842","addressLocality":"Ruhla","addressCountry":"DE"}},"knowsAbout":["Religionsgeschichte","Mythologie","Mediale Praxis","Energetische Diagnostik","Schutzpraxis","Volksglauben","Westliche Esoterik"]},{"@type":"Article","@id":"https:\/\/iwell-guard.com\/is\/tu-matauenga-stridsgud-maora\/#article","isPartOf":{"@id":"https:\/\/iwell-guard.com\/is\/tu-matauenga-stridsgud-maora\/"},"author":{"name":"Ralf Ittermann","@id":"https:\/\/iwell-guard.com\/is\/#\/schema\/person\/ee2a27f1cac3406c7c6fb5820cb7349f"},"headline":"Tu Matauenga &#8211; Str\u00ed\u00f0sgu\u00f0 Ma\u00f3ra","datePublished":"2026-09-05T14:04:14+00:00","dateModified":"2026-09-05T14:23:21+00:00","mainEntityOfPage":{"@id":"https:\/\/iwell-guard.com\/is\/tu-matauenga-stridsgud-maora\/"},"publisher":{"@id":"https:\/\/iwell-guard.com\/is\/#organization"},"image":{"@id":"https:\/\/iwell-guard.com\/is\/tu-matauenga-stridsgud-maora\/#primaryimage"},"thumbnailUrl":"https:\/\/iwell-guard.com\/wp-content\/uploads\/2026\/05\/goetter_polynesisch-maori_tu-matauenga.webp","inLanguage":"is","description":"Tu Matauenga er gu\u00f0 Ma\u00f3ra yfir str\u00ed\u00f0i og mannkyni. Tr\u00faarfr\u00e6\u00f0ileg \u00fattekt me\u00f0 go\u00f0s\u00f6gn, \u00e1tr\u00fana\u00f0i og heimildum."}]}},"_links":{"self":[{"href":"https:\/\/iwell-guard.com\/is\/wp-json\/wp\/v2\/pages\/168941","targetHints":{"allow":["GET"]}}],"collection":[{"href":"https:\/\/iwell-guard.com\/is\/wp-json\/wp\/v2\/pages"}],"about":[{"href":"https:\/\/iwell-guard.com\/is\/wp-json\/wp\/v2\/types\/page"}],"author":[{"embeddable":true,"href":"https:\/\/iwell-guard.com\/is\/wp-json\/wp\/v2\/users\/3"}],"replies":[{"embeddable":true,"href":"https:\/\/iwell-guard.com\/is\/wp-json\/wp\/v2\/comments?post=168941"}],"version-history":[{"count":0,"href":"https:\/\/iwell-guard.com\/is\/wp-json\/wp\/v2\/pages\/168941\/revisions"}],"wp:featuredmedia":[{"embeddable":true,"href":"https:\/\/iwell-guard.com\/is\/wp-json\/wp\/v2\/media\/2718"}],"wp:attachment":[{"href":"https:\/\/iwell-guard.com\/is\/wp-json\/wp\/v2\/media?parent=168941"}],"wp:term":[{"taxonomy":"category","embeddable":true,"href":"https:\/\/iwell-guard.com\/is\/wp-json\/wp\/v2\/categories?post=168941"}],"curies":[{"name":"wp","href":"https:\/\/api.w.org\/{rel}","templated":true}]}}