{"id":168939,"date":"2026-09-05T14:04:13","date_gmt":"2026-09-05T14:04:13","guid":{"rendered":"https:\/\/iwell-guard.com\/?page_id=168939"},"modified":"2026-09-05T14:23:18","modified_gmt":"2026-09-05T14:23:18","slug":"tane-mahuta-gud-skoga-og-fugla","status":"publish","type":"page","link":"https:\/\/iwell-guard.com\/is\/tane-mahuta-gud-skoga-og-fugla\/","title":{"rendered":"Tane Mahuta &#8211; gu\u00f0 sk\u00f3ga og fugla hj\u00e1 Ma\u00f3rum"},"content":{"rendered":"\t\t<div data-elementor-type=\"wp-page\" data-elementor-id=\"168939\" class=\"elementor elementor-168939 elementor-2594 elementor-bc-flex-widget\" data-elementor-post-type=\"page\">\n\t\t\t\t<div class=\"elementor-element elementor-element-iwgw-tanemahuta-hero e-flex e-con-boxed e-con e-parent\" data-id=\"iwgw-tanemahuta-hero\" data-element_type=\"container\" data-e-type=\"container\" data-settings=\"{&quot;background_background&quot;:&quot;classic&quot;}\">\n\t\t\t\t\t<div class=\"e-con-inner\">\n\t\t<div class=\"elementor-element elementor-element-iwgw-tanemahuta-hl e-flex e-con-boxed e-con e-child\" data-id=\"iwgw-tanemahuta-hl\" data-element_type=\"container\" data-e-type=\"container\">\n\t\t\t\t\t<div class=\"e-con-inner\">\n\t\t<div class=\"elementor-element elementor-element-iwgw-tanemahuta-htxt e-con-full e-flex e-con e-child\" data-id=\"iwgw-tanemahuta-htxt\" data-element_type=\"container\" data-e-type=\"container\">\n\t\t\t\t<div class=\"elementor-element elementor-element-iwgw-tanemahuta-h1 elementor-widget elementor-widget-heading\" data-id=\"iwgw-tanemahuta-h1\" data-element_type=\"widget\" data-e-type=\"widget\" data-widget_type=\"heading.default\">\n\t\t\t\t\t<h1 class=\"elementor-heading-title elementor-size-default\">Tane Mahuta - ma\u00f3r\u00edskur gu\u00f0 sk\u00f3ga, fugla og lj\u00f3sgefandi a\u00f0skilna\u00f0ar<\/h1>\t\t\t\t<\/div>\n\t\t\t\t<div class=\"elementor-element elementor-element-iwgw-tanemahuta-lead elementor-widget elementor-widget-text-editor\" data-id=\"iwgw-tanemahuta-lead\" data-element_type=\"widget\" data-e-type=\"widget\" data-widget_type=\"text-editor.default\">\n\t\t\t\t\t\t\t\t\t<p>Tane Mahuta, oft kalla\u00f0ur \u00ed styttra m\u00e1li Tane, er \u00ed tr\u00fa Ma\u00f3ra \u00e1litinn gu\u00f0 sk\u00f3ga, fugla og alls sk\u00f3givaxins l\u00edfheims.<\/p><p>Samkv\u00e6mt hinni mi\u00f0l\u00e6gu sk\u00f6punars\u00f6gu er hann einnig s\u00e1 sem skildi himnaf\u00f6\u00f0urinn Ranginui fr\u00e1 jar\u00f0m\u00f3\u00f0urinni Papatuanuku og bar \u00feannig lj\u00f3s og l\u00edfsr\u00fdmi inn \u00ed heiminn. Eftirfarandi umfj\u00f6llun l\u00fdsir tr\u00faarfr\u00e6\u00f0ilegri st\u00f6\u00f0u hans \u00ed p\u00f3l\u00fdnes\u00edsku <span class=\"iwg-fachbegriff\" data-tooltip=\"Heild gu\u00f0a innan tr\u00faarbrag\u00f0a e\u00f0a menningar.\" tabindex=\"0\">go\u00f0aveldinu (pantheon)<\/span>, myndr\u00e6num sporum hans og hlutverki hans \u00ed \u00e1tr\u00fana\u00f0arl\u00edfinu.<\/p>\t\t\t\t\t\t\t\t<\/div>\n\t\t\t\t<\/div>\n\t\t<div class=\"elementor-element elementor-element-iwgw-tanemahuta-pillc e-con-full e-flex e-con e-child\" data-id=\"iwgw-tanemahuta-pillc\" data-element_type=\"container\" data-e-type=\"container\">\n\t\t\t\t<div class=\"elementor-element elementor-element-iwgw-tanemahuta-pills elementor-widget elementor-widget-html\" data-id=\"iwgw-tanemahuta-pills\" data-element_type=\"widget\" data-e-type=\"widget\" data-widget_type=\"html.default\">\n\t\t\t\t\t<div class=\"iwg-pill-row\"><span class=\"iwg-klasse-badge\" tabindex=\"0\" data-tooltip=\"Gu\u00f0 \u00far hef\u00f0 P\u00f3l\u00fdnes\u00edu \/ Ma\u00f3ra.\">Gu\u00f0<\/span><a href=\"https:\/\/iwell-guard.com\/is\/?page_id=168911\" class=\"iwg-kultur-badge\" tabindex=\"0\" data-tooltip=\"Go\u00f0afr\u00e6\u00f0i hef\u00f0ar P\u00f3l\u00fdnes\u00edu \/ Ma\u00f3ra.\">P\u00f3l\u00fdnes\u00eda \/ Ma\u00f3rar<\/a><span class=\"iwg-tradition-badge\" tabindex=\"0\" data-tooltip=\"Sk\u00f3gar- og sk\u00f6punargu\u00f0.\">Sk\u00f3gar- og sk\u00f6punargu\u00f0<\/span><\/div>\t\t\t\t<\/div>\n\t\t\t\t<\/div>\n\t\t<div class=\"elementor-element elementor-element-iwgw-tanemahuta-tocc e-con-full e-flex e-con e-child\" data-id=\"iwgw-tanemahuta-tocc\" data-element_type=\"container\" data-e-type=\"container\">\n\t\t\t\t<div class=\"elementor-element elementor-element-iwgw-tanemahuta-toc elementor-toc--minimized-on-tablet elementor-widget elementor-widget-table-of-contents\" data-id=\"iwgw-tanemahuta-toc\" data-element_type=\"widget\" data-e-type=\"widget\" data-settings=\"{&quot;headings_by_tags&quot;:[&quot;h2&quot;,&quot;h3&quot;],&quot;minimize_box&quot;:&quot;yes&quot;,&quot;marker_view&quot;:&quot;bullets&quot;,&quot;no_headings_message&quot;:&quot;Engar undirfyrirsagnir fundust \\u00e1 \\u00feessari s\\u00ed\\u00f0u.&quot;,&quot;exclude_headings_by_selector&quot;:[],&quot;icon&quot;:{&quot;value&quot;:&quot;fas fa-circle&quot;,&quot;library&quot;:&quot;fa-solid&quot;,&quot;rendered_tag&quot;:&quot;&lt;svg class=\\&quot;e-font-icon-svg e-fas-circle\\&quot; viewBox=\\&quot;0 0 512 512\\&quot; xmlns=\\&quot;http:\\\/\\\/www.w3.org\\\/2000\\\/svg\\&quot;&gt;&lt;path d=\\&quot;M256 8C119 8 8 119 8 256s111 248 248 248 248-111 248-248S393 8 256 8z\\&quot;&gt;&lt;\\\/path&gt;&lt;\\\/svg&gt;&quot;},&quot;minimized_on&quot;:&quot;tablet&quot;,&quot;hierarchical_view&quot;:&quot;yes&quot;,&quot;min_height&quot;:{&quot;unit&quot;:&quot;px&quot;,&quot;size&quot;:&quot;&quot;,&quot;sizes&quot;:[]},&quot;min_height_tablet&quot;:{&quot;unit&quot;:&quot;px&quot;,&quot;size&quot;:&quot;&quot;,&quot;sizes&quot;:[]},&quot;min_height_mobile&quot;:{&quot;unit&quot;:&quot;px&quot;,&quot;size&quot;:&quot;&quot;,&quot;sizes&quot;:[]}}\" data-widget_type=\"table-of-contents.default\">\n\t\t\t\t\t\t\t\t\t<div class=\"elementor-toc__header\">\n\t\t\t\t\t\t<h2 class=\"elementor-toc__header-title\">\n\t\t\t\tEfnisyfirlit\t\t\t<\/h2>\n\t\t\t\t\t\t\t\t\t\t<div class=\"elementor-toc__toggle-button elementor-toc__toggle-button--expand\" role=\"button\" tabindex=\"0\" aria-controls=\"elementor-toc__iwgw-tanemahuta-toc\" aria-expanded=\"true\" aria-label=\"Open table of contents\"><svg aria-hidden=\"true\" class=\"e-font-icon-svg e-fas-chevron-down\" viewBox=\"0 0 448 512\" xmlns=\"http:\/\/www.w3.org\/2000\/svg\"><path d=\"M207.029 381.476L12.686 187.132c-9.373-9.373-9.373-24.569 0-33.941l22.667-22.667c9.357-9.357 24.522-9.375 33.901-.04L224 284.505l154.745-154.021c9.379-9.335 24.544-9.317 33.901.04l22.667 22.667c9.373 9.373 9.373 24.569 0 33.941L240.971 381.476c-9.373 9.372-24.569 9.372-33.942 0z\"><\/path><\/svg><\/div>\n\t\t\t\t<div class=\"elementor-toc__toggle-button elementor-toc__toggle-button--collapse\" role=\"button\" tabindex=\"0\" aria-controls=\"elementor-toc__iwgw-tanemahuta-toc\" aria-expanded=\"true\" aria-label=\"Close table of contents\"><svg aria-hidden=\"true\" class=\"e-font-icon-svg e-fas-chevron-up\" viewBox=\"0 0 448 512\" xmlns=\"http:\/\/www.w3.org\/2000\/svg\"><path d=\"M240.971 130.524l194.343 194.343c9.373 9.373 9.373 24.569 0 33.941l-22.667 22.667c-9.357 9.357-24.522 9.375-33.901.04L224 227.495 69.255 381.516c-9.379 9.335-24.544 9.317-33.901-.04l-22.667-22.667c-9.373-9.373-9.373-24.569 0-33.941L207.03 130.525c9.372-9.373 24.568-9.373 33.941-.001z\"><\/path><\/svg><\/div>\n\t\t\t\t\t<\/div>\n\t\t\t\t<div id=\"elementor-toc__iwgw-tanemahuta-toc\" class=\"elementor-toc__body\">\n\t\t\t<div class=\"elementor-toc__spinner-container\">\n\t\t\t\t<svg class=\"elementor-toc__spinner eicon-animation-spin e-font-icon-svg e-eicon-loading\" aria-hidden=\"true\" viewBox=\"0 0 1000 1000\" xmlns=\"http:\/\/www.w3.org\/2000\/svg\"><path d=\"M500 975V858C696 858 858 696 858 500S696 142 500 142 142 304 142 500H25C25 237 238 25 500 25S975 237 975 500 763 975 500 975Z\"><\/path><\/svg>\t\t\t<\/div>\n\t\t<\/div>\n\t\t\t\t\t\t<\/div>\n\t\t\t\t<\/div>\n\t\t\t\t\t<\/div>\n\t\t\t\t<\/div>\n\t\t<div class=\"elementor-element elementor-element-iwgw-tanemahuta-hr e-con-full e-flex e-con e-child\" data-id=\"iwgw-tanemahuta-hr\" data-element_type=\"container\" data-e-type=\"container\">\n\t\t\t\t<div class=\"elementor-element elementor-element-iwgw-tanemahuta-heroimg iwg-hero-image elementor-widget elementor-widget-image\" data-id=\"iwgw-tanemahuta-heroimg\" data-element_type=\"widget\" data-e-type=\"widget\" data-widget_type=\"image.default\">\n\t\t\t\t\t\t\t\t\t\t\t\t\t\t\t<img fetchpriority=\"high\" decoding=\"async\" width=\"683\" height=\"1024\" src=\"https:\/\/iwell-guard.com\/wp-content\/uploads\/2026\/05\/goetter_polynesisch-maori_tane-mahuta-683x1024.webp\" class=\"attachment-large size-large wp-image-170837\" alt=\"Tane Mahuta - gu\u00f0ir \u00far p\u00f3l\u00fdnes\u00edsk-maor\u00edskri hef\u00f0, s\u00f6guleg myndskreyting\" srcset=\"https:\/\/iwell-guard.com\/wp-content\/uploads\/2026\/05\/goetter_polynesisch-maori_tane-mahuta-683x1024.webp 683w, https:\/\/iwell-guard.com\/wp-content\/uploads\/2026\/05\/goetter_polynesisch-maori_tane-mahuta-200x300.webp 200w, https:\/\/iwell-guard.com\/wp-content\/uploads\/2026\/05\/goetter_polynesisch-maori_tane-mahuta-768x1152.webp 768w, https:\/\/iwell-guard.com\/wp-content\/uploads\/2026\/05\/goetter_polynesisch-maori_tane-mahuta.webp 1024w\" sizes=\"(max-width: 683px) 100vw, 683px\" \/>\t\t\t\t\t\t\t\t\t\t\t\t\t\t\t<\/div>\n\t\t\t\t<\/div>\n\t\t\t\t\t<\/div>\n\t\t\t\t<\/div>\n\t\t\t\t<section class=\"elementor-section elementor-top-section elementor-element elementor-element-sec-iwgcomp2-tane-mahuta elementor-section-boxed elementor-section-height-default elementor-section-height-default\" data-id=\"sec-iwgcomp2-tane-mahuta\" data-element_type=\"section\" data-e-type=\"section\">\n\t\t\t\t\t\t<div class=\"elementor-container elementor-column-gap-default\">\n\t\t\t\t\t<div class=\"elementor-column elementor-col-100 elementor-top-column elementor-element elementor-element-col-iwgcomp2-tane-mahuta\" data-id=\"col-iwgcomp2-tane-mahuta\" data-element_type=\"column\" data-e-type=\"column\">\n\t\t\t<div class=\"elementor-widget-wrap elementor-element-populated\">\n\t\t\t\t\t\t<div class=\"elementor-element elementor-element-iwgcomp2-tane-mahuta elementor-widget elementor-widget-text-editor\" data-id=\"iwgcomp2-tane-mahuta\" data-element_type=\"widget\" data-e-type=\"widget\" data-widget_type=\"text-editor.default\">\n\t\t\t\t\t\t\t\t\t<p>T\u0101ne Mahuta er <strong>ma\u00f3r\u00edski gu\u00f0inn<\/strong> sk\u00f3ga og fugla.<\/p>\t\t\t\t\t\t\t\t<\/div>\n\t\t\t\t\t<\/div>\n\t\t<\/div>\n\t\t\t\t\t<\/div>\n\t\t<\/section>\n\t\t\t\t<section class=\"elementor-section elementor-top-section elementor-element elementor-element-sec-iwgcomp-tane-mahuta elementor-section-boxed elementor-section-height-default elementor-section-height-default\" data-id=\"sec-iwgcomp-tane-mahuta\" data-element_type=\"section\" data-e-type=\"section\">\n\t\t\t\t\t\t<div class=\"elementor-container elementor-column-gap-default\">\n\t\t\t\t\t<div class=\"elementor-column elementor-col-100 elementor-top-column elementor-element elementor-element-col-iwgcomp-tane-mahuta\" data-id=\"col-iwgcomp-tane-mahuta\" data-element_type=\"column\" data-e-type=\"column\">\n\t\t\t<div class=\"elementor-widget-wrap elementor-element-populated\">\n\t\t\t\t\t\t<div class=\"elementor-element elementor-element-iwgcomp-tane-mahuta elementor-widget elementor-widget-text-editor\" data-id=\"iwgcomp-tane-mahuta\" data-element_type=\"widget\" data-e-type=\"widget\" data-widget_type=\"text-editor.default\">\n\t\t\t\t\t\t\t\t\t<p>T\u0101ne Mahuta, <strong>ma\u00f3r\u00edski sk\u00f3gargu\u00f0inn<\/strong>, skildi himin og j\u00f6r\u00f0 a\u00f0 \u00ed sk\u00f6punars\u00f6gunni og bar lj\u00f3si\u00f0 inn \u00ed heiminn.<\/p>\t\t\t\t\t\t\t\t<\/div>\n\t\t\t\t\t<\/div>\n\t\t<\/div>\n\t\t\t\t\t<\/div>\n\t\t<\/section>\n\t\t<div class=\"elementor-element elementor-element-iwgw-tanemahuta-s0 e-flex e-con-boxed e-con e-parent\" data-id=\"iwgw-tanemahuta-s0\" data-element_type=\"container\" data-e-type=\"container\">\n\t\t\t\t\t<div class=\"e-con-inner\">\n\t\t\t\t<div class=\"elementor-element elementor-element-iwgw-tanemahuta-s0h elementor-widget elementor-widget-heading\" data-id=\"iwgw-tanemahuta-s0h\" data-element_type=\"widget\" data-e-type=\"widget\" data-widget_type=\"heading.default\">\n\t\t\t\t\t<h2 class=\"elementor-heading-title elementor-size-default\">Sta\u00f0a innan p\u00f3l\u00fdnes\u00edska go\u00f0aveldisins<\/h2>\t\t\t\t<\/div>\n\t\t<div class=\"elementor-element elementor-element-iwgw-tanemahuta-s0c e-con-full e-flex e-con e-child\" data-id=\"iwgw-tanemahuta-s0c\" data-element_type=\"container\" data-e-type=\"container\">\n\t\t\t\t<div class=\"elementor-element elementor-element-iwgw-tanemahuta-s0t elementor-widget elementor-widget-text-editor\" data-id=\"iwgw-tanemahuta-s0t\" data-element_type=\"widget\" data-e-type=\"widget\" data-widget_type=\"text-editor.default\">\n\t\t\t\t\t\t\t\t\t<p>Tane Mahuta er einn af helstu Atua (gu\u00f0um) \u00ed <span class=\"iwg-fachbegriff\" data-tooltip=\"Hugmyndin um uppbyggingu og skipulag heimsins innan tiltekinnar menningar.\" tabindex=\"0\">heimsfr\u00e6\u00f0i<\/span> Ma\u00f3ra og samsvarar a\u00f0 hlutverki p\u00f3l\u00fdnes\u00edskum hli\u00f0st\u00e6\u00f0um eins og Kane \u00e1 Hawaii e\u00f0a Tane \u00e1 Tah\u00edt\u00ed og Cooks-eyjum.<\/p><p>Hann er einn af sonum Ranginui (himnaf\u00f6\u00f0urins) og Papatuanuku (jar\u00f0m\u00f3\u00f0urinnar) og er talinn br\u00f3\u00f0ir <a href=\"https:\/\/iwell-guard.com\/is\/?page_id=168940\">Tangaroa<\/a>, <a href=\"https:\/\/iwell-guard.com\/is\/?page_id=168941\">Tu Matauenga<\/a>, <a href=\"https:\/\/iwell-guard.com\/is\/?page_id=168942\">Rongo<\/a>, Tawhirimatea (stormgu\u00f0sins) og Haumia-tiketike (gu\u00f0s villtra jurta).<\/p><p>\u00d3l\u00edkt eingu\u00f0istr\u00faarhugmyndum er Tane engin \u00e6\u00f0sta gu\u00f0d\u00f3msvera sem stendur yfir \u00f6llu, heldur hluti af fj\u00f6lmi\u00f0ju\u00f0u gu\u00f0akerfi \u00fear sem hver Atua hefur sk\u00fdrt afmarka\u00f0 verksvi\u00f0.<\/p><p>Margaret Orbell bendir \u00ed grundvallarriti s\u00ednu <em>The Illustrated Encyclopedia of Maori Myth and Legend<\/em> (1995) \u00e1 a\u00f0 <span class=\"iwg-fachbegriff\" data-tooltip=\"Fr\u00e6\u00f0ileg kenning um Gu\u00f0 og tr\u00fa tiltekinna tr\u00faarbrag\u00f0a.\" tabindex=\"0\">gu\u00f0fr\u00e6\u00f0i<\/span> Ma\u00f3ra s\u00e9 ekki var\u00f0veitt sem loka\u00f0 kerfi heldur f\u00e1i h\u00fan s\u00e9rst\u00f6k bl\u00e6brig\u00f0i \u00ed sv\u00e6\u00f0isbundnum afbrig\u00f0um og hef\u00f0um \u00e6ttb\u00e1lka.<\/p><p>Tane sj\u00e1lfur kemur fram undir vi\u00f0urnefnum eins og Tane-mahuta, Tane-te-wananga, Tane-nui-a-Rangi e\u00f0a Tane-matua, eftir \u00fev\u00ed hva\u00f0a hlutverk er \u00ed brennidepli. Tr\u00faarfr\u00e6\u00f0ilega er \u00feessi fj\u00f6lnefnun tj\u00e1ning <span class=\"iwg-fachbegriff\" data-tooltip=\"Fr\u00e6\u00f0ileg kenning um Gu\u00f0 og tr\u00fa tiltekinna tr\u00faarbrag\u00f0a.\" tabindex=\"0\">gu\u00f0fr\u00e6\u00f0i<\/span>, ekki m\u00f3ts\u00f6gn: h\u00fan skilgreinir gu\u00f0 \u00fat fr\u00e1 tengslum, ath\u00f6fnum og \u00e6ttart\u00f6lum (whakapapa) fremur en \u00fat fr\u00e1 einum eiginleika.<\/p><p>Patrick Kirch (<em>On the Road of the Winds<\/em>, 2000) s\u00fdnir a\u00f0 \u00feessi regla gildir um alla austr\u00f3nes\u00edsku tr\u00faarbrag\u00f0afj\u00f6lskylduna og m\u00e1 rekja allt aftur til frum-austr\u00f3nes\u00edskrar tr\u00faarbrag\u00f0as\u00f6gu fyrir m\u00f6rgum \u00e1r\u00fe\u00fasundum.<\/p><p>Fr\u00e6\u00f0ilega s\u00e9\u00f0 er Tangaroa \u00fev\u00ed pers\u00f3na sem einungis ver\u00f0ur skilin \u00ed samhengi vi\u00f0 vi\u00f0komandi eyjasamf\u00e9lag. \u00cd Aotearoa, eyju me\u00f0 \u00fe\u00e9ttum sk\u00f3gum og v\u00ed\u00f0\u00e1ttumikilli strandlengju, r\u00edkir samkeppni milli sk\u00f3gar (Tane) og hafs (Tangaroa); \u00e1 Tah\u00edt\u00ed, eldfjallaeyjaklasa me\u00f0 sterka Marae-tr\u00fa, er Tangaroa skapari.<\/p><p>Tu er \u00feannig innan <span class=\"iwg-fachbegriff\" data-tooltip=\"Fr\u00e6\u00f0ileg kenning um Gu\u00f0 og tr\u00fa tiltekinna tr\u00faarbrag\u00f0a.\" tabindex=\"0\">gu\u00f0fr\u00e6\u00f0i<\/span> Ma\u00f3ra s\u00e1 Atua sem hlutdeild mannsins \u00ed hinum gu\u00f0lega vef birtist \u00ed gegnum. \u00c1n Tu v\u00e6ri enginn \u201ema\u00f0ur-sem-gerandi\u201c til sem g\u00e6ti \u00e1tt samskipti vi\u00f0 a\u00f0ra Atua. \u00deessi heimsfr\u00e6\u00f0ilega sta\u00f0a er var\u00f0veitt fr\u00e1 skr\u00e1ningum Te Rangikahekes og er mi\u00f0l\u00e6g \u00ed n\u00fat\u00edma tr\u00faarheimspeki Ma\u00f3ra.<\/p>\t\t\t\t\t\t\t\t<\/div>\n\t\t\t\t<\/div>\n\t\t\t\t\t<\/div>\n\t\t\t\t<\/div>\n\t\t<div class=\"elementor-element elementor-element-iwgw-tanemahuta-s1 e-flex e-con-boxed e-con e-parent\" data-id=\"iwgw-tanemahuta-s1\" data-element_type=\"container\" data-e-type=\"container\">\n\t\t\t\t\t<div class=\"e-con-inner\">\n\t\t\t\t<div class=\"elementor-element elementor-element-iwgw-tanemahuta-s1h elementor-widget elementor-widget-heading\" data-id=\"iwgw-tanemahuta-s1h\" data-element_type=\"widget\" data-e-type=\"widget\" data-widget_type=\"heading.default\">\n\t\t\t\t\t<h2 class=\"elementor-heading-title elementor-size-default\">Nafn og or\u00f0sifjar<\/h2>\t\t\t\t<\/div>\n\t\t<div class=\"elementor-element elementor-element-iwgw-tanemahuta-s1c e-con-full e-flex e-con e-child\" data-id=\"iwgw-tanemahuta-s1c\" data-element_type=\"container\" data-e-type=\"container\">\n\t\t\t\t<div class=\"elementor-element elementor-element-iwgw-tanemahuta-s1t elementor-widget elementor-widget-text-editor\" data-id=\"iwgw-tanemahuta-s1t\" data-element_type=\"widget\" data-e-type=\"widget\" data-widget_type=\"text-editor.default\">\n\t\t\t\t\t\t\t\t\t<p>Nafni\u00f0 Tane \u00fe\u00fd\u00f0ir \u00e1 ma\u00f3r\u00edsku (te reo Maori) og skyldum p\u00f3l\u00fdnes\u00edskum tungum\u00e1lum einfaldlega &#8216;ma\u00f0ur&#8217; e\u00f0a &#8216;karlkyns vera&#8217;. Vi\u00f0urnefni\u00f0 Mahuta, sem oft fylgir, er \u00fe\u00fdtt sem &#8216;a\u00f0 spretta upp&#8217;, &#8216;a\u00f0 r\u00edsa upp&#8217; og v\u00edsar til athafnarinnar \u00fear sem hann lyfti himninum fr\u00e1 j\u00f6r\u00f0inni.<\/p><p>\u00datg\u00e1fan Tane-nui-a-Rangi m\u00e1 \u00fe\u00fd\u00f0a sem &#8216;Tane hinn mikli, sonur Rangi&#8217;. Tane-te-wananga \u00fe\u00fd\u00f0ir &#8216;Tane hinnar helgu kennslu&#8217;, Tane-mahuta &#8216;Tane hinn reisandi&#8217;.<\/p><p>Bruce Biggs (<em>The Complete English-Maori Dictionary<\/em>, 1981) s\u00fdnir a\u00f0 or\u00f0i\u00f0 tane er nota\u00f0 b\u00e6\u00f0i go\u00f0sagnalega og \u00ed hversdagsm\u00e1li. \u00cd \u00e1tr\u00fana\u00f0arlegu samhengi kemur \u00fea\u00f0 oft fram \u00ed samsetta or\u00f0inu Tane-te-wananga &#8211; Tane sem var\u00f0veitandi hins samansafna\u00f0a \u00feekkingarfor\u00f0a, wananga. Fj\u00f6lbreytt merking or\u00f0sins (&#8216;ma\u00f0ur&#8217; sem samheiti og &#8216;Tane&#8217; sem gu\u00f0) gerir nafni\u00f0 \u00f3venju frj\u00f3samt.<\/p><p>P\u00f3l\u00fdnes\u00edska tungum\u00e1lasamf\u00e9lagi\u00f0 kannast vi\u00f0 \u00e6ttingja \u00feessa gu\u00f0anafns \u00e1 fjarl\u00e6gum eyjum: Kane \u00e1 Hawaii, Tane \u00e1 Tah\u00edt\u00ed, Kane e\u00f0a Tane \u00e1 Marquesaseyjum.<\/p><p>\u00deessi tungum\u00e1lalega \u00fatbrei\u00f0sla er talin ein af v\u00edsbendingunum um sameiginlega frump\u00f3l\u00fdnes\u00edska go\u00f0ahef\u00f0, sem r\u00e6tur m\u00e1 rekja allt aftur til seinni hluta fyrsta \u00e1r\u00fe\u00fasundsins. Hlj\u00f3\u00f0l\u00f6gm\u00e1l ma\u00f3r\u00edsku (var\u00f0veitt t-) og hawai\u00edsku (t- breytist \u00ed k-) \u00fatsk\u00fdra sv\u00e6\u00f0isbundinn munin.<\/p><p>Anne Salmond bendir \u00ed <em>Aphrodite&#8217;s Island<\/em> (2009) \u00e1 a\u00f0 enskum\u00e6landi ranns\u00f3knir \u00e1 19. \u00f6ld hafi oft \u00feurrka\u00f0 \u00fat sv\u00e6\u00f0isbundinn mun og sm\u00ed\u00f0a\u00f0 eina heilst\u00e6\u00f0a &#8216;p\u00f3l\u00fdnes\u00edska <span class=\"iwg-fachbegriff\" data-tooltip=\"Heild gu\u00f0a innan tr\u00faarbrag\u00f0a e\u00f0a menningar.\" tabindex=\"0\">go\u00f0aveldi (pantheon)<\/span>&#8216; sem \u00ed raun hafi aldrei veri\u00f0 til \u00ed \u00feeirri mynd. Tungum\u00e1laranns\u00f3knir s\u00ed\u00f0ustu 50 \u00e1ra hafa lei\u00f0r\u00e9tt \u00feetta.<\/p><p>\u00c6ttfr\u00e6\u00f0ilega heiti\u00f0 &#8216;Nga uri o Tu&#8217; (&#8216;afkomendur Tu&#8217;) er \u00ed dag lifandi \u00ed opinberu m\u00e1li Ma\u00f3ra: \u00dea\u00f0 kemur fram \u00ed r\u00e6\u00f0um \u00e1 Hui (samkomum), \u00ed Tangihanga (sorgarath\u00f6fnum) og \u00ed stj\u00f3rnm\u00e1la\u00e1t\u00f6kum og tj\u00e1ir sj\u00e1lfsmynd Ma\u00f3ra sem virkt, str\u00ed\u00f0andi, lifandi samf\u00e9lag.<\/p>\t\t\t\t\t\t\t\t<\/div>\n\t\t\t\t<\/div>\n\t\t\t\t\t<\/div>\n\t\t\t\t<\/div>\n\t\t<div class=\"elementor-element elementor-element-iwgw-tanemahuta-s2 e-flex e-con-boxed e-con e-parent\" data-id=\"iwgw-tanemahuta-s2\" data-element_type=\"container\" data-e-type=\"container\">\n\t\t\t\t\t<div class=\"e-con-inner\">\n\t\t\t\t<div class=\"elementor-element elementor-element-iwgw-tanemahuta-s2h elementor-widget elementor-widget-heading\" data-id=\"iwgw-tanemahuta-s2h\" data-element_type=\"widget\" data-e-type=\"widget\" data-widget_type=\"heading.default\">\n\t\t\t\t\t<h2 class=\"elementor-heading-title elementor-size-default\">L\u00fdsing og myndlist<\/h2>\t\t\t\t<\/div>\n\t\t<div class=\"elementor-element elementor-element-iwgw-tanemahuta-s2c e-con-full e-flex e-con e-child\" data-id=\"iwgw-tanemahuta-s2c\" data-element_type=\"container\" data-e-type=\"container\">\n\t\t\t\t<div class=\"elementor-element elementor-element-iwgw-tanemahuta-s2t elementor-widget elementor-widget-text-editor\" data-id=\"iwgw-tanemahuta-s2t\" data-element_type=\"widget\" data-e-type=\"widget\" data-widget_type=\"text-editor.default\">\n\t\t\t\t\t\t\t\t\t<p>\u00cd myndlist Ma\u00f3r\u00eda birtist Tane Mahuta ekki \u00ed einni fastri mynd. \u00d3l\u00edkt hinni klass\u00edsku gr\u00edsk-r\u00f3mversku myndlistarhef\u00f0 \u00feekkir p\u00f3l\u00fdnes\u00edsk tr\u00faarbr\u00f6g\u00f0 ekki fastar mannlegar styttur sem festa gu\u00f0 \u00ed einni vi\u00f0urkenndri mynd.<\/p><p>\u00deess \u00ed sta\u00f0 eru \u00fatskur\u00f0arverk (whakairo) \u00e1 samkomuh\u00fasum (whare whakairo), \u00e1 stefni og skut kan\u00f3a og \u00e1 \u00fatisv\u00e6\u00f0um marae t\u00e1knr\u00e6n \u00fe\u00e9ttun.<\/p><p>Tane er \u00ed sl\u00edkum \u00fatskur\u00f0i oft gefinn til kynna me\u00f0 st\u00f3rum, opnum augum, \u00fatst\u00e6\u00f0ri tungu og st\u00edlf\u00e6r\u00f0um sp\u00edralformu\u00f0um limum sem t\u00e1kna st\u00f6\u00f0u hans milli himins og jar\u00f0ar.<\/p><p>Roger Neich (<em>Painted Histories<\/em>, 1993) l\u00fdsir \u00fev\u00ed hvernig mismunandi verkst\u00e6\u00f0i \u00e1 \u00fdmsum sv\u00e6\u00f0um notu\u00f0u s\u00edn eigin t\u00e1kn. \u00cd v\u00ed\u00f0ari skilningi er hvert st\u00f3rt tr\u00e9, s\u00e9rstaklega hi\u00f0 st\u00f3rvaxna kauri-tr\u00e9 (Agathis australis), tali\u00f0 s\u00fdnilegur l\u00edkami Tane.<\/p><p>Hi\u00f0 fr\u00e6ga kauri-tr\u00e9 \u00ed Waipoua-sk\u00f3gi, sem heitir sj\u00e1lft &#8216;Tane Mahuta&#8217;, er t\u00e1knr\u00e6n efnisgerving gu\u00f0sins sj\u00e1lfs. \u00dea\u00f0 er yfir 50 metrar \u00e1 h\u00e6\u00f0, meira en 13 metrar a\u00f0 umm\u00e1li stofnsins, og aldur \u00feess er talinn vera 1500 til 2500 \u00e1r.<\/p><p>\u00cd munnlegum myndum er Tane oft l\u00fdst sem uppreistum manni sem \u00fer\u00fdstir himni og j\u00f6r\u00f0 \u00ed sundur me\u00f0 her\u00f0um og f\u00f3tum, me\u00f0an Ranginui ber \u00e1fram bl\u00e6\u00f0andi s\u00e1r og Papatuanuku syrgir fyrir ne\u00f0an hann. Sl\u00edkar myndir koma fram b\u00e6\u00f0i \u00ed var\u00f0veittum karakia og \u00ed n\u00fat\u00edma lj\u00f3\u00f0list Ma\u00f3r\u00eda.<\/p><p>T\u00e1knr\u00e6nt er Tangaroa einnig gefinn til kynna me\u00f0 nautilus-skeljamynstri og \u00e1kve\u00f0num sp\u00edralformum (koru) \u00ed listum Ma\u00f3r\u00eda. Koru-sp\u00edralinn v\u00edsar til \u00feess hvernig b\u00e1ra r\u00fallar og hvernig \u00feang vindur sig upp. \u00cd n\u00fat\u00edma skartgripager\u00f0 og h\u00fa\u00f0fl\u00farum Ma\u00f3r\u00eda eru \u00feessi t\u00e1kn enn \u00ed fullu l\u00edfi og bera Tangaroa-tengingu inn \u00ed daglegt l\u00edf.<\/p><p>\u00cd n\u00fat\u00edma h\u00fa\u00f0fl\u00farum (ta moko) eru Tu-t\u00e1kn algeng: sp\u00edralar (koru) \u00ed \u00fe\u00e9ttum mynstrum, hvassar l\u00ednur, \u00e1hersla \u00e1 augnt\u00e1kn. Hef\u00f0 ta moko, sem var vi\u00f0 \u00fea\u00f0 a\u00f0 deyja \u00fat \u00e1 19. \u00f6ld, hefur lifna\u00f0 vi\u00f0 aftur fr\u00e1 1990 og inniheldur sk\u00fdrar tilv\u00edsanir \u00ed Tu.<\/p>\t\t\t\t\t\t\t\t<\/div>\n\t\t\t\t<\/div>\n\t\t\t\t\t<\/div>\n\t\t\t\t<\/div>\n\t\t<div class=\"elementor-element elementor-element-iwgw-tanemahuta-s3 e-flex e-con-boxed e-con e-parent\" data-id=\"iwgw-tanemahuta-s3\" data-element_type=\"container\" data-e-type=\"container\">\n\t\t\t\t\t<div class=\"e-con-inner\">\n\t\t\t\t<div class=\"elementor-element elementor-element-iwgw-tanemahuta-s3h elementor-widget elementor-widget-heading\" data-id=\"iwgw-tanemahuta-s3h\" data-element_type=\"widget\" data-e-type=\"widget\" data-widget_type=\"heading.default\">\n\t\t\t\t\t<h2 class=\"elementor-heading-title elementor-size-default\">Go\u00f0sagan um a\u00f0skilna\u00f0 himins og jar\u00f0ar<\/h2>\t\t\t\t<\/div>\n\t\t<div class=\"elementor-element elementor-element-iwgw-tanemahuta-s3c e-con-full e-flex e-con e-child\" data-id=\"iwgw-tanemahuta-s3c\" data-element_type=\"container\" data-e-type=\"container\">\n\t\t\t\t<div class=\"elementor-element elementor-element-iwgw-tanemahuta-s3t elementor-widget elementor-widget-text-editor\" data-id=\"iwgw-tanemahuta-s3t\" data-element_type=\"widget\" data-e-type=\"widget\" data-widget_type=\"text-editor.default\">\n\t\t\t\t\t\t\t\t\t<p>Meginfr\u00e1s\u00f6gnin um Tane Mahuta er a\u00f0skilna\u00f0ur frumforeldra heimsins.<\/p><p>Samkv\u00e6mt fr\u00e1s\u00f6gninni, eins og Ma\u00f3r\u00edski sagnfr\u00e6\u00f0ingurinn Te Rangikaheke skr\u00e1\u00f0i hana \u00e1 19. \u00f6ld og eins og h\u00fan barst inn \u00ed evr\u00f3pska umr\u00e6\u00f0u me\u00f0 Sir George Grey \u00ed <em>Polynesian Mythology<\/em> (1854), l\u00e1gu Ranginui og Papatuanuku upphaflega \u00ed \u00fe\u00e9ttum fa\u00f0ml\u00f6gum. B\u00f6rn \u00feeirra ur\u00f0u a\u00f0 lifa \u00ed fullkomnu myrkri milli \u00feeirra.<\/p><p>Synirnir r\u00e1\u00f0g\u00e1\u00f0u sig um hvort \u00feeir \u00e6ttu a\u00f0 drepa foreldra s\u00edna e\u00f0a skilja \u00feau a\u00f0. <a href=\"https:\/\/iwell-guard.com\/is\/?page_id=168941\">Tu Matauenga<\/a>, str\u00ed\u00f0sgu\u00f0inn, tala\u00f0i fyrir dau\u00f0a \u00feeirra. Tane Mahuta tala\u00f0i \u00e1 m\u00f3ti og haf\u00f0i sigur.<\/p><p>Nokkrir synir reyndu \u00e1n \u00e1rangurs a\u00f0 lyfta himninum fr\u00e1 j\u00f6r\u00f0inni. A\u00f0eins Tane t\u00f3kst \u00fea\u00f0: Hann stillti sig \u00e1 h\u00f6fu\u00f0i\u00f0, \u00fer\u00fdsti f\u00f3tunum upp a\u00f0 himninum og lyfti honum upp. \u00deannig var\u00f0 Te Ao Marama, heimur lj\u00f3ssins, til.<\/p><p>V\u00edsindalega er \u00feessi <span class=\"iwg-fachbegriff\" data-tooltip=\"Var\u00f0veitt fr\u00e1s\u00f6gn um gu\u00f0i, uppruna og skipan heimsins.\" tabindex=\"0\">go\u00f0saga<\/span> d\u00e6miger\u00f0 a\u00f0skilna\u00f0argo\u00f0saga, eins og Mircea Eliade l\u00fdsir sem tegund \u00ed <em>Die Sch\u00f6pfungsmythen<\/em> (1976). H\u00fan \u00fatsk\u00fdrir heiminn og sta\u00f0festir samt\u00edmis tilvist \u00feekkingar og skilnings. A\u00f0eins a\u00f0skilna\u00f0urinn skapar \u00fea\u00f0 r\u00fdmi sem s\u00ed\u00f0ari sk\u00f6punarverk geta \u00e1tt s\u00e9r sta\u00f0 \u00ed.<\/p><p>Foreldrarnir eru ekki \u00f3snortin: Ranginui gr\u00e6tur enn \u00ed dag &#8211; regni\u00f0 eru t\u00e1r hans, morgunmistri\u00f0 er andardr\u00e1ttur Papatuanuku sem st\u00edgur upp til hans. \u00deessi lj\u00f3\u00f0r\u00e6na tengsl milli ve\u00f0urfyrirb\u00e6ra og <span class=\"iwg-fachbegriff\" data-tooltip=\"Var\u00f0veitt fr\u00e1s\u00f6gn um gu\u00f0i, uppruna og skipan heimsins.\" tabindex=\"0\">go\u00f0sagna<\/span> eru r\u00f3tgr\u00f3in \u00ed tungum\u00e1li Ma\u00f3r\u00eda.<\/p>\t\t\t\t\t\t\t\t<\/div>\n\t\t\t\t<\/div>\n\t\t\t\t\t<\/div>\n\t\t\t\t<\/div>\n\t\t<div class=\"elementor-element elementor-element-iwgw-tanemahuta-s4 e-flex e-con-boxed e-con e-parent\" data-id=\"iwgw-tanemahuta-s4\" data-element_type=\"container\" data-e-type=\"container\">\n\t\t\t\t\t<div class=\"e-con-inner\">\n\t\t\t\t<div class=\"elementor-element elementor-element-iwgw-tanemahuta-s4h elementor-widget elementor-widget-heading\" data-id=\"iwgw-tanemahuta-s4h\" data-element_type=\"widget\" data-e-type=\"widget\" data-widget_type=\"heading.default\">\n\t\t\t\t\t<h2 class=\"elementor-heading-title elementor-size-default\">Tane sem skapari fyrstu konunnar og mannkynsins<\/h2>\t\t\t\t<\/div>\n\t\t<div class=\"elementor-element elementor-element-iwgw-tanemahuta-s4c e-con-full e-flex e-con e-child\" data-id=\"iwgw-tanemahuta-s4c\" data-element_type=\"container\" data-e-type=\"container\">\n\t\t\t\t<div class=\"elementor-element elementor-element-iwgw-tanemahuta-s4t elementor-widget elementor-widget-text-editor\" data-id=\"iwgw-tanemahuta-s4t\" data-element_type=\"widget\" data-e-type=\"widget\" data-widget_type=\"text-editor.default\">\n\t\t\t\t\t\t\t\t\t<p>\u00d6nnur meginfr\u00e1s\u00f6gn um Tane greinir fr\u00e1 \u00fev\u00ed hvernig Tane skapar fyrstu konuna. Eftir nokkrar \u00e1rangurslausar tengingar vi\u00f0 \u00f3mennsk fyrirb\u00e6ri &#8211; lindir, steina, tr\u00e9 &#8211; m\u00f3tar Tane fyrstu konuna, Hineahuone (&#8216;kona m\u00f3tu\u00f0 \u00far j\u00f6r\u00f0u&#8217;), \u00far rau\u00f0um leir (one) \u00e1 str\u00f6nd Kurawaka.<\/p><p>\u00dar sambandi hennar og Tane f\u00e6\u00f0ist Hinetitama, morgunro\u00f0averurin, sem eftir a\u00f0 hafa uppg\u00f6tva\u00f0 uppruna sinn fer til undirheima og ver\u00f0ur \u00fear a\u00f0 <a href=\"https:\/\/iwell-guard.com\/is\/?page_id=168948\">Hine-nui-te-po<\/a>, hinni miklu konu n\u00e6tur.<\/p><p>Te Rangihiroa (Sir Peter Buck) t\u00falkar \u00ed <em>The Coming of the Maori<\/em> (1949) \u00feessa atbur\u00f0ar\u00e1s sem tr\u00faarlega sta\u00f0festingu \u00e1 kynjaskipan og dau\u00f0leika.<\/p><p>Tane framkv\u00e6mir h\u00e9r sk\u00f6punarverk og festir \u00fear a\u00f0 auki spennuna milli dags og n\u00e6tur, l\u00edfs og dau\u00f0a, \u00ed mannger\u00f0arfr\u00e6\u00f0i Ma\u00f3r\u00eda. Leirinn fr\u00e1 Kurawaka er \u00ed m\u00f6rgum iwi enn \u00ed dag minnisst\u00e6\u00f0ur sta\u00f0ur.<\/p><p>Fr\u00e1s\u00f6gnin var \u00edtarlega unnin \u00far sj\u00f3narh\u00f3li \u00e6ttb\u00e1lkas\u00f6gu af Anne Salmond (<em>Two Worlds<\/em>, 1991) og Judith Binney (<em>Encircled Lands<\/em>, 2009).<\/p><p>\u00de\u00e6r benda \u00e1 a\u00f0 fr\u00e1s\u00f6gnin um Tane og Hineahuone megi ekki misskilja sem &#8216;hei\u00f0na syndafalls-<span class=\"iwg-fachbegriff\" data-tooltip=\"Var\u00f0veitt fr\u00e1s\u00f6gn um gu\u00f0i, uppruna og skipan heimsins.\" tabindex=\"0\">go\u00f0s\u00f6gu<\/span>&#8216;, eins og kristnir tr\u00fabo\u00f0ar \u00e1 19. \u00f6ld reyndu a\u00f0 gera. H\u00fan er sj\u00e1lfst\u00e6\u00f0 gu\u00f0fr\u00e6\u00f0ileg fullyr\u00f0ing um samband mannsins vi\u00f0 j\u00f6r\u00f0ina, sem hann er b\u00f3kstaflega m\u00f3ta\u00f0ur \u00far.<\/p>\t\t\t\t\t\t\t\t<\/div>\n\t\t\t\t<\/div>\n\t\t\t\t\t<\/div>\n\t\t\t\t<\/div>\n\t\t<div class=\"elementor-element elementor-element-iwgw-tanemahuta-s5 e-flex e-con-boxed e-con e-parent\" data-id=\"iwgw-tanemahuta-s5\" data-element_type=\"container\" data-e-type=\"container\">\n\t\t\t\t\t<div class=\"e-con-inner\">\n\t\t\t\t<div class=\"elementor-element elementor-element-iwgw-tanemahuta-s5h elementor-widget elementor-widget-heading\" data-id=\"iwgw-tanemahuta-s5h\" data-element_type=\"widget\" data-e-type=\"widget\" data-widget_type=\"heading.default\">\n\t\t\t\t\t<h2 class=\"elementor-heading-title elementor-size-default\">Tane sem f\u00e6rir hinar \u00ferj\u00e1r k\u00f6rfur \u00feekkingarins<\/h2>\t\t\t\t<\/div>\n\t\t<div class=\"elementor-element elementor-element-iwgw-tanemahuta-s5c e-con-full e-flex e-con e-child\" data-id=\"iwgw-tanemahuta-s5c\" data-element_type=\"container\" data-e-type=\"container\">\n\t\t\t\t<div class=\"elementor-element elementor-element-iwgw-tanemahuta-s5t elementor-widget elementor-widget-text-editor\" data-id=\"iwgw-tanemahuta-s5t\" data-element_type=\"widget\" data-e-type=\"widget\" data-widget_type=\"text-editor.default\">\n\t\t\t\t\t\t\t\t\t<p>\u00d6nnur fr\u00e1s\u00f6gn l\u00fdsir \u00fev\u00ed hvernig Tane s\u00e6kir \u00ferj\u00e1r k\u00f6rfur viskunnar (nga kete o te wananga) \u00far efsta himninum.<\/p><p>Hann st\u00edgur upp gegnum himnana t\u00f3lf, yfirbugar var\u00f0menn og \u00ferautir og sn\u00fdr aftur me\u00f0 viskuna: te kete tuauri (heilaga visku), te kete tuatea (veraldlega visku) og te kete aronui (hina s\u00fdnilegu hversdagsvisku). Auk \u00feess fylgja tveir steinar sem gegna hlutverki innsigla.<\/p><p>\u00deessi fr\u00e1s\u00f6gn festir \u00ed sessi <span class=\"iwg-fachbegriff\" data-tooltip=\"V\u00edsindaleg fr\u00e6\u00f0i um Gu\u00f0 og tr\u00fa tiltekinnar tr\u00faarbrag\u00f0a.\" tabindex=\"0\">gu\u00f0fr\u00e6\u00f0i<\/span> viskunnar og veitir jafnframt l\u00f6gm\u00e6ti hinni fornu stofnun wananga, l\u00e6rd\u00f3mssk\u00f3lans. Ma\u00f3ra-h\u00e1sk\u00f3lar eins og Te Whare Wananga o Awanuiarangi bera hugtaki\u00f0 enn \u00ed nafni s\u00ednu.<\/p><p>Fr\u00e6\u00f0ilega s\u00e9\u00f0 samsvarar <span class=\"iwg-fachbegriff\" data-tooltip=\"Endurteki\u00f0 efnislegt stef \u00ed list e\u00f0a fr\u00e1s\u00f6gn.\" tabindex=\"0\">stefi\u00f0<\/span> hinum v\u00ed\u00f0t\u00e6ka <span class=\"iwg-fachbegriff\" data-tooltip=\"Hef\u00f0bundin fr\u00e1s\u00f6gn um gu\u00f0i, uppruna og skipan heimsins.\" tabindex=\"0\">go\u00f0s\u00f6gninni<\/span> um menningarhetjuna sem s\u00e6kir himneska visku til jar\u00f0ar, samb\u00e6rilegt vi\u00f0 Pr\u00f3m\u00f3\u00feeus e\u00f0a hinn germanska \u00d3\u00f0inn.<\/p><p>Dj\u00fap heimsfr\u00e6\u00f0ileg merking \u00feessa stefs felst \u00ed \u00fev\u00ed a\u00f0 viskan berst \u00e1fram me\u00f0 helgu\u00f0um mi\u00f0lunarh\u00e6tti og er einmitt ekki opin \u00f6llum a\u00f0 vild. S\u00e1 sem var innleiddur \u00ed wananga var\u00f0 a\u00f0 hl\u00edta str\u00f6ngum tapu-reglum.<\/p><p>Elsdon Best (<em>The Maori School of Learning<\/em>, 1923) l\u00fdsir \u00feessum kerfum \u00ed sm\u00e1atri\u00f0um. H\u00e9r birtist einnig hi\u00f0 einkennandi einkenni ma\u00f3ra-<span class=\"iwg-fachbegriff\" data-tooltip=\"V\u00edsindaleg fr\u00e6\u00f0i um Gu\u00f0 og tr\u00fa tiltekinnar tr\u00faarbrag\u00f0a.\" tabindex=\"0\">gu\u00f0fr\u00e6\u00f0innar<\/span>: \u00feekking er felld inn \u00ed samband, ekki \u00ed \u00f3hlutbundna kenningu.<\/p>\t\t\t\t\t\t\t\t<\/div>\n\t\t\t\t<\/div>\n\t\t\t\t\t<\/div>\n\t\t\t\t<\/div>\n\t\t<div class=\"elementor-element elementor-element-iwgw-tanemahuta-s6 e-flex e-con-boxed e-con e-parent\" data-id=\"iwgw-tanemahuta-s6\" data-element_type=\"container\" data-e-type=\"container\">\n\t\t\t\t\t<div class=\"e-con-inner\">\n\t\t\t\t<div class=\"elementor-element elementor-element-iwgw-tanemahuta-s6h elementor-widget elementor-widget-heading\" data-id=\"iwgw-tanemahuta-s6h\" data-element_type=\"widget\" data-e-type=\"widget\" data-widget_type=\"heading.default\">\n\t\t\t\t\t<h2 class=\"elementor-heading-title elementor-size-default\">D\u00fdrkun, athafnir og tapu<\/h2>\t\t\t\t<\/div>\n\t\t<div class=\"elementor-element elementor-element-iwgw-tanemahuta-s6c e-con-full e-flex e-con e-child\" data-id=\"iwgw-tanemahuta-s6c\" data-element_type=\"container\" data-e-type=\"container\">\n\t\t\t\t<div class=\"elementor-element elementor-element-iwgw-tanemahuta-s6t elementor-widget elementor-widget-text-editor\" data-id=\"iwgw-tanemahuta-s6t\" data-element_type=\"widget\" data-e-type=\"widget\" data-widget_type=\"text-editor.default\">\n\t\t\t\t\t\t\t\t\t<p><span class=\"iwg-fachbegriff\" data-tooltip=\"\u00d6ll \u00feau helgunar- og d\u00fdrkunarath\u00e6fi sem tengjast einni gu\u00f0veru e\u00f0a heilagri vitund.\" tabindex=\"0\">D\u00fdrkunin<\/span> \u00e1 Tane einkennist ekki af mi\u00f0l\u00e6gum <span class=\"iwg-fachbegriff\" data-tooltip=\"Bygging sem er \u00e6tlu\u00f0 til d\u00fdrkunar einnar e\u00f0a fleiri gu\u00f0vera.\" tabindex=\"0\">hofum<\/span> e\u00f0a prestast\u00e9tt, eins og a\u00f0 nokkru leyti \u00fer\u00f3a\u00f0ist \u00e1 sumum eyjum P\u00f3l\u00fdnes\u00edu \u00ed \u00ferengri skilningi (Tah\u00edt\u00ed, Hawaii). \u00c1 Aotearoa (N\u00fdja-Sj\u00e1landi) fer d\u00fdrkun Tane fyrst og fremst fram \u00ed tengslum vi\u00f0 sk\u00f3ginn, fuglal\u00edfi\u00f0 og sm\u00ed\u00f0i mannvirkja.<\/p><p>S\u00e1 sem felldi trj\u00e1tr\u00e9, til a\u00f0 mynda til a\u00f0 sm\u00ed\u00f0a kan\u00f3 (waka), samkomuh\u00fas e\u00f0a st\u00f3lpa, \u00feurfti fyrst a\u00f0 fara me\u00f0 vi\u00f0eigandi karakia (b\u00e6nir) og athafnir til a\u00f0 bi\u00f0ja Tane um leyfi og afl\u00e9tta banni (tapu) af tr\u00e9nu.<\/p><p>Elsdon Best l\u00fdsir \u00ed <em>Forest Lore of the Maori<\/em> (1942) fugla- og trj\u00e1ath\u00f6fnum \u00ed sm\u00e1atri\u00f0um. Fuglavei\u00f0imenn hreinsu\u00f0u sig og f\u00f3ru me\u00f0 karakia til a\u00f0 m\u00f3\u00f0ga ekki fuglal\u00edf Tane.<\/p><p>Vi\u00f0 opnun n\u00fds samkomuh\u00fass er karakia til Tane enn \u00feann dag \u00ed dag hluti af <span class=\"iwg-fachbegriff\" data-tooltip=\"H\u00e1t\u00ed\u00f0leg ath\u00f6fn sem fer fram eftir f\u00f6stum reglum.\" tabindex=\"0\">ath\u00f6fninni<\/span>. \u00deessi hef\u00f0 lif\u00f0i af tr\u00fabo\u00f0 19. aldar og var styrkt \u00e1 n\u00fd \u00ed kj\u00f6lfar endurvakningar ma\u00f3ramenningar fr\u00e1 og me\u00f0 1970 \u00e1ratugnum.<\/p><p>\u00cd n\u00fat\u00edma opinberu l\u00edfi Aotearoa eru Tane-karakia reglulega vi\u00f0h\u00f6f\u00f0 vi\u00f0 gr\u00f3\u00f0ursetningu trj\u00e1a, opnun n\u00fdrra bygginga og n\u00e1tt\u00faruverndarstarf. \u00deau eru flutt af tohunga (s\u00e9rfr\u00e6\u00f0ingum) e\u00f0a kaumatua (\u00f6ldungum og vir\u00f0ingarm\u00f6nnum) og eru hvorki \u00fej\u00f3\u00f0h\u00e1ttalegt vi\u00f0hengi n\u00e9 forngripaleg i\u00f0kun, heldur lifandi tr\u00fa.<\/p>\t\t\t\t\t\t\t\t<\/div>\n\t\t\t\t<\/div>\n\t\t\t\t\t<\/div>\n\t\t\t\t<\/div>\n\t\t<div class=\"elementor-element elementor-element-iwgw-tanemahuta-s7 e-flex e-con-boxed e-con e-parent\" data-id=\"iwgw-tanemahuta-s7\" data-element_type=\"container\" data-e-type=\"container\">\n\t\t\t\t\t<div class=\"e-con-inner\">\n\t\t\t\t<div class=\"elementor-element elementor-element-iwgw-tanemahuta-s7h elementor-widget elementor-widget-heading\" data-id=\"iwgw-tanemahuta-s7h\" data-element_type=\"widget\" data-e-type=\"widget\" data-widget_type=\"heading.default\">\n\t\t\t\t\t<h2 class=\"elementor-heading-title elementor-size-default\">Verndarhef\u00f0ir og ap\u00f3tr\u00f3p\u00edsk tengsl<\/h2>\t\t\t\t<\/div>\n\t\t<div class=\"elementor-element elementor-element-iwgw-tanemahuta-s7c e-con-full e-flex e-con e-child\" data-id=\"iwgw-tanemahuta-s7c\" data-element_type=\"container\" data-e-type=\"container\">\n\t\t\t\t<div class=\"elementor-element elementor-element-iwgw-tanemahuta-s7t elementor-widget elementor-widget-text-editor\" data-id=\"iwgw-tanemahuta-s7t\" data-element_type=\"widget\" data-e-type=\"widget\" data-widget_type=\"text-editor.default\">\n\t\t\t\t\t\t\t\t\t<p>\u00cd tr\u00fa ma\u00f3ra er ekki a\u00f0 finna neitt sk\u00fdrt afmarka\u00f0 ap\u00f3tr\u00f3p\u00edskt kerfi eins og hi\u00f0 mi\u00f0jar\u00f0arhafslega hugtak um illt auga. Verndara\u00f0ger\u00f0ir eru felldar inn \u00ed hi\u00f0 yfirgripsmikla kerfi tapu (banns), noa (frj\u00e1ls, veraldlegur), mauri (l\u00edfskraftur) og mana (andlegt-f\u00e9lagslegt vald).<\/p><p>Tane er \u00e1kalla\u00f0ur \u00ed sl\u00edkum ath\u00f6fnum \u00feegar kemur a\u00f0 verndun \u00ed sk\u00f3ginum, \u00e1 fer\u00f0um um \u00f3kunnar lendur e\u00f0a vi\u00f0 byggingu mannvirkja.<\/p><p>Verndargripir eru oft trj\u00e1f\u00edg\u00farur (tiki), \u00fatskur\u00f0ur \u00e1 st\u00f3lpum e\u00f0a vi\u00f0 inngang h\u00fass, auk skartgripa \u00far pounamu (gr\u00e6nsteini) sem <span class=\"iwg-fachbegriff\" data-tooltip=\"Me\u00f0 tr\u00faarlegri ath\u00f6fn framseldur hinu heilaga og \u00fear me\u00f0 lyft \u00far hinu hversdagslega.\" tabindex=\"0\">helga\u00f0ir<\/span> eru nafni Tane.<\/p><p>Hirini Moko Mead l\u00fdsir \u00ed <em>Tikanga Maori<\/em> (2003) flokkun sl\u00edkra i\u00f0kana. \u00dea\u00f0 sem mestu skiptir er a\u00f0 h\u00e9r er um a\u00f0 r\u00e6\u00f0a helgunarlega r\u00e6ktun sambands sem tali\u00f0 er lifandi milli manns og atua, ekki <span class=\"iwg-fachbegriff\" data-tooltip=\"I\u00f0kanir sem \u00e6tla\u00f0 er a\u00f0 hafa \u00e1hrif \u00e1 framvindu hlutanna me\u00f0 s\u00e9rst\u00f6kum ath\u00f6fnum e\u00f0a form\u00falum.\" tabindex=\"0\">galdur<\/span> \u00ed n\u00fat\u00edmaskilningi.<\/p><p>S\u00e1 sem fer \u00ed sk\u00f3ginn, til vei\u00f0a, til vi\u00f0ars\u00f6fnunar e\u00f0a \u00ed g\u00f6ngufer\u00f0, getur fari\u00f0 me\u00f0 stutt karakia til Tane sem bi\u00f0ur um leyfi og skerpir samt\u00edmis eigin \u00e1rvekni. \u00deessi i\u00f0kun er \u00ed dag \u00fatbreidd me\u00f0al \u00edb\u00faa Aotearoa, l\u00edka \u00feeirra sem ekki eru tr\u00faarlega sinna\u00f0ir, oft frekar sem menningarleg i\u00f0kun en tr\u00faarleg j\u00e1tning.<\/p>\t\t\t\t\t\t\t\t<\/div>\n\t\t\t\t<\/div>\n\t\t\t\t\t<\/div>\n\t\t\t\t<\/div>\n\t\t<div class=\"elementor-element elementor-element-iwgw-tanemahuta-s8 e-flex e-con-boxed e-con e-parent\" data-id=\"iwgw-tanemahuta-s8\" data-element_type=\"container\" data-e-type=\"container\">\n\t\t\t\t\t<div class=\"e-con-inner\">\n\t\t\t\t<div class=\"elementor-element elementor-element-iwgw-tanemahuta-s8h elementor-widget elementor-widget-heading\" data-id=\"iwgw-tanemahuta-s8h\" data-element_type=\"widget\" data-e-type=\"widget\" data-widget_type=\"heading.default\">\n\t\t\t\t\t<h2 class=\"elementor-heading-title elementor-size-default\">Hli\u00f0st\u00e6\u00f0ur \u00ed \u00f6\u00f0rum menningarheimum<\/h2>\t\t\t\t<\/div>\n\t\t<div class=\"elementor-element elementor-element-iwgw-tanemahuta-s8c e-con-full e-flex e-con e-child\" data-id=\"iwgw-tanemahuta-s8c\" data-element_type=\"container\" data-e-type=\"container\">\n\t\t\t\t<div class=\"elementor-element elementor-element-iwgw-tanemahuta-s8t elementor-widget elementor-widget-text-editor\" data-id=\"iwgw-tanemahuta-s8t\" data-element_type=\"widget\" data-e-type=\"widget\" data-widget_type=\"text-editor.default\">\n\t\t\t\t\t\t\t\t\t<p>Tane Mahuta m\u00e1 tengja \u00ed tr\u00faarbrag\u00f0asamanbur\u00f0i vi\u00f0 nokkrar a\u00f0rar vitundir. Innan p\u00f3l\u00fdnes\u00edska sv\u00e6\u00f0isins samsvarar hann hinum hawai\u00edska Kane, sem hann fellur einnig saman vi\u00f0 \u00ed sk\u00f6punars\u00f6gunni. Beckwith rekur \u00ed <em>Hawaiian Mythology<\/em> (1940) \u00feessar hli\u00f0st\u00e6\u00f0ur \u00ed sm\u00e1atri\u00f0um. \u00c1 Tah\u00edt\u00ed er Tane br\u00f3\u00f0ir Ta&#8217;aroa og deilir hlutverkum me\u00f0 Atea.<\/p><p>\u00cd tr\u00faarbrag\u00f0afyrirb\u00e6rafr\u00e6\u00f0i m\u00e1 bera Tane saman vi\u00f0 a\u00f0skilna\u00f0argu\u00f0i \u00e1 bor\u00f0 vi\u00f0 hinn egypska Shu, sem einnig \u00fer\u00fdstir himni (Nut) og j\u00f6r\u00f0 (Geb) \u00ed sundur. Bab\u00fdlonska sk\u00f6punarkv\u00e6\u00f0i\u00f0 Enuma Elish \u00feekkir l\u00edka svipa\u00f0an a\u00f0skilna\u00f0argj\u00f6rning \u00feegar Marduk skiptir T\u00edamat.<\/p><p>Sl\u00edkar hli\u00f0st\u00e6\u00f0ur ber ekki a\u00f0 lesa sem s\u00f6guleg tengsl heldur sem sj\u00e1lfst\u00e6tt sprottin sv\u00f6r vi\u00f0 s\u00f6mu heimsfr\u00e6\u00f0ilegu spurningunni: hvernig gat skipul\u00f6g\u00f0 ver\u00f6ld sprotti\u00f0 \u00far \u00f3greindri frumver\u00f6ld?<\/p><p>Ef Tane er borinn saman sem sk\u00f3gar- og trj\u00e1gu\u00f0, koma fram hli\u00f0st\u00e6\u00f0ur vi\u00f0 hinn keltneska Cernunnos, hinn slavneska Veles, hugmyndina um &#8216;Tree People&#8217; me\u00f0al frumbyggja Nor\u00f0ur-Amer\u00edku og Yggdrasil \u00ed norr\u00e6nni <span class=\"iwg-fachbegriff\" data-tooltip=\"\u00d6ll hef\u00f0bundin fr\u00e1sagnarhef\u00f0 um gu\u00f0i tiltekinnar menningar.\" tabindex=\"0\">go\u00f0afr\u00e6\u00f0i<\/span>. Eliade og s\u00ed\u00f0ar Joseph Campbell hafa sett sl\u00edkar hli\u00f0st\u00e6\u00f0ur \u00ed kerfi sem &#8216;heimstr\u00e9s-<span class=\"iwg-fachbegriff\" data-tooltip=\"Endurteki\u00f0 efnislegt stef \u00ed list e\u00f0a fr\u00e1s\u00f6gn.\" tabindex=\"0\">stef<\/span>&#8216;.<\/p><p>Mikilv\u00e6gt er \u00fe\u00f3 p\u00f3l\u00fdnes\u00edska s\u00e9rstakan: Tane er gu\u00f0inn sem reisir og hir\u00f0ir heimstr\u00e9\u00f0, ekki heimstr\u00e9\u00f0 sj\u00e1lft.<\/p>\t\t\t\t\t\t\t\t<\/div>\n\t\t\t\t<\/div>\n\t\t\t\t\t<\/div>\n\t\t\t\t<\/div>\n\t\t<div class=\"elementor-element elementor-element-iwgw-tanemahuta-s9 e-flex e-con-boxed e-con e-parent\" data-id=\"iwgw-tanemahuta-s9\" data-element_type=\"container\" data-e-type=\"container\">\n\t\t\t\t\t<div class=\"e-con-inner\">\n\t\t\t\t<div class=\"elementor-element elementor-element-iwgw-tanemahuta-s9h elementor-widget elementor-widget-heading\" data-id=\"iwgw-tanemahuta-s9h\" data-element_type=\"widget\" data-e-type=\"widget\" data-widget_type=\"heading.default\">\n\t\t\t\t\t<h2 class=\"elementor-heading-title elementor-size-default\">M\u00f3ttaka, ranns\u00f3knir og merking n\u00fa \u00e1 d\u00f6gum<\/h2>\t\t\t\t<\/div>\n\t\t<div class=\"elementor-element elementor-element-iwgw-tanemahuta-s9c e-con-full e-flex e-con e-child\" data-id=\"iwgw-tanemahuta-s9c\" data-element_type=\"container\" data-e-type=\"container\">\n\t\t\t\t<div class=\"elementor-element elementor-element-iwgw-tanemahuta-s9t elementor-widget elementor-widget-text-editor\" data-id=\"iwgw-tanemahuta-s9t\" data-element_type=\"widget\" data-e-type=\"widget\" data-widget_type=\"text-editor.default\">\n\t\t\t\t\t\t\t\t\t<p>Tane Mahuta er \u00ed dag hluti af endurvakningu ma\u00f3ra sem hefur m\u00f3ta\u00f0 almenningsl\u00edf \u00ed Aotearoa fr\u00e1 og me\u00f0 \u00e1ttunda \u00e1ratug s\u00ed\u00f0ustu aldar. Kauri-tr\u00e9ni\u00f0 \u201eTane Mahuta\u201c \u00ed Waipoua-sk\u00f3ginum er sta\u00f0ur sem hefur \u00fej\u00f3\u00f0lega \u00fe\u00fd\u00f0ingu sem p\u00edlagr\u00edmssta\u00f0ur.<\/p><p>N\u00e1tt\u00faruverndarherfer\u00f0ir gegn pl\u00f6ntusj\u00fakd\u00f3mnum Kauri-dieback v\u00edsa til verndar Tane sem tr\u00faarlegrar og vistfr\u00e6\u00f0ilegrar nau\u00f0synjar. Anne Salmond s\u00fdnir \u00ed <em>Tears of Rangi<\/em> (2017) hvernig Tane virkar sem heimsfr\u00e6\u00f0ileg tilv\u00edsun \u00ed samt\u00edmalegum vistfr\u00e6\u00f0ilega-p\u00f3lit\u00edskum deilum.<\/p><p>V\u00edsindalegar ranns\u00f3knir (Orbell, Salmond, Mead, Best) hafa skjalfest <span class=\"iwg-fachbegriff\" data-tooltip=\"Fr\u00e1s\u00f6gn sem var\u00f0veist hefur um gu\u00f0i, uppruna og skipulag heimsins.\" tabindex=\"0\">go\u00f0s\u00f6gnina<\/span> me\u00f0 kerfisbundnum h\u00e6tti. \u00c1 sama t\u00edma leggja ma\u00f3r\u00edskir fr\u00e6\u00f0imenn eins og Hirini Mead \u00e1herslu \u00e1 nau\u00f0syn \u00feess a\u00f0 iwi og hapu tali sj\u00e1lf um eigin hef\u00f0ir, \u00ed sta\u00f0 \u00feess a\u00f0 vera a\u00f0eins vi\u00f0fangsefni fr\u00e6\u00f0ilegrar l\u00fdsingar. Tane Mahuta er \u00feannig d\u00e6mi um lifandi tr\u00faarbr\u00f6g\u00f0 sem eru b\u00e6\u00f0i vi\u00f0fangsefni og sj\u00e1lfst\u00e6tt gerandi ranns\u00f3knarinnar.<\/p><p>Tengslin vi\u00f0 <a href=\"https:\/\/iwell-guard.com\/is\/?page_id=168911\">p\u00f3l\u00fdnes\u00edsk-ma\u00f3r\u00edska go\u00f0aveldi\u00f0 \u00ed heild<\/a> eru \u00fear \u00e1fram lykilatri\u00f0i. Ranns\u00f3knir hafa \u00fer\u00f3ast fr\u00e1 fyrri s\u00f6fnunar- og flokkunara\u00f0fer\u00f0um (Best, Grey) yfir \u00ed samr\u00e6\u00f0umi\u00f0a\u00f0a tr\u00faar\u00fej\u00f3\u00f0fr\u00e6\u00f0i sem vi\u00f0urkennir ma\u00f3r\u00edsk yfirv\u00f6ld sem jafnr\u00e9tth\u00e1a samr\u00e6\u00f0ua\u00f0ila. \u00cd \u00feessu samhengi er Tane Mahuta \u00e1fram lifandi tilv\u00edsunarpunktur fyrir tr\u00faarbr\u00f6g\u00f0, vistfr\u00e6\u00f0i og menningarlega sj\u00e1lfsmynd \u00ed Aotearoa.<\/p>\t\t\t\t\t\t\t\t<\/div>\n\t\t\t\t<\/div>\n\t\t\t\t\t<\/div>\n\t\t\t\t<\/div>\n\t\t<div class=\"elementor-element elementor-element-cp266ff0e4 e-flex e-con-boxed e-con e-parent\" data-id=\"cp266ff0e4\" data-element_type=\"container\" data-e-type=\"container\">\n\t\t\t\t\t<div class=\"e-con-inner\">\n\t\t\t\t<div class=\"elementor-element elementor-element-cp2ba79adc elementor-widget elementor-widget-heading\" data-id=\"cp2ba79adc\" data-element_type=\"widget\" data-e-type=\"widget\" data-widget_type=\"heading.default\">\n\t\t\t\t\t<h2 class=\"elementor-heading-title elementor-size-default\">A\u00f0skilna\u00f0ur Rangi og Papa<\/h2>\t\t\t\t<\/div>\n\t\t<div class=\"elementor-element elementor-element-cp27a00366 e-flex e-con-boxed e-con e-child\" data-id=\"cp27a00366\" data-element_type=\"container\" data-e-type=\"container\">\n\t\t\t\t\t<div class=\"e-con-inner\">\n\t\t\t\t<div class=\"elementor-element elementor-element-cp2b174c87 elementor-widget elementor-widget-text-editor\" data-id=\"cp2b174c87\" data-element_type=\"widget\" data-e-type=\"widget\" data-widget_type=\"text-editor.default\">\n\t\t\t\t\t\t\t\t\t<p>Meginfr\u00e1s\u00f6gnin \u00fear sem T\u0101ne leikur afgerandi hlutverk er a\u00f0skilna\u00f0ur frumforeldra heimsins \u00ed heimsfr\u00e6\u00f0i ma\u00f3ra. <em>Ranginui<\/em>, himnafa\u00f0irinn, og <em>Papat\u016b\u0101nuku<\/em>, jar\u00f0m\u00f3\u00f0irin, liggja \u00ed fastri fa\u00f0ml\u00f6gum, og inniloku\u00f0 milli l\u00edkama \u00feeirra b\u00faa b\u00f6rn \u00feeirra \u00ed myrkri og \u00ferengslum.<\/p><p>Synirnir r\u00e1\u00f0gast um hvernig \u00feeir geti komist \u00far \u00feessum a\u00f0st\u00e6\u00f0um. Sumir vilja dey\u00f0a foreldrana, en T\u0101ne f\u00e6r sam\u00feykkta \u00fe\u00e1 till\u00f6gu a\u00f0 a\u00f0skilja \u00feau \u00ed sta\u00f0inn.<\/p><p>Nokkrir br\u00e6\u00f0ranna reyna \u00e1rangurslaust a\u00f0 \u00fer\u00fdsta himni og j\u00f6r\u00f0 \u00ed sundur. T\u0101ne tekst \u00fea\u00f0 a\u00f0 lokum: hann leggst \u00e1 baki\u00f0 \u00ed sta\u00f0 handanna og spyrnir me\u00f0 f\u00f3tunum.<\/p><p>Sm\u00e1m saman v\u00edkur Ranginui upp \u00e1 vi\u00f0, Papat\u016b\u0101nuku ver\u00f0ur eftir ni\u00f0ri, og inn \u00ed bili\u00f0 sem myndast streymir lj\u00f3si\u00f0, <em>te ao m\u0101rama<\/em>, heimur lj\u00f3ssins. \u00deessi verkna\u00f0ur gerir T\u0101ne a\u00f0 \u00feeirri veru sem opnar m\u00f6nnum l\u00edfsr\u00fdmi \u00ed fyrsta sinn.<\/p><p>Fr\u00e1s\u00f6gnin var skr\u00e1\u00f0 \u00e1 19. \u00f6ld af nokkrum s\u00f6fnurum, \u00e1hrifamest af George Grey \u00ed <em>Nga Mahi a nga Tupuna<\/em> og \u00ed ensku \u00fatg\u00e1funni <em>Polynesian Mythology<\/em> (1855), auk \u00feess s\u00ed\u00f0ar \u00ed heimildum sem rekja m\u00e1 til tohunga Te Matorohanga og gefnar voru \u00fat af S. Percy Smith. Fr\u00e1 v\u00edsindalegu sj\u00f3narhorni er athyglisvert a\u00f0 a\u00f0skilna\u00f0urinn er ekki sag\u00f0ur sem hrein frelsun: Ranginui og Papat\u016b\u0101nuku syrgja hvort anna\u00f0, d\u00f6ggin er talin t\u00e1r himinsins, st\u00edgandi \u00feokan s\u00f6knu\u00f0ur jar\u00f0arinnar. Verk T\u0101ne er \u00feannig b\u00e6\u00f0i sk\u00f6pun og \u00f3afturkr\u00e6fur skilna\u00f0ur. Br\u00f3\u00f0ir hans <a href=\"https:\/\/iwell-guard.com\/is\/?page_id=168940\">Tangaroa<\/a> dregur sig \u00ed hafi\u00f0, en me\u00f0 \u00fev\u00ed dreifir <span class=\"iwg-fachbegriff\" data-tooltip=\"Fr\u00e1s\u00f6gn sem var\u00f0veist hefur um gu\u00f0i, uppruna og skipulag heimsins.\" tabindex=\"0\">go\u00f0s\u00f6gnin<\/span> hinum miklu n\u00e1tt\u00farusvi\u00f0um me\u00f0al systkinanna.\t\t\t\t\t\t\t\t<\/div>\n\t\t\t\t\t<\/div>\n\t\t\t\t<\/div>\n\t\t\t\t\t<\/div>\n\t\t\t\t<\/div>\n\t\t<div class=\"elementor-element elementor-element-cp26d3b913 e-flex e-con-boxed e-con e-parent\" data-id=\"cp26d3b913\" data-element_type=\"container\" data-e-type=\"container\">\n\t\t\t\t\t<div class=\"e-con-inner\">\n\t\t\t\t<div class=\"elementor-element elementor-element-cp293d6b4e elementor-widget elementor-widget-heading\" data-id=\"cp293d6b4e\" data-element_type=\"widget\" data-e-type=\"widget\" data-widget_type=\"heading.default\">\n\t\t\t\t\t<h2 class=\"elementor-heading-title elementor-size-default\">T\u0101ne s\u00e6kir \u00ferj\u00e1r k\u00f6rfur viskunnar<\/h2>\t\t\t\t<\/div>\n\t\t<div class=\"elementor-element elementor-element-cp2be7099a e-flex e-con-boxed e-con e-child\" data-id=\"cp2be7099a\" data-element_type=\"container\" data-e-type=\"container\">\n\t\t\t\t\t<div class=\"e-con-inner\">\n\t\t\t\t<div class=\"elementor-element elementor-element-cp20a574d5 elementor-widget elementor-widget-text-editor\" data-id=\"cp20a574d5\" data-element_type=\"widget\" data-e-type=\"widget\" data-widget_type=\"text-editor.default\">\n\t\t\t\t\t\t\t\t\t<p>\u00d6nnur mikilv\u00e6g fr\u00e1s\u00f6gn um T\u0101ne, sem er s\u00e9rstaklega \u00fatbreidd \u00ed <span class=\"iwg-fachbegriff\" data-tooltip=\"Mi\u00f0lun \u00feekkingar og fr\u00e1sagna milli kynsl\u00f3\u00f0a.\" tabindex=\"0\">munnlegri arfleif\u00f0<\/span> austurstrandar Nor\u00f0ureyjarins, segir fr\u00e1 f\u00f6r hans upp \u00ed h\u00e6sta himin til a\u00f0 s\u00e6kja <em>ng\u0101 kete o te w\u0101nanga<\/em>, k\u00f6rfur viskunnar.<\/p><p>Samkv\u00e6mt \u00feessari hef\u00f0, sem tengist kennsluhring Te Matorohanga og ritinu <em>The Lore of the Whare-w\u0101nanga<\/em>, kl\u00edfur T\u0101ne \u00ed gegnum himnana hvern yfir \u00f6\u00f0rum upp \u00e1 h\u00e6sta stig, \u00fear sem \u00e6\u00f0sta veran <em>Io<\/em> b\u00fdr.<\/p><p>\u00dear tekur hann \u00e1 m\u00f3ti \u00feremur k\u00f6rfum: <em>te kete tuauri<\/em>, <em>te kete tuatea<\/em> og <em>te kete aronui<\/em>, sem hver og ein tengist \u00e1kve\u00f0nu svi\u00f0i \u00feekkingar, allt fr\u00e1 helgri og heimsfr\u00e6\u00f0ilegri \u00feekkingu til ska\u00f0legrar \u00feekkingar og \u00feess sem gagnast f\u00f3lki \u00ed daglegu l\u00edfi.<\/p><p>T\u0101ne kemur k\u00f6rfunum ni\u00f0ur, og me\u00f0 \u00feeim berst skipul\u00f6g\u00f0 \u00feekking inn \u00ed heiminn. \u00cd nokkrum \u00fatg\u00e1fum b\u00e6tast vi\u00f0 tveir helgir steinar.<\/p><p>\u00deessi fr\u00e1s\u00f6gn er s\u00e9rlega vandme\u00f0farin fr\u00e1 heimildafr\u00e6\u00f0ilegu sj\u00f3narhorni. Io-hef\u00f0in og k\u00f6rfu\u00fe\u00e1tturinn voru fyrst skr\u00e1\u00f0ar skriflega mj\u00f6g seint og innan afmarka\u00f0s sv\u00e6\u00f0is, og allt fr\u00e1 verkum Jonathan Z. Smith og \u00ed n\u00fdsj\u00e1lenskum ranns\u00f3knum Bronwyn Elsmore og annarra hefur veri\u00f0 deilt um hversu mikil \u00e1hrif kristni haf\u00f0i \u00e1 \u00feessa <span class=\"iwg-fachbegriff\" data-tooltip=\"Mi\u00f0lun \u00feekkingar og fr\u00e1sagna milli kynsl\u00f3\u00f0a.\" tabindex=\"0\">munnlegu arfleif\u00f0<\/span>. \u00c6\u00f0sta gu\u00f0d\u00f3murinn Io, sem stendur yfir \u00f6\u00f0rum gu\u00f0um, g\u00e6ti a\u00f0 hluta veri\u00f0 vi\u00f0br\u00f6g\u00f0 vi\u00f0 kristni, a\u00f0 hluta eldri dulspekileg kenning tohunga. Fr\u00e1 v\u00edsindalegu sj\u00f3narhorni er \u00fe\u00e1tturinn \u00fe\u00f3 mikilv\u00e6gur, \u00fev\u00ed hann gerir T\u0101ne a\u00f0 meira en a\u00f0skiljanda, hann ver\u00f0ur mi\u00f0lari \u00feekkingar og er \u00fear me\u00f0 \u00ed brennidepli menntahef\u00f0ar <em>whare w\u0101nanga<\/em>, kennsluh\u00fasanna.\t\t\t\t\t\t\t\t<\/div>\n\t\t\t\t\t<\/div>\n\t\t\t\t<\/div>\n\t\t\t\t\t<\/div>\n\t\t\t\t<\/div>\n\t\t<div class=\"elementor-element elementor-element-cp2da2f286 e-flex e-con-boxed e-con e-parent\" data-id=\"cp2da2f286\" data-element_type=\"container\" data-e-type=\"container\">\n\t\t\t\t\t<div class=\"e-con-inner\">\n\t\t\t\t<div class=\"elementor-element elementor-element-cp2125d336 elementor-widget elementor-widget-heading\" data-id=\"cp2125d336\" data-element_type=\"widget\" data-e-type=\"widget\" data-widget_type=\"heading.default\">\n\t\t\t\t\t<h2 class=\"elementor-heading-title elementor-size-default\">Kauri-tr\u00e9ni\u00f0 T\u0101ne Mahuta \u00ed Waipoua-sk\u00f3ginum<\/h2>\t\t\t\t<\/div>\n\t\t<div class=\"elementor-element elementor-element-cp27138393 e-flex e-con-boxed e-con e-child\" data-id=\"cp27138393\" data-element_type=\"container\" data-e-type=\"container\">\n\t\t\t\t\t<div class=\"e-con-inner\">\n\t\t\t\t<div class=\"elementor-element elementor-element-cp266231a0 elementor-widget elementor-widget-text-editor\" data-id=\"cp266231a0\" data-element_type=\"widget\" data-e-type=\"widget\" data-widget_type=\"text-editor.default\">\n\t\t\t\t\t\t\t\t\t<p>Vi\u00f0urnefni\u00f0 <em>Mahuta<\/em> tengir gu\u00f0inn n\u00e1num b\u00f6ndum vi\u00f0 sk\u00f3ginn og tr\u00e9n hans, og \u00ed n\u00fat\u00edmanum hefur \u00feetta samband kristallast \u00e1 tilteknum sta\u00f0.<\/p><p>\u00cd Waipoua-sk\u00f3ginum nor\u00f0ur \u00e1 Nor\u00f0ureynni stendur risavaxi\u00f0 kaur\u00ed-tr\u00e9, <em>Agathis australis<\/em>, sem ber nafni\u00f0 T\u0101ne Mahuta og er tali\u00f0 st\u00e6rsta kunna lifandi kaur\u00ed-tr\u00e9\u00f0. Aldur \u00feess er metinn \u00e1 m\u00f6rg hundru\u00f0 \u00e1r, en n\u00e1kv\u00e6mar t\u00f6lur eru \u00f3vissar vegna skorts \u00e1 aldursgreiningu sem ekki ey\u00f0ileggur trj\u00e1efni\u00f0.<\/p><p>Fyrir Ma\u00f3ra, s\u00e9rstaklega fyrir hina sta\u00f0bundnu iwi Te Roroa, er tr\u00e9\u00f0 langt meira en einfalt n\u00e1tt\u00faruminnismerki: \u00dea\u00f0 er tj\u00e1ning \u00feess a\u00f0 T\u0101ne s\u00e9 enn vi\u00f0staddur sem <em>atua<\/em> sk\u00f3garins og allra l\u00edfvera hans.<\/p><p>\u00cd heimsmyndinni er T\u0101ne fa\u00f0ir trj\u00e1nna, fuglanna og skord\u00fdranna; eitt einstakt gamalt kaur\u00ed-tr\u00e9 birtir \u00feessa fr\u00e6ndsemi me\u00f0 sk\u00fdrum h\u00e6tti. Gesta er be\u00f0i\u00f0 um a\u00f0 n\u00e1lgast tr\u00e9\u00f0 me\u00f0 vir\u00f0ingu, og hef\u00f0bundnar kve\u00f0jur eru algengar.<\/p><p>\u00c1 s\u00ed\u00f0ustu \u00e1rum hefur T\u0101ne Mahuta samt\u00edmis or\u00f0i\u00f0 <span class=\"iwg-fachbegriff\" data-tooltip=\"Merki sem stendur fyrir hugmynd e\u00f0a merkingu.\" tabindex=\"0\">t\u00e1kn<\/span> umhverfiskreppu. Kaur\u00ed-visnunarsj\u00fakd\u00f3murinn, sem orsakast af s\u00fdklinum <em>Phytophthora agathidicida<\/em>, \u00f3gnar kaur\u00ed-stofnum N\u00fdja-Sj\u00e1lands. Til varnar hafa g\u00f6ngust\u00edgar \u00ed Waipoua-sk\u00f3ginum veri\u00f0 \u00fatb\u00fanir hreinsist\u00f6\u00f0vum, og Te Roroa \u00e1samt r\u00edkisstofnunum vinna a\u00f0 verndara\u00f0ger\u00f0um. Tr\u00e9\u00f0 tengir \u00feannig saman \u00ferj\u00fa svi\u00f0: go\u00f0sagnalega mynd sk\u00f3gargu\u00f0sins, menningarlega tengingu \u00e1kve\u00f0ins iwi vi\u00f0 \u00e1kve\u00f0inn sta\u00f0, og yfirstandandi umr\u00e6\u00f0u um n\u00e1tt\u00faruvernd. V\u00edsindalega s\u00e9st h\u00e9r hvernig heimsmyndarlegur gu\u00f0 er enn upplifanlegur \u00ed samt\u00edmanum \u00ed gegnum raunverulega, \u00f3gna\u00f0a l\u00edfveru, og hvernig hef\u00f0bundnar hugmyndir um <em>kaitiakitanga<\/em>, umsj\u00e1 n\u00e1tt\u00farunnar, hafa \u00e1hrif \u00e1 n\u00fat\u00edma umhverfisvernd.\t\t\t\t\t\t\t\t<\/div>\n\t\t\t\t\t<\/div>\n\t\t\t\t<\/div>\n\t\t\t\t\t<\/div>\n\t\t\t\t<\/div>\n\t\t<div class=\"elementor-element elementor-element-iwgw-tanemahuta-lit e-flex e-con-boxed e-con e-parent\" data-id=\"iwgw-tanemahuta-lit\" data-element_type=\"container\" data-e-type=\"container\">\n\t\t\t\t\t<div class=\"e-con-inner\">\n\t\t\t\t<div class=\"elementor-element elementor-element-iwgw-tanemahuta-lith elementor-widget elementor-widget-heading\" data-id=\"iwgw-tanemahuta-lith\" data-element_type=\"widget\" data-e-type=\"widget\" data-widget_type=\"heading.default\">\n\t\t\t\t\t<h2 class=\"elementor-heading-title elementor-size-default\">Heimildir (\u00farval)<\/h2>\t\t\t\t<\/div>\n\t\t<div class=\"elementor-element elementor-element-iwgw-tanemahuta-litc e-con-full e-flex e-con e-child\" data-id=\"iwgw-tanemahuta-litc\" data-element_type=\"container\" data-e-type=\"container\">\n\t\t\t\t<div class=\"elementor-element elementor-element-iwgw-tanemahuta-litt elementor-widget elementor-widget-text-editor\" data-id=\"iwgw-tanemahuta-litt\" data-element_type=\"widget\" data-e-type=\"widget\" data-widget_type=\"text-editor.default\">\n\t\t\t\t\t\t\t\t\t<ul><li>Margaret Orbell: <em>The Illustrated Encyclopedia of Maori Myth and Legend<\/em> (1995)<\/li><li>Sir George Grey: <em>Polynesian Mythology<\/em> (1854)<\/li><li>Elsdon Best: <em>Forest Lore of the Maori<\/em> (1942)<\/li><li>Te Rangihiroa (Peter Buck): <em>The Coming of the Maori<\/em> (1949)<\/li><li>Anne Salmond: <em>Tears of Rangi<\/em> (2017)<\/li><li>Hirini Moko Mead: <em>Tikanga Maori<\/em> (2003)<\/li><li>Roger Neich: <em>Painted Histories<\/em> (1993)<\/li><\/ul>\t\t\t\t\t\t\t\t<\/div>\n\t\t\t\t<\/div>\n\t\t\t\t\t<\/div>\n\t\t\t\t<\/div>\n\t\t<div class=\"elementor-element elementor-element-iwgkw2-add-tanemahuta e-flex e-con-boxed e-con e-parent\" data-id=\"iwgkw2-add-tanemahuta\" data-element_type=\"container\" data-e-type=\"container\">\n\t\t\t\t\t<div class=\"e-con-inner\">\n\t\t\t\t<div class=\"elementor-element elementor-element-iwgkw2-add-tanemahuta-t elementor-widget elementor-widget-text-editor\" data-id=\"iwgkw2-add-tanemahuta-t\" data-element_type=\"widget\" data-e-type=\"widget\" data-widget_type=\"text-editor.default\">\n\t\t\t\t\t\t\t\t\t<p>\u00cd <span class=\"iwg-fachbegriff\" data-tooltip=\"Munnleg e\u00f0a skrifleg mi\u00f0lun \u00feekkingar og sagna milli kynsl\u00f3\u00f0a.\" tabindex=\"0\">munnm\u00e6lum<\/span> Ma\u00f3ra stendur Tane Mahuta fyrir hina <em>lj\u00f3sbrj\u00f3tandi<\/em> a\u00f0skilna\u00f0 himinf\u00f6\u00f0urins Ranginui og jar\u00f0m\u00f3\u00f0urinnar Papatuanuku, en me\u00f0 \u00feeirri a\u00f0skilnun ur\u00f0u dagslj\u00f3s, sk\u00f3gur og fuglal\u00edf fyrst m\u00f6gulegt.<\/p>\t\t\t\t\t\t\t\t<\/div>\n\t\t\t\t\t<\/div>\n\t\t\t\t<\/div>\n\t\t<div class=\"elementor-element elementor-element-iwgw-tanemahuta-kwd e-flex e-con-boxed e-con e-parent\" data-id=\"iwgw-tanemahuta-kwd\" data-element_type=\"container\" data-e-type=\"container\">\n\t\t\t\t\t<div class=\"e-con-inner\">\n\t\t<div class=\"elementor-element elementor-element-iwgw-tanemahuta-kwdc e-con-full e-flex e-con e-child\" data-id=\"iwgw-tanemahuta-kwdc\" data-element_type=\"container\" data-e-type=\"container\">\n\t\t\t\t<div class=\"elementor-element elementor-element-iwgw-tanemahuta-kwdt elementor-widget elementor-widget-text-editor\" data-id=\"iwgw-tanemahuta-kwdt\" data-element_type=\"widget\" data-e-type=\"widget\" data-widget_type=\"text-editor.default\">\n\t\t\t\t\t\t\t\t\t<p><em>Tengd leitaror\u00f0: Tane Mahuta Ma\u00f3ra sk\u00f3gargu\u00f0 Kauri Waipoua wananga Ranginui Papatuanuku.<\/em><\/p>\t\t\t\t\t\t\t\t<\/div>\n\t\t\t\t<\/div>\n\t\t\t\t\t<\/div>\n\t\t\t\t<\/div>\n\t\t<div class=\"elementor-element elementor-element-iwgw-tanemahuta-cc e-flex e-con-boxed e-con e-parent\" data-id=\"iwgw-tanemahuta-cc\" data-element_type=\"container\" data-e-type=\"container\" id=\"iwg-cc-tane-mahuta\">\n\t\t\t\t\t<div class=\"e-con-inner\">\n\t\t<div class=\"elementor-element elementor-element-iwgw-tanemahuta-ccinner e-flex e-con-boxed e-con e-parent\" data-id=\"iwgw-tanemahuta-ccinner\" data-element_type=\"container\" data-e-type=\"container\" data-settings=\"{&quot;background_background&quot;:&quot;classic&quot;}\">\n\t\t\t\t\t<div class=\"e-con-inner\">\n\t\t\t\t<div class=\"elementor-element elementor-element-iwgw-tanemahuta-cch elementor-widget elementor-widget-heading\" data-id=\"iwgw-tanemahuta-cch\" data-element_type=\"widget\" data-e-type=\"widget\" data-widget_type=\"heading.default\">\n\t\t\t\t\t<h2 class=\"elementor-heading-title elementor-size-default\">iWell Guard og verndarhef\u00f0ir<\/h2>\t\t\t\t<\/div>\n\t\t\t\t<div class=\"elementor-element elementor-element-iwgw-tanemahuta-cct elementor-widget elementor-widget-text-editor\" data-id=\"iwgw-tanemahuta-cct\" data-element_type=\"widget\" data-e-type=\"widget\" data-widget_type=\"text-editor.default\">\n\t\t\t\t\t\t\t\t\t<div data-nosnippet=\"true\"><p>iWell Guard byggir \u00e1 menningars\u00f6gulegri hef\u00f0 farandlegra verndargripa, \u00ed hef\u00f0 <a href=\"https:\/\/iwell-guard.com\/is\/?page_id=168911\">P\u00f3l\u00fdnes\u00edu \/ Ma\u00f3ra<\/a> og margra annarra menningarheima um allan heim. 41 lag, ekta gull, plat\u00edna, silfur, framleitt \u00ed \u00de\u00fdskalandi. 30 daga skilar\u00e9ttur.<\/p><\/div>\t\t\t\t\t\t\t\t<\/div>\n\t\t\t\t<div class=\"elementor-element elementor-element-iwgw-tanemahuta-ccb iwg-cc-button iwg-cc-cta-2026-05-13 elementor-widget elementor-widget-jet-button\" data-id=\"iwgw-tanemahuta-ccb\" data-element_type=\"widget\" data-e-type=\"widget\" data-widget_type=\"jet-button.default\">\n\t\t\t\t<div class=\"elementor-widget-container\">\n\t\t\t\t\t<div class=\"elementor-jet-button jet-elements\"><div class=\"jet-button__container\"><a class=\"jet-button__instance jet-button__instance--icon-left hover-effect-1\" href=\"\/ueber-iwell-guard\/?utm_source=iwell-guard.com&amp;utm_medium=info-box&amp;utm_campaign=wesen-tradition\"><div class=\"jet-button__plane jet-button__plane-normal\"><\/div><div class=\"jet-button__plane jet-button__plane-hover\"><\/div><div class=\"jet-button__state jet-button__state-normal\"><span class=\"jet-button__label\">Meira um iWell Guard<\/span><\/div><div class=\"jet-button__state jet-button__state-hover\"><span class=\"jet-button__label\">Meira um iWell Guard<\/span><\/div><\/a><\/div><\/div><style>.elementor-element.elementor-element-iwgw-tanemahuta-ccb .jet-button__instance{width:320px;height:56px;}.elementor-element.elementor-element-iwgw-tanemahuta-ccb .jet-button__state-normal .jet-button__label{text-align:center;margin:0px 0px 0px 0px;color:#1a1b20;font-family:Montserrat,sans-serif;font-size:13px;font-weight:400;letter-spacing:4px;line-height:1.714em;text-transform:uppercase;}.elementor-element.elementor-element-iwgw-tanemahuta-ccb .jet-button__state-hover .jet-button__label{text-align:center;margin:0px 0px 0px 0px;color:#FECC76;font-family:Montserrat,sans-serif;font-size:13px;font-weight:400;letter-spacing:4px;line-height:1.714em;text-transform:uppercase;}.elementor-element.elementor-element-iwgw-tanemahuta-ccb .jet-button__plane-normal{background-color:#FECC76;border-style:solid;border-color:#C99540;border-width:2px 2px 2px 2px;}.elementor-element.elementor-element-iwgw-tanemahuta-ccb .jet-button__plane-hover{background-color:rgba(0,0,0,0.55);border-style:solid;border-color:#FECC76;border-width:2px 2px 2px 2px;}<\/style>\t\t\t\t<\/div>\n\t\t\t\t<\/div>\n\t\t\t\t<div class=\"elementor-element elementor-element-iwgw-tanemahuta-ccd elementor-widget elementor-widget-text-editor\" data-id=\"iwgw-tanemahuta-ccd\" data-element_type=\"widget\" data-e-type=\"widget\" data-widget_type=\"text-editor.default\">\n\t\t\t\t\t\t\t\t\t<div data-nosnippet=\"true\"><p style=\"text-align:center;font-size:13px;opacity:0.7;margin-top:14px\" data-nosnippet=\"true\">Pers\u00f3nuleg reynsla getur veri\u00f0 mismunandi. Ekki l\u00e6kningat\u00e6ki. Engin lofor\u00f0 um l\u00e6kningu.<\/p><\/div>\t\t\t\t\t\t\t\t<\/div>\n\t\t\t\t\t<\/div>\n\t\t\t\t<\/div>\n\t\t\t\t\t<\/div>\n\t\t\t\t<\/div>\n\t\t<div class=\"elementor-element elementor-element-iwgw-tanemahuta-disc e-flex e-con-boxed e-con e-parent\" data-id=\"iwgw-tanemahuta-disc\" data-element_type=\"container\" data-e-type=\"container\">\n\t\t\t\t\t<div class=\"e-con-inner\">\n\t\t\t\t<div class=\"elementor-element elementor-element-iwgw-tanemahuta-discw elementor-widget elementor-widget-html\" data-id=\"iwgw-tanemahuta-discw\" data-element_type=\"widget\" data-e-type=\"widget\" data-widget_type=\"html.default\">\n\t\t\t\t\t<footer data-nosnippet=\"true\" class=\"iwg-disclaimer-block\"><p data-nosnippet=\"true\">iWell Guard er <strong>ekki l\u00e6kningat\u00e6ki<\/strong> og kemur ekki \u00ed sta\u00f0inn fyrir l\u00e6knis- e\u00f0a s\u00e1lfr\u00e6\u00f0ime\u00f0fer\u00f0. Tr\u00faarfr\u00e6\u00f0ilegt efni er menningars\u00f6gulegt samhengi, ekki r\u00e1\u00f0legging um andlega i\u00f0kun.<\/p><\/footer>\t\t\t\t<\/div>\n\t\t\t\t\t<\/div>\n\t\t\t\t<\/div>\n\t\t\t\t<\/div>\n\t\t","protected":false},"excerpt":{"rendered":"","protected":false},"author":3,"featured_media":2715,"parent":0,"menu_order":0,"comment_status":"closed","ping_status":"closed","template":"elementor_header_footer","meta":{"_yoast_wpseo_focuskw":"Tane Mahuta Ma\u00f3rar","_yoast_wpseo_title":"Tane Mahuta - ma\u00f3r\u00edskur sk\u00f3gargu\u00f0, go\u00f0s\u00f6gn og d\u00fdrkun","_yoast_wpseo_metadesc":"Tane Mahuta er \u00ed tr\u00fa Ma\u00f3ra gu\u00f0 sk\u00f3ga og fugla, s\u00e1 sem skildi himin og j\u00f6r\u00f0 a\u00f0. Tr\u00faarfr\u00e6\u00f0ileg \u00fattekt.","_yoast_wpseo_meta-robots-noindex":"","_yoast_wpseo_canonical":"","_angie_page":false,"gefaehrdungsstufe":"2","wesen_kultur":"polynesisch-maori","wesen_klasse":"goetter","footnotes":""},"categories":[],"class_list":["post-168939","page","type-page","status-publish","has-post-thumbnail","hentry"],"yoast_head":"<!-- This site is optimized with the Yoast SEO Premium plugin v27.7 (Yoast SEO v28.3) - https:\/\/yoast.com\/product\/yoast-seo-premium-wordpress\/ -->\n<title>Tane Mahuta - ma\u00f3r\u00edskur sk\u00f3gargu\u00f0, go\u00f0s\u00f6gn og d\u00fdrkun<\/title>\n<meta name=\"description\" content=\"Tane Mahuta er \u00ed tr\u00fa Ma\u00f3ra gu\u00f0 sk\u00f3ga og fugla, s\u00e1 sem skildi himin og j\u00f6r\u00f0 a\u00f0. Tr\u00faarfr\u00e6\u00f0ileg \u00fattekt.\" \/>\n<meta name=\"robots\" content=\"index, follow, max-snippet:-1, max-image-preview:large, max-video-preview:-1\" \/>\n<link rel=\"canonical\" href=\"https:\/\/iwell-guard.com\/is\/tane-mahuta-gud-skoga-og-fugla\/\" \/>\n<meta property=\"og:locale\" content=\"is_IS\" \/>\n<meta property=\"og:type\" content=\"article\" \/>\n<meta property=\"og:title\" content=\"Tane Mahuta - gu\u00f0 sk\u00f3ga og fugla hj\u00e1 Ma\u00f3rum\" \/>\n<meta property=\"og:description\" content=\"Tane Mahuta er \u00ed tr\u00fa Ma\u00f3ra gu\u00f0 sk\u00f3ga og fugla, s\u00e1 sem skildi himin og j\u00f6r\u00f0 a\u00f0. Tr\u00faarfr\u00e6\u00f0ileg \u00fattekt.\" \/>\n<meta property=\"og:url\" content=\"https:\/\/iwell-guard.com\/is\/tane-mahuta-gud-skoga-og-fugla\/\" \/>\n<meta property=\"og:site_name\" content=\"iWell Guard\" \/>\n<meta property=\"article:modified_time\" content=\"2026-09-05T14:23:18+00:00\" \/>\n<meta property=\"og:image\" content=\"https:\/\/iwell-guard.com\/wp-content\/uploads\/2026\/05\/goetter_polynesisch-maori_tane-mahuta.webp\" \/>\n\t<meta property=\"og:image:width\" content=\"1024\" \/>\n\t<meta property=\"og:image:height\" content=\"1536\" \/>\n\t<meta property=\"og:image:type\" content=\"image\/webp\" \/>\n<meta name=\"twitter:card\" content=\"summary_large_image\" \/>\n<script type=\"application\/ld+json\" class=\"yoast-schema-graph\">{\"@context\":\"https:\\\/\\\/schema.org\",\"@graph\":[{\"@type\":\"WebPage\",\"@id\":\"https:\\\/\\\/iwell-guard.com\\\/is\\\/tane-mahuta-gud-skoga-og-fugla\\\/\",\"url\":\"https:\\\/\\\/iwell-guard.com\\\/is\\\/tane-mahuta-gud-skoga-og-fugla\\\/\",\"name\":\"Tane Mahuta - ma\u00f3r\u00edskur sk\u00f3gargu\u00f0, go\u00f0s\u00f6gn og d\u00fdrkun\",\"isPartOf\":{\"@id\":\"https:\\\/\\\/iwell-guard.com\\\/is\\\/#website\"},\"primaryImageOfPage\":{\"@id\":\"https:\\\/\\\/iwell-guard.com\\\/is\\\/tane-mahuta-gud-skoga-og-fugla\\\/#primaryimage\"},\"image\":{\"@id\":\"https:\\\/\\\/iwell-guard.com\\\/is\\\/tane-mahuta-gud-skoga-og-fugla\\\/#primaryimage\"},\"thumbnailUrl\":\"https:\\\/\\\/iwell-guard.com\\\/wp-content\\\/uploads\\\/2026\\\/05\\\/goetter_polynesisch-maori_tane-mahuta.webp\",\"datePublished\":\"2026-09-05T14:04:13+00:00\",\"dateModified\":\"2026-09-05T14:23:18+00:00\",\"description\":\"Tane Mahuta er \u00ed tr\u00fa Ma\u00f3ra gu\u00f0 sk\u00f3ga og fugla, s\u00e1 sem skildi himin og j\u00f6r\u00f0 a\u00f0. Tr\u00faarfr\u00e6\u00f0ileg \u00fattekt.\",\"breadcrumb\":{\"@id\":\"https:\\\/\\\/iwell-guard.com\\\/is\\\/tane-mahuta-gud-skoga-og-fugla\\\/#breadcrumb\"},\"inLanguage\":\"is\",\"potentialAction\":[{\"@type\":\"ReadAction\",\"target\":[\"https:\\\/\\\/iwell-guard.com\\\/is\\\/tane-mahuta-gud-skoga-og-fugla\\\/\"]}]},{\"@type\":\"ImageObject\",\"inLanguage\":\"is\",\"@id\":\"https:\\\/\\\/iwell-guard.com\\\/is\\\/tane-mahuta-gud-skoga-og-fugla\\\/#primaryimage\",\"url\":\"https:\\\/\\\/iwell-guard.com\\\/wp-content\\\/uploads\\\/2026\\\/05\\\/goetter_polynesisch-maori_tane-mahuta.webp\",\"contentUrl\":\"https:\\\/\\\/iwell-guard.com\\\/wp-content\\\/uploads\\\/2026\\\/05\\\/goetter_polynesisch-maori_tane-mahuta.webp\",\"width\":1024,\"height\":1536,\"caption\":\"Gu\u00f0ir \u00far p\u00f3l\u00fdnes\u00edsk-ma\u00f3r\u00edskri hef\u00f0.\"},{\"@type\":\"BreadcrumbList\",\"@id\":\"https:\\\/\\\/iwell-guard.com\\\/is\\\/tane-mahuta-gud-skoga-og-fugla\\\/#breadcrumb\",\"itemListElement\":[{\"@type\":\"ListItem\",\"position\":1,\"name\":\"Start\",\"item\":\"https:\\\/\\\/iwell-guard.com\\\/is\\\/?page_id=168580\"},{\"@type\":\"ListItem\",\"position\":2,\"name\":\"Tane Mahuta &#8211; gu\u00f0 sk\u00f3ga og fugla hj\u00e1 Ma\u00f3rum\"}]},{\"@type\":\"WebSite\",\"@id\":\"https:\\\/\\\/iwell-guard.com\\\/is\\\/#website\",\"url\":\"https:\\\/\\\/iwell-guard.com\\\/is\\\/\",\"name\":\"iWell Guard\",\"description\":\"Schutz vor dunklen Einfl\u00fcssen\",\"publisher\":{\"@id\":\"https:\\\/\\\/iwell-guard.com\\\/is\\\/#organization\"},\"potentialAction\":[{\"@type\":\"SearchAction\",\"target\":{\"@type\":\"EntryPoint\",\"urlTemplate\":\"https:\\\/\\\/iwell-guard.com\\\/is\\\/?s={search_term_string}\"},\"query-input\":{\"@type\":\"PropertyValueSpecification\",\"valueRequired\":true,\"valueName\":\"search_term_string\"}}],\"inLanguage\":\"is\"},{\"@type\":\"Organization\",\"@id\":\"https:\\\/\\\/iwell-guard.com\\\/is\\\/#organization\",\"name\":\"Ittermann electronic GmbH\",\"url\":\"https:\\\/\\\/iwell-guard.com\\\/is\\\/\",\"logo\":{\"@type\":\"ImageObject\",\"inLanguage\":\"is\",\"@id\":\"https:\\\/\\\/iwell-guard.com\\\/is\\\/#\\\/schema\\\/logo\\\/image\\\/\",\"url\":\"https:\\\/\\\/iwell-guard.com\\\/wp-content\\\/uploads\\\/2026\\\/05\\\/Ittermann-Logo-1182x237-1.png\",\"contentUrl\":\"https:\\\/\\\/iwell-guard.com\\\/wp-content\\\/uploads\\\/2026\\\/05\\\/Ittermann-Logo-1182x237-1.png\",\"width\":1182,\"height\":237,\"caption\":\"Ittermann electronic GmbH\"},\"image\":{\"@id\":\"https:\\\/\\\/iwell-guard.com\\\/is\\\/#\\\/schema\\\/logo\\\/image\\\/\"},\"sameAs\":[\"https:\\\/\\\/pantip.com\\\/profile\\\/9367242\",\"https:\\\/\\\/micro.blog\\\/iwellguard\",\"https:\\\/\\\/www.diggerslist.com\\\/iwellguard\\\/about\",\"https:\\\/\\\/skitterphoto.com\\\/photographers\\\/2870314\\\/iwell-guard\",\"https:\\\/\\\/iwellguard.wordpress.com\\\/2026\\\/06\\\/06\\\/iwell-guard\\\/\",\"https:\\\/\\\/hub.docker.com\\\/u\\\/iwellguard\",\"https:\\\/\\\/www.pinterest.com\\\/iwellguard\\\/\",\"https:\\\/\\\/bit.ly\\\/m\\\/iwellguard\",\"https:\\\/\\\/entre-vos-mains.alsace.eu\\\/profiles\\\/iwellguard\\\/activity\",\"https:\\\/\\\/gravatar.com\\\/reallybeded8fd34\",\"https:\\\/\\\/naijamatta.com\\\/iwellguard\",\"https:\\\/\\\/www.goodreads.com\\\/iwellguard\",\"https:\\\/\\\/profile.hatena.ne.jp\\\/iwellguard\\\/\",\"https:\\\/\\\/experiment.com\\\/users\\\/iwellguard\",\"https:\\\/\\\/wakelet.com\\\/@iWellGuard82270\",\"https:\\\/\\\/www.chordie.com\\\/forum\\\/profile.php?id=2555664\",\"https:\\\/\\\/www.instapaper.com\\\/p\\\/17757966\",\"https:\\\/\\\/www.mapleprimes.com\\\/users\\\/iwellguard\",\"https:\\\/\\\/businesslistingplus.com\\\/profile\\\/iwell-guard\\\/\",\"https:\\\/\\\/telegra.ph\\\/iWell-Guard-06-06\",\"https:\\\/\\\/pbase.com\\\/iwellguard\\\/iwellguard\",\"https:\\\/\\\/b.hatena.ne.jp\\\/iwellguard\\\/20260607#bookmark-4788405196491818882\",\"https:\\\/\\\/fliphtml5.com\\\/home\\\/iwellguard\",\"https:\\\/\\\/anyflip.com\\\/homepage\\\/cmiwl#About\",\"https:\\\/\\\/transfur.com\\\/Users\\\/iwellguard\",\"http:\\\/\\\/delphi.larsbo.org\\\/user\\\/iwellguard\",\"https:\\\/\\\/jobs.lajobsportal.org\\\/profiles\\\/8380803-iwell-guard\",\"https:\\\/\\\/md.chaosdorf.de\\\/s\\\/jfbe5SBdJD\",\"https:\\\/\\\/www.lingvolive.com\\\/en-us\\\/profile\\\/9ecaeaca-ce11-4e51-9e71-01d55e2bff36\\\/translations\",\"https:\\\/\\\/www.fitday.com\\\/fitness\\\/forums\\\/members\\\/iwellguard.html\",\"https:\\\/\\\/www.mymeetbook.com\\\/iwellguard\",\"https:\\\/\\\/pxhere.com\\\/en\\\/photographer-me\\\/5040798\",\"https:\\\/\\\/disqus.com\\\/by\\\/iwellguard\\\/about\\\/\",\"https:\\\/\\\/pastelink.net\\\/hjwciqwq\",\"https:\\\/\\\/pubhtml5.com\\\/homepage\\\/scjhn\\\/\",\"https:\\\/\\\/www.bitchute.com\\\/channel\\\/2O2eOKzNqujT\",\"https:\\\/\\\/audiomack.com\\\/iwellguard\"]},{\"@type\":\"Article\",\"@id\":\"https:\\\/\\\/iwell-guard.com\\\/is\\\/tane-mahuta-gud-skoga-og-fugla\\\/#article\",\"isPartOf\":{\"@id\":\"https:\\\/\\\/iwell-guard.com\\\/is\\\/tane-mahuta-gud-skoga-og-fugla\\\/\"},\"author\":{\"name\":\"Ralf Ittermann\",\"@id\":\"https:\\\/\\\/iwell-guard.com\\\/is\\\/#\\\/schema\\\/person\\\/ee2a27f1cac3406c7c6fb5820cb7349f\"},\"headline\":\"Tane Mahuta &#8211; gu\u00f0 sk\u00f3ga og fugla hj\u00e1 Ma\u00f3rum\",\"datePublished\":\"2026-09-05T14:04:13+00:00\",\"dateModified\":\"2026-09-05T14:23:18+00:00\",\"mainEntityOfPage\":{\"@id\":\"https:\\\/\\\/iwell-guard.com\\\/is\\\/tane-mahuta-gud-skoga-og-fugla\\\/\"},\"publisher\":{\"@id\":\"https:\\\/\\\/iwell-guard.com\\\/is\\\/#organization\"},\"image\":{\"@id\":\"https:\\\/\\\/iwell-guard.com\\\/is\\\/tane-mahuta-gud-skoga-og-fugla\\\/#primaryimage\"},\"thumbnailUrl\":\"https:\\\/\\\/iwell-guard.com\\\/wp-content\\\/uploads\\\/2026\\\/05\\\/goetter_polynesisch-maori_tane-mahuta.webp\",\"inLanguage\":\"is\",\"description\":\"Tane Mahuta er \u00ed tr\u00fa Ma\u00f3ra gu\u00f0 sk\u00f3ga og fugla, s\u00e1 sem skildi himin og j\u00f6r\u00f0 a\u00f0. Tr\u00faarfr\u00e6\u00f0ileg \u00fattekt.\"}]}<\/script>\n<!-- \/ Yoast SEO Premium plugin. -->","yoast_head_json":{"title":"Tane Mahuta - ma\u00f3r\u00edskur sk\u00f3gargu\u00f0, go\u00f0s\u00f6gn og d\u00fdrkun","description":"Tane Mahuta er \u00ed tr\u00fa Ma\u00f3ra gu\u00f0 sk\u00f3ga og fugla, s\u00e1 sem skildi himin og j\u00f6r\u00f0 a\u00f0. Tr\u00faarfr\u00e6\u00f0ileg \u00fattekt.","robots":{"index":"index","follow":"follow","max-snippet":"max-snippet:-1","max-image-preview":"max-image-preview:large","max-video-preview":"max-video-preview:-1"},"canonical":"https:\/\/iwell-guard.com\/is\/tane-mahuta-gud-skoga-og-fugla\/","og_locale":"is_IS","og_type":"article","og_title":"Tane Mahuta - gu\u00f0 sk\u00f3ga og fugla hj\u00e1 Ma\u00f3rum","og_description":"Tane Mahuta er \u00ed tr\u00fa Ma\u00f3ra gu\u00f0 sk\u00f3ga og fugla, s\u00e1 sem skildi himin og j\u00f6r\u00f0 a\u00f0. Tr\u00faarfr\u00e6\u00f0ileg \u00fattekt.","og_url":"https:\/\/iwell-guard.com\/is\/tane-mahuta-gud-skoga-og-fugla\/","og_site_name":"iWell Guard","article_modified_time":"2026-09-05T14:23:18+00:00","og_image":[{"width":1024,"height":1536,"url":"https:\/\/iwell-guard.com\/wp-content\/uploads\/2026\/05\/goetter_polynesisch-maori_tane-mahuta.webp","type":"image\/webp"}],"twitter_card":"summary_large_image","schema":{"@context":"https:\/\/schema.org","@graph":[{"@type":"Article","@id":"https:\/\/iwell-guard.com\/is\/tane-mahuta-gud-skoga-og-fugla\/#article","isPartOf":{"@id":"https:\/\/iwell-guard.com\/is\/tane-mahuta-gud-skoga-og-fugla\/"},"author":{"name":"Ralf Ittermann","@id":"https:\/\/iwell-guard.com\/is\/#\/schema\/person\/ee2a27f1cac3406c7c6fb5820cb7349f"},"headline":"Tane Mahuta &#8211; gu\u00f0 sk\u00f3ga og fugla hj\u00e1 Ma\u00f3rum","datePublished":"2026-09-05T14:04:13+00:00","dateModified":"2026-09-05T14:23:18+00:00","mainEntityOfPage":{"@id":"https:\/\/iwell-guard.com\/is\/tane-mahuta-gud-skoga-og-fugla\/"},"publisher":{"@id":"https:\/\/iwell-guard.com\/is\/#organization"},"image":{"@id":"https:\/\/iwell-guard.com\/is\/tane-mahuta-gud-skoga-og-fugla\/#primaryimage"},"thumbnailUrl":"https:\/\/iwell-guard.com\/wp-content\/uploads\/2026\/05\/goetter_polynesisch-maori_tane-mahuta.webp","inLanguage":"is","description":"Tane Mahuta er \u00ed tr\u00fa Ma\u00f3ra gu\u00f0 sk\u00f3ga og fugla, s\u00e1 sem skildi himin og j\u00f6r\u00f0 a\u00f0. Tr\u00faarfr\u00e6\u00f0ileg \u00fattekt."},{"@type":"WebPage","@id":"https:\/\/iwell-guard.com\/is\/tane-mahuta-gud-skoga-og-fugla\/","url":"https:\/\/iwell-guard.com\/is\/tane-mahuta-gud-skoga-og-fugla\/","name":"Tane Mahuta - ma\u00f3r\u00edskur sk\u00f3gargu\u00f0, go\u00f0s\u00f6gn og d\u00fdrkun","isPartOf":{"@id":"https:\/\/iwell-guard.com\/is\/#website"},"primaryImageOfPage":{"@id":"https:\/\/iwell-guard.com\/is\/tane-mahuta-gud-skoga-og-fugla\/#primaryimage"},"image":{"@id":"https:\/\/iwell-guard.com\/is\/tane-mahuta-gud-skoga-og-fugla\/#primaryimage"},"thumbnailUrl":"https:\/\/iwell-guard.com\/wp-content\/uploads\/2026\/05\/goetter_polynesisch-maori_tane-mahuta.webp","datePublished":"2026-09-05T14:04:13+00:00","dateModified":"2026-09-05T14:23:18+00:00","description":"Tane Mahuta er \u00ed tr\u00fa Ma\u00f3ra gu\u00f0 sk\u00f3ga og fugla, s\u00e1 sem skildi himin og j\u00f6r\u00f0 a\u00f0. Tr\u00faarfr\u00e6\u00f0ileg \u00fattekt.","breadcrumb":{"@id":"https:\/\/iwell-guard.com\/is\/tane-mahuta-gud-skoga-og-fugla\/#breadcrumb"},"inLanguage":"is","potentialAction":[{"@type":"ReadAction","target":["https:\/\/iwell-guard.com\/is\/tane-mahuta-gud-skoga-og-fugla\/"]}]},{"@type":"ImageObject","inLanguage":"is","@id":"https:\/\/iwell-guard.com\/is\/tane-mahuta-gud-skoga-og-fugla\/#primaryimage","url":"https:\/\/iwell-guard.com\/wp-content\/uploads\/2026\/05\/goetter_polynesisch-maori_tane-mahuta.webp","contentUrl":"https:\/\/iwell-guard.com\/wp-content\/uploads\/2026\/05\/goetter_polynesisch-maori_tane-mahuta.webp","width":1024,"height":1536,"caption":"Gu\u00f0ir \u00far p\u00f3l\u00fdnes\u00edsk-ma\u00f3r\u00edskri hef\u00f0."},{"@type":"BreadcrumbList","@id":"https:\/\/iwell-guard.com\/is\/tane-mahuta-gud-skoga-og-fugla\/#breadcrumb","itemListElement":[{"@type":"ListItem","position":1,"name":"Start","item":"https:\/\/iwell-guard.com\/is\/?page_id=168580"},{"@type":"ListItem","position":2,"name":"Tane Mahuta &#8211; gu\u00f0 sk\u00f3ga og fugla hj\u00e1 Ma\u00f3rum"}]},{"@type":"WebSite","@id":"https:\/\/iwell-guard.com\/is\/#website","url":"https:\/\/iwell-guard.com\/is\/","name":"iWell Guard","description":"Schutz vor dunklen Einfl\u00fcssen","publisher":{"@id":"https:\/\/iwell-guard.com\/is\/#organization"},"potentialAction":[{"@type":"SearchAction","target":{"@type":"EntryPoint","urlTemplate":"https:\/\/iwell-guard.com\/is\/?s={search_term_string}"},"query-input":{"@type":"PropertyValueSpecification","valueRequired":true,"valueName":"search_term_string"}}],"inLanguage":"is"},{"@type":"Organization","@id":"https:\/\/iwell-guard.com\/is\/#organization","name":"Ittermann electronic GmbH","url":"https:\/\/iwell-guard.com\/is\/","logo":{"@type":"ImageObject","inLanguage":"is","@id":"https:\/\/iwell-guard.com\/is\/#\/schema\/logo\/image\/","url":"https:\/\/iwell-guard.com\/wp-content\/uploads\/2026\/05\/Ittermann-Logo-1182x237-1.png","contentUrl":"https:\/\/iwell-guard.com\/wp-content\/uploads\/2026\/05\/Ittermann-Logo-1182x237-1.png","width":1182,"height":237,"caption":"Ittermann electronic GmbH"},"image":{"@id":"https:\/\/iwell-guard.com\/is\/#\/schema\/logo\/image\/"},"sameAs":["https:\/\/pantip.com\/profile\/9367242","https:\/\/micro.blog\/iwellguard","https:\/\/www.diggerslist.com\/iwellguard\/about","https:\/\/skitterphoto.com\/photographers\/2870314\/iwell-guard","https:\/\/iwellguard.wordpress.com\/2026\/06\/06\/iwell-guard\/","https:\/\/hub.docker.com\/u\/iwellguard","https:\/\/www.pinterest.com\/iwellguard\/","https:\/\/bit.ly\/m\/iwellguard","https:\/\/entre-vos-mains.alsace.eu\/profiles\/iwellguard\/activity","https:\/\/gravatar.com\/reallybeded8fd34","https:\/\/naijamatta.com\/iwellguard","https:\/\/www.goodreads.com\/iwellguard","https:\/\/profile.hatena.ne.jp\/iwellguard\/","https:\/\/experiment.com\/users\/iwellguard","https:\/\/wakelet.com\/@iWellGuard82270","https:\/\/www.chordie.com\/forum\/profile.php?id=2555664","https:\/\/www.instapaper.com\/p\/17757966","https:\/\/www.mapleprimes.com\/users\/iwellguard","https:\/\/businesslistingplus.com\/profile\/iwell-guard\/","https:\/\/telegra.ph\/iWell-Guard-06-06","https:\/\/pbase.com\/iwellguard\/iwellguard","https:\/\/b.hatena.ne.jp\/iwellguard\/20260607#bookmark-4788405196491818882","https:\/\/fliphtml5.com\/home\/iwellguard","https:\/\/anyflip.com\/homepage\/cmiwl#About","https:\/\/transfur.com\/Users\/iwellguard","http:\/\/delphi.larsbo.org\/user\/iwellguard","https:\/\/jobs.lajobsportal.org\/profiles\/8380803-iwell-guard","https:\/\/md.chaosdorf.de\/s\/jfbe5SBdJD","https:\/\/www.lingvolive.com\/en-us\/profile\/9ecaeaca-ce11-4e51-9e71-01d55e2bff36\/translations","https:\/\/www.fitday.com\/fitness\/forums\/members\/iwellguard.html","https:\/\/www.mymeetbook.com\/iwellguard","https:\/\/pxhere.com\/en\/photographer-me\/5040798","https:\/\/disqus.com\/by\/iwellguard\/about\/","https:\/\/pastelink.net\/hjwciqwq","https:\/\/pubhtml5.com\/homepage\/scjhn\/","https:\/\/www.bitchute.com\/channel\/2O2eOKzNqujT","https:\/\/audiomack.com\/iwellguard"]},{"@type":"Person","@id":"https:\/\/iwell-guard.com\/is\/#\/schema\/person\/ee2a27f1cac3406c7c6fb5820cb7349f","name":"Ralf Ittermann","image":{"@type":"ImageObject","inLanguage":"is","@id":"https:\/\/secure.gravatar.com\/avatar\/073c0153e350a5005b68eb752b445fea71f6b24a26da9449ad7e155e6b446c9d?s=96&d=mm&r=g","url":"https:\/\/secure.gravatar.com\/avatar\/073c0153e350a5005b68eb752b445fea71f6b24a26da9449ad7e155e6b446c9d?s=96&d=mm&r=g","contentUrl":"https:\/\/secure.gravatar.com\/avatar\/073c0153e350a5005b68eb752b445fea71f6b24a26da9449ad7e155e6b446c9d?s=96&d=mm&r=g","caption":"Ralf Ittermann"},"givenName":"Ralf","familyName":"Ittermann","jobTitle":"Gesch\u00e4ftsf\u00fchrer und redaktioneller Verantwortlicher","url":"https:\/\/iwell-guard.com\/is\/author\/claude\/","description":"Ralf Ittermann ist Gesch\u00e4ftsf\u00fchrer der Ittermann electronic GmbH und redaktioneller Verantwortlicher des iWell-Guard-Lexikons. Er verbindet langj\u00e4hrige Erfahrung in der Pr\u00e4zisionsfertigung mit medialer Praxis und religionsgeschichtlicher Quellenarbeit.","worksFor":{"@type":"Organization","name":"Ittermann electronic GmbH","url":"https:\/\/ittermann.de\/","address":{"@type":"PostalAddress","streetAddress":"K\u00f6hlergasse 16-18","postalCode":"99842","addressLocality":"Ruhla","addressCountry":"DE"}},"knowsAbout":["Religionsgeschichte","Mythologie","Mediale Praxis","Energetische Diagnostik","Schutzpraxis","Volksglauben","Westliche Esoterik"]},{"@type":"Article","@id":"https:\/\/iwell-guard.com\/is\/tane-mahuta-gud-skoga-og-fugla\/#article","isPartOf":{"@id":"https:\/\/iwell-guard.com\/is\/tane-mahuta-gud-skoga-og-fugla\/"},"author":{"name":"Ralf Ittermann","@id":"https:\/\/iwell-guard.com\/is\/#\/schema\/person\/ee2a27f1cac3406c7c6fb5820cb7349f"},"headline":"Tane Mahuta &#8211; gu\u00f0 sk\u00f3ga og fugla hj\u00e1 Ma\u00f3rum","datePublished":"2026-09-05T14:04:13+00:00","dateModified":"2026-09-05T14:23:18+00:00","mainEntityOfPage":{"@id":"https:\/\/iwell-guard.com\/is\/tane-mahuta-gud-skoga-og-fugla\/"},"publisher":{"@id":"https:\/\/iwell-guard.com\/is\/#organization"},"image":{"@id":"https:\/\/iwell-guard.com\/is\/tane-mahuta-gud-skoga-og-fugla\/#primaryimage"},"thumbnailUrl":"https:\/\/iwell-guard.com\/wp-content\/uploads\/2026\/05\/goetter_polynesisch-maori_tane-mahuta.webp","inLanguage":"is","description":"Tane Mahuta er \u00ed tr\u00fa Ma\u00f3ra gu\u00f0 sk\u00f3ga og fugla, s\u00e1 sem skildi himin og j\u00f6r\u00f0 a\u00f0. Tr\u00faarfr\u00e6\u00f0ileg \u00fattekt."}]}},"_links":{"self":[{"href":"https:\/\/iwell-guard.com\/is\/wp-json\/wp\/v2\/pages\/168939","targetHints":{"allow":["GET"]}}],"collection":[{"href":"https:\/\/iwell-guard.com\/is\/wp-json\/wp\/v2\/pages"}],"about":[{"href":"https:\/\/iwell-guard.com\/is\/wp-json\/wp\/v2\/types\/page"}],"author":[{"embeddable":true,"href":"https:\/\/iwell-guard.com\/is\/wp-json\/wp\/v2\/users\/3"}],"replies":[{"embeddable":true,"href":"https:\/\/iwell-guard.com\/is\/wp-json\/wp\/v2\/comments?post=168939"}],"version-history":[{"count":0,"href":"https:\/\/iwell-guard.com\/is\/wp-json\/wp\/v2\/pages\/168939\/revisions"}],"wp:featuredmedia":[{"embeddable":true,"href":"https:\/\/iwell-guard.com\/is\/wp-json\/wp\/v2\/media\/2715"}],"wp:attachment":[{"href":"https:\/\/iwell-guard.com\/is\/wp-json\/wp\/v2\/media?parent=168939"}],"wp:term":[{"taxonomy":"category","embeddable":true,"href":"https:\/\/iwell-guard.com\/is\/wp-json\/wp\/v2\/categories?post=168939"}],"curies":[{"name":"wp","href":"https:\/\/api.w.org\/{rel}","templated":true}]}}