{"id":168933,"date":"2026-09-05T14:04:10","date_gmt":"2026-09-05T14:04:10","guid":{"rendered":"https:\/\/iwell-guard.com\/?page_id=168933"},"modified":"2026-09-05T14:23:09","modified_gmt":"2026-09-05T14:23:09","slug":"wendigo-mannaetuandi-vera-skogarthjoda","status":"publish","type":"page","link":"https:\/\/iwell-guard.com\/is\/wendigo-mannaetuandi-vera-skogarthjoda\/","title":{"rendered":"Wendigo \u2013 Mann\u00e6tuandi vera nor\u00f0ur-amer\u00edskra sk\u00f3gar\u00fej\u00f3\u00f0a"},"content":{"rendered":"\t\t<div data-elementor-type=\"wp-page\" data-elementor-id=\"168933\" class=\"elementor elementor-168933 elementor-2588 elementor-bc-flex-widget\" data-elementor-post-type=\"page\">\n\t\t\t\t<div class=\"elementor-element elementor-element-iwgw-wendigo-hero e-flex e-con-boxed e-con e-parent\" data-id=\"iwgw-wendigo-hero\" data-element_type=\"container\" data-e-type=\"container\" data-settings=\"{&quot;background_background&quot;:&quot;classic&quot;}\">\n\t\t\t\t\t<div class=\"e-con-inner\">\n\t\t<div class=\"elementor-element elementor-element-iwgw-wendigo-hl e-flex e-con-boxed e-con e-child\" data-id=\"iwgw-wendigo-hl\" data-element_type=\"container\" data-e-type=\"container\">\n\t\t\t\t\t<div class=\"e-con-inner\">\n\t\t<div class=\"elementor-element elementor-element-iwgw-wendigo-htxt e-con-full e-flex e-con e-child\" data-id=\"iwgw-wendigo-htxt\" data-element_type=\"container\" data-e-type=\"container\">\n\t\t\t\t<div class=\"elementor-element elementor-element-iwgw-wendigo-h1 elementor-widget elementor-widget-heading\" data-id=\"iwgw-wendigo-h1\" data-element_type=\"widget\" data-e-type=\"widget\" data-widget_type=\"heading.default\">\n\t\t\t\t\t<h1 class=\"elementor-heading-title elementor-size-default\">Wendigo, mann\u00e6tuandi vera og kuldadj\u00f6full nor\u00f0ur-amer\u00edskra sk\u00f3gar\u00fej\u00f3\u00f0a<\/h1>\t\t\t\t<\/div>\n\t\t\t\t<div class=\"elementor-element elementor-element-iwgw-wendigo-lead elementor-widget elementor-widget-text-editor\" data-id=\"iwgw-wendigo-lead\" data-element_type=\"widget\" data-e-type=\"widget\" data-widget_type=\"text-editor.default\">\n\t\t\t\t\t\t\t\t\t<p>Wendigo (\u00e1 Algonkin-m\u00e1li <em>Wiindigoo<\/em>, \u00e1 \u00f6\u00f0rum tungum\u00e1lum einnig Witiko, Wetiko, Windigo) er mann\u00e6tuandi vera og kuldadj\u00f6full nor\u00f0ur-amer\u00edskra sk\u00f3gar\u00fej\u00f3\u00f0a, s\u00e9rstaklega Anishinabe-\u00fej\u00f3\u00f0anna (Ojibwa, Algonkin, Cree). H\u00fan er me\u00f0al \u00feeirra ska\u00f0v\u00e6tta sem hr\u00e6\u00f0st hafa hva\u00f0 mest \u00ed tr\u00faars\u00f6gu Amer\u00edku.<\/p>\t\t\t\t\t\t\t\t<\/div>\n\t\t\t\t<\/div>\n\t\t<div class=\"elementor-element elementor-element-iwgw-wendigo-pillc e-con-full e-flex e-con e-child\" data-id=\"iwgw-wendigo-pillc\" data-element_type=\"container\" data-e-type=\"container\">\n\t\t\t\t<div class=\"elementor-element elementor-element-iwgw-wendigo-pills elementor-widget elementor-widget-html\" data-id=\"iwgw-wendigo-pills\" data-element_type=\"widget\" data-e-type=\"widget\" data-widget_type=\"html.default\">\n\t\t\t\t\t<div class=\"iwg-pill-row\"><span class=\"iwg-klasse-badge\" tabindex=\"0\" data-tooltip=\"Ska\u00f0valdur \u00ed hef\u00f0 Native American.\">Ska\u00f0valdur<\/span><a href=\"https:\/\/iwell-guard.com\/is\/?page_id=168910\" class=\"iwg-kultur-badge\" tabindex=\"0\" data-tooltip=\"Go\u00f0afr\u00e6\u00f0i Native American-hef\u00f0arins.\">Native American<\/a><span class=\"iwg-tradition-badge\" tabindex=\"0\" data-tooltip=\"Mann\u00e6tudj\u00f6full.\">Mann\u00e6tudj\u00f6full<\/span><\/div>\t\t\t\t<\/div>\n\t\t\t\t<\/div>\n\t\t<div class=\"elementor-element elementor-element-iwgw-wendigo-tocc e-con-full e-flex e-con e-child\" data-id=\"iwgw-wendigo-tocc\" data-element_type=\"container\" data-e-type=\"container\">\n\t\t\t\t<div class=\"elementor-element elementor-element-iwgw-wendigo-toc elementor-toc--minimized-on-tablet elementor-widget elementor-widget-table-of-contents\" data-id=\"iwgw-wendigo-toc\" data-element_type=\"widget\" data-e-type=\"widget\" data-settings=\"{&quot;headings_by_tags&quot;:[&quot;h2&quot;,&quot;h3&quot;],&quot;minimize_box&quot;:&quot;yes&quot;,&quot;marker_view&quot;:&quot;bullets&quot;,&quot;no_headings_message&quot;:&quot;Engar undirfyrirsagnir fundust \\u00e1 \\u00feessari s\\u00ed\\u00f0u.&quot;,&quot;exclude_headings_by_selector&quot;:[],&quot;icon&quot;:{&quot;value&quot;:&quot;fas fa-circle&quot;,&quot;library&quot;:&quot;fa-solid&quot;,&quot;rendered_tag&quot;:&quot;&lt;svg class=\\&quot;e-font-icon-svg e-fas-circle\\&quot; viewBox=\\&quot;0 0 512 512\\&quot; xmlns=\\&quot;http:\\\/\\\/www.w3.org\\\/2000\\\/svg\\&quot;&gt;&lt;path d=\\&quot;M256 8C119 8 8 119 8 256s111 248 248 248 248-111 248-248S393 8 256 8z\\&quot;&gt;&lt;\\\/path&gt;&lt;\\\/svg&gt;&quot;},&quot;minimized_on&quot;:&quot;tablet&quot;,&quot;hierarchical_view&quot;:&quot;yes&quot;,&quot;min_height&quot;:{&quot;unit&quot;:&quot;px&quot;,&quot;size&quot;:&quot;&quot;,&quot;sizes&quot;:[]},&quot;min_height_tablet&quot;:{&quot;unit&quot;:&quot;px&quot;,&quot;size&quot;:&quot;&quot;,&quot;sizes&quot;:[]},&quot;min_height_mobile&quot;:{&quot;unit&quot;:&quot;px&quot;,&quot;size&quot;:&quot;&quot;,&quot;sizes&quot;:[]}}\" data-widget_type=\"table-of-contents.default\">\n\t\t\t\t\t\t\t\t\t<div class=\"elementor-toc__header\">\n\t\t\t\t\t\t<h2 class=\"elementor-toc__header-title\">\n\t\t\t\tEfnisyfirlit\t\t\t<\/h2>\n\t\t\t\t\t\t\t\t\t\t<div class=\"elementor-toc__toggle-button elementor-toc__toggle-button--expand\" role=\"button\" tabindex=\"0\" aria-controls=\"elementor-toc__iwgw-wendigo-toc\" aria-expanded=\"true\" aria-label=\"Open table of contents\"><svg aria-hidden=\"true\" class=\"e-font-icon-svg e-fas-chevron-down\" viewBox=\"0 0 448 512\" xmlns=\"http:\/\/www.w3.org\/2000\/svg\"><path d=\"M207.029 381.476L12.686 187.132c-9.373-9.373-9.373-24.569 0-33.941l22.667-22.667c9.357-9.357 24.522-9.375 33.901-.04L224 284.505l154.745-154.021c9.379-9.335 24.544-9.317 33.901.04l22.667 22.667c9.373 9.373 9.373 24.569 0 33.941L240.971 381.476c-9.373 9.372-24.569 9.372-33.942 0z\"><\/path><\/svg><\/div>\n\t\t\t\t<div class=\"elementor-toc__toggle-button elementor-toc__toggle-button--collapse\" role=\"button\" tabindex=\"0\" aria-controls=\"elementor-toc__iwgw-wendigo-toc\" aria-expanded=\"true\" aria-label=\"Close table of contents\"><svg aria-hidden=\"true\" class=\"e-font-icon-svg e-fas-chevron-up\" viewBox=\"0 0 448 512\" xmlns=\"http:\/\/www.w3.org\/2000\/svg\"><path d=\"M240.971 130.524l194.343 194.343c9.373 9.373 9.373 24.569 0 33.941l-22.667 22.667c-9.357 9.357-24.522 9.375-33.901.04L224 227.495 69.255 381.516c-9.379 9.335-24.544 9.317-33.901-.04l-22.667-22.667c-9.373-9.373-9.373-24.569 0-33.941L207.03 130.525c9.372-9.373 24.568-9.373 33.941-.001z\"><\/path><\/svg><\/div>\n\t\t\t\t\t<\/div>\n\t\t\t\t<div id=\"elementor-toc__iwgw-wendigo-toc\" class=\"elementor-toc__body\">\n\t\t\t<div class=\"elementor-toc__spinner-container\">\n\t\t\t\t<svg class=\"elementor-toc__spinner eicon-animation-spin e-font-icon-svg e-eicon-loading\" aria-hidden=\"true\" viewBox=\"0 0 1000 1000\" xmlns=\"http:\/\/www.w3.org\/2000\/svg\"><path d=\"M500 975V858C696 858 858 696 858 500S696 142 500 142 142 304 142 500H25C25 237 238 25 500 25S975 237 975 500 763 975 500 975Z\"><\/path><\/svg>\t\t\t<\/div>\n\t\t<\/div>\n\t\t\t\t\t\t<\/div>\n\t\t\t\t<\/div>\n\t\t\t\t\t<\/div>\n\t\t\t\t<\/div>\n\t\t<div class=\"elementor-element elementor-element-iwgw-wendigo-hr e-con-full e-flex e-con e-child\" data-id=\"iwgw-wendigo-hr\" data-element_type=\"container\" data-e-type=\"container\">\n\t\t\t\t<div class=\"elementor-element elementor-element-iwgw-wendigo-heroimg iwg-hero-image elementor-widget elementor-widget-image\" data-id=\"iwgw-wendigo-heroimg\" data-element_type=\"widget\" data-e-type=\"widget\" data-widget_type=\"image.default\">\n\t\t\t\t\t\t\t\t\t\t\t\t\t\t\t<img fetchpriority=\"high\" decoding=\"async\" width=\"683\" height=\"1024\" src=\"https:\/\/iwell-guard.com\/wp-content\/uploads\/2026\/05\/geister_native-american_wendigo-683x1024.webp\" class=\"attachment-large size-large wp-image-2701\" alt=\"Wendigo \u2013 Mann\u00e6tuandi vera nor\u00f0ur-amer\u00edskra sk\u00f3gar\u00fej\u00f3\u00f0a\" srcset=\"https:\/\/iwell-guard.com\/wp-content\/uploads\/2026\/05\/geister_native-american_wendigo-683x1024.webp 683w, https:\/\/iwell-guard.com\/wp-content\/uploads\/2026\/05\/geister_native-american_wendigo-200x300.webp 200w, https:\/\/iwell-guard.com\/wp-content\/uploads\/2026\/05\/geister_native-american_wendigo-768x1152.webp 768w, https:\/\/iwell-guard.com\/wp-content\/uploads\/2026\/05\/geister_native-american_wendigo.webp 1024w\" sizes=\"(max-width: 683px) 100vw, 683px\" \/>\t\t\t\t\t\t\t\t\t\t\t\t\t\t\t<\/div>\n\t\t\t\t<\/div>\n\t\t\t\t\t<\/div>\n\t\t\t\t<\/div>\n\t\t\t\t<section class=\"elementor-section elementor-top-section elementor-element elementor-element-sec-iwgcomp-wendigo elementor-section-boxed elementor-section-height-default elementor-section-height-default\" data-id=\"sec-iwgcomp-wendigo\" data-element_type=\"section\" data-e-type=\"section\">\n\t\t\t\t\t\t<div class=\"elementor-container elementor-column-gap-default\">\n\t\t\t\t\t<div class=\"elementor-column elementor-col-100 elementor-top-column elementor-element elementor-element-col-iwgcomp-wendigo\" data-id=\"col-iwgcomp-wendigo\" data-element_type=\"column\" data-e-type=\"column\">\n\t\t\t<div class=\"elementor-widget-wrap elementor-element-populated\">\n\t\t\t\t\t\t<div class=\"elementor-element elementor-element-iwgcomp-wendigo elementor-widget elementor-widget-text-editor\" data-id=\"iwgcomp-wendigo\" data-element_type=\"widget\" data-e-type=\"widget\" data-widget_type=\"text-editor.default\">\n\t\t\t\t\t\t\t\t\t<p>Wendigo er sem <strong>mann\u00e6tuandi vera Algonkin-\u00fej\u00f3\u00f0anna<\/strong> mi\u00f0l\u00e6g birtingarmynd hungurs, vetrar\u00fevingunar og menningarlegs bannhelgi \u00ed s\u00f6gum \u00feeirra sem tala Algonkin-tungum\u00e1l \u00ed Nor\u00f0ur-Amer\u00edku.<\/p>\t\t\t\t\t\t\t\t<\/div>\n\t\t\t\t\t<\/div>\n\t\t<\/div>\n\t\t\t\t\t<\/div>\n\t\t<\/section>\n\t\t<div class=\"elementor-element elementor-element-iwgw-wendigo-s0 e-flex e-con-boxed e-con e-parent\" data-id=\"iwgw-wendigo-s0\" data-element_type=\"container\" data-e-type=\"container\">\n\t\t\t\t\t<div class=\"e-con-inner\">\n\t\t\t\t<div class=\"elementor-element elementor-element-iwgw-wendigo-s0h elementor-widget elementor-widget-heading\" data-id=\"iwgw-wendigo-s0h\" data-element_type=\"widget\" data-e-type=\"widget\" data-widget_type=\"heading.default\">\n\t\t\t\t\t<h2 class=\"elementor-heading-title elementor-size-default\">Sta\u00f0a innan Algonkin-tr\u00faarbrag\u00f0a<\/h2>\t\t\t\t<\/div>\n\t\t<div class=\"elementor-element elementor-element-iwgw-wendigo-s0c e-con-full e-flex e-con e-child\" data-id=\"iwgw-wendigo-s0c\" data-element_type=\"container\" data-e-type=\"container\">\n\t\t\t\t<div class=\"elementor-element elementor-element-iwgw-wendigo-s0t elementor-widget elementor-widget-text-editor\" data-id=\"iwgw-wendigo-s0t\" data-element_type=\"widget\" data-e-type=\"widget\" data-widget_type=\"text-editor.default\">\n\t\t\t\t\t\t\t\t\t<p>Wendigo tilheyrir ska\u00f0valds-<span class=\"iwg-fachbegriff\" data-tooltip=\"Heild gu\u00f0a innan tr\u00faarbrag\u00f0a e\u00f0a menningar.\" tabindex=\"0\">pantheon<\/span> Algonkin-m\u00e6landi \u00fej\u00f3\u00f0a sk\u00f3garsv\u00e6\u00f0a Nor\u00f0ur-Amer\u00edku: Anishinabe (Ojibwa, Chippewa, Algonkin), Cree, Innu, Naskapi.<\/p><p>Landfr\u00e6\u00f0ilega n\u00e6r \u00fatbrei\u00f0slusv\u00e6\u00f0i Wendigo-sagnanna fr\u00e1 V\u00f6tnunum miklu \u00ed su\u00f0ri til Labrador-skagans \u00ed nor\u00f0ri, og fr\u00e1 Atlantshafsstr\u00f6ndinni \u00ed austri til Klettafjallanna \u00ed vestri. \u00deannig er Wendigo pan-Algonkin-hef\u00f0 sem hefur brei\u00f0st \u00fat me\u00f0 undraver\u00f0ri samfellu yfir m\u00e1l- og \u00fej\u00f3\u00f0flokkam\u00f6rk.<\/p><p>Tr\u00faarfr\u00e6\u00f0ilega heyrir Wendigo til flokks <em>mann\u00e6tuandra vera<\/em>, \u00feeirra sem ver\u00f0a til vi\u00f0 neyslu manneldis e\u00f0a sem sj\u00e1lfar eta menn. Byggingarlega samb\u00e6rileg eru \u00e1stralsk-frumbyggja Kurdaitcha-verurnar, slavnesk-su\u00f0urevr\u00f3psk vamp\u00edrufyrirb\u00e6ri, japanskar Onibaba-verur og, me\u00f0 miklum menningarlegum mun, Kar\u00edbahafs-Soucouyant-verurnar.<\/p><p>S\u00e9rt\u00e6k Algonkin-hugmynd um Wendigo tengir \u00fe\u00f3 mann\u00e6tu<span class=\"iwg-fachbegriff\" data-tooltip=\"Endurteki\u00f0 efnisatri\u00f0i \u00ed list e\u00f0a fr\u00e1s\u00f6gn.\" tabindex=\"0\">stef<\/span> vi\u00f0 kulda<span class=\"iwg-fachbegriff\" data-tooltip=\"Endurteki\u00f0 efnisatri\u00f0i \u00ed list e\u00f0a fr\u00e1s\u00f6gn.\" tabindex=\"0\">stef<\/span>: Wendigo er ekki bara mann\u00e6ta, heldur einnig pers\u00f3nuger\u00f0ur kuldi og hungur.<\/p><p>Elstu evr\u00f3psku skr\u00e1ningarnar um Wendigo koma \u00far fr\u00e1s\u00f6gnum franskra jes\u00fa\u00edtatr\u00fabo\u00f0a fr\u00e1 fyrri hluta 17. aldar. Paul LeJeune nefnir veruna \u00e1ri\u00f0 1636 \u00ed riti s\u00ednu <em>Relations<\/em>; s\u00ed\u00f0ari jes\u00fa\u00edtar g\u00e1fu n\u00e1kv\u00e6mari l\u00fdsingar.<\/p><p><span data-nosnippet>N\u00fat\u00edma \u00fej\u00f3\u00f0fr\u00e6\u00f0iranns\u00f3knir hafa s\u00e9rstaklega m\u00f3tast af verkum Diamond Jenness (<em>The Ojibwa Indians<\/em>, 1935), Ruth Landes (<em>Ojibwa Religion and the Midewiwin<\/em>, 1968) og Basil Johnston (<em>The Manitous<\/em>, 1995).<\/span><\/p><p>Athyglisvert er a\u00f0 Wendigo-hef\u00f0in s\u00fdnir, \u00fer\u00e1tt fyrir landfr\u00e6\u00f0ilega \u00fatbrei\u00f0slu s\u00edna, verulegan sv\u00e6\u00f0isbundinn mun \u00ed sm\u00e1atri\u00f0um. Me\u00f0al nor\u00f0ar b\u00fasettra Cree og Innu er \u00eds\u00fe\u00e1tturinn s\u00e9rlega \u00e1berandi, enda eru vetur \u00fear har\u00f0astir.<\/p><p>Me\u00f0al sunnar b\u00fasettra Anishinabe vi\u00f0 V\u00f6tnin miklu kemur f\u00e9lagslegi \u00fe\u00e1tturinn sk\u00fdrar fram: Wendigo er h\u00e9r minna pers\u00f3nuger\u00f0ur kuldi en pers\u00f3nuger\u00f0 samf\u00e9lagsey\u00f0andi gr\u00e6\u00f0gi. \u00deessi sv\u00e6\u00f0isbundna a\u00f0greining hefur veri\u00f0 l\u00fdst af kanad\u00edska mannfr\u00e6\u00f0ingnum Heather Howard \u00ed <em>Aboriginal Peoples in Canadian Cities<\/em> (2011) sem d\u00e6mi um menningars\u00f6gulega fj\u00f6lbreytni frumbyggjatr\u00faar innan vir\u00f0islega samr\u00e6mdrar hef\u00f0ar.<\/p>\t\t\t\t\t\t\t\t<\/div>\n\t\t\t\t<\/div>\n\t\t\t\t\t<\/div>\n\t\t\t\t<\/div>\n\t\t<div class=\"elementor-element elementor-element-iwgw-wendigo-s1 e-flex e-con-boxed e-con e-parent\" data-id=\"iwgw-wendigo-s1\" data-element_type=\"container\" data-e-type=\"container\">\n\t\t\t\t\t<div class=\"e-con-inner\">\n\t\t\t\t<div class=\"elementor-element elementor-element-iwgw-wendigo-s1h elementor-widget elementor-widget-heading\" data-id=\"iwgw-wendigo-s1h\" data-element_type=\"widget\" data-e-type=\"widget\" data-widget_type=\"heading.default\">\n\t\t\t\t\t<h2 class=\"elementor-heading-title elementor-size-default\">Nafn og or\u00f0sifjar<\/h2>\t\t\t\t<\/div>\n\t\t<div class=\"elementor-element elementor-element-iwgw-wendigo-s1c e-con-full e-flex e-con e-child\" data-id=\"iwgw-wendigo-s1c\" data-element_type=\"container\" data-e-type=\"container\">\n\t\t\t\t<div class=\"elementor-element elementor-element-iwgw-wendigo-s1t elementor-widget elementor-widget-text-editor\" data-id=\"iwgw-wendigo-s1t\" data-element_type=\"widget\" data-e-type=\"widget\" data-widget_type=\"text-editor.default\">\n\t\t\t\t\t\t\t\t\t<p>Algonkin-nafni\u00f0 er breytilegt eftir tungum\u00e1li. \u00c1 ojibwa heitir veran <em>Wiindigoo<\/em> e\u00f0a <em>Windigo<\/em>; \u00e1 cree <em>Witiko<\/em> e\u00f0a <em>Wetiko<\/em>; \u00e1 innu <em>Atshen<\/em>; \u00ed fr\u00f6nsk-kanad\u00edskri Voyageur-hef\u00f0 (athyglisver\u00f0 eftirtaka frumbyggjahef\u00f0ar af h\u00e1lfu \u00f3frumbyggja skinnakaupmanna) <em>Wendigo<\/em>. Hin enska sta\u00f0alritun <em>Wendigo<\/em> var\u00f0 almenn fyrst \u00e1 19. \u00f6ld.<\/p><p>Or\u00f0sifjar eru ekki fulllj\u00f3sar. Kanad\u00edski m\u00e1lfr\u00e6\u00f0ingurinn Rand Valentine leggur til a\u00f0 <em>wiindigoo<\/em> s\u00e9 dregi\u00f0 af stofnr\u00f3tinni <em>wiind-<\/em> (illur, ska\u00f0valdur) og veru-vi\u00f0skeytinu <em>-igoo<\/em>, \u00feannig a\u00f0 Wiindigoo \u00fe\u00fd\u00f0i b\u00f3kstaflega <em>hinn illi<\/em>. \u00d6nnur or\u00f0sifjask\u00fdring tengir stofnr\u00f3tina vi\u00f0 merkinguna <em>a\u00f0 neyta<\/em>, sem g\u00e6fi <em>hinn neytandi<\/em>.<\/p><p>Athyglisver\u00f0 er m\u00e1lfr\u00e6\u00f0ileg virkni or\u00f0sins <em>wiindigoo<\/em>: \u00cd ojibwa-m\u00e1li er \u00fea\u00f0 nota\u00f0 ekki a\u00f0eins sem nafnor\u00f0 (veran Wendigo), heldur einnig sem sagnor\u00f0 (<em>wiindigowin<\/em>, a\u00f0 breytast \u00ed Wendigo) og sem l\u00fdsingaror\u00f0 (wiindigo-l\u00edkt h\u00e1tterni). \u00deessi sveigjanlega m\u00e1lfr\u00e6\u00f0ilega notkun s\u00fdnir hversu mi\u00f0l\u00e6gt hugtaki\u00f0 er \u00ed hugarheimi Algonkin-\u00fej\u00f3\u00f0anna.<\/p>\t\t\t\t\t\t\t\t<\/div>\n\t\t\t\t<\/div>\n\t\t\t\t\t<\/div>\n\t\t\t\t<\/div>\n\t\t<div class=\"elementor-element elementor-element-iwgw-wendigo-s2 e-flex e-con-boxed e-con e-parent\" data-id=\"iwgw-wendigo-s2\" data-element_type=\"container\" data-e-type=\"container\">\n\t\t\t\t\t<div class=\"e-con-inner\">\n\t\t\t\t<div class=\"elementor-element elementor-element-iwgw-wendigo-s2h elementor-widget elementor-widget-heading\" data-id=\"iwgw-wendigo-s2h\" data-element_type=\"widget\" data-e-type=\"widget\" data-widget_type=\"heading.default\">\n\t\t\t\t\t<h2 class=\"elementor-heading-title elementor-size-default\">L\u00fdsing og myndm\u00e1l<\/h2>\t\t\t\t<\/div>\n\t\t<div class=\"elementor-element elementor-element-iwgw-wendigo-s2c e-con-full e-flex e-con e-child\" data-id=\"iwgw-wendigo-s2c\" data-element_type=\"container\" data-e-type=\"container\">\n\t\t\t\t<div class=\"elementor-element elementor-element-iwgw-wendigo-s2t elementor-widget elementor-widget-text-editor\" data-id=\"iwgw-wendigo-s2t\" data-element_type=\"widget\" data-e-type=\"widget\" data-widget_type=\"text-editor.default\">\n\t\t\t\t\t\t\t\t\t<p>\u00cd hef\u00f0bundnum Algonkin-s\u00f6gum er Wendigo l\u00fdst sem h\u00e1vaxinni, magurri, t\u00e6r\u00f0ri veru. L\u00edkami hennar er magur og h\u00fa\u00f0in liggur \u00fe\u00e9tt \u00e1 beinum; munnurinn er fullur af l\u00f6ngum, hv\u00f6ssum t\u00f6nnum, andardr\u00e1tturinn \u00edskaldur og f\u00falur af rotnun.<\/p><p>Sums sta\u00f0ar er h\u00fan s\u00fdnd sem st\u00f3rvaxin \u00fatg\u00e1fa af mannsl\u00edkamanum, margir metrar \u00e1 h\u00e6\u00f0, en annars sta\u00f0ar sem afmyndu\u00f0, of\u00feornu\u00f0 vera me\u00f0 \u00edskl\u00e6dda h\u00fa\u00f0.<\/p><p>Einkennandi er \u00edstengingin: Wendigo er oft l\u00fdst sem <em>ger\u00f0 \u00far \u00eds<\/em> e\u00f0a <em>gagntekin af \u00eds<\/em>. Andardr\u00e1ttur hennar \u00e1 a\u00f0 framlei\u00f0a frostm\u00f3\u00f0u; \u00fear sem h\u00fan fer, fr\u00fds lofti\u00f0. \u00deessi \u00eds\u00fe\u00e1ttur tengir hana vi\u00f0 har\u00f0a kanad\u00edska vetrarhef\u00f0 og gerir hana a\u00f0 pers\u00f3nuger\u00f0ri skynjun vetrarh\u00e6ttunnar.<\/p><p>\u00cd n\u00fat\u00edma vins\u00e6lri myndhef\u00f0, s\u00e9rstaklega vegna \u00fatbrei\u00f0slu Wendigo-stefsins \u00ed hryllingsmyndum og fantas\u00edub\u00f3kmenntum fr\u00e1 1980 og s\u00ed\u00f0ar, hefur skapast s\u00e9rst\u00f6k myndhef\u00f0 sem kl\u00e6\u00f0ir Wendigo hjartarhornum, d\u00fdrshaus og yfirn\u00e1tt\u00farulegum hlutf\u00f6llum. \u00deessi myndhef\u00f0 er \u00fe\u00f3 engin Algonkin-hef\u00f0, heldur samt\u00edmaleg d\u00e6gurmenningarleg eftirtaka sem er oft gagnr\u00fdnd \u00ed umr\u00e6\u00f0u frumbyggja.<\/p>\t\t\t\t\t\t\t\t<\/div>\n\t\t\t\t<\/div>\n\t\t\t\t\t<\/div>\n\t\t\t\t<\/div>\n\t\t<div class=\"elementor-element elementor-element-iwgw-wendigo-s3 e-flex e-con-boxed e-con e-parent\" data-id=\"iwgw-wendigo-s3\" data-element_type=\"container\" data-e-type=\"container\">\n\t\t\t\t\t<div class=\"e-con-inner\">\n\t\t\t\t<div class=\"elementor-element elementor-element-iwgw-wendigo-s3h elementor-widget elementor-widget-heading\" data-id=\"iwgw-wendigo-s3h\" data-element_type=\"widget\" data-e-type=\"widget\" data-widget_type=\"heading.default\">\n\t\t\t\t\t<h2 class=\"elementor-heading-title elementor-size-default\">Go\u00f0sagnakenndar fr\u00e1sagnir<\/h2>\t\t\t\t<\/div>\n\t\t<div class=\"elementor-element elementor-element-iwgw-wendigo-s3c e-con-full e-flex e-con e-child\" data-id=\"iwgw-wendigo-s3c\" data-element_type=\"container\" data-e-type=\"container\">\n\t\t\t\t<div class=\"elementor-element elementor-element-iwgw-wendigo-s3t elementor-widget elementor-widget-text-editor\" data-id=\"iwgw-wendigo-s3t\" data-element_type=\"widget\" data-e-type=\"widget\" data-widget_type=\"text-editor.default\">\n\t\t\t\t\t\t\t\t\t<p>Go\u00f0sagnakennd <span class=\"iwg-fachbegriff\" data-tooltip=\"Mi\u00f0lun \u00feekkingar og fr\u00e1sagna milli kynsl\u00f3\u00f0a.\" tabindex=\"0\">arfleif\u00f0<\/span> um Wendigo er umfangsmikil og var\u00f0veitt \u00ed fj\u00f6lm\u00f6rgum \u00fatg\u00e1fum. Einn meginflokkur fr\u00e1sagna l\u00fdsir \u00fev\u00ed hvernig manneskja ver\u00f0ur a\u00f0 Wendigo me\u00f0 \u00fev\u00ed a\u00f0 neyta mannaketa.<\/p><p>Samkv\u00e6mt tr\u00fa Algonkin-\u00fej\u00f3\u00f0anna er \u00feetta ferli \u00f3afturkr\u00e6ft: S\u00e1 sem eitt sinn hefur bor\u00f0a\u00f0 mannakj\u00f6t (til d\u00e6mis \u00ed \u00f6fgafullri ney\u00f0 nor\u00f0urkanad\u00edsks vetrar) \u00fer\u00f3ar me\u00f0 s\u00e9r \u00f3se\u00f0jandi hungur eftir meiru og ver\u00f0ur a\u00f0 manneskju\u00e6tandi anda.<\/p><p>Annar flokkur fr\u00e1sagna l\u00fdsir hinum svokalla\u00f0a <em>Wendigo-draumi<\/em>: Ungur ma\u00f0ur e\u00f0a ung kona dreymir endurteki\u00f0 a\u00f0 hann\/h\u00fan ver\u00f0i a\u00f0 Wendigo. \u00deetta draumafyrirb\u00e6ri er tali\u00f0 vera alvarleg andleg kr\u00edsa sem krefst helgisi\u00f0abundinnar \u00edhlutunar.<\/p><p>Takist ekki a\u00f0 vinna \u00e1 draumunum getur draumama\u00f0urinn \u00ed raun runni\u00f0 yfir \u00ed a\u00f0 vera Wendigo, ge\u00f0r\u00e6nt \u00e1stand sem \u00ed \u00fej\u00f3\u00f0s\u00e1lfr\u00e6\u00f0ilegum fr\u00e6\u00f0um hefur veri\u00f0 l\u00fdst sem <em>Wendigo-ge\u00f0rofi<\/em> e\u00f0a <em>Wiindigoo Syndrome<\/em>.<\/p><p>\u00deri\u00f0ji flokkur fr\u00e1sagna fjallar um Wendigo-fundi \u00ed \u00f3bygg\u00f0um. Ungir vei\u00f0imenn sem vei\u00f0a of langt fr\u00e1 a\u00f0alh\u00f3pnum geta hitt Wendigo, oftast eftir a\u00f0 dimmt er or\u00f0i\u00f0, ekki s\u00edst \u00e1 snj\u00f3\u00feungum vetrarm\u00e1nu\u00f0um.<\/p><p>Fundurinn er \u00ed flestum tilvikum banv\u00e6nn; a\u00f0eins f\u00e1ir segja fr\u00e1 sl\u00edku yfirh\u00f6fu\u00f0, og \u00ed \u00feeim tilvikum \u00fearf vi\u00f0komandi tafarlaust a\u00f0 gangast undir umfangsmikla hreinsunar-<span class=\"iwg-fachbegriff\" data-tooltip=\"H\u00e1t\u00ed\u00f0leg ath\u00f6fn sem fer fram eftir f\u00f6stum reglum.\" tabindex=\"0\">ath\u00f6fn<\/span> til a\u00f0 for\u00f0ast a\u00f0 ver\u00f0a sj\u00e1lfur a\u00f0 Wendigo.<\/p><p>Fj\u00f3r\u00f0i mikilv\u00e6gi flokkur fr\u00e1sagna fjallar um <em>Wendigo-fj\u00f6lskylduna<\/em>: \u00cd sumum \u00fatg\u00e1fum kemur Wendigo fram \u00ed Wendigo-fj\u00f6lskyldu, me\u00f0 Wendigo-eiginkonu, Wendigo-b\u00f6rnum og Wendigo-st\u00f3rfj\u00f6lskyldu.<\/p><p>\u00deessi f\u00e9lagslega mynd Wendigo s\u00fdnir a\u00f0 ekki er um a\u00f0 r\u00e6\u00f0a einangra\u00f0a skelfingarveru, heldur eigin samf\u00e9lagslegan andheim sem \u00e1 a\u00f0 lifa hli\u00f0st\u00e6\u00f0u, sj\u00e1lfst\u00e6\u00f0u l\u00edfi \u00ed afskekktum \u00f3bygg\u00f0um Nor\u00f0ur-Kanada og St\u00f3ravatnasv\u00e6\u00f0isins.<\/p><p>\u00deessi f\u00e9lagslegi heimur Wendigo birtist \u00ed fr\u00e1s\u00f6gnunum sem gr\u00f3tesk spegilmynd mannlegs samf\u00e9lags, me\u00f0 svipa\u00f0ri ger\u00f0 en gegns\u00fdr\u00f0ur af mann\u00e1ti og spillingu.<\/p>\t\t\t\t\t\t\t\t<\/div>\n\t\t\t\t<\/div>\n\t\t\t\t\t<\/div>\n\t\t\t\t<\/div>\n\t\t<div class=\"elementor-element elementor-element-iwgw-wendigo-s4 e-flex e-con-boxed e-con e-parent\" data-id=\"iwgw-wendigo-s4\" data-element_type=\"container\" data-e-type=\"container\">\n\t\t\t\t\t<div class=\"e-con-inner\">\n\t\t\t\t<div class=\"elementor-element elementor-element-iwgw-wendigo-s4h elementor-widget elementor-widget-heading\" data-id=\"iwgw-wendigo-s4h\" data-element_type=\"widget\" data-e-type=\"widget\" data-widget_type=\"heading.default\">\n\t\t\t\t\t<h2 class=\"elementor-heading-title elementor-size-default\">Wendigo-ge\u00f0rof og \u00fej\u00f3\u00f0s\u00e1lfr\u00e6\u00f0ileg umr\u00e6\u00f0a<\/h2>\t\t\t\t<\/div>\n\t\t<div class=\"elementor-element elementor-element-iwgw-wendigo-s4c e-con-full e-flex e-con e-child\" data-id=\"iwgw-wendigo-s4c\" data-element_type=\"container\" data-e-type=\"container\">\n\t\t\t\t<div class=\"elementor-element elementor-element-iwgw-wendigo-s4t elementor-widget elementor-widget-text-editor\" data-id=\"iwgw-wendigo-s4t\" data-element_type=\"widget\" data-e-type=\"widget\" data-widget_type=\"text-editor.default\">\n\t\t\t\t\t\t\t\t\t<p>\u00cd \u00fej\u00f3\u00f0s\u00e1lfr\u00e6\u00f0ilegum fr\u00e6\u00f0um er svokalla\u00f0ur <em>Wendigo-ge\u00f0rofi<\/em> e\u00f0a <em>Wiindigoo Syndrome<\/em> miki\u00f0 r\u00e6dd hugmynd. H\u00fan l\u00fdsir kl\u00edn\u00edsku \u00e1standi \u00fear sem manneskja telur sig vera a\u00f0 breytast \u00ed Wendigo, me\u00f0 \u00f3se\u00f0jandi hungur eftir mannakj\u00f6ti, me\u00f0 sp\u00e1d\u00f3mum um s\u00ednar eigin framt\u00ed\u00f0ar-mann\u00e1tsathafnir, og \u00ed nokkrum tilvikum me\u00f0 raunverulegri mann\u00e1tsheg\u00f0un.<\/p><p><span data-nosnippet>Ge\u00f0l\u00e6knisfr\u00e6\u00f0ileg sta\u00f0a Wendigo-ge\u00f0rofsins er umdeild. Eldri \u00fej\u00f3\u00f0s\u00e1lfr\u00e6\u00f0ileg fr\u00e6\u00f0i (Morton Teicher, <em>Windigo Psychosis<\/em>, 1960) hafa flokka\u00f0 sj\u00fakd\u00f3msgreininguna sem menningars\u00e9rt\u00e6kt ge\u00f0heilkenni.<\/span><\/p><p><span data-nosnippet>N\u00fdrri gagnr\u00fdnar ranns\u00f3knir, s\u00e9rstaklega verk Lou Marano (<em>Windigo Psychosis: The Anatomy of an Emic-Etic Confusion<\/em>, 1982), hafa hafna\u00f0 greiningunni sem \u00fej\u00f3\u00f0fr\u00e6\u00f0ilegri sm\u00ed\u00f0 sem hylji hinn raunverulega f\u00e9lagslega og efnahagslega veruleika nor\u00f0urkanad\u00edsks vetrarhungurs.<\/span><\/p><p>Tr\u00faarbrag\u00f0afr\u00e6\u00f0ileg s\u00fdn er s\u00fa a\u00f0 Wendigo-arfleif\u00f0in s\u00e9 fyrst og fremst menningarleg \u00farvinnsla \u00e1 tilvistarlegri ney\u00f0 nor\u00f0urkanad\u00edsks vetrar.<\/p><p>\u00cd \u00f6fgafullum a\u00f0st\u00e6\u00f0um, \u00fear sem einangra\u00f0ar vei\u00f0imannafj\u00f6lskyldur ur\u00f0u a\u00f0 lifa af vikum e\u00f0a m\u00e1nu\u00f0um saman \u00e1n n\u00fdrra vista, var mann\u00e1t raunveruleg h\u00e6tta, sem var ekki a\u00f0eins skilin sem l\u00edkamlegt heldur einnig tr\u00faarlegt og andlegt vandam\u00e1l. Wendigo er pers\u00f3nugerving \u00feessarar h\u00e6ttu og \u00e1 sama t\u00edma helgisi\u00f0abundin \u00farvinnslulei\u00f0 til a\u00f0 verjast henni.<\/p>\t\t\t\t\t\t\t\t<\/div>\n\t\t\t\t<\/div>\n\t\t\t\t\t<\/div>\n\t\t\t\t<\/div>\n\t\t<div class=\"elementor-element elementor-element-iwgw-wendigo-s5 e-flex e-con-boxed e-con e-parent\" data-id=\"iwgw-wendigo-s5\" data-element_type=\"container\" data-e-type=\"container\">\n\t\t\t\t\t<div class=\"e-con-inner\">\n\t\t\t\t<div class=\"elementor-element elementor-element-iwgw-wendigo-s5h elementor-widget elementor-widget-heading\" data-id=\"iwgw-wendigo-s5h\" data-element_type=\"widget\" data-e-type=\"widget\" data-widget_type=\"heading.default\">\n\t\t\t\t\t<h2 class=\"elementor-heading-title elementor-size-default\">Verndarhef\u00f0ir og fr\u00e1hrindandi verkun<\/h2>\t\t\t\t<\/div>\n\t\t<div class=\"elementor-element elementor-element-iwgw-wendigo-s5c e-con-full e-flex e-con e-child\" data-id=\"iwgw-wendigo-s5c\" data-element_type=\"container\" data-e-type=\"container\">\n\t\t\t\t<div class=\"elementor-element elementor-element-iwgw-wendigo-s5t elementor-widget elementor-widget-text-editor\" data-id=\"iwgw-wendigo-s5t\" data-element_type=\"widget\" data-e-type=\"widget\" data-widget_type=\"text-editor.default\">\n\t\t\t\t\t\t\t\t\t<p>Verndarathafnir gegn Wendigo eru mikilv\u00e6gur hluti af tr\u00faarbr\u00f6g\u00f0um Algonkin-\u00fej\u00f3\u00f0anna. \u00de\u00e6r sn\u00faast um fj\u00f6gur svi\u00f0: a\u00f0 for\u00f0ast mann\u00e1t (einnig \u00ed \u00f6fgafullri ney\u00f0), hreinsun eftir m\u00f6gulega Wendigo-mengun, a\u00f0 greina Wendigo-einkenni hj\u00e1 s\u00e9r e\u00f0a \u00f6\u00f0rum, og helgisi\u00f0abundna afl\u00edfun sta\u00f0fests Wendigo.<\/p><p>\u00c1\u00fereifanlegar verndara\u00f0ger\u00f0ir felast me\u00f0al annars \u00ed a\u00f0 brenna t\u00f3bak \u00ed fj\u00f3rar h\u00f6fu\u00f0\u00e1ttir fyrir hverja lengri \u00f3bygg\u00f0afer\u00f0, a\u00f0 dreifa buffala-<span class=\"iwg-fachbegriff\" data-tooltip=\"Munnm\u00e6lasaga sem oft hefur s\u00f6gulegan kjarna og yfirn\u00e1tt\u00farulega dr\u00e6tti.\" tabindex=\"0\">s\u00f6gu<\/span> og s\u00e6tgrasi um b\u00fa\u00f0asv\u00e6\u00f0i\u00f0, a\u00f0 drekka fitu me\u00f0 helgisi\u00f0abundnum h\u00e6tti til a\u00f0 styrkja innri hl\u00fdju (\u00e1\u00fereifanleg ath\u00f6fn gegn mann\u00e1ti), og a\u00f0 bera l\u00edtil verndargripi \u00far beini e\u00f0a steini sem veitt hafa veri\u00f0 \u00ed s\u00fdn.<\/p><p>S\u00e9rstaklega \u00e1hrifamikil verndarath\u00f6fn er helgisi\u00f0abundin afl\u00edfun sta\u00f0fests Wendigo. \u00deegar manneskja haf\u00f0i endanlega breyst \u00ed Wendigo, sem yfirleitt var greint af heg\u00f0un hennar, sp\u00e1d\u00f3mum e\u00f0a mann\u00e1tsath\u00f6fnum, \u00feurfti samkv\u00e6mt hef\u00f0 Algonkin-\u00fej\u00f3\u00f0anna a\u00f0 <span class=\"iwg-fachbegriff\" data-tooltip=\"Sem tilheyrir fastm\u00f3tu\u00f0u tr\u00faarlegu athafnaferli.\" tabindex=\"0\">afl\u00edfa<\/span> hana me\u00f0 helgisi\u00f0abundnum h\u00e6tti.<\/p><p>\u00deessi afl\u00edfun var \u00e1kve\u00f0in og framkv\u00e6md \u00ed sameiningu af samf\u00e9laginu; l\u00edki\u00f0 \u00feurfti s\u00ed\u00f0an a\u00f0 brenna og hjarta\u00f0 \u00feurfti a\u00f0 gegnumstinga me\u00f0 j\u00e1rni e\u00f0a steini til a\u00f0 hindra endurkomu. \u00deessi ath\u00f6fn hefur veri\u00f0 skjalfest \u00ed nokkrum s\u00f6gulegum tilvikum hj\u00e1 kanad\u00edskum yfirv\u00f6ldum, sem hefur leitt til fl\u00f3kinna n\u00fdlendulagalegra deilum\u00e1la.<\/p><p>Innan Anishinabe-Mide-tr\u00faarbrag\u00f0anna (Midewiwin, hi\u00f0 stofnanabundna heilaga f\u00e9lag Ojibwa-\u00fej\u00f3\u00f0arins) eru til s\u00e9rt\u00e6kar helgisi\u00f0abundnar a\u00f0fer\u00f0ir til a\u00f0 f\u00e1st vi\u00f0 Wendigo-h\u00e6ttuna. <em>Mide<\/em>-l\u00e6kningama\u00f0urinn, h\u00e1tt innv\u00edg\u00f0ur a\u00f0ili \u00ed Mide-f\u00e9laginu, hefur yfir a\u00f0 r\u00e1\u00f0a l\u00e6kningaa\u00f0fer\u00f0um gegn fyrstu einkennum Wendigo-breytingar.<\/p><p>Me\u00f0al \u00feeirra eru a\u00f0 drekka fitumiki\u00f0 smj\u00f6rl\u00edki, a\u00f0 reykja me\u00f0 greni-vi\u00f0arkvo\u00f0u, a\u00f0 syngja s\u00e9rstaka Mide-s\u00f6ngva vi\u00f0 helgisi\u00f0i, og \u00ed \u00f6fgafullum tilvikum a\u00f0 reka Wendigo-andann \u00e1 brott me\u00f0 sameiginlegri bumbuath\u00f6fn. Ruth Landes hefur l\u00fdst \u00feessari Mide-Wendigo-l\u00e6kningaath\u00f6fn me\u00f0 kerfisbundnum h\u00e6tti \u00ed \u00fej\u00f3\u00f0fr\u00e6\u00f0ilegum verkum s\u00ednum.<\/p>\t\t\t\t\t\t\t\t<\/div>\n\t\t\t\t<\/div>\n\t\t\t\t\t<\/div>\n\t\t\t\t<\/div>\n\t\t<div class=\"elementor-element elementor-element-iwgw-wendigo-s6 e-flex e-con-boxed e-con e-parent\" data-id=\"iwgw-wendigo-s6\" data-element_type=\"container\" data-e-type=\"container\">\n\t\t\t\t\t<div class=\"e-con-inner\">\n\t\t\t\t<div class=\"elementor-element elementor-element-iwgw-wendigo-s6h elementor-widget elementor-widget-heading\" data-id=\"iwgw-wendigo-s6h\" data-element_type=\"widget\" data-e-type=\"widget\" data-widget_type=\"heading.default\">\n\t\t\t\t\t<h2 class=\"elementor-heading-title elementor-size-default\">Hli\u00f0st\u00e6\u00f0ur \u00ed \u00f6\u00f0rum menningarheimum<\/h2>\t\t\t\t<\/div>\n\t\t<div class=\"elementor-element elementor-element-iwgw-wendigo-s6c e-con-full e-flex e-con e-child\" data-id=\"iwgw-wendigo-s6c\" data-element_type=\"container\" data-e-type=\"container\">\n\t\t\t\t<div class=\"elementor-element elementor-element-iwgw-wendigo-s6t elementor-widget elementor-widget-text-editor\" data-id=\"iwgw-wendigo-s6t\" data-element_type=\"widget\" data-e-type=\"widget\" data-widget_type=\"text-editor.default\">\n\t\t\t\t\t\t\t\t\t<p>Wendigo hefur \u00edtreka\u00f0 veri\u00f0 borinn saman vi\u00f0 a\u00f0rar hugmyndir um mannd\u00fdrsanda innan samanbur\u00f0ar-<span class=\"iwg-fachbegriff\" data-tooltip=\"V\u00edsindagrein sem rannsakar tr\u00faarbr\u00f6g\u00f0 \u00e1 samanbur\u00f0arfr\u00e6\u00f0ilegan h\u00e1tt \u00e1n tr\u00faarlegrar skuldbindingar.\" tabindex=\"0\">tr\u00faarbrag\u00f0afr\u00e6\u00f0i<\/span>. Byggingarlega samb\u00e6rileg eru: su\u00f0austur-evr\u00f3pski vamp\u00edrinn (s\u00e9rstaklega \u00ed serbnesku <em>Vrykolakas<\/em>-hef\u00f0inni), vestur-afr\u00edski Were-Hyaena, mex\u00edk\u00f3ski Tlazolteotl \u00ed kannibal\u00edskum myndum s\u00ednum, japanski Onibaba og p\u00f3l\u00fdnes\u00edski Atua-Kasai.<\/p><p>Innan Nor\u00f0ur-Amer\u00edku er Wendigo-hef\u00f0in n\u00e1skyld <em>Skadegamutc<\/em> Wabanaki-f\u00f3lksins og mannd\u00fdrs\u00f6ndum \u00fej\u00f3\u00f0a nor\u00f0vesturstrandarins (svo sem <em>Hamatsa<\/em>-mannd\u00fdrsdansi Kwakwaka&#8217;wakw-f\u00f3lksins). S\u00e1 s\u00ed\u00f0astnefndi er s\u00e9rstaklega \u00e1hugaver\u00f0ur fyrir tr\u00faarbrag\u00f0a\u00fej\u00f3\u00f0fr\u00e6\u00f0i, \u00fev\u00ed hann breytir Wendigo-l\u00edkri hef\u00f0 \u00ed helgisi\u00f0abundna mynd sem <span class=\"iwg-fachbegriff\" data-tooltip=\"Tr\u00faarleg umbreyting \u00fear sem einhver er tekinn inn \u00ed n\u00fdja st\u00f6\u00f0u e\u00f0a samf\u00e9lag.\" tabindex=\"0\">v\u00edgslu<\/span>&#8211;<span class=\"iwg-fachbegriff\" data-tooltip=\"Skipul\u00f6g\u00f0 r\u00f6\u00f0 t\u00e1kngj\u00f6r\u00f0ra athafna me\u00f0 tr\u00faarlega e\u00f0a menningarlega merkingu.\" tabindex=\"0\">helgisi\u00f0<\/span> fyrir unglinga.<\/p><p>S\u00e1lgreiningarumr\u00e6\u00f0an fr\u00e1 t\u00edmum Jungs hefur t\u00falka\u00f0 Wendigo sem t\u00e1knmynd fyrir hi\u00f0 \u00f3me\u00f0vita\u00f0a skuggasj\u00e1lf. Bandar\u00edski ge\u00f0l\u00e6knirinn John Mack l\u00fdsti Wendigo sem menningarbundinni birtingarmynd <em>munnlegrar \u00e1r\u00e1sargirni<\/em>. \u00deessar s\u00e1lgreiningarlegu t\u00falkanir eru fr\u00e6\u00f0ilega umdeildar, \u00fev\u00ed \u00fe\u00e6r f\u00f3rna s\u00e9rst\u00f6\u00f0u Algonkin-hef\u00f0arinnar \u00ed menningars\u00f6gulegu samhengi fyrir alhli\u00f0a dj\u00faps\u00e1larfr\u00e6\u00f0i.<\/p><p>\u00c1hugaver\u00f0 hli\u00f0st\u00e6\u00f0a birtist \u00ed nor\u00f0ur-evr\u00f3psku <em>Trold<\/em>&#8211; og <em>Draugr<\/em>-hef\u00f0inni, \u00fear sem ey\u00f0ingarkraftur vetrarins og hinna \u00f3grafnu dau\u00f0u er sameina\u00f0ur \u00ed einni og s\u00f6mu verunni.<\/p><p>\u00deessi samleitni milli fjarl\u00e6gra undirheimskautamenninga er \u00e1hugaver\u00f0 fyrir tr\u00faarbrag\u00f0a\u00fej\u00f3\u00f0fr\u00e6\u00f0i og gefur til kynna a\u00f0 hin tilvistarlega reynsla af l\u00f6ngum, dimmum og hungru\u00f0um vetri st\u00fdri tr\u00faarlegu hugarflugi \u00ed \u00e1kve\u00f0na \u00e1tt. Hins vegar er s\u00f6guleg tengsl \u00e1 milli Algonkin-Wendigo-hef\u00f0anna og norr\u00e6nu Draugr-hef\u00f0anna \u00fatiloku\u00f0; um er a\u00f0 r\u00e6\u00f0a samleitna \u00fer\u00f3un undir svipu\u00f0um vistfr\u00e6\u00f0ilegum skilyr\u00f0um.<\/p>\t\t\t\t\t\t\t\t<\/div>\n\t\t\t\t<\/div>\n\t\t\t\t\t<\/div>\n\t\t\t\t<\/div>\n\t\t<div class=\"elementor-element elementor-element-iwgw-wendigo-s7 e-flex e-con-boxed e-con e-parent\" data-id=\"iwgw-wendigo-s7\" data-element_type=\"container\" data-e-type=\"container\">\n\t\t\t\t\t<div class=\"e-con-inner\">\n\t\t\t\t<div class=\"elementor-element elementor-element-iwgw-wendigo-s7h elementor-widget elementor-widget-heading\" data-id=\"iwgw-wendigo-s7h\" data-element_type=\"widget\" data-e-type=\"widget\" data-widget_type=\"heading.default\">\n\t\t\t\t\t<h2 class=\"elementor-heading-title elementor-size-default\">N\u00fat\u00edmavi\u00f0t\u00f6kur og ranns\u00f3knir<\/h2>\t\t\t\t<\/div>\n\t\t<div class=\"elementor-element elementor-element-iwgw-wendigo-s7c e-con-full e-flex e-con e-child\" data-id=\"iwgw-wendigo-s7c\" data-element_type=\"container\" data-e-type=\"container\">\n\t\t\t\t<div class=\"elementor-element elementor-element-iwgw-wendigo-s7t elementor-widget elementor-widget-text-editor\" data-id=\"iwgw-wendigo-s7t\" data-element_type=\"widget\" data-e-type=\"widget\" data-widget_type=\"text-editor.default\">\n\t\t\t\t\t\t\t\t\t<p>Wendigo er \u00ed dag ein af \u00feekktustu tr\u00faarlegu frumbyggjapers\u00f3num vestr\u00e6nnar d\u00e6gurmenningar. Sk\u00e1ldsaga Stephens King <em>Pet Sematary<\/em> (1983), kvikmyndin <em>Wendigo<\/em> (2001) eftir Larry Fessenden og fj\u00f6ldi annarra sk\u00e1ldsagna, kvikmynda og myndasagna hafa gert Wendigo-<span class=\"iwg-fachbegriff\" data-tooltip=\"Endurteki\u00f0 innihaldslegt atri\u00f0i \u00ed list e\u00f0a fr\u00e1s\u00f6gn.\" tabindex=\"0\">stefi\u00f0<\/span> v\u00ed\u00f0fr\u00e6gt. \u00deessi d\u00e6gurmenningarlega \u00fatbrei\u00f0sla hefur \u00fe\u00f3 oft afmynda\u00f0 hina s\u00e9rst\u00f6ku Algonkin-tr\u00faarlegu hef\u00f0 og einfalda\u00f0 hana \u00ed lauslega hryllingspers\u00f3nu.<\/p><p>\u00cd fr\u00e6\u00f0ilegri umr\u00e6\u00f0u frumbyggja hefur Anishinabe-gu\u00f0fr\u00e6\u00f0ingurinn Basil Johnston (<em>The Manitous<\/em>, 1995) vari\u00f0 hina upprunalegu Wendigo-hef\u00f0 gegn \u00feessari d\u00e6gurmenningarlegu eignarn\u00e1mi. Johnston t\u00falkar Wendigo sem menningargagnr\u00fdna t\u00e1knmynd: hann stendur fyrir samf\u00e9lagsey\u00f0andi kraft \u00e1girndar, \u00f3se\u00f0jandi neyslu og eigingirni. Fr\u00e1 \u00feessu sj\u00f3narhorni er n\u00fat\u00edma kap\u00edtal\u00edskt hagkerfi form samf\u00e9lagslegrar Wendigo-\u00e1r\u00e1ttu.<\/p><p>Fr\u00e1 v\u00edsindalegu sj\u00f3narmi\u00f0i er Wendigo mikilv\u00e6g \u00e1minning um a\u00f0 frumbyggjaska\u00f0averur ver\u00f0i ekki einfaldlega felldar inn \u00ed evr\u00f3pskar <span class=\"iwg-fachbegriff\" data-tooltip=\"Andlegt vera sem eignu\u00f0 er ska\u00f0leg e\u00f0a tv\u00edr\u00e6\u00f0 \u00e1hrif.\" tabindex=\"0\">dj\u00f6fla<\/span>-flokkanir. S\u00e9rst\u00f6k samtvinnun mannd\u00fdrs\u00e1ts, kulda, ge\u00f0veiki og f\u00e9lagslegrar kreppu \u00ed Wendigo-hugtakinu er sannk\u00f6llu\u00f0 Algonkin-<span class=\"iwg-fachbegriff\" data-tooltip=\"V\u00edsindaleg fr\u00e6\u00f0i um gu\u00f0 og tr\u00fa innan tr\u00faarbrag\u00f0a.\" tabindex=\"0\">gu\u00f0fr\u00e6\u00f0i<\/span>-sm\u00ed\u00f0 sem \u00e1 fyllilega skili\u00f0 s\u00e9rstaka athygli \u00ed samanbur\u00f0ar-tr\u00faarbrag\u00f0as\u00f6gu.<\/p><p>Tengsl iWell Guard vi\u00f0 Wendigo-hef\u00f0ina l\u00fdsa \u00feessum ni\u00f0urst\u00f6\u00f0um \u00e1 tr\u00faars\u00f6gulegan h\u00e1tt, \u00e1n lofor\u00f0a um \u00e1hrif e\u00f0a andlegra r\u00e1\u00f0legginga. \u00cd samhengi hins pan-frumbyggjalega uppflettirits telst Wendigo til <a href=\"https:\/\/iwell-guard.com\/is\/?page_id=168910\">frumbyggja Nor\u00f0ur-Amer\u00edku<\/a>-verna af mestu s\u00f6guminni \u00fe\u00fd\u00f0ingu.<\/p><p>Mikilv\u00e6g n\u00fdrri ranns\u00f3knarl\u00edna tengir Wendigo vi\u00f0 umhverfislega umr\u00e6\u00f0u. Samt\u00edmarith\u00f6fundurinn Anishinabe Louise Erdrich hefur \u00ed sk\u00e1lds\u00f6gu sinni <em>The Sentence<\/em> (2021) og frumbyggjaakt\u00edvistinn Winona LaDuke \u00ed <em>The Winona LaDuke Reader<\/em> (2002) t\u00falka\u00f0 Wendigo sem <span class=\"iwg-fachbegriff\" data-tooltip=\"T\u00e1kn sem stendur fyrir hugmynd e\u00f0a merkingu.\" tabindex=\"0\">t\u00e1kn<\/span> fyrir i\u00f0na\u00f0arlega au\u00f0lindan\u00fdtingu.<\/p><p>\u00deessi t\u00falkun tengir hina hef\u00f0bundnu Wendigo-hef\u00f0 vi\u00f0 n\u00fat\u00edma umr\u00e6\u00f0u frumbyggja um loftslagsm\u00e1l og gerir mannd\u00fdrsandann a\u00f0 vi\u00f0v\u00f6runarmynd gegn ey\u00f0andi hagkerfi jar\u00f0efnaeldsneytisaldar. Wendigo breytist \u00feannig \u00far hreinr\u00e6kta\u00f0ri neikv\u00e6\u00f0ri ska\u00f0averu \u00ed gagnr\u00fdna huglei\u00f0ingamynd um ey\u00f0andi tilhneigingar mannlegra samf\u00e9laga.<\/p>\t\t\t\t\t\t\t\t<\/div>\n\t\t\t\t<\/div>\n\t\t\t\t\t<\/div>\n\t\t\t\t<\/div>\n\t\t<div class=\"elementor-element elementor-element-iwgw-wendigo-s8 e-flex e-con-boxed e-con e-parent\" data-id=\"iwgw-wendigo-s8\" data-element_type=\"container\" data-e-type=\"container\">\n\t\t\t\t\t<div class=\"e-con-inner\">\n\t\t\t\t<div class=\"elementor-element elementor-element-iwgw-wendigo-s8h elementor-widget elementor-widget-heading\" data-id=\"iwgw-wendigo-s8h\" data-element_type=\"widget\" data-e-type=\"widget\" data-widget_type=\"heading.default\">\n\t\t\t\t\t<h2 class=\"elementor-heading-title elementor-size-default\">Heimildir og b\u00f3kmenntir<\/h2>\t\t\t\t<\/div>\n\t\t<div class=\"elementor-element elementor-element-iwgw-wendigo-s8c e-con-full e-flex e-con e-child\" data-id=\"iwgw-wendigo-s8c\" data-element_type=\"container\" data-e-type=\"container\">\n\t\t\t\t<div class=\"elementor-element elementor-element-iwgw-wendigo-s8t elementor-widget elementor-widget-text-editor\" data-id=\"iwgw-wendigo-s8t\" data-element_type=\"widget\" data-e-type=\"widget\" data-widget_type=\"text-editor.default\">\n\t\t\t\t\t\t\t\t\t<p>Eftirfarandi \u00farval telur upp lykilverk um Algonkin-tr\u00faarbr\u00f6g\u00f0 og \u00fej\u00f3\u00f0ar-s\u00e1lfr\u00e6\u00f0ilegar ranns\u00f3knir \u00e1 Wendigo-hef\u00f0inni.<\/p>\t\t\t\t\t\t\t\t<\/div>\n\t\t\t\t<\/div>\n\t\t\t\t\t<\/div>\n\t\t\t\t<\/div>\n\t\t<div class=\"elementor-element elementor-element-cp23d235ba e-flex e-con-boxed e-con e-parent\" data-id=\"cp23d235ba\" data-element_type=\"container\" data-e-type=\"container\">\n\t\t\t\t\t<div class=\"e-con-inner\">\n\t\t\t\t<div class=\"elementor-element elementor-element-cp2ba62cba elementor-widget elementor-widget-heading\" data-id=\"cp2ba62cba\" data-element_type=\"widget\" data-e-type=\"widget\" data-widget_type=\"heading.default\">\n\t\t\t\t\t<h2 class=\"elementor-heading-title elementor-size-default\">\u00dej\u00f3\u00f0fr\u00e6\u00f0ileg skj\u00f6lun me\u00f0al Algonkin-h\u00f3panna<\/h2>\t\t\t\t<\/div>\n\t\t<div class=\"elementor-element elementor-element-cp28ccd276 e-flex e-con-boxed e-con e-child\" data-id=\"cp28ccd276\" data-element_type=\"container\" data-e-type=\"container\">\n\t\t\t\t\t<div class=\"e-con-inner\">\n\t\t\t\t<div class=\"elementor-element elementor-element-cp2c891751 elementor-widget elementor-widget-text-editor\" data-id=\"cp2c891751\" data-element_type=\"widget\" data-e-type=\"widget\" data-widget_type=\"text-editor.default\">\n\t\t\t\t\t\t\t\t\t<p>Hugmyndin um Wendigo er \u00fatbreidd me\u00f0al algonkin-m\u00e6landi h\u00f3pa \u00ed nor\u00f0austur sk\u00f3glendinu og undirheimskautssv\u00e6\u00f0inu, \u00fear \u00e1 me\u00f0al Ojibwe, Cree og Innu.<\/p><p>Rith\u00e1ttur er mj\u00f6g \u00e1 reiki, enda kemur hann \u00far mismunandi tungum\u00e1lum og skr\u00e1ningarkerfum; algeng eru me\u00f0al annars <em>wiindigoo<\/em> \u00e1 ojibwe og <em>witiko<\/em> \u00ed n\u00e1l\u00e6gri cree-ritun. \u00deessi fj\u00f6lbreytni s\u00fdnir a\u00f0 um er a\u00f0 r\u00e6\u00f0a ekki eina samr\u00e6mda pers\u00f3nu, heldur fl\u00f3kna samsetningu hugmynda sem eru mismunandi eftir sv\u00e6\u00f0um.<\/p><p>Fyrstu v\u00edsbendingar m\u00e1 finna \u00ed sk\u00fdrslum jes\u00fa\u00edta fr\u00e1 17. \u00f6ld og \u00ed skr\u00e1m skinnkaupmanna. Efni\u00f0 var skr\u00e1\u00f0 me\u00f0 kerfisbundnari h\u00e6tti \u00e1 20. \u00f6ld, me\u00f0al annars af A. Irving Hallowell, sem starfa\u00f0i me\u00f0al Ojibwe vi\u00f0 Berens-River-sv\u00e6\u00f0i\u00f0, og me\u00f0 ranns\u00f3knum \u00e1 Cree og Innu.<\/p><p>\u00cd \u00feessum heimildum kemur Wendigo fram sem vera tengd vetri, hungri og mann\u00e1ti. \u00dea\u00f0 getur veri\u00f0 sj\u00e1lfst\u00e6\u00f0 andavera e\u00f0a manneskja sem breytist \u00ed sl\u00edka veru vi\u00f0 a\u00f0 neyta manneldis.<\/p><p>Fr\u00e6\u00f0imenn leggja \u00e1herslu \u00e1 a\u00f0 Wendigo hafi \u00ed upprunalegu samhengi s\u00ednu ekki veri\u00f0 einf\u00f6ld skr\u00edmslapers\u00f3na. Hann t\u00e1kna\u00f0i raunverulega h\u00e6ttu \u00ed umhverfi \u00fear sem hungurdau\u00f0i \u00e1 vetrum var \u00feekkt \u00f6rl\u00f6g, og jafnframt si\u00f0fer\u00f0ilegt banni.<\/p><p>Mann\u00e1t var tali\u00f0 \u00fdtrasta brot \u00e1 m\u00f6rkum, og Wendigo t\u00e1kna\u00f0i b\u00e6\u00f0i t\u00e6linguna og aflei\u00f0ingu sl\u00edks brots. Framsetning sem einskor\u00f0ar hann vi\u00f0 skr\u00edmsli missir \u00feessa f\u00e9lagslegu og si\u00f0fer\u00f0ilegu v\u00eddd.<\/p>\t\t\t\t\t\t\t\t<\/div>\n\t\t\t\t\t<\/div>\n\t\t\t\t<\/div>\n\t\t\t\t\t<\/div>\n\t\t\t\t<\/div>\n\t\t<div class=\"elementor-element elementor-element-cp27114041 e-flex e-con-boxed e-con e-parent\" data-id=\"cp27114041\" data-element_type=\"container\" data-e-type=\"container\">\n\t\t\t\t\t<div class=\"e-con-inner\">\n\t\t\t\t<div class=\"elementor-element elementor-element-cp217c0701 elementor-widget elementor-widget-heading\" data-id=\"cp217c0701\" data-element_type=\"widget\" data-e-type=\"widget\" data-widget_type=\"heading.default\">\n\t\t\t\t\t<h2 class=\"elementor-heading-title elementor-size-default\">Deilan um hina svok\u00f6llu\u00f0u hugmynd um Windigo-sturlun<\/h2>\t\t\t\t<\/div>\n\t\t<div class=\"elementor-element elementor-element-cp203ce08e e-flex e-con-boxed e-con e-child\" data-id=\"cp203ce08e\" data-element_type=\"container\" data-e-type=\"container\">\n\t\t\t\t\t<div class=\"e-con-inner\">\n\t\t\t\t<div class=\"elementor-element elementor-element-cp2971d777 elementor-widget elementor-widget-text-editor\" data-id=\"cp2971d777\" data-element_type=\"widget\" data-e-type=\"widget\" data-widget_type=\"text-editor.default\">\n\t\t\t\t\t\t\t\t\t<p>S\u00e9rst\u00f6k ranns\u00f3knargrein sn\u00fdr a\u00f0 spurningunni um hvort til hafi veri\u00f0 s\u00e9rst\u00f6k ge\u00f0r\u00f6skun sem \u00ed eldri fr\u00e6\u00f0iritum var k\u00f6llu\u00f0 Windigo-sturlun.<\/p><p>Mannfr\u00e6\u00f0ingar \u00e1 fyrri hluta 20. aldar l\u00fdstu \u00feannig tilvikum \u00fear sem einstaklingar s\u00f6g\u00f0ust hafa fengi\u00f0 \u00e1r\u00e1tukennda l\u00f6ngun \u00ed manneldi og t\u00f6ldu sig sj\u00e1lfa vera Wendigo. \u00deessi hugmynd var lengi talin d\u00e6mi um menningarbundna r\u00f6skun.<\/p><p>Fr\u00e1 1980 hefur \u00feessi t\u00falkun veri\u00f0 dregin \u00ed efa \u00e1 grundvallarh\u00e1tt. Lou Marano s\u00fdndi fram \u00e1 \u00ed \u00e1hrifamikilli grein a\u00f0 vart finnist eitt einasta skjalfest tilvik sem sty\u00f0ur greininguna.<\/p><p>Vi\u00f0 n\u00e1nari athugun reyndust var\u00f0veittar fr\u00e1sagnir oft vera sagnir \u00far annarri e\u00f0a \u00feri\u00f0ju hendi, mor\u00f0 sem voru r\u00e9ttl\u00e6tt me\u00f0 Wendigo-grunsemdum, e\u00f0a efni sem haf\u00f0i veri\u00f0 t\u00falka\u00f0 utan fr\u00e1. Marano tala\u00f0i um sm\u00ed\u00f0 innan mannfr\u00e6\u00f0innar sj\u00e1lfrar.<\/p><p>N\u00fat\u00edmaranns\u00f3knir sj\u00e1 \u00ed Windigo-sturluninni fyrst og fremst l\u00e6rd\u00f3msr\u00edkt d\u00e6mi um hvernig v\u00edsindalegar go\u00f0sagnir myndast. Frumbyggjah\u00f6fundar hafa b\u00e6tt vi\u00f0 a\u00f0 \u00e1herslan \u00e1 framandi ge\u00f0sj\u00fakd\u00f3m hafi huli\u00f0 hina raunverulegu merkingu Wendigo. \u00cd sj\u00f3narhorni Cree og Ojibwe hefur Wendigo \u00ed s\u00edauknum m\u00e6li veri\u00f0 t\u00falka\u00f0ur sem mynd fyrir gr\u00e6\u00f0i, ar\u00f0r\u00e1n og skeytingarlausan v\u00f6xt.<\/p><p>H\u00f6fundar eins og Basil Johnston, ojibwe-fr\u00e6\u00f0ima\u00f0ur, hafa tengt Wendigo beinl\u00ednis vi\u00f0 ey\u00f0ingu lands og samf\u00e9lags vegna stj\u00f3rnlausrar neyslu.<\/p><p>\u00deessi lestur er ekki einf\u00f6ld n\u00fat\u00edmaleg yfirf\u00e6rsla, heldur tengist upprunalegu sambandi Wendigo og taumlausrar eigingirni. Ranns\u00f3knarumr\u00e6\u00f0an s\u00fdnir \u00feannig tvennt: brotleika eldri \u00fej\u00f3\u00f0fr\u00e6\u00f0ilegra ni\u00f0ursta\u00f0na og l\u00edfskraft pers\u00f3nunnar \u00ed n\u00fat\u00edma frumbyggja\u00edgrundun.<\/p>\t\t\t\t\t\t\t\t<\/div>\n\t\t\t\t\t<\/div>\n\t\t\t\t<\/div>\n\t\t\t\t\t<\/div>\n\t\t\t\t<\/div>\n\t\t<div class=\"elementor-element elementor-element-iwgw-wendigo-lit e-flex e-con-boxed e-con e-parent\" data-id=\"iwgw-wendigo-lit\" data-element_type=\"container\" data-e-type=\"container\">\n\t\t\t\t\t<div class=\"e-con-inner\">\n\t\t\t\t<div class=\"elementor-element elementor-element-iwgw-wendigo-lith elementor-widget elementor-widget-heading\" data-id=\"iwgw-wendigo-lith\" data-element_type=\"widget\" data-e-type=\"widget\" data-widget_type=\"heading.default\">\n\t\t\t\t\t<h2 class=\"elementor-heading-title elementor-size-default\">Heimildir (\u00farval)<\/h2>\t\t\t\t<\/div>\n\t\t<div class=\"elementor-element elementor-element-iwgw-wendigo-litc e-con-full e-flex e-con e-child\" data-id=\"iwgw-wendigo-litc\" data-element_type=\"container\" data-e-type=\"container\">\n\t\t\t\t<div class=\"elementor-element elementor-element-iwgw-wendigo-litt elementor-widget elementor-widget-text-editor\" data-id=\"iwgw-wendigo-litt\" data-element_type=\"widget\" data-e-type=\"widget\" data-widget_type=\"text-editor.default\">\n\t\t\t\t\t\t\t\t\t<ul><li>Basil Johnston: <em>The Manitous<\/em> (1995)<\/li><li>Morton Teicher: <em>Windigo Psychosis<\/em> (1960)<\/li><li><span data-nosnippet>Lou Marano: <em>Windigo Psychosis: The Anatomy of an Emic-Etic Confusion<\/em> (1982)<\/span><\/li><li>Diamond Jenness: <em>The Ojibwa Indians<\/em> (1935)<\/li><li>Ruth Landes: <em>Ojibwa Religion and the Midewiwin<\/em> (1968)<\/li><li>Paul LeJeune: <em>Relations<\/em> (1636)<\/li><\/ul>\t\t\t\t\t\t\t\t<\/div>\n\t\t\t\t<\/div>\n\t\t\t\t\t<\/div>\n\t\t\t\t<\/div>\n\t\t<div class=\"elementor-element elementor-element-iwgw-wendigo-kwd e-flex e-con-boxed e-con e-parent\" data-id=\"iwgw-wendigo-kwd\" data-element_type=\"container\" data-e-type=\"container\">\n\t\t\t\t\t<div class=\"e-con-inner\">\n\t\t<div class=\"elementor-element elementor-element-iwgw-wendigo-kwdc e-con-full e-flex e-con e-child\" data-id=\"iwgw-wendigo-kwdc\" data-element_type=\"container\" data-e-type=\"container\">\n\t\t\t\t<div class=\"elementor-element elementor-element-iwgw-wendigo-kwdt elementor-widget elementor-widget-text-editor\" data-id=\"iwgw-wendigo-kwdt\" data-element_type=\"widget\" data-e-type=\"widget\" data-widget_type=\"text-editor.default\">\n\t\t\t\t\t\t\t\t\t<p><em>Tengd leitaror\u00f0: Wendigo Wiindigoo Witiko Wetiko Algonkin Ojibwa Cree Wendigo sturlun Hamatsa.<\/em><\/p>\t\t\t\t\t\t\t\t<\/div>\n\t\t\t\t<\/div>\n\t\t\t\t\t<\/div>\n\t\t\t\t<\/div>\n\t\t<div class=\"elementor-element elementor-element-iwgw-wendigo-cc e-flex e-con-boxed e-con e-parent\" data-id=\"iwgw-wendigo-cc\" data-element_type=\"container\" data-e-type=\"container\" id=\"iwg-cc-wendigo\">\n\t\t\t\t\t<div class=\"e-con-inner\">\n\t\t<div class=\"elementor-element elementor-element-iwgw-wendigo-ccinner e-flex e-con-boxed e-con e-parent\" data-id=\"iwgw-wendigo-ccinner\" data-element_type=\"container\" data-e-type=\"container\" data-settings=\"{&quot;background_background&quot;:&quot;classic&quot;}\">\n\t\t\t\t\t<div class=\"e-con-inner\">\n\t\t\t\t<div class=\"elementor-element elementor-element-iwgw-wendigo-cch elementor-widget elementor-widget-heading\" data-id=\"iwgw-wendigo-cch\" data-element_type=\"widget\" data-e-type=\"widget\" data-widget_type=\"heading.default\">\n\t\t\t\t\t<h2 class=\"elementor-heading-title elementor-size-default\">iWell Guard og verndarhef\u00f0ir<\/h2>\t\t\t\t<\/div>\n\t\t\t\t<div class=\"elementor-element elementor-element-iwgw-wendigo-cct elementor-widget elementor-widget-text-editor\" data-id=\"iwgw-wendigo-cct\" data-element_type=\"widget\" data-e-type=\"widget\" data-widget_type=\"text-editor.default\">\n\t\t\t\t\t\t\t\t\t<div data-nosnippet=\"true\"><p>iWell Guard tengist menningars\u00f6gulegri hef\u00f0 verndargripa til a\u00f0 bera \u00e1 s\u00e9r, \u00ed hef\u00f0 <a href=\"https:\/\/iwell-guard.com\/is\/?page_id=168910\">Native American<\/a> og margra annarra menningarheima um allan heim. 41 lag, alv\u00f6ru gull, plat\u00edna, silfur, framleitt \u00ed \u00de\u00fdskalandi. 30 daga skilar\u00e9ttur.<\/p><\/div>\t\t\t\t\t\t\t\t<\/div>\n\t\t\t\t<div class=\"elementor-element elementor-element-iwgw-wendigo-ccb iwg-cc-button iwg-cc-cta-2026-05-13 elementor-widget elementor-widget-jet-button\" data-id=\"iwgw-wendigo-ccb\" data-element_type=\"widget\" data-e-type=\"widget\" data-widget_type=\"jet-button.default\">\n\t\t\t\t<div class=\"elementor-widget-container\">\n\t\t\t\t\t<div class=\"elementor-jet-button jet-elements\"><div class=\"jet-button__container\"><a class=\"jet-button__instance jet-button__instance--icon-left hover-effect-1\" href=\"\/ueber-iwell-guard\/?utm_source=iwell-guard.com&amp;utm_medium=info-box&amp;utm_campaign=wesen-tradition\"><div class=\"jet-button__plane jet-button__plane-normal\"><\/div><div class=\"jet-button__plane jet-button__plane-hover\"><\/div><div class=\"jet-button__state jet-button__state-normal\"><span class=\"jet-button__label\">Meira um iWell Guard<\/span><\/div><div class=\"jet-button__state jet-button__state-hover\"><span class=\"jet-button__label\">Meira um iWell Guard<\/span><\/div><\/a><\/div><\/div><style>.elementor-element.elementor-element-iwgw-wendigo-ccb .jet-button__instance{width:320px;height:56px;}.elementor-element.elementor-element-iwgw-wendigo-ccb .jet-button__state-normal .jet-button__label{text-align:center;margin:0px 0px 0px 0px;color:#1a1b20;font-family:Montserrat,sans-serif;font-size:13px;font-weight:400;letter-spacing:4px;line-height:1.714em;text-transform:uppercase;}.elementor-element.elementor-element-iwgw-wendigo-ccb .jet-button__state-hover .jet-button__label{text-align:center;margin:0px 0px 0px 0px;color:#FECC76;font-family:Montserrat,sans-serif;font-size:13px;font-weight:400;letter-spacing:4px;line-height:1.714em;text-transform:uppercase;}.elementor-element.elementor-element-iwgw-wendigo-ccb .jet-button__plane-normal{background-color:#FECC76;border-style:solid;border-color:#C99540;border-width:2px 2px 2px 2px;}.elementor-element.elementor-element-iwgw-wendigo-ccb .jet-button__plane-hover{background-color:rgba(0,0,0,0.55);border-style:solid;border-color:#FECC76;border-width:2px 2px 2px 2px;}<\/style>\t\t\t\t<\/div>\n\t\t\t\t<\/div>\n\t\t\t\t<div class=\"elementor-element elementor-element-iwgw-wendigo-ccd elementor-widget elementor-widget-text-editor\" data-id=\"iwgw-wendigo-ccd\" data-element_type=\"widget\" data-e-type=\"widget\" data-widget_type=\"text-editor.default\">\n\t\t\t\t\t\t\t\t\t<div data-nosnippet=\"true\"><p style=\"text-align:center;font-size:13px;opacity:0.7;margin-top:14px\" data-nosnippet=\"true\">Pers\u00f3nuleg reynsla getur veri\u00f0 mismunandi. Ekki l\u00e6kningat\u00e6ki. Engin lofor\u00f0 um l\u00e6kningu.<\/p><\/div>\t\t\t\t\t\t\t\t<\/div>\n\t\t\t\t\t<\/div>\n\t\t\t\t<\/div>\n\t\t\t\t\t<\/div>\n\t\t\t\t<\/div>\n\t\t<div class=\"elementor-element elementor-element-iwgw-wendigo-disc e-flex e-con-boxed e-con e-parent\" data-id=\"iwgw-wendigo-disc\" data-element_type=\"container\" data-e-type=\"container\">\n\t\t\t\t\t<div class=\"e-con-inner\">\n\t\t\t\t<div class=\"elementor-element elementor-element-iwgw-wendigo-discw elementor-widget elementor-widget-html\" data-id=\"iwgw-wendigo-discw\" data-element_type=\"widget\" data-e-type=\"widget\" data-widget_type=\"html.default\">\n\t\t\t\t\t<footer data-nosnippet=\"true\" class=\"iwg-disclaimer-block\"><p data-nosnippet=\"true\">iWell Guard er <strong>ekki l\u00e6kningat\u00e6ki<\/strong> og kemur ekki \u00ed sta\u00f0inn fyrir l\u00e6knis- e\u00f0a s\u00e1lfr\u00e6\u00f0ime\u00f0fer\u00f0. Tr\u00faarfr\u00e6\u00f0ilegt efni er menningars\u00f6gulegt samhengi, ekki r\u00e1\u00f0legging um andlega i\u00f0kun.<\/p><\/footer>\t\t\t\t<\/div>\n\t\t\t\t\t<\/div>\n\t\t\t\t<\/div>\n\t\t\t\t<\/div>\n\t\t","protected":false},"excerpt":{"rendered":"","protected":false},"author":3,"featured_media":2701,"parent":0,"menu_order":0,"comment_status":"closed","ping_status":"closed","template":"elementor_header_footer","meta":{"_yoast_wpseo_focuskw":"Wendigo Algonkin mann\u00e6tuandi vera","_yoast_wpseo_title":"Wendigo \u2013 mann\u00e6tuandi vera Algonkin-\u00fej\u00f3\u00f0anna","_yoast_wpseo_metadesc":"Wendigo, mann\u00e6tuandi vera nor\u00f0ur-amer\u00edskra sk\u00f3gar\u00fej\u00f3\u00f0a, er mi\u00f0l\u00e6gur ska\u00f0valdur \u00ed hef\u00f0 Algonkin-\u00fej\u00f3\u00f0anna me\u00f0 eigin go\u00f0s\u00f6gu.","_yoast_wpseo_meta-robots-noindex":"","_yoast_wpseo_canonical":"","_angie_page":false,"gefaehrdungsstufe":"5","wesen_kultur":"native-american","wesen_klasse":"geister","footnotes":""},"categories":[],"class_list":["post-168933","page","type-page","status-publish","has-post-thumbnail","hentry"],"yoast_head":"<!-- This site is optimized with the Yoast SEO Premium plugin v27.7 (Yoast SEO v28.3) - https:\/\/yoast.com\/product\/yoast-seo-premium-wordpress\/ -->\n<title>Wendigo \u2013 mann\u00e6tuandi vera Algonkin-\u00fej\u00f3\u00f0anna<\/title>\n<meta name=\"description\" content=\"Wendigo, mann\u00e6tuandi vera nor\u00f0ur-amer\u00edskra sk\u00f3gar\u00fej\u00f3\u00f0a, er mi\u00f0l\u00e6gur ska\u00f0valdur \u00ed hef\u00f0 Algonkin-\u00fej\u00f3\u00f0anna me\u00f0 eigin go\u00f0s\u00f6gu.\" \/>\n<meta name=\"robots\" content=\"index, follow, max-snippet:-1, max-image-preview:large, max-video-preview:-1\" \/>\n<link rel=\"canonical\" href=\"https:\/\/iwell-guard.com\/is\/wendigo-mannaetuandi-vera-skogarthjoda\/\" \/>\n<meta property=\"og:locale\" content=\"is_IS\" \/>\n<meta property=\"og:type\" content=\"article\" \/>\n<meta property=\"og:title\" content=\"Wendigo \u2013 Mann\u00e6tuandi vera nor\u00f0ur-amer\u00edskra sk\u00f3gar\u00fej\u00f3\u00f0a\" \/>\n<meta property=\"og:description\" content=\"Wendigo, mann\u00e6tuandi vera nor\u00f0ur-amer\u00edskra sk\u00f3gar\u00fej\u00f3\u00f0a, er mi\u00f0l\u00e6gur ska\u00f0valdur \u00ed hef\u00f0 Algonkin-\u00fej\u00f3\u00f0anna me\u00f0 eigin go\u00f0s\u00f6gu.\" \/>\n<meta property=\"og:url\" content=\"https:\/\/iwell-guard.com\/is\/wendigo-mannaetuandi-vera-skogarthjoda\/\" \/>\n<meta property=\"og:site_name\" content=\"iWell Guard\" \/>\n<meta property=\"article:modified_time\" content=\"2026-09-05T14:23:09+00:00\" \/>\n<meta property=\"og:image\" content=\"https:\/\/iwell-guard.com\/wp-content\/uploads\/2026\/05\/geister_native-american_wendigo.webp\" \/>\n\t<meta property=\"og:image:width\" content=\"1024\" \/>\n\t<meta property=\"og:image:height\" content=\"1536\" \/>\n\t<meta property=\"og:image:type\" content=\"image\/webp\" \/>\n<meta name=\"twitter:card\" content=\"summary_large_image\" \/>\n<script type=\"application\/ld+json\" class=\"yoast-schema-graph\">{\"@context\":\"https:\\\/\\\/schema.org\",\"@graph\":[{\"@type\":\"WebPage\",\"@id\":\"https:\\\/\\\/iwell-guard.com\\\/is\\\/wendigo-mannaetuandi-vera-skogarthjoda\\\/\",\"url\":\"https:\\\/\\\/iwell-guard.com\\\/is\\\/wendigo-mannaetuandi-vera-skogarthjoda\\\/\",\"name\":\"Wendigo \u2013 mann\u00e6tuandi vera Algonkin-\u00fej\u00f3\u00f0anna\",\"isPartOf\":{\"@id\":\"https:\\\/\\\/iwell-guard.com\\\/is\\\/#website\"},\"primaryImageOfPage\":{\"@id\":\"https:\\\/\\\/iwell-guard.com\\\/is\\\/wendigo-mannaetuandi-vera-skogarthjoda\\\/#primaryimage\"},\"image\":{\"@id\":\"https:\\\/\\\/iwell-guard.com\\\/is\\\/wendigo-mannaetuandi-vera-skogarthjoda\\\/#primaryimage\"},\"thumbnailUrl\":\"https:\\\/\\\/iwell-guard.com\\\/wp-content\\\/uploads\\\/2026\\\/05\\\/geister_native-american_wendigo.webp\",\"datePublished\":\"2026-09-05T14:04:10+00:00\",\"dateModified\":\"2026-09-05T14:23:09+00:00\",\"description\":\"Wendigo, mann\u00e6tuandi vera nor\u00f0ur-amer\u00edskra sk\u00f3gar\u00fej\u00f3\u00f0a, er mi\u00f0l\u00e6gur ska\u00f0valdur \u00ed hef\u00f0 Algonkin-\u00fej\u00f3\u00f0anna me\u00f0 eigin go\u00f0s\u00f6gu.\",\"breadcrumb\":{\"@id\":\"https:\\\/\\\/iwell-guard.com\\\/is\\\/wendigo-mannaetuandi-vera-skogarthjoda\\\/#breadcrumb\"},\"inLanguage\":\"is\",\"potentialAction\":[{\"@type\":\"ReadAction\",\"target\":[\"https:\\\/\\\/iwell-guard.com\\\/is\\\/wendigo-mannaetuandi-vera-skogarthjoda\\\/\"]}]},{\"@type\":\"ImageObject\",\"inLanguage\":\"is\",\"@id\":\"https:\\\/\\\/iwell-guard.com\\\/is\\\/wendigo-mannaetuandi-vera-skogarthjoda\\\/#primaryimage\",\"url\":\"https:\\\/\\\/iwell-guard.com\\\/wp-content\\\/uploads\\\/2026\\\/05\\\/geister_native-american_wendigo.webp\",\"contentUrl\":\"https:\\\/\\\/iwell-guard.com\\\/wp-content\\\/uploads\\\/2026\\\/05\\\/geister_native-american_wendigo.webp\",\"width\":1024,\"height\":1536,\"caption\":\"Andar \u00far ind\u00ed\u00e1naarfleif\u00f0 Nor\u00f0ur-Amer\u00edku.\"},{\"@type\":\"BreadcrumbList\",\"@id\":\"https:\\\/\\\/iwell-guard.com\\\/is\\\/wendigo-mannaetuandi-vera-skogarthjoda\\\/#breadcrumb\",\"itemListElement\":[{\"@type\":\"ListItem\",\"position\":1,\"name\":\"Start\",\"item\":\"https:\\\/\\\/iwell-guard.com\\\/is\\\/?page_id=168580\"},{\"@type\":\"ListItem\",\"position\":2,\"name\":\"Wendigo \u2013 Mann\u00e6tuandi vera nor\u00f0ur-amer\u00edskra sk\u00f3gar\u00fej\u00f3\u00f0a\"}]},{\"@type\":\"WebSite\",\"@id\":\"https:\\\/\\\/iwell-guard.com\\\/is\\\/#website\",\"url\":\"https:\\\/\\\/iwell-guard.com\\\/is\\\/\",\"name\":\"iWell Guard\",\"description\":\"Schutz vor dunklen Einfl\u00fcssen\",\"publisher\":{\"@id\":\"https:\\\/\\\/iwell-guard.com\\\/is\\\/#organization\"},\"potentialAction\":[{\"@type\":\"SearchAction\",\"target\":{\"@type\":\"EntryPoint\",\"urlTemplate\":\"https:\\\/\\\/iwell-guard.com\\\/is\\\/?s={search_term_string}\"},\"query-input\":{\"@type\":\"PropertyValueSpecification\",\"valueRequired\":true,\"valueName\":\"search_term_string\"}}],\"inLanguage\":\"is\"},{\"@type\":\"Organization\",\"@id\":\"https:\\\/\\\/iwell-guard.com\\\/is\\\/#organization\",\"name\":\"Ittermann electronic GmbH\",\"url\":\"https:\\\/\\\/iwell-guard.com\\\/is\\\/\",\"logo\":{\"@type\":\"ImageObject\",\"inLanguage\":\"is\",\"@id\":\"https:\\\/\\\/iwell-guard.com\\\/is\\\/#\\\/schema\\\/logo\\\/image\\\/\",\"url\":\"https:\\\/\\\/iwell-guard.com\\\/wp-content\\\/uploads\\\/2026\\\/05\\\/Ittermann-Logo-1182x237-1.png\",\"contentUrl\":\"https:\\\/\\\/iwell-guard.com\\\/wp-content\\\/uploads\\\/2026\\\/05\\\/Ittermann-Logo-1182x237-1.png\",\"width\":1182,\"height\":237,\"caption\":\"Ittermann electronic GmbH\"},\"image\":{\"@id\":\"https:\\\/\\\/iwell-guard.com\\\/is\\\/#\\\/schema\\\/logo\\\/image\\\/\"},\"sameAs\":[\"https:\\\/\\\/pantip.com\\\/profile\\\/9367242\",\"https:\\\/\\\/micro.blog\\\/iwellguard\",\"https:\\\/\\\/www.diggerslist.com\\\/iwellguard\\\/about\",\"https:\\\/\\\/skitterphoto.com\\\/photographers\\\/2870314\\\/iwell-guard\",\"https:\\\/\\\/iwellguard.wordpress.com\\\/2026\\\/06\\\/06\\\/iwell-guard\\\/\",\"https:\\\/\\\/hub.docker.com\\\/u\\\/iwellguard\",\"https:\\\/\\\/www.pinterest.com\\\/iwellguard\\\/\",\"https:\\\/\\\/bit.ly\\\/m\\\/iwellguard\",\"https:\\\/\\\/entre-vos-mains.alsace.eu\\\/profiles\\\/iwellguard\\\/activity\",\"https:\\\/\\\/gravatar.com\\\/reallybeded8fd34\",\"https:\\\/\\\/naijamatta.com\\\/iwellguard\",\"https:\\\/\\\/www.goodreads.com\\\/iwellguard\",\"https:\\\/\\\/profile.hatena.ne.jp\\\/iwellguard\\\/\",\"https:\\\/\\\/experiment.com\\\/users\\\/iwellguard\",\"https:\\\/\\\/wakelet.com\\\/@iWellGuard82270\",\"https:\\\/\\\/www.chordie.com\\\/forum\\\/profile.php?id=2555664\",\"https:\\\/\\\/www.instapaper.com\\\/p\\\/17757966\",\"https:\\\/\\\/www.mapleprimes.com\\\/users\\\/iwellguard\",\"https:\\\/\\\/businesslistingplus.com\\\/profile\\\/iwell-guard\\\/\",\"https:\\\/\\\/telegra.ph\\\/iWell-Guard-06-06\",\"https:\\\/\\\/pbase.com\\\/iwellguard\\\/iwellguard\",\"https:\\\/\\\/b.hatena.ne.jp\\\/iwellguard\\\/20260607#bookmark-4788405196491818882\",\"https:\\\/\\\/fliphtml5.com\\\/home\\\/iwellguard\",\"https:\\\/\\\/anyflip.com\\\/homepage\\\/cmiwl#About\",\"https:\\\/\\\/transfur.com\\\/Users\\\/iwellguard\",\"http:\\\/\\\/delphi.larsbo.org\\\/user\\\/iwellguard\",\"https:\\\/\\\/jobs.lajobsportal.org\\\/profiles\\\/8380803-iwell-guard\",\"https:\\\/\\\/md.chaosdorf.de\\\/s\\\/jfbe5SBdJD\",\"https:\\\/\\\/www.lingvolive.com\\\/en-us\\\/profile\\\/9ecaeaca-ce11-4e51-9e71-01d55e2bff36\\\/translations\",\"https:\\\/\\\/www.fitday.com\\\/fitness\\\/forums\\\/members\\\/iwellguard.html\",\"https:\\\/\\\/www.mymeetbook.com\\\/iwellguard\",\"https:\\\/\\\/pxhere.com\\\/en\\\/photographer-me\\\/5040798\",\"https:\\\/\\\/disqus.com\\\/by\\\/iwellguard\\\/about\\\/\",\"https:\\\/\\\/pastelink.net\\\/hjwciqwq\",\"https:\\\/\\\/pubhtml5.com\\\/homepage\\\/scjhn\\\/\",\"https:\\\/\\\/www.bitchute.com\\\/channel\\\/2O2eOKzNqujT\",\"https:\\\/\\\/audiomack.com\\\/iwellguard\"]},{\"@type\":\"Article\",\"@id\":\"https:\\\/\\\/iwell-guard.com\\\/is\\\/wendigo-mannaetuandi-vera-skogarthjoda\\\/#article\",\"isPartOf\":{\"@id\":\"https:\\\/\\\/iwell-guard.com\\\/is\\\/wendigo-mannaetuandi-vera-skogarthjoda\\\/\"},\"author\":{\"name\":\"Ralf Ittermann\",\"@id\":\"https:\\\/\\\/iwell-guard.com\\\/is\\\/#\\\/schema\\\/person\\\/ee2a27f1cac3406c7c6fb5820cb7349f\"},\"headline\":\"Wendigo \u2013 Mann\u00e6tuandi vera nor\u00f0ur-amer\u00edskra sk\u00f3gar\u00fej\u00f3\u00f0a\",\"datePublished\":\"2026-09-05T14:04:10+00:00\",\"dateModified\":\"2026-09-05T14:23:09+00:00\",\"mainEntityOfPage\":{\"@id\":\"https:\\\/\\\/iwell-guard.com\\\/is\\\/wendigo-mannaetuandi-vera-skogarthjoda\\\/\"},\"publisher\":{\"@id\":\"https:\\\/\\\/iwell-guard.com\\\/is\\\/#organization\"},\"image\":{\"@id\":\"https:\\\/\\\/iwell-guard.com\\\/is\\\/wendigo-mannaetuandi-vera-skogarthjoda\\\/#primaryimage\"},\"thumbnailUrl\":\"https:\\\/\\\/iwell-guard.com\\\/wp-content\\\/uploads\\\/2026\\\/05\\\/geister_native-american_wendigo.webp\",\"inLanguage\":\"is\",\"description\":\"Wendigo, mann\u00e6tuandi vera nor\u00f0ur-amer\u00edskra sk\u00f3gar\u00fej\u00f3\u00f0a, er mi\u00f0l\u00e6gur ska\u00f0valdur \u00ed hef\u00f0 Algonkin-\u00fej\u00f3\u00f0anna me\u00f0 eigin go\u00f0s\u00f6gu.\"}]}<\/script>\n<!-- \/ Yoast SEO Premium plugin. -->","yoast_head_json":{"title":"Wendigo \u2013 mann\u00e6tuandi vera Algonkin-\u00fej\u00f3\u00f0anna","description":"Wendigo, mann\u00e6tuandi vera nor\u00f0ur-amer\u00edskra sk\u00f3gar\u00fej\u00f3\u00f0a, er mi\u00f0l\u00e6gur ska\u00f0valdur \u00ed hef\u00f0 Algonkin-\u00fej\u00f3\u00f0anna me\u00f0 eigin go\u00f0s\u00f6gu.","robots":{"index":"index","follow":"follow","max-snippet":"max-snippet:-1","max-image-preview":"max-image-preview:large","max-video-preview":"max-video-preview:-1"},"canonical":"https:\/\/iwell-guard.com\/is\/wendigo-mannaetuandi-vera-skogarthjoda\/","og_locale":"is_IS","og_type":"article","og_title":"Wendigo \u2013 Mann\u00e6tuandi vera nor\u00f0ur-amer\u00edskra sk\u00f3gar\u00fej\u00f3\u00f0a","og_description":"Wendigo, mann\u00e6tuandi vera nor\u00f0ur-amer\u00edskra sk\u00f3gar\u00fej\u00f3\u00f0a, er mi\u00f0l\u00e6gur ska\u00f0valdur \u00ed hef\u00f0 Algonkin-\u00fej\u00f3\u00f0anna me\u00f0 eigin go\u00f0s\u00f6gu.","og_url":"https:\/\/iwell-guard.com\/is\/wendigo-mannaetuandi-vera-skogarthjoda\/","og_site_name":"iWell Guard","article_modified_time":"2026-09-05T14:23:09+00:00","og_image":[{"width":1024,"height":1536,"url":"https:\/\/iwell-guard.com\/wp-content\/uploads\/2026\/05\/geister_native-american_wendigo.webp","type":"image\/webp"}],"twitter_card":"summary_large_image","schema":{"@context":"https:\/\/schema.org","@graph":[{"@type":"Article","@id":"https:\/\/iwell-guard.com\/is\/wendigo-mannaetuandi-vera-skogarthjoda\/#article","isPartOf":{"@id":"https:\/\/iwell-guard.com\/is\/wendigo-mannaetuandi-vera-skogarthjoda\/"},"author":{"name":"Ralf Ittermann","@id":"https:\/\/iwell-guard.com\/is\/#\/schema\/person\/ee2a27f1cac3406c7c6fb5820cb7349f"},"headline":"Wendigo \u2013 Mann\u00e6tuandi vera nor\u00f0ur-amer\u00edskra sk\u00f3gar\u00fej\u00f3\u00f0a","datePublished":"2026-09-05T14:04:10+00:00","dateModified":"2026-09-05T14:23:09+00:00","mainEntityOfPage":{"@id":"https:\/\/iwell-guard.com\/is\/wendigo-mannaetuandi-vera-skogarthjoda\/"},"publisher":{"@id":"https:\/\/iwell-guard.com\/is\/#organization"},"image":{"@id":"https:\/\/iwell-guard.com\/is\/wendigo-mannaetuandi-vera-skogarthjoda\/#primaryimage"},"thumbnailUrl":"https:\/\/iwell-guard.com\/wp-content\/uploads\/2026\/05\/geister_native-american_wendigo.webp","inLanguage":"is","description":"Wendigo, mann\u00e6tuandi vera nor\u00f0ur-amer\u00edskra sk\u00f3gar\u00fej\u00f3\u00f0a, er mi\u00f0l\u00e6gur ska\u00f0valdur \u00ed hef\u00f0 Algonkin-\u00fej\u00f3\u00f0anna me\u00f0 eigin go\u00f0s\u00f6gu."},{"@type":"WebPage","@id":"https:\/\/iwell-guard.com\/is\/wendigo-mannaetuandi-vera-skogarthjoda\/","url":"https:\/\/iwell-guard.com\/is\/wendigo-mannaetuandi-vera-skogarthjoda\/","name":"Wendigo \u2013 mann\u00e6tuandi vera Algonkin-\u00fej\u00f3\u00f0anna","isPartOf":{"@id":"https:\/\/iwell-guard.com\/is\/#website"},"primaryImageOfPage":{"@id":"https:\/\/iwell-guard.com\/is\/wendigo-mannaetuandi-vera-skogarthjoda\/#primaryimage"},"image":{"@id":"https:\/\/iwell-guard.com\/is\/wendigo-mannaetuandi-vera-skogarthjoda\/#primaryimage"},"thumbnailUrl":"https:\/\/iwell-guard.com\/wp-content\/uploads\/2026\/05\/geister_native-american_wendigo.webp","datePublished":"2026-09-05T14:04:10+00:00","dateModified":"2026-09-05T14:23:09+00:00","description":"Wendigo, mann\u00e6tuandi vera nor\u00f0ur-amer\u00edskra sk\u00f3gar\u00fej\u00f3\u00f0a, er mi\u00f0l\u00e6gur ska\u00f0valdur \u00ed hef\u00f0 Algonkin-\u00fej\u00f3\u00f0anna me\u00f0 eigin go\u00f0s\u00f6gu.","breadcrumb":{"@id":"https:\/\/iwell-guard.com\/is\/wendigo-mannaetuandi-vera-skogarthjoda\/#breadcrumb"},"inLanguage":"is","potentialAction":[{"@type":"ReadAction","target":["https:\/\/iwell-guard.com\/is\/wendigo-mannaetuandi-vera-skogarthjoda\/"]}]},{"@type":"ImageObject","inLanguage":"is","@id":"https:\/\/iwell-guard.com\/is\/wendigo-mannaetuandi-vera-skogarthjoda\/#primaryimage","url":"https:\/\/iwell-guard.com\/wp-content\/uploads\/2026\/05\/geister_native-american_wendigo.webp","contentUrl":"https:\/\/iwell-guard.com\/wp-content\/uploads\/2026\/05\/geister_native-american_wendigo.webp","width":1024,"height":1536,"caption":"Andar \u00far ind\u00ed\u00e1naarfleif\u00f0 Nor\u00f0ur-Amer\u00edku."},{"@type":"BreadcrumbList","@id":"https:\/\/iwell-guard.com\/is\/wendigo-mannaetuandi-vera-skogarthjoda\/#breadcrumb","itemListElement":[{"@type":"ListItem","position":1,"name":"Start","item":"https:\/\/iwell-guard.com\/is\/?page_id=168580"},{"@type":"ListItem","position":2,"name":"Wendigo \u2013 Mann\u00e6tuandi vera nor\u00f0ur-amer\u00edskra sk\u00f3gar\u00fej\u00f3\u00f0a"}]},{"@type":"WebSite","@id":"https:\/\/iwell-guard.com\/is\/#website","url":"https:\/\/iwell-guard.com\/is\/","name":"iWell Guard","description":"Schutz vor dunklen Einfl\u00fcssen","publisher":{"@id":"https:\/\/iwell-guard.com\/is\/#organization"},"potentialAction":[{"@type":"SearchAction","target":{"@type":"EntryPoint","urlTemplate":"https:\/\/iwell-guard.com\/is\/?s={search_term_string}"},"query-input":{"@type":"PropertyValueSpecification","valueRequired":true,"valueName":"search_term_string"}}],"inLanguage":"is"},{"@type":"Organization","@id":"https:\/\/iwell-guard.com\/is\/#organization","name":"Ittermann electronic GmbH","url":"https:\/\/iwell-guard.com\/is\/","logo":{"@type":"ImageObject","inLanguage":"is","@id":"https:\/\/iwell-guard.com\/is\/#\/schema\/logo\/image\/","url":"https:\/\/iwell-guard.com\/wp-content\/uploads\/2026\/05\/Ittermann-Logo-1182x237-1.png","contentUrl":"https:\/\/iwell-guard.com\/wp-content\/uploads\/2026\/05\/Ittermann-Logo-1182x237-1.png","width":1182,"height":237,"caption":"Ittermann electronic GmbH"},"image":{"@id":"https:\/\/iwell-guard.com\/is\/#\/schema\/logo\/image\/"},"sameAs":["https:\/\/pantip.com\/profile\/9367242","https:\/\/micro.blog\/iwellguard","https:\/\/www.diggerslist.com\/iwellguard\/about","https:\/\/skitterphoto.com\/photographers\/2870314\/iwell-guard","https:\/\/iwellguard.wordpress.com\/2026\/06\/06\/iwell-guard\/","https:\/\/hub.docker.com\/u\/iwellguard","https:\/\/www.pinterest.com\/iwellguard\/","https:\/\/bit.ly\/m\/iwellguard","https:\/\/entre-vos-mains.alsace.eu\/profiles\/iwellguard\/activity","https:\/\/gravatar.com\/reallybeded8fd34","https:\/\/naijamatta.com\/iwellguard","https:\/\/www.goodreads.com\/iwellguard","https:\/\/profile.hatena.ne.jp\/iwellguard\/","https:\/\/experiment.com\/users\/iwellguard","https:\/\/wakelet.com\/@iWellGuard82270","https:\/\/www.chordie.com\/forum\/profile.php?id=2555664","https:\/\/www.instapaper.com\/p\/17757966","https:\/\/www.mapleprimes.com\/users\/iwellguard","https:\/\/businesslistingplus.com\/profile\/iwell-guard\/","https:\/\/telegra.ph\/iWell-Guard-06-06","https:\/\/pbase.com\/iwellguard\/iwellguard","https:\/\/b.hatena.ne.jp\/iwellguard\/20260607#bookmark-4788405196491818882","https:\/\/fliphtml5.com\/home\/iwellguard","https:\/\/anyflip.com\/homepage\/cmiwl#About","https:\/\/transfur.com\/Users\/iwellguard","http:\/\/delphi.larsbo.org\/user\/iwellguard","https:\/\/jobs.lajobsportal.org\/profiles\/8380803-iwell-guard","https:\/\/md.chaosdorf.de\/s\/jfbe5SBdJD","https:\/\/www.lingvolive.com\/en-us\/profile\/9ecaeaca-ce11-4e51-9e71-01d55e2bff36\/translations","https:\/\/www.fitday.com\/fitness\/forums\/members\/iwellguard.html","https:\/\/www.mymeetbook.com\/iwellguard","https:\/\/pxhere.com\/en\/photographer-me\/5040798","https:\/\/disqus.com\/by\/iwellguard\/about\/","https:\/\/pastelink.net\/hjwciqwq","https:\/\/pubhtml5.com\/homepage\/scjhn\/","https:\/\/www.bitchute.com\/channel\/2O2eOKzNqujT","https:\/\/audiomack.com\/iwellguard"]},{"@type":"Person","@id":"https:\/\/iwell-guard.com\/is\/#\/schema\/person\/ee2a27f1cac3406c7c6fb5820cb7349f","name":"Ralf Ittermann","image":{"@type":"ImageObject","inLanguage":"is","@id":"https:\/\/secure.gravatar.com\/avatar\/073c0153e350a5005b68eb752b445fea71f6b24a26da9449ad7e155e6b446c9d?s=96&d=mm&r=g","url":"https:\/\/secure.gravatar.com\/avatar\/073c0153e350a5005b68eb752b445fea71f6b24a26da9449ad7e155e6b446c9d?s=96&d=mm&r=g","contentUrl":"https:\/\/secure.gravatar.com\/avatar\/073c0153e350a5005b68eb752b445fea71f6b24a26da9449ad7e155e6b446c9d?s=96&d=mm&r=g","caption":"Ralf Ittermann"},"givenName":"Ralf","familyName":"Ittermann","jobTitle":"Gesch\u00e4ftsf\u00fchrer und redaktioneller Verantwortlicher","url":"https:\/\/iwell-guard.com\/is\/author\/claude\/","description":"Ralf Ittermann ist Gesch\u00e4ftsf\u00fchrer der Ittermann electronic GmbH und redaktioneller Verantwortlicher des iWell-Guard-Lexikons. Er verbindet langj\u00e4hrige Erfahrung in der Pr\u00e4zisionsfertigung mit medialer Praxis und religionsgeschichtlicher Quellenarbeit.","worksFor":{"@type":"Organization","name":"Ittermann electronic GmbH","url":"https:\/\/ittermann.de\/","address":{"@type":"PostalAddress","streetAddress":"K\u00f6hlergasse 16-18","postalCode":"99842","addressLocality":"Ruhla","addressCountry":"DE"}},"knowsAbout":["Religionsgeschichte","Mythologie","Mediale Praxis","Energetische Diagnostik","Schutzpraxis","Volksglauben","Westliche Esoterik"]},{"@type":"Article","@id":"https:\/\/iwell-guard.com\/is\/wendigo-mannaetuandi-vera-skogarthjoda\/#article","isPartOf":{"@id":"https:\/\/iwell-guard.com\/is\/wendigo-mannaetuandi-vera-skogarthjoda\/"},"author":{"name":"Ralf Ittermann","@id":"https:\/\/iwell-guard.com\/is\/#\/schema\/person\/ee2a27f1cac3406c7c6fb5820cb7349f"},"headline":"Wendigo \u2013 Mann\u00e6tuandi vera nor\u00f0ur-amer\u00edskra sk\u00f3gar\u00fej\u00f3\u00f0a","datePublished":"2026-09-05T14:04:10+00:00","dateModified":"2026-09-05T14:23:09+00:00","mainEntityOfPage":{"@id":"https:\/\/iwell-guard.com\/is\/wendigo-mannaetuandi-vera-skogarthjoda\/"},"publisher":{"@id":"https:\/\/iwell-guard.com\/is\/#organization"},"image":{"@id":"https:\/\/iwell-guard.com\/is\/wendigo-mannaetuandi-vera-skogarthjoda\/#primaryimage"},"thumbnailUrl":"https:\/\/iwell-guard.com\/wp-content\/uploads\/2026\/05\/geister_native-american_wendigo.webp","inLanguage":"is","description":"Wendigo, mann\u00e6tuandi vera nor\u00f0ur-amer\u00edskra sk\u00f3gar\u00fej\u00f3\u00f0a, er mi\u00f0l\u00e6gur ska\u00f0valdur \u00ed hef\u00f0 Algonkin-\u00fej\u00f3\u00f0anna me\u00f0 eigin go\u00f0s\u00f6gu."}]}},"_links":{"self":[{"href":"https:\/\/iwell-guard.com\/is\/wp-json\/wp\/v2\/pages\/168933","targetHints":{"allow":["GET"]}}],"collection":[{"href":"https:\/\/iwell-guard.com\/is\/wp-json\/wp\/v2\/pages"}],"about":[{"href":"https:\/\/iwell-guard.com\/is\/wp-json\/wp\/v2\/types\/page"}],"author":[{"embeddable":true,"href":"https:\/\/iwell-guard.com\/is\/wp-json\/wp\/v2\/users\/3"}],"replies":[{"embeddable":true,"href":"https:\/\/iwell-guard.com\/is\/wp-json\/wp\/v2\/comments?post=168933"}],"version-history":[{"count":0,"href":"https:\/\/iwell-guard.com\/is\/wp-json\/wp\/v2\/pages\/168933\/revisions"}],"wp:featuredmedia":[{"embeddable":true,"href":"https:\/\/iwell-guard.com\/is\/wp-json\/wp\/v2\/media\/2701"}],"wp:attachment":[{"href":"https:\/\/iwell-guard.com\/is\/wp-json\/wp\/v2\/media?parent=168933"}],"wp:term":[{"taxonomy":"category","embeddable":true,"href":"https:\/\/iwell-guard.com\/is\/wp-json\/wp\/v2\/categories?post=168933"}],"curies":[{"name":"wp","href":"https:\/\/api.w.org\/{rel}","templated":true}]}}