{"id":168932,"date":"2026-09-05T14:04:10","date_gmt":"2026-09-05T14:04:10","guid":{"rendered":"https:\/\/iwell-guard.com\/?page_id=168932"},"modified":"2026-09-05T14:23:08","modified_gmt":"2026-09-05T14:23:08","slug":"tunkasila-himnafadir-lakota","status":"publish","type":"page","link":"https:\/\/iwell-guard.com\/is\/tunkasila-himnafadir-lakota\/","title":{"rendered":"Tunkasila \u2013 Himnafa\u00f0ir Lakota-manna"},"content":{"rendered":"\t\t<div data-elementor-type=\"wp-page\" data-elementor-id=\"168932\" class=\"elementor elementor-168932 elementor-2587 elementor-bc-flex-widget\" data-elementor-post-type=\"page\">\n\t\t\t\t<div class=\"elementor-element elementor-element-iwgw-tunkasilag-hero e-flex e-con-boxed e-con e-parent\" data-id=\"iwgw-tunkasilag-hero\" data-element_type=\"container\" data-e-type=\"container\" data-settings=\"{&quot;background_background&quot;:&quot;classic&quot;}\">\n\t\t\t\t\t<div class=\"e-con-inner\">\n\t\t<div class=\"elementor-element elementor-element-iwgw-tunkasilag-hl e-flex e-con-boxed e-con e-child\" data-id=\"iwgw-tunkasilag-hl\" data-element_type=\"container\" data-e-type=\"container\">\n\t\t\t\t\t<div class=\"e-con-inner\">\n\t\t<div class=\"elementor-element elementor-element-iwgw-tunkasilag-htxt e-con-full e-flex e-con e-child\" data-id=\"iwgw-tunkasilag-htxt\" data-element_type=\"container\" data-e-type=\"container\">\n\t\t\t\t<div class=\"elementor-element elementor-element-iwgw-tunkasilag-h1 elementor-widget elementor-widget-heading\" data-id=\"iwgw-tunkasilag-h1\" data-element_type=\"widget\" data-e-type=\"widget\" data-widget_type=\"heading.default\">\n\t\t\t\t\t<h1 class=\"elementor-heading-title elementor-size-default\">Tunkasila, afi, himnavera og \u00e1varp hins heilaga \u00ed hef\u00f0 Lakota<\/h1>\t\t\t\t<\/div>\n\t\t\t\t<div class=\"elementor-element elementor-element-iwgw-tunkasilag-lead elementor-widget elementor-widget-text-editor\" data-id=\"iwgw-tunkasilag-lead\" data-element_type=\"widget\" data-e-type=\"widget\" data-widget_type=\"text-editor.default\">\n\t\t\t\t\t\t\t\t\t<p>Tunkasila (\u00e1 lakota-m\u00e1li <em>Thunkasila<\/em>, Afi) er lotningarfullt \u00e1varp hins heilaga \u00ed hef\u00f0 Lakota. \u00dea\u00f0 er nota\u00f0 j\u00f6fnum h\u00f6ndum um <a href=\"https:\/\/iwell-guard.com\/is\/?page_id=168929\">Wakan Tanka<\/a>, um Fj\u00f3ra forfe\u00f0ur himinsins og um pers\u00f3nuger\u00f0a vi\u00f0mi\u00f0unarpers\u00f3nu \u00ed <span class=\"iwg-fachbegriff\" data-tooltip=\"M\u00e1lleg \u00e1v\u00f6rpun manns til gu\u00f0d\u00f3ms.\" tabindex=\"0\">b\u00e6n<\/span>.<\/p>\t\t\t\t\t\t\t\t<\/div>\n\t\t\t\t<\/div>\n\t\t<div class=\"elementor-element elementor-element-iwgw-tunkasilag-pillc e-con-full e-flex e-con e-child\" data-id=\"iwgw-tunkasilag-pillc\" data-element_type=\"container\" data-e-type=\"container\">\n\t\t\t\t<div class=\"elementor-element elementor-element-iwgw-tunkasilag-pills elementor-widget elementor-widget-html\" data-id=\"iwgw-tunkasilag-pills\" data-element_type=\"widget\" data-e-type=\"widget\" data-widget_type=\"html.default\">\n\t\t\t\t\t<div class=\"iwg-pill-row\"><span class=\"iwg-klasse-badge\" tabindex=\"0\" data-tooltip=\"Skapari hef\u00f0ar frumbyggja Nor\u00f0ur-Amer\u00edku.\">Skapari<\/span><a href=\"https:\/\/iwell-guard.com\/is\/?page_id=168910\" class=\"iwg-kultur-badge\" tabindex=\"0\" data-tooltip=\"Go\u00f0afr\u00e6\u00f0i hef\u00f0ar frumbyggja Nor\u00f0ur-Amer\u00edku.\">Frumbyggjar Nor\u00f0ur-Amer\u00edku<\/a><span class=\"iwg-tradition-badge\" tabindex=\"0\" data-tooltip=\"Afa-\u00e1varp.\">Afa-\u00e1varp<\/span><\/div>\t\t\t\t<\/div>\n\t\t\t\t<\/div>\n\t\t<div class=\"elementor-element elementor-element-iwgw-tunkasilag-tocc e-con-full e-flex e-con e-child\" data-id=\"iwgw-tunkasilag-tocc\" data-element_type=\"container\" data-e-type=\"container\">\n\t\t\t\t<div class=\"elementor-element elementor-element-iwgw-tunkasilag-toc elementor-toc--minimized-on-tablet elementor-widget elementor-widget-table-of-contents\" data-id=\"iwgw-tunkasilag-toc\" data-element_type=\"widget\" data-e-type=\"widget\" data-settings=\"{&quot;headings_by_tags&quot;:[&quot;h2&quot;,&quot;h3&quot;],&quot;minimize_box&quot;:&quot;yes&quot;,&quot;marker_view&quot;:&quot;bullets&quot;,&quot;no_headings_message&quot;:&quot;Engar undirfyrirsagnir fundust \\u00e1 \\u00feessari s\\u00ed\\u00f0u.&quot;,&quot;exclude_headings_by_selector&quot;:[],&quot;icon&quot;:{&quot;value&quot;:&quot;fas fa-circle&quot;,&quot;library&quot;:&quot;fa-solid&quot;,&quot;rendered_tag&quot;:&quot;&lt;svg class=\\&quot;e-font-icon-svg e-fas-circle\\&quot; viewBox=\\&quot;0 0 512 512\\&quot; xmlns=\\&quot;http:\\\/\\\/www.w3.org\\\/2000\\\/svg\\&quot;&gt;&lt;path d=\\&quot;M256 8C119 8 8 119 8 256s111 248 248 248 248-111 248-248S393 8 256 8z\\&quot;&gt;&lt;\\\/path&gt;&lt;\\\/svg&gt;&quot;},&quot;minimized_on&quot;:&quot;tablet&quot;,&quot;hierarchical_view&quot;:&quot;yes&quot;,&quot;min_height&quot;:{&quot;unit&quot;:&quot;px&quot;,&quot;size&quot;:&quot;&quot;,&quot;sizes&quot;:[]},&quot;min_height_tablet&quot;:{&quot;unit&quot;:&quot;px&quot;,&quot;size&quot;:&quot;&quot;,&quot;sizes&quot;:[]},&quot;min_height_mobile&quot;:{&quot;unit&quot;:&quot;px&quot;,&quot;size&quot;:&quot;&quot;,&quot;sizes&quot;:[]}}\" data-widget_type=\"table-of-contents.default\">\n\t\t\t\t\t\t\t\t\t<div class=\"elementor-toc__header\">\n\t\t\t\t\t\t<h2 class=\"elementor-toc__header-title\">\n\t\t\t\tEfnisyfirlit\t\t\t<\/h2>\n\t\t\t\t\t\t\t\t\t\t<div class=\"elementor-toc__toggle-button elementor-toc__toggle-button--expand\" role=\"button\" tabindex=\"0\" aria-controls=\"elementor-toc__iwgw-tunkasilag-toc\" aria-expanded=\"true\" aria-label=\"Open table of contents\"><svg aria-hidden=\"true\" class=\"e-font-icon-svg e-fas-chevron-down\" viewBox=\"0 0 448 512\" xmlns=\"http:\/\/www.w3.org\/2000\/svg\"><path d=\"M207.029 381.476L12.686 187.132c-9.373-9.373-9.373-24.569 0-33.941l22.667-22.667c9.357-9.357 24.522-9.375 33.901-.04L224 284.505l154.745-154.021c9.379-9.335 24.544-9.317 33.901.04l22.667 22.667c9.373 9.373 9.373 24.569 0 33.941L240.971 381.476c-9.373 9.372-24.569 9.372-33.942 0z\"><\/path><\/svg><\/div>\n\t\t\t\t<div class=\"elementor-toc__toggle-button elementor-toc__toggle-button--collapse\" role=\"button\" tabindex=\"0\" aria-controls=\"elementor-toc__iwgw-tunkasilag-toc\" aria-expanded=\"true\" aria-label=\"Close table of contents\"><svg aria-hidden=\"true\" class=\"e-font-icon-svg e-fas-chevron-up\" viewBox=\"0 0 448 512\" xmlns=\"http:\/\/www.w3.org\/2000\/svg\"><path d=\"M240.971 130.524l194.343 194.343c9.373 9.373 9.373 24.569 0 33.941l-22.667 22.667c-9.357 9.357-24.522 9.375-33.901.04L224 227.495 69.255 381.516c-9.379 9.335-24.544 9.317-33.901-.04l-22.667-22.667c-9.373-9.373-9.373-24.569 0-33.941L207.03 130.525c9.372-9.373 24.568-9.373 33.941-.001z\"><\/path><\/svg><\/div>\n\t\t\t\t\t<\/div>\n\t\t\t\t<div id=\"elementor-toc__iwgw-tunkasilag-toc\" class=\"elementor-toc__body\">\n\t\t\t<div class=\"elementor-toc__spinner-container\">\n\t\t\t\t<svg class=\"elementor-toc__spinner eicon-animation-spin e-font-icon-svg e-eicon-loading\" aria-hidden=\"true\" viewBox=\"0 0 1000 1000\" xmlns=\"http:\/\/www.w3.org\/2000\/svg\"><path d=\"M500 975V858C696 858 858 696 858 500S696 142 500 142 142 304 142 500H25C25 237 238 25 500 25S975 237 975 500 763 975 500 975Z\"><\/path><\/svg>\t\t\t<\/div>\n\t\t<\/div>\n\t\t\t\t\t\t<\/div>\n\t\t\t\t<\/div>\n\t\t\t\t\t<\/div>\n\t\t\t\t<\/div>\n\t\t<div class=\"elementor-element elementor-element-iwgw-tunkasilag-hr e-con-full e-flex e-con e-child\" data-id=\"iwgw-tunkasilag-hr\" data-element_type=\"container\" data-e-type=\"container\">\n\t\t\t\t<div class=\"elementor-element elementor-element-iwgw-tunkasilag-heroimg iwg-hero-image elementor-widget elementor-widget-image\" data-id=\"iwgw-tunkasilag-heroimg\" data-element_type=\"widget\" data-e-type=\"widget\" data-widget_type=\"image.default\">\n\t\t\t\t\t\t\t\t\t\t\t\t\t\t\t<img fetchpriority=\"high\" decoding=\"async\" width=\"683\" height=\"1024\" src=\"https:\/\/iwell-guard.com\/wp-content\/uploads\/2026\/05\/goetter_native-american_tunkasila-grossvater-himmel-683x1024.webp\" class=\"attachment-large size-large wp-image-170846\" alt=\"Tunkasila St\u00f3rifa\u00f0ir Himinn - gu\u00f0ir \u00far hef\u00f0 frumbyggja Nor\u00f0ur-Amer\u00edku, s\u00f6guleg mynd\" srcset=\"https:\/\/iwell-guard.com\/wp-content\/uploads\/2026\/05\/goetter_native-american_tunkasila-grossvater-himmel-683x1024.webp 683w, https:\/\/iwell-guard.com\/wp-content\/uploads\/2026\/05\/goetter_native-american_tunkasila-grossvater-himmel-200x300.webp 200w, https:\/\/iwell-guard.com\/wp-content\/uploads\/2026\/05\/goetter_native-american_tunkasila-grossvater-himmel-768x1152.webp 768w, https:\/\/iwell-guard.com\/wp-content\/uploads\/2026\/05\/goetter_native-american_tunkasila-grossvater-himmel.webp 1024w\" sizes=\"(max-width: 683px) 100vw, 683px\" \/>\t\t\t\t\t\t\t\t\t\t\t\t\t\t\t<\/div>\n\t\t\t\t<\/div>\n\t\t\t\t\t<\/div>\n\t\t\t\t<\/div>\n\t\t<div class=\"elementor-element elementor-element-iwgw-tunkasilag-s0 e-flex e-con-boxed e-con e-parent\" data-id=\"iwgw-tunkasilag-s0\" data-element_type=\"container\" data-e-type=\"container\">\n\t\t\t\t\t<div class=\"e-con-inner\">\n\t\t\t\t<div class=\"elementor-element elementor-element-iwgw-tunkasilag-s0h elementor-widget elementor-widget-heading\" data-id=\"iwgw-tunkasilag-s0h\" data-element_type=\"widget\" data-e-type=\"widget\" data-widget_type=\"heading.default\">\n\t\t\t\t\t<h2 class=\"elementor-heading-title elementor-size-default\">Sta\u00f0a \u00ed tr\u00faarbr\u00f6g\u00f0um Lakota<\/h2>\t\t\t\t<\/div>\n\t\t<div class=\"elementor-element elementor-element-iwgw-tunkasilag-s0c e-con-full e-flex e-con e-child\" data-id=\"iwgw-tunkasilag-s0c\" data-element_type=\"container\" data-e-type=\"container\">\n\t\t\t\t<div class=\"elementor-element elementor-element-iwgw-tunkasilag-s0t elementor-widget elementor-widget-text-editor\" data-id=\"iwgw-tunkasilag-s0t\" data-element_type=\"widget\" data-e-type=\"widget\" data-widget_type=\"text-editor.default\">\n\t\t\t\t\t\t\t\t\t<p>Tunkasila er \u00ed tr\u00faarkerfi Lakota-manna ekki sj\u00e1lfst\u00e6\u00f0 vera, heldur mikilv\u00e6g gu\u00f0fr\u00e6\u00f0ileg \u00e1varpsform. Or\u00f0i\u00f0 <em>tunkasila<\/em> \u00fe\u00fd\u00f0ir einfaldlega <em>afi<\/em> og er \u00ed hversdagsm\u00e1li nota\u00f0 b\u00e6\u00f0i um l\u00edffr\u00e6\u00f0ilegan afa og um eldri karlkyns \u00e6ttingja. \u00cd tr\u00faarlegu m\u00e1li er \u00e1varpi\u00f0 \u00fatv\u00edkka\u00f0 til hins heilaga og myndar \u00feannig \u00e1kve\u00f0i\u00f0 \u00e6ttartengsl vi\u00f0 hi\u00f0 heilaga.<\/p><p>Fr\u00e1 tr\u00faarfr\u00e6\u00f0ilegu sj\u00f3narhorni er Tunkasila-hugtaki\u00f0 mikilv\u00e6gur \u00fe\u00e1ttur \u00ed <em>\u00e6ttar-<span class=\"iwg-fachbegriff\" data-tooltip=\"Hin v\u00edsindalega fr\u00e6\u00f0i um Gu\u00f0 og tr\u00fa tiltekinna tr\u00faarbrag\u00f0a.\" tabindex=\"0\">gu\u00f0fr\u00e6\u00f0i<\/span><\/em> Lakota-manna. B\u00e6nir Lakota-manna m\u00f3ta hi\u00f0 heilaga ekki sem fjarl\u00e6gan, a\u00f0skilinn \u00e6\u00f0stan veru, heldur sem n\u00e1na fj\u00f6lskyldupers\u00f3nu sem ma\u00f0ur stendur \u00ed \u00e6ttartengslum vi\u00f0.<\/p><p>\u00deennan \u00fe\u00e1tt hafa Joseph Epes Brown, Vine Deloria Jr. og Lakota-gu\u00f0fr\u00e6\u00f0ingurinn Doris Leader Charge \u00edtreka\u00f0 dregi\u00f0 fram sem meginmun fr\u00e1 vestr\u00e6nni eingy\u00f0istr\u00fa.<\/p><p>B\u00e6nahef\u00f0 Lakota-manna hefur tv\u00f6 megin\u00e1v\u00f6rp \u00e6ttar: <em>Tunkasila<\/em> (Afi) fyrir karlkyns og s\u00e9rstaklega h\u00e6rri himnaverur, <em>Unci<\/em> (Amma) fyrir kvenkyns og s\u00e9rstaklega jar\u00f0arverur (sj\u00e1 einnig <a href=\"https:\/\/iwell-guard.com\/is\/?page_id=168934\">K\u00f3ngul\u00f3ar-\u00f6mmuna<\/a>). \u00deetta tv\u00f6falda \u00e1varp endurspeglar kynja\u00f0a, tv\u00edskauta byggingu hins heilaga \u00ed Lakota-tr\u00fa og er sj\u00e1lfst\u00e6\u00f0ur gu\u00f0fr\u00e6\u00f0ilegur \u00fe\u00e1ttur.<\/p><p>Tunkasila-hef\u00f0in stendur \u00ed samspili vi\u00f0 kvenlegu <em>Unci<\/em>-hef\u00f0ina. \u00d6mmu-\u00e1varpi\u00f0 gildir s\u00e9rstaklega um jar\u00f0arverur, um K\u00f3ngul\u00f3ar-\u00f6mmu-hef\u00f0 vestr\u00e6nna Lakota-manna og um hina h\u00e6rri kvenlegu heilagleikatilfinningu almennt.<\/p><p>\u00deessi kynja\u00f0a, tv\u00edskauta tv\u00ed\u00e1varps-<span class=\"iwg-fachbegriff\" data-tooltip=\"Hin v\u00edsindalega fr\u00e6\u00f0i um Gu\u00f0 og tr\u00fa tiltekinna tr\u00faarbrag\u00f0a.\" tabindex=\"0\">gu\u00f0fr\u00e6\u00f0i<\/span> er meginbyggingareinkenni Lakota-tr\u00faarbrag\u00f0a sem a\u00f0greinir \u00feau fr\u00e1 kynjalega einsleitum h\u00f6fu\u00f0gu\u00f0um abraham\u00edskra tr\u00faarbrag\u00f0a. Joseph Epes Brown og Severt Young Bear hafa l\u00fdst \u00feessari kynju\u00f0u tv\u00edskiptingu sem jafnr\u00e9tth\u00e1u samspili, ekki sem stigskiptri kynja\u00f0ri <span class=\"iwg-fachbegriff\" data-tooltip=\"Hin v\u00edsindalega fr\u00e6\u00f0i um Gu\u00f0 og tr\u00fa tiltekinna tr\u00faarbrag\u00f0a.\" tabindex=\"0\">gu\u00f0fr\u00e6\u00f0i<\/span>.<\/p>\t\t\t\t\t\t\t\t<\/div>\n\t\t\t\t<\/div>\n\t\t\t\t\t<\/div>\n\t\t\t\t<\/div>\n\t\t<div class=\"elementor-element elementor-element-iwgw-tunkasilag-s1 e-flex e-con-boxed e-con e-parent\" data-id=\"iwgw-tunkasilag-s1\" data-element_type=\"container\" data-e-type=\"container\">\n\t\t\t\t\t<div class=\"e-con-inner\">\n\t\t\t\t<div class=\"elementor-element elementor-element-iwgw-tunkasilag-s1h elementor-widget elementor-widget-heading\" data-id=\"iwgw-tunkasilag-s1h\" data-element_type=\"widget\" data-e-type=\"widget\" data-widget_type=\"heading.default\">\n\t\t\t\t\t<h2 class=\"elementor-heading-title elementor-size-default\">Nafn og or\u00f0sifjar<\/h2>\t\t\t\t<\/div>\n\t\t<div class=\"elementor-element elementor-element-iwgw-tunkasilag-s1c e-con-full e-flex e-con e-child\" data-id=\"iwgw-tunkasilag-s1c\" data-element_type=\"container\" data-e-type=\"container\">\n\t\t\t\t<div class=\"elementor-element elementor-element-iwgw-tunkasilag-s1t elementor-widget elementor-widget-text-editor\" data-id=\"iwgw-tunkasilag-s1t\" data-element_type=\"widget\" data-e-type=\"widget\" data-widget_type=\"text-editor.default\">\n\t\t\t\t\t\t\t\t\t<p>Lakota-or\u00f0i\u00f0 <em>thunkasila<\/em> er samsett \u00far <em>thunka<\/em> (\u00e6ttstofn) og <em>sila<\/em> (\u00e6ttartengslamerki fyrir karlkyns forfe\u00f0ur). \u00dea\u00f0 gefur or\u00f0 fyrir or\u00f0 <em>karlkyns \u00e6ttstofn-\u00e6ttingi<\/em> e\u00f0a <em>karlkyns forfa\u00f0ir<\/em>. \u00cd notkun um hi\u00f0 heilaga er \u00fear me\u00f0 komi\u00f0 \u00e1 f\u00f3t hugmyndinni um kynsl\u00f3\u00f0atengsl \u00ed fj\u00f6lskyldu: Hi\u00f0 heilaga er h\u00e6rra settur \u00e6ttingi, ekki fjarl\u00e6gt vald.<\/p><p>\u00c6ttarhugtakakerfi Lakota-manna er \u00ed heild mj\u00f6g fl\u00f3ki\u00f0. \u00d3l\u00edkt n\u00fat\u00edma amer\u00edskri ensku, sem hefur a\u00f0eins eitt or\u00f0 fyrir l\u00edffr\u00e6\u00f0ilegan afa, hefur lakota-m\u00e1li\u00f0 mismunandi or\u00f0 fyrir mismunandi flokka afa (t.d. <em>tunkasila<\/em> fyrir afa \u00ed f\u00f6\u00f0ur\u00e6tt og <em>kakaala<\/em> fyrir afa \u00ed m\u00f3\u00f0ur\u00e6tt).<\/p><p>Notkun almennari myndarinnar <em>tunkasila<\/em> um hi\u00f0 heilaga alh\u00e6fir afa-tengslin og gerir \u00feau a\u00f0 vi\u00f0mi\u00f0unarpers\u00f3nu handan hins l\u00edffr\u00e6\u00f0ilega.<\/p><p>Mikilv\u00e6g gu\u00f0fr\u00e6\u00f0ileg athugun er a\u00f0 <em>tunkasila<\/em> er oft nota\u00f0 \u00ed fleirt\u00f6lumynd <em>tunkasilas<\/em> e\u00f0a <em>tunkasilapi<\/em>, sem merkir <em>afarnir<\/em>. \u00cd \u00feessari fleirt\u00f6lumynd v\u00edsar \u00e1varpi\u00f0 s\u00e9rstaklega til <em>Fj\u00f3ra afanna<\/em>, Fj\u00f3rra h\u00f6fu\u00f0\u00e1tta himinsins, sem sem pers\u00f3nuger\u00f0ar wakan-verur t\u00e1kna hina kosm\u00edsku uppbyggingu heimsins.<\/p>\t\t\t\t\t\t\t\t<\/div>\n\t\t\t\t<\/div>\n\t\t\t\t\t<\/div>\n\t\t\t\t<\/div>\n\t\t<div class=\"elementor-element elementor-element-iwgw-tunkasilag-s2 e-flex e-con-boxed e-con e-parent\" data-id=\"iwgw-tunkasilag-s2\" data-element_type=\"container\" data-e-type=\"container\">\n\t\t\t\t\t<div class=\"e-con-inner\">\n\t\t\t\t<div class=\"elementor-element elementor-element-iwgw-tunkasilag-s2h elementor-widget elementor-widget-heading\" data-id=\"iwgw-tunkasilag-s2h\" data-element_type=\"widget\" data-e-type=\"widget\" data-widget_type=\"heading.default\">\n\t\t\t\t\t<h2 class=\"elementor-heading-title elementor-size-default\">Fj\u00f3rir afarnir<\/h2>\t\t\t\t<\/div>\n\t\t<div class=\"elementor-element elementor-element-iwgw-tunkasilag-s2c e-con-full e-flex e-con e-child\" data-id=\"iwgw-tunkasilag-s2c\" data-element_type=\"container\" data-e-type=\"container\">\n\t\t\t\t<div class=\"elementor-element elementor-element-iwgw-tunkasilag-s2t elementor-widget elementor-widget-text-editor\" data-id=\"iwgw-tunkasilag-s2t\" data-element_type=\"widget\" data-e-type=\"widget\" data-widget_type=\"text-editor.default\">\n\t\t\t\t\t\t\t\t\t<p>\u00cd hinni s\u00e9rh\u00e6f\u00f0ari gu\u00f0fr\u00e6\u00f0ilegu notkun v\u00edsar <em>Tunkasila<\/em>, e\u00f0a fleirtalan <em>Tunkasilas<\/em>, til <em>hinna fj\u00f6gurra afa h\u00f6fu\u00f0\u00e1ttanna<\/em>. \u00deeir eru: <em>Wiyohpeyata<\/em> (vestur, \u00feruma), <em>Waziyata<\/em> (nor\u00f0ur, v\u00edsundur, kraftur), <em>Wiyohinyanpata<\/em> (austur, hv\u00edtur svanur, skynsemi) og <em>Itokagata<\/em> (su\u00f0ur, trani, l\u00edfsv\u00f6xtur).<\/p><p>Hverjum \u00feessara fj\u00f6gurra er eigna\u00f0ur litur (svartur, rau\u00f0ur, gulur, hv\u00edtur) og wakan-d\u00fdr auk \u00e1kve\u00f0ins hlutverks \u00ed hinni kosm\u00edsku skipan.<\/p><p>Fj\u00f3rir afarnir eru s\u00e9rstaklega \u00e1kalla\u00f0ir \u00ed upphafi hverrar Lakota-<span class=\"iwg-fachbegriff\" data-tooltip=\"Skipul\u00f6g\u00f0 atbur\u00f0ar\u00f6\u00f0 t\u00e1knger\u00f0ra athafna me\u00f0 tr\u00faarlega e\u00f0a menningarlega merkingu.\" tabindex=\"0\">helgiathafnar<\/span>.<\/p><p>\u00deetta gerist me\u00f0 \u00fev\u00ed a\u00f0 leggja fram hinn heilaga p\u00edpu <em>chanunpa<\/em> \u00ed allar fj\u00f3rar h\u00f6fu\u00f0\u00e1ttir, me\u00f0 \u00fev\u00ed a\u00f0 kasta sm\u00e1um t\u00f3bakskornum \u00ed allar fj\u00f3rar \u00e1ttir, e\u00f0a me\u00f0 munnlegu \u00e1kalli me\u00f0 hinni f\u00f6stu form\u00falu <em>Mitakuye Oyasin<\/em> (\u00d6llum \u00e6ttingjum m\u00ednum), sem tekur alla \u00e6ttingja, s\u00fdnilega og \u00f3s\u00fdnilega, me\u00f0 \u00ed <span class=\"iwg-fachbegriff\" data-tooltip=\"Skipul\u00f6g\u00f0 atbur\u00f0ar\u00f6\u00f0 t\u00e1knger\u00f0ra athafna me\u00f0 tr\u00faarlega e\u00f0a menningarlega merkingu.\" tabindex=\"0\">helgiath\u00f6fnina<\/span>.<\/p><p>\u00deessi fj\u00f6gur-\u00e1ttir-uppbygging er s\u00fa grundvallarskipan sem allri Lakota-<span class=\"iwg-fachbegriff\" data-tooltip=\"Fr\u00e6\u00f0ileg kenning um gu\u00f0 og tr\u00fa \u00ed tr\u00faarbr\u00f6g\u00f0um.\" tabindex=\"0\">gu\u00f0fr\u00e6\u00f0i<\/span> er bygg\u00f0 \u00e1. H\u00fan r\u00e6\u00f0ur <span class=\"iwg-fachbegriff\" data-tooltip=\"M\u00e1l\u00adleg \u00e1v\u00f6rpun manns til gu\u00f0d\u00f3ms.\" tabindex=\"0\">b\u00e6ninni<\/span> ekki s\u00ed\u00f0ur en helgista\u00f0fr\u00e6\u00f0i svitah\u00fasanna (sem eru sta\u00f0sett eftir fj\u00f3rum h\u00f6fu\u00f0\u00e1ttum), t\u00edmalegri uppbyggingu st\u00f3ru athafnanna (fj\u00f3rir dagar s\u00f3ldans, fj\u00f3rar n\u00e6tur vitrunarleitar) og t\u00e1knr\u00e6nni uppbyggingu l\u00e6kningaathafna.<\/p><p>Joseph Epes Brown l\u00fdsti \u00ed <em>The Sacred Pipe<\/em> \u00edtarlega hinni miklu \u00fe\u00fd\u00f0ingu fj\u00f6gur-\u00e1ttir-uppbyggingarins.<\/p><p>Litat\u00e1knfr\u00e6\u00f0i hinna fj\u00f6gurra afa er mismunandi eftir hef\u00f0um hvers verndarsv\u00e6\u00f0is. \u00cd algengustu \u00fatg\u00e1funni, eins og h\u00fan er var\u00f0veitt \u00ed textum Black Elk, er vestur svart, nor\u00f0ur rautt, austur gult, su\u00f0ur hv\u00edtt. \u00cd \u00f6\u00f0rum Lakota-hef\u00f0um er r\u00f6\u00f0in vestur rautt, nor\u00f0ur hv\u00edtt, austur gult, su\u00f0ur svart.<\/p><p>\u00deessi sv\u00e6\u00f0isbundnu tilbrig\u00f0i hafa margsinnis komi\u00f0 fram \u00ed mannfr\u00e6\u00f0ilegum ranns\u00f3knum og endurspegla \u00e6ttfr\u00e6\u00f0ilega fj\u00f6lbreytni Lakota-hef\u00f0arins. James Walker skjalfesti \u00ed Sword-textunum s\u00edna eigin uppbyggingu, sem v\u00edkur \u00ed m\u00f6rgum sm\u00e1atri\u00f0um fr\u00e1 hinni, og telst vera \u00f6nnur meginl\u00edna Lakota-<span class=\"iwg-fachbegriff\" data-tooltip=\"Fr\u00e6\u00f0ileg kenning um gu\u00f0 og tr\u00fa \u00ed tr\u00faarbr\u00f6g\u00f0um.\" tabindex=\"0\">gu\u00f0fr\u00e6\u00f0i<\/span>.<\/p>\t\t\t\t\t\t\t\t<\/div>\n\t\t\t\t<\/div>\n\t\t\t\t\t<\/div>\n\t\t\t\t<\/div>\n\t\t<div class=\"elementor-element elementor-element-iwgw-tunkasilag-s3 e-flex e-con-boxed e-con e-parent\" data-id=\"iwgw-tunkasilag-s3\" data-element_type=\"container\" data-e-type=\"container\">\n\t\t\t\t\t<div class=\"e-con-inner\">\n\t\t\t\t<div class=\"elementor-element elementor-element-iwgw-tunkasilag-s3h elementor-widget elementor-widget-heading\" data-id=\"iwgw-tunkasilag-s3h\" data-element_type=\"widget\" data-e-type=\"widget\" data-widget_type=\"heading.default\">\n\t\t\t\t\t<h2 class=\"elementor-heading-title elementor-size-default\">Hlutverk \u00ed b\u00e6ninni<\/h2>\t\t\t\t<\/div>\n\t\t<div class=\"elementor-element elementor-element-iwgw-tunkasilag-s3c e-con-full e-flex e-con e-child\" data-id=\"iwgw-tunkasilag-s3c\" data-element_type=\"container\" data-e-type=\"container\">\n\t\t\t\t<div class=\"elementor-element elementor-element-iwgw-tunkasilag-s3t elementor-widget elementor-widget-text-editor\" data-id=\"iwgw-tunkasilag-s3t\" data-element_type=\"widget\" data-e-type=\"widget\" data-widget_type=\"text-editor.default\">\n\t\t\t\t\t\t\t\t\t<p>Hlutverk Tunkasila-\u00e1varpsins \u00ed Lakota-<span class=\"iwg-fachbegriff\" data-tooltip=\"M\u00e1l\u00adleg \u00e1v\u00f6rpun manns til gu\u00f0d\u00f3ms.\" tabindex=\"0\">b\u00e6ninni<\/span> er mj\u00f6g marg\u00fe\u00e6tt. F\u00f6st Lakota-b\u00e6naform\u00fala hefst me\u00f0 <em>Tunkasila Wakan Tanka, unsi unkila<\/em> (Afi heilagur mikli, miskunna okkur), \u00fear sem hi\u00f0 heilaga er \u00e1varpa\u00f0 me\u00f0 beinu skyldleikaor\u00f0alagi.<\/p><p>\u00deetta \u00e1varp skapar tilfinningalega n\u00e1l\u00e6g\u00f0 vi\u00f0 hi\u00f0 heilaga sem \u00ed vestr\u00e6nni hef\u00f0 svarar meira til f\u00f6\u00f0ur-\u00e1varpsins \u00ed kristinni b\u00e6n (<em>Fa\u00f0ir vor<\/em>).<\/p><p>Fr\u00e1 foreldra-f\u00f6\u00f0ur-fyrirmyndinni skilur afa-\u00e1varpi\u00f0 sig \u00fe\u00f3 me\u00f0 einu vi\u00f0b\u00f3taratri\u00f0i: fjarl\u00e6g\u00f0 milli kynsl\u00f3\u00f0a. Afinn stendur einni kynsl\u00f3\u00f0 fjarri hinum n\u00e6sta uppalanda (\u00fea\u00f0 v\u00e6ri fa\u00f0irinn); hann er vir\u00f0ingarver\u00f0ur, vitur, lei\u00f0beinandi, en gr\u00edp ekki beint inn \u00ed. \u00deessi fjarl\u00e6g\u00f0 milli kynsl\u00f3\u00f0a gerir m\u00f6gulega vir\u00f0ingarfulla n\u00e1l\u00e6g\u00f0 \u00e1n valdsmannlegrar h\u00f6rku, sem einkennir s\u00e9rstakan t\u00f3n Lakota-b\u00e6narins.<\/p><p>Mikilv\u00e6gur \u00fe\u00e1ttur Lakota-b\u00e6narins er <span class=\"iwg-fachbegriff\" data-tooltip=\"B\u00e6narleg e\u00f0a \u00e1k\u00f6llunarleg \u00e1v\u00f6rpun til gu\u00f0d\u00f3ms e\u00f0a m\u00e1ttarvalds.\" tabindex=\"0\">\u00e1kalli\u00f0<\/span> \u00e1 mikilv\u00e6gustu wakan-verunum me\u00f0 s\u00ednum s\u00e9rst\u00f6ku Tunkasila-vi\u00f0urnefnum: <em>Wakinyan Tunkasila<\/em> (\u00derumu-afi, sj\u00e1 <a href=\"https:\/\/iwell-guard.com\/is\/?page_id=168938\">Thunderbird<\/a>), <em>Tatanka Tunkasila<\/em> (V\u00edsundar-afi), <em>Inyan Tunkasila<\/em> (Steins-afi). \u00deessi fj\u00f6lbreyttu Tunkasila-\u00e1v\u00f6rp s\u00fdna a\u00f0 afa-\u00e1varpi\u00f0 m\u00e1 nota me\u00f0 sveigjanleika \u00e1 allar wakan-verur af h\u00e6rri st\u00f6\u00f0u.<\/p><p>Form\u00falan <em>Mitakuye Oyasin<\/em>, sem hverri Lakota-b\u00e6nagj\u00f6r\u00f0 er loki\u00f0 me\u00f0, er mi\u00f0l\u00e6g gu\u00f0fr\u00e6\u00f0ileg sta\u00f0h\u00e6fing. H\u00fan \u00fe\u00fd\u00f0ir or\u00f0 fyrir or\u00f0 <em>\u00d6llum \u00e6ttingjum m\u00ednum<\/em> og tekur, auk mannlegra fj\u00f6lskyldu\u00e6ttingja, einnig wakan-\u00e6ttingja, d\u00fdra-\u00e6ttingja, pl\u00f6ntu-\u00e6ttingja og steins-\u00e6ttingja inn \u00ed <span class=\"iwg-fachbegriff\" data-tooltip=\"M\u00e1l\u00adleg \u00e1v\u00f6rpun manns til gu\u00f0d\u00f3ms.\" tabindex=\"0\">b\u00e6nina<\/span>.<\/p><p>\u00deessi r\u00f3tt\u00e6ka \u00fatv\u00edkkun skyldleikahugtaksins til alls kosm\u00edska mengisins er s\u00e9rst\u00e6\u00f0 lakot\u00edsk <span class=\"iwg-fachbegriff\" data-tooltip=\"Fr\u00e6\u00f0ileg kenning um gu\u00f0 og tr\u00fa \u00ed tr\u00faarbr\u00f6g\u00f0um.\" tabindex=\"0\">gu\u00f0fr\u00e6\u00f0ileg<\/span> sm\u00ed\u00f0 og er me\u00f0al \u00feeirra einkenna sem skera Lakota-tr\u00faarbr\u00f6g\u00f0 \u00far \u00ed samanbur\u00f0i vi\u00f0 eingy\u00f0istr\u00faarhef\u00f0ir.<\/p>\t\t\t\t\t\t\t\t<\/div>\n\t\t\t\t<\/div>\n\t\t\t\t\t<\/div>\n\t\t\t\t<\/div>\n\t\t<div class=\"elementor-element elementor-element-iwgw-tunkasilag-s4 e-flex e-con-boxed e-con e-parent\" data-id=\"iwgw-tunkasilag-s4\" data-element_type=\"container\" data-e-type=\"container\">\n\t\t\t\t\t<div class=\"e-con-inner\">\n\t\t\t\t<div class=\"elementor-element elementor-element-iwgw-tunkasilag-s4h elementor-widget elementor-widget-heading\" data-id=\"iwgw-tunkasilag-s4h\" data-element_type=\"widget\" data-e-type=\"widget\" data-widget_type=\"heading.default\">\n\t\t\t\t\t<h2 class=\"elementor-heading-title elementor-size-default\">Notkun \u00ed helgisi\u00f0um<\/h2>\t\t\t\t<\/div>\n\t\t<div class=\"elementor-element elementor-element-iwgw-tunkasilag-s4c e-con-full e-flex e-con e-child\" data-id=\"iwgw-tunkasilag-s4c\" data-element_type=\"container\" data-e-type=\"container\">\n\t\t\t\t<div class=\"elementor-element elementor-element-iwgw-tunkasilag-s4t elementor-widget elementor-widget-text-editor\" data-id=\"iwgw-tunkasilag-s4t\" data-element_type=\"widget\" data-e-type=\"widget\" data-widget_type=\"text-editor.default\">\n\t\t\t\t\t\t\t\t\t<p>\u00c1varpi\u00f0 Tunkasila er vi\u00f0statt \u00ed \u00f6llu helgiathafnaferli Lakota-hef\u00f0arins. \u00cd <em>Inipi<\/em> (svitahofinu) er \u00fea\u00f0 \u00e1kalla\u00f0 margsinnis \u00ed upphafi hvers hinna fj\u00f6gurra \u00feolraunaskei\u00f0a. \u00cd <em>Hanblechiyapi<\/em> (frams\u00fdnarg\u00f6ngunni) er \u00fea\u00f0 hi\u00f0 s\u00edst\u00e9tt endurtekna b\u00e6nar-atri\u00f0i einmanav\u00f6kunnar. \u00cd <em>Wiwanyag Wachipi<\/em> (s\u00f3lardansinum) er \u00fea\u00f0 \u00e1kalla\u00f0 hvern hinna fj\u00f6gurra daga me\u00f0 mismunandi \u00e1herslum.<\/p><p>Mikilv\u00e6g helgiathafnaleg notkun er <em>Cetan Wakan<\/em>&#8211;<span class=\"iwg-fachbegriff\" data-tooltip=\"M\u00e1lleg \u00e1varpsstefna mannsins til gu\u00f0d\u00f3ms.\" tabindex=\"0\">b\u00e6nin<\/span>, hin heilaga fugla-<span class=\"iwg-fachbegriff\" data-tooltip=\"M\u00e1lleg \u00e1varpsstefna mannsins til gu\u00f0d\u00f3ms.\" tabindex=\"0\">b\u00e6n<\/span>, \u00fear sem hinn heilagi fugl (oft \u00f6rninn) er \u00e1kalla\u00f0ur sem sendibo\u00f0i milli manns og Tunkasila.<\/p><p>\u00d6rninn ber hina mannlegu <span class=\"iwg-fachbegriff\" data-tooltip=\"M\u00e1lleg \u00e1varpsstefna mannsins til gu\u00f0d\u00f3ms.\" tabindex=\"0\">b\u00e6n<\/span> til Afa \u00e1 himnum og flytur svari\u00f0 til baka. \u00deessi fuglabo\u00f0atr\u00fa er sameiginlegur \u00fe\u00e1ttur margra innf\u00e6ddra amer\u00edskra tr\u00faarbrag\u00f0a og myndar mikilv\u00e6gan hluta hinnar s\u00e1ttami\u00f0landi <span class=\"iwg-fachbegriff\" data-tooltip=\"Fr\u00e6\u00f0ileg kenning um gu\u00f0 og tr\u00faarbr\u00f6g\u00f0.\" tabindex=\"0\">gu\u00f0fr\u00e6\u00f0i<\/span> milli manns og hins heilaga.<\/p><p>\u00cd n\u00fat\u00edma frumbyggjahreyfingum, s\u00e9rstaklega \u00e1 sameiginlegum \u00feingum ind\u00ed\u00e1na (eins og American Indian Movement-hreyfingunni fr\u00e1 1970 \u00e1ratugnum), er \u00e1varpi\u00f0 Tunkasila or\u00f0i\u00f0 eitt kunnasta b\u00e6narformi\u00f0 \u00ed tr\u00faarbr\u00f6g\u00f0um nor\u00f0ur-amer\u00edskra ind\u00ed\u00e1na. \u00dea\u00f0 er miki\u00f0 nota\u00f0 \u00ed opinberum s\u00f3lardansath\u00f6fnum, \u00ed AIM-a\u00f0ger\u00f0asinnasamkomum og \u00ed samt\u00edmalegri ind\u00ed\u00e1naspirit\u00faalisma.<\/p><p>Hef\u00f0in um <em>Cetan Wakan<\/em>-arnarfj\u00f6\u00f0rina er n\u00e1kv\u00e6mlega tilgreind. A\u00f0eins \u00e1kve\u00f0nar arnartegundir, gull\u00f6rninn (<em>wanblee<\/em>), en ekki venjulegur hr\u00e6gammur, gefa hinar heil\u00f6gu fja\u00f0rir. \u00deessar fja\u00f0rir eru a\u00f0eins skipt \u00fat me\u00f0 helgiathafnalegum h\u00e6tti; \u00fe\u00e6r m\u00e1 ekki kaupa e\u00f0a selja. \u00de\u00e6r ver\u00f0a a\u00f0 vera afhentar <span class=\"iwg-fachbegriff\" data-tooltip=\"\u00dea\u00f0 sem tilheyrir fastm\u00f3tu\u00f0u tr\u00faarlegu athafnaferli.\" tabindex=\"0\">helgiathafnalega<\/span> e\u00f0a \u00e1skotnast \u00ed gegnum s\u00fdn.<\/p><p>Bandar\u00edsk sambandsl\u00f6g <em>Bald and Golden Eagle Protection Act<\/em> (1940, endursko\u00f0u\u00f0 margsinnis) leyfa a\u00f0eins vi\u00f0urkenndum frumbyggja\u00fej\u00f3\u00f0flokksme\u00f0limum a\u00f0 eiga arnarfja\u00f0rir \u00ed helgiathafnalegum tilgangi; \u00f6ll \u00f6rnadr\u00e1p eru undir str\u00f6ngu eftirliti. \u00deessi lagalegi verndarrammi er einstakt d\u00e6mi um vi\u00f0urkenningu r\u00edkisins \u00e1 frumbyggjatr\u00faarbr\u00f6g\u00f0um \u00ed amer\u00edskum l\u00f6gum.<\/p>\t\t\t\t\t\t\t\t<\/div>\n\t\t\t\t<\/div>\n\t\t\t\t\t<\/div>\n\t\t\t\t<\/div>\n\t\t<div class=\"elementor-element elementor-element-iwgw-tunkasilag-s5 e-flex e-con-boxed e-con e-parent\" data-id=\"iwgw-tunkasilag-s5\" data-element_type=\"container\" data-e-type=\"container\">\n\t\t\t\t\t<div class=\"e-con-inner\">\n\t\t\t\t<div class=\"elementor-element elementor-element-iwgw-tunkasilag-s5h elementor-widget elementor-widget-heading\" data-id=\"iwgw-tunkasilag-s5h\" data-element_type=\"widget\" data-e-type=\"widget\" data-widget_type=\"heading.default\">\n\t\t\t\t\t<h2 class=\"elementor-heading-title elementor-size-default\">Verndarhef\u00f0ir og fr\u00e1hrindandi verkun<\/h2>\t\t\t\t<\/div>\n\t\t<div class=\"elementor-element elementor-element-iwgw-tunkasilag-s5c e-con-full e-flex e-con e-child\" data-id=\"iwgw-tunkasilag-s5c\" data-element_type=\"container\" data-e-type=\"container\">\n\t\t\t\t<div class=\"elementor-element elementor-element-iwgw-tunkasilag-s5t elementor-widget elementor-widget-text-editor\" data-id=\"iwgw-tunkasilag-s5t\" data-element_type=\"widget\" data-e-type=\"widget\" data-widget_type=\"text-editor.default\">\n\t\t\t\t\t\t\t\t\t<p>Verndartengda i\u00f0kunin var\u00f0andi Tunkasila er hin almenna i\u00f0kun b\u00e6nahef\u00f0ar Lakota. S\u00e1 sem lendir \u00ed nau\u00f0um, veikindum, h\u00f3tunum e\u00f0a af v\u00f6ldum illra anda, \u00e1kallar Afann, oft me\u00f0 hinu hef\u00f0bundna formi <em>Tunkasila, unsi unkila<\/em>. \u00deetta gerist me\u00f0 reykingu heil\u00f6gu p\u00edpunnar, me\u00f0 reykelsi \u00far buffal\u00f3salv\u00edu e\u00f0a s\u00e6tgrasi, e\u00f0a me\u00f0 einfaldri munnlegri \u00e1kallun.<\/p><p>S\u00e9rst\u00f6k verndari\u00f0kun er <em>Naming Ceremony<\/em>&#8211;<span class=\"iwg-fachbegriff\" data-tooltip=\"Skipul\u00f6g\u00f0 r\u00f6\u00f0 t\u00e1knger\u00f0ra athafna me\u00f0 tr\u00faarlega e\u00f0a menningarlega merkingu.\" tabindex=\"0\">helgiath\u00f6fnin<\/span>, \u00fear sem barn e\u00f0a fullor\u00f0inn einstaklingur f\u00e6r heilagt Lakota-nafn. \u00deetta nafn er fundi\u00f0 \u00ed gegnum s\u00fdn e\u00f0a af reyndum l\u00e6knandi manni og gefi\u00f0 me\u00f0 \u00edtarlegri <span class=\"iwg-fachbegriff\" data-tooltip=\"B\u00e6nleg e\u00f0a \u00e1kallandi \u00e1v\u00f6rpun gu\u00f0d\u00f3ms e\u00f0a m\u00e1ttar.\" tabindex=\"0\">\u00e1kallun<\/span> hinna fj\u00f6gurra Tunkasila og Tunkasila-Wakan-Tanka.<\/p><p>Hi\u00f0 heilaga nafn ber barni\u00f0 e\u00f0a fullor\u00f0inn einstaklingurinn allt l\u00edfi\u00f0 og telst mikilv\u00e6gasta verndin gegn illum \u00f6ndum og slysum.<\/p><p>\u00d6nnur mikilv\u00e6g verndari\u00f0kun er a\u00f0 bera litlar arnarfja\u00f0rir (<em>wanblee wapaha<\/em>) sem arnarfja\u00f0raskart, sem a\u00f0eins ver\u00f0ugir, innv\u00edg\u00f0ir einstaklingar mega bera.<\/p><p>Arnarfj\u00f6\u00f0rin t\u00e1knar tengslin vi\u00f0 Afann \u00e1 himnum og telst \u00f6flug ap\u00f3tr\u00f3pa\u00edsk v\u00f6rn. \u00cd hinni hef\u00f0bundnu Lakota-i\u00f0kun var afhending arnarfj\u00f6\u00f0rar tengd fl\u00f3kinni helgiathafnalegri ath\u00f6fn, sem enn er stundu\u00f0 \u00ed nokkrum fylkissamf\u00e9l\u00f6gum til \u00feessa dags.<\/p>\t\t\t\t\t\t\t\t<\/div>\n\t\t\t\t<\/div>\n\t\t\t\t\t<\/div>\n\t\t\t\t<\/div>\n\t\t<div class=\"elementor-element elementor-element-iwgw-tunkasilag-s6 e-flex e-con-boxed e-con e-parent\" data-id=\"iwgw-tunkasilag-s6\" data-element_type=\"container\" data-e-type=\"container\">\n\t\t\t\t\t<div class=\"e-con-inner\">\n\t\t\t\t<div class=\"elementor-element elementor-element-iwgw-tunkasilag-s6h elementor-widget elementor-widget-heading\" data-id=\"iwgw-tunkasilag-s6h\" data-element_type=\"widget\" data-e-type=\"widget\" data-widget_type=\"heading.default\">\n\t\t\t\t\t<h2 class=\"elementor-heading-title elementor-size-default\">Hli\u00f0st\u00e6\u00f0ur \u00ed \u00f6\u00f0rum menningarheimum<\/h2>\t\t\t\t<\/div>\n\t\t<div class=\"elementor-element elementor-element-iwgw-tunkasilag-s6c e-con-full e-flex e-con e-child\" data-id=\"iwgw-tunkasilag-s6c\" data-element_type=\"container\" data-e-type=\"container\">\n\t\t\t\t<div class=\"elementor-element elementor-element-iwgw-tunkasilag-s6t elementor-widget elementor-widget-text-editor\" data-id=\"iwgw-tunkasilag-s6t\" data-element_type=\"widget\" data-e-type=\"widget\" data-widget_type=\"text-editor.default\">\n\t\t\t\t\t\t\t\t\t<p>\u00c1v\u00f6rpun hins heilaga me\u00f0 fr\u00e6ndsemisor\u00f0um er v\u00ed\u00f0\u00fatbreitt tr\u00faarhistor\u00edskt fyrirb\u00e6ri. Byggingarlega samb\u00e6rileg eru kristi\u00f0 <em>Fa\u00f0ir vor<\/em>-\u00e1varpi\u00f0 (\u00fe\u00f3 me\u00f0 Fa\u00f0ir \u00ed sta\u00f0 Afa), hi\u00f0 j\u00fad\u00edska <em>Avinu Malkenu<\/em>-\u00e1varp (Fa\u00f0ir okkar, Konungur okkar) og hi\u00f0 \u00edslamska <em>Rabbana<\/em>-\u00e1varp (Herra okkar).<\/p><p>Mikilv\u00e6g er \u00fe\u00f3 menningarhist\u00f3r\u00edsk s\u00e9rsta\u00f0a Lakota-hef\u00f0arins: \u00c1varpi\u00f0 er \u00e6tla\u00f0 Afanum og ekki F\u00f6\u00f0urnum; \u00fea\u00f0 vir\u00f0ir kynsl\u00f3\u00f0afjarl\u00e6g\u00f0 sem hi\u00f0 vestr\u00e6na f\u00f6\u00f0ur-\u00e1varp hefur ekki. \u00deennan mun hefur Vine Deloria Jr. \u00edtreka\u00f0 dregi\u00f0 fram sem lykilatri\u00f0i Lakota-<span class=\"iwg-fachbegriff\" data-tooltip=\"Fr\u00e6\u00f0ileg kenning um gu\u00f0 og tr\u00faarbr\u00f6g\u00f0.\" tabindex=\"0\">gu\u00f0fr\u00e6\u00f0innar<\/span>, sem m\u00e6lir gegn \u00f3t\u00edmab\u00e6rri j\u00f6fnun vi\u00f0 hinn kristna Gu\u00f0-F\u00f6\u00f0ur.<\/p><p>Innan hef\u00f0a amer\u00edskra ind\u00ed\u00e1na er Afa-\u00e1varpi\u00f0 v\u00ed\u00f0\u00fatbreitt. Hj\u00e1 algonkin-m\u00e1lm\u00e6landi \u00fej\u00f3\u00f0flokkunum heitir \u00fea\u00f0 <em>Gitchi Manitou<\/em> (Hinn mikli <span class=\"iwg-fachbegriff\" data-tooltip=\"L\u00edkamslaus vera sem talin er hafa \u00e1hrif \u00ed heiminum.\" tabindex=\"0\">andi<\/span>) me\u00f0 svipa\u00f0a kynsl\u00f3\u00f0afjarl\u00e6g\u00f0arbl\u00e6.<\/p><p>Hj\u00e1 Cherokee, Choctaw, Cheyenne og Crow eru til eigin Afa-\u00e1v\u00f6rp, byggingarlega samb\u00e6rileg. Hin sam-ind\u00ed\u00e1nska \u00fatbrei\u00f0sla <em>Tunkasila<\/em> \u00ed n\u00fat\u00edma sam-ind\u00ed\u00e1nahreyfingunni hefur \u00fe\u00f3 gert hina s\u00e9rlakot\u00edsku notkun almenna og a\u00f0 hluta gert hana \u00f3greinilegri.<\/p><p>Innan hinnar v\u00ed\u00f0ari sl\u00e9ttuind\u00ed\u00e1nahef\u00f0ar er Afa-\u00e1varp Cheyenne einkar l\u00edkt. Cheyenne-f\u00f3lki\u00f0 \u00e1varpar h\u00e1gu\u00f0inn <em>Maheo<\/em> sem <em>Old Man<\/em> og stundum sem <em>Afa<\/em>. Hj\u00e1 Crow heitir samsvarandi \u00e1varp <em>Akbatatdia<\/em>, hinn heilagi arflei\u00f0andi, sem einnig er \u00ed Afa-merkingu.<\/p><p>Byggingarleg samleitni \u00feessara sl\u00e9ttu-Afagu\u00f0fr\u00e6\u00f0a bendir til menningarhist\u00f3r\u00edsks skyldleika, sem g\u00e6ti hafa \u00fer\u00f3ast \u00ed n\u00e1inni \u00fej\u00f3\u00f0flokkasamskiptum sl\u00e9ttusv\u00e6\u00f0isins \u00e1 17. og 18. \u00f6ld.<\/p>\t\t\t\t\t\t\t\t<\/div>\n\t\t\t\t<\/div>\n\t\t\t\t\t<\/div>\n\t\t\t\t<\/div>\n\t\t<div class=\"elementor-element elementor-element-iwgw-tunkasilag-s7 e-flex e-con-boxed e-con e-parent\" data-id=\"iwgw-tunkasilag-s7\" data-element_type=\"container\" data-e-type=\"container\">\n\t\t\t\t\t<div class=\"e-con-inner\">\n\t\t\t\t<div class=\"elementor-element elementor-element-iwgw-tunkasilag-s7h elementor-widget elementor-widget-heading\" data-id=\"iwgw-tunkasilag-s7h\" data-element_type=\"widget\" data-e-type=\"widget\" data-widget_type=\"heading.default\">\n\t\t\t\t\t<h2 class=\"elementor-heading-title elementor-size-default\">N\u00fat\u00edmavi\u00f0t\u00f6kur og ranns\u00f3knir<\/h2>\t\t\t\t<\/div>\n\t\t<div class=\"elementor-element elementor-element-iwgw-tunkasilag-s7c e-con-full e-flex e-con e-child\" data-id=\"iwgw-tunkasilag-s7c\" data-element_type=\"container\" data-e-type=\"container\">\n\t\t\t\t<div class=\"elementor-element elementor-element-iwgw-tunkasilag-s7t elementor-widget elementor-widget-text-editor\" data-id=\"iwgw-tunkasilag-s7t\" data-element_type=\"widget\" data-e-type=\"widget\" data-widget_type=\"text-editor.default\">\n\t\t\t\t\t\t\t\t\t<p>T\u021fu\u014bk\u00e1\u0161ila-\u00e1varpi\u00f0 er \u00ed dag \u00f3sliti\u00f0 lifandi \u00ed tr\u00faari\u00f0kun Lak\u00f3ta og er reglulega nota\u00f0 \u00ed fri\u00f0landasamf\u00e9l\u00f6gunum og \u00ed hinni vaxandi \u00fe\u00e9ttb\u00fdlisdreifingu Lak\u00f3ta. \u00dea\u00f0 er eitt af f\u00e1um atri\u00f0um Lak\u00f3ta-<span class=\"iwg-fachbegriff\" data-tooltip=\"Fr\u00e6\u00f0ileg kenning um Gu\u00f0 og tr\u00fa innan tr\u00faarbrag\u00f0a.\" tabindex=\"0\">gu\u00f0fr\u00e6\u00f0i<\/span> sem eru \u00fe\u00fddd b\u00f3kstaflega \u00e1 bandar\u00edska ensku, sem <em>Grandfather<\/em>, og er \u00feannig einnig a\u00f0gengilegt \u00feeim sem ekki tala Lak\u00f3ta.<\/p><p>Innan fr\u00e6\u00f0ilegra ranns\u00f3kna hafa Vine Deloria Jr., Joseph Epes Brown, \u00c5ke Hultkrantz, Raymond DeMallie og Lak\u00f3ta-gu\u00f0fr\u00e6\u00f0ingurinn Doris Leader Charge l\u00fdst T\u021fu\u014bk\u00e1\u0161ila-hef\u00f0inni me\u00f0 kerfisbundnum h\u00e6tti. Meginatri\u00f0i gu\u00f0fr\u00e6\u00f0innar, \u00e6ttartengslin vi\u00f0 hi\u00f0 heilaga, hefur veri\u00f0 vi\u00f0urkennt sem mikilv\u00e6gt framlag frumbyggja-amer\u00edskrar <span class=\"iwg-fachbegriff\" data-tooltip=\"Fr\u00e6\u00f0ileg kenning um Gu\u00f0 og tr\u00fa innan tr\u00faarbrag\u00f0a.\" tabindex=\"0\">gu\u00f0fr\u00e6\u00f0i<\/span> til tr\u00faarbrag\u00f0as\u00f6gu heimsins.<\/p><p>Fr\u00e1 sj\u00f3narh\u00f3li tr\u00faarbrag\u00f0afr\u00e6\u00f0innar er T\u021fu\u014bk\u00e1\u0161ila-\u00e1varpi\u00f0 mikilv\u00e6gt d\u00e6mi um sj\u00e1lfst\u00e6\u00f0i frumbyggja-amer\u00edskrar tr\u00faari\u00f0kunar gagnvart hinum fyrirfram gefnu evr\u00f3psku tr\u00faarbrag\u00f0aflokkum.<\/p><p>\u00d3l\u00edkt hinu einfalda <em>Great Spirit<\/em>-hugtaki vins\u00e6lla ind\u00ed\u00e1nab\u00f3kmennta, sem er einf\u00f6ldu\u00f0 kristnileg lestur \u00e1 Lak\u00f3ta-<span class=\"iwg-fachbegriff\" data-tooltip=\"Fr\u00e6\u00f0ileg kenning um Gu\u00f0 og tr\u00fa innan tr\u00faarbrag\u00f0a.\" tabindex=\"0\">gu\u00f0fr\u00e6\u00f0i<\/span>, mi\u00f0lar T\u021fu\u014bk\u00e1\u0161ila-\u00e1varpi\u00f0 s\u00e9rt\u00e6kri lak\u00f3t\u00edskri \u00e6ttartengsla-<span class=\"iwg-fachbegriff\" data-tooltip=\"Fr\u00e6\u00f0ileg kenning um Gu\u00f0 og tr\u00fa innan tr\u00faarbrag\u00f0a.\" tabindex=\"0\">gu\u00f0fr\u00e6\u00f0i<\/span> sem ver\u00f0skuldar s\u00e9rstaka athygli innan samanbur\u00f0ar-<span class=\"iwg-fachbegriff\" data-tooltip=\"V\u00edsindin sem rannsaka tr\u00faarbr\u00f6g\u00f0 me\u00f0 samanbur\u00f0i og \u00e1n tr\u00faarlegrar skuldbindingar.\" tabindex=\"0\">tr\u00faarbrag\u00f0afr\u00e6\u00f0i<\/span>. Tengsl iWell Guard vi\u00f0 Lak\u00f3ta-hef\u00f0ina l\u00fdsa \u00feessum ni\u00f0urst\u00f6\u00f0um \u00ed tr\u00faarbrag\u00f0as\u00f6gulegu samhengi, \u00e1n lofor\u00f0a um verkun e\u00f0a andlegra r\u00e1\u00f0legginga.<\/p><p>Mikilv\u00e6g ranns\u00f3knarl\u00edna s\u00ed\u00f0ustu \u00e1ra fjallar um spurninguna um Lak\u00f3ta-m\u00e1l-<span class=\"iwg-fachbegriff\" data-tooltip=\"Fr\u00e6\u00f0ileg kenning um Gu\u00f0 og tr\u00fa innan tr\u00faarbrag\u00f0a.\" tabindex=\"0\">gu\u00f0fr\u00e6\u00f0i<\/span>. T\u021fu\u014bk\u00e1\u0161ila-\u00e1varpi\u00f0 er innfellt \u00ed v\u00ed\u00f0t\u00e6kt Lak\u00f3ta-tungum\u00e1l \u00fear sem m\u00e1lfr\u00e6\u00f0ileg uppbygging (sagnakerfi, \u00e6ttaror\u00f0afor\u00f0i, wakan-hugt\u00f6k) ber uppi tr\u00faarlegt innihald.<\/p><p>Ef Lak\u00f3ta-tungum\u00e1li\u00f0 glatast, og \u00fea\u00f0 er \u00ed mikilli h\u00e6ttu vegna m\u00e1lmissis yngri kynsl\u00f3\u00f0a, glatast einnig hin s\u00e9rstaka gu\u00f0fr\u00e6\u00f0ilega d\u00fdpt T\u021fu\u014bk\u00e1\u0161ila-hef\u00f0arinnar. \u00c1\u00e6tlanir um endurl\u00edfgun Lak\u00f3ta-tungum\u00e1ls \u00ed fri\u00f0landask\u00f3lum fr\u00e1 t\u00edunda \u00e1ratugnum eru \u00fev\u00ed einnig tr\u00faarlegt og gu\u00f0fr\u00e6\u00f0ilegt m\u00e1lefni.<\/p>\t\t\t\t\t\t\t\t<\/div>\n\t\t\t\t<\/div>\n\t\t\t\t\t<\/div>\n\t\t\t\t<\/div>\n\t\t<div class=\"elementor-element elementor-element-iwgw-tunkasilag-s8 e-flex e-con-boxed e-con e-parent\" data-id=\"iwgw-tunkasilag-s8\" data-element_type=\"container\" data-e-type=\"container\">\n\t\t\t\t\t<div class=\"e-con-inner\">\n\t\t\t\t<div class=\"elementor-element elementor-element-iwgw-tunkasilag-s8h elementor-widget elementor-widget-heading\" data-id=\"iwgw-tunkasilag-s8h\" data-element_type=\"widget\" data-e-type=\"widget\" data-widget_type=\"heading.default\">\n\t\t\t\t\t<h2 class=\"elementor-heading-title elementor-size-default\">Heimildir og b\u00f3kmenntir<\/h2>\t\t\t\t<\/div>\n\t\t<div class=\"elementor-element elementor-element-iwgw-tunkasilag-s8c e-con-full e-flex e-con e-child\" data-id=\"iwgw-tunkasilag-s8c\" data-element_type=\"container\" data-e-type=\"container\">\n\t\t\t\t<div class=\"elementor-element elementor-element-iwgw-tunkasilag-s8t elementor-widget elementor-widget-text-editor\" data-id=\"iwgw-tunkasilag-s8t\" data-element_type=\"widget\" data-e-type=\"widget\" data-widget_type=\"text-editor.default\">\n\t\t\t\t\t\t\t\t\t<p>Eftirfarandi \u00farval telur upp helstu rit um tr\u00faarbr\u00f6g\u00f0 Lak\u00f3ta og samanbur\u00f0ar-<span class=\"iwg-fachbegriff\" data-tooltip=\"V\u00edsindin sem rannsaka tr\u00faarbr\u00f6g\u00f0 me\u00f0 samanbur\u00f0i og \u00e1n tr\u00faarlegrar skuldbindingar.\" tabindex=\"0\">tr\u00faarbrag\u00f0afr\u00e6\u00f0i<\/span> um T\u021fu\u014bk\u00e1\u0161ila-hef\u00f0ina.<\/p>\t\t\t\t\t\t\t\t<\/div>\n\t\t\t\t<\/div>\n\t\t\t\t\t<\/div>\n\t\t\t\t<\/div>\n\t\t<div class=\"elementor-element elementor-element-cp289d6f52 e-flex e-con-boxed e-con e-parent\" data-id=\"cp289d6f52\" data-element_type=\"container\" data-e-type=\"container\">\n\t\t\t\t\t<div class=\"e-con-inner\">\n\t\t\t\t<div class=\"elementor-element elementor-element-cp2d341ae1 elementor-widget elementor-widget-heading\" data-id=\"cp2d341ae1\" data-element_type=\"widget\" data-e-type=\"widget\" data-widget_type=\"heading.default\">\n\t\t\t\t\t<h2 class=\"elementor-heading-title elementor-size-default\">T\u021fu\u014bk\u00e1\u0161ila sem \u00e1varp \u00ed b\u00e6n Lak\u00f3ta<\/h2>\t\t\t\t<\/div>\n\t\t<div class=\"elementor-element elementor-element-cp293703eb e-flex e-con-boxed e-con e-child\" data-id=\"cp293703eb\" data-element_type=\"container\" data-e-type=\"container\">\n\t\t\t\t\t<div class=\"e-con-inner\">\n\t\t\t\t<div class=\"elementor-element elementor-element-cp225c40b1 elementor-widget elementor-widget-text-editor\" data-id=\"cp225c40b1\" data-element_type=\"widget\" data-e-type=\"widget\" data-widget_type=\"text-editor.default\">\n\t\t\t\t\t\t\t\t\t<p>Heiti\u00f0 <em>T\u021fu\u014bk\u00e1\u0161ila<\/em>, b\u00f3kstaflega afi, er \u00ed skilningi Lak\u00f3ta-f\u00f3lksins s\u00ed\u00f0ur eiginnafn afmarka\u00f0rar <span class=\"iwg-fachbegriff\" data-tooltip=\"Vera sem er tignu\u00f0 sem gu\u00f0leg innan tr\u00faarbrag\u00f0a.\" tabindex=\"0\">gu\u00f0veru<\/span> en vir\u00f0ingarfull \u00e1varp sem er nota\u00f0 \u00ed <span class=\"iwg-fachbegriff\" data-tooltip=\"\u00c1varp manns \u00ed m\u00e1li til gu\u00f0veru.\" tabindex=\"0\">b\u00e6n<\/span>.<\/p><p>\u00dea\u00f0 getur \u00e1tt vi\u00f0 <em>Wak\u021f\u00e1\u014b T\u021f\u00e1\u014bka<\/em>, hi\u00f0 mikla heilaga leyndarm\u00e1l, en einnig vi\u00f0 einstaka heilaga krafta og anda forfe\u00f0ranna. \u00deessi hreyfanleiki hugtaksins er afgerandi fyrir r\u00e9ttan skilning og a\u00f0greinir tr\u00faarbr\u00f6g\u00f0 Lak\u00f3ta grundvallarlega fr\u00e1 <span class=\"iwg-fachbegriff\" data-tooltip=\"Heild gu\u00f0a innan tr\u00faarbrag\u00f0a e\u00f0a menningar.\" tabindex=\"0\">go\u00f0aheimi<\/span>-kerfum me\u00f0 sk\u00fdrt afm\u00f6rku\u00f0um einst\u00f6kum gu\u00f0um.<\/p><p>\u00cd var\u00f0veittum b\u00e6num, me\u00f0al annars \u00ed textum sem tengjast heilaga manninum Black Elk, kemur \u00e1varpi\u00f0 T\u021fu\u014bk\u00e1\u0161ila endurteki\u00f0 fram, oft \u00ed tengslum vi\u00f0 \u00e1ttirnar fj\u00f3rar, upp til himins og ni\u00f0ur til jar\u00f0ar.<\/p><p>S\u00e1 sem bi\u00f0ur sn\u00fdr s\u00e9r a\u00f0 afanum \u00ed hverja \u00e1tt og setur sig \u00feannig \u00ed mi\u00f0ju skipulegs heilags heims.<\/p><p>\u00de\u00fdska \u00fe\u00fd\u00f0ingin sem Afi himinn \u00ferengir \u00feessa ni\u00f0urst\u00f6\u00f0u, \u00fev\u00ed h\u00fan gefur til kynna fasta himneska <span class=\"iwg-fachbegriff\" data-tooltip=\"Vera sem er tignu\u00f0 sem gu\u00f0leg innan tr\u00faarbrag\u00f0a.\" tabindex=\"0\">gu\u00f0veru<\/span>. \u00cd hef\u00f0 Lak\u00f3ta er a\u00f0greiningin milli afa himins og \u00f6mmu jar\u00f0ar, <em>U\u014b\u010d\u00ed Mak\u021f\u00e1<\/em>, a\u00f0 v\u00edsu algeng, en b\u00e6\u00f0i heyra til tengslakerfi \u00fear sem hi\u00f0 heilaga er ekki sundurgreint \u00ed einstaka pers\u00f3nur, heldur hugsa\u00f0 sem \u00e6ttartengd heild. V\u00edsindalega er \u00fev\u00ed mikilv\u00e6gt a\u00f0 lesa T\u021fu\u014bk\u00e1\u0161ila fyrst og fremst sem b\u00e6nar\u00e1varp og tj\u00e1ning \u00e6ttar-heimsmyndar, ekki sem einangra\u00f0an himnagu\u00f0 eftir evr\u00f3pskri fyrirmynd.\t\t\t\t\t\t\t\t<\/div>\n\t\t\t\t\t<\/div>\n\t\t\t\t<\/div>\n\t\t\t\t\t<\/div>\n\t\t\t\t<\/div>\n\t\t<div class=\"elementor-element elementor-element-cp27df1f4e e-flex e-con-boxed e-con e-parent\" data-id=\"cp27df1f4e\" data-element_type=\"container\" data-e-type=\"container\">\n\t\t\t\t\t<div class=\"e-con-inner\">\n\t\t\t\t<div class=\"elementor-element elementor-element-cp22486db9 elementor-widget elementor-widget-heading\" data-id=\"cp22486db9\" data-element_type=\"widget\" data-e-type=\"widget\" data-widget_type=\"heading.default\">\n\t\t\t\t\t<h2 class=\"elementor-heading-title elementor-size-default\">Heimildir: fr\u00e1 James Walker til gagnr\u00fdni \u00e1 fyrstu safnendur<\/h2>\t\t\t\t<\/div>\n\t\t<div class=\"elementor-element elementor-element-cp2b8dc244 e-flex e-con-boxed e-con e-child\" data-id=\"cp2b8dc244\" data-element_type=\"container\" data-e-type=\"container\">\n\t\t\t\t\t<div class=\"e-con-inner\">\n\t\t\t\t<div class=\"elementor-element elementor-element-cp26823363 elementor-widget elementor-widget-text-editor\" data-id=\"cp26823363\" data-element_type=\"widget\" data-e-type=\"widget\" data-widget_type=\"text-editor.default\">\n\t\t\t\t\t\t\t\t\t<p>Skriflegar heimildir um tr\u00faarhugmyndir Lak\u00f3ta-f\u00f3lksins, \u00fear \u00e1 me\u00f0al um tal um afann, koma a\u00f0 verulegu leyti fr\u00e1 f\u00e1einum s\u00f6fnurum fr\u00e1 lokum 19. aldar og upphafi \u00feeirrar 20.<\/p><p>Mikilv\u00e6gastur \u00feeirra er James R. Walker, l\u00e6knir sem starfa\u00f0i fr\u00e1 1896 \u00ed Pine Ridge-verndarsv\u00e6\u00f0inu og vann \u00e1rum saman me\u00f0 heil\u00f6gum m\u00f6nnum \u00e1 bor\u00f0 vi\u00f0 George Sword, Thomas Tyon og Little Wound.<\/p><p>Skr\u00e1ningar hans voru ekki gefnar \u00fat me\u00f0 gagnr\u00fdnni \u00fatg\u00e1fu fyrr en seint, fr\u00e1 og me\u00f0 n\u00edunda \u00e1ratug 20. aldar, af Raymond DeMallie og Elaine Jahner, undir titlum eins og <em>Lakota Belief and <span class=\"iwg-fachbegriff\" data-tooltip=\"Skipul\u00f6g\u00f0 atbur\u00f0ar\u00e1s t\u00e1knr\u00e6nna athafna me\u00f0 tr\u00faarlega e\u00f0a menningarlega merkingu.\" tabindex=\"0\">Ritual<\/span><\/em>.<\/p><p>Efni Walkers er r\u00edkulegt en ekki vandkv\u00e6\u00f0alaust. Hann setti fram fullyr\u00f0ingar heimildarmanna sinna a\u00f0 nokkru leyti sem kerfisbundi\u00f0 kenningarsafn sem m\u00f3ta\u00f0i stigveldi hinna helgu krafta sk\u00fdrar en samsvara\u00f0i l\u00edklega hinni lifu\u00f0u tr\u00faari\u00f0kun.<\/p><p>S\u00ed\u00f0ari ranns\u00f3knir hafa bent \u00e1 a\u00f0 Walker hafi \u00fear me\u00f0 lagt til eigin skipulagshugmyndir og a\u00f0 einstakir heimildarmenn hans hafi hugsanlega ekki sagt honum allt, e\u00f0a ekki allt \u00f3bjaga\u00f0.<\/p><p>\u00d6nnur mikilv\u00e6g heimild er efni\u00f0 sem rekja m\u00e1 til Black Elk, mi\u00f0la\u00f0 af John Neihardt \u00ed <em>Black Elk Speaks<\/em> (1932) og af Joseph Epes Brown \u00ed <em>The Sacred Pipe<\/em> (1953). Einnig h\u00e9r ber a\u00f0 hafa \u00ed huga millig\u00f6nguhlutverk \u00feessara h\u00f6funda sem ekki voru af frumbyggja\u00e6ttum. Fr\u00e6\u00f0ilega s\u00e9\u00f0 gildir \u00fev\u00ed: Fullyr\u00f0ingar um T\u021fu\u014bk\u00e1\u0161ila eru s\u00eda\u00f0ar \u00ed gegnum \u00fer\u00f6ngan heimildagrunn sem m\u00f3tast hefur af mi\u00f0lun og kerfisv\u00e6\u00f0ingu. N\u00fdrri ranns\u00f3knir, til d\u00e6mis hj\u00e1 DeMallie, draga fram innra sj\u00f3narhorn Lak\u00f3ta-f\u00f3lksins sk\u00fdrar og hvetja til var\u00fa\u00f0ar gagnvart loku\u00f0um kerfum fyrstu safnaranna.\t\t\t\t\t\t\t\t<\/div>\n\t\t\t\t\t<\/div>\n\t\t\t\t<\/div>\n\t\t\t\t\t<\/div>\n\t\t\t\t<\/div>\n\t\t<div class=\"elementor-element elementor-element-iwgw-tunkasilag-lit e-flex e-con-boxed e-con e-parent\" data-id=\"iwgw-tunkasilag-lit\" data-element_type=\"container\" data-e-type=\"container\">\n\t\t\t\t\t<div class=\"e-con-inner\">\n\t\t\t\t<div class=\"elementor-element elementor-element-iwgw-tunkasilag-lith elementor-widget elementor-widget-heading\" data-id=\"iwgw-tunkasilag-lith\" data-element_type=\"widget\" data-e-type=\"widget\" data-widget_type=\"heading.default\">\n\t\t\t\t\t<h2 class=\"elementor-heading-title elementor-size-default\">Heimildir (\u00farval)<\/h2>\t\t\t\t<\/div>\n\t\t<div class=\"elementor-element elementor-element-iwgw-tunkasilag-litc e-con-full e-flex e-con e-child\" data-id=\"iwgw-tunkasilag-litc\" data-element_type=\"container\" data-e-type=\"container\">\n\t\t\t\t<div class=\"elementor-element elementor-element-iwgw-tunkasilag-litt elementor-widget elementor-widget-text-editor\" data-id=\"iwgw-tunkasilag-litt\" data-element_type=\"widget\" data-e-type=\"widget\" data-widget_type=\"text-editor.default\">\n\t\t\t\t\t\t\t\t\t<ul><li>Joseph Epes Brown: <em>The Sacred Pipe<\/em> (1953)<\/li><li>Vine Deloria Jr.: <em>God Is Red<\/em> (1973)<\/li><li>Raymond DeMallie: <em>The Sixth Grandfather<\/em> (1984)<\/li><li>James Walker: <em>Lakota Belief and <span class=\"iwg-fachbegriff\" data-tooltip=\"Skipul\u00f6g\u00f0 atbur\u00f0ar\u00f6\u00f0 t\u00e1knger\u00f0ra athafna me\u00f0 tr\u00faarlegt e\u00f0a menningarlegt gildi.\" tabindex=\"0\">Ritual<\/span><\/em> (1980)<\/li><li>Aase Hultkrantz: <em>Belief and Worship in Native North America<\/em> (1981)<\/li><li>Doris Leader Charge: <em>Lakota Way of Strength and Courage<\/em> (1995)<\/li><\/ul>\t\t\t\t\t\t\t\t<\/div>\n\t\t\t\t<\/div>\n\t\t\t\t\t<\/div>\n\t\t\t\t<\/div>\n\t\t<div class=\"elementor-element elementor-element-iwgw-tunkasilag-kwd e-flex e-con-boxed e-con e-parent\" data-id=\"iwgw-tunkasilag-kwd\" data-element_type=\"container\" data-e-type=\"container\">\n\t\t\t\t\t<div class=\"e-con-inner\">\n\t\t<div class=\"elementor-element elementor-element-iwgw-tunkasilag-kwdc e-con-full e-flex e-con e-child\" data-id=\"iwgw-tunkasilag-kwdc\" data-element_type=\"container\" data-e-type=\"container\">\n\t\t\t\t<div class=\"elementor-element elementor-element-iwgw-tunkasilag-kwdt elementor-widget elementor-widget-text-editor\" data-id=\"iwgw-tunkasilag-kwdt\" data-element_type=\"widget\" data-e-type=\"widget\" data-widget_type=\"text-editor.default\">\n\t\t\t\t\t\t\t\t\t<p><em>Tengd leitaror\u00f0: Tunkasila Thunkasila St\u00f3rafi Lakota Fj\u00f3rar \u00e1ttir Mitakuye Oyasin.<\/em><\/p>\t\t\t\t\t\t\t\t<\/div>\n\t\t\t\t<\/div>\n\t\t\t\t\t<\/div>\n\t\t\t\t<\/div>\n\t\t<div class=\"elementor-element elementor-element-iwgw-tunkasilag-cc e-flex e-con-boxed e-con e-parent\" data-id=\"iwgw-tunkasilag-cc\" data-element_type=\"container\" data-e-type=\"container\" id=\"iwg-cc-tunkasila-grossvater-himmel\">\n\t\t\t\t\t<div class=\"e-con-inner\">\n\t\t<div class=\"elementor-element elementor-element-iwgw-tunkasilag-ccinner e-flex e-con-boxed e-con e-parent\" data-id=\"iwgw-tunkasilag-ccinner\" data-element_type=\"container\" data-e-type=\"container\" data-settings=\"{&quot;background_background&quot;:&quot;classic&quot;}\">\n\t\t\t\t\t<div class=\"e-con-inner\">\n\t\t\t\t<div class=\"elementor-element elementor-element-iwgw-tunkasilag-cch elementor-widget elementor-widget-heading\" data-id=\"iwgw-tunkasilag-cch\" data-element_type=\"widget\" data-e-type=\"widget\" data-widget_type=\"heading.default\">\n\t\t\t\t\t<h2 class=\"elementor-heading-title elementor-size-default\">iWell Guard og verndarhef\u00f0ir<\/h2>\t\t\t\t<\/div>\n\t\t\t\t<div class=\"elementor-element elementor-element-iwgw-tunkasilag-cct elementor-widget elementor-widget-text-editor\" data-id=\"iwgw-tunkasilag-cct\" data-element_type=\"widget\" data-e-type=\"widget\" data-widget_type=\"text-editor.default\">\n\t\t\t\t\t\t\t\t\t<div data-nosnippet=\"true\"><p>iWell Guard tengist menningars\u00f6gulegri hef\u00f0 verndargripa til a\u00f0 bera \u00e1 s\u00e9r, \u00ed hef\u00f0 <a href=\"https:\/\/iwell-guard.com\/is\/?page_id=168910\">Native American<\/a> og margra annarra menningarheima um allan heim. 41 lag, alv\u00f6ru gull, plat\u00edna, silfur, framleitt \u00ed \u00de\u00fdskalandi. 30 daga skilar\u00e9ttur.<\/p><\/div>\t\t\t\t\t\t\t\t<\/div>\n\t\t\t\t<div class=\"elementor-element elementor-element-iwgw-tunkasilag-ccb iwg-cc-button iwg-cc-cta-2026-05-13 elementor-widget elementor-widget-jet-button\" data-id=\"iwgw-tunkasilag-ccb\" data-element_type=\"widget\" data-e-type=\"widget\" data-widget_type=\"jet-button.default\">\n\t\t\t\t<div class=\"elementor-widget-container\">\n\t\t\t\t\t<div class=\"elementor-jet-button jet-elements\"><div class=\"jet-button__container\"><a class=\"jet-button__instance jet-button__instance--icon-left hover-effect-1\" href=\"\/ueber-iwell-guard\/?utm_source=iwell-guard.com&amp;utm_medium=info-box&amp;utm_campaign=wesen-tradition\"><div class=\"jet-button__plane jet-button__plane-normal\"><\/div><div class=\"jet-button__plane jet-button__plane-hover\"><\/div><div class=\"jet-button__state jet-button__state-normal\"><span class=\"jet-button__label\">Meira um iWell Guard<\/span><\/div><div class=\"jet-button__state jet-button__state-hover\"><span class=\"jet-button__label\">Meira um iWell Guard<\/span><\/div><\/a><\/div><\/div><style>.elementor-element.elementor-element-iwgw-tunkasilag-ccb .jet-button__instance{width:320px;height:56px;}.elementor-element.elementor-element-iwgw-tunkasilag-ccb .jet-button__state-normal .jet-button__label{text-align:center;margin:0px 0px 0px 0px;color:#1a1b20;font-family:Montserrat,sans-serif;font-size:13px;font-weight:400;letter-spacing:4px;line-height:1.714em;text-transform:uppercase;}.elementor-element.elementor-element-iwgw-tunkasilag-ccb .jet-button__state-hover .jet-button__label{text-align:center;margin:0px 0px 0px 0px;color:#FECC76;font-family:Montserrat,sans-serif;font-size:13px;font-weight:400;letter-spacing:4px;line-height:1.714em;text-transform:uppercase;}.elementor-element.elementor-element-iwgw-tunkasilag-ccb .jet-button__plane-normal{background-color:#FECC76;border-style:solid;border-color:#C99540;border-width:2px 2px 2px 2px;}.elementor-element.elementor-element-iwgw-tunkasilag-ccb .jet-button__plane-hover{background-color:rgba(0,0,0,0.55);border-style:solid;border-color:#FECC76;border-width:2px 2px 2px 2px;}<\/style>\t\t\t\t<\/div>\n\t\t\t\t<\/div>\n\t\t\t\t<div class=\"elementor-element elementor-element-iwgw-tunkasilag-ccd elementor-widget elementor-widget-text-editor\" data-id=\"iwgw-tunkasilag-ccd\" data-element_type=\"widget\" data-e-type=\"widget\" data-widget_type=\"text-editor.default\">\n\t\t\t\t\t\t\t\t\t<div data-nosnippet=\"true\"><p style=\"text-align:center;font-size:13px;opacity:0.7;margin-top:14px\" data-nosnippet=\"true\">Pers\u00f3nuleg reynsla getur veri\u00f0 mismunandi. Ekki l\u00e6kningat\u00e6ki. Engin lofor\u00f0 um l\u00e6kningu.<\/p><\/div>\t\t\t\t\t\t\t\t<\/div>\n\t\t\t\t\t<\/div>\n\t\t\t\t<\/div>\n\t\t\t\t\t<\/div>\n\t\t\t\t<\/div>\n\t\t<div class=\"elementor-element elementor-element-iwgw-tunkasilag-disc e-flex e-con-boxed e-con e-parent\" data-id=\"iwgw-tunkasilag-disc\" data-element_type=\"container\" data-e-type=\"container\">\n\t\t\t\t\t<div class=\"e-con-inner\">\n\t\t\t\t<div class=\"elementor-element elementor-element-iwgw-tunkasilag-discw elementor-widget elementor-widget-html\" data-id=\"iwgw-tunkasilag-discw\" data-element_type=\"widget\" data-e-type=\"widget\" data-widget_type=\"html.default\">\n\t\t\t\t\t<footer data-nosnippet=\"true\" class=\"iwg-disclaimer-block\"><p data-nosnippet=\"true\">iWell Guard er <strong>ekki l\u00e6kningat\u00e6ki<\/strong> og kemur ekki \u00ed sta\u00f0inn fyrir l\u00e6knis- e\u00f0a s\u00e1lfr\u00e6\u00f0ime\u00f0fer\u00f0. Tr\u00faarfr\u00e6\u00f0ilegt efni er menningars\u00f6gulegt samhengi, ekki r\u00e1\u00f0legging um andlega i\u00f0kun.<\/p><\/footer>\t\t\t\t<\/div>\n\t\t\t\t\t<\/div>\n\t\t\t\t<\/div>\n\t\t\t\t<\/div>\n\t\t","protected":false},"excerpt":{"rendered":"","protected":false},"author":3,"featured_media":2706,"parent":0,"menu_order":0,"comment_status":"closed","ping_status":"closed","template":"elementor_header_footer","meta":{"_yoast_wpseo_focuskw":"Tunkasila Afi Lakota","_yoast_wpseo_title":"Tunkasila \u2013 Himnafa\u00f0ir Lakota","_yoast_wpseo_metadesc":"Tunkasila, himnafa\u00f0ir Lakota-manna, er \u00e1varp hins heilaga og l\u00fdsir tengslum vi\u00f0 hi\u00f0 heilaga. Tr\u00faarfr\u00e6\u00f0ileg greining.","_yoast_wpseo_meta-robots-noindex":"","_yoast_wpseo_canonical":"","_angie_page":false,"gefaehrdungsstufe":"","wesen_kultur":"","wesen_klasse":"","footnotes":""},"categories":[],"class_list":["post-168932","page","type-page","status-publish","has-post-thumbnail","hentry"],"yoast_head":"<!-- This site is optimized with the Yoast SEO Premium plugin v27.7 (Yoast SEO v28.3) - https:\/\/yoast.com\/product\/yoast-seo-premium-wordpress\/ -->\n<title>Tunkasila \u2013 Himnafa\u00f0ir Lakota<\/title>\n<meta name=\"description\" content=\"Tunkasila, himnafa\u00f0ir Lakota-manna, er \u00e1varp hins heilaga og l\u00fdsir tengslum vi\u00f0 hi\u00f0 heilaga. Tr\u00faarfr\u00e6\u00f0ileg greining.\" \/>\n<meta name=\"robots\" content=\"index, follow, max-snippet:-1, max-image-preview:large, max-video-preview:-1\" \/>\n<link rel=\"canonical\" href=\"https:\/\/iwell-guard.com\/is\/tunkasila-himnafadir-lakota\/\" \/>\n<meta property=\"og:locale\" content=\"is_IS\" \/>\n<meta property=\"og:type\" content=\"article\" \/>\n<meta property=\"og:title\" content=\"Tunkasila \u2013 Himnafa\u00f0ir Lakota-manna\" \/>\n<meta property=\"og:description\" content=\"Tunkasila, himnafa\u00f0ir Lakota-manna, er \u00e1varp hins heilaga og l\u00fdsir tengslum vi\u00f0 hi\u00f0 heilaga. Tr\u00faarfr\u00e6\u00f0ileg greining.\" \/>\n<meta property=\"og:url\" content=\"https:\/\/iwell-guard.com\/is\/tunkasila-himnafadir-lakota\/\" \/>\n<meta property=\"og:site_name\" content=\"iWell Guard\" \/>\n<meta property=\"article:modified_time\" content=\"2026-09-05T14:23:08+00:00\" \/>\n<meta property=\"og:image\" content=\"https:\/\/iwell-guard.com\/wp-content\/uploads\/2026\/05\/goetter_native-american_tunkasila-grossvater-himmel.webp\" \/>\n\t<meta property=\"og:image:width\" content=\"1024\" \/>\n\t<meta property=\"og:image:height\" content=\"1536\" \/>\n\t<meta property=\"og:image:type\" content=\"image\/webp\" \/>\n<meta name=\"twitter:card\" content=\"summary_large_image\" \/>\n<script type=\"application\/ld+json\" class=\"yoast-schema-graph\">{\"@context\":\"https:\\\/\\\/schema.org\",\"@graph\":[{\"@type\":\"WebPage\",\"@id\":\"https:\\\/\\\/iwell-guard.com\\\/is\\\/tunkasila-himnafadir-lakota\\\/\",\"url\":\"https:\\\/\\\/iwell-guard.com\\\/is\\\/tunkasila-himnafadir-lakota\\\/\",\"name\":\"Tunkasila \u2013 Himnafa\u00f0ir Lakota\",\"isPartOf\":{\"@id\":\"https:\\\/\\\/iwell-guard.com\\\/is\\\/#website\"},\"primaryImageOfPage\":{\"@id\":\"https:\\\/\\\/iwell-guard.com\\\/is\\\/tunkasila-himnafadir-lakota\\\/#primaryimage\"},\"image\":{\"@id\":\"https:\\\/\\\/iwell-guard.com\\\/is\\\/tunkasila-himnafadir-lakota\\\/#primaryimage\"},\"thumbnailUrl\":\"https:\\\/\\\/iwell-guard.com\\\/wp-content\\\/uploads\\\/2026\\\/05\\\/goetter_native-american_tunkasila-grossvater-himmel.webp\",\"datePublished\":\"2026-09-05T14:04:10+00:00\",\"dateModified\":\"2026-09-05T14:23:08+00:00\",\"description\":\"Tunkasila, himnafa\u00f0ir Lakota-manna, er \u00e1varp hins heilaga og l\u00fdsir tengslum vi\u00f0 hi\u00f0 heilaga. Tr\u00faarfr\u00e6\u00f0ileg greining.\",\"breadcrumb\":{\"@id\":\"https:\\\/\\\/iwell-guard.com\\\/is\\\/tunkasila-himnafadir-lakota\\\/#breadcrumb\"},\"inLanguage\":\"is\",\"potentialAction\":[{\"@type\":\"ReadAction\",\"target\":[\"https:\\\/\\\/iwell-guard.com\\\/is\\\/tunkasila-himnafadir-lakota\\\/\"]}]},{\"@type\":\"ImageObject\",\"inLanguage\":\"is\",\"@id\":\"https:\\\/\\\/iwell-guard.com\\\/is\\\/tunkasila-himnafadir-lakota\\\/#primaryimage\",\"url\":\"https:\\\/\\\/iwell-guard.com\\\/wp-content\\\/uploads\\\/2026\\\/05\\\/goetter_native-american_tunkasila-grossvater-himmel.webp\",\"contentUrl\":\"https:\\\/\\\/iwell-guard.com\\\/wp-content\\\/uploads\\\/2026\\\/05\\\/goetter_native-american_tunkasila-grossvater-himmel.webp\",\"width\":1024,\"height\":1536,\"caption\":\"Gu\u00f0ir \u00far Native-american-hef\u00f0inni.\"},{\"@type\":\"BreadcrumbList\",\"@id\":\"https:\\\/\\\/iwell-guard.com\\\/is\\\/tunkasila-himnafadir-lakota\\\/#breadcrumb\",\"itemListElement\":[{\"@type\":\"ListItem\",\"position\":1,\"name\":\"Start\",\"item\":\"https:\\\/\\\/iwell-guard.com\\\/is\\\/?page_id=168580\"},{\"@type\":\"ListItem\",\"position\":2,\"name\":\"Tunkasila \u2013 Himnafa\u00f0ir Lakota-manna\"}]},{\"@type\":\"WebSite\",\"@id\":\"https:\\\/\\\/iwell-guard.com\\\/is\\\/#website\",\"url\":\"https:\\\/\\\/iwell-guard.com\\\/is\\\/\",\"name\":\"iWell Guard\",\"description\":\"Schutz vor dunklen Einfl\u00fcssen\",\"publisher\":{\"@id\":\"https:\\\/\\\/iwell-guard.com\\\/is\\\/#organization\"},\"potentialAction\":[{\"@type\":\"SearchAction\",\"target\":{\"@type\":\"EntryPoint\",\"urlTemplate\":\"https:\\\/\\\/iwell-guard.com\\\/is\\\/?s={search_term_string}\"},\"query-input\":{\"@type\":\"PropertyValueSpecification\",\"valueRequired\":true,\"valueName\":\"search_term_string\"}}],\"inLanguage\":\"is\"},{\"@type\":\"Organization\",\"@id\":\"https:\\\/\\\/iwell-guard.com\\\/is\\\/#organization\",\"name\":\"Ittermann electronic GmbH\",\"url\":\"https:\\\/\\\/iwell-guard.com\\\/is\\\/\",\"logo\":{\"@type\":\"ImageObject\",\"inLanguage\":\"is\",\"@id\":\"https:\\\/\\\/iwell-guard.com\\\/is\\\/#\\\/schema\\\/logo\\\/image\\\/\",\"url\":\"https:\\\/\\\/iwell-guard.com\\\/wp-content\\\/uploads\\\/2026\\\/05\\\/Ittermann-Logo-1182x237-1.png\",\"contentUrl\":\"https:\\\/\\\/iwell-guard.com\\\/wp-content\\\/uploads\\\/2026\\\/05\\\/Ittermann-Logo-1182x237-1.png\",\"width\":1182,\"height\":237,\"caption\":\"Ittermann electronic GmbH\"},\"image\":{\"@id\":\"https:\\\/\\\/iwell-guard.com\\\/is\\\/#\\\/schema\\\/logo\\\/image\\\/\"},\"sameAs\":[\"https:\\\/\\\/pantip.com\\\/profile\\\/9367242\",\"https:\\\/\\\/micro.blog\\\/iwellguard\",\"https:\\\/\\\/www.diggerslist.com\\\/iwellguard\\\/about\",\"https:\\\/\\\/skitterphoto.com\\\/photographers\\\/2870314\\\/iwell-guard\",\"https:\\\/\\\/iwellguard.wordpress.com\\\/2026\\\/06\\\/06\\\/iwell-guard\\\/\",\"https:\\\/\\\/hub.docker.com\\\/u\\\/iwellguard\",\"https:\\\/\\\/www.pinterest.com\\\/iwellguard\\\/\",\"https:\\\/\\\/bit.ly\\\/m\\\/iwellguard\",\"https:\\\/\\\/entre-vos-mains.alsace.eu\\\/profiles\\\/iwellguard\\\/activity\",\"https:\\\/\\\/gravatar.com\\\/reallybeded8fd34\",\"https:\\\/\\\/naijamatta.com\\\/iwellguard\",\"https:\\\/\\\/www.goodreads.com\\\/iwellguard\",\"https:\\\/\\\/profile.hatena.ne.jp\\\/iwellguard\\\/\",\"https:\\\/\\\/experiment.com\\\/users\\\/iwellguard\",\"https:\\\/\\\/wakelet.com\\\/@iWellGuard82270\",\"https:\\\/\\\/www.chordie.com\\\/forum\\\/profile.php?id=2555664\",\"https:\\\/\\\/www.instapaper.com\\\/p\\\/17757966\",\"https:\\\/\\\/www.mapleprimes.com\\\/users\\\/iwellguard\",\"https:\\\/\\\/businesslistingplus.com\\\/profile\\\/iwell-guard\\\/\",\"https:\\\/\\\/telegra.ph\\\/iWell-Guard-06-06\",\"https:\\\/\\\/pbase.com\\\/iwellguard\\\/iwellguard\",\"https:\\\/\\\/b.hatena.ne.jp\\\/iwellguard\\\/20260607#bookmark-4788405196491818882\",\"https:\\\/\\\/fliphtml5.com\\\/home\\\/iwellguard\",\"https:\\\/\\\/anyflip.com\\\/homepage\\\/cmiwl#About\",\"https:\\\/\\\/transfur.com\\\/Users\\\/iwellguard\",\"http:\\\/\\\/delphi.larsbo.org\\\/user\\\/iwellguard\",\"https:\\\/\\\/jobs.lajobsportal.org\\\/profiles\\\/8380803-iwell-guard\",\"https:\\\/\\\/md.chaosdorf.de\\\/s\\\/jfbe5SBdJD\",\"https:\\\/\\\/www.lingvolive.com\\\/en-us\\\/profile\\\/9ecaeaca-ce11-4e51-9e71-01d55e2bff36\\\/translations\",\"https:\\\/\\\/www.fitday.com\\\/fitness\\\/forums\\\/members\\\/iwellguard.html\",\"https:\\\/\\\/www.mymeetbook.com\\\/iwellguard\",\"https:\\\/\\\/pxhere.com\\\/en\\\/photographer-me\\\/5040798\",\"https:\\\/\\\/disqus.com\\\/by\\\/iwellguard\\\/about\\\/\",\"https:\\\/\\\/pastelink.net\\\/hjwciqwq\",\"https:\\\/\\\/pubhtml5.com\\\/homepage\\\/scjhn\\\/\",\"https:\\\/\\\/www.bitchute.com\\\/channel\\\/2O2eOKzNqujT\",\"https:\\\/\\\/audiomack.com\\\/iwellguard\"]}]}<\/script>\n<!-- \/ Yoast SEO Premium plugin. -->","yoast_head_json":{"title":"Tunkasila \u2013 Himnafa\u00f0ir Lakota","description":"Tunkasila, himnafa\u00f0ir Lakota-manna, er \u00e1varp hins heilaga og l\u00fdsir tengslum vi\u00f0 hi\u00f0 heilaga. Tr\u00faarfr\u00e6\u00f0ileg greining.","robots":{"index":"index","follow":"follow","max-snippet":"max-snippet:-1","max-image-preview":"max-image-preview:large","max-video-preview":"max-video-preview:-1"},"canonical":"https:\/\/iwell-guard.com\/is\/tunkasila-himnafadir-lakota\/","og_locale":"is_IS","og_type":"article","og_title":"Tunkasila \u2013 Himnafa\u00f0ir Lakota-manna","og_description":"Tunkasila, himnafa\u00f0ir Lakota-manna, er \u00e1varp hins heilaga og l\u00fdsir tengslum vi\u00f0 hi\u00f0 heilaga. Tr\u00faarfr\u00e6\u00f0ileg greining.","og_url":"https:\/\/iwell-guard.com\/is\/tunkasila-himnafadir-lakota\/","og_site_name":"iWell Guard","article_modified_time":"2026-09-05T14:23:08+00:00","og_image":[{"width":1024,"height":1536,"url":"https:\/\/iwell-guard.com\/wp-content\/uploads\/2026\/05\/goetter_native-american_tunkasila-grossvater-himmel.webp","type":"image\/webp"}],"twitter_card":"summary_large_image","schema":{"@context":"https:\/\/schema.org","@graph":[{"@type":"WebPage","@id":"https:\/\/iwell-guard.com\/is\/tunkasila-himnafadir-lakota\/","url":"https:\/\/iwell-guard.com\/is\/tunkasila-himnafadir-lakota\/","name":"Tunkasila \u2013 Himnafa\u00f0ir Lakota","isPartOf":{"@id":"https:\/\/iwell-guard.com\/is\/#website"},"primaryImageOfPage":{"@id":"https:\/\/iwell-guard.com\/is\/tunkasila-himnafadir-lakota\/#primaryimage"},"image":{"@id":"https:\/\/iwell-guard.com\/is\/tunkasila-himnafadir-lakota\/#primaryimage"},"thumbnailUrl":"https:\/\/iwell-guard.com\/wp-content\/uploads\/2026\/05\/goetter_native-american_tunkasila-grossvater-himmel.webp","datePublished":"2026-09-05T14:04:10+00:00","dateModified":"2026-09-05T14:23:08+00:00","description":"Tunkasila, himnafa\u00f0ir Lakota-manna, er \u00e1varp hins heilaga og l\u00fdsir tengslum vi\u00f0 hi\u00f0 heilaga. Tr\u00faarfr\u00e6\u00f0ileg greining.","breadcrumb":{"@id":"https:\/\/iwell-guard.com\/is\/tunkasila-himnafadir-lakota\/#breadcrumb"},"inLanguage":"is","potentialAction":[{"@type":"ReadAction","target":["https:\/\/iwell-guard.com\/is\/tunkasila-himnafadir-lakota\/"]}]},{"@type":"ImageObject","inLanguage":"is","@id":"https:\/\/iwell-guard.com\/is\/tunkasila-himnafadir-lakota\/#primaryimage","url":"https:\/\/iwell-guard.com\/wp-content\/uploads\/2026\/05\/goetter_native-american_tunkasila-grossvater-himmel.webp","contentUrl":"https:\/\/iwell-guard.com\/wp-content\/uploads\/2026\/05\/goetter_native-american_tunkasila-grossvater-himmel.webp","width":1024,"height":1536,"caption":"Gu\u00f0ir \u00far Native-american-hef\u00f0inni."},{"@type":"BreadcrumbList","@id":"https:\/\/iwell-guard.com\/is\/tunkasila-himnafadir-lakota\/#breadcrumb","itemListElement":[{"@type":"ListItem","position":1,"name":"Start","item":"https:\/\/iwell-guard.com\/is\/?page_id=168580"},{"@type":"ListItem","position":2,"name":"Tunkasila \u2013 Himnafa\u00f0ir Lakota-manna"}]},{"@type":"WebSite","@id":"https:\/\/iwell-guard.com\/is\/#website","url":"https:\/\/iwell-guard.com\/is\/","name":"iWell Guard","description":"Schutz vor dunklen Einfl\u00fcssen","publisher":{"@id":"https:\/\/iwell-guard.com\/is\/#organization"},"potentialAction":[{"@type":"SearchAction","target":{"@type":"EntryPoint","urlTemplate":"https:\/\/iwell-guard.com\/is\/?s={search_term_string}"},"query-input":{"@type":"PropertyValueSpecification","valueRequired":true,"valueName":"search_term_string"}}],"inLanguage":"is"},{"@type":"Organization","@id":"https:\/\/iwell-guard.com\/is\/#organization","name":"Ittermann electronic GmbH","url":"https:\/\/iwell-guard.com\/is\/","logo":{"@type":"ImageObject","inLanguage":"is","@id":"https:\/\/iwell-guard.com\/is\/#\/schema\/logo\/image\/","url":"https:\/\/iwell-guard.com\/wp-content\/uploads\/2026\/05\/Ittermann-Logo-1182x237-1.png","contentUrl":"https:\/\/iwell-guard.com\/wp-content\/uploads\/2026\/05\/Ittermann-Logo-1182x237-1.png","width":1182,"height":237,"caption":"Ittermann electronic GmbH"},"image":{"@id":"https:\/\/iwell-guard.com\/is\/#\/schema\/logo\/image\/"},"sameAs":["https:\/\/pantip.com\/profile\/9367242","https:\/\/micro.blog\/iwellguard","https:\/\/www.diggerslist.com\/iwellguard\/about","https:\/\/skitterphoto.com\/photographers\/2870314\/iwell-guard","https:\/\/iwellguard.wordpress.com\/2026\/06\/06\/iwell-guard\/","https:\/\/hub.docker.com\/u\/iwellguard","https:\/\/www.pinterest.com\/iwellguard\/","https:\/\/bit.ly\/m\/iwellguard","https:\/\/entre-vos-mains.alsace.eu\/profiles\/iwellguard\/activity","https:\/\/gravatar.com\/reallybeded8fd34","https:\/\/naijamatta.com\/iwellguard","https:\/\/www.goodreads.com\/iwellguard","https:\/\/profile.hatena.ne.jp\/iwellguard\/","https:\/\/experiment.com\/users\/iwellguard","https:\/\/wakelet.com\/@iWellGuard82270","https:\/\/www.chordie.com\/forum\/profile.php?id=2555664","https:\/\/www.instapaper.com\/p\/17757966","https:\/\/www.mapleprimes.com\/users\/iwellguard","https:\/\/businesslistingplus.com\/profile\/iwell-guard\/","https:\/\/telegra.ph\/iWell-Guard-06-06","https:\/\/pbase.com\/iwellguard\/iwellguard","https:\/\/b.hatena.ne.jp\/iwellguard\/20260607#bookmark-4788405196491818882","https:\/\/fliphtml5.com\/home\/iwellguard","https:\/\/anyflip.com\/homepage\/cmiwl#About","https:\/\/transfur.com\/Users\/iwellguard","http:\/\/delphi.larsbo.org\/user\/iwellguard","https:\/\/jobs.lajobsportal.org\/profiles\/8380803-iwell-guard","https:\/\/md.chaosdorf.de\/s\/jfbe5SBdJD","https:\/\/www.lingvolive.com\/en-us\/profile\/9ecaeaca-ce11-4e51-9e71-01d55e2bff36\/translations","https:\/\/www.fitday.com\/fitness\/forums\/members\/iwellguard.html","https:\/\/www.mymeetbook.com\/iwellguard","https:\/\/pxhere.com\/en\/photographer-me\/5040798","https:\/\/disqus.com\/by\/iwellguard\/about\/","https:\/\/pastelink.net\/hjwciqwq","https:\/\/pubhtml5.com\/homepage\/scjhn\/","https:\/\/www.bitchute.com\/channel\/2O2eOKzNqujT","https:\/\/audiomack.com\/iwellguard"]}]}},"_links":{"self":[{"href":"https:\/\/iwell-guard.com\/is\/wp-json\/wp\/v2\/pages\/168932","targetHints":{"allow":["GET"]}}],"collection":[{"href":"https:\/\/iwell-guard.com\/is\/wp-json\/wp\/v2\/pages"}],"about":[{"href":"https:\/\/iwell-guard.com\/is\/wp-json\/wp\/v2\/types\/page"}],"author":[{"embeddable":true,"href":"https:\/\/iwell-guard.com\/is\/wp-json\/wp\/v2\/users\/3"}],"replies":[{"embeddable":true,"href":"https:\/\/iwell-guard.com\/is\/wp-json\/wp\/v2\/comments?post=168932"}],"version-history":[{"count":0,"href":"https:\/\/iwell-guard.com\/is\/wp-json\/wp\/v2\/pages\/168932\/revisions"}],"wp:featuredmedia":[{"embeddable":true,"href":"https:\/\/iwell-guard.com\/is\/wp-json\/wp\/v2\/media\/2706"}],"wp:attachment":[{"href":"https:\/\/iwell-guard.com\/is\/wp-json\/wp\/v2\/media?parent=168932"}],"wp:term":[{"taxonomy":"category","embeddable":true,"href":"https:\/\/iwell-guard.com\/is\/wp-json\/wp\/v2\/categories?post=168932"}],"curies":[{"name":"wp","href":"https:\/\/api.w.org\/{rel}","templated":true}]}}