{"id":168928,"date":"2026-09-05T14:04:08","date_gmt":"2026-09-05T14:04:08","guid":{"rendered":"https:\/\/iwell-guard.com\/?page_id=168928"},"modified":"2026-09-05T14:23:01","modified_gmt":"2026-09-05T14:23:01","slug":"yacumama-vatnaslanga-andesfjalla","status":"publish","type":"page","link":"https:\/\/iwell-guard.com\/is\/yacumama-vatnaslanga-andesfjalla\/","title":{"rendered":"Yacumama \u2013 vatnaslanga Andesfjalla og Amas\u00f3nsv\u00e6\u00f0isins"},"content":{"rendered":"\t\t<div data-elementor-type=\"wp-page\" data-elementor-id=\"168928\" class=\"elementor elementor-168928 elementor-2583 elementor-bc-flex-widget\" data-elementor-post-type=\"page\">\n\t\t\t\t<div class=\"elementor-element elementor-element-iwgw-yacumama-hero e-flex e-con-boxed e-con e-parent\" data-id=\"iwgw-yacumama-hero\" data-element_type=\"container\" data-e-type=\"container\" data-settings=\"{&quot;background_background&quot;:&quot;classic&quot;}\">\n\t\t\t\t\t<div class=\"e-con-inner\">\n\t\t<div class=\"elementor-element elementor-element-iwgw-yacumama-hl e-flex e-con-boxed e-con e-child\" data-id=\"iwgw-yacumama-hl\" data-element_type=\"container\" data-e-type=\"container\">\n\t\t\t\t\t<div class=\"e-con-inner\">\n\t\t<div class=\"elementor-element elementor-element-iwgw-yacumama-htxt e-con-full e-flex e-con e-child\" data-id=\"iwgw-yacumama-htxt\" data-element_type=\"container\" data-e-type=\"container\">\n\t\t\t\t<div class=\"elementor-element elementor-element-iwgw-yacumama-h1 elementor-widget elementor-widget-heading\" data-id=\"iwgw-yacumama-h1\" data-element_type=\"widget\" data-e-type=\"widget\" data-widget_type=\"heading.default\">\n\t\t\t\t\t<h1 class=\"elementor-heading-title elementor-size-default\">Yacumama, vatnaslanga og m\u00f3\u00f0ir vatnanna \u00ed hef\u00f0 Andesfjalla og Amas\u00f3nsv\u00e6\u00f0isins<\/h1>\t\t\t\t<\/div>\n\t\t\t\t<div class=\"elementor-element elementor-element-iwgw-yacumama-lead elementor-widget elementor-widget-text-editor\" data-id=\"iwgw-yacumama-lead\" data-element_type=\"widget\" data-e-type=\"widget\" data-widget_type=\"text-editor.default\">\n\t\t\t\t\t\t\t\t\t<p>Yacumama (\u00e1 kves\u00faa <em>Yaku Mama<\/em>, vatnsm\u00f3\u00f0ir) er hin mikla vatnasl\u00f6ngugy\u00f0ja \u00ed hef\u00f0 Andesfjalla og Amas\u00f3nsv\u00e6\u00f0isins. H\u00fan er talin m\u00f3\u00f0ir alls vatns, \u00edb\u00fai hinna miklu flj\u00f3ta Amas\u00f3nsv\u00e6\u00f0isins og hinna helgu fjallavatna, og \u00e6ttingi fjallam\u00f3\u00f0urinnar <a href=\"https:\/\/iwell-guard.com\/is\/?page_id=168926\">Mama Cocha<\/a>.<\/p>\t\t\t\t\t\t\t\t<\/div>\n\t\t\t\t<\/div>\n\t\t<div class=\"elementor-element elementor-element-iwgw-yacumama-pillc e-con-full e-flex e-con e-child\" data-id=\"iwgw-yacumama-pillc\" data-element_type=\"container\" data-e-type=\"container\">\n\t\t\t\t<div class=\"elementor-element elementor-element-iwgw-yacumama-pills elementor-widget elementor-widget-html\" data-id=\"iwgw-yacumama-pills\" data-element_type=\"widget\" data-e-type=\"widget\" data-widget_type=\"html.default\">\n\t\t\t\t\t<div class=\"iwg-pill-row\"><span class=\"iwg-klasse-badge\" tabindex=\"0\" data-tooltip=\"N\u00e1tt\u00faruvera \u00far hef\u00f0 Andesfjalla \/ Inka.\">N\u00e1tt\u00faruvera<\/span><a href=\"https:\/\/iwell-guard.com\/is\/?page_id=168909\" class=\"iwg-kultur-badge\" tabindex=\"0\" data-tooltip=\"Go\u00f0afr\u00e6\u00f0i hef\u00f0ar Andesfjalla \/ Inka.\">Andesfj\u00f6ll \/ Inka<\/a><span class=\"iwg-tradition-badge\" tabindex=\"0\" data-tooltip=\"M\u00f3\u00f0ir vatnasl\u00f6ngunnar.\">Vatnasl\u00f6ngum\u00f3\u00f0ir<\/span><\/div>\t\t\t\t<\/div>\n\t\t\t\t<\/div>\n\t\t<div class=\"elementor-element elementor-element-iwgw-yacumama-tocc e-con-full e-flex e-con e-child\" data-id=\"iwgw-yacumama-tocc\" data-element_type=\"container\" data-e-type=\"container\">\n\t\t\t\t<div class=\"elementor-element elementor-element-iwgw-yacumama-toc elementor-toc--minimized-on-tablet elementor-widget elementor-widget-table-of-contents\" data-id=\"iwgw-yacumama-toc\" data-element_type=\"widget\" data-e-type=\"widget\" data-settings=\"{&quot;headings_by_tags&quot;:[&quot;h2&quot;,&quot;h3&quot;],&quot;minimize_box&quot;:&quot;yes&quot;,&quot;marker_view&quot;:&quot;bullets&quot;,&quot;no_headings_message&quot;:&quot;Engar undirfyrirsagnir fundust \\u00e1 \\u00feessari s\\u00ed\\u00f0u.&quot;,&quot;exclude_headings_by_selector&quot;:[],&quot;icon&quot;:{&quot;value&quot;:&quot;fas fa-circle&quot;,&quot;library&quot;:&quot;fa-solid&quot;,&quot;rendered_tag&quot;:&quot;&lt;svg class=\\&quot;e-font-icon-svg e-fas-circle\\&quot; viewBox=\\&quot;0 0 512 512\\&quot; xmlns=\\&quot;http:\\\/\\\/www.w3.org\\\/2000\\\/svg\\&quot;&gt;&lt;path d=\\&quot;M256 8C119 8 8 119 8 256s111 248 248 248 248-111 248-248S393 8 256 8z\\&quot;&gt;&lt;\\\/path&gt;&lt;\\\/svg&gt;&quot;},&quot;minimized_on&quot;:&quot;tablet&quot;,&quot;hierarchical_view&quot;:&quot;yes&quot;,&quot;min_height&quot;:{&quot;unit&quot;:&quot;px&quot;,&quot;size&quot;:&quot;&quot;,&quot;sizes&quot;:[]},&quot;min_height_tablet&quot;:{&quot;unit&quot;:&quot;px&quot;,&quot;size&quot;:&quot;&quot;,&quot;sizes&quot;:[]},&quot;min_height_mobile&quot;:{&quot;unit&quot;:&quot;px&quot;,&quot;size&quot;:&quot;&quot;,&quot;sizes&quot;:[]}}\" data-widget_type=\"table-of-contents.default\">\n\t\t\t\t\t\t\t\t\t<div class=\"elementor-toc__header\">\n\t\t\t\t\t\t<h2 class=\"elementor-toc__header-title\">\n\t\t\t\tEfnisyfirlit\t\t\t<\/h2>\n\t\t\t\t\t\t\t\t\t\t<div class=\"elementor-toc__toggle-button elementor-toc__toggle-button--expand\" role=\"button\" tabindex=\"0\" aria-controls=\"elementor-toc__iwgw-yacumama-toc\" aria-expanded=\"true\" aria-label=\"Open table of contents\"><svg aria-hidden=\"true\" class=\"e-font-icon-svg e-fas-chevron-down\" viewBox=\"0 0 448 512\" xmlns=\"http:\/\/www.w3.org\/2000\/svg\"><path d=\"M207.029 381.476L12.686 187.132c-9.373-9.373-9.373-24.569 0-33.941l22.667-22.667c9.357-9.357 24.522-9.375 33.901-.04L224 284.505l154.745-154.021c9.379-9.335 24.544-9.317 33.901.04l22.667 22.667c9.373 9.373 9.373 24.569 0 33.941L240.971 381.476c-9.373 9.372-24.569 9.372-33.942 0z\"><\/path><\/svg><\/div>\n\t\t\t\t<div class=\"elementor-toc__toggle-button elementor-toc__toggle-button--collapse\" role=\"button\" tabindex=\"0\" aria-controls=\"elementor-toc__iwgw-yacumama-toc\" aria-expanded=\"true\" aria-label=\"Close table of contents\"><svg aria-hidden=\"true\" class=\"e-font-icon-svg e-fas-chevron-up\" viewBox=\"0 0 448 512\" xmlns=\"http:\/\/www.w3.org\/2000\/svg\"><path d=\"M240.971 130.524l194.343 194.343c9.373 9.373 9.373 24.569 0 33.941l-22.667 22.667c-9.357 9.357-24.522 9.375-33.901.04L224 227.495 69.255 381.516c-9.379 9.335-24.544 9.317-33.901-.04l-22.667-22.667c-9.373-9.373-9.373-24.569 0-33.941L207.03 130.525c9.372-9.373 24.568-9.373 33.941-.001z\"><\/path><\/svg><\/div>\n\t\t\t\t\t<\/div>\n\t\t\t\t<div id=\"elementor-toc__iwgw-yacumama-toc\" class=\"elementor-toc__body\">\n\t\t\t<div class=\"elementor-toc__spinner-container\">\n\t\t\t\t<svg class=\"elementor-toc__spinner eicon-animation-spin e-font-icon-svg e-eicon-loading\" aria-hidden=\"true\" viewBox=\"0 0 1000 1000\" xmlns=\"http:\/\/www.w3.org\/2000\/svg\"><path d=\"M500 975V858C696 858 858 696 858 500S696 142 500 142 142 304 142 500H25C25 237 238 25 500 25S975 237 975 500 763 975 500 975Z\"><\/path><\/svg>\t\t\t<\/div>\n\t\t<\/div>\n\t\t\t\t\t\t<\/div>\n\t\t\t\t<\/div>\n\t\t\t\t\t<\/div>\n\t\t\t\t<\/div>\n\t\t<div class=\"elementor-element elementor-element-iwgw-yacumama-hr e-con-full e-flex e-con e-child\" data-id=\"iwgw-yacumama-hr\" data-element_type=\"container\" data-e-type=\"container\">\n\t\t\t\t<div class=\"elementor-element elementor-element-iwgw-yacumama-heroimg iwg-hero-image elementor-widget elementor-widget-image\" data-id=\"iwgw-yacumama-heroimg\" data-element_type=\"widget\" data-e-type=\"widget\" data-widget_type=\"image.default\">\n\t\t\t\t\t\t\t\t\t\t\t\t\t\t\t<img fetchpriority=\"high\" decoding=\"async\" width=\"683\" height=\"1024\" src=\"https:\/\/iwell-guard.com\/wp-content\/uploads\/2026\/05\/geister_anden-inka_yacumama-683x1024.webp\" class=\"attachment-large size-large wp-image-170866\" alt=\"Yacumama - andi fr\u00e1 Andes-inka-hef\u00f0inni, s\u00f6guleg myndskreyting\" srcset=\"https:\/\/iwell-guard.com\/wp-content\/uploads\/2026\/05\/geister_anden-inka_yacumama-683x1024.webp 683w, https:\/\/iwell-guard.com\/wp-content\/uploads\/2026\/05\/geister_anden-inka_yacumama-200x300.webp 200w, https:\/\/iwell-guard.com\/wp-content\/uploads\/2026\/05\/geister_anden-inka_yacumama-768x1152.webp 768w, https:\/\/iwell-guard.com\/wp-content\/uploads\/2026\/05\/geister_anden-inka_yacumama.webp 1024w\" sizes=\"(max-width: 683px) 100vw, 683px\" \/>\t\t\t\t\t\t\t\t\t\t\t\t\t\t\t<\/div>\n\t\t\t\t<\/div>\n\t\t\t\t\t<\/div>\n\t\t\t\t<\/div>\n\t\t\t\t<section class=\"elementor-section elementor-top-section elementor-element elementor-element-sec-iwgcomp2-yacumama elementor-section-boxed elementor-section-height-default elementor-section-height-default\" data-id=\"sec-iwgcomp2-yacumama\" data-element_type=\"section\" data-e-type=\"section\">\n\t\t\t\t\t\t<div class=\"elementor-container elementor-column-gap-default\">\n\t\t\t\t\t<div class=\"elementor-column elementor-col-100 elementor-top-column elementor-element elementor-element-col-iwgcomp2-yacumama\" data-id=\"col-iwgcomp2-yacumama\" data-element_type=\"column\" data-e-type=\"column\">\n\t\t\t<div class=\"elementor-widget-wrap elementor-element-populated\">\n\t\t\t\t\t\t<div class=\"elementor-element elementor-element-iwgcomp2-yacumama elementor-widget elementor-widget-text-editor\" data-id=\"iwgcomp2-yacumama\" data-element_type=\"widget\" data-e-type=\"widget\" data-widget_type=\"text-editor.default\">\n\t\t\t\t\t\t\t\t\t<p>Yacumama er d\u00fdrku\u00f0 \u00e1 sv\u00e6\u00f0i <strong>Andesfjalla og Amas\u00f3nsv\u00e6\u00f0isins<\/strong> sem m\u00f3\u00f0ir allra vatna.<\/p>\t\t\t\t\t\t\t\t<\/div>\n\t\t\t\t\t<\/div>\n\t\t<\/div>\n\t\t\t\t\t<\/div>\n\t\t<\/section>\n\t\t<div class=\"elementor-element elementor-element-iwgw-yacumama-s0 e-flex e-con-boxed e-con e-parent\" data-id=\"iwgw-yacumama-s0\" data-element_type=\"container\" data-e-type=\"container\">\n\t\t\t\t\t<div class=\"e-con-inner\">\n\t\t\t\t<div class=\"elementor-element elementor-element-iwgw-yacumama-s0h elementor-widget elementor-widget-heading\" data-id=\"iwgw-yacumama-s0h\" data-element_type=\"widget\" data-e-type=\"widget\" data-widget_type=\"heading.default\">\n\t\t\t\t\t<h2 class=\"elementor-heading-title elementor-size-default\">Sta\u00f0a \u00ed go\u00f0aheimi Andesfjalla og Amas\u00f3nsv\u00e6\u00f0isins<\/h2>\t\t\t\t<\/div>\n\t\t<div class=\"elementor-element elementor-element-iwgw-yacumama-s0c e-con-full e-flex e-con e-child\" data-id=\"iwgw-yacumama-s0c\" data-element_type=\"container\" data-e-type=\"container\">\n\t\t\t\t<div class=\"elementor-element elementor-element-iwgw-yacumama-s0t elementor-widget elementor-widget-text-editor\" data-id=\"iwgw-yacumama-s0t\" data-element_type=\"widget\" data-e-type=\"widget\" data-widget_type=\"text-editor.default\">\n\t\t\t\t\t\t\t\t\t<p>Yacumama tilheyrir flokki d\u00fdrslegra vatnago\u00f0a sem hafa s\u00e9rstaka \u00fe\u00fd\u00f0ingu \u00e1 m\u00f3tum h\u00e1lendishef\u00f0a Andesfjalla og l\u00e1glendishef\u00f0a Amas\u00f3nsv\u00e6\u00f0isins. H\u00fan er d\u00fdrku\u00f0 \u00ed hef\u00f0 sem n\u00e6r langt \u00fat fyrir kves\u00faa- og aymarasprakandi \u00feorp, allt til samf\u00e9laga asaninka, shipibo og cocama \u00ed Amas\u00f3nsv\u00e6\u00f0inu.<\/p><p>Tr\u00faarfr\u00e6\u00f0ilega tilheyrir Yacumama flokki <em>hinna miklu vatnasl\u00f6nguvera<\/em>, sem gegna mi\u00f0l\u00e6gu go\u00f0afr\u00e6\u00f0ilegu hlutverki \u00e1 flestum flj\u00f3tasv\u00e6\u00f0um heims. Byggingarlega samb\u00e6rilegar eru afr\u00edska <em>Mami Wata<\/em>, \u00e1stralska frumbyggjaveran <em>Rainbow Serpent<\/em>, nor\u00f0ur-amer\u00edska <em>Horned Serpent<\/em>, mi\u00f0-amer\u00edska myndin af <em>Quetzalcoatl<\/em> \u00ed vatnasl\u00f6ngu-mynd sinni og hin indverska naga-hef\u00f0.<\/p><p>\u00cd <span class=\"iwg-fachbegriff\" data-tooltip=\"Heild gu\u00f0a tr\u00faarbrag\u00f0a e\u00f0a menningar.\" tabindex=\"0\">go\u00f0aheimi<\/span> Inkat\u00edmans haf\u00f0i Yacumama ekki s\u00e9rlega h\u00e1a st\u00f6\u00f0u \u00ed r\u00edkistr\u00fa, heldur tilheyr\u00f0i h\u00fan hinu ekki-r\u00edkisbundna, frekar ht\u00f3n\u00edska svi\u00f0i andneskrar tr\u00faarr\u00e6kni. Fyrst \u00e1 t\u00edmum eftir landvinninga, s\u00e9rstaklega samhli\u00f0a vaxandi vir\u00f0ingu fyrir frumbyggjahef\u00f0um Amas\u00f3nsv\u00e6\u00f0isins, hefur h\u00fan or\u00f0i\u00f0 \u00e1berandi t\u00e1kn fyrir sameiginlegt sj\u00e1lfsmynd Amas\u00f3nsv\u00e6\u00f0isins.<\/p><p>Marlene Dobkin de Rios l\u00fdsti \u00ed <em>Visionary Vine<\/em> (1972) mi\u00f0l\u00e6gu hlutverki Yacumama \u00ed ayahuasca-s\u00fdnum asaninka og shipibo.<\/p><p>Mikilv\u00e6g gu\u00f0fr\u00e6\u00f0ileg a\u00f0greining var\u00f0ar samband Yacumama og <a href=\"https:\/\/iwell-guard.com\/is\/?page_id=168926\">Mama Cocha<\/a>. B\u00e1\u00f0ar eru kvenkyns vatnaver\u00f6ldir, en \u00e1hrifasvi\u00f0 \u00feeirra eru \u00f3l\u00edk: Mama Cocha er fyrst og fremst m\u00f3\u00f0ir st\u00f3rra, kyrrra vatna (hafs, h\u00e1lendisvatna), me\u00f0an Yacumama er frekar m\u00f3\u00f0ir hreyf\u00f0ra, streymandi vatna (flj\u00f3ta, strauma, hringi\u00f0a).<\/p><p>\u00cd sumum \u00feorpum eru \u00feessar tv\u00e6r verur l\u00fdstar sem systur e\u00f0a sem tv\u00e6r hli\u00f0ar \u00e1 s\u00f6mu vatnsm\u00f3\u00f0urinni, \u00ed \u00f6\u00f0rum sem greinilega a\u00f0skildar verur me\u00f0 eigin <span class=\"iwg-fachbegriff\" data-tooltip=\"Heild tr\u00faarlegra d\u00fdrkunarathafna fyrir gu\u00f0 e\u00f0a heilaga veru.\" tabindex=\"0\">d\u00fdrkunarhef\u00f0um<\/span>.<\/p>\t\t\t\t\t\t\t\t<\/div>\n\t\t\t\t<\/div>\n\t\t\t\t\t<\/div>\n\t\t\t\t<\/div>\n\t\t<div class=\"elementor-element elementor-element-iwgw-yacumama-s1 e-flex e-con-boxed e-con e-parent\" data-id=\"iwgw-yacumama-s1\" data-element_type=\"container\" data-e-type=\"container\">\n\t\t\t\t\t<div class=\"e-con-inner\">\n\t\t\t\t<div class=\"elementor-element elementor-element-iwgw-yacumama-s1h elementor-widget elementor-widget-heading\" data-id=\"iwgw-yacumama-s1h\" data-element_type=\"widget\" data-e-type=\"widget\" data-widget_type=\"heading.default\">\n\t\t\t\t\t<h2 class=\"elementor-heading-title elementor-size-default\">Nafn og or\u00f0sifjar<\/h2>\t\t\t\t<\/div>\n\t\t<div class=\"elementor-element elementor-element-iwgw-yacumama-s1c e-con-full e-flex e-con e-child\" data-id=\"iwgw-yacumama-s1c\" data-element_type=\"container\" data-e-type=\"container\">\n\t\t\t\t<div class=\"elementor-element elementor-element-iwgw-yacumama-s1t elementor-widget elementor-widget-text-editor\" data-id=\"iwgw-yacumama-s1t\" data-element_type=\"widget\" data-e-type=\"widget\" data-widget_type=\"text-editor.default\">\n\t\t\t\t\t\t\t\t\t<p><span data-nosnippet>Nafni\u00f0 <em>Yaku Mama<\/em> er beint mynda\u00f0 \u00far kves\u00faa or\u00f0unum <em>yaku<\/em> (vatn) og <em>mama<\/em> (m\u00f3\u00f0ir). Diego Gonzalez Holguin gefur upp <em>yaku<\/em> \u00ed <em>Vocabulario<\/em> s\u00ednu (1608) sem <em>agua corriente<\/em>, streymandi vatn, sem varpar lj\u00f3si \u00e1 hina s\u00e9rt\u00e6ku flj\u00f3ta-tengingu Yacumama \u00ed samanbur\u00f0i vi\u00f0 hina frekar st\u00f6\u00f0uvatnstengdu <a href=\"https:\/\/iwell-guard.com\/is\/?page_id=168926\">Mama Cocha<\/a>.<\/span><\/p><p>\u00c1 aymara heitir hli\u00f0st\u00e6\u00f0an <em>Uma Tayka<\/em>; \u00ed amas\u00f3nsku kves\u00faa-afbrig\u00f0inu (svok\u00f6llu\u00f0u Quechua Lamista) og \u00e1 shipibo-m\u00e1li eru til fleiri sta\u00f0bundin heiti eins og <em>Ronin<\/em> e\u00f0a <em>Yakuruna<\/em>. S\u00ed\u00f0arnefnda heiti\u00f0, <em>vatnsma\u00f0ur<\/em>, v\u00edsar til mannlegrar \u00fatg\u00e1fu Yacumama, \u00fear sem h\u00fan kemur fram sem vatnssj\u00fakur ma\u00f0ur og lokkar konur vi\u00f0 flj\u00f3tsbakkann ni\u00f0ur \u00ed dj\u00fapi\u00f0.<\/p><p>M\u00e1lfr\u00e6\u00f0ilega \u00e1hugavert er tv\u00f6falt merkingarsvi\u00f0 or\u00f0sins <em>yaku<\/em>: \u00fea\u00f0 t\u00e1knar b\u00e6\u00f0i daglegt drykkjarvatn og hi\u00f0 h\u00e6ttulega flj\u00f3tsvatn. Yacumama er \u00feannig samt\u00edmis l\u00edfgefandi m\u00f3\u00f0ir vatnsins og hi\u00f0 dau\u00f0lega dj\u00fap flj\u00f3tsbotnsins. \u00deessi si\u00f0fer\u00f0islega tv\u00edr\u00e6\u00f0a tv\u00ede\u00f0li er einkennandi fyrir frumbyggjagu\u00f0fr\u00e6\u00f0i vatns \u00e1 Amas\u00f3nsv\u00e6\u00f0inu og er \u00f3l\u00edkt hinni frekar einsleitu, n\u00e6randi Mama Cocha-hef\u00f0.<\/p>\t\t\t\t\t\t\t\t<\/div>\n\t\t\t\t<\/div>\n\t\t\t\t\t<\/div>\n\t\t\t\t<\/div>\n\t\t<div class=\"elementor-element elementor-element-iwgw-yacumama-s2 e-flex e-con-boxed e-con e-parent\" data-id=\"iwgw-yacumama-s2\" data-element_type=\"container\" data-e-type=\"container\">\n\t\t\t\t\t<div class=\"e-con-inner\">\n\t\t\t\t<div class=\"elementor-element elementor-element-iwgw-yacumama-s2h elementor-widget elementor-widget-heading\" data-id=\"iwgw-yacumama-s2h\" data-element_type=\"widget\" data-e-type=\"widget\" data-widget_type=\"heading.default\">\n\t\t\t\t\t<h2 class=\"elementor-heading-title elementor-size-default\">L\u00fdsing og myndm\u00e1l<\/h2>\t\t\t\t<\/div>\n\t\t<div class=\"elementor-element elementor-element-iwgw-yacumama-s2c e-con-full e-flex e-con e-child\" data-id=\"iwgw-yacumama-s2c\" data-element_type=\"container\" data-e-type=\"container\">\n\t\t\t\t<div class=\"elementor-element elementor-element-iwgw-yacumama-s2t elementor-widget elementor-widget-text-editor\" data-id=\"iwgw-yacumama-s2t\" data-element_type=\"widget\" data-e-type=\"widget\" data-widget_type=\"text-editor.default\">\n\t\t\t\t\t\t\t\t\t<p>\u00cd fr\u00e1s\u00f6gnum frumbyggja \u00e1 Amas\u00f3nsv\u00e6\u00f0inu og \u00e1 kech\u00faa-amas\u00f3nsku landam\u00e6rasv\u00e6\u00f0inu er Yacumama einkum l\u00fdst sem risavaxinni sl\u00f6ngu \u00ed l\u00edki anakonda, en l\u00edkami hennar er sag\u00f0ur hundru\u00f0 metra langur og hin glansandi hreisturh\u00fa\u00f0 hennar sameinar alla regnbogans liti.<\/p><p>H\u00fan hreyfir sig eftir flj\u00f3tunum, kemur \u00f6\u00f0ru hverju upp \u00e1 yfirbor\u00f0i\u00f0 til a\u00f0 vekja hrifningu hj\u00e1 \u00feeim sem \u00e1 horfa, og dregur sig svo aftur ni\u00f0ur \u00ed dj\u00fapa vatnshringi \u00fear sem hennar eigin r\u00edki er tali\u00f0 liggja.<\/p><p>\u00c1 hinum hef\u00f0bundnu Shipibo-Conibo-text\u00edlverkum birtist Yacumama sem ge\u00f3metr\u00edskt sl\u00f6ngu-<span class=\"iwg-fachbegriff\" data-tooltip=\"Endurteki\u00f0 efnislegt st\u00edlbrag\u00f0 \u00ed myndlist e\u00f0a fr\u00e1s\u00f6gn.\" tabindex=\"0\">m\u00f3t\u00edf<\/span>, sem myndar hin d\u00e6miger\u00f0u v\u00f6lundarh\u00fasl\u00edku l\u00ednumynstur. Shipibo-mannfr\u00e6\u00f0ingurinn Angelica Serrano hefur \u00ed ranns\u00f3knum s\u00ednum \u00e1 Shipibo-t\u00e1knfr\u00e6\u00f0i s\u00fdnt fram \u00e1 a\u00f0 <em>kene<\/em>-l\u00ednumynstrin \u00ed vefna\u00f0i Shipibo-f\u00f3lksins eru skilin sem <em>Yacumama-l\u00ednur<\/em>, \u00fev\u00ed \u00fea\u00f0 er slangan sj\u00e1lf sem dregur mynstrin yfir d\u00fakinn.<\/p><p>\u00cd n\u00fat\u00edma \u00fej\u00f3\u00f0legri t\u00e1knfr\u00e6\u00f0i Amas\u00f3n\u00edu er Yacumama oft s\u00fdnd sem f\u00f6gur kona me\u00f0 fisksspor\u00f0 e\u00f0a sl\u00f6nguspor, blanda af hef\u00f0bundinni frumbyggjahugmynd og hafmeyjuhef\u00f0 evr\u00f3pskra n\u00fdlenduherra fr\u00e1 Sp\u00e1ni. \u00deessi framsetning kemur s\u00e9rstaklega fram \u00e1 borgarm\u00f6rku\u00f0um \u00ed Iquitos, Pucallpa og Manaus og er tj\u00e1ning \u00e1 blendinni, borgarlegri \u00fej\u00f3\u00f0menningu Amas\u00f3n\u00edu-<span class=\"iwg-fachbegriff\" data-tooltip=\"Hin var\u00f0veitta \u00fej\u00f3\u00f0menning me\u00f0 si\u00f0um, s\u00f6gnum og s\u00f6ngvum.\" tabindex=\"0\">\u00fej\u00f3\u00f0menningu<\/span>.<\/p><p>S\u00e9rst\u00f6k t\u00e1knfr\u00e6\u00f0ileg hef\u00f0 finnst \u00ed ge\u00f3metr\u00edskum l\u00edkamsm\u00e1lverkum \u00ed nokkrum Asaninka- og Shipibo-samf\u00e9l\u00f6gum, \u00fear sem kene-l\u00ednurnar eru t\u00falka\u00f0ar sem bein birting Yacumama \u00e1 h\u00fa\u00f0inni.<\/p><p>\u00cd s\u00fdnarreynslu birtast l\u00ednurnar i\u00f0kandanum fyrst \u00e1 eigin h\u00fa\u00f0 og eru s\u00ed\u00f0an yfirf\u00e6r\u00f0ar af reyndari vefkonum \u00ed text\u00edlmynstrin. \u00deessi t\u00e1knfr\u00e6\u00f0i hefur fengi\u00f0 mikla athygli \u00ed \u00fej\u00f3\u00f0fr\u00e6\u00f0ilegri umr\u00e6\u00f0u um hugtaki\u00f0 <em>l\u00edkamlega tr\u00faari\u00f0kun<\/em>, \u00fev\u00ed h\u00fan gerir engan greinarmun \u00e1 myndlist og l\u00edkamsath\u00f6fn.<\/p>\t\t\t\t\t\t\t\t<\/div>\n\t\t\t\t<\/div>\n\t\t\t\t\t<\/div>\n\t\t\t\t<\/div>\n\t\t<div class=\"elementor-element elementor-element-iwgw-yacumama-s3 e-flex e-con-boxed e-con e-parent\" data-id=\"iwgw-yacumama-s3\" data-element_type=\"container\" data-e-type=\"container\">\n\t\t\t\t\t<div class=\"e-con-inner\">\n\t\t\t\t<div class=\"elementor-element elementor-element-iwgw-yacumama-s3h elementor-widget elementor-widget-heading\" data-id=\"iwgw-yacumama-s3h\" data-element_type=\"widget\" data-e-type=\"widget\" data-widget_type=\"heading.default\">\n\t\t\t\t\t<h2 class=\"elementor-heading-title elementor-size-default\">Go\u00f0sagnakenndar fr\u00e1sagnir<\/h2>\t\t\t\t<\/div>\n\t\t<div class=\"elementor-element elementor-element-iwgw-yacumama-s3c e-con-full e-flex e-con e-child\" data-id=\"iwgw-yacumama-s3c\" data-element_type=\"container\" data-e-type=\"container\">\n\t\t\t\t<div class=\"elementor-element elementor-element-iwgw-yacumama-s3t elementor-widget elementor-widget-text-editor\" data-id=\"iwgw-yacumama-s3t\" data-element_type=\"widget\" data-e-type=\"widget\" data-widget_type=\"text-editor.default\">\n\t\t\t\t\t\t\t\t\t<p>Go\u00f0fr\u00e6\u00f0ileg <span class=\"iwg-fachbegriff\" data-tooltip=\"Mi\u00f0lun \u00feekkingar og sagna kynsl\u00f3\u00f0 eftir kynsl\u00f3\u00f0.\" tabindex=\"0\">arfleif\u00f0<\/span> um Yacumama er r\u00edk og \u00e1herslur hennar eru mismunandi eftir hinum \u00fdmsu amas\u00f3nsku tungum\u00e1lum. Einn meginflokkur fr\u00e1sagna l\u00fdsir Yacumama sem skapara hinna st\u00f3ru flj\u00f3ta: l\u00edkami hennar, sem skr\u00ed\u00f0ur \u00ed gegnum j\u00f6r\u00f0ina, hefur grafi\u00f0 \u00fat flj\u00f3tafarvegina.<\/p><p>\u00dear sem h\u00fan vindur sig fram og til baka myndast bug\u00f0urnar \u00e1 l\u00e1glendisflj\u00f3tunum. \u00dear sem h\u00fan hv\u00edlir sig myndast <em>oxbow lakes<\/em>, hin afskornu, h\u00e1lfm\u00e1nal\u00f6gu\u00f0u v\u00f6tn \u00e1 fl\u00f3\u00f0lendi Amas\u00f3n\u00edu.<\/p><p>\u00d6nnur mikilv\u00e6g fr\u00e1s\u00f6gn l\u00fdsir Yacumama sem m\u00f3\u00f0ur allra flj\u00f3tab\u00faa: \u00far skauti hennar koma pirarucu-fiskurinn, ka\u00edmanarnir, bleiku Boto-h\u00f6frungarnir og rafmagns\u00e1ll.<\/p><p>\u00deegar fiskima\u00f0ur vei\u00f0ir \u00f3venju st\u00f3ran fisk \u00e1 hann a\u00f0 kasta hluta hans aftur \u00ed vatni\u00f0, svo Yacumama rei\u00f0ist ekki. \u00deessi gagnkv\u00e6ma <span class=\"iwg-fachbegriff\" data-tooltip=\"Gj\u00f6f til gu\u00f0legrar veru til a\u00f0 tj\u00e1 \u00feakkl\u00e6ti, b\u00e6n e\u00f0a d\u00fdrkun.\" tabindex=\"0\">f\u00f3rnar<\/span>-hugsun er einnig algeng \u00ed n\u00fat\u00edma fiskvei\u00f0ihef\u00f0 \u00ed Amas\u00f3n\u00edu.<\/p><p>S\u00e9rstaklega \u00fatbreiddur fr\u00e1sagnaflokkur sn\u00fdr a\u00f0 t\u00f6frandi t\u00e1lm\u00e1tt Yacumama. H\u00fan er s\u00f6g\u00f0 lokka unga menn, oft \u00ed mynd fagurrar konu, a\u00f0 flj\u00f3tsbakkanum og draga \u00fe\u00e1 ni\u00f0ur \u00ed dj\u00fapi\u00f0.<\/p><p>\u00cd fr\u00e1s\u00f6gnum Asaninka-f\u00f3lksins er vatnskonan-t\u00e1ldr\u00e1ttarinn mikilv\u00e6g vi\u00f0v\u00f6run til ungra manna sem dvelja of lengi vi\u00f0 sund e\u00f0a vei\u00f0ar \u00ed flj\u00f3tinu. Marlene Dobkin de Rios hefur, \u00ed tengslum vi\u00f0 mest\u00edsa-\u00edb\u00faa per\u00fasku Amas\u00f3n\u00edu, l\u00fdst \u00feessari fr\u00e1sagnarhef\u00f0 sem <em>sirena-fl\u00f3knum<\/em>, \u00fear sem hugmyndin um Yacumama me\u00f0al frumbyggja og evr\u00f3psk hafmeyjuhef\u00f0 renna saman.<\/p><p>Fj\u00f3r\u00f0i fr\u00e1sagnaflokkurinn sn\u00fdr a\u00f0 <em>cosmic battle<\/em>: \u00ed sumum fr\u00e1s\u00f6gnum Asaninka- og Shipibo-f\u00f3lksins berst Yacumama vi\u00f0 \u00ferumu-<span class=\"iwg-fachbegriff\" data-tooltip=\"L\u00edkamslaus vera sem talin er hafa \u00e1hrif \u00ed heiminum.\" tabindex=\"0\">anda<\/span> (samb\u00e6rilegan vi\u00f0 <a href=\"https:\/\/iwell-guard.com\/is\/?page_id=168924\">Illapa<\/a>) og er h\u00f6ggvin \u00ed sundur af honum, en \u00far \u00fev\u00ed ver\u00f0a til hin einst\u00f6ku flj\u00f3t og v\u00f6tn.<\/p><p>\u00deessi \u00fatlistun \u00e1 tilur\u00f0 flj\u00f3talandslagsins sem sundurhlutun \u00e1 kosm\u00edskum sl\u00f6ngul\u00edkama finnst einnig \u00ed \u00f6\u00f0rum amas\u00f3nskum hef\u00f0um og hefur Eduardo Viveiros de Castro l\u00fdst henni \u00ed verki s\u00ednu um amas\u00f3nska <span class=\"iwg-fachbegriff\" data-tooltip=\"Heild \u00feeirra gu\u00f0asagna sem var\u00f0veitt hafa veri\u00f0 innan menningar.\" tabindex=\"0\">go\u00f0afr\u00e6\u00f0i<\/span> sem <em>cosmic dismemberment<\/em>&#8211;<span class=\"iwg-fachbegriff\" data-tooltip=\"Endurteki\u00f0 efnislegt st\u00edlbrag\u00f0 \u00ed myndlist e\u00f0a fr\u00e1s\u00f6gn.\" tabindex=\"0\">m\u00f3t\u00edf<\/span>.<\/p>\t\t\t\t\t\t\t\t<\/div>\n\t\t\t\t<\/div>\n\t\t\t\t\t<\/div>\n\t\t\t\t<\/div>\n\t\t<div class=\"elementor-element elementor-element-iwgw-yacumama-s4 e-flex e-con-boxed e-con e-parent\" data-id=\"iwgw-yacumama-s4\" data-element_type=\"container\" data-e-type=\"container\">\n\t\t\t\t\t<div class=\"e-con-inner\">\n\t\t\t\t<div class=\"elementor-element elementor-element-iwgw-yacumama-s4h elementor-widget elementor-widget-heading\" data-id=\"iwgw-yacumama-s4h\" data-element_type=\"widget\" data-e-type=\"widget\" data-widget_type=\"heading.default\">\n\t\t\t\t\t<h2 class=\"elementor-heading-title elementor-size-default\">D\u00fdrkun og tilbei\u00f0sla<\/h2>\t\t\t\t<\/div>\n\t\t<div class=\"elementor-element elementor-element-iwgw-yacumama-s4c e-con-full e-flex e-con e-child\" data-id=\"iwgw-yacumama-s4c\" data-element_type=\"container\" data-e-type=\"container\">\n\t\t\t\t<div class=\"elementor-element elementor-element-iwgw-yacumama-s4t elementor-widget elementor-widget-text-editor\" data-id=\"iwgw-yacumama-s4t\" data-element_type=\"widget\" data-e-type=\"widget\" data-widget_type=\"text-editor.default\">\n\t\t\t\t\t\t\t\t\t<p>Yacumama hefur ekki mi\u00f0st\u00fdr\u00f0a, stofnanabundna d\u00fdrkun eins og til d\u00e6mis <a href=\"https:\/\/iwell-guard.com\/is\/?page_id=168919\">Inti<\/a>&#8211;<span class=\"iwg-fachbegriff\" data-tooltip=\"Heildarsafn \u00feeirra tr\u00faarlegu tilbei\u00f0sluathafna sem beinast a\u00f0 gu\u00f0i e\u00f0a heilagri v\u00e6ttu.\" tabindex=\"0\">d\u00fdrkunin<\/span> \u00e1 Inka-t\u00edmanum. \u00deess \u00ed sta\u00f0 fer tilbei\u00f0sla hennar fram me\u00f0 dreif\u00f0um h\u00e6tti, vi\u00f0 hverja flj\u00f3ts\u00feverun sem tengist <span class=\"iwg-fachbegriff\" data-tooltip=\"Skipul\u00f6g\u00f0 atbur\u00f0ar\u00e1s t\u00e1knger\u00f0ra athafna sem hefur tr\u00faarlega e\u00f0a menningarlega merkingu.\" tabindex=\"0\">helgisi\u00f0i<\/span>, vi\u00f0 hvern fyrsta fiskvei\u00f0afla hverrar \u00e1rst\u00ed\u00f0ar, vi\u00f0 hverja f\u00e6\u00f0ingu barns \u00ed flj\u00f3ts\u00feorpi.<\/p><p>Helgisi\u00f0as\u00e9rfr\u00e6\u00f0ingarnir eru <em>vegetalistas<\/em> e\u00f0a <em>curanderos<\/em> amas\u00f3nsku \u00feorpanna, sem \u00e1kalla Yacumama \u00ed l\u00e6kningaath\u00f6fnum s\u00ednum.<\/p><p>Yacumama gegnir s\u00e9rst\u00f6ku hlutverki \u00ed ayahuasca-hef\u00f0 amas\u00f3nsku \u00fej\u00f3\u00f0anna. \u00cd s\u00fdnr\u00e6num reynslum af ayahuasca-jurtate (<em>Banisteriopsis caapi<\/em> + <em>Psychotria viridis<\/em>) birtist h\u00fan reglulega sem mikill sn\u00e1ka-l\u00e6rimeistari sem lei\u00f0ir l\u00e6knandann um heima undir j\u00f6r\u00f0u og yfir j\u00f6r\u00f0u og veitir honum \u00feekkingu til sj\u00fakd\u00f3msgreiningar og l\u00e6kninga.<\/p><p><span data-nosnippet>\u00deessi Yacumama-s\u00fdn hefur veri\u00f0 l\u00fdst \u00edtarlega af amas\u00f3nskri mannfr\u00e6\u00f0i, me\u00f0al annars Stephen Beyer (<em>Singing to the Plants<\/em>, 2009), Marlene Dobkin de Rios og Luis Eduardo Luna.<\/span><\/p><p>\u00cd n\u00fat\u00edma borgar<span class=\"iwg-fachbegriff\" data-tooltip=\"Samruni hugmynda e\u00f0a gu\u00f0a \u00far \u00f3l\u00edkum tr\u00faarhef\u00f0um.\" tabindex=\"0\">saml\u00f6gunartr\u00faarbr\u00f6g\u00f0um<\/span> amas\u00f3nskra borga (t.d. <em>Santo Daime<\/em>, <em>Uniao do Vegetal<\/em>, brasil\u00edskar ayahuasca-kirkjur) er Yacumama \u00e1fram til sta\u00f0ar sem t\u00e1kn hinnar heil\u00f6gu vatnsvisku, oft \u00ed samlaga\u00f0ri tengingu vi\u00f0 kristna Mar\u00edutilbei\u00f0slu og afr\u00f3-brasil\u00edskar Orisha-hef\u00f0ir \u00e1 bor\u00f0 vi\u00f0 Yemanja.<\/p><p>\u00cd ayahuasca-ath\u00f6fnum per\u00faskra vegetalista gegna <em>icaros<\/em>, hinir helgu l\u00e6kningas\u00f6ngvar, mikilv\u00e6gu hlutverki. Margir \u00feessara icaros innihalda \u00e1kall til Yacumama, \u00fear sem vatnsslangan er sem l\u00e6rimeistari be\u00f0in um a\u00f0 birta l\u00e6knandanum s\u00fdnir til sj\u00fakd\u00f3msgreiningar e\u00f0a greina veikindi sj\u00faklings.<\/p><p>Stephen Beyer hefur \u00ed <em>Singing to the Plants<\/em> (2009) skr\u00e1\u00f0 v\u00ed\u00f0t\u00e6kt safn sl\u00edkra icaros me\u00f0 tengingu vi\u00f0 Yacumama og s\u00fdnt hvernig \u00feessi \u00e1kallsi\u00f0kun sameinar frumbyggja-amas\u00f3nska og mest\u00edsk-ka\u00fe\u00f3lska \u00fe\u00e6tti \u00ed sj\u00e1lfst\u00e6\u00f0u helgisi\u00f0aformi.<\/p>\t\t\t\t\t\t\t\t<\/div>\n\t\t\t\t<\/div>\n\t\t\t\t\t<\/div>\n\t\t\t\t<\/div>\n\t\t<div class=\"elementor-element elementor-element-iwgw-yacumama-s5 e-flex e-con-boxed e-con e-parent\" data-id=\"iwgw-yacumama-s5\" data-element_type=\"container\" data-e-type=\"container\">\n\t\t\t\t\t<div class=\"e-con-inner\">\n\t\t\t\t<div class=\"elementor-element elementor-element-iwgw-yacumama-s5h elementor-widget elementor-widget-heading\" data-id=\"iwgw-yacumama-s5h\" data-element_type=\"widget\" data-e-type=\"widget\" data-widget_type=\"heading.default\">\n\t\t\t\t\t<h2 class=\"elementor-heading-title elementor-size-default\">Verndara\u00f0ger\u00f0ir og fr\u00e1hrindandi t\u00e1kn<\/h2>\t\t\t\t<\/div>\n\t\t<div class=\"elementor-element elementor-element-iwgw-yacumama-s5c e-con-full e-flex e-con e-child\" data-id=\"iwgw-yacumama-s5c\" data-element_type=\"container\" data-e-type=\"container\">\n\t\t\t\t<div class=\"elementor-element elementor-element-iwgw-yacumama-s5t elementor-widget elementor-widget-text-editor\" data-id=\"iwgw-yacumama-s5t\" data-element_type=\"widget\" data-e-type=\"widget\" data-widget_type=\"text-editor.default\">\n\t\t\t\t\t\t\t\t\t<p>Verndarhef\u00f0in tengd Yacumama er s\u00e9rkennilega tv\u00ed\u00fe\u00e6tt. Annars vegar er h\u00fan \u00e1k\u00f6llu\u00f0 sem verndargy\u00f0ja gegn h\u00e6ttum \u00e1rinnar, gegn drukknun, gegn kr\u00f3k\u00f3d\u00edla\u00e1r\u00e1sum, gegn sj\u00fakd\u00f3ms\u00f6ndum sem berast me\u00f0 vatninu. Hins vegar \u00fearf a\u00f0 verjast Yacumama sj\u00e1lfri, \u00fev\u00ed t\u00e6lingarm\u00e1ttur hennar getur breyst \u00ed ska\u00f0semi.<\/p><p>\u00c1\u00fereifanleg ap\u00f3tr\u00f3p\u00edsk (verndandi) i\u00f0kun felur \u00ed s\u00e9r a\u00f0 bera l\u00edtinn bita af aji-pipar um h\u00e1lsinn vi\u00f0 sund (hinn beiska lyktin \u00e1 a\u00f0 halda Yacumama fjarri), a\u00f0 hr\u00e6kja helgisi\u00f0alega \u00e1 vatni\u00f0 \u00e1\u00f0ur en ausi\u00f0 er, og a\u00f0 for\u00f0ast \u00e1kve\u00f0na hringi\u00f0usta\u00f0i og dj\u00fapvatnssv\u00e6\u00f0i sem talin eru b\u00fasta\u00f0ir Yacumama.<\/p><p>S\u00e9rst\u00f6k i\u00f0kun sn\u00fdr a\u00f0 me\u00f0fer\u00f0 svokalla\u00f0s <em>chuyo<\/em> e\u00f0a <em>cutipado<\/em>, sj\u00fakd\u00f3ms sem talinn er stafa af of n\u00e1nu sambandi vi\u00f0 vatni\u00f0 \u00e1n vi\u00f0eigandi helgisi\u00f0aundirb\u00fanings. Hann er me\u00f0h\u00f6ndla\u00f0ur me\u00f0 vegetalista-<span class=\"iwg-fachbegriff\" data-tooltip=\"Skipul\u00f6g\u00f0 atbur\u00f0ar\u00e1s t\u00e1knr\u00e6nna athafna me\u00f0 tr\u00faarlega e\u00f0a menningarlega merkingu.\" tabindex=\"0\">helgiath\u00f6fn<\/span> me\u00f0 t\u00f3baki, ayahuasca og dieta-i\u00f0kun.<\/p><p>\u00c1 h\u00e1lendinu er Yacumama fyrst og fremst d\u00fdrku\u00f0 sem verndargy\u00f0ja \u00e1veituvatna og heilsulinda. S\u00e1 sem mengar e\u00f0a n\u00fdtir illa mikilv\u00e6ga h\u00e1lendislind \u00e1, samkv\u00e6mt hef\u00f0bundinni tr\u00fa, \u00e1 h\u00e6ttu a\u00f0 vekja rei\u00f0i Yacumama, sem \u00e1 a\u00f0 birtast \u00ed h\u00fa\u00f0\u00fatbrotum, b\u00f3lgum e\u00f0a augnsj\u00fakd\u00f3mum. \u00deessi hugmynd hefur gegnt mikilv\u00e6gu hlutverki \u00ed tr\u00faar\u00fej\u00f3\u00f0fr\u00e6\u00f0ilegri umr\u00e6\u00f0u sem <em>si\u00f0fer\u00f0ileg vistfr\u00e6\u00f0i<\/em> quechua-aymara vatns-<span class=\"iwg-fachbegriff\" data-tooltip=\"V\u00edsindaleg fr\u00e6\u00f0i um gu\u00f0 og tr\u00fa innan tr\u00faarbrag\u00f0a.\" tabindex=\"0\">gu\u00f0fr\u00e6\u00f0i<\/span>.<\/p>\t\t\t\t\t\t\t\t<\/div>\n\t\t\t\t<\/div>\n\t\t\t\t\t<\/div>\n\t\t\t\t<\/div>\n\t\t<div class=\"elementor-element elementor-element-iwgw-yacumama-s6 e-flex e-con-boxed e-con e-parent\" data-id=\"iwgw-yacumama-s6\" data-element_type=\"container\" data-e-type=\"container\">\n\t\t\t\t\t<div class=\"e-con-inner\">\n\t\t\t\t<div class=\"elementor-element elementor-element-iwgw-yacumama-s6h elementor-widget elementor-widget-heading\" data-id=\"iwgw-yacumama-s6h\" data-element_type=\"widget\" data-e-type=\"widget\" data-widget_type=\"heading.default\">\n\t\t\t\t\t<h2 class=\"elementor-heading-title elementor-size-default\">Hli\u00f0st\u00e6\u00f0ur \u00ed \u00f6\u00f0rum menningarheimum<\/h2>\t\t\t\t<\/div>\n\t\t<div class=\"elementor-element elementor-element-iwgw-yacumama-s6c e-con-full e-flex e-con e-child\" data-id=\"iwgw-yacumama-s6c\" data-element_type=\"container\" data-e-type=\"container\">\n\t\t\t\t<div class=\"elementor-element elementor-element-iwgw-yacumama-s6t elementor-widget elementor-widget-text-editor\" data-id=\"iwgw-yacumama-s6t\" data-element_type=\"widget\" data-e-type=\"widget\" data-widget_type=\"text-editor.default\">\n\t\t\t\t\t\t\t\t\t<p>Vatnssl\u00f6ngu-gu\u00f0ir eru hnattr\u00e6nt tr\u00faarlegt og go\u00f0afr\u00e6\u00f0ilegt fyrirb\u00e6ri me\u00f0 \u00e1berandi st\u00f6\u00f0ugri ger\u00f0.<\/p><p>Byggingarleg hli\u00f0st\u00e6\u00f0a vi\u00f0 Yacumama finnst \u00ed vestur-afr\u00edsku <em>Mami Wata<\/em> (sem breiddist v\u00ed\u00f0a \u00fat me\u00f0 flutningi \u00fer\u00e6la til Brasil\u00edu og Kar\u00edbahafsins), \u00ed \u00e1stralska frumbyggjaverunni <em>Rainbow Serpent<\/em>, \u00ed <em>Horned Serpent<\/em> Algonkin-m\u00e1lafj\u00f6lskyldunnar \u00ed Nor\u00f0ur-Amer\u00edku, \u00ed mex\u00edk\u00f3sku <em>Quetzalcoatl<\/em>-verunni \u00ed vatnssl\u00f6nguhlutverki hennar, \u00ed hind\u00faskri Naga-hef\u00f0 og \u00ed k\u00ednverskri dreka<span class=\"iwg-fachbegriff\" data-tooltip=\"Fr\u00e6\u00f0igreinin um gu\u00f0 og tr\u00fa innan tr\u00faarbrag\u00f0a.\" tabindex=\"0\">gu\u00f0fr\u00e6\u00f0i<\/span>.<\/p><p>Carl Jung flokka\u00f0i \u00ed ritum s\u00ednum um <span class=\"iwg-fachbegriff\" data-tooltip=\"T\u00e1kn sem stendur fyrir hugmynd e\u00f0a merkingu.\" tabindex=\"0\">t\u00e1kn<\/span>greiningu vatnssl\u00f6nguna sem <em>frummynd<\/em> (archetyp\u00edskt t\u00e1kn) og t\u00falka\u00f0i hana sem t\u00e1knr\u00e6na hli\u00f0st\u00e6\u00f0u hins s\u00e1larlega dj\u00faps e\u00f0a hins \u00f3dulvita\u00f0a.<\/p><p><span data-nosnippet>Tr\u00faarbrag\u00f0afr\u00e6\u00f0ilega er \u00feessi t\u00falkun vafas\u00f6m, \u00fev\u00ed h\u00fan jafnar \u00fat menningars\u00f6gulegt s\u00e9rkenni hverrar einstakrar vatnssl\u00f6nguhef\u00f0ar \u00ed \u00fe\u00e1gu alt\u00e6krar lestrar. \u00der\u00e1tt fyrir \u00fea\u00f0 er byggingarleg samsv\u00f6run svo \u00e1berandi a\u00f0 h\u00fan kallar \u00e1 sk\u00fdringu. Mircea Eliade fjalla\u00f0i \u00edtarlega um fyrirb\u00e6ri\u00f0 \u00ed <em>Patterns in Comparative Religion<\/em> (1958).<\/span><\/p><p>Innan Amer\u00edku s\u00fdnir Yacumama greinilega n\u00e1l\u00e6g\u00f0 vi\u00f0 amas\u00f3nsk-brasil\u00edsku <em>Cobra Grande<\/em> (Sucuri-sl\u00f6nguna), sem einnig er s\u00f6g\u00f0 flj\u00f3tsm\u00f3\u00f0ir og t\u00e6livera. Hugmyndin um risavaxna vatnssl\u00f6ngu er \u00fatbreidd um allt amas\u00f3nska l\u00e1glandi\u00f0 og n\u00e6r fr\u00e1 brasil\u00edsku Tupi-\u00fej\u00f3\u00f0unum til k\u00f3lumb\u00edsku Tucano-m\u00e1lah\u00f3panna.<\/p><p>Innan samanbur\u00f0ar<span class=\"iwg-fachbegriff\" data-tooltip=\"Fr\u00e6\u00f0igreinin sem rannsakar tr\u00faarbr\u00f6g\u00f0 me\u00f0 samanbur\u00f0i og \u00e1n tr\u00faarlegrar bindingar.\" tabindex=\"0\">tr\u00faarbrag\u00f0afr\u00e6\u00f0i<\/span> Amer\u00edku er samband Yacumama vi\u00f0 <a href=\"https:\/\/iwell-guard.com\/is\/?page_id=168938\">Thunderbird<\/a>-veruna \u00ed Nor\u00f0ur-Amer\u00edku s\u00e9rlega uppl\u00fdsandi. \u00cd fj\u00f6lm\u00f6rgum frumbyggjago\u00f0afr\u00e6\u00f0um Amer\u00edku berst vatnsslangan vi\u00f0 \u00ferumufuglinn; \u00e1t\u00f6kin eru hin kosm\u00edska pers\u00f3nugerving ve\u00f0urhringr\u00e1sarins milli \u00farkomu (vatnsslanga) og \u00ferumuve\u00f0urs (\u00ferumufugl). \u00deessi \u00fevergangandi go\u00f0afr\u00e6\u00f0ilega samst\u00e6\u00f0a, sta\u00f0fest me\u00f0al Lakota, Algonkin, Asaninka og Shipibo jafnt, s\u00fdnir athyglisver\u00f0an panamer\u00edskan byggingarlegan st\u00f6\u00f0ugleika.<\/p>\t\t\t\t\t\t\t\t<\/div>\n\t\t\t\t<\/div>\n\t\t\t\t\t<\/div>\n\t\t\t\t<\/div>\n\t\t<div class=\"elementor-element elementor-element-iwgw-yacumama-s7 e-flex e-con-boxed e-con e-parent\" data-id=\"iwgw-yacumama-s7\" data-element_type=\"container\" data-e-type=\"container\">\n\t\t\t\t\t<div class=\"e-con-inner\">\n\t\t\t\t<div class=\"elementor-element elementor-element-iwgw-yacumama-s7h elementor-widget elementor-widget-heading\" data-id=\"iwgw-yacumama-s7h\" data-element_type=\"widget\" data-e-type=\"widget\" data-widget_type=\"heading.default\">\n\t\t\t\t\t<h2 class=\"elementor-heading-title elementor-size-default\">N\u00fat\u00edmavi\u00f0t\u00f6kur og ranns\u00f3knir<\/h2>\t\t\t\t<\/div>\n\t\t<div class=\"elementor-element elementor-element-iwgw-yacumama-s7c e-con-full e-flex e-con e-child\" data-id=\"iwgw-yacumama-s7c\" data-element_type=\"container\" data-e-type=\"container\">\n\t\t\t\t<div class=\"elementor-element elementor-element-iwgw-yacumama-s7t elementor-widget elementor-widget-text-editor\" data-id=\"iwgw-yacumama-s7t\" data-element_type=\"widget\" data-e-type=\"widget\" data-widget_type=\"text-editor.default\">\n\t\t\t\t\t\t\t\t\t<p>Yacumama hefur upplifa\u00f0 merkilega endurvakningu \u00e1 21. \u00f6ldinni. Aukin athygli \u00e1 frumbyggjatr\u00faarbr\u00f6g\u00f0um Amas\u00f3nsv\u00e6\u00f0isins, \u00fatbrei\u00f0sla ayahuasca-hef\u00f0arins \u00fat fyrir Su\u00f0ur-Amer\u00edku og vi\u00f0urkenning \u00e1 r\u00e9ttindum frumbyggja n\u00e1tt\u00faruv\u00e6tta \u00ed stj\u00f3rnarskr\u00e1m B\u00f3liv\u00edu og Ekvador hafa dregi\u00f0 Yacumama inn \u00ed v\u00ed\u00f0t\u00e6kari tr\u00faarlega og p\u00f3lit\u00edska umr\u00e6\u00f0u.<\/p><p><span data-nosnippet>\u00cd fr\u00e6\u00f0ilegum ranns\u00f3knum er \u00fej\u00f3\u00f0fr\u00e6\u00f0ileg ranns\u00f3kn \u00e1 ayahuasca-vegetalista-hef\u00f0inni \u00ed forgrunni. Luis Eduardo Luna (<em>Vegetalismo<\/em>, 1986), Stephen Beyer (<em>Singing to the Plants<\/em>, 2009), Marlene Dobkin de Rios og yngri h\u00f6fundar \u00e1 bor\u00f0 vi\u00f0 Beatriz Caiuby Labate hafa l\u00fdst Yacumama sem mi\u00f0l\u00e6gum s\u00fdnr\u00e6num l\u00e6rimeistara amas\u00f3nska l\u00e6knishef\u00f0arins.<\/span><\/p><p>Spurningin um a\u00f0 hve miklu leyti \u00feessi vegetalista-hef\u00f0 er <span class=\"iwg-fachbegriff\" data-tooltip=\"Fr\u00e1 t\u00edmanum \u00e1\u00f0ur en kristni breiddist \u00fat.\" tabindex=\"0\">fyrirkristileg<\/span> af frumbyggjauppruna og a\u00f0 hve miklu leyti h\u00fan er n\u00fat\u00edmalegt samruna-fyrirb\u00e6ri, er umdeilt \u00ed fr\u00e6\u00f0unum.<\/p><p>\u00dat fr\u00e1 fr\u00e6\u00f0ilegu sj\u00f3narhorni er Yacumama mikilv\u00e6gt d\u00e6mi um hreyfanleika frumbyggja vatnsgu\u00f0fr\u00e6\u00f0i vi\u00f0 a\u00f0st\u00e6\u00f0ur n\u00fat\u00edmans.<\/p><p>\u00dea\u00f0 sem \u00e1 16. \u00f6ld var ja\u00f0arpers\u00f3na, tengd undirheimum, \u00e1 \u00fatja\u00f0ri Inka-go\u00f0aveldisins, er \u00ed dag or\u00f0i\u00f0 a\u00f0 \u00e1berandi pers\u00f3nu \u00ed pan-amas\u00f3nskri, umhverfislega tengdri andlegri hreyfingu, \u00fer\u00f3un sem ver\u00f0skuldar athygli tr\u00faarlegrar f\u00e9lagsfr\u00e6\u00f0i. Tilv\u00edsun iWell Guard til Yacumama-hef\u00f0arinnar l\u00fdsir \u00feessum ni\u00f0urst\u00f6\u00f0um \u00fat fr\u00e1 tr\u00faars\u00f6gulegu sj\u00f3narhorni, \u00e1n fullyr\u00f0inga um virkni e\u00f0a andlegar r\u00e1\u00f0leggingar.<\/p><p>Mikilv\u00e6g athugun \u00ed tr\u00faarlegri f\u00e9lagsfr\u00e6\u00f0i snertir muninn \u00e1 frumbyggja-amas\u00f3nskum og borgarlegum-vestr\u00e6num ayahuasca-venjum.<\/p><p>\u00cd frumbyggjaath\u00f6fnum Asaninka og Shipibo er Yacumama felld inn \u00ed v\u00ed\u00f0t\u00e6ka heimsfr\u00e6\u00f0ilega fr\u00e1sagnarr\u00f6\u00f0 me\u00f0 \u00e1\u00fereifanlegum si\u00f0fer\u00f0ilegum skyldum; \u00ed borgarlegum <span class=\"iwg-fachbegriff\" data-tooltip=\"Samruni hugmynda e\u00f0a gu\u00f0a \u00far mismunandi tr\u00faarhef\u00f0um.\" tabindex=\"0\">samruna<\/span>-kirkjum Brasil\u00edu og Per\u00fa hefur h\u00fan fremur or\u00f0i\u00f0 a\u00f0 lauslegri <span class=\"iwg-fachbegriff\" data-tooltip=\"Merki sem stendur fyrir hugmynd e\u00f0a merkingu.\" tabindex=\"0\">t\u00e1kn<\/span>-pers\u00f3nu sem er hla\u00f0in einstaklingsbundinni andlegri merkingu.<\/p><p>\u00deessi munur hefur veri\u00f0 kerfisbundi\u00f0 l\u00fdst af Bia Labate og Edward MacRae \u00ed verkum \u00feeirra um hnattv\u00e6\u00f0ingu ayahuasca-hef\u00f0arins.<\/p>\t\t\t\t\t\t\t\t<\/div>\n\t\t\t\t<\/div>\n\t\t\t\t\t<\/div>\n\t\t\t\t<\/div>\n\t\t<div class=\"elementor-element elementor-element-iwgw-yacumama-s8 e-flex e-con-boxed e-con e-parent\" data-id=\"iwgw-yacumama-s8\" data-element_type=\"container\" data-e-type=\"container\">\n\t\t\t\t\t<div class=\"e-con-inner\">\n\t\t\t\t<div class=\"elementor-element elementor-element-iwgw-yacumama-s8h elementor-widget elementor-widget-heading\" data-id=\"iwgw-yacumama-s8h\" data-element_type=\"widget\" data-e-type=\"widget\" data-widget_type=\"heading.default\">\n\t\t\t\t\t<h2 class=\"elementor-heading-title elementor-size-default\">Heimildir og b\u00f3kmenntir<\/h2>\t\t\t\t<\/div>\n\t\t<div class=\"elementor-element elementor-element-iwgw-yacumama-s8c e-con-full e-flex e-con e-child\" data-id=\"iwgw-yacumama-s8c\" data-element_type=\"container\" data-e-type=\"container\">\n\t\t\t\t<div class=\"elementor-element elementor-element-iwgw-yacumama-s8t elementor-widget elementor-widget-text-editor\" data-id=\"iwgw-yacumama-s8t\" data-element_type=\"widget\" data-e-type=\"widget\" data-widget_type=\"text-editor.default\">\n\t\t\t\t\t\t\t\t\t<p>Eftirfarandi \u00farval telur upp lykilrit \u00ed amas\u00f3nskri <span class=\"iwg-fachbegriff\" data-tooltip=\"V\u00edsindi sem rannsaka menningarheima og samf\u00e9l\u00f6g \u00e1 samanbur\u00f0arh\u00e1tt.\" tabindex=\"0\">\u00fej\u00f3\u00f0fr\u00e6\u00f0i<\/span> og Andesranns\u00f3knum, sem eru grundvallandi fyrir skilning \u00e1 Yacumama og vatnssl\u00f6ngu-<span class=\"iwg-fachbegriff\" data-tooltip=\"V\u00edsindaleg fr\u00e6\u00f0i um gu\u00f0 og tr\u00fa innan tr\u00faarbrag\u00f0a.\" tabindex=\"0\">gu\u00f0fr\u00e6\u00f0i<\/span>.<\/p>\t\t\t\t\t\t\t\t<\/div>\n\t\t\t\t<\/div>\n\t\t\t\t\t<\/div>\n\t\t\t\t<\/div>\n\t\t<div class=\"elementor-element elementor-element-cp2bc85cc9 e-flex e-con-boxed e-con e-parent\" data-id=\"cp2bc85cc9\" data-element_type=\"container\" data-e-type=\"container\">\n\t\t\t\t\t<div class=\"e-con-inner\">\n\t\t\t\t<div class=\"elementor-element elementor-element-cp22ff85ca elementor-widget elementor-widget-heading\" data-id=\"cp22ff85ca\" data-element_type=\"widget\" data-e-type=\"widget\" data-widget_type=\"heading.default\">\n\t\t\t\t\t<h2 class=\"elementor-heading-title elementor-size-default\">Yacumama \u00ed munnlegri hef\u00f0 Amas\u00f3n-l\u00e1gsl\u00e9ttunnar<\/h2>\t\t\t\t<\/div>\n\t\t<div class=\"elementor-element elementor-element-cp27b30825 e-flex e-con-boxed e-con e-child\" data-id=\"cp27b30825\" data-element_type=\"container\" data-e-type=\"container\">\n\t\t\t\t\t<div class=\"e-con-inner\">\n\t\t\t\t<div class=\"elementor-element elementor-element-cp26f077e1 elementor-widget elementor-widget-text-editor\" data-id=\"cp26f077e1\" data-element_type=\"widget\" data-e-type=\"widget\" data-widget_type=\"text-editor.default\">\n\t\t\t\t\t\t\t\t\t<p>\u00d3l\u00edkt gu\u00f0um inkaska r\u00edkisd\u00fdrkunarins er Yacumama, en nafn hennar m\u00e1 \u00fe\u00fd\u00f0a \u00far quechua sem M\u00f3\u00f0ir vatnsins, varla var\u00f0veitt \u00ed ritum k\u00f3l\u00f3n\u00edskra sagnaritara.<\/p><p>Vitnisbur\u00f0ur um hana byggist fyrst og fremst \u00e1 munnlegum fr\u00e1s\u00f6gnum sem hafa gengi\u00f0 \u00e1fram allt til n\u00fat\u00edmans \u00e1 flatlendissv\u00e6\u00f0um \u00ed Per\u00fa, Ekvador og Brasil\u00edu. \u00dear er h\u00fan talin vera gr\u00ed\u00f0arst\u00f3r vatnsslanga e\u00f0a andavera sem b\u00fdr \u00ed dj\u00fapum \u00e1nakv\u00edslum, l\u00f3num og \u00e1ra\u00f3sum og g\u00e6tir d\u00fdranna sem \u00fear lifa.<\/p><p>Fr\u00e1sagnirnar eru mj\u00f6g mismunandi milli sv\u00e6\u00f0a og blandast hugmyndum um alv\u00f6ru anakonduna, sem er hva\u00f0 sem er talin go\u00f0s\u00f6gulega hla\u00f0i\u00f0 d\u00fdr \u00ed m\u00f6rgum menningarheimum l\u00e1gsl\u00e9ttunnar.<\/p><p>\u00cd sumum \u00fatg\u00e1fum myndar Yacumama hringstrauma sem draga b\u00e1ta \u00ed dj\u00fapi\u00f0; \u00ed \u00f6\u00f0rum kallar h\u00fan fram \u00feoku e\u00f0a storma me\u00f0 anda s\u00ednum. Blendingafr\u00e1sagnarhef\u00f0ir me\u00f0fram Amas\u00f3nflj\u00f3ti, til d\u00e6mis \u00ed n\u00e1grenni Iquitos, \u00feekkja hana sem veru sem h\u00e6gt er a\u00f0 for\u00f0ast e\u00f0a fri\u00f0a me\u00f0 h\u00e1va\u00f0a e\u00f0a \u00e1kve\u00f0num bl\u00edsturhlj\u00f3\u00f0um.<\/p><p>Ranns\u00f3knir standa h\u00e9r frammi fyrir \u00feeim grundvallarvanda a\u00f0 engin samr\u00e6md, sk\u00fdrt afm\u00f6rku\u00f0 pers\u00f3na er til. \u00dea\u00f0 sem er dregi\u00f0 saman undir nafninu Yacumama er fremur knippi af tengdum vatnaanda-hugmyndum sem eiga r\u00e6tur \u00ed frumbyggjahef\u00f0um l\u00e1gsl\u00e9ttunnar, andeskum hugt\u00f6kum og \u00fe\u00e1ttum \u00ed blendings\u00fej\u00f3\u00f0menningu.<\/p><p>S\u00f6fn fr\u00e1sagna af l\u00e1gsl\u00e9ttunni, sem \u00fej\u00f3\u00f0fr\u00e6\u00f0ingar og \u00fej\u00f3\u00f0h\u00e1ttafr\u00e6\u00f0ingar hafa teki\u00f0 saman fr\u00e1 20. \u00f6ld, s\u00fdna \u00feessa fj\u00f6lbreytni \u00e1n \u00feess a\u00f0 unnt s\u00e9 a\u00f0 endurgera \u00far \u00feeim samfellt go\u00f0s\u00f6gukerfi. Um tengdar vatnaverur sv\u00e6\u00f0isins er fjalla\u00f0 \u00ed greininni um <a href=\"https:\/\/iwell-guard.com\/is\/?page_id=168926\">Mama Cocha<\/a>.<\/p>\t\t\t\t\t\t\t\t<\/div>\n\t\t\t\t\t<\/div>\n\t\t\t\t<\/div>\n\t\t\t\t\t<\/div>\n\t\t\t\t<\/div>\n\t\t<div class=\"elementor-element elementor-element-iwgw-yacumama-lit e-flex e-con-boxed e-con e-parent\" data-id=\"iwgw-yacumama-lit\" data-element_type=\"container\" data-e-type=\"container\">\n\t\t\t\t\t<div class=\"e-con-inner\">\n\t\t\t\t<div class=\"elementor-element elementor-element-iwgw-yacumama-lith elementor-widget elementor-widget-heading\" data-id=\"iwgw-yacumama-lith\" data-element_type=\"widget\" data-e-type=\"widget\" data-widget_type=\"heading.default\">\n\t\t\t\t\t<h2 class=\"elementor-heading-title elementor-size-default\">Heimildir (\u00farval)<\/h2>\t\t\t\t<\/div>\n\t\t<div class=\"elementor-element elementor-element-iwgw-yacumama-litc e-con-full e-flex e-con e-child\" data-id=\"iwgw-yacumama-litc\" data-element_type=\"container\" data-e-type=\"container\">\n\t\t\t\t<div class=\"elementor-element elementor-element-iwgw-yacumama-litt elementor-widget elementor-widget-text-editor\" data-id=\"iwgw-yacumama-litt\" data-element_type=\"widget\" data-e-type=\"widget\" data-widget_type=\"text-editor.default\">\n\t\t\t\t\t\t\t\t\t<ul><li>Marlene Dobkin de Rios: <em>Visionary Vine<\/em> (1972)<\/li><li>Stephen Beyer: <em>Singing to the Plants<\/em> (2009)<\/li><li>Luis Eduardo Luna: <em>Vegetalismo<\/em> (1986)<\/li><li><span data-nosnippet>Beatriz Caiuby Labate: <em>Ayahuasca, <span class=\"iwg-fachbegriff\" data-tooltip=\"Fastm\u00f3tu\u00f0 atbur\u00f0ar\u00e1s t\u00e1knr\u00e6nna athafna me\u00f0 tr\u00faarlega e\u00f0a menningarlega merkingu.\" tabindex=\"0\">Ritual<\/span> and Religion<\/em> (2014)<\/span><\/li><li>Eduardo Viveiros de Castro: <em>Cannibal Metaphysics<\/em> (2014)<\/li><li>Catherine Allen: <em>The Hold Life Has<\/em> (2002)<\/li><\/ul>\t\t\t\t\t\t\t\t<\/div>\n\t\t\t\t<\/div>\n\t\t\t\t\t<\/div>\n\t\t\t\t<\/div>\n\t\t<div class=\"elementor-element elementor-element-iwgkw-add-yacumama e-flex e-con-boxed e-con e-parent\" data-id=\"iwgkw-add-yacumama\" data-element_type=\"container\" data-e-type=\"container\">\n\t\t\t\t\t<div class=\"e-con-inner\">\n\t\t\t\t<div class=\"elementor-element elementor-element-iwgkw-add-yacumama-t elementor-widget elementor-widget-text-editor\" data-id=\"iwgkw-add-yacumama-t\" data-element_type=\"widget\" data-e-type=\"widget\" data-widget_type=\"text-editor.default\">\n\t\t\t\t\t\t\t\t\t<p>Yacumama, quechua fyrir <em>M\u00f3\u00f0ir vatnsins<\/em>, er \u00ed andesk-amas\u00f3nskri <span class=\"iwg-fachbegriff\" data-tooltip=\"A\u00f0 mi\u00f0la \u00feekkingu og fr\u00e1s\u00f6gnum \u00e1fram milli kynsl\u00f3\u00f0a.\" tabindex=\"0\">hef\u00f0<\/span> gr\u00ed\u00f0arst\u00f3r vatnsslanga sem b\u00fdr \u00ed st\u00f3rum <strong>vatnasv\u00e6\u00f0um<\/strong> Amas\u00f3nvatnasvi\u00f0sins og hli\u00f0arflj\u00f3ta \u00feess.<\/p><p>H\u00fan er talin g\u00e6slukona strauma, hringstrauma og \u00e1ra\u00f3sa; fiskimenn og fer\u00f0alangar \u00e1kalla hana \u00e1\u00f0ur en \u00feeir fara \u00e1 d\u00fdpri v\u00f6tn og rekja heg\u00f0unarreglur til hennar, svo sem \u00fe\u00f6gn \u00e1 \u00e1kve\u00f0num l\u00f3num. \u00cd ranns\u00f3knum er Yacumama sta\u00f0sett \u00e1 milli frumbyggjahef\u00f0ar, blendings-<span class=\"iwg-fachbegriff\" data-tooltip=\"Hugmynd um uppbyggingu og skipan heimsins innan menningarheims.\" tabindex=\"0\">heimsmyndar<\/span> og k\u00f3l\u00f3n\u00edskra fer\u00f0afr\u00e1sagna.<\/p>\t\t\t\t\t\t\t\t<\/div>\n\t\t\t\t\t<\/div>\n\t\t\t\t<\/div>\n\t\t<div class=\"elementor-element elementor-element-iwgkw2-add-yacumama e-flex e-con-boxed e-con e-parent\" data-id=\"iwgkw2-add-yacumama\" data-element_type=\"container\" data-e-type=\"container\">\n\t\t\t\t\t<div class=\"e-con-inner\">\n\t\t\t\t<div class=\"elementor-element elementor-element-iwgkw2-add-yacumama-t elementor-widget elementor-widget-text-editor\" data-id=\"iwgkw2-add-yacumama-t\" data-element_type=\"widget\" data-e-type=\"widget\" data-widget_type=\"text-editor.default\">\n\t\t\t\t\t\t\t\t\t<p>Yacumama er \u00ed andesk-<em>amas\u00f3nskri<\/em> hef\u00f0 talin gr\u00ed\u00f0arst\u00f3r vatnsslanga og m\u00f3\u00f0ir flj\u00f3tanna, en fr\u00e1sagnir af henni hafa var\u00f0veist til \u00feessa dags me\u00f0al quechua- og shipibo-talandi h\u00f3pa \u00e1 ja\u00f0arsv\u00e6\u00f0inu milli h\u00e1nandesfjalla og regnsk\u00f3gar.<\/p>\t\t\t\t\t\t\t\t<\/div>\n\t\t\t\t\t<\/div>\n\t\t\t\t<\/div>\n\t\t<div class=\"elementor-element elementor-element-iwgw-yacumama-kwd e-flex e-con-boxed e-con e-parent\" data-id=\"iwgw-yacumama-kwd\" data-element_type=\"container\" data-e-type=\"container\">\n\t\t\t\t\t<div class=\"e-con-inner\">\n\t\t<div class=\"elementor-element elementor-element-iwgw-yacumama-kwdc e-con-full e-flex e-con e-child\" data-id=\"iwgw-yacumama-kwdc\" data-element_type=\"container\" data-e-type=\"container\">\n\t\t\t\t<div class=\"elementor-element elementor-element-iwgw-yacumama-kwdt elementor-widget elementor-widget-text-editor\" data-id=\"iwgw-yacumama-kwdt\" data-element_type=\"widget\" data-e-type=\"widget\" data-widget_type=\"text-editor.default\">\n\t\t\t\t\t\t\t\t\t<p><em>Tengd lykilhugt\u00f6k: Yacumama Yakuruna Sucuri Ayahuasca Vegetalista Shipibo Anaconda Asaninka.<\/em><\/p>\t\t\t\t\t\t\t\t<\/div>\n\t\t\t\t<\/div>\n\t\t\t\t\t<\/div>\n\t\t\t\t<\/div>\n\t\t<div class=\"elementor-element elementor-element-iwgw-yacumama-cc e-flex e-con-boxed e-con e-parent\" data-id=\"iwgw-yacumama-cc\" data-element_type=\"container\" data-e-type=\"container\" id=\"iwg-cc-yacumama\">\n\t\t\t\t\t<div class=\"e-con-inner\">\n\t\t<div class=\"elementor-element elementor-element-iwgw-yacumama-ccinner e-flex e-con-boxed e-con e-parent\" data-id=\"iwgw-yacumama-ccinner\" data-element_type=\"container\" data-e-type=\"container\" data-settings=\"{&quot;background_background&quot;:&quot;classic&quot;}\">\n\t\t\t\t\t<div class=\"e-con-inner\">\n\t\t\t\t<div class=\"elementor-element elementor-element-iwgw-yacumama-cch elementor-widget elementor-widget-heading\" data-id=\"iwgw-yacumama-cch\" data-element_type=\"widget\" data-e-type=\"widget\" data-widget_type=\"heading.default\">\n\t\t\t\t\t<h2 class=\"elementor-heading-title elementor-size-default\">iWell Guard og verndarhef\u00f0ir<\/h2>\t\t\t\t<\/div>\n\t\t\t\t<div class=\"elementor-element elementor-element-iwgw-yacumama-cct elementor-widget elementor-widget-text-editor\" data-id=\"iwgw-yacumama-cct\" data-element_type=\"widget\" data-e-type=\"widget\" data-widget_type=\"text-editor.default\">\n\t\t\t\t\t\t\t\t\t<div data-nosnippet=\"true\"><p>iWell Guard byggir \u00e1 menningars\u00f6gulegri hef\u00f0 verndargripa sem bor\u00f0ir eru \u00e1 l\u00edkamanum, \u00ed hef\u00f0 <a href=\"https:\/\/iwell-guard.com\/is\/?page_id=168909\">Andesfjalla \/ Inka<\/a> og margra annarra menningarheima um allan heim. 41 lag, ekta gull, plat\u00edna, silfur, framleitt \u00ed \u00de\u00fdskalandi. 30 daga skilar\u00e9tt.<\/p><\/div>\t\t\t\t\t\t\t\t<\/div>\n\t\t\t\t<div class=\"elementor-element elementor-element-iwgw-yacumama-ccb iwg-cc-button iwg-cc-cta-2026-05-13 elementor-widget elementor-widget-jet-button\" data-id=\"iwgw-yacumama-ccb\" data-element_type=\"widget\" data-e-type=\"widget\" data-widget_type=\"jet-button.default\">\n\t\t\t\t<div class=\"elementor-widget-container\">\n\t\t\t\t\t<div class=\"elementor-jet-button jet-elements\"><div class=\"jet-button__container\"><a class=\"jet-button__instance jet-button__instance--icon-left hover-effect-1\" href=\"\/ueber-iwell-guard\/?utm_source=iwell-guard.com&amp;utm_medium=info-box&amp;utm_campaign=wesen-tradition\"><div class=\"jet-button__plane jet-button__plane-normal\"><\/div><div class=\"jet-button__plane jet-button__plane-hover\"><\/div><div class=\"jet-button__state jet-button__state-normal\"><span class=\"jet-button__label\">Meira um iWell Guard<\/span><\/div><div class=\"jet-button__state jet-button__state-hover\"><span class=\"jet-button__label\">Meira um iWell Guard<\/span><\/div><\/a><\/div><\/div><style>.elementor-element.elementor-element-iwgw-yacumama-ccb .jet-button__instance{width:320px;height:56px;}.elementor-element.elementor-element-iwgw-yacumama-ccb .jet-button__state-normal .jet-button__label{text-align:center;margin:0px 0px 0px 0px;color:#1a1b20;font-family:Montserrat,sans-serif;font-size:13px;font-weight:400;letter-spacing:4px;line-height:1.714em;text-transform:uppercase;}.elementor-element.elementor-element-iwgw-yacumama-ccb .jet-button__state-hover .jet-button__label{text-align:center;margin:0px 0px 0px 0px;color:#FECC76;font-family:Montserrat,sans-serif;font-size:13px;font-weight:400;letter-spacing:4px;line-height:1.714em;text-transform:uppercase;}.elementor-element.elementor-element-iwgw-yacumama-ccb .jet-button__plane-normal{background-color:#FECC76;border-style:solid;border-color:#C99540;border-width:2px 2px 2px 2px;}.elementor-element.elementor-element-iwgw-yacumama-ccb .jet-button__plane-hover{background-color:rgba(0,0,0,0.55);border-style:solid;border-color:#FECC76;border-width:2px 2px 2px 2px;}<\/style>\t\t\t\t<\/div>\n\t\t\t\t<\/div>\n\t\t\t\t<div class=\"elementor-element elementor-element-iwgw-yacumama-ccd elementor-widget elementor-widget-text-editor\" data-id=\"iwgw-yacumama-ccd\" data-element_type=\"widget\" data-e-type=\"widget\" data-widget_type=\"text-editor.default\">\n\t\t\t\t\t\t\t\t\t<div data-nosnippet=\"true\"><p style=\"text-align:center;font-size:13px;opacity:0.7;margin-top:14px\" data-nosnippet=\"true\">Pers\u00f3nuleg reynsla getur veri\u00f0 mismunandi. Ekki l\u00e6kningat\u00e6ki. Engin lofor\u00f0 um l\u00e6kningu.<\/p><\/div>\t\t\t\t\t\t\t\t<\/div>\n\t\t\t\t\t<\/div>\n\t\t\t\t<\/div>\n\t\t\t\t\t<\/div>\n\t\t\t\t<\/div>\n\t\t<div class=\"elementor-element elementor-element-iwgw-yacumama-disc e-flex e-con-boxed e-con e-parent\" data-id=\"iwgw-yacumama-disc\" data-element_type=\"container\" data-e-type=\"container\">\n\t\t\t\t\t<div class=\"e-con-inner\">\n\t\t\t\t<div class=\"elementor-element elementor-element-iwgw-yacumama-discw elementor-widget elementor-widget-html\" data-id=\"iwgw-yacumama-discw\" data-element_type=\"widget\" data-e-type=\"widget\" data-widget_type=\"html.default\">\n\t\t\t\t\t<footer data-nosnippet=\"true\" class=\"iwg-disclaimer-block\"><p data-nosnippet=\"true\">iWell Guard er <strong>ekki l\u00e6kningat\u00e6ki<\/strong> og kemur ekki \u00ed sta\u00f0inn fyrir l\u00e6knis- e\u00f0a s\u00e1lfr\u00e6\u00f0ime\u00f0fer\u00f0. Tr\u00faarfr\u00e6\u00f0ilegt efni er menningars\u00f6gulegt samhengi, ekki r\u00e1\u00f0legging um andlega i\u00f0kun.<\/p><\/footer>\t\t\t\t<\/div>\n\t\t\t\t\t<\/div>\n\t\t\t\t<\/div>\n\t\t\t\t<\/div>\n\t\t","protected":false},"excerpt":{"rendered":"","protected":false},"author":3,"featured_media":2676,"parent":0,"menu_order":0,"comment_status":"closed","ping_status":"closed","template":"elementor_header_footer","meta":{"_yoast_wpseo_focuskw":"Yacumama vatnaslanga Andesfjalla","_yoast_wpseo_title":"Yacumama \u2013 vatnaslanga Andesfjalla","_yoast_wpseo_metadesc":"Yacumama, vatnasl\u00f6ngugy\u00f0ja Andesfjalla og Amas\u00f3nsv\u00e6\u00f0isins, er talin m\u00f3\u00f0ir alls vatns og \u00edb\u00fai hinna miklu flj\u00f3ta.","_yoast_wpseo_meta-robots-noindex":"","_yoast_wpseo_canonical":"","_angie_page":false,"gefaehrdungsstufe":"3","wesen_kultur":"anden-inka","wesen_klasse":"geister","footnotes":""},"categories":[],"class_list":["post-168928","page","type-page","status-publish","has-post-thumbnail","hentry"],"yoast_head":"<!-- This site is optimized with the Yoast SEO Premium plugin v27.7 (Yoast SEO v28.3) - https:\/\/yoast.com\/product\/yoast-seo-premium-wordpress\/ -->\n<title>Yacumama \u2013 vatnaslanga Andesfjalla<\/title>\n<meta name=\"description\" content=\"Yacumama, vatnasl\u00f6ngugy\u00f0ja Andesfjalla og Amas\u00f3nsv\u00e6\u00f0isins, er talin m\u00f3\u00f0ir alls vatns og \u00edb\u00fai hinna miklu flj\u00f3ta.\" \/>\n<meta name=\"robots\" content=\"index, follow, max-snippet:-1, max-image-preview:large, max-video-preview:-1\" \/>\n<link rel=\"canonical\" href=\"https:\/\/iwell-guard.com\/is\/yacumama-vatnaslanga-andesfjalla\/\" \/>\n<meta property=\"og:locale\" content=\"is_IS\" \/>\n<meta property=\"og:type\" content=\"article\" \/>\n<meta property=\"og:title\" content=\"Yacumama \u2013 vatnaslanga Andesfjalla og Amas\u00f3nsv\u00e6\u00f0isins\" \/>\n<meta property=\"og:description\" content=\"Yacumama, vatnasl\u00f6ngugy\u00f0ja Andesfjalla og Amas\u00f3nsv\u00e6\u00f0isins, er talin m\u00f3\u00f0ir alls vatns og \u00edb\u00fai hinna miklu flj\u00f3ta.\" \/>\n<meta property=\"og:url\" content=\"https:\/\/iwell-guard.com\/is\/yacumama-vatnaslanga-andesfjalla\/\" \/>\n<meta property=\"og:site_name\" content=\"iWell Guard\" \/>\n<meta property=\"article:modified_time\" content=\"2026-09-05T14:23:01+00:00\" \/>\n<meta property=\"og:image\" content=\"https:\/\/iwell-guard.com\/wp-content\/uploads\/2026\/05\/geister_anden-inka_yacumama.webp\" \/>\n\t<meta property=\"og:image:width\" content=\"1024\" \/>\n\t<meta property=\"og:image:height\" content=\"1536\" \/>\n\t<meta property=\"og:image:type\" content=\"image\/webp\" \/>\n<meta name=\"twitter:card\" content=\"summary_large_image\" \/>\n<script type=\"application\/ld+json\" class=\"yoast-schema-graph\">{\"@context\":\"https:\\\/\\\/schema.org\",\"@graph\":[{\"@type\":\"WebPage\",\"@id\":\"https:\\\/\\\/iwell-guard.com\\\/is\\\/yacumama-vatnaslanga-andesfjalla\\\/\",\"url\":\"https:\\\/\\\/iwell-guard.com\\\/is\\\/yacumama-vatnaslanga-andesfjalla\\\/\",\"name\":\"Yacumama \u2013 vatnaslanga Andesfjalla\",\"isPartOf\":{\"@id\":\"https:\\\/\\\/iwell-guard.com\\\/is\\\/#website\"},\"primaryImageOfPage\":{\"@id\":\"https:\\\/\\\/iwell-guard.com\\\/is\\\/yacumama-vatnaslanga-andesfjalla\\\/#primaryimage\"},\"image\":{\"@id\":\"https:\\\/\\\/iwell-guard.com\\\/is\\\/yacumama-vatnaslanga-andesfjalla\\\/#primaryimage\"},\"thumbnailUrl\":\"https:\\\/\\\/iwell-guard.com\\\/wp-content\\\/uploads\\\/2026\\\/05\\\/geister_anden-inka_yacumama.webp\",\"datePublished\":\"2026-09-05T14:04:08+00:00\",\"dateModified\":\"2026-09-05T14:23:01+00:00\",\"description\":\"Yacumama, vatnasl\u00f6ngugy\u00f0ja Andesfjalla og Amas\u00f3nsv\u00e6\u00f0isins, er talin m\u00f3\u00f0ir alls vatns og \u00edb\u00fai hinna miklu flj\u00f3ta.\",\"breadcrumb\":{\"@id\":\"https:\\\/\\\/iwell-guard.com\\\/is\\\/yacumama-vatnaslanga-andesfjalla\\\/#breadcrumb\"},\"inLanguage\":\"is\",\"potentialAction\":[{\"@type\":\"ReadAction\",\"target\":[\"https:\\\/\\\/iwell-guard.com\\\/is\\\/yacumama-vatnaslanga-andesfjalla\\\/\"]}]},{\"@type\":\"ImageObject\",\"inLanguage\":\"is\",\"@id\":\"https:\\\/\\\/iwell-guard.com\\\/is\\\/yacumama-vatnaslanga-andesfjalla\\\/#primaryimage\",\"url\":\"https:\\\/\\\/iwell-guard.com\\\/wp-content\\\/uploads\\\/2026\\\/05\\\/geister_anden-inka_yacumama.webp\",\"contentUrl\":\"https:\\\/\\\/iwell-guard.com\\\/wp-content\\\/uploads\\\/2026\\\/05\\\/geister_anden-inka_yacumama.webp\",\"width\":1024,\"height\":1536,\"caption\":\"Andar fr\u00e1 Andes-inka-hef\u00f0inni.\"},{\"@type\":\"BreadcrumbList\",\"@id\":\"https:\\\/\\\/iwell-guard.com\\\/is\\\/yacumama-vatnaslanga-andesfjalla\\\/#breadcrumb\",\"itemListElement\":[{\"@type\":\"ListItem\",\"position\":1,\"name\":\"Start\",\"item\":\"https:\\\/\\\/iwell-guard.com\\\/is\\\/?page_id=168580\"},{\"@type\":\"ListItem\",\"position\":2,\"name\":\"Yacumama \u2013 vatnaslanga Andesfjalla og Amas\u00f3nsv\u00e6\u00f0isins\"}]},{\"@type\":\"WebSite\",\"@id\":\"https:\\\/\\\/iwell-guard.com\\\/is\\\/#website\",\"url\":\"https:\\\/\\\/iwell-guard.com\\\/is\\\/\",\"name\":\"iWell Guard\",\"description\":\"Schutz vor dunklen Einfl\u00fcssen\",\"publisher\":{\"@id\":\"https:\\\/\\\/iwell-guard.com\\\/is\\\/#organization\"},\"potentialAction\":[{\"@type\":\"SearchAction\",\"target\":{\"@type\":\"EntryPoint\",\"urlTemplate\":\"https:\\\/\\\/iwell-guard.com\\\/is\\\/?s={search_term_string}\"},\"query-input\":{\"@type\":\"PropertyValueSpecification\",\"valueRequired\":true,\"valueName\":\"search_term_string\"}}],\"inLanguage\":\"is\"},{\"@type\":\"Organization\",\"@id\":\"https:\\\/\\\/iwell-guard.com\\\/is\\\/#organization\",\"name\":\"Ittermann electronic GmbH\",\"url\":\"https:\\\/\\\/iwell-guard.com\\\/is\\\/\",\"logo\":{\"@type\":\"ImageObject\",\"inLanguage\":\"is\",\"@id\":\"https:\\\/\\\/iwell-guard.com\\\/is\\\/#\\\/schema\\\/logo\\\/image\\\/\",\"url\":\"https:\\\/\\\/iwell-guard.com\\\/wp-content\\\/uploads\\\/2026\\\/05\\\/Ittermann-Logo-1182x237-1.png\",\"contentUrl\":\"https:\\\/\\\/iwell-guard.com\\\/wp-content\\\/uploads\\\/2026\\\/05\\\/Ittermann-Logo-1182x237-1.png\",\"width\":1182,\"height\":237,\"caption\":\"Ittermann electronic GmbH\"},\"image\":{\"@id\":\"https:\\\/\\\/iwell-guard.com\\\/is\\\/#\\\/schema\\\/logo\\\/image\\\/\"},\"sameAs\":[\"https:\\\/\\\/pantip.com\\\/profile\\\/9367242\",\"https:\\\/\\\/micro.blog\\\/iwellguard\",\"https:\\\/\\\/www.diggerslist.com\\\/iwellguard\\\/about\",\"https:\\\/\\\/skitterphoto.com\\\/photographers\\\/2870314\\\/iwell-guard\",\"https:\\\/\\\/iwellguard.wordpress.com\\\/2026\\\/06\\\/06\\\/iwell-guard\\\/\",\"https:\\\/\\\/hub.docker.com\\\/u\\\/iwellguard\",\"https:\\\/\\\/www.pinterest.com\\\/iwellguard\\\/\",\"https:\\\/\\\/bit.ly\\\/m\\\/iwellguard\",\"https:\\\/\\\/entre-vos-mains.alsace.eu\\\/profiles\\\/iwellguard\\\/activity\",\"https:\\\/\\\/gravatar.com\\\/reallybeded8fd34\",\"https:\\\/\\\/naijamatta.com\\\/iwellguard\",\"https:\\\/\\\/www.goodreads.com\\\/iwellguard\",\"https:\\\/\\\/profile.hatena.ne.jp\\\/iwellguard\\\/\",\"https:\\\/\\\/experiment.com\\\/users\\\/iwellguard\",\"https:\\\/\\\/wakelet.com\\\/@iWellGuard82270\",\"https:\\\/\\\/www.chordie.com\\\/forum\\\/profile.php?id=2555664\",\"https:\\\/\\\/www.instapaper.com\\\/p\\\/17757966\",\"https:\\\/\\\/www.mapleprimes.com\\\/users\\\/iwellguard\",\"https:\\\/\\\/businesslistingplus.com\\\/profile\\\/iwell-guard\\\/\",\"https:\\\/\\\/telegra.ph\\\/iWell-Guard-06-06\",\"https:\\\/\\\/pbase.com\\\/iwellguard\\\/iwellguard\",\"https:\\\/\\\/b.hatena.ne.jp\\\/iwellguard\\\/20260607#bookmark-4788405196491818882\",\"https:\\\/\\\/fliphtml5.com\\\/home\\\/iwellguard\",\"https:\\\/\\\/anyflip.com\\\/homepage\\\/cmiwl#About\",\"https:\\\/\\\/transfur.com\\\/Users\\\/iwellguard\",\"http:\\\/\\\/delphi.larsbo.org\\\/user\\\/iwellguard\",\"https:\\\/\\\/jobs.lajobsportal.org\\\/profiles\\\/8380803-iwell-guard\",\"https:\\\/\\\/md.chaosdorf.de\\\/s\\\/jfbe5SBdJD\",\"https:\\\/\\\/www.lingvolive.com\\\/en-us\\\/profile\\\/9ecaeaca-ce11-4e51-9e71-01d55e2bff36\\\/translations\",\"https:\\\/\\\/www.fitday.com\\\/fitness\\\/forums\\\/members\\\/iwellguard.html\",\"https:\\\/\\\/www.mymeetbook.com\\\/iwellguard\",\"https:\\\/\\\/pxhere.com\\\/en\\\/photographer-me\\\/5040798\",\"https:\\\/\\\/disqus.com\\\/by\\\/iwellguard\\\/about\\\/\",\"https:\\\/\\\/pastelink.net\\\/hjwciqwq\",\"https:\\\/\\\/pubhtml5.com\\\/homepage\\\/scjhn\\\/\",\"https:\\\/\\\/www.bitchute.com\\\/channel\\\/2O2eOKzNqujT\",\"https:\\\/\\\/audiomack.com\\\/iwellguard\"]},{\"@type\":\"Article\",\"@id\":\"https:\\\/\\\/iwell-guard.com\\\/is\\\/yacumama-vatnaslanga-andesfjalla\\\/#article\",\"isPartOf\":{\"@id\":\"https:\\\/\\\/iwell-guard.com\\\/is\\\/yacumama-vatnaslanga-andesfjalla\\\/\"},\"author\":{\"name\":\"Ralf Ittermann\",\"@id\":\"https:\\\/\\\/iwell-guard.com\\\/is\\\/#\\\/schema\\\/person\\\/ee2a27f1cac3406c7c6fb5820cb7349f\"},\"headline\":\"Yacumama \u2013 vatnaslanga Andesfjalla og Amas\u00f3nsv\u00e6\u00f0isins\",\"datePublished\":\"2026-09-05T14:04:08+00:00\",\"dateModified\":\"2026-09-05T14:23:01+00:00\",\"mainEntityOfPage\":{\"@id\":\"https:\\\/\\\/iwell-guard.com\\\/is\\\/yacumama-vatnaslanga-andesfjalla\\\/\"},\"publisher\":{\"@id\":\"https:\\\/\\\/iwell-guard.com\\\/is\\\/#organization\"},\"image\":{\"@id\":\"https:\\\/\\\/iwell-guard.com\\\/is\\\/yacumama-vatnaslanga-andesfjalla\\\/#primaryimage\"},\"thumbnailUrl\":\"https:\\\/\\\/iwell-guard.com\\\/wp-content\\\/uploads\\\/2026\\\/05\\\/geister_anden-inka_yacumama.webp\",\"inLanguage\":\"is\",\"description\":\"Yacumama, vatnasl\u00f6ngugy\u00f0ja Andesfjalla og Amas\u00f3nsv\u00e6\u00f0isins, er talin m\u00f3\u00f0ir alls vatns og \u00edb\u00fai hinna miklu flj\u00f3ta.\"}]}<\/script>\n<!-- \/ Yoast SEO Premium plugin. -->","yoast_head_json":{"title":"Yacumama \u2013 vatnaslanga Andesfjalla","description":"Yacumama, vatnasl\u00f6ngugy\u00f0ja Andesfjalla og Amas\u00f3nsv\u00e6\u00f0isins, er talin m\u00f3\u00f0ir alls vatns og \u00edb\u00fai hinna miklu flj\u00f3ta.","robots":{"index":"index","follow":"follow","max-snippet":"max-snippet:-1","max-image-preview":"max-image-preview:large","max-video-preview":"max-video-preview:-1"},"canonical":"https:\/\/iwell-guard.com\/is\/yacumama-vatnaslanga-andesfjalla\/","og_locale":"is_IS","og_type":"article","og_title":"Yacumama \u2013 vatnaslanga Andesfjalla og Amas\u00f3nsv\u00e6\u00f0isins","og_description":"Yacumama, vatnasl\u00f6ngugy\u00f0ja Andesfjalla og Amas\u00f3nsv\u00e6\u00f0isins, er talin m\u00f3\u00f0ir alls vatns og \u00edb\u00fai hinna miklu flj\u00f3ta.","og_url":"https:\/\/iwell-guard.com\/is\/yacumama-vatnaslanga-andesfjalla\/","og_site_name":"iWell Guard","article_modified_time":"2026-09-05T14:23:01+00:00","og_image":[{"width":1024,"height":1536,"url":"https:\/\/iwell-guard.com\/wp-content\/uploads\/2026\/05\/geister_anden-inka_yacumama.webp","type":"image\/webp"}],"twitter_card":"summary_large_image","schema":{"@context":"https:\/\/schema.org","@graph":[{"@type":"Article","@id":"https:\/\/iwell-guard.com\/is\/yacumama-vatnaslanga-andesfjalla\/#article","isPartOf":{"@id":"https:\/\/iwell-guard.com\/is\/yacumama-vatnaslanga-andesfjalla\/"},"author":{"name":"Ralf Ittermann","@id":"https:\/\/iwell-guard.com\/is\/#\/schema\/person\/ee2a27f1cac3406c7c6fb5820cb7349f"},"headline":"Yacumama \u2013 vatnaslanga Andesfjalla og Amas\u00f3nsv\u00e6\u00f0isins","datePublished":"2026-09-05T14:04:08+00:00","dateModified":"2026-09-05T14:23:01+00:00","mainEntityOfPage":{"@id":"https:\/\/iwell-guard.com\/is\/yacumama-vatnaslanga-andesfjalla\/"},"publisher":{"@id":"https:\/\/iwell-guard.com\/is\/#organization"},"image":{"@id":"https:\/\/iwell-guard.com\/is\/yacumama-vatnaslanga-andesfjalla\/#primaryimage"},"thumbnailUrl":"https:\/\/iwell-guard.com\/wp-content\/uploads\/2026\/05\/geister_anden-inka_yacumama.webp","inLanguage":"is","description":"Yacumama, vatnasl\u00f6ngugy\u00f0ja Andesfjalla og Amas\u00f3nsv\u00e6\u00f0isins, er talin m\u00f3\u00f0ir alls vatns og \u00edb\u00fai hinna miklu flj\u00f3ta."},{"@type":"WebPage","@id":"https:\/\/iwell-guard.com\/is\/yacumama-vatnaslanga-andesfjalla\/","url":"https:\/\/iwell-guard.com\/is\/yacumama-vatnaslanga-andesfjalla\/","name":"Yacumama \u2013 vatnaslanga Andesfjalla","isPartOf":{"@id":"https:\/\/iwell-guard.com\/is\/#website"},"primaryImageOfPage":{"@id":"https:\/\/iwell-guard.com\/is\/yacumama-vatnaslanga-andesfjalla\/#primaryimage"},"image":{"@id":"https:\/\/iwell-guard.com\/is\/yacumama-vatnaslanga-andesfjalla\/#primaryimage"},"thumbnailUrl":"https:\/\/iwell-guard.com\/wp-content\/uploads\/2026\/05\/geister_anden-inka_yacumama.webp","datePublished":"2026-09-05T14:04:08+00:00","dateModified":"2026-09-05T14:23:01+00:00","description":"Yacumama, vatnasl\u00f6ngugy\u00f0ja Andesfjalla og Amas\u00f3nsv\u00e6\u00f0isins, er talin m\u00f3\u00f0ir alls vatns og \u00edb\u00fai hinna miklu flj\u00f3ta.","breadcrumb":{"@id":"https:\/\/iwell-guard.com\/is\/yacumama-vatnaslanga-andesfjalla\/#breadcrumb"},"inLanguage":"is","potentialAction":[{"@type":"ReadAction","target":["https:\/\/iwell-guard.com\/is\/yacumama-vatnaslanga-andesfjalla\/"]}]},{"@type":"ImageObject","inLanguage":"is","@id":"https:\/\/iwell-guard.com\/is\/yacumama-vatnaslanga-andesfjalla\/#primaryimage","url":"https:\/\/iwell-guard.com\/wp-content\/uploads\/2026\/05\/geister_anden-inka_yacumama.webp","contentUrl":"https:\/\/iwell-guard.com\/wp-content\/uploads\/2026\/05\/geister_anden-inka_yacumama.webp","width":1024,"height":1536,"caption":"Andar fr\u00e1 Andes-inka-hef\u00f0inni."},{"@type":"BreadcrumbList","@id":"https:\/\/iwell-guard.com\/is\/yacumama-vatnaslanga-andesfjalla\/#breadcrumb","itemListElement":[{"@type":"ListItem","position":1,"name":"Start","item":"https:\/\/iwell-guard.com\/is\/?page_id=168580"},{"@type":"ListItem","position":2,"name":"Yacumama \u2013 vatnaslanga Andesfjalla og Amas\u00f3nsv\u00e6\u00f0isins"}]},{"@type":"WebSite","@id":"https:\/\/iwell-guard.com\/is\/#website","url":"https:\/\/iwell-guard.com\/is\/","name":"iWell Guard","description":"Schutz vor dunklen Einfl\u00fcssen","publisher":{"@id":"https:\/\/iwell-guard.com\/is\/#organization"},"potentialAction":[{"@type":"SearchAction","target":{"@type":"EntryPoint","urlTemplate":"https:\/\/iwell-guard.com\/is\/?s={search_term_string}"},"query-input":{"@type":"PropertyValueSpecification","valueRequired":true,"valueName":"search_term_string"}}],"inLanguage":"is"},{"@type":"Organization","@id":"https:\/\/iwell-guard.com\/is\/#organization","name":"Ittermann electronic GmbH","url":"https:\/\/iwell-guard.com\/is\/","logo":{"@type":"ImageObject","inLanguage":"is","@id":"https:\/\/iwell-guard.com\/is\/#\/schema\/logo\/image\/","url":"https:\/\/iwell-guard.com\/wp-content\/uploads\/2026\/05\/Ittermann-Logo-1182x237-1.png","contentUrl":"https:\/\/iwell-guard.com\/wp-content\/uploads\/2026\/05\/Ittermann-Logo-1182x237-1.png","width":1182,"height":237,"caption":"Ittermann electronic GmbH"},"image":{"@id":"https:\/\/iwell-guard.com\/is\/#\/schema\/logo\/image\/"},"sameAs":["https:\/\/pantip.com\/profile\/9367242","https:\/\/micro.blog\/iwellguard","https:\/\/www.diggerslist.com\/iwellguard\/about","https:\/\/skitterphoto.com\/photographers\/2870314\/iwell-guard","https:\/\/iwellguard.wordpress.com\/2026\/06\/06\/iwell-guard\/","https:\/\/hub.docker.com\/u\/iwellguard","https:\/\/www.pinterest.com\/iwellguard\/","https:\/\/bit.ly\/m\/iwellguard","https:\/\/entre-vos-mains.alsace.eu\/profiles\/iwellguard\/activity","https:\/\/gravatar.com\/reallybeded8fd34","https:\/\/naijamatta.com\/iwellguard","https:\/\/www.goodreads.com\/iwellguard","https:\/\/profile.hatena.ne.jp\/iwellguard\/","https:\/\/experiment.com\/users\/iwellguard","https:\/\/wakelet.com\/@iWellGuard82270","https:\/\/www.chordie.com\/forum\/profile.php?id=2555664","https:\/\/www.instapaper.com\/p\/17757966","https:\/\/www.mapleprimes.com\/users\/iwellguard","https:\/\/businesslistingplus.com\/profile\/iwell-guard\/","https:\/\/telegra.ph\/iWell-Guard-06-06","https:\/\/pbase.com\/iwellguard\/iwellguard","https:\/\/b.hatena.ne.jp\/iwellguard\/20260607#bookmark-4788405196491818882","https:\/\/fliphtml5.com\/home\/iwellguard","https:\/\/anyflip.com\/homepage\/cmiwl#About","https:\/\/transfur.com\/Users\/iwellguard","http:\/\/delphi.larsbo.org\/user\/iwellguard","https:\/\/jobs.lajobsportal.org\/profiles\/8380803-iwell-guard","https:\/\/md.chaosdorf.de\/s\/jfbe5SBdJD","https:\/\/www.lingvolive.com\/en-us\/profile\/9ecaeaca-ce11-4e51-9e71-01d55e2bff36\/translations","https:\/\/www.fitday.com\/fitness\/forums\/members\/iwellguard.html","https:\/\/www.mymeetbook.com\/iwellguard","https:\/\/pxhere.com\/en\/photographer-me\/5040798","https:\/\/disqus.com\/by\/iwellguard\/about\/","https:\/\/pastelink.net\/hjwciqwq","https:\/\/pubhtml5.com\/homepage\/scjhn\/","https:\/\/www.bitchute.com\/channel\/2O2eOKzNqujT","https:\/\/audiomack.com\/iwellguard"]},{"@type":"Person","@id":"https:\/\/iwell-guard.com\/is\/#\/schema\/person\/ee2a27f1cac3406c7c6fb5820cb7349f","name":"Ralf Ittermann","image":{"@type":"ImageObject","inLanguage":"is","@id":"https:\/\/secure.gravatar.com\/avatar\/073c0153e350a5005b68eb752b445fea71f6b24a26da9449ad7e155e6b446c9d?s=96&d=mm&r=g","url":"https:\/\/secure.gravatar.com\/avatar\/073c0153e350a5005b68eb752b445fea71f6b24a26da9449ad7e155e6b446c9d?s=96&d=mm&r=g","contentUrl":"https:\/\/secure.gravatar.com\/avatar\/073c0153e350a5005b68eb752b445fea71f6b24a26da9449ad7e155e6b446c9d?s=96&d=mm&r=g","caption":"Ralf Ittermann"},"givenName":"Ralf","familyName":"Ittermann","jobTitle":"Gesch\u00e4ftsf\u00fchrer und redaktioneller Verantwortlicher","url":"https:\/\/iwell-guard.com\/is\/author\/claude\/","description":"Ralf Ittermann ist Gesch\u00e4ftsf\u00fchrer der Ittermann electronic GmbH und redaktioneller Verantwortlicher des iWell-Guard-Lexikons. Er verbindet langj\u00e4hrige Erfahrung in der Pr\u00e4zisionsfertigung mit medialer Praxis und religionsgeschichtlicher Quellenarbeit.","worksFor":{"@type":"Organization","name":"Ittermann electronic GmbH","url":"https:\/\/ittermann.de\/","address":{"@type":"PostalAddress","streetAddress":"K\u00f6hlergasse 16-18","postalCode":"99842","addressLocality":"Ruhla","addressCountry":"DE"}},"knowsAbout":["Religionsgeschichte","Mythologie","Mediale Praxis","Energetische Diagnostik","Schutzpraxis","Volksglauben","Westliche Esoterik"]},{"@type":"Article","@id":"https:\/\/iwell-guard.com\/is\/yacumama-vatnaslanga-andesfjalla\/#article","isPartOf":{"@id":"https:\/\/iwell-guard.com\/is\/yacumama-vatnaslanga-andesfjalla\/"},"author":{"name":"Ralf Ittermann","@id":"https:\/\/iwell-guard.com\/is\/#\/schema\/person\/ee2a27f1cac3406c7c6fb5820cb7349f"},"headline":"Yacumama \u2013 vatnaslanga Andesfjalla og Amas\u00f3nsv\u00e6\u00f0isins","datePublished":"2026-09-05T14:04:08+00:00","dateModified":"2026-09-05T14:23:01+00:00","mainEntityOfPage":{"@id":"https:\/\/iwell-guard.com\/is\/yacumama-vatnaslanga-andesfjalla\/"},"publisher":{"@id":"https:\/\/iwell-guard.com\/is\/#organization"},"image":{"@id":"https:\/\/iwell-guard.com\/is\/yacumama-vatnaslanga-andesfjalla\/#primaryimage"},"thumbnailUrl":"https:\/\/iwell-guard.com\/wp-content\/uploads\/2026\/05\/geister_anden-inka_yacumama.webp","inLanguage":"is","description":"Yacumama, vatnasl\u00f6ngugy\u00f0ja Andesfjalla og Amas\u00f3nsv\u00e6\u00f0isins, er talin m\u00f3\u00f0ir alls vatns og \u00edb\u00fai hinna miklu flj\u00f3ta."}]}},"_links":{"self":[{"href":"https:\/\/iwell-guard.com\/is\/wp-json\/wp\/v2\/pages\/168928","targetHints":{"allow":["GET"]}}],"collection":[{"href":"https:\/\/iwell-guard.com\/is\/wp-json\/wp\/v2\/pages"}],"about":[{"href":"https:\/\/iwell-guard.com\/is\/wp-json\/wp\/v2\/types\/page"}],"author":[{"embeddable":true,"href":"https:\/\/iwell-guard.com\/is\/wp-json\/wp\/v2\/users\/3"}],"replies":[{"embeddable":true,"href":"https:\/\/iwell-guard.com\/is\/wp-json\/wp\/v2\/comments?post=168928"}],"version-history":[{"count":0,"href":"https:\/\/iwell-guard.com\/is\/wp-json\/wp\/v2\/pages\/168928\/revisions"}],"wp:featuredmedia":[{"embeddable":true,"href":"https:\/\/iwell-guard.com\/is\/wp-json\/wp\/v2\/media\/2676"}],"wp:attachment":[{"href":"https:\/\/iwell-guard.com\/is\/wp-json\/wp\/v2\/media?parent=168928"}],"wp:term":[{"taxonomy":"category","embeddable":true,"href":"https:\/\/iwell-guard.com\/is\/wp-json\/wp\/v2\/categories?post=168928"}],"curies":[{"name":"wp","href":"https:\/\/api.w.org\/{rel}","templated":true}]}}