{"id":168927,"date":"2026-09-05T14:04:07","date_gmt":"2026-09-05T14:04:07","guid":{"rendered":"https:\/\/iwell-guard.com\/?page_id=168927"},"modified":"2026-09-05T14:23:00","modified_gmt":"2026-09-05T14:23:00","slug":"apu-ausangate-fjallgud-andesfjalla","status":"publish","type":"page","link":"https:\/\/iwell-guard.com\/is\/apu-ausangate-fjallgud-andesfjalla\/","title":{"rendered":"Apu Ausangate \u2013 fjallgu\u00f0 Andesfjalla"},"content":{"rendered":"\t\t<div data-elementor-type=\"wp-page\" data-elementor-id=\"168927\" class=\"elementor elementor-168927 elementor-2582 elementor-bc-flex-widget\" data-elementor-post-type=\"page\">\n\t\t\t\t<div class=\"elementor-element elementor-element-iwgw-apuausanga-hero e-flex e-con-boxed e-con e-parent\" data-id=\"iwgw-apuausanga-hero\" data-element_type=\"container\" data-e-type=\"container\" data-settings=\"{&quot;background_background&quot;:&quot;classic&quot;}\">\n\t\t\t\t\t<div class=\"e-con-inner\">\n\t\t<div class=\"elementor-element elementor-element-iwgw-apuausanga-hl e-flex e-con-boxed e-con e-child\" data-id=\"iwgw-apuausanga-hl\" data-element_type=\"container\" data-e-type=\"container\">\n\t\t\t\t\t<div class=\"e-con-inner\">\n\t\t<div class=\"elementor-element elementor-element-iwgw-apuausanga-htxt e-con-full e-flex e-con e-child\" data-id=\"iwgw-apuausanga-htxt\" data-element_type=\"container\" data-e-type=\"container\">\n\t\t\t\t<div class=\"elementor-element elementor-element-iwgw-apuausanga-h1 elementor-widget elementor-widget-heading\" data-id=\"iwgw-apuausanga-h1\" data-element_type=\"widget\" data-e-type=\"widget\" data-widget_type=\"heading.default\">\n\t\t\t\t\t<h1 class=\"elementor-heading-title elementor-size-default\">Apu Ausangate, Voldugasti fjallgu\u00f0 su\u00f0ur-per\u00faskra Andesfjalla<\/h1>\t\t\t\t<\/div>\n\t\t\t\t<div class=\"elementor-element elementor-element-iwgw-apuausanga-lead elementor-widget elementor-widget-text-editor\" data-id=\"iwgw-apuausanga-lead\" data-element_type=\"widget\" data-e-type=\"widget\" data-widget_type=\"text-editor.default\">\n\t\t\t\t\t\t\t\t\t<p>Apu Ausangate (quechua <em>Apu Awsanqati<\/em>) er voldugasti fjallgu\u00f0 su\u00f0ur-per\u00faskra Andesfjalla, mi\u00f0l\u00e6gur tilv\u00edsunarpunktur h\u00e1lendisb\u00e6nda \u00ed h\u00e9ra\u00f0inu Cusco og verndarv\u00e6ttur mikilv\u00e6gustu Andes-p\u00edlagr\u00edmsg\u00f6ngunnar, <em>Qoyllur Riti<\/em>. A\u00f0altindurinn, 6.372 m h\u00e1r, su\u00f0austur af Cusco, telst vera hans s\u00fdnilegi l\u00edkami.<\/p>\t\t\t\t\t\t\t\t<\/div>\n\t\t\t\t<\/div>\n\t\t<div class=\"elementor-element elementor-element-iwgw-apuausanga-pillc e-con-full e-flex e-con e-child\" data-id=\"iwgw-apuausanga-pillc\" data-element_type=\"container\" data-e-type=\"container\">\n\t\t\t\t<div class=\"elementor-element elementor-element-iwgw-apuausanga-pills elementor-widget elementor-widget-html\" data-id=\"iwgw-apuausanga-pills\" data-element_type=\"widget\" data-e-type=\"widget\" data-widget_type=\"html.default\">\n\t\t\t\t\t<div class=\"iwg-pill-row\"><span class=\"iwg-klasse-badge\" tabindex=\"0\" data-tooltip=\"N\u00e1tt\u00faruvera \u00far hef\u00f0 Andesfjalla \/ Inka.\">N\u00e1tt\u00faruvera<\/span><a href=\"https:\/\/iwell-guard.com\/is\/?page_id=168909\" class=\"iwg-kultur-badge\" tabindex=\"0\" data-tooltip=\"Go\u00f0afr\u00e6\u00f0i hef\u00f0ar Andesfjalla \/ Inka.\">Andesfj\u00f6ll \/ Inka<\/a><span class=\"iwg-tradition-badge\" tabindex=\"0\" data-tooltip=\"Fjallherra.\">Fjallherra<\/span><\/div>\t\t\t\t<\/div>\n\t\t\t\t<\/div>\n\t\t<div class=\"elementor-element elementor-element-iwgw-apuausanga-tocc e-con-full e-flex e-con e-child\" data-id=\"iwgw-apuausanga-tocc\" data-element_type=\"container\" data-e-type=\"container\">\n\t\t\t\t<div class=\"elementor-element elementor-element-iwgw-apuausanga-toc elementor-toc--minimized-on-tablet elementor-widget elementor-widget-table-of-contents\" data-id=\"iwgw-apuausanga-toc\" data-element_type=\"widget\" data-e-type=\"widget\" data-settings=\"{&quot;headings_by_tags&quot;:[&quot;h2&quot;,&quot;h3&quot;],&quot;minimize_box&quot;:&quot;yes&quot;,&quot;marker_view&quot;:&quot;bullets&quot;,&quot;no_headings_message&quot;:&quot;Engar undirfyrirsagnir fundust \\u00e1 \\u00feessari s\\u00ed\\u00f0u.&quot;,&quot;exclude_headings_by_selector&quot;:[],&quot;icon&quot;:{&quot;value&quot;:&quot;fas fa-circle&quot;,&quot;library&quot;:&quot;fa-solid&quot;,&quot;rendered_tag&quot;:&quot;&lt;svg class=\\&quot;e-font-icon-svg e-fas-circle\\&quot; viewBox=\\&quot;0 0 512 512\\&quot; xmlns=\\&quot;http:\\\/\\\/www.w3.org\\\/2000\\\/svg\\&quot;&gt;&lt;path d=\\&quot;M256 8C119 8 8 119 8 256s111 248 248 248 248-111 248-248S393 8 256 8z\\&quot;&gt;&lt;\\\/path&gt;&lt;\\\/svg&gt;&quot;},&quot;minimized_on&quot;:&quot;tablet&quot;,&quot;hierarchical_view&quot;:&quot;yes&quot;,&quot;min_height&quot;:{&quot;unit&quot;:&quot;px&quot;,&quot;size&quot;:&quot;&quot;,&quot;sizes&quot;:[]},&quot;min_height_tablet&quot;:{&quot;unit&quot;:&quot;px&quot;,&quot;size&quot;:&quot;&quot;,&quot;sizes&quot;:[]},&quot;min_height_mobile&quot;:{&quot;unit&quot;:&quot;px&quot;,&quot;size&quot;:&quot;&quot;,&quot;sizes&quot;:[]}}\" data-widget_type=\"table-of-contents.default\">\n\t\t\t\t\t\t\t\t\t<div class=\"elementor-toc__header\">\n\t\t\t\t\t\t<h2 class=\"elementor-toc__header-title\">\n\t\t\t\tEfnisyfirlit\t\t\t<\/h2>\n\t\t\t\t\t\t\t\t\t\t<div class=\"elementor-toc__toggle-button elementor-toc__toggle-button--expand\" role=\"button\" tabindex=\"0\" aria-controls=\"elementor-toc__iwgw-apuausanga-toc\" aria-expanded=\"true\" aria-label=\"Open table of contents\"><svg aria-hidden=\"true\" class=\"e-font-icon-svg e-fas-chevron-down\" viewBox=\"0 0 448 512\" xmlns=\"http:\/\/www.w3.org\/2000\/svg\"><path d=\"M207.029 381.476L12.686 187.132c-9.373-9.373-9.373-24.569 0-33.941l22.667-22.667c9.357-9.357 24.522-9.375 33.901-.04L224 284.505l154.745-154.021c9.379-9.335 24.544-9.317 33.901.04l22.667 22.667c9.373 9.373 9.373 24.569 0 33.941L240.971 381.476c-9.373 9.372-24.569 9.372-33.942 0z\"><\/path><\/svg><\/div>\n\t\t\t\t<div class=\"elementor-toc__toggle-button elementor-toc__toggle-button--collapse\" role=\"button\" tabindex=\"0\" aria-controls=\"elementor-toc__iwgw-apuausanga-toc\" aria-expanded=\"true\" aria-label=\"Close table of contents\"><svg aria-hidden=\"true\" class=\"e-font-icon-svg e-fas-chevron-up\" viewBox=\"0 0 448 512\" xmlns=\"http:\/\/www.w3.org\/2000\/svg\"><path d=\"M240.971 130.524l194.343 194.343c9.373 9.373 9.373 24.569 0 33.941l-22.667 22.667c-9.357 9.357-24.522 9.375-33.901.04L224 227.495 69.255 381.516c-9.379 9.335-24.544 9.317-33.901-.04l-22.667-22.667c-9.373-9.373-9.373-24.569 0-33.941L207.03 130.525c9.372-9.373 24.568-9.373 33.941-.001z\"><\/path><\/svg><\/div>\n\t\t\t\t\t<\/div>\n\t\t\t\t<div id=\"elementor-toc__iwgw-apuausanga-toc\" class=\"elementor-toc__body\">\n\t\t\t<div class=\"elementor-toc__spinner-container\">\n\t\t\t\t<svg class=\"elementor-toc__spinner eicon-animation-spin e-font-icon-svg e-eicon-loading\" aria-hidden=\"true\" viewBox=\"0 0 1000 1000\" xmlns=\"http:\/\/www.w3.org\/2000\/svg\"><path d=\"M500 975V858C696 858 858 696 858 500S696 142 500 142 142 304 142 500H25C25 237 238 25 500 25S975 237 975 500 763 975 500 975Z\"><\/path><\/svg>\t\t\t<\/div>\n\t\t<\/div>\n\t\t\t\t\t\t<\/div>\n\t\t\t\t<\/div>\n\t\t\t\t\t<\/div>\n\t\t\t\t<\/div>\n\t\t<div class=\"elementor-element elementor-element-iwgw-apuausanga-hr e-con-full e-flex e-con e-child\" data-id=\"iwgw-apuausanga-hr\" data-element_type=\"container\" data-e-type=\"container\">\n\t\t\t\t<div class=\"elementor-element elementor-element-iwgw-apuausanga-heroimg iwg-hero-image elementor-widget elementor-widget-image\" data-id=\"iwgw-apuausanga-heroimg\" data-element_type=\"widget\" data-e-type=\"widget\" data-widget_type=\"image.default\">\n\t\t\t\t\t\t\t\t\t\t\t\t\t\t\t<img fetchpriority=\"high\" decoding=\"async\" width=\"683\" height=\"1024\" src=\"https:\/\/iwell-guard.com\/wp-content\/uploads\/2026\/05\/geister_anden-inka_apu-ausangate-683x1024.webp\" class=\"attachment-large size-large wp-image-170868\" alt=\"Apu Ausangate - andar \u00far inca-hef\u00f0 Andesfjalla, s\u00f6guleg-myndr\u00e6n framsetning\" srcset=\"https:\/\/iwell-guard.com\/wp-content\/uploads\/2026\/05\/geister_anden-inka_apu-ausangate-683x1024.webp 683w, https:\/\/iwell-guard.com\/wp-content\/uploads\/2026\/05\/geister_anden-inka_apu-ausangate-200x300.webp 200w, https:\/\/iwell-guard.com\/wp-content\/uploads\/2026\/05\/geister_anden-inka_apu-ausangate-768x1152.webp 768w, https:\/\/iwell-guard.com\/wp-content\/uploads\/2026\/05\/geister_anden-inka_apu-ausangate.webp 1024w\" sizes=\"(max-width: 683px) 100vw, 683px\" \/>\t\t\t\t\t\t\t\t\t\t\t\t\t\t\t<\/div>\n\t\t\t\t<\/div>\n\t\t\t\t\t<\/div>\n\t\t\t\t<\/div>\n\t\t<div class=\"elementor-element elementor-element-iwgw-apuausanga-s0 e-flex e-con-boxed e-con e-parent\" data-id=\"iwgw-apuausanga-s0\" data-element_type=\"container\" data-e-type=\"container\">\n\t\t\t\t\t<div class=\"e-con-inner\">\n\t\t\t\t<div class=\"elementor-element elementor-element-iwgw-apuausanga-s0h elementor-widget elementor-widget-heading\" data-id=\"iwgw-apuausanga-s0h\" data-element_type=\"widget\" data-e-type=\"widget\" data-widget_type=\"heading.default\">\n\t\t\t\t\t<h2 class=\"elementor-heading-title elementor-size-default\">Sta\u00f0a \u00ed and\u00edsku pantheoninu<\/h2>\t\t\t\t<\/div>\n\t\t<div class=\"elementor-element elementor-element-iwgw-apuausanga-s0c e-con-full e-flex e-con e-child\" data-id=\"iwgw-apuausanga-s0c\" data-element_type=\"container\" data-e-type=\"container\">\n\t\t\t\t<div class=\"elementor-element elementor-element-iwgw-apuausanga-s0t elementor-widget elementor-widget-text-editor\" data-id=\"iwgw-apuausanga-s0t\" data-element_type=\"widget\" data-e-type=\"widget\" data-widget_type=\"text-editor.default\">\n\t\t\t\t\t\t\t\t\t<p>Apu (quechua: <em>herra<\/em>) er hi\u00f0 almenna heiti fyrir pers\u00f3nuger\u00f0a fjallgu\u00f0i Andesfjalla. Apu-flokkurinn tekur til hundru\u00f0a einstakra fjallah\u00e6\u00f0a sem eru d\u00fdrka\u00f0ar af vi\u00f0komandi sta\u00f0bundnum samf\u00e9l\u00f6gum sem lifandi verur.<\/p><p>Innan \u00feessa flokks er Apu Ausangate h\u00e6sti og voldugasti fulltr\u00fainn \u00ed Cusco-h\u00e9ra\u00f0inu og telst, \u00e1samt Apu Salcantay, Apu Pitusiray og Apu Veronica, til fj\u00f6gurra \u00e6\u00f0stu Apu-v\u00e6tta sv\u00e6\u00f0isins.<\/p><p>Fr\u00e1 tr\u00faarfr\u00e6\u00f0ilegu sj\u00f3narhorni tilheyra Apu-verurnar flokki <em>or\u00f3graf\u00edskra pers\u00f3nugervinga<\/em>: landfr\u00e6\u00f0ilega \u00e1berandi fj\u00f6ll eru hafin upp \u00ed st\u00f6\u00f0u lifandi numinositets sem eigin vilji, eigi\u00f0 hugarfar og eigin tengslasamb\u00f6nd eru eignu\u00f0. \u00c1 l\u00edkan h\u00e1tt m\u00e1 nefna alpafjallav\u00e6ttir Evr\u00f3pu, japanska Fuji-Hime-<span class=\"iwg-fachbegriff\" data-tooltip=\"Heild tr\u00faarlegra d\u00fdrkunarathafna fyrir gu\u00f0 e\u00f0a heilaga veru.\" tabindex=\"0\">helgisi\u00f0i<\/span>, nepalska Khumbu-Yul-Lha-<span class=\"iwg-fachbegriff\" data-tooltip=\"Heild tr\u00faarlegra d\u00fdrkunarathafna fyrir gu\u00f0 e\u00f0a heilaga veru.\" tabindex=\"0\">helgisi\u00f0i<\/span> og fjallatengingar Pueblo- og Navajo-hef\u00f0a Nor\u00f0ur-Amer\u00edku.<\/p><p>\u00cd r\u00edkistr\u00fa Inkat\u00edmans naut Apu-v\u00e6ttanna d\u00fdrkunar sem var skipul\u00f6g\u00f0 um allt r\u00edki\u00f0 me\u00f0 ceque-kerfinu (sj\u00e1 <a href=\"https:\/\/iwell-guard.com\/is\/?page_id=168919\">Inti<\/a>). Apu Ausangate var einn mikilv\u00e6gasti endapunktur su\u00f0austur-ceque-geirans og st\u00f3\u00f0 \u00ed helgista\u00f0fr\u00e6\u00f0ilegu sambandi vi\u00f0 Coricancha-<span class=\"iwg-fachbegriff\" data-tooltip=\"Bygging sem er notu\u00f0 til d\u00fdrkunar \u00e1 einum e\u00f0a fleiri gu\u00f0um.\" tabindex=\"0\">hofi\u00f0<\/span>. Brian Bauer hefur endurgert \u00feennan Ausangate-Cusco-\u00e1s \u00ed <em>The Sacred Landscape of the Inca<\/em> (1998).<\/p><p>Mikilv\u00e6gt er \u00ed \u00feessu samhengi a\u00f0 Apu-hef\u00f0in er ekki skipul\u00f6g\u00f0 me\u00f0 mi\u00f0l\u00e6gu stigveldi heldur virkar sem <em>dreift<\/em> tr\u00faarkerfi. Hvert \u00feorp, hvert samf\u00e9lag hefur s\u00edna eigin h\u00f6fu\u00f0-Apu-v\u00e6tti sem standa \u00ed fl\u00f3knu innbyr\u00f0is stigveldi.<\/p><p>Ausangate er, sem h\u00e6sta fjall sv\u00e6\u00f0isins, eins konar <em>Apu Apu-v\u00e6ttanna<\/em>, en hann kemur ekki \u00ed sta\u00f0 sta\u00f0bundinna fjallherra. \u00deessi dreif\u00f0a uppbygging sk\u00fdrir hina einst\u00f6ku seiglu Apu-tr\u00faarhaldsins gagnvart sp\u00e6nskri tr\u00fabo\u00f0sstarfsemi: engar mi\u00f0l\u00e6gar stofnanir voru til sta\u00f0ar sem hef\u00f0i veri\u00f0 unnt a\u00f0 ey\u00f0a.<\/p>\t\t\t\t\t\t\t\t<\/div>\n\t\t\t\t<\/div>\n\t\t\t\t\t<\/div>\n\t\t\t\t<\/div>\n\t\t<div class=\"elementor-element elementor-element-iwgw-apuausanga-s1 e-flex e-con-boxed e-con e-parent\" data-id=\"iwgw-apuausanga-s1\" data-element_type=\"container\" data-e-type=\"container\">\n\t\t\t\t\t<div class=\"e-con-inner\">\n\t\t\t\t<div class=\"elementor-element elementor-element-iwgw-apuausanga-s1h elementor-widget elementor-widget-heading\" data-id=\"iwgw-apuausanga-s1h\" data-element_type=\"widget\" data-e-type=\"widget\" data-widget_type=\"heading.default\">\n\t\t\t\t\t<h2 class=\"elementor-heading-title elementor-size-default\">Nafn og or\u00f0sifjar<\/h2>\t\t\t\t<\/div>\n\t\t<div class=\"elementor-element elementor-element-iwgw-apuausanga-s1c e-con-full e-flex e-con e-child\" data-id=\"iwgw-apuausanga-s1c\" data-element_type=\"container\" data-e-type=\"container\">\n\t\t\t\t<div class=\"elementor-element elementor-element-iwgw-apuausanga-s1t elementor-widget elementor-widget-text-editor\" data-id=\"iwgw-apuausanga-s1t\" data-element_type=\"widget\" data-e-type=\"widget\" data-widget_type=\"text-editor.default\">\n\t\t\t\t\t\t\t\t\t<p>Nafni\u00f0 <em>Ausangate<\/em> e\u00f0a <em>Awsanqati<\/em> hefur ekki veri\u00f0 sk\u00fdrt me\u00f0 \u00f3yggjandi h\u00e6tti \u00ed m\u00e1lfr\u00e6\u00f0ilegu tilliti.<\/p><p><span data-nosnippet>Cesar Itier hefur \u00ed quechua-ranns\u00f3knum s\u00ednum (2008) lagt til a\u00f0 nafni\u00f0 s\u00e9 \u00fatsk\u00fdrt \u00fat fr\u00e1 <em>awsa<\/em> (snj\u00f3r, \u00eds) og <em>qati<\/em> (klettatindur, tindur), en \u00fe\u00e1 myndi Ausangate merkja <em>Snj\u00f3tindurinn<\/em>. \u00d6nnur or\u00f0sifjafr\u00e6\u00f0ileg t\u00falkun tengir <em>aws-<\/em> vi\u00f0 stofninn <em>aysa-<\/em> (a\u00f0 kalla, a\u00f0 bj\u00f3\u00f0a), en \u00fe\u00e1 yr\u00f0i fjalli\u00f0 <em>Bo\u00f0andi h\u00e6\u00f0in<\/em>, or\u00f0sifjafr\u00e6\u00f0i sem myndi passa vi\u00f0 <span class=\"iwg-fachbegriff\" data-tooltip=\"Manneskja sem fer tr\u00faarlega hvatta fer\u00f0 til heilags sta\u00f0ar.\" tabindex=\"0\">p\u00edlagr\u00edma<\/span>-st\u00f6\u00f0u fjallsins.<\/span><\/p><p>Heiti\u00f0 <em>apu<\/em> er \u00ed quechua Inkat\u00edmans \u00e6\u00f0sta vir\u00f0ingar\u00e1varpi\u00f0 og samsvarar nokkurn veginn sp\u00e6nsku <em>senor<\/em>. \u00dea\u00f0 var nota\u00f0 fyrir me\u00f0limi \u00e6\u00f0stu a\u00f0alsst\u00e9ttarins, fyrir Inka-h\u00f6f\u00f0ingjana sj\u00e1lfa og, sem tr\u00faarleg \u00fatv\u00edkkun, fyrir voldugustu fj\u00f6llin.<\/p><p>\u00deessi m\u00e1lfr\u00e6\u00f0ilega samstilling fjallanna vi\u00f0 \u00e6\u00f0stu mannast\u00e9ttina s\u00fdnir jafnr\u00e9tta st\u00f6\u00f0u Apu-v\u00e6ttanna \u00ed <span class=\"iwg-fachbegriff\" data-tooltip=\"Fr\u00e6\u00f0ileg kenning um gu\u00f0 og tr\u00fa \u00ed tr\u00faarbr\u00f6g\u00f0um.\" tabindex=\"0\">gu\u00f0fr\u00e6\u00f0i<\/span> Inkat\u00edmans.<\/p><p><span data-nosnippet>\u00cd n\u00fat\u00edma quechua-m\u00e6landi \u00feorpum er <em>apu<\/em> mikilv\u00e6gasta heiti\u00f0 yfir helgi \u00ed tr\u00faarl\u00edfi b\u00e6nda. Catherine Allen hefur \u00ed <em>The Hold Life Has<\/em> (2002) bent \u00e1 a\u00f0 flest h\u00e1lendis\u00feorp \u00feekkja sta\u00f0bundinn h\u00f6fu\u00f0-Apu sem er efnahagslega og tr\u00faarlega mikilv\u00e6gari en hinar h\u00e6rri r\u00edkish\u00f6fu\u00f0gu\u00f0ir <a href=\"https:\/\/iwell-guard.com\/is\/?page_id=168919\">Inti<\/a> e\u00f0a <a href=\"https:\/\/iwell-guard.com\/is\/?page_id=168921\">Viracocha<\/a>.<\/span><\/p>\t\t\t\t\t\t\t\t<\/div>\n\t\t\t\t<\/div>\n\t\t\t\t\t<\/div>\n\t\t\t\t<\/div>\n\t\t<div class=\"elementor-element elementor-element-iwgw-apuausanga-s2 e-flex e-con-boxed e-con e-parent\" data-id=\"iwgw-apuausanga-s2\" data-element_type=\"container\" data-e-type=\"container\">\n\t\t\t\t\t<div class=\"e-con-inner\">\n\t\t\t\t<div class=\"elementor-element elementor-element-iwgw-apuausanga-s2h elementor-widget elementor-widget-heading\" data-id=\"iwgw-apuausanga-s2h\" data-element_type=\"widget\" data-e-type=\"widget\" data-widget_type=\"heading.default\">\n\t\t\t\t\t<h2 class=\"elementor-heading-title elementor-size-default\">L\u00fdsing og myndm\u00e1l<\/h2>\t\t\t\t<\/div>\n\t\t<div class=\"elementor-element elementor-element-iwgw-apuausanga-s2c e-con-full e-flex e-con e-child\" data-id=\"iwgw-apuausanga-s2c\" data-element_type=\"container\" data-e-type=\"container\">\n\t\t\t\t<div class=\"elementor-element elementor-element-iwgw-apuausanga-s2t elementor-widget elementor-widget-text-editor\" data-id=\"iwgw-apuausanga-s2t\" data-element_type=\"widget\" data-e-type=\"widget\" data-widget_type=\"text-editor.default\">\n\t\t\t\t\t\t\t\t\t<p>Apu Ausangate er \u00ed \u00fej\u00f3\u00f0fr\u00e6\u00f0ilegum heimildum a\u00f0allega l\u00fdst sem mannl\u00edkur fjallherra: vir\u00f0ulegur \u00f6ldungur me\u00f0 langt hv\u00edtt skegg og skikkju \u00far snj\u00f3, sem stj\u00f3rnar r\u00edki s\u00ednu \u00e1 tindinum.<\/p><p>\u00deessi l\u00fdsing er \u00fe\u00f3 ekki bundin vi\u00f0 eina t\u00e1knmyndafr\u00e6\u00f0i; sumir i\u00f0kendur l\u00fdsa Ausangate einnig sem hv\u00edtum Inka \u00ed gullnum kl\u00e6\u00f0um, a\u00f0rir sem \u00f3s\u00fdnilegu numinositeti \u00e1n \u00e1kve\u00f0ins \u00fatlits.<\/p><p>Mikilv\u00e6g s\u00fdnileg birtingarmynd eru <em>aukis<\/em>, minni fjallahj\u00e1lparv\u00e6ttir sem heims\u00e6kja hj\u00f6r\u00f0ir og akra \u00ed umbo\u00f0i Ausangate. \u00cd sumum s\u00f6gnum birtist Ausangate einnig sem risavaxinn svartur uxi e\u00f0a hv\u00edtur kond\u00f3r sem sv\u00edfur um tindinn me\u00f0 \u00fatbreidda v\u00e6ngi. Inge Bolin hefur l\u00fdst \u00feessum t\u00e1knmyndabreytileika fyrir \u00feorpi\u00f0 Chillihuani.<\/p><p><span data-nosnippet>\u00c1 var\u00f0veittum k\u00f3lonial cusquena-m\u00e1lverkum kemur Apu Ausangate st\u00f6ku sinnum fram \u00ed bakgrunni tr\u00faarlegra atri\u00f0a, oft sem sn\u00e6vi \u00feakin fjallss\u00fdn \u00e1 bak vi\u00f0 kristnar heilagra myndir. Hin fr\u00e6ga mynd <em>Virgen del Cerro<\/em> (Potos\u00ed, u.\u00fe.b. 1720) s\u00fdnir a\u00f0 v\u00edsu ekki Ausangate heldur Cerro Rico, en er sem t\u00e1knmyndafyrirmynd fyrir fjall-sem-Mar\u00edu-samruna \u00e1litin mikilv\u00e6gust \u00ed \u00feessu samhengi.<\/span><\/p>\t\t\t\t\t\t\t\t<\/div>\n\t\t\t\t<\/div>\n\t\t\t\t\t<\/div>\n\t\t\t\t<\/div>\n\t\t<div class=\"elementor-element elementor-element-iwgw-apuausanga-s3 e-flex e-con-boxed e-con e-parent\" data-id=\"iwgw-apuausanga-s3\" data-element_type=\"container\" data-e-type=\"container\">\n\t\t\t\t\t<div class=\"e-con-inner\">\n\t\t\t\t<div class=\"elementor-element elementor-element-iwgw-apuausanga-s3h elementor-widget elementor-widget-heading\" data-id=\"iwgw-apuausanga-s3h\" data-element_type=\"widget\" data-e-type=\"widget\" data-widget_type=\"heading.default\">\n\t\t\t\t\t<h2 class=\"elementor-heading-title elementor-size-default\">Go\u00f0sagnakenndar fr\u00e1sagnir<\/h2>\t\t\t\t<\/div>\n\t\t<div class=\"elementor-element elementor-element-iwgw-apuausanga-s3c e-con-full e-flex e-con e-child\" data-id=\"iwgw-apuausanga-s3c\" data-element_type=\"container\" data-e-type=\"container\">\n\t\t\t\t<div class=\"elementor-element elementor-element-iwgw-apuausanga-s3t elementor-widget elementor-widget-text-editor\" data-id=\"iwgw-apuausanga-s3t\" data-element_type=\"widget\" data-e-type=\"widget\" data-widget_type=\"text-editor.default\">\n\t\t\t\t\t\t\t\t\t<p>Go\u00f0s\u00f6gurnar um Apu Ausangate eru fj\u00f6lbreyttar og er \u00feeim sagt \u00ed m\u00f6rgum \u00fatg\u00e1fum \u00ed \u00feorpunum \u00ed kring.<\/p><p>Einn meginflokkur <span class=\"iwg-fachbegriff\" data-tooltip=\"Sagnfr\u00e6\u00f0ileg fr\u00e1s\u00f6gn um gu\u00f0i, uppruna og skipan heimsins.\" tabindex=\"0\">go\u00f0sagna<\/span> l\u00fdsir fj\u00f6lskyldutengslum Ausangate vi\u00f0 a\u00f0ra ap\u00faa: Samkv\u00e6mt sumum \u00fatg\u00e1fum er Apu Ausangate maki hins n\u00e1l\u00e6ga <em>Apu Pitusiray<\/em>, \u00ed \u00f6\u00f0rum \u00fatg\u00e1fum fa\u00f0ir hins yngri <em>Apu Salcantay<\/em>, og \u00ed \u00f6llum \u00fatg\u00e1fum er hann elsti og \u00e6\u00f0sti ap\u00fainn \u00e1 sv\u00e6\u00f0inu.<\/p><p>S\u00e9rstaklega mikilv\u00e6g fr\u00e1s\u00f6gn l\u00fdsir Ausangate sem var\u00f0veitanda <em>itu<\/em>-hjar\u00f0anna: Inni \u00ed fjallinu er sagt a\u00f0 risavaxnar hjar\u00f0ir af hv\u00edtum lamad\u00fdrum, alp\u00f6kum og vik\u00fanjum haldi sig, sem \u00e1 tilteknum h\u00e1t\u00ed\u00f0ard\u00f6gum koma \u00fat \u00far fjallinu og blandast hj\u00f6r\u00f0um hinna lifandi.<\/p><p>S\u00e1 sem stelur e\u00f0a ska\u00f0ar eitt af hinum heil\u00f6gu d\u00fdrum vi\u00f0 \u00feessar a\u00f0st\u00e6\u00f0ur s\u00e6tir har\u00f0ri hegningu af hendi Ausangate. \u00deessi fr\u00e1s\u00f6gn er hluti af v\u00ed\u00f0ara stofnstefi ap\u00faa: fjalli\u00f0 sem var\u00f0veislusta\u00f0ur varasj\u00f3\u00f0s hjar\u00f0anna, sem tryggir efnahagslega afkomu smala \u00e1 h\u00e1sl\u00e9ttunni.<\/p><p><span data-nosnippet>\u00deri\u00f0ji flokkur <span class=\"iwg-fachbegriff\" data-tooltip=\"Sagnfr\u00e6\u00f0ileg fr\u00e1s\u00f6gn um gu\u00f0i, uppruna og skipan heimsins.\" tabindex=\"0\">go\u00f0sagna<\/span> tengir Ausangate vi\u00f0 <em>Inkari<\/em>, hinn go\u00f0sagnakennda s\u00ed\u00f0asta Inka-h\u00f6f\u00f0ingja, sem eftir dau\u00f0a Atahualpa (1533) lifir \u00e1fram inni \u00ed fj\u00f6llunum og mun einn dag koma aftur til a\u00f0 endurreisa Inkaveldi\u00f0.<\/span><\/p><p>\u00deessi Inkari-hugmynd er megin\u00fe\u00e1ttur \u00ed mess\u00edaskri eftirv\u00e6ntingu eftir hnignun Inkaveldisins og var kerfisbundi\u00f0 l\u00fdst af Alejandro Ortiz Rescaniere \u00ed <em>De Adaneva a Inkarri<\/em> (1973).<\/p><p>S\u00e9rstakur fr\u00e1sagnarflokkur snertir Inka-\u00e1t\u00f6kin: \u00cd nokkrum \u00feorpum var Apu Ausangate talinn eitt \u00feeirra vera sem kom Inka-h\u00f6f\u00f0ingjum til hj\u00e1lpar \u00ed mikilv\u00e6gum orrustum.<\/p><p>\u00cd orrustunni milli Inka og Chanca (u.\u00fe.b. 1438), sem lag\u00f0i stj\u00f3rnm\u00e1lalegan grundv\u00f6ll Inkaveldisins, er sagt a\u00f0 Ausangate hafi sj\u00e1lfur bardist sem ap\u00fa-str\u00ed\u00f0sma\u00f0ur vi\u00f0 hli\u00f0 Pachacuti og gert sigurinn m\u00f6gulegan. \u00deessi tengsl eru go\u00f0sagnalega-s\u00f6guleg og eru \u00ed \u00fej\u00f3\u00f0fr\u00e6\u00f0ilegum ritum greind sem d\u00e6mi um samofna stj\u00f3rnm\u00e1las\u00f6gu og fjalla-<span class=\"iwg-fachbegriff\" data-tooltip=\"Fr\u00e6\u00f0ileg kenning um gu\u00f0 og tr\u00fa innan tr\u00faarbrag\u00f0a.\" tabindex=\"0\">gu\u00f0fr\u00e6\u00f0i<\/span>.<\/p>\t\t\t\t\t\t\t\t<\/div>\n\t\t\t\t<\/div>\n\t\t\t\t\t<\/div>\n\t\t\t\t<\/div>\n\t\t<div class=\"elementor-element elementor-element-iwgw-apuausanga-s4 e-flex e-con-boxed e-con e-parent\" data-id=\"iwgw-apuausanga-s4\" data-element_type=\"container\" data-e-type=\"container\">\n\t\t\t\t\t<div class=\"e-con-inner\">\n\t\t\t\t<div class=\"elementor-element elementor-element-iwgw-apuausanga-s4h elementor-widget elementor-widget-heading\" data-id=\"iwgw-apuausanga-s4h\" data-element_type=\"widget\" data-e-type=\"widget\" data-widget_type=\"heading.default\">\n\t\t\t\t\t<h2 class=\"elementor-heading-title elementor-size-default\">D\u00fdrkun og tilbei\u00f0sla<\/h2>\t\t\t\t<\/div>\n\t\t<div class=\"elementor-element elementor-element-iwgw-apuausanga-s4c e-con-full e-flex e-con e-child\" data-id=\"iwgw-apuausanga-s4c\" data-element_type=\"container\" data-e-type=\"container\">\n\t\t\t\t<div class=\"elementor-element elementor-element-iwgw-apuausanga-s4t elementor-widget elementor-widget-text-editor\" data-id=\"iwgw-apuausanga-s4t\" data-element_type=\"widget\" data-e-type=\"widget\" data-widget_type=\"text-editor.default\">\n\t\t\t\t\t\t\t\t\t<p>D\u00fdrkun Apu Ausangate fer a\u00f0allega fram \u00ed formi einstaklings- e\u00f0a fj\u00f6lskyldubundinna <span class=\"iwg-fachbegriff\" data-tooltip=\"Gj\u00f6f til go\u00f0magns til a\u00f0 tj\u00e1 \u00feakkl\u00e6ti, b\u00e6n e\u00f0a lotningu.\" tabindex=\"0\">f\u00f3rna<\/span>-athafna: daglegrar e\u00f0a vikulegrar \u00e1kallar til Ausangate af hir\u00f0um \u00feegar \u00feeir ganga \u00fat \u00e1 beitilandi\u00f0, st\u00f6ku <span class=\"iwg-fachbegriff\" data-tooltip=\"Gj\u00f6f til go\u00f0magns til a\u00f0 tj\u00e1 \u00feakkl\u00e6ti, b\u00e6n e\u00f0a lotningu.\" tabindex=\"0\">f\u00f3rnar<\/span> (despacho e\u00f0a pago a la tierra) \u00e1 mikilv\u00e6gum t\u00edmam\u00f3tum l\u00edfsins, og hinna sameiginlegu fjallgangna-p\u00edlagr\u00edmsfer\u00f0a \u00e1 fjallstoppinn.<\/p><p><span data-nosnippet>Mikilv\u00e6gasta sameiginlega <span class=\"iwg-fachbegriff\" data-tooltip=\"Fer\u00f0alag af tr\u00faarlegum toga til helgs sta\u00f0ar.\" tabindex=\"0\">p\u00edlagr\u00edmsfer\u00f0in<\/span> er <em>Qoyllur Riti<\/em>&#8211;<span class=\"iwg-fachbegriff\" data-tooltip=\"Fer\u00f0alag af tr\u00faarlegum toga til helgs sta\u00f0ar.\" tabindex=\"0\">p\u00edlagr\u00edmsfer\u00f0in<\/span> (quechua <em>quyllur rit&#8217;i<\/em>, snj\u00f3stjarna), sem fer fram \u00e1rlega \u00ed j\u00fan\u00ed \u00ed fj\u00f6llunum su\u00f0austur af Cusco vi\u00f0 r\u00e6tur Ausangate-fjallgar\u00f0sins. H\u00fan telst til st\u00e6rstu p\u00edlagr\u00edmsfer\u00f0a Andesfjalla og var vi\u00f0urkennd af UNESCO \u00e1ri\u00f0 2011 sem \u00f3\u00e1\u00fereifanleg heimsminjaskr\u00e1.<\/span><\/p><p>Nokkur hundru\u00f0 \u00fe\u00fasund <span class=\"iwg-fachbegriff\" data-tooltip=\"Manneskja sem fer \u00ed fer\u00f0alag af tr\u00faarlegum toga til helgs sta\u00f0ar.\" tabindex=\"0\">p\u00edlagr\u00edmar<\/span> ganga \u00ed <span class=\"iwg-fachbegriff\" data-tooltip=\"H\u00e1t\u00ed\u00f0leg tr\u00faarleg skr\u00fa\u00f0ganga.\" tabindex=\"0\">skr\u00fa\u00f0g\u00f6ngu<\/span> \u00ed nokkra daga a\u00f0 <span class=\"iwg-fachbegriff\" data-tooltip=\"Helgur sta\u00f0ur tileinka\u00f0ur d\u00fdrkun go\u00f0magns.\" tabindex=\"0\">helgista\u00f0<\/span> <em>Sinakara<\/em>, bi\u00f0jast \u00fear fyrir framan bjargkross og kl\u00edfa s\u00ed\u00f0an upp \u00e1 j\u00f6kultungurnar til a\u00f0 halda \u00fear v\u00f6ku alla n\u00f3ttina.<\/p><p>Upphaflega for-inka\u00edska snj\u00f3-<span class=\"iwg-fachbegriff\" data-tooltip=\"Fer\u00f0alag af tr\u00faarlegum toga til helgs sta\u00f0ar.\" tabindex=\"0\">p\u00edlagr\u00edmsfer\u00f0in<\/span> var kristnu\u00f0 \u00e1ri\u00f0 1783, \u00feegar bjargkross fr\u00e1 Sinakara var tekinn upp sem <span class=\"iwg-fachbegriff\" data-tooltip=\"Manneskja sem fer \u00ed fer\u00f0alag af tr\u00faarlegum toga til helgs sta\u00f0ar.\" tabindex=\"0\">p\u00edlagr\u00edma<\/span>-helgimynd. \u00cd n\u00faverandi framkv\u00e6md eru ka\u00fe\u00f3lska krossmyndin og innf\u00e6dd Ausangate-d\u00fdrkun \u00f3a\u00f0skiljanlega samofnar. Robert Randall hefur \u00ed ranns\u00f3kn sinni \u00e1 Qoyllur Riti (1982) l\u00fdst \u00feessu tv\u00f6falda lagi p\u00edlagr\u00edmsfer\u00f0arinnar \u00edtarlega.<\/p>\t\t\t\t\t\t\t\t<\/div>\n\t\t\t\t<\/div>\n\t\t\t\t\t<\/div>\n\t\t\t\t<\/div>\n\t\t<div class=\"elementor-element elementor-element-iwgw-apuausanga-s5 e-flex e-con-boxed e-con e-parent\" data-id=\"iwgw-apuausanga-s5\" data-element_type=\"container\" data-e-type=\"container\">\n\t\t\t\t\t<div class=\"e-con-inner\">\n\t\t\t\t<div class=\"elementor-element elementor-element-iwgw-apuausanga-s5h elementor-widget elementor-widget-heading\" data-id=\"iwgw-apuausanga-s5h\" data-element_type=\"widget\" data-e-type=\"widget\" data-widget_type=\"heading.default\">\n\t\t\t\t\t<h2 class=\"elementor-heading-title elementor-size-default\">Verndara\u00f0ger\u00f0ir og fr\u00e1hrindandi t\u00e1kn<\/h2>\t\t\t\t<\/div>\n\t\t<div class=\"elementor-element elementor-element-iwgw-apuausanga-s5c e-con-full e-flex e-con e-child\" data-id=\"iwgw-apuausanga-s5c\" data-element_type=\"container\" data-e-type=\"container\">\n\t\t\t\t<div class=\"elementor-element elementor-element-iwgw-apuausanga-s5t elementor-widget elementor-widget-text-editor\" data-id=\"iwgw-apuausanga-s5t\" data-element_type=\"widget\" data-e-type=\"widget\" data-widget_type=\"text-editor.default\">\n\t\t\t\t\t\t\t\t\t<p>Apu Ausangate er \u00ed i\u00f0kun h\u00e1lendisb\u00e6nda ein af hinum lykilverndarverum. Verndarhef\u00f0in sem tengist Ausangate sn\u00fdst um fj\u00f6gur svi\u00f0: verndun hjar\u00f0arins, vernd gegn sj\u00fakd\u00f3mum, vernd fer\u00f0amanna \u00e1 fjallseggjum og vernd gegn illum \u00f6ndum (<a href=\"https:\/\/iwell-guard.com\/is\/?page_id=168925\">Supay<\/a>).<\/p><p>\u00c1\u00fereifanleg verndarath\u00e6fi eru me\u00f0al annars a\u00f0 \u00e1kalla Ausangate fyrir hverja fjallfer\u00f0 me\u00f0 or\u00f0unum <em>Apu Ausangate, runallaykim kani<\/em> (Apu Ausangate, \u00e9g er a\u00f0eins \u00feinn ma\u00f0ur), a\u00f0 hla\u00f0a litla grj\u00f3thr\u00fagur (<em>apacheta<\/em>) \u00e1 fjallstindunum sem s\u00fdnilegt t\u00e1kn <span class=\"iwg-fachbegriff\" data-tooltip=\"Bei\u00f0ni e\u00f0a \u00e1kall til gu\u00f0s e\u00f0a m\u00e1ttarvalds.\" tabindex=\"0\">\u00e1kallsins<\/span>, og a\u00f0 brenna vaxkerti \u00e1 morgnana \u00e1\u00f0ur en b\u00faf\u00e9 er reki\u00f0 til beitar.<\/p><p>Tr\u00faarlegir s\u00e9rfr\u00e6\u00f0ingar sem kalla\u00f0ir eru <em>paqo<\/em> e\u00f0a <em>altomisayoq<\/em> standa \u00ed s\u00e9rst\u00f6ku sambandi vi\u00f0 Ausangate; \u00ed k\u00f6lluninnar-fr\u00e1s\u00f6gninni er Ausangate sj\u00e1lfur oft nefndur fjallakennarinn.<\/p><p>S\u00e9rst\u00f6k verndarath\u00f6fn tengist hreinsunarath\u00f6fninni \u00ed Qoyllur-Riti-p\u00edlagr\u00edmsfer\u00f0inni.<\/p><p>S\u00e1 sem hefur loki\u00f0 uppg\u00f6ngunni og kemur me\u00f0 fyrstu s\u00f3largeislum efri dagsins a\u00f0 j\u00f6kultungunni f\u00e6r \u00feann r\u00e9tt a\u00f0 brj\u00f3ta l\u00edti\u00f0 stykki af \u00eds og bera \u00fea\u00f0 til heima\u00feorpsins, \u00fear sem \u00edsinn er l\u00e1tinn \u00fei\u00f0na \u00e1 \u00f6krunum svo a\u00f0 <span class=\"iwg-fachbegriff\" data-tooltip=\"\u00d3skir um heill og vernd, oft \u00ed fastri or\u00f0aform\u00falu.\" tabindex=\"0\">blessun<\/span> fjallsins berist \u00ed akrana.<\/p><p>\u00deessi hef\u00f0 hefur \u00fe\u00f3 dregist miki\u00f0 saman s\u00ed\u00f0ustu 20 \u00e1r vegna hopunar j\u00f6kla af v\u00f6ldum loftslagsbreytinga.<\/p><p>I\u00f0kunin <em>despacho<\/em> e\u00f0a <em>pago a la tierra<\/em> \u00ed tengslum vi\u00f0 Ausangate hefur s\u00edna eigin margbreytni. <em>Despacho a Ausangate<\/em> samanstendur venjulega af 12 \u00ferepa <span class=\"iwg-fachbegriff\" data-tooltip=\"Gj\u00f6f til gu\u00f0s til a\u00f0 tj\u00e1 \u00feakkl\u00e6ti, b\u00e6n e\u00f0a tilbei\u00f0slu.\" tabindex=\"0\">f\u00f3rnar<\/span>pakka me\u00f0 kokalaufum (kintus), llamafitu, litlum s\u00e6lg\u00e6tismolum, ull \u00ed \u00fdmsum litum, llamaf\u00f3sturv\u00edsum (sullu), gull- og silfurbl\u00f6\u00f0um og \u00farvali steinstyttna.<\/p><p>Allur pakkinn er ra\u00f0a\u00f0 \u00ed listilega brotinni papp\u00edrsuppbyggingu me\u00f0 frekari verndargripum og er brennt e\u00f0a grafi\u00f0 \u00ed lok athafnarinnar. \u00deessi i\u00f0kun hefur veri\u00f0 l\u00fdst \u00ed sm\u00e1atri\u00f0um af Juan Nunez del Prado, Catherine Allen og Joseph Bastien.<\/p>\t\t\t\t\t\t\t\t<\/div>\n\t\t\t\t<\/div>\n\t\t\t\t\t<\/div>\n\t\t\t\t<\/div>\n\t\t<div class=\"elementor-element elementor-element-iwgw-apuausanga-s6 e-flex e-con-boxed e-con e-parent\" data-id=\"iwgw-apuausanga-s6\" data-element_type=\"container\" data-e-type=\"container\">\n\t\t\t\t\t<div class=\"e-con-inner\">\n\t\t\t\t<div class=\"elementor-element elementor-element-iwgw-apuausanga-s6h elementor-widget elementor-widget-heading\" data-id=\"iwgw-apuausanga-s6h\" data-element_type=\"widget\" data-e-type=\"widget\" data-widget_type=\"heading.default\">\n\t\t\t\t\t<h2 class=\"elementor-heading-title elementor-size-default\">Hli\u00f0st\u00e6\u00f0ur \u00ed \u00f6\u00f0rum menningarheimum<\/h2>\t\t\t\t<\/div>\n\t\t<div class=\"elementor-element elementor-element-iwgw-apuausanga-s6c e-con-full e-flex e-con e-child\" data-id=\"iwgw-apuausanga-s6c\" data-element_type=\"container\" data-e-type=\"container\">\n\t\t\t\t<div class=\"elementor-element elementor-element-iwgw-apuausanga-s6t elementor-widget elementor-widget-text-editor\" data-id=\"iwgw-apuausanga-s6t\" data-element_type=\"widget\" data-e-type=\"widget\" data-widget_type=\"text-editor.default\">\n\t\t\t\t\t\t\t\t\t<p>Fjallagu\u00f0ir og fjallaherrar eru mi\u00f0l\u00e6gar vi\u00f0mi\u00f0unarverur \u00ed n\u00e1nast \u00f6llum h\u00e1lendistr\u00faarbr\u00f6g\u00f0um heimsins. Byggingarlegar hli\u00f0st\u00e6\u00f0ur vi\u00f0 Apu Ausangate m\u00e1 finna \u00ed jap\u00f6nskum Fuji-Hime- og Asama-<span class=\"iwg-fachbegriff\" data-tooltip=\"Heild tr\u00faarlegra d\u00fdrkunarathafna fyrir gu\u00f0 e\u00f0a heilaga veru.\" tabindex=\"0\">d\u00fdrkun<\/span>, \u00ed k\u00ednverskri Taishan-fjalls-<span class=\"iwg-fachbegriff\" data-tooltip=\"Heild tr\u00faarlegra d\u00fdrkunarathafna fyrir gu\u00f0 e\u00f0a heilaga veru.\" tabindex=\"0\">d\u00fdrkun<\/span>, \u00ed hind\u00faad\u00fdrkun Kailash og Meru, \u00ed gr\u00edskri \u00d3lympsfjalls-<span class=\"iwg-fachbegriff\" data-tooltip=\"Fr\u00e6\u00f0ileg kenning um gu\u00f0 og tr\u00fa tiltekinnar tr\u00faarbrag\u00f0a.\" tabindex=\"0\">gu\u00f0fr\u00e6\u00f0i<\/span> og \u00ed alpakenndum fjallav\u00e6ttatr\u00faum T\u00edr\u00f3l og Sviss.<\/p><p><span data-nosnippet>Mircea Eliade l\u00fdsti kerfisbundi\u00f0 \u00ed <em>Patterns in Comparative Religion<\/em> (1958) mynstri hins heilaga fjalls sem <em>axis mundi<\/em>: fjalli\u00f0 tengir himin og j\u00f6r\u00f0, er b\u00fasta\u00f0ur gu\u00f0anna og geta \u00fear til ger\u00f0ir menn (prestar, einsetumenn, p\u00edlagr\u00edmar) klifi\u00f0 \u00fea\u00f0 til a\u00f0 n\u00e1 fundi vi\u00f0 hi\u00f0 helga.<\/span><\/p><p>Apu Ausangate er \u00ed \u00feessu mynstri einkennandi d\u00e6mi.<\/p><p>Innan Amer\u00edku s\u00fdnir Apu Ausangate hli\u00f0st\u00e6\u00f0ur vi\u00f0 navaj\u00f3-amer\u00edska <a href=\"https:\/\/iwell-guard.com\/is\/?page_id=168937\">Changing-Woman<\/a>-heilagfjallshef\u00f0ina og t\u00edbet-b\u00fadd\u00edska yul-lha-hef\u00f0ina. S\u00fa s\u00ed\u00f0arnefnda er s\u00e9rstaklega athyglisver\u00f0 \u00fear sem h\u00fan er byggingarlega mj\u00f6g l\u00edk Apu-hef\u00f0inni; \u00fear eru einnig hundru\u00f0 einstakra fjalla hvert sinn eigin gu\u00f0, sem d\u00fdrku\u00f0 eru af heimaf\u00f3lki.<\/p><p>Alpasamanbur\u00f0ar<span class=\"iwg-fachbegriff\" data-tooltip=\"V\u00edsindi sem rannsaka tr\u00faarbr\u00f6g\u00f0 samanbur\u00f0arlega og \u00e1n tr\u00faarlegrar skuldbindingar.\" tabindex=\"0\">tr\u00faarbrag\u00f0afr\u00e6\u00f0i<\/span> hefur allt fr\u00e1 1990 \u00ed auknum m\u00e6li fjalla\u00f0 um hvort fjallav\u00e6ttahugmyndir \u00fdmissa h\u00e1menningarsv\u00e6\u00f0a s\u00e9u d\u00e6miger\u00f0 tengdar. Anne Buttimer og Edmunds Bunkse hafa lagt fram samanbur\u00f0arranns\u00f3knir \u00e1 evr\u00f3pskri fjallagu\u00f0fr\u00e6\u00f0i (s\u00e9rstaklega d\u00f3l\u00f3m\u00edt\u00edsku <em>monti pallidi<\/em>-fr\u00e1s\u00f6gnunum) sem eru byggingarlega samb\u00e6rilegar vi\u00f0 andesku Apu-hef\u00f0ina.<\/p><p>Samleitnin sk\u00fdrist af sameiginlegri vitsmunalegri st\u00f6\u00f0u h\u00e1lendisb\u00faa, sem upplifa fjalli\u00f0 sem yfirgn\u00e6fandi landfr\u00e6\u00f0ilega, ve\u00f0ur\u00e1hrifamikla og h\u00e6ttulega n\u00e6rveru og \u00fev\u00ed er \u00feeim e\u00f0lisl\u00e6gt a\u00f0 pers\u00f3nugera \u00fea\u00f0.<\/p>\t\t\t\t\t\t\t\t<\/div>\n\t\t\t\t<\/div>\n\t\t\t\t\t<\/div>\n\t\t\t\t<\/div>\n\t\t<div class=\"elementor-element elementor-element-iwgw-apuausanga-s7 e-flex e-con-boxed e-con e-parent\" data-id=\"iwgw-apuausanga-s7\" data-element_type=\"container\" data-e-type=\"container\">\n\t\t\t\t\t<div class=\"e-con-inner\">\n\t\t\t\t<div class=\"elementor-element elementor-element-iwgw-apuausanga-s7h elementor-widget elementor-widget-heading\" data-id=\"iwgw-apuausanga-s7h\" data-element_type=\"widget\" data-e-type=\"widget\" data-widget_type=\"heading.default\">\n\t\t\t\t\t<h2 class=\"elementor-heading-title elementor-size-default\">N\u00fat\u00edmavi\u00f0t\u00f6kur og ranns\u00f3knir<\/h2>\t\t\t\t<\/div>\n\t\t<div class=\"elementor-element elementor-element-iwgw-apuausanga-s7c e-con-full e-flex e-con e-child\" data-id=\"iwgw-apuausanga-s7c\" data-element_type=\"container\" data-e-type=\"container\">\n\t\t\t\t<div class=\"elementor-element elementor-element-iwgw-apuausanga-s7t elementor-widget elementor-widget-text-editor\" data-id=\"iwgw-apuausanga-s7t\" data-element_type=\"widget\" data-e-type=\"widget\" data-widget_type=\"text-editor.default\">\n\t\t\t\t\t\t\t\t\t<p>Apu Ausangate er \u00ed dag eitt af \u00e1berandi d\u00e6mum um lifandi frumbyggjatr\u00fa \u00ed Andesfj\u00f6llum. <em>Qoyllur Riti<\/em>&#8211;<span class=\"iwg-fachbegriff\" data-tooltip=\"Tr\u00faarlega hvatt fer\u00f0alag til heilags sta\u00f0ar.\" tabindex=\"0\">p\u00edlagr\u00edmsfer\u00f0in<\/span> telur nokkur hundru\u00f0 \u00fe\u00fasund <span class=\"iwg-fachbegriff\" data-tooltip=\"Manneskja sem fer \u00ed tr\u00faarlega hvatta fer\u00f0 til heilags sta\u00f0ar.\" tabindex=\"0\">p\u00edlagr\u00edma<\/span> \u00e1rlega og er l\u00fdst \u00ed tr\u00faar\u00fej\u00f3\u00f0fr\u00e6\u00f0ilegum ritum sem fyrirmyndard\u00e6mi um andverska samtvinnun tr\u00faarbrag\u00f0a. Robert Randall (1982), Jean-Jacques Decoster (2007) og Karsten Paerregaard (2017) hafa l\u00fdst <span class=\"iwg-fachbegriff\" data-tooltip=\"Tr\u00faarlega hvatt fer\u00f0alag til heilags sta\u00f0ar.\" tabindex=\"0\">p\u00edlagr\u00edmsfer\u00f0inni<\/span> \u00e1 \u00fdmsum skei\u00f0um n\u00fat\u00edma\u00fer\u00f3unar hennar.<\/p><p><span data-nosnippet>S\u00edfellt mikilv\u00e6gari ranns\u00f3knarl\u00edna er \u00e1hrif loftslagskr\u00edsunnar. Ausangate-j\u00f6kullinn hefur \u00e1 s\u00ed\u00f0ustu \u00ferj\u00e1t\u00edu \u00e1rum tapa\u00f0 yfir 40 pr\u00f3sentum af flatarm\u00e1li s\u00ednu. \u00cds-<span class=\"iwg-fachbegriff\" data-tooltip=\"Manneskja sem fer \u00ed tr\u00faarlega hvatta fer\u00f0 til heilags sta\u00f0ar.\" tabindex=\"0\">p\u00edlagr\u00edma<\/span>-hef\u00f0in, \u00fear sem \u00edsstykki voru borin fr\u00e1 j\u00f6kultungunni ni\u00f0ur \u00ed dalinn, var\u00f0 a\u00f0 leggjast af \u00e1ri\u00f0 2003 af h\u00e1lfu br\u00e6\u00f0ralags verndara Qoyllur Riti, \u00fear sem \u00edstapi\u00f0 ger\u00f0i hef\u00f0ina umhverfislega \u00f3framkv\u00e6manlega.<\/span><\/p><p>Paerregaard og Inge Bolin hafa \u00ed n\u00fdrri verkum s\u00ednum um loftslagskr\u00edsu Andesfjalla skjalfest \u00feessar breytingar \u00e1 rit\u00faalinu.<\/p><p>Fr\u00e1 tr\u00faarbrag\u00f0afr\u00e6\u00f0ilegu sj\u00f3narhorni er Apu Ausangate mikilv\u00e6gt d\u00e6mi um hvernig frumbyggjatr\u00fa getur haldist lifandi jafnvel undir a\u00f0st\u00e6\u00f0um n\u00fat\u00edmans, kristnit\u00f6ku og umhverfiskr\u00edsu. Catherine Allen, Joseph Bastien og Karsten Paerregaard hafa \u00ed verkum s\u00ednum \u00edtreka\u00f0 dregi\u00f0 fram vi\u00f0n\u00e1ms\u00fer\u00f3tt \u00feessarar hef\u00f0ar. Tilv\u00edsun iWell Guard til Ausangate-tilbei\u00f0slunnar l\u00fdsir \u00feessari hef\u00f0 tr\u00faars\u00f6gulega, \u00e1n nokkurra lofor\u00f0a um verkun.<\/p><p><span data-nosnippet>Vaxandi ranns\u00f3knarsvi\u00f0 er tengsl frumbyggjatr\u00faar vi\u00f0 p\u00f3lit\u00edska vi\u00f0urkenningu. \u00cd B\u00f3liv\u00edu og Per\u00fa hafa Apu-tilbei\u00f0slur \u00e1 s\u00ed\u00f0ustu 20 \u00e1rum \u00ed auknum m\u00e6li veri\u00f0 teknar inn \u00ed \u00fej\u00f3\u00f0lega og al\u00fej\u00f3\u00f0lega vi\u00f0urkenningarferla, \u00fear \u00e1 me\u00f0al UNESCO heimsminjaskr\u00e1rritunin Qoyllur Riti fr\u00e1 2011 og stj\u00f3rnarskr\u00e1rvi\u00f0urkenning frumbyggjatr\u00faar \u00ed B\u00f3liv\u00edu og Ekvador.<\/span><\/p><p>\u00deessi p\u00f3lit\u00edska vi\u00f0urkenning hefur styrkt st\u00f6\u00f0u Apu-hef\u00f0arins en hefur einnig haft \u00ed f\u00f6r me\u00f0 s\u00e9r vandasama tilhneigingu til \u00fej\u00f3\u00f0h\u00e1ttav\u00e6\u00f0ingar og fer\u00f0amannav\u00e6\u00f0ingar, sem er tekin til gagnr\u00fdninnar umfj\u00f6llunar \u00ed tr\u00faar\u00fej\u00f3\u00f0fr\u00e6\u00f0ilegri umr\u00e6\u00f0u.<\/p>\t\t\t\t\t\t\t\t<\/div>\n\t\t\t\t<\/div>\n\t\t\t\t\t<\/div>\n\t\t\t\t<\/div>\n\t\t<div class=\"elementor-element elementor-element-iwgw-apuausanga-s8 e-flex e-con-boxed e-con e-parent\" data-id=\"iwgw-apuausanga-s8\" data-element_type=\"container\" data-e-type=\"container\">\n\t\t\t\t\t<div class=\"e-con-inner\">\n\t\t\t\t<div class=\"elementor-element elementor-element-iwgw-apuausanga-s8h elementor-widget elementor-widget-heading\" data-id=\"iwgw-apuausanga-s8h\" data-element_type=\"widget\" data-e-type=\"widget\" data-widget_type=\"heading.default\">\n\t\t\t\t\t<h2 class=\"elementor-heading-title elementor-size-default\">Heimildir og b\u00f3kmenntir<\/h2>\t\t\t\t<\/div>\n\t\t<div class=\"elementor-element elementor-element-iwgw-apuausanga-s8c e-con-full e-flex e-con e-child\" data-id=\"iwgw-apuausanga-s8c\" data-element_type=\"container\" data-e-type=\"container\">\n\t\t\t\t<div class=\"elementor-element elementor-element-iwgw-apuausanga-s8t elementor-widget elementor-widget-text-editor\" data-id=\"iwgw-apuausanga-s8t\" data-element_type=\"widget\" data-e-type=\"widget\" data-widget_type=\"text-editor.default\">\n\t\t\t\t\t\t\t\t\t<p>Eftirfarandi \u00farval telur upp helstu verk Andes\u00fej\u00f3\u00f0fr\u00e6\u00f0i og tr\u00faarbrag\u00f0as\u00f6gu um Apu-tilbei\u00f0slu og Qoyllur Riti-<span class=\"iwg-fachbegriff\" data-tooltip=\"Tr\u00faarlega hvatt fer\u00f0alag til heilags sta\u00f0ar.\" tabindex=\"0\">p\u00edlagr\u00edmsfer\u00f0ina<\/span>.<\/p>\t\t\t\t\t\t\t\t<\/div>\n\t\t\t\t<\/div>\n\t\t\t\t\t<\/div>\n\t\t\t\t<\/div>\n\t\t<div class=\"elementor-element elementor-element-cp21fdddf4 e-flex e-con-boxed e-con e-parent\" data-id=\"cp21fdddf4\" data-element_type=\"container\" data-e-type=\"container\">\n\t\t\t\t\t<div class=\"e-con-inner\">\n\t\t\t\t<div class=\"elementor-element elementor-element-cp2302b96e elementor-widget elementor-widget-heading\" data-id=\"cp2302b96e\" data-element_type=\"widget\" data-e-type=\"widget\" data-widget_type=\"heading.default\">\n\t\t\t\t\t<h2 class=\"elementor-heading-title elementor-size-default\">Ausangate \u00ed \u00e1rlegri h\u00e1t\u00ed\u00f0arhringr\u00e1s Qoyllur Rit'i<\/h2>\t\t\t\t<\/div>\n\t\t<div class=\"elementor-element elementor-element-cp2b58d247 e-flex e-con-boxed e-con e-child\" data-id=\"cp2b58d247\" data-element_type=\"container\" data-e-type=\"container\">\n\t\t\t\t\t<div class=\"e-con-inner\">\n\t\t\t\t<div class=\"elementor-element elementor-element-cp2f4cfb74 elementor-widget elementor-widget-text-editor\" data-id=\"cp2f4cfb74\" data-element_type=\"widget\" data-e-type=\"widget\" data-widget_type=\"text-editor.default\">\n\t\t\t\t\t\t\t\t\t<p>\u00deekktasta rit\u00faalbundna tengingin milli <em>Apu<\/em> Ausangate og lifandi hef\u00f0ar Andesfjalla er <span class=\"iwg-fachbegriff\" data-tooltip=\"Tr\u00faarlega hvatt fer\u00f0alag til heilags sta\u00f0ar.\" tabindex=\"0\">p\u00edlagr\u00edmsfer\u00f0in<\/span> Qoyllur Rit&#8217;i, sem fer fram \u00e1rlega stutt fyrir Fronleichnam-h\u00e1t\u00ed\u00f0ina vi\u00f0 r\u00e6tur Ausangate-fjallmass\u00edfsins \u00ed Sinakara-dalnum.<\/p><p>Tug\u00fe\u00fasundir <span class=\"iwg-fachbegriff\" data-tooltip=\"Manneskja sem fer \u00ed tr\u00faarlega hvatta fer\u00f0 til heilags sta\u00f0ar.\" tabindex=\"0\">p\u00edlagr\u00edma<\/span> \u00far Quechua- og Aymara-samf\u00e9l\u00f6gum su\u00f0urh\u00e1lendisins ganga til <span class=\"iwg-fachbegriff\" data-tooltip=\"Heilagur sta\u00f0ur tileinka\u00f0ur tilbei\u00f0slu gu\u00f0s.\" tabindex=\"0\">helgista\u00f0ar<\/span> \u00ed um 4600 metra h\u00e6\u00f0, \u00fear sem Kristsmynd m\u00e1lu\u00f0 \u00e1 klett er tilbe\u00f0in.<\/p><p>Ka\u00fe\u00f3lska t\u00falkunin v\u00edsar til birtingars\u00f6gu fr\u00e1 18. \u00f6ld, en \u00fej\u00f3\u00f0fr\u00e6\u00f0ingar eins og Michael Sallnow og s\u00ed\u00f0ar Robert Randall hafa s\u00fdnt a\u00f0 <span class=\"iwg-fachbegriff\" data-tooltip=\"Tr\u00faarlega hvatt fer\u00f0alag til heilags sta\u00f0ar.\" tabindex=\"0\">p\u00edlagr\u00edmsfer\u00f0in<\/span> er \u00e1 sama t\u00edma fjallatr\u00fa sem \u00e1varpar Ausangate sem \u00e6\u00f0sta <em>Apu<\/em> sv\u00e6\u00f0isins.<\/p><p>Bera uppi rit\u00faali\u00f0 <em>ukukus<\/em> e\u00f0a <em>pablitos<\/em>, gr\u00edmukl\u00e6ddir dansarar \u00ed lo\u00f0num ullarf\u00f6tum, sem taldir eru millili\u00f0ir milli manns og fjalls. \u00c1 n\u00f3ttunni kl\u00edfa \u00feeir j\u00f6kla Ausangate til a\u00f0 afla \u00edss og framkv\u00e6ma athafnir sem eru b\u00e6\u00f0i hugrekkispr\u00f3fanir og hreinsunargj\u00f6r\u00f0ir.<\/p><p>\u00c1\u00f0ur fyrr voru st\u00f3rir \u00edsblokkir bornar ni\u00f0ur \u00ed dalinn. Vegna hopunar j\u00f6kulsins hefur \u00feessi <span class=\"iwg-fachbegriff\" data-tooltip=\"Hef\u00f0bundin ath\u00f6fn sem er endurtekin reglulega innan samf\u00e9lags.\" tabindex=\"0\">si\u00f0ur<\/span> veri\u00f0 miki\u00f0 skertur \u00e1 s\u00ed\u00f0ustu \u00e1rum, sem hefur sj\u00e1lft or\u00f0i\u00f0 a\u00f0 umfj\u00f6llunarefni tr\u00faarlegrar t\u00falkunar.<\/p><p>H\u00e1t\u00ed\u00f0arhringr\u00e1sin tengir \u00feannig kristna d\u00fdrlingatilbei\u00f0slu, andverska fjallatr\u00fa og landb\u00fana\u00f0arlegt t\u00edmatal sem tengir s\u00fdnileika Sj\u00f6stirnisins vi\u00f0 v\u00e6ntanlega s\u00e1ningu. Ranns\u00f3knir \u00e1 <span class=\"iwg-fachbegriff\" data-tooltip=\"Tr\u00faarlega hvatt fer\u00f0alag til heilags sta\u00f0ar.\" tabindex=\"0\">p\u00edlagr\u00edmsfer\u00f0inni<\/span> leggja \u00e1herslu \u00e1 a\u00f0 h\u00e9r s\u00e9 ekki um a\u00f0 r\u00e6\u00f0a einfalda leif fyrirk\u00f3lumb\u00edskrar tr\u00faar heldur sj\u00e1lfst\u00e6\u00f0a i\u00f0kun sem er st\u00f6\u00f0ugt endurt\u00falku\u00f0.<\/p><p>\u00deeir sem vilja skilja hlutverk Ausangate ver\u00f0a a\u00f0 l\u00edta \u00e1 Qoyllur Rit&#8217;i sem mikilv\u00e6gasta n\u00faverandi vettvang hans. Um tengd fjallgu\u00f0d\u00f3ma sv\u00e6\u00f0isins er fjalla\u00f0 almennt \u00ed greininni um <a href=\"https:\/\/iwell-guard.com\/is\/?page_id=168927\">Apusar<\/a>.<\/p>\t\t\t\t\t\t\t\t<\/div>\n\t\t\t\t\t<\/div>\n\t\t\t\t<\/div>\n\t\t\t\t\t<\/div>\n\t\t\t\t<\/div>\n\t\t<div class=\"elementor-element elementor-element-cp2a2dbdd9 e-flex e-con-boxed e-con e-parent\" data-id=\"cp2a2dbdd9\" data-element_type=\"container\" data-e-type=\"container\">\n\t\t\t\t\t<div class=\"e-con-inner\">\n\t\t\t\t<div class=\"elementor-element elementor-element-cp2a442214 elementor-widget elementor-widget-heading\" data-id=\"cp2a442214\" data-element_type=\"widget\" data-e-type=\"widget\" data-widget_type=\"heading.default\">\n\t\t\t\t\t<h2 class=\"elementor-heading-title elementor-size-default\">Ausangate \u00ed despacho-ath\u00f6fn Andesheilara<\/h2>\t\t\t\t<\/div>\n\t\t<div class=\"elementor-element elementor-element-cp2cd4ff16 e-flex e-con-boxed e-con e-child\" data-id=\"cp2cd4ff16\" data-element_type=\"container\" data-e-type=\"container\">\n\t\t\t\t\t<div class=\"e-con-inner\">\n\t\t\t\t<div class=\"elementor-element elementor-element-cp2a3601b3 elementor-widget elementor-widget-text-editor\" data-id=\"cp2a3601b3\" data-element_type=\"widget\" data-e-type=\"widget\" data-widget_type=\"text-editor.default\">\n\t\t\t\t\t\t\t\t\t<p>\u00cd hinu daglega tr\u00faarlega l\u00edfi Quechua-samf\u00e9laga \u00ed su\u00f0urhluta Andesfjalla kemur Ausangate fyrst og fremst fram \u00ed <em>despacho<\/em>, f\u00f3rnarb\u00f6gglum sem <em>paqos<\/em>, andneskir s\u00e9rfr\u00e6\u00f0ingar \u00ed tr\u00faari\u00f0kun, setja saman. \u00c1 bla\u00f0i e\u00f0a kl\u00e6\u00f0i er k\u00f3ka-laufum ra\u00f0a\u00f0 \u00ed \u00ferj\u00fa og \u00ferj\u00fa saman, svok\u00f6llu\u00f0 <em>k&#8217;intu<\/em>, \u00e1samt ma\u00edskornum, d\u00fdrafitu, litr\u00edkri ull, litlum bl\u00fdstyttum og oft s\u00e6lg\u00e6ti.<\/p><p>Hvert atri\u00f0i t\u00e1knar gj\u00f6f til <em>Pachamama<\/em> og til <em>Apus<\/em>-fjallanna, en me\u00f0al \u00feeirra hefur Ausangate h\u00e6stu st\u00f6\u00f0u \u00e1 st\u00f3ru sv\u00e6\u00f0i Cusco-h\u00e9ra\u00f0s.<\/p><p>\u00deessi <span class=\"iwg-fachbegriff\" data-tooltip=\"\u00dea\u00f0 a\u00f0 \u00e1kalla e\u00f0a bei\u00f0ast \u00e1heyrnar gu\u00f0s e\u00f0a m\u00e1ttarvalds me\u00f0 b\u00e6n e\u00f0a form\u00falu.\" tabindex=\"0\">\u00e1kall<\/span> fylgir stigveldisskipan: Fyrst eru nefnd hin sta\u00f0bundnu heimafj\u00f6ll, s\u00ed\u00f0an st\u00e6rri sv\u00e6\u00f0isbundin <em>Apus<\/em>-fj\u00f6ll, og s\u00ed\u00f0ast Ausangate sem tindur me\u00f0 sv\u00e6\u00f0isyfirgripandi v\u00e6gi. Hinn fullb\u00fana b\u00f6ggul er brenndur e\u00f0a grafinn \u00ed j\u00f6r\u00f0u; reykurinn sem st\u00edgur upp er talinn hinn eiginlegi flutningsvegur gjafarins.<\/p><p>\u00dej\u00f3\u00f0fr\u00e6\u00f0ilegar ranns\u00f3knir, me\u00f0al annars Catherine Allen um samf\u00e9l\u00f6gin vi\u00f0 Sonqo, l\u00fdsa <em>despacho<\/em>-ath\u00f6fninni sem gagnkv\u00e6mnisath\u00f6fn: Fjalli\u00f0 tekur vi\u00f0 f\u00e6\u00f0u og gefur \u00ed sta\u00f0inn frj\u00f3semi, vernd fyrir b\u00faf\u00e9na\u00f0 og heilsu.<\/p><p>Athyglisvert er a\u00f0 \u00feessi i\u00f0kun fer ekki fram \u00ed leyni heldur er opinn hluti af tr\u00faarl\u00edfinu og fer saman vi\u00f0 ka\u00fe\u00f3lska t\u00edmatali\u00f0. \u00c1 s\u00ed\u00f0ustu \u00e1ratugum hefur <em>despacho<\/em>-ath\u00f6fnin einnig n\u00e1\u00f0 al\u00fej\u00f3\u00f0legri \u00fatbrei\u00f0slu \u00ed gegnum dulspekilega Andesfer\u00f0a\u00fej\u00f3nustu, sem er umdeilt me\u00f0al fr\u00e6\u00f0imanna.<\/p><p>Sumir sj\u00e1 \u00ed \u00fev\u00ed tilbrig\u00f0i r\u00f3tleysis, a\u00f0rir h\u00e6fni til a\u00f0l\u00f6gunar sem andnesk tr\u00faarbr\u00f6g\u00f0 hafa \u00edtreka\u00f0 s\u00fdnt fr\u00e1 t\u00edmum n\u00fdlendustefnunnar. Fyrir skilning \u00e1 Ausangate er mikilv\u00e6gt a\u00f0 hann kemur h\u00e9r ekki fram sem fjarl\u00e6gur <span class=\"iwg-fachbegriff\" data-tooltip=\"Munnm\u00e6lasaga um gu\u00f0i, upphaf og skipan heimsins.\" tabindex=\"0\">go\u00f0s\u00f6gn<\/span>, heldur sem \u00e1\u00fereifanlegur, \u00e1varpanlegur vi\u00f0takandi tr\u00faarlegra f\u00f3rnargjafa.<\/p>\t\t\t\t\t\t\t\t<\/div>\n\t\t\t\t\t<\/div>\n\t\t\t\t<\/div>\n\t\t\t\t\t<\/div>\n\t\t\t\t<\/div>\n\t\t<div class=\"elementor-element elementor-element-iwgw-apuausanga-lit e-flex e-con-boxed e-con e-parent\" data-id=\"iwgw-apuausanga-lit\" data-element_type=\"container\" data-e-type=\"container\">\n\t\t\t\t\t<div class=\"e-con-inner\">\n\t\t\t\t<div class=\"elementor-element elementor-element-iwgw-apuausanga-lith elementor-widget elementor-widget-heading\" data-id=\"iwgw-apuausanga-lith\" data-element_type=\"widget\" data-e-type=\"widget\" data-widget_type=\"heading.default\">\n\t\t\t\t\t<h2 class=\"elementor-heading-title elementor-size-default\">Heimildir (\u00farval)<\/h2>\t\t\t\t<\/div>\n\t\t<div class=\"elementor-element elementor-element-iwgw-apuausanga-litc e-con-full e-flex e-con e-child\" data-id=\"iwgw-apuausanga-litc\" data-element_type=\"container\" data-e-type=\"container\">\n\t\t\t\t<div class=\"elementor-element elementor-element-iwgw-apuausanga-litt elementor-widget elementor-widget-text-editor\" data-id=\"iwgw-apuausanga-litt\" data-element_type=\"widget\" data-e-type=\"widget\" data-widget_type=\"text-editor.default\">\n\t\t\t\t\t\t\t\t\t<ul><li>Catherine Allen: <em>The Hold Life Has<\/em> (2002)<\/li><li><span data-nosnippet>Robert Randall: <em>Qoyllur Riti, an Inca Fiesta of the Pleiades<\/em> (1982)<\/span><\/li><li>Karsten Paerregaard: <em>Pilgrims of the Andes<\/em> (2017)<\/li><li>Inge Bolin: <em>Rituals of Respect<\/em> (1998)<\/li><li>Brian Bauer: <em>The Sacred Landscape of the Inca<\/em> (1998)<\/li><li>Alejandro Ortiz Rescaniere: <em>De Adaneva a Inkarri<\/em> (1973)<\/li><li>Jean-Jacques Decoster: <em>Incas e indios cristianos<\/em> (2007)<\/li><\/ul>\t\t\t\t\t\t\t\t<\/div>\n\t\t\t\t<\/div>\n\t\t\t\t\t<\/div>\n\t\t\t\t<\/div>\n\t\t<div class=\"elementor-element elementor-element-iwgw-apuausanga-kwd e-flex e-con-boxed e-con e-parent\" data-id=\"iwgw-apuausanga-kwd\" data-element_type=\"container\" data-e-type=\"container\">\n\t\t\t\t\t<div class=\"e-con-inner\">\n\t\t<div class=\"elementor-element elementor-element-iwgw-apuausanga-kwdc e-con-full e-flex e-con e-child\" data-id=\"iwgw-apuausanga-kwdc\" data-element_type=\"container\" data-e-type=\"container\">\n\t\t\t\t<div class=\"elementor-element elementor-element-iwgw-apuausanga-kwdt elementor-widget elementor-widget-text-editor\" data-id=\"iwgw-apuausanga-kwdt\" data-element_type=\"widget\" data-e-type=\"widget\" data-widget_type=\"text-editor.default\">\n\t\t\t\t\t\t\t\t\t<p><em>Tengd kjarnahugt\u00f6k: Apu Ausangate Awsanqati Qoyllur Riti Sinakara Inkari Apacheta Paqo Altomisayoq.<\/em><\/p>\t\t\t\t\t\t\t\t<\/div>\n\t\t\t\t<\/div>\n\t\t\t\t\t<\/div>\n\t\t\t\t<\/div>\n\t\t<div class=\"elementor-element elementor-element-iwgw-apuausanga-cc e-flex e-con-boxed e-con e-parent\" data-id=\"iwgw-apuausanga-cc\" data-element_type=\"container\" data-e-type=\"container\" id=\"iwg-cc-apu-ausangate\">\n\t\t\t\t\t<div class=\"e-con-inner\">\n\t\t<div class=\"elementor-element elementor-element-iwgw-apuausanga-ccinner e-flex e-con-boxed e-con e-parent\" data-id=\"iwgw-apuausanga-ccinner\" data-element_type=\"container\" data-e-type=\"container\" data-settings=\"{&quot;background_background&quot;:&quot;classic&quot;}\">\n\t\t\t\t\t<div class=\"e-con-inner\">\n\t\t\t\t<div class=\"elementor-element elementor-element-iwgw-apuausanga-cch elementor-widget elementor-widget-heading\" data-id=\"iwgw-apuausanga-cch\" data-element_type=\"widget\" data-e-type=\"widget\" data-widget_type=\"heading.default\">\n\t\t\t\t\t<h2 class=\"elementor-heading-title elementor-size-default\">iWell Guard og verndarhef\u00f0ir<\/h2>\t\t\t\t<\/div>\n\t\t\t\t<div class=\"elementor-element elementor-element-iwgw-apuausanga-cct elementor-widget elementor-widget-text-editor\" data-id=\"iwgw-apuausanga-cct\" data-element_type=\"widget\" data-e-type=\"widget\" data-widget_type=\"text-editor.default\">\n\t\t\t\t\t\t\t\t\t<div data-nosnippet=\"true\"><p>iWell Guard byggir \u00e1 menningars\u00f6gulegri hef\u00f0 verndargripa sem bor\u00f0ir eru \u00e1 l\u00edkamanum, \u00ed hef\u00f0 <a href=\"https:\/\/iwell-guard.com\/is\/?page_id=168909\">Andesfjalla \/ Inka<\/a> og margra annarra menningarheima um allan heim. 41 lag, ekta gull, plat\u00edna, silfur, framleitt \u00ed \u00de\u00fdskalandi. 30 daga skilar\u00e9tt.<\/p><\/div>\t\t\t\t\t\t\t\t<\/div>\n\t\t\t\t<div class=\"elementor-element elementor-element-iwgw-apuausanga-ccb iwg-cc-button iwg-cc-cta-2026-05-13 elementor-widget elementor-widget-jet-button\" data-id=\"iwgw-apuausanga-ccb\" data-element_type=\"widget\" data-e-type=\"widget\" data-widget_type=\"jet-button.default\">\n\t\t\t\t<div class=\"elementor-widget-container\">\n\t\t\t\t\t<div class=\"elementor-jet-button jet-elements\"><div class=\"jet-button__container\"><a class=\"jet-button__instance jet-button__instance--icon-left hover-effect-1\" href=\"\/ueber-iwell-guard\/?utm_source=iwell-guard.com&amp;utm_medium=info-box&amp;utm_campaign=wesen-tradition\"><div class=\"jet-button__plane jet-button__plane-normal\"><\/div><div class=\"jet-button__plane jet-button__plane-hover\"><\/div><div class=\"jet-button__state jet-button__state-normal\"><span class=\"jet-button__label\">Meira um iWell Guard<\/span><\/div><div class=\"jet-button__state jet-button__state-hover\"><span class=\"jet-button__label\">Meira um iWell Guard<\/span><\/div><\/a><\/div><\/div><style>.elementor-element.elementor-element-iwgw-apuausanga-ccb .jet-button__instance{width:320px;height:56px;}.elementor-element.elementor-element-iwgw-apuausanga-ccb .jet-button__state-normal .jet-button__label{text-align:center;margin:0px 0px 0px 0px;color:#1a1b20;font-family:Montserrat,sans-serif;font-size:13px;font-weight:400;letter-spacing:4px;line-height:1.714em;text-transform:uppercase;}.elementor-element.elementor-element-iwgw-apuausanga-ccb .jet-button__state-hover .jet-button__label{text-align:center;margin:0px 0px 0px 0px;color:#FECC76;font-family:Montserrat,sans-serif;font-size:13px;font-weight:400;letter-spacing:4px;line-height:1.714em;text-transform:uppercase;}.elementor-element.elementor-element-iwgw-apuausanga-ccb .jet-button__plane-normal{background-color:#FECC76;border-style:solid;border-color:#C99540;border-width:2px 2px 2px 2px;}.elementor-element.elementor-element-iwgw-apuausanga-ccb .jet-button__plane-hover{background-color:rgba(0,0,0,0.55);border-style:solid;border-color:#FECC76;border-width:2px 2px 2px 2px;}<\/style>\t\t\t\t<\/div>\n\t\t\t\t<\/div>\n\t\t\t\t<div class=\"elementor-element elementor-element-iwgw-apuausanga-ccd elementor-widget elementor-widget-text-editor\" data-id=\"iwgw-apuausanga-ccd\" data-element_type=\"widget\" data-e-type=\"widget\" data-widget_type=\"text-editor.default\">\n\t\t\t\t\t\t\t\t\t<div data-nosnippet=\"true\"><p style=\"text-align:center;font-size:13px;opacity:0.7;margin-top:14px\" data-nosnippet=\"true\">Pers\u00f3nuleg reynsla getur veri\u00f0 mismunandi. Ekki l\u00e6kningat\u00e6ki. Engin lofor\u00f0 um l\u00e6kningu.<\/p><\/div>\t\t\t\t\t\t\t\t<\/div>\n\t\t\t\t\t<\/div>\n\t\t\t\t<\/div>\n\t\t\t\t\t<\/div>\n\t\t\t\t<\/div>\n\t\t<div class=\"elementor-element elementor-element-iwgw-apuausanga-disc e-flex e-con-boxed e-con e-parent\" data-id=\"iwgw-apuausanga-disc\" data-element_type=\"container\" data-e-type=\"container\">\n\t\t\t\t\t<div class=\"e-con-inner\">\n\t\t\t\t<div class=\"elementor-element elementor-element-iwgw-apuausanga-discw elementor-widget elementor-widget-html\" data-id=\"iwgw-apuausanga-discw\" data-element_type=\"widget\" data-e-type=\"widget\" data-widget_type=\"html.default\">\n\t\t\t\t\t<footer data-nosnippet=\"true\" class=\"iwg-disclaimer-block\"><p data-nosnippet=\"true\">iWell Guard er <strong>ekki l\u00e6kningat\u00e6ki<\/strong> og kemur ekki \u00ed sta\u00f0inn fyrir l\u00e6knis- e\u00f0a s\u00e1lfr\u00e6\u00f0ime\u00f0fer\u00f0. Tr\u00faarfr\u00e6\u00f0ilegt efni er menningars\u00f6gulegt samhengi, ekki r\u00e1\u00f0legging um andlega i\u00f0kun.<\/p><\/footer>\t\t\t\t<\/div>\n\t\t\t\t\t<\/div>\n\t\t\t\t<\/div>\n\t\t\t\t<\/div>\n\t\t","protected":false},"excerpt":{"rendered":"","protected":false},"author":3,"featured_media":2674,"parent":0,"menu_order":0,"comment_status":"closed","ping_status":"closed","template":"elementor_header_footer","meta":{"_yoast_wpseo_focuskw":"Apu Ausangate fjallherra Andesfj\u00f6llum","_yoast_wpseo_title":"Apu Ausangate \u2013 fjallgu\u00f0 Andesfjalla","_yoast_wpseo_metadesc":"Apu Ausangate er h\u00e6sti fjallgu\u00f0 su\u00f0ur-per\u00faskra Andesfjalla, mi\u00f0l\u00e6gur tilv\u00edsunarpunktur h\u00e1lendisb\u00e6nda og Qoyllur-Riti-p\u00edlagr\u00edmsg\u00f6ngunnar.","_yoast_wpseo_meta-robots-noindex":"","_yoast_wpseo_canonical":"","_angie_page":false,"gefaehrdungsstufe":"2","wesen_kultur":"anden-inka","wesen_klasse":"geister","footnotes":""},"categories":[],"class_list":["post-168927","page","type-page","status-publish","has-post-thumbnail","hentry"],"yoast_head":"<!-- This site is optimized with the Yoast SEO Premium plugin v27.7 (Yoast SEO v28.3) - https:\/\/yoast.com\/product\/yoast-seo-premium-wordpress\/ -->\n<title>Apu Ausangate \u2013 fjallgu\u00f0 Andesfjalla<\/title>\n<meta name=\"description\" content=\"Apu Ausangate er h\u00e6sti fjallgu\u00f0 su\u00f0ur-per\u00faskra Andesfjalla, mi\u00f0l\u00e6gur tilv\u00edsunarpunktur h\u00e1lendisb\u00e6nda og Qoyllur-Riti-p\u00edlagr\u00edmsg\u00f6ngunnar.\" \/>\n<meta name=\"robots\" content=\"index, follow, max-snippet:-1, max-image-preview:large, max-video-preview:-1\" \/>\n<link rel=\"canonical\" href=\"https:\/\/iwell-guard.com\/is\/apu-ausangate-fjallgud-andesfjalla\/\" \/>\n<meta property=\"og:locale\" content=\"is_IS\" \/>\n<meta property=\"og:type\" content=\"article\" \/>\n<meta property=\"og:title\" content=\"Apu Ausangate \u2013 fjallgu\u00f0 Andesfjalla\" \/>\n<meta property=\"og:description\" content=\"Apu Ausangate er h\u00e6sti fjallgu\u00f0 su\u00f0ur-per\u00faskra Andesfjalla, mi\u00f0l\u00e6gur tilv\u00edsunarpunktur h\u00e1lendisb\u00e6nda og Qoyllur-Riti-p\u00edlagr\u00edmsg\u00f6ngunnar.\" \/>\n<meta property=\"og:url\" content=\"https:\/\/iwell-guard.com\/is\/apu-ausangate-fjallgud-andesfjalla\/\" \/>\n<meta property=\"og:site_name\" content=\"iWell Guard\" \/>\n<meta property=\"article:modified_time\" content=\"2026-09-05T14:23:00+00:00\" \/>\n<meta property=\"og:image\" content=\"https:\/\/iwell-guard.com\/wp-content\/uploads\/2026\/05\/geister_anden-inka_apu-ausangate.webp\" \/>\n\t<meta property=\"og:image:width\" content=\"1024\" \/>\n\t<meta property=\"og:image:height\" content=\"1536\" \/>\n\t<meta property=\"og:image:type\" content=\"image\/webp\" \/>\n<meta name=\"twitter:card\" content=\"summary_large_image\" \/>\n<script type=\"application\/ld+json\" class=\"yoast-schema-graph\">{\"@context\":\"https:\\\/\\\/schema.org\",\"@graph\":[{\"@type\":\"WebPage\",\"@id\":\"https:\\\/\\\/iwell-guard.com\\\/is\\\/apu-ausangate-fjallgud-andesfjalla\\\/\",\"url\":\"https:\\\/\\\/iwell-guard.com\\\/is\\\/apu-ausangate-fjallgud-andesfjalla\\\/\",\"name\":\"Apu Ausangate \u2013 fjallgu\u00f0 Andesfjalla\",\"isPartOf\":{\"@id\":\"https:\\\/\\\/iwell-guard.com\\\/is\\\/#website\"},\"primaryImageOfPage\":{\"@id\":\"https:\\\/\\\/iwell-guard.com\\\/is\\\/apu-ausangate-fjallgud-andesfjalla\\\/#primaryimage\"},\"image\":{\"@id\":\"https:\\\/\\\/iwell-guard.com\\\/is\\\/apu-ausangate-fjallgud-andesfjalla\\\/#primaryimage\"},\"thumbnailUrl\":\"https:\\\/\\\/iwell-guard.com\\\/wp-content\\\/uploads\\\/2026\\\/05\\\/geister_anden-inka_apu-ausangate.webp\",\"datePublished\":\"2026-09-05T14:04:07+00:00\",\"dateModified\":\"2026-09-05T14:23:00+00:00\",\"description\":\"Apu Ausangate er h\u00e6sti fjallgu\u00f0 su\u00f0ur-per\u00faskra Andesfjalla, mi\u00f0l\u00e6gur tilv\u00edsunarpunktur h\u00e1lendisb\u00e6nda og Qoyllur-Riti-p\u00edlagr\u00edmsg\u00f6ngunnar.\",\"breadcrumb\":{\"@id\":\"https:\\\/\\\/iwell-guard.com\\\/is\\\/apu-ausangate-fjallgud-andesfjalla\\\/#breadcrumb\"},\"inLanguage\":\"is\",\"potentialAction\":[{\"@type\":\"ReadAction\",\"target\":[\"https:\\\/\\\/iwell-guard.com\\\/is\\\/apu-ausangate-fjallgud-andesfjalla\\\/\"]}]},{\"@type\":\"ImageObject\",\"inLanguage\":\"is\",\"@id\":\"https:\\\/\\\/iwell-guard.com\\\/is\\\/apu-ausangate-fjallgud-andesfjalla\\\/#primaryimage\",\"url\":\"https:\\\/\\\/iwell-guard.com\\\/wp-content\\\/uploads\\\/2026\\\/05\\\/geister_anden-inka_apu-ausangate.webp\",\"contentUrl\":\"https:\\\/\\\/iwell-guard.com\\\/wp-content\\\/uploads\\\/2026\\\/05\\\/geister_anden-inka_apu-ausangate.webp\",\"width\":1024,\"height\":1536,\"caption\":\"Andar fr\u00e1 Andes-inka-hef\u00f0inni.\"},{\"@type\":\"BreadcrumbList\",\"@id\":\"https:\\\/\\\/iwell-guard.com\\\/is\\\/apu-ausangate-fjallgud-andesfjalla\\\/#breadcrumb\",\"itemListElement\":[{\"@type\":\"ListItem\",\"position\":1,\"name\":\"Start\",\"item\":\"https:\\\/\\\/iwell-guard.com\\\/is\\\/?page_id=168580\"},{\"@type\":\"ListItem\",\"position\":2,\"name\":\"Apu Ausangate \u2013 fjallgu\u00f0 Andesfjalla\"}]},{\"@type\":\"WebSite\",\"@id\":\"https:\\\/\\\/iwell-guard.com\\\/is\\\/#website\",\"url\":\"https:\\\/\\\/iwell-guard.com\\\/is\\\/\",\"name\":\"iWell Guard\",\"description\":\"Schutz vor dunklen Einfl\u00fcssen\",\"publisher\":{\"@id\":\"https:\\\/\\\/iwell-guard.com\\\/is\\\/#organization\"},\"potentialAction\":[{\"@type\":\"SearchAction\",\"target\":{\"@type\":\"EntryPoint\",\"urlTemplate\":\"https:\\\/\\\/iwell-guard.com\\\/is\\\/?s={search_term_string}\"},\"query-input\":{\"@type\":\"PropertyValueSpecification\",\"valueRequired\":true,\"valueName\":\"search_term_string\"}}],\"inLanguage\":\"is\"},{\"@type\":\"Organization\",\"@id\":\"https:\\\/\\\/iwell-guard.com\\\/is\\\/#organization\",\"name\":\"Ittermann electronic GmbH\",\"url\":\"https:\\\/\\\/iwell-guard.com\\\/is\\\/\",\"logo\":{\"@type\":\"ImageObject\",\"inLanguage\":\"is\",\"@id\":\"https:\\\/\\\/iwell-guard.com\\\/is\\\/#\\\/schema\\\/logo\\\/image\\\/\",\"url\":\"https:\\\/\\\/iwell-guard.com\\\/wp-content\\\/uploads\\\/2026\\\/05\\\/Ittermann-Logo-1182x237-1.png\",\"contentUrl\":\"https:\\\/\\\/iwell-guard.com\\\/wp-content\\\/uploads\\\/2026\\\/05\\\/Ittermann-Logo-1182x237-1.png\",\"width\":1182,\"height\":237,\"caption\":\"Ittermann electronic GmbH\"},\"image\":{\"@id\":\"https:\\\/\\\/iwell-guard.com\\\/is\\\/#\\\/schema\\\/logo\\\/image\\\/\"},\"sameAs\":[\"https:\\\/\\\/pantip.com\\\/profile\\\/9367242\",\"https:\\\/\\\/micro.blog\\\/iwellguard\",\"https:\\\/\\\/www.diggerslist.com\\\/iwellguard\\\/about\",\"https:\\\/\\\/skitterphoto.com\\\/photographers\\\/2870314\\\/iwell-guard\",\"https:\\\/\\\/iwellguard.wordpress.com\\\/2026\\\/06\\\/06\\\/iwell-guard\\\/\",\"https:\\\/\\\/hub.docker.com\\\/u\\\/iwellguard\",\"https:\\\/\\\/www.pinterest.com\\\/iwellguard\\\/\",\"https:\\\/\\\/bit.ly\\\/m\\\/iwellguard\",\"https:\\\/\\\/entre-vos-mains.alsace.eu\\\/profiles\\\/iwellguard\\\/activity\",\"https:\\\/\\\/gravatar.com\\\/reallybeded8fd34\",\"https:\\\/\\\/naijamatta.com\\\/iwellguard\",\"https:\\\/\\\/www.goodreads.com\\\/iwellguard\",\"https:\\\/\\\/profile.hatena.ne.jp\\\/iwellguard\\\/\",\"https:\\\/\\\/experiment.com\\\/users\\\/iwellguard\",\"https:\\\/\\\/wakelet.com\\\/@iWellGuard82270\",\"https:\\\/\\\/www.chordie.com\\\/forum\\\/profile.php?id=2555664\",\"https:\\\/\\\/www.instapaper.com\\\/p\\\/17757966\",\"https:\\\/\\\/www.mapleprimes.com\\\/users\\\/iwellguard\",\"https:\\\/\\\/businesslistingplus.com\\\/profile\\\/iwell-guard\\\/\",\"https:\\\/\\\/telegra.ph\\\/iWell-Guard-06-06\",\"https:\\\/\\\/pbase.com\\\/iwellguard\\\/iwellguard\",\"https:\\\/\\\/b.hatena.ne.jp\\\/iwellguard\\\/20260607#bookmark-4788405196491818882\",\"https:\\\/\\\/fliphtml5.com\\\/home\\\/iwellguard\",\"https:\\\/\\\/anyflip.com\\\/homepage\\\/cmiwl#About\",\"https:\\\/\\\/transfur.com\\\/Users\\\/iwellguard\",\"http:\\\/\\\/delphi.larsbo.org\\\/user\\\/iwellguard\",\"https:\\\/\\\/jobs.lajobsportal.org\\\/profiles\\\/8380803-iwell-guard\",\"https:\\\/\\\/md.chaosdorf.de\\\/s\\\/jfbe5SBdJD\",\"https:\\\/\\\/www.lingvolive.com\\\/en-us\\\/profile\\\/9ecaeaca-ce11-4e51-9e71-01d55e2bff36\\\/translations\",\"https:\\\/\\\/www.fitday.com\\\/fitness\\\/forums\\\/members\\\/iwellguard.html\",\"https:\\\/\\\/www.mymeetbook.com\\\/iwellguard\",\"https:\\\/\\\/pxhere.com\\\/en\\\/photographer-me\\\/5040798\",\"https:\\\/\\\/disqus.com\\\/by\\\/iwellguard\\\/about\\\/\",\"https:\\\/\\\/pastelink.net\\\/hjwciqwq\",\"https:\\\/\\\/pubhtml5.com\\\/homepage\\\/scjhn\\\/\",\"https:\\\/\\\/www.bitchute.com\\\/channel\\\/2O2eOKzNqujT\",\"https:\\\/\\\/audiomack.com\\\/iwellguard\"]},{\"@type\":\"Article\",\"@id\":\"https:\\\/\\\/iwell-guard.com\\\/is\\\/apu-ausangate-fjallgud-andesfjalla\\\/#article\",\"isPartOf\":{\"@id\":\"https:\\\/\\\/iwell-guard.com\\\/is\\\/apu-ausangate-fjallgud-andesfjalla\\\/\"},\"author\":{\"name\":\"Ralf Ittermann\",\"@id\":\"https:\\\/\\\/iwell-guard.com\\\/is\\\/#\\\/schema\\\/person\\\/ee2a27f1cac3406c7c6fb5820cb7349f\"},\"headline\":\"Apu Ausangate \u2013 fjallgu\u00f0 Andesfjalla\",\"datePublished\":\"2026-09-05T14:04:07+00:00\",\"dateModified\":\"2026-09-05T14:23:00+00:00\",\"mainEntityOfPage\":{\"@id\":\"https:\\\/\\\/iwell-guard.com\\\/is\\\/apu-ausangate-fjallgud-andesfjalla\\\/\"},\"publisher\":{\"@id\":\"https:\\\/\\\/iwell-guard.com\\\/is\\\/#organization\"},\"image\":{\"@id\":\"https:\\\/\\\/iwell-guard.com\\\/is\\\/apu-ausangate-fjallgud-andesfjalla\\\/#primaryimage\"},\"thumbnailUrl\":\"https:\\\/\\\/iwell-guard.com\\\/wp-content\\\/uploads\\\/2026\\\/05\\\/geister_anden-inka_apu-ausangate.webp\",\"inLanguage\":\"is\",\"description\":\"Apu Ausangate er h\u00e6sti fjallgu\u00f0 su\u00f0ur-per\u00faskra Andesfjalla, mi\u00f0l\u00e6gur tilv\u00edsunarpunktur h\u00e1lendisb\u00e6nda og Qoyllur-Riti-p\u00edlagr\u00edmsg\u00f6ngunnar.\"}]}<\/script>\n<!-- \/ Yoast SEO Premium plugin. -->","yoast_head_json":{"title":"Apu Ausangate \u2013 fjallgu\u00f0 Andesfjalla","description":"Apu Ausangate er h\u00e6sti fjallgu\u00f0 su\u00f0ur-per\u00faskra Andesfjalla, mi\u00f0l\u00e6gur tilv\u00edsunarpunktur h\u00e1lendisb\u00e6nda og Qoyllur-Riti-p\u00edlagr\u00edmsg\u00f6ngunnar.","robots":{"index":"index","follow":"follow","max-snippet":"max-snippet:-1","max-image-preview":"max-image-preview:large","max-video-preview":"max-video-preview:-1"},"canonical":"https:\/\/iwell-guard.com\/is\/apu-ausangate-fjallgud-andesfjalla\/","og_locale":"is_IS","og_type":"article","og_title":"Apu Ausangate \u2013 fjallgu\u00f0 Andesfjalla","og_description":"Apu Ausangate er h\u00e6sti fjallgu\u00f0 su\u00f0ur-per\u00faskra Andesfjalla, mi\u00f0l\u00e6gur tilv\u00edsunarpunktur h\u00e1lendisb\u00e6nda og Qoyllur-Riti-p\u00edlagr\u00edmsg\u00f6ngunnar.","og_url":"https:\/\/iwell-guard.com\/is\/apu-ausangate-fjallgud-andesfjalla\/","og_site_name":"iWell Guard","article_modified_time":"2026-09-05T14:23:00+00:00","og_image":[{"width":1024,"height":1536,"url":"https:\/\/iwell-guard.com\/wp-content\/uploads\/2026\/05\/geister_anden-inka_apu-ausangate.webp","type":"image\/webp"}],"twitter_card":"summary_large_image","schema":{"@context":"https:\/\/schema.org","@graph":[{"@type":"Article","@id":"https:\/\/iwell-guard.com\/is\/apu-ausangate-fjallgud-andesfjalla\/#article","isPartOf":{"@id":"https:\/\/iwell-guard.com\/is\/apu-ausangate-fjallgud-andesfjalla\/"},"author":{"name":"Ralf Ittermann","@id":"https:\/\/iwell-guard.com\/is\/#\/schema\/person\/ee2a27f1cac3406c7c6fb5820cb7349f"},"headline":"Apu Ausangate \u2013 fjallgu\u00f0 Andesfjalla","datePublished":"2026-09-05T14:04:07+00:00","dateModified":"2026-09-05T14:23:00+00:00","mainEntityOfPage":{"@id":"https:\/\/iwell-guard.com\/is\/apu-ausangate-fjallgud-andesfjalla\/"},"publisher":{"@id":"https:\/\/iwell-guard.com\/is\/#organization"},"image":{"@id":"https:\/\/iwell-guard.com\/is\/apu-ausangate-fjallgud-andesfjalla\/#primaryimage"},"thumbnailUrl":"https:\/\/iwell-guard.com\/wp-content\/uploads\/2026\/05\/geister_anden-inka_apu-ausangate.webp","inLanguage":"is","description":"Apu Ausangate er h\u00e6sti fjallgu\u00f0 su\u00f0ur-per\u00faskra Andesfjalla, mi\u00f0l\u00e6gur tilv\u00edsunarpunktur h\u00e1lendisb\u00e6nda og Qoyllur-Riti-p\u00edlagr\u00edmsg\u00f6ngunnar."},{"@type":"WebPage","@id":"https:\/\/iwell-guard.com\/is\/apu-ausangate-fjallgud-andesfjalla\/","url":"https:\/\/iwell-guard.com\/is\/apu-ausangate-fjallgud-andesfjalla\/","name":"Apu Ausangate \u2013 fjallgu\u00f0 Andesfjalla","isPartOf":{"@id":"https:\/\/iwell-guard.com\/is\/#website"},"primaryImageOfPage":{"@id":"https:\/\/iwell-guard.com\/is\/apu-ausangate-fjallgud-andesfjalla\/#primaryimage"},"image":{"@id":"https:\/\/iwell-guard.com\/is\/apu-ausangate-fjallgud-andesfjalla\/#primaryimage"},"thumbnailUrl":"https:\/\/iwell-guard.com\/wp-content\/uploads\/2026\/05\/geister_anden-inka_apu-ausangate.webp","datePublished":"2026-09-05T14:04:07+00:00","dateModified":"2026-09-05T14:23:00+00:00","description":"Apu Ausangate er h\u00e6sti fjallgu\u00f0 su\u00f0ur-per\u00faskra Andesfjalla, mi\u00f0l\u00e6gur tilv\u00edsunarpunktur h\u00e1lendisb\u00e6nda og Qoyllur-Riti-p\u00edlagr\u00edmsg\u00f6ngunnar.","breadcrumb":{"@id":"https:\/\/iwell-guard.com\/is\/apu-ausangate-fjallgud-andesfjalla\/#breadcrumb"},"inLanguage":"is","potentialAction":[{"@type":"ReadAction","target":["https:\/\/iwell-guard.com\/is\/apu-ausangate-fjallgud-andesfjalla\/"]}]},{"@type":"ImageObject","inLanguage":"is","@id":"https:\/\/iwell-guard.com\/is\/apu-ausangate-fjallgud-andesfjalla\/#primaryimage","url":"https:\/\/iwell-guard.com\/wp-content\/uploads\/2026\/05\/geister_anden-inka_apu-ausangate.webp","contentUrl":"https:\/\/iwell-guard.com\/wp-content\/uploads\/2026\/05\/geister_anden-inka_apu-ausangate.webp","width":1024,"height":1536,"caption":"Andar fr\u00e1 Andes-inka-hef\u00f0inni."},{"@type":"BreadcrumbList","@id":"https:\/\/iwell-guard.com\/is\/apu-ausangate-fjallgud-andesfjalla\/#breadcrumb","itemListElement":[{"@type":"ListItem","position":1,"name":"Start","item":"https:\/\/iwell-guard.com\/is\/?page_id=168580"},{"@type":"ListItem","position":2,"name":"Apu Ausangate \u2013 fjallgu\u00f0 Andesfjalla"}]},{"@type":"WebSite","@id":"https:\/\/iwell-guard.com\/is\/#website","url":"https:\/\/iwell-guard.com\/is\/","name":"iWell Guard","description":"Schutz vor dunklen Einfl\u00fcssen","publisher":{"@id":"https:\/\/iwell-guard.com\/is\/#organization"},"potentialAction":[{"@type":"SearchAction","target":{"@type":"EntryPoint","urlTemplate":"https:\/\/iwell-guard.com\/is\/?s={search_term_string}"},"query-input":{"@type":"PropertyValueSpecification","valueRequired":true,"valueName":"search_term_string"}}],"inLanguage":"is"},{"@type":"Organization","@id":"https:\/\/iwell-guard.com\/is\/#organization","name":"Ittermann electronic GmbH","url":"https:\/\/iwell-guard.com\/is\/","logo":{"@type":"ImageObject","inLanguage":"is","@id":"https:\/\/iwell-guard.com\/is\/#\/schema\/logo\/image\/","url":"https:\/\/iwell-guard.com\/wp-content\/uploads\/2026\/05\/Ittermann-Logo-1182x237-1.png","contentUrl":"https:\/\/iwell-guard.com\/wp-content\/uploads\/2026\/05\/Ittermann-Logo-1182x237-1.png","width":1182,"height":237,"caption":"Ittermann electronic GmbH"},"image":{"@id":"https:\/\/iwell-guard.com\/is\/#\/schema\/logo\/image\/"},"sameAs":["https:\/\/pantip.com\/profile\/9367242","https:\/\/micro.blog\/iwellguard","https:\/\/www.diggerslist.com\/iwellguard\/about","https:\/\/skitterphoto.com\/photographers\/2870314\/iwell-guard","https:\/\/iwellguard.wordpress.com\/2026\/06\/06\/iwell-guard\/","https:\/\/hub.docker.com\/u\/iwellguard","https:\/\/www.pinterest.com\/iwellguard\/","https:\/\/bit.ly\/m\/iwellguard","https:\/\/entre-vos-mains.alsace.eu\/profiles\/iwellguard\/activity","https:\/\/gravatar.com\/reallybeded8fd34","https:\/\/naijamatta.com\/iwellguard","https:\/\/www.goodreads.com\/iwellguard","https:\/\/profile.hatena.ne.jp\/iwellguard\/","https:\/\/experiment.com\/users\/iwellguard","https:\/\/wakelet.com\/@iWellGuard82270","https:\/\/www.chordie.com\/forum\/profile.php?id=2555664","https:\/\/www.instapaper.com\/p\/17757966","https:\/\/www.mapleprimes.com\/users\/iwellguard","https:\/\/businesslistingplus.com\/profile\/iwell-guard\/","https:\/\/telegra.ph\/iWell-Guard-06-06","https:\/\/pbase.com\/iwellguard\/iwellguard","https:\/\/b.hatena.ne.jp\/iwellguard\/20260607#bookmark-4788405196491818882","https:\/\/fliphtml5.com\/home\/iwellguard","https:\/\/anyflip.com\/homepage\/cmiwl#About","https:\/\/transfur.com\/Users\/iwellguard","http:\/\/delphi.larsbo.org\/user\/iwellguard","https:\/\/jobs.lajobsportal.org\/profiles\/8380803-iwell-guard","https:\/\/md.chaosdorf.de\/s\/jfbe5SBdJD","https:\/\/www.lingvolive.com\/en-us\/profile\/9ecaeaca-ce11-4e51-9e71-01d55e2bff36\/translations","https:\/\/www.fitday.com\/fitness\/forums\/members\/iwellguard.html","https:\/\/www.mymeetbook.com\/iwellguard","https:\/\/pxhere.com\/en\/photographer-me\/5040798","https:\/\/disqus.com\/by\/iwellguard\/about\/","https:\/\/pastelink.net\/hjwciqwq","https:\/\/pubhtml5.com\/homepage\/scjhn\/","https:\/\/www.bitchute.com\/channel\/2O2eOKzNqujT","https:\/\/audiomack.com\/iwellguard"]},{"@type":"Person","@id":"https:\/\/iwell-guard.com\/is\/#\/schema\/person\/ee2a27f1cac3406c7c6fb5820cb7349f","name":"Ralf Ittermann","image":{"@type":"ImageObject","inLanguage":"is","@id":"https:\/\/secure.gravatar.com\/avatar\/073c0153e350a5005b68eb752b445fea71f6b24a26da9449ad7e155e6b446c9d?s=96&d=mm&r=g","url":"https:\/\/secure.gravatar.com\/avatar\/073c0153e350a5005b68eb752b445fea71f6b24a26da9449ad7e155e6b446c9d?s=96&d=mm&r=g","contentUrl":"https:\/\/secure.gravatar.com\/avatar\/073c0153e350a5005b68eb752b445fea71f6b24a26da9449ad7e155e6b446c9d?s=96&d=mm&r=g","caption":"Ralf Ittermann"},"givenName":"Ralf","familyName":"Ittermann","jobTitle":"Gesch\u00e4ftsf\u00fchrer und redaktioneller Verantwortlicher","url":"https:\/\/iwell-guard.com\/is\/author\/claude\/","description":"Ralf Ittermann ist Gesch\u00e4ftsf\u00fchrer der Ittermann electronic GmbH und redaktioneller Verantwortlicher des iWell-Guard-Lexikons. Er verbindet langj\u00e4hrige Erfahrung in der Pr\u00e4zisionsfertigung mit medialer Praxis und religionsgeschichtlicher Quellenarbeit.","worksFor":{"@type":"Organization","name":"Ittermann electronic GmbH","url":"https:\/\/ittermann.de\/","address":{"@type":"PostalAddress","streetAddress":"K\u00f6hlergasse 16-18","postalCode":"99842","addressLocality":"Ruhla","addressCountry":"DE"}},"knowsAbout":["Religionsgeschichte","Mythologie","Mediale Praxis","Energetische Diagnostik","Schutzpraxis","Volksglauben","Westliche Esoterik"]},{"@type":"Article","@id":"https:\/\/iwell-guard.com\/is\/apu-ausangate-fjallgud-andesfjalla\/#article","isPartOf":{"@id":"https:\/\/iwell-guard.com\/is\/apu-ausangate-fjallgud-andesfjalla\/"},"author":{"name":"Ralf Ittermann","@id":"https:\/\/iwell-guard.com\/is\/#\/schema\/person\/ee2a27f1cac3406c7c6fb5820cb7349f"},"headline":"Apu Ausangate \u2013 fjallgu\u00f0 Andesfjalla","datePublished":"2026-09-05T14:04:07+00:00","dateModified":"2026-09-05T14:23:00+00:00","mainEntityOfPage":{"@id":"https:\/\/iwell-guard.com\/is\/apu-ausangate-fjallgud-andesfjalla\/"},"publisher":{"@id":"https:\/\/iwell-guard.com\/is\/#organization"},"image":{"@id":"https:\/\/iwell-guard.com\/is\/apu-ausangate-fjallgud-andesfjalla\/#primaryimage"},"thumbnailUrl":"https:\/\/iwell-guard.com\/wp-content\/uploads\/2026\/05\/geister_anden-inka_apu-ausangate.webp","inLanguage":"is","description":"Apu Ausangate er h\u00e6sti fjallgu\u00f0 su\u00f0ur-per\u00faskra Andesfjalla, mi\u00f0l\u00e6gur tilv\u00edsunarpunktur h\u00e1lendisb\u00e6nda og Qoyllur-Riti-p\u00edlagr\u00edmsg\u00f6ngunnar."}]}},"_links":{"self":[{"href":"https:\/\/iwell-guard.com\/is\/wp-json\/wp\/v2\/pages\/168927","targetHints":{"allow":["GET"]}}],"collection":[{"href":"https:\/\/iwell-guard.com\/is\/wp-json\/wp\/v2\/pages"}],"about":[{"href":"https:\/\/iwell-guard.com\/is\/wp-json\/wp\/v2\/types\/page"}],"author":[{"embeddable":true,"href":"https:\/\/iwell-guard.com\/is\/wp-json\/wp\/v2\/users\/3"}],"replies":[{"embeddable":true,"href":"https:\/\/iwell-guard.com\/is\/wp-json\/wp\/v2\/comments?post=168927"}],"version-history":[{"count":0,"href":"https:\/\/iwell-guard.com\/is\/wp-json\/wp\/v2\/pages\/168927\/revisions"}],"wp:featuredmedia":[{"embeddable":true,"href":"https:\/\/iwell-guard.com\/is\/wp-json\/wp\/v2\/media\/2674"}],"wp:attachment":[{"href":"https:\/\/iwell-guard.com\/is\/wp-json\/wp\/v2\/media?parent=168927"}],"wp:term":[{"taxonomy":"category","embeddable":true,"href":"https:\/\/iwell-guard.com\/is\/wp-json\/wp\/v2\/categories?post=168927"}],"curies":[{"name":"wp","href":"https:\/\/api.w.org\/{rel}","templated":true}]}}