{"id":168926,"date":"2026-09-05T14:04:07","date_gmt":"2026-09-05T14:04:07","guid":{"rendered":"https:\/\/iwell-guard.com\/?page_id=168926"},"modified":"2026-09-05T14:22:59","modified_gmt":"2026-09-05T14:22:59","slug":"mama-cocha-hafgydja-andesfjalla","status":"publish","type":"page","link":"https:\/\/iwell-guard.com\/is\/mama-cocha-hafgydja-andesfjalla\/","title":{"rendered":"Mama Cocha \u2013 hafgy\u00f0ja Andesfjalla"},"content":{"rendered":"\t\t<div data-elementor-type=\"wp-page\" data-elementor-id=\"168926\" class=\"elementor elementor-168926 elementor-2581 elementor-bc-flex-widget\" data-elementor-post-type=\"page\">\n\t\t\t\t<div class=\"elementor-element elementor-element-iwgw-mamacocha-hero e-flex e-con-boxed e-con e-parent\" data-id=\"iwgw-mamacocha-hero\" data-element_type=\"container\" data-e-type=\"container\" data-settings=\"{&quot;background_background&quot;:&quot;classic&quot;}\">\n\t\t\t\t\t<div class=\"e-con-inner\">\n\t\t<div class=\"elementor-element elementor-element-iwgw-mamacocha-hl e-flex e-con-boxed e-con e-child\" data-id=\"iwgw-mamacocha-hl\" data-element_type=\"container\" data-e-type=\"container\">\n\t\t\t\t\t<div class=\"e-con-inner\">\n\t\t<div class=\"elementor-element elementor-element-iwgw-mamacocha-htxt e-con-full e-flex e-con e-child\" data-id=\"iwgw-mamacocha-htxt\" data-element_type=\"container\" data-e-type=\"container\">\n\t\t\t\t<div class=\"elementor-element elementor-element-iwgw-mamacocha-h1 elementor-widget elementor-widget-heading\" data-id=\"iwgw-mamacocha-h1\" data-element_type=\"widget\" data-e-type=\"widget\" data-widget_type=\"heading.default\">\n\t\t\t\t\t<h1 class=\"elementor-heading-title elementor-size-default\">Mama Cocha, hafgy\u00f0ja og vatnam\u00f3\u00f0ir strandmenningar Andesfjalla<\/h1>\t\t\t\t<\/div>\n\t\t\t\t<div class=\"elementor-element elementor-element-iwgw-mamacocha-lead elementor-widget elementor-widget-text-editor\" data-id=\"iwgw-mamacocha-lead\" data-element_type=\"widget\" data-e-type=\"widget\" data-widget_type=\"text-editor.default\">\n\t\t\t\t\t\t\t\t\t<p>Mama Cocha (quechua <em>Mama Qucha<\/em>, \u201em\u00f3\u00f0ir hafsins\u201c, \u201ehafm\u00f3\u00f0ir\u201c) er hafs- og vatnsgy\u00f0ja Andesfjalla. Fyrir strandbygg\u00f0 fiskisamf\u00e9l\u00f6g \u00ed Per\u00fa fyrir t\u00edma Sp\u00e1nverja og fyrir saltvinnsluf\u00f3lk var h\u00fan hin mi\u00f0l\u00e6ga tr\u00faarlega vi\u00f0mi\u00f0unarf\u00edg\u00fara, a\u00f0 \u00fe\u00fd\u00f0ingu samb\u00e6rileg <a href=\"https:\/\/iwell-guard.com\/is\/?page_id=168920\">Pachamama<\/a> fyrir b\u00e6ndur \u00ed h\u00e1l\u00f6ndunum.<\/p>\t\t\t\t\t\t\t\t<\/div>\n\t\t\t\t<\/div>\n\t\t<div class=\"elementor-element elementor-element-iwgw-mamacocha-pillc e-con-full e-flex e-con e-child\" data-id=\"iwgw-mamacocha-pillc\" data-element_type=\"container\" data-e-type=\"container\">\n\t\t\t\t<div class=\"elementor-element elementor-element-iwgw-mamacocha-pills elementor-widget elementor-widget-html\" data-id=\"iwgw-mamacocha-pills\" data-element_type=\"widget\" data-e-type=\"widget\" data-widget_type=\"html.default\">\n\t\t\t\t\t<div class=\"iwg-pill-row\"><span class=\"iwg-klasse-badge\" tabindex=\"0\" data-tooltip=\"Gy\u00f0ja \u00ed hef\u00f0 Andesfjalla \/ Inka.\">Gy\u00f0ja<\/span><a href=\"https:\/\/iwell-guard.com\/is\/?page_id=168909\" class=\"iwg-kultur-badge\" tabindex=\"0\" data-tooltip=\"Go\u00f0afr\u00e6\u00f0i hef\u00f0ar Andesfjalla \/ Inka.\">Andesfj\u00f6ll \/ Inka<\/a><span class=\"iwg-tradition-badge\" tabindex=\"0\" data-tooltip=\"Vatnsgy\u00f0ja.\">Vatnsgy\u00f0ja<\/span><\/div>\t\t\t\t<\/div>\n\t\t\t\t<\/div>\n\t\t<div class=\"elementor-element elementor-element-iwgw-mamacocha-tocc e-con-full e-flex e-con e-child\" data-id=\"iwgw-mamacocha-tocc\" data-element_type=\"container\" data-e-type=\"container\">\n\t\t\t\t<div class=\"elementor-element elementor-element-iwgw-mamacocha-toc elementor-toc--minimized-on-tablet elementor-widget elementor-widget-table-of-contents\" data-id=\"iwgw-mamacocha-toc\" data-element_type=\"widget\" data-e-type=\"widget\" data-settings=\"{&quot;headings_by_tags&quot;:[&quot;h2&quot;,&quot;h3&quot;],&quot;minimize_box&quot;:&quot;yes&quot;,&quot;marker_view&quot;:&quot;bullets&quot;,&quot;no_headings_message&quot;:&quot;Engar undirfyrirsagnir fundust \\u00e1 \\u00feessari s\\u00ed\\u00f0u.&quot;,&quot;exclude_headings_by_selector&quot;:[],&quot;icon&quot;:{&quot;value&quot;:&quot;fas fa-circle&quot;,&quot;library&quot;:&quot;fa-solid&quot;,&quot;rendered_tag&quot;:&quot;&lt;svg class=\\&quot;e-font-icon-svg e-fas-circle\\&quot; viewBox=\\&quot;0 0 512 512\\&quot; xmlns=\\&quot;http:\\\/\\\/www.w3.org\\\/2000\\\/svg\\&quot;&gt;&lt;path d=\\&quot;M256 8C119 8 8 119 8 256s111 248 248 248 248-111 248-248S393 8 256 8z\\&quot;&gt;&lt;\\\/path&gt;&lt;\\\/svg&gt;&quot;},&quot;minimized_on&quot;:&quot;tablet&quot;,&quot;hierarchical_view&quot;:&quot;yes&quot;,&quot;min_height&quot;:{&quot;unit&quot;:&quot;px&quot;,&quot;size&quot;:&quot;&quot;,&quot;sizes&quot;:[]},&quot;min_height_tablet&quot;:{&quot;unit&quot;:&quot;px&quot;,&quot;size&quot;:&quot;&quot;,&quot;sizes&quot;:[]},&quot;min_height_mobile&quot;:{&quot;unit&quot;:&quot;px&quot;,&quot;size&quot;:&quot;&quot;,&quot;sizes&quot;:[]}}\" data-widget_type=\"table-of-contents.default\">\n\t\t\t\t\t\t\t\t\t<div class=\"elementor-toc__header\">\n\t\t\t\t\t\t<h2 class=\"elementor-toc__header-title\">\n\t\t\t\tEfnisyfirlit\t\t\t<\/h2>\n\t\t\t\t\t\t\t\t\t\t<div class=\"elementor-toc__toggle-button elementor-toc__toggle-button--expand\" role=\"button\" tabindex=\"0\" aria-controls=\"elementor-toc__iwgw-mamacocha-toc\" aria-expanded=\"true\" aria-label=\"Open table of contents\"><svg aria-hidden=\"true\" class=\"e-font-icon-svg e-fas-chevron-down\" viewBox=\"0 0 448 512\" xmlns=\"http:\/\/www.w3.org\/2000\/svg\"><path d=\"M207.029 381.476L12.686 187.132c-9.373-9.373-9.373-24.569 0-33.941l22.667-22.667c9.357-9.357 24.522-9.375 33.901-.04L224 284.505l154.745-154.021c9.379-9.335 24.544-9.317 33.901.04l22.667 22.667c9.373 9.373 9.373 24.569 0 33.941L240.971 381.476c-9.373 9.372-24.569 9.372-33.942 0z\"><\/path><\/svg><\/div>\n\t\t\t\t<div class=\"elementor-toc__toggle-button elementor-toc__toggle-button--collapse\" role=\"button\" tabindex=\"0\" aria-controls=\"elementor-toc__iwgw-mamacocha-toc\" aria-expanded=\"true\" aria-label=\"Close table of contents\"><svg aria-hidden=\"true\" class=\"e-font-icon-svg e-fas-chevron-up\" viewBox=\"0 0 448 512\" xmlns=\"http:\/\/www.w3.org\/2000\/svg\"><path d=\"M240.971 130.524l194.343 194.343c9.373 9.373 9.373 24.569 0 33.941l-22.667 22.667c-9.357 9.357-24.522 9.375-33.901.04L224 227.495 69.255 381.516c-9.379 9.335-24.544 9.317-33.901-.04l-22.667-22.667c-9.373-9.373-9.373-24.569 0-33.941L207.03 130.525c9.372-9.373 24.568-9.373 33.941-.001z\"><\/path><\/svg><\/div>\n\t\t\t\t\t<\/div>\n\t\t\t\t<div id=\"elementor-toc__iwgw-mamacocha-toc\" class=\"elementor-toc__body\">\n\t\t\t<div class=\"elementor-toc__spinner-container\">\n\t\t\t\t<svg class=\"elementor-toc__spinner eicon-animation-spin e-font-icon-svg e-eicon-loading\" aria-hidden=\"true\" viewBox=\"0 0 1000 1000\" xmlns=\"http:\/\/www.w3.org\/2000\/svg\"><path d=\"M500 975V858C696 858 858 696 858 500S696 142 500 142 142 304 142 500H25C25 237 238 25 500 25S975 237 975 500 763 975 500 975Z\"><\/path><\/svg>\t\t\t<\/div>\n\t\t<\/div>\n\t\t\t\t\t\t<\/div>\n\t\t\t\t<\/div>\n\t\t\t\t\t<\/div>\n\t\t\t\t<\/div>\n\t\t<div class=\"elementor-element elementor-element-iwgw-mamacocha-hr e-con-full e-flex e-con e-child\" data-id=\"iwgw-mamacocha-hr\" data-element_type=\"container\" data-e-type=\"container\">\n\t\t\t\t<div class=\"elementor-element elementor-element-iwgw-mamacocha-heroimg iwg-hero-image elementor-widget elementor-widget-image\" data-id=\"iwgw-mamacocha-heroimg\" data-element_type=\"widget\" data-e-type=\"widget\" data-widget_type=\"image.default\">\n\t\t\t\t\t\t\t\t\t\t\t\t\t\t\t<img fetchpriority=\"high\" decoding=\"async\" width=\"683\" height=\"1024\" src=\"https:\/\/iwell-guard.com\/wp-content\/uploads\/2026\/05\/goetter_anden-inka_mama-cocha-683x1024.webp\" class=\"attachment-large size-large wp-image-170863\" alt=\"Mama Cocha - gu\u00f0ir \u00far and-inka-hef\u00f0inni, s\u00f6gulega myndskreytt\" srcset=\"https:\/\/iwell-guard.com\/wp-content\/uploads\/2026\/05\/goetter_anden-inka_mama-cocha-683x1024.webp 683w, https:\/\/iwell-guard.com\/wp-content\/uploads\/2026\/05\/goetter_anden-inka_mama-cocha-200x300.webp 200w, https:\/\/iwell-guard.com\/wp-content\/uploads\/2026\/05\/goetter_anden-inka_mama-cocha-768x1152.webp 768w, https:\/\/iwell-guard.com\/wp-content\/uploads\/2026\/05\/goetter_anden-inka_mama-cocha.webp 1024w\" sizes=\"(max-width: 683px) 100vw, 683px\" \/>\t\t\t\t\t\t\t\t\t\t\t\t\t\t\t<\/div>\n\t\t\t\t<\/div>\n\t\t\t\t\t<\/div>\n\t\t\t\t<\/div>\n\t\t<div class=\"elementor-element elementor-element-iwgw-mamacocha-s0 e-flex e-con-boxed e-con e-parent\" data-id=\"iwgw-mamacocha-s0\" data-element_type=\"container\" data-e-type=\"container\">\n\t\t\t\t\t<div class=\"e-con-inner\">\n\t\t\t\t<div class=\"elementor-element elementor-element-iwgw-mamacocha-s0h elementor-widget elementor-widget-heading\" data-id=\"iwgw-mamacocha-s0h\" data-element_type=\"widget\" data-e-type=\"widget\" data-widget_type=\"heading.default\">\n\t\t\t\t\t<h2 class=\"elementor-heading-title elementor-size-default\">Sta\u00f0a \u00ed and\u00edsku pantheoninu<\/h2>\t\t\t\t<\/div>\n\t\t<div class=\"elementor-element elementor-element-iwgw-mamacocha-s0c e-con-full e-flex e-con e-child\" data-id=\"iwgw-mamacocha-s0c\" data-element_type=\"container\" data-e-type=\"container\">\n\t\t\t\t<div class=\"elementor-element elementor-element-iwgw-mamacocha-s0t elementor-widget elementor-widget-text-editor\" data-id=\"iwgw-mamacocha-s0t\" data-element_type=\"widget\" data-e-type=\"widget\" data-widget_type=\"text-editor.default\">\n\t\t\t\t\t\t\t\t\t<p>Mama Cocha telst til mikilv\u00e6gustu kvenlegu h\u00f6fu\u00f0go\u00f0magna \u00ed go\u00f0aheimi Andesfjalla, vi\u00f0 hli\u00f0 Pachamama og m\u00e1nagy\u00f0junnar <a href=\"https:\/\/iwell-guard.com\/is\/?page_id=168922\">Mama Killa<\/a>. H\u00fan er hin pers\u00f3nuger\u00f0a heilaga vera alls vatns, Kyrrahafsins, hinna st\u00f3ru h\u00e1lendisvatna eins og Titicaca-vatnsins, fjallal\u00e6kja og lindarvatns.<\/p><p>Tr\u00faarfr\u00e6\u00f0ilega tilheyrir h\u00fan hinum v\u00ed\u00f0a flokki vatns- og hafgy\u00f0ja, sem hafa fram\u00farskarandi st\u00f6\u00f0u \u00ed n\u00e6r \u00f6llum strandmenningum heims. Byggingarlega samb\u00e6rilegar eru gr\u00edska Amf\u00edtr\u00edta, r\u00f3mverska Salacia, japanska Toyotama-hime, afr\u00f3-brasil\u00edska Yemay\u00e1 og, me\u00f0 nokku\u00f0 \u00f6\u00f0rum h\u00e6tti, p\u00f3l\u00fdnes\u00edska Hina-f\u00edg\u00faran.<\/p><p>Mama Cocha sker sig fr\u00e1 \u00feessum hli\u00f0st\u00e6\u00f0um me\u00f0 tv\u00f6faldri virkni sinni sem hafs- og ferskvatnsgy\u00f0ja, en \u00ed hinum hef\u00f0unum er \u00feessu venjulega skipt \u00e1 milli tveggja a\u00f0skildra vera.<\/p><p>\u00cd r\u00edkisd\u00fdrkun Inkat\u00edmans var Mama Cocha ein af fj\u00f3rum \u00e6\u00f0stu kvengo\u00f0m\u00f6gnunum. \u00cd Coricancha \u00ed Cusco var s\u00e9rstakt Mama Cocha-<span class=\"iwg-fachbegriff\" data-tooltip=\"L\u00edtill heilagur helgireitur e\u00f0a b\u00e6nasta\u00f0ur.\" tabindex=\"0\">helgiskr\u00edn<\/span> vi\u00f0 hli\u00f0ina \u00e1 Mama Killa-<span class=\"iwg-fachbegriff\" data-tooltip=\"Bygging sem er notu\u00f0 til d\u00fdrkunar \u00e1 einu e\u00f0a fleiri go\u00f0m\u00f6gnum.\" tabindex=\"0\">hofinu<\/span>. Garcilaso de la Vega og Bernab\u00e9 Cobo greina fr\u00e1 \u00fev\u00ed a\u00f0 \u00feetta <span class=\"iwg-fachbegriff\" data-tooltip=\"L\u00edtill heilagur helgireitur e\u00f0a b\u00e6nasta\u00f0ur.\" tabindex=\"0\">helgiskr\u00edn<\/span> hafi veri\u00f0 skreytt silfurinnleggi \u00ed skeljal\u00edki, sem tj\u00e1\u00f0i myndr\u00e6nt hina sj\u00f3bundnu merkingu gy\u00f0junnar.<\/p><p><span class=\"iwg-fachbegriff\" data-tooltip=\"Fr\u00e6\u00f0ileg kenning um gu\u00f0 og tr\u00fa innan tr\u00faarbrag\u00f0a.\" tabindex=\"0\">Gu\u00f0fr\u00e6\u00f0i<\/span> Inkat\u00edmans tengdi Mama Cocha n\u00e1i\u00f0 vi\u00f0 hugmyndina um vatnshringr\u00e1sina: vatn Kyrrahafsins st\u00edgur upp sem heimsleg gufa til nor\u00f0urs, ver\u00f0ur a\u00f0 himneskri v\u00e6tu \u00e1 sv\u00e6\u00f0i Vetrarbrautarins, fellur sem regn yfir Andesfj\u00f6ll aftur til jar\u00f0ar og skilar s\u00e9r um fjallal\u00e6ki aftur til hafsins.<\/p><p>Mama Cocha er hin pers\u00f3nuger\u00f0a heilaga vera \u00feessarar heildar vatnshringr\u00e1sar, ekki bara sj\u00e1varenda hennar. Gary Urton hefur \u00fatf\u00e6rt \u00feessa heimsfr\u00e6\u00f0ilegu vatns-<span class=\"iwg-fachbegriff\" data-tooltip=\"Fr\u00e6\u00f0ileg kenning um gu\u00f0 og tr\u00fa innan tr\u00faarbrag\u00f0a.\" tabindex=\"0\">gu\u00f0fr\u00e6\u00f0i<\/span> \u00ed <em>The Cosmos of the Quechua<\/em> (1981).<\/p>\t\t\t\t\t\t\t\t<\/div>\n\t\t\t\t<\/div>\n\t\t\t\t\t<\/div>\n\t\t\t\t<\/div>\n\t\t<div class=\"elementor-element elementor-element-iwgw-mamacocha-s1 e-flex e-con-boxed e-con e-parent\" data-id=\"iwgw-mamacocha-s1\" data-element_type=\"container\" data-e-type=\"container\">\n\t\t\t\t\t<div class=\"e-con-inner\">\n\t\t\t\t<div class=\"elementor-element elementor-element-iwgw-mamacocha-s1h elementor-widget elementor-widget-heading\" data-id=\"iwgw-mamacocha-s1h\" data-element_type=\"widget\" data-e-type=\"widget\" data-widget_type=\"heading.default\">\n\t\t\t\t\t<h2 class=\"elementor-heading-title elementor-size-default\">Nafn og or\u00f0sifjar<\/h2>\t\t\t\t<\/div>\n\t\t<div class=\"elementor-element elementor-element-iwgw-mamacocha-s1c e-con-full e-flex e-con e-child\" data-id=\"iwgw-mamacocha-s1c\" data-element_type=\"container\" data-e-type=\"container\">\n\t\t\t\t<div class=\"elementor-element elementor-element-iwgw-mamacocha-s1t elementor-widget elementor-widget-text-editor\" data-id=\"iwgw-mamacocha-s1t\" data-element_type=\"widget\" data-e-type=\"widget\" data-widget_type=\"text-editor.default\">\n\t\t\t\t\t\t\t\t\t<p>Nafni\u00f0 <em>Mama Qucha<\/em> er quechua-myndun \u00far <em>mama<\/em> (m\u00f3\u00f0ir) og <em>qucha<\/em> (vatn, haf, hvert kyrrst\u00e6tt vatn). Diego Gonz\u00e1lez Holgu\u00edn \u00fe\u00fd\u00f0ir <em>qucha<\/em> \u00e1ri\u00f0 1608 sem <em>laguna o mar<\/em>, vatn e\u00f0a haf. \u00deannig t\u00e1knar or\u00f0i\u00f0 hvert st\u00e6rra vatnsyfirbor\u00f0 \u00f3h\u00e1\u00f0 saltinnihaldi.<\/p><p>\u00c1 aymara heitir samb\u00e6rilegt or\u00f0 <em>quta<\/em> e\u00f0a <em>cota<\/em>; sv\u00e6\u00f0isbundin gy\u00f0juafbrig\u00f0i er <em>Quta Mama<\/em>. Titicaca-vatni\u00f0 sj\u00e1lft, sem dregur nafn sitt \u00far aymara (<em>titi-qaqa<\/em>, \u201eklettur p\u00famunnar\u201c), var einn af mikilv\u00e6gustu birtingarst\u00f6\u00f0um Mama Cocha, s\u00e9rstaklega \u00ed hlutverki s\u00ednu sem f\u00e6\u00f0ingarsta\u00f0ur s\u00f3larinnar \u00ed <span class=\"iwg-fachbegriff\" data-tooltip=\"Fr\u00e1s\u00f6gn sem hefur var\u00f0veist um gu\u00f0i, uppruna og skipan heimsins.\" tabindex=\"0\">go\u00f0s\u00f6gu<\/span> Inkanna.<\/p><p>\u00cd n\u00fat\u00edma quechua-notkun hefur merking or\u00f0sins <em>qucha<\/em> v\u00edkka\u00f0 \u00fat til hvers konar vatnsgeymslu, \u00fear \u00e1 me\u00f0al gervivatns\u00fer\u00f3a og \u00e1veituskur\u00f0a. \u00deannig er Mama Cocha \u00ed tr\u00faarlegri i\u00f0kun b\u00e6nda ekki a\u00f0eins gy\u00f0ja n\u00e1tt\u00farulegra vatnsfalla, heldur einnig vatnsb\u00faskaparlegs innvi\u00f0a. \u00deessi \u00fatv\u00edkkun endurspeglar hina mi\u00f0l\u00e6gu \u00fe\u00fd\u00f0ingu \u00e1veitu \u00ed landb\u00fana\u00f0i Andesfjalla.<\/p>\t\t\t\t\t\t\t\t<\/div>\n\t\t\t\t<\/div>\n\t\t\t\t\t<\/div>\n\t\t\t\t<\/div>\n\t\t<div class=\"elementor-element elementor-element-iwgw-mamacocha-s2 e-flex e-con-boxed e-con e-parent\" data-id=\"iwgw-mamacocha-s2\" data-element_type=\"container\" data-e-type=\"container\">\n\t\t\t\t\t<div class=\"e-con-inner\">\n\t\t\t\t<div class=\"elementor-element elementor-element-iwgw-mamacocha-s2h elementor-widget elementor-widget-heading\" data-id=\"iwgw-mamacocha-s2h\" data-element_type=\"widget\" data-e-type=\"widget\" data-widget_type=\"heading.default\">\n\t\t\t\t\t<h2 class=\"elementor-heading-title elementor-size-default\">L\u00fdsing og myndm\u00e1l<\/h2>\t\t\t\t<\/div>\n\t\t<div class=\"elementor-element elementor-element-iwgw-mamacocha-s2c e-con-full e-flex e-con e-child\" data-id=\"iwgw-mamacocha-s2c\" data-element_type=\"container\" data-e-type=\"container\">\n\t\t\t\t<div class=\"elementor-element elementor-element-iwgw-mamacocha-s2t elementor-widget elementor-widget-text-editor\" data-id=\"iwgw-mamacocha-s2t\" data-element_type=\"widget\" data-e-type=\"widget\" data-widget_type=\"text-editor.default\">\n\t\t\t\t\t\t\t\t\t<p>\u00cd heimildum er Mama Cocha l\u00fdst sem gy\u00f0ju sem er ekki me\u00f0 str\u00f6ngu manngervingu. \u00cd Coricancha-<span class=\"iwg-fachbegriff\" data-tooltip=\"Bygging sem er notu\u00f0 til d\u00fdrkunar \u00e1 einu e\u00f0a fleiri go\u00f0m\u00f6gnum.\" tabindex=\"0\">hofinu<\/span> var myndskreyting hennar a\u00f0 \u00f6llum l\u00edkindum st\u00f3r silfurskel, full af vatni sem himinninn spegla\u00f0ist \u00ed. \u00deessi hugmynd, gy\u00f0jan sem endurskinsfl\u00f6tur \u00e1 milli efri og ne\u00f0ri heims, er s\u00e9rstaklega andesk og sker sig fr\u00e1 hinni manngervandi hef\u00f0 Mi\u00f0jar\u00f0arhafs hafgy\u00f0ja.<\/p><p>\u00cd Moche-menningunni fyrir t\u00edma Inka (um 100\u2013800 e.Kr.) hafa var\u00f0veist er\u00f3t\u00edsk-myndr\u00e6nt fl\u00f3knar kvenf\u00edg\u00farur me\u00f0 fiskispor\u00f0 og skeljaeinkennum, sem fornleifafr\u00e6\u00f0ilega eru oft t\u00falka\u00f0ar sem forverar Mama Cocha. Christopher Donnan l\u00fdsti \u00feessum f\u00edg\u00farum kerfisbundi\u00f0 \u00ed <em>Moche Art and Iconography<\/em> (1976), \u00e1n \u00feess a\u00f0 geta me\u00f0 vissu endurgert innra heiti \u00feeirra.<\/p><p>\u00c1 var\u00f0veittum Inka-keros (drykkjar\u00e1h\u00f6ldum) birtist Mama Cocha st\u00f6ku sinnum sem kvenf\u00edg\u00fara me\u00f0 flj\u00f3tandi lokka sem minna \u00e1 \u00f6ldur, e\u00f0a me\u00f0 vatnskrukku \u00ed hendi. \u00cd k\u00f3l\u00f3n\u00edskum Cusco-m\u00e1laralist er h\u00fan reglulega sameinu\u00f0 kristinni Mar\u00edu sj\u00f3manna (<em>Maria Stella Maris<\/em>), s\u00e9rstaklega \u00ed strandborgunum Lima, Trujillo og Arequipa.<\/p><p>S\u00e9rstaklega merkileg myndr\u00e6n sl\u00f3\u00f0 finnst \u00ed spondylus-skeljageymslum strandhelgista\u00f0a fyrir t\u00edma Sp\u00e1nverja. Rau\u00f0u og appels\u00ednugulu spondylus-skeljarnar koma fr\u00e1 hl\u00fdrri hafsv\u00e6\u00f0um Ekvador og \u00feurfti a\u00f0 flytja \u00fe\u00e6r um langar verslunarlei\u00f0ir til strandsv\u00e6\u00f0a Andesfjalla.<\/p><p>\u00de\u00e6r voru taldar efnisleg birting Mama Cocha og voru nota\u00f0ar \u00ed miklu magni \u00ed hofum, \u00ed grafargj\u00f6fum m\u00fam\u00eda og \u00ed byggingarf\u00f3rnargeymslum. Mar\u00eda Rostworowski \u00fatf\u00e6r\u00f0i \u00ed ranns\u00f3kn sinni \u00e1 Pachacamac-spondylus-hagkerfinu (1977) hina mi\u00f0l\u00e6gu helgisi\u00f0alegu \u00fe\u00fd\u00f0ingu skeljarins fyrir <span class=\"iwg-fachbegriff\" data-tooltip=\"Fr\u00e6\u00f0ileg kenning um gu\u00f0 og tr\u00fa innan tr\u00faarbrag\u00f0a.\" tabindex=\"0\">gu\u00f0fr\u00e6\u00f0i<\/span> Mama Cocha.<\/p>\t\t\t\t\t\t\t\t<\/div>\n\t\t\t\t<\/div>\n\t\t\t\t\t<\/div>\n\t\t\t\t<\/div>\n\t\t<div class=\"elementor-element elementor-element-iwgw-mamacocha-s3 e-flex e-con-boxed e-con e-parent\" data-id=\"iwgw-mamacocha-s3\" data-element_type=\"container\" data-e-type=\"container\">\n\t\t\t\t\t<div class=\"e-con-inner\">\n\t\t\t\t<div class=\"elementor-element elementor-element-iwgw-mamacocha-s3h elementor-widget elementor-widget-heading\" data-id=\"iwgw-mamacocha-s3h\" data-element_type=\"widget\" data-e-type=\"widget\" data-widget_type=\"heading.default\">\n\t\t\t\t\t<h2 class=\"elementor-heading-title elementor-size-default\">Go\u00f0sagnakenndar fr\u00e1sagnir<\/h2>\t\t\t\t<\/div>\n\t\t<div class=\"elementor-element elementor-element-iwgw-mamacocha-s3c e-con-full e-flex e-con e-child\" data-id=\"iwgw-mamacocha-s3c\" data-element_type=\"container\" data-e-type=\"container\">\n\t\t\t\t<div class=\"elementor-element elementor-element-iwgw-mamacocha-s3t elementor-widget elementor-widget-text-editor\" data-id=\"iwgw-mamacocha-s3t\" data-element_type=\"widget\" data-e-type=\"widget\" data-widget_type=\"text-editor.default\">\n\t\t\t\t\t\t\t\t\t<p>Mama Cocha kemur fram \u00ed nokkrum sk\u00f6punargo\u00f0s\u00f6gnum Inkanna. \u00cd mikilv\u00e6gustu <span class=\"iwg-fachbegriff\" data-tooltip=\"Munnleg e\u00f0a skrifleg fr\u00e1s\u00f6gn um gu\u00f0i, uppruna og skipan heimsins.\" tabindex=\"0\">go\u00f0s\u00f6gninni<\/span>, sem var\u00f0veitt er af Bernabe Cobo og Pedro Sarmiento de Gamboa, r\u00eds s\u00f3lgu\u00f0inn <a href=\"https:\/\/iwell-guard.com\/is\/?page_id=168919\">Inti<\/a> upp \u00far v\u00f6tnum Titicaca-vatns, \u00feannig a\u00f0 segja m\u00e1 \u00far skauti Mama Cocha. \u00dear me\u00f0 er Mama Cocha kosm\u00f3l\u00f3g\u00edskt eldri en s\u00f3lin og heyrir til lags veruleikans sem er \u00e1 undan s\u00f3linni.<\/p><p>\u00d6nnur go\u00f0sagnahef\u00f0, var\u00f0veitt \u00ed Huarochiri-handritinu, l\u00fdsir Mama Cocha sem eiginkonu <a href=\"https:\/\/iwell-guard.com\/is\/?page_id=168923\">Pachakamaks<\/a>, \u00e6\u00f0sta gu\u00f0s Kyrrahafsstrandarins. \u00dar \u00feessu sambandi ver\u00f0a til \u00fdmsar vatna- og fiskad\u00e6tur sem eru d\u00fdrka\u00f0ar sem l\u00e6gri gy\u00f0jur \u00f3sa vi\u00f0 str\u00f6nd Andesfjalla.<\/p><p>Sambandi\u00f0 milli Mama Cocha og Pachakamaks er a\u00f0 hluta til \u00e1takamiki\u00f0 \u00ed Huarochiri-<span class=\"iwg-fachbegriff\" data-tooltip=\"Munnleg e\u00f0a skrifleg fr\u00e1s\u00f6gn um gu\u00f0i, uppruna og skipan heimsins.\" tabindex=\"0\">go\u00f0s\u00f6gninni<\/span>: \u00deau yfirgefa hvort anna\u00f0 en finna lei\u00f0ina saman aftur, og \u00far \u00fev\u00ed er sk\u00f6pu\u00f0 orsagnask\u00fdring \u00e1 sj\u00e1varf\u00f6llum.<\/p><p>\u00deri\u00f0ji go\u00f0sagnaflokkurinn tengir Mama Cocha vi\u00f0 hina d\u00e1nu. \u00cd <span class=\"iwg-fachbegriff\" data-tooltip=\"V\u00edsindaleg fr\u00e6\u00f0i um Gu\u00f0 og tr\u00fa tiltekinna tr\u00faarbrag\u00f0a.\" tabindex=\"0\">gu\u00f0fr\u00e6\u00f0i<\/span> Inkat\u00edmans var Vesturhafi\u00f0 tali\u00f0 sv\u00e6\u00f0i s\u00f3laruppr\u00e1sar hinna dau\u00f0u: S\u00f3lin steypti s\u00e9r a\u00f0 kv\u00f6ldi \u00ed vestri ni\u00f0ur \u00ed hafi\u00f0 og synti \u00e1 n\u00f3ttunni \u00ed gegnum undirheimana til austurs, \u00feanga\u00f0 sem h\u00fan r\u00eds a\u00f0 n\u00fdju.<\/p><p>Hinir d\u00e1nu fylgja \u00feessu n\u00e6tursundi s\u00f3larinnar og eru tekin \u00e1 m\u00f3ti af Mama Cocha. \u00deetta eskatolog\u00edska hlutverk hafm\u00f3\u00f0urinnar er einnig sta\u00f0fest \u00ed greftrunarhef\u00f0um Chimu-menningarins fyrir t\u00edma Sp\u00e1nverja, en l\u00edk voru oft grafin me\u00f0 andliti\u00f0 til vesturs.<\/p><p>Fj\u00f3r\u00f0a go\u00f0sagnasamhengi\u00f0, var\u00f0veitt af Maria Rostworowski, l\u00fdsir Mama Cocha sem systur e\u00f0a tengdam\u00f3\u00f0ur <a href=\"https:\/\/iwell-guard.com\/is\/?page_id=168928\">Yacumama<\/a>, hins mikla vatnasl\u00f6ngu. \u00deessar tv\u00e6r v\u00e6ttir eru merkingarlega n\u00e1in hvor annarri og eru \u00ed nokkrum \u00feorpum d\u00fdrka\u00f0ar \u00ed sameiginlegri vatnad\u00fdrkun.<\/p><p>A\u00f0greiningin milli hinnar d\u00fdrslegu Yacumama (vatnasl\u00f6ngunnar) og hinnar frekar \u00f3hlutbundnu, m\u00f3\u00f0urlegu Mama Cocha er \u00fe\u00f3 sta\u00f0fastlega var\u00f0veitt og \u00e6tti ekki a\u00f0 vera afm\u00e1\u00f0 \u00ed tr\u00faar\u00fej\u00f3\u00f0fr\u00e6\u00f0ilegri greiningu.<\/p>\t\t\t\t\t\t\t\t<\/div>\n\t\t\t\t<\/div>\n\t\t\t\t\t<\/div>\n\t\t\t\t<\/div>\n\t\t<div class=\"elementor-element elementor-element-iwgw-mamacocha-s4 e-flex e-con-boxed e-con e-parent\" data-id=\"iwgw-mamacocha-s4\" data-element_type=\"container\" data-e-type=\"container\">\n\t\t\t\t\t<div class=\"e-con-inner\">\n\t\t\t\t<div class=\"elementor-element elementor-element-iwgw-mamacocha-s4h elementor-widget elementor-widget-heading\" data-id=\"iwgw-mamacocha-s4h\" data-element_type=\"widget\" data-e-type=\"widget\" data-widget_type=\"heading.default\">\n\t\t\t\t\t<h2 class=\"elementor-heading-title elementor-size-default\">D\u00fdrkun og tilbei\u00f0sla<\/h2>\t\t\t\t<\/div>\n\t\t<div class=\"elementor-element elementor-element-iwgw-mamacocha-s4c e-con-full e-flex e-con e-child\" data-id=\"iwgw-mamacocha-s4c\" data-element_type=\"container\" data-e-type=\"container\">\n\t\t\t\t<div class=\"elementor-element elementor-element-iwgw-mamacocha-s4t elementor-widget elementor-widget-text-editor\" data-id=\"iwgw-mamacocha-s4t\" data-element_type=\"widget\" data-e-type=\"widget\" data-widget_type=\"text-editor.default\">\n\t\t\t\t\t\t\t\t\t<p>Mikilv\u00e6gasta <span class=\"iwg-fachbegriff\" data-tooltip=\"Heild tr\u00faarlegra d\u00fdrkunarathafna fyrir gu\u00f0 e\u00f0a heilaga v\u00e6tt.\" tabindex=\"0\">d\u00fdrkun<\/span> Mama Cocha f\u00f3r fram \u00e1 str\u00f6nd Per\u00fa vi\u00f0 Kyrrahafi\u00f0, s\u00e9rstaklega hj\u00e1 Chimu-f\u00f3lkinu, s\u00ed\u00f0ar \u00ed strandh\u00e9ru\u00f0um Inkat\u00edmans og \u00ed saltvinnslusv\u00e6\u00f0um. <em>Maranga<\/em>-fiskimenn su\u00f0ur af Lima f\u00e6r\u00f0u gy\u00f0junni litlar tr\u00e9f\u00edg\u00farur, chicha og Spondylus-skeljabrot a\u00f0 f\u00f3rn fyrir hverja sj\u00f3fer\u00f0.<\/p><p>\u00c1 h\u00e1lendinu var Titicaca-vatn mikilv\u00e6gasti sta\u00f0urinn \u00fear sem Mama Cocha birtist. \u00c1 <em>Isla del Sol<\/em> og <em>Isla de la Luna<\/em> st\u00f3\u00f0u d\u00fdrkunarsta\u00f0ir b\u00e6\u00f0i fr\u00e1 t\u00edmum fyrir Inka og fr\u00e1 Inkat\u00edmanum sj\u00e1lfum, en leifar \u00feeirra m\u00e1 enn sko\u00f0a \u00ed dag.<\/p><p>Fornleifaranns\u00f3knir Charles Stanish (<em>Lake Titicaca<\/em>, 2003) hafa s\u00fdnt a\u00f0 d\u00fdrkun vatnsins sem kosm\u00edskrar m\u00f3\u00f0ur n\u00e6r langt aftur fyrir t\u00edma Inkanna.<\/p><p>\u00cd Coricancha-<span class=\"iwg-fachbegriff\" data-tooltip=\"Bygging sem er notu\u00f0 til d\u00fdrkunar eins e\u00f0a fleiri gu\u00f0a.\" tabindex=\"0\">hofinu<\/span> \u00ed Cusco voru framkv\u00e6mdar vatnsdrykkjarf\u00f3rnir vi\u00f0 st\u00f3rar h\u00e1t\u00ed\u00f0ir, \u00fear sem vatni \u00far Kyrrahafinu, \u00far Titicaca-vatni og \u00far heil\u00f6gum fjallalindum var blanda\u00f0 saman og hellt yfir altarissteina. Cristobal de Molina l\u00fdsir \u00feessari fl\u00f3knu drykkjarf\u00f3rnarhef\u00f0 sem trygg\u00f0i vatnafr\u00e6\u00f0ilega heild r\u00edkisins me\u00f0 d\u00fdrkunarath\u00f6fnum.<\/p><p>Mikilv\u00e6g sv\u00e6\u00f0istengd <span class=\"iwg-fachbegriff\" data-tooltip=\"Manneskja sem fer \u00ed tr\u00faarlega fer\u00f0 til heilags sta\u00f0ar.\" tabindex=\"0\">p\u00edlagr\u00edma<\/span>-hef\u00f0 var \u00e1 milli hofa Inkanna \u00e1 h\u00e1lendinu og strandhelgista\u00f0a Mama Cocha, s\u00e9rstaklega vi\u00f0 <a href=\"https:\/\/iwell-guard.com\/is\/?page_id=168923\">Pachakamak<\/a>. Polo de Ondegardo og Cobo greina fr\u00e1 \u00fev\u00ed a\u00f0 \u00e1 st\u00f3rum h\u00e1t\u00ed\u00f0um eins og Capac Raymi hafi s\u00e9rstakir vatnabo\u00f0ar veri\u00f0 sendir fr\u00e1 Kyrrahafsstr\u00f6ndinni til Cusco, sem b\u00e1ru \u00feanga\u00f0 lifandi sj\u00e1varvatn fyrir hina mikilv\u00e6gu Mama-Cocha-<span class=\"iwg-fachbegriff\" data-tooltip=\"A\u00f0 hella ni\u00f0ur drykk sem f\u00f3rn til gu\u00f0s.\" tabindex=\"0\">v\u00f6kvaf\u00f3rn<\/span> \u00e1 Coricancha-<span class=\"iwg-fachbegriff\" data-tooltip=\"H\u00e6kka\u00f0ur sta\u00f0ur e\u00f0a bor\u00f0 fyrir f\u00f3rnir og tr\u00faarathafnir.\" tabindex=\"0\">altarinu<\/span>.<\/p><p>\u00deessi bo\u00f0ahef\u00f0, sem ger\u00f0i Inkaveginum <em>Qhapaq \u00d1an<\/em> kleift a\u00f0 br\u00faa \u00feau um 1000 km sem skildu str\u00f6ndina fr\u00e1 h\u00f6fu\u00f0borginni \u00e1 a\u00f0eins f\u00e1einum d\u00f6gum, er sterkt vitni um d\u00fdrkunarlega sam\u00fe\u00e6ttingu hafsins og h\u00e1lendisins \u00ed vatna-<span class=\"iwg-fachbegriff\" data-tooltip=\"V\u00edsindaleg fr\u00e6\u00f0i um Gu\u00f0 og tr\u00fa tiltekinna tr\u00faarbrag\u00f0a.\" tabindex=\"0\">gu\u00f0fr\u00e6\u00f0i<\/span> Inkaveldisins.<\/p>\t\t\t\t\t\t\t\t<\/div>\n\t\t\t\t<\/div>\n\t\t\t\t\t<\/div>\n\t\t\t\t<\/div>\n\t\t<div class=\"elementor-element elementor-element-iwgw-mamacocha-s5 e-flex e-con-boxed e-con e-parent\" data-id=\"iwgw-mamacocha-s5\" data-element_type=\"container\" data-e-type=\"container\">\n\t\t\t\t\t<div class=\"e-con-inner\">\n\t\t\t\t<div class=\"elementor-element elementor-element-iwgw-mamacocha-s5h elementor-widget elementor-widget-heading\" data-id=\"iwgw-mamacocha-s5h\" data-element_type=\"widget\" data-e-type=\"widget\" data-widget_type=\"heading.default\">\n\t\t\t\t\t<h2 class=\"elementor-heading-title elementor-size-default\">Verndara\u00f0ger\u00f0ir og fr\u00e1hrindandi t\u00e1kn<\/h2>\t\t\t\t<\/div>\n\t\t<div class=\"elementor-element elementor-element-iwgw-mamacocha-s5c e-con-full e-flex e-con e-child\" data-id=\"iwgw-mamacocha-s5c\" data-element_type=\"container\" data-e-type=\"container\">\n\t\t\t\t<div class=\"elementor-element elementor-element-iwgw-mamacocha-s5t elementor-widget elementor-widget-text-editor\" data-id=\"iwgw-mamacocha-s5t\" data-element_type=\"widget\" data-e-type=\"widget\" data-widget_type=\"text-editor.default\">\n\t\t\t\t\t\t\t\t\t<p>Verndarhef\u00f0in sem tengist Mama Cocha snerist fyrst og fremst um tv\u00f6 svi\u00f0: \u00f6ryggi \u00e1 hafi \u00fati og r\u00edkulegan fiskvei\u00f0iafla. Fiskimenn hengdu allt fram \u00e1 20. \u00f6ld litlar skeljaskreytingar \u00e1 mastur skipa sinna, f\u00f3rnu\u00f0u fyrsta fiskinum sem veiddist me\u00f0 \u00fev\u00ed a\u00f0 sleppa honum aftur \u00ed hafi\u00f0 vi\u00f0 l\u00f6ndun og reyktu b\u00e1tana me\u00f0 eucalyptus-vi\u00f0i fyrir hverja n\u00fdja vert\u00ed\u00f0.<\/p><p>\u00c1 h\u00e1lendinu me\u00f0al \u00e1veitub\u00e6ndanna var mikilv\u00e6gasta verndarath\u00f6fnin \u00e1rlega h\u00e1t\u00ed\u00f0in <em>Yarqa-Aspiy<\/em>, \u00fear sem \u00e1veituskur\u00f0irnir voru hreinsa\u00f0ir me\u00f0 <span class=\"iwg-fachbegriff\" data-tooltip=\"\u00dea\u00f0 sem tilheyrir fastm\u00f3tu\u00f0u, tr\u00faarlegu athafnaferli.\" tabindex=\"0\">helgisi\u00f0abundnum<\/span> h\u00e6tti og Mama Cocha var be\u00f0in um st\u00f6\u00f0ugt vatnsfl\u00e6\u00f0i.<\/p><p>Cobo l\u00fdsir \u00feessari ath\u00f6fn \u00ed tengslum vi\u00f0 Yucay-h\u00e9ra\u00f0i\u00f0 \u00e1 t\u00edmum Inkaveldisins; h\u00fan hefur var\u00f0veist fram \u00e1 okkar daga \u00ed n\u00faverandi Cusquena-\u00feorpum vi\u00f0 Pisac og Maras. Dagur yarqa-aspiy er, eftir \u00fev\u00ed hvert \u00feorpi\u00f0 er, um \u00fea\u00f0 bil \u00ed lok j\u00fal\u00ed e\u00f0a \u00ed \u00e1g\u00fast, og telst einn mikilv\u00e6gasti sameiginlegi helgisi\u00f0avi\u00f0bur\u00f0ur \u00e1veitusamf\u00e9laganna.<\/p><p>S\u00e9rst\u00f6k verndarath\u00f6fn tengist ba\u00f0i \u00ed heil\u00f6gum lindum (<em>puquial<\/em>). \u00c1kve\u00f0nar lindir eru taldar tengjast Mama Cocha s\u00e9rstaklega og eru s\u00f3ttar heim vegna sj\u00fakd\u00f3ma, hita e\u00f0a helgisi\u00f0alegrar mengunar. \u00deessi ba\u00f0ath\u00f6fn hefur var\u00f0veist \u00ed per\u00fask-b\u00f3liv\u00edsku \u00fej\u00f3\u00f0tr\u00fanni allt til dagsins \u00ed dag og er \u00ed \u00fej\u00f3\u00f0h\u00e1ttafr\u00e6\u00f0ilegum ritum l\u00fdst sem <em>limpia con agua de manantial<\/em>.<\/p><p>\u00cd n\u00fat\u00edma aymara-\u00feorpum vi\u00f0 Titicaca-vatn hefur d\u00fdrkun Mama Cocha var\u00f0veist \u00ed s\u00e9rstakri b\u00e1tsv\u00edgsluath\u00f6fn. \u00deegar n\u00fdr reyrb\u00e1tur (<em>balsa de totora<\/em>) er sj\u00f3settur f\u00f3rnar fj\u00f6lskyldan nokkrum sopum af brenniv\u00edni og sm\u00e1vegis af koka \u00fat \u00ed vatni\u00f0 \u00e1\u00f0ur en b\u00e1turinn er nota\u00f0ur \u00ed fyrsta sinn.<\/p><p>\u00deessari ath\u00f6fn hafa Joseph Bastien og Olivia Harris l\u00fdst \u00ed \u00fej\u00f3\u00f0h\u00e1ttafr\u00e6\u00f0ilegum verkum s\u00ednum, og h\u00fan s\u00fdnir \u00f3rofna d\u00fdrkun vatnsm\u00f3\u00f0urinnar me\u00f0al n\u00fat\u00edma quechua-aymara b\u00e6ndasamf\u00e9laga.<\/p>\t\t\t\t\t\t\t\t<\/div>\n\t\t\t\t<\/div>\n\t\t\t\t\t<\/div>\n\t\t\t\t<\/div>\n\t\t<div class=\"elementor-element elementor-element-iwgw-mamacocha-s6 e-flex e-con-boxed e-con e-parent\" data-id=\"iwgw-mamacocha-s6\" data-element_type=\"container\" data-e-type=\"container\">\n\t\t\t\t\t<div class=\"e-con-inner\">\n\t\t\t\t<div class=\"elementor-element elementor-element-iwgw-mamacocha-s6h elementor-widget elementor-widget-heading\" data-id=\"iwgw-mamacocha-s6h\" data-element_type=\"widget\" data-e-type=\"widget\" data-widget_type=\"heading.default\">\n\t\t\t\t\t<h2 class=\"elementor-heading-title elementor-size-default\">Hli\u00f0st\u00e6\u00f0ur \u00ed \u00f6\u00f0rum menningarheimum<\/h2>\t\t\t\t<\/div>\n\t\t<div class=\"elementor-element elementor-element-iwgw-mamacocha-s6c e-con-full e-flex e-con e-child\" data-id=\"iwgw-mamacocha-s6c\" data-element_type=\"container\" data-e-type=\"container\">\n\t\t\t\t<div class=\"elementor-element elementor-element-iwgw-mamacocha-s6t elementor-widget elementor-widget-text-editor\" data-id=\"iwgw-mamacocha-s6t\" data-element_type=\"widget\" data-e-type=\"widget\" data-widget_type=\"text-editor.default\">\n\t\t\t\t\t\t\t\t\t<p>Byggingarlega \u00e1 Mama Cocha margar hli\u00f0st\u00e6\u00f0ur \u00ed hafs- og ferskvatnsgy\u00f0jum tr\u00faarbrag\u00f0a heimsins. Gr\u00edska Amphitrite, r\u00f3mverska Tethys, hin fornnorr\u00e6na R\u00e1n, slavneska Mokosch, hind\u00fa\u00edska Ganga, afr\u00f3-brasil\u00edska Yemay\u00e1 og p\u00f3l\u00fdnes\u00edska Hinemoana heyra allar \u00ed sama byggingarlega h\u00f3pi kvenlegra vatnsgo\u00f0a.<\/p><p>Mircea Eliade l\u00fdsti \u00ed <em>Patterns in Comparative Religion<\/em> (1958) vatnsgy\u00f0ju-mynstrinu \u00e1 kerfisbundinn h\u00e1tt: vatn er \u00ed n\u00e1nast \u00f6llum tr\u00faarbr\u00f6g\u00f0um \u00ed senn uppspretta l\u00edfs, hreinsunarmi\u00f0ill og r\u00edki hinna dau\u00f0u. Mama Cocha birtir \u00feessa \u00ferenningu \u00e1 fyrirmyndarlegan h\u00e1tt, sem f\u00e6\u00f0ingarsta\u00f0ur s\u00f3larins, sem ba\u00f0hreinsunarmi\u00f0ill og sem vi\u00f0takandi hinna dau\u00f0u.<\/p><p>Innan Amer\u00edku s\u00fdnir Mama Cocha l\u00edkindi vi\u00f0 asteka-gy\u00f0juna <em>Chalchiuhtlicue<\/em> (ja\u00f0eypilsgy\u00f0juna) og maja-tungl- og vatnsgy\u00f0juna Ix Chel. Chalchiuhtlicue er s\u00e9rstaklega verndargy\u00f0ja f\u00e6\u00f0inga og \u00e1veitu, sem gerir starfr\u00e6nu hli\u00f0st\u00e6\u00f0una vi\u00f0 \u00e1veitutengsl Mama Cocha sk\u00fdra. T\u00e1knm\u00e1lshef\u00f0 Chalchiuhtlicue er \u00fe\u00f3 mannlegri og fr\u00e1sagnarkenndari en hin varf\u00e6rna, t\u00e1knr\u00e6na hef\u00f0 Mama Cocha.<\/p><p>Innan andneska tr\u00faarkerfisins stendur Mama Cocha \u00ed gagnkv\u00e6mu sambandi vi\u00f0 <a href=\"https:\/\/iwell-guard.com\/is\/?page_id=168920\">Pachamama<\/a>: \u00dear sem Pachamama birtir hina f\u00f6stu j\u00f6r\u00f0 og gr\u00f3\u00f0urn\u00e6mi akranna, er Mama Cocha hin flj\u00f3tandi, hreyfanlega vatnshelgi.<\/p><p>B\u00e1\u00f0ar eru \u00ed \u00fej\u00f3\u00f0h\u00e1ttafr\u00e6\u00f0ilegum ritum l\u00fdst sem gagnkv\u00e6mu pari <em>tierra y agua<\/em>, sem gerir landb\u00fana\u00f0arframlei\u00f0slu yfirleitt m\u00f6gulega. Catherine Allen hefur l\u00fdst \u00feessari byggingarlegu gagnkv\u00e6mni \u00edtarlega fyrir \u00feorp \u00ed Paucartambo-h\u00e9ra\u00f0i.<\/p>\t\t\t\t\t\t\t\t<\/div>\n\t\t\t\t<\/div>\n\t\t\t\t\t<\/div>\n\t\t\t\t<\/div>\n\t\t<div class=\"elementor-element elementor-element-iwgw-mamacocha-s7 e-flex e-con-boxed e-con e-parent\" data-id=\"iwgw-mamacocha-s7\" data-element_type=\"container\" data-e-type=\"container\">\n\t\t\t\t\t<div class=\"e-con-inner\">\n\t\t\t\t<div class=\"elementor-element elementor-element-iwgw-mamacocha-s7h elementor-widget elementor-widget-heading\" data-id=\"iwgw-mamacocha-s7h\" data-element_type=\"widget\" data-e-type=\"widget\" data-widget_type=\"heading.default\">\n\t\t\t\t\t<h2 class=\"elementor-heading-title elementor-size-default\">N\u00fat\u00edmavi\u00f0t\u00f6kur og ranns\u00f3knir<\/h2>\t\t\t\t<\/div>\n\t\t<div class=\"elementor-element elementor-element-iwgw-mamacocha-s7c e-con-full e-flex e-con e-child\" data-id=\"iwgw-mamacocha-s7c\" data-element_type=\"container\" data-e-type=\"container\">\n\t\t\t\t<div class=\"elementor-element elementor-element-iwgw-mamacocha-s7t elementor-widget elementor-widget-text-editor\" data-id=\"iwgw-mamacocha-s7t\" data-element_type=\"widget\" data-e-type=\"widget\" data-widget_type=\"text-editor.default\">\n\t\t\t\t\t\t\t\t\t<p>\u00cd n\u00fat\u00edma quechua- og aymarasamf\u00e9l\u00f6gum hefur Mama Cocha sem tr\u00faarleg og helgisi\u00f0abundin pers\u00f3na lifa\u00f0 \u00e1fram fyrst og fremst \u00ed \u00e1veituath\u00f6fnum. <em>Yarqa-aspiy<\/em>-h\u00e1t\u00ed\u00f0irnar eru enn haldnar \u00ed m\u00f6rgum Cusquena-\u00feorpum og er \u00feeim l\u00fdst kerfisbundi\u00f0 \u00ed \u00fej\u00f3\u00f0h\u00e1ttafr\u00e6\u00f0ilegum ritum (Inge Bolin: <em>Rituals of Respect<\/em>, 1998; Karsten Paerregaard: <em>Linking Separate Worlds<\/em>, 1997).<\/p><p>\u00c1 per\u00fasku strandsv\u00e6\u00f0inu hefur <span class=\"iwg-fachbegriff\" data-tooltip=\"Heild tr\u00faarlegra tilbei\u00f0sluathafna fyrir gu\u00f0 e\u00f0a heilaga veru.\" tabindex=\"0\">d\u00fdrkun<\/span> Mama Cocha var\u00f0veist \u00ed samr\u00e6ktu formi sem tilbei\u00f0sla \u00e1 <em>Virgen del Carmen<\/em> og <em>Stella Maris<\/em>.<\/p><p>Strand-ka\u00fe\u00f3lskar sj\u00f3mannag\u00f6ngur, \u00fear sem madonnustyttur eru bornar \u00e1 b\u00e1tum yfir hafi\u00f0, eru starfr\u00e6nir arftakar fyrir-sp\u00e6nsku b\u00e6naathafnanna til Mama Cocha. Tr\u00faar\u00fej\u00f3\u00f0fr\u00e6\u00f0iranns\u00f3knir, s\u00e9rstaklega verk Maria Rostworowski, hafa skjalfest \u00feessa samfellu \u00edtarlega.<\/p><p>\u00cd akadem\u00edskum loftslagsranns\u00f3knum hefur Mama Cocha n\u00fdlega dregist inn \u00ed umr\u00e6\u00f0una um vatnskreppu Andesfjalla. \u00c1framhaldandi j\u00f6klabr\u00e1\u00f0nun Andesfjalla, sem h\u00f3tar \u00e1veitukerfum h\u00e1lendis\u00feorpanna til langs t\u00edma liti\u00f0, er \u00ed b\u00e6ndatr\u00faarlegri umr\u00e6\u00f0u oft t\u00falku\u00f0 sem hegning e\u00f0a sorg Mama Cocha.<\/p><p>Karsten Paerregaard s\u00fdndi \u00ed <em>Pilgrims of the Andes<\/em> (2017) hvernig loftslagsumr\u00e6\u00f0an skapar, \u00fat fr\u00e1 tr\u00faar\u00fej\u00f3\u00f0fr\u00e6\u00f0ilegu sj\u00f3narhorni, n\u00fdja v\u00eddd \u00ed ath\u00f6fnum tengdum Mama Cocha.<\/p><p>\u00cd akadem\u00edskum <span class=\"iwg-fachbegriff\" data-tooltip=\"V\u00edsindagreinin sem rannsakar tr\u00faarbr\u00f6g\u00f0 samanbur\u00f0arlega og \u00e1n tr\u00faarlegrar skuldbindingar.\" tabindex=\"0\">tr\u00faarbrag\u00f0afr\u00e6\u00f0um<\/span> hefur Mama Cocha n\u00fdlega einnig komi\u00f0 vi\u00f0 s\u00f6gu \u00ed umr\u00e6\u00f0unni um \u00e6ttfr\u00e6\u00f0i kvenlegra \u00e6\u00f0ri gy\u00f0ja \u00ed Amer\u00edku.<\/p><p>Kenningin um samfellda hef\u00f0 kvenkyns gy\u00f0ja, sem n\u00e6r fr\u00e1 Moche-menningunni yfir Wari og Inka til k\u00f3l\u00f3n\u00edskra Mar\u00edu-samr\u00e6ktana, er studd af nokkrum h\u00f6fundum (Mary Helms, Maria Rostworowski) en gagnr\u00fdnd og sett \u00ed samhengi af \u00f6\u00f0rum (Tom Zuidema, Pierre Duviols).<\/p><p>A\u00f0fer\u00f0afr\u00e6\u00f0ilega \u00e1skorunin liggur \u00ed spurningunni um hvort t\u00e1knr\u00e6n l\u00edkindi yfir svo langan t\u00edma eigi a\u00f0 lesa sem v\u00edsbendingu um tr\u00faarlega samfellu e\u00f0a hvort um s\u00e9 a\u00f0 r\u00e6\u00f0a samleitna en \u00f3h\u00e1\u00f0a \u00fer\u00f3un.<\/p>\t\t\t\t\t\t\t\t<\/div>\n\t\t\t\t<\/div>\n\t\t\t\t\t<\/div>\n\t\t\t\t<\/div>\n\t\t<div class=\"elementor-element elementor-element-iwgw-mamacocha-s8 e-flex e-con-boxed e-con e-parent\" data-id=\"iwgw-mamacocha-s8\" data-element_type=\"container\" data-e-type=\"container\">\n\t\t\t\t\t<div class=\"e-con-inner\">\n\t\t\t\t<div class=\"elementor-element elementor-element-iwgw-mamacocha-s8h elementor-widget elementor-widget-heading\" data-id=\"iwgw-mamacocha-s8h\" data-element_type=\"widget\" data-e-type=\"widget\" data-widget_type=\"heading.default\">\n\t\t\t\t\t<h2 class=\"elementor-heading-title elementor-size-default\">Heimildir og b\u00f3kmenntir<\/h2>\t\t\t\t<\/div>\n\t\t<div class=\"elementor-element elementor-element-iwgw-mamacocha-s8c e-con-full e-flex e-con e-child\" data-id=\"iwgw-mamacocha-s8c\" data-element_type=\"container\" data-e-type=\"container\">\n\t\t\t\t<div class=\"elementor-element elementor-element-iwgw-mamacocha-s8t elementor-widget elementor-widget-text-editor\" data-id=\"iwgw-mamacocha-s8t\" data-element_type=\"widget\" data-e-type=\"widget\" data-widget_type=\"text-editor.default\">\n\t\t\t\t\t\t\t\t\t<p>Eftirfarandi \u00farval telur upp mikilv\u00e6g verk \u00ed andnesku \u00fej\u00f3\u00f0h\u00e1ttafr\u00e6\u00f0i og fornleifaranns\u00f3knum um hef\u00f0 Mama Cocha og vatnsgy\u00f0jur mi\u00f0ju Andesfjalla.<\/p>\t\t\t\t\t\t\t\t<\/div>\n\t\t\t\t<\/div>\n\t\t\t\t\t<\/div>\n\t\t\t\t<\/div>\n\t\t<div class=\"elementor-element elementor-element-cp29a5ef38 e-flex e-con-boxed e-con e-parent\" data-id=\"cp29a5ef38\" data-element_type=\"container\" data-e-type=\"container\">\n\t\t\t\t\t<div class=\"e-con-inner\">\n\t\t\t\t<div class=\"elementor-element elementor-element-cp2794564b elementor-widget elementor-widget-heading\" data-id=\"cp2794564b\" data-element_type=\"widget\" data-e-type=\"widget\" data-widget_type=\"heading.default\">\n\t\t\t\t\t<h2 class=\"elementor-heading-title elementor-size-default\">Mama Cocha og fiskvei\u00f0ar vi\u00f0 Kyrrahafsstr\u00f6ndina<\/h2>\t\t\t\t<\/div>\n\t\t<div class=\"elementor-element elementor-element-cp20df7213 e-flex e-con-boxed e-con e-child\" data-id=\"cp20df7213\" data-element_type=\"container\" data-e-type=\"container\">\n\t\t\t\t\t<div class=\"e-con-inner\">\n\t\t\t\t<div class=\"elementor-element elementor-element-cp27161ff9 elementor-widget elementor-widget-text-editor\" data-id=\"cp27161ff9\" data-element_type=\"widget\" data-e-type=\"widget\" data-widget_type=\"text-editor.default\">\n\t\t\t\t\t\t\t\t\t<p>Mama Cocha, hafm\u00f3\u00f0irin, haf\u00f0i s\u00e9rstaka \u00fe\u00fd\u00f0ingu fyrir strandb\u00faa Andesfjallasv\u00e6\u00f0isins, sem bygg\u00f0u l\u00edfsvi\u00f0urv\u00e6ri sitt \u00e1 fiskvei\u00f0um og n\u00fdtingu hins gj\u00f6fula sj\u00e1var Humboldtstraumsins.<\/p><p>Sp\u00e6nskir sagnaritarar, sem fj\u00f6llu\u00f0u um h\u00e1lendi Inkanna, veittu strandmenningunum minni athygli, en einstakar fr\u00e1sagnir og einkum fornleifafundir s\u00fdna a\u00f0 hafi\u00f0 naut eigin lotningar sem gjafmild uppspretta f\u00e6\u00f0u.<\/p><p>Jes\u00fa\u00edtinn Jos\u00e9 de Acosta nefnir \u00ed riti s\u00ednu <em>Historia natural y moral de las Indias<\/em> fr\u00e1 1590 a\u00f0 strandb\u00faar \u00e1v\u00f6rpu\u00f0u hafi\u00f0 sem <em>Mamacocha<\/em> og b\u00e6nheyr\u00f0u \u00fea\u00f0 um fisk, l\u00edkt og h\u00e1lendisb\u00faar b\u00e6nheyr\u00f0u j\u00f6r\u00f0ina um uppskeru.<\/p><p>\u00deessi samsv\u00f6run hafs og jar\u00f0ar, <em>Mama Cocha<\/em> og <em>Pachamama<\/em>, kemur v\u00ed\u00f0a fram \u00ed heimildunum og er \u00ed samr\u00e6mi vi\u00f0 grunneinkenni and\u00edskrar tr\u00faarhugsunar, \u00fear sem samband vi\u00f0 n\u00e6randi m\u00e1ttarv\u00f6ld byggist \u00e1 gagnkv\u00e6mni: gj\u00f6f gegn gj\u00f6f.<\/p><p>\u00dat fr\u00e1 heimildafr\u00e6\u00f0ilegu sj\u00f3narmi\u00f0i ber a\u00f0 hafa \u00ed huga a\u00f0 sagnaritararnir l\u00fdstu tr\u00faarbr\u00f6g\u00f0um strandarins oft a\u00f0eins \u00fat fr\u00e1 sj\u00f3narhorni Inkanna e\u00f0a tr\u00fabo\u00f0anna og ger\u00f0u vart greinarmun \u00e1 s\u00e9rkennum hinna fj\u00f6lm\u00f6rgu strandmenninga, fr\u00e1 Chim\u00fa-f\u00f3lkinu til sm\u00e6rri fiskisamf\u00e9laga.<\/p><p>Fornleifafundir, svo sem f\u00f3rnargjafir n\u00e6rri str\u00f6ndinni og myndir af sj\u00e1vard\u00fdrum \u00e1 leirmunum Moche- og Chim\u00fa-menningarinnar, s\u00fdna \u00fe\u00f3 a\u00f0 hafi\u00f0 var tr\u00faarlega hla\u00f0i\u00f0 sv\u00e6\u00f0i l\u00f6ngu \u00e1\u00f0ur en Inkarnir komu til. Mama Cocha er \u00fev\u00ed safnheiti yfir lotningu sem hefur a\u00f0 \u00f6llum l\u00edkindum veri\u00f0 m\u00f3tu\u00f0 me\u00f0 mj\u00f6g mismunandi h\u00e6tti eftir sv\u00e6\u00f0um.<\/p>\t\t\t\t\t\t\t\t<\/div>\n\t\t\t\t\t<\/div>\n\t\t\t\t<\/div>\n\t\t\t\t\t<\/div>\n\t\t\t\t<\/div>\n\t\t<div class=\"elementor-element elementor-element-iwgw-mamacocha-lit e-flex e-con-boxed e-con e-parent\" data-id=\"iwgw-mamacocha-lit\" data-element_type=\"container\" data-e-type=\"container\">\n\t\t\t\t\t<div class=\"e-con-inner\">\n\t\t\t\t<div class=\"elementor-element elementor-element-iwgw-mamacocha-lith elementor-widget elementor-widget-heading\" data-id=\"iwgw-mamacocha-lith\" data-element_type=\"widget\" data-e-type=\"widget\" data-widget_type=\"heading.default\">\n\t\t\t\t\t<h2 class=\"elementor-heading-title elementor-size-default\">Heimildir (\u00farval)<\/h2>\t\t\t\t<\/div>\n\t\t<div class=\"elementor-element elementor-element-iwgw-mamacocha-litc e-con-full e-flex e-con e-child\" data-id=\"iwgw-mamacocha-litc\" data-element_type=\"container\" data-e-type=\"container\">\n\t\t\t\t<div class=\"elementor-element elementor-element-iwgw-mamacocha-litt elementor-widget elementor-widget-text-editor\" data-id=\"iwgw-mamacocha-litt\" data-element_type=\"widget\" data-e-type=\"widget\" data-widget_type=\"text-editor.default\">\n\t\t\t\t\t\t\t\t\t<ul><li>Charles Stanish: <em>Lake Titicaca<\/em> (2003)<\/li><li>Maria Rostworowski: <em>Estructuras andinas del poder<\/em> (1983)<\/li><li>Inge Bolin: <em>Rituals of Respect<\/em> (1998)<\/li><li>Karsten Paerregaard: <em>Linking Separate Worlds<\/em> (1997)<\/li><li>Christopher Donnan: <em>Moche Art and Iconography<\/em> (1976)<\/li><li>Bernabe Cobo: <em>Historia del Nuevo Mundo<\/em> (1653)<\/li><\/ul>\t\t\t\t\t\t\t\t<\/div>\n\t\t\t\t<\/div>\n\t\t\t\t\t<\/div>\n\t\t\t\t<\/div>\n\t\t<div class=\"elementor-element elementor-element-iwgkw2-add-mamacocha e-flex e-con-boxed e-con e-parent\" data-id=\"iwgkw2-add-mamacocha\" data-element_type=\"container\" data-e-type=\"container\">\n\t\t\t\t\t<div class=\"e-con-inner\">\n\t\t\t\t<div class=\"elementor-element elementor-element-iwgkw2-add-mamacocha-t elementor-widget elementor-widget-text-editor\" data-id=\"iwgkw2-add-mamacocha-t\" data-element_type=\"widget\" data-e-type=\"widget\" data-widget_type=\"text-editor.default\">\n\t\t\t\t\t\t\t\t\t<p>\u00cd <strong>strandmenningu<\/strong> Andesfjallasv\u00e6\u00f0isins var Mama Cocha d\u00fdrku\u00f0 sem <strong>hafgy\u00f0ja<\/strong> og <strong>vatnam\u00f3\u00f0ir<\/strong> sem lag\u00f0i fiskvei\u00f0ar, saltvinnslu og sj\u00f3fer\u00f0ir undir s\u00edna vernd.<\/p>\t\t\t\t\t\t\t\t<\/div>\n\t\t\t\t\t<\/div>\n\t\t\t\t<\/div>\n\t\t<div class=\"elementor-element elementor-element-iwgw-mamacocha-kwd e-flex e-con-boxed e-con e-parent\" data-id=\"iwgw-mamacocha-kwd\" data-element_type=\"container\" data-e-type=\"container\">\n\t\t\t\t\t<div class=\"e-con-inner\">\n\t\t<div class=\"elementor-element elementor-element-iwgw-mamacocha-kwdc e-con-full e-flex e-con e-child\" data-id=\"iwgw-mamacocha-kwdc\" data-element_type=\"container\" data-e-type=\"container\">\n\t\t\t\t<div class=\"elementor-element elementor-element-iwgw-mamacocha-kwdt elementor-widget elementor-widget-text-editor\" data-id=\"iwgw-mamacocha-kwdt\" data-element_type=\"widget\" data-e-type=\"widget\" data-widget_type=\"text-editor.default\">\n\t\t\t\t\t\t\t\t\t<p><em>Tengd kjarnahugt\u00f6k: Mama Cocha Mama Qucha Titicaca Yarqa Aspiy Puquial Chalchiuhtlicue Stella Maris.<\/em><\/p>\t\t\t\t\t\t\t\t<\/div>\n\t\t\t\t<\/div>\n\t\t\t\t\t<\/div>\n\t\t\t\t<\/div>\n\t\t<div class=\"elementor-element elementor-element-iwgw-mamacocha-cc e-flex e-con-boxed e-con e-parent\" data-id=\"iwgw-mamacocha-cc\" data-element_type=\"container\" data-e-type=\"container\" id=\"iwg-cc-mama-cocha\">\n\t\t\t\t\t<div class=\"e-con-inner\">\n\t\t<div class=\"elementor-element elementor-element-iwgw-mamacocha-ccinner e-flex e-con-boxed e-con e-parent\" data-id=\"iwgw-mamacocha-ccinner\" data-element_type=\"container\" data-e-type=\"container\" data-settings=\"{&quot;background_background&quot;:&quot;classic&quot;}\">\n\t\t\t\t\t<div class=\"e-con-inner\">\n\t\t\t\t<div class=\"elementor-element elementor-element-iwgw-mamacocha-cch elementor-widget elementor-widget-heading\" data-id=\"iwgw-mamacocha-cch\" data-element_type=\"widget\" data-e-type=\"widget\" data-widget_type=\"heading.default\">\n\t\t\t\t\t<h2 class=\"elementor-heading-title elementor-size-default\">iWell Guard og verndarhef\u00f0ir<\/h2>\t\t\t\t<\/div>\n\t\t\t\t<div class=\"elementor-element elementor-element-iwgw-mamacocha-cct elementor-widget elementor-widget-text-editor\" data-id=\"iwgw-mamacocha-cct\" data-element_type=\"widget\" data-e-type=\"widget\" data-widget_type=\"text-editor.default\">\n\t\t\t\t\t\t\t\t\t<div data-nosnippet=\"true\"><p>iWell Guard byggir \u00e1 menningars\u00f6gulegri hef\u00f0 verndargripa sem bor\u00f0ir eru \u00e1 l\u00edkamanum, \u00ed hef\u00f0 <a href=\"https:\/\/iwell-guard.com\/is\/?page_id=168909\">Andesfjalla \/ Inka<\/a> og margra annarra menningarheima um allan heim. 41 lag, ekta gull, plat\u00edna, silfur, framleitt \u00ed \u00de\u00fdskalandi. 30 daga skilar\u00e9tt.<\/p><\/div>\t\t\t\t\t\t\t\t<\/div>\n\t\t\t\t<div class=\"elementor-element elementor-element-iwgw-mamacocha-ccb iwg-cc-button iwg-cc-cta-2026-05-13 elementor-widget elementor-widget-jet-button\" data-id=\"iwgw-mamacocha-ccb\" data-element_type=\"widget\" data-e-type=\"widget\" data-widget_type=\"jet-button.default\">\n\t\t\t\t<div class=\"elementor-widget-container\">\n\t\t\t\t\t<div class=\"elementor-jet-button jet-elements\"><div class=\"jet-button__container\"><a class=\"jet-button__instance jet-button__instance--icon-left hover-effect-1\" href=\"\/ueber-iwell-guard\/?utm_source=iwell-guard.com&amp;utm_medium=info-box&amp;utm_campaign=wesen-tradition\"><div class=\"jet-button__plane jet-button__plane-normal\"><\/div><div class=\"jet-button__plane jet-button__plane-hover\"><\/div><div class=\"jet-button__state jet-button__state-normal\"><span class=\"jet-button__label\">Meira um iWell Guard<\/span><\/div><div class=\"jet-button__state jet-button__state-hover\"><span class=\"jet-button__label\">Meira um iWell Guard<\/span><\/div><\/a><\/div><\/div><style>.elementor-element.elementor-element-iwgw-mamacocha-ccb .jet-button__instance{width:320px;height:56px;}.elementor-element.elementor-element-iwgw-mamacocha-ccb .jet-button__state-normal .jet-button__label{text-align:center;margin:0px 0px 0px 0px;color:#1a1b20;font-family:Montserrat,sans-serif;font-size:13px;font-weight:400;letter-spacing:4px;line-height:1.714em;text-transform:uppercase;}.elementor-element.elementor-element-iwgw-mamacocha-ccb .jet-button__state-hover .jet-button__label{text-align:center;margin:0px 0px 0px 0px;color:#FECC76;font-family:Montserrat,sans-serif;font-size:13px;font-weight:400;letter-spacing:4px;line-height:1.714em;text-transform:uppercase;}.elementor-element.elementor-element-iwgw-mamacocha-ccb .jet-button__plane-normal{background-color:#FECC76;border-style:solid;border-color:#C99540;border-width:2px 2px 2px 2px;}.elementor-element.elementor-element-iwgw-mamacocha-ccb .jet-button__plane-hover{background-color:rgba(0,0,0,0.55);border-style:solid;border-color:#FECC76;border-width:2px 2px 2px 2px;}<\/style>\t\t\t\t<\/div>\n\t\t\t\t<\/div>\n\t\t\t\t<div class=\"elementor-element elementor-element-iwgw-mamacocha-ccd elementor-widget elementor-widget-text-editor\" data-id=\"iwgw-mamacocha-ccd\" data-element_type=\"widget\" data-e-type=\"widget\" data-widget_type=\"text-editor.default\">\n\t\t\t\t\t\t\t\t\t<div data-nosnippet=\"true\"><p style=\"text-align:center;font-size:13px;opacity:0.7;margin-top:14px\" data-nosnippet=\"true\">Pers\u00f3nuleg reynsla getur veri\u00f0 mismunandi. Ekki l\u00e6kningat\u00e6ki. Engin lofor\u00f0 um l\u00e6kningu.<\/p><\/div>\t\t\t\t\t\t\t\t<\/div>\n\t\t\t\t\t<\/div>\n\t\t\t\t<\/div>\n\t\t\t\t\t<\/div>\n\t\t\t\t<\/div>\n\t\t<div class=\"elementor-element elementor-element-iwgw-mamacocha-disc e-flex e-con-boxed e-con e-parent\" data-id=\"iwgw-mamacocha-disc\" data-element_type=\"container\" data-e-type=\"container\">\n\t\t\t\t\t<div class=\"e-con-inner\">\n\t\t\t\t<div class=\"elementor-element elementor-element-iwgw-mamacocha-discw elementor-widget elementor-widget-html\" data-id=\"iwgw-mamacocha-discw\" data-element_type=\"widget\" data-e-type=\"widget\" data-widget_type=\"html.default\">\n\t\t\t\t\t<footer data-nosnippet=\"true\" class=\"iwg-disclaimer-block\"><p data-nosnippet=\"true\">iWell Guard er <strong>ekki l\u00e6kningat\u00e6ki<\/strong> og kemur ekki \u00ed sta\u00f0inn fyrir l\u00e6knis- e\u00f0a s\u00e1lfr\u00e6\u00f0ime\u00f0fer\u00f0. Tr\u00faarfr\u00e6\u00f0ilegt efni er menningars\u00f6gulegt samhengi, ekki r\u00e1\u00f0legging um andlega i\u00f0kun.<\/p><\/footer>\t\t\t\t<\/div>\n\t\t\t\t\t<\/div>\n\t\t\t\t<\/div>\n\t\t\t\t<\/div>\n\t\t","protected":false},"excerpt":{"rendered":"","protected":false},"author":3,"featured_media":2679,"parent":0,"menu_order":0,"comment_status":"closed","ping_status":"closed","template":"elementor_header_footer","meta":{"_yoast_wpseo_focuskw":"Mama Cocha hafgy\u00f0ja Andesfj\u00f6ll","_yoast_wpseo_title":"Mama Cocha \u2013 hafgy\u00f0ja Andesfjalla","_yoast_wpseo_metadesc":"Mama Cocha, hafgy\u00f0ja Andesfjalla, var mikilv\u00e6g tr\u00faarleg vi\u00f0mi\u00f0unarf\u00edg\u00fara fyrir fiskimenn og saltvinnsluf\u00f3lk. Tr\u00faarfr\u00e6\u00f0ileg \u00fattekt me\u00f0 go\u00f0s\u00f6gn.","_yoast_wpseo_meta-robots-noindex":"","_yoast_wpseo_canonical":"","_angie_page":false,"gefaehrdungsstufe":"2","wesen_kultur":"anden-inka","wesen_klasse":"goetter","footnotes":""},"categories":[],"class_list":["post-168926","page","type-page","status-publish","has-post-thumbnail","hentry"],"yoast_head":"<!-- This site is optimized with the Yoast SEO Premium plugin v27.7 (Yoast SEO v28.3) - https:\/\/yoast.com\/product\/yoast-seo-premium-wordpress\/ -->\n<title>Mama Cocha \u2013 hafgy\u00f0ja Andesfjalla<\/title>\n<meta name=\"description\" content=\"Mama Cocha, hafgy\u00f0ja Andesfjalla, var mikilv\u00e6g tr\u00faarleg vi\u00f0mi\u00f0unarf\u00edg\u00fara fyrir fiskimenn og saltvinnsluf\u00f3lk. Tr\u00faarfr\u00e6\u00f0ileg \u00fattekt me\u00f0 go\u00f0s\u00f6gn.\" \/>\n<meta name=\"robots\" content=\"index, follow, max-snippet:-1, max-image-preview:large, max-video-preview:-1\" \/>\n<link rel=\"canonical\" href=\"https:\/\/iwell-guard.com\/is\/mama-cocha-hafgydja-andesfjalla\/\" \/>\n<meta property=\"og:locale\" content=\"is_IS\" \/>\n<meta property=\"og:type\" content=\"article\" \/>\n<meta property=\"og:title\" content=\"Mama Cocha \u2013 hafgy\u00f0ja Andesfjalla\" \/>\n<meta property=\"og:description\" content=\"Mama Cocha, hafgy\u00f0ja Andesfjalla, var mikilv\u00e6g tr\u00faarleg vi\u00f0mi\u00f0unarf\u00edg\u00fara fyrir fiskimenn og saltvinnsluf\u00f3lk. Tr\u00faarfr\u00e6\u00f0ileg \u00fattekt me\u00f0 go\u00f0s\u00f6gn.\" \/>\n<meta property=\"og:url\" content=\"https:\/\/iwell-guard.com\/is\/mama-cocha-hafgydja-andesfjalla\/\" \/>\n<meta property=\"og:site_name\" content=\"iWell Guard\" \/>\n<meta property=\"article:modified_time\" content=\"2026-09-05T14:22:59+00:00\" \/>\n<meta property=\"og:image\" content=\"https:\/\/iwell-guard.com\/wp-content\/uploads\/2026\/05\/goetter_anden-inka_mama-cocha.webp\" \/>\n\t<meta property=\"og:image:width\" content=\"1024\" \/>\n\t<meta property=\"og:image:height\" content=\"1536\" \/>\n\t<meta property=\"og:image:type\" content=\"image\/webp\" \/>\n<meta name=\"twitter:card\" content=\"summary_large_image\" \/>\n<script type=\"application\/ld+json\" class=\"yoast-schema-graph\">{\"@context\":\"https:\\\/\\\/schema.org\",\"@graph\":[{\"@type\":\"WebPage\",\"@id\":\"https:\\\/\\\/iwell-guard.com\\\/is\\\/mama-cocha-hafgydja-andesfjalla\\\/\",\"url\":\"https:\\\/\\\/iwell-guard.com\\\/is\\\/mama-cocha-hafgydja-andesfjalla\\\/\",\"name\":\"Mama Cocha \u2013 hafgy\u00f0ja Andesfjalla\",\"isPartOf\":{\"@id\":\"https:\\\/\\\/iwell-guard.com\\\/is\\\/#website\"},\"primaryImageOfPage\":{\"@id\":\"https:\\\/\\\/iwell-guard.com\\\/is\\\/mama-cocha-hafgydja-andesfjalla\\\/#primaryimage\"},\"image\":{\"@id\":\"https:\\\/\\\/iwell-guard.com\\\/is\\\/mama-cocha-hafgydja-andesfjalla\\\/#primaryimage\"},\"thumbnailUrl\":\"https:\\\/\\\/iwell-guard.com\\\/wp-content\\\/uploads\\\/2026\\\/05\\\/goetter_anden-inka_mama-cocha.webp\",\"datePublished\":\"2026-09-05T14:04:07+00:00\",\"dateModified\":\"2026-09-05T14:22:59+00:00\",\"description\":\"Mama Cocha, hafgy\u00f0ja Andesfjalla, var mikilv\u00e6g tr\u00faarleg vi\u00f0mi\u00f0unarf\u00edg\u00fara fyrir fiskimenn og saltvinnsluf\u00f3lk. Tr\u00faarfr\u00e6\u00f0ileg \u00fattekt me\u00f0 go\u00f0s\u00f6gn.\",\"breadcrumb\":{\"@id\":\"https:\\\/\\\/iwell-guard.com\\\/is\\\/mama-cocha-hafgydja-andesfjalla\\\/#breadcrumb\"},\"inLanguage\":\"is\",\"potentialAction\":[{\"@type\":\"ReadAction\",\"target\":[\"https:\\\/\\\/iwell-guard.com\\\/is\\\/mama-cocha-hafgydja-andesfjalla\\\/\"]}]},{\"@type\":\"ImageObject\",\"inLanguage\":\"is\",\"@id\":\"https:\\\/\\\/iwell-guard.com\\\/is\\\/mama-cocha-hafgydja-andesfjalla\\\/#primaryimage\",\"url\":\"https:\\\/\\\/iwell-guard.com\\\/wp-content\\\/uploads\\\/2026\\\/05\\\/goetter_anden-inka_mama-cocha.webp\",\"contentUrl\":\"https:\\\/\\\/iwell-guard.com\\\/wp-content\\\/uploads\\\/2026\\\/05\\\/goetter_anden-inka_mama-cocha.webp\",\"width\":1024,\"height\":1536,\"caption\":\"Gu\u00f0ir \u00far Andes-inka-hef\u00f0inni.\"},{\"@type\":\"BreadcrumbList\",\"@id\":\"https:\\\/\\\/iwell-guard.com\\\/is\\\/mama-cocha-hafgydja-andesfjalla\\\/#breadcrumb\",\"itemListElement\":[{\"@type\":\"ListItem\",\"position\":1,\"name\":\"Start\",\"item\":\"https:\\\/\\\/iwell-guard.com\\\/is\\\/?page_id=168580\"},{\"@type\":\"ListItem\",\"position\":2,\"name\":\"Mama Cocha \u2013 hafgy\u00f0ja Andesfjalla\"}]},{\"@type\":\"WebSite\",\"@id\":\"https:\\\/\\\/iwell-guard.com\\\/is\\\/#website\",\"url\":\"https:\\\/\\\/iwell-guard.com\\\/is\\\/\",\"name\":\"iWell Guard\",\"description\":\"Schutz vor dunklen Einfl\u00fcssen\",\"publisher\":{\"@id\":\"https:\\\/\\\/iwell-guard.com\\\/is\\\/#organization\"},\"potentialAction\":[{\"@type\":\"SearchAction\",\"target\":{\"@type\":\"EntryPoint\",\"urlTemplate\":\"https:\\\/\\\/iwell-guard.com\\\/is\\\/?s={search_term_string}\"},\"query-input\":{\"@type\":\"PropertyValueSpecification\",\"valueRequired\":true,\"valueName\":\"search_term_string\"}}],\"inLanguage\":\"is\"},{\"@type\":\"Organization\",\"@id\":\"https:\\\/\\\/iwell-guard.com\\\/is\\\/#organization\",\"name\":\"Ittermann electronic GmbH\",\"url\":\"https:\\\/\\\/iwell-guard.com\\\/is\\\/\",\"logo\":{\"@type\":\"ImageObject\",\"inLanguage\":\"is\",\"@id\":\"https:\\\/\\\/iwell-guard.com\\\/is\\\/#\\\/schema\\\/logo\\\/image\\\/\",\"url\":\"https:\\\/\\\/iwell-guard.com\\\/wp-content\\\/uploads\\\/2026\\\/05\\\/Ittermann-Logo-1182x237-1.png\",\"contentUrl\":\"https:\\\/\\\/iwell-guard.com\\\/wp-content\\\/uploads\\\/2026\\\/05\\\/Ittermann-Logo-1182x237-1.png\",\"width\":1182,\"height\":237,\"caption\":\"Ittermann electronic GmbH\"},\"image\":{\"@id\":\"https:\\\/\\\/iwell-guard.com\\\/is\\\/#\\\/schema\\\/logo\\\/image\\\/\"},\"sameAs\":[\"https:\\\/\\\/pantip.com\\\/profile\\\/9367242\",\"https:\\\/\\\/micro.blog\\\/iwellguard\",\"https:\\\/\\\/www.diggerslist.com\\\/iwellguard\\\/about\",\"https:\\\/\\\/skitterphoto.com\\\/photographers\\\/2870314\\\/iwell-guard\",\"https:\\\/\\\/iwellguard.wordpress.com\\\/2026\\\/06\\\/06\\\/iwell-guard\\\/\",\"https:\\\/\\\/hub.docker.com\\\/u\\\/iwellguard\",\"https:\\\/\\\/www.pinterest.com\\\/iwellguard\\\/\",\"https:\\\/\\\/bit.ly\\\/m\\\/iwellguard\",\"https:\\\/\\\/entre-vos-mains.alsace.eu\\\/profiles\\\/iwellguard\\\/activity\",\"https:\\\/\\\/gravatar.com\\\/reallybeded8fd34\",\"https:\\\/\\\/naijamatta.com\\\/iwellguard\",\"https:\\\/\\\/www.goodreads.com\\\/iwellguard\",\"https:\\\/\\\/profile.hatena.ne.jp\\\/iwellguard\\\/\",\"https:\\\/\\\/experiment.com\\\/users\\\/iwellguard\",\"https:\\\/\\\/wakelet.com\\\/@iWellGuard82270\",\"https:\\\/\\\/www.chordie.com\\\/forum\\\/profile.php?id=2555664\",\"https:\\\/\\\/www.instapaper.com\\\/p\\\/17757966\",\"https:\\\/\\\/www.mapleprimes.com\\\/users\\\/iwellguard\",\"https:\\\/\\\/businesslistingplus.com\\\/profile\\\/iwell-guard\\\/\",\"https:\\\/\\\/telegra.ph\\\/iWell-Guard-06-06\",\"https:\\\/\\\/pbase.com\\\/iwellguard\\\/iwellguard\",\"https:\\\/\\\/b.hatena.ne.jp\\\/iwellguard\\\/20260607#bookmark-4788405196491818882\",\"https:\\\/\\\/fliphtml5.com\\\/home\\\/iwellguard\",\"https:\\\/\\\/anyflip.com\\\/homepage\\\/cmiwl#About\",\"https:\\\/\\\/transfur.com\\\/Users\\\/iwellguard\",\"http:\\\/\\\/delphi.larsbo.org\\\/user\\\/iwellguard\",\"https:\\\/\\\/jobs.lajobsportal.org\\\/profiles\\\/8380803-iwell-guard\",\"https:\\\/\\\/md.chaosdorf.de\\\/s\\\/jfbe5SBdJD\",\"https:\\\/\\\/www.lingvolive.com\\\/en-us\\\/profile\\\/9ecaeaca-ce11-4e51-9e71-01d55e2bff36\\\/translations\",\"https:\\\/\\\/www.fitday.com\\\/fitness\\\/forums\\\/members\\\/iwellguard.html\",\"https:\\\/\\\/www.mymeetbook.com\\\/iwellguard\",\"https:\\\/\\\/pxhere.com\\\/en\\\/photographer-me\\\/5040798\",\"https:\\\/\\\/disqus.com\\\/by\\\/iwellguard\\\/about\\\/\",\"https:\\\/\\\/pastelink.net\\\/hjwciqwq\",\"https:\\\/\\\/pubhtml5.com\\\/homepage\\\/scjhn\\\/\",\"https:\\\/\\\/www.bitchute.com\\\/channel\\\/2O2eOKzNqujT\",\"https:\\\/\\\/audiomack.com\\\/iwellguard\"]},{\"@type\":\"Article\",\"@id\":\"https:\\\/\\\/iwell-guard.com\\\/is\\\/mama-cocha-hafgydja-andesfjalla\\\/#article\",\"isPartOf\":{\"@id\":\"https:\\\/\\\/iwell-guard.com\\\/is\\\/mama-cocha-hafgydja-andesfjalla\\\/\"},\"author\":{\"name\":\"Ralf Ittermann\",\"@id\":\"https:\\\/\\\/iwell-guard.com\\\/is\\\/#\\\/schema\\\/person\\\/ee2a27f1cac3406c7c6fb5820cb7349f\"},\"headline\":\"Mama Cocha \u2013 hafgy\u00f0ja Andesfjalla\",\"datePublished\":\"2026-09-05T14:04:07+00:00\",\"dateModified\":\"2026-09-05T14:22:59+00:00\",\"mainEntityOfPage\":{\"@id\":\"https:\\\/\\\/iwell-guard.com\\\/is\\\/mama-cocha-hafgydja-andesfjalla\\\/\"},\"publisher\":{\"@id\":\"https:\\\/\\\/iwell-guard.com\\\/is\\\/#organization\"},\"image\":{\"@id\":\"https:\\\/\\\/iwell-guard.com\\\/is\\\/mama-cocha-hafgydja-andesfjalla\\\/#primaryimage\"},\"thumbnailUrl\":\"https:\\\/\\\/iwell-guard.com\\\/wp-content\\\/uploads\\\/2026\\\/05\\\/goetter_anden-inka_mama-cocha.webp\",\"inLanguage\":\"is\",\"description\":\"Mama Cocha, hafgy\u00f0ja Andesfjalla, var mikilv\u00e6g tr\u00faarleg vi\u00f0mi\u00f0unarf\u00edg\u00fara fyrir fiskimenn og saltvinnsluf\u00f3lk. Tr\u00faarfr\u00e6\u00f0ileg \u00fattekt me\u00f0 go\u00f0s\u00f6gn.\"}]}<\/script>\n<!-- \/ Yoast SEO Premium plugin. -->","yoast_head_json":{"title":"Mama Cocha \u2013 hafgy\u00f0ja Andesfjalla","description":"Mama Cocha, hafgy\u00f0ja Andesfjalla, var mikilv\u00e6g tr\u00faarleg vi\u00f0mi\u00f0unarf\u00edg\u00fara fyrir fiskimenn og saltvinnsluf\u00f3lk. Tr\u00faarfr\u00e6\u00f0ileg \u00fattekt me\u00f0 go\u00f0s\u00f6gn.","robots":{"index":"index","follow":"follow","max-snippet":"max-snippet:-1","max-image-preview":"max-image-preview:large","max-video-preview":"max-video-preview:-1"},"canonical":"https:\/\/iwell-guard.com\/is\/mama-cocha-hafgydja-andesfjalla\/","og_locale":"is_IS","og_type":"article","og_title":"Mama Cocha \u2013 hafgy\u00f0ja Andesfjalla","og_description":"Mama Cocha, hafgy\u00f0ja Andesfjalla, var mikilv\u00e6g tr\u00faarleg vi\u00f0mi\u00f0unarf\u00edg\u00fara fyrir fiskimenn og saltvinnsluf\u00f3lk. Tr\u00faarfr\u00e6\u00f0ileg \u00fattekt me\u00f0 go\u00f0s\u00f6gn.","og_url":"https:\/\/iwell-guard.com\/is\/mama-cocha-hafgydja-andesfjalla\/","og_site_name":"iWell Guard","article_modified_time":"2026-09-05T14:22:59+00:00","og_image":[{"width":1024,"height":1536,"url":"https:\/\/iwell-guard.com\/wp-content\/uploads\/2026\/05\/goetter_anden-inka_mama-cocha.webp","type":"image\/webp"}],"twitter_card":"summary_large_image","schema":{"@context":"https:\/\/schema.org","@graph":[{"@type":"Article","@id":"https:\/\/iwell-guard.com\/is\/mama-cocha-hafgydja-andesfjalla\/#article","isPartOf":{"@id":"https:\/\/iwell-guard.com\/is\/mama-cocha-hafgydja-andesfjalla\/"},"author":{"name":"Ralf Ittermann","@id":"https:\/\/iwell-guard.com\/is\/#\/schema\/person\/ee2a27f1cac3406c7c6fb5820cb7349f"},"headline":"Mama Cocha \u2013 hafgy\u00f0ja Andesfjalla","datePublished":"2026-09-05T14:04:07+00:00","dateModified":"2026-09-05T14:22:59+00:00","mainEntityOfPage":{"@id":"https:\/\/iwell-guard.com\/is\/mama-cocha-hafgydja-andesfjalla\/"},"publisher":{"@id":"https:\/\/iwell-guard.com\/is\/#organization"},"image":{"@id":"https:\/\/iwell-guard.com\/is\/mama-cocha-hafgydja-andesfjalla\/#primaryimage"},"thumbnailUrl":"https:\/\/iwell-guard.com\/wp-content\/uploads\/2026\/05\/goetter_anden-inka_mama-cocha.webp","inLanguage":"is","description":"Mama Cocha, hafgy\u00f0ja Andesfjalla, var mikilv\u00e6g tr\u00faarleg vi\u00f0mi\u00f0unarf\u00edg\u00fara fyrir fiskimenn og saltvinnsluf\u00f3lk. Tr\u00faarfr\u00e6\u00f0ileg \u00fattekt me\u00f0 go\u00f0s\u00f6gn."},{"@type":"WebPage","@id":"https:\/\/iwell-guard.com\/is\/mama-cocha-hafgydja-andesfjalla\/","url":"https:\/\/iwell-guard.com\/is\/mama-cocha-hafgydja-andesfjalla\/","name":"Mama Cocha \u2013 hafgy\u00f0ja Andesfjalla","isPartOf":{"@id":"https:\/\/iwell-guard.com\/is\/#website"},"primaryImageOfPage":{"@id":"https:\/\/iwell-guard.com\/is\/mama-cocha-hafgydja-andesfjalla\/#primaryimage"},"image":{"@id":"https:\/\/iwell-guard.com\/is\/mama-cocha-hafgydja-andesfjalla\/#primaryimage"},"thumbnailUrl":"https:\/\/iwell-guard.com\/wp-content\/uploads\/2026\/05\/goetter_anden-inka_mama-cocha.webp","datePublished":"2026-09-05T14:04:07+00:00","dateModified":"2026-09-05T14:22:59+00:00","description":"Mama Cocha, hafgy\u00f0ja Andesfjalla, var mikilv\u00e6g tr\u00faarleg vi\u00f0mi\u00f0unarf\u00edg\u00fara fyrir fiskimenn og saltvinnsluf\u00f3lk. Tr\u00faarfr\u00e6\u00f0ileg \u00fattekt me\u00f0 go\u00f0s\u00f6gn.","breadcrumb":{"@id":"https:\/\/iwell-guard.com\/is\/mama-cocha-hafgydja-andesfjalla\/#breadcrumb"},"inLanguage":"is","potentialAction":[{"@type":"ReadAction","target":["https:\/\/iwell-guard.com\/is\/mama-cocha-hafgydja-andesfjalla\/"]}]},{"@type":"ImageObject","inLanguage":"is","@id":"https:\/\/iwell-guard.com\/is\/mama-cocha-hafgydja-andesfjalla\/#primaryimage","url":"https:\/\/iwell-guard.com\/wp-content\/uploads\/2026\/05\/goetter_anden-inka_mama-cocha.webp","contentUrl":"https:\/\/iwell-guard.com\/wp-content\/uploads\/2026\/05\/goetter_anden-inka_mama-cocha.webp","width":1024,"height":1536,"caption":"Gu\u00f0ir \u00far Andes-inka-hef\u00f0inni."},{"@type":"BreadcrumbList","@id":"https:\/\/iwell-guard.com\/is\/mama-cocha-hafgydja-andesfjalla\/#breadcrumb","itemListElement":[{"@type":"ListItem","position":1,"name":"Start","item":"https:\/\/iwell-guard.com\/is\/?page_id=168580"},{"@type":"ListItem","position":2,"name":"Mama Cocha \u2013 hafgy\u00f0ja Andesfjalla"}]},{"@type":"WebSite","@id":"https:\/\/iwell-guard.com\/is\/#website","url":"https:\/\/iwell-guard.com\/is\/","name":"iWell Guard","description":"Schutz vor dunklen Einfl\u00fcssen","publisher":{"@id":"https:\/\/iwell-guard.com\/is\/#organization"},"potentialAction":[{"@type":"SearchAction","target":{"@type":"EntryPoint","urlTemplate":"https:\/\/iwell-guard.com\/is\/?s={search_term_string}"},"query-input":{"@type":"PropertyValueSpecification","valueRequired":true,"valueName":"search_term_string"}}],"inLanguage":"is"},{"@type":"Organization","@id":"https:\/\/iwell-guard.com\/is\/#organization","name":"Ittermann electronic GmbH","url":"https:\/\/iwell-guard.com\/is\/","logo":{"@type":"ImageObject","inLanguage":"is","@id":"https:\/\/iwell-guard.com\/is\/#\/schema\/logo\/image\/","url":"https:\/\/iwell-guard.com\/wp-content\/uploads\/2026\/05\/Ittermann-Logo-1182x237-1.png","contentUrl":"https:\/\/iwell-guard.com\/wp-content\/uploads\/2026\/05\/Ittermann-Logo-1182x237-1.png","width":1182,"height":237,"caption":"Ittermann electronic GmbH"},"image":{"@id":"https:\/\/iwell-guard.com\/is\/#\/schema\/logo\/image\/"},"sameAs":["https:\/\/pantip.com\/profile\/9367242","https:\/\/micro.blog\/iwellguard","https:\/\/www.diggerslist.com\/iwellguard\/about","https:\/\/skitterphoto.com\/photographers\/2870314\/iwell-guard","https:\/\/iwellguard.wordpress.com\/2026\/06\/06\/iwell-guard\/","https:\/\/hub.docker.com\/u\/iwellguard","https:\/\/www.pinterest.com\/iwellguard\/","https:\/\/bit.ly\/m\/iwellguard","https:\/\/entre-vos-mains.alsace.eu\/profiles\/iwellguard\/activity","https:\/\/gravatar.com\/reallybeded8fd34","https:\/\/naijamatta.com\/iwellguard","https:\/\/www.goodreads.com\/iwellguard","https:\/\/profile.hatena.ne.jp\/iwellguard\/","https:\/\/experiment.com\/users\/iwellguard","https:\/\/wakelet.com\/@iWellGuard82270","https:\/\/www.chordie.com\/forum\/profile.php?id=2555664","https:\/\/www.instapaper.com\/p\/17757966","https:\/\/www.mapleprimes.com\/users\/iwellguard","https:\/\/businesslistingplus.com\/profile\/iwell-guard\/","https:\/\/telegra.ph\/iWell-Guard-06-06","https:\/\/pbase.com\/iwellguard\/iwellguard","https:\/\/b.hatena.ne.jp\/iwellguard\/20260607#bookmark-4788405196491818882","https:\/\/fliphtml5.com\/home\/iwellguard","https:\/\/anyflip.com\/homepage\/cmiwl#About","https:\/\/transfur.com\/Users\/iwellguard","http:\/\/delphi.larsbo.org\/user\/iwellguard","https:\/\/jobs.lajobsportal.org\/profiles\/8380803-iwell-guard","https:\/\/md.chaosdorf.de\/s\/jfbe5SBdJD","https:\/\/www.lingvolive.com\/en-us\/profile\/9ecaeaca-ce11-4e51-9e71-01d55e2bff36\/translations","https:\/\/www.fitday.com\/fitness\/forums\/members\/iwellguard.html","https:\/\/www.mymeetbook.com\/iwellguard","https:\/\/pxhere.com\/en\/photographer-me\/5040798","https:\/\/disqus.com\/by\/iwellguard\/about\/","https:\/\/pastelink.net\/hjwciqwq","https:\/\/pubhtml5.com\/homepage\/scjhn\/","https:\/\/www.bitchute.com\/channel\/2O2eOKzNqujT","https:\/\/audiomack.com\/iwellguard"]},{"@type":"Person","@id":"https:\/\/iwell-guard.com\/is\/#\/schema\/person\/ee2a27f1cac3406c7c6fb5820cb7349f","name":"Ralf Ittermann","image":{"@type":"ImageObject","inLanguage":"is","@id":"https:\/\/secure.gravatar.com\/avatar\/073c0153e350a5005b68eb752b445fea71f6b24a26da9449ad7e155e6b446c9d?s=96&d=mm&r=g","url":"https:\/\/secure.gravatar.com\/avatar\/073c0153e350a5005b68eb752b445fea71f6b24a26da9449ad7e155e6b446c9d?s=96&d=mm&r=g","contentUrl":"https:\/\/secure.gravatar.com\/avatar\/073c0153e350a5005b68eb752b445fea71f6b24a26da9449ad7e155e6b446c9d?s=96&d=mm&r=g","caption":"Ralf Ittermann"},"givenName":"Ralf","familyName":"Ittermann","jobTitle":"Gesch\u00e4ftsf\u00fchrer und redaktioneller Verantwortlicher","url":"https:\/\/iwell-guard.com\/is\/author\/claude\/","description":"Ralf Ittermann ist Gesch\u00e4ftsf\u00fchrer der Ittermann electronic GmbH und redaktioneller Verantwortlicher des iWell-Guard-Lexikons. Er verbindet langj\u00e4hrige Erfahrung in der Pr\u00e4zisionsfertigung mit medialer Praxis und religionsgeschichtlicher Quellenarbeit.","worksFor":{"@type":"Organization","name":"Ittermann electronic GmbH","url":"https:\/\/ittermann.de\/","address":{"@type":"PostalAddress","streetAddress":"K\u00f6hlergasse 16-18","postalCode":"99842","addressLocality":"Ruhla","addressCountry":"DE"}},"knowsAbout":["Religionsgeschichte","Mythologie","Mediale Praxis","Energetische Diagnostik","Schutzpraxis","Volksglauben","Westliche Esoterik"]},{"@type":"Article","@id":"https:\/\/iwell-guard.com\/is\/mama-cocha-hafgydja-andesfjalla\/#article","isPartOf":{"@id":"https:\/\/iwell-guard.com\/is\/mama-cocha-hafgydja-andesfjalla\/"},"author":{"name":"Ralf Ittermann","@id":"https:\/\/iwell-guard.com\/is\/#\/schema\/person\/ee2a27f1cac3406c7c6fb5820cb7349f"},"headline":"Mama Cocha \u2013 hafgy\u00f0ja Andesfjalla","datePublished":"2026-09-05T14:04:07+00:00","dateModified":"2026-09-05T14:22:59+00:00","mainEntityOfPage":{"@id":"https:\/\/iwell-guard.com\/is\/mama-cocha-hafgydja-andesfjalla\/"},"publisher":{"@id":"https:\/\/iwell-guard.com\/is\/#organization"},"image":{"@id":"https:\/\/iwell-guard.com\/is\/mama-cocha-hafgydja-andesfjalla\/#primaryimage"},"thumbnailUrl":"https:\/\/iwell-guard.com\/wp-content\/uploads\/2026\/05\/goetter_anden-inka_mama-cocha.webp","inLanguage":"is","description":"Mama Cocha, hafgy\u00f0ja Andesfjalla, var mikilv\u00e6g tr\u00faarleg vi\u00f0mi\u00f0unarf\u00edg\u00fara fyrir fiskimenn og saltvinnsluf\u00f3lk. Tr\u00faarfr\u00e6\u00f0ileg \u00fattekt me\u00f0 go\u00f0s\u00f6gn."}]}},"_links":{"self":[{"href":"https:\/\/iwell-guard.com\/is\/wp-json\/wp\/v2\/pages\/168926","targetHints":{"allow":["GET"]}}],"collection":[{"href":"https:\/\/iwell-guard.com\/is\/wp-json\/wp\/v2\/pages"}],"about":[{"href":"https:\/\/iwell-guard.com\/is\/wp-json\/wp\/v2\/types\/page"}],"author":[{"embeddable":true,"href":"https:\/\/iwell-guard.com\/is\/wp-json\/wp\/v2\/users\/3"}],"replies":[{"embeddable":true,"href":"https:\/\/iwell-guard.com\/is\/wp-json\/wp\/v2\/comments?post=168926"}],"version-history":[{"count":0,"href":"https:\/\/iwell-guard.com\/is\/wp-json\/wp\/v2\/pages\/168926\/revisions"}],"wp:featuredmedia":[{"embeddable":true,"href":"https:\/\/iwell-guard.com\/is\/wp-json\/wp\/v2\/media\/2679"}],"wp:attachment":[{"href":"https:\/\/iwell-guard.com\/is\/wp-json\/wp\/v2\/media?parent=168926"}],"wp:term":[{"taxonomy":"category","embeddable":true,"href":"https:\/\/iwell-guard.com\/is\/wp-json\/wp\/v2\/categories?post=168926"}],"curies":[{"name":"wp","href":"https:\/\/api.w.org\/{rel}","templated":true}]}}