{"id":168925,"date":"2026-09-05T14:04:06","date_gmt":"2026-09-05T14:04:06","guid":{"rendered":"https:\/\/iwell-guard.com\/?page_id=168925"},"modified":"2026-09-05T14:22:55","modified_gmt":"2026-09-05T14:22:55","slug":"supay-skadvaldar-undirheimaherra-andesfjalla","status":"publish","type":"page","link":"https:\/\/iwell-guard.com\/is\/supay-skadvaldar-undirheimaherra-andesfjalla\/","title":{"rendered":"Supay \u2013 ska\u00f0valdar og undirheimaherra Andesfjalla"},"content":{"rendered":"\t\t<div data-elementor-type=\"wp-page\" data-elementor-id=\"168925\" class=\"elementor elementor-168925 elementor-2580 elementor-bc-flex-widget\" data-elementor-post-type=\"page\">\n\t\t\t\t<div class=\"elementor-element elementor-element-iwgw-supay-hero e-flex e-con-boxed e-con e-parent\" data-id=\"iwgw-supay-hero\" data-element_type=\"container\" data-e-type=\"container\" data-settings=\"{&quot;background_background&quot;:&quot;classic&quot;}\">\n\t\t\t\t\t<div class=\"e-con-inner\">\n\t\t<div class=\"elementor-element elementor-element-iwgw-supay-hl e-flex e-con-boxed e-con e-child\" data-id=\"iwgw-supay-hl\" data-element_type=\"container\" data-e-type=\"container\">\n\t\t\t\t\t<div class=\"e-con-inner\">\n\t\t<div class=\"elementor-element elementor-element-iwgw-supay-htxt e-con-full e-flex e-con e-child\" data-id=\"iwgw-supay-htxt\" data-element_type=\"container\" data-e-type=\"container\">\n\t\t\t\t<div class=\"elementor-element elementor-element-iwgw-supay-h1 elementor-widget elementor-widget-heading\" data-id=\"iwgw-supay-h1\" data-element_type=\"widget\" data-e-type=\"widget\" data-widget_type=\"heading.default\">\n\t\t\t\t\t<h1 class=\"elementor-heading-title elementor-size-default\">Supay, ska\u00f0valdar, undirheimaherra og n\u00e1mudj\u00f6full hins and\u00edska h\u00e1lendis<\/h1>\t\t\t\t<\/div>\n\t\t\t\t<div class=\"elementor-element elementor-element-iwgw-supay-lead elementor-widget elementor-widget-text-editor\" data-id=\"iwgw-supay-lead\" data-element_type=\"widget\" data-e-type=\"widget\" data-widget_type=\"text-editor.default\">\n\t\t\t\t\t\t\t\t\t<p>Supay (\u00e1 kech\u00faa <em>supay<\/em>, \u00e1 a\u00edmara <em>supaya<\/em>) t\u00e1knar \u00ed hef\u00f0 Andesfjalla b\u00e6\u00f0i heilan flokk ska\u00f0legra anda og \u00e1kve\u00f0na undirheimapers\u00f3nu. \u00c1 n\u00e1musv\u00e6\u00f0um B\u00f3liv\u00edu breyttist hann \u00ed <em>Tio<\/em>, g\u00f6ngudj\u00f6fulinn \u00ed silfurn\u00e1munum \u00ed Potos\u00ed og Oruro.<\/p>\t\t\t\t\t\t\t\t<\/div>\n\t\t\t\t<\/div>\n\t\t<div class=\"elementor-element elementor-element-iwgw-supay-pillc e-con-full e-flex e-con e-child\" data-id=\"iwgw-supay-pillc\" data-element_type=\"container\" data-e-type=\"container\">\n\t\t\t\t<div class=\"elementor-element elementor-element-iwgw-supay-pills elementor-widget elementor-widget-html\" data-id=\"iwgw-supay-pills\" data-element_type=\"widget\" data-e-type=\"widget\" data-widget_type=\"html.default\">\n\t\t\t\t\t<div class=\"iwg-pill-row\"><span class=\"iwg-klasse-badge\" tabindex=\"0\" data-tooltip=\"Ska\u00f0valdur \u00far hef\u00f0 Andesfjalla \/ Inka.\">Ska\u00f0valdur<\/span><a href=\"https:\/\/iwell-guard.com\/is\/?page_id=168909\" class=\"iwg-kultur-badge\" tabindex=\"0\" data-tooltip=\"Go\u00f0afr\u00e6\u00f0i hef\u00f0ar Andesfjalla \/ Inka.\">Andesfj\u00f6ll \/ Inka<\/a><span class=\"iwg-tradition-badge\" tabindex=\"0\" data-tooltip=\"Dj\u00f6full undirheima.\">Dj\u00f6full undirheima<\/span><\/div>\t\t\t\t<\/div>\n\t\t\t\t<\/div>\n\t\t<div class=\"elementor-element elementor-element-iwgw-supay-tocc e-con-full e-flex e-con e-child\" data-id=\"iwgw-supay-tocc\" data-element_type=\"container\" data-e-type=\"container\">\n\t\t\t\t<div class=\"elementor-element elementor-element-iwgw-supay-toc elementor-toc--minimized-on-tablet elementor-widget elementor-widget-table-of-contents\" data-id=\"iwgw-supay-toc\" data-element_type=\"widget\" data-e-type=\"widget\" data-settings=\"{&quot;headings_by_tags&quot;:[&quot;h2&quot;,&quot;h3&quot;],&quot;minimize_box&quot;:&quot;yes&quot;,&quot;marker_view&quot;:&quot;bullets&quot;,&quot;no_headings_message&quot;:&quot;Engar undirfyrirsagnir fundust \\u00e1 \\u00feessari s\\u00ed\\u00f0u.&quot;,&quot;exclude_headings_by_selector&quot;:[],&quot;icon&quot;:{&quot;value&quot;:&quot;fas fa-circle&quot;,&quot;library&quot;:&quot;fa-solid&quot;,&quot;rendered_tag&quot;:&quot;&lt;svg class=\\&quot;e-font-icon-svg e-fas-circle\\&quot; viewBox=\\&quot;0 0 512 512\\&quot; xmlns=\\&quot;http:\\\/\\\/www.w3.org\\\/2000\\\/svg\\&quot;&gt;&lt;path d=\\&quot;M256 8C119 8 8 119 8 256s111 248 248 248 248-111 248-248S393 8 256 8z\\&quot;&gt;&lt;\\\/path&gt;&lt;\\\/svg&gt;&quot;},&quot;minimized_on&quot;:&quot;tablet&quot;,&quot;hierarchical_view&quot;:&quot;yes&quot;,&quot;min_height&quot;:{&quot;unit&quot;:&quot;px&quot;,&quot;size&quot;:&quot;&quot;,&quot;sizes&quot;:[]},&quot;min_height_tablet&quot;:{&quot;unit&quot;:&quot;px&quot;,&quot;size&quot;:&quot;&quot;,&quot;sizes&quot;:[]},&quot;min_height_mobile&quot;:{&quot;unit&quot;:&quot;px&quot;,&quot;size&quot;:&quot;&quot;,&quot;sizes&quot;:[]}}\" data-widget_type=\"table-of-contents.default\">\n\t\t\t\t\t\t\t\t\t<div class=\"elementor-toc__header\">\n\t\t\t\t\t\t<h2 class=\"elementor-toc__header-title\">\n\t\t\t\tEfnisyfirlit\t\t\t<\/h2>\n\t\t\t\t\t\t\t\t\t\t<div class=\"elementor-toc__toggle-button elementor-toc__toggle-button--expand\" role=\"button\" tabindex=\"0\" aria-controls=\"elementor-toc__iwgw-supay-toc\" aria-expanded=\"true\" aria-label=\"Open table of contents\"><svg aria-hidden=\"true\" class=\"e-font-icon-svg e-fas-chevron-down\" viewBox=\"0 0 448 512\" xmlns=\"http:\/\/www.w3.org\/2000\/svg\"><path d=\"M207.029 381.476L12.686 187.132c-9.373-9.373-9.373-24.569 0-33.941l22.667-22.667c9.357-9.357 24.522-9.375 33.901-.04L224 284.505l154.745-154.021c9.379-9.335 24.544-9.317 33.901.04l22.667 22.667c9.373 9.373 9.373 24.569 0 33.941L240.971 381.476c-9.373 9.372-24.569 9.372-33.942 0z\"><\/path><\/svg><\/div>\n\t\t\t\t<div class=\"elementor-toc__toggle-button elementor-toc__toggle-button--collapse\" role=\"button\" tabindex=\"0\" aria-controls=\"elementor-toc__iwgw-supay-toc\" aria-expanded=\"true\" aria-label=\"Close table of contents\"><svg aria-hidden=\"true\" class=\"e-font-icon-svg e-fas-chevron-up\" viewBox=\"0 0 448 512\" xmlns=\"http:\/\/www.w3.org\/2000\/svg\"><path d=\"M240.971 130.524l194.343 194.343c9.373 9.373 9.373 24.569 0 33.941l-22.667 22.667c-9.357 9.357-24.522 9.375-33.901.04L224 227.495 69.255 381.516c-9.379 9.335-24.544 9.317-33.901-.04l-22.667-22.667c-9.373-9.373-9.373-24.569 0-33.941L207.03 130.525c9.372-9.373 24.568-9.373 33.941-.001z\"><\/path><\/svg><\/div>\n\t\t\t\t\t<\/div>\n\t\t\t\t<div id=\"elementor-toc__iwgw-supay-toc\" class=\"elementor-toc__body\">\n\t\t\t<div class=\"elementor-toc__spinner-container\">\n\t\t\t\t<svg class=\"elementor-toc__spinner eicon-animation-spin e-font-icon-svg e-eicon-loading\" aria-hidden=\"true\" viewBox=\"0 0 1000 1000\" xmlns=\"http:\/\/www.w3.org\/2000\/svg\"><path d=\"M500 975V858C696 858 858 696 858 500S696 142 500 142 142 304 142 500H25C25 237 238 25 500 25S975 237 975 500 763 975 500 975Z\"><\/path><\/svg>\t\t\t<\/div>\n\t\t<\/div>\n\t\t\t\t\t\t<\/div>\n\t\t\t\t<\/div>\n\t\t\t\t\t<\/div>\n\t\t\t\t<\/div>\n\t\t<div class=\"elementor-element elementor-element-iwgw-supay-hr e-con-full e-flex e-con e-child\" data-id=\"iwgw-supay-hr\" data-element_type=\"container\" data-e-type=\"container\">\n\t\t\t\t<div class=\"elementor-element elementor-element-iwgw-supay-heroimg iwg-hero-image elementor-widget elementor-widget-image\" data-id=\"iwgw-supay-heroimg\" data-element_type=\"widget\" data-e-type=\"widget\" data-widget_type=\"image.default\">\n\t\t\t\t\t\t\t\t\t\t\t\t\t\t\t<img fetchpriority=\"high\" decoding=\"async\" width=\"683\" height=\"1024\" src=\"https:\/\/iwell-guard.com\/wp-content\/uploads\/2026\/05\/geister_anden-inka_supay-683x1024.webp\" class=\"attachment-large size-large wp-image-170867\" alt=\"Supay - andar \u00far Inka-hef\u00f0 Andesfjalla, s\u00f6gulega myndskreytt\" srcset=\"https:\/\/iwell-guard.com\/wp-content\/uploads\/2026\/05\/geister_anden-inka_supay-683x1024.webp 683w, https:\/\/iwell-guard.com\/wp-content\/uploads\/2026\/05\/geister_anden-inka_supay-200x300.webp 200w, https:\/\/iwell-guard.com\/wp-content\/uploads\/2026\/05\/geister_anden-inka_supay-768x1152.webp 768w, https:\/\/iwell-guard.com\/wp-content\/uploads\/2026\/05\/geister_anden-inka_supay.webp 1024w\" sizes=\"(max-width: 683px) 100vw, 683px\" \/>\t\t\t\t\t\t\t\t\t\t\t\t\t\t\t<\/div>\n\t\t\t\t<\/div>\n\t\t\t\t\t<\/div>\n\t\t\t\t<\/div>\n\t\t<div class=\"elementor-element elementor-element-iwgw-supay-s0 e-flex e-con-boxed e-con e-parent\" data-id=\"iwgw-supay-s0\" data-element_type=\"container\" data-e-type=\"container\">\n\t\t\t\t\t<div class=\"e-con-inner\">\n\t\t\t\t<div class=\"elementor-element elementor-element-iwgw-supay-s0h elementor-widget elementor-widget-heading\" data-id=\"iwgw-supay-s0h\" data-element_type=\"widget\" data-e-type=\"widget\" data-widget_type=\"heading.default\">\n\t\t\t\t\t<h2 class=\"elementor-heading-title elementor-size-default\">Sta\u00f0a \u00ed and\u00edsku pantheoninu<\/h2>\t\t\t\t<\/div>\n\t\t<div class=\"elementor-element elementor-element-iwgw-supay-s0c e-con-full e-flex e-con e-child\" data-id=\"iwgw-supay-s0c\" data-element_type=\"container\" data-e-type=\"container\">\n\t\t\t\t<div class=\"elementor-element elementor-element-iwgw-supay-s0t elementor-widget elementor-widget-text-editor\" data-id=\"iwgw-supay-s0t\" data-element_type=\"widget\" data-e-type=\"widget\" data-widget_type=\"text-editor.default\">\n\t\t\t\t\t\t\t\t\t<p>Supay er pers\u00f3na sem erfitt er a\u00f0 flokka innan tr\u00faarbrag\u00f0a Andesfjalla. \u00d3l\u00edkt hinum r\u00edkisbundnu, keisaralegu \u00e6\u00f0ri gu\u00f0um <a href=\"https:\/\/iwell-guard.com\/is\/?page_id=168919\">Inti<\/a>, <a href=\"https:\/\/iwell-guard.com\/is\/?page_id=168921\">Viracocha<\/a> og <a href=\"https:\/\/iwell-guard.com\/is\/?page_id=168922\">Mama Killa<\/a> er Supay hvorki pers\u00f3nuger\u00f0ur skapari n\u00e9 sk\u00fdrt afmarka\u00f0ur einstaklingsgu\u00f0. \u00cd elstu kech\u00faa-heimildum t\u00e1knar hann flokk ska\u00f0legra, l\u00edkamslausra vera, s\u00e1lna hinna d\u00e1nu, sj\u00fakd\u00f3msanda, n\u00e6tur-\u00f3n\u00e6\u00f0ismanna, og samhli\u00f0a \u00fev\u00ed pers\u00f3nuger\u00f0a valdsherra undirheimanna.<\/p><p>Sp\u00e6nskir tr\u00fabo\u00f0ar notu\u00f0u <em>supay<\/em> fr\u00e1 16. \u00f6ld sem kech\u00faa-hli\u00f0st\u00e6\u00f0u vi\u00f0 hinn kristna dj\u00f6ful (<em>diablo<\/em>).<\/p><p>\u00deessi sams\u00f6mun hefur skekkt upprunalegu merkinguna verulega: \u00dear sem hinn kristni dj\u00f6full er hugsa\u00f0ur sem hreint illt afl, var supay \u00ed frum-sp\u00e6nskri and\u00edskri <span class=\"iwg-fachbegriff\" data-tooltip=\"V\u00edsindaleg fr\u00e6\u00f0i um gu\u00f0 og tr\u00fa tiltekinna tr\u00faarbrag\u00f0a.\" tabindex=\"0\">gu\u00f0fr\u00e6\u00f0i<\/span> si\u00f0fer\u00f0islega tv\u00edr\u00e6\u00f0 pers\u00f3na, h\u00e6ttuleg en a\u00f0 \u00f6\u00f0ru leyti gagnleg, \u00ed \u00f6llu falli engin hrein illska.<\/p><p>Per\u00faski mannfr\u00e6\u00f0ingurinn Manuel Marzal l\u00fdsti \u00ed <em>El mundo religioso de Urcos<\/em> (1971) \u00feessari supay\/diablo-skekkju me\u00f0 kerfisbundnum h\u00e6tti.<\/p><p>\u00cd tr\u00faarbrag\u00f0afr\u00e6\u00f0ilegri flokkun heyrir Supay til hins v\u00ed\u00f0a flokks <em>hnattbundinna ne\u00f0anjar\u00f0arvera<\/em>, vera dj\u00fapsins, innvi\u00f0a jar\u00f0arinnar, hella og n\u00e1ma.<\/p><p>Um er a\u00f0 r\u00e6\u00f0a skipulagslega samb\u00e6rilegar verur eins og gr\u00edska Hades, germanska Hel, mes\u00f3amer\u00edsku Mictlantecuhtli og a\u00f0 vissu leyti einnig vod\u00fa-gu\u00f0inn Baron Samedi. \u00cd \u00f6llum tilvikum er um verur a\u00f0 r\u00e6\u00f0a sem tengjast heimi hinna dau\u00f0u og hinu ne\u00f0anjar\u00f0ar r\u00edki.<\/p><p>Athyglisver\u00f0 er hin fyrra sp\u00e6nska athugun \u00feess a\u00f0 kech\u00faa-m\u00e6landi Inkar h\u00f6f\u00f0u ekkert samr\u00e6mt hugtak um algj\u00f6rt illt. Polo de Ondegardo skr\u00e1\u00f0i \u00e1ri\u00f0 1559 a\u00f0 Inkar k\u00f6nnu\u00f0ust vi\u00f0 margar ska\u00f0legar verur, en engan samr\u00e6mda pers\u00f3nuger\u00f0 hins illa \u00e1 bor\u00f0 vi\u00f0 hinn kristna Satan.<\/p><p>\u00deessi athugun var af tr\u00fabo\u00f0unum \u00ed fyrstu talin skortur \u00e1 <span class=\"iwg-fachbegriff\" data-tooltip=\"V\u00edsindaleg fr\u00e6\u00f0i um gu\u00f0 og tr\u00fa tiltekinna tr\u00faarbrag\u00f0a.\" tabindex=\"0\">gu\u00f0fr\u00e6\u00f0i<\/span> og var leyst me\u00f0 supay\/diablo-sams\u00f6muninni, ferli sem tr\u00faarbrag\u00f0as\u00f6gulegar ranns\u00f3knir fjalla enn um \u00ed dag.<\/p>\t\t\t\t\t\t\t\t<\/div>\n\t\t\t\t<\/div>\n\t\t\t\t\t<\/div>\n\t\t\t\t<\/div>\n\t\t<div class=\"elementor-element elementor-element-iwgw-supay-s1 e-flex e-con-boxed e-con e-parent\" data-id=\"iwgw-supay-s1\" data-element_type=\"container\" data-e-type=\"container\">\n\t\t\t\t\t<div class=\"e-con-inner\">\n\t\t\t\t<div class=\"elementor-element elementor-element-iwgw-supay-s1h elementor-widget elementor-widget-heading\" data-id=\"iwgw-supay-s1h\" data-element_type=\"widget\" data-e-type=\"widget\" data-widget_type=\"heading.default\">\n\t\t\t\t\t<h2 class=\"elementor-heading-title elementor-size-default\">Nafn og or\u00f0sifjar<\/h2>\t\t\t\t<\/div>\n\t\t<div class=\"elementor-element elementor-element-iwgw-supay-s1c e-con-full e-flex e-con e-child\" data-id=\"iwgw-supay-s1c\" data-element_type=\"container\" data-e-type=\"container\">\n\t\t\t\t<div class=\"elementor-element elementor-element-iwgw-supay-s1t elementor-widget elementor-widget-text-editor\" data-id=\"iwgw-supay-s1t\" data-element_type=\"widget\" data-e-type=\"widget\" data-widget_type=\"text-editor.default\">\n\t\t\t\t\t\t\t\t\t<p>Kech\u00faa-hugtaki\u00f0 <em>supay<\/em> er \u00feekkt fr\u00e1 elstu n\u00fdlenduor\u00f0ab\u00f3kunum. Diego Gonz\u00e1lez Holgu\u00edn gefur upp \u00e1ri\u00f0 1608 merkinguna <em>demonio o sombra<\/em>, <span class=\"iwg-fachbegriff\" data-tooltip=\"Andleg vera sem er eignu\u00f0 ska\u00f0leg e\u00f0a tv\u00edr\u00e6\u00f0 \u00e1hrif.\" tabindex=\"0\">dj\u00f6full<\/span> e\u00f0a skuggi. \u00deessi tv\u00f6falda merking er uppl\u00fdsandi: <em>sombra<\/em> merkir ekki a\u00f0eins sj\u00f3narlegan skugga, heldur eina tegund efnislauss vitundar sem getur fylgt hinum lifandi. Fleirtalan <em>supaykuna<\/em> v\u00edsar til margfeldis sl\u00edkra skuggalegra vera.<\/p><p>\u00cd a\u00edmara-m\u00e1lsv\u00e6\u00f0inu er samsvarandi or\u00f0 <em>supaya<\/em> e\u00f0a <em>saxra<\/em>. S\u00ed\u00f0arnefnda or\u00f0i\u00f0 er n\u00fa algengara \u00ed b\u00f3liv\u00edsku a\u00edmara-\u00feorpunum og v\u00edsar til ska\u00f0valda sem b\u00faa \u00ed \u00e1kve\u00f0num n\u00e1tt\u00farufyrirb\u00e6rum (hringi\u00f0um, sprungum \u00ed klettum, hellum).<\/p><p>\u00cd n\u00fat\u00edma kech\u00faa-m\u00e6landi \u00feorpum hefur <em>supay<\/em> gengi\u00f0 \u00ed gegnum fl\u00f3kna hugtakas\u00f6gu.<\/p><p>Catherine Allen greinir \u00ed <em>The Hold Life Has<\/em> (2002) \u00ferj\u00fa merkingarsvi\u00f0: \u00ed fyrsta lagi <em>supay<\/em> sem ni\u00f0randi or\u00f0 yfir kristna dj\u00f6fla (\u00ed samr\u00e6mi vi\u00f0 sams\u00f6mun tr\u00fabo\u00f0anna), \u00ed \u00f6\u00f0ru lagi <em>supay<\/em> sem almennt or\u00f0 yfir skuggalegan ska\u00f0vald, \u00ed \u00feri\u00f0ja lagi <em>supay<\/em> sem vir\u00f0ingarheiti fyrir \u00e1kve\u00f0na fjallaherra (Apu) e\u00f0a forfe\u00f0ra-m\u00fam\u00edur (mallqui), sem minna \u00e1 vir\u00f0ingarfulla var\u00fa\u00f0.<\/p><p>Or\u00f0fr\u00e6\u00f0ileg n\u00e1l\u00e6g\u00f0 <em>supay<\/em> vi\u00f0 kech\u00faa-s\u00f6gnina <em>supay-<\/em> (a\u00f0 vera feykt burt af vindi, borinn burt) hefur leitt suma m\u00e1lv\u00edsindamenn til a\u00f0 telja a\u00f0 grunnmerkingin s\u00e9 <em>burtfeyktur <span class=\"iwg-fachbegriff\" data-tooltip=\"L\u00edkamslaus vera sem er eignu\u00f0 \u00e1hrif \u00ed heiminum.\" tabindex=\"0\">andi<\/span><\/em>, vera sem eftir dau\u00f0ann er borin af vindi aftur inn \u00ed heim hinna lifandi.<\/p><p>\u00deessi m\u00e1ls\u00f6gulega tilg\u00e1ta er ekki fullkomlega sta\u00f0fest, en fellur vel a\u00f0 \u00feeim \u00fej\u00f3\u00f0fr\u00e6\u00f0ilega athugu\u00f0u hugmynd um supay sem <em>vind-<span class=\"iwg-fachbegriff\" data-tooltip=\"L\u00edkamslaus vera sem er eignu\u00f0 \u00e1hrif \u00ed heiminum.\" tabindex=\"0\">anda<\/span><\/em>.<\/p>\t\t\t\t\t\t\t\t<\/div>\n\t\t\t\t<\/div>\n\t\t\t\t\t<\/div>\n\t\t\t\t<\/div>\n\t\t<div class=\"elementor-element elementor-element-iwgw-supay-s2 e-flex e-con-boxed e-con e-parent\" data-id=\"iwgw-supay-s2\" data-element_type=\"container\" data-e-type=\"container\">\n\t\t\t\t\t<div class=\"e-con-inner\">\n\t\t\t\t<div class=\"elementor-element elementor-element-iwgw-supay-s2h elementor-widget elementor-widget-heading\" data-id=\"iwgw-supay-s2h\" data-element_type=\"widget\" data-e-type=\"widget\" data-widget_type=\"heading.default\">\n\t\t\t\t\t<h2 class=\"elementor-heading-title elementor-size-default\">L\u00fdsing og myndm\u00e1l<\/h2>\t\t\t\t<\/div>\n\t\t<div class=\"elementor-element elementor-element-iwgw-supay-s2c e-con-full e-flex e-con e-child\" data-id=\"iwgw-supay-s2c\" data-element_type=\"container\" data-e-type=\"container\">\n\t\t\t\t<div class=\"elementor-element elementor-element-iwgw-supay-s2t elementor-widget elementor-widget-text-editor\" data-id=\"iwgw-supay-s2t\" data-element_type=\"widget\" data-e-type=\"widget\" data-widget_type=\"text-editor.default\">\n\t\t\t\t\t\t\t\t\t<p>\u00cd elstu ann\u00e1lum er Supay l\u00fdst sem formlausum, \u00f3s\u00fdnilegum og hverfanlegum v\u00e6ttum sem s\u00e6kja \u00e1 hina lifandi \u00ed svefni, \u00ed sj\u00fakd\u00f3mum e\u00f0a \u00e1 n\u00f3ttunni. \u00deessi t\u00e1knfr\u00e6\u00f0ilega ey\u00f0a er einkennandi fyrir hina fornu andesku hugmynd um ska\u00f0v\u00e6nar v\u00e6ttir; \u00fe\u00e6r voru ekki s\u00fdndar \u00ed fastri mynd heldur voru \u00fe\u00e6r hr\u00e6ddar sem \u00f3s\u00fdnileg n\u00e6rvera.<\/p><p>Me\u00f0 sp\u00e6nska tr\u00fabo\u00f0inu og sams\u00f6mun vi\u00f0 kristna dj\u00f6fulinn breyttist t\u00e1knmyndin gagngert. \u00cd n\u00fdlendum\u00e1lverkum Cusquena- og Potosi-sk\u00f3lanna birtist Supay \u00ed s\u00edfellt evr\u00f3pskari, dj\u00f6fullegri mynd: me\u00f0 horn, langan hala, hafurf\u00e6tur, og stundum umlukinn brennisteinsgufu.<\/p><p>Hi\u00f0 fr\u00e6ga m\u00e1lverk <em>Triumph des Heiligen Michael<\/em> (Cusquena-sk\u00f3linn, 17. \u00f6ld) s\u00fdnir marga sl\u00edka Supay undir f\u00f3tum erkiengilsins.<\/p><p>\u00cd b\u00f3liv\u00edsku n\u00e1muh\u00e9ra\u00f0inu hefur m\u00f3tast s\u00e9rst\u00f6k Tio-t\u00e1knmynd fr\u00e1 17. \u00f6ld: leirm\u00f3ta\u00f0ar karlmyndir me\u00f0 gullnum augum, hornum \u00e1 h\u00f6f\u00f0i, t\u00f3baksvindlingi \u00ed munni og \u00e1berandi stinnri fallosi, sem t\u00e1kna gj\u00f6fulleika jar\u00f0arinnar sem gefur af s\u00e9r silfri\u00f0.<\/p><p>\u00deessar Tio-styttur standa enn \u00ed dag \u00ed n\u00e6r hverjum n\u00e1mug\u00f6ngum \u00ed Potosi-Oruro h\u00e9ra\u00f0inu. June Nash hefur skjalfest \u00fe\u00e6r \u00edtarlega \u00ed <em>We Eat the Mines and the Mines Eat Us<\/em> (1979).<\/p>\t\t\t\t\t\t\t\t<\/div>\n\t\t\t\t<\/div>\n\t\t\t\t\t<\/div>\n\t\t\t\t<\/div>\n\t\t<div class=\"elementor-element elementor-element-iwgw-supay-s3 e-flex e-con-boxed e-con e-parent\" data-id=\"iwgw-supay-s3\" data-element_type=\"container\" data-e-type=\"container\">\n\t\t\t\t\t<div class=\"e-con-inner\">\n\t\t\t\t<div class=\"elementor-element elementor-element-iwgw-supay-s3h elementor-widget elementor-widget-heading\" data-id=\"iwgw-supay-s3h\" data-element_type=\"widget\" data-e-type=\"widget\" data-widget_type=\"heading.default\">\n\t\t\t\t\t<h2 class=\"elementor-heading-title elementor-size-default\">Go\u00f0sagnakenndar fr\u00e1sagnir<\/h2>\t\t\t\t<\/div>\n\t\t<div class=\"elementor-element elementor-element-iwgw-supay-s3c e-con-full e-flex e-con e-child\" data-id=\"iwgw-supay-s3c\" data-element_type=\"container\" data-e-type=\"container\">\n\t\t\t\t<div class=\"elementor-element elementor-element-iwgw-supay-s3t elementor-widget elementor-widget-text-editor\" data-id=\"iwgw-supay-s3t\" data-element_type=\"widget\" data-e-type=\"widget\" data-widget_type=\"text-editor.default\">\n\t\t\t\t\t\t\t\t\t<p>Munnleg <span class=\"iwg-fachbegriff\" data-tooltip=\"Mi\u00f0lun \u00feekkingar og fr\u00e1sagna kynsl\u00f3\u00f0 fram af kynsl\u00f3\u00f0.\" tabindex=\"0\">arfleif\u00f0<\/span> um Supay er brotakennd. \u00cd Huarochir\u00ed-handritinu (um 1608) koma fram nokkrar supay-verur sem andst\u00e6\u00f0ingar hetjupers\u00f3na; \u00feeim er oftast sigra\u00f0 me\u00f0 kl\u00e6kjum e\u00f0a \u00feeim er b\u00e6gt fr\u00e1 me\u00f0 helgisi\u00f0abundnum a\u00f0ger\u00f0um.<\/p><p>Crist\u00f3bal de Albornoz l\u00fdsir \u00ed riti s\u00ednu <em>Instrucci\u00f3n para descubrir todas las guacas<\/em> (um 1581) \u00fdmsum flokkum supay, \u00fear \u00e1 me\u00f0al <em>aya supay<\/em> (dau\u00f0a\u00f6ndum), <em>chuqui supay<\/em> (spj\u00f3ts\u00f6ndum, \u00fe.e. str\u00ed\u00f0sdj\u00f6flum) og <em>llocsi supay<\/em> (\u00feeim sem st\u00edga fram, \u00fe.e. reikandi draugum).<\/p><p>\u00datbreitt minni \u00ed fr\u00e1s\u00f6gnum kvisju-m\u00e6landi \u00feorpa var\u00f0ar <em>condenado<\/em> (hinn b\u00f6lva\u00f0a): s\u00e1l l\u00e1tins manns sem f\u00e6r ekki inng\u00f6ngu \u00ed handanheiminn vegna sifjaspells, mor\u00f0s e\u00f0a annarra alvarlegra gl\u00e6pa og reikar um sem flakkandi Supay.<\/p><p>\u00deessir condenado-ar reika einkum um \u00e1 n\u00f3ttunni \u00ed h\u00e1lendinu, birtast fer\u00f0al\u00f6ngum sem hryggur en jafnframt \u00f3hugnanlegur f\u00f6runautur og reyna a\u00f0 draga hina lifandi me\u00f0 s\u00e9r \u00ed dau\u00f0ann. Catherine Allen skr\u00e1\u00f0i fyrir \u00feorpi\u00f0 Sonqo nokkrar sl\u00edkar condenado-fr\u00e1sagnir.<\/p><p>\u00cd n\u00e1mu-<span class=\"iwg-fachbegriff\" data-tooltip=\"Heildarsafn go\u00f0sagna og fr\u00e1sagna sem var\u00f0veist hafa \u00ed tiltekinni menningu.\" tabindex=\"0\">go\u00f0afr\u00e6\u00f0i<\/span> b\u00f3liv\u00edsku Andesfjallanna kemur Supay\/T\u00edo fram sem herra silfurn\u00e1manna. Meginfr\u00e1s\u00f6gnin l\u00fdsir \u00fev\u00ed hvernig fyrsti n\u00e1muma\u00f0urinn rakst \u00e1 T\u00edo-styttu og spur\u00f0i hana r\u00e1\u00f0a: T\u00edo lofa\u00f0i r\u00edkulegu silfri en kraf\u00f0ist \u00ed sta\u00f0inn k\u00f3ka, brenniv\u00edns og stundum mannsl\u00edfs.<\/p><p>\u00deessi saga er a\u00f0 v\u00edsu sagnakennd en endurspeglar mj\u00f6g n\u00e1kv\u00e6mlega hina raunverulega h\u00e1u slysat\u00ed\u00f0ni \u00ed n\u00e1mug\u00f6ngunum, sem unni\u00f0 er \u00far \u00ed gegnum T\u00edo-<span class=\"iwg-fachbegriff\" data-tooltip=\"Heildarsafn tr\u00faarlegra tilbei\u00f0sluathafna helga\u00f0ra gu\u00f0i e\u00f0a heilagri veru.\" tabindex=\"0\">d\u00fdrkunina<\/span> me\u00f0 helgisi\u00f0um.<\/p><p>Annar mikilv\u00e6gur fr\u00e1sagnaflokkur var\u00f0ar <em>pishtaco<\/em>-verurnar, s\u00e9rstakt afbrig\u00f0i af Supay-skyldleika sem hefur hloti\u00f0 s\u00e9rstaka athygli \u00ed yngri Andes\u00feorpum. Pishtacos eru hv\u00edtar, fitusj\u00fagandi verur sem eiga a\u00f0 nota fitu <span class=\"iwg-fachbegriff\" data-tooltip=\"Gj\u00f6f til gu\u00f0s til a\u00f0 tj\u00e1 \u00feakkl\u00e6ti, b\u00e6n e\u00f0a tilbei\u00f0slu.\" tabindex=\"0\">f\u00f3rnarlamba<\/span> sinna \u00ed i\u00f0na\u00f0arv\u00e9lar.<\/p><p>\u00deessi fr\u00e1s\u00f6gn er sta\u00f0fest allt fr\u00e1 lokum 16. aldar og er endurvakin \u00e1 hverju umbrotaskei\u00f0i \u00ed efnahagsm\u00e1lum. Mary Weismantel hefur \u00ed <em>Cholas and Pishtacos<\/em> (2001) s\u00fdnt fram \u00e1 hvernig \u00feessi fr\u00e1s\u00f6gn vinnur tr\u00faarlega \u00far \u00feeirri byggingarbundnu spennu sem r\u00edkir milli frumbyggja og ekki-frumbyggja valdhafa.<\/p>\t\t\t\t\t\t\t\t<\/div>\n\t\t\t\t<\/div>\n\t\t\t\t\t<\/div>\n\t\t\t\t<\/div>\n\t\t<div class=\"elementor-element elementor-element-iwgw-supay-s4 e-flex e-con-boxed e-con e-parent\" data-id=\"iwgw-supay-s4\" data-element_type=\"container\" data-e-type=\"container\">\n\t\t\t\t\t<div class=\"e-con-inner\">\n\t\t\t\t<div class=\"elementor-element elementor-element-iwgw-supay-s4h elementor-widget elementor-widget-heading\" data-id=\"iwgw-supay-s4h\" data-element_type=\"widget\" data-e-type=\"widget\" data-widget_type=\"heading.default\">\n\t\t\t\t\t<h2 class=\"elementor-heading-title elementor-size-default\">D\u00fdrkun og n\u00e1muhelgisi\u00f0ir<\/h2>\t\t\t\t<\/div>\n\t\t<div class=\"elementor-element elementor-element-iwgw-supay-s4c e-con-full e-flex e-con e-child\" data-id=\"iwgw-supay-s4c\" data-element_type=\"container\" data-e-type=\"container\">\n\t\t\t\t<div class=\"elementor-element elementor-element-iwgw-supay-s4t elementor-widget elementor-widget-text-editor\" data-id=\"iwgw-supay-s4t\" data-element_type=\"widget\" data-e-type=\"widget\" data-widget_type=\"text-editor.default\">\n\t\t\t\t\t\t\t\t\t<p>Supay-<span class=\"iwg-fachbegriff\" data-tooltip=\"Heildarsafn tr\u00faarlegra tilbei\u00f0sluathafna helga\u00f0ra gu\u00f0i e\u00f0a heilagri veru.\" tabindex=\"0\">d\u00fdrkunin<\/span> \u00e1 t\u00edmum Inkanna var einungis til \u00ed neikv\u00e6\u00f0u formi: Supay-verur voru ekki m\u00f3tt\u00f6kugu\u00f0ir heldur andar sem verja \u00feurfti gegn me\u00f0 helgisi\u00f0abundnum a\u00f0ger\u00f0um.<\/p><p>Mikilv\u00e6gasta d\u00e6mi\u00f0 er hin \u00e1rlega <em>Citua<\/em>-hreinsunarh\u00e1t\u00ed\u00f0 \u00ed Cusco (september), \u00fear sem str\u00ed\u00f0smenn gengu um borgina me\u00f0 kyndla, r\u00e1ku burt alla sj\u00fakd\u00f3ma, allar \u00feekktar supay-verur og allar truflanir \u00far borginni og skolu\u00f0u \u00feeim t\u00e1knr\u00e6nt \u00fat \u00ed h\u00f6fu\u00f0\u00e1ttirnar fj\u00f3rar.<\/p><p>Fr\u00e1 17. \u00f6ld hefur \u00ed b\u00f3liv\u00edsku n\u00e1muh\u00e9ru\u00f0unum \u00fer\u00f3ast sj\u00e1lfst\u00e6\u00f0 T\u00edo-<span class=\"iwg-fachbegriff\" data-tooltip=\"Heildarsafn tr\u00faarlegra tilbei\u00f0sluathafna helga\u00f0ra gu\u00f0i e\u00f0a heilagri veru.\" tabindex=\"0\">d\u00fdrkun<\/span> sem gengur langt umfram einfalda v\u00f6rn og ver\u00f0ur a\u00f0 virkri um\u00f6nnun sambandsins vi\u00f0 n\u00e1mudj\u00f6fulinn.<\/p><p>N\u00e1mumennirnir f\u00e6ra T\u00edo f\u00f3rnir \u00e1 hverjum \u00feri\u00f0judegi og f\u00f6studegi me\u00f0 \u00fev\u00ed a\u00f0 leggja k\u00f3kalauf \u00ed skaut hans, hella brenniv\u00edni \u00ed munn hans, stinga logandi s\u00edgarettum \u00ed munn hans og bi\u00f0ja hann a\u00f0 l\u00e1ta silfri\u00f0 laust og halda g\u00f6ngunum \u00f6ruggum.<\/p><p>H\u00e1punktur \u00e1rsins er hin \u00e1rlega <em>Carnaval Minero<\/em> (karnival n\u00e1mumannanna) \u00ed Oruro, sem hefur veri\u00f0 \u00e1 heimsminjaskr\u00e1 UNESCO s\u00ed\u00f0an 2001.<\/p><p>\u00cd mi\u00f0ju karnivalsins stendur <em>Diablada<\/em>-dansinn, sem s\u00fdnir \u00f3sigur T\u00edo gegn erkiengilinn M\u00edkael, k\u00f3re\u00f3graf\u00edska samruna hinnar forsp\u00e6nsku Supay-<span class=\"iwg-fachbegriff\" data-tooltip=\"Hin v\u00edsindalega kenning um gu\u00f0 og tr\u00fa tiltekinna tr\u00faarbrag\u00f0a.\" tabindex=\"0\">gu\u00f0fr\u00e6\u00f0i<\/span> vi\u00f0 ka\u00fe\u00f3lska dj\u00f6flakenningu. Hinar fr\u00e6gu silfurgr\u00edmur dj\u00f6fulsins \u00far Oruro-karnivalinu eru jafnframt listas\u00f6gulegt og tr\u00faars\u00f6gulegt fyrirb\u00e6ri.<\/p><p>N\u00e1muh\u00e9ra\u00f0i\u00f0 Potos\u00ed var fr\u00e1 uppg\u00f6tvun silfurn\u00e1manna \u00e1ri\u00f0 1545 efnahagsleg mi\u00f0st\u00f6\u00f0 sp\u00e6nska n\u00fdlenduveldisins. Borgin Potos\u00ed var\u00f0 \u00e1 17. \u00f6ld ein st\u00e6rsta borg heims me\u00f0 yfir 160.000 \u00edb\u00faa.<\/p><p>Hin g\u00edfurlega h\u00e1a tala l\u00e1tinna me\u00f0al frumbyggja \u00ed mita-nau\u00f0ungarvinnu, \u00fe\u00fasundir n\u00e1mumanna l\u00e9tust \u00e1rlega \u00far kvikasilfurseitrun, slysum og \u00f6rm\u00f6gnun, m\u00f3tu\u00f0u T\u00edo-<span class=\"iwg-fachbegriff\" data-tooltip=\"Hin v\u00edsindalega kenning um gu\u00f0 og tr\u00fa tiltekinna tr\u00faarbrag\u00f0a.\" tabindex=\"0\">gu\u00f0fr\u00e6\u00f0ina<\/span> og g\u00e1fu henni bl\u00f3\u00f0ugan bakgrunn sem enn \u00ed dag er til sta\u00f0ar \u00ed karnivalsfr\u00e1s\u00f6gnum Oruro-B\u00f3liv\u00edu.<\/p>\t\t\t\t\t\t\t\t<\/div>\n\t\t\t\t<\/div>\n\t\t\t\t\t<\/div>\n\t\t\t\t<\/div>\n\t\t<div class=\"elementor-element elementor-element-iwgw-supay-s5 e-flex e-con-boxed e-con e-parent\" data-id=\"iwgw-supay-s5\" data-element_type=\"container\" data-e-type=\"container\">\n\t\t\t\t\t<div class=\"e-con-inner\">\n\t\t\t\t<div class=\"elementor-element elementor-element-iwgw-supay-s5h elementor-widget elementor-widget-heading\" data-id=\"iwgw-supay-s5h\" data-element_type=\"widget\" data-e-type=\"widget\" data-widget_type=\"heading.default\">\n\t\t\t\t\t<h2 class=\"elementor-heading-title elementor-size-default\">Verndara\u00f0ger\u00f0ir og fr\u00e1hrindandi t\u00e1kn<\/h2>\t\t\t\t<\/div>\n\t\t<div class=\"elementor-element elementor-element-iwgw-supay-s5c e-con-full e-flex e-con e-child\" data-id=\"iwgw-supay-s5c\" data-element_type=\"container\" data-e-type=\"container\">\n\t\t\t\t<div class=\"elementor-element elementor-element-iwgw-supay-s5t elementor-widget elementor-widget-text-editor\" data-id=\"iwgw-supay-s5t\" data-element_type=\"widget\" data-e-type=\"widget\" data-widget_type=\"text-editor.default\">\n\t\t\t\t\t\t\t\t\t<p>Verndarhef\u00f0in gegn supay myndar einn r\u00edkasta kaflann \u00ed tr\u00faarhef\u00f0 almennings \u00ed Andesfj\u00f6llum. Catherine Allen, Joseph Bastien og Olivia Harris hafa \u00ed \u00fej\u00f3\u00f0fr\u00e6\u00f0ilegum verkum s\u00ednum l\u00fdst \u00feessari framkv\u00e6md \u00ed \u00feorpunum \u00e1 skipulegan h\u00e1tt.<\/p><p>Me\u00f0al helstu verndargripa m\u00e1 nefna: a\u00f0 bera rau\u00f0an ullar\u00fer\u00e1\u00f0 um \u00falnli\u00f0inn (s\u00e9rstaklega hj\u00e1 sm\u00e1b\u00f6rnum), a\u00f0 koma fyrir litlu krosst\u00e1knmengi yfir \u00fatidyrum h\u00fasa, a\u00f0 reykja h\u00fasi\u00f0 me\u00f0 eukalyptus- og muna-bl\u00f6\u00f0um (villtri fjallamyntu), og a\u00f0 bera hv\u00edtlauk e\u00f0a ruta-jurtab\u00fata um h\u00e1lsinn. \u00deessar venjur hafa \u00ed sm\u00e1atri\u00f0um or\u00f0i\u00f0 fyrir samruna-\u00e1hrifum evr\u00f3pskra \u00fej\u00f3\u00f0l\u00e6kningahef\u00f0a.<\/p><p>S\u00e9rst\u00f6k verndarhef\u00f0 sn\u00fdr a\u00f0 <em>almas-en-pena<\/em> (s\u00e1lum \u00ed kv\u00f6l) og <em>condenados<\/em>: S\u00e1 sem ekki matrei\u00f0ir hina r\u00e9ttu m\u00e1lt\u00ed\u00f0 fyrir hina dau\u00f0u \u00e1 allra s\u00e1lna degi (1.\u20132. n\u00f3vember) h\u00e6ttir \u00e1 a\u00f0 framli\u00f0nir forfe\u00f0ur sn\u00fai aftur sem supay.<\/p><p>Hin vanda\u00f0a framkv\u00e6md <em>Todos Santos<\/em>-matarins, me\u00f0 s\u00e9rb\u00f6ku\u00f0um brau\u00f0f\u00edg\u00farum (<em>t&#8217;antawawas<\/em>), choclo, ma\u00edss\u00e6tindum og k\u00f3ka-laufum, er \u00ed senn hei\u00f0run hinna dau\u00f0u og verndarframkv\u00e6md gegn hefnd illa \u00fatleikinna anda.<\/p>\t\t\t\t\t\t\t\t<\/div>\n\t\t\t\t<\/div>\n\t\t\t\t\t<\/div>\n\t\t\t\t<\/div>\n\t\t<div class=\"elementor-element elementor-element-iwgw-supay-s6 e-flex e-con-boxed e-con e-parent\" data-id=\"iwgw-supay-s6\" data-element_type=\"container\" data-e-type=\"container\">\n\t\t\t\t\t<div class=\"e-con-inner\">\n\t\t\t\t<div class=\"elementor-element elementor-element-iwgw-supay-s6h elementor-widget elementor-widget-heading\" data-id=\"iwgw-supay-s6h\" data-element_type=\"widget\" data-e-type=\"widget\" data-widget_type=\"heading.default\">\n\t\t\t\t\t<h2 class=\"elementor-heading-title elementor-size-default\">Hli\u00f0st\u00e6\u00f0ur \u00ed \u00f6\u00f0rum menningarheimum<\/h2>\t\t\t\t<\/div>\n\t\t<div class=\"elementor-element elementor-element-iwgw-supay-s6c e-con-full e-flex e-con e-child\" data-id=\"iwgw-supay-s6c\" data-element_type=\"container\" data-e-type=\"container\">\n\t\t\t\t<div class=\"elementor-element elementor-element-iwgw-supay-s6t elementor-widget elementor-widget-text-editor\" data-id=\"iwgw-supay-s6t\" data-element_type=\"widget\" data-e-type=\"widget\" data-widget_type=\"text-editor.default\">\n\t\t\t\t\t\t\t\t\t<p>Sambandi\u00f0 milli supay og Tio hefur fengi\u00f0 mikla athygli \u00ed fr\u00e6\u00f0ilegum skrifum, \u00fev\u00ed \u00fea\u00f0 er sk\u00f3lab\u00f3kard\u00e6mi um fyrirb\u00e6ri\u00f0 <em>tr\u00faarlegan vi\u00f0sn\u00faning<\/em>: Vera sem \u00ed e\u00f0li s\u00ednu vekur \u00f3gn ver\u00f0ur \u00ed n\u00e1mui\u00f0na\u00f0inum a\u00f0 virkri, r\u00e6kta\u00f0ri tengslaveru, \u00fear sem efnahagslegar a\u00f0st\u00e6\u00f0ur til a\u00f0 lifa af krefjast hagn\u00fdtrar n\u00e1lgunar a\u00f0 hinu illa.<\/p><p>Skyld fyrirb\u00e6ri \u00e1 formger\u00f0arlegan h\u00e1tt finnast \u00ed mes\u00f3amer\u00edskri Tlazolteotl- og Mictlantecuhtli-<span class=\"iwg-fachbegriff\" data-tooltip=\"Hin fr\u00e6\u00f0ilega kenning um gu\u00f0 og tr\u00fa innan tr\u00faarbrag\u00f0a.\" tabindex=\"0\">gu\u00f0fr\u00e6\u00f0i<\/span>, \u00ed vestur-as\u00edskri Lilith-hef\u00f0 (sem getur b\u00e6\u00f0i veri\u00f0 ska\u00f0valdsandi og verndarandi) og \u00ed afr\u00edskri Eshu-<span class=\"iwg-fachbegriff\" data-tooltip=\"Hin fr\u00e6\u00f0ilega kenning um gu\u00f0 og tr\u00fa innan tr\u00faarbrag\u00f0a.\" tabindex=\"0\">gu\u00f0fr\u00e6\u00f0i<\/span>. June Nash l\u00fdsti b\u00f3liv\u00edska Tio \u00ed <em>We Eat the Mines<\/em> (1979) beinl\u00ednis sem d\u00e6mi um <em>working-class theology<\/em>, sem lesa m\u00e1 b\u00e6\u00f0i marx\u00edskt og tr\u00faar\u00fej\u00f3\u00f0fr\u00e6\u00f0ilega.<\/p><p>S\u00e9rstakt fyrir sv\u00e6\u00f0i Andesfjalla er samtvinnun supay\/Tio-fl\u00f3kans vi\u00f0 <a href=\"https:\/\/iwell-guard.com\/is\/?page_id=168920\">Pachamama<\/a>-fl\u00f3kann. \u00cd b\u00f3liv\u00edskum n\u00e1mum eru Tio og Pachamama skilin sem hli\u00f0st\u00e6tt par: Tio inni \u00ed g\u00f6ngunum, Pachamama fyrir utan vi\u00f0 gangamunnann. \u00deessi samv\u00e6gni fellur a\u00f0 hinni almennu andes\u00edsku <em>yanantin<\/em>-reglu um tv\u00f6f\u00f6ld p\u00f6r.<\/p><p>Mikilv\u00e6g hli\u00f0st\u00e6\u00f0a er hin j\u00fad\u00edska <em>Lilith<\/em>-hef\u00f0, sem einnig birtir tv\u00f6falda mynd milli ska\u00f0valdsanda og, vi\u00f0 \u00e1kve\u00f0nar a\u00f0st\u00e6\u00f0ur, a\u00f0gengilegs millig\u00f6ngumanns.<\/p><p>Japanska <em>oni<\/em>-hugtaki\u00f0 er einnig skylt, \u00fev\u00ed oni-verur eru heldur ekki s\u00fdndar si\u00f0fer\u00f0ilega afdr\u00e1ttarlaust illar, heldur tv\u00edr\u00e6\u00f0ar. \u00deessar formger\u00f0arlegu hli\u00f0st\u00e6\u00f0ur \u00e6ttu \u00fe\u00f3 ekki a\u00f0 lei\u00f0a til flokkunarlegrar jafnsetningar: Hin s\u00f6gulega og menningarlega s\u00e9rsta\u00f0a hverrar hef\u00f0ar er \u00e1fram kjarnaatri\u00f0i.<\/p>\t\t\t\t\t\t\t\t<\/div>\n\t\t\t\t<\/div>\n\t\t\t\t\t<\/div>\n\t\t\t\t<\/div>\n\t\t<div class=\"elementor-element elementor-element-iwgw-supay-s7 e-flex e-con-boxed e-con e-parent\" data-id=\"iwgw-supay-s7\" data-element_type=\"container\" data-e-type=\"container\">\n\t\t\t\t\t<div class=\"e-con-inner\">\n\t\t\t\t<div class=\"elementor-element elementor-element-iwgw-supay-s7h elementor-widget elementor-widget-heading\" data-id=\"iwgw-supay-s7h\" data-element_type=\"widget\" data-e-type=\"widget\" data-widget_type=\"heading.default\">\n\t\t\t\t\t<h2 class=\"elementor-heading-title elementor-size-default\">N\u00fat\u00edmavi\u00f0t\u00f6kur og ranns\u00f3knir<\/h2>\t\t\t\t<\/div>\n\t\t<div class=\"elementor-element elementor-element-iwgw-supay-s7c e-con-full e-flex e-con e-child\" data-id=\"iwgw-supay-s7c\" data-element_type=\"container\" data-e-type=\"container\">\n\t\t\t\t<div class=\"elementor-element elementor-element-iwgw-supay-s7t elementor-widget elementor-widget-text-editor\" data-id=\"iwgw-supay-s7t\" data-element_type=\"widget\" data-e-type=\"widget\" data-widget_type=\"text-editor.default\">\n\t\t\t\t\t\t\t\t\t<p><span class=\"iwg-fachbegriff\" data-tooltip=\"\u00d6ll tr\u00faarleg tilbei\u00f0sluath\u00f6fn fyrir gu\u00f0 e\u00f0a heilaga veru.\" tabindex=\"0\">D\u00fdrkun<\/span> Tio \u00ed b\u00f3liv\u00edskum n\u00e1mum er \u00ed dag einn best rannsaka\u00f0i tr\u00faarlegi framkv\u00e6mdaflokkur heims. Verk June Nash (1979), Tristan Platt (1983), Pascale Absi (2005) og franska n\u00e1mu\u00fej\u00f3\u00f0fr\u00e6\u00f0ingsins Tristan Platt hafa l\u00fdst samfellu og breytingum \u00feessarar d\u00fdrkunar fr\u00e1 sp\u00e6nskri n\u00fdlendut\u00ed\u00f0 til n\u00fat\u00edmans \u00ed sm\u00e1atri\u00f0um.<\/p><p>Athyglisver\u00f0 er sagan um hvernig supay var samsama\u00f0ur kristna dj\u00f6flinum: Fl\u00f3kinn af \u00f6ndum, sem upphaflega var eins konar skuggakenndur og si\u00f0fer\u00f0ilega tv\u00edr\u00e6\u00f0ur, var af sp\u00e6nskri kristnibo\u00f0sstefnu breytt \u00ed \u00e1berandi and-gu\u00f0, sem n\u00fa, \u00feversagnarkennt, er \u00ed n\u00e1muframkv\u00e6mdinni aftur or\u00f0inn vi\u00f0t\u00f6kuvera \u00ed gagnkv\u00e6mu <span class=\"iwg-fachbegriff\" data-tooltip=\"Gj\u00f6f til gu\u00f0s til a\u00f0 tj\u00e1 \u00feakkl\u00e6ti, b\u00e6n e\u00f0a tilbei\u00f0slu.\" tabindex=\"0\">f\u00f3rnar<\/span>sambandi.<\/p><p>\u00deessi kaldh\u00e6\u00f0nislega vending er klass\u00edskt d\u00e6mi um <em>religious creativity<\/em> frumbyggjamenningarheima vi\u00f0 n\u00fdlendua\u00f0st\u00e6\u00f0ur.<\/p><p>Fr\u00e1 fr\u00e6\u00f0ilegu sj\u00f3narhorni er supay\/Tio \u00e1fram mikilv\u00e6g \u00e1minning gegn einfalda\u00f0ri sams\u00f6mun frumbyggja-ska\u00f0valdsanda vi\u00f0 kristna dj\u00f6fulinn. Flokkurinn <em>diablo<\/em>, sem er af n\u00fdlenduuppruna, hylur hina einl\u00e6gu andes\u00edsku si\u00f0fer\u00f0islegu tv\u00edr\u00e6\u00f0ni supay-fl\u00f3kans og gerir hann \u00f3hentugan til fr\u00e6\u00f0ilegrar greiningar. Samhengi iWell Guard l\u00fdsir \u00feessari ni\u00f0urst\u00f6\u00f0u \u00e1 s\u00f6gulegan h\u00e1tt, \u00e1n nokkurs lofor\u00f0s um verkun.<\/p><p>N\u00faverandi ranns\u00f3knir tengja supay-fl\u00f3kann jafnframt vi\u00f0 spurningar um r\u00e9ttl\u00e6tishugmyndir frumbyggja. \u00dear sem hi\u00f0 hef\u00f0bundna d\u00f3mskerfi r\u00edkisins brestur, \u00fej\u00f3nar supay-condenado-hugmyndin \u00ed \u00feorpunum sem si\u00f0fer\u00f0ilegur j\u00f6fnunarb\u00fana\u00f0ur: S\u00e1 sem hefur baka\u00f0 s\u00e9r sekt kemur eftir dau\u00f0ann aftur sem r\u00e1fandi supay og fulln\u00e6gir sinni eigin refsingu.<\/p><p>\u00deessi si\u00f0fer\u00f0ilega v\u00eddd supay-<span class=\"iwg-fachbegriff\" data-tooltip=\"Hin fr\u00e6\u00f0ilega kenning um gu\u00f0 og tr\u00fa innan tr\u00faarbrag\u00f0a.\" tabindex=\"0\">gu\u00f0fr\u00e6\u00f0innar<\/span> hefur veri\u00f0 l\u00fdst af Allen, Bastien og Salomon \u00ed verkum s\u00ednum sem <em>moral ecology<\/em> quechua-aymar\u00edskrar tr\u00faarhneig\u00f0ar.<\/p>\t\t\t\t\t\t\t\t<\/div>\n\t\t\t\t<\/div>\n\t\t\t\t\t<\/div>\n\t\t\t\t<\/div>\n\t\t<div class=\"elementor-element elementor-element-iwgw-supay-s8 e-flex e-con-boxed e-con e-parent\" data-id=\"iwgw-supay-s8\" data-element_type=\"container\" data-e-type=\"container\">\n\t\t\t\t\t<div class=\"e-con-inner\">\n\t\t\t\t<div class=\"elementor-element elementor-element-iwgw-supay-s8h elementor-widget elementor-widget-heading\" data-id=\"iwgw-supay-s8h\" data-element_type=\"widget\" data-e-type=\"widget\" data-widget_type=\"heading.default\">\n\t\t\t\t\t<h2 class=\"elementor-heading-title elementor-size-default\">Heimildir og b\u00f3kmenntir<\/h2>\t\t\t\t<\/div>\n\t\t<div class=\"elementor-element elementor-element-iwgw-supay-s8c e-con-full e-flex e-con e-child\" data-id=\"iwgw-supay-s8c\" data-element_type=\"container\" data-e-type=\"container\">\n\t\t\t\t<div class=\"elementor-element elementor-element-iwgw-supay-s8t elementor-widget elementor-widget-text-editor\" data-id=\"iwgw-supay-s8t\" data-element_type=\"widget\" data-e-type=\"widget\" data-widget_type=\"text-editor.default\">\n\t\t\t\t\t\t\t\t\t<p>Eftirfarandi \u00farval telur upp helstu verk um supay\/Tio-hef\u00f0ina \u00ed mi\u00f0-Andesfj\u00f6llum, s\u00e9rstaklega um b\u00f3liv\u00edska n\u00e1mu\u00fej\u00f3\u00f0fr\u00e6\u00f0i.<\/p>\t\t\t\t\t\t\t\t<\/div>\n\t\t\t\t<\/div>\n\t\t\t\t\t<\/div>\n\t\t\t\t<\/div>\n\t\t<div class=\"elementor-element elementor-element-cp290cce30 e-flex e-con-boxed e-con e-parent\" data-id=\"cp290cce30\" data-element_type=\"container\" data-e-type=\"container\">\n\t\t\t\t\t<div class=\"e-con-inner\">\n\t\t\t\t<div class=\"elementor-element elementor-element-cp268756bf elementor-widget elementor-widget-heading\" data-id=\"cp268756bf\" data-element_type=\"widget\" data-e-type=\"widget\" data-widget_type=\"heading.default\">\n\t\t\t\t\t<h2 class=\"elementor-heading-title elementor-size-default\">Supay \u00e1 milli fyrirsp\u00e6nskrar hugmyndar og kristinnar endurt\u00falkunar<\/h2>\t\t\t\t<\/div>\n\t\t<div class=\"elementor-element elementor-element-cp2e5496e8 e-flex e-con-boxed e-con e-child\" data-id=\"cp2e5496e8\" data-element_type=\"container\" data-e-type=\"container\">\n\t\t\t\t\t<div class=\"e-con-inner\">\n\t\t\t\t<div class=\"elementor-element elementor-element-cp2761718f elementor-widget elementor-widget-text-editor\" data-id=\"cp2761718f\" data-element_type=\"widget\" data-e-type=\"widget\" data-widget_type=\"text-editor.default\">\n\t\t\t\t\t\t\t\t\t<p>Or\u00f0i\u00f0 <em>supay<\/em> er eitt \u00feeirra or\u00f0a \u00fear sem merkingin breyttist grundvallandi vegna sp\u00e6nskrar landvinninga.<\/p><p>\u00cd elstu quechua-or\u00f0ab\u00f3kunum, svo sem <em>Lexicon<\/em> Domingo de Santo Tom\u00e1s (1560) og or\u00f0asafni Diego Gonz\u00e1lez Holgu\u00edn (1608), kemur <em>supay<\/em> fram sem heiti \u00e1 <span class=\"iwg-fachbegriff\" data-tooltip=\"L\u00edkamslaus vera sem talin er hafa \u00e1hrif \u00e1 heiminn.\" tabindex=\"0\">anda<\/span> e\u00f0a skuggaveru sem tengist heimi hinna dau\u00f0u og undirheimum.<\/p><p>Ekki er unnt a\u00f0 sta\u00f0festa me\u00f0 vissu neikv\u00e6tt si\u00f0fer\u00f0ismat fr\u00e1 t\u00edmanum \u00e1\u00f0ur en sp\u00e6nsk landvinning h\u00f3fst.<\/p><p>Kristnu tr\u00fabo\u00f0arnir \u00fe\u00fdddu <em>supay<\/em> \u00fe\u00f3 jafnan sem dj\u00f6fulinn og <span class=\"iwg-fachbegriff\" data-tooltip=\"Andleg vera sem talin er hafa ska\u00f0leg e\u00f0a tv\u00edr\u00e6\u00f0 \u00e1hrif.\" tabindex=\"0\">p\u00faka<\/span>. \u00deannig var\u00f0 \u00far margr\u00e6\u00f0ri veru andaheims Andesfjalla pers\u00f3na hins kristna illa. \u00deessi sams\u00f6mun kemur fram \u00feegar \u00ed fr\u00e6\u00f0sluritunum sem \u00feri\u00f0ja kirkju\u00feing L\u00edma gaf \u00fat fr\u00e1 1583 \u00e1 quechua og aymara.<\/p><p>Ranns\u00f3knir, me\u00f0al annars verk Sabine MacCormack og Gerald Taylor, hafa s\u00fdnt fram \u00e1 a\u00f0 k\u00f3lon\u00edutextarnar sk\u00f6pu\u00f0u \u00feannig flokk sem ekki var til \u00e1\u00f0ur \u00ed \u00feessari mynd.<\/p><p>Myndin ver\u00f0ur fl\u00f3knari vi\u00f0 \u00fea\u00f0 a\u00f0 \u00edb\u00faar Andesfjalla t\u00f3ku \u00feessa endurt\u00falkun a\u00f0 hluta til en unnu l\u00edka \u00e1 m\u00f3ti henni a\u00f0 hluta. Undirheimarnir h\u00e9ldu \u00e1fram \u00ed hugmyndaheiminum a\u00f0 tengjast au\u00f0i og n\u00e1mum, og \u00feannig var\u00f0 <em>supay<\/em> jafnframt herra n\u00e1manna.<\/p><p>Pers\u00f3na <em>t\u00edo<\/em>, herra undirheimsins, sem n\u00e1mamenn \u00ed Potos\u00ed og \u00f6\u00f0rum n\u00e1mami\u00f0st\u00f6\u00f0vum f\u00e6ra gjafir til enn \u00feann dag \u00ed dag, er \u00ed \u00feessari hef\u00f0.<\/p><p>H\u00fan er ekki einfaldur kristinn dj\u00f6full heldur vera sem menn ver\u00f0a a\u00f0 umgangast, \u00fear sem h\u00fan r\u00e6\u00f0ur yfir fj\u00e1rsj\u00f3\u00f0um fjallsins. Svipu\u00f0 tv\u00edr\u00e6\u00f0ni s\u00e9st \u00ed umgengni vi\u00f0 <a href=\"https:\/\/iwell-guard.com\/is\/?page_id=168920\">Pachamama<\/a>, sem einnig f\u00e6r gjafir.<\/p>\t\t\t\t\t\t\t\t<\/div>\n\t\t\t\t\t<\/div>\n\t\t\t\t<\/div>\n\t\t\t\t\t<\/div>\n\t\t\t\t<\/div>\n\t\t<div class=\"elementor-element elementor-element-cp2745eaad e-flex e-con-boxed e-con e-parent\" data-id=\"cp2745eaad\" data-element_type=\"container\" data-e-type=\"container\">\n\t\t\t\t\t<div class=\"e-con-inner\">\n\t\t\t\t<div class=\"elementor-element elementor-element-cp2c1826c6 elementor-widget elementor-widget-heading\" data-id=\"cp2c1826c6\" data-element_type=\"widget\" data-e-type=\"widget\" data-widget_type=\"heading.default\">\n\t\t\t\t\t<h2 class=\"elementor-heading-title elementor-size-default\">Diablada og dj\u00f6fladansinn<\/h2>\t\t\t\t<\/div>\n\t\t<div class=\"elementor-element elementor-element-cp2d0b1363 e-flex e-con-boxed e-con e-child\" data-id=\"cp2d0b1363\" data-element_type=\"container\" data-e-type=\"container\">\n\t\t\t\t\t<div class=\"e-con-inner\">\n\t\t\t\t<div class=\"elementor-element elementor-element-cp2f6bbec7 elementor-widget elementor-widget-text-editor\" data-id=\"cp2f6bbec7\" data-element_type=\"widget\" data-e-type=\"widget\" data-widget_type=\"text-editor.default\">\n\t\t\t\t\t\t\t\t\t<p>Samhengi \u00fear sem Supay-hugmyndin er enn s\u00fdnileg \u00ed dag er <em>Diablada<\/em>, dj\u00f6fladansinn, sem er s\u00e9rstaklega tengdur karnivalinu \u00ed Oruro \u00ed B\u00f3liv\u00edu.<\/p><p>\u00cd \u00feessari h\u00e1t\u00ed\u00f0, sem er sta\u00f0fest \u00ed n\u00faverandi grunnmynd sinni fr\u00e1 18. \u00f6ld, ganga dansflokkar um borgina \u00ed fl\u00f3knum dj\u00f6flagr\u00edmum. Gr\u00edmukl\u00e6ddir dansarar t\u00e1kna her <em>supay<\/em>-veranna sem a\u00f0 lokum er sigra\u00f0ur t\u00e1knr\u00e6nt af erkiengilinum M\u00edkael.<\/p><p>Fr\u00e6\u00f0ileg t\u00falkun s\u00e9r \u00ed <em>Diablada<\/em> samruna tveggja laga. Ytra formi\u00f0 fylgir kristnu form\u00falunni um sigur g\u00f3\u00f0s yfir illu, eins og sp\u00e6nsk tr\u00fabo\u00f0sleikrit mi\u00f0lu\u00f0u.<\/p><p>Samt\u00edmis var\u00f0veitist tengingin vi\u00f0 undirheimana: Oruro var n\u00e1maborg, og a\u00f0al p\u00edlagr\u00edmasta\u00f0urinn, <span class=\"iwg-fachbegriff\" data-tooltip=\"L\u00edtill helgista\u00f0ur e\u00f0a b\u00e6nasta\u00f0ur.\" tabindex=\"0\">skr\u00edn<\/span> Virgen del Socav\u00f3n, j\u00f3mfr\u00faar n\u00e1magangsins, liggur vi\u00f0 inngang n\u00e1magangs. Dansinum er beint til j\u00f3mfr\u00faarinnar en fer fram \u00e1 sta\u00f0 sem heyrir herra n\u00e1manna til.<\/p><p>Fr\u00e6\u00f0imenn eins og Thomas Abercrombie hafa bent \u00e1 a\u00f0 \u00fe\u00e1tttakendur sj\u00e1lfir t\u00falki \u00feessa tv\u00edr\u00e6\u00f0ni \u00e1 mismunandi vegu. Fyrir sumum er dansinn i\u00f0runarverk, fyrir \u00f6\u00f0rum skylda gagnvart fjallinu. UNESCO t\u00f3k karnivali\u00f0 \u00ed Oruro \u00e1 lista yfir \u00f3\u00e1\u00fereifanlegan menningararf \u00e1ri\u00f0 2001, sem leiddi til meiri samr\u00e6mingar og marka\u00f0sv\u00e6\u00f0ingar.<\/p><p>Ranns\u00f3knir s\u00fdna a\u00f0 fer\u00f0amannav\u00e6\u00f0ingin skyggir a\u00f0 hluta \u00e1 tr\u00faarlega merkingu \u00e1n \u00feess a\u00f0 \u00fatr\u00fdma henni algerlega. <em>Diablada<\/em> er \u00feannig vel skjalfest d\u00e6mi um hvernig k\u00f3lon\u00edulega endurt\u00falku\u00f0 vera lifir \u00e1fram \u00ed opinberri h\u00e1t\u00ed\u00f0 og tekur upp n\u00fdjar merkingar.<\/p>\t\t\t\t\t\t\t\t<\/div>\n\t\t\t\t\t<\/div>\n\t\t\t\t<\/div>\n\t\t\t\t\t<\/div>\n\t\t\t\t<\/div>\n\t\t<div class=\"elementor-element elementor-element-cp24212341 e-flex e-con-boxed e-con e-parent\" data-id=\"cp24212341\" data-element_type=\"container\" data-e-type=\"container\">\n\t\t\t\t\t<div class=\"e-con-inner\">\n\t\t\t\t<div class=\"elementor-element elementor-element-cp2406cb69 elementor-widget elementor-widget-heading\" data-id=\"cp2406cb69\" data-element_type=\"widget\" data-e-type=\"widget\" data-widget_type=\"heading.default\">\n\t\t\t\t\t<h2 class=\"elementor-heading-title elementor-size-default\">Fr\u00e6\u00f0ileg umr\u00e6\u00f0a um tv\u00ede\u00f0li efri og ne\u00f0ri heims<\/h2>\t\t\t\t<\/div>\n\t\t<div class=\"elementor-element elementor-element-cp20d2c88b e-flex e-con-boxed e-con e-child\" data-id=\"cp20d2c88b\" data-element_type=\"container\" data-e-type=\"container\">\n\t\t\t\t\t<div class=\"e-con-inner\">\n\t\t\t\t<div class=\"elementor-element elementor-element-cp20a30241 elementor-widget elementor-widget-text-editor\" data-id=\"cp20a30241\" data-element_type=\"widget\" data-e-type=\"widget\" data-widget_type=\"text-editor.default\">\n\t\t\t\t\t\t\t\t\t<p>Umdeild spurning \u00ed ranns\u00f3knum \u00e1 Andesmenningu sn\u00fdst um samband <em>supay<\/em> vi\u00f0 \u00e6tla\u00f0 fyrirsp\u00e6nskt heimsm\u00f3del.<\/p><p>Sumar t\u00falkanir skipta heimsfr\u00e6\u00f0i Andesfjalla \u00ed \u00ferj\u00fa svi\u00f0: efri heim, mi\u00f0heim hinna lifandi og ne\u00f0ri heim, sem tengist innvi\u00f0um jar\u00f0ar og hinum dau\u00f0u. <em>Supay<\/em> er \u00ed \u00feessari s\u00fdn skilinn sem \u00edb\u00fai e\u00f0a herra ne\u00f0ri heimsins.<\/p><p>Fr\u00e6\u00f0imenn eru \u00f3samm\u00e1la um hversu gamalt og \u00fatbreitt \u00feetta \u00fer\u00ed\u00fe\u00e6tta l\u00edkan var \u00ed raun og veru. Gagnr\u00fdnendur eins og Bruce Mannheim hafa bent \u00e1 a\u00f0 \u00fe\u00e6r heimildir sem l\u00edkani\u00f0 er endurgert \u00far eru n\u00e6r allar fr\u00e1 k\u00f3lon\u00edut\u00edmanum og g\u00e6tu \u00feegar innihaldi\u00f0 kristnar hugmyndir um himinn, j\u00f6r\u00f0 og helv\u00edti.<\/p><p>H\u00e6tta er \u00e1 a\u00f0 kristi\u00f0 kerfi ver\u00f0i varpa\u00f0 afturvirkt \u00e1 t\u00edmann fyrir sp\u00e6nska landvinningu og \u00fev\u00ed s\u00ed\u00f0an l\u00fdst sem innf\u00e6ddri eigin arfleif\u00f0.<\/p><p>A\u00f0rir fr\u00e6\u00f0imenn, me\u00f0al annars \u00ed tengslum vi\u00f0 ranns\u00f3knir \u00e1 Huarochir\u00ed-handritunum, safni sta\u00f0bundinna arfsagna skr\u00e1\u00f0ra \u00e1 quechua um 1600, sj\u00e1 v\u00edsbendingar um fyrirsp\u00e6nska merkingu undirheimasv\u00e6\u00f0isins, \u00e1n \u00feess a\u00f0 h\u00fan hafi samsvara\u00f0 kristnum helv\u00edtishugt\u00f6kum. <em>Supay<\/em> hef\u00f0i \u00fe\u00e1 upphaflega veri\u00f0 hlutlaus e\u00f0a margr\u00e6\u00f0 vera \u00ed heimi hinna dau\u00f0u.<\/p><p>Umr\u00e6\u00f0an er ekki til lykta leidd, \u00fear sem h\u00fan tengist grundvallarvandanum vi\u00f0 a\u00f0 greina fyrirsp\u00e6nska tr\u00faarbr\u00f6g\u00f0 Andesfjalla \u00far a\u00f0allega k\u00f3lon\u00edulegum textum. Fyrir vanda\u00f0a framsetningu lei\u00f0ir af \u00feessu \u00e1kve\u00f0in vark\u00e1rni: \u00dea\u00f0 sem telja m\u00e1 sta\u00f0fest er merkingarbreytingin \u00e1 k\u00f3lon\u00edut\u00edmanum, ekki n\u00e1kv\u00e6m mynd fyrirsp\u00e6nska t\u00edmans.<\/p>\t\t\t\t\t\t\t\t<\/div>\n\t\t\t\t\t<\/div>\n\t\t\t\t<\/div>\n\t\t\t\t\t<\/div>\n\t\t\t\t<\/div>\n\t\t<div class=\"elementor-element elementor-element-iwgw-supay-lit e-flex e-con-boxed e-con e-parent\" data-id=\"iwgw-supay-lit\" data-element_type=\"container\" data-e-type=\"container\">\n\t\t\t\t\t<div class=\"e-con-inner\">\n\t\t\t\t<div class=\"elementor-element elementor-element-iwgw-supay-lith elementor-widget elementor-widget-heading\" data-id=\"iwgw-supay-lith\" data-element_type=\"widget\" data-e-type=\"widget\" data-widget_type=\"heading.default\">\n\t\t\t\t\t<h2 class=\"elementor-heading-title elementor-size-default\">Heimildir (\u00farval)<\/h2>\t\t\t\t<\/div>\n\t\t<div class=\"elementor-element elementor-element-iwgw-supay-litc e-con-full e-flex e-con e-child\" data-id=\"iwgw-supay-litc\" data-element_type=\"container\" data-e-type=\"container\">\n\t\t\t\t<div class=\"elementor-element elementor-element-iwgw-supay-litt elementor-widget elementor-widget-text-editor\" data-id=\"iwgw-supay-litt\" data-element_type=\"widget\" data-e-type=\"widget\" data-widget_type=\"text-editor.default\">\n\t\t\t\t\t\t\t\t\t<ul><li>June Nash: <em>We Eat the Mines and the Mines Eat Us<\/em> (1979)<\/li><li>Tristan Platt: <em>Estado boliviano y ayllu andino<\/em> (1982)<\/li><li>Pascale Absi: <em>Les ministres du diable<\/em> (2005)<\/li><li>Catherine Allen: <em>The Hold Life Has<\/em> (2002)<\/li><li>Manuel Marzal: <em>El mundo religioso de Urcos<\/em> (1971)<\/li><li>Cristobal de Albornoz: <em>Instruccion para descubrir todas las guacas<\/em> (ca. 1581)<\/li><\/ul>\t\t\t\t\t\t\t\t<\/div>\n\t\t\t\t<\/div>\n\t\t\t\t\t<\/div>\n\t\t\t\t<\/div>\n\t\t<div class=\"elementor-element elementor-element-iwgkw2-add-supay e-flex e-con-boxed e-con e-parent\" data-id=\"iwgkw2-add-supay\" data-element_type=\"container\" data-e-type=\"container\">\n\t\t\t\t\t<div class=\"e-con-inner\">\n\t\t\t\t<div class=\"elementor-element elementor-element-iwgkw2-add-supay-t elementor-widget elementor-widget-text-editor\" data-id=\"iwgkw2-add-supay-t\" data-element_type=\"widget\" data-e-type=\"widget\" data-widget_type=\"text-editor.default\">\n\t\t\t\t\t\t\t\t\t<p>Supay er \u00ed tr\u00faars\u00f6gu <em>Andesfjalla<\/em> talinn <em>herra undirheimsins<\/em> og jafnframt <em>n\u00e1map\u00faki<\/em>, sem n\u00e1mamenn \u00ed k\u00f3lon\u00edusilfurn\u00e1munum \u00ed Potos\u00ed f\u00e6r\u00f0u <span class=\"iwg-fachbegriff\" data-tooltip=\"Gj\u00f6f til gu\u00f0legrar veru til a\u00f0 tj\u00e1 \u00feakkl\u00e6ti, b\u00e6n e\u00f0a lotningu.\" tabindex=\"0\">f\u00f3rnir<\/span> til a\u00f0 afst\u00fdra n\u00e1mahruni og sj\u00fakd\u00f3mum.<\/p>\t\t\t\t\t\t\t\t<\/div>\n\t\t\t\t\t<\/div>\n\t\t\t\t<\/div>\n\t\t<div class=\"elementor-element elementor-element-iwgw-supay-kwd e-flex e-con-boxed e-con e-parent\" data-id=\"iwgw-supay-kwd\" data-element_type=\"container\" data-e-type=\"container\">\n\t\t\t\t\t<div class=\"e-con-inner\">\n\t\t<div class=\"elementor-element elementor-element-iwgw-supay-kwdc e-con-full e-flex e-con e-child\" data-id=\"iwgw-supay-kwdc\" data-element_type=\"container\" data-e-type=\"container\">\n\t\t\t\t<div class=\"elementor-element elementor-element-iwgw-supay-kwdt elementor-widget elementor-widget-text-editor\" data-id=\"iwgw-supay-kwdt\" data-element_type=\"widget\" data-e-type=\"widget\" data-widget_type=\"text-editor.default\">\n\t\t\t\t\t\t\t\t\t<p><em>Tengd kjarnahugt\u00f6k: Supay Saxra Tio Condenado Citua Diablada Oruro Potosi Aya Supay Tantawawa.<\/em><\/p>\t\t\t\t\t\t\t\t<\/div>\n\t\t\t\t<\/div>\n\t\t\t\t\t<\/div>\n\t\t\t\t<\/div>\n\t\t<div class=\"elementor-element elementor-element-iwgw-supay-cc e-flex e-con-boxed e-con e-parent\" data-id=\"iwgw-supay-cc\" data-element_type=\"container\" data-e-type=\"container\" id=\"iwg-cc-supay\">\n\t\t\t\t\t<div class=\"e-con-inner\">\n\t\t<div class=\"elementor-element elementor-element-iwgw-supay-ccinner e-flex e-con-boxed e-con e-parent\" data-id=\"iwgw-supay-ccinner\" data-element_type=\"container\" data-e-type=\"container\" data-settings=\"{&quot;background_background&quot;:&quot;classic&quot;}\">\n\t\t\t\t\t<div class=\"e-con-inner\">\n\t\t\t\t<div class=\"elementor-element elementor-element-iwgw-supay-cch elementor-widget elementor-widget-heading\" data-id=\"iwgw-supay-cch\" data-element_type=\"widget\" data-e-type=\"widget\" data-widget_type=\"heading.default\">\n\t\t\t\t\t<h2 class=\"elementor-heading-title elementor-size-default\">iWell Guard og verndarhef\u00f0ir<\/h2>\t\t\t\t<\/div>\n\t\t\t\t<div class=\"elementor-element elementor-element-iwgw-supay-cct elementor-widget elementor-widget-text-editor\" data-id=\"iwgw-supay-cct\" data-element_type=\"widget\" data-e-type=\"widget\" data-widget_type=\"text-editor.default\">\n\t\t\t\t\t\t\t\t\t<div data-nosnippet=\"true\"><p>iWell Guard byggir \u00e1 menningars\u00f6gulegri hef\u00f0 verndargripa sem bor\u00f0ir eru \u00e1 l\u00edkamanum, \u00ed hef\u00f0 <a href=\"https:\/\/iwell-guard.com\/is\/?page_id=168909\">Andesfjalla \/ Inka<\/a> og margra annarra menningarheima um allan heim. 41 lag, ekta gull, plat\u00edna, silfur, framleitt \u00ed \u00de\u00fdskalandi. 30 daga skilar\u00e9tt.<\/p><\/div>\t\t\t\t\t\t\t\t<\/div>\n\t\t\t\t<div class=\"elementor-element elementor-element-iwgw-supay-ccb iwg-cc-button iwg-cc-cta-2026-05-13 elementor-widget elementor-widget-jet-button\" data-id=\"iwgw-supay-ccb\" data-element_type=\"widget\" data-e-type=\"widget\" data-widget_type=\"jet-button.default\">\n\t\t\t\t<div class=\"elementor-widget-container\">\n\t\t\t\t\t<div class=\"elementor-jet-button jet-elements\"><div class=\"jet-button__container\"><a class=\"jet-button__instance jet-button__instance--icon-left hover-effect-1\" href=\"\/ueber-iwell-guard\/?utm_source=iwell-guard.com&amp;utm_medium=info-box&amp;utm_campaign=wesen-tradition\"><div class=\"jet-button__plane jet-button__plane-normal\"><\/div><div class=\"jet-button__plane jet-button__plane-hover\"><\/div><div class=\"jet-button__state jet-button__state-normal\"><span class=\"jet-button__label\">Meira um iWell Guard<\/span><\/div><div class=\"jet-button__state jet-button__state-hover\"><span class=\"jet-button__label\">Meira um iWell Guard<\/span><\/div><\/a><\/div><\/div><style>.elementor-element.elementor-element-iwgw-supay-ccb .jet-button__instance{width:320px;height:56px;}.elementor-element.elementor-element-iwgw-supay-ccb .jet-button__state-normal .jet-button__label{text-align:center;margin:0px 0px 0px 0px;color:#1a1b20;font-family:Montserrat,sans-serif;font-size:13px;font-weight:400;letter-spacing:4px;line-height:1.714em;text-transform:uppercase;}.elementor-element.elementor-element-iwgw-supay-ccb .jet-button__state-hover .jet-button__label{text-align:center;margin:0px 0px 0px 0px;color:#FECC76;font-family:Montserrat,sans-serif;font-size:13px;font-weight:400;letter-spacing:4px;line-height:1.714em;text-transform:uppercase;}.elementor-element.elementor-element-iwgw-supay-ccb .jet-button__plane-normal{background-color:#FECC76;border-style:solid;border-color:#C99540;border-width:2px 2px 2px 2px;}.elementor-element.elementor-element-iwgw-supay-ccb .jet-button__plane-hover{background-color:rgba(0,0,0,0.55);border-style:solid;border-color:#FECC76;border-width:2px 2px 2px 2px;}<\/style>\t\t\t\t<\/div>\n\t\t\t\t<\/div>\n\t\t\t\t<div class=\"elementor-element elementor-element-iwgw-supay-ccd elementor-widget elementor-widget-text-editor\" data-id=\"iwgw-supay-ccd\" data-element_type=\"widget\" data-e-type=\"widget\" data-widget_type=\"text-editor.default\">\n\t\t\t\t\t\t\t\t\t<div data-nosnippet=\"true\"><p style=\"text-align:center;font-size:13px;opacity:0.7;margin-top:14px\" data-nosnippet=\"true\">Pers\u00f3nuleg reynsla getur veri\u00f0 mismunandi. Ekki l\u00e6kningat\u00e6ki. Engin lofor\u00f0 um l\u00e6kningu.<\/p><\/div>\t\t\t\t\t\t\t\t<\/div>\n\t\t\t\t\t<\/div>\n\t\t\t\t<\/div>\n\t\t\t\t\t<\/div>\n\t\t\t\t<\/div>\n\t\t<div class=\"elementor-element elementor-element-iwgw-supay-disc e-flex e-con-boxed e-con e-parent\" data-id=\"iwgw-supay-disc\" data-element_type=\"container\" data-e-type=\"container\">\n\t\t\t\t\t<div class=\"e-con-inner\">\n\t\t\t\t<div class=\"elementor-element elementor-element-iwgw-supay-discw elementor-widget elementor-widget-html\" data-id=\"iwgw-supay-discw\" data-element_type=\"widget\" data-e-type=\"widget\" data-widget_type=\"html.default\">\n\t\t\t\t\t<footer data-nosnippet=\"true\" class=\"iwg-disclaimer-block\"><p data-nosnippet=\"true\">iWell Guard er <strong>ekki l\u00e6kningat\u00e6ki<\/strong> og kemur ekki \u00ed sta\u00f0inn fyrir l\u00e6knis- e\u00f0a s\u00e1lfr\u00e6\u00f0ime\u00f0fer\u00f0. Tr\u00faarfr\u00e6\u00f0ilegt efni er menningars\u00f6gulegt samhengi, ekki r\u00e1\u00f0legging um andlega i\u00f0kun.<\/p><\/footer>\t\t\t\t<\/div>\n\t\t\t\t\t<\/div>\n\t\t\t\t<\/div>\n\t\t\t\t<\/div>\n\t\t","protected":false},"excerpt":{"rendered":"","protected":false},"author":3,"featured_media":2675,"parent":0,"menu_order":0,"comment_status":"closed","ping_status":"closed","template":"elementor_header_footer","meta":{"_yoast_wpseo_focuskw":"Supay Andesfj\u00f6ll ska\u00f0valdur","_yoast_wpseo_title":"Supay \u2013 and\u00edsk undirheimaherra og ska\u00f0valdur","_yoast_wpseo_metadesc":"Supay t\u00e1knar \u00ed hef\u00f0 Andesfjalla ska\u00f0valda og undirheimaherra. \u00c1 n\u00e1musv\u00e6\u00f0unum breyttist hann \u00ed Tio af Potos\u00ed.","_yoast_wpseo_meta-robots-noindex":"","_yoast_wpseo_canonical":"","_angie_page":false,"gefaehrdungsstufe":"4","wesen_kultur":"anden-inka","wesen_klasse":"geister","footnotes":""},"categories":[],"class_list":["post-168925","page","type-page","status-publish","has-post-thumbnail","hentry"],"yoast_head":"<!-- This site is optimized with the Yoast SEO Premium plugin v27.7 (Yoast SEO v28.3) - https:\/\/yoast.com\/product\/yoast-seo-premium-wordpress\/ -->\n<title>Supay \u2013 and\u00edsk undirheimaherra og ska\u00f0valdur<\/title>\n<meta name=\"description\" content=\"Supay t\u00e1knar \u00ed hef\u00f0 Andesfjalla ska\u00f0valda og undirheimaherra. \u00c1 n\u00e1musv\u00e6\u00f0unum breyttist hann \u00ed Tio af Potos\u00ed.\" \/>\n<meta name=\"robots\" content=\"index, follow, max-snippet:-1, max-image-preview:large, max-video-preview:-1\" \/>\n<link rel=\"canonical\" href=\"https:\/\/iwell-guard.com\/is\/supay-skadvaldar-undirheimaherra-andesfjalla\/\" \/>\n<meta property=\"og:locale\" content=\"is_IS\" \/>\n<meta property=\"og:type\" content=\"article\" \/>\n<meta property=\"og:title\" content=\"Supay \u2013 ska\u00f0valdar og undirheimaherra Andesfjalla\" \/>\n<meta property=\"og:description\" content=\"Supay t\u00e1knar \u00ed hef\u00f0 Andesfjalla ska\u00f0valda og undirheimaherra. \u00c1 n\u00e1musv\u00e6\u00f0unum breyttist hann \u00ed Tio af Potos\u00ed.\" \/>\n<meta property=\"og:url\" content=\"https:\/\/iwell-guard.com\/is\/supay-skadvaldar-undirheimaherra-andesfjalla\/\" \/>\n<meta property=\"og:site_name\" content=\"iWell Guard\" \/>\n<meta property=\"article:modified_time\" content=\"2026-09-05T14:22:55+00:00\" \/>\n<meta property=\"og:image\" content=\"https:\/\/iwell-guard.com\/wp-content\/uploads\/2026\/05\/geister_anden-inka_supay.webp\" \/>\n\t<meta property=\"og:image:width\" content=\"1024\" \/>\n\t<meta property=\"og:image:height\" content=\"1536\" \/>\n\t<meta property=\"og:image:type\" content=\"image\/webp\" \/>\n<meta name=\"twitter:card\" content=\"summary_large_image\" \/>\n<script type=\"application\/ld+json\" class=\"yoast-schema-graph\">{\"@context\":\"https:\\\/\\\/schema.org\",\"@graph\":[{\"@type\":\"WebPage\",\"@id\":\"https:\\\/\\\/iwell-guard.com\\\/is\\\/supay-skadvaldar-undirheimaherra-andesfjalla\\\/\",\"url\":\"https:\\\/\\\/iwell-guard.com\\\/is\\\/supay-skadvaldar-undirheimaherra-andesfjalla\\\/\",\"name\":\"Supay \u2013 and\u00edsk undirheimaherra og ska\u00f0valdur\",\"isPartOf\":{\"@id\":\"https:\\\/\\\/iwell-guard.com\\\/is\\\/#website\"},\"primaryImageOfPage\":{\"@id\":\"https:\\\/\\\/iwell-guard.com\\\/is\\\/supay-skadvaldar-undirheimaherra-andesfjalla\\\/#primaryimage\"},\"image\":{\"@id\":\"https:\\\/\\\/iwell-guard.com\\\/is\\\/supay-skadvaldar-undirheimaherra-andesfjalla\\\/#primaryimage\"},\"thumbnailUrl\":\"https:\\\/\\\/iwell-guard.com\\\/wp-content\\\/uploads\\\/2026\\\/05\\\/geister_anden-inka_supay.webp\",\"datePublished\":\"2026-09-05T14:04:06+00:00\",\"dateModified\":\"2026-09-05T14:22:55+00:00\",\"description\":\"Supay t\u00e1knar \u00ed hef\u00f0 Andesfjalla ska\u00f0valda og undirheimaherra. \u00c1 n\u00e1musv\u00e6\u00f0unum breyttist hann \u00ed Tio af Potos\u00ed.\",\"breadcrumb\":{\"@id\":\"https:\\\/\\\/iwell-guard.com\\\/is\\\/supay-skadvaldar-undirheimaherra-andesfjalla\\\/#breadcrumb\"},\"inLanguage\":\"is\",\"potentialAction\":[{\"@type\":\"ReadAction\",\"target\":[\"https:\\\/\\\/iwell-guard.com\\\/is\\\/supay-skadvaldar-undirheimaherra-andesfjalla\\\/\"]}]},{\"@type\":\"ImageObject\",\"inLanguage\":\"is\",\"@id\":\"https:\\\/\\\/iwell-guard.com\\\/is\\\/supay-skadvaldar-undirheimaherra-andesfjalla\\\/#primaryimage\",\"url\":\"https:\\\/\\\/iwell-guard.com\\\/wp-content\\\/uploads\\\/2026\\\/05\\\/geister_anden-inka_supay.webp\",\"contentUrl\":\"https:\\\/\\\/iwell-guard.com\\\/wp-content\\\/uploads\\\/2026\\\/05\\\/geister_anden-inka_supay.webp\",\"width\":1024,\"height\":1536,\"caption\":\"Andar fr\u00e1 Andes-inka-hef\u00f0inni.\"},{\"@type\":\"BreadcrumbList\",\"@id\":\"https:\\\/\\\/iwell-guard.com\\\/is\\\/supay-skadvaldar-undirheimaherra-andesfjalla\\\/#breadcrumb\",\"itemListElement\":[{\"@type\":\"ListItem\",\"position\":1,\"name\":\"Start\",\"item\":\"https:\\\/\\\/iwell-guard.com\\\/is\\\/?page_id=168580\"},{\"@type\":\"ListItem\",\"position\":2,\"name\":\"Supay \u2013 ska\u00f0valdar og undirheimaherra Andesfjalla\"}]},{\"@type\":\"WebSite\",\"@id\":\"https:\\\/\\\/iwell-guard.com\\\/is\\\/#website\",\"url\":\"https:\\\/\\\/iwell-guard.com\\\/is\\\/\",\"name\":\"iWell Guard\",\"description\":\"Schutz vor dunklen Einfl\u00fcssen\",\"publisher\":{\"@id\":\"https:\\\/\\\/iwell-guard.com\\\/is\\\/#organization\"},\"potentialAction\":[{\"@type\":\"SearchAction\",\"target\":{\"@type\":\"EntryPoint\",\"urlTemplate\":\"https:\\\/\\\/iwell-guard.com\\\/is\\\/?s={search_term_string}\"},\"query-input\":{\"@type\":\"PropertyValueSpecification\",\"valueRequired\":true,\"valueName\":\"search_term_string\"}}],\"inLanguage\":\"is\"},{\"@type\":\"Organization\",\"@id\":\"https:\\\/\\\/iwell-guard.com\\\/is\\\/#organization\",\"name\":\"Ittermann electronic GmbH\",\"url\":\"https:\\\/\\\/iwell-guard.com\\\/is\\\/\",\"logo\":{\"@type\":\"ImageObject\",\"inLanguage\":\"is\",\"@id\":\"https:\\\/\\\/iwell-guard.com\\\/is\\\/#\\\/schema\\\/logo\\\/image\\\/\",\"url\":\"https:\\\/\\\/iwell-guard.com\\\/wp-content\\\/uploads\\\/2026\\\/05\\\/Ittermann-Logo-1182x237-1.png\",\"contentUrl\":\"https:\\\/\\\/iwell-guard.com\\\/wp-content\\\/uploads\\\/2026\\\/05\\\/Ittermann-Logo-1182x237-1.png\",\"width\":1182,\"height\":237,\"caption\":\"Ittermann electronic GmbH\"},\"image\":{\"@id\":\"https:\\\/\\\/iwell-guard.com\\\/is\\\/#\\\/schema\\\/logo\\\/image\\\/\"},\"sameAs\":[\"https:\\\/\\\/pantip.com\\\/profile\\\/9367242\",\"https:\\\/\\\/micro.blog\\\/iwellguard\",\"https:\\\/\\\/www.diggerslist.com\\\/iwellguard\\\/about\",\"https:\\\/\\\/skitterphoto.com\\\/photographers\\\/2870314\\\/iwell-guard\",\"https:\\\/\\\/iwellguard.wordpress.com\\\/2026\\\/06\\\/06\\\/iwell-guard\\\/\",\"https:\\\/\\\/hub.docker.com\\\/u\\\/iwellguard\",\"https:\\\/\\\/www.pinterest.com\\\/iwellguard\\\/\",\"https:\\\/\\\/bit.ly\\\/m\\\/iwellguard\",\"https:\\\/\\\/entre-vos-mains.alsace.eu\\\/profiles\\\/iwellguard\\\/activity\",\"https:\\\/\\\/gravatar.com\\\/reallybeded8fd34\",\"https:\\\/\\\/naijamatta.com\\\/iwellguard\",\"https:\\\/\\\/www.goodreads.com\\\/iwellguard\",\"https:\\\/\\\/profile.hatena.ne.jp\\\/iwellguard\\\/\",\"https:\\\/\\\/experiment.com\\\/users\\\/iwellguard\",\"https:\\\/\\\/wakelet.com\\\/@iWellGuard82270\",\"https:\\\/\\\/www.chordie.com\\\/forum\\\/profile.php?id=2555664\",\"https:\\\/\\\/www.instapaper.com\\\/p\\\/17757966\",\"https:\\\/\\\/www.mapleprimes.com\\\/users\\\/iwellguard\",\"https:\\\/\\\/businesslistingplus.com\\\/profile\\\/iwell-guard\\\/\",\"https:\\\/\\\/telegra.ph\\\/iWell-Guard-06-06\",\"https:\\\/\\\/pbase.com\\\/iwellguard\\\/iwellguard\",\"https:\\\/\\\/b.hatena.ne.jp\\\/iwellguard\\\/20260607#bookmark-4788405196491818882\",\"https:\\\/\\\/fliphtml5.com\\\/home\\\/iwellguard\",\"https:\\\/\\\/anyflip.com\\\/homepage\\\/cmiwl#About\",\"https:\\\/\\\/transfur.com\\\/Users\\\/iwellguard\",\"http:\\\/\\\/delphi.larsbo.org\\\/user\\\/iwellguard\",\"https:\\\/\\\/jobs.lajobsportal.org\\\/profiles\\\/8380803-iwell-guard\",\"https:\\\/\\\/md.chaosdorf.de\\\/s\\\/jfbe5SBdJD\",\"https:\\\/\\\/www.lingvolive.com\\\/en-us\\\/profile\\\/9ecaeaca-ce11-4e51-9e71-01d55e2bff36\\\/translations\",\"https:\\\/\\\/www.fitday.com\\\/fitness\\\/forums\\\/members\\\/iwellguard.html\",\"https:\\\/\\\/www.mymeetbook.com\\\/iwellguard\",\"https:\\\/\\\/pxhere.com\\\/en\\\/photographer-me\\\/5040798\",\"https:\\\/\\\/disqus.com\\\/by\\\/iwellguard\\\/about\\\/\",\"https:\\\/\\\/pastelink.net\\\/hjwciqwq\",\"https:\\\/\\\/pubhtml5.com\\\/homepage\\\/scjhn\\\/\",\"https:\\\/\\\/www.bitchute.com\\\/channel\\\/2O2eOKzNqujT\",\"https:\\\/\\\/audiomack.com\\\/iwellguard\"]},{\"@type\":\"Article\",\"@id\":\"https:\\\/\\\/iwell-guard.com\\\/is\\\/supay-skadvaldar-undirheimaherra-andesfjalla\\\/#article\",\"isPartOf\":{\"@id\":\"https:\\\/\\\/iwell-guard.com\\\/is\\\/supay-skadvaldar-undirheimaherra-andesfjalla\\\/\"},\"author\":{\"name\":\"Ralf Ittermann\",\"@id\":\"https:\\\/\\\/iwell-guard.com\\\/is\\\/#\\\/schema\\\/person\\\/ee2a27f1cac3406c7c6fb5820cb7349f\"},\"headline\":\"Supay \u2013 ska\u00f0valdar og undirheimaherra Andesfjalla\",\"datePublished\":\"2026-09-05T14:04:06+00:00\",\"dateModified\":\"2026-09-05T14:22:55+00:00\",\"mainEntityOfPage\":{\"@id\":\"https:\\\/\\\/iwell-guard.com\\\/is\\\/supay-skadvaldar-undirheimaherra-andesfjalla\\\/\"},\"publisher\":{\"@id\":\"https:\\\/\\\/iwell-guard.com\\\/is\\\/#organization\"},\"image\":{\"@id\":\"https:\\\/\\\/iwell-guard.com\\\/is\\\/supay-skadvaldar-undirheimaherra-andesfjalla\\\/#primaryimage\"},\"thumbnailUrl\":\"https:\\\/\\\/iwell-guard.com\\\/wp-content\\\/uploads\\\/2026\\\/05\\\/geister_anden-inka_supay.webp\",\"inLanguage\":\"is\",\"description\":\"Supay t\u00e1knar \u00ed hef\u00f0 Andesfjalla ska\u00f0valda og undirheimaherra. \u00c1 n\u00e1musv\u00e6\u00f0unum breyttist hann \u00ed Tio af Potos\u00ed.\"}]}<\/script>\n<!-- \/ Yoast SEO Premium plugin. -->","yoast_head_json":{"title":"Supay \u2013 and\u00edsk undirheimaherra og ska\u00f0valdur","description":"Supay t\u00e1knar \u00ed hef\u00f0 Andesfjalla ska\u00f0valda og undirheimaherra. \u00c1 n\u00e1musv\u00e6\u00f0unum breyttist hann \u00ed Tio af Potos\u00ed.","robots":{"index":"index","follow":"follow","max-snippet":"max-snippet:-1","max-image-preview":"max-image-preview:large","max-video-preview":"max-video-preview:-1"},"canonical":"https:\/\/iwell-guard.com\/is\/supay-skadvaldar-undirheimaherra-andesfjalla\/","og_locale":"is_IS","og_type":"article","og_title":"Supay \u2013 ska\u00f0valdar og undirheimaherra Andesfjalla","og_description":"Supay t\u00e1knar \u00ed hef\u00f0 Andesfjalla ska\u00f0valda og undirheimaherra. \u00c1 n\u00e1musv\u00e6\u00f0unum breyttist hann \u00ed Tio af Potos\u00ed.","og_url":"https:\/\/iwell-guard.com\/is\/supay-skadvaldar-undirheimaherra-andesfjalla\/","og_site_name":"iWell Guard","article_modified_time":"2026-09-05T14:22:55+00:00","og_image":[{"width":1024,"height":1536,"url":"https:\/\/iwell-guard.com\/wp-content\/uploads\/2026\/05\/geister_anden-inka_supay.webp","type":"image\/webp"}],"twitter_card":"summary_large_image","schema":{"@context":"https:\/\/schema.org","@graph":[{"@type":"Article","@id":"https:\/\/iwell-guard.com\/is\/supay-skadvaldar-undirheimaherra-andesfjalla\/#article","isPartOf":{"@id":"https:\/\/iwell-guard.com\/is\/supay-skadvaldar-undirheimaherra-andesfjalla\/"},"author":{"name":"Ralf Ittermann","@id":"https:\/\/iwell-guard.com\/is\/#\/schema\/person\/ee2a27f1cac3406c7c6fb5820cb7349f"},"headline":"Supay \u2013 ska\u00f0valdar og undirheimaherra Andesfjalla","datePublished":"2026-09-05T14:04:06+00:00","dateModified":"2026-09-05T14:22:55+00:00","mainEntityOfPage":{"@id":"https:\/\/iwell-guard.com\/is\/supay-skadvaldar-undirheimaherra-andesfjalla\/"},"publisher":{"@id":"https:\/\/iwell-guard.com\/is\/#organization"},"image":{"@id":"https:\/\/iwell-guard.com\/is\/supay-skadvaldar-undirheimaherra-andesfjalla\/#primaryimage"},"thumbnailUrl":"https:\/\/iwell-guard.com\/wp-content\/uploads\/2026\/05\/geister_anden-inka_supay.webp","inLanguage":"is","description":"Supay t\u00e1knar \u00ed hef\u00f0 Andesfjalla ska\u00f0valda og undirheimaherra. \u00c1 n\u00e1musv\u00e6\u00f0unum breyttist hann \u00ed Tio af Potos\u00ed."},{"@type":"WebPage","@id":"https:\/\/iwell-guard.com\/is\/supay-skadvaldar-undirheimaherra-andesfjalla\/","url":"https:\/\/iwell-guard.com\/is\/supay-skadvaldar-undirheimaherra-andesfjalla\/","name":"Supay \u2013 and\u00edsk undirheimaherra og ska\u00f0valdur","isPartOf":{"@id":"https:\/\/iwell-guard.com\/is\/#website"},"primaryImageOfPage":{"@id":"https:\/\/iwell-guard.com\/is\/supay-skadvaldar-undirheimaherra-andesfjalla\/#primaryimage"},"image":{"@id":"https:\/\/iwell-guard.com\/is\/supay-skadvaldar-undirheimaherra-andesfjalla\/#primaryimage"},"thumbnailUrl":"https:\/\/iwell-guard.com\/wp-content\/uploads\/2026\/05\/geister_anden-inka_supay.webp","datePublished":"2026-09-05T14:04:06+00:00","dateModified":"2026-09-05T14:22:55+00:00","description":"Supay t\u00e1knar \u00ed hef\u00f0 Andesfjalla ska\u00f0valda og undirheimaherra. \u00c1 n\u00e1musv\u00e6\u00f0unum breyttist hann \u00ed Tio af Potos\u00ed.","breadcrumb":{"@id":"https:\/\/iwell-guard.com\/is\/supay-skadvaldar-undirheimaherra-andesfjalla\/#breadcrumb"},"inLanguage":"is","potentialAction":[{"@type":"ReadAction","target":["https:\/\/iwell-guard.com\/is\/supay-skadvaldar-undirheimaherra-andesfjalla\/"]}]},{"@type":"ImageObject","inLanguage":"is","@id":"https:\/\/iwell-guard.com\/is\/supay-skadvaldar-undirheimaherra-andesfjalla\/#primaryimage","url":"https:\/\/iwell-guard.com\/wp-content\/uploads\/2026\/05\/geister_anden-inka_supay.webp","contentUrl":"https:\/\/iwell-guard.com\/wp-content\/uploads\/2026\/05\/geister_anden-inka_supay.webp","width":1024,"height":1536,"caption":"Andar fr\u00e1 Andes-inka-hef\u00f0inni."},{"@type":"BreadcrumbList","@id":"https:\/\/iwell-guard.com\/is\/supay-skadvaldar-undirheimaherra-andesfjalla\/#breadcrumb","itemListElement":[{"@type":"ListItem","position":1,"name":"Start","item":"https:\/\/iwell-guard.com\/is\/?page_id=168580"},{"@type":"ListItem","position":2,"name":"Supay \u2013 ska\u00f0valdar og undirheimaherra Andesfjalla"}]},{"@type":"WebSite","@id":"https:\/\/iwell-guard.com\/is\/#website","url":"https:\/\/iwell-guard.com\/is\/","name":"iWell Guard","description":"Schutz vor dunklen Einfl\u00fcssen","publisher":{"@id":"https:\/\/iwell-guard.com\/is\/#organization"},"potentialAction":[{"@type":"SearchAction","target":{"@type":"EntryPoint","urlTemplate":"https:\/\/iwell-guard.com\/is\/?s={search_term_string}"},"query-input":{"@type":"PropertyValueSpecification","valueRequired":true,"valueName":"search_term_string"}}],"inLanguage":"is"},{"@type":"Organization","@id":"https:\/\/iwell-guard.com\/is\/#organization","name":"Ittermann electronic GmbH","url":"https:\/\/iwell-guard.com\/is\/","logo":{"@type":"ImageObject","inLanguage":"is","@id":"https:\/\/iwell-guard.com\/is\/#\/schema\/logo\/image\/","url":"https:\/\/iwell-guard.com\/wp-content\/uploads\/2026\/05\/Ittermann-Logo-1182x237-1.png","contentUrl":"https:\/\/iwell-guard.com\/wp-content\/uploads\/2026\/05\/Ittermann-Logo-1182x237-1.png","width":1182,"height":237,"caption":"Ittermann electronic GmbH"},"image":{"@id":"https:\/\/iwell-guard.com\/is\/#\/schema\/logo\/image\/"},"sameAs":["https:\/\/pantip.com\/profile\/9367242","https:\/\/micro.blog\/iwellguard","https:\/\/www.diggerslist.com\/iwellguard\/about","https:\/\/skitterphoto.com\/photographers\/2870314\/iwell-guard","https:\/\/iwellguard.wordpress.com\/2026\/06\/06\/iwell-guard\/","https:\/\/hub.docker.com\/u\/iwellguard","https:\/\/www.pinterest.com\/iwellguard\/","https:\/\/bit.ly\/m\/iwellguard","https:\/\/entre-vos-mains.alsace.eu\/profiles\/iwellguard\/activity","https:\/\/gravatar.com\/reallybeded8fd34","https:\/\/naijamatta.com\/iwellguard","https:\/\/www.goodreads.com\/iwellguard","https:\/\/profile.hatena.ne.jp\/iwellguard\/","https:\/\/experiment.com\/users\/iwellguard","https:\/\/wakelet.com\/@iWellGuard82270","https:\/\/www.chordie.com\/forum\/profile.php?id=2555664","https:\/\/www.instapaper.com\/p\/17757966","https:\/\/www.mapleprimes.com\/users\/iwellguard","https:\/\/businesslistingplus.com\/profile\/iwell-guard\/","https:\/\/telegra.ph\/iWell-Guard-06-06","https:\/\/pbase.com\/iwellguard\/iwellguard","https:\/\/b.hatena.ne.jp\/iwellguard\/20260607#bookmark-4788405196491818882","https:\/\/fliphtml5.com\/home\/iwellguard","https:\/\/anyflip.com\/homepage\/cmiwl#About","https:\/\/transfur.com\/Users\/iwellguard","http:\/\/delphi.larsbo.org\/user\/iwellguard","https:\/\/jobs.lajobsportal.org\/profiles\/8380803-iwell-guard","https:\/\/md.chaosdorf.de\/s\/jfbe5SBdJD","https:\/\/www.lingvolive.com\/en-us\/profile\/9ecaeaca-ce11-4e51-9e71-01d55e2bff36\/translations","https:\/\/www.fitday.com\/fitness\/forums\/members\/iwellguard.html","https:\/\/www.mymeetbook.com\/iwellguard","https:\/\/pxhere.com\/en\/photographer-me\/5040798","https:\/\/disqus.com\/by\/iwellguard\/about\/","https:\/\/pastelink.net\/hjwciqwq","https:\/\/pubhtml5.com\/homepage\/scjhn\/","https:\/\/www.bitchute.com\/channel\/2O2eOKzNqujT","https:\/\/audiomack.com\/iwellguard"]},{"@type":"Person","@id":"https:\/\/iwell-guard.com\/is\/#\/schema\/person\/ee2a27f1cac3406c7c6fb5820cb7349f","name":"Ralf Ittermann","image":{"@type":"ImageObject","inLanguage":"is","@id":"https:\/\/secure.gravatar.com\/avatar\/073c0153e350a5005b68eb752b445fea71f6b24a26da9449ad7e155e6b446c9d?s=96&d=mm&r=g","url":"https:\/\/secure.gravatar.com\/avatar\/073c0153e350a5005b68eb752b445fea71f6b24a26da9449ad7e155e6b446c9d?s=96&d=mm&r=g","contentUrl":"https:\/\/secure.gravatar.com\/avatar\/073c0153e350a5005b68eb752b445fea71f6b24a26da9449ad7e155e6b446c9d?s=96&d=mm&r=g","caption":"Ralf Ittermann"},"givenName":"Ralf","familyName":"Ittermann","jobTitle":"Gesch\u00e4ftsf\u00fchrer und redaktioneller Verantwortlicher","url":"https:\/\/iwell-guard.com\/is\/author\/claude\/","description":"Ralf Ittermann ist Gesch\u00e4ftsf\u00fchrer der Ittermann electronic GmbH und redaktioneller Verantwortlicher des iWell-Guard-Lexikons. Er verbindet langj\u00e4hrige Erfahrung in der Pr\u00e4zisionsfertigung mit medialer Praxis und religionsgeschichtlicher Quellenarbeit.","worksFor":{"@type":"Organization","name":"Ittermann electronic GmbH","url":"https:\/\/ittermann.de\/","address":{"@type":"PostalAddress","streetAddress":"K\u00f6hlergasse 16-18","postalCode":"99842","addressLocality":"Ruhla","addressCountry":"DE"}},"knowsAbout":["Religionsgeschichte","Mythologie","Mediale Praxis","Energetische Diagnostik","Schutzpraxis","Volksglauben","Westliche Esoterik"]},{"@type":"Article","@id":"https:\/\/iwell-guard.com\/is\/supay-skadvaldar-undirheimaherra-andesfjalla\/#article","isPartOf":{"@id":"https:\/\/iwell-guard.com\/is\/supay-skadvaldar-undirheimaherra-andesfjalla\/"},"author":{"name":"Ralf Ittermann","@id":"https:\/\/iwell-guard.com\/is\/#\/schema\/person\/ee2a27f1cac3406c7c6fb5820cb7349f"},"headline":"Supay \u2013 ska\u00f0valdar og undirheimaherra Andesfjalla","datePublished":"2026-09-05T14:04:06+00:00","dateModified":"2026-09-05T14:22:55+00:00","mainEntityOfPage":{"@id":"https:\/\/iwell-guard.com\/is\/supay-skadvaldar-undirheimaherra-andesfjalla\/"},"publisher":{"@id":"https:\/\/iwell-guard.com\/is\/#organization"},"image":{"@id":"https:\/\/iwell-guard.com\/is\/supay-skadvaldar-undirheimaherra-andesfjalla\/#primaryimage"},"thumbnailUrl":"https:\/\/iwell-guard.com\/wp-content\/uploads\/2026\/05\/geister_anden-inka_supay.webp","inLanguage":"is","description":"Supay t\u00e1knar \u00ed hef\u00f0 Andesfjalla ska\u00f0valda og undirheimaherra. \u00c1 n\u00e1musv\u00e6\u00f0unum breyttist hann \u00ed Tio af Potos\u00ed."}]}},"_links":{"self":[{"href":"https:\/\/iwell-guard.com\/is\/wp-json\/wp\/v2\/pages\/168925","targetHints":{"allow":["GET"]}}],"collection":[{"href":"https:\/\/iwell-guard.com\/is\/wp-json\/wp\/v2\/pages"}],"about":[{"href":"https:\/\/iwell-guard.com\/is\/wp-json\/wp\/v2\/types\/page"}],"author":[{"embeddable":true,"href":"https:\/\/iwell-guard.com\/is\/wp-json\/wp\/v2\/users\/3"}],"replies":[{"embeddable":true,"href":"https:\/\/iwell-guard.com\/is\/wp-json\/wp\/v2\/comments?post=168925"}],"version-history":[{"count":0,"href":"https:\/\/iwell-guard.com\/is\/wp-json\/wp\/v2\/pages\/168925\/revisions"}],"wp:featuredmedia":[{"embeddable":true,"href":"https:\/\/iwell-guard.com\/is\/wp-json\/wp\/v2\/media\/2675"}],"wp:attachment":[{"href":"https:\/\/iwell-guard.com\/is\/wp-json\/wp\/v2\/media?parent=168925"}],"wp:term":[{"taxonomy":"category","embeddable":true,"href":"https:\/\/iwell-guard.com\/is\/wp-json\/wp\/v2\/categories?post=168925"}],"curies":[{"name":"wp","href":"https:\/\/api.w.org\/{rel}","templated":true}]}}