{"id":168924,"date":"2026-09-05T14:04:05","date_gmt":"2026-09-05T14:04:05","guid":{"rendered":"https:\/\/iwell-guard.com\/?page_id=168924"},"modified":"2026-09-05T14:22:55","modified_gmt":"2026-09-05T14:22:55","slug":"illapa-thrumu-og-vedurgud-inka","status":"publish","type":"page","link":"https:\/\/iwell-guard.com\/is\/illapa-thrumu-og-vedurgud-inka\/","title":{"rendered":"Illapa \u2013 \u00derumu- og ve\u00f0urgu\u00f0 Inka"},"content":{"rendered":"\t\t<div data-elementor-type=\"wp-page\" data-elementor-id=\"168924\" class=\"elementor elementor-168924 elementor-2579 elementor-bc-flex-widget\" data-elementor-post-type=\"page\">\n\t\t\t\t<div class=\"elementor-element elementor-element-iwgw-illapa-hero e-flex e-con-boxed e-con e-parent\" data-id=\"iwgw-illapa-hero\" data-element_type=\"container\" data-e-type=\"container\" data-settings=\"{&quot;background_background&quot;:&quot;classic&quot;}\">\n\t\t\t\t\t<div class=\"e-con-inner\">\n\t\t<div class=\"elementor-element elementor-element-iwgw-illapa-hl e-flex e-con-boxed e-con e-child\" data-id=\"iwgw-illapa-hl\" data-element_type=\"container\" data-e-type=\"container\">\n\t\t\t\t\t<div class=\"e-con-inner\">\n\t\t<div class=\"elementor-element elementor-element-iwgw-illapa-htxt e-con-full e-flex e-con e-child\" data-id=\"iwgw-illapa-htxt\" data-element_type=\"container\" data-e-type=\"container\">\n\t\t\t\t<div class=\"elementor-element elementor-element-iwgw-illapa-h1 elementor-widget elementor-widget-heading\" data-id=\"iwgw-illapa-h1\" data-element_type=\"widget\" data-e-type=\"widget\" data-widget_type=\"heading.default\">\n\t\t\t\t\t<h1 class=\"elementor-heading-title elementor-size-default\">Illapa, \u00ferumu-, elding- og regngu\u00f0 Andes-h\u00e1lendisins<\/h1>\t\t\t\t<\/div>\n\t\t\t\t<div class=\"elementor-element elementor-element-iwgw-illapa-lead elementor-widget elementor-widget-text-editor\" data-id=\"iwgw-illapa-lead\" data-element_type=\"widget\" data-e-type=\"widget\" data-widget_type=\"text-editor.default\">\n\t\t\t\t\t\t\t\t\t<p>Illapa (\u00e1 kech\u00faa <em>Illapa<\/em>, einnig <em>Yllapa<\/em>) er \u00ferumu-, elding- og regngu\u00f0 Inka. Fyrir b\u00e6ndur Andes-h\u00e1lendisins var hann s\u00fa h\u00e1gu\u00f0ad\u00f3mur sem var mikilv\u00e6gust \u00ed daglegu l\u00edfi, enda var \u00f6ll ma\u00eds- og kart\u00f6flur\u00e6kt h\u00e1\u00f0 \u00farkomu hans.<\/p>\t\t\t\t\t\t\t\t<\/div>\n\t\t\t\t<\/div>\n\t\t<div class=\"elementor-element elementor-element-iwgw-illapa-pillc e-con-full e-flex e-con e-child\" data-id=\"iwgw-illapa-pillc\" data-element_type=\"container\" data-e-type=\"container\">\n\t\t\t\t<div class=\"elementor-element elementor-element-iwgw-illapa-pills elementor-widget elementor-widget-html\" data-id=\"iwgw-illapa-pills\" data-element_type=\"widget\" data-e-type=\"widget\" data-widget_type=\"html.default\">\n\t\t\t\t\t<div class=\"iwg-pill-row\"><span class=\"iwg-klasse-badge\" tabindex=\"0\" data-tooltip=\"Gu\u00f0 \u00far hef\u00f0 Andesfjalla \/ Inka.\">Gu\u00f0<\/span><a href=\"https:\/\/iwell-guard.com\/is\/?page_id=168909\" class=\"iwg-kultur-badge\" tabindex=\"0\" data-tooltip=\"Go\u00f0afr\u00e6\u00f0i hef\u00f0ar Andesfjalla \/ Inka.\">Andesfj\u00f6ll \/ Inka<\/a><span class=\"iwg-tradition-badge\" tabindex=\"0\" data-tooltip=\"\u00derumu- og ve\u00f0urgu\u00f0d\u00f3mur.\">\u00derumu- og ve\u00f0urgu\u00f0d\u00f3mur<\/span><\/div>\t\t\t\t<\/div>\n\t\t\t\t<\/div>\n\t\t<div class=\"elementor-element elementor-element-iwgw-illapa-tocc e-con-full e-flex e-con e-child\" data-id=\"iwgw-illapa-tocc\" data-element_type=\"container\" data-e-type=\"container\">\n\t\t\t\t<div class=\"elementor-element elementor-element-iwgw-illapa-toc elementor-toc--minimized-on-tablet elementor-widget elementor-widget-table-of-contents\" data-id=\"iwgw-illapa-toc\" data-element_type=\"widget\" data-e-type=\"widget\" data-settings=\"{&quot;headings_by_tags&quot;:[&quot;h2&quot;,&quot;h3&quot;],&quot;minimize_box&quot;:&quot;yes&quot;,&quot;marker_view&quot;:&quot;bullets&quot;,&quot;no_headings_message&quot;:&quot;Engar undirfyrirsagnir fundust \\u00e1 \\u00feessari s\\u00ed\\u00f0u.&quot;,&quot;exclude_headings_by_selector&quot;:[],&quot;icon&quot;:{&quot;value&quot;:&quot;fas fa-circle&quot;,&quot;library&quot;:&quot;fa-solid&quot;,&quot;rendered_tag&quot;:&quot;&lt;svg class=\\&quot;e-font-icon-svg e-fas-circle\\&quot; viewBox=\\&quot;0 0 512 512\\&quot; xmlns=\\&quot;http:\\\/\\\/www.w3.org\\\/2000\\\/svg\\&quot;&gt;&lt;path d=\\&quot;M256 8C119 8 8 119 8 256s111 248 248 248 248-111 248-248S393 8 256 8z\\&quot;&gt;&lt;\\\/path&gt;&lt;\\\/svg&gt;&quot;},&quot;minimized_on&quot;:&quot;tablet&quot;,&quot;hierarchical_view&quot;:&quot;yes&quot;,&quot;min_height&quot;:{&quot;unit&quot;:&quot;px&quot;,&quot;size&quot;:&quot;&quot;,&quot;sizes&quot;:[]},&quot;min_height_tablet&quot;:{&quot;unit&quot;:&quot;px&quot;,&quot;size&quot;:&quot;&quot;,&quot;sizes&quot;:[]},&quot;min_height_mobile&quot;:{&quot;unit&quot;:&quot;px&quot;,&quot;size&quot;:&quot;&quot;,&quot;sizes&quot;:[]}}\" data-widget_type=\"table-of-contents.default\">\n\t\t\t\t\t\t\t\t\t<div class=\"elementor-toc__header\">\n\t\t\t\t\t\t<h2 class=\"elementor-toc__header-title\">\n\t\t\t\tEfnisyfirlit\t\t\t<\/h2>\n\t\t\t\t\t\t\t\t\t\t<div class=\"elementor-toc__toggle-button elementor-toc__toggle-button--expand\" role=\"button\" tabindex=\"0\" aria-controls=\"elementor-toc__iwgw-illapa-toc\" aria-expanded=\"true\" aria-label=\"Open table of contents\"><svg aria-hidden=\"true\" class=\"e-font-icon-svg e-fas-chevron-down\" viewBox=\"0 0 448 512\" xmlns=\"http:\/\/www.w3.org\/2000\/svg\"><path d=\"M207.029 381.476L12.686 187.132c-9.373-9.373-9.373-24.569 0-33.941l22.667-22.667c9.357-9.357 24.522-9.375 33.901-.04L224 284.505l154.745-154.021c9.379-9.335 24.544-9.317 33.901.04l22.667 22.667c9.373 9.373 9.373 24.569 0 33.941L240.971 381.476c-9.373 9.372-24.569 9.372-33.942 0z\"><\/path><\/svg><\/div>\n\t\t\t\t<div class=\"elementor-toc__toggle-button elementor-toc__toggle-button--collapse\" role=\"button\" tabindex=\"0\" aria-controls=\"elementor-toc__iwgw-illapa-toc\" aria-expanded=\"true\" aria-label=\"Close table of contents\"><svg aria-hidden=\"true\" class=\"e-font-icon-svg e-fas-chevron-up\" viewBox=\"0 0 448 512\" xmlns=\"http:\/\/www.w3.org\/2000\/svg\"><path d=\"M240.971 130.524l194.343 194.343c9.373 9.373 9.373 24.569 0 33.941l-22.667 22.667c-9.357 9.357-24.522 9.375-33.901.04L224 227.495 69.255 381.516c-9.379 9.335-24.544 9.317-33.901-.04l-22.667-22.667c-9.373-9.373-9.373-24.569 0-33.941L207.03 130.525c9.372-9.373 24.568-9.373 33.941-.001z\"><\/path><\/svg><\/div>\n\t\t\t\t\t<\/div>\n\t\t\t\t<div id=\"elementor-toc__iwgw-illapa-toc\" class=\"elementor-toc__body\">\n\t\t\t<div class=\"elementor-toc__spinner-container\">\n\t\t\t\t<svg class=\"elementor-toc__spinner eicon-animation-spin e-font-icon-svg e-eicon-loading\" aria-hidden=\"true\" viewBox=\"0 0 1000 1000\" xmlns=\"http:\/\/www.w3.org\/2000\/svg\"><path d=\"M500 975V858C696 858 858 696 858 500S696 142 500 142 142 304 142 500H25C25 237 238 25 500 25S975 237 975 500 763 975 500 975Z\"><\/path><\/svg>\t\t\t<\/div>\n\t\t<\/div>\n\t\t\t\t\t\t<\/div>\n\t\t\t\t<\/div>\n\t\t\t\t\t<\/div>\n\t\t\t\t<\/div>\n\t\t<div class=\"elementor-element elementor-element-iwgw-illapa-hr e-con-full e-flex e-con e-child\" data-id=\"iwgw-illapa-hr\" data-element_type=\"container\" data-e-type=\"container\">\n\t\t\t\t<div class=\"elementor-element elementor-element-iwgw-illapa-heroimg iwg-hero-image elementor-widget elementor-widget-image\" data-id=\"iwgw-illapa-heroimg\" data-element_type=\"widget\" data-e-type=\"widget\" data-widget_type=\"image.default\">\n\t\t\t\t\t\t\t\t\t\t\t\t\t\t\t<img fetchpriority=\"high\" decoding=\"async\" width=\"683\" height=\"1024\" src=\"https:\/\/iwell-guard.com\/wp-content\/uploads\/2026\/05\/goetter_anden-inka_illapa-683x1024.webp\" class=\"attachment-large size-large wp-image-170865\" alt=\"Illapa - gu\u00f0ir \u00far and-inka-hef\u00f0inni, s\u00f6gulega myndskreytt\" srcset=\"https:\/\/iwell-guard.com\/wp-content\/uploads\/2026\/05\/goetter_anden-inka_illapa-683x1024.webp 683w, https:\/\/iwell-guard.com\/wp-content\/uploads\/2026\/05\/goetter_anden-inka_illapa-200x300.webp 200w, https:\/\/iwell-guard.com\/wp-content\/uploads\/2026\/05\/goetter_anden-inka_illapa-768x1152.webp 768w, https:\/\/iwell-guard.com\/wp-content\/uploads\/2026\/05\/goetter_anden-inka_illapa.webp 1024w\" sizes=\"(max-width: 683px) 100vw, 683px\" \/>\t\t\t\t\t\t\t\t\t\t\t\t\t\t\t<\/div>\n\t\t\t\t<\/div>\n\t\t\t\t\t<\/div>\n\t\t\t\t<\/div>\n\t\t\t\t<section class=\"elementor-section elementor-top-section elementor-element elementor-element-sec-iwgcomp-illapa elementor-section-boxed elementor-section-height-default elementor-section-height-default\" data-id=\"sec-iwgcomp-illapa\" data-element_type=\"section\" data-e-type=\"section\">\n\t\t\t\t\t\t<div class=\"elementor-container elementor-column-gap-default\">\n\t\t\t\t\t<div class=\"elementor-column elementor-col-100 elementor-top-column elementor-element elementor-element-col-iwgcomp-illapa\" data-id=\"col-iwgcomp-illapa\" data-element_type=\"column\" data-e-type=\"column\">\n\t\t\t<div class=\"elementor-widget-wrap elementor-element-populated\">\n\t\t\t\t\t\t<div class=\"elementor-element elementor-element-iwgcomp-illapa elementor-widget elementor-widget-text-editor\" data-id=\"iwgcomp-illapa\" data-element_type=\"widget\" data-e-type=\"widget\" data-widget_type=\"text-editor.default\">\n\t\t\t\t\t\t\t\t\t<p>Illapa, <strong>\u00ferumugu\u00f0 Inka<\/strong>, er mi\u00f0l\u00e6g pers\u00f3na \u00ed ve\u00f0urd\u00fdrkun fork\u00f3lumb\u00edska Andasv\u00e6\u00f0isins.<\/p>\t\t\t\t\t\t\t\t<\/div>\n\t\t\t\t\t<\/div>\n\t\t<\/div>\n\t\t\t\t\t<\/div>\n\t\t<\/section>\n\t\t<div class=\"elementor-element elementor-element-iwgw-illapa-s0 e-flex e-con-boxed e-con e-parent\" data-id=\"iwgw-illapa-s0\" data-element_type=\"container\" data-e-type=\"container\">\n\t\t\t\t\t<div class=\"e-con-inner\">\n\t\t\t\t<div class=\"elementor-element elementor-element-iwgw-illapa-s0h elementor-widget elementor-widget-heading\" data-id=\"iwgw-illapa-s0h\" data-element_type=\"widget\" data-e-type=\"widget\" data-widget_type=\"heading.default\">\n\t\t\t\t\t<h2 class=\"elementor-heading-title elementor-size-default\">Sta\u00f0a \u00ed and\u00edsku pantheoninu<\/h2>\t\t\t\t<\/div>\n\t\t<div class=\"elementor-element elementor-element-iwgw-illapa-s0c e-con-full e-flex e-con e-child\" data-id=\"iwgw-illapa-s0c\" data-element_type=\"container\" data-e-type=\"container\">\n\t\t\t\t<div class=\"elementor-element elementor-element-iwgw-illapa-s0t elementor-widget elementor-widget-text-editor\" data-id=\"iwgw-illapa-s0t\" data-element_type=\"widget\" data-e-type=\"widget\" data-widget_type=\"text-editor.default\">\n\t\t\t\t\t\t\t\t\t<p>Illapa er \u00e1samt <a href=\"https:\/\/iwell-guard.com\/is\/?page_id=168919\">Inti<\/a>, <a href=\"https:\/\/iwell-guard.com\/is\/?page_id=168921\">Viracocha<\/a> og <a href=\"https:\/\/iwell-guard.com\/is\/?page_id=168922\">Mama Killa<\/a> einn af fj\u00f3rum \u00e6\u00f0stu gu\u00f0um r\u00edkisd\u00fdrkunar Inka-t\u00edmans. Hann haf\u00f0i sinn eigin hofhluta \u00ed Coricancha \u00ed Cusco og \u00e1h\u00f6ld hans, \u00ferumukeilur og sl\u00f6ngvur, voru var\u00f0veitt \u00ed forsp\u00e6nsku safni mallqui-m\u00fam\u00edanna.<\/p><p>Tr\u00faarfr\u00e6\u00f0ilega telst hann til hinna \u00fatbreiddu <em>\u00ferumu- og storm-gu\u00f0d\u00f3ma<\/em> sem finnast \u00e1 \u00e1berandi sta\u00f0 \u00ed n\u00e6r \u00f6llum akuryrkjuh\u00e1menningum.<\/p><p>\u00d3l\u00edkt hinni r\u00edkis- og keisaralegu Inti-<span class=\"iwg-fachbegriff\" data-tooltip=\"Heild allra tr\u00faarlegra vir\u00f0ingarathafna fyrir gu\u00f0 e\u00f0a heilaga v\u00e6ttu.\" tabindex=\"0\">d\u00fdrkun<\/span> er Illapa-tilbei\u00f0slan enn lifandi \u00ed kech\u00faa- og aymarasamf\u00e9l\u00f6gum n\u00fat\u00edmans. Sveitasi\u00f0ir \u00ed kringum eldingar, \u00ferumur og regn eru mikilv\u00e6gur hluti af \u00e1framhaldandi tr\u00faarlegri i\u00f0kun \u00e1 Andes-h\u00e1lendinu.<\/p><p>Catherine Allen, Joseph Bastien og Frank Salomon hafa \u00ed \u00fej\u00f3\u00f0fr\u00e6\u00f0iritum s\u00ednum \u00edtreka\u00f0 bent \u00e1 a\u00f0 Illapa er b\u00f3ndanum oft n\u00e6rt\u00e6kari en hin h\u00e1leitari s\u00f3largu\u00f0fr\u00e6\u00f0i Intis.<\/p><p>Illapa er \u00ed nokkrum heimildum l\u00fdst sem \u00fer\u00edeinni pers\u00f3nu, \u00feriggja hluta ger\u00f0 sem samanstendur af <em>Chuqui Illapa<\/em> (Illapa br\u00f3\u00f0ur), <em>Catu Illapa<\/em> (Catu br\u00f3\u00f0ur) og \u00feri\u00f0ja \u00fe\u00e6tti sem er breytilegur eftir sagnaritara.<\/p><p>\u00deessi \u00ferenning minnti sp\u00e6nska tr\u00fabo\u00f0a \u00e1 heilaga \u00ferenningu og styrkti \u00ed fyrri <span class=\"iwg-fachbegriff\" data-tooltip=\"V\u00edsindin sem rannsaka tr\u00faarbr\u00f6g\u00f0 samanbur\u00f0arlega og \u00e1n tr\u00faarlegrar bindingar.\" tabindex=\"0\">tr\u00faarbrag\u00f0afr\u00e6\u00f0i<\/span> \u00fe\u00e1 kenningu a\u00f0 fyrirkristin \u00ferenningarhugmynd hef\u00f0i veri\u00f0 til. Pierre Duviols hefur gagnr\u00fdnt \u00feessa t\u00falkun og bent \u00e1 hina eiginlegu anda\u00edsku fj\u00f6lbreytni kosm\u00edskra v\u00e6tta.<\/p><p>Fr\u00e1 fornleifafr\u00e6\u00f0ilegu og myndfr\u00e6\u00f0ilegu sj\u00f3narhorni n\u00e6r tilbei\u00f0sla \u00ferumu-<span class=\"iwg-fachbegriff\" data-tooltip=\"V\u00e6ttur sem er d\u00fdrku\u00f0 sem gu\u00f0leg innan tr\u00faarbrag\u00f0a.\" tabindex=\"0\">gu\u00f0s<\/span> \u00ed Andesfj\u00f6llum langt aftur fyrir Inka-t\u00edmann. Wari-leirmunir s\u00fdna str\u00ed\u00f0smenn me\u00f0 \u00ferumukeilur, og Chimu-menningin \u00ed Nor\u00f0ur-Per\u00fa \u00e1tti samb\u00e6rilegan \u00ferumugu\u00f0 undir nafninu <em>Ni<\/em>, sem var \u00fe\u00f3 tengdari sj\u00f3num.<\/p><p>\u00deessi forsaga s\u00fdnir a\u00f0 Illapa-<span class=\"iwg-fachbegriff\" data-tooltip=\"V\u00edsindaleg fr\u00e6\u00f0i um gu\u00f0 og tr\u00fa innan tr\u00faarbrag\u00f0a.\" tabindex=\"0\">gu\u00f0fr\u00e6\u00f0i<\/span> Inka-r\u00edkisins var\u00f0 ekki til \u00far engu, heldur bygg\u00f0i \u00e1 langri anda\u00edskri storm- og \u00ferumuhef\u00f0.<\/p>\t\t\t\t\t\t\t\t<\/div>\n\t\t\t\t<\/div>\n\t\t\t\t\t<\/div>\n\t\t\t\t<\/div>\n\t\t<div class=\"elementor-element elementor-element-iwgw-illapa-s1 e-flex e-con-boxed e-con e-parent\" data-id=\"iwgw-illapa-s1\" data-element_type=\"container\" data-e-type=\"container\">\n\t\t\t\t\t<div class=\"e-con-inner\">\n\t\t\t\t<div class=\"elementor-element elementor-element-iwgw-illapa-s1h elementor-widget elementor-widget-heading\" data-id=\"iwgw-illapa-s1h\" data-element_type=\"widget\" data-e-type=\"widget\" data-widget_type=\"heading.default\">\n\t\t\t\t\t<h2 class=\"elementor-heading-title elementor-size-default\">Nafn og or\u00f0sifjar<\/h2>\t\t\t\t<\/div>\n\t\t<div class=\"elementor-element elementor-element-iwgw-illapa-s1c e-con-full e-flex e-con e-child\" data-id=\"iwgw-illapa-s1c\" data-element_type=\"container\" data-e-type=\"container\">\n\t\t\t\t<div class=\"elementor-element elementor-element-iwgw-illapa-s1t elementor-widget elementor-widget-text-editor\" data-id=\"iwgw-illapa-s1t\" data-element_type=\"widget\" data-e-type=\"widget\" data-widget_type=\"text-editor.default\">\n\t\t\t\t\t\t\t\t\t<p><span data-nosnippet>Nafni\u00f0 <em>Illapa<\/em> er merkingarlega margr\u00e6tt \u00e1 kech\u00faa. Diego Gonzalez Holguin gefur \u00ed <em>Vocabulario<\/em>-riti s\u00ednu (1608) upp eftirfarandi merkingar: <em>el rayo<\/em> (eldingin), <em>el trueno<\/em> (\u00feruman), <em>el relampago<\/em> (leiftri\u00f0). \u00deannig v\u00edsar or\u00f0i\u00f0 til allra \u00feriggja ve\u00f0urfyrirb\u00e6ra sem birtingarmyndir einnar og s\u00f6mu <span class=\"iwg-fachbegriff\" data-tooltip=\"V\u00e6ttur sem er d\u00fdrku\u00f0 sem gu\u00f0leg innan tr\u00faarbrag\u00f0a.\" tabindex=\"0\">gu\u00f0ar<\/span>.<\/span><\/p><p>Athyglisvert er hi\u00f0 n\u00e1na samband vi\u00f0 kech\u00faa-hugtaki\u00f0 <em>illa<\/em>, sem t\u00e1knar eins konar lj\u00f3shafta t\u00f6frandi n\u00e6rveru (sj\u00e1 einnig <em>Illatiqsi Wiraqucha<\/em> sem vi\u00f0urnefni Viracocha). R\u00f3tarmerking <em>illa<\/em> v\u00edsar til lj\u00f3sbjarts glans sem gefur til kynna helga n\u00e6rveru. Illapa v\u00e6ri \u00fe\u00e1 hin helga lj\u00f3shafta leiftrun \u00e1 himninum.<\/p><p>\u00c1 aymara-sv\u00e6\u00f0inu heitir samsvarandi gu\u00f0 <em>Tunupa<\/em> e\u00f0a <em>Illapa<\/em>, en sv\u00e6\u00f0isbundin einkenni eru breytileg. K\u00f3l\u00f3n\u00eduheimildir gera stundum greinarmun \u00e1 <em>Illapa<\/em> (ve\u00f0ur\u00fe\u00e6tti) og <em>Catu Illapa<\/em> (hagl\u00e9lja\u00fe\u00e6tti). S\u00ed\u00f0ari upphef\u00f0 Illapa hj\u00e1 Inka kemur einnig fram \u00ed vi\u00f0urnefnum Inka-h\u00f6f\u00f0ingja: Inka Yupanqui Tupac bar vi\u00f0urnefni\u00f0 <em>Yupanqui-Illapa<\/em>, sem tj\u00e1\u00f0i tengsl hans vi\u00f0 \u00ferumu-\u00fe\u00e1tt <span class=\"iwg-fachbegriff\" data-tooltip=\"V\u00e6ttur sem er d\u00fdrku\u00f0 sem gu\u00f0leg innan tr\u00faarbrag\u00f0a.\" tabindex=\"0\">gu\u00f0arins<\/span>.<\/p><p>\u00cd n\u00fdlegustu m\u00e1ls\u00f6gulegu ranns\u00f3knum \u00e1 kech\u00faa-<span class=\"iwg-fachbegriff\" data-tooltip=\"V\u00edsindaleg fr\u00e6\u00f0i um gu\u00f0 og tr\u00fa innan tr\u00faarbrag\u00f0a.\" tabindex=\"0\">gu\u00f0fr\u00e6\u00f0i<\/span> hefur or\u00f0sifjafr\u00e6\u00f0i <em>illa<\/em> sem <em>glans, endurskin, lj\u00f3shafta spor<\/em> veri\u00f0 \u00fatf\u00e6r\u00f0 frekar.<\/p><p>Cesar Itier hefur bent \u00e1 a\u00f0 <em>illa<\/em> \u00ed hugtakanotkun Inka-t\u00edmans v\u00edsar ekki a\u00f0eins til leiftra \u00e1 himni, heldur til grundvallar helgikategor\u00edu: leiftrun gu\u00f0legrar n\u00e6rveru \u00ed heiminum. Litlu steinam\u00faletturnar <em>illa<\/em> (hjar\u00f0varnarf\u00edg\u00farur) bera sama nafn, sem varpar lj\u00f3si \u00e1 merkingard\u00fdpt nafns Illapa.<\/p>\t\t\t\t\t\t\t\t<\/div>\n\t\t\t\t<\/div>\n\t\t\t\t\t<\/div>\n\t\t\t\t<\/div>\n\t\t<div class=\"elementor-element elementor-element-iwgw-illapa-s2 e-flex e-con-boxed e-con e-parent\" data-id=\"iwgw-illapa-s2\" data-element_type=\"container\" data-e-type=\"container\">\n\t\t\t\t\t<div class=\"e-con-inner\">\n\t\t\t\t<div class=\"elementor-element elementor-element-iwgw-illapa-s2h elementor-widget elementor-widget-heading\" data-id=\"iwgw-illapa-s2h\" data-element_type=\"widget\" data-e-type=\"widget\" data-widget_type=\"heading.default\">\n\t\t\t\t\t<h2 class=\"elementor-heading-title elementor-size-default\">L\u00fdsing og myndm\u00e1l<\/h2>\t\t\t\t<\/div>\n\t\t<div class=\"elementor-element elementor-element-iwgw-illapa-s2c e-con-full e-flex e-con e-child\" data-id=\"iwgw-illapa-s2c\" data-element_type=\"container\" data-e-type=\"container\">\n\t\t\t\t<div class=\"elementor-element elementor-element-iwgw-illapa-s2t elementor-widget elementor-widget-text-editor\" data-id=\"iwgw-illapa-s2t\" data-element_type=\"widget\" data-e-type=\"widget\" data-widget_type=\"text-editor.default\">\n\t\t\t\t\t\t\t\t\t<p>\u00cd n\u00fdlendul\u00fdsingum er Illapa s\u00fdndur sem himneskur bardagama\u00f0ur sem framkallar eldingar me\u00f0 gullinni sl\u00f6ngu og l\u00e6tur \u00ferumur dynja me\u00f0 kylfu. Sums sta\u00f0ar er hann kl\u00e6ddur skikkju \u00far stj\u00f6rnum og ber vatnskrukku sem hann hellir regni \u00far. \u00deessa myndl\u00fdsingu m\u00e1 rekja til Crist\u00f3bal de Molina og Polo de Ondegardo.<\/p><p>\u00c1 var\u00f0veittum vefna\u00f0i Inkanna og \u00ed n\u00fdlendum\u00e1lverkum fr\u00e1 Cusco birtist Illapa oft sem bardagama\u00f0ur me\u00f0 sl\u00f6ngu og eldingakylfu, \u00f6\u00f0ru hverju r\u00ed\u00f0andi p\u00fama.<\/p><p>Tengslin vi\u00f0 p\u00famann eru landfr\u00e6\u00f0ilega r\u00f6kstudd: \u00cd Coricancha var steinblokk sem k\u00f6llu\u00f0 var <em>Puma Punku<\/em> (p\u00famahli\u00f0i\u00f0), tilv\u00edsunarsta\u00f0ur fyrir Illapa-d\u00fdrkun. Listasagnfr\u00e6\u00f0ingurinn Teresa Gisbert hefur \u00ed verkum s\u00ednum um myndhef\u00f0 Andesfjalla \u00e1 n\u00fdlendut\u00edma l\u00fdst kerfisbundi\u00f0 myndum af Illapa sem bardagamanni.<\/p><p>\u00cd kristnit\u00f6kunni var Illapa flj\u00f3tlega samsama\u00f0ur heil\u00f6gum Jakobi (<em>Santiago<\/em>), sem \u00ed sp\u00e6nskri hef\u00f0 kemur fram sem riddarad\u00fdrlingur me\u00f0 eldingasver\u00f0.<\/p><p>\u00deessi samruni s\u00e9st enn \u00ed dag \u00ed helgih\u00e1t\u00ed\u00f0um Andesb\u00faa: \u00fear sem b\u00e6ndah\u00e1t\u00ed\u00f0in <em>Santiago Mataindios<\/em> er haldin, er Illapa n\u00e1l\u00e6gur \u00ed frumbyggjaskilningi undirlagsins. Hef\u00f0in <em>Santiago de Murayoc<\/em> \u00ed Huarochir\u00ed er \u00feekkt d\u00e6mi um \u00feetta.<\/p>\t\t\t\t\t\t\t\t<\/div>\n\t\t\t\t<\/div>\n\t\t\t\t\t<\/div>\n\t\t\t\t<\/div>\n\t\t<div class=\"elementor-element elementor-element-iwgw-illapa-s3 e-flex e-con-boxed e-con e-parent\" data-id=\"iwgw-illapa-s3\" data-element_type=\"container\" data-e-type=\"container\">\n\t\t\t\t\t<div class=\"e-con-inner\">\n\t\t\t\t<div class=\"elementor-element elementor-element-iwgw-illapa-s3h elementor-widget elementor-widget-heading\" data-id=\"iwgw-illapa-s3h\" data-element_type=\"widget\" data-e-type=\"widget\" data-widget_type=\"heading.default\">\n\t\t\t\t\t<h2 class=\"elementor-heading-title elementor-size-default\">Go\u00f0sagnakenndar fr\u00e1sagnir<\/h2>\t\t\t\t<\/div>\n\t\t<div class=\"elementor-element elementor-element-iwgw-illapa-s3c e-con-full e-flex e-con e-child\" data-id=\"iwgw-illapa-s3c\" data-element_type=\"container\" data-e-type=\"container\">\n\t\t\t\t<div class=\"elementor-element elementor-element-iwgw-illapa-s3t elementor-widget elementor-widget-text-editor\" data-id=\"iwgw-illapa-s3t\" data-element_type=\"widget\" data-e-type=\"widget\" data-widget_type=\"text-editor.default\">\n\t\t\t\t\t\t\t\t\t<p>Mikilv\u00e6gasta fr\u00e1s\u00f6gnin um Illapa er var\u00f0veitt \u00ed Huarochir\u00ed-handritinu og l\u00fdsir sambandi hans vi\u00f0 vatnsgy\u00f0juna (\u00fe\u00e1tt af <a href=\"https:\/\/iwell-guard.com\/is\/?page_id=168926\">Mama Cocha<\/a>). Illapa varpar eldingu til a\u00f0 h\u00e6fa krukkugy\u00f0juna \u00e1 himninum; \u00far krukkunni sem brotnar streymir regni\u00f0. \u00deessi uppruna-sk\u00fdring \u00e1 regni er sta\u00f0la\u00f0ur \u00fe\u00e1ttur \u00ed <span class=\"iwg-fachbegriff\" data-tooltip=\"Heildarsafn arfleifra gu\u00f0afr\u00e1sagna \u00ed einni menningu.\" tabindex=\"0\">go\u00f0afr\u00e6\u00f0i<\/span> Andesfjalla.<\/p><p>\u00d6nnur fr\u00e1s\u00f6gn tengir Illapa vi\u00f0 himneska lamastj\u00f6rnuna (stj\u00f6rnumerki\u00f0 <em>Yacana<\/em>, sem var mi\u00f0l\u00e6gt \u00ed stj\u00f6rnufr\u00e6\u00f0i Inkat\u00edmans). \u00deegar stj\u00f6rnumerki\u00f0 Yacana stendur l\u00e1gt \u00e1 su\u00f0urhimninum um mi\u00f0n\u00e6tti, drekkur \u00fea\u00f0 samkv\u00e6mt <span class=\"iwg-fachbegriff\" data-tooltip=\"Arfleif\u00f0 fr\u00e1s\u00f6gn um gu\u00f0i, uppruna og skipan heimsins.\" tabindex=\"0\">go\u00f0s\u00f6gninni<\/span> vatn \u00far Vetrarbrautinni og minnkar \u00fea\u00f0 \u00feannig.<\/p><p>Illapa br\u00fdtur \u00fe\u00e1 krukkugy\u00f0juna til a\u00f0 koma regninu aftur til jar\u00f0ar. Gary Urton hefur l\u00fdst \u00feessari stj\u00f6rnu-go\u00f0fr\u00e6\u00f0ilegu byggingu kerfisbundi\u00f0 \u00ed <em>At the Crossroads of the Earth and the Sky<\/em> (1981).<\/p><p>\u00deri\u00f0ja fr\u00e1s\u00f6gnin, var\u00f0veitt af Polo de Ondegardo, l\u00fdsir \u00fatnefningu <em>altomisayoq<\/em>-presta Inkat\u00edmans me\u00f0 eldingasl\u00e6tti. S\u00e1 sem var\u00f0 fyrir eldingu og lif\u00f0i af var talinn \u00fatnefndur prestur af Illapa sj\u00e1lfum og f\u00e9kk r\u00e9tt til a\u00f0 flytja <span class=\"iwg-fachbegriff\" data-tooltip=\"Sta\u00f0ur e\u00f0a stofnun \u00fear sem leita\u00f0 er gu\u00f0legrar lei\u00f0sagnar.\" tabindex=\"0\">v\u00e9fr\u00e9tt<\/span> og framkv\u00e6ma l\u00e6kningar.<\/p><p>\u00deessi \u00fatnefningarhef\u00f0 lifir enn \u00ed dag me\u00f0al n\u00fat\u00edma <em>paqo<\/em>-s\u00e9rfr\u00e6\u00f0inga \u00ed kves\u00faa-m\u00e6landi \u00feorpum. Juan N\u00fa\u00f1ez del Prado hefur l\u00fdst \u00feessari eldinga-\u00fatnefningu \u00ed \u00fej\u00f3\u00f0fr\u00e6\u00f0iranns\u00f3knum s\u00ednum.<\/p><p>Fj\u00f3r\u00f0a fr\u00e1s\u00f6gnin tengir Illapa vi\u00f0 gl\u00e6pal\u00f6ggj\u00f6f Inkat\u00edmans: s\u00e1 sem s\u00f3r \u00ferumu-ei\u00f0 (<em>illapamanta<\/em>) um a\u00f0 segja sannleikann m\u00e1tti ekki lj\u00faga, \u00fev\u00ed Illapa sj\u00e1lfur myndi refsa fyrir lj\u00fagvitni me\u00f0 eldingu.<\/p><p>R\u00e9ttarkerfi Inkanna n\u00fdtti \u00feennan gu\u00f0lega ei\u00f0 sem sannleiksleitart\u00e6ki \u00ed s\u00e9rstaklega alvarlegum m\u00e1lum. Polo de Ondegardo og Cobo greina fr\u00e1 \u00fev\u00ed mikla trausti sem bori\u00f0 var til yfirl\u00fdsingar sem gefin var undir illapamanta-ei\u00f0i.<\/p>\t\t\t\t\t\t\t\t<\/div>\n\t\t\t\t<\/div>\n\t\t\t\t\t<\/div>\n\t\t\t\t<\/div>\n\t\t<div class=\"elementor-element elementor-element-iwgw-illapa-s4 e-flex e-con-boxed e-con e-parent\" data-id=\"iwgw-illapa-s4\" data-element_type=\"container\" data-e-type=\"container\">\n\t\t\t\t\t<div class=\"e-con-inner\">\n\t\t\t\t<div class=\"elementor-element elementor-element-iwgw-illapa-s4h elementor-widget elementor-widget-heading\" data-id=\"iwgw-illapa-s4h\" data-element_type=\"widget\" data-e-type=\"widget\" data-widget_type=\"heading.default\">\n\t\t\t\t\t<h2 class=\"elementor-heading-title elementor-size-default\">D\u00fdrkun og tilbei\u00f0sla<\/h2>\t\t\t\t<\/div>\n\t\t<div class=\"elementor-element elementor-element-iwgw-illapa-s4c e-con-full e-flex e-con e-child\" data-id=\"iwgw-illapa-s4c\" data-element_type=\"container\" data-e-type=\"container\">\n\t\t\t\t<div class=\"elementor-element elementor-element-iwgw-illapa-s4t elementor-widget elementor-widget-text-editor\" data-id=\"iwgw-illapa-s4t\" data-element_type=\"widget\" data-e-type=\"widget\" data-widget_type=\"text-editor.default\">\n\t\t\t\t\t\t\t\t\t<p><span data-nosnippet>Illapa-<span class=\"iwg-fachbegriff\" data-tooltip=\"Heildarsafn tr\u00faarlegra d\u00fdrkunarathafna fyrir gu\u00f0 e\u00f0a heilaga v\u00e6ttur.\" tabindex=\"0\">d\u00fdrkunin<\/span> var stofnanabundin \u00ed Coricancha-<span class=\"iwg-fachbegriff\" data-tooltip=\"Bygging sem er notu\u00f0 til d\u00fdrkunar einum e\u00f0a fleiri gu\u00f0um.\" tabindex=\"0\">hofinu<\/span> \u00ed Cusco. \u00cd svok\u00f6llu\u00f0u <em>Pucamarca<\/em>, s\u00e9rst\u00f6ku hofsv\u00e6\u00f0i \u00e1 su\u00f0austari \u00fatja\u00f0ri Cusco, st\u00f3\u00f0 h\u00f6fu\u00f0d\u00fdrkunarmynd Illapa, gullin karlmannsstytta me\u00f0 eldingakylfu og sl\u00f6ngu. \u00deessi <span class=\"iwg-fachbegriff\" data-tooltip=\"Mynd e\u00f0a stytta sem d\u00fdrku\u00f0 er sem gu\u00f0leg.\" tabindex=\"0\">skur\u00f0go\u00f0<\/span> var teki\u00f0 af Sp\u00e1nverjum \u00e1ri\u00f0 1572 \u00ed Vilcabamba, \u00e1samt Punchao, og er n\u00fa horfi\u00f0.<\/span><\/p><p>Mikilv\u00e6gustu Illapa-athafnirnar voru framkv\u00e6mdar \u00e1 regnt\u00edmanum, milli september og mars. \u00deegar regn br\u00e1st, st\u00f3\u00f0u prestar og samf\u00e9lagi\u00f0 fyrir st\u00f3rum b\u00e6nag\u00f6ngum eftir ceque-l\u00ednunum, \u00fear sem sv\u00f6rtum lamad\u00fdrum var f\u00f3rna\u00f0 \u00e1 fjallshryggjunum \u00ed kringum borgina.<\/p><p>Sv\u00f6rt lamad\u00fdr voru s\u00e9rt\u00e6k f\u00f3rnard\u00fdr Illapa, \u00fev\u00ed svarti litur \u00feeirra samsvara\u00f0i regnsk\u00fdjum. Crist\u00f3bal de Molina l\u00fdsir s\u00e9rst\u00f6kum <span class=\"iwg-fachbegriff\" data-tooltip=\"Arfleif\u00f0 ath\u00f6fn sem endurtekin er reglulega \u00ed samf\u00e9lagi.\" tabindex=\"0\">si\u00f0<\/span>: \u00e1 regnlausum d\u00f6gum var svart lama haldi\u00f0 \u00e1n vatns \u00ed \u00ferj\u00e1 daga, svo a\u00f0 \u00fea\u00f0 gr\u00e9t af \u00feorsta og myndi \u00feannig kalla fram regnsk\u00fdin me\u00f0 gr\u00e1ti s\u00ednum.<\/p><p>Mikilv\u00e6gasta h\u00e1t\u00ed\u00f0ardagsetningin var <em>Capac Raymi<\/em> \u00ed desember og hreinsunarh\u00e1t\u00ed\u00f0in <em>Citua<\/em> \u00ed september, b\u00e1\u00f0ar n\u00e1tengdar upphafi regnt\u00edmans. Brian Bauer og Tom Zuidema hafa unni\u00f0 kerfisbundi\u00f0 \u00far st\u00f6\u00f0u Illapa \u00ed tr\u00faarlega t\u00edmatali Inkaveldisins \u00ed verkum s\u00ednum.<\/p><p>\u00cd t\u00edmatali Inkaveldisins st\u00f3\u00f0u Illapa-athafnirnar \u00ed fl\u00f3knu samspili vi\u00f0 landb\u00fana\u00f0arhringr\u00e1sirnar. Fyrir s\u00e1ningu \u00ed \u00e1g\u00fast var Illapa be\u00f0inn um h\u00e6filegar regnfellingar, \u00ed desember og jan\u00faar um h\u00e6filega v\u00e6tu \u00e1n jar\u00f0vegsey\u00f0ingar, \u00ed mars og apr\u00edl um mildan \u00feurrkaskil.<\/p><p>\u00deessi t\u00edmatalslega a\u00f0greinda ve\u00f0ur-<span class=\"iwg-fachbegriff\" data-tooltip=\"Fr\u00e6\u00f0ilegt n\u00e1m um gu\u00f0 og tr\u00fa innan tr\u00faarbrag\u00f0a.\" tabindex=\"0\">gu\u00f0fr\u00e6\u00f0i<\/span> endurspeglar n\u00e1na \u00feekkingu \u00e1 b\u00e6ndalegri tr\u00faari\u00f0kun og hefur af n\u00fat\u00edma <span class=\"iwg-fachbegriff\" data-tooltip=\"Fr\u00e6\u00f0igrein sem rannsakar menningarheima og samf\u00e9l\u00f6g samanbur\u00f0arlega.\" tabindex=\"0\">\u00fej\u00f3\u00f0fr\u00e6\u00f0i<\/span> Andesfjalla veri\u00f0 t\u00falku\u00f0 sem <em>tr\u00faarleg \u00f6rstj\u00f3rnun<\/em> \u00e1 \u00e1h\u00e6ttum landb\u00fana\u00f0arins.<\/p>\t\t\t\t\t\t\t\t<\/div>\n\t\t\t\t<\/div>\n\t\t\t\t\t<\/div>\n\t\t\t\t<\/div>\n\t\t<div class=\"elementor-element elementor-element-iwgw-illapa-s5 e-flex e-con-boxed e-con e-parent\" data-id=\"iwgw-illapa-s5\" data-element_type=\"container\" data-e-type=\"container\">\n\t\t\t\t\t<div class=\"e-con-inner\">\n\t\t\t\t<div class=\"elementor-element elementor-element-iwgw-illapa-s5h elementor-widget elementor-widget-heading\" data-id=\"iwgw-illapa-s5h\" data-element_type=\"widget\" data-e-type=\"widget\" data-widget_type=\"heading.default\">\n\t\t\t\t\t<h2 class=\"elementor-heading-title elementor-size-default\">Verndara\u00f0ger\u00f0ir og fr\u00e1hrindandi t\u00e1kn<\/h2>\t\t\t\t<\/div>\n\t\t<div class=\"elementor-element elementor-element-iwgw-illapa-s5c e-con-full e-flex e-con e-child\" data-id=\"iwgw-illapa-s5c\" data-element_type=\"container\" data-e-type=\"container\">\n\t\t\t\t<div class=\"elementor-element elementor-element-iwgw-illapa-s5t elementor-widget elementor-widget-text-editor\" data-id=\"iwgw-illapa-s5t\" data-element_type=\"widget\" data-e-type=\"widget\" data-widget_type=\"text-editor.default\">\n\t\t\t\t\t\t\t\t\t<p>Hinn hagn\u00fdti verndartengsli vi\u00f0 tilbei\u00f0slu Illapa eru \u00f3v\u00e6nt tv\u00edbent: Annars vegar var Illapa \u00e1kalla\u00f0ur gegn \u00feurrki, hagl\u00e9li og frosti, en hins vegar leita\u00f0i f\u00f3lk einnig verndar <em>gegn<\/em> Illapa sj\u00e1lfum, s\u00e9rstaklega gegn eldingum hans. \u00deessi tv\u00edbenta verndartengsl eru d\u00e6miger\u00f0 fyrir \u00ferumugu\u00f0i og koma einnig fram \u00ed <span class=\"iwg-fachbegriff\" data-tooltip=\"Heildarsafn tr\u00faarlegra tilbei\u00f0sluathafna helga\u00f0ra gu\u00f0i e\u00f0a heilagri v\u00e6tti.\" tabindex=\"0\">d\u00fdrkun<\/span> \u00de\u00f3rs, Indra e\u00f0a Baals.<\/p><p>\u00c1\u00fereifanlegar verndara\u00f0fer\u00f0ir felast \u00ed a\u00f0 brenna vaxkerti \u00ed fyrsta \u00ferumuve\u00f0ri hverrar \u00e1rst\u00ed\u00f0ar, hla\u00f0a litla grj\u00f3tv\u00f6r\u00f0ur (<em>apacheta<\/em>) \u00e1 fjallshryggjum, og for\u00f0ast tiltekna sta\u00f0i (st\u00f6k tr\u00e9, h\u00e1a kletta) me\u00f0an \u00e1 \u00ferumuve\u00f0ri stendur.<\/p><p>Mj\u00f6g s\u00e9rst\u00f6k ath\u00f6fn er <em>toldo<\/em>&#8211;<span class=\"iwg-fachbegriff\" data-tooltip=\"Skipul\u00f6g\u00f0 atbur\u00f0ar\u00f6\u00f0 t\u00e1knger\u00f0ra athafna me\u00f0 tr\u00faarlega e\u00f0a menningarlega merkingu.\" tabindex=\"0\">helgisi\u00f0urinn<\/span>: \u00deegar elding sl\u00e6r ni\u00f0ur \u00ed h\u00fas er allt h\u00fasi\u00f0 \u00farskur\u00f0a\u00f0 \u00f3byggilegt \u00ed \u00ferj\u00fa \u00e1r, \u00fev\u00ed \u00fea\u00f0 telst hafa veri\u00f0 snert af Illapa sj\u00e1lfum og \u00fear me\u00f0 hla\u00f0i\u00f0 <span class=\"iwg-fachbegriff\" data-tooltip=\"V\u00edsar til hins \u00f3gnvekjandi og h\u00e1leita \u00ed hinu heilaga; hugtak \u00far tr\u00faarbrag\u00f0afr\u00e6\u00f0i.\" tabindex=\"0\">numinos<\/span> krafti.<\/p><p><span class=\"iwg-fachbegriff\" data-tooltip=\"\u00d3gnvarnandi: um t\u00e1kn og hluti sem \u00e6tla\u00f0 er a\u00f0 halda ska\u00f0legum \u00e1hrifum \u00ed fjarl\u00e6g\u00f0.\" tabindex=\"0\">Ap\u00f3tr\u00f3pa\u00edsk<\/span> v\u00f6rn gegn hagl\u00e9li felst \u00ed \u00fev\u00ed a\u00f0 \u00ed sumum \u00feorpum eru v\u00edg\u00f0 kerti sett upp vi\u00f0 h\u00fasdyr og krossar gr\u00f3\u00f0ursettir \u00ed \u00f6krunum, sem n\u00fa eru samlaga\u00f0ir myndum af Mar\u00edu e\u00f0a heil\u00f6gum Jakobi.<\/p><p>Fr\u00e1 tr\u00faar\u00fej\u00f3\u00f0fr\u00e6\u00f0ilegu sj\u00f3narhorni er h\u00e9r um beint framhald af fyrir-sp\u00e6nskri Illapa-i\u00f0kun a\u00f0 r\u00e6\u00f0a, dulb\u00fai\u00f0 \u00ed kristnum b\u00faningi. Olivia Harris hefur \u00ed <em>Of Bread and Blood<\/em> (2000) l\u00fdst \u00feessari \u00e1framhaldandi hagl\u00e9ls-verndari\u00f0kun \u00e1 aymara-h\u00e1lendinu.<\/p>\t\t\t\t\t\t\t\t<\/div>\n\t\t\t\t<\/div>\n\t\t\t\t\t<\/div>\n\t\t\t\t<\/div>\n\t\t<div class=\"elementor-element elementor-element-iwgw-illapa-s6 e-flex e-con-boxed e-con e-parent\" data-id=\"iwgw-illapa-s6\" data-element_type=\"container\" data-e-type=\"container\">\n\t\t\t\t\t<div class=\"e-con-inner\">\n\t\t\t\t<div class=\"elementor-element elementor-element-iwgw-illapa-s6h elementor-widget elementor-widget-heading\" data-id=\"iwgw-illapa-s6h\" data-element_type=\"widget\" data-e-type=\"widget\" data-widget_type=\"heading.default\">\n\t\t\t\t\t<h2 class=\"elementor-heading-title elementor-size-default\">Hli\u00f0st\u00e6\u00f0ur \u00ed \u00f6\u00f0rum menningarheimum<\/h2>\t\t\t\t<\/div>\n\t\t<div class=\"elementor-element elementor-element-iwgw-illapa-s6c e-con-full e-flex e-con e-child\" data-id=\"iwgw-illapa-s6c\" data-element_type=\"container\" data-e-type=\"container\">\n\t\t\t\t<div class=\"elementor-element elementor-element-iwgw-illapa-s6t elementor-widget elementor-widget-text-editor\" data-id=\"iwgw-illapa-s6t\" data-element_type=\"widget\" data-e-type=\"widget\" data-widget_type=\"text-editor.default\">\n\t\t\t\t\t\t\t\t\t<p>Illapa fellur inn \u00ed hi\u00f0 hnattr\u00e6na mynstur \u00ferumugu\u00f0a.<\/p><p>Byggingarlega samb\u00e6rilegir eru germanski <em>\u00de\u00f3r<\/em>, gr\u00edski <em>Seifur<\/em>, ved\u00edski <em>Indra<\/em>, baltneski <em>Perk\u00fanas<\/em>, vestur-as\u00edski <em>Baal Hadad<\/em>, japanski <em>Raijin<\/em> og mes\u00f3p\u00f3tam\u00edski <em>Adad<\/em>.<\/p><p>\u00cd \u00f6llum \u00feessum tilvikum er \u00ferumu-<span class=\"iwg-fachbegriff\" data-tooltip=\"Vera sem tilbe\u00f0in er sem gu\u00f0leg innan tr\u00faarbrag\u00f0a.\" tabindex=\"0\">gu\u00f0inn<\/span> karlkyns str\u00ed\u00f0smannsvera me\u00f0 kastvopn (hamar, \u00ferumukeilu, sl\u00f6ngvu), sem ber \u00e1byrg\u00f0 \u00e1 regni og vekur k\u00f6llun me\u00f0 eldingum.<\/p><p>Innan Amer\u00edku s\u00fdnir Illapa s\u00e9rstaklega n\u00e1in l\u00edkindi vi\u00f0 aztekska <em>Tlaloc<\/em>, maja-gu\u00f0inn <em>Chaak<\/em> og nor\u00f0ur-amer\u00edska <a href=\"https:\/\/iwell-guard.com\/is\/?page_id=168938\">Thunderbird<\/a>-veruna. Thunderbird-hugmyndin er s\u00e9rlega \u00e1hugaver\u00f0 \u00fear sem h\u00fan tengir \u00ferumuna einnig vi\u00f0 veru sem getur flogi\u00f0 og skapar storm me\u00f0 v\u00e6ngjum s\u00ednum, byggingarlega samb\u00e6rilegt vi\u00f0 vatnsk\u00f6nnu-gy\u00f0ju Illapa.<\/p><p>Hin n\u00fdlendut\u00edma-samlaga\u00f0a tenging Illapa vi\u00f0 heilagan Jakob (<em>Santiago<\/em>) hefur hloti\u00f0 mikla athygli \u00ed tr\u00faars\u00f6gulegum ritum.<\/p><p>Sp\u00e6nska Santiago-hef\u00f0in \u00e1 s\u00e9r hins vegar <em>Santiago Matamoros<\/em>, sem r\u00ed\u00f0ur me\u00f0 sver\u00f0i yfir M\u00e1rum; \u00ed Andesfj\u00f6llum var\u00f0 hann a\u00f0 <em>Santiago Mataindios<\/em> (ind\u00ed\u00e1nabana) og gat samt\u00edmis virka\u00f0 sem kristinn riddarahelgur ma\u00f0ur og and\u00edskur \u00ferumugu\u00f0, tv\u00ede\u00f0lis vera.<\/p><p>V\u00edsindalega er s\u00e9rstaklega mikilv\u00e6gt a\u00f0 Illapa var ekki fyrst og fremst str\u00ed\u00f0sgu\u00f0 eins og \u00de\u00f3r e\u00f0a Indra. A\u00f0alv\u00eddd hans var ve\u00f0urgj\u00f6f. Hin str\u00ed\u00f0slega myndhef\u00f0 er aukaatri\u00f0i og a\u00f0 mestu leyti gu\u00f0fr\u00e6\u00f0ilegt afsprengi eldingakeilu-n\u00e1vistar hans.<\/p><p>\u00deessi a\u00f0greining, ve\u00f0urgjafi frekar en str\u00ed\u00f0sma\u00f0ur, er s\u00e9rstaklega and\u00edskt gu\u00f0fr\u00e6\u00f0ilegt einkenni sem greinir Inka-Illapa fr\u00e1 samb\u00e6rilegum \u00ferumugu\u00f0um og endurspeglar landb\u00fana\u00f0arlegan kjarna and\u00edsku h\u00e1st\u00f3rmenningarinnar.<\/p>\t\t\t\t\t\t\t\t<\/div>\n\t\t\t\t<\/div>\n\t\t\t\t\t<\/div>\n\t\t\t\t<\/div>\n\t\t<div class=\"elementor-element elementor-element-iwgw-illapa-s7 e-flex e-con-boxed e-con e-parent\" data-id=\"iwgw-illapa-s7\" data-element_type=\"container\" data-e-type=\"container\">\n\t\t\t\t\t<div class=\"e-con-inner\">\n\t\t\t\t<div class=\"elementor-element elementor-element-iwgw-illapa-s7h elementor-widget elementor-widget-heading\" data-id=\"iwgw-illapa-s7h\" data-element_type=\"widget\" data-e-type=\"widget\" data-widget_type=\"heading.default\">\n\t\t\t\t\t<h2 class=\"elementor-heading-title elementor-size-default\">N\u00fat\u00edmavi\u00f0t\u00f6kur og ranns\u00f3knir<\/h2>\t\t\t\t<\/div>\n\t\t<div class=\"elementor-element elementor-element-iwgw-illapa-s7c e-con-full e-flex e-con e-child\" data-id=\"iwgw-illapa-s7c\" data-element_type=\"container\" data-e-type=\"container\">\n\t\t\t\t<div class=\"elementor-element elementor-element-iwgw-illapa-s7t elementor-widget elementor-widget-text-editor\" data-id=\"iwgw-illapa-s7t\" data-element_type=\"widget\" data-e-type=\"widget\" data-widget_type=\"text-editor.default\">\n\t\t\t\t\t\t\t\t\t<p><span data-nosnippet>\u00c1 hinu n\u00fat\u00edmalega quechua- og aymara-m\u00e6landi h\u00e1lendi lifa Illapa-i\u00f0kunir a\u00f0 mestu \u00e1fram \u00ed kristnu formi. <em>Paqo<\/em>&#8211; og <em>yatiri<\/em>-s\u00e9rfr\u00e6\u00f0ingar n\u00fat\u00edma Andes\u00feorpa rekja k\u00f6llun s\u00edna oft enn til \u00feess a\u00f0 hafa lifa\u00f0 af eldingu; \u00ed \u00fej\u00f3\u00f0fr\u00e6\u00f0ilegum fornleifafr\u00e6\u00f0iritum (t.d. Inge Bolin: <em>Rituals of Respect<\/em>, 1998) hafa sl\u00edk tilvik veri\u00f0 skjalfest \u00edtreka\u00f0.<\/span><\/p><p><span data-nosnippet>\u00cd <span class=\"iwg-fachbegriff\" data-tooltip=\"Hin var\u00f0veitta \u00fej\u00f3\u00f0menning me\u00f0 si\u00f0um, s\u00f6gum og l\u00f6gum.\" tabindex=\"0\">\u00fej\u00f3\u00f0fr\u00e6\u00f0i<\/span>-ranns\u00f3knum er Santiago-Illapa-saml\u00f6gunin klass\u00edskt d\u00e6mi um <em>doble nivel de discurso<\/em> (tv\u00f6falt talstig) and\u00edsku tr\u00faarbrag\u00f0anna: ofan \u00e1 er hin kristna d\u00fdrlingahef\u00f0, undir liggur hinn frumbyggjalegi \u00ferumugu\u00f0, \u00f3skiljanlega samrunnir \u00ed hagn\u00fdtri helgisi\u00f0aframkv\u00e6md. Sabine MacCormack l\u00fdsti \u00feessu tv\u00f6falda stigi me\u00f0 kerfisbundnum h\u00e6tti \u00ed <em>Religion in the Andes<\/em> (1991).<\/span><\/p><p>\u00cd akadem\u00edskum stj\u00f6rnufr\u00e6\u00f0iranns\u00f3knum er tenging Illapa vi\u00f0 Yacana-lamastj\u00f6rnumerki\u00f0 enn ranns\u00f6ku\u00f0 sem mikilv\u00e6gur \u00fe\u00e1ttur \u00ed stj\u00f6rnuhimni Inkanna. Gary Urton, Tom Zuidema og yngri verk l\u00e6risveina R. Tom Zuidema hafa s\u00fdnt hvernig mi\u00f0and\u00edsk stj\u00f6rnufr\u00e6\u00f0i m\u00f3ta\u00f0i ve\u00f0ur-<span class=\"iwg-fachbegriff\" data-tooltip=\"V\u00edsindaleg fr\u00e6\u00f0i um gu\u00f0 og tr\u00fa innan tr\u00faarbrag\u00f0a.\" tabindex=\"0\">gu\u00f0fr\u00e6\u00f0ina<\/span>. V\u00edsindalega er Illapa \u00e1fram lykiltilvik til a\u00f0 skilja samtvinnun h\u00e1st\u00f3rmenningar og b\u00e6ndatr\u00faar \u00e1 Inkat\u00edmanum.<\/p><p>\u00c1 s\u00ed\u00f0ustu \u00e1ratugum hefur <em>movimiento andino<\/em>, hreyfing frumbyggja \u00ed B\u00f3liv\u00edu og Per\u00fa, dregi\u00f0 Illapa inn \u00ed umr\u00e6\u00f0una um vi\u00f0n\u00e1ms\u00fer\u00f3tt frumbyggja gagnvart loftslagsbreytingum. \u00deegar \u00farkomumynstur Andesfjalla breytast vegna loftslagsbreytinga ver\u00f0ur Illapa-<span class=\"iwg-fachbegriff\" data-tooltip=\"V\u00edsindaleg fr\u00e6\u00f0i um gu\u00f0 og tr\u00fa innan tr\u00faarbrag\u00f0a.\" tabindex=\"0\">gu\u00f0fr\u00e6\u00f0in<\/span> \u00ed \u00feorpunum menningarlegur endurhlj\u00f3msrammi \u00fear sem \u00feessar breytingar eru tr\u00faarlega \u00fatklj\u00e1\u00f0ar.<\/p><p>Mannfr\u00e6\u00f0ingurinn Karsten Paerregaard hefur \u00ed <em>Pilgrims of the Andes<\/em> (2017) l\u00fdst helgisi\u00f0abundnum a\u00f0l\u00f6gunum h\u00e1lendisb\u00e6nda a\u00f0 loftslagsbreytingum og s\u00fdnt hvernig tengingin vi\u00f0 Illapa gegnir hlutverki \u00ed \u00fev\u00ed.<\/p>\t\t\t\t\t\t\t\t<\/div>\n\t\t\t\t<\/div>\n\t\t\t\t\t<\/div>\n\t\t\t\t<\/div>\n\t\t<div class=\"elementor-element elementor-element-iwgw-illapa-s8 e-flex e-con-boxed e-con e-parent\" data-id=\"iwgw-illapa-s8\" data-element_type=\"container\" data-e-type=\"container\">\n\t\t\t\t\t<div class=\"e-con-inner\">\n\t\t\t\t<div class=\"elementor-element elementor-element-iwgw-illapa-s8h elementor-widget elementor-widget-heading\" data-id=\"iwgw-illapa-s8h\" data-element_type=\"widget\" data-e-type=\"widget\" data-widget_type=\"heading.default\">\n\t\t\t\t\t<h2 class=\"elementor-heading-title elementor-size-default\">Heimildir og b\u00f3kmenntir<\/h2>\t\t\t\t<\/div>\n\t\t<div class=\"elementor-element elementor-element-iwgw-illapa-s8c e-con-full e-flex e-con e-child\" data-id=\"iwgw-illapa-s8c\" data-element_type=\"container\" data-e-type=\"container\">\n\t\t\t\t<div class=\"elementor-element elementor-element-iwgw-illapa-s8t elementor-widget elementor-widget-text-editor\" data-id=\"iwgw-illapa-s8t\" data-element_type=\"widget\" data-e-type=\"widget\" data-widget_type=\"text-editor.default\">\n\t\t\t\t\t\t\t\t\t<p>Eftirfarandi \u00farval telur upp helstu verk \u00ed Andes\u00fej\u00f3\u00f0fr\u00e6\u00f0i og fornleifastj\u00f6rnufr\u00e6\u00f0iranns\u00f3knum sem eru mikilv\u00e6g til a\u00f0 skilja Illapa.<\/p>\t\t\t\t\t\t\t\t<\/div>\n\t\t\t\t<\/div>\n\t\t\t\t\t<\/div>\n\t\t\t\t<\/div>\n\t\t<div class=\"elementor-element elementor-element-cp2827b8ba e-flex e-con-boxed e-con e-parent\" data-id=\"cp2827b8ba\" data-element_type=\"container\" data-e-type=\"container\">\n\t\t\t\t\t<div class=\"e-con-inner\">\n\t\t\t\t<div class=\"elementor-element elementor-element-cp276778f4 elementor-widget elementor-widget-heading\" data-id=\"cp276778f4\" data-element_type=\"widget\" data-e-type=\"widget\" data-widget_type=\"heading.default\">\n\t\t\t\t\t<h2 class=\"elementor-heading-title elementor-size-default\">Illapa \u00ed r\u00edkisd\u00fdrkun Inkanna og helgista\u00f0ur hans \u00ed Cusco<\/h2>\t\t\t\t<\/div>\n\t\t<div class=\"elementor-element elementor-element-cp2fb4d10f e-flex e-con-boxed e-con e-child\" data-id=\"cp2fb4d10f\" data-element_type=\"container\" data-e-type=\"container\">\n\t\t\t\t\t<div class=\"e-con-inner\">\n\t\t\t\t<div class=\"elementor-element elementor-element-cp27cc43ae elementor-widget elementor-widget-text-editor\" data-id=\"cp27cc43ae\" data-element_type=\"widget\" data-e-type=\"widget\" data-widget_type=\"text-editor.default\">\n\t\t\t\t\t\t\t\t\t<p>Illapa, gu\u00f0 \u00ferumunnar, eldingarinnar og regnsins, taldist \u00ed r\u00edkistr\u00fa Inkaveldisins til \u00e6\u00f0stu gu\u00f0anna og skipa\u00f0i h\u00e1an sess \u00ed tr\u00faarlegri stigskiptingu, n\u00e1i\u00f0 tengdur s\u00f3lgu\u00f0inum <em>Inti<\/em> og skaparagu\u00f0inum <em>Viracocha<\/em>.<\/p><p>Sp\u00e6nskir ann\u00e1laritarar fr\u00e1 16. og fram \u00e1 17. \u00f6ld greina fr\u00e1 \u00fev\u00ed a\u00f0 Illapa hafi \u00e1tt s\u00e9r eigi\u00f0 <span class=\"iwg-fachbegriff\" data-tooltip=\"Helgur sta\u00f0ur sem helga\u00f0ur er d\u00fdrkun gu\u00f0d\u00f3ms.\" tabindex=\"0\">helgista\u00f0<\/span> \u00ed Cusco og a\u00f0 honum hafi veri\u00f0 \u00fathluta\u00f0 s\u00e9rst\u00f6ku r\u00fdmi \u00ed hinu mikla s\u00f3larhofi, <em>Coricancha<\/em>.<\/p><p>Hin s\u00e9rstaka \u00fe\u00fd\u00f0ing Illapa sk\u00fdrist af \u00fev\u00ed hve h\u00e1\u00f0ur andneskur landb\u00fana\u00f0ur var regni. Sem herra ve\u00f0ursins r\u00e9\u00f0 hann \u00f6rl\u00f6gum \u00feurrka og frj\u00f3semi, og \u00e1 \u00feurrkat\u00edmum var beint til hans b\u00e6nag\u00f6ngum og <span class=\"iwg-fachbegriff\" data-tooltip=\"Gj\u00f6f til gu\u00f0d\u00f3ms til a\u00f0 tj\u00e1 \u00feakkl\u00e6ti, b\u00e6n e\u00f0a lotningu.\" tabindex=\"0\">f\u00f3rnum<\/span>.<\/p><p>Ann\u00e1laritarinn Bernab\u00e9 Cobo l\u00fdsir ve\u00f0urgu\u00f0inum \u00edtarlega \u00ed riti s\u00ednu <em>Historia del Nuevo Mundo<\/em> (fullgert 1653) og nefnir \u00fe\u00e6r hugmyndir sem tengdust honum, a\u00f0 eldingin v\u00e6ri skeyti og \u00ferumugn\u00fdrinn hlj\u00f3\u00f0 fr\u00e1 himneskri sl\u00f6ngu.<\/p><p>\u00cd r\u00edkistr\u00fanni var Illapa jafnframt gu\u00f0 sem \u00e1 kr\u00edsut\u00edmum var f\u00e6r\u00f0ar s\u00e9rlega \u00feungar <span class=\"iwg-fachbegriff\" data-tooltip=\"Gj\u00f6f til gu\u00f0d\u00f3ms til a\u00f0 tj\u00e1 \u00feakkl\u00e6ti, b\u00e6n e\u00f0a lotningu.\" tabindex=\"0\">f\u00f3rnir<\/span>, me\u00f0al annars \u00ed tengslum vi\u00f0 <em>capacocha<\/em>, mikilv\u00e6gustu f\u00f3rnarath\u00f6fn Inkanna. Fr\u00e6\u00f0ilega s\u00e9\u00f0 er Illapa \u00fev\u00ed ekki einfaldur n\u00e1tt\u00farudemon heldur h\u00e1gu\u00f0 sem var samofinn hinni p\u00f3lit\u00edsku og helgisi\u00f0alegu mi\u00f0ju r\u00edkisins. D\u00fdrkun hans tengdi saman \u00e1hyggjur af regni og l\u00f6gm\u00e6ti Inkaveldisins, \u00fear sem r\u00edkjandi konungur kom fram sem millig\u00f6nguma\u00f0ur milli manna og hinna miklu himnesku afla. Hi\u00f0 n\u00e1na samband vi\u00f0 Inti og Viracocha s\u00fdnir a\u00f0 Inkarnir hugsu\u00f0u \u00e6\u00f0stu gu\u00f0i s\u00edna sem samofna heild.\t\t\t\t\t\t\t\t<\/div>\n\t\t\t\t\t<\/div>\n\t\t\t\t<\/div>\n\t\t\t\t\t<\/div>\n\t\t\t\t<\/div>\n\t\t<div class=\"elementor-element elementor-element-cp23b404c1 e-flex e-con-boxed e-con e-parent\" data-id=\"cp23b404c1\" data-element_type=\"container\" data-e-type=\"container\">\n\t\t\t\t\t<div class=\"e-con-inner\">\n\t\t\t\t<div class=\"elementor-element elementor-element-cp2418c76c elementor-widget elementor-widget-heading\" data-id=\"cp2418c76c\" data-element_type=\"widget\" data-e-type=\"widget\" data-widget_type=\"heading.default\">\n\t\t\t\t\t<h2 class=\"elementor-heading-title elementor-size-default\">Sagnaritararnir sem heimild og vandam\u00e1l kristnu gleraugnanna<\/h2>\t\t\t\t<\/div>\n\t\t<div class=\"elementor-element elementor-element-cp2ccce282 e-flex e-con-boxed e-con e-child\" data-id=\"cp2ccce282\" data-element_type=\"container\" data-e-type=\"container\">\n\t\t\t\t\t<div class=\"e-con-inner\">\n\t\t\t\t<div class=\"elementor-element elementor-element-cp2ac73122 elementor-widget elementor-widget-text-editor\" data-id=\"cp2ac73122\" data-element_type=\"widget\" data-e-type=\"widget\" data-widget_type=\"text-editor.default\">\n\t\t\t\t\t\t\t\t\t<p>Allt sem vita\u00f0 er um Illapa er komi\u00f0 \u00far heimildum sem ur\u00f0u til eftir landvinninga Sp\u00e1nverja, og \u00feessa yfirlieringu ver\u00f0ur a\u00f0 hafa \u00ed huga vi\u00f0 hverja fullyr\u00f0ingu.<\/p><p>Inkarnir \u00feekktu ekki ritm\u00e1l \u00ed evr\u00f3pskum skilningi; stj\u00f3rns\u00fdsla \u00feeirra og a\u00f0 hluta til \u00feekking \u00feeirra var geymd \u00ed <em>quipu<\/em>, hn\u00fatasn\u00farunum, sem \u00fe\u00f3 segja takmarka\u00f0 um tr\u00faarlegt efni. Rita\u00f0ar heimildir voru samdar af sp\u00e6nskum klerkum, emb\u00e6ttism\u00f6nnum og nokkrum h\u00f6fundum af frumbyggja- e\u00f0a bl\u00f6ndu\u00f0um uppruna.<\/p><p><span data-nosnippet>Me\u00f0al mikilv\u00e6gustu ann\u00e1laritara eru Pedro de Cieza de Le\u00f3n, Juan de Betanzos, sem kv\u00e6ntist inkakonu og haf\u00f0i \u00fev\u00ed s\u00e9rstakan a\u00f0gang a\u00f0 heimildum, jes\u00fa\u00edtinn Bernab\u00e9 Cobo og mest\u00edsinn Inca Garcilaso de la Vega, en <em>Comentarios Reales<\/em> (1609) hans l\u00fdsa heimi Inkanna innan fr\u00e1, \u00fe\u00f3 me\u00f0 t\u00edmalegri fjarl\u00e6g\u00f0 og varnartilhneigingu.<\/span><\/p><p>S\u00e9rstakan heimildaflokk mynda sk\u00fdrslur um <em>extirpaci\u00f3n de idolatr\u00edas<\/em>, hina kirkjulegu ofs\u00f3kn gegn innf\u00e6ddri tr\u00fa, me\u00f0al annars eftir Francisco de \u00c1vila og Pablo Jos\u00e9 de Arriaga.<\/p><p>\u00deessar heimildir eru \u00f3missandi, en \u00fe\u00e6r sj\u00e1 Illapa \u00ed gegnum kristi\u00f0 sj\u00f3narhorn. Sumir ann\u00e1laritarar settu hann a\u00f0 j\u00f6fnu vi\u00f0 postulann Jakob, \u00fear sem hann var \u00ed sp\u00e6nskri hef\u00f0 tengdur \u00ferumum og orustugn\u00fd, sem leiddi til bl\u00f6ndunar sem haf\u00f0i \u00e1hrif fram \u00e1 n\u00fdlendut\u00edmann. A\u00f0rir felldu gu\u00f0aheim Andesfjalla inn \u00ed evr\u00f3psk kerfi e\u00f0a slepptu \u00fev\u00ed sem \u00feeim \u00fe\u00f3tti \u00e1m\u00e6lisvert. Fr\u00e6\u00f0ilega er \u00fev\u00ed vi\u00f0urkennt a\u00f0 hin var\u00f0veitta mynd af Illapa er alltaf s\u00edu\u00f0 mynd. N\u00fat\u00edmaranns\u00f3knir, til d\u00e6mis hj\u00e1 Pierre Duviols og \u00ed verkum um n\u00fdlendutr\u00faars\u00f6gu Andesfjalla, leitast vi\u00f0 a\u00f0 spyrjast fyrir handan s\u00eduna, en geta \u00fe\u00f3 a\u00f0eins a\u00f0 hluta endurgert upprunalega hugmynd.\t\t\t\t\t\t\t\t<\/div>\n\t\t\t\t\t<\/div>\n\t\t\t\t<\/div>\n\t\t\t\t\t<\/div>\n\t\t\t\t<\/div>\n\t\t<div class=\"elementor-element elementor-element-iwgw-illapa-lit e-flex e-con-boxed e-con e-parent\" data-id=\"iwgw-illapa-lit\" data-element_type=\"container\" data-e-type=\"container\">\n\t\t\t\t\t<div class=\"e-con-inner\">\n\t\t\t\t<div class=\"elementor-element elementor-element-iwgw-illapa-lith elementor-widget elementor-widget-heading\" data-id=\"iwgw-illapa-lith\" data-element_type=\"widget\" data-e-type=\"widget\" data-widget_type=\"heading.default\">\n\t\t\t\t\t<h2 class=\"elementor-heading-title elementor-size-default\">Heimildir (\u00farval)<\/h2>\t\t\t\t<\/div>\n\t\t<div class=\"elementor-element elementor-element-iwgw-illapa-litc e-con-full e-flex e-con e-child\" data-id=\"iwgw-illapa-litc\" data-element_type=\"container\" data-e-type=\"container\">\n\t\t\t\t<div class=\"elementor-element elementor-element-iwgw-illapa-litt elementor-widget elementor-widget-text-editor\" data-id=\"iwgw-illapa-litt\" data-element_type=\"widget\" data-e-type=\"widget\" data-widget_type=\"text-editor.default\">\n\t\t\t\t\t\t\t\t\t<ul><li>Gary Urton: <em>At the Crossroads of the Earth and the Sky<\/em> (1981)<\/li><li>Sabine MacCormack: <em>Religion in the Andes<\/em> (1991)<\/li><li><span data-nosnippet>Frank Salomon, George Urioste: <em>The Huarochiri Manuscript<\/em> (1991)<\/span><\/li><li>Inge Bolin: <em>Rituals of Respect<\/em> (1998)<\/li><li>Cristobal de Molina: <em>Relacion de las fabulas y ritos de los Incas<\/em> (1575)<\/li><li>Pierre Duviols: <em>Cultura andina y represion<\/em> (1986)<\/li><li>Brian Bauer: <em>The Sacred Landscape of the Inca<\/em> (1998)<\/li><\/ul>\t\t\t\t\t\t\t\t<\/div>\n\t\t\t\t<\/div>\n\t\t\t\t\t<\/div>\n\t\t\t\t<\/div>\n\t\t<div class=\"elementor-element elementor-element-iwgkw2-add-illapa e-flex e-con-boxed e-con e-parent\" data-id=\"iwgkw2-add-illapa\" data-element_type=\"container\" data-e-type=\"container\">\n\t\t\t\t\t<div class=\"e-con-inner\">\n\t\t\t\t<div class=\"elementor-element elementor-element-iwgkw2-add-illapa-t elementor-widget elementor-widget-text-editor\" data-id=\"iwgkw2-add-illapa-t\" data-element_type=\"widget\" data-e-type=\"widget\" data-widget_type=\"text-editor.default\">\n\t\t\t\t\t\t\t\t\t<p>\u00cd tr\u00faarlegri skipan Inkaveldisins var Illapa talinn \u00e6\u00f0sti <strong>herra ve\u00f0urfarsins<\/strong>, sem b\u00e6\u00f0i b\u00e6ndur og hjar\u00f0menn b\u00e1\u00f0u til um t\u00edmanlegt regn og skj\u00f3l gegn sk\u00e6\u00f0u hagl\u00e9li.<\/p>\t\t\t\t\t\t\t\t<\/div>\n\t\t\t\t\t<\/div>\n\t\t\t\t<\/div>\n\t\t<div class=\"elementor-element elementor-element-iwgw-illapa-kwd e-flex e-con-boxed e-con e-parent\" data-id=\"iwgw-illapa-kwd\" data-element_type=\"container\" data-e-type=\"container\">\n\t\t\t\t\t<div class=\"e-con-inner\">\n\t\t<div class=\"elementor-element elementor-element-iwgw-illapa-kwdc e-con-full e-flex e-con e-child\" data-id=\"iwgw-illapa-kwdc\" data-element_type=\"container\" data-e-type=\"container\">\n\t\t\t\t<div class=\"elementor-element elementor-element-iwgw-illapa-kwdt elementor-widget elementor-widget-text-editor\" data-id=\"iwgw-illapa-kwdt\" data-element_type=\"widget\" data-e-type=\"widget\" data-widget_type=\"text-editor.default\">\n\t\t\t\t\t\t\t\t\t<p><em>Tengd lykilhugt\u00f6k: Illapa Yllapa \u00ferumugu\u00f0 eldingur Yacana Santiago Pucamarca Capac Raymi paqo.<\/em><\/p>\t\t\t\t\t\t\t\t<\/div>\n\t\t\t\t<\/div>\n\t\t\t\t\t<\/div>\n\t\t\t\t<\/div>\n\t\t<div class=\"elementor-element elementor-element-iwgw-illapa-cc e-flex e-con-boxed e-con e-parent\" data-id=\"iwgw-illapa-cc\" data-element_type=\"container\" data-e-type=\"container\" id=\"iwg-cc-illapa\">\n\t\t\t\t\t<div class=\"e-con-inner\">\n\t\t<div class=\"elementor-element elementor-element-iwgw-illapa-ccinner e-flex e-con-boxed e-con e-parent\" data-id=\"iwgw-illapa-ccinner\" data-element_type=\"container\" data-e-type=\"container\" data-settings=\"{&quot;background_background&quot;:&quot;classic&quot;}\">\n\t\t\t\t\t<div class=\"e-con-inner\">\n\t\t\t\t<div class=\"elementor-element elementor-element-iwgw-illapa-cch elementor-widget elementor-widget-heading\" data-id=\"iwgw-illapa-cch\" data-element_type=\"widget\" data-e-type=\"widget\" data-widget_type=\"heading.default\">\n\t\t\t\t\t<h2 class=\"elementor-heading-title elementor-size-default\">iWell Guard og verndarhef\u00f0ir<\/h2>\t\t\t\t<\/div>\n\t\t\t\t<div class=\"elementor-element elementor-element-iwgw-illapa-cct elementor-widget elementor-widget-text-editor\" data-id=\"iwgw-illapa-cct\" data-element_type=\"widget\" data-e-type=\"widget\" data-widget_type=\"text-editor.default\">\n\t\t\t\t\t\t\t\t\t<div data-nosnippet=\"true\"><p>iWell Guard byggir \u00e1 menningars\u00f6gulegri hef\u00f0 verndargripa sem bor\u00f0ir eru \u00e1 l\u00edkamanum, \u00ed hef\u00f0 <a href=\"https:\/\/iwell-guard.com\/is\/?page_id=168909\">Andesfjalla \/ Inka<\/a> og margra annarra menningarheima um allan heim. 41 lag, ekta gull, plat\u00edna, silfur, framleitt \u00ed \u00de\u00fdskalandi. 30 daga skilar\u00e9tt.<\/p><\/div>\t\t\t\t\t\t\t\t<\/div>\n\t\t\t\t<div class=\"elementor-element elementor-element-iwgw-illapa-ccb iwg-cc-button iwg-cc-cta-2026-05-13 elementor-widget elementor-widget-jet-button\" data-id=\"iwgw-illapa-ccb\" data-element_type=\"widget\" data-e-type=\"widget\" data-widget_type=\"jet-button.default\">\n\t\t\t\t<div class=\"elementor-widget-container\">\n\t\t\t\t\t<div class=\"elementor-jet-button jet-elements\"><div class=\"jet-button__container\"><a class=\"jet-button__instance jet-button__instance--icon-left hover-effect-1\" href=\"\/ueber-iwell-guard\/?utm_source=iwell-guard.com&amp;utm_medium=info-box&amp;utm_campaign=wesen-tradition\"><div class=\"jet-button__plane jet-button__plane-normal\"><\/div><div class=\"jet-button__plane jet-button__plane-hover\"><\/div><div class=\"jet-button__state jet-button__state-normal\"><span class=\"jet-button__label\">Meira um iWell Guard<\/span><\/div><div class=\"jet-button__state jet-button__state-hover\"><span class=\"jet-button__label\">Meira um iWell Guard<\/span><\/div><\/a><\/div><\/div><style>.elementor-element.elementor-element-iwgw-illapa-ccb .jet-button__instance{width:320px;height:56px;}.elementor-element.elementor-element-iwgw-illapa-ccb .jet-button__state-normal .jet-button__label{text-align:center;margin:0px 0px 0px 0px;color:#1a1b20;font-family:Montserrat,sans-serif;font-size:13px;font-weight:400;letter-spacing:4px;line-height:1.714em;text-transform:uppercase;}.elementor-element.elementor-element-iwgw-illapa-ccb .jet-button__state-hover .jet-button__label{text-align:center;margin:0px 0px 0px 0px;color:#FECC76;font-family:Montserrat,sans-serif;font-size:13px;font-weight:400;letter-spacing:4px;line-height:1.714em;text-transform:uppercase;}.elementor-element.elementor-element-iwgw-illapa-ccb .jet-button__plane-normal{background-color:#FECC76;border-style:solid;border-color:#C99540;border-width:2px 2px 2px 2px;}.elementor-element.elementor-element-iwgw-illapa-ccb .jet-button__plane-hover{background-color:rgba(0,0,0,0.55);border-style:solid;border-color:#FECC76;border-width:2px 2px 2px 2px;}<\/style>\t\t\t\t<\/div>\n\t\t\t\t<\/div>\n\t\t\t\t<div class=\"elementor-element elementor-element-iwgw-illapa-ccd elementor-widget elementor-widget-text-editor\" data-id=\"iwgw-illapa-ccd\" data-element_type=\"widget\" data-e-type=\"widget\" data-widget_type=\"text-editor.default\">\n\t\t\t\t\t\t\t\t\t<div data-nosnippet=\"true\"><p style=\"text-align:center;font-size:13px;opacity:0.7;margin-top:14px\" data-nosnippet=\"true\">Pers\u00f3nuleg reynsla getur veri\u00f0 mismunandi. Ekki l\u00e6kningat\u00e6ki. Engin lofor\u00f0 um l\u00e6kningu.<\/p><\/div>\t\t\t\t\t\t\t\t<\/div>\n\t\t\t\t\t<\/div>\n\t\t\t\t<\/div>\n\t\t\t\t\t<\/div>\n\t\t\t\t<\/div>\n\t\t<div class=\"elementor-element elementor-element-iwgw-illapa-disc e-flex e-con-boxed e-con e-parent\" data-id=\"iwgw-illapa-disc\" data-element_type=\"container\" data-e-type=\"container\">\n\t\t\t\t\t<div class=\"e-con-inner\">\n\t\t\t\t<div class=\"elementor-element elementor-element-iwgw-illapa-discw elementor-widget elementor-widget-html\" data-id=\"iwgw-illapa-discw\" data-element_type=\"widget\" data-e-type=\"widget\" data-widget_type=\"html.default\">\n\t\t\t\t\t<footer data-nosnippet=\"true\" class=\"iwg-disclaimer-block\"><p data-nosnippet=\"true\">iWell Guard er <strong>ekki l\u00e6kningat\u00e6ki<\/strong> og kemur ekki \u00ed sta\u00f0inn fyrir l\u00e6knis- e\u00f0a s\u00e1lfr\u00e6\u00f0ime\u00f0fer\u00f0. Tr\u00faarfr\u00e6\u00f0ilegt efni er menningars\u00f6gulegt samhengi, ekki r\u00e1\u00f0legging um andlega i\u00f0kun.<\/p><\/footer>\t\t\t\t<\/div>\n\t\t\t\t\t<\/div>\n\t\t\t\t<\/div>\n\t\t\t\t<\/div>\n\t\t","protected":false},"excerpt":{"rendered":"","protected":false},"author":3,"featured_media":2677,"parent":0,"menu_order":0,"comment_status":"closed","ping_status":"closed","template":"elementor_header_footer","meta":{"_yoast_wpseo_focuskw":"Illapa \u00ferumugu\u00f0 Inka","_yoast_wpseo_title":"Illapa \u2013 \u00derumugu\u00f0 og ve\u00f0urherra Inka","_yoast_wpseo_metadesc":"Illapa, \u00ferumu- og regngu\u00f0 Inka, var jafn mikilv\u00e6gur fyrir andalandb\u00fana\u00f0inn og Inti var fyrir r\u00edki\u00f0. Me\u00f0 go\u00f0s\u00f6gn og fr\u00e6\u00f0um.","_yoast_wpseo_meta-robots-noindex":"","_yoast_wpseo_canonical":"","_angie_page":false,"gefaehrdungsstufe":"3","wesen_kultur":"anden-inka","wesen_klasse":"goetter","footnotes":""},"categories":[],"class_list":["post-168924","page","type-page","status-publish","has-post-thumbnail","hentry"],"yoast_head":"<!-- This site is optimized with the Yoast SEO Premium plugin v27.7 (Yoast SEO v28.3) - https:\/\/yoast.com\/product\/yoast-seo-premium-wordpress\/ -->\n<title>Illapa \u2013 \u00derumugu\u00f0 og ve\u00f0urherra Inka<\/title>\n<meta name=\"description\" content=\"Illapa, \u00ferumu- og regngu\u00f0 Inka, var jafn mikilv\u00e6gur fyrir andalandb\u00fana\u00f0inn og Inti var fyrir r\u00edki\u00f0. Me\u00f0 go\u00f0s\u00f6gn og fr\u00e6\u00f0um.\" \/>\n<meta name=\"robots\" content=\"index, follow, max-snippet:-1, max-image-preview:large, max-video-preview:-1\" \/>\n<link rel=\"canonical\" href=\"https:\/\/iwell-guard.com\/is\/illapa-thrumu-og-vedurgud-inka\/\" \/>\n<meta property=\"og:locale\" content=\"is_IS\" \/>\n<meta property=\"og:type\" content=\"article\" \/>\n<meta property=\"og:title\" content=\"Illapa \u2013 \u00derumu- og ve\u00f0urgu\u00f0 Inka\" \/>\n<meta property=\"og:description\" content=\"Illapa, \u00ferumu- og regngu\u00f0 Inka, var jafn mikilv\u00e6gur fyrir andalandb\u00fana\u00f0inn og Inti var fyrir r\u00edki\u00f0. Me\u00f0 go\u00f0s\u00f6gn og fr\u00e6\u00f0um.\" \/>\n<meta property=\"og:url\" content=\"https:\/\/iwell-guard.com\/is\/illapa-thrumu-og-vedurgud-inka\/\" \/>\n<meta property=\"og:site_name\" content=\"iWell Guard\" \/>\n<meta property=\"article:modified_time\" content=\"2026-09-05T14:22:55+00:00\" \/>\n<meta property=\"og:image\" content=\"https:\/\/iwell-guard.com\/wp-content\/uploads\/2026\/05\/goetter_anden-inka_illapa.webp\" \/>\n\t<meta property=\"og:image:width\" content=\"1024\" \/>\n\t<meta property=\"og:image:height\" content=\"1536\" \/>\n\t<meta property=\"og:image:type\" content=\"image\/webp\" \/>\n<meta name=\"twitter:card\" content=\"summary_large_image\" \/>\n<script type=\"application\/ld+json\" class=\"yoast-schema-graph\">{\"@context\":\"https:\\\/\\\/schema.org\",\"@graph\":[{\"@type\":\"WebPage\",\"@id\":\"https:\\\/\\\/iwell-guard.com\\\/is\\\/illapa-thrumu-og-vedurgud-inka\\\/\",\"url\":\"https:\\\/\\\/iwell-guard.com\\\/is\\\/illapa-thrumu-og-vedurgud-inka\\\/\",\"name\":\"Illapa \u2013 \u00derumugu\u00f0 og ve\u00f0urherra Inka\",\"isPartOf\":{\"@id\":\"https:\\\/\\\/iwell-guard.com\\\/is\\\/#website\"},\"primaryImageOfPage\":{\"@id\":\"https:\\\/\\\/iwell-guard.com\\\/is\\\/illapa-thrumu-og-vedurgud-inka\\\/#primaryimage\"},\"image\":{\"@id\":\"https:\\\/\\\/iwell-guard.com\\\/is\\\/illapa-thrumu-og-vedurgud-inka\\\/#primaryimage\"},\"thumbnailUrl\":\"https:\\\/\\\/iwell-guard.com\\\/wp-content\\\/uploads\\\/2026\\\/05\\\/goetter_anden-inka_illapa.webp\",\"datePublished\":\"2026-09-05T14:04:05+00:00\",\"dateModified\":\"2026-09-05T14:22:55+00:00\",\"description\":\"Illapa, \u00ferumu- og regngu\u00f0 Inka, var jafn mikilv\u00e6gur fyrir andalandb\u00fana\u00f0inn og Inti var fyrir r\u00edki\u00f0. Me\u00f0 go\u00f0s\u00f6gn og fr\u00e6\u00f0um.\",\"breadcrumb\":{\"@id\":\"https:\\\/\\\/iwell-guard.com\\\/is\\\/illapa-thrumu-og-vedurgud-inka\\\/#breadcrumb\"},\"inLanguage\":\"is\",\"potentialAction\":[{\"@type\":\"ReadAction\",\"target\":[\"https:\\\/\\\/iwell-guard.com\\\/is\\\/illapa-thrumu-og-vedurgud-inka\\\/\"]}]},{\"@type\":\"ImageObject\",\"inLanguage\":\"is\",\"@id\":\"https:\\\/\\\/iwell-guard.com\\\/is\\\/illapa-thrumu-og-vedurgud-inka\\\/#primaryimage\",\"url\":\"https:\\\/\\\/iwell-guard.com\\\/wp-content\\\/uploads\\\/2026\\\/05\\\/goetter_anden-inka_illapa.webp\",\"contentUrl\":\"https:\\\/\\\/iwell-guard.com\\\/wp-content\\\/uploads\\\/2026\\\/05\\\/goetter_anden-inka_illapa.webp\",\"width\":1024,\"height\":1536,\"caption\":\"Gu\u00f0ir \u00far Andes-inka-hef\u00f0inni.\"},{\"@type\":\"BreadcrumbList\",\"@id\":\"https:\\\/\\\/iwell-guard.com\\\/is\\\/illapa-thrumu-og-vedurgud-inka\\\/#breadcrumb\",\"itemListElement\":[{\"@type\":\"ListItem\",\"position\":1,\"name\":\"Start\",\"item\":\"https:\\\/\\\/iwell-guard.com\\\/is\\\/?page_id=168580\"},{\"@type\":\"ListItem\",\"position\":2,\"name\":\"Illapa \u2013 \u00derumu- og ve\u00f0urgu\u00f0 Inka\"}]},{\"@type\":\"WebSite\",\"@id\":\"https:\\\/\\\/iwell-guard.com\\\/is\\\/#website\",\"url\":\"https:\\\/\\\/iwell-guard.com\\\/is\\\/\",\"name\":\"iWell Guard\",\"description\":\"Schutz vor dunklen Einfl\u00fcssen\",\"publisher\":{\"@id\":\"https:\\\/\\\/iwell-guard.com\\\/is\\\/#organization\"},\"potentialAction\":[{\"@type\":\"SearchAction\",\"target\":{\"@type\":\"EntryPoint\",\"urlTemplate\":\"https:\\\/\\\/iwell-guard.com\\\/is\\\/?s={search_term_string}\"},\"query-input\":{\"@type\":\"PropertyValueSpecification\",\"valueRequired\":true,\"valueName\":\"search_term_string\"}}],\"inLanguage\":\"is\"},{\"@type\":\"Organization\",\"@id\":\"https:\\\/\\\/iwell-guard.com\\\/is\\\/#organization\",\"name\":\"Ittermann electronic GmbH\",\"url\":\"https:\\\/\\\/iwell-guard.com\\\/is\\\/\",\"logo\":{\"@type\":\"ImageObject\",\"inLanguage\":\"is\",\"@id\":\"https:\\\/\\\/iwell-guard.com\\\/is\\\/#\\\/schema\\\/logo\\\/image\\\/\",\"url\":\"https:\\\/\\\/iwell-guard.com\\\/wp-content\\\/uploads\\\/2026\\\/05\\\/Ittermann-Logo-1182x237-1.png\",\"contentUrl\":\"https:\\\/\\\/iwell-guard.com\\\/wp-content\\\/uploads\\\/2026\\\/05\\\/Ittermann-Logo-1182x237-1.png\",\"width\":1182,\"height\":237,\"caption\":\"Ittermann electronic GmbH\"},\"image\":{\"@id\":\"https:\\\/\\\/iwell-guard.com\\\/is\\\/#\\\/schema\\\/logo\\\/image\\\/\"},\"sameAs\":[\"https:\\\/\\\/pantip.com\\\/profile\\\/9367242\",\"https:\\\/\\\/micro.blog\\\/iwellguard\",\"https:\\\/\\\/www.diggerslist.com\\\/iwellguard\\\/about\",\"https:\\\/\\\/skitterphoto.com\\\/photographers\\\/2870314\\\/iwell-guard\",\"https:\\\/\\\/iwellguard.wordpress.com\\\/2026\\\/06\\\/06\\\/iwell-guard\\\/\",\"https:\\\/\\\/hub.docker.com\\\/u\\\/iwellguard\",\"https:\\\/\\\/www.pinterest.com\\\/iwellguard\\\/\",\"https:\\\/\\\/bit.ly\\\/m\\\/iwellguard\",\"https:\\\/\\\/entre-vos-mains.alsace.eu\\\/profiles\\\/iwellguard\\\/activity\",\"https:\\\/\\\/gravatar.com\\\/reallybeded8fd34\",\"https:\\\/\\\/naijamatta.com\\\/iwellguard\",\"https:\\\/\\\/www.goodreads.com\\\/iwellguard\",\"https:\\\/\\\/profile.hatena.ne.jp\\\/iwellguard\\\/\",\"https:\\\/\\\/experiment.com\\\/users\\\/iwellguard\",\"https:\\\/\\\/wakelet.com\\\/@iWellGuard82270\",\"https:\\\/\\\/www.chordie.com\\\/forum\\\/profile.php?id=2555664\",\"https:\\\/\\\/www.instapaper.com\\\/p\\\/17757966\",\"https:\\\/\\\/www.mapleprimes.com\\\/users\\\/iwellguard\",\"https:\\\/\\\/businesslistingplus.com\\\/profile\\\/iwell-guard\\\/\",\"https:\\\/\\\/telegra.ph\\\/iWell-Guard-06-06\",\"https:\\\/\\\/pbase.com\\\/iwellguard\\\/iwellguard\",\"https:\\\/\\\/b.hatena.ne.jp\\\/iwellguard\\\/20260607#bookmark-4788405196491818882\",\"https:\\\/\\\/fliphtml5.com\\\/home\\\/iwellguard\",\"https:\\\/\\\/anyflip.com\\\/homepage\\\/cmiwl#About\",\"https:\\\/\\\/transfur.com\\\/Users\\\/iwellguard\",\"http:\\\/\\\/delphi.larsbo.org\\\/user\\\/iwellguard\",\"https:\\\/\\\/jobs.lajobsportal.org\\\/profiles\\\/8380803-iwell-guard\",\"https:\\\/\\\/md.chaosdorf.de\\\/s\\\/jfbe5SBdJD\",\"https:\\\/\\\/www.lingvolive.com\\\/en-us\\\/profile\\\/9ecaeaca-ce11-4e51-9e71-01d55e2bff36\\\/translations\",\"https:\\\/\\\/www.fitday.com\\\/fitness\\\/forums\\\/members\\\/iwellguard.html\",\"https:\\\/\\\/www.mymeetbook.com\\\/iwellguard\",\"https:\\\/\\\/pxhere.com\\\/en\\\/photographer-me\\\/5040798\",\"https:\\\/\\\/disqus.com\\\/by\\\/iwellguard\\\/about\\\/\",\"https:\\\/\\\/pastelink.net\\\/hjwciqwq\",\"https:\\\/\\\/pubhtml5.com\\\/homepage\\\/scjhn\\\/\",\"https:\\\/\\\/www.bitchute.com\\\/channel\\\/2O2eOKzNqujT\",\"https:\\\/\\\/audiomack.com\\\/iwellguard\"]},{\"@type\":\"Article\",\"@id\":\"https:\\\/\\\/iwell-guard.com\\\/is\\\/illapa-thrumu-og-vedurgud-inka\\\/#article\",\"isPartOf\":{\"@id\":\"https:\\\/\\\/iwell-guard.com\\\/is\\\/illapa-thrumu-og-vedurgud-inka\\\/\"},\"author\":{\"name\":\"Ralf Ittermann\",\"@id\":\"https:\\\/\\\/iwell-guard.com\\\/is\\\/#\\\/schema\\\/person\\\/ee2a27f1cac3406c7c6fb5820cb7349f\"},\"headline\":\"Illapa \u2013 \u00derumu- og ve\u00f0urgu\u00f0 Inka\",\"datePublished\":\"2026-09-05T14:04:05+00:00\",\"dateModified\":\"2026-09-05T14:22:55+00:00\",\"mainEntityOfPage\":{\"@id\":\"https:\\\/\\\/iwell-guard.com\\\/is\\\/illapa-thrumu-og-vedurgud-inka\\\/\"},\"publisher\":{\"@id\":\"https:\\\/\\\/iwell-guard.com\\\/is\\\/#organization\"},\"image\":{\"@id\":\"https:\\\/\\\/iwell-guard.com\\\/is\\\/illapa-thrumu-og-vedurgud-inka\\\/#primaryimage\"},\"thumbnailUrl\":\"https:\\\/\\\/iwell-guard.com\\\/wp-content\\\/uploads\\\/2026\\\/05\\\/goetter_anden-inka_illapa.webp\",\"inLanguage\":\"is\",\"description\":\"Illapa, \u00ferumu- og regngu\u00f0 Inka, var jafn mikilv\u00e6gur fyrir andalandb\u00fana\u00f0inn og Inti var fyrir r\u00edki\u00f0. Me\u00f0 go\u00f0s\u00f6gn og fr\u00e6\u00f0um.\"}]}<\/script>\n<!-- \/ Yoast SEO Premium plugin. -->","yoast_head_json":{"title":"Illapa \u2013 \u00derumugu\u00f0 og ve\u00f0urherra Inka","description":"Illapa, \u00ferumu- og regngu\u00f0 Inka, var jafn mikilv\u00e6gur fyrir andalandb\u00fana\u00f0inn og Inti var fyrir r\u00edki\u00f0. Me\u00f0 go\u00f0s\u00f6gn og fr\u00e6\u00f0um.","robots":{"index":"index","follow":"follow","max-snippet":"max-snippet:-1","max-image-preview":"max-image-preview:large","max-video-preview":"max-video-preview:-1"},"canonical":"https:\/\/iwell-guard.com\/is\/illapa-thrumu-og-vedurgud-inka\/","og_locale":"is_IS","og_type":"article","og_title":"Illapa \u2013 \u00derumu- og ve\u00f0urgu\u00f0 Inka","og_description":"Illapa, \u00ferumu- og regngu\u00f0 Inka, var jafn mikilv\u00e6gur fyrir andalandb\u00fana\u00f0inn og Inti var fyrir r\u00edki\u00f0. Me\u00f0 go\u00f0s\u00f6gn og fr\u00e6\u00f0um.","og_url":"https:\/\/iwell-guard.com\/is\/illapa-thrumu-og-vedurgud-inka\/","og_site_name":"iWell Guard","article_modified_time":"2026-09-05T14:22:55+00:00","og_image":[{"width":1024,"height":1536,"url":"https:\/\/iwell-guard.com\/wp-content\/uploads\/2026\/05\/goetter_anden-inka_illapa.webp","type":"image\/webp"}],"twitter_card":"summary_large_image","schema":{"@context":"https:\/\/schema.org","@graph":[{"@type":"Article","@id":"https:\/\/iwell-guard.com\/is\/illapa-thrumu-og-vedurgud-inka\/#article","isPartOf":{"@id":"https:\/\/iwell-guard.com\/is\/illapa-thrumu-og-vedurgud-inka\/"},"author":{"name":"Ralf Ittermann","@id":"https:\/\/iwell-guard.com\/is\/#\/schema\/person\/ee2a27f1cac3406c7c6fb5820cb7349f"},"headline":"Illapa \u2013 \u00derumu- og ve\u00f0urgu\u00f0 Inka","datePublished":"2026-09-05T14:04:05+00:00","dateModified":"2026-09-05T14:22:55+00:00","mainEntityOfPage":{"@id":"https:\/\/iwell-guard.com\/is\/illapa-thrumu-og-vedurgud-inka\/"},"publisher":{"@id":"https:\/\/iwell-guard.com\/is\/#organization"},"image":{"@id":"https:\/\/iwell-guard.com\/is\/illapa-thrumu-og-vedurgud-inka\/#primaryimage"},"thumbnailUrl":"https:\/\/iwell-guard.com\/wp-content\/uploads\/2026\/05\/goetter_anden-inka_illapa.webp","inLanguage":"is","description":"Illapa, \u00ferumu- og regngu\u00f0 Inka, var jafn mikilv\u00e6gur fyrir andalandb\u00fana\u00f0inn og Inti var fyrir r\u00edki\u00f0. Me\u00f0 go\u00f0s\u00f6gn og fr\u00e6\u00f0um."},{"@type":"WebPage","@id":"https:\/\/iwell-guard.com\/is\/illapa-thrumu-og-vedurgud-inka\/","url":"https:\/\/iwell-guard.com\/is\/illapa-thrumu-og-vedurgud-inka\/","name":"Illapa \u2013 \u00derumugu\u00f0 og ve\u00f0urherra Inka","isPartOf":{"@id":"https:\/\/iwell-guard.com\/is\/#website"},"primaryImageOfPage":{"@id":"https:\/\/iwell-guard.com\/is\/illapa-thrumu-og-vedurgud-inka\/#primaryimage"},"image":{"@id":"https:\/\/iwell-guard.com\/is\/illapa-thrumu-og-vedurgud-inka\/#primaryimage"},"thumbnailUrl":"https:\/\/iwell-guard.com\/wp-content\/uploads\/2026\/05\/goetter_anden-inka_illapa.webp","datePublished":"2026-09-05T14:04:05+00:00","dateModified":"2026-09-05T14:22:55+00:00","description":"Illapa, \u00ferumu- og regngu\u00f0 Inka, var jafn mikilv\u00e6gur fyrir andalandb\u00fana\u00f0inn og Inti var fyrir r\u00edki\u00f0. Me\u00f0 go\u00f0s\u00f6gn og fr\u00e6\u00f0um.","breadcrumb":{"@id":"https:\/\/iwell-guard.com\/is\/illapa-thrumu-og-vedurgud-inka\/#breadcrumb"},"inLanguage":"is","potentialAction":[{"@type":"ReadAction","target":["https:\/\/iwell-guard.com\/is\/illapa-thrumu-og-vedurgud-inka\/"]}]},{"@type":"ImageObject","inLanguage":"is","@id":"https:\/\/iwell-guard.com\/is\/illapa-thrumu-og-vedurgud-inka\/#primaryimage","url":"https:\/\/iwell-guard.com\/wp-content\/uploads\/2026\/05\/goetter_anden-inka_illapa.webp","contentUrl":"https:\/\/iwell-guard.com\/wp-content\/uploads\/2026\/05\/goetter_anden-inka_illapa.webp","width":1024,"height":1536,"caption":"Gu\u00f0ir \u00far Andes-inka-hef\u00f0inni."},{"@type":"BreadcrumbList","@id":"https:\/\/iwell-guard.com\/is\/illapa-thrumu-og-vedurgud-inka\/#breadcrumb","itemListElement":[{"@type":"ListItem","position":1,"name":"Start","item":"https:\/\/iwell-guard.com\/is\/?page_id=168580"},{"@type":"ListItem","position":2,"name":"Illapa \u2013 \u00derumu- og ve\u00f0urgu\u00f0 Inka"}]},{"@type":"WebSite","@id":"https:\/\/iwell-guard.com\/is\/#website","url":"https:\/\/iwell-guard.com\/is\/","name":"iWell Guard","description":"Schutz vor dunklen Einfl\u00fcssen","publisher":{"@id":"https:\/\/iwell-guard.com\/is\/#organization"},"potentialAction":[{"@type":"SearchAction","target":{"@type":"EntryPoint","urlTemplate":"https:\/\/iwell-guard.com\/is\/?s={search_term_string}"},"query-input":{"@type":"PropertyValueSpecification","valueRequired":true,"valueName":"search_term_string"}}],"inLanguage":"is"},{"@type":"Organization","@id":"https:\/\/iwell-guard.com\/is\/#organization","name":"Ittermann electronic GmbH","url":"https:\/\/iwell-guard.com\/is\/","logo":{"@type":"ImageObject","inLanguage":"is","@id":"https:\/\/iwell-guard.com\/is\/#\/schema\/logo\/image\/","url":"https:\/\/iwell-guard.com\/wp-content\/uploads\/2026\/05\/Ittermann-Logo-1182x237-1.png","contentUrl":"https:\/\/iwell-guard.com\/wp-content\/uploads\/2026\/05\/Ittermann-Logo-1182x237-1.png","width":1182,"height":237,"caption":"Ittermann electronic GmbH"},"image":{"@id":"https:\/\/iwell-guard.com\/is\/#\/schema\/logo\/image\/"},"sameAs":["https:\/\/pantip.com\/profile\/9367242","https:\/\/micro.blog\/iwellguard","https:\/\/www.diggerslist.com\/iwellguard\/about","https:\/\/skitterphoto.com\/photographers\/2870314\/iwell-guard","https:\/\/iwellguard.wordpress.com\/2026\/06\/06\/iwell-guard\/","https:\/\/hub.docker.com\/u\/iwellguard","https:\/\/www.pinterest.com\/iwellguard\/","https:\/\/bit.ly\/m\/iwellguard","https:\/\/entre-vos-mains.alsace.eu\/profiles\/iwellguard\/activity","https:\/\/gravatar.com\/reallybeded8fd34","https:\/\/naijamatta.com\/iwellguard","https:\/\/www.goodreads.com\/iwellguard","https:\/\/profile.hatena.ne.jp\/iwellguard\/","https:\/\/experiment.com\/users\/iwellguard","https:\/\/wakelet.com\/@iWellGuard82270","https:\/\/www.chordie.com\/forum\/profile.php?id=2555664","https:\/\/www.instapaper.com\/p\/17757966","https:\/\/www.mapleprimes.com\/users\/iwellguard","https:\/\/businesslistingplus.com\/profile\/iwell-guard\/","https:\/\/telegra.ph\/iWell-Guard-06-06","https:\/\/pbase.com\/iwellguard\/iwellguard","https:\/\/b.hatena.ne.jp\/iwellguard\/20260607#bookmark-4788405196491818882","https:\/\/fliphtml5.com\/home\/iwellguard","https:\/\/anyflip.com\/homepage\/cmiwl#About","https:\/\/transfur.com\/Users\/iwellguard","http:\/\/delphi.larsbo.org\/user\/iwellguard","https:\/\/jobs.lajobsportal.org\/profiles\/8380803-iwell-guard","https:\/\/md.chaosdorf.de\/s\/jfbe5SBdJD","https:\/\/www.lingvolive.com\/en-us\/profile\/9ecaeaca-ce11-4e51-9e71-01d55e2bff36\/translations","https:\/\/www.fitday.com\/fitness\/forums\/members\/iwellguard.html","https:\/\/www.mymeetbook.com\/iwellguard","https:\/\/pxhere.com\/en\/photographer-me\/5040798","https:\/\/disqus.com\/by\/iwellguard\/about\/","https:\/\/pastelink.net\/hjwciqwq","https:\/\/pubhtml5.com\/homepage\/scjhn\/","https:\/\/www.bitchute.com\/channel\/2O2eOKzNqujT","https:\/\/audiomack.com\/iwellguard"]},{"@type":"Person","@id":"https:\/\/iwell-guard.com\/is\/#\/schema\/person\/ee2a27f1cac3406c7c6fb5820cb7349f","name":"Ralf Ittermann","image":{"@type":"ImageObject","inLanguage":"is","@id":"https:\/\/secure.gravatar.com\/avatar\/073c0153e350a5005b68eb752b445fea71f6b24a26da9449ad7e155e6b446c9d?s=96&d=mm&r=g","url":"https:\/\/secure.gravatar.com\/avatar\/073c0153e350a5005b68eb752b445fea71f6b24a26da9449ad7e155e6b446c9d?s=96&d=mm&r=g","contentUrl":"https:\/\/secure.gravatar.com\/avatar\/073c0153e350a5005b68eb752b445fea71f6b24a26da9449ad7e155e6b446c9d?s=96&d=mm&r=g","caption":"Ralf Ittermann"},"givenName":"Ralf","familyName":"Ittermann","jobTitle":"Gesch\u00e4ftsf\u00fchrer und redaktioneller Verantwortlicher","url":"https:\/\/iwell-guard.com\/is\/author\/claude\/","description":"Ralf Ittermann ist Gesch\u00e4ftsf\u00fchrer der Ittermann electronic GmbH und redaktioneller Verantwortlicher des iWell-Guard-Lexikons. Er verbindet langj\u00e4hrige Erfahrung in der Pr\u00e4zisionsfertigung mit medialer Praxis und religionsgeschichtlicher Quellenarbeit.","worksFor":{"@type":"Organization","name":"Ittermann electronic GmbH","url":"https:\/\/ittermann.de\/","address":{"@type":"PostalAddress","streetAddress":"K\u00f6hlergasse 16-18","postalCode":"99842","addressLocality":"Ruhla","addressCountry":"DE"}},"knowsAbout":["Religionsgeschichte","Mythologie","Mediale Praxis","Energetische Diagnostik","Schutzpraxis","Volksglauben","Westliche Esoterik"]},{"@type":"Article","@id":"https:\/\/iwell-guard.com\/is\/illapa-thrumu-og-vedurgud-inka\/#article","isPartOf":{"@id":"https:\/\/iwell-guard.com\/is\/illapa-thrumu-og-vedurgud-inka\/"},"author":{"name":"Ralf Ittermann","@id":"https:\/\/iwell-guard.com\/is\/#\/schema\/person\/ee2a27f1cac3406c7c6fb5820cb7349f"},"headline":"Illapa \u2013 \u00derumu- og ve\u00f0urgu\u00f0 Inka","datePublished":"2026-09-05T14:04:05+00:00","dateModified":"2026-09-05T14:22:55+00:00","mainEntityOfPage":{"@id":"https:\/\/iwell-guard.com\/is\/illapa-thrumu-og-vedurgud-inka\/"},"publisher":{"@id":"https:\/\/iwell-guard.com\/is\/#organization"},"image":{"@id":"https:\/\/iwell-guard.com\/is\/illapa-thrumu-og-vedurgud-inka\/#primaryimage"},"thumbnailUrl":"https:\/\/iwell-guard.com\/wp-content\/uploads\/2026\/05\/goetter_anden-inka_illapa.webp","inLanguage":"is","description":"Illapa, \u00ferumu- og regngu\u00f0 Inka, var jafn mikilv\u00e6gur fyrir andalandb\u00fana\u00f0inn og Inti var fyrir r\u00edki\u00f0. Me\u00f0 go\u00f0s\u00f6gn og fr\u00e6\u00f0um."}]}},"_links":{"self":[{"href":"https:\/\/iwell-guard.com\/is\/wp-json\/wp\/v2\/pages\/168924","targetHints":{"allow":["GET"]}}],"collection":[{"href":"https:\/\/iwell-guard.com\/is\/wp-json\/wp\/v2\/pages"}],"about":[{"href":"https:\/\/iwell-guard.com\/is\/wp-json\/wp\/v2\/types\/page"}],"author":[{"embeddable":true,"href":"https:\/\/iwell-guard.com\/is\/wp-json\/wp\/v2\/users\/3"}],"replies":[{"embeddable":true,"href":"https:\/\/iwell-guard.com\/is\/wp-json\/wp\/v2\/comments?post=168924"}],"version-history":[{"count":0,"href":"https:\/\/iwell-guard.com\/is\/wp-json\/wp\/v2\/pages\/168924\/revisions"}],"wp:featuredmedia":[{"embeddable":true,"href":"https:\/\/iwell-guard.com\/is\/wp-json\/wp\/v2\/media\/2677"}],"wp:attachment":[{"href":"https:\/\/iwell-guard.com\/is\/wp-json\/wp\/v2\/media?parent=168924"}],"wp:term":[{"taxonomy":"category","embeddable":true,"href":"https:\/\/iwell-guard.com\/is\/wp-json\/wp\/v2\/categories?post=168924"}],"curies":[{"name":"wp","href":"https:\/\/api.w.org\/{rel}","templated":true}]}}