{"id":168923,"date":"2026-09-05T14:04:05","date_gmt":"2026-09-05T14:04:05","guid":{"rendered":"https:\/\/iwell-guard.com\/?page_id=168923"},"modified":"2026-09-05T14:22:54","modified_gmt":"2026-09-05T14:22:54","slug":"pachakamak-orakelgud-andesfjalla","status":"publish","type":"page","link":"https:\/\/iwell-guard.com\/is\/pachakamak-orakelgud-andesfjalla\/","title":{"rendered":"Pachakamak \u2013 v\u00e9fregnagu\u00f0 Andesfjalla"},"content":{"rendered":"\t\t<div data-elementor-type=\"wp-page\" data-elementor-id=\"168923\" class=\"elementor elementor-168923 elementor-2578 elementor-bc-flex-widget\" data-elementor-post-type=\"page\">\n\t\t\t\t<div class=\"elementor-element elementor-element-iwgw-pachakamak-hero e-flex e-con-boxed e-con e-parent\" data-id=\"iwgw-pachakamak-hero\" data-element_type=\"container\" data-e-type=\"container\" data-settings=\"{&quot;background_background&quot;:&quot;classic&quot;}\">\n\t\t\t\t\t<div class=\"e-con-inner\">\n\t\t<div class=\"elementor-element elementor-element-iwgw-pachakamak-hl e-flex e-con-boxed e-con e-child\" data-id=\"iwgw-pachakamak-hl\" data-element_type=\"container\" data-e-type=\"container\">\n\t\t\t\t\t<div class=\"e-con-inner\">\n\t\t<div class=\"elementor-element elementor-element-iwgw-pachakamak-htxt e-con-full e-flex e-con e-child\" data-id=\"iwgw-pachakamak-htxt\" data-element_type=\"container\" data-e-type=\"container\">\n\t\t\t\t<div class=\"elementor-element elementor-element-iwgw-pachakamak-h1 elementor-widget elementor-widget-heading\" data-id=\"iwgw-pachakamak-h1\" data-element_type=\"widget\" data-e-type=\"widget\" data-widget_type=\"heading.default\">\n\t\t\t\t\t<h1 class=\"elementor-heading-title elementor-size-default\">Pachakamak, skapara- og v\u00e9fregnagu\u00f0 strandh\u00e9ra\u00f0a Mi\u00f0-Andesfjalla<\/h1>\t\t\t\t<\/div>\n\t\t\t\t<div class=\"elementor-element elementor-element-iwgw-pachakamak-lead elementor-widget elementor-widget-text-editor\" data-id=\"iwgw-pachakamak-lead\" data-element_type=\"widget\" data-e-type=\"widget\" data-widget_type=\"text-editor.default\">\n\t\t\t\t\t\t\t\t\t<p>Pachakamak (quechua <em>Pacha Kamaq<\/em>, s\u00e1 sem l\u00edfgar heiminn, s\u00e1 sem var\u00f0veitir heiminn) er \u00e6\u00f0sti gu\u00f0 strandh\u00e9ra\u00f0a Mi\u00f0-Andesfjalla og verndargu\u00f0 mikilv\u00e6gasta p\u00edlagr\u00edmasta\u00f0ar Andesfjalla fr\u00e1 t\u00edmum fyrir komu Sp\u00e1nverja. <span class=\"iwg-fachbegriff\" data-tooltip=\"Bygging sem er tileinku\u00f0 tilbei\u00f0slu einnar e\u00f0a fleiri gu\u00f0vera.\" tabindex=\"0\">Musteri<\/span> hans sunnan vi\u00f0 n\u00faverandi Lima var \u00ed margar aldir sv\u00e6\u00f0isbundinn v\u00e9fregnasta\u00f0ur. Sem skapara- og v\u00e9fregnagu\u00f0 m\u00f3ta\u00f0i Pachakamak tr\u00faarlega skipan strandh\u00e9ra\u00f0a Mi\u00f0-Andesfjalla.<\/p>\t\t\t\t\t\t\t\t<\/div>\n\t\t\t\t<\/div>\n\t\t<div class=\"elementor-element elementor-element-iwgw-pachakamak-pillc e-con-full e-flex e-con e-child\" data-id=\"iwgw-pachakamak-pillc\" data-element_type=\"container\" data-e-type=\"container\">\n\t\t\t\t<div class=\"elementor-element elementor-element-iwgw-pachakamak-pills elementor-widget elementor-widget-html\" data-id=\"iwgw-pachakamak-pills\" data-element_type=\"widget\" data-e-type=\"widget\" data-widget_type=\"html.default\">\n\t\t\t\t\t<div class=\"iwg-pill-row\"><span class=\"iwg-klasse-badge\" tabindex=\"0\" data-tooltip=\"Gu\u00f0 \u00far hef\u00f0 Andesfjalla \/ Inka.\">Gu\u00f0<\/span><a href=\"https:\/\/iwell-guard.com\/is\/?page_id=168909\" class=\"iwg-kultur-badge\" tabindex=\"0\" data-tooltip=\"Go\u00f0afr\u00e6\u00f0i hef\u00f0ar Andesfjalla \/ Inka.\">Andesfj\u00f6ll \/ Inka<\/a><span class=\"iwg-tradition-badge\" tabindex=\"0\" data-tooltip=\"\u00c6\u00f0ri v\u00e9fregnagu\u00f0.\">\u00c6\u00f0ri v\u00e9fregnagu\u00f0<\/span><\/div>\t\t\t\t<\/div>\n\t\t\t\t<\/div>\n\t\t<div class=\"elementor-element elementor-element-iwgw-pachakamak-tocc e-con-full e-flex e-con e-child\" data-id=\"iwgw-pachakamak-tocc\" data-element_type=\"container\" data-e-type=\"container\">\n\t\t\t\t<div class=\"elementor-element elementor-element-iwgw-pachakamak-toc elementor-toc--minimized-on-tablet elementor-widget elementor-widget-table-of-contents\" data-id=\"iwgw-pachakamak-toc\" data-element_type=\"widget\" data-e-type=\"widget\" data-settings=\"{&quot;headings_by_tags&quot;:[&quot;h2&quot;,&quot;h3&quot;],&quot;minimize_box&quot;:&quot;yes&quot;,&quot;marker_view&quot;:&quot;bullets&quot;,&quot;no_headings_message&quot;:&quot;Engar undirfyrirsagnir fundust \\u00e1 \\u00feessari s\\u00ed\\u00f0u.&quot;,&quot;exclude_headings_by_selector&quot;:[],&quot;icon&quot;:{&quot;value&quot;:&quot;fas fa-circle&quot;,&quot;library&quot;:&quot;fa-solid&quot;,&quot;rendered_tag&quot;:&quot;&lt;svg class=\\&quot;e-font-icon-svg e-fas-circle\\&quot; viewBox=\\&quot;0 0 512 512\\&quot; xmlns=\\&quot;http:\\\/\\\/www.w3.org\\\/2000\\\/svg\\&quot;&gt;&lt;path d=\\&quot;M256 8C119 8 8 119 8 256s111 248 248 248 248-111 248-248S393 8 256 8z\\&quot;&gt;&lt;\\\/path&gt;&lt;\\\/svg&gt;&quot;},&quot;minimized_on&quot;:&quot;tablet&quot;,&quot;hierarchical_view&quot;:&quot;yes&quot;,&quot;min_height&quot;:{&quot;unit&quot;:&quot;px&quot;,&quot;size&quot;:&quot;&quot;,&quot;sizes&quot;:[]},&quot;min_height_tablet&quot;:{&quot;unit&quot;:&quot;px&quot;,&quot;size&quot;:&quot;&quot;,&quot;sizes&quot;:[]},&quot;min_height_mobile&quot;:{&quot;unit&quot;:&quot;px&quot;,&quot;size&quot;:&quot;&quot;,&quot;sizes&quot;:[]}}\" data-widget_type=\"table-of-contents.default\">\n\t\t\t\t\t\t\t\t\t<div class=\"elementor-toc__header\">\n\t\t\t\t\t\t<h2 class=\"elementor-toc__header-title\">\n\t\t\t\tEfnisyfirlit\t\t\t<\/h2>\n\t\t\t\t\t\t\t\t\t\t<div class=\"elementor-toc__toggle-button elementor-toc__toggle-button--expand\" role=\"button\" tabindex=\"0\" aria-controls=\"elementor-toc__iwgw-pachakamak-toc\" aria-expanded=\"true\" aria-label=\"Open table of contents\"><svg aria-hidden=\"true\" class=\"e-font-icon-svg e-fas-chevron-down\" viewBox=\"0 0 448 512\" xmlns=\"http:\/\/www.w3.org\/2000\/svg\"><path d=\"M207.029 381.476L12.686 187.132c-9.373-9.373-9.373-24.569 0-33.941l22.667-22.667c9.357-9.357 24.522-9.375 33.901-.04L224 284.505l154.745-154.021c9.379-9.335 24.544-9.317 33.901.04l22.667 22.667c9.373 9.373 9.373 24.569 0 33.941L240.971 381.476c-9.373 9.372-24.569 9.372-33.942 0z\"><\/path><\/svg><\/div>\n\t\t\t\t<div class=\"elementor-toc__toggle-button elementor-toc__toggle-button--collapse\" role=\"button\" tabindex=\"0\" aria-controls=\"elementor-toc__iwgw-pachakamak-toc\" aria-expanded=\"true\" aria-label=\"Close table of contents\"><svg aria-hidden=\"true\" class=\"e-font-icon-svg e-fas-chevron-up\" viewBox=\"0 0 448 512\" xmlns=\"http:\/\/www.w3.org\/2000\/svg\"><path d=\"M240.971 130.524l194.343 194.343c9.373 9.373 9.373 24.569 0 33.941l-22.667 22.667c-9.357 9.357-24.522 9.375-33.901.04L224 227.495 69.255 381.516c-9.379 9.335-24.544 9.317-33.901-.04l-22.667-22.667c-9.373-9.373-9.373-24.569 0-33.941L207.03 130.525c9.372-9.373 24.568-9.373 33.941-.001z\"><\/path><\/svg><\/div>\n\t\t\t\t\t<\/div>\n\t\t\t\t<div id=\"elementor-toc__iwgw-pachakamak-toc\" class=\"elementor-toc__body\">\n\t\t\t<div class=\"elementor-toc__spinner-container\">\n\t\t\t\t<svg class=\"elementor-toc__spinner eicon-animation-spin e-font-icon-svg e-eicon-loading\" aria-hidden=\"true\" viewBox=\"0 0 1000 1000\" xmlns=\"http:\/\/www.w3.org\/2000\/svg\"><path d=\"M500 975V858C696 858 858 696 858 500S696 142 500 142 142 304 142 500H25C25 237 238 25 500 25S975 237 975 500 763 975 500 975Z\"><\/path><\/svg>\t\t\t<\/div>\n\t\t<\/div>\n\t\t\t\t\t\t<\/div>\n\t\t\t\t<\/div>\n\t\t\t\t\t<\/div>\n\t\t\t\t<\/div>\n\t\t<div class=\"elementor-element elementor-element-iwgw-pachakamak-hr e-con-full e-flex e-con e-child\" data-id=\"iwgw-pachakamak-hr\" data-element_type=\"container\" data-e-type=\"container\">\n\t\t\t\t<div class=\"elementor-element elementor-element-iwgw-pachakamak-heroimg iwg-hero-image elementor-widget elementor-widget-image\" data-id=\"iwgw-pachakamak-heroimg\" data-element_type=\"widget\" data-e-type=\"widget\" data-widget_type=\"image.default\">\n\t\t\t\t\t\t\t\t\t\t\t\t\t\t\t<img fetchpriority=\"high\" decoding=\"async\" width=\"683\" height=\"1024\" src=\"https:\/\/iwell-guard.com\/wp-content\/uploads\/2026\/05\/goetter_anden-inka_pachakamak-683x1024.webp\" class=\"attachment-large size-large wp-image-170861\" alt=\"Pachakamak - gu\u00f0 \u00far andes-inka-hef\u00f0inni, s\u00f6guleg sk\u00fdringarmynd\" srcset=\"https:\/\/iwell-guard.com\/wp-content\/uploads\/2026\/05\/goetter_anden-inka_pachakamak-683x1024.webp 683w, https:\/\/iwell-guard.com\/wp-content\/uploads\/2026\/05\/goetter_anden-inka_pachakamak-200x300.webp 200w, https:\/\/iwell-guard.com\/wp-content\/uploads\/2026\/05\/goetter_anden-inka_pachakamak-768x1152.webp 768w, https:\/\/iwell-guard.com\/wp-content\/uploads\/2026\/05\/goetter_anden-inka_pachakamak.webp 1024w\" sizes=\"(max-width: 683px) 100vw, 683px\" \/>\t\t\t\t\t\t\t\t\t\t\t\t\t\t\t<\/div>\n\t\t\t\t<\/div>\n\t\t\t\t\t<\/div>\n\t\t\t\t<\/div>\n\t\t<div class=\"elementor-element elementor-element-iwgw-pachakamak-s0 e-flex e-con-boxed e-con e-parent\" data-id=\"iwgw-pachakamak-s0\" data-element_type=\"container\" data-e-type=\"container\">\n\t\t\t\t\t<div class=\"e-con-inner\">\n\t\t\t\t<div class=\"elementor-element elementor-element-iwgw-pachakamak-s0h elementor-widget elementor-widget-heading\" data-id=\"iwgw-pachakamak-s0h\" data-element_type=\"widget\" data-e-type=\"widget\" data-widget_type=\"heading.default\">\n\t\t\t\t\t<h2 class=\"elementor-heading-title elementor-size-default\">Sta\u00f0a \u00ed and\u00edsku pantheoninu<\/h2>\t\t\t\t<\/div>\n\t\t<div class=\"elementor-element elementor-element-iwgw-pachakamak-s0c e-con-full e-flex e-con e-child\" data-id=\"iwgw-pachakamak-s0c\" data-element_type=\"container\" data-e-type=\"container\">\n\t\t\t\t<div class=\"elementor-element elementor-element-iwgw-pachakamak-s0t elementor-widget elementor-widget-text-editor\" data-id=\"iwgw-pachakamak-s0t\" data-element_type=\"widget\" data-e-type=\"widget\" data-widget_type=\"text-editor.default\">\n\t\t\t\t\t\t\t\t\t<p>Pachakamak er mi\u00f0l\u00e6gur \u00e6\u00f0ri gu\u00f0 Lima-h\u00e9ra\u00f0sins og strandh\u00e9ra\u00f0a Mi\u00f0-Andesfjalla, en tilbei\u00f0sla hans er eldri en Inkaveldi\u00f0.<\/p><p>H\u00f6fu\u00f0helgista\u00f0ur hans, hi\u00f0 mikla adobe-mannvirki \u00ed Pachacamac (n\u00fa fornleifasv\u00e6\u00f0i su\u00f0ur af Lima), var \u00feegar til \u00e1 t\u00edmum Lima-menningarinnar (u.\u00fe.b. 200\u2013700 e.Kr.), var s\u00ed\u00f0an st\u00e6kka\u00f0 \u00e1 Wari-skei\u00f0inu (700\u20131000), enn frekar \u00e1 Ychsma-skei\u00f0inu (1100\u20131470) og a\u00f0 lokum teki\u00f0 inn \u00ed r\u00edki Inka \u00e1n \u00feess a\u00f0 sj\u00e1lfst\u00e6\u00f0ur karakter \u00feess glata\u00f0ist.<\/p><p>Sp\u00e6nskir kron\u00edkuritarar, fremstur me\u00f0al \u00feeirra Miguel de Estete, sem heims\u00f3tti <span class=\"iwg-fachbegriff\" data-tooltip=\"Bygging sem er tileinku\u00f0 tilbei\u00f0slu einnar e\u00f0a fleiri gu\u00f0vera.\" tabindex=\"0\">musteri\u00f0<\/span> \u00e1ri\u00f0 1533 me\u00f0 Hernando Pizarro og r\u00e6ndi \u00fea\u00f0, l\u00fdsa Pachakamak sem <em>tan grande templo y tan reverenciado<\/em>, hi\u00f0 st\u00e6rsta og mest d\u00fdrka\u00f0a <span class=\"iwg-fachbegriff\" data-tooltip=\"Heilagur sta\u00f0ur tileinka\u00f0ur tilbei\u00f0slu gu\u00f0veru.\" tabindex=\"0\">helgista\u00f0<\/span> Andesfjalla.<\/p><p><span class=\"iwg-fachbegriff\" data-tooltip=\"Sta\u00f0ur e\u00f0a stofnun \u00fear sem leita\u00f0 er gu\u00f0legra svara.\" tabindex=\"0\">V\u00e9fregnasta\u00f0ur<\/span> hans var fr\u00e6gur um allt Inkaveldi\u00f0 og var me\u00f0al annars r\u00e1\u00f0f\u00e6r\u00f0ur af Inka-h\u00f6f\u00f0ingjanum Huayna Capac. Tr\u00faarfr\u00e6\u00f0ilega hefur Maria Rostworowski unni\u00f0 kerfisbundi\u00f0 \u00far flokkun Pachakamaks sem <em>pan-and\u00edsks v\u00e9fregnahelgista\u00f0ar<\/em> \u00ed meginriti s\u00ednu <em>Pachacamac y el Se\u00f1or de los Milagros<\/em> (1992).<\/p><p>Pachakamak stendur \u00ed fl\u00f3knu gu\u00f0fr\u00e6\u00f0ilegu samhengi vi\u00f0 <a href=\"https:\/\/iwell-guard.com\/is\/?page_id=168921\">Viracocha<\/a>: \u00cd sumum heimildum eru \u00feeir tveir samsama\u00f0ir, \u00ed \u00f6\u00f0rum taldir tengdir, t.d. sem fa\u00f0ir og sonur e\u00f0a sem tv\u00f6 hli\u00f0ar s\u00f6mu \u00e6\u00f0ri veru.<\/p><p>\u00deessi samfl\u00e9ttun endurspeglar \u00fe\u00e1 sta\u00f0reynd a\u00f0 Inkar ur\u00f0u a\u00f0 samr\u00e6ma hina eldri strand-<span class=\"iwg-fachbegriff\" data-tooltip=\"Fr\u00e6\u00f0ilega kenningin um gu\u00f0 og tr\u00fa tiltekinnar tr\u00faarbrag\u00f0a.\" tabindex=\"0\">gu\u00f0fr\u00e6\u00f0i<\/span> Pachakamaks vi\u00f0 s\u00edna eigin h\u00e1lendis-<span class=\"iwg-fachbegriff\" data-tooltip=\"Fr\u00e6\u00f0ilega kenningin um gu\u00f0 og tr\u00fa tiltekinnar tr\u00faarbrag\u00f0a.\" tabindex=\"0\">gu\u00f0fr\u00e6\u00f0i<\/span>, \u00e1n \u00feess a\u00f0 leysa hana algj\u00f6rlega upp.<\/p><p>Tr\u00faarbr\u00f6g\u00f0 Lima-h\u00e9ra\u00f0sins h\u00f6f\u00f0u, \u00e1\u00f0ur en Inkar l\u00f6g\u00f0u sv\u00e6\u00f0i\u00f0 undir sig, sj\u00e1lfst\u00e6\u00f0a s\u00e9rst\u00f6\u00f0u \u00fear sem Pachakamak var ekki eini gu\u00f0inn en s\u00e1 voldugasti. Vi\u00f0 hli\u00f0 hans voru d\u00fdrka\u00f0ir sta\u00f0bundnir huaca-helgista\u00f0ir og gu\u00f0ir fr\u00e1 t\u00edmanum fyrir Inka, svo sem <em>Vichama<\/em>, sonar-avatar Pachakamaks.<\/p><p>Landvinningur Inkans Tupac Yupanqui \u00e1 sv\u00e6\u00f0inu (u.\u00fe.b. 1470) f\u00f3r fram me\u00f0 vark\u00e1rni: \u00d3l\u00edkt \u00f6\u00f0rum h\u00e9ru\u00f0um var sta\u00f0bundinn h\u00f6fu\u00f0gu\u00f0 ekki leystur af h\u00f3lmi me\u00f0 Inti, heldur var fundin tv\u00edgu\u00f0fr\u00e6\u00f0ileg lausn \u00fear sem Inti-<span class=\"iwg-fachbegriff\" data-tooltip=\"Bygging sem er tileinku\u00f0 tilbei\u00f0slu einnar e\u00f0a fleiri gu\u00f0vera.\" tabindex=\"0\">musteri<\/span> voru reist vi\u00f0 hli\u00f0 Pachakamak-<span class=\"iwg-fachbegriff\" data-tooltip=\"Bygging sem er tileinku\u00f0 tilbei\u00f0slu einnar e\u00f0a fleiri gu\u00f0vera.\" tabindex=\"0\">musterisins<\/span>.<\/p>\t\t\t\t\t\t\t\t<\/div>\n\t\t\t\t<\/div>\n\t\t\t\t\t<\/div>\n\t\t\t\t<\/div>\n\t\t<div class=\"elementor-element elementor-element-iwgw-pachakamak-s1 e-flex e-con-boxed e-con e-parent\" data-id=\"iwgw-pachakamak-s1\" data-element_type=\"container\" data-e-type=\"container\">\n\t\t\t\t\t<div class=\"e-con-inner\">\n\t\t\t\t<div class=\"elementor-element elementor-element-iwgw-pachakamak-s1h elementor-widget elementor-widget-heading\" data-id=\"iwgw-pachakamak-s1h\" data-element_type=\"widget\" data-e-type=\"widget\" data-widget_type=\"heading.default\">\n\t\t\t\t\t<h2 class=\"elementor-heading-title elementor-size-default\">Nafn og or\u00f0sifjar<\/h2>\t\t\t\t<\/div>\n\t\t<div class=\"elementor-element elementor-element-iwgw-pachakamak-s1c e-con-full e-flex e-con e-child\" data-id=\"iwgw-pachakamak-s1c\" data-element_type=\"container\" data-e-type=\"container\">\n\t\t\t\t<div class=\"elementor-element elementor-element-iwgw-pachakamak-s1t elementor-widget elementor-widget-text-editor\" data-id=\"iwgw-pachakamak-s1t\" data-element_type=\"widget\" data-e-type=\"widget\" data-widget_type=\"text-editor.default\">\n\t\t\t\t\t\t\t\t\t<p>Nafni\u00f0 <em>Pacha Kamaq<\/em> er quechua-myndun \u00far <em>pacha<\/em> (heimur, t\u00edmi, r\u00fam, eins og hj\u00e1 <a href=\"https:\/\/iwell-guard.com\/is\/?page_id=168920\">Pachamama<\/a>) og <em>kamaq<\/em> (s\u00e1 sem l\u00edfgar, var\u00f0veitir, framkallar). Diego Gonzalez Holguin \u00fe\u00fd\u00f0ir <em>kamaq<\/em> \u00ed riti s\u00ednu <em>Vocabulario<\/em> (1608) sem <em>el criador<\/em>, skaparinn. \u00deannig er Pacha Kamaq \u00ed grunninn <em>l\u00edfgjafi heimsins<\/em>.<\/p><p>Athyglisver\u00f0 er n\u00e1in merkingarfr\u00e6\u00f0ileg tengsl vi\u00f0 <em>kamay<\/em>, quechua-hugtaki\u00f0 yfir \u00fe\u00e1 l\u00edfgandi orku sem gefur hlut sitt s\u00e9rstaka form.<\/p><p>Per\u00faski mannfr\u00e6\u00f0ingurinn Gerald Taylor hefur \u00ed verkum s\u00ednum um quechua-<span class=\"iwg-fachbegriff\" data-tooltip=\"Fr\u00e6\u00f0ilega kenningin um gu\u00f0 og tr\u00fa tiltekinnar tr\u00faarbrag\u00f0a.\" tabindex=\"0\">gu\u00f0fr\u00e6\u00f0i<\/span> (1974, 2001) s\u00fdnt fram \u00e1 a\u00f0 <em>kamay<\/em> v\u00edsar ekki til efnislegrar sk\u00f6punar \u00ed kristnum e\u00f0a gy\u00f0inglegum skilningi, heldur til st\u00f6\u00f0ugrar formm\u00f3tunar, hins \u00e1framhaldandi l\u00edfgunarferlis heimsins fyrir tilstilli yfirn\u00e1tt\u00farulegs afls. Pacha Kamaq er \u00feannig ekki eing\u00f6ngu skapari \u00ed eitt skipti fyrir \u00f6ll eins og hinn bibl\u00edulegi gu\u00f0, heldur varanlegur l\u00edfgjafi heimsins.<\/p><p>H\u00e9ra\u00f0i\u00f0 Pachacamac \u00e1 str\u00f6nd Per\u00fa vi\u00f0 Kyrrahafi\u00f0 dregur nafn sitt af gu\u00f0inum. Sp\u00e6nska heiti\u00f0 \u00e1 <span class=\"iwg-fachbegriff\" data-tooltip=\"Heilagur sta\u00f0ur tileinka\u00f0ur tilbei\u00f0slu gu\u00f0veru.\" tabindex=\"0\">helgista\u00f0num<\/span> var <em>Pachacama<\/em> e\u00f0a <em>Pachacamac<\/em>, allt eftir kron\u00edku. \u00cd m\u00e1li Ychsma-f\u00f3lksins (aymara-tengdri undirm\u00e1lsl\u00fdsku Lima-h\u00e9ra\u00f0sins) var m\u00f6gulega nota\u00f0 eigi\u00f0 heiti sem ekki hefur var\u00f0veist.<\/p><p>S\u00e9rstaklega \u00e1hugaver\u00f0a gu\u00f0fr\u00e6\u00f0ilega or\u00f0sifjafr\u00e6\u00f0i hefur Marco Curatola lagt fram \u00ed <em>Adivinaci\u00f3n y or\u00e1culos en el mundo andino antiguo<\/em> (2008): <em>Pacha Kamaq<\/em> sem <em>heims-\u00fe\u00e9ttir<\/em> e\u00f0a <em>heims-tengir<\/em>, me\u00f0 hli\u00f0sj\u00f3n af afleiddum merkingum <em>kamay<\/em> sem <em>a\u00f0 forma eitthva\u00f0<\/em>, <em>\u00fe\u00e9tta<\/em>, <em>sam\u00fejappa<\/em>.<\/p><p>\u00cd \u00feessum skilningi v\u00e6ri Pachakamak s\u00fa kraftur sem gefur heiminum \u00e1kve\u00f0na mynd og heldur honum saman, skilningur sem samr\u00e6mist n\u00fat\u00edma umr\u00e6\u00f0u um <em>kamay<\/em> sem and\u00edskt orkuhugtak.<\/p>\t\t\t\t\t\t\t\t<\/div>\n\t\t\t\t<\/div>\n\t\t\t\t\t<\/div>\n\t\t\t\t<\/div>\n\t\t<div class=\"elementor-element elementor-element-iwgw-pachakamak-s2 e-flex e-con-boxed e-con e-parent\" data-id=\"iwgw-pachakamak-s2\" data-element_type=\"container\" data-e-type=\"container\">\n\t\t\t\t\t<div class=\"e-con-inner\">\n\t\t\t\t<div class=\"elementor-element elementor-element-iwgw-pachakamak-s2h elementor-widget elementor-widget-heading\" data-id=\"iwgw-pachakamak-s2h\" data-element_type=\"widget\" data-e-type=\"widget\" data-widget_type=\"heading.default\">\n\t\t\t\t\t<h2 class=\"elementor-heading-title elementor-size-default\">L\u00fdsing og myndm\u00e1l<\/h2>\t\t\t\t<\/div>\n\t\t<div class=\"elementor-element elementor-element-iwgw-pachakamak-s2c e-con-full e-flex e-con e-child\" data-id=\"iwgw-pachakamak-s2c\" data-element_type=\"container\" data-e-type=\"container\">\n\t\t\t\t<div class=\"elementor-element elementor-element-iwgw-pachakamak-s2t elementor-widget elementor-widget-text-editor\" data-id=\"iwgw-pachakamak-s2t\" data-element_type=\"widget\" data-e-type=\"widget\" data-widget_type=\"text-editor.default\">\n\t\t\t\t\t\t\t\t\t<p>Merkasta var\u00f0veitta <span class=\"iwg-fachbegriff\" data-tooltip=\"Myndr\u00e6n framsetning \u00e1 gu\u00f0d\u00f3mi sem d\u00fdrka\u00f0ur er \u00ed musteri e\u00f0a helgid\u00f3mi.\" tabindex=\"0\">helgimyndin<\/span> er hi\u00f0 fr\u00e6ga tv\u00f6falda tr\u00e9skur\u00f0ar-<span class=\"iwg-fachbegriff\" data-tooltip=\"Mynd e\u00f0a l\u00edkneski sem d\u00fdrka\u00f0 er sem gu\u00f0legt.\" tabindex=\"0\">skur\u00f0go\u00f0<\/span> Pachacamac, sem grafi\u00f0 var upp \u00e1ri\u00f0 1938 undir g\u00f3lfi efri musterishlutans og stendur n\u00fa \u00ed Museo de Sitio \u00ed Pachacamac.<\/p><p>\u00deetta er um \u00fea\u00f0 bil 2,30 m h\u00e1 \u00fatskorin tr\u00e9s\u00fala me\u00f0 tveimur andst\u00e6\u00f0um andlitum \u00ed efsta \u00feri\u00f0jungi og r\u00f6\u00f0 af st\u00edlf\u00e6r\u00f0um mannl\u00edkum myndum \u00e1 skaftinu. Tv\u00f6falda andliti\u00f0 hefur \u00edtreka\u00f0 leitt til vangaveltna um a\u00f0 Pachakamak hafi veri\u00f0 janus-l\u00edk <span class=\"iwg-fachbegriff\" data-tooltip=\"Vera sem d\u00fdrku\u00f0 er sem gu\u00f0leg innan tr\u00faarbrag\u00f0a.\" tabindex=\"0\">gu\u00f0d\u00f3mur<\/span> sem horf\u00f0i \u00ed tv\u00e6r \u00e1ttir samt\u00edmis.<\/p><p>Fornleifafr\u00e6\u00f0ileg t\u00edmasetning tr\u00e9s\u00falunnar er umdeild. N\u00fdjasta ranns\u00f3knin me\u00f0 geislakolsgreiningu (Eeckhout 2018) t\u00edmasetur hana til um \u00fea\u00f0 bil 760\u2013890 e.Kr., \u00fea\u00f0 er \u00e1 Wari-t\u00edmabilinu.<\/p><p>Samkv\u00e6mt \u00fev\u00ed v\u00e6ri <span class=\"iwg-fachbegriff\" data-tooltip=\"Mynd e\u00f0a l\u00edkneski sem d\u00fdrka\u00f0 er sem gu\u00f0legt.\" tabindex=\"0\">skur\u00f0go\u00f0i\u00f0<\/span> ekki af inka-t\u00edmabils uppruna heldur hafi \u00fea\u00f0 \u00feegar sta\u00f0i\u00f0 \u00e1 sta\u00f0num \u00feegar Inkar innlimu\u00f0u helgid\u00f3minn og var teki\u00f0 yfir af \u00feeim, athyglisvert d\u00e6mi um umbur\u00f0arlyndi tr\u00faarstefnu Inkat\u00edmans gagnvart sta\u00f0bundnum st\u00f3rhelgid\u00f3mum.<\/p><p>Miguel de Estete, sem f\u00e9kk \u00e1ri\u00f0 1533 a\u00f0 ganga inn \u00ed allraheilagasta sta\u00f0inn (sem taldist tr\u00faarlegt helgispj\u00f6ll \u00fear sem a\u00f0eins \u00e6\u00f0stu prestar h\u00f6f\u00f0u a\u00f0gang), l\u00fdsir kammernum sem dimmum, me\u00f0 myndskreytingum \u00e1 veggjunum, og \u00ed mi\u00f0junni gr\u00f3fger\u00f0ri tr\u00e9f\u00edg\u00faru me\u00f0 mannsandliti. \u00deessi l\u00fdsing samsvarar hinni var\u00f0veittu tv\u00f6f\u00f6ldu <span class=\"iwg-fachbegriff\" data-tooltip=\"Uppr\u00e9tt standandi stein- e\u00f0a tr\u00e9s\u00fala me\u00f0 \u00e1letrun e\u00f0a myndskreytingu.\" tabindex=\"0\">stele<\/span>.<\/p>\t\t\t\t\t\t\t\t<\/div>\n\t\t\t\t<\/div>\n\t\t\t\t\t<\/div>\n\t\t\t\t<\/div>\n\t\t<div class=\"elementor-element elementor-element-iwgw-pachakamak-s3 e-flex e-con-boxed e-con e-parent\" data-id=\"iwgw-pachakamak-s3\" data-element_type=\"container\" data-e-type=\"container\">\n\t\t\t\t\t<div class=\"e-con-inner\">\n\t\t\t\t<div class=\"elementor-element elementor-element-iwgw-pachakamak-s3h elementor-widget elementor-widget-heading\" data-id=\"iwgw-pachakamak-s3h\" data-element_type=\"widget\" data-e-type=\"widget\" data-widget_type=\"heading.default\">\n\t\t\t\t\t<h2 class=\"elementor-heading-title elementor-size-default\">Go\u00f0sagnakenndar fr\u00e1sagnir<\/h2>\t\t\t\t<\/div>\n\t\t<div class=\"elementor-element elementor-element-iwgw-pachakamak-s3c e-con-full e-flex e-con e-child\" data-id=\"iwgw-pachakamak-s3c\" data-element_type=\"container\" data-e-type=\"container\">\n\t\t\t\t<div class=\"elementor-element elementor-element-iwgw-pachakamak-s3t elementor-widget elementor-widget-text-editor\" data-id=\"iwgw-pachakamak-s3t\" data-element_type=\"widget\" data-e-type=\"widget\" data-widget_type=\"text-editor.default\">\n\t\t\t\t\t\t\t\t\t<p>Mikilv\u00e6gasta heimildin um <span class=\"iwg-fachbegriff\" data-tooltip=\"Heildarsafn go\u00f0sagna sem var\u00f0veist hafa innan menningarheims.\" tabindex=\"0\">go\u00f0afr\u00e6\u00f0i<\/span> Pachakamak er handriti\u00f0 \u00e1 kech\u00faam\u00e1li, <em>Huarochiri-Manuskript<\/em> (um 1608), sem presturinn Francisco de Avila safna\u00f0i saman \u00ed h\u00e9ra\u00f0inu Huarochiri, og telst eitt ver\u00f0m\u00e6tasta var\u00f0veitta skjal um <span class=\"iwg-fachbegriff\" data-tooltip=\"Heildarsafn go\u00f0sagna sem var\u00f0veist hafa innan menningarheims.\" tabindex=\"0\">go\u00f0afr\u00e6\u00f0i<\/span> frumbyggja \u00ed Andesfj\u00f6llum.<\/p><p>Handriti\u00f0 hefur a\u00f0 geyma nokkrar go\u00f0sagnir um Pachakamak, \u00fear \u00e1 me\u00f0al hina fr\u00e6gu <span class=\"iwg-fachbegriff\" data-tooltip=\"Yfirf\u00e6r\u00f0 fr\u00e1s\u00f6gn um gu\u00f0i, uppruna og skipan heimsins.\" tabindex=\"0\">go\u00f0s\u00f6gu<\/span> um Kuni Raya Wiraqucha, sem oft er lesin sem fr\u00e1s\u00f6gn um Pachakamak og br\u00e6\u00f0ur hans sj\u00e1lfa.<\/p><p>Ein meginfr\u00e1s\u00f6gnin segir af samkeppninni milli Pachakamak og br\u00f3\u00f0ur hans e\u00f0a tv\u00edfara, <em>Kon<\/em>. \u00deeir berjast um yfirr\u00e1\u00f0 heimsins; Pachakamak sigrar a\u00f0 lokum og bannf\u00e6rir Kon til ey\u00f0imerkurinnar, sem \u00fatsk\u00fdrir \u00feurrkinn \u00e1 str\u00f6nd Andesfjalla.<\/p><p>\u00d6nnur fr\u00e1s\u00f6gn l\u00fdsir Pachakamak sem nau\u00f0gara gu\u00f0legrar konu, en d\u00f3ttir hennar breytist af \u00f6rv\u00e6ntingu \u00ed l\u00e6k, <span class=\"iwg-fachbegriff\" data-tooltip=\"Yfirf\u00e6r\u00f0 fr\u00e1s\u00f6gn um gu\u00f0i, uppruna og skipan heimsins.\" tabindex=\"0\">go\u00f0saga<\/span> sem s\u00fdnir hina d\u00e6miger\u00f0u margr\u00e6\u00f0ni h\u00e1gu\u00f0a \u00ed Andesfj\u00f6llum.<\/p><p>S\u00e9rstaklega athyglisver\u00f0 fr\u00e1 tr\u00faarfr\u00e6\u00f0ilegu sj\u00f3narhorni er fr\u00e1s\u00f6gnin um sk\u00f6pun fyrsta mannkyns: Pachakamak skapar mann og konu og l\u00e6tur \u00feau vera \u00e1n f\u00e6\u00f0u \u00ed heiminum. Ma\u00f0urinn deyr; konan heitir \u00fev\u00ed a\u00f0 hefna s\u00edn \u00e1 skaparanum me\u00f0 \u00fev\u00ed a\u00f0 tilbi\u00f0ja s\u00f3lina.<\/p><p>\u00dar \u00feessari tilbei\u00f0slu f\u00e6\u00f0ist barn sem Pachakamak dey\u00f0ir, en l\u00edkama \u00feess breytir hann \u00ed pl\u00f6ntur, sem var\u00f0 a\u00f0 sk\u00fdringars\u00f6gu fyrir r\u00e6ktun ma\u00eds, bauna og graskera \u00ed Andesfj\u00f6llum. Gerald Taylor rannsaka\u00f0i margbreytileika \u00feessara go\u00f0sagna me\u00f0 kerfisbundnum h\u00e6tti \u00ed <em>Ritos y tradiciones de Huarochiri<\/em> (1987).<\/p><p>Huarochiri-handriti\u00f0 er s\u00e9rstaklega \u00e1hugavert vegna tv\u00f6falds e\u00f0lis s\u00edns, sem tr\u00faarlega-go\u00f0afr\u00e6\u00f0ilegur texti og sem tilefni til sp\u00e6nskra ofs\u00f3kna. Presturinn Francisco de Avila safna\u00f0i go\u00f0s\u00f6gunum til a\u00f0 nota sem grundv\u00f6ll herfer\u00f0ar sinnar, <em>extirpacion de idolatrias<\/em>; \u00e1 sama t\u00edma er handriti\u00f0 eitt af f\u00e1um var\u00f0veittum skj\u00f6lum um <span class=\"iwg-fachbegriff\" data-tooltip=\"Hugmyndir um uppbyggingu og skipan heimsins innan tiltekinnar menningar.\" tabindex=\"0\">heimsmynd<\/span> frumbyggja \u00e1 eigin tungum\u00e1li (kech\u00faa).<\/p><p>Frank Salomon og George Urioste greindu og sk\u00fdr\u00f0u heildartextann \u00ed enskri \u00fatg\u00e1fu sinni (<em>The Huarochiri Manuscript<\/em>, 1991).<\/p>\t\t\t\t\t\t\t\t<\/div>\n\t\t\t\t<\/div>\n\t\t\t\t\t<\/div>\n\t\t\t\t<\/div>\n\t\t<div class=\"elementor-element elementor-element-iwgw-pachakamak-s4 e-flex e-con-boxed e-con e-parent\" data-id=\"iwgw-pachakamak-s4\" data-element_type=\"container\" data-e-type=\"container\">\n\t\t\t\t\t<div class=\"e-con-inner\">\n\t\t\t\t<div class=\"elementor-element elementor-element-iwgw-pachakamak-s4h elementor-widget elementor-widget-heading\" data-id=\"iwgw-pachakamak-s4h\" data-element_type=\"widget\" data-e-type=\"widget\" data-widget_type=\"heading.default\">\n\t\t\t\t\t<h2 class=\"elementor-heading-title elementor-size-default\">Tr\u00faari\u00f0kun og p\u00edlagr\u00edmsfer\u00f0ir<\/h2>\t\t\t\t<\/div>\n\t\t<div class=\"elementor-element elementor-element-iwgw-pachakamak-s4c e-con-full e-flex e-con e-child\" data-id=\"iwgw-pachakamak-s4c\" data-element_type=\"container\" data-e-type=\"container\">\n\t\t\t\t<div class=\"elementor-element elementor-element-iwgw-pachakamak-s4t elementor-widget elementor-widget-text-editor\" data-id=\"iwgw-pachakamak-s4t\" data-element_type=\"widget\" data-e-type=\"widget\" data-widget_type=\"text-editor.default\">\n\t\t\t\t\t\t\t\t\t<p>Pachacamac var mikilv\u00e6gasti p\u00edlagr\u00edmssta\u00f0ur hins forsp\u00e6nska Su\u00f0ur-Amer\u00edku. <span class=\"iwg-fachbegriff\" data-tooltip=\"Manneskja sem fer \u00ed tr\u00faarlega fer\u00f0 til helgs sta\u00f0ar.\" tabindex=\"0\">P\u00edlagr\u00edmar<\/span> streymdu \u00far \u00f6llu Inkaveldinu, og jafnvel \u00far a\u00f0liggjandi r\u00edkjum eins og Chim\u00fa, til Kyrrahafsstrandarins til a\u00f0 r\u00e1\u00f0f\u00e6ra sig vi\u00f0 <span class=\"iwg-fachbegriff\" data-tooltip=\"Sta\u00f0ur e\u00f0a stofnun \u00fear sem leita\u00f0 er gu\u00f0legra svara.\" tabindex=\"0\">v\u00e9fr\u00e9ttina<\/span>. P\u00edlagr\u00edmarnir ur\u00f0u a\u00f0 ganga upp musterisp\u00fdram\u00eddann \u00ed gegnum marg\u00ferepa hreinsunarath\u00f6fn, \u00fear sem f\u00f6stukr\u00f6fur jukust eftir \u00fev\u00ed sem n\u00e6r dr\u00f3 innsta helgid\u00f3mnum, og f\u00e6ra gjafir: kl\u00e6\u00f0i, g\u00f3\u00f0metalla, spondylus-skeljar og lamaoffur.<\/p><p><span class=\"iwg-fachbegriff\" data-tooltip=\"Sta\u00f0ur e\u00f0a stofnun \u00fear sem leita\u00f0 er gu\u00f0legra svara.\" tabindex=\"0\">V\u00e9fr\u00e9ttin<\/span> var \u00ed h\u00f6ndum s\u00e9rstakrar prestast\u00e9ttar sem t\u00f3k vi\u00f0 fyrirspurnum og flutti svar gu\u00f0sins \u00ed fyrirfram \u00e1kve\u00f0nu <span class=\"iwg-fachbegriff\" data-tooltip=\"Sem tilheyrir fastm\u00f3ta\u00f0ri tr\u00faarlegri ath\u00f6fn.\" tabindex=\"0\">helgisi\u00f0a<\/span>formi. Sv\u00f6rin voru oft \u00e1 formi einfalds j\u00e1-nei-svars e\u00f0a margr\u00e6\u00f0rar forsagnar.<\/p><p>Fr\u00e6g er spurningin sem Huayna C\u00e1pac lag\u00f0i fyrir v\u00e9fr\u00e9ttina um \u00farslit str\u00ed\u00f0sins gegn Quitom\u00f6nnum, sem var svara\u00f0 neitandi, svar sem s\u00ed\u00f0ar var sta\u00f0fest me\u00f0 dau\u00f0a Huayna C\u00e1pacs \u00far b\u00f3lus\u00f3ttarfaraldri.<\/p><p>\u00cd kringum a\u00f0almusteri\u00f0 st\u00f3\u00f0 fl\u00f3ki\u00f0 kerfi aukamustera helgu\u00f0 \u00f6\u00f0rum gu\u00f0um: <a href=\"https:\/\/iwell-guard.com\/is\/?page_id=168919\">Inti<\/a>, <a href=\"https:\/\/iwell-guard.com\/is\/?page_id=168922\">Mama Killa<\/a>, tunglgu\u00f0inu sem haf\u00f0i s\u00e9rstakan <span class=\"iwg-fachbegriff\" data-tooltip=\"Bygging sem er tileinku\u00f0 tilbei\u00f0slu einnar e\u00f0a fleiri gu\u00f0a.\" tabindex=\"0\">musteri<\/span> fyrir acllacuna, auk minni helgid\u00f3ma fyrir mikilv\u00e6ga sv\u00e6\u00f0isgu\u00f0i. Maria Rostworowski hefur l\u00fdst <em>Herrad\u00f3mi Pachacamac<\/em> sem tr\u00faarlegu og p\u00f3lit\u00edsku tengslaneti sem batt <span class=\"iwg-fachbegriff\" data-tooltip=\"Manneskja sem fer \u00ed tr\u00faarlega fer\u00f0 til helgs sta\u00f0ar.\" tabindex=\"0\">p\u00edlagr\u00edma<\/span> vi\u00f0 <span class=\"iwg-fachbegriff\" data-tooltip=\"Helgur sta\u00f0ur tileinka\u00f0ur tilbei\u00f0slu gu\u00f0s.\" tabindex=\"0\">helgid\u00f3minn<\/span> me\u00f0 fr\u00e6ndtengslum.<\/p><p>Musterisfl\u00e9tta Pachakamak n\u00e1\u00f0i, auk a\u00f0al-p\u00fdram\u00edda-<span class=\"iwg-fachbegriff\" data-tooltip=\"Helgur sta\u00f0ur tileinka\u00f0ur tilbei\u00f0slu gu\u00f0s.\" tabindex=\"0\">helgid\u00f3msins<\/span>, yfir eigi\u00f0 Acllahuasi (kvenna-<span class=\"iwg-fachbegriff\" data-tooltip=\"Bygging sem er tileinku\u00f0 tilbei\u00f0slu einnar e\u00f0a fleiri gu\u00f0a.\" tabindex=\"0\">musteri<\/span> me\u00f0 einangrun s\u00f3larmeyja), marka\u00f0storg, nokkrar p\u00edlagr\u00edmagistingar og kirkjugar\u00f0 sem fornleifafr\u00e6\u00f0ingar hafa fundi\u00f0 yfir 1300 m\u00fam\u00edur \u00ed.<\/p><p>\u00deessar m\u00fam\u00edur s\u00fdna a\u00f0 <span class=\"iwg-fachbegriff\" data-tooltip=\"Helgur sta\u00f0ur tileinka\u00f0ur tilbei\u00f0slu gu\u00f0s.\" tabindex=\"0\">helgid\u00f3murinn<\/span> \u00fej\u00f3na\u00f0i einnig sem d\u00e1narsta\u00f0ur <span class=\"iwg-fachbegriff\" data-tooltip=\"Manneskja sem fer \u00ed tr\u00faarlega fer\u00f0 til helgs sta\u00f0ar.\" tabindex=\"0\">p\u00edlagr\u00edma<\/span>: s\u00e1 sem n\u00e1\u00f0i p\u00edlagr\u00edmsmarkinu var jar\u00f0a\u00f0ur h\u00e9r eftir andl\u00e1ti\u00f0, forsp\u00e6nskt hli\u00f0st\u00e6\u00f0a \u00feeirrar l\u00f6ngunar a\u00f0 vera grafinn \u00ed Jer\u00fasalem e\u00f0a Mekka.<\/p>\t\t\t\t\t\t\t\t<\/div>\n\t\t\t\t<\/div>\n\t\t\t\t\t<\/div>\n\t\t\t\t<\/div>\n\t\t<div class=\"elementor-element elementor-element-iwgw-pachakamak-s5 e-flex e-con-boxed e-con e-parent\" data-id=\"iwgw-pachakamak-s5\" data-element_type=\"container\" data-e-type=\"container\">\n\t\t\t\t\t<div class=\"e-con-inner\">\n\t\t\t\t<div class=\"elementor-element elementor-element-iwgw-pachakamak-s5h elementor-widget elementor-widget-heading\" data-id=\"iwgw-pachakamak-s5h\" data-element_type=\"widget\" data-e-type=\"widget\" data-widget_type=\"heading.default\">\n\t\t\t\t\t<h2 class=\"elementor-heading-title elementor-size-default\">Verndara\u00f0ger\u00f0ir og fr\u00e1hrindandi t\u00e1kn<\/h2>\t\t\t\t<\/div>\n\t\t<div class=\"elementor-element elementor-element-iwgw-pachakamak-s5c e-con-full e-flex e-con e-child\" data-id=\"iwgw-pachakamak-s5c\" data-element_type=\"container\" data-e-type=\"container\">\n\t\t\t\t<div class=\"elementor-element elementor-element-iwgw-pachakamak-s5t elementor-widget elementor-widget-text-editor\" data-id=\"iwgw-pachakamak-s5t\" data-element_type=\"widget\" data-e-type=\"widget\" data-widget_type=\"text-editor.default\">\n\t\t\t\t\t\t\t\t\t<p>S\u00e9rt\u00e6k verndari\u00f0kun \u00ed samhengi Pachakamak sneri fyrst og fremst a\u00f0 tveimur svi\u00f0um: verndun gegn jar\u00f0skj\u00e1lftum og \u00f6ryggi v\u00e9fr\u00e9ttarr\u00e1\u00f0gjafar. \u00dear sem Kyrrahafsstr\u00f6nd Mi\u00f0-Andesfjalla er mj\u00f6g virk jar\u00f0skj\u00e1lftasv\u00e6\u00f0i var Pachakamak, \u00ed hlutverki s\u00ednu sem <em>heimshrindir<\/em> (ein af tv\u00edr\u00e6\u00f0um tv\u00ed\u00fe\u00e6ttum hlutverkum hans), talinn b\u00e6\u00f0i valdur og verndari gegn jar\u00f0skj\u00e1lftum.<\/p><p>Estete greinir fr\u00e1 b\u00e6naath\u00f6fnum <span class=\"iwg-fachbegriff\" data-tooltip=\"Manneskja sem fer \u00ed tr\u00faarlega fer\u00f0 til helgs sta\u00f0ar.\" tabindex=\"0\">p\u00edlagr\u00edma<\/span> gegn jar\u00f0skj\u00e1lftum, \u00fear sem litlar leirf\u00edg\u00farur voru grafnar \u00ed j\u00f6r\u00f0u.<\/p><p><span class=\"iwg-fachbegriff\" data-tooltip=\"Illt afveitandi: um t\u00e1kn og hluti sem \u00e6tla\u00f0 er a\u00f0 halda ska\u00f0legum \u00e1hrifum \u00ed fjarl\u00e6g\u00f0.\" tabindex=\"0\">Verndandi<\/span> gegn r\u00f6ngum <span class=\"iwg-fachbegriff\" data-tooltip=\"Sta\u00f0ur e\u00f0a stofnun \u00fear sem leita\u00f0 er gu\u00f0legra svara.\" tabindex=\"0\">v\u00e9fr\u00e9ttarsv\u00f6rum<\/span> e\u00f0a gegn rei\u00f0i gu\u00f0sins vegna v\u00f6ntunar \u00e1 hreinleika \u00fej\u00f3nu\u00f0u spondylus-skeljar, sem voru bornar sem h\u00e1lsmen e\u00f0a brj\u00f3st-<span class=\"iwg-fachbegriff\" data-tooltip=\"Gripur sem borinn er og talinn hafa verndandi, illt afveitandi \u00e1hrif.\" tabindex=\"0\">verndargripur<\/span>.<\/p><p>\u00deessar rau\u00f0u e\u00f0a appels\u00ednugulu skeljar \u00far hl\u00fdrri hafsv\u00e6\u00f0um Ekvador voru mikilv\u00e6gasta helgisi\u00f0averslunarvaran \u00ed strandmenningum Andesfjalla og hafa, samkv\u00e6mt fornleifafr\u00e6\u00f0ilegum g\u00f6gnum, veri\u00f0 grafnar \u00ed miklu magni vi\u00f0 Pachakamak-<span class=\"iwg-fachbegriff\" data-tooltip=\"Bygging sem er tileinku\u00f0 tilbei\u00f0slu einnar e\u00f0a fleiri gu\u00f0a.\" tabindex=\"0\">musteri\u00f0<\/span>. Maria Rostworowski hefur kalla\u00f0 \u00feetta <em>spondylus-hagkerfi\u00f0<\/em>.<\/p><p>S\u00e9rstakt hlutverk haf\u00f0i Pachakamak sem <em>fa\u00f0ir \u00f3f\u00e6ddra barna<\/em>: fj\u00f6lskyldur sem \u00e1ttu von \u00e1 barni \u00e1k\u00f6llu\u00f0u hann og b\u00e1\u00f0u um verndun gegn f\u00f3sturl\u00e1tum. Tilheyrandi offuri\u00f0kun f\u00f3l \u00ed s\u00e9r a\u00f0 hengja litlar \u00fatskornar tr\u00e9f\u00edg\u00farur vi\u00f0 <span class=\"iwg-fachbegriff\" data-tooltip=\"Bygging sem er tileinku\u00f0 tilbei\u00f0slu einnar e\u00f0a fleiri gu\u00f0a.\" tabindex=\"0\">musteri\u00f0<\/span>, sem er sta\u00f0fest me\u00f0 fornleifafr\u00e6\u00f0ilegum g\u00f6gnum \u00e1 sv\u00e6\u00f0i kvennamustersins.<\/p>\t\t\t\t\t\t\t\t<\/div>\n\t\t\t\t<\/div>\n\t\t\t\t\t<\/div>\n\t\t\t\t<\/div>\n\t\t<div class=\"elementor-element elementor-element-iwgw-pachakamak-s6 e-flex e-con-boxed e-con e-parent\" data-id=\"iwgw-pachakamak-s6\" data-element_type=\"container\" data-e-type=\"container\">\n\t\t\t\t\t<div class=\"e-con-inner\">\n\t\t\t\t<div class=\"elementor-element elementor-element-iwgw-pachakamak-s6h elementor-widget elementor-widget-heading\" data-id=\"iwgw-pachakamak-s6h\" data-element_type=\"widget\" data-e-type=\"widget\" data-widget_type=\"heading.default\">\n\t\t\t\t\t<h2 class=\"elementor-heading-title elementor-size-default\">Hli\u00f0st\u00e6\u00f0ur \u00ed \u00f6\u00f0rum menningarheimum<\/h2>\t\t\t\t<\/div>\n\t\t<div class=\"elementor-element elementor-element-iwgw-pachakamak-s6c e-con-full e-flex e-con e-child\" data-id=\"iwgw-pachakamak-s6c\" data-element_type=\"container\" data-e-type=\"container\">\n\t\t\t\t<div class=\"elementor-element elementor-element-iwgw-pachakamak-s6t elementor-widget elementor-widget-text-editor\" data-id=\"iwgw-pachakamak-s6t\" data-element_type=\"widget\" data-e-type=\"widget\" data-widget_type=\"text-editor.default\">\n\t\t\t\t\t\t\t\t\t<p>Skipulagslega m\u00e1 bera Pachakamak saman vi\u00f0 a\u00f0ra st\u00f3ra <span class=\"iwg-fachbegriff\" data-tooltip=\"Sta\u00f0ur e\u00f0a stofnun \u00fear sem leita\u00f0 er gu\u00f0legs svars.\" tabindex=\"0\">v\u00e9fr\u00e9tt<\/span>-h\u00e1gu\u00f0i tr\u00faars\u00f6gunnar. N\u00e1nasta hli\u00f0st\u00e6\u00f0an er gr\u00edski <em>Apollon fr\u00e1 Delf\u00ed<\/em>, en <span class=\"iwg-fachbegriff\" data-tooltip=\"Sta\u00f0ur e\u00f0a stofnun \u00fear sem leita\u00f0 er gu\u00f0legs svars.\" tabindex=\"0\">v\u00e9fr\u00e9tt<\/span> hans var r\u00e1\u00f0f\u00e6r\u00f0 yfir sv\u00e6\u00f0i um aldir og var mi\u00f0la\u00f0 af skipulag\u00f0ri prestast\u00e9tt.<\/p><p>Egypska Amun-<span class=\"iwg-fachbegriff\" data-tooltip=\"Sta\u00f0ur e\u00f0a stofnun \u00fear sem leita\u00f0 er gu\u00f0legs svars.\" tabindex=\"0\">v\u00e9fr\u00e9ttin<\/span> \u00ed Siwa, sem var s\u00e9rstaklega \u00feekkt \u00e1 hellen\u00edskum t\u00edma, fellur einnig \u00ed \u00feetta skipulagslega mynstur.<\/p><p>Innan Amer\u00edku s\u00fdnir <span class=\"iwg-fachbegriff\" data-tooltip=\"Heild tr\u00faarlegra d\u00fdrkunarathafna fyrir gu\u00f0 e\u00f0a heilaga v\u00e6tti.\" tabindex=\"0\">d\u00fdrkun<\/span> Pachakamak l\u00edkindi vi\u00f0 asteka Quetzalcoatl-<span class=\"iwg-fachbegriff\" data-tooltip=\"Sta\u00f0ur e\u00f0a stofnun \u00fear sem leita\u00f0 er gu\u00f0legs svars.\" tabindex=\"0\">v\u00e9fr\u00e9tt<\/span> \u00ed Cholula og vi\u00f0 sp\u00e1d\u00f3msstofnun maja-<em>chilam balam<\/em>-prestanna. Samanbur\u00f0urinn vi\u00f0 mes\u00f3amer\u00edska p\u00edlagr\u00edmssta\u00f0inn \u00ed Cholula er s\u00e9rstaklega uppl\u00fdsandi, \u00fear sem forveldislegt <span class=\"iwg-fachbegriff\" data-tooltip=\"Heilagur sta\u00f0ur tileinka\u00f0ur d\u00fdrkun gu\u00f0s.\" tabindex=\"0\">helgista\u00f0ur<\/span> var einnig innlima\u00f0ur af s\u00ed\u00f0ara r\u00edki (Mex\u00edkum) \u00e1n \u00feess a\u00f0 glata sj\u00e1lfst\u00e6\u00f0ri s\u00e9rst\u00f6\u00f0u sinni.<\/p><p>Tv\u00edhli\u00f0a-andlits-t\u00e1knmyndin \u00e1 Pachakamak-<span class=\"iwg-fachbegriff\" data-tooltip=\"Uppr\u00e9tt, \u00e1letru\u00f0 e\u00f0a myndskreytt steinhella e\u00f0a tr\u00e9tafla.\" tabindex=\"0\">steins\u00falu<\/span> hefur \u00edtreka\u00f0 leitt til \u00feeirrar tilg\u00e1tu \u00ed tr\u00faarbrag\u00f0afr\u00e6\u00f0ilegum ritum a\u00f0 Pachakamak s\u00e9 andesk \u00fatg\u00e1fa af Janus-ger\u00f0inni, h\u00e1veru sem getur horft \u00ed tv\u00e6r \u00e1ttir e\u00f0a \u00e1 tv\u00f6 t\u00edmaskei\u00f0 samt\u00edmis. Hvort \u00feessi samsv\u00f6run n\u00e1i lengra en einf\u00f6ld l\u00edkindi \u00ed t\u00e1knmynd er umdeilt.<\/p>\t\t\t\t\t\t\t\t<\/div>\n\t\t\t\t<\/div>\n\t\t\t\t\t<\/div>\n\t\t\t\t<\/div>\n\t\t<div class=\"elementor-element elementor-element-iwgw-pachakamak-s7 e-flex e-con-boxed e-con e-parent\" data-id=\"iwgw-pachakamak-s7\" data-element_type=\"container\" data-e-type=\"container\">\n\t\t\t\t\t<div class=\"e-con-inner\">\n\t\t\t\t<div class=\"elementor-element elementor-element-iwgw-pachakamak-s7h elementor-widget elementor-widget-heading\" data-id=\"iwgw-pachakamak-s7h\" data-element_type=\"widget\" data-e-type=\"widget\" data-widget_type=\"heading.default\">\n\t\t\t\t\t<h2 class=\"elementor-heading-title elementor-size-default\">N\u00fat\u00edmavi\u00f0t\u00f6kur og ranns\u00f3knir<\/h2>\t\t\t\t<\/div>\n\t\t<div class=\"elementor-element elementor-element-iwgw-pachakamak-s7c e-con-full e-flex e-con e-child\" data-id=\"iwgw-pachakamak-s7c\" data-element_type=\"container\" data-e-type=\"container\">\n\t\t\t\t<div class=\"elementor-element elementor-element-iwgw-pachakamak-s7t elementor-widget elementor-widget-text-editor\" data-id=\"iwgw-pachakamak-s7t\" data-element_type=\"widget\" data-e-type=\"widget\" data-widget_type=\"text-editor.default\">\n\t\t\t\t\t\t\t\t\t<p>Fornleifasv\u00e6\u00f0i\u00f0 Pachacamac (\u00e1 vegum menningarm\u00e1lar\u00e1\u00f0uneytis Per\u00fa, um 465 ha) er \u00ed dag einn mikilv\u00e6gasti fornleifasta\u00f0ur Su\u00f0ur-Amer\u00edku. Belg\u00edski lei\u00f0angurinn undir stj\u00f3rn Peter Eeckhout hefur fr\u00e1 1990 kerfisbundi\u00f0 grafi\u00f0 upp st\u00f3ra hluta hofsv\u00e6\u00f0isins.<\/p><p>Fundirnir, \u00fear \u00e1 me\u00f0al m\u00fam\u00edur, vefna\u00f0ur, hi\u00f0 fr\u00e6ga tr\u00e9skorna <span class=\"iwg-fachbegriff\" data-tooltip=\"Mynd e\u00f0a l\u00edkneski d\u00fdrku\u00f0 sem gu\u00f0leg.\" tabindex=\"0\">skur\u00f0go\u00f0<\/span>, spondylus-skeljabirg\u00f0ir og heilst\u00e6tt Acllahuasi-klaustur, eru a\u00f0 hluta til a\u00f0gengilegir \u00ed safninu \u00e1 sta\u00f0num og a\u00f0 hluta \u00ed Museo de Antropolog\u00eda \u00ed Lima.<\/p><p>Fr\u00e6\u00f0ilega hefur Maria Rostworowski \u00ed <em>Pachacamac y el Se\u00f1or de los Milagros<\/em> (1992) s\u00fdnt fram \u00e1 merkilegt samhengi milli fyrirsp\u00e6nska Pachakamak-<span class=\"iwg-fachbegriff\" data-tooltip=\"Heild tr\u00faarlegra d\u00fdrkunarathafna fyrir gu\u00f0 e\u00f0a heilaga v\u00e6tti.\" tabindex=\"0\">d\u00fdrkunarins<\/span> og n\u00fat\u00edma <em>Se\u00f1or de los Milagros<\/em>&#8211;<span class=\"iwg-fachbegriff\" data-tooltip=\"Heild tr\u00faarlegra d\u00fdrkunarathafna fyrir gu\u00f0 e\u00f0a heilaga v\u00e6tti.\" tabindex=\"0\">d\u00fdrkunar<\/span> \u00ed Lima.<\/p><p>Hin s\u00ed\u00f0arnefnda, sem dregur hundru\u00f0 \u00fe\u00fasunda p\u00edlagr\u00edma til Kristsins <span class=\"iwg-fachbegriff\" data-tooltip=\"H\u00e1t\u00ed\u00f0leg tr\u00faarleg skr\u00fa\u00f0ganga.\" tabindex=\"0\">skr\u00fa\u00f0g\u00f6ngu<\/span> \u00ed Lima \u00e1rlega \u00ed okt\u00f3ber, er samkv\u00e6mt Rostworowski skipulagslega og landfr\u00e6\u00f0ilega eftirfari Pachakamak-d\u00fdrkunarins, sami sv\u00e6\u00f0isbundni p\u00edlagr\u00edmastraumurinn, s\u00f6mu hreinleikaskilyr\u00f0in, sama jar\u00f0skj\u00e1lftavarnarhlutverki\u00f0, a\u00f0eins \u00ed n\u00fdjum kristnum b\u00faningi.<\/p><p>\u00deessi virknilega samfella samhli\u00f0a gu\u00f0fr\u00e6\u00f0ilegri endurskipan telst me\u00f0al \u00e1hrifamestu d\u00e6ma tr\u00faarlegs <span class=\"iwg-fachbegriff\" data-tooltip=\"Samruni hugmynda e\u00f0a gu\u00f0a \u00far mismunandi tr\u00faarhef\u00f0um.\" tabindex=\"0\">samruna tr\u00faarbrag\u00f0a<\/span> \u00ed Amer\u00edku og er frekar unnin \u00ed n\u00fdlegum verkum Peter Eeckhout, Krzysztof Makowski og Marco Curatola. \u00deessi tr\u00faar\u00fej\u00f3\u00f0fr\u00e6\u00f0ilega athugun felur ekki \u00ed s\u00e9r neina fullyr\u00f0ingu um andlega verkun, heldur l\u00fdsir langt\u00edma menningarlegri ni\u00f0urst\u00f6\u00f0u.<\/p><p>N\u00fdleg ranns\u00f3knarl\u00edna fjallar um byggingar\u00e1fangar\u00f6\u00f0 <span class=\"iwg-fachbegriff\" data-tooltip=\"Byggingarmannvirki tileinka\u00f0 d\u00fdrkun einnar e\u00f0a fleiri gu\u00f0a.\" tabindex=\"0\">hofsins<\/span>. Eeckhout hefur greint sj\u00f6 st\u00f3ra byggingar\u00e1fanga sem spanna fr\u00e1 Lima-menningunni yfir Wari, Ychsma og Inka til n\u00fdlendut\u00edmans.<\/p><p>\u00deessi byggingar\u00e1fangasaga er sm\u00e6kku\u00f0 mynd af menningars\u00f6gu mi\u00f0andessv\u00e6\u00f0isins og gerir kleift a\u00f0 rekja tr\u00faarlega samfellu og rof \u00ed hinu efnislega. S\u00e9rstaklega Inka-t\u00edmabili\u00f0 (um 1470, 1533) s\u00fdnir vir\u00f0ingarfulla innlimun eldra helgista\u00f0arins, sem stendur \u00ed m\u00f3ts\u00f6gn vi\u00f0 hina h\u00f6r\u00f0u stefnu Inkanna \u00e1 \u00f6\u00f0rum sv\u00e6\u00f0um.<\/p>\t\t\t\t\t\t\t\t<\/div>\n\t\t\t\t<\/div>\n\t\t\t\t\t<\/div>\n\t\t\t\t<\/div>\n\t\t<div class=\"elementor-element elementor-element-iwgw-pachakamak-s8 e-flex e-con-boxed e-con e-parent\" data-id=\"iwgw-pachakamak-s8\" data-element_type=\"container\" data-e-type=\"container\">\n\t\t\t\t\t<div class=\"e-con-inner\">\n\t\t\t\t<div class=\"elementor-element elementor-element-iwgw-pachakamak-s8h elementor-widget elementor-widget-heading\" data-id=\"iwgw-pachakamak-s8h\" data-element_type=\"widget\" data-e-type=\"widget\" data-widget_type=\"heading.default\">\n\t\t\t\t\t<h2 class=\"elementor-heading-title elementor-size-default\">Heimildir og b\u00f3kmenntir<\/h2>\t\t\t\t<\/div>\n\t\t<div class=\"elementor-element elementor-element-iwgw-pachakamak-s8c e-con-full e-flex e-con e-child\" data-id=\"iwgw-pachakamak-s8c\" data-element_type=\"container\" data-e-type=\"container\">\n\t\t\t\t<div class=\"elementor-element elementor-element-iwgw-pachakamak-s8t elementor-widget elementor-widget-text-editor\" data-id=\"iwgw-pachakamak-s8t\" data-element_type=\"widget\" data-e-type=\"widget\" data-widget_type=\"text-editor.default\">\n\t\t\t\t\t\t\t\t\t<p>Eftirfarandi \u00farval telur upp helstu verk <span class=\"iwg-fachbegriff\" data-tooltip=\"Fr\u00e6\u00f0igrein sem rannsakar li\u00f0nar menningarheima me\u00f0 hj\u00e1lp efnislegra minja.\" tabindex=\"0\">fornleifafr\u00e6\u00f0i<\/span> og tr\u00faars\u00f6gu um Pachakamak-<span class=\"iwg-fachbegriff\" data-tooltip=\"Heilagur sta\u00f0ur tileinka\u00f0ur d\u00fdrkun gu\u00f0s.\" tabindex=\"0\">helgista\u00f0inn<\/span> og strandandesku <span class=\"iwg-fachbegriff\" data-tooltip=\"Sta\u00f0ur e\u00f0a stofnun \u00fear sem leita\u00f0 er gu\u00f0legs svars.\" tabindex=\"0\">v\u00e9fr\u00e9tta<\/span>-veruna.<\/p>\t\t\t\t\t\t\t\t<\/div>\n\t\t\t\t<\/div>\n\t\t\t\t\t<\/div>\n\t\t\t\t<\/div>\n\t\t<div class=\"elementor-element elementor-element-cp2298d666 e-flex e-con-boxed e-con e-parent\" data-id=\"cp2298d666\" data-element_type=\"container\" data-e-type=\"container\">\n\t\t\t\t\t<div class=\"e-con-inner\">\n\t\t\t\t<div class=\"elementor-element elementor-element-cp294b2814 elementor-widget elementor-widget-heading\" data-id=\"cp294b2814\" data-element_type=\"widget\" data-e-type=\"widget\" data-widget_type=\"heading.default\">\n\t\t\t\t\t<h2 class=\"elementor-heading-title elementor-size-default\">V\u00e9fr\u00e9ttin \u00ed Pachacamac og v\u00ed\u00f0t\u00e6k \u00e1hrif hennar<\/h2>\t\t\t\t<\/div>\n\t\t<div class=\"elementor-element elementor-element-cp21cb3e89 e-flex e-con-boxed e-con e-child\" data-id=\"cp21cb3e89\" data-element_type=\"container\" data-e-type=\"container\">\n\t\t\t\t\t<div class=\"e-con-inner\">\n\t\t\t\t<div class=\"elementor-element elementor-element-cp27e1748b elementor-widget elementor-widget-text-editor\" data-id=\"cp27e1748b\" data-element_type=\"widget\" data-e-type=\"widget\" data-widget_type=\"text-editor.default\">\n\t\t\t\t\t\t\t\t\t<p>Helgista\u00f0urinn Pachacamac \u00e1 mi\u00f0str\u00f6nd Per\u00fa, sunnan vi\u00f0 n\u00faverandi h\u00f6fu\u00f0borg Lima, var l\u00f6ngu \u00e1\u00f0ur en Inkat\u00edmabili\u00f0 h\u00f3fst mikilv\u00e6gur <span class=\"iwg-fachbegriff\" data-tooltip=\"Manneskja sem fer \u00ed tr\u00faarlega hvatta fer\u00f0 til helgs sta\u00f0ar.\" tabindex=\"0\">p\u00edlagr\u00edma<\/span>&#8211; og v\u00e9fr\u00e9ttarhelgista\u00f0ur.<\/p><p>Fornleifaranns\u00f3knir, sem h\u00f3fust me\u00f0 Max Uhle um 1896 og h\u00e9ldu \u00e1fram me\u00f0 s\u00ed\u00f0ari verkefnum, hafa s\u00fdnt a\u00f0 sta\u00f0urinn var \u00ed notkun \u00ed meira en \u00e1r\u00fe\u00fasund og a\u00f0 \u00fear m\u00e1 finna byggingarl\u00f6g fr\u00e1 Lima-menningunni, Wari-f\u00f3lkinu og s\u00ed\u00f0ast Inkunum. <span class=\"iwg-fachbegriff\" data-tooltip=\"Sta\u00f0ur e\u00f0a stofnun \u00fear sem leita\u00f0 er gu\u00f0legra svara.\" tabindex=\"0\">V\u00e9fr\u00e9ttin<\/span> <em>Pachakamak<\/em> \u00fe\u00f3tti svo m\u00e1ttug a\u00f0 \u00e1hrif hennar n\u00e1\u00f0u langt \u00fat fyrir sv\u00e6\u00f0i\u00f0.<\/p><p>Sp\u00e6nskar heimildir, fyrst og fremst fr\u00e1sagnir tengdar lei\u00f0angri Pizarros, segja fr\u00e1 \u00fev\u00ed hvernig Hernando Pizarro heims\u00f3tti <span class=\"iwg-fachbegriff\" data-tooltip=\"Helgur sta\u00f0ur tileinka\u00f0ur tilbei\u00f0slu \u00e1 gu\u00f0i.\" tabindex=\"0\">helgista\u00f0inn<\/span> \u00e1ri\u00f0 1533 \u00ed von um a\u00f0 finna \u00fear mikinn gullfj\u00e1rsj\u00f3\u00f0.<\/p><p>\u00cd fr\u00e1s\u00f6gn Miguel de Estete er l\u00fdst hvernig Sp\u00e1nverjarnir gengu inn \u00ed hi\u00f0 helgasta og fundu \u00fear tr\u00e9skorna <span class=\"iwg-fachbegriff\" data-tooltip=\"Myndr\u00e6n framsetning gu\u00f0s sem er tilbe\u00f0in \u00ed hofi e\u00f0a skr\u00edni.\" tabindex=\"0\">helgimynd<\/span>, sem \u00feeim \u00fe\u00f3tti \u00f3merkileg. \u00deessi fr\u00e1s\u00f6gn er litu\u00f0 af vonbrig\u00f0um og tr\u00faarlegri fyrirlitningu, en h\u00fan s\u00fdnir a\u00f0 \u00fear var mi\u00f0l\u00e6gt, afgirt <span class=\"iwg-fachbegriff\" data-tooltip=\"Mynd e\u00f0a l\u00edkneski sem er tilbe\u00f0i\u00f0 sem gu\u00f0legt.\" tabindex=\"0\">skur\u00f0go\u00f0<\/span> sem a\u00f0eins prestar h\u00f6f\u00f0u a\u00f0gang a\u00f0.<\/p><p><span class=\"iwg-fachbegriff\" data-tooltip=\"Sta\u00f0ur e\u00f0a stofnun \u00fear sem leita\u00f0 er gu\u00f0legra svara.\" tabindex=\"0\">V\u00e9fr\u00e9ttin<\/span> starfa\u00f0i greinilega \u00ed gegnum net \u00fatib\u00fashelgista\u00f0a, svokalla\u00f0ra \u00e6ttingja e\u00f0a barna <em>Pachakamak<\/em>, sem voru reistir \u00ed fjarl\u00e6gum h\u00e9ru\u00f0um og greiddu skatt til h\u00f6fu\u00f0helgista\u00f0arins. \u00deetta kerfi tengdi st\u00f3ra hluta strandarins og h\u00e1lendisins <span class=\"iwg-fachbegriff\" data-tooltip=\"Sem tilheyrir fastm\u00f3tu\u00f0u tr\u00faarlegu ath\u00e6fi.\" tabindex=\"0\">helgisi\u00f0alega<\/span> og efnahagslega vi\u00f0 Pachacamac.<\/p><p>Inkarnir t\u00f3ku yfir <span class=\"iwg-fachbegriff\" data-tooltip=\"Helgur sta\u00f0ur tileinka\u00f0ur tilbei\u00f0slu \u00e1 gu\u00f0i.\" tabindex=\"0\">helgista\u00f0inn<\/span> \u00e1n \u00feess a\u00f0 ey\u00f0a honum og b\u00e6ttu vi\u00f0 s\u00f3larhofi, sem var d\u00e6miger\u00f0 a\u00f0fer\u00f0 \u00feeirra til a\u00f0 sam\u00fe\u00e6tta erlenda tr\u00faarsi\u00f0i. Fornleifaranns\u00f3knir \u00e1 sv\u00e6\u00f0inu halda \u00e1fram og skila st\u00f6\u00f0ugt n\u00fdjum ni\u00f0urst\u00f6\u00f0um um greftrun og byggingarskei\u00f0.<\/p>\t\t\t\t\t\t\t\t<\/div>\n\t\t\t\t\t<\/div>\n\t\t\t\t<\/div>\n\t\t\t\t\t<\/div>\n\t\t\t\t<\/div>\n\t\t<div class=\"elementor-element elementor-element-cp28ab2728 e-flex e-con-boxed e-con e-parent\" data-id=\"cp28ab2728\" data-element_type=\"container\" data-e-type=\"container\">\n\t\t\t\t\t<div class=\"e-con-inner\">\n\t\t\t\t<div class=\"elementor-element elementor-element-cp240c0555 elementor-widget elementor-widget-heading\" data-id=\"cp240c0555\" data-element_type=\"widget\" data-e-type=\"widget\" data-widget_type=\"heading.default\">\n\t\t\t\t\t<h2 class=\"elementor-heading-title elementor-size-default\">Sk\u00f6punarsagan hj\u00e1 ann\u00e1lariturunum og spurningin um uppruna hennar<\/h2>\t\t\t\t<\/div>\n\t\t<div class=\"elementor-element elementor-element-cp2b51a292 e-flex e-con-boxed e-con e-child\" data-id=\"cp2b51a292\" data-element_type=\"container\" data-e-type=\"container\">\n\t\t\t\t\t<div class=\"e-con-inner\">\n\t\t\t\t<div class=\"elementor-element elementor-element-cp24e4798d elementor-widget elementor-widget-text-editor\" data-id=\"cp24e4798d\" data-element_type=\"widget\" data-e-type=\"widget\" data-widget_type=\"text-editor.default\">\n\t\t\t\t\t\t\t\t\t<p>Nokkrar heimildir fr\u00e1 n\u00fdlendut\u00edmanum var\u00f0veita sk\u00f6punargo\u00f0s\u00f6gur \u00fear sem <em>Pachakamak<\/em> kemur fram sem skapari heimsins e\u00f0a mannkynsins.<\/p><p>\u00cd \u00fatg\u00e1fu sem finna m\u00e1 hj\u00e1 ann\u00e1laritaranum Pedro Cieza de Le\u00f3n og \u00edtarlegri hj\u00e1 Antonio de la Calancha \u00e1 17. \u00f6ld skapar <em>Pachakamak<\/em> fyrsta mannpari\u00f0, sem sveltur; eftir dau\u00f0a mannsins ver\u00f0a nytjapl\u00f6ntur til \u00far greftru\u00f0um l\u00edkama pers\u00f3nu sem <em>Pachakamak<\/em> haf\u00f0i sj\u00e1lfur deytt.<\/p><p>Sl\u00edkar fr\u00e1sagnir tengja gu\u00f0inn vi\u00f0 dau\u00f0a, j\u00f6r\u00f0 og uppruna nytjajurta.<\/p><p>H\u00e9r er s\u00e9rst\u00f6k \u00e1st\u00e6\u00f0a til vark\u00e1rni \u00ed heimildagreiningu. Calancha var \u00e1g\u00fast\u00ednamunkur og skrifa\u00f0i me\u00f0 \u00fea\u00f0 markmi\u00f0 a\u00f0 skr\u00e1 s\u00f6gu tr\u00fabo\u00f0sins; fr\u00e1s\u00f6gn hans af go\u00f0s\u00f6gnum Andesb\u00faa er m\u00f3tu\u00f0 af kristnum t\u00falkunarmynstrum, me\u00f0al annars leit a\u00f0 hli\u00f0st\u00e6\u00f0um vi\u00f0 bibl\u00edulegar sk\u00f6punar- og syndafallss\u00f6gur.<\/p><p>Ekki er alltaf unnt a\u00f0 \u00e1kvar\u00f0a hversu miki\u00f0 af var\u00f0veittri \u00fatg\u00e1fu er upprunaleg hef\u00f0 fr\u00e1 t\u00edmanum fyrir n\u00fdlenduveldi og hversu miki\u00f0 ann\u00e1lariturunum b\u00e6ttu vi\u00f0 \u00ed samr\u00e6mingar- e\u00f0a samanbur\u00f0arskyni.<\/p><p>Vi\u00f0 \u00feetta b\u00e6tist tungum\u00e1lalegt vandam\u00e1l. Nafni\u00f0 <em>Pachakamak<\/em>, sem oft er t\u00falka\u00f0 sem s\u00e1 er l\u00edfgar e\u00f0a skipar heiminn, l\u00edkist gu\u00f0fr\u00e6\u00f0ilegu hugtaki sem kristnir tr\u00fabo\u00f0ar t\u00f3ku markvisst upp til a\u00f0 finna innf\u00e6tt or\u00f0 fyrir kristna gu\u00f0inn. N\u00fdlendutr\u00fabo\u00f0sritin hl\u00f3\u00f0u \u00feannig frekari merkingu \u00e1 nafni\u00f0.<\/p><p>Ranns\u00f3knir n\u00fat\u00edmans, me\u00f0al annars verk Sabine MacCormack um skynjun n\u00fdlenduherra \u00e1 tr\u00fa Andesb\u00faa, vara \u00fev\u00ed vi\u00f0 a\u00f0 lesa sk\u00f6punars\u00f6gurnar sem \u00f3sko\u00f0a\u00f0an arf fr\u00e1 t\u00edmanum fyrir n\u00fdlenduveldi, heldur sem texta sem ur\u00f0u til \u00e1 spennusv\u00e6\u00f0i milli innf\u00e6ddrar <span class=\"iwg-fachbegriff\" data-tooltip=\"Mi\u00f0lun \u00feekkingar og fr\u00e1sagna milli kynsl\u00f3\u00f0a.\" tabindex=\"0\">munnlegrar hef\u00f0ar<\/span> og tr\u00fabo\u00f0slegra hagsmuna.<\/p>\t\t\t\t\t\t\t\t<\/div>\n\t\t\t\t\t<\/div>\n\t\t\t\t<\/div>\n\t\t\t\t\t<\/div>\n\t\t\t\t<\/div>\n\t\t<div class=\"elementor-element elementor-element-iwgw-pachakamak-lit e-flex e-con-boxed e-con e-parent\" data-id=\"iwgw-pachakamak-lit\" data-element_type=\"container\" data-e-type=\"container\">\n\t\t\t\t\t<div class=\"e-con-inner\">\n\t\t\t\t<div class=\"elementor-element elementor-element-iwgw-pachakamak-lith elementor-widget elementor-widget-heading\" data-id=\"iwgw-pachakamak-lith\" data-element_type=\"widget\" data-e-type=\"widget\" data-widget_type=\"heading.default\">\n\t\t\t\t\t<h2 class=\"elementor-heading-title elementor-size-default\">Heimildir (\u00farval)<\/h2>\t\t\t\t<\/div>\n\t\t<div class=\"elementor-element elementor-element-iwgw-pachakamak-litc e-con-full e-flex e-con e-child\" data-id=\"iwgw-pachakamak-litc\" data-element_type=\"container\" data-e-type=\"container\">\n\t\t\t\t<div class=\"elementor-element elementor-element-iwgw-pachakamak-litt elementor-widget elementor-widget-text-editor\" data-id=\"iwgw-pachakamak-litt\" data-element_type=\"widget\" data-e-type=\"widget\" data-widget_type=\"text-editor.default\">\n\t\t\t\t\t\t\t\t\t<ul><li>Maria Rostworowski: <em>Pachacamac y el Senor de los Milagros<\/em> (1992)<\/li><li>Gerald Taylor: <em>Ritos y tradiciones de Huarochiri<\/em> (1987)<\/li><li>Peter Eeckhout: <em>Pachacamac et le Projet Ychsma<\/em> (2003)<\/li><li>Miguel de Estete: <em>Relacion del viaje<\/em> (1533\/1534)<\/li><li>Krzysztof Makowski: <em>Senores de los Imperios del Sol<\/em> (2010)<\/li><li>Marco Curatola: <em>Adivinacion y oraculos en el mundo andino antiguo<\/em> (2008)<\/li><\/ul>\t\t\t\t\t\t\t\t<\/div>\n\t\t\t\t<\/div>\n\t\t\t\t\t<\/div>\n\t\t\t\t<\/div>\n\t\t<div class=\"elementor-element elementor-element-iwgkw2-add-pachakamak e-flex e-con-boxed e-con e-parent\" data-id=\"iwgkw2-add-pachakamak\" data-element_type=\"container\" data-e-type=\"container\">\n\t\t\t\t\t<div class=\"e-con-inner\">\n\t\t\t\t<div class=\"elementor-element elementor-element-iwgkw2-add-pachakamak-t elementor-widget elementor-widget-text-editor\" data-id=\"iwgkw2-add-pachakamak-t\" data-element_type=\"widget\" data-e-type=\"widget\" data-widget_type=\"text-editor.default\">\n\t\t\t\t\t\t\t\t\t<p>Sem <em>v\u00e9fr\u00e9ttargu\u00f0<\/em> \u00e1 mi\u00f0andesku Kyrrahafsstr\u00f6ndinni var Pachakamak fyrir Inkat\u00edmabili\u00f0 \u00feegar \u00e1fangasta\u00f0ur mikilla p\u00edlagr\u00edmsfer\u00f0a; <span class=\"iwg-fachbegriff\" data-tooltip=\"Helgur sta\u00f0ur tileinka\u00f0ur tilbei\u00f0slu \u00e1 gu\u00f0i.\" tabindex=\"0\">helgista\u00f0ur<\/span> hans sunnan vi\u00f0 Lima \u00fe\u00f3tti eitt mikilv\u00e6gasta <span class=\"iwg-fachbegriff\" data-tooltip=\"Sta\u00f0ur e\u00f0a stofnun \u00fear sem leita\u00f0 er gu\u00f0legra svara.\" tabindex=\"0\">v\u00e9fr\u00e9ttin<\/span> \u00ed heimi Andesfjalla.<\/p>\t\t\t\t\t\t\t\t<\/div>\n\t\t\t\t\t<\/div>\n\t\t\t\t<\/div>\n\t\t<div class=\"elementor-element elementor-element-iwgw-pachakamak-kwd e-flex e-con-boxed e-con e-parent\" data-id=\"iwgw-pachakamak-kwd\" data-element_type=\"container\" data-e-type=\"container\">\n\t\t\t\t\t<div class=\"e-con-inner\">\n\t\t<div class=\"elementor-element elementor-element-iwgw-pachakamak-kwdc e-con-full e-flex e-con e-child\" data-id=\"iwgw-pachakamak-kwdc\" data-element_type=\"container\" data-e-type=\"container\">\n\t\t\t\t<div class=\"elementor-element elementor-element-iwgw-pachakamak-kwdt elementor-widget elementor-widget-text-editor\" data-id=\"iwgw-pachakamak-kwdt\" data-element_type=\"widget\" data-e-type=\"widget\" data-widget_type=\"text-editor.default\">\n\t\t\t\t\t\t\t\t\t<p><em>Tengd kjarnahugt\u00f6k: Pachakamak Pacha Kamaq Pachacamac Ychsma Wari Huarochiri Spondylus Kuni Raya <span class=\"iwg-fachbegriff\" data-tooltip=\"Sta\u00f0ur e\u00f0a stofnun \u00fear sem leita\u00f0 er gu\u00f0legra svara.\" tabindex=\"0\">v\u00e9fr\u00e9tt<\/span>.<\/em><\/p>\t\t\t\t\t\t\t\t<\/div>\n\t\t\t\t<\/div>\n\t\t\t\t\t<\/div>\n\t\t\t\t<\/div>\n\t\t<div class=\"elementor-element elementor-element-iwgw-pachakamak-cc e-flex e-con-boxed e-con e-parent\" data-id=\"iwgw-pachakamak-cc\" data-element_type=\"container\" data-e-type=\"container\" id=\"iwg-cc-pachakamak\">\n\t\t\t\t\t<div class=\"e-con-inner\">\n\t\t<div class=\"elementor-element elementor-element-iwgw-pachakamak-ccinner e-flex e-con-boxed e-con e-parent\" data-id=\"iwgw-pachakamak-ccinner\" data-element_type=\"container\" data-e-type=\"container\" data-settings=\"{&quot;background_background&quot;:&quot;classic&quot;}\">\n\t\t\t\t\t<div class=\"e-con-inner\">\n\t\t\t\t<div class=\"elementor-element elementor-element-iwgw-pachakamak-cch elementor-widget elementor-widget-heading\" data-id=\"iwgw-pachakamak-cch\" data-element_type=\"widget\" data-e-type=\"widget\" data-widget_type=\"heading.default\">\n\t\t\t\t\t<h2 class=\"elementor-heading-title elementor-size-default\">iWell Guard og verndarhef\u00f0ir<\/h2>\t\t\t\t<\/div>\n\t\t\t\t<div class=\"elementor-element elementor-element-iwgw-pachakamak-cct elementor-widget elementor-widget-text-editor\" data-id=\"iwgw-pachakamak-cct\" data-element_type=\"widget\" data-e-type=\"widget\" data-widget_type=\"text-editor.default\">\n\t\t\t\t\t\t\t\t\t<div data-nosnippet=\"true\"><p>iWell Guard byggir \u00e1 menningars\u00f6gulegri hef\u00f0 verndargripa sem bor\u00f0ir eru \u00e1 l\u00edkamanum, \u00ed hef\u00f0 <a href=\"https:\/\/iwell-guard.com\/is\/?page_id=168909\">Andesfjalla \/ Inka<\/a> og margra annarra menningarheima um allan heim. 41 lag, ekta gull, plat\u00edna, silfur, framleitt \u00ed \u00de\u00fdskalandi. 30 daga skilar\u00e9tt.<\/p><\/div>\t\t\t\t\t\t\t\t<\/div>\n\t\t\t\t<div class=\"elementor-element elementor-element-iwgw-pachakamak-ccb iwg-cc-button iwg-cc-cta-2026-05-13 elementor-widget elementor-widget-jet-button\" data-id=\"iwgw-pachakamak-ccb\" data-element_type=\"widget\" data-e-type=\"widget\" data-widget_type=\"jet-button.default\">\n\t\t\t\t<div class=\"elementor-widget-container\">\n\t\t\t\t\t<div class=\"elementor-jet-button jet-elements\"><div class=\"jet-button__container\"><a class=\"jet-button__instance jet-button__instance--icon-left hover-effect-1\" href=\"\/ueber-iwell-guard\/?utm_source=iwell-guard.com&amp;utm_medium=info-box&amp;utm_campaign=wesen-tradition\"><div class=\"jet-button__plane jet-button__plane-normal\"><\/div><div class=\"jet-button__plane jet-button__plane-hover\"><\/div><div class=\"jet-button__state jet-button__state-normal\"><span class=\"jet-button__label\">Meira um iWell Guard<\/span><\/div><div class=\"jet-button__state jet-button__state-hover\"><span class=\"jet-button__label\">Meira um iWell Guard<\/span><\/div><\/a><\/div><\/div><style>.elementor-element.elementor-element-iwgw-pachakamak-ccb .jet-button__instance{width:320px;height:56px;}.elementor-element.elementor-element-iwgw-pachakamak-ccb .jet-button__state-normal .jet-button__label{text-align:center;margin:0px 0px 0px 0px;color:#1a1b20;font-family:Montserrat,sans-serif;font-size:13px;font-weight:400;letter-spacing:4px;line-height:1.714em;text-transform:uppercase;}.elementor-element.elementor-element-iwgw-pachakamak-ccb .jet-button__state-hover .jet-button__label{text-align:center;margin:0px 0px 0px 0px;color:#FECC76;font-family:Montserrat,sans-serif;font-size:13px;font-weight:400;letter-spacing:4px;line-height:1.714em;text-transform:uppercase;}.elementor-element.elementor-element-iwgw-pachakamak-ccb .jet-button__plane-normal{background-color:#FECC76;border-style:solid;border-color:#C99540;border-width:2px 2px 2px 2px;}.elementor-element.elementor-element-iwgw-pachakamak-ccb .jet-button__plane-hover{background-color:rgba(0,0,0,0.55);border-style:solid;border-color:#FECC76;border-width:2px 2px 2px 2px;}<\/style>\t\t\t\t<\/div>\n\t\t\t\t<\/div>\n\t\t\t\t<div class=\"elementor-element elementor-element-iwgw-pachakamak-ccd elementor-widget elementor-widget-text-editor\" data-id=\"iwgw-pachakamak-ccd\" data-element_type=\"widget\" data-e-type=\"widget\" data-widget_type=\"text-editor.default\">\n\t\t\t\t\t\t\t\t\t<div data-nosnippet=\"true\"><p style=\"text-align:center;font-size:13px;opacity:0.7;margin-top:14px\" data-nosnippet=\"true\">Pers\u00f3nuleg reynsla getur veri\u00f0 mismunandi. Ekki l\u00e6kningat\u00e6ki. Engin lofor\u00f0 um l\u00e6kningu.<\/p><\/div>\t\t\t\t\t\t\t\t<\/div>\n\t\t\t\t\t<\/div>\n\t\t\t\t<\/div>\n\t\t\t\t\t<\/div>\n\t\t\t\t<\/div>\n\t\t<div class=\"elementor-element elementor-element-iwgw-pachakamak-disc e-flex e-con-boxed e-con e-parent\" data-id=\"iwgw-pachakamak-disc\" data-element_type=\"container\" data-e-type=\"container\">\n\t\t\t\t\t<div class=\"e-con-inner\">\n\t\t\t\t<div class=\"elementor-element elementor-element-iwgw-pachakamak-discw elementor-widget elementor-widget-html\" data-id=\"iwgw-pachakamak-discw\" data-element_type=\"widget\" data-e-type=\"widget\" data-widget_type=\"html.default\">\n\t\t\t\t\t<footer data-nosnippet=\"true\" class=\"iwg-disclaimer-block\"><p data-nosnippet=\"true\">iWell Guard er <strong>ekki l\u00e6kningat\u00e6ki<\/strong> og kemur ekki \u00ed sta\u00f0inn fyrir l\u00e6knis- e\u00f0a s\u00e1lfr\u00e6\u00f0ime\u00f0fer\u00f0. Tr\u00faarfr\u00e6\u00f0ilegt efni er menningars\u00f6gulegt samhengi, ekki r\u00e1\u00f0legging um andlega i\u00f0kun.<\/p><\/footer>\t\t\t\t<\/div>\n\t\t\t\t\t<\/div>\n\t\t\t\t<\/div>\n\t\t\t\t<\/div>\n\t\t","protected":false},"excerpt":{"rendered":"","protected":false},"author":3,"featured_media":2681,"parent":0,"menu_order":0,"comment_status":"closed","ping_status":"closed","template":"elementor_header_footer","meta":{"_yoast_wpseo_focuskw":"Pachakamak v\u00e9fregnagu\u00f0 Andesfj\u00f6ll","_yoast_wpseo_title":"Pachakamak \u2013 v\u00e9fregnagu\u00f0 Andesfjalla","_yoast_wpseo_metadesc":"Pachakamak, v\u00e9fregnagu\u00f0 strandh\u00e9ra\u00f0a Mi\u00f0-Andesfjalla, var verndargu\u00f0 \u00feess mikilv\u00e6gasta p\u00edlagr\u00edmasta\u00f0ar Andesfjalla fr\u00e1 t\u00edmum fyrir komu Sp\u00e1nverja, me\u00f0 sinni musterisborg.","_yoast_wpseo_meta-robots-noindex":"","_yoast_wpseo_canonical":"","_angie_page":false,"gefaehrdungsstufe":"2","wesen_kultur":"anden-inka","wesen_klasse":"goetter","footnotes":""},"categories":[],"class_list":["post-168923","page","type-page","status-publish","has-post-thumbnail","hentry"],"yoast_head":"<!-- This site is optimized with the Yoast SEO Premium plugin v27.7 (Yoast SEO v28.3) - https:\/\/yoast.com\/product\/yoast-seo-premium-wordpress\/ -->\n<title>Pachakamak \u2013 v\u00e9fregnagu\u00f0 Andesfjalla<\/title>\n<meta name=\"description\" content=\"Pachakamak, v\u00e9fregnagu\u00f0 strandh\u00e9ra\u00f0a Mi\u00f0-Andesfjalla, var verndargu\u00f0 \u00feess mikilv\u00e6gasta p\u00edlagr\u00edmasta\u00f0ar Andesfjalla fr\u00e1 t\u00edmum fyrir komu Sp\u00e1nverja, me\u00f0 sinni musterisborg.\" \/>\n<meta name=\"robots\" content=\"index, follow, max-snippet:-1, max-image-preview:large, max-video-preview:-1\" \/>\n<link rel=\"canonical\" href=\"https:\/\/iwell-guard.com\/is\/pachakamak-orakelgud-andesfjalla\/\" \/>\n<meta property=\"og:locale\" content=\"is_IS\" \/>\n<meta property=\"og:type\" content=\"article\" \/>\n<meta property=\"og:title\" content=\"Pachakamak \u2013 v\u00e9fregnagu\u00f0 Andesfjalla\" \/>\n<meta property=\"og:description\" content=\"Pachakamak, v\u00e9fregnagu\u00f0 strandh\u00e9ra\u00f0a Mi\u00f0-Andesfjalla, var verndargu\u00f0 \u00feess mikilv\u00e6gasta p\u00edlagr\u00edmasta\u00f0ar Andesfjalla fr\u00e1 t\u00edmum fyrir komu Sp\u00e1nverja, me\u00f0 sinni musterisborg.\" \/>\n<meta property=\"og:url\" content=\"https:\/\/iwell-guard.com\/is\/pachakamak-orakelgud-andesfjalla\/\" \/>\n<meta property=\"og:site_name\" content=\"iWell Guard\" \/>\n<meta property=\"article:modified_time\" content=\"2026-09-05T14:22:54+00:00\" \/>\n<meta property=\"og:image\" content=\"https:\/\/iwell-guard.com\/wp-content\/uploads\/2026\/05\/goetter_anden-inka_pachakamak.webp\" \/>\n\t<meta property=\"og:image:width\" content=\"1024\" \/>\n\t<meta property=\"og:image:height\" content=\"1536\" \/>\n\t<meta property=\"og:image:type\" content=\"image\/webp\" \/>\n<meta name=\"twitter:card\" content=\"summary_large_image\" \/>\n<script type=\"application\/ld+json\" class=\"yoast-schema-graph\">{\"@context\":\"https:\\\/\\\/schema.org\",\"@graph\":[{\"@type\":\"WebPage\",\"@id\":\"https:\\\/\\\/iwell-guard.com\\\/is\\\/pachakamak-orakelgud-andesfjalla\\\/\",\"url\":\"https:\\\/\\\/iwell-guard.com\\\/is\\\/pachakamak-orakelgud-andesfjalla\\\/\",\"name\":\"Pachakamak \u2013 v\u00e9fregnagu\u00f0 Andesfjalla\",\"isPartOf\":{\"@id\":\"https:\\\/\\\/iwell-guard.com\\\/is\\\/#website\"},\"primaryImageOfPage\":{\"@id\":\"https:\\\/\\\/iwell-guard.com\\\/is\\\/pachakamak-orakelgud-andesfjalla\\\/#primaryimage\"},\"image\":{\"@id\":\"https:\\\/\\\/iwell-guard.com\\\/is\\\/pachakamak-orakelgud-andesfjalla\\\/#primaryimage\"},\"thumbnailUrl\":\"https:\\\/\\\/iwell-guard.com\\\/wp-content\\\/uploads\\\/2026\\\/05\\\/goetter_anden-inka_pachakamak.webp\",\"datePublished\":\"2026-09-05T14:04:05+00:00\",\"dateModified\":\"2026-09-05T14:22:54+00:00\",\"description\":\"Pachakamak, v\u00e9fregnagu\u00f0 strandh\u00e9ra\u00f0a Mi\u00f0-Andesfjalla, var verndargu\u00f0 \u00feess mikilv\u00e6gasta p\u00edlagr\u00edmasta\u00f0ar Andesfjalla fr\u00e1 t\u00edmum fyrir komu Sp\u00e1nverja, me\u00f0 sinni musterisborg.\",\"breadcrumb\":{\"@id\":\"https:\\\/\\\/iwell-guard.com\\\/is\\\/pachakamak-orakelgud-andesfjalla\\\/#breadcrumb\"},\"inLanguage\":\"is\",\"potentialAction\":[{\"@type\":\"ReadAction\",\"target\":[\"https:\\\/\\\/iwell-guard.com\\\/is\\\/pachakamak-orakelgud-andesfjalla\\\/\"]}]},{\"@type\":\"ImageObject\",\"inLanguage\":\"is\",\"@id\":\"https:\\\/\\\/iwell-guard.com\\\/is\\\/pachakamak-orakelgud-andesfjalla\\\/#primaryimage\",\"url\":\"https:\\\/\\\/iwell-guard.com\\\/wp-content\\\/uploads\\\/2026\\\/05\\\/goetter_anden-inka_pachakamak.webp\",\"contentUrl\":\"https:\\\/\\\/iwell-guard.com\\\/wp-content\\\/uploads\\\/2026\\\/05\\\/goetter_anden-inka_pachakamak.webp\",\"width\":1024,\"height\":1536,\"caption\":\"Gu\u00f0ir \u00far Andes-inka-hef\u00f0inni.\"},{\"@type\":\"BreadcrumbList\",\"@id\":\"https:\\\/\\\/iwell-guard.com\\\/is\\\/pachakamak-orakelgud-andesfjalla\\\/#breadcrumb\",\"itemListElement\":[{\"@type\":\"ListItem\",\"position\":1,\"name\":\"Start\",\"item\":\"https:\\\/\\\/iwell-guard.com\\\/is\\\/?page_id=168580\"},{\"@type\":\"ListItem\",\"position\":2,\"name\":\"Pachakamak \u2013 v\u00e9fregnagu\u00f0 Andesfjalla\"}]},{\"@type\":\"WebSite\",\"@id\":\"https:\\\/\\\/iwell-guard.com\\\/is\\\/#website\",\"url\":\"https:\\\/\\\/iwell-guard.com\\\/is\\\/\",\"name\":\"iWell Guard\",\"description\":\"Schutz vor dunklen Einfl\u00fcssen\",\"publisher\":{\"@id\":\"https:\\\/\\\/iwell-guard.com\\\/is\\\/#organization\"},\"potentialAction\":[{\"@type\":\"SearchAction\",\"target\":{\"@type\":\"EntryPoint\",\"urlTemplate\":\"https:\\\/\\\/iwell-guard.com\\\/is\\\/?s={search_term_string}\"},\"query-input\":{\"@type\":\"PropertyValueSpecification\",\"valueRequired\":true,\"valueName\":\"search_term_string\"}}],\"inLanguage\":\"is\"},{\"@type\":\"Organization\",\"@id\":\"https:\\\/\\\/iwell-guard.com\\\/is\\\/#organization\",\"name\":\"Ittermann electronic GmbH\",\"url\":\"https:\\\/\\\/iwell-guard.com\\\/is\\\/\",\"logo\":{\"@type\":\"ImageObject\",\"inLanguage\":\"is\",\"@id\":\"https:\\\/\\\/iwell-guard.com\\\/is\\\/#\\\/schema\\\/logo\\\/image\\\/\",\"url\":\"https:\\\/\\\/iwell-guard.com\\\/wp-content\\\/uploads\\\/2026\\\/05\\\/Ittermann-Logo-1182x237-1.png\",\"contentUrl\":\"https:\\\/\\\/iwell-guard.com\\\/wp-content\\\/uploads\\\/2026\\\/05\\\/Ittermann-Logo-1182x237-1.png\",\"width\":1182,\"height\":237,\"caption\":\"Ittermann electronic GmbH\"},\"image\":{\"@id\":\"https:\\\/\\\/iwell-guard.com\\\/is\\\/#\\\/schema\\\/logo\\\/image\\\/\"},\"sameAs\":[\"https:\\\/\\\/pantip.com\\\/profile\\\/9367242\",\"https:\\\/\\\/micro.blog\\\/iwellguard\",\"https:\\\/\\\/www.diggerslist.com\\\/iwellguard\\\/about\",\"https:\\\/\\\/skitterphoto.com\\\/photographers\\\/2870314\\\/iwell-guard\",\"https:\\\/\\\/iwellguard.wordpress.com\\\/2026\\\/06\\\/06\\\/iwell-guard\\\/\",\"https:\\\/\\\/hub.docker.com\\\/u\\\/iwellguard\",\"https:\\\/\\\/www.pinterest.com\\\/iwellguard\\\/\",\"https:\\\/\\\/bit.ly\\\/m\\\/iwellguard\",\"https:\\\/\\\/entre-vos-mains.alsace.eu\\\/profiles\\\/iwellguard\\\/activity\",\"https:\\\/\\\/gravatar.com\\\/reallybeded8fd34\",\"https:\\\/\\\/naijamatta.com\\\/iwellguard\",\"https:\\\/\\\/www.goodreads.com\\\/iwellguard\",\"https:\\\/\\\/profile.hatena.ne.jp\\\/iwellguard\\\/\",\"https:\\\/\\\/experiment.com\\\/users\\\/iwellguard\",\"https:\\\/\\\/wakelet.com\\\/@iWellGuard82270\",\"https:\\\/\\\/www.chordie.com\\\/forum\\\/profile.php?id=2555664\",\"https:\\\/\\\/www.instapaper.com\\\/p\\\/17757966\",\"https:\\\/\\\/www.mapleprimes.com\\\/users\\\/iwellguard\",\"https:\\\/\\\/businesslistingplus.com\\\/profile\\\/iwell-guard\\\/\",\"https:\\\/\\\/telegra.ph\\\/iWell-Guard-06-06\",\"https:\\\/\\\/pbase.com\\\/iwellguard\\\/iwellguard\",\"https:\\\/\\\/b.hatena.ne.jp\\\/iwellguard\\\/20260607#bookmark-4788405196491818882\",\"https:\\\/\\\/fliphtml5.com\\\/home\\\/iwellguard\",\"https:\\\/\\\/anyflip.com\\\/homepage\\\/cmiwl#About\",\"https:\\\/\\\/transfur.com\\\/Users\\\/iwellguard\",\"http:\\\/\\\/delphi.larsbo.org\\\/user\\\/iwellguard\",\"https:\\\/\\\/jobs.lajobsportal.org\\\/profiles\\\/8380803-iwell-guard\",\"https:\\\/\\\/md.chaosdorf.de\\\/s\\\/jfbe5SBdJD\",\"https:\\\/\\\/www.lingvolive.com\\\/en-us\\\/profile\\\/9ecaeaca-ce11-4e51-9e71-01d55e2bff36\\\/translations\",\"https:\\\/\\\/www.fitday.com\\\/fitness\\\/forums\\\/members\\\/iwellguard.html\",\"https:\\\/\\\/www.mymeetbook.com\\\/iwellguard\",\"https:\\\/\\\/pxhere.com\\\/en\\\/photographer-me\\\/5040798\",\"https:\\\/\\\/disqus.com\\\/by\\\/iwellguard\\\/about\\\/\",\"https:\\\/\\\/pastelink.net\\\/hjwciqwq\",\"https:\\\/\\\/pubhtml5.com\\\/homepage\\\/scjhn\\\/\",\"https:\\\/\\\/www.bitchute.com\\\/channel\\\/2O2eOKzNqujT\",\"https:\\\/\\\/audiomack.com\\\/iwellguard\"]},{\"@type\":\"Article\",\"@id\":\"https:\\\/\\\/iwell-guard.com\\\/is\\\/pachakamak-orakelgud-andesfjalla\\\/#article\",\"isPartOf\":{\"@id\":\"https:\\\/\\\/iwell-guard.com\\\/is\\\/pachakamak-orakelgud-andesfjalla\\\/\"},\"author\":{\"name\":\"Ralf Ittermann\",\"@id\":\"https:\\\/\\\/iwell-guard.com\\\/is\\\/#\\\/schema\\\/person\\\/ee2a27f1cac3406c7c6fb5820cb7349f\"},\"headline\":\"Pachakamak \u2013 v\u00e9fregnagu\u00f0 Andesfjalla\",\"datePublished\":\"2026-09-05T14:04:05+00:00\",\"dateModified\":\"2026-09-05T14:22:54+00:00\",\"mainEntityOfPage\":{\"@id\":\"https:\\\/\\\/iwell-guard.com\\\/is\\\/pachakamak-orakelgud-andesfjalla\\\/\"},\"publisher\":{\"@id\":\"https:\\\/\\\/iwell-guard.com\\\/is\\\/#organization\"},\"image\":{\"@id\":\"https:\\\/\\\/iwell-guard.com\\\/is\\\/pachakamak-orakelgud-andesfjalla\\\/#primaryimage\"},\"thumbnailUrl\":\"https:\\\/\\\/iwell-guard.com\\\/wp-content\\\/uploads\\\/2026\\\/05\\\/goetter_anden-inka_pachakamak.webp\",\"inLanguage\":\"is\",\"description\":\"Pachakamak, v\u00e9fregnagu\u00f0 strandh\u00e9ra\u00f0a Mi\u00f0-Andesfjalla, var verndargu\u00f0 \u00feess mikilv\u00e6gasta p\u00edlagr\u00edmasta\u00f0ar Andesfjalla fr\u00e1 t\u00edmum fyrir komu Sp\u00e1nverja, me\u00f0 sinni musterisborg.\"}]}<\/script>\n<!-- \/ Yoast SEO Premium plugin. -->","yoast_head_json":{"title":"Pachakamak \u2013 v\u00e9fregnagu\u00f0 Andesfjalla","description":"Pachakamak, v\u00e9fregnagu\u00f0 strandh\u00e9ra\u00f0a Mi\u00f0-Andesfjalla, var verndargu\u00f0 \u00feess mikilv\u00e6gasta p\u00edlagr\u00edmasta\u00f0ar Andesfjalla fr\u00e1 t\u00edmum fyrir komu Sp\u00e1nverja, me\u00f0 sinni musterisborg.","robots":{"index":"index","follow":"follow","max-snippet":"max-snippet:-1","max-image-preview":"max-image-preview:large","max-video-preview":"max-video-preview:-1"},"canonical":"https:\/\/iwell-guard.com\/is\/pachakamak-orakelgud-andesfjalla\/","og_locale":"is_IS","og_type":"article","og_title":"Pachakamak \u2013 v\u00e9fregnagu\u00f0 Andesfjalla","og_description":"Pachakamak, v\u00e9fregnagu\u00f0 strandh\u00e9ra\u00f0a Mi\u00f0-Andesfjalla, var verndargu\u00f0 \u00feess mikilv\u00e6gasta p\u00edlagr\u00edmasta\u00f0ar Andesfjalla fr\u00e1 t\u00edmum fyrir komu Sp\u00e1nverja, me\u00f0 sinni musterisborg.","og_url":"https:\/\/iwell-guard.com\/is\/pachakamak-orakelgud-andesfjalla\/","og_site_name":"iWell Guard","article_modified_time":"2026-09-05T14:22:54+00:00","og_image":[{"width":1024,"height":1536,"url":"https:\/\/iwell-guard.com\/wp-content\/uploads\/2026\/05\/goetter_anden-inka_pachakamak.webp","type":"image\/webp"}],"twitter_card":"summary_large_image","schema":{"@context":"https:\/\/schema.org","@graph":[{"@type":"Article","@id":"https:\/\/iwell-guard.com\/is\/pachakamak-orakelgud-andesfjalla\/#article","isPartOf":{"@id":"https:\/\/iwell-guard.com\/is\/pachakamak-orakelgud-andesfjalla\/"},"author":{"name":"Ralf Ittermann","@id":"https:\/\/iwell-guard.com\/is\/#\/schema\/person\/ee2a27f1cac3406c7c6fb5820cb7349f"},"headline":"Pachakamak \u2013 v\u00e9fregnagu\u00f0 Andesfjalla","datePublished":"2026-09-05T14:04:05+00:00","dateModified":"2026-09-05T14:22:54+00:00","mainEntityOfPage":{"@id":"https:\/\/iwell-guard.com\/is\/pachakamak-orakelgud-andesfjalla\/"},"publisher":{"@id":"https:\/\/iwell-guard.com\/is\/#organization"},"image":{"@id":"https:\/\/iwell-guard.com\/is\/pachakamak-orakelgud-andesfjalla\/#primaryimage"},"thumbnailUrl":"https:\/\/iwell-guard.com\/wp-content\/uploads\/2026\/05\/goetter_anden-inka_pachakamak.webp","inLanguage":"is","description":"Pachakamak, v\u00e9fregnagu\u00f0 strandh\u00e9ra\u00f0a Mi\u00f0-Andesfjalla, var verndargu\u00f0 \u00feess mikilv\u00e6gasta p\u00edlagr\u00edmasta\u00f0ar Andesfjalla fr\u00e1 t\u00edmum fyrir komu Sp\u00e1nverja, me\u00f0 sinni musterisborg."},{"@type":"WebPage","@id":"https:\/\/iwell-guard.com\/is\/pachakamak-orakelgud-andesfjalla\/","url":"https:\/\/iwell-guard.com\/is\/pachakamak-orakelgud-andesfjalla\/","name":"Pachakamak \u2013 v\u00e9fregnagu\u00f0 Andesfjalla","isPartOf":{"@id":"https:\/\/iwell-guard.com\/is\/#website"},"primaryImageOfPage":{"@id":"https:\/\/iwell-guard.com\/is\/pachakamak-orakelgud-andesfjalla\/#primaryimage"},"image":{"@id":"https:\/\/iwell-guard.com\/is\/pachakamak-orakelgud-andesfjalla\/#primaryimage"},"thumbnailUrl":"https:\/\/iwell-guard.com\/wp-content\/uploads\/2026\/05\/goetter_anden-inka_pachakamak.webp","datePublished":"2026-09-05T14:04:05+00:00","dateModified":"2026-09-05T14:22:54+00:00","description":"Pachakamak, v\u00e9fregnagu\u00f0 strandh\u00e9ra\u00f0a Mi\u00f0-Andesfjalla, var verndargu\u00f0 \u00feess mikilv\u00e6gasta p\u00edlagr\u00edmasta\u00f0ar Andesfjalla fr\u00e1 t\u00edmum fyrir komu Sp\u00e1nverja, me\u00f0 sinni musterisborg.","breadcrumb":{"@id":"https:\/\/iwell-guard.com\/is\/pachakamak-orakelgud-andesfjalla\/#breadcrumb"},"inLanguage":"is","potentialAction":[{"@type":"ReadAction","target":["https:\/\/iwell-guard.com\/is\/pachakamak-orakelgud-andesfjalla\/"]}]},{"@type":"ImageObject","inLanguage":"is","@id":"https:\/\/iwell-guard.com\/is\/pachakamak-orakelgud-andesfjalla\/#primaryimage","url":"https:\/\/iwell-guard.com\/wp-content\/uploads\/2026\/05\/goetter_anden-inka_pachakamak.webp","contentUrl":"https:\/\/iwell-guard.com\/wp-content\/uploads\/2026\/05\/goetter_anden-inka_pachakamak.webp","width":1024,"height":1536,"caption":"Gu\u00f0ir \u00far Andes-inka-hef\u00f0inni."},{"@type":"BreadcrumbList","@id":"https:\/\/iwell-guard.com\/is\/pachakamak-orakelgud-andesfjalla\/#breadcrumb","itemListElement":[{"@type":"ListItem","position":1,"name":"Start","item":"https:\/\/iwell-guard.com\/is\/?page_id=168580"},{"@type":"ListItem","position":2,"name":"Pachakamak \u2013 v\u00e9fregnagu\u00f0 Andesfjalla"}]},{"@type":"WebSite","@id":"https:\/\/iwell-guard.com\/is\/#website","url":"https:\/\/iwell-guard.com\/is\/","name":"iWell Guard","description":"Schutz vor dunklen Einfl\u00fcssen","publisher":{"@id":"https:\/\/iwell-guard.com\/is\/#organization"},"potentialAction":[{"@type":"SearchAction","target":{"@type":"EntryPoint","urlTemplate":"https:\/\/iwell-guard.com\/is\/?s={search_term_string}"},"query-input":{"@type":"PropertyValueSpecification","valueRequired":true,"valueName":"search_term_string"}}],"inLanguage":"is"},{"@type":"Organization","@id":"https:\/\/iwell-guard.com\/is\/#organization","name":"Ittermann electronic GmbH","url":"https:\/\/iwell-guard.com\/is\/","logo":{"@type":"ImageObject","inLanguage":"is","@id":"https:\/\/iwell-guard.com\/is\/#\/schema\/logo\/image\/","url":"https:\/\/iwell-guard.com\/wp-content\/uploads\/2026\/05\/Ittermann-Logo-1182x237-1.png","contentUrl":"https:\/\/iwell-guard.com\/wp-content\/uploads\/2026\/05\/Ittermann-Logo-1182x237-1.png","width":1182,"height":237,"caption":"Ittermann electronic GmbH"},"image":{"@id":"https:\/\/iwell-guard.com\/is\/#\/schema\/logo\/image\/"},"sameAs":["https:\/\/pantip.com\/profile\/9367242","https:\/\/micro.blog\/iwellguard","https:\/\/www.diggerslist.com\/iwellguard\/about","https:\/\/skitterphoto.com\/photographers\/2870314\/iwell-guard","https:\/\/iwellguard.wordpress.com\/2026\/06\/06\/iwell-guard\/","https:\/\/hub.docker.com\/u\/iwellguard","https:\/\/www.pinterest.com\/iwellguard\/","https:\/\/bit.ly\/m\/iwellguard","https:\/\/entre-vos-mains.alsace.eu\/profiles\/iwellguard\/activity","https:\/\/gravatar.com\/reallybeded8fd34","https:\/\/naijamatta.com\/iwellguard","https:\/\/www.goodreads.com\/iwellguard","https:\/\/profile.hatena.ne.jp\/iwellguard\/","https:\/\/experiment.com\/users\/iwellguard","https:\/\/wakelet.com\/@iWellGuard82270","https:\/\/www.chordie.com\/forum\/profile.php?id=2555664","https:\/\/www.instapaper.com\/p\/17757966","https:\/\/www.mapleprimes.com\/users\/iwellguard","https:\/\/businesslistingplus.com\/profile\/iwell-guard\/","https:\/\/telegra.ph\/iWell-Guard-06-06","https:\/\/pbase.com\/iwellguard\/iwellguard","https:\/\/b.hatena.ne.jp\/iwellguard\/20260607#bookmark-4788405196491818882","https:\/\/fliphtml5.com\/home\/iwellguard","https:\/\/anyflip.com\/homepage\/cmiwl#About","https:\/\/transfur.com\/Users\/iwellguard","http:\/\/delphi.larsbo.org\/user\/iwellguard","https:\/\/jobs.lajobsportal.org\/profiles\/8380803-iwell-guard","https:\/\/md.chaosdorf.de\/s\/jfbe5SBdJD","https:\/\/www.lingvolive.com\/en-us\/profile\/9ecaeaca-ce11-4e51-9e71-01d55e2bff36\/translations","https:\/\/www.fitday.com\/fitness\/forums\/members\/iwellguard.html","https:\/\/www.mymeetbook.com\/iwellguard","https:\/\/pxhere.com\/en\/photographer-me\/5040798","https:\/\/disqus.com\/by\/iwellguard\/about\/","https:\/\/pastelink.net\/hjwciqwq","https:\/\/pubhtml5.com\/homepage\/scjhn\/","https:\/\/www.bitchute.com\/channel\/2O2eOKzNqujT","https:\/\/audiomack.com\/iwellguard"]},{"@type":"Person","@id":"https:\/\/iwell-guard.com\/is\/#\/schema\/person\/ee2a27f1cac3406c7c6fb5820cb7349f","name":"Ralf Ittermann","image":{"@type":"ImageObject","inLanguage":"is","@id":"https:\/\/secure.gravatar.com\/avatar\/073c0153e350a5005b68eb752b445fea71f6b24a26da9449ad7e155e6b446c9d?s=96&d=mm&r=g","url":"https:\/\/secure.gravatar.com\/avatar\/073c0153e350a5005b68eb752b445fea71f6b24a26da9449ad7e155e6b446c9d?s=96&d=mm&r=g","contentUrl":"https:\/\/secure.gravatar.com\/avatar\/073c0153e350a5005b68eb752b445fea71f6b24a26da9449ad7e155e6b446c9d?s=96&d=mm&r=g","caption":"Ralf Ittermann"},"givenName":"Ralf","familyName":"Ittermann","jobTitle":"Gesch\u00e4ftsf\u00fchrer und redaktioneller Verantwortlicher","url":"https:\/\/iwell-guard.com\/is\/author\/claude\/","description":"Ralf Ittermann ist Gesch\u00e4ftsf\u00fchrer der Ittermann electronic GmbH und redaktioneller Verantwortlicher des iWell-Guard-Lexikons. Er verbindet langj\u00e4hrige Erfahrung in der Pr\u00e4zisionsfertigung mit medialer Praxis und religionsgeschichtlicher Quellenarbeit.","worksFor":{"@type":"Organization","name":"Ittermann electronic GmbH","url":"https:\/\/ittermann.de\/","address":{"@type":"PostalAddress","streetAddress":"K\u00f6hlergasse 16-18","postalCode":"99842","addressLocality":"Ruhla","addressCountry":"DE"}},"knowsAbout":["Religionsgeschichte","Mythologie","Mediale Praxis","Energetische Diagnostik","Schutzpraxis","Volksglauben","Westliche Esoterik"]},{"@type":"Article","@id":"https:\/\/iwell-guard.com\/is\/pachakamak-orakelgud-andesfjalla\/#article","isPartOf":{"@id":"https:\/\/iwell-guard.com\/is\/pachakamak-orakelgud-andesfjalla\/"},"author":{"name":"Ralf Ittermann","@id":"https:\/\/iwell-guard.com\/is\/#\/schema\/person\/ee2a27f1cac3406c7c6fb5820cb7349f"},"headline":"Pachakamak \u2013 v\u00e9fregnagu\u00f0 Andesfjalla","datePublished":"2026-09-05T14:04:05+00:00","dateModified":"2026-09-05T14:22:54+00:00","mainEntityOfPage":{"@id":"https:\/\/iwell-guard.com\/is\/pachakamak-orakelgud-andesfjalla\/"},"publisher":{"@id":"https:\/\/iwell-guard.com\/is\/#organization"},"image":{"@id":"https:\/\/iwell-guard.com\/is\/pachakamak-orakelgud-andesfjalla\/#primaryimage"},"thumbnailUrl":"https:\/\/iwell-guard.com\/wp-content\/uploads\/2026\/05\/goetter_anden-inka_pachakamak.webp","inLanguage":"is","description":"Pachakamak, v\u00e9fregnagu\u00f0 strandh\u00e9ra\u00f0a Mi\u00f0-Andesfjalla, var verndargu\u00f0 \u00feess mikilv\u00e6gasta p\u00edlagr\u00edmasta\u00f0ar Andesfjalla fr\u00e1 t\u00edmum fyrir komu Sp\u00e1nverja, me\u00f0 sinni musterisborg."}]}},"_links":{"self":[{"href":"https:\/\/iwell-guard.com\/is\/wp-json\/wp\/v2\/pages\/168923","targetHints":{"allow":["GET"]}}],"collection":[{"href":"https:\/\/iwell-guard.com\/is\/wp-json\/wp\/v2\/pages"}],"about":[{"href":"https:\/\/iwell-guard.com\/is\/wp-json\/wp\/v2\/types\/page"}],"author":[{"embeddable":true,"href":"https:\/\/iwell-guard.com\/is\/wp-json\/wp\/v2\/users\/3"}],"replies":[{"embeddable":true,"href":"https:\/\/iwell-guard.com\/is\/wp-json\/wp\/v2\/comments?post=168923"}],"version-history":[{"count":0,"href":"https:\/\/iwell-guard.com\/is\/wp-json\/wp\/v2\/pages\/168923\/revisions"}],"wp:featuredmedia":[{"embeddable":true,"href":"https:\/\/iwell-guard.com\/is\/wp-json\/wp\/v2\/media\/2681"}],"wp:attachment":[{"href":"https:\/\/iwell-guard.com\/is\/wp-json\/wp\/v2\/media?parent=168923"}],"wp:term":[{"taxonomy":"category","embeddable":true,"href":"https:\/\/iwell-guard.com\/is\/wp-json\/wp\/v2\/categories?post=168923"}],"curies":[{"name":"wp","href":"https:\/\/api.w.org\/{rel}","templated":true}]}}