{"id":168922,"date":"2026-09-05T14:04:04","date_gmt":"2026-09-05T14:04:04","guid":{"rendered":"https:\/\/iwell-guard.com\/?page_id=168922"},"modified":"2026-09-05T14:22:51","modified_gmt":"2026-09-05T14:22:51","slug":"mama-killa-tunglgydja-inkanna","status":"publish","type":"page","link":"https:\/\/iwell-guard.com\/is\/mama-killa-tunglgydja-inkanna\/","title":{"rendered":"Mama Killa \u2013 tunglgy\u00f0ja Inkanna"},"content":{"rendered":"\t\t<div data-elementor-type=\"wp-page\" data-elementor-id=\"168922\" class=\"elementor elementor-168922 elementor-2577 elementor-bc-flex-widget\" data-elementor-post-type=\"page\">\n\t\t\t\t<div class=\"elementor-element elementor-element-iwgw-mamakilla-hero e-flex e-con-boxed e-con e-parent\" data-id=\"iwgw-mamakilla-hero\" data-element_type=\"container\" data-e-type=\"container\" data-settings=\"{&quot;background_background&quot;:&quot;classic&quot;}\">\n\t\t\t\t\t<div class=\"e-con-inner\">\n\t\t<div class=\"elementor-element elementor-element-iwgw-mamakilla-hl e-flex e-con-boxed e-con e-child\" data-id=\"iwgw-mamakilla-hl\" data-element_type=\"container\" data-e-type=\"container\">\n\t\t\t\t\t<div class=\"e-con-inner\">\n\t\t<div class=\"elementor-element elementor-element-iwgw-mamakilla-htxt e-con-full e-flex e-con e-child\" data-id=\"iwgw-mamakilla-htxt\" data-element_type=\"container\" data-e-type=\"container\">\n\t\t\t\t<div class=\"elementor-element elementor-element-iwgw-mamakilla-h1 elementor-widget elementor-widget-heading\" data-id=\"iwgw-mamakilla-h1\" data-element_type=\"widget\" data-e-type=\"widget\" data-widget_type=\"heading.default\">\n\t\t\t\t\t<h1 class=\"elementor-heading-title elementor-size-default\">Mama Killa, tunglgy\u00f0ja og systir-eiginkona s\u00f3lgu\u00f0sins<\/h1>\t\t\t\t<\/div>\n\t\t\t\t<div class=\"elementor-element elementor-element-iwgw-mamakilla-lead elementor-widget elementor-widget-text-editor\" data-id=\"iwgw-mamakilla-lead\" data-element_type=\"widget\" data-e-type=\"widget\" data-widget_type=\"text-editor.default\">\n\t\t\t\t\t\t\t\t\t<p>Mama Killa (\u00e1 kves\u00faa <em>Mama Killa<\/em>) er tunglgy\u00f0ja Inkanna, systir og eiginkona s\u00f3lgu\u00f0sins <a href=\"https:\/\/iwell-guard.com\/is\/?page_id=168919\">Intis<\/a> og verndargy\u00f0ja kvenna, t\u00edmatalsskipulags og tr\u00faarlegs hreinleika. Hofsv\u00e6\u00f0i hennar \u00ed Coricancha \u00ed Cusco var \u00feaki\u00f0 silfurpl\u00f6tum.<\/p>\t\t\t\t\t\t\t\t<\/div>\n\t\t\t\t<\/div>\n\t\t<div class=\"elementor-element elementor-element-iwgw-mamakilla-pillc e-con-full e-flex e-con e-child\" data-id=\"iwgw-mamakilla-pillc\" data-element_type=\"container\" data-e-type=\"container\">\n\t\t\t\t<div class=\"elementor-element elementor-element-iwgw-mamakilla-pills elementor-widget elementor-widget-html\" data-id=\"iwgw-mamakilla-pills\" data-element_type=\"widget\" data-e-type=\"widget\" data-widget_type=\"html.default\">\n\t\t\t\t\t<div class=\"iwg-pill-row\"><span class=\"iwg-klasse-badge\" tabindex=\"0\" data-tooltip=\"Gy\u00f0ja hef\u00f0ar Andesfjalla \/ Inka.\">Gy\u00f0ja<\/span><a href=\"https:\/\/iwell-guard.com\/is\/?page_id=168909\" class=\"iwg-kultur-badge\" tabindex=\"0\" data-tooltip=\"Go\u00f0afr\u00e6\u00f0i hef\u00f0ar Andesfjalla \/ Inka.\">Andesfj\u00f6ll \/ Inka<\/a><span class=\"iwg-tradition-badge\" tabindex=\"0\" data-tooltip=\"Tunglgy\u00f0ja.\">Tunglgy\u00f0ja<\/span><\/div>\t\t\t\t<\/div>\n\t\t\t\t<\/div>\n\t\t<div class=\"elementor-element elementor-element-iwgw-mamakilla-tocc e-con-full e-flex e-con e-child\" data-id=\"iwgw-mamakilla-tocc\" data-element_type=\"container\" data-e-type=\"container\">\n\t\t\t\t<div class=\"elementor-element elementor-element-iwgw-mamakilla-toc elementor-toc--minimized-on-tablet elementor-widget elementor-widget-table-of-contents\" data-id=\"iwgw-mamakilla-toc\" data-element_type=\"widget\" data-e-type=\"widget\" data-settings=\"{&quot;headings_by_tags&quot;:[&quot;h2&quot;,&quot;h3&quot;],&quot;minimize_box&quot;:&quot;yes&quot;,&quot;marker_view&quot;:&quot;bullets&quot;,&quot;no_headings_message&quot;:&quot;Engar undirfyrirsagnir fundust \\u00e1 \\u00feessari s\\u00ed\\u00f0u.&quot;,&quot;exclude_headings_by_selector&quot;:[],&quot;icon&quot;:{&quot;value&quot;:&quot;fas fa-circle&quot;,&quot;library&quot;:&quot;fa-solid&quot;,&quot;rendered_tag&quot;:&quot;&lt;svg class=\\&quot;e-font-icon-svg e-fas-circle\\&quot; viewBox=\\&quot;0 0 512 512\\&quot; xmlns=\\&quot;http:\\\/\\\/www.w3.org\\\/2000\\\/svg\\&quot;&gt;&lt;path d=\\&quot;M256 8C119 8 8 119 8 256s111 248 248 248 248-111 248-248S393 8 256 8z\\&quot;&gt;&lt;\\\/path&gt;&lt;\\\/svg&gt;&quot;},&quot;minimized_on&quot;:&quot;tablet&quot;,&quot;hierarchical_view&quot;:&quot;yes&quot;,&quot;min_height&quot;:{&quot;unit&quot;:&quot;px&quot;,&quot;size&quot;:&quot;&quot;,&quot;sizes&quot;:[]},&quot;min_height_tablet&quot;:{&quot;unit&quot;:&quot;px&quot;,&quot;size&quot;:&quot;&quot;,&quot;sizes&quot;:[]},&quot;min_height_mobile&quot;:{&quot;unit&quot;:&quot;px&quot;,&quot;size&quot;:&quot;&quot;,&quot;sizes&quot;:[]}}\" data-widget_type=\"table-of-contents.default\">\n\t\t\t\t\t\t\t\t\t<div class=\"elementor-toc__header\">\n\t\t\t\t\t\t<h2 class=\"elementor-toc__header-title\">\n\t\t\t\tEfnisyfirlit\t\t\t<\/h2>\n\t\t\t\t\t\t\t\t\t\t<div class=\"elementor-toc__toggle-button elementor-toc__toggle-button--expand\" role=\"button\" tabindex=\"0\" aria-controls=\"elementor-toc__iwgw-mamakilla-toc\" aria-expanded=\"true\" aria-label=\"Open table of contents\"><svg aria-hidden=\"true\" class=\"e-font-icon-svg e-fas-chevron-down\" viewBox=\"0 0 448 512\" xmlns=\"http:\/\/www.w3.org\/2000\/svg\"><path d=\"M207.029 381.476L12.686 187.132c-9.373-9.373-9.373-24.569 0-33.941l22.667-22.667c9.357-9.357 24.522-9.375 33.901-.04L224 284.505l154.745-154.021c9.379-9.335 24.544-9.317 33.901.04l22.667 22.667c9.373 9.373 9.373 24.569 0 33.941L240.971 381.476c-9.373 9.372-24.569 9.372-33.942 0z\"><\/path><\/svg><\/div>\n\t\t\t\t<div class=\"elementor-toc__toggle-button elementor-toc__toggle-button--collapse\" role=\"button\" tabindex=\"0\" aria-controls=\"elementor-toc__iwgw-mamakilla-toc\" aria-expanded=\"true\" aria-label=\"Close table of contents\"><svg aria-hidden=\"true\" class=\"e-font-icon-svg e-fas-chevron-up\" viewBox=\"0 0 448 512\" xmlns=\"http:\/\/www.w3.org\/2000\/svg\"><path d=\"M240.971 130.524l194.343 194.343c9.373 9.373 9.373 24.569 0 33.941l-22.667 22.667c-9.357 9.357-24.522 9.375-33.901.04L224 227.495 69.255 381.516c-9.379 9.335-24.544 9.317-33.901-.04l-22.667-22.667c-9.373-9.373-9.373-24.569 0-33.941L207.03 130.525c9.372-9.373 24.568-9.373 33.941-.001z\"><\/path><\/svg><\/div>\n\t\t\t\t\t<\/div>\n\t\t\t\t<div id=\"elementor-toc__iwgw-mamakilla-toc\" class=\"elementor-toc__body\">\n\t\t\t<div class=\"elementor-toc__spinner-container\">\n\t\t\t\t<svg class=\"elementor-toc__spinner eicon-animation-spin e-font-icon-svg e-eicon-loading\" aria-hidden=\"true\" viewBox=\"0 0 1000 1000\" xmlns=\"http:\/\/www.w3.org\/2000\/svg\"><path d=\"M500 975V858C696 858 858 696 858 500S696 142 500 142 142 304 142 500H25C25 237 238 25 500 25S975 237 975 500 763 975 500 975Z\"><\/path><\/svg>\t\t\t<\/div>\n\t\t<\/div>\n\t\t\t\t\t\t<\/div>\n\t\t\t\t<\/div>\n\t\t\t\t\t<\/div>\n\t\t\t\t<\/div>\n\t\t<div class=\"elementor-element elementor-element-iwgw-mamakilla-hr e-con-full e-flex e-con e-child\" data-id=\"iwgw-mamakilla-hr\" data-element_type=\"container\" data-e-type=\"container\">\n\t\t\t\t<div class=\"elementor-element elementor-element-iwgw-mamakilla-heroimg iwg-hero-image elementor-widget elementor-widget-image\" data-id=\"iwgw-mamakilla-heroimg\" data-element_type=\"widget\" data-e-type=\"widget\" data-widget_type=\"image.default\">\n\t\t\t\t\t\t\t\t\t\t\t\t\t\t\t<img fetchpriority=\"high\" decoding=\"async\" width=\"683\" height=\"1024\" src=\"https:\/\/iwell-guard.com\/wp-content\/uploads\/2026\/05\/goetter_anden-inka_mama-killa-683x1024.webp\" class=\"attachment-large size-large wp-image-170862\" alt=\"Mama Killa - gu\u00f0 \u00far andesk-inka-hef\u00f0inni, s\u00f6gulega myndskreytt\" srcset=\"https:\/\/iwell-guard.com\/wp-content\/uploads\/2026\/05\/goetter_anden-inka_mama-killa-683x1024.webp 683w, https:\/\/iwell-guard.com\/wp-content\/uploads\/2026\/05\/goetter_anden-inka_mama-killa-200x300.webp 200w, https:\/\/iwell-guard.com\/wp-content\/uploads\/2026\/05\/goetter_anden-inka_mama-killa-768x1152.webp 768w, https:\/\/iwell-guard.com\/wp-content\/uploads\/2026\/05\/goetter_anden-inka_mama-killa.webp 1024w\" sizes=\"(max-width: 683px) 100vw, 683px\" \/>\t\t\t\t\t\t\t\t\t\t\t\t\t\t\t<\/div>\n\t\t\t\t<\/div>\n\t\t\t\t\t<\/div>\n\t\t\t\t<\/div>\n\t\t\t\t<section class=\"elementor-section elementor-top-section elementor-element elementor-element-sec-iwgcomp-mama-killa elementor-section-boxed elementor-section-height-default elementor-section-height-default\" data-id=\"sec-iwgcomp-mama-killa\" data-element_type=\"section\" data-e-type=\"section\">\n\t\t\t\t\t\t<div class=\"elementor-container elementor-column-gap-default\">\n\t\t\t\t\t<div class=\"elementor-column elementor-col-100 elementor-top-column elementor-element elementor-element-col-iwgcomp-mama-killa\" data-id=\"col-iwgcomp-mama-killa\" data-element_type=\"column\" data-e-type=\"column\">\n\t\t\t<div class=\"elementor-widget-wrap elementor-element-populated\">\n\t\t\t\t\t\t<div class=\"elementor-element elementor-element-iwgcomp-mama-killa elementor-widget elementor-widget-text-editor\" data-id=\"iwgcomp-mama-killa\" data-element_type=\"widget\" data-e-type=\"widget\" data-widget_type=\"text-editor.default\">\n\t\t\t\t\t\t\t\t\t<p>Mama Killa, <strong>tunglgy\u00f0ja Inkanna<\/strong>, er talin systir og eiginkona Intis og r\u00e6\u00f0ur yfir n\u00e6turheiminum.<\/p>\t\t\t\t\t\t\t\t<\/div>\n\t\t\t\t\t<\/div>\n\t\t<\/div>\n\t\t\t\t\t<\/div>\n\t\t<\/section>\n\t\t<div class=\"elementor-element elementor-element-iwgw-mamakilla-s0 e-flex e-con-boxed e-con e-parent\" data-id=\"iwgw-mamakilla-s0\" data-element_type=\"container\" data-e-type=\"container\">\n\t\t\t\t\t<div class=\"e-con-inner\">\n\t\t\t\t<div class=\"elementor-element elementor-element-iwgw-mamakilla-s0h elementor-widget elementor-widget-heading\" data-id=\"iwgw-mamakilla-s0h\" data-element_type=\"widget\" data-e-type=\"widget\" data-widget_type=\"heading.default\">\n\t\t\t\t\t<h2 class=\"elementor-heading-title elementor-size-default\">Sta\u00f0a \u00ed and\u00edsku pantheoninu<\/h2>\t\t\t\t<\/div>\n\t\t<div class=\"elementor-element elementor-element-iwgw-mamakilla-s0c e-con-full e-flex e-con e-child\" data-id=\"iwgw-mamakilla-s0c\" data-element_type=\"container\" data-e-type=\"container\">\n\t\t\t\t<div class=\"elementor-element elementor-element-iwgw-mamakilla-s0t elementor-widget elementor-widget-text-editor\" data-id=\"iwgw-mamakilla-s0t\" data-element_type=\"widget\" data-e-type=\"widget\" data-widget_type=\"text-editor.default\">\n\t\t\t\t\t\t\t\t\t<p>Mama Killa telst me\u00f0al \u00e6\u00f0stu kvenkyns gu\u00f0a \u00ed r\u00edkistr\u00faarbr\u00f6g\u00f0um Inkanna.<\/p><p>Garcilaso de la Vega l\u00fdsir henni \u00ed riti s\u00ednu <em>Comentarios Reales<\/em> (1609) sem systur og eiginkonu <a href=\"https:\/\/iwell-guard.com\/is\/?page_id=168919\">Intis<\/a>; eigi\u00f0 hofsv\u00e6\u00f0i hennar \u00ed Coricancha \u00ed Cusco l\u00e1 vi\u00f0 hli\u00f0 s\u00f3larhofsins en var \u00feaki\u00f0 silfurpl\u00f6tum \u00ed sta\u00f0 gulls, sem er sk\u00fdr t\u00e1knr\u00e6n birting \u00feeirrar st\u00f6\u00f0u tunglgy\u00f0junnar sem var v\u00edkjandi en jafnframt sj\u00e1lfst\u00e6\u00f0.<\/p><p>Tr\u00faarfr\u00e6\u00f0ilega fellur h\u00fan inn \u00ed v\u00ed\u00f0t\u00e6kt mynstur tungl-s\u00f3lar systkinapara, sem m\u00e1 rekja fr\u00e1 fornegypska Hathor\/Re-parinu yfir japanska Tsukiyomi\/Amaterasu-pari\u00f0 til mes\u00f3p\u00f3tam\u00edska Ishtar\/Shamash-sambandsins. Innan Andesheimsins myndar h\u00fan kvenlega m\u00f3tv\u00e6gi\u00f0 vi\u00f0 hina karll\u00e6gu s\u00f3largu\u00f0fr\u00e6\u00f0i og skilgreinir samt\u00edmis tr\u00faarlega st\u00f6\u00f0u h\u00e1st\u00e9ttarins <em>Coya<\/em>, a\u00f0aleiginkonu Inkans.<\/p><p>Catherine Allen bendir \u00e1 a\u00f0 Mama Killa s\u00e9 miklu minna til sta\u00f0ar \u00ed n\u00fat\u00edma kves\u00faam\u00e6landi \u00feorpum en <a href=\"https:\/\/iwell-guard.com\/is\/?page_id=168920\">Pachamama<\/a>; h\u00fan virkar fremur sem t\u00edmatengd regla sem \u00e1kvar\u00f0ar s\u00e1ningar- og uppskerut\u00edma en sem pers\u00f3nulega \u00e1k\u00f6llu\u00f0 verndargy\u00f0ja.<\/p><p>\u00deessi fjarl\u00e6g\u00f0 sk\u00fdrist af hinu r\u00edkislega, keisaralega e\u00f0li tilbei\u00f0slu hennar \u00e1 t\u00edma Inkanna, sem missti stofnanalegt bakland sitt \u00feegar hi\u00f0 p\u00f3lit\u00edska Inkaveldi f\u00e9ll.<\/p><p>H\u00f6fu\u00f0borg Inkanna, Cusco, var heimsfr\u00e6\u00f0ilega skipt \u00ed <em>hanan<\/em> (efri) og <em>hurin<\/em> (ne\u00f0ri) Cusco, sem samkv\u00e6mt Tom Zuidema b\u00e1ru merkingu karlkyns\/kvenkyns og s\u00f3lar\/tungls \u00ed m\u00f3tsvari hvort vi\u00f0 anna\u00f0.<\/p><p>Mama Killa var s\u00e9rstaklega tilbe\u00f0in \u00ed hverfum hurin-Cusco, sem t\u00e1kna\u00f0i ne\u00f0ri, votari og kvenlegri hluta borgarinnar. \u00deessi skipulagning var ekki bara formleg regla heldur \u00e1kvar\u00f0a\u00f0i hj\u00f3nabandsreglur, skyldur milli hverfa og t\u00edmatalstengd tr\u00faarhlutverk.<\/p>\t\t\t\t\t\t\t\t<\/div>\n\t\t\t\t<\/div>\n\t\t\t\t\t<\/div>\n\t\t\t\t<\/div>\n\t\t<div class=\"elementor-element elementor-element-iwgw-mamakilla-s1 e-flex e-con-boxed e-con e-parent\" data-id=\"iwgw-mamakilla-s1\" data-element_type=\"container\" data-e-type=\"container\">\n\t\t\t\t\t<div class=\"e-con-inner\">\n\t\t\t\t<div class=\"elementor-element elementor-element-iwgw-mamakilla-s1h elementor-widget elementor-widget-heading\" data-id=\"iwgw-mamakilla-s1h\" data-element_type=\"widget\" data-e-type=\"widget\" data-widget_type=\"heading.default\">\n\t\t\t\t\t<h2 class=\"elementor-heading-title elementor-size-default\">Nafn og or\u00f0sifjar<\/h2>\t\t\t\t<\/div>\n\t\t<div class=\"elementor-element elementor-element-iwgw-mamakilla-s1c e-con-full e-flex e-con e-child\" data-id=\"iwgw-mamakilla-s1c\" data-element_type=\"container\" data-e-type=\"container\">\n\t\t\t\t<div class=\"elementor-element elementor-element-iwgw-mamakilla-s1t elementor-widget elementor-widget-text-editor\" data-id=\"iwgw-mamakilla-s1t\" data-element_type=\"widget\" data-e-type=\"widget\" data-widget_type=\"text-editor.default\">\n\t\t\t\t\t\t\t\t\t<p>Nafni\u00f0 <em>Mama Killa<\/em> er einf\u00f6ld samsetning \u00e1 kves\u00faa \u00far <em>mama<\/em> (m\u00f3\u00f0ir, kona, h\u00e1ttsett kvenkyns pers\u00f3na) og <em>killa<\/em> (tungl, m\u00e1nu\u00f0ur). Eins og me\u00f0 <em>inti<\/em> merkir or\u00f0i\u00f0 b\u00e6\u00f0i hinn eiginlega himintungl og hina pers\u00f3nuger\u00f0u <span class=\"iwg-fachbegriff\" data-tooltip=\"Vera sem er d\u00fdrku\u00f0 sem gu\u00f0leg innan tr\u00faarbrag\u00f0a.\" tabindex=\"0\">gu\u00f0veru<\/span>, sem er d\u00e6migert fyrir andeska hugsun \u00fear sem n\u00e1tt\u00faru- og hins helga svi\u00f0 renna saman.<\/p><p>Diego Gonzalez Holguin gefur \u00ed riti s\u00ednu <em>Vocabulario<\/em> (1608) merkingu <em>killa<\/em> upp sem <em>luna o mes<\/em> (tungl e\u00f0a m\u00e1nu\u00f0ur). \u00deessi tv\u00f6falda merking tungl\/m\u00e1nu\u00f0ur er merkingar\u00ferungin: Mama Killa er ekki bara tunglgestalt \u00e1 himninum heldur einnig pers\u00f3nugerving t\u00edmatalsm\u00e1na\u00f0arins, sem l\u00edkamsstarf kvenna, s\u00e1ning og uppskera taka mi\u00f0 af.<\/p><p>\u00c1 aymarasv\u00e6\u00f0inu m\u00e1 finna hli\u00f0st\u00e6\u00f0una <em>Phaxsi Mama<\/em>, einnig tunglm\u00f3\u00f0ir. Sv\u00e6\u00f0isbundna afbrig\u00f0i\u00f0 <em>Quilla<\/em> me\u00f0 tv\u00f6f\u00f6ldu <em>l<\/em> kemur fyrir \u00ed eldri sp\u00e6nskum ann\u00e1lum (Sarmiento, Cobo) og endurspeglar frumstafsetningu sp\u00e6nskra tr\u00fabo\u00f0a.<\/p><p>M\u00e1lfr\u00e6\u00f0ilega \u00e1hugavert er n\u00e1i\u00f0 samband <em>killa<\/em> og <em>killay<\/em>, kves\u00faasagnor\u00f0sins fyrir <em>a\u00f0 b\u00ed\u00f0a<\/em> e\u00f0a <em>a\u00f0 b\u00ed\u00f0a eftir<\/em>. Cesar Itier hefur \u00ed m\u00e1lfr\u00e6\u00f0ilegum ranns\u00f3knum s\u00ednum \u00e1 <span class=\"iwg-fachbegriff\" data-tooltip=\"Fr\u00e6\u00f0ileg kenning um gu\u00f0 og tr\u00fa innan tr\u00faarbrag\u00f0a.\" tabindex=\"0\">gu\u00f0fr\u00e6\u00f0i<\/span> Inkanna sett fram \u00fe\u00e1 tilg\u00e1tu a\u00f0 <em>killa<\/em> hafi upphaflega merkt bi\u00f0t\u00edmann milli s\u00e1ninga, \u00fear sem tunglhringirnir g\u00e1fu b\u00e6ndum \u00feolinm\u00e6\u00f0i milli s\u00e1ningar og uppskeru.<\/p><p>\u00deessi tilg\u00e1ta \u00fatsk\u00fdrir hina \u00f3venjulegu tv\u00f6f\u00f6ldu virkni tunglgy\u00f0junnar sem pers\u00f3nugervingar bi\u00f0t\u00edmans og t\u00edmatalslegrar skipulagsreglu \u00e1 h\u00e1tt sem er sk\u00fdrari en hrein stj\u00f6rnufr\u00e6\u00f0ileg t\u00falkun.<\/p>\t\t\t\t\t\t\t\t<\/div>\n\t\t\t\t<\/div>\n\t\t\t\t\t<\/div>\n\t\t\t\t<\/div>\n\t\t<div class=\"elementor-element elementor-element-iwgw-mamakilla-s2 e-flex e-con-boxed e-con e-parent\" data-id=\"iwgw-mamakilla-s2\" data-element_type=\"container\" data-e-type=\"container\">\n\t\t\t\t\t<div class=\"e-con-inner\">\n\t\t\t\t<div class=\"elementor-element elementor-element-iwgw-mamakilla-s2h elementor-widget elementor-widget-heading\" data-id=\"iwgw-mamakilla-s2h\" data-element_type=\"widget\" data-e-type=\"widget\" data-widget_type=\"heading.default\">\n\t\t\t\t\t<h2 class=\"elementor-heading-title elementor-size-default\">L\u00fdsing og myndm\u00e1l<\/h2>\t\t\t\t<\/div>\n\t\t<div class=\"elementor-element elementor-element-iwgw-mamakilla-s2c e-con-full e-flex e-con e-child\" data-id=\"iwgw-mamakilla-s2c\" data-element_type=\"container\" data-e-type=\"container\">\n\t\t\t\t<div class=\"elementor-element elementor-element-iwgw-mamakilla-s2t elementor-widget elementor-widget-text-editor\" data-id=\"iwgw-mamakilla-s2t\" data-element_type=\"widget\" data-e-type=\"widget\" data-widget_type=\"text-editor.default\">\n\t\t\t\t\t\t\t\t\t<p>\u00cd heimildum er Mama Killa l\u00fdst sem silfurglansandi sk\u00edfu me\u00f0 mannlegu andliti, hi\u00f0 kvenlega hli\u00f0st\u00e6\u00f0a gullnu Punchao-mynd Intis. \u00deessi silfursk\u00edfa st\u00f3\u00f0 \u00ed svok\u00f6llu\u00f0u <em>Killakancha<\/em>, m\u00e1nakammersv\u00e6\u00f0i Coricancha. Polo de Ondegardo og Bernabe Cobo greina fr\u00e1 \u00fev\u00ed a\u00f0 m\u00e1nask\u00edfan hafi veri\u00f0 br\u00e6dd ni\u00f0ur eftir sp\u00e6nsku landvinningana og s\u00e9 \u00fev\u00ed ekki var\u00f0veitt.<\/p><p>\u00cd hinni k\u00f3l\u00f3n\u00edsku Cusquena-m\u00e1laralist birtist Mama Killa oft sem konumynd me\u00f0 silfurm\u00e1nask\u00edfu-dj\u00e1\u00f0em, oft \u00e1samt st\u00edlf\u00e6r\u00f0um stj\u00f6rnuhimni. \u00cd nokkrum myndverkum Cusco-sk\u00f3lans er h\u00fan s\u00fdnd sem samruni <em>Mar\u00edu meyjar, Pachamama og Mama Killa<\/em>, me\u00f0al annars \u00ed englamyndverkum kirkjunnar San Pedro \u00ed Andahuaylillas.<\/p><p>Athyglisver\u00f0 er stjarnfr\u00e6\u00f0ileg t\u00falkun Inka-<span class=\"iwg-fachbegriff\" data-tooltip=\"Hin fr\u00e6\u00f0ilega kenning um gu\u00f0 og tr\u00fa innan tr\u00faarbrag\u00f0a.\" tabindex=\"0\">gu\u00f0fr\u00e6\u00f0innar<\/span> \u00e1 m\u00e1nablettunum: D\u00f6kku sv\u00e6\u00f0in \u00e1 m\u00e1nanum voru t\u00falku\u00f0 sem refur sem hafi k\u00fart sig upp a\u00f0 Mama Killa af \u00e1stars\u00f6kum og brennst a\u00f0 eil\u00edfu inn \u00ed andlit hennar. \u00deessi saga um m\u00e1nablettina er var\u00f0veitt af Cristobal de Molina og er me\u00f0al f\u00e1u var\u00f0veittu Inka-go\u00f0sagna me\u00f0 stjarnfr\u00e6\u00f0ilega-orsakalega (aitiologiska) merkingu.<\/p><p>Silfursk\u00edfa Mama Killa \u00ed Killakancha var, samkv\u00e6mt Garcilaso, um \u00fea\u00f0 bil jafn st\u00f3r og gullna Punchao-myndin af Inti.<\/p><p>\u00d3l\u00edkt Punchao, sem var a\u00f0eins bori\u00f0 \u00fat \u00far helgid\u00f3minum \u00e1 h\u00e1t\u00ed\u00f0isd\u00f6gum, var m\u00e1nask\u00edfan s\u00fdnileg allan t\u00edmann, \u00fev\u00ed m\u00e1na-<span class=\"iwg-fachbegriff\" data-tooltip=\"Hin fr\u00e6\u00f0ilega kenning um gu\u00f0 og tr\u00fa innan tr\u00faarbrag\u00f0a.\" tabindex=\"0\">gu\u00f0fr\u00e6\u00f0in<\/span> var ekki \u00feungami\u00f0ja stj\u00f3rnm\u00e1lalegrar sj\u00e1lfsmyndar Inkakonungsins og \u00feurfti \u00fev\u00ed ekki a\u00f0 vera sett fram me\u00f0 jafn mikilli var\u00fa\u00f0.<\/p><p>\u00c1 innveggjum Killakancha st\u00f3\u00f0u einnig m\u00famfestir l\u00edkamar hinna framli\u00f0nu h\u00f6fu\u00f0kvenna (<em>Mallqui Coya<\/em>), hi\u00f0 kvenlega hli\u00f0st\u00e6\u00f0a forfe\u00f0ragaller\u00edsins Mallqui \u00ed Inti-hofinu.<\/p>\t\t\t\t\t\t\t\t<\/div>\n\t\t\t\t<\/div>\n\t\t\t\t\t<\/div>\n\t\t\t\t<\/div>\n\t\t<div class=\"elementor-element elementor-element-iwgw-mamakilla-s3 e-flex e-con-boxed e-con e-parent\" data-id=\"iwgw-mamakilla-s3\" data-element_type=\"container\" data-e-type=\"container\">\n\t\t\t\t\t<div class=\"e-con-inner\">\n\t\t\t\t<div class=\"elementor-element elementor-element-iwgw-mamakilla-s3h elementor-widget elementor-widget-heading\" data-id=\"iwgw-mamakilla-s3h\" data-element_type=\"widget\" data-e-type=\"widget\" data-widget_type=\"heading.default\">\n\t\t\t\t\t<h2 class=\"elementor-heading-title elementor-size-default\">Go\u00f0sagnakenndar fr\u00e1sagnir<\/h2>\t\t\t\t<\/div>\n\t\t<div class=\"elementor-element elementor-element-iwgw-mamakilla-s3c e-con-full e-flex e-con e-child\" data-id=\"iwgw-mamakilla-s3c\" data-element_type=\"container\" data-e-type=\"container\">\n\t\t\t\t<div class=\"elementor-element elementor-element-iwgw-mamakilla-s3t elementor-widget elementor-widget-text-editor\" data-id=\"iwgw-mamakilla-s3t\" data-element_type=\"widget\" data-e-type=\"widget\" data-widget_type=\"text-editor.default\">\n\t\t\t\t\t\t\t\t\t<p>Mikilv\u00e6gasti <span class=\"iwg-fachbegriff\" data-tooltip=\"Munnm\u00e6lasaga um gu\u00f0i, uppruna og skipan heimsins.\" tabindex=\"0\">go\u00f0sagan<\/span> um Mama Killa \u00fatsk\u00fdrir tunglmyrkva. Samkv\u00e6mt Garcilaso de la Vega t\u00f6ldu Inkarnir a\u00f0 vi\u00f0 tunglmyrkva r\u00e9\u00f0ist alheims <em>p\u00fama<\/em> e\u00f0a <em>slanga<\/em> \u00e1 tunglgy\u00f0juna og h\u00f3ta\u00f0i a\u00f0 gleypa hana.<\/p><p>Til a\u00f0 verjast \u00feessari \u00e1r\u00e1s ger\u00f0u \u00edb\u00faar Cusco mikinn h\u00e1va\u00f0a \u00e1 n\u00f3ttum tunglmyrkva. \u00deeir b\u00f6r\u00f0u \u00e1 p\u00f6nnur, l\u00e9tu hundana gelta, skutu \u00f6rvum \u00ed \u00e1tt a\u00f0 tunglinu og reyndu \u00feannig a\u00f0 hrekja \u00e1r\u00e1sard\u00fdri\u00f0 \u00e1 brott. \u00deessi si\u00f0ur er einnig s\u00fdndur \u00ed ann\u00e1l Felipe Guaman Poma de Ayala (1615).<\/p><p>\u00d6nnur saga tengir Mama Killa vi\u00f0 uppruna silfurau\u00f0linda \u00ed Andesfj\u00f6llum. Samkv\u00e6mt <span class=\"iwg-fachbegriff\" data-tooltip=\"Mi\u00f0lun \u00feekkingar og sagna kynsl\u00f3\u00f0 fram af kynsl\u00f3\u00f0.\" tabindex=\"0\">munnm\u00e6lum<\/span> ann\u00e1laritarans Antonio Vasquez de Espinosa gr\u00e9t Mama Killa silfurt\u00e1rum sem storknu\u00f0u \u00ed berggj\u00f3tum og ur\u00f0u a\u00f0 silfur\u00e6\u00f0um, go\u00f0sagnakennd sk\u00fdring \u00e1 silfurau\u00f0 Andesfjalla sem ger\u00f0i sp\u00e6nska landn\u00e1mi\u00f0 efnahagslega eftirs\u00f3knarvert.<\/p><p>\u00cd l\u00edfsferilsgo\u00f0s\u00f6gnum Inkanna er Mama Killa verndargy\u00f0ja kvenlegs \u00feroska. Vi\u00f0 fyrstu t\u00ed\u00f0arhringssi\u00f0fer\u00f0 ungrar st\u00falku (<em>quikuchikuy<\/em>) var Mama Killa \u00e1k\u00f6llu\u00f0, s\u00f6mulei\u00f0is vi\u00f0 br\u00fa\u00f0kaup og \u00ed s\u00e6ngurlegu. Cobo greinir fr\u00e1 f\u00f6stum helgitexta \u00fear sem tunglgy\u00f0jan var be\u00f0in um vernd fyrir m\u00f3\u00f0ur og barn.<\/p><p>\u00deri\u00f0ja go\u00f0sagan tengir Mama Killa vi\u00f0 stofnun Inkaveldisins. Samkv\u00e6mt fr\u00e1s\u00f6gn Sarmiento de Gamboa haf\u00f0i Mama Ocllo, eitt af hinum go\u00f0sagnakenndu systkinum Manco Capacs, fengi\u00f0 nafn sitt af <em>Ocllo<\/em>-hli\u00f0 tunglgy\u00f0junnar sj\u00e1lfrar.<\/p><p>\u00deannig er stofnandi r\u00edkisins ekki a\u00f0eins d\u00f3ttir Intis heldur jafnframt birtingarmynd Mama Killa, gu\u00f0fr\u00e6\u00f0ileg sm\u00ed\u00f0 sem trygg\u00f0i l\u00f6gm\u00e6ti Inka\u00e6ttarveldisins tv\u00f6falt og sta\u00f0festi st\u00f6\u00f0u drottningarinnar (Coya) b\u00e6\u00f0i \u00ed gegnum \u00e6tt s\u00f3larinnar og tunglsins.<\/p>\t\t\t\t\t\t\t\t<\/div>\n\t\t\t\t<\/div>\n\t\t\t\t\t<\/div>\n\t\t\t\t<\/div>\n\t\t<div class=\"elementor-element elementor-element-iwgw-mamakilla-s4 e-flex e-con-boxed e-con e-parent\" data-id=\"iwgw-mamakilla-s4\" data-element_type=\"container\" data-e-type=\"container\">\n\t\t\t\t\t<div class=\"e-con-inner\">\n\t\t\t\t<div class=\"elementor-element elementor-element-iwgw-mamakilla-s4h elementor-widget elementor-widget-heading\" data-id=\"iwgw-mamakilla-s4h\" data-element_type=\"widget\" data-e-type=\"widget\" data-widget_type=\"heading.default\">\n\t\t\t\t\t<h2 class=\"elementor-heading-title elementor-size-default\">D\u00fdrkun og tilbei\u00f0sla<\/h2>\t\t\t\t<\/div>\n\t\t<div class=\"elementor-element elementor-element-iwgw-mamakilla-s4c e-con-full e-flex e-con e-child\" data-id=\"iwgw-mamakilla-s4c\" data-element_type=\"container\" data-e-type=\"container\">\n\t\t\t\t<div class=\"elementor-element elementor-element-iwgw-mamakilla-s4t elementor-widget elementor-widget-text-editor\" data-id=\"iwgw-mamakilla-s4t\" data-element_type=\"widget\" data-e-type=\"widget\" data-widget_type=\"text-editor.default\">\n\t\t\t\t\t\t\t\t\t<p><span class=\"iwg-fachbegriff\" data-tooltip=\"\u00d6ll tr\u00faarleg tilbei\u00f0sluath\u00e6fi sem t\u00ed\u00f0kast um gu\u00f0 e\u00f0a heilaga v\u00e6tt.\" tabindex=\"0\">D\u00fdrkun<\/span> Mama Killa var stofnanabundin \u00ed Coricancha-<span class=\"iwg-fachbegriff\" data-tooltip=\"Bygging sem er \u00e6tlu\u00f0 til tilbei\u00f0slu \u00e1 einum e\u00f0a fleiri gu\u00f0um.\" tabindex=\"0\">hofinu<\/span> \u00ed Cusco. Starfsli\u00f0 \u00feess voru einv\u00f6r\u00f0ungu konur, fremst \u00ed flokki \u00e6\u00f0sta prestynjan, sem var reglulega systir sitjandi <em>Coya<\/em> (h\u00f6fu\u00f0konu Inkakonungsins). \u00deessar konur, <em>Acllacuna<\/em> (sj\u00e1 einnig <a href=\"https:\/\/iwell-guard.com\/is\/?page_id=168919\">Inti<\/a>), v\u00f3fu silfurskreytt m\u00e1nakl\u00e6\u00f0i, bruggu chicha \u00far hv\u00edtu ma\u00edsi og framkv\u00e6mdu m\u00e1na\u00f0arlegar m\u00e1naathafnir.<\/p><p>H\u00e1punktur d\u00fdrkunar\u00e1rsins var septemberh\u00e1t\u00ed\u00f0in <em>Coya Raymi<\/em> (h\u00e1t\u00ed\u00f0 Coya\/m\u00e1nago\u00f0ynjunnar), sem marka\u00f0i upphaf s\u00e1ningart\u00edmabilsins.<\/p><p>\u00c1 \u00feessari h\u00e1t\u00ed\u00f0 f\u00f3r einnig fram <em>citua<\/em>-hreinsunarath\u00f6fnin, \u00fear sem karlkyns str\u00ed\u00f0smenn Inka-h\u00f6fu\u00f0borgarinnar hlupu um g\u00f6tur me\u00f0 blysum, hr\u00f6ktu allar \u00feekktar sj\u00fakd\u00f3mspl\u00e1gur og illa anda, me\u00f0al annars hina ska\u00f0v\u00e6nlegu <a href=\"https:\/\/iwell-guard.com\/is\/?page_id=168925\">Supay<\/a>, \u00far borginni og skolu\u00f0u \u00feeim a\u00f0 lokum t\u00e1knr\u00e6nt burt \u00ed fj\u00f3rar h\u00f6fu\u00f0\u00e1ttir.<\/p><p>Stjarnfr\u00e6\u00f0ileg athugun m\u00e1nakvartila var verkefni s\u00e9rh\u00e6f\u00f0ra presta (<em>kallpa-rikoq<\/em>), sem \u00e1 steinstj\u00f6rnuathugunarst\u00f6\u00f0um Cusco (t.d. <em>Saqsaywaman<\/em>) \u00e1kv\u00f6r\u00f0u\u00f0u m\u00e1nadagatali\u00f0. Brian Bauer hefur \u00ed <em>The Sacred Landscape of the Inca<\/em> (1998) endurgert landfr\u00e6\u00f0ilega skipan \u00feessara m\u00e1naathugunarsta\u00f0a.<\/p><p>M\u00e1na\u00f0arleg h\u00e1t\u00ed\u00f0ar\u00f6\u00f0 Inkar\u00edkis\u00e1rsins t\u00f3k reglulega mi\u00f0 af Mama Killa: M\u00e1nadagatali\u00f0 \u00e1kvar\u00f0a\u00f0i b\u00e6\u00f0i s\u00e1ningart\u00edma og innri stj\u00f3rns\u00fdslut\u00edmabil. Cieza de Leon og Polo de Ondegardo l\u00fdsa \u00fev\u00ed a\u00f0 hvert m\u00e1nakvartil hafi haft \u00e1kve\u00f0i\u00f0 hlutverk \u00ed daglegu l\u00edfi r\u00edkisins: fullt tungl fyrir h\u00e1t\u00ed\u00f0ir og s\u00e1ningu, n\u00fdtt tungl fyrir hreinsunarathafnir og sorg.<\/p><p>\u00deessi m\u00e1nabundna t\u00edmaskipan var \u00ed fl\u00f3knu samspili vi\u00f0 s\u00f3larbundna t\u00edmaskipan hinna miklu s\u00f3larh\u00e1t\u00ed\u00f0a og mynda\u00f0i tv\u00f6falt dagatalskerfi, sem full endurger\u00f0 \u00feess er andesranns\u00f3knum enn \u00ed dag vi\u00f0fangsefni.<\/p>\t\t\t\t\t\t\t\t<\/div>\n\t\t\t\t<\/div>\n\t\t\t\t\t<\/div>\n\t\t\t\t<\/div>\n\t\t<div class=\"elementor-element elementor-element-iwgw-mamakilla-s5 e-flex e-con-boxed e-con e-parent\" data-id=\"iwgw-mamakilla-s5\" data-element_type=\"container\" data-e-type=\"container\">\n\t\t\t\t\t<div class=\"e-con-inner\">\n\t\t\t\t<div class=\"elementor-element elementor-element-iwgw-mamakilla-s5h elementor-widget elementor-widget-heading\" data-id=\"iwgw-mamakilla-s5h\" data-element_type=\"widget\" data-e-type=\"widget\" data-widget_type=\"heading.default\">\n\t\t\t\t\t<h2 class=\"elementor-heading-title elementor-size-default\">Verndara\u00f0ger\u00f0ir og fr\u00e1hrindandi t\u00e1kn<\/h2>\t\t\t\t<\/div>\n\t\t<div class=\"elementor-element elementor-element-iwgw-mamakilla-s5c e-con-full e-flex e-con e-child\" data-id=\"iwgw-mamakilla-s5c\" data-element_type=\"container\" data-e-type=\"container\">\n\t\t\t\t<div class=\"elementor-element elementor-element-iwgw-mamakilla-s5t elementor-widget elementor-widget-text-editor\" data-id=\"iwgw-mamakilla-s5t\" data-element_type=\"widget\" data-e-type=\"widget\" data-widget_type=\"text-editor.default\">\n\t\t\t\t\t\t\t\t\t<p>Mama Killa var \u00ed inkat\u00edmanum s\u00e9rstaklega \u00e1k\u00f6llu\u00f0 vi\u00f0 f\u00e6\u00f0ingar, veikindi kvenna og n\u00e6turfer\u00f0ir. Cobo greinir fr\u00e1 <span class=\"iwg-fachbegriff\" data-tooltip=\"Yfirf\u00e6r\u00f0 ath\u00f6fn sem endurtekin er reglulega innan samf\u00e9lags.\" tabindex=\"0\">venju<\/span> um a\u00f0 leggja silfurpening (\u00e1 inkat\u00edmanum silfurbla\u00f0) undir koddann n\u00f3ttina fyrir langt fer\u00f0alag til a\u00f0 leita verndar m\u00e1nagy\u00f0junnar.<\/p><p><span class=\"iwg-fachbegriff\" data-tooltip=\"\u00d3gnvarnandi: um t\u00e1kn og hluti sem \u00e6tla\u00f0 er a\u00f0 halda ska\u00f0legum \u00e1hrifum \u00ed burtu.\" tabindex=\"0\">Verndandi<\/span> gegn martr\u00f6\u00f0um og n\u00e6turska\u00f0v\u00f6ldum, s\u00e9rstaklega gegn <a href=\"https:\/\/iwell-guard.com\/is\/?page_id=168925\">Supay<\/a>, sem taldir voru virkir \u00e1 n\u00f3ttunni, voru litlar silfurskartgripir \u00ed formi h\u00e1lfm\u00e1nask\u00edfu (<em>tumi<\/em>) e\u00f0a st\u00edlf\u00e6r\u00f0rar kvenmyndar. \u00deessum var komi\u00f0 fyrir \u00e1 enni barna vi\u00f0 h\u00e1ttat\u00edma e\u00f0a fest vi\u00f0 r\u00famgrindina.<\/p><p>\u00cd n\u00faverandi quechua-m\u00e6landi \u00feorpum hefur \u00feessi venja a\u00f0 miklu leyti \u00fer\u00f3ast yfir \u00ed ka\u00fe\u00f3lska Mar\u00edud\u00fdrkun. Mar\u00edumedal\u00edurnar, sem margir andesku mestisar bera, hafa \u00ed reynd teki\u00f0 vi\u00f0 hlutverki silfurskartgripa Mama Killa. Tr\u00faar\u00fej\u00f3\u00f0fr\u00e6\u00f0ilegar ranns\u00f3knir, s\u00e9rstaklega verk Oliviu Harris og Marisol de la Cadena, hafa l\u00fdst \u00feessari virknisamfellu samhli\u00f0a gu\u00f0fr\u00e6\u00f0ilegri umbyltingu \u00ed sm\u00e1atri\u00f0um.<\/p><p>S\u00e9rst\u00f6k verndarvenja er notkun m\u00e1nasilfurs gegn tunglmyrkva: \u00c1 d\u00f6gum bo\u00f0a\u00f0s tunglmyrkva b\u00e1ru m\u00e6\u00f0ur me\u00f0 sm\u00e1b\u00f6rn silfurh\u00f6fu\u00f0b\u00f6nd til a\u00f0 hindra a\u00f0 hi\u00f0 \u00e1r\u00e1sargjarna d\u00fdr fengi, vegna veiktrar Mama Killa, a\u00f0gang a\u00f0 heimi hinna lifandi.<\/p><p>\u00deessi venja er l\u00fdst samhlj\u00f3\u00f0a af Cobo og Albornoz og s\u00fdnir hvernig \u00feessi stj\u00f6rnufr\u00e6\u00f0ilega atbur\u00f0ur var t\u00falka\u00f0ur heimsfr\u00e6\u00f0ilega og tengdur \u00e1kve\u00f0num verndara\u00f0ger\u00f0um.<\/p>\t\t\t\t\t\t\t\t<\/div>\n\t\t\t\t<\/div>\n\t\t\t\t\t<\/div>\n\t\t\t\t<\/div>\n\t\t<div class=\"elementor-element elementor-element-iwgw-mamakilla-s6 e-flex e-con-boxed e-con e-parent\" data-id=\"iwgw-mamakilla-s6\" data-element_type=\"container\" data-e-type=\"container\">\n\t\t\t\t\t<div class=\"e-con-inner\">\n\t\t\t\t<div class=\"elementor-element elementor-element-iwgw-mamakilla-s6h elementor-widget elementor-widget-heading\" data-id=\"iwgw-mamakilla-s6h\" data-element_type=\"widget\" data-e-type=\"widget\" data-widget_type=\"heading.default\">\n\t\t\t\t\t<h2 class=\"elementor-heading-title elementor-size-default\">Hli\u00f0st\u00e6\u00f0ur \u00ed \u00f6\u00f0rum menningarheimum<\/h2>\t\t\t\t<\/div>\n\t\t<div class=\"elementor-element elementor-element-iwgw-mamakilla-s6c e-con-full e-flex e-con e-child\" data-id=\"iwgw-mamakilla-s6c\" data-element_type=\"container\" data-e-type=\"container\">\n\t\t\t\t<div class=\"elementor-element elementor-element-iwgw-mamakilla-s6t elementor-widget elementor-widget-text-editor\" data-id=\"iwgw-mamakilla-s6t\" data-element_type=\"widget\" data-e-type=\"widget\" data-widget_type=\"text-editor.default\">\n\t\t\t\t\t\t\t\t\t<p>Mama Killa fellur inn \u00ed hi\u00f0 heimsv\u00ed\u00f0a mynstur kvenlegra tunglgy\u00f0ja. Byggingarlega samb\u00e6rilegar eru gr\u00edska <em>Artemis-Selene<\/em>, r\u00f3mverska <em>Diana-Luna<\/em>, egypska <em>\u00cdsis<\/em> \u00ed tunglbundinni hli\u00f0 sinni, mes\u00f3p\u00f3tam\u00edska <em>Nanna-Sin<\/em>-tengslin og hind\u00fa\u00edska <em>Chandra<\/em>-veran (sem \u00fe\u00f3 er hugsu\u00f0 sem karlkyns).<\/p><p>Innan Amer\u00edku s\u00fdnir Mama Killa l\u00edkindi vi\u00f0 aztekagy\u00f0juna <em>Coyolxauhqui<\/em>, sem \u00ed megingu\u00f0s\u00f6gu Azteka um f\u00e6\u00f0ingu s\u00f3larinnar Huitzilopochtli er h\u00f6ggvin \u00ed sundur af br\u00f3\u00f0ur s\u00ednum. \u00c1takad\u00fdnam\u00edkin milli s\u00f3lar og tungls er skarpari \u00ed azteska <span class=\"iwg-fachbegriff\" data-tooltip=\"Munnleg hef\u00f0bundin fr\u00e1s\u00f6gn um gu\u00f0i, uppruna og skipan heimsins.\" tabindex=\"0\">go\u00f0s\u00f6gunni<\/span> en \u00ed \u00feeirri inkversku, \u00fear sem systur-eiginkonu-sambandi\u00f0 er samr\u00e6mdara.<\/p><p>Athyglisver\u00f0ur er einnig samanbur\u00f0urinn vi\u00f0 nor\u00f0ur-amer\u00edska <a href=\"https:\/\/iwell-guard.com\/is\/?page_id=168937\">Changing Woman<\/a> Navaj\u00f3a, sem einnig sameinar l\u00edfshlaup, kvenlegan \u00feroska og dagatalst\u00edma \u00ed einni veru, \u00fe\u00f3 \u00e1n hinnar s\u00e9rt\u00e6ku tunglv\u00edddar. Eliade hefur \u00ed verki s\u00ednu <em>Patterns in Comparative Religion<\/em> (1958) l\u00fdst kerfisbundi\u00f0 mynstri tungls og konu.<\/p><p>Innan samanbur\u00f0arsj\u00f3narhorns Inkat\u00edmans eru einnig aymara-afbrig\u00f0i\u00f0 <em>Phaxsi Mama<\/em> og nor\u00f0ur-and\u00edska afbrig\u00f0i\u00f0 \u00far tr\u00fa Cara-\u00fej\u00f3\u00f0arinnar vi\u00f0 Quito mikilv\u00e6g. S\u00fa s\u00ed\u00f0arnefnda \u00feekkti tunglgy\u00f0ju a\u00f0 nafni <em>Quilla<\/em>, en <span class=\"iwg-fachbegriff\" data-tooltip=\"Bygging sem er helgu\u00f0 d\u00fdrkun einnar e\u00f0a fleiri gu\u00f0d\u00f3ma.\" tabindex=\"0\">musteri<\/span> hennar l\u00fdsir sp\u00e6nski ann\u00e1laritarinn Padre Velasco; \u00feannig eru til v\u00edsbendingar um for-inkverska tungl-<span class=\"iwg-fachbegriff\" data-tooltip=\"Fr\u00e6\u00f0ileg kenning um gu\u00f0 og tr\u00fa tiltekinnar tr\u00faarbrag\u00f0a.\" tabindex=\"0\">gu\u00f0fr\u00e6\u00f0i<\/span> \u00ed nyrsta hluta Tawantinsuyu.<\/p><p>Frank Salomon hefur \u00ed <em>Native Lords of Quito<\/em> (1986) l\u00fdst kerfisbundi\u00f0 \u00feessum nor\u00f0ur-and\u00edska tungld\u00fdrkun og greint hann fr\u00e1 r\u00edkisbundinni <span class=\"iwg-fachbegriff\" data-tooltip=\"Fr\u00e6\u00f0ileg kenning um gu\u00f0 og tr\u00fa tiltekinnar tr\u00faarbrag\u00f0a.\" tabindex=\"0\">gu\u00f0fr\u00e6\u00f0i<\/span> Inkaveldisins.<\/p>\t\t\t\t\t\t\t\t<\/div>\n\t\t\t\t<\/div>\n\t\t\t\t\t<\/div>\n\t\t\t\t<\/div>\n\t\t<div class=\"elementor-element elementor-element-iwgw-mamakilla-s7 e-flex e-con-boxed e-con e-parent\" data-id=\"iwgw-mamakilla-s7\" data-element_type=\"container\" data-e-type=\"container\">\n\t\t\t\t\t<div class=\"e-con-inner\">\n\t\t\t\t<div class=\"elementor-element elementor-element-iwgw-mamakilla-s7h elementor-widget elementor-widget-heading\" data-id=\"iwgw-mamakilla-s7h\" data-element_type=\"widget\" data-e-type=\"widget\" data-widget_type=\"heading.default\">\n\t\t\t\t\t<h2 class=\"elementor-heading-title elementor-size-default\">N\u00fat\u00edmavi\u00f0t\u00f6kur og ranns\u00f3knir<\/h2>\t\t\t\t<\/div>\n\t\t<div class=\"elementor-element elementor-element-iwgw-mamakilla-s7c e-con-full e-flex e-con e-child\" data-id=\"iwgw-mamakilla-s7c\" data-element_type=\"container\" data-e-type=\"container\">\n\t\t\t\t<div class=\"elementor-element elementor-element-iwgw-mamakilla-s7t elementor-widget elementor-widget-text-editor\" data-id=\"iwgw-mamakilla-s7t\" data-element_type=\"widget\" data-e-type=\"widget\" data-widget_type=\"text-editor.default\">\n\t\t\t\t\t\t\t\t\t<p>\u00cd n\u00fat\u00edma Andasv\u00e6\u00f0inu er Mama Killa ekki lengur sj\u00e1lfst\u00e6tt d\u00fdrkunarefni, en lifir \u00e1fram \u00ed <span class=\"iwg-fachbegriff\" data-tooltip=\"Yfirf\u00e6r\u00f0 \u00fej\u00f3\u00f0menning me\u00f0 venjum, fr\u00e1s\u00f6gnum og s\u00f6ngvum.\" tabindex=\"0\">\u00fej\u00f3\u00f0menningu<\/span>, h\u00e1t\u00ed\u00f0um og \u00ed vaxandi frumbyggjamenningarhreyfingu. \u00cd endurger\u00f0ri <em>Coya Raymi<\/em>-h\u00e1t\u00ed\u00f0 (endurvakin \u00ed nokkrum \u00feorpum \u00ed Cusco-h\u00e9ra\u00f0i fr\u00e1 1990 \u00e1ratugnum) er h\u00fan \u00e1k\u00f6llu\u00f0 sem verndari kvenleikans og s\u00e1ningart\u00edmans.<\/p><p>\u00cd fr\u00e6\u00f0ilegum ranns\u00f3knum \u00ed dag er minni \u00e1hersla l\u00f6g\u00f0 \u00e1 stofnanabundna m\u00e1na-<span class=\"iwg-fachbegriff\" data-tooltip=\"Fr\u00e6\u00f0igreinin um gu\u00f0 og tr\u00fa tiltekinna tr\u00faarbrag\u00f0a.\" tabindex=\"0\">gu\u00f0fr\u00e6\u00f0i<\/span> en meiri \u00e1 fornstj\u00f6rnufr\u00e6\u00f0ilega spurningu um m\u00e1natal Inka.<\/p><p>Tom Zuidema h\u00e9lt fram \u00ed <em>The Calendar of the Incas<\/em> (2010, gefi\u00f0 \u00fat eftir dau\u00f0a hans) \u00feeirri kenningu a\u00f0 Inkar hafi nota\u00f0 328 daga m\u00e1na\u00e1r, sem samsvara\u00f0i 328 huaca-helgist\u00f6\u00f0um ceque-kerfisins. \u00deessi kenning er umdeild; Brian Bauer og Gary Urton hafa a\u00f0 hluta dregi\u00f0 \u00far gildi hennar.<\/p><p>Fr\u00e1 tr\u00faarbrag\u00f0afr\u00e6\u00f0ilegu sj\u00f3narhorni er Mama Killa \u00e1fram mikilv\u00e6gt d\u00e6mi um stofnanabundna kvenkyns gu\u00f0veru innan karll\u00e6grar h\u00e1\u00fer\u00f3a\u00f0ar menningar. Sta\u00f0a hennar s\u00fdnir a\u00f0 Inkaveldi\u00f0 haf\u00f0i ekki hreina fe\u00f0raveldis-<span class=\"iwg-fachbegriff\" data-tooltip=\"Fr\u00e6\u00f0igreinin um gu\u00f0 og tr\u00fa tiltekinna tr\u00faarbrag\u00f0a.\" tabindex=\"0\">gu\u00f0fr\u00e6\u00f0i<\/span>, heldur \u00fer\u00f3a\u00f0i fyllingarbundin kynjaskipulag, sem fundu stj\u00f3rnm\u00e1lalega tj\u00e1ning s\u00edna \u00ed Coya-Inka tv\u00edr\u00e6\u00f0isstj\u00f3rnendum og gu\u00f0fr\u00e6\u00f0ilega \u00ed Inti-Killa systkina-hj\u00f3nabandinu.<\/p><p>\u00cd n\u00faverandi Pachakuti-Mama hreyfingunni \u00ed B\u00f3liv\u00edu og Per\u00fa birtist Mama Killa auk \u00feess sem sams\u00f6munarpers\u00f3na frumbyggja fem\u00ednista. H\u00f6fundar \u00e1 bor\u00f0 vi\u00f0 Domitila Barrios de Chungara og s\u00ed\u00f0ar Silvia Rivera Cusicanqui hafa gert enduruppt\u00f6ku hinnar kvenlegu fyllingar innan andesks tr\u00faarkerfis a\u00f0 efni f\u00e9lagsfr\u00e6\u00f0ilegra ranns\u00f3kna.<\/p><p>Mama Killa-myndin \u00fej\u00f3nar h\u00e9r ekki sem s\u00f6gulegt endurbyggingarverkefni d\u00fdrkunarhlutar, heldur sem t\u00e1knr\u00e6nt vi\u00f0mi\u00f0 sj\u00e1lfst\u00e6\u00f0rar frumbyggjakynjaskipunar, \u00f3h\u00e1\u00f0 evr\u00f3pumi\u00f0a\u00f0ri fe\u00f0raveldiskrit\u00edk.<\/p>\t\t\t\t\t\t\t\t<\/div>\n\t\t\t\t<\/div>\n\t\t\t\t\t<\/div>\n\t\t\t\t<\/div>\n\t\t<div class=\"elementor-element elementor-element-iwgw-mamakilla-s8 e-flex e-con-boxed e-con e-parent\" data-id=\"iwgw-mamakilla-s8\" data-element_type=\"container\" data-e-type=\"container\">\n\t\t\t\t\t<div class=\"e-con-inner\">\n\t\t\t\t<div class=\"elementor-element elementor-element-iwgw-mamakilla-s8h elementor-widget elementor-widget-heading\" data-id=\"iwgw-mamakilla-s8h\" data-element_type=\"widget\" data-e-type=\"widget\" data-widget_type=\"heading.default\">\n\t\t\t\t\t<h2 class=\"elementor-heading-title elementor-size-default\">Heimildir og b\u00f3kmenntir<\/h2>\t\t\t\t<\/div>\n\t\t<div class=\"elementor-element elementor-element-iwgw-mamakilla-s8c e-con-full e-flex e-con e-child\" data-id=\"iwgw-mamakilla-s8c\" data-element_type=\"container\" data-e-type=\"container\">\n\t\t\t\t<div class=\"elementor-element elementor-element-iwgw-mamakilla-s8t elementor-widget elementor-widget-text-editor\" data-id=\"iwgw-mamakilla-s8t\" data-element_type=\"widget\" data-e-type=\"widget\" data-widget_type=\"text-editor.default\">\n\t\t\t\t\t\t\t\t\t<p>Eftirfarandi \u00farval telur upp mikilv\u00e6g verk um andesk \u00fej\u00f3\u00f0fr\u00e6\u00f0i og tr\u00faars\u00f6gu var\u00f0andi Mama Killa, me\u00f0 \u00e1herslu \u00e1 fornstj\u00f6rnufr\u00e6\u00f0ilegar og kvennas\u00f6gulegar ranns\u00f3knir.<\/p>\t\t\t\t\t\t\t\t<\/div>\n\t\t\t\t<\/div>\n\t\t\t\t\t<\/div>\n\t\t\t\t<\/div>\n\t\t<div class=\"elementor-element elementor-element-cp2d79402e e-flex e-con-boxed e-con e-parent\" data-id=\"cp2d79402e\" data-element_type=\"container\" data-e-type=\"container\">\n\t\t\t\t\t<div class=\"e-con-inner\">\n\t\t\t\t<div class=\"elementor-element elementor-element-cp236ff127 elementor-widget elementor-widget-heading\" data-id=\"cp236ff127\" data-element_type=\"widget\" data-e-type=\"widget\" data-widget_type=\"heading.default\">\n\t\t\t\t\t<h2 class=\"elementor-heading-title elementor-size-default\">Mama Killa \u00ed m\u00e1natalinu og t\u00falkun tunglmyrkva<\/h2>\t\t\t\t<\/div>\n\t\t<div class=\"elementor-element elementor-element-cp26302e24 e-flex e-con-boxed e-con e-child\" data-id=\"cp26302e24\" data-element_type=\"container\" data-e-type=\"container\">\n\t\t\t\t\t<div class=\"e-con-inner\">\n\t\t\t\t<div class=\"elementor-element elementor-element-cp23bc8ee2 elementor-widget elementor-widget-text-editor\" data-id=\"cp23bc8ee2\" data-element_type=\"widget\" data-e-type=\"widget\" data-widget_type=\"text-editor.default\">\n\t\t\t\t\t\t\t\t\t<p>Mama Killa, tunglgy\u00f0ja Inkanna, var n\u00e1i\u00f0 bundin t\u00edmam\u00e6lingu r\u00edkisins. Me\u00f0an s\u00f3lgu\u00f0inn <em>Inti<\/em> m\u00f3ta\u00f0i \u00e1rshringinn og hin miklu s\u00e1ningar- og uppskeruh\u00e1t\u00ed\u00f0ir, stj\u00f3rna\u00f0i tungli\u00f0 hinni skemmri hringr\u00e1s sem tr\u00faarh\u00e1t\u00ed\u00f0ir og a\u00f0 \u00f6llum l\u00edkindum hluti landb\u00fana\u00f0ardagatalsins fylgdu.<\/p><p>Sp\u00e6nskir sagnaritarar \u00e1 bor\u00f0 vi\u00f0 Bernab\u00e9 Cobo greina fr\u00e1 \u00fev\u00ed a\u00f0 nokkrar h\u00e1t\u00ed\u00f0ir \u00ed h\u00e1t\u00ed\u00f0adagatali Cusco hafi veri\u00f0 reikna\u00f0ar \u00fat fr\u00e1 tunglinu, jafnvel \u00fe\u00f3tt n\u00e1kv\u00e6m virkni inkadagatalsins s\u00e9 enn deiluefni fr\u00e6\u00f0imanna.<\/p><p>S\u00e9rstaklega \u00e1hugaver\u00f0ar eru fr\u00e1sagnir um t\u00falkun tunglmyrkva. Sagnaritararnir greina fr\u00e1 \u00fev\u00ed a\u00f0 Inkarnar hafi skili\u00f0 myrkvun tunglsins sem \u00e1r\u00e1s r\u00e1nd\u00fdrs, oftast nefnt p\u00fama e\u00f0a slanga, \u00e1 Mama Killa.<\/p><p>Til a\u00f0 bjarga gy\u00f0junni ger\u00f0u menn h\u00e1va\u00f0a: \u00feeir b\u00f6nku\u00f0u \u00ed ker, \u00e6ptu og l\u00e9tu hunda gelta svo a\u00f0 \u00e1r\u00e1sard\u00fdri\u00f0 yr\u00f0i hraki\u00f0 \u00e1 brott. \u00deessi si\u00f0ur er ekki einkennandi fyrir Inkana eina, heldur er hann \u00feekktur \u00ed m\u00f6rgum menningarheimum, en vitnisbur\u00f0urinn um hann \u00e1 Andessl\u00f3\u00f0um s\u00fdnir a\u00f0 tungli\u00f0 var tali\u00f0 vi\u00f0kv\u00e6m vera sem \u00feurfti um\u00f6nnun.<\/p><p>Fr\u00e1 heimildafr\u00e6\u00f0ilegu sj\u00f3narmi\u00f0i m\u00e1 nefna a\u00f0 sagnaritararnir l\u00fdstu \u00feessum si\u00f0um oft eftir \u00f6\u00f0rum og me\u00f0 \u00feeim tilgangi a\u00f0 s\u00fdna tr\u00fa Andesb\u00faa sem hj\u00e1tr\u00fa. \u00der\u00e1tt fyrir \u00fea\u00f0 stemma \u00fdmsar fr\u00e1sagnir saman \u00ed meginatri\u00f0um, sem gerir atbur\u00f0inn tr\u00faver\u00f0ugan.<\/p><p>\u00d3tti um Mama Killu vi\u00f0 myrkvann s\u00fdnir st\u00f6\u00f0u hennar sem trygging fyrir \u00f6ruggu t\u00edmafl\u00e6\u00f0i, en t\u00edmabundi\u00f0 hvarf hennar var upplifa\u00f0 sem heimsleg \u00f3gn. Um s\u00f3larhli\u00f0 \u00feessa gu\u00f0apars, sj\u00e1 greinina um <a href=\"https:\/\/iwell-guard.com\/is\/?page_id=168919\">Inti<\/a>.<\/p>\t\t\t\t\t\t\t\t<\/div>\n\t\t\t\t\t<\/div>\n\t\t\t\t<\/div>\n\t\t\t\t\t<\/div>\n\t\t\t\t<\/div>\n\t\t<div class=\"elementor-element elementor-element-cp260f00e7 e-flex e-con-boxed e-con e-parent\" data-id=\"cp260f00e7\" data-element_type=\"container\" data-e-type=\"container\">\n\t\t\t\t\t<div class=\"e-con-inner\">\n\t\t\t\t<div class=\"elementor-element elementor-element-cp2d717866 elementor-widget elementor-widget-heading\" data-id=\"cp2d717866\" data-element_type=\"widget\" data-e-type=\"widget\" data-widget_type=\"heading.default\">\n\t\t\t\t\t<h2 class=\"elementor-heading-title elementor-size-default\">Tunglhofi\u00f0 \u00ed Coricancha og silfurmyndhef\u00f0in<\/h2>\t\t\t\t<\/div>\n\t\t<div class=\"elementor-element elementor-element-cp25918dee e-flex e-con-boxed e-con e-child\" data-id=\"cp25918dee\" data-element_type=\"container\" data-e-type=\"container\">\n\t\t\t\t\t<div class=\"e-con-inner\">\n\t\t\t\t<div class=\"elementor-element elementor-element-cp2a3e6774 elementor-widget elementor-widget-text-editor\" data-id=\"cp2a3e6774\" data-element_type=\"widget\" data-e-type=\"widget\" data-widget_type=\"text-editor.default\">\n\t\t\t\t\t\t\t\t\t<p>\u00cd Coricancha, hinu mi\u00f0l\u00e6ga <span class=\"iwg-fachbegriff\" data-tooltip=\"Heilagur sta\u00f0ur tileinka\u00f0ur tilbei\u00f0slu gu\u00f0d\u00f3ms.\" tabindex=\"0\">helgista\u00f0<\/span> Cusco, haf\u00f0i Mama Killa samkv\u00e6mt samhlj\u00f3\u00f0a fr\u00e1s\u00f6gnum sagnaritara sinn eigin hluta. Me\u00f0an hofhluti <em>Inti<\/em> var kl\u00e6ddur gulli, m\u00e1lmi sem tengdur var s\u00f3linni, greina heimildirnar fr\u00e1 \u00fev\u00ed a\u00f0 tunglhlutinn hafi veri\u00f0 kl\u00e6ddur silfri.<\/p><p>Garcilaso de la Vega, sj\u00e1lfur sonur inkverskrar m\u00f3\u00f0ur, l\u00fdsir silfursk\u00edfu e\u00f0a l\u00edkneski af Mama Killu og undirstrikar kynjat\u00e1knfr\u00e6\u00f0ina: gull og s\u00f3l sem karlkyns, silfur og tungl sem kvenkyns.<\/p><p>\u00deessar fr\u00e1sagnir ber a\u00f0 lesa me\u00f0 fyrirvara. Garcilaso skrifa\u00f0i <em>Comentarios Reales<\/em> s\u00edna \u00e1ratugum eftir landvinningana, \u00ed Sp\u00e1ni, eftir minni og me\u00f0 \u00feeirri \u00f3sk a\u00f0 l\u00fdsa fort\u00ed\u00f0 Inkanna me\u00f0 vir\u00f0ingu.<\/p><p>Coricancha var a\u00f0 mestu rifi\u00f0 af Sp\u00e1nverjum; \u00e1 m\u00farum \u00feess stendur n\u00fa klaustri\u00f0 Santo Domingo. Fornleifafr\u00e6\u00f0ilega er \u00fev\u00ed ekki lengur unnt a\u00f0 sta\u00f0festa silfurkl\u00e6\u00f0ninguna, en g\u00f3\u00f0ur vitnisbur\u00f0ur er til um a\u00f0 landvinningamenn hafi r\u00e6nt e\u00f0alm\u00e1lmum, sem gerir fr\u00e1s\u00f6gnina tr\u00faver\u00f0uga.<\/p><p>\u00cd \u00feessum tunglhluta voru samkv\u00e6mt sagnarit\u00f6runum einnig var\u00f0veittir og tilbe\u00f0nir m\u00famfestir l\u00edkamar l\u00e1tinna <em>Coya<\/em>, drottninga Inkanna. Mama Killa var \u00feannig ekki a\u00f0eins heimsgy\u00f0ja, heldur einnig hluti af forfe\u00f0ratilbei\u00f0slu hinnar kvenlegu valda\u00e6ttar.<\/p><p>Tengslin milli tungls, silfurs, kvenleika og konungslegrar forfe\u00f0rara\u00f0ar s\u00fdna a\u00f0 Mama Killa gegndi sk\u00fdrt afm\u00f6rku\u00f0u hlutverki \u00ed tr\u00faarkerfi Inkanna, hlutverki sem var hli\u00f0st\u00e6tt hlutverki s\u00f3lgu\u00f0sins \u00e1n \u00feess a\u00f0 vera honum undirgefin \u00ed merkingu fullkomins \u00f3sj\u00e1lfst\u00e6\u00f0is.<\/p>\t\t\t\t\t\t\t\t<\/div>\n\t\t\t\t\t<\/div>\n\t\t\t\t<\/div>\n\t\t\t\t\t<\/div>\n\t\t\t\t<\/div>\n\t\t<div class=\"elementor-element elementor-element-iwgw-mamakilla-lit e-flex e-con-boxed e-con e-parent\" data-id=\"iwgw-mamakilla-lit\" data-element_type=\"container\" data-e-type=\"container\">\n\t\t\t\t\t<div class=\"e-con-inner\">\n\t\t\t\t<div class=\"elementor-element elementor-element-iwgw-mamakilla-lith elementor-widget elementor-widget-heading\" data-id=\"iwgw-mamakilla-lith\" data-element_type=\"widget\" data-e-type=\"widget\" data-widget_type=\"heading.default\">\n\t\t\t\t\t<h2 class=\"elementor-heading-title elementor-size-default\">Heimildir (\u00farval)<\/h2>\t\t\t\t<\/div>\n\t\t<div class=\"elementor-element elementor-element-iwgw-mamakilla-litc e-con-full e-flex e-con e-child\" data-id=\"iwgw-mamakilla-litc\" data-element_type=\"container\" data-e-type=\"container\">\n\t\t\t\t<div class=\"elementor-element elementor-element-iwgw-mamakilla-litt elementor-widget elementor-widget-text-editor\" data-id=\"iwgw-mamakilla-litt\" data-element_type=\"widget\" data-e-type=\"widget\" data-widget_type=\"text-editor.default\">\n\t\t\t\t\t\t\t\t\t<ul><li>Garcilaso de la Vega: <em>Comentarios Reales de los Incas<\/em> (1609)<\/li><li>Bernabe Cobo: <em>Historia del Nuevo Mundo<\/em> (1653)<\/li><li>Tom Zuidema: <em>The Calendar of the Incas<\/em> (2010)<\/li><li>Brian Bauer: <em>The Sacred Landscape of the Inca<\/em> (1998)<\/li><li>Felipe Guaman Poma de Ayala: <em>Nueva Coronica y Buen Gobierno<\/em> (1615)<\/li><li>Catherine Allen: <em>The Hold Life Has<\/em> (2002)<\/li><li>Sabine MacCormack: <em>Religion in the Andes<\/em> (1991)<\/li><\/ul>\t\t\t\t\t\t\t\t<\/div>\n\t\t\t\t<\/div>\n\t\t\t\t\t<\/div>\n\t\t\t\t<\/div>\n\t\t<div class=\"elementor-element elementor-element-iwgw-mamakilla-kwd e-flex e-con-boxed e-con e-parent\" data-id=\"iwgw-mamakilla-kwd\" data-element_type=\"container\" data-e-type=\"container\">\n\t\t\t\t\t<div class=\"e-con-inner\">\n\t\t<div class=\"elementor-element elementor-element-iwgw-mamakilla-kwdc e-con-full e-flex e-con e-child\" data-id=\"iwgw-mamakilla-kwdc\" data-element_type=\"container\" data-e-type=\"container\">\n\t\t\t\t<div class=\"elementor-element elementor-element-iwgw-mamakilla-kwdt elementor-widget elementor-widget-text-editor\" data-id=\"iwgw-mamakilla-kwdt\" data-element_type=\"widget\" data-e-type=\"widget\" data-widget_type=\"text-editor.default\">\n\t\t\t\t\t\t\t\t\t<p><em>Tengd kjarnahugt\u00f6k: Mama Killa Quilla Killakancha Coya Raymi Quikuchikuy Citua tunglmyrkvi.<\/em><\/p>\t\t\t\t\t\t\t\t<\/div>\n\t\t\t\t<\/div>\n\t\t\t\t\t<\/div>\n\t\t\t\t<\/div>\n\t\t<div class=\"elementor-element elementor-element-iwgw-mamakilla-cc e-flex e-con-boxed e-con e-parent\" data-id=\"iwgw-mamakilla-cc\" data-element_type=\"container\" data-e-type=\"container\" id=\"iwg-cc-mama-killa\">\n\t\t\t\t\t<div class=\"e-con-inner\">\n\t\t<div class=\"elementor-element elementor-element-iwgw-mamakilla-ccinner e-flex e-con-boxed e-con e-parent\" data-id=\"iwgw-mamakilla-ccinner\" data-element_type=\"container\" data-e-type=\"container\" data-settings=\"{&quot;background_background&quot;:&quot;classic&quot;}\">\n\t\t\t\t\t<div class=\"e-con-inner\">\n\t\t\t\t<div class=\"elementor-element elementor-element-iwgw-mamakilla-cch elementor-widget elementor-widget-heading\" data-id=\"iwgw-mamakilla-cch\" data-element_type=\"widget\" data-e-type=\"widget\" data-widget_type=\"heading.default\">\n\t\t\t\t\t<h2 class=\"elementor-heading-title elementor-size-default\">iWell Guard og verndarhef\u00f0ir<\/h2>\t\t\t\t<\/div>\n\t\t\t\t<div class=\"elementor-element elementor-element-iwgw-mamakilla-cct elementor-widget elementor-widget-text-editor\" data-id=\"iwgw-mamakilla-cct\" data-element_type=\"widget\" data-e-type=\"widget\" data-widget_type=\"text-editor.default\">\n\t\t\t\t\t\t\t\t\t<div data-nosnippet=\"true\"><p>iWell Guard byggir \u00e1 menningars\u00f6gulegri hef\u00f0 verndargripa sem bor\u00f0ir eru \u00e1 l\u00edkamanum, \u00ed hef\u00f0 <a href=\"https:\/\/iwell-guard.com\/is\/?page_id=168909\">Andesfjalla \/ Inka<\/a> og margra annarra menningarheima um allan heim. 41 lag, ekta gull, plat\u00edna, silfur, framleitt \u00ed \u00de\u00fdskalandi. 30 daga skilar\u00e9tt.<\/p><\/div>\t\t\t\t\t\t\t\t<\/div>\n\t\t\t\t<div class=\"elementor-element elementor-element-iwgw-mamakilla-ccb iwg-cc-button iwg-cc-cta-2026-05-13 elementor-widget elementor-widget-jet-button\" data-id=\"iwgw-mamakilla-ccb\" data-element_type=\"widget\" data-e-type=\"widget\" data-widget_type=\"jet-button.default\">\n\t\t\t\t<div class=\"elementor-widget-container\">\n\t\t\t\t\t<div class=\"elementor-jet-button jet-elements\"><div class=\"jet-button__container\"><a class=\"jet-button__instance jet-button__instance--icon-left hover-effect-1\" href=\"\/ueber-iwell-guard\/?utm_source=iwell-guard.com&amp;utm_medium=info-box&amp;utm_campaign=wesen-tradition\"><div class=\"jet-button__plane jet-button__plane-normal\"><\/div><div class=\"jet-button__plane jet-button__plane-hover\"><\/div><div class=\"jet-button__state jet-button__state-normal\"><span class=\"jet-button__label\">Meira um iWell Guard<\/span><\/div><div class=\"jet-button__state jet-button__state-hover\"><span class=\"jet-button__label\">Meira um iWell Guard<\/span><\/div><\/a><\/div><\/div><style>.elementor-element.elementor-element-iwgw-mamakilla-ccb .jet-button__instance{width:320px;height:56px;}.elementor-element.elementor-element-iwgw-mamakilla-ccb .jet-button__state-normal .jet-button__label{text-align:center;margin:0px 0px 0px 0px;color:#1a1b20;font-family:Montserrat,sans-serif;font-size:13px;font-weight:400;letter-spacing:4px;line-height:1.714em;text-transform:uppercase;}.elementor-element.elementor-element-iwgw-mamakilla-ccb .jet-button__state-hover .jet-button__label{text-align:center;margin:0px 0px 0px 0px;color:#FECC76;font-family:Montserrat,sans-serif;font-size:13px;font-weight:400;letter-spacing:4px;line-height:1.714em;text-transform:uppercase;}.elementor-element.elementor-element-iwgw-mamakilla-ccb .jet-button__plane-normal{background-color:#FECC76;border-style:solid;border-color:#C99540;border-width:2px 2px 2px 2px;}.elementor-element.elementor-element-iwgw-mamakilla-ccb .jet-button__plane-hover{background-color:rgba(0,0,0,0.55);border-style:solid;border-color:#FECC76;border-width:2px 2px 2px 2px;}<\/style>\t\t\t\t<\/div>\n\t\t\t\t<\/div>\n\t\t\t\t<div class=\"elementor-element elementor-element-iwgw-mamakilla-ccd elementor-widget elementor-widget-text-editor\" data-id=\"iwgw-mamakilla-ccd\" data-element_type=\"widget\" data-e-type=\"widget\" data-widget_type=\"text-editor.default\">\n\t\t\t\t\t\t\t\t\t<div data-nosnippet=\"true\"><p style=\"text-align:center;font-size:13px;opacity:0.7;margin-top:14px\" data-nosnippet=\"true\">Pers\u00f3nuleg reynsla getur veri\u00f0 mismunandi. Ekki l\u00e6kningat\u00e6ki. Engin lofor\u00f0 um l\u00e6kningu.<\/p><\/div>\t\t\t\t\t\t\t\t<\/div>\n\t\t\t\t\t<\/div>\n\t\t\t\t<\/div>\n\t\t\t\t\t<\/div>\n\t\t\t\t<\/div>\n\t\t<div class=\"elementor-element elementor-element-iwgw-mamakilla-disc e-flex e-con-boxed e-con e-parent\" data-id=\"iwgw-mamakilla-disc\" data-element_type=\"container\" data-e-type=\"container\">\n\t\t\t\t\t<div class=\"e-con-inner\">\n\t\t\t\t<div class=\"elementor-element elementor-element-iwgw-mamakilla-discw elementor-widget elementor-widget-html\" data-id=\"iwgw-mamakilla-discw\" data-element_type=\"widget\" data-e-type=\"widget\" data-widget_type=\"html.default\">\n\t\t\t\t\t<footer data-nosnippet=\"true\" class=\"iwg-disclaimer-block\"><p data-nosnippet=\"true\">iWell Guard er <strong>ekki l\u00e6kningat\u00e6ki<\/strong> og kemur ekki \u00ed sta\u00f0inn fyrir l\u00e6knis- e\u00f0a s\u00e1lfr\u00e6\u00f0ime\u00f0fer\u00f0. Tr\u00faarfr\u00e6\u00f0ilegt efni er menningars\u00f6gulegt samhengi, ekki r\u00e1\u00f0legging um andlega i\u00f0kun.<\/p><\/footer>\t\t\t\t<\/div>\n\t\t\t\t\t<\/div>\n\t\t\t\t<\/div>\n\t\t\t\t<\/div>\n\t\t","protected":false},"excerpt":{"rendered":"","protected":false},"author":3,"featured_media":2680,"parent":0,"menu_order":0,"comment_status":"closed","ping_status":"closed","template":"elementor_header_footer","meta":{"_yoast_wpseo_focuskw":"Mama Killa tunglgy\u00f0ja Inkar","_yoast_wpseo_title":"Mama Killa \u2013 tunglgy\u00f0ja Inkanna","_yoast_wpseo_metadesc":"Mama Killa, tunglgy\u00f0ja Inkanna, er systir og eiginkona Intis og verndargy\u00f0ja kvenna, t\u00edmatals og t\u00edma. Tr\u00faarfr\u00e6\u00f0ileg umfj\u00f6llun.","_yoast_wpseo_meta-robots-noindex":"","_yoast_wpseo_canonical":"","_angie_page":false,"gefaehrdungsstufe":"","wesen_kultur":"","wesen_klasse":"","footnotes":""},"categories":[],"class_list":["post-168922","page","type-page","status-publish","has-post-thumbnail","hentry"],"yoast_head":"<!-- This site is optimized with the Yoast SEO Premium plugin v27.7 (Yoast SEO v28.3) - https:\/\/yoast.com\/product\/yoast-seo-premium-wordpress\/ -->\n<title>Mama Killa \u2013 tunglgy\u00f0ja Inkanna<\/title>\n<meta name=\"description\" content=\"Mama Killa, tunglgy\u00f0ja Inkanna, er systir og eiginkona Intis og verndargy\u00f0ja kvenna, t\u00edmatals og t\u00edma. Tr\u00faarfr\u00e6\u00f0ileg umfj\u00f6llun.\" \/>\n<meta name=\"robots\" content=\"index, follow, max-snippet:-1, max-image-preview:large, max-video-preview:-1\" \/>\n<link rel=\"canonical\" href=\"https:\/\/iwell-guard.com\/is\/mama-killa-tunglgydja-inkanna\/\" \/>\n<meta property=\"og:locale\" content=\"is_IS\" \/>\n<meta property=\"og:type\" content=\"article\" \/>\n<meta property=\"og:title\" content=\"Mama Killa \u2013 tunglgy\u00f0ja Inkanna\" \/>\n<meta property=\"og:description\" content=\"Mama Killa, tunglgy\u00f0ja Inkanna, er systir og eiginkona Intis og verndargy\u00f0ja kvenna, t\u00edmatals og t\u00edma. Tr\u00faarfr\u00e6\u00f0ileg umfj\u00f6llun.\" \/>\n<meta property=\"og:url\" content=\"https:\/\/iwell-guard.com\/is\/mama-killa-tunglgydja-inkanna\/\" \/>\n<meta property=\"og:site_name\" content=\"iWell Guard\" \/>\n<meta property=\"article:modified_time\" content=\"2026-09-05T14:22:51+00:00\" \/>\n<meta property=\"og:image\" content=\"https:\/\/iwell-guard.com\/wp-content\/uploads\/2026\/05\/goetter_anden-inka_mama-killa.webp\" \/>\n\t<meta property=\"og:image:width\" content=\"1024\" \/>\n\t<meta property=\"og:image:height\" content=\"1536\" \/>\n\t<meta property=\"og:image:type\" content=\"image\/webp\" \/>\n<meta name=\"twitter:card\" content=\"summary_large_image\" \/>\n<script type=\"application\/ld+json\" class=\"yoast-schema-graph\">{\"@context\":\"https:\\\/\\\/schema.org\",\"@graph\":[{\"@type\":\"WebPage\",\"@id\":\"https:\\\/\\\/iwell-guard.com\\\/is\\\/mama-killa-tunglgydja-inkanna\\\/\",\"url\":\"https:\\\/\\\/iwell-guard.com\\\/is\\\/mama-killa-tunglgydja-inkanna\\\/\",\"name\":\"Mama Killa \u2013 tunglgy\u00f0ja Inkanna\",\"isPartOf\":{\"@id\":\"https:\\\/\\\/iwell-guard.com\\\/is\\\/#website\"},\"primaryImageOfPage\":{\"@id\":\"https:\\\/\\\/iwell-guard.com\\\/is\\\/mama-killa-tunglgydja-inkanna\\\/#primaryimage\"},\"image\":{\"@id\":\"https:\\\/\\\/iwell-guard.com\\\/is\\\/mama-killa-tunglgydja-inkanna\\\/#primaryimage\"},\"thumbnailUrl\":\"https:\\\/\\\/iwell-guard.com\\\/wp-content\\\/uploads\\\/2026\\\/05\\\/goetter_anden-inka_mama-killa.webp\",\"datePublished\":\"2026-09-05T14:04:04+00:00\",\"dateModified\":\"2026-09-05T14:22:51+00:00\",\"description\":\"Mama Killa, tunglgy\u00f0ja Inkanna, er systir og eiginkona Intis og verndargy\u00f0ja kvenna, t\u00edmatals og t\u00edma. Tr\u00faarfr\u00e6\u00f0ileg umfj\u00f6llun.\",\"breadcrumb\":{\"@id\":\"https:\\\/\\\/iwell-guard.com\\\/is\\\/mama-killa-tunglgydja-inkanna\\\/#breadcrumb\"},\"inLanguage\":\"is\",\"potentialAction\":[{\"@type\":\"ReadAction\",\"target\":[\"https:\\\/\\\/iwell-guard.com\\\/is\\\/mama-killa-tunglgydja-inkanna\\\/\"]}]},{\"@type\":\"ImageObject\",\"inLanguage\":\"is\",\"@id\":\"https:\\\/\\\/iwell-guard.com\\\/is\\\/mama-killa-tunglgydja-inkanna\\\/#primaryimage\",\"url\":\"https:\\\/\\\/iwell-guard.com\\\/wp-content\\\/uploads\\\/2026\\\/05\\\/goetter_anden-inka_mama-killa.webp\",\"contentUrl\":\"https:\\\/\\\/iwell-guard.com\\\/wp-content\\\/uploads\\\/2026\\\/05\\\/goetter_anden-inka_mama-killa.webp\",\"width\":1024,\"height\":1536,\"caption\":\"Gu\u00f0ir \u00far Andes-inka-hef\u00f0inni.\"},{\"@type\":\"BreadcrumbList\",\"@id\":\"https:\\\/\\\/iwell-guard.com\\\/is\\\/mama-killa-tunglgydja-inkanna\\\/#breadcrumb\",\"itemListElement\":[{\"@type\":\"ListItem\",\"position\":1,\"name\":\"Start\",\"item\":\"https:\\\/\\\/iwell-guard.com\\\/is\\\/?page_id=168580\"},{\"@type\":\"ListItem\",\"position\":2,\"name\":\"Mama Killa \u2013 tunglgy\u00f0ja Inkanna\"}]},{\"@type\":\"WebSite\",\"@id\":\"https:\\\/\\\/iwell-guard.com\\\/is\\\/#website\",\"url\":\"https:\\\/\\\/iwell-guard.com\\\/is\\\/\",\"name\":\"iWell Guard\",\"description\":\"Schutz vor dunklen Einfl\u00fcssen\",\"publisher\":{\"@id\":\"https:\\\/\\\/iwell-guard.com\\\/is\\\/#organization\"},\"potentialAction\":[{\"@type\":\"SearchAction\",\"target\":{\"@type\":\"EntryPoint\",\"urlTemplate\":\"https:\\\/\\\/iwell-guard.com\\\/is\\\/?s={search_term_string}\"},\"query-input\":{\"@type\":\"PropertyValueSpecification\",\"valueRequired\":true,\"valueName\":\"search_term_string\"}}],\"inLanguage\":\"is\"},{\"@type\":\"Organization\",\"@id\":\"https:\\\/\\\/iwell-guard.com\\\/is\\\/#organization\",\"name\":\"Ittermann electronic GmbH\",\"url\":\"https:\\\/\\\/iwell-guard.com\\\/is\\\/\",\"logo\":{\"@type\":\"ImageObject\",\"inLanguage\":\"is\",\"@id\":\"https:\\\/\\\/iwell-guard.com\\\/is\\\/#\\\/schema\\\/logo\\\/image\\\/\",\"url\":\"https:\\\/\\\/iwell-guard.com\\\/wp-content\\\/uploads\\\/2026\\\/05\\\/Ittermann-Logo-1182x237-1.png\",\"contentUrl\":\"https:\\\/\\\/iwell-guard.com\\\/wp-content\\\/uploads\\\/2026\\\/05\\\/Ittermann-Logo-1182x237-1.png\",\"width\":1182,\"height\":237,\"caption\":\"Ittermann electronic GmbH\"},\"image\":{\"@id\":\"https:\\\/\\\/iwell-guard.com\\\/is\\\/#\\\/schema\\\/logo\\\/image\\\/\"},\"sameAs\":[\"https:\\\/\\\/pantip.com\\\/profile\\\/9367242\",\"https:\\\/\\\/micro.blog\\\/iwellguard\",\"https:\\\/\\\/www.diggerslist.com\\\/iwellguard\\\/about\",\"https:\\\/\\\/skitterphoto.com\\\/photographers\\\/2870314\\\/iwell-guard\",\"https:\\\/\\\/iwellguard.wordpress.com\\\/2026\\\/06\\\/06\\\/iwell-guard\\\/\",\"https:\\\/\\\/hub.docker.com\\\/u\\\/iwellguard\",\"https:\\\/\\\/www.pinterest.com\\\/iwellguard\\\/\",\"https:\\\/\\\/bit.ly\\\/m\\\/iwellguard\",\"https:\\\/\\\/entre-vos-mains.alsace.eu\\\/profiles\\\/iwellguard\\\/activity\",\"https:\\\/\\\/gravatar.com\\\/reallybeded8fd34\",\"https:\\\/\\\/naijamatta.com\\\/iwellguard\",\"https:\\\/\\\/www.goodreads.com\\\/iwellguard\",\"https:\\\/\\\/profile.hatena.ne.jp\\\/iwellguard\\\/\",\"https:\\\/\\\/experiment.com\\\/users\\\/iwellguard\",\"https:\\\/\\\/wakelet.com\\\/@iWellGuard82270\",\"https:\\\/\\\/www.chordie.com\\\/forum\\\/profile.php?id=2555664\",\"https:\\\/\\\/www.instapaper.com\\\/p\\\/17757966\",\"https:\\\/\\\/www.mapleprimes.com\\\/users\\\/iwellguard\",\"https:\\\/\\\/businesslistingplus.com\\\/profile\\\/iwell-guard\\\/\",\"https:\\\/\\\/telegra.ph\\\/iWell-Guard-06-06\",\"https:\\\/\\\/pbase.com\\\/iwellguard\\\/iwellguard\",\"https:\\\/\\\/b.hatena.ne.jp\\\/iwellguard\\\/20260607#bookmark-4788405196491818882\",\"https:\\\/\\\/fliphtml5.com\\\/home\\\/iwellguard\",\"https:\\\/\\\/anyflip.com\\\/homepage\\\/cmiwl#About\",\"https:\\\/\\\/transfur.com\\\/Users\\\/iwellguard\",\"http:\\\/\\\/delphi.larsbo.org\\\/user\\\/iwellguard\",\"https:\\\/\\\/jobs.lajobsportal.org\\\/profiles\\\/8380803-iwell-guard\",\"https:\\\/\\\/md.chaosdorf.de\\\/s\\\/jfbe5SBdJD\",\"https:\\\/\\\/www.lingvolive.com\\\/en-us\\\/profile\\\/9ecaeaca-ce11-4e51-9e71-01d55e2bff36\\\/translations\",\"https:\\\/\\\/www.fitday.com\\\/fitness\\\/forums\\\/members\\\/iwellguard.html\",\"https:\\\/\\\/www.mymeetbook.com\\\/iwellguard\",\"https:\\\/\\\/pxhere.com\\\/en\\\/photographer-me\\\/5040798\",\"https:\\\/\\\/disqus.com\\\/by\\\/iwellguard\\\/about\\\/\",\"https:\\\/\\\/pastelink.net\\\/hjwciqwq\",\"https:\\\/\\\/pubhtml5.com\\\/homepage\\\/scjhn\\\/\",\"https:\\\/\\\/www.bitchute.com\\\/channel\\\/2O2eOKzNqujT\",\"https:\\\/\\\/audiomack.com\\\/iwellguard\"]}]}<\/script>\n<!-- \/ Yoast SEO Premium plugin. -->","yoast_head_json":{"title":"Mama Killa \u2013 tunglgy\u00f0ja Inkanna","description":"Mama Killa, tunglgy\u00f0ja Inkanna, er systir og eiginkona Intis og verndargy\u00f0ja kvenna, t\u00edmatals og t\u00edma. Tr\u00faarfr\u00e6\u00f0ileg umfj\u00f6llun.","robots":{"index":"index","follow":"follow","max-snippet":"max-snippet:-1","max-image-preview":"max-image-preview:large","max-video-preview":"max-video-preview:-1"},"canonical":"https:\/\/iwell-guard.com\/is\/mama-killa-tunglgydja-inkanna\/","og_locale":"is_IS","og_type":"article","og_title":"Mama Killa \u2013 tunglgy\u00f0ja Inkanna","og_description":"Mama Killa, tunglgy\u00f0ja Inkanna, er systir og eiginkona Intis og verndargy\u00f0ja kvenna, t\u00edmatals og t\u00edma. Tr\u00faarfr\u00e6\u00f0ileg umfj\u00f6llun.","og_url":"https:\/\/iwell-guard.com\/is\/mama-killa-tunglgydja-inkanna\/","og_site_name":"iWell Guard","article_modified_time":"2026-09-05T14:22:51+00:00","og_image":[{"width":1024,"height":1536,"url":"https:\/\/iwell-guard.com\/wp-content\/uploads\/2026\/05\/goetter_anden-inka_mama-killa.webp","type":"image\/webp"}],"twitter_card":"summary_large_image","schema":{"@context":"https:\/\/schema.org","@graph":[{"@type":"WebPage","@id":"https:\/\/iwell-guard.com\/is\/mama-killa-tunglgydja-inkanna\/","url":"https:\/\/iwell-guard.com\/is\/mama-killa-tunglgydja-inkanna\/","name":"Mama Killa \u2013 tunglgy\u00f0ja Inkanna","isPartOf":{"@id":"https:\/\/iwell-guard.com\/is\/#website"},"primaryImageOfPage":{"@id":"https:\/\/iwell-guard.com\/is\/mama-killa-tunglgydja-inkanna\/#primaryimage"},"image":{"@id":"https:\/\/iwell-guard.com\/is\/mama-killa-tunglgydja-inkanna\/#primaryimage"},"thumbnailUrl":"https:\/\/iwell-guard.com\/wp-content\/uploads\/2026\/05\/goetter_anden-inka_mama-killa.webp","datePublished":"2026-09-05T14:04:04+00:00","dateModified":"2026-09-05T14:22:51+00:00","description":"Mama Killa, tunglgy\u00f0ja Inkanna, er systir og eiginkona Intis og verndargy\u00f0ja kvenna, t\u00edmatals og t\u00edma. Tr\u00faarfr\u00e6\u00f0ileg umfj\u00f6llun.","breadcrumb":{"@id":"https:\/\/iwell-guard.com\/is\/mama-killa-tunglgydja-inkanna\/#breadcrumb"},"inLanguage":"is","potentialAction":[{"@type":"ReadAction","target":["https:\/\/iwell-guard.com\/is\/mama-killa-tunglgydja-inkanna\/"]}]},{"@type":"ImageObject","inLanguage":"is","@id":"https:\/\/iwell-guard.com\/is\/mama-killa-tunglgydja-inkanna\/#primaryimage","url":"https:\/\/iwell-guard.com\/wp-content\/uploads\/2026\/05\/goetter_anden-inka_mama-killa.webp","contentUrl":"https:\/\/iwell-guard.com\/wp-content\/uploads\/2026\/05\/goetter_anden-inka_mama-killa.webp","width":1024,"height":1536,"caption":"Gu\u00f0ir \u00far Andes-inka-hef\u00f0inni."},{"@type":"BreadcrumbList","@id":"https:\/\/iwell-guard.com\/is\/mama-killa-tunglgydja-inkanna\/#breadcrumb","itemListElement":[{"@type":"ListItem","position":1,"name":"Start","item":"https:\/\/iwell-guard.com\/is\/?page_id=168580"},{"@type":"ListItem","position":2,"name":"Mama Killa \u2013 tunglgy\u00f0ja Inkanna"}]},{"@type":"WebSite","@id":"https:\/\/iwell-guard.com\/is\/#website","url":"https:\/\/iwell-guard.com\/is\/","name":"iWell Guard","description":"Schutz vor dunklen Einfl\u00fcssen","publisher":{"@id":"https:\/\/iwell-guard.com\/is\/#organization"},"potentialAction":[{"@type":"SearchAction","target":{"@type":"EntryPoint","urlTemplate":"https:\/\/iwell-guard.com\/is\/?s={search_term_string}"},"query-input":{"@type":"PropertyValueSpecification","valueRequired":true,"valueName":"search_term_string"}}],"inLanguage":"is"},{"@type":"Organization","@id":"https:\/\/iwell-guard.com\/is\/#organization","name":"Ittermann electronic GmbH","url":"https:\/\/iwell-guard.com\/is\/","logo":{"@type":"ImageObject","inLanguage":"is","@id":"https:\/\/iwell-guard.com\/is\/#\/schema\/logo\/image\/","url":"https:\/\/iwell-guard.com\/wp-content\/uploads\/2026\/05\/Ittermann-Logo-1182x237-1.png","contentUrl":"https:\/\/iwell-guard.com\/wp-content\/uploads\/2026\/05\/Ittermann-Logo-1182x237-1.png","width":1182,"height":237,"caption":"Ittermann electronic GmbH"},"image":{"@id":"https:\/\/iwell-guard.com\/is\/#\/schema\/logo\/image\/"},"sameAs":["https:\/\/pantip.com\/profile\/9367242","https:\/\/micro.blog\/iwellguard","https:\/\/www.diggerslist.com\/iwellguard\/about","https:\/\/skitterphoto.com\/photographers\/2870314\/iwell-guard","https:\/\/iwellguard.wordpress.com\/2026\/06\/06\/iwell-guard\/","https:\/\/hub.docker.com\/u\/iwellguard","https:\/\/www.pinterest.com\/iwellguard\/","https:\/\/bit.ly\/m\/iwellguard","https:\/\/entre-vos-mains.alsace.eu\/profiles\/iwellguard\/activity","https:\/\/gravatar.com\/reallybeded8fd34","https:\/\/naijamatta.com\/iwellguard","https:\/\/www.goodreads.com\/iwellguard","https:\/\/profile.hatena.ne.jp\/iwellguard\/","https:\/\/experiment.com\/users\/iwellguard","https:\/\/wakelet.com\/@iWellGuard82270","https:\/\/www.chordie.com\/forum\/profile.php?id=2555664","https:\/\/www.instapaper.com\/p\/17757966","https:\/\/www.mapleprimes.com\/users\/iwellguard","https:\/\/businesslistingplus.com\/profile\/iwell-guard\/","https:\/\/telegra.ph\/iWell-Guard-06-06","https:\/\/pbase.com\/iwellguard\/iwellguard","https:\/\/b.hatena.ne.jp\/iwellguard\/20260607#bookmark-4788405196491818882","https:\/\/fliphtml5.com\/home\/iwellguard","https:\/\/anyflip.com\/homepage\/cmiwl#About","https:\/\/transfur.com\/Users\/iwellguard","http:\/\/delphi.larsbo.org\/user\/iwellguard","https:\/\/jobs.lajobsportal.org\/profiles\/8380803-iwell-guard","https:\/\/md.chaosdorf.de\/s\/jfbe5SBdJD","https:\/\/www.lingvolive.com\/en-us\/profile\/9ecaeaca-ce11-4e51-9e71-01d55e2bff36\/translations","https:\/\/www.fitday.com\/fitness\/forums\/members\/iwellguard.html","https:\/\/www.mymeetbook.com\/iwellguard","https:\/\/pxhere.com\/en\/photographer-me\/5040798","https:\/\/disqus.com\/by\/iwellguard\/about\/","https:\/\/pastelink.net\/hjwciqwq","https:\/\/pubhtml5.com\/homepage\/scjhn\/","https:\/\/www.bitchute.com\/channel\/2O2eOKzNqujT","https:\/\/audiomack.com\/iwellguard"]}]}},"_links":{"self":[{"href":"https:\/\/iwell-guard.com\/is\/wp-json\/wp\/v2\/pages\/168922","targetHints":{"allow":["GET"]}}],"collection":[{"href":"https:\/\/iwell-guard.com\/is\/wp-json\/wp\/v2\/pages"}],"about":[{"href":"https:\/\/iwell-guard.com\/is\/wp-json\/wp\/v2\/types\/page"}],"author":[{"embeddable":true,"href":"https:\/\/iwell-guard.com\/is\/wp-json\/wp\/v2\/users\/3"}],"replies":[{"embeddable":true,"href":"https:\/\/iwell-guard.com\/is\/wp-json\/wp\/v2\/comments?post=168922"}],"version-history":[{"count":0,"href":"https:\/\/iwell-guard.com\/is\/wp-json\/wp\/v2\/pages\/168922\/revisions"}],"wp:featuredmedia":[{"embeddable":true,"href":"https:\/\/iwell-guard.com\/is\/wp-json\/wp\/v2\/media\/2680"}],"wp:attachment":[{"href":"https:\/\/iwell-guard.com\/is\/wp-json\/wp\/v2\/media?parent=168922"}],"wp:term":[{"taxonomy":"category","embeddable":true,"href":"https:\/\/iwell-guard.com\/is\/wp-json\/wp\/v2\/categories?post=168922"}],"curies":[{"name":"wp","href":"https:\/\/api.w.org\/{rel}","templated":true}]}}