{"id":168921,"date":"2026-09-05T14:04:04","date_gmt":"2026-09-05T14:04:04","guid":{"rendered":"https:\/\/iwell-guard.com\/?page_id=168921"},"modified":"2026-09-05T14:22:50","modified_gmt":"2026-09-05T14:22:50","slug":"viracocha-skapari-gud-andesfjalla","status":"publish","type":"page","link":"https:\/\/iwell-guard.com\/is\/viracocha-skapari-gud-andesfjalla\/","title":{"rendered":"Viracocha \u2013 skapari-gu\u00f0 Andesfjalla"},"content":{"rendered":"\t\t<div data-elementor-type=\"wp-page\" data-elementor-id=\"168921\" class=\"elementor elementor-168921 elementor-2576 elementor-bc-flex-widget\" data-elementor-post-type=\"page\">\n\t\t\t\t<div class=\"elementor-element elementor-element-iwgw-viracocha-hero e-flex e-con-boxed e-con e-parent\" data-id=\"iwgw-viracocha-hero\" data-element_type=\"container\" data-e-type=\"container\" data-settings=\"{&quot;background_background&quot;:&quot;classic&quot;}\">\n\t\t\t\t\t<div class=\"e-con-inner\">\n\t\t<div class=\"elementor-element elementor-element-iwgw-viracocha-hl e-flex e-con-boxed e-con e-child\" data-id=\"iwgw-viracocha-hl\" data-element_type=\"container\" data-e-type=\"container\">\n\t\t\t\t\t<div class=\"e-con-inner\">\n\t\t<div class=\"elementor-element elementor-element-iwgw-viracocha-htxt e-con-full e-flex e-con e-child\" data-id=\"iwgw-viracocha-htxt\" data-element_type=\"container\" data-e-type=\"container\">\n\t\t\t\t<div class=\"elementor-element elementor-element-iwgw-viracocha-h1 elementor-widget elementor-widget-heading\" data-id=\"iwgw-viracocha-h1\" data-element_type=\"widget\" data-e-type=\"widget\" data-widget_type=\"heading.default\">\n\t\t\t\t\t<h1 class=\"elementor-heading-title elementor-size-default\">Viracocha, skapari-gu\u00f0 og kosm\u00edsk regluvera andneska heimsins<\/h1>\t\t\t\t<\/div>\n\t\t\t\t<div class=\"elementor-element elementor-element-iwgw-viracocha-lead elementor-widget elementor-widget-text-editor\" data-id=\"iwgw-viracocha-lead\" data-element_type=\"widget\" data-e-type=\"widget\" data-widget_type=\"text-editor.default\">\n\t\t\t\t\t\t\t\t\t<p>Viracocha (quechua: <em>Wiraqucha<\/em>) er \u00ed fyrstu heimildum sp\u00e6nska Per\u00fa \u00e6\u00f0sti skapari-gu\u00f0 Andesfjalla, sem skapar heiminn upp \u00far Titicaca-vatninu og myndar mannkyni\u00f0 \u00far steini. \u00cd r\u00edkis-<span class=\"iwg-fachbegriff\" data-tooltip=\"V\u00edsindaleg fr\u00e6\u00f0i um gu\u00f0 og tr\u00fa innan tr\u00faarbrag\u00f0a.\" tabindex=\"0\">gu\u00f0fr\u00e6\u00f0i<\/span> s\u00ed\u00f0ari Inkaveldisins v\u00e9k hann fyrir <a href=\"https:\/\/iwell-guard.com\/is\/?page_id=168919\">Inti<\/a>, en h\u00e9lst \u00e1fram mikilv\u00e6gur sem kosm\u00edsk regla.<\/p>\t\t\t\t\t\t\t\t<\/div>\n\t\t\t\t<\/div>\n\t\t<div class=\"elementor-element elementor-element-iwgw-viracocha-pillc e-con-full e-flex e-con e-child\" data-id=\"iwgw-viracocha-pillc\" data-element_type=\"container\" data-e-type=\"container\">\n\t\t\t\t<div class=\"elementor-element elementor-element-iwgw-viracocha-pills elementor-widget elementor-widget-html\" data-id=\"iwgw-viracocha-pills\" data-element_type=\"widget\" data-e-type=\"widget\" data-widget_type=\"html.default\">\n\t\t\t\t\t<div class=\"iwg-pill-row\"><span class=\"iwg-klasse-badge\" tabindex=\"0\" data-tooltip=\"Skapari \u00ed hef\u00f0 Andesfjalla \/ Inka.\">Skapari<\/span><a href=\"https:\/\/iwell-guard.com\/is\/?page_id=168909\" class=\"iwg-kultur-badge\" tabindex=\"0\" data-tooltip=\"Go\u00f0afr\u00e6\u00f0i hef\u00f0ar Andesfjalla \/ Inka.\">Andesfj\u00f6ll \/ Inka<\/a><span class=\"iwg-tradition-badge\" tabindex=\"0\" data-tooltip=\"Skapari-gu\u00f0.\">Skapari-gu\u00f0<\/span><\/div>\t\t\t\t<\/div>\n\t\t\t\t<\/div>\n\t\t<div class=\"elementor-element elementor-element-iwgw-viracocha-tocc e-con-full e-flex e-con e-child\" data-id=\"iwgw-viracocha-tocc\" data-element_type=\"container\" data-e-type=\"container\">\n\t\t\t\t<div class=\"elementor-element elementor-element-iwgw-viracocha-toc elementor-toc--minimized-on-tablet elementor-widget elementor-widget-table-of-contents\" data-id=\"iwgw-viracocha-toc\" data-element_type=\"widget\" data-e-type=\"widget\" data-settings=\"{&quot;headings_by_tags&quot;:[&quot;h2&quot;,&quot;h3&quot;],&quot;minimize_box&quot;:&quot;yes&quot;,&quot;marker_view&quot;:&quot;bullets&quot;,&quot;no_headings_message&quot;:&quot;Engar undirfyrirsagnir fundust \\u00e1 \\u00feessari s\\u00ed\\u00f0u.&quot;,&quot;exclude_headings_by_selector&quot;:[],&quot;icon&quot;:{&quot;value&quot;:&quot;fas fa-circle&quot;,&quot;library&quot;:&quot;fa-solid&quot;,&quot;rendered_tag&quot;:&quot;&lt;svg class=\\&quot;e-font-icon-svg e-fas-circle\\&quot; viewBox=\\&quot;0 0 512 512\\&quot; xmlns=\\&quot;http:\\\/\\\/www.w3.org\\\/2000\\\/svg\\&quot;&gt;&lt;path d=\\&quot;M256 8C119 8 8 119 8 256s111 248 248 248 248-111 248-248S393 8 256 8z\\&quot;&gt;&lt;\\\/path&gt;&lt;\\\/svg&gt;&quot;},&quot;minimized_on&quot;:&quot;tablet&quot;,&quot;hierarchical_view&quot;:&quot;yes&quot;,&quot;min_height&quot;:{&quot;unit&quot;:&quot;px&quot;,&quot;size&quot;:&quot;&quot;,&quot;sizes&quot;:[]},&quot;min_height_tablet&quot;:{&quot;unit&quot;:&quot;px&quot;,&quot;size&quot;:&quot;&quot;,&quot;sizes&quot;:[]},&quot;min_height_mobile&quot;:{&quot;unit&quot;:&quot;px&quot;,&quot;size&quot;:&quot;&quot;,&quot;sizes&quot;:[]}}\" data-widget_type=\"table-of-contents.default\">\n\t\t\t\t\t\t\t\t\t<div class=\"elementor-toc__header\">\n\t\t\t\t\t\t<h2 class=\"elementor-toc__header-title\">\n\t\t\t\tEfnisyfirlit\t\t\t<\/h2>\n\t\t\t\t\t\t\t\t\t\t<div class=\"elementor-toc__toggle-button elementor-toc__toggle-button--expand\" role=\"button\" tabindex=\"0\" aria-controls=\"elementor-toc__iwgw-viracocha-toc\" aria-expanded=\"true\" aria-label=\"Open table of contents\"><svg aria-hidden=\"true\" class=\"e-font-icon-svg e-fas-chevron-down\" viewBox=\"0 0 448 512\" xmlns=\"http:\/\/www.w3.org\/2000\/svg\"><path d=\"M207.029 381.476L12.686 187.132c-9.373-9.373-9.373-24.569 0-33.941l22.667-22.667c9.357-9.357 24.522-9.375 33.901-.04L224 284.505l154.745-154.021c9.379-9.335 24.544-9.317 33.901.04l22.667 22.667c9.373 9.373 9.373 24.569 0 33.941L240.971 381.476c-9.373 9.372-24.569 9.372-33.942 0z\"><\/path><\/svg><\/div>\n\t\t\t\t<div class=\"elementor-toc__toggle-button elementor-toc__toggle-button--collapse\" role=\"button\" tabindex=\"0\" aria-controls=\"elementor-toc__iwgw-viracocha-toc\" aria-expanded=\"true\" aria-label=\"Close table of contents\"><svg aria-hidden=\"true\" class=\"e-font-icon-svg e-fas-chevron-up\" viewBox=\"0 0 448 512\" xmlns=\"http:\/\/www.w3.org\/2000\/svg\"><path d=\"M240.971 130.524l194.343 194.343c9.373 9.373 9.373 24.569 0 33.941l-22.667 22.667c-9.357 9.357-24.522 9.375-33.901.04L224 227.495 69.255 381.516c-9.379 9.335-24.544 9.317-33.901-.04l-22.667-22.667c-9.373-9.373-9.373-24.569 0-33.941L207.03 130.525c9.372-9.373 24.568-9.373 33.941-.001z\"><\/path><\/svg><\/div>\n\t\t\t\t\t<\/div>\n\t\t\t\t<div id=\"elementor-toc__iwgw-viracocha-toc\" class=\"elementor-toc__body\">\n\t\t\t<div class=\"elementor-toc__spinner-container\">\n\t\t\t\t<svg class=\"elementor-toc__spinner eicon-animation-spin e-font-icon-svg e-eicon-loading\" aria-hidden=\"true\" viewBox=\"0 0 1000 1000\" xmlns=\"http:\/\/www.w3.org\/2000\/svg\"><path d=\"M500 975V858C696 858 858 696 858 500S696 142 500 142 142 304 142 500H25C25 237 238 25 500 25S975 237 975 500 763 975 500 975Z\"><\/path><\/svg>\t\t\t<\/div>\n\t\t<\/div>\n\t\t\t\t\t\t<\/div>\n\t\t\t\t<\/div>\n\t\t\t\t\t<\/div>\n\t\t\t\t<\/div>\n\t\t<div class=\"elementor-element elementor-element-iwgw-viracocha-hr e-con-full e-flex e-con e-child\" data-id=\"iwgw-viracocha-hr\" data-element_type=\"container\" data-e-type=\"container\">\n\t\t\t\t<div class=\"elementor-element elementor-element-iwgw-viracocha-heroimg iwg-hero-image elementor-widget elementor-widget-image\" data-id=\"iwgw-viracocha-heroimg\" data-element_type=\"widget\" data-e-type=\"widget\" data-widget_type=\"image.default\">\n\t\t\t\t\t\t\t\t\t\t\t\t\t\t\t<img fetchpriority=\"high\" decoding=\"async\" width=\"683\" height=\"1024\" src=\"https:\/\/iwell-guard.com\/wp-content\/uploads\/2026\/05\/goetter_anden-inka_viracocha-683x1024.webp\" class=\"attachment-large size-large wp-image-170858\" alt=\"Viracocha - gu\u00f0ir \u00far Andes-inka-hef\u00f0inni, s\u00f6guleg myndskreyting\" srcset=\"https:\/\/iwell-guard.com\/wp-content\/uploads\/2026\/05\/goetter_anden-inka_viracocha-683x1024.webp 683w, https:\/\/iwell-guard.com\/wp-content\/uploads\/2026\/05\/goetter_anden-inka_viracocha-200x300.webp 200w, https:\/\/iwell-guard.com\/wp-content\/uploads\/2026\/05\/goetter_anden-inka_viracocha-768x1152.webp 768w, https:\/\/iwell-guard.com\/wp-content\/uploads\/2026\/05\/goetter_anden-inka_viracocha.webp 1024w\" sizes=\"(max-width: 683px) 100vw, 683px\" \/>\t\t\t\t\t\t\t\t\t\t\t\t\t\t\t<\/div>\n\t\t\t\t<\/div>\n\t\t\t\t\t<\/div>\n\t\t\t\t<\/div>\n\t\t\t\t<section class=\"elementor-section elementor-top-section elementor-element elementor-element-sec-iwgcomp-viracocha elementor-section-boxed elementor-section-height-default elementor-section-height-default\" data-id=\"sec-iwgcomp-viracocha\" data-element_type=\"section\" data-e-type=\"section\">\n\t\t\t\t\t\t<div class=\"elementor-container elementor-column-gap-default\">\n\t\t\t\t\t<div class=\"elementor-column elementor-col-100 elementor-top-column elementor-element elementor-element-col-iwgcomp-viracocha\" data-id=\"col-iwgcomp-viracocha\" data-element_type=\"column\" data-e-type=\"column\">\n\t\t\t<div class=\"elementor-widget-wrap elementor-element-populated\">\n\t\t\t\t\t\t<div class=\"elementor-element elementor-element-iwgcomp-viracocha elementor-widget elementor-widget-text-editor\" data-id=\"iwgcomp-viracocha\" data-element_type=\"widget\" data-e-type=\"widget\" data-widget_type=\"text-editor.default\">\n\t\t\t\t\t\t\t\t\t<p>Viracocha, <strong>skapari-gu\u00f0 Inka<\/strong>, telst vera elsta og \u00e6\u00f0sta h\u00f6fu\u00f0gu\u00f0d\u00f3mur <span class=\"iwg-fachbegriff\" data-tooltip=\"Hugmyndir um uppbyggingu og reglu heimsins innan tiltekinnar menningar.\" tabindex=\"0\">heimsfr\u00e6\u00f0i<\/span> Inka.<\/p>\t\t\t\t\t\t\t\t<\/div>\n\t\t\t\t\t<\/div>\n\t\t<\/div>\n\t\t\t\t\t<\/div>\n\t\t<\/section>\n\t\t<div class=\"elementor-element elementor-element-iwgw-viracocha-s0 e-flex e-con-boxed e-con e-parent\" data-id=\"iwgw-viracocha-s0\" data-element_type=\"container\" data-e-type=\"container\">\n\t\t\t\t\t<div class=\"e-con-inner\">\n\t\t\t\t<div class=\"elementor-element elementor-element-iwgw-viracocha-s0h elementor-widget elementor-widget-heading\" data-id=\"iwgw-viracocha-s0h\" data-element_type=\"widget\" data-e-type=\"widget\" data-widget_type=\"heading.default\">\n\t\t\t\t\t<h2 class=\"elementor-heading-title elementor-size-default\">Sta\u00f0a \u00ed and\u00edsku pantheoninu<\/h2>\t\t\t\t<\/div>\n\t\t<div class=\"elementor-element elementor-element-iwgw-viracocha-s0c e-con-full e-flex e-con e-child\" data-id=\"iwgw-viracocha-s0c\" data-element_type=\"container\" data-e-type=\"container\">\n\t\t\t\t<div class=\"elementor-element elementor-element-iwgw-viracocha-s0t elementor-widget elementor-widget-text-editor\" data-id=\"iwgw-viracocha-s0t\" data-element_type=\"widget\" data-e-type=\"widget\" data-widget_type=\"text-editor.default\">\n\t\t\t\t\t\t\t\t\t<p>Viracocha er gu\u00f0fr\u00e6\u00f0ilega margslungin pers\u00f3na sem birtist \u00ed heimildum undir m\u00f6rgum heitum: <em>Apu Qun Tiqsi Wiraqucha<\/em>, <em>Pachayachachiq<\/em> (heimskennarinn), <em>Illa Tiqsi Wiraqucha<\/em> (lj\u00f3sgrundv\u00f6llur-Wiraqucha). \u00deessi heitan\u00f6fn ber, samkv\u00e6mt \u00e1bendingu Pierre Duviols, a\u00f0 skilja sem v\u00edsbendingu um sanna andneska, hugspekilega <span class=\"iwg-fachbegriff\" data-tooltip=\"V\u00edsindaleg fr\u00e6\u00f0i um gu\u00f0 og tr\u00fa innan tr\u00faarbrag\u00f0a.\" tabindex=\"0\">gu\u00f0fr\u00e6\u00f0i<\/span> sem virka\u00f0i undir yfirbor\u00f0i hins pers\u00f3nuger\u00f0a h\u00e1gu\u00f0d\u00f3ms.<\/p><p>Fyrstu heimildirnir (Cieza de Leon, Sarmiento de Gamboa, Crist\u00f3bal de Molina) setja Viracocha fram sem \u00e6\u00f0stu veru ofar \u00f6llum \u00f6\u00f0rum gu\u00f0um.<\/p><p>Garcilaso de la Vega, sem skrifar s\u00ed\u00f0ar og er meira undir \u00e1hrifum af s\u00ed\u00f0ari upphef\u00f0 Inti \u00e1 t\u00edmum Inkaveldisins, l\u00fdsir sambandinu fl\u00f3knara: Inti s\u00e9 hinn s\u00fdnilegi stj\u00f3rnandi, Viracocha hinn \u00f3s\u00fdnilegi skapari. Tr\u00faarbrag\u00f0afr\u00e6\u00f0ilega m\u00e1 h\u00e9r sj\u00e1 gu\u00f0fr\u00e6\u00f0ilega lagskiptingu, \u00fear sem eldri skapara-tr\u00fa og yngri keisaraleg s\u00f3lar-<span class=\"iwg-fachbegriff\" data-tooltip=\"V\u00edsindaleg fr\u00e6\u00f0i um gu\u00f0 og tr\u00fa innan tr\u00faarbrag\u00f0a.\" tabindex=\"0\">gu\u00f0fr\u00e6\u00f0i<\/span> eru samhli\u00f0a.<\/p><p>Athyglisvert er a\u00f0 \u00e1 aymara-sv\u00e6\u00f0inu var Viracocha kalla\u00f0ur <em>Tunupa<\/em> e\u00f0a <em>Tonopa<\/em>, pers\u00f3na me\u00f0 eigin go\u00f0s\u00f6gulegar fr\u00e1sagnir, sem tr\u00faarbrag\u00f0a\u00fej\u00f3\u00f0fr\u00e6\u00f0ingurinn Therese Bouysse-Cassagne rannsaka\u00f0i \u00edtarlega \u00ed <em>Lluvias y cenizas<\/em> (1988).<\/p><p>Me\u00f0al aymara er Tunupa s\u00ed\u00f0ur afdr\u00e1ttarlaust skapari en Inka-Viracocha, hann hefur einnig svik-go\u00f0-eiginleika og er n\u00e1i\u00f0 tengdur eldvirkni sv\u00e6\u00f0isins.<\/p>\t\t\t\t\t\t\t\t<\/div>\n\t\t\t\t<\/div>\n\t\t\t\t\t<\/div>\n\t\t\t\t<\/div>\n\t\t<div class=\"elementor-element elementor-element-iwgw-viracocha-s1 e-flex e-con-boxed e-con e-parent\" data-id=\"iwgw-viracocha-s1\" data-element_type=\"container\" data-e-type=\"container\">\n\t\t\t\t\t<div class=\"e-con-inner\">\n\t\t\t\t<div class=\"elementor-element elementor-element-iwgw-viracocha-s1h elementor-widget elementor-widget-heading\" data-id=\"iwgw-viracocha-s1h\" data-element_type=\"widget\" data-e-type=\"widget\" data-widget_type=\"heading.default\">\n\t\t\t\t\t<h2 class=\"elementor-heading-title elementor-size-default\">Nafn og or\u00f0sifjar<\/h2>\t\t\t\t<\/div>\n\t\t<div class=\"elementor-element elementor-element-iwgw-viracocha-s1c e-con-full e-flex e-con e-child\" data-id=\"iwgw-viracocha-s1c\" data-element_type=\"container\" data-e-type=\"container\">\n\t\t\t\t<div class=\"elementor-element elementor-element-iwgw-viracocha-s1t elementor-widget elementor-widget-text-editor\" data-id=\"iwgw-viracocha-s1t\" data-element_type=\"widget\" data-e-type=\"widget\" data-widget_type=\"text-editor.default\">\n\t\t\t\t\t\t\t\t\t<p>Uppruni or\u00f0sins <em>Wiraqucha<\/em> hefur lengi veri\u00f0 umdeildur. Garcilaso de la Vega rekur \u00fea\u00f0 til <em>wira<\/em> (fita, rj\u00f3mi) og <em>qucha<\/em> (vatn) og \u00fe\u00fd\u00f0ir \u00fea\u00f0 sem <em>fitu vatnsins<\/em> e\u00f0a <em>fro\u00f0u \u00e1 vatninu<\/em>. \u00deessi or\u00f0sifjask\u00fdring passar vel vi\u00f0 <span class=\"iwg-fachbegriff\" data-tooltip=\"Hef\u00f0bundin fr\u00e1s\u00f6gn um gu\u00f0i, uppruna og reglu heimsins.\" tabindex=\"0\">go\u00f0s\u00f6guna<\/span> um vatns-skaparann fr\u00e1 Titicaca, en er ekki tungum\u00e1lafr\u00e6\u00f0ilega \u00f3yggjandi.<\/p><p>\u00d6nnur lestrara\u00f0fer\u00f0 tengir fyrstu samst\u00f6funa vi\u00f0 <em>wila<\/em> (aymara: bl\u00f3\u00f0) og kemst a\u00f0 <em>bl\u00f3\u00f0i vatnsins<\/em> e\u00f0a hugmyndinni um rautt, eldfjallalegt vatn.<\/p><p>Cesar Itier hefur \u00ed tungum\u00e1lafr\u00e6\u00f0ilegum verkum s\u00ednum (2008, 2013) bent \u00e1 m\u00f6gulega \u00feri\u00f0ju lestrara\u00f0fer\u00f0, \u00fear sem <em>wira<\/em> g\u00e6ti raki\u00f0 sig til fornrar r\u00f3tar <em>wir-<\/em> me\u00f0 merkingunni <em>lj\u00f3mi<\/em> e\u00f0a <em>lj\u00f3sblik<\/em>, \u00fe\u00e1 v\u00e6ri Wiraqucha <em>lj\u00f3sgl\u00f3\u00f0 vatnsins<\/em>.<\/p><p>\u00cd n\u00fdlendum\u00e1li var <em>wiraqucha<\/em> mj\u00f6g sn\u00f6ggt teki\u00f0 upp sem \u00e1varp fyrir Sp\u00e1nverja, upphaflega vegna \u00feess a\u00f0 Inkar t\u00f6ldu skeggja\u00f0a landvinningamennina birtingarmyndir hins skeggja\u00f0a skapara-gu\u00f0s, s\u00ed\u00f0ar sem almennt vir\u00f0ingar\u00e1varp sem enn er nota\u00f0 \u00ed sumum quechua-m\u00e6landi sv\u00e6\u00f0um fyrir <em>herra<\/em> e\u00f0a <em>se\u00f1or<\/em>.<\/p>\t\t\t\t\t\t\t\t<\/div>\n\t\t\t\t<\/div>\n\t\t\t\t\t<\/div>\n\t\t\t\t<\/div>\n\t\t<div class=\"elementor-element elementor-element-iwgw-viracocha-s2 e-flex e-con-boxed e-con e-parent\" data-id=\"iwgw-viracocha-s2\" data-element_type=\"container\" data-e-type=\"container\">\n\t\t\t\t\t<div class=\"e-con-inner\">\n\t\t\t\t<div class=\"elementor-element elementor-element-iwgw-viracocha-s2h elementor-widget elementor-widget-heading\" data-id=\"iwgw-viracocha-s2h\" data-element_type=\"widget\" data-e-type=\"widget\" data-widget_type=\"heading.default\">\n\t\t\t\t\t<h2 class=\"elementor-heading-title elementor-size-default\">L\u00fdsing og myndm\u00e1l<\/h2>\t\t\t\t<\/div>\n\t\t<div class=\"elementor-element elementor-element-iwgw-viracocha-s2c e-con-full e-flex e-con e-child\" data-id=\"iwgw-viracocha-s2c\" data-element_type=\"container\" data-e-type=\"container\">\n\t\t\t\t<div class=\"elementor-element elementor-element-iwgw-viracocha-s2t elementor-widget elementor-widget-text-editor\" data-id=\"iwgw-viracocha-s2t\" data-element_type=\"widget\" data-e-type=\"widget\" data-widget_type=\"text-editor.default\">\n\t\t\t\t\t\t\t\t\t<p>Viracocha er \u00ed heimildunum \u00f3venju oft l\u00fdst sem skeggju\u00f0um \u00f6ldungi sem gengur um Andesfj\u00f6llin me\u00f0 langri skikkju, staf og s\u00f3lark\u00f3r\u00f3nu.<\/p><p>\u00deessi l\u00fdsing v\u00edkur fr\u00e1 d\u00e6miger\u00f0ri frumbyggja\u00e1letrun Andesfjalla, \u00fear sem skeggja\u00f0ir menn eru n\u00e1nast \u00f3\u00feekktir, og hefur leitt til fyrri tilg\u00e1tna um a\u00f0 Viracocha s\u00e9 s\u00f6gulegt endurhlj\u00f3m fr\u00e1 gesti fr\u00e1 Evras\u00edu fyrir t\u00edma K\u00f3lumbusar. \u00deessari tilg\u00e1tu hefur n\u00fat\u00edma ranns\u00f3knarhef\u00f0 hafna\u00f0.<\/p><p>A\u00f0al myndheimildin er hi\u00f0 fr\u00e6ga <em>S\u00f3larhli\u00f0 Tiwanaku<\/em> (u.\u00fe.b. 600\u20131000 e.Kr.), \u00ed mi\u00f0ju \u00feess birtist mynd me\u00f0 geislak\u00f3r\u00f3nu og samhverfum \u00fatr\u00e9ttum \u00f6rmum, sem halda \u00e1 tveimur st\u00f6fum (oft t\u00falka\u00f0ir sem spj\u00f3t-sl\u00f6ngvur).<\/p><p>\u00deessi svokalla\u00f0a <em>Staffgod<\/em>-mynd er reglulega tengd Viracocha \u00ed fornleifafr\u00e6\u00f0ilegum ritum, \u00fe\u00f3tt innf\u00e6ddur (emic) heiti Tiwanaku-menningarinnar \u00e1 \u00feessari mynd hafi ekki var\u00f0veist. Karen Wise og John Janusek hafa \u00edtreka\u00f0 \u00ed Tiwanaku-ranns\u00f3knum s\u00ednum vara\u00f0 vi\u00f0 vark\u00e1rni \u00ed \u00feessari sams\u00f6mun.<\/p><p>Algeng er einnig tengingin milli Viracocha og h\u00f6fu\u00f0borgar Inka, Cusco, og a\u00f0al-<span class=\"iwg-fachbegriff\" data-tooltip=\"Bygging sem er notu\u00f0 til tilbei\u00f0slu einum e\u00f0a fleiri gu\u00f0d\u00f3mum.\" tabindex=\"0\">hofs<\/span> hennar, Coricancha. Sagt er, samkv\u00e6mt Sarmiento, a\u00f0 Inkinn Pachacuti hafi l\u00e1ti\u00f0 reisa eigin styttu af Wiraqucha \u00ed Coricancha, heildst\u00e6\u00f0a gullstyttu sem Sp\u00e1nverjar fundu enn \u00e1ri\u00f0 1532.<\/p>\t\t\t\t\t\t\t\t<\/div>\n\t\t\t\t<\/div>\n\t\t\t\t\t<\/div>\n\t\t\t\t<\/div>\n\t\t<div class=\"elementor-element elementor-element-iwgw-viracocha-s3 e-flex e-con-boxed e-con e-parent\" data-id=\"iwgw-viracocha-s3\" data-element_type=\"container\" data-e-type=\"container\">\n\t\t\t\t\t<div class=\"e-con-inner\">\n\t\t\t\t<div class=\"elementor-element elementor-element-iwgw-viracocha-s3h elementor-widget elementor-widget-heading\" data-id=\"iwgw-viracocha-s3h\" data-element_type=\"widget\" data-e-type=\"widget\" data-widget_type=\"heading.default\">\n\t\t\t\t\t<h2 class=\"elementor-heading-title elementor-size-default\">Go\u00f0sagnakenndar fr\u00e1sagnir<\/h2>\t\t\t\t<\/div>\n\t\t<div class=\"elementor-element elementor-element-iwgw-viracocha-s3c e-con-full e-flex e-con e-child\" data-id=\"iwgw-viracocha-s3c\" data-element_type=\"container\" data-e-type=\"container\">\n\t\t\t\t<div class=\"elementor-element elementor-element-iwgw-viracocha-s3t elementor-widget elementor-widget-text-editor\" data-id=\"iwgw-viracocha-s3t\" data-element_type=\"widget\" data-e-type=\"widget\" data-widget_type=\"text-editor.default\">\n\t\t\t\t\t\t\t\t\t<p>H\u00f6fu\u00f0go\u00f0sagan hefst \u00e1 t\u00edmabili myrkurs \u00ed heiminum. Viracocha birtist \u00e1 <em>Isla del Sol<\/em> \u00ed Titicaca-vatni og skapar fyrst mannkyn \u00far steini, en ey\u00f0ir \u00fev\u00ed s\u00ed\u00f0ar \u00ed hinu miklu fl\u00f3\u00f0i vegna \u00f3hl\u00fd\u00f0ni.<\/p><p>Samkv\u00e6mt Cristobal de Molina myndar hann s\u00ed\u00f0an a\u00f0ra manntegund \u00far leir \u00ed <em>Tiwanaku<\/em>, \u00fathlutar hverjum \u00fej\u00f3\u00f0flokki sitt tungum\u00e1l, kl\u00e6\u00f0na\u00f0 og heimkynni og sendir \u00fe\u00e1 af sta\u00f0 til a\u00f0 fer\u00f0ast yfir Andesfj\u00f6llin.<\/p><p>\u00cd kj\u00f6lfari\u00f0 gengur Viracocha sj\u00e1lfur nor\u00f0ur eftir Andesfj\u00f6llunum, kennir m\u00f6nnum akuryrkju, vefna\u00f0 og tr\u00faari\u00f0kun og yfirgefur a\u00f0 lokum heiminn vi\u00f0 str\u00f6nd Kyrrahafsins me\u00f0 \u00fev\u00ed a\u00f0 ganga \u00fat \u00e1 vatni\u00f0 og hverfa \u00ed vestur.<\/p><p>Sumir inkagu\u00f0fr\u00e6\u00f0ingar t\u00falku\u00f0u \u00feennan loka\u00fe\u00e1tt \u00feannig a\u00f0 Viracocha myndi einn daginn sn\u00faa aftur \u00far vestri, mess\u00ed\u00f6nsk v\u00e6ntanleg sem \u00e1 fyrstu \u00e1rum sp\u00e6nska landvinningsins var um skei\u00f0 tengd vi\u00f0 landvinningamennina (conquistadorana), sem hj\u00e1lpar a\u00f0 \u00fatsk\u00fdra hi\u00f0 hra\u00f0a herna\u00f0arlega hrun Inkaveldisins.<\/p><p>Sonur Viracocha kemur fram \u00ed nokkrum heimildum sem <em>Imaymana Viracocha<\/em> e\u00f0a <em>Tocapo Viracocha<\/em>, sem taldir eru br\u00e6\u00f0ur e\u00f0a f\u00f6runautar skaparans er \u00feeir fer\u00f0ast um Andesfj\u00f6llin og skapa alheimslega reglu.<\/p><p>\u00deessi \u00ferenning Wiraqucha-gu\u00f0anna minnti sp\u00e6nska ann\u00e1lah\u00f6funda \u00e1 hina kristnu heil\u00f6gu \u00ferenningu, sem hefur leitt til umr\u00e6\u00f0u um m\u00f6gulegan tr\u00fabo\u00f0 fyrir komu Sp\u00e1nverja, en \u00fea\u00f0 er s\u00f6guleg sta\u00f0reynd sem ekki er sannanleg.<\/p><p>S\u00e9rlega mikilv\u00e6g heimild er <span class=\"iwg-fachbegriff\" data-tooltip=\"S\u00f6gn sem var\u00f0veitt hefur veri\u00f0 um gu\u00f0i, uppruna og skipan heimsins.\" tabindex=\"0\">go\u00f0sagan<\/span> um <em>Cacha-eldfjalli\u00f0<\/em>, sem Cieza de Leon (1553) var\u00f0veitti: Samkv\u00e6mt henni kom Viracocha til Cacha, \u00fear sem \u00edb\u00faarnir vildu ekki tr\u00faa honum vegna framandlegs \u00fatlits hans og r\u00e6ddust \u00e1 hann.<\/p><p>\u00de\u00e1 l\u00e9t skaparinn eld falla af himni og brenndi landi\u00f0 uns \u00edb\u00faar Cacha s\u00e1u sekt s\u00edna og b\u00e6nu\u00f0u um fyrirgefningu hans.<\/p><p>Fornleifafundir um hraunbe\u00f0 eldfjalls n\u00e1l\u00e6gt Raqchi\/Cacha hafa gefi\u00f0 <span class=\"iwg-fachbegriff\" data-tooltip=\"S\u00f6gn sem var\u00f0veitt hefur veri\u00f0 um gu\u00f0i, uppruna og skipan heimsins.\" tabindex=\"0\">go\u00f0s\u00f6gninni<\/span> sk\u00fdranlega jar\u00f0fr\u00e6\u00f0ilega tilv\u00edsun. Sarmiento de Gamboa greinir fr\u00e1 \u00fev\u00ed a\u00f0 Inkarnir hafi s\u00ed\u00f0ar reist \u00e1 \u00feessum sta\u00f0 hi\u00f0 mikla tv\u00edhli\u00f0a hof me\u00f0 h\u00e1um leirt\u00edgulveggjum, en r\u00fastir \u00feeirra r\u00e1\u00f0a enn yfir dalnum \u00ed dag.<\/p>\t\t\t\t\t\t\t\t<\/div>\n\t\t\t\t<\/div>\n\t\t\t\t\t<\/div>\n\t\t\t\t<\/div>\n\t\t<div class=\"elementor-element elementor-element-iwgw-viracocha-s4 e-flex e-con-boxed e-con e-parent\" data-id=\"iwgw-viracocha-s4\" data-element_type=\"container\" data-e-type=\"container\">\n\t\t\t\t\t<div class=\"e-con-inner\">\n\t\t\t\t<div class=\"elementor-element elementor-element-iwgw-viracocha-s4h elementor-widget elementor-widget-heading\" data-id=\"iwgw-viracocha-s4h\" data-element_type=\"widget\" data-e-type=\"widget\" data-widget_type=\"heading.default\">\n\t\t\t\t\t<h2 class=\"elementor-heading-title elementor-size-default\">D\u00fdrkun og tilbei\u00f0sla<\/h2>\t\t\t\t<\/div>\n\t\t<div class=\"elementor-element elementor-element-iwgw-viracocha-s4c e-con-full e-flex e-con e-child\" data-id=\"iwgw-viracocha-s4c\" data-element_type=\"container\" data-e-type=\"container\">\n\t\t\t\t<div class=\"elementor-element elementor-element-iwgw-viracocha-s4t elementor-widget elementor-widget-text-editor\" data-id=\"iwgw-viracocha-s4t\" data-element_type=\"widget\" data-e-type=\"widget\" data-widget_type=\"text-editor.default\">\n\t\t\t\t\t\t\t\t\t<p>S\u00e9rt\u00e6k Viracocha-<span class=\"iwg-fachbegriff\" data-tooltip=\"\u00d6ll tr\u00faarleg tilbei\u00f0sluath\u00f6fn fyrir gu\u00f0 e\u00f0a heilaga veru.\" tabindex=\"0\">d\u00fdrkun<\/span> var minna stofnanabundin en Inti-<span class=\"iwg-fachbegriff\" data-tooltip=\"\u00d6ll tr\u00faarleg tilbei\u00f0sluath\u00f6fn fyrir gu\u00f0 e\u00f0a heilaga veru.\" tabindex=\"0\">d\u00fdrkunin<\/span>. A\u00f0altilbei\u00f0slusta\u00f0irnir voru \u00ed Coricancha \u00ed Cusco, \u00fear sem s\u00e9rstakt Viracocha-h\u00f3lf var til, auk hinna fyrir-inka\u00edsku helgista\u00f0a \u00ed Pacaritambo, Tiwanaku og \u00e1 Isla del Sol.<\/p><p>Sumir ann\u00e1lah\u00f6fundar tengdu einnig hinn mikla tilbei\u00f0slusta\u00f0akomplex \u00ed Pachacamac \u00e1 str\u00f6nd Per\u00fa vi\u00f0 Viracocha, \u00fe\u00f3tt \u00fear hafi frekar v\u00e9fr\u00e9ttargu\u00f0inn <a href=\"https:\/\/iwell-guard.com\/is\/?page_id=168923\">Pachakamak<\/a> veri\u00f0 tilbe\u00f0inn.<\/p><p>Inkak\u00f3ngurinn Pachacuti (r\u00edkti 1438, 1471) er samkv\u00e6mt Sarmiento de Gamboa talinn hafa veri\u00f0 mikill hvatama\u00f0ur Viracocha-d\u00fdrkunar. Sagt er a\u00f0 Pachacuti hafi heyrt r\u00f6dd skaparans \u00ed vitrun og \u00ed kj\u00f6lfari\u00f0 reist <span class=\"iwg-fachbegriff\" data-tooltip=\"Byggingarverk sem \u00fej\u00f3nar tilbei\u00f0slu einnar e\u00f0a fleiri gu\u00f0a.\" tabindex=\"0\">hof<\/span> b\u00e6\u00f0i \u00ed Cusco og \u00ed Cacha-h\u00e9ra\u00f0i.<\/p><p>Fornleifasv\u00e6\u00f0i\u00f0 <em>Raqchi<\/em> n\u00e1l\u00e6gt San Pedro de Cacha, me\u00f0 st\u00f3rfenglegum leirt\u00edgulveggjum, er hef\u00f0bundi\u00f0 tali\u00f0 vera hi\u00f0 mikla Viracocha-<span class=\"iwg-fachbegriff\" data-tooltip=\"Byggingarverk sem \u00fej\u00f3nar tilbei\u00f0slu einnar e\u00f0a fleiri gu\u00f0a.\" tabindex=\"0\">hof<\/span> Pachacuti.<\/p><p>F\u00f3rnarath\u00f6fn fyrir Viracocha innih\u00e9lt lamaf\u00f3rnir (venjulega hv\u00edta lamahryssu, \u00f6fugt vi\u00f0 br\u00fana hryssu fyrir Inti), brennslu ma\u00eds- og k\u00f3kalaufa og hellingar af chicha. \u00d3l\u00edkt Inti-<span class=\"iwg-fachbegriff\" data-tooltip=\"\u00d6ll tr\u00faarleg tilbei\u00f0sluath\u00f6fn fyrir gu\u00f0 e\u00f0a heilaga veru.\" tabindex=\"0\">d\u00fdrkuninni<\/span> var ekki fastsettur \u00e1kve\u00f0inn t\u00edmi dags, \u00fear sem Viracocha var talinn standa yfir himintunglunum.<\/p>\t\t\t\t\t\t\t\t<\/div>\n\t\t\t\t<\/div>\n\t\t\t\t\t<\/div>\n\t\t\t\t<\/div>\n\t\t<div class=\"elementor-element elementor-element-iwgw-viracocha-s5 e-flex e-con-boxed e-con e-parent\" data-id=\"iwgw-viracocha-s5\" data-element_type=\"container\" data-e-type=\"container\">\n\t\t\t\t\t<div class=\"e-con-inner\">\n\t\t\t\t<div class=\"elementor-element elementor-element-iwgw-viracocha-s5h elementor-widget elementor-widget-heading\" data-id=\"iwgw-viracocha-s5h\" data-element_type=\"widget\" data-e-type=\"widget\" data-widget_type=\"heading.default\">\n\t\t\t\t\t<h2 class=\"elementor-heading-title elementor-size-default\">Verndara\u00f0ger\u00f0ir og fr\u00e1hrindandi t\u00e1kn<\/h2>\t\t\t\t<\/div>\n\t\t<div class=\"elementor-element elementor-element-iwgw-viracocha-s5c e-con-full e-flex e-con e-child\" data-id=\"iwgw-viracocha-s5c\" data-element_type=\"container\" data-e-type=\"container\">\n\t\t\t\t<div class=\"elementor-element elementor-element-iwgw-viracocha-s5t elementor-widget elementor-widget-text-editor\" data-id=\"iwgw-viracocha-s5t\" data-element_type=\"widget\" data-e-type=\"widget\" data-widget_type=\"text-editor.default\">\n\t\t\t\t\t\t\t\t\t<p>S\u00e9rt\u00e6k verndara\u00f0fer\u00f0 fyrir Viracocha er varla greinanleg \u00ed heimildum. Skaparagu\u00f0inn var \u00ed inkat\u00edmans <span class=\"iwg-fachbegriff\" data-tooltip=\"V\u00edsindaleg fr\u00e6\u00f0igrein um gu\u00f0 og tr\u00fa innan tr\u00faarbrag\u00f0a.\" tabindex=\"0\">gu\u00f0fr\u00e6\u00f0i<\/span> of fjarl\u00e6gur og of almennur til a\u00f0 vera \u00e1varpa\u00f0ur beint \u00ed einst\u00f6kum l\u00edfsa\u00f0st\u00e6\u00f0um. Verndartengda tilbei\u00f0slan snerist frekar um millimi\u00f0larapers\u00f3nurnar, Inti, <a href=\"https:\/\/iwell-guard.com\/is\/?page_id=168924\">Illapa<\/a> og hina sta\u00f0bundnu fjallaherra <em>Apu<\/em>, me\u00f0an Viracocha starfa\u00f0i sem dj\u00fapst\u00e6\u00f0 skipulagsregla \u00ed baks\u00fdn.<\/p><p>\u00de\u00f3 er \u00ed skj\u00f6lum <em>extirpacion de idolatrias<\/em> (17. \u00f6ld) endurteki\u00f0 tala\u00f0 um heimilist\u00f6fragripi \u00ed formi l\u00edtilla steinf\u00edg\u00fara, kalla\u00f0ar <em>conopa<\/em> e\u00f0a <em>illa<\/em>, sem hafa tengsl vi\u00f0 Viracocha-<span class=\"iwg-fachbegriff\" data-tooltip=\"V\u00edsindaleg fr\u00e6\u00f0igrein um gu\u00f0 og tr\u00fa innan tr\u00faarbrag\u00f0a.\" tabindex=\"0\">gu\u00f0fr\u00e6\u00f0ina<\/span>.<\/p><p>\u00deessar steinf\u00edg\u00farur, mest \u00ed formi l\u00edtilla lama, ma\u00edss e\u00f0a mannl\u00edkinga, voru taldar l\u00edkamningar skapandi kraftar sem \u00e1tti a\u00f0 flytja inn \u00e1 heimili\u00f0 og verja \u00fea\u00f0. \u00de\u00e6r voru var\u00f0veittar \u00ed ne\u00f0ri l\u00f6gum veggkl\u00e6\u00f0ninga e\u00f0a undir eldst\u00e6\u00f0inu og var st\u00f6kkt \u00e1 \u00fe\u00e6r lamafitu og chicha \u00e1 h\u00e1t\u00ed\u00f0ard\u00f6gum.<\/p><p>Tr\u00faarbrag\u00f0afr\u00e6\u00f0ilega er mikilv\u00e6gt a\u00f0 \u00feessi conopa-ath\u00f6fn var ekki hugsu\u00f0 sem t\u00f6frandi nau\u00f0ung heldur sem um\u00f6nnun sambands vi\u00f0 hina skapandi heimssubstansu sem lif\u00f0i \u00ed h\u00fasinu, akrinum og hj\u00f6r\u00f0inni. iWell Guard-samhengi\u00f0 l\u00fdsir \u00feessari ath\u00f6fn sem s\u00f6gulegu fyrirb\u00e6ri, ekki sem r\u00e1\u00f0leggingu um virkni.<\/p><p>\u00cd dagsdaglegri \u00fej\u00f3\u00f0tr\u00faari\u00f0kun samf\u00e9laga \u00ed h\u00e1lendi Per\u00fa og B\u00f3liv\u00edu eru conopa-steinf\u00edg\u00farurnar \u00ed m\u00f6rgum tilvikum enn \u00ed notkun undir n\u00fdja nafninu <em>illa<\/em>.<\/p><p>\u00de\u00e6r eru fyrst og fremst nota\u00f0ar af hjar\u00f0f\u00f3lki sem var\u00f0veitir litlar lama-\u00far-steini e\u00f0a skornar alpakaf\u00edg\u00farur undir dyra\u00fer\u00f6skuldinum e\u00f0a \u00ed svefnherberginu til a\u00f0 tryggja heilsu hjar\u00f0arins. Olivia Harris hefur \u00ed <em>Of Bread and Blood<\/em> (2000) skjalfest \u00e1framhaldandi tilvist \u00feessarar athafnar \u00ed aymarasamf\u00e9l\u00f6gum B\u00f3liv\u00edu.<\/p>\t\t\t\t\t\t\t\t<\/div>\n\t\t\t\t<\/div>\n\t\t\t\t\t<\/div>\n\t\t\t\t<\/div>\n\t\t<div class=\"elementor-element elementor-element-iwgw-viracocha-s6 e-flex e-con-boxed e-con e-parent\" data-id=\"iwgw-viracocha-s6\" data-element_type=\"container\" data-e-type=\"container\">\n\t\t\t\t\t<div class=\"e-con-inner\">\n\t\t\t\t<div class=\"elementor-element elementor-element-iwgw-viracocha-s6h elementor-widget elementor-widget-heading\" data-id=\"iwgw-viracocha-s6h\" data-element_type=\"widget\" data-e-type=\"widget\" data-widget_type=\"heading.default\">\n\t\t\t\t\t<h2 class=\"elementor-heading-title elementor-size-default\">Hli\u00f0st\u00e6\u00f0ur \u00ed \u00f6\u00f0rum menningarheimum<\/h2>\t\t\t\t<\/div>\n\t\t<div class=\"elementor-element elementor-element-iwgw-viracocha-s6c e-con-full e-flex e-con e-child\" data-id=\"iwgw-viracocha-s6c\" data-element_type=\"container\" data-e-type=\"container\">\n\t\t\t\t<div class=\"elementor-element elementor-element-iwgw-viracocha-s6t elementor-widget elementor-widget-text-editor\" data-id=\"iwgw-viracocha-s6t\" data-element_type=\"widget\" data-e-type=\"widget\" data-widget_type=\"text-editor.default\">\n\t\t\t\t\t\t\t\t\t<p>\u00c1 byggingarstigi m\u00e1 bera Viracocha saman vi\u00f0 a\u00f0rar <em>deus otiosus<\/em>-verur tr\u00faarbrag\u00f0as\u00f6gunnar, sk\u00f6punargu\u00f0i sem hverfa \u00ed bakgrunninn eftir sk\u00f6punina og f\u00e1 minni beinan <span class=\"iwg-fachbegriff\" data-tooltip=\"Heildarsafn tr\u00faarlegra d\u00fdrkunarathafna fyrir gu\u00f0 e\u00f0a heilaga veru.\" tabindex=\"0\">d\u00fdrkun<\/span> en yngri s\u00e9rgu\u00f0ir. Mircea Eliade l\u00fdsti \u00feessu mynstri \u00ed afr\u00edskum og s\u00edber\u00edskum tr\u00faarbr\u00f6g\u00f0um; Pierre Duviols og Henrique Urbano hafa beitt \u00fev\u00ed \u00e1 Viracocha.<\/p><p>Skyldir eru til d\u00e6mis fornafr\u00edski h\u00e1gu\u00f0inn <em>Nyame<\/em> hj\u00e1 Akan-f\u00f3lkinu, p\u00f3l\u00fdnes\u00edski h\u00e1gu\u00f0inn <em>Io<\/em> hj\u00e1 Ma\u00f3rum e\u00f0a \u00e1str\u00f6lsk-frumbyggjaverurin <em>Baiame<\/em>. \u00cd \u00f6llum \u00feessum tilvikum er sk\u00f6punargu\u00f0 sem hv\u00edlir fjarl\u00e6gur \u00e1 himnum, \u00e1 me\u00f0an hversdagsleg tr\u00faarleg i\u00f0kun sn\u00fdr a\u00f0 yngri, n\u00e1l\u00e6gari gu\u00f0um.<\/p><p>Innan Andesfjalla er Viracocha n\u00e1skyldur str\u00f6ndargu\u00f0inum Pachakamak; \u00ed nokkrum ann\u00e1lum eru \u00feeir tveir sag\u00f0ir vera fa\u00f0ir og sonur, e\u00f0a br\u00e6\u00f0ur.<\/p><p>Mary Eyzaguirre rannsaka\u00f0i \u00ed verki s\u00ednu um Pachakamak-<span class=\"iwg-fachbegriff\" data-tooltip=\"Heildarsafn tr\u00faarlegra d\u00fdrkunarathafna fyrir gu\u00f0 e\u00f0a heilaga veru.\" tabindex=\"0\">d\u00fdrkunina<\/span> (2003) r\u00e6kilega hi\u00f0 gu\u00f0fr\u00e6\u00f0ilega samspil \u00feessara tveggja h\u00e1gu\u00f0a. Samb\u00e6rilegar sk\u00f6punargu\u00f0averur finnast \u00ed nor\u00f0ur-amer\u00edsku samhengi me\u00f0al annars \u00ed <a href=\"https:\/\/iwell-guard.com\/is\/?page_id=168929\">Wakan Tanka<\/a> Lak\u00f3ta og \u00ed <a href=\"https:\/\/iwell-guard.com\/is\/?page_id=168932\">Tunkasila<\/a>-forfe\u00f0runni.<\/p><p>\u00cd fr\u00e6\u00f0ilegri umr\u00e6\u00f0u um Viracocha hefur einnig veri\u00f0 tekist \u00e1 um \u00fea\u00f0 hvort skilja beri sk\u00f6punargu\u00f0fr\u00e6\u00f0i Andesfjalla sem eingy\u00f0istr\u00fa e\u00f0a fj\u00f6lgy\u00f0istr\u00fa.<\/p><p>Pierre Duviols h\u00e9lt \u00fev\u00ed fram \u00ed <em>Cultura andina y represion<\/em> (1986) a\u00f0 <span class=\"iwg-fachbegriff\" data-tooltip=\"V\u00edsindaleg fr\u00e6\u00f0igrein um Gu\u00f0 og tr\u00fa tiltekinna tr\u00faarbrag\u00f0a.\" tabindex=\"0\">gu\u00f0fr\u00e6\u00f0i<\/span> Inkat\u00edmans samsvari hvorki klass\u00edskri <span class=\"iwg-fachbegriff\" data-tooltip=\"Tr\u00fain \u00e1 einn gu\u00f0.\" tabindex=\"0\">eingy\u00f0istr\u00fa<\/span> n\u00e9 klass\u00edskri <span class=\"iwg-fachbegriff\" data-tooltip=\"Tr\u00fain \u00e1 marga gu\u00f0i.\" tabindex=\"0\">fj\u00f6lgy\u00f0istr\u00fa<\/span>, heldur nokkurs konar <em>hengy\u00f0istr\u00fa<\/em>, \u00fear sem h\u00e1gu\u00f0 stendur \u00ed bakgrunni \u00e1 me\u00f0an fj\u00f6lmargar l\u00e6gri verur eru d\u00fdrka\u00f0ar.<\/p><p>\u00deessa flokkun setti Max Mueller fram \u00e1 19. \u00f6ld um ved\u00edska hind\u00faisma og h\u00fan m\u00e1 yfirf\u00e6ra \u00e1 a\u00f0st\u00e6\u00f0ur \u00ed Andesfj\u00f6llum.<\/p><p>Samanbur\u00f0ur vi\u00f0 fornpersneska <em>Ahura Mazda<\/em>, mes\u00f3p\u00f3tam\u00edska <em>An<\/em> e\u00f0a forngr\u00edska <em>Ouranos<\/em> hefur einnig marka\u00f0 spor \u00ed fr\u00e6\u00f0iritum. \u00cd \u00f6llum \u00feremur tilvikum er um sk\u00f6punarverur a\u00f0 r\u00e6\u00f0a sem v\u00edkja skipulagslega fyrir yngri h\u00f6fu\u00f0gu\u00f0um (Mithra, Marduk, Seif) en halda \u00e1fram a\u00f0 vera lykilatri\u00f0i \u00ed gu\u00f0fr\u00e6\u00f0ilegri og heimspekilegri hugsun.<\/p>\t\t\t\t\t\t\t\t<\/div>\n\t\t\t\t<\/div>\n\t\t\t\t\t<\/div>\n\t\t\t\t<\/div>\n\t\t<div class=\"elementor-element elementor-element-iwgw-viracocha-s7 e-flex e-con-boxed e-con e-parent\" data-id=\"iwgw-viracocha-s7\" data-element_type=\"container\" data-e-type=\"container\">\n\t\t\t\t\t<div class=\"e-con-inner\">\n\t\t\t\t<div class=\"elementor-element elementor-element-iwgw-viracocha-s7h elementor-widget elementor-widget-heading\" data-id=\"iwgw-viracocha-s7h\" data-element_type=\"widget\" data-e-type=\"widget\" data-widget_type=\"heading.default\">\n\t\t\t\t\t<h2 class=\"elementor-heading-title elementor-size-default\">N\u00fat\u00edmavi\u00f0t\u00f6kur og ranns\u00f3knir<\/h2>\t\t\t\t<\/div>\n\t\t<div class=\"elementor-element elementor-element-iwgw-viracocha-s7c e-con-full e-flex e-con e-child\" data-id=\"iwgw-viracocha-s7c\" data-element_type=\"container\" data-e-type=\"container\">\n\t\t\t\t<div class=\"elementor-element elementor-element-iwgw-viracocha-s7t elementor-widget elementor-widget-text-editor\" data-id=\"iwgw-viracocha-s7t\" data-element_type=\"widget\" data-e-type=\"widget\" data-widget_type=\"text-editor.default\">\n\t\t\t\t\t\t\t\t\t<p><span class=\"iwg-fachbegriff\" data-tooltip=\"Heildarsafn tr\u00faarlegra d\u00fdrkunarathafna fyrir gu\u00f0 e\u00f0a heilaga veru.\" tabindex=\"0\">D\u00fdrkun<\/span> Viracocha lag\u00f0ist a\u00f0 mestu af me\u00f0 landvinningunum. Sp\u00e6nska tr\u00fabo\u00f0i\u00f0 samsama\u00f0i sk\u00f6punargu\u00f0inn skj\u00f3tt vi\u00f0 kristna gu\u00f0inn, sem greiddi fyrir kristnit\u00f6ku en olli \u00fev\u00ed samt\u00edmis a\u00f0 sj\u00e1lfst\u00e6\u00f0 Viracocha-tilbei\u00f0sla dofna\u00f0i.<\/p><p>\u00cd n\u00fat\u00edma kvesj\u00fam\u00e6landi samf\u00e9l\u00f6gum h\u00e1lendisins er <em>Wiraqucha<\/em> \u00ed dag ekki lengur sj\u00e1lfst\u00e6tt tilbei\u00f0sluefni, heldur heiti \u00e1 hinum ka\u00fe\u00f3lsk-kristna gu\u00f0i (<em>Dios Wiraqucha<\/em>) e\u00f0a \u00e1 vir\u00f0ulegum, \u00f6ldnum manni.<\/p><p>\u00cd fr\u00e6\u00f0ilegum ranns\u00f3knum hefur Viracocha \u00e1fram \u00fe\u00fd\u00f0ingu sem t\u00e1kn fyrir sk\u00f6punargu\u00f0fr\u00e6\u00f0i fyrir t\u00edma keisaraveldisins. Henrique Urbano (<em>Wiraqocha y Ayar<\/em>, 1981), Pierre Duviols, Therese Bouysse-Cassagne og Cesar Itier hafa \u00e1 s\u00ed\u00f0ustu \u00e1ratugum s\u00fdnt fram \u00e1 hvernig sp\u00e6nskir ann\u00e1lah\u00f6fundar l\u00e1su og a\u00f0 hluta til umbreyttu <span class=\"iwg-fachbegriff\" data-tooltip=\"V\u00edsindaleg fr\u00e6\u00f0igrein um Gu\u00f0 og tr\u00fa tiltekinna tr\u00faarbrag\u00f0a.\" tabindex=\"0\">gu\u00f0fr\u00e6\u00f0ilegum<\/span> hugt\u00f6kum Andesfjalla \u00ed gegnum kristnar linsur.<\/p><p>\u00dea\u00f0 er \u00fev\u00ed a\u00f0fer\u00f0afr\u00e6\u00f0ilega erfitt a\u00f0 endurgera hinn upprunalega Viracocha fr\u00e1 t\u00edmanum fyrir Inka og \u00e1 Inkat\u00edmanum \u00fat fr\u00e1 ann\u00e1laheimildum.<\/p><p>Fornleifafr\u00e6\u00f0ilega hafa ranns\u00f3knir \u00e1 <em>stafgu\u00f0inum<\/em> (Staffgod) \u00ed Tiwanaku, Chav\u00edn (me\u00f0 hinu fr\u00e6ga Raimondi-<span class=\"iwg-fachbegriff\" data-tooltip=\"Uppr\u00e9ttur, \u00e1letra\u00f0ur e\u00f0a myndskreyttur steinn e\u00f0a vi\u00f0arplata.\" tabindex=\"0\">st\u00edl<\/span>) og Wari veitt n\u00fdjar v\u00edsbendingar um m\u00f6gulega langa, samfellda hef\u00f0 sk\u00f6punargu\u00f0s.<\/p><p>Boginn fr\u00e1 Chav\u00edn (u.\u00fe.b. 900 f.Kr.) yfir Tiwanaku\/Wari (u.\u00fe.b. 500, 1000 e.Kr.) til Inka (1438, 1532) v\u00e6ri, sta\u00f0festist hann, einn af hinum l\u00f6ngu bogum lat\u00ednuamer\u00edsku tr\u00faarbrag\u00f0as\u00f6gunnar.<\/p><p>Mikilv\u00e6g n\u00fdrri ranns\u00f3knarl\u00edna er stj\u00f6rnufr\u00e6\u00f0ilega bundin sko\u00f0un \u00e1 tengslum Viracocha vi\u00f0 stj\u00f6rnuhimininn. Gary Urton s\u00fdndi \u00ed <em>At the Crossroads of the Earth and the Sky<\/em> (1981) a\u00f0 Inkar skildu <em>Vetrarbrautina<\/em> (Mayu) sem kosm\u00edska \u00e1 sem Wiraqucha st\u00fdr\u00f0i um himininn.<\/p><p>\u00deessi d\u00fdpri heimsfr\u00e6\u00f0ilega bygging f\u00f3r framhj\u00e1 ratsj\u00e1 sp\u00e6nska tr\u00fabo\u00f0sins og hefur a\u00f0eins or\u00f0i\u00f0 a\u00f0gengileg gegnum n\u00fat\u00edma \u00fej\u00f3\u00f0stj\u00f6rnufr\u00e6\u00f0i.<\/p>\t\t\t\t\t\t\t\t<\/div>\n\t\t\t\t<\/div>\n\t\t\t\t\t<\/div>\n\t\t\t\t<\/div>\n\t\t<div class=\"elementor-element elementor-element-iwgw-viracocha-s8 e-flex e-con-boxed e-con e-parent\" data-id=\"iwgw-viracocha-s8\" data-element_type=\"container\" data-e-type=\"container\">\n\t\t\t\t\t<div class=\"e-con-inner\">\n\t\t\t\t<div class=\"elementor-element elementor-element-iwgw-viracocha-s8h elementor-widget elementor-widget-heading\" data-id=\"iwgw-viracocha-s8h\" data-element_type=\"widget\" data-e-type=\"widget\" data-widget_type=\"heading.default\">\n\t\t\t\t\t<h2 class=\"elementor-heading-title elementor-size-default\">Heimildir og b\u00f3kmenntir<\/h2>\t\t\t\t<\/div>\n\t\t<div class=\"elementor-element elementor-element-iwgw-viracocha-s8c e-con-full e-flex e-con e-child\" data-id=\"iwgw-viracocha-s8c\" data-element_type=\"container\" data-e-type=\"container\">\n\t\t\t\t<div class=\"elementor-element elementor-element-iwgw-viracocha-s8t elementor-widget elementor-widget-text-editor\" data-id=\"iwgw-viracocha-s8t\" data-element_type=\"widget\" data-e-type=\"widget\" data-widget_type=\"text-editor.default\">\n\t\t\t\t\t\t\t\t\t<p>Eftirfarandi \u00farval telur upp lykilverk \u00ed mannfr\u00e6\u00f0i Andesfjalla og tr\u00faarbrag\u00f0as\u00f6gu um Viracocha, me\u00f0 s\u00e9rstakri \u00e1herslu \u00e1 hi\u00f0 gu\u00f0fr\u00e6\u00f0ilega og heimspekilega d\u00fdptarlag tr\u00faarbrag\u00f0a Inkat\u00edmans.<\/p>\t\t\t\t\t\t\t\t<\/div>\n\t\t\t\t<\/div>\n\t\t\t\t\t<\/div>\n\t\t\t\t<\/div>\n\t\t<div class=\"elementor-element elementor-element-cp20b19ce8 e-flex e-con-boxed e-con e-parent\" data-id=\"cp20b19ce8\" data-element_type=\"container\" data-e-type=\"container\">\n\t\t\t\t\t<div class=\"e-con-inner\">\n\t\t\t\t<div class=\"elementor-element elementor-element-cp2cd2ff6b elementor-widget elementor-widget-heading\" data-id=\"cp2cd2ff6b\" data-element_type=\"widget\" data-e-type=\"widget\" data-widget_type=\"heading.default\">\n\t\t\t\t\t<h2 class=\"elementor-heading-title elementor-size-default\">Viracocha \u00ed ann\u00e1lum 16. aldar<\/h2>\t\t\t\t<\/div>\n\t\t<div class=\"elementor-element elementor-element-cp270124ee e-flex e-con-boxed e-con e-child\" data-id=\"cp270124ee\" data-element_type=\"container\" data-e-type=\"container\">\n\t\t\t\t\t<div class=\"e-con-inner\">\n\t\t\t\t<div class=\"elementor-element elementor-element-cp2c92af90 elementor-widget elementor-widget-text-editor\" data-id=\"cp2c92af90\" data-element_type=\"widget\" data-e-type=\"widget\" data-widget_type=\"text-editor.default\">\n\t\t\t\t\t\t\t\t\t<p>N\u00e6rri allt sem vita\u00f0 er um Viracocha er komi\u00f0 \u00far sp\u00e6nskum og mest\u00eds\u00f3skum ann\u00e1lum sem voru skrifa\u00f0ir eftir a\u00f0 Inkaveldi\u00f0 f\u00e9ll.<\/p><p>Me\u00f0al mikilv\u00e6gustu heimilda eru verk Juan de Betanzos, sem var kv\u00e6ntur konu af inkaa\u00f0li og skrifa\u00f0i um 1551, verk Pedro Cieza de Le\u00f3n, verk Crist\u00f3bal de Molina fr\u00e1 Cusco og hi\u00f0 umfangsmikla verk Bernab\u00e9 Cobo fr\u00e1 17. \u00f6ld.<\/p><p>\u00deessir textar eru samm\u00e1la \u00ed gr\u00f3fum dr\u00e1ttum en v\u00edkja verulega fr\u00e1 hver \u00f6\u00f0rum \u00ed sm\u00e1atri\u00f0um.<\/p><p>\u00cd ann\u00e1lunum kemur Viracocha fram sem skapari sem vi\u00f0 Titicaca-vatn skapar heiminn, s\u00f3lina, tungli\u00f0 og fyrstu mennina og fer s\u00ed\u00f0an yfir landi\u00f0 \u00fear til hann a\u00f0 lokum hverfur \u00fat \u00e1 hafi\u00f0.<\/p><p>Fr\u00e6\u00f0imenn hafa lengi teki\u00f0 eftir \u00fev\u00ed a\u00f0 \u00feessi fr\u00e1s\u00f6gn g\u00e6ti veri\u00f0 sterklega l\u00f6gu\u00f0 a\u00f0 evr\u00f3pskum hugmyndum. Sumir ann\u00e1lah\u00f6fundar hneig\u00f0ust til a\u00f0 l\u00edkja Viracocha vi\u00f0 \u00e6\u00f0sta, n\u00e1nast eingy\u00f0islegan gu\u00f0, sem henta\u00f0i tr\u00fabo\u00f0shagsmunum vi\u00f0 a\u00f0 finna tengipunkt vi\u00f0 kristinn skapagu\u00f0.<\/p><p>Sabine MacCormack og fleiri hafa s\u00fdnt fram \u00e1 a\u00f0 ann\u00e1larnir ger\u00f0u Viracocha a\u00f0 nokkru leyti a\u00f0 \u00f3hlutbundinni \u00e6\u00f0stu vitund sem kannski var ekki mi\u00f0l\u00e6g \u00ed <span class=\"iwg-fachbegriff\" data-tooltip=\"\u00d6ll tr\u00faarleg d\u00fdrkun sem tengist gu\u00f0i e\u00f0a heilagri vitund.\" tabindex=\"0\">d\u00fdrkun<\/span> fyrir t\u00edma Sp\u00e1nverja. Til a\u00f0 gera m\u00e1li\u00f0 fl\u00f3knara var Viracocha einnig nafn \u00e1 s\u00f6guleg inkaherra, og sp\u00e6nskir \u00e1heyrnarfulltr\u00faar ger\u00f0u ekki alltaf sk\u00fdran greinarmun \u00e1 \u00feessu tvennu.<\/p><p>Traustur fr\u00e6\u00f0ilegur m\u00e1lflutningur ver\u00f0ur \u00fev\u00ed a\u00f0 leggja \u00e1herslu \u00e1 a\u00f0 hin var\u00f0veitta mynd af Viracocha inniheldur n\u00fdlendulegan sk\u00e1ldskap, en grundv\u00f6llur hennar fr\u00e1 t\u00edmanum fyrir Sp\u00e1nverja er a\u00f0eins me\u00f0 \u00f3vissu unnt a\u00f0 endurgera. Um tr\u00faarlega framkv\u00e6md Inka \u00e1 sv\u00e6\u00f0inu, sj\u00e1 einnig <a href=\"https:\/\/iwell-guard.com\/is\/?page_id=168919\">Inti<\/a>.<\/p>\t\t\t\t\t\t\t\t<\/div>\n\t\t\t\t\t<\/div>\n\t\t\t\t<\/div>\n\t\t\t\t\t<\/div>\n\t\t\t\t<\/div>\n\t\t<div class=\"elementor-element elementor-element-cp287f08ac e-flex e-con-boxed e-con e-parent\" data-id=\"cp287f08ac\" data-element_type=\"container\" data-e-type=\"container\">\n\t\t\t\t\t<div class=\"e-con-inner\">\n\t\t\t\t<div class=\"elementor-element elementor-element-cp286b8694 elementor-widget elementor-widget-heading\" data-id=\"cp286b8694\" data-element_type=\"widget\" data-e-type=\"widget\" data-widget_type=\"heading.default\">\n\t\t\t\t\t<h2 class=\"elementor-heading-title elementor-size-default\">Deilan um Viracocha sem \u00e6\u00f0sta gu\u00f0<\/h2>\t\t\t\t<\/div>\n\t\t<div class=\"elementor-element elementor-element-cp2779dfd9 e-flex e-con-boxed e-con e-child\" data-id=\"cp2779dfd9\" data-element_type=\"container\" data-e-type=\"container\">\n\t\t\t\t\t<div class=\"e-con-inner\">\n\t\t\t\t<div class=\"elementor-element elementor-element-cp27b87720 elementor-widget elementor-widget-text-editor\" data-id=\"cp27b87720\" data-element_type=\"widget\" data-e-type=\"widget\" data-widget_type=\"text-editor.default\">\n\t\t\t\t\t\t\t\t\t<p>Langl\u00edf umr\u00e6\u00f0a \u00ed ranns\u00f3knum \u00e1 Andesfj\u00f6llum sn\u00fdst um spurninguna hvort Viracocha hafi veri\u00f0 \u00e6\u00f0sti gu\u00f0 \u00ed Inkaveldinu fyrir t\u00edma Sp\u00e1nverja, gu\u00f0 sem st\u00f3\u00f0 ofar \u00f6llum \u00f6\u00f0rum gu\u00f0um.<\/p><p>\u00c1 s\u00ed\u00f0ari hluta 19. aldar og fyrri hluta 20. aldar h\u00e9ldu sumir fr\u00e6\u00f0imenn \u00fev\u00ed fram a\u00f0 Inkarnir hef\u00f0u, undir yfirbor\u00f0i s\u00f3ld\u00fdrkunarinnar, tilbe\u00f0i\u00f0 \u00f3hlutbundinn skapagu\u00f0 sem l\u00edktist kristinni gu\u00f0shugmynd. \u00deessi s\u00fdn \u00e1tti vel vi\u00f0 kenningar sem leitu\u00f0u a\u00f0 tilhneigingu til <span class=\"iwg-fachbegriff\" data-tooltip=\"Tr\u00fain \u00e1 einn gu\u00f0.\" tabindex=\"0\">eingy\u00f0istr\u00faar<\/span> \u00ed h\u00e1menningarsamf\u00e9l\u00f6gum.<\/p><p>S\u00ed\u00f0ari ranns\u00f3knir hafa dregi\u00f0 verulega \u00far \u00feessari t\u00falkun. Gagnr\u00fdnendur \u00e1 bor\u00f0 vi\u00f0 Pierre Duviols og R. T. Zuidema bentu \u00e1 a\u00f0 heimildirnar sem l\u00fdsa Viracocha sem \u00e6\u00f0sta gu\u00f0i eru n\u00e6r allar undir \u00e1hrifum tr\u00fabo\u00f0s.<\/p><p>\u00cd \u00feeirri <span class=\"iwg-fachbegriff\" data-tooltip=\"\u00d6ll tr\u00faarleg d\u00fdrkun sem tengist gu\u00f0i e\u00f0a heilagri vitund.\" tabindex=\"0\">d\u00fdrkun<\/span> Inkanna sem raunverulega m\u00e1 rekja st\u00f3\u00f0 s\u00f3lgu\u00f0inn \u00ed mi\u00f0ju hinnar r\u00edkisreknu tilbei\u00f0slu, me\u00f0 Coricancha \u00ed Cusco sem mikilv\u00e6gasta <span class=\"iwg-fachbegriff\" data-tooltip=\"Heilagur sta\u00f0ur tileinka\u00f0ur tilbei\u00f0slu gu\u00f0s.\" tabindex=\"0\">helgista\u00f0num<\/span>. Viracocha haf\u00f0i svo sem sitt eigi\u00f0 <span class=\"iwg-fachbegriff\" data-tooltip=\"Bygging sem er tileinku\u00f0 tilbei\u00f0slu einnar e\u00f0a fleiri gu\u00f0a.\" tabindex=\"0\">hof<\/span> og s\u00edna eigin <span class=\"iwg-fachbegriff\" data-tooltip=\"\u00d6ll tr\u00faarleg d\u00fdrkun sem tengist gu\u00f0i e\u00f0a heilagri vitund.\" tabindex=\"0\">d\u00fdrkun<\/span>, en meint yfirbur\u00f0asta\u00f0a hans yfir \u00f6llum \u00f6\u00f0rum gu\u00f0um er erfitt a\u00f0 sanna me\u00f0 heimildum.<\/p><p>N\u00fat\u00edmaranns\u00f3knir hallast a\u00f0 millist\u00f6\u00f0u. Viracocha var mikilv\u00e6g skapara- og upphafsvitund, hvers tilbei\u00f0sla var mikilv\u00e6g \u00e1 sv\u00e6\u00f0isbundnum grunni og \u00ed \u00e1kve\u00f0nu samhengi, en var ekki mi\u00f0ja eingy\u00f0islega hugsa\u00f0s kerfis.<\/p><p>Hugmyndin um Viracocha sem \u00e6\u00f0sta gu\u00f0 er \u00ed dag a\u00f0 mestu talin afur\u00f0 n\u00fdlendut\u00edmans <span class=\"iwg-fachbegriff\" data-tooltip=\"Fr\u00e6\u00f0ileg l\u00e6rd\u00f3mur um gu\u00f0 og tr\u00fa \u00ed tr\u00faarbr\u00f6g\u00f0um.\" tabindex=\"0\">gu\u00f0fr\u00e6\u00f0i<\/span>, sem leita\u00f0i \u00ed tr\u00faarbr\u00f6g\u00f0um Andesb\u00faa a\u00f0 hli\u00f0st\u00e6\u00f0u vi\u00f0 eigin gu\u00f0smynd.<\/p><p>\u00deetta tilvik er \u00ed <span class=\"iwg-fachbegriff\" data-tooltip=\"V\u00edsindin sem rannsaka tr\u00faarbr\u00f6g\u00f0 samanbur\u00f0arlega og \u00e1n tr\u00faarlegrar skuldbindingar.\" tabindex=\"0\">tr\u00faarbrag\u00f0afr\u00e6\u00f0um<\/span> oft nefnt d\u00e6mi um hvernig tr\u00fabo\u00f0shagsmunir geta m\u00f3ta\u00f0 endurger\u00f0 horfins tr\u00faarbrag\u00f0s. Fyrir framsetningu Viracocha \u00fe\u00fd\u00f0ir \u00feetta a\u00f0 setja ver\u00f0ur fyrirvara vi\u00f0 hverja sta\u00f0h\u00e6fingu um st\u00f6\u00f0u hans \u00ed <span class=\"iwg-fachbegriff\" data-tooltip=\"\u00d6ll gu\u00f0 tiltekinnar tr\u00faar e\u00f0a menningar.\" tabindex=\"0\">go\u00f0aveldinu<\/span>.<\/p>\t\t\t\t\t\t\t\t<\/div>\n\t\t\t\t\t<\/div>\n\t\t\t\t<\/div>\n\t\t\t\t\t<\/div>\n\t\t\t\t<\/div>\n\t\t<div class=\"elementor-element elementor-element-iwgw-viracocha-lit e-flex e-con-boxed e-con e-parent\" data-id=\"iwgw-viracocha-lit\" data-element_type=\"container\" data-e-type=\"container\">\n\t\t\t\t\t<div class=\"e-con-inner\">\n\t\t\t\t<div class=\"elementor-element elementor-element-iwgw-viracocha-lith elementor-widget elementor-widget-heading\" data-id=\"iwgw-viracocha-lith\" data-element_type=\"widget\" data-e-type=\"widget\" data-widget_type=\"heading.default\">\n\t\t\t\t\t<h2 class=\"elementor-heading-title elementor-size-default\">Heimildir (\u00farval)<\/h2>\t\t\t\t<\/div>\n\t\t<div class=\"elementor-element elementor-element-iwgw-viracocha-litc e-con-full e-flex e-con e-child\" data-id=\"iwgw-viracocha-litc\" data-element_type=\"container\" data-e-type=\"container\">\n\t\t\t\t<div class=\"elementor-element elementor-element-iwgw-viracocha-litt elementor-widget elementor-widget-text-editor\" data-id=\"iwgw-viracocha-litt\" data-element_type=\"widget\" data-e-type=\"widget\" data-widget_type=\"text-editor.default\">\n\t\t\t\t\t\t\t\t\t<ul><li>Henrique Urbano: <em>Wiraqocha y Ayar<\/em> (1981)<\/li><li>Pierre Duviols: <em>La lutte contre les religions autochtones<\/em> (1971)<\/li><li>Therese Bouysse-Cassagne: <em>Lluvias y cenizas<\/em> (1988)<\/li><li>Cesar Itier: <em>Les Incas<\/em> (2008)<\/li><li>Pedro Sarmiento de Gamboa: <em>Historia indica<\/em> (1572)<\/li><li>Cristobal de Molina: <em>Relacion de las fabulas y ritos de los Incas<\/em> (1575)<\/li><li>John Janusek: <em>Ancient Tiwanaku<\/em> (2008)<\/li><\/ul>\t\t\t\t\t\t\t\t<\/div>\n\t\t\t\t<\/div>\n\t\t\t\t\t<\/div>\n\t\t\t\t<\/div>\n\t\t<div class=\"elementor-element elementor-element-iwgkw2-add-viracocha e-flex e-con-boxed e-con e-parent\" data-id=\"iwgkw2-add-viracocha\" data-element_type=\"container\" data-e-type=\"container\">\n\t\t\t\t\t<div class=\"e-con-inner\">\n\t\t\t\t<div class=\"elementor-element elementor-element-iwgkw2-add-viracocha-t elementor-widget elementor-widget-text-editor\" data-id=\"iwgkw2-add-viracocha-t\" data-element_type=\"widget\" data-e-type=\"widget\" data-widget_type=\"text-editor.default\">\n\t\t\t\t\t\t\t\t\t<p>\u00cd arfs\u00f6gnum Andesfjalla er Viracocha talinn <em>kosm\u00edskur<\/em> <em>reglugjafi<\/em>, sem setti s\u00f3lina, tungli\u00f0 og stj\u00f6rnurnar og skapa\u00f0i mennina \u00far v\u00f6tnum Titicaca-vatns; sp\u00e6nsku ann\u00e1lah\u00f6fundarnir Cieza de Le\u00f3n og Betanzos skr\u00e1setja <span class=\"iwg-fachbegriff\" data-tooltip=\"\u00d6ll gu\u00f0 tiltekinnar tr\u00faar e\u00f0a menningar.\" tabindex=\"0\">go\u00f0aveldi\u00f0<\/span>.<\/p>\t\t\t\t\t\t\t\t<\/div>\n\t\t\t\t\t<\/div>\n\t\t\t\t<\/div>\n\t\t<div class=\"elementor-element elementor-element-iwgw-viracocha-kwd e-flex e-con-boxed e-con e-parent\" data-id=\"iwgw-viracocha-kwd\" data-element_type=\"container\" data-e-type=\"container\">\n\t\t\t\t\t<div class=\"e-con-inner\">\n\t\t<div class=\"elementor-element elementor-element-iwgw-viracocha-kwdc e-con-full e-flex e-con e-child\" data-id=\"iwgw-viracocha-kwdc\" data-element_type=\"container\" data-e-type=\"container\">\n\t\t\t\t<div class=\"elementor-element elementor-element-iwgw-viracocha-kwdt elementor-widget elementor-widget-text-editor\" data-id=\"iwgw-viracocha-kwdt\" data-element_type=\"widget\" data-e-type=\"widget\" data-widget_type=\"text-editor.default\">\n\t\t\t\t\t\t\t\t\t<p><em>Tengd lykilor\u00f0: Viracocha Wiraqucha Tunupa Pachayachachiq Tiwanaku Staffgod Pacaritambo Raqchi Cacha.<\/em><\/p>\t\t\t\t\t\t\t\t<\/div>\n\t\t\t\t<\/div>\n\t\t\t\t\t<\/div>\n\t\t\t\t<\/div>\n\t\t<div class=\"elementor-element elementor-element-iwgw-viracocha-cc e-flex e-con-boxed e-con e-parent\" data-id=\"iwgw-viracocha-cc\" data-element_type=\"container\" data-e-type=\"container\" id=\"iwg-cc-viracocha\">\n\t\t\t\t\t<div class=\"e-con-inner\">\n\t\t<div class=\"elementor-element elementor-element-iwgw-viracocha-ccinner e-flex e-con-boxed e-con e-parent\" data-id=\"iwgw-viracocha-ccinner\" data-element_type=\"container\" data-e-type=\"container\" data-settings=\"{&quot;background_background&quot;:&quot;classic&quot;}\">\n\t\t\t\t\t<div class=\"e-con-inner\">\n\t\t\t\t<div class=\"elementor-element elementor-element-iwgw-viracocha-cch elementor-widget elementor-widget-heading\" data-id=\"iwgw-viracocha-cch\" data-element_type=\"widget\" data-e-type=\"widget\" data-widget_type=\"heading.default\">\n\t\t\t\t\t<h2 class=\"elementor-heading-title elementor-size-default\">iWell Guard og verndarhef\u00f0ir<\/h2>\t\t\t\t<\/div>\n\t\t\t\t<div class=\"elementor-element elementor-element-iwgw-viracocha-cct elementor-widget elementor-widget-text-editor\" data-id=\"iwgw-viracocha-cct\" data-element_type=\"widget\" data-e-type=\"widget\" data-widget_type=\"text-editor.default\">\n\t\t\t\t\t\t\t\t\t<div data-nosnippet=\"true\"><p>iWell Guard byggir \u00e1 menningars\u00f6gulegri hef\u00f0 verndargripa sem bor\u00f0ir eru \u00e1 l\u00edkamanum, \u00ed hef\u00f0 <a href=\"https:\/\/iwell-guard.com\/is\/?page_id=168909\">Andesfjalla \/ Inka<\/a> og margra annarra menningarheima um allan heim. 41 lag, ekta gull, plat\u00edna, silfur, framleitt \u00ed \u00de\u00fdskalandi. 30 daga skilar\u00e9tt.<\/p><\/div>\t\t\t\t\t\t\t\t<\/div>\n\t\t\t\t<div class=\"elementor-element elementor-element-iwgw-viracocha-ccb iwg-cc-button iwg-cc-cta-2026-05-13 elementor-widget elementor-widget-jet-button\" data-id=\"iwgw-viracocha-ccb\" data-element_type=\"widget\" data-e-type=\"widget\" data-widget_type=\"jet-button.default\">\n\t\t\t\t<div class=\"elementor-widget-container\">\n\t\t\t\t\t<div class=\"elementor-jet-button jet-elements\"><div class=\"jet-button__container\"><a class=\"jet-button__instance jet-button__instance--icon-left hover-effect-1\" href=\"\/ueber-iwell-guard\/?utm_source=iwell-guard.com&amp;utm_medium=info-box&amp;utm_campaign=wesen-tradition\"><div class=\"jet-button__plane jet-button__plane-normal\"><\/div><div class=\"jet-button__plane jet-button__plane-hover\"><\/div><div class=\"jet-button__state jet-button__state-normal\"><span class=\"jet-button__label\">Meira um iWell Guard<\/span><\/div><div class=\"jet-button__state jet-button__state-hover\"><span class=\"jet-button__label\">Meira um iWell Guard<\/span><\/div><\/a><\/div><\/div><style>.elementor-element.elementor-element-iwgw-viracocha-ccb .jet-button__instance{width:320px;height:56px;}.elementor-element.elementor-element-iwgw-viracocha-ccb .jet-button__state-normal .jet-button__label{text-align:center;margin:0px 0px 0px 0px;color:#1a1b20;font-family:Montserrat,sans-serif;font-size:13px;font-weight:400;letter-spacing:4px;line-height:1.714em;text-transform:uppercase;}.elementor-element.elementor-element-iwgw-viracocha-ccb .jet-button__state-hover .jet-button__label{text-align:center;margin:0px 0px 0px 0px;color:#FECC76;font-family:Montserrat,sans-serif;font-size:13px;font-weight:400;letter-spacing:4px;line-height:1.714em;text-transform:uppercase;}.elementor-element.elementor-element-iwgw-viracocha-ccb .jet-button__plane-normal{background-color:#FECC76;border-style:solid;border-color:#C99540;border-width:2px 2px 2px 2px;}.elementor-element.elementor-element-iwgw-viracocha-ccb .jet-button__plane-hover{background-color:rgba(0,0,0,0.55);border-style:solid;border-color:#FECC76;border-width:2px 2px 2px 2px;}<\/style>\t\t\t\t<\/div>\n\t\t\t\t<\/div>\n\t\t\t\t<div class=\"elementor-element elementor-element-iwgw-viracocha-ccd elementor-widget elementor-widget-text-editor\" data-id=\"iwgw-viracocha-ccd\" data-element_type=\"widget\" data-e-type=\"widget\" data-widget_type=\"text-editor.default\">\n\t\t\t\t\t\t\t\t\t<div data-nosnippet=\"true\"><p style=\"text-align:center;font-size:13px;opacity:0.7;margin-top:14px\" data-nosnippet=\"true\">Pers\u00f3nuleg reynsla getur veri\u00f0 mismunandi. Ekki l\u00e6kningat\u00e6ki. Engin lofor\u00f0 um l\u00e6kningu.<\/p><\/div>\t\t\t\t\t\t\t\t<\/div>\n\t\t\t\t\t<\/div>\n\t\t\t\t<\/div>\n\t\t\t\t\t<\/div>\n\t\t\t\t<\/div>\n\t\t<div class=\"elementor-element elementor-element-iwgw-viracocha-disc e-flex e-con-boxed e-con e-parent\" data-id=\"iwgw-viracocha-disc\" data-element_type=\"container\" data-e-type=\"container\">\n\t\t\t\t\t<div class=\"e-con-inner\">\n\t\t\t\t<div class=\"elementor-element elementor-element-iwgw-viracocha-discw elementor-widget elementor-widget-html\" data-id=\"iwgw-viracocha-discw\" data-element_type=\"widget\" data-e-type=\"widget\" data-widget_type=\"html.default\">\n\t\t\t\t\t<footer data-nosnippet=\"true\" class=\"iwg-disclaimer-block\"><p data-nosnippet=\"true\">iWell Guard er <strong>ekki l\u00e6kningat\u00e6ki<\/strong> og kemur ekki \u00ed sta\u00f0inn fyrir l\u00e6knis- e\u00f0a s\u00e1lfr\u00e6\u00f0ime\u00f0fer\u00f0. Tr\u00faarfr\u00e6\u00f0ilegt efni er menningars\u00f6gulegt samhengi, ekki r\u00e1\u00f0legging um andlega i\u00f0kun.<\/p><\/footer>\t\t\t\t<\/div>\n\t\t\t\t\t<\/div>\n\t\t\t\t<\/div>\n\t\t\t\t<\/div>\n\t\t","protected":false},"excerpt":{"rendered":"","protected":false},"author":3,"featured_media":2684,"parent":0,"menu_order":0,"comment_status":"closed","ping_status":"closed","template":"elementor_header_footer","meta":{"_yoast_wpseo_focuskw":"Viracocha skapari-gu\u00f0 Inka","_yoast_wpseo_title":"Viracocha \u2013 skapari-gu\u00f0 Inka og go\u00f0saga","_yoast_wpseo_metadesc":"Viracocha, skapari-gu\u00f0 Andesfjalla, telst \u00ed fyrstu heimildum vera \u00e6\u00f0sta vera \u00e1 undan Inti. Tr\u00faarbrag\u00f0afr\u00e6\u00f0ileg \u00fattekt me\u00f0 tilliti til d\u00fdrkunar.","_yoast_wpseo_meta-robots-noindex":"","_yoast_wpseo_canonical":"","_angie_page":false,"gefaehrdungsstufe":"1","wesen_kultur":"anden-inka","wesen_klasse":"goetter","footnotes":""},"categories":[],"class_list":["post-168921","page","type-page","status-publish","has-post-thumbnail","hentry"],"yoast_head":"<!-- This site is optimized with the Yoast SEO Premium plugin v27.7 (Yoast SEO v28.3) - https:\/\/yoast.com\/product\/yoast-seo-premium-wordpress\/ -->\n<title>Viracocha \u2013 skapari-gu\u00f0 Inka og go\u00f0saga<\/title>\n<meta name=\"description\" content=\"Viracocha, skapari-gu\u00f0 Andesfjalla, telst \u00ed fyrstu heimildum vera \u00e6\u00f0sta vera \u00e1 undan Inti. Tr\u00faarbrag\u00f0afr\u00e6\u00f0ileg \u00fattekt me\u00f0 tilliti til d\u00fdrkunar.\" \/>\n<meta name=\"robots\" content=\"index, follow, max-snippet:-1, max-image-preview:large, max-video-preview:-1\" \/>\n<link rel=\"canonical\" href=\"https:\/\/iwell-guard.com\/is\/viracocha-skapari-gud-andesfjalla\/\" \/>\n<meta property=\"og:locale\" content=\"is_IS\" \/>\n<meta property=\"og:type\" content=\"article\" \/>\n<meta property=\"og:title\" content=\"Viracocha \u2013 skapari-gu\u00f0 Andesfjalla\" \/>\n<meta property=\"og:description\" content=\"Viracocha, skapari-gu\u00f0 Andesfjalla, telst \u00ed fyrstu heimildum vera \u00e6\u00f0sta vera \u00e1 undan Inti. Tr\u00faarbrag\u00f0afr\u00e6\u00f0ileg \u00fattekt me\u00f0 tilliti til d\u00fdrkunar.\" \/>\n<meta property=\"og:url\" content=\"https:\/\/iwell-guard.com\/is\/viracocha-skapari-gud-andesfjalla\/\" \/>\n<meta property=\"og:site_name\" content=\"iWell Guard\" \/>\n<meta property=\"article:modified_time\" content=\"2026-09-05T14:22:50+00:00\" \/>\n<meta property=\"og:image\" content=\"https:\/\/iwell-guard.com\/wp-content\/uploads\/2026\/05\/goetter_anden-inka_viracocha.webp\" \/>\n\t<meta property=\"og:image:width\" content=\"1024\" \/>\n\t<meta property=\"og:image:height\" content=\"1536\" \/>\n\t<meta property=\"og:image:type\" content=\"image\/webp\" \/>\n<meta name=\"twitter:card\" content=\"summary_large_image\" \/>\n<script type=\"application\/ld+json\" class=\"yoast-schema-graph\">{\"@context\":\"https:\\\/\\\/schema.org\",\"@graph\":[{\"@type\":\"WebPage\",\"@id\":\"https:\\\/\\\/iwell-guard.com\\\/is\\\/viracocha-skapari-gud-andesfjalla\\\/\",\"url\":\"https:\\\/\\\/iwell-guard.com\\\/is\\\/viracocha-skapari-gud-andesfjalla\\\/\",\"name\":\"Viracocha \u2013 skapari-gu\u00f0 Inka og go\u00f0saga\",\"isPartOf\":{\"@id\":\"https:\\\/\\\/iwell-guard.com\\\/is\\\/#website\"},\"primaryImageOfPage\":{\"@id\":\"https:\\\/\\\/iwell-guard.com\\\/is\\\/viracocha-skapari-gud-andesfjalla\\\/#primaryimage\"},\"image\":{\"@id\":\"https:\\\/\\\/iwell-guard.com\\\/is\\\/viracocha-skapari-gud-andesfjalla\\\/#primaryimage\"},\"thumbnailUrl\":\"https:\\\/\\\/iwell-guard.com\\\/wp-content\\\/uploads\\\/2026\\\/05\\\/goetter_anden-inka_viracocha.webp\",\"datePublished\":\"2026-09-05T14:04:04+00:00\",\"dateModified\":\"2026-09-05T14:22:50+00:00\",\"description\":\"Viracocha, skapari-gu\u00f0 Andesfjalla, telst \u00ed fyrstu heimildum vera \u00e6\u00f0sta vera \u00e1 undan Inti. Tr\u00faarbrag\u00f0afr\u00e6\u00f0ileg \u00fattekt me\u00f0 tilliti til d\u00fdrkunar.\",\"breadcrumb\":{\"@id\":\"https:\\\/\\\/iwell-guard.com\\\/is\\\/viracocha-skapari-gud-andesfjalla\\\/#breadcrumb\"},\"inLanguage\":\"is\",\"potentialAction\":[{\"@type\":\"ReadAction\",\"target\":[\"https:\\\/\\\/iwell-guard.com\\\/is\\\/viracocha-skapari-gud-andesfjalla\\\/\"]}]},{\"@type\":\"ImageObject\",\"inLanguage\":\"is\",\"@id\":\"https:\\\/\\\/iwell-guard.com\\\/is\\\/viracocha-skapari-gud-andesfjalla\\\/#primaryimage\",\"url\":\"https:\\\/\\\/iwell-guard.com\\\/wp-content\\\/uploads\\\/2026\\\/05\\\/goetter_anden-inka_viracocha.webp\",\"contentUrl\":\"https:\\\/\\\/iwell-guard.com\\\/wp-content\\\/uploads\\\/2026\\\/05\\\/goetter_anden-inka_viracocha.webp\",\"width\":1024,\"height\":1536,\"caption\":\"Gu\u00f0ir \u00far Andes-inka-hef\u00f0inni.\"},{\"@type\":\"BreadcrumbList\",\"@id\":\"https:\\\/\\\/iwell-guard.com\\\/is\\\/viracocha-skapari-gud-andesfjalla\\\/#breadcrumb\",\"itemListElement\":[{\"@type\":\"ListItem\",\"position\":1,\"name\":\"Start\",\"item\":\"https:\\\/\\\/iwell-guard.com\\\/is\\\/?page_id=168580\"},{\"@type\":\"ListItem\",\"position\":2,\"name\":\"Viracocha \u2013 skapari-gu\u00f0 Andesfjalla\"}]},{\"@type\":\"WebSite\",\"@id\":\"https:\\\/\\\/iwell-guard.com\\\/is\\\/#website\",\"url\":\"https:\\\/\\\/iwell-guard.com\\\/is\\\/\",\"name\":\"iWell Guard\",\"description\":\"Schutz vor dunklen Einfl\u00fcssen\",\"publisher\":{\"@id\":\"https:\\\/\\\/iwell-guard.com\\\/is\\\/#organization\"},\"potentialAction\":[{\"@type\":\"SearchAction\",\"target\":{\"@type\":\"EntryPoint\",\"urlTemplate\":\"https:\\\/\\\/iwell-guard.com\\\/is\\\/?s={search_term_string}\"},\"query-input\":{\"@type\":\"PropertyValueSpecification\",\"valueRequired\":true,\"valueName\":\"search_term_string\"}}],\"inLanguage\":\"is\"},{\"@type\":\"Organization\",\"@id\":\"https:\\\/\\\/iwell-guard.com\\\/is\\\/#organization\",\"name\":\"Ittermann electronic GmbH\",\"url\":\"https:\\\/\\\/iwell-guard.com\\\/is\\\/\",\"logo\":{\"@type\":\"ImageObject\",\"inLanguage\":\"is\",\"@id\":\"https:\\\/\\\/iwell-guard.com\\\/is\\\/#\\\/schema\\\/logo\\\/image\\\/\",\"url\":\"https:\\\/\\\/iwell-guard.com\\\/wp-content\\\/uploads\\\/2026\\\/05\\\/Ittermann-Logo-1182x237-1.png\",\"contentUrl\":\"https:\\\/\\\/iwell-guard.com\\\/wp-content\\\/uploads\\\/2026\\\/05\\\/Ittermann-Logo-1182x237-1.png\",\"width\":1182,\"height\":237,\"caption\":\"Ittermann electronic GmbH\"},\"image\":{\"@id\":\"https:\\\/\\\/iwell-guard.com\\\/is\\\/#\\\/schema\\\/logo\\\/image\\\/\"},\"sameAs\":[\"https:\\\/\\\/pantip.com\\\/profile\\\/9367242\",\"https:\\\/\\\/micro.blog\\\/iwellguard\",\"https:\\\/\\\/www.diggerslist.com\\\/iwellguard\\\/about\",\"https:\\\/\\\/skitterphoto.com\\\/photographers\\\/2870314\\\/iwell-guard\",\"https:\\\/\\\/iwellguard.wordpress.com\\\/2026\\\/06\\\/06\\\/iwell-guard\\\/\",\"https:\\\/\\\/hub.docker.com\\\/u\\\/iwellguard\",\"https:\\\/\\\/www.pinterest.com\\\/iwellguard\\\/\",\"https:\\\/\\\/bit.ly\\\/m\\\/iwellguard\",\"https:\\\/\\\/entre-vos-mains.alsace.eu\\\/profiles\\\/iwellguard\\\/activity\",\"https:\\\/\\\/gravatar.com\\\/reallybeded8fd34\",\"https:\\\/\\\/naijamatta.com\\\/iwellguard\",\"https:\\\/\\\/www.goodreads.com\\\/iwellguard\",\"https:\\\/\\\/profile.hatena.ne.jp\\\/iwellguard\\\/\",\"https:\\\/\\\/experiment.com\\\/users\\\/iwellguard\",\"https:\\\/\\\/wakelet.com\\\/@iWellGuard82270\",\"https:\\\/\\\/www.chordie.com\\\/forum\\\/profile.php?id=2555664\",\"https:\\\/\\\/www.instapaper.com\\\/p\\\/17757966\",\"https:\\\/\\\/www.mapleprimes.com\\\/users\\\/iwellguard\",\"https:\\\/\\\/businesslistingplus.com\\\/profile\\\/iwell-guard\\\/\",\"https:\\\/\\\/telegra.ph\\\/iWell-Guard-06-06\",\"https:\\\/\\\/pbase.com\\\/iwellguard\\\/iwellguard\",\"https:\\\/\\\/b.hatena.ne.jp\\\/iwellguard\\\/20260607#bookmark-4788405196491818882\",\"https:\\\/\\\/fliphtml5.com\\\/home\\\/iwellguard\",\"https:\\\/\\\/anyflip.com\\\/homepage\\\/cmiwl#About\",\"https:\\\/\\\/transfur.com\\\/Users\\\/iwellguard\",\"http:\\\/\\\/delphi.larsbo.org\\\/user\\\/iwellguard\",\"https:\\\/\\\/jobs.lajobsportal.org\\\/profiles\\\/8380803-iwell-guard\",\"https:\\\/\\\/md.chaosdorf.de\\\/s\\\/jfbe5SBdJD\",\"https:\\\/\\\/www.lingvolive.com\\\/en-us\\\/profile\\\/9ecaeaca-ce11-4e51-9e71-01d55e2bff36\\\/translations\",\"https:\\\/\\\/www.fitday.com\\\/fitness\\\/forums\\\/members\\\/iwellguard.html\",\"https:\\\/\\\/www.mymeetbook.com\\\/iwellguard\",\"https:\\\/\\\/pxhere.com\\\/en\\\/photographer-me\\\/5040798\",\"https:\\\/\\\/disqus.com\\\/by\\\/iwellguard\\\/about\\\/\",\"https:\\\/\\\/pastelink.net\\\/hjwciqwq\",\"https:\\\/\\\/pubhtml5.com\\\/homepage\\\/scjhn\\\/\",\"https:\\\/\\\/www.bitchute.com\\\/channel\\\/2O2eOKzNqujT\",\"https:\\\/\\\/audiomack.com\\\/iwellguard\"]},{\"@type\":\"Article\",\"@id\":\"https:\\\/\\\/iwell-guard.com\\\/is\\\/viracocha-skapari-gud-andesfjalla\\\/#article\",\"isPartOf\":{\"@id\":\"https:\\\/\\\/iwell-guard.com\\\/is\\\/viracocha-skapari-gud-andesfjalla\\\/\"},\"author\":{\"name\":\"Ralf Ittermann\",\"@id\":\"https:\\\/\\\/iwell-guard.com\\\/is\\\/#\\\/schema\\\/person\\\/ee2a27f1cac3406c7c6fb5820cb7349f\"},\"headline\":\"Viracocha \u2013 skapari-gu\u00f0 Andesfjalla\",\"datePublished\":\"2026-09-05T14:04:04+00:00\",\"dateModified\":\"2026-09-05T14:22:50+00:00\",\"mainEntityOfPage\":{\"@id\":\"https:\\\/\\\/iwell-guard.com\\\/is\\\/viracocha-skapari-gud-andesfjalla\\\/\"},\"publisher\":{\"@id\":\"https:\\\/\\\/iwell-guard.com\\\/is\\\/#organization\"},\"image\":{\"@id\":\"https:\\\/\\\/iwell-guard.com\\\/is\\\/viracocha-skapari-gud-andesfjalla\\\/#primaryimage\"},\"thumbnailUrl\":\"https:\\\/\\\/iwell-guard.com\\\/wp-content\\\/uploads\\\/2026\\\/05\\\/goetter_anden-inka_viracocha.webp\",\"inLanguage\":\"is\",\"description\":\"Viracocha, skapari-gu\u00f0 Andesfjalla, telst \u00ed fyrstu heimildum vera \u00e6\u00f0sta vera \u00e1 undan Inti. Tr\u00faarbrag\u00f0afr\u00e6\u00f0ileg \u00fattekt me\u00f0 tilliti til d\u00fdrkunar.\"}]}<\/script>\n<!-- \/ Yoast SEO Premium plugin. -->","yoast_head_json":{"title":"Viracocha \u2013 skapari-gu\u00f0 Inka og go\u00f0saga","description":"Viracocha, skapari-gu\u00f0 Andesfjalla, telst \u00ed fyrstu heimildum vera \u00e6\u00f0sta vera \u00e1 undan Inti. Tr\u00faarbrag\u00f0afr\u00e6\u00f0ileg \u00fattekt me\u00f0 tilliti til d\u00fdrkunar.","robots":{"index":"index","follow":"follow","max-snippet":"max-snippet:-1","max-image-preview":"max-image-preview:large","max-video-preview":"max-video-preview:-1"},"canonical":"https:\/\/iwell-guard.com\/is\/viracocha-skapari-gud-andesfjalla\/","og_locale":"is_IS","og_type":"article","og_title":"Viracocha \u2013 skapari-gu\u00f0 Andesfjalla","og_description":"Viracocha, skapari-gu\u00f0 Andesfjalla, telst \u00ed fyrstu heimildum vera \u00e6\u00f0sta vera \u00e1 undan Inti. Tr\u00faarbrag\u00f0afr\u00e6\u00f0ileg \u00fattekt me\u00f0 tilliti til d\u00fdrkunar.","og_url":"https:\/\/iwell-guard.com\/is\/viracocha-skapari-gud-andesfjalla\/","og_site_name":"iWell Guard","article_modified_time":"2026-09-05T14:22:50+00:00","og_image":[{"width":1024,"height":1536,"url":"https:\/\/iwell-guard.com\/wp-content\/uploads\/2026\/05\/goetter_anden-inka_viracocha.webp","type":"image\/webp"}],"twitter_card":"summary_large_image","schema":{"@context":"https:\/\/schema.org","@graph":[{"@type":"Article","@id":"https:\/\/iwell-guard.com\/is\/viracocha-skapari-gud-andesfjalla\/#article","isPartOf":{"@id":"https:\/\/iwell-guard.com\/is\/viracocha-skapari-gud-andesfjalla\/"},"author":{"name":"Ralf Ittermann","@id":"https:\/\/iwell-guard.com\/is\/#\/schema\/person\/ee2a27f1cac3406c7c6fb5820cb7349f"},"headline":"Viracocha \u2013 skapari-gu\u00f0 Andesfjalla","datePublished":"2026-09-05T14:04:04+00:00","dateModified":"2026-09-05T14:22:50+00:00","mainEntityOfPage":{"@id":"https:\/\/iwell-guard.com\/is\/viracocha-skapari-gud-andesfjalla\/"},"publisher":{"@id":"https:\/\/iwell-guard.com\/is\/#organization"},"image":{"@id":"https:\/\/iwell-guard.com\/is\/viracocha-skapari-gud-andesfjalla\/#primaryimage"},"thumbnailUrl":"https:\/\/iwell-guard.com\/wp-content\/uploads\/2026\/05\/goetter_anden-inka_viracocha.webp","inLanguage":"is","description":"Viracocha, skapari-gu\u00f0 Andesfjalla, telst \u00ed fyrstu heimildum vera \u00e6\u00f0sta vera \u00e1 undan Inti. Tr\u00faarbrag\u00f0afr\u00e6\u00f0ileg \u00fattekt me\u00f0 tilliti til d\u00fdrkunar."},{"@type":"WebPage","@id":"https:\/\/iwell-guard.com\/is\/viracocha-skapari-gud-andesfjalla\/","url":"https:\/\/iwell-guard.com\/is\/viracocha-skapari-gud-andesfjalla\/","name":"Viracocha \u2013 skapari-gu\u00f0 Inka og go\u00f0saga","isPartOf":{"@id":"https:\/\/iwell-guard.com\/is\/#website"},"primaryImageOfPage":{"@id":"https:\/\/iwell-guard.com\/is\/viracocha-skapari-gud-andesfjalla\/#primaryimage"},"image":{"@id":"https:\/\/iwell-guard.com\/is\/viracocha-skapari-gud-andesfjalla\/#primaryimage"},"thumbnailUrl":"https:\/\/iwell-guard.com\/wp-content\/uploads\/2026\/05\/goetter_anden-inka_viracocha.webp","datePublished":"2026-09-05T14:04:04+00:00","dateModified":"2026-09-05T14:22:50+00:00","description":"Viracocha, skapari-gu\u00f0 Andesfjalla, telst \u00ed fyrstu heimildum vera \u00e6\u00f0sta vera \u00e1 undan Inti. Tr\u00faarbrag\u00f0afr\u00e6\u00f0ileg \u00fattekt me\u00f0 tilliti til d\u00fdrkunar.","breadcrumb":{"@id":"https:\/\/iwell-guard.com\/is\/viracocha-skapari-gud-andesfjalla\/#breadcrumb"},"inLanguage":"is","potentialAction":[{"@type":"ReadAction","target":["https:\/\/iwell-guard.com\/is\/viracocha-skapari-gud-andesfjalla\/"]}]},{"@type":"ImageObject","inLanguage":"is","@id":"https:\/\/iwell-guard.com\/is\/viracocha-skapari-gud-andesfjalla\/#primaryimage","url":"https:\/\/iwell-guard.com\/wp-content\/uploads\/2026\/05\/goetter_anden-inka_viracocha.webp","contentUrl":"https:\/\/iwell-guard.com\/wp-content\/uploads\/2026\/05\/goetter_anden-inka_viracocha.webp","width":1024,"height":1536,"caption":"Gu\u00f0ir \u00far Andes-inka-hef\u00f0inni."},{"@type":"BreadcrumbList","@id":"https:\/\/iwell-guard.com\/is\/viracocha-skapari-gud-andesfjalla\/#breadcrumb","itemListElement":[{"@type":"ListItem","position":1,"name":"Start","item":"https:\/\/iwell-guard.com\/is\/?page_id=168580"},{"@type":"ListItem","position":2,"name":"Viracocha \u2013 skapari-gu\u00f0 Andesfjalla"}]},{"@type":"WebSite","@id":"https:\/\/iwell-guard.com\/is\/#website","url":"https:\/\/iwell-guard.com\/is\/","name":"iWell Guard","description":"Schutz vor dunklen Einfl\u00fcssen","publisher":{"@id":"https:\/\/iwell-guard.com\/is\/#organization"},"potentialAction":[{"@type":"SearchAction","target":{"@type":"EntryPoint","urlTemplate":"https:\/\/iwell-guard.com\/is\/?s={search_term_string}"},"query-input":{"@type":"PropertyValueSpecification","valueRequired":true,"valueName":"search_term_string"}}],"inLanguage":"is"},{"@type":"Organization","@id":"https:\/\/iwell-guard.com\/is\/#organization","name":"Ittermann electronic GmbH","url":"https:\/\/iwell-guard.com\/is\/","logo":{"@type":"ImageObject","inLanguage":"is","@id":"https:\/\/iwell-guard.com\/is\/#\/schema\/logo\/image\/","url":"https:\/\/iwell-guard.com\/wp-content\/uploads\/2026\/05\/Ittermann-Logo-1182x237-1.png","contentUrl":"https:\/\/iwell-guard.com\/wp-content\/uploads\/2026\/05\/Ittermann-Logo-1182x237-1.png","width":1182,"height":237,"caption":"Ittermann electronic GmbH"},"image":{"@id":"https:\/\/iwell-guard.com\/is\/#\/schema\/logo\/image\/"},"sameAs":["https:\/\/pantip.com\/profile\/9367242","https:\/\/micro.blog\/iwellguard","https:\/\/www.diggerslist.com\/iwellguard\/about","https:\/\/skitterphoto.com\/photographers\/2870314\/iwell-guard","https:\/\/iwellguard.wordpress.com\/2026\/06\/06\/iwell-guard\/","https:\/\/hub.docker.com\/u\/iwellguard","https:\/\/www.pinterest.com\/iwellguard\/","https:\/\/bit.ly\/m\/iwellguard","https:\/\/entre-vos-mains.alsace.eu\/profiles\/iwellguard\/activity","https:\/\/gravatar.com\/reallybeded8fd34","https:\/\/naijamatta.com\/iwellguard","https:\/\/www.goodreads.com\/iwellguard","https:\/\/profile.hatena.ne.jp\/iwellguard\/","https:\/\/experiment.com\/users\/iwellguard","https:\/\/wakelet.com\/@iWellGuard82270","https:\/\/www.chordie.com\/forum\/profile.php?id=2555664","https:\/\/www.instapaper.com\/p\/17757966","https:\/\/www.mapleprimes.com\/users\/iwellguard","https:\/\/businesslistingplus.com\/profile\/iwell-guard\/","https:\/\/telegra.ph\/iWell-Guard-06-06","https:\/\/pbase.com\/iwellguard\/iwellguard","https:\/\/b.hatena.ne.jp\/iwellguard\/20260607#bookmark-4788405196491818882","https:\/\/fliphtml5.com\/home\/iwellguard","https:\/\/anyflip.com\/homepage\/cmiwl#About","https:\/\/transfur.com\/Users\/iwellguard","http:\/\/delphi.larsbo.org\/user\/iwellguard","https:\/\/jobs.lajobsportal.org\/profiles\/8380803-iwell-guard","https:\/\/md.chaosdorf.de\/s\/jfbe5SBdJD","https:\/\/www.lingvolive.com\/en-us\/profile\/9ecaeaca-ce11-4e51-9e71-01d55e2bff36\/translations","https:\/\/www.fitday.com\/fitness\/forums\/members\/iwellguard.html","https:\/\/www.mymeetbook.com\/iwellguard","https:\/\/pxhere.com\/en\/photographer-me\/5040798","https:\/\/disqus.com\/by\/iwellguard\/about\/","https:\/\/pastelink.net\/hjwciqwq","https:\/\/pubhtml5.com\/homepage\/scjhn\/","https:\/\/www.bitchute.com\/channel\/2O2eOKzNqujT","https:\/\/audiomack.com\/iwellguard"]},{"@type":"Person","@id":"https:\/\/iwell-guard.com\/is\/#\/schema\/person\/ee2a27f1cac3406c7c6fb5820cb7349f","name":"Ralf Ittermann","image":{"@type":"ImageObject","inLanguage":"is","@id":"https:\/\/secure.gravatar.com\/avatar\/073c0153e350a5005b68eb752b445fea71f6b24a26da9449ad7e155e6b446c9d?s=96&d=mm&r=g","url":"https:\/\/secure.gravatar.com\/avatar\/073c0153e350a5005b68eb752b445fea71f6b24a26da9449ad7e155e6b446c9d?s=96&d=mm&r=g","contentUrl":"https:\/\/secure.gravatar.com\/avatar\/073c0153e350a5005b68eb752b445fea71f6b24a26da9449ad7e155e6b446c9d?s=96&d=mm&r=g","caption":"Ralf Ittermann"},"givenName":"Ralf","familyName":"Ittermann","jobTitle":"Gesch\u00e4ftsf\u00fchrer und redaktioneller Verantwortlicher","url":"https:\/\/iwell-guard.com\/is\/author\/claude\/","description":"Ralf Ittermann ist Gesch\u00e4ftsf\u00fchrer der Ittermann electronic GmbH und redaktioneller Verantwortlicher des iWell-Guard-Lexikons. Er verbindet langj\u00e4hrige Erfahrung in der Pr\u00e4zisionsfertigung mit medialer Praxis und religionsgeschichtlicher Quellenarbeit.","worksFor":{"@type":"Organization","name":"Ittermann electronic GmbH","url":"https:\/\/ittermann.de\/","address":{"@type":"PostalAddress","streetAddress":"K\u00f6hlergasse 16-18","postalCode":"99842","addressLocality":"Ruhla","addressCountry":"DE"}},"knowsAbout":["Religionsgeschichte","Mythologie","Mediale Praxis","Energetische Diagnostik","Schutzpraxis","Volksglauben","Westliche Esoterik"]},{"@type":"Article","@id":"https:\/\/iwell-guard.com\/is\/viracocha-skapari-gud-andesfjalla\/#article","isPartOf":{"@id":"https:\/\/iwell-guard.com\/is\/viracocha-skapari-gud-andesfjalla\/"},"author":{"name":"Ralf Ittermann","@id":"https:\/\/iwell-guard.com\/is\/#\/schema\/person\/ee2a27f1cac3406c7c6fb5820cb7349f"},"headline":"Viracocha \u2013 skapari-gu\u00f0 Andesfjalla","datePublished":"2026-09-05T14:04:04+00:00","dateModified":"2026-09-05T14:22:50+00:00","mainEntityOfPage":{"@id":"https:\/\/iwell-guard.com\/is\/viracocha-skapari-gud-andesfjalla\/"},"publisher":{"@id":"https:\/\/iwell-guard.com\/is\/#organization"},"image":{"@id":"https:\/\/iwell-guard.com\/is\/viracocha-skapari-gud-andesfjalla\/#primaryimage"},"thumbnailUrl":"https:\/\/iwell-guard.com\/wp-content\/uploads\/2026\/05\/goetter_anden-inka_viracocha.webp","inLanguage":"is","description":"Viracocha, skapari-gu\u00f0 Andesfjalla, telst \u00ed fyrstu heimildum vera \u00e6\u00f0sta vera \u00e1 undan Inti. Tr\u00faarbrag\u00f0afr\u00e6\u00f0ileg \u00fattekt me\u00f0 tilliti til d\u00fdrkunar."}]}},"_links":{"self":[{"href":"https:\/\/iwell-guard.com\/is\/wp-json\/wp\/v2\/pages\/168921","targetHints":{"allow":["GET"]}}],"collection":[{"href":"https:\/\/iwell-guard.com\/is\/wp-json\/wp\/v2\/pages"}],"about":[{"href":"https:\/\/iwell-guard.com\/is\/wp-json\/wp\/v2\/types\/page"}],"author":[{"embeddable":true,"href":"https:\/\/iwell-guard.com\/is\/wp-json\/wp\/v2\/users\/3"}],"replies":[{"embeddable":true,"href":"https:\/\/iwell-guard.com\/is\/wp-json\/wp\/v2\/comments?post=168921"}],"version-history":[{"count":0,"href":"https:\/\/iwell-guard.com\/is\/wp-json\/wp\/v2\/pages\/168921\/revisions"}],"wp:featuredmedia":[{"embeddable":true,"href":"https:\/\/iwell-guard.com\/is\/wp-json\/wp\/v2\/media\/2684"}],"wp:attachment":[{"href":"https:\/\/iwell-guard.com\/is\/wp-json\/wp\/v2\/media?parent=168921"}],"wp:term":[{"taxonomy":"category","embeddable":true,"href":"https:\/\/iwell-guard.com\/is\/wp-json\/wp\/v2\/categories?post=168921"}],"curies":[{"name":"wp","href":"https:\/\/api.w.org\/{rel}","templated":true}]}}