{"id":168920,"date":"2026-09-05T14:04:04","date_gmt":"2026-09-05T14:04:04","guid":{"rendered":"https:\/\/iwell-guard.com\/?page_id=168920"},"modified":"2026-09-05T14:22:50","modified_gmt":"2026-09-05T14:22:50","slug":"pachamama-jardmodir-andesfjalla","status":"publish","type":"page","link":"https:\/\/iwell-guard.com\/is\/pachamama-jardmodir-andesfjalla\/","title":{"rendered":"Pachamama \u2013 jar\u00f0m\u00f3\u00f0ir Andesfjalla"},"content":{"rendered":"\t\t<div data-elementor-type=\"wp-page\" data-elementor-id=\"168920\" class=\"elementor elementor-168920 elementor-2575 elementor-bc-flex-widget\" data-elementor-post-type=\"page\">\n\t\t\t\t<div class=\"elementor-element elementor-element-iwgw-pachamama-hero e-flex e-con-boxed e-con e-parent\" data-id=\"iwgw-pachamama-hero\" data-element_type=\"container\" data-e-type=\"container\" data-settings=\"{&quot;background_background&quot;:&quot;classic&quot;}\">\n\t\t\t\t\t<div class=\"e-con-inner\">\n\t\t<div class=\"elementor-element elementor-element-iwgw-pachamama-hl e-flex e-con-boxed e-con e-child\" data-id=\"iwgw-pachamama-hl\" data-element_type=\"container\" data-e-type=\"container\">\n\t\t\t\t\t<div class=\"e-con-inner\">\n\t\t<div class=\"elementor-element elementor-element-iwgw-pachamama-htxt e-con-full e-flex e-con e-child\" data-id=\"iwgw-pachamama-htxt\" data-element_type=\"container\" data-e-type=\"container\">\n\t\t\t\t<div class=\"elementor-element elementor-element-iwgw-pachamama-h1 elementor-widget elementor-widget-heading\" data-id=\"iwgw-pachamama-h1\" data-element_type=\"widget\" data-e-type=\"widget\" data-widget_type=\"heading.default\">\n\t\t\t\t\t<h1 class=\"elementor-heading-title elementor-size-default\">Pachamama, jar\u00f0m\u00f3\u00f0ir og gy\u00f0ja frj\u00f3semi \u00ed heimi Andesfjalla<\/h1>\t\t\t\t<\/div>\n\t\t\t\t<div class=\"elementor-element elementor-element-iwgw-pachamama-lead elementor-widget elementor-widget-text-editor\" data-id=\"iwgw-pachamama-lead\" data-element_type=\"widget\" data-e-type=\"widget\" data-widget_type=\"text-editor.default\">\n\t\t\t\t\t\t\t\t\t<p>Pachamama, jar\u00f0m\u00f3\u00f0ir Andesfjalla, er enn \u00feann dag \u00ed dag mikilv\u00e6gasta tr\u00faarlega vi\u00f0mi\u00f0unarveran \u00ed daglegu l\u00edfi kech\u00faa- og aymarum\u00e6landi \u00edb\u00faa h\u00e1sl\u00e9ttunnar. \u00d3l\u00edkt hinum r\u00edkis- og keisaralega tengda <span class=\"iwg-fachbegriff\" data-tooltip=\"Heild tr\u00faarlegra tilbei\u00f0sluathafna fyrir gu\u00f0 e\u00f0a heilaga veru.\" tabindex=\"0\">\u00e1tr\u00fana\u00f0i<\/span> \u00e1 <a href=\"https:\/\/iwell-guard.com\/is\/?page_id=168919\">Inti<\/a> er tilbei\u00f0sla Pachamama r\u00f3tf\u00f6st dj\u00fapt \u00ed \u00e1rlegum og l\u00edfshrings-rytma landb\u00fana\u00f0arins og hefur lifa\u00f0 af landn\u00e1mi\u00f0 \u00ed saml\u00f6gu\u00f0u (syncret\u00edsku) formi.<\/p>\t\t\t\t\t\t\t\t<\/div>\n\t\t\t\t<\/div>\n\t\t<div class=\"elementor-element elementor-element-iwgw-pachamama-pillc e-con-full e-flex e-con e-child\" data-id=\"iwgw-pachamama-pillc\" data-element_type=\"container\" data-e-type=\"container\">\n\t\t\t\t<div class=\"elementor-element elementor-element-iwgw-pachamama-pills elementor-widget elementor-widget-html\" data-id=\"iwgw-pachamama-pills\" data-element_type=\"widget\" data-e-type=\"widget\" data-widget_type=\"html.default\">\n\t\t\t\t\t<div class=\"iwg-pill-row\"><span class=\"iwg-klasse-badge\" tabindex=\"0\" data-tooltip=\"Gy\u00f0ja hef\u00f0ar Andesfjalla \/ Inka.\">Gy\u00f0ja<\/span><a href=\"https:\/\/iwell-guard.com\/is\/?page_id=168909\" class=\"iwg-kultur-badge\" tabindex=\"0\" data-tooltip=\"Go\u00f0afr\u00e6\u00f0i hef\u00f0ar Andesfjalla \/ Inka.\">Andesfj\u00f6ll \/ Inka<\/a><span class=\"iwg-tradition-badge\" tabindex=\"0\" data-tooltip=\"Jar\u00f0m\u00f3\u00f0ir.\">Jar\u00f0m\u00f3\u00f0ir<\/span><\/div>\t\t\t\t<\/div>\n\t\t\t\t<\/div>\n\t\t<div class=\"elementor-element elementor-element-iwgw-pachamama-tocc e-con-full e-flex e-con e-child\" data-id=\"iwgw-pachamama-tocc\" data-element_type=\"container\" data-e-type=\"container\">\n\t\t\t\t<div class=\"elementor-element elementor-element-iwgw-pachamama-toc elementor-toc--minimized-on-tablet elementor-widget elementor-widget-table-of-contents\" data-id=\"iwgw-pachamama-toc\" data-element_type=\"widget\" data-e-type=\"widget\" data-settings=\"{&quot;headings_by_tags&quot;:[&quot;h2&quot;,&quot;h3&quot;],&quot;minimize_box&quot;:&quot;yes&quot;,&quot;marker_view&quot;:&quot;bullets&quot;,&quot;no_headings_message&quot;:&quot;Engar undirfyrirsagnir fundust \\u00e1 \\u00feessari s\\u00ed\\u00f0u.&quot;,&quot;exclude_headings_by_selector&quot;:[],&quot;icon&quot;:{&quot;value&quot;:&quot;fas fa-circle&quot;,&quot;library&quot;:&quot;fa-solid&quot;,&quot;rendered_tag&quot;:&quot;&lt;svg class=\\&quot;e-font-icon-svg e-fas-circle\\&quot; viewBox=\\&quot;0 0 512 512\\&quot; xmlns=\\&quot;http:\\\/\\\/www.w3.org\\\/2000\\\/svg\\&quot;&gt;&lt;path d=\\&quot;M256 8C119 8 8 119 8 256s111 248 248 248 248-111 248-248S393 8 256 8z\\&quot;&gt;&lt;\\\/path&gt;&lt;\\\/svg&gt;&quot;},&quot;minimized_on&quot;:&quot;tablet&quot;,&quot;hierarchical_view&quot;:&quot;yes&quot;,&quot;min_height&quot;:{&quot;unit&quot;:&quot;px&quot;,&quot;size&quot;:&quot;&quot;,&quot;sizes&quot;:[]},&quot;min_height_tablet&quot;:{&quot;unit&quot;:&quot;px&quot;,&quot;size&quot;:&quot;&quot;,&quot;sizes&quot;:[]},&quot;min_height_mobile&quot;:{&quot;unit&quot;:&quot;px&quot;,&quot;size&quot;:&quot;&quot;,&quot;sizes&quot;:[]}}\" data-widget_type=\"table-of-contents.default\">\n\t\t\t\t\t\t\t\t\t<div class=\"elementor-toc__header\">\n\t\t\t\t\t\t<h2 class=\"elementor-toc__header-title\">\n\t\t\t\tEfnisyfirlit\t\t\t<\/h2>\n\t\t\t\t\t\t\t\t\t\t<div class=\"elementor-toc__toggle-button elementor-toc__toggle-button--expand\" role=\"button\" tabindex=\"0\" aria-controls=\"elementor-toc__iwgw-pachamama-toc\" aria-expanded=\"true\" aria-label=\"Open table of contents\"><svg aria-hidden=\"true\" class=\"e-font-icon-svg e-fas-chevron-down\" viewBox=\"0 0 448 512\" xmlns=\"http:\/\/www.w3.org\/2000\/svg\"><path d=\"M207.029 381.476L12.686 187.132c-9.373-9.373-9.373-24.569 0-33.941l22.667-22.667c9.357-9.357 24.522-9.375 33.901-.04L224 284.505l154.745-154.021c9.379-9.335 24.544-9.317 33.901.04l22.667 22.667c9.373 9.373 9.373 24.569 0 33.941L240.971 381.476c-9.373 9.372-24.569 9.372-33.942 0z\"><\/path><\/svg><\/div>\n\t\t\t\t<div class=\"elementor-toc__toggle-button elementor-toc__toggle-button--collapse\" role=\"button\" tabindex=\"0\" aria-controls=\"elementor-toc__iwgw-pachamama-toc\" aria-expanded=\"true\" aria-label=\"Close table of contents\"><svg aria-hidden=\"true\" class=\"e-font-icon-svg e-fas-chevron-up\" viewBox=\"0 0 448 512\" xmlns=\"http:\/\/www.w3.org\/2000\/svg\"><path d=\"M240.971 130.524l194.343 194.343c9.373 9.373 9.373 24.569 0 33.941l-22.667 22.667c-9.357 9.357-24.522 9.375-33.901.04L224 227.495 69.255 381.516c-9.379 9.335-24.544 9.317-33.901-.04l-22.667-22.667c-9.373-9.373-9.373-24.569 0-33.941L207.03 130.525c9.372-9.373 24.568-9.373 33.941-.001z\"><\/path><\/svg><\/div>\n\t\t\t\t\t<\/div>\n\t\t\t\t<div id=\"elementor-toc__iwgw-pachamama-toc\" class=\"elementor-toc__body\">\n\t\t\t<div class=\"elementor-toc__spinner-container\">\n\t\t\t\t<svg class=\"elementor-toc__spinner eicon-animation-spin e-font-icon-svg e-eicon-loading\" aria-hidden=\"true\" viewBox=\"0 0 1000 1000\" xmlns=\"http:\/\/www.w3.org\/2000\/svg\"><path d=\"M500 975V858C696 858 858 696 858 500S696 142 500 142 142 304 142 500H25C25 237 238 25 500 25S975 237 975 500 763 975 500 975Z\"><\/path><\/svg>\t\t\t<\/div>\n\t\t<\/div>\n\t\t\t\t\t\t<\/div>\n\t\t\t\t<\/div>\n\t\t\t\t\t<\/div>\n\t\t\t\t<\/div>\n\t\t<div class=\"elementor-element elementor-element-iwgw-pachamama-hr e-con-full e-flex e-con e-child\" data-id=\"iwgw-pachamama-hr\" data-element_type=\"container\" data-e-type=\"container\">\n\t\t\t\t<div class=\"elementor-element elementor-element-iwgw-pachamama-heroimg iwg-hero-image elementor-widget elementor-widget-image\" data-id=\"iwgw-pachamama-heroimg\" data-element_type=\"widget\" data-e-type=\"widget\" data-widget_type=\"image.default\">\n\t\t\t\t\t\t\t\t\t\t\t\t\t\t\t<img fetchpriority=\"high\" decoding=\"async\" width=\"683\" height=\"1024\" src=\"https:\/\/iwell-guard.com\/wp-content\/uploads\/2026\/05\/goetter_anden-inka_pachamama-1-683x1024.webp\" class=\"attachment-large size-large wp-image-170859\" alt=\"Pachamama - gu\u00f0ir \u00far andesk-inka hef\u00f0inni, s\u00f6gulega myndskreytt\" srcset=\"https:\/\/iwell-guard.com\/wp-content\/uploads\/2026\/05\/goetter_anden-inka_pachamama-1-683x1024.webp 683w, https:\/\/iwell-guard.com\/wp-content\/uploads\/2026\/05\/goetter_anden-inka_pachamama-1-200x300.webp 200w, https:\/\/iwell-guard.com\/wp-content\/uploads\/2026\/05\/goetter_anden-inka_pachamama-1-768x1152.webp 768w, https:\/\/iwell-guard.com\/wp-content\/uploads\/2026\/05\/goetter_anden-inka_pachamama-1.webp 1024w\" sizes=\"(max-width: 683px) 100vw, 683px\" \/>\t\t\t\t\t\t\t\t\t\t\t\t\t\t\t<\/div>\n\t\t\t\t<\/div>\n\t\t\t\t\t<\/div>\n\t\t\t\t<\/div>\n\t\t<div class=\"elementor-element elementor-element-iwgw-pachamama-s0 e-flex e-con-boxed e-con e-parent\" data-id=\"iwgw-pachamama-s0\" data-element_type=\"container\" data-e-type=\"container\">\n\t\t\t\t\t<div class=\"e-con-inner\">\n\t\t\t\t<div class=\"elementor-element elementor-element-iwgw-pachamama-s0h elementor-widget elementor-widget-heading\" data-id=\"iwgw-pachamama-s0h\" data-element_type=\"widget\" data-e-type=\"widget\" data-widget_type=\"heading.default\">\n\t\t\t\t\t<h2 class=\"elementor-heading-title elementor-size-default\">Sta\u00f0a \u00ed and\u00edsku pantheoninu<\/h2>\t\t\t\t<\/div>\n\t\t<div class=\"elementor-element elementor-element-iwgw-pachamama-s0c e-con-full e-flex e-con e-child\" data-id=\"iwgw-pachamama-s0c\" data-element_type=\"container\" data-e-type=\"container\">\n\t\t\t\t<div class=\"elementor-element elementor-element-iwgw-pachamama-s0t elementor-widget elementor-widget-text-editor\" data-id=\"iwgw-pachamama-s0t\" data-element_type=\"widget\" data-e-type=\"widget\" data-widget_type=\"text-editor.default\">\n\t\t\t\t\t\t\t\t\t<p>Pachamama (kvesja: <em>pacha<\/em>, heimur, t\u00edmi, r\u00fam; <em>mama<\/em>, m\u00f3\u00f0ir) v\u00edsar \u00ed hef\u00f0bundnum tr\u00faarbr\u00f6g\u00f0um and\u00edsku h\u00e1lendanna til \u00feeirrar kvenlegu t\u00f6lulausu veru sem birtist \u00ed frj\u00f3samri j\u00f6r\u00f0, r\u00e6ktu\u00f0um \u00f6krum og \u00ed fj\u00f6lgun l\u00edfveranna.<\/p><p>Fr\u00e1 t\u00edma <span class=\"iwg-fachbegriff\" data-tooltip=\"Hin v\u00edsindalega kenning um Gu\u00f0 og tr\u00faarl\u00edf tr\u00faarbrag\u00f0a.\" tabindex=\"0\">gu\u00f0fr\u00e6\u00f0i<\/span> Inka-r\u00edkisins hefur h\u00fan talist til meginvera h\u00e1lendisins \u00e1samt Inti, \u00ferumugu\u00f0num <a href=\"https:\/\/iwell-guard.com\/is\/?page_id=168924\">Illapa<\/a>, tunglgy\u00f0junni <a href=\"https:\/\/iwell-guard.com\/is\/?page_id=168922\">Mama Killa<\/a> og skaparanum <a href=\"https:\/\/iwell-guard.com\/is\/?page_id=168921\">Viracocha<\/a>.<\/p><p>Tr\u00faar\u00fej\u00f3\u00f0fr\u00e6\u00f0ingurinn Joseph Bastien (<em>Mountain of the Condor<\/em>, 1978) hefur s\u00fdnt fram \u00e1 fyrir aymara-h\u00e1lendi B\u00f3liv\u00edu a\u00f0 Pachamama er \u00ed sta\u00f0bundinni skynjun s\u00ed\u00f0ur upplifu\u00f0 sem pers\u00f3nuger\u00f0 gy\u00f0ja en sem lifandi efni jar\u00f0arinnar sj\u00e1lfrar.<\/p><p>\u00deessi efniskennd greinir hana skipulagslega fr\u00e1 m\u00f6rgum klass\u00edskum jar\u00f0m\u00f3\u00f0urmyndum Mi\u00f0jar\u00f0arhafssv\u00e6\u00f0isins (Demeter, Gaia), sem eru go\u00f0s\u00f6gulega mun sterkar pers\u00f3nuger\u00f0ar.<\/p><p>\u00cd samhengi r\u00edkis-<span class=\"iwg-fachbegriff\" data-tooltip=\"Hin v\u00edsindalega kenning um Gu\u00f0 og tr\u00faarl\u00edf tr\u00faarbrag\u00f0a.\" tabindex=\"0\">gu\u00f0fr\u00e6\u00f0i<\/span> <a href=\"https:\/\/iwell-guard.com\/is\/?page_id=168909\">Inka<\/a>-r\u00edkisins haf\u00f0i Pachamama s\u00e9rkennilega undirskipa\u00f0a st\u00f6\u00f0u: Hin opinbera r\u00edkisd\u00fdrkun lag\u00f0i \u00e1herslu \u00e1 hinn karllega Inti, \u00e1 me\u00f0an meirihluti sveitaf\u00f3lksins f\u00e6r\u00f0i Pachamama f\u00f3rnir.<\/p><p>Catherine Allen (<em>The Hold Life Has<\/em>, 2002) kallar \u00feetta samband kynbundna lagskiptingu and\u00edska tr\u00fakerfisins, \u00fear sem hin karllega s\u00f3lgu\u00f0fr\u00e6\u00f0i liggur ofan \u00e1 eldri, kvenlegri jar\u00f0gu\u00f0fr\u00e6\u00f0i.<\/p>\t\t\t\t\t\t\t\t<\/div>\n\t\t\t\t<\/div>\n\t\t\t\t\t<\/div>\n\t\t\t\t<\/div>\n\t\t<div class=\"elementor-element elementor-element-iwgw-pachamama-s1 e-flex e-con-boxed e-con e-parent\" data-id=\"iwgw-pachamama-s1\" data-element_type=\"container\" data-e-type=\"container\">\n\t\t\t\t\t<div class=\"e-con-inner\">\n\t\t\t\t<div class=\"elementor-element elementor-element-iwgw-pachamama-s1h elementor-widget elementor-widget-heading\" data-id=\"iwgw-pachamama-s1h\" data-element_type=\"widget\" data-e-type=\"widget\" data-widget_type=\"heading.default\">\n\t\t\t\t\t<h2 class=\"elementor-heading-title elementor-size-default\">Nafn og or\u00f0sifjar<\/h2>\t\t\t\t<\/div>\n\t\t<div class=\"elementor-element elementor-element-iwgw-pachamama-s1c e-con-full e-flex e-con e-child\" data-id=\"iwgw-pachamama-s1c\" data-element_type=\"container\" data-e-type=\"container\">\n\t\t\t\t<div class=\"elementor-element elementor-element-iwgw-pachamama-s1t elementor-widget elementor-widget-text-editor\" data-id=\"iwgw-pachamama-s1t\" data-element_type=\"widget\" data-e-type=\"widget\" data-widget_type=\"text-editor.default\">\n\t\t\t\t\t\t\t\t\t<p>Kech\u00faa-or\u00f0i\u00f0 <em>pacha<\/em> er merkingarlega afar margslungi\u00f0. \u00dea\u00f0 merkir samt\u00edmis t\u00edma (\u00e1kve\u00f0i\u00f0 t\u00edmabil), r\u00fam (heiminn \u00ed heild) og \u00e1stand heimsins.<\/p><p>Diego Gonzalez Holguin \u00fe\u00fd\u00f0ir \u00fea\u00f0 \u00ed <em>Vocabulario de la lengua general<\/em> (1608) eftir samhengi me\u00f0 <em>mundo<\/em>, <em>tiempo<\/em> e\u00f0a <em>suelo<\/em>. Pachamama er \u00feannig <em>m\u00f3\u00f0ir alls veruleika heimsins<\/em>, ekki bara jar\u00f0vegsins.<\/p><p>\u00cd aymara-m\u00e1li b\u00f3liv\u00edsku Andesfjallanna finnst jafngildi\u00f0 <em>Pachamama<\/em> einnig, sums sta\u00f0ar breytt \u00ed <em>Pachatata<\/em> (fa\u00f0ir-j\u00f6r\u00f0) fyrir karlkyns hli\u00f0st\u00e6\u00f0una. \u00cd kech\u00faa Cajamarca og \u00e1 Ayacucho-sv\u00e6\u00f0inu finnst sv\u00e6\u00f0isbundi\u00f0 formi\u00f0 <em>Mama Pacha<\/em> me\u00f0 \u00f6fugri r\u00f6\u00f0 or\u00f0hluta, en merkir s\u00f6mu <span class=\"iwg-fachbegriff\" data-tooltip=\"Vera sem tilbe\u00f0in er sem gu\u00f0leg innan tr\u00faarbrag\u00f0a.\" tabindex=\"0\">gu\u00f0veru<\/span>.<\/p><p>\u00d6nnur or\u00f0sifjask\u00fdring tengir <em>pacha<\/em> vi\u00f0 hugtaki\u00f0 um heimsfr\u00e6\u00f0ilega skipan.<\/p><p>Tr\u00faarbrag\u00f0asagnfr\u00e6\u00f0ingurinn Frank Salomon bendir \u00ed <em>Native Lords of Quito<\/em> (1986) \u00e1 a\u00f0 <em>pacha<\/em> merkir \u00e1 tungum\u00e1li Inkat\u00edmans einnig hi\u00f0 s\u00f6guskei\u00f0a\u00f0a heimst\u00edmabil (fyrir-Inka, Inka, eftir landvinninga), \u00feannig a\u00f0 Pachamama m\u00e1 skilja sem <em>m\u00f3\u00f0ur allra heimst\u00edmabila<\/em>, hugmynd sem gegnir s\u00e9rst\u00f6ku hlutverki \u00ed Pachakuti-go\u00f0s\u00f6gunum (heimsbyltingum).<\/p>\t\t\t\t\t\t\t\t<\/div>\n\t\t\t\t<\/div>\n\t\t\t\t\t<\/div>\n\t\t\t\t<\/div>\n\t\t<div class=\"elementor-element elementor-element-iwgw-pachamama-s2 e-flex e-con-boxed e-con e-parent\" data-id=\"iwgw-pachamama-s2\" data-element_type=\"container\" data-e-type=\"container\">\n\t\t\t\t\t<div class=\"e-con-inner\">\n\t\t\t\t<div class=\"elementor-element elementor-element-iwgw-pachamama-s2h elementor-widget elementor-widget-heading\" data-id=\"iwgw-pachamama-s2h\" data-element_type=\"widget\" data-e-type=\"widget\" data-widget_type=\"heading.default\">\n\t\t\t\t\t<h2 class=\"elementor-heading-title elementor-size-default\">L\u00fdsing og myndm\u00e1l<\/h2>\t\t\t\t<\/div>\n\t\t<div class=\"elementor-element elementor-element-iwgw-pachamama-s2c e-con-full e-flex e-con e-child\" data-id=\"iwgw-pachamama-s2c\" data-element_type=\"container\" data-e-type=\"container\">\n\t\t\t\t<div class=\"elementor-element elementor-element-iwgw-pachamama-s2t elementor-widget elementor-widget-text-editor\" data-id=\"iwgw-pachamama-s2t\" data-element_type=\"widget\" data-e-type=\"widget\" data-widget_type=\"text-editor.default\">\n\t\t\t\t\t\t\t\t\t<p>\u00d3l\u00edkt Inti, sem haf\u00f0i \u00e1kve\u00f0na helgimynd (Punchao) tengda s\u00e9r, var Pachamama \u00e1 t\u00edmum Inka varla s\u00fdnd \u00ed mannsmynd \u00ed myndlist. H\u00fan kemur fremur fram \u00ed formi helgista\u00f0a og hluta: \u00ed r\u00e6kta\u00f0ri jar\u00f0arskikju, \u00ed <em>apacheta<\/em>-grj\u00f3thr\u00fagum \u00e1 fjallask\u00f6r\u00f0um, \u00e1 <em>mesa<\/em>-f\u00f3rnarst\u00f6\u00f0um og \u00ed grafnum f\u00f3rnargr\u00f3pum.<\/p><p>\u00cd n\u00fdlendut\u00edmans og n\u00fat\u00edma \u00fej\u00f3\u00f0list er h\u00fan \u00ed auknum m\u00e6li s\u00fdnd \u00ed mannsmynd sem frumbyggjakona \u00ed hef\u00f0bundnum b\u00faningi, me\u00f0 v\u00ed\u00f0um polleras-pilsi, sjali og bowler-hatti (\u00ed b\u00f3liv\u00edsku aymara-samhengi). Sums sta\u00f0ar ber h\u00fan barn e\u00f0a <em>aguayo<\/em>-bur\u00f0arkl\u00fat fullan af Andes-korni.<\/p><p>\u00deessar myndir eru a\u00f0 mestu undir \u00e1hrifum kristinnar saml\u00f6gunar (syncretisma) fyrir tilstilli helgimynda af Mar\u00edu, s\u00e9rstaklega Madonnu af Copacabana og Madonnu del Cerro (Potos\u00ed), \u00fear sem jar\u00f0m\u00f3\u00f0irin og Mar\u00edutilbei\u00f0sla renna saman.<\/p><p>\u00c1 var\u00f0veittum forsp\u00e6nskum leirmunum Moche- og Wari-menningarinnar finnast kvenmyndir me\u00f0 \u00e1berandi frumkyn- og kyneinkennum sem fornleifafr\u00e6\u00f0ingar t\u00falka oft sem <em>fyrirrennara Pachamama<\/em>. \u00deessi t\u00falkun er \u00fe\u00f3 vangaveltukennd, \u00fev\u00ed em\u00edska (innri) heiti\u00f0 skortir okkur. Christopher Donnan hefur \u00ed <em>Moche Art<\/em> (1978) vara\u00f0 vi\u00f0 \u00f3vark\u00e1rni \u00ed sl\u00edkum greiningum.<\/p>\t\t\t\t\t\t\t\t<\/div>\n\t\t\t\t<\/div>\n\t\t\t\t\t<\/div>\n\t\t\t\t<\/div>\n\t\t<div class=\"elementor-element elementor-element-iwgw-pachamama-s3 e-flex e-con-boxed e-con e-parent\" data-id=\"iwgw-pachamama-s3\" data-element_type=\"container\" data-e-type=\"container\">\n\t\t\t\t\t<div class=\"e-con-inner\">\n\t\t\t\t<div class=\"elementor-element elementor-element-iwgw-pachamama-s3h elementor-widget elementor-widget-heading\" data-id=\"iwgw-pachamama-s3h\" data-element_type=\"widget\" data-e-type=\"widget\" data-widget_type=\"heading.default\">\n\t\t\t\t\t<h2 class=\"elementor-heading-title elementor-size-default\">Go\u00f0sagnakenndar fr\u00e1sagnir<\/h2>\t\t\t\t<\/div>\n\t\t<div class=\"elementor-element elementor-element-iwgw-pachamama-s3c e-con-full e-flex e-con e-child\" data-id=\"iwgw-pachamama-s3c\" data-element_type=\"container\" data-e-type=\"container\">\n\t\t\t\t<div class=\"elementor-element elementor-element-iwgw-pachamama-s3t elementor-widget elementor-widget-text-editor\" data-id=\"iwgw-pachamama-s3t\" data-element_type=\"widget\" data-e-type=\"widget\" data-widget_type=\"text-editor.default\">\n\t\t\t\t\t\t\t\t\t<p>Go\u00f0s\u00f6guleg <span class=\"iwg-fachbegriff\" data-tooltip=\"Mi\u00f0lun \u00feekkingar og fr\u00e1sagna milli kynsl\u00f3\u00f0a.\" tabindex=\"0\">munnm\u00e6li<\/span> um Pachamama eru undarlega f\u00e1t\u00e6kleg \u00ed elstu ann\u00e1lum, sem Pierre Duviols hefur \u00fatsk\u00fdrt sem aflei\u00f0ingu hins a\u00f0 mestu karll\u00e6ga, keisaralega sj\u00f3narhorns sp\u00e6nsku ann\u00e1laritaranna. \u00dea\u00f0 sem var\u00f0veist hefur eru fremur brot af heimsmyndarlegum tengslum: Pachamama sem eiginkona e\u00f0a systir Pachakamaks vi\u00f0 str\u00f6ndina, sem d\u00f3ttir Viracocha \u00e1 h\u00e1lendinu, sem eiginkona Pachatata \u00e1 aymara-sv\u00e6\u00f0inu.<\/p><p>Meginlegur <span class=\"iwg-fachbegriff\" data-tooltip=\"Hef\u00f0bundin fr\u00e1s\u00f6gn um gu\u00f0i, uppruna og skipan heimsins.\" tabindex=\"0\">go\u00f0saga<\/span> tengir Pachamama vi\u00f0 hringr\u00e1s \u00feurrka og regns. Tali\u00f0 er a\u00f0 h\u00fan ver\u00f0i feit og s\u00f6dd \u00ed mars\/apr\u00edl eftir uppskeruna, en \u00e1 \u00feurru m\u00e1nu\u00f0unum ma\u00ed til september er h\u00fan talin sv\u00f6ng og \u00feyrst, og \u00fev\u00ed eru s\u00e9rstaklega margar <span class=\"iwg-fachbegriff\" data-tooltip=\"Gj\u00f6f til gu\u00f0d\u00f3ms til a\u00f0 tj\u00e1 \u00feakkl\u00e6ti, b\u00e6n e\u00f0a lotningu.\" tabindex=\"0\">f\u00f3rnir<\/span> f\u00e6r\u00f0ar \u00e1 \u00feeim t\u00edma.<\/p><p>\u00cd pampa-fjallah\u00e9ru\u00f0um Argent\u00ednu (Salta, Jujuy) fer mikilv\u00e6gasta Pachamama-h\u00e1t\u00ed\u00f0in fram \u00ed \u00e1g\u00fast. \u00deann 1. \u00e1g\u00fast opna b\u00e6ndurnir j\u00f6r\u00f0ina t\u00e1knr\u00e6nt me\u00f0 \u00fev\u00ed a\u00f0 grafa l\u00edti\u00f0 gat og setja \u00ed \u00fea\u00f0 fyrstu gj\u00f6fina (chicha, k\u00f3kalauf, brau\u00f0, fitu).<\/p><p>Mikilv\u00e6g fr\u00e1s\u00f6gn tengir Pachamama vi\u00f0 uppkomu Sj\u00f6stirnisins \u00ed j\u00fan\u00ed. Sj\u00f6 vikna n\u00e6rvera Sj\u00f6stirnisins \u00e1 morgunhimninum er skilin sem athygli hennar \u00e1 s\u00e1ningu mannanna; ef Sj\u00f6stirni\u00f0 r\u00eds bjart er von \u00e1 r\u00edkulegu uppskeru\u00e1ri.<\/p><p>Tom Zuidema og Gary Urton hafa l\u00fdst \u00feessari and\u00edsku fornstj\u00f6rnufr\u00e6\u00f0ilegu fylgni me\u00f0 kerfisbundnum h\u00e6tti \u00ed <em>At the Crossroads of the Earth and the Sky<\/em> (1981).<\/p><p>\u00cd Su\u00f0ur-Per\u00fa er Pachamama einnig tengd go\u00f0s\u00f6gulegri veru sem nefnist <em>Mama Pacha<\/em>, sem samkv\u00e6mt <span class=\"iwg-fachbegriff\" data-tooltip=\"Mi\u00f0lun \u00feekkingar og fr\u00e1sagna milli kynsl\u00f3\u00f0a.\" tabindex=\"0\">munnm\u00e6lum<\/span> \u00ed Pakaqtanpu veldur skri\u00f0uf\u00f6llum og jar\u00f0skj\u00e1lftum ef henni eru ekki f\u00e6r\u00f0ar n\u00e6gilegar f\u00f3rnir.<\/p><p>\u00deessi refsiv\u00eddd jar\u00f0m\u00f3\u00f0urinnar birtist einnig \u00ed argent\u00ednsku Andesfj\u00f6llunum, \u00fear sem \u00e1g\u00fast telst <em>mes peligroso<\/em> (h\u00e6ttulegur m\u00e1nu\u00f0ur), \u00fev\u00ed hin svanga jar\u00f0m\u00f3\u00f0ir \u00fearfnast s\u00e9rstakrar athygli og \u00f3vark\u00e1rir g\u00f6ngumenn geta a\u00f0 s\u00f6gn veikst. Tr\u00faar\u00fej\u00f3\u00f0fr\u00e6\u00f0ilega athyglisvert er a\u00f0 \u00feessi refsiv\u00eddd er reglulega sni\u00f0gengin \u00ed vestr\u00e6nni New Age-t\u00falkun Pachamama.<\/p>\t\t\t\t\t\t\t\t<\/div>\n\t\t\t\t<\/div>\n\t\t\t\t\t<\/div>\n\t\t\t\t<\/div>\n\t\t<div class=\"elementor-element elementor-element-iwgw-pachamama-s4 e-flex e-con-boxed e-con e-parent\" data-id=\"iwgw-pachamama-s4\" data-element_type=\"container\" data-e-type=\"container\">\n\t\t\t\t\t<div class=\"e-con-inner\">\n\t\t\t\t<div class=\"elementor-element elementor-element-iwgw-pachamama-s4h elementor-widget elementor-widget-heading\" data-id=\"iwgw-pachamama-s4h\" data-element_type=\"widget\" data-e-type=\"widget\" data-widget_type=\"heading.default\">\n\t\t\t\t\t<h2 class=\"elementor-heading-title elementor-size-default\">D\u00fdrkun og f\u00f3rnarh\u00e6ttir<\/h2>\t\t\t\t<\/div>\n\t\t<div class=\"elementor-element elementor-element-iwgw-pachamama-s4c e-con-full e-flex e-con e-child\" data-id=\"iwgw-pachamama-s4c\" data-element_type=\"container\" data-e-type=\"container\">\n\t\t\t\t<div class=\"elementor-element elementor-element-iwgw-pachamama-s4t elementor-widget elementor-widget-text-editor\" data-id=\"iwgw-pachamama-s4t\" data-element_type=\"widget\" data-e-type=\"widget\" data-widget_type=\"text-editor.default\">\n\t\t\t\t\t\t\t\t\t<p>Pachamama-<span class=\"iwg-fachbegriff\" data-tooltip=\"Heild tr\u00faarlegra tilbei\u00f0sluathafna fyrir go\u00f0m\u00f6gn e\u00f0a heilaga veru.\" tabindex=\"0\">d\u00fdrkunin<\/span> er enn \u00feann dag \u00ed dag lifandi tr\u00faarhef\u00f0 \u00ed \u00feorpum h\u00e1sl\u00e9ttunnar.<\/p><p>Mi\u00f0ja hennar er <span class=\"iwg-fachbegriff\" data-tooltip=\"Fastm\u00f3tu\u00f0 r\u00f6\u00f0 t\u00e1kngj\u00f6r\u00f0ra athafna me\u00f0 tr\u00faarlega e\u00f0a menningarlega merkingu.\" tabindex=\"0\">ath\u00f6fnin<\/span> <em>despacho<\/em> e\u00f0a <em>pago a la tierra<\/em> (grei\u00f0sla til jar\u00f0ar), \u00fear sem k\u00f3kalaufum, s\u00e6lg\u00e6ti, lamafitu, lamaf\u00f3strum (<em>sullu<\/em>), litlum leirstyttum og v\u00edni e\u00f0a chicha er ra\u00f0a\u00f0 af listfengi \u00ed f\u00f3rnarb\u00f6gglum og \u00feau grafin \u00ed j\u00f6r\u00f0 e\u00f0a brennd.<\/p><p>Catherine Allen l\u00fdsir fyrir \u00feorpi\u00f0 Sonqo (Paucartambo-h\u00e9ra\u00f0) endurteknum \u00fe\u00e6tti sem kallast <em>kintu<\/em>, \u00ferj\u00fa fullkomin k\u00f3kalauf l\u00f6g\u00f0 hvert ofan \u00e1 anna\u00f0 sem bl\u00e1si\u00f0 er \u00ed allar h\u00f6fu\u00f0\u00e1ttir og s\u00ed\u00f0an bo\u00f0in j\u00f6r\u00f0inni, fj\u00f6llunum og hinum d\u00fdrku\u00f0u forfe\u00f0rum. Joseph Bastien hefur l\u00fdst hli\u00f0st\u00e6\u00f0ri aymara-hef\u00f0 \u00e1 h\u00e1sl\u00e9ttunni umhverfis La Paz.<\/p><p>Tr\u00faarlegu s\u00e9rfr\u00e6\u00f0ingarnir kallast, eftir sv\u00e6\u00f0i, <em>yatiri<\/em> (aymara), <em>paqo<\/em> (quechua) e\u00f0a <em>altomisayoq<\/em>. \u00deeir eru ekki stofnanabundnir prestar \u00e1 bor\u00f0 vi\u00f0 emb\u00e6ttismenn Coricancha \u00e1 t\u00edmum Inkanna, heldur \u00feorpsbundnir sp\u00e1d\u00f3msmenn og l\u00e6knar sem oft hafa fengi\u00f0 kall sitt \u00ed gegnum reynslu af eldingu (Illapa-kall).<\/p><p>Per\u00faski mannfr\u00e6\u00f0ingurinn Juan Nunez del Prado kerfisbundna\u00f0i \u00ed verkum s\u00ednum fr\u00e1 1970 stig innv\u00edgslu \u00feessara paqo-s\u00e9rfr\u00e6\u00f0inga.<\/p><p>Mikilv\u00e6gasta dagsetning almanaksins er 1. \u00e1g\u00fast, sem er talinn dagur Pachamama; auk \u00feess er henni f\u00e6rt f\u00f3rnir \u00e1 \u00f6llum mikilv\u00e6gum t\u00edmapunktum landb\u00fana\u00f0ar\u00e1rsins: vi\u00f0 s\u00e1ningu, vi\u00f0 fyrstu pl\u00e6gingu, vi\u00f0 fyrstu uppskeru. Einnig vi\u00f0 h\u00fasbyggingar, giftingar og barnsf\u00e6\u00f0ingar er Pachamama-<span class=\"iwg-fachbegriff\" data-tooltip=\"Gj\u00f6f til go\u00f0m\u00f6gns til a\u00f0 tj\u00e1 \u00feakkl\u00e6ti, b\u00f3n e\u00f0a tilbei\u00f0slu.\" tabindex=\"0\">f\u00f3rn<\/span> skylda.<\/p><p>\u00cd n\u00e1musv\u00e6\u00f0um Andesfjallanna (Potos\u00ed, Oruro, Cerro de Pasco) hefur einnig \u00fer\u00f3ast s\u00e9rst\u00f6k Pachamama-<span class=\"iwg-fachbegriff\" data-tooltip=\"Heild tr\u00faarlegra tilbei\u00f0sluathafna fyrir go\u00f0m\u00f6gn e\u00f0a heilaga veru.\" tabindex=\"0\">d\u00fdrkun<\/span> me\u00f0al n\u00e1maverkamanna ne\u00f0anjar\u00f0ar, \u00fear sem Pachamama er d\u00fdrku\u00f0 \u00ed tengslum vi\u00f0 n\u00e1maandann <em>Tio<\/em>.<\/p><p>June Nash hefur \u00ed <em>We Eat the Mines and the Mines Eat Us<\/em> (1979) skjalfest me\u00f0 \u00fej\u00f3\u00f0fr\u00e6\u00f0ilegum h\u00e6tti tv\u00f6falda d\u00fdrkun Pachamama\/Tio \u00ed b\u00f3liv\u00edsku silfurn\u00e1munum og s\u00fdnt hvernig samband kap\u00edtal\u00edskrar ar\u00f0r\u00e1ns og gagnkv\u00e6mni \u00ed ath\u00f6fnum er sami\u00f0 um \u00ed \u00feessu tv\u00f6falda go\u00f0magni.<\/p>\t\t\t\t\t\t\t\t<\/div>\n\t\t\t\t<\/div>\n\t\t\t\t\t<\/div>\n\t\t\t\t<\/div>\n\t\t<div class=\"elementor-element elementor-element-iwgw-pachamama-s5 e-flex e-con-boxed e-con e-parent\" data-id=\"iwgw-pachamama-s5\" data-element_type=\"container\" data-e-type=\"container\">\n\t\t\t\t\t<div class=\"e-con-inner\">\n\t\t\t\t<div class=\"elementor-element elementor-element-iwgw-pachamama-s5h elementor-widget elementor-widget-heading\" data-id=\"iwgw-pachamama-s5h\" data-element_type=\"widget\" data-e-type=\"widget\" data-widget_type=\"heading.default\">\n\t\t\t\t\t<h2 class=\"elementor-heading-title elementor-size-default\">Verndara\u00f0ger\u00f0ir og fr\u00e1hrindandi t\u00e1kn<\/h2>\t\t\t\t<\/div>\n\t\t<div class=\"elementor-element elementor-element-iwgw-pachamama-s5c e-con-full e-flex e-con e-child\" data-id=\"iwgw-pachamama-s5c\" data-element_type=\"container\" data-e-type=\"container\">\n\t\t\t\t<div class=\"elementor-element elementor-element-iwgw-pachamama-s5t elementor-widget elementor-widget-text-editor\" data-id=\"iwgw-pachamama-s5t\" data-element_type=\"widget\" data-e-type=\"widget\" data-widget_type=\"text-editor.default\">\n\t\t\t\t\t\t\t\t\t<p>Pachamama-<span class=\"iwg-fachbegriff\" data-tooltip=\"Heild tr\u00faarlegra tilbei\u00f0sluathafna fyrir go\u00f0m\u00f6gn e\u00f0a heilaga veru.\" tabindex=\"0\">d\u00fdrkunin<\/span> er \u00ed e\u00f0li s\u00ednu ekki verndarath\u00f6fn \u00ed \u00ferengri merkingu, heldur gagnkv\u00e6m umhyggja \u00ed samskiptum (<em>ayni<\/em>). \u00dear sem henni er eigna\u00f0 verndarhlutverk gerist \u00fea\u00f0 oft \u00ed tengslum vi\u00f0 a\u00f0rar verur: gegn ska\u00f0legum \u00f6ndum eins og <a href=\"https:\/\/iwell-guard.com\/is\/?page_id=168925\">Supay<\/a> e\u00f0a gegn <em>condenados<\/em> (b\u00f6lvu\u00f0um s\u00e1lum) verkar Pachamama a\u00f0eins ef gagnkv\u00e6mni athafnanna hefur veri\u00f0 haldin.<\/p><p>\u00c1\u00fereifanlegar verndara\u00f0fer\u00f0ir \u00ed samhengi Pachamama eru me\u00f0al annars a\u00f0 leggja k\u00f3kalauf undir dyra\u00fer\u00f6skuld vi\u00f0 n\u00fdbyggingu, a\u00f0 grafa fl\u00f6sku fyllta v\u00edni og chicha undir h\u00fasdyrum e\u00f0a a\u00f0 hla\u00f0a upp apacheta (grj\u00f3thr\u00fagu) \u00e1 fjallaskar\u00f0i, \u00fear sem hver fer\u00f0ama\u00f0ur sem fer framhj\u00e1 leggur einn stein og tekur \u00feannig \u00fe\u00e1tt \u00ed sameiginlegri v\u00f6rn vegarins.<\/p><p>Tr\u00faarfr\u00e6\u00f0ingurinn Olivia Harris hefur \u00ed <em>Of Bread and Blood<\/em> (2000) s\u00fdnt a\u00f0 \u00feessi grj\u00f3thr\u00fagu-hef\u00f0 er enn lifandi \u00e1 b\u00f3liv\u00edskum h\u00e1sl\u00e9ttuvegum \u00ed dag.<\/p><p>Fr\u00e1 tr\u00faarfr\u00e6\u00f0ilegu sj\u00f3narhorni er mikilv\u00e6gt a\u00f0 benda \u00e1 a\u00f0 \u00feessar athafnir eru ekki skildar sem verkandi galdur, heldur sem tr\u00faarleg sta\u00f0festing \u00e1 heimsskipan \u00fear sem hver gj\u00f6f krefst jafngildis. Tenging iWell Guard vi\u00f0 Pachamama-hef\u00f0ina er h\u00e9r sk\u00fdrlega fr\u00e6\u00f0ileg athugun og ekki lofor\u00f0 um verkun.<\/p>\t\t\t\t\t\t\t\t<\/div>\n\t\t\t\t<\/div>\n\t\t\t\t\t<\/div>\n\t\t\t\t<\/div>\n\t\t<div class=\"elementor-element elementor-element-iwgw-pachamama-s6 e-flex e-con-boxed e-con e-parent\" data-id=\"iwgw-pachamama-s6\" data-element_type=\"container\" data-e-type=\"container\">\n\t\t\t\t\t<div class=\"e-con-inner\">\n\t\t\t\t<div class=\"elementor-element elementor-element-iwgw-pachamama-s6h elementor-widget elementor-widget-heading\" data-id=\"iwgw-pachamama-s6h\" data-element_type=\"widget\" data-e-type=\"widget\" data-widget_type=\"heading.default\">\n\t\t\t\t\t<h2 class=\"elementor-heading-title elementor-size-default\">Hli\u00f0st\u00e6\u00f0ur \u00ed \u00f6\u00f0rum menningarheimum<\/h2>\t\t\t\t<\/div>\n\t\t<div class=\"elementor-element elementor-element-iwgw-pachamama-s6c e-con-full e-flex e-con e-child\" data-id=\"iwgw-pachamama-s6c\" data-element_type=\"container\" data-e-type=\"container\">\n\t\t\t\t<div class=\"elementor-element elementor-element-iwgw-pachamama-s6t elementor-widget elementor-widget-text-editor\" data-id=\"iwgw-pachamama-s6t\" data-element_type=\"widget\" data-e-type=\"widget\" data-widget_type=\"text-editor.default\">\n\t\t\t\t\t\t\t\t\t<p>\u00c1 byggingarfr\u00e6\u00f0ilegan h\u00e1tt m\u00e1 bera Pachamama saman vi\u00f0 a\u00f0rar jar\u00f0argy\u00f0jur heimstr\u00faarbrag\u00f0anna \u00e1n \u00feess a\u00f0 gera r\u00e1\u00f0 fyrir s\u00f6gulegri tengingu. Tr\u00faarfr\u00e6\u00f0ilega er samanbur\u00f0urinn vi\u00f0 hina fornindversku Prithivi, hina gr\u00edsku Gaiu, hina r\u00f3mversku Tellus Mater, hina germ\u00f6nsku Nerthus (Tacitus) og hina nor\u00f0ur-amer\u00edsku <a href=\"https:\/\/iwell-guard.com\/is\/?page_id=168937\">Changing Woman<\/a> Navah\u00f3f\u00f3lksins s\u00e9rlega uppl\u00fdsandi.<\/p><p>Mircea Eliade greindi \u00ed verki s\u00ednu <em>Die Religion und das Heilige<\/em> \u00e1kve\u00f0i\u00f0 jar\u00f0arm\u00f3\u00f0urmynstur sem birtist \u00ed n\u00e6r \u00f6llum landb\u00fana\u00f0armenningum: kvenlega heilagleika (numinositet) sem tengist frj\u00f3semi, hringr\u00e1s, s\u00e1\u00f0korni og dau\u00f0a. Pachamama fellur inn \u00ed \u00feetta mynstur en hefur, vegna Pacha-v\u00edddar sinnar (t\u00edmi, veraldar\u00f6ld), v\u00ed\u00f0t\u00e6kari merkingarsvi\u00f0.<\/p><p>S\u00e9rstaklega andneskt einkenni er tengsl Pachamama vi\u00f0 hina sta\u00f0bundnu fjallageistra <em>Apu<\/em> (sj\u00e1 <a href=\"https:\/\/iwell-guard.com\/is\/?page_id=168927\">Apu Ausangate<\/a>). \u00deessir karlkyns fjallaherrar og hin kvenlega jar\u00f0arm\u00f3\u00f0ir myndast saman \u00ed eina samverkandi kynjaskiptingu, sem \u00ed andneskri <span class=\"iwg-fachbegriff\" data-tooltip=\"Hugmyndin um uppbyggingu og skipan heimsins innan menningar.\" tabindex=\"0\">heimsmynd<\/span> er tj\u00e1\u00f0 sem <em>yanantin<\/em>, hi\u00f0 frj\u00f3a spennusvi\u00f0 milli andst\u00e6\u00f0ra p\u00f6ra.<\/p><p>\u00d6nnur mikilv\u00e6g hli\u00f0st\u00e6\u00f0a s\u00e9st \u00ed afr\u00f3-amer\u00edskri d\u00fdrkun \u00e1 orisha <em>Yemaya<\/em> e\u00f0a v\u00fad\u00fa-loanum Erzulie, \u00fear sem kvenleg heilagleiki er tengd vatni, frj\u00f3semi og verndun. H\u00e9r er einnig um samsvarandi mynstur landb\u00fana\u00f0artr\u00faarbrag\u00f0a a\u00f0 r\u00e6\u00f0a, ekki s\u00f6guleg tengsl.<\/p><p>Hin fr\u00e6\u00f0ilega flokkun <em>Magna Mater<\/em>, hinnar st\u00f3ru m\u00f3\u00f0ur, hefur veri\u00f0 til umr\u00e6\u00f0u \u00edtreka\u00f0 allt fr\u00e1 Johann Jakob Bachofen \u00e1 19. \u00f6ld, en einf\u00f6ld afm\u00f6rkun allra jar\u00f0argy\u00f0ja vi\u00f0 eina frummynd er n\u00fa metin gagnr\u00fdni\u00f0 \u00fat fr\u00e1 a\u00f0fer\u00f0afr\u00e6\u00f0ilegu sj\u00f3narmi\u00f0i.<\/p>\t\t\t\t\t\t\t\t<\/div>\n\t\t\t\t<\/div>\n\t\t\t\t\t<\/div>\n\t\t\t\t<\/div>\n\t\t<div class=\"elementor-element elementor-element-iwgw-pachamama-s7 e-flex e-con-boxed e-con e-parent\" data-id=\"iwgw-pachamama-s7\" data-element_type=\"container\" data-e-type=\"container\">\n\t\t\t\t\t<div class=\"e-con-inner\">\n\t\t\t\t<div class=\"elementor-element elementor-element-iwgw-pachamama-s7h elementor-widget elementor-widget-heading\" data-id=\"iwgw-pachamama-s7h\" data-element_type=\"widget\" data-e-type=\"widget\" data-widget_type=\"heading.default\">\n\t\t\t\t\t<h2 class=\"elementor-heading-title elementor-size-default\">Kristnitaka og samruni tr\u00faarbrag\u00f0a<\/h2>\t\t\t\t<\/div>\n\t\t<div class=\"elementor-element elementor-element-iwgw-pachamama-s7c e-con-full e-flex e-con e-child\" data-id=\"iwgw-pachamama-s7c\" data-element_type=\"container\" data-e-type=\"container\">\n\t\t\t\t<div class=\"elementor-element elementor-element-iwgw-pachamama-s7t elementor-widget elementor-widget-text-editor\" data-id=\"iwgw-pachamama-s7t\" data-element_type=\"widget\" data-e-type=\"widget\" data-widget_type=\"text-editor.default\">\n\t\t\t\t\t\t\t\t\t<p>Sp\u00e6nska tr\u00fabo\u00f0i\u00f0 t\u00f3kst aldrei a\u00f0 \u00fatr\u00fdma Pachamama-<span class=\"iwg-fachbegriff\" data-tooltip=\"Heild tr\u00faarlegra d\u00fdrkunarathafna gagnvart gu\u00f0d\u00f3mi e\u00f0a heilagri veru.\" tabindex=\"0\">d\u00fdrkuninni<\/span> a\u00f0 fullu. \u00deess \u00ed sta\u00f0 var\u00f0 til ein merkilegasta samruna tr\u00faarsaga Amer\u00edku: samruni Pachamama vi\u00f0 ka\u00fe\u00f3lska Mar\u00edud\u00fdrkun, einkum vi\u00f0 madonnuna fr\u00e1 Copacabana (B\u00f3liv\u00edu) og madonnuna del Cerro (Potos\u00ed).<\/p><p>\u00c1 hinu fr\u00e6ga m\u00e1lverki <em>Virgen del Cerro<\/em> (nafnlaust, um 1720, Potos\u00ed) birtist madonnan sj\u00e1lf sem Silfurfjalli\u00f0 \u00ed Potos\u00ed, kl\u00e6\u00f0i hennar mynda fjallsl\u00ednuna, \u00e1 fjallstindinum situr k\u00f3r\u00f3nan, og inni \u00ed fjallinu sj\u00e1st n\u00e1mumennirnir.<\/p><p>Teresa Gisbert hefur t\u00falka\u00f0 \u00feessa mynd sem t\u00e1knr\u00e6nt merki um samruna Pachamama og Mar\u00edu. Madonnan er h\u00e9r ekki sett yfir fjalli\u00f0, h\u00fan er fjalli\u00f0 sj\u00e1lft, og er \u00fear me\u00f0 jafnframt jar\u00f0m\u00f3\u00f0irin.<\/p><p>Einnig helsti p\u00edlagr\u00edmssta\u00f0ur Copacabana vi\u00f0 Titicaca-vatn er reistur \u00e1 eldra <span class=\"iwg-fachbegriff\" data-tooltip=\"Heilagur sta\u00f0ur tileinka\u00f0ur d\u00fdrkun gu\u00f0d\u00f3ms.\" tabindex=\"0\">helgista\u00f0<\/span> Inkanna. <em>Virgen Morena<\/em> (hin d\u00f6kkleita madonna), sem \u00fear er d\u00fdrku\u00f0, telst \u00ed dag b\u00e6\u00f0i kristin verndard\u00fdrlingur B\u00f3liv\u00edu og birtingarmynd Pachamama. Sabine MacCormack (<em>Religion in the Andes<\/em>, 1991) hefur l\u00fdst \u00feessu tv\u00f6falda e\u00f0li \u00edtarlega.<\/p>\t\t\t\t\t\t\t\t<\/div>\n\t\t\t\t<\/div>\n\t\t\t\t\t<\/div>\n\t\t\t\t<\/div>\n\t\t<div class=\"elementor-element elementor-element-iwgw-pachamama-s8 e-flex e-con-boxed e-con e-parent\" data-id=\"iwgw-pachamama-s8\" data-element_type=\"container\" data-e-type=\"container\">\n\t\t\t\t\t<div class=\"e-con-inner\">\n\t\t\t\t<div class=\"elementor-element elementor-element-iwgw-pachamama-s8h elementor-widget elementor-widget-heading\" data-id=\"iwgw-pachamama-s8h\" data-element_type=\"widget\" data-e-type=\"widget\" data-widget_type=\"heading.default\">\n\t\t\t\t\t<h2 class=\"elementor-heading-title elementor-size-default\">N\u00fat\u00edmavi\u00f0t\u00f6kur og ranns\u00f3knir<\/h2>\t\t\t\t<\/div>\n\t\t<div class=\"elementor-element elementor-element-iwgw-pachamama-s8c e-con-full e-flex e-con e-child\" data-id=\"iwgw-pachamama-s8c\" data-element_type=\"container\" data-e-type=\"container\">\n\t\t\t\t<div class=\"elementor-element elementor-element-iwgw-pachamama-s8t elementor-widget elementor-widget-text-editor\" data-id=\"iwgw-pachamama-s8t\" data-element_type=\"widget\" data-e-type=\"widget\" data-widget_type=\"text-editor.default\">\n\t\t\t\t\t\t\t\t\t<p>Pachamama er \u00ed dag or\u00f0in, langt umfram tr\u00faarlegt samhengi, sameiningart\u00e1kn frumbyggjahreyfinga \u00ed Su\u00f0ur-Amer\u00edku. \u00cd B\u00f3liv\u00edu l\u00fdsti forseti Evo Morales (2006, 2019) 1. \u00e1g\u00fast sem <em>Dia de la Pachamama<\/em>, \u00fej\u00f3\u00f0h\u00e1t\u00ed\u00f0ardag, og stj\u00f3rnarskr\u00e1in fr\u00e1 2009 v\u00edsar s\u00e9rstaklega til Pachamama-tr\u00faarins.<\/p><p>\u00cd Ekvador hefur <em>Pachamama<\/em> \u00ed stj\u00f3rnarskr\u00e1nni fr\u00e1 2008 veri\u00f0 veitt eigin r\u00e9ttindi, skref sem hefur vaki\u00f0 al\u00fej\u00f3\u00f0lega athygli \u00ed r\u00e9ttars\u00f6gu.<\/p><p>\u00cd umhverfishreyfingum og vestr\u00e6num n\u00fdaldarkre\u00f0sum hefur Pachamama hloti\u00f0 v\u00ed\u00f0t\u00e6ka hlj\u00f3mgrunn s\u00ed\u00f0ustu \u00e1ratugi. \u00deessi m\u00f3ttaka er \u00fe\u00f3 gagnr\u00fdniver\u00f0: h\u00fan fjarl\u00e6gir hugtaki\u00f0 oft \u00far s\u00ednu upphaflega andneska samhengi og gerir \u00fea\u00f0 a\u00f0 hnattr\u00e6nu jar\u00f0arm\u00f3\u00f0urt\u00e1kni.<\/p><p>Tr\u00faar\u00fej\u00f3\u00f0fr\u00e6\u00f0ingar eins og Marisol de la Cadena (<em>Earth Beings<\/em>, 2015) hafa bent \u00e1 a\u00f0 hin andneska Pachamama er ekki sama og vestr\u00e6na Gaiu-tilg\u00e1tan og ver\u00f0ur ekki felld inn \u00ed hugtakaramma hennar.<\/p><p>\u00cd Vat\u00edkaninu var\u00f0 Pachamama \u00e1ri\u00f0 2019, \u00e1 me\u00f0an Amazon-kirkju\u00feinginu st\u00f3\u00f0, mi\u00f0punktur \u00ed umdeildri deilu, eftir a\u00f0 tr\u00e9styttur voru settar upp \u00ed kirkjunni Santa Maria in Traspontina.<\/p><p>\u00deessi atbur\u00f0ur s\u00fdnir hi\u00f0 \u00f3brotna \u00e1hrifavald jar\u00f0arm\u00f3\u00f0urt\u00e1knmyndarinnar allt til 21. aldar. \u00cd fr\u00e6\u00f0ilegum ranns\u00f3knum hafa s\u00e9rstaklega verk Catherine Allen, Joseph Bastien, Frank Salomon og Marisol de la Cadena m\u00f3ta\u00f0 \u00feetta fr\u00e6\u00f0asvi\u00f0.<\/p>\t\t\t\t\t\t\t\t<\/div>\n\t\t\t\t<\/div>\n\t\t\t\t\t<\/div>\n\t\t\t\t<\/div>\n\t\t<div class=\"elementor-element elementor-element-iwgw-pachamama-s9 e-flex e-con-boxed e-con e-parent\" data-id=\"iwgw-pachamama-s9\" data-element_type=\"container\" data-e-type=\"container\">\n\t\t\t\t\t<div class=\"e-con-inner\">\n\t\t\t\t<div class=\"elementor-element elementor-element-iwgw-pachamama-s9h elementor-widget elementor-widget-heading\" data-id=\"iwgw-pachamama-s9h\" data-element_type=\"widget\" data-e-type=\"widget\" data-widget_type=\"heading.default\">\n\t\t\t\t\t<h2 class=\"elementor-heading-title elementor-size-default\">Heimildir og b\u00f3kmenntir<\/h2>\t\t\t\t<\/div>\n\t\t<div class=\"elementor-element elementor-element-iwgw-pachamama-s9c e-con-full e-flex e-con e-child\" data-id=\"iwgw-pachamama-s9c\" data-element_type=\"container\" data-e-type=\"container\">\n\t\t\t\t<div class=\"elementor-element elementor-element-iwgw-pachamama-s9t elementor-widget elementor-widget-text-editor\" data-id=\"iwgw-pachamama-s9t\" data-element_type=\"widget\" data-e-type=\"widget\" data-widget_type=\"text-editor.default\">\n\t\t\t\t\t\t\t\t\t<p>Eftirfarandi \u00farval telur upp helstu verk andnesskrar \u00fej\u00f3\u00f0fr\u00e6\u00f0i og tr\u00faars\u00f6gu sem eru mikilv\u00e6g fyrir Pachamama-ranns\u00f3knir.<\/p>\t\t\t\t\t\t\t\t<\/div>\n\t\t\t\t<\/div>\n\t\t\t\t\t<\/div>\n\t\t\t\t<\/div>\n\t\t<div class=\"elementor-element elementor-element-cp21d1bd35 e-flex e-con-boxed e-con e-parent\" data-id=\"cp21d1bd35\" data-element_type=\"container\" data-e-type=\"container\">\n\t\t\t\t\t<div class=\"e-con-inner\">\n\t\t\t\t<div class=\"elementor-element elementor-element-cp261bfd72 elementor-widget elementor-widget-heading\" data-id=\"cp261bfd72\" data-element_type=\"widget\" data-e-type=\"widget\" data-widget_type=\"heading.default\">\n\t\t\t\t\t<h2 class=\"elementor-heading-title elementor-size-default\">Pago a la Tierra og si\u00f0urinn um jar\u00f0argj\u00f6fina<\/h2>\t\t\t\t<\/div>\n\t\t<div class=\"elementor-element elementor-element-cp26889d35 e-flex e-con-boxed e-con e-child\" data-id=\"cp26889d35\" data-element_type=\"container\" data-e-type=\"container\">\n\t\t\t\t\t<div class=\"e-con-inner\">\n\t\t\t\t<div class=\"elementor-element elementor-element-cp2ab2cdd9 elementor-widget elementor-widget-text-editor\" data-id=\"cp2ab2cdd9\" data-element_type=\"widget\" data-e-type=\"widget\" data-widget_type=\"text-editor.default\">\n\t\t\t\t\t\t\t\t\t<p>Vel skjalfestur og enn \u00feann dag \u00ed dag lifandi <span class=\"iwg-fachbegriff\" data-tooltip=\"Hef\u00f0bundin ath\u00f6fn sem er reglulega endurtekin innan samf\u00e9lags.\" tabindex=\"0\">si\u00f0ur<\/span> \u00ed tengslum vi\u00f0 Pachamama er jar\u00f0argj\u00f6fin, sem \u00ed Andesr\u00edkjunum er venjulega k\u00f6llu\u00f0 <em>pago a la tierra<\/em> e\u00f0a <em>despacho<\/em>.<\/p><p>\u00de\u00e1 er teki\u00f0 saman b\u00f6gglar af \u00fdmsum gj\u00f6fum sem, eftir sv\u00e6\u00f0um, geta innihaldi\u00f0 k\u00f3ka-bl\u00f6\u00f0, ma\u00edsgrj\u00f3n, fitu, s\u00e6tindi, sm\u00e1ar styttur og \u00f6nnur efni. B\u00f6ggullinn er grafinn e\u00f0a brenndur, oft \u00e1 tilteknum st\u00f6\u00f0um og \u00e1 \u00e1kve\u00f0num t\u00edmum.<\/p><p>\u00c1 m\u00f6rgum sv\u00e6\u00f0um \u00ed su\u00f0urhluta Per\u00fa og \u00ed b\u00f3liv\u00edsku Andesfj\u00f6llunum er \u00e1g\u00fast m\u00e1nu\u00f0urinn \u00feegar sl\u00edkar gjafir eru f\u00e6r\u00f0ar hva\u00f0 oftast, \u00fev\u00ed \u00e1 \u00feeim t\u00edma er j\u00f6r\u00f0in talin opin og m\u00f3tt\u00e6kileg. <span class=\"iwg-fachbegriff\" data-tooltip=\"Hef\u00f0bundin ath\u00f6fn sem er reglulega endurtekin innan samf\u00e9lags.\" tabindex=\"0\">Si\u00f0urinn<\/span> er oft st\u00fdrt af tr\u00faarlegum s\u00e9rfr\u00e6\u00f0ingum sem eru kalla\u00f0ir mismunandi n\u00f6fnum eftir sv\u00e6\u00f0um.<\/p><p>\u00dej\u00f3\u00f0fr\u00e6\u00f0ilegar ranns\u00f3knir, me\u00f0al annars verk Catherine Allen um Quechua-samf\u00e9lag n\u00e1l\u00e6gt Cusco, hafa s\u00fdnt a\u00f0 gj\u00f6fin til Pachamama er samofin daglegu sambandi manna vi\u00f0 umhverfi\u00f0. A\u00f0 hella nokkrum dropum af v\u00f6kva \u00e1 j\u00f6r\u00f0ina \u00e1\u00f0ur en drukki\u00f0 er, tilheyrir s\u00f6mu hugmyndum.<\/p><p>Ranns\u00f3knir benda \u00e1 a\u00f0 \u00feessi heild s\u00e9 hvorki hrein \u00e1framhaldandi i\u00f0kun fr\u00e1 t\u00edmanum fyrir landvinninga Sp\u00e1nverja n\u00e9 einber <span class=\"iwg-fachbegriff\" data-tooltip=\"Hef\u00f0bundin \u00fej\u00f3\u00f0menning me\u00f0 si\u00f0um, s\u00f6gum og s\u00f6ngvum.\" tabindex=\"0\">\u00fej\u00f3\u00f0tr\u00fa<\/span>. \u00cd gegnum aldirnar hefur hann teki\u00f0 upp kristna \u00fe\u00e6tti \u00e1n \u00feess a\u00f0 tapa kjarna s\u00ednum. Pachamama er v\u00ed\u00f0a d\u00fdrku\u00f0 samhli\u00f0a ka\u00fe\u00f3lskum d\u00fdrlingum, og sama f\u00f3lk tekur \u00fe\u00e1tt b\u00e6\u00f0i \u00ed messu og jar\u00f0argj\u00f6f.<\/p><p>Gj\u00f6fin er ekki b\u00f3n um kraftaverk, heldur birtingarmynd samskipta sem byggjast \u00e1 gagnkv\u00e6mni: S\u00e1 sem tekur af j\u00f6r\u00f0inni gefur henni til baka. \u00deessi r\u00f6kfr\u00e6\u00f0i gagnkv\u00e6mninnar, sem \u00ed Andesfj\u00f6llunum er oft tengd Quechua-or\u00f0inu <em>ayni<\/em>, er a\u00f0 mati margra fr\u00e6\u00f0imanna hinn eiginlegi lykill a\u00f0 skilningi \u00e1 si\u00f0num.<\/p>\t\t\t\t\t\t\t\t<\/div>\n\t\t\t\t\t<\/div>\n\t\t\t\t<\/div>\n\t\t\t\t\t<\/div>\n\t\t\t\t<\/div>\n\t\t<div class=\"elementor-element elementor-element-cp25fcc55d e-flex e-con-boxed e-con e-parent\" data-id=\"cp25fcc55d\" data-element_type=\"container\" data-e-type=\"container\">\n\t\t\t\t\t<div class=\"e-con-inner\">\n\t\t\t\t<div class=\"elementor-element elementor-element-cp21ebc69e elementor-widget elementor-widget-heading\" data-id=\"cp21ebc69e\" data-element_type=\"widget\" data-e-type=\"widget\" data-widget_type=\"heading.default\">\n\t\t\t\t\t<h2 class=\"elementor-heading-title elementor-size-default\">Pachamama \u00ed p\u00f3lit\u00edskri og kirkjulegri deilu samt\u00edmans<\/h2>\t\t\t\t<\/div>\n\t\t<div class=\"elementor-element elementor-element-cp23c41102 e-flex e-con-boxed e-con e-child\" data-id=\"cp23c41102\" data-element_type=\"container\" data-e-type=\"container\">\n\t\t\t\t\t<div class=\"e-con-inner\">\n\t\t\t\t<div class=\"elementor-element elementor-element-cp2eb276f0 elementor-widget elementor-widget-text-editor\" data-id=\"cp2eb276f0\" data-element_type=\"widget\" data-e-type=\"widget\" data-widget_type=\"text-editor.default\">\n\t\t\t\t\t\t\t\t\t<p>\u00c1 21. \u00f6ldinni hefur Pachamama or\u00f0i\u00f0 p\u00f3lit\u00edskt og hugmyndafr\u00e6\u00f0ilegt vi\u00f0mi\u00f0 langt \u00fat fyrir hi\u00f0 tr\u00faarlega svi\u00f0. \u00cd B\u00f3liv\u00edu og Ekvador var hugtaki\u00f0 teki\u00f0 upp \u00ed stj\u00f3rnarskr\u00e1r- og lagasetningu \u00e1 fyrsta og \u00f6\u00f0rum \u00e1ratug 21. aldar.<\/p><p>Ekvador felldi r\u00e9ttindi n\u00e1tt\u00farunnar inn \u00ed stj\u00f3rnarskr\u00e1 s\u00edna \u00e1ri\u00f0 2008 og B\u00f3liv\u00eda sam\u00feykkti \u00e1ri\u00f0 2010 l\u00f6g sem ur\u00f0u \u00feekkt undir heitinu <em>Ley de Derechos de la Madre Tierra<\/em>. Pachamama birtist h\u00e9r sem <span class=\"iwg-fachbegriff\" data-tooltip=\"\u00c1\u00fereifanleg mynd sem stendur fyrir \u00f3hlutbundna hugmynd.\" tabindex=\"0\">t\u00e1knmynd<\/span> fyrir umhverfisskipan sem eignar n\u00e1tt\u00farunni sj\u00e1lfst\u00e6tt gildi.<\/p><p>Fr\u00e6\u00f0imenn r\u00e6\u00f0a \u00e1 gagnr\u00fdninn h\u00e1tt hversu vel \u00feessi p\u00f3lit\u00edska notkun samr\u00e6mist sta\u00f0bundnum tr\u00faarhugmyndum. Sumir h\u00f6fundar sj\u00e1 \u00ed \u00feessu skynsamlega tengingu vi\u00f0 andneska hugsun, a\u00f0rir telja \u00feetta yfirt\u00f6ku sem alh\u00e6fir fj\u00f6lbreyttan sta\u00f0bundinn <span class=\"iwg-fachbegriff\" data-tooltip=\"Hef\u00f0bundin ath\u00f6fn sem samf\u00e9lag endurtekur reglulega.\" tabindex=\"0\">si\u00f0<\/span> upp \u00ed \u00fej\u00f3\u00f0legt <span class=\"iwg-fachbegriff\" data-tooltip=\"T\u00e1kn sem stendur fyrir hugmynd e\u00f0a merkingu.\" tabindex=\"0\">t\u00e1kn<\/span> og einfaldar hann um lei\u00f0. Hin raunverulega helgisi\u00f0aframkv\u00e6md \u00ed \u00feorpunum helst a\u00f0 mestu leyti \u00f3breytt af hinni opinberu t\u00e1knmynd.<\/p><p>S\u00e9rst\u00f6k deila reis \u00e1ri\u00f0 2019 innan kirkjunnar. \u00cd tengslum vi\u00f0 svokalla\u00f0a Amazon-syn\u00f3\u00f0u \u00ed R\u00f3m voru nota\u00f0ar tr\u00e9styttur sem \u00ed opinberri umr\u00e6\u00f0u voru nefndar Pachamama-myndir. Nokkrir \u00edhaldssamir h\u00f3par innan ka\u00fe\u00f3lsku kirkjunnar t\u00f6ldu \u00feetta skur\u00f0go\u00f0ad\u00fdrkun og styttunum var stoli\u00f0 \u00far r\u00f3mverskri kirkju af \u00f3\u00feekktum a\u00f0ilum og \u00feeim kasta\u00f0 \u00ed T\u00edberflj\u00f3t.<\/p><p>Atviki\u00f0 vakti v\u00ed\u00f0t\u00e6ka umr\u00e6\u00f0u um hvernig kirkjan eigi a\u00f0 taka \u00e1 tr\u00faarlegum tj\u00e1ningarformum frumbyggja. Fr\u00e1 v\u00edsindalegu sj\u00f3narhorni s\u00fdnir \u00fea\u00f0 a\u00f0 Pachamama er \u00ed dag or\u00f0in deiluefni langt \u00fat fyrir Andes-sv\u00e6\u00f0i\u00f0, \u00fear sem tekist er \u00e1 um spurningar um menningarlega a\u00f0l\u00f6gun, <span class=\"iwg-fachbegriff\" data-tooltip=\"Samruni hugmynda e\u00f0a gu\u00f0a \u00far \u00f3l\u00edkum tr\u00faarhef\u00f0um.\" tabindex=\"0\">samruna tr\u00faarbrag\u00f0a<\/span> og tr\u00faarlega sj\u00e1lfsmynd.<\/p>\t\t\t\t\t\t\t\t<\/div>\n\t\t\t\t\t<\/div>\n\t\t\t\t<\/div>\n\t\t\t\t\t<\/div>\n\t\t\t\t<\/div>\n\t\t<div class=\"elementor-element elementor-element-iwgw-pachamama-lit e-flex e-con-boxed e-con e-parent\" data-id=\"iwgw-pachamama-lit\" data-element_type=\"container\" data-e-type=\"container\">\n\t\t\t\t\t<div class=\"e-con-inner\">\n\t\t\t\t<div class=\"elementor-element elementor-element-iwgw-pachamama-lith elementor-widget elementor-widget-heading\" data-id=\"iwgw-pachamama-lith\" data-element_type=\"widget\" data-e-type=\"widget\" data-widget_type=\"heading.default\">\n\t\t\t\t\t<h2 class=\"elementor-heading-title elementor-size-default\">Heimildir (\u00farval)<\/h2>\t\t\t\t<\/div>\n\t\t<div class=\"elementor-element elementor-element-iwgw-pachamama-litc e-con-full e-flex e-con e-child\" data-id=\"iwgw-pachamama-litc\" data-element_type=\"container\" data-e-type=\"container\">\n\t\t\t\t<div class=\"elementor-element elementor-element-iwgw-pachamama-litt elementor-widget elementor-widget-text-editor\" data-id=\"iwgw-pachamama-litt\" data-element_type=\"widget\" data-e-type=\"widget\" data-widget_type=\"text-editor.default\">\n\t\t\t\t\t\t\t\t\t<ul><li>Catherine Allen: <em>The Hold Life Has<\/em> (2002)<\/li><li>Joseph Bastien: <em>Mountain of the Condor<\/em> (1978)<\/li><li>Sabine MacCormack: <em>Religion in the Andes<\/em> (1991)<\/li><li>Marisol de la Cadena: <em>Earth Beings<\/em> (2015)<\/li><li>Olivia Harris: <em>Of Bread and Blood<\/em> (2000)<\/li><li>Diego Gonzalez Holguin: <em>Vocabulario de la lengua general<\/em> (1608)<\/li><li>Frank Salomon: <em>The Cord Keepers<\/em> (2004)<\/li><\/ul>\t\t\t\t\t\t\t\t<\/div>\n\t\t\t\t<\/div>\n\t\t\t\t\t<\/div>\n\t\t\t\t<\/div>\n\t\t<div class=\"elementor-element elementor-element-iwgkw2-add-pachamama e-flex e-con-boxed e-con e-parent\" data-id=\"iwgkw2-add-pachamama\" data-element_type=\"container\" data-e-type=\"container\">\n\t\t\t\t\t<div class=\"e-con-inner\">\n\t\t\t\t<div class=\"elementor-element elementor-element-iwgkw2-add-pachamama-t elementor-widget elementor-widget-text-editor\" data-id=\"iwgkw2-add-pachamama-t\" data-element_type=\"widget\" data-e-type=\"widget\" data-widget_type=\"text-editor.default\">\n\t\t\t\t\t\t\t\t\t<p>Sem <em>frj\u00f3semisgy\u00f0ja<\/em> hins andeska heims tengir Pachamama saman akuryrkju, b\u00fafj\u00e1rr\u00e6kt og d\u00fdrkun fjalla; f\u00f3rnargjafir \u00far k\u00f3ka, ma\u00eds og chicha fylgja enn \u00ed dag s\u00e1ningu, uppskeru og h\u00fasbyggingum \u00ed B\u00f3liv\u00edu, Per\u00fa og nor\u00f0anver\u00f0ri Argent\u00ednu.<\/p>\t\t\t\t\t\t\t\t<\/div>\n\t\t\t\t\t<\/div>\n\t\t\t\t<\/div>\n\t\t<div class=\"elementor-element elementor-element-iwgw-pachamama-kwd e-flex e-con-boxed e-con e-parent\" data-id=\"iwgw-pachamama-kwd\" data-element_type=\"container\" data-e-type=\"container\">\n\t\t\t\t\t<div class=\"e-con-inner\">\n\t\t<div class=\"elementor-element elementor-element-iwgw-pachamama-kwdc e-con-full e-flex e-con e-child\" data-id=\"iwgw-pachamama-kwdc\" data-element_type=\"container\" data-e-type=\"container\">\n\t\t\t\t<div class=\"elementor-element elementor-element-iwgw-pachamama-kwdt elementor-widget elementor-widget-text-editor\" data-id=\"iwgw-pachamama-kwdt\" data-element_type=\"widget\" data-e-type=\"widget\" data-widget_type=\"text-editor.default\">\n\t\t\t\t\t\t\t\t\t<p><em>Tengd kjarnahugt\u00f6k: Pachamama Quechua Aymara Ayni Despacho Paqo Yatiri Apacheta Sullu.<\/em><\/p>\t\t\t\t\t\t\t\t<\/div>\n\t\t\t\t<\/div>\n\t\t\t\t\t<\/div>\n\t\t\t\t<\/div>\n\t\t<div class=\"elementor-element elementor-element-iwgw-pachamama-cc e-flex e-con-boxed e-con e-parent\" data-id=\"iwgw-pachamama-cc\" data-element_type=\"container\" data-e-type=\"container\" id=\"iwg-cc-pachamama\">\n\t\t\t\t\t<div class=\"e-con-inner\">\n\t\t<div class=\"elementor-element elementor-element-iwgw-pachamama-ccinner e-flex e-con-boxed e-con e-parent\" data-id=\"iwgw-pachamama-ccinner\" data-element_type=\"container\" data-e-type=\"container\" data-settings=\"{&quot;background_background&quot;:&quot;classic&quot;}\">\n\t\t\t\t\t<div class=\"e-con-inner\">\n\t\t\t\t<div class=\"elementor-element elementor-element-iwgw-pachamama-cch elementor-widget elementor-widget-heading\" data-id=\"iwgw-pachamama-cch\" data-element_type=\"widget\" data-e-type=\"widget\" data-widget_type=\"heading.default\">\n\t\t\t\t\t<h2 class=\"elementor-heading-title elementor-size-default\">iWell Guard og verndarhef\u00f0ir<\/h2>\t\t\t\t<\/div>\n\t\t\t\t<div class=\"elementor-element elementor-element-iwgw-pachamama-cct elementor-widget elementor-widget-text-editor\" data-id=\"iwgw-pachamama-cct\" data-element_type=\"widget\" data-e-type=\"widget\" data-widget_type=\"text-editor.default\">\n\t\t\t\t\t\t\t\t\t<div data-nosnippet=\"true\"><p>iWell Guard byggir \u00e1 menningars\u00f6gulegri hef\u00f0 verndargripa sem bor\u00f0ir eru \u00e1 l\u00edkamanum, \u00ed hef\u00f0 <a href=\"https:\/\/iwell-guard.com\/is\/?page_id=168909\">Andesfjalla \/ Inka<\/a> og margra annarra menningarheima um allan heim. 41 lag, ekta gull, plat\u00edna, silfur, framleitt \u00ed \u00de\u00fdskalandi. 30 daga skilar\u00e9tt.<\/p><\/div>\t\t\t\t\t\t\t\t<\/div>\n\t\t\t\t<div class=\"elementor-element elementor-element-iwgw-pachamama-ccb iwg-cc-button iwg-cc-cta-2026-05-13 elementor-widget elementor-widget-jet-button\" data-id=\"iwgw-pachamama-ccb\" data-element_type=\"widget\" data-e-type=\"widget\" data-widget_type=\"jet-button.default\">\n\t\t\t\t<div class=\"elementor-widget-container\">\n\t\t\t\t\t<div class=\"elementor-jet-button jet-elements\"><div class=\"jet-button__container\"><a class=\"jet-button__instance jet-button__instance--icon-left hover-effect-1\" href=\"\/ueber-iwell-guard\/?utm_source=iwell-guard.com&amp;utm_medium=info-box&amp;utm_campaign=wesen-tradition\"><div class=\"jet-button__plane jet-button__plane-normal\"><\/div><div class=\"jet-button__plane jet-button__plane-hover\"><\/div><div class=\"jet-button__state jet-button__state-normal\"><span class=\"jet-button__label\">Meira um iWell Guard<\/span><\/div><div class=\"jet-button__state jet-button__state-hover\"><span class=\"jet-button__label\">Meira um iWell Guard<\/span><\/div><\/a><\/div><\/div><style>.elementor-element.elementor-element-iwgw-pachamama-ccb .jet-button__instance{width:320px;height:56px;}.elementor-element.elementor-element-iwgw-pachamama-ccb .jet-button__state-normal .jet-button__label{text-align:center;margin:0px 0px 0px 0px;color:#1a1b20;font-family:Montserrat,sans-serif;font-size:13px;font-weight:400;letter-spacing:4px;line-height:1.714em;text-transform:uppercase;}.elementor-element.elementor-element-iwgw-pachamama-ccb .jet-button__state-hover .jet-button__label{text-align:center;margin:0px 0px 0px 0px;color:#FECC76;font-family:Montserrat,sans-serif;font-size:13px;font-weight:400;letter-spacing:4px;line-height:1.714em;text-transform:uppercase;}.elementor-element.elementor-element-iwgw-pachamama-ccb .jet-button__plane-normal{background-color:#FECC76;border-style:solid;border-color:#C99540;border-width:2px 2px 2px 2px;}.elementor-element.elementor-element-iwgw-pachamama-ccb .jet-button__plane-hover{background-color:rgba(0,0,0,0.55);border-style:solid;border-color:#FECC76;border-width:2px 2px 2px 2px;}<\/style>\t\t\t\t<\/div>\n\t\t\t\t<\/div>\n\t\t\t\t<div class=\"elementor-element elementor-element-iwgw-pachamama-ccd elementor-widget elementor-widget-text-editor\" data-id=\"iwgw-pachamama-ccd\" data-element_type=\"widget\" data-e-type=\"widget\" data-widget_type=\"text-editor.default\">\n\t\t\t\t\t\t\t\t\t<div data-nosnippet=\"true\"><p style=\"text-align:center;font-size:13px;opacity:0.7;margin-top:14px\" data-nosnippet=\"true\">Pers\u00f3nuleg reynsla getur veri\u00f0 mismunandi. Ekki l\u00e6kningat\u00e6ki. Engin lofor\u00f0 um l\u00e6kningu.<\/p><\/div>\t\t\t\t\t\t\t\t<\/div>\n\t\t\t\t\t<\/div>\n\t\t\t\t<\/div>\n\t\t\t\t\t<\/div>\n\t\t\t\t<\/div>\n\t\t<div class=\"elementor-element elementor-element-iwgw-pachamama-disc e-flex e-con-boxed e-con e-parent\" data-id=\"iwgw-pachamama-disc\" data-element_type=\"container\" data-e-type=\"container\">\n\t\t\t\t\t<div class=\"e-con-inner\">\n\t\t\t\t<div class=\"elementor-element elementor-element-iwgw-pachamama-discw elementor-widget elementor-widget-html\" data-id=\"iwgw-pachamama-discw\" data-element_type=\"widget\" data-e-type=\"widget\" data-widget_type=\"html.default\">\n\t\t\t\t\t<footer data-nosnippet=\"true\" class=\"iwg-disclaimer-block\"><p data-nosnippet=\"true\">iWell Guard er <strong>ekki l\u00e6kningat\u00e6ki<\/strong> og kemur ekki \u00ed sta\u00f0inn fyrir l\u00e6knis- e\u00f0a s\u00e1lfr\u00e6\u00f0ime\u00f0fer\u00f0. Tr\u00faarfr\u00e6\u00f0ilegt efni er menningars\u00f6gulegt samhengi, ekki r\u00e1\u00f0legging um andlega i\u00f0kun.<\/p><\/footer>\t\t\t\t<\/div>\n\t\t\t\t\t<\/div>\n\t\t\t\t<\/div>\n\t\t\t\t<\/div>\n\t\t","protected":false},"excerpt":{"rendered":"","protected":false},"author":3,"featured_media":2683,"parent":0,"menu_order":0,"comment_status":"closed","ping_status":"closed","template":"elementor_header_footer","meta":{"_yoast_wpseo_focuskw":"Pachamama jar\u00f0m\u00f3\u00f0ir Andesfj\u00f6ll","_yoast_wpseo_title":"Pachamama \u2013 jar\u00f0m\u00f3\u00f0ir og \u00e1tr\u00fana\u00f0ur Andesfjalla","_yoast_wpseo_metadesc":"Pachamama, jar\u00f0m\u00f3\u00f0ir Andesfjalla, er enn \u00ed dag helsta tr\u00faarlega vi\u00f0mi\u00f0unarveran \u00ed l\u00edfi b\u00e6nda \u00e1 h\u00e1sl\u00e9ttum Andesfjalla. Tr\u00faarbrag\u00f0afr\u00e6\u00f0ileg \u00fattekt me\u00f0 go\u00f0s\u00f6gn.","_yoast_wpseo_meta-robots-noindex":"","_yoast_wpseo_canonical":"","_angie_page":false,"gefaehrdungsstufe":"2","wesen_kultur":"anden-inka","wesen_klasse":"goetter","footnotes":""},"categories":[],"class_list":["post-168920","page","type-page","status-publish","has-post-thumbnail","hentry"],"yoast_head":"<!-- This site is optimized with the Yoast SEO Premium plugin v27.7 (Yoast SEO v28.3) - https:\/\/yoast.com\/product\/yoast-seo-premium-wordpress\/ -->\n<title>Pachamama \u2013 jar\u00f0m\u00f3\u00f0ir og \u00e1tr\u00fana\u00f0ur Andesfjalla<\/title>\n<meta name=\"description\" content=\"Pachamama, jar\u00f0m\u00f3\u00f0ir Andesfjalla, er enn \u00ed dag helsta tr\u00faarlega vi\u00f0mi\u00f0unarveran \u00ed l\u00edfi b\u00e6nda \u00e1 h\u00e1sl\u00e9ttum Andesfjalla. Tr\u00faarbrag\u00f0afr\u00e6\u00f0ileg \u00fattekt me\u00f0 go\u00f0s\u00f6gn.\" \/>\n<meta name=\"robots\" content=\"index, follow, max-snippet:-1, max-image-preview:large, max-video-preview:-1\" \/>\n<link rel=\"canonical\" href=\"https:\/\/iwell-guard.com\/is\/pachamama-jardmodir-andesfjalla\/\" \/>\n<meta property=\"og:locale\" content=\"is_IS\" \/>\n<meta property=\"og:type\" content=\"article\" \/>\n<meta property=\"og:title\" content=\"Pachamama \u2013 jar\u00f0m\u00f3\u00f0ir Andesfjalla\" \/>\n<meta property=\"og:description\" content=\"Pachamama, jar\u00f0m\u00f3\u00f0ir Andesfjalla, er enn \u00ed dag helsta tr\u00faarlega vi\u00f0mi\u00f0unarveran \u00ed l\u00edfi b\u00e6nda \u00e1 h\u00e1sl\u00e9ttum Andesfjalla. Tr\u00faarbrag\u00f0afr\u00e6\u00f0ileg \u00fattekt me\u00f0 go\u00f0s\u00f6gn.\" \/>\n<meta property=\"og:url\" content=\"https:\/\/iwell-guard.com\/is\/pachamama-jardmodir-andesfjalla\/\" \/>\n<meta property=\"og:site_name\" content=\"iWell Guard\" \/>\n<meta property=\"article:modified_time\" content=\"2026-09-05T14:22:50+00:00\" \/>\n<meta property=\"og:image\" content=\"https:\/\/iwell-guard.com\/wp-content\/uploads\/2026\/05\/goetter_anden-inka_pachamama-1.webp\" \/>\n\t<meta property=\"og:image:width\" content=\"1024\" \/>\n\t<meta property=\"og:image:height\" content=\"1536\" \/>\n\t<meta property=\"og:image:type\" content=\"image\/webp\" \/>\n<meta name=\"twitter:card\" content=\"summary_large_image\" \/>\n<script type=\"application\/ld+json\" class=\"yoast-schema-graph\">{\"@context\":\"https:\\\/\\\/schema.org\",\"@graph\":[{\"@type\":\"WebPage\",\"@id\":\"https:\\\/\\\/iwell-guard.com\\\/is\\\/pachamama-jardmodir-andesfjalla\\\/\",\"url\":\"https:\\\/\\\/iwell-guard.com\\\/is\\\/pachamama-jardmodir-andesfjalla\\\/\",\"name\":\"Pachamama \u2013 jar\u00f0m\u00f3\u00f0ir og \u00e1tr\u00fana\u00f0ur Andesfjalla\",\"isPartOf\":{\"@id\":\"https:\\\/\\\/iwell-guard.com\\\/is\\\/#website\"},\"primaryImageOfPage\":{\"@id\":\"https:\\\/\\\/iwell-guard.com\\\/is\\\/pachamama-jardmodir-andesfjalla\\\/#primaryimage\"},\"image\":{\"@id\":\"https:\\\/\\\/iwell-guard.com\\\/is\\\/pachamama-jardmodir-andesfjalla\\\/#primaryimage\"},\"thumbnailUrl\":\"https:\\\/\\\/iwell-guard.com\\\/wp-content\\\/uploads\\\/2026\\\/05\\\/goetter_anden-inka_pachamama-1.webp\",\"datePublished\":\"2026-09-05T14:04:04+00:00\",\"dateModified\":\"2026-09-05T14:22:50+00:00\",\"description\":\"Pachamama, jar\u00f0m\u00f3\u00f0ir Andesfjalla, er enn \u00ed dag helsta tr\u00faarlega vi\u00f0mi\u00f0unarveran \u00ed l\u00edfi b\u00e6nda \u00e1 h\u00e1sl\u00e9ttum Andesfjalla. Tr\u00faarbrag\u00f0afr\u00e6\u00f0ileg \u00fattekt me\u00f0 go\u00f0s\u00f6gn.\",\"breadcrumb\":{\"@id\":\"https:\\\/\\\/iwell-guard.com\\\/is\\\/pachamama-jardmodir-andesfjalla\\\/#breadcrumb\"},\"inLanguage\":\"is\",\"potentialAction\":[{\"@type\":\"ReadAction\",\"target\":[\"https:\\\/\\\/iwell-guard.com\\\/is\\\/pachamama-jardmodir-andesfjalla\\\/\"]}]},{\"@type\":\"ImageObject\",\"inLanguage\":\"is\",\"@id\":\"https:\\\/\\\/iwell-guard.com\\\/is\\\/pachamama-jardmodir-andesfjalla\\\/#primaryimage\",\"url\":\"https:\\\/\\\/iwell-guard.com\\\/wp-content\\\/uploads\\\/2026\\\/05\\\/goetter_anden-inka_pachamama-1.webp\",\"contentUrl\":\"https:\\\/\\\/iwell-guard.com\\\/wp-content\\\/uploads\\\/2026\\\/05\\\/goetter_anden-inka_pachamama-1.webp\",\"width\":1024,\"height\":1536,\"caption\":\"Gu\u00f0ir \u00far Andes-inka-hef\u00f0inni.\"},{\"@type\":\"BreadcrumbList\",\"@id\":\"https:\\\/\\\/iwell-guard.com\\\/is\\\/pachamama-jardmodir-andesfjalla\\\/#breadcrumb\",\"itemListElement\":[{\"@type\":\"ListItem\",\"position\":1,\"name\":\"Start\",\"item\":\"https:\\\/\\\/iwell-guard.com\\\/is\\\/?page_id=168580\"},{\"@type\":\"ListItem\",\"position\":2,\"name\":\"Pachamama \u2013 jar\u00f0m\u00f3\u00f0ir Andesfjalla\"}]},{\"@type\":\"WebSite\",\"@id\":\"https:\\\/\\\/iwell-guard.com\\\/is\\\/#website\",\"url\":\"https:\\\/\\\/iwell-guard.com\\\/is\\\/\",\"name\":\"iWell Guard\",\"description\":\"Schutz vor dunklen Einfl\u00fcssen\",\"publisher\":{\"@id\":\"https:\\\/\\\/iwell-guard.com\\\/is\\\/#organization\"},\"potentialAction\":[{\"@type\":\"SearchAction\",\"target\":{\"@type\":\"EntryPoint\",\"urlTemplate\":\"https:\\\/\\\/iwell-guard.com\\\/is\\\/?s={search_term_string}\"},\"query-input\":{\"@type\":\"PropertyValueSpecification\",\"valueRequired\":true,\"valueName\":\"search_term_string\"}}],\"inLanguage\":\"is\"},{\"@type\":\"Organization\",\"@id\":\"https:\\\/\\\/iwell-guard.com\\\/is\\\/#organization\",\"name\":\"Ittermann electronic GmbH\",\"url\":\"https:\\\/\\\/iwell-guard.com\\\/is\\\/\",\"logo\":{\"@type\":\"ImageObject\",\"inLanguage\":\"is\",\"@id\":\"https:\\\/\\\/iwell-guard.com\\\/is\\\/#\\\/schema\\\/logo\\\/image\\\/\",\"url\":\"https:\\\/\\\/iwell-guard.com\\\/wp-content\\\/uploads\\\/2026\\\/05\\\/Ittermann-Logo-1182x237-1.png\",\"contentUrl\":\"https:\\\/\\\/iwell-guard.com\\\/wp-content\\\/uploads\\\/2026\\\/05\\\/Ittermann-Logo-1182x237-1.png\",\"width\":1182,\"height\":237,\"caption\":\"Ittermann electronic GmbH\"},\"image\":{\"@id\":\"https:\\\/\\\/iwell-guard.com\\\/is\\\/#\\\/schema\\\/logo\\\/image\\\/\"},\"sameAs\":[\"https:\\\/\\\/pantip.com\\\/profile\\\/9367242\",\"https:\\\/\\\/micro.blog\\\/iwellguard\",\"https:\\\/\\\/www.diggerslist.com\\\/iwellguard\\\/about\",\"https:\\\/\\\/skitterphoto.com\\\/photographers\\\/2870314\\\/iwell-guard\",\"https:\\\/\\\/iwellguard.wordpress.com\\\/2026\\\/06\\\/06\\\/iwell-guard\\\/\",\"https:\\\/\\\/hub.docker.com\\\/u\\\/iwellguard\",\"https:\\\/\\\/www.pinterest.com\\\/iwellguard\\\/\",\"https:\\\/\\\/bit.ly\\\/m\\\/iwellguard\",\"https:\\\/\\\/entre-vos-mains.alsace.eu\\\/profiles\\\/iwellguard\\\/activity\",\"https:\\\/\\\/gravatar.com\\\/reallybeded8fd34\",\"https:\\\/\\\/naijamatta.com\\\/iwellguard\",\"https:\\\/\\\/www.goodreads.com\\\/iwellguard\",\"https:\\\/\\\/profile.hatena.ne.jp\\\/iwellguard\\\/\",\"https:\\\/\\\/experiment.com\\\/users\\\/iwellguard\",\"https:\\\/\\\/wakelet.com\\\/@iWellGuard82270\",\"https:\\\/\\\/www.chordie.com\\\/forum\\\/profile.php?id=2555664\",\"https:\\\/\\\/www.instapaper.com\\\/p\\\/17757966\",\"https:\\\/\\\/www.mapleprimes.com\\\/users\\\/iwellguard\",\"https:\\\/\\\/businesslistingplus.com\\\/profile\\\/iwell-guard\\\/\",\"https:\\\/\\\/telegra.ph\\\/iWell-Guard-06-06\",\"https:\\\/\\\/pbase.com\\\/iwellguard\\\/iwellguard\",\"https:\\\/\\\/b.hatena.ne.jp\\\/iwellguard\\\/20260607#bookmark-4788405196491818882\",\"https:\\\/\\\/fliphtml5.com\\\/home\\\/iwellguard\",\"https:\\\/\\\/anyflip.com\\\/homepage\\\/cmiwl#About\",\"https:\\\/\\\/transfur.com\\\/Users\\\/iwellguard\",\"http:\\\/\\\/delphi.larsbo.org\\\/user\\\/iwellguard\",\"https:\\\/\\\/jobs.lajobsportal.org\\\/profiles\\\/8380803-iwell-guard\",\"https:\\\/\\\/md.chaosdorf.de\\\/s\\\/jfbe5SBdJD\",\"https:\\\/\\\/www.lingvolive.com\\\/en-us\\\/profile\\\/9ecaeaca-ce11-4e51-9e71-01d55e2bff36\\\/translations\",\"https:\\\/\\\/www.fitday.com\\\/fitness\\\/forums\\\/members\\\/iwellguard.html\",\"https:\\\/\\\/www.mymeetbook.com\\\/iwellguard\",\"https:\\\/\\\/pxhere.com\\\/en\\\/photographer-me\\\/5040798\",\"https:\\\/\\\/disqus.com\\\/by\\\/iwellguard\\\/about\\\/\",\"https:\\\/\\\/pastelink.net\\\/hjwciqwq\",\"https:\\\/\\\/pubhtml5.com\\\/homepage\\\/scjhn\\\/\",\"https:\\\/\\\/www.bitchute.com\\\/channel\\\/2O2eOKzNqujT\",\"https:\\\/\\\/audiomack.com\\\/iwellguard\"]},{\"@type\":\"Article\",\"@id\":\"https:\\\/\\\/iwell-guard.com\\\/is\\\/pachamama-jardmodir-andesfjalla\\\/#article\",\"isPartOf\":{\"@id\":\"https:\\\/\\\/iwell-guard.com\\\/is\\\/pachamama-jardmodir-andesfjalla\\\/\"},\"author\":{\"name\":\"Ralf Ittermann\",\"@id\":\"https:\\\/\\\/iwell-guard.com\\\/is\\\/#\\\/schema\\\/person\\\/ee2a27f1cac3406c7c6fb5820cb7349f\"},\"headline\":\"Pachamama \u2013 jar\u00f0m\u00f3\u00f0ir Andesfjalla\",\"datePublished\":\"2026-09-05T14:04:04+00:00\",\"dateModified\":\"2026-09-05T14:22:50+00:00\",\"mainEntityOfPage\":{\"@id\":\"https:\\\/\\\/iwell-guard.com\\\/is\\\/pachamama-jardmodir-andesfjalla\\\/\"},\"publisher\":{\"@id\":\"https:\\\/\\\/iwell-guard.com\\\/is\\\/#organization\"},\"image\":{\"@id\":\"https:\\\/\\\/iwell-guard.com\\\/is\\\/pachamama-jardmodir-andesfjalla\\\/#primaryimage\"},\"thumbnailUrl\":\"https:\\\/\\\/iwell-guard.com\\\/wp-content\\\/uploads\\\/2026\\\/05\\\/goetter_anden-inka_pachamama-1.webp\",\"inLanguage\":\"is\",\"description\":\"Pachamama, jar\u00f0m\u00f3\u00f0ir Andesfjalla, er enn \u00ed dag helsta tr\u00faarlega vi\u00f0mi\u00f0unarveran \u00ed l\u00edfi b\u00e6nda \u00e1 h\u00e1sl\u00e9ttum Andesfjalla. Tr\u00faarbrag\u00f0afr\u00e6\u00f0ileg \u00fattekt me\u00f0 go\u00f0s\u00f6gn.\"}]}<\/script>\n<!-- \/ Yoast SEO Premium plugin. -->","yoast_head_json":{"title":"Pachamama \u2013 jar\u00f0m\u00f3\u00f0ir og \u00e1tr\u00fana\u00f0ur Andesfjalla","description":"Pachamama, jar\u00f0m\u00f3\u00f0ir Andesfjalla, er enn \u00ed dag helsta tr\u00faarlega vi\u00f0mi\u00f0unarveran \u00ed l\u00edfi b\u00e6nda \u00e1 h\u00e1sl\u00e9ttum Andesfjalla. Tr\u00faarbrag\u00f0afr\u00e6\u00f0ileg \u00fattekt me\u00f0 go\u00f0s\u00f6gn.","robots":{"index":"index","follow":"follow","max-snippet":"max-snippet:-1","max-image-preview":"max-image-preview:large","max-video-preview":"max-video-preview:-1"},"canonical":"https:\/\/iwell-guard.com\/is\/pachamama-jardmodir-andesfjalla\/","og_locale":"is_IS","og_type":"article","og_title":"Pachamama \u2013 jar\u00f0m\u00f3\u00f0ir Andesfjalla","og_description":"Pachamama, jar\u00f0m\u00f3\u00f0ir Andesfjalla, er enn \u00ed dag helsta tr\u00faarlega vi\u00f0mi\u00f0unarveran \u00ed l\u00edfi b\u00e6nda \u00e1 h\u00e1sl\u00e9ttum Andesfjalla. Tr\u00faarbrag\u00f0afr\u00e6\u00f0ileg \u00fattekt me\u00f0 go\u00f0s\u00f6gn.","og_url":"https:\/\/iwell-guard.com\/is\/pachamama-jardmodir-andesfjalla\/","og_site_name":"iWell Guard","article_modified_time":"2026-09-05T14:22:50+00:00","og_image":[{"width":1024,"height":1536,"url":"https:\/\/iwell-guard.com\/wp-content\/uploads\/2026\/05\/goetter_anden-inka_pachamama-1.webp","type":"image\/webp"}],"twitter_card":"summary_large_image","schema":{"@context":"https:\/\/schema.org","@graph":[{"@type":"Article","@id":"https:\/\/iwell-guard.com\/is\/pachamama-jardmodir-andesfjalla\/#article","isPartOf":{"@id":"https:\/\/iwell-guard.com\/is\/pachamama-jardmodir-andesfjalla\/"},"author":{"name":"Ralf Ittermann","@id":"https:\/\/iwell-guard.com\/is\/#\/schema\/person\/ee2a27f1cac3406c7c6fb5820cb7349f"},"headline":"Pachamama \u2013 jar\u00f0m\u00f3\u00f0ir Andesfjalla","datePublished":"2026-09-05T14:04:04+00:00","dateModified":"2026-09-05T14:22:50+00:00","mainEntityOfPage":{"@id":"https:\/\/iwell-guard.com\/is\/pachamama-jardmodir-andesfjalla\/"},"publisher":{"@id":"https:\/\/iwell-guard.com\/is\/#organization"},"image":{"@id":"https:\/\/iwell-guard.com\/is\/pachamama-jardmodir-andesfjalla\/#primaryimage"},"thumbnailUrl":"https:\/\/iwell-guard.com\/wp-content\/uploads\/2026\/05\/goetter_anden-inka_pachamama-1.webp","inLanguage":"is","description":"Pachamama, jar\u00f0m\u00f3\u00f0ir Andesfjalla, er enn \u00ed dag helsta tr\u00faarlega vi\u00f0mi\u00f0unarveran \u00ed l\u00edfi b\u00e6nda \u00e1 h\u00e1sl\u00e9ttum Andesfjalla. Tr\u00faarbrag\u00f0afr\u00e6\u00f0ileg \u00fattekt me\u00f0 go\u00f0s\u00f6gn."},{"@type":"WebPage","@id":"https:\/\/iwell-guard.com\/is\/pachamama-jardmodir-andesfjalla\/","url":"https:\/\/iwell-guard.com\/is\/pachamama-jardmodir-andesfjalla\/","name":"Pachamama \u2013 jar\u00f0m\u00f3\u00f0ir og \u00e1tr\u00fana\u00f0ur Andesfjalla","isPartOf":{"@id":"https:\/\/iwell-guard.com\/is\/#website"},"primaryImageOfPage":{"@id":"https:\/\/iwell-guard.com\/is\/pachamama-jardmodir-andesfjalla\/#primaryimage"},"image":{"@id":"https:\/\/iwell-guard.com\/is\/pachamama-jardmodir-andesfjalla\/#primaryimage"},"thumbnailUrl":"https:\/\/iwell-guard.com\/wp-content\/uploads\/2026\/05\/goetter_anden-inka_pachamama-1.webp","datePublished":"2026-09-05T14:04:04+00:00","dateModified":"2026-09-05T14:22:50+00:00","description":"Pachamama, jar\u00f0m\u00f3\u00f0ir Andesfjalla, er enn \u00ed dag helsta tr\u00faarlega vi\u00f0mi\u00f0unarveran \u00ed l\u00edfi b\u00e6nda \u00e1 h\u00e1sl\u00e9ttum Andesfjalla. Tr\u00faarbrag\u00f0afr\u00e6\u00f0ileg \u00fattekt me\u00f0 go\u00f0s\u00f6gn.","breadcrumb":{"@id":"https:\/\/iwell-guard.com\/is\/pachamama-jardmodir-andesfjalla\/#breadcrumb"},"inLanguage":"is","potentialAction":[{"@type":"ReadAction","target":["https:\/\/iwell-guard.com\/is\/pachamama-jardmodir-andesfjalla\/"]}]},{"@type":"ImageObject","inLanguage":"is","@id":"https:\/\/iwell-guard.com\/is\/pachamama-jardmodir-andesfjalla\/#primaryimage","url":"https:\/\/iwell-guard.com\/wp-content\/uploads\/2026\/05\/goetter_anden-inka_pachamama-1.webp","contentUrl":"https:\/\/iwell-guard.com\/wp-content\/uploads\/2026\/05\/goetter_anden-inka_pachamama-1.webp","width":1024,"height":1536,"caption":"Gu\u00f0ir \u00far Andes-inka-hef\u00f0inni."},{"@type":"BreadcrumbList","@id":"https:\/\/iwell-guard.com\/is\/pachamama-jardmodir-andesfjalla\/#breadcrumb","itemListElement":[{"@type":"ListItem","position":1,"name":"Start","item":"https:\/\/iwell-guard.com\/is\/?page_id=168580"},{"@type":"ListItem","position":2,"name":"Pachamama \u2013 jar\u00f0m\u00f3\u00f0ir Andesfjalla"}]},{"@type":"WebSite","@id":"https:\/\/iwell-guard.com\/is\/#website","url":"https:\/\/iwell-guard.com\/is\/","name":"iWell Guard","description":"Schutz vor dunklen Einfl\u00fcssen","publisher":{"@id":"https:\/\/iwell-guard.com\/is\/#organization"},"potentialAction":[{"@type":"SearchAction","target":{"@type":"EntryPoint","urlTemplate":"https:\/\/iwell-guard.com\/is\/?s={search_term_string}"},"query-input":{"@type":"PropertyValueSpecification","valueRequired":true,"valueName":"search_term_string"}}],"inLanguage":"is"},{"@type":"Organization","@id":"https:\/\/iwell-guard.com\/is\/#organization","name":"Ittermann electronic GmbH","url":"https:\/\/iwell-guard.com\/is\/","logo":{"@type":"ImageObject","inLanguage":"is","@id":"https:\/\/iwell-guard.com\/is\/#\/schema\/logo\/image\/","url":"https:\/\/iwell-guard.com\/wp-content\/uploads\/2026\/05\/Ittermann-Logo-1182x237-1.png","contentUrl":"https:\/\/iwell-guard.com\/wp-content\/uploads\/2026\/05\/Ittermann-Logo-1182x237-1.png","width":1182,"height":237,"caption":"Ittermann electronic GmbH"},"image":{"@id":"https:\/\/iwell-guard.com\/is\/#\/schema\/logo\/image\/"},"sameAs":["https:\/\/pantip.com\/profile\/9367242","https:\/\/micro.blog\/iwellguard","https:\/\/www.diggerslist.com\/iwellguard\/about","https:\/\/skitterphoto.com\/photographers\/2870314\/iwell-guard","https:\/\/iwellguard.wordpress.com\/2026\/06\/06\/iwell-guard\/","https:\/\/hub.docker.com\/u\/iwellguard","https:\/\/www.pinterest.com\/iwellguard\/","https:\/\/bit.ly\/m\/iwellguard","https:\/\/entre-vos-mains.alsace.eu\/profiles\/iwellguard\/activity","https:\/\/gravatar.com\/reallybeded8fd34","https:\/\/naijamatta.com\/iwellguard","https:\/\/www.goodreads.com\/iwellguard","https:\/\/profile.hatena.ne.jp\/iwellguard\/","https:\/\/experiment.com\/users\/iwellguard","https:\/\/wakelet.com\/@iWellGuard82270","https:\/\/www.chordie.com\/forum\/profile.php?id=2555664","https:\/\/www.instapaper.com\/p\/17757966","https:\/\/www.mapleprimes.com\/users\/iwellguard","https:\/\/businesslistingplus.com\/profile\/iwell-guard\/","https:\/\/telegra.ph\/iWell-Guard-06-06","https:\/\/pbase.com\/iwellguard\/iwellguard","https:\/\/b.hatena.ne.jp\/iwellguard\/20260607#bookmark-4788405196491818882","https:\/\/fliphtml5.com\/home\/iwellguard","https:\/\/anyflip.com\/homepage\/cmiwl#About","https:\/\/transfur.com\/Users\/iwellguard","http:\/\/delphi.larsbo.org\/user\/iwellguard","https:\/\/jobs.lajobsportal.org\/profiles\/8380803-iwell-guard","https:\/\/md.chaosdorf.de\/s\/jfbe5SBdJD","https:\/\/www.lingvolive.com\/en-us\/profile\/9ecaeaca-ce11-4e51-9e71-01d55e2bff36\/translations","https:\/\/www.fitday.com\/fitness\/forums\/members\/iwellguard.html","https:\/\/www.mymeetbook.com\/iwellguard","https:\/\/pxhere.com\/en\/photographer-me\/5040798","https:\/\/disqus.com\/by\/iwellguard\/about\/","https:\/\/pastelink.net\/hjwciqwq","https:\/\/pubhtml5.com\/homepage\/scjhn\/","https:\/\/www.bitchute.com\/channel\/2O2eOKzNqujT","https:\/\/audiomack.com\/iwellguard"]},{"@type":"Person","@id":"https:\/\/iwell-guard.com\/is\/#\/schema\/person\/ee2a27f1cac3406c7c6fb5820cb7349f","name":"Ralf Ittermann","image":{"@type":"ImageObject","inLanguage":"is","@id":"https:\/\/secure.gravatar.com\/avatar\/073c0153e350a5005b68eb752b445fea71f6b24a26da9449ad7e155e6b446c9d?s=96&d=mm&r=g","url":"https:\/\/secure.gravatar.com\/avatar\/073c0153e350a5005b68eb752b445fea71f6b24a26da9449ad7e155e6b446c9d?s=96&d=mm&r=g","contentUrl":"https:\/\/secure.gravatar.com\/avatar\/073c0153e350a5005b68eb752b445fea71f6b24a26da9449ad7e155e6b446c9d?s=96&d=mm&r=g","caption":"Ralf Ittermann"},"givenName":"Ralf","familyName":"Ittermann","jobTitle":"Gesch\u00e4ftsf\u00fchrer und redaktioneller Verantwortlicher","url":"https:\/\/iwell-guard.com\/is\/author\/claude\/","description":"Ralf Ittermann ist Gesch\u00e4ftsf\u00fchrer der Ittermann electronic GmbH und redaktioneller Verantwortlicher des iWell-Guard-Lexikons. Er verbindet langj\u00e4hrige Erfahrung in der Pr\u00e4zisionsfertigung mit medialer Praxis und religionsgeschichtlicher Quellenarbeit.","worksFor":{"@type":"Organization","name":"Ittermann electronic GmbH","url":"https:\/\/ittermann.de\/","address":{"@type":"PostalAddress","streetAddress":"K\u00f6hlergasse 16-18","postalCode":"99842","addressLocality":"Ruhla","addressCountry":"DE"}},"knowsAbout":["Religionsgeschichte","Mythologie","Mediale Praxis","Energetische Diagnostik","Schutzpraxis","Volksglauben","Westliche Esoterik"]},{"@type":"Article","@id":"https:\/\/iwell-guard.com\/is\/pachamama-jardmodir-andesfjalla\/#article","isPartOf":{"@id":"https:\/\/iwell-guard.com\/is\/pachamama-jardmodir-andesfjalla\/"},"author":{"name":"Ralf Ittermann","@id":"https:\/\/iwell-guard.com\/is\/#\/schema\/person\/ee2a27f1cac3406c7c6fb5820cb7349f"},"headline":"Pachamama \u2013 jar\u00f0m\u00f3\u00f0ir Andesfjalla","datePublished":"2026-09-05T14:04:04+00:00","dateModified":"2026-09-05T14:22:50+00:00","mainEntityOfPage":{"@id":"https:\/\/iwell-guard.com\/is\/pachamama-jardmodir-andesfjalla\/"},"publisher":{"@id":"https:\/\/iwell-guard.com\/is\/#organization"},"image":{"@id":"https:\/\/iwell-guard.com\/is\/pachamama-jardmodir-andesfjalla\/#primaryimage"},"thumbnailUrl":"https:\/\/iwell-guard.com\/wp-content\/uploads\/2026\/05\/goetter_anden-inka_pachamama-1.webp","inLanguage":"is","description":"Pachamama, jar\u00f0m\u00f3\u00f0ir Andesfjalla, er enn \u00ed dag helsta tr\u00faarlega vi\u00f0mi\u00f0unarveran \u00ed l\u00edfi b\u00e6nda \u00e1 h\u00e1sl\u00e9ttum Andesfjalla. Tr\u00faarbrag\u00f0afr\u00e6\u00f0ileg \u00fattekt me\u00f0 go\u00f0s\u00f6gn."}]}},"_links":{"self":[{"href":"https:\/\/iwell-guard.com\/is\/wp-json\/wp\/v2\/pages\/168920","targetHints":{"allow":["GET"]}}],"collection":[{"href":"https:\/\/iwell-guard.com\/is\/wp-json\/wp\/v2\/pages"}],"about":[{"href":"https:\/\/iwell-guard.com\/is\/wp-json\/wp\/v2\/types\/page"}],"author":[{"embeddable":true,"href":"https:\/\/iwell-guard.com\/is\/wp-json\/wp\/v2\/users\/3"}],"replies":[{"embeddable":true,"href":"https:\/\/iwell-guard.com\/is\/wp-json\/wp\/v2\/comments?post=168920"}],"version-history":[{"count":0,"href":"https:\/\/iwell-guard.com\/is\/wp-json\/wp\/v2\/pages\/168920\/revisions"}],"wp:featuredmedia":[{"embeddable":true,"href":"https:\/\/iwell-guard.com\/is\/wp-json\/wp\/v2\/media\/2683"}],"wp:attachment":[{"href":"https:\/\/iwell-guard.com\/is\/wp-json\/wp\/v2\/media?parent=168920"}],"wp:term":[{"taxonomy":"category","embeddable":true,"href":"https:\/\/iwell-guard.com\/is\/wp-json\/wp\/v2\/categories?post=168920"}],"curies":[{"name":"wp","href":"https:\/\/api.w.org\/{rel}","templated":true}]}}