{"id":168919,"date":"2026-09-05T14:04:03","date_gmt":"2026-09-05T14:04:03","guid":{"rendered":"https:\/\/iwell-guard.com\/?page_id=168919"},"modified":"2026-09-05T14:22:46","modified_gmt":"2026-09-05T14:22:46","slug":"inti-solgud-inkanna","status":"publish","type":"page","link":"https:\/\/iwell-guard.com\/is\/inti-solgud-inkanna\/","title":{"rendered":"Inti \u2013 s\u00f3lgu\u00f0 Inkanna"},"content":{"rendered":"\t\t<div data-elementor-type=\"wp-page\" data-elementor-id=\"168919\" class=\"elementor elementor-168919 elementor-2574 elementor-bc-flex-widget\" data-elementor-post-type=\"page\">\n\t\t\t\t<div class=\"elementor-element elementor-element-iwgw-inti-hero e-flex e-con-boxed e-con e-parent\" data-id=\"iwgw-inti-hero\" data-element_type=\"container\" data-e-type=\"container\" data-settings=\"{&quot;background_background&quot;:&quot;classic&quot;}\">\n\t\t\t\t\t<div class=\"e-con-inner\">\n\t\t<div class=\"elementor-element elementor-element-iwgw-inti-hl e-flex e-con-boxed e-con e-child\" data-id=\"iwgw-inti-hl\" data-element_type=\"container\" data-e-type=\"container\">\n\t\t\t\t\t<div class=\"e-con-inner\">\n\t\t<div class=\"elementor-element elementor-element-iwgw-inti-htxt e-con-full e-flex e-con e-child\" data-id=\"iwgw-inti-htxt\" data-element_type=\"container\" data-e-type=\"container\">\n\t\t\t\t<div class=\"elementor-element elementor-element-iwgw-inti-h1 elementor-widget elementor-widget-heading\" data-id=\"iwgw-inti-h1\" data-element_type=\"widget\" data-e-type=\"widget\" data-widget_type=\"heading.default\">\n\t\t\t\t\t<h1 class=\"elementor-heading-title elementor-size-default\">Inti, s\u00f3lgu\u00f0 Inkanna og forfa\u00f0ir konungs\u00e6ttarins<\/h1>\t\t\t\t<\/div>\n\t\t\t\t<div class=\"elementor-element elementor-element-iwgw-inti-lead elementor-widget elementor-widget-text-editor\" data-id=\"iwgw-inti-lead\" data-element_type=\"widget\" data-e-type=\"widget\" data-widget_type=\"text-editor.default\">\n\t\t\t\t\t\t\t\t\t<p>Inti, s\u00f3lgu\u00f0 Inkanna, er talinn fa\u00f0ir konungs\u00e6ttarins og er mi\u00f0punktur hinnar miklu s\u00f3larh\u00e1t\u00ed\u00f0ar Inti Raymi. <span class=\"iwg-fachbegriff\" data-tooltip=\"Heildarsafn tr\u00faarlegra tilbei\u00f0sluathafna \u00ed gar\u00f0 gu\u00f0s e\u00f0a heilagrar v\u00e6ttar.\" tabindex=\"0\">D\u00fdrkun<\/span> hans er lykil\u00fe\u00e1ttur \u00ed tr\u00faars\u00f6gu Andesfjalla og var opinberlega hafin til r\u00edkistr\u00faar Inkaveldisins.<\/p>\t\t\t\t\t\t\t\t<\/div>\n\t\t\t\t<\/div>\n\t\t<div class=\"elementor-element elementor-element-iwgw-inti-pillc e-con-full e-flex e-con e-child\" data-id=\"iwgw-inti-pillc\" data-element_type=\"container\" data-e-type=\"container\">\n\t\t\t\t<div class=\"elementor-element elementor-element-iwgw-inti-pills elementor-widget elementor-widget-html\" data-id=\"iwgw-inti-pills\" data-element_type=\"widget\" data-e-type=\"widget\" data-widget_type=\"html.default\">\n\t\t\t\t\t<div class=\"iwg-pill-row\"><span class=\"iwg-klasse-badge\" tabindex=\"0\" data-tooltip=\"Gu\u00f0 \u00far hef\u00f0 Andesfjalla \/ Inka.\">Gu\u00f0<\/span><a href=\"https:\/\/iwell-guard.com\/is\/?page_id=168909\" class=\"iwg-kultur-badge\" tabindex=\"0\" data-tooltip=\"Go\u00f0afr\u00e6\u00f0i hef\u00f0ar Andesfjalla \/ Inka.\">Andesfj\u00f6ll \/ Inka<\/a><span class=\"iwg-tradition-badge\" tabindex=\"0\" data-tooltip=\"H\u00f6fu\u00f0gu\u00f0.\">H\u00f6fu\u00f0gu\u00f0<\/span><\/div>\t\t\t\t<\/div>\n\t\t\t\t<\/div>\n\t\t<div class=\"elementor-element elementor-element-iwgw-inti-tocc e-con-full e-flex e-con e-child\" data-id=\"iwgw-inti-tocc\" data-element_type=\"container\" data-e-type=\"container\">\n\t\t\t\t<div class=\"elementor-element elementor-element-iwgw-inti-toc elementor-toc--minimized-on-tablet elementor-widget elementor-widget-table-of-contents\" data-id=\"iwgw-inti-toc\" data-element_type=\"widget\" data-e-type=\"widget\" data-settings=\"{&quot;headings_by_tags&quot;:[&quot;h2&quot;,&quot;h3&quot;],&quot;minimize_box&quot;:&quot;yes&quot;,&quot;marker_view&quot;:&quot;bullets&quot;,&quot;no_headings_message&quot;:&quot;Engar undirfyrirsagnir fundust \\u00e1 \\u00feessari s\\u00ed\\u00f0u.&quot;,&quot;exclude_headings_by_selector&quot;:[],&quot;icon&quot;:{&quot;value&quot;:&quot;fas fa-circle&quot;,&quot;library&quot;:&quot;fa-solid&quot;,&quot;rendered_tag&quot;:&quot;&lt;svg class=\\&quot;e-font-icon-svg e-fas-circle\\&quot; viewBox=\\&quot;0 0 512 512\\&quot; xmlns=\\&quot;http:\\\/\\\/www.w3.org\\\/2000\\\/svg\\&quot;&gt;&lt;path d=\\&quot;M256 8C119 8 8 119 8 256s111 248 248 248 248-111 248-248S393 8 256 8z\\&quot;&gt;&lt;\\\/path&gt;&lt;\\\/svg&gt;&quot;},&quot;minimized_on&quot;:&quot;tablet&quot;,&quot;hierarchical_view&quot;:&quot;yes&quot;,&quot;min_height&quot;:{&quot;unit&quot;:&quot;px&quot;,&quot;size&quot;:&quot;&quot;,&quot;sizes&quot;:[]},&quot;min_height_tablet&quot;:{&quot;unit&quot;:&quot;px&quot;,&quot;size&quot;:&quot;&quot;,&quot;sizes&quot;:[]},&quot;min_height_mobile&quot;:{&quot;unit&quot;:&quot;px&quot;,&quot;size&quot;:&quot;&quot;,&quot;sizes&quot;:[]}}\" data-widget_type=\"table-of-contents.default\">\n\t\t\t\t\t\t\t\t\t<div class=\"elementor-toc__header\">\n\t\t\t\t\t\t<h2 class=\"elementor-toc__header-title\">\n\t\t\t\tEfnisyfirlit\t\t\t<\/h2>\n\t\t\t\t\t\t\t\t\t\t<div class=\"elementor-toc__toggle-button elementor-toc__toggle-button--expand\" role=\"button\" tabindex=\"0\" aria-controls=\"elementor-toc__iwgw-inti-toc\" aria-expanded=\"true\" aria-label=\"Open table of contents\"><svg aria-hidden=\"true\" class=\"e-font-icon-svg e-fas-chevron-down\" viewBox=\"0 0 448 512\" xmlns=\"http:\/\/www.w3.org\/2000\/svg\"><path d=\"M207.029 381.476L12.686 187.132c-9.373-9.373-9.373-24.569 0-33.941l22.667-22.667c9.357-9.357 24.522-9.375 33.901-.04L224 284.505l154.745-154.021c9.379-9.335 24.544-9.317 33.901.04l22.667 22.667c9.373 9.373 9.373 24.569 0 33.941L240.971 381.476c-9.373 9.372-24.569 9.372-33.942 0z\"><\/path><\/svg><\/div>\n\t\t\t\t<div class=\"elementor-toc__toggle-button elementor-toc__toggle-button--collapse\" role=\"button\" tabindex=\"0\" aria-controls=\"elementor-toc__iwgw-inti-toc\" aria-expanded=\"true\" aria-label=\"Close table of contents\"><svg aria-hidden=\"true\" class=\"e-font-icon-svg e-fas-chevron-up\" viewBox=\"0 0 448 512\" xmlns=\"http:\/\/www.w3.org\/2000\/svg\"><path d=\"M240.971 130.524l194.343 194.343c9.373 9.373 9.373 24.569 0 33.941l-22.667 22.667c-9.357 9.357-24.522 9.375-33.901.04L224 227.495 69.255 381.516c-9.379 9.335-24.544 9.317-33.901-.04l-22.667-22.667c-9.373-9.373-9.373-24.569 0-33.941L207.03 130.525c9.372-9.373 24.568-9.373 33.941-.001z\"><\/path><\/svg><\/div>\n\t\t\t\t\t<\/div>\n\t\t\t\t<div id=\"elementor-toc__iwgw-inti-toc\" class=\"elementor-toc__body\">\n\t\t\t<div class=\"elementor-toc__spinner-container\">\n\t\t\t\t<svg class=\"elementor-toc__spinner eicon-animation-spin e-font-icon-svg e-eicon-loading\" aria-hidden=\"true\" viewBox=\"0 0 1000 1000\" xmlns=\"http:\/\/www.w3.org\/2000\/svg\"><path d=\"M500 975V858C696 858 858 696 858 500S696 142 500 142 142 304 142 500H25C25 237 238 25 500 25S975 237 975 500 763 975 500 975Z\"><\/path><\/svg>\t\t\t<\/div>\n\t\t<\/div>\n\t\t\t\t\t\t<\/div>\n\t\t\t\t<\/div>\n\t\t\t\t\t<\/div>\n\t\t\t\t<\/div>\n\t\t<div class=\"elementor-element elementor-element-iwgw-inti-hr e-con-full e-flex e-con e-child\" data-id=\"iwgw-inti-hr\" data-element_type=\"container\" data-e-type=\"container\">\n\t\t\t\t<div class=\"elementor-element elementor-element-iwgw-inti-heroimg iwg-hero-image elementor-widget elementor-widget-image\" data-id=\"iwgw-inti-heroimg\" data-element_type=\"widget\" data-e-type=\"widget\" data-widget_type=\"image.default\">\n\t\t\t\t\t\t\t\t\t\t\t\t\t\t\t<img fetchpriority=\"high\" decoding=\"async\" width=\"683\" height=\"1024\" src=\"https:\/\/iwell-guard.com\/wp-content\/uploads\/2026\/05\/goetter_anden-inka_inti-683x1024.webp\" class=\"attachment-large size-large wp-image-170864\" alt=\"Inti \u2013 gu\u00f0 \u00far gu\u00f0aver\u00f6ld Anda-inka, s\u00f6guleg-myndr\u00e6n framsetning\" srcset=\"https:\/\/iwell-guard.com\/wp-content\/uploads\/2026\/05\/goetter_anden-inka_inti-683x1024.webp 683w, https:\/\/iwell-guard.com\/wp-content\/uploads\/2026\/05\/goetter_anden-inka_inti-200x300.webp 200w, https:\/\/iwell-guard.com\/wp-content\/uploads\/2026\/05\/goetter_anden-inka_inti-768x1152.webp 768w, https:\/\/iwell-guard.com\/wp-content\/uploads\/2026\/05\/goetter_anden-inka_inti.webp 1024w\" sizes=\"(max-width: 683px) 100vw, 683px\" \/>\t\t\t\t\t\t\t\t\t\t\t\t\t\t\t<\/div>\n\t\t\t\t<\/div>\n\t\t\t\t\t<\/div>\n\t\t\t\t<\/div>\n\t\t\t\t<section class=\"elementor-section elementor-top-section elementor-element elementor-element-sec-iwgcomp-inti elementor-section-boxed elementor-section-height-default elementor-section-height-default\" data-id=\"sec-iwgcomp-inti\" data-element_type=\"section\" data-e-type=\"section\">\n\t\t\t\t\t\t<div class=\"elementor-container elementor-column-gap-default\">\n\t\t\t\t\t<div class=\"elementor-column elementor-col-100 elementor-top-column elementor-element elementor-element-col-iwgcomp-inti\" data-id=\"col-iwgcomp-inti\" data-element_type=\"column\" data-e-type=\"column\">\n\t\t\t<div class=\"elementor-widget-wrap elementor-element-populated\">\n\t\t\t\t\t\t<div class=\"elementor-element elementor-element-iwgcomp-inti elementor-widget elementor-widget-text-editor\" data-id=\"iwgcomp-inti\" data-element_type=\"widget\" data-e-type=\"widget\" data-widget_type=\"text-editor.default\">\n\t\t\t\t\t\t\t\t\t<p>Inti er <strong>s\u00f3lgu\u00f0 Inkanna<\/strong> og er lykilv\u00e6tt \u00ed <span class=\"iwg-fachbegriff\" data-tooltip=\"Heildarsafn gu\u00f0a \u00ed tr\u00faarbr\u00f6g\u00f0um e\u00f0a menningu.\" tabindex=\"0\">pantheon<\/span> hinnar and\u00edsku h\u00e1menningar.<\/p>\t\t\t\t\t\t\t\t<\/div>\n\t\t\t\t\t<\/div>\n\t\t<\/div>\n\t\t\t\t\t<\/div>\n\t\t<\/section>\n\t\t<div class=\"elementor-element elementor-element-iwgw-inti-s0 e-flex e-con-boxed e-con e-parent\" data-id=\"iwgw-inti-s0\" data-element_type=\"container\" data-e-type=\"container\">\n\t\t\t\t\t<div class=\"e-con-inner\">\n\t\t\t\t<div class=\"elementor-element elementor-element-iwgw-inti-s0h elementor-widget elementor-widget-heading\" data-id=\"iwgw-inti-s0h\" data-element_type=\"widget\" data-e-type=\"widget\" data-widget_type=\"heading.default\">\n\t\t\t\t\t<h2 class=\"elementor-heading-title elementor-size-default\">Sta\u00f0a \u00ed and\u00edsku pantheoninu<\/h2>\t\t\t\t<\/div>\n\t\t<div class=\"elementor-element elementor-element-iwgw-inti-s0c e-con-full e-flex e-con e-child\" data-id=\"iwgw-inti-s0c\" data-element_type=\"container\" data-e-type=\"container\">\n\t\t\t\t<div class=\"elementor-element elementor-element-iwgw-inti-s0t elementor-widget elementor-widget-text-editor\" data-id=\"iwgw-inti-s0t\" data-element_type=\"widget\" data-e-type=\"widget\" data-widget_type=\"text-editor.default\">\n\t\t\t\t\t\t\t\t\t<p>Inti (kes\u00faa: <em>inti<\/em>, s\u00f3l) er ein af hinum mi\u00f0l\u00e6gu \u00e6\u00f0ri gu\u00f0um \u00ed hinu opinbera <span class=\"iwg-fachbegriff\" data-tooltip=\"\u00d6ll gu\u00f0 tr\u00faarbrag\u00f0a e\u00f0a menningarheims samanlagt.\" tabindex=\"0\">go\u00f0aveldi<\/span> Inkaveldisins (Tawantinsuyu, um 1438, 1533) og kemur reglulega fyrir \u00ed ann\u00e1lum n\u00fdlendut\u00edmans vi\u00f0 hli\u00f0 skapargo\u00f0sins <a href=\"https:\/\/iwell-guard.com\/is\/?page_id=168921\">Viracocha<\/a> og tunglgy\u00f0junnar <a href=\"https:\/\/iwell-guard.com\/is\/?page_id=168922\">Mama Killa<\/a>.<\/p><p>Per\u00faski ann\u00e1laritarinn Garcilaso de la Vega l\u00fdsir honum \u00ed ritverki s\u00ednu <em>Comentarios Reales de los Incas<\/em> (1609) sem s\u00fdnilegu \u00e1sj\u00f3nu \u00e6\u00f0stu verunnar, sem veitti Inkaherrunum l\u00f6gm\u00e6ti og skipulag\u00f0i r\u00edki\u00f0 b\u00e6\u00f0i efnahagslega og dagatalslega.<\/p><p>Fr\u00e1 tr\u00faarbrag\u00f0afr\u00e6\u00f0ilegu sj\u00f3narhorni tilheyrir Inti h\u00f3pi \u00e6ttarveldisbundinnar s\u00f3ld\u00fdrkunar, l\u00edkt og \u00feekkist \u00ed samb\u00e6rilegri mynd \u00far Re-<span class=\"iwg-fachbegriff\" data-tooltip=\"\u00d6ll \u00feau athafnaform sem tengjast d\u00fdrkun gu\u00f0s e\u00f0a heilagrar veru.\" tabindex=\"0\">d\u00fdrkuninni<\/span> \u00ed Egyptalandi til forna, Amaterasu-<span class=\"iwg-fachbegriff\" data-tooltip=\"\u00d6ll \u00feau athafnaform sem tengjast d\u00fdrkun gu\u00f0s e\u00f0a heilagrar veru.\" tabindex=\"0\">d\u00fdrkuninni<\/span> \u00ed Japan e\u00f0a s\u00f3ld\u00fdrkun \u00ed Vestur-As\u00edu.<\/p><p>Mircea Eliade l\u00fdsir \u00ed riti s\u00ednu <em>Geschichte der religi\u00f6sen Ideen<\/em> \u00feeirri tilhneigingu s\u00ed\u00f0ari h\u00e1\u00fer\u00f3a\u00f0ra menningarsamf\u00e9laga a\u00f0 upphefja s\u00f3lgu\u00f0d\u00f3m sem \u00e1byrg\u00f0ara\u00f0ila stj\u00f3rnm\u00e1lalegrar skipanar; Inti fellur a\u00f0 \u00feessu mynstri. Inkaherrarnir b\u00e1ru titilinn <em>Intip Churin<\/em> (sonur s\u00f3larinnar) og leiddu \u00fear af alhli\u00f0a valdakr\u00f6fu s\u00edna yfir andesku h\u00e1lendinu og heimi <a href=\"https:\/\/iwell-guard.com\/is\/?page_id=168909\">Andes-Inka<\/a>.<\/p><p>Athyglisvert er a\u00f0 \u00ed h\u00e1\u00fer\u00f3u\u00f0um menningarsamf\u00e9l\u00f6gum Andesfjalla fyrir t\u00edma Inkanna (Chav\u00edn, Moche, Tiwanaku, Wari) haf\u00f0i Inti ekki samb\u00e6rilega \u00e1berandi st\u00f6\u00f0u. \u00dea\u00f0 var fyrst hin r\u00edkisberandi <span class=\"iwg-fachbegriff\" data-tooltip=\"Fr\u00e6\u00f0ileg kenning um gu\u00f0 og tr\u00fa innan tr\u00faarbrag\u00f0a.\" tabindex=\"0\">gu\u00f0fr\u00e6\u00f0i<\/span> Inkaveldisins sem setti hann \u00ed fremstu r\u00f6\u00f0 hins s\u00fdnilega go\u00f0aveldis.<\/p><p>Catherine Allen bendir \u00ed <em>The Hold Life Has<\/em> (2002) \u00e1 a\u00f0 d\u00fdrkun jar\u00f0m\u00f3\u00f0urinnar <a href=\"https:\/\/iwell-guard.com\/is\/?page_id=168920\">Pachamama<\/a> og sta\u00f0bundinna fjallaanda, Apu, s\u00e9 \u00ed m\u00f6rgum samf\u00e9l\u00f6gum enn \u00ed dag hagn\u00fdtt mikilv\u00e6gari en hin \u00e6\u00f0ri s\u00f3ld\u00fdrkun Intis, sem bendir til \u00feess a\u00f0 Inti hafi fyrst og fremst \u00fej\u00f3na\u00f0 sem keisaraleg <span class=\"iwg-fachbegriff\" data-tooltip=\"Vera sem d\u00fdrku\u00f0 er sem gu\u00f0leg innan tr\u00faarbrag\u00f0a.\" tabindex=\"0\">gu\u00f0d\u00f3msvera<\/span> \u00e1 me\u00f0an hversdagsl\u00edf andesku tr\u00faari\u00f0kunarinnar m\u00f3ta\u00f0ist frekar af jar\u00f0m\u00f3\u00f0urinni og sta\u00f0bundnum fjallaherrum.<\/p>\t\t\t\t\t\t\t\t<\/div>\n\t\t\t\t<\/div>\n\t\t\t\t\t<\/div>\n\t\t\t\t<\/div>\n\t\t<div class=\"elementor-element elementor-element-iwgw-inti-s1 e-flex e-con-boxed e-con e-parent\" data-id=\"iwgw-inti-s1\" data-element_type=\"container\" data-e-type=\"container\">\n\t\t\t\t\t<div class=\"e-con-inner\">\n\t\t\t\t<div class=\"elementor-element elementor-element-iwgw-inti-s1h elementor-widget elementor-widget-heading\" data-id=\"iwgw-inti-s1h\" data-element_type=\"widget\" data-e-type=\"widget\" data-widget_type=\"heading.default\">\n\t\t\t\t\t<h2 class=\"elementor-heading-title elementor-size-default\">Nafn og or\u00f0sifjar<\/h2>\t\t\t\t<\/div>\n\t\t<div class=\"elementor-element elementor-element-iwgw-inti-s1c e-con-full e-flex e-con e-child\" data-id=\"iwgw-inti-s1c\" data-element_type=\"container\" data-e-type=\"container\">\n\t\t\t\t<div class=\"elementor-element elementor-element-iwgw-inti-s1t elementor-widget elementor-widget-text-editor\" data-id=\"iwgw-inti-s1t\" data-element_type=\"widget\" data-e-type=\"widget\" data-widget_type=\"text-editor.default\">\n\t\t\t\t\t\t\t\t\t<p>Nafni\u00f0 <em>Inti<\/em> er sta\u00f0fest allt fr\u00e1 elstu n\u00fdlendut\u00edmaor\u00f0ab\u00f3kum quechua-m\u00e1ls (Domingo de Santo Thomas 1560, Diego Gonzalez Holguin 1608) sem almennt heiti b\u00e6\u00f0i \u00e1 s\u00f3linni sem himintungli og \u00e1 hinni pers\u00f3nuger\u00f0u <span class=\"iwg-fachbegriff\" data-tooltip=\"Vera sem er tilbe\u00f0in sem gu\u00f0leg innan tr\u00faarbrag\u00f0a.\" tabindex=\"0\">gu\u00f0legu veru<\/span>.<\/p><p>\u00deessi tv\u00f6falda merking, l\u00edkamlegt himintungl og gu\u00f0leg pers\u00f3na, er d\u00e6miger\u00f0 fyrir and\u00edska tr\u00faarlega hugsun, \u00fear sem skil milli n\u00e1tt\u00faru- og hins helga eru s\u00ed\u00f0ur sk\u00f6rp en \u00ed evr\u00f3pskum gu\u00f0fr\u00e6\u00f0ikerfum.<\/p><p>Inti kemur fram \u00ed heimildum undir nokkrum s\u00e9rheitum: <em>Apu Inti<\/em> (herra s\u00f3l), <em>Churi Inti<\/em> (sonur-s\u00f3l), <em>Wayna Inti<\/em> (ungur-s\u00f3l) og <em>Inti Illapa<\/em> (\u00ferumu-s\u00f3l) t\u00e1kna hver s\u00edna birtingarmynd, sem kr\u00f3nikuritarinn Juan de Betanzos l\u00fdsir \u00ed riti s\u00ednu <em>Suma y narracion de los Incas<\/em> (1551) sem \u00ferj\u00e1r pers\u00f3nur \u00ferenndarkenndrar s\u00f3largu\u00f0fr\u00e6\u00f0i.<\/p><p>\u00deessi \u00ferenning hefur fengi\u00f0 tr\u00faarbrag\u00f0afr\u00e6\u00f0inga \u00e1 bor\u00f0 vi\u00f0 Pierre Duviols til a\u00f0 vara vi\u00f0 vark\u00e1rni: Kristileg \u00ferenningarkenning sp\u00e6nsku kr\u00f3nikuritaranna g\u00e6ti h\u00e9r skarast vi\u00f0 upprunalega, fj\u00f6lbreytta frumbyggjahugmynd.<\/p><p>H\u00e1t\u00ed\u00f0arheiti\u00f0 <em>Inti Raymi<\/em> er quechua-or\u00f0myndun \u00far <em>inti<\/em> og <em>raymi<\/em> (h\u00e1t\u00ed\u00f0, h\u00e1t\u00ed\u00f0arsamkoma). \u00dea\u00f0 v\u00edsar til s\u00f3lst\u00f6\u00f0uh\u00e1t\u00ed\u00f0ar su\u00f0urhvels vetrar (j\u00fan\u00ed) og hefur fr\u00e1 1944 veri\u00f0 endurvaki\u00f0 \u00e1rlega \u00ed Cusco sem endursk\u00f6pu\u00f0 \u00fej\u00f3\u00f0lagah\u00e1t\u00ed\u00f0, \u00fe\u00f3 \u00e1n hinnar upprunalegu d\u00fdraf\u00f3rnarhef\u00f0ar.<\/p><p>H\u00e1t\u00ed\u00f0arheiti\u00f0 hefur auk \u00feess fest sig \u00ed sessi sem heiti \u00e1 s\u00e9rst\u00f6ku and\u00edsku t\u00edmatali, \u00fear sem \u00e1r eru talin fr\u00e1 go\u00f0s\u00f6gulegum upphafi r\u00edkisins.<\/p>\t\t\t\t\t\t\t\t<\/div>\n\t\t\t\t<\/div>\n\t\t\t\t\t<\/div>\n\t\t\t\t<\/div>\n\t\t<div class=\"elementor-element elementor-element-iwgw-inti-s2 e-flex e-con-boxed e-con e-parent\" data-id=\"iwgw-inti-s2\" data-element_type=\"container\" data-e-type=\"container\">\n\t\t\t\t\t<div class=\"e-con-inner\">\n\t\t\t\t<div class=\"elementor-element elementor-element-iwgw-inti-s2h elementor-widget elementor-widget-heading\" data-id=\"iwgw-inti-s2h\" data-element_type=\"widget\" data-e-type=\"widget\" data-widget_type=\"heading.default\">\n\t\t\t\t\t<h2 class=\"elementor-heading-title elementor-size-default\">L\u00fdsing og myndm\u00e1l<\/h2>\t\t\t\t<\/div>\n\t\t<div class=\"elementor-element elementor-element-iwgw-inti-s2c e-con-full e-flex e-con e-child\" data-id=\"iwgw-inti-s2c\" data-element_type=\"container\" data-e-type=\"container\">\n\t\t\t\t<div class=\"elementor-element elementor-element-iwgw-inti-s2t elementor-widget elementor-widget-text-editor\" data-id=\"iwgw-inti-s2t\" data-element_type=\"widget\" data-e-type=\"widget\" data-widget_type=\"text-editor.default\">\n\t\t\t\t\t\t\t\t\t<p>Myndr\u00e6nar l\u00fdsingar \u00e1 Inti er a\u00f0eins a\u00f0 finna \u00ed brotum \u00ed fyrir-sp\u00e6nskum heimildum, \u00fear sem Inkaveldi\u00f0 \u00e1tti s\u00e9r enga skriflega myndhef\u00f0 \u00ed str\u00f6ngum skilningi.<\/p><p>A\u00f0alheimildin er \u00f6nnur handar heimildir fr\u00e1 n\u00fdlendut\u00edmanum \u00e1samt hinni fr\u00e6gu gullpl\u00f6tu sem s\u00f6g\u00f0 var hafa sta\u00f0i\u00f0 \u00ed s\u00f3larhofinu <em>Coricancha<\/em> \u00ed Cusco: kringl\u00f3tt sk\u00edfa umkringd geislum me\u00f0 mannger\u00f0u andliti, hi\u00f0 svokalla\u00f0a <em>Punchao<\/em>. \u00deessi <span class=\"iwg-fachbegriff\" data-tooltip=\"Myndr\u00e6n framsetning gu\u00f0s sem d\u00fdrku\u00f0 er \u00ed hofi e\u00f0a helgista\u00f0.\" tabindex=\"0\">helgimynd<\/span> var ger\u00f0 uppt\u00e6k af Sp\u00e1nverjum vi\u00f0 hert\u00f6ku Vilcabamba \u00e1ri\u00f0 1572 og flutt til Sp\u00e1nar, en hefur veri\u00f0 gl\u00f6tu\u00f0 fr\u00e1 \u00feeim t\u00edma.<\/p><p>Garcilaso de la Vega l\u00fdsir helgid\u00f3minum \u00ed Coricancha sem <span class=\"iwg-fachbegriff\" data-tooltip=\"Heilagur sta\u00f0ur tileinka\u00f0ur d\u00fdrkun gu\u00f0s.\" tabindex=\"0\">helgista\u00f0<\/span> me\u00f0 innra r\u00fdmi \u00feaki\u00f0 gullpl\u00f6tum a\u00f0 fullu. \u00cd mi\u00f0ju st\u00f3\u00f0 Punchao, umkringt m\u00famger\u00f0um l\u00edk\u00f6mum framli\u00f0inna Inkalei\u00f0toga (<em>mallqui<\/em>), sem taldir voru eil\u00edft lifandi holdgervingar \u00e6ttartr\u00e9s Inti.<\/p><p>Sp\u00e6nsku ann\u00e1lah\u00f6fundarnir Polo de Ondegardo og Cristobal de Albornoz sta\u00f0festa \u00feessa uppsetningu \u00ed sko\u00f0unarsk\u00fdrslum s\u00ednum fr\u00e1 1560. Hir\u00f0menn Inkans b\u00e1ru gullnar geislak\u00f3r\u00f3nur \u00e1 h\u00e1t\u00ed\u00f0isd\u00f6gum, sem endurspeglu\u00f0u Punchao formlega.<\/p><p>\u00c1 var\u00f0veittum inkatext\u00edlverkum, ker\u00f3s (drykkjar\u00e1h\u00f6ldum) og n\u00fdlendut\u00edma veggm\u00e1lverkum (t.d. \u00ed Cusco-sk\u00f3lanum) er Inti oftast s\u00fdndur sem gulli\u00f0 andlit me\u00f0 uddum geislum, stundum me\u00f0 k\u00f3r\u00f3nu \u00far ma\u00eds- e\u00f0a k\u00edn\u00f3a\u00f6xum.<\/p><p>\u00cd efri myndl\u00f6gum n\u00fdlendut\u00edma andesm\u00e1lverka (t.d. <em>Triumph des Heiligen Michael<\/em>, Cusquena-sk\u00f3linn, 17. \u00f6ld) skarast Inti-t\u00e1knmyndir vi\u00f0 kristin <span class=\"iwg-fachbegriff\" data-tooltip=\"\u00cd tr\u00faarbr\u00f6g\u00f0um Abrahams, himneskur sendibo\u00f0i Gu\u00f0s.\" tabindex=\"0\">engla<\/span>&#8211; og Sol-Iustitiae-m\u00f3t\u00edf, samruna sem listfr\u00e6\u00f0ingurinn Teresa Gisbert hefur raki\u00f0 kerfisbundi\u00f0 \u00ed <em>Iconografia y mitos indigenas en el arte<\/em> (1980).<\/p>\t\t\t\t\t\t\t\t<\/div>\n\t\t\t\t<\/div>\n\t\t\t\t\t<\/div>\n\t\t\t\t<\/div>\n\t\t<div class=\"elementor-element elementor-element-iwgw-inti-s3 e-flex e-con-boxed e-con e-parent\" data-id=\"iwgw-inti-s3\" data-element_type=\"container\" data-e-type=\"container\">\n\t\t\t\t\t<div class=\"e-con-inner\">\n\t\t\t\t<div class=\"elementor-element elementor-element-iwgw-inti-s3h elementor-widget elementor-widget-heading\" data-id=\"iwgw-inti-s3h\" data-element_type=\"widget\" data-e-type=\"widget\" data-widget_type=\"heading.default\">\n\t\t\t\t\t<h2 class=\"elementor-heading-title elementor-size-default\">Go\u00f0sagnakenndar fr\u00e1sagnir<\/h2>\t\t\t\t<\/div>\n\t\t<div class=\"elementor-element elementor-element-iwgw-inti-s3c e-con-full e-flex e-con e-child\" data-id=\"iwgw-inti-s3c\" data-element_type=\"container\" data-e-type=\"container\">\n\t\t\t\t<div class=\"elementor-element elementor-element-iwgw-inti-s3t elementor-widget elementor-widget-text-editor\" data-id=\"iwgw-inti-s3t\" data-element_type=\"widget\" data-e-type=\"widget\" data-widget_type=\"text-editor.default\">\n\t\t\t\t\t\t\t\t\t<p>Mikilv\u00e6gasta <span class=\"iwg-fachbegriff\" data-tooltip=\"Yfirl\u00fdst fr\u00e1s\u00f6gn um gu\u00f0i, uppruna og skipulag heimsins.\" tabindex=\"0\">go\u00f0s\u00f6gnin<\/span> um Inti er Inka-upprunasagan um Titicaca-vatn, var\u00f0veitt a\u00f0allega af Garcilaso de la Vega og Juan de Betanzos. Samkv\u00e6mt henni r\u00eds Inti upp \u00far Titicaca-vatni eftir t\u00edmabil heimsmyrkurs og sendir b\u00f6rn s\u00edn <em>Manco Capac<\/em> og <em>Mama Ocllo<\/em> til a\u00f0 kenna m\u00f6nnum akuryrkju, vefna\u00f0 og tr\u00faarlegt skipulag.<\/p><p>\u00c1 \u00feeim sta\u00f0 \u00fear sem gullstafur Mancos gengur ni\u00f0ur \u00ed j\u00f6r\u00f0ina \u00e1 Cusco-borg a\u00f0 hafa veri\u00f0 stofnu\u00f0, s\u00ed\u00f0ar h\u00f6fu\u00f0borg Tawantinsuyu.<\/p><p>\u00cd samhli\u00f0a hef\u00f0, skr\u00e1\u00f0 af Pedro Sarmiento de Gamboa \u00ed <em>Historia indica<\/em> (1572), koma Manco Capac og systkini hans \u00feess \u00ed sta\u00f0 fram \u00far hellakerfinu \u00ed Pacaritambo n\u00e1l\u00e6gt Cusco. \u00deessar tv\u00e6r upprunahef\u00f0ir voru sameina\u00f0ar \u00feegar \u00e1 t\u00edmum Inkaveldisins \u00ed <span class=\"iwg-fachbegriff\" data-tooltip=\"Hin v\u00edsindalega fr\u00e6\u00f0igrein um Gu\u00f0 og tr\u00fa tiltekinna tr\u00faarbrag\u00f0a.\" tabindex=\"0\">gu\u00f0fr\u00e6\u00f0i<\/span> \u00feeirra, \u00fear sem Titicaca-atbur\u00f0urinn var t\u00falka\u00f0ur sem kosm\u00edskt stig og Pacaritambo-atbur\u00f0urinn sem jar\u00f0neskt stig s\u00f6mu sendingar.<\/p><p>Annar go\u00f0sagnastrengur tengir Inti vi\u00f0 skaparagu\u00f0inn <a href=\"https:\/\/iwell-guard.com\/is\/?page_id=168921\">Viracocha<\/a>. Samkv\u00e6mt Cristobal de Molina (<em>Relacion de las fabulas y ritos de los Incas<\/em>, 1575) skapar Viracocha s\u00f3lina, tungli\u00f0 og stj\u00f6rnurnar vi\u00f0 Titicaca og skipar \u00feeim a\u00f0 taka upp brautir s\u00ednar \u00e1 himninum.<\/p><p>Inti er h\u00e9r afleidd sk\u00f6pun hins h\u00e6rra skapandi frumreglu. \u00deessu heimsfr\u00e6\u00f0ilega stigveldi var endurt\u00falka\u00f0 af nokkrum Inka-lei\u00f0togum, s\u00e9rstaklega <em>Pachacuti<\/em> (r\u00edkti 1438, 1471), \u00ed \u00fe\u00e1gu sterkari st\u00f6\u00f0u Inti, sem var\u00f0 r\u00e1\u00f0andi \u00ed s\u00ed\u00f0ari r\u00edkisgu\u00f0fr\u00e6\u00f0i.<\/p><p>Go\u00f0sagnalega tengd Inti eru einnig systir hans og eiginkona <a href=\"https:\/\/iwell-guard.com\/is\/?page_id=168922\">Mama Killa<\/a> (tungli\u00f0) og \u00ferumugu\u00f0inn <a href=\"https:\/\/iwell-guard.com\/is\/?page_id=168924\">Illapa<\/a>, sem \u00ed sumum heimildum er talinn \u00fe\u00e1ttur e\u00f0a br\u00f3\u00f0ir Inti. Tunglmyrkva t\u00falku\u00f0u Inka-prestar sem \u00e1r\u00e1s kosm\u00edsks d\u00fdrs \u00e1 Mama Killa, sem var\u00f0 a\u00f0 breg\u00f0ast vi\u00f0 me\u00f0 h\u00e1va\u00f0a og \u00f6rvaskotum.<\/p>\t\t\t\t\t\t\t\t<\/div>\n\t\t\t\t<\/div>\n\t\t\t\t\t<\/div>\n\t\t\t\t<\/div>\n\t\t<div class=\"elementor-element elementor-element-iwgw-inti-s4 e-flex e-con-boxed e-con e-parent\" data-id=\"iwgw-inti-s4\" data-element_type=\"container\" data-e-type=\"container\">\n\t\t\t\t\t<div class=\"e-con-inner\">\n\t\t\t\t<div class=\"elementor-element elementor-element-iwgw-inti-s4h elementor-widget elementor-widget-heading\" data-id=\"iwgw-inti-s4h\" data-element_type=\"widget\" data-e-type=\"widget\" data-widget_type=\"heading.default\">\n\t\t\t\t\t<h2 class=\"elementor-heading-title elementor-size-default\">D\u00fdrkun og vir\u00f0ing \u00ed Tawantinsuyu<\/h2>\t\t\t\t<\/div>\n\t\t<div class=\"elementor-element elementor-element-iwgw-inti-s4c e-con-full e-flex e-con e-child\" data-id=\"iwgw-inti-s4c\" data-element_type=\"container\" data-e-type=\"container\">\n\t\t\t\t<div class=\"elementor-element elementor-element-iwgw-inti-s4t elementor-widget elementor-widget-text-editor\" data-id=\"iwgw-inti-s4t\" data-element_type=\"widget\" data-e-type=\"widget\" data-widget_type=\"text-editor.default\">\n\t\t\t\t\t\t\t\t\t<p>R\u00edkis-<span class=\"iwg-fachbegriff\" data-tooltip=\"\u00d6ll tr\u00faarleg d\u00fdrkunarath\u00f6fn tileinku\u00f0 gu\u00f0i e\u00f0a heilagri v\u00e6ttum.\" tabindex=\"0\">d\u00fdrkun<\/span> Inti var vandlega stofnanav\u00e6dd \u00ed Inkaveldinu. \u00cd mi\u00f0ju hennar st\u00f3\u00f0 s\u00f3larhofi\u00f0 <em>Coricancha<\/em> (\u00e1 kech\u00faa <em>quri kancha<\/em>, gullna hverfi\u00f0) \u00ed Cusco, en grunnm\u00farar \u00feess mynda enn \u00ed dag s\u00f6kkul d\u00f3min\u00edkanaklaustursins Santo Domingo.<\/p><p>H\u00e9r var m\u00fam\u00edum Inka-h\u00f6f\u00f0ingjanna sinnt sem lifandi forfe\u00f0rum, \u00feeim var gefi\u00f0 a\u00f0 bor\u00f0a daglega og \u00e1 h\u00e1t\u00ed\u00f0isd\u00f6gum voru \u00fe\u00e6r bornar \u00ed skr\u00fa\u00f0g\u00f6ngum yfir a\u00f0altorgi\u00f0 <em>Huacaypata<\/em>.<\/p><p><span class=\"iwg-fachbegriff\" data-tooltip=\"Bygging tileinku\u00f0 d\u00fdrkun einnar e\u00f0a fleiri gu\u00f0a.\" tabindex=\"0\">Hofinu<\/span> voru tengdir yfir 4.000 prestar og <em>Acllacuna<\/em>, hinar \u00fatv\u00f6ldu s\u00f3larmeyjar.<\/p><p>\u00de\u00e6r s\u00ed\u00f0arnefndu bjuggu \u00ed loku\u00f0um kvennah\u00fasum (<em>acllahuasi<\/em>), vefju\u00f0u f\u00ednustu kl\u00e6\u00f0i (<em>cumbi<\/em>) fyrir <span class=\"iwg-fachbegriff\" data-tooltip=\"\u00d6ll tr\u00faarleg d\u00fdrkunarath\u00f6fn tileinku\u00f0 gu\u00f0i e\u00f0a heilagri v\u00e6ttum.\" tabindex=\"0\">d\u00fdrkunina<\/span> og bjuggu til hi\u00f0 helga ma\u00edsbj\u00f3rinn <em>chicha<\/em>. Hinar f\u00e1u var\u00f0veittu leifar Acllahuasi \u00ed Cusco (n\u00fa Santa Catalina) auk Inka-\u00e1letrananna \u00ed Choquequirao gefa v\u00edsbendingu um hina efnislegu v\u00eddd \u00feessa kvennaprestd\u00f3ms.<\/p><p>H\u00e1punktur helgihalds\u00e1rsins var <em>Inti Raymi<\/em>, s\u00f3lst\u00f6\u00f0uh\u00e1t\u00ed\u00f0in 21.\/24. j\u00fan\u00ed. Inkinn sj\u00e1lfur f\u00f3rna\u00f0i lamad\u00fdrum og naggr\u00edsum \u00e1 a\u00f0altorgi Cusco, hellti chicha \u00far gullsk\u00e1l sem drykkjarf\u00f3rn og flutti <span class=\"iwg-fachbegriff\" data-tooltip=\"M\u00e1ltj\u00e1ning manns til gu\u00f0s.\" tabindex=\"0\">b\u00e6n<\/span> s\u00edna til s\u00f3laruppr\u00e1sarins.<\/p><p>Polo de Ondegardo greinir fr\u00e1 skr\u00fa\u00f0g\u00f6ngum eftir <em>ceque<\/em>-l\u00ednunum, geislamyndu\u00f0u kerfi l\u00edna sem l\u00e1 \u00fat fr\u00e1 Coricancha, <span class=\"iwg-fachbegriff\" data-tooltip=\"Heilagur sta\u00f0ur tileinka\u00f0ur d\u00fdrkun gu\u00f0s.\" tabindex=\"0\">helgu<\/span> l\u00ednukerfi 41 beinna l\u00edna og 328 svokalla\u00f0ra huaca-helgista\u00f0a, sem Tom Zuidema endurger\u00f0i fyrst kerfisbundi\u00f0 \u00ed <em>The Ceque System of Cuzco<\/em> (1964).<\/p><p>Auk h\u00f6fu\u00f0d\u00fdrkunarins \u00ed Cusco voru til sv\u00e6\u00f0isbundin s\u00f3larhof, me\u00f0al annars \u00ed Vilcashuaman, Pachacamac (\u00ed samruna vi\u00f0 hinn eldri v\u00e9fr\u00e9ttargu\u00f0 <a href=\"https:\/\/iwell-guard.com\/is\/?page_id=168923\">Pachakamak<\/a>), \u00e1 <em>Isla del Sol<\/em> \u00ed Titicacavatni og \u00ed h\u00e9ra\u00f0inu Cajamarca \u00ed nor\u00f0urhluta Per\u00fa.<\/p><p>\u00deessi sv\u00e6\u00f0isbundnu helgi voru tengd saman me\u00f0 vegakerfinu <em>Qhapaq Nan<\/em> og myndu keisaralegt samskiptanet \u00fear sem s\u00f3lar-<span class=\"iwg-fachbegriff\" data-tooltip=\"V\u00edsindaleg fr\u00e6\u00f0i um gu\u00f0 og tr\u00fa innan tr\u00faarbrag\u00f0a.\" tabindex=\"0\">gu\u00f0fr\u00e6\u00f0i<\/span> og stj\u00f3rns\u00fdslulegt eftirlit voru \u00f3a\u00f0skiljanleg.<\/p>\t\t\t\t\t\t\t\t<\/div>\n\t\t\t\t<\/div>\n\t\t\t\t\t<\/div>\n\t\t\t\t<\/div>\n\t\t<div class=\"elementor-element elementor-element-iwgw-inti-s5 e-flex e-con-boxed e-con e-parent\" data-id=\"iwgw-inti-s5\" data-element_type=\"container\" data-e-type=\"container\">\n\t\t\t\t\t<div class=\"e-con-inner\">\n\t\t\t\t<div class=\"elementor-element elementor-element-iwgw-inti-s5h elementor-widget elementor-widget-heading\" data-id=\"iwgw-inti-s5h\" data-element_type=\"widget\" data-e-type=\"widget\" data-widget_type=\"heading.default\">\n\t\t\t\t\t<h2 class=\"elementor-heading-title elementor-size-default\">Verndara\u00f0ger\u00f0ir og fr\u00e1hrindandi t\u00e1kn<\/h2>\t\t\t\t<\/div>\n\t\t<div class=\"elementor-element elementor-element-iwgw-inti-s5c e-con-full e-flex e-con e-child\" data-id=\"iwgw-inti-s5c\" data-element_type=\"container\" data-e-type=\"container\">\n\t\t\t\t<div class=\"elementor-element elementor-element-iwgw-inti-s5t elementor-widget elementor-widget-text-editor\" data-id=\"iwgw-inti-s5t\" data-element_type=\"widget\" data-e-type=\"widget\" data-widget_type=\"text-editor.default\">\n\t\t\t\t\t\t\t\t\t<p>\u00dear sem Inti gegndi hlutverki \u00e6\u00f0ri gu\u00f0s \u00e1 r\u00edkisv\u00edsu, var samhli\u00f0a til daglegt s\u00f3larhelgihald sem a\u00f0 hluta lifir enn \u00ed dag \u00ed \u00feorpum h\u00e1lendisins \u00ed Cusco og B\u00f3liv\u00edu. \u00dea\u00f0 ver\u00f0ur ekki skili\u00f0 \u00ed lj\u00f3si n\u00fat\u00edma \u00e1hrifafyrirheita, heldur endurspeglar \u00fea\u00f0 \u00e1kve\u00f0na tr\u00faarlega skynjunarhef\u00f0.<\/p><p>Catherine Allen (<em>The Hold Life Has<\/em>, 2002) l\u00fdsir \u00fev\u00ed fyrir \u00feorpi\u00f0 Sonqo hvernig eldri konur opna dyrnar \u00ed austur\u00e1tt \u00e1 morgnana og strj\u00faka fyrstu s\u00f3largeislunum yfir h\u00f6fu\u00f0 s\u00e9r, me\u00f0an \u00fe\u00e6r muldra \u00e1 kech\u00faa og bi\u00f0ja Inti um <em>samay<\/em> (l\u00edfsandann).<\/p><p>\u00cd Inka-t\u00edma i\u00f0kun notu\u00f0u prestar gullna spegla til a\u00f0 einbeita s\u00f3larlj\u00f3sinu og kveikja hi\u00f0 helga eldslys vi\u00f0 <span class=\"iwg-fachbegriff\" data-tooltip=\"Upph\u00e6kka\u00f0ur sta\u00f0ur e\u00f0a bor\u00f0 fyrir f\u00f3rnir og tr\u00faarathafnir.\" tabindex=\"0\">altari\u00f0<\/span> vi\u00f0 Coricancha. Cobo greinir fr\u00e1 sl\u00edku \u00e1haldi me\u00f0 f\u00e6g\u00f0um \u00edhvolfum speglum.<\/p><p><span class=\"iwg-fachbegriff\" data-tooltip=\"\u00d3heillaf\u00e6landi: um t\u00e1kn og hluti sem \u00e6tla\u00f0 er a\u00f0 halda ska\u00f0legum \u00e1hrifum \u00ed fjarl\u00e6g\u00f0.\" tabindex=\"0\">Fr\u00e1hrindandi<\/span> gegn n\u00e6turv\u00e1, s\u00e9rstaklega gegn illum \u00f6ndum sem \u00ed <span class=\"iwg-fachbegriff\" data-tooltip=\"Hef\u00f0bundin fr\u00e1s\u00f6gn um gu\u00f0i, uppruna og skipulag heimsins.\" tabindex=\"0\">go\u00f0s\u00f6gninni<\/span> eru kalla\u00f0ir <em>supay<\/em> (sj\u00e1 <a href=\"https:\/\/iwell-guard.com\/is\/?page_id=168925\">Supay<\/a>), voru s\u00f3lverndargripir \u00far gullbl\u00f6\u00f0um sem bornir voru \u00e1 brj\u00f3sti, \u00fdmist sem <em>chacana<\/em> e\u00f0a sem hringlaga eftirmyndir af Punchao.<\/p><p>Tr\u00faarfr\u00e6\u00f0ilega mikilv\u00e6gt er a\u00f0 \u00feessar athafnir voru ekki skildar sem galdravald, heldur sem <em>ayni<\/em>, gagnkv\u00e6m skuldbindingartengsl. S\u00e1 sem heilsar s\u00f3linni \u00e1 morgnana sta\u00f0setur sig \u00ed hinu gagnkv\u00e6ma neti sem, samkv\u00e6mt and\u00edskum hugmyndum, tengir mann, forfe\u00f0ur, fj\u00f6ll og himintungl.<\/p><p>Tr\u00faar\u00fej\u00f3\u00f0fr\u00e6\u00f0ingurinn Frank Salomon hefur \u00ed <em>The Cord Keepers<\/em> (2004) s\u00fdnt fram \u00e1 hvernig \u00feessi gagnkv\u00e6ma r\u00f6kfr\u00e6\u00f0i n\u00e6r enn inn \u00ed kech\u00faasamf\u00e9l\u00f6g n\u00fat\u00edmans.<\/p>\t\t\t\t\t\t\t\t<\/div>\n\t\t\t\t<\/div>\n\t\t\t\t\t<\/div>\n\t\t\t\t<\/div>\n\t\t<div class=\"elementor-element elementor-element-iwgw-inti-s6 e-flex e-con-boxed e-con e-parent\" data-id=\"iwgw-inti-s6\" data-element_type=\"container\" data-e-type=\"container\">\n\t\t\t\t\t<div class=\"e-con-inner\">\n\t\t\t\t<div class=\"elementor-element elementor-element-iwgw-inti-s6h elementor-widget elementor-widget-heading\" data-id=\"iwgw-inti-s6h\" data-element_type=\"widget\" data-e-type=\"widget\" data-widget_type=\"heading.default\">\n\t\t\t\t\t<h2 class=\"elementor-heading-title elementor-size-default\">Hli\u00f0st\u00e6\u00f0ur \u00ed \u00f6\u00f0rum menningarheimum<\/h2>\t\t\t\t<\/div>\n\t\t<div class=\"elementor-element elementor-element-iwgw-inti-s6c e-con-full e-flex e-con e-child\" data-id=\"iwgw-inti-s6c\" data-element_type=\"container\" data-e-type=\"container\">\n\t\t\t\t<div class=\"elementor-element elementor-element-iwgw-inti-s6t elementor-widget elementor-widget-text-editor\" data-id=\"iwgw-inti-s6t\" data-element_type=\"widget\" data-e-type=\"widget\" data-widget_type=\"text-editor.default\">\n\t\t\t\t\t\t\t\t\t<p>V\u00edsindaleg samanbur\u00f0arranns\u00f3kn hefur allt fr\u00e1 Eduard Seler og Konrad Theodor Preuss \u00edtreka\u00f0 dregi\u00f0 fram hli\u00f0st\u00e6\u00f0ur milli Inti og annarra konungslegra s\u00f3ld\u00fdrkunargu\u00f0fr\u00e6\u00f0a. S\u00e9rlega \u00e1berandi eru byggingarlegar l\u00edkingar vi\u00f0 hina fornegyptsku Re- e\u00f0a Aton-<span class=\"iwg-fachbegriff\" data-tooltip=\"\u00d6ll tr\u00faarleg d\u00fdrkunarath\u00f6fn tileinku\u00f0 gu\u00f0i e\u00f0a heilagri v\u00e6ttum.\" tabindex=\"0\">d\u00fdrkun<\/span>, vi\u00f0 jap\u00f6nsku Amaterasu-<span class=\"iwg-fachbegriff\" data-tooltip=\"\u00d6ll tr\u00faarleg d\u00fdrkunarath\u00f6fn tileinku\u00f0 gu\u00f0i e\u00f0a heilagri v\u00e6ttum.\" tabindex=\"0\">d\u00fdrkunina<\/span> Yamato-\u00e6ttarveldisins og vi\u00f0 r\u00f3mversku <em>Sol Invictus<\/em>&#8211;<span class=\"iwg-fachbegriff\" data-tooltip=\"V\u00edsindaleg fr\u00e6\u00f0i um gu\u00f0 og tr\u00fa innan tr\u00faarbrag\u00f0a.\" tabindex=\"0\">gu\u00f0fr\u00e6\u00f0ina<\/span> \u00e1 3. \u00f6ld.<\/p><p>\u00cd \u00f6llum \u00feessum tilvikum birtist s\u00f3lin sem trygging fyrir konungs\u00e6tt, sem t\u00edmatalslegt kjarnaatri\u00f0i og sem myndr\u00e6nt yfirgn\u00e6fandi \u00fe\u00e1ttur r\u00edkislistar. Franski tr\u00faarbrag\u00f0asagnfr\u00e6\u00f0ingurinn Henri Frankfort l\u00fdsti \u00ed <em>Kingship and the Gods<\/em> (1948) byggingarmynstri hins gu\u00f0lega konungd\u00f3ms, \u00fear sem Inti, Re og Amaterasu gegna hlutverkslega samb\u00e6rilegum st\u00f6\u00f0um.<\/p><p>Mikilv\u00e6gt er \u00fe\u00f3 a\u00f0 hafa \u00ed huga a\u00f0 mynstur Frankforts felur ekki \u00ed s\u00e9r a\u00f0 nokkur \u00e6ttfr\u00e6\u00f0ilegur tengsl s\u00e9u milli \u00feessara s\u00f3ld\u00fdrkunargu\u00f0fr\u00e6\u00f0a, heldur er um samleitna \u00fer\u00f3un a\u00f0 r\u00e6\u00f0a undir svipu\u00f0um samf\u00e9lagslegum skilyr\u00f0um landb\u00fana\u00f0arbundinnar h\u00e1st\u00e9ttamenningar.<\/p><p>Innan Amer\u00edku s\u00fdnir Inti sk\u00fdrar hli\u00f0st\u00e6\u00f0ur vi\u00f0 aztekska gu\u00f0inn Huitzilopochtli og s\u00f3lgu\u00f0inn Tonatiuh \u00ed Mes\u00f3amer\u00edku, \u00e1n \u00feess a\u00f0 unnt s\u00e9 a\u00f0 sanna nokkur bein snerting menningarheimanna fyrir 1532. And\u00edsk menningarsv\u00e6\u00f0i voru a\u00f0 mestu leyti einangru\u00f0. \u00c1 v\u00ed\u00f0ara amer\u00edsku sv\u00e6\u00f0i er hin s\u00f3larlega h\u00f6fu\u00f0vera minna \u00e1berandi: Me\u00f0al nor\u00f0uramer\u00edsku Lak\u00f3ta myndar <a href=\"https:\/\/iwell-guard.com\/is\/?page_id=168929\">Wakan Tanka<\/a> heldur v\u00ed\u00f0t\u00e6kari, s\u00ed\u00f0ur s\u00e9rlega s\u00f3larlega yfirv\u00e6ru.<\/p>\t\t\t\t\t\t\t\t<\/div>\n\t\t\t\t<\/div>\n\t\t\t\t\t<\/div>\n\t\t\t\t<\/div>\n\t\t<div class=\"elementor-element elementor-element-iwgw-inti-s7 e-flex e-con-boxed e-con e-parent\" data-id=\"iwgw-inti-s7\" data-element_type=\"container\" data-e-type=\"container\">\n\t\t\t\t\t<div class=\"e-con-inner\">\n\t\t\t\t<div class=\"elementor-element elementor-element-iwgw-inti-s7h elementor-widget elementor-widget-heading\" data-id=\"iwgw-inti-s7h\" data-element_type=\"widget\" data-e-type=\"widget\" data-widget_type=\"heading.default\">\n\t\t\t\t\t<h2 class=\"elementor-heading-title elementor-size-default\">N\u00fat\u00edmavi\u00f0t\u00f6kur og ranns\u00f3knir<\/h2>\t\t\t\t<\/div>\n\t\t<div class=\"elementor-element elementor-element-iwgw-inti-s7c e-con-full e-flex e-con e-child\" data-id=\"iwgw-inti-s7c\" data-element_type=\"container\" data-e-type=\"container\">\n\t\t\t\t<div class=\"elementor-element elementor-element-iwgw-inti-s7t elementor-widget elementor-widget-text-editor\" data-id=\"iwgw-inti-s7t\" data-element_type=\"widget\" data-e-type=\"widget\" data-widget_type=\"text-editor.default\">\n\t\t\t\t\t\t\t\t\t<p>Eftir landvinningana 1532 var r\u00edkisreknum Inti-<span class=\"iwg-fachbegriff\" data-tooltip=\"Heild tr\u00faarlegra tilbei\u00f0sluathafna sem tengjast gu\u00f0i e\u00f0a heilagri vera.\" tabindex=\"0\">helgisi\u00f0num<\/span> (Kult) 1572 markvisst b\u00e6lt ni\u00f0ur af sp\u00e6nsku n\u00fdlendustj\u00f3rninni. Erkibiskup Bartholom\u00e9 Lobo Guerrero og eftirlitsma\u00f0ur hans Francisco de \u00c1vila st\u00fdr\u00f0u umfangsmiklum <em>extirpaci\u00f3n de idolatr\u00edas<\/em>-herfer\u00f0um \u00e1 1610 og 1620 \u00e1ratugnum, sem leiddu til \u00feess a\u00f0 \u00fe\u00fasundir huaca-helgista\u00f0a voru ey\u00f0ilag\u00f0ir.<\/p><p>\u00der\u00e1tt fyrir \u00feetta lif\u00f0i s\u00f3lard\u00fdrkunin \u00e1fram \u00ed formi \u00fej\u00f3\u00f0tr\u00faar, me\u00f0al annars \u00ed fjallag\u00f6ngunum <em>Qoyllur Rit&#8217;i<\/em> n\u00e1l\u00e6gt Cusco, \u00fear sem s\u00ed\u00f0asti morgun\u00edsinn \u00e1 j\u00f6klinum (sem n\u00fa hefur hopa\u00f0 verulega vegna loftslagsbreytinga) er skilinn sem birtingarmynd Intis.<\/p><p>Fr\u00e1 \u00e1rinu 1944 hefur h\u00e1t\u00ed\u00f0in <em>Inti Raymi<\/em> veri\u00f0 haldin \u00e1rlega \u00ed Cusco 24. j\u00fan\u00ed, endurger\u00f0 \u00fej\u00f3\u00f0h\u00e1t\u00ed\u00f0 sem fer fram \u00ed virkinu Sacsayhuam\u00e1n.<\/p><p>Svi\u00f0setningin \u00e1 r\u00e6tur a\u00f0 rekja til per\u00faska rith\u00f6fundarins Faustino Espinoza Navarro og byggir a\u00f0 mestu \u00e1 fr\u00e1s\u00f6gnum Garcilaso de la Vega. H\u00fan hefur talsvert fer\u00f0amannalegt yfirbrag\u00f0, en er samt\u00edmis akkeri fyrir endurfundna frumbyggjaeinkenni (<em>movimiento indigenista<\/em>).<\/p><p>\u00cd fr\u00e6\u00f0ilegum ranns\u00f3knum \u00ed dag er \u00e1herslan minni \u00e1 hinn einsleita Inti-<span class=\"iwg-fachbegriff\" data-tooltip=\"Heild tr\u00faarlegra tilbei\u00f0sluathafna sem tengjast gu\u00f0i e\u00f0a heilagri vera.\" tabindex=\"0\">helgisi\u00f0<\/span> en \u00e1 spurninguna um sta\u00f0bundna tr\u00faari\u00f0kun.<\/p><p>Frank Salomon, Tom Zuidema, Catherine Allen, Sabine MacCormack (<em>Religion in the Andes<\/em>, 1991) og Brian Bauer (<em>The Sacred Landscape of the Inca<\/em>, 1998) hafa s\u00fdnt hvernig r\u00edkisrekin s\u00f3lard\u00fdrkun bygg\u00f0ist \u00e1 \u00fe\u00e9ttu neti sta\u00f0bundinna huaca-helgista\u00f0a og apu-fjallad\u00fdrkunar og h\u00e9lt \u00e1fram \u00ed sambl\u00f6ndu\u00f0u formi eftir 1532.<\/p><p>N\u00fdlegar fornstj\u00f6rnufr\u00e6\u00f0ilegar ranns\u00f3knir \u00e1 steinhelgist\u00f6\u00f0um eins og Machu Picchu (Reinhard 2007, Ziegler 2015) f\u00e1gar \u00feessa mynd st\u00f6\u00f0ugt frekar.<\/p>\t\t\t\t\t\t\t\t<\/div>\n\t\t\t\t<\/div>\n\t\t\t\t\t<\/div>\n\t\t\t\t<\/div>\n\t\t<div class=\"elementor-element elementor-element-iwgw-inti-s8 e-flex e-con-boxed e-con e-parent\" data-id=\"iwgw-inti-s8\" data-element_type=\"container\" data-e-type=\"container\">\n\t\t\t\t\t<div class=\"e-con-inner\">\n\t\t\t\t<div class=\"elementor-element elementor-element-iwgw-inti-s8h elementor-widget elementor-widget-heading\" data-id=\"iwgw-inti-s8h\" data-element_type=\"widget\" data-e-type=\"widget\" data-widget_type=\"heading.default\">\n\t\t\t\t\t<h2 class=\"elementor-heading-title elementor-size-default\">Heimildir og b\u00f3kmenntir<\/h2>\t\t\t\t<\/div>\n\t\t<div class=\"elementor-element elementor-element-iwgw-inti-s8c e-con-full e-flex e-con e-child\" data-id=\"iwgw-inti-s8c\" data-element_type=\"container\" data-e-type=\"container\">\n\t\t\t\t<div class=\"elementor-element elementor-element-iwgw-inti-s8t elementor-widget elementor-widget-text-editor\" data-id=\"iwgw-inti-s8t\" data-element_type=\"widget\" data-e-type=\"widget\" data-widget_type=\"text-editor.default\">\n\t\t\t\t\t\t\t\t\t<p>Eftirfarandi \u00farval s\u00fdnir helstu s\u00f6guleg frumg\u00f6gn og n\u00fat\u00edma v\u00edsindalegar ranns\u00f3knir \u00e1 Inti-<span class=\"iwg-fachbegriff\" data-tooltip=\"Heild tr\u00faarlegra tilbei\u00f0sluathafna sem tengjast gu\u00f0i e\u00f0a heilagri vera.\" tabindex=\"0\">helgisi\u00f0num<\/span> \u00ed Inkaveldinu. \u00dea\u00f0 spannar fr\u00e1 n\u00fdlendut\u00edmakr\u00f3nikum 16. og 17. aldar til verka n\u00fat\u00edma Anda\u00fej\u00f3\u00f0fr\u00e6\u00f0i og <span class=\"iwg-fachbegriff\" data-tooltip=\"V\u00edsindagrein sem rannsakar fyrri menningarsamf\u00e9l\u00f6g \u00e1 grundvelli \u00e1\u00fereifanlegra fundargripa.\" tabindex=\"0\">fornleifafr\u00e6\u00f0i<\/span>.<\/p>\t\t\t\t\t\t\t\t<\/div>\n\t\t\t\t<\/div>\n\t\t\t\t\t<\/div>\n\t\t\t\t<\/div>\n\t\t<div class=\"elementor-element elementor-element-cp2e221a20 e-flex e-con-boxed e-con e-parent\" data-id=\"cp2e221a20\" data-element_type=\"container\" data-e-type=\"container\">\n\t\t\t\t\t<div class=\"e-con-inner\">\n\t\t\t\t<div class=\"elementor-element elementor-element-cp28758ced elementor-widget elementor-widget-heading\" data-id=\"cp28758ced\" data-element_type=\"widget\" data-e-type=\"widget\" data-widget_type=\"heading.default\">\n\t\t\t\t\t<h2 class=\"elementor-heading-title elementor-size-default\">Inti Raymi sem r\u00edkish\u00e1t\u00ed\u00f0 Inkaveldisins<\/h2>\t\t\t\t<\/div>\n\t\t<div class=\"elementor-element elementor-element-cp264cc543 e-flex e-con-boxed e-con e-child\" data-id=\"cp264cc543\" data-element_type=\"container\" data-e-type=\"container\">\n\t\t\t\t\t<div class=\"e-con-inner\">\n\t\t\t\t<div class=\"elementor-element elementor-element-cp2c0825f5 elementor-widget elementor-widget-text-editor\" data-id=\"cp2c0825f5\" data-element_type=\"widget\" data-e-type=\"widget\" data-widget_type=\"text-editor.default\">\n\t\t\t\t\t\t\t\t\t<p>Mikilv\u00e6gasta var\u00f0veitta h\u00e1t\u00ed\u00f0 s\u00f3lard\u00fdrkunarins var <em>Inti Raymi<\/em>, sem haldin var vi\u00f0 vetrars\u00f3lst\u00f6\u00f0ur \u00ed j\u00fan\u00ed \u00ed Cusco.<\/p><p>H\u00fan er fyrst og fremst \u00feekkt af l\u00fdsingu kr\u00f3nikuritarans Crist\u00f3bal de Molina fr\u00e1 Cusco, sem skr\u00e1\u00f0i h\u00e1t\u00ed\u00f0ir Inka \u00e1 1570 \u00e1ratugnum, auk uppl\u00fdsinga fr\u00e1 Garcilaso de la Vega og Bernab\u00e9 Cobo. H\u00e1t\u00ed\u00f0in marka\u00f0i upphaf n\u00fds \u00e1rshrings og tengdi saman s\u00f3lina, gr\u00f3\u00f0urmagn landsins og v\u00f6ld Inkans.<\/p><p>Samkv\u00e6mt kr\u00f3nikunum kom a\u00f0alsf\u00f3lki\u00f0 saman \u00e1 mi\u00f0torgi Cusco. Lamad\u00fdr voru f\u00f3rnu\u00f0, ma\u00eds og ma\u00edsbj\u00f3r var bori\u00f0 fram og s\u00f3lin d\u00fdrku\u00f0 \u00ed <span class=\"iwg-fachbegriff\" data-tooltip=\"H\u00e1t\u00ed\u00f0leg ath\u00f6fn sem fer fram eftir f\u00f6stum reglum.\" tabindex=\"0\">helgiath\u00f6fn<\/span> \u00fear sem Inkinn, sem sonur s\u00f3larinnar, haf\u00f0i s\u00e9rstakt hlutverk.<\/p><p>H\u00e1t\u00ed\u00f0in \u00fej\u00f3na\u00f0i \u00fev\u00ed b\u00e6\u00f0i tr\u00faarlegri tilbei\u00f0slu og sta\u00f0festingu hinnar p\u00f3lit\u00edsku skipulagsheildar. Sp\u00e6nska n\u00fdlendustj\u00f3rnin banned h\u00e1t\u00ed\u00f0ina \u00ed lok 16. aldar sem skur\u00f0go\u00f0ad\u00fdrkun.<\/p><p>N\u00faverandi <em>Inti Raymi<\/em>, sem haldin hefur veri\u00f0 \u00e1rlega \u00ed Cusco fr\u00e1 1944, er ekki \u00f3rofin \u00e1framhaldandi hef\u00f0, heldur n\u00fat\u00edma endurger\u00f0. H\u00fan \u00e1 r\u00e6tur a\u00f0 rekja til framtaks rith\u00f6fundarins og frumbyggjasinnans Faustino Espinoza Navarro og byggir a\u00f0 mestu \u00e1 texta Garcilaso.<\/p><p>Ranns\u00f3knir tengja n\u00fat\u00edma h\u00e1t\u00ed\u00f0ina vi\u00f0 per\u00faska indigenismo-hreyfingu 20. aldar, hreyfingu sem lag\u00f0i \u00e1herslu \u00e1 arfleif\u00f0 Inka sem grundv\u00f6ll \u00fej\u00f3\u00f0areinkenni. \u00deetta er \u00fev\u00ed vel skjalfest tilvik \u00fear sem fork\u00f3lumb\u00edsk <span class=\"iwg-fachbegriff\" data-tooltip=\"Skipul\u00f6g\u00f0 atbur\u00f0ar\u00e1s t\u00e1knr\u00e6nna athafna me\u00f0 tr\u00faarlega e\u00f0a menningarlega merkingu.\" tabindex=\"0\">helgiath\u00f6fn<\/span> var endursk\u00f6pu\u00f0 \u00far kr\u00f3nikum og var\u00f0 hluti af n\u00fat\u00edma einkennisvitund, \u00e1n \u00feess a\u00f0 \u00f3rofin tr\u00faarleg <span class=\"iwg-fachbegriff\" data-tooltip=\"Yfirf\u00e6rsla \u00feekkingar og fr\u00e1sagna milli kynsl\u00f3\u00f0a.\" tabindex=\"0\">munnm\u00e6lahef\u00f0<\/span> hafi var\u00f0veist.<\/p>\t\t\t\t\t\t\t\t<\/div>\n\t\t\t\t\t<\/div>\n\t\t\t\t<\/div>\n\t\t\t\t\t<\/div>\n\t\t\t\t<\/div>\n\t\t<div class=\"elementor-element elementor-element-cp220ba088 e-flex e-con-boxed e-con e-parent\" data-id=\"cp220ba088\" data-element_type=\"container\" data-e-type=\"container\">\n\t\t\t\t\t<div class=\"e-con-inner\">\n\t\t\t\t<div class=\"elementor-element elementor-element-cp2dc475fc elementor-widget elementor-widget-heading\" data-id=\"cp2dc475fc\" data-element_type=\"widget\" data-e-type=\"widget\" data-widget_type=\"heading.default\">\n\t\t\t\t\t<h2 class=\"elementor-heading-title elementor-size-default\">Coricancha og \u00e1\u00fereifanleg arfleif\u00f0 s\u00f3lard\u00fdrkunarins<\/h2>\t\t\t\t<\/div>\n\t\t<div class=\"elementor-element elementor-element-cp259331e8 e-flex e-con-boxed e-con e-child\" data-id=\"cp259331e8\" data-element_type=\"container\" data-e-type=\"container\">\n\t\t\t\t\t<div class=\"e-con-inner\">\n\t\t\t\t<div class=\"elementor-element elementor-element-cp2dcafdd8 elementor-widget elementor-widget-text-editor\" data-id=\"cp2dcafdd8\" data-element_type=\"widget\" data-e-type=\"widget\" data-widget_type=\"text-editor.default\">\n\t\t\t\t\t\t\t\t\t<p>A\u00f0al<span class=\"iwg-fachbegriff\" data-tooltip=\"Heilagur sta\u00f0ur tileinka\u00f0ur tilbei\u00f0slu gu\u00f0s.\" tabindex=\"0\">helgista\u00f0ur<\/span> s\u00f3lgu\u00f0sins var <em>Coricancha<\/em> \u00ed Cusco, en nafni\u00f0 m\u00e1 \u00fe\u00fd\u00f0a sem gullgar\u00f0ur e\u00f0a gullinn gir\u00f0ingarh\u00f3lf. Sp\u00e6nskar frumheimildir l\u00fdsa honum sem r\u00edkulega skreyttum gulli, me\u00f0 veggjum sem a\u00f0 hluta voru kl\u00e6ddir gullpl\u00f6tum.<\/p><p>Eftir landvinningana var gulli\u00f0 br\u00e6tt ni\u00f0ur og \u00e1 grunni helgista\u00f0arins reistu Sp\u00e1nverjar klaustri\u00f0 Santo Domingo. Hinn mass\u00edfi Inka-steinveggur er var\u00f0veittur til dagsins \u00ed dag og s\u00fdnilegur \u00ed borgarmynd Cusco.<\/p><p>Fyrir v\u00edsindalega greiningu er <em>Coricancha<\/em> mikilv\u00e6gur vegna \u00feess a\u00f0 hann er sjaldg\u00e6ft tilvik \u00fear sem skriflegar frumheimildir og byggingarleifar koma saman. Var\u00f0veitt byggingarlistin gerir kleift a\u00f0 draga \u00e1lyktanir um skipulag r\u00fdma, jafnvel \u00fe\u00f3tt n\u00e1kv\u00e6m virkni einstakra sv\u00e6\u00f0a s\u00e9 umdeild.<\/p><p>Me\u00f0al umr\u00e6\u00f0uefna er a\u00f0 \u00ed <em>Coricancha<\/em> hafi ekki a\u00f0eins s\u00f3lin veri\u00f0 til h\u00fasa, heldur nokkrir gu\u00f0ir og einnig m\u00famger\u00f0ar l\u00edkamsleifar l\u00e1tinna lei\u00f0toga.<\/p><p>Stj\u00f6rnufr\u00e6\u00f0ingurinn og mannfr\u00e6\u00f0ingurinn R. T. Zuidema hefur \u00ed fj\u00f6lda verka haldi\u00f0 fram \u00feeirri kenningu a\u00f0 fr\u00e1 <em>Coricancha<\/em> hafi legi\u00f0 kerfi hugsa\u00f0ra l\u00edna, svokalla\u00f0ra <em>ceque<\/em>, sem tengdu saman fj\u00f6lda helgista\u00f0a \u00ed n\u00e1grenni Cusco. \u00deessar l\u00ednur eru sag\u00f0ar hafa haft b\u00e6\u00f0i helgisi\u00f0alegt og t\u00edmatalslegt hlutverk.<\/p><p>Kenningin er \u00e1hrifamikil en ekki \u00f3umdeild, \u00fev\u00ed h\u00fan byggir a\u00f0 mestu \u00e1 lista Bernab\u00e9 Cobo yfir helgista\u00f0i, en t\u00falkun hans er umdeild. <em>Coricancha<\/em> er \u00fev\u00ed \u00e1fram mikilv\u00e6gur en a\u00f0eins a\u00f0 hluta rannsaka\u00f0ur vi\u00f0mi\u00f0unarpunktur fyrir skilning \u00e1 s\u00f3lard\u00fdrkuninni.<\/p>\t\t\t\t\t\t\t\t<\/div>\n\t\t\t\t\t<\/div>\n\t\t\t\t<\/div>\n\t\t\t\t\t<\/div>\n\t\t\t\t<\/div>\n\t\t<div class=\"elementor-element elementor-element-iwgw-inti-lit e-flex e-con-boxed e-con e-parent\" data-id=\"iwgw-inti-lit\" data-element_type=\"container\" data-e-type=\"container\">\n\t\t\t\t\t<div class=\"e-con-inner\">\n\t\t\t\t<div class=\"elementor-element elementor-element-iwgw-inti-lith elementor-widget elementor-widget-heading\" data-id=\"iwgw-inti-lith\" data-element_type=\"widget\" data-e-type=\"widget\" data-widget_type=\"heading.default\">\n\t\t\t\t\t<h2 class=\"elementor-heading-title elementor-size-default\">Heimildir (\u00farval)<\/h2>\t\t\t\t<\/div>\n\t\t<div class=\"elementor-element elementor-element-iwgw-inti-litc e-con-full e-flex e-con e-child\" data-id=\"iwgw-inti-litc\" data-element_type=\"container\" data-e-type=\"container\">\n\t\t\t\t<div class=\"elementor-element elementor-element-iwgw-inti-litt elementor-widget elementor-widget-text-editor\" data-id=\"iwgw-inti-litt\" data-element_type=\"widget\" data-e-type=\"widget\" data-widget_type=\"text-editor.default\">\n\t\t\t\t\t\t\t\t\t<ul><li>Garcilaso de la Vega: <em>Comentarios Reales de los Incas<\/em> (1609)<\/li><li>Bernabe Cobo: <em>Historia del Nuevo Mundo<\/em> (1653)<\/li><li>Catherine Allen: <em>The Hold Life Has<\/em> (2002)<\/li><li>Tom Zuidema: <em>The Ceque System of Cuzco<\/em> (1964)<\/li><li>Sabine MacCormack: <em>Religion in the Andes<\/em> (1991)<\/li><li>Brian Bauer: <em>The Sacred Landscape of the Inca<\/em> (1998)<\/li><li>Teresa Gisbert: <em>Iconografia y mitos indigenas en el arte<\/em> (1980)<\/li><\/ul>\t\t\t\t\t\t\t\t<\/div>\n\t\t\t\t<\/div>\n\t\t\t\t\t<\/div>\n\t\t\t\t<\/div>\n\t\t<div class=\"elementor-element elementor-element-iwgkw2-add-inti e-flex e-con-boxed e-con e-parent\" data-id=\"iwgkw2-add-inti\" data-element_type=\"container\" data-e-type=\"container\">\n\t\t\t\t\t<div class=\"e-con-inner\">\n\t\t\t\t<div class=\"elementor-element elementor-element-iwgkw2-add-inti-t elementor-widget elementor-widget-text-editor\" data-id=\"iwgkw2-add-inti-t\" data-element_type=\"widget\" data-e-type=\"widget\" data-widget_type=\"text-editor.default\">\n\t\t\t\t\t\t\t\t\t<p>Sem <strong>forfa\u00f0ir<\/strong> Inka-h\u00f6f\u00f0ingjanna sta\u00f0festi Inti hina konunglegu \u00e6tt Cusco og tengdi hina p\u00f3lit\u00edsku mi\u00f0st\u00f6\u00f0 r\u00edkisins vi\u00f0 go\u00f0s\u00f6gulega sk\u00f6punar- og upprunas\u00f6gu.<\/p>\t\t\t\t\t\t\t\t<\/div>\n\t\t\t\t\t<\/div>\n\t\t\t\t<\/div>\n\t\t<div class=\"elementor-element elementor-element-iwgw-inti-kwd e-flex e-con-boxed e-con e-parent\" data-id=\"iwgw-inti-kwd\" data-element_type=\"container\" data-e-type=\"container\">\n\t\t\t\t\t<div class=\"e-con-inner\">\n\t\t<div class=\"elementor-element elementor-element-iwgw-inti-kwdc e-con-full e-flex e-con e-child\" data-id=\"iwgw-inti-kwdc\" data-element_type=\"container\" data-e-type=\"container\">\n\t\t\t\t<div class=\"elementor-element elementor-element-iwgw-inti-kwdt elementor-widget elementor-widget-text-editor\" data-id=\"iwgw-inti-kwdt\" data-element_type=\"widget\" data-e-type=\"widget\" data-widget_type=\"text-editor.default\">\n\t\t\t\t\t\t\t\t\t<p><em>Tengd lykilhugt\u00f6k: Inti Quechua Capac Inti Raymi Cusco Coricancha Pachakuti Punchao Tawantinsuyu.<\/em><\/p>\t\t\t\t\t\t\t\t<\/div>\n\t\t\t\t<\/div>\n\t\t\t\t\t<\/div>\n\t\t\t\t<\/div>\n\t\t<div class=\"elementor-element elementor-element-iwgw-inti-cc e-flex e-con-boxed e-con e-parent\" data-id=\"iwgw-inti-cc\" data-element_type=\"container\" data-e-type=\"container\" id=\"iwg-cc-inti\">\n\t\t\t\t\t<div class=\"e-con-inner\">\n\t\t<div class=\"elementor-element elementor-element-iwgw-inti-ccinner e-flex e-con-boxed e-con e-parent\" data-id=\"iwgw-inti-ccinner\" data-element_type=\"container\" data-e-type=\"container\" data-settings=\"{&quot;background_background&quot;:&quot;classic&quot;}\">\n\t\t\t\t\t<div class=\"e-con-inner\">\n\t\t\t\t<div class=\"elementor-element elementor-element-iwgw-inti-cch elementor-widget elementor-widget-heading\" data-id=\"iwgw-inti-cch\" data-element_type=\"widget\" data-e-type=\"widget\" data-widget_type=\"heading.default\">\n\t\t\t\t\t<h2 class=\"elementor-heading-title elementor-size-default\">iWell Guard og verndarhef\u00f0ir<\/h2>\t\t\t\t<\/div>\n\t\t\t\t<div class=\"elementor-element elementor-element-iwgw-inti-cct elementor-widget elementor-widget-text-editor\" data-id=\"iwgw-inti-cct\" data-element_type=\"widget\" data-e-type=\"widget\" data-widget_type=\"text-editor.default\">\n\t\t\t\t\t\t\t\t\t<div data-nosnippet=\"true\"><p>iWell Guard byggir \u00e1 menningars\u00f6gulegri hef\u00f0 verndargripa sem bor\u00f0ir eru \u00e1 l\u00edkamanum, \u00ed hef\u00f0 <a href=\"https:\/\/iwell-guard.com\/is\/?page_id=168909\">Andesfjalla \/ Inka<\/a> og margra annarra menningarheima um allan heim. 41 lag, ekta gull, plat\u00edna, silfur, framleitt \u00ed \u00de\u00fdskalandi. 30 daga skilar\u00e9tt.<\/p><\/div>\t\t\t\t\t\t\t\t<\/div>\n\t\t\t\t<div class=\"elementor-element elementor-element-iwgw-inti-ccb iwg-cc-button iwg-cc-cta-2026-05-13 elementor-widget elementor-widget-jet-button\" data-id=\"iwgw-inti-ccb\" data-element_type=\"widget\" data-e-type=\"widget\" data-widget_type=\"jet-button.default\">\n\t\t\t\t<div class=\"elementor-widget-container\">\n\t\t\t\t\t<div class=\"elementor-jet-button jet-elements\"><div class=\"jet-button__container\"><a class=\"jet-button__instance jet-button__instance--icon-left hover-effect-1\" href=\"\/ueber-iwell-guard\/?utm_source=iwell-guard.com&amp;utm_medium=info-box&amp;utm_campaign=wesen-tradition\"><div class=\"jet-button__plane jet-button__plane-normal\"><\/div><div class=\"jet-button__plane jet-button__plane-hover\"><\/div><div class=\"jet-button__state jet-button__state-normal\"><span class=\"jet-button__label\">Meira um iWell Guard<\/span><\/div><div class=\"jet-button__state jet-button__state-hover\"><span class=\"jet-button__label\">Meira um iWell Guard<\/span><\/div><\/a><\/div><\/div><style>.elementor-element.elementor-element-iwgw-inti-ccb .jet-button__instance{width:320px;height:56px;}.elementor-element.elementor-element-iwgw-inti-ccb .jet-button__state-normal .jet-button__label{text-align:center;margin:0px 0px 0px 0px;color:#1a1b20;font-family:Montserrat,sans-serif;font-size:13px;font-weight:400;letter-spacing:4px;line-height:1.714em;text-transform:uppercase;}.elementor-element.elementor-element-iwgw-inti-ccb .jet-button__state-hover .jet-button__label{text-align:center;margin:0px 0px 0px 0px;color:#FECC76;font-family:Montserrat,sans-serif;font-size:13px;font-weight:400;letter-spacing:4px;line-height:1.714em;text-transform:uppercase;}.elementor-element.elementor-element-iwgw-inti-ccb .jet-button__plane-normal{background-color:#FECC76;border-style:solid;border-color:#C99540;border-width:2px 2px 2px 2px;}.elementor-element.elementor-element-iwgw-inti-ccb .jet-button__plane-hover{background-color:rgba(0,0,0,0.55);border-style:solid;border-color:#FECC76;border-width:2px 2px 2px 2px;}<\/style>\t\t\t\t<\/div>\n\t\t\t\t<\/div>\n\t\t\t\t<div class=\"elementor-element elementor-element-iwgw-inti-ccd elementor-widget elementor-widget-text-editor\" data-id=\"iwgw-inti-ccd\" data-element_type=\"widget\" data-e-type=\"widget\" data-widget_type=\"text-editor.default\">\n\t\t\t\t\t\t\t\t\t<div data-nosnippet=\"true\"><p style=\"text-align:center;font-size:13px;opacity:0.7;margin-top:14px\" data-nosnippet=\"true\">Pers\u00f3nuleg reynsla getur veri\u00f0 mismunandi. Ekki l\u00e6kningat\u00e6ki. Engin lofor\u00f0 um l\u00e6kningu.<\/p><\/div>\t\t\t\t\t\t\t\t<\/div>\n\t\t\t\t\t<\/div>\n\t\t\t\t<\/div>\n\t\t\t\t\t<\/div>\n\t\t\t\t<\/div>\n\t\t<div class=\"elementor-element elementor-element-iwgw-inti-disc e-flex e-con-boxed e-con e-parent\" data-id=\"iwgw-inti-disc\" data-element_type=\"container\" data-e-type=\"container\">\n\t\t\t\t\t<div class=\"e-con-inner\">\n\t\t\t\t<div class=\"elementor-element elementor-element-iwgw-inti-discw elementor-widget elementor-widget-html\" data-id=\"iwgw-inti-discw\" data-element_type=\"widget\" data-e-type=\"widget\" data-widget_type=\"html.default\">\n\t\t\t\t\t<footer data-nosnippet=\"true\" class=\"iwg-disclaimer-block\"><p data-nosnippet=\"true\">iWell Guard er <strong>ekki l\u00e6kningat\u00e6ki<\/strong> og kemur ekki \u00ed sta\u00f0inn fyrir l\u00e6knis- e\u00f0a s\u00e1lfr\u00e6\u00f0ime\u00f0fer\u00f0. Tr\u00faarfr\u00e6\u00f0ilegt efni er menningars\u00f6gulegt samhengi, ekki r\u00e1\u00f0legging um andlega i\u00f0kun.<\/p><\/footer>\t\t\t\t<\/div>\n\t\t\t\t\t<\/div>\n\t\t\t\t<\/div>\n\t\t\t\t<\/div>\n\t\t","protected":false},"excerpt":{"rendered":"","protected":false},"author":3,"featured_media":2678,"parent":0,"menu_order":0,"comment_status":"closed","ping_status":"closed","template":"elementor_header_footer","meta":{"_yoast_wpseo_focuskw":"Inti Inka s\u00f3lgu\u00f0","_yoast_wpseo_title":"Inti \u2013 s\u00f3lgu\u00f0 Inka og pantheon","_yoast_wpseo_metadesc":"Inti, s\u00f3lgu\u00f0 Inkanna, er talinn fa\u00f0ir konungs\u00e6ttarins og mi\u00f0punktur Inti Raymi, r\u00edkistr\u00faar vi\u00f0 hli\u00f0 Viracocha og Mama Killa.","_yoast_wpseo_meta-robots-noindex":"","_yoast_wpseo_canonical":"","_angie_page":false,"gefaehrdungsstufe":"2","wesen_kultur":"anden-inka","wesen_klasse":"goetter","footnotes":""},"categories":[],"class_list":["post-168919","page","type-page","status-publish","has-post-thumbnail","hentry"],"yoast_head":"<!-- This site is optimized with the Yoast SEO Premium plugin v27.7 (Yoast SEO v28.3) - https:\/\/yoast.com\/product\/yoast-seo-premium-wordpress\/ -->\n<title>Inti \u2013 s\u00f3lgu\u00f0 Inka og pantheon<\/title>\n<meta name=\"description\" content=\"Inti, s\u00f3lgu\u00f0 Inkanna, er talinn fa\u00f0ir konungs\u00e6ttarins og mi\u00f0punktur Inti Raymi, r\u00edkistr\u00faar vi\u00f0 hli\u00f0 Viracocha og Mama Killa.\" \/>\n<meta name=\"robots\" content=\"index, follow, max-snippet:-1, max-image-preview:large, max-video-preview:-1\" \/>\n<link rel=\"canonical\" href=\"https:\/\/iwell-guard.com\/is\/inti-solgud-inkanna\/\" \/>\n<meta property=\"og:locale\" content=\"is_IS\" \/>\n<meta property=\"og:type\" content=\"article\" \/>\n<meta property=\"og:title\" content=\"Inti \u2013 s\u00f3lgu\u00f0 Inkanna\" \/>\n<meta property=\"og:description\" content=\"Inti, s\u00f3lgu\u00f0 Inkanna, er talinn fa\u00f0ir konungs\u00e6ttarins og mi\u00f0punktur Inti Raymi, r\u00edkistr\u00faar vi\u00f0 hli\u00f0 Viracocha og Mama Killa.\" \/>\n<meta property=\"og:url\" content=\"https:\/\/iwell-guard.com\/is\/inti-solgud-inkanna\/\" \/>\n<meta property=\"og:site_name\" content=\"iWell Guard\" \/>\n<meta property=\"article:modified_time\" content=\"2026-09-05T14:22:46+00:00\" \/>\n<meta property=\"og:image\" content=\"https:\/\/iwell-guard.com\/wp-content\/uploads\/2026\/05\/goetter_anden-inka_inti.webp\" \/>\n\t<meta property=\"og:image:width\" content=\"1024\" \/>\n\t<meta property=\"og:image:height\" content=\"1536\" \/>\n\t<meta property=\"og:image:type\" content=\"image\/webp\" \/>\n<meta name=\"twitter:card\" content=\"summary_large_image\" \/>\n<script type=\"application\/ld+json\" class=\"yoast-schema-graph\">{\"@context\":\"https:\\\/\\\/schema.org\",\"@graph\":[{\"@type\":\"WebPage\",\"@id\":\"https:\\\/\\\/iwell-guard.com\\\/is\\\/inti-solgud-inkanna\\\/\",\"url\":\"https:\\\/\\\/iwell-guard.com\\\/is\\\/inti-solgud-inkanna\\\/\",\"name\":\"Inti \u2013 s\u00f3lgu\u00f0 Inka og pantheon\",\"isPartOf\":{\"@id\":\"https:\\\/\\\/iwell-guard.com\\\/is\\\/#website\"},\"primaryImageOfPage\":{\"@id\":\"https:\\\/\\\/iwell-guard.com\\\/is\\\/inti-solgud-inkanna\\\/#primaryimage\"},\"image\":{\"@id\":\"https:\\\/\\\/iwell-guard.com\\\/is\\\/inti-solgud-inkanna\\\/#primaryimage\"},\"thumbnailUrl\":\"https:\\\/\\\/iwell-guard.com\\\/wp-content\\\/uploads\\\/2026\\\/05\\\/goetter_anden-inka_inti.webp\",\"datePublished\":\"2026-09-05T14:04:03+00:00\",\"dateModified\":\"2026-09-05T14:22:46+00:00\",\"description\":\"Inti, s\u00f3lgu\u00f0 Inkanna, er talinn fa\u00f0ir konungs\u00e6ttarins og mi\u00f0punktur Inti Raymi, r\u00edkistr\u00faar vi\u00f0 hli\u00f0 Viracocha og Mama Killa.\",\"breadcrumb\":{\"@id\":\"https:\\\/\\\/iwell-guard.com\\\/is\\\/inti-solgud-inkanna\\\/#breadcrumb\"},\"inLanguage\":\"is\",\"potentialAction\":[{\"@type\":\"ReadAction\",\"target\":[\"https:\\\/\\\/iwell-guard.com\\\/is\\\/inti-solgud-inkanna\\\/\"]}]},{\"@type\":\"ImageObject\",\"inLanguage\":\"is\",\"@id\":\"https:\\\/\\\/iwell-guard.com\\\/is\\\/inti-solgud-inkanna\\\/#primaryimage\",\"url\":\"https:\\\/\\\/iwell-guard.com\\\/wp-content\\\/uploads\\\/2026\\\/05\\\/goetter_anden-inka_inti.webp\",\"contentUrl\":\"https:\\\/\\\/iwell-guard.com\\\/wp-content\\\/uploads\\\/2026\\\/05\\\/goetter_anden-inka_inti.webp\",\"width\":1024,\"height\":1536,\"caption\":\"Gu\u00f0ir \u00far Andes-inka-hef\u00f0inni.\"},{\"@type\":\"BreadcrumbList\",\"@id\":\"https:\\\/\\\/iwell-guard.com\\\/is\\\/inti-solgud-inkanna\\\/#breadcrumb\",\"itemListElement\":[{\"@type\":\"ListItem\",\"position\":1,\"name\":\"Start\",\"item\":\"https:\\\/\\\/iwell-guard.com\\\/is\\\/?page_id=168580\"},{\"@type\":\"ListItem\",\"position\":2,\"name\":\"Inti \u2013 s\u00f3lgu\u00f0 Inkanna\"}]},{\"@type\":\"WebSite\",\"@id\":\"https:\\\/\\\/iwell-guard.com\\\/is\\\/#website\",\"url\":\"https:\\\/\\\/iwell-guard.com\\\/is\\\/\",\"name\":\"iWell Guard\",\"description\":\"Schutz vor dunklen Einfl\u00fcssen\",\"publisher\":{\"@id\":\"https:\\\/\\\/iwell-guard.com\\\/is\\\/#organization\"},\"potentialAction\":[{\"@type\":\"SearchAction\",\"target\":{\"@type\":\"EntryPoint\",\"urlTemplate\":\"https:\\\/\\\/iwell-guard.com\\\/is\\\/?s={search_term_string}\"},\"query-input\":{\"@type\":\"PropertyValueSpecification\",\"valueRequired\":true,\"valueName\":\"search_term_string\"}}],\"inLanguage\":\"is\"},{\"@type\":\"Organization\",\"@id\":\"https:\\\/\\\/iwell-guard.com\\\/is\\\/#organization\",\"name\":\"Ittermann electronic GmbH\",\"url\":\"https:\\\/\\\/iwell-guard.com\\\/is\\\/\",\"logo\":{\"@type\":\"ImageObject\",\"inLanguage\":\"is\",\"@id\":\"https:\\\/\\\/iwell-guard.com\\\/is\\\/#\\\/schema\\\/logo\\\/image\\\/\",\"url\":\"https:\\\/\\\/iwell-guard.com\\\/wp-content\\\/uploads\\\/2026\\\/05\\\/Ittermann-Logo-1182x237-1.png\",\"contentUrl\":\"https:\\\/\\\/iwell-guard.com\\\/wp-content\\\/uploads\\\/2026\\\/05\\\/Ittermann-Logo-1182x237-1.png\",\"width\":1182,\"height\":237,\"caption\":\"Ittermann electronic GmbH\"},\"image\":{\"@id\":\"https:\\\/\\\/iwell-guard.com\\\/is\\\/#\\\/schema\\\/logo\\\/image\\\/\"},\"sameAs\":[\"https:\\\/\\\/pantip.com\\\/profile\\\/9367242\",\"https:\\\/\\\/micro.blog\\\/iwellguard\",\"https:\\\/\\\/www.diggerslist.com\\\/iwellguard\\\/about\",\"https:\\\/\\\/skitterphoto.com\\\/photographers\\\/2870314\\\/iwell-guard\",\"https:\\\/\\\/iwellguard.wordpress.com\\\/2026\\\/06\\\/06\\\/iwell-guard\\\/\",\"https:\\\/\\\/hub.docker.com\\\/u\\\/iwellguard\",\"https:\\\/\\\/www.pinterest.com\\\/iwellguard\\\/\",\"https:\\\/\\\/bit.ly\\\/m\\\/iwellguard\",\"https:\\\/\\\/entre-vos-mains.alsace.eu\\\/profiles\\\/iwellguard\\\/activity\",\"https:\\\/\\\/gravatar.com\\\/reallybeded8fd34\",\"https:\\\/\\\/naijamatta.com\\\/iwellguard\",\"https:\\\/\\\/www.goodreads.com\\\/iwellguard\",\"https:\\\/\\\/profile.hatena.ne.jp\\\/iwellguard\\\/\",\"https:\\\/\\\/experiment.com\\\/users\\\/iwellguard\",\"https:\\\/\\\/wakelet.com\\\/@iWellGuard82270\",\"https:\\\/\\\/www.chordie.com\\\/forum\\\/profile.php?id=2555664\",\"https:\\\/\\\/www.instapaper.com\\\/p\\\/17757966\",\"https:\\\/\\\/www.mapleprimes.com\\\/users\\\/iwellguard\",\"https:\\\/\\\/businesslistingplus.com\\\/profile\\\/iwell-guard\\\/\",\"https:\\\/\\\/telegra.ph\\\/iWell-Guard-06-06\",\"https:\\\/\\\/pbase.com\\\/iwellguard\\\/iwellguard\",\"https:\\\/\\\/b.hatena.ne.jp\\\/iwellguard\\\/20260607#bookmark-4788405196491818882\",\"https:\\\/\\\/fliphtml5.com\\\/home\\\/iwellguard\",\"https:\\\/\\\/anyflip.com\\\/homepage\\\/cmiwl#About\",\"https:\\\/\\\/transfur.com\\\/Users\\\/iwellguard\",\"http:\\\/\\\/delphi.larsbo.org\\\/user\\\/iwellguard\",\"https:\\\/\\\/jobs.lajobsportal.org\\\/profiles\\\/8380803-iwell-guard\",\"https:\\\/\\\/md.chaosdorf.de\\\/s\\\/jfbe5SBdJD\",\"https:\\\/\\\/www.lingvolive.com\\\/en-us\\\/profile\\\/9ecaeaca-ce11-4e51-9e71-01d55e2bff36\\\/translations\",\"https:\\\/\\\/www.fitday.com\\\/fitness\\\/forums\\\/members\\\/iwellguard.html\",\"https:\\\/\\\/www.mymeetbook.com\\\/iwellguard\",\"https:\\\/\\\/pxhere.com\\\/en\\\/photographer-me\\\/5040798\",\"https:\\\/\\\/disqus.com\\\/by\\\/iwellguard\\\/about\\\/\",\"https:\\\/\\\/pastelink.net\\\/hjwciqwq\",\"https:\\\/\\\/pubhtml5.com\\\/homepage\\\/scjhn\\\/\",\"https:\\\/\\\/www.bitchute.com\\\/channel\\\/2O2eOKzNqujT\",\"https:\\\/\\\/audiomack.com\\\/iwellguard\"]},{\"@type\":\"Article\",\"@id\":\"https:\\\/\\\/iwell-guard.com\\\/is\\\/inti-solgud-inkanna\\\/#article\",\"isPartOf\":{\"@id\":\"https:\\\/\\\/iwell-guard.com\\\/is\\\/inti-solgud-inkanna\\\/\"},\"author\":{\"name\":\"Ralf Ittermann\",\"@id\":\"https:\\\/\\\/iwell-guard.com\\\/is\\\/#\\\/schema\\\/person\\\/ee2a27f1cac3406c7c6fb5820cb7349f\"},\"headline\":\"Inti \u2013 s\u00f3lgu\u00f0 Inkanna\",\"datePublished\":\"2026-09-05T14:04:03+00:00\",\"dateModified\":\"2026-09-05T14:22:46+00:00\",\"mainEntityOfPage\":{\"@id\":\"https:\\\/\\\/iwell-guard.com\\\/is\\\/inti-solgud-inkanna\\\/\"},\"publisher\":{\"@id\":\"https:\\\/\\\/iwell-guard.com\\\/is\\\/#organization\"},\"image\":{\"@id\":\"https:\\\/\\\/iwell-guard.com\\\/is\\\/inti-solgud-inkanna\\\/#primaryimage\"},\"thumbnailUrl\":\"https:\\\/\\\/iwell-guard.com\\\/wp-content\\\/uploads\\\/2026\\\/05\\\/goetter_anden-inka_inti.webp\",\"inLanguage\":\"is\",\"description\":\"Inti, s\u00f3lgu\u00f0 Inkanna, er talinn fa\u00f0ir konungs\u00e6ttarins og mi\u00f0punktur Inti Raymi, r\u00edkistr\u00faar vi\u00f0 hli\u00f0 Viracocha og Mama Killa.\"}]}<\/script>\n<!-- \/ Yoast SEO Premium plugin. -->","yoast_head_json":{"title":"Inti \u2013 s\u00f3lgu\u00f0 Inka og pantheon","description":"Inti, s\u00f3lgu\u00f0 Inkanna, er talinn fa\u00f0ir konungs\u00e6ttarins og mi\u00f0punktur Inti Raymi, r\u00edkistr\u00faar vi\u00f0 hli\u00f0 Viracocha og Mama Killa.","robots":{"index":"index","follow":"follow","max-snippet":"max-snippet:-1","max-image-preview":"max-image-preview:large","max-video-preview":"max-video-preview:-1"},"canonical":"https:\/\/iwell-guard.com\/is\/inti-solgud-inkanna\/","og_locale":"is_IS","og_type":"article","og_title":"Inti \u2013 s\u00f3lgu\u00f0 Inkanna","og_description":"Inti, s\u00f3lgu\u00f0 Inkanna, er talinn fa\u00f0ir konungs\u00e6ttarins og mi\u00f0punktur Inti Raymi, r\u00edkistr\u00faar vi\u00f0 hli\u00f0 Viracocha og Mama Killa.","og_url":"https:\/\/iwell-guard.com\/is\/inti-solgud-inkanna\/","og_site_name":"iWell Guard","article_modified_time":"2026-09-05T14:22:46+00:00","og_image":[{"width":1024,"height":1536,"url":"https:\/\/iwell-guard.com\/wp-content\/uploads\/2026\/05\/goetter_anden-inka_inti.webp","type":"image\/webp"}],"twitter_card":"summary_large_image","schema":{"@context":"https:\/\/schema.org","@graph":[{"@type":"Article","@id":"https:\/\/iwell-guard.com\/is\/inti-solgud-inkanna\/#article","isPartOf":{"@id":"https:\/\/iwell-guard.com\/is\/inti-solgud-inkanna\/"},"author":{"name":"Ralf Ittermann","@id":"https:\/\/iwell-guard.com\/is\/#\/schema\/person\/ee2a27f1cac3406c7c6fb5820cb7349f"},"headline":"Inti \u2013 s\u00f3lgu\u00f0 Inkanna","datePublished":"2026-09-05T14:04:03+00:00","dateModified":"2026-09-05T14:22:46+00:00","mainEntityOfPage":{"@id":"https:\/\/iwell-guard.com\/is\/inti-solgud-inkanna\/"},"publisher":{"@id":"https:\/\/iwell-guard.com\/is\/#organization"},"image":{"@id":"https:\/\/iwell-guard.com\/is\/inti-solgud-inkanna\/#primaryimage"},"thumbnailUrl":"https:\/\/iwell-guard.com\/wp-content\/uploads\/2026\/05\/goetter_anden-inka_inti.webp","inLanguage":"is","description":"Inti, s\u00f3lgu\u00f0 Inkanna, er talinn fa\u00f0ir konungs\u00e6ttarins og mi\u00f0punktur Inti Raymi, r\u00edkistr\u00faar vi\u00f0 hli\u00f0 Viracocha og Mama Killa."},{"@type":"WebPage","@id":"https:\/\/iwell-guard.com\/is\/inti-solgud-inkanna\/","url":"https:\/\/iwell-guard.com\/is\/inti-solgud-inkanna\/","name":"Inti \u2013 s\u00f3lgu\u00f0 Inka og pantheon","isPartOf":{"@id":"https:\/\/iwell-guard.com\/is\/#website"},"primaryImageOfPage":{"@id":"https:\/\/iwell-guard.com\/is\/inti-solgud-inkanna\/#primaryimage"},"image":{"@id":"https:\/\/iwell-guard.com\/is\/inti-solgud-inkanna\/#primaryimage"},"thumbnailUrl":"https:\/\/iwell-guard.com\/wp-content\/uploads\/2026\/05\/goetter_anden-inka_inti.webp","datePublished":"2026-09-05T14:04:03+00:00","dateModified":"2026-09-05T14:22:46+00:00","description":"Inti, s\u00f3lgu\u00f0 Inkanna, er talinn fa\u00f0ir konungs\u00e6ttarins og mi\u00f0punktur Inti Raymi, r\u00edkistr\u00faar vi\u00f0 hli\u00f0 Viracocha og Mama Killa.","breadcrumb":{"@id":"https:\/\/iwell-guard.com\/is\/inti-solgud-inkanna\/#breadcrumb"},"inLanguage":"is","potentialAction":[{"@type":"ReadAction","target":["https:\/\/iwell-guard.com\/is\/inti-solgud-inkanna\/"]}]},{"@type":"ImageObject","inLanguage":"is","@id":"https:\/\/iwell-guard.com\/is\/inti-solgud-inkanna\/#primaryimage","url":"https:\/\/iwell-guard.com\/wp-content\/uploads\/2026\/05\/goetter_anden-inka_inti.webp","contentUrl":"https:\/\/iwell-guard.com\/wp-content\/uploads\/2026\/05\/goetter_anden-inka_inti.webp","width":1024,"height":1536,"caption":"Gu\u00f0ir \u00far Andes-inka-hef\u00f0inni."},{"@type":"BreadcrumbList","@id":"https:\/\/iwell-guard.com\/is\/inti-solgud-inkanna\/#breadcrumb","itemListElement":[{"@type":"ListItem","position":1,"name":"Start","item":"https:\/\/iwell-guard.com\/is\/?page_id=168580"},{"@type":"ListItem","position":2,"name":"Inti \u2013 s\u00f3lgu\u00f0 Inkanna"}]},{"@type":"WebSite","@id":"https:\/\/iwell-guard.com\/is\/#website","url":"https:\/\/iwell-guard.com\/is\/","name":"iWell Guard","description":"Schutz vor dunklen Einfl\u00fcssen","publisher":{"@id":"https:\/\/iwell-guard.com\/is\/#organization"},"potentialAction":[{"@type":"SearchAction","target":{"@type":"EntryPoint","urlTemplate":"https:\/\/iwell-guard.com\/is\/?s={search_term_string}"},"query-input":{"@type":"PropertyValueSpecification","valueRequired":true,"valueName":"search_term_string"}}],"inLanguage":"is"},{"@type":"Organization","@id":"https:\/\/iwell-guard.com\/is\/#organization","name":"Ittermann electronic GmbH","url":"https:\/\/iwell-guard.com\/is\/","logo":{"@type":"ImageObject","inLanguage":"is","@id":"https:\/\/iwell-guard.com\/is\/#\/schema\/logo\/image\/","url":"https:\/\/iwell-guard.com\/wp-content\/uploads\/2026\/05\/Ittermann-Logo-1182x237-1.png","contentUrl":"https:\/\/iwell-guard.com\/wp-content\/uploads\/2026\/05\/Ittermann-Logo-1182x237-1.png","width":1182,"height":237,"caption":"Ittermann electronic GmbH"},"image":{"@id":"https:\/\/iwell-guard.com\/is\/#\/schema\/logo\/image\/"},"sameAs":["https:\/\/pantip.com\/profile\/9367242","https:\/\/micro.blog\/iwellguard","https:\/\/www.diggerslist.com\/iwellguard\/about","https:\/\/skitterphoto.com\/photographers\/2870314\/iwell-guard","https:\/\/iwellguard.wordpress.com\/2026\/06\/06\/iwell-guard\/","https:\/\/hub.docker.com\/u\/iwellguard","https:\/\/www.pinterest.com\/iwellguard\/","https:\/\/bit.ly\/m\/iwellguard","https:\/\/entre-vos-mains.alsace.eu\/profiles\/iwellguard\/activity","https:\/\/gravatar.com\/reallybeded8fd34","https:\/\/naijamatta.com\/iwellguard","https:\/\/www.goodreads.com\/iwellguard","https:\/\/profile.hatena.ne.jp\/iwellguard\/","https:\/\/experiment.com\/users\/iwellguard","https:\/\/wakelet.com\/@iWellGuard82270","https:\/\/www.chordie.com\/forum\/profile.php?id=2555664","https:\/\/www.instapaper.com\/p\/17757966","https:\/\/www.mapleprimes.com\/users\/iwellguard","https:\/\/businesslistingplus.com\/profile\/iwell-guard\/","https:\/\/telegra.ph\/iWell-Guard-06-06","https:\/\/pbase.com\/iwellguard\/iwellguard","https:\/\/b.hatena.ne.jp\/iwellguard\/20260607#bookmark-4788405196491818882","https:\/\/fliphtml5.com\/home\/iwellguard","https:\/\/anyflip.com\/homepage\/cmiwl#About","https:\/\/transfur.com\/Users\/iwellguard","http:\/\/delphi.larsbo.org\/user\/iwellguard","https:\/\/jobs.lajobsportal.org\/profiles\/8380803-iwell-guard","https:\/\/md.chaosdorf.de\/s\/jfbe5SBdJD","https:\/\/www.lingvolive.com\/en-us\/profile\/9ecaeaca-ce11-4e51-9e71-01d55e2bff36\/translations","https:\/\/www.fitday.com\/fitness\/forums\/members\/iwellguard.html","https:\/\/www.mymeetbook.com\/iwellguard","https:\/\/pxhere.com\/en\/photographer-me\/5040798","https:\/\/disqus.com\/by\/iwellguard\/about\/","https:\/\/pastelink.net\/hjwciqwq","https:\/\/pubhtml5.com\/homepage\/scjhn\/","https:\/\/www.bitchute.com\/channel\/2O2eOKzNqujT","https:\/\/audiomack.com\/iwellguard"]},{"@type":"Person","@id":"https:\/\/iwell-guard.com\/is\/#\/schema\/person\/ee2a27f1cac3406c7c6fb5820cb7349f","name":"Ralf Ittermann","image":{"@type":"ImageObject","inLanguage":"is","@id":"https:\/\/secure.gravatar.com\/avatar\/073c0153e350a5005b68eb752b445fea71f6b24a26da9449ad7e155e6b446c9d?s=96&d=mm&r=g","url":"https:\/\/secure.gravatar.com\/avatar\/073c0153e350a5005b68eb752b445fea71f6b24a26da9449ad7e155e6b446c9d?s=96&d=mm&r=g","contentUrl":"https:\/\/secure.gravatar.com\/avatar\/073c0153e350a5005b68eb752b445fea71f6b24a26da9449ad7e155e6b446c9d?s=96&d=mm&r=g","caption":"Ralf Ittermann"},"givenName":"Ralf","familyName":"Ittermann","jobTitle":"Gesch\u00e4ftsf\u00fchrer und redaktioneller Verantwortlicher","url":"https:\/\/iwell-guard.com\/is\/author\/claude\/","description":"Ralf Ittermann ist Gesch\u00e4ftsf\u00fchrer der Ittermann electronic GmbH und redaktioneller Verantwortlicher des iWell-Guard-Lexikons. Er verbindet langj\u00e4hrige Erfahrung in der Pr\u00e4zisionsfertigung mit medialer Praxis und religionsgeschichtlicher Quellenarbeit.","worksFor":{"@type":"Organization","name":"Ittermann electronic GmbH","url":"https:\/\/ittermann.de\/","address":{"@type":"PostalAddress","streetAddress":"K\u00f6hlergasse 16-18","postalCode":"99842","addressLocality":"Ruhla","addressCountry":"DE"}},"knowsAbout":["Religionsgeschichte","Mythologie","Mediale Praxis","Energetische Diagnostik","Schutzpraxis","Volksglauben","Westliche Esoterik"]},{"@type":"Article","@id":"https:\/\/iwell-guard.com\/is\/inti-solgud-inkanna\/#article","isPartOf":{"@id":"https:\/\/iwell-guard.com\/is\/inti-solgud-inkanna\/"},"author":{"name":"Ralf Ittermann","@id":"https:\/\/iwell-guard.com\/is\/#\/schema\/person\/ee2a27f1cac3406c7c6fb5820cb7349f"},"headline":"Inti \u2013 s\u00f3lgu\u00f0 Inkanna","datePublished":"2026-09-05T14:04:03+00:00","dateModified":"2026-09-05T14:22:46+00:00","mainEntityOfPage":{"@id":"https:\/\/iwell-guard.com\/is\/inti-solgud-inkanna\/"},"publisher":{"@id":"https:\/\/iwell-guard.com\/is\/#organization"},"image":{"@id":"https:\/\/iwell-guard.com\/is\/inti-solgud-inkanna\/#primaryimage"},"thumbnailUrl":"https:\/\/iwell-guard.com\/wp-content\/uploads\/2026\/05\/goetter_anden-inka_inti.webp","inLanguage":"is","description":"Inti, s\u00f3lgu\u00f0 Inkanna, er talinn fa\u00f0ir konungs\u00e6ttarins og mi\u00f0punktur Inti Raymi, r\u00edkistr\u00faar vi\u00f0 hli\u00f0 Viracocha og Mama Killa."}]}},"_links":{"self":[{"href":"https:\/\/iwell-guard.com\/is\/wp-json\/wp\/v2\/pages\/168919","targetHints":{"allow":["GET"]}}],"collection":[{"href":"https:\/\/iwell-guard.com\/is\/wp-json\/wp\/v2\/pages"}],"about":[{"href":"https:\/\/iwell-guard.com\/is\/wp-json\/wp\/v2\/types\/page"}],"author":[{"embeddable":true,"href":"https:\/\/iwell-guard.com\/is\/wp-json\/wp\/v2\/users\/3"}],"replies":[{"embeddable":true,"href":"https:\/\/iwell-guard.com\/is\/wp-json\/wp\/v2\/comments?post=168919"}],"version-history":[{"count":0,"href":"https:\/\/iwell-guard.com\/is\/wp-json\/wp\/v2\/pages\/168919\/revisions"}],"wp:featuredmedia":[{"embeddable":true,"href":"https:\/\/iwell-guard.com\/is\/wp-json\/wp\/v2\/media\/2678"}],"wp:attachment":[{"href":"https:\/\/iwell-guard.com\/is\/wp-json\/wp\/v2\/media?parent=168919"}],"wp:term":[{"taxonomy":"category","embeddable":true,"href":"https:\/\/iwell-guard.com\/is\/wp-json\/wp\/v2\/categories?post=168919"}],"curies":[{"name":"wp","href":"https:\/\/api.w.org\/{rel}","templated":true}]}}