{"id":168918,"date":"2026-09-05T14:04:03","date_gmt":"2026-09-05T14:04:03","guid":{"rendered":"https:\/\/iwell-guard.com\/?page_id=168918"},"modified":"2026-09-05T14:22:46","modified_gmt":"2026-09-05T14:22:46","slug":"sami-finnsk-ugrisk-hefd-noaidi-tromma","status":"publish","type":"page","link":"https:\/\/iwell-guard.com\/is\/sami-finnsk-ugrisk-hefd-noaidi-tromma\/","title":{"rendered":"Samar og finnsk-\u00fagr\u00ed\u00f0 hef\u00f0 \u2013 Noaidi og tromma"},"content":{"rendered":"\t\t<div data-elementor-type=\"wp-page\" data-elementor-id=\"168918\" class=\"elementor elementor-168918 elementor-2573 elementor-bc-flex-widget\" data-elementor-post-type=\"page\">\n\t\t\t\t<div class=\"elementor-element elementor-element-iwgcn-sami-hero iwg-kultur-hero e-flex e-con-boxed e-con e-parent\" data-id=\"iwgcn-sami-hero\" data-element_type=\"container\" data-e-type=\"container\">\n\t\t\t\t\t<div class=\"e-con-inner\">\n\t\t<div class=\"elementor-element elementor-element-iwgcn-sami-hl iwg-kultur-hero-left e-flex e-con-boxed e-con e-child\" data-id=\"iwgcn-sami-hl\" data-element_type=\"container\" data-e-type=\"container\">\n\t\t\t\t\t<div class=\"e-con-inner\">\n\t\t\t\t<div class=\"elementor-element elementor-element-iwgcn-sami-h1 elementor-widget elementor-widget-heading\" data-id=\"iwgcn-sami-h1\" data-element_type=\"widget\" data-e-type=\"widget\" data-widget_type=\"heading.default\">\n\t\t\t\t\t<h1 class=\"elementor-heading-title elementor-size-default\">Gu\u00f0ir Sama og go\u00f0aveldi Lapplands<\/h1>\t\t\t\t<\/div>\n\t\t<div class=\"elementor-element elementor-element-iwgcn-sami-leadc e-con-full e-flex e-con e-child\" data-id=\"iwgcn-sami-leadc\" data-element_type=\"container\" data-e-type=\"container\">\n\t\t\t\t<div class=\"elementor-element elementor-element-iwgcn-sami-lead elementor-widget elementor-widget-text-editor\" data-id=\"iwgcn-sami-lead\" data-element_type=\"widget\" data-e-type=\"widget\" data-widget_type=\"text-editor.default\">\n\t\t\t\t\t\t\t\t\t<p>Samar \u00ed Lapplandi, dreif\u00f0ir um Noreg, Sv\u00ed\u00fej\u00f3\u00f0, Finnland og R\u00fassland, vi\u00f0halda einu upprunalegu hef\u00f0 Evr\u00f3pu sem var\u00f0veitti sjaman\u00edska i\u00f0kun allt fram \u00e1 17. \u00f6ld, innan seilingar kristinnar tr\u00fabo\u00f0unar. Noaidi-sjamanar, trommur \u00feeirra me\u00f0 myndum af s\u00f3l-, tungl- og gu\u00f0um, og Seita-helgista\u00f0ir \u00e1 t\u00fandrunni myndast s\u00e9rstakt finnsk-\u00fagr\u00edskt tr\u00faarlag.<\/p>\n<p class=\"iwg-kwfix\">Go\u00f0aveldi Sama er n\u00e1tengt n\u00e1tt\u00farunni, vei\u00f0um og \u00f6flum landslagsins.<\/p>\t\t\t\t\t\t\t\t<\/div>\n\t\t\t\t<\/div>\n\t\t\t\t\t<\/div>\n\t\t\t\t<\/div>\n\t\t<div class=\"elementor-element elementor-element-iwgcn-sami-hr iwg-kultur-hero-right e-flex e-con-boxed e-con e-child\" data-id=\"iwgcn-sami-hr\" data-element_type=\"container\" data-e-type=\"container\">\n\t\t\t\t\t<div class=\"e-con-inner\">\n\t\t\t\t<div class=\"elementor-element elementor-element-iwgcn-sami-himg iwg-hero-image elementor-widget elementor-widget-image\" data-id=\"iwgcn-sami-himg\" data-element_type=\"widget\" data-e-type=\"widget\" data-widget_type=\"image.default\">\n\t\t\t\t\t\t\t\t\t\t\t\t\t\t\t<img fetchpriority=\"high\" decoding=\"async\" width=\"683\" height=\"1024\" src=\"https:\/\/iwell-guard.com\/wp-content\/uploads\/2026\/05\/goetter_sami_beaivi-683x1024.webp\" class=\"attachment-large size-large wp-image-170769\" alt=\"Beaivi - gu\u00f0ir \u00far sam\u00edskri hef\u00f0, s\u00f6guleg myndskreyting\" srcset=\"https:\/\/iwell-guard.com\/wp-content\/uploads\/2026\/05\/goetter_sami_beaivi-683x1024.webp 683w, https:\/\/iwell-guard.com\/wp-content\/uploads\/2026\/05\/goetter_sami_beaivi-200x300.webp 200w, https:\/\/iwell-guard.com\/wp-content\/uploads\/2026\/05\/goetter_sami_beaivi-768x1152.webp 768w, https:\/\/iwell-guard.com\/wp-content\/uploads\/2026\/05\/goetter_sami_beaivi.webp 1024w\" sizes=\"(max-width: 683px) 100vw, 683px\" \/>\t\t\t\t\t\t\t\t\t\t\t\t\t\t\t<\/div>\n\t\t\t\t\t<\/div>\n\t\t\t\t<\/div>\n\t\t\t\t\t<\/div>\n\t\t\t\t<\/div>\n\t\t\t\t<section class=\"elementor-section elementor-top-section elementor-element elementor-element-sec-iwgcomp-sami elementor-section-boxed elementor-section-height-default elementor-section-height-default\" data-id=\"sec-iwgcomp-sami\" data-element_type=\"section\" data-e-type=\"section\">\n\t\t\t\t\t\t<div class=\"elementor-container elementor-column-gap-default\">\n\t\t\t\t\t<div class=\"elementor-column elementor-col-100 elementor-top-column elementor-element elementor-element-col-iwgcomp-sami\" data-id=\"col-iwgcomp-sami\" data-element_type=\"column\" data-e-type=\"column\">\n\t\t\t<div class=\"elementor-widget-wrap elementor-element-populated\">\n\t\t\t\t\t\t<div class=\"elementor-element elementor-element-iwgcomp-sami elementor-widget elementor-widget-text-editor\" data-id=\"iwgcomp-sami\" data-element_type=\"widget\" data-e-type=\"widget\" data-widget_type=\"text-editor.default\">\n\t\t\t\t\t\t\t\t\t<p>Sam\u00edski <strong>Noaidi-<span class=\"iwg-fachbegriff\" data-tooltip=\"Tr\u00faarlegt kerfi \u00fear sem s\u00e9rfr\u00e6\u00f0ingar hafa samskipti vi\u00f0 andaheiminn.\" tabindex=\"0\">sjamanisminn<\/span><\/strong> myndar bur\u00f0ar\u00e1s hins fyrirkristna tr\u00faarl\u00edfs \u00ed S\u00e1pmi.<\/p>\n<p class=\"iwg-kwfix\">Gu\u00f0ir Sama skiptast \u00ed \u00ferj\u00fa svi\u00f0: efri heim me\u00f0 Radien-attje, mi\u00f0heim me\u00f0 \u00ferumugu\u00f0inum Horagalles og undirheim undir J\u00e1bmiid\u00e1hkk\u00e1. Enn \u00feann dag \u00ed dag lifa \u00feessar hef\u00f0ir \u00e1fram \u00ed noaidi-hef\u00f0 Lapplands.<\/p>\t\t\t\t\t\t\t\t<\/div>\n\t\t\t\t\t<\/div>\n\t\t<\/div>\n\t\t\t\t\t<\/div>\n\t\t<\/section>\n\t\t<div class=\"elementor-element elementor-element-iwgcn-sami-s0 e-flex e-con-boxed e-con e-parent\" data-id=\"iwgcn-sami-s0\" data-element_type=\"container\" data-e-type=\"container\">\n\t\t\t\t\t<div class=\"e-con-inner\">\n\t\t\t\t<div class=\"elementor-element elementor-element-iwgcn-sami-s0h elementor-widget elementor-widget-heading\" data-id=\"iwgcn-sami-s0h\" data-element_type=\"widget\" data-e-type=\"widget\" data-widget_type=\"heading.default\">\n\t\t\t\t\t<h2 class=\"elementor-heading-title elementor-size-default\">Sam\u00edsk tungum\u00e1l og b\u00fasv\u00e6\u00f0i<\/h2>\t\t\t\t<\/div>\n\t\t<div class=\"elementor-element elementor-element-iwgcn-sami-s0-c e-con-full e-flex e-con e-child\" data-id=\"iwgcn-sami-s0-c\" data-element_type=\"container\" data-e-type=\"container\">\n\t\t\t\t<div class=\"elementor-element elementor-element-iwgcn-sami-s0t elementor-widget elementor-widget-text-editor\" data-id=\"iwgcn-sami-s0t\" data-element_type=\"widget\" data-e-type=\"widget\" data-widget_type=\"text-editor.default\">\n\t\t\t\t\t\t\t\t\t<p>Samar tala eigin tungum\u00e1lafj\u00f6lskyldu me\u00f0 n\u00edu lifandi tungum\u00e1lum, \u00fear sem nor\u00f0ursam\u00edska er st\u00e6rst. \u00deau eru tengd finnsk-\u00fagr\u00edskum tungum\u00e1lum (finnsku, ungversku, eistnesku).<\/p><p>B\u00fasv\u00e6\u00f0i Sama, S\u00e1pmi, teygir sig yfir nor\u00f0urhluta Noregs, Sv\u00ed\u00fej\u00f3\u00f0ar, Finnlands og K\u00f3laskagann \u00ed R\u00fasslandi. Hef\u00f0bundinn lifna\u00f0arh\u00e1ttur: hreind\u00fdrahjar\u00f0mennska, fiskvei\u00f0ar, strandb\u00faskapur. \u00cd dag b\u00faa um 80.000 til 135.000 Samar \u00e1 \u00feessu sv\u00e6\u00f0i, me\u00f0 eigin \u00feingum \u00ed Noregi, Sv\u00ed\u00fej\u00f3\u00f0 og Finnlandi.<\/p>\n<p class=\"iwg-kwfix\">\u00derj\u00fa svi\u00f0 skipuleggja go\u00f0aheim Sama: efst Radien-attje, \u00ed mi\u00f0junni \u00ferumugu\u00f0inn Horagalles, ne\u00f0st J\u00e1bmiid\u00e1hkk\u00e1. Noaidi-hef\u00f0 Lapplands heldur \u00feessari vitneskju lifandi enn \u00ed dag.<\/p>\t\t\t\t\t\t\t\t<\/div>\n\t\t\t\t<\/div>\n\t\t\t\t\t<\/div>\n\t\t\t\t<\/div>\n\t\t<div class=\"elementor-element elementor-element-iwgcn-sami-s1 e-flex e-con-boxed e-con e-parent\" data-id=\"iwgcn-sami-s1\" data-element_type=\"container\" data-e-type=\"container\">\n\t\t\t\t\t<div class=\"e-con-inner\">\n\t\t\t\t<div class=\"elementor-element elementor-element-iwgcn-sami-s1h elementor-widget elementor-widget-heading\" data-id=\"iwgcn-sami-s1h\" data-element_type=\"widget\" data-e-type=\"widget\" data-widget_type=\"heading.default\">\n\t\t\t\t\t<h2 class=\"elementor-heading-title elementor-size-default\">Go\u00f0aveldi, Beaivi, M\u00e1nnu, R\u00e1hka, Stallo<\/h2>\t\t\t\t<\/div>\n\t\t<div class=\"elementor-element elementor-element-iwgcn-sami-s1-c e-con-full e-flex e-con e-child\" data-id=\"iwgcn-sami-s1-c\" data-element_type=\"container\" data-e-type=\"container\">\n\t\t\t\t<div class=\"elementor-element elementor-element-iwgcn-sami-s1t elementor-widget elementor-widget-text-editor\" data-id=\"iwgcn-sami-s1t\" data-element_type=\"widget\" data-e-type=\"widget\" data-widget_type=\"text-editor.default\">\n\t\t\t\t\t\t\t\t\t<p>Beaivi (Pejvve) er s\u00f3largy\u00f0jan, go\u00f0sagnaleg m\u00f3\u00f0ir Sama; M\u00e1nnu er tunglgu\u00f0inn; R\u00e1hka er \u00ferumugu\u00f0inn (sams\u00ed\u00f0a norr\u00e6num \u00de\u00f3r); Akka-gy\u00f0jur eru kvenkyns heimilisverndargy\u00f0jur \u00e1 \u00fdmsum svi\u00f0um (Sara-Akka vi\u00f0 dyra\u00ferepi\u00f0, Uksakka vi\u00f0 eldst\u00e6\u00f0i\u00f0, Juksakka sem vernd karlkyns barna).<\/p><p>Stallo eru mann\u00e6tandi risavaxin v\u00e6ttir \u00far \u00f3bygg\u00f0unum. Saivo er go\u00f0sagnalegur annar heimur, sem stundum er hugsa\u00f0ur sem undirheimur undir helgum fj\u00f6llum e\u00f0a v\u00f6tnum.<\/p>\t\t\t\t\t\t\t\t<\/div>\n\t\t\t\t<\/div>\n\t\t\t\t\t<\/div>\n\t\t\t\t<\/div>\n\t\t<div class=\"elementor-element elementor-element-iwgcn-sami-s2 e-flex e-con-boxed e-con e-parent\" data-id=\"iwgcn-sami-s2\" data-element_type=\"container\" data-e-type=\"container\">\n\t\t\t\t\t<div class=\"e-con-inner\">\n\t\t\t\t<div class=\"elementor-element elementor-element-iwgcn-sami-s2h elementor-widget elementor-widget-heading\" data-id=\"iwgcn-sami-s2h\" data-element_type=\"widget\" data-e-type=\"widget\" data-widget_type=\"heading.default\">\n\t\t\t\t\t<h2 class=\"elementor-heading-title elementor-size-default\">Noaidi, sjamaninn Sama<\/h2>\t\t\t\t<\/div>\n\t\t<div class=\"elementor-element elementor-element-iwgcn-sami-s2-c e-con-full e-flex e-con e-child\" data-id=\"iwgcn-sami-s2-c\" data-element_type=\"container\" data-e-type=\"container\">\n\t\t\t\t<div class=\"elementor-element elementor-element-iwgcn-sami-s2t elementor-widget elementor-widget-text-editor\" data-id=\"iwgcn-sami-s2t\" data-element_type=\"widget\" data-e-type=\"widget\" data-widget_type=\"text-editor.default\">\n\t\t\t\t\t\t\t\t\t<p>Noaidi (\u00ed eldri heimildum Noaide, \u00e1 s\u00e6nsku \u201eTrollkarl\u201c, \u00e1 lat\u00ednu \u201emagus\u201c) er tr\u00faarlegur s\u00e9rfr\u00e6\u00f0ingur. Hann framkallar trans\u00e1stand me\u00f0 trommu, joik (hef\u00f0bundnum s\u00f6ng) og einbeitingu.<\/p><p>S\u00e1larreisur lei\u00f0a \u00ed \u00ferj\u00e1 heima: efri heiminn til gu\u00f0anna, ne\u00f0ri heiminn til hinna framli\u00f0nu, mi\u00f0heiminn til landheilunar. L\u00e6kning, ve\u00f0ursp\u00e1, upplj\u00f3strun \u00fej\u00f3fna\u00f0ar og vernd hreind\u00fdrahjar\u00f0a voru hans verkefni. \u00c1 17.-18. \u00f6ld voru noaidi-trommur skipulega ger\u00f0ar uppt\u00e6kar af tr\u00fabo\u00f0um og a\u00f0 hluta brenndar.<\/p>\t\t\t\t\t\t\t\t<\/div>\n\t\t\t\t<\/div>\n\t\t\t\t\t<\/div>\n\t\t\t\t<\/div>\n\t\t<div class=\"elementor-element elementor-element-iwgcn-sami-s3 e-flex e-con-boxed e-con e-parent\" data-id=\"iwgcn-sami-s3\" data-element_type=\"container\" data-e-type=\"container\">\n\t\t\t\t\t<div class=\"e-con-inner\">\n\t\t\t\t<div class=\"elementor-element elementor-element-iwgcn-sami-s3h elementor-widget elementor-widget-heading\" data-id=\"iwgcn-sami-s3h\" data-element_type=\"widget\" data-e-type=\"widget\" data-widget_type=\"heading.default\">\n\t\t\t\t\t<h2 class=\"elementor-heading-title elementor-size-default\">Sam\u00edska tromman, kort af heiminum<\/h2>\t\t\t\t<\/div>\n\t\t<div class=\"elementor-element elementor-element-iwgcn-sami-s3-c e-con-full e-flex e-con e-child\" data-id=\"iwgcn-sami-s3-c\" data-element_type=\"container\" data-e-type=\"container\">\n\t\t\t\t<div class=\"elementor-element elementor-element-iwgcn-sami-s3t elementor-widget elementor-widget-text-editor\" data-id=\"iwgcn-sami-s3t\" data-element_type=\"widget\" data-e-type=\"widget\" data-widget_type=\"text-editor.default\">\n\t\t\t\t\t\t\t\t\t<p>Tromma noaidi (govadas, gievrie) er spor\u00f6skjulaga e\u00f0a hringlaga, me\u00f0 himnu \u00far hreind\u00fdraskinni, m\u00e1lu\u00f0 me\u00f0 rau\u00f0um elrib\u00f6rkslit. M\u00e1lverki\u00f0 s\u00fdnir heimsfr\u00e6\u00f0ilegt kort: s\u00f3l \u00ed mi\u00f0ju, gu\u00f0ir, d\u00fdr, fjallalei\u00f0s\u00f6gumenn, hinir framli\u00f0nu.<\/p><p>\u201eHamarinn\u201c, oftast \u00far hreind\u00fdrshornum, er nota\u00f0ur til a\u00f0 sl\u00e1 \u00e1 himnuna; hringlaga v\u00edsir (vuorbi, \u201efroskur\u201c \u00far beini) hleypur yfir sv\u00e6\u00f0in, og \u00fat fr\u00e1 st\u00f6\u00f0u hans er svari\u00f0 lesi\u00f0. Um 70 sam\u00edskar trommur eru var\u00f0veittar, \u00ed \u00dej\u00f3\u00f0minjasafni Sv\u00ed\u00fej\u00f3\u00f0ar, Nordiska Museet og sam\u00edskum s\u00f6fnum.<\/p>\t\t\t\t\t\t\t\t<\/div>\n\t\t\t\t<\/div>\n\t\t\t\t\t<\/div>\n\t\t\t\t<\/div>\n\t\t<div class=\"elementor-element elementor-element-x-sami-s-faq e-flex e-con-boxed e-con e-parent\" data-id=\"x-sami-s-faq\" data-element_type=\"container\" data-e-type=\"container\">\n\t\t\t\t\t<div class=\"e-con-inner\">\n\t\t\t\t<div class=\"elementor-element elementor-element-x-sami-h-faq elementor-widget elementor-widget-heading\" data-id=\"x-sami-h-faq\" data-element_type=\"widget\" data-e-type=\"widget\" data-widget_type=\"heading.default\">\n\t\t\t\t\t<h2 class=\"elementor-heading-title elementor-size-default\">Algengar spurningar um tr\u00fa Sama<\/h2>\t\t\t\t<\/div>\n\t\t<div class=\"elementor-element elementor-element-iwgcn-sami-s3-c e-con-full e-flex e-con e-child\" data-id=\"iwgcn-sami-s3-c\" data-element_type=\"container\" data-e-type=\"container\">\n\t\t\t\t<div class=\"elementor-element elementor-element-x-sami-t-faq elementor-widget elementor-widget-text-editor\" data-id=\"x-sami-t-faq\" data-element_type=\"widget\" data-e-type=\"widget\" data-widget_type=\"text-editor.default\">\n\t\t\t\t\t\t\t\t\t<h3>Hverjir eru Samarnir?<\/h3>\n<p>Samarnir eru upprunalegt f\u00f3lk Lapplands, um 80.000 manns \u00ed Noregi, Sv\u00ed\u00fej\u00f3\u00f0, Finnlandi og r\u00fassneska Karel\u00edu. \u00deeir tala sam\u00edsk tungum\u00e1l (\u00far\u00f6lsk). Fr\u00e1 1989 hafa \u00feeir veri\u00f0 vi\u00f0urkenndir af r\u00edkinu sem upprunalegt f\u00f3lk.<\/p>\n<h3>Hver er \u00ferumugu\u00f0inn?<\/h3>\n<p>\u00derumugu\u00f0inn er \u00ferumugu\u00f0 Sama, verndarherra Sama og hreind\u00fdrahaga. Nafn hans er dregi\u00f0 af fornnorr\u00e6na \u00de\u00f3r-karl, teki\u00f0 upp fr\u00e1 germanska \u00de\u00f3r.<\/p>\n<h3>Hva\u00f0 er sam\u00edska tromman?<\/h3>\n<p>Sam\u00edska sjamanatromman var lykilverkf\u00e6ri noaidi (sjamana). \u00c1 trommuh\u00fa\u00f0inni voru m\u00e1la\u00f0ir gu\u00f0ir, andar og heimsfr\u00e6\u00f0ileg svi\u00f0. \u00c1 17.-18. \u00f6ld voru flestar trommur brenndar af kristnum tr\u00fabo\u00f0um.<\/p>\n<h3>Hva\u00f0 var\u00f0 um tr\u00fa Sama?<\/h3>\n<p>Norskir, s\u00e6nskir og finnskir tr\u00fabo\u00f0ar k\u00fagu\u00f0u tr\u00fa Sama grimmilega \u00e1 \u00e1runum 1600 til 1900, sjamanar voru teknir af l\u00edfi, trommur brenndar. Ekki fyrr en \u00e1 20. \u00f6ld h\u00f3fst endurvakning, \u00ed dag stunda f\u00e1ir Samar opinberlega hina fornu tr\u00fa.<\/p>\n<script type=\"application\/ld+json\">{\"@context\": \"https:\/\/schema.org\", \"@type\": \"FAQPage\", \"mainEntity\": [{\"@type\": \"Question\", \"name\": \"Hverjir eru Samarnir?\", \"acceptedAnswer\": {\"@type\": \"Answer\", \"text\": \"Samarnir eru upprunalegt f\u00f3lk Lapplands, um 80.000 manns \u00ed Noregi, Sv\u00ed\u00fej\u00f3\u00f0, Finnlandi og r\u00fassneska Karel\u00edu. \u00deeir tala sam\u00edsk tungum\u00e1l (\u00far\u00f6lsk). Fr\u00e1 1989 hafa \u00feeir veri\u00f0 vi\u00f0urkenndir af r\u00edkinu sem upprunalegt f\u00f3lk.\"}}, {\"@type\": \"Question\", \"name\": \"Hver er \u00ferumugu\u00f0inn?\", \"acceptedAnswer\": {\"@type\": \"Answer\", \"text\": \"\u00derumugu\u00f0inn er \u00ferumugu\u00f0 Sama, verndarherra Sama og hreind\u00fdrahaga. Nafn hans er dregi\u00f0 af fornnorr\u00e6na \u00de\u00f3r-karl, teki\u00f0 upp fr\u00e1 germanska \u00de\u00f3r.\"}}, {\"@type\": \"Question\", \"name\": \"Hva\u00f0 er sam\u00edska tromman?\", \"acceptedAnswer\": {\"@type\": \"Answer\", \"text\": \"Sam\u00edska sjamanatromman var lykilverkf\u00e6ri noaidi (sjamana). \u00c1 trommuh\u00fa\u00f0inni voru m\u00e1la\u00f0ir gu\u00f0ir, andar og heimsfr\u00e6\u00f0ileg svi\u00f0. \u00c1 17.-18. \u00f6ld voru flestar trommur brenndar af kristnum tr\u00fabo\u00f0um.\"}}, {\"@type\": \"Question\", \"name\": \"Hva\u00f0 var\u00f0 um tr\u00fa Sama?\", \"acceptedAnswer\": {\"@type\": \"Answer\", \"text\": \"Norskir, s\u00e6nskir og finnskir tr\u00fabo\u00f0ar k\u00fagu\u00f0u tr\u00fa Sama grimmilega \u00e1 \u00e1runum 1600 til 1900, sjamanar voru teknir af l\u00edfi, trommur brenndar. Ekki fyrr en \u00e1 20. \u00f6ld h\u00f3fst endurvakning, \u00ed dag stunda f\u00e1ir Samar opinberlega hina fornu tr\u00fa.\"}}]}<\/script>\t\t\t\t\t\t\t\t<\/div>\n\t\t\t\t<\/div>\n\t\t\t\t\t<\/div>\n\t\t\t\t<\/div>\n\t\t<div class=\"elementor-element elementor-element-iwgcn-sami-s4 e-flex e-con-boxed e-con e-parent\" data-id=\"iwgcn-sami-s4\" data-element_type=\"container\" data-e-type=\"container\">\n\t\t\t\t\t<div class=\"e-con-inner\">\n\t\t\t\t<div class=\"elementor-element elementor-element-iwgcn-sami-s4h elementor-widget elementor-widget-heading\" data-id=\"iwgcn-sami-s4h\" data-element_type=\"widget\" data-e-type=\"widget\" data-widget_type=\"heading.default\">\n\t\t\t\t\t<h2 class=\"elementor-heading-title elementor-size-default\">Seita \/ Sieidi, heilagir steinar og heilagleiki landsins<\/h2>\t\t\t\t<\/div>\n\t\t<div class=\"elementor-element elementor-element-iwgcn-sami-s4-c e-con-full e-flex e-con e-child\" data-id=\"iwgcn-sami-s4-c\" data-element_type=\"container\" data-e-type=\"container\">\n\t\t\t\t<div class=\"elementor-element elementor-element-iwgcn-sami-s4t elementor-widget elementor-widget-text-editor\" data-id=\"iwgcn-sami-s4t\" data-element_type=\"widget\" data-e-type=\"widget\" data-widget_type=\"text-editor.default\">\n\t\t\t\t\t\t\t\t\t<p>Seita (einnig kalla\u00f0 Sieidi) eru s\u00e9rstakir steinar, klettar, tr\u00e9 e\u00f0a tr\u00e9bj\u00e1lkar sem eru tigna\u00f0ir sem b\u00faseta landv\u00e6tta. \u00deeim voru f\u00e6rt <span class=\"iwg-fachbegriff\" data-tooltip=\"Gj\u00f6f til gu\u00f0s e\u00f0a veru til a\u00f0 tj\u00e1 \u00feakkl\u00e6ti, b\u00f3n e\u00f0a lotningu.\" tabindex=\"0\">f\u00f3rnir<\/span>, hreind\u00fdrabl\u00f3\u00f0, bein, hornal\u00f6g, myntir, t\u00f3bak. Mikilv\u00e6gir Seita-sta\u00f0ir eru St\u00e1llog\u00e1rgu \u00ed Finnm\u00f6rk, \u00c1hkka-fjallgar\u00f0urinn \u00ed Sv\u00ed\u00fej\u00f3\u00f0 og Inarivatn \u00ed Finnlandi. Hver fj\u00f6lskylduklan haf\u00f0i s\u00edn eigin tengsl vi\u00f0 \u00e1kve\u00f0na Seita. Fr\u00e1 tr\u00faarbrag\u00f0afr\u00e6\u00f0ilegu sj\u00f3narhorni er Seita-tignun \u00ed grunninn tengsl vi\u00f0 landi\u00f0, ekki afstrakt gu\u00f0str\u00fa.<\/p>\t\t\t\t\t\t\t\t<\/div>\n\t\t\t\t<\/div>\n\t\t\t\t\t<\/div>\n\t\t\t\t<\/div>\n\t\t<div class=\"elementor-element elementor-element-iwgcn-sami-s5 e-flex e-con-boxed e-con e-parent\" data-id=\"iwgcn-sami-s5\" data-element_type=\"container\" data-e-type=\"container\">\n\t\t\t\t\t<div class=\"e-con-inner\">\n\t\t\t\t<div class=\"elementor-element elementor-element-iwgcn-sami-s5h elementor-widget elementor-widget-heading\" data-id=\"iwgcn-sami-s5h\" data-element_type=\"widget\" data-e-type=\"widget\" data-widget_type=\"heading.default\">\n\t\t\t\t\t<h2 class=\"elementor-heading-title elementor-size-default\">Verndargripir, trumba, joik, g\u00e1kti<\/h2>\t\t\t\t<\/div>\n\t\t<div class=\"elementor-element elementor-element-iwgcn-sami-s5-c e-con-full e-flex e-con e-child\" data-id=\"iwgcn-sami-s5-c\" data-element_type=\"container\" data-e-type=\"container\">\n\t\t\t\t<div class=\"elementor-element elementor-element-iwgcn-sami-s5t elementor-widget elementor-widget-text-editor\" data-id=\"iwgcn-sami-s5t\" data-element_type=\"widget\" data-e-type=\"widget\" data-widget_type=\"text-editor.default\">\n\t\t\t\t\t\t\t\t\t<p>Farart\u00e6k verndarhlutir eru sjaldan m\u00f3ta\u00f0ir sem \u00e1\u00fereifanleg hengi, \u00fev\u00ed sam\u00edsk tr\u00fa byggist fyrst og fremst \u00e1 tengslum vi\u00f0 landi\u00f0 \u00ed gegnum athafnir. \u00de\u00f3 er G\u00e1kti (\u00fej\u00f3\u00f0b\u00faningur) skreyttur me\u00f0 t\u00e1knr\u00e6num vefna\u00f0i og skreytingum sem gefa til kynna sv\u00e6\u00f0i, fj\u00f6lskyldu og st\u00f6\u00f0u, og \u00e1kve\u00f0in \u00fatsaumsmynstur hafa verndandi eiginleika.<\/p><p>Joik, hinn pers\u00f3nulegi s\u00f6ngur um manneskju, d\u00fdr e\u00f0a sta\u00f0, er hlj\u00f3\u00f0r\u00e6na lei\u00f0in til a\u00f0 \u201evernda\u201c og \u201eminnast\u201c. Trumbul\u00edk\u00f6n, beinahengi og bjarkarr\u00f3tarb\u00f6nd eru einnig notu\u00f0 til vi\u00f0b\u00f3tar.<\/p>\t\t\t\t\t\t\t\t<\/div>\n\t\t\t\t<\/div>\n\t\t\t\t\t<\/div>\n\t\t\t\t<\/div>\n\t\t<div class=\"elementor-element elementor-element-iwgcn-sami-s6 e-flex e-con-boxed e-con e-parent\" data-id=\"iwgcn-sami-s6\" data-element_type=\"container\" data-e-type=\"container\">\n\t\t\t\t\t<div class=\"e-con-inner\">\n\t\t\t\t<div class=\"elementor-element elementor-element-iwgcn-sami-s6h elementor-widget elementor-widget-heading\" data-id=\"iwgcn-sami-s6h\" data-element_type=\"widget\" data-e-type=\"widget\" data-widget_type=\"heading.default\">\n\t\t\t\t\t<h2 class=\"elementor-heading-title elementor-size-default\">Landn\u00e1m, kristnibo\u00f0 og endurvakning<\/h2>\t\t\t\t<\/div>\n\t\t<div class=\"elementor-element elementor-element-iwgcn-sami-s6-c e-con-full e-flex e-con e-child\" data-id=\"iwgcn-sami-s6-c\" data-element_type=\"container\" data-e-type=\"container\">\n\t\t\t\t<div class=\"elementor-element elementor-element-iwgcn-sami-s6t elementor-widget elementor-widget-text-editor\" data-id=\"iwgcn-sami-s6t\" data-element_type=\"widget\" data-e-type=\"widget\" data-widget_type=\"text-editor.default\">\n\t\t\t\t\t\t\t\t\t<p>Kristnitakan \u00e1tti s\u00e9r sta\u00f0 \u00e1 17. til 19. \u00f6ld, oft me\u00f0 valdi og trumbubrennum (\u00e1ri\u00f0 1693 voru 30 trumbur brenndar opinberlega \u00ed Arjeplog). Vakningarhreyfing lestad\u00edanista \u00e1 19. \u00f6ld (stofnu\u00f0 af sam\u00edska prestinum Lars Levi Laestadius) var\u00f0 fyrir marga Sama hin r\u00edkjandi tr\u00faarlega sj\u00e1lfsmynd, me\u00f0 eigin si\u00f0areglum.<\/p><p>Fr\u00e1 lokum 20. aldar hefur \u00e1tt s\u00e9r sta\u00f0 menningarleg og tr\u00faarleg endurvakning: sam\u00edska tungum\u00e1li\u00f0, endursm\u00ed\u00f0i trumba og endurreisn joik-s\u00f6ngs. Me\u00f0al fr\u00e6\u00f0irita m\u00e1 nefna H\u00e5kan Rydving <em>The End of Drum-Time<\/em> (1993), Juha Pentik\u00e4inen og Anne-Lise Karlsen.<\/p>\t\t\t\t\t\t\t\t<\/div>\n\t\t\t\t<\/div>\n\t\t\t\t\t<\/div>\n\t\t\t\t<\/div>\n\t\t<div class=\"elementor-element elementor-element-cp2d9a92a3 e-flex e-con-boxed e-con e-parent\" data-id=\"cp2d9a92a3\" data-element_type=\"container\" data-e-type=\"container\">\n\t\t\t\t\t<div class=\"e-con-inner\">\n\t\t\t\t<div class=\"elementor-element elementor-element-cp2515827f elementor-widget elementor-widget-heading\" data-id=\"cp2515827f\" data-element_type=\"widget\" data-e-type=\"widget\" data-widget_type=\"heading.default\">\n\t\t\t\t\t<h2 class=\"elementor-heading-title elementor-size-default\">\u00dej\u00f3\u00f0 \u00ed fj\u00f3rum r\u00edkjum og innbyr\u00f0is mismunur hennar<\/h2>\t\t\t\t<\/div>\n\t\t<div class=\"elementor-element elementor-element-cp25cbddf2 e-flex e-con-boxed e-con e-child\" data-id=\"cp25cbddf2\" data-element_type=\"container\" data-e-type=\"container\">\n\t\t\t\t\t<div class=\"e-con-inner\">\n\t\t\t\t<div class=\"elementor-element elementor-element-cp240cdc6c elementor-widget elementor-widget-text-editor\" data-id=\"cp240cdc6c\" data-element_type=\"widget\" data-e-type=\"widget\" data-widget_type=\"text-editor.default\">\n\t\t\t\t\t\t\t\t\t<p>Samar b\u00faa \u00ed nor\u00f0urhluta Noregs, Sv\u00ed\u00fej\u00f3\u00f0ar og Finnlands, auk r\u00fassnesku K\u00f3laskagans. \u00deetta sv\u00e6\u00f0i, oft kalla\u00f0 S\u00e1pmi, er skipt \u00e1 milli fj\u00f6gurra r\u00edkja, og Samar sj\u00e1lfir eru ekki einsleitur h\u00f3pur.<\/p><p>Til eru nokkur sam\u00edsk tungum\u00e1l sem eru ekki gagnkv\u00e6mt skiljanleg, \u00fear \u00e1 me\u00f0al nor\u00f0ursam\u00edska, l\u00falesam\u00edska, su\u00f0ursam\u00edska, enaresam\u00edska og skoltasam\u00edska. Tr\u00faarhef\u00f0ir voru einnig mismunandi eftir sv\u00e6\u00f0i og lifna\u00f0arh\u00e1ttum.<\/p><p>Lifna\u00f0arh\u00e6ttir sp\u00f6nnu\u00f0u fr\u00e1 hreind\u00fdrahaldi til fiskvei\u00f0a vi\u00f0 str\u00f6ndina og \u00e1 v\u00f6tnum og til vei\u00f0a. \u00deessi efnahagslegi mismunur endurspegla\u00f0ist \u00ed tr\u00fanni. Strandasamar, sk\u00f3garsamar og h\u00f3par sem fylgdu hreind\u00fdrahj\u00f6r\u00f0unum h\u00f6f\u00f0u a\u00f0 nokkru leyti mismunandi \u00e1herslur \u00ed d\u00fdrkun sinni. Almennar fullyr\u00f0ingar um sam\u00edska tr\u00fa fela \u00feessa innri fj\u00f6lbreytni.<\/p><p>M\u00f6rgum h\u00f3pum var sameiginleg tignun n\u00e1tt\u00faruv\u00e6tta og forfe\u00f0ra, mikilv\u00e6gi \u00e1kve\u00f0inna heilagra sta\u00f0a \u00ed landslaginu, f\u00f3rnarsta\u00f0anna sem kalla\u00f0ir voru <em>sieidi<\/em>, og pers\u00f3na athafnas\u00e9rfr\u00e6\u00f0ingsins, <em>noaidi<\/em>. \u00deessir sameiginlegu \u00fe\u00e6ttir eru \u00fe\u00f3 einnig sta\u00f0festir \u00e1 mismunandi h\u00e1tt eftir sv\u00e6\u00f0um \u00ed heimildunum, og margt er a\u00f0eins brotakennt kunnugt.<\/p>\t\t\t\t\t\t\t\t<\/div>\n\t\t\t\t\t<\/div>\n\t\t\t\t<\/div>\n\t\t\t\t\t<\/div>\n\t\t\t\t<\/div>\n\t\t<div class=\"elementor-element elementor-element-cp2b1a3dae e-flex e-con-boxed e-con e-parent\" data-id=\"cp2b1a3dae\" data-element_type=\"container\" data-e-type=\"container\">\n\t\t\t\t\t<div class=\"e-con-inner\">\n\t\t\t\t<div class=\"elementor-element elementor-element-cp282c06ff elementor-widget elementor-widget-heading\" data-id=\"cp282c06ff\" data-element_type=\"widget\" data-e-type=\"widget\" data-widget_type=\"heading.default\">\n\t\t\t\t\t<h2 class=\"elementor-heading-title elementor-size-default\">Hin heilaga trumba og m\u00e1ttarv\u00f6ld sam\u00edska heimsmyndarins<\/h2>\t\t\t\t<\/div>\n\t\t<div class=\"elementor-element elementor-element-cp228b4522 e-flex e-con-boxed e-con e-child\" data-id=\"cp228b4522\" data-element_type=\"container\" data-e-type=\"container\">\n\t\t\t\t\t<div class=\"e-con-inner\">\n\t\t\t\t<div class=\"elementor-element elementor-element-cp261454c5 elementor-widget elementor-widget-text-editor\" data-id=\"cp261454c5\" data-element_type=\"widget\" data-e-type=\"widget\" data-widget_type=\"text-editor.default\">\n\t\t\t\t\t\t\t\t\t<p>\u00deekktasta tr\u00faarlega hlutur Sama er trumban, \u00e1 nor\u00f0ursam\u00edsku k\u00f6llu\u00f0 <em>goavddis<\/em> e\u00f0a <em>meavrresg\u00e1rri<\/em>. H\u00fan var ger\u00f0 \u00far tr\u00e9grind e\u00f0a holum tr\u00e9bol me\u00f0 m\u00e1la\u00f0ri skinnh\u00fa\u00f0. Myndirnar \u00e1 h\u00fa\u00f0inni s\u00fdndu gu\u00f0ir, v\u00e6ttir, d\u00fdr, menn og landslags\u00fe\u00e6tti og myndu\u00f0u heildarmynd af heiminum.<\/p><p><em>Noaidi<\/em> nota\u00f0i trumbuna \u00e1 tvennan h\u00e1tt. Annars vegar l\u00e9t hann v\u00edsi ganga yfir skinni\u00f0 til a\u00f0 lesa fyrirbo\u00f0a \u00far hreyfingu hans yfir myndirnar. Hins vegar setti trumbusl\u00e1ttur hann \u00ed breytt vitundar\u00e1stand \u00fear sem s\u00e1l hans gat fer\u00f0ast til v\u00e6ttanna.<\/p><p>Sam\u00edska heimsmyndin ger\u00f0i r\u00e1\u00f0 fyrir m\u00f6rgum svi\u00f0um og fj\u00f6lda m\u00e1ttarvalda. Me\u00f0al \u00feeirra sem heimildir sta\u00f0festa eru s\u00f3lgu\u00f0ir, \u00ferumugu\u00f0, fj\u00f6ldi m\u00f3\u00f0urgy\u00f0ja sem b\u00e1ru \u00e1byrg\u00f0 \u00e1 f\u00e6\u00f0ingu og b\u00f6rnum, og herrar d\u00fdranna, t.d. fyrir birni og hreind\u00fdr.<\/p><p>Hinir d\u00e1nu og undirheimarnir h\u00f6f\u00f0u sinn sta\u00f0, og <em>sieidi<\/em>, oft \u00e1berandi klettar e\u00f0a steinar, voru taldir sta\u00f0ir \u00fear sem h\u00e6gt var a\u00f0 n\u00e1 sambandi vi\u00f0 \u00feessi m\u00e1ttarv\u00f6ld og f\u00e6ra \u00feeim f\u00f3rnir.<\/p><p>Ekki er full vissa um n\u00e1kv\u00e6ma skipan \u00feessa go\u00f0heims, \u00fev\u00ed heimildirnar eru dreif\u00f0ar og a\u00f0 nokkru leyti m\u00f3tsagnakenndar. Var\u00f0veittar trumbur, sem eru a\u00f0eins um sj\u00f6t\u00edu \u00ed heiminum, eru mikilv\u00e6g heimild, en myndir \u00feeirra eru ekki alltaf h\u00e6gt a\u00f0 t\u00falka me\u00f0 vissu.<\/p>\t\t\t\t\t\t\t\t<\/div>\n\t\t\t\t\t<\/div>\n\t\t\t\t<\/div>\n\t\t\t\t\t<\/div>\n\t\t\t\t<\/div>\n\t\t<div class=\"elementor-element elementor-element-cp295547c2 e-flex e-con-boxed e-con e-parent\" data-id=\"cp295547c2\" data-element_type=\"container\" data-e-type=\"container\">\n\t\t\t\t\t<div class=\"e-con-inner\">\n\t\t\t\t<div class=\"elementor-element elementor-element-cp28944fb0 elementor-widget elementor-widget-heading\" data-id=\"cp28944fb0\" data-element_type=\"widget\" data-e-type=\"widget\" data-widget_type=\"heading.default\">\n\t\t\t\t\t<h2 class=\"elementor-heading-title elementor-size-default\">Heimildirnar: kristnibo\u00f0ssk\u00fdrslur, uppt\u00e6kar trumbur og joik<\/h2>\t\t\t\t<\/div>\n\t\t<div class=\"elementor-element elementor-element-cp23d59da4 e-flex e-con-boxed e-con e-child\" data-id=\"cp23d59da4\" data-element_type=\"container\" data-e-type=\"container\">\n\t\t\t\t\t<div class=\"e-con-inner\">\n\t\t\t\t<div class=\"elementor-element elementor-element-cp2ce157b6 elementor-widget elementor-widget-text-editor\" data-id=\"cp2ce157b6\" data-element_type=\"widget\" data-e-type=\"widget\" data-widget_type=\"text-editor.default\">\n\t\t\t\t\t\t\t\t\t<p>Skrifleg <span class=\"iwg-fachbegriff\" data-tooltip=\"Mi\u00f0lun \u00feekkingar og fr\u00e1sagna milli kynsl\u00f3\u00f0a.\" tabindex=\"0\">arfleif\u00f0<\/span> um sam\u00edska tr\u00fa kemur n\u00e6r alfari\u00f0 utan fr\u00e1 og a\u00f0 mestu fr\u00e1 kristnibo\u00f0um. \u00c1 sautj\u00e1ndu og \u00e1tj\u00e1ndu \u00f6ld skrifu\u00f0u l\u00faterskir prestar \u00ed Noregi og Sv\u00ed\u00fej\u00f3\u00f0 sk\u00fdrslur um ath\u00e6fi sem var tali\u00f0 <span class=\"iwg-fachbegriff\" data-tooltip=\"Fr\u00e1 kristnu sj\u00f3narhorni: heyra til forkristinnar e\u00f0a \u00f3kristinnar tr\u00faar.\" tabindex=\"0\">hei\u00f0i\u00f0<\/span> og var reynt a\u00f0 uppr\u00e6ta.<\/p><p>Me\u00f0al betur kunnra heimilda eru ritverk norska kristnibo\u00f0ans Thomas von Westen og samstarfsmanna hans, auk seinni t\u00edma fr\u00e1sagna eins og \u00feeirra sem Knud Leem skrifa\u00f0i. \u00deessir textar eru efnismiklir en gegns\u00fdr\u00f0ir af hlutdr\u00e6gni, \u00fev\u00ed markmi\u00f0 \u00feeirra var a\u00f0 uppr\u00e6ta hina fornu tr\u00fa, ekki a\u00f0 l\u00fdsa henni.<\/p><p>Annar heimildaflokkur eru trumburnar sj\u00e1lfar, en margar \u00feeirra voru ger\u00f0ar uppt\u00e6kar \u00ed kristnibo\u00f0sstarfinu. Sumar r\u00f6tu\u00f0u \u00ed evr\u00f3psk s\u00f6fn, a\u00f0rar voru brenndar.<\/p><p>Sumir kristnibo\u00f0ar l\u00e9tu \u00fatsk\u00fdra fyrir s\u00e9r myndirnar og skr\u00e1\u00f0u t\u00falkanir, \u00feannig a\u00f0 fyrir \u00e1kve\u00f0nar trumbur er var\u00f0veitt samt\u00edmaleg t\u00falkun. Fr\u00e6knasta sl\u00edk heimild er handrit sem gefur merkingu myndanna \u00e1 trumbu sem ger\u00f0 var uppt\u00e6k \u00e1ri\u00f0 1691.<\/p><p>\u00deri\u00f0ja heimildin, af s\u00e9rst\u00f6ku tagi, er joik, hinn hef\u00f0bundni sam\u00edski s\u00f6ngur. Hann var ekki tr\u00faarlegur texti \u00ed str\u00f6ngum skilningi, en kristnibo\u00f0i\u00f0 bar\u00f0ist gegn honum sem <span class=\"iwg-fachbegriff\" data-tooltip=\"Fr\u00e1 kristnu sj\u00f3narhorni: heyra til forkristinnar e\u00f0a \u00f3kristinnar tr\u00faar.\" tabindex=\"0\">hei\u00f0num<\/span>, og \u00ed formi hans og innihaldi hafa var\u00f0veist tengsl vi\u00f0 hinn eldri hugmyndaheim.<\/p><p>Fr\u00e6\u00f0imenn eins og H\u00e5kan Rydving hafa s\u00fdnt fram \u00e1 hversu miki\u00f0 heimildirnar eru m\u00f3ta\u00f0ar af sj\u00f3narhorni kristnibo\u00f0sins, og vara vi\u00f0 \u00fev\u00ed a\u00f0 hver endurger\u00f0 sam\u00edskrar tr\u00faar ver\u00f0i a\u00f0 lifa me\u00f0 verulegri \u00f3vissu.<\/p>\t\t\t\t\t\t\t\t<\/div>\n\t\t\t\t\t<\/div>\n\t\t\t\t<\/div>\n\t\t\t\t\t<\/div>\n\t\t\t\t<\/div>\n\t\t<div class=\"elementor-element elementor-element-cp2c009332 e-flex e-con-boxed e-con e-parent\" data-id=\"cp2c009332\" data-element_type=\"container\" data-e-type=\"container\">\n\t\t\t\t\t<div class=\"e-con-inner\">\n\t\t\t\t<div class=\"elementor-element elementor-element-cp225c94da elementor-widget elementor-widget-heading\" data-id=\"cp225c94da\" data-element_type=\"widget\" data-e-type=\"widget\" data-widget_type=\"heading.default\">\n\t\t\t\t\t<h2 class=\"elementor-heading-title elementor-size-default\">\u00devingu\u00f0 kristnitaka, k\u00fagun og n\u00fat\u00edma endurheimt<\/h2>\t\t\t\t<\/div>\n\t\t<div class=\"elementor-element elementor-element-cp2c7191ab e-flex e-con-boxed e-con e-child\" data-id=\"cp2c7191ab\" data-element_type=\"container\" data-e-type=\"container\">\n\t\t\t\t\t<div class=\"e-con-inner\">\n\t\t\t\t<div class=\"elementor-element elementor-element-cp23f4061d elementor-widget elementor-widget-text-editor\" data-id=\"cp23f4061d\" data-element_type=\"widget\" data-e-type=\"widget\" data-widget_type=\"text-editor.default\">\n\t\t\t\t\t\t\t\t\t<p>Kristnitaka Sama var langt og hrottafengi\u00f0 ferli. Fyrstu snertingar \u00e1ttu s\u00e9r sta\u00f0 \u00feegar \u00e1 mi\u00f0\u00f6ldum, en kerfisbundi\u00f0 tr\u00fabo\u00f0 h\u00f3fst fyrir alv\u00f6ru \u00e1 sautj\u00e1ndu og \u00e1tj\u00e1ndu \u00f6ld. Trumbur voru ger\u00f0ar uppt\u00e6kar og brenndar, <em>noaidi<\/em> voru ofs\u00f3ttir og \u00ed einst\u00f6kum tilvikum voru menn teknir af l\u00edfi.<\/p><p>\u00c1 n\u00edtj\u00e1ndu og tuttugustu \u00f6ld tengdist tr\u00faarlegur \u00fer\u00fdstingur r\u00edkisstefnu um a\u00f0l\u00f6gun. \u00cd Noregi er \u00feetta kalla\u00f0 Fornorsking, e\u00f0a \u201enorskun\u201c. Sam\u00edsk tunga og menning voru b\u00e6ld ni\u00f0ur \u00ed sk\u00f3lum og heimavistarsk\u00f3lum.<\/p><p>S\u00e9rkennileg er sta\u00f0a l\u00e6stad\u00edanskrar vakningarhreyfingar, l\u00fatersks strauma sem Lars Levi Laestadius stofna\u00f0i \u00e1 n\u00edtj\u00e1ndu \u00f6ld og n\u00e1\u00f0i mikilli \u00fatbrei\u00f0slu me\u00f0al Sama. H\u00fan var annars vegar hluti af kristinni \u00edtro\u00f0slu, en bau\u00f0 hins vegar upp \u00e1 r\u00fdmi fyrir sam\u00edska tr\u00faari\u00f0kun og er af m\u00f6rgum talin hafa var\u00f0veitt eldri \u00fe\u00e6tti a\u00f0 nokkru leyti.<\/p><p>Fr\u00e1 lokum tuttugustu aldar hefur or\u00f0i\u00f0 menningarleg og p\u00f3lit\u00edsk uppbygging me\u00f0al Sama, sem s\u00e9st \u00ed eigin \u00feingum og \u00ed var\u00f0veislu tungum\u00e1lanna.<\/p><p>\u00cd \u00feessu samhengi m\u00e1 einnig sj\u00e1 n\u00fdjan \u00e1huga \u00e1 hinni fornkristnu <span class=\"iwg-fachbegriff\" data-tooltip=\"Mi\u00f0lun \u00feekkingar og fr\u00e1sagna milli kynsl\u00f3\u00f0a.\" tabindex=\"0\">munnm\u00e6lahef\u00f0<\/span>. Hann kemur fram \u00ed ranns\u00f3knum Sama \u00e1 eigin s\u00f6gu, \u00ed kr\u00f6fum um a\u00f0 f\u00e1 aftur uppt\u00e6kar trumbur \u00far s\u00f6fnum og \u00ed listr\u00e6nni endurvinnslu fornra minna.<\/p><p>Ekki er \u00fe\u00f3 unnt a\u00f0 tala um v\u00ed\u00f0t\u00e6ka endurvakningu hinnar fornu tr\u00faar sem lifandi i\u00f0kun. Flestir Samar eru kristnir og umfj\u00f6llun um hina fornkristnu fort\u00ed\u00f0 er fyrst og fremst hluti menningarlegrar sj\u00e1lfsvitundar og s\u00f6gulegrar \u00farvinnslu.<\/p>\t\t\t\t\t\t\t\t<\/div>\n\t\t\t\t\t<\/div>\n\t\t\t\t<\/div>\n\t\t\t\t\t<\/div>\n\t\t\t\t<\/div>\n\t\t<div class=\"elementor-element elementor-element-iwgha-sami-sec e-flex e-con-boxed e-con e-parent\" data-id=\"iwgha-sami-sec\" data-element_type=\"container\" data-e-type=\"container\">\n\t\t\t\t\t<div class=\"e-con-inner\">\n\t\t\t\t<div class=\"elementor-element elementor-element-iwgha-sami-h elementor-widget elementor-widget-heading\" data-id=\"iwgha-sami-h\" data-element_type=\"widget\" data-e-type=\"widget\" data-widget_type=\"heading.default\">\n\t\t\t\t\t<h2 class=\"elementor-heading-title elementor-size-default\">Verur \u00far \u00feessari hef\u00f0 (10)<\/h2>\t\t\t\t<\/div>\n\t\t<div class=\"elementor-element elementor-element-iwgha-sami-gc e-flex e-con-boxed e-con e-parent\" data-id=\"iwgha-sami-gc\" data-element_type=\"container\" data-e-type=\"container\">\n\t\t\t\t\t<div class=\"e-con-inner\">\n\t\t\t\t<div class=\"elementor-element elementor-element-iwgha-sami-grid elementor-widget elementor-widget-text-editor\" data-id=\"iwgha-sami-grid\" data-element_type=\"widget\" data-e-type=\"widget\" data-widget_type=\"text-editor.default\">\n\t\t\t\t\t\t\t\t\t<div class=\"iwg-wesen-grid\"><a class=\"iwg-wesen-card\" href=\"https:\/\/iwell-guard.com\/is\/beaivi-solargydja-sama\/\" aria-label=\"Beaivi \u2013 s\u00f3largy\u00f0ja Sama\"><div class=\"iwg-wesen-card-imgwrap\"><img decoding=\"async\" src=\"https:\/\/iwell-guard.com\/wp-content\/uploads\/2026\/05\/goetter_sami_beaivi-200x300.webp\" alt=\"Beaivi \u2013 s\u00f3largy\u00f0ja Sama\" loading=\"lazy\"><\/div><div class=\"iwg-wesen-card-body\"><div class=\"iwg-wesen-card-name\">Beaivi \u2013 s\u00f3largy\u00f0ja Sama<\/div><div class=\"iwg-wesen-card-arrow\">\u2192 \u00c1 v\u00e6ttina<\/div><\/div><\/a><a class=\"iwg-wesen-card\" href=\"https:\/\/iwell-guard.com\/is\/horagalles\/\" aria-label=\"Horagalles\"><div class=\"iwg-wesen-card-imgwrap\"><img decoding=\"async\" src=\"https:\/\/iwell-guard.com\/wp-content\/uploads\/2026\/05\/goetter_sami_horagalles-200x300.webp\" alt=\"Horagalles\" loading=\"lazy\"><\/div><div class=\"iwg-wesen-card-body\"><div class=\"iwg-wesen-card-name\">Horagalles<\/div><div class=\"iwg-wesen-card-arrow\">\u2192 \u00c1 v\u00e6ttina<\/div><\/div><\/a><a class=\"iwg-wesen-card\" href=\"https:\/\/iwell-guard.com\/is\/jabmiidaibmu-danarheimur-samar\/\" aria-label=\"Jabmiidaibmu \u2013 d\u00e1narheimur og r\u00edki hinna framli\u00f0nu me\u00f0al Sama\"><div class=\"iwg-wesen-card-imgwrap\"><img decoding=\"async\" src=\"https:\/\/iwell-guard.com\/wp-content\/uploads\/2026\/05\/geister_sami_jabmiidaibmu-200x300.webp\" alt=\"Jabmiidaibmu \u2013 d\u00e1narheimur og r\u00edki hinna framli\u00f0nu me\u00f0al Sama\" loading=\"lazy\"><\/div><div class=\"iwg-wesen-card-body\"><div class=\"iwg-wesen-card-name\">Jabmiidaibmu \u2013 d\u00e1narheimur og r\u00edki hinna framli\u00f0nu me\u00f0al Sama<\/div><div class=\"iwg-wesen-card-arrow\">\u2192 \u00c1 v\u00e6ttina<\/div><\/div><\/a><a class=\"iwg-wesen-card\" href=\"https:\/\/iwell-guard.com\/is\/juksakka-bogagydja-drengjaverndari\/\" aria-label=\"Juksakka \u2013 bogagy\u00f0ja og verndari drengja\"><div class=\"iwg-wesen-card-imgwrap\"><img decoding=\"async\" src=\"https:\/\/iwell-guard.com\/wp-content\/uploads\/2026\/05\/goetter_sami_juksakka-200x300.webp\" alt=\"Juksakka \u2013 bogagy\u00f0ja og verndari drengja\" loading=\"lazy\"><\/div><div class=\"iwg-wesen-card-body\"><div class=\"iwg-wesen-card-name\">Juksakka \u2013 bogagy\u00f0ja og verndari drengja<\/div><div class=\"iwg-wesen-card-arrow\">\u2192 \u00c1 v\u00e6ttina<\/div><\/div><\/a><a class=\"iwg-wesen-card\" href=\"https:\/\/iwell-guard.com\/is\/madderakka-forsaeta-aedsta-akka-sama\/\" aria-label=\"Madderakka \u2013 fors\u00e6ta og \u00e6\u00f0sta Akka Sama\"><div class=\"iwg-wesen-card-imgwrap\"><img decoding=\"async\" src=\"https:\/\/iwell-guard.com\/wp-content\/uploads\/2026\/05\/goetter_sami_madderakka-200x300.webp\" alt=\"Madderakka \u2013 fors\u00e6ta og \u00e6\u00f0sta Akka Sama\" loading=\"lazy\"><\/div><div class=\"iwg-wesen-card-body\"><div class=\"iwg-wesen-card-name\">Madderakka \u2013 fors\u00e6ta og \u00e6\u00f0sta Akka Sama<\/div><div class=\"iwg-wesen-card-arrow\">\u2192 \u00c1 v\u00e6ttina<\/div><\/div><\/a><a class=\"iwg-wesen-card\" href=\"https:\/\/iwell-guard.com\/is\/mannu-tunglgud-sama\/\" aria-label=\"M\u00e1nnu \u2013 Tunglgu\u00f0 Sama\"><div class=\"iwg-wesen-card-imgwrap\"><img decoding=\"async\" src=\"https:\/\/iwell-guard.com\/wp-content\/uploads\/2026\/05\/goetter_sami_maennu-sami-200x300.webp\" alt=\"M\u00e1nnu \u2013 Tunglgu\u00f0 Sama\" loading=\"lazy\"><\/div><div class=\"iwg-wesen-card-body\"><div class=\"iwg-wesen-card-name\">M\u00e1nnu \u2013 Tunglgu\u00f0 Sama<\/div><div class=\"iwg-wesen-card-arrow\">\u2192 \u00c1 v\u00e6ttina<\/div><\/div><\/a><a class=\"iwg-wesen-card\" href=\"https:\/\/iwell-guard.com\/is\/rahka-faethirgud-samverskrar-truar\/\" aria-label=\"R\u00e1hka \u2013 fa\u00f0irgu\u00f0 samverskrar tr\u00faar\"><div class=\"iwg-wesen-card-imgwrap\"><img decoding=\"async\" src=\"https:\/\/iwell-guard.com\/wp-content\/uploads\/2026\/05\/goetter_sami_raehka-200x300.webp\" alt=\"R\u00e1hka \u2013 fa\u00f0irgu\u00f0 samverskrar tr\u00faar\" loading=\"lazy\"><\/div><div class=\"iwg-wesen-card-body\"><div class=\"iwg-wesen-card-name\">R\u00e1hka \u2013 fa\u00f0irgu\u00f0 samverskrar tr\u00faar<\/div><div class=\"iwg-wesen-card-arrow\">\u2192 \u00c1 v\u00e6ttina<\/div><\/div><\/a><a class=\"iwg-wesen-card\" href=\"https:\/\/iwell-guard.com\/is\/saivo-heilagur-fjalla-og-vatnaheimur-sama\/\" aria-label=\"Saivo \u2013 Heilagur fjalla- og vatnaheimur Sama\"><div class=\"iwg-wesen-card-imgwrap\"><img decoding=\"async\" src=\"https:\/\/iwell-guard.com\/wp-content\/uploads\/2026\/05\/geister_sami_saivo-200x300.webp\" alt=\"Saivo \u2013 Heilagur fjalla- og vatnaheimur Sama\" loading=\"lazy\"><\/div><div class=\"iwg-wesen-card-body\"><div class=\"iwg-wesen-card-name\">Saivo \u2013 Heilagur fjalla- og vatnaheimur Sama<\/div><div class=\"iwg-wesen-card-arrow\">\u2192 \u00c1 v\u00e6ttina<\/div><\/div><\/a><a class=\"iwg-wesen-card\" href=\"https:\/\/iwell-guard.com\/is\/sara-akka-faedingargydja-sama\/\" aria-label=\"Sara-Akka \u2013 F\u00e6\u00f0ingargy\u00f0ja Sama\"><div class=\"iwg-wesen-card-imgwrap\"><img decoding=\"async\" src=\"https:\/\/iwell-guard.com\/wp-content\/uploads\/2026\/05\/goetter_sami_sara-akka-200x300.webp\" alt=\"Sara-Akka \u2013 F\u00e6\u00f0ingargy\u00f0ja Sama\" loading=\"lazy\"><\/div><div class=\"iwg-wesen-card-body\"><div class=\"iwg-wesen-card-name\">Sara-Akka \u2013 F\u00e6\u00f0ingargy\u00f0ja Sama<\/div><div class=\"iwg-wesen-card-arrow\">\u2192 \u00c1 v\u00e6ttina<\/div><\/div><\/a><a class=\"iwg-wesen-card\" href=\"https:\/\/iwell-guard.com\/is\/stallo-mannaeta-jotunn-samiskrar-hefdar\/\" aria-label=\"Stallo \u2013 Manneta j\u00f6tunn sam\u00edskrar hef\u00f0ar\"><div class=\"iwg-wesen-card-imgwrap\"><img decoding=\"async\" src=\"https:\/\/iwell-guard.com\/wp-content\/uploads\/2026\/05\/goetter_sami_stallo-200x300.webp\" alt=\"Stallo \u2013 Manneta j\u00f6tunn sam\u00edskrar hef\u00f0ar\" loading=\"lazy\"><\/div><div class=\"iwg-wesen-card-body\"><div class=\"iwg-wesen-card-name\">Stallo \u2013 Manneta j\u00f6tunn sam\u00edskrar hef\u00f0ar<\/div><div class=\"iwg-wesen-card-arrow\">\u2192 \u00c1 v\u00e6ttina<\/div><\/div><\/a><a class=\"iwg-wesen-card\" href=\"https:\/\/iwell-guard.com\/is\/uksakka-dyragydja-samar\/\" aria-label=\"Uksakka \u2013 Dyragy\u00f0ja og dyra\u00fer\u00f6skuldsv\u00f6r\u00f0ur Sama\"><div class=\"iwg-wesen-card-imgwrap\"><img decoding=\"async\" src=\"https:\/\/iwell-guard.com\/wp-content\/uploads\/2026\/05\/goetter_sami_uksakka-1-200x300.webp\" alt=\"Uksakka \u2013 Dyragy\u00f0ja og dyra\u00fer\u00f6skuldsv\u00f6r\u00f0ur Sama\" loading=\"lazy\"><\/div><div class=\"iwg-wesen-card-body\"><div class=\"iwg-wesen-card-name\">Uksakka \u2013 Dyragy\u00f0ja og dyra\u00fer\u00f6skuldsv\u00f6r\u00f0ur Sama<\/div><div class=\"iwg-wesen-card-arrow\">\u2192 \u00c1 v\u00e6ttina<\/div><\/div><\/a><\/div>\t\t\t\t\t\t\t\t<\/div>\n\t\t\t\t\t<\/div>\n\t\t\t\t<\/div>\n\t\t\t\t\t<\/div>\n\t\t\t\t<\/div>\n\t\t<div class=\"elementor-element elementor-element-iwgkw2-add-sami e-flex e-con-boxed e-con e-parent\" data-id=\"iwgkw2-add-sami\" data-element_type=\"container\" data-e-type=\"container\">\n\t\t\t\t\t<div class=\"e-con-inner\">\n\t\t\t\t<div class=\"elementor-element elementor-element-iwgkw2-add-sami-t elementor-widget elementor-widget-text-editor\" data-id=\"iwgkw2-add-sami-t\" data-element_type=\"widget\" data-e-type=\"widget\" data-widget_type=\"text-editor.default\">\n\t\t\t\t\t\t\t\t\t<p>Sam\u00edski <em><span class=\"iwg-fachbegriff\" data-tooltip=\"Tr\u00faarlegt kerfi \u00fear sem s\u00e9rfr\u00e6\u00f0ingar eiga samskipti vi\u00f0 andaheiminn.\" tabindex=\"0\">sjamanismi<\/span><\/em> tengir saman Noaidi, trumbu og Seita-steina \u00ed s\u00e9rst\u00e6\u00f0a <em>varnari\u00f0kun<\/em>, sem \u00e1tti a\u00f0 sk\u00fdla fj\u00f6lskyldum, hreind\u00fdrahj\u00f6r\u00f0um og b\u00fast\u00f6\u00f0um fyrir sj\u00fakd\u00f3ms- og n\u00e1tt\u00faru\u00f6ndum.<\/p>\t\t\t\t\t\t\t\t<\/div>\n\t\t\t\t\t<\/div>\n\t\t\t\t<\/div>\n\t\t<div class=\"elementor-element elementor-element-iwgcn-sami-kwd e-flex e-con-boxed e-con e-parent\" data-id=\"iwgcn-sami-kwd\" data-element_type=\"container\" data-e-type=\"container\">\n\t\t\t\t\t<div class=\"e-con-inner\">\n\t\t<div class=\"elementor-element elementor-element-iwgcn-sami-kwd-c e-con-full e-flex e-con e-child\" data-id=\"iwgcn-sami-kwd-c\" data-element_type=\"container\" data-e-type=\"container\">\n\t\t\t\t<div class=\"elementor-element elementor-element-iwgcn-sami-kwdt elementor-widget elementor-widget-text-editor\" data-id=\"iwgcn-sami-kwdt\" data-element_type=\"widget\" data-e-type=\"widget\" data-widget_type=\"text-editor.default\">\n\t\t\t\t\t\t\t\t\t<p><em>Tengd lykilor\u00f0: Sami Noaidi Sieidi Seita Pejvve Beaivi R\u00e1hka M\u00e1nnu Lapland Trommel Joik Reindeer.<\/em><\/p>\t\t\t\t\t\t\t\t<\/div>\n\t\t\t\t<\/div>\n\t\t\t\t\t<\/div>\n\t\t\t\t<\/div>\n\t\t<div class=\"elementor-element elementor-element-iwgcn-sami-cc e-flex e-con-boxed e-con e-parent\" data-id=\"iwgcn-sami-cc\" data-element_type=\"container\" data-e-type=\"container\" id=\"iwg-cc-sami\">\n\t\t\t\t\t<div class=\"e-con-inner\">\n\t\t<div class=\"elementor-element elementor-element-iwgcn-sami-ccinner e-flex e-con-boxed e-con e-parent\" data-id=\"iwgcn-sami-ccinner\" data-element_type=\"container\" data-e-type=\"container\" data-settings=\"{&quot;background_background&quot;:&quot;classic&quot;}\">\n\t\t\t\t\t<div class=\"e-con-inner\">\n\t\t\t\t<div class=\"elementor-element elementor-element-iwgcn-sami-cch elementor-widget elementor-widget-heading\" data-id=\"iwgcn-sami-cch\" data-element_type=\"widget\" data-e-type=\"widget\" data-widget_type=\"heading.default\">\n\t\t\t\t\t<h2 class=\"elementor-heading-title elementor-size-default\">Verndargripir \u00ed \u00feessari menningarhef\u00f0<\/h2>\t\t\t\t<\/div>\n\t\t\t\t<div class=\"elementor-element elementor-element-iwgcn-sami-cct elementor-widget elementor-widget-text-editor\" data-id=\"iwgcn-sami-cct\" data-element_type=\"widget\" data-e-type=\"widget\" data-widget_type=\"text-editor.default\">\n\t\t\t\t\t\t\t\t\t<p>Sam\u00edsk hef\u00f0 \u00feekkir hina heimsfr\u00e6\u00f0ilega m\u00e1lu\u00f0u sjamanatrumbu me\u00f0 Vuorbi-v\u00edsum, Seita-steina sem sta\u00f0bundin helgista\u00f0i og \u00fatsauma\u00f0a G\u00e1kti-b\u00faninga me\u00f0 sv\u00e6\u00f0isbundnum verndart\u00e1knum; farandb\u00fanir verndargripir eru f\u00e1ir, tengsl vi\u00f0 landi\u00f0 eru meginbur\u00f0ar\u00e1s tr\u00faari\u00f0kunarins.<\/p><div data-nosnippet=\"true\"><p>iWell Guard fellur inn \u00ed \u00feessa menningars\u00f6gulegu hef\u00f0 farandverndargripa, \u00ed samt\u00edmalegri efnisger\u00f0, framleitt \u00ed \u00de\u00fdskalandi. 41 lag, alv\u00f6ru gull, plat\u00edna, silfur. 30 daga skilar\u00e9ttur.<\/p><\/div>\t\t\t\t\t\t\t\t<\/div>\n\t\t\t\t<div class=\"elementor-element elementor-element-iwgcn-sami-ccb iwg-cc-button iwg-cc-cta-2026-05-13 elementor-widget elementor-widget-jet-button\" data-id=\"iwgcn-sami-ccb\" data-element_type=\"widget\" data-e-type=\"widget\" data-widget_type=\"jet-button.default\">\n\t\t\t\t<div class=\"elementor-widget-container\">\n\t\t\t\t\t<div class=\"elementor-jet-button jet-elements\"><div class=\"jet-button__container\"><a class=\"jet-button__instance jet-button__instance--icon-left hover-effect-1\" href=\"\/ueber-iwell-guard\/?utm_source=iwell-guard.com&amp;utm_medium=info-box&amp;utm_campaign=kultur-tradition\"><div class=\"jet-button__plane jet-button__plane-normal\"><\/div><div class=\"jet-button__plane jet-button__plane-hover\"><\/div><div class=\"jet-button__state jet-button__state-normal\"><span class=\"jet-button__label\">Meira um iWell Guard<\/span><\/div><div class=\"jet-button__state jet-button__state-hover\"><span class=\"jet-button__label\">Meira um iWell Guard<\/span><\/div><\/a><\/div><\/div><style>.elementor-element.elementor-element-iwgcn-sami-ccb .jet-button__instance{width:320px;height:56px;}.elementor-element.elementor-element-iwgcn-sami-ccb .jet-button__state-normal .jet-button__label{text-align:center;margin:0px 0px 0px 0px;color:#1a1b20;font-family:Montserrat,sans-serif;font-size:13px;font-weight:400;letter-spacing:4px;line-height:1.714em;text-transform:uppercase;}.elementor-element.elementor-element-iwgcn-sami-ccb .jet-button__state-hover .jet-button__label{text-align:center;margin:0px 0px 0px 0px;color:#FECC76;font-family:Montserrat,sans-serif;font-size:13px;font-weight:400;letter-spacing:4px;line-height:1.714em;text-transform:uppercase;}.elementor-element.elementor-element-iwgcn-sami-ccb .jet-button__plane-normal{background-color:#FECC76;border-style:solid;border-color:#C99540;border-width:2px 2px 2px 2px;}.elementor-element.elementor-element-iwgcn-sami-ccb .jet-button__plane-hover{background-color:rgba(0,0,0,0.55);border-style:solid;border-color:#FECC76;border-width:2px 2px 2px 2px;}<\/style>\t\t\t\t<\/div>\n\t\t\t\t<\/div>\n\t\t\t\t<div class=\"elementor-element elementor-element-iwgcn-sami-ccd elementor-widget elementor-widget-text-editor\" data-id=\"iwgcn-sami-ccd\" data-element_type=\"widget\" data-e-type=\"widget\" data-widget_type=\"text-editor.default\">\n\t\t\t\t\t\t\t\t\t<div data-nosnippet=\"true\"><p style=\"text-align:center;font-size:13px;opacity:0.7;margin-top:14px\" data-nosnippet=\"true\">Pers\u00f3nuleg reynsla getur veri\u00f0 mismunandi. Ekki l\u00e6kningat\u00e6ki. Engin lofor\u00f0 um l\u00e6kningu.<\/p><\/div>\t\t\t\t\t\t\t\t<\/div>\n\t\t\t\t\t<\/div>\n\t\t\t\t<\/div>\n\t\t\t\t\t<\/div>\n\t\t\t\t<\/div>\n\t\t<div class=\"elementor-element elementor-element-iwgcn-sami-disc e-flex e-con-boxed e-con e-parent\" data-id=\"iwgcn-sami-disc\" data-element_type=\"container\" data-e-type=\"container\">\n\t\t\t\t\t<div class=\"e-con-inner\">\n\t\t\t\t<div class=\"elementor-element elementor-element-iwgcn-sami-discw elementor-widget elementor-widget-html\" data-id=\"iwgcn-sami-discw\" data-element_type=\"widget\" data-e-type=\"widget\" data-widget_type=\"html.default\">\n\t\t\t\t\t<footer data-nosnippet=\"true\" class=\"iwg-disclaimer-block\"><p data-nosnippet=\"true\">iWell Guard er <strong>ekki l\u00e6kningat\u00e6ki<\/strong> og kemur ekki \u00ed sta\u00f0inn fyrir l\u00e6knis- e\u00f0a s\u00e1lfr\u00e6\u00f0ime\u00f0fer\u00f0. Tr\u00faarfr\u00e6\u00f0ilegt efni er menningars\u00f6gulegt samhengi, ekki r\u00e1\u00f0legging um andlega i\u00f0kun.<\/p><\/footer>\t\t\t\t<\/div>\n\t\t\t\t\t<\/div>\n\t\t\t\t<\/div>\n\t\t\t\t<\/div>\n\t\t","protected":false},"excerpt":{"rendered":"","protected":false},"author":3,"featured_media":2890,"parent":0,"menu_order":0,"comment_status":"closed","ping_status":"closed","template":"elementor_header_footer","meta":{"_yoast_wpseo_focuskw":"gu\u00f0ir sama","_yoast_wpseo_title":"Gu\u00f0ir Sama \u2013 go\u00f0aveldi Lapplands","_yoast_wpseo_metadesc":"Gu\u00f0ir Sama: Horagalles (\u00feruma), Beaivi (s\u00f3l), M\u00e1nnu (tungl), V\u00e1r\u00e1lden olmm\u00e1i. Sjamanismi, heilagar trommur og Sieidi-steinar.","_yoast_wpseo_meta-robots-noindex":"","_yoast_wpseo_canonical":"","_angie_page":false,"gefaehrdungsstufe":"","wesen_kultur":"","wesen_klasse":"","footnotes":""},"categories":[],"class_list":["post-168918","page","type-page","status-publish","has-post-thumbnail","hentry"],"yoast_head":"<!-- This site is optimized with the Yoast SEO Premium plugin v27.7 (Yoast SEO v28.3) - https:\/\/yoast.com\/product\/yoast-seo-premium-wordpress\/ -->\n<title>Gu\u00f0ir Sama \u2013 go\u00f0aveldi Lapplands<\/title>\n<meta name=\"description\" content=\"Gu\u00f0ir Sama: Horagalles (\u00feruma), Beaivi (s\u00f3l), M\u00e1nnu (tungl), V\u00e1r\u00e1lden olmm\u00e1i. Sjamanismi, heilagar trommur og Sieidi-steinar.\" \/>\n<meta name=\"robots\" content=\"index, follow, max-snippet:-1, max-image-preview:large, max-video-preview:-1\" \/>\n<link rel=\"canonical\" href=\"https:\/\/iwell-guard.com\/is\/sami-finnsk-ugrisk-hefd-noaidi-tromma\/\" \/>\n<meta property=\"og:locale\" content=\"is_IS\" \/>\n<meta property=\"og:type\" content=\"article\" \/>\n<meta property=\"og:title\" content=\"Samar og finnsk-\u00fagr\u00ed\u00f0 hef\u00f0 \u2013 Noaidi og tromma\" \/>\n<meta property=\"og:description\" content=\"Gu\u00f0ir Sama: Horagalles (\u00feruma), Beaivi (s\u00f3l), M\u00e1nnu (tungl), V\u00e1r\u00e1lden olmm\u00e1i. Sjamanismi, heilagar trommur og Sieidi-steinar.\" \/>\n<meta property=\"og:url\" content=\"https:\/\/iwell-guard.com\/is\/sami-finnsk-ugrisk-hefd-noaidi-tromma\/\" \/>\n<meta property=\"og:site_name\" content=\"iWell Guard\" \/>\n<meta property=\"article:modified_time\" content=\"2026-09-05T14:22:46+00:00\" \/>\n<meta property=\"og:image\" content=\"https:\/\/iwell-guard.com\/wp-content\/uploads\/2026\/05\/goetter_sami_beaivi.webp\" \/>\n\t<meta property=\"og:image:width\" content=\"1024\" \/>\n\t<meta property=\"og:image:height\" content=\"1536\" \/>\n\t<meta property=\"og:image:type\" content=\"image\/webp\" \/>\n<meta name=\"twitter:card\" content=\"summary_large_image\" \/>\n<script type=\"application\/ld+json\" class=\"yoast-schema-graph\">{\"@context\":\"https:\\\/\\\/schema.org\",\"@graph\":[{\"@type\":\"WebPage\",\"@id\":\"https:\\\/\\\/iwell-guard.com\\\/is\\\/sami-finnsk-ugrisk-hefd-noaidi-tromma\\\/\",\"url\":\"https:\\\/\\\/iwell-guard.com\\\/is\\\/sami-finnsk-ugrisk-hefd-noaidi-tromma\\\/\",\"name\":\"Gu\u00f0ir Sama \u2013 go\u00f0aveldi Lapplands\",\"isPartOf\":{\"@id\":\"https:\\\/\\\/iwell-guard.com\\\/is\\\/#website\"},\"primaryImageOfPage\":{\"@id\":\"https:\\\/\\\/iwell-guard.com\\\/is\\\/sami-finnsk-ugrisk-hefd-noaidi-tromma\\\/#primaryimage\"},\"image\":{\"@id\":\"https:\\\/\\\/iwell-guard.com\\\/is\\\/sami-finnsk-ugrisk-hefd-noaidi-tromma\\\/#primaryimage\"},\"thumbnailUrl\":\"https:\\\/\\\/iwell-guard.com\\\/wp-content\\\/uploads\\\/2026\\\/05\\\/goetter_sami_beaivi.webp\",\"datePublished\":\"2026-09-05T14:04:03+00:00\",\"dateModified\":\"2026-09-05T14:22:46+00:00\",\"description\":\"Gu\u00f0ir Sama: Horagalles (\u00feruma), Beaivi (s\u00f3l), M\u00e1nnu (tungl), V\u00e1r\u00e1lden olmm\u00e1i. Sjamanismi, heilagar trommur og Sieidi-steinar.\",\"breadcrumb\":{\"@id\":\"https:\\\/\\\/iwell-guard.com\\\/is\\\/sami-finnsk-ugrisk-hefd-noaidi-tromma\\\/#breadcrumb\"},\"inLanguage\":\"is\",\"potentialAction\":[{\"@type\":\"ReadAction\",\"target\":[\"https:\\\/\\\/iwell-guard.com\\\/is\\\/sami-finnsk-ugrisk-hefd-noaidi-tromma\\\/\"]}]},{\"@type\":\"ImageObject\",\"inLanguage\":\"is\",\"@id\":\"https:\\\/\\\/iwell-guard.com\\\/is\\\/sami-finnsk-ugrisk-hefd-noaidi-tromma\\\/#primaryimage\",\"url\":\"https:\\\/\\\/iwell-guard.com\\\/wp-content\\\/uploads\\\/2026\\\/05\\\/goetter_sami_beaivi.webp\",\"contentUrl\":\"https:\\\/\\\/iwell-guard.com\\\/wp-content\\\/uploads\\\/2026\\\/05\\\/goetter_sami_beaivi.webp\",\"width\":1024,\"height\":1536,\"caption\":\"Gu\u00f0ir \u00far hef\u00f0 Sama.\"},{\"@type\":\"BreadcrumbList\",\"@id\":\"https:\\\/\\\/iwell-guard.com\\\/is\\\/sami-finnsk-ugrisk-hefd-noaidi-tromma\\\/#breadcrumb\",\"itemListElement\":[{\"@type\":\"ListItem\",\"position\":1,\"name\":\"Start\",\"item\":\"https:\\\/\\\/iwell-guard.com\\\/is\\\/?page_id=168580\"},{\"@type\":\"ListItem\",\"position\":2,\"name\":\"Samar og finnsk-\u00fagr\u00ed\u00f0 hef\u00f0 \u2013 Noaidi og tromma\"}]},{\"@type\":\"WebSite\",\"@id\":\"https:\\\/\\\/iwell-guard.com\\\/is\\\/#website\",\"url\":\"https:\\\/\\\/iwell-guard.com\\\/is\\\/\",\"name\":\"iWell Guard\",\"description\":\"Schutz vor dunklen Einfl\u00fcssen\",\"publisher\":{\"@id\":\"https:\\\/\\\/iwell-guard.com\\\/is\\\/#organization\"},\"potentialAction\":[{\"@type\":\"SearchAction\",\"target\":{\"@type\":\"EntryPoint\",\"urlTemplate\":\"https:\\\/\\\/iwell-guard.com\\\/is\\\/?s={search_term_string}\"},\"query-input\":{\"@type\":\"PropertyValueSpecification\",\"valueRequired\":true,\"valueName\":\"search_term_string\"}}],\"inLanguage\":\"is\"},{\"@type\":\"Organization\",\"@id\":\"https:\\\/\\\/iwell-guard.com\\\/is\\\/#organization\",\"name\":\"Ittermann electronic GmbH\",\"url\":\"https:\\\/\\\/iwell-guard.com\\\/is\\\/\",\"logo\":{\"@type\":\"ImageObject\",\"inLanguage\":\"is\",\"@id\":\"https:\\\/\\\/iwell-guard.com\\\/is\\\/#\\\/schema\\\/logo\\\/image\\\/\",\"url\":\"https:\\\/\\\/iwell-guard.com\\\/wp-content\\\/uploads\\\/2026\\\/05\\\/Ittermann-Logo-1182x237-1.png\",\"contentUrl\":\"https:\\\/\\\/iwell-guard.com\\\/wp-content\\\/uploads\\\/2026\\\/05\\\/Ittermann-Logo-1182x237-1.png\",\"width\":1182,\"height\":237,\"caption\":\"Ittermann electronic GmbH\"},\"image\":{\"@id\":\"https:\\\/\\\/iwell-guard.com\\\/is\\\/#\\\/schema\\\/logo\\\/image\\\/\"},\"sameAs\":[\"https:\\\/\\\/pantip.com\\\/profile\\\/9367242\",\"https:\\\/\\\/micro.blog\\\/iwellguard\",\"https:\\\/\\\/www.diggerslist.com\\\/iwellguard\\\/about\",\"https:\\\/\\\/skitterphoto.com\\\/photographers\\\/2870314\\\/iwell-guard\",\"https:\\\/\\\/iwellguard.wordpress.com\\\/2026\\\/06\\\/06\\\/iwell-guard\\\/\",\"https:\\\/\\\/hub.docker.com\\\/u\\\/iwellguard\",\"https:\\\/\\\/www.pinterest.com\\\/iwellguard\\\/\",\"https:\\\/\\\/bit.ly\\\/m\\\/iwellguard\",\"https:\\\/\\\/entre-vos-mains.alsace.eu\\\/profiles\\\/iwellguard\\\/activity\",\"https:\\\/\\\/gravatar.com\\\/reallybeded8fd34\",\"https:\\\/\\\/naijamatta.com\\\/iwellguard\",\"https:\\\/\\\/www.goodreads.com\\\/iwellguard\",\"https:\\\/\\\/profile.hatena.ne.jp\\\/iwellguard\\\/\",\"https:\\\/\\\/experiment.com\\\/users\\\/iwellguard\",\"https:\\\/\\\/wakelet.com\\\/@iWellGuard82270\",\"https:\\\/\\\/www.chordie.com\\\/forum\\\/profile.php?id=2555664\",\"https:\\\/\\\/www.instapaper.com\\\/p\\\/17757966\",\"https:\\\/\\\/www.mapleprimes.com\\\/users\\\/iwellguard\",\"https:\\\/\\\/businesslistingplus.com\\\/profile\\\/iwell-guard\\\/\",\"https:\\\/\\\/telegra.ph\\\/iWell-Guard-06-06\",\"https:\\\/\\\/pbase.com\\\/iwellguard\\\/iwellguard\",\"https:\\\/\\\/b.hatena.ne.jp\\\/iwellguard\\\/20260607#bookmark-4788405196491818882\",\"https:\\\/\\\/fliphtml5.com\\\/home\\\/iwellguard\",\"https:\\\/\\\/anyflip.com\\\/homepage\\\/cmiwl#About\",\"https:\\\/\\\/transfur.com\\\/Users\\\/iwellguard\",\"http:\\\/\\\/delphi.larsbo.org\\\/user\\\/iwellguard\",\"https:\\\/\\\/jobs.lajobsportal.org\\\/profiles\\\/8380803-iwell-guard\",\"https:\\\/\\\/md.chaosdorf.de\\\/s\\\/jfbe5SBdJD\",\"https:\\\/\\\/www.lingvolive.com\\\/en-us\\\/profile\\\/9ecaeaca-ce11-4e51-9e71-01d55e2bff36\\\/translations\",\"https:\\\/\\\/www.fitday.com\\\/fitness\\\/forums\\\/members\\\/iwellguard.html\",\"https:\\\/\\\/www.mymeetbook.com\\\/iwellguard\",\"https:\\\/\\\/pxhere.com\\\/en\\\/photographer-me\\\/5040798\",\"https:\\\/\\\/disqus.com\\\/by\\\/iwellguard\\\/about\\\/\",\"https:\\\/\\\/pastelink.net\\\/hjwciqwq\",\"https:\\\/\\\/pubhtml5.com\\\/homepage\\\/scjhn\\\/\",\"https:\\\/\\\/www.bitchute.com\\\/channel\\\/2O2eOKzNqujT\",\"https:\\\/\\\/audiomack.com\\\/iwellguard\"]}]}<\/script>\n<!-- \/ Yoast SEO Premium plugin. -->","yoast_head_json":{"title":"Gu\u00f0ir Sama \u2013 go\u00f0aveldi Lapplands","description":"Gu\u00f0ir Sama: Horagalles (\u00feruma), Beaivi (s\u00f3l), M\u00e1nnu (tungl), V\u00e1r\u00e1lden olmm\u00e1i. Sjamanismi, heilagar trommur og Sieidi-steinar.","robots":{"index":"index","follow":"follow","max-snippet":"max-snippet:-1","max-image-preview":"max-image-preview:large","max-video-preview":"max-video-preview:-1"},"canonical":"https:\/\/iwell-guard.com\/is\/sami-finnsk-ugrisk-hefd-noaidi-tromma\/","og_locale":"is_IS","og_type":"article","og_title":"Samar og finnsk-\u00fagr\u00ed\u00f0 hef\u00f0 \u2013 Noaidi og tromma","og_description":"Gu\u00f0ir Sama: Horagalles (\u00feruma), Beaivi (s\u00f3l), M\u00e1nnu (tungl), V\u00e1r\u00e1lden olmm\u00e1i. Sjamanismi, heilagar trommur og Sieidi-steinar.","og_url":"https:\/\/iwell-guard.com\/is\/sami-finnsk-ugrisk-hefd-noaidi-tromma\/","og_site_name":"iWell Guard","article_modified_time":"2026-09-05T14:22:46+00:00","og_image":[{"width":1024,"height":1536,"url":"https:\/\/iwell-guard.com\/wp-content\/uploads\/2026\/05\/goetter_sami_beaivi.webp","type":"image\/webp"}],"twitter_card":"summary_large_image","schema":{"@context":"https:\/\/schema.org","@graph":[{"@type":"WebPage","@id":"https:\/\/iwell-guard.com\/is\/sami-finnsk-ugrisk-hefd-noaidi-tromma\/","url":"https:\/\/iwell-guard.com\/is\/sami-finnsk-ugrisk-hefd-noaidi-tromma\/","name":"Gu\u00f0ir Sama \u2013 go\u00f0aveldi Lapplands","isPartOf":{"@id":"https:\/\/iwell-guard.com\/is\/#website"},"primaryImageOfPage":{"@id":"https:\/\/iwell-guard.com\/is\/sami-finnsk-ugrisk-hefd-noaidi-tromma\/#primaryimage"},"image":{"@id":"https:\/\/iwell-guard.com\/is\/sami-finnsk-ugrisk-hefd-noaidi-tromma\/#primaryimage"},"thumbnailUrl":"https:\/\/iwell-guard.com\/wp-content\/uploads\/2026\/05\/goetter_sami_beaivi.webp","datePublished":"2026-09-05T14:04:03+00:00","dateModified":"2026-09-05T14:22:46+00:00","description":"Gu\u00f0ir Sama: Horagalles (\u00feruma), Beaivi (s\u00f3l), M\u00e1nnu (tungl), V\u00e1r\u00e1lden olmm\u00e1i. Sjamanismi, heilagar trommur og Sieidi-steinar.","breadcrumb":{"@id":"https:\/\/iwell-guard.com\/is\/sami-finnsk-ugrisk-hefd-noaidi-tromma\/#breadcrumb"},"inLanguage":"is","potentialAction":[{"@type":"ReadAction","target":["https:\/\/iwell-guard.com\/is\/sami-finnsk-ugrisk-hefd-noaidi-tromma\/"]}]},{"@type":"ImageObject","inLanguage":"is","@id":"https:\/\/iwell-guard.com\/is\/sami-finnsk-ugrisk-hefd-noaidi-tromma\/#primaryimage","url":"https:\/\/iwell-guard.com\/wp-content\/uploads\/2026\/05\/goetter_sami_beaivi.webp","contentUrl":"https:\/\/iwell-guard.com\/wp-content\/uploads\/2026\/05\/goetter_sami_beaivi.webp","width":1024,"height":1536,"caption":"Gu\u00f0ir \u00far hef\u00f0 Sama."},{"@type":"BreadcrumbList","@id":"https:\/\/iwell-guard.com\/is\/sami-finnsk-ugrisk-hefd-noaidi-tromma\/#breadcrumb","itemListElement":[{"@type":"ListItem","position":1,"name":"Start","item":"https:\/\/iwell-guard.com\/is\/?page_id=168580"},{"@type":"ListItem","position":2,"name":"Samar og finnsk-\u00fagr\u00ed\u00f0 hef\u00f0 \u2013 Noaidi og tromma"}]},{"@type":"WebSite","@id":"https:\/\/iwell-guard.com\/is\/#website","url":"https:\/\/iwell-guard.com\/is\/","name":"iWell Guard","description":"Schutz vor dunklen Einfl\u00fcssen","publisher":{"@id":"https:\/\/iwell-guard.com\/is\/#organization"},"potentialAction":[{"@type":"SearchAction","target":{"@type":"EntryPoint","urlTemplate":"https:\/\/iwell-guard.com\/is\/?s={search_term_string}"},"query-input":{"@type":"PropertyValueSpecification","valueRequired":true,"valueName":"search_term_string"}}],"inLanguage":"is"},{"@type":"Organization","@id":"https:\/\/iwell-guard.com\/is\/#organization","name":"Ittermann electronic GmbH","url":"https:\/\/iwell-guard.com\/is\/","logo":{"@type":"ImageObject","inLanguage":"is","@id":"https:\/\/iwell-guard.com\/is\/#\/schema\/logo\/image\/","url":"https:\/\/iwell-guard.com\/wp-content\/uploads\/2026\/05\/Ittermann-Logo-1182x237-1.png","contentUrl":"https:\/\/iwell-guard.com\/wp-content\/uploads\/2026\/05\/Ittermann-Logo-1182x237-1.png","width":1182,"height":237,"caption":"Ittermann electronic GmbH"},"image":{"@id":"https:\/\/iwell-guard.com\/is\/#\/schema\/logo\/image\/"},"sameAs":["https:\/\/pantip.com\/profile\/9367242","https:\/\/micro.blog\/iwellguard","https:\/\/www.diggerslist.com\/iwellguard\/about","https:\/\/skitterphoto.com\/photographers\/2870314\/iwell-guard","https:\/\/iwellguard.wordpress.com\/2026\/06\/06\/iwell-guard\/","https:\/\/hub.docker.com\/u\/iwellguard","https:\/\/www.pinterest.com\/iwellguard\/","https:\/\/bit.ly\/m\/iwellguard","https:\/\/entre-vos-mains.alsace.eu\/profiles\/iwellguard\/activity","https:\/\/gravatar.com\/reallybeded8fd34","https:\/\/naijamatta.com\/iwellguard","https:\/\/www.goodreads.com\/iwellguard","https:\/\/profile.hatena.ne.jp\/iwellguard\/","https:\/\/experiment.com\/users\/iwellguard","https:\/\/wakelet.com\/@iWellGuard82270","https:\/\/www.chordie.com\/forum\/profile.php?id=2555664","https:\/\/www.instapaper.com\/p\/17757966","https:\/\/www.mapleprimes.com\/users\/iwellguard","https:\/\/businesslistingplus.com\/profile\/iwell-guard\/","https:\/\/telegra.ph\/iWell-Guard-06-06","https:\/\/pbase.com\/iwellguard\/iwellguard","https:\/\/b.hatena.ne.jp\/iwellguard\/20260607#bookmark-4788405196491818882","https:\/\/fliphtml5.com\/home\/iwellguard","https:\/\/anyflip.com\/homepage\/cmiwl#About","https:\/\/transfur.com\/Users\/iwellguard","http:\/\/delphi.larsbo.org\/user\/iwellguard","https:\/\/jobs.lajobsportal.org\/profiles\/8380803-iwell-guard","https:\/\/md.chaosdorf.de\/s\/jfbe5SBdJD","https:\/\/www.lingvolive.com\/en-us\/profile\/9ecaeaca-ce11-4e51-9e71-01d55e2bff36\/translations","https:\/\/www.fitday.com\/fitness\/forums\/members\/iwellguard.html","https:\/\/www.mymeetbook.com\/iwellguard","https:\/\/pxhere.com\/en\/photographer-me\/5040798","https:\/\/disqus.com\/by\/iwellguard\/about\/","https:\/\/pastelink.net\/hjwciqwq","https:\/\/pubhtml5.com\/homepage\/scjhn\/","https:\/\/www.bitchute.com\/channel\/2O2eOKzNqujT","https:\/\/audiomack.com\/iwellguard"]}]}},"_links":{"self":[{"href":"https:\/\/iwell-guard.com\/is\/wp-json\/wp\/v2\/pages\/168918","targetHints":{"allow":["GET"]}}],"collection":[{"href":"https:\/\/iwell-guard.com\/is\/wp-json\/wp\/v2\/pages"}],"about":[{"href":"https:\/\/iwell-guard.com\/is\/wp-json\/wp\/v2\/types\/page"}],"author":[{"embeddable":true,"href":"https:\/\/iwell-guard.com\/is\/wp-json\/wp\/v2\/users\/3"}],"replies":[{"embeddable":true,"href":"https:\/\/iwell-guard.com\/is\/wp-json\/wp\/v2\/comments?post=168918"}],"version-history":[{"count":0,"href":"https:\/\/iwell-guard.com\/is\/wp-json\/wp\/v2\/pages\/168918\/revisions"}],"wp:featuredmedia":[{"embeddable":true,"href":"https:\/\/iwell-guard.com\/is\/wp-json\/wp\/v2\/media\/2890"}],"wp:attachment":[{"href":"https:\/\/iwell-guard.com\/is\/wp-json\/wp\/v2\/media?parent=168918"}],"wp:term":[{"taxonomy":"category","embeddable":true,"href":"https:\/\/iwell-guard.com\/is\/wp-json\/wp\/v2\/categories?post=168918"}],"curies":[{"name":"wp","href":"https:\/\/api.w.org\/{rel}","templated":true}]}}