{"id":168917,"date":"2026-09-05T14:04:02","date_gmt":"2026-09-05T14:04:02","guid":{"rendered":"https:\/\/iwell-guard.com\/?page_id=168917"},"modified":"2026-09-05T14:22:45","modified_gmt":"2026-09-05T14:22:45","slug":"inuit-og-nordurslodir-sedna-tornit","status":"publish","type":"page","link":"https:\/\/iwell-guard.com\/is\/inuit-og-nordurslodir-sedna-tornit\/","title":{"rendered":"In\u00fa\u00edtar og nor\u00f0ursl\u00f3\u00f0ir \u2013 Sedna, Tornit og verndarhef\u00f0ir"},"content":{"rendered":"\t\t<div data-elementor-type=\"wp-page\" data-elementor-id=\"168917\" class=\"elementor elementor-168917 elementor-2572 elementor-bc-flex-widget\" data-elementor-post-type=\"page\">\n\t\t\t\t<div class=\"elementor-element elementor-element-iwgcn-inuit-hero iwg-kultur-hero e-flex e-con-boxed e-con e-parent\" data-id=\"iwgcn-inuit-hero\" data-element_type=\"container\" data-e-type=\"container\">\n\t\t\t\t\t<div class=\"e-con-inner\">\n\t\t<div class=\"elementor-element elementor-element-iwgcn-inuit-hl iwg-kultur-hero-left e-flex e-con-boxed e-con e-child\" data-id=\"iwgcn-inuit-hl\" data-element_type=\"container\" data-e-type=\"container\">\n\t\t\t\t\t<div class=\"e-con-inner\">\n\t\t\t\t<div class=\"elementor-element elementor-element-iwgcn-inuit-h1 elementor-widget elementor-widget-heading\" data-id=\"iwgcn-inuit-h1\" data-element_type=\"widget\" data-e-type=\"widget\" data-widget_type=\"heading.default\">\n\t\t\t\t\t<h1 class=\"elementor-heading-title elementor-size-default\">In\u00fa\u00edtar og nor\u00f0ursl\u00f3\u00f0ir, Sedna, Angakkuq og verndargripir<\/h1>\t\t\t\t<\/div>\n\t\t<div class=\"elementor-element elementor-element-iwgcn-inuit-leadc e-con-full e-flex e-con e-child\" data-id=\"iwgcn-inuit-leadc\" data-element_type=\"container\" data-e-type=\"container\">\n\t\t\t\t<div class=\"elementor-element elementor-element-iwgcn-inuit-lead elementor-widget elementor-widget-text-editor\" data-id=\"iwgcn-inuit-lead\" data-element_type=\"widget\" data-e-type=\"widget\" data-widget_type=\"text-editor.default\">\n\t\t\t\t\t\t\t\t\t<p>In\u00fa\u00edtar, fr\u00e1 S\u00edber\u00edu (Yupik) yfir Alaska, Kanada, Gr\u00e6nland til Labrador, \u00fer\u00f3u\u00f0u tr\u00faarhef\u00f0 \u00fear sem hafi\u00f0, vei\u00f0id\u00fdrin og andaheimur hinna l\u00e1tnu skipul\u00f6g\u00f0u l\u00edfi\u00f0.<\/p><p>Sedna sem h\u00fasfreyja hafd\u00fdranna, Angakkuq (sjamanar) sem tr\u00faarlegir s\u00e9rfr\u00e6\u00f0ingar og handh\u00e6gir verndargripir \u00far beini, steini og rostungat\u00f6nn einkenna tr\u00faarlegan arf \u00feessarar heimskautamenningar.<\/p>\t\t\t\t\t\t\t\t<\/div>\n\t\t\t\t<\/div>\n\t\t\t\t\t<\/div>\n\t\t\t\t<\/div>\n\t\t<div class=\"elementor-element elementor-element-iwgcn-inuit-hr iwg-kultur-hero-right e-flex e-con-boxed e-con e-child\" data-id=\"iwgcn-inuit-hr\" data-element_type=\"container\" data-e-type=\"container\">\n\t\t\t\t\t<div class=\"e-con-inner\">\n\t\t\t\t<div class=\"elementor-element elementor-element-iwgcn-inuit-himg iwg-hero-image elementor-widget elementor-widget-image\" data-id=\"iwgcn-inuit-himg\" data-element_type=\"widget\" data-e-type=\"widget\" data-widget_type=\"image.default\">\n\t\t\t\t\t\t\t\t\t\t\t\t\t\t\t<img fetchpriority=\"high\" decoding=\"async\" width=\"683\" height=\"1024\" src=\"https:\/\/iwell-guard.com\/wp-content\/uploads\/2026\/05\/goetter_inuit_igaluk-683x1024.webp\" class=\"attachment-large size-large wp-image-170775\" alt=\"Igaluk - gu\u00f0 \u00far in\u00fa\u00edta-hef\u00f0inni, s\u00f6guleg mynd til sk\u00fdringar\" srcset=\"https:\/\/iwell-guard.com\/wp-content\/uploads\/2026\/05\/goetter_inuit_igaluk-683x1024.webp 683w, https:\/\/iwell-guard.com\/wp-content\/uploads\/2026\/05\/goetter_inuit_igaluk-200x300.webp 200w, https:\/\/iwell-guard.com\/wp-content\/uploads\/2026\/05\/goetter_inuit_igaluk-768x1152.webp 768w, https:\/\/iwell-guard.com\/wp-content\/uploads\/2026\/05\/goetter_inuit_igaluk.webp 1024w\" sizes=\"(max-width: 683px) 100vw, 683px\" \/>\t\t\t\t\t\t\t\t\t\t\t\t\t\t\t<\/div>\n\t\t\t\t\t<\/div>\n\t\t\t\t<\/div>\n\t\t\t\t\t<\/div>\n\t\t\t\t<\/div>\n\t\t<div class=\"elementor-element elementor-element-iwgcn-inuit-s0 e-flex e-con-boxed e-con e-parent\" data-id=\"iwgcn-inuit-s0\" data-element_type=\"container\" data-e-type=\"container\">\n\t\t\t\t\t<div class=\"e-con-inner\">\n\t\t\t\t<div class=\"elementor-element elementor-element-iwgcn-inuit-s0h elementor-widget elementor-widget-heading\" data-id=\"iwgcn-inuit-s0h\" data-element_type=\"widget\" data-e-type=\"widget\" data-widget_type=\"heading.default\">\n\t\t\t\t\t<h2 class=\"elementor-heading-title elementor-size-default\">Sedna, h\u00fasfreyja hafd\u00fdranna<\/h2>\t\t\t\t<\/div>\n\t\t<div class=\"elementor-element elementor-element-iwgcn-inuit-s0-c e-con-full e-flex e-con e-child\" data-id=\"iwgcn-inuit-s0-c\" data-element_type=\"container\" data-e-type=\"container\">\n\t\t\t\t<div class=\"elementor-element elementor-element-iwgcn-inuit-s0t elementor-widget elementor-widget-text-editor\" data-id=\"iwgcn-inuit-s0t\" data-element_type=\"widget\" data-e-type=\"widget\" data-widget_type=\"text-editor.default\">\n\t\t\t\t\t\t\t\t\t<p>Sedna (einnig Nuliajuk, Takannakapsaluk, Arnapkapfaaluk) er hin mi\u00f0l\u00e6ga <span class=\"iwg-fachbegriff\" data-tooltip=\"Vera sem er d\u00fdrku\u00f0 sem gu\u00f0leg innan tr\u00faarbrag\u00f0a.\" tabindex=\"0\">gy\u00f0ja<\/span> heimskauta-tr\u00faarbrag\u00f0a In\u00fa\u00edta. \u00cd \u00feekktustu <span class=\"iwg-fachbegriff\" data-tooltip=\"Munnleg fr\u00e1s\u00f6gn um gu\u00f0i, uppruna og skipan heimsins.\" tabindex=\"0\">go\u00f0s\u00f6gninni<\/span> er h\u00fan ung kona sem, sett \u00fat \u00ed b\u00e1t af f\u00f6\u00f0ur s\u00ednum, gr\u00edpur \u00ed b\u00e1tsr\u00f6ndina; hann hoggur af henni fingurna; \u00far \u00feeim ver\u00f0a selir, rostungar og hvalir.<\/p><p>H\u00fan sekkur \u00e1 hafsbotn og r\u00edkir \u00fear sem h\u00fasfreyja yfir \u00f6llum vei\u00f0id\u00fdrum. \u00deegar vei\u00f0in gengur ekki eru h\u00e1r hennar fl\u00f3kin af tab\u00fabrotum manna, og <span class=\"iwg-fachbegriff\" data-tooltip=\"Tr\u00faarlegur s\u00e9rfr\u00e6\u00f0ingur sem talinn er mi\u00f0la milli manna og andaheims.\" tabindex=\"0\">sjamaninn<\/span> ver\u00f0ur a\u00f0 s\u00edga ni\u00f0ur til hennar og grei\u00f0a h\u00e1r hennar.<\/p>\t\t\t\t\t\t\t\t<\/div>\n\t\t\t\t<\/div>\n\t\t\t\t\t<\/div>\n\t\t\t\t<\/div>\n\t\t<div class=\"elementor-element elementor-element-iwgcn-inuit-s1 e-flex e-con-boxed e-con e-parent\" data-id=\"iwgcn-inuit-s1\" data-element_type=\"container\" data-e-type=\"container\">\n\t\t\t\t\t<div class=\"e-con-inner\">\n\t\t\t\t<div class=\"elementor-element elementor-element-iwgcn-inuit-s1h elementor-widget elementor-widget-heading\" data-id=\"iwgcn-inuit-s1h\" data-element_type=\"widget\" data-e-type=\"widget\" data-widget_type=\"heading.default\">\n\t\t\t\t\t<h2 class=\"elementor-heading-title elementor-size-default\">Sila, Tornit og andaheimurinn<\/h2>\t\t\t\t<\/div>\n\t\t<div class=\"elementor-element elementor-element-iwgcn-inuit-s1-c e-con-full e-flex e-con e-child\" data-id=\"iwgcn-inuit-s1-c\" data-element_type=\"container\" data-e-type=\"container\">\n\t\t\t\t<div class=\"elementor-element elementor-element-iwgcn-inuit-s1t elementor-widget elementor-widget-text-editor\" data-id=\"iwgcn-inuit-s1t\" data-element_type=\"widget\" data-e-type=\"widget\" data-widget_type=\"text-editor.default\">\n\t\t\t\t\t\t\t\t\t<p>Sila er hi\u00f0 yfirgripsmikla l\u00f6gm\u00e1l andardr\u00e1ttar, ve\u00f0urs og vitundar, nokkurs konar gu\u00f0laus st\u00e6r\u00f0 \u00e1n sk\u00fdrrar pers\u00f3nugervingar, samb\u00e6rileg k\u00ednversku Dao e\u00f0a p\u00f3l\u00fdnes\u00edsku mana. Tornit (eintala: Tornarssuk) eru m\u00e1ttugir hj\u00e1lparandar, oft \u00ed d\u00fdrs- e\u00f0a h\u00e1lfd\u00fdrsmynd.<\/p><p>Tunit eru go\u00f0sagnakenndir forfe\u00f0ra-risar sem bygg\u00f0u landi\u00f0 \u00e1 undan In\u00fa\u00edtum n\u00fat\u00edmans. Hinir l\u00e1tnu lifa \u00e1fram \u00ed tveimur himnum og einum undirheimi, himinninn er fyrir \u00fe\u00e1 sem d\u00f3u hetjulegum dau\u00f0a, undirheimurinn fyrir n\u00e1tt\u00farulegan dau\u00f0daga.<\/p>\t\t\t\t\t\t\t\t<\/div>\n\t\t\t\t<\/div>\n\t\t\t\t\t<\/div>\n\t\t\t\t<\/div>\n\t\t<div class=\"elementor-element elementor-element-iwgcn-inuit-s2 e-flex e-con-boxed e-con e-parent\" data-id=\"iwgcn-inuit-s2\" data-element_type=\"container\" data-e-type=\"container\">\n\t\t\t\t\t<div class=\"e-con-inner\">\n\t\t\t\t<div class=\"elementor-element elementor-element-iwgcn-inuit-s2h elementor-widget elementor-widget-heading\" data-id=\"iwgcn-inuit-s2h\" data-element_type=\"widget\" data-e-type=\"widget\" data-widget_type=\"heading.default\">\n\t\t\t\t\t<h2 class=\"elementor-heading-title elementor-size-default\">Angakkuq, sjamaninn<\/h2>\t\t\t\t<\/div>\n\t\t<div class=\"elementor-element elementor-element-iwgcn-inuit-s2-c e-con-full e-flex e-con e-child\" data-id=\"iwgcn-inuit-s2-c\" data-element_type=\"container\" data-e-type=\"container\">\n\t\t\t\t<div class=\"elementor-element elementor-element-iwgcn-inuit-s2t elementor-widget elementor-widget-text-editor\" data-id=\"iwgcn-inuit-s2t\" data-element_type=\"widget\" data-e-type=\"widget\" data-widget_type=\"text-editor.default\">\n\t\t\t\t\t\t\t\t\t<p>Angakkuq (fleirtala: Angakkut) er tr\u00faarlegur s\u00e9rfr\u00e6\u00f0ingur In\u00fa\u00edta. <span class=\"iwg-fachbegriff\" data-tooltip=\"Tr\u00faarleg umbreyting \u00fear sem einstaklingur f\u00e6r n\u00fdja st\u00f6\u00f0u e\u00f0a er tekinn inn \u00ed samf\u00e9lag.\" tabindex=\"0\">Innv\u00edgsla<\/span> hans felur \u00ed s\u00e9r andaleit \u00e1 t\u00fandrunni, fund me\u00f0 hj\u00e1lpar\u00f6ndum, \u00f6flun \u201einnri styrks\u201c (Qaumaneq). Hann \u00fej\u00f3nar sem l\u00e6knir, ve\u00f0ursp\u00e1ma\u00f0ur og millig\u00f6nguma\u00f0ur vi\u00f0 andaheiminn.<\/p><p>Trans-fer\u00f0ir eru oft \u00ed fylgd d\u00fdra, \u00edsbjarnar, \u00falfs, arnar. Trommuna (Qilaut) er hans megin hlj\u00f3\u00f0f\u00e6ri, oft einfaldlega ger\u00f0 \u00far rekavi\u00f0i og selskinni. Kvenkyns sjamanar eru einnig sta\u00f0festar \u00ed hef\u00f0inni.<\/p>\t\t\t\t\t\t\t\t<\/div>\n\t\t\t\t<\/div>\n\t\t\t\t\t<\/div>\n\t\t\t\t<\/div>\n\t\t<div class=\"elementor-element elementor-element-iwgcn-inuit-s3 e-flex e-con-boxed e-con e-parent\" data-id=\"iwgcn-inuit-s3\" data-element_type=\"container\" data-e-type=\"container\">\n\t\t\t\t\t<div class=\"e-con-inner\">\n\t\t\t\t<div class=\"elementor-element elementor-element-iwgcn-inuit-s3h elementor-widget elementor-widget-heading\" data-id=\"iwgcn-inuit-s3h\" data-element_type=\"widget\" data-e-type=\"widget\" data-widget_type=\"heading.default\">\n\t\t\t\t\t<h2 class=\"elementor-heading-title elementor-size-default\">Verndargripir, Tupilak, verndargripir \u00far beini og f\u00edlabeini<\/h2>\t\t\t\t<\/div>\n\t\t<div class=\"elementor-element elementor-element-iwgcn-inuit-s3-c e-con-full e-flex e-con e-child\" data-id=\"iwgcn-inuit-s3-c\" data-element_type=\"container\" data-e-type=\"container\">\n\t\t\t\t<div class=\"elementor-element elementor-element-iwgcn-inuit-s3t elementor-widget elementor-widget-text-editor\" data-id=\"iwgcn-inuit-s3t\" data-element_type=\"widget\" data-e-type=\"widget\" data-widget_type=\"text-editor.default\">\n\t\t\t\t\t\t\t\t\t<p>Tupilak eru upphaflega <span class=\"iwg-fachbegriff\" data-tooltip=\"L\u00edkamslaus vera sem talin er hafa \u00e1hrif \u00ed heiminum.\" tabindex=\"0\">andi<\/span>-sm\u00ed\u00f0ar, l\u00edfgu\u00f0 verur sem <span class=\"iwg-fachbegriff\" data-tooltip=\"Tr\u00faarlegur s\u00e9rfr\u00e6\u00f0ingur sem talinn er mi\u00f0la milli manna og andaheims.\" tabindex=\"0\">sjamaninn<\/span> sendi \u00fat \u00ed \u00e1r\u00e1sar- e\u00f0a verndarskyni. \u00cd austur-gr\u00e6nlenskri hef\u00f0 voru \u00feau einnig \u00fatskorin \u00far rostungat\u00f6nn, hvalabeini e\u00f0a hreind\u00fdrshornum.<\/p><p>\u00cd dag eru Tupilak-\u00fatskur\u00f0ir al\u00fej\u00f3\u00f0lega vins\u00e6lir minjagripir og bera me\u00f0 s\u00e9r tr\u00faarlega-hef\u00f0bundinn bakgrunn. Auk \u00feess eru til handh\u00e6gir verndargripir \u00far d\u00fdrat\u00f6nnum, beinum og steini, oft skreyttir t\u00e1knmyndum d\u00fdra (bj\u00f6rn, hvalur).<\/p>\t\t\t\t\t\t\t\t<\/div>\n\t\t\t\t<\/div>\n\t\t\t\t\t<\/div>\n\t\t\t\t<\/div>\n\t\t<div class=\"elementor-element elementor-element-iwgcn-inuit-s4 e-flex e-con-boxed e-con e-parent\" data-id=\"iwgcn-inuit-s4\" data-element_type=\"container\" data-e-type=\"container\">\n\t\t\t\t\t<div class=\"e-con-inner\">\n\t\t\t\t<div class=\"elementor-element elementor-element-iwgcn-inuit-s4h elementor-widget elementor-widget-heading\" data-id=\"iwgcn-inuit-s4h\" data-element_type=\"widget\" data-e-type=\"widget\" data-widget_type=\"heading.default\">\n\t\t\t\t\t<h2 class=\"elementor-heading-title elementor-size-default\">Inukshuk og landmerkingar<\/h2>\t\t\t\t<\/div>\n\t\t<div class=\"elementor-element elementor-element-iwgcn-inuit-s4-c e-con-full e-flex e-con e-child\" data-id=\"iwgcn-inuit-s4-c\" data-element_type=\"container\" data-e-type=\"container\">\n\t\t\t\t<div class=\"elementor-element elementor-element-iwgcn-inuit-s4t elementor-widget elementor-widget-text-editor\" data-id=\"iwgcn-inuit-s4t\" data-element_type=\"widget\" data-e-type=\"widget\" data-widget_type=\"text-editor.default\">\n\t\t\t\t\t\t\t\t\t<p>Inukshuk (fleirtala: Inuksuit) eru mannger\u00f0ar steinv\u00f6r\u00f0ur sem \u00fej\u00f3na sem merkingar \u00ed arkt\u00edska landinu, lei\u00f0ir, hreind\u00fdrag\u00f6ng, vei\u00f0ista\u00f0ir, felusta\u00f0ir. Or\u00f0sifjafr\u00e6\u00f0ilega \u201e\u00ed mannsmynd\u201c. \u00deau eru ekki sj\u00e1lf gu\u00f0ir, en hluti af tr\u00faarlega-hagn\u00fdtu sambandi vi\u00f0 landi\u00f0. Inukshuk er \u00ed dag einkennismerki Nunavut og <span class=\"iwg-fachbegriff\" data-tooltip=\"Merki sem stendur fyrir hugmynd e\u00f0a merkingu.\" tabindex=\"0\">t\u00e1kn<\/span> \u00d3lymp\u00eduleikanna 2010 \u00ed Vancouver.<\/p>\t\t\t\t\t\t\t\t<\/div>\n\t\t\t\t<\/div>\n\t\t\t\t\t<\/div>\n\t\t\t\t<\/div>\n\t\t<div class=\"elementor-element elementor-element-iwgcn-inuit-s5 e-flex e-con-boxed e-con e-parent\" data-id=\"iwgcn-inuit-s5\" data-element_type=\"container\" data-e-type=\"container\">\n\t\t\t\t\t<div class=\"e-con-inner\">\n\t\t\t\t<div class=\"elementor-element elementor-element-iwgcn-inuit-s5h elementor-widget elementor-widget-heading\" data-id=\"iwgcn-inuit-s5h\" data-element_type=\"widget\" data-e-type=\"widget\" data-widget_type=\"heading.default\">\n\t\t\t\t\t<h2 class=\"elementor-heading-title elementor-size-default\">Tab\u00fa-kerfi og vei\u00f0isi\u00f0ir<\/h2>\t\t\t\t<\/div>\n\t\t<div class=\"elementor-element elementor-element-iwgcn-inuit-s5-c e-con-full e-flex e-con e-child\" data-id=\"iwgcn-inuit-s5-c\" data-element_type=\"container\" data-e-type=\"container\">\n\t\t\t\t<div class=\"elementor-element elementor-element-iwgcn-inuit-s5t elementor-widget elementor-widget-text-editor\" data-id=\"iwgcn-inuit-s5t\" data-element_type=\"widget\" data-e-type=\"widget\" data-widget_type=\"text-editor.default\">\n\t\t\t\t\t\t\t\t\t<p>Tr\u00faarbr\u00f6g\u00f0 In\u00fa\u00edta eru mj\u00f6g tab\u00fa-m\u00f3tu\u00f0: \u00e1kve\u00f0in d\u00fdr m\u00e1 ekki neyta saman, konur \u00e1 bl\u00e6\u00f0ingum og eftir barnsbur\u00f0 eru bundnar af takm\u00f6rkunum, land- og hafvei\u00f0ar eru tr\u00faarlega a\u00f0skildar. Brot lei\u00f0a til truflana \u00e1 Sila og rei\u00f0i Sedna.<\/p><p>Fagna\u00f0arh\u00e1t\u00ed\u00f0 eftir fars\u00e6la vei\u00f0i (s\u00e9rstaklega vi\u00f0 hval- og \u00edsbjarnavei\u00f0i) er miki\u00f0 <span class=\"iwg-fachbegriff\" data-tooltip=\"Skipul\u00f6g\u00f0 atbur\u00f0ar\u00e1s t\u00e1knger\u00f0a athafna me\u00f0 tr\u00faarlega e\u00f0a menningarlega merkingu.\" tabindex=\"0\">helgisi\u00f0ur<\/span> me\u00f0 trommusl\u00e6tti, s\u00f6ng og m\u00e1lt\u00ed\u00f0ardeilingu. Leifar d\u00fdranna, s\u00e9rstaklega bl\u00f6\u00f0rur og kj\u00e1lkar, eru l\u00e1tnar aftur \u00ed hafi\u00f0 svo d\u00fdri\u00f0 megi endurf\u00e6\u00f0ast.<\/p>\t\t\t\t\t\t\t\t<\/div>\n\t\t\t\t<\/div>\n\t\t\t\t\t<\/div>\n\t\t\t\t<\/div>\n\t\t<div class=\"elementor-element elementor-element-iwgcn-inuit-s6 e-flex e-con-boxed e-con e-parent\" data-id=\"iwgcn-inuit-s6\" data-element_type=\"container\" data-e-type=\"container\">\n\t\t\t\t\t<div class=\"e-con-inner\">\n\t\t\t\t<div class=\"elementor-element elementor-element-iwgcn-inuit-s6h elementor-widget elementor-widget-heading\" data-id=\"iwgcn-inuit-s6h\" data-element_type=\"widget\" data-e-type=\"widget\" data-widget_type=\"heading.default\">\n\t\t\t\t\t<h2 class=\"elementor-heading-title elementor-size-default\">Kristnitaka og endurl\u00edfgun<\/h2>\t\t\t\t<\/div>\n\t\t<div class=\"elementor-element elementor-element-iwgcn-inuit-s6-c e-con-full e-flex e-con e-child\" data-id=\"iwgcn-inuit-s6-c\" data-element_type=\"container\" data-e-type=\"container\">\n\t\t\t\t<div class=\"elementor-element elementor-element-iwgcn-inuit-s6t elementor-widget elementor-widget-text-editor\" data-id=\"iwgcn-inuit-s6t\" data-element_type=\"widget\" data-e-type=\"widget\" data-widget_type=\"text-editor.default\">\n\t\t\t\t\t\t\t\t\t<p>Fr\u00e1 18. \u00f6ld (Gr\u00e6nland, d\u00f6nsk tr\u00fabo\u00f0sstarfsemi) og \u00e1 19.\/20. \u00f6ld (Kanada, Alaska) ur\u00f0u In\u00fa\u00edtar a\u00f0 miklu leyti kristnir (l\u00fatherskir \u00e1 Gr\u00e6nlandi, angl\u00edkanskir og r\u00f3mversk-ka\u00fe\u00f3lskir \u00ed Kanada, r\u00fassnesk-or\u00fe\u00f3doxir \u00ed Alaska). <span class=\"iwg-fachbegriff\" data-tooltip=\"Tr\u00faarlegt kerfi \u00fear sem s\u00e9rfr\u00e6\u00f0ingar hafa samskipti vi\u00f0 andaheiminn.\" tabindex=\"0\">Sjamanismi<\/span> var a\u00f0 hluta b\u00e6ldur ni\u00f0ur me\u00f0 valdi.<\/p><p>\u00cd dag fer fram menningarlega-tr\u00faarleg endurl\u00edfgun, me\u00f0 eigin kokg\u00f6ngut\u00f3nlist (throat singing), skartgripa- og \u00fatskur\u00f0arendurreisn. Mikilv\u00e6g tr\u00faarfr\u00e6\u00f0ileg rit: Knud Rasmussen <em>Across Arctic America<\/em>, Daniel Merkur <em>Becoming Half Hidden<\/em>, Ann Fienup-Riordan.<\/p>\t\t\t\t\t\t\t\t<\/div>\n\t\t\t\t<\/div>\n\t\t\t\t\t<\/div>\n\t\t\t\t<\/div>\n\t\t<div class=\"elementor-element elementor-element-cp2c681877 e-flex e-con-boxed e-con e-parent\" data-id=\"cp2c681877\" data-element_type=\"container\" data-e-type=\"container\">\n\t\t\t\t\t<div class=\"e-con-inner\">\n\t\t\t\t<div class=\"elementor-element elementor-element-cp2dcf12fa elementor-widget elementor-widget-heading\" data-id=\"cp2dcf12fa\" data-element_type=\"widget\" data-e-type=\"widget\" data-widget_type=\"heading.default\">\n\t\t\t\t\t<h2 class=\"elementor-heading-title elementor-size-default\">Sv\u00e6\u00f0isbundin fj\u00f6lbreytni fr\u00e1 Gr\u00e6nlandi til Alaska<\/h2>\t\t\t\t<\/div>\n\t\t<div class=\"elementor-element elementor-element-cp2495f6fe e-flex e-con-boxed e-con e-child\" data-id=\"cp2495f6fe\" data-element_type=\"container\" data-e-type=\"container\">\n\t\t\t\t\t<div class=\"e-con-inner\">\n\t\t\t\t<div class=\"elementor-element elementor-element-cp24069c82 elementor-widget elementor-widget-text-editor\" data-id=\"cp24069c82\" data-element_type=\"widget\" data-e-type=\"widget\" data-widget_type=\"text-editor.default\">\n\t\t\t\t\t\t\t\t\t<p>In\u00fa\u00edtar b\u00faa \u00e1 risav\u00f6xnu, \u00fe\u00e9ttb\u00fdlissnau\u00f0u sv\u00e6\u00f0i sem n\u00e6r fr\u00e1 Austur-Gr\u00e6nlandi yfir kanad\u00edsku heimskautssv\u00e6\u00f0in til Alaska og Beringssunds. \u00der\u00e1tt fyrir \u00feessa v\u00ed\u00f0\u00e1ttu tengjast \u00edb\u00faarnir \u00ed gegnum sameiginlega tungum\u00e1lafj\u00f6lskyldu og \u00e1\u00feekkan l\u00edfsh\u00e1tt, en engin ein tr\u00faarbr\u00f6g\u00f0 eru sameiginleg \u00f6llum.<\/p><p>Sv\u00e6\u00f0isbundnar hef\u00f0ir gr\u00e6nlenskra in\u00fa\u00edta, kanad\u00edskra h\u00f3pa \u00e1 bor\u00f0 vi\u00f0 Iglulik e\u00f0a Netsilik og alask\u00edskra Yupik og I\u00f1upiat eru verulega mismunandi hva\u00f0 var\u00f0ar gu\u00f0an\u00f6fn, si\u00f0ir og s\u00f6gur.<\/p><p>Eldri ritheimildir notu\u00f0u oft or\u00f0i\u00f0 Eskim\u00f3i, sem \u00ed dag telst ni\u00f0randi \u00ed Kanada og \u00e1 Gr\u00e6nlandi og hefur veri\u00f0 leyst af h\u00f3lmi me\u00f0 or\u00f0inu In\u00fa\u00edti, \u00e1 me\u00f0an \u00ed Alaska eru heitin Yupik og I\u00f1upiat enn v\u00ed\u00f0a notu\u00f0 sem eigin sj\u00e1lfsheiti. \u00deetta hugtakalega \u00e1litam\u00e1l er ekki bara m\u00e1lfarslegt, heldur snertir sj\u00e1lfsmynd samf\u00e9laganna.<\/p><p>\u00der\u00e1tt fyrir fj\u00f6lbreytnina m\u00e1 nefna nokkur \u00fatbreidd grunneinkenni. \u00dear \u00e1 me\u00f0al er hugmyndin um a\u00f0 d\u00fdr og n\u00e1tt\u00faru\u00f6fl hafi s\u00edna eigin innri v\u00eddd, s\u00e9u \u00ed raun eins konar pers\u00f3na sem bera \u00fearf vir\u00f0ingu fyrir. \u00dear \u00e1 me\u00f0al er einnig mikilv\u00e6gi banna og fyrirm\u00e6la sem st\u00fdra \u00fev\u00ed hvernig f\u00f3lk umgengst vei\u00f0ar, f\u00e6\u00f0ingu og dau\u00f0a.<\/p><p>Og \u00fear \u00e1 me\u00f0al er pers\u00f3na sem getur haft samskipti vi\u00f0 andaverur, \u00e1 gr\u00e6nlensku k\u00f6llu\u00f0 <em>angakkoq<\/em>. Hvernig \u00feessir \u00fe\u00e6ttir birtust \u00ed reynd var \u00fe\u00f3 mismunandi eftir sv\u00e6\u00f0um.<\/p>\t\t\t\t\t\t\t\t<\/div>\n\t\t\t\t\t<\/div>\n\t\t\t\t<\/div>\n\t\t\t\t\t<\/div>\n\t\t\t\t<\/div>\n\t\t<div class=\"elementor-element elementor-element-cp219dc107 e-flex e-con-boxed e-con e-parent\" data-id=\"cp219dc107\" data-element_type=\"container\" data-e-type=\"container\">\n\t\t\t\t\t<div class=\"e-con-inner\">\n\t\t\t\t<div class=\"elementor-element elementor-element-cp2a9ccc41 elementor-widget elementor-widget-heading\" data-id=\"cp2a9ccc41\" data-element_type=\"widget\" data-e-type=\"widget\" data-widget_type=\"heading.default\">\n\t\t\t\t\t<h2 class=\"elementor-heading-title elementor-size-default\">Heimsmyndin: s\u00e1lir, d\u00fdr og jafnv\u00e6gi vei\u00f0anna<\/h2>\t\t\t\t<\/div>\n\t\t<div class=\"elementor-element elementor-element-cp230ccb3a e-flex e-con-boxed e-con e-child\" data-id=\"cp230ccb3a\" data-element_type=\"container\" data-e-type=\"container\">\n\t\t\t\t\t<div class=\"e-con-inner\">\n\t\t\t\t<div class=\"elementor-element elementor-element-cp2888c8cb elementor-widget elementor-widget-text-editor\" data-id=\"cp2888c8cb\" data-element_type=\"widget\" data-e-type=\"widget\" data-widget_type=\"text-editor.default\">\n\t\t\t\t\t\t\t\t\t<p>\u00cd mi\u00f0ju tr\u00faarhugmynda in\u00fa\u00edta er sambandi\u00f0 milli manna og d\u00fdranna sem afkoma \u00feeirra \u00ed heimskautasv\u00e6\u00f0unum byggir \u00e1. Almenn hugmynd var a\u00f0 d\u00fdrin g\u00e6fu sig f\u00faslega til vei\u00f0imanna, svo fremi sem \u00feau v\u00e6ru me\u00f0h\u00f6ndlu\u00f0 me\u00f0 vir\u00f0ingu.<\/p><p>Af \u00feessari hugmynd leiddi \u00fe\u00e9ttri\u00f0i\u00f0 net fyrirm\u00e6la. \u00c1kve\u00f0in verk m\u00e1ttu ekki blandast saman, til d\u00e6mis vinnsla landd\u00fdra og sj\u00e1vard\u00fdra, og bein og afgangar ur\u00f0u a\u00f0 vera me\u00f0h\u00f6ndlu\u00f0 \u00e1 fyrirskrifa\u00f0an h\u00e1tt.<\/p><p>V\u00e6ru \u00feessar reglur brotnar, samkv\u00e6mt \u00feessari hugmynd, h\u00f6rfu\u00f0u d\u00fdrin og hungur vof\u00f0i yfir. \u00c1 m\u00f6rgum sv\u00e6\u00f0um, s\u00e9rstaklega \u00ed mi\u00f0hluta kanad\u00edsks heimskautasv\u00e6\u00f0is, var \u00fea\u00f0 hlutverk h\u00fasfreyju sj\u00e1vard\u00fdranna a\u00f0 fylgjast me\u00f0 selum og hv\u00f6lum.<\/p><p>\u00deessi vera, oft k\u00f6llu\u00f0 <a href=\"https:\/\/iwell-guard.com\/is\/?page_id=168999\">Sedna<\/a>, \u00fe\u00f3 undir mismunandi n\u00f6fnum, bj\u00f3 \u00e1 hafsbotni. Ef f\u00f3lk braut reglurnar festust brotin \u00ed h\u00e1ri hennar og d\u00fdrin h\u00e9ldu sig fjarri. \u00de\u00e1 var\u00f0 <em>angakkoq<\/em> a\u00f0 fara \u00ed andafer\u00f0 ni\u00f0ur til hennar, grei\u00f0a h\u00e1r hennar og s\u00e6tta hana.<\/p><p>Ma\u00f0urinn sj\u00e1lfur var v\u00ed\u00f0a talinn samsettur \u00far m\u00f6rgum s\u00e1larhlutum, \u00fear \u00e1 me\u00f0al l\u00edfshluta og nafnhluta. Nafn hins l\u00e1tna var oft gefi\u00f0 n\u00fdf\u00e6ddu barni, sem f\u00e9kk \u00fear me\u00f0 tengsl vi\u00f0 \u00feann sem l\u00e1tinn var.<\/p><p>\u00deessar hugmyndir eru mismunandi eftir sv\u00e6\u00f0um, en s\u00fdna \u00fe\u00f3 allar samfellda heimsmynd \u00fear sem ma\u00f0ur, d\u00fdr og andaheimur voru ekki a\u00f0skilin heldur bundin \u00ed st\u00f6\u00f0ugt vi\u00f0kv\u00e6mu jafnv\u00e6gi.<\/p>\t\t\t\t\t\t\t\t<\/div>\n\t\t\t\t\t<\/div>\n\t\t\t\t<\/div>\n\t\t\t\t\t<\/div>\n\t\t\t\t<\/div>\n\t\t<div class=\"elementor-element elementor-element-cp2067134f e-flex e-con-boxed e-con e-parent\" data-id=\"cp2067134f\" data-element_type=\"container\" data-e-type=\"container\">\n\t\t\t\t\t<div class=\"e-con-inner\">\n\t\t\t\t<div class=\"elementor-element elementor-element-cp2edc26b7 elementor-widget elementor-widget-heading\" data-id=\"cp2edc26b7\" data-element_type=\"widget\" data-e-type=\"widget\" data-widget_type=\"heading.default\">\n\t\t\t\t\t<h2 class=\"elementor-heading-title elementor-size-default\">Munnleg arfleif\u00f0 og skr\u00e1ningar Thule-lei\u00f0angranna<\/h2>\t\t\t\t<\/div>\n\t\t<div class=\"elementor-element elementor-element-cp2ba33b27 e-flex e-con-boxed e-con e-child\" data-id=\"cp2ba33b27\" data-element_type=\"container\" data-e-type=\"container\">\n\t\t\t\t\t<div class=\"e-con-inner\">\n\t\t\t\t<div class=\"elementor-element elementor-element-cp29bb5b38 elementor-widget elementor-widget-text-editor\" data-id=\"cp29bb5b38\" data-element_type=\"widget\" data-e-type=\"widget\" data-widget_type=\"text-editor.default\">\n\t\t\t\t\t\t\t\t\t<p>Tr\u00faarbr\u00f6g\u00f0 in\u00fa\u00edta voru munnleg. Vitneskjan lif\u00f0i \u00ed s\u00f6gum, s\u00f6ngl\u00f6gum, form\u00falum og \u00ed hagn\u00fdtri lei\u00f0s\u00f6gn \u00feeirra eldri. Ekki var til eigi\u00f0 ritm\u00e1l, og \u00e1 Gr\u00e6nlandi kom fyrst skrifu\u00f0 \u00fatg\u00e1fa af tungum\u00e1linu me\u00f0 d\u00f6nsku tr\u00fabo\u00f0i \u00e1 \u00e1tj\u00e1ndu \u00f6ld, \u00ed Kanada s\u00ed\u00f0ar me\u00f0 atkv\u00e6\u00f0askrift.<\/p><p>Mikilv\u00e6gasta kerfisbundna skr\u00e1ning hinna hef\u00f0bundnu hugmynda kemur fr\u00e1 fimmta Thule-lei\u00f0angrinum, fr\u00e1 1921 til 1924, undir stj\u00f3rn Knud Rasmussen.<\/p><p>Rasmussen, sj\u00e1lfur uppalinn \u00e1 Gr\u00e6nlandi og talandi tungum\u00e1li\u00f0, fer\u00f0a\u00f0ist um kanad\u00edsku heimskautssv\u00e6\u00f0in og skr\u00e1\u00f0i s\u00f6gur, lj\u00f3\u00f0 og or\u00f0 einstakra <em>angakkut<\/em>, me\u00f0al annars hinn oft vitna\u00f0a Aua.<\/p><p>Bindi hans eru enn \u00ed dag mikilv\u00e6g heimild, en ver\u00f0ur a\u00f0 lesa me\u00f0 gagnr\u00fdnum huga, \u00fev\u00ed \u00e1 \u00feessum t\u00edma h\u00f6f\u00f0u tr\u00fabo\u00f0 og samf\u00e9lagslegar breytingar \u00feegar breytt g\u00f6mlu hef\u00f0unum verulega. Rasmussen skr\u00e1\u00f0i oft tr\u00faarbr\u00f6g\u00f0 \u00ed umbreytingu.<\/p><p>Eldri heimildir eru fr\u00e1sagnir danskra tr\u00fabo\u00f0a \u00e1 Gr\u00e6nlandi, eins og Hans Egede, sem og skr\u00e1ningar hvalvei\u00f0imanna og lei\u00f0angursmanna. \u00deessar heimildir eru oft brotakenndar og lita\u00f0ar af tr\u00fabo\u00f0slegu e\u00f0a forvitnu utana\u00f0komandi sj\u00f3narhorni.<\/p><p>Fyrir alask\u00edska Yupik og I\u00f1upiat eru til eigin, s\u00ed\u00f0ar til komnar \u00fej\u00f3\u00f0fr\u00e6\u00f0ilegar heimildas\u00f6fn. Ranns\u00f3knir n\u00fat\u00edmans leggja mikla \u00e1herslu \u00e1 a\u00f0 taka tillit til \u00feeirrar vitneskju sem samf\u00e9l\u00f6gin sj\u00e1lf hafa var\u00f0veitt og a\u00f0 me\u00f0h\u00f6ndla ekki hinar n\u00fdlendulegu heimildir sem hlutlausar fr\u00e1sagnir.<\/p>\t\t\t\t\t\t\t\t<\/div>\n\t\t\t\t\t<\/div>\n\t\t\t\t<\/div>\n\t\t\t\t\t<\/div>\n\t\t\t\t<\/div>\n\t\t<div class=\"elementor-element elementor-element-cp2cc56393 e-flex e-con-boxed e-con e-parent\" data-id=\"cp2cc56393\" data-element_type=\"container\" data-e-type=\"container\">\n\t\t\t\t\t<div class=\"e-con-inner\">\n\t\t\t\t<div class=\"elementor-element elementor-element-cp24dc10b6 elementor-widget elementor-widget-heading\" data-id=\"cp24dc10b6\" data-element_type=\"widget\" data-e-type=\"widget\" data-widget_type=\"heading.default\">\n\t\t\t\t\t<h2 class=\"elementor-heading-title elementor-size-default\">Kristnitaka og sta\u00f0an \u00ed dag<\/h2>\t\t\t\t<\/div>\n\t\t<div class=\"elementor-element elementor-element-cp2c6dae47 e-flex e-con-boxed e-con e-child\" data-id=\"cp2c6dae47\" data-element_type=\"container\" data-e-type=\"container\">\n\t\t\t\t\t<div class=\"e-con-inner\">\n\t\t\t\t<div class=\"elementor-element elementor-element-cp24be8146 elementor-widget elementor-widget-text-editor\" data-id=\"cp24be8146\" data-element_type=\"widget\" data-e-type=\"widget\" data-widget_type=\"text-editor.default\">\n\t\t\t\t\t\t\t\t\t<p>Kristnitaka in\u00fa\u00edta var mismunandi eftir sv\u00e6\u00f0um, en var alls sta\u00f0ar afdrifar\u00edk. \u00c1 Gr\u00e6nlandi h\u00f3fst danskt tr\u00fabo\u00f0 \u00e1 \u00e1tj\u00e1ndu \u00f6ld, \u00e1 kanad\u00edsku heimskautssv\u00e6\u00f0unum komu engl\u00edkanskir og ka\u00fe\u00f3lskir tr\u00fabo\u00f0ar a\u00f0allega \u00e1 n\u00edtj\u00e1ndu og fram \u00e1 tuttugustu \u00f6ld, \u00ed Alaska st\u00f6rfu\u00f0u r\u00fassnesk-or\u00fe\u00f3dox og s\u00ed\u00f0ar m\u00f3tm\u00e6lendatr\u00fabo\u00f0.<\/p><p><em>Angakkut<\/em> voru v\u00ed\u00f0a \u00fer\u00fdstir til a\u00f0 l\u00e1ta af i\u00f0ju sinni, og g\u00f6mlu si\u00f0irnir f\u00e9llu \u00ed \u00f3n\u00e1\u00f0 e\u00f0a voru banna\u00f0ir.<\/p><p>Aflei\u00f0ingin var a\u00f0 opinber framkv\u00e6md hinna hef\u00f0bundnu tr\u00faarbrag\u00f0a f\u00e9ll a\u00f0 mestu ni\u00f0ur. \u00cd dag eru flestir in\u00fa\u00edtar kristnir, \u00ed mismunandi tr\u00faf\u00e9l\u00f6gum.<\/p><p>Samt\u00edmis lif\u00f0u \u00fdmis atri\u00f0i eldri heimsmyndar \u00e1fram, til d\u00e6mis \u00ed s\u00f6gum, \u00ed hugmyndum um samskipti vi\u00f0 d\u00fdr og \u00ed nafnahef\u00f0inni. \u00cd sumum samf\u00e9l\u00f6gum lif\u00f0u hugmyndir um anda og b\u00f6nn tengd vei\u00f0um \u00e1fram, undir kristnu yfirbor\u00f0i.<\/p><p>Fr\u00e1 seinni hluta tuttugustu aldar hefur vaxandi \u00e1hugi veri\u00f0 \u00e1 eigin menningarlegri <span class=\"iwg-fachbegriff\" data-tooltip=\"Mi\u00f0lun vitneskju og sagna milli kynsl\u00f3\u00f0a.\" tabindex=\"0\">arfleif\u00f0<\/span>. In\u00fa\u00edtasamt\u00f6k, sk\u00f3lar og fr\u00e6\u00f0imenn \u00far samf\u00e9l\u00f6gunum sj\u00e1lfum safna s\u00f6gum, skr\u00e1 tungum\u00e1l og mi\u00f0la hef\u00f0bundinni vitneskju, oft undir hugtakinu <em>Inuit Qaujimajatuqangit<\/em>, sem v\u00edsar til hinnar arfgengu vitneskju in\u00fa\u00edta.<\/p><p>\u00deetta er s\u00ed\u00f0ur tr\u00faarleg endurl\u00edfgun \u00ed str\u00f6ngum skilningi en menningarleg sj\u00e1lfsvitund. V\u00f6ndu\u00f0 framsetning l\u00fdsir st\u00f6\u00f0unni \u00ed dag \u00fev\u00ed sem kristinni me\u00f0 \u00e1framlifandi eldri hugmyndum og markvissri var\u00f0veislu menningararfleif\u00f0arins, og for\u00f0ast \u00fe\u00e1 mynd a\u00f0 h\u00e9r s\u00e9 um \u00f3slitna framkv\u00e6md fornrar tr\u00faar a\u00f0 r\u00e6\u00f0a.<\/p>\t\t\t\t\t\t\t\t<\/div>\n\t\t\t\t\t<\/div>\n\t\t\t\t<\/div>\n\t\t\t\t\t<\/div>\n\t\t\t\t<\/div>\n\t\t<div class=\"elementor-element elementor-element-iwgha-inuit-sec e-flex e-con-boxed e-con e-parent\" data-id=\"iwgha-inuit-sec\" data-element_type=\"container\" data-e-type=\"container\">\n\t\t\t\t\t<div class=\"e-con-inner\">\n\t\t\t\t<div class=\"elementor-element elementor-element-iwgha-inuit-h elementor-widget elementor-widget-heading\" data-id=\"iwgha-inuit-h\" data-element_type=\"widget\" data-e-type=\"widget\" data-widget_type=\"heading.default\">\n\t\t\t\t\t<h2 class=\"elementor-heading-title elementor-size-default\">Verur \u00far \u00feessari hef\u00f0 (10)<\/h2>\t\t\t\t<\/div>\n\t\t<div class=\"elementor-element elementor-element-iwgha-inuit-gc e-flex e-con-boxed e-con e-parent\" data-id=\"iwgha-inuit-gc\" data-element_type=\"container\" data-e-type=\"container\">\n\t\t\t\t\t<div class=\"e-con-inner\">\n\t\t\t\t<div class=\"elementor-element elementor-element-iwgha-inuit-grid elementor-widget elementor-widget-text-editor\" data-id=\"iwgha-inuit-grid\" data-element_type=\"widget\" data-e-type=\"widget\" data-widget_type=\"text-editor.default\">\n\t\t\t\t\t\t\t\t\t<div class=\"iwg-wesen-grid\"><a class=\"iwg-wesen-card\" href=\"https:\/\/iwell-guard.com\/is\/anguta-fadir-sednu-verndari-undirheima\/\" aria-label=\"Anguta \u2013 fa\u00f0ir Sednu og verndari undirheima\"><div class=\"iwg-wesen-card-imgwrap\"><img decoding=\"async\" src=\"https:\/\/iwell-guard.com\/wp-content\/uploads\/2026\/05\/geister_inuit_anguta-200x300.webp\" alt=\"Anguta \u2013 fa\u00f0ir Sednu og verndari undirheima\" loading=\"lazy\"><\/div><div class=\"iwg-wesen-card-body\"><div class=\"iwg-wesen-card-name\">Anguta \u2013 fa\u00f0ir Sednu og verndari undirheima<\/div><div class=\"iwg-wesen-card-arrow\">\u2192 \u00c1 v\u00e6ttina<\/div><\/div><\/a><a class=\"iwg-wesen-card\" href=\"https:\/\/iwell-guard.com\/is\/igaluk-tunglgud-inuita\/\" aria-label=\"Igaluk \u2013 Tunglgu\u00f0 \u00ed hef\u00f0um In\u00fa\u00edta\"><div class=\"iwg-wesen-card-imgwrap\"><img decoding=\"async\" src=\"https:\/\/iwell-guard.com\/wp-content\/uploads\/2026\/05\/goetter_inuit_igaluk-200x300.webp\" alt=\"Igaluk \u2013 Tunglgu\u00f0 \u00ed hef\u00f0um In\u00fa\u00edta\" loading=\"lazy\"><\/div><div class=\"iwg-wesen-card-body\"><div class=\"iwg-wesen-card-name\">Igaluk \u2013 Tunglgu\u00f0 \u00ed hef\u00f0um In\u00fa\u00edta<\/div><div class=\"iwg-wesen-card-arrow\">\u2192 \u00c1 v\u00e6ttina<\/div><\/div><\/a><a class=\"iwg-wesen-card\" href=\"https:\/\/iwell-guard.com\/is\/malina-solargydja-inuita\/\" aria-label=\"Malina \u2013 s\u00f3largy\u00f0ja In\u00fa\u00edta\"><div class=\"iwg-wesen-card-imgwrap\"><img decoding=\"async\" src=\"https:\/\/iwell-guard.com\/wp-content\/uploads\/2026\/05\/goetter_inuit_malina-inuit-200x300.webp\" alt=\"Malina \u2013 s\u00f3largy\u00f0ja In\u00fa\u00edta\" loading=\"lazy\"><\/div><div class=\"iwg-wesen-card-body\"><div class=\"iwg-wesen-card-name\">Malina \u2013 s\u00f3largy\u00f0ja In\u00fa\u00edta<\/div><div class=\"iwg-wesen-card-arrow\">\u2192 \u00c1 v\u00e6ttina<\/div><\/div><\/a><a class=\"iwg-wesen-card\" href=\"https:\/\/iwell-guard.com\/is\/nanook-isbjarnarherra-inuita\/\" aria-label=\"Nanook \u2013 \u00cdsbjarnarherra in\u00fa\u00edta-hef\u00f0arins\"><div class=\"iwg-wesen-card-imgwrap\"><img decoding=\"async\" src=\"https:\/\/iwell-guard.com\/wp-content\/uploads\/2026\/05\/geister_inuit_nanook-200x300.webp\" alt=\"Nanook \u2013 \u00cdsbjarnarherra in\u00fa\u00edta-hef\u00f0arins\" loading=\"lazy\"><\/div><div class=\"iwg-wesen-card-body\"><div class=\"iwg-wesen-card-name\">Nanook \u2013 \u00cdsbjarnarherra in\u00fa\u00edta-hef\u00f0arins<\/div><div class=\"iwg-wesen-card-arrow\">\u2192 \u00c1 v\u00e6ttina<\/div><\/div><\/a><a class=\"iwg-wesen-card\" href=\"https:\/\/iwell-guard.com\/is\/pinga-husfreyja-landdyra\/\" aria-label=\"Pinga \u2013 H\u00fasfreyja landd\u00fdra og f\u00e6\u00f0andi kvenna\"><div class=\"iwg-wesen-card-imgwrap\"><img decoding=\"async\" src=\"https:\/\/iwell-guard.com\/wp-content\/uploads\/2026\/05\/geister_inuit_pinga-200x300.webp\" alt=\"Pinga \u2013 H\u00fasfreyja landd\u00fdra og f\u00e6\u00f0andi kvenna\" loading=\"lazy\"><\/div><div class=\"iwg-wesen-card-body\"><div class=\"iwg-wesen-card-name\">Pinga \u2013 H\u00fasfreyja landd\u00fdra og f\u00e6\u00f0andi kvenna<\/div><div class=\"iwg-wesen-card-arrow\">\u2192 \u00c1 v\u00e6ttina<\/div><\/div><\/a><a class=\"iwg-wesen-card\" href=\"https:\/\/iwell-guard.com\/is\/qailertetang-vedurfelagi-og-verndari-dyranna\/\" aria-label=\"Qailertetang \u2013 Ve\u00f0urf\u00e9lagi og verndari d\u00fdranna\"><div class=\"iwg-wesen-card-imgwrap\"><img decoding=\"async\" src=\"https:\/\/iwell-guard.com\/wp-content\/uploads\/2026\/05\/geister_inuit_qailertetang-200x300.webp\" alt=\"Qailertetang \u2013 Ve\u00f0urf\u00e9lagi og verndari d\u00fdranna\" loading=\"lazy\"><\/div><div class=\"iwg-wesen-card-body\"><div class=\"iwg-wesen-card-name\">Qailertetang \u2013 Ve\u00f0urf\u00e9lagi og verndari d\u00fdranna<\/div><div class=\"iwg-wesen-card-arrow\">\u2192 \u00c1 v\u00e6ttina<\/div><\/div><\/a><a class=\"iwg-wesen-card\" href=\"https:\/\/iwell-guard.com\/is\/sedna-sjavardrottning-inuita\/\" aria-label=\"Sedna \u2013 Sj\u00e1vardrottning In\u00fa\u00edta\"><div class=\"iwg-wesen-card-imgwrap\"><img decoding=\"async\" src=\"https:\/\/iwell-guard.com\/wp-content\/uploads\/2026\/05\/goetter_inuit_sedna-1-200x300.webp\" alt=\"Sedna \u2013 Sj\u00e1vardrottning In\u00fa\u00edta\" loading=\"lazy\"><\/div><div class=\"iwg-wesen-card-body\"><div class=\"iwg-wesen-card-name\">Sedna \u2013 Sj\u00e1vardrottning In\u00fa\u00edta<\/div><div class=\"iwg-wesen-card-arrow\">\u2192 \u00c1 v\u00e6ttina<\/div><\/div><\/a><a class=\"iwg-wesen-card\" href=\"https:\/\/iwell-guard.com\/is\/sila-heimsandardrattur-veduherra-inuita\/\" aria-label=\"Sila \u2013 Heimsandardr\u00e1ttur og ve\u00f0urdrottinn In\u00fa\u00edta\"><div class=\"iwg-wesen-card-imgwrap\"><img decoding=\"async\" src=\"https:\/\/iwell-guard.com\/wp-content\/uploads\/2026\/05\/geister_inuit_sila-200x300.webp\" alt=\"Sila \u2013 Heimsandardr\u00e1ttur og ve\u00f0urdrottinn In\u00fa\u00edta\" loading=\"lazy\"><\/div><div class=\"iwg-wesen-card-body\"><div class=\"iwg-wesen-card-name\">Sila \u2013 Heimsandardr\u00e1ttur og ve\u00f0urdrottinn In\u00fa\u00edta<\/div><div class=\"iwg-wesen-card-arrow\">\u2192 \u00c1 v\u00e6ttina<\/div><\/div><\/a><a class=\"iwg-wesen-card\" href=\"https:\/\/iwell-guard.com\/is\/tornarssuk-verndarandi-inuita-sjamana\/\" aria-label=\"Tornarssuk \u2013 Mikill verndarandi in\u00fa\u00edta sjamana\"><div class=\"iwg-wesen-card-imgwrap\"><img decoding=\"async\" src=\"https:\/\/iwell-guard.com\/wp-content\/uploads\/2026\/05\/geister_inuit_tornarssuk-200x300.webp\" alt=\"Tornarssuk \u2013 Mikill verndarandi in\u00fa\u00edta sjamana\" loading=\"lazy\"><\/div><div class=\"iwg-wesen-card-body\"><div class=\"iwg-wesen-card-name\">Tornarssuk \u2013 Mikill verndarandi in\u00fa\u00edta sjamana<\/div><div class=\"iwg-wesen-card-arrow\">\u2192 \u00c1 v\u00e6ttina<\/div><\/div><\/a><a class=\"iwg-wesen-card\" href=\"https:\/\/iwell-guard.com\/is\/tupilak-hefndarandi-inuita\/\" aria-label=\"Tupilak \u2013 Mannger\u00f0ur hefndarandi gr\u00e6nlensku in\u00fa\u00edtanna\"><div class=\"iwg-wesen-card-imgwrap\"><img decoding=\"async\" src=\"https:\/\/iwell-guard.com\/wp-content\/uploads\/2026\/05\/geister_inuit_tupilak-200x300.webp\" alt=\"Tupilak \u2013 Mannger\u00f0ur hefndarandi gr\u00e6nlensku in\u00fa\u00edtanna\" loading=\"lazy\"><\/div><div class=\"iwg-wesen-card-body\"><div class=\"iwg-wesen-card-name\">Tupilak \u2013 Mannger\u00f0ur hefndarandi gr\u00e6nlensku in\u00fa\u00edtanna<\/div><div class=\"iwg-wesen-card-arrow\">\u2192 \u00c1 v\u00e6ttina<\/div><\/div><\/a><\/div>\t\t\t\t\t\t\t\t<\/div>\n\t\t\t\t\t<\/div>\n\t\t\t\t<\/div>\n\t\t\t\t\t<\/div>\n\t\t\t\t<\/div>\n\t\t<div class=\"elementor-element elementor-element-iwgcn-inuit-kwd e-flex e-con-boxed e-con e-parent\" data-id=\"iwgcn-inuit-kwd\" data-element_type=\"container\" data-e-type=\"container\">\n\t\t\t\t\t<div class=\"e-con-inner\">\n\t\t<div class=\"elementor-element elementor-element-iwgcn-inuit-kwd-c e-con-full e-flex e-con e-child\" data-id=\"iwgcn-inuit-kwd-c\" data-element_type=\"container\" data-e-type=\"container\">\n\t\t\t\t<div class=\"elementor-element elementor-element-iwgcn-inuit-kwdt elementor-widget elementor-widget-text-editor\" data-id=\"iwgcn-inuit-kwdt\" data-element_type=\"widget\" data-e-type=\"widget\" data-widget_type=\"text-editor.default\">\n\t\t\t\t\t\t\t\t\t<p><em>Tengd kjarnahugt\u00f6k: Inuit Yupik Sedna Sila Tornit Tunit Angakkuq Iqaluit Greenland Tupilak Inukshuk.<\/em><\/p>\t\t\t\t\t\t\t\t<\/div>\n\t\t\t\t<\/div>\n\t\t\t\t\t<\/div>\n\t\t\t\t<\/div>\n\t\t<div class=\"elementor-element elementor-element-iwgcn-inuit-cc e-flex e-con-boxed e-con e-parent\" data-id=\"iwgcn-inuit-cc\" data-element_type=\"container\" data-e-type=\"container\" id=\"iwg-cc-inuit\">\n\t\t\t\t\t<div class=\"e-con-inner\">\n\t\t<div class=\"elementor-element elementor-element-iwgcn-inuit-ccinner e-flex e-con-boxed e-con e-parent\" data-id=\"iwgcn-inuit-ccinner\" data-element_type=\"container\" data-e-type=\"container\" data-settings=\"{&quot;background_background&quot;:&quot;classic&quot;}\">\n\t\t\t\t\t<div class=\"e-con-inner\">\n\t\t\t\t<div class=\"elementor-element elementor-element-iwgcn-inuit-cch elementor-widget elementor-widget-heading\" data-id=\"iwgcn-inuit-cch\" data-element_type=\"widget\" data-e-type=\"widget\" data-widget_type=\"heading.default\">\n\t\t\t\t\t<h2 class=\"elementor-heading-title elementor-size-default\">Verndargripir \u00ed \u00feessari menningarhef\u00f0<\/h2>\t\t\t\t<\/div>\n\t\t\t\t<div class=\"elementor-element elementor-element-iwgcn-inuit-cct elementor-widget elementor-widget-text-editor\" data-id=\"iwgcn-inuit-cct\" data-element_type=\"widget\" data-e-type=\"widget\" data-widget_type=\"text-editor.default\">\n\t\t\t\t\t\t\t\t\t<p>\u00cd arkt\u00edskri hef\u00f0 In\u00fa\u00edta \u00feekkjast tupilak-\u00fatskur\u00f0armyndir \u00far rostungs- e\u00f0a hvalabeini, bur\u00f0aram\u00falettur \u00far d\u00fdrat\u00f6nnum og steini, auk inuksuit sem landmerkja. Hver fj\u00f6lskylda hefur eigin verndargripi me\u00f0 pers\u00f3nulegri s\u00f6gu.<\/p><div data-nosnippet=\"true\"><p>iWell Guard fellur inn \u00ed \u00feessa menningars\u00f6gulegu hef\u00f0 bur\u00f0argripa til verndar, \u00ed n\u00fat\u00edmalegri efnis\u00fatf\u00e6rslu, framleitt \u00ed \u00de\u00fdskalandi. 41 l\u00f6g, alv\u00f6ru gull, plat\u00edna, silfur. 30 daga skilar\u00e9ttur.<\/p><\/div>\t\t\t\t\t\t\t\t<\/div>\n\t\t\t\t<div class=\"elementor-element elementor-element-iwgcn-inuit-ccb iwg-cc-button iwg-cc-cta-2026-05-13 elementor-widget elementor-widget-jet-button\" data-id=\"iwgcn-inuit-ccb\" data-element_type=\"widget\" data-e-type=\"widget\" data-widget_type=\"jet-button.default\">\n\t\t\t\t<div class=\"elementor-widget-container\">\n\t\t\t\t\t<div class=\"elementor-jet-button jet-elements\"><div class=\"jet-button__container\"><a class=\"jet-button__instance jet-button__instance--icon-left hover-effect-1\" href=\"\/ueber-iwell-guard\/?utm_source=iwell-guard.com&amp;utm_medium=info-box&amp;utm_campaign=kultur-tradition\"><div class=\"jet-button__plane jet-button__plane-normal\"><\/div><div class=\"jet-button__plane jet-button__plane-hover\"><\/div><div class=\"jet-button__state jet-button__state-normal\"><span class=\"jet-button__label\">Meira um iWell Guard<\/span><\/div><div class=\"jet-button__state jet-button__state-hover\"><span class=\"jet-button__label\">Meira um iWell Guard<\/span><\/div><\/a><\/div><\/div><style>.elementor-element.elementor-element-iwgcn-inuit-ccb .jet-button__instance{width:320px;height:56px;}.elementor-element.elementor-element-iwgcn-inuit-ccb .jet-button__state-normal .jet-button__label{text-align:center;margin:0px 0px 0px 0px;color:#1a1b20;font-family:Montserrat,sans-serif;font-size:13px;font-weight:400;letter-spacing:4px;line-height:1.714em;text-transform:uppercase;}.elementor-element.elementor-element-iwgcn-inuit-ccb .jet-button__state-hover .jet-button__label{text-align:center;margin:0px 0px 0px 0px;color:#FECC76;font-family:Montserrat,sans-serif;font-size:13px;font-weight:400;letter-spacing:4px;line-height:1.714em;text-transform:uppercase;}.elementor-element.elementor-element-iwgcn-inuit-ccb .jet-button__plane-normal{background-color:#FECC76;border-style:solid;border-color:#C99540;border-width:2px 2px 2px 2px;}.elementor-element.elementor-element-iwgcn-inuit-ccb .jet-button__plane-hover{background-color:rgba(0,0,0,0.55);border-style:solid;border-color:#FECC76;border-width:2px 2px 2px 2px;}<\/style>\t\t\t\t<\/div>\n\t\t\t\t<\/div>\n\t\t\t\t<div class=\"elementor-element elementor-element-iwgcn-inuit-ccd elementor-widget elementor-widget-text-editor\" data-id=\"iwgcn-inuit-ccd\" data-element_type=\"widget\" data-e-type=\"widget\" data-widget_type=\"text-editor.default\">\n\t\t\t\t\t\t\t\t\t<div data-nosnippet=\"true\"><p style=\"text-align:center;font-size:13px;opacity:0.7;margin-top:14px\" data-nosnippet=\"true\">Pers\u00f3nuleg reynsla getur veri\u00f0 mismunandi. Ekki l\u00e6kningat\u00e6ki. Engin lofor\u00f0 um l\u00e6kningu.<\/p><\/div>\t\t\t\t\t\t\t\t<\/div>\n\t\t\t\t\t<\/div>\n\t\t\t\t<\/div>\n\t\t\t\t\t<\/div>\n\t\t\t\t<\/div>\n\t\t<div class=\"elementor-element elementor-element-iwgcn-inuit-disc e-flex e-con-boxed e-con e-parent\" data-id=\"iwgcn-inuit-disc\" data-element_type=\"container\" data-e-type=\"container\">\n\t\t\t\t\t<div class=\"e-con-inner\">\n\t\t\t\t<div class=\"elementor-element elementor-element-iwgcn-inuit-discw elementor-widget elementor-widget-html\" data-id=\"iwgcn-inuit-discw\" data-element_type=\"widget\" data-e-type=\"widget\" data-widget_type=\"html.default\">\n\t\t\t\t\t<footer data-nosnippet=\"true\" class=\"iwg-disclaimer-block\"><p data-nosnippet=\"true\">iWell Guard er <strong>ekki l\u00e6kningat\u00e6ki<\/strong> og kemur ekki \u00ed sta\u00f0inn fyrir l\u00e6knis- e\u00f0a s\u00e1lfr\u00e6\u00f0ime\u00f0fer\u00f0. Tr\u00faarfr\u00e6\u00f0ilegt efni er menningars\u00f6gulegt samhengi, ekki r\u00e1\u00f0legging um andlega i\u00f0kun.<\/p><\/footer>\t\t\t\t<\/div>\n\t\t\t\t\t<\/div>\n\t\t\t\t<\/div>\n\t\t\t\t<\/div>\n\t\t","protected":false},"excerpt":{"rendered":"","protected":false},"author":3,"featured_media":2882,"parent":0,"menu_order":0,"comment_status":"closed","ping_status":"closed","template":"elementor_header_footer","meta":{"_yoast_wpseo_focuskw":"Tr\u00faarbr\u00f6g\u00f0 In\u00fa\u00edta","_yoast_wpseo_title":"In\u00fa\u00edtar - Arkt\u00edsk tr\u00faarbr\u00f6g\u00f0, Angakkuq og verndargripir","_yoast_wpseo_metadesc":"Tr\u00faarbr\u00f6g\u00f0 In\u00fa\u00edta \u00e1 iWell Guard: arkt\u00edskar hef\u00f0ir me\u00f0 Sedna, Tornit, Angakkuq og verndargripum, \u00ed tr\u00faarfr\u00e6\u00f0ilegu samhengi.","_yoast_wpseo_meta-robots-noindex":"","_yoast_wpseo_canonical":"","_angie_page":false,"gefaehrdungsstufe":"","wesen_kultur":"","wesen_klasse":"","footnotes":""},"categories":[],"class_list":["post-168917","page","type-page","status-publish","has-post-thumbnail","hentry"],"yoast_head":"<!-- This site is optimized with the Yoast SEO Premium plugin v27.7 (Yoast SEO v28.3) - https:\/\/yoast.com\/product\/yoast-seo-premium-wordpress\/ -->\n<title>In\u00fa\u00edtar - Arkt\u00edsk tr\u00faarbr\u00f6g\u00f0, Angakkuq og verndargripir<\/title>\n<meta name=\"description\" content=\"Tr\u00faarbr\u00f6g\u00f0 In\u00fa\u00edta \u00e1 iWell Guard: arkt\u00edskar hef\u00f0ir me\u00f0 Sedna, Tornit, Angakkuq og verndargripum, \u00ed tr\u00faarfr\u00e6\u00f0ilegu samhengi.\" \/>\n<meta name=\"robots\" content=\"index, follow, max-snippet:-1, max-image-preview:large, max-video-preview:-1\" \/>\n<link rel=\"canonical\" href=\"https:\/\/iwell-guard.com\/is\/inuit-og-nordurslodir-sedna-tornit\/\" \/>\n<meta property=\"og:locale\" content=\"is_IS\" \/>\n<meta property=\"og:type\" content=\"article\" \/>\n<meta property=\"og:title\" content=\"In\u00fa\u00edtar og nor\u00f0ursl\u00f3\u00f0ir \u2013 Sedna, Tornit og verndarhef\u00f0ir\" \/>\n<meta property=\"og:description\" content=\"Tr\u00faarbr\u00f6g\u00f0 In\u00fa\u00edta \u00e1 iWell Guard: arkt\u00edskar hef\u00f0ir me\u00f0 Sedna, Tornit, Angakkuq og verndargripum, \u00ed tr\u00faarfr\u00e6\u00f0ilegu samhengi.\" \/>\n<meta property=\"og:url\" content=\"https:\/\/iwell-guard.com\/is\/inuit-og-nordurslodir-sedna-tornit\/\" \/>\n<meta property=\"og:site_name\" content=\"iWell Guard\" \/>\n<meta property=\"article:modified_time\" content=\"2026-09-05T14:22:45+00:00\" \/>\n<meta property=\"og:image\" content=\"https:\/\/iwell-guard.com\/wp-content\/uploads\/2026\/05\/goetter_inuit_igaluk.webp\" \/>\n\t<meta property=\"og:image:width\" content=\"1024\" \/>\n\t<meta property=\"og:image:height\" content=\"1536\" \/>\n\t<meta property=\"og:image:type\" content=\"image\/webp\" \/>\n<meta name=\"twitter:card\" content=\"summary_large_image\" \/>\n<script type=\"application\/ld+json\" class=\"yoast-schema-graph\">{\"@context\":\"https:\\\/\\\/schema.org\",\"@graph\":[{\"@type\":\"WebPage\",\"@id\":\"https:\\\/\\\/iwell-guard.com\\\/is\\\/inuit-og-nordurslodir-sedna-tornit\\\/\",\"url\":\"https:\\\/\\\/iwell-guard.com\\\/is\\\/inuit-og-nordurslodir-sedna-tornit\\\/\",\"name\":\"In\u00fa\u00edtar - Arkt\u00edsk tr\u00faarbr\u00f6g\u00f0, Angakkuq og verndargripir\",\"isPartOf\":{\"@id\":\"https:\\\/\\\/iwell-guard.com\\\/is\\\/#website\"},\"primaryImageOfPage\":{\"@id\":\"https:\\\/\\\/iwell-guard.com\\\/is\\\/inuit-og-nordurslodir-sedna-tornit\\\/#primaryimage\"},\"image\":{\"@id\":\"https:\\\/\\\/iwell-guard.com\\\/is\\\/inuit-og-nordurslodir-sedna-tornit\\\/#primaryimage\"},\"thumbnailUrl\":\"https:\\\/\\\/iwell-guard.com\\\/wp-content\\\/uploads\\\/2026\\\/05\\\/goetter_inuit_igaluk.webp\",\"datePublished\":\"2026-09-05T14:04:02+00:00\",\"dateModified\":\"2026-09-05T14:22:45+00:00\",\"description\":\"Tr\u00faarbr\u00f6g\u00f0 In\u00fa\u00edta \u00e1 iWell Guard: arkt\u00edskar hef\u00f0ir me\u00f0 Sedna, Tornit, Angakkuq og verndargripum, \u00ed tr\u00faarfr\u00e6\u00f0ilegu samhengi.\",\"breadcrumb\":{\"@id\":\"https:\\\/\\\/iwell-guard.com\\\/is\\\/inuit-og-nordurslodir-sedna-tornit\\\/#breadcrumb\"},\"inLanguage\":\"is\",\"potentialAction\":[{\"@type\":\"ReadAction\",\"target\":[\"https:\\\/\\\/iwell-guard.com\\\/is\\\/inuit-og-nordurslodir-sedna-tornit\\\/\"]}]},{\"@type\":\"ImageObject\",\"inLanguage\":\"is\",\"@id\":\"https:\\\/\\\/iwell-guard.com\\\/is\\\/inuit-og-nordurslodir-sedna-tornit\\\/#primaryimage\",\"url\":\"https:\\\/\\\/iwell-guard.com\\\/wp-content\\\/uploads\\\/2026\\\/05\\\/goetter_inuit_igaluk.webp\",\"contentUrl\":\"https:\\\/\\\/iwell-guard.com\\\/wp-content\\\/uploads\\\/2026\\\/05\\\/goetter_inuit_igaluk.webp\",\"width\":1024,\"height\":1536,\"caption\":\"Gu\u00f0ir \u00far hef\u00f0 In\u00fa\u00edta.\"},{\"@type\":\"BreadcrumbList\",\"@id\":\"https:\\\/\\\/iwell-guard.com\\\/is\\\/inuit-og-nordurslodir-sedna-tornit\\\/#breadcrumb\",\"itemListElement\":[{\"@type\":\"ListItem\",\"position\":1,\"name\":\"Start\",\"item\":\"https:\\\/\\\/iwell-guard.com\\\/is\\\/?page_id=168580\"},{\"@type\":\"ListItem\",\"position\":2,\"name\":\"In\u00fa\u00edtar og nor\u00f0ursl\u00f3\u00f0ir \u2013 Sedna, Tornit og verndarhef\u00f0ir\"}]},{\"@type\":\"WebSite\",\"@id\":\"https:\\\/\\\/iwell-guard.com\\\/is\\\/#website\",\"url\":\"https:\\\/\\\/iwell-guard.com\\\/is\\\/\",\"name\":\"iWell Guard\",\"description\":\"Schutz vor dunklen Einfl\u00fcssen\",\"publisher\":{\"@id\":\"https:\\\/\\\/iwell-guard.com\\\/is\\\/#organization\"},\"potentialAction\":[{\"@type\":\"SearchAction\",\"target\":{\"@type\":\"EntryPoint\",\"urlTemplate\":\"https:\\\/\\\/iwell-guard.com\\\/is\\\/?s={search_term_string}\"},\"query-input\":{\"@type\":\"PropertyValueSpecification\",\"valueRequired\":true,\"valueName\":\"search_term_string\"}}],\"inLanguage\":\"is\"},{\"@type\":\"Organization\",\"@id\":\"https:\\\/\\\/iwell-guard.com\\\/is\\\/#organization\",\"name\":\"Ittermann electronic GmbH\",\"url\":\"https:\\\/\\\/iwell-guard.com\\\/is\\\/\",\"logo\":{\"@type\":\"ImageObject\",\"inLanguage\":\"is\",\"@id\":\"https:\\\/\\\/iwell-guard.com\\\/is\\\/#\\\/schema\\\/logo\\\/image\\\/\",\"url\":\"https:\\\/\\\/iwell-guard.com\\\/wp-content\\\/uploads\\\/2026\\\/05\\\/Ittermann-Logo-1182x237-1.png\",\"contentUrl\":\"https:\\\/\\\/iwell-guard.com\\\/wp-content\\\/uploads\\\/2026\\\/05\\\/Ittermann-Logo-1182x237-1.png\",\"width\":1182,\"height\":237,\"caption\":\"Ittermann electronic GmbH\"},\"image\":{\"@id\":\"https:\\\/\\\/iwell-guard.com\\\/is\\\/#\\\/schema\\\/logo\\\/image\\\/\"},\"sameAs\":[\"https:\\\/\\\/pantip.com\\\/profile\\\/9367242\",\"https:\\\/\\\/micro.blog\\\/iwellguard\",\"https:\\\/\\\/www.diggerslist.com\\\/iwellguard\\\/about\",\"https:\\\/\\\/skitterphoto.com\\\/photographers\\\/2870314\\\/iwell-guard\",\"https:\\\/\\\/iwellguard.wordpress.com\\\/2026\\\/06\\\/06\\\/iwell-guard\\\/\",\"https:\\\/\\\/hub.docker.com\\\/u\\\/iwellguard\",\"https:\\\/\\\/www.pinterest.com\\\/iwellguard\\\/\",\"https:\\\/\\\/bit.ly\\\/m\\\/iwellguard\",\"https:\\\/\\\/entre-vos-mains.alsace.eu\\\/profiles\\\/iwellguard\\\/activity\",\"https:\\\/\\\/gravatar.com\\\/reallybeded8fd34\",\"https:\\\/\\\/naijamatta.com\\\/iwellguard\",\"https:\\\/\\\/www.goodreads.com\\\/iwellguard\",\"https:\\\/\\\/profile.hatena.ne.jp\\\/iwellguard\\\/\",\"https:\\\/\\\/experiment.com\\\/users\\\/iwellguard\",\"https:\\\/\\\/wakelet.com\\\/@iWellGuard82270\",\"https:\\\/\\\/www.chordie.com\\\/forum\\\/profile.php?id=2555664\",\"https:\\\/\\\/www.instapaper.com\\\/p\\\/17757966\",\"https:\\\/\\\/www.mapleprimes.com\\\/users\\\/iwellguard\",\"https:\\\/\\\/businesslistingplus.com\\\/profile\\\/iwell-guard\\\/\",\"https:\\\/\\\/telegra.ph\\\/iWell-Guard-06-06\",\"https:\\\/\\\/pbase.com\\\/iwellguard\\\/iwellguard\",\"https:\\\/\\\/b.hatena.ne.jp\\\/iwellguard\\\/20260607#bookmark-4788405196491818882\",\"https:\\\/\\\/fliphtml5.com\\\/home\\\/iwellguard\",\"https:\\\/\\\/anyflip.com\\\/homepage\\\/cmiwl#About\",\"https:\\\/\\\/transfur.com\\\/Users\\\/iwellguard\",\"http:\\\/\\\/delphi.larsbo.org\\\/user\\\/iwellguard\",\"https:\\\/\\\/jobs.lajobsportal.org\\\/profiles\\\/8380803-iwell-guard\",\"https:\\\/\\\/md.chaosdorf.de\\\/s\\\/jfbe5SBdJD\",\"https:\\\/\\\/www.lingvolive.com\\\/en-us\\\/profile\\\/9ecaeaca-ce11-4e51-9e71-01d55e2bff36\\\/translations\",\"https:\\\/\\\/www.fitday.com\\\/fitness\\\/forums\\\/members\\\/iwellguard.html\",\"https:\\\/\\\/www.mymeetbook.com\\\/iwellguard\",\"https:\\\/\\\/pxhere.com\\\/en\\\/photographer-me\\\/5040798\",\"https:\\\/\\\/disqus.com\\\/by\\\/iwellguard\\\/about\\\/\",\"https:\\\/\\\/pastelink.net\\\/hjwciqwq\",\"https:\\\/\\\/pubhtml5.com\\\/homepage\\\/scjhn\\\/\",\"https:\\\/\\\/www.bitchute.com\\\/channel\\\/2O2eOKzNqujT\",\"https:\\\/\\\/audiomack.com\\\/iwellguard\"]}]}<\/script>\n<!-- \/ Yoast SEO Premium plugin. -->","yoast_head_json":{"title":"In\u00fa\u00edtar - Arkt\u00edsk tr\u00faarbr\u00f6g\u00f0, Angakkuq og verndargripir","description":"Tr\u00faarbr\u00f6g\u00f0 In\u00fa\u00edta \u00e1 iWell Guard: arkt\u00edskar hef\u00f0ir me\u00f0 Sedna, Tornit, Angakkuq og verndargripum, \u00ed tr\u00faarfr\u00e6\u00f0ilegu samhengi.","robots":{"index":"index","follow":"follow","max-snippet":"max-snippet:-1","max-image-preview":"max-image-preview:large","max-video-preview":"max-video-preview:-1"},"canonical":"https:\/\/iwell-guard.com\/is\/inuit-og-nordurslodir-sedna-tornit\/","og_locale":"is_IS","og_type":"article","og_title":"In\u00fa\u00edtar og nor\u00f0ursl\u00f3\u00f0ir \u2013 Sedna, Tornit og verndarhef\u00f0ir","og_description":"Tr\u00faarbr\u00f6g\u00f0 In\u00fa\u00edta \u00e1 iWell Guard: arkt\u00edskar hef\u00f0ir me\u00f0 Sedna, Tornit, Angakkuq og verndargripum, \u00ed tr\u00faarfr\u00e6\u00f0ilegu samhengi.","og_url":"https:\/\/iwell-guard.com\/is\/inuit-og-nordurslodir-sedna-tornit\/","og_site_name":"iWell Guard","article_modified_time":"2026-09-05T14:22:45+00:00","og_image":[{"width":1024,"height":1536,"url":"https:\/\/iwell-guard.com\/wp-content\/uploads\/2026\/05\/goetter_inuit_igaluk.webp","type":"image\/webp"}],"twitter_card":"summary_large_image","schema":{"@context":"https:\/\/schema.org","@graph":[{"@type":"WebPage","@id":"https:\/\/iwell-guard.com\/is\/inuit-og-nordurslodir-sedna-tornit\/","url":"https:\/\/iwell-guard.com\/is\/inuit-og-nordurslodir-sedna-tornit\/","name":"In\u00fa\u00edtar - Arkt\u00edsk tr\u00faarbr\u00f6g\u00f0, Angakkuq og verndargripir","isPartOf":{"@id":"https:\/\/iwell-guard.com\/is\/#website"},"primaryImageOfPage":{"@id":"https:\/\/iwell-guard.com\/is\/inuit-og-nordurslodir-sedna-tornit\/#primaryimage"},"image":{"@id":"https:\/\/iwell-guard.com\/is\/inuit-og-nordurslodir-sedna-tornit\/#primaryimage"},"thumbnailUrl":"https:\/\/iwell-guard.com\/wp-content\/uploads\/2026\/05\/goetter_inuit_igaluk.webp","datePublished":"2026-09-05T14:04:02+00:00","dateModified":"2026-09-05T14:22:45+00:00","description":"Tr\u00faarbr\u00f6g\u00f0 In\u00fa\u00edta \u00e1 iWell Guard: arkt\u00edskar hef\u00f0ir me\u00f0 Sedna, Tornit, Angakkuq og verndargripum, \u00ed tr\u00faarfr\u00e6\u00f0ilegu samhengi.","breadcrumb":{"@id":"https:\/\/iwell-guard.com\/is\/inuit-og-nordurslodir-sedna-tornit\/#breadcrumb"},"inLanguage":"is","potentialAction":[{"@type":"ReadAction","target":["https:\/\/iwell-guard.com\/is\/inuit-og-nordurslodir-sedna-tornit\/"]}]},{"@type":"ImageObject","inLanguage":"is","@id":"https:\/\/iwell-guard.com\/is\/inuit-og-nordurslodir-sedna-tornit\/#primaryimage","url":"https:\/\/iwell-guard.com\/wp-content\/uploads\/2026\/05\/goetter_inuit_igaluk.webp","contentUrl":"https:\/\/iwell-guard.com\/wp-content\/uploads\/2026\/05\/goetter_inuit_igaluk.webp","width":1024,"height":1536,"caption":"Gu\u00f0ir \u00far hef\u00f0 In\u00fa\u00edta."},{"@type":"BreadcrumbList","@id":"https:\/\/iwell-guard.com\/is\/inuit-og-nordurslodir-sedna-tornit\/#breadcrumb","itemListElement":[{"@type":"ListItem","position":1,"name":"Start","item":"https:\/\/iwell-guard.com\/is\/?page_id=168580"},{"@type":"ListItem","position":2,"name":"In\u00fa\u00edtar og nor\u00f0ursl\u00f3\u00f0ir \u2013 Sedna, Tornit og verndarhef\u00f0ir"}]},{"@type":"WebSite","@id":"https:\/\/iwell-guard.com\/is\/#website","url":"https:\/\/iwell-guard.com\/is\/","name":"iWell Guard","description":"Schutz vor dunklen Einfl\u00fcssen","publisher":{"@id":"https:\/\/iwell-guard.com\/is\/#organization"},"potentialAction":[{"@type":"SearchAction","target":{"@type":"EntryPoint","urlTemplate":"https:\/\/iwell-guard.com\/is\/?s={search_term_string}"},"query-input":{"@type":"PropertyValueSpecification","valueRequired":true,"valueName":"search_term_string"}}],"inLanguage":"is"},{"@type":"Organization","@id":"https:\/\/iwell-guard.com\/is\/#organization","name":"Ittermann electronic GmbH","url":"https:\/\/iwell-guard.com\/is\/","logo":{"@type":"ImageObject","inLanguage":"is","@id":"https:\/\/iwell-guard.com\/is\/#\/schema\/logo\/image\/","url":"https:\/\/iwell-guard.com\/wp-content\/uploads\/2026\/05\/Ittermann-Logo-1182x237-1.png","contentUrl":"https:\/\/iwell-guard.com\/wp-content\/uploads\/2026\/05\/Ittermann-Logo-1182x237-1.png","width":1182,"height":237,"caption":"Ittermann electronic GmbH"},"image":{"@id":"https:\/\/iwell-guard.com\/is\/#\/schema\/logo\/image\/"},"sameAs":["https:\/\/pantip.com\/profile\/9367242","https:\/\/micro.blog\/iwellguard","https:\/\/www.diggerslist.com\/iwellguard\/about","https:\/\/skitterphoto.com\/photographers\/2870314\/iwell-guard","https:\/\/iwellguard.wordpress.com\/2026\/06\/06\/iwell-guard\/","https:\/\/hub.docker.com\/u\/iwellguard","https:\/\/www.pinterest.com\/iwellguard\/","https:\/\/bit.ly\/m\/iwellguard","https:\/\/entre-vos-mains.alsace.eu\/profiles\/iwellguard\/activity","https:\/\/gravatar.com\/reallybeded8fd34","https:\/\/naijamatta.com\/iwellguard","https:\/\/www.goodreads.com\/iwellguard","https:\/\/profile.hatena.ne.jp\/iwellguard\/","https:\/\/experiment.com\/users\/iwellguard","https:\/\/wakelet.com\/@iWellGuard82270","https:\/\/www.chordie.com\/forum\/profile.php?id=2555664","https:\/\/www.instapaper.com\/p\/17757966","https:\/\/www.mapleprimes.com\/users\/iwellguard","https:\/\/businesslistingplus.com\/profile\/iwell-guard\/","https:\/\/telegra.ph\/iWell-Guard-06-06","https:\/\/pbase.com\/iwellguard\/iwellguard","https:\/\/b.hatena.ne.jp\/iwellguard\/20260607#bookmark-4788405196491818882","https:\/\/fliphtml5.com\/home\/iwellguard","https:\/\/anyflip.com\/homepage\/cmiwl#About","https:\/\/transfur.com\/Users\/iwellguard","http:\/\/delphi.larsbo.org\/user\/iwellguard","https:\/\/jobs.lajobsportal.org\/profiles\/8380803-iwell-guard","https:\/\/md.chaosdorf.de\/s\/jfbe5SBdJD","https:\/\/www.lingvolive.com\/en-us\/profile\/9ecaeaca-ce11-4e51-9e71-01d55e2bff36\/translations","https:\/\/www.fitday.com\/fitness\/forums\/members\/iwellguard.html","https:\/\/www.mymeetbook.com\/iwellguard","https:\/\/pxhere.com\/en\/photographer-me\/5040798","https:\/\/disqus.com\/by\/iwellguard\/about\/","https:\/\/pastelink.net\/hjwciqwq","https:\/\/pubhtml5.com\/homepage\/scjhn\/","https:\/\/www.bitchute.com\/channel\/2O2eOKzNqujT","https:\/\/audiomack.com\/iwellguard"]}]}},"_links":{"self":[{"href":"https:\/\/iwell-guard.com\/is\/wp-json\/wp\/v2\/pages\/168917","targetHints":{"allow":["GET"]}}],"collection":[{"href":"https:\/\/iwell-guard.com\/is\/wp-json\/wp\/v2\/pages"}],"about":[{"href":"https:\/\/iwell-guard.com\/is\/wp-json\/wp\/v2\/types\/page"}],"author":[{"embeddable":true,"href":"https:\/\/iwell-guard.com\/is\/wp-json\/wp\/v2\/users\/3"}],"replies":[{"embeddable":true,"href":"https:\/\/iwell-guard.com\/is\/wp-json\/wp\/v2\/comments?post=168917"}],"version-history":[{"count":0,"href":"https:\/\/iwell-guard.com\/is\/wp-json\/wp\/v2\/pages\/168917\/revisions"}],"wp:featuredmedia":[{"embeddable":true,"href":"https:\/\/iwell-guard.com\/is\/wp-json\/wp\/v2\/media\/2882"}],"wp:attachment":[{"href":"https:\/\/iwell-guard.com\/is\/wp-json\/wp\/v2\/media?parent=168917"}],"wp:term":[{"taxonomy":"category","embeddable":true,"href":"https:\/\/iwell-guard.com\/is\/wp-json\/wp\/v2\/categories?post=168917"}],"curies":[{"name":"wp","href":"https:\/\/api.w.org\/{rel}","templated":true}]}}