{"id":168916,"date":"2026-09-05T14:04:02","date_gmt":"2026-09-05T14:04:02","guid":{"rendered":"https:\/\/iwell-guard.com\/?page_id=168916"},"modified":"2026-09-05T14:22:42","modified_gmt":"2026-09-05T14:22:42","slug":"aboriginal-astralia-draumtid-tjukurpa-verndargripir","status":"publish","type":"page","link":"https:\/\/iwell-guard.com\/is\/aboriginal-astralia-draumtid-tjukurpa-verndargripir\/","title":{"rendered":"Frumbyggjar \u00c1stral\u00edu \u2013 Draumt\u00ed\u00f0, Tjukurpa og verndargripir"},"content":{"rendered":"\t\t<div data-elementor-type=\"wp-page\" data-elementor-id=\"168916\" class=\"elementor elementor-168916 elementor-2571 elementor-bc-flex-widget\" data-elementor-post-type=\"page\">\n\t\t\t\t<div class=\"elementor-element elementor-element-iwgcn-aboriginal-hero iwg-kultur-hero e-flex e-con-boxed e-con e-parent\" data-id=\"iwgcn-aboriginal-hero\" data-element_type=\"container\" data-e-type=\"container\">\n\t\t\t\t\t<div class=\"e-con-inner\">\n\t\t<div class=\"elementor-element elementor-element-iwgcn-aboriginal-hl iwg-kultur-hero-left e-flex e-con-boxed e-con e-child\" data-id=\"iwgcn-aboriginal-hl\" data-element_type=\"container\" data-e-type=\"container\">\n\t\t\t\t\t<div class=\"e-con-inner\">\n\t\t\t\t<div class=\"elementor-element elementor-element-iwgcn-aboriginal-h1 elementor-widget elementor-widget-heading\" data-id=\"iwgcn-aboriginal-h1\" data-element_type=\"widget\" data-e-type=\"widget\" data-widget_type=\"heading.default\">\n\t\t\t\t\t<h1 class=\"elementor-heading-title elementor-size-default\">Gu\u00f0ir frumbyggja, Regnbogaslangan og Tjukurpa-go\u00f0afr\u00e6\u00f0in<\/h1>\t\t\t\t<\/div>\n\t\t<div class=\"elementor-element elementor-element-iwgcn-aboriginal-leadc e-con-full e-flex e-con e-child\" data-id=\"iwgcn-aboriginal-leadc\" data-element_type=\"container\" data-e-type=\"container\">\n\t\t\t\t<div class=\"elementor-element elementor-element-iwgcn-aboriginal-lead elementor-widget elementor-widget-text-editor\" data-id=\"iwgcn-aboriginal-lead\" data-element_type=\"widget\" data-e-type=\"widget\" data-widget_type=\"text-editor.default\">\n\t\t\t\t\t\t\t\t\t<p>Frumbyggjar \u00c1stral\u00edu, meira en 250 tungum\u00e1lah\u00f3par, hafa b\u00fai\u00f0 samfellt \u00e1 meginlandinu \u00ed a\u00f0 minnsta kosti 65.000 \u00e1r og var\u00f0veita eina elstu skjalfestu tr\u00faarhef\u00f0 mannkyns. \u00cd mi\u00f0ju hennar stendur Tjukurpa (einnig kalla\u00f0 Dreamtime e\u00f0a Dreaming), skapandi t\u00edmalag sem er \u00ed senn li\u00f0i\u00f0, vi\u00f0st\u00e6tt og eil\u00edft n\u00e1l\u00e6gt, \u00fear sem forfe\u00f0raverur l\u00f6g\u00f0u grunn a\u00f0 landslagi, l\u00f6gum og l\u00edfsformum.<\/p>\n<p class=\"iwg-kwfix\">Gu\u00f0ir frumbyggja \u00c1stral\u00edu myndar ekki eina samr\u00e6mda go\u00f0aver\u00f6ld, heldur fj\u00f6lda sta\u00f0bundinna hef\u00f0a.<\/p>\t\t\t\t\t\t\t\t<\/div>\n\t\t\t\t<\/div>\n\t\t\t\t\t<\/div>\n\t\t\t\t<\/div>\n\t\t<div class=\"elementor-element elementor-element-iwgcn-aboriginal-hr iwg-kultur-hero-right e-flex e-con-boxed e-con e-child\" data-id=\"iwgcn-aboriginal-hr\" data-element_type=\"container\" data-e-type=\"container\">\n\t\t\t\t\t<div class=\"e-con-inner\">\n\t\t\t\t<div class=\"elementor-element elementor-element-iwgcn-aboriginal-himg iwg-hero-image elementor-widget elementor-widget-image\" data-id=\"iwgcn-aboriginal-himg\" data-element_type=\"widget\" data-e-type=\"widget\" data-widget_type=\"image.default\">\n\t\t\t\t\t\t\t\t\t\t\t\t\t\t\t<img fetchpriority=\"high\" decoding=\"async\" width=\"683\" height=\"1024\" src=\"https:\/\/iwell-guard.com\/wp-content\/uploads\/2026\/05\/goetter_aboriginal_baiame-683x1024.webp\" class=\"attachment-large size-large wp-image-170789\" alt=\"Baiame - gu\u00f0 \u00far hef\u00f0um frumbyggja \u00c1stral\u00edu (Aboriginal), s\u00f6guleg og myndl\u00fdsandi framsetning\" srcset=\"https:\/\/iwell-guard.com\/wp-content\/uploads\/2026\/05\/goetter_aboriginal_baiame-683x1024.webp 683w, https:\/\/iwell-guard.com\/wp-content\/uploads\/2026\/05\/goetter_aboriginal_baiame-200x300.webp 200w, https:\/\/iwell-guard.com\/wp-content\/uploads\/2026\/05\/goetter_aboriginal_baiame-768x1152.webp 768w, https:\/\/iwell-guard.com\/wp-content\/uploads\/2026\/05\/goetter_aboriginal_baiame.webp 1024w\" sizes=\"(max-width: 683px) 100vw, 683px\" \/>\t\t\t\t\t\t\t\t\t\t\t\t\t\t\t<\/div>\n\t\t\t\t\t<\/div>\n\t\t\t\t<\/div>\n\t\t\t\t\t<\/div>\n\t\t\t\t<\/div>\n\t\t<div class=\"elementor-element elementor-element-iwgcn-aboriginal-s0 e-flex e-con-boxed e-con e-parent\" data-id=\"iwgcn-aboriginal-s0\" data-element_type=\"container\" data-e-type=\"container\">\n\t\t\t\t\t<div class=\"e-con-inner\">\n\t\t\t\t<div class=\"elementor-element elementor-element-iwgcn-aboriginal-s0h elementor-widget elementor-widget-heading\" data-id=\"iwgcn-aboriginal-s0h\" data-element_type=\"widget\" data-e-type=\"widget\" data-widget_type=\"heading.default\">\n\t\t\t\t\t<h2 class=\"elementor-heading-title elementor-size-default\">Draumt\u00ed\u00f0in, Tjukurpa og sk\u00f6punarr\u00f6kfr\u00e6\u00f0in<\/h2>\t\t\t\t<\/div>\n\t\t<div class=\"elementor-element elementor-element-iwgcn-aboriginal-s0-c e-con-full e-flex e-con e-child\" data-id=\"iwgcn-aboriginal-s0-c\" data-element_type=\"container\" data-e-type=\"container\">\n\t\t\t\t<div class=\"elementor-element elementor-element-iwgcn-aboriginal-s0t elementor-widget elementor-widget-text-editor\" data-id=\"iwgcn-aboriginal-s0t\" data-element_type=\"widget\" data-e-type=\"widget\" data-widget_type=\"text-editor.default\">\n\t\t\t\t\t\t\t\t\t<p>Tjukurpa (Anangu\/Pitjantjatjara) e\u00f0a Dreaming v\u00edsar til sk\u00f6punart\u00edmalags heimsins, \u00fear sem forfe\u00f0raverurnar, slangan, em\u00fainn, e\u00f0lan, keng\u00faran, Wandjina, fer\u00f0u\u00f0ust um enn \u00f3forma\u00f0 landslagi\u00f0 og m\u00f3tu\u00f0u me\u00f0 ath\u00f6fnum s\u00ednum fj\u00f6ll, vatnsb\u00f3l, d\u00fdr og pl\u00f6ntur.<\/p><p>\u00deessi t\u00edmi er ekki li\u00f0inn heldur virkur enn, me\u00f0 endurtekningu \u00ed helgisi\u00f0um er Tjukurpa endurn\u00fdju\u00f0. Hver einstaklingur hefur pers\u00f3nulega tengingu vi\u00f0 \u00e1kve\u00f0nar forfe\u00f0raverur og \u00fear me\u00f0 vi\u00f0 \u00e1kve\u00f0in landsv\u00e6\u00f0i.<\/p>\n<p class=\"iwg-kwfix\">Gu\u00f0ir frumbyggja og Tjukurpa-go\u00f0afr\u00e6\u00f0in er ekki kenningarkerfi, heldur \u00fe\u00e9ttofi\u00f0 net skaparaforfe\u00f0ra, \u00fear sem fer\u00f0ir \u00feeirra m\u00f3tu\u00f0u landslagi\u00f0 og f\u00e9lagslega skipan hvers tungum\u00e1lah\u00f3ps.<\/p>\t\t\t\t\t\t\t\t<\/div>\n\t\t\t\t<\/div>\n\t\t\t\t\t<\/div>\n\t\t\t\t<\/div>\n\t\t<div class=\"elementor-element elementor-element-iwgcn-aboriginal-s1 e-flex e-con-boxed e-con e-parent\" data-id=\"iwgcn-aboriginal-s1\" data-element_type=\"container\" data-e-type=\"container\">\n\t\t\t\t\t<div class=\"e-con-inner\">\n\t\t\t\t<div class=\"elementor-element elementor-element-iwgcn-aboriginal-s1h elementor-widget elementor-widget-heading\" data-id=\"iwgcn-aboriginal-s1h\" data-element_type=\"widget\" data-e-type=\"widget\" data-widget_type=\"heading.default\">\n\t\t\t\t\t<h2 class=\"elementor-heading-title elementor-size-default\">S\u00f6ngl\u00ednur, kortl\u00f6g\u00f0 sk\u00f6pun<\/h2>\t\t\t\t<\/div>\n\t\t<div class=\"elementor-element elementor-element-iwgcn-aboriginal-s1-c e-con-full e-flex e-con e-child\" data-id=\"iwgcn-aboriginal-s1-c\" data-element_type=\"container\" data-e-type=\"container\">\n\t\t\t\t<div class=\"elementor-element elementor-element-iwgcn-aboriginal-s1t elementor-widget elementor-widget-text-editor\" data-id=\"iwgcn-aboriginal-s1t\" data-element_type=\"widget\" data-e-type=\"widget\" data-widget_type=\"text-editor.default\">\n\t\t\t\t\t\t\t\t\t<p>S\u00f6ngl\u00ednur (Iwi hj\u00e1 vesturau\u00f0ninni, Yiri hj\u00e1 Pintupi, \u00e1 ensku me\u00f0al frumbyggja kalla\u00f0ar \u201eDreaming Tracks\u201c) eru \u00fe\u00e6r lei\u00f0ir sem forfe\u00f0raverurnar f\u00f3ru um landi\u00f0. \u00de\u00e6r eru l\u00e6r\u00f0ar utanb\u00f3kar sem s\u00f6nglotu, hvert erindi tilgreinir sta\u00f0, atbur\u00f0, d\u00fdr e\u00f0a pl\u00f6ntu.<\/p><p>S\u00e1 sem \u00feekkir s\u00f6nginn getur rata\u00f0 um landi\u00f0, hef\u00f0 sem er \u00ed senn kortlagning og sk\u00e1ldskapur og spannar hundru\u00f0 k\u00edl\u00f3metra. B\u00f3k Bruce Chatwins <em>The Songlines<\/em> (1987) ger\u00f0i hugtaki\u00f0 heimsfr\u00e6gt.<\/p>\n<p class=\"iwg-kwfix\">\u00cd sta\u00f0 fastrar kenningar byggir Tjukurpa-go\u00f0afr\u00e6\u00f0in \u00e1 farandi skaparaforfe\u00f0rum: fer\u00f0ir \u00feeirra m\u00f3tu\u00f0u landslagi\u00f0 og l\u00f6g\u00f0u grunn a\u00f0 f\u00e9lagslegri skipan hvers tungum\u00e1lah\u00f3ps.<\/p>\t\t\t\t\t\t\t\t<\/div>\n\t\t\t\t<\/div>\n\t\t\t\t\t<\/div>\n\t\t\t\t<\/div>\n\t\t<div class=\"elementor-element elementor-element-iwgcn-aboriginal-s2 e-flex e-con-boxed e-con e-parent\" data-id=\"iwgcn-aboriginal-s2\" data-element_type=\"container\" data-e-type=\"container\">\n\t\t\t\t\t<div class=\"e-con-inner\">\n\t\t\t\t<div class=\"elementor-element elementor-element-iwgcn-aboriginal-s2h elementor-widget elementor-widget-heading\" data-id=\"iwgcn-aboriginal-s2h\" data-element_type=\"widget\" data-e-type=\"widget\" data-widget_type=\"heading.default\">\n\t\t\t\t\t<h2 class=\"elementor-heading-title elementor-size-default\">Churinga og handb\u00e6rir verndargripir<\/h2>\t\t\t\t<\/div>\n\t\t<div class=\"elementor-element elementor-element-iwgcn-aboriginal-s2-c e-con-full e-flex e-con e-child\" data-id=\"iwgcn-aboriginal-s2-c\" data-element_type=\"container\" data-e-type=\"container\">\n\t\t\t\t<div class=\"elementor-element elementor-element-iwgcn-aboriginal-s2t elementor-widget elementor-widget-text-editor\" data-id=\"iwgcn-aboriginal-s2t\" data-element_type=\"widget\" data-e-type=\"widget\" data-widget_type=\"text-editor.default\">\n\t\t\t\t\t\t\t\t\t<p>Churinga (Tjurunga) eru helgir gripir \u00far vi\u00f0i e\u00f0a steini, oft aflangir og spor\u00f6skjulaga, me\u00f0 \u00edgrafnum hringlaga mynstrum sem t\u00e1kna tengingar vi\u00f0 Tjukurpa. \u00deeir tilheyra \u00e6ttb\u00e1lkum, eru var\u00f0veittir \u00e1 leynilegum st\u00f6\u00f0um og s\u00fdndir vi\u00f0 innv\u00edgsluathafnir.<\/p><p>\u00dea\u00f0 telst gr\u00f3ft brot \u00e1 tr\u00faarl\u00f6gum a\u00f0 sj\u00e1 e\u00f0a mynda churinga \u00e1n leyfis. Auk \u00feess eru bull-roarer (sn\u00faningsvi\u00f0arstykki \u00e1 sn\u00e6rum sem gefa fr\u00e1 s\u00e9r drunandi hlj\u00f3\u00f0), rau\u00f0leitur litur, l\u00edkamsm\u00e1lning og hengi \u00far hornum e\u00f0a beinum hluti af helgisi\u00f0aframkv\u00e6mdinni.<\/p>\t\t\t\t\t\t\t\t<\/div>\n\t\t\t\t<\/div>\n\t\t\t\t\t<\/div>\n\t\t\t\t<\/div>\n\t\t<div class=\"elementor-element elementor-element-iwgcn-aboriginal-s3 e-flex e-con-boxed e-con e-parent\" data-id=\"iwgcn-aboriginal-s3\" data-element_type=\"container\" data-e-type=\"container\">\n\t\t\t\t\t<div class=\"e-con-inner\">\n\t\t\t\t<div class=\"elementor-element elementor-element-iwgcn-aboriginal-s3h elementor-widget elementor-widget-heading\" data-id=\"iwgcn-aboriginal-s3h\" data-element_type=\"widget\" data-e-type=\"widget\" data-widget_type=\"heading.default\">\n\t\t\t\t\t<h2 class=\"elementor-heading-title elementor-size-default\">Wandjina, Regnbogaslangan og forfe\u00f0raverur<\/h2>\t\t\t\t<\/div>\n\t\t<div class=\"elementor-element elementor-element-iwgcn-aboriginal-s3-c e-con-full e-flex e-con e-child\" data-id=\"iwgcn-aboriginal-s3-c\" data-element_type=\"container\" data-e-type=\"container\">\n\t\t\t\t<div class=\"elementor-element elementor-element-iwgcn-aboriginal-s3t elementor-widget elementor-widget-text-editor\" data-id=\"iwgcn-aboriginal-s3t\" data-element_type=\"widget\" data-e-type=\"widget\" data-widget_type=\"text-editor.default\">\n\t\t\t\t\t\t\t\t\t<p>Regnbogaslangan (Rainbow Serpent) er ein v\u00ed\u00f0fe\u00f0masta forfe\u00f0raveran, skjalfest fr\u00e1 nor\u00f0urhluta \u00c1stral\u00edu til au\u00f0narinnar; h\u00fan skapa\u00f0i vatnsb\u00f3l og \u00e1r, er b\u00e6\u00f0i skapari og ey\u00f0andi.<\/p><p>Wandjina-andar \u00e1 Kimberley-sv\u00e6\u00f0inu eru s\u00fdndir \u00ed hellam\u00e1lverkum me\u00f0 st\u00f3r augu, munnlaus andlit og geislak\u00f3r\u00f3nur. \u00deeir bera me\u00f0 s\u00e9r regn og frj\u00f3semi. Bunyip er h\u00e6ttuleg vatnstengd vera \u00ed m\u00fdrum og \u00e1m, oft tv\u00edr\u00e6\u00f0 e\u00f0a vi\u00f0varandi.<\/p>\t\t\t\t\t\t\t\t<\/div>\n\t\t\t\t<\/div>\n\t\t\t\t\t<\/div>\n\t\t\t\t<\/div>\n\t\t<div class=\"elementor-element elementor-element-iwgcn-aboriginal-s4 e-flex e-con-boxed e-con e-parent\" data-id=\"iwgcn-aboriginal-s4\" data-element_type=\"container\" data-e-type=\"container\">\n\t\t\t\t\t<div class=\"e-con-inner\">\n\t\t\t\t<div class=\"elementor-element elementor-element-iwgcn-aboriginal-s4h elementor-widget elementor-widget-heading\" data-id=\"iwgcn-aboriginal-s4h\" data-element_type=\"widget\" data-e-type=\"widget\" data-widget_type=\"heading.default\">\n\t\t\t\t\t<h2 class=\"elementor-heading-title elementor-size-default\">Hellalist og tr\u00faarleg efnismenning<\/h2>\t\t\t\t<\/div>\n\t\t<div class=\"elementor-element elementor-element-iwgcn-aboriginal-s4-c e-con-full e-flex e-con e-child\" data-id=\"iwgcn-aboriginal-s4-c\" data-element_type=\"container\" data-e-type=\"container\">\n\t\t\t\t<div class=\"elementor-element elementor-element-iwgcn-aboriginal-s4t elementor-widget elementor-widget-text-editor\" data-id=\"iwgcn-aboriginal-s4t\" data-element_type=\"widget\" data-e-type=\"widget\" data-widget_type=\"text-editor.default\">\n\t\t\t\t\t\t\t\t\t<p>Hellalist frumbyggja er lengsta samfellda listahef\u00f0 heims, sta\u00f0ir eins og Murujuga (Burrup-skaginn), Uluru og Kakadu s\u00fdna verk sem eru allt a\u00f0 30.000 \u00e1ra g\u00f6mul. R\u00f6ntgenst\u00edllinn (X-Ray) \u00ed Arnhem Land s\u00fdnir innri l\u00edff\u00e6ri d\u00fdranna sem eru s\u00fdnd og byggir \u00e1 Tjukurpa-skipan.<\/p><p>Punkta- og l\u00ednum\u00e1lun fr\u00e1 vesturau\u00f0ninni er n\u00fa al\u00fej\u00f3\u00f0lega versla\u00f0 listform, myndir listamanna eins og Emily Kngwarreye, Clifford Possum Tjapaltjarri og Rover Thomas bera tr\u00faarlega merkingu.<\/p>\t\t\t\t\t\t\t\t<\/div>\n\t\t\t\t<\/div>\n\t\t\t\t\t<\/div>\n\t\t\t\t<\/div>\n\t\t<div class=\"elementor-element elementor-element-x-aboriginal-s-faq e-flex e-con-boxed e-con e-parent\" data-id=\"x-aboriginal-s-faq\" data-element_type=\"container\" data-e-type=\"container\">\n\t\t\t\t\t<div class=\"e-con-inner\">\n\t\t\t\t<div class=\"elementor-element elementor-element-x-aboriginal-h-faq elementor-widget elementor-widget-heading\" data-id=\"x-aboriginal-h-faq\" data-element_type=\"widget\" data-e-type=\"widget\" data-widget_type=\"heading.default\">\n\t\t\t\t\t<h2 class=\"elementor-heading-title elementor-size-default\">Algengar spurningar um tr\u00faarbr\u00f6g\u00f0 frumbyggja \u00c1stral\u00edu<\/h2>\t\t\t\t<\/div>\n\t\t<div class=\"elementor-element elementor-element-iwgcn-aboriginal-s4-c e-con-full e-flex e-con e-child\" data-id=\"iwgcn-aboriginal-s4-c\" data-element_type=\"container\" data-e-type=\"container\">\n\t\t\t\t<div class=\"elementor-element elementor-element-x-aboriginal-t-faq elementor-widget elementor-widget-text-editor\" data-id=\"x-aboriginal-t-faq\" data-element_type=\"widget\" data-e-type=\"widget\" data-widget_type=\"text-editor.default\">\n\t\t\t\t\t\t\t\t\t<h3>Hva\u00f0 er Draumt\u00edminn?<\/h3>\n<p>Tjukurpa (Anangu) e\u00f0a Draumt\u00edminn er meginhugtak tr\u00faarbrag\u00f0a \u00e1stralskra frumbyggja, sk\u00f6punarv\u00edddin sem er alltaf \u00ed n\u00fat\u00ed\u00f0. Ekki fort\u00ed\u00f0, heldur veruleiki \u00fear sem sk\u00f6punarverurnar m\u00f3tu\u00f0u landi\u00f0 og heimurinn heldur \u00e1fram a\u00f0 verka \u00ed dag. Tjukurpa felur \u00ed s\u00e9r l\u00f6gm\u00e1l, s\u00f6gu og andlegt l\u00edf \u00ed einu og sama hugtaki.<\/p>\n<h3>Hver er Regnbogaslangan?<\/h3>\n<p>Regnbogaslangan (Wagyl, Yurlunggur, Almudj, eftir \u00e6ttb\u00e1lki) er meginsk\u00f6punarvera tr\u00faarbrag\u00f0a \u00e1stralskra frumbyggja. H\u00fan skapa\u00f0i vatnalei\u00f0ir, kletta og d\u00fdrategundir. Bergm\u00e1lverk af Regnbogasl\u00f6ngunni eru 6.000-30.000 \u00e1ra g\u00f6mul, ein elstu tr\u00faarlegu myndverk heims.<\/p>\n<h3>Hva\u00f0 eru Songlines?<\/h3>\n<p>Songlines eru heilagar lei\u00f0ir um landi\u00f0, sem verur Tjukurpa f\u00f3ru eftir og m\u00f3tu\u00f0u heiminn me\u00f0. \u00de\u00e6r eru var\u00f0veittar \u00ed s\u00f6ngvum og dansi kynsl\u00f3\u00f0 eftir kynsl\u00f3\u00f0, Songlines geta n\u00e1\u00f0 yfir \u00fe\u00fasundir k\u00edl\u00f3metra. B\u00f3k Bruce Chatwins, Songlines (1987), ger\u00f0i hugtaki\u00f0 heimsfr\u00e6gt.<\/p>\n<h3>Hversu g\u00f6mul eru tr\u00faarbr\u00f6g\u00f0 \u00e1stralskra frumbyggja?<\/h3>\n<p>Tr\u00faarbr\u00f6g\u00f0 \u00e1stralskra frumbyggja eru elstu samfelldu tr\u00faarbr\u00f6g\u00f0 heims, a\u00f0 minnsta kosti 65.000 \u00e1ra g\u00f6mul (Madjedbebe-fundirnir \u00ed Arnhem Land). Bergm\u00e1lverk \u00ed Kakadu og Kimberley n\u00e1 meira en 30.000 \u00e1r aftur \u00ed t\u00edmann. Samfelld arfleif\u00f0 yfir meira en 2.000 kynsl\u00f3\u00f0ir er einst\u00f6k \u00ed heiminum.<\/p>\n<script type=\"application\/ld+json\">{\"@context\": \"https:\/\/schema.org\", \"@type\": \"FAQPage\", \"mainEntity\": [{\"@type\": \"Question\", \"name\": \"Hva\u00f0 er Draumt\u00edminn?\", \"acceptedAnswer\": {\"@type\": \"Answer\", \"text\": \"Tjukurpa (Anangu) e\u00f0a Draumt\u00edminn er meginhugtak tr\u00faarbrag\u00f0a \u00e1stralskra frumbyggja, sk\u00f6punarv\u00edddin sem er alltaf \u00ed n\u00fat\u00ed\u00f0. Ekki fort\u00ed\u00f0, heldur veruleiki \u00fear sem sk\u00f6punarverurnar m\u00f3tu\u00f0u landi\u00f0 og heimurinn heldur \u00e1fram a\u00f0 verka \u00ed dag. Tjukurpa felur \u00ed s\u00e9r l\u00f6gm\u00e1l, s\u00f6gu og andlegt l\u00edf \u00ed einu og sama hugtaki.\"}}, {\"@type\": \"Question\", \"name\": \"Hver er Regnbogaslangan?\", \"acceptedAnswer\": {\"@type\": \"Answer\", \"text\": \"Regnbogaslangan (Wagyl, Yurlunggur, Almudj, eftir \u00e6ttb\u00e1lki) er meginsk\u00f6punarvera tr\u00faarbrag\u00f0a \u00e1stralskra frumbyggja. H\u00fan skapa\u00f0i vatnalei\u00f0ir, kletta og d\u00fdrategundir. Bergm\u00e1lverk af Regnbogasl\u00f6ngunni eru 6.000-30.000 \u00e1ra g\u00f6mul, ein elstu tr\u00faarlegu myndverk heims.\"}}, {\"@type\": \"Question\", \"name\": \"Hva\u00f0 eru Songlines?\", \"acceptedAnswer\": {\"@type\": \"Answer\", \"text\": \"Songlines eru heilagar lei\u00f0ir um landi\u00f0, sem verur Tjukurpa f\u00f3ru eftir og m\u00f3tu\u00f0u heiminn me\u00f0. \u00de\u00e6r eru var\u00f0veittar \u00ed s\u00f6ngvum og dansi kynsl\u00f3\u00f0 eftir kynsl\u00f3\u00f0, Songlines geta n\u00e1\u00f0 yfir \u00fe\u00fasundir k\u00edl\u00f3metra. B\u00f3k Bruce Chatwins, Songlines (1987), ger\u00f0i hugtaki\u00f0 heimsfr\u00e6gt.\"}}, {\"@type\": \"Question\", \"name\": \"Hversu g\u00f6mul eru tr\u00faarbr\u00f6g\u00f0 \u00e1stralskra frumbyggja?\", \"acceptedAnswer\": {\"@type\": \"Answer\", \"text\": \"Tr\u00faarbr\u00f6g\u00f0 \u00e1stralskra frumbyggja eru elstu samfelldu tr\u00faarbr\u00f6g\u00f0 heims, a\u00f0 minnsta kosti 65.000 \u00e1ra g\u00f6mul (Madjedbebe-fundirnir \u00ed Arnhem Land). Bergm\u00e1lverk \u00ed Kakadu og Kimberley n\u00e1 meira en 30.000 \u00e1r aftur \u00ed t\u00edmann. Samfelld arfleif\u00f0 yfir meira en 2.000 kynsl\u00f3\u00f0ir er einst\u00f6k \u00ed heiminum.\"}}]}<\/script>\t\t\t\t\t\t\t\t<\/div>\n\t\t\t\t<\/div>\n\t\t\t\t\t<\/div>\n\t\t\t\t<\/div>\n\t\t<div class=\"elementor-element elementor-element-iwgcn-aboriginal-s5 e-flex e-con-boxed e-con e-parent\" data-id=\"iwgcn-aboriginal-s5\" data-element_type=\"container\" data-e-type=\"container\">\n\t\t\t\t\t<div class=\"e-con-inner\">\n\t\t\t\t<div class=\"elementor-element elementor-element-iwgcn-aboriginal-s5h elementor-widget elementor-widget-heading\" data-id=\"iwgcn-aboriginal-s5h\" data-element_type=\"widget\" data-e-type=\"widget\" data-widget_type=\"heading.default\">\n\t\t\t\t\t<h2 class=\"elementor-heading-title elementor-size-default\">Helgi sta\u00f0a, Uluru, Kata Tjuta<\/h2>\t\t\t\t<\/div>\n\t\t<div class=\"elementor-element elementor-element-iwgcn-aboriginal-s5-c e-con-full e-flex e-con e-child\" data-id=\"iwgcn-aboriginal-s5-c\" data-element_type=\"container\" data-e-type=\"container\">\n\t\t\t\t<div class=\"elementor-element elementor-element-iwgcn-aboriginal-s5t elementor-widget elementor-widget-text-editor\" data-id=\"iwgcn-aboriginal-s5t\" data-element_type=\"widget\" data-e-type=\"widget\" data-widget_type=\"text-editor.default\">\n\t\t\t\t\t\t\t\t\t<p>\u00c1kve\u00f0nir sta\u00f0ir eru <span class=\"iwg-fachbegriff\" data-tooltip=\"\u00dea\u00f0 sem tilheyrir hinu gu\u00f0lega og er \u00fear me\u00f0 undan\u00feegi\u00f0 hversdagslegri notkun.\" tabindex=\"0\">helgir<\/span>, Uluru (Ayers Rock) og Kata Tjuta (Mount Olga) eru \u00feeir al\u00feekktustu \u00e1 heimsv\u00edsu og tr\u00faarlega mikilv\u00e6gastir fyrir Anangu-f\u00f3lki\u00f0. A\u00f0 kl\u00edfa Uluru var \u00e1ratugum saman algeng fer\u00f0amannai\u00f0ja, en var formlega banna\u00f0 \u00e1ri\u00f0 2019.<\/p><p>Helgir sta\u00f0ir (Sacred Sites) eru var\u00f0ir me\u00f0 landr\u00e9ttarl\u00f6ggj\u00f6f, sta\u00f0setning \u00feeirra er oft haldi\u00f0 leyndri. Tr\u00faarbrag\u00f0afr\u00e6\u00f0ileg inns\u00fdn: \u00ed hef\u00f0 \u00e1stralskra frumbyggja er ekki h\u00e6gt a\u00f0 skilja tr\u00faarbr\u00f6g\u00f0 fr\u00e1 hinu \u00e1\u00fereifanlega landi, \u00feau eru alltaf landfr\u00e6\u00f0ileg.<\/p>\t\t\t\t\t\t\t\t<\/div>\n\t\t\t\t<\/div>\n\t\t\t\t\t<\/div>\n\t\t\t\t<\/div>\n\t\t<div class=\"elementor-element elementor-element-iwgcn-aboriginal-s6 e-flex e-con-boxed e-con e-parent\" data-id=\"iwgcn-aboriginal-s6\" data-element_type=\"container\" data-e-type=\"container\">\n\t\t\t\t\t<div class=\"e-con-inner\">\n\t\t\t\t<div class=\"elementor-element elementor-element-iwgcn-aboriginal-s6h elementor-widget elementor-widget-heading\" data-id=\"iwgcn-aboriginal-s6h\" data-element_type=\"widget\" data-e-type=\"widget\" data-widget_type=\"heading.default\">\n\t\t\t\t\t<h2 class=\"elementor-heading-title elementor-size-default\">N\u00fdlendustefna og sta\u00f0an \u00ed dag<\/h2>\t\t\t\t<\/div>\n\t\t<div class=\"elementor-element elementor-element-iwgcn-aboriginal-s6-c e-con-full e-flex e-con e-child\" data-id=\"iwgcn-aboriginal-s6-c\" data-element_type=\"container\" data-e-type=\"container\">\n\t\t\t\t<div class=\"elementor-element elementor-element-iwgcn-aboriginal-s6t elementor-widget elementor-widget-text-editor\" data-id=\"iwgcn-aboriginal-s6t\" data-element_type=\"widget\" data-e-type=\"widget\" data-widget_type=\"text-editor.default\">\n\t\t\t\t\t\t\t\t\t<p>Bresk n\u00fdlendustefna fr\u00e1 1788 haf\u00f0i skelfilegar aflei\u00f0ingar fyrir frumbyggja \u00c1stral\u00edu: sj\u00fakd\u00f3mar, fj\u00f6ldamor\u00f0, upptaka lands, og fr\u00e1 1880 svok\u00f6llu\u00f0 Stolen Generations (b\u00f6rn tekin af foreldrum til a\u00f0l\u00f6gunar, allt fram \u00e1 1970).<\/p><p>National Apology \u00e1ri\u00f0 2008 (fors\u00e6tisr\u00e1\u00f0herra Kevin Rudd) og landr\u00e9ttarl\u00f6ggj\u00f6fin (Mabo-d\u00f3murinn 1992) eru s\u00ed\u00f0b\u00fain og \u00f3fullkomin skref \u00ed \u00e1tt til vi\u00f0urkenningar. Me\u00f0al tr\u00faarbrag\u00f0afr\u00e6\u00f0ilegra verka m\u00e1 nefna W.E.H. Stanner, Ronald og Catherine Berndt, Tony Swain og Diane Bell.<\/p>\t\t\t\t\t\t\t\t<\/div>\n\t\t\t\t<\/div>\n\t\t\t\t\t<\/div>\n\t\t\t\t<\/div>\n\t\t<div class=\"elementor-element elementor-element-cp2ecf6eb8 e-flex e-con-boxed e-con e-parent\" data-id=\"cp2ecf6eb8\" data-element_type=\"container\" data-e-type=\"container\">\n\t\t\t\t\t<div class=\"e-con-inner\">\n\t\t\t\t<div class=\"elementor-element elementor-element-cp2e66997e elementor-widget elementor-widget-heading\" data-id=\"cp2e66997e\" data-element_type=\"widget\" data-e-type=\"widget\" data-widget_type=\"heading.default\">\n\t\t\t\t\t<h2 class=\"elementor-heading-title elementor-size-default\">Fj\u00f6lbreytni fremur en einsleitni: hundru\u00f0 tungum\u00e1lah\u00f3pa, engin ein tr\u00faarbr\u00f6g\u00f0<\/h2>\t\t\t\t<\/div>\n\t\t<div class=\"elementor-element elementor-element-cp2914540f e-flex e-con-boxed e-con e-child\" data-id=\"cp2914540f\" data-element_type=\"container\" data-e-type=\"container\">\n\t\t\t\t\t<div class=\"e-con-inner\">\n\t\t\t\t<div class=\"elementor-element elementor-element-cp2f894ee9 elementor-widget elementor-widget-text-editor\" data-id=\"cp2f894ee9\" data-element_type=\"widget\" data-e-type=\"widget\" data-widget_type=\"text-editor.default\">\n\t\t\t\t\t\t\t\t\t<p>Samheiti\u00f0 Aboriginal felur \u00ed s\u00e9r \u00f3tr\u00falega fj\u00f6lbreytni. Fyrir breska n\u00fdlendustefnu bjuggu nokkur hundru\u00f0 sj\u00e1lfst\u00e6\u00f0ir h\u00f3par \u00e1 meginlandi \u00c1stral\u00edu, hver me\u00f0 sitt eigi\u00f0 tungum\u00e1l, land og tr\u00faarlegar hef\u00f0ir.<\/p><p>\u00c1\u00e6tlanir tala um allt a\u00f0 tv\u00f6 hundru\u00f0 og fimmt\u00edu tungum\u00e1l me\u00f0 fj\u00f6lda m\u00e1ll\u00fdska. \u00dea\u00f0 eru \u00fev\u00ed ekki ein tr\u00faarbr\u00f6g\u00f0 frumbyggja \u00c1stral\u00edu, heldur mikill fj\u00f6ldi tengdra en sj\u00e1lfst\u00e6\u00f0ra hef\u00f0a.<\/p><p>\u00deessar hef\u00f0ir eru dj\u00fapt bundnar vi\u00f0 \u00e1kve\u00f0i\u00f0 land. Tr\u00faarleg vitneskja tilheyrir \u00e1kve\u00f0num h\u00f3pi og v\u00edsar til \u00e1kve\u00f0inna sta\u00f0a, vatnsb\u00f3la, kletta e\u00f0a lei\u00f0a.<\/p><p>Vitneskja \u00far einni sveit ver\u00f0ur ekki au\u00f0veldlega flutt yfir \u00e1 a\u00f0ra, og margt er greint eftir kyni, aldri og innv\u00edgslustigi. Hluti af <span class=\"iwg-fachbegriff\" data-tooltip=\"Mi\u00f0lun \u00feekkingar og sagna milli kynsl\u00f3\u00f0a.\" tabindex=\"0\">arfleif\u00f0inni<\/span> telst loka\u00f0ur, \u00e6tla\u00f0ur tilteknum einstaklingum, en annar hluti er opinn.<\/p><p>\u00deessi ger\u00f0 hefur \u00e1hrif \u00e1 hvers kyns framsetningu. Almennar fullyr\u00f0ingar um \u00e1stralska tr\u00fa eru fr\u00e6\u00f0ilega vafasamar. N\u00fat\u00edma fr\u00e6\u00f0irit leggja \u00e1herslu \u00e1 a\u00f0 r\u00e6\u00f0a \u00feurfi um hvern h\u00f3p fyrir sig, til d\u00e6mis hef\u00f0ir Arrernte, Yol\u014bu, Warlpiri e\u00f0a Pintupi, og a\u00f0 fj\u00f6lbreytnin megi ekki hverfa \u00ed eina samr\u00e6mda mynd.<\/p><p>Sj\u00e1lft hugtaki\u00f0 Aboriginal er einnig utana\u00f0komandi heiti sem margir samf\u00e9lagsh\u00f3par hafa n\u00fa skipt \u00fat fyrir eigin n\u00f6fn.<\/p>\t\t\t\t\t\t\t\t<\/div>\n\t\t\t\t\t<\/div>\n\t\t\t\t<\/div>\n\t\t\t\t\t<\/div>\n\t\t\t\t<\/div>\n\t\t<div class=\"elementor-element elementor-element-cp2ba2dd08 e-flex e-con-boxed e-con e-parent\" data-id=\"cp2ba2dd08\" data-element_type=\"container\" data-e-type=\"container\">\n\t\t\t\t\t<div class=\"e-con-inner\">\n\t\t\t\t<div class=\"elementor-element elementor-element-cp2fca0971 elementor-widget elementor-widget-heading\" data-id=\"cp2fca0971\" data-element_type=\"widget\" data-e-type=\"widget\" data-widget_type=\"heading.default\">\n\t\t\t\t\t<h2 class=\"elementor-heading-title elementor-size-default\">Draumt\u00edminn sem tr\u00faarbrag\u00f0afr\u00e6\u00f0ilegt hugtak<\/h2>\t\t\t\t<\/div>\n\t\t<div class=\"elementor-element elementor-element-cp2ff08778 e-flex e-con-boxed e-con e-child\" data-id=\"cp2ff08778\" data-element_type=\"container\" data-e-type=\"container\">\n\t\t\t\t\t<div class=\"e-con-inner\">\n\t\t\t\t<div class=\"elementor-element elementor-element-cp2a1c6b32 elementor-widget elementor-widget-text-editor\" data-id=\"cp2a1c6b32\" data-element_type=\"widget\" data-e-type=\"widget\" data-widget_type=\"text-editor.default\">\n\t\t\t\t\t\t\t\t\t<p>Hi\u00f0 algenga \u00fe\u00fdska or\u00f0i\u00f0 Traumzeit er \u00fe\u00fd\u00f0ing \u00e1 enska hugtakinu <em>Dreaming<\/em> e\u00f0a <em>Dreamtime<\/em>, sem sj\u00e1lft er dregi\u00f0 af or\u00f0i \u00far arrernte-m\u00e1linu sem manne\u00f0lisfr\u00e6\u00f0ingurinn Francis Gillen og s\u00ed\u00f0ar Baldwin Spencer \u00fe\u00fdddu um 1900 sem draum.<\/p><p>\u00deessi \u00fe\u00fd\u00f0ing er umdeild \u00ed fr\u00e6\u00f0unum, \u00fev\u00ed h\u00fan lei\u00f0ir hugann a\u00f0 n\u00e6turdraumi, \u00e1 me\u00f0an hugt\u00f6kin sem \u00e1tt er vi\u00f0 l\u00fdsa \u00f6\u00f0ru fyrirb\u00e6ri.<\/p><p>\u00c1tt er vi\u00f0 sk\u00f6punar- og skipulagsveruleika \u00fear sem forfe\u00f0rav\u00e6ttir m\u00f3tu\u00f0u landi\u00f0, sk\u00f6pu\u00f0u d\u00fdr og pl\u00f6ntur, settu l\u00f6g og \u00fathlutu\u00f0u tungum\u00e1lum. \u00deessi veruleiki er ekki eing\u00f6ngu fort\u00ed\u00f0.<\/p><p>Hann er \u00e1framhaldandi og til sta\u00f0ar \u00ed landinu, og \u00fev\u00ed tala sumir fr\u00e6\u00f0imenn um allt\u00edma e\u00f0a altilvist. Forfe\u00f0rav\u00e6ttirnir eru oft tengdir \u00e1kve\u00f0num d\u00fdrum e\u00f0a n\u00e1tt\u00farufyrirb\u00e6rum, svo sem <a href=\"https:\/\/iwell-guard.com\/is\/?page_id=168989\">regnbogasl\u00f6ngunni<\/a>, sem kemur vi\u00f0 s\u00f6gu \u00e1 m\u00f6rgum, en ekki \u00f6llum, sv\u00e6\u00f0um.<\/p><p>Vitneskjan um Traumzeit er var\u00f0veitt \u00ed fr\u00e1s\u00f6gnum, s\u00f6ngl\u00f6gum, d\u00f6nsum og myndum, og er bundin \u00e1kve\u00f0num st\u00f6\u00f0um. Hin svok\u00f6llu\u00f0u s\u00f6ngl\u00ednulei\u00f0ir tengja sta\u00f0i saman \u00ed syngjanlega lei\u00f0 um landi\u00f0, sem er \u00ed senn landfr\u00e6\u00f0ilegt og tr\u00faarlegt kort.<\/p><p>Tr\u00faarbrag\u00f0afr\u00e6\u00f0ingar \u00e1 bor\u00f0 vi\u00f0 W. E. H. Stanner hafa bent \u00e1 a\u00f0 \u00feetta kerfi tengir tr\u00faarbr\u00f6g\u00f0, l\u00f6g, s\u00f6gu og landafr\u00e6\u00f0i \u00e1 \u00f3rj\u00fafanlegan h\u00e1tt. \u00dea\u00f0 er \u00fev\u00ed villandi a\u00f0 fjalla um Traumzeit sem einfalda <span class=\"iwg-fachbegriff\" data-tooltip=\"Heildarsafn arfsagna um gu\u00f0i \u00ed tiltekinni menningu.\" tabindex=\"0\">go\u00f0afr\u00e6\u00f0i<\/span>.<\/p>\t\t\t\t\t\t\t\t<\/div>\n\t\t\t\t\t<\/div>\n\t\t\t\t<\/div>\n\t\t\t\t\t<\/div>\n\t\t\t\t<\/div>\n\t\t<div class=\"elementor-element elementor-element-cp2ca49069 e-flex e-con-boxed e-con e-parent\" data-id=\"cp2ca49069\" data-element_type=\"container\" data-e-type=\"container\">\n\t\t\t\t\t<div class=\"e-con-inner\">\n\t\t\t\t<div class=\"elementor-element elementor-element-cp2f98f89a elementor-widget elementor-widget-heading\" data-id=\"cp2f98f89a\" data-element_type=\"widget\" data-e-type=\"widget\" data-widget_type=\"heading.default\">\n\t\t\t\t\t<h2 class=\"elementor-heading-title elementor-size-default\">Bergmyndlist og munnleg arfleif\u00f0 sem heimildir<\/h2>\t\t\t\t<\/div>\n\t\t<div class=\"elementor-element elementor-element-cp2d8e6b6a e-flex e-con-boxed e-con e-child\" data-id=\"cp2d8e6b6a\" data-element_type=\"container\" data-e-type=\"container\">\n\t\t\t\t\t<div class=\"e-con-inner\">\n\t\t\t\t<div class=\"elementor-element elementor-element-cp2aed32ac elementor-widget elementor-widget-text-editor\" data-id=\"cp2aed32ac\" data-element_type=\"widget\" data-e-type=\"widget\" data-widget_type=\"text-editor.default\">\n\t\t\t\t\t\t\t\t\t<p>\u00dear sem hef\u00f0ir frumbyggja \u00c1stral\u00edu voru ekki skr\u00e1\u00f0ar \u00e1 ritu\u00f0u m\u00e1li fyrr en \u00e1 t\u00edmum landn\u00e1ms, byggist vitneskjan \u00e1 tvenns konar heimildum. S\u00fa fyrsta er efnisleg <span class=\"iwg-fachbegriff\" data-tooltip=\"Mi\u00f0lun vitneskju og fr\u00e1sagna milli kynsl\u00f3\u00f0a.\" tabindex=\"0\">arfleif\u00f0<\/span>, fyrst og fremst bergmyndlist.<\/p><p>\u00c1 sv\u00e6\u00f0um eins og Arnhemlandi og Kimberley finnast m\u00e1lverk og \u00e1letranir sem a\u00f0 hluta eru tug\u00fe\u00fasunda \u00e1ra g\u00f6mul. \u00c1kve\u00f0nar myndhef\u00f0ir, svo sem hinar svok\u00f6llu\u00f0u Wandjina-myndir e\u00f0a r\u00f6ntgenst\u00edllinn \u00fear sem innri l\u00edff\u00e6ri eru s\u00fdnd, hafa tr\u00faarlega \u00fe\u00fd\u00f0ingu og eru enn \u00ed dag endurn\u00fdja\u00f0ar \u00e1 vissum st\u00f6\u00f0um.<\/p><p>\u00d6nnur heimildin er munnleg <span class=\"iwg-fachbegriff\" data-tooltip=\"Mi\u00f0lun vitneskju og fr\u00e1sagna milli kynsl\u00f3\u00f0a.\" tabindex=\"0\">arfleif\u00f0<\/span> samf\u00e9laganna sj\u00e1lfra. H\u00fan er mi\u00f0la\u00f0 \u00e1fram me\u00f0 s\u00f6ng, fr\u00e1s\u00f6gn og <span class=\"iwg-fachbegriff\" data-tooltip=\"H\u00e1t\u00ed\u00f0leg ath\u00f6fn sem fer fram eftir f\u00f6stum reglum.\" tabindex=\"0\">ath\u00f6fn<\/span> og er hin r\u00e1\u00f0andi heimild um merkingu myndanna. \u00dear sem \u00feessi mi\u00f0lun rofna\u00f0i vegna n\u00fdlenduofbeldis, brottflutnings og valdbeitts brottn\u00e1ms barna, hefur lykillinn a\u00f0 merkingu margra mynda einnig glatast.<\/p><p>\u00deri\u00f0ja, afleidda lagi\u00f0 eru fornleifafr\u00e6\u00f0ilegar og manne\u00f0lisfr\u00e6\u00f0ilegar skr\u00e1ningar. Spencer og Gillen, og s\u00ed\u00f0ar manne\u00f0lisfr\u00e6\u00f0ingar \u00e1 bor\u00f0 vi\u00f0 A. P. Elkin, Ronald og Catherine Berndt, auk fj\u00f6lda n\u00fdrri rannsakenda, hafa safna\u00f0 efni.<\/p><p>\u00deessi verk eru d\u00fdrm\u00e6t en ver\u00f0ur a\u00f0 lesa me\u00f0 gagnr\u00fdnu hugarfari, \u00fev\u00ed fyrstu athugendur misskildu oft \u00fea\u00f0 sem \u00feeir s\u00e1u, og hluti af loku\u00f0u vitneskju var birt \u00e1 \u00f3vi\u00f0eigandi h\u00e1tt. \u00cd dag er meginregla \u00e1stralskra rannsakenda a\u00f0 hluta\u00f0eigandi samf\u00e9l\u00f6g hafi \u00e1hrif \u00e1 hvernig vitneskja \u00feeirra er notu\u00f0, regla sem einnig setur eldri l\u00fdsingar \u00ed n\u00fdtt lj\u00f3s.<\/p>\t\t\t\t\t\t\t\t<\/div>\n\t\t\t\t\t<\/div>\n\t\t\t\t<\/div>\n\t\t\t\t\t<\/div>\n\t\t\t\t<\/div>\n\t\t<div class=\"elementor-element elementor-element-cp297da672 e-flex e-con-boxed e-con e-parent\" data-id=\"cp297da672\" data-element_type=\"container\" data-e-type=\"container\">\n\t\t\t\t\t<div class=\"e-con-inner\">\n\t\t\t\t<div class=\"elementor-element elementor-element-cp2755c746 elementor-widget elementor-widget-heading\" data-id=\"cp2755c746\" data-element_type=\"widget\" data-e-type=\"widget\" data-widget_type=\"heading.default\">\n\t\t\t\t\t<h2 class=\"elementor-heading-title elementor-size-default\">N\u00fdlenduofbeldi, tr\u00fabo\u00f0 og sta\u00f0a hef\u00f0anna \u00ed dag<\/h2>\t\t\t\t<\/div>\n\t\t<div class=\"elementor-element elementor-element-cp26b499e8 e-flex e-con-boxed e-con e-child\" data-id=\"cp26b499e8\" data-element_type=\"container\" data-e-type=\"container\">\n\t\t\t\t\t<div class=\"e-con-inner\">\n\t\t\t\t<div class=\"elementor-element elementor-element-cp24badc69 elementor-widget elementor-widget-text-editor\" data-id=\"cp24badc69\" data-element_type=\"widget\" data-e-type=\"widget\" data-widget_type=\"text-editor.default\">\n\t\t\t\t\t\t\t\t\t<p>Bresk landn\u00e1m fr\u00e1 1788 haf\u00f0i skelfilegar aflei\u00f0ingar fyrir tr\u00faarhef\u00f0irnar. Sj\u00fakd\u00f3mar, brottflutningur og ofbeldi ey\u00f0il\u00f6g\u00f0u heilu samf\u00e9l\u00f6gin.<\/p><p>\u00dear sem f\u00f3lk var flutt \u00e1 brott fr\u00e1 landi s\u00ednu, misstu \u00feau samt\u00edmis vi\u00f0mi\u00f0unarpunkt tr\u00faar sinnar, \u00fev\u00ed h\u00fan er bundin \u00e1kve\u00f0num st\u00f6\u00f0um. Kristin tr\u00fabo\u00f0 s\u00f6fnu\u00f0u eftirlifendum oft saman \u00e1 st\u00f6\u00f0var, b\u00f6nnu\u00f0u athafnir og tungum\u00e1l og \u00e1ttu \u00feannig \u00fe\u00e1tt \u00ed a\u00f0 rj\u00fafa mi\u00f0lun vitneskjunnar.<\/p><p>S\u00e9rstaklega afdrifar\u00edk var stefna sem f\u00f3l \u00ed s\u00e9r valdbeitt a\u00f0skilna\u00f0 barna, sem gengur undir nafninu stolnu kynsl\u00f3\u00f0irnar \u00ed s\u00f6gunni. H\u00fan rofna\u00f0i ke\u00f0ju vitneskjumi\u00f0lunar milli eldri og yngri, sem er kjarninn \u00ed \u00feessum hef\u00f0um. Sum samf\u00e9l\u00f6g misstu \u00feannig mikinn hluta tr\u00faarlegrar vitneskju sinnar, \u00f6nnur var\u00f0veittu hana \u00ed leyni.<\/p><p>Sta\u00f0an \u00ed dag er blendin. \u00c1 hlutum Nor\u00f0ur- og Mi\u00f0-\u00c1stral\u00edu eru tungum\u00e1l, athafnir og s\u00f6ngl\u00ednulei\u00f0ir enn \u00ed fullri virkni og mi\u00f0la\u00f0 til n\u00e6stu kynsl\u00f3\u00f0ar. \u00c1 \u00f6\u00f0rum sv\u00e6\u00f0um fer fram v\u00edsvitandi endurheimt, sem a\u00f0 hluta byggist \u00e1 f\u00e1um eftirlifandi \u00f6ldungum, a\u00f0 hluta \u00e1 skjalasafnsefni.<\/p><p>Landr\u00e9ttarl\u00f6ggj\u00f6f fr\u00e1 1970 og \u00e1fram hefur gert einst\u00f6kum h\u00f3pum kleift a\u00f0 sn\u00faa aftur til lands s\u00edns, sem hefur mikla \u00fe\u00fd\u00f0ingu fyrir tr\u00faarlegt i\u00f0kun. \u00c1byrg l\u00fdsing for\u00f0ast b\u00e6\u00f0i myndina af \u00f3afturkr\u00e6fu gl\u00f6tu\u00f0u erf\u00f0arg\u00f3\u00f0i og upphafningu \u00f3rofinnar samfellu. Raunveruleikinn er mj\u00f6g breytilegur milli sv\u00e6\u00f0a og m\u00f3ta\u00f0ur af langri s\u00f6gu ofbeldis.<\/p>\t\t\t\t\t\t\t\t<\/div>\n\t\t\t\t\t<\/div>\n\t\t\t\t<\/div>\n\t\t\t\t\t<\/div>\n\t\t\t\t<\/div>\n\t\t<div class=\"elementor-element elementor-element-iwgha-aboriginal-sec e-flex e-con-boxed e-con e-parent\" data-id=\"iwgha-aboriginal-sec\" data-element_type=\"container\" data-e-type=\"container\">\n\t\t\t\t\t<div class=\"e-con-inner\">\n\t\t\t\t<div class=\"elementor-element elementor-element-iwgha-aboriginal-h elementor-widget elementor-widget-heading\" data-id=\"iwgha-aboriginal-h\" data-element_type=\"widget\" data-e-type=\"widget\" data-widget_type=\"heading.default\">\n\t\t\t\t\t<h2 class=\"elementor-heading-title elementor-size-default\">Verur \u00far \u00feessari hef\u00f0 (10)<\/h2>\t\t\t\t<\/div>\n\t\t<div class=\"elementor-element elementor-element-iwgha-aboriginal-gc e-flex e-con-boxed e-con e-parent\" data-id=\"iwgha-aboriginal-gc\" data-element_type=\"container\" data-e-type=\"container\">\n\t\t\t\t\t<div class=\"e-con-inner\">\n\t\t\t\t<div class=\"elementor-element elementor-element-iwgha-aboriginal-grid elementor-widget elementor-widget-text-editor\" data-id=\"iwgha-aboriginal-grid\" data-element_type=\"widget\" data-e-type=\"widget\" data-widget_type=\"text-editor.default\">\n\t\t\t\t\t\t\t\t\t<div class=\"iwg-wesen-grid\"><a class=\"iwg-wesen-card\" href=\"https:\/\/iwell-guard.com\/is\/baiame-himnafadir-astraliu\/\" aria-label=\"Baiame \u2013 Himnafa\u00f0ir frumbyggja Su\u00f0austur-\u00c1stral\u00edu\"><div class=\"iwg-wesen-card-imgwrap\"><img decoding=\"async\" src=\"https:\/\/iwell-guard.com\/wp-content\/uploads\/2026\/05\/goetter_aboriginal_baiame-200x300.webp\" alt=\"Baiame \u2013 Himnafa\u00f0ir frumbyggja Su\u00f0austur-\u00c1stral\u00edu\" loading=\"lazy\"><\/div><div class=\"iwg-wesen-card-body\"><div class=\"iwg-wesen-card-name\">Baiame \u2013 Himnafa\u00f0ir frumbyggja Su\u00f0austur-\u00c1stral\u00edu<\/div><div class=\"iwg-wesen-card-arrow\">\u2192 \u00c1 v\u00e6ttina<\/div><\/div><\/a><a class=\"iwg-wesen-card\" href=\"https:\/\/iwell-guard.com\/is\/bunjil-orn-skapari-kulin\/\" aria-label=\"Bunjil \u2013 \u00f6rninn skapari Kulin-f\u00f3lksins\"><div class=\"iwg-wesen-card-imgwrap\"><img decoding=\"async\" src=\"https:\/\/iwell-guard.com\/wp-content\/uploads\/2026\/05\/goetter_aboriginal_bunjil-200x300.webp\" alt=\"Bunjil \u2013 \u00f6rninn skapari Kulin-f\u00f3lksins\" loading=\"lazy\"><\/div><div class=\"iwg-wesen-card-body\"><div class=\"iwg-wesen-card-name\">Bunjil \u2013 \u00f6rninn skapari Kulin-f\u00f3lksins<\/div><div class=\"iwg-wesen-card-arrow\">\u2192 \u00c1 v\u00e6ttina<\/div><\/div><\/a><a class=\"iwg-wesen-card\" href=\"https:\/\/iwell-guard.com\/is\/bunyip-vatnsvaetti-frumbyggja\/\" aria-label=\"Bunyip \u2013 vatnsv\u00e6tti frumbyggja \u00c1stral\u00edu\"><div class=\"iwg-wesen-card-imgwrap\"><img decoding=\"async\" src=\"https:\/\/iwell-guard.com\/wp-content\/uploads\/2026\/05\/daemonen_aboriginal_bunyip-200x300.webp\" alt=\"Bunyip \u2013 vatnsv\u00e6tti frumbyggja \u00c1stral\u00edu\" loading=\"lazy\"><\/div><div class=\"iwg-wesen-card-body\"><div class=\"iwg-wesen-card-name\">Bunyip \u2013 vatnsv\u00e6tti frumbyggja \u00c1stral\u00edu<\/div><div class=\"iwg-wesen-card-arrow\">\u2192 \u00c1 v\u00e6ttina<\/div><\/div><\/a><a class=\"iwg-wesen-card\" href=\"https:\/\/iwell-guard.com\/is\/mimi-andar-klettaandar-arnhem-land\/\" aria-label=\"Mimi-andar \u2013 Grannvaxnir klettaandar Arnhem Land-frumbyggja\"><div class=\"iwg-wesen-card-imgwrap\"><img decoding=\"async\" src=\"https:\/\/iwell-guard.com\/wp-content\/uploads\/2026\/05\/geister_aboriginal_mimi-geister-200x300.webp\" alt=\"Mimi-andar \u2013 Grannvaxnir klettaandar Arnhem Land-frumbyggja\" loading=\"lazy\"><\/div><div class=\"iwg-wesen-card-body\"><div class=\"iwg-wesen-card-name\">Mimi-andar \u2013 Grannvaxnir klettaandar Arnhem Land-frumbyggja<\/div><div class=\"iwg-wesen-card-arrow\">\u2192 \u00c1 v\u00e6ttina<\/div><\/div><\/a><a class=\"iwg-wesen-card\" href=\"https:\/\/iwell-guard.com\/is\/namarrkon-eldingamadur-kunwinjku\/\" aria-label=\"Namarrkon \u2013 eldingama\u00f0urinn Kunwinjku\"><div class=\"iwg-wesen-card-imgwrap\"><img decoding=\"async\" src=\"https:\/\/iwell-guard.com\/wp-content\/uploads\/2026\/05\/goetter_aboriginal_namarrkon-200x300.webp\" alt=\"Namarrkon \u2013 eldingama\u00f0urinn Kunwinjku\" loading=\"lazy\"><\/div><div class=\"iwg-wesen-card-body\"><div class=\"iwg-wesen-card-name\">Namarrkon \u2013 eldingama\u00f0urinn Kunwinjku<\/div><div class=\"iwg-wesen-card-arrow\">\u2192 \u00c1 v\u00e6ttina<\/div><\/div><\/a><a class=\"iwg-wesen-card\" href=\"https:\/\/iwell-guard.com\/is\/rainbow-serpent-regnbogaslangan\/\" aria-label=\"Rainbow Serpent \u2013 regnbogaslangan \u00ed tr\u00fa frumbyggja \u00c1stral\u00edu\"><div class=\"iwg-wesen-card-imgwrap\"><img decoding=\"async\" src=\"https:\/\/iwell-guard.com\/wp-content\/uploads\/2026\/05\/goetter_aboriginal_rainbow-serpent-200x300.webp\" alt=\"Rainbow Serpent \u2013 regnbogaslangan \u00ed tr\u00fa frumbyggja \u00c1stral\u00edu\" loading=\"lazy\"><\/div><div class=\"iwg-wesen-card-body\"><div class=\"iwg-wesen-card-name\">Rainbow Serpent \u2013 regnbogaslangan \u00ed tr\u00fa frumbyggja \u00c1stral\u00edu<\/div><div class=\"iwg-wesen-card-arrow\">\u2192 \u00c1 v\u00e6ttina<\/div><\/div><\/a><a class=\"iwg-wesen-card\" href=\"https:\/\/iwell-guard.com\/is\/tjinimin-ledurbloku-forfadir\/\" aria-label=\"Tjinimin \u2013 le\u00f0urbl\u00f6kuforfa\u00f0ir Murinbata\"><div class=\"iwg-wesen-card-imgwrap\"><img decoding=\"async\" src=\"https:\/\/iwell-guard.com\/wp-content\/uploads\/2026\/05\/goetter_aboriginal_tjinimin-200x300.webp\" alt=\"Tjinimin \u2013 le\u00f0urbl\u00f6kuforfa\u00f0ir Murinbata\" loading=\"lazy\"><\/div><div class=\"iwg-wesen-card-body\"><div class=\"iwg-wesen-card-name\">Tjinimin \u2013 le\u00f0urbl\u00f6kuforfa\u00f0ir Murinbata<\/div><div class=\"iwg-wesen-card-arrow\">\u2192 \u00c1 v\u00e6ttina<\/div><\/div><\/a><a class=\"iwg-wesen-card\" href=\"https:\/\/iwell-guard.com\/is\/wandjina-skyja-regnvaettir-kimberley\/\" aria-label=\"Wandjina \u2013 sk\u00fdja- og regnv\u00e6ttir Kimberley\"><div class=\"iwg-wesen-card-imgwrap\"><img decoding=\"async\" src=\"https:\/\/iwell-guard.com\/wp-content\/uploads\/2026\/05\/goetter_aboriginal_wandjina-200x300.webp\" alt=\"Wandjina \u2013 sk\u00fdja- og regnv\u00e6ttir Kimberley\" loading=\"lazy\"><\/div><div class=\"iwg-wesen-card-body\"><div class=\"iwg-wesen-card-name\">Wandjina \u2013 sk\u00fdja- og regnv\u00e6ttir Kimberley<\/div><div class=\"iwg-wesen-card-arrow\">\u2192 \u00c1 v\u00e6ttina<\/div><\/div><\/a><a class=\"iwg-wesen-card\" href=\"https:\/\/iwell-guard.com\/is\/yhi-solargydja-karraur\/\" aria-label=\"Yhi \u2013 s\u00f3largy\u00f0ja Karraur\"><div class=\"iwg-wesen-card-imgwrap\"><img decoding=\"async\" src=\"https:\/\/iwell-guard.com\/wp-content\/uploads\/2026\/05\/goetter_aboriginal_yhi-200x300.webp\" alt=\"Yhi \u2013 s\u00f3largy\u00f0ja Karraur\" loading=\"lazy\"><\/div><div class=\"iwg-wesen-card-body\"><div class=\"iwg-wesen-card-name\">Yhi \u2013 s\u00f3largy\u00f0ja Karraur<\/div><div class=\"iwg-wesen-card-arrow\">\u2192 \u00c1 v\u00e6ttina<\/div><\/div><\/a><a class=\"iwg-wesen-card\" href=\"https:\/\/iwell-guard.com\/is\/yowie-villimadur-astralskum-skogum\/\" aria-label=\"Yowie \u2013 Villima\u00f0ur frumbyggja \u00ed \u00e1str\u00f6lskum sk\u00f3gum\"><div class=\"iwg-wesen-card-imgwrap\"><img decoding=\"async\" src=\"https:\/\/iwell-guard.com\/wp-content\/uploads\/2026\/05\/daemonen_aboriginal_yowie-200x300.webp\" alt=\"Yowie \u2013 Villima\u00f0ur frumbyggja \u00ed \u00e1str\u00f6lskum sk\u00f3gum\" loading=\"lazy\"><\/div><div class=\"iwg-wesen-card-body\"><div class=\"iwg-wesen-card-name\">Yowie \u2013 Villima\u00f0ur frumbyggja \u00ed \u00e1str\u00f6lskum sk\u00f3gum<\/div><div class=\"iwg-wesen-card-arrow\">\u2192 \u00c1 v\u00e6ttina<\/div><\/div><\/a><\/div>\t\t\t\t\t\t\t\t<\/div>\n\t\t\t\t\t<\/div>\n\t\t\t\t<\/div>\n\t\t\t\t\t<\/div>\n\t\t\t\t<\/div>\n\t\t<div class=\"elementor-element elementor-element-iwgkw2-add-aboriginal e-flex e-con-boxed e-con e-parent\" data-id=\"iwgkw2-add-aboriginal\" data-element_type=\"container\" data-e-type=\"container\">\n\t\t\t\t\t<div class=\"e-con-inner\">\n\t\t\t\t<div class=\"elementor-element elementor-element-iwgkw2-add-aboriginal-t elementor-widget elementor-widget-text-editor\" data-id=\"iwgkw2-add-aboriginal-t\" data-element_type=\"widget\" data-e-type=\"widget\" data-widget_type=\"text-editor.default\">\n\t\t\t\t\t\t\t\t\t<p>\u00cd \u00c1stral\u00edu myndast Dreamtime og s\u00f6ngl\u00ednulei\u00f0ir hin andlega grunnskipan frumbyggja\u00fej\u00f3\u00f0a; af \u00fev\u00ed lei\u00f0ir marg\u00fe\u00e6tt verndarhef\u00f0 sem tekur jafnt til helgra sta\u00f0a, forfe\u00f0rasl\u00f3\u00f0a og pers\u00f3nulegra Churinga-gripa.<\/p>\t\t\t\t\t\t\t\t<\/div>\n\t\t\t\t\t<\/div>\n\t\t\t\t<\/div>\n\t\t<div class=\"elementor-element elementor-element-iwgcn-aboriginal-kwd e-flex e-con-boxed e-con e-parent\" data-id=\"iwgcn-aboriginal-kwd\" data-element_type=\"container\" data-e-type=\"container\">\n\t\t\t\t\t<div class=\"e-con-inner\">\n\t\t<div class=\"elementor-element elementor-element-iwgcn-aboriginal-kwd-c e-con-full e-flex e-con e-child\" data-id=\"iwgcn-aboriginal-kwd-c\" data-element_type=\"container\" data-e-type=\"container\">\n\t\t\t\t<div class=\"elementor-element elementor-element-iwgcn-aboriginal-kwdt elementor-widget elementor-widget-text-editor\" data-id=\"iwgcn-aboriginal-kwdt\" data-element_type=\"widget\" data-e-type=\"widget\" data-widget_type=\"text-editor.default\">\n\t\t\t\t\t\t\t\t\t<p><em>Tengd lykilhugt\u00f6k: Aboriginal Dreamtime Tjukurpa Songlines Churinga Rainbow Serpent Wandjina Bunyip Uluru Pitjantjatjara Arrernte.<\/em><\/p>\t\t\t\t\t\t\t\t<\/div>\n\t\t\t\t<\/div>\n\t\t\t\t\t<\/div>\n\t\t\t\t<\/div>\n\t\t<div class=\"elementor-element elementor-element-iwgcn-aboriginal-cc e-flex e-con-boxed e-con e-parent\" data-id=\"iwgcn-aboriginal-cc\" data-element_type=\"container\" data-e-type=\"container\" id=\"iwg-cc-aboriginal\">\n\t\t\t\t\t<div class=\"e-con-inner\">\n\t\t<div class=\"elementor-element elementor-element-iwgcn-aboriginal-ccinner e-flex e-con-boxed e-con e-parent\" data-id=\"iwgcn-aboriginal-ccinner\" data-element_type=\"container\" data-e-type=\"container\" data-settings=\"{&quot;background_background&quot;:&quot;classic&quot;}\">\n\t\t\t\t\t<div class=\"e-con-inner\">\n\t\t\t\t<div class=\"elementor-element elementor-element-iwgcn-aboriginal-cch elementor-widget elementor-widget-heading\" data-id=\"iwgcn-aboriginal-cch\" data-element_type=\"widget\" data-e-type=\"widget\" data-widget_type=\"heading.default\">\n\t\t\t\t\t<h2 class=\"elementor-heading-title elementor-size-default\">Verndargripir \u00ed \u00feessari menningarhef\u00f0<\/h2>\t\t\t\t<\/div>\n\t\t\t\t<div class=\"elementor-element elementor-element-iwgcn-aboriginal-cct elementor-widget elementor-widget-text-editor\" data-id=\"iwgcn-aboriginal-cct\" data-element_type=\"widget\" data-e-type=\"widget\" data-widget_type=\"text-editor.default\">\n\t\t\t\t\t\t\t\t\t<p>Hef\u00f0 frumbyggja \u00c1stral\u00edu felur \u00ed s\u00e9r Churinga-gripi \u00far vi\u00f0i e\u00f0a steini me\u00f0 \u00edgreyptum Tjukurpa-mynstrum, hlj\u00f3\u00f0gjafa sem kallast bull-roarer og l\u00edkamsm\u00e1lun me\u00f0 okra sem verndar- og sj\u00e1lfsmyndart\u00e1kn.<\/p><div data-nosnippet=\"true\"><p>iWell Guard fellur inn \u00ed \u00feessa menningars\u00f6gulegu hef\u00f0 handh\u00e6gra verndargripa, \u00ed samt\u00edmalegri efnis\u00fatf\u00e6rslu, framleitt \u00ed \u00de\u00fdskalandi. 41 lag, alv\u00f6ru gull, plat\u00edna, silfur. 30 daga skilar\u00e9ttur.<\/p><\/div>\t\t\t\t\t\t\t\t<\/div>\n\t\t\t\t<div class=\"elementor-element elementor-element-iwgcn-aboriginal-ccb iwg-cc-button iwg-cc-cta-2026-05-13 elementor-widget elementor-widget-jet-button\" data-id=\"iwgcn-aboriginal-ccb\" data-element_type=\"widget\" data-e-type=\"widget\" data-widget_type=\"jet-button.default\">\n\t\t\t\t<div class=\"elementor-widget-container\">\n\t\t\t\t\t<div class=\"elementor-jet-button jet-elements\"><div class=\"jet-button__container\"><a class=\"jet-button__instance jet-button__instance--icon-left hover-effect-1\" href=\"\/ueber-iwell-guard\/?utm_source=iwell-guard.com&amp;utm_medium=info-box&amp;utm_campaign=kultur-tradition\"><div class=\"jet-button__plane jet-button__plane-normal\"><\/div><div class=\"jet-button__plane jet-button__plane-hover\"><\/div><div class=\"jet-button__state jet-button__state-normal\"><span class=\"jet-button__label\">Meira um iWell Guard<\/span><\/div><div class=\"jet-button__state jet-button__state-hover\"><span class=\"jet-button__label\">Meira um iWell Guard<\/span><\/div><\/a><\/div><\/div><style>.elementor-element.elementor-element-iwgcn-aboriginal-ccb .jet-button__instance{width:320px;height:56px;}.elementor-element.elementor-element-iwgcn-aboriginal-ccb .jet-button__state-normal .jet-button__label{text-align:center;margin:0px 0px 0px 0px;color:#1a1b20;font-family:Montserrat,sans-serif;font-size:13px;font-weight:400;letter-spacing:4px;line-height:1.714em;text-transform:uppercase;}.elementor-element.elementor-element-iwgcn-aboriginal-ccb .jet-button__state-hover .jet-button__label{text-align:center;margin:0px 0px 0px 0px;color:#FECC76;font-family:Montserrat,sans-serif;font-size:13px;font-weight:400;letter-spacing:4px;line-height:1.714em;text-transform:uppercase;}.elementor-element.elementor-element-iwgcn-aboriginal-ccb .jet-button__plane-normal{background-color:#FECC76;border-style:solid;border-color:#C99540;border-width:2px 2px 2px 2px;}.elementor-element.elementor-element-iwgcn-aboriginal-ccb .jet-button__plane-hover{background-color:rgba(0,0,0,0.55);border-style:solid;border-color:#FECC76;border-width:2px 2px 2px 2px;}<\/style>\t\t\t\t<\/div>\n\t\t\t\t<\/div>\n\t\t\t\t<div class=\"elementor-element elementor-element-iwgcn-aboriginal-ccd elementor-widget elementor-widget-text-editor\" data-id=\"iwgcn-aboriginal-ccd\" data-element_type=\"widget\" data-e-type=\"widget\" data-widget_type=\"text-editor.default\">\n\t\t\t\t\t\t\t\t\t<div data-nosnippet=\"true\"><p style=\"text-align:center;font-size:13px;opacity:0.7;margin-top:14px\" data-nosnippet=\"true\">Pers\u00f3nuleg reynsla getur veri\u00f0 mismunandi. Ekki l\u00e6kningat\u00e6ki. Engin lofor\u00f0 um l\u00e6kningu.<\/p><\/div>\t\t\t\t\t\t\t\t<\/div>\n\t\t\t\t\t<\/div>\n\t\t\t\t<\/div>\n\t\t\t\t\t<\/div>\n\t\t\t\t<\/div>\n\t\t<div class=\"elementor-element elementor-element-iwgcn-aboriginal-disc e-flex e-con-boxed e-con e-parent\" data-id=\"iwgcn-aboriginal-disc\" data-element_type=\"container\" data-e-type=\"container\">\n\t\t\t\t\t<div class=\"e-con-inner\">\n\t\t\t\t<div class=\"elementor-element elementor-element-iwgcn-aboriginal-discw elementor-widget elementor-widget-html\" data-id=\"iwgcn-aboriginal-discw\" data-element_type=\"widget\" data-e-type=\"widget\" data-widget_type=\"html.default\">\n\t\t\t\t\t<footer data-nosnippet=\"true\" class=\"iwg-disclaimer-block\"><p data-nosnippet=\"true\">iWell Guard er <strong>ekki l\u00e6kningat\u00e6ki<\/strong> og kemur ekki \u00ed sta\u00f0inn fyrir l\u00e6knis- e\u00f0a s\u00e1lfr\u00e6\u00f0ime\u00f0fer\u00f0. Tr\u00faarfr\u00e6\u00f0ilegt efni er menningars\u00f6gulegt samhengi, ekki r\u00e1\u00f0legging um andlega i\u00f0kun.<\/p><\/footer>\t\t\t\t<\/div>\n\t\t\t\t\t<\/div>\n\t\t\t\t<\/div>\n\t\t\t\t<\/div>\n\t\t","protected":false},"excerpt":{"rendered":"","protected":false},"author":3,"featured_media":2868,"parent":0,"menu_order":0,"comment_status":"closed","ping_status":"closed","template":"elementor_header_footer","meta":{"_yoast_wpseo_focuskw":"gu\u00f0ir frumbyggja","_yoast_wpseo_title":"Gu\u00f0ir frumbyggja \u00c1stral\u00edu \u2013 Regnbogaslangan | iWell Guard","_yoast_wpseo_metadesc":"Gu\u00f0ir frumbyggja \u00c1stral\u00edu og draumt\u00ed\u00f0in: Regnbogaslangan, Baiame, Bunjil. Tjukurpa, s\u00f6ngl\u00ednur og elstu samfelldu tr\u00faarbr\u00f6g\u00f0 heims.","_yoast_wpseo_meta-robots-noindex":"","_yoast_wpseo_canonical":"","_angie_page":false,"gefaehrdungsstufe":"","wesen_kultur":"","wesen_klasse":"","footnotes":""},"categories":[],"class_list":["post-168916","page","type-page","status-publish","has-post-thumbnail","hentry"],"yoast_head":"<!-- This site is optimized with the Yoast SEO Premium plugin v27.7 (Yoast SEO v28.3) - https:\/\/yoast.com\/product\/yoast-seo-premium-wordpress\/ -->\n<title>Gu\u00f0ir frumbyggja \u00c1stral\u00edu \u2013 Regnbogaslangan | iWell Guard<\/title>\n<meta name=\"description\" content=\"Gu\u00f0ir frumbyggja \u00c1stral\u00edu og draumt\u00ed\u00f0in: Regnbogaslangan, Baiame, Bunjil. Tjukurpa, s\u00f6ngl\u00ednur og elstu samfelldu tr\u00faarbr\u00f6g\u00f0 heims.\" \/>\n<meta name=\"robots\" content=\"index, follow, max-snippet:-1, max-image-preview:large, max-video-preview:-1\" \/>\n<link rel=\"canonical\" href=\"https:\/\/iwell-guard.com\/is\/aboriginal-astralia-draumtid-tjukurpa-verndargripir\/\" \/>\n<meta property=\"og:locale\" content=\"is_IS\" \/>\n<meta property=\"og:type\" content=\"article\" \/>\n<meta property=\"og:title\" content=\"Frumbyggjar \u00c1stral\u00edu \u2013 Draumt\u00ed\u00f0, Tjukurpa og verndargripir\" \/>\n<meta property=\"og:description\" content=\"Gu\u00f0ir frumbyggja \u00c1stral\u00edu og draumt\u00ed\u00f0in: Regnbogaslangan, Baiame, Bunjil. Tjukurpa, s\u00f6ngl\u00ednur og elstu samfelldu tr\u00faarbr\u00f6g\u00f0 heims.\" \/>\n<meta property=\"og:url\" content=\"https:\/\/iwell-guard.com\/is\/aboriginal-astralia-draumtid-tjukurpa-verndargripir\/\" \/>\n<meta property=\"og:site_name\" content=\"iWell Guard\" \/>\n<meta property=\"article:modified_time\" content=\"2026-09-05T14:22:42+00:00\" \/>\n<meta property=\"og:image\" content=\"https:\/\/iwell-guard.com\/wp-content\/uploads\/2026\/05\/goetter_aboriginal_baiame.webp\" \/>\n\t<meta property=\"og:image:width\" content=\"1024\" \/>\n\t<meta property=\"og:image:height\" content=\"1536\" \/>\n\t<meta property=\"og:image:type\" content=\"image\/webp\" \/>\n<meta name=\"twitter:card\" content=\"summary_large_image\" \/>\n<script type=\"application\/ld+json\" class=\"yoast-schema-graph\">{\"@context\":\"https:\\\/\\\/schema.org\",\"@graph\":[{\"@type\":\"WebPage\",\"@id\":\"https:\\\/\\\/iwell-guard.com\\\/is\\\/aboriginal-astralia-draumtid-tjukurpa-verndargripir\\\/\",\"url\":\"https:\\\/\\\/iwell-guard.com\\\/is\\\/aboriginal-astralia-draumtid-tjukurpa-verndargripir\\\/\",\"name\":\"Gu\u00f0ir frumbyggja \u00c1stral\u00edu \u2013 Regnbogaslangan | iWell Guard\",\"isPartOf\":{\"@id\":\"https:\\\/\\\/iwell-guard.com\\\/is\\\/#website\"},\"primaryImageOfPage\":{\"@id\":\"https:\\\/\\\/iwell-guard.com\\\/is\\\/aboriginal-astralia-draumtid-tjukurpa-verndargripir\\\/#primaryimage\"},\"image\":{\"@id\":\"https:\\\/\\\/iwell-guard.com\\\/is\\\/aboriginal-astralia-draumtid-tjukurpa-verndargripir\\\/#primaryimage\"},\"thumbnailUrl\":\"https:\\\/\\\/iwell-guard.com\\\/wp-content\\\/uploads\\\/2026\\\/05\\\/goetter_aboriginal_baiame.webp\",\"datePublished\":\"2026-09-05T14:04:02+00:00\",\"dateModified\":\"2026-09-05T14:22:42+00:00\",\"description\":\"Gu\u00f0ir frumbyggja \u00c1stral\u00edu og draumt\u00ed\u00f0in: Regnbogaslangan, Baiame, Bunjil. Tjukurpa, s\u00f6ngl\u00ednur og elstu samfelldu tr\u00faarbr\u00f6g\u00f0 heims.\",\"breadcrumb\":{\"@id\":\"https:\\\/\\\/iwell-guard.com\\\/is\\\/aboriginal-astralia-draumtid-tjukurpa-verndargripir\\\/#breadcrumb\"},\"inLanguage\":\"is\",\"potentialAction\":[{\"@type\":\"ReadAction\",\"target\":[\"https:\\\/\\\/iwell-guard.com\\\/is\\\/aboriginal-astralia-draumtid-tjukurpa-verndargripir\\\/\"]}]},{\"@type\":\"ImageObject\",\"inLanguage\":\"is\",\"@id\":\"https:\\\/\\\/iwell-guard.com\\\/is\\\/aboriginal-astralia-draumtid-tjukurpa-verndargripir\\\/#primaryimage\",\"url\":\"https:\\\/\\\/iwell-guard.com\\\/wp-content\\\/uploads\\\/2026\\\/05\\\/goetter_aboriginal_baiame.webp\",\"contentUrl\":\"https:\\\/\\\/iwell-guard.com\\\/wp-content\\\/uploads\\\/2026\\\/05\\\/goetter_aboriginal_baiame.webp\",\"width\":1024,\"height\":1536,\"caption\":\"Gu\u00f0ir \u00far hef\u00f0 frumbyggja \u00c1stral\u00edu (Aboriginal).\"},{\"@type\":\"BreadcrumbList\",\"@id\":\"https:\\\/\\\/iwell-guard.com\\\/is\\\/aboriginal-astralia-draumtid-tjukurpa-verndargripir\\\/#breadcrumb\",\"itemListElement\":[{\"@type\":\"ListItem\",\"position\":1,\"name\":\"Start\",\"item\":\"https:\\\/\\\/iwell-guard.com\\\/is\\\/?page_id=168580\"},{\"@type\":\"ListItem\",\"position\":2,\"name\":\"Frumbyggjar \u00c1stral\u00edu \u2013 Draumt\u00ed\u00f0, Tjukurpa og verndargripir\"}]},{\"@type\":\"WebSite\",\"@id\":\"https:\\\/\\\/iwell-guard.com\\\/is\\\/#website\",\"url\":\"https:\\\/\\\/iwell-guard.com\\\/is\\\/\",\"name\":\"iWell Guard\",\"description\":\"Schutz vor dunklen Einfl\u00fcssen\",\"publisher\":{\"@id\":\"https:\\\/\\\/iwell-guard.com\\\/is\\\/#organization\"},\"potentialAction\":[{\"@type\":\"SearchAction\",\"target\":{\"@type\":\"EntryPoint\",\"urlTemplate\":\"https:\\\/\\\/iwell-guard.com\\\/is\\\/?s={search_term_string}\"},\"query-input\":{\"@type\":\"PropertyValueSpecification\",\"valueRequired\":true,\"valueName\":\"search_term_string\"}}],\"inLanguage\":\"is\"},{\"@type\":\"Organization\",\"@id\":\"https:\\\/\\\/iwell-guard.com\\\/is\\\/#organization\",\"name\":\"Ittermann electronic GmbH\",\"url\":\"https:\\\/\\\/iwell-guard.com\\\/is\\\/\",\"logo\":{\"@type\":\"ImageObject\",\"inLanguage\":\"is\",\"@id\":\"https:\\\/\\\/iwell-guard.com\\\/is\\\/#\\\/schema\\\/logo\\\/image\\\/\",\"url\":\"https:\\\/\\\/iwell-guard.com\\\/wp-content\\\/uploads\\\/2026\\\/05\\\/Ittermann-Logo-1182x237-1.png\",\"contentUrl\":\"https:\\\/\\\/iwell-guard.com\\\/wp-content\\\/uploads\\\/2026\\\/05\\\/Ittermann-Logo-1182x237-1.png\",\"width\":1182,\"height\":237,\"caption\":\"Ittermann electronic GmbH\"},\"image\":{\"@id\":\"https:\\\/\\\/iwell-guard.com\\\/is\\\/#\\\/schema\\\/logo\\\/image\\\/\"},\"sameAs\":[\"https:\\\/\\\/pantip.com\\\/profile\\\/9367242\",\"https:\\\/\\\/micro.blog\\\/iwellguard\",\"https:\\\/\\\/www.diggerslist.com\\\/iwellguard\\\/about\",\"https:\\\/\\\/skitterphoto.com\\\/photographers\\\/2870314\\\/iwell-guard\",\"https:\\\/\\\/iwellguard.wordpress.com\\\/2026\\\/06\\\/06\\\/iwell-guard\\\/\",\"https:\\\/\\\/hub.docker.com\\\/u\\\/iwellguard\",\"https:\\\/\\\/www.pinterest.com\\\/iwellguard\\\/\",\"https:\\\/\\\/bit.ly\\\/m\\\/iwellguard\",\"https:\\\/\\\/entre-vos-mains.alsace.eu\\\/profiles\\\/iwellguard\\\/activity\",\"https:\\\/\\\/gravatar.com\\\/reallybeded8fd34\",\"https:\\\/\\\/naijamatta.com\\\/iwellguard\",\"https:\\\/\\\/www.goodreads.com\\\/iwellguard\",\"https:\\\/\\\/profile.hatena.ne.jp\\\/iwellguard\\\/\",\"https:\\\/\\\/experiment.com\\\/users\\\/iwellguard\",\"https:\\\/\\\/wakelet.com\\\/@iWellGuard82270\",\"https:\\\/\\\/www.chordie.com\\\/forum\\\/profile.php?id=2555664\",\"https:\\\/\\\/www.instapaper.com\\\/p\\\/17757966\",\"https:\\\/\\\/www.mapleprimes.com\\\/users\\\/iwellguard\",\"https:\\\/\\\/businesslistingplus.com\\\/profile\\\/iwell-guard\\\/\",\"https:\\\/\\\/telegra.ph\\\/iWell-Guard-06-06\",\"https:\\\/\\\/pbase.com\\\/iwellguard\\\/iwellguard\",\"https:\\\/\\\/b.hatena.ne.jp\\\/iwellguard\\\/20260607#bookmark-4788405196491818882\",\"https:\\\/\\\/fliphtml5.com\\\/home\\\/iwellguard\",\"https:\\\/\\\/anyflip.com\\\/homepage\\\/cmiwl#About\",\"https:\\\/\\\/transfur.com\\\/Users\\\/iwellguard\",\"http:\\\/\\\/delphi.larsbo.org\\\/user\\\/iwellguard\",\"https:\\\/\\\/jobs.lajobsportal.org\\\/profiles\\\/8380803-iwell-guard\",\"https:\\\/\\\/md.chaosdorf.de\\\/s\\\/jfbe5SBdJD\",\"https:\\\/\\\/www.lingvolive.com\\\/en-us\\\/profile\\\/9ecaeaca-ce11-4e51-9e71-01d55e2bff36\\\/translations\",\"https:\\\/\\\/www.fitday.com\\\/fitness\\\/forums\\\/members\\\/iwellguard.html\",\"https:\\\/\\\/www.mymeetbook.com\\\/iwellguard\",\"https:\\\/\\\/pxhere.com\\\/en\\\/photographer-me\\\/5040798\",\"https:\\\/\\\/disqus.com\\\/by\\\/iwellguard\\\/about\\\/\",\"https:\\\/\\\/pastelink.net\\\/hjwciqwq\",\"https:\\\/\\\/pubhtml5.com\\\/homepage\\\/scjhn\\\/\",\"https:\\\/\\\/www.bitchute.com\\\/channel\\\/2O2eOKzNqujT\",\"https:\\\/\\\/audiomack.com\\\/iwellguard\"]}]}<\/script>\n<!-- \/ Yoast SEO Premium plugin. -->","yoast_head_json":{"title":"Gu\u00f0ir frumbyggja \u00c1stral\u00edu \u2013 Regnbogaslangan | iWell Guard","description":"Gu\u00f0ir frumbyggja \u00c1stral\u00edu og draumt\u00ed\u00f0in: Regnbogaslangan, Baiame, Bunjil. Tjukurpa, s\u00f6ngl\u00ednur og elstu samfelldu tr\u00faarbr\u00f6g\u00f0 heims.","robots":{"index":"index","follow":"follow","max-snippet":"max-snippet:-1","max-image-preview":"max-image-preview:large","max-video-preview":"max-video-preview:-1"},"canonical":"https:\/\/iwell-guard.com\/is\/aboriginal-astralia-draumtid-tjukurpa-verndargripir\/","og_locale":"is_IS","og_type":"article","og_title":"Frumbyggjar \u00c1stral\u00edu \u2013 Draumt\u00ed\u00f0, Tjukurpa og verndargripir","og_description":"Gu\u00f0ir frumbyggja \u00c1stral\u00edu og draumt\u00ed\u00f0in: Regnbogaslangan, Baiame, Bunjil. Tjukurpa, s\u00f6ngl\u00ednur og elstu samfelldu tr\u00faarbr\u00f6g\u00f0 heims.","og_url":"https:\/\/iwell-guard.com\/is\/aboriginal-astralia-draumtid-tjukurpa-verndargripir\/","og_site_name":"iWell Guard","article_modified_time":"2026-09-05T14:22:42+00:00","og_image":[{"width":1024,"height":1536,"url":"https:\/\/iwell-guard.com\/wp-content\/uploads\/2026\/05\/goetter_aboriginal_baiame.webp","type":"image\/webp"}],"twitter_card":"summary_large_image","schema":{"@context":"https:\/\/schema.org","@graph":[{"@type":"WebPage","@id":"https:\/\/iwell-guard.com\/is\/aboriginal-astralia-draumtid-tjukurpa-verndargripir\/","url":"https:\/\/iwell-guard.com\/is\/aboriginal-astralia-draumtid-tjukurpa-verndargripir\/","name":"Gu\u00f0ir frumbyggja \u00c1stral\u00edu \u2013 Regnbogaslangan | iWell Guard","isPartOf":{"@id":"https:\/\/iwell-guard.com\/is\/#website"},"primaryImageOfPage":{"@id":"https:\/\/iwell-guard.com\/is\/aboriginal-astralia-draumtid-tjukurpa-verndargripir\/#primaryimage"},"image":{"@id":"https:\/\/iwell-guard.com\/is\/aboriginal-astralia-draumtid-tjukurpa-verndargripir\/#primaryimage"},"thumbnailUrl":"https:\/\/iwell-guard.com\/wp-content\/uploads\/2026\/05\/goetter_aboriginal_baiame.webp","datePublished":"2026-09-05T14:04:02+00:00","dateModified":"2026-09-05T14:22:42+00:00","description":"Gu\u00f0ir frumbyggja \u00c1stral\u00edu og draumt\u00ed\u00f0in: Regnbogaslangan, Baiame, Bunjil. Tjukurpa, s\u00f6ngl\u00ednur og elstu samfelldu tr\u00faarbr\u00f6g\u00f0 heims.","breadcrumb":{"@id":"https:\/\/iwell-guard.com\/is\/aboriginal-astralia-draumtid-tjukurpa-verndargripir\/#breadcrumb"},"inLanguage":"is","potentialAction":[{"@type":"ReadAction","target":["https:\/\/iwell-guard.com\/is\/aboriginal-astralia-draumtid-tjukurpa-verndargripir\/"]}]},{"@type":"ImageObject","inLanguage":"is","@id":"https:\/\/iwell-guard.com\/is\/aboriginal-astralia-draumtid-tjukurpa-verndargripir\/#primaryimage","url":"https:\/\/iwell-guard.com\/wp-content\/uploads\/2026\/05\/goetter_aboriginal_baiame.webp","contentUrl":"https:\/\/iwell-guard.com\/wp-content\/uploads\/2026\/05\/goetter_aboriginal_baiame.webp","width":1024,"height":1536,"caption":"Gu\u00f0ir \u00far hef\u00f0 frumbyggja \u00c1stral\u00edu (Aboriginal)."},{"@type":"BreadcrumbList","@id":"https:\/\/iwell-guard.com\/is\/aboriginal-astralia-draumtid-tjukurpa-verndargripir\/#breadcrumb","itemListElement":[{"@type":"ListItem","position":1,"name":"Start","item":"https:\/\/iwell-guard.com\/is\/?page_id=168580"},{"@type":"ListItem","position":2,"name":"Frumbyggjar \u00c1stral\u00edu \u2013 Draumt\u00ed\u00f0, Tjukurpa og verndargripir"}]},{"@type":"WebSite","@id":"https:\/\/iwell-guard.com\/is\/#website","url":"https:\/\/iwell-guard.com\/is\/","name":"iWell Guard","description":"Schutz vor dunklen Einfl\u00fcssen","publisher":{"@id":"https:\/\/iwell-guard.com\/is\/#organization"},"potentialAction":[{"@type":"SearchAction","target":{"@type":"EntryPoint","urlTemplate":"https:\/\/iwell-guard.com\/is\/?s={search_term_string}"},"query-input":{"@type":"PropertyValueSpecification","valueRequired":true,"valueName":"search_term_string"}}],"inLanguage":"is"},{"@type":"Organization","@id":"https:\/\/iwell-guard.com\/is\/#organization","name":"Ittermann electronic GmbH","url":"https:\/\/iwell-guard.com\/is\/","logo":{"@type":"ImageObject","inLanguage":"is","@id":"https:\/\/iwell-guard.com\/is\/#\/schema\/logo\/image\/","url":"https:\/\/iwell-guard.com\/wp-content\/uploads\/2026\/05\/Ittermann-Logo-1182x237-1.png","contentUrl":"https:\/\/iwell-guard.com\/wp-content\/uploads\/2026\/05\/Ittermann-Logo-1182x237-1.png","width":1182,"height":237,"caption":"Ittermann electronic GmbH"},"image":{"@id":"https:\/\/iwell-guard.com\/is\/#\/schema\/logo\/image\/"},"sameAs":["https:\/\/pantip.com\/profile\/9367242","https:\/\/micro.blog\/iwellguard","https:\/\/www.diggerslist.com\/iwellguard\/about","https:\/\/skitterphoto.com\/photographers\/2870314\/iwell-guard","https:\/\/iwellguard.wordpress.com\/2026\/06\/06\/iwell-guard\/","https:\/\/hub.docker.com\/u\/iwellguard","https:\/\/www.pinterest.com\/iwellguard\/","https:\/\/bit.ly\/m\/iwellguard","https:\/\/entre-vos-mains.alsace.eu\/profiles\/iwellguard\/activity","https:\/\/gravatar.com\/reallybeded8fd34","https:\/\/naijamatta.com\/iwellguard","https:\/\/www.goodreads.com\/iwellguard","https:\/\/profile.hatena.ne.jp\/iwellguard\/","https:\/\/experiment.com\/users\/iwellguard","https:\/\/wakelet.com\/@iWellGuard82270","https:\/\/www.chordie.com\/forum\/profile.php?id=2555664","https:\/\/www.instapaper.com\/p\/17757966","https:\/\/www.mapleprimes.com\/users\/iwellguard","https:\/\/businesslistingplus.com\/profile\/iwell-guard\/","https:\/\/telegra.ph\/iWell-Guard-06-06","https:\/\/pbase.com\/iwellguard\/iwellguard","https:\/\/b.hatena.ne.jp\/iwellguard\/20260607#bookmark-4788405196491818882","https:\/\/fliphtml5.com\/home\/iwellguard","https:\/\/anyflip.com\/homepage\/cmiwl#About","https:\/\/transfur.com\/Users\/iwellguard","http:\/\/delphi.larsbo.org\/user\/iwellguard","https:\/\/jobs.lajobsportal.org\/profiles\/8380803-iwell-guard","https:\/\/md.chaosdorf.de\/s\/jfbe5SBdJD","https:\/\/www.lingvolive.com\/en-us\/profile\/9ecaeaca-ce11-4e51-9e71-01d55e2bff36\/translations","https:\/\/www.fitday.com\/fitness\/forums\/members\/iwellguard.html","https:\/\/www.mymeetbook.com\/iwellguard","https:\/\/pxhere.com\/en\/photographer-me\/5040798","https:\/\/disqus.com\/by\/iwellguard\/about\/","https:\/\/pastelink.net\/hjwciqwq","https:\/\/pubhtml5.com\/homepage\/scjhn\/","https:\/\/www.bitchute.com\/channel\/2O2eOKzNqujT","https:\/\/audiomack.com\/iwellguard"]}]}},"_links":{"self":[{"href":"https:\/\/iwell-guard.com\/is\/wp-json\/wp\/v2\/pages\/168916","targetHints":{"allow":["GET"]}}],"collection":[{"href":"https:\/\/iwell-guard.com\/is\/wp-json\/wp\/v2\/pages"}],"about":[{"href":"https:\/\/iwell-guard.com\/is\/wp-json\/wp\/v2\/types\/page"}],"author":[{"embeddable":true,"href":"https:\/\/iwell-guard.com\/is\/wp-json\/wp\/v2\/users\/3"}],"replies":[{"embeddable":true,"href":"https:\/\/iwell-guard.com\/is\/wp-json\/wp\/v2\/comments?post=168916"}],"version-history":[{"count":0,"href":"https:\/\/iwell-guard.com\/is\/wp-json\/wp\/v2\/pages\/168916\/revisions"}],"wp:featuredmedia":[{"embeddable":true,"href":"https:\/\/iwell-guard.com\/is\/wp-json\/wp\/v2\/media\/2868"}],"wp:attachment":[{"href":"https:\/\/iwell-guard.com\/is\/wp-json\/wp\/v2\/media?parent=168916"}],"wp:term":[{"taxonomy":"category","embeddable":true,"href":"https:\/\/iwell-guard.com\/is\/wp-json\/wp\/v2\/categories?post=168916"}],"curies":[{"name":"wp","href":"https:\/\/api.w.org\/{rel}","templated":true}]}}