{"id":168915,"date":"2026-09-05T14:04:01","date_gmt":"2026-09-05T14:04:01","guid":{"rendered":"https:\/\/iwell-guard.com\/?page_id=168915"},"modified":"2026-09-05T14:22:41","modified_gmt":"2026-09-05T14:22:41","slug":"siberiskur-sjamanismi-tengrismi","status":"publish","type":"page","link":"https:\/\/iwell-guard.com\/is\/siberiskur-sjamanismi-tengrismi\/","title":{"rendered":"S\u00edber\u00edskur sjamanismi og tengrismi \u2013 steppan og taigan"},"content":{"rendered":"\t\t<div data-elementor-type=\"wp-page\" data-elementor-id=\"168915\" class=\"elementor elementor-168915 elementor-2570 elementor-bc-flex-widget\" data-elementor-post-type=\"page\">\n\t\t\t\t<div class=\"elementor-element elementor-element-iwgcn-sibirischt-hero iwg-kultur-hero e-flex e-con-boxed e-con e-parent\" data-id=\"iwgcn-sibirischt-hero\" data-element_type=\"container\" data-e-type=\"container\">\n\t\t\t\t\t<div class=\"e-con-inner\">\n\t\t<div class=\"elementor-element elementor-element-iwgcn-sibirischt-hl iwg-kultur-hero-left e-flex e-con-boxed e-con e-child\" data-id=\"iwgcn-sibirischt-hl\" data-element_type=\"container\" data-e-type=\"container\">\n\t\t\t\t\t<div class=\"e-con-inner\">\n\t\t\t\t<div class=\"elementor-element elementor-element-iwgcn-sibirischt-h1 elementor-widget elementor-widget-heading\" data-id=\"iwgcn-sibirischt-h1\" data-element_type=\"widget\" data-e-type=\"widget\" data-widget_type=\"heading.default\">\n\t\t\t\t\t<h1 class=\"elementor-heading-title elementor-size-default\">S\u00edber\u00eda og steppan, sjamanismi og tengrismi<\/h1>\t\t\t\t<\/div>\n\t\t<div class=\"elementor-element elementor-element-iwgcn-sibirischt-leadc e-con-full e-flex e-con e-child\" data-id=\"iwgcn-sibirischt-leadc\" data-element_type=\"container\" data-e-type=\"container\">\n\t\t\t\t<div class=\"elementor-element elementor-element-iwgcn-sibirischt-lead elementor-widget elementor-widget-text-editor\" data-id=\"iwgcn-sibirischt-lead\" data-element_type=\"widget\" data-e-type=\"widget\" data-widget_type=\"text-editor.default\">\n\t\t\t\t\t\t\t\t\t<p>Hugtaki\u00f0 \u201e<span class=\"iwg-fachbegriff\" data-tooltip=\"Tr\u00faarkerfi \u00fear sem s\u00e9rfr\u00e6\u00f0ingar hafa samskipti vi\u00f0 andaheiminn.\" tabindex=\"0\">sjamanismi<\/span>\u201c er dregi\u00f0 af tung\u00fas\u00edska or\u00f0inu \u0161aman, hinn tr\u00faarlegi s\u00e9rfr\u00e6\u00f0ingur sem mi\u00f0lar milli heims manna og anda \u00ed gegnum lei\u00f0slu.<\/p><p>Fr\u00e1 S\u00edber\u00edu (Tung\u00fasum, B\u00farj\u00f6tum, Jak\u00fatum, Evenkum, Tsj\u00faktsjum) brei\u00f0ist \u00feessi tr\u00faarform \u00fat um mong\u00f3lsku-tyrknesku steppurnar allt til K\u00f3reu og Japans, og einnig inn \u00ed frumbyggjahef\u00f0ir Amer\u00edku. Tengrismi er hin eingu\u00f0istr\u00faarlega m\u00f3ta\u00f0a mynd steppu\u00fej\u00f3\u00f0anna, me\u00f0 Tengri sem \u00e6\u00f0sta himingu\u00f0.<\/p>\t\t\t\t\t\t\t\t<\/div>\n\t\t\t\t<\/div>\n\t\t\t\t\t<\/div>\n\t\t\t\t<\/div>\n\t\t<div class=\"elementor-element elementor-element-iwgcn-sibirischt-hr iwg-kultur-hero-right e-flex e-con-boxed e-con e-child\" data-id=\"iwgcn-sibirischt-hr\" data-element_type=\"container\" data-e-type=\"container\">\n\t\t\t\t\t<div class=\"e-con-inner\">\n\t\t\t\t<div class=\"elementor-element elementor-element-iwgcn-sibirischt-himg iwg-hero-image elementor-widget elementor-widget-image\" data-id=\"iwgcn-sibirischt-himg\" data-element_type=\"widget\" data-e-type=\"widget\" data-widget_type=\"image.default\">\n\t\t\t\t\t\t\t\t\t\t\t\t\t\t\t<img fetchpriority=\"high\" decoding=\"async\" width=\"683\" height=\"1024\" src=\"https:\/\/iwell-guard.com\/wp-content\/uploads\/2026\/05\/goetter_sibirisch-tengrismus_tengri-683x1024.webp\" class=\"attachment-large size-large wp-image-170800\" alt=\"Tengri - gu\u00f0 \u00far s\u00edber\u00edsk-tengrisma-hef\u00f0inni, s\u00f6gulega myndskreytt\" srcset=\"https:\/\/iwell-guard.com\/wp-content\/uploads\/2026\/05\/goetter_sibirisch-tengrismus_tengri-683x1024.webp 683w, https:\/\/iwell-guard.com\/wp-content\/uploads\/2026\/05\/goetter_sibirisch-tengrismus_tengri-200x300.webp 200w, https:\/\/iwell-guard.com\/wp-content\/uploads\/2026\/05\/goetter_sibirisch-tengrismus_tengri-768x1152.webp 768w, https:\/\/iwell-guard.com\/wp-content\/uploads\/2026\/05\/goetter_sibirisch-tengrismus_tengri.webp 1024w\" sizes=\"(max-width: 683px) 100vw, 683px\" \/>\t\t\t\t\t\t\t\t\t\t\t\t\t\t\t<\/div>\n\t\t\t\t\t<\/div>\n\t\t\t\t<\/div>\n\t\t\t\t\t<\/div>\n\t\t\t\t<\/div>\n\t\t<div class=\"elementor-element elementor-element-iwgcn-sibirischt-s0 e-flex e-con-boxed e-con e-parent\" data-id=\"iwgcn-sibirischt-s0\" data-element_type=\"container\" data-e-type=\"container\">\n\t\t\t\t\t<div class=\"e-con-inner\">\n\t\t\t\t<div class=\"elementor-element elementor-element-iwgcn-sibirischt-s0h elementor-widget elementor-widget-heading\" data-id=\"iwgcn-sibirischt-s0h\" data-element_type=\"widget\" data-e-type=\"widget\" data-widget_type=\"heading.default\">\n\t\t\t\t\t<h2 class=\"elementor-heading-title elementor-size-default\">Sjamanismi, tr\u00faarform, ekki tr\u00faarbr\u00f6g\u00f0<\/h2>\t\t\t\t<\/div>\n\t\t<div class=\"elementor-element elementor-element-iwgcn-sibirischt-s0-c e-con-full e-flex e-con e-child\" data-id=\"iwgcn-sibirischt-s0-c\" data-element_type=\"container\" data-e-type=\"container\">\n\t\t\t\t<div class=\"elementor-element elementor-element-iwgcn-sibirischt-s0t elementor-widget elementor-widget-text-editor\" data-id=\"iwgcn-sibirischt-s0t\" data-element_type=\"widget\" data-e-type=\"widget\" data-widget_type=\"text-editor.default\">\n\t\t\t\t\t\t\t\t\t<p>Mircea Eliade m\u00f3ta\u00f0i me\u00f0 h\u00f6fu\u00f0riti s\u00ednu <em><span class=\"iwg-fachbegriff\" data-tooltip=\"Tr\u00faarkerfi \u00fear sem s\u00e9rfr\u00e6\u00f0ingar hafa samskipti vi\u00f0 andaheiminn.\" tabindex=\"0\">Sjamanismi<\/span><\/em> (1951) hugtaki\u00f0 sem tr\u00faarfr\u00e6\u00f0ilega flokkun: <span class=\"iwg-fachbegriff\" data-tooltip=\"Tr\u00faarkerfi \u00fear sem s\u00e9rfr\u00e6\u00f0ingar hafa samskipti vi\u00f0 andaheiminn.\" tabindex=\"0\">sjamanismi<\/span> er tr\u00faarleg lei\u00f0slut\u00e6kni, ekki sj\u00e1lfst\u00e6\u00f0 tr\u00faarbr\u00f6g\u00f0 me\u00f0 fastri kenningu.<\/p><p><span class=\"iwg-fachbegriff\" data-tooltip=\"Tr\u00faarlegur s\u00e9rfr\u00e6\u00f0ingur sem talinn er mi\u00f0la milli manna og andaheimsins.\" tabindex=\"0\">Sjamaninn<\/span> (karl e\u00f0a kona) kemst \u00ed lei\u00f0slu, framkalla\u00f0ri me\u00f0 trumbusl\u00e6tti, dansi, \u00f6ndunart\u00e6kni e\u00f0a jurtalyfjum, \u00ed samband vi\u00f0 andaheima til a\u00f0 l\u00e6kna, leita \u00feess sem tapast hefur e\u00f0a lesa framt\u00ed\u00f0ina. Grunn\u00fe\u00e6ttir: hj\u00e1lparandar, s\u00e1larfer\u00f0, uppfer\u00f0 og ni\u00f0urfer\u00f0 eftir heims\u00e1s (heimstr\u00e9, heimsfjall).<\/p>\t\t\t\t\t\t\t\t<\/div>\n\t\t\t\t<\/div>\n\t\t\t\t\t<\/div>\n\t\t\t\t<\/div>\n\t\t<div class=\"elementor-element elementor-element-iwgcn-sibirischt-s1 e-flex e-con-boxed e-con e-parent\" data-id=\"iwgcn-sibirischt-s1\" data-element_type=\"container\" data-e-type=\"container\">\n\t\t\t\t\t<div class=\"e-con-inner\">\n\t\t\t\t<div class=\"elementor-element elementor-element-iwgcn-sibirischt-s1h elementor-widget elementor-widget-heading\" data-id=\"iwgcn-sibirischt-s1h\" data-element_type=\"widget\" data-e-type=\"widget\" data-widget_type=\"heading.default\">\n\t\t\t\t\t<h2 class=\"elementor-heading-title elementor-size-default\">S\u00edber\u00edskir sjamanar, Tung\u00fasar, B\u00farjatar, Jak\u00fatar<\/h2>\t\t\t\t<\/div>\n\t\t<div class=\"elementor-element elementor-element-iwgcn-sibirischt-s1-c e-con-full e-flex e-con e-child\" data-id=\"iwgcn-sibirischt-s1-c\" data-element_type=\"container\" data-e-type=\"container\">\n\t\t\t\t<div class=\"elementor-element elementor-element-iwgcn-sibirischt-s1t elementor-widget elementor-widget-text-editor\" data-id=\"iwgcn-sibirischt-s1t\" data-element_type=\"widget\" data-e-type=\"widget\" data-widget_type=\"text-editor.default\">\n\t\t\t\t\t\t\t\t\t<p>Tung\u00fas\u00edsk-evenkiskir sjamanar S\u00edber\u00edu eru taldir frummynd. Lei\u00f0slui\u00f0kun \u00feeirra notar s\u00e9rstaka trumbu (me\u00f0 heimsfr\u00e6\u00f0ilegum myndum), sjamanskikkju me\u00f0 m\u00e1lmhengjum (beinagrindar-<span class=\"iwg-fachbegriff\" data-tooltip=\"T\u00e1kn sem stendur fyrir hugmynd e\u00f0a merkingu.\" tabindex=\"0\">t\u00e1kn<\/span>), hjartarhornsk\u00f3r\u00f3nu og j\u00e1rntungu (tunguforma\u00f0an hengihlut).<\/p><p>B\u00farjatar vi\u00f0 Bajkalvatn \u00feekkja b\u00e6\u00f0i kven- og karlsjamana me\u00f0 <span class=\"iwg-fachbegriff\" data-tooltip=\"Tr\u00faarleg v\u00edgsla \u00fear sem einstaklingur er tekinn inn \u00ed n\u00fdja st\u00f6\u00f0u e\u00f0a samf\u00e9lag.\" tabindex=\"0\">innv\u00edgslu<\/span> af forfe\u00f0ra\u00f6ndum. Me\u00f0al Jak\u00fata er greint milli hv\u00edtra sjamana (l\u00e6kning) og svartra (\u00e1r\u00e1sargirni).<\/p>\t\t\t\t\t\t\t\t<\/div>\n\t\t\t\t<\/div>\n\t\t\t\t\t<\/div>\n\t\t\t\t<\/div>\n\t\t<div class=\"elementor-element elementor-element-iwgcn-sibirischt-s2 e-flex e-con-boxed e-con e-parent\" data-id=\"iwgcn-sibirischt-s2\" data-element_type=\"container\" data-e-type=\"container\">\n\t\t\t\t\t<div class=\"e-con-inner\">\n\t\t\t\t<div class=\"elementor-element elementor-element-iwgcn-sibirischt-s2h elementor-widget elementor-widget-heading\" data-id=\"iwgcn-sibirischt-s2h\" data-element_type=\"widget\" data-e-type=\"widget\" data-widget_type=\"heading.default\">\n\t\t\t\t\t<h2 class=\"elementor-heading-title elementor-size-default\">Tengrismi, gu\u00f0fr\u00e6\u00f0i steppunnar<\/h2>\t\t\t\t<\/div>\n\t\t<div class=\"elementor-element elementor-element-iwgcn-sibirischt-s2-c e-con-full e-flex e-con e-child\" data-id=\"iwgcn-sibirischt-s2-c\" data-element_type=\"container\" data-e-type=\"container\">\n\t\t\t\t<div class=\"elementor-element elementor-element-iwgcn-sibirischt-s2t elementor-widget elementor-widget-text-editor\" data-id=\"iwgcn-sibirischt-s2t\" data-element_type=\"widget\" data-e-type=\"widget\" data-widget_type=\"text-editor.default\">\n\t\t\t\t\t\t\t\t\t<p>Tengri (mong\u00f3lska: Tngri, tyrkneska: Tanr\u0131) merkir b\u00e6\u00f0i himininn og himingu\u00f0inn, eitt af elstu tr\u00faarhugt\u00f6kum Mi\u00f0-As\u00edu, sta\u00f0fest allt fr\u00e1 Xiongnu (3. \u00f6ld f.Kr.) og vi\u00f0varandi me\u00f0al H\u00fana, Tyrkja, Mong\u00f3la og Kh\u00edtana.<\/p><p>Mong\u00f3lski r\u00edkisstofnandinn Tsjengis Khan v\u00edsa\u00f0i til Tengri-umbo\u00f0s. Tengri-tr\u00fain er h\u00e1lf-eingu\u00f0istr\u00faarleg, Tengri stendur yfir \u00f6llum \u00f6\u00f0rum \u00f6ndum og n\u00e1tt\u00faru\u00f6flum. N\u00fat\u00edma n\u00fdtengrismi er sj\u00e1lfsmyndarhreyfing \u00ed Mong\u00f3l\u00edu, Kasakstan og Kirgistan.<\/p>\t\t\t\t\t\t\t\t<\/div>\n\t\t\t\t<\/div>\n\t\t\t\t\t<\/div>\n\t\t\t\t<\/div>\n\t\t<div class=\"elementor-element elementor-element-iwgcn-sibirischt-s3 e-flex e-con-boxed e-con e-parent\" data-id=\"iwgcn-sibirischt-s3\" data-element_type=\"container\" data-e-type=\"container\">\n\t\t\t\t\t<div class=\"e-con-inner\">\n\t\t\t\t<div class=\"elementor-element elementor-element-iwgcn-sibirischt-s3h elementor-widget elementor-widget-heading\" data-id=\"iwgcn-sibirischt-s3h\" data-element_type=\"widget\" data-e-type=\"widget\" data-widget_type=\"heading.default\">\n\t\t\t\t\t<h2 class=\"elementor-heading-title elementor-size-default\">Verndargripir og athafnab\u00fana\u00f0ur<\/h2>\t\t\t\t<\/div>\n\t\t<div class=\"elementor-element elementor-element-iwgcn-sibirischt-s3-c e-con-full e-flex e-con e-child\" data-id=\"iwgcn-sibirischt-s3-c\" data-element_type=\"container\" data-e-type=\"container\">\n\t\t\t\t<div class=\"elementor-element elementor-element-iwgcn-sibirischt-s3t elementor-widget elementor-widget-text-editor\" data-id=\"iwgcn-sibirischt-s3t\" data-element_type=\"widget\" data-e-type=\"widget\" data-widget_type=\"text-editor.default\">\n\t\t\t\t\t\t\t\t\t<p>Ongon (mong\u00f3lska) e\u00f0a ongor (b\u00farjat\u00edska) eru <span class=\"iwg-fachbegriff\" data-tooltip=\"L\u00edkamslaus vera sem talin er hafa \u00e1hrif \u00ed heiminum.\" tabindex=\"0\">anda<\/span>-hylki, litlar f\u00edg\u00farur e\u00f0a hengihlutir \u00far f\u00edlti, vi\u00f0i e\u00f0a m\u00e1lmi, \u00fear sem hj\u00e1lparandi sjamanans e\u00f0a h\u00fasandi tekur s\u00e9r b\u00f3lfestu. \u00deeir eru hengdir upp \u00ed jurtinni e\u00f0a bornir \u00e1 l\u00edkamanum.<\/p><p>Sjamanaspeglar (mong\u00f3lska: toli) \u00far bronsi hanga \u00ed r\u00f6\u00f0um \u00e1 skikkjunni og verja me\u00f0 speglun. Ovoo (mong\u00f3lska) eru stein\u00fe\u00fafur vi\u00f0 fjallask\u00f6r\u00f0, \u00fear sem fer\u00f0alangar leggja steina, khadak-kl\u00fata e\u00f0a peningase\u00f0la. Verndar-khadakar \u00far bl\u00e1rri silki eru alls sta\u00f0ar til sta\u00f0ar.<\/p>\t\t\t\t\t\t\t\t<\/div>\n\t\t\t\t<\/div>\n\t\t\t\t\t<\/div>\n\t\t\t\t<\/div>\n\t\t<div class=\"elementor-element elementor-element-iwgcn-sibirischt-s4 e-flex e-con-boxed e-con e-parent\" data-id=\"iwgcn-sibirischt-s4\" data-element_type=\"container\" data-e-type=\"container\">\n\t\t\t\t\t<div class=\"e-con-inner\">\n\t\t\t\t<div class=\"elementor-element elementor-element-iwgcn-sibirischt-s4h elementor-widget elementor-widget-heading\" data-id=\"iwgcn-sibirischt-s4h\" data-element_type=\"widget\" data-e-type=\"widget\" data-widget_type=\"heading.default\">\n\t\t\t\t\t<h2 class=\"elementor-heading-title elementor-size-default\">Jurtalyf og d\u00fdratengsl<\/h2>\t\t\t\t<\/div>\n\t\t<div class=\"elementor-element elementor-element-iwgcn-sibirischt-s4-c e-con-full e-flex e-con e-child\" data-id=\"iwgcn-sibirischt-s4-c\" data-element_type=\"container\" data-e-type=\"container\">\n\t\t\t\t<div class=\"elementor-element elementor-element-iwgcn-sibirischt-s4t elementor-widget elementor-widget-text-editor\" data-id=\"iwgcn-sibirischt-s4t\" data-element_type=\"widget\" data-e-type=\"widget\" data-widget_type=\"text-editor.default\">\n\t\t\t\t\t\t\t\t\t<p>S\u00edber\u00edskir sjamanar nota mismunandi lei\u00f0sluhj\u00e1lpir eftir sv\u00e6\u00f0um: \u00ed Vestur-S\u00edber\u00edu berserkjasvamp (Amanita muscaria, tali\u00f0 tengjast ind\u00f3-\u00edr\u00f6nsku s\u00f3manu), \u00ed Mi\u00f0-S\u00edber\u00edu t\u00f3bakssey\u00f0i og einiberjareykingar. D\u00fdrandar-bandamenn eru menningarlega grundvallandi, bj\u00f6rn (s\u00e9rstaklega me\u00f0al Ainu-f\u00f3lks Japans, en tr\u00faarhef\u00f0 \u00feeirra er tengd \u00feeirri s\u00edber\u00edsku), \u00falfur, \u00f6rn, hj\u00f6rtur, hreind\u00fdr. Sjamanskikkjan ber oft hjartarhorns- e\u00f0a fja\u00f0ra\u00fe\u00e6tti sem t\u00e1kna tengsl vi\u00f0 d\u00fdrandann.<\/p>\t\t\t\t\t\t\t\t<\/div>\n\t\t\t\t<\/div>\n\t\t\t\t\t<\/div>\n\t\t\t\t<\/div>\n\t\t<div class=\"elementor-element elementor-element-iwgcn-sibirischt-s5 e-flex e-con-boxed e-con e-parent\" data-id=\"iwgcn-sibirischt-s5\" data-element_type=\"container\" data-e-type=\"container\">\n\t\t\t\t\t<div class=\"e-con-inner\">\n\t\t\t\t<div class=\"elementor-element elementor-element-iwgcn-sibirischt-s5h elementor-widget elementor-widget-heading\" data-id=\"iwgcn-sibirischt-s5h\" data-element_type=\"widget\" data-e-type=\"widget\" data-widget_type=\"heading.default\">\n\t\t\t\t\t<h2 class=\"elementor-heading-title elementor-size-default\">Sov\u00e9tt\u00edminn og endurvakning<\/h2>\t\t\t\t<\/div>\n\t\t<div class=\"elementor-element elementor-element-iwgcn-sibirischt-s5-c e-con-full e-flex e-con e-child\" data-id=\"iwgcn-sibirischt-s5-c\" data-element_type=\"container\" data-e-type=\"container\">\n\t\t\t\t<div class=\"elementor-element elementor-element-iwgcn-sibirischt-s5t elementor-widget elementor-widget-text-editor\" data-id=\"iwgcn-sibirischt-s5t\" data-element_type=\"widget\" data-e-type=\"widget\" data-widget_type=\"text-editor.default\">\n\t\t\t\t\t\t\t\t\t<p>\u00c1 20. \u00f6ld voru sjamanar ofs\u00f3ttir gr\u00ed\u00f0arlega \u00ed Sov\u00e9tr\u00edkjunum, kalla\u00f0ir \u201e\u00fej\u00f3\u00f0n\u00ed\u00f0ingar\u201c og \u201ehj\u00e1tr\u00faaremb\u00e6ttismenn\u201c. Margir voru skotnir e\u00f0a sendir \u00ed vinnub\u00fa\u00f0ir \u00e1 \u00feri\u00f0ja \u00e1ratugnum, trumbur \u00feeirra ey\u00f0ilag\u00f0ar, skikkjur \u00feeirra fluttar \u00ed s\u00f6fn.<\/p><p>Me\u00f0 falli Sov\u00e9tr\u00edkjanna 1991 h\u00f3fst sjaman\u00edsk endurvakning \u00ed B\u00farjat\u00edu, Mong\u00f3l\u00edu og T\u00favu, me\u00f0 eigin f\u00e9l\u00f6gum, kennurum og aukinni s\u00fdnileika. \u00cd Mong\u00f3l\u00edu eru \u00ed dag nokkur hundru\u00f0 starfandi sjamanar.<\/p>\t\t\t\t\t\t\t\t<\/div>\n\t\t\t\t<\/div>\n\t\t\t\t\t<\/div>\n\t\t\t\t<\/div>\n\t\t<div class=\"elementor-element elementor-element-iwgcn-sibirischt-s6 e-flex e-con-boxed e-con e-parent\" data-id=\"iwgcn-sibirischt-s6\" data-element_type=\"container\" data-e-type=\"container\">\n\t\t\t\t\t<div class=\"e-con-inner\">\n\t\t\t\t<div class=\"elementor-element elementor-element-iwgcn-sibirischt-s6h elementor-widget elementor-widget-heading\" data-id=\"iwgcn-sibirischt-s6h\" data-element_type=\"widget\" data-e-type=\"widget\" data-widget_type=\"heading.default\">\n\t\t\t\t\t<h2 class=\"elementor-heading-title elementor-size-default\">Heimildasta\u00f0a og ranns\u00f3knir<\/h2>\t\t\t\t<\/div>\n\t\t<div class=\"elementor-element elementor-element-iwgcn-sibirischt-s6-c e-con-full e-flex e-con e-child\" data-id=\"iwgcn-sibirischt-s6-c\" data-element_type=\"container\" data-e-type=\"container\">\n\t\t\t\t<div class=\"elementor-element elementor-element-iwgcn-sibirischt-s6t elementor-widget elementor-widget-text-editor\" data-id=\"iwgcn-sibirischt-s6t\" data-element_type=\"widget\" data-e-type=\"widget\" data-widget_type=\"text-editor.default\">\n\t\t\t\t\t\t\t\t\t<p>Mikilv\u00e6g verk: Mircea Eliade <em>Le Chamanisme et les techniques archa\u00efques de l&#8217;Ekstase<\/em> (1951), Vladimir Basilov, Nikolai \u0160okorov, Caroline Humphrey, Roberte Hamayon.<\/p><p>Um tengrisma: Jean-Paul Roux <em>La religion des Turcs et des Mongols<\/em>. Einnig er Leynda s\u00f6gu Mong\u00f3la (13. \u00f6ld) heimild. <span class=\"iwg-fachbegriff\" data-tooltip=\"Tr\u00faarkerfi \u00fear sem s\u00e9rfr\u00e6\u00f0ingar hafa samskipti vi\u00f0 andaheiminn.\" tabindex=\"0\">Sjamanismi<\/span> sem hnattr\u00e6nn samanbur\u00f0arflokkur er r\u00e6ddur \u00ed verkum Michael Harner og Foundation for Shamanic Studies.<\/p>\t\t\t\t\t\t\t\t<\/div>\n\t\t\t\t<\/div>\n\t\t\t\t\t<\/div>\n\t\t\t\t<\/div>\n\t\t<div class=\"elementor-element elementor-element-cp26124946 e-flex e-con-boxed e-con e-parent\" data-id=\"cp26124946\" data-element_type=\"container\" data-e-type=\"container\">\n\t\t\t\t\t<div class=\"e-con-inner\">\n\t\t\t\t<div class=\"elementor-element elementor-element-cp2c8730e2 elementor-widget elementor-widget-heading\" data-id=\"cp2c8730e2\" data-element_type=\"widget\" data-e-type=\"widget\" data-widget_type=\"heading.default\">\n\t\t\t\t\t<h2 class=\"elementor-heading-title elementor-size-default\">Tengrismi sem hugtak og vandkv\u00e6\u00f0i \u00feess<\/h2>\t\t\t\t<\/div>\n\t\t<div class=\"elementor-element elementor-element-cp29cf177b e-flex e-con-boxed e-con e-child\" data-id=\"cp29cf177b\" data-element_type=\"container\" data-e-type=\"container\">\n\t\t\t\t\t<div class=\"e-con-inner\">\n\t\t\t\t<div class=\"elementor-element elementor-element-cp2d12b06e elementor-widget elementor-widget-text-editor\" data-id=\"cp2d12b06e\" data-element_type=\"widget\" data-e-type=\"widget\" data-widget_type=\"text-editor.default\">\n\t\t\t\t\t\t\t\t\t<p>Hugtaki\u00f0 tengrismi er n\u00fdlegt or\u00f0 og l\u00fdsir ekki einni samr\u00e6mdri, s\u00f6gulega afmarka\u00f0ri tr\u00faarbr\u00f6g\u00f0um. \u00dea\u00f0 er dregi\u00f0 af or\u00f0inu <em>Tengri<\/em>, sem \u00ed m\u00f6rgum tyrkneskum og mong\u00f3lskum tungum\u00e1lum v\u00edsar til himinsins og jafnframt til himneskrar m\u00e1ttarveldis.<\/p><p>\u00cd elstu heimildum, fornu tyrknesku r\u00fanaristunum \u00ed Orkhon-dalnum fr\u00e1 \u00e1ttundu \u00f6ld, kemur Tengri fram sem valdi\u00f0 sem veitir stj\u00f3rnandanum m\u00e1tt sinn og gefur \u00fej\u00f3\u00f0inni skipan.<\/p><p>N\u00fat\u00edmanotkun or\u00f0sins tengrismi er \u00fe\u00f3 a\u00f0 miklu leyti m\u00f3tu\u00f0 af s\u00ed\u00f0ari t\u00edma \u00fer\u00f3un. \u00c1 n\u00edtj\u00e1ndu og tuttugustu \u00f6ld m\u00f3tu\u00f0u fr\u00e6\u00f0imenn, og s\u00ed\u00f0ar einnig \u00fej\u00f3\u00f0ernishreyfingar \u00ed Mi\u00f0-As\u00edu, hugtaki\u00f0 til a\u00f0 l\u00fdsa \u00fev\u00ed sem tali\u00f0 var vera sameiginleg, fyrir-\u00edsl\u00f6msk og fyrir-b\u00fadd\u00edsk tr\u00faarbr\u00f6g\u00f0 steppu\u00fej\u00f3\u00f0anna.<\/p><p><span class=\"iwg-fachbegriff\" data-tooltip=\"V\u00edsindin sem rannsaka tr\u00faarbr\u00f6g\u00f0 samanbur\u00f0arlega og \u00e1n tr\u00faartengsla.\" tabindex=\"0\">Tr\u00faarbrag\u00f0afr\u00e6\u00f0i<\/span> varar h\u00e9r vi\u00f0 var\u00fa\u00f0. \u00dea\u00f0 sem er dregi\u00f0 saman undir tengrisma n\u00e6r yfir mj\u00f6g \u00f3l\u00edkar hef\u00f0ir \u00e1 v\u00ed\u00f0u sv\u00e6\u00f0i og yfir langt t\u00edmabil.<\/p><p>\u00dea\u00f0 er sta\u00f0fest a\u00f0 d\u00fdrkun himins, jar\u00f0argy\u00f0ju og fj\u00f6lda anda spila\u00f0i mi\u00f0l\u00e6gt hlutverk hj\u00e1 m\u00f6rgum steppu\u00fej\u00f3\u00f0um. Hvort unnt s\u00e9 a\u00f0 endurgera \u00far \u00fev\u00ed samfellt tr\u00faarkerfi er umdeilt.<\/p><p>Alvarlegar fr\u00e6\u00f0ilegar l\u00fdsingar tala \u00fev\u00ed fremur um himintr\u00fa e\u00f0a um tr\u00faarbr\u00f6g\u00f0 fyrstu tyrkja og mong\u00f3la, og fjalla um tengrisma sem n\u00fat\u00edmalegt safnhugtak, ekki s\u00f6gulega heild.<\/p>\t\t\t\t\t\t\t\t<\/div>\n\t\t\t\t\t<\/div>\n\t\t\t\t<\/div>\n\t\t\t\t\t<\/div>\n\t\t\t\t<\/div>\n\t\t<div class=\"elementor-element elementor-element-cp265ca085 e-flex e-con-boxed e-con e-parent\" data-id=\"cp265ca085\" data-element_type=\"container\" data-e-type=\"container\">\n\t\t\t\t\t<div class=\"e-con-inner\">\n\t\t\t\t<div class=\"elementor-element elementor-element-cp27cb318d elementor-widget elementor-widget-heading\" data-id=\"cp27cb318d\" data-element_type=\"widget\" data-e-type=\"widget\" data-widget_type=\"heading.default\">\n\t\t\t\t\t<h2 class=\"elementor-heading-title elementor-size-default\">Shamanismi S\u00edber\u00edu \u00ed sv\u00e6\u00f0isbundinni fj\u00f6lbreytni sinni<\/h2>\t\t\t\t<\/div>\n\t\t<div class=\"elementor-element elementor-element-cp2d8b8f0c e-flex e-con-boxed e-con e-child\" data-id=\"cp2d8b8f0c\" data-element_type=\"container\" data-e-type=\"container\">\n\t\t\t\t\t<div class=\"e-con-inner\">\n\t\t\t\t<div class=\"elementor-element elementor-element-cp25923221 elementor-widget elementor-widget-text-editor\" data-id=\"cp25923221\" data-element_type=\"widget\" data-e-type=\"widget\" data-widget_type=\"text-editor.default\">\n\t\t\t\t\t\t\t\t\t<p>Vi\u00f0 hli\u00f0 himintr\u00faar steppunnar stendur <span class=\"iwg-fachbegriff\" data-tooltip=\"Tr\u00faarkerfi \u00fear sem s\u00e9rfr\u00e6\u00f0ingar hafa samband vi\u00f0 andaheiminn.\" tabindex=\"0\">shamanismi<\/span> s\u00edbersku sk\u00f3garbeltisins, sem er l\u00edka ekki einsleit tr\u00faarbr\u00f6g\u00f0 heldur b\u00fant af tengdum ath\u00f6fnum.<\/p><p>\u00deau finnast hj\u00e1 evenkum, jak\u00fatum, b\u00farjatum, nganas\u00f6num, kh\u00f6ntum og m\u00f6rgum \u00f6\u00f0rum \u00fej\u00f3\u00f0um sem tala \u00fdmist tyrknesk, tung\u00fas\u00edsk e\u00f0a \u00far\u00f6lsk tungum\u00e1l. Or\u00f0i\u00f0 <span class=\"iwg-fachbegriff\" data-tooltip=\"Tr\u00faarlegur s\u00e9rfr\u00e6\u00f0ingur sem talinn er mi\u00f0la milli manna og andaheimsins.\" tabindex=\"0\">shaman<\/span> sj\u00e1lft er upprunni\u00f0 \u00far tung\u00fas\u00edsku og var flutt inn \u00ed evr\u00f3psk tungum\u00e1l af r\u00fassneskum fer\u00f0am\u00f6nnum.<\/p><p>Sameiginlegt me\u00f0 \u00feessum hef\u00f0um er hugmyndin um a\u00f0 \u00e1kve\u00f0nir einstaklingar hafi getu til a\u00f0 komast \u00ed tengsl vi\u00f0 andaheiminn, til a\u00f0 l\u00e6kna, s\u00e6kja t\u00fdndar s\u00e1lir, tryggja vei\u00f0i e\u00f0a fylgja hinum l\u00e1tnu.<\/p><p>\u00dear skipta sv\u00e6\u00f0isbundin fr\u00e1vik \u00fe\u00f3 m\u00e1li. Hj\u00e1 einum er <span class=\"iwg-fachbegriff\" data-tooltip=\"Tr\u00faarlegur s\u00e9rfr\u00e6\u00f0ingur sem talinn er mi\u00f0la milli manna og andaheimsins.\" tabindex=\"0\">shamaninn<\/span> kalla\u00f0ur af \u00f6ndunum og gengur \u00ed gegnum sj\u00fakd\u00f3mskreppu, hj\u00e1 \u00f6\u00f0rum er emb\u00e6tti\u00f0 fremur arfgengt. B\u00fana\u00f0ur me\u00f0 trommu, kl\u00e6\u00f0na\u00f0i og k\u00f3r\u00f3nu er mj\u00f6g mismunandi milli \u00fej\u00f3\u00f0a, og <span class=\"iwg-fachbegriff\" data-tooltip=\"Hugmyndin um uppbyggingu og skipan heimsins innan \u00e1kve\u00f0innar menningar.\" tabindex=\"0\">heimsfr\u00e6\u00f0in<\/span> er einnig breytileg.<\/p><p>Algeng er hugmyndin um heim skiptan \u00ed nokkur svi\u00f0, oft nefnd efri heimur, mi\u00f0heimur og undirheimur, tengd saman me\u00f0 heimstr\u00e9 e\u00f0a mi\u00f0l\u00e6gum staf. Eldri ranns\u00f3knir, til d\u00e6mis Mircea Eliade, h\u00f6f\u00f0u tilhneigingu til a\u00f0 sameina allt \u00feetta \u00ed einn alhli\u00f0a <span class=\"iwg-fachbegriff\" data-tooltip=\"Tr\u00faarkerfi \u00fear sem s\u00e9rfr\u00e6\u00f0ingar hafa samband vi\u00f0 andaheiminn.\" tabindex=\"0\">shamanisma<\/span>.<\/p><p>N\u00fdrri <span class=\"iwg-fachbegriff\" data-tooltip=\"V\u00edsindin sem rannsaka menningarsamf\u00e9l\u00f6g samanbur\u00f0arlega.\" tabindex=\"0\">\u00fej\u00f3\u00f0fr\u00e6\u00f0i<\/span>, me\u00f0al annars verk Roberte Hamayon, gagnr\u00fdnir \u00feessa einsleitni og bendir \u00e1 a\u00f0 skilja \u00feurfi einstakar hef\u00f0ir \u00fat fr\u00e1 eigin samf\u00e9lagslegu og vistfr\u00e6\u00f0ilegu samhengi.<\/p>\t\t\t\t\t\t\t\t<\/div>\n\t\t\t\t\t<\/div>\n\t\t\t\t<\/div>\n\t\t\t\t\t<\/div>\n\t\t\t\t<\/div>\n\t\t<div class=\"elementor-element elementor-element-cp2aa950e9 e-flex e-con-boxed e-con e-parent\" data-id=\"cp2aa950e9\" data-element_type=\"container\" data-e-type=\"container\">\n\t\t\t\t\t<div class=\"e-con-inner\">\n\t\t\t\t<div class=\"elementor-element elementor-element-cp269ac4bd elementor-widget elementor-widget-heading\" data-id=\"cp269ac4bd\" data-element_type=\"widget\" data-e-type=\"widget\" data-widget_type=\"heading.default\">\n\t\t\t\t\t<h2 class=\"elementor-heading-title elementor-size-default\">Heimildasta\u00f0a milli fer\u00f0afr\u00e1sagna og \u00fej\u00f3\u00f0fr\u00e6\u00f0i<\/h2>\t\t\t\t<\/div>\n\t\t<div class=\"elementor-element elementor-element-cp2937eb34 e-flex e-con-boxed e-con e-child\" data-id=\"cp2937eb34\" data-element_type=\"container\" data-e-type=\"container\">\n\t\t\t\t\t<div class=\"e-con-inner\">\n\t\t\t\t<div class=\"elementor-element elementor-element-cp2d587b58 elementor-widget elementor-widget-text-editor\" data-id=\"cp2d587b58\" data-element_type=\"widget\" data-e-type=\"widget\" data-widget_type=\"text-editor.default\">\n\t\t\t\t\t\t\t\t\t<p>Skrifleg <span class=\"iwg-fachbegriff\" data-tooltip=\"Mi\u00f0lun \u00feekkingar og fr\u00e1sagna kynsl\u00f3\u00f0 eftir kynsl\u00f3\u00f0.\" tabindex=\"0\">arfleif\u00f0<\/span> um tr\u00faarbr\u00f6g\u00f0 S\u00edber\u00edu og steppunnar er m\u00f3tu\u00f0 utan fr\u00e1. Fr\u00e1 fyrri t\u00ed\u00f0 eru til fornu tyrknesku og mong\u00f3lsku r\u00fanaristurnar auk k\u00ednverskra fr\u00e1sagna um n\u00e1granna s\u00edna \u00ed nor\u00f0ri. \u00deessir textar eru knappir og a\u00f0 mestu skrifa\u00f0ir \u00fat fr\u00e1 sj\u00f3narhorni stj\u00f3rnvalda og stj\u00f3rnm\u00e1la, ekki af tr\u00faarlegum \u00e1huga.<\/p><p>Anna\u00f0 lag myndast af fer\u00f0afr\u00e1s\u00f6gum mi\u00f0alda og fyrri n\u00fdaldar. Evr\u00f3pskir sendimenn og s\u00ed\u00f0ar r\u00fassneskir v\u00edsindalei\u00f0angursmenn l\u00fdstu shaman\u00edskum ath\u00f6fnum, \u00fe\u00f3 oft me\u00f0 fyrirlitningu, h\u00e1\u00f0i e\u00f0a me\u00f0 \u00fea\u00f0 markmi\u00f0 a\u00f0 stimpla hi\u00f0 \u00f3kunna sem hj\u00e1tr\u00fa.<\/p><p>Me\u00f0 r\u00fassneskri \u00fat\u00feenslu til S\u00edber\u00edu mynda\u00f0ist auk \u00feess umfangsmikil tr\u00fabo\u00f0s- og stj\u00f3rns\u00fdslub\u00f3kmennta, \u00fear sem sta\u00f0bundin tr\u00faarbr\u00f6g\u00f0 voru b\u00e6\u00f0i ofs\u00f3tt og skjalfest.<\/p><p>V\u00edsindalega gagnlegasta lagi\u00f0 kemur \u00far \u00fej\u00f3\u00f0fr\u00e6\u00f0ilegri vettvangsranns\u00f3kn seint \u00e1 n\u00edtj\u00e1ndu og \u00e1 tuttugustu \u00f6ld. Fr\u00e6\u00f0imenn eins og Wladimir Bogoras og Lew Sternberg, sumir sj\u00e1lfir \u00ed \u00fatleg\u00f0 af stj\u00f3rnm\u00e1la\u00e1st\u00e6\u00f0um, s\u00f6fnu\u00f0u miklu efni. \u00c1 Sov\u00e9tt\u00edmanum var <span class=\"iwg-fachbegriff\" data-tooltip=\"Tr\u00faarkerfi \u00fear sem s\u00e9rfr\u00e6\u00f0ingar hafa samband vi\u00f0 andaheiminn.\" tabindex=\"0\">shamanismi<\/span> \u00fe\u00e1 banna\u00f0ur af r\u00edkinu, shamanar voru ofs\u00f3ttir og margar hef\u00f0ir rofnu\u00f0u e\u00f0a voru a\u00f0eins \u00e1fram mi\u00f0la\u00f0ar \u00ed leyni.<\/p><p>\u00deessi saga hefur \u00fea\u00f0 \u00ed f\u00f6r me\u00f0 s\u00e9r a\u00f0 n\u00faverandi heimildir hafa ey\u00f0ur og a\u00f0 s\u00ed\u00f0ari endurvakningar hafa a\u00f0 hluta or\u00f0i\u00f0 a\u00f0 byggja \u00e1 \u00fej\u00f3\u00f0fr\u00e6\u00f0ilegum b\u00f3kum. Gagnr\u00fdnin lestur \u00fearf alltaf a\u00f0 hafa \u00feessa s\u00edu \u00e1horfenda og k\u00fagunar \u00ed huga.<\/p>\t\t\t\t\t\t\t\t<\/div>\n\t\t\t\t\t<\/div>\n\t\t\t\t<\/div>\n\t\t\t\t\t<\/div>\n\t\t\t\t<\/div>\n\t\t<div class=\"elementor-element elementor-element-cp2cf12a6a e-flex e-con-boxed e-con e-parent\" data-id=\"cp2cf12a6a\" data-element_type=\"container\" data-e-type=\"container\">\n\t\t\t\t\t<div class=\"e-con-inner\">\n\t\t\t\t<div class=\"elementor-element elementor-element-cp2d60c43e elementor-widget elementor-widget-heading\" data-id=\"cp2d60c43e\" data-element_type=\"widget\" data-e-type=\"widget\" data-widget_type=\"heading.default\">\n\t\t\t\t\t<h2 class=\"elementor-heading-title elementor-size-default\">Endurvakning og sta\u00f0an \u00ed dag<\/h2>\t\t\t\t<\/div>\n\t\t<div class=\"elementor-element elementor-element-cp2851cf1c e-flex e-con-boxed e-con e-child\" data-id=\"cp2851cf1c\" data-element_type=\"container\" data-e-type=\"container\">\n\t\t\t\t\t<div class=\"e-con-inner\">\n\t\t\t\t<div class=\"elementor-element elementor-element-cp2f36f6e4 elementor-widget elementor-widget-text-editor\" data-id=\"cp2f36f6e4\" data-element_type=\"widget\" data-e-type=\"widget\" data-widget_type=\"text-editor.default\">\n\t\t\t\t\t\t\t\t\t<p>Eftir a\u00f0 Sov\u00e9tr\u00edkin li\u00f0u undir lok var\u00f0 vart vi\u00f0 endurvakningu forkristinna og forb\u00fadd\u00edskra tr\u00faarbrag\u00f0a \u00e1 nokkrum sv\u00e6\u00f0um \u00ed S\u00edber\u00edu og n\u00e1grannar\u00edkjum.<\/p><p>\u00cd l\u00fd\u00f0veldunum B\u00farjat\u00edu, T\u00fava og Sakja ur\u00f0u til f\u00e9l\u00f6g sjamana, sem endurskipul\u00f6g\u00f0u emb\u00e6tti\u00f0 a\u00f0 hluta, bo\u00f0u\u00f0u upp \u00e1 \u00fej\u00e1lfun og h\u00e9ldu opinberar athafnir. \u00deessar hreyfingar tengjast n\u00e1i\u00f0 \u00f3skinni um menningarlega sj\u00e1lfssta\u00f0festingu gagnvart \u00e1ratuga r\u00fassav\u00e6\u00f0ingu.<\/p><p>Tr\u00faarbrag\u00f0afr\u00e6\u00f0ilegt mat \u00e1 \u00feessari endurvakningu er hlutlaust. Annars vegar tengjast n\u00faverandi venjur raunverulegum hef\u00f0um sem oft hafa veri\u00f0 var\u00f0veittar \u00ed kyrr\u00feey. Hins vegar eru rofin auglj\u00f3s og sum atri\u00f0i eru endursamsett \u00far \u00fej\u00f3\u00f0fr\u00e6\u00f0iritum e\u00f0a \u00far samskiptum vi\u00f0 al\u00fej\u00f3\u00f0legar stefnur. Fr\u00e6\u00f0imenn tala \u00fev\u00ed um n\u00fdsjamanisma, \u00fear sem endursk\u00f6pun og n\u00fdsk\u00f6pun renna saman.<\/p><p>\u00cd mong\u00f3lska heiminum tengist <span class=\"iwg-fachbegriff\" data-tooltip=\"Tr\u00faarlegt kerfi \u00fear sem s\u00e9rfr\u00e6\u00f0ingar hafa samskipti vi\u00f0 andaheiminn.\" tabindex=\"0\">sjamanismi<\/span> auk \u00feess t\u00edbeskum b\u00faddisma, sem hefur veri\u00f0 til sta\u00f0ar um aldara\u00f0ir. \u00deessi tv\u00f6 kerfi standa a\u00f0 hluta \u00ed samkeppni og a\u00f0 hluta \u00ed hagn\u00fdtri verkaskiptingu hli\u00f0 vi\u00f0 hli\u00f0. Einnig hinn n\u00fat\u00edmalegi p\u00f3lit\u00edski tengrismi, sem er r\u00e6ddur \u00ed nokkrum Mi\u00f0-As\u00edur\u00edkjum sem hluti \u00fej\u00f3\u00f0ar\u00edmyndar, heyrir undir \u00feessa mynd.<\/p><p>Hann er s\u00ed\u00f0ur lifandi \u00fej\u00f3\u00f0tr\u00fa en vitsmunalegt og p\u00f3lit\u00edskt verkefni sem s\u00e6kir \u00ed arfleif\u00f0 steppanna. Fyrir vanda\u00f0a framsetningu gildir: N\u00faverandi sta\u00f0a er margbreytileg, mj\u00f6g mismunandi eftir sv\u00e6\u00f0um og \u00e6tti hvorki a\u00f0 l\u00fdsa henni sem \u00f3slitnu framhaldi fornrar tr\u00faar n\u00e9 sem hreinni uppfinningu.<\/p>\t\t\t\t\t\t\t\t<\/div>\n\t\t\t\t\t<\/div>\n\t\t\t\t<\/div>\n\t\t\t\t\t<\/div>\n\t\t\t\t<\/div>\n\t\t<div class=\"elementor-element elementor-element-iwgha-sibirischten-sec e-flex e-con-boxed e-con e-parent\" data-id=\"iwgha-sibirischten-sec\" data-element_type=\"container\" data-e-type=\"container\">\n\t\t\t\t\t<div class=\"e-con-inner\">\n\t\t\t\t<div class=\"elementor-element elementor-element-iwgha-sibirischten-h elementor-widget elementor-widget-heading\" data-id=\"iwgha-sibirischten-h\" data-element_type=\"widget\" data-e-type=\"widget\" data-widget_type=\"heading.default\">\n\t\t\t\t\t<h2 class=\"elementor-heading-title elementor-size-default\">Verur \u00far \u00feessari hef\u00f0 (10)<\/h2>\t\t\t\t<\/div>\n\t\t<div class=\"elementor-element elementor-element-iwgha-sibirischten-gc e-flex e-con-boxed e-con e-parent\" data-id=\"iwgha-sibirischten-gc\" data-element_type=\"container\" data-e-type=\"container\">\n\t\t\t\t\t<div class=\"e-con-inner\">\n\t\t\t\t<div class=\"elementor-element elementor-element-iwgha-sibirischten-grid elementor-widget elementor-widget-text-editor\" data-id=\"iwgha-sibirischten-grid\" data-element_type=\"widget\" data-e-type=\"widget\" data-widget_type=\"text-editor.default\">\n\t\t\t\t\t\t\t\t\t<div class=\"iwg-wesen-grid\"><a class=\"iwg-wesen-card\" href=\"https:\/\/iwell-guard.com\/is\/ajisit-jakutnesk-faedingargydja\/\" aria-label=\"Ajisit \u2013 Jak\u00fatnesk f\u00e6\u00f0ingargy\u00f0ja\"><div class=\"iwg-wesen-card-imgwrap\"><img decoding=\"async\" src=\"https:\/\/iwell-guard.com\/wp-content\/uploads\/2026\/05\/goetter_sibirisch-tengrismus_ajisit-200x300.webp\" alt=\"Ajisit \u2013 Jak\u00fatnesk f\u00e6\u00f0ingargy\u00f0ja\" loading=\"lazy\"><\/div><div class=\"iwg-wesen-card-body\"><div class=\"iwg-wesen-card-name\">Ajisit \u2013 Jak\u00fatnesk f\u00e6\u00f0ingargy\u00f0ja<\/div><div class=\"iwg-wesen-card-arrow\">\u2192 \u00c1 v\u00e6ttina<\/div><\/div><\/a><a class=\"iwg-wesen-card\" href=\"https:\/\/iwell-guard.com\/is\/asbuiga-hestaverndarandi-burjata\/\" aria-label=\"Asbuiga \u2013 Verndarandi hesta hj\u00e1 B\u00farj\u00f6tum\"><div class=\"iwg-wesen-card-imgwrap\"><img decoding=\"async\" src=\"https:\/\/iwell-guard.com\/wp-content\/uploads\/2026\/05\/geister_sibirisch-tengrismus_asbuiga-200x300.webp\" alt=\"Asbuiga \u2013 Verndarandi hesta hj\u00e1 B\u00farj\u00f6tum\" loading=\"lazy\"><\/div><div class=\"iwg-wesen-card-body\"><div class=\"iwg-wesen-card-name\">Asbuiga \u2013 Verndarandi hesta hj\u00e1 B\u00farj\u00f6tum<\/div><div class=\"iwg-wesen-card-arrow\">\u2192 \u00c1 v\u00e6ttina<\/div><\/div><\/a><a class=\"iwg-wesen-card\" href=\"https:\/\/iwell-guard.com\/is\/buga-haedsti-gud-evenkja\/\" aria-label=\"Buga \u2013 \u00e6\u00f0sti gu\u00f0 Evenkja (Tung\u00fasa)\"><div class=\"iwg-wesen-card-imgwrap\"><img decoding=\"async\" src=\"https:\/\/iwell-guard.com\/wp-content\/uploads\/2026\/05\/goetter_sibirisch-tengrismus_buga-tungus-200x300.webp\" alt=\"Buga \u2013 \u00e6\u00f0sti gu\u00f0 Evenkja (Tung\u00fasa)\" loading=\"lazy\"><\/div><div class=\"iwg-wesen-card-body\"><div class=\"iwg-wesen-card-name\">Buga \u2013 \u00e6\u00f0sti gu\u00f0 Evenkja (Tung\u00fasa)<\/div><div class=\"iwg-wesen-card-arrow\">\u2192 \u00c1 v\u00e6ttina<\/div><\/div><\/a><a class=\"iwg-wesen-card\" href=\"https:\/\/iwell-guard.com\/is\/erlik-khan-drottnari-undirheima\/\" aria-label=\"Erlik Khan \u2013 Drottnari undirheima Altai-manna\"><div class=\"iwg-wesen-card-imgwrap\"><img decoding=\"async\" src=\"https:\/\/iwell-guard.com\/wp-content\/uploads\/2026\/05\/daemonen_sibirisch-tengrismus_erlik-khan-200x300.webp\" alt=\"Erlik Khan \u2013 Drottnari undirheima Altai-manna\" loading=\"lazy\"><\/div><div class=\"iwg-wesen-card-body\"><div class=\"iwg-wesen-card-name\">Erlik Khan \u2013 Drottnari undirheima Altai-manna<\/div><div class=\"iwg-wesen-card-arrow\">\u2192 \u00c1 v\u00e6ttina<\/div><\/div><\/a><a class=\"iwg-wesen-card\" href=\"https:\/\/iwell-guard.com\/is\/khormusta-haesti-himingud-mongola\/\" aria-label=\"Khormusta \u2013 \u00c6\u00f0sti himingo\u00f0 Mong\u00f3la\"><div class=\"iwg-wesen-card-imgwrap\"><img decoding=\"async\" src=\"https:\/\/iwell-guard.com\/wp-content\/uploads\/2026\/05\/goetter_sibirisch-tengrismus_khormusta-200x300.webp\" alt=\"Khormusta \u2013 \u00c6\u00f0sti himingo\u00f0 Mong\u00f3la\" loading=\"lazy\"><\/div><div class=\"iwg-wesen-card-body\"><div class=\"iwg-wesen-card-name\">Khormusta \u2013 \u00c6\u00f0sti himingo\u00f0 Mong\u00f3la<\/div><div class=\"iwg-wesen-card-arrow\">\u2192 \u00c1 v\u00e6ttina<\/div><\/div><\/a><a class=\"iwg-wesen-card\" href=\"https:\/\/iwell-guard.com\/is\/tengri-himnagud-tengrista\/\" aria-label=\"Tengri \u2013 himnagu\u00f0 Tengrista\"><div class=\"iwg-wesen-card-imgwrap\"><img decoding=\"async\" src=\"https:\/\/iwell-guard.com\/wp-content\/uploads\/2026\/05\/goetter_sibirisch-tengrismus_tengri-200x300.webp\" alt=\"Tengri \u2013 himnagu\u00f0 Tengrista\" loading=\"lazy\"><\/div><div class=\"iwg-wesen-card-body\"><div class=\"iwg-wesen-card-name\">Tengri \u2013 himnagu\u00f0 Tengrista<\/div><div class=\"iwg-wesen-card-arrow\">\u2192 \u00c1 v\u00e6ttina<\/div><\/div><\/a><a class=\"iwg-wesen-card\" href=\"https:\/\/iwell-guard.com\/is\/ulgen-ljosgud-altai\/\" aria-label=\"\u00dclgen \u2013 Lj\u00f3sgu\u00f0 Altaimanna\"><div class=\"iwg-wesen-card-imgwrap\"><img decoding=\"async\" src=\"https:\/\/iwell-guard.com\/wp-content\/uploads\/2026\/05\/goetter_sibirisch-tengrismus_uelgen-200x300.webp\" alt=\"\u00dclgen \u2013 Lj\u00f3sgu\u00f0 Altaimanna\" loading=\"lazy\"><\/div><div class=\"iwg-wesen-card-body\"><div class=\"iwg-wesen-card-name\">\u00dclgen \u2013 Lj\u00f3sgu\u00f0 Altaimanna<\/div><div class=\"iwg-wesen-card-arrow\">\u2192 \u00c1 v\u00e6ttina<\/div><\/div><\/a><a class=\"iwg-wesen-card\" href=\"https:\/\/iwell-guard.com\/is\/umai-modir-og-barnagydja-tyrkja\/\" aria-label=\"Umai \u2013 m\u00f3\u00f0ur- og barnagy\u00f0ja Tyrkja\"><div class=\"iwg-wesen-card-imgwrap\"><img decoding=\"async\" src=\"https:\/\/iwell-guard.com\/wp-content\/uploads\/2026\/05\/goetter_sibirisch-tengrismus_umai-200x300.webp\" alt=\"Umai \u2013 m\u00f3\u00f0ur- og barnagy\u00f0ja Tyrkja\" loading=\"lazy\"><\/div><div class=\"iwg-wesen-card-body\"><div class=\"iwg-wesen-card-name\">Umai \u2013 m\u00f3\u00f0ur- og barnagy\u00f0ja Tyrkja<\/div><div class=\"iwg-wesen-card-arrow\">\u2192 \u00c1 v\u00e6ttina<\/div><\/div><\/a><a class=\"iwg-wesen-card\" href=\"https:\/\/iwell-guard.com\/is\/yer-sub-jard-og-vatnsvaettur\/\" aria-label=\"Yer-Sub \u2013 jar\u00f0- og vatnsv\u00e6ttur Tyrkja\"><div class=\"iwg-wesen-card-imgwrap\"><img decoding=\"async\" src=\"https:\/\/iwell-guard.com\/wp-content\/uploads\/2026\/05\/geister_sibirisch-tengrismus_yer-sub-200x300.webp\" alt=\"Yer-Sub \u2013 jar\u00f0- og vatnsv\u00e6ttur Tyrkja\" loading=\"lazy\"><\/div><div class=\"iwg-wesen-card-body\"><div class=\"iwg-wesen-card-name\">Yer-Sub \u2013 jar\u00f0- og vatnsv\u00e6ttur Tyrkja<\/div><div class=\"iwg-wesen-card-arrow\">\u2192 \u00c1 v\u00e6ttina<\/div><\/div><\/a><a class=\"iwg-wesen-card\" href=\"https:\/\/iwell-guard.com\/is\/yhych-khan-jakutneskur-hestaherra\/\" aria-label=\"Yhych-Khan \u2013 Jak\u00fatneskur hestaverndargu\u00f0\"><div class=\"iwg-wesen-card-imgwrap\"><img decoding=\"async\" src=\"https:\/\/iwell-guard.com\/wp-content\/uploads\/2026\/05\/goetter_sibirisch-tengrismus_yhych-khan-200x300.webp\" alt=\"Yhych-Khan \u2013 Jak\u00fatneskur hestaverndargu\u00f0\" loading=\"lazy\"><\/div><div class=\"iwg-wesen-card-body\"><div class=\"iwg-wesen-card-name\">Yhych-Khan \u2013 Jak\u00fatneskur hestaverndargu\u00f0<\/div><div class=\"iwg-wesen-card-arrow\">\u2192 \u00c1 v\u00e6ttina<\/div><\/div><\/a><\/div>\t\t\t\t\t\t\t\t<\/div>\n\t\t\t\t\t<\/div>\n\t\t\t\t<\/div>\n\t\t\t\t\t<\/div>\n\t\t\t\t<\/div>\n\t\t<div class=\"elementor-element elementor-element-iwgkw2-add-sibirischtengr e-flex e-con-boxed e-con e-parent\" data-id=\"iwgkw2-add-sibirischtengr\" data-element_type=\"container\" data-e-type=\"container\">\n\t\t\t\t\t<div class=\"e-con-inner\">\n\t\t\t\t<div class=\"elementor-element elementor-element-iwgkw2-add-sibirischtengr-t elementor-widget elementor-widget-text-editor\" data-id=\"iwgkw2-add-sibirischtengr-t\" data-element_type=\"widget\" data-e-type=\"widget\" data-widget_type=\"text-editor.default\">\n\t\t\t\t\t\t\t\t\t<p>\u00cd s\u00edber\u00edskum tengrisma er <em>verndarath\u00f6fnin<\/em> fastur hluti af sjamanaath\u00f6fninni, \u00fear sem trumba, reykelsi og f\u00f3rnargjafir eiga a\u00f0 verja fj\u00f6lskylduna og hj\u00f6r\u00f0ina gegn sj\u00fakd\u00f3ms- og vega\u00f6ndum.<\/p>\t\t\t\t\t\t\t\t<\/div>\n\t\t\t\t\t<\/div>\n\t\t\t\t<\/div>\n\t\t<div class=\"elementor-element elementor-element-iwgcn-sibirischt-kwd e-flex e-con-boxed e-con e-parent\" data-id=\"iwgcn-sibirischt-kwd\" data-element_type=\"container\" data-e-type=\"container\">\n\t\t\t\t\t<div class=\"e-con-inner\">\n\t\t<div class=\"elementor-element elementor-element-iwgcn-sibirischt-kwd-c e-con-full e-flex e-con e-child\" data-id=\"iwgcn-sibirischt-kwd-c\" data-element_type=\"container\" data-e-type=\"container\">\n\t\t\t\t<div class=\"elementor-element elementor-element-iwgcn-sibirischt-kwdt elementor-widget elementor-widget-text-editor\" data-id=\"iwgcn-sibirischt-kwdt\" data-element_type=\"widget\" data-e-type=\"widget\" data-widget_type=\"text-editor.default\">\n\t\t\t\t\t\t\t\t\t<p><em>Tengd kjarnahugt\u00f6k: <span class=\"iwg-fachbegriff\" data-tooltip=\"Tr\u00faarlegur s\u00e9rfr\u00e6\u00f0ingur sem talinn er mi\u00f0la milli manna og andaheimsins.\" tabindex=\"0\">Sjamani<\/span> Tengri B\u00farjatar Tung\u00fasar Jak\u00fatar Mong\u00f3lar Yurts Ongon Onggor Ovoo Khan Tengri Asbuiga.<\/em><\/p>\t\t\t\t\t\t\t\t<\/div>\n\t\t\t\t<\/div>\n\t\t\t\t\t<\/div>\n\t\t\t\t<\/div>\n\t\t<div class=\"elementor-element elementor-element-iwgcn-sibirischt-cc e-flex e-con-boxed e-con e-parent\" data-id=\"iwgcn-sibirischt-cc\" data-element_type=\"container\" data-e-type=\"container\" id=\"iwg-cc-sibirisch-tengrismus\">\n\t\t\t\t\t<div class=\"e-con-inner\">\n\t\t<div class=\"elementor-element elementor-element-iwgcn-sibirischt-ccinner e-flex e-con-boxed e-con e-parent\" data-id=\"iwgcn-sibirischt-ccinner\" data-element_type=\"container\" data-e-type=\"container\" data-settings=\"{&quot;background_background&quot;:&quot;classic&quot;}\">\n\t\t\t\t\t<div class=\"e-con-inner\">\n\t\t\t\t<div class=\"elementor-element elementor-element-iwgcn-sibirischt-cch elementor-widget elementor-widget-heading\" data-id=\"iwgcn-sibirischt-cch\" data-element_type=\"widget\" data-e-type=\"widget\" data-widget_type=\"heading.default\">\n\t\t\t\t\t<h2 class=\"elementor-heading-title elementor-size-default\">Verndargripir \u00ed \u00feessari menningarhef\u00f0<\/h2>\t\t\t\t<\/div>\n\t\t\t\t<div class=\"elementor-element elementor-element-iwgcn-sibirischt-cct elementor-widget elementor-widget-text-editor\" data-id=\"iwgcn-sibirischt-cct\" data-element_type=\"widget\" data-e-type=\"widget\" data-widget_type=\"text-editor.default\">\n\t\t\t\t\t\t\t\t\t<p>S\u00edber\u00edsk-tengr\u00edsk hef\u00f0 \u00feekkir Ongon-f\u00edg\u00farur sem hylki fyrir <span class=\"iwg-fachbegriff\" data-tooltip=\"L\u00edkamslaus vera sem talin er hafa \u00e1hrif \u00ed heiminum.\" tabindex=\"0\">anda<\/span>, sjamanaspegla (Toli) \u00far bronsi, Khadak-silkikl\u00fata og Ovoo-steinv\u00f6r\u00f0ur \u00e1 fjallask\u00f6r\u00f0um sem f\u00e6ranlega og fasta verndargripi.<\/p><div data-nosnippet=\"true\"><p>iWell Guard fellur inn \u00ed \u00feessa menningars\u00f6gulegu hef\u00f0 f\u00e6ranlegra verndargripa, \u00ed samt\u00edmalegri efnisarkitekt\u00far, framleitt \u00ed \u00de\u00fdskalandi. 41 l\u00f6g, alv\u00f6ru gull, plat\u00edna, silfur. 30 daga skilar\u00e9ttur.<\/p><\/div>\t\t\t\t\t\t\t\t<\/div>\n\t\t\t\t<div class=\"elementor-element elementor-element-iwgcn-sibirischt-ccb iwg-cc-button iwg-cc-cta-2026-05-13 elementor-widget elementor-widget-jet-button\" data-id=\"iwgcn-sibirischt-ccb\" data-element_type=\"widget\" data-e-type=\"widget\" data-widget_type=\"jet-button.default\">\n\t\t\t\t<div class=\"elementor-widget-container\">\n\t\t\t\t\t<div class=\"elementor-jet-button jet-elements\"><div class=\"jet-button__container\"><a class=\"jet-button__instance jet-button__instance--icon-left hover-effect-1\" href=\"\/ueber-iwell-guard\/?utm_source=iwell-guard.com&amp;utm_medium=info-box&amp;utm_campaign=kultur-tradition\"><div class=\"jet-button__plane jet-button__plane-normal\"><\/div><div class=\"jet-button__plane jet-button__plane-hover\"><\/div><div class=\"jet-button__state jet-button__state-normal\"><span class=\"jet-button__label\">Meira um iWell Guard<\/span><\/div><div class=\"jet-button__state jet-button__state-hover\"><span class=\"jet-button__label\">Meira um iWell Guard<\/span><\/div><\/a><\/div><\/div><style>.elementor-element.elementor-element-iwgcn-sibirischt-ccb .jet-button__instance{width:320px;height:56px;}.elementor-element.elementor-element-iwgcn-sibirischt-ccb .jet-button__state-normal .jet-button__label{text-align:center;margin:0px 0px 0px 0px;color:#1a1b20;font-family:Montserrat,sans-serif;font-size:13px;font-weight:400;letter-spacing:4px;line-height:1.714em;text-transform:uppercase;}.elementor-element.elementor-element-iwgcn-sibirischt-ccb .jet-button__state-hover .jet-button__label{text-align:center;margin:0px 0px 0px 0px;color:#FECC76;font-family:Montserrat,sans-serif;font-size:13px;font-weight:400;letter-spacing:4px;line-height:1.714em;text-transform:uppercase;}.elementor-element.elementor-element-iwgcn-sibirischt-ccb .jet-button__plane-normal{background-color:#FECC76;border-style:solid;border-color:#C99540;border-width:2px 2px 2px 2px;}.elementor-element.elementor-element-iwgcn-sibirischt-ccb .jet-button__plane-hover{background-color:rgba(0,0,0,0.55);border-style:solid;border-color:#FECC76;border-width:2px 2px 2px 2px;}<\/style>\t\t\t\t<\/div>\n\t\t\t\t<\/div>\n\t\t\t\t<div class=\"elementor-element elementor-element-iwgcn-sibirischt-ccd elementor-widget elementor-widget-text-editor\" data-id=\"iwgcn-sibirischt-ccd\" data-element_type=\"widget\" data-e-type=\"widget\" data-widget_type=\"text-editor.default\">\n\t\t\t\t\t\t\t\t\t<div data-nosnippet=\"true\"><p style=\"text-align:center;font-size:13px;opacity:0.7;margin-top:14px\" data-nosnippet=\"true\">Pers\u00f3nuleg reynsla getur veri\u00f0 mismunandi. Ekki l\u00e6kningat\u00e6ki. Engin lofor\u00f0 um l\u00e6kningu.<\/p><\/div>\t\t\t\t\t\t\t\t<\/div>\n\t\t\t\t\t<\/div>\n\t\t\t\t<\/div>\n\t\t\t\t\t<\/div>\n\t\t\t\t<\/div>\n\t\t<div class=\"elementor-element elementor-element-iwgcn-sibirischt-disc e-flex e-con-boxed e-con e-parent\" data-id=\"iwgcn-sibirischt-disc\" data-element_type=\"container\" data-e-type=\"container\">\n\t\t\t\t\t<div class=\"e-con-inner\">\n\t\t\t\t<div class=\"elementor-element elementor-element-iwgcn-sibirischt-discw elementor-widget elementor-widget-html\" data-id=\"iwgcn-sibirischt-discw\" data-element_type=\"widget\" data-e-type=\"widget\" data-widget_type=\"html.default\">\n\t\t\t\t\t<footer data-nosnippet=\"true\" class=\"iwg-disclaimer-block\"><p data-nosnippet=\"true\">iWell Guard er <strong>ekki l\u00e6kningat\u00e6ki<\/strong> og kemur ekki \u00ed sta\u00f0inn fyrir l\u00e6knis- e\u00f0a s\u00e1lfr\u00e6\u00f0ime\u00f0fer\u00f0. Tr\u00faarfr\u00e6\u00f0ilegt efni er menningars\u00f6gulegt samhengi, ekki r\u00e1\u00f0legging um andlega i\u00f0kun.<\/p><\/footer>\t\t\t\t<\/div>\n\t\t\t\t\t<\/div>\n\t\t\t\t<\/div>\n\t\t\t\t<\/div>\n\t\t","protected":false},"excerpt":{"rendered":"","protected":false},"author":3,"featured_media":2857,"parent":0,"menu_order":0,"comment_status":"closed","ping_status":"closed","template":"elementor_header_footer","meta":{"_yoast_wpseo_focuskw":"s\u00edber\u00edskur sjamanismi","_yoast_wpseo_title":"S\u00edber\u00eda \u2013 sjamanismi, tengrismi og verndarvenjur","_yoast_wpseo_metadesc":"S\u00edber\u00edsk-mi\u00f0as\u00edsk tr\u00faarbr\u00f6g\u00f0 \u00e1 iWell Guard: sjamanismi, tengrismi, b\u00farjat\u00edsk hef\u00f0, sett \u00ed tr\u00faarfr\u00e6\u00f0ilegt samhengi.","_yoast_wpseo_meta-robots-noindex":"","_yoast_wpseo_canonical":"","_angie_page":false,"gefaehrdungsstufe":"","wesen_kultur":"","wesen_klasse":"","footnotes":""},"categories":[],"class_list":["post-168915","page","type-page","status-publish","has-post-thumbnail","hentry"],"yoast_head":"<!-- This site is optimized with the Yoast SEO Premium plugin v27.7 (Yoast SEO v28.3) - https:\/\/yoast.com\/product\/yoast-seo-premium-wordpress\/ -->\n<title>S\u00edber\u00eda \u2013 sjamanismi, tengrismi og verndarvenjur<\/title>\n<meta name=\"description\" content=\"S\u00edber\u00edsk-mi\u00f0as\u00edsk tr\u00faarbr\u00f6g\u00f0 \u00e1 iWell Guard: sjamanismi, tengrismi, b\u00farjat\u00edsk hef\u00f0, sett \u00ed tr\u00faarfr\u00e6\u00f0ilegt samhengi.\" \/>\n<meta name=\"robots\" content=\"index, follow, max-snippet:-1, max-image-preview:large, max-video-preview:-1\" \/>\n<link rel=\"canonical\" href=\"https:\/\/iwell-guard.com\/is\/siberiskur-sjamanismi-tengrismi\/\" \/>\n<meta property=\"og:locale\" content=\"is_IS\" \/>\n<meta property=\"og:type\" content=\"article\" \/>\n<meta property=\"og:title\" content=\"S\u00edber\u00edskur sjamanismi og tengrismi \u2013 steppan og taigan\" \/>\n<meta property=\"og:description\" content=\"S\u00edber\u00edsk-mi\u00f0as\u00edsk tr\u00faarbr\u00f6g\u00f0 \u00e1 iWell Guard: sjamanismi, tengrismi, b\u00farjat\u00edsk hef\u00f0, sett \u00ed tr\u00faarfr\u00e6\u00f0ilegt samhengi.\" \/>\n<meta property=\"og:url\" content=\"https:\/\/iwell-guard.com\/is\/siberiskur-sjamanismi-tengrismi\/\" \/>\n<meta property=\"og:site_name\" content=\"iWell Guard\" \/>\n<meta property=\"article:modified_time\" content=\"2026-09-05T14:22:41+00:00\" \/>\n<meta property=\"og:image\" content=\"https:\/\/iwell-guard.com\/wp-content\/uploads\/2026\/05\/goetter_sibirisch-tengrismus_tengri.webp\" \/>\n\t<meta property=\"og:image:width\" content=\"1024\" \/>\n\t<meta property=\"og:image:height\" content=\"1536\" \/>\n\t<meta property=\"og:image:type\" content=\"image\/webp\" \/>\n<meta name=\"twitter:card\" content=\"summary_large_image\" \/>\n<script type=\"application\/ld+json\" class=\"yoast-schema-graph\">{\"@context\":\"https:\\\/\\\/schema.org\",\"@graph\":[{\"@type\":\"WebPage\",\"@id\":\"https:\\\/\\\/iwell-guard.com\\\/is\\\/siberiskur-sjamanismi-tengrismi\\\/\",\"url\":\"https:\\\/\\\/iwell-guard.com\\\/is\\\/siberiskur-sjamanismi-tengrismi\\\/\",\"name\":\"S\u00edber\u00eda \u2013 sjamanismi, tengrismi og verndarvenjur\",\"isPartOf\":{\"@id\":\"https:\\\/\\\/iwell-guard.com\\\/is\\\/#website\"},\"primaryImageOfPage\":{\"@id\":\"https:\\\/\\\/iwell-guard.com\\\/is\\\/siberiskur-sjamanismi-tengrismi\\\/#primaryimage\"},\"image\":{\"@id\":\"https:\\\/\\\/iwell-guard.com\\\/is\\\/siberiskur-sjamanismi-tengrismi\\\/#primaryimage\"},\"thumbnailUrl\":\"https:\\\/\\\/iwell-guard.com\\\/wp-content\\\/uploads\\\/2026\\\/05\\\/goetter_sibirisch-tengrismus_tengri.webp\",\"datePublished\":\"2026-09-05T14:04:01+00:00\",\"dateModified\":\"2026-09-05T14:22:41+00:00\",\"description\":\"S\u00edber\u00edsk-mi\u00f0as\u00edsk tr\u00faarbr\u00f6g\u00f0 \u00e1 iWell Guard: sjamanismi, tengrismi, b\u00farjat\u00edsk hef\u00f0, sett \u00ed tr\u00faarfr\u00e6\u00f0ilegt samhengi.\",\"breadcrumb\":{\"@id\":\"https:\\\/\\\/iwell-guard.com\\\/is\\\/siberiskur-sjamanismi-tengrismi\\\/#breadcrumb\"},\"inLanguage\":\"is\",\"potentialAction\":[{\"@type\":\"ReadAction\",\"target\":[\"https:\\\/\\\/iwell-guard.com\\\/is\\\/siberiskur-sjamanismi-tengrismi\\\/\"]}]},{\"@type\":\"ImageObject\",\"inLanguage\":\"is\",\"@id\":\"https:\\\/\\\/iwell-guard.com\\\/is\\\/siberiskur-sjamanismi-tengrismi\\\/#primaryimage\",\"url\":\"https:\\\/\\\/iwell-guard.com\\\/wp-content\\\/uploads\\\/2026\\\/05\\\/goetter_sibirisch-tengrismus_tengri.webp\",\"contentUrl\":\"https:\\\/\\\/iwell-guard.com\\\/wp-content\\\/uploads\\\/2026\\\/05\\\/goetter_sibirisch-tengrismus_tengri.webp\",\"width\":1024,\"height\":1536,\"caption\":\"Gu\u00f0 \u00far hef\u00f0 s\u00edber\u00edsks tengrisma.\"},{\"@type\":\"BreadcrumbList\",\"@id\":\"https:\\\/\\\/iwell-guard.com\\\/is\\\/siberiskur-sjamanismi-tengrismi\\\/#breadcrumb\",\"itemListElement\":[{\"@type\":\"ListItem\",\"position\":1,\"name\":\"Start\",\"item\":\"https:\\\/\\\/iwell-guard.com\\\/is\\\/?page_id=168580\"},{\"@type\":\"ListItem\",\"position\":2,\"name\":\"S\u00edber\u00edskur sjamanismi og tengrismi \u2013 steppan og taigan\"}]},{\"@type\":\"WebSite\",\"@id\":\"https:\\\/\\\/iwell-guard.com\\\/is\\\/#website\",\"url\":\"https:\\\/\\\/iwell-guard.com\\\/is\\\/\",\"name\":\"iWell Guard\",\"description\":\"Schutz vor dunklen Einfl\u00fcssen\",\"publisher\":{\"@id\":\"https:\\\/\\\/iwell-guard.com\\\/is\\\/#organization\"},\"potentialAction\":[{\"@type\":\"SearchAction\",\"target\":{\"@type\":\"EntryPoint\",\"urlTemplate\":\"https:\\\/\\\/iwell-guard.com\\\/is\\\/?s={search_term_string}\"},\"query-input\":{\"@type\":\"PropertyValueSpecification\",\"valueRequired\":true,\"valueName\":\"search_term_string\"}}],\"inLanguage\":\"is\"},{\"@type\":\"Organization\",\"@id\":\"https:\\\/\\\/iwell-guard.com\\\/is\\\/#organization\",\"name\":\"Ittermann electronic GmbH\",\"url\":\"https:\\\/\\\/iwell-guard.com\\\/is\\\/\",\"logo\":{\"@type\":\"ImageObject\",\"inLanguage\":\"is\",\"@id\":\"https:\\\/\\\/iwell-guard.com\\\/is\\\/#\\\/schema\\\/logo\\\/image\\\/\",\"url\":\"https:\\\/\\\/iwell-guard.com\\\/wp-content\\\/uploads\\\/2026\\\/05\\\/Ittermann-Logo-1182x237-1.png\",\"contentUrl\":\"https:\\\/\\\/iwell-guard.com\\\/wp-content\\\/uploads\\\/2026\\\/05\\\/Ittermann-Logo-1182x237-1.png\",\"width\":1182,\"height\":237,\"caption\":\"Ittermann electronic GmbH\"},\"image\":{\"@id\":\"https:\\\/\\\/iwell-guard.com\\\/is\\\/#\\\/schema\\\/logo\\\/image\\\/\"},\"sameAs\":[\"https:\\\/\\\/pantip.com\\\/profile\\\/9367242\",\"https:\\\/\\\/micro.blog\\\/iwellguard\",\"https:\\\/\\\/www.diggerslist.com\\\/iwellguard\\\/about\",\"https:\\\/\\\/skitterphoto.com\\\/photographers\\\/2870314\\\/iwell-guard\",\"https:\\\/\\\/iwellguard.wordpress.com\\\/2026\\\/06\\\/06\\\/iwell-guard\\\/\",\"https:\\\/\\\/hub.docker.com\\\/u\\\/iwellguard\",\"https:\\\/\\\/www.pinterest.com\\\/iwellguard\\\/\",\"https:\\\/\\\/bit.ly\\\/m\\\/iwellguard\",\"https:\\\/\\\/entre-vos-mains.alsace.eu\\\/profiles\\\/iwellguard\\\/activity\",\"https:\\\/\\\/gravatar.com\\\/reallybeded8fd34\",\"https:\\\/\\\/naijamatta.com\\\/iwellguard\",\"https:\\\/\\\/www.goodreads.com\\\/iwellguard\",\"https:\\\/\\\/profile.hatena.ne.jp\\\/iwellguard\\\/\",\"https:\\\/\\\/experiment.com\\\/users\\\/iwellguard\",\"https:\\\/\\\/wakelet.com\\\/@iWellGuard82270\",\"https:\\\/\\\/www.chordie.com\\\/forum\\\/profile.php?id=2555664\",\"https:\\\/\\\/www.instapaper.com\\\/p\\\/17757966\",\"https:\\\/\\\/www.mapleprimes.com\\\/users\\\/iwellguard\",\"https:\\\/\\\/businesslistingplus.com\\\/profile\\\/iwell-guard\\\/\",\"https:\\\/\\\/telegra.ph\\\/iWell-Guard-06-06\",\"https:\\\/\\\/pbase.com\\\/iwellguard\\\/iwellguard\",\"https:\\\/\\\/b.hatena.ne.jp\\\/iwellguard\\\/20260607#bookmark-4788405196491818882\",\"https:\\\/\\\/fliphtml5.com\\\/home\\\/iwellguard\",\"https:\\\/\\\/anyflip.com\\\/homepage\\\/cmiwl#About\",\"https:\\\/\\\/transfur.com\\\/Users\\\/iwellguard\",\"http:\\\/\\\/delphi.larsbo.org\\\/user\\\/iwellguard\",\"https:\\\/\\\/jobs.lajobsportal.org\\\/profiles\\\/8380803-iwell-guard\",\"https:\\\/\\\/md.chaosdorf.de\\\/s\\\/jfbe5SBdJD\",\"https:\\\/\\\/www.lingvolive.com\\\/en-us\\\/profile\\\/9ecaeaca-ce11-4e51-9e71-01d55e2bff36\\\/translations\",\"https:\\\/\\\/www.fitday.com\\\/fitness\\\/forums\\\/members\\\/iwellguard.html\",\"https:\\\/\\\/www.mymeetbook.com\\\/iwellguard\",\"https:\\\/\\\/pxhere.com\\\/en\\\/photographer-me\\\/5040798\",\"https:\\\/\\\/disqus.com\\\/by\\\/iwellguard\\\/about\\\/\",\"https:\\\/\\\/pastelink.net\\\/hjwciqwq\",\"https:\\\/\\\/pubhtml5.com\\\/homepage\\\/scjhn\\\/\",\"https:\\\/\\\/www.bitchute.com\\\/channel\\\/2O2eOKzNqujT\",\"https:\\\/\\\/audiomack.com\\\/iwellguard\"]}]}<\/script>\n<!-- \/ Yoast SEO Premium plugin. -->","yoast_head_json":{"title":"S\u00edber\u00eda \u2013 sjamanismi, tengrismi og verndarvenjur","description":"S\u00edber\u00edsk-mi\u00f0as\u00edsk tr\u00faarbr\u00f6g\u00f0 \u00e1 iWell Guard: sjamanismi, tengrismi, b\u00farjat\u00edsk hef\u00f0, sett \u00ed tr\u00faarfr\u00e6\u00f0ilegt samhengi.","robots":{"index":"index","follow":"follow","max-snippet":"max-snippet:-1","max-image-preview":"max-image-preview:large","max-video-preview":"max-video-preview:-1"},"canonical":"https:\/\/iwell-guard.com\/is\/siberiskur-sjamanismi-tengrismi\/","og_locale":"is_IS","og_type":"article","og_title":"S\u00edber\u00edskur sjamanismi og tengrismi \u2013 steppan og taigan","og_description":"S\u00edber\u00edsk-mi\u00f0as\u00edsk tr\u00faarbr\u00f6g\u00f0 \u00e1 iWell Guard: sjamanismi, tengrismi, b\u00farjat\u00edsk hef\u00f0, sett \u00ed tr\u00faarfr\u00e6\u00f0ilegt samhengi.","og_url":"https:\/\/iwell-guard.com\/is\/siberiskur-sjamanismi-tengrismi\/","og_site_name":"iWell Guard","article_modified_time":"2026-09-05T14:22:41+00:00","og_image":[{"width":1024,"height":1536,"url":"https:\/\/iwell-guard.com\/wp-content\/uploads\/2026\/05\/goetter_sibirisch-tengrismus_tengri.webp","type":"image\/webp"}],"twitter_card":"summary_large_image","schema":{"@context":"https:\/\/schema.org","@graph":[{"@type":"WebPage","@id":"https:\/\/iwell-guard.com\/is\/siberiskur-sjamanismi-tengrismi\/","url":"https:\/\/iwell-guard.com\/is\/siberiskur-sjamanismi-tengrismi\/","name":"S\u00edber\u00eda \u2013 sjamanismi, tengrismi og verndarvenjur","isPartOf":{"@id":"https:\/\/iwell-guard.com\/is\/#website"},"primaryImageOfPage":{"@id":"https:\/\/iwell-guard.com\/is\/siberiskur-sjamanismi-tengrismi\/#primaryimage"},"image":{"@id":"https:\/\/iwell-guard.com\/is\/siberiskur-sjamanismi-tengrismi\/#primaryimage"},"thumbnailUrl":"https:\/\/iwell-guard.com\/wp-content\/uploads\/2026\/05\/goetter_sibirisch-tengrismus_tengri.webp","datePublished":"2026-09-05T14:04:01+00:00","dateModified":"2026-09-05T14:22:41+00:00","description":"S\u00edber\u00edsk-mi\u00f0as\u00edsk tr\u00faarbr\u00f6g\u00f0 \u00e1 iWell Guard: sjamanismi, tengrismi, b\u00farjat\u00edsk hef\u00f0, sett \u00ed tr\u00faarfr\u00e6\u00f0ilegt samhengi.","breadcrumb":{"@id":"https:\/\/iwell-guard.com\/is\/siberiskur-sjamanismi-tengrismi\/#breadcrumb"},"inLanguage":"is","potentialAction":[{"@type":"ReadAction","target":["https:\/\/iwell-guard.com\/is\/siberiskur-sjamanismi-tengrismi\/"]}]},{"@type":"ImageObject","inLanguage":"is","@id":"https:\/\/iwell-guard.com\/is\/siberiskur-sjamanismi-tengrismi\/#primaryimage","url":"https:\/\/iwell-guard.com\/wp-content\/uploads\/2026\/05\/goetter_sibirisch-tengrismus_tengri.webp","contentUrl":"https:\/\/iwell-guard.com\/wp-content\/uploads\/2026\/05\/goetter_sibirisch-tengrismus_tengri.webp","width":1024,"height":1536,"caption":"Gu\u00f0 \u00far hef\u00f0 s\u00edber\u00edsks tengrisma."},{"@type":"BreadcrumbList","@id":"https:\/\/iwell-guard.com\/is\/siberiskur-sjamanismi-tengrismi\/#breadcrumb","itemListElement":[{"@type":"ListItem","position":1,"name":"Start","item":"https:\/\/iwell-guard.com\/is\/?page_id=168580"},{"@type":"ListItem","position":2,"name":"S\u00edber\u00edskur sjamanismi og tengrismi \u2013 steppan og taigan"}]},{"@type":"WebSite","@id":"https:\/\/iwell-guard.com\/is\/#website","url":"https:\/\/iwell-guard.com\/is\/","name":"iWell Guard","description":"Schutz vor dunklen Einfl\u00fcssen","publisher":{"@id":"https:\/\/iwell-guard.com\/is\/#organization"},"potentialAction":[{"@type":"SearchAction","target":{"@type":"EntryPoint","urlTemplate":"https:\/\/iwell-guard.com\/is\/?s={search_term_string}"},"query-input":{"@type":"PropertyValueSpecification","valueRequired":true,"valueName":"search_term_string"}}],"inLanguage":"is"},{"@type":"Organization","@id":"https:\/\/iwell-guard.com\/is\/#organization","name":"Ittermann electronic GmbH","url":"https:\/\/iwell-guard.com\/is\/","logo":{"@type":"ImageObject","inLanguage":"is","@id":"https:\/\/iwell-guard.com\/is\/#\/schema\/logo\/image\/","url":"https:\/\/iwell-guard.com\/wp-content\/uploads\/2026\/05\/Ittermann-Logo-1182x237-1.png","contentUrl":"https:\/\/iwell-guard.com\/wp-content\/uploads\/2026\/05\/Ittermann-Logo-1182x237-1.png","width":1182,"height":237,"caption":"Ittermann electronic GmbH"},"image":{"@id":"https:\/\/iwell-guard.com\/is\/#\/schema\/logo\/image\/"},"sameAs":["https:\/\/pantip.com\/profile\/9367242","https:\/\/micro.blog\/iwellguard","https:\/\/www.diggerslist.com\/iwellguard\/about","https:\/\/skitterphoto.com\/photographers\/2870314\/iwell-guard","https:\/\/iwellguard.wordpress.com\/2026\/06\/06\/iwell-guard\/","https:\/\/hub.docker.com\/u\/iwellguard","https:\/\/www.pinterest.com\/iwellguard\/","https:\/\/bit.ly\/m\/iwellguard","https:\/\/entre-vos-mains.alsace.eu\/profiles\/iwellguard\/activity","https:\/\/gravatar.com\/reallybeded8fd34","https:\/\/naijamatta.com\/iwellguard","https:\/\/www.goodreads.com\/iwellguard","https:\/\/profile.hatena.ne.jp\/iwellguard\/","https:\/\/experiment.com\/users\/iwellguard","https:\/\/wakelet.com\/@iWellGuard82270","https:\/\/www.chordie.com\/forum\/profile.php?id=2555664","https:\/\/www.instapaper.com\/p\/17757966","https:\/\/www.mapleprimes.com\/users\/iwellguard","https:\/\/businesslistingplus.com\/profile\/iwell-guard\/","https:\/\/telegra.ph\/iWell-Guard-06-06","https:\/\/pbase.com\/iwellguard\/iwellguard","https:\/\/b.hatena.ne.jp\/iwellguard\/20260607#bookmark-4788405196491818882","https:\/\/fliphtml5.com\/home\/iwellguard","https:\/\/anyflip.com\/homepage\/cmiwl#About","https:\/\/transfur.com\/Users\/iwellguard","http:\/\/delphi.larsbo.org\/user\/iwellguard","https:\/\/jobs.lajobsportal.org\/profiles\/8380803-iwell-guard","https:\/\/md.chaosdorf.de\/s\/jfbe5SBdJD","https:\/\/www.lingvolive.com\/en-us\/profile\/9ecaeaca-ce11-4e51-9e71-01d55e2bff36\/translations","https:\/\/www.fitday.com\/fitness\/forums\/members\/iwellguard.html","https:\/\/www.mymeetbook.com\/iwellguard","https:\/\/pxhere.com\/en\/photographer-me\/5040798","https:\/\/disqus.com\/by\/iwellguard\/about\/","https:\/\/pastelink.net\/hjwciqwq","https:\/\/pubhtml5.com\/homepage\/scjhn\/","https:\/\/www.bitchute.com\/channel\/2O2eOKzNqujT","https:\/\/audiomack.com\/iwellguard"]}]}},"_links":{"self":[{"href":"https:\/\/iwell-guard.com\/is\/wp-json\/wp\/v2\/pages\/168915","targetHints":{"allow":["GET"]}}],"collection":[{"href":"https:\/\/iwell-guard.com\/is\/wp-json\/wp\/v2\/pages"}],"about":[{"href":"https:\/\/iwell-guard.com\/is\/wp-json\/wp\/v2\/types\/page"}],"author":[{"embeddable":true,"href":"https:\/\/iwell-guard.com\/is\/wp-json\/wp\/v2\/users\/3"}],"replies":[{"embeddable":true,"href":"https:\/\/iwell-guard.com\/is\/wp-json\/wp\/v2\/comments?post=168915"}],"version-history":[{"count":0,"href":"https:\/\/iwell-guard.com\/is\/wp-json\/wp\/v2\/pages\/168915\/revisions"}],"wp:featuredmedia":[{"embeddable":true,"href":"https:\/\/iwell-guard.com\/is\/wp-json\/wp\/v2\/media\/2857"}],"wp:attachment":[{"href":"https:\/\/iwell-guard.com\/is\/wp-json\/wp\/v2\/media?parent=168915"}],"wp:term":[{"taxonomy":"category","embeddable":true,"href":"https:\/\/iwell-guard.com\/is\/wp-json\/wp\/v2\/categories?post=168915"}],"curies":[{"name":"wp","href":"https:\/\/api.w.org\/{rel}","templated":true}]}}