{"id":168914,"date":"2026-09-05T14:04:01","date_gmt":"2026-09-05T14:04:01","guid":{"rendered":"https:\/\/iwell-guard.com\/?page_id=168914"},"modified":"2026-09-05T14:22:41","modified_gmt":"2026-09-05T14:22:41","slug":"fonikiumenn-og-kartago-baal-tanit","status":"publish","type":"page","link":"https:\/\/iwell-guard.com\/is\/fonikiumenn-og-kartago-baal-tanit\/","title":{"rendered":"F\u00f6nik\u00edumenn og Kar\u00feag\u00f3 \u2013 Baal, Tan\u00edt og verndarhef\u00f0"},"content":{"rendered":"\t\t<div data-elementor-type=\"wp-page\" data-elementor-id=\"168914\" class=\"elementor elementor-168914 elementor-2569 elementor-bc-flex-widget\" data-elementor-post-type=\"page\">\n\t\t\t\t<div class=\"elementor-element elementor-element-iwgcn-phoenizisc-hero iwg-kultur-hero e-flex e-con-boxed e-con e-parent\" data-id=\"iwgcn-phoenizisc-hero\" data-element_type=\"container\" data-e-type=\"container\">\n\t\t\t\t\t<div class=\"e-con-inner\">\n\t\t<div class=\"elementor-element elementor-element-iwgcn-phoenizisc-hl iwg-kultur-hero-left e-flex e-con-boxed e-con e-child\" data-id=\"iwgcn-phoenizisc-hl\" data-element_type=\"container\" data-e-type=\"container\">\n\t\t\t\t\t<div class=\"e-con-inner\">\n\t\t\t\t<div class=\"elementor-element elementor-element-iwgcn-phoenizisc-h1 elementor-widget elementor-widget-heading\" data-id=\"iwgcn-phoenizisc-h1\" data-element_type=\"widget\" data-e-type=\"widget\" data-widget_type=\"heading.default\">\n\t\t\t\t\t<h1 class=\"elementor-heading-title elementor-size-default\">F\u00f6nik\u00edskir gu\u00f0ir, Baal, Astarte og go\u00f0aheimur Kar\u00feag\u00f3<\/h1>\t\t\t\t<\/div>\n\t\t<div class=\"elementor-element elementor-element-iwgcn-phoenizisc-leadc e-con-full e-flex e-con e-child\" data-id=\"iwgcn-phoenizisc-leadc\" data-element_type=\"container\" data-e-type=\"container\">\n\t\t\t\t<div class=\"elementor-element elementor-element-iwgcn-phoenizisc-lead elementor-widget elementor-widget-text-editor\" data-id=\"iwgcn-phoenizisc-lead\" data-element_type=\"widget\" data-e-type=\"widget\" data-widget_type=\"text-editor.default\">\n\t\t\t\t\t\t\t\t\t<p>F\u00f6nik\u00edumenn, \u00edb\u00faar austurstrandar Mi\u00f0jar\u00f0arhafsins (n\u00fa L\u00edbanon, Nor\u00f0ur-\u00cdsrael, S\u00fdrland) fr\u00e1 lokum 2. \u00e1r\u00fe\u00fasunds f.Kr., voru miklir sj\u00f3farendur og kaupmenn <span class=\"iwg-fachbegriff\" data-tooltip=\"T\u00edmabil gr\u00edskrar og r\u00f3mverskrar menningar, um \u00fea\u00f0 bil 800 f.Kr. til 600 e.Kr.\" tabindex=\"0\">fornaldarins<\/span>. N\u00fdlendur \u00feeirra, fyrst og fremst Kar\u00feag\u00f3 (stofnu\u00f0 814 f.Kr.), Gades og Kar\u00feag\u00f3 Nova, breiddu f\u00f6nik\u00edska tr\u00faari\u00f0kun um allt Mi\u00f0jar\u00f0arhafssv\u00e6\u00f0i\u00f0.<\/p><p>Baal, Astarte, Melqart og Tan\u00edt st\u00f3\u00f0u \u00ed mi\u00f0ju d\u00fdrkunar sem tengdi saman siglingar, borgir og konungd\u00f3m.<\/p>\n<p class=\"iwg-kwfix\">F\u00f6nik\u00edska go\u00f0aheimurinn er fyrst og fremst var\u00f0veittur \u00ed gegnum sta\u00f0bundna d\u00fdrkun og n\u00fdlendur eins og Kar\u00feag\u00f3.<\/p>\t\t\t\t\t\t\t\t<\/div>\n\t\t\t\t<\/div>\n\t\t\t\t\t<\/div>\n\t\t\t\t<\/div>\n\t\t<div class=\"elementor-element elementor-element-iwgcn-phoenizisc-hr iwg-kultur-hero-right e-flex e-con-boxed e-con e-child\" data-id=\"iwgcn-phoenizisc-hr\" data-element_type=\"container\" data-e-type=\"container\">\n\t\t\t\t\t<div class=\"e-con-inner\">\n\t\t\t\t<div class=\"elementor-element elementor-element-iwgcn-phoenizisc-himg iwg-hero-image elementor-widget elementor-widget-image\" data-id=\"iwgcn-phoenizisc-himg\" data-element_type=\"widget\" data-e-type=\"widget\" data-widget_type=\"image.default\">\n\t\t\t\t\t\t\t\t\t\t\t\t\t\t\t<img fetchpriority=\"high\" decoding=\"async\" width=\"683\" height=\"1024\" src=\"https:\/\/iwell-guard.com\/wp-content\/uploads\/2026\/05\/goetter_phoenizisch_baal-hadad-683x1024.webp\" class=\"attachment-large size-large wp-image-170812\" alt=\"Baal Hadad - gu\u00f0 \u00far f\u00f6nik\u00edskri hef\u00f0, s\u00f6guleg-myndl\u00fdsandi framsetning\" srcset=\"https:\/\/iwell-guard.com\/wp-content\/uploads\/2026\/05\/goetter_phoenizisch_baal-hadad-683x1024.webp 683w, https:\/\/iwell-guard.com\/wp-content\/uploads\/2026\/05\/goetter_phoenizisch_baal-hadad-200x300.webp 200w, https:\/\/iwell-guard.com\/wp-content\/uploads\/2026\/05\/goetter_phoenizisch_baal-hadad-768x1152.webp 768w, https:\/\/iwell-guard.com\/wp-content\/uploads\/2026\/05\/goetter_phoenizisch_baal-hadad.webp 1024w\" sizes=\"(max-width: 683px) 100vw, 683px\" \/>\t\t\t\t\t\t\t\t\t\t\t\t\t\t\t<\/div>\n\t\t\t\t\t<\/div>\n\t\t\t\t<\/div>\n\t\t\t\t\t<\/div>\n\t\t\t\t<\/div>\n\t\t<div class=\"elementor-element elementor-element-iwgcn-phoenizisc-s0 e-flex e-con-boxed e-con e-parent\" data-id=\"iwgcn-phoenizisc-s0\" data-element_type=\"container\" data-e-type=\"container\">\n\t\t\t\t\t<div class=\"e-con-inner\">\n\t\t\t\t<div class=\"elementor-element elementor-element-iwgcn-phoenizisc-s0h elementor-widget elementor-widget-heading\" data-id=\"iwgcn-phoenizisc-s0h\" data-element_type=\"widget\" data-e-type=\"widget\" data-widget_type=\"heading.default\">\n\t\t\t\t\t<h2 class=\"elementor-heading-title elementor-size-default\">F\u00f6nik\u00eda, borgir og n\u00fdlendur<\/h2>\t\t\t\t<\/div>\n\t\t<div class=\"elementor-element elementor-element-iwgcn-phoenizisc-s0-c e-con-full e-flex e-con e-child\" data-id=\"iwgcn-phoenizisc-s0-c\" data-element_type=\"container\" data-e-type=\"container\">\n\t\t\t\t<div class=\"elementor-element elementor-element-iwgcn-phoenizisc-s0t elementor-widget elementor-widget-text-editor\" data-id=\"iwgcn-phoenizisc-s0t\" data-element_type=\"widget\" data-e-type=\"widget\" data-widget_type=\"text-editor.default\">\n\t\t\t\t\t\t\t\t\t<p>F\u00f6nik\u00edsku borgr\u00edkin, T\u00fdrus, S\u00eddon, Byblos, Arvad, Ber\u00fdtus, voru a\u00f0 mestu sj\u00e1lfst\u00e6\u00f0 konungd\u00e6mi sem sameinu\u00f0 voru af tungum\u00e1li (kanaan\u00edsk-f\u00f6nik\u00edska, sem\u00edska) og menningu. \u00deau stundu\u00f0u \u00fathafsverslun, purpurlitun, glerger\u00f0, timbur- og m\u00e1lmverslun.<\/p><p>N\u00fdlendur \u00feeirra, Kar\u00feag\u00f3, Ut\u00edka, Motya, Tharros, Gades, voru stofna\u00f0ar milli 9. og 7. aldar f.Kr. Kar\u00feag\u00f3 \u00fer\u00f3a\u00f0ist \u00ed st\u00f3rveldi sem lenti \u00ed \u00e1t\u00f6kum vi\u00f0 R\u00f3m \u00ed P\u00fanverjastr\u00ed\u00f0unum og f\u00e9ll \u00e1ri\u00f0 146 f.Kr.<\/p>\n<p class=\"iwg-kwfix\">Go\u00f0aheimur Kar\u00feag\u00f3, m\u00f3ta\u00f0ur af l\u00edb\u00fdsk-p\u00fanverskri dreifb\u00fdlingu, dregur s\u00e9rstaklega fram Baal Hammon og Tan\u00edt og telst \u00e1hrifamesta \u00fatg\u00e1fa f\u00f6nik\u00edsks go\u00f0aheims \u00e1 vestanver\u00f0u Mi\u00f0jar\u00f0arhafssv\u00e6\u00f0inu.<\/p>\t\t\t\t\t\t\t\t<\/div>\n\t\t\t\t<\/div>\n\t\t\t\t\t<\/div>\n\t\t\t\t<\/div>\n\t\t<div class=\"elementor-element elementor-element-iwgcn-phoenizisc-s1 e-flex e-con-boxed e-con e-parent\" data-id=\"iwgcn-phoenizisc-s1\" data-element_type=\"container\" data-e-type=\"container\">\n\t\t\t\t\t<div class=\"e-con-inner\">\n\t\t\t\t<div class=\"elementor-element elementor-element-iwgcn-phoenizisc-s1h elementor-widget elementor-widget-heading\" data-id=\"iwgcn-phoenizisc-s1h\" data-element_type=\"widget\" data-e-type=\"widget\" data-widget_type=\"heading.default\">\n\t\t\t\t\t<h2 class=\"elementor-heading-title elementor-size-default\">Go\u00f0aheimur, Baal, Astarte, Melqart, Eshmun<\/h2>\t\t\t\t<\/div>\n\t\t<div class=\"elementor-element elementor-element-iwgcn-phoenizisc-s1-c e-con-full e-flex e-con e-child\" data-id=\"iwgcn-phoenizisc-s1-c\" data-element_type=\"container\" data-e-type=\"container\">\n\t\t\t\t<div class=\"elementor-element elementor-element-iwgcn-phoenizisc-s1t elementor-widget elementor-widget-text-editor\" data-id=\"iwgcn-phoenizisc-s1t\" data-element_type=\"widget\" data-e-type=\"widget\" data-widget_type=\"text-editor.default\">\n\t\t\t\t\t\t\t\t\t<p>Baal (upphaflega \u201eherra\u201c) er ekki einn einstakur gu\u00f0 heldur titill: Baal Shamim (himinn), Baal Hadad (ve\u00f0ur), Baal Hammon (Kar\u00feag\u00f3), Baal Melqart (T\u00fdrus). Astarte er mikilv\u00e6gasta gy\u00f0jan, \u00e1stin, frj\u00f3semi, str\u00ed\u00f0, me\u00f0 eigi\u00f0 <span class=\"iwg-fachbegriff\" data-tooltip=\"Bygging sem er notu\u00f0 til a\u00f0 tilbi\u00f0ja eina e\u00f0a fleiri gu\u00f0ir.\" tabindex=\"0\">hof<\/span> \u00ed S\u00eddon og Aphaka.<\/p><p>Melqart (upphaflega Milk-Qart, \u201ekonungur borgarinnar\u201c) er verndargu\u00f0 T\u00fdrusar, tengdur vor-upprisuath\u00f6fn. Eshmun \u00ed S\u00eddon er l\u00e6knisgu\u00f0, <span class=\"iwg-fachbegriff\" data-tooltip=\"Helgur sta\u00f0ur tileinka\u00f0ur tilbei\u00f0slu gu\u00f0s.\" tabindex=\"0\">helgista\u00f0ur<\/span> hans vi\u00f0 Bostan e\u0161-\u0160\u0113h var mikill p\u00edlagr\u00edmasta\u00f0ur. \u00cd Kar\u00feag\u00f3 kemur Tan\u00edt fram sem \u201eandlit Baals\u201c jafnsett Baal Hammon.<\/p>\n<p class=\"iwg-kwfix\">\u00c1 vestanver\u00f0u Mi\u00f0jar\u00f0arhafi var \u00fea\u00f0 fyrst og fremst Kar\u00feag\u00f3 sem m\u00f3ta\u00f0i mynd f\u00f6nik\u00edska go\u00f0aheimsins: l\u00edb\u00fdsk-p\u00fanverska dreifb\u00fdlingin setti Baal Hammon og Tan\u00edt \u00ed mi\u00f0ju d\u00fdrkunar sinnar.<\/p>\t\t\t\t\t\t\t\t<\/div>\n\t\t\t\t<\/div>\n\t\t\t\t\t<\/div>\n\t\t\t\t<\/div>\n\t\t<div class=\"elementor-element elementor-element-iwgcn-phoenizisc-s2 e-flex e-con-boxed e-con e-parent\" data-id=\"iwgcn-phoenizisc-s2\" data-element_type=\"container\" data-e-type=\"container\">\n\t\t\t\t\t<div class=\"e-con-inner\">\n\t\t\t\t<div class=\"elementor-element elementor-element-iwgcn-phoenizisc-s2h elementor-widget elementor-widget-heading\" data-id=\"iwgcn-phoenizisc-s2h\" data-element_type=\"widget\" data-e-type=\"widget\" data-widget_type=\"heading.default\">\n\t\t\t\t\t<h2 class=\"elementor-heading-title elementor-size-default\">Tan\u00edt, Baal Hammon og Tofet<\/h2>\t\t\t\t<\/div>\n\t\t<div class=\"elementor-element elementor-element-iwgcn-phoenizisc-s2-c e-con-full e-flex e-con e-child\" data-id=\"iwgcn-phoenizisc-s2-c\" data-element_type=\"container\" data-e-type=\"container\">\n\t\t\t\t<div class=\"elementor-element elementor-element-iwgcn-phoenizisc-s2t elementor-widget elementor-widget-text-editor\" data-id=\"iwgcn-phoenizisc-s2t\" data-element_type=\"widget\" data-e-type=\"widget\" data-widget_type=\"text-editor.default\">\n\t\t\t\t\t\t\t\t\t<p>\u00cd Kar\u00feag\u00f3 var\u00f0 Tan\u00edt (Tan\u00edt Pene Baal) a\u00f0 \u00e6\u00f0stu gy\u00f0junni. <span class=\"iwg-fachbegriff\" data-tooltip=\"Merki sem stendur fyrir hugmynd e\u00f0a merkingu.\" tabindex=\"0\">T\u00e1kn<\/span> hennar, st\u00edlf\u00e6r\u00f0 kvenkynsmynd me\u00f0 uppr\u00e9ttum \u00f6rmum, \u00fer\u00edhyrningslaga bol og hringlaga h\u00f6fu\u00f0, pr\u00fdddi steinst\u00f6llar, m\u00f3sa\u00edk og hengiskartgripi.<\/p><p>Tofet-sv\u00e6\u00f0in \u00ed Kar\u00feag\u00f3, Motya og \u00f6\u00f0rum p\u00fanverskum n\u00fdlendum eru grafreitir fyrir ungb\u00f6rn og sm\u00e1b\u00f6rn me\u00f0 \u00e1letrunum sem sta\u00f0festa <span class=\"iwg-fachbegriff\" data-tooltip=\"Gj\u00f6f til gu\u00f0s til a\u00f0 tj\u00e1 \u00feakkl\u00e6ti, b\u00f3n e\u00f0a tilbei\u00f0slu.\" tabindex=\"0\">f\u00f3rnir<\/span> til Tan\u00edt og Baal Hammon. Spurningin um hvort barnsf\u00f3rnir (mlk) voru raunverulega framkv\u00e6mdar e\u00f0a hvort steinst\u00f6llarnir minnast l\u00e1tinna barna er tr\u00faarbrag\u00f0afr\u00e6\u00f0ilega deiluefni.<\/p>\t\t\t\t\t\t\t\t<\/div>\n\t\t\t\t<\/div>\n\t\t\t\t\t<\/div>\n\t\t\t\t<\/div>\n\t\t<div class=\"elementor-element elementor-element-iwgcn-phoenizisc-s3 e-flex e-con-boxed e-con e-parent\" data-id=\"iwgcn-phoenizisc-s3\" data-element_type=\"container\" data-e-type=\"container\">\n\t\t\t\t\t<div class=\"e-con-inner\">\n\t\t\t\t<div class=\"elementor-element elementor-element-iwgcn-phoenizisc-s3h elementor-widget elementor-widget-heading\" data-id=\"iwgcn-phoenizisc-s3h\" data-element_type=\"widget\" data-e-type=\"widget\" data-widget_type=\"heading.default\">\n\t\t\t\t\t<h2 class=\"elementor-heading-title elementor-size-default\">Go\u00f0afr\u00e6\u00f0i, \u00dagar\u00edt-textarnir sem lykill<\/h2>\t\t\t\t<\/div>\n\t\t<div class=\"elementor-element elementor-element-iwgcn-phoenizisc-s3-c e-con-full e-flex e-con e-child\" data-id=\"iwgcn-phoenizisc-s3-c\" data-element_type=\"container\" data-e-type=\"container\">\n\t\t\t\t<div class=\"elementor-element elementor-element-iwgcn-phoenizisc-s3t elementor-widget elementor-widget-text-editor\" data-id=\"iwgcn-phoenizisc-s3t\" data-element_type=\"widget\" data-e-type=\"widget\" data-widget_type=\"text-editor.default\">\n\t\t\t\t\t\t\t\t\t<p>F\u00f6nik\u00edska <span class=\"iwg-fachbegriff\" data-tooltip=\"Heild var\u00f0veittra gu\u00f0sagna \u00ed menningu.\" tabindex=\"0\">go\u00f0afr\u00e6\u00f0in<\/span> er a\u00f0eins var\u00f0veitt \u00ed brotum (F\u00edl\u00f3 fr\u00e1 Byblos, tilvitnanir Evseb\u00edosar). Lykilheimildin er hi\u00f0 n\u00e1tengda \u00dagar\u00edt (Ras Shamra, 14. \u00f6ld f.Kr.), \u00fear fundust leirt\u00f6flur sem var\u00f0veita Baal-hringr\u00e1sina: bardaga Baals vi\u00f0 hafgu\u00f0inn Yam, vi\u00f0 dau\u00f0agu\u00f0inn Mot, dau\u00f0a hans og upprisu.<\/p><p>\u00deessar sagnir m\u00f3ta bakgrunnshugmyndir Hebresku bibl\u00edunnar (\u00fear sem Baal kemur fram sem samkeppnisa\u00f0ili JHVH) og s\u00ed\u00f0ari Adonis-go\u00f0sagna.<\/p>\t\t\t\t\t\t\t\t<\/div>\n\t\t\t\t<\/div>\n\t\t\t\t\t<\/div>\n\t\t\t\t<\/div>\n\t\t<div class=\"elementor-element elementor-element-iwgcn-phoenizisc-s4 e-flex e-con-boxed e-con e-parent\" data-id=\"iwgcn-phoenizisc-s4\" data-element_type=\"container\" data-e-type=\"container\">\n\t\t\t\t\t<div class=\"e-con-inner\">\n\t\t\t\t<div class=\"elementor-element elementor-element-iwgcn-phoenizisc-s4h elementor-widget elementor-widget-heading\" data-id=\"iwgcn-phoenizisc-s4h\" data-element_type=\"widget\" data-e-type=\"widget\" data-widget_type=\"heading.default\">\n\t\t\t\t\t<h2 class=\"elementor-heading-title elementor-size-default\">Verndargripir, augu, hendur, Tan\u00edt-t\u00e1kn<\/h2>\t\t\t\t<\/div>\n\t\t<div class=\"elementor-element elementor-element-iwgcn-phoenizisc-s4-c e-con-full e-flex e-con e-child\" data-id=\"iwgcn-phoenizisc-s4-c\" data-element_type=\"container\" data-e-type=\"container\">\n\t\t\t\t<div class=\"elementor-element elementor-element-iwgcn-phoenizisc-s4t elementor-widget elementor-widget-text-editor\" data-id=\"iwgcn-phoenizisc-s4t\" data-element_type=\"widget\" data-e-type=\"widget\" data-widget_type=\"text-editor.default\">\n\t\t\t\t\t\t\t\t\t<p>F\u00f6nik\u00edumenn og Kar\u00feag\u00f3b\u00faar unnu f\u00ednlega \u00ed glerger\u00f0 og gullsm\u00ed\u00f0i og framleiddu verndarhengi \u00ed mikilli fj\u00f6lbreytni: augna-verndargripi (fyrirrennara n\u00fat\u00edma Nazar-Boncuk), handar-verndargripi (fyrirrennara Hamsa), Tan\u00edt-<span class=\"iwg-fachbegriff\" data-tooltip=\"Merki sem stendur fyrir hugmynd e\u00f0a merkingu.\" tabindex=\"0\">t\u00e1kn<\/span>-hengi, skarab\u00e9ur (undir egypskum \u00e1hrifum), Bes-styttur (einnig innfluttar fr\u00e1 Egyptalandi), h\u00e1lfm\u00e1na-hengi (lunulae). \u00datbrei\u00f0sla f\u00f6nik\u00edskra verndargripa milli menningarheima er gr\u00ed\u00f0arleg, fr\u00e1 Sp\u00e1ni til Mes\u00f3p\u00f3tam\u00edu.<\/p>\t\t\t\t\t\t\t\t<\/div>\n\t\t\t\t<\/div>\n\t\t\t\t\t<\/div>\n\t\t\t\t<\/div>\n\t\t<div class=\"elementor-element elementor-element-x-phoenizisch-s-faq e-flex e-con-boxed e-con e-parent\" data-id=\"x-phoenizisch-s-faq\" data-element_type=\"container\" data-e-type=\"container\">\n\t\t\t\t\t<div class=\"e-con-inner\">\n\t\t\t\t<div class=\"elementor-element elementor-element-x-phoenizisch-h-faq elementor-widget elementor-widget-heading\" data-id=\"x-phoenizisch-h-faq\" data-element_type=\"widget\" data-e-type=\"widget\" data-widget_type=\"heading.default\">\n\t\t\t\t\t<h2 class=\"elementor-heading-title elementor-size-default\">Algengar spurningar um f\u00f6nik\u00edska gu\u00f0i<\/h2>\t\t\t\t<\/div>\n\t\t<div class=\"elementor-element elementor-element-iwgcn-phoenizisc-s4-c e-con-full e-flex e-con e-child\" data-id=\"iwgcn-phoenizisc-s4-c\" data-element_type=\"container\" data-e-type=\"container\">\n\t\t\t\t<div class=\"elementor-element elementor-element-x-phoenizisch-t-faq elementor-widget elementor-widget-text-editor\" data-id=\"x-phoenizisch-t-faq\" data-element_type=\"widget\" data-e-type=\"widget\" data-widget_type=\"text-editor.default\">\n\t\t\t\t\t\t\t\t\t<h3>Hversu margir f\u00f6nik\u00edskir gu\u00f0ir eru til?<\/h3>\n<p>Um 30-40 gu\u00f0ir me\u00f0 n\u00f6fnum eru kunnir \u00far f\u00f6nik\u00edsk-kanaan\u00edskum heimildum, best skjalfestir \u00ed Ugarit-textunum (13. \u00f6ld f.Kr.) og bibl\u00edulegum tilv\u00edsunum. Helstu gu\u00f0ir eru El (fa\u00f0irinn), Baal (\u00ferumusonurinn), Aserah (m\u00f3\u00f0irin), Astarte\/Anat (\u00e1st\/str\u00ed\u00f0), Melkart (konungsgu\u00f0 borgar), Eshmun (heilun), Yamm (haf-ringulrei\u00f0), Mot (dau\u00f0inn).<\/p>\n<h3>Hver er Baal \u00ed Bibl\u00edunni?<\/h3>\n<p>Baal er \u00ed hebresku Bibl\u00edunni a\u00f0al andst\u00e6\u00f0ingur Jahve, og \u00edsraelskir sp\u00e1menn berjast gegn d\u00fdrkun hans. \u00deekktasta atviki\u00f0 er kappleikurinn \u00e1 Karmelfjalli (1. Konungab\u00f3k 18), \u00fear sem El\u00eda sigrar 450 Baal-presta. \u00cd N\u00fdja testamentinu var\u00f0 Beelseb\u00fab (Baal-Zebul) samheiti vi\u00f0 dj\u00f6fulinn.<\/p>\n<h3>Hverjir voru F\u00f6nik\u00edumenn?<\/h3>\n<p>F\u00f6nik\u00edumenn voru sem\u00edsk sj\u00f3fara\u00fej\u00f3\u00f0 vi\u00f0 austanver\u00f0u Mi\u00f0jar\u00f0arhafi (n\u00fa L\u00edbanon, S\u00fdrland, str\u00f6nd \u00cdsraels), me\u00f0 borgr\u00edkjum eins og T\u00fdrus, S\u00eddon og Byblos. \u00deeir stofnu\u00f0u Kar\u00feag\u00f3 (\u00ed n\u00faverandi T\u00fanis, 814 f.Kr.), sem var\u00f0 a\u00f0 mi\u00f0jar\u00f0arhafsveldi \u00fear til R\u00f3m eyddi \u00fev\u00ed 146 f.Kr. \u00deeir eru upphafsmenn f\u00f6nik\u00edska stafr\u00f3fsins, fyrirmyndar gr\u00edska, latneska, hebreska og arab\u00edska stafr\u00f3fsins.<\/p>\n<h3>Hva\u00f0 er Tophet?<\/h3>\n<p>Tophet (hebr. tromma) voru f\u00f6nik\u00edsk-kar\u00feag\u00edsk helgista\u00f0ir \u00fear sem b\u00f6rnum var f\u00f3rna\u00f0, a\u00f0allega \u00ed Molk-si\u00f0um til Baal Hammon. Fornleifafundir fr\u00e1 Kar\u00feag\u00f3, Sardin\u00edu og Sikiley s\u00fdna tug\u00fe\u00fasundir \u00f6skukera ungbarna. I\u00f0kunin er tr\u00faarfr\u00e6\u00f0ilega deiluefni, sumir sj\u00e1 barnadau\u00f0at\u00ed\u00f0ni, a\u00f0rir sanna <span class=\"iwg-fachbegriff\" data-tooltip=\"Gj\u00f6f til gu\u00f0s e\u00f0a gy\u00f0ju til a\u00f0 l\u00e1ta \u00ed lj\u00f3s \u00fe\u00f6kk, b\u00f3n e\u00f0a d\u00fdrkun.\" tabindex=\"0\">f\u00f3rn<\/span>. Hebreska Bibl\u00edan ford\u00e6mir i\u00f0kunina (3. M\u00f3seb\u00f3k 18:21) og nefnir Hinnom-dalinn \u00ed Jer\u00fasalem sem Tophet.<\/p>\n<script type=\"application\/ld+json\">{\"@context\":\"https:\/\/schema.org\",\"@type\":\"FAQPage\",\"mainEntity\":[{\"@type\":\"Question\",\"name\":\"Hversu margir f\u00f6nik\u00edskir gu\u00f0ir eru til?\",\"acceptedAnswer\":{\"@type\":\"Answer\",\"text\":\"Um 30-40 gu\u00f0ir me\u00f0 n\u00f6fnum eru kunnir \u00far f\u00f6nik\u00edsk-kanaan\u00edskum heimildum, best skjalfestir \u00ed Ugarit-textunum (13. \u00f6ld f.Kr.) og bibl\u00edulegum tilv\u00edsunum. Helstu gu\u00f0ir eru El (fa\u00f0irinn), Baal (\u00ferumusonurinn), Aserah (m\u00f3\u00f0irin), Astarte\/Anat (\u00e1st\/str\u00ed\u00f0), Melkart (konungsgu\u00f0 borgar), Eshmun (heilun), Yamm (haf-ringulrei\u00f0), Mot (dau\u00f0inn).\"}},{\"@type\":\"Question\",\"name\":\"Hver er Baal \u00ed Bibl\u00edunni?\",\"acceptedAnswer\":{\"@type\":\"Answer\",\"text\":\"Baal er \u00ed hebresku Bibl\u00edunni a\u00f0al andst\u00e6\u00f0ingur Jahve, og \u00edsraelskir sp\u00e1menn berjast gegn d\u00fdrkun hans. \u00deekktasta atviki\u00f0 er kappleikurinn \u00e1 Karmelfjalli (1. Konungab\u00f3k 18), \u00fear sem El\u00eda sigrar 450 Baal-presta. \u00cd N\u00fdja testamentinu var\u00f0 Beelseb\u00fab (Baal-Zebul) samheiti vi\u00f0 dj\u00f6fulinn.\"}},{\"@type\":\"Question\",\"name\":\"Hverjir voru F\u00f6nik\u00edumenn?\",\"acceptedAnswer\":{\"@type\":\"Answer\",\"text\":\"F\u00f6nik\u00edumenn voru sem\u00edsk sj\u00f3fara\u00fej\u00f3\u00f0 vi\u00f0 austanver\u00f0u Mi\u00f0jar\u00f0arhafi (n\u00fa L\u00edbanon, S\u00fdrland, str\u00f6nd \u00cdsraels), me\u00f0 borgr\u00edkjum eins og T\u00fdrus, S\u00eddon og Byblos. \u00deeir stofnu\u00f0u Kar\u00feag\u00f3 (\u00ed n\u00faverandi T\u00fanis, 814 f.Kr.), sem var\u00f0 a\u00f0 mi\u00f0jar\u00f0arhafsveldi \u00fear til R\u00f3m eyddi \u00fev\u00ed 146 f.Kr. \u00deeir eru upphafsmenn f\u00f6nik\u00edska stafr\u00f3fsins, fyrirmyndar gr\u00edska, latneska, hebreska og arab\u00edska stafr\u00f3fsins.\"}},{\"@type\":\"Question\",\"name\":\"Hva\u00f0 er Tophet?\",\"acceptedAnswer\":{\"@type\":\"Answer\",\"text\":\"Tophet (hebr. tromma) voru f\u00f6nik\u00edsk-kar\u00feag\u00edsk helgista\u00f0ir \u00fear sem b\u00f6rnum var f\u00f3rna\u00f0, a\u00f0allega \u00ed Molk-si\u00f0um til Baal Hammon. Fornleifafundir fr\u00e1 Kar\u00feag\u00f3, Sardin\u00edu og Sikiley s\u00fdna tug\u00fe\u00fasundir \u00f6skukera ungbarna. I\u00f0kunin er v\u00edsindalega deiluefni, sumir sj\u00e1 barnadau\u00f0at\u00ed\u00f0ni, a\u00f0rir sanna f\u00f3rn. Hebreska Bibl\u00edan ford\u00e6mir i\u00f0kunina (3. M\u00f3seb\u00f3k 18:21) og nefnir Hinnom-dalinn \u00ed Jer\u00fasalem sem Tophet.\"}}]}<\/script>\t\t\t\t\t\t\t\t<\/div>\n\t\t\t\t<\/div>\n\t\t\t\t\t<\/div>\n\t\t\t\t<\/div>\n\t\t<div class=\"elementor-element elementor-element-iwgcn-phoenizisc-s5 e-flex e-con-boxed e-con e-parent\" data-id=\"iwgcn-phoenizisc-s5\" data-element_type=\"container\" data-e-type=\"container\">\n\t\t\t\t\t<div class=\"e-con-inner\">\n\t\t\t\t<div class=\"elementor-element elementor-element-iwgcn-phoenizisc-s5h elementor-widget elementor-widget-heading\" data-id=\"iwgcn-phoenizisc-s5h\" data-element_type=\"widget\" data-e-type=\"widget\" data-widget_type=\"heading.default\">\n\t\t\t\t\t<h2 class=\"elementor-heading-title elementor-size-default\">Umbreytingar, p\u00fanverska, n\u00fdp\u00fanverska, kristni<\/h2>\t\t\t\t<\/div>\n\t\t<div class=\"elementor-element elementor-element-iwgcn-phoenizisc-s5-c e-con-full e-flex e-con e-child\" data-id=\"iwgcn-phoenizisc-s5-c\" data-element_type=\"container\" data-e-type=\"container\">\n\t\t\t\t<div class=\"elementor-element elementor-element-iwgcn-phoenizisc-s5t elementor-widget elementor-widget-text-editor\" data-id=\"iwgcn-phoenizisc-s5t\" data-element_type=\"widget\" data-e-type=\"widget\" data-widget_type=\"text-editor.default\">\n\t\t\t\t\t\t\t\t\t<p>Eftir 146 f.o.t. lif\u00f0u p\u00fanverska tungum\u00e1li\u00f0 og tr\u00faarbr\u00f6g\u00f0in \u00e1fram \u00ed r\u00f3mverskum h\u00e9ru\u00f0um Afr\u00edku og Hispan\u00edu (\u00e1letranir var\u00f0veittar fram \u00e1 5. \u00f6ld). Sat\u00farnusd\u00fdrkun \u00ed r\u00f3mversku Nor\u00f0ur-Afr\u00edku er \u00e1framhald af Baal Hammon-d\u00fdrkuninni. \u00c1g\u00fast\u00ednus fr\u00e1 Hipp\u00f3 (354, 430), sem var m\u00f3ta\u00f0ur af Nor\u00f0ur-Afr\u00edku, kynntist p\u00fanverskri hef\u00f0 enn pers\u00f3nulega. Mi\u00f0jar\u00f0arhafshef\u00f0 <span class=\"iwg-fachbegriff\" data-tooltip=\"A\u00f0fer\u00f0ir sem reyna me\u00f0 s\u00e9rst\u00f6kum ath\u00f6fnum e\u00f0a form\u00falum a\u00f0 hafa \u00e1hrif \u00e1 atbur\u00f0ar\u00e1s.\" tabindex=\"0\">galdra<\/span> (b\u00f6lvunart\u00f6flur, \u00e1star- og ska\u00f0agaldrar) hefur sterkar p\u00fanverskar r\u00e6tur.<\/p>\t\t\t\t\t\t\t\t<\/div>\n\t\t\t\t<\/div>\n\t\t\t\t\t<\/div>\n\t\t\t\t<\/div>\n\t\t<div class=\"elementor-element elementor-element-iwgcn-phoenizisc-s6 e-flex e-con-boxed e-con e-parent\" data-id=\"iwgcn-phoenizisc-s6\" data-element_type=\"container\" data-e-type=\"container\">\n\t\t\t\t\t<div class=\"e-con-inner\">\n\t\t\t\t<div class=\"elementor-element elementor-element-iwgcn-phoenizisc-s6h elementor-widget elementor-widget-heading\" data-id=\"iwgcn-phoenizisc-s6h\" data-element_type=\"widget\" data-e-type=\"widget\" data-widget_type=\"heading.default\">\n\t\t\t\t\t<h2 class=\"elementor-heading-title elementor-size-default\">Heimildasta\u00f0a og ranns\u00f3knir<\/h2>\t\t\t\t<\/div>\n\t\t<div class=\"elementor-element elementor-element-iwgcn-phoenizisc-s6-c e-con-full e-flex e-con e-child\" data-id=\"iwgcn-phoenizisc-s6-c\" data-element_type=\"container\" data-e-type=\"container\">\n\t\t\t\t<div class=\"elementor-element elementor-element-iwgcn-phoenizisc-s6t elementor-widget elementor-widget-text-editor\" data-id=\"iwgcn-phoenizisc-s6t\" data-element_type=\"widget\" data-e-type=\"widget\" data-widget_type=\"text-editor.default\">\n\t\t\t\t\t\t\t\t\t<p>F\u00f6nik\u00edskir upprunatextar eru stuttar \u00e1letranir, mikilv\u00e6gastar eru Ahiram-sark\u00f3fagurinn (Byblos), Pyrgi-t\u00f6flurnar (\u00ed Etr\u00far\u00edu, \u00e1 \u00feremur tungum\u00e1lum), og steins\u00falur fr\u00e1 Kar\u00feag\u00f3. Mikilv\u00e6g n\u00fat\u00edmaverk: Sabatino Moscati <em>The Phoenicians<\/em>, Maria Eugenia Aubet <em>The Phoenicians and the West<\/em>, Glenn Markoe. Tr\u00faarlegir \u00fe\u00e6ttir hj\u00e1 Corinne Bonnet, Paolo Xella.<\/p>\t\t\t\t\t\t\t\t<\/div>\n\t\t\t\t<\/div>\n\t\t\t\t\t<\/div>\n\t\t\t\t<\/div>\n\t\t<div class=\"elementor-element elementor-element-cp291034c7 e-flex e-con-boxed e-con e-parent\" data-id=\"cp291034c7\" data-element_type=\"container\" data-e-type=\"container\">\n\t\t\t\t\t<div class=\"e-con-inner\">\n\t\t\t\t<div class=\"elementor-element elementor-element-cp266d058f elementor-widget elementor-widget-heading\" data-id=\"cp266d058f\" data-element_type=\"widget\" data-e-type=\"widget\" data-widget_type=\"heading.default\">\n\t\t\t\t\t<h2 class=\"elementor-heading-title elementor-size-default\">Borgr\u00edkin og \u00feeirra eigin borgargu\u00f0ir<\/h2>\t\t\t\t<\/div>\n\t\t<div class=\"elementor-element elementor-element-cp242aeac8 e-flex e-con-boxed e-con e-child\" data-id=\"cp242aeac8\" data-element_type=\"container\" data-e-type=\"container\">\n\t\t\t\t\t<div class=\"e-con-inner\">\n\t\t\t\t<div class=\"elementor-element elementor-element-cp22b444d8 elementor-widget elementor-widget-text-editor\" data-id=\"cp22b444d8\" data-element_type=\"widget\" data-e-type=\"widget\" data-widget_type=\"text-editor.default\">\n\t\t\t\t\t\t\t\t\t<p>F\u00f6nik\u00edska tr\u00fain ver\u00f0ur ekki l\u00fdst sem eitt heildst\u00e6tt kerfi, \u00fev\u00ed F\u00f6nik\u00edumenn mynda\u00f0u aldrei sameina\u00f0 r\u00edki. \u00deeir skipul\u00f6g\u00f0u sig \u00ed sj\u00e1lfst\u00e6\u00f0um borgr\u00edkjum vi\u00f0 Levantstr\u00f6ndina, a\u00f0allega Byblos, S\u00eddon, T\u00fdrus og Arados. Hver borg haf\u00f0i s\u00edna eigin gu\u00f0askipan, \u00fear sem oft var gu\u00f0apar \u00far verndargu\u00f0i og gy\u00f0ju \u00ed forgrunni.<\/p><p>\u00cd Byblos, elstu borginni, var Fr\u00fain af Byblos \u00ed brennidepli, gy\u00f0ja sem gr\u00edskir \u00e1horfendur settu til jafns vi\u00f0 s\u00edna eigin \u00e1stargy\u00f0ju. \u00cd S\u00eddon voru <a href=\"https:\/\/iwell-guard.com\/is\/?page_id=168974\">Eshmun<\/a>, heilunargu\u00f0, og gy\u00f0jan Astarte \u00ed fararbroddi; Eshmun-<span class=\"iwg-fachbegriff\" data-tooltip=\"Helgur sta\u00f0ur sem er v\u00edg\u00f0ur d\u00fdrkun gu\u00f0s e\u00f0a gy\u00f0ju.\" tabindex=\"0\">helgista\u00f0urinn<\/span> n\u00e1l\u00e6gt S\u00eddon er einn af f\u00e1um vel var\u00f0veittum f\u00f6nik\u00edskum helgist\u00f6\u00f0um.<\/p><p>T\u00fdrus d\u00fdrka\u00f0i <a href=\"https:\/\/iwell-guard.com\/is\/?page_id=168970\">Melqart<\/a>, en nafn hans \u00fe\u00fd\u00f0ir b\u00f3kstaflega konungur borgarinnar og var n\u00e1i\u00f0 tengt konungsfj\u00f6lskyldunni. <span class=\"iwg-fachbegriff\" data-tooltip=\"\u00d6ll tr\u00faarleg d\u00fdrkunarath\u00e6fi sem tengjast gu\u00f0i e\u00f0a heilagri veru.\" tabindex=\"0\">D\u00fdrkun<\/span> hans f\u00f3l \u00ed s\u00e9r \u00e1rlega h\u00e1t\u00ed\u00f0 \u00fear sem upprisa gu\u00f0sins var haldin h\u00e1t\u00ed\u00f0leg.<\/p><p>\u00deessi borgarbinding gu\u00f0anna \u00fatsk\u00fdrir hvers vegna \u00fat\u00feensla F\u00f6nik\u00edumanna um Mi\u00f0jar\u00f0arhafi\u00f0 var einnig tr\u00faarleg \u00fatbrei\u00f0sla. Landnemar b\u00e1ru me\u00f0 s\u00e9r <span class=\"iwg-fachbegriff\" data-tooltip=\"\u00d6ll tr\u00faarleg d\u00fdrkunarath\u00e6fi sem tengjast gu\u00f0i e\u00f0a heilagri veru.\" tabindex=\"0\">d\u00fdrkun<\/span> m\u00f3\u00f0urborgar sinnar. Melqart fr\u00e1 T\u00fdrus var\u00f0 \u00feannig a\u00f0algu\u00f0 Kar\u00feag\u00f3 og var d\u00fdrka\u00f0ur alla lei\u00f0 til Gades \u00e1 n\u00faverandi Sp\u00e1ni.<\/p><p>Tr\u00faars\u00f6guleg ranns\u00f3kn, me\u00f0al annars verk Corinne Bonnet, hefur s\u00fdnt a\u00f0 \u00feessir gu\u00f0ir h\u00e9ldust ekki \u00f3breyttir, heldur a\u00f0l\u00f6gu\u00f0ust hverju sta\u00f0bundnu umhverfi.<\/p>\t\t\t\t\t\t\t\t<\/div>\n\t\t\t\t\t<\/div>\n\t\t\t\t<\/div>\n\t\t\t\t\t<\/div>\n\t\t\t\t<\/div>\n\t\t<div class=\"elementor-element elementor-element-cp2eb921f8 e-flex e-con-boxed e-con e-parent\" data-id=\"cp2eb921f8\" data-element_type=\"container\" data-e-type=\"container\">\n\t\t\t\t\t<div class=\"e-con-inner\">\n\t\t\t\t<div class=\"elementor-element elementor-element-cp26c47128 elementor-widget elementor-widget-heading\" data-id=\"cp26c47128\" data-element_type=\"widget\" data-e-type=\"widget\" data-widget_type=\"heading.default\">\n\t\t\t\t\t<h2 class=\"elementor-heading-title elementor-size-default\">Erfi\u00f0 heimildasta\u00f0a og gl\u00f6tun f\u00f6nik\u00edskra b\u00f3kmennta<\/h2>\t\t\t\t<\/div>\n\t\t<div class=\"elementor-element elementor-element-cp2e1fe3e8 e-flex e-con-boxed e-con e-child\" data-id=\"cp2e1fe3e8\" data-element_type=\"container\" data-e-type=\"container\">\n\t\t\t\t\t<div class=\"e-con-inner\">\n\t\t\t\t<div class=\"elementor-element elementor-element-cp20c4e10a elementor-widget elementor-widget-text-editor\" data-id=\"cp20c4e10a\" data-element_type=\"widget\" data-e-type=\"widget\" data-widget_type=\"text-editor.default\">\n\t\t\t\t\t\t\t\t\t<p>Endursk\u00f6pun f\u00f6nik\u00edskra tr\u00faarbrag\u00f0a \u00fej\u00e1ist af grundvallarvanda. F\u00f6nik\u00edumenn skrifu\u00f0u \u00e1 pap\u00fdrus, sem hefur ekki var\u00f0veist \u00ed r\u00f6ku strandloftslagi. Eigin tr\u00faarleg b\u00f3kmenntahef\u00f0, hafi h\u00fan veri\u00f0 umfangsmikil, er \u00fev\u00ed a\u00f0 mestu leyti gl\u00f6tu\u00f0. \u00dea\u00f0 sem eftir er, eru \u00e1letranir \u00e1 varanlegu efni, fyrst og fremst v\u00edgslu\u00e1letranir, legsteins\u00e1letranir og byggingar\u00e1letranir \u00e1 steini og m\u00e1lmi.<\/p><p>\u00deessar \u00e1letranir eru formfastar og stuttar. \u00de\u00e6r nefna gu\u00f0an\u00f6fn, gefendur og tilefni, en veita litla vitneskju um go\u00f0s\u00f6gur e\u00f0a tr\u00faarl\u00e6rd\u00f3ma.<\/p><p>Mikilv\u00e6gasti langi textinn er \u00e1 sark\u00f3faga konungsins Eshm\u00fanasars af S\u00eddon, \u00fear sem <span class=\"iwg-fachbegriff\" data-tooltip=\"Texti sem er ristur e\u00f0a h\u00f6ggvinn \u00ed fastan bur\u00f0arefni.\" tabindex=\"0\">\u00e1letrunin<\/span> hefur b\u00f6lb\u00e6nir gegn grafarr\u00e6ningjum og uppl\u00fdsingar um musterisstyrki. Fr\u00e1 n\u00fdlendunum, s\u00e9rstaklega Kar\u00feag\u00f3, koma \u00fe\u00fasundir v\u00edgslusteina, sem eru samt einnig samdir eftir f\u00f6stu mynstri.<\/p><p>Fyrir go\u00f0s\u00f6gur og <span class=\"iwg-fachbegriff\" data-tooltip=\"Fr\u00e6\u00f0ileg kenning um gu\u00f0 og tr\u00fa innan tr\u00faarbrag\u00f0a.\" tabindex=\"0\">gu\u00f0fr\u00e6\u00f0i<\/span> ver\u00f0um vi\u00f0 a\u00f0 rei\u00f0a okkur \u00e1 fr\u00e1sagnir utan fr\u00e1. Mikilv\u00e6gust er hin svokalla\u00f0a F\u00f6nik\u00edska sagan eftir F\u00edlon fr\u00e1 Byblos, sem var\u00f0veitt er a\u00f0eins \u00ed brotum hj\u00e1 kirkjufe\u00f0urnum Evseb\u00edosi. F\u00edlon v\u00edsa\u00f0i til eldri h\u00f6fundar a\u00f0 nafni Sanchuniathon.<\/p><p>Hversu \u00e1rei\u00f0anleg \u00feessi <span class=\"iwg-fachbegriff\" data-tooltip=\"Mi\u00f0lun \u00feekkingar og fr\u00e1sagna milli kynsl\u00f3\u00f0a.\" tabindex=\"0\">munnm\u00e6lahef\u00f0<\/span> er, hefur lengi veri\u00f0 umdeilt \u00ed fr\u00e6\u00f0unum, s\u00e9rstaklega \u00fear sem F\u00edlon skrifa\u00f0i \u00e1 t\u00edmum r\u00f3mverska keisaraveldisins og t\u00falka\u00f0i efni sitt \u00e1 gr\u00edskan h\u00e1tt. Fundir fr\u00e1 Ugar\u00edt \u00ed Nor\u00f0ur-S\u00fdrlandi, borg sem er tengd en eldri og ekki eiginlega f\u00f6nik\u00edsk, gefa d\u00fdrm\u00e6t hli\u00f0st\u00e6\u00f0 d\u00e6mi, en m\u00e1 ekki yfirf\u00e6ra \u00f3athuga\u00f0 \u00e1 F\u00f6nik\u00edumenn.<\/p>\t\t\t\t\t\t\t\t<\/div>\n\t\t\t\t\t<\/div>\n\t\t\t\t<\/div>\n\t\t\t\t\t<\/div>\n\t\t\t\t<\/div>\n\t\t<div class=\"elementor-element elementor-element-cp26d88466 e-flex e-con-boxed e-con e-parent\" data-id=\"cp26d88466\" data-element_type=\"container\" data-e-type=\"container\">\n\t\t\t\t\t<div class=\"e-con-inner\">\n\t\t\t\t<div class=\"elementor-element elementor-element-cp24571bb5 elementor-widget elementor-widget-heading\" data-id=\"cp24571bb5\" data-element_type=\"widget\" data-e-type=\"widget\" data-widget_type=\"heading.default\">\n\t\t\t\t\t<h2 class=\"elementor-heading-title elementor-size-default\">T\u00f3feti\u00f0 og deilan um barnasl\u00e1trun<\/h2>\t\t\t\t<\/div>\n\t\t<div class=\"elementor-element elementor-element-cp2c4887e6 e-flex e-con-boxed e-con e-child\" data-id=\"cp2c4887e6\" data-element_type=\"container\" data-e-type=\"container\">\n\t\t\t\t\t<div class=\"e-con-inner\">\n\t\t\t\t<div class=\"elementor-element elementor-element-cp24a9e18f elementor-widget elementor-widget-text-editor\" data-id=\"cp24a9e18f\" data-element_type=\"widget\" data-e-type=\"widget\" data-widget_type=\"text-editor.default\">\n\t\t\t\t\t\t\t\t\t<p>F\u00e1 m\u00e1lefni f\u00f6nik\u00edsk-p\u00fanverskra tr\u00faarbrag\u00f0a eru svo umdeild sem hin svok\u00f6llu\u00f0u T\u00f3fet-helgista\u00f0ir. \u00cd Kar\u00feag\u00f3 og \u00f6\u00f0rum vestur-f\u00f6nik\u00edskum st\u00f6\u00f0um fundust gir\u00f0ingarsv\u00e6\u00f0i me\u00f0 \u00fe\u00fasundum af krukkum sem innih\u00e9ldu brennd bein sm\u00e1barna og ungra d\u00fdra. Yfir krukkunum st\u00f3\u00f0u v\u00edgslusteinar, sem oft voru tileinka\u00f0ir gu\u00f0unum Baal Hammon og Tinnit.<\/p><p><span class=\"iwg-fachbegriff\" data-tooltip=\"T\u00edmabil gr\u00edskrar og r\u00f3mverskrar menningar, um 800 f.Kr. til 600 e.Kr.\" tabindex=\"0\">Fornaldar<\/span>h\u00f6fundar eins og gr\u00edski sagnfr\u00e6\u00f0ingurinn D\u00edod\u00f3ros greindu fr\u00e1 helgif\u00f3rnum barna hj\u00e1 Kar\u00feag\u00f3m\u00f6nnum, oft me\u00f0 rei\u00f0it\u00f3ni. Lengi var \u00feessi l\u00fdsing talin \u00f3vinveitt \u00e1r\u00f3\u00f0ur sigurvegaranna yfir Kar\u00feag\u00f3.<\/p><p>Hluti fr\u00e6\u00f0imanna t\u00falka\u00f0i \u00feess vegna T\u00f3fetin sem venjulega grafreiti fyrir b\u00f6rn sem d\u00f3u ung. A\u00f0rir fr\u00e6\u00f0imenn, sem byggja \u00e1 beinafr\u00e6\u00f0ilegum ranns\u00f3knum og \u00e1letrunarform\u00falum, halda fast \u00ed t\u00falkunina sem f\u00f3rnarsv\u00e6\u00f0i, \u00fear sem b\u00f6rn voru <span class=\"iwg-fachbegriff\" data-tooltip=\"Afhent hinu heilaga me\u00f0 tr\u00faarlegri ath\u00f6fn og \u00fear me\u00f0 teki\u00f0 \u00far hinu daglega.\" tabindex=\"0\">helgu\u00f0<\/span> \u00ed s\u00e9rst\u00f6kum nau\u00f0um e\u00f0a til a\u00f0 uppfylla heit.<\/p><p>N\u00faverandi sta\u00f0a fr\u00e6\u00f0anna er varf\u00e6rnislega margbreytileg. Margt bendir til a\u00f0 f\u00f3rnarathafnir hafi \u00ed raun \u00e1tt s\u00e9r sta\u00f0 \u00ed T\u00f3fetinu, en a\u00f0 \u00fe\u00e6r hafi ekki haft \u00feann fj\u00f6ldakenndan, hversdagslegan einkennisbl\u00e6 sem <span class=\"iwg-fachbegriff\" data-tooltip=\"T\u00edmabil gr\u00edskrar og r\u00f3mverskrar menningar, um 800 f.Kr. til 600 e.Kr.\" tabindex=\"0\">forn<\/span> \u00e1r\u00f3\u00f0ur gaf til kynna. T\u00ed\u00f0nin, \u00fatbrei\u00f0slan sv\u00e6\u00f0isbundi\u00f0 og hin n\u00e1kv\u00e6ma tr\u00faarlega framkv\u00e6md eru enn \u00f3vissar.<\/p><p>\u00deetta d\u00e6mi s\u00fdnir vel hversu sterkt skilningur \u00e1 tr\u00faarbr\u00f6g\u00f0um getur veri\u00f0 m\u00f3ta\u00f0ur af heimildum andst\u00e6\u00f0inga \u00feeirra og hversu erfitt \u00fea\u00f0 er a\u00f0 d\u00e6ma ath\u00f6fn \u00fear sem eigin r\u00f6dd er gl\u00f6tu\u00f0.<\/p>\t\t\t\t\t\t\t\t<\/div>\n\t\t\t\t\t<\/div>\n\t\t\t\t<\/div>\n\t\t\t\t\t<\/div>\n\t\t\t\t<\/div>\n\t\t<div class=\"elementor-element elementor-element-cp2b4b708f e-flex e-con-boxed e-con e-parent\" data-id=\"cp2b4b708f\" data-element_type=\"container\" data-e-type=\"container\">\n\t\t\t\t\t<div class=\"e-con-inner\">\n\t\t\t\t<div class=\"elementor-element elementor-element-cp2bade67c elementor-widget elementor-widget-heading\" data-id=\"cp2bade67c\" data-element_type=\"widget\" data-e-type=\"widget\" data-widget_type=\"heading.default\">\n\t\t\t\t\t<h2 class=\"elementor-heading-title elementor-size-default\">\u00datbrei\u00f0slan um Mi\u00f0jar\u00f0arhafi\u00f0 og \u00e1hrifin s\u00ed\u00f0ar<\/h2>\t\t\t\t<\/div>\n\t\t<div class=\"elementor-element elementor-element-cp2e59e6ee e-flex e-con-boxed e-con e-child\" data-id=\"cp2e59e6ee\" data-element_type=\"container\" data-e-type=\"container\">\n\t\t\t\t\t<div class=\"e-con-inner\">\n\t\t\t\t<div class=\"elementor-element elementor-element-cp2b3f4ceb elementor-widget elementor-widget-text-editor\" data-id=\"cp2b3f4ceb\" data-element_type=\"widget\" data-e-type=\"widget\" data-widget_type=\"text-editor.default\">\n\t\t\t\t\t\t\t\t\t<p>F\u00f6nik\u00edsk tr\u00faarbr\u00f6g\u00f0 breiddust \u00fat me\u00f0 verslun og n\u00fdlendustofnun um allt Mi\u00f0jar\u00f0arhafssv\u00e6\u00f0i\u00f0. B\u00e6kist\u00f6\u00f0var ur\u00f0u til \u00e1 K\u00fdpur, Sikiley, Sardin\u00edu, M\u00f6ltu, \u00ed n\u00faverandi T\u00fanis og \u00e1 str\u00f6nd \u00cdber\u00eduskagans.<\/p><p>\u00cd \u00feessum n\u00fdlendum m\u00e6ttu f\u00f6nik\u00edsk <span class=\"iwg-fachbegriff\" data-tooltip=\"Heild tr\u00faarlegra tilbei\u00f0sluathafna fyrir gu\u00f0 e\u00f0a heilaga vera.\" tabindex=\"0\">helgisi\u00f0ir<\/span> innf\u00e6ddum hef\u00f0um, og fj\u00f6lbreytt bl\u00f6ndun var\u00f0 til. \u00c1 K\u00fdpur blanda\u00f0ist <span class=\"iwg-fachbegriff\" data-tooltip=\"Heild tr\u00faarlegra tilbei\u00f0sluathafna fyrir gu\u00f0 e\u00f0a heilaga vera.\" tabindex=\"0\">tilbei\u00f0sla<\/span> Astarte saman vi\u00f0 sta\u00f0bundnar og gr\u00edskar hugmyndir, ferli sem tali\u00f0 er hafa haft \u00e1hrif \u00e1 myndun gr\u00edsku Afr\u00f3d\u00edtu.<\/p><p>Kar\u00feag\u00f3 \u00fer\u00f3a\u00f0i eigin p\u00fanverska tr\u00faarhef\u00f0 \u00far arfleif\u00f0 T\u00fdrusar, \u00fear sem Baal Hammon og gy\u00f0jan Tinnit fengu mi\u00f0l\u00e6ga st\u00f6\u00f0u. Eftir a\u00f0 R\u00f3m eyddi Kar\u00feag\u00f3 \u00e1ri\u00f0 146 fyrir Krist h\u00e9ldu \u00feessir si\u00f0ir \u00e1fram \u00e1 r\u00f3mverskri mynd.<\/p><p>Baal Hammon sameina\u00f0ist r\u00f3mverska gu\u00f0inum Sat\u00farnusi, og \u00ed Nor\u00f0ur-Afr\u00edku bl\u00f3mstru\u00f0u Sat\u00farnus-helgid\u00f3mar fram \u00e1 keisarat\u00edmann. Melqart var einnig v\u00ed\u00f0a jafna\u00f0ur vi\u00f0 Herakles, sem trygg\u00f0i \u00e1framhaldandi tilbei\u00f0slu \u00e1 st\u00f6\u00f0um eins og Gades l\u00f6ngu eftir f\u00f6nik\u00edska t\u00edmabili\u00f0.<\/p><p>\u00d3bein en afdrifar\u00edk \u00e1hrif liggja \u00ed ritm\u00e1linu. F\u00f6nik\u00edska stafr\u00f3fi\u00f0, hreint samhlj\u00f3\u00f0aletur, var teki\u00f0 upp af Grikkjum og auki\u00f0 me\u00f0 s\u00e9rhlj\u00f3\u00f0amerkjum. \u00cd gegnum gr\u00edsku og etr\u00fasku barst \u00fea\u00f0 s\u00ed\u00f0an inn \u00ed latneska heiminn.<\/p><p>S\u00f6guleg mikilv\u00e6gi felst enn fremur \u00ed \u00fev\u00ed a\u00f0 m\u00f6rg gu\u00f0an\u00f6fn og tr\u00faarform F\u00f6nik\u00edumanna voru n\u00e1i\u00f0 tengd \u00feeim sem t\u00ed\u00f0ku\u00f0ust me\u00f0al n\u00e1granna\u00fej\u00f3\u00f0arins \u00cdsraelsmanna. Deilan um Baal-<span class=\"iwg-fachbegriff\" data-tooltip=\"Heild tr\u00faarlegra tilbei\u00f0sluathafna fyrir gu\u00f0 e\u00f0a heilaga vera.\" tabindex=\"0\">tilbei\u00f0slu<\/span>, sem Gamla testamenti\u00f0 l\u00fdsir, er \u00feess vegna einnig mikilv\u00e6g, \u00fe\u00f3 hlutdr\u00e6g, heimild um tr\u00faarbr\u00f6g\u00f0 Levantsv\u00e6\u00f0isins.<\/p>\t\t\t\t\t\t\t\t<\/div>\n\t\t\t\t\t<\/div>\n\t\t\t\t<\/div>\n\t\t\t\t\t<\/div>\n\t\t\t\t<\/div>\n\t\t<div class=\"elementor-element elementor-element-iwgha-phoenizisch-sec e-flex e-con-boxed e-con e-parent\" data-id=\"iwgha-phoenizisch-sec\" data-element_type=\"container\" data-e-type=\"container\">\n\t\t\t\t\t<div class=\"e-con-inner\">\n\t\t\t\t<div class=\"elementor-element elementor-element-iwgha-phoenizisch-h elementor-widget elementor-widget-heading\" data-id=\"iwgha-phoenizisch-h\" data-element_type=\"widget\" data-e-type=\"widget\" data-widget_type=\"heading.default\">\n\t\t\t\t\t<h2 class=\"elementor-heading-title elementor-size-default\">Verur \u00feessarar hef\u00f0ar (11)<\/h2>\t\t\t\t<\/div>\n\t\t<div class=\"elementor-element elementor-element-iwgha-phoenizisch-gc e-flex e-con-boxed e-con e-parent\" data-id=\"iwgha-phoenizisch-gc\" data-element_type=\"container\" data-e-type=\"container\">\n\t\t\t\t\t<div class=\"e-con-inner\">\n\t\t\t\t<div class=\"elementor-element elementor-element-iwgha-phoenizisch-grid elementor-widget elementor-widget-text-editor\" data-id=\"iwgha-phoenizisch-grid\" data-element_type=\"widget\" data-e-type=\"widget\" data-widget_type=\"text-editor.default\">\n\t\t\t\t\t\t\t\t\t<div class=\"iwg-wesen-grid\"><a class=\"iwg-wesen-card\" href=\"https:\/\/iwell-guard.com\/is\/anat-stridsgydja-baal\/\" aria-label=\"Anat \u2013 F\u00f6n\u00edsk str\u00ed\u00f0sgy\u00f0ja\"><div class=\"iwg-wesen-card-imgwrap\"><img decoding=\"async\" src=\"https:\/\/iwell-guard.com\/wp-content\/uploads\/2026\/05\/goetter_phoenizisch_anat-phoenix-200x300.webp\" alt=\"Anat \u2013 F\u00f6n\u00edsk str\u00ed\u00f0sgy\u00f0ja\" loading=\"lazy\"><\/div><div class=\"iwg-wesen-card-body\"><div class=\"iwg-wesen-card-name\">Anat \u2013 F\u00f6n\u00edsk str\u00ed\u00f0sgy\u00f0ja<\/div><div class=\"iwg-wesen-card-arrow\">\u2192 \u00c1 v\u00e6ttina<\/div><\/div><\/a><a class=\"iwg-wesen-card\" href=\"https:\/\/iwell-guard.com\/is\/astarte-fonisk-gydja\/\" aria-label=\"Astarte \u2013 F\u00f6n\u00edsk gy\u00f0ja\"><div class=\"iwg-wesen-card-imgwrap\"><img decoding=\"async\" src=\"https:\/\/iwell-guard.com\/wp-content\/uploads\/2026\/05\/goetter_phoenizisch_astarte-phoenix-200x300.webp\" alt=\"Astarte \u2013 F\u00f6n\u00edsk gy\u00f0ja\" loading=\"lazy\"><\/div><div class=\"iwg-wesen-card-body\"><div class=\"iwg-wesen-card-name\">Astarte \u2013 F\u00f6n\u00edsk gy\u00f0ja<\/div><div class=\"iwg-wesen-card-arrow\">\u2192 \u00c1 v\u00e6ttina<\/div><\/div><\/a><a class=\"iwg-wesen-card\" href=\"https:\/\/iwell-guard.com\/is\/baal-hadad-fonikiskur-vedurgud\/\" aria-label=\"Baal-Hadad \u2013 f\u00f6nik\u00edskur ve\u00f0urgu\u00f0\"><div class=\"iwg-wesen-card-imgwrap\"><img decoding=\"async\" src=\"https:\/\/iwell-guard.com\/wp-content\/uploads\/2026\/05\/goetter_phoenizisch_baal-hadad-200x300.webp\" alt=\"Baal-Hadad \u2013 f\u00f6nik\u00edskur ve\u00f0urgu\u00f0\" loading=\"lazy\"><\/div><div class=\"iwg-wesen-card-body\"><div class=\"iwg-wesen-card-name\">Baal-Hadad \u2013 f\u00f6nik\u00edskur ve\u00f0urgu\u00f0<\/div><div class=\"iwg-wesen-card-arrow\">\u2192 \u00c1 v\u00e6ttina<\/div><\/div><\/a><a class=\"iwg-wesen-card\" href=\"https:\/\/iwell-guard.com\/is\/baal-hadad-fonikiskur-vedurgud\/\" aria-label=\"Baal-Hadad \u2013 f\u00f6nik\u00edskur ve\u00f0urgu\u00f0\"><div class=\"iwg-wesen-card-imgwrap\"><img decoding=\"async\" src=\"https:\/\/iwell-guard.com\/wp-content\/uploads\/2026\/05\/goetter_phoenizisch_baal-hadad-200x300.webp\" alt=\"Baal-Hadad \u2013 f\u00f6nik\u00edskur ve\u00f0urgu\u00f0\" loading=\"lazy\"><\/div><div class=\"iwg-wesen-card-body\"><div class=\"iwg-wesen-card-name\">Baal-Hadad \u2013 f\u00f6nik\u00edskur ve\u00f0urgu\u00f0<\/div><div class=\"iwg-wesen-card-arrow\">\u2192 \u00c1 v\u00e6ttina<\/div><\/div><\/a><a class=\"iwg-wesen-card\" href=\"https:\/\/iwell-guard.com\/is\/baal-hammon-haedsti-gud-karthago\/\" aria-label=\"Baal-Hammon \u2013 \u00c6\u00f0sti gu\u00f0 Kar\u00feag\u00f3\"><div class=\"iwg-wesen-card-imgwrap\"><img decoding=\"async\" src=\"https:\/\/iwell-guard.com\/wp-content\/uploads\/2026\/05\/goetter_phoenizisch_baal-hammon-200x300.webp\" alt=\"Baal-Hammon \u2013 \u00c6\u00f0sti gu\u00f0 Kar\u00feag\u00f3\" loading=\"lazy\"><\/div><div class=\"iwg-wesen-card-body\"><div class=\"iwg-wesen-card-name\">Baal-Hammon \u2013 \u00c6\u00f0sti gu\u00f0 Kar\u00feag\u00f3<\/div><div class=\"iwg-wesen-card-arrow\">\u2192 \u00c1 v\u00e6ttina<\/div><\/div><\/a><a class=\"iwg-wesen-card\" href=\"https:\/\/iwell-guard.com\/is\/eshmun-heilagud-sidonar\/\" aria-label=\"Eshmun \u2013 heilagu\u00f0 S\u00eddonar\"><div class=\"iwg-wesen-card-imgwrap\"><img decoding=\"async\" src=\"https:\/\/iwell-guard.com\/wp-content\/uploads\/2026\/05\/goetter_phoenizisch_eshmun-200x300.webp\" alt=\"Eshmun \u2013 heilagu\u00f0 S\u00eddonar\" loading=\"lazy\"><\/div><div class=\"iwg-wesen-card-body\"><div class=\"iwg-wesen-card-name\">Eshmun \u2013 heilagu\u00f0 S\u00eddonar<\/div><div class=\"iwg-wesen-card-arrow\">\u2192 \u00c1 v\u00e6ttina<\/div><\/div><\/a><a class=\"iwg-wesen-card\" href=\"https:\/\/iwell-guard.com\/is\/eshmun-heilagud-sidonar\/\" aria-label=\"Eshmun \u2013 heilagu\u00f0 S\u00eddonar\"><div class=\"iwg-wesen-card-imgwrap\"><img decoding=\"async\" src=\"https:\/\/iwell-guard.com\/wp-content\/uploads\/2026\/05\/goetter_phoenizisch_eshmun-200x300.webp\" alt=\"Eshmun \u2013 heilagu\u00f0 S\u00eddonar\" loading=\"lazy\"><\/div><div class=\"iwg-wesen-card-body\"><div class=\"iwg-wesen-card-name\">Eshmun \u2013 heilagu\u00f0 S\u00eddonar<\/div><div class=\"iwg-wesen-card-arrow\">\u2192 \u00c1 v\u00e6ttina<\/div><\/div><\/a><a class=\"iwg-wesen-card\" href=\"https:\/\/iwell-guard.com\/is\/melqart-borgargud-tyrusar\/\" aria-label=\"Melqart \u2013 borgargu\u00f0 T\u00fdrusar\"><div class=\"iwg-wesen-card-imgwrap\"><img decoding=\"async\" src=\"https:\/\/iwell-guard.com\/wp-content\/uploads\/2026\/05\/goetter_phoenizisch_melqart-200x300.webp\" alt=\"Melqart \u2013 borgargu\u00f0 T\u00fdrusar\" loading=\"lazy\"><\/div><div class=\"iwg-wesen-card-body\"><div class=\"iwg-wesen-card-name\">Melqart \u2013 borgargu\u00f0 T\u00fdrusar<\/div><div class=\"iwg-wesen-card-arrow\">\u2192 \u00c1 v\u00e6ttina<\/div><\/div><\/a><a class=\"iwg-wesen-card\" href=\"https:\/\/iwell-guard.com\/is\/mot-fonikiskur-daudagud\/\" aria-label=\"Mot \u2013 F\u00f6nik\u00edskur dau\u00f0agu\u00f0\"><div class=\"iwg-wesen-card-imgwrap\"><img decoding=\"async\" src=\"https:\/\/iwell-guard.com\/wp-content\/uploads\/2026\/05\/goetter_phoenizisch_mot-phoenix-200x300.webp\" alt=\"Mot \u2013 F\u00f6nik\u00edskur dau\u00f0agu\u00f0\" loading=\"lazy\"><\/div><div class=\"iwg-wesen-card-body\"><div class=\"iwg-wesen-card-name\">Mot \u2013 F\u00f6nik\u00edskur dau\u00f0agu\u00f0<\/div><div class=\"iwg-wesen-card-arrow\">\u2192 \u00c1 v\u00e6ttina<\/div><\/div><\/a><a class=\"iwg-wesen-card\" href=\"https:\/\/iwell-guard.com\/is\/reshef-fonikiskur-plagugu-og-stridsgud\/\" aria-label=\"Reshef \u2013 F\u00f6nik\u00edskur pl\u00e1gugu\u00f0 og str\u00ed\u00f0sgu\u00f0\"><div class=\"iwg-wesen-card-imgwrap\"><img decoding=\"async\" src=\"https:\/\/iwell-guard.com\/wp-content\/uploads\/2026\/05\/goetter_phoenizisch_reshef-200x300.webp\" alt=\"Reshef \u2013 F\u00f6nik\u00edskur pl\u00e1gugu\u00f0 og str\u00ed\u00f0sgu\u00f0\" loading=\"lazy\"><\/div><div class=\"iwg-wesen-card-body\"><div class=\"iwg-wesen-card-name\">Reshef \u2013 F\u00f6nik\u00edskur pl\u00e1gugu\u00f0 og str\u00ed\u00f0sgu\u00f0<\/div><div class=\"iwg-wesen-card-arrow\">\u2192 \u00c1 v\u00e6ttina<\/div><\/div><\/a><a class=\"iwg-wesen-card\" href=\"https:\/\/iwell-guard.com\/is\/tanit-haedsta-gydja-karthago\/\" aria-label=\"Tanit \u2013 \u00c6\u00f0sta gy\u00f0ja Kar\u00feag\u00f3\"><div class=\"iwg-wesen-card-imgwrap\"><img decoding=\"async\" src=\"https:\/\/iwell-guard.com\/wp-content\/uploads\/2026\/05\/goetter_phoenizisch_tanit-200x300.webp\" alt=\"Tanit \u2013 \u00c6\u00f0sta gy\u00f0ja Kar\u00feag\u00f3\" loading=\"lazy\"><\/div><div class=\"iwg-wesen-card-body\"><div class=\"iwg-wesen-card-name\">Tanit \u2013 \u00c6\u00f0sta gy\u00f0ja Kar\u00feag\u00f3<\/div><div class=\"iwg-wesen-card-arrow\">\u2192 \u00c1 v\u00e6ttina<\/div><\/div><\/a><a class=\"iwg-wesen-card\" href=\"https:\/\/iwell-guard.com\/is\/yam-fonikiskur-hafgud\/\" aria-label=\"Yam \u2013 F\u00f6nik\u00edskur hafgu\u00f0\"><div class=\"iwg-wesen-card-imgwrap\"><img decoding=\"async\" src=\"https:\/\/iwell-guard.com\/wp-content\/uploads\/2026\/05\/goetter_phoenizisch_yam-200x300.webp\" alt=\"Yam \u2013 F\u00f6nik\u00edskur hafgu\u00f0\" loading=\"lazy\"><\/div><div class=\"iwg-wesen-card-body\"><div class=\"iwg-wesen-card-name\">Yam \u2013 F\u00f6nik\u00edskur hafgu\u00f0<\/div><div class=\"iwg-wesen-card-arrow\">\u2192 \u00c1 v\u00e6ttina<\/div><\/div><\/a><\/div>\t\t\t\t\t\t\t\t<\/div>\n\t\t\t\t\t<\/div>\n\t\t\t\t<\/div>\n\t\t\t\t\t<\/div>\n\t\t\t\t<\/div>\n\t\t<div class=\"elementor-element elementor-element-iwgkw2-add-phoenizisch e-flex e-con-boxed e-con e-parent\" data-id=\"iwgkw2-add-phoenizisch\" data-element_type=\"container\" data-e-type=\"container\">\n\t\t\t\t\t<div class=\"e-con-inner\">\n\t\t\t\t<div class=\"elementor-element elementor-element-iwgkw2-add-phoenizisch-t elementor-widget elementor-widget-text-editor\" data-id=\"iwgkw2-add-phoenizisch-t\" data-element_type=\"widget\" data-e-type=\"widget\" data-widget_type=\"text-editor.default\">\n\t\t\t\t\t\t\t\t\t<p>F\u00f6nik\u00edska <em>varnarhef\u00f0in<\/em> tengdi saman verndargripi \u00far glerdeigi, Tanit-t\u00e1kn og Bes-h\u00f6fu\u00f0 vi\u00f0 h\u00fasaltari fyrir Baal og Astarte; fornleifafundir fr\u00e1 Kar\u00feag\u00f3, S\u00eddon og Sardin\u00edu s\u00fdna \u00fe\u00e9tt net daglegra varnart\u00e1kna.<\/p>\t\t\t\t\t\t\t\t<\/div>\n\t\t\t\t\t<\/div>\n\t\t\t\t<\/div>\n\t\t<div class=\"elementor-element elementor-element-iwgcn-phoenizisc-kwd e-flex e-con-boxed e-con e-parent\" data-id=\"iwgcn-phoenizisc-kwd\" data-element_type=\"container\" data-e-type=\"container\">\n\t\t\t\t\t<div class=\"e-con-inner\">\n\t\t<div class=\"elementor-element elementor-element-iwgcn-phoenizisc-kwd-c e-con-full e-flex e-con e-child\" data-id=\"iwgcn-phoenizisc-kwd-c\" data-element_type=\"container\" data-e-type=\"container\">\n\t\t\t\t<div class=\"elementor-element elementor-element-iwgcn-phoenizisc-kwdt elementor-widget elementor-widget-text-editor\" data-id=\"iwgcn-phoenizisc-kwdt\" data-element_type=\"widget\" data-e-type=\"widget\" data-widget_type=\"text-editor.default\">\n\t\t\t\t\t\t\t\t\t<p><em>Tengd lykilor\u00f0: F\u00f6nik\u00edumenn Kar\u00feag\u00f3 T\u00fdros S\u00eddon Byblos Baal Tanit Melqart Astarte Eshmun Moloch T\u00f3fet P\u00fanverskt.<\/em><\/p>\t\t\t\t\t\t\t\t<\/div>\n\t\t\t\t<\/div>\n\t\t\t\t\t<\/div>\n\t\t\t\t<\/div>\n\t\t<div class=\"elementor-element elementor-element-iwgcn-phoenizisc-cc e-flex e-con-boxed e-con e-parent\" data-id=\"iwgcn-phoenizisc-cc\" data-element_type=\"container\" data-e-type=\"container\" id=\"iwg-cc-phoenizisch\">\n\t\t\t\t\t<div class=\"e-con-inner\">\n\t\t<div class=\"elementor-element elementor-element-iwgcn-phoenizisc-ccinner e-flex e-con-boxed e-con e-parent\" data-id=\"iwgcn-phoenizisc-ccinner\" data-element_type=\"container\" data-e-type=\"container\" data-settings=\"{&quot;background_background&quot;:&quot;classic&quot;}\">\n\t\t\t\t\t<div class=\"e-con-inner\">\n\t\t\t\t<div class=\"elementor-element elementor-element-iwgcn-phoenizisc-cch elementor-widget elementor-widget-heading\" data-id=\"iwgcn-phoenizisc-cch\" data-element_type=\"widget\" data-e-type=\"widget\" data-widget_type=\"heading.default\">\n\t\t\t\t\t<h2 class=\"elementor-heading-title elementor-size-default\">Verndargripir \u00ed \u00feessari menningarhef\u00f0<\/h2>\t\t\t\t<\/div>\n\t\t\t\t<div class=\"elementor-element elementor-element-iwgcn-phoenizisc-cct elementor-widget elementor-widget-text-editor\" data-id=\"iwgcn-phoenizisc-cct\" data-element_type=\"widget\" data-e-type=\"widget\" data-widget_type=\"text-editor.default\">\n\t\t\t\t\t\t\t\t\t<p>F\u00f6n\u00edsk-p\u00fanverskur \u00e1tr\u00fana\u00f0ur framleiddi augnat\u00f6fragripi (fyrirrennara nazar-boncuk), handart\u00f6fragripi (fyrirrennara hamsa), skartgripi me\u00f0 Tanit-<span class=\"iwg-fachbegriff\" data-tooltip=\"Merki sem stendur fyrir hugmynd e\u00f0a merkingu.\" tabindex=\"0\">t\u00e1kni<\/span>, skur\u00f0bj\u00f6llur (skarabea) og lunula-h\u00e1lfm\u00e1nahengi, eina af \u00e1hrifamestu hef\u00f0um <span class=\"iwg-fachbegriff\" data-tooltip=\"T\u00edmabil gr\u00edskrar og r\u00f3mverskrar menningar, um 800 f.Kr. til 600 e.Kr.\" tabindex=\"0\">fornaldar<\/span> fyrir skj\u00f3lgripi til a\u00f0 bera \u00e1 s\u00e9r.<\/p><div data-nosnippet=\"true\"><p>iWell Guard fellur inn \u00ed \u00feessa menningars\u00f6gulegu hef\u00f0 verndargripa til a\u00f0 bera \u00e1 s\u00e9r, me\u00f0 samt\u00edmalegri efnisuppbyggingu, framleitt \u00ed \u00de\u00fdskalandi. 41 l\u00f6g, alv\u00f6ru gull, plat\u00edna, silfur. 30 daga skilar\u00e9ttur.<\/p><\/div>\t\t\t\t\t\t\t\t<\/div>\n\t\t\t\t<div class=\"elementor-element elementor-element-iwgcn-phoenizisc-ccb iwg-cc-button iwg-cc-cta-2026-05-13 elementor-widget elementor-widget-jet-button\" data-id=\"iwgcn-phoenizisc-ccb\" data-element_type=\"widget\" data-e-type=\"widget\" data-widget_type=\"jet-button.default\">\n\t\t\t\t<div class=\"elementor-widget-container\">\n\t\t\t\t\t<div class=\"elementor-jet-button jet-elements\"><div class=\"jet-button__container\"><a class=\"jet-button__instance jet-button__instance--icon-left hover-effect-1\" href=\"\/ueber-iwell-guard\/?utm_source=iwell-guard.com&amp;utm_medium=info-box&amp;utm_campaign=kultur-tradition\"><div class=\"jet-button__plane jet-button__plane-normal\"><\/div><div class=\"jet-button__plane jet-button__plane-hover\"><\/div><div class=\"jet-button__state jet-button__state-normal\"><span class=\"jet-button__label\">Meira um iWell Guard<\/span><\/div><div class=\"jet-button__state jet-button__state-hover\"><span class=\"jet-button__label\">Meira um iWell Guard<\/span><\/div><\/a><\/div><\/div><style>.elementor-element.elementor-element-iwgcn-phoenizisc-ccb .jet-button__instance{width:320px;height:56px;}.elementor-element.elementor-element-iwgcn-phoenizisc-ccb .jet-button__state-normal .jet-button__label{text-align:center;margin:0px 0px 0px 0px;color:#1a1b20;font-family:Montserrat,sans-serif;font-size:13px;font-weight:400;letter-spacing:4px;line-height:1.714em;text-transform:uppercase;}.elementor-element.elementor-element-iwgcn-phoenizisc-ccb .jet-button__state-hover .jet-button__label{text-align:center;margin:0px 0px 0px 0px;color:#FECC76;font-family:Montserrat,sans-serif;font-size:13px;font-weight:400;letter-spacing:4px;line-height:1.714em;text-transform:uppercase;}.elementor-element.elementor-element-iwgcn-phoenizisc-ccb .jet-button__plane-normal{background-color:#FECC76;border-style:solid;border-color:#C99540;border-width:2px 2px 2px 2px;}.elementor-element.elementor-element-iwgcn-phoenizisc-ccb .jet-button__plane-hover{background-color:rgba(0,0,0,0.55);border-style:solid;border-color:#FECC76;border-width:2px 2px 2px 2px;}<\/style>\t\t\t\t<\/div>\n\t\t\t\t<\/div>\n\t\t\t\t<div class=\"elementor-element elementor-element-iwgcn-phoenizisc-ccd elementor-widget elementor-widget-text-editor\" data-id=\"iwgcn-phoenizisc-ccd\" data-element_type=\"widget\" data-e-type=\"widget\" data-widget_type=\"text-editor.default\">\n\t\t\t\t\t\t\t\t\t<div data-nosnippet=\"true\"><p style=\"text-align:center;font-size:13px;opacity:0.7;margin-top:14px\" data-nosnippet=\"true\">Pers\u00f3nuleg reynsla getur veri\u00f0 mismunandi. Ekki l\u00e6kningat\u00e6ki. Engin lofor\u00f0 um l\u00e6kningu.<\/p><\/div>\t\t\t\t\t\t\t\t<\/div>\n\t\t\t\t\t<\/div>\n\t\t\t\t<\/div>\n\t\t\t\t\t<\/div>\n\t\t\t\t<\/div>\n\t\t<div class=\"elementor-element elementor-element-iwgcn-phoenizisc-disc e-flex e-con-boxed e-con e-parent\" data-id=\"iwgcn-phoenizisc-disc\" data-element_type=\"container\" data-e-type=\"container\">\n\t\t\t\t\t<div class=\"e-con-inner\">\n\t\t\t\t<div class=\"elementor-element elementor-element-iwgcn-phoenizisc-discw elementor-widget elementor-widget-html\" data-id=\"iwgcn-phoenizisc-discw\" data-element_type=\"widget\" data-e-type=\"widget\" data-widget_type=\"html.default\">\n\t\t\t\t\t<footer data-nosnippet=\"true\" class=\"iwg-disclaimer-block\"><p data-nosnippet=\"true\">iWell Guard er <strong>ekki l\u00e6kningat\u00e6ki<\/strong> og kemur ekki \u00ed sta\u00f0inn fyrir l\u00e6knis- e\u00f0a s\u00e1lfr\u00e6\u00f0ime\u00f0fer\u00f0. Tr\u00faarfr\u00e6\u00f0ilegt efni er menningars\u00f6gulegt samhengi, ekki r\u00e1\u00f0legging um andlega i\u00f0kun.<\/p><\/footer>\t\t\t\t<\/div>\n\t\t\t\t\t<\/div>\n\t\t\t\t<\/div>\n\t\t\t\t<\/div>\n\t\t","protected":false},"excerpt":{"rendered":"","protected":false},"author":3,"featured_media":2845,"parent":0,"menu_order":0,"comment_status":"closed","ping_status":"closed","template":"elementor_header_footer","meta":{"_yoast_wpseo_focuskw":"f\u00f6nik\u00edskir gu\u00f0ir","_yoast_wpseo_title":"F\u00f6nik\u00edskir gu\u00f0ir \u2013 Baal, Astarte, Kar\u00feag\u00f3 | iWell Guard","_yoast_wpseo_metadesc":"Gu\u00f0ir F\u00f6nik\u00edumanna og Kar\u00feag\u00f3b\u00faa: Baal Hammon, Astarte (Tan\u00edt), Melkart, El, Aserah. Go\u00f0s\u00f6gur, hofi\u00f0 \u00ed T\u00fdrus og \u00e1t\u00f6k \u00ed Bibl\u00edunni.","_yoast_wpseo_meta-robots-noindex":"","_yoast_wpseo_canonical":"","_angie_page":false,"gefaehrdungsstufe":"","wesen_kultur":"","wesen_klasse":"","footnotes":""},"categories":[],"class_list":["post-168914","page","type-page","status-publish","has-post-thumbnail","hentry"],"yoast_head":"<!-- This site is optimized with the Yoast SEO Premium plugin v27.7 (Yoast SEO v28.3) - https:\/\/yoast.com\/product\/yoast-seo-premium-wordpress\/ -->\n<title>F\u00f6nik\u00edskir gu\u00f0ir \u2013 Baal, Astarte, Kar\u00feag\u00f3 | iWell Guard<\/title>\n<meta name=\"description\" content=\"Gu\u00f0ir F\u00f6nik\u00edumanna og Kar\u00feag\u00f3b\u00faa: Baal Hammon, Astarte (Tan\u00edt), Melkart, El, Aserah. Go\u00f0s\u00f6gur, hofi\u00f0 \u00ed T\u00fdrus og \u00e1t\u00f6k \u00ed Bibl\u00edunni.\" \/>\n<meta name=\"robots\" content=\"index, follow, max-snippet:-1, max-image-preview:large, max-video-preview:-1\" \/>\n<link rel=\"canonical\" href=\"https:\/\/iwell-guard.com\/is\/fonikiumenn-og-kartago-baal-tanit\/\" \/>\n<meta property=\"og:locale\" content=\"is_IS\" \/>\n<meta property=\"og:type\" content=\"article\" \/>\n<meta property=\"og:title\" content=\"F\u00f6nik\u00edumenn og Kar\u00feag\u00f3 \u2013 Baal, Tan\u00edt og verndarhef\u00f0\" \/>\n<meta property=\"og:description\" content=\"Gu\u00f0ir F\u00f6nik\u00edumanna og Kar\u00feag\u00f3b\u00faa: Baal Hammon, Astarte (Tan\u00edt), Melkart, El, Aserah. Go\u00f0s\u00f6gur, hofi\u00f0 \u00ed T\u00fdrus og \u00e1t\u00f6k \u00ed Bibl\u00edunni.\" \/>\n<meta property=\"og:url\" content=\"https:\/\/iwell-guard.com\/is\/fonikiumenn-og-kartago-baal-tanit\/\" \/>\n<meta property=\"og:site_name\" content=\"iWell Guard\" \/>\n<meta property=\"article:modified_time\" content=\"2026-09-05T14:22:41+00:00\" \/>\n<meta property=\"og:image\" content=\"https:\/\/iwell-guard.com\/wp-content\/uploads\/2026\/05\/goetter_phoenizisch_baal-hadad.webp\" \/>\n\t<meta property=\"og:image:width\" content=\"1024\" \/>\n\t<meta property=\"og:image:height\" content=\"1536\" \/>\n\t<meta property=\"og:image:type\" content=\"image\/webp\" \/>\n<meta name=\"twitter:card\" content=\"summary_large_image\" \/>\n<script type=\"application\/ld+json\" class=\"yoast-schema-graph\">{\"@context\":\"https:\\\/\\\/schema.org\",\"@graph\":[{\"@type\":\"WebPage\",\"@id\":\"https:\\\/\\\/iwell-guard.com\\\/is\\\/fonikiumenn-og-kartago-baal-tanit\\\/\",\"url\":\"https:\\\/\\\/iwell-guard.com\\\/is\\\/fonikiumenn-og-kartago-baal-tanit\\\/\",\"name\":\"F\u00f6nik\u00edskir gu\u00f0ir \u2013 Baal, Astarte, Kar\u00feag\u00f3 | iWell Guard\",\"isPartOf\":{\"@id\":\"https:\\\/\\\/iwell-guard.com\\\/is\\\/#website\"},\"primaryImageOfPage\":{\"@id\":\"https:\\\/\\\/iwell-guard.com\\\/is\\\/fonikiumenn-og-kartago-baal-tanit\\\/#primaryimage\"},\"image\":{\"@id\":\"https:\\\/\\\/iwell-guard.com\\\/is\\\/fonikiumenn-og-kartago-baal-tanit\\\/#primaryimage\"},\"thumbnailUrl\":\"https:\\\/\\\/iwell-guard.com\\\/wp-content\\\/uploads\\\/2026\\\/05\\\/goetter_phoenizisch_baal-hadad.webp\",\"datePublished\":\"2026-09-05T14:04:01+00:00\",\"dateModified\":\"2026-09-05T14:22:41+00:00\",\"description\":\"Gu\u00f0ir F\u00f6nik\u00edumanna og Kar\u00feag\u00f3b\u00faa: Baal Hammon, Astarte (Tan\u00edt), Melkart, El, Aserah. Go\u00f0s\u00f6gur, hofi\u00f0 \u00ed T\u00fdrus og \u00e1t\u00f6k \u00ed Bibl\u00edunni.\",\"breadcrumb\":{\"@id\":\"https:\\\/\\\/iwell-guard.com\\\/is\\\/fonikiumenn-og-kartago-baal-tanit\\\/#breadcrumb\"},\"inLanguage\":\"is\",\"potentialAction\":[{\"@type\":\"ReadAction\",\"target\":[\"https:\\\/\\\/iwell-guard.com\\\/is\\\/fonikiumenn-og-kartago-baal-tanit\\\/\"]}]},{\"@type\":\"ImageObject\",\"inLanguage\":\"is\",\"@id\":\"https:\\\/\\\/iwell-guard.com\\\/is\\\/fonikiumenn-og-kartago-baal-tanit\\\/#primaryimage\",\"url\":\"https:\\\/\\\/iwell-guard.com\\\/wp-content\\\/uploads\\\/2026\\\/05\\\/goetter_phoenizisch_baal-hadad.webp\",\"contentUrl\":\"https:\\\/\\\/iwell-guard.com\\\/wp-content\\\/uploads\\\/2026\\\/05\\\/goetter_phoenizisch_baal-hadad.webp\",\"width\":1024,\"height\":1536,\"caption\":\"Gu\u00f0ir \u00far f\u00f6nik\u00edskri hef\u00f0.\"},{\"@type\":\"BreadcrumbList\",\"@id\":\"https:\\\/\\\/iwell-guard.com\\\/is\\\/fonikiumenn-og-kartago-baal-tanit\\\/#breadcrumb\",\"itemListElement\":[{\"@type\":\"ListItem\",\"position\":1,\"name\":\"Start\",\"item\":\"https:\\\/\\\/iwell-guard.com\\\/is\\\/?page_id=168580\"},{\"@type\":\"ListItem\",\"position\":2,\"name\":\"F\u00f6nik\u00edumenn og Kar\u00feag\u00f3 \u2013 Baal, Tan\u00edt og verndarhef\u00f0\"}]},{\"@type\":\"WebSite\",\"@id\":\"https:\\\/\\\/iwell-guard.com\\\/is\\\/#website\",\"url\":\"https:\\\/\\\/iwell-guard.com\\\/is\\\/\",\"name\":\"iWell Guard\",\"description\":\"Schutz vor dunklen Einfl\u00fcssen\",\"publisher\":{\"@id\":\"https:\\\/\\\/iwell-guard.com\\\/is\\\/#organization\"},\"potentialAction\":[{\"@type\":\"SearchAction\",\"target\":{\"@type\":\"EntryPoint\",\"urlTemplate\":\"https:\\\/\\\/iwell-guard.com\\\/is\\\/?s={search_term_string}\"},\"query-input\":{\"@type\":\"PropertyValueSpecification\",\"valueRequired\":true,\"valueName\":\"search_term_string\"}}],\"inLanguage\":\"is\"},{\"@type\":\"Organization\",\"@id\":\"https:\\\/\\\/iwell-guard.com\\\/is\\\/#organization\",\"name\":\"Ittermann electronic GmbH\",\"url\":\"https:\\\/\\\/iwell-guard.com\\\/is\\\/\",\"logo\":{\"@type\":\"ImageObject\",\"inLanguage\":\"is\",\"@id\":\"https:\\\/\\\/iwell-guard.com\\\/is\\\/#\\\/schema\\\/logo\\\/image\\\/\",\"url\":\"https:\\\/\\\/iwell-guard.com\\\/wp-content\\\/uploads\\\/2026\\\/05\\\/Ittermann-Logo-1182x237-1.png\",\"contentUrl\":\"https:\\\/\\\/iwell-guard.com\\\/wp-content\\\/uploads\\\/2026\\\/05\\\/Ittermann-Logo-1182x237-1.png\",\"width\":1182,\"height\":237,\"caption\":\"Ittermann electronic GmbH\"},\"image\":{\"@id\":\"https:\\\/\\\/iwell-guard.com\\\/is\\\/#\\\/schema\\\/logo\\\/image\\\/\"},\"sameAs\":[\"https:\\\/\\\/pantip.com\\\/profile\\\/9367242\",\"https:\\\/\\\/micro.blog\\\/iwellguard\",\"https:\\\/\\\/www.diggerslist.com\\\/iwellguard\\\/about\",\"https:\\\/\\\/skitterphoto.com\\\/photographers\\\/2870314\\\/iwell-guard\",\"https:\\\/\\\/iwellguard.wordpress.com\\\/2026\\\/06\\\/06\\\/iwell-guard\\\/\",\"https:\\\/\\\/hub.docker.com\\\/u\\\/iwellguard\",\"https:\\\/\\\/www.pinterest.com\\\/iwellguard\\\/\",\"https:\\\/\\\/bit.ly\\\/m\\\/iwellguard\",\"https:\\\/\\\/entre-vos-mains.alsace.eu\\\/profiles\\\/iwellguard\\\/activity\",\"https:\\\/\\\/gravatar.com\\\/reallybeded8fd34\",\"https:\\\/\\\/naijamatta.com\\\/iwellguard\",\"https:\\\/\\\/www.goodreads.com\\\/iwellguard\",\"https:\\\/\\\/profile.hatena.ne.jp\\\/iwellguard\\\/\",\"https:\\\/\\\/experiment.com\\\/users\\\/iwellguard\",\"https:\\\/\\\/wakelet.com\\\/@iWellGuard82270\",\"https:\\\/\\\/www.chordie.com\\\/forum\\\/profile.php?id=2555664\",\"https:\\\/\\\/www.instapaper.com\\\/p\\\/17757966\",\"https:\\\/\\\/www.mapleprimes.com\\\/users\\\/iwellguard\",\"https:\\\/\\\/businesslistingplus.com\\\/profile\\\/iwell-guard\\\/\",\"https:\\\/\\\/telegra.ph\\\/iWell-Guard-06-06\",\"https:\\\/\\\/pbase.com\\\/iwellguard\\\/iwellguard\",\"https:\\\/\\\/b.hatena.ne.jp\\\/iwellguard\\\/20260607#bookmark-4788405196491818882\",\"https:\\\/\\\/fliphtml5.com\\\/home\\\/iwellguard\",\"https:\\\/\\\/anyflip.com\\\/homepage\\\/cmiwl#About\",\"https:\\\/\\\/transfur.com\\\/Users\\\/iwellguard\",\"http:\\\/\\\/delphi.larsbo.org\\\/user\\\/iwellguard\",\"https:\\\/\\\/jobs.lajobsportal.org\\\/profiles\\\/8380803-iwell-guard\",\"https:\\\/\\\/md.chaosdorf.de\\\/s\\\/jfbe5SBdJD\",\"https:\\\/\\\/www.lingvolive.com\\\/en-us\\\/profile\\\/9ecaeaca-ce11-4e51-9e71-01d55e2bff36\\\/translations\",\"https:\\\/\\\/www.fitday.com\\\/fitness\\\/forums\\\/members\\\/iwellguard.html\",\"https:\\\/\\\/www.mymeetbook.com\\\/iwellguard\",\"https:\\\/\\\/pxhere.com\\\/en\\\/photographer-me\\\/5040798\",\"https:\\\/\\\/disqus.com\\\/by\\\/iwellguard\\\/about\\\/\",\"https:\\\/\\\/pastelink.net\\\/hjwciqwq\",\"https:\\\/\\\/pubhtml5.com\\\/homepage\\\/scjhn\\\/\",\"https:\\\/\\\/www.bitchute.com\\\/channel\\\/2O2eOKzNqujT\",\"https:\\\/\\\/audiomack.com\\\/iwellguard\"]}]}<\/script>\n<!-- \/ Yoast SEO Premium plugin. -->","yoast_head_json":{"title":"F\u00f6nik\u00edskir gu\u00f0ir \u2013 Baal, Astarte, Kar\u00feag\u00f3 | iWell Guard","description":"Gu\u00f0ir F\u00f6nik\u00edumanna og Kar\u00feag\u00f3b\u00faa: Baal Hammon, Astarte (Tan\u00edt), Melkart, El, Aserah. Go\u00f0s\u00f6gur, hofi\u00f0 \u00ed T\u00fdrus og \u00e1t\u00f6k \u00ed Bibl\u00edunni.","robots":{"index":"index","follow":"follow","max-snippet":"max-snippet:-1","max-image-preview":"max-image-preview:large","max-video-preview":"max-video-preview:-1"},"canonical":"https:\/\/iwell-guard.com\/is\/fonikiumenn-og-kartago-baal-tanit\/","og_locale":"is_IS","og_type":"article","og_title":"F\u00f6nik\u00edumenn og Kar\u00feag\u00f3 \u2013 Baal, Tan\u00edt og verndarhef\u00f0","og_description":"Gu\u00f0ir F\u00f6nik\u00edumanna og Kar\u00feag\u00f3b\u00faa: Baal Hammon, Astarte (Tan\u00edt), Melkart, El, Aserah. Go\u00f0s\u00f6gur, hofi\u00f0 \u00ed T\u00fdrus og \u00e1t\u00f6k \u00ed Bibl\u00edunni.","og_url":"https:\/\/iwell-guard.com\/is\/fonikiumenn-og-kartago-baal-tanit\/","og_site_name":"iWell Guard","article_modified_time":"2026-09-05T14:22:41+00:00","og_image":[{"width":1024,"height":1536,"url":"https:\/\/iwell-guard.com\/wp-content\/uploads\/2026\/05\/goetter_phoenizisch_baal-hadad.webp","type":"image\/webp"}],"twitter_card":"summary_large_image","schema":{"@context":"https:\/\/schema.org","@graph":[{"@type":"WebPage","@id":"https:\/\/iwell-guard.com\/is\/fonikiumenn-og-kartago-baal-tanit\/","url":"https:\/\/iwell-guard.com\/is\/fonikiumenn-og-kartago-baal-tanit\/","name":"F\u00f6nik\u00edskir gu\u00f0ir \u2013 Baal, Astarte, Kar\u00feag\u00f3 | iWell Guard","isPartOf":{"@id":"https:\/\/iwell-guard.com\/is\/#website"},"primaryImageOfPage":{"@id":"https:\/\/iwell-guard.com\/is\/fonikiumenn-og-kartago-baal-tanit\/#primaryimage"},"image":{"@id":"https:\/\/iwell-guard.com\/is\/fonikiumenn-og-kartago-baal-tanit\/#primaryimage"},"thumbnailUrl":"https:\/\/iwell-guard.com\/wp-content\/uploads\/2026\/05\/goetter_phoenizisch_baal-hadad.webp","datePublished":"2026-09-05T14:04:01+00:00","dateModified":"2026-09-05T14:22:41+00:00","description":"Gu\u00f0ir F\u00f6nik\u00edumanna og Kar\u00feag\u00f3b\u00faa: Baal Hammon, Astarte (Tan\u00edt), Melkart, El, Aserah. Go\u00f0s\u00f6gur, hofi\u00f0 \u00ed T\u00fdrus og \u00e1t\u00f6k \u00ed Bibl\u00edunni.","breadcrumb":{"@id":"https:\/\/iwell-guard.com\/is\/fonikiumenn-og-kartago-baal-tanit\/#breadcrumb"},"inLanguage":"is","potentialAction":[{"@type":"ReadAction","target":["https:\/\/iwell-guard.com\/is\/fonikiumenn-og-kartago-baal-tanit\/"]}]},{"@type":"ImageObject","inLanguage":"is","@id":"https:\/\/iwell-guard.com\/is\/fonikiumenn-og-kartago-baal-tanit\/#primaryimage","url":"https:\/\/iwell-guard.com\/wp-content\/uploads\/2026\/05\/goetter_phoenizisch_baal-hadad.webp","contentUrl":"https:\/\/iwell-guard.com\/wp-content\/uploads\/2026\/05\/goetter_phoenizisch_baal-hadad.webp","width":1024,"height":1536,"caption":"Gu\u00f0ir \u00far f\u00f6nik\u00edskri hef\u00f0."},{"@type":"BreadcrumbList","@id":"https:\/\/iwell-guard.com\/is\/fonikiumenn-og-kartago-baal-tanit\/#breadcrumb","itemListElement":[{"@type":"ListItem","position":1,"name":"Start","item":"https:\/\/iwell-guard.com\/is\/?page_id=168580"},{"@type":"ListItem","position":2,"name":"F\u00f6nik\u00edumenn og Kar\u00feag\u00f3 \u2013 Baal, Tan\u00edt og verndarhef\u00f0"}]},{"@type":"WebSite","@id":"https:\/\/iwell-guard.com\/is\/#website","url":"https:\/\/iwell-guard.com\/is\/","name":"iWell Guard","description":"Schutz vor dunklen Einfl\u00fcssen","publisher":{"@id":"https:\/\/iwell-guard.com\/is\/#organization"},"potentialAction":[{"@type":"SearchAction","target":{"@type":"EntryPoint","urlTemplate":"https:\/\/iwell-guard.com\/is\/?s={search_term_string}"},"query-input":{"@type":"PropertyValueSpecification","valueRequired":true,"valueName":"search_term_string"}}],"inLanguage":"is"},{"@type":"Organization","@id":"https:\/\/iwell-guard.com\/is\/#organization","name":"Ittermann electronic GmbH","url":"https:\/\/iwell-guard.com\/is\/","logo":{"@type":"ImageObject","inLanguage":"is","@id":"https:\/\/iwell-guard.com\/is\/#\/schema\/logo\/image\/","url":"https:\/\/iwell-guard.com\/wp-content\/uploads\/2026\/05\/Ittermann-Logo-1182x237-1.png","contentUrl":"https:\/\/iwell-guard.com\/wp-content\/uploads\/2026\/05\/Ittermann-Logo-1182x237-1.png","width":1182,"height":237,"caption":"Ittermann electronic GmbH"},"image":{"@id":"https:\/\/iwell-guard.com\/is\/#\/schema\/logo\/image\/"},"sameAs":["https:\/\/pantip.com\/profile\/9367242","https:\/\/micro.blog\/iwellguard","https:\/\/www.diggerslist.com\/iwellguard\/about","https:\/\/skitterphoto.com\/photographers\/2870314\/iwell-guard","https:\/\/iwellguard.wordpress.com\/2026\/06\/06\/iwell-guard\/","https:\/\/hub.docker.com\/u\/iwellguard","https:\/\/www.pinterest.com\/iwellguard\/","https:\/\/bit.ly\/m\/iwellguard","https:\/\/entre-vos-mains.alsace.eu\/profiles\/iwellguard\/activity","https:\/\/gravatar.com\/reallybeded8fd34","https:\/\/naijamatta.com\/iwellguard","https:\/\/www.goodreads.com\/iwellguard","https:\/\/profile.hatena.ne.jp\/iwellguard\/","https:\/\/experiment.com\/users\/iwellguard","https:\/\/wakelet.com\/@iWellGuard82270","https:\/\/www.chordie.com\/forum\/profile.php?id=2555664","https:\/\/www.instapaper.com\/p\/17757966","https:\/\/www.mapleprimes.com\/users\/iwellguard","https:\/\/businesslistingplus.com\/profile\/iwell-guard\/","https:\/\/telegra.ph\/iWell-Guard-06-06","https:\/\/pbase.com\/iwellguard\/iwellguard","https:\/\/b.hatena.ne.jp\/iwellguard\/20260607#bookmark-4788405196491818882","https:\/\/fliphtml5.com\/home\/iwellguard","https:\/\/anyflip.com\/homepage\/cmiwl#About","https:\/\/transfur.com\/Users\/iwellguard","http:\/\/delphi.larsbo.org\/user\/iwellguard","https:\/\/jobs.lajobsportal.org\/profiles\/8380803-iwell-guard","https:\/\/md.chaosdorf.de\/s\/jfbe5SBdJD","https:\/\/www.lingvolive.com\/en-us\/profile\/9ecaeaca-ce11-4e51-9e71-01d55e2bff36\/translations","https:\/\/www.fitday.com\/fitness\/forums\/members\/iwellguard.html","https:\/\/www.mymeetbook.com\/iwellguard","https:\/\/pxhere.com\/en\/photographer-me\/5040798","https:\/\/disqus.com\/by\/iwellguard\/about\/","https:\/\/pastelink.net\/hjwciqwq","https:\/\/pubhtml5.com\/homepage\/scjhn\/","https:\/\/www.bitchute.com\/channel\/2O2eOKzNqujT","https:\/\/audiomack.com\/iwellguard"]}]}},"_links":{"self":[{"href":"https:\/\/iwell-guard.com\/is\/wp-json\/wp\/v2\/pages\/168914","targetHints":{"allow":["GET"]}}],"collection":[{"href":"https:\/\/iwell-guard.com\/is\/wp-json\/wp\/v2\/pages"}],"about":[{"href":"https:\/\/iwell-guard.com\/is\/wp-json\/wp\/v2\/types\/page"}],"author":[{"embeddable":true,"href":"https:\/\/iwell-guard.com\/is\/wp-json\/wp\/v2\/users\/3"}],"replies":[{"embeddable":true,"href":"https:\/\/iwell-guard.com\/is\/wp-json\/wp\/v2\/comments?post=168914"}],"version-history":[{"count":0,"href":"https:\/\/iwell-guard.com\/is\/wp-json\/wp\/v2\/pages\/168914\/revisions"}],"wp:featuredmedia":[{"embeddable":true,"href":"https:\/\/iwell-guard.com\/is\/wp-json\/wp\/v2\/media\/2845"}],"wp:attachment":[{"href":"https:\/\/iwell-guard.com\/is\/wp-json\/wp\/v2\/media?parent=168914"}],"wp:term":[{"taxonomy":"category","embeddable":true,"href":"https:\/\/iwell-guard.com\/is\/wp-json\/wp\/v2\/categories?post=168914"}],"curies":[{"name":"wp","href":"https:\/\/api.w.org\/{rel}","templated":true}]}}