{"id":168913,"date":"2026-09-05T14:04:00","date_gmt":"2026-09-05T14:04:00","guid":{"rendered":"https:\/\/iwell-guard.com\/?page_id=168913"},"modified":"2026-09-05T14:22:38","modified_gmt":"2026-09-05T14:22:38","slug":"hettitar-anatolia-tarhunna-vernd","status":"publish","type":"page","link":"https:\/\/iwell-guard.com\/is\/hettitar-anatolia-tarhunna-vernd\/","title":{"rendered":"Hett\u00edtar og Anat\u00f3l\u00eda \u2013 Tarhunna, \u00fe\u00fasund gu\u00f0ir og verndarhef\u00f0ir"},"content":{"rendered":"\t\t<div data-elementor-type=\"wp-page\" data-elementor-id=\"168913\" class=\"elementor elementor-168913 elementor-2568 elementor-bc-flex-widget\" data-elementor-post-type=\"page\">\n\t\t\t\t<div class=\"elementor-element elementor-element-iwgcn-hethitisch-hero iwg-kultur-hero e-flex e-con-boxed e-con e-parent\" data-id=\"iwgcn-hethitisch-hero\" data-element_type=\"container\" data-e-type=\"container\">\n\t\t\t\t\t<div class=\"e-con-inner\">\n\t\t<div class=\"elementor-element elementor-element-iwgcn-hethitisch-hl iwg-kultur-hero-left e-flex e-con-boxed e-con e-child\" data-id=\"iwgcn-hethitisch-hl\" data-element_type=\"container\" data-e-type=\"container\">\n\t\t\t\t\t<div class=\"e-con-inner\">\n\t\t\t\t<div class=\"elementor-element elementor-element-iwgcn-hethitisch-h1 elementor-widget elementor-widget-heading\" data-id=\"iwgcn-hethitisch-h1\" data-element_type=\"widget\" data-e-type=\"widget\" data-widget_type=\"heading.default\">\n\t\t\t\t\t<h1 class=\"elementor-heading-title elementor-size-default\">Hett\u00edtago\u00f0ir, Teshub, Hebat og go\u00f0heimur Hatti<\/h1>\t\t\t\t<\/div>\n\t\t<div class=\"elementor-element elementor-element-iwgcn-hethitisch-leadc e-con-full e-flex e-con e-child\" data-id=\"iwgcn-hethitisch-leadc\" data-element_type=\"container\" data-e-type=\"container\">\n\t\t\t\t<div class=\"elementor-element elementor-element-iwgcn-hethitisch-lead elementor-widget elementor-widget-text-editor\" data-id=\"iwgcn-hethitisch-lead\" data-element_type=\"widget\" data-e-type=\"widget\" data-widget_type=\"text-editor.default\">\n\t\t\t\t\t\t\t\t\t<p>Hett\u00edtar\u00edki\u00f0 r\u00e9\u00f0i st\u00f3rum hluta Anat\u00f3l\u00edu \u00e1 milli 17. og 12. aldar f.o.t. og var\u00f0 st\u00f3rveldi vi\u00f0 austanvert Mi\u00f0jar\u00f0arhaf, \u00e1 pari vi\u00f0 Egyptaland og Bab\u00fdlon\u00edu. Tr\u00faarbr\u00f6g\u00f0 \u00feeirra voru mj\u00f6g samsl\u00e1anleg, \u201e\u00fe\u00fasund gu\u00f0ir Hatti-lands\u201c sameinu\u00f0u hatt\u00edska, h\u00farr\u00edska, l\u00fav\u00edska, akkad\u00edska og s\u00fdrlenska \u00fe\u00e6tti \u00ed eitt vandlega m\u00f3ta\u00f0 tr\u00faarkerfi. Teshub, Hebat og go\u00f0heimur Hatti eru \u00ed brennidepli \u00feessa kafla um go\u00f0heim Hett\u00edta.<\/p>\t\t\t\t\t\t\t\t<\/div>\n\t\t\t\t<\/div>\n\t\t\t\t\t<\/div>\n\t\t\t\t<\/div>\n\t\t<div class=\"elementor-element elementor-element-iwgcn-hethitisch-hr iwg-kultur-hero-right e-flex e-con-boxed e-con e-child\" data-id=\"iwgcn-hethitisch-hr\" data-element_type=\"container\" data-e-type=\"container\">\n\t\t\t\t\t<div class=\"e-con-inner\">\n\t\t\t\t<div class=\"elementor-element elementor-element-iwgcn-hethitisch-himg iwg-hero-image elementor-widget elementor-widget-image\" data-id=\"iwgcn-hethitisch-himg\" data-element_type=\"widget\" data-e-type=\"widget\" data-widget_type=\"image.default\">\n\t\t\t\t\t\t\t\t\t\t\t\t\t\t\t<img fetchpriority=\"high\" decoding=\"async\" width=\"683\" height=\"1024\" src=\"https:\/\/iwell-guard.com\/wp-content\/uploads\/2026\/05\/goetter_hethitisch_anu-hethitisch-683x1024.webp\" class=\"attachment-large size-large wp-image-170822\" alt=\"Anu \u00far het\u00edska hef\u00f0inni - gu\u00f0ir \u00far het\u00edska sagnaarfinum, s\u00f6gulega myndr\u00e6nt\" srcset=\"https:\/\/iwell-guard.com\/wp-content\/uploads\/2026\/05\/goetter_hethitisch_anu-hethitisch-683x1024.webp 683w, https:\/\/iwell-guard.com\/wp-content\/uploads\/2026\/05\/goetter_hethitisch_anu-hethitisch-200x300.webp 200w, https:\/\/iwell-guard.com\/wp-content\/uploads\/2026\/05\/goetter_hethitisch_anu-hethitisch-768x1152.webp 768w, https:\/\/iwell-guard.com\/wp-content\/uploads\/2026\/05\/goetter_hethitisch_anu-hethitisch.webp 1024w\" sizes=\"(max-width: 683px) 100vw, 683px\" \/>\t\t\t\t\t\t\t\t\t\t\t\t\t\t\t<\/div>\n\t\t\t\t\t<\/div>\n\t\t\t\t<\/div>\n\t\t\t\t\t<\/div>\n\t\t\t\t<\/div>\n\t\t\t\t<section class=\"elementor-section elementor-top-section elementor-element elementor-element-sec-iwgcomp2-hethitisch elementor-section-boxed elementor-section-height-default elementor-section-height-default\" data-id=\"sec-iwgcomp2-hethitisch\" data-element_type=\"section\" data-e-type=\"section\">\n\t\t\t\t\t\t<div class=\"elementor-container elementor-column-gap-default\">\n\t\t\t\t\t<div class=\"elementor-column elementor-col-100 elementor-top-column elementor-element elementor-element-col-iwgcomp2-hethitisch\" data-id=\"col-iwgcomp2-hethitisch\" data-element_type=\"column\" data-e-type=\"column\">\n\t\t\t<div class=\"elementor-widget-wrap elementor-element-populated\">\n\t\t\t\t\t\t<div class=\"elementor-element elementor-element-iwgcomp2-hethitisch elementor-widget elementor-widget-text-editor\" data-id=\"iwgcomp2-hethitisch\" data-element_type=\"widget\" data-e-type=\"widget\" data-widget_type=\"text-editor.default\">\n\t\t\t\t\t\t\t\t\t<p>Tr\u00faarbr\u00f6g\u00f0 Hett\u00edta \u00fer\u00f3u\u00f0ust \u00ed <strong>Anat\u00f3l\u00edu<\/strong> \u00far ind\u00f3evr\u00f3pskum, hatt\u00edskum og h\u00farr\u00edskum r\u00f3tum.<\/p>\t\t\t\t\t\t\t\t<\/div>\n\t\t\t\t\t<\/div>\n\t\t<\/div>\n\t\t\t\t\t<\/div>\n\t\t<\/section>\n\t\t<div class=\"elementor-element elementor-element-iwgcn-hethitisch-s0 e-flex e-con-boxed e-con e-parent\" data-id=\"iwgcn-hethitisch-s0\" data-element_type=\"container\" data-e-type=\"container\">\n\t\t\t\t\t<div class=\"e-con-inner\">\n\t\t\t\t<div class=\"elementor-element elementor-element-iwgcn-hethitisch-s0h elementor-widget elementor-widget-heading\" data-id=\"iwgcn-hethitisch-s0h\" data-element_type=\"widget\" data-e-type=\"widget\" data-widget_type=\"heading.default\">\n\t\t\t\t\t<h2 class=\"elementor-heading-title elementor-size-default\">S\u00f6guleg \u00fer\u00f3un Hett\u00edtar\u00edkisins<\/h2>\t\t\t\t<\/div>\n\t\t<div class=\"elementor-element elementor-element-iwgcn-hethitisch-s0-c e-con-full e-flex e-con e-child\" data-id=\"iwgcn-hethitisch-s0-c\" data-element_type=\"container\" data-e-type=\"container\">\n\t\t\t\t<div class=\"elementor-element elementor-element-iwgcn-hethitisch-s0t elementor-widget elementor-widget-text-editor\" data-id=\"iwgcn-hethitisch-s0t\" data-element_type=\"widget\" data-e-type=\"widget\" data-widget_type=\"text-editor.default\">\n\t\t\t\t\t\t\t\t\t<p>Hett\u00edtar t\u00f6lu\u00f0u ind\u00f3evr\u00f3pskt tungum\u00e1l (nes\u00edsku) og t\u00f3ku upp arfleif\u00f0 hins forna hatt\u00edska \u00fej\u00f3\u00f0flokks \u00ed Mi\u00f0-Anat\u00f3l\u00edu. H\u00f6fu\u00f0borgin Hattusa (n\u00fa Bo\u011fazkale) var stofnu\u00f0 \u00ed upphafi 2. \u00e1r\u00fe\u00fasunds og var\u00f0 a\u00f0 st\u00f3rborg.<\/p><p>Undir stj\u00f3rn Suppiluliuma I. (um 1350 f.o.t.) var\u00f0 r\u00edki\u00f0 st\u00f3rveldi. Orrustan vi\u00f0 Qadesh gegn Ramses II. (1274 f.o.t.) og fri\u00f0ars\u00e1ttm\u00e1linn milli Hett\u00edta og Egypta (fyrsti a\u00f0 fullu var\u00f0veitti \u00fej\u00f3\u00f0r\u00e9ttarsamningur s\u00f6gunnar) eru mikilv\u00e6gar s\u00f6gulegar heimildir. Um 1190 f.o.t. leystist r\u00edki\u00f0 upp \u00ed kj\u00f6lfar haf\u00fej\u00f3\u00f0a\u00e1hlaupanna.<\/p>\t\t\t\t\t\t\t\t<\/div>\n\t\t\t\t<\/div>\n\t\t\t\t\t<\/div>\n\t\t\t\t<\/div>\n\t\t<div class=\"elementor-element elementor-element-iwgcn-hethitisch-s1 e-flex e-con-boxed e-con e-parent\" data-id=\"iwgcn-hethitisch-s1\" data-element_type=\"container\" data-e-type=\"container\">\n\t\t\t\t\t<div class=\"e-con-inner\">\n\t\t\t\t<div class=\"elementor-element elementor-element-iwgcn-hethitisch-s1h elementor-widget elementor-widget-heading\" data-id=\"iwgcn-hethitisch-s1h\" data-element_type=\"widget\" data-e-type=\"widget\" data-widget_type=\"heading.default\">\n\t\t\t\t\t<h2 class=\"elementor-heading-title elementor-size-default\">Go\u00f0heimur, \u00fe\u00fasund gu\u00f0irnir<\/h2>\t\t\t\t<\/div>\n\t\t<div class=\"elementor-element elementor-element-iwgcn-hethitisch-s1-c e-con-full e-flex e-con e-child\" data-id=\"iwgcn-hethitisch-s1-c\" data-element_type=\"container\" data-e-type=\"container\">\n\t\t\t\t<div class=\"elementor-element elementor-element-iwgcn-hethitisch-s1t elementor-widget elementor-widget-text-editor\" data-id=\"iwgcn-hethitisch-s1t\" data-element_type=\"widget\" data-e-type=\"widget\" data-widget_type=\"text-editor.default\">\n\t\t\t\t\t\t\t\t\t<p>Efst tr\u00f3nir Tarhunna, ve\u00f0urgu\u00f0inn (\u00ed l\u00fav\u00edskri mynd Tarhunzas, \u00ed h\u00farr\u00edskri Teshub), sem \u00e6\u00f0sti r\u00edkisgu\u00f0. Kona hans er s\u00f3largy\u00f0jan fr\u00e1 Arinna, sem er tignu\u00f0 sem \u201em\u00f3\u00f0ir landsins\u201c.<\/p><p>Telipinu, sonur ve\u00f0urgu\u00f0sins, er landb\u00fana\u00f0ar- og gr\u00f3\u00f0urgu\u00f0, og rei\u00f0i hans og heimkoma myndar megin\u00fer\u00e1\u00f0inn \u00ed <span class=\"iwg-fachbegriff\" data-tooltip=\"Var\u00f0veitt fr\u00e1s\u00f6gn um gu\u00f0i, uppruna og skipulag heimsins.\" tabindex=\"0\">go\u00f0s\u00f6gu<\/span>. Auk \u00feess koma fram hundru\u00f0 annarra gu\u00f0a: \u00far h\u00farr\u00edska <span class=\"iwg-fachbegriff\" data-tooltip=\"Heild gu\u00f0a \u00ed tr\u00faarbr\u00f6g\u00f0um e\u00f0a menningu.\" tabindex=\"0\">go\u00f0heiminum<\/span> (Kumarbi, Hebat), \u00far \u00feeim l\u00fav\u00edska (Runtiya, Santas), og \u00far akkad\u00edskri arfleif\u00f0 (Ishtar, Anu). \u00cd hinu opna <span class=\"iwg-fachbegriff\" data-tooltip=\"Helgur sta\u00f0ur tileinka\u00f0ur tilbei\u00f0slu einnar gu\u00f0veru.\" tabindex=\"0\">helgista\u00f0<\/span> Yaz\u0131l\u0131kaya n\u00e1l\u00e6gt Hattusa er go\u00f0aganga var\u00f0veitt \u00ed \u00fatskornum l\u00e1gmyndum.<\/p>\t\t\t\t\t\t\t\t<\/div>\n\t\t\t\t<\/div>\n\t\t\t\t\t<\/div>\n\t\t\t\t<\/div>\n\t\t<div class=\"elementor-element elementor-element-iwgcn-hethitisch-s2 e-flex e-con-boxed e-con e-parent\" data-id=\"iwgcn-hethitisch-s2\" data-element_type=\"container\" data-e-type=\"container\">\n\t\t\t\t\t<div class=\"e-con-inner\">\n\t\t\t\t<div class=\"elementor-element elementor-element-iwgcn-hethitisch-s2h elementor-widget elementor-widget-heading\" data-id=\"iwgcn-hethitisch-s2h\" data-element_type=\"widget\" data-e-type=\"widget\" data-widget_type=\"heading.default\">\n\t\t\t\t\t<h2 class=\"elementor-heading-title elementor-size-default\">Kumarbi-hringurinn og go\u00f0afr\u00e6\u00f0i<\/h2>\t\t\t\t<\/div>\n\t\t<div class=\"elementor-element elementor-element-iwgcn-hethitisch-s2-c e-con-full e-flex e-con e-child\" data-id=\"iwgcn-hethitisch-s2-c\" data-element_type=\"container\" data-e-type=\"container\">\n\t\t\t\t<div class=\"elementor-element elementor-element-iwgcn-hethitisch-s2t elementor-widget elementor-widget-text-editor\" data-id=\"iwgcn-hethitisch-s2t\" data-element_type=\"widget\" data-e-type=\"widget\" data-widget_type=\"text-editor.default\">\n\t\t\t\t\t\t\t\t\t<p>\u00dar h\u00farr\u00edska arfinum kemur Kumarbi-hringurinn, r\u00f6\u00f0 go\u00f0sagna um kynsl\u00f3\u00f0ir gu\u00f0a og valdabar\u00e1ttu um himnah\u00e1s\u00e6ti\u00f0. Kumarbi sv\u00edptir f\u00f6\u00f0ur sinn Anu h\u00e1s\u00e6tinu, gleypir kynf\u00e6ri hans og f\u00e6\u00f0ir \u00far \u00feeim ve\u00f0urgu\u00f0inn Teshub.<\/p><p>\u00cd s\u00ed\u00f0ari textum berst Teshub vi\u00f0 \u00f3gnvekjandi verur eins og Ullikummi og Hedammu. \u00deessar fr\u00e1sagnir s\u00fdna byggingarlegan skyldleika vi\u00f0 Gu\u00f0akv\u00e6\u00f0i Hes\u00edodosar, sem er v\u00edsbending um fl\u00e6\u00f0i go\u00f0sagna milli Anat\u00f3l\u00edu og Grikklands.<\/p>\t\t\t\t\t\t\t\t<\/div>\n\t\t\t\t<\/div>\n\t\t\t\t\t<\/div>\n\t\t\t\t<\/div>\n\t\t<div class=\"elementor-element elementor-element-iwgcn-hethitisch-s3 e-flex e-con-boxed e-con e-parent\" data-id=\"iwgcn-hethitisch-s3\" data-element_type=\"container\" data-e-type=\"container\">\n\t\t\t\t\t<div class=\"e-con-inner\">\n\t\t\t\t<div class=\"elementor-element elementor-element-iwgcn-hethitisch-s3h elementor-widget elementor-widget-heading\" data-id=\"iwgcn-hethitisch-s3h\" data-element_type=\"widget\" data-e-type=\"widget\" data-widget_type=\"heading.default\">\n\t\t\t\t\t<h2 class=\"elementor-heading-title elementor-size-default\">Athafnir og verndarhef\u00f0ir<\/h2>\t\t\t\t<\/div>\n\t\t<div class=\"elementor-element elementor-element-iwgcn-hethitisch-s3-c e-con-full e-flex e-con e-child\" data-id=\"iwgcn-hethitisch-s3-c\" data-element_type=\"container\" data-e-type=\"container\">\n\t\t\t\t<div class=\"elementor-element elementor-element-iwgcn-hethitisch-s3t elementor-widget elementor-widget-text-editor\" data-id=\"iwgcn-hethitisch-s3t\" data-element_type=\"widget\" data-e-type=\"widget\" data-widget_type=\"text-editor.default\">\n\t\t\t\t\t\t\t\t\t<p>Tr\u00faarbr\u00f6g\u00f0 Hett\u00edta voru mj\u00f6g athafnami\u00f0u\u00f0, yfir 200 athafnir eru var\u00f0veittar \u00ed fleygr\u00fanatextum. Mikilv\u00e6gar tegundir: h\u00e1t\u00ed\u00f0aathafnir (vorh\u00e1t\u00ed\u00f0in AN.TAH.SUM, hausth\u00e1t\u00ed\u00f0in nuntarriyasha), l\u00e6kningaathafnir (gegn sj\u00fakd\u00f3mum, \u00f3frj\u00f3semi), verndarathafnir (hreinsun heimila, konungsvernd), munn- og hand\u00fevottaathafnir.<\/p><p>\u00cd t\u00f6frai\u00f0kun st\u00f6rfu\u00f0u \u201egamlar konur\u201c (SAL \u0160U.GI) sem athafnas\u00e9rfr\u00e6\u00f0ingar. Me\u00f0al handf\u00e6r\u00f0ra verndargripa voru gu\u00f0amyndir \u00far gulli og silfri, og innsigli me\u00f0 gu\u00f0amyndum (konungsinnsigli Tudhalija IV. er fr\u00e6g d\u00e6mi).<\/p>\t\t\t\t\t\t\t\t<\/div>\n\t\t\t\t<\/div>\n\t\t\t\t\t<\/div>\n\t\t\t\t<\/div>\n\t\t<div class=\"elementor-element elementor-element-x-hethitisch-s-faq e-flex e-con-boxed e-con e-parent\" data-id=\"x-hethitisch-s-faq\" data-element_type=\"container\" data-e-type=\"container\">\n\t\t\t\t\t<div class=\"e-con-inner\">\n\t\t\t\t<div class=\"elementor-element elementor-element-x-hethitisch-h-faq elementor-widget elementor-widget-heading\" data-id=\"x-hethitisch-h-faq\" data-element_type=\"widget\" data-e-type=\"widget\" data-widget_type=\"heading.default\">\n\t\t\t\t\t<h2 class=\"elementor-heading-title elementor-size-default\">Algengar spurningar um gu\u00f0i Hett\u00edta<\/h2>\t\t\t\t<\/div>\n\t\t<div class=\"elementor-element elementor-element-iwgcn-hethitisch-s3-c e-con-full e-flex e-con e-child\" data-id=\"iwgcn-hethitisch-s3-c\" data-element_type=\"container\" data-e-type=\"container\">\n\t\t\t\t<div class=\"elementor-element elementor-element-x-hethitisch-t-faq elementor-widget elementor-widget-text-editor\" data-id=\"x-hethitisch-t-faq\" data-element_type=\"widget\" data-e-type=\"widget\" data-widget_type=\"text-editor.default\">\n\t\t\t\t\t\t\t\t\t<h3>Hve margir het\u00edt\u00edskir gu\u00f0ir eru til?<\/h3>\n<p>Het\u00edt\u00edsk hef\u00f0 talar sj\u00e1lf um \u00de\u00fasund gu\u00f0i Hatti, v\u00edsvitandi \u00fdkta l\u00fdsingu \u00e1 fj\u00f6lbreytileikanum. \u00cd raun eru um 200-300 gu\u00f0ir kunnir me\u00f0 nafni. Het\u00edtar felldu gu\u00f0i sigra\u00f0ra \u00fej\u00f3\u00f0a, s\u00famerska, akkad\u00edska, hatt\u00edska, h\u00farr\u00edska, l\u00fav\u00edska, inn \u00ed <span class=\"iwg-fachbegriff\" data-tooltip=\"Heild gu\u00f0anna \u00ed tr\u00faarbr\u00f6g\u00f0um e\u00f0a menningu.\" tabindex=\"0\">pantheon<\/span> sitt. A\u00f0algu\u00f0ir eru Teshub (ve\u00f0ur), Hebat (s\u00f3l), \u0160arruma (sonur), \u1e2autena\/\u1e2autellura, Telipinu (gr\u00f3\u00f0ur).<\/p>\n<h3>Hver er Teshub?<\/h3>\n<p>Teshub er het\u00edt\u00edski \u00ferumugu\u00f0inn og a\u00f0algu\u00f0 r\u00edkisins, \u00ed samr\u00e6mi vi\u00f0 Seif, Indra, \u00de\u00f3r. <span class=\"iwg-fachbegriff\" data-tooltip=\"S\u00f6gn sem var\u00f0veitt hefur veri\u00f0 um gu\u00f0i, uppruna og skipan heimsins.\" tabindex=\"0\">Go\u00f0s\u00f6gn<\/span> hans um drekabardagann gegn Illuyanka er l\u00edklega elsta skriflega var\u00f0veitta drekabardagago\u00f0s\u00f6gnin og fyrirmynd s\u00ed\u00f0ari drekabardaga, allt fr\u00e1 Marduk til heilags Georgs.<\/p>\n<h3>Hva\u00f0 er Yaz\u0131l\u0131kaya?<\/h3>\n<p>Yaz\u0131l\u0131kaya (tyrk. \u201e\u00e1letru\u00f0 klettur\u201c) er fr\u00e6gasta het\u00edt\u00edska klettahelgista\u00f0urinn, um 2 km nor\u00f0austur af h\u00f6fu\u00f0borginni Hattu\u0161a (n\u00fa Bo\u011fazkale, Tyrklandi). \u00cd tveimur klettaklefum eru \u00fatskur\u00f0ir sem s\u00fdna allt het\u00edt\u00edska gu\u00f0apantheoni\u00f0, gu\u00f0i og gy\u00f0jur \u00ed h\u00e1t\u00ed\u00f0legri fylkingu, me\u00f0 Teshub og Hebat fremst. <span class=\"iwg-fachbegriff\" data-tooltip=\"Heilagur sta\u00f0ur tileinka\u00f0ur tilbei\u00f0slu \u00e1 gu\u00f0i.\" tabindex=\"0\">Helgista\u00f0urinn<\/span> var\u00f0 til \u00e1 13. \u00f6ld f.Kr. og er \u00e1 heimsminjaskr\u00e1 UNESCO.<\/p>\n<h3>Hva\u00f0 var\u00f0 um het\u00edt\u00edsku tr\u00faarbr\u00f6g\u00f0in?<\/h3>\n<p>Het\u00edtaveldi\u00f0 hrundi \u00e1ri\u00f0 1180 f.Kr. \u00ed \u00f6ldu sj\u00e1var\u00fej\u00f3\u00f0anna. Tr\u00faarhef\u00f0in lif\u00f0i \u00e1fram \u00ed s\u00ed\u00f0het\u00edt\u00edskum borgr\u00edkjum Nor\u00f0ur-S\u00fdrlands (Karkemi\u0161, Malatya, Tabal) fram til um 700 f.Kr. Me\u00f0 innr\u00e1s Ass\u00fdringa lauk het\u00edt\u00edska gu\u00f0ahimninum, en margar go\u00f0sagnir lif\u00f0u \u00e1fram \u00ed gr\u00edskum og sem\u00edt\u00edskum b\u00f3kmenntum (drekabardagi, arft\u00f6kugo\u00f0s\u00f6gnin Kumarbi-Anu-Teshub sem fyrirmynd Gu\u00f0fr\u00e6\u00f0ikvers Hes\u00edodosar).<\/p>\n<script type=\"application\/ld+json\">{\"@context\":\"https:\/\/schema.org\",\"@type\":\"FAQPage\",\"mainEntity\":[{\"@type\":\"Question\",\"name\":\"Hve margir het\u00edt\u00edskir gu\u00f0ir eru til?\",\"acceptedAnswer\":{\"@type\":\"Answer\",\"text\":\"Het\u00edt\u00edsk hef\u00f0 talar sj\u00e1lf um \u00de\u00fasund gu\u00f0i Hatti, v\u00edsvitandi \u00fdkta l\u00fdsingu \u00e1 fj\u00f6lbreytileikanum. \u00cd raun eru um 200-300 gu\u00f0ir kunnir me\u00f0 nafni. Het\u00edtar felldu gu\u00f0i sigra\u00f0ra \u00fej\u00f3\u00f0a, s\u00famerska, akkad\u00edska, hatt\u00edska, h\u00farr\u00edska, l\u00fav\u00edska, inn \u00ed pantheon sitt. A\u00f0algu\u00f0ir eru Teshub (ve\u00f0ur), Hebat (s\u00f3l), \u0160arruma (sonur), \u1e2autena\/\u1e2autellura, Telipinu (gr\u00f3\u00f0ur).\"}},{\"@type\":\"Question\",\"name\":\"Hver er Teshub?\",\"acceptedAnswer\":{\"@type\":\"Answer\",\"text\":\"Teshub er het\u00edt\u00edski \u00ferumugu\u00f0inn og a\u00f0algu\u00f0 r\u00edkisins, \u00ed samr\u00e6mi vi\u00f0 Seif, Indra, \u00de\u00f3r. Go\u00f0s\u00f6gn hans um drekabardagann gegn Illuyanka er l\u00edklega elsta skriflega var\u00f0veitta drekabardagago\u00f0s\u00f6gnin og fyrirmynd s\u00ed\u00f0ari drekabardaga, allt fr\u00e1 Marduk til heilags Georgs.\"}},{\"@type\":\"Question\",\"name\":\"Hva\u00f0 er Yaz\u0131l\u0131kaya?\",\"acceptedAnswer\":{\"@type\":\"Answer\",\"text\":\"Yaz\u0131l\u0131kaya (tyrk. \u201e\u00e1letru\u00f0 klettur\u201c) er fr\u00e6gasta het\u00edt\u00edska klettahelgista\u00f0urinn, um 2 km nor\u00f0austur af h\u00f6fu\u00f0borginni Hattu\u0161a (n\u00fa Bo\u011fazkale, Tyrklandi). \u00cd tveimur klettaklefum eru \u00fatskur\u00f0ir sem s\u00fdna allt het\u00edt\u00edska gu\u00f0apantheoni\u00f0, gu\u00f0i og gy\u00f0jur \u00ed h\u00e1t\u00ed\u00f0legri fylkingu, me\u00f0 Teshub og Hebat fremst. Helgista\u00f0urinn var\u00f0 til \u00e1 13. \u00f6ld f.Kr. og er \u00e1 heimsminjaskr\u00e1 UNESCO.\"}},{\"@type\":\"Question\",\"name\":\"Hva\u00f0 var\u00f0 um het\u00edt\u00edsku tr\u00faarbr\u00f6g\u00f0in?\",\"acceptedAnswer\":{\"@type\":\"Answer\",\"text\":\"Het\u00edtaveldi\u00f0 hrundi \u00e1ri\u00f0 1180 f.Kr. \u00ed \u00f6ldu sj\u00e1var\u00fej\u00f3\u00f0anna. Tr\u00faarhef\u00f0in lif\u00f0i \u00e1fram \u00ed s\u00ed\u00f0het\u00edt\u00edskum borgr\u00edkjum Nor\u00f0ur-S\u00fdrlands (Karkemi\u0161, Malatya, Tabal) fram til um 700 f.Kr. Me\u00f0 innr\u00e1s Ass\u00fdringa lauk het\u00edt\u00edska gu\u00f0ahimninum, en margar go\u00f0sagnir lif\u00f0u \u00e1fram \u00ed gr\u00edskum og sem\u00edt\u00edskum b\u00f3kmenntum (drekabardagi, arft\u00f6kugo\u00f0s\u00f6gnin Kumarbi-Anu-Teshub sem fyrirmynd Gu\u00f0fr\u00e6\u00f0ikvers Hes\u00edodosar).\"}}]}<\/script>\t\t\t\t\t\t\t\t<\/div>\n\t\t\t\t<\/div>\n\t\t\t\t\t<\/div>\n\t\t\t\t<\/div>\n\t\t<div class=\"elementor-element elementor-element-iwgcn-hethitisch-s4 e-flex e-con-boxed e-con e-parent\" data-id=\"iwgcn-hethitisch-s4\" data-element_type=\"container\" data-e-type=\"container\">\n\t\t\t\t\t<div class=\"e-con-inner\">\n\t\t\t\t<div class=\"elementor-element elementor-element-iwgcn-hethitisch-s4h elementor-widget elementor-widget-heading\" data-id=\"iwgcn-hethitisch-s4h\" data-element_type=\"widget\" data-e-type=\"widget\" data-widget_type=\"heading.default\">\n\t\t\t\t\t<h2 class=\"elementor-heading-title elementor-size-default\">Musteri, prestast\u00e9tt og konungd\u00f3mur<\/h2>\t\t\t\t<\/div>\n\t\t<div class=\"elementor-element elementor-element-iwgcn-hethitisch-s4-c e-con-full e-flex e-con e-child\" data-id=\"iwgcn-hethitisch-s4-c\" data-element_type=\"container\" data-e-type=\"container\">\n\t\t\t\t<div class=\"elementor-element elementor-element-iwgcn-hethitisch-s4t elementor-widget elementor-widget-text-editor\" data-id=\"iwgcn-hethitisch-s4t\" data-element_type=\"widget\" data-e-type=\"widget\" data-widget_type=\"text-editor.default\">\n\t\t\t\t\t\t\t\t\t<p><span class=\"iwg-fachbegriff\" data-tooltip=\"Bygging tileinku\u00f0 tilbei\u00f0slu \u00e1 einum e\u00f0a fleiri gu\u00f0um.\" tabindex=\"0\">Musteri<\/span> voru b\u00fasta\u00f0ir og efnahagsmi\u00f0st\u00f6\u00f0var gu\u00f0anna, me\u00f0 eigi\u00f0 starfsli\u00f0 og l\u00f6nd. Het\u00edt\u00edski konungurinn var einnig \u00e6\u00f0stiprestur og \u00feurfti pers\u00f3nulega a\u00f0 framkv\u00e6ma mikilv\u00e6gustu athafnirnar.<\/p><p>Fer\u00f0afr\u00e1sagnir konungsins um r\u00edki sitt til a\u00f0 vi\u00f0halda sta\u00f0bundnum s\u00e9rtr\u00faars\u00f6fnu\u00f0um eru var\u00f0veittar \u00ed svok\u00f6llu\u00f0u \u201eh\u00e1t\u00ed\u00f0arskjali\u201c. Drottningin (Tawananna) haf\u00f0i eigin prestleg hlutverk, s\u00e9rstakt einkenni het\u00edt\u00edskrar tr\u00faar. Musteris\u00fatskur\u00f0ir (Yaz\u0131l\u0131kaya) s\u00fdna tr\u00faarp\u00f3lit\u00edska stefnuna.<\/p>\t\t\t\t\t\t\t\t<\/div>\n\t\t\t\t<\/div>\n\t\t\t\t\t<\/div>\n\t\t\t\t<\/div>\n\t\t<div class=\"elementor-element elementor-element-iwgcn-hethitisch-s5 e-flex e-con-boxed e-con e-parent\" data-id=\"iwgcn-hethitisch-s5\" data-element_type=\"container\" data-e-type=\"container\">\n\t\t\t\t\t<div class=\"e-con-inner\">\n\t\t\t\t<div class=\"elementor-element elementor-element-iwgcn-hethitisch-s5h elementor-widget elementor-widget-heading\" data-id=\"iwgcn-hethitisch-s5h\" data-element_type=\"widget\" data-e-type=\"widget\" data-widget_type=\"heading.default\">\n\t\t\t\t\t<h2 class=\"elementor-heading-title elementor-size-default\">Hatti, H\u00farr\u00edtar og L\u00fav\u00edar, t\u00edmabili\u00f0 eftir Het\u00edta<\/h2>\t\t\t\t<\/div>\n\t\t<div class=\"elementor-element elementor-element-iwgcn-hethitisch-s5-c e-con-full e-flex e-con e-child\" data-id=\"iwgcn-hethitisch-s5-c\" data-element_type=\"container\" data-e-type=\"container\">\n\t\t\t\t<div class=\"elementor-element elementor-element-iwgcn-hethitisch-s5t elementor-widget elementor-widget-text-editor\" data-id=\"iwgcn-hethitisch-s5t\" data-element_type=\"widget\" data-e-type=\"widget\" data-widget_type=\"text-editor.default\">\n\t\t\t\t\t\t\t\t\t<p>Eftir fall st\u00f3rveldisins lif\u00f0u \u00e1fram sm\u00e1r\u00edki, l\u00fav\u00edsk-arama\u00edsk konungsr\u00edkin Karkemi\u0161, Aleppo og Hamath, fram til 8. aldar f.Kr., og \u00feau flutu \u00e1fram anat\u00f3l\u00edska tr\u00faar\u00fe\u00e6tti til S\u00fdrlands og F\u00f6nik\u00edu. L\u00fav\u00edska h\u00eder\u00f3gl\u00fdfaskriftin lif\u00f0i skrifleturshef\u00f0ina af. Tr\u00fa s\u00ed\u00f0aldarh\u00f6funda \u00e1 \u201eanat\u00f3l\u00edskum myst\u00edum\u201c hj\u00e1 klass\u00edskum h\u00f6fundum eins og L\u00fak\u00edanosi fr\u00e1 Samosata s\u00fdnir langt\u00edma\u00e1hrifin.<\/p>\t\t\t\t\t\t\t\t<\/div>\n\t\t\t\t<\/div>\n\t\t\t\t\t<\/div>\n\t\t\t\t<\/div>\n\t\t<div class=\"elementor-element elementor-element-iwgcn-hethitisch-s6 e-flex e-con-boxed e-con e-parent\" data-id=\"iwgcn-hethitisch-s6\" data-element_type=\"container\" data-e-type=\"container\">\n\t\t\t\t\t<div class=\"e-con-inner\">\n\t\t\t\t<div class=\"elementor-element elementor-element-iwgcn-hethitisch-s6h elementor-widget elementor-widget-heading\" data-id=\"iwgcn-hethitisch-s6h\" data-element_type=\"widget\" data-e-type=\"widget\" data-widget_type=\"heading.default\">\n\t\t\t\t\t<h2 class=\"elementor-heading-title elementor-size-default\">Heimildasta\u00f0a og ranns\u00f3knir<\/h2>\t\t\t\t<\/div>\n\t\t<div class=\"elementor-element elementor-element-iwgcn-hethitisch-s6-c e-con-full e-flex e-con e-child\" data-id=\"iwgcn-hethitisch-s6-c\" data-element_type=\"container\" data-e-type=\"container\">\n\t\t\t\t<div class=\"elementor-element elementor-element-iwgcn-hethitisch-s6t elementor-widget elementor-widget-text-editor\" data-id=\"iwgcn-hethitisch-s6t\" data-element_type=\"widget\" data-e-type=\"widget\" data-widget_type=\"text-editor.default\">\n\t\t\t\t\t\t\t\t\t<p>Het\u00edt\u00edska b\u00f3kasafni\u00f0 \u00ed Hattusa (yfir 30.000 leirt\u00f6flur) er st\u00e6rsta var\u00f0veitta ritheimild <span class=\"iwg-fachbegriff\" data-tooltip=\"Fors\u00f6guleg t\u00edmabil \u00fear sem brons var mikilv\u00e6gasti m\u00e1lmurinn \u00ed verkf\u00e6rum.\" tabindex=\"0\">bronsaldar<\/span>-Anat\u00f3l\u00edu. R\u00e1\u00f0ning tungum\u00e1lsins var ger\u00f0 af Bed\u0159ich Hrozn\u00fd (1915).<\/p><p>Mikilv\u00e6g verk: Volkert Haas <em>Geschichte der hethitischen Religion<\/em> (1994), Trevor Bryce <em>The Kingdom of the Hittites<\/em>, Gary Beckman, Itamar Singer. Tr\u00faarbrag\u00f0afr\u00e6\u00f0ilega gefur het\u00edt\u00edska efni\u00f0 mikilv\u00e6g br\u00faarg\u00f6gn milli mes\u00f3p\u00f3tam\u00edskrar, s\u00fdrlenskrar og eyjahafshef\u00f0ar.<\/p>\t\t\t\t\t\t\t\t<\/div>\n\t\t\t\t<\/div>\n\t\t\t\t\t<\/div>\n\t\t\t\t<\/div>\n\t\t<div class=\"elementor-element elementor-element-cp24e4fdfc e-flex e-con-boxed e-con e-parent\" data-id=\"cp24e4fdfc\" data-element_type=\"container\" data-e-type=\"container\">\n\t\t\t\t\t<div class=\"e-con-inner\">\n\t\t\t\t<div class=\"elementor-element elementor-element-cp295fda9e elementor-widget elementor-widget-heading\" data-id=\"cp295fda9e\" data-element_type=\"widget\" data-e-type=\"widget\" data-widget_type=\"heading.default\">\n\t\t\t\t\t<h2 class=\"elementor-heading-title elementor-size-default\">Fleygr\u00fanaskjalas\u00f6fnin \u00ed Hattu\u0161a sem a\u00f0alheimild<\/h2>\t\t\t\t<\/div>\n\t\t<div class=\"elementor-element elementor-element-cp28381d38 e-flex e-con-boxed e-con e-child\" data-id=\"cp28381d38\" data-element_type=\"container\" data-e-type=\"container\">\n\t\t\t\t\t<div class=\"e-con-inner\">\n\t\t\t\t<div class=\"elementor-element elementor-element-cp205427af elementor-widget elementor-widget-text-editor\" data-id=\"cp205427af\" data-element_type=\"widget\" data-e-type=\"widget\" data-widget_type=\"text-editor.default\">\n\t\t\t\t\t\t\t\t\t<p>Het\u00edska tr\u00faarbr\u00f6g\u00f0in eru \u00feekkt n\u00e1nast alfari\u00f0 \u00far leirt\u00f6flus\u00f6fnum sem fundust \u00ed h\u00f6fu\u00f0borginni Hattusa, n\u00faverandi Bo\u011fazkale \u00ed Mi\u00f0-Anat\u00f3l\u00edu.<\/p><p>Fr\u00e1 \u00fe\u00fdskum uppgr\u00f6ftum sem h\u00f3fust \u00e1ri\u00f0 1906 komu \u00ed lj\u00f3s um \u00ferj\u00e1t\u00edu \u00fe\u00fasund t\u00f6flur og brot, skrifu\u00f0 me\u00f0 akkad\u00edskri fleygr\u00fan en a\u00f0 mestu \u00e1 het\u00edsku m\u00e1li. Textarnir eru fyrst og fremst fr\u00e1 \u00f6\u00f0ru \u00e1r\u00fe\u00fasundi fyrir Krist og heyr\u00f0u til <span class=\"iwg-fachbegriff\" data-tooltip=\"Bygging sem tileinku\u00f0 er tilbei\u00f0slu einnar e\u00f0a fleiri gu\u00f0a.\" tabindex=\"0\">hofa<\/span>&#8211; og hallasafna.<\/p><p>St\u00f3r hluti \u00feessara taflna er af tr\u00faarlegu efni. Um er a\u00f0 r\u00e6\u00f0a h\u00e1t\u00ed\u00f0arl\u00fdsingar, b\u00e6nir, v\u00e9fr\u00e9ttarfyrirspurnir, galdra\u00feulur og go\u00f0sagnir. S\u00e9rstaklega uppl\u00fdsandi eru helgisi\u00f0atextarnir, sem oft nefna nafn og uppruna vi\u00f0komandi helgisi\u00f0afr\u00e6\u00f0ings.<\/p><p>\u00deannig er unnt a\u00f0 greina sv\u00e6\u00f0isbundnar hef\u00f0ir, svo sem l\u00fav\u00edska, h\u00farr\u00edska e\u00f0a hatt\u00edska i\u00f0kun. Het\u00edtar k\u00f6llu\u00f0u sj\u00e1lfir heild gu\u00f0a sinna \u201e\u00fe\u00fasund gu\u00f0i Hatt\u00ed\u201c, or\u00f0alag sem endurspeglar me\u00f0vita\u00f0a uppt\u00f6ku \u00e1 erlendum tr\u00faarsi\u00f0um.<\/p><p>R\u00e1\u00f0ning skriftarins er verk Bed\u0159ich Hrozn\u00fd, sem s\u00fdndi fram \u00e1 \u00e1ri\u00f0 1915 a\u00f0 het\u00edska er ind\u00f3evr\u00f3pskt tungum\u00e1l. \u00deessi uppg\u00f6tvun haf\u00f0i mikil \u00e1hrif \u00e1 m\u00e1lv\u00edsindi, \u00fear sem h\u00fan ger\u00f0i anat\u00f3l\u00edska greinina s\u00fdnilega sem eigin, snemma a\u00f0skilda grein.<\/p><p>Fyrir tr\u00faarbrag\u00f0afr\u00e6\u00f0in \u00fe\u00fd\u00f0ir heimildasta\u00f0an a\u00f0 vi\u00f0 \u00feekkjum het\u00edsku tr\u00faarbr\u00f6g\u00f0in fyrst og fremst sem stj\u00f3rns\u00fdslulegt, skriflega skipulagt kerfi, s\u00ed\u00f0ur \u00fat fr\u00e1 sj\u00f3narhorni almenns f\u00f3lks.<\/p>\t\t\t\t\t\t\t\t<\/div>\n\t\t\t\t\t<\/div>\n\t\t\t\t<\/div>\n\t\t\t\t\t<\/div>\n\t\t\t\t<\/div>\n\t\t<div class=\"elementor-element elementor-element-cp20d934a1 e-flex e-con-boxed e-con e-parent\" data-id=\"cp20d934a1\" data-element_type=\"container\" data-e-type=\"container\">\n\t\t\t\t\t<div class=\"e-con-inner\">\n\t\t\t\t<div class=\"elementor-element elementor-element-cp274e1835 elementor-widget elementor-widget-heading\" data-id=\"cp274e1835\" data-element_type=\"widget\" data-e-type=\"widget\" data-widget_type=\"heading.default\">\n\t\t\t\t\t<h2 class=\"elementor-heading-title elementor-size-default\">Hatt\u00edsk grunntr\u00fa og h\u00farr\u00edsk lagskipting<\/h2>\t\t\t\t<\/div>\n\t\t<div class=\"elementor-element elementor-element-cp21d7c66b e-flex e-con-boxed e-con e-child\" data-id=\"cp21d7c66b\" data-element_type=\"container\" data-e-type=\"container\">\n\t\t\t\t\t<div class=\"e-con-inner\">\n\t\t\t\t<div class=\"elementor-element elementor-element-cp29ec98fc elementor-widget elementor-widget-text-editor\" data-id=\"cp29ec98fc\" data-element_type=\"widget\" data-e-type=\"widget\" data-widget_type=\"text-editor.default\">\n\t\t\t\t\t\t\t\t\t<p>Het\u00edska tr\u00fain var engin einsleit heild heldur m\u00f6rg l\u00f6g ofan \u00e1 hvert \u00f6\u00f0ru. Elsta lagi\u00f0 sem h\u00e6gt er a\u00f0 greina er lag Hatt\u00edumanna, \u00f3ind\u00f3evr\u00f3psks f\u00f3lks \u00ed Mi\u00f0-Anat\u00f3l\u00edu sem bj\u00f3 \u00fear \u00e1\u00f0ur en het\u00edtar\u00edki\u00f0 mynda\u00f0ist.<\/p><p>Fr\u00e1 hatt\u00edsku eru upprunnar mikilv\u00e6gar gu\u00f0ir, me\u00f0al annars s\u00f3lgy\u00f0jan fr\u00e1 Arinna, sem var\u00f0 \u00e6\u00f0sta r\u00edkisgy\u00f0ja, auk ve\u00f0urgu\u00f0sins og fylgdarli\u00f0s hans. Fj\u00f6lmargir helgista\u00f0ir og h\u00e1t\u00ed\u00f0an\u00f6fn eru einnig af hatt\u00edskum uppruna, og \u00ed \u00e1kve\u00f0num helgisi\u00f0um voru hatt\u00edskar upplestrar var\u00f0veittar, jafnvel \u00fe\u00f3tt tungum\u00e1li\u00f0 v\u00e6ri l\u00f6ngu \u00far notkun.<\/p><p>Anna\u00f0 mikilv\u00e6gt lag kom me\u00f0 H\u00farr\u00edtum fr\u00e1 su\u00f0austri. S\u00e9rstaklega \u00e1 \u00ferett\u00e1ndu \u00f6ld fyrir Krist j\u00f3kst \u00e1hrif h\u00farr\u00edsku tr\u00faarinnar verulega, me\u00f0al annars fyrir tilstilli drottninga \u00far h\u00farr\u00edsku menningarsv\u00e6\u00f0i.<\/p><p>Ve\u00f0urgu\u00f0inn Te\u0161\u0161ub, kona hans Hebat og str\u00ed\u00f0s- og vei\u00f0igu\u00f0inn ur\u00f0u \u00e1berandi \u00e1 \u00feessu t\u00edmabili. Klettahelgid\u00f3murinn \u00ed Yaz\u0131l\u0131kaya n\u00e1l\u00e6gt Hattusa s\u00fdnir \u00ed l\u00e1gmyndum s\u00ednum gu\u00f0afylkingu \u00fear sem \u00e1letranirnar bera a\u00f0 mestu h\u00farr\u00edsk n\u00f6fn.<\/p><p>L\u00fav\u00edska \u00fej\u00f3\u00f0in \u00ed su\u00f0ur- og vesturhluta Anat\u00f3l\u00edu b\u00e6tti vi\u00f0 frekari \u00fe\u00e1ttum, s\u00e9rstaklega \u00e1 svi\u00f0i verndar- og galdra\u00feulna. \u00deessi fj\u00f6lbreytni var ekki m\u00f3ts\u00f6gn \u00ed hugsun Het\u00edta.<\/p><p>Erlendir gu\u00f0ir voru markvisst teknir inn \u00ed eigin <span class=\"iwg-fachbegriff\" data-tooltip=\"Heild gu\u00f0a \u00ed tr\u00faarbr\u00f6g\u00f0um e\u00f0a menningu.\" tabindex=\"0\">go\u00f0aheim<\/span> me\u00f0 s\u00e9rst\u00f6kum kva\u00f0ningarsi\u00f0um til a\u00f0 binda m\u00e1tt \u00feeirra vi\u00f0 r\u00edki\u00f0. Ranns\u00f3knir, me\u00f0al annars verk Volkert Haas og Gary Beckman, benda \u00fev\u00ed \u00e1 a\u00f0 het\u00edska tr\u00fain hafi fyrst og fremst veri\u00f0 sam\u00fe\u00e6ttingartr\u00fa.<\/p>\t\t\t\t\t\t\t\t<\/div>\n\t\t\t\t\t<\/div>\n\t\t\t\t<\/div>\n\t\t\t\t\t<\/div>\n\t\t\t\t<\/div>\n\t\t<div class=\"elementor-element elementor-element-cp2e06cfcc e-flex e-con-boxed e-con e-parent\" data-id=\"cp2e06cfcc\" data-element_type=\"container\" data-e-type=\"container\">\n\t\t\t\t\t<div class=\"e-con-inner\">\n\t\t\t\t<div class=\"elementor-element elementor-element-cp2a327749 elementor-widget elementor-widget-heading\" data-id=\"cp2a327749\" data-element_type=\"widget\" data-e-type=\"widget\" data-widget_type=\"heading.default\">\n\t\t\t\t\t<h2 class=\"elementor-heading-title elementor-size-default\">Go\u00f0s\u00f6gur um horfna gu\u00f0inn og heimsmynd Het\u00edta<\/h2>\t\t\t\t<\/div>\n\t\t<div class=\"elementor-element elementor-element-cp2fd970af e-flex e-con-boxed e-con e-child\" data-id=\"cp2fd970af\" data-element_type=\"container\" data-e-type=\"container\">\n\t\t\t\t\t<div class=\"e-con-inner\">\n\t\t\t\t<div class=\"elementor-element elementor-element-cp2b39e79b elementor-widget elementor-widget-text-editor\" data-id=\"cp2b39e79b\" data-element_type=\"widget\" data-e-type=\"widget\" data-widget_type=\"text-editor.default\">\n\t\t\t\t\t\t\t\t\t<p>Me\u00f0al het\u00edskra go\u00f0sagna myndar einn h\u00f3pur s\u00e9rstakan flokk sem kalla\u00f0ur er go\u00f0s\u00f6gur um horfna gu\u00f0inn. \u00cd \u00feeirri \u00feekktustu dregur gr\u00f3\u00f0urgu\u00f0inn <a href=\"https:\/\/iwell-guard.com\/is\/?page_id=168961\">Telipinu<\/a> sig \u00ed f\u00fassi \u00ed burtu, en vi\u00f0 \u00fea\u00f0 ver\u00f0a pl\u00f6ntur, d\u00fdr og menn \u00f3frj\u00f3 og eldurinn slokknar \u00e1 arineldst\u00e6\u00f0unum.<\/p><p>A\u00f0rir gu\u00f0ir leita hans \u00e1n \u00e1rangurs \u00fear til b\u00fd finnur hann og vekur hann me\u00f0 stungu. \u00cd kj\u00f6lfari\u00f0 er gu\u00f0inn fri\u00f0a\u00f0ur me\u00f0 galdra\u00feulu og leiddur aftur inn \u00ed heiminn.<\/p><p>\u00deessar go\u00f0s\u00f6gur voru ekki hreinar b\u00f3kmenntir heldur felldar inn \u00ed helgisi\u00f0i sem framkv\u00e6mdir voru \u00ed \u00feurrkat\u00ed\u00f0 e\u00f0a kr\u00edsu. Textinn l\u00fdsir \u00fev\u00ed b\u00e6\u00f0i \u00fev\u00ed sem sagt var og \u00fev\u00ed sem gert var \u00ed raun. \u00dear sker het\u00edska <span class=\"iwg-fachbegriff\" data-tooltip=\"\u00dea\u00f0 a\u00f0 flytja \u00feekkingu og s\u00f6gur \u00e1fram milli kynsl\u00f3\u00f0a.\" tabindex=\"0\">arfs\u00f6gnin<\/span> sig fr\u00e1 hreinum b\u00f3kmenntago\u00f0as\u00f6gnum annarra menningarheima.<\/p><p>Annar go\u00f0sagnah\u00f3pur, K\u00famarb\u00ed-hringurinn, er af h\u00farr\u00edskum uppruna og l\u00fdsir bar\u00e1ttu um konungd\u00f3m himinsins yfir margar gu\u00f0akynsl\u00f3\u00f0ir. Fr\u00e6\u00f0imenn hafa lengi s\u00e9\u00f0 tengsl vi\u00f0 gr\u00edska fr\u00e1s\u00f6gnina um \u00daranos, Kr\u00f3nos og Seif hj\u00e1 Hes\u00ed\u00f3dos. Hvort um er a\u00f0 r\u00e6\u00f0a beina yfirf\u00e6rslu e\u00f0a sameiginlega forn-austurlenska hef\u00f0 er enn umdeilt.<\/p><p>\u00c1 heildina liti\u00f0 s\u00fdnir heimsmynd Het\u00edta sterk tengsl milli gu\u00f0legrar reglu og velfarna\u00f0ar lands og konungs. Truflanir \u00e1 heimsskipulaginu komu fram me\u00f0 \u00e1\u00fereifanlegum h\u00e6tti \u00ed uppskerubresti, fars\u00f3tt e\u00f0a str\u00ed\u00f0i, og tr\u00faari\u00f0kunin stefndi fyrst og fremst a\u00f0 \u00fev\u00ed a\u00f0 koma raska\u00f0ri samb\u00fa\u00f0 manns og gu\u00f0s \u00ed samt lag aftur.<\/p>\t\t\t\t\t\t\t\t<\/div>\n\t\t\t\t\t<\/div>\n\t\t\t\t<\/div>\n\t\t\t\t\t<\/div>\n\t\t\t\t<\/div>\n\t\t<div class=\"elementor-element elementor-element-cp225d2efa e-flex e-con-boxed e-con e-parent\" data-id=\"cp225d2efa\" data-element_type=\"container\" data-e-type=\"container\">\n\t\t\t\t\t<div class=\"e-con-inner\">\n\t\t\t\t<div class=\"elementor-element elementor-element-cp2c3b1ba4 elementor-widget elementor-widget-heading\" data-id=\"cp2c3b1ba4\" data-element_type=\"widget\" data-e-type=\"widget\" data-widget_type=\"heading.default\">\n\t\t\t\t\t<h2 class=\"elementor-heading-title elementor-size-default\">Konunglegar b\u00e6nir, pl\u00e1gub\u00e6nir og samband vi\u00f0 n\u00e1grannar\u00edkin<\/h2>\t\t\t\t<\/div>\n\t\t<div class=\"elementor-element elementor-element-cp2ce4e533 e-flex e-con-boxed e-con e-child\" data-id=\"cp2ce4e533\" data-element_type=\"container\" data-e-type=\"container\">\n\t\t\t\t\t<div class=\"e-con-inner\">\n\t\t\t\t<div class=\"elementor-element elementor-element-cp288bbdf4 elementor-widget elementor-widget-text-editor\" data-id=\"cp288bbdf4\" data-element_type=\"widget\" data-e-type=\"widget\" data-widget_type=\"text-editor.default\">\n\t\t\t\t\t\t\t\t\t<p>S\u00e9rstaklega \u00e1hrifamikil textategund eru konungsb\u00e6nirnar, sem sl\u00e1 \u00f3venju pers\u00f3nulegan t\u00f3n. \u00deekktastar eru pl\u00e1gub\u00e6nir konungs Mur\u0161ili II., sem t\u00falka\u00f0i fars\u00f3tt sem geisa\u00f0i \u00e1rum saman sem gu\u00f0lega refsingu.<\/p><p>\u00cd textunum leitar konungurinn kerfisbundi\u00f0 orsakarins, r\u00e1\u00f0f\u00e6rir sig vi\u00f0 <span class=\"iwg-fachbegriff\" data-tooltip=\"Sta\u00f0ur e\u00f0a stofnun \u00fear sem leita\u00f0 er gu\u00f0legs svars.\" tabindex=\"0\">v\u00e9fr\u00e9tt<\/span>, j\u00e1tar \u00e1 sig misgj\u00f6r\u00f0ir f\u00f6\u00f0ur s\u00edns og bi\u00f0ur gu\u00f0ina a\u00f0 l\u00edta \u00e1 s\u00f6kina sem b\u00e6tta. \u00deessar b\u00e6nir eru tr\u00faars\u00f6gulega mikilv\u00e6gar \u00fev\u00ed \u00fe\u00e6r s\u00fdna hugmynd um brot, refsingu og yfirb\u00f3t sem byggist \u00e1 lagalega hugsu\u00f0u sambandi milli manns og gu\u00f0s.<\/p><p>Het\u00edska r\u00edki\u00f0 var \u00ed st\u00f6\u00f0ugum samskiptum vi\u00f0 n\u00e1granna s\u00edna. Fr\u00e1 Mes\u00f3p\u00f3tam\u00edu komu fleygr\u00fanaletur, akkad\u00edskir fr\u00e6\u00f0itextar og gu\u00f0ir \u00e1 bor\u00f0 vi\u00f0 I\u0161tar, sem birtist \u00ed het\u00edskum textum sem \u0160au\u0161ga.<\/p><p>Vi\u00f0 Egyptaland var, eftir orrustuna vi\u00f0 Kadesh, ger\u00f0ur fr\u00e6gur fri\u00f0arsamningur \u00fear sem tr\u00faarleg skilyr\u00f0i k\u00f6llu\u00f0u b\u00e6\u00f0i gu\u00f0aver\u00f6ldin til vitnis. Til vesturs m\u00e1 finna snertipunkta vi\u00f0 hinn fornege\u00edska heim, en umfang \u00feeirra er enn til umr\u00e6\u00f0u \u00ed fr\u00e6\u00f0unum.<\/p><p>Me\u00f0 falli r\u00edkisins um 1180 fyrir Krist lei\u00f0 het\u00edsk h\u00e1menning undir lok, en \u00ed su\u00f0austur Anat\u00f3l\u00edu og nor\u00f0ur S\u00fdrlandi lif\u00f0u \u00e1fram sm\u00e6rri, svok\u00f6llu\u00f0 s\u00ed\u00f0-het\u00edsk furstad\u00e6mi, sem eftirl\u00e9tu l\u00fav\u00edskar h\u00eder\u00f3gl\u00fdfu\u00e1letranir.<\/p><p>\u00cd gegnum \u00feau og \u00ed gegnum Gamla testamenti\u00f0, sem talar um Het\u00edta, h\u00e9lst nafni\u00f0 \u00ed minni, \u00e1 me\u00f0an raunveruleg \u00feekking var ekki endurheimt fyrr en \u00e1 tuttugustu \u00f6ld me\u00f0 fundi skjalasafna Hatt\u00fasa.<\/p>\t\t\t\t\t\t\t\t<\/div>\n\t\t\t\t\t<\/div>\n\t\t\t\t<\/div>\n\t\t\t\t\t<\/div>\n\t\t\t\t<\/div>\n\t\t<div class=\"elementor-element elementor-element-iwgha-hethitisch-sec e-flex e-con-boxed e-con e-parent\" data-id=\"iwgha-hethitisch-sec\" data-element_type=\"container\" data-e-type=\"container\">\n\t\t\t\t\t<div class=\"e-con-inner\">\n\t\t\t\t<div class=\"elementor-element elementor-element-iwgha-hethitisch-h elementor-widget elementor-widget-heading\" data-id=\"iwgha-hethitisch-h\" data-element_type=\"widget\" data-e-type=\"widget\" data-widget_type=\"heading.default\">\n\t\t\t\t\t<h2 class=\"elementor-heading-title elementor-size-default\">Verur \u00far \u00feessari hef\u00f0 (10)<\/h2>\t\t\t\t<\/div>\n\t\t<div class=\"elementor-element elementor-element-iwgha-hethitisch-gc e-flex e-con-boxed e-con e-parent\" data-id=\"iwgha-hethitisch-gc\" data-element_type=\"container\" data-e-type=\"container\">\n\t\t\t\t\t<div class=\"e-con-inner\">\n\t\t\t\t<div class=\"elementor-element elementor-element-iwgha-hethitisch-grid elementor-widget elementor-widget-text-editor\" data-id=\"iwgha-hethitisch-grid\" data-element_type=\"widget\" data-e-type=\"widget\" data-widget_type=\"text-editor.default\">\n\t\t\t\t\t\t\t\t\t<div class=\"iwg-wesen-grid\"><a class=\"iwg-wesen-card\" href=\"https:\/\/iwell-guard.com\/is\/anu-himingud-hattar-hurrita\/\" aria-label=\"Anu \u2013 Hatt\u00edsk-h\u00farr\u00edskur himingo\u00f0\"><div class=\"iwg-wesen-card-imgwrap\"><img decoding=\"async\" src=\"https:\/\/iwell-guard.com\/wp-content\/uploads\/2026\/05\/goetter_hethitisch_anu-hethitisch-200x300.webp\" alt=\"Anu \u2013 Hatt\u00edsk-h\u00farr\u00edskur himingo\u00f0\" loading=\"lazy\"><\/div><div class=\"iwg-wesen-card-body\"><div class=\"iwg-wesen-card-name\">Anu \u2013 Hatt\u00edsk-h\u00farr\u00edskur himingo\u00f0<\/div><div class=\"iwg-wesen-card-arrow\">\u2192 \u00c1 v\u00e6ttina<\/div><\/div><\/a><a class=\"iwg-wesen-card\" href=\"https:\/\/iwell-guard.com\/is\/arinna-solargydja-arinna\/\" aria-label=\"Arinna \u2013 S\u00f3largy\u00f0ja Arinna\"><div class=\"iwg-wesen-card-imgwrap\"><img decoding=\"async\" src=\"https:\/\/iwell-guard.com\/wp-content\/uploads\/2026\/05\/goetter_hethitisch_arinna-200x300.webp\" alt=\"Arinna \u2013 S\u00f3largy\u00f0ja Arinna\" loading=\"lazy\"><\/div><div class=\"iwg-wesen-card-body\"><div class=\"iwg-wesen-card-name\">Arinna \u2013 S\u00f3largy\u00f0ja Arinna<\/div><div class=\"iwg-wesen-card-arrow\">\u2192 \u00c1 v\u00e6ttina<\/div><\/div><\/a><a class=\"iwg-wesen-card\" href=\"https:\/\/iwell-guard.com\/is\/hebat-haest-gydja-hurrita\/\" aria-label=\"Hebat \u2013 h\u00e6st gy\u00f0ja H\u00farr\u00edta\"><div class=\"iwg-wesen-card-imgwrap\"><img decoding=\"async\" src=\"https:\/\/iwell-guard.com\/wp-content\/uploads\/2026\/05\/goetter_hethitisch_hebat-200x300.webp\" alt=\"Hebat \u2013 h\u00e6st gy\u00f0ja H\u00farr\u00edta\" loading=\"lazy\"><\/div><div class=\"iwg-wesen-card-body\"><div class=\"iwg-wesen-card-name\">Hebat \u2013 h\u00e6st gy\u00f0ja H\u00farr\u00edta<\/div><div class=\"iwg-wesen-card-arrow\">\u2192 \u00c1 v\u00e6ttina<\/div><\/div><\/a><a class=\"iwg-wesen-card\" href=\"https:\/\/iwell-guard.com\/is\/hedammu-sjavarofreskja\/\" aria-label=\"Hedammu \u2013 Sj\u00e1var\u00f3freskja Kumarbi-hringr\u00e1sarins\"><div class=\"iwg-wesen-card-imgwrap\"><img decoding=\"async\" src=\"https:\/\/iwell-guard.com\/wp-content\/uploads\/2026\/05\/goetter_hethitisch_hedammu-200x300.webp\" alt=\"Hedammu \u2013 Sj\u00e1var\u00f3freskja Kumarbi-hringr\u00e1sarins\" loading=\"lazy\"><\/div><div class=\"iwg-wesen-card-body\"><div class=\"iwg-wesen-card-name\">Hedammu \u2013 Sj\u00e1var\u00f3freskja Kumarbi-hringr\u00e1sarins<\/div><div class=\"iwg-wesen-card-arrow\">\u2192 \u00c1 v\u00e6ttina<\/div><\/div><\/a><a class=\"iwg-wesen-card\" href=\"https:\/\/iwell-guard.com\/is\/kumarbi-hurriskur-godafadir\/\" aria-label=\"Kumarbi \u2013 h\u00farr\u00edskur gu\u00f0afa\u00f0ir\"><div class=\"iwg-wesen-card-imgwrap\"><img decoding=\"async\" src=\"https:\/\/iwell-guard.com\/wp-content\/uploads\/2026\/05\/goetter_hethitisch_kumarbi-200x300.webp\" alt=\"Kumarbi \u2013 h\u00farr\u00edskur gu\u00f0afa\u00f0ir\" loading=\"lazy\"><\/div><div class=\"iwg-wesen-card-body\"><div class=\"iwg-wesen-card-name\">Kumarbi \u2013 h\u00farr\u00edskur gu\u00f0afa\u00f0ir<\/div><div class=\"iwg-wesen-card-arrow\">\u2192 \u00c1 v\u00e6ttina<\/div><\/div><\/a><a class=\"iwg-wesen-card\" href=\"https:\/\/iwell-guard.com\/is\/sarruma-hurrityskur-fjallgud-verndari-konunga\/\" aria-label=\"Sarruma \u2013 hurr\u00edskur fjallgu\u00f0 og verndari konunga\"><div class=\"iwg-wesen-card-imgwrap\"><img decoding=\"async\" src=\"https:\/\/iwell-guard.com\/wp-content\/uploads\/2026\/05\/goetter_hethitisch_sarruma-200x300.webp\" alt=\"Sarruma \u2013 hurr\u00edskur fjallgu\u00f0 og verndari konunga\" loading=\"lazy\"><\/div><div class=\"iwg-wesen-card-body\"><div class=\"iwg-wesen-card-name\">Sarruma \u2013 hurr\u00edskur fjallgu\u00f0 og verndari konunga<\/div><div class=\"iwg-wesen-card-arrow\">\u2192 \u00c1 v\u00e6ttina<\/div><\/div><\/a><a class=\"iwg-wesen-card\" href=\"https:\/\/iwell-guard.com\/is\/tarhunna-vedurgud-hetita\/\" aria-label=\"Tarhunna \u2013 ve\u00f0urgu\u00f0 Het\u00edta\"><div class=\"iwg-wesen-card-imgwrap\"><img decoding=\"async\" src=\"https:\/\/iwell-guard.com\/wp-content\/uploads\/2026\/05\/goetter_hethitisch_tarhunna-200x300.webp\" alt=\"Tarhunna \u2013 ve\u00f0urgu\u00f0 Het\u00edta\" loading=\"lazy\"><\/div><div class=\"iwg-wesen-card-body\"><div class=\"iwg-wesen-card-name\">Tarhunna \u2013 ve\u00f0urgu\u00f0 Het\u00edta<\/div><div class=\"iwg-wesen-card-arrow\">\u2192 \u00c1 v\u00e6ttina<\/div><\/div><\/a><a class=\"iwg-wesen-card\" href=\"https:\/\/iwell-guard.com\/is\/telipinu-grodurgud-hetita\/\" aria-label=\"Telipinu \u2013 gr\u00f3\u00f0urgu\u00f0 Het\u00edta\"><div class=\"iwg-wesen-card-imgwrap\"><img decoding=\"async\" src=\"https:\/\/iwell-guard.com\/wp-content\/uploads\/2026\/05\/goetter_hethitisch_telipinu-200x300.webp\" alt=\"Telipinu \u2013 gr\u00f3\u00f0urgu\u00f0 Het\u00edta\" loading=\"lazy\"><\/div><div class=\"iwg-wesen-card-body\"><div class=\"iwg-wesen-card-name\">Telipinu \u2013 gr\u00f3\u00f0urgu\u00f0 Het\u00edta<\/div><div class=\"iwg-wesen-card-arrow\">\u2192 \u00c1 v\u00e6ttina<\/div><\/div><\/a><a class=\"iwg-wesen-card\" href=\"https:\/\/iwell-guard.com\/is\/teshub-hurritiskur-vedurgud\/\" aria-label=\"Teshub \u2013 Hurr\u00edt\u00edskur ve\u00f0urgu\u00f0\"><div class=\"iwg-wesen-card-imgwrap\"><img decoding=\"async\" src=\"https:\/\/iwell-guard.com\/wp-content\/uploads\/2026\/05\/goetter_hethitisch_teshub-200x300.webp\" alt=\"Teshub \u2013 Hurr\u00edt\u00edskur ve\u00f0urgu\u00f0\" loading=\"lazy\"><\/div><div class=\"iwg-wesen-card-body\"><div class=\"iwg-wesen-card-name\">Teshub \u2013 Hurr\u00edt\u00edskur ve\u00f0urgu\u00f0<\/div><div class=\"iwg-wesen-card-arrow\">\u2192 \u00c1 v\u00e6ttina<\/div><\/div><\/a><a class=\"iwg-wesen-card\" href=\"https:\/\/iwell-guard.com\/is\/ullikummi-steinjotunn\/\" aria-label=\"Ullikummi \u2013 Steinj\u00f6tunn gegn gu\u00f0unum\"><div class=\"iwg-wesen-card-imgwrap\"><img decoding=\"async\" src=\"https:\/\/iwell-guard.com\/wp-content\/uploads\/2026\/05\/goetter_hethitisch_ullikummi-200x300.webp\" alt=\"Ullikummi \u2013 Steinj\u00f6tunn gegn gu\u00f0unum\" loading=\"lazy\"><\/div><div class=\"iwg-wesen-card-body\"><div class=\"iwg-wesen-card-name\">Ullikummi \u2013 Steinj\u00f6tunn gegn gu\u00f0unum<\/div><div class=\"iwg-wesen-card-arrow\">\u2192 \u00c1 v\u00e6ttina<\/div><\/div><\/a><\/div>\t\t\t\t\t\t\t\t<\/div>\n\t\t\t\t\t<\/div>\n\t\t\t\t<\/div>\n\t\t\t\t\t<\/div>\n\t\t\t\t<\/div>\n\t\t<div class=\"elementor-element elementor-element-iwgkw2-add-hethitisch e-flex e-con-boxed e-con e-parent\" data-id=\"iwgkw2-add-hethitisch\" data-element_type=\"container\" data-e-type=\"container\">\n\t\t\t\t\t<div class=\"e-con-inner\">\n\t\t\t\t<div class=\"elementor-element elementor-element-iwgkw2-add-hethitisch-t elementor-widget elementor-widget-text-editor\" data-id=\"iwgkw2-add-hethitisch-t\" data-element_type=\"widget\" data-e-type=\"widget\" data-widget_type=\"text-editor.default\">\n\t\t\t\t\t\t\t\t\t<p>Het\u00edska <em>varnarhef\u00f0in<\/em> byggir \u00e1 v\u00ed\u00f0t\u00e6kri <em>varnarhef\u00f0<\/em> galdra, hreinsunarrita og hof\u00fej\u00f3nustu, eins og h\u00fan er skjalfest \u00ed fleygr\u00fanaskjalas\u00f6fnum Hatt\u00fasa fyrir hina \u00fe\u00fasund gu\u00f0i Anat\u00f3l\u00edu.<\/p>\t\t\t\t\t\t\t\t<\/div>\n\t\t\t\t\t<\/div>\n\t\t\t\t<\/div>\n\t\t<div class=\"elementor-element elementor-element-iwgcn-hethitisch-kwd e-flex e-con-boxed e-con e-parent\" data-id=\"iwgcn-hethitisch-kwd\" data-element_type=\"container\" data-e-type=\"container\">\n\t\t\t\t\t<div class=\"e-con-inner\">\n\t\t<div class=\"elementor-element elementor-element-iwgcn-hethitisch-kwd-c e-con-full e-flex e-con e-child\" data-id=\"iwgcn-hethitisch-kwd-c\" data-element_type=\"container\" data-e-type=\"container\">\n\t\t\t\t<div class=\"elementor-element elementor-element-iwgcn-hethitisch-kwdt elementor-widget elementor-widget-text-editor\" data-id=\"iwgcn-hethitisch-kwdt\" data-element_type=\"widget\" data-e-type=\"widget\" data-widget_type=\"text-editor.default\">\n\t\t\t\t\t\t\t\t\t<p><em>Tengd kjarnahugt\u00f6k: Het\u00edtar Hatt\u00fasa Tarhunna Arinna Telipinu Hatt\u00edska H\u00farr\u00edska L\u00fav\u00edska Tarhunzas Suppiluliuma Yaz\u0131l\u0131kaya.<\/em><\/p>\t\t\t\t\t\t\t\t<\/div>\n\t\t\t\t<\/div>\n\t\t\t\t\t<\/div>\n\t\t\t\t<\/div>\n\t\t<div class=\"elementor-element elementor-element-iwgcn-hethitisch-cc e-flex e-con-boxed e-con e-parent\" data-id=\"iwgcn-hethitisch-cc\" data-element_type=\"container\" data-e-type=\"container\" id=\"iwg-cc-hethitisch\">\n\t\t\t\t\t<div class=\"e-con-inner\">\n\t\t<div class=\"elementor-element elementor-element-iwgcn-hethitisch-ccinner e-flex e-con-boxed e-con e-parent\" data-id=\"iwgcn-hethitisch-ccinner\" data-element_type=\"container\" data-e-type=\"container\" data-settings=\"{&quot;background_background&quot;:&quot;classic&quot;}\">\n\t\t\t\t\t<div class=\"e-con-inner\">\n\t\t\t\t<div class=\"elementor-element elementor-element-iwgcn-hethitisch-cch elementor-widget elementor-widget-heading\" data-id=\"iwgcn-hethitisch-cch\" data-element_type=\"widget\" data-e-type=\"widget\" data-widget_type=\"heading.default\">\n\t\t\t\t\t<h2 class=\"elementor-heading-title elementor-size-default\">Verndargripir \u00ed \u00feessari menningarhef\u00f0<\/h2>\t\t\t\t<\/div>\n\t\t\t\t<div class=\"elementor-element elementor-element-iwgcn-hethitisch-cct elementor-widget elementor-widget-text-editor\" data-id=\"iwgcn-hethitisch-cct\" data-element_type=\"widget\" data-e-type=\"widget\" data-widget_type=\"text-editor.default\">\n\t\t\t\t\t\t\t\t\t<p>Het\u00edsk-anat\u00f3l\u00edsk hef\u00f0 nota\u00f0i gu\u00f0astyttur \u00far gulli og silfri, r\u00fallu- og stimpilsigli me\u00f0 gu\u00f0amyndum og litla g\u00e6fuhengi sem bur\u00f0arlega varnargripi; hin rit\u00faal\u00edska i\u00f0kun \u00feekkti munn- og hreinsunarrit.<\/p><div data-nosnippet=\"true\"><p>iWell Guard fellur inn \u00ed \u00feessa menningars\u00f6gulegu hef\u00f0 bur\u00f0arlegra varnargripa, \u00ed samt\u00edmalegri efnis\u00fatf\u00e6rslu, framleitt \u00ed \u00de\u00fdskalandi. 41 lag, alv\u00f6ru gull, plat\u00edna, silfur. 30 daga skilar\u00e9ttur.<\/p><\/div>\t\t\t\t\t\t\t\t<\/div>\n\t\t\t\t<div class=\"elementor-element elementor-element-iwgcn-hethitisch-ccb iwg-cc-button iwg-cc-cta-2026-05-13 elementor-widget elementor-widget-jet-button\" data-id=\"iwgcn-hethitisch-ccb\" data-element_type=\"widget\" data-e-type=\"widget\" data-widget_type=\"jet-button.default\">\n\t\t\t\t<div class=\"elementor-widget-container\">\n\t\t\t\t\t<div class=\"elementor-jet-button jet-elements\"><div class=\"jet-button__container\"><a class=\"jet-button__instance jet-button__instance--icon-left hover-effect-1\" href=\"\/ueber-iwell-guard\/?utm_source=iwell-guard.com&amp;utm_medium=info-box&amp;utm_campaign=kultur-tradition\"><div class=\"jet-button__plane jet-button__plane-normal\"><\/div><div class=\"jet-button__plane jet-button__plane-hover\"><\/div><div class=\"jet-button__state jet-button__state-normal\"><span class=\"jet-button__label\">Meira um iWell Guard<\/span><\/div><div class=\"jet-button__state jet-button__state-hover\"><span class=\"jet-button__label\">Meira um iWell Guard<\/span><\/div><\/a><\/div><\/div><style>.elementor-element.elementor-element-iwgcn-hethitisch-ccb .jet-button__instance{width:320px;height:56px;}.elementor-element.elementor-element-iwgcn-hethitisch-ccb .jet-button__state-normal .jet-button__label{text-align:center;margin:0px 0px 0px 0px;color:#1a1b20;font-family:Montserrat,sans-serif;font-size:13px;font-weight:400;letter-spacing:4px;line-height:1.714em;text-transform:uppercase;}.elementor-element.elementor-element-iwgcn-hethitisch-ccb .jet-button__state-hover .jet-button__label{text-align:center;margin:0px 0px 0px 0px;color:#FECC76;font-family:Montserrat,sans-serif;font-size:13px;font-weight:400;letter-spacing:4px;line-height:1.714em;text-transform:uppercase;}.elementor-element.elementor-element-iwgcn-hethitisch-ccb .jet-button__plane-normal{background-color:#FECC76;border-style:solid;border-color:#C99540;border-width:2px 2px 2px 2px;}.elementor-element.elementor-element-iwgcn-hethitisch-ccb .jet-button__plane-hover{background-color:rgba(0,0,0,0.55);border-style:solid;border-color:#FECC76;border-width:2px 2px 2px 2px;}<\/style>\t\t\t\t<\/div>\n\t\t\t\t<\/div>\n\t\t\t\t<div class=\"elementor-element elementor-element-iwgcn-hethitisch-ccd elementor-widget elementor-widget-text-editor\" data-id=\"iwgcn-hethitisch-ccd\" data-element_type=\"widget\" data-e-type=\"widget\" data-widget_type=\"text-editor.default\">\n\t\t\t\t\t\t\t\t\t<div data-nosnippet=\"true\"><p style=\"text-align:center;font-size:13px;opacity:0.7;margin-top:14px\" data-nosnippet=\"true\">Pers\u00f3nuleg reynsla getur veri\u00f0 mismunandi. Ekki l\u00e6kningat\u00e6ki. Engin lofor\u00f0 um l\u00e6kningu.<\/p><\/div>\t\t\t\t\t\t\t\t<\/div>\n\t\t\t\t\t<\/div>\n\t\t\t\t<\/div>\n\t\t\t\t\t<\/div>\n\t\t\t\t<\/div>\n\t\t<div class=\"elementor-element elementor-element-iwgcn-hethitisch-disc e-flex e-con-boxed e-con e-parent\" data-id=\"iwgcn-hethitisch-disc\" data-element_type=\"container\" data-e-type=\"container\">\n\t\t\t\t\t<div class=\"e-con-inner\">\n\t\t\t\t<div class=\"elementor-element elementor-element-iwgcn-hethitisch-discw elementor-widget elementor-widget-html\" data-id=\"iwgcn-hethitisch-discw\" data-element_type=\"widget\" data-e-type=\"widget\" data-widget_type=\"html.default\">\n\t\t\t\t\t<footer data-nosnippet=\"true\" class=\"iwg-disclaimer-block\"><p data-nosnippet=\"true\">iWell Guard er <strong>ekki l\u00e6kningat\u00e6ki<\/strong> og kemur ekki \u00ed sta\u00f0inn fyrir l\u00e6knis- e\u00f0a s\u00e1lfr\u00e6\u00f0ime\u00f0fer\u00f0. Tr\u00faarfr\u00e6\u00f0ilegt efni er menningars\u00f6gulegt samhengi, ekki r\u00e1\u00f0legging um andlega i\u00f0kun.<\/p><\/footer>\t\t\t\t<\/div>\n\t\t\t\t\t<\/div>\n\t\t\t\t<\/div>\n\t\t\t\t<\/div>\n\t\t","protected":false},"excerpt":{"rendered":"","protected":false},"author":3,"featured_media":2835,"parent":0,"menu_order":0,"comment_status":"closed","ping_status":"closed","template":"elementor_header_footer","meta":{"_yoast_wpseo_focuskw":"hett\u00edtago\u00f0ir","_yoast_wpseo_title":"Hett\u00edtago\u00f0ir \u2013 Teshub, Hebat og Anat\u00f3l\u00eda | iWell Guard","_yoast_wpseo_metadesc":"Gu\u00f0ir Hett\u00edta: Teshub (\u00ferumugu\u00f0), Hebat (s\u00f3largy\u00f0ja), Sharruma. \u00de\u00fasund gu\u00f0ir Hatti sameinu\u00f0u hatt\u00edska, h\u00farr\u00edska og l\u00fav\u00edska hef\u00f0.","_yoast_wpseo_meta-robots-noindex":"","_yoast_wpseo_canonical":"","_angie_page":false,"gefaehrdungsstufe":"","wesen_kultur":"","wesen_klasse":"","footnotes":""},"categories":[],"class_list":["post-168913","page","type-page","status-publish","has-post-thumbnail","hentry"],"yoast_head":"<!-- This site is optimized with the Yoast SEO Premium plugin v27.7 (Yoast SEO v28.3) - https:\/\/yoast.com\/product\/yoast-seo-premium-wordpress\/ -->\n<title>Hett\u00edtago\u00f0ir \u2013 Teshub, Hebat og Anat\u00f3l\u00eda | iWell Guard<\/title>\n<meta name=\"description\" content=\"Gu\u00f0ir Hett\u00edta: Teshub (\u00ferumugu\u00f0), Hebat (s\u00f3largy\u00f0ja), Sharruma. \u00de\u00fasund gu\u00f0ir Hatti sameinu\u00f0u hatt\u00edska, h\u00farr\u00edska og l\u00fav\u00edska hef\u00f0.\" \/>\n<meta name=\"robots\" content=\"index, follow, max-snippet:-1, max-image-preview:large, max-video-preview:-1\" \/>\n<link rel=\"canonical\" href=\"https:\/\/iwell-guard.com\/is\/hettitar-anatolia-tarhunna-vernd\/\" \/>\n<meta property=\"og:locale\" content=\"is_IS\" \/>\n<meta property=\"og:type\" content=\"article\" \/>\n<meta property=\"og:title\" content=\"Hett\u00edtar og Anat\u00f3l\u00eda \u2013 Tarhunna, \u00fe\u00fasund gu\u00f0ir og verndarhef\u00f0ir\" \/>\n<meta property=\"og:description\" content=\"Gu\u00f0ir Hett\u00edta: Teshub (\u00ferumugu\u00f0), Hebat (s\u00f3largy\u00f0ja), Sharruma. \u00de\u00fasund gu\u00f0ir Hatti sameinu\u00f0u hatt\u00edska, h\u00farr\u00edska og l\u00fav\u00edska hef\u00f0.\" \/>\n<meta property=\"og:url\" content=\"https:\/\/iwell-guard.com\/is\/hettitar-anatolia-tarhunna-vernd\/\" \/>\n<meta property=\"og:site_name\" content=\"iWell Guard\" \/>\n<meta property=\"article:modified_time\" content=\"2026-09-05T14:22:38+00:00\" \/>\n<meta property=\"og:image\" content=\"https:\/\/iwell-guard.com\/wp-content\/uploads\/2026\/05\/goetter_hethitisch_anu-hethitisch.webp\" \/>\n\t<meta property=\"og:image:width\" content=\"1024\" \/>\n\t<meta property=\"og:image:height\" content=\"1536\" \/>\n\t<meta property=\"og:image:type\" content=\"image\/webp\" \/>\n<meta name=\"twitter:card\" content=\"summary_large_image\" \/>\n<script type=\"application\/ld+json\" class=\"yoast-schema-graph\">{\"@context\":\"https:\\\/\\\/schema.org\",\"@graph\":[{\"@type\":\"WebPage\",\"@id\":\"https:\\\/\\\/iwell-guard.com\\\/is\\\/hettitar-anatolia-tarhunna-vernd\\\/\",\"url\":\"https:\\\/\\\/iwell-guard.com\\\/is\\\/hettitar-anatolia-tarhunna-vernd\\\/\",\"name\":\"Hett\u00edtago\u00f0ir \u2013 Teshub, Hebat og Anat\u00f3l\u00eda | iWell Guard\",\"isPartOf\":{\"@id\":\"https:\\\/\\\/iwell-guard.com\\\/is\\\/#website\"},\"primaryImageOfPage\":{\"@id\":\"https:\\\/\\\/iwell-guard.com\\\/is\\\/hettitar-anatolia-tarhunna-vernd\\\/#primaryimage\"},\"image\":{\"@id\":\"https:\\\/\\\/iwell-guard.com\\\/is\\\/hettitar-anatolia-tarhunna-vernd\\\/#primaryimage\"},\"thumbnailUrl\":\"https:\\\/\\\/iwell-guard.com\\\/wp-content\\\/uploads\\\/2026\\\/05\\\/goetter_hethitisch_anu-hethitisch.webp\",\"datePublished\":\"2026-09-05T14:04:00+00:00\",\"dateModified\":\"2026-09-05T14:22:38+00:00\",\"description\":\"Gu\u00f0ir Hett\u00edta: Teshub (\u00ferumugu\u00f0), Hebat (s\u00f3largy\u00f0ja), Sharruma. \u00de\u00fasund gu\u00f0ir Hatti sameinu\u00f0u hatt\u00edska, h\u00farr\u00edska og l\u00fav\u00edska hef\u00f0.\",\"breadcrumb\":{\"@id\":\"https:\\\/\\\/iwell-guard.com\\\/is\\\/hettitar-anatolia-tarhunna-vernd\\\/#breadcrumb\"},\"inLanguage\":\"is\",\"potentialAction\":[{\"@type\":\"ReadAction\",\"target\":[\"https:\\\/\\\/iwell-guard.com\\\/is\\\/hettitar-anatolia-tarhunna-vernd\\\/\"]}]},{\"@type\":\"ImageObject\",\"inLanguage\":\"is\",\"@id\":\"https:\\\/\\\/iwell-guard.com\\\/is\\\/hettitar-anatolia-tarhunna-vernd\\\/#primaryimage\",\"url\":\"https:\\\/\\\/iwell-guard.com\\\/wp-content\\\/uploads\\\/2026\\\/05\\\/goetter_hethitisch_anu-hethitisch.webp\",\"contentUrl\":\"https:\\\/\\\/iwell-guard.com\\\/wp-content\\\/uploads\\\/2026\\\/05\\\/goetter_hethitisch_anu-hethitisch.webp\",\"width\":1024,\"height\":1536,\"caption\":\"Gu\u00f0ir \u00far het\u00edta-hef\u00f0inni.\"},{\"@type\":\"BreadcrumbList\",\"@id\":\"https:\\\/\\\/iwell-guard.com\\\/is\\\/hettitar-anatolia-tarhunna-vernd\\\/#breadcrumb\",\"itemListElement\":[{\"@type\":\"ListItem\",\"position\":1,\"name\":\"Start\",\"item\":\"https:\\\/\\\/iwell-guard.com\\\/is\\\/?page_id=168580\"},{\"@type\":\"ListItem\",\"position\":2,\"name\":\"Hett\u00edtar og Anat\u00f3l\u00eda \u2013 Tarhunna, \u00fe\u00fasund gu\u00f0ir og verndarhef\u00f0ir\"}]},{\"@type\":\"WebSite\",\"@id\":\"https:\\\/\\\/iwell-guard.com\\\/is\\\/#website\",\"url\":\"https:\\\/\\\/iwell-guard.com\\\/is\\\/\",\"name\":\"iWell Guard\",\"description\":\"Schutz vor dunklen Einfl\u00fcssen\",\"publisher\":{\"@id\":\"https:\\\/\\\/iwell-guard.com\\\/is\\\/#organization\"},\"potentialAction\":[{\"@type\":\"SearchAction\",\"target\":{\"@type\":\"EntryPoint\",\"urlTemplate\":\"https:\\\/\\\/iwell-guard.com\\\/is\\\/?s={search_term_string}\"},\"query-input\":{\"@type\":\"PropertyValueSpecification\",\"valueRequired\":true,\"valueName\":\"search_term_string\"}}],\"inLanguage\":\"is\"},{\"@type\":\"Organization\",\"@id\":\"https:\\\/\\\/iwell-guard.com\\\/is\\\/#organization\",\"name\":\"Ittermann electronic GmbH\",\"url\":\"https:\\\/\\\/iwell-guard.com\\\/is\\\/\",\"logo\":{\"@type\":\"ImageObject\",\"inLanguage\":\"is\",\"@id\":\"https:\\\/\\\/iwell-guard.com\\\/is\\\/#\\\/schema\\\/logo\\\/image\\\/\",\"url\":\"https:\\\/\\\/iwell-guard.com\\\/wp-content\\\/uploads\\\/2026\\\/05\\\/Ittermann-Logo-1182x237-1.png\",\"contentUrl\":\"https:\\\/\\\/iwell-guard.com\\\/wp-content\\\/uploads\\\/2026\\\/05\\\/Ittermann-Logo-1182x237-1.png\",\"width\":1182,\"height\":237,\"caption\":\"Ittermann electronic GmbH\"},\"image\":{\"@id\":\"https:\\\/\\\/iwell-guard.com\\\/is\\\/#\\\/schema\\\/logo\\\/image\\\/\"},\"sameAs\":[\"https:\\\/\\\/pantip.com\\\/profile\\\/9367242\",\"https:\\\/\\\/micro.blog\\\/iwellguard\",\"https:\\\/\\\/www.diggerslist.com\\\/iwellguard\\\/about\",\"https:\\\/\\\/skitterphoto.com\\\/photographers\\\/2870314\\\/iwell-guard\",\"https:\\\/\\\/iwellguard.wordpress.com\\\/2026\\\/06\\\/06\\\/iwell-guard\\\/\",\"https:\\\/\\\/hub.docker.com\\\/u\\\/iwellguard\",\"https:\\\/\\\/www.pinterest.com\\\/iwellguard\\\/\",\"https:\\\/\\\/bit.ly\\\/m\\\/iwellguard\",\"https:\\\/\\\/entre-vos-mains.alsace.eu\\\/profiles\\\/iwellguard\\\/activity\",\"https:\\\/\\\/gravatar.com\\\/reallybeded8fd34\",\"https:\\\/\\\/naijamatta.com\\\/iwellguard\",\"https:\\\/\\\/www.goodreads.com\\\/iwellguard\",\"https:\\\/\\\/profile.hatena.ne.jp\\\/iwellguard\\\/\",\"https:\\\/\\\/experiment.com\\\/users\\\/iwellguard\",\"https:\\\/\\\/wakelet.com\\\/@iWellGuard82270\",\"https:\\\/\\\/www.chordie.com\\\/forum\\\/profile.php?id=2555664\",\"https:\\\/\\\/www.instapaper.com\\\/p\\\/17757966\",\"https:\\\/\\\/www.mapleprimes.com\\\/users\\\/iwellguard\",\"https:\\\/\\\/businesslistingplus.com\\\/profile\\\/iwell-guard\\\/\",\"https:\\\/\\\/telegra.ph\\\/iWell-Guard-06-06\",\"https:\\\/\\\/pbase.com\\\/iwellguard\\\/iwellguard\",\"https:\\\/\\\/b.hatena.ne.jp\\\/iwellguard\\\/20260607#bookmark-4788405196491818882\",\"https:\\\/\\\/fliphtml5.com\\\/home\\\/iwellguard\",\"https:\\\/\\\/anyflip.com\\\/homepage\\\/cmiwl#About\",\"https:\\\/\\\/transfur.com\\\/Users\\\/iwellguard\",\"http:\\\/\\\/delphi.larsbo.org\\\/user\\\/iwellguard\",\"https:\\\/\\\/jobs.lajobsportal.org\\\/profiles\\\/8380803-iwell-guard\",\"https:\\\/\\\/md.chaosdorf.de\\\/s\\\/jfbe5SBdJD\",\"https:\\\/\\\/www.lingvolive.com\\\/en-us\\\/profile\\\/9ecaeaca-ce11-4e51-9e71-01d55e2bff36\\\/translations\",\"https:\\\/\\\/www.fitday.com\\\/fitness\\\/forums\\\/members\\\/iwellguard.html\",\"https:\\\/\\\/www.mymeetbook.com\\\/iwellguard\",\"https:\\\/\\\/pxhere.com\\\/en\\\/photographer-me\\\/5040798\",\"https:\\\/\\\/disqus.com\\\/by\\\/iwellguard\\\/about\\\/\",\"https:\\\/\\\/pastelink.net\\\/hjwciqwq\",\"https:\\\/\\\/pubhtml5.com\\\/homepage\\\/scjhn\\\/\",\"https:\\\/\\\/www.bitchute.com\\\/channel\\\/2O2eOKzNqujT\",\"https:\\\/\\\/audiomack.com\\\/iwellguard\"]}]}<\/script>\n<!-- \/ Yoast SEO Premium plugin. -->","yoast_head_json":{"title":"Hett\u00edtago\u00f0ir \u2013 Teshub, Hebat og Anat\u00f3l\u00eda | iWell Guard","description":"Gu\u00f0ir Hett\u00edta: Teshub (\u00ferumugu\u00f0), Hebat (s\u00f3largy\u00f0ja), Sharruma. \u00de\u00fasund gu\u00f0ir Hatti sameinu\u00f0u hatt\u00edska, h\u00farr\u00edska og l\u00fav\u00edska hef\u00f0.","robots":{"index":"index","follow":"follow","max-snippet":"max-snippet:-1","max-image-preview":"max-image-preview:large","max-video-preview":"max-video-preview:-1"},"canonical":"https:\/\/iwell-guard.com\/is\/hettitar-anatolia-tarhunna-vernd\/","og_locale":"is_IS","og_type":"article","og_title":"Hett\u00edtar og Anat\u00f3l\u00eda \u2013 Tarhunna, \u00fe\u00fasund gu\u00f0ir og verndarhef\u00f0ir","og_description":"Gu\u00f0ir Hett\u00edta: Teshub (\u00ferumugu\u00f0), Hebat (s\u00f3largy\u00f0ja), Sharruma. \u00de\u00fasund gu\u00f0ir Hatti sameinu\u00f0u hatt\u00edska, h\u00farr\u00edska og l\u00fav\u00edska hef\u00f0.","og_url":"https:\/\/iwell-guard.com\/is\/hettitar-anatolia-tarhunna-vernd\/","og_site_name":"iWell Guard","article_modified_time":"2026-09-05T14:22:38+00:00","og_image":[{"width":1024,"height":1536,"url":"https:\/\/iwell-guard.com\/wp-content\/uploads\/2026\/05\/goetter_hethitisch_anu-hethitisch.webp","type":"image\/webp"}],"twitter_card":"summary_large_image","schema":{"@context":"https:\/\/schema.org","@graph":[{"@type":"WebPage","@id":"https:\/\/iwell-guard.com\/is\/hettitar-anatolia-tarhunna-vernd\/","url":"https:\/\/iwell-guard.com\/is\/hettitar-anatolia-tarhunna-vernd\/","name":"Hett\u00edtago\u00f0ir \u2013 Teshub, Hebat og Anat\u00f3l\u00eda | iWell Guard","isPartOf":{"@id":"https:\/\/iwell-guard.com\/is\/#website"},"primaryImageOfPage":{"@id":"https:\/\/iwell-guard.com\/is\/hettitar-anatolia-tarhunna-vernd\/#primaryimage"},"image":{"@id":"https:\/\/iwell-guard.com\/is\/hettitar-anatolia-tarhunna-vernd\/#primaryimage"},"thumbnailUrl":"https:\/\/iwell-guard.com\/wp-content\/uploads\/2026\/05\/goetter_hethitisch_anu-hethitisch.webp","datePublished":"2026-09-05T14:04:00+00:00","dateModified":"2026-09-05T14:22:38+00:00","description":"Gu\u00f0ir Hett\u00edta: Teshub (\u00ferumugu\u00f0), Hebat (s\u00f3largy\u00f0ja), Sharruma. \u00de\u00fasund gu\u00f0ir Hatti sameinu\u00f0u hatt\u00edska, h\u00farr\u00edska og l\u00fav\u00edska hef\u00f0.","breadcrumb":{"@id":"https:\/\/iwell-guard.com\/is\/hettitar-anatolia-tarhunna-vernd\/#breadcrumb"},"inLanguage":"is","potentialAction":[{"@type":"ReadAction","target":["https:\/\/iwell-guard.com\/is\/hettitar-anatolia-tarhunna-vernd\/"]}]},{"@type":"ImageObject","inLanguage":"is","@id":"https:\/\/iwell-guard.com\/is\/hettitar-anatolia-tarhunna-vernd\/#primaryimage","url":"https:\/\/iwell-guard.com\/wp-content\/uploads\/2026\/05\/goetter_hethitisch_anu-hethitisch.webp","contentUrl":"https:\/\/iwell-guard.com\/wp-content\/uploads\/2026\/05\/goetter_hethitisch_anu-hethitisch.webp","width":1024,"height":1536,"caption":"Gu\u00f0ir \u00far het\u00edta-hef\u00f0inni."},{"@type":"BreadcrumbList","@id":"https:\/\/iwell-guard.com\/is\/hettitar-anatolia-tarhunna-vernd\/#breadcrumb","itemListElement":[{"@type":"ListItem","position":1,"name":"Start","item":"https:\/\/iwell-guard.com\/is\/?page_id=168580"},{"@type":"ListItem","position":2,"name":"Hett\u00edtar og Anat\u00f3l\u00eda \u2013 Tarhunna, \u00fe\u00fasund gu\u00f0ir og verndarhef\u00f0ir"}]},{"@type":"WebSite","@id":"https:\/\/iwell-guard.com\/is\/#website","url":"https:\/\/iwell-guard.com\/is\/","name":"iWell Guard","description":"Schutz vor dunklen Einfl\u00fcssen","publisher":{"@id":"https:\/\/iwell-guard.com\/is\/#organization"},"potentialAction":[{"@type":"SearchAction","target":{"@type":"EntryPoint","urlTemplate":"https:\/\/iwell-guard.com\/is\/?s={search_term_string}"},"query-input":{"@type":"PropertyValueSpecification","valueRequired":true,"valueName":"search_term_string"}}],"inLanguage":"is"},{"@type":"Organization","@id":"https:\/\/iwell-guard.com\/is\/#organization","name":"Ittermann electronic GmbH","url":"https:\/\/iwell-guard.com\/is\/","logo":{"@type":"ImageObject","inLanguage":"is","@id":"https:\/\/iwell-guard.com\/is\/#\/schema\/logo\/image\/","url":"https:\/\/iwell-guard.com\/wp-content\/uploads\/2026\/05\/Ittermann-Logo-1182x237-1.png","contentUrl":"https:\/\/iwell-guard.com\/wp-content\/uploads\/2026\/05\/Ittermann-Logo-1182x237-1.png","width":1182,"height":237,"caption":"Ittermann electronic GmbH"},"image":{"@id":"https:\/\/iwell-guard.com\/is\/#\/schema\/logo\/image\/"},"sameAs":["https:\/\/pantip.com\/profile\/9367242","https:\/\/micro.blog\/iwellguard","https:\/\/www.diggerslist.com\/iwellguard\/about","https:\/\/skitterphoto.com\/photographers\/2870314\/iwell-guard","https:\/\/iwellguard.wordpress.com\/2026\/06\/06\/iwell-guard\/","https:\/\/hub.docker.com\/u\/iwellguard","https:\/\/www.pinterest.com\/iwellguard\/","https:\/\/bit.ly\/m\/iwellguard","https:\/\/entre-vos-mains.alsace.eu\/profiles\/iwellguard\/activity","https:\/\/gravatar.com\/reallybeded8fd34","https:\/\/naijamatta.com\/iwellguard","https:\/\/www.goodreads.com\/iwellguard","https:\/\/profile.hatena.ne.jp\/iwellguard\/","https:\/\/experiment.com\/users\/iwellguard","https:\/\/wakelet.com\/@iWellGuard82270","https:\/\/www.chordie.com\/forum\/profile.php?id=2555664","https:\/\/www.instapaper.com\/p\/17757966","https:\/\/www.mapleprimes.com\/users\/iwellguard","https:\/\/businesslistingplus.com\/profile\/iwell-guard\/","https:\/\/telegra.ph\/iWell-Guard-06-06","https:\/\/pbase.com\/iwellguard\/iwellguard","https:\/\/b.hatena.ne.jp\/iwellguard\/20260607#bookmark-4788405196491818882","https:\/\/fliphtml5.com\/home\/iwellguard","https:\/\/anyflip.com\/homepage\/cmiwl#About","https:\/\/transfur.com\/Users\/iwellguard","http:\/\/delphi.larsbo.org\/user\/iwellguard","https:\/\/jobs.lajobsportal.org\/profiles\/8380803-iwell-guard","https:\/\/md.chaosdorf.de\/s\/jfbe5SBdJD","https:\/\/www.lingvolive.com\/en-us\/profile\/9ecaeaca-ce11-4e51-9e71-01d55e2bff36\/translations","https:\/\/www.fitday.com\/fitness\/forums\/members\/iwellguard.html","https:\/\/www.mymeetbook.com\/iwellguard","https:\/\/pxhere.com\/en\/photographer-me\/5040798","https:\/\/disqus.com\/by\/iwellguard\/about\/","https:\/\/pastelink.net\/hjwciqwq","https:\/\/pubhtml5.com\/homepage\/scjhn\/","https:\/\/www.bitchute.com\/channel\/2O2eOKzNqujT","https:\/\/audiomack.com\/iwellguard"]}]}},"_links":{"self":[{"href":"https:\/\/iwell-guard.com\/is\/wp-json\/wp\/v2\/pages\/168913","targetHints":{"allow":["GET"]}}],"collection":[{"href":"https:\/\/iwell-guard.com\/is\/wp-json\/wp\/v2\/pages"}],"about":[{"href":"https:\/\/iwell-guard.com\/is\/wp-json\/wp\/v2\/types\/page"}],"author":[{"embeddable":true,"href":"https:\/\/iwell-guard.com\/is\/wp-json\/wp\/v2\/users\/3"}],"replies":[{"embeddable":true,"href":"https:\/\/iwell-guard.com\/is\/wp-json\/wp\/v2\/comments?post=168913"}],"version-history":[{"count":0,"href":"https:\/\/iwell-guard.com\/is\/wp-json\/wp\/v2\/pages\/168913\/revisions"}],"wp:featuredmedia":[{"embeddable":true,"href":"https:\/\/iwell-guard.com\/is\/wp-json\/wp\/v2\/media\/2835"}],"wp:attachment":[{"href":"https:\/\/iwell-guard.com\/is\/wp-json\/wp\/v2\/media?parent=168913"}],"wp:term":[{"taxonomy":"category","embeddable":true,"href":"https:\/\/iwell-guard.com\/is\/wp-json\/wp\/v2\/categories?post=168913"}],"curies":[{"name":"wp","href":"https:\/\/api.w.org\/{rel}","templated":true}]}}