{"id":168912,"date":"2026-09-05T14:04:00","date_gmt":"2026-09-05T14:04:00","guid":{"rendered":"https:\/\/iwell-guard.com\/?page_id=168912"},"modified":"2026-09-05T14:22:37","modified_gmt":"2026-09-05T14:22:37","slug":"etruskisk-trubrogd-haruspex-disciplina","status":"publish","type":"page","link":"https:\/\/iwell-guard.com\/is\/etruskisk-trubrogd-haruspex-disciplina\/","title":{"rendered":"Etr\u00fask tr\u00faarbr\u00f6g\u00f0 \u2013 Haruspex, Disciplina og verndarhef\u00f0ir"},"content":{"rendered":"\t\t<div data-elementor-type=\"wp-page\" data-elementor-id=\"168912\" class=\"elementor elementor-168912 elementor-2567 elementor-bc-flex-widget\" data-elementor-post-type=\"page\">\n\t\t\t\t<div class=\"elementor-element elementor-element-iwgcn-etruskisch-hero iwg-kultur-hero e-flex e-con-boxed e-con e-parent\" data-id=\"iwgcn-etruskisch-hero\" data-element_type=\"container\" data-e-type=\"container\">\n\t\t\t\t\t<div class=\"e-con-inner\">\n\t\t<div class=\"elementor-element elementor-element-iwgcn-etruskisch-hl iwg-kultur-hero-left e-flex e-con-boxed e-con e-child\" data-id=\"iwgcn-etruskisch-hl\" data-element_type=\"container\" data-e-type=\"container\">\n\t\t\t\t\t<div class=\"e-con-inner\">\n\t\t\t\t<div class=\"elementor-element elementor-element-iwgcn-etruskisch-h1 elementor-widget elementor-widget-heading\" data-id=\"iwgcn-etruskisch-h1\" data-element_type=\"widget\" data-e-type=\"widget\" data-widget_type=\"heading.default\">\n\t\t\t\t\t<h1 class=\"elementor-heading-title elementor-size-default\">Etr\u00faskir gu\u00f0ir, Tinia, Uni og haruspex-pantheoni\u00f0<\/h1>\t\t\t\t<\/div>\n\t\t<div class=\"elementor-element elementor-element-iwgcn-etruskisch-leadc e-con-full e-flex e-con e-child\" data-id=\"iwgcn-etruskisch-leadc\" data-element_type=\"container\" data-e-type=\"container\">\n\t\t\t\t<div class=\"elementor-element elementor-element-iwgcn-etruskisch-lead elementor-widget elementor-widget-text-editor\" data-id=\"iwgcn-etruskisch-lead\" data-element_type=\"widget\" data-e-type=\"widget\" data-widget_type=\"text-editor.default\">\n\t\t\t\t\t\t\t\t\t<p>Etr\u00faskar bjuggu \u00e1 t\u00edmabilinu fr\u00e1 9. til 1. \u00f6ld f.o.t. \u00ed \u00fev\u00ed sv\u00e6\u00f0i sem n\u00fa er Etr\u00far\u00eda (Toskana, Lat\u00edum, Umbr\u00eda) og \u00fer\u00f3u\u00f0u sj\u00e1lfst\u00e6\u00f0a h\u00e1stigsmenningu me\u00f0 fl\u00f3kin tr\u00faarbr\u00f6g\u00f0. Hef\u00f0 \u00feeirra haf\u00f0i mikil \u00e1hrif \u00e1 R\u00f3m til forna, allt fr\u00e1 haruspicin-hef\u00f0inni til bullunnar sem verndargrips. Etr\u00faskt tungum\u00e1l er ekki ind\u00f3evr\u00f3pskt og er a\u00f0eins a\u00f0 hluta r\u00e1\u00f0i\u00f0.<\/p><p>Etr\u00faska verndarhef\u00f0in er h\u00e9r sett fram sem sj\u00e1lfst\u00e6tt efni.<\/p>\n<p class=\"iwg-kwfix\">Haruspex-pantheoni\u00f0, \u00fe.e. hringur gu\u00f0anna sem innyflasko\u00f0endur (haruspices) leitu\u00f0u svara hj\u00e1 vi\u00f0 t\u00falkun lifrarins, skipti himninum \u00ed sext\u00e1n geira og hverju sv\u00e6\u00f0i var \u00fathlutu\u00f0 s\u00e9rst\u00f6k gu\u00f0d\u00f3mur.<\/p>\t\t\t\t\t\t\t\t<\/div>\n\t\t\t\t<\/div>\n\t\t\t\t\t<\/div>\n\t\t\t\t<\/div>\n\t\t<div class=\"elementor-element elementor-element-iwgcn-etruskisch-hr iwg-kultur-hero-right e-flex e-con-boxed e-con e-child\" data-id=\"iwgcn-etruskisch-hr\" data-element_type=\"container\" data-e-type=\"container\">\n\t\t\t\t\t<div class=\"e-con-inner\">\n\t\t\t\t<div class=\"elementor-element elementor-element-iwgcn-etruskisch-himg iwg-hero-image elementor-widget elementor-widget-image\" data-id=\"iwgcn-etruskisch-himg\" data-element_type=\"widget\" data-e-type=\"widget\" data-widget_type=\"image.default\">\n\t\t\t\t\t\t\t\t\t\t\t\t\t\t\t<img fetchpriority=\"high\" decoding=\"async\" width=\"683\" height=\"1024\" src=\"https:\/\/iwell-guard.com\/wp-content\/uploads\/2026\/05\/goetter_etruskisch_aita-1-683x1024.webp\" class=\"attachment-large size-large wp-image-170831\" alt=\"Aita \u2013 gu\u00f0 \u00far etr\u00faskri hef\u00f0, s\u00f6guleg myndskreyting\" srcset=\"https:\/\/iwell-guard.com\/wp-content\/uploads\/2026\/05\/goetter_etruskisch_aita-1-683x1024.webp 683w, https:\/\/iwell-guard.com\/wp-content\/uploads\/2026\/05\/goetter_etruskisch_aita-1-200x300.webp 200w, https:\/\/iwell-guard.com\/wp-content\/uploads\/2026\/05\/goetter_etruskisch_aita-1-768x1152.webp 768w, https:\/\/iwell-guard.com\/wp-content\/uploads\/2026\/05\/goetter_etruskisch_aita-1.webp 1024w\" sizes=\"(max-width: 683px) 100vw, 683px\" \/>\t\t\t\t\t\t\t\t\t\t\t\t\t\t\t<\/div>\n\t\t\t\t\t<\/div>\n\t\t\t\t<\/div>\n\t\t\t\t\t<\/div>\n\t\t\t\t<\/div>\n\t\t<div class=\"elementor-element elementor-element-iwgcn-etruskisch-s0 e-flex e-con-boxed e-con e-parent\" data-id=\"iwgcn-etruskisch-s0\" data-element_type=\"container\" data-e-type=\"container\">\n\t\t\t\t\t<div class=\"e-con-inner\">\n\t\t\t\t<div class=\"elementor-element elementor-element-iwgcn-etruskisch-s0h elementor-widget elementor-widget-heading\" data-id=\"iwgcn-etruskisch-s0h\" data-element_type=\"widget\" data-e-type=\"widget\" data-widget_type=\"heading.default\">\n\t\t\t\t\t<h2 class=\"elementor-heading-title elementor-size-default\">S\u00f6guleg t\u00edmabil og \u00fatbrei\u00f0sla<\/h2>\t\t\t\t<\/div>\n\t\t<div class=\"elementor-element elementor-element-iwgcn-etruskisch-s0-c e-con-full e-flex e-con e-child\" data-id=\"iwgcn-etruskisch-s0-c\" data-element_type=\"container\" data-e-type=\"container\">\n\t\t\t\t<div class=\"elementor-element elementor-element-iwgcn-etruskisch-s0t elementor-widget elementor-widget-text-editor\" data-id=\"iwgcn-etruskisch-s0t\" data-element_type=\"widget\" data-e-type=\"widget\" data-widget_type=\"text-editor.default\">\n\t\t\t\t\t\t\t\t\t<p>Etr\u00fask menning \u00fer\u00f3a\u00f0ist \u00fat fr\u00e1 sta\u00f0bundinni Villanova-menningunni (fr\u00e1 um \u00fea\u00f0 bil 900 f.o.t.) og bl\u00f3mstra\u00f0i \u00e1 7. til 5. \u00f6ld f.o.t. Meginmi\u00f0st\u00f6\u00f0var voru Tarquinia, Caere, Vulci, Veji, Volterra, Perugia og Chiusi.<\/p><p>Etr\u00faskir konungar r\u00edktu t\u00edmabundi\u00f0 einnig \u00ed R\u00f3m (Tarquinius-\u00e6ttin). Me\u00f0 r\u00f3mverskri sigurg\u00f6ngu Etr\u00far\u00edu (4.\/3. \u00f6ld f.o.t.) saml\u00f6gu\u00f0ust Etr\u00faskar r\u00f3mverska heiminum, en tr\u00faarbr\u00f6g\u00f0 \u00feeirra og tungum\u00e1l lif\u00f0u \u00e1fram fram \u00e1 upphaf keisarat\u00edmans.<\/p>\n<p class=\"iwg-kwfix\">Vi\u00f0 lifrarsko\u00f0unina leitu\u00f0u haruspices til fastan hring gu\u00f0a: himninum var skipt \u00ed sext\u00e1n geira og hvert sv\u00e6\u00f0i tilheyr\u00f0i eigin gu\u00f0d\u00f3mi.<\/p>\t\t\t\t\t\t\t\t<\/div>\n\t\t\t\t<\/div>\n\t\t\t\t\t<\/div>\n\t\t\t\t<\/div>\n\t\t<div class=\"elementor-element elementor-element-iwgcn-etruskisch-s1 e-flex e-con-boxed e-con e-parent\" data-id=\"iwgcn-etruskisch-s1\" data-element_type=\"container\" data-e-type=\"container\">\n\t\t\t\t\t<div class=\"e-con-inner\">\n\t\t\t\t<div class=\"elementor-element elementor-element-iwgcn-etruskisch-s1h elementor-widget elementor-widget-heading\" data-id=\"iwgcn-etruskisch-s1h\" data-element_type=\"widget\" data-e-type=\"widget\" data-widget_type=\"heading.default\">\n\t\t\t\t\t<h2 class=\"elementor-heading-title elementor-size-default\">Pantheon, Tinia, Uni, Menrva<\/h2>\t\t\t\t<\/div>\n\t\t<div class=\"elementor-element elementor-element-iwgcn-etruskisch-s1-c e-con-full e-flex e-con e-child\" data-id=\"iwgcn-etruskisch-s1-c\" data-element_type=\"container\" data-e-type=\"container\">\n\t\t\t\t<div class=\"elementor-element elementor-element-iwgcn-etruskisch-s1t elementor-widget elementor-widget-text-editor\" data-id=\"iwgcn-etruskisch-s1t\" data-element_type=\"widget\" data-e-type=\"widget\" data-widget_type=\"text-editor.default\">\n\t\t\t\t\t\t\t\t\t<p>H\u00f6fu\u00f0gu\u00f0a\u00fer\u00edeyki Etr\u00faska samanst\u00f3\u00f0 af Tinia (himingu\u00f0, s\u00ed\u00f0ar kalla\u00f0ur Seifur \u00e1 gr\u00edsku, J\u00fap\u00edter \u00e1 lat\u00ednu), Uni (himingy\u00f0ja, s\u00ed\u00f0ar Hera\/J\u00fan\u00f3) og Menrva (viskugy\u00f0ja og str\u00ed\u00f0sgy\u00f0ja, s\u00ed\u00f0ar A\u00feena\/M\u00ednerva). \u00deetta \u00fer\u00edeyki var teki\u00f0 upp \u00ed <span class=\"iwg-fachbegriff\" data-tooltip=\"Heilagur sta\u00f0ur sem er tileinka\u00f0ur tilbei\u00f0slu gu\u00f0d\u00f3ms.\" tabindex=\"0\">helgid\u00f3mi<\/span> Kap\u00edt\u00f3l\u00eduh\u00e6\u00f0ar \u00ed R\u00f3m.<\/p><p>Auk \u00feess: Turms (hli\u00f0st\u00e6\u00f0a Hermesar), Sethlans (Hefaistos), Aplu (Apollon), Fufluns (D\u00ed\u00f3n\u00fdsos), Selvans (sk\u00f3gur), Nethuns (vatn). Voltumna var bandalagsgu\u00f0 etr\u00faska r\u00edkjasambandsins, og <span class=\"iwg-fachbegriff\" data-tooltip=\"Heilagur sta\u00f0ur sem er tileinka\u00f0ur tilbei\u00f0slu gu\u00f0d\u00f3ms.\" tabindex=\"0\">helgid\u00f3mur<\/span> hans vi\u00f0 Volsinii var fundarsta\u00f0ur t\u00f3lf borganna.<\/p>\t\t\t\t\t\t\t\t<\/div>\n\t\t\t\t<\/div>\n\t\t\t\t\t<\/div>\n\t\t\t\t<\/div>\n\t\t<div class=\"elementor-element elementor-element-iwgcn-etruskisch-s2 e-flex e-con-boxed e-con e-parent\" data-id=\"iwgcn-etruskisch-s2\" data-element_type=\"container\" data-e-type=\"container\">\n\t\t\t\t\t<div class=\"e-con-inner\">\n\t\t\t\t<div class=\"elementor-element elementor-element-iwgcn-etruskisch-s2h elementor-widget elementor-widget-heading\" data-id=\"iwgcn-etruskisch-s2h\" data-element_type=\"widget\" data-e-type=\"widget\" data-widget_type=\"heading.default\">\n\t\t\t\t\t<h2 class=\"elementor-heading-title elementor-size-default\">Disciplina Etrusca, tr\u00faarl\u00e6rd\u00f3mur<\/h2>\t\t\t\t<\/div>\n\t\t<div class=\"elementor-element elementor-element-iwgcn-etruskisch-s2-c e-con-full e-flex e-con e-child\" data-id=\"iwgcn-etruskisch-s2-c\" data-element_type=\"container\" data-e-type=\"container\">\n\t\t\t\t<div class=\"elementor-element elementor-element-iwgcn-etruskisch-s2t elementor-widget elementor-widget-text-editor\" data-id=\"iwgcn-etruskisch-s2t\" data-element_type=\"widget\" data-e-type=\"widget\" data-widget_type=\"text-editor.default\">\n\t\t\t\t\t\t\t\t\t<p>Etr\u00fask tr\u00faarbr\u00f6g\u00f0 voru mj\u00f6g kerfisbundin og h\u00f6f\u00f0u s\u00edna eigin l\u00e6r\u00f0a st\u00e9tt. Disciplina Etrusca skiptist \u00ed \u00ferj\u00fa fr\u00e6\u00f0asvi\u00f0: Libri Haruspicini (lifrarsko\u00f0un, innyflasko\u00f0un), Libri Fulgurales (eldingat\u00falkun), Libri Rituales (si\u00f0afr\u00e6\u00f0i, borgarstofnun, landamerkjadr\u00e1ttur, dau\u00f0afr\u00e6\u00f0i).<\/p><p>Go\u00f0sagnalegur stofnandi \u00feessarar fr\u00e6\u00f0igreinar var Tages, sem samkv\u00e6mt <span class=\"iwg-fachbegriff\" data-tooltip=\"Munnleg hef\u00f0arfr\u00e1s\u00f6gn, oft me\u00f0 s\u00f6gulegum kjarna og yfirn\u00e1tt\u00farulegum \u00fe\u00e1ttum.\" tabindex=\"0\">s\u00f6gninni<\/span> steig upp \u00far f\u00faru \u00e1 etr\u00faskum akri. B\u00e6kurnar voru var\u00f0ar \u00ed bronsi e\u00f0a skrifa\u00f0ar \u00e1 l\u00edni, og hinn var\u00f0veitti Liber Linteus er einasta umtalsver\u00f0a etr\u00faska textavitni\u00f0 (endurn\u00fdtt \u00e1 egypskri m\u00fam\u00eduvefju).<\/p>\t\t\t\t\t\t\t\t<\/div>\n\t\t\t\t<\/div>\n\t\t\t\t\t<\/div>\n\t\t\t\t<\/div>\n\t\t<div class=\"elementor-element elementor-element-iwgcn-etruskisch-s3 e-flex e-con-boxed e-con e-parent\" data-id=\"iwgcn-etruskisch-s3\" data-element_type=\"container\" data-e-type=\"container\">\n\t\t\t\t\t<div class=\"e-con-inner\">\n\t\t\t\t<div class=\"elementor-element elementor-element-iwgcn-etruskisch-s3h elementor-widget elementor-widget-heading\" data-id=\"iwgcn-etruskisch-s3h\" data-element_type=\"widget\" data-e-type=\"widget\" data-widget_type=\"heading.default\">\n\t\t\t\t\t<h2 class=\"elementor-heading-title elementor-size-default\">Haruspex og lifrarsko\u00f0un<\/h2>\t\t\t\t<\/div>\n\t\t<div class=\"elementor-element elementor-element-iwgcn-etruskisch-s3-c e-con-full e-flex e-con e-child\" data-id=\"iwgcn-etruskisch-s3-c\" data-element_type=\"container\" data-e-type=\"container\">\n\t\t\t\t<div class=\"elementor-element elementor-element-iwgcn-etruskisch-s3t elementor-widget elementor-widget-text-editor\" data-id=\"iwgcn-etruskisch-s3t\" data-element_type=\"widget\" data-e-type=\"widget\" data-widget_type=\"text-editor.default\">\n\t\t\t\t\t\t\t\t\t<p>Haruspex (\u00e1 etr\u00fasku: netsvis) l\u00e1sa\u00f0i vilja gu\u00f0anna \u00far lifur f\u00f3rnard\u00fdrsins. Bronslifrin fr\u00e1 Piacenza, l\u00edkan me\u00f0 40 svi\u00f0um \u00fathlutu\u00f0um til \u00fdmissa gu\u00f0a, gefur inns\u00fdn \u00ed fl\u00f3kna e\u00f0li \u00feessarar i\u00f0ju.<\/p><p>Etr\u00faska lifrarsko\u00f0unin var tekin upp af R\u00f3mverjum og var\u00f0 \u00e1 t\u00edma keisarat\u00edmans stofnun sem n\u00e1\u00f0i um allt r\u00edki\u00f0. Eldingat\u00falkun fylgdi einnig stranglega kerfisbundinni himinskiptingu \u00ed 16 geira.<\/p>\t\t\t\t\t\t\t\t<\/div>\n\t\t\t\t<\/div>\n\t\t\t\t\t<\/div>\n\t\t\t\t<\/div>\n\t\t<div class=\"elementor-element elementor-element-iwgcn-etruskisch-s4 e-flex e-con-boxed e-con e-parent\" data-id=\"iwgcn-etruskisch-s4\" data-element_type=\"container\" data-e-type=\"container\">\n\t\t\t\t\t<div class=\"e-con-inner\">\n\t\t\t\t<div class=\"elementor-element elementor-element-iwgcn-etruskisch-s4h elementor-widget elementor-widget-heading\" data-id=\"iwgcn-etruskisch-s4h\" data-element_type=\"widget\" data-e-type=\"widget\" data-widget_type=\"heading.default\">\n\t\t\t\t\t<h2 class=\"elementor-heading-title elementor-size-default\">Bulla, verndargripur barna<\/h2>\t\t\t\t<\/div>\n\t\t<div class=\"elementor-element elementor-element-iwgcn-etruskisch-s4-c e-con-full e-flex e-con e-child\" data-id=\"iwgcn-etruskisch-s4-c\" data-element_type=\"container\" data-e-type=\"container\">\n\t\t\t\t<div class=\"elementor-element elementor-element-iwgcn-etruskisch-s4t elementor-widget elementor-widget-text-editor\" data-id=\"iwgcn-etruskisch-s4t\" data-element_type=\"widget\" data-e-type=\"widget\" data-widget_type=\"text-editor.default\">\n\t\t\t\t\t\t\t\t\t<p>Bullan, holur verndargripur \u00far gulli (fyrir a\u00f0alsb\u00f6rn), le\u00f0ri e\u00f0a bronsi, var hengd um h\u00e1ls barna eftir f\u00e6\u00f0ingu og \u00e1tti a\u00f0 verja \u00feau fr\u00e1 ska\u00f0legum m\u00e1ttum, s\u00e9rstaklega gegn hinu illa auga.<\/p><p>Inni \u00ed henni g\u00e1tu <span class=\"iwg-fachbegriff\" data-tooltip=\"Borinn hlutur sem talinn er hafa verndandi, \u00f3heillaverjandi \u00e1hrif.\" tabindex=\"0\">verndargripa<\/span>efni veri\u00f0 innsiglu\u00f0, oft l\u00edka fascinus (s\u00edmbol af verndargildi sem s\u00fdnir re\u00f0urmyndir). Hef\u00f0in var tekin upp af R\u00f3mverjum, og bullur eru hi\u00f0 d\u00e6miger\u00f0a bur\u00f0anlega verndarefni barna \u00e1 \u00edt\u00f6lskri <span class=\"iwg-fachbegriff\" data-tooltip=\"T\u00edmabil gr\u00edskrar og r\u00f3mverskrar menningar, um 800 f.Kr. til 600 e.Kr.\" tabindex=\"0\">forn\u00f6ld<\/span>. Fullor\u00f0nar konur b\u00e1ru oft lunula-hengi (halfm\u00e1naform).<\/p>\t\t\t\t\t\t\t\t<\/div>\n\t\t\t\t<\/div>\n\t\t\t\t\t<\/div>\n\t\t\t\t<\/div>\n\t\t<div class=\"elementor-element elementor-element-x-etruskisch-s-faq e-flex e-con-boxed e-con e-parent\" data-id=\"x-etruskisch-s-faq\" data-element_type=\"container\" data-e-type=\"container\">\n\t\t\t\t\t<div class=\"e-con-inner\">\n\t\t\t\t<div class=\"elementor-element elementor-element-x-etruskisch-h-faq elementor-widget elementor-widget-heading\" data-id=\"x-etruskisch-h-faq\" data-element_type=\"widget\" data-e-type=\"widget\" data-widget_type=\"heading.default\">\n\t\t\t\t\t<h2 class=\"elementor-heading-title elementor-size-default\">Algengar spurningar um etr\u00faska gu\u00f0i<\/h2>\t\t\t\t<\/div>\n\t\t<div class=\"elementor-element elementor-element-iwgcn-etruskisch-s4-c e-con-full e-flex e-con e-child\" data-id=\"iwgcn-etruskisch-s4-c\" data-element_type=\"container\" data-e-type=\"container\">\n\t\t\t\t<div class=\"elementor-element elementor-element-x-etruskisch-t-faq elementor-widget elementor-widget-text-editor\" data-id=\"x-etruskisch-t-faq\" data-element_type=\"widget\" data-e-type=\"widget\" data-widget_type=\"text-editor.default\">\n\t\t\t\t\t\t\t\t\t<h3>Hversu margir etr\u00faskir gu\u00f0ir eru \u00feekktir?<\/h3>\n<p>Um 200 etr\u00faskir gu\u00f0ir eru \u00feekktir me\u00f0 nafni, margir a\u00f0eins me\u00f0 \u00e1letrunum e\u00f0a \u00e1 brons speglum. Etr\u00faska ritm\u00e1li\u00f0 hefur ekki veri\u00f0 afr\u00e1\u00f0i\u00f0 a\u00f0 \u00fev\u00ed marki sem ger\u00f0i kleift a\u00f0 endurgera tr\u00faarbr\u00f6g\u00f0in \u00ed heild. Helstu gu\u00f0ir eru Tinia, Uni og Menerva (\u00ferenningin), auk Aita (undirheimar), Nethuns (haf), Fufluns (v\u00edn) og fleiri.<\/p>\n<h3>Hver er Tinia?<\/h3>\n<p>Tinia er \u00e6\u00f0sti gu\u00f0 Etr\u00fara, gu\u00f0 \u00ferumu og himins, samb\u00e6rilegur vi\u00f0 Seif\/J\u00fap\u00edter. \u00c1samt eiginkonu sinni Uni og d\u00f3ttur Menervu mynda\u00f0i hann etr\u00fasku \u00ferenninguna sem yfirf\u00e6r\u00f0ist beint yfir \u00ed r\u00f3mverska <span class=\"iwg-fachbegriff\" data-tooltip=\"Heild gu\u00f0a \u00ed tr\u00faarbr\u00f6g\u00f0um e\u00f0a menningu.\" tabindex=\"0\">Pantheon<\/span> sem hina kap\u00edt\u00f3l\u00ednsku \u00ferenningu.<\/p>\n<h3>Hva\u00f0 er haruspex-fr\u00e6\u00f0in?<\/h3>\n<p>Haruspex var etr\u00faski sp\u00e1d\u00f3msprestur sem las vilja gu\u00f0anna \u00far lifur d\u00fdra, a\u00f0allega sau\u00f0a. Lifrin fr\u00e1 Piacenza (bronsl\u00edkan, 2. \u00f6ld f.Kr.) s\u00fdnir 40 sv\u00e6\u00f0i, hvert eigna\u00f0 \u00e1kve\u00f0inni <span class=\"iwg-fachbegriff\" data-tooltip=\"Vera sem er d\u00fdrku\u00f0 sem gu\u00f0leg innan tr\u00faarbrag\u00f0a.\" tabindex=\"0\">gu\u00f0veru<\/span>. \u00deessi Disciplina Etrusca var i\u00f0ku\u00f0 \u00ed R\u00f3m fram \u00e1 4. \u00f6ld e.Kr., og keisaralegir \u00f6ldungar\u00e1\u00f0smenn r\u00e1\u00f0f\u00e6r\u00f0u sig vi\u00f0 haruspices.<\/p>\n<h3>Hva\u00f0 var\u00f0 um etr\u00faska tr\u00faarbrag\u00f0akerfi\u00f0?<\/h3>\n<p>Me\u00f0 r\u00f3mverskri landvinningu Etr\u00far\u00edu (4.-3. \u00f6ld f.Kr.) voru margir gu\u00f0ir teknir inn \u00ed r\u00f3mverska <span class=\"iwg-fachbegriff\" data-tooltip=\"Heild gu\u00f0a \u00ed tr\u00faarbr\u00f6g\u00f0um e\u00f0a menningu.\" tabindex=\"0\">Pantheon<\/span>: Tinia \u2192 Iuppiter, Uni \u2192 Iuno, Menerva \u2192 Minerva. Haruspex-i\u00f0kunin lif\u00f0i \u00e1fram fram \u00e1 t\u00edma kristni. Etr\u00faska tungan d\u00f3 \u00fat \u00e1 1. \u00f6ld e.Kr., en tr\u00faarbr\u00f6g\u00f0 hennar lif\u00f0u \u00e1fram \u00ed brotum \u00ed R\u00f3m.<\/p>\n<script type=\"application\/ld+json\">{\"@context\":\"https:\/\/schema.org\",\"@type\":\"FAQPage\",\"mainEntity\":[{\"@type\":\"Question\",\"name\":\"Hversu margir etr\u00faskir gu\u00f0ir eru \u00feekktir?\",\"acceptedAnswer\":{\"@type\":\"Answer\",\"text\":\"Um 200 etr\u00faskir gu\u00f0ir eru \u00feekktir me\u00f0 nafni, margir a\u00f0eins me\u00f0 \u00e1letrunum e\u00f0a \u00e1 brons speglum. Etr\u00faska ritm\u00e1li\u00f0 hefur ekki veri\u00f0 afr\u00e1\u00f0i\u00f0 a\u00f0 \u00fev\u00ed marki sem ger\u00f0i kleift a\u00f0 endurgera tr\u00faarbr\u00f6g\u00f0in \u00ed heild. Helstu gu\u00f0ir eru Tinia, Uni og Menerva (\u00ferenningin), auk Aita (undirheimar), Nethuns (haf), Fufluns (v\u00edn) og fleiri.\"}},{\"@type\":\"Question\",\"name\":\"Hver er Tinia?\",\"acceptedAnswer\":{\"@type\":\"Answer\",\"text\":\"Tinia er \u00e6\u00f0sti gu\u00f0 Etr\u00fara, gu\u00f0 \u00ferumu og himins, samb\u00e6rilegur vi\u00f0 Seif\/J\u00fap\u00edter. \u00c1samt eiginkonu sinni Uni og d\u00f3ttur Menervu mynda\u00f0i hann etr\u00fasku \u00ferenninguna sem yfirf\u00e6r\u00f0ist beint yfir \u00ed r\u00f3mverska Pantheon sem hina kap\u00edt\u00f3l\u00ednsku \u00ferenningu.\"}},{\"@type\":\"Question\",\"name\":\"Hva\u00f0 er haruspex-fr\u00e6\u00f0in?\",\"acceptedAnswer\":{\"@type\":\"Answer\",\"text\":\"Haruspex var etr\u00faski sp\u00e1d\u00f3msprestur sem las vilja gu\u00f0anna \u00far lifur d\u00fdra, a\u00f0allega sau\u00f0a. Lifrin fr\u00e1 Piacenza (bronsl\u00edkan, 2. \u00f6ld f.Kr.) s\u00fdnir 40 sv\u00e6\u00f0i, hvert eigna\u00f0 \u00e1kve\u00f0inni gu\u00f0veru. \u00deessi Disciplina Etrusca var i\u00f0ku\u00f0 \u00ed R\u00f3m fram \u00e1 4. \u00f6ld e.Kr., og keisaralegir \u00f6ldungar\u00e1\u00f0smenn r\u00e1\u00f0f\u00e6r\u00f0u sig vi\u00f0 haruspices.\"}},{\"@type\":\"Question\",\"name\":\"Hva\u00f0 var\u00f0 um etr\u00faska tr\u00faarbrag\u00f0akerfi\u00f0?\",\"acceptedAnswer\":{\"@type\":\"Answer\",\"text\":\"Me\u00f0 r\u00f3mverskri landvinningu Etr\u00far\u00edu (4.-3. \u00f6ld f.Kr.) voru margir gu\u00f0ir teknir inn \u00ed r\u00f3mverska Pantheon: Tinia \u2192 Iuppiter, Uni \u2192 Iuno, Menerva \u2192 Minerva. Haruspex-i\u00f0kunin lif\u00f0i \u00e1fram fram \u00e1 t\u00edma kristni. Etr\u00faska tungan d\u00f3 \u00fat \u00e1 1. \u00f6ld e.Kr., en tr\u00faarbr\u00f6g\u00f0 hennar lif\u00f0u \u00e1fram \u00ed brotum \u00ed R\u00f3m.\"}}]}<\/script>\t\t\t\t\t\t\t\t<\/div>\n\t\t\t\t<\/div>\n\t\t\t\t\t<\/div>\n\t\t\t\t<\/div>\n\t\t<div class=\"elementor-element elementor-element-iwgcn-etruskisch-s5 e-flex e-con-boxed e-con e-parent\" data-id=\"iwgcn-etruskisch-s5\" data-element_type=\"container\" data-e-type=\"container\">\n\t\t\t\t\t<div class=\"e-con-inner\">\n\t\t\t\t<div class=\"elementor-element elementor-element-iwgcn-etruskisch-s5h elementor-widget elementor-widget-heading\" data-id=\"iwgcn-etruskisch-s5h\" data-element_type=\"widget\" data-e-type=\"widget\" data-widget_type=\"heading.default\">\n\t\t\t\t\t<h2 class=\"elementor-heading-title elementor-size-default\">D\u00e1nard\u00fdrkun og handanheimur<\/h2>\t\t\t\t<\/div>\n\t\t<div class=\"elementor-element elementor-element-iwgcn-etruskisch-s5-c e-con-full e-flex e-con e-child\" data-id=\"iwgcn-etruskisch-s5-c\" data-element_type=\"container\" data-e-type=\"container\">\n\t\t\t\t<div class=\"elementor-element elementor-element-iwgcn-etruskisch-s5t elementor-widget elementor-widget-text-editor\" data-id=\"iwgcn-etruskisch-s5t\" data-element_type=\"widget\" data-e-type=\"widget\" data-widget_type=\"text-editor.default\">\n\t\t\t\t\t\t\t\t\t<p>Etr\u00faskar grafborgir, Banditaccia vi\u00f0 Caere, Tarquinia, Vulci, eru me\u00f0al \u00e1hrifamestu borga hinna dau\u00f0u \u00ed <span class=\"iwg-fachbegriff\" data-tooltip=\"T\u00edmabil gr\u00edskrar og r\u00f3mverskrar menningar, um 800 f.Kr. til 600 e.Kr.\" tabindex=\"0\">forn\u00f6ld<\/span>. Tumulus-grafh\u00fdsi eru ger\u00f0 sem h\u00edb\u00fdli hinna framli\u00f0nu, me\u00f0 veggja- og loftm\u00e1lverkum, h\u00fasg\u00f6gnum, mat- og drykkjar\u00e1h\u00f6ldum.<\/p><p>Hugmyndin um handanheiminn n\u00e1\u00f0i yfir b\u00e6\u00f0i vist sem var byggileg og gle\u00f0ir\u00edk (fyrra t\u00edmabil) og d\u00f6kkar verur undirheimanna, eins og Charun og Vanth (s\u00ed\u00f0ara t\u00edmabil). Sark\u00f3fagarnir fr\u00e1 Cerveteri s\u00fdna hina framli\u00f0nu sem hj\u00f3n sem sitja saman a\u00f0 sn\u00e6\u00f0ingi.<\/p>\t\t\t\t\t\t\t\t<\/div>\n\t\t\t\t<\/div>\n\t\t\t\t\t<\/div>\n\t\t\t\t<\/div>\n\t\t<div class=\"elementor-element elementor-element-iwgcn-etruskisch-s6 e-flex e-con-boxed e-con e-parent\" data-id=\"iwgcn-etruskisch-s6\" data-element_type=\"container\" data-e-type=\"container\">\n\t\t\t\t\t<div class=\"e-con-inner\">\n\t\t\t\t<div class=\"elementor-element elementor-element-iwgcn-etruskisch-s6h elementor-widget elementor-widget-heading\" data-id=\"iwgcn-etruskisch-s6h\" data-element_type=\"widget\" data-e-type=\"widget\" data-widget_type=\"heading.default\">\n\t\t\t\t\t<h2 class=\"elementor-heading-title elementor-size-default\">Heimildasta\u00f0a og ranns\u00f3knir<\/h2>\t\t\t\t<\/div>\n\t\t<div class=\"elementor-element elementor-element-iwgcn-etruskisch-s6-c e-con-full e-flex e-con e-child\" data-id=\"iwgcn-etruskisch-s6-c\" data-element_type=\"container\" data-e-type=\"container\">\n\t\t\t\t<div class=\"elementor-element elementor-element-iwgcn-etruskisch-s6t elementor-widget elementor-widget-text-editor\" data-id=\"iwgcn-etruskisch-s6t\" data-element_type=\"widget\" data-e-type=\"widget\" data-widget_type=\"text-editor.default\">\n\t\t\t\t\t\t\t\t\t<p>Upprunalegir etr\u00farskir textar eru af skornum skammti (Liber Linteus, Tabula Capuana, Cippus Perusinus, \u00e1samt \u00fdmsum stuttum graf\u00e1letrunum). Tungum\u00e1li\u00f0 er ekki ind\u00f3evr\u00f3pskt og hefur a\u00f0eins a\u00f0 hluta til veri\u00f0 r\u00e1\u00f0i\u00f0 \u00ed or\u00f0afor\u00f0a \u00feess. Mikilv\u00e6g verk eru me\u00f0al annars Jean-Ren\u00e9 Jannot <em>Religion in Ancient Etruria<\/em>, auk verka eftir Larissa Bonfante og Massimo Pallottino. <span class=\"iwg-fachbegriff\" data-tooltip=\"T\u00edmabil gr\u00edskrar og r\u00f3mverskrar menningar, um 800 f.Kr. til 600 e.Kr.\" tabindex=\"0\">Forn\u00f6ld<\/span>arheimildir eru me\u00f0al annars Cicero <em>De Divinatione<\/em>, Livius og Servius. Einnig vitna Macrobius og Festus \u00ed etr\u00farska tr\u00faari\u00f0kun.<\/p>\t\t\t\t\t\t\t\t<\/div>\n\t\t\t\t<\/div>\n\t\t\t\t\t<\/div>\n\t\t\t\t<\/div>\n\t\t<div class=\"elementor-element elementor-element-cp2379e352 e-flex e-con-boxed e-con e-parent\" data-id=\"cp2379e352\" data-element_type=\"container\" data-e-type=\"container\">\n\t\t\t\t\t<div class=\"e-con-inner\">\n\t\t\t\t<div class=\"elementor-element elementor-element-cp2d0f1837 elementor-widget elementor-widget-heading\" data-id=\"cp2d0f1837\" data-element_type=\"widget\" data-e-type=\"widget\" data-widget_type=\"heading.default\">\n\t\t\t\t\t<h2 class=\"elementor-heading-title elementor-size-default\">Etr\u00faska fr\u00e6\u00f0igreinin um t\u00falkun fyrirbo\u00f0a<\/h2>\t\t\t\t<\/div>\n\t\t<div class=\"elementor-element elementor-element-cp2526f005 e-flex e-con-boxed e-con e-child\" data-id=\"cp2526f005\" data-element_type=\"container\" data-e-type=\"container\">\n\t\t\t\t\t<div class=\"e-con-inner\">\n\t\t\t\t<div class=\"elementor-element elementor-element-cp2bd55497 elementor-widget elementor-widget-text-editor\" data-id=\"cp2bd55497\" data-element_type=\"widget\" data-e-type=\"widget\" data-widget_type=\"text-editor.default\">\n\t\t\t\t\t\t\t\t\t<p>\u00cd hjarta etr\u00faskra tr\u00faarbrag\u00f0a st\u00f3\u00f0 mj\u00f6g formfast kerfi til t\u00e1knt\u00falkunar, sem fornir h\u00f6fundar t\u00f3ku saman undir hugtakinu <em>Etrusca disciplina<\/em>. Samkv\u00e6mt Cicero og \u00f6\u00f0rum r\u00f3mverskum heimildum skiptist \u00fea\u00f0 \u00ed \u00ferj\u00e1r megingreinar: i\u00f0rasko\u00f0un (<em>haruspicina<\/em>), eldingart\u00falkun (<em>fulgura<\/em>) og t\u00falkun undrat\u00e1kna (<em>ostenta<\/em>).<\/p><p>\u00d3l\u00edkt gr\u00edskri sp\u00e1sagnafr\u00e6\u00f0i, sem bygg\u00f0i meira \u00e1 innbl\u00e6stri og v\u00e9fr\u00e9ttaror\u00f0um, bygg\u00f0ist etr\u00faska i\u00f0kunin \u00e1 \u00feeirri hugmynd a\u00f0 vilji gu\u00f0anna v\u00e6ri lesanlegur \u00ed hinum efnislega heimi samkv\u00e6mt f\u00f6stum reglum.<\/p><p>\u00deekktasta vitnisbur\u00f0urinn um lifrasko\u00f0un er brons-lifrin fr\u00e1 Piacenza, l\u00edkan af sau\u00f0alifur sem fannst \u00e1ri\u00f0 1877 og er yfirbor\u00f0 \u00feess skipt \u00ed fleiri en fj\u00f6rut\u00edu \u00e1letru\u00f0 sv\u00e6\u00f0i.<\/p><p>Hvert sv\u00e6\u00f0i ber nafn <span class=\"iwg-fachbegriff\" data-tooltip=\"Vera sem er d\u00fdrku\u00f0 sem gu\u00f0leg innan tr\u00faarbrag\u00f0a.\" tabindex=\"0\">gu\u00f0veru<\/span> og tengist \u00e1kve\u00f0nu himinssv\u00e6\u00f0i. Haruspex-inn bar saman ni\u00f0urst\u00f6\u00f0ur af hinu raunverulega f\u00f3rnard\u00fdri vi\u00f0 \u00feetta himneska kort. Ranns\u00f3knir, me\u00f0al annars verk Massimo Pallottino og s\u00ed\u00f0ar Nancy de Grummond, sj\u00e1 \u00ed \u00feessu spegilmynd etr\u00faskrar hugmyndar um skipulag\u00f0an himin sem skiptist \u00ed geira.<\/p><p>Eldingarfr\u00e6\u00f0in greindi eldingar eftir uppruna\u00e1tt og eigna\u00f0i hverri \u00feeirra anna\u00f0 gu\u00f0legt vi\u00f0fang. \u00derumugu\u00f0inn <a href=\"https:\/\/iwell-guard.com\/is\/?page_id=168949\">Tinia<\/a> r\u00e6ddi yfir nokkrum ger\u00f0um elda, og a\u00f0eins nokkrum \u00feeirra m\u00e1tti kasta eftir samr\u00e1\u00f0 vi\u00f0 a\u00f0ra gu\u00f0i.<\/p><p>\u00deessi stigskipting endurspeglar <span class=\"iwg-fachbegriff\" data-tooltip=\"Fr\u00e6\u00f0ileg kenning um gu\u00f0 og tr\u00fa innan tr\u00faarbrag\u00f0a.\" tabindex=\"0\">gu\u00f0fr\u00e6\u00f0i<\/span> \u00fear sem jafnvel h\u00e6sti gu\u00f0inn haf\u00f0i ekki \u00f3skora\u00f0 vald. Etr\u00fasku t\u00falkarnir, <em>haruspices<\/em>, voru eftirs\u00f3ttir s\u00e9rfr\u00e6\u00f0ingar allt fram \u00e1 r\u00f3mverska keisarat\u00edmann og var enn r\u00e1\u00f0f\u00e6rt vi\u00f0 \u00fe\u00e1 \u00e1 fj\u00f3r\u00f0u \u00f6ld eftir Krist.<\/p>\t\t\t\t\t\t\t\t<\/div>\n\t\t\t\t\t<\/div>\n\t\t\t\t<\/div>\n\t\t\t\t\t<\/div>\n\t\t\t\t<\/div>\n\t\t<div class=\"elementor-element elementor-element-cp271212c2 e-flex e-con-boxed e-con e-parent\" data-id=\"cp271212c2\" data-element_type=\"container\" data-e-type=\"container\">\n\t\t\t\t\t<div class=\"e-con-inner\">\n\t\t\t\t<div class=\"elementor-element elementor-element-cp27de1175 elementor-widget elementor-widget-heading\" data-id=\"cp27de1175\" data-element_type=\"widget\" data-e-type=\"widget\" data-widget_type=\"heading.default\">\n\t\t\t\t\t<h2 class=\"elementor-heading-title elementor-size-default\">Etr\u00faska tungum\u00e1li\u00f0 og vandi var\u00f0veislu \u00feess<\/h2>\t\t\t\t<\/div>\n\t\t<div class=\"elementor-element elementor-element-cp2d236892 e-flex e-con-boxed e-con e-child\" data-id=\"cp2d236892\" data-element_type=\"container\" data-e-type=\"container\">\n\t\t\t\t\t<div class=\"e-con-inner\">\n\t\t\t\t<div class=\"elementor-element elementor-element-cp2442545c elementor-widget elementor-widget-text-editor\" data-id=\"cp2442545c\" data-element_type=\"widget\" data-e-type=\"widget\" data-widget_type=\"text-editor.default\">\n\t\t\t\t\t\t\t\t\t<p>Etr\u00fask\u00edska er ekki ind\u00f3evr\u00f3pskt tungum\u00e1l og hefur enga \u00f6rugga n\u00e1tt\u00farulega fr\u00e6ndsemi vi\u00f0 a\u00f0rar tungur \u00e1 Mi\u00f0jar\u00f0arhafssv\u00e6\u00f0inu. A\u00f0eins Lemnos-<span class=\"iwg-fachbegriff\" data-tooltip=\"Uppr\u00e9tt st\u00e6\u00f0ileiki, \u00e1letru\u00f0 e\u00f0a skreytt steinhella e\u00f0a vi\u00f0arplata.\" tabindex=\"0\">stelan<\/span> fr\u00e1 nor\u00f0anver\u00f0u Eyjahafi s\u00fdnir greinileg l\u00edkindi, og af \u00feeim s\u00f6kum tala sumir fr\u00e6\u00f0imenn um tyrsenska tungum\u00e1lafj\u00f6lskyldu.<\/p><p>Ritm\u00e1li\u00f0 sj\u00e1lft er au\u00f0l\u00e6silegt, enda dregi\u00f0 af vestur-gr\u00edsku letri. Skilningur textanna strandar \u00fe\u00f3 \u00e1 takm\u00f6rku\u00f0um or\u00f0afor\u00f0a.<\/p><p>Um \u00ferett\u00e1n \u00fe\u00fasund \u00e1letranir eru \u00feekktar, en yfirgn\u00e6fandi meirihluti \u00feeirra eru stuttar grafskriftir og f\u00f3rnar\u00e1letranir me\u00f0 endurteknum form\u00falum, n\u00f6fnum og \u00e6ttartengslum. L\u00f6ng samfelld textabrot eru f\u00e1t\u00ed\u00f0.<\/p><p>Umfangsmestur er hinn svokalla\u00f0i <em>Liber Linteus<\/em>, helgisi\u00f0ab\u00f3k skrifu\u00f0 \u00e1 l\u00edni, sem barst til Egyptalands sem m\u00fam\u00eduband og er n\u00fa var\u00f0veitt \u00ed Zagreb. H\u00fan inniheldur helgisi\u00f0adagatal me\u00f0 f\u00f3rnarlei\u00f0beiningum, en margir kaflar hennar eru enn \u00f3skiljanlegir.<\/p><p>A\u00f0rir mikilv\u00e6gir textar eru Tabula Capuana, leirtafla me\u00f0 helgisi\u00f0areglum, og Tabula Cortonensis, bronstafla me\u00f0 l\u00f6gfr\u00e6\u00f0ilegu efni. Tv\u00edtyngdar \u00e1letranir, sem ger\u00f0u kleift beinan samanbur\u00f0, eru s\u00e1raf\u00e1ar.<\/p><p>Mikilv\u00e6gust \u00feeirra er gullt\u00f6flusetti\u00f0 \u00ferj\u00fa fr\u00e1 Pyrgi, sem var\u00f0veitir etr\u00faskan texta samhli\u00f0a f\u00f6nik\u00edskum og skjalfestir \u00feannig tengsl vi\u00f0 <a href=\"https:\/\/iwell-guard.com\/is\/?page_id=168914\">f\u00f6nik\u00edska<\/a> menningarheiminn. M\u00e1lranns\u00f3knir byggja \u00fev\u00ed \u00e1 svokalla\u00f0ri samsetningara\u00f0fer\u00f0, \u00fear sem merking er \u00e1lyktu\u00f0 \u00fat fr\u00e1 samhengi. \u00d6ruggar framfarir eru h\u00e6gfara og m\u00f6rg tr\u00faarleg hugt\u00f6k eru enn deiluefni.<\/p>\t\t\t\t\t\t\t\t<\/div>\n\t\t\t\t\t<\/div>\n\t\t\t\t<\/div>\n\t\t\t\t\t<\/div>\n\t\t\t\t<\/div>\n\t\t<div class=\"elementor-element elementor-element-cp217c70b4 e-flex e-con-boxed e-con e-parent\" data-id=\"cp217c70b4\" data-element_type=\"container\" data-e-type=\"container\">\n\t\t\t\t\t<div class=\"e-con-inner\">\n\t\t\t\t<div class=\"elementor-element elementor-element-cp24ec51dc elementor-widget elementor-widget-heading\" data-id=\"cp24ec51dc\" data-element_type=\"widget\" data-e-type=\"widget\" data-widget_type=\"heading.default\">\n\t\t\t\t\t<h2 class=\"elementor-heading-title elementor-size-default\">Hugmyndir um framl\u00edfi\u00f0 og myndheim graftanna<\/h2>\t\t\t\t<\/div>\n\t\t<div class=\"elementor-element elementor-element-cp2bec5284 e-flex e-con-boxed e-con e-child\" data-id=\"cp2bec5284\" data-element_type=\"container\" data-e-type=\"container\">\n\t\t\t\t\t<div class=\"e-con-inner\">\n\t\t\t\t<div class=\"elementor-element elementor-element-cp267866d0 elementor-widget elementor-widget-text-editor\" data-id=\"cp267866d0\" data-element_type=\"widget\" data-e-type=\"widget\" data-widget_type=\"text-editor.default\">\n\t\t\t\t\t\t\t\t\t<p>Mesti hluti \u00feekkingar okkar \u00e1 etr\u00faskri tr\u00fa kemur fr\u00e1 grafreitum, \u00fev\u00ed bygg\u00f0ir og <span class=\"iwg-fachbegriff\" data-tooltip=\"Bygging sem er tileinku\u00f0 tilbei\u00f0slu einnar e\u00f0a fleiri gu\u00f0a.\" tabindex=\"0\">hof<\/span> hafa var\u00f0veist mun verr. Grafh\u00f3lfin \u00ed Tarquinia, Cerveteri og \u00f6\u00f0rum st\u00f6\u00f0um voru sum skreytt me\u00f0 vanda\u00f0ri veggm\u00e1lun.<\/p><p>Eldri myndirnar fr\u00e1 sj\u00f6ttu og fimmtu \u00f6ld fyrir Krist s\u00fdna a\u00f0allega veisluatri\u00f0i, dans og leiki, sem gefur veraldlega, h\u00e1t\u00ed\u00f0lega mynd.<\/p><p>\u00cd yngri gr\u00f6fum fr\u00e1 fj\u00f3r\u00f0u og \u00feri\u00f0ju \u00f6ld breytist t\u00f3nninn merkjanlega. N\u00fa birtast draugav\u00e6ttir sem lei\u00f0a e\u00f0a hr\u00e6\u00f0a hina l\u00e1tnu. Kunnastur er <a href=\"https:\/\/iwell-guard.com\/is\/?page_id=168954\">Charun<\/a>, dau\u00f0avera me\u00f0 hamar, en nafn hans minnir \u00e1 gr\u00edska Charon, \u00fe\u00f3tt hann hafi eigin sj\u00e1lfst\u00e6tt hlutverk.<\/p><p>Auk hans kemur til v\u00e6nglaus vera, <a href=\"https:\/\/iwell-guard.com\/is\/?page_id=168955\">Vanth<\/a>, sem oft er s\u00fdnd sem fylgd \u00e1n h\u00f3tandi e\u00f0lis. Fr\u00e6\u00f0imenn t\u00falka \u00feessa breytingu \u00fdmist sem aukin gr\u00edsk \u00e1hrif e\u00f0a vi\u00f0br\u00f6g\u00f0 vi\u00f0 p\u00f3lit\u00edskri kr\u00edsu etr\u00faskra borga undan r\u00f3mverskum \u00fer\u00fdstingi.<\/p><p>Um sj\u00e1lfa hugmyndina um framl\u00edfi\u00f0 gefa myndirnar minna til kynna en v\u00e6nta m\u00e6tti. V\u00edsbendingar eru um undirheim me\u00f0 eigin h\u00f6f\u00f0ingjum, en kerfisbundi\u00f0 tr\u00faarkerfi \u00e1 bor\u00f0 vi\u00f0 \u00fea\u00f0 egyptska er ekki greinilegt.<\/p><p>Sark\u00f3fagar og \u00f6skuker me\u00f0 liggjandi l\u00edkneskjum hinna l\u00e1tnu s\u00fdna \u00e1framhaldandi \u00e1huga \u00e1 einstaklingnum. Hvort \u00feetta l\u00fdsir von um \u00e1framhaldandi tilvist e\u00f0a fyrst og fremst \u00e1tti a\u00f0 tryggja samf\u00e9lagslega st\u00f6\u00f0u fj\u00f6lskyldunnar, er meti\u00f0 \u00e1 mismunandi h\u00e1tt \u00ed fr\u00e6\u00f0unum.<\/p>\t\t\t\t\t\t\t\t<\/div>\n\t\t\t\t\t<\/div>\n\t\t\t\t<\/div>\n\t\t\t\t\t<\/div>\n\t\t\t\t<\/div>\n\t\t<div class=\"elementor-element elementor-element-cp2b06ffed e-flex e-con-boxed e-con e-parent\" data-id=\"cp2b06ffed\" data-element_type=\"container\" data-e-type=\"container\">\n\t\t\t\t\t<div class=\"e-con-inner\">\n\t\t\t\t<div class=\"elementor-element elementor-element-cp2208928c elementor-widget elementor-widget-heading\" data-id=\"cp2208928c\" data-element_type=\"widget\" data-e-type=\"widget\" data-widget_type=\"heading.default\">\n\t\t\t\t\t<h2 class=\"elementor-heading-title elementor-size-default\">Ranns\u00f3knarsaga og mynd Etr\u00fara \u00e1 Vesturl\u00f6ndum<\/h2>\t\t\t\t<\/div>\n\t\t<div class=\"elementor-element elementor-element-cp2eaa4608 e-flex e-con-boxed e-con e-child\" data-id=\"cp2eaa4608\" data-element_type=\"container\" data-e-type=\"container\">\n\t\t\t\t\t<div class=\"e-con-inner\">\n\t\t\t\t<div class=\"elementor-element elementor-element-cp25981fd6 elementor-widget elementor-widget-text-editor\" data-id=\"cp25981fd6\" data-element_type=\"widget\" data-e-type=\"widget\" data-widget_type=\"text-editor.default\">\n\t\t\t\t\t\t\t\t\t<p>\u00c1hugi \u00e1 Etr\u00farum vakna\u00f0i \u00e1 endurreisnart\u00edmanum, \u00feegar toskanskir fr\u00e6\u00f0imenn s\u00e1u \u00ed \u00feeim gl\u00e6sta fors\u00f6gu heimalands s\u00edns.<\/p><p>\u00deessi \u00e1hugi, kalla\u00f0ur etrusker\u00ed, einkenndist sterkt af sta\u00f0arhroka og blanda\u00f0i saman fundum og huglei\u00f0ingum. \u00c1 \u00e1tj\u00e1ndu \u00f6ld var\u00f0 til Accademia Etrusca \u00ed Cortona, fyrsta stofnanabundna umfj\u00f6llunin, sem bar \u00fe\u00f3 einnig r\u00f3mant\u00edsera\u00f0an bl\u00e6.<\/p><p>N\u00edtj\u00e1nda og upphaf tuttugustu aldar f\u00e6r\u00f0u gagnr\u00fdnin t\u00edmam\u00f3t me\u00f0 kerfisbundnum uppgr\u00f6ftum grafreita og s\u00f6fnun \u00e1letrana \u00ed <em>Corpus Inscriptionum Etruscarum<\/em>. Massimo Pallottino m\u00f3ta\u00f0i n\u00fat\u00edmaranns\u00f3knir fr\u00e1 1940 og \u00e1fram.<\/p><p>Hann sneri s\u00e9r gegn hinni g\u00f6mlu spurningu um uppruna Etr\u00fara og benti \u00feess \u00ed sta\u00f0 \u00e1 a\u00f0 \u00fej\u00f3\u00f0 myndist me\u00f0 \u00fer\u00f3un \u00e1 sta\u00f0num, ekki me\u00f0 einum innflutningi.<\/p><p>Sj\u00e1lf uppruna-spurningin rekur til Her\u00f3d\u00f3tosar, sem h\u00e9lt fram innflutningi fr\u00e1 L\u00fdd\u00edu, me\u00f0an D\u00ed\u00f3n\u00fds\u00edos fr\u00e1 Halikarnassos h\u00e9lt Etr\u00fara vera innf\u00e6dda. Erf\u00f0aranns\u00f3knir s\u00ed\u00f0ustu \u00e1ra sty\u00f0ja frekar samfellu vi\u00f0 sta\u00f0bundinn bronsaldarb\u00faa, \u00e1n \u00feess a\u00f0 lj\u00faka umr\u00e6\u00f0unni.<\/p><p>Fyrir tr\u00faars\u00f6guna er mikilv\u00e6gt a\u00f0 margar <span class=\"iwg-fachbegriff\" data-tooltip=\"T\u00edmabil gr\u00edskrar og r\u00f3mverskrar menningar, um 800 f.Kr. til 600 e.Kr.\" tabindex=\"0\">fornaldar<\/span>fr\u00e9ttir um Etr\u00fara koma fr\u00e1 r\u00f3mverskum h\u00f6fundum sem h\u00f6f\u00f0u eigin hagsmuni, me\u00f0al annars a\u00f0 r\u00e9ttl\u00e6ta eigin \u00e1stundun fyrirbo\u00f0at\u00falkunar. Etr\u00fask tr\u00fa er \u00fev\u00ed a\u00f0 miklu leyti var\u00f0veitt gegnum r\u00f3mverskt sj\u00f3narhorn, sem krefst var\u00fa\u00f0ar \u00ed hvers konar endurger\u00f0.<\/p>\t\t\t\t\t\t\t\t<\/div>\n\t\t\t\t\t<\/div>\n\t\t\t\t<\/div>\n\t\t\t\t\t<\/div>\n\t\t\t\t<\/div>\n\t\t<div class=\"elementor-element elementor-element-iwgha-etruskisch-sec e-flex e-con-boxed e-con e-parent\" data-id=\"iwgha-etruskisch-sec\" data-element_type=\"container\" data-e-type=\"container\">\n\t\t\t\t\t<div class=\"e-con-inner\">\n\t\t\t\t<div class=\"elementor-element elementor-element-iwgha-etruskisch-h elementor-widget elementor-widget-heading\" data-id=\"iwgha-etruskisch-h\" data-element_type=\"widget\" data-e-type=\"widget\" data-widget_type=\"heading.default\">\n\t\t\t\t\t<h2 class=\"elementor-heading-title elementor-size-default\">Verur \u00far \u00feessari hef\u00f0 (10)<\/h2>\t\t\t\t<\/div>\n\t\t<div class=\"elementor-element elementor-element-iwgha-etruskisch-gc e-flex e-con-boxed e-con e-parent\" data-id=\"iwgha-etruskisch-gc\" data-element_type=\"container\" data-e-type=\"container\">\n\t\t\t\t\t<div class=\"e-con-inner\">\n\t\t\t\t<div class=\"elementor-element elementor-element-iwgha-etruskisch-grid elementor-widget elementor-widget-text-editor\" data-id=\"iwgha-etruskisch-grid\" data-element_type=\"widget\" data-e-type=\"widget\" data-widget_type=\"text-editor.default\">\n\t\t\t\t\t\t\t\t\t<div class=\"iwg-wesen-grid\"><a class=\"iwg-wesen-card\" href=\"https:\/\/iwell-guard.com\/is\/aita-etruskur-gud-undirheimanna\/\" aria-label=\"Aita \u2013 Etr\u00faskur gu\u00f0 undirheimanna\"><div class=\"iwg-wesen-card-imgwrap\"><img decoding=\"async\" src=\"https:\/\/iwell-guard.com\/wp-content\/uploads\/2026\/05\/goetter_etruskisch_aita-1-200x300.webp\" alt=\"Aita \u2013 Etr\u00faskur gu\u00f0 undirheimanna\" loading=\"lazy\"><\/div><div class=\"iwg-wesen-card-body\"><div class=\"iwg-wesen-card-name\">Aita \u2013 Etr\u00faskur gu\u00f0 undirheimanna<\/div><div class=\"iwg-wesen-card-arrow\">\u2192 \u00c1 v\u00e6ttina<\/div><\/div><\/a><a class=\"iwg-wesen-card\" href=\"https:\/\/iwell-guard.com\/is\/charun-etruskur-daudademon\/\" aria-label=\"Charun \u2013 Etr\u00faskur dau\u00f0ademon\"><div class=\"iwg-wesen-card-imgwrap\"><img decoding=\"async\" src=\"https:\/\/iwell-guard.com\/wp-content\/uploads\/2026\/05\/daemonen_etruskisch_charun-200x300.webp\" alt=\"Charun \u2013 Etr\u00faskur dau\u00f0ademon\" loading=\"lazy\"><\/div><div class=\"iwg-wesen-card-body\"><div class=\"iwg-wesen-card-name\">Charun \u2013 Etr\u00faskur dau\u00f0ademon<\/div><div class=\"iwg-wesen-card-arrow\">\u2192 \u00c1 v\u00e6ttina<\/div><\/div><\/a><a class=\"iwg-wesen-card\" href=\"https:\/\/iwell-guard.com\/is\/menrva-gydja-viskunnar-hernadar\/\" aria-label=\"Menrva \u2013 Etr\u00fask gy\u00f0ja viskunnar og herna\u00f0ar\"><div class=\"iwg-wesen-card-imgwrap\"><img decoding=\"async\" src=\"https:\/\/iwell-guard.com\/wp-content\/uploads\/2026\/05\/goetter_etruskisch_menrva-200x300.webp\" alt=\"Menrva \u2013 Etr\u00fask gy\u00f0ja viskunnar og herna\u00f0ar\" loading=\"lazy\"><\/div><div class=\"iwg-wesen-card-body\"><div class=\"iwg-wesen-card-name\">Menrva \u2013 Etr\u00fask gy\u00f0ja viskunnar og herna\u00f0ar<\/div><div class=\"iwg-wesen-card-arrow\">\u2192 \u00c1 v\u00e6ttina<\/div><\/div><\/a><a class=\"iwg-wesen-card\" href=\"https:\/\/iwell-guard.com\/is\/sethlans-gu-smida-eldsins\/\" aria-label=\"Sethlans \u2013 Etr\u00faskur gu\u00f0 smi\u00f0a og eldsins\"><div class=\"iwg-wesen-card-imgwrap\"><img decoding=\"async\" src=\"https:\/\/iwell-guard.com\/wp-content\/uploads\/2026\/05\/goetter_etruskisch_sethlans-200x300.webp\" alt=\"Sethlans \u2013 Etr\u00faskur gu\u00f0 smi\u00f0a og eldsins\" loading=\"lazy\"><\/div><div class=\"iwg-wesen-card-body\"><div class=\"iwg-wesen-card-name\">Sethlans \u2013 Etr\u00faskur gu\u00f0 smi\u00f0a og eldsins<\/div><div class=\"iwg-wesen-card-arrow\">\u2192 \u00c1 v\u00e6ttina<\/div><\/div><\/a><a class=\"iwg-wesen-card\" href=\"https:\/\/iwell-guard.com\/is\/tinia-haesti-gud-etrura\/\" aria-label=\"Tinia \u2013 \u00c6\u00f0sti gu\u00f0 Etr\u00fara\"><div class=\"iwg-wesen-card-imgwrap\"><img decoding=\"async\" src=\"https:\/\/iwell-guard.com\/wp-content\/uploads\/2026\/05\/goetter_etruskisch_tinia-1-200x300.webp\" alt=\"Tinia \u2013 \u00c6\u00f0sti gu\u00f0 Etr\u00fara\" loading=\"lazy\"><\/div><div class=\"iwg-wesen-card-body\"><div class=\"iwg-wesen-card-name\">Tinia \u2013 \u00c6\u00f0sti gu\u00f0 Etr\u00fara<\/div><div class=\"iwg-wesen-card-arrow\">\u2192 \u00c1 v\u00e6ttina<\/div><\/div><\/a><a class=\"iwg-wesen-card\" href=\"https:\/\/iwell-guard.com\/is\/tuchulcha-etruskur-undirheimadjofull\/\" aria-label=\"Tuchulcha \u2013 Etr\u00faskur undirheimadj\u00f6full\"><div class=\"iwg-wesen-card-imgwrap\"><img decoding=\"async\" src=\"https:\/\/iwell-guard.com\/wp-content\/uploads\/2026\/05\/daemonen_etruskisch_tuchulcha-200x300.webp\" alt=\"Tuchulcha \u2013 Etr\u00faskur undirheimadj\u00f6full\" loading=\"lazy\"><\/div><div class=\"iwg-wesen-card-body\"><div class=\"iwg-wesen-card-name\">Tuchulcha \u2013 Etr\u00faskur undirheimadj\u00f6full<\/div><div class=\"iwg-wesen-card-arrow\">\u2192 \u00c1 v\u00e6ttina<\/div><\/div><\/a><a class=\"iwg-wesen-card\" href=\"https:\/\/iwell-guard.com\/is\/turms-etruskur-godsendiboti-daudir\/\" aria-label=\"Turms \u2013 Etr\u00faskur bo\u00f0beri gu\u00f0anna og gu\u00f0 hinna d\u00e1nu\"><div class=\"iwg-wesen-card-imgwrap\"><img decoding=\"async\" src=\"https:\/\/iwell-guard.com\/wp-content\/uploads\/2026\/05\/goetter_etruskisch_turms-200x300.webp\" alt=\"Turms \u2013 Etr\u00faskur bo\u00f0beri gu\u00f0anna og gu\u00f0 hinna d\u00e1nu\" loading=\"lazy\"><\/div><div class=\"iwg-wesen-card-body\"><div class=\"iwg-wesen-card-name\">Turms \u2013 Etr\u00faskur bo\u00f0beri gu\u00f0anna og gu\u00f0 hinna d\u00e1nu<\/div><div class=\"iwg-wesen-card-arrow\">\u2192 \u00c1 v\u00e6ttina<\/div><\/div><\/a><a class=\"iwg-wesen-card\" href=\"https:\/\/iwell-guard.com\/is\/uni-haedsta-gydja-etrura\/\" aria-label=\"Uni \u2013 \u00c6\u00f0sta gy\u00f0ja Etr\u00fara\"><div class=\"iwg-wesen-card-imgwrap\"><img decoding=\"async\" src=\"https:\/\/iwell-guard.com\/wp-content\/uploads\/2026\/05\/goetter_etruskisch_uni-200x300.webp\" alt=\"Uni \u2013 \u00c6\u00f0sta gy\u00f0ja Etr\u00fara\" loading=\"lazy\"><\/div><div class=\"iwg-wesen-card-body\"><div class=\"iwg-wesen-card-name\">Uni \u2013 \u00c6\u00f0sta gy\u00f0ja Etr\u00fara<\/div><div class=\"iwg-wesen-card-arrow\">\u2192 \u00c1 v\u00e6ttina<\/div><\/div><\/a><a class=\"iwg-wesen-card\" href=\"https:\/\/iwell-guard.com\/is\/vanth-etruskisk-undirheimadis\/\" aria-label=\"Vanth \u2013 Etr\u00fask undirheimad\u00eds\"><div class=\"iwg-wesen-card-imgwrap\"><img decoding=\"async\" src=\"https:\/\/iwell-guard.com\/wp-content\/uploads\/2026\/05\/daemonen_etruskisch_vanth-200x300.webp\" alt=\"Vanth \u2013 Etr\u00fask undirheimad\u00eds\" loading=\"lazy\"><\/div><div class=\"iwg-wesen-card-body\"><div class=\"iwg-wesen-card-name\">Vanth \u2013 Etr\u00fask undirheimad\u00eds<\/div><div class=\"iwg-wesen-card-arrow\">\u2192 \u00c1 v\u00e6ttina<\/div><\/div><\/a><a class=\"iwg-wesen-card\" href=\"https:\/\/iwell-guard.com\/is\/voltumna-bandalagsgud-etruska-rikjasambandsins\/\" aria-label=\"Voltumna \u2013 Bandalagsgu\u00f0 etr\u00faska r\u00edkjasambandsins\"><div class=\"iwg-wesen-card-imgwrap\"><img decoding=\"async\" src=\"https:\/\/iwell-guard.com\/wp-content\/uploads\/2026\/05\/goetter_etruskisch_voltumna-1-200x300.webp\" alt=\"Voltumna \u2013 Bandalagsgu\u00f0 etr\u00faska r\u00edkjasambandsins\" loading=\"lazy\"><\/div><div class=\"iwg-wesen-card-body\"><div class=\"iwg-wesen-card-name\">Voltumna \u2013 Bandalagsgu\u00f0 etr\u00faska r\u00edkjasambandsins<\/div><div class=\"iwg-wesen-card-arrow\">\u2192 \u00c1 v\u00e6ttina<\/div><\/div><\/a><\/div>\t\t\t\t\t\t\t\t<\/div>\n\t\t\t\t\t<\/div>\n\t\t\t\t<\/div>\n\t\t\t\t\t<\/div>\n\t\t\t\t<\/div>\n\t\t<div class=\"elementor-element elementor-element-iwgkw2-add-etruskisch e-flex e-con-boxed e-con e-parent\" data-id=\"iwgkw2-add-etruskisch\" data-element_type=\"container\" data-e-type=\"container\">\n\t\t\t\t\t<div class=\"e-con-inner\">\n\t\t\t\t<div class=\"elementor-element elementor-element-iwgkw2-add-etruskisch-t elementor-widget elementor-widget-text-editor\" data-id=\"iwgkw2-add-etruskisch-t\" data-element_type=\"widget\" data-e-type=\"widget\" data-widget_type=\"text-editor.default\">\n\t\t\t\t\t\t\t\t\t<p>Etr\u00fask tr\u00fa myndar sj\u00e1lfst\u00e6\u00f0a <em>\u00edtalska<\/em> hef\u00f0, \u00fear sem disciplina etrusca var tekin upp af R\u00f3mverjum og m\u00f3ta\u00f0i lifrarsko\u00f0un, eldingat\u00falkun og helgisi\u00f0askipan allt fram \u00e1 <span class=\"iwg-fachbegriff\" data-tooltip=\"Umbreytingart\u00edmabil milli fornaldar og mi\u00f0alda, um 3. til 7. \u00f6ld.\" tabindex=\"0\">s\u00ed\u00f0forn\u00f6ld<\/span>.<\/p>\t\t\t\t\t\t\t\t<\/div>\n\t\t\t\t\t<\/div>\n\t\t\t\t<\/div>\n\t\t<div class=\"elementor-element elementor-element-iwgcn-etruskisch-kwd e-flex e-con-boxed e-con e-parent\" data-id=\"iwgcn-etruskisch-kwd\" data-element_type=\"container\" data-e-type=\"container\">\n\t\t\t\t\t<div class=\"e-con-inner\">\n\t\t<div class=\"elementor-element elementor-element-iwgcn-etruskisch-kwd-c e-con-full e-flex e-con e-child\" data-id=\"iwgcn-etruskisch-kwd-c\" data-element_type=\"container\" data-e-type=\"container\">\n\t\t\t\t<div class=\"elementor-element elementor-element-iwgcn-etruskisch-kwdt elementor-widget elementor-widget-text-editor\" data-id=\"iwgcn-etruskisch-kwdt\" data-element_type=\"widget\" data-e-type=\"widget\" data-widget_type=\"text-editor.default\">\n\t\t\t\t\t\t\t\t\t<p><em>Tengd lykilhugt\u00f6k: Etr\u00farar Haruspex Disciplina Etrusca Bulla Tinia Uni Menrva Voltumna Liber Linteus Tages.<\/em><\/p>\t\t\t\t\t\t\t\t<\/div>\n\t\t\t\t<\/div>\n\t\t\t\t\t<\/div>\n\t\t\t\t<\/div>\n\t\t<div class=\"elementor-element elementor-element-iwgcn-etruskisch-cc e-flex e-con-boxed e-con e-parent\" data-id=\"iwgcn-etruskisch-cc\" data-element_type=\"container\" data-e-type=\"container\" id=\"iwg-cc-etruskisch\">\n\t\t\t\t\t<div class=\"e-con-inner\">\n\t\t<div class=\"elementor-element elementor-element-iwgcn-etruskisch-ccinner e-flex e-con-boxed e-con e-parent\" data-id=\"iwgcn-etruskisch-ccinner\" data-element_type=\"container\" data-e-type=\"container\" data-settings=\"{&quot;background_background&quot;:&quot;classic&quot;}\">\n\t\t\t\t\t<div class=\"e-con-inner\">\n\t\t\t\t<div class=\"elementor-element elementor-element-iwgcn-etruskisch-cch elementor-widget elementor-widget-heading\" data-id=\"iwgcn-etruskisch-cch\" data-element_type=\"widget\" data-e-type=\"widget\" data-widget_type=\"heading.default\">\n\t\t\t\t\t<h2 class=\"elementor-heading-title elementor-size-default\">Verndargripir \u00ed \u00feessari menningarhef\u00f0<\/h2>\t\t\t\t<\/div>\n\t\t\t\t<div class=\"elementor-element elementor-element-iwgcn-etruskisch-cct elementor-widget elementor-widget-text-editor\" data-id=\"iwgcn-etruskisch-cct\" data-element_type=\"widget\" data-e-type=\"widget\" data-widget_type=\"text-editor.default\">\n\t\t\t\t\t\t\t\t\t<p>Etr\u00fask hef\u00f0 \u00feekkti Bulluna, hola verndargrip fyrir b\u00f6rn \u00far gulli, bronsi e\u00f0a le\u00f0ri, fylltan <span class=\"iwg-fachbegriff\" data-tooltip=\"Borinn hlutur sem talinn er hafa verndandi, \u00f3g\u00e6fuvarnandi \u00e1hrif.\" tabindex=\"0\">verndargripa<\/span>-efnum, \u00e1samt lunula-hengjum fyrir konur og fallos-l\u00edk fascinus-t\u00e1kn gegn hinu illa auga.<\/p><div data-nosnippet=\"true\"><p>iWell Guard fellur inn \u00ed \u00feessa menningars\u00f6gulegu hef\u00f0 borinna verndargripa, \u00ed samt\u00edmalegri efnis\u00fatf\u00e6rslu, framleitt \u00ed \u00de\u00fdskalandi. 41 lag, ekta gull, plat\u00edna, silfur. 30 daga skilar\u00e9ttur.<\/p><\/div>\t\t\t\t\t\t\t\t<\/div>\n\t\t\t\t<div class=\"elementor-element elementor-element-iwgcn-etruskisch-ccb iwg-cc-button iwg-cc-cta-2026-05-13 elementor-widget elementor-widget-jet-button\" data-id=\"iwgcn-etruskisch-ccb\" data-element_type=\"widget\" data-e-type=\"widget\" data-widget_type=\"jet-button.default\">\n\t\t\t\t<div class=\"elementor-widget-container\">\n\t\t\t\t\t<div class=\"elementor-jet-button jet-elements\"><div class=\"jet-button__container\"><a class=\"jet-button__instance jet-button__instance--icon-left hover-effect-1\" href=\"\/ueber-iwell-guard\/?utm_source=iwell-guard.com&amp;utm_medium=info-box&amp;utm_campaign=kultur-tradition\"><div class=\"jet-button__plane jet-button__plane-normal\"><\/div><div class=\"jet-button__plane jet-button__plane-hover\"><\/div><div class=\"jet-button__state jet-button__state-normal\"><span class=\"jet-button__label\">Meira um iWell Guard<\/span><\/div><div class=\"jet-button__state jet-button__state-hover\"><span class=\"jet-button__label\">Meira um iWell Guard<\/span><\/div><\/a><\/div><\/div><style>.elementor-element.elementor-element-iwgcn-etruskisch-ccb .jet-button__instance{width:320px;height:56px;}.elementor-element.elementor-element-iwgcn-etruskisch-ccb .jet-button__state-normal .jet-button__label{text-align:center;margin:0px 0px 0px 0px;color:#1a1b20;font-family:Montserrat,sans-serif;font-size:13px;font-weight:400;letter-spacing:4px;line-height:1.714em;text-transform:uppercase;}.elementor-element.elementor-element-iwgcn-etruskisch-ccb .jet-button__state-hover .jet-button__label{text-align:center;margin:0px 0px 0px 0px;color:#FECC76;font-family:Montserrat,sans-serif;font-size:13px;font-weight:400;letter-spacing:4px;line-height:1.714em;text-transform:uppercase;}.elementor-element.elementor-element-iwgcn-etruskisch-ccb .jet-button__plane-normal{background-color:#FECC76;border-style:solid;border-color:#C99540;border-width:2px 2px 2px 2px;}.elementor-element.elementor-element-iwgcn-etruskisch-ccb .jet-button__plane-hover{background-color:rgba(0,0,0,0.55);border-style:solid;border-color:#FECC76;border-width:2px 2px 2px 2px;}<\/style>\t\t\t\t<\/div>\n\t\t\t\t<\/div>\n\t\t\t\t<div class=\"elementor-element elementor-element-iwgcn-etruskisch-ccd elementor-widget elementor-widget-text-editor\" data-id=\"iwgcn-etruskisch-ccd\" data-element_type=\"widget\" data-e-type=\"widget\" data-widget_type=\"text-editor.default\">\n\t\t\t\t\t\t\t\t\t<div data-nosnippet=\"true\"><p style=\"text-align:center;font-size:13px;opacity:0.7;margin-top:14px\" data-nosnippet=\"true\">Pers\u00f3nuleg reynsla getur veri\u00f0 mismunandi. Ekki l\u00e6kningat\u00e6ki. Engin lofor\u00f0 um l\u00e6kningu.<\/p><\/div>\t\t\t\t\t\t\t\t<\/div>\n\t\t\t\t\t<\/div>\n\t\t\t\t<\/div>\n\t\t\t\t\t<\/div>\n\t\t\t\t<\/div>\n\t\t<div class=\"elementor-element elementor-element-iwgcn-etruskisch-disc e-flex e-con-boxed e-con e-parent\" data-id=\"iwgcn-etruskisch-disc\" data-element_type=\"container\" data-e-type=\"container\">\n\t\t\t\t\t<div class=\"e-con-inner\">\n\t\t\t\t<div class=\"elementor-element elementor-element-iwgcn-etruskisch-discw elementor-widget elementor-widget-html\" data-id=\"iwgcn-etruskisch-discw\" data-element_type=\"widget\" data-e-type=\"widget\" data-widget_type=\"html.default\">\n\t\t\t\t\t<footer data-nosnippet=\"true\" class=\"iwg-disclaimer-block\"><p data-nosnippet=\"true\">iWell Guard er <strong>ekki l\u00e6kningat\u00e6ki<\/strong> og kemur ekki \u00ed sta\u00f0inn fyrir l\u00e6knis- e\u00f0a s\u00e1lfr\u00e6\u00f0ime\u00f0fer\u00f0. Tr\u00faarfr\u00e6\u00f0ilegt efni er menningars\u00f6gulegt samhengi, ekki r\u00e1\u00f0legging um andlega i\u00f0kun.<\/p><\/footer>\t\t\t\t<\/div>\n\t\t\t\t\t<\/div>\n\t\t\t\t<\/div>\n\t\t\t\t<\/div>\n\t\t","protected":false},"excerpt":{"rendered":"","protected":false},"author":3,"featured_media":2816,"parent":0,"menu_order":0,"comment_status":"closed","ping_status":"closed","template":"elementor_header_footer","meta":{"_yoast_wpseo_focuskw":"etr\u00faskir gu\u00f0ir","_yoast_wpseo_title":"Etr\u00faskir gu\u00f0ir \u2013 Tinia, Uni, Menerva | iWell Guard","_yoast_wpseo_metadesc":"Gu\u00f0ir Etr\u00faska: Tinia (h\u00f6fu\u00f0gu\u00f0), Uni, Menerva, Aita. Haruspex-tr\u00faarbr\u00f6g\u00f0, fyrirmynd r\u00f3mverska kap\u00edt\u00f3l\u00ednska \u00fer\u00edeykisins","_yoast_wpseo_meta-robots-noindex":"","_yoast_wpseo_canonical":"","_angie_page":false,"gefaehrdungsstufe":"","wesen_kultur":"","wesen_klasse":"","footnotes":""},"categories":[],"class_list":["post-168912","page","type-page","status-publish","has-post-thumbnail","hentry"],"yoast_head":"<!-- This site is optimized with the Yoast SEO Premium plugin v27.7 (Yoast SEO v28.3) - https:\/\/yoast.com\/product\/yoast-seo-premium-wordpress\/ -->\n<title>Etr\u00faskir gu\u00f0ir \u2013 Tinia, Uni, Menerva | iWell Guard<\/title>\n<meta name=\"description\" content=\"Gu\u00f0ir Etr\u00faska: Tinia (h\u00f6fu\u00f0gu\u00f0), Uni, Menerva, Aita. Haruspex-tr\u00faarbr\u00f6g\u00f0, fyrirmynd r\u00f3mverska kap\u00edt\u00f3l\u00ednska \u00fer\u00edeykisins\" \/>\n<meta name=\"robots\" content=\"index, follow, max-snippet:-1, max-image-preview:large, max-video-preview:-1\" \/>\n<link rel=\"canonical\" href=\"https:\/\/iwell-guard.com\/is\/etruskisk-trubrogd-haruspex-disciplina\/\" \/>\n<meta property=\"og:locale\" content=\"is_IS\" \/>\n<meta property=\"og:type\" content=\"article\" \/>\n<meta property=\"og:title\" content=\"Etr\u00fask tr\u00faarbr\u00f6g\u00f0 \u2013 Haruspex, Disciplina og verndarhef\u00f0ir\" \/>\n<meta property=\"og:description\" content=\"Gu\u00f0ir Etr\u00faska: Tinia (h\u00f6fu\u00f0gu\u00f0), Uni, Menerva, Aita. Haruspex-tr\u00faarbr\u00f6g\u00f0, fyrirmynd r\u00f3mverska kap\u00edt\u00f3l\u00ednska \u00fer\u00edeykisins\" \/>\n<meta property=\"og:url\" content=\"https:\/\/iwell-guard.com\/is\/etruskisk-trubrogd-haruspex-disciplina\/\" \/>\n<meta property=\"og:site_name\" content=\"iWell Guard\" \/>\n<meta property=\"article:modified_time\" content=\"2026-09-05T14:22:37+00:00\" \/>\n<meta property=\"og:image\" content=\"https:\/\/iwell-guard.com\/wp-content\/uploads\/2026\/05\/goetter_etruskisch_aita-1.webp\" \/>\n\t<meta property=\"og:image:width\" content=\"1024\" \/>\n\t<meta property=\"og:image:height\" content=\"1536\" \/>\n\t<meta property=\"og:image:type\" content=\"image\/webp\" \/>\n<meta name=\"twitter:card\" content=\"summary_large_image\" \/>\n<script type=\"application\/ld+json\" class=\"yoast-schema-graph\">{\"@context\":\"https:\\\/\\\/schema.org\",\"@graph\":[{\"@type\":\"WebPage\",\"@id\":\"https:\\\/\\\/iwell-guard.com\\\/is\\\/etruskisk-trubrogd-haruspex-disciplina\\\/\",\"url\":\"https:\\\/\\\/iwell-guard.com\\\/is\\\/etruskisk-trubrogd-haruspex-disciplina\\\/\",\"name\":\"Etr\u00faskir gu\u00f0ir \u2013 Tinia, Uni, Menerva | iWell Guard\",\"isPartOf\":{\"@id\":\"https:\\\/\\\/iwell-guard.com\\\/is\\\/#website\"},\"primaryImageOfPage\":{\"@id\":\"https:\\\/\\\/iwell-guard.com\\\/is\\\/etruskisk-trubrogd-haruspex-disciplina\\\/#primaryimage\"},\"image\":{\"@id\":\"https:\\\/\\\/iwell-guard.com\\\/is\\\/etruskisk-trubrogd-haruspex-disciplina\\\/#primaryimage\"},\"thumbnailUrl\":\"https:\\\/\\\/iwell-guard.com\\\/wp-content\\\/uploads\\\/2026\\\/05\\\/goetter_etruskisch_aita-1.webp\",\"datePublished\":\"2026-09-05T14:04:00+00:00\",\"dateModified\":\"2026-09-05T14:22:37+00:00\",\"description\":\"Gu\u00f0ir Etr\u00faska: Tinia (h\u00f6fu\u00f0gu\u00f0), Uni, Menerva, Aita. Haruspex-tr\u00faarbr\u00f6g\u00f0, fyrirmynd r\u00f3mverska kap\u00edt\u00f3l\u00ednska \u00fer\u00edeykisins\",\"breadcrumb\":{\"@id\":\"https:\\\/\\\/iwell-guard.com\\\/is\\\/etruskisk-trubrogd-haruspex-disciplina\\\/#breadcrumb\"},\"inLanguage\":\"is\",\"potentialAction\":[{\"@type\":\"ReadAction\",\"target\":[\"https:\\\/\\\/iwell-guard.com\\\/is\\\/etruskisk-trubrogd-haruspex-disciplina\\\/\"]}]},{\"@type\":\"ImageObject\",\"inLanguage\":\"is\",\"@id\":\"https:\\\/\\\/iwell-guard.com\\\/is\\\/etruskisk-trubrogd-haruspex-disciplina\\\/#primaryimage\",\"url\":\"https:\\\/\\\/iwell-guard.com\\\/wp-content\\\/uploads\\\/2026\\\/05\\\/goetter_etruskisch_aita-1.webp\",\"contentUrl\":\"https:\\\/\\\/iwell-guard.com\\\/wp-content\\\/uploads\\\/2026\\\/05\\\/goetter_etruskisch_aita-1.webp\",\"width\":1024,\"height\":1536,\"caption\":\"Gu\u00f0ir \u00far etr\u00faskri hef\u00f0.\"},{\"@type\":\"BreadcrumbList\",\"@id\":\"https:\\\/\\\/iwell-guard.com\\\/is\\\/etruskisk-trubrogd-haruspex-disciplina\\\/#breadcrumb\",\"itemListElement\":[{\"@type\":\"ListItem\",\"position\":1,\"name\":\"Start\",\"item\":\"https:\\\/\\\/iwell-guard.com\\\/is\\\/?page_id=168580\"},{\"@type\":\"ListItem\",\"position\":2,\"name\":\"Etr\u00fask tr\u00faarbr\u00f6g\u00f0 \u2013 Haruspex, Disciplina og verndarhef\u00f0ir\"}]},{\"@type\":\"WebSite\",\"@id\":\"https:\\\/\\\/iwell-guard.com\\\/is\\\/#website\",\"url\":\"https:\\\/\\\/iwell-guard.com\\\/is\\\/\",\"name\":\"iWell Guard\",\"description\":\"Schutz vor dunklen Einfl\u00fcssen\",\"publisher\":{\"@id\":\"https:\\\/\\\/iwell-guard.com\\\/is\\\/#organization\"},\"potentialAction\":[{\"@type\":\"SearchAction\",\"target\":{\"@type\":\"EntryPoint\",\"urlTemplate\":\"https:\\\/\\\/iwell-guard.com\\\/is\\\/?s={search_term_string}\"},\"query-input\":{\"@type\":\"PropertyValueSpecification\",\"valueRequired\":true,\"valueName\":\"search_term_string\"}}],\"inLanguage\":\"is\"},{\"@type\":\"Organization\",\"@id\":\"https:\\\/\\\/iwell-guard.com\\\/is\\\/#organization\",\"name\":\"Ittermann electronic GmbH\",\"url\":\"https:\\\/\\\/iwell-guard.com\\\/is\\\/\",\"logo\":{\"@type\":\"ImageObject\",\"inLanguage\":\"is\",\"@id\":\"https:\\\/\\\/iwell-guard.com\\\/is\\\/#\\\/schema\\\/logo\\\/image\\\/\",\"url\":\"https:\\\/\\\/iwell-guard.com\\\/wp-content\\\/uploads\\\/2026\\\/05\\\/Ittermann-Logo-1182x237-1.png\",\"contentUrl\":\"https:\\\/\\\/iwell-guard.com\\\/wp-content\\\/uploads\\\/2026\\\/05\\\/Ittermann-Logo-1182x237-1.png\",\"width\":1182,\"height\":237,\"caption\":\"Ittermann electronic GmbH\"},\"image\":{\"@id\":\"https:\\\/\\\/iwell-guard.com\\\/is\\\/#\\\/schema\\\/logo\\\/image\\\/\"},\"sameAs\":[\"https:\\\/\\\/pantip.com\\\/profile\\\/9367242\",\"https:\\\/\\\/micro.blog\\\/iwellguard\",\"https:\\\/\\\/www.diggerslist.com\\\/iwellguard\\\/about\",\"https:\\\/\\\/skitterphoto.com\\\/photographers\\\/2870314\\\/iwell-guard\",\"https:\\\/\\\/iwellguard.wordpress.com\\\/2026\\\/06\\\/06\\\/iwell-guard\\\/\",\"https:\\\/\\\/hub.docker.com\\\/u\\\/iwellguard\",\"https:\\\/\\\/www.pinterest.com\\\/iwellguard\\\/\",\"https:\\\/\\\/bit.ly\\\/m\\\/iwellguard\",\"https:\\\/\\\/entre-vos-mains.alsace.eu\\\/profiles\\\/iwellguard\\\/activity\",\"https:\\\/\\\/gravatar.com\\\/reallybeded8fd34\",\"https:\\\/\\\/naijamatta.com\\\/iwellguard\",\"https:\\\/\\\/www.goodreads.com\\\/iwellguard\",\"https:\\\/\\\/profile.hatena.ne.jp\\\/iwellguard\\\/\",\"https:\\\/\\\/experiment.com\\\/users\\\/iwellguard\",\"https:\\\/\\\/wakelet.com\\\/@iWellGuard82270\",\"https:\\\/\\\/www.chordie.com\\\/forum\\\/profile.php?id=2555664\",\"https:\\\/\\\/www.instapaper.com\\\/p\\\/17757966\",\"https:\\\/\\\/www.mapleprimes.com\\\/users\\\/iwellguard\",\"https:\\\/\\\/businesslistingplus.com\\\/profile\\\/iwell-guard\\\/\",\"https:\\\/\\\/telegra.ph\\\/iWell-Guard-06-06\",\"https:\\\/\\\/pbase.com\\\/iwellguard\\\/iwellguard\",\"https:\\\/\\\/b.hatena.ne.jp\\\/iwellguard\\\/20260607#bookmark-4788405196491818882\",\"https:\\\/\\\/fliphtml5.com\\\/home\\\/iwellguard\",\"https:\\\/\\\/anyflip.com\\\/homepage\\\/cmiwl#About\",\"https:\\\/\\\/transfur.com\\\/Users\\\/iwellguard\",\"http:\\\/\\\/delphi.larsbo.org\\\/user\\\/iwellguard\",\"https:\\\/\\\/jobs.lajobsportal.org\\\/profiles\\\/8380803-iwell-guard\",\"https:\\\/\\\/md.chaosdorf.de\\\/s\\\/jfbe5SBdJD\",\"https:\\\/\\\/www.lingvolive.com\\\/en-us\\\/profile\\\/9ecaeaca-ce11-4e51-9e71-01d55e2bff36\\\/translations\",\"https:\\\/\\\/www.fitday.com\\\/fitness\\\/forums\\\/members\\\/iwellguard.html\",\"https:\\\/\\\/www.mymeetbook.com\\\/iwellguard\",\"https:\\\/\\\/pxhere.com\\\/en\\\/photographer-me\\\/5040798\",\"https:\\\/\\\/disqus.com\\\/by\\\/iwellguard\\\/about\\\/\",\"https:\\\/\\\/pastelink.net\\\/hjwciqwq\",\"https:\\\/\\\/pubhtml5.com\\\/homepage\\\/scjhn\\\/\",\"https:\\\/\\\/www.bitchute.com\\\/channel\\\/2O2eOKzNqujT\",\"https:\\\/\\\/audiomack.com\\\/iwellguard\"]}]}<\/script>\n<!-- \/ Yoast SEO Premium plugin. -->","yoast_head_json":{"title":"Etr\u00faskir gu\u00f0ir \u2013 Tinia, Uni, Menerva | iWell Guard","description":"Gu\u00f0ir Etr\u00faska: Tinia (h\u00f6fu\u00f0gu\u00f0), Uni, Menerva, Aita. Haruspex-tr\u00faarbr\u00f6g\u00f0, fyrirmynd r\u00f3mverska kap\u00edt\u00f3l\u00ednska \u00fer\u00edeykisins","robots":{"index":"index","follow":"follow","max-snippet":"max-snippet:-1","max-image-preview":"max-image-preview:large","max-video-preview":"max-video-preview:-1"},"canonical":"https:\/\/iwell-guard.com\/is\/etruskisk-trubrogd-haruspex-disciplina\/","og_locale":"is_IS","og_type":"article","og_title":"Etr\u00fask tr\u00faarbr\u00f6g\u00f0 \u2013 Haruspex, Disciplina og verndarhef\u00f0ir","og_description":"Gu\u00f0ir Etr\u00faska: Tinia (h\u00f6fu\u00f0gu\u00f0), Uni, Menerva, Aita. Haruspex-tr\u00faarbr\u00f6g\u00f0, fyrirmynd r\u00f3mverska kap\u00edt\u00f3l\u00ednska \u00fer\u00edeykisins","og_url":"https:\/\/iwell-guard.com\/is\/etruskisk-trubrogd-haruspex-disciplina\/","og_site_name":"iWell Guard","article_modified_time":"2026-09-05T14:22:37+00:00","og_image":[{"width":1024,"height":1536,"url":"https:\/\/iwell-guard.com\/wp-content\/uploads\/2026\/05\/goetter_etruskisch_aita-1.webp","type":"image\/webp"}],"twitter_card":"summary_large_image","schema":{"@context":"https:\/\/schema.org","@graph":[{"@type":"WebPage","@id":"https:\/\/iwell-guard.com\/is\/etruskisk-trubrogd-haruspex-disciplina\/","url":"https:\/\/iwell-guard.com\/is\/etruskisk-trubrogd-haruspex-disciplina\/","name":"Etr\u00faskir gu\u00f0ir \u2013 Tinia, Uni, Menerva | iWell Guard","isPartOf":{"@id":"https:\/\/iwell-guard.com\/is\/#website"},"primaryImageOfPage":{"@id":"https:\/\/iwell-guard.com\/is\/etruskisk-trubrogd-haruspex-disciplina\/#primaryimage"},"image":{"@id":"https:\/\/iwell-guard.com\/is\/etruskisk-trubrogd-haruspex-disciplina\/#primaryimage"},"thumbnailUrl":"https:\/\/iwell-guard.com\/wp-content\/uploads\/2026\/05\/goetter_etruskisch_aita-1.webp","datePublished":"2026-09-05T14:04:00+00:00","dateModified":"2026-09-05T14:22:37+00:00","description":"Gu\u00f0ir Etr\u00faska: Tinia (h\u00f6fu\u00f0gu\u00f0), Uni, Menerva, Aita. Haruspex-tr\u00faarbr\u00f6g\u00f0, fyrirmynd r\u00f3mverska kap\u00edt\u00f3l\u00ednska \u00fer\u00edeykisins","breadcrumb":{"@id":"https:\/\/iwell-guard.com\/is\/etruskisk-trubrogd-haruspex-disciplina\/#breadcrumb"},"inLanguage":"is","potentialAction":[{"@type":"ReadAction","target":["https:\/\/iwell-guard.com\/is\/etruskisk-trubrogd-haruspex-disciplina\/"]}]},{"@type":"ImageObject","inLanguage":"is","@id":"https:\/\/iwell-guard.com\/is\/etruskisk-trubrogd-haruspex-disciplina\/#primaryimage","url":"https:\/\/iwell-guard.com\/wp-content\/uploads\/2026\/05\/goetter_etruskisch_aita-1.webp","contentUrl":"https:\/\/iwell-guard.com\/wp-content\/uploads\/2026\/05\/goetter_etruskisch_aita-1.webp","width":1024,"height":1536,"caption":"Gu\u00f0ir \u00far etr\u00faskri hef\u00f0."},{"@type":"BreadcrumbList","@id":"https:\/\/iwell-guard.com\/is\/etruskisk-trubrogd-haruspex-disciplina\/#breadcrumb","itemListElement":[{"@type":"ListItem","position":1,"name":"Start","item":"https:\/\/iwell-guard.com\/is\/?page_id=168580"},{"@type":"ListItem","position":2,"name":"Etr\u00fask tr\u00faarbr\u00f6g\u00f0 \u2013 Haruspex, Disciplina og verndarhef\u00f0ir"}]},{"@type":"WebSite","@id":"https:\/\/iwell-guard.com\/is\/#website","url":"https:\/\/iwell-guard.com\/is\/","name":"iWell Guard","description":"Schutz vor dunklen Einfl\u00fcssen","publisher":{"@id":"https:\/\/iwell-guard.com\/is\/#organization"},"potentialAction":[{"@type":"SearchAction","target":{"@type":"EntryPoint","urlTemplate":"https:\/\/iwell-guard.com\/is\/?s={search_term_string}"},"query-input":{"@type":"PropertyValueSpecification","valueRequired":true,"valueName":"search_term_string"}}],"inLanguage":"is"},{"@type":"Organization","@id":"https:\/\/iwell-guard.com\/is\/#organization","name":"Ittermann electronic GmbH","url":"https:\/\/iwell-guard.com\/is\/","logo":{"@type":"ImageObject","inLanguage":"is","@id":"https:\/\/iwell-guard.com\/is\/#\/schema\/logo\/image\/","url":"https:\/\/iwell-guard.com\/wp-content\/uploads\/2026\/05\/Ittermann-Logo-1182x237-1.png","contentUrl":"https:\/\/iwell-guard.com\/wp-content\/uploads\/2026\/05\/Ittermann-Logo-1182x237-1.png","width":1182,"height":237,"caption":"Ittermann electronic GmbH"},"image":{"@id":"https:\/\/iwell-guard.com\/is\/#\/schema\/logo\/image\/"},"sameAs":["https:\/\/pantip.com\/profile\/9367242","https:\/\/micro.blog\/iwellguard","https:\/\/www.diggerslist.com\/iwellguard\/about","https:\/\/skitterphoto.com\/photographers\/2870314\/iwell-guard","https:\/\/iwellguard.wordpress.com\/2026\/06\/06\/iwell-guard\/","https:\/\/hub.docker.com\/u\/iwellguard","https:\/\/www.pinterest.com\/iwellguard\/","https:\/\/bit.ly\/m\/iwellguard","https:\/\/entre-vos-mains.alsace.eu\/profiles\/iwellguard\/activity","https:\/\/gravatar.com\/reallybeded8fd34","https:\/\/naijamatta.com\/iwellguard","https:\/\/www.goodreads.com\/iwellguard","https:\/\/profile.hatena.ne.jp\/iwellguard\/","https:\/\/experiment.com\/users\/iwellguard","https:\/\/wakelet.com\/@iWellGuard82270","https:\/\/www.chordie.com\/forum\/profile.php?id=2555664","https:\/\/www.instapaper.com\/p\/17757966","https:\/\/www.mapleprimes.com\/users\/iwellguard","https:\/\/businesslistingplus.com\/profile\/iwell-guard\/","https:\/\/telegra.ph\/iWell-Guard-06-06","https:\/\/pbase.com\/iwellguard\/iwellguard","https:\/\/b.hatena.ne.jp\/iwellguard\/20260607#bookmark-4788405196491818882","https:\/\/fliphtml5.com\/home\/iwellguard","https:\/\/anyflip.com\/homepage\/cmiwl#About","https:\/\/transfur.com\/Users\/iwellguard","http:\/\/delphi.larsbo.org\/user\/iwellguard","https:\/\/jobs.lajobsportal.org\/profiles\/8380803-iwell-guard","https:\/\/md.chaosdorf.de\/s\/jfbe5SBdJD","https:\/\/www.lingvolive.com\/en-us\/profile\/9ecaeaca-ce11-4e51-9e71-01d55e2bff36\/translations","https:\/\/www.fitday.com\/fitness\/forums\/members\/iwellguard.html","https:\/\/www.mymeetbook.com\/iwellguard","https:\/\/pxhere.com\/en\/photographer-me\/5040798","https:\/\/disqus.com\/by\/iwellguard\/about\/","https:\/\/pastelink.net\/hjwciqwq","https:\/\/pubhtml5.com\/homepage\/scjhn\/","https:\/\/www.bitchute.com\/channel\/2O2eOKzNqujT","https:\/\/audiomack.com\/iwellguard"]}]}},"_links":{"self":[{"href":"https:\/\/iwell-guard.com\/is\/wp-json\/wp\/v2\/pages\/168912","targetHints":{"allow":["GET"]}}],"collection":[{"href":"https:\/\/iwell-guard.com\/is\/wp-json\/wp\/v2\/pages"}],"about":[{"href":"https:\/\/iwell-guard.com\/is\/wp-json\/wp\/v2\/types\/page"}],"author":[{"embeddable":true,"href":"https:\/\/iwell-guard.com\/is\/wp-json\/wp\/v2\/users\/3"}],"replies":[{"embeddable":true,"href":"https:\/\/iwell-guard.com\/is\/wp-json\/wp\/v2\/comments?post=168912"}],"version-history":[{"count":0,"href":"https:\/\/iwell-guard.com\/is\/wp-json\/wp\/v2\/pages\/168912\/revisions"}],"wp:featuredmedia":[{"embeddable":true,"href":"https:\/\/iwell-guard.com\/is\/wp-json\/wp\/v2\/media\/2816"}],"wp:attachment":[{"href":"https:\/\/iwell-guard.com\/is\/wp-json\/wp\/v2\/media?parent=168912"}],"wp:term":[{"taxonomy":"category","embeddable":true,"href":"https:\/\/iwell-guard.com\/is\/wp-json\/wp\/v2\/categories?post=168912"}],"curies":[{"name":"wp","href":"https:\/\/api.w.org\/{rel}","templated":true}]}}