{"id":168910,"date":"2026-09-05T14:03:59","date_gmt":"2026-09-05T14:03:59","guid":{"rendered":"https:\/\/iwell-guard.com\/?page_id=168910"},"modified":"2026-09-05T14:22:33","modified_gmt":"2026-09-05T14:22:33","slug":"indianskir-gudir-wakan-tanka-first-nations","status":"publish","type":"page","link":"https:\/\/iwell-guard.com\/is\/indianskir-gudir-wakan-tanka-first-nations\/","title":{"rendered":"Ind\u00ed\u00e1nskir gu\u00f0ir \u2013 Wakan Tanka og First Nations"},"content":{"rendered":"\t\t<div data-elementor-type=\"wp-page\" data-elementor-id=\"168910\" class=\"elementor elementor-168910 elementor-2565 elementor-bc-flex-widget\" data-elementor-post-type=\"page\">\n\t\t\t\t<div class=\"elementor-element elementor-element-iwgcn-nativeamer-hero iwg-kultur-hero e-flex e-con-boxed e-con e-parent\" data-id=\"iwgcn-nativeamer-hero\" data-element_type=\"container\" data-e-type=\"container\">\n\t\t\t\t\t<div class=\"e-con-inner\">\n\t\t<div class=\"elementor-element elementor-element-iwgcn-nativeamer-hl iwg-kultur-hero-left e-flex e-con-boxed e-con e-child\" data-id=\"iwgcn-nativeamer-hl\" data-element_type=\"container\" data-e-type=\"container\">\n\t\t\t\t\t<div class=\"e-con-inner\">\n\t\t\t\t<div class=\"elementor-element elementor-element-iwgcn-nativeamer-h1 elementor-widget elementor-widget-heading\" data-id=\"iwgcn-nativeamer-h1\" data-element_type=\"widget\" data-e-type=\"widget\" data-widget_type=\"heading.default\">\n\t\t\t\t\t<h1 class=\"elementor-heading-title elementor-size-default\">Ind\u00ed\u00e1nskir gu\u00f0ir, Lakota, Hopi og Navajo \u00ed Nor\u00f0ur-Amer\u00edku<\/h1>\t\t\t\t<\/div>\n\t\t<div class=\"elementor-element elementor-element-iwgcn-nativeamer-leadc e-con-full e-flex e-con e-child\" data-id=\"iwgcn-nativeamer-leadc\" data-element_type=\"container\" data-e-type=\"container\">\n\t\t\t\t<div class=\"elementor-element elementor-element-iwgcn-nativeamer-lead elementor-widget elementor-widget-text-editor\" data-id=\"iwgcn-nativeamer-lead\" data-element_type=\"widget\" data-e-type=\"widget\" data-widget_type=\"text-editor.default\">\n\t\t\t\t\t\t\t\t\t<p>Tr\u00faarhef\u00f0ir frumbyggja Nor\u00f0ur-Amer\u00edku eru jafn margbreytilegar og tungum\u00e1lin og menningarheimarnir sj\u00e1lfir: Lakota \u00e1 sl\u00e9ttunum, Hopi og Pueblo \u00ed su\u00f0vesturhlutanum, Navajo (Din\u00e9) sem st\u00e6rsta \u00fej\u00f3\u00f0in, Inuit \u00ed hinu h\u00e1a nor\u00f0ri, Cherokee \u00ed su\u00f0austri, Haida og Tlingit vi\u00f0 nor\u00f0vesturstr\u00f6ndina.<\/p><p>\u00der\u00e1tt fyrir fj\u00f6lbreytnina eiga margar hef\u00f0ir sameiginlegt tengingar vi\u00f0 hinn mikla <span class=\"iwg-fachbegriff\" data-tooltip=\"L\u00edkamalaus vera sem talin er hafa \u00e1hrif \u00ed heiminum.\" tabindex=\"0\">anda<\/span>, d\u00fdraanda sem lei\u00f0s\u00f6gumenn, heilagt landslag og fri\u00f0helgi hluta sem bornir eru til varnar.<\/p><p>Frumbyggjatr\u00faarbr\u00f6g\u00f0 Nor\u00f0ur-Amer\u00edku og verndarhef\u00f0ir \u00feeirra eru \u00ed brennidepli \u00feessa yfirlits.<\/p>\n<p class=\"iwg-kwfix\">First Nations \u00fej\u00f3\u00f0irnar hafa ekkert eitt samr\u00e6mt go\u00f0aheim; hver \u00fej\u00f3\u00f0 var\u00f0veitir eigin gu\u00f0i og anda.<\/p>\t\t\t\t\t\t\t\t<\/div>\n\t\t\t\t<\/div>\n\t\t\t\t\t<\/div>\n\t\t\t\t<\/div>\n\t\t<div class=\"elementor-element elementor-element-iwgcn-nativeamer-hr iwg-kultur-hero-right e-flex e-con-boxed e-con e-child\" data-id=\"iwgcn-nativeamer-hr\" data-element_type=\"container\" data-e-type=\"container\">\n\t\t\t\t\t<div class=\"e-con-inner\">\n\t\t\t\t<div class=\"elementor-element elementor-element-iwgcn-nativeamer-himg iwg-hero-image elementor-widget elementor-widget-image\" data-id=\"iwgcn-nativeamer-himg\" data-element_type=\"widget\" data-e-type=\"widget\" data-widget_type=\"image.default\">\n\t\t\t\t\t\t\t\t\t\t\t\t\t\t\t<img fetchpriority=\"high\" decoding=\"async\" width=\"683\" height=\"1024\" src=\"https:\/\/iwell-guard.com\/wp-content\/uploads\/2026\/05\/goetter_native-american_changing-woman-683x1024.webp\" class=\"attachment-large size-large wp-image-2703\" alt=\"Ind\u00ed\u00e1nskir gu\u00f0ir \u2013 Wakan Tanka og First Nations\" srcset=\"https:\/\/iwell-guard.com\/wp-content\/uploads\/2026\/05\/goetter_native-american_changing-woman-683x1024.webp 683w, https:\/\/iwell-guard.com\/wp-content\/uploads\/2026\/05\/goetter_native-american_changing-woman-200x300.webp 200w, https:\/\/iwell-guard.com\/wp-content\/uploads\/2026\/05\/goetter_native-american_changing-woman-768x1152.webp 768w, https:\/\/iwell-guard.com\/wp-content\/uploads\/2026\/05\/goetter_native-american_changing-woman.webp 1024w\" sizes=\"(max-width: 683px) 100vw, 683px\" \/>\t\t\t\t\t\t\t\t\t\t\t\t\t\t\t<\/div>\n\t\t\t\t\t<\/div>\n\t\t\t\t<\/div>\n\t\t\t\t\t<\/div>\n\t\t\t\t<\/div>\n\t\t<div class=\"elementor-element elementor-element-iwgcn-nativeamer-s0 e-flex e-con-boxed e-con e-parent\" data-id=\"iwgcn-nativeamer-s0\" data-element_type=\"container\" data-e-type=\"container\">\n\t\t\t\t\t<div class=\"e-con-inner\">\n\t\t\t\t<div class=\"elementor-element elementor-element-iwgcn-nativeamer-s0h elementor-widget elementor-widget-heading\" data-id=\"iwgcn-nativeamer-s0h\" data-element_type=\"widget\" data-e-type=\"widget\" data-widget_type=\"heading.default\">\n\t\t\t\t\t<h2 class=\"elementor-heading-title elementor-size-default\">Fj\u00f6lbreytni menningarsv\u00e6\u00f0a<\/h2>\t\t\t\t<\/div>\n\t\t<div class=\"elementor-element elementor-element-iwgcn-nativeamer-s0-c e-con-full e-flex e-con e-child\" data-id=\"iwgcn-nativeamer-s0-c\" data-element_type=\"container\" data-e-type=\"container\">\n\t\t\t\t<div class=\"elementor-element elementor-element-iwgcn-nativeamer-s0t elementor-widget elementor-widget-text-editor\" data-id=\"iwgcn-nativeamer-s0t\" data-element_type=\"widget\" data-e-type=\"widget\" data-widget_type=\"text-editor.default\">\n\t\t\t\t\t\t\t\t\t<p>\u00cd mannfr\u00e6\u00f0i er frumbyggjum Nor\u00f0ur-Amer\u00edku hef\u00f0bundi\u00f0 skipt \u00ed menningarsv\u00e6\u00f0i: Nor\u00f0urskautssv\u00e6\u00f0i\u00f0 (Inuit, Yupik), Undirheimskautssv\u00e6\u00f0i\u00f0 (Dene), Nor\u00f0vesturstr\u00f6ndin (Haida, Tlingit, Kwakwaka&#8217;wakw), H\u00e1sl\u00e9ttan (Nez Perce), Sl\u00e9ttunar (Lakota, Cheyenne, Crow, Blackfoot), Austursk\u00f3garsv\u00e6\u00f0i\u00f0 (Iroquois, Cherokee, Algonkin), Su\u00f0vesturhlutinn (Hopi, Pueblo, Navajo, Apache), St\u00f3ra vatnasv\u00e6\u00f0i\u00f0 (Shoshone, Ute), Kaliforn\u00eda (Pomo, Chumash).<\/p><p>Hvert sv\u00e6\u00f0i hefur s\u00edn eigin tr\u00faarlegu \u00e1herslusvi\u00f0, allt fr\u00e1 sjaman\u00edskum ath\u00f6fnum og jurtal\u00e6kningum til <span class=\"iwg-fachbegriff\" data-tooltip=\"Hugmynd um uppbyggingu og skipulag heimsins innan menningar.\" tabindex=\"0\">heimsmyndar<\/span> sem byggist \u00e1 \u00e6ttb\u00e1lkaskipulagi.<\/p>\t\t\t\t\t\t\t\t<\/div>\n\t\t\t\t<\/div>\n\t\t\t\t\t<\/div>\n\t\t\t\t<\/div>\n\t\t<div class=\"elementor-element elementor-element-iwgcn-nativeamer-s1 e-flex e-con-boxed e-con e-parent\" data-id=\"iwgcn-nativeamer-s1\" data-element_type=\"container\" data-e-type=\"container\">\n\t\t\t\t\t<div class=\"e-con-inner\">\n\t\t\t\t<div class=\"elementor-element elementor-element-iwgcn-nativeamer-s1h elementor-widget elementor-widget-heading\" data-id=\"iwgcn-nativeamer-s1h\" data-element_type=\"widget\" data-e-type=\"widget\" data-widget_type=\"heading.default\">\n\t\t\t\t\t<h2 class=\"elementor-heading-title elementor-size-default\">Lakota, Wakan Tanka, s\u00f3lardans, s\u00fdnaleit<\/h2>\t\t\t\t<\/div>\n\t\t<div class=\"elementor-element elementor-element-iwgcn-nativeamer-s1-c e-con-full e-flex e-con e-child\" data-id=\"iwgcn-nativeamer-s1-c\" data-element_type=\"container\" data-e-type=\"container\">\n\t\t\t\t<div class=\"elementor-element elementor-element-iwgcn-nativeamer-s1t elementor-widget elementor-widget-text-editor\" data-id=\"iwgcn-nativeamer-s1t\" data-element_type=\"widget\" data-e-type=\"widget\" data-widget_type=\"text-editor.default\">\n\t\t\t\t\t\t\t\t\t<p>Lakota (eitt af \u00feremur h\u00f6fu\u00f0m\u00e1lum Sioux) d\u00fdrka Wakan Tanka, \u201ehinn mikla <span class=\"iwg-fachbegriff\" data-tooltip=\"L\u00edkamalaus vera sem talin er hafa \u00e1hrif \u00ed heiminum.\" tabindex=\"0\">anda<\/span>\u201c e\u00f0a r\u00e9ttar sagt \u201ehi\u00f0 mikla <span class=\"iwg-fachbegriff\" data-tooltip=\"\u00dea\u00f0 sem tilheyrir hinu gu\u00f0lega og er \u00fear me\u00f0 undanskili\u00f0 hversdagslegri notkun.\" tabindex=\"0\">helgi<\/span>\u201c, r\u00edkjandi frumkraft sem birtist \u00ed m\u00f6rgum myndum. S\u00f3lardansinn er mikilv\u00e6gasta hringath\u00f6fn \u00e1rsins og tengir saman dans, f\u00f6stu og l\u00edkamlega raun.<\/p><p>S\u00fdnaleitin (Hanblecha), fj\u00f3rir dagar f\u00f6stu einn \u00ed \u00f3bygg\u00f0um, markar t\u00edmam\u00f3t \u00ed l\u00edfinu og pers\u00f3nulega <span class=\"iwg-fachbegriff\" data-tooltip=\"L\u00edkamalaus vera sem talin er hafa \u00e1hrif \u00ed heiminum.\" tabindex=\"0\">anda<\/span>-fund. Mikilv\u00e6gur helgigripur: Chanunpa (hin heilaga p\u00edpa), sem Hv\u00edta buffal\u00f3konan f\u00e6r\u00f0i \u00feeim.<\/p>\t\t\t\t\t\t\t\t<\/div>\n\t\t\t\t<\/div>\n\t\t\t\t\t<\/div>\n\t\t\t\t<\/div>\n\t\t<div class=\"elementor-element elementor-element-iwgcn-nativeamer-s2 e-flex e-con-boxed e-con e-parent\" data-id=\"iwgcn-nativeamer-s2\" data-element_type=\"container\" data-e-type=\"container\">\n\t\t\t\t\t<div class=\"e-con-inner\">\n\t\t\t\t<div class=\"elementor-element elementor-element-iwgcn-nativeamer-s2h elementor-widget elementor-widget-heading\" data-id=\"iwgcn-nativeamer-s2h\" data-element_type=\"widget\" data-e-type=\"widget\" data-widget_type=\"heading.default\">\n\t\t\t\t\t<h2 class=\"elementor-heading-title elementor-size-default\">Hopi og Pueblo, Kachina-tr\u00fa<\/h2>\t\t\t\t<\/div>\n\t\t<div class=\"elementor-element elementor-element-iwgcn-nativeamer-s2-c e-con-full e-flex e-con e-child\" data-id=\"iwgcn-nativeamer-s2-c\" data-element_type=\"container\" data-e-type=\"container\">\n\t\t\t\t<div class=\"elementor-element elementor-element-iwgcn-nativeamer-s2t elementor-widget elementor-widget-text-editor\" data-id=\"iwgcn-nativeamer-s2t\" data-element_type=\"widget\" data-e-type=\"widget\" data-widget_type=\"text-editor.default\">\n\t\t\t\t\t\t\t\t\t<p>Hj\u00e1 Hopi og Pueblo-\u00fej\u00f3\u00f0um \u00ed su\u00f0vesturhlutanum st\u00fdra Kachina-andar tr\u00faarl\u00edfinu. Kachinar eru millili\u00f0ir milli heims gu\u00f0anna og heims mannanna, birtir \u00ed \u00e1rlegum dansahringum af gr\u00edmukl\u00e6ddum d\u00f6nsurum.<\/p><p>Hj\u00e1 Hopi eru til yfir 300 Kachina-myndir, hver me\u00f0 sitt hlutverk (rigning, frj\u00f3semi, l\u00e6kning, fr\u00e6\u00f0sla ungmenna). Skornar Kachina-d\u00fakkur \u00far \u00f6sp eru nota\u00f0ar vi\u00f0 tr\u00faarlegt uppeldi. \u00cd Pueblo-hef\u00f0inni er kivan samkomu- og innv\u00edgslusta\u00f0ur.<\/p>\t\t\t\t\t\t\t\t<\/div>\n\t\t\t\t<\/div>\n\t\t\t\t\t<\/div>\n\t\t\t\t<\/div>\n\t\t<div class=\"elementor-element elementor-element-iwgcn-nativeamer-s3 e-flex e-con-boxed e-con e-parent\" data-id=\"iwgcn-nativeamer-s3\" data-element_type=\"container\" data-e-type=\"container\">\n\t\t\t\t\t<div class=\"e-con-inner\">\n\t\t\t\t<div class=\"elementor-element elementor-element-iwgcn-nativeamer-s3h elementor-widget elementor-widget-heading\" data-id=\"iwgcn-nativeamer-s3h\" data-element_type=\"widget\" data-e-type=\"widget\" data-widget_type=\"heading.default\">\n\t\t\t\t\t<h2 class=\"elementor-heading-title elementor-size-default\">Navajo (Din\u00e9), Hozh\u00f3 og l\u00e6kningalei\u00f0ir<\/h2>\t\t\t\t<\/div>\n\t\t<div class=\"elementor-element elementor-element-iwgcn-nativeamer-s3-c e-con-full e-flex e-con e-child\" data-id=\"iwgcn-nativeamer-s3-c\" data-element_type=\"container\" data-e-type=\"container\">\n\t\t\t\t<div class=\"elementor-element elementor-element-iwgcn-nativeamer-s3t elementor-widget elementor-widget-text-editor\" data-id=\"iwgcn-nativeamer-s3t\" data-element_type=\"widget\" data-e-type=\"widget\" data-widget_type=\"text-editor.default\">\n\t\t\t\t\t\t\t\t\t<p>Navajo kalla sig sj\u00e1lf Din\u00e9 (\u201e\u00fej\u00f3\u00f0in\u201c). \u00cd hjarta tr\u00faar \u00feeirra er Hozh\u00f3, fegur\u00f0, samr\u00e6mi, jafnv\u00e6gi. Sk\u00f6punarsagan segir fr\u00e1 uppg\u00f6ngu \u00far fj\u00f3rum undirheimum inn \u00ed n\u00faverandi heim.<\/p><p>L\u00e6kningaathafnir (s\u00f6ngl\u00f6g, lei\u00f0ir) eins og Blessingway, Enemyway og Nightway eru fl\u00f3knar, margra daga langar athafnir me\u00f0 sandmyndum (Iik\u00e1\u00e1h), s\u00f6ngvum og b\u00e6num. Sandmyndir eru ey\u00f0ilag\u00f0ar eftir notkun; \u00fe\u00e6r eru ekki ger\u00f0ar til a\u00f0 endast heldur fyrir l\u00e6kningaath\u00f6fnina sj\u00e1lfa.<\/p>\t\t\t\t\t\t\t\t<\/div>\n\t\t\t\t<\/div>\n\t\t\t\t\t<\/div>\n\t\t\t\t<\/div>\n\t\t<div class=\"elementor-element elementor-element-iwgcn-nativeamer-s4 e-flex e-con-boxed e-con e-parent\" data-id=\"iwgcn-nativeamer-s4\" data-element_type=\"container\" data-e-type=\"container\">\n\t\t\t\t\t<div class=\"e-con-inner\">\n\t\t\t\t<div class=\"elementor-element elementor-element-iwgcn-nativeamer-s4h elementor-widget elementor-widget-heading\" data-id=\"iwgcn-nativeamer-s4h\" data-element_type=\"widget\" data-e-type=\"widget\" data-widget_type=\"heading.default\">\n\t\t\t\t\t<h2 class=\"elementor-heading-title elementor-size-default\">Verndargripir, l\u00e6kningapokar, draumavei\u00f0arar, fja\u00f0rir<\/h2>\t\t\t\t<\/div>\n\t\t<div class=\"elementor-element elementor-element-iwgcn-nativeamer-s4-c e-con-full e-flex e-con e-child\" data-id=\"iwgcn-nativeamer-s4-c\" data-element_type=\"container\" data-e-type=\"container\">\n\t\t\t\t<div class=\"elementor-element elementor-element-iwgcn-nativeamer-s4t elementor-widget elementor-widget-text-editor\" data-id=\"iwgcn-nativeamer-s4t\" data-element_type=\"widget\" data-e-type=\"widget\" data-widget_type=\"text-editor.default\">\n\t\t\t\t\t\t\t\t\t<p>L\u00e6kningapokar (Medicine Bundle \/ Pouch), le\u00f0urpokar me\u00f0 pers\u00f3nulega \u00e1skotnu\u00f0um heil\u00f6gum hlutum, eru mi\u00f0l\u00e6gir \u00ed m\u00f6rgum hef\u00f0um sl\u00e9ttna og sk\u00f3gasv\u00e6\u00f0a. Draumavei\u00f0arar (Dreamcatcher, upprunalega fr\u00e1 Ojibwe-hef\u00f0inni) hanga yfir sofust\u00f6\u00f0um og s\u00eda drauma me\u00f0 k\u00f6ngul\u00f3arvefsmynstri s\u00ednu.<\/p><p>\u00d6rnafja\u00f0rir eru taldar helgustu bornu gripirnir; afhending \u00feeirra krefst leyfis og ver\u00f0skuldunar. T\u00farkis er mikilv\u00e6gur verndarsteinn \u00ed su\u00f0vesturhlutanum (Navajo, Pueblo, Hopi skartgripahef\u00f0). D\u00fdraandaf\u00edg\u00farur \u00far steini (Zuni) eru nota\u00f0ar \u00ed l\u00e6kningapokahef\u00f0inni.<\/p>\t\t\t\t\t\t\t\t<\/div>\n\t\t\t\t<\/div>\n\t\t\t\t\t<\/div>\n\t\t\t\t<\/div>\n\t\t<div class=\"elementor-element elementor-element-x-native-american-s-faq e-flex e-con-boxed e-con e-parent\" data-id=\"x-native-american-s-faq\" data-element_type=\"container\" data-e-type=\"container\">\n\t\t\t\t\t<div class=\"e-con-inner\">\n\t\t\t\t<div class=\"elementor-element elementor-element-x-native-american-h-faq elementor-widget elementor-widget-heading\" data-id=\"x-native-american-h-faq\" data-element_type=\"widget\" data-e-type=\"widget\" data-widget_type=\"heading.default\">\n\t\t\t\t\t<h2 class=\"elementor-heading-title elementor-size-default\">Algengar spurningar um ind\u00ed\u00e1nska gu\u00f0i<\/h2>\t\t\t\t<\/div>\n\t\t<div class=\"elementor-element elementor-element-iwgcn-nativeamer-s4-c e-con-full e-flex e-con e-child\" data-id=\"iwgcn-nativeamer-s4-c\" data-element_type=\"container\" data-e-type=\"container\">\n\t\t\t\t<div class=\"elementor-element elementor-element-x-native-american-t-faq elementor-widget elementor-widget-text-editor\" data-id=\"x-native-american-t-faq\" data-element_type=\"widget\" data-e-type=\"widget\" data-widget_type=\"text-editor.default\">\n\t\t\t\t\t\t\t\t\t<h3>Hversu margir ind\u00ed\u00e1nagu\u00f0ir eru til?<\/h3>\n<p>\u00dea\u00f0 er ekki til ein ind\u00ed\u00e1nsk tr\u00faarbr\u00f6g\u00f0, yfir 500 frumbyggja\u00fej\u00f3\u00f0flokkar (First Nations) \u00ed Nor\u00f0ur-Amer\u00edku hafa hver s\u00edn eigin tr\u00faarbr\u00f6g\u00f0. Sl\u00e9ttind\u00ed\u00e1nar (Lakota, Cheyenne, Crow) mi\u00f0ast vi\u00f0 Wakan Tanka. Algonkin-m\u00e1lafj\u00f6lskyldur (Cree, Ojibwe) mi\u00f0ast vi\u00f0 Manitou. Pueblo-ind\u00ed\u00e1nar (Hopi, Zuni) mi\u00f0ast vi\u00f0 Kachina-anda. Coyote-svikahrafninn er algengur \u00ed vestanver\u00f0ri Nor\u00f0ur-Amer\u00edku. Alls eru hundru\u00f0ir mismunandi gu\u00f0a og anda.<\/p>\n<h3>Hver er Wakan Tanka?<\/h3>\n<p>Wakan Tanka (lakota: hin miklu r\u00e1\u00f0g\u00e1ta) er hi\u00f0 \u00e6\u00f0sta heilaga m\u00e1ttarvald Lakota-Sioux. \u00d6fugt vi\u00f0 hinn kristna gu\u00f0 er Wakan Tanka ekki pers\u00f3na, heldur allssta\u00f0ar n\u00e1l\u00e6g raunveruleiki me\u00f0 sj\u00f6 hli\u00f0um. Fundurinn me\u00f0 Hv\u00edtu buffal\u00f3konunni er upphafssaga heil\u00f6gu p\u00edpunnar (Chanunpa) og sj\u00f6 Lakota-si\u00f0anna.<\/p>\n<h3>Hva\u00f0 er Sun Dance?<\/h3>\n<p>Sun Dance (lakota: Wi Wanyang Wachipi) er mikilv\u00e6gasta <span class=\"iwg-fachbegriff\" data-tooltip=\"Regluleg atbur\u00f0ar\u00e1s t\u00e1knr\u00e6nna athafna me\u00f0 tr\u00faarlega e\u00f0a menningarlega merkingu.\" tabindex=\"0\">helgisi\u00f0urinn<\/span> sl\u00e9ttind\u00ed\u00e1na, fj\u00f3rir dagar l\u00f6ng <span class=\"iwg-fachbegriff\" data-tooltip=\"H\u00e1t\u00ed\u00f0leg ath\u00f6fn sem fer fram eftir f\u00f6stum reglum.\" tabindex=\"0\">ath\u00f6fn<\/span> vi\u00f0 sumars\u00f3lst\u00f6\u00f0ur. Dansarar neita s\u00e9r um mat og drykk, sumir eru bundnir me\u00f0 tr\u00e9tindum \u00ed brj\u00f3stholdi\u00f0 og reipum vi\u00f0 s\u00f3ldansstrengi\u00f0. <span class=\"iwg-fachbegriff\" data-tooltip=\"Regluleg atbur\u00f0ar\u00e1s t\u00e1knr\u00e6nna athafna me\u00f0 tr\u00faarlega e\u00f0a menningarlega merkingu.\" tabindex=\"0\">Helgisi\u00f0urinn<\/span> var banna\u00f0ur \u00e1ri\u00f0 1881 af bandar\u00edskum yfirv\u00f6ldum og var l\u00f6gleiddur \u00e1 n\u00fd \u00e1ri\u00f0 1978 me\u00f0 American Indian Religious Freedom Act.<\/p>\n<h3>Hver er Coyote?<\/h3>\n<p>Coyote er svikahrafna<span class=\"iwg-fachbegriff\" data-tooltip=\"L\u00edkamslaus vera sem s\u00f6g\u00f0 er hafa \u00e1hrif \u00ed heiminum.\" tabindex=\"0\">-andinn<\/span> margra \u00fej\u00f3\u00f0flokka \u00ed vestanver\u00f0ri Nor\u00f0ur-Amer\u00edku (Navajo, Apache, Klamath, Maidu o.fl.), skapari og hrekkjal\u00f3mur \u00ed senn. Hann f\u00e6rir m\u00f6nnunum eld og ma\u00edspl\u00f6ntur, en er l\u00edka t\u00e6lari og lygari.<\/p><p>S\u00f6gur hans hafa oft \u00ed s\u00e9r er\u00f3t\u00edska og \u00f3si\u00f0lega \u00fe\u00e6tti, \u00f3l\u00edkt kristnu\u00f0um ind\u00ed\u00e1na\u00e6vint\u00fdrum fyrir b\u00f6rn. Tr\u00faarfr\u00e6\u00f0ilega s\u00e9\u00f0 er Coyote d\u00e6miger\u00f0ur svikahrafn, \u00ed \u00e6tt vi\u00f0 vestur-afr\u00edska k\u00f6ngul\u00f3 Anansi og norr\u00e6na Loka.<\/p>\n<script type=\"application\/ld+json\">{\"@context\":\"https:\/\/schema.org\",\"@type\":\"FAQPage\",\"mainEntity\":[{\"@type\":\"Question\",\"name\":\"Hversu margir ind\u00ed\u00e1nagu\u00f0ir eru til?\",\"acceptedAnswer\":{\"@type\":\"Answer\",\"text\":\"\u00dea\u00f0 er ekki til ein ind\u00ed\u00e1nsk tr\u00faarbr\u00f6g\u00f0, yfir 500 frumbyggja\u00fej\u00f3\u00f0flokkar (First Nations) \u00ed Nor\u00f0ur-Amer\u00edku hafa hver s\u00edn eigin tr\u00faarbr\u00f6g\u00f0. Sl\u00e9ttind\u00ed\u00e1nar (Lakota, Cheyenne, Crow) mi\u00f0ast vi\u00f0 Wakan Tanka. Algonkin-m\u00e1lafj\u00f6lskyldur (Cree, Ojibwe) mi\u00f0ast vi\u00f0 Manitou. Pueblo-ind\u00ed\u00e1nar (Hopi, Zuni) mi\u00f0ast vi\u00f0 Kachina-anda. Coyote-svikahrafninn er algengur \u00ed vestanver\u00f0ri Nor\u00f0ur-Amer\u00edku. Alls eru hundru\u00f0ir mismunandi gu\u00f0a og anda.\"}},{\"@type\":\"Question\",\"name\":\"Hver er Wakan Tanka?\",\"acceptedAnswer\":{\"@type\":\"Answer\",\"text\":\"Wakan Tanka (lakota: hin miklu r\u00e1\u00f0g\u00e1ta) er hi\u00f0 \u00e6\u00f0sta heilaga m\u00e1ttarvald Lakota-Sioux. \u00d6fugt vi\u00f0 hinn kristna gu\u00f0 er Wakan Tanka ekki pers\u00f3na, heldur allssta\u00f0ar n\u00e1l\u00e6g raunveruleiki me\u00f0 sj\u00f6 hli\u00f0um. Fundurinn me\u00f0 Hv\u00edtu buffal\u00f3konunni er upphafssaga heil\u00f6gu p\u00edpunnar (Chanunpa) og sj\u00f6 Lakota-si\u00f0anna.\"}},{\"@type\":\"Question\",\"name\":\"Hva\u00f0 er Sun Dance?\",\"acceptedAnswer\":{\"@type\":\"Answer\",\"text\":\"Sun Dance (lakota: Wi Wanyang Wachipi) er mikilv\u00e6gasta helgisi\u00f0urinn sl\u00e9ttind\u00ed\u00e1na, fj\u00f3rir dagar l\u00f6ng ath\u00f6fn vi\u00f0 sumars\u00f3lst\u00f6\u00f0ur. Dansarar neita s\u00e9r um mat og drykk, sumir eru bundnir me\u00f0 tr\u00e9tindum \u00ed brj\u00f3stholdi\u00f0 og reipum vi\u00f0 s\u00f3ldansstrengi\u00f0. Helgisi\u00f0urinn var banna\u00f0ur \u00e1ri\u00f0 1881 af bandar\u00edskum yfirv\u00f6ldum og var l\u00f6gleiddur \u00e1 n\u00fd \u00e1ri\u00f0 1978 me\u00f0 American Indian Religious Freedom Act.\"}},{\"@type\":\"Question\",\"name\":\"Hver er Coyote?\",\"acceptedAnswer\":{\"@type\":\"Answer\",\"text\":\"Coyote er svikahrafnaandinn margra \u00fej\u00f3\u00f0flokka \u00ed vestanver\u00f0ri Nor\u00f0ur-Amer\u00edku (Navajo, Apache, Klamath, Maidu o.fl.), skapari og hrekkjal\u00f3mur \u00ed senn. Hann f\u00e6rir m\u00f6nnunum eld og ma\u00edspl\u00f6ntur, en er l\u00edka t\u00e6lari og lygari. S\u00f6gur hans hafa oft \u00ed s\u00e9r er\u00f3t\u00edska og \u00f3si\u00f0lega \u00fe\u00e6tti, \u00f3l\u00edkt kristnu\u00f0um ind\u00ed\u00e1na\u00e6vint\u00fdrum fyrir b\u00f6rn. Tr\u00faarfr\u00e6\u00f0ilega s\u00e9\u00f0 er Coyote d\u00e6miger\u00f0ur svikahrafn, \u00ed \u00e6tt vi\u00f0 vestur-afr\u00edska k\u00f6ngul\u00f3 Anansi og norr\u00e6na Loka.\"}}]}<\/script>\t\t\t\t\t\t\t\t<\/div>\n\t\t\t\t<\/div>\n\t\t\t\t\t<\/div>\n\t\t\t\t<\/div>\n\t\t<div class=\"elementor-element elementor-element-iwgcn-nativeamer-s5 e-flex e-con-boxed e-con e-parent\" data-id=\"iwgcn-nativeamer-s5\" data-element_type=\"container\" data-e-type=\"container\">\n\t\t\t\t\t<div class=\"e-con-inner\">\n\t\t\t\t<div class=\"elementor-element elementor-element-iwgcn-nativeamer-s5h elementor-widget elementor-widget-heading\" data-id=\"iwgcn-nativeamer-s5h\" data-element_type=\"widget\" data-e-type=\"widget\" data-widget_type=\"heading.default\">\n\t\t\t\t\t<h2 class=\"elementor-heading-title elementor-size-default\">Sweat Lodge, p\u00edpuath\u00f6fn, peyote<\/h2>\t\t\t\t<\/div>\n\t\t<div class=\"elementor-element elementor-element-iwgcn-nativeamer-s5-c e-con-full e-flex e-con e-child\" data-id=\"iwgcn-nativeamer-s5-c\" data-element_type=\"container\" data-e-type=\"container\">\n\t\t\t\t<div class=\"elementor-element elementor-element-iwgcn-nativeamer-s5t elementor-widget elementor-widget-text-editor\" data-id=\"iwgcn-nativeamer-s5t\" data-element_type=\"widget\" data-e-type=\"widget\" data-widget_type=\"text-editor.default\">\n\t\t\t\t\t\t\t\t\t<p>Sweat Lodge (Inipi \u00e1 lakota) er \u00feverind\u00ed\u00e1nsk hreinsunarath\u00f6fn: l\u00e1gt tjald \u00far v\u00ed\u00f0igreinum me\u00f0 heitum steinum og vatni, fj\u00f3rar umfer\u00f0ir me\u00f0 b\u00e6num, heils\u00f6nglum og huglei\u00f0ingu.<\/p><p>P\u00edpu<span class=\"iwg-fachbegriff\" data-tooltip=\"H\u00e1t\u00ed\u00f0leg ath\u00f6fn sem fer fram eftir f\u00f6stum reglum.\" tabindex=\"0\">ath\u00f6fnin<\/span> (Pipe Ceremony) helgar samkomur og samninga. Native American Church (stofnu\u00f0 1918) notar peyote (Lophophora williamsii) sem heilagt pl\u00f6ntume\u00f0al og er \u00ed dag st\u00f3r samt\u00f6k me\u00f0 eigin <span class=\"iwg-fachbegriff\" data-tooltip=\"V\u00edsindaleg fr\u00e6\u00f0i um Gu\u00f0 og tr\u00fa tiltekinna tr\u00faarbrag\u00f0a.\" tabindex=\"0\">gu\u00f0fr\u00e6\u00f0i<\/span>.<\/p>\t\t\t\t\t\t\t\t<\/div>\n\t\t\t\t<\/div>\n\t\t\t\t\t<\/div>\n\t\t\t\t<\/div>\n\t\t<div class=\"elementor-element elementor-element-iwgcn-nativeamer-s6 e-flex e-con-boxed e-con e-parent\" data-id=\"iwgcn-nativeamer-s6\" data-element_type=\"container\" data-e-type=\"container\">\n\t\t\t\t\t<div class=\"e-con-inner\">\n\t\t\t\t<div class=\"elementor-element elementor-element-iwgcn-nativeamer-s6h elementor-widget elementor-widget-heading\" data-id=\"iwgcn-nativeamer-s6h\" data-element_type=\"widget\" data-e-type=\"widget\" data-widget_type=\"heading.default\">\n\t\t\t\t\t<h2 class=\"elementor-heading-title elementor-size-default\">Sta\u00f0an \u00ed dag og ranns\u00f3knir<\/h2>\t\t\t\t<\/div>\n\t\t<div class=\"elementor-element elementor-element-iwgcn-nativeamer-s6-c e-con-full e-flex e-con e-child\" data-id=\"iwgcn-nativeamer-s6-c\" data-element_type=\"container\" data-e-type=\"container\">\n\t\t\t\t<div class=\"elementor-element elementor-element-iwgcn-nativeamer-s6t elementor-widget elementor-widget-text-editor\" data-id=\"iwgcn-nativeamer-s6t\" data-element_type=\"widget\" data-e-type=\"widget\" data-widget_type=\"text-editor.default\">\n\t\t\t\t\t\t\t\t\t<p>Um 5,6 millj\u00f3nir frumbyggja Nor\u00f0ur-Amer\u00edku (Native Americans) b\u00faa n\u00fa \u00ed Bandar\u00edkjunum, auk um 2 millj\u00f3na \u00ed Kanada. Tr\u00fafrelsi var ekki formlega tryggt fyrr en me\u00f0 American Indian Religious Freedom Act fr\u00e1 1978, fram a\u00f0 \u00fev\u00ed voru margar athafnir banna\u00f0ar.<\/p><p>Fr\u00e6\u00f0ileg grunnrit: Ake Hultkrantz <em>The Religions of the American Indians<\/em>, Sam Gill, Joel Martin, Vine Deloria Jr. (frumbyggjasj\u00f3narhorn).<\/p>\t\t\t\t\t\t\t\t<\/div>\n\t\t\t\t<\/div>\n\t\t\t\t\t<\/div>\n\t\t\t\t<\/div>\n\t\t<div class=\"elementor-element elementor-element-cp272f9782 e-flex e-con-boxed e-con e-parent\" data-id=\"cp272f9782\" data-element_type=\"container\" data-e-type=\"container\">\n\t\t\t\t\t<div class=\"e-con-inner\">\n\t\t\t\t<div class=\"elementor-element elementor-element-cp2db7ec3f elementor-widget elementor-widget-heading\" data-id=\"cp2db7ec3f\" data-element_type=\"widget\" data-e-type=\"widget\" data-widget_type=\"heading.default\">\n\t\t\t\t\t<h2 class=\"elementor-heading-title elementor-size-default\">Menningarsv\u00e6\u00f0i og fj\u00f6lbreytileiki frumbyggja\u00fej\u00f3\u00f0a<\/h2>\t\t\t\t<\/div>\n\t\t<div class=\"elementor-element elementor-element-cp2c9c87c4 e-flex e-con-boxed e-con e-child\" data-id=\"cp2c9c87c4\" data-element_type=\"container\" data-e-type=\"container\">\n\t\t\t\t\t<div class=\"e-con-inner\">\n\t\t\t\t<div class=\"elementor-element elementor-element-cp2cad2b1f elementor-widget elementor-widget-text-editor\" data-id=\"cp2cad2b1f\" data-element_type=\"widget\" data-e-type=\"widget\" data-widget_type=\"text-editor.default\">\n\t\t\t\t\t\t\t\t\t<p>\u00deegar tala\u00f0 er um tr\u00faarbr\u00f6g\u00f0 frumbyggja Nor\u00f0ur-Amer\u00edku (Native Americans) sem eina heild, er \u00fea\u00f0 einf\u00f6ldun sem hefur lengi veri\u00f0 \u00e1litin vandkv\u00e6\u00f0abundin \u00ed fr\u00e6\u00f0unum. \u00cd Nor\u00f0ur-Amer\u00edku voru og eru til hundru\u00f0 sj\u00e1lfst\u00e6\u00f0ra \u00fej\u00f3\u00f0a me\u00f0 eigin tungum\u00e1l, samf\u00e9lagsger\u00f0ir og tr\u00faarhugmyndir. Ein sameinu\u00f0 frumbyggjatr\u00fa er ekki til, engu heldur en \u00fea\u00f0 er til ein evr\u00f3psk tr\u00faarbr\u00f6g\u00f0.<\/p><p>Til a\u00f0 skipa \u00feessari fj\u00f6lbreytni \u00ed \u00e1kve\u00f0i\u00f0 kerfi notar <span class=\"iwg-fachbegriff\" data-tooltip=\"V\u00edsindi sem rannsaka menningarheima og samf\u00e9l\u00f6g me\u00f0 samanbur\u00f0i.\" tabindex=\"0\">\u00fej\u00f3\u00f0fr\u00e6\u00f0i<\/span> (etnolog\u00eda) hugtaki\u00f0 menningarsv\u00e6\u00f0i, \u00fea\u00f0 er st\u00e6rri sv\u00e6\u00f0i me\u00f0 svipu\u00f0um umhverfisa\u00f0st\u00e6\u00f0um og menningareinkennum.<\/p><p>Venjan er a\u00f0 greina \u00e1 milli me\u00f0al annars Nor\u00f0vesturstrandarins, Kaliforn\u00edusv\u00e6\u00f0isins, H\u00e1slettunnar, Miklu sl\u00e9ttnanna, Undirheimskautasv\u00e6\u00f0isins, Nor\u00f0urheimskautasv\u00e6\u00f0isins, Su\u00f0vesturlandsins, Su\u00f0austurlandsins og Nor\u00f0austur-sk\u00f3glendisins. \u00deessi skipting er hj\u00e1lpart\u00e6ki, ekki sj\u00e1lfsl\u00fdsing frumbyggjanna.<\/p><p>Jafnvel innan eins sv\u00e6\u00f0is eru miklar mismunir til sta\u00f0ar. \u00c1 Su\u00f0vesturlandinu, til d\u00e6mis, eru bygg\u00f0u Pueblo-samf\u00e9l\u00f6gin, Hopi og Zuni, me\u00f0 kiva-si\u00f0um s\u00ednum og gr\u00edmud\u00f6nsurum, mj\u00f6g \u00f3l\u00edk Din\u00e9-f\u00f3lkinu, \u00fea\u00f0 er Navajo, \u00fear sem l\u00e6kningaathafnir \u00feeirra og sandmyndir hafa eigin r\u00f6kfr\u00e6\u00f0i.<\/p><p>\u00c1 Nor\u00f0vesturstr\u00f6ndinni m\u00f3ta\u00f0i laxvei\u00f0i, potlatch-h\u00e1t\u00ed\u00f0ir og fl\u00f3ki\u00f0 skjaldarmerkja- og st\u00f6\u00f0ukerfi tr\u00faarl\u00edfi\u00f0, en \u00e1 Miklu sl\u00e9ttunum voru \u00fea\u00f0 v\u00edsundavei\u00f0ar, s\u00fdnarleit og athafnir eins og s\u00f3ldans.<\/p><p>Alvarleg umfj\u00f6llun \u00fearf \u00fev\u00ed \u00e1vallt a\u00f0 spyrja um hva\u00f0a \u00fej\u00f3\u00f0, sv\u00e6\u00f0i og t\u00edmabil s\u00e9 r\u00e6tt. Almennar fullyr\u00f0ingar um andlega frumbyggjaheimspeki missa marks. Tengd efni eru fjalla\u00f0 um \u00e1 einst\u00f6kum vera-s\u00ed\u00f0um \u00feessa menningarsv\u00e6\u00f0is.<\/p>\t\t\t\t\t\t\t\t<\/div>\n\t\t\t\t\t<\/div>\n\t\t\t\t<\/div>\n\t\t\t\t\t<\/div>\n\t\t\t\t<\/div>\n\t\t<div class=\"elementor-element elementor-element-cp26746451 e-flex e-con-boxed e-con e-parent\" data-id=\"cp26746451\" data-element_type=\"container\" data-e-type=\"container\">\n\t\t\t\t\t<div class=\"e-con-inner\">\n\t\t\t\t<div class=\"elementor-element elementor-element-cp2331554d elementor-widget elementor-widget-heading\" data-id=\"cp2331554d\" data-element_type=\"widget\" data-e-type=\"widget\" data-widget_type=\"heading.default\">\n\t\t\t\t\t<h2 class=\"elementor-heading-title elementor-size-default\">Endurtekin hugmyndamynstur<\/h2>\t\t\t\t<\/div>\n\t\t<div class=\"elementor-element elementor-element-cp2ff0d8b0 e-flex e-con-boxed e-con e-child\" data-id=\"cp2ff0d8b0\" data-element_type=\"container\" data-e-type=\"container\">\n\t\t\t\t\t<div class=\"e-con-inner\">\n\t\t\t\t<div class=\"elementor-element elementor-element-cp2435d678 elementor-widget elementor-widget-text-editor\" data-id=\"cp2435d678\" data-element_type=\"widget\" data-e-type=\"widget\" data-widget_type=\"text-editor.default\">\n\t\t\t\t\t\t\t\t\t<p>\u00der\u00e1tt fyrir alla fj\u00f6lbreytnina m\u00e1 nefna nokkur hugmyndamynstur sem koma fyrir \u00ed m\u00f6rgum, en ekki \u00f6llum, hef\u00f0um Nor\u00f0ur-Amer\u00edku. V\u00ed\u00f0t\u00e6k er s\u00fa hugmynd a\u00f0 ekki bara menn, heldur einnig d\u00fdr, pl\u00f6ntur, sta\u00f0ir og n\u00e1tt\u00faru\u00f6fl geti veri\u00f0 verur me\u00f0 eigin vilja.<\/p><p>Fr\u00e6\u00f0imenn tala h\u00e9r um afst\u00e6\u00f0islega e\u00f0a pers\u00f3nulega verufr\u00e6\u00f0i, \u00fear sem m\u00e6rin milli manns og \u00f3manns er gegns\u00e6.<\/p><p>Algeng er hugmyndin um kraft e\u00f0a leyndard\u00f3m sem gengur \u00ed gegnum allt, og sem er nefnt me\u00f0 mismunandi h\u00e6tti \u00ed einst\u00f6kum hef\u00f0um. Sl\u00edk hugt\u00f6k eru erfitt a\u00f0 \u00fe\u00fd\u00f0a, og eldri \u00fe\u00fd\u00f0ingar sem \u201est\u00f3r <span class=\"iwg-fachbegriff\" data-tooltip=\"L\u00edkamalaus vera sem s\u00f6g\u00f0 er hafa \u00e1hrif \u00ed heiminum.\" tabindex=\"0\">andi<\/span>\u201c afmynda oft meira en \u00fe\u00e6r \u00fatsk\u00fdra. Hugt\u00f6kin heyra hvert til s\u00edns eigin tungum\u00e1ls- og menningarsamhengis.<\/p><p>V\u00ed\u00f0t\u00e6k er pers\u00f3na <em>Trickster<\/em>, tv\u00edbentrar veru sem er \u00ed senn menningarbeytandi og truflandi, og kemur fram, eftir sv\u00e6\u00f0i, sem sl\u00e9ttuvargur, hrafn, k\u00f3ngul\u00f3 e\u00f0a minkur. S\u00f6gur af Trickster \u00fatsk\u00fdra tilur\u00f0 heims og skipulags, en brj\u00f3ta einnig reglur og s\u00fdna m\u00f6rk \u00feeirra.<\/p><p>Enn algeng er s\u00fdnarleit, oft fylgt me\u00f0 f\u00f6stu og einangrun, \u00fear sem leita\u00f0 er eftir m\u00f3tandi kynnum vi\u00f0 verndandi m\u00e1tt. Auk \u00feess leika l\u00e6kninga- og hreinsunarathafnir st\u00f3rt hlutverk, svo sem svitakofinn, og samf\u00e9lagsh\u00e1t\u00ed\u00f0ir sem tengjast t\u00edmatali. Mikilv\u00e6gt er a\u00f0 hvert \u00feessara mynstra hefur eigin \u00fatf\u00e6rslu, eigin reglur og eigin merking \u00ed hverri \u00fej\u00f3\u00f0.<\/p>\t\t\t\t\t\t\t\t<\/div>\n\t\t\t\t\t<\/div>\n\t\t\t\t<\/div>\n\t\t\t\t\t<\/div>\n\t\t\t\t<\/div>\n\t\t<div class=\"elementor-element elementor-element-cp224447f0 e-flex e-con-boxed e-con e-parent\" data-id=\"cp224447f0\" data-element_type=\"container\" data-e-type=\"container\">\n\t\t\t\t\t<div class=\"e-con-inner\">\n\t\t\t\t<div class=\"elementor-element elementor-element-cp203f136e elementor-widget elementor-widget-heading\" data-id=\"cp203f136e\" data-element_type=\"widget\" data-e-type=\"widget\" data-widget_type=\"heading.default\">\n\t\t\t\t\t<h2 class=\"elementor-heading-title elementor-size-default\">Skriflegar heimildir, ranns\u00f3knas\u00f6gu og heimildargagnr\u00fdni<\/h2>\t\t\t\t<\/div>\n\t\t<div class=\"elementor-element elementor-element-cp2481166d e-flex e-con-boxed e-con e-child\" data-id=\"cp2481166d\" data-element_type=\"container\" data-e-type=\"container\">\n\t\t\t\t\t<div class=\"e-con-inner\">\n\t\t\t\t<div class=\"elementor-element elementor-element-cp2bf90ac8 elementor-widget elementor-widget-text-editor\" data-id=\"cp2bf90ac8\" data-element_type=\"widget\" data-e-type=\"widget\" data-widget_type=\"text-editor.default\">\n\t\t\t\t\t\t\t\t\t<p>Hef\u00f0ir Nor\u00f0ur-Amer\u00edku voru var\u00f0veittar munnlega. Skriflegar heimildir koma \u00fev\u00ed n\u00e6r alltaf fr\u00e1 utana\u00f0komandi: tr\u00fabo\u00f0um, fer\u00f0am\u00f6nnum, emb\u00e6ttism\u00f6nnum og s\u00ed\u00f0ar \u00fej\u00f3\u00f0fr\u00e6\u00f0ingum. Hver \u00feessara heimilda ber me\u00f0 s\u00e9r s\u00fdn og hagsmuni h\u00f6funda sinna, sem gerir heimildargagnr\u00fdni a\u00f0 grunnforsendu allrar umfj\u00f6llunar um efni\u00f0.<\/p><p>Mikilv\u00e6gt, en tv\u00edbent, hlutverk l\u00e9k bandar\u00edsk <span class=\"iwg-fachbegriff\" data-tooltip=\"V\u00edsindi sem rannsaka menningarheima og samf\u00e9l\u00f6g me\u00f0 samanbur\u00f0i.\" tabindex=\"0\">\u00fej\u00f3\u00f0fr\u00e6\u00f0i<\/span> \u00ed kringum Franz Boas og l\u00e6risveina hans \u00e1 seinni hluta 19. aldar og fyrri hluta 20. aldar.<\/p><p>\u00deau s\u00f6fnu\u00f0u \u00ed miklum m\u00e6li s\u00f6gum, s\u00f6ngvum og l\u00fdsingum \u00e1 ath\u00f6fnum, oft \u00ed \u00feeirri tr\u00fa a\u00f0 \u00feau v\u00e6ru a\u00f0 skjalfesta heim sem v\u00e6ri a\u00f0 deyja \u00fat. \u00deessari a\u00f0fer\u00f0 eiga fr\u00e6\u00f0in miki\u00f0 efni a\u00f0 \u00feakka, en h\u00fan var\u00f0 einnig til vegna rangrar hugmyndar um hinn deyjandi ind\u00ed\u00e1na.<\/p><p>Vandkv\u00e6\u00f0abundi\u00f0 er einnig a\u00f0 margar skr\u00e1ningar ur\u00f0u til \u00e1n sam\u00feykkis samf\u00e9laganna og hafa \u00ed einst\u00f6kum tilfellum var\u00f0veitt vitneskju sem eiginlega var fr\u00e1tekin fyrir innv\u00edg\u00f0a. \u00cd dag krefjast frumbyggjafr\u00e6\u00f0imenn og samf\u00e9l\u00f6g \u00fev\u00ed a\u00f0ild a\u00f0 \u00fev\u00ed hva\u00f0 megi rannsaka, birta og s\u00fdna. L\u00f6g um me\u00f0fer\u00f0 grafarleifa og athafnahluta \u00ed Nor\u00f0ur-Amer\u00edku hafa h\u00e9r valdi\u00f0 breytingum.<\/p><p>\u00dear a\u00f0 auki er saga vins\u00e6lrar eignarn\u00e1ms til sta\u00f0ar. Fr\u00e1 19. \u00f6ld hafa hugmyndir frumbyggja veri\u00f0 r\u00f3mant\u00edsera\u00f0ar, unnar \u00ed <span class=\"iwg-fachbegriff\" data-tooltip=\"Samheiti fyrir kenningar sem gera kr\u00f6fu til dulinnar \u00feekkingar sem a\u00f0eins er a\u00f0gengileg innv\u00edg\u00f0um.\" tabindex=\"0\">dulspeki<\/span> og blanda\u00f0ar vi\u00f0 uppfinnanleg atri\u00f0i, til d\u00e6mis \u00ed hinni v\u00ed\u00f0t\u00e6ku, en seinni t\u00edma og a\u00f0 hluta ekki-frumbyggja hugmynd um kraftad\u00fdr.<\/p><p><span class=\"iwg-fachbegriff\" data-tooltip=\"V\u00edsindin sem rannsaka tr\u00faarbr\u00f6g\u00f0 me\u00f0 samanbur\u00f0i og \u00e1n tr\u00faartengsla.\" tabindex=\"0\">Tr\u00faarbrag\u00f0afr\u00e6\u00f0i<\/span> gerir \u00fev\u00ed vandlegan greinarmun \u00e1 milli hinna s\u00f6gulegu og n\u00faverandi hef\u00f0a einstakra \u00fej\u00f3\u00f0a og \u00fev\u00ed sem gert var \u00far \u00feeim \u00e1 Vesturl\u00f6ndum.<\/p>\t\t\t\t\t\t\t\t<\/div>\n\t\t\t\t\t<\/div>\n\t\t\t\t<\/div>\n\t\t\t\t\t<\/div>\n\t\t\t\t<\/div>\n\t\t<div class=\"elementor-element elementor-element-cp2e2cb90a e-flex e-con-boxed e-con e-parent\" data-id=\"cp2e2cb90a\" data-element_type=\"container\" data-e-type=\"container\">\n\t\t\t\t\t<div class=\"e-con-inner\">\n\t\t\t\t<div class=\"elementor-element elementor-element-cp274f0d22 elementor-widget elementor-widget-heading\" data-id=\"cp274f0d22\" data-element_type=\"widget\" data-e-type=\"widget\" data-widget_type=\"heading.default\">\n\t\t\t\t\t<h2 class=\"elementor-heading-title elementor-size-default\">N\u00fdlendu\u00fer\u00fdstingur, n\u00fdjar hreyfingar og endurvakning<\/h2>\t\t\t\t<\/div>\n\t\t<div class=\"elementor-element elementor-element-cp21fd34af e-flex e-con-boxed e-con e-child\" data-id=\"cp21fd34af\" data-element_type=\"container\" data-e-type=\"container\">\n\t\t\t\t\t<div class=\"e-con-inner\">\n\t\t\t\t<div class=\"elementor-element elementor-element-cp2f6864ed elementor-widget elementor-widget-text-editor\" data-id=\"cp2f6864ed\" data-element_type=\"widget\" data-e-type=\"widget\" data-widget_type=\"text-editor.default\">\n\t\t\t\t\t\t\t\t\t<p>Tr\u00faars\u00f6guleg \u00fer\u00f3un frumbyggja Nor\u00f0ur-Amer\u00edku fr\u00e1 upphafi n\u00fdlendut\u00edmans einkennist af miklum \u00fer\u00fdstingi. Landmissir, tilflutningur, fars\u00f3ttir og markviss stefna stj\u00f3rnvalda snerust gegn tr\u00faarlegum grundvelli margra \u00fej\u00f3\u00f0a. \u00cd Bandar\u00edkjunum og Kanada voru b\u00f6rn frumbyggja um margar kynsl\u00f3\u00f0ir send \u00e1 heimavistarsk\u00f3la \u00fear sem tungum\u00e1l og athafnir voru banna\u00f0ar. \u00c1kve\u00f0nar athafnir voru um t\u00edma l\u00f6gbanna\u00f0ar.<\/p><p>Undir \u00feessum \u00fer\u00fdstingi ur\u00f0u einnig til n\u00fdjar tr\u00faarhreyfingar. \u00c1 19. \u00f6ld breiddist \u00fat Andadansinn (Ghost Dance), sp\u00e1d\u00f3mleg hreyfing sem v\u00e6nti endurn\u00fdjunar heimsins og heimkomu hinna l\u00e1tnu, en k\u00fagun hennar leiddi 1890 til fj\u00f6ldamor\u00f0anna vi\u00f0 Wounded Knee.<\/p><p>Um sama leyti var\u00f0 til Native American Church, sem tengir saman helgisi\u00f0abundna notkun kaktussins peyote og kristin atri\u00f0i og er \u00ed dag vi\u00f0urkennt tr\u00faf\u00e9lag me\u00f0 fylgi um allt landi\u00f0.<\/p><p>Ekki fyrr en s\u00ed\u00f0ar \u00e1 20. \u00f6ld batna\u00f0i r\u00e9ttarsta\u00f0an. \u00cd Bandar\u00edkjunum trygg\u00f0i American Indian Religious Freedom Act fr\u00e1 1978 s\u00e9rstaklega frj\u00e1lsa tr\u00faari\u00f0kun, \u00fe\u00f3tt raunveruleg framkv\u00e6md, me\u00f0al annars a\u00f0gangur a\u00f0 helgum st\u00f6\u00f0um, s\u00e9 enn deiluefni.<\/p><p>Fr\u00e1 1970 hefur m\u00e1tt sj\u00e1 v\u00ed\u00f0t\u00e6ka endurvakningu. \u00dej\u00f3\u00f0ir reka tungum\u00e1la\u00e1\u00e6tlanir, taka upp aftur athafnir og krefjast \u00feess a\u00f0 helgir munir og bein forfe\u00f0ra ver\u00f0i skila\u00f0 fr\u00e1 s\u00f6fnum.<\/p><p>\u00c1 sama t\u00edma taka m\u00f6rg samf\u00e9l\u00f6g eindregna afst\u00f6\u00f0u gegn vi\u00f0skiptalegri eignauppt\u00f6ku \u00e1 tr\u00fa sinni af h\u00e1lfu utana\u00f0komandi a\u00f0ila. R\u00e9tt framsetning s\u00fdnir \u00fev\u00ed tr\u00fa frumbyggja Nor\u00f0ur-Amer\u00edku sem lifandi samt\u00ed\u00f0, borin uppi af sj\u00e1lfst\u00e6\u00f0um \u00fej\u00f3\u00f0um, og ekki sem kafla \u00far s\u00f6gunni.<\/p>\t\t\t\t\t\t\t\t<\/div>\n\t\t\t\t\t<\/div>\n\t\t\t\t<\/div>\n\t\t\t\t\t<\/div>\n\t\t\t\t<\/div>\n\t\t<div class=\"elementor-element elementor-element-iwgha-nativeameric-sec e-flex e-con-boxed e-con e-parent\" data-id=\"iwgha-nativeameric-sec\" data-element_type=\"container\" data-e-type=\"container\">\n\t\t\t\t\t<div class=\"e-con-inner\">\n\t\t\t\t<div class=\"elementor-element elementor-element-iwgha-nativeameric-h elementor-widget elementor-widget-heading\" data-id=\"iwgha-nativeameric-h\" data-element_type=\"widget\" data-e-type=\"widget\" data-widget_type=\"heading.default\">\n\t\t\t\t\t<h2 class=\"elementor-heading-title elementor-size-default\">Verur \u00far \u00feessari hef\u00f0 (10)<\/h2>\t\t\t\t<\/div>\n\t\t<div class=\"elementor-element elementor-element-iwgha-nativeameric-gc e-flex e-con-boxed e-con e-parent\" data-id=\"iwgha-nativeameric-gc\" data-element_type=\"container\" data-e-type=\"container\">\n\t\t\t\t\t<div class=\"e-con-inner\">\n\t\t\t\t<div class=\"elementor-element elementor-element-iwgha-nativeameric-grid elementor-widget elementor-widget-text-editor\" data-id=\"iwgha-nativeameric-grid\" data-element_type=\"widget\" data-e-type=\"widget\" data-widget_type=\"text-editor.default\">\n\t\t\t\t\t\t\t\t\t<div class=\"iwg-wesen-grid\"><a class=\"iwg-wesen-card\" href=\"https:\/\/iwell-guard.com\/is\/changing-woman-lifshringgydja-navaja\/\" aria-label=\"Changing Woman \u2013 l\u00edfshringgy\u00f0ja Navaja\"><div class=\"iwg-wesen-card-imgwrap\"><img decoding=\"async\" src=\"https:\/\/iwell-guard.com\/wp-content\/uploads\/2026\/05\/goetter_native-american_changing-woman-200x300.webp\" alt=\"Changing Woman \u2013 l\u00edfshringgy\u00f0ja Navaja\" loading=\"lazy\"><\/div><div class=\"iwg-wesen-card-body\"><div class=\"iwg-wesen-card-name\">Changing Woman \u2013 l\u00edfshringgy\u00f0ja Navaja<\/div><div class=\"iwg-wesen-card-arrow\">\u2192 \u00c1 v\u00e6ttina<\/div><\/div><\/a><a class=\"iwg-wesen-card\" href=\"https:\/\/iwell-guard.com\/is\/coyote-trickster-nordur-amerikanskra-indiana\/\" aria-label=\"Coyote \u2013 trickster nor\u00f0ur-amer\u00edskra ind\u00ed\u00e1na\"><div class=\"iwg-wesen-card-imgwrap\"><img decoding=\"async\" src=\"https:\/\/iwell-guard.com\/wp-content\/uploads\/2026\/05\/geister_native-american_coyote-200x300.webp\" alt=\"Coyote \u2013 trickster nor\u00f0ur-amer\u00edskra ind\u00ed\u00e1na\" loading=\"lazy\"><\/div><div class=\"iwg-wesen-card-body\"><div class=\"iwg-wesen-card-name\">Coyote \u2013 trickster nor\u00f0ur-amer\u00edskra ind\u00ed\u00e1na<\/div><div class=\"iwg-wesen-card-arrow\">\u2192 \u00c1 v\u00e6ttina<\/div><\/div><\/a><a class=\"iwg-wesen-card\" href=\"https:\/\/iwell-guard.com\/is\/iktomi-trikkstari-kongulo-andi-lakota\/\" aria-label=\"Iktomi \u2013 trikkstari og k\u00f6ngul\u00f3aandi Lak\u00f3ta-f\u00f3lksins\"><div class=\"iwg-wesen-card-imgwrap\"><img decoding=\"async\" src=\"https:\/\/iwell-guard.com\/wp-content\/uploads\/2026\/05\/geister_native-american_iktomi-200x300.webp\" alt=\"Iktomi \u2013 trikkstari og k\u00f6ngul\u00f3aandi Lak\u00f3ta-f\u00f3lksins\" loading=\"lazy\"><\/div><div class=\"iwg-wesen-card-body\"><div class=\"iwg-wesen-card-name\">Iktomi \u2013 trikkstari og k\u00f6ngul\u00f3aandi Lak\u00f3ta-f\u00f3lksins<\/div><div class=\"iwg-wesen-card-arrow\">\u2192 \u00c1 v\u00e6ttina<\/div><\/div><\/a><a class=\"iwg-wesen-card\" href=\"https:\/\/iwell-guard.com\/is\/kachina-andaverur-hopi-pueblo\/\" aria-label=\"Kachina \u2013 andaverur Hopi- og Pueblo-\u00fej\u00f3\u00f0anna\"><div class=\"iwg-wesen-card-imgwrap\"><img decoding=\"async\" src=\"https:\/\/iwell-guard.com\/wp-content\/uploads\/2026\/05\/geister_native-american_kachina-200x300.webp\" alt=\"Kachina \u2013 andaverur Hopi- og Pueblo-\u00fej\u00f3\u00f0anna\" loading=\"lazy\"><\/div><div class=\"iwg-wesen-card-body\"><div class=\"iwg-wesen-card-name\">Kachina \u2013 andaverur Hopi- og Pueblo-\u00fej\u00f3\u00f0anna<\/div><div class=\"iwg-wesen-card-arrow\">\u2192 \u00c1 v\u00e6ttina<\/div><\/div><\/a><a class=\"iwg-wesen-card\" href=\"https:\/\/iwell-guard.com\/is\/spider-grandmother-skapandi-omma-pueblo\/\" aria-label=\"Spider Grandmother \u2013 skapandi \u00f6mma Pueblo-\u00fej\u00f3\u00f0anna\"><div class=\"iwg-wesen-card-imgwrap\"><img decoding=\"async\" src=\"https:\/\/iwell-guard.com\/wp-content\/uploads\/2026\/05\/goetter_native-american_spider-grandmother-200x300.webp\" alt=\"Spider Grandmother \u2013 skapandi \u00f6mma Pueblo-\u00fej\u00f3\u00f0anna\" loading=\"lazy\"><\/div><div class=\"iwg-wesen-card-body\"><div class=\"iwg-wesen-card-name\">Spider Grandmother \u2013 skapandi \u00f6mma Pueblo-\u00fej\u00f3\u00f0anna<\/div><div class=\"iwg-wesen-card-arrow\">\u2192 \u00c1 v\u00e6ttina<\/div><\/div><\/a><a class=\"iwg-wesen-card\" href=\"https:\/\/iwell-guard.com\/is\/thunderbird-thrumufugl-indiana\/\" aria-label=\"Thunderbird \u2013 \u00ferumufugl frumbyggja Nor\u00f0ur-Amer\u00edku\"><div class=\"iwg-wesen-card-imgwrap\"><img decoding=\"async\" src=\"https:\/\/iwell-guard.com\/wp-content\/uploads\/2026\/05\/goetter_native-american_thunderbird-200x300.webp\" alt=\"Thunderbird \u2013 \u00ferumufugl frumbyggja Nor\u00f0ur-Amer\u00edku\" loading=\"lazy\"><\/div><div class=\"iwg-wesen-card-body\"><div class=\"iwg-wesen-card-name\">Thunderbird \u2013 \u00ferumufugl frumbyggja Nor\u00f0ur-Amer\u00edku<\/div><div class=\"iwg-wesen-card-arrow\">\u2192 \u00c1 v\u00e6ttina<\/div><\/div><\/a><a class=\"iwg-wesen-card\" href=\"https:\/\/iwell-guard.com\/is\/tunkasila-himnafadir-lakota\/\" aria-label=\"Tunkasila \u2013 Himnafa\u00f0ir Lakota-manna\"><div class=\"iwg-wesen-card-imgwrap\"><img decoding=\"async\" src=\"https:\/\/iwell-guard.com\/wp-content\/uploads\/2026\/05\/goetter_native-american_tunkasila-grossvater-himmel-200x300.webp\" alt=\"Tunkasila \u2013 Himnafa\u00f0ir Lakota-manna\" loading=\"lazy\"><\/div><div class=\"iwg-wesen-card-body\"><div class=\"iwg-wesen-card-name\">Tunkasila \u2013 Himnafa\u00f0ir Lakota-manna<\/div><div class=\"iwg-wesen-card-arrow\">\u2192 \u00c1 v\u00e6ttina<\/div><\/div><\/a><a class=\"iwg-wesen-card\" href=\"https:\/\/iwell-guard.com\/is\/wakan-tanka-lakota\/\" aria-label=\"Wakan Tanka \u2013 Hin miklu heil\u00f6gu m\u00e1ttarv\u00f6ld Lakota\"><div class=\"iwg-wesen-card-imgwrap\"><img decoding=\"async\" src=\"https:\/\/iwell-guard.com\/wp-content\/uploads\/2026\/05\/goetter_native-american_wakan-tanka-200x300.webp\" alt=\"Wakan Tanka \u2013 Hin miklu heil\u00f6gu m\u00e1ttarv\u00f6ld Lakota\" loading=\"lazy\"><\/div><div class=\"iwg-wesen-card-body\"><div class=\"iwg-wesen-card-name\">Wakan Tanka \u2013 Hin miklu heil\u00f6gu m\u00e1ttarv\u00f6ld Lakota<\/div><div class=\"iwg-wesen-card-arrow\">\u2192 \u00c1 v\u00e6ttina<\/div><\/div><\/a><a class=\"iwg-wesen-card\" href=\"https:\/\/iwell-guard.com\/is\/wendigo-mannaetuandi-vera-skogarthjoda\/\" aria-label=\"Wendigo \u2013 Mann\u00e6tuandi vera nor\u00f0ur-amer\u00edskra sk\u00f3gar\u00fej\u00f3\u00f0a\"><div class=\"iwg-wesen-card-imgwrap\"><img decoding=\"async\" src=\"https:\/\/iwell-guard.com\/wp-content\/uploads\/2026\/05\/geister_native-american_wendigo-200x300.webp\" alt=\"Wendigo \u2013 Mann\u00e6tuandi vera nor\u00f0ur-amer\u00edskra sk\u00f3gar\u00fej\u00f3\u00f0a\" loading=\"lazy\"><\/div><div class=\"iwg-wesen-card-body\"><div class=\"iwg-wesen-card-name\">Wendigo \u2013 Mann\u00e6tuandi vera nor\u00f0ur-amer\u00edskra sk\u00f3gar\u00fej\u00f3\u00f0a<\/div><div class=\"iwg-wesen-card-arrow\">\u2192 \u00c1 v\u00e6ttina<\/div><\/div><\/a><a class=\"iwg-wesen-card\" href=\"https:\/\/iwell-guard.com\/is\/white-buffalo-calf-woman-heilog-kona-lakota\/\" aria-label=\"White Buffalo Calf Woman \u2013 Heil\u00f6g kona Lakota\"><div class=\"iwg-wesen-card-imgwrap\"><img decoding=\"async\" src=\"https:\/\/iwell-guard.com\/wp-content\/uploads\/2026\/05\/geister_native-american_white-buffalo-calf-woman-200x300.webp\" alt=\"White Buffalo Calf Woman \u2013 Heil\u00f6g kona Lakota\" loading=\"lazy\"><\/div><div class=\"iwg-wesen-card-body\"><div class=\"iwg-wesen-card-name\">White Buffalo Calf Woman \u2013 Heil\u00f6g kona Lakota<\/div><div class=\"iwg-wesen-card-arrow\">\u2192 \u00c1 v\u00e6ttina<\/div><\/div><\/a><\/div>\t\t\t\t\t\t\t\t<\/div>\n\t\t\t\t\t<\/div>\n\t\t\t\t<\/div>\n\t\t\t\t\t<\/div>\n\t\t\t\t<\/div>\n\t\t<div class=\"elementor-element elementor-element-iwgcn-nativeamer-kwd e-flex e-con-boxed e-con e-parent\" data-id=\"iwgcn-nativeamer-kwd\" data-element_type=\"container\" data-e-type=\"container\">\n\t\t\t\t\t<div class=\"e-con-inner\">\n\t\t<div class=\"elementor-element elementor-element-iwgcn-nativeamer-kwd-c e-con-full e-flex e-con e-child\" data-id=\"iwgcn-nativeamer-kwd-c\" data-element_type=\"container\" data-e-type=\"container\">\n\t\t\t\t<div class=\"elementor-element elementor-element-iwgcn-nativeamer-kwdt elementor-widget elementor-widget-text-editor\" data-id=\"iwgcn-nativeamer-kwdt\" data-element_type=\"widget\" data-e-type=\"widget\" data-widget_type=\"text-editor.default\">\n\t\t\t\t\t\t\t\t\t<p><em>Tengd kjarnahugt\u00f6k: Lakota Hopi Navajo Din\u00e9 Cherokee Haida Tlingit Inuit Manitou Wakan Tanka Sun Dance Vision Quest Medicine Bundle Dreamcatcher Kachina.<\/em><\/p>\t\t\t\t\t\t\t\t<\/div>\n\t\t\t\t<\/div>\n\t\t\t\t\t<\/div>\n\t\t\t\t<\/div>\n\t\t<div class=\"elementor-element elementor-element-iwgcn-nativeamer-cc e-flex e-con-boxed e-con e-parent\" data-id=\"iwgcn-nativeamer-cc\" data-element_type=\"container\" data-e-type=\"container\" id=\"iwg-cc-native-american\">\n\t\t\t\t\t<div class=\"e-con-inner\">\n\t\t<div class=\"elementor-element elementor-element-iwgcn-nativeamer-ccinner e-flex e-con-boxed e-con e-parent\" data-id=\"iwgcn-nativeamer-ccinner\" data-element_type=\"container\" data-e-type=\"container\" data-settings=\"{&quot;background_background&quot;:&quot;classic&quot;}\">\n\t\t\t\t\t<div class=\"e-con-inner\">\n\t\t\t\t<div class=\"elementor-element elementor-element-iwgcn-nativeamer-cch elementor-widget elementor-widget-heading\" data-id=\"iwgcn-nativeamer-cch\" data-element_type=\"widget\" data-e-type=\"widget\" data-widget_type=\"heading.default\">\n\t\t\t\t\t<h2 class=\"elementor-heading-title elementor-size-default\">Verndargripir \u00ed \u00feessari menningarhef\u00f0<\/h2>\t\t\t\t<\/div>\n\t\t\t\t<div class=\"elementor-element elementor-element-iwgcn-nativeamer-cct elementor-widget elementor-widget-text-editor\" data-id=\"iwgcn-nativeamer-cct\" data-element_type=\"widget\" data-e-type=\"widget\" data-widget_type=\"text-editor.default\">\n\t\t\t\t\t\t\t\t\t<p>Frumbyggjahef\u00f0ir Nor\u00f0ur-Amer\u00edku, Lakota, Hopi, Navajo og margar fleiri, \u00feekkja lyfjapoka (Medicine Bundle), draumavei\u00f0ara, arnarfja\u00f0rir og d\u00fdraandaf\u00edg\u00farur \u00far steini sem bur\u00f0arleg verndargripir; tyrkissteinsskart fr\u00e1 Pueblo-\u00fej\u00f3\u00f0um \u00ed su\u00f0vestri er h\u00e1tt meti\u00f0.<\/p><div data-nosnippet=\"true\"><p>iWell Guard fellur inn \u00ed \u00feessa menningars\u00f6gulegu hef\u00f0 bur\u00f0arlegra verndargripa, \u00ed samt\u00edmalegri efnisarkitekt\u00far, framleitt \u00ed \u00de\u00fdskalandi. 41 lag, alv\u00f6ru gull, plat\u00edna, silfur. 30 daga skilar\u00e9ttur.<\/p><\/div>\t\t\t\t\t\t\t\t<\/div>\n\t\t\t\t<div class=\"elementor-element elementor-element-iwgcn-nativeamer-ccb iwg-cc-button iwg-cc-cta-2026-05-13 elementor-widget elementor-widget-jet-button\" data-id=\"iwgcn-nativeamer-ccb\" data-element_type=\"widget\" data-e-type=\"widget\" data-widget_type=\"jet-button.default\">\n\t\t\t\t<div class=\"elementor-widget-container\">\n\t\t\t\t\t<div class=\"elementor-jet-button jet-elements\"><div class=\"jet-button__container\"><a class=\"jet-button__instance jet-button__instance--icon-left hover-effect-1\" href=\"\/ueber-iwell-guard\/?utm_source=iwell-guard.com&amp;utm_medium=info-box&amp;utm_campaign=kultur-tradition\"><div class=\"jet-button__plane jet-button__plane-normal\"><\/div><div class=\"jet-button__plane jet-button__plane-hover\"><\/div><div class=\"jet-button__state jet-button__state-normal\"><span class=\"jet-button__label\">Meira um iWell Guard<\/span><\/div><div class=\"jet-button__state jet-button__state-hover\"><span class=\"jet-button__label\">Meira um iWell Guard<\/span><\/div><\/a><\/div><\/div><style>.elementor-element.elementor-element-iwgcn-nativeamer-ccb .jet-button__instance{width:320px;height:56px;}.elementor-element.elementor-element-iwgcn-nativeamer-ccb .jet-button__state-normal .jet-button__label{text-align:center;margin:0px 0px 0px 0px;color:#1a1b20;font-family:Montserrat,sans-serif;font-size:13px;font-weight:400;letter-spacing:4px;line-height:1.714em;text-transform:uppercase;}.elementor-element.elementor-element-iwgcn-nativeamer-ccb .jet-button__state-hover .jet-button__label{text-align:center;margin:0px 0px 0px 0px;color:#FECC76;font-family:Montserrat,sans-serif;font-size:13px;font-weight:400;letter-spacing:4px;line-height:1.714em;text-transform:uppercase;}.elementor-element.elementor-element-iwgcn-nativeamer-ccb .jet-button__plane-normal{background-color:#FECC76;border-style:solid;border-color:#C99540;border-width:2px 2px 2px 2px;}.elementor-element.elementor-element-iwgcn-nativeamer-ccb .jet-button__plane-hover{background-color:rgba(0,0,0,0.55);border-style:solid;border-color:#FECC76;border-width:2px 2px 2px 2px;}<\/style>\t\t\t\t<\/div>\n\t\t\t\t<\/div>\n\t\t\t\t<div class=\"elementor-element elementor-element-iwgcn-nativeamer-ccd elementor-widget elementor-widget-text-editor\" data-id=\"iwgcn-nativeamer-ccd\" data-element_type=\"widget\" data-e-type=\"widget\" data-widget_type=\"text-editor.default\">\n\t\t\t\t\t\t\t\t\t<div data-nosnippet=\"true\"><p style=\"text-align:center;font-size:13px;opacity:0.7;margin-top:14px\" data-nosnippet=\"true\">Pers\u00f3nuleg reynsla getur veri\u00f0 mismunandi. Ekki l\u00e6kningat\u00e6ki. Engin lofor\u00f0 um l\u00e6kningu.<\/p><\/div>\t\t\t\t\t\t\t\t<\/div>\n\t\t\t\t\t<\/div>\n\t\t\t\t<\/div>\n\t\t\t\t\t<\/div>\n\t\t\t\t<\/div>\n\t\t<div class=\"elementor-element elementor-element-iwgcn-nativeamer-disc e-flex e-con-boxed e-con e-parent\" data-id=\"iwgcn-nativeamer-disc\" data-element_type=\"container\" data-e-type=\"container\">\n\t\t\t\t\t<div class=\"e-con-inner\">\n\t\t\t\t<div class=\"elementor-element elementor-element-iwgcn-nativeamer-discw elementor-widget elementor-widget-html\" data-id=\"iwgcn-nativeamer-discw\" data-element_type=\"widget\" data-e-type=\"widget\" data-widget_type=\"html.default\">\n\t\t\t\t\t<footer data-nosnippet=\"true\" class=\"iwg-disclaimer-block\"><p data-nosnippet=\"true\">iWell Guard er <strong>ekki l\u00e6kningat\u00e6ki<\/strong> og kemur ekki \u00ed sta\u00f0inn fyrir l\u00e6knis- e\u00f0a s\u00e1lfr\u00e6\u00f0ime\u00f0fer\u00f0. Tr\u00faarfr\u00e6\u00f0ilegt efni er menningars\u00f6gulegt samhengi, ekki r\u00e1\u00f0legging um andlega i\u00f0kun.<\/p><\/footer>\t\t\t\t<\/div>\n\t\t\t\t\t<\/div>\n\t\t\t\t<\/div>\n\t\t<div class=\"elementor-element elementor-element-iwgssrev-nativeamerican e-flex e-con-boxed e-con e-parent\" data-id=\"iwgssrev-nativeamerican\" data-element_type=\"container\" data-e-type=\"container\">\n\t\t\t\t\t<div class=\"e-con-inner\">\n\t\t\t\t<div class=\"elementor-element elementor-element-iwgssrev-nativeamerican-h elementor-widget elementor-widget-heading\" data-id=\"iwgssrev-nativeamerican-h\" data-element_type=\"widget\" data-e-type=\"widget\" data-widget_type=\"heading.default\">\n\t\t\t\t\t<h2 class=\"elementor-heading-title elementor-size-default\">Verndart\u00e1kn \u00far frumbyggjamenningum Nor\u00f0ur-Amer\u00edku<\/h2>\t\t\t\t<\/div>\n\t\t\t\t<div class=\"elementor-element elementor-element-iwgssrev-nativeamerican-t elementor-widget elementor-widget-text-editor\" data-id=\"iwgssrev-nativeamerican-t\" data-element_type=\"widget\" data-e-type=\"widget\" data-widget_type=\"text-editor.default\">\n\t\t\t\t\t\t\t\t\t<p>Uppflettiriti\u00f0 um verndart\u00e1kn fjallar um nokkur t\u00e1kn og gripi \u00far frumbyggjamenningum Nor\u00f0ur-Amer\u00edku \u00e1 s\u00e9rst\u00f6kum s\u00ed\u00f0um: <a href=\"https:\/\/iwell-guard.com\/is\/?page_id=169130\">Draumavei\u00f0ari<\/a>. \u00deverfaglegt yfirlit yfir menningarheima m\u00e1 finna \u00e1 s\u00ed\u00f0unni um <a href=\"https:\/\/iwell-guard.com\/is\/?page_id=168902\">Verndart\u00e1kn<\/a>.<\/p>\t\t\t\t\t\t\t\t<\/div>\n\t\t\t\t\t<\/div>\n\t\t\t\t<\/div>\n\t\t\t\t<\/div>\n\t\t","protected":false},"excerpt":{"rendered":"","protected":false},"author":3,"featured_media":2703,"parent":0,"menu_order":0,"comment_status":"closed","ping_status":"closed","template":"elementor_header_footer","meta":{"_yoast_wpseo_focuskw":"ind\u00ed\u00e1nskir gu\u00f0ir","_yoast_wpseo_title":"Ind\u00ed\u00e1nskir gu\u00f0ir - Lakota, Hopi og First Nations","_yoast_wpseo_metadesc":"Gu\u00f0ir frumbyggja Nor\u00f0ur-Amer\u00edku: Wakan Tanka (Lakota), Manitou (Algonkin), Awonawilona (Zuni). S\u00f3lardans, p\u00edpuath\u00f6fn og Coyote-svikahrappurinn.","_yoast_wpseo_meta-robots-noindex":"","_yoast_wpseo_canonical":"","_angie_page":false,"gefaehrdungsstufe":"","wesen_kultur":"","wesen_klasse":"","footnotes":""},"categories":[],"class_list":["post-168910","page","type-page","status-publish","has-post-thumbnail","hentry"],"yoast_head":"<!-- This site is optimized with the Yoast SEO Premium plugin v27.7 (Yoast SEO v28.3) - https:\/\/yoast.com\/product\/yoast-seo-premium-wordpress\/ -->\n<title>Ind\u00ed\u00e1nskir gu\u00f0ir - Lakota, Hopi og First Nations<\/title>\n<meta name=\"description\" content=\"Gu\u00f0ir frumbyggja Nor\u00f0ur-Amer\u00edku: Wakan Tanka (Lakota), Manitou (Algonkin), Awonawilona (Zuni). S\u00f3lardans, p\u00edpuath\u00f6fn og Coyote-svikahrappurinn.\" \/>\n<meta name=\"robots\" content=\"index, follow, max-snippet:-1, max-image-preview:large, max-video-preview:-1\" \/>\n<link rel=\"canonical\" href=\"https:\/\/iwell-guard.com\/is\/indianskir-gudir-wakan-tanka-first-nations\/\" \/>\n<meta property=\"og:locale\" content=\"is_IS\" \/>\n<meta property=\"og:type\" content=\"article\" \/>\n<meta property=\"og:title\" content=\"Ind\u00ed\u00e1nskir gu\u00f0ir \u2013 Wakan Tanka og First Nations\" \/>\n<meta property=\"og:description\" content=\"Gu\u00f0ir frumbyggja Nor\u00f0ur-Amer\u00edku: Wakan Tanka (Lakota), Manitou (Algonkin), Awonawilona (Zuni). S\u00f3lardans, p\u00edpuath\u00f6fn og Coyote-svikahrappurinn.\" \/>\n<meta property=\"og:url\" content=\"https:\/\/iwell-guard.com\/is\/indianskir-gudir-wakan-tanka-first-nations\/\" \/>\n<meta property=\"og:site_name\" content=\"iWell Guard\" \/>\n<meta property=\"article:modified_time\" content=\"2026-09-05T14:22:33+00:00\" \/>\n<meta property=\"og:image\" content=\"https:\/\/iwell-guard.com\/wp-content\/uploads\/2026\/05\/goetter_native-american_changing-woman.webp\" \/>\n\t<meta property=\"og:image:width\" content=\"1024\" \/>\n\t<meta property=\"og:image:height\" content=\"1536\" \/>\n\t<meta property=\"og:image:type\" content=\"image\/webp\" \/>\n<meta name=\"twitter:card\" content=\"summary_large_image\" \/>\n<script type=\"application\/ld+json\" class=\"yoast-schema-graph\">{\"@context\":\"https:\\\/\\\/schema.org\",\"@graph\":[{\"@type\":\"WebPage\",\"@id\":\"https:\\\/\\\/iwell-guard.com\\\/is\\\/indianskir-gudir-wakan-tanka-first-nations\\\/\",\"url\":\"https:\\\/\\\/iwell-guard.com\\\/is\\\/indianskir-gudir-wakan-tanka-first-nations\\\/\",\"name\":\"Ind\u00ed\u00e1nskir gu\u00f0ir - Lakota, Hopi og First Nations\",\"isPartOf\":{\"@id\":\"https:\\\/\\\/iwell-guard.com\\\/is\\\/#website\"},\"primaryImageOfPage\":{\"@id\":\"https:\\\/\\\/iwell-guard.com\\\/is\\\/indianskir-gudir-wakan-tanka-first-nations\\\/#primaryimage\"},\"image\":{\"@id\":\"https:\\\/\\\/iwell-guard.com\\\/is\\\/indianskir-gudir-wakan-tanka-first-nations\\\/#primaryimage\"},\"thumbnailUrl\":\"https:\\\/\\\/iwell-guard.com\\\/wp-content\\\/uploads\\\/2026\\\/05\\\/goetter_native-american_changing-woman.webp\",\"datePublished\":\"2026-09-05T14:03:59+00:00\",\"dateModified\":\"2026-09-05T14:22:33+00:00\",\"description\":\"Gu\u00f0ir frumbyggja Nor\u00f0ur-Amer\u00edku: Wakan Tanka (Lakota), Manitou (Algonkin), Awonawilona (Zuni). S\u00f3lardans, p\u00edpuath\u00f6fn og Coyote-svikahrappurinn.\",\"breadcrumb\":{\"@id\":\"https:\\\/\\\/iwell-guard.com\\\/is\\\/indianskir-gudir-wakan-tanka-first-nations\\\/#breadcrumb\"},\"inLanguage\":\"is\",\"potentialAction\":[{\"@type\":\"ReadAction\",\"target\":[\"https:\\\/\\\/iwell-guard.com\\\/is\\\/indianskir-gudir-wakan-tanka-first-nations\\\/\"]}]},{\"@type\":\"ImageObject\",\"inLanguage\":\"is\",\"@id\":\"https:\\\/\\\/iwell-guard.com\\\/is\\\/indianskir-gudir-wakan-tanka-first-nations\\\/#primaryimage\",\"url\":\"https:\\\/\\\/iwell-guard.com\\\/wp-content\\\/uploads\\\/2026\\\/05\\\/goetter_native-american_changing-woman.webp\",\"contentUrl\":\"https:\\\/\\\/iwell-guard.com\\\/wp-content\\\/uploads\\\/2026\\\/05\\\/goetter_native-american_changing-woman.webp\",\"width\":1024,\"height\":1536,\"caption\":\"Gu\u00f0ir \u00far Native-american-hef\u00f0inni.\"},{\"@type\":\"BreadcrumbList\",\"@id\":\"https:\\\/\\\/iwell-guard.com\\\/is\\\/indianskir-gudir-wakan-tanka-first-nations\\\/#breadcrumb\",\"itemListElement\":[{\"@type\":\"ListItem\",\"position\":1,\"name\":\"Start\",\"item\":\"https:\\\/\\\/iwell-guard.com\\\/is\\\/?page_id=168580\"},{\"@type\":\"ListItem\",\"position\":2,\"name\":\"Ind\u00ed\u00e1nskir gu\u00f0ir \u2013 Wakan Tanka og First Nations\"}]},{\"@type\":\"WebSite\",\"@id\":\"https:\\\/\\\/iwell-guard.com\\\/is\\\/#website\",\"url\":\"https:\\\/\\\/iwell-guard.com\\\/is\\\/\",\"name\":\"iWell Guard\",\"description\":\"Schutz vor dunklen Einfl\u00fcssen\",\"publisher\":{\"@id\":\"https:\\\/\\\/iwell-guard.com\\\/is\\\/#organization\"},\"potentialAction\":[{\"@type\":\"SearchAction\",\"target\":{\"@type\":\"EntryPoint\",\"urlTemplate\":\"https:\\\/\\\/iwell-guard.com\\\/is\\\/?s={search_term_string}\"},\"query-input\":{\"@type\":\"PropertyValueSpecification\",\"valueRequired\":true,\"valueName\":\"search_term_string\"}}],\"inLanguage\":\"is\"},{\"@type\":\"Organization\",\"@id\":\"https:\\\/\\\/iwell-guard.com\\\/is\\\/#organization\",\"name\":\"Ittermann electronic GmbH\",\"url\":\"https:\\\/\\\/iwell-guard.com\\\/is\\\/\",\"logo\":{\"@type\":\"ImageObject\",\"inLanguage\":\"is\",\"@id\":\"https:\\\/\\\/iwell-guard.com\\\/is\\\/#\\\/schema\\\/logo\\\/image\\\/\",\"url\":\"https:\\\/\\\/iwell-guard.com\\\/wp-content\\\/uploads\\\/2026\\\/05\\\/Ittermann-Logo-1182x237-1.png\",\"contentUrl\":\"https:\\\/\\\/iwell-guard.com\\\/wp-content\\\/uploads\\\/2026\\\/05\\\/Ittermann-Logo-1182x237-1.png\",\"width\":1182,\"height\":237,\"caption\":\"Ittermann electronic GmbH\"},\"image\":{\"@id\":\"https:\\\/\\\/iwell-guard.com\\\/is\\\/#\\\/schema\\\/logo\\\/image\\\/\"},\"sameAs\":[\"https:\\\/\\\/pantip.com\\\/profile\\\/9367242\",\"https:\\\/\\\/micro.blog\\\/iwellguard\",\"https:\\\/\\\/www.diggerslist.com\\\/iwellguard\\\/about\",\"https:\\\/\\\/skitterphoto.com\\\/photographers\\\/2870314\\\/iwell-guard\",\"https:\\\/\\\/iwellguard.wordpress.com\\\/2026\\\/06\\\/06\\\/iwell-guard\\\/\",\"https:\\\/\\\/hub.docker.com\\\/u\\\/iwellguard\",\"https:\\\/\\\/www.pinterest.com\\\/iwellguard\\\/\",\"https:\\\/\\\/bit.ly\\\/m\\\/iwellguard\",\"https:\\\/\\\/entre-vos-mains.alsace.eu\\\/profiles\\\/iwellguard\\\/activity\",\"https:\\\/\\\/gravatar.com\\\/reallybeded8fd34\",\"https:\\\/\\\/naijamatta.com\\\/iwellguard\",\"https:\\\/\\\/www.goodreads.com\\\/iwellguard\",\"https:\\\/\\\/profile.hatena.ne.jp\\\/iwellguard\\\/\",\"https:\\\/\\\/experiment.com\\\/users\\\/iwellguard\",\"https:\\\/\\\/wakelet.com\\\/@iWellGuard82270\",\"https:\\\/\\\/www.chordie.com\\\/forum\\\/profile.php?id=2555664\",\"https:\\\/\\\/www.instapaper.com\\\/p\\\/17757966\",\"https:\\\/\\\/www.mapleprimes.com\\\/users\\\/iwellguard\",\"https:\\\/\\\/businesslistingplus.com\\\/profile\\\/iwell-guard\\\/\",\"https:\\\/\\\/telegra.ph\\\/iWell-Guard-06-06\",\"https:\\\/\\\/pbase.com\\\/iwellguard\\\/iwellguard\",\"https:\\\/\\\/b.hatena.ne.jp\\\/iwellguard\\\/20260607#bookmark-4788405196491818882\",\"https:\\\/\\\/fliphtml5.com\\\/home\\\/iwellguard\",\"https:\\\/\\\/anyflip.com\\\/homepage\\\/cmiwl#About\",\"https:\\\/\\\/transfur.com\\\/Users\\\/iwellguard\",\"http:\\\/\\\/delphi.larsbo.org\\\/user\\\/iwellguard\",\"https:\\\/\\\/jobs.lajobsportal.org\\\/profiles\\\/8380803-iwell-guard\",\"https:\\\/\\\/md.chaosdorf.de\\\/s\\\/jfbe5SBdJD\",\"https:\\\/\\\/www.lingvolive.com\\\/en-us\\\/profile\\\/9ecaeaca-ce11-4e51-9e71-01d55e2bff36\\\/translations\",\"https:\\\/\\\/www.fitday.com\\\/fitness\\\/forums\\\/members\\\/iwellguard.html\",\"https:\\\/\\\/www.mymeetbook.com\\\/iwellguard\",\"https:\\\/\\\/pxhere.com\\\/en\\\/photographer-me\\\/5040798\",\"https:\\\/\\\/disqus.com\\\/by\\\/iwellguard\\\/about\\\/\",\"https:\\\/\\\/pastelink.net\\\/hjwciqwq\",\"https:\\\/\\\/pubhtml5.com\\\/homepage\\\/scjhn\\\/\",\"https:\\\/\\\/www.bitchute.com\\\/channel\\\/2O2eOKzNqujT\",\"https:\\\/\\\/audiomack.com\\\/iwellguard\"]}]}<\/script>\n<!-- \/ Yoast SEO Premium plugin. -->","yoast_head_json":{"title":"Ind\u00ed\u00e1nskir gu\u00f0ir - Lakota, Hopi og First Nations","description":"Gu\u00f0ir frumbyggja Nor\u00f0ur-Amer\u00edku: Wakan Tanka (Lakota), Manitou (Algonkin), Awonawilona (Zuni). S\u00f3lardans, p\u00edpuath\u00f6fn og Coyote-svikahrappurinn.","robots":{"index":"index","follow":"follow","max-snippet":"max-snippet:-1","max-image-preview":"max-image-preview:large","max-video-preview":"max-video-preview:-1"},"canonical":"https:\/\/iwell-guard.com\/is\/indianskir-gudir-wakan-tanka-first-nations\/","og_locale":"is_IS","og_type":"article","og_title":"Ind\u00ed\u00e1nskir gu\u00f0ir \u2013 Wakan Tanka og First Nations","og_description":"Gu\u00f0ir frumbyggja Nor\u00f0ur-Amer\u00edku: Wakan Tanka (Lakota), Manitou (Algonkin), Awonawilona (Zuni). S\u00f3lardans, p\u00edpuath\u00f6fn og Coyote-svikahrappurinn.","og_url":"https:\/\/iwell-guard.com\/is\/indianskir-gudir-wakan-tanka-first-nations\/","og_site_name":"iWell Guard","article_modified_time":"2026-09-05T14:22:33+00:00","og_image":[{"width":1024,"height":1536,"url":"https:\/\/iwell-guard.com\/wp-content\/uploads\/2026\/05\/goetter_native-american_changing-woman.webp","type":"image\/webp"}],"twitter_card":"summary_large_image","schema":{"@context":"https:\/\/schema.org","@graph":[{"@type":"WebPage","@id":"https:\/\/iwell-guard.com\/is\/indianskir-gudir-wakan-tanka-first-nations\/","url":"https:\/\/iwell-guard.com\/is\/indianskir-gudir-wakan-tanka-first-nations\/","name":"Ind\u00ed\u00e1nskir gu\u00f0ir - Lakota, Hopi og First Nations","isPartOf":{"@id":"https:\/\/iwell-guard.com\/is\/#website"},"primaryImageOfPage":{"@id":"https:\/\/iwell-guard.com\/is\/indianskir-gudir-wakan-tanka-first-nations\/#primaryimage"},"image":{"@id":"https:\/\/iwell-guard.com\/is\/indianskir-gudir-wakan-tanka-first-nations\/#primaryimage"},"thumbnailUrl":"https:\/\/iwell-guard.com\/wp-content\/uploads\/2026\/05\/goetter_native-american_changing-woman.webp","datePublished":"2026-09-05T14:03:59+00:00","dateModified":"2026-09-05T14:22:33+00:00","description":"Gu\u00f0ir frumbyggja Nor\u00f0ur-Amer\u00edku: Wakan Tanka (Lakota), Manitou (Algonkin), Awonawilona (Zuni). S\u00f3lardans, p\u00edpuath\u00f6fn og Coyote-svikahrappurinn.","breadcrumb":{"@id":"https:\/\/iwell-guard.com\/is\/indianskir-gudir-wakan-tanka-first-nations\/#breadcrumb"},"inLanguage":"is","potentialAction":[{"@type":"ReadAction","target":["https:\/\/iwell-guard.com\/is\/indianskir-gudir-wakan-tanka-first-nations\/"]}]},{"@type":"ImageObject","inLanguage":"is","@id":"https:\/\/iwell-guard.com\/is\/indianskir-gudir-wakan-tanka-first-nations\/#primaryimage","url":"https:\/\/iwell-guard.com\/wp-content\/uploads\/2026\/05\/goetter_native-american_changing-woman.webp","contentUrl":"https:\/\/iwell-guard.com\/wp-content\/uploads\/2026\/05\/goetter_native-american_changing-woman.webp","width":1024,"height":1536,"caption":"Gu\u00f0ir \u00far Native-american-hef\u00f0inni."},{"@type":"BreadcrumbList","@id":"https:\/\/iwell-guard.com\/is\/indianskir-gudir-wakan-tanka-first-nations\/#breadcrumb","itemListElement":[{"@type":"ListItem","position":1,"name":"Start","item":"https:\/\/iwell-guard.com\/is\/?page_id=168580"},{"@type":"ListItem","position":2,"name":"Ind\u00ed\u00e1nskir gu\u00f0ir \u2013 Wakan Tanka og First Nations"}]},{"@type":"WebSite","@id":"https:\/\/iwell-guard.com\/is\/#website","url":"https:\/\/iwell-guard.com\/is\/","name":"iWell Guard","description":"Schutz vor dunklen Einfl\u00fcssen","publisher":{"@id":"https:\/\/iwell-guard.com\/is\/#organization"},"potentialAction":[{"@type":"SearchAction","target":{"@type":"EntryPoint","urlTemplate":"https:\/\/iwell-guard.com\/is\/?s={search_term_string}"},"query-input":{"@type":"PropertyValueSpecification","valueRequired":true,"valueName":"search_term_string"}}],"inLanguage":"is"},{"@type":"Organization","@id":"https:\/\/iwell-guard.com\/is\/#organization","name":"Ittermann electronic GmbH","url":"https:\/\/iwell-guard.com\/is\/","logo":{"@type":"ImageObject","inLanguage":"is","@id":"https:\/\/iwell-guard.com\/is\/#\/schema\/logo\/image\/","url":"https:\/\/iwell-guard.com\/wp-content\/uploads\/2026\/05\/Ittermann-Logo-1182x237-1.png","contentUrl":"https:\/\/iwell-guard.com\/wp-content\/uploads\/2026\/05\/Ittermann-Logo-1182x237-1.png","width":1182,"height":237,"caption":"Ittermann electronic GmbH"},"image":{"@id":"https:\/\/iwell-guard.com\/is\/#\/schema\/logo\/image\/"},"sameAs":["https:\/\/pantip.com\/profile\/9367242","https:\/\/micro.blog\/iwellguard","https:\/\/www.diggerslist.com\/iwellguard\/about","https:\/\/skitterphoto.com\/photographers\/2870314\/iwell-guard","https:\/\/iwellguard.wordpress.com\/2026\/06\/06\/iwell-guard\/","https:\/\/hub.docker.com\/u\/iwellguard","https:\/\/www.pinterest.com\/iwellguard\/","https:\/\/bit.ly\/m\/iwellguard","https:\/\/entre-vos-mains.alsace.eu\/profiles\/iwellguard\/activity","https:\/\/gravatar.com\/reallybeded8fd34","https:\/\/naijamatta.com\/iwellguard","https:\/\/www.goodreads.com\/iwellguard","https:\/\/profile.hatena.ne.jp\/iwellguard\/","https:\/\/experiment.com\/users\/iwellguard","https:\/\/wakelet.com\/@iWellGuard82270","https:\/\/www.chordie.com\/forum\/profile.php?id=2555664","https:\/\/www.instapaper.com\/p\/17757966","https:\/\/www.mapleprimes.com\/users\/iwellguard","https:\/\/businesslistingplus.com\/profile\/iwell-guard\/","https:\/\/telegra.ph\/iWell-Guard-06-06","https:\/\/pbase.com\/iwellguard\/iwellguard","https:\/\/b.hatena.ne.jp\/iwellguard\/20260607#bookmark-4788405196491818882","https:\/\/fliphtml5.com\/home\/iwellguard","https:\/\/anyflip.com\/homepage\/cmiwl#About","https:\/\/transfur.com\/Users\/iwellguard","http:\/\/delphi.larsbo.org\/user\/iwellguard","https:\/\/jobs.lajobsportal.org\/profiles\/8380803-iwell-guard","https:\/\/md.chaosdorf.de\/s\/jfbe5SBdJD","https:\/\/www.lingvolive.com\/en-us\/profile\/9ecaeaca-ce11-4e51-9e71-01d55e2bff36\/translations","https:\/\/www.fitday.com\/fitness\/forums\/members\/iwellguard.html","https:\/\/www.mymeetbook.com\/iwellguard","https:\/\/pxhere.com\/en\/photographer-me\/5040798","https:\/\/disqus.com\/by\/iwellguard\/about\/","https:\/\/pastelink.net\/hjwciqwq","https:\/\/pubhtml5.com\/homepage\/scjhn\/","https:\/\/www.bitchute.com\/channel\/2O2eOKzNqujT","https:\/\/audiomack.com\/iwellguard"]}]}},"_links":{"self":[{"href":"https:\/\/iwell-guard.com\/is\/wp-json\/wp\/v2\/pages\/168910","targetHints":{"allow":["GET"]}}],"collection":[{"href":"https:\/\/iwell-guard.com\/is\/wp-json\/wp\/v2\/pages"}],"about":[{"href":"https:\/\/iwell-guard.com\/is\/wp-json\/wp\/v2\/types\/page"}],"author":[{"embeddable":true,"href":"https:\/\/iwell-guard.com\/is\/wp-json\/wp\/v2\/users\/3"}],"replies":[{"embeddable":true,"href":"https:\/\/iwell-guard.com\/is\/wp-json\/wp\/v2\/comments?post=168910"}],"version-history":[{"count":0,"href":"https:\/\/iwell-guard.com\/is\/wp-json\/wp\/v2\/pages\/168910\/revisions"}],"wp:featuredmedia":[{"embeddable":true,"href":"https:\/\/iwell-guard.com\/is\/wp-json\/wp\/v2\/media\/2703"}],"wp:attachment":[{"href":"https:\/\/iwell-guard.com\/is\/wp-json\/wp\/v2\/media?parent=168910"}],"wp:term":[{"taxonomy":"category","embeddable":true,"href":"https:\/\/iwell-guard.com\/is\/wp-json\/wp\/v2\/categories?post=168910"}],"curies":[{"name":"wp","href":"https:\/\/api.w.org\/{rel}","templated":true}]}}