{"id":168909,"date":"2026-09-05T14:03:58","date_gmt":"2026-09-05T14:03:58","guid":{"rendered":"https:\/\/iwell-guard.com\/?page_id=168909"},"modified":"2026-09-05T14:22:33","modified_gmt":"2026-09-05T14:22:33","slug":"andathjodir-og-inka-inti-pachamama-viracocha","status":"publish","type":"page","link":"https:\/\/iwell-guard.com\/is\/andathjodir-og-inka-inti-pachamama-viracocha\/","title":{"rendered":"Anda\u00fej\u00f3\u00f0ir og Inka \u2013 Inti, Pachamama og Viracocha"},"content":{"rendered":"\t\t<div data-elementor-type=\"wp-page\" data-elementor-id=\"168909\" class=\"elementor elementor-168909 elementor-2564 elementor-bc-flex-widget\" data-elementor-post-type=\"page\">\n\t\t\t\t<div class=\"elementor-element elementor-element-iwgcn-andeninka-hero iwg-kultur-hero e-flex e-con-boxed e-con e-parent\" data-id=\"iwgcn-andeninka-hero\" data-element_type=\"container\" data-e-type=\"container\">\n\t\t\t\t\t<div class=\"e-con-inner\">\n\t\t<div class=\"elementor-element elementor-element-iwgcn-andeninka-hl iwg-kultur-hero-left e-flex e-con-boxed e-con e-child\" data-id=\"iwgcn-andeninka-hl\" data-element_type=\"container\" data-e-type=\"container\">\n\t\t\t\t\t<div class=\"e-con-inner\">\n\t\t\t\t<div class=\"elementor-element elementor-element-iwgcn-andeninka-h1 elementor-widget elementor-widget-heading\" data-id=\"iwgcn-andeninka-h1\" data-element_type=\"widget\" data-e-type=\"widget\" data-widget_type=\"heading.default\">\n\t\t\t\t\t<h1 class=\"elementor-heading-title elementor-size-default\">Anda\u00fej\u00f3\u00f0ir, Inka, Pachamama og Chakana<\/h1>\t\t\t\t<\/div>\n\t\t<div class=\"elementor-element elementor-element-iwgcn-andeninka-leadc e-con-full e-flex e-con e-child\" data-id=\"iwgcn-andeninka-leadc\" data-element_type=\"container\" data-e-type=\"container\">\n\t\t\t\t<div class=\"elementor-element elementor-element-iwgcn-andeninka-lead elementor-widget elementor-widget-text-editor\" data-id=\"iwgcn-andeninka-lead\" data-element_type=\"widget\" data-e-type=\"widget\" data-widget_type=\"text-editor.default\">\n\t\t\t\t\t\t\t\t\t<p>Andasv\u00e6\u00f0i\u00f0, fr\u00e1 K\u00f3lumb\u00edu til Nor\u00f0ur-Chile, hefur fr\u00e1 \u00feri\u00f0ja \u00e1r\u00fe\u00fasundi f.o.t. h\u00fdst fl\u00f3kin h\u00e1stig menningar: Caral, Chav\u00edn, Moche, Nazca, Wari, Tiwanaku og a\u00f0 lokum Inka. Samf\u00e9l\u00f6g sem tala Quechua og Aymara vi\u00f0halda enn \u00feann dag \u00ed dag tr\u00faarhef\u00f0um \u00fear sem jar\u00f0m\u00f3\u00f0irin Pachamama, s\u00f3lgu\u00f0inn Inti og fj\u00f6llin (Apus) eru mi\u00f0l\u00e6gir vi\u00f0mi\u00f0unarpunktar.<\/p><p>Andanverndarhef\u00f0um er ger\u00f0 skil \u00ed s\u00e9rst\u00f6kum kafla.<\/p>\t\t\t\t\t\t\t\t<\/div>\n\t\t\t\t<\/div>\n\t\t\t\t\t<\/div>\n\t\t\t\t<\/div>\n\t\t<div class=\"elementor-element elementor-element-iwgcn-andeninka-hr iwg-kultur-hero-right e-flex e-con-boxed e-con e-child\" data-id=\"iwgcn-andeninka-hr\" data-element_type=\"container\" data-e-type=\"container\">\n\t\t\t\t\t<div class=\"e-con-inner\">\n\t\t\t\t<div class=\"elementor-element elementor-element-iwgcn-andeninka-himg iwg-hero-image elementor-widget elementor-widget-image\" data-id=\"iwgcn-andeninka-himg\" data-element_type=\"widget\" data-e-type=\"widget\" data-widget_type=\"image.default\">\n\t\t\t\t\t\t\t\t\t\t\t\t\t\t\t<img fetchpriority=\"high\" decoding=\"async\" width=\"683\" height=\"1024\" src=\"https:\/\/iwell-guard.com\/wp-content\/uploads\/2026\/05\/goetter_anden-inka_illapa-683x1024.webp\" class=\"attachment-large size-large wp-image-170865\" alt=\"Illapa - gu\u00f0ir \u00far and-inka-hef\u00f0inni, s\u00f6gulega myndskreytt\" srcset=\"https:\/\/iwell-guard.com\/wp-content\/uploads\/2026\/05\/goetter_anden-inka_illapa-683x1024.webp 683w, https:\/\/iwell-guard.com\/wp-content\/uploads\/2026\/05\/goetter_anden-inka_illapa-200x300.webp 200w, https:\/\/iwell-guard.com\/wp-content\/uploads\/2026\/05\/goetter_anden-inka_illapa-768x1152.webp 768w, https:\/\/iwell-guard.com\/wp-content\/uploads\/2026\/05\/goetter_anden-inka_illapa.webp 1024w\" sizes=\"(max-width: 683px) 100vw, 683px\" \/>\t\t\t\t\t\t\t\t\t\t\t\t\t\t\t<\/div>\n\t\t\t\t\t<\/div>\n\t\t\t\t<\/div>\n\t\t\t\t\t<\/div>\n\t\t\t\t<\/div>\n\t\t<div class=\"elementor-element elementor-element-iwgcn-andeninka-s0 e-flex e-con-boxed e-con e-parent\" data-id=\"iwgcn-andeninka-s0\" data-element_type=\"container\" data-e-type=\"container\">\n\t\t\t\t\t<div class=\"e-con-inner\">\n\t\t\t\t<div class=\"elementor-element elementor-element-iwgcn-andeninka-s0h elementor-widget elementor-widget-heading\" data-id=\"iwgcn-andeninka-s0h\" data-element_type=\"widget\" data-e-type=\"widget\" data-widget_type=\"heading.default\">\n\t\t\t\t\t<h2 class=\"elementor-heading-title elementor-size-default\">S\u00f6guleg t\u00edmabil, t\u00edmar fyrir Inka og Inka<\/h2>\t\t\t\t<\/div>\n\t\t<div class=\"elementor-element elementor-element-iwgcn-andeninka-s0-c e-con-full e-flex e-con e-child\" data-id=\"iwgcn-andeninka-s0-c\" data-element_type=\"container\" data-e-type=\"container\">\n\t\t\t\t<div class=\"elementor-element elementor-element-iwgcn-andeninka-s0t elementor-widget elementor-widget-text-editor\" data-id=\"iwgcn-andeninka-s0t\" data-element_type=\"widget\" data-e-type=\"widget\" data-widget_type=\"text-editor.default\">\n\t\t\t\t\t\t\t\t\t<p>L\u00f6ngu \u00e1\u00f0ur en Inka komu til s\u00f6gu h\u00f6f\u00f0u andasamf\u00e9l\u00f6g \u00fer\u00f3a\u00f0 tr\u00faarleg samf\u00e9lagsheild: Caral sem elsti hofsta\u00f0ur N\u00fdja heimsins (fr\u00e1 um 2600 f.o.t.), Chav\u00edn de Hu\u00e1ntar (1200, 500 f.o.t.) me\u00f0 Lanzon-<span class=\"iwg-fachbegriff\" data-tooltip=\"Uppr\u00e9ttur, \u00fatskorinn e\u00f0a myndskreyttur steinn e\u00f0a tr\u00e9drangur.\" tabindex=\"0\">st\u00f3lpi<\/span> sem mi\u00f0l\u00e6gur helgigripur, Moche (100, 800 e.o.t.) me\u00f0 Huaca-p\u00fdram\u00eddum og f\u00f3rnarhef\u00f0um, Tiwanaku vi\u00f0 Titicacavatn sem heimsfr\u00e6\u00f0ileg mi\u00f0st\u00f6\u00f0 me\u00f0 S\u00f3larhli\u00f0inu og Viracocha-t\u00e1knmyndum.<\/p><p>Inka (um 1438, 1533 e.o.t.) skildu sig sem arftaka og sameinendur \u00feessara hef\u00f0a.<\/p>\t\t\t\t\t\t\t\t<\/div>\n\t\t\t\t<\/div>\n\t\t\t\t\t<\/div>\n\t\t\t\t<\/div>\n\t\t<div class=\"elementor-element elementor-element-iwgcn-andeninka-s1 e-flex e-con-boxed e-con e-parent\" data-id=\"iwgcn-andeninka-s1\" data-element_type=\"container\" data-e-type=\"container\">\n\t\t\t\t\t<div class=\"e-con-inner\">\n\t\t\t\t<div class=\"elementor-element elementor-element-iwgcn-andeninka-s1h elementor-widget elementor-widget-heading\" data-id=\"iwgcn-andeninka-s1h\" data-element_type=\"widget\" data-e-type=\"widget\" data-widget_type=\"heading.default\">\n\t\t\t\t\t<h2 class=\"elementor-heading-title elementor-size-default\">Inti, Pachamama, Viracocha, Inka-go\u00f0aheimurinn<\/h2>\t\t\t\t<\/div>\n\t\t<div class=\"elementor-element elementor-element-iwgcn-andeninka-s1-c e-con-full e-flex e-con e-child\" data-id=\"iwgcn-andeninka-s1-c\" data-element_type=\"container\" data-e-type=\"container\">\n\t\t\t\t<div class=\"elementor-element elementor-element-iwgcn-andeninka-s1t elementor-widget elementor-widget-text-editor\" data-id=\"iwgcn-andeninka-s1t\" data-element_type=\"widget\" data-e-type=\"widget\" data-widget_type=\"text-editor.default\">\n\t\t\t\t\t\t\t\t\t<p>Inti, s\u00f3lgu\u00f0inn, telst fa\u00f0ir Inka-konungs\u00e6tarins. Pachamama (M\u00f3\u00f0ir j\u00f6r\u00f0) er hin mi\u00f0l\u00e6ga kvenkyns <span class=\"iwg-fachbegriff\" data-tooltip=\"Vera sem er d\u00fdrku\u00f0 sem gu\u00f0leg innan tr\u00faarbrag\u00f0a.\" tabindex=\"0\">gu\u00f0<\/span>, \u00e1byrg fyrir frj\u00f3semi akra og d\u00fdra.<\/p><p>Viracocha kemur fram sem skapari allra hluta, hann reis upp \u00far Titicacavatni, mynda\u00f0i s\u00f3l og m\u00e1na, skapa\u00f0i mannkyni\u00f0. Mama Killa (m\u00e1nago\u00f0in) er systir og eiginkona Intis. Pachakamak er s\u00e9rst\u00f6k aland\u00edsk <span class=\"iwg-fachbegriff\" data-tooltip=\"Vera sem er d\u00fdrku\u00f0 sem gu\u00f0leg innan tr\u00faarbrag\u00f0a.\" tabindex=\"0\">gu\u00f0<\/span> (j\u00f6r\u00f0, jar\u00f0skj\u00e1lftar), <span class=\"iwg-fachbegriff\" data-tooltip=\"Helgur sta\u00f0ur tileinka\u00f0ur d\u00fdrkun gu\u00f0s.\" tabindex=\"0\">helgista\u00f0ur<\/span> hennar vi\u00f0 Lima var p\u00edlagr\u00edmssta\u00f0ur um \u00e1r\u00fe\u00fasundir.<\/p>\t\t\t\t\t\t\t\t<\/div>\n\t\t\t\t<\/div>\n\t\t\t\t\t<\/div>\n\t\t\t\t<\/div>\n\t\t<div class=\"elementor-element elementor-element-iwgcn-andeninka-s2 e-flex e-con-boxed e-con e-parent\" data-id=\"iwgcn-andeninka-s2\" data-element_type=\"container\" data-e-type=\"container\">\n\t\t\t\t\t<div class=\"e-con-inner\">\n\t\t\t\t<div class=\"elementor-element elementor-element-iwgcn-andeninka-s2h elementor-widget elementor-widget-heading\" data-id=\"iwgcn-andeninka-s2h\" data-element_type=\"widget\" data-e-type=\"widget\" data-widget_type=\"heading.default\">\n\t\t\t\t\t<h2 class=\"elementor-heading-title elementor-size-default\">Apus, fj\u00f6llin sem lifandi verur<\/h2>\t\t\t\t<\/div>\n\t\t<div class=\"elementor-element elementor-element-iwgcn-andeninka-s2-c e-con-full e-flex e-con e-child\" data-id=\"iwgcn-andeninka-s2-c\" data-element_type=\"container\" data-e-type=\"container\">\n\t\t\t\t<div class=\"elementor-element elementor-element-iwgcn-andeninka-s2t elementor-widget elementor-widget-text-editor\" data-id=\"iwgcn-andeninka-s2t\" data-element_type=\"widget\" data-e-type=\"widget\" data-widget_type=\"text-editor.default\">\n\t\t\t\t\t\t\t\t\t<p>Fj\u00f6llin (Apus) eru \u00ed andinni heimsmynd ekki einungis landslags\u00fe\u00e6ttir, heldur lifandi verur me\u00f0 pers\u00f3nuleika, kyn og stigveldi. Mikilv\u00e6g Apus: Ausangate (Cusco-sv\u00e6\u00f0i\u00f0), Salkantay, Illimani (La Paz), Huayna Picchu, Chimborazo (Ekvador). \u00deeim eru f\u00e6r\u00f0ar Despacho-f\u00f3rnir (helgipokar me\u00f0 k\u00f3kalaufum, ma\u00edstrefjum, s\u00e6tindum, s\u00e6tum v\u00ednum). \u00deessi hef\u00f0 er lifandi \u00ed dreifb\u00fdlissamf\u00e9l\u00f6gum sem tala Quechua og Aymara enn \u00feann dag \u00ed dag.<\/p>\t\t\t\t\t\t\t\t<\/div>\n\t\t\t\t<\/div>\n\t\t\t\t\t<\/div>\n\t\t\t\t<\/div>\n\t\t<div class=\"elementor-element elementor-element-iwgcn-andeninka-s3 e-flex e-con-boxed e-con e-parent\" data-id=\"iwgcn-andeninka-s3\" data-element_type=\"container\" data-e-type=\"container\">\n\t\t\t\t\t<div class=\"e-con-inner\">\n\t\t\t\t<div class=\"elementor-element elementor-element-iwgcn-andeninka-s3h elementor-widget elementor-widget-heading\" data-id=\"iwgcn-andeninka-s3h\" data-element_type=\"widget\" data-e-type=\"widget\" data-widget_type=\"heading.default\">\n\t\t\t\t\t<h2 class=\"elementor-heading-title elementor-size-default\">Chakana, andakrossinn<\/h2>\t\t\t\t<\/div>\n\t\t<div class=\"elementor-element elementor-element-iwgcn-andeninka-s3-c e-con-full e-flex e-con e-child\" data-id=\"iwgcn-andeninka-s3-c\" data-element_type=\"container\" data-e-type=\"container\">\n\t\t\t\t<div class=\"elementor-element elementor-element-iwgcn-andeninka-s3t elementor-widget elementor-widget-text-editor\" data-id=\"iwgcn-andeninka-s3t\" data-element_type=\"widget\" data-e-type=\"widget\" data-widget_type=\"text-editor.default\">\n\t\t\t\t\t\t\t\t\t<p>Chakana, hinn stigskipti ferhli\u00f0a andakross, er sk\u00fdrasta <span class=\"iwg-fachbegriff\" data-tooltip=\"T\u00e1kn sem stendur fyrir hugmynd e\u00f0a merkingu.\" tabindex=\"0\">t\u00e1kn<\/span> andinnar <span class=\"iwg-fachbegriff\" data-tooltip=\"Hugmynd um uppbyggingu og skipan heimsins innan menningar.\" tabindex=\"0\">heimsmyndar<\/span>. Hann t\u00e1knar hina \u00ferj\u00e1 heima, Hanan Pacha (efri heim, stj\u00f6rnur, gu\u00f0ir), Kay Pacha (mi\u00f0heim, menn) og Uku Pacha (undirheim, hina l\u00e1tnu, s\u00e1\u00f0korn), auk fj\u00f6gurra h\u00f6fu\u00f0\u00e1tta og hinna mi\u00f0l\u00e6gu dygg\u00f0a (Ayni, gagnkv\u00e6mni, Munay, \u00e1st, Yachay, \u00feekking, Llank&#8217;ay, vinna).<\/p><p>Handh\u00e6gir Chakana-hengir \u00far silfri eru v\u00ed\u00f0a \u00feekktir n\u00fa \u00e1 d\u00f6gum.<\/p>\t\t\t\t\t\t\t\t<\/div>\n\t\t\t\t<\/div>\n\t\t\t\t\t<\/div>\n\t\t\t\t<\/div>\n\t\t<div class=\"elementor-element elementor-element-iwgcn-andeninka-s4 e-flex e-con-boxed e-con e-parent\" data-id=\"iwgcn-andeninka-s4\" data-element_type=\"container\" data-e-type=\"container\">\n\t\t\t\t\t<div class=\"e-con-inner\">\n\t\t\t\t<div class=\"elementor-element elementor-element-iwgcn-andeninka-s4h elementor-widget elementor-widget-heading\" data-id=\"iwgcn-andeninka-s4h\" data-element_type=\"widget\" data-e-type=\"widget\" data-widget_type=\"heading.default\">\n\t\t\t\t\t<h2 class=\"elementor-heading-title elementor-size-default\">Verndargripir: Aguayo, Despacho, Mesa<\/h2>\t\t\t\t<\/div>\n\t\t<div class=\"elementor-element elementor-element-iwgcn-andeninka-s4-c e-con-full e-flex e-con e-child\" data-id=\"iwgcn-andeninka-s4-c\" data-element_type=\"container\" data-e-type=\"container\">\n\t\t\t\t<div class=\"elementor-element elementor-element-iwgcn-andeninka-s4t elementor-widget elementor-widget-text-editor\" data-id=\"iwgcn-andeninka-s4t\" data-element_type=\"widget\" data-e-type=\"widget\" data-widget_type=\"text-editor.default\">\n\t\t\t\t\t\t\t\t\t<p>Verndar- og helgigripir: Aguayo (ofin \u00e1brei\u00f0a \u00far alpaka- e\u00f0a sau\u00f0aull me\u00f0 t\u00e1knr\u00e6num munstrum, borin, notu\u00f0 sem bur\u00f0arkl\u00e6\u00f0i og \u00ed ath\u00f6fnum), Despacho-pokar (helgipakkar til f\u00f3rnar handa Pachamama), Mesa (helgibor\u00f0 me\u00f0 steinum, fj\u00f6\u00f0rum, styttum). K\u00f3kalauf eru allssta\u00f0ar til sta\u00f0ar, <span class=\"iwg-fachbegriff\" data-tooltip=\"V\u00edgt me\u00f0 tr\u00faarlegri ath\u00f6fn og \u00fear me\u00f0 teki\u00f0 \u00far hinu hversdagslega.\" tabindex=\"0\">helga\u00f0<\/span>, tuggi\u00f0, reykt, lagt sem <span class=\"iwg-fachbegriff\" data-tooltip=\"Sta\u00f0ur e\u00f0a stofnun \u00fear sem leita\u00f0 er gu\u00f0legs svars.\" tabindex=\"0\">v\u00e9fr\u00e9tt<\/span> (Coca-Leyendo). Khipus (hn\u00fdttar sn\u00farur) voru upphaflega nota\u00f0ar til stj\u00f3rns\u00fdslu, en h\u00f6f\u00f0u einnig h\u00e1t\u00ed\u00f0legt hlutverk.<\/p>\t\t\t\t\t\t\t\t<\/div>\n\t\t\t\t<\/div>\n\t\t\t\t\t<\/div>\n\t\t\t\t<\/div>\n\t\t<div class=\"elementor-element elementor-element-iwgcn-andeninka-s5 e-flex e-con-boxed e-con e-parent\" data-id=\"iwgcn-andeninka-s5\" data-element_type=\"container\" data-e-type=\"container\">\n\t\t\t\t\t<div class=\"e-con-inner\">\n\t\t\t\t<div class=\"elementor-element elementor-element-iwgcn-andeninka-s5h elementor-widget elementor-widget-heading\" data-id=\"iwgcn-andeninka-s5h\" data-element_type=\"widget\" data-e-type=\"widget\" data-widget_type=\"heading.default\">\n\t\t\t\t\t<h2 class=\"elementor-heading-title elementor-size-default\">Sp\u00e6nska landvinningin og tr\u00faarbl\u00f6ndun<\/h2>\t\t\t\t<\/div>\n\t\t<div class=\"elementor-element elementor-element-iwgcn-andeninka-s5-c e-con-full e-flex e-con e-child\" data-id=\"iwgcn-andeninka-s5-c\" data-element_type=\"container\" data-e-type=\"container\">\n\t\t\t\t<div class=\"elementor-element elementor-element-iwgcn-andeninka-s5t elementor-widget elementor-widget-text-editor\" data-id=\"iwgcn-andeninka-s5t\" data-element_type=\"widget\" data-e-type=\"widget\" data-widget_type=\"text-editor.default\">\n\t\t\t\t\t\t\t\t\t<p>Me\u00f0 sp\u00e6nsku landvinningunni (Pizarro 1532) var Inka-tr\u00fain formlega b\u00f6nnu\u00f0, en h\u00e9lst \u00ed raun \u00e1fram me\u00f0 <span class=\"iwg-fachbegriff\" data-tooltip=\"Samruni hugmynda e\u00f0a gu\u00f0a \u00far mismunandi tr\u00faarhef\u00f0um.\" tabindex=\"0\">tr\u00faarbl\u00f6ndun<\/span>. N\u00fat\u00edma and\u00ednsk <span class=\"iwg-fachbegriff\" data-tooltip=\"Tr\u00faari\u00f0kun \u00ed daglegu l\u00edfi, oft samhli\u00f0a opinberri l\u00e6rd\u00f3mi.\" tabindex=\"0\">al\u00fe\u00fd\u00f0utr\u00fa<\/span> tengir ka\u00fe\u00f3lska d\u00fdrlingad\u00fdrkun vi\u00f0 Pachamama-athafnir: \u00e1 kyrruviku ganga <span class=\"iwg-fachbegriff\" data-tooltip=\"Manneskja sem fer \u00ed tr\u00faarlega hvatta fer\u00f0 til helgs sta\u00f0ar.\" tabindex=\"0\">p\u00edlagr\u00edmar<\/span> upp \u00e1 Apu Qoyllur Riti, \u00e1 allraheilagramessu eru Despachos undirb\u00fanir fyrir hina l\u00e1tnu, Meyjan af Copacabana er einnig Pachamama. Tr\u00faarfr\u00e6\u00f0ilega er \u00feetta fyrirmyndard\u00e6mi um vi\u00f0n\u00e1ms\u00fer\u00f3tt frumbyggjahef\u00f0a.<\/p>\t\t\t\t\t\t\t\t<\/div>\n\t\t\t\t<\/div>\n\t\t\t\t\t<\/div>\n\t\t\t\t<\/div>\n\t\t<div class=\"elementor-element elementor-element-iwgcn-andeninka-s6 e-flex e-con-boxed e-con e-parent\" data-id=\"iwgcn-andeninka-s6\" data-element_type=\"container\" data-e-type=\"container\">\n\t\t\t\t\t<div class=\"e-con-inner\">\n\t\t\t\t<div class=\"elementor-element elementor-element-iwgcn-andeninka-s6h elementor-widget elementor-widget-heading\" data-id=\"iwgcn-andeninka-s6h\" data-element_type=\"widget\" data-e-type=\"widget\" data-widget_type=\"heading.default\">\n\t\t\t\t\t<h2 class=\"elementor-heading-title elementor-size-default\">Heimildasta\u00f0a og ranns\u00f3knir<\/h2>\t\t\t\t<\/div>\n\t\t<div class=\"elementor-element elementor-element-iwgcn-andeninka-s6-c e-con-full e-flex e-con e-child\" data-id=\"iwgcn-andeninka-s6-c\" data-element_type=\"container\" data-e-type=\"container\">\n\t\t\t\t<div class=\"elementor-element elementor-element-iwgcn-andeninka-s6t elementor-widget elementor-widget-text-editor\" data-id=\"iwgcn-andeninka-s6t\" data-element_type=\"widget\" data-e-type=\"widget\" data-widget_type=\"text-editor.default\">\n\t\t\t\t\t\t\t\t\t<p>Mikilv\u00e6g verk: Frank Salomon og Stuart Schwartz <em>South America<\/em> (Cambridge History of the Native Peoples), Catherine Allen <em>The Hold Life Has<\/em>, Tom Zuidema um dagatalsuppbyggingu, Gary Urton um Khipus. Sp\u00e6nskir sagnaritarar: Garcilaso de la Vega (sj\u00e1lfur mestizo), Crist\u00f3bal de Molina, Bernab\u00e9 Cobo. Heimildir eru oft n\u00fdlendulita\u00f0ar og \u00fearf a\u00f0 lesa me\u00f0 gagnr\u00fdnum huga.<\/p>\t\t\t\t\t\t\t\t<\/div>\n\t\t\t\t<\/div>\n\t\t\t\t\t<\/div>\n\t\t\t\t<\/div>\n\t\t<div class=\"elementor-element elementor-element-cp2b1ebdc1 e-flex e-con-boxed e-con e-parent\" data-id=\"cp2b1ebdc1\" data-element_type=\"container\" data-e-type=\"container\">\n\t\t\t\t\t<div class=\"e-con-inner\">\n\t\t\t\t<div class=\"elementor-element elementor-element-cp2b5140c5 elementor-widget elementor-widget-heading\" data-id=\"cp2b5140c5\" data-element_type=\"widget\" data-e-type=\"widget\" data-widget_type=\"heading.default\">\n\t\t\t\t\t<h2 class=\"elementor-heading-title elementor-size-default\">Fyrir t\u00edma Inka: andasv\u00e6\u00f0amenningin<\/h2>\t\t\t\t<\/div>\n\t\t<div class=\"elementor-element elementor-element-cp28d11653 e-flex e-con-boxed e-con e-child\" data-id=\"cp28d11653\" data-element_type=\"container\" data-e-type=\"container\">\n\t\t\t\t\t<div class=\"e-con-inner\">\n\t\t\t\t<div class=\"elementor-element elementor-element-cp2b82f5cb elementor-widget elementor-widget-text-editor\" data-id=\"cp2b82f5cb\" data-element_type=\"widget\" data-e-type=\"widget\" data-widget_type=\"text-editor.default\">\n\t\t\t\t\t\t\t\t\t<p>Inkaveldi\u00f0 var \u00ed hinni l\u00f6ngu s\u00f6gu andasv\u00e6\u00f0isins s\u00ed\u00f0b\u00fai\u00f0 og skamml\u00edft fyrirb\u00e6ri. \u00cd keisaralegri mynd sinni st\u00f3\u00f0 \u00fea\u00f0 a\u00f0eins um eina \u00f6ld \u00e1\u00f0ur en Sp\u00e1nverjar l\u00f6g\u00f0u \u00fea\u00f0 undir sig. \u00c1\u00f0ur h\u00f6f\u00f0u fj\u00f6lmargar menningar \u00fer\u00f3ast um \u00e1r\u00fe\u00fasundir, en tr\u00faarhugmyndir \u00feeirra t\u00f3k Inkaveldi\u00f0 a\u00f0 hluta upp og a\u00f0 hluta breytti.<\/p><p>Me\u00f0al fyrstu mi\u00f0st\u00f6\u00f0va er hofsamst\u00e6\u00f0an \u00ed Chav\u00edn de Hu\u00e1ntar \u00e1 h\u00e1lendi Per\u00fa, en myndlist hennar breiddist v\u00ed\u00f0a \u00fat um mi\u00f0bik fyrsta \u00e1r\u00fe\u00fasundsins fyrir okkar t\u00edmatal.<\/p><p>\u00c1 nor\u00f0urstr\u00f6nd Per\u00fa ur\u00f0u s\u00ed\u00f0ar til Moche-menningin me\u00f0 sinni tj\u00e1ningarr\u00edku leirkerasm\u00ed\u00f0 og f\u00f3rnarsi\u00f0um, og einnig r\u00edki Chim\u00fa me\u00f0 st\u00f3rborginni Chan Chan \u00far leirsteinum. \u00c1 h\u00e1lendinu vi\u00f0 Titicacavatn var mi\u00f0st\u00f6\u00f0 Tiwanaku, en minnisvar\u00f0ar hennar \u00ed byggingarlist og <span class=\"iwg-fachbegriff\" data-tooltip=\"Fr\u00e6\u00f0in um myndefni og merkingu \u00feeirra.\" tabindex=\"0\">helgimyndafr\u00e6\u00f0i<\/span> h\u00f6f\u00f0u mikil \u00e1hrif \u00e1 s\u00ed\u00f0ari andahugsun.<\/p><p>\u00deessar menningar deildu grunneinkennum eins og vir\u00f0ingu fyrir fj\u00f6llum, vatnslindum og forfe\u00f0rum, mikilv\u00e6gi vefna\u00f0ar sem merkingarb\u00e6ra hluta og sterku sambandi milli lifandi og dau\u00f0ra. \u00c1 sama t\u00edma voru \u00fe\u00e6r verulega \u00f3l\u00edkar \u00ed tungum\u00e1li, stj\u00f3rnskipulagi og myndm\u00e1li.<\/p><p>Inkarnir sj\u00e1lfir settu vald sitt fram \u00ed eigin uppruna\u00ads\u00f6gum og felldu eldri helgista\u00f0i inn \u00ed sitt eigi\u00f0 tr\u00faarkerfi. Fr\u00e6\u00f0imenn benda \u00fev\u00ed \u00e1 a\u00f0 margt sem tali\u00f0 er d\u00e6migert inkverskt byggi \u00e1 eldri, andasl\u00e6gum grunni. Tengt efni er teki\u00f0 til umfj\u00f6llunar \u00e1 mi\u00f0st\u00f6\u00f0inni <a href=\"https:\/\/iwell-guard.com\/is\/?page_id=168908\">Go\u00f0afr\u00e6\u00f0i Mes\u00f3amer\u00edku<\/a>.<\/p>\t\t\t\t\t\t\t\t<\/div>\n\t\t\t\t\t<\/div>\n\t\t\t\t<\/div>\n\t\t\t\t\t<\/div>\n\t\t\t\t<\/div>\n\t\t<div class=\"elementor-element elementor-element-cp20a5d715 e-flex e-con-boxed e-con e-parent\" data-id=\"cp20a5d715\" data-element_type=\"container\" data-e-type=\"container\">\n\t\t\t\t\t<div class=\"e-con-inner\">\n\t\t\t\t<div class=\"elementor-element elementor-element-cp2f80471b elementor-widget elementor-widget-heading\" data-id=\"cp2f80471b\" data-element_type=\"widget\" data-e-type=\"widget\" data-widget_type=\"heading.default\">\n\t\t\t\t\t<h2 class=\"elementor-heading-title elementor-size-default\">Heimsmynd Andesfjalla: huaca, ayllu og gagnkv\u00e6mni<\/h2>\t\t\t\t<\/div>\n\t\t<div class=\"elementor-element elementor-element-cp23ccae05 e-flex e-con-boxed e-con e-child\" data-id=\"cp23ccae05\" data-element_type=\"container\" data-e-type=\"container\">\n\t\t\t\t\t<div class=\"e-con-inner\">\n\t\t\t\t<div class=\"elementor-element elementor-element-cp2ce08c02 elementor-widget elementor-widget-text-editor\" data-id=\"cp2ce08c02\" data-element_type=\"widget\" data-e-type=\"widget\" data-widget_type=\"text-editor.default\">\n\t\t\t\t\t\t\t\t\t<p>\u00cd hugsun Andesfjallab\u00faa er landslagi\u00f0 sj\u00e1lft lifandi. Fj\u00f6ll, klettar, lindir, v\u00f6tn og s\u00e9rstakir sta\u00f0ir eru taldir <em>huaca<\/em>, bur\u00f0arberar eigin m\u00e1ttar og vi\u00f0takendur vir\u00f0ingar.<\/p><p>H\u00e1ir fjallstindar, kalla\u00f0ir <em>apu<\/em>, eru taldir \u00f6flugar verndarv\u00e6ttir sem g\u00e6ta ve\u00f0urs, hjar\u00f0a og f\u00f3lks. \u00deessi hugmynd tengir tr\u00faarbr\u00f6g\u00f0 n\u00e1i\u00f0 vi\u00f0 hina \u00e1\u00fereifanlegu landafr\u00e6\u00f0i h\u00e1lendisins.<\/p><p>J\u00f6r\u00f0in er \u00e1v\u00f6rpu\u00f0 sem <em>Pachamama<\/em>, kvenlegt frj\u00f3semis- og f\u00e6\u00f0uveitandi frumt\u00e1kn. Or\u00f0i\u00f0 <em>pacha<\/em> t\u00e1knar b\u00e6\u00f0i r\u00fam og t\u00edma, \u00feannig a\u00f0 n\u00e1kv\u00e6m \u00fe\u00fd\u00f0ing er erfi\u00f0.<\/p><p>Algeng er skipting heimsins \u00ed efra, mi\u00f0ju og ne\u00f0ra svi\u00f0, sem eru ekki hugsu\u00f0 strengilega sem gott og illt heldur sem sv\u00e6\u00f0i sem tengjast innbyr\u00f0is.<\/p><p>Grunneining samf\u00e9lagsins var <em>ayllu<\/em>, \u00e6ttar- og efnahagsh\u00f3pur sem tengdist um sameiginlega forfe\u00f0ur, sameiginlegt land og sameiginlega helgista\u00f0i. Tr\u00faarleg i\u00f0kun og f\u00e9lagsleg skipan er h\u00e9r vart a\u00f0skiljanleg, \u00fev\u00ed forfe\u00f0urnir, oft var\u00f0veittir sem m\u00fam\u00edur, voru \u00e1fram taldir f\u00e9lagar samf\u00e9lagsins og teknir \u00fe\u00e1tt \u00ed h\u00e1t\u00ed\u00f0um.<\/p><p>Lei\u00f0arregla er gagnkv\u00e6mni, skipul\u00f6g\u00f0 v\u00edxlverkun. Milli f\u00f3lks kemur h\u00fan fram \u00ed vinnuskyldum og gjafaskiptum, milli f\u00f3lks og m\u00e1ttarvalda \u00ed f\u00f3rnargj\u00f6fum.<\/p><p>Algeng mynd er <em>despacho<\/em>, e\u00f0a jar\u00f0arf\u00f3rn, \u00fear sem v\u00f6ldum hlutum, bl\u00f6\u00f0um og matv\u00e6lum er ra\u00f0a\u00f0 saman \u00ed b\u00fant og f\u00e6rt j\u00f6r\u00f0inni e\u00f0a fj\u00f6llunum. Gagnkv\u00e6mni er \u00feannig ekki einfaldlega <span class=\"iwg-fachbegriff\" data-tooltip=\"Hef\u00f0bundin ath\u00f6fn sem endurtekin er reglulega innan samf\u00e9lags.\" tabindex=\"0\">si\u00f0ur<\/span>, heldur grunnmynstri\u00f0 sem samband manns og alheims er hugsa\u00f0 eftir.<\/p>\t\t\t\t\t\t\t\t<\/div>\n\t\t\t\t\t<\/div>\n\t\t\t\t<\/div>\n\t\t\t\t\t<\/div>\n\t\t\t\t<\/div>\n\t\t<div class=\"elementor-element elementor-element-cp277927fd e-flex e-con-boxed e-con e-parent\" data-id=\"cp277927fd\" data-element_type=\"container\" data-e-type=\"container\">\n\t\t\t\t\t<div class=\"e-con-inner\">\n\t\t\t\t<div class=\"elementor-element elementor-element-cp29f1ffb8 elementor-widget elementor-widget-heading\" data-id=\"cp29f1ffb8\" data-element_type=\"widget\" data-e-type=\"widget\" data-widget_type=\"heading.default\">\n\t\t\t\t\t<h2 class=\"elementor-heading-title elementor-size-default\">Heimildasta\u00f0a: chronistas og khipu<\/h2>\t\t\t\t<\/div>\n\t\t<div class=\"elementor-element elementor-element-cp20258d08 e-flex e-con-boxed e-con e-child\" data-id=\"cp20258d08\" data-element_type=\"container\" data-e-type=\"container\">\n\t\t\t\t\t<div class=\"e-con-inner\">\n\t\t\t\t<div class=\"elementor-element elementor-element-cp27717277 elementor-widget elementor-widget-text-editor\" data-id=\"cp27717277\" data-element_type=\"widget\" data-e-type=\"widget\" data-widget_type=\"text-editor.default\">\n\t\t\t\t\t\t\t\t\t<p>Menningar Andesfjalla \u00feekktu ekki b\u00f3kletur \u00ed eiginlegum skilningi. Mikilv\u00e6gasta skr\u00e1ningart\u00e6ki\u00f0 var <em>khipu<\/em>, kerfi hn\u00fdttra strengja sem a\u00f0allega var nota\u00f0 til a\u00f0 skr\u00e1 t\u00f6lur, stj\u00f3rns\u00fdslug\u00f6gn og a\u00f0 \u00f6llum l\u00edkindum einnig fr\u00e1sagnarefni.<\/p><p>Fr\u00e6\u00f0imenn geta a\u00f0 miklu leyti lesi\u00f0 t\u00f6lutengd khipu, en m\u00f6guleg fr\u00e1sagnarnotkun er umdeild. \u00dear me\u00f0 skortir andasv\u00e6\u00f0i\u00f0 innf\u00e6ddan textaarfleif\u00f0 samb\u00e6rilega \u00feeirri \u00ed Mes\u00f3amer\u00edku fyrir tr\u00faars\u00f6gu \u00feess.<\/p><p>A\u00f0alheimildir \u00ed ritu\u00f0u m\u00e1li koma \u00fev\u00ed fr\u00e1 n\u00fdlendut\u00edmanum og eru samdar af Sp\u00e1nverjum e\u00f0a af Andesb\u00faum sem hlutu menntun \u00ed sp\u00e6nskri ritunarhef\u00f0. Me\u00f0al fyrstu ann\u00e1lah\u00f6funda eru Pedro de Cieza de Le\u00f3n og Juan de Betanzos.<\/p><p>S\u00e9rstaklega ver\u00f0m\u00e6tt er hi\u00f0 mikla verk Felipe Guam\u00e1n Poma de Ayala, innf\u00e6dds h\u00f6fundar sem samdi um 1615 myndskreytta ann\u00e1l me\u00f0 har\u00f0ri gagnr\u00fdni \u00e1 n\u00fdlendustj\u00f3rnina. Kynblendingurinn Inca Garcilaso de la Vega skrifa\u00f0i aftur \u00e1 m\u00f3ti \u00fat fr\u00e1 sj\u00f3narhorni \u00feess sem er h\u00e1lfur Inki a\u00f0 uppruna.<\/p><p>S\u00e9rstakur heimildaflokkur eru hin svok\u00f6llu\u00f0u skur\u00f0go\u00f0aey\u00f0ingarskj\u00f6l. \u00c1 17. \u00f6ld leiddu kirkjulegar herfer\u00f0ir \u00ed erkibiskupsd\u00e6minu Lima kerfisbundnar a\u00f0ger\u00f0ir gegn \u00e1tr\u00fana\u00f0i Andesb\u00faa.<\/p><p>Yfirheyrsluskj\u00f6lin sem ur\u00f0u til \u00ed \u00feessu samhengi, me\u00f0al annars \u00ed kringum Francisco de \u00c1vila, veita, gegn \u00e1setningi s\u00ednum, n\u00e1kv\u00e6mar l\u00fdsingar \u00e1 sta\u00f0bundinni tr\u00fa, \u00fear \u00e1 me\u00f0al textann fr\u00e1 Huarochir\u00ed sem er saminn \u00e1 quechua-m\u00e1li, eina af f\u00e1um innf\u00e6ddum s\u00f6fnum go\u00f0sagna Andesfjalla.<\/p><p>Allar \u00feessar heimildir eru marka\u00f0ar af a\u00f0st\u00e6\u00f0um tilur\u00f0ar sinnar. Ann\u00e1lah\u00f6fundarnir felldu hugmyndir Andesb\u00faa inn \u00ed evr\u00f3pska flokkun, skur\u00f0go\u00f0aey\u00f0ingarskj\u00f6lin ur\u00f0u til undir \u00fevingun. N\u00fat\u00edmafr\u00e6\u00f0imenn, svo sem Frank Salomon e\u00f0a Sabine MacCormack, lesa \u00feau \u00fev\u00ed me\u00f0 gagnr\u00fdnu heimildamati og b\u00e6ta \u00feau upp me\u00f0 <span class=\"iwg-fachbegriff\" data-tooltip=\"Fr\u00e6\u00f0igrein sem rannsakar fyrri menningarheima me\u00f0 efnislegum fundum.\" tabindex=\"0\">fornleifafr\u00e6\u00f0i<\/span> og \u00fej\u00f3\u00f0h\u00e1ttafr\u00e6\u00f0ilegri vettvangsvinnu \u00ed n\u00faverandi samf\u00e9l\u00f6gum Andesfjalla.<\/p>\t\t\t\t\t\t\t\t<\/div>\n\t\t\t\t\t<\/div>\n\t\t\t\t<\/div>\n\t\t\t\t\t<\/div>\n\t\t\t\t<\/div>\n\t\t<div class=\"elementor-element elementor-element-cp24230570 e-flex e-con-boxed e-con e-parent\" data-id=\"cp24230570\" data-element_type=\"container\" data-e-type=\"container\">\n\t\t\t\t\t<div class=\"e-con-inner\">\n\t\t\t\t<div class=\"elementor-element elementor-element-cp24a3102c elementor-widget elementor-widget-heading\" data-id=\"cp24a3102c\" data-element_type=\"widget\" data-e-type=\"widget\" data-widget_type=\"heading.default\">\n\t\t\t\t\t<h2 class=\"elementor-heading-title elementor-size-default\">Tr\u00fa Andesfjalla \u00ed n\u00fat\u00edmanum<\/h2>\t\t\t\t<\/div>\n\t\t<div class=\"elementor-element elementor-element-cp231a8b7a e-flex e-con-boxed e-con e-child\" data-id=\"cp231a8b7a\" data-element_type=\"container\" data-e-type=\"container\">\n\t\t\t\t\t<div class=\"e-con-inner\">\n\t\t\t\t<div class=\"elementor-element elementor-element-cp2b976005 elementor-widget elementor-widget-text-editor\" data-id=\"cp2b976005\" data-element_type=\"widget\" data-e-type=\"widget\" data-widget_type=\"text-editor.default\">\n\t\t\t\t\t\t\t\t\t<p>Landvinningar Sp\u00e1nverja og tr\u00fabo\u00f0 \u00feeirra \u00ed kj\u00f6lfari\u00f0 \u00feurrku\u00f0u ekki \u00fat tr\u00faarbr\u00f6g\u00f0 Andesfjalla, heldur \u00fevingu\u00f0u \u00feau \u00ed n\u00fdjar myndir. \u00cd m\u00f6rgum h\u00e1lendissamf\u00e9l\u00f6gum Per\u00fa, B\u00f3liv\u00edu og Ekvador lifa enn \u00ed dag venjur sem tengja saman eldri hugmyndir og ka\u00fe\u00f3lska tr\u00fa. D\u00fdrlingar kirkjunnar eru tengdir fj\u00f6llum og st\u00f6\u00f0um, og p\u00edlagr\u00edmsh\u00e1t\u00ed\u00f0ir falla saman vi\u00f0 landb\u00fana\u00f0ar- og h\u00e1t\u00ed\u00f0atali\u00f0.<\/p><p>Jar\u00f0argjafir til <em>Pachamama<\/em> og til fjallanna eru enn v\u00ed\u00f0a \u00fatbreiddar, s\u00e9rstaklega \u00ed upphafi r\u00e6ktunart\u00edmans, vi\u00f0 h\u00fasbyggingar e\u00f0a \u00feegar mikilv\u00e6g verkefni hefjast. S\u00e9rfr\u00e6\u00f0ingar, sem \u00ed quechua- og aymara-m\u00e6landi sv\u00e6\u00f0um ganga undir \u00fdmsum heitum, framkv\u00e6ma sl\u00edkar athafnir, t\u00falka fyrirbo\u00f0a og me\u00f0h\u00f6ndla sj\u00fakd\u00f3ma sem taldir eru stafa af r\u00f6sku\u00f0u sambandi vi\u00f0 sta\u00f0i og m\u00e1ttarv\u00f6ld.<\/p><p>Sumar \u00feessara venja hafa \u00e1 undanf\u00f6rnum \u00e1ratugum rata\u00f0 inn \u00e1 fer\u00f0amanna- og dulspekimarka\u00f0inn. Hugt\u00f6k eins og Pachamama e\u00f0a Apu eru marka\u00f0ssett \u00e1 al\u00fej\u00f3\u00f0av\u00edsu, og athafnir eru svi\u00f0settar fyrir grei\u00f0andi gesti. <span class=\"iwg-fachbegriff\" data-tooltip=\"Fr\u00e6\u00f0igreinin sem rannsakar tr\u00faarbr\u00f6g\u00f0 samanbur\u00f0arlega og \u00e1n tr\u00faarlegrar afst\u00f6\u00f0u.\" tabindex=\"0\">Tr\u00faarbrag\u00f0afr\u00e6\u00f0in<\/span> minnir h\u00e9r \u00e1 a\u00f0 greina \u00e1 milli lifandi i\u00f0kunar sta\u00f0bundinna samf\u00e9laga og marka\u00f0sv\u00e6\u00f0ingar hennar.<\/p><p>Samhli\u00f0a \u00feessu hefur hef\u00f0 Andesfjalla fengi\u00f0 p\u00f3lit\u00edska vigt. \u00cd B\u00f3liv\u00edu og Ekvador r\u00f6tu\u00f0u hugt\u00f6k eins og <em>Pachamama<\/em> og hugsj\u00f3nin um hi\u00f0 g\u00f3\u00f0a l\u00edf, <em>sumak kawsay<\/em> e\u00f0a <em>suma qama\u00f1a<\/em>, inn \u00ed stj\u00f3rnarskr\u00e1rtexta og stj\u00f3rnm\u00e1la\u00e1\u00e6tlanir.<\/p><p>Hversu vel \u00feetta endurspeglar lifandi tr\u00fa e\u00f0a er fremur t\u00e1knverkefni r\u00edkisins er umdeilt. Sanngj\u00f6rn framsetning s\u00fdnir tr\u00faarbr\u00f6g\u00f0 Andesfjalla \u00feannig sem lifandi, umdeilt og sv\u00e6\u00f0isbundi\u00f0 mj\u00f6g fj\u00f6lbreytt svi\u00f0, ekki sem glata\u00f0a arfleif\u00f0 Inkanna.<\/p>\t\t\t\t\t\t\t\t<\/div>\n\t\t\t\t\t<\/div>\n\t\t\t\t<\/div>\n\t\t\t\t\t<\/div>\n\t\t\t\t<\/div>\n\t\t<div class=\"elementor-element elementor-element-iwgha-andeninka-sec e-flex e-con-boxed e-con e-parent\" data-id=\"iwgha-andeninka-sec\" data-element_type=\"container\" data-e-type=\"container\">\n\t\t\t\t\t<div class=\"e-con-inner\">\n\t\t\t\t<div class=\"elementor-element elementor-element-iwgha-andeninka-h elementor-widget elementor-widget-heading\" data-id=\"iwgha-andeninka-h\" data-element_type=\"widget\" data-e-type=\"widget\" data-widget_type=\"heading.default\">\n\t\t\t\t\t<h2 class=\"elementor-heading-title elementor-size-default\">Verur \u00far \u00feessari hef\u00f0 (10)<\/h2>\t\t\t\t<\/div>\n\t\t<div class=\"elementor-element elementor-element-iwgha-andeninka-gc e-flex e-con-boxed e-con e-parent\" data-id=\"iwgha-andeninka-gc\" data-element_type=\"container\" data-e-type=\"container\">\n\t\t\t\t\t<div class=\"e-con-inner\">\n\t\t\t\t<div class=\"elementor-element elementor-element-iwgha-andeninka-grid elementor-widget elementor-widget-text-editor\" data-id=\"iwgha-andeninka-grid\" data-element_type=\"widget\" data-e-type=\"widget\" data-widget_type=\"text-editor.default\">\n\t\t\t\t\t\t\t\t\t<div class=\"iwg-wesen-grid\"><a class=\"iwg-wesen-card\" href=\"https:\/\/iwell-guard.com\/is\/apu-ausangate-fjallgud-andesfjalla\/\" aria-label=\"Apu Ausangate \u2013 fjallgu\u00f0 Andesfjalla\"><div class=\"iwg-wesen-card-imgwrap\"><img decoding=\"async\" src=\"https:\/\/iwell-guard.com\/wp-content\/uploads\/2026\/05\/geister_anden-inka_apu-ausangate-200x300.webp\" alt=\"Apu Ausangate \u2013 fjallgu\u00f0 Andesfjalla\" loading=\"lazy\"><\/div><div class=\"iwg-wesen-card-body\"><div class=\"iwg-wesen-card-name\">Apu Ausangate \u2013 fjallgu\u00f0 Andesfjalla<\/div><div class=\"iwg-wesen-card-arrow\">\u2192 \u00c1 v\u00e6ttina<\/div><\/div><\/a><a class=\"iwg-wesen-card\" href=\"https:\/\/iwell-guard.com\/is\/illapa-thrumu-og-vedurgud-inka\/\" aria-label=\"Illapa \u2013 \u00derumu- og ve\u00f0urgu\u00f0 Inka\"><div class=\"iwg-wesen-card-imgwrap\"><img decoding=\"async\" src=\"https:\/\/iwell-guard.com\/wp-content\/uploads\/2026\/05\/goetter_anden-inka_illapa-200x300.webp\" alt=\"Illapa \u2013 \u00derumu- og ve\u00f0urgu\u00f0 Inka\" loading=\"lazy\"><\/div><div class=\"iwg-wesen-card-body\"><div class=\"iwg-wesen-card-name\">Illapa \u2013 \u00derumu- og ve\u00f0urgu\u00f0 Inka<\/div><div class=\"iwg-wesen-card-arrow\">\u2192 \u00c1 v\u00e6ttina<\/div><\/div><\/a><a class=\"iwg-wesen-card\" href=\"https:\/\/iwell-guard.com\/is\/inti-solgud-inkanna\/\" aria-label=\"Inti \u2013 s\u00f3lgu\u00f0 Inkanna\"><div class=\"iwg-wesen-card-imgwrap\"><img decoding=\"async\" src=\"https:\/\/iwell-guard.com\/wp-content\/uploads\/2026\/05\/goetter_anden-inka_inti-200x300.webp\" alt=\"Inti \u2013 s\u00f3lgu\u00f0 Inkanna\" loading=\"lazy\"><\/div><div class=\"iwg-wesen-card-body\"><div class=\"iwg-wesen-card-name\">Inti \u2013 s\u00f3lgu\u00f0 Inkanna<\/div><div class=\"iwg-wesen-card-arrow\">\u2192 \u00c1 v\u00e6ttina<\/div><\/div><\/a><a class=\"iwg-wesen-card\" href=\"https:\/\/iwell-guard.com\/is\/mama-cocha-hafgydja-andesfjalla\/\" aria-label=\"Mama Cocha \u2013 hafgy\u00f0ja Andesfjalla\"><div class=\"iwg-wesen-card-imgwrap\"><img decoding=\"async\" src=\"https:\/\/iwell-guard.com\/wp-content\/uploads\/2026\/05\/goetter_anden-inka_mama-cocha-200x300.webp\" alt=\"Mama Cocha \u2013 hafgy\u00f0ja Andesfjalla\" loading=\"lazy\"><\/div><div class=\"iwg-wesen-card-body\"><div class=\"iwg-wesen-card-name\">Mama Cocha \u2013 hafgy\u00f0ja Andesfjalla<\/div><div class=\"iwg-wesen-card-arrow\">\u2192 \u00c1 v\u00e6ttina<\/div><\/div><\/a><a class=\"iwg-wesen-card\" href=\"https:\/\/iwell-guard.com\/is\/mama-killa-tunglgydja-inkanna\/\" aria-label=\"Mama Killa \u2013 tunglgy\u00f0ja Inkanna\"><div class=\"iwg-wesen-card-imgwrap\"><img decoding=\"async\" src=\"https:\/\/iwell-guard.com\/wp-content\/uploads\/2026\/05\/goetter_anden-inka_mama-killa-200x300.webp\" alt=\"Mama Killa \u2013 tunglgy\u00f0ja Inkanna\" loading=\"lazy\"><\/div><div class=\"iwg-wesen-card-body\"><div class=\"iwg-wesen-card-name\">Mama Killa \u2013 tunglgy\u00f0ja Inkanna<\/div><div class=\"iwg-wesen-card-arrow\">\u2192 \u00c1 v\u00e6ttina<\/div><\/div><\/a><a class=\"iwg-wesen-card\" href=\"https:\/\/iwell-guard.com\/is\/pachakamak-orakelgud-andesfjalla\/\" aria-label=\"Pachakamak \u2013 v\u00e9fregnagu\u00f0 Andesfjalla\"><div class=\"iwg-wesen-card-imgwrap\"><img decoding=\"async\" src=\"https:\/\/iwell-guard.com\/wp-content\/uploads\/2026\/05\/goetter_anden-inka_pachakamak-200x300.webp\" alt=\"Pachakamak \u2013 v\u00e9fregnagu\u00f0 Andesfjalla\" loading=\"lazy\"><\/div><div class=\"iwg-wesen-card-body\"><div class=\"iwg-wesen-card-name\">Pachakamak \u2013 v\u00e9fregnagu\u00f0 Andesfjalla<\/div><div class=\"iwg-wesen-card-arrow\">\u2192 \u00c1 v\u00e6ttina<\/div><\/div><\/a><a class=\"iwg-wesen-card\" href=\"https:\/\/iwell-guard.com\/is\/pachamama-jardmodir-andesfjalla\/\" aria-label=\"Pachamama \u2013 jar\u00f0m\u00f3\u00f0ir Andesfjalla\"><div class=\"iwg-wesen-card-imgwrap\"><img decoding=\"async\" src=\"https:\/\/iwell-guard.com\/wp-content\/uploads\/2026\/05\/goetter_anden-inka_pachamama-1-200x300.webp\" alt=\"Pachamama \u2013 jar\u00f0m\u00f3\u00f0ir Andesfjalla\" loading=\"lazy\"><\/div><div class=\"iwg-wesen-card-body\"><div class=\"iwg-wesen-card-name\">Pachamama \u2013 jar\u00f0m\u00f3\u00f0ir Andesfjalla<\/div><div class=\"iwg-wesen-card-arrow\">\u2192 \u00c1 v\u00e6ttina<\/div><\/div><\/a><a class=\"iwg-wesen-card\" href=\"https:\/\/iwell-guard.com\/is\/supay-skadvaldar-undirheimaherra-andesfjalla\/\" aria-label=\"Supay \u2013 ska\u00f0valdar og undirheimaherra Andesfjalla\"><div class=\"iwg-wesen-card-imgwrap\"><img decoding=\"async\" src=\"https:\/\/iwell-guard.com\/wp-content\/uploads\/2026\/05\/geister_anden-inka_supay-200x300.webp\" alt=\"Supay \u2013 ska\u00f0valdar og undirheimaherra Andesfjalla\" loading=\"lazy\"><\/div><div class=\"iwg-wesen-card-body\"><div class=\"iwg-wesen-card-name\">Supay \u2013 ska\u00f0valdar og undirheimaherra Andesfjalla<\/div><div class=\"iwg-wesen-card-arrow\">\u2192 \u00c1 v\u00e6ttina<\/div><\/div><\/a><a class=\"iwg-wesen-card\" href=\"https:\/\/iwell-guard.com\/is\/viracocha-skapari-gud-andesfjalla\/\" aria-label=\"Viracocha \u2013 skapari-gu\u00f0 Andesfjalla\"><div class=\"iwg-wesen-card-imgwrap\"><img decoding=\"async\" src=\"https:\/\/iwell-guard.com\/wp-content\/uploads\/2026\/05\/goetter_anden-inka_viracocha-200x300.webp\" alt=\"Viracocha \u2013 skapari-gu\u00f0 Andesfjalla\" loading=\"lazy\"><\/div><div class=\"iwg-wesen-card-body\"><div class=\"iwg-wesen-card-name\">Viracocha \u2013 skapari-gu\u00f0 Andesfjalla<\/div><div class=\"iwg-wesen-card-arrow\">\u2192 \u00c1 v\u00e6ttina<\/div><\/div><\/a><a class=\"iwg-wesen-card\" href=\"https:\/\/iwell-guard.com\/is\/yacumama-vatnaslanga-andesfjalla\/\" aria-label=\"Yacumama \u2013 vatnaslanga Andesfjalla og Amas\u00f3nsv\u00e6\u00f0isins\"><div class=\"iwg-wesen-card-imgwrap\"><img decoding=\"async\" src=\"https:\/\/iwell-guard.com\/wp-content\/uploads\/2026\/05\/geister_anden-inka_yacumama-200x300.webp\" alt=\"Yacumama \u2013 vatnaslanga Andesfjalla og Amas\u00f3nsv\u00e6\u00f0isins\" loading=\"lazy\"><\/div><div class=\"iwg-wesen-card-body\"><div class=\"iwg-wesen-card-name\">Yacumama \u2013 vatnaslanga Andesfjalla og Amas\u00f3nsv\u00e6\u00f0isins<\/div><div class=\"iwg-wesen-card-arrow\">\u2192 \u00c1 v\u00e6ttina<\/div><\/div><\/a><\/div>\t\t\t\t\t\t\t\t<\/div>\n\t\t\t\t\t<\/div>\n\t\t\t\t<\/div>\n\t\t\t\t\t<\/div>\n\t\t\t\t<\/div>\n\t\t<div class=\"elementor-element elementor-element-iwgcn-andeninka-kwd e-flex e-con-boxed e-con e-parent\" data-id=\"iwgcn-andeninka-kwd\" data-element_type=\"container\" data-e-type=\"container\">\n\t\t\t\t\t<div class=\"e-con-inner\">\n\t\t<div class=\"elementor-element elementor-element-iwgcn-andeninka-kwd-c e-con-full e-flex e-con e-child\" data-id=\"iwgcn-andeninka-kwd-c\" data-element_type=\"container\" data-e-type=\"container\">\n\t\t\t\t<div class=\"elementor-element elementor-element-iwgcn-andeninka-kwdt elementor-widget elementor-widget-text-editor\" data-id=\"iwgcn-andeninka-kwdt\" data-element_type=\"widget\" data-e-type=\"widget\" data-widget_type=\"text-editor.default\">\n\t\t\t\t\t\t\t\t\t<p><em>Tengd kjarnahugt\u00f6k: Pachamama Inti Viracocha Mama Killa Apus Chakana Aguayo Quechua Aymara Cusco Tiwanaku Sacsayhuam\u00e1n Despacho.<\/em><\/p>\t\t\t\t\t\t\t\t<\/div>\n\t\t\t\t<\/div>\n\t\t\t\t\t<\/div>\n\t\t\t\t<\/div>\n\t\t<div class=\"elementor-element elementor-element-iwgcn-andeninka-cc e-flex e-con-boxed e-con e-parent\" data-id=\"iwgcn-andeninka-cc\" data-element_type=\"container\" data-e-type=\"container\" id=\"iwg-cc-anden-inka\">\n\t\t\t\t\t<div class=\"e-con-inner\">\n\t\t<div class=\"elementor-element elementor-element-iwgcn-andeninka-ccinner e-flex e-con-boxed e-con e-parent\" data-id=\"iwgcn-andeninka-ccinner\" data-element_type=\"container\" data-e-type=\"container\" data-settings=\"{&quot;background_background&quot;:&quot;classic&quot;}\">\n\t\t\t\t\t<div class=\"e-con-inner\">\n\t\t\t\t<div class=\"elementor-element elementor-element-iwgcn-andeninka-cch elementor-widget elementor-widget-heading\" data-id=\"iwgcn-andeninka-cch\" data-element_type=\"widget\" data-e-type=\"widget\" data-widget_type=\"heading.default\">\n\t\t\t\t\t<h2 class=\"elementor-heading-title elementor-size-default\">Verndargripir \u00ed \u00feessari menningarhef\u00f0<\/h2>\t\t\t\t<\/div>\n\t\t\t\t<div class=\"elementor-element elementor-element-iwgcn-andeninka-cct elementor-widget elementor-widget-text-editor\" data-id=\"iwgcn-andeninka-cct\" data-element_type=\"widget\" data-e-type=\"widget\" data-widget_type=\"text-editor.default\">\n\t\t\t\t\t\t\t\t\t<p>Menningarheimar Andesfjalla, fr\u00e1 Chav\u00edn til Inka, nota Chakana-hengi, Aguayo-vefna\u00f0, Despacho-poka og k\u00f3ka-bl\u00f6\u00f0 sem me\u00f0f\u00e6rileg verndargripi; Apus-fj\u00f6ll eru hei\u00f0ru\u00f0 me\u00f0 steinv\u00f6r\u00f0um (Apachetas) me\u00f0fram lei\u00f0um.<\/p><div data-nosnippet=\"true\"><p>iWell Guard fellur inn \u00ed \u00feessa menningars\u00f6gulegu hef\u00f0 me\u00f0f\u00e6rilegra verndargripa, \u00ed samt\u00edmalegri efnisarkitekt\u00far, framleitt \u00ed \u00de\u00fdskalandi. 41 lag, alv\u00f6ru gull, plat\u00edna, silfur. 30 daga skilar\u00e9ttur.<\/p><\/div>\t\t\t\t\t\t\t\t<\/div>\n\t\t\t\t<div class=\"elementor-element elementor-element-iwgcn-andeninka-ccb iwg-cc-button iwg-cc-cta-2026-05-13 elementor-widget elementor-widget-jet-button\" data-id=\"iwgcn-andeninka-ccb\" data-element_type=\"widget\" data-e-type=\"widget\" data-widget_type=\"jet-button.default\">\n\t\t\t\t<div class=\"elementor-widget-container\">\n\t\t\t\t\t<div class=\"elementor-jet-button jet-elements\"><div class=\"jet-button__container\"><a class=\"jet-button__instance jet-button__instance--icon-left hover-effect-1\" href=\"\/ueber-iwell-guard\/?utm_source=iwell-guard.com&amp;utm_medium=info-box&amp;utm_campaign=kultur-tradition\"><div class=\"jet-button__plane jet-button__plane-normal\"><\/div><div class=\"jet-button__plane jet-button__plane-hover\"><\/div><div class=\"jet-button__state jet-button__state-normal\"><span class=\"jet-button__label\">Meira um iWell Guard<\/span><\/div><div class=\"jet-button__state jet-button__state-hover\"><span class=\"jet-button__label\">Meira um iWell Guard<\/span><\/div><\/a><\/div><\/div><style>.elementor-element.elementor-element-iwgcn-andeninka-ccb .jet-button__instance{width:320px;height:56px;}.elementor-element.elementor-element-iwgcn-andeninka-ccb .jet-button__state-normal .jet-button__label{text-align:center;margin:0px 0px 0px 0px;color:#1a1b20;font-family:Montserrat,sans-serif;font-size:13px;font-weight:400;letter-spacing:4px;line-height:1.714em;text-transform:uppercase;}.elementor-element.elementor-element-iwgcn-andeninka-ccb .jet-button__state-hover .jet-button__label{text-align:center;margin:0px 0px 0px 0px;color:#FECC76;font-family:Montserrat,sans-serif;font-size:13px;font-weight:400;letter-spacing:4px;line-height:1.714em;text-transform:uppercase;}.elementor-element.elementor-element-iwgcn-andeninka-ccb .jet-button__plane-normal{background-color:#FECC76;border-style:solid;border-color:#C99540;border-width:2px 2px 2px 2px;}.elementor-element.elementor-element-iwgcn-andeninka-ccb .jet-button__plane-hover{background-color:rgba(0,0,0,0.55);border-style:solid;border-color:#FECC76;border-width:2px 2px 2px 2px;}<\/style>\t\t\t\t<\/div>\n\t\t\t\t<\/div>\n\t\t\t\t<div class=\"elementor-element elementor-element-iwgcn-andeninka-ccd elementor-widget elementor-widget-text-editor\" data-id=\"iwgcn-andeninka-ccd\" data-element_type=\"widget\" data-e-type=\"widget\" data-widget_type=\"text-editor.default\">\n\t\t\t\t\t\t\t\t\t<div data-nosnippet=\"true\"><p style=\"text-align:center;font-size:13px;opacity:0.7;margin-top:14px\" data-nosnippet=\"true\">Pers\u00f3nuleg reynsla getur veri\u00f0 mismunandi. Ekki l\u00e6kningat\u00e6ki. Engin lofor\u00f0 um l\u00e6kningu.<\/p><\/div>\t\t\t\t\t\t\t\t<\/div>\n\t\t\t\t\t<\/div>\n\t\t\t\t<\/div>\n\t\t\t\t\t<\/div>\n\t\t\t\t<\/div>\n\t\t<div class=\"elementor-element elementor-element-iwgcn-andeninka-disc e-flex e-con-boxed e-con e-parent\" data-id=\"iwgcn-andeninka-disc\" data-element_type=\"container\" data-e-type=\"container\">\n\t\t\t\t\t<div class=\"e-con-inner\">\n\t\t\t\t<div class=\"elementor-element elementor-element-iwgcn-andeninka-discw elementor-widget elementor-widget-html\" data-id=\"iwgcn-andeninka-discw\" data-element_type=\"widget\" data-e-type=\"widget\" data-widget_type=\"html.default\">\n\t\t\t\t\t<footer data-nosnippet=\"true\" class=\"iwg-disclaimer-block\"><p data-nosnippet=\"true\">iWell Guard er <strong>ekki l\u00e6kningat\u00e6ki<\/strong> og kemur ekki \u00ed sta\u00f0inn fyrir l\u00e6knis- e\u00f0a s\u00e1lfr\u00e6\u00f0ime\u00f0fer\u00f0. Tr\u00faarfr\u00e6\u00f0ilegt efni er menningars\u00f6gulegt samhengi, ekki r\u00e1\u00f0legging um andlega i\u00f0kun.<\/p><\/footer>\t\t\t\t<\/div>\n\t\t\t\t\t<\/div>\n\t\t\t\t<\/div>\n\t\t<div class=\"elementor-element elementor-element-iwgssrev-andeninka e-flex e-con-boxed e-con e-parent\" data-id=\"iwgssrev-andeninka\" data-element_type=\"container\" data-e-type=\"container\">\n\t\t\t\t\t<div class=\"e-con-inner\">\n\t\t\t\t<div class=\"elementor-element elementor-element-iwgssrev-andeninka-h elementor-widget elementor-widget-heading\" data-id=\"iwgssrev-andeninka-h\" data-element_type=\"widget\" data-e-type=\"widget\" data-widget_type=\"heading.default\">\n\t\t\t\t\t<h2 class=\"elementor-heading-title elementor-size-default\">Verndart\u00e1kn fr\u00e1 Andesfj\u00f6llum<\/h2>\t\t\t\t<\/div>\n\t\t\t\t<div class=\"elementor-element elementor-element-iwgssrev-andeninka-t elementor-widget elementor-widget-text-editor\" data-id=\"iwgssrev-andeninka-t\" data-element_type=\"widget\" data-e-type=\"widget\" data-widget_type=\"text-editor.default\">\n\t\t\t\t\t\t\t\t\t<p>\u00cd lex\u00edkoni verndart\u00e1knanna er fjalla\u00f0 um nokkur t\u00e1kn og hluti fr\u00e1 Andesfj\u00f6llum \u00e1 eigin s\u00ed\u00f0um: <a href=\"https:\/\/iwell-guard.com\/is\/?page_id=169160\">Chakana<\/a>. Yfirlit sem spannar menningarheima m\u00e1 finna \u00e1 s\u00ed\u00f0unni um <a href=\"https:\/\/iwell-guard.com\/is\/?page_id=168902\">verndart\u00e1kn<\/a>.<\/p>\t\t\t\t\t\t\t\t<\/div>\n\t\t\t\t\t<\/div>\n\t\t\t\t<\/div>\n\t\t\t\t<\/div>\n\t\t","protected":false},"excerpt":{"rendered":"","protected":false},"author":3,"featured_media":2677,"parent":0,"menu_order":0,"comment_status":"closed","ping_status":"closed","template":"elementor_header_footer","meta":{"_yoast_wpseo_focuskw":"Anda\u00fej\u00f3\u00f0ir Inka","_yoast_wpseo_title":"Anda\u00fej\u00f3\u00f0ir \u2013 Inka, Pachamama og verndarhef\u00f0ir","_yoast_wpseo_metadesc":"Anda\u00fej\u00f3\u00f0ir \u00e1 iWell Guard: Inti, Pachamama, Viracocha og verndargripir eins og Chakana og Apus-steinar, \u00ed tr\u00faarfr\u00e6\u00f0ilegu samhengi.","_yoast_wpseo_meta-robots-noindex":"","_yoast_wpseo_canonical":"","_angie_page":false,"gefaehrdungsstufe":"","wesen_kultur":"","wesen_klasse":"","footnotes":""},"categories":[],"class_list":["post-168909","page","type-page","status-publish","has-post-thumbnail","hentry"],"yoast_head":"<!-- This site is optimized with the Yoast SEO Premium plugin v27.7 (Yoast SEO v28.3) - https:\/\/yoast.com\/product\/yoast-seo-premium-wordpress\/ -->\n<title>Anda\u00fej\u00f3\u00f0ir \u2013 Inka, Pachamama og verndarhef\u00f0ir<\/title>\n<meta name=\"description\" content=\"Anda\u00fej\u00f3\u00f0ir \u00e1 iWell Guard: Inti, Pachamama, Viracocha og verndargripir eins og Chakana og Apus-steinar, \u00ed tr\u00faarfr\u00e6\u00f0ilegu samhengi.\" \/>\n<meta name=\"robots\" content=\"index, follow, max-snippet:-1, max-image-preview:large, max-video-preview:-1\" \/>\n<link rel=\"canonical\" href=\"https:\/\/iwell-guard.com\/is\/andathjodir-og-inka-inti-pachamama-viracocha\/\" \/>\n<meta property=\"og:locale\" content=\"is_IS\" \/>\n<meta property=\"og:type\" content=\"article\" \/>\n<meta property=\"og:title\" content=\"Anda\u00fej\u00f3\u00f0ir og Inka \u2013 Inti, Pachamama og Viracocha\" \/>\n<meta property=\"og:description\" content=\"Anda\u00fej\u00f3\u00f0ir \u00e1 iWell Guard: Inti, Pachamama, Viracocha og verndargripir eins og Chakana og Apus-steinar, \u00ed tr\u00faarfr\u00e6\u00f0ilegu samhengi.\" \/>\n<meta property=\"og:url\" content=\"https:\/\/iwell-guard.com\/is\/andathjodir-og-inka-inti-pachamama-viracocha\/\" \/>\n<meta property=\"og:site_name\" content=\"iWell Guard\" \/>\n<meta property=\"article:modified_time\" content=\"2026-09-05T14:22:33+00:00\" \/>\n<meta property=\"og:image\" content=\"https:\/\/iwell-guard.com\/wp-content\/uploads\/2026\/05\/goetter_anden-inka_illapa.webp\" \/>\n\t<meta property=\"og:image:width\" content=\"1024\" \/>\n\t<meta property=\"og:image:height\" content=\"1536\" \/>\n\t<meta property=\"og:image:type\" content=\"image\/webp\" \/>\n<meta name=\"twitter:card\" content=\"summary_large_image\" \/>\n<script type=\"application\/ld+json\" class=\"yoast-schema-graph\">{\"@context\":\"https:\\\/\\\/schema.org\",\"@graph\":[{\"@type\":\"WebPage\",\"@id\":\"https:\\\/\\\/iwell-guard.com\\\/is\\\/andathjodir-og-inka-inti-pachamama-viracocha\\\/\",\"url\":\"https:\\\/\\\/iwell-guard.com\\\/is\\\/andathjodir-og-inka-inti-pachamama-viracocha\\\/\",\"name\":\"Anda\u00fej\u00f3\u00f0ir \u2013 Inka, Pachamama og verndarhef\u00f0ir\",\"isPartOf\":{\"@id\":\"https:\\\/\\\/iwell-guard.com\\\/is\\\/#website\"},\"primaryImageOfPage\":{\"@id\":\"https:\\\/\\\/iwell-guard.com\\\/is\\\/andathjodir-og-inka-inti-pachamama-viracocha\\\/#primaryimage\"},\"image\":{\"@id\":\"https:\\\/\\\/iwell-guard.com\\\/is\\\/andathjodir-og-inka-inti-pachamama-viracocha\\\/#primaryimage\"},\"thumbnailUrl\":\"https:\\\/\\\/iwell-guard.com\\\/wp-content\\\/uploads\\\/2026\\\/05\\\/goetter_anden-inka_illapa.webp\",\"datePublished\":\"2026-09-05T14:03:58+00:00\",\"dateModified\":\"2026-09-05T14:22:33+00:00\",\"description\":\"Anda\u00fej\u00f3\u00f0ir \u00e1 iWell Guard: Inti, Pachamama, Viracocha og verndargripir eins og Chakana og Apus-steinar, \u00ed tr\u00faarfr\u00e6\u00f0ilegu samhengi.\",\"breadcrumb\":{\"@id\":\"https:\\\/\\\/iwell-guard.com\\\/is\\\/andathjodir-og-inka-inti-pachamama-viracocha\\\/#breadcrumb\"},\"inLanguage\":\"is\",\"potentialAction\":[{\"@type\":\"ReadAction\",\"target\":[\"https:\\\/\\\/iwell-guard.com\\\/is\\\/andathjodir-og-inka-inti-pachamama-viracocha\\\/\"]}]},{\"@type\":\"ImageObject\",\"inLanguage\":\"is\",\"@id\":\"https:\\\/\\\/iwell-guard.com\\\/is\\\/andathjodir-og-inka-inti-pachamama-viracocha\\\/#primaryimage\",\"url\":\"https:\\\/\\\/iwell-guard.com\\\/wp-content\\\/uploads\\\/2026\\\/05\\\/goetter_anden-inka_illapa.webp\",\"contentUrl\":\"https:\\\/\\\/iwell-guard.com\\\/wp-content\\\/uploads\\\/2026\\\/05\\\/goetter_anden-inka_illapa.webp\",\"width\":1024,\"height\":1536,\"caption\":\"Gu\u00f0ir \u00far Andes-inka-hef\u00f0inni.\"},{\"@type\":\"BreadcrumbList\",\"@id\":\"https:\\\/\\\/iwell-guard.com\\\/is\\\/andathjodir-og-inka-inti-pachamama-viracocha\\\/#breadcrumb\",\"itemListElement\":[{\"@type\":\"ListItem\",\"position\":1,\"name\":\"Start\",\"item\":\"https:\\\/\\\/iwell-guard.com\\\/is\\\/?page_id=168580\"},{\"@type\":\"ListItem\",\"position\":2,\"name\":\"Anda\u00fej\u00f3\u00f0ir og Inka \u2013 Inti, Pachamama og Viracocha\"}]},{\"@type\":\"WebSite\",\"@id\":\"https:\\\/\\\/iwell-guard.com\\\/is\\\/#website\",\"url\":\"https:\\\/\\\/iwell-guard.com\\\/is\\\/\",\"name\":\"iWell Guard\",\"description\":\"Schutz vor dunklen Einfl\u00fcssen\",\"publisher\":{\"@id\":\"https:\\\/\\\/iwell-guard.com\\\/is\\\/#organization\"},\"potentialAction\":[{\"@type\":\"SearchAction\",\"target\":{\"@type\":\"EntryPoint\",\"urlTemplate\":\"https:\\\/\\\/iwell-guard.com\\\/is\\\/?s={search_term_string}\"},\"query-input\":{\"@type\":\"PropertyValueSpecification\",\"valueRequired\":true,\"valueName\":\"search_term_string\"}}],\"inLanguage\":\"is\"},{\"@type\":\"Organization\",\"@id\":\"https:\\\/\\\/iwell-guard.com\\\/is\\\/#organization\",\"name\":\"Ittermann electronic GmbH\",\"url\":\"https:\\\/\\\/iwell-guard.com\\\/is\\\/\",\"logo\":{\"@type\":\"ImageObject\",\"inLanguage\":\"is\",\"@id\":\"https:\\\/\\\/iwell-guard.com\\\/is\\\/#\\\/schema\\\/logo\\\/image\\\/\",\"url\":\"https:\\\/\\\/iwell-guard.com\\\/wp-content\\\/uploads\\\/2026\\\/05\\\/Ittermann-Logo-1182x237-1.png\",\"contentUrl\":\"https:\\\/\\\/iwell-guard.com\\\/wp-content\\\/uploads\\\/2026\\\/05\\\/Ittermann-Logo-1182x237-1.png\",\"width\":1182,\"height\":237,\"caption\":\"Ittermann electronic GmbH\"},\"image\":{\"@id\":\"https:\\\/\\\/iwell-guard.com\\\/is\\\/#\\\/schema\\\/logo\\\/image\\\/\"},\"sameAs\":[\"https:\\\/\\\/pantip.com\\\/profile\\\/9367242\",\"https:\\\/\\\/micro.blog\\\/iwellguard\",\"https:\\\/\\\/www.diggerslist.com\\\/iwellguard\\\/about\",\"https:\\\/\\\/skitterphoto.com\\\/photographers\\\/2870314\\\/iwell-guard\",\"https:\\\/\\\/iwellguard.wordpress.com\\\/2026\\\/06\\\/06\\\/iwell-guard\\\/\",\"https:\\\/\\\/hub.docker.com\\\/u\\\/iwellguard\",\"https:\\\/\\\/www.pinterest.com\\\/iwellguard\\\/\",\"https:\\\/\\\/bit.ly\\\/m\\\/iwellguard\",\"https:\\\/\\\/entre-vos-mains.alsace.eu\\\/profiles\\\/iwellguard\\\/activity\",\"https:\\\/\\\/gravatar.com\\\/reallybeded8fd34\",\"https:\\\/\\\/naijamatta.com\\\/iwellguard\",\"https:\\\/\\\/www.goodreads.com\\\/iwellguard\",\"https:\\\/\\\/profile.hatena.ne.jp\\\/iwellguard\\\/\",\"https:\\\/\\\/experiment.com\\\/users\\\/iwellguard\",\"https:\\\/\\\/wakelet.com\\\/@iWellGuard82270\",\"https:\\\/\\\/www.chordie.com\\\/forum\\\/profile.php?id=2555664\",\"https:\\\/\\\/www.instapaper.com\\\/p\\\/17757966\",\"https:\\\/\\\/www.mapleprimes.com\\\/users\\\/iwellguard\",\"https:\\\/\\\/businesslistingplus.com\\\/profile\\\/iwell-guard\\\/\",\"https:\\\/\\\/telegra.ph\\\/iWell-Guard-06-06\",\"https:\\\/\\\/pbase.com\\\/iwellguard\\\/iwellguard\",\"https:\\\/\\\/b.hatena.ne.jp\\\/iwellguard\\\/20260607#bookmark-4788405196491818882\",\"https:\\\/\\\/fliphtml5.com\\\/home\\\/iwellguard\",\"https:\\\/\\\/anyflip.com\\\/homepage\\\/cmiwl#About\",\"https:\\\/\\\/transfur.com\\\/Users\\\/iwellguard\",\"http:\\\/\\\/delphi.larsbo.org\\\/user\\\/iwellguard\",\"https:\\\/\\\/jobs.lajobsportal.org\\\/profiles\\\/8380803-iwell-guard\",\"https:\\\/\\\/md.chaosdorf.de\\\/s\\\/jfbe5SBdJD\",\"https:\\\/\\\/www.lingvolive.com\\\/en-us\\\/profile\\\/9ecaeaca-ce11-4e51-9e71-01d55e2bff36\\\/translations\",\"https:\\\/\\\/www.fitday.com\\\/fitness\\\/forums\\\/members\\\/iwellguard.html\",\"https:\\\/\\\/www.mymeetbook.com\\\/iwellguard\",\"https:\\\/\\\/pxhere.com\\\/en\\\/photographer-me\\\/5040798\",\"https:\\\/\\\/disqus.com\\\/by\\\/iwellguard\\\/about\\\/\",\"https:\\\/\\\/pastelink.net\\\/hjwciqwq\",\"https:\\\/\\\/pubhtml5.com\\\/homepage\\\/scjhn\\\/\",\"https:\\\/\\\/www.bitchute.com\\\/channel\\\/2O2eOKzNqujT\",\"https:\\\/\\\/audiomack.com\\\/iwellguard\"]}]}<\/script>\n<!-- \/ Yoast SEO Premium plugin. -->","yoast_head_json":{"title":"Anda\u00fej\u00f3\u00f0ir \u2013 Inka, Pachamama og verndarhef\u00f0ir","description":"Anda\u00fej\u00f3\u00f0ir \u00e1 iWell Guard: Inti, Pachamama, Viracocha og verndargripir eins og Chakana og Apus-steinar, \u00ed tr\u00faarfr\u00e6\u00f0ilegu samhengi.","robots":{"index":"index","follow":"follow","max-snippet":"max-snippet:-1","max-image-preview":"max-image-preview:large","max-video-preview":"max-video-preview:-1"},"canonical":"https:\/\/iwell-guard.com\/is\/andathjodir-og-inka-inti-pachamama-viracocha\/","og_locale":"is_IS","og_type":"article","og_title":"Anda\u00fej\u00f3\u00f0ir og Inka \u2013 Inti, Pachamama og Viracocha","og_description":"Anda\u00fej\u00f3\u00f0ir \u00e1 iWell Guard: Inti, Pachamama, Viracocha og verndargripir eins og Chakana og Apus-steinar, \u00ed tr\u00faarfr\u00e6\u00f0ilegu samhengi.","og_url":"https:\/\/iwell-guard.com\/is\/andathjodir-og-inka-inti-pachamama-viracocha\/","og_site_name":"iWell Guard","article_modified_time":"2026-09-05T14:22:33+00:00","og_image":[{"width":1024,"height":1536,"url":"https:\/\/iwell-guard.com\/wp-content\/uploads\/2026\/05\/goetter_anden-inka_illapa.webp","type":"image\/webp"}],"twitter_card":"summary_large_image","schema":{"@context":"https:\/\/schema.org","@graph":[{"@type":"WebPage","@id":"https:\/\/iwell-guard.com\/is\/andathjodir-og-inka-inti-pachamama-viracocha\/","url":"https:\/\/iwell-guard.com\/is\/andathjodir-og-inka-inti-pachamama-viracocha\/","name":"Anda\u00fej\u00f3\u00f0ir \u2013 Inka, Pachamama og verndarhef\u00f0ir","isPartOf":{"@id":"https:\/\/iwell-guard.com\/is\/#website"},"primaryImageOfPage":{"@id":"https:\/\/iwell-guard.com\/is\/andathjodir-og-inka-inti-pachamama-viracocha\/#primaryimage"},"image":{"@id":"https:\/\/iwell-guard.com\/is\/andathjodir-og-inka-inti-pachamama-viracocha\/#primaryimage"},"thumbnailUrl":"https:\/\/iwell-guard.com\/wp-content\/uploads\/2026\/05\/goetter_anden-inka_illapa.webp","datePublished":"2026-09-05T14:03:58+00:00","dateModified":"2026-09-05T14:22:33+00:00","description":"Anda\u00fej\u00f3\u00f0ir \u00e1 iWell Guard: Inti, Pachamama, Viracocha og verndargripir eins og Chakana og Apus-steinar, \u00ed tr\u00faarfr\u00e6\u00f0ilegu samhengi.","breadcrumb":{"@id":"https:\/\/iwell-guard.com\/is\/andathjodir-og-inka-inti-pachamama-viracocha\/#breadcrumb"},"inLanguage":"is","potentialAction":[{"@type":"ReadAction","target":["https:\/\/iwell-guard.com\/is\/andathjodir-og-inka-inti-pachamama-viracocha\/"]}]},{"@type":"ImageObject","inLanguage":"is","@id":"https:\/\/iwell-guard.com\/is\/andathjodir-og-inka-inti-pachamama-viracocha\/#primaryimage","url":"https:\/\/iwell-guard.com\/wp-content\/uploads\/2026\/05\/goetter_anden-inka_illapa.webp","contentUrl":"https:\/\/iwell-guard.com\/wp-content\/uploads\/2026\/05\/goetter_anden-inka_illapa.webp","width":1024,"height":1536,"caption":"Gu\u00f0ir \u00far Andes-inka-hef\u00f0inni."},{"@type":"BreadcrumbList","@id":"https:\/\/iwell-guard.com\/is\/andathjodir-og-inka-inti-pachamama-viracocha\/#breadcrumb","itemListElement":[{"@type":"ListItem","position":1,"name":"Start","item":"https:\/\/iwell-guard.com\/is\/?page_id=168580"},{"@type":"ListItem","position":2,"name":"Anda\u00fej\u00f3\u00f0ir og Inka \u2013 Inti, Pachamama og Viracocha"}]},{"@type":"WebSite","@id":"https:\/\/iwell-guard.com\/is\/#website","url":"https:\/\/iwell-guard.com\/is\/","name":"iWell Guard","description":"Schutz vor dunklen Einfl\u00fcssen","publisher":{"@id":"https:\/\/iwell-guard.com\/is\/#organization"},"potentialAction":[{"@type":"SearchAction","target":{"@type":"EntryPoint","urlTemplate":"https:\/\/iwell-guard.com\/is\/?s={search_term_string}"},"query-input":{"@type":"PropertyValueSpecification","valueRequired":true,"valueName":"search_term_string"}}],"inLanguage":"is"},{"@type":"Organization","@id":"https:\/\/iwell-guard.com\/is\/#organization","name":"Ittermann electronic GmbH","url":"https:\/\/iwell-guard.com\/is\/","logo":{"@type":"ImageObject","inLanguage":"is","@id":"https:\/\/iwell-guard.com\/is\/#\/schema\/logo\/image\/","url":"https:\/\/iwell-guard.com\/wp-content\/uploads\/2026\/05\/Ittermann-Logo-1182x237-1.png","contentUrl":"https:\/\/iwell-guard.com\/wp-content\/uploads\/2026\/05\/Ittermann-Logo-1182x237-1.png","width":1182,"height":237,"caption":"Ittermann electronic GmbH"},"image":{"@id":"https:\/\/iwell-guard.com\/is\/#\/schema\/logo\/image\/"},"sameAs":["https:\/\/pantip.com\/profile\/9367242","https:\/\/micro.blog\/iwellguard","https:\/\/www.diggerslist.com\/iwellguard\/about","https:\/\/skitterphoto.com\/photographers\/2870314\/iwell-guard","https:\/\/iwellguard.wordpress.com\/2026\/06\/06\/iwell-guard\/","https:\/\/hub.docker.com\/u\/iwellguard","https:\/\/www.pinterest.com\/iwellguard\/","https:\/\/bit.ly\/m\/iwellguard","https:\/\/entre-vos-mains.alsace.eu\/profiles\/iwellguard\/activity","https:\/\/gravatar.com\/reallybeded8fd34","https:\/\/naijamatta.com\/iwellguard","https:\/\/www.goodreads.com\/iwellguard","https:\/\/profile.hatena.ne.jp\/iwellguard\/","https:\/\/experiment.com\/users\/iwellguard","https:\/\/wakelet.com\/@iWellGuard82270","https:\/\/www.chordie.com\/forum\/profile.php?id=2555664","https:\/\/www.instapaper.com\/p\/17757966","https:\/\/www.mapleprimes.com\/users\/iwellguard","https:\/\/businesslistingplus.com\/profile\/iwell-guard\/","https:\/\/telegra.ph\/iWell-Guard-06-06","https:\/\/pbase.com\/iwellguard\/iwellguard","https:\/\/b.hatena.ne.jp\/iwellguard\/20260607#bookmark-4788405196491818882","https:\/\/fliphtml5.com\/home\/iwellguard","https:\/\/anyflip.com\/homepage\/cmiwl#About","https:\/\/transfur.com\/Users\/iwellguard","http:\/\/delphi.larsbo.org\/user\/iwellguard","https:\/\/jobs.lajobsportal.org\/profiles\/8380803-iwell-guard","https:\/\/md.chaosdorf.de\/s\/jfbe5SBdJD","https:\/\/www.lingvolive.com\/en-us\/profile\/9ecaeaca-ce11-4e51-9e71-01d55e2bff36\/translations","https:\/\/www.fitday.com\/fitness\/forums\/members\/iwellguard.html","https:\/\/www.mymeetbook.com\/iwellguard","https:\/\/pxhere.com\/en\/photographer-me\/5040798","https:\/\/disqus.com\/by\/iwellguard\/about\/","https:\/\/pastelink.net\/hjwciqwq","https:\/\/pubhtml5.com\/homepage\/scjhn\/","https:\/\/www.bitchute.com\/channel\/2O2eOKzNqujT","https:\/\/audiomack.com\/iwellguard"]}]}},"_links":{"self":[{"href":"https:\/\/iwell-guard.com\/is\/wp-json\/wp\/v2\/pages\/168909","targetHints":{"allow":["GET"]}}],"collection":[{"href":"https:\/\/iwell-guard.com\/is\/wp-json\/wp\/v2\/pages"}],"about":[{"href":"https:\/\/iwell-guard.com\/is\/wp-json\/wp\/v2\/types\/page"}],"author":[{"embeddable":true,"href":"https:\/\/iwell-guard.com\/is\/wp-json\/wp\/v2\/users\/3"}],"replies":[{"embeddable":true,"href":"https:\/\/iwell-guard.com\/is\/wp-json\/wp\/v2\/comments?post=168909"}],"version-history":[{"count":0,"href":"https:\/\/iwell-guard.com\/is\/wp-json\/wp\/v2\/pages\/168909\/revisions"}],"wp:featuredmedia":[{"embeddable":true,"href":"https:\/\/iwell-guard.com\/is\/wp-json\/wp\/v2\/media\/2677"}],"wp:attachment":[{"href":"https:\/\/iwell-guard.com\/is\/wp-json\/wp\/v2\/media?parent=168909"}],"wp:term":[{"taxonomy":"category","embeddable":true,"href":"https:\/\/iwell-guard.com\/is\/wp-json\/wp\/v2\/categories?post=168909"}],"curies":[{"name":"wp","href":"https:\/\/api.w.org\/{rel}","templated":true}]}}