{"id":168908,"date":"2026-09-05T14:03:58","date_gmt":"2026-09-05T14:03:58","guid":{"rendered":"https:\/\/iwell-guard.com\/?page_id=168908"},"modified":"2026-09-05T14:22:32","modified_gmt":"2026-09-05T14:22:32","slug":"mesoamerisk-godafraedi-maja-astekar-olmekar","status":"publish","type":"page","link":"https:\/\/iwell-guard.com\/is\/mesoamerisk-godafraedi-maja-astekar-olmekar\/","title":{"rendered":"Mes\u00f3amer\u00edsk go\u00f0afr\u00e6\u00f0i \u2013 Maja, Astekar, Olmekar"},"content":{"rendered":"\t\t<div data-elementor-type=\"wp-page\" data-elementor-id=\"168908\" class=\"elementor elementor-168908 elementor-2557 elementor-bc-flex-widget\" data-elementor-post-type=\"page\">\n\t\t\t\t<div class=\"elementor-element elementor-element-iwgcn-mythologie-hero iwg-kultur-hero e-flex e-con-boxed e-con e-parent\" data-id=\"iwgcn-mythologie-hero\" data-element_type=\"container\" data-e-type=\"container\">\n\t\t\t\t\t<div class=\"e-con-inner\">\n\t\t<div class=\"elementor-element elementor-element-iwgcn-mythologie-hl iwg-kultur-hero-left e-flex e-con-boxed e-con e-child\" data-id=\"iwgcn-mythologie-hl\" data-element_type=\"container\" data-e-type=\"container\">\n\t\t\t\t\t<div class=\"e-con-inner\">\n\t\t\t\t<div class=\"elementor-element elementor-element-iwgcn-mythologie-h1 elementor-widget elementor-widget-heading\" data-id=\"iwgcn-mythologie-h1\" data-element_type=\"widget\" data-e-type=\"widget\" data-widget_type=\"heading.default\">\n\t\t\t\t\t<h1 class=\"elementor-heading-title elementor-size-default\">Mes\u00f3amerika, go\u00f0afr\u00e6\u00f0i Olmeka, Maja og Asteka<\/h1>\t\t\t\t<\/div>\n\t\t<div class=\"elementor-element elementor-element-iwgcn-mythologie-leadc e-con-full e-flex e-con e-child\" data-id=\"iwgcn-mythologie-leadc\" data-element_type=\"container\" data-e-type=\"container\">\n\t\t\t\t<div class=\"elementor-element elementor-element-iwgcn-mythologie-lead elementor-widget elementor-widget-text-editor\" data-id=\"iwgcn-mythologie-lead\" data-element_type=\"widget\" data-e-type=\"widget\" data-widget_type=\"text-editor.default\">\n\t\t\t\t\t\t\t\t\t<p>H\u00e1\u00fer\u00f3u\u00f0 menningarsamf\u00e9l\u00f6g Mes\u00f3amer\u00edku, Olmekar (um 1500\u2013400 f.o.t.), Majar (klass\u00edska t\u00edmabili\u00f0 250\u2013900 e.o.t.), Toltekar, Astekar (14.\u201316. \u00f6ld), \u00fer\u00f3u\u00f0u tr\u00faarkerfi af \u00f3venjulegri margbreytni. \u00der\u00e1tt fyrir landfr\u00e6\u00f0ilega a\u00f0skilna\u00f0inn fr\u00e1 Evras\u00edu deila \u00feau byggingareinkennum me\u00f0 \u00f6\u00f0rum h\u00e1\u00fer\u00f3u\u00f0um tr\u00faarbr\u00f6g\u00f0um: margslungi\u00f0 <span class=\"iwg-fachbegriff\" data-tooltip=\"\u00d6ll gu\u00f0aver\u00f6ld tiltekinnar tr\u00faar e\u00f0a menningar.\" tabindex=\"0\">Pantheon<\/span>, sk\u00f6punarsagnir, t\u00edmatalstengd tr\u00faarath\u00f6fn, f\u00f3rnari\u00f0kun og verndargripi til a\u00f0 bera \u00e1 s\u00e9r.<\/p><p>H\u00e9r er gefi\u00f0 yfirlit yfir <span class=\"iwg-fachbegriff\" data-tooltip=\"Heildarsafn arfleiddra gu\u00f0asagna tiltekinnar menningar.\" tabindex=\"0\">go\u00f0afr\u00e6\u00f0i<\/span> Mes\u00f3amer\u00edku og verndari\u00f0kun hennar.<\/p>\t\t\t\t\t\t\t\t<\/div>\n\t\t\t\t<\/div>\n\t\t\t\t\t<\/div>\n\t\t\t\t<\/div>\n\t\t<div class=\"elementor-element elementor-element-iwgcn-mythologie-hr iwg-kultur-hero-right e-flex e-con-boxed e-con e-child\" data-id=\"iwgcn-mythologie-hr\" data-element_type=\"container\" data-e-type=\"container\">\n\t\t\t\t\t<div class=\"e-con-inner\">\n\t\t\t\t<div class=\"elementor-element elementor-element-iwgcn-mythologie-himg iwg-hero-image elementor-widget elementor-widget-image\" data-id=\"iwgcn-mythologie-himg\" data-element_type=\"widget\" data-e-type=\"widget\" data-widget_type=\"image.default\">\n\t\t\t\t\t\t\t\t\t\t\t\t\t\t\t<img fetchpriority=\"high\" decoding=\"async\" width=\"683\" height=\"1024\" src=\"https:\/\/iwell-guard.com\/wp-content\/uploads\/2026\/05\/goetter_mythologie-mesoamerika_quetzalcoatl-683x1024.webp\" class=\"attachment-large size-large wp-image-170759\" alt=\"Quetzalcoatl - Gu\u00f0ir \u00far go\u00f0afr\u00e6\u00f0i mes\u00f3amer\u00edska-hef\u00f0arins, s\u00f6gulega myndskreytt\" srcset=\"https:\/\/iwell-guard.com\/wp-content\/uploads\/2026\/05\/goetter_mythologie-mesoamerika_quetzalcoatl-683x1024.webp 683w, https:\/\/iwell-guard.com\/wp-content\/uploads\/2026\/05\/goetter_mythologie-mesoamerika_quetzalcoatl-200x300.webp 200w, https:\/\/iwell-guard.com\/wp-content\/uploads\/2026\/05\/goetter_mythologie-mesoamerika_quetzalcoatl-768x1152.webp 768w, https:\/\/iwell-guard.com\/wp-content\/uploads\/2026\/05\/goetter_mythologie-mesoamerika_quetzalcoatl.webp 1024w\" sizes=\"(max-width: 683px) 100vw, 683px\" \/>\t\t\t\t\t\t\t\t\t\t\t\t\t\t\t<\/div>\n\t\t\t\t\t<\/div>\n\t\t\t\t<\/div>\n\t\t\t\t\t<\/div>\n\t\t\t\t<\/div>\n\t\t<div class=\"elementor-element elementor-element-iwgcn-mythologie-s0 e-flex e-con-boxed e-con e-parent\" data-id=\"iwgcn-mythologie-s0\" data-element_type=\"container\" data-e-type=\"container\">\n\t\t\t\t\t<div class=\"e-con-inner\">\n\t\t\t\t<div class=\"elementor-element elementor-element-iwgcn-mythologie-s0h elementor-widget elementor-widget-heading\" data-id=\"iwgcn-mythologie-s0h\" data-element_type=\"widget\" data-e-type=\"widget\" data-widget_type=\"heading.default\">\n\t\t\t\t\t<h2 class=\"elementor-heading-title elementor-size-default\">Olmekar, m\u00f3\u00f0urmenningin<\/h2>\t\t\t\t<\/div>\n\t\t<div class=\"elementor-element elementor-element-iwgcn-mythologie-s0-c e-con-full e-flex e-con e-child\" data-id=\"iwgcn-mythologie-s0-c\" data-element_type=\"container\" data-e-type=\"container\">\n\t\t\t\t<div class=\"elementor-element elementor-element-iwgcn-mythologie-s0t elementor-widget elementor-widget-text-editor\" data-id=\"iwgcn-mythologie-s0t\" data-element_type=\"widget\" data-e-type=\"widget\" data-widget_type=\"text-editor.default\">\n\t\t\t\t\t\t\t\t\t<p>Olmekar \u00ed su\u00f0urhluta Veracruz og Tabasco (um 1500\u2013400 f.o.t.) eru taldir \u201em\u00f3\u00f0urmenning\u201c Mes\u00f3amer\u00edku. Risast\u00f3rir basalthausar \u00feeirra, jag\u00faar-sjamana-t\u00e1knmyndin og fyrstu skref a\u00f0 t\u00edmatals- og rith\u00e1ttarkerfi settu mark sitt \u00e1 allar s\u00ed\u00f0ari menningar.<\/p><p>Tr\u00faarbrag\u00f0afr\u00e6\u00f0ilega er tr\u00faarbr\u00f6g\u00f0 Olmeka a\u00f0eins a\u00f0gengileg me\u00f0 t\u00e1knmyndum; helstu gu\u00f0amyndir, mann-jag\u00faarinn, fi\u00f0ra\u00f0ur sn\u00e1kur sem fyrirrennari Quetzalcoatl, regn-vera, koma s\u00ed\u00f0ar aftur fram \u00ed byggingarlegu formi.<\/p>\t\t\t\t\t\t\t\t<\/div>\n\t\t\t\t<\/div>\n\t\t\t\t\t<\/div>\n\t\t\t\t<\/div>\n\t\t<div class=\"elementor-element elementor-element-iwgcn-mythologie-s1 e-flex e-con-boxed e-con e-parent\" data-id=\"iwgcn-mythologie-s1\" data-element_type=\"container\" data-e-type=\"container\">\n\t\t\t\t\t<div class=\"e-con-inner\">\n\t\t\t\t<div class=\"elementor-element elementor-element-iwgcn-mythologie-s1h elementor-widget elementor-widget-heading\" data-id=\"iwgcn-mythologie-s1h\" data-element_type=\"widget\" data-e-type=\"widget\" data-widget_type=\"heading.default\">\n\t\t\t\t\t<h2 class=\"elementor-heading-title elementor-size-default\">Majar, Pantheon og sk\u00f6pun<\/h2>\t\t\t\t<\/div>\n\t\t<div class=\"elementor-element elementor-element-iwgcn-mythologie-s1-c e-con-full e-flex e-con e-child\" data-id=\"iwgcn-mythologie-s1-c\" data-element_type=\"container\" data-e-type=\"container\">\n\t\t\t\t<div class=\"elementor-element elementor-element-iwgcn-mythologie-s1t elementor-widget elementor-widget-text-editor\" data-id=\"iwgcn-mythologie-s1t\" data-element_type=\"widget\" data-e-type=\"widget\" data-widget_type=\"text-editor.default\">\n\t\t\t\t\t\t\t\t\t<p>Majar hafa margslungi\u00f0 <span class=\"iwg-fachbegriff\" data-tooltip=\"\u00d6ll gu\u00f0aver\u00f6ld tiltekinnar tr\u00faar e\u00f0a menningar.\" tabindex=\"0\">Pantheon<\/span>: Itzamna sem forn skapari og ritari, Kukulkan (fi\u00f0ra\u00f0ur sn\u00e1kur, samsvarandi Quetzalcoatl) sem kosm\u00edskur me\u00f0algangari, Chac sem regngu\u00f0 me\u00f0 fj\u00f3rar birtingarmyndir \u00ed \u00e1tt til h\u00f6fu\u00f0\u00e1tta, Ah Puch sem gu\u00f0 undirheima, Ix Chel sem tungl- og l\u00e6kningagy\u00f0ja.<\/p><p>Popol Vuh, hin helga b\u00f3k Quich\u00e9-Maja (16. \u00f6ld, en bygg\u00f0 \u00e1 eldri hef\u00f0um), var\u00f0veitir fj\u00f3rfalda sk\u00f6pun og hetjus\u00f6gu tv\u00edburanna Hunahpu og Xbalanque, sem st\u00edga ni\u00f0ur \u00ed undirheimana Xibalba og sigra, kosm\u00f3l\u00f3g\u00edsk d\u00e6misaga um sigur lj\u00f3ssins.<\/p>\t\t\t\t\t\t\t\t<\/div>\n\t\t\t\t<\/div>\n\t\t\t\t\t<\/div>\n\t\t\t\t<\/div>\n\t\t<div class=\"elementor-element elementor-element-iwgcn-mythologie-s2 e-flex e-con-boxed e-con e-parent\" data-id=\"iwgcn-mythologie-s2\" data-element_type=\"container\" data-e-type=\"container\">\n\t\t\t\t\t<div class=\"e-con-inner\">\n\t\t\t\t<div class=\"elementor-element elementor-element-iwgcn-mythologie-s2h elementor-widget elementor-widget-heading\" data-id=\"iwgcn-mythologie-s2h\" data-element_type=\"widget\" data-e-type=\"widget\" data-widget_type=\"heading.default\">\n\t\t\t\t\t<h2 class=\"elementor-heading-title elementor-size-default\">Astekar, Mexica-tr\u00faarbr\u00f6g\u00f0 og f\u00f3rnari\u00f0kun<\/h2>\t\t\t\t<\/div>\n\t\t<div class=\"elementor-element elementor-element-iwgcn-mythologie-s2-c e-con-full e-flex e-con e-child\" data-id=\"iwgcn-mythologie-s2-c\" data-element_type=\"container\" data-e-type=\"container\">\n\t\t\t\t<div class=\"elementor-element elementor-element-iwgcn-mythologie-s2t elementor-widget elementor-widget-text-editor\" data-id=\"iwgcn-mythologie-s2t\" data-element_type=\"widget\" data-e-type=\"widget\" data-widget_type=\"text-editor.default\">\n\t\t\t\t\t\t\t\t\t<p>Astekar (Mexica) skildu tr\u00faarbr\u00f6g\u00f0 s\u00edn sem \u00fe\u00e1ttt\u00f6ku \u00ed kosm\u00edsku vi\u00f0haldsdrama: til a\u00f0 s\u00f3lin g\u00e6ti risi\u00f0 \u00feyrfti s\u00f3lgu\u00f0inn Huitzilopochtli bl\u00f3\u00f0 og hj\u00f6rtu.<\/p><p>Quetzalcoatl kemur samhli\u00f0a fram sem menningarhetja og skapari, Tezcatlipoca (reykjandi spegill) sem andst\u00e6\u00f0ingur og \u00f6rlagagu\u00f0, Tlaloc sem regn- og fjallagu\u00f0, Mictlantecuhtli sem herra undirheima. Coatlicue er jar\u00f0m\u00f3\u00f0ir, Tonatiuh pers\u00f3nuger\u00f0 s\u00f3lin. Tonalpohualli (260 daga tr\u00faardagatali\u00f0) og xiuhpohualli (365 daga s\u00f3ldagatali\u00f0) skipul\u00f6g\u00f0u \u00e1ri\u00f0; samsetning \u00feeirra mynda\u00f0i 52 \u00e1ra hringr\u00e1s.<\/p>\t\t\t\t\t\t\t\t<\/div>\n\t\t\t\t<\/div>\n\t\t\t\t\t<\/div>\n\t\t\t\t<\/div>\n\t\t<div class=\"elementor-element elementor-element-iwgcn-mythologie-s3 e-flex e-con-boxed e-con e-parent\" data-id=\"iwgcn-mythologie-s3\" data-element_type=\"container\" data-e-type=\"container\">\n\t\t\t\t\t<div class=\"e-con-inner\">\n\t\t\t\t<div class=\"elementor-element elementor-element-iwgcn-mythologie-s3h elementor-widget elementor-widget-heading\" data-id=\"iwgcn-mythologie-s3h\" data-element_type=\"widget\" data-e-type=\"widget\" data-widget_type=\"heading.default\">\n\t\t\t\t\t<h2 class=\"elementor-heading-title elementor-size-default\">Heimsfr\u00e6\u00f0i og heimsaldrar<\/h2>\t\t\t\t<\/div>\n\t\t<div class=\"elementor-element elementor-element-iwgcn-mythologie-s3-c e-con-full e-flex e-con e-child\" data-id=\"iwgcn-mythologie-s3-c\" data-element_type=\"container\" data-e-type=\"container\">\n\t\t\t\t<div class=\"elementor-element elementor-element-iwgcn-mythologie-s3t elementor-widget elementor-widget-text-editor\" data-id=\"iwgcn-mythologie-s3t\" data-element_type=\"widget\" data-e-type=\"widget\" data-widget_type=\"text-editor.default\">\n\t\t\t\t\t\t\t\t\t<p>Astekska <span class=\"iwg-fachbegriff\" data-tooltip=\"Hugmyndin um uppbyggingu og skipulag heimsins innan tiltekinnar menningar.\" tabindex=\"0\">heimsfr\u00e6\u00f0i<\/span> \u00feekkir fimm heimsaldra (s\u00f3lir): fj\u00f3rar fyrri s\u00f3lir sem lauk me\u00f0 vatni, eldi, vindi e\u00f0a jag\u00fa\u00f6rum, og fimmtu s\u00f3lina, okkar n\u00fat\u00ed\u00f0, sem endar me\u00f0 jar\u00f0skj\u00e1lfta.<\/p><p>L\u00f3\u00f0r\u00e9tt skipting heimsins n\u00e6r yfir \u00ferett\u00e1n himna og n\u00edu undirheima. Hj\u00e1 Majum finnast svipa\u00f0ar byggingar: \u00ferett\u00e1n himnar, n\u00edu undirheimar, heimsceiba-tr\u00e9n \u00ed mi\u00f0junni. \u00deessar hugmyndir m\u00f3ta sta\u00f0setningu gu\u00f0a og verndarvera.<\/p>\t\t\t\t\t\t\t\t<\/div>\n\t\t\t\t<\/div>\n\t\t\t\t\t<\/div>\n\t\t\t\t<\/div>\n\t\t<div class=\"elementor-element elementor-element-iwgcn-mythologie-s4 e-flex e-con-boxed e-con e-parent\" data-id=\"iwgcn-mythologie-s4\" data-element_type=\"container\" data-e-type=\"container\">\n\t\t\t\t\t<div class=\"e-con-inner\">\n\t\t\t\t<div class=\"elementor-element elementor-element-iwgcn-mythologie-s4h elementor-widget elementor-widget-heading\" data-id=\"iwgcn-mythologie-s4h\" data-element_type=\"widget\" data-e-type=\"widget\" data-widget_type=\"heading.default\">\n\t\t\t\t\t<h2 class=\"elementor-heading-title elementor-size-default\">Verndargripir og efnismenning<\/h2>\t\t\t\t<\/div>\n\t\t<div class=\"elementor-element elementor-element-iwgcn-mythologie-s4-c e-con-full e-flex e-con e-child\" data-id=\"iwgcn-mythologie-s4-c\" data-element_type=\"container\" data-e-type=\"container\">\n\t\t\t\t<div class=\"elementor-element elementor-element-iwgcn-mythologie-s4t elementor-widget elementor-widget-text-editor\" data-id=\"iwgcn-mythologie-s4t\" data-element_type=\"widget\" data-e-type=\"widget\" data-widget_type=\"text-editor.default\">\n\t\t\t\t\t\t\t\t\t<p>Verndargripir sv\u00e6\u00f0isins til a\u00f0 bera \u00e1 s\u00e9r voru unnir \u00far jade, obsid\u00edani, tyrkis, bergkristal, fj\u00f6\u00f0rum og keramik. Jade var, l\u00edkt og \u00ed k\u00ednverskri hef\u00f0, tali\u00f0 d\u00fdrm\u00e6tasta efni\u00f0, me\u00f0 hlutverk \u00ed tengslum vi\u00f0 hinn heiminn.<\/p><p>Jade-hengi \u00ed mynd gu\u00f0aandlita voru l\u00e1tin fylgja hinum l\u00e1tnu. Fja\u00f0rak\u00f3r\u00f3nur (penacho), skartgripir me\u00f0 tyrkis-m\u00f3sa\u00edk og m\u00e1lun \u00e1 athafnakl\u00e6\u00f0um t\u00e1knu\u00f0u st\u00f6\u00f0u og verndarkr\u00f6fu. Pulque-bikarar og reykelsisker (k\u00f3pal) voru verndargripir til a\u00f0 bera \u00e1 s\u00e9r \u00ed tr\u00faarath\u00f6fnum.<\/p>\t\t\t\t\t\t\t\t<\/div>\n\t\t\t\t<\/div>\n\t\t\t\t\t<\/div>\n\t\t\t\t<\/div>\n\t\t<div class=\"elementor-element elementor-element-iwgcn-mythologie-s5 e-flex e-con-boxed e-con e-parent\" data-id=\"iwgcn-mythologie-s5\" data-element_type=\"container\" data-e-type=\"container\">\n\t\t\t\t\t<div class=\"e-con-inner\">\n\t\t\t\t<div class=\"elementor-element elementor-element-iwgcn-mythologie-s5h elementor-widget elementor-widget-heading\" data-id=\"iwgcn-mythologie-s5h\" data-element_type=\"widget\" data-e-type=\"widget\" data-widget_type=\"heading.default\">\n\t\t\t\t\t<h2 class=\"elementor-heading-title elementor-size-default\">T\u00edmatal, k\u00f3dexar og skrift<\/h2>\t\t\t\t<\/div>\n\t\t<div class=\"elementor-element elementor-element-iwgcn-mythologie-s5-c e-con-full e-flex e-con e-child\" data-id=\"iwgcn-mythologie-s5-c\" data-element_type=\"container\" data-e-type=\"container\">\n\t\t\t\t<div class=\"elementor-element elementor-element-iwgcn-mythologie-s5t elementor-widget elementor-widget-text-editor\" data-id=\"iwgcn-mythologie-s5t\" data-element_type=\"widget\" data-e-type=\"widget\" data-widget_type=\"text-editor.default\">\n\t\t\t\t\t\t\t\t\t<p>Majar \u00fer\u00f3u\u00f0u myndr\u00e6nt ritkerfi me\u00f0 yfir 800 t\u00e1knt\u00e1knum, sem var a\u00f0 mestu leyst fyrst \u00e1 20. \u00f6ld (Tatiana Proskouriakoff, Yuri Knorosow, David Stuart). Var\u00f0veittir k\u00f3dexar: Dresdensis, Madrid, Par\u00eds, Grolier. Hj\u00e1 Astekum eru Boturini-k\u00f3dex, Mendoza-k\u00f3dex og Borgia-h\u00f3purinn mikilv\u00e6gar heimildir, \u00e1samt sp\u00e6nskum ann\u00e1lum (Sahag\u00fan, Dur\u00e1n, Motolin\u00eda). Calendar-Round-g\u00f6gnin gera n\u00e1kv\u00e6ma t\u00edmasetningu s\u00f6gulegra atbur\u00f0a m\u00f6gulega.<\/p>\t\t\t\t\t\t\t\t<\/div>\n\t\t\t\t<\/div>\n\t\t\t\t\t<\/div>\n\t\t\t\t<\/div>\n\t\t<div class=\"elementor-element elementor-element-iwgcn-mythologie-s6 e-flex e-con-boxed e-con e-parent\" data-id=\"iwgcn-mythologie-s6\" data-element_type=\"container\" data-e-type=\"container\">\n\t\t\t\t\t<div class=\"e-con-inner\">\n\t\t\t\t<div class=\"elementor-element elementor-element-iwgcn-mythologie-s6h elementor-widget elementor-widget-heading\" data-id=\"iwgcn-mythologie-s6h\" data-element_type=\"widget\" data-e-type=\"widget\" data-widget_type=\"heading.default\">\n\t\t\t\t\t<h2 class=\"elementor-heading-title elementor-size-default\">N\u00faverandi \u00fe\u00fd\u00f0ing og ranns\u00f3knir<\/h2>\t\t\t\t<\/div>\n\t\t<div class=\"elementor-element elementor-element-iwgcn-mythologie-s6-c e-con-full e-flex e-con e-child\" data-id=\"iwgcn-mythologie-s6-c\" data-element_type=\"container\" data-e-type=\"container\">\n\t\t\t\t<div class=\"elementor-element elementor-element-iwgcn-mythologie-s6t elementor-widget elementor-widget-text-editor\" data-id=\"iwgcn-mythologie-s6t\" data-element_type=\"widget\" data-e-type=\"widget\" data-widget_type=\"text-editor.default\">\n\t\t\t\t\t\t\t\t\t<p>Majatungum\u00e1l eru enn talin af millj\u00f3num manna \u00ed Mex\u00edk\u00f3 (Yucat\u00e1n, Chiapas), Gvatemala og Bel\u00eds. Afkomendur Asteka (Nahua) b\u00faa \u00ed Mi\u00f0-Mex\u00edk\u00f3. Tr\u00faarbrag\u00f0afr\u00e6\u00f0ilegar ranns\u00f3knir: David Carrasco, Karl Taube, Susan Gillespie, Michael Coe, Mary Miller. N\u00faverandi frumbyggjahreyfingar endurvekja hluta af hef\u00f0um t\u00edmans fyrir landn\u00e1m.<\/p>\t\t\t\t\t\t\t\t<\/div>\n\t\t\t\t<\/div>\n\t\t\t\t\t<\/div>\n\t\t\t\t<\/div>\n\t\t<div class=\"elementor-element elementor-element-cp27acb7c1 e-flex e-con-boxed e-con e-parent\" data-id=\"cp27acb7c1\" data-element_type=\"container\" data-e-type=\"container\">\n\t\t\t\t\t<div class=\"e-con-inner\">\n\t\t\t\t<div class=\"elementor-element elementor-element-cp216b408e elementor-widget elementor-widget-heading\" data-id=\"cp216b408e\" data-element_type=\"widget\" data-e-type=\"widget\" data-widget_type=\"heading.default\">\n\t\t\t\t\t<h2 class=\"elementor-heading-title elementor-size-default\">Menningarsamf\u00e9l\u00f6g Mes\u00f3amer\u00edku \u00ed yfirliti<\/h2>\t\t\t\t<\/div>\n\t\t<div class=\"elementor-element elementor-element-cp264d1f5c e-flex e-con-boxed e-con e-child\" data-id=\"cp264d1f5c\" data-element_type=\"container\" data-e-type=\"container\">\n\t\t\t\t\t<div class=\"e-con-inner\">\n\t\t\t\t<div class=\"elementor-element elementor-element-cp2432086c elementor-widget elementor-widget-text-editor\" data-id=\"cp2432086c\" data-element_type=\"widget\" data-e-type=\"widget\" data-widget_type=\"text-editor.default\">\n\t\t\t\t\t\t\t\t\t<p>Mes\u00f3amerika er menningarsv\u00e6\u00f0i sem a\u00f0 gr\u00f3fu leyti spannar mi\u00f0- og su\u00f0urhluta Mex\u00edk\u00f3 auk hluta Gvatemala, Bel\u00eds, Hond\u00faras og El Salvador. \u00c1 nokkrum \u00e1r\u00fe\u00fasundum \u00fer\u00f3u\u00f0ust \u00fear \u00fdmsar menningarheildir sem deildu tr\u00faarlegum hugmyndum, t\u00edmatalskerfum og myndm\u00e1li \u00e1n \u00feess a\u00f0 vera nokkru sinni sameina\u00f0ar \u00e1 stj\u00f3rnm\u00e1lalegan h\u00e1tt. Almenn umr\u00e6\u00f0a um \u201emes\u00f3amer\u00edska tr\u00faarbr\u00f6g\u00f0&#8220; hyljar \u00fev\u00ed verulegan sv\u00e6\u00f0is- og t\u00edmamun.<\/p><p>\u00d3lmekar \u00e1 Golfstr\u00f6ndinni eru taldir hafa haft mikil \u00e1hrif \u00ed upphafi, en myndm\u00e1l \u00feeirra n\u00e1\u00f0i v\u00ed\u00f0t\u00e6kri \u00fatbrei\u00f0slu fr\u00e1 og me\u00f0 \u00f6\u00f0ru \u00e1r\u00fe\u00fasundinu fyrir okkar t\u00edmatal.<\/p><p>\u00c1 n\u00e6stu \u00f6ldum ur\u00f0u til l\u00e1glendismenning Maja, h\u00e1lendismi\u00f0st\u00f6\u00f0in Teotihuacan, Sap\u00f3tekar \u00ed Oaxaca og menning Monte Alb\u00e1n. S\u00ed\u00f0ar komu Toltekar og a\u00f0 lokum, \u00e1 lokaskei\u00f0inu fyrir landvinninga Sp\u00e1nverja, Mex\u00edkar, sem \u00ed eldri fr\u00e6\u00f0iritum eru oftast kalla\u00f0ir Astekar.<\/p><p>\u00deessar menningarheildir deildu grunneinkennum eins og tv\u00f6falt t\u00edmatalskerfi, stallap\u00edram\u00edda, boltaleikjavelli og hugmyndinni um endurtekin heimsaldursskei\u00f0. \u00c1 sama t\u00edma h\u00f6f\u00f0u \u00fe\u00e6r eigin tungum\u00e1l, eigin go\u00f0aveldi og eigin \u00e1herslur. Majar \u00fer\u00f3u\u00f0u til d\u00e6mis fullkomi\u00f0 ritm\u00e1l, me\u00f0an fyrir aztekska Mex\u00edk\u00f3 eru fyrst og fremst var\u00f0veitt myndhandrit.<\/p><p>Ranns\u00f3knir skipta yfirleitt \u00ed t\u00edmabil sem kallast fornklass\u00edskt, klass\u00edskt og eftirklass\u00edskt. Mikilv\u00e6gt er a\u00f0 hnignun klass\u00edskra Maja-borga um 9. \u00f6ld var ekki endalok Maja-menningar. Maja-samf\u00e9l\u00f6g eru til enn \u00ed dag. Tengd efni m\u00e1 finna \u00ed hubbunum <a href=\"https:\/\/iwell-guard.com\/is\/?page_id=168909\">Andes og Inka<\/a> og \u00e1 einst\u00f6kum verus\u00ed\u00f0um \u00feessa menningarsv\u00e6\u00f0is.<\/p>\t\t\t\t\t\t\t\t<\/div>\n\t\t\t\t\t<\/div>\n\t\t\t\t<\/div>\n\t\t\t\t\t<\/div>\n\t\t\t\t<\/div>\n\t\t<div class=\"elementor-element elementor-element-cp2e78a2c4 e-flex e-con-boxed e-con e-parent\" data-id=\"cp2e78a2c4\" data-element_type=\"container\" data-e-type=\"container\">\n\t\t\t\t\t<div class=\"e-con-inner\">\n\t\t\t\t<div class=\"elementor-element elementor-element-cp2be7af02 elementor-widget elementor-widget-heading\" data-id=\"cp2be7af02\" data-element_type=\"widget\" data-e-type=\"widget\" data-widget_type=\"heading.default\">\n\t\t\t\t\t<h2 class=\"elementor-heading-title elementor-size-default\">T\u00edmi, t\u00edmatal og heimsmynd<\/h2>\t\t\t\t<\/div>\n\t\t<div class=\"elementor-element elementor-element-cp2b9f2994 e-flex e-con-boxed e-con e-child\" data-id=\"cp2b9f2994\" data-element_type=\"container\" data-e-type=\"container\">\n\t\t\t\t\t<div class=\"e-con-inner\">\n\t\t\t\t<div class=\"elementor-element elementor-element-cp217ea40c elementor-widget elementor-widget-text-editor\" data-id=\"cp217ea40c\" data-element_type=\"widget\" data-e-type=\"widget\" data-widget_type=\"text-editor.default\">\n\t\t\t\t\t\t\t\t\t<p>\u00cd hjarta mes\u00f3amer\u00edskra tr\u00faarbrag\u00f0a er \u00fer\u00f3a\u00f0 t\u00edmaskyn. V\u00ed\u00f0a var \u00ed gildi 260 daga tr\u00faarlegur hringur, hj\u00e1 Majum kalla\u00f0ur <em>tzolkin<\/em>, hj\u00e1 Mex\u00edkum <em>tonalpohualli<\/em>, sem var samtengdur 365 daga s\u00f3lar\u00e1ri.<\/p><p>\u00deessir tveir hringir gengu saman og komust ekki aftur \u00ed s\u00f6mu st\u00f6\u00f0u fyrr en eftir 52 \u00e1r. Endalok sl\u00edks 52 \u00e1ra t\u00edmabils \u00fe\u00f3ttu mikilv\u00e6g og h\u00e6ttuleg stund, sem hj\u00e1 Mex\u00edkum var m\u00e6tt me\u00f0 N\u00fdja-elds-<span class=\"iwg-fachbegriff\" data-tooltip=\"Skipul\u00f6g\u00f0 atbur\u00f0ar\u00e1s athafna me\u00f0 tr\u00faarlega e\u00f0a menningarlega merkingu.\" tabindex=\"0\">helgisi\u00f0num<\/span>.<\/p><p>Majar \u00fer\u00f3u\u00f0u auk \u00feess hina svok\u00f6llu\u00f0u L\u00f6ngu talningu, sem ger\u00f0i \u00feeim kleift a\u00f0 telja daga \u00e1fram fr\u00e1 go\u00f0s\u00f6gulegri upphafsdagsetningu. \u00deannig var unnt a\u00f0 t\u00edmasetja s\u00f6guleg atvik og go\u00f0s\u00f6gulega fors\u00f6guvi\u00f0bur\u00f0i me\u00f0 n\u00e1kv\u00e6mni. \u00deessi reiknilist s\u00fdnir hversu n\u00e1i\u00f0 t\u00edmatal, st\u00e6r\u00f0fr\u00e6\u00f0i, stj\u00f6rnufr\u00e6\u00f0i og tr\u00faarbr\u00f6g\u00f0 voru samofin.<\/p><p>T\u00edminn var ekki hugsa\u00f0ur sem samfelldur straumur heldur sem r\u00f6\u00f0 heimsaldursskei\u00f0a, hvert \u00feeirra endar me\u00f0 hamfarum. Aztekska <span class=\"iwg-fachbegriff\" data-tooltip=\"Hef\u00f0bundin fr\u00e1s\u00f6gn um gu\u00f0i, uppruna og skipulag heimsins.\" tabindex=\"0\">go\u00f0s\u00f6gnin<\/span> um fimm s\u00f3lir segir fr\u00e1 nokkrum fyrri heimum sem ey\u00f0il\u00f6g\u00f0ust af vatni, vindi, eldi e\u00f0a r\u00e1nd\u00fdrum. N\u00faverandi heimur er \u00fear me\u00f0 talinn \u00f3st\u00f6\u00f0ugur og \u00fearfnast helgisi\u00f0astu\u00f0nings.<\/p><p>R\u00fami\u00f0 var skipulagt \u00e1 sama h\u00e1tt og t\u00edminn. V\u00ed\u00f0a var \u00ed gildi hugmyndin um heim me\u00f0 fj\u00f3rar h\u00f6fu\u00f0\u00e1ttir og mi\u00f0ju, hverja tengda eigin lit, tr\u00e9 og gu\u00f0legum bur\u00f0ard\u00fdrum.<\/p><p>Fyrir ofan j\u00f6r\u00f0ina l\u00e1gu nokkur himinl\u00f6g, og undir henni \u00ferep undirheima, hj\u00e1 Majum kalla\u00f0ir <em>Xibalba<\/em>, sem er l\u00fdst n\u00e1kv\u00e6mlega \u00ed sk\u00f6punarritinu <em>Popol Vuh<\/em>. \u00deessi l\u00f3\u00f0r\u00e9tta og l\u00e1r\u00e9tta skipan gaf heiminum form sitt.<\/p>\t\t\t\t\t\t\t\t<\/div>\n\t\t\t\t\t<\/div>\n\t\t\t\t<\/div>\n\t\t\t\t\t<\/div>\n\t\t\t\t<\/div>\n\t\t<div class=\"elementor-element elementor-element-cp21ed1f2c e-flex e-con-boxed e-con e-parent\" data-id=\"cp21ed1f2c\" data-element_type=\"container\" data-e-type=\"container\">\n\t\t\t\t\t<div class=\"e-con-inner\">\n\t\t\t\t<div class=\"elementor-element elementor-element-cp2691682b elementor-widget elementor-widget-heading\" data-id=\"cp2691682b\" data-element_type=\"widget\" data-e-type=\"widget\" data-widget_type=\"heading.default\">\n\t\t\t\t\t<h2 class=\"elementor-heading-title elementor-size-default\">Ritm\u00e1l, myndhandrit og var\u00f0veisla<\/h2>\t\t\t\t<\/div>\n\t\t<div class=\"elementor-element elementor-element-cp246cadee e-flex e-con-boxed e-con e-child\" data-id=\"cp246cadee\" data-element_type=\"container\" data-e-type=\"container\">\n\t\t\t\t\t<div class=\"e-con-inner\">\n\t\t\t\t<div class=\"elementor-element elementor-element-cp262c2722 elementor-widget elementor-widget-text-editor\" data-id=\"cp262c2722\" data-element_type=\"widget\" data-e-type=\"widget\" data-widget_type=\"text-editor.default\">\n\t\t\t\t\t\t\t\t\t<p><span class=\"iwg-fachbegriff\" data-tooltip=\"\u00dea\u00f0 a\u00f0 mi\u00f0la \u00feekkingu og fr\u00e1s\u00f6gnum milli kynsl\u00f3\u00f0a.\" tabindex=\"0\">Var\u00f0veisla<\/span> mes\u00f3amer\u00edskra tr\u00faarbrag\u00f0a byggist \u00e1 mj\u00f6g \u00f3l\u00edkum heimildum. Majar h\u00f6f\u00f0u ritm\u00e1l byggt \u00e1 myndformerkjum og hlj\u00f3\u00f0t\u00e1knum, sem var skr\u00e1\u00f0 \u00e1 steinminjar, leirmuni og \u00ed brotin b\u00f3k.<\/p><p>Af \u00feessum b\u00f3kum hafa b\u00f3kabrennur \u00e1 t\u00edma landvinninga var\u00f0veitt f\u00e1ar, \u00fear \u00e1 me\u00f0al Dresden-, Madrid- og Par\u00eds-Maja-k\u00f3dexinn, sem fyrst og fremst hafa stj\u00f6rnufr\u00e6\u00f0ilegt og helgisi\u00f0nalegt efni.<\/p><p>R\u00e1\u00f0ning Maja-ritm\u00e1lsins var langt ferli. \u00c1 fimmta \u00e1ratug 20. aldar n\u00e1\u00f0ist mikilv\u00e6gur \u00e1fangi \u00feegar r\u00fassneski fr\u00e6\u00f0ima\u00f0urinn J\u00far\u00ed Knorosov greindi hlj\u00f3\u00f0fr\u00e6\u00f0ilegt e\u00f0li ritm\u00e1lsins, gegn andst\u00f6\u00f0u lei\u00f0andi Maja-fr\u00e6\u00f0inga s\u00edns t\u00edma.<\/p><p>S\u00ed\u00f0ari verk, me\u00f0al annars Tatiana Proskouriakoff um s\u00f6guleg lestur \u00e1letrana, s\u00fdndu sk\u00fdrt a\u00f0 textarnir greina fr\u00e1 raunverulegri s\u00f6gu h\u00f6f\u00f0ingja, ekki bara <span class=\"iwg-fachbegriff\" data-tooltip=\"Hef\u00f0bundin fr\u00e1s\u00f6gn um gu\u00f0i, uppruna og skipulag heimsins.\" tabindex=\"0\">go\u00f0s\u00f6gnum<\/span> og t\u00edmatali.<\/p><p>Fyrir mi\u00f0-Mex\u00edk\u00f3 eru aftur \u00e1 m\u00f3ti f\u00e1ar b\u00e6kur fr\u00e1 t\u00edmanum fyrir komu Sp\u00e1nverja var\u00f0veittar. A\u00f0allega eru var\u00f0veitt myndhandrit, sem ur\u00f0u til a\u00f0 hluta fyrir og a\u00f0 hluta \u00e1 fyrstu t\u00edmum landvinninga, svo sem Codex Borgia e\u00f0a Codex Borbonicus. \u00deau nota sta\u00f0la\u00f0ar myndt\u00e1kn sem \u00fej\u00e1lfa\u00f0ur \u00e1horfandi gat lesi\u00f0.<\/p><p>S\u00e9rstakur flokkur heimilda eru sk\u00fdrslur fr\u00e1 landvinningat\u00edmanum. Fransiskumunkurinn Bernardino de Sahag\u00fan safna\u00f0i \u00e1 16. \u00f6ld, me\u00f0 hj\u00e1lp innf\u00e6ddra samstarfsmanna, hi\u00f0 umfangsmikla <em>Codex Florentinus<\/em> \u00e1 Nahuatl og sp\u00e6nsku.<\/p><p>Sl\u00edk verk eru \u00f3metanleg, en ver\u00f0ur a\u00f0 lesa me\u00f0 gagnr\u00fdnum h\u00e6tti, \u00fev\u00ed \u00feau ur\u00f0u til vegna tr\u00fabo\u00f0slegra hagsmuna og skipuleggja efni\u00f0 \u00ed gegnum sp\u00e6nskt sj\u00f3narhorn. Ranns\u00f3knir sameina \u00fev\u00ed <span class=\"iwg-fachbegriff\" data-tooltip=\"Fr\u00e6\u00f0igrein sem rannsakar fyrri menningarheima me\u00f0 efnislegum fundum.\" tabindex=\"0\">fornleifafr\u00e6\u00f0i<\/span>, myndheimildir, r\u00e1\u00f0nar \u00e1letranir og landvinningatextar, og eru s\u00e9r me\u00f0vita\u00f0ar um ey\u00f0urnar.<\/p>\t\t\t\t\t\t\t\t<\/div>\n\t\t\t\t\t<\/div>\n\t\t\t\t<\/div>\n\t\t\t\t\t<\/div>\n\t\t\t\t<\/div>\n\t\t<div class=\"elementor-element elementor-element-cp26e81dae e-flex e-con-boxed e-con e-parent\" data-id=\"cp26e81dae\" data-element_type=\"container\" data-e-type=\"container\">\n\t\t\t\t\t<div class=\"e-con-inner\">\n\t\t\t\t<div class=\"elementor-element elementor-element-cp28f4a656 elementor-widget elementor-widget-heading\" data-id=\"cp28f4a656\" data-element_type=\"widget\" data-e-type=\"widget\" data-widget_type=\"heading.default\">\n\t\t\t\t\t<h2 class=\"elementor-heading-title elementor-size-default\">Frumbyggjar \u00ed dag og framhaldsl\u00edf hef\u00f0arinnar<\/h2>\t\t\t\t<\/div>\n\t\t<div class=\"elementor-element elementor-element-cp29e7d3b7 e-flex e-con-boxed e-con e-child\" data-id=\"cp29e7d3b7\" data-element_type=\"container\" data-e-type=\"container\">\n\t\t\t\t\t<div class=\"e-con-inner\">\n\t\t\t\t<div class=\"elementor-element elementor-element-cp2440cd0b elementor-widget elementor-widget-text-editor\" data-id=\"cp2440cd0b\" data-element_type=\"widget\" data-e-type=\"widget\" data-widget_type=\"text-editor.default\">\n\t\t\t\t\t\t\t\t\t<p>Landvinningar Sp\u00e1nverja ger\u00f0u enda \u00e1 hinum st\u00f3ru forsp\u00e6nsku r\u00edkjum, en ekki \u00e1 frumbyggjasamf\u00e9l\u00f6gum Mes\u00f3amer\u00edku. Enn \u00feann dag \u00ed dag tala millj\u00f3nir manna maya-m\u00e1l, nahuatl, sap\u00f3tekam\u00e1l, mixtekam\u00e1l og fj\u00f6lda annarra frumbyggjam\u00e1la. Tr\u00faari\u00f0kun \u00feeirra er oftast blanda af ka\u00fe\u00f3lskum formum og eldri hugmyndum, sem er mj\u00f6g mismunandi eftir sv\u00e6\u00f0um.<\/p><p>\u00cd m\u00f6rgum maya-samf\u00e9l\u00f6gum \u00ed Gvatemala og h\u00e1lendi Chiapas \u00ed Mex\u00edk\u00f3 eru emb\u00e6tti og br\u00e6\u00f0ral\u00f6g sem sj\u00e1 um d\u00fdrlingah\u00e1t\u00ed\u00f0ir, akurathafnir og l\u00edfsferilssi\u00f0i. S\u00e9rfr\u00e6\u00f0ingar, oft kalla\u00f0ir dagavitringar, halda \u00e1fram a\u00f0 nota 260 daga t\u00edmatali\u00f0 og sty\u00f0jast vi\u00f0 \u00fea\u00f0 \u00ed <span class=\"iwg-fachbegriff\" data-tooltip=\"Samheiti yfir a\u00f0fer\u00f0ir sem nota\u00f0ar eru til a\u00f0 rannsaka vilja gu\u00f0legrar veru.\" tabindex=\"0\">v\u00e9fr\u00e9tt<\/span> og l\u00e6kningar. Sl\u00edkar hef\u00f0ir eru ekki safngripaminningar heldur hluti af lifandi, breytilegu daglegu l\u00edfi.<\/p><p>Fr\u00e1 seint \u00e1 20. \u00f6ld hafa auk \u00feess sprotti\u00f0 upp hreyfingar sem endurheimta menningararfleif\u00f0. Maya-samt\u00f6k \u00ed Gvatemala hafa, eftir a\u00f0 borgarastr\u00ed\u00f0inu \u00fear lauk, sinnt tungum\u00e1lavernd, t\u00edmatalsranns\u00f3knum og umhir\u00f0u helgra sta\u00f0a. \u00cd Mex\u00edk\u00f3 tengjast frumbyggjaa\u00f0ger\u00f0asinnar deilum um land, sj\u00e1lfstj\u00f3rn og vi\u00f0urkenningu. \u00deessar hreyfingar eru b\u00e6\u00f0i p\u00f3lit\u00edskar og tr\u00faarlegar.<\/p><p>\u00c1 sama t\u00edma gera a\u00f0ilar sem koma ekki sj\u00e1lfir \u00far frumbyggjasamf\u00e9l\u00f6gum kr\u00f6fu til forsp\u00e6nskrar arfleif\u00f0ar, me\u00f0al annars \u00ed \u00fej\u00f3\u00f0ars\u00f6gu, fer\u00f0a\u00fej\u00f3nustu og innan dulspekihreyfinga. Fj\u00f6lmi\u00f0la\u00e6\u00f0i\u00f0 um hinn meinta endalok maya-t\u00edmatalsins \u00e1ri\u00f0 2012 s\u00fdndi hversu mikil \u00e1hrif n\u00fat\u00edma t\u00falkanir geta haft \u00e1 heildarmyndina.<\/p><p><span class=\"iwg-fachbegriff\" data-tooltip=\"Fr\u00e6\u00f0igreinin sem rannsakar tr\u00faarbr\u00f6g\u00f0 \u00e1 samanbur\u00f0arlegan h\u00e1tt \u00e1n tr\u00faarlegrar afst\u00f6\u00f0u.\" tabindex=\"0\">Tr\u00faarbrag\u00f0afr\u00e6\u00f0i<\/span> gerir \u00fev\u00ed vandlegan greinarmun \u00e1 hinum s\u00f6gulegu hef\u00f0um, n\u00faverandi i\u00f0kun frumbyggja og \u00fev\u00ed hvernig utana\u00f0komandi a\u00f0ilar hafa gert hana a\u00f0 sinni, \u00e1n \u00feess a\u00f0 rugla \u00feessum \u00fe\u00e1ttum saman.<\/p>\t\t\t\t\t\t\t\t<\/div>\n\t\t\t\t\t<\/div>\n\t\t\t\t<\/div>\n\t\t\t\t\t<\/div>\n\t\t\t\t<\/div>\n\t\t<div class=\"elementor-element elementor-element-iwgcn-mythologie-kwd e-flex e-con-boxed e-con e-parent\" data-id=\"iwgcn-mythologie-kwd\" data-element_type=\"container\" data-e-type=\"container\">\n\t\t\t\t\t<div class=\"e-con-inner\">\n\t\t<div class=\"elementor-element elementor-element-iwgcn-mythologie-kwd-c e-con-full e-flex e-con e-child\" data-id=\"iwgcn-mythologie-kwd-c\" data-element_type=\"container\" data-e-type=\"container\">\n\t\t\t\t<div class=\"elementor-element elementor-element-iwgcn-mythologie-kwdt elementor-widget elementor-widget-text-editor\" data-id=\"iwgcn-mythologie-kwdt\" data-element_type=\"widget\" data-e-type=\"widget\" data-widget_type=\"text-editor.default\">\n\t\t\t\t\t\t\t\t\t<p><em>Tengd kjarnahugt\u00f6k: Quetzalcoatl Tezcatlipoca Huitzilopochtli Tlaloc Itzamna Kukulkan Olmek Tikal Tenochtitlan Popol Vuh Codex tonalpohualli.<\/em><\/p>\t\t\t\t\t\t\t\t<\/div>\n\t\t\t\t<\/div>\n\t\t\t\t\t<\/div>\n\t\t\t\t<\/div>\n\t\t<div class=\"elementor-element elementor-element-iwgcn-mythologie-cc e-flex e-con-boxed e-con e-parent\" data-id=\"iwgcn-mythologie-cc\" data-element_type=\"container\" data-e-type=\"container\" id=\"iwg-cc-mythologie-mesoamerika\">\n\t\t\t\t\t<div class=\"e-con-inner\">\n\t\t<div class=\"elementor-element elementor-element-iwgcn-mythologie-ccinner e-flex e-con-boxed e-con e-parent\" data-id=\"iwgcn-mythologie-ccinner\" data-element_type=\"container\" data-e-type=\"container\" data-settings=\"{&quot;background_background&quot;:&quot;classic&quot;}\">\n\t\t\t\t\t<div class=\"e-con-inner\">\n\t\t\t\t<div class=\"elementor-element elementor-element-iwgcn-mythologie-cch elementor-widget elementor-widget-heading\" data-id=\"iwgcn-mythologie-cch\" data-element_type=\"widget\" data-e-type=\"widget\" data-widget_type=\"heading.default\">\n\t\t\t\t\t<h2 class=\"elementor-heading-title elementor-size-default\">Verndargripir \u00ed \u00feessari menningarhef\u00f0<\/h2>\t\t\t\t<\/div>\n\t\t\t\t<div class=\"elementor-element elementor-element-iwgcn-mythologie-cct elementor-widget elementor-widget-text-editor\" data-id=\"iwgcn-mythologie-cct\" data-element_type=\"widget\" data-e-type=\"widget\" data-widget_type=\"text-editor.default\">\n\t\t\t\t\t\t\t\t\t<p>Menningarheimar Mes\u00f3amer\u00edku, Olmekar, Maya, Aztekar, n\u00fdttu ja\u00f0eitsh\u00e1lsmen, fja\u00f0rak\u00f3r\u00f3nu-t\u00e1kn og go\u00f0amyndir \u00far steini, tyrkis og hrafntinnu sem hversdagslega hlutverksverndargripi.<\/p><div data-nosnippet=\"true\"><p>iWell Guard fellur inn \u00ed \u00feessa menningars\u00f6gulegu hef\u00f0 verndargripa sem bornir eru \u00e1 s\u00e9r, \u00ed n\u00fat\u00edmalegri efnisger\u00f0, framleitt \u00ed \u00de\u00fdskalandi. 41 lag, alv\u00f6ru gull, plat\u00edna, silfur. 30 daga skilar\u00e9ttur.<\/p><\/div>\t\t\t\t\t\t\t\t<\/div>\n\t\t\t\t<div class=\"elementor-element elementor-element-iwgcn-mythologie-ccb iwg-cc-button iwg-cc-cta-2026-05-13 elementor-widget elementor-widget-jet-button\" data-id=\"iwgcn-mythologie-ccb\" data-element_type=\"widget\" data-e-type=\"widget\" data-widget_type=\"jet-button.default\">\n\t\t\t\t<div class=\"elementor-widget-container\">\n\t\t\t\t\t<div class=\"elementor-jet-button jet-elements\"><div class=\"jet-button__container\"><a class=\"jet-button__instance jet-button__instance--icon-left hover-effect-1\" href=\"\/ueber-iwell-guard\/?utm_source=iwell-guard.com&amp;utm_medium=info-box&amp;utm_campaign=kultur-tradition\"><div class=\"jet-button__plane jet-button__plane-normal\"><\/div><div class=\"jet-button__plane jet-button__plane-hover\"><\/div><div class=\"jet-button__state jet-button__state-normal\"><span class=\"jet-button__label\">Meira um iWell Guard<\/span><\/div><div class=\"jet-button__state jet-button__state-hover\"><span class=\"jet-button__label\">Meira um iWell Guard<\/span><\/div><\/a><\/div><\/div><style>.elementor-element.elementor-element-iwgcn-mythologie-ccb .jet-button__instance{width:320px;height:56px;}.elementor-element.elementor-element-iwgcn-mythologie-ccb .jet-button__state-normal .jet-button__label{text-align:center;margin:0px 0px 0px 0px;color:#1a1b20;font-family:Montserrat,sans-serif;font-size:13px;font-weight:400;letter-spacing:4px;line-height:1.714em;text-transform:uppercase;}.elementor-element.elementor-element-iwgcn-mythologie-ccb .jet-button__state-hover .jet-button__label{text-align:center;margin:0px 0px 0px 0px;color:#FECC76;font-family:Montserrat,sans-serif;font-size:13px;font-weight:400;letter-spacing:4px;line-height:1.714em;text-transform:uppercase;}.elementor-element.elementor-element-iwgcn-mythologie-ccb .jet-button__plane-normal{background-color:#FECC76;border-style:solid;border-color:#C99540;border-width:2px 2px 2px 2px;}.elementor-element.elementor-element-iwgcn-mythologie-ccb .jet-button__plane-hover{background-color:rgba(0,0,0,0.55);border-style:solid;border-color:#FECC76;border-width:2px 2px 2px 2px;}<\/style>\t\t\t\t<\/div>\n\t\t\t\t<\/div>\n\t\t\t\t<div class=\"elementor-element elementor-element-iwgcn-mythologie-ccd elementor-widget elementor-widget-text-editor\" data-id=\"iwgcn-mythologie-ccd\" data-element_type=\"widget\" data-e-type=\"widget\" data-widget_type=\"text-editor.default\">\n\t\t\t\t\t\t\t\t\t<div data-nosnippet=\"true\"><p style=\"text-align:center;font-size:13px;opacity:0.7;margin-top:14px\" data-nosnippet=\"true\">Pers\u00f3nuleg reynsla getur veri\u00f0 mismunandi. Ekki l\u00e6kningat\u00e6ki. Engin lofor\u00f0 um l\u00e6kningu.<\/p><\/div>\t\t\t\t\t\t\t\t<\/div>\n\t\t\t\t\t<\/div>\n\t\t\t\t<\/div>\n\t\t\t\t\t<\/div>\n\t\t\t\t<\/div>\n\t\t<div class=\"elementor-element elementor-element-iwgcn-mythologie-disc e-flex e-con-boxed e-con e-parent\" data-id=\"iwgcn-mythologie-disc\" data-element_type=\"container\" data-e-type=\"container\">\n\t\t\t\t\t<div class=\"e-con-inner\">\n\t\t\t\t<div class=\"elementor-element elementor-element-iwgcn-mythologie-discw elementor-widget elementor-widget-html\" data-id=\"iwgcn-mythologie-discw\" data-element_type=\"widget\" data-e-type=\"widget\" data-widget_type=\"html.default\">\n\t\t\t\t\t<footer data-nosnippet=\"true\" class=\"iwg-disclaimer-block\"><p data-nosnippet=\"true\">iWell Guard er <strong>ekki l\u00e6kningat\u00e6ki<\/strong> og kemur ekki \u00ed sta\u00f0inn fyrir l\u00e6knis- e\u00f0a s\u00e1lfr\u00e6\u00f0ime\u00f0fer\u00f0. Tr\u00faarfr\u00e6\u00f0ilegt efni er menningars\u00f6gulegt samhengi, ekki r\u00e1\u00f0legging um andlega i\u00f0kun.<\/p><\/footer>\t\t\t\t<\/div>\n\t\t\t\t\t<\/div>\n\t\t\t\t<\/div>\n\t\t\t\t<\/div>\n\t\t","protected":false},"excerpt":{"rendered":"","protected":false},"author":3,"featured_media":2902,"parent":0,"menu_order":0,"comment_status":"closed","ping_status":"closed","template":"elementor_header_footer","meta":{"_yoast_wpseo_focuskw":"Mes\u00f3amer\u00edsk go\u00f0afr\u00e6\u00f0i","_yoast_wpseo_title":"Mes\u00f3amerika \u2013 Maja, Astekar og verndari\u00f0kun","_yoast_wpseo_metadesc":"Mes\u00f3amer\u00edsk go\u00f0afr\u00e6\u00f0i \u00e1 iWell Guard. Maja, Astekar, Olmekar: Quetzalcoatl, Tezcatlipoca, Tlaloc og verndargripir \u00far jade, fj\u00f6\u00f0rum og steini.","_yoast_wpseo_meta-robots-noindex":"","_yoast_wpseo_canonical":"","_angie_page":false,"gefaehrdungsstufe":"","wesen_kultur":"","wesen_klasse":"","footnotes":""},"categories":[],"class_list":["post-168908","page","type-page","status-publish","has-post-thumbnail","hentry"],"yoast_head":"<!-- This site is optimized with the Yoast SEO Premium plugin v27.7 (Yoast SEO v28.3) - https:\/\/yoast.com\/product\/yoast-seo-premium-wordpress\/ -->\n<title>Mes\u00f3amerika \u2013 Maja, Astekar og verndari\u00f0kun<\/title>\n<meta name=\"description\" content=\"Mes\u00f3amer\u00edsk go\u00f0afr\u00e6\u00f0i \u00e1 iWell Guard. Maja, Astekar, Olmekar: Quetzalcoatl, Tezcatlipoca, Tlaloc og verndargripir \u00far jade, fj\u00f6\u00f0rum og steini.\" \/>\n<meta name=\"robots\" content=\"index, follow, max-snippet:-1, max-image-preview:large, max-video-preview:-1\" \/>\n<link rel=\"canonical\" href=\"https:\/\/iwell-guard.com\/is\/mesoamerisk-godafraedi-maja-astekar-olmekar\/\" \/>\n<meta property=\"og:locale\" content=\"is_IS\" \/>\n<meta property=\"og:type\" content=\"article\" \/>\n<meta property=\"og:title\" content=\"Mes\u00f3amer\u00edsk go\u00f0afr\u00e6\u00f0i \u2013 Maja, Astekar, Olmekar\" \/>\n<meta property=\"og:description\" content=\"Mes\u00f3amer\u00edsk go\u00f0afr\u00e6\u00f0i \u00e1 iWell Guard. Maja, Astekar, Olmekar: Quetzalcoatl, Tezcatlipoca, Tlaloc og verndargripir \u00far jade, fj\u00f6\u00f0rum og steini.\" \/>\n<meta property=\"og:url\" content=\"https:\/\/iwell-guard.com\/is\/mesoamerisk-godafraedi-maja-astekar-olmekar\/\" \/>\n<meta property=\"og:site_name\" content=\"iWell Guard\" \/>\n<meta property=\"article:modified_time\" content=\"2026-09-05T14:22:32+00:00\" \/>\n<meta property=\"og:image\" content=\"https:\/\/iwell-guard.com\/wp-content\/uploads\/2026\/05\/goetter_mythologie-mesoamerika_quetzalcoatl.webp\" \/>\n\t<meta property=\"og:image:width\" content=\"1024\" \/>\n\t<meta property=\"og:image:height\" content=\"1536\" \/>\n\t<meta property=\"og:image:type\" content=\"image\/webp\" \/>\n<meta name=\"twitter:card\" content=\"summary_large_image\" \/>\n<script type=\"application\/ld+json\" class=\"yoast-schema-graph\">{\"@context\":\"https:\\\/\\\/schema.org\",\"@graph\":[{\"@type\":\"WebPage\",\"@id\":\"https:\\\/\\\/iwell-guard.com\\\/is\\\/mesoamerisk-godafraedi-maja-astekar-olmekar\\\/\",\"url\":\"https:\\\/\\\/iwell-guard.com\\\/is\\\/mesoamerisk-godafraedi-maja-astekar-olmekar\\\/\",\"name\":\"Mes\u00f3amerika \u2013 Maja, Astekar og verndari\u00f0kun\",\"isPartOf\":{\"@id\":\"https:\\\/\\\/iwell-guard.com\\\/is\\\/#website\"},\"primaryImageOfPage\":{\"@id\":\"https:\\\/\\\/iwell-guard.com\\\/is\\\/mesoamerisk-godafraedi-maja-astekar-olmekar\\\/#primaryimage\"},\"image\":{\"@id\":\"https:\\\/\\\/iwell-guard.com\\\/is\\\/mesoamerisk-godafraedi-maja-astekar-olmekar\\\/#primaryimage\"},\"thumbnailUrl\":\"https:\\\/\\\/iwell-guard.com\\\/wp-content\\\/uploads\\\/2026\\\/05\\\/goetter_mythologie-mesoamerika_quetzalcoatl.webp\",\"datePublished\":\"2026-09-05T14:03:58+00:00\",\"dateModified\":\"2026-09-05T14:22:32+00:00\",\"description\":\"Mes\u00f3amer\u00edsk go\u00f0afr\u00e6\u00f0i \u00e1 iWell Guard. Maja, Astekar, Olmekar: Quetzalcoatl, Tezcatlipoca, Tlaloc og verndargripir \u00far jade, fj\u00f6\u00f0rum og steini.\",\"breadcrumb\":{\"@id\":\"https:\\\/\\\/iwell-guard.com\\\/is\\\/mesoamerisk-godafraedi-maja-astekar-olmekar\\\/#breadcrumb\"},\"inLanguage\":\"is\",\"potentialAction\":[{\"@type\":\"ReadAction\",\"target\":[\"https:\\\/\\\/iwell-guard.com\\\/is\\\/mesoamerisk-godafraedi-maja-astekar-olmekar\\\/\"]}]},{\"@type\":\"ImageObject\",\"inLanguage\":\"is\",\"@id\":\"https:\\\/\\\/iwell-guard.com\\\/is\\\/mesoamerisk-godafraedi-maja-astekar-olmekar\\\/#primaryimage\",\"url\":\"https:\\\/\\\/iwell-guard.com\\\/wp-content\\\/uploads\\\/2026\\\/05\\\/goetter_mythologie-mesoamerika_quetzalcoatl.webp\",\"contentUrl\":\"https:\\\/\\\/iwell-guard.com\\\/wp-content\\\/uploads\\\/2026\\\/05\\\/goetter_mythologie-mesoamerika_quetzalcoatl.webp\",\"width\":1024,\"height\":1536,\"caption\":\"Gu\u00f0ir \u00far go\u00f0afr\u00e6\u00f0i mes\u00f3amer\u00edska-hef\u00f0arins.\"},{\"@type\":\"BreadcrumbList\",\"@id\":\"https:\\\/\\\/iwell-guard.com\\\/is\\\/mesoamerisk-godafraedi-maja-astekar-olmekar\\\/#breadcrumb\",\"itemListElement\":[{\"@type\":\"ListItem\",\"position\":1,\"name\":\"Start\",\"item\":\"https:\\\/\\\/iwell-guard.com\\\/is\\\/?page_id=168580\"},{\"@type\":\"ListItem\",\"position\":2,\"name\":\"Mes\u00f3amer\u00edsk go\u00f0afr\u00e6\u00f0i \u2013 Maja, Astekar, Olmekar\"}]},{\"@type\":\"WebSite\",\"@id\":\"https:\\\/\\\/iwell-guard.com\\\/is\\\/#website\",\"url\":\"https:\\\/\\\/iwell-guard.com\\\/is\\\/\",\"name\":\"iWell Guard\",\"description\":\"Schutz vor dunklen Einfl\u00fcssen\",\"publisher\":{\"@id\":\"https:\\\/\\\/iwell-guard.com\\\/is\\\/#organization\"},\"potentialAction\":[{\"@type\":\"SearchAction\",\"target\":{\"@type\":\"EntryPoint\",\"urlTemplate\":\"https:\\\/\\\/iwell-guard.com\\\/is\\\/?s={search_term_string}\"},\"query-input\":{\"@type\":\"PropertyValueSpecification\",\"valueRequired\":true,\"valueName\":\"search_term_string\"}}],\"inLanguage\":\"is\"},{\"@type\":\"Organization\",\"@id\":\"https:\\\/\\\/iwell-guard.com\\\/is\\\/#organization\",\"name\":\"Ittermann electronic GmbH\",\"url\":\"https:\\\/\\\/iwell-guard.com\\\/is\\\/\",\"logo\":{\"@type\":\"ImageObject\",\"inLanguage\":\"is\",\"@id\":\"https:\\\/\\\/iwell-guard.com\\\/is\\\/#\\\/schema\\\/logo\\\/image\\\/\",\"url\":\"https:\\\/\\\/iwell-guard.com\\\/wp-content\\\/uploads\\\/2026\\\/05\\\/Ittermann-Logo-1182x237-1.png\",\"contentUrl\":\"https:\\\/\\\/iwell-guard.com\\\/wp-content\\\/uploads\\\/2026\\\/05\\\/Ittermann-Logo-1182x237-1.png\",\"width\":1182,\"height\":237,\"caption\":\"Ittermann electronic GmbH\"},\"image\":{\"@id\":\"https:\\\/\\\/iwell-guard.com\\\/is\\\/#\\\/schema\\\/logo\\\/image\\\/\"},\"sameAs\":[\"https:\\\/\\\/pantip.com\\\/profile\\\/9367242\",\"https:\\\/\\\/micro.blog\\\/iwellguard\",\"https:\\\/\\\/www.diggerslist.com\\\/iwellguard\\\/about\",\"https:\\\/\\\/skitterphoto.com\\\/photographers\\\/2870314\\\/iwell-guard\",\"https:\\\/\\\/iwellguard.wordpress.com\\\/2026\\\/06\\\/06\\\/iwell-guard\\\/\",\"https:\\\/\\\/hub.docker.com\\\/u\\\/iwellguard\",\"https:\\\/\\\/www.pinterest.com\\\/iwellguard\\\/\",\"https:\\\/\\\/bit.ly\\\/m\\\/iwellguard\",\"https:\\\/\\\/entre-vos-mains.alsace.eu\\\/profiles\\\/iwellguard\\\/activity\",\"https:\\\/\\\/gravatar.com\\\/reallybeded8fd34\",\"https:\\\/\\\/naijamatta.com\\\/iwellguard\",\"https:\\\/\\\/www.goodreads.com\\\/iwellguard\",\"https:\\\/\\\/profile.hatena.ne.jp\\\/iwellguard\\\/\",\"https:\\\/\\\/experiment.com\\\/users\\\/iwellguard\",\"https:\\\/\\\/wakelet.com\\\/@iWellGuard82270\",\"https:\\\/\\\/www.chordie.com\\\/forum\\\/profile.php?id=2555664\",\"https:\\\/\\\/www.instapaper.com\\\/p\\\/17757966\",\"https:\\\/\\\/www.mapleprimes.com\\\/users\\\/iwellguard\",\"https:\\\/\\\/businesslistingplus.com\\\/profile\\\/iwell-guard\\\/\",\"https:\\\/\\\/telegra.ph\\\/iWell-Guard-06-06\",\"https:\\\/\\\/pbase.com\\\/iwellguard\\\/iwellguard\",\"https:\\\/\\\/b.hatena.ne.jp\\\/iwellguard\\\/20260607#bookmark-4788405196491818882\",\"https:\\\/\\\/fliphtml5.com\\\/home\\\/iwellguard\",\"https:\\\/\\\/anyflip.com\\\/homepage\\\/cmiwl#About\",\"https:\\\/\\\/transfur.com\\\/Users\\\/iwellguard\",\"http:\\\/\\\/delphi.larsbo.org\\\/user\\\/iwellguard\",\"https:\\\/\\\/jobs.lajobsportal.org\\\/profiles\\\/8380803-iwell-guard\",\"https:\\\/\\\/md.chaosdorf.de\\\/s\\\/jfbe5SBdJD\",\"https:\\\/\\\/www.lingvolive.com\\\/en-us\\\/profile\\\/9ecaeaca-ce11-4e51-9e71-01d55e2bff36\\\/translations\",\"https:\\\/\\\/www.fitday.com\\\/fitness\\\/forums\\\/members\\\/iwellguard.html\",\"https:\\\/\\\/www.mymeetbook.com\\\/iwellguard\",\"https:\\\/\\\/pxhere.com\\\/en\\\/photographer-me\\\/5040798\",\"https:\\\/\\\/disqus.com\\\/by\\\/iwellguard\\\/about\\\/\",\"https:\\\/\\\/pastelink.net\\\/hjwciqwq\",\"https:\\\/\\\/pubhtml5.com\\\/homepage\\\/scjhn\\\/\",\"https:\\\/\\\/www.bitchute.com\\\/channel\\\/2O2eOKzNqujT\",\"https:\\\/\\\/audiomack.com\\\/iwellguard\"]}]}<\/script>\n<!-- \/ Yoast SEO Premium plugin. -->","yoast_head_json":{"title":"Mes\u00f3amerika \u2013 Maja, Astekar og verndari\u00f0kun","description":"Mes\u00f3amer\u00edsk go\u00f0afr\u00e6\u00f0i \u00e1 iWell Guard. Maja, Astekar, Olmekar: Quetzalcoatl, Tezcatlipoca, Tlaloc og verndargripir \u00far jade, fj\u00f6\u00f0rum og steini.","robots":{"index":"index","follow":"follow","max-snippet":"max-snippet:-1","max-image-preview":"max-image-preview:large","max-video-preview":"max-video-preview:-1"},"canonical":"https:\/\/iwell-guard.com\/is\/mesoamerisk-godafraedi-maja-astekar-olmekar\/","og_locale":"is_IS","og_type":"article","og_title":"Mes\u00f3amer\u00edsk go\u00f0afr\u00e6\u00f0i \u2013 Maja, Astekar, Olmekar","og_description":"Mes\u00f3amer\u00edsk go\u00f0afr\u00e6\u00f0i \u00e1 iWell Guard. Maja, Astekar, Olmekar: Quetzalcoatl, Tezcatlipoca, Tlaloc og verndargripir \u00far jade, fj\u00f6\u00f0rum og steini.","og_url":"https:\/\/iwell-guard.com\/is\/mesoamerisk-godafraedi-maja-astekar-olmekar\/","og_site_name":"iWell Guard","article_modified_time":"2026-09-05T14:22:32+00:00","og_image":[{"width":1024,"height":1536,"url":"https:\/\/iwell-guard.com\/wp-content\/uploads\/2026\/05\/goetter_mythologie-mesoamerika_quetzalcoatl.webp","type":"image\/webp"}],"twitter_card":"summary_large_image","schema":{"@context":"https:\/\/schema.org","@graph":[{"@type":"WebPage","@id":"https:\/\/iwell-guard.com\/is\/mesoamerisk-godafraedi-maja-astekar-olmekar\/","url":"https:\/\/iwell-guard.com\/is\/mesoamerisk-godafraedi-maja-astekar-olmekar\/","name":"Mes\u00f3amerika \u2013 Maja, Astekar og verndari\u00f0kun","isPartOf":{"@id":"https:\/\/iwell-guard.com\/is\/#website"},"primaryImageOfPage":{"@id":"https:\/\/iwell-guard.com\/is\/mesoamerisk-godafraedi-maja-astekar-olmekar\/#primaryimage"},"image":{"@id":"https:\/\/iwell-guard.com\/is\/mesoamerisk-godafraedi-maja-astekar-olmekar\/#primaryimage"},"thumbnailUrl":"https:\/\/iwell-guard.com\/wp-content\/uploads\/2026\/05\/goetter_mythologie-mesoamerika_quetzalcoatl.webp","datePublished":"2026-09-05T14:03:58+00:00","dateModified":"2026-09-05T14:22:32+00:00","description":"Mes\u00f3amer\u00edsk go\u00f0afr\u00e6\u00f0i \u00e1 iWell Guard. Maja, Astekar, Olmekar: Quetzalcoatl, Tezcatlipoca, Tlaloc og verndargripir \u00far jade, fj\u00f6\u00f0rum og steini.","breadcrumb":{"@id":"https:\/\/iwell-guard.com\/is\/mesoamerisk-godafraedi-maja-astekar-olmekar\/#breadcrumb"},"inLanguage":"is","potentialAction":[{"@type":"ReadAction","target":["https:\/\/iwell-guard.com\/is\/mesoamerisk-godafraedi-maja-astekar-olmekar\/"]}]},{"@type":"ImageObject","inLanguage":"is","@id":"https:\/\/iwell-guard.com\/is\/mesoamerisk-godafraedi-maja-astekar-olmekar\/#primaryimage","url":"https:\/\/iwell-guard.com\/wp-content\/uploads\/2026\/05\/goetter_mythologie-mesoamerika_quetzalcoatl.webp","contentUrl":"https:\/\/iwell-guard.com\/wp-content\/uploads\/2026\/05\/goetter_mythologie-mesoamerika_quetzalcoatl.webp","width":1024,"height":1536,"caption":"Gu\u00f0ir \u00far go\u00f0afr\u00e6\u00f0i mes\u00f3amer\u00edska-hef\u00f0arins."},{"@type":"BreadcrumbList","@id":"https:\/\/iwell-guard.com\/is\/mesoamerisk-godafraedi-maja-astekar-olmekar\/#breadcrumb","itemListElement":[{"@type":"ListItem","position":1,"name":"Start","item":"https:\/\/iwell-guard.com\/is\/?page_id=168580"},{"@type":"ListItem","position":2,"name":"Mes\u00f3amer\u00edsk go\u00f0afr\u00e6\u00f0i \u2013 Maja, Astekar, Olmekar"}]},{"@type":"WebSite","@id":"https:\/\/iwell-guard.com\/is\/#website","url":"https:\/\/iwell-guard.com\/is\/","name":"iWell Guard","description":"Schutz vor dunklen Einfl\u00fcssen","publisher":{"@id":"https:\/\/iwell-guard.com\/is\/#organization"},"potentialAction":[{"@type":"SearchAction","target":{"@type":"EntryPoint","urlTemplate":"https:\/\/iwell-guard.com\/is\/?s={search_term_string}"},"query-input":{"@type":"PropertyValueSpecification","valueRequired":true,"valueName":"search_term_string"}}],"inLanguage":"is"},{"@type":"Organization","@id":"https:\/\/iwell-guard.com\/is\/#organization","name":"Ittermann electronic GmbH","url":"https:\/\/iwell-guard.com\/is\/","logo":{"@type":"ImageObject","inLanguage":"is","@id":"https:\/\/iwell-guard.com\/is\/#\/schema\/logo\/image\/","url":"https:\/\/iwell-guard.com\/wp-content\/uploads\/2026\/05\/Ittermann-Logo-1182x237-1.png","contentUrl":"https:\/\/iwell-guard.com\/wp-content\/uploads\/2026\/05\/Ittermann-Logo-1182x237-1.png","width":1182,"height":237,"caption":"Ittermann electronic GmbH"},"image":{"@id":"https:\/\/iwell-guard.com\/is\/#\/schema\/logo\/image\/"},"sameAs":["https:\/\/pantip.com\/profile\/9367242","https:\/\/micro.blog\/iwellguard","https:\/\/www.diggerslist.com\/iwellguard\/about","https:\/\/skitterphoto.com\/photographers\/2870314\/iwell-guard","https:\/\/iwellguard.wordpress.com\/2026\/06\/06\/iwell-guard\/","https:\/\/hub.docker.com\/u\/iwellguard","https:\/\/www.pinterest.com\/iwellguard\/","https:\/\/bit.ly\/m\/iwellguard","https:\/\/entre-vos-mains.alsace.eu\/profiles\/iwellguard\/activity","https:\/\/gravatar.com\/reallybeded8fd34","https:\/\/naijamatta.com\/iwellguard","https:\/\/www.goodreads.com\/iwellguard","https:\/\/profile.hatena.ne.jp\/iwellguard\/","https:\/\/experiment.com\/users\/iwellguard","https:\/\/wakelet.com\/@iWellGuard82270","https:\/\/www.chordie.com\/forum\/profile.php?id=2555664","https:\/\/www.instapaper.com\/p\/17757966","https:\/\/www.mapleprimes.com\/users\/iwellguard","https:\/\/businesslistingplus.com\/profile\/iwell-guard\/","https:\/\/telegra.ph\/iWell-Guard-06-06","https:\/\/pbase.com\/iwellguard\/iwellguard","https:\/\/b.hatena.ne.jp\/iwellguard\/20260607#bookmark-4788405196491818882","https:\/\/fliphtml5.com\/home\/iwellguard","https:\/\/anyflip.com\/homepage\/cmiwl#About","https:\/\/transfur.com\/Users\/iwellguard","http:\/\/delphi.larsbo.org\/user\/iwellguard","https:\/\/jobs.lajobsportal.org\/profiles\/8380803-iwell-guard","https:\/\/md.chaosdorf.de\/s\/jfbe5SBdJD","https:\/\/www.lingvolive.com\/en-us\/profile\/9ecaeaca-ce11-4e51-9e71-01d55e2bff36\/translations","https:\/\/www.fitday.com\/fitness\/forums\/members\/iwellguard.html","https:\/\/www.mymeetbook.com\/iwellguard","https:\/\/pxhere.com\/en\/photographer-me\/5040798","https:\/\/disqus.com\/by\/iwellguard\/about\/","https:\/\/pastelink.net\/hjwciqwq","https:\/\/pubhtml5.com\/homepage\/scjhn\/","https:\/\/www.bitchute.com\/channel\/2O2eOKzNqujT","https:\/\/audiomack.com\/iwellguard"]}]}},"_links":{"self":[{"href":"https:\/\/iwell-guard.com\/is\/wp-json\/wp\/v2\/pages\/168908","targetHints":{"allow":["GET"]}}],"collection":[{"href":"https:\/\/iwell-guard.com\/is\/wp-json\/wp\/v2\/pages"}],"about":[{"href":"https:\/\/iwell-guard.com\/is\/wp-json\/wp\/v2\/types\/page"}],"author":[{"embeddable":true,"href":"https:\/\/iwell-guard.com\/is\/wp-json\/wp\/v2\/users\/3"}],"replies":[{"embeddable":true,"href":"https:\/\/iwell-guard.com\/is\/wp-json\/wp\/v2\/comments?post=168908"}],"version-history":[{"count":0,"href":"https:\/\/iwell-guard.com\/is\/wp-json\/wp\/v2\/pages\/168908\/revisions"}],"wp:featuredmedia":[{"embeddable":true,"href":"https:\/\/iwell-guard.com\/is\/wp-json\/wp\/v2\/media\/2902"}],"wp:attachment":[{"href":"https:\/\/iwell-guard.com\/is\/wp-json\/wp\/v2\/media?parent=168908"}],"wp:term":[{"taxonomy":"category","embeddable":true,"href":"https:\/\/iwell-guard.com\/is\/wp-json\/wp\/v2\/categories?post=168908"}],"curies":[{"name":"wp","href":"https:\/\/api.w.org\/{rel}","templated":true}]}}