{"id":168907,"date":"2026-09-05T14:03:57","date_gmt":"2026-09-05T14:03:57","guid":{"rendered":"https:\/\/iwell-guard.com\/?page_id=168907"},"modified":"2026-09-05T14:22:29","modified_gmt":"2026-09-05T14:22:29","slug":"iran-og-zoroastrismi-avesta-ahura-mazda","status":"publish","type":"page","link":"https:\/\/iwell-guard.com\/is\/iran-og-zoroastrismi-avesta-ahura-mazda\/","title":{"rendered":"\u00cdran og Z\u00f3r\u00f3astrismi \u2013 Avesta, Ahura Mazda og Faravahar"},"content":{"rendered":"\t\t<div data-elementor-type=\"wp-page\" data-elementor-id=\"168907\" class=\"elementor elementor-168907 elementor-2556 elementor-bc-flex-widget\" data-elementor-post-type=\"page\">\n\t\t\t\t<div class=\"elementor-element elementor-element-iwgcn-iranzoroas-hero iwg-kultur-hero e-flex e-con-boxed e-con e-parent\" data-id=\"iwgcn-iranzoroas-hero\" data-element_type=\"container\" data-e-type=\"container\">\n\t\t\t\t\t<div class=\"e-con-inner\">\n\t\t<div class=\"elementor-element elementor-element-iwgcn-iranzoroas-hl iwg-kultur-hero-left e-flex e-con-boxed e-con e-child\" data-id=\"iwgcn-iranzoroas-hl\" data-element_type=\"container\" data-e-type=\"container\">\n\t\t\t\t\t<div class=\"e-con-inner\">\n\t\t\t\t<div class=\"elementor-element elementor-element-iwgcn-iranzoroas-h1 elementor-widget elementor-widget-heading\" data-id=\"iwgcn-iranzoroas-h1\" data-element_type=\"widget\" data-e-type=\"widget\" data-widget_type=\"heading.default\">\n\t\t\t\t\t<h1 class=\"elementor-heading-title elementor-size-default\">\u00cdran og z\u00f3r\u00f3astrismi, Ahura Mazda, Avesta og Faravahar<\/h1>\t\t\t\t<\/div>\n\t\t<div class=\"elementor-element elementor-element-iwgcn-iranzoroas-leadc e-con-full e-flex e-con e-child\" data-id=\"iwgcn-iranzoroas-leadc\" data-element_type=\"container\" data-e-type=\"container\">\n\t\t\t\t<div class=\"elementor-element elementor-element-iwgcn-iranzoroas-lead elementor-widget elementor-widget-text-editor\" data-id=\"iwgcn-iranzoroas-lead\" data-element_type=\"widget\" data-e-type=\"widget\" data-widget_type=\"text-editor.default\">\n\t\t\t\t\t\t\t\t\t<p>Z\u00f3r\u00f3astrismi, stofna\u00f0ur af Sara\u00fe\u00fastra \u00e1 fyrsta e\u00f0a \u00f6\u00f0ru \u00e1r\u00fe\u00fasundi fyrir okkar t\u00edmatal, er ein elsta skjalfesta eingy\u00f0istr\u00fa s\u00f6gunnar. Ahura Mazda er mi\u00f0l\u00e6gur skapari; heimurinn er hugsa\u00f0ur tv\u00edhyggjulega milli verka hans og hins ey\u00f0andi frumkrafts Angra Mainyu. Z\u00f3r\u00f3astrismi haf\u00f0i varanleg \u00e1hrif \u00e1 eskat\u00f3l\u00f3g\u00edu (heimsendafr\u00e6\u00f0i) gy\u00f0ingd\u00f3ms, kristni og \u00edslams.<\/p><p>S\u00e9rstakur hluti fjallar um verndarhef\u00f0ir z\u00f3r\u00f3astrismans \u00ed tr\u00faarfr\u00e6\u00f0ilegu samhengi.<\/p>\t\t\t\t\t\t\t\t<\/div>\n\t\t\t\t<\/div>\n\t\t\t\t\t<\/div>\n\t\t\t\t<\/div>\n\t\t<div class=\"elementor-element elementor-element-iwgcn-iranzoroas-hr iwg-kultur-hero-right e-flex e-con-boxed e-con e-child\" data-id=\"iwgcn-iranzoroas-hr\" data-element_type=\"container\" data-e-type=\"container\">\n\t\t\t\t\t<div class=\"e-con-inner\">\n\t\t\t\t<div class=\"elementor-element elementor-element-iwgcn-iranzoroas-himg iwg-hero-image elementor-widget elementor-widget-image\" data-id=\"iwgcn-iranzoroas-himg\" data-element_type=\"widget\" data-e-type=\"widget\" data-widget_type=\"image.default\">\n\t\t\t\t\t\t\t\t\t\t\t\t\t\t\t<img fetchpriority=\"high\" decoding=\"async\" width=\"683\" height=\"1024\" src=\"https:\/\/iwell-guard.com\/wp-content\/uploads\/2026\/05\/goetter_iran-zoroastrismus_ahura-mazda-683x1024.webp\" class=\"attachment-large size-large wp-image-170760\" alt=\"Ahura Mazda - gu\u00f0ir \u00far \u00edr\u00f6nsk-z\u00f3r\u00f3astr\u00edskri hef\u00f0, \u00ed s\u00f6gusk\u00fdrandi st\u00edl\" srcset=\"https:\/\/iwell-guard.com\/wp-content\/uploads\/2026\/05\/goetter_iran-zoroastrismus_ahura-mazda-683x1024.webp 683w, https:\/\/iwell-guard.com\/wp-content\/uploads\/2026\/05\/goetter_iran-zoroastrismus_ahura-mazda-200x300.webp 200w, https:\/\/iwell-guard.com\/wp-content\/uploads\/2026\/05\/goetter_iran-zoroastrismus_ahura-mazda-768x1152.webp 768w, https:\/\/iwell-guard.com\/wp-content\/uploads\/2026\/05\/goetter_iran-zoroastrismus_ahura-mazda.webp 1024w\" sizes=\"(max-width: 683px) 100vw, 683px\" \/>\t\t\t\t\t\t\t\t\t\t\t\t\t\t\t<\/div>\n\t\t\t\t\t<\/div>\n\t\t\t\t<\/div>\n\t\t\t\t\t<\/div>\n\t\t\t\t<\/div>\n\t\t<div class=\"elementor-element elementor-element-iwgcn-iranzoroas-s0 e-flex e-con-boxed e-con e-parent\" data-id=\"iwgcn-iranzoroas-s0\" data-element_type=\"container\" data-e-type=\"container\">\n\t\t\t\t\t<div class=\"e-con-inner\">\n\t\t\t\t<div class=\"elementor-element elementor-element-iwgcn-iranzoroas-s0h elementor-widget elementor-widget-heading\" data-id=\"iwgcn-iranzoroas-s0h\" data-element_type=\"widget\" data-e-type=\"widget\" data-widget_type=\"heading.default\">\n\t\t\t\t\t<h2 class=\"elementor-heading-title elementor-size-default\">Sara\u00fe\u00fastra og t\u00edmasetningin<\/h2>\t\t\t\t<\/div>\n\t\t<div class=\"elementor-element elementor-element-iwgcn-iranzoroas-s0-c e-con-full e-flex e-con e-child\" data-id=\"iwgcn-iranzoroas-s0-c\" data-element_type=\"container\" data-e-type=\"container\">\n\t\t\t\t<div class=\"elementor-element elementor-element-iwgcn-iranzoroas-s0t elementor-widget elementor-widget-text-editor\" data-id=\"iwgcn-iranzoroas-s0t\" data-element_type=\"widget\" data-e-type=\"widget\" data-widget_type=\"text-editor.default\">\n\t\t\t\t\t\t\t\t\t<p>Um pers\u00f3nu Sara\u00fe\u00fastra (gr\u00edsku Zoroaster) eru a\u00f0eins hans eigin s\u00e1lmar, Gathas, taldir \u00e1rei\u00f0anlega var\u00f0veittir. T\u00edmasetningin er mj\u00f6g \u00e1 reiki innan fr\u00e6\u00f0anna: h\u00f3fsamar tilg\u00e1tur setja hann \u00e1 6. \u00f6ld f.o.t., en s\u00f6guleg m\u00e1lfr\u00e6\u00f0ileg greining \u00e1 s\u00e1lmum hans bendir til mun eldri t\u00edmasetningar, um 1500 til 1000 f.o.t.<\/p><p>Tali\u00f0 er a\u00f0 hann hafi starfa\u00f0 \u00ed Austur-\u00cdran e\u00f0a Mi\u00f0-As\u00edu. <span class=\"iwg-fachbegriff\" data-tooltip=\"Tr\u00fain \u00e1 einn gu\u00f0.\" tabindex=\"0\">Eingy\u00f0istr\u00fa<\/span> hans me\u00f0 sterkri si\u00f0fer\u00f0ilegri \u00e1herslu stendur andsp\u00e6nis fyrri fj\u00f6lgy\u00f0istr\u00fa ind\u00f3-\u00edranskra hef\u00f0a.<\/p>\t\t\t\t\t\t\t\t<\/div>\n\t\t\t\t<\/div>\n\t\t\t\t\t<\/div>\n\t\t\t\t<\/div>\n\t\t<div class=\"elementor-element elementor-element-iwgcn-iranzoroas-s1 e-flex e-con-boxed e-con e-parent\" data-id=\"iwgcn-iranzoroas-s1\" data-element_type=\"container\" data-e-type=\"container\">\n\t\t\t\t\t<div class=\"e-con-inner\">\n\t\t\t\t<div class=\"elementor-element elementor-element-iwgcn-iranzoroas-s1h elementor-widget elementor-widget-heading\" data-id=\"iwgcn-iranzoroas-s1h\" data-element_type=\"widget\" data-e-type=\"widget\" data-widget_type=\"heading.default\">\n\t\t\t\t\t<h2 class=\"elementor-heading-title elementor-size-default\">Avesta og go\u00f0aheimur<\/h2>\t\t\t\t<\/div>\n\t\t<div class=\"elementor-element elementor-element-iwgcn-iranzoroas-s1-c e-con-full e-flex e-con e-child\" data-id=\"iwgcn-iranzoroas-s1-c\" data-element_type=\"container\" data-e-type=\"container\">\n\t\t\t\t<div class=\"elementor-element elementor-element-iwgcn-iranzoroas-s1t elementor-widget elementor-widget-text-editor\" data-id=\"iwgcn-iranzoroas-s1t\" data-element_type=\"widget\" data-e-type=\"widget\" data-widget_type=\"text-editor.default\">\n\t\t\t\t\t\t\t\t\t<p>Helgar ritningar z\u00f3r\u00f3astrismans eru var\u00f0veittar \u00ed Avesta: Gathas (eigin s\u00e1lmar Sara\u00fe\u00fastra, \u00e1 fornavest\u00edsku), Yasna (helgisi\u00f0atextar), Visperad, Vendidad og Yashts.<\/p><p>Auk Ahura Mazda og Angra Mainyu koma fram sex Amesha Spentas (heilagir \u00f3dau\u00f0legir), Vohu Manah (g\u00f3\u00f0ur hugur), Asha Vahishta (\u00e6\u00f0sti sannleikur), Khshathra Vairya (\u00fer\u00e1\u00f0 r\u00edki), Spenta Armaiti (heil\u00f6g hollusta), Haurvatat (heilleiki), Ameretat (\u00f3dau\u00f0leiki), sem pers\u00f3nugervingar gu\u00f0legra \u00fe\u00e1tta. Yazatas eru verur ver\u00f0ar tilbei\u00f0slu me\u00f0 s\u00e9rst\u00f6kum kosm\u00edskum hlutverkum: Mithra (s\u00e1ttm\u00e1li), Anahita (vatn), Sraosha (hl\u00fd\u00f0ni, vernd).<\/p>\t\t\t\t\t\t\t\t<\/div>\n\t\t\t\t<\/div>\n\t\t\t\t\t<\/div>\n\t\t\t\t<\/div>\n\t\t<div class=\"elementor-element elementor-element-iwgcn-iranzoroas-s2 e-flex e-con-boxed e-con e-parent\" data-id=\"iwgcn-iranzoroas-s2\" data-element_type=\"container\" data-e-type=\"container\">\n\t\t\t\t\t<div class=\"e-con-inner\">\n\t\t\t\t<div class=\"elementor-element elementor-element-iwgcn-iranzoroas-s2h elementor-widget elementor-widget-heading\" data-id=\"iwgcn-iranzoroas-s2h\" data-element_type=\"widget\" data-e-type=\"widget\" data-widget_type=\"heading.default\">\n\t\t\t\t\t<h2 class=\"elementor-heading-title elementor-size-default\">Heimsmynd og si\u00f0fr\u00e6\u00f0i<\/h2>\t\t\t\t<\/div>\n\t\t<div class=\"elementor-element elementor-element-iwgcn-iranzoroas-s2-c e-con-full e-flex e-con e-child\" data-id=\"iwgcn-iranzoroas-s2-c\" data-element_type=\"container\" data-e-type=\"container\">\n\t\t\t\t<div class=\"elementor-element elementor-element-iwgcn-iranzoroas-s2t elementor-widget elementor-widget-text-editor\" data-id=\"iwgcn-iranzoroas-s2t\" data-element_type=\"widget\" data-e-type=\"widget\" data-widget_type=\"text-editor.default\">\n\t\t\t\t\t\t\t\t\t<p>Z\u00f3r\u00f3astr\u00edsk <span class=\"iwg-fachbegriff\" data-tooltip=\"Hugmyndir um uppbyggingu og skipulag heimsins innan menningar.\" tabindex=\"0\">heimsmynd<\/span> er sk\u00fdrt tv\u00edhyggjuleg: Ahura Mazda og Angra Mainyu standa hvor gegn \u00f6\u00f0rum sem \u00f3h\u00e1\u00f0ir frumkraftar; ma\u00f0urinn er kalla\u00f0ur til a\u00f0 vinna me\u00f0 si\u00f0fer\u00f0ilegri heg\u00f0un \u00e1 hli\u00f0 Asha (sannleika, kosm\u00edskrar skipunar) gegn Druj (lygi, ringulrei\u00f0).<\/p><p>Heimurinn er hugsa\u00f0ur \u00ed l\u00ednulegri t\u00edmahugsun: sk\u00f6pun, \u00e1t\u00f6k g\u00f3\u00f0s og ills, endanlegur sigur Asha me\u00f0 upprisu hinna dau\u00f0u og lokad\u00f3mi. \u00deessi eskat\u00f3l\u00f3g\u00eda haf\u00f0i dj\u00fap \u00e1hrif \u00e1 abraham\u00edsk tr\u00faarbr\u00f6g\u00f0.<\/p>\t\t\t\t\t\t\t\t<\/div>\n\t\t\t\t<\/div>\n\t\t\t\t\t<\/div>\n\t\t\t\t<\/div>\n\t\t<div class=\"elementor-element elementor-element-iwgcn-iranzoroas-s3 e-flex e-con-boxed e-con e-parent\" data-id=\"iwgcn-iranzoroas-s3\" data-element_type=\"container\" data-e-type=\"container\">\n\t\t\t\t\t<div class=\"e-con-inner\">\n\t\t\t\t<div class=\"elementor-element elementor-element-iwgcn-iranzoroas-s3h elementor-widget elementor-widget-heading\" data-id=\"iwgcn-iranzoroas-s3h\" data-element_type=\"widget\" data-e-type=\"widget\" data-widget_type=\"heading.default\">\n\t\t\t\t\t<h2 class=\"elementor-heading-title elementor-size-default\">Faravahar, hi\u00f0 v\u00e6ngja\u00f0a s\u00f3lart\u00e1kn<\/h2>\t\t\t\t<\/div>\n\t\t<div class=\"elementor-element elementor-element-iwgcn-iranzoroas-s3-c e-con-full e-flex e-con e-child\" data-id=\"iwgcn-iranzoroas-s3-c\" data-element_type=\"container\" data-e-type=\"container\">\n\t\t\t\t<div class=\"elementor-element elementor-element-iwgcn-iranzoroas-s3t elementor-widget elementor-widget-text-editor\" data-id=\"iwgcn-iranzoroas-s3t\" data-element_type=\"widget\" data-e-type=\"widget\" data-widget_type=\"text-editor.default\">\n\t\t\t\t\t\t\t\t\t<p>Faravahar, hi\u00f0 v\u00e6ngja\u00f0a s\u00f3lart\u00e1kn me\u00f0 manneskjulegri mynd \u00ed hring, er \u00ed dag \u00fea\u00f0 sj\u00f3nr\u00e6nt sterkasta einkennist\u00e1kn z\u00f3r\u00f3astr\u00edsks sj\u00e1lfsmyns. \u00dea\u00f0 er sta\u00f0fest \u00e1 akemen\u00edd\u00edskum l\u00e1gmyndum (Persepolis) fr\u00e1 6. \u00f6ld f.o.t.<\/p><p>T\u00falkun \u00feess er umdeild innan tr\u00faarfr\u00e6\u00f0a: hef\u00f0bundi\u00f0 lesi\u00f0 sem Fravashi (gu\u00f0legur verndar\u00fe\u00e1ttur s\u00e1larins), af \u00f6\u00f0rum sem mynd af Ahura Mazda sj\u00e1lfum e\u00f0a sem konungslegt heillamerki (Khvarenah).<\/p>\t\t\t\t\t\t\t\t<\/div>\n\t\t\t\t<\/div>\n\t\t\t\t\t<\/div>\n\t\t\t\t<\/div>\n\t\t<div class=\"elementor-element elementor-element-iwgcn-iranzoroas-s4 e-flex e-con-boxed e-con e-parent\" data-id=\"iwgcn-iranzoroas-s4\" data-element_type=\"container\" data-e-type=\"container\">\n\t\t\t\t\t<div class=\"e-con-inner\">\n\t\t\t\t<div class=\"elementor-element elementor-element-iwgcn-iranzoroas-s4h elementor-widget elementor-widget-heading\" data-id=\"iwgcn-iranzoroas-s4h\" data-element_type=\"widget\" data-e-type=\"widget\" data-widget_type=\"heading.default\">\n\t\t\t\t\t<h2 class=\"elementor-heading-title elementor-size-default\">Sudreh-Kushti, heilagur b\u00faningur og band<\/h2>\t\t\t\t<\/div>\n\t\t<div class=\"elementor-element elementor-element-iwgcn-iranzoroas-s4-c e-con-full e-flex e-con e-child\" data-id=\"iwgcn-iranzoroas-s4-c\" data-element_type=\"container\" data-e-type=\"container\">\n\t\t\t\t<div class=\"elementor-element elementor-element-iwgcn-iranzoroas-s4t elementor-widget elementor-widget-text-editor\" data-id=\"iwgcn-iranzoroas-s4t\" data-element_type=\"widget\" data-e-type=\"widget\" data-widget_type=\"text-editor.default\">\n\t\t\t\t\t\t\t\t\t<p>Z\u00f3r\u00f3astrar sem stunda tr\u00fa s\u00edna bera eftir Sedreh-Pushi-<span class=\"iwg-fachbegriff\" data-tooltip=\"Tr\u00faarleg umbreyting \u00fear sem einstaklingur er tekinn inn \u00ed n\u00fdja st\u00f6\u00f0u e\u00f0a samf\u00e9lag.\" tabindex=\"0\">v\u00edgslu<\/span> (samb\u00e6rilegt fermingu, venjulega um sj\u00f6 til t\u00edu \u00e1ra aldur) hi\u00f0 heilaga kl\u00e6\u00f0i Sudreh \u00far hv\u00edtri b\u00f3mull og heilaga bandi\u00f0 Kushti \u00far ull, vafi\u00f0 \u00ferefalt um mitti\u00f0.<\/p><p>\u00cd daglegu Padyab-Kushti-<span class=\"iwg-fachbegriff\" data-tooltip=\"Regluleg r\u00f6\u00f0 t\u00e1knr\u00e6nna athafna me\u00f0 tr\u00faarlega e\u00f0a menningarlega merkingu.\" tabindex=\"0\">helgisi\u00f0<\/span> er bandi\u00f0 losa\u00f0 og bundi\u00f0 a\u00f0 n\u00fdju, l\u00edkamleg endurn\u00fdjun j\u00e1tningar til Asha. 72 \u00fer\u00e6\u00f0ir Kushti samsvara kaflum Yasna.<\/p>\t\t\t\t\t\t\t\t<\/div>\n\t\t\t\t<\/div>\n\t\t\t\t\t<\/div>\n\t\t\t\t<\/div>\n\t\t<div class=\"elementor-element elementor-element-iwgcn-iranzoroas-s5 e-flex e-con-boxed e-con e-parent\" data-id=\"iwgcn-iranzoroas-s5\" data-element_type=\"container\" data-e-type=\"container\">\n\t\t\t\t\t<div class=\"e-con-inner\">\n\t\t\t\t<div class=\"elementor-element elementor-element-iwgcn-iranzoroas-s5h elementor-widget elementor-widget-heading\" data-id=\"iwgcn-iranzoroas-s5h\" data-element_type=\"widget\" data-e-type=\"widget\" data-widget_type=\"heading.default\">\n\t\t\t\t\t<h2 class=\"elementor-heading-title elementor-size-default\">N\u00faverandi \u00fatbrei\u00f0sla, Parsar og \u00edranskir z\u00f3r\u00f3astrar<\/h2>\t\t\t\t<\/div>\n\t\t<div class=\"elementor-element elementor-element-iwgcn-iranzoroas-s5-c e-con-full e-flex e-con e-child\" data-id=\"iwgcn-iranzoroas-s5-c\" data-element_type=\"container\" data-e-type=\"container\">\n\t\t\t\t<div class=\"elementor-element elementor-element-iwgcn-iranzoroas-s5t elementor-widget elementor-widget-text-editor\" data-id=\"iwgcn-iranzoroas-s5t\" data-element_type=\"widget\" data-e-type=\"widget\" data-widget_type=\"text-editor.default\">\n\t\t\t\t\t\t\t\t\t<p>Eftir arab\u00edska landvinninginn \u00ed Pers\u00edu \u00e1 7. \u00f6ld flutti hluti z\u00f3r\u00f3astr\u00edska samf\u00e9lagsins til Indlands, \u00fear sem \u00feeir ur\u00f0u Parsar (n\u00fa a\u00f0allega \u00e1 Mumbai-sv\u00e6\u00f0inu), efnahagslega og menningarlega \u00e1hrifamikill minnihlutah\u00f3pur.<\/p><p>\u00cd \u00cdran eru minni samf\u00e9l\u00f6g \u00ed Yazd, Kerman og Teheran. Tr\u00fain er ekki tr\u00fabo\u00f0str\u00fa, og fj\u00f6ldi fylgjenda \u00e1 heimsv\u00edsu er nokkur hundru\u00f0 \u00fe\u00fasund. \u00c1 20. \u00f6ld mynda\u00f0ist z\u00f3r\u00f3astr\u00edsk \u00fatlendingabygg\u00f0 \u00ed Nor\u00f0ur-Amer\u00edku og Evr\u00f3pu.<\/p>\t\t\t\t\t\t\t\t<\/div>\n\t\t\t\t<\/div>\n\t\t\t\t\t<\/div>\n\t\t\t\t<\/div>\n\t\t<div class=\"elementor-element elementor-element-iwgcn-iranzoroas-s6 e-flex e-con-boxed e-con e-parent\" data-id=\"iwgcn-iranzoroas-s6\" data-element_type=\"container\" data-e-type=\"container\">\n\t\t\t\t\t<div class=\"e-con-inner\">\n\t\t\t\t<div class=\"elementor-element elementor-element-iwgcn-iranzoroas-s6h elementor-widget elementor-widget-heading\" data-id=\"iwgcn-iranzoroas-s6h\" data-element_type=\"widget\" data-e-type=\"widget\" data-widget_type=\"heading.default\">\n\t\t\t\t\t<h2 class=\"elementor-heading-title elementor-size-default\">Heimildasta\u00f0a og ranns\u00f3knir<\/h2>\t\t\t\t<\/div>\n\t\t<div class=\"elementor-element elementor-element-iwgcn-iranzoroas-s6-c e-con-full e-flex e-con e-child\" data-id=\"iwgcn-iranzoroas-s6-c\" data-element_type=\"container\" data-e-type=\"container\">\n\t\t\t\t<div class=\"elementor-element elementor-element-iwgcn-iranzoroas-s6t elementor-widget elementor-widget-text-editor\" data-id=\"iwgcn-iranzoroas-s6t\" data-element_type=\"widget\" data-e-type=\"widget\" data-widget_type=\"text-editor.default\">\n\t\t\t\t\t\t\t\t\t<footer class=\"iwg-literatur\"><p>Mikilv\u00e6gar \u00fe\u00fd\u00f0ingar: Mary Boyce <em>A History of Zoroastrianism<\/em> (3 bindi, 1975, 1991), Helmut Humbach fyrir Gathas, Albert de Jong <em>Traditions of the Magi<\/em>. Fr\u00e6\u00f0ilegt samhengi: Geo Widengren, Bruce Lincoln. Einnig manikeismi, stofna\u00f0ur af Mani \u00e1 3. \u00f6ld, byggir \u00e1 z\u00f3r\u00f3astr\u00edskri <span class=\"iwg-fachbegriff\" data-tooltip=\"Hugmyndir um uppbyggingu og skipulag heimsins innan menningar.\" tabindex=\"0\">heimsmynd<\/span>.<\/p><\/footer>\t\t\t\t\t\t\t\t<\/div>\n\t\t\t\t<\/div>\n\t\t\t\t\t<\/div>\n\t\t\t\t<\/div>\n\t\t<div class=\"elementor-element elementor-element-cp27fd4d10 e-flex e-con-boxed e-con e-parent\" data-id=\"cp27fd4d10\" data-element_type=\"container\" data-e-type=\"container\">\n\t\t\t\t\t<div class=\"e-con-inner\">\n\t\t\t\t<div class=\"elementor-element elementor-element-cp27b264ec elementor-widget elementor-widget-heading\" data-id=\"cp27b264ec\" data-element_type=\"widget\" data-e-type=\"widget\" data-widget_type=\"heading.default\">\n\t\t\t\t\t<h2 class=\"elementor-heading-title elementor-size-default\">Avesta og Pahlavi-b\u00f3kmenntir: heimildasta\u00f0an<\/h2>\t\t\t\t<\/div>\n\t\t<div class=\"elementor-element elementor-element-cp254b322d e-flex e-con-boxed e-con e-child\" data-id=\"cp254b322d\" data-element_type=\"container\" data-e-type=\"container\">\n\t\t\t\t\t<div class=\"e-con-inner\">\n\t\t\t\t<div class=\"elementor-element elementor-element-cp21217e3d elementor-widget elementor-widget-text-editor\" data-id=\"cp21217e3d\" data-element_type=\"widget\" data-e-type=\"widget\" data-widget_type=\"text-editor.default\">\n\t\t\t\t\t\t\t\t\t<p>Elstu heimildir z\u00f3roastrisma eru var\u00f0veittar \u00ed <em>Avesta<\/em>, safni tr\u00faarlegra texta \u00e1 forn\u00edr\u00f6nsku tungum\u00e1li, avest\u00edsku. Kjarninn, <em>Gathas<\/em>, eru s\u00e1lmar sem samkv\u00e6mt hef\u00f0inni eru eigna\u00f0ir tr\u00faarh\u00f6fundinum Zara\u00fe\u00fastra sj\u00e1lfum og eru m\u00e1lfr\u00e6\u00f0ilega mj\u00f6g fornir.<\/p><p>\u00deeir eru felldir inn \u00ed yngri helgisi\u00f0ab\u00e6nina <em>Yasna<\/em>. Vi\u00f0 b\u00e6tast <em>Yashts<\/em>, s\u00e1lmar til einstakra gu\u00f0legra vera, auk helgisi\u00f0atexta og texta um hreinleikal\u00f6gm\u00e1l eins og <em>Vendidad<\/em>.<\/p><p>Avesta var var\u00f0veitt munnlega \u00ed margar aldir og var ekki sett \u00e1 letur fyrr en tilt\u00f6lulega seint. Verulegur hluti hefur glatast; \u00fea\u00f0 sem var\u00f0veist hefur telst brot af mun st\u00e6rra safni sem eitt sinn var til. N\u00faverandi handrit eru ekki eldri en fr\u00e1 13. \u00f6ld, sem gerir textagagnr\u00fdni s\u00e9rstaklega erfi\u00f0a.<\/p><p>Anna\u00f0 lag myndar b\u00f3kmenntir \u00e1 mi\u00f0persnesku, einnig k\u00f6llu\u00f0 pahlav\u00ed, sem ur\u00f0u a\u00f0 mestu til \u00e1 s\u00ed\u00f0t\u00edma Sasan\u00edda og \u00e1 fyrstu \u00f6ldum \u00edslams.<\/p><p>\u00dear \u00e1 me\u00f0al eru <em>Denkard<\/em>, eins konar alfr\u00e6\u00f0irit tr\u00faarbrag\u00f0anna, <em>Bundahishn<\/em> me\u00f0 z\u00f3roastr\u00edska <span class=\"iwg-fachbegriff\" data-tooltip=\"Hugmynd um uppbyggingu og skipan heimsins innan menningar.\" tabindex=\"0\">heimsmynd<\/span> og lokafr\u00e6\u00f0i, auk fj\u00f6lda umsagna og lagatexta. \u00deessi verk eru oft samantektir \u00e1 gl\u00f6tu\u00f0u avest\u00edsku efni og eru \u00fear me\u00f0 \u00f3missandi, en m\u00f3tu\u00f0 af gu\u00f0fr\u00e6\u00f0ilegri s\u00fdn s\u00edns t\u00edma.<\/p><p>Fyrir vestr\u00e6nar ranns\u00f3knir var r\u00e1\u00f0ning \u00feessara tungum\u00e1la langt ferli. Abraham Hyacinthe Anquetil-Duperron gaf \u00fat fyrstu evr\u00f3psku \u00fe\u00fd\u00f0inguna \u00e1 Avesta \u00e1ri\u00f0 1771, bygg\u00f0a \u00e1 fr\u00e6\u00f0slu sem hann f\u00e9kk fr\u00e1 prestum \u00e1 Indlandi.<\/p><p>S\u00ed\u00f0ari kynsl\u00f3\u00f0ir, eins og Christian Bartholomae me\u00f0 forn\u00edr\u00f6nsku or\u00f0ab\u00f3k sinni, l\u00f6g\u00f0u m\u00e1lfr\u00e6\u00f0ilegan grunn. Heimildasta\u00f0an er \u00fe\u00f3 \u00e1fram g\u00f6t\u00f3tt og miki\u00f0 um upphaf tr\u00faarbrag\u00f0anna byggist \u00e1 endurger\u00f0.<\/p>\t\t\t\t\t\t\t\t<\/div>\n\t\t\t\t\t<\/div>\n\t\t\t\t<\/div>\n\t\t\t\t\t<\/div>\n\t\t\t\t<\/div>\n\t\t<div class=\"elementor-element elementor-element-cp25408a86 e-flex e-con-boxed e-con e-parent\" data-id=\"cp25408a86\" data-element_type=\"container\" data-e-type=\"container\">\n\t\t\t\t\t<div class=\"e-con-inner\">\n\t\t\t\t<div class=\"elementor-element elementor-element-cp2d9ffc82 elementor-widget elementor-widget-heading\" data-id=\"cp2d9ffc82\" data-element_type=\"widget\" data-e-type=\"widget\" data-widget_type=\"heading.default\">\n\t\t\t\t\t<h2 class=\"elementor-heading-title elementor-size-default\">Hin heims\u00edska \u00e1t\u00f6k og heimsmyndin<\/h2>\t\t\t\t<\/div>\n\t\t<div class=\"elementor-element elementor-element-cp257fcf7d e-flex e-con-boxed e-con e-child\" data-id=\"cp257fcf7d\" data-element_type=\"container\" data-e-type=\"container\">\n\t\t\t\t\t<div class=\"e-con-inner\">\n\t\t\t\t<div class=\"elementor-element elementor-element-cp21d72b97 elementor-widget elementor-widget-text-editor\" data-id=\"cp21d72b97\" data-element_type=\"widget\" data-e-type=\"widget\" data-widget_type=\"text-editor.default\">\n\t\t\t\t\t\t\t\t\t<p>Z\u00f3roastr\u00edska heimsmyndin er m\u00f3tu\u00f0 af andst\u00e6\u00f0u tveggja grunnreglna. \u00c1 annarri hli\u00f0inni stendur <em>Ahura Mazda<\/em>, hinn vitri herra, uppspretta reglu, lj\u00f3ss og l\u00edfs.<\/p><p>\u00c1 m\u00f3ti honum stendur ey\u00f0ingar\u00f6flin, sem \u00ed yngri textum er kalla\u00f0 <em>Angra Mainyu<\/em> e\u00f0a \u00e1 mi\u00f0persnesku <em>Ahriman<\/em>, sem stendur fyrir lygi, glundro\u00f0a og dau\u00f0a. Hvort um s\u00e9 a\u00f0 r\u00e6\u00f0a stranga tv\u00edhyggju e\u00f0a skipulag sem Ahura Mazda umfa\u00f0mar a\u00f0 lokum, er g\u00f6mul \u00e1greiningsspurning \u00ed fr\u00e6\u00f0unum.<\/p><p>Heimssagan er hugsu\u00f0 sem t\u00edmabundin \u00e1t\u00f6k. Samkv\u00e6mt kerfi <em>Bundahishn<\/em> skiptist h\u00fan \u00ed nokkur st\u00f3r t\u00edmabil, sem \u00e1 endanum lei\u00f0a til endurn\u00fdjunar heimsins, <em>frashokereti<\/em>. \u00de\u00e1 er hi\u00f0 illa yfirbuga\u00f0, hinir d\u00e1nu risa upp og fullkomi\u00f0 jafnv\u00e6gi komi\u00f0 \u00e1.<\/p><p>Ma\u00f0urinn er \u00ed \u00feessu samhengi ekki \u00e1horfandi, heldur samherji sem me\u00f0 g\u00f3\u00f0um hugsunum, g\u00f3\u00f0um or\u00f0um og g\u00f3\u00f0um verkum styrkir hli\u00f0 reglunnar.<\/p><p>Milli hins h\u00e6sta gu\u00f0s og heimsins standa <em>Amesha Spentas<\/em>, hinar heilbrig\u00f0u \u00f3dau\u00f0legu verur, h\u00f3pur vera sem hver og einn birtir eitt einkenni g\u00f3\u00f0rar sk\u00f6punar og verndar tilteki\u00f0 svi\u00f0, svo sem eld, vatn, pl\u00f6ntur e\u00f0a m\u00e1lm.<\/p><p>Auk \u00feess koma fram fj\u00f6lmargar <em>Yazatas<\/em>, vir\u00f0ingarver\u00f0ar verur sem Yashts eru tileinka\u00f0ar. Hin fjandsamlega hli\u00f0 er bygg\u00f0 <em>Daevas<\/em> og \u00f6\u00f0rum ska\u00f0legum verum.<\/p><p>Eftir dau\u00f0ann ver\u00f0ur s\u00e1lin a\u00f0 fara yfir br\u00fa, sem breytist \u00ed samr\u00e6mi vi\u00f0 l\u00edfsreikninginn. H\u00fan ver\u00f0ur brei\u00f0 og au\u00f0farin fyrir hina r\u00e9ttl\u00e1tu, \u00fer\u00f6ng og h\u00e6ttulega fyrir hina illu.<\/p><p>\u00deessi hugmynd um d\u00f3m, br\u00fa og hinsegin endurgjald er me\u00f0al \u00feeirra \u00fe\u00e1tta sem miki\u00f0 er r\u00e6tt um \u00ed fr\u00e6\u00f0unum vegna hugsanlegra tengsla vi\u00f0 judaisma, kristni og \u00edslam.<\/p>\t\t\t\t\t\t\t\t<\/div>\n\t\t\t\t\t<\/div>\n\t\t\t\t<\/div>\n\t\t\t\t\t<\/div>\n\t\t\t\t<\/div>\n\t\t<div class=\"elementor-element elementor-element-cp2e6b25c1 e-flex e-con-boxed e-con e-parent\" data-id=\"cp2e6b25c1\" data-element_type=\"container\" data-e-type=\"container\">\n\t\t\t\t\t<div class=\"e-con-inner\">\n\t\t\t\t<div class=\"elementor-element elementor-element-cp2450c831 elementor-widget elementor-widget-heading\" data-id=\"cp2450c831\" data-element_type=\"widget\" data-e-type=\"widget\" data-widget_type=\"heading.default\">\n\t\t\t\t\t<h2 class=\"elementor-heading-title elementor-size-default\">Helgisi\u00f0ir, eldur og hreinleiki<\/h2>\t\t\t\t<\/div>\n\t\t<div class=\"elementor-element elementor-element-cp296b9f76 e-flex e-con-boxed e-con e-child\" data-id=\"cp296b9f76\" data-element_type=\"container\" data-e-type=\"container\">\n\t\t\t\t\t<div class=\"e-con-inner\">\n\t\t\t\t<div class=\"elementor-element elementor-element-cp2bb53da9 elementor-widget elementor-widget-text-editor\" data-id=\"cp2bb53da9\" data-element_type=\"widget\" data-e-type=\"widget\" data-widget_type=\"text-editor.default\">\n\t\t\t\t\t\t\t\t\t<p>Eldurinn er \u00ed z\u00f3roastrisma ekki gu\u00f0, heldur <span class=\"iwg-fachbegriff\" data-tooltip=\"T\u00e1kn sem stendur fyrir hugmynd e\u00f0a merkingu.\" tabindex=\"0\">t\u00e1kn<\/span> og bur\u00f0arefni hreinleika og gu\u00f0legrar reglu. \u00cd hofunum, sem utan fr\u00e1 eru oft k\u00f6llu\u00f0 eldhof, er v\u00edg\u00f0ur eldur haldinn st\u00f6\u00f0ugt logandi og hirt um af prestum.<\/p><p>\u00c6\u00f0sta stig sl\u00edks elds, <em>Atash Bahram<\/em>, myndast me\u00f0 langvinnu <span class=\"iwg-fachbegriff\" data-tooltip=\"Skipul\u00f6g\u00f0 r\u00f6\u00f0 t\u00e1kngj\u00f6r\u00f0a me\u00f0 tr\u00faarlega e\u00f0a menningarlega merkingu.\" tabindex=\"0\">helgisi\u00f0i<\/span>, \u00fear sem eldur \u00far m\u00f6rgum uppsprettum er sameina\u00f0ur og hreinsa\u00f0ur.<\/p><p>Mi\u00f0punktur megin\u00e1tr\u00fana\u00f0arins er <em>Yasna<\/em>, margra klukkustunda l\u00f6ng <span class=\"iwg-fachbegriff\" data-tooltip=\"F\u00f6st skipan gu\u00f0s\u00fej\u00f3nustu tr\u00faarsamf\u00e9lags.\" tabindex=\"0\">helgisi\u00f0aath\u00f6fn<\/span>, \u00fear sem prestur les upp avest\u00edska texta og framkv\u00e6mir helgiathafnir me\u00f0 vatni, pl\u00f6ntum og safa <em>haoma<\/em>-pl\u00f6ntunnar. Auk \u00feess eru til styttri b\u00e6nastundir og heimilisb\u00e6nir sem leikmenn sinna sj\u00e1lfir.<\/p><p>Hugmyndir um hreinleika gegns\u00fdra daglegt l\u00edf. Dau\u00f0i og rotnun eru taldar sterkasta \u00e1r\u00e1s ey\u00f0ingaraflsins. \u00deess vegna m\u00e1 l\u00edk ekki saurga hin hreinu frumefni j\u00f6r\u00f0, vatn og eld. \u00dat fr\u00e1 \u00feessari r\u00f6kfr\u00e6\u00f0i var\u00f0 til greftrun \u00ed svok\u00f6llu\u00f0um \u00feagnarturnum, <em>dakhma<\/em>, \u00fear sem l\u00edkamar voru l\u00e1tnir liggja fyrir hr\u00e6\u00e6turfugla.<\/p><p>\u00c1 okkar t\u00edmum er \u00feessi venja v\u00ed\u00f0a a\u00f0eins m\u00f6guleg a\u00f0 takm\u00f6rku\u00f0u leyti e\u00f0a yfirleitt ekki, \u00feannig a\u00f0 greftrun \u00ed s\u00e9rstaklega \u00fe\u00e9ttum gr\u00f6fum e\u00f0a b\u00e1lf\u00f6r kemur einnig fyrir, sem er umdeilt innan samf\u00e9lagsins.<\/p><p>Helgisi\u00f0a\u00e1ri\u00f0 er m\u00f3ta\u00f0 af f\u00f6stum h\u00e1t\u00ed\u00f0um. \u00deekktust er <em>Nouruz<\/em>, n\u00fd\u00e1rsdagurinn \u00e1 vorjafnd\u00e6gri, sem er haldinn h\u00e1t\u00ed\u00f0legur langt \u00fat fyrir tr\u00faarsamf\u00e9lagi\u00f0 \u00ed \u00cdran og n\u00e1grannal\u00f6ndum. Auk \u00feess koma sex <em>Gahanbar<\/em>-h\u00e1t\u00ed\u00f0ir, sem samsvara sk\u00f6punarskei\u00f0unum, og minningardagar fyrir hina d\u00e1nu. \u00deessar h\u00e1t\u00ed\u00f0ir tengja saman <span class=\"iwg-fachbegriff\" data-tooltip=\"Hugmynd um uppbyggingu og skipan heimsins innan menningar.\" tabindex=\"0\">heimsmynd<\/span>, landb\u00fana\u00f0ar\u00e1r og samf\u00e9lagsl\u00edf.<\/p>\t\t\t\t\t\t\t\t<\/div>\n\t\t\t\t\t<\/div>\n\t\t\t\t<\/div>\n\t\t\t\t\t<\/div>\n\t\t\t\t<\/div>\n\t\t<div class=\"elementor-element elementor-element-cp2a38c545 e-flex e-con-boxed e-con e-parent\" data-id=\"cp2a38c545\" data-element_type=\"container\" data-e-type=\"container\">\n\t\t\t\t\t<div class=\"e-con-inner\">\n\t\t\t\t<div class=\"elementor-element elementor-element-cp247060ad elementor-widget elementor-widget-heading\" data-id=\"cp247060ad\" data-element_type=\"widget\" data-e-type=\"widget\" data-widget_type=\"heading.default\">\n\t\t\t\t\t<h2 class=\"elementor-heading-title elementor-size-default\">Parsar, \u00edranar og z\u00f3roastr\u00edsk n\u00fat\u00ed\u00f0<\/h2>\t\t\t\t<\/div>\n\t\t<div class=\"elementor-element elementor-element-cp26906393 e-flex e-con-boxed e-con e-child\" data-id=\"cp26906393\" data-element_type=\"container\" data-e-type=\"container\">\n\t\t\t\t\t<div class=\"e-con-inner\">\n\t\t\t\t<div class=\"elementor-element elementor-element-cp25825757 elementor-widget elementor-widget-text-editor\" data-id=\"cp25825757\" data-element_type=\"widget\" data-e-type=\"widget\" data-widget_type=\"text-editor.default\">\n\t\t\t\t\t\t\t\t\t<p>Eftir arab\u00edsk-\u00edslamska landvinninga \u00cdran \u00e1 7. \u00f6ld missti zoroastrismi st\u00f6\u00f0u s\u00edna sem r\u00edkistr\u00fa og var\u00f0 \u00e1 \u00f6ldunum sem fylgdu a\u00f0 l\u00edtilli minnihlutatr\u00fa.<\/p><p>Hluti tr\u00faa\u00f0ra flutti til Indlands, samkv\u00e6mt <span class=\"iwg-fachbegriff\" data-tooltip=\"Mi\u00f0lun \u00feekkingar og sagna milli kynsl\u00f3\u00f0a.\" tabindex=\"0\">munnm\u00e6lum<\/span> um \u00fea\u00f0 bil \u00e1 8. til 10. \u00f6ld. Afkomendur \u00feeirra eru <em>Parsar<\/em>, sem settust fyrst og fremst a\u00f0 \u00ed h\u00e9ra\u00f0inu Gujarat og s\u00ed\u00f0ar \u00ed Mumbai.<\/p><p>Parsar myndu\u00f0u undir bresku yfirr\u00e1\u00f0unum vel st\u00e6tt samf\u00e9lag me\u00f0 \u00e1herslu \u00e1 menntun, me\u00f0 eigin sj\u00f3\u00f0um, sk\u00f3lum og hofum. \u00c1 sama t\u00edma leiddu l\u00e1gur fj\u00f6ldi, l\u00edtil f\u00e6\u00f0ingart\u00ed\u00f0ni og strangar reglur um \u00e6tterni til st\u00f6\u00f0ugrar f\u00f3lksf\u00e6kkunar sem hefur haldi\u00f0 \u00e1fram til dagsins \u00ed dag og er umdeilt innan samf\u00e9lagsins, me\u00f0al annars \u00ed spurningunni um hvort b\u00f6rn \u00far hj\u00f3nab\u00f6ndum me\u00f0 ekki-zoroastristum s\u00e9u tekin inn \u00ed tr\u00fana.<\/p><p>\u00cd \u00cdran sj\u00e1lfu h\u00e9lt sm\u00e6rra samf\u00e9lag velli, <em>Iranar<\/em> (Iranis), a\u00f0allega \u00ed Yazd, Kerman og Teheran. \u00deeir lif\u00f0u lengi vi\u00f0 lagalega mismunun en eru \u00ed dag vi\u00f0urkenndir sem tr\u00faarlegur minnihluti me\u00f0 stj\u00f3rnarskr\u00e1rvarinni fulltr\u00fa, \u00fe\u00f3tt fj\u00f6ldinn s\u00e9 mj\u00f6g l\u00edtill. Auk \u00feess eru til samf\u00e9l\u00f6g \u00ed \u00fatleg\u00f0, s\u00e9rstaklega \u00ed Nor\u00f0ur-Amer\u00edku, Bretlandi og \u00c1stral\u00edu.<\/p><p>V\u00edsindaleg ranns\u00f3kn \u00e1 tr\u00faarbr\u00f6g\u00f0unum er n\u00e1tengd n\u00f6fnum eins og Mary Boyce, en vettvangsranns\u00f3knir hennar me\u00f0al \u00edranskra zoroastrista \u00e1 sj\u00f6unda \u00e1ratug 20. aldar og margbinda tr\u00faarbrag\u00f0asaga hennar eru enn \u00ed dag talin h\u00f6fu\u00f0rit \u00e1 svi\u00f0inu.<\/p><p>S\u00ed\u00f0ari fr\u00e6\u00f0imenn eins og Jenny Rose og Albert de Jong hafa d\u00fdpka\u00f0 myndina og lagt s\u00e9rstaka \u00e1herslu \u00e1 fj\u00f6lbreytileika \u00ed tr\u00faari\u00f0kun. R\u00e9ttm\u00e6t l\u00fdsing \u00fearf a\u00f0 s\u00fdna zoroastrisma sem lifandi, \u00fe\u00f3tt \u00ed h\u00e6ttu s\u00e9, samt\u00edmatr\u00fa og ekki bara sem forneskjulegt fyrirb\u00e6ri. Snertipunktar eru vi\u00f0 menningarsv\u00e6\u00f0i\u00f0 sem fjalla\u00f0 er um \u00e1 mi\u00f0junni <a href=\"https:\/\/iwell-guard.com\/is\/?page_id=168583\">Mes\u00f3p\u00f3tam\u00eda<\/a>.<\/p>\t\t\t\t\t\t\t\t<\/div>\n\t\t\t\t\t<\/div>\n\t\t\t\t<\/div>\n\t\t\t\t\t<\/div>\n\t\t\t\t<\/div>\n\t\t<div class=\"elementor-element elementor-element-iwgcn-iranzoroas-kwd e-flex e-con-boxed e-con e-parent\" data-id=\"iwgcn-iranzoroas-kwd\" data-element_type=\"container\" data-e-type=\"container\">\n\t\t\t\t\t<div class=\"e-con-inner\">\n\t\t<div class=\"elementor-element elementor-element-iwgcn-iranzoroas-kwd-c e-con-full e-flex e-con e-child\" data-id=\"iwgcn-iranzoroas-kwd-c\" data-element_type=\"container\" data-e-type=\"container\">\n\t\t\t\t<div class=\"elementor-element elementor-element-iwgcn-iranzoroas-kwdt elementor-widget elementor-widget-text-editor\" data-id=\"iwgcn-iranzoroas-kwdt\" data-element_type=\"widget\" data-e-type=\"widget\" data-widget_type=\"text-editor.default\">\n\t\t\t\t\t\t\t\t\t<p><em>Tengd lykilhugt\u00f6k: Zara\u00fe\u00fastra Avesta Ahura Mazda Angra Mainyu Faravahar Kushti Sudreh Amesha Spentas Yazatas Asha Druj Gathas Yasna.<\/em><\/p>\t\t\t\t\t\t\t\t<\/div>\n\t\t\t\t<\/div>\n\t\t\t\t\t<\/div>\n\t\t\t\t<\/div>\n\t\t<div class=\"elementor-element elementor-element-iwgcn-iranzoroas-cc e-flex e-con-boxed e-con e-parent\" data-id=\"iwgcn-iranzoroas-cc\" data-element_type=\"container\" data-e-type=\"container\" id=\"iwg-cc-iran-zoroastrismus\">\n\t\t\t\t\t<div class=\"e-con-inner\">\n\t\t<div class=\"elementor-element elementor-element-iwgcn-iranzoroas-ccinner e-flex e-con-boxed e-con e-parent\" data-id=\"iwgcn-iranzoroas-ccinner\" data-element_type=\"container\" data-e-type=\"container\" data-settings=\"{&quot;background_background&quot;:&quot;classic&quot;}\">\n\t\t\t\t\t<div class=\"e-con-inner\">\n\t\t\t\t<div class=\"elementor-element elementor-element-iwgcn-iranzoroas-cch elementor-widget elementor-widget-heading\" data-id=\"iwgcn-iranzoroas-cch\" data-element_type=\"widget\" data-e-type=\"widget\" data-widget_type=\"heading.default\">\n\t\t\t\t\t<h2 class=\"elementor-heading-title elementor-size-default\">Verndargripir \u00ed \u00feessari menningarhef\u00f0<\/h2>\t\t\t\t<\/div>\n\t\t\t\t<div class=\"elementor-element elementor-element-iwgcn-iranzoroas-cct elementor-widget elementor-widget-text-editor\" data-id=\"iwgcn-iranzoroas-cct\" data-element_type=\"widget\" data-e-type=\"widget\" data-widget_type=\"text-editor.default\">\n\t\t\t\t\t\t\t\t\t<p>Zoroastr\u00edsk-\u00edranskar hef\u00f0ir fylgja f\u00f3lki me\u00f0 hinni heil\u00f6gu skyrtu Sudreh og hinum heilaga strengi Kushti; Faravahar \u00fej\u00f3nar sem s\u00fdnilegt t\u00e1kn um sj\u00e1lfsmynd og vernd, \u00e1samt hengjum me\u00f0 Avesta-versum og verndargripum.<\/p><div data-nosnippet=\"true\"><p>iWell Guard fellur inn \u00ed \u00feessa menningars\u00f6gulegu hef\u00f0 bur\u00f0argripa til verndar, \u00ed samt\u00edmalegri efnisger\u00f0, framleitt \u00ed \u00de\u00fdskalandi. 41 l\u00f6g, alv\u00f6ru gull, plat\u00edna, silfur. 30 daga skilar\u00e9ttur.<\/p><\/div>\t\t\t\t\t\t\t\t<\/div>\n\t\t\t\t<div class=\"elementor-element elementor-element-iwgcn-iranzoroas-ccb iwg-cc-button iwg-cc-cta-2026-05-13 elementor-widget elementor-widget-jet-button\" data-id=\"iwgcn-iranzoroas-ccb\" data-element_type=\"widget\" data-e-type=\"widget\" data-widget_type=\"jet-button.default\">\n\t\t\t\t<div class=\"elementor-widget-container\">\n\t\t\t\t\t<div class=\"elementor-jet-button jet-elements\"><div class=\"jet-button__container\"><a class=\"jet-button__instance jet-button__instance--icon-left hover-effect-1\" href=\"\/ueber-iwell-guard\/?utm_source=iwell-guard.com&amp;utm_medium=info-box&amp;utm_campaign=kultur-tradition\"><div class=\"jet-button__plane jet-button__plane-normal\"><\/div><div class=\"jet-button__plane jet-button__plane-hover\"><\/div><div class=\"jet-button__state jet-button__state-normal\"><span class=\"jet-button__label\">Meira um iWell Guard<\/span><\/div><div class=\"jet-button__state jet-button__state-hover\"><span class=\"jet-button__label\">Meira um iWell Guard<\/span><\/div><\/a><\/div><\/div><style>.elementor-element.elementor-element-iwgcn-iranzoroas-ccb .jet-button__instance{width:320px;height:56px;}.elementor-element.elementor-element-iwgcn-iranzoroas-ccb .jet-button__state-normal .jet-button__label{text-align:center;margin:0px 0px 0px 0px;color:#1a1b20;font-family:Montserrat,sans-serif;font-size:13px;font-weight:400;letter-spacing:4px;line-height:1.714em;text-transform:uppercase;}.elementor-element.elementor-element-iwgcn-iranzoroas-ccb .jet-button__state-hover .jet-button__label{text-align:center;margin:0px 0px 0px 0px;color:#FECC76;font-family:Montserrat,sans-serif;font-size:13px;font-weight:400;letter-spacing:4px;line-height:1.714em;text-transform:uppercase;}.elementor-element.elementor-element-iwgcn-iranzoroas-ccb .jet-button__plane-normal{background-color:#FECC76;border-style:solid;border-color:#C99540;border-width:2px 2px 2px 2px;}.elementor-element.elementor-element-iwgcn-iranzoroas-ccb .jet-button__plane-hover{background-color:rgba(0,0,0,0.55);border-style:solid;border-color:#FECC76;border-width:2px 2px 2px 2px;}<\/style>\t\t\t\t<\/div>\n\t\t\t\t<\/div>\n\t\t\t\t<div class=\"elementor-element elementor-element-iwgcn-iranzoroas-ccd elementor-widget elementor-widget-text-editor\" data-id=\"iwgcn-iranzoroas-ccd\" data-element_type=\"widget\" data-e-type=\"widget\" data-widget_type=\"text-editor.default\">\n\t\t\t\t\t\t\t\t\t<div data-nosnippet=\"true\"><p style=\"text-align:center;font-size:13px;opacity:0.7;margin-top:14px\" data-nosnippet=\"true\">Pers\u00f3nuleg reynsla getur veri\u00f0 mismunandi. Ekki l\u00e6kningat\u00e6ki. Engin lofor\u00f0 um l\u00e6kningu.<\/p><\/div>\t\t\t\t\t\t\t\t<\/div>\n\t\t\t\t\t<\/div>\n\t\t\t\t<\/div>\n\t\t\t\t\t<\/div>\n\t\t\t\t<\/div>\n\t\t<div class=\"elementor-element elementor-element-iwgcn-iranzoroas-disc e-flex e-con-boxed e-con e-parent\" data-id=\"iwgcn-iranzoroas-disc\" data-element_type=\"container\" data-e-type=\"container\">\n\t\t\t\t\t<div class=\"e-con-inner\">\n\t\t\t\t<div class=\"elementor-element elementor-element-iwgcn-iranzoroas-discw elementor-widget elementor-widget-html\" data-id=\"iwgcn-iranzoroas-discw\" data-element_type=\"widget\" data-e-type=\"widget\" data-widget_type=\"html.default\">\n\t\t\t\t\t<footer data-nosnippet=\"true\" class=\"iwg-disclaimer-block\"><p data-nosnippet=\"true\">iWell Guard er <strong>ekki l\u00e6kningat\u00e6ki<\/strong> og kemur ekki \u00ed sta\u00f0inn fyrir l\u00e6knis- e\u00f0a s\u00e1lfr\u00e6\u00f0ime\u00f0fer\u00f0. Tr\u00faarfr\u00e6\u00f0ilegt efni er menningars\u00f6gulegt samhengi, ekki r\u00e1\u00f0legging um andlega i\u00f0kun.<\/p><\/footer>\t\t\t\t<\/div>\n\t\t\t\t\t<\/div>\n\t\t\t\t<\/div>\n\t\t<div class=\"elementor-element elementor-element-iwgssrev-iranzoroastrismus e-flex e-con-boxed e-con e-parent\" data-id=\"iwgssrev-iranzoroastrismus\" data-element_type=\"container\" data-e-type=\"container\">\n\t\t\t\t\t<div class=\"e-con-inner\">\n\t\t\t\t<div class=\"elementor-element elementor-element-iwgssrev-iranzoroastrismus-h elementor-widget elementor-widget-heading\" data-id=\"iwgssrev-iranzoroastrismus-h\" data-element_type=\"widget\" data-e-type=\"widget\" data-widget_type=\"heading.default\">\n\t\t\t\t\t<h2 class=\"elementor-heading-title elementor-size-default\">Verndart\u00e1kn fr\u00e1 \u00cdran og zoroastrisma<\/h2>\t\t\t\t<\/div>\n\t\t\t\t<div class=\"elementor-element elementor-element-iwgssrev-iranzoroastrismus-t elementor-widget elementor-widget-text-editor\" data-id=\"iwgssrev-iranzoroastrismus-t\" data-element_type=\"widget\" data-e-type=\"widget\" data-widget_type=\"text-editor.default\">\n\t\t\t\t\t\t\t\t\t<p>\u00cd uppflettiriti verndart\u00e1kna er fjalla\u00f0 um nokkur t\u00e1kn og gripi fr\u00e1 \u00cdran og zoroastrisma \u00e1 eigin s\u00ed\u00f0um: <a href=\"https:\/\/iwell-guard.com\/is\/?page_id=169154\">Faravahar<\/a> og <a href=\"https:\/\/iwell-guard.com\/is\/?page_id=169221\">Kushti<\/a>. Yfirlit \u00fevert \u00e1 menningarheima er a\u00f0 finna \u00e1 s\u00ed\u00f0unni um <a href=\"https:\/\/iwell-guard.com\/is\/?page_id=168902\">verndart\u00e1kn<\/a>.<\/p>\t\t\t\t\t\t\t\t<\/div>\n\t\t\t\t\t<\/div>\n\t\t\t\t<\/div>\n\t\t\t\t<\/div>\n\t\t","protected":false},"excerpt":{"rendered":"","protected":false},"author":3,"featured_media":2901,"parent":0,"menu_order":0,"comment_status":"closed","ping_status":"closed","template":"elementor_header_footer","meta":{"_yoast_wpseo_focuskw":"Verndarhef\u00f0 z\u00f3r\u00f3astrismans","_yoast_wpseo_title":"Z\u00f3r\u00f3astrismi \u2013 Ahura Mazda, Avesta og verndarhef\u00f0ir","_yoast_wpseo_metadesc":"Z\u00f3r\u00f3astrismi \u00e1 iWell Guard: Ahura Mazda, Avesta, Faravahar og hi\u00f0 heilaga band Kushti, sett \u00ed tr\u00faarfr\u00e6\u00f0ilegt samhengi.","_yoast_wpseo_meta-robots-noindex":"","_yoast_wpseo_canonical":"","_angie_page":false,"gefaehrdungsstufe":"","wesen_kultur":"","wesen_klasse":"","footnotes":""},"categories":[],"class_list":["post-168907","page","type-page","status-publish","has-post-thumbnail","hentry"],"yoast_head":"<!-- This site is optimized with the Yoast SEO Premium plugin v27.7 (Yoast SEO v28.3) - https:\/\/yoast.com\/product\/yoast-seo-premium-wordpress\/ -->\n<title>Z\u00f3r\u00f3astrismi \u2013 Ahura Mazda, Avesta og verndarhef\u00f0ir<\/title>\n<meta name=\"description\" content=\"Z\u00f3r\u00f3astrismi \u00e1 iWell Guard: Ahura Mazda, Avesta, Faravahar og hi\u00f0 heilaga band Kushti, sett \u00ed tr\u00faarfr\u00e6\u00f0ilegt samhengi.\" \/>\n<meta name=\"robots\" content=\"index, follow, max-snippet:-1, max-image-preview:large, max-video-preview:-1\" \/>\n<link rel=\"canonical\" href=\"https:\/\/iwell-guard.com\/is\/iran-og-zoroastrismi-avesta-ahura-mazda\/\" \/>\n<meta property=\"og:locale\" content=\"is_IS\" \/>\n<meta property=\"og:type\" content=\"article\" \/>\n<meta property=\"og:title\" content=\"\u00cdran og Z\u00f3r\u00f3astrismi \u2013 Avesta, Ahura Mazda og Faravahar\" \/>\n<meta property=\"og:description\" content=\"Z\u00f3r\u00f3astrismi \u00e1 iWell Guard: Ahura Mazda, Avesta, Faravahar og hi\u00f0 heilaga band Kushti, sett \u00ed tr\u00faarfr\u00e6\u00f0ilegt samhengi.\" \/>\n<meta property=\"og:url\" content=\"https:\/\/iwell-guard.com\/is\/iran-og-zoroastrismi-avesta-ahura-mazda\/\" \/>\n<meta property=\"og:site_name\" content=\"iWell Guard\" \/>\n<meta property=\"article:modified_time\" content=\"2026-09-05T14:22:29+00:00\" \/>\n<meta property=\"og:image\" content=\"https:\/\/iwell-guard.com\/wp-content\/uploads\/2026\/05\/goetter_iran-zoroastrismus_ahura-mazda.webp\" \/>\n\t<meta property=\"og:image:width\" content=\"1024\" \/>\n\t<meta property=\"og:image:height\" content=\"1536\" \/>\n\t<meta property=\"og:image:type\" content=\"image\/webp\" \/>\n<meta name=\"twitter:card\" content=\"summary_large_image\" \/>\n<script type=\"application\/ld+json\" class=\"yoast-schema-graph\">{\"@context\":\"https:\\\/\\\/schema.org\",\"@graph\":[{\"@type\":\"WebPage\",\"@id\":\"https:\\\/\\\/iwell-guard.com\\\/is\\\/iran-og-zoroastrismi-avesta-ahura-mazda\\\/\",\"url\":\"https:\\\/\\\/iwell-guard.com\\\/is\\\/iran-og-zoroastrismi-avesta-ahura-mazda\\\/\",\"name\":\"Z\u00f3r\u00f3astrismi \u2013 Ahura Mazda, Avesta og verndarhef\u00f0ir\",\"isPartOf\":{\"@id\":\"https:\\\/\\\/iwell-guard.com\\\/is\\\/#website\"},\"primaryImageOfPage\":{\"@id\":\"https:\\\/\\\/iwell-guard.com\\\/is\\\/iran-og-zoroastrismi-avesta-ahura-mazda\\\/#primaryimage\"},\"image\":{\"@id\":\"https:\\\/\\\/iwell-guard.com\\\/is\\\/iran-og-zoroastrismi-avesta-ahura-mazda\\\/#primaryimage\"},\"thumbnailUrl\":\"https:\\\/\\\/iwell-guard.com\\\/wp-content\\\/uploads\\\/2026\\\/05\\\/goetter_iran-zoroastrismus_ahura-mazda.webp\",\"datePublished\":\"2026-09-05T14:03:57+00:00\",\"dateModified\":\"2026-09-05T14:22:29+00:00\",\"description\":\"Z\u00f3r\u00f3astrismi \u00e1 iWell Guard: Ahura Mazda, Avesta, Faravahar og hi\u00f0 heilaga band Kushti, sett \u00ed tr\u00faarfr\u00e6\u00f0ilegt samhengi.\",\"breadcrumb\":{\"@id\":\"https:\\\/\\\/iwell-guard.com\\\/is\\\/iran-og-zoroastrismi-avesta-ahura-mazda\\\/#breadcrumb\"},\"inLanguage\":\"is\",\"potentialAction\":[{\"@type\":\"ReadAction\",\"target\":[\"https:\\\/\\\/iwell-guard.com\\\/is\\\/iran-og-zoroastrismi-avesta-ahura-mazda\\\/\"]}]},{\"@type\":\"ImageObject\",\"inLanguage\":\"is\",\"@id\":\"https:\\\/\\\/iwell-guard.com\\\/is\\\/iran-og-zoroastrismi-avesta-ahura-mazda\\\/#primaryimage\",\"url\":\"https:\\\/\\\/iwell-guard.com\\\/wp-content\\\/uploads\\\/2026\\\/05\\\/goetter_iran-zoroastrismus_ahura-mazda.webp\",\"contentUrl\":\"https:\\\/\\\/iwell-guard.com\\\/wp-content\\\/uploads\\\/2026\\\/05\\\/goetter_iran-zoroastrismus_ahura-mazda.webp\",\"width\":1024,\"height\":1536,\"caption\":\"Gu\u00f0ir \u00far \u00edr\u00f6nsk-z\u00f3r\u00f3astr\u00edskri hef\u00f0.\"},{\"@type\":\"BreadcrumbList\",\"@id\":\"https:\\\/\\\/iwell-guard.com\\\/is\\\/iran-og-zoroastrismi-avesta-ahura-mazda\\\/#breadcrumb\",\"itemListElement\":[{\"@type\":\"ListItem\",\"position\":1,\"name\":\"Start\",\"item\":\"https:\\\/\\\/iwell-guard.com\\\/is\\\/?page_id=168580\"},{\"@type\":\"ListItem\",\"position\":2,\"name\":\"\u00cdran og Z\u00f3r\u00f3astrismi \u2013 Avesta, Ahura Mazda og Faravahar\"}]},{\"@type\":\"WebSite\",\"@id\":\"https:\\\/\\\/iwell-guard.com\\\/is\\\/#website\",\"url\":\"https:\\\/\\\/iwell-guard.com\\\/is\\\/\",\"name\":\"iWell Guard\",\"description\":\"Schutz vor dunklen Einfl\u00fcssen\",\"publisher\":{\"@id\":\"https:\\\/\\\/iwell-guard.com\\\/is\\\/#organization\"},\"potentialAction\":[{\"@type\":\"SearchAction\",\"target\":{\"@type\":\"EntryPoint\",\"urlTemplate\":\"https:\\\/\\\/iwell-guard.com\\\/is\\\/?s={search_term_string}\"},\"query-input\":{\"@type\":\"PropertyValueSpecification\",\"valueRequired\":true,\"valueName\":\"search_term_string\"}}],\"inLanguage\":\"is\"},{\"@type\":\"Organization\",\"@id\":\"https:\\\/\\\/iwell-guard.com\\\/is\\\/#organization\",\"name\":\"Ittermann electronic GmbH\",\"url\":\"https:\\\/\\\/iwell-guard.com\\\/is\\\/\",\"logo\":{\"@type\":\"ImageObject\",\"inLanguage\":\"is\",\"@id\":\"https:\\\/\\\/iwell-guard.com\\\/is\\\/#\\\/schema\\\/logo\\\/image\\\/\",\"url\":\"https:\\\/\\\/iwell-guard.com\\\/wp-content\\\/uploads\\\/2026\\\/05\\\/Ittermann-Logo-1182x237-1.png\",\"contentUrl\":\"https:\\\/\\\/iwell-guard.com\\\/wp-content\\\/uploads\\\/2026\\\/05\\\/Ittermann-Logo-1182x237-1.png\",\"width\":1182,\"height\":237,\"caption\":\"Ittermann electronic GmbH\"},\"image\":{\"@id\":\"https:\\\/\\\/iwell-guard.com\\\/is\\\/#\\\/schema\\\/logo\\\/image\\\/\"},\"sameAs\":[\"https:\\\/\\\/pantip.com\\\/profile\\\/9367242\",\"https:\\\/\\\/micro.blog\\\/iwellguard\",\"https:\\\/\\\/www.diggerslist.com\\\/iwellguard\\\/about\",\"https:\\\/\\\/skitterphoto.com\\\/photographers\\\/2870314\\\/iwell-guard\",\"https:\\\/\\\/iwellguard.wordpress.com\\\/2026\\\/06\\\/06\\\/iwell-guard\\\/\",\"https:\\\/\\\/hub.docker.com\\\/u\\\/iwellguard\",\"https:\\\/\\\/www.pinterest.com\\\/iwellguard\\\/\",\"https:\\\/\\\/bit.ly\\\/m\\\/iwellguard\",\"https:\\\/\\\/entre-vos-mains.alsace.eu\\\/profiles\\\/iwellguard\\\/activity\",\"https:\\\/\\\/gravatar.com\\\/reallybeded8fd34\",\"https:\\\/\\\/naijamatta.com\\\/iwellguard\",\"https:\\\/\\\/www.goodreads.com\\\/iwellguard\",\"https:\\\/\\\/profile.hatena.ne.jp\\\/iwellguard\\\/\",\"https:\\\/\\\/experiment.com\\\/users\\\/iwellguard\",\"https:\\\/\\\/wakelet.com\\\/@iWellGuard82270\",\"https:\\\/\\\/www.chordie.com\\\/forum\\\/profile.php?id=2555664\",\"https:\\\/\\\/www.instapaper.com\\\/p\\\/17757966\",\"https:\\\/\\\/www.mapleprimes.com\\\/users\\\/iwellguard\",\"https:\\\/\\\/businesslistingplus.com\\\/profile\\\/iwell-guard\\\/\",\"https:\\\/\\\/telegra.ph\\\/iWell-Guard-06-06\",\"https:\\\/\\\/pbase.com\\\/iwellguard\\\/iwellguard\",\"https:\\\/\\\/b.hatena.ne.jp\\\/iwellguard\\\/20260607#bookmark-4788405196491818882\",\"https:\\\/\\\/fliphtml5.com\\\/home\\\/iwellguard\",\"https:\\\/\\\/anyflip.com\\\/homepage\\\/cmiwl#About\",\"https:\\\/\\\/transfur.com\\\/Users\\\/iwellguard\",\"http:\\\/\\\/delphi.larsbo.org\\\/user\\\/iwellguard\",\"https:\\\/\\\/jobs.lajobsportal.org\\\/profiles\\\/8380803-iwell-guard\",\"https:\\\/\\\/md.chaosdorf.de\\\/s\\\/jfbe5SBdJD\",\"https:\\\/\\\/www.lingvolive.com\\\/en-us\\\/profile\\\/9ecaeaca-ce11-4e51-9e71-01d55e2bff36\\\/translations\",\"https:\\\/\\\/www.fitday.com\\\/fitness\\\/forums\\\/members\\\/iwellguard.html\",\"https:\\\/\\\/www.mymeetbook.com\\\/iwellguard\",\"https:\\\/\\\/pxhere.com\\\/en\\\/photographer-me\\\/5040798\",\"https:\\\/\\\/disqus.com\\\/by\\\/iwellguard\\\/about\\\/\",\"https:\\\/\\\/pastelink.net\\\/hjwciqwq\",\"https:\\\/\\\/pubhtml5.com\\\/homepage\\\/scjhn\\\/\",\"https:\\\/\\\/www.bitchute.com\\\/channel\\\/2O2eOKzNqujT\",\"https:\\\/\\\/audiomack.com\\\/iwellguard\"]}]}<\/script>\n<!-- \/ Yoast SEO Premium plugin. -->","yoast_head_json":{"title":"Z\u00f3r\u00f3astrismi \u2013 Ahura Mazda, Avesta og verndarhef\u00f0ir","description":"Z\u00f3r\u00f3astrismi \u00e1 iWell Guard: Ahura Mazda, Avesta, Faravahar og hi\u00f0 heilaga band Kushti, sett \u00ed tr\u00faarfr\u00e6\u00f0ilegt samhengi.","robots":{"index":"index","follow":"follow","max-snippet":"max-snippet:-1","max-image-preview":"max-image-preview:large","max-video-preview":"max-video-preview:-1"},"canonical":"https:\/\/iwell-guard.com\/is\/iran-og-zoroastrismi-avesta-ahura-mazda\/","og_locale":"is_IS","og_type":"article","og_title":"\u00cdran og Z\u00f3r\u00f3astrismi \u2013 Avesta, Ahura Mazda og Faravahar","og_description":"Z\u00f3r\u00f3astrismi \u00e1 iWell Guard: Ahura Mazda, Avesta, Faravahar og hi\u00f0 heilaga band Kushti, sett \u00ed tr\u00faarfr\u00e6\u00f0ilegt samhengi.","og_url":"https:\/\/iwell-guard.com\/is\/iran-og-zoroastrismi-avesta-ahura-mazda\/","og_site_name":"iWell Guard","article_modified_time":"2026-09-05T14:22:29+00:00","og_image":[{"width":1024,"height":1536,"url":"https:\/\/iwell-guard.com\/wp-content\/uploads\/2026\/05\/goetter_iran-zoroastrismus_ahura-mazda.webp","type":"image\/webp"}],"twitter_card":"summary_large_image","schema":{"@context":"https:\/\/schema.org","@graph":[{"@type":"WebPage","@id":"https:\/\/iwell-guard.com\/is\/iran-og-zoroastrismi-avesta-ahura-mazda\/","url":"https:\/\/iwell-guard.com\/is\/iran-og-zoroastrismi-avesta-ahura-mazda\/","name":"Z\u00f3r\u00f3astrismi \u2013 Ahura Mazda, Avesta og verndarhef\u00f0ir","isPartOf":{"@id":"https:\/\/iwell-guard.com\/is\/#website"},"primaryImageOfPage":{"@id":"https:\/\/iwell-guard.com\/is\/iran-og-zoroastrismi-avesta-ahura-mazda\/#primaryimage"},"image":{"@id":"https:\/\/iwell-guard.com\/is\/iran-og-zoroastrismi-avesta-ahura-mazda\/#primaryimage"},"thumbnailUrl":"https:\/\/iwell-guard.com\/wp-content\/uploads\/2026\/05\/goetter_iran-zoroastrismus_ahura-mazda.webp","datePublished":"2026-09-05T14:03:57+00:00","dateModified":"2026-09-05T14:22:29+00:00","description":"Z\u00f3r\u00f3astrismi \u00e1 iWell Guard: Ahura Mazda, Avesta, Faravahar og hi\u00f0 heilaga band Kushti, sett \u00ed tr\u00faarfr\u00e6\u00f0ilegt samhengi.","breadcrumb":{"@id":"https:\/\/iwell-guard.com\/is\/iran-og-zoroastrismi-avesta-ahura-mazda\/#breadcrumb"},"inLanguage":"is","potentialAction":[{"@type":"ReadAction","target":["https:\/\/iwell-guard.com\/is\/iran-og-zoroastrismi-avesta-ahura-mazda\/"]}]},{"@type":"ImageObject","inLanguage":"is","@id":"https:\/\/iwell-guard.com\/is\/iran-og-zoroastrismi-avesta-ahura-mazda\/#primaryimage","url":"https:\/\/iwell-guard.com\/wp-content\/uploads\/2026\/05\/goetter_iran-zoroastrismus_ahura-mazda.webp","contentUrl":"https:\/\/iwell-guard.com\/wp-content\/uploads\/2026\/05\/goetter_iran-zoroastrismus_ahura-mazda.webp","width":1024,"height":1536,"caption":"Gu\u00f0ir \u00far \u00edr\u00f6nsk-z\u00f3r\u00f3astr\u00edskri hef\u00f0."},{"@type":"BreadcrumbList","@id":"https:\/\/iwell-guard.com\/is\/iran-og-zoroastrismi-avesta-ahura-mazda\/#breadcrumb","itemListElement":[{"@type":"ListItem","position":1,"name":"Start","item":"https:\/\/iwell-guard.com\/is\/?page_id=168580"},{"@type":"ListItem","position":2,"name":"\u00cdran og Z\u00f3r\u00f3astrismi \u2013 Avesta, Ahura Mazda og Faravahar"}]},{"@type":"WebSite","@id":"https:\/\/iwell-guard.com\/is\/#website","url":"https:\/\/iwell-guard.com\/is\/","name":"iWell Guard","description":"Schutz vor dunklen Einfl\u00fcssen","publisher":{"@id":"https:\/\/iwell-guard.com\/is\/#organization"},"potentialAction":[{"@type":"SearchAction","target":{"@type":"EntryPoint","urlTemplate":"https:\/\/iwell-guard.com\/is\/?s={search_term_string}"},"query-input":{"@type":"PropertyValueSpecification","valueRequired":true,"valueName":"search_term_string"}}],"inLanguage":"is"},{"@type":"Organization","@id":"https:\/\/iwell-guard.com\/is\/#organization","name":"Ittermann electronic GmbH","url":"https:\/\/iwell-guard.com\/is\/","logo":{"@type":"ImageObject","inLanguage":"is","@id":"https:\/\/iwell-guard.com\/is\/#\/schema\/logo\/image\/","url":"https:\/\/iwell-guard.com\/wp-content\/uploads\/2026\/05\/Ittermann-Logo-1182x237-1.png","contentUrl":"https:\/\/iwell-guard.com\/wp-content\/uploads\/2026\/05\/Ittermann-Logo-1182x237-1.png","width":1182,"height":237,"caption":"Ittermann electronic GmbH"},"image":{"@id":"https:\/\/iwell-guard.com\/is\/#\/schema\/logo\/image\/"},"sameAs":["https:\/\/pantip.com\/profile\/9367242","https:\/\/micro.blog\/iwellguard","https:\/\/www.diggerslist.com\/iwellguard\/about","https:\/\/skitterphoto.com\/photographers\/2870314\/iwell-guard","https:\/\/iwellguard.wordpress.com\/2026\/06\/06\/iwell-guard\/","https:\/\/hub.docker.com\/u\/iwellguard","https:\/\/www.pinterest.com\/iwellguard\/","https:\/\/bit.ly\/m\/iwellguard","https:\/\/entre-vos-mains.alsace.eu\/profiles\/iwellguard\/activity","https:\/\/gravatar.com\/reallybeded8fd34","https:\/\/naijamatta.com\/iwellguard","https:\/\/www.goodreads.com\/iwellguard","https:\/\/profile.hatena.ne.jp\/iwellguard\/","https:\/\/experiment.com\/users\/iwellguard","https:\/\/wakelet.com\/@iWellGuard82270","https:\/\/www.chordie.com\/forum\/profile.php?id=2555664","https:\/\/www.instapaper.com\/p\/17757966","https:\/\/www.mapleprimes.com\/users\/iwellguard","https:\/\/businesslistingplus.com\/profile\/iwell-guard\/","https:\/\/telegra.ph\/iWell-Guard-06-06","https:\/\/pbase.com\/iwellguard\/iwellguard","https:\/\/b.hatena.ne.jp\/iwellguard\/20260607#bookmark-4788405196491818882","https:\/\/fliphtml5.com\/home\/iwellguard","https:\/\/anyflip.com\/homepage\/cmiwl#About","https:\/\/transfur.com\/Users\/iwellguard","http:\/\/delphi.larsbo.org\/user\/iwellguard","https:\/\/jobs.lajobsportal.org\/profiles\/8380803-iwell-guard","https:\/\/md.chaosdorf.de\/s\/jfbe5SBdJD","https:\/\/www.lingvolive.com\/en-us\/profile\/9ecaeaca-ce11-4e51-9e71-01d55e2bff36\/translations","https:\/\/www.fitday.com\/fitness\/forums\/members\/iwellguard.html","https:\/\/www.mymeetbook.com\/iwellguard","https:\/\/pxhere.com\/en\/photographer-me\/5040798","https:\/\/disqus.com\/by\/iwellguard\/about\/","https:\/\/pastelink.net\/hjwciqwq","https:\/\/pubhtml5.com\/homepage\/scjhn\/","https:\/\/www.bitchute.com\/channel\/2O2eOKzNqujT","https:\/\/audiomack.com\/iwellguard"]}]}},"_links":{"self":[{"href":"https:\/\/iwell-guard.com\/is\/wp-json\/wp\/v2\/pages\/168907","targetHints":{"allow":["GET"]}}],"collection":[{"href":"https:\/\/iwell-guard.com\/is\/wp-json\/wp\/v2\/pages"}],"about":[{"href":"https:\/\/iwell-guard.com\/is\/wp-json\/wp\/v2\/types\/page"}],"author":[{"embeddable":true,"href":"https:\/\/iwell-guard.com\/is\/wp-json\/wp\/v2\/users\/3"}],"replies":[{"embeddable":true,"href":"https:\/\/iwell-guard.com\/is\/wp-json\/wp\/v2\/comments?post=168907"}],"version-history":[{"count":0,"href":"https:\/\/iwell-guard.com\/is\/wp-json\/wp\/v2\/pages\/168907\/revisions"}],"wp:featuredmedia":[{"embeddable":true,"href":"https:\/\/iwell-guard.com\/is\/wp-json\/wp\/v2\/media\/2901"}],"wp:attachment":[{"href":"https:\/\/iwell-guard.com\/is\/wp-json\/wp\/v2\/media?parent=168907"}],"wp:term":[{"taxonomy":"category","embeddable":true,"href":"https:\/\/iwell-guard.com\/is\/wp-json\/wp\/v2\/categories?post=168907"}],"curies":[{"name":"wp","href":"https:\/\/api.w.org\/{rel}","templated":true}]}}