{"id":168906,"date":"2026-09-05T14:03:57","date_gmt":"2026-09-05T14:03:57","guid":{"rendered":"https:\/\/iwell-guard.com\/?page_id=168906"},"modified":"2026-09-05T14:22:28","modified_gmt":"2026-09-05T14:22:28","slug":"afrikansk-karibiskar-hefdir-vodou-santeria-candomble","status":"publish","type":"page","link":"https:\/\/iwell-guard.com\/is\/afrikansk-karibiskar-hefdir-vodou-santeria-candomble\/","title":{"rendered":"Afr\u00edkan\u00edsk-kar\u00edb\u00edskar hef\u00f0ir \u2013 Vodou, Santer\u00eda, Candombl\u00e9"},"content":{"rendered":"\t\t<div data-elementor-type=\"wp-page\" data-elementor-id=\"168906\" class=\"elementor elementor-168906 elementor-2555 elementor-bc-flex-widget\" data-elementor-post-type=\"page\">\n\t\t\t\t<div class=\"elementor-element elementor-element-iwgcn-afrikanisc-hero iwg-kultur-hero e-flex e-con-boxed e-con e-parent\" data-id=\"iwgcn-afrikanisc-hero\" data-element_type=\"container\" data-e-type=\"container\">\n\t\t\t\t\t<div class=\"e-con-inner\">\n\t\t<div class=\"elementor-element elementor-element-iwgcn-afrikanisc-hl iwg-kultur-hero-left e-flex e-con-boxed e-con e-child\" data-id=\"iwgcn-afrikanisc-hl\" data-element_type=\"container\" data-e-type=\"container\">\n\t\t\t\t\t<div class=\"e-con-inner\">\n\t\t\t\t<div class=\"elementor-element elementor-element-iwgcn-afrikanisc-h1 elementor-widget elementor-widget-heading\" data-id=\"iwgcn-afrikanisc-h1\" data-element_type=\"widget\" data-e-type=\"widget\" data-widget_type=\"heading.default\">\n\t\t\t\t\t<h1 class=\"elementor-heading-title elementor-size-default\">Afr\u00edkan\u00edsk-kar\u00edb\u00edskar hef\u00f0ir, Lwa, Orisha og verndarhef\u00f0ir<\/h1>\t\t\t\t<\/div>\n\t\t<div class=\"elementor-element elementor-element-iwgcn-afrikanisc-leadc e-con-full e-flex e-con e-child\" data-id=\"iwgcn-afrikanisc-leadc\" data-element_type=\"container\" data-e-type=\"container\">\n\t\t\t\t<div class=\"elementor-element elementor-element-iwgcn-afrikanisc-lead elementor-widget elementor-widget-text-editor\" data-id=\"iwgcn-afrikanisc-lead\" data-element_type=\"widget\" data-e-type=\"widget\" data-widget_type=\"text-editor.default\">\n\t\t\t\t\t\t\t\t\t<p>Vegna hins ofbeldisfulla mannflutnings vestur-afr\u00edsks f\u00f3lks til gr\u00f3\u00f0urjar\u00f0a Kar\u00edbahafsins ur\u00f0u til samruna-tr\u00faarbr\u00f6g\u00f0 sem sameinu\u00f0u hef\u00f0ir j\u00f3r\u00faba-, fon- og bant\u00fa\u00fej\u00f3\u00f0a me\u00f0 ka\u00fe\u00f3lskri d\u00fdrlingad\u00fdrkun. <a href=\"https:\/\/iwell-guard.com\/is\/?page_id=168865\">Vodou<\/a> \u00e1 Ha\u00edt\u00ed, Santer\u00eda \u00e1 K\u00fabu og Candombl\u00e9 \u00ed Brasil\u00edu eru \u00ed dag lifandi tr\u00faarkerfi me\u00f0 eigin helgim\u00e1l, prestastigveldi og gu\u00f0aheimum.<\/p><p>\u00deessi yfirlitss\u00ed\u00f0a fjallar fyrst og fremst um verndarhef\u00f0ir afr\u00edkan\u00edsk-kar\u00edb\u00edskra tr\u00faarbrag\u00f0a.<\/p>\t\t\t\t\t\t\t\t<\/div>\n\t\t\t\t<\/div>\n\t\t\t\t\t<\/div>\n\t\t\t\t<\/div>\n\t\t<div class=\"elementor-element elementor-element-iwgcn-afrikanisc-hr iwg-kultur-hero-right e-flex e-con-boxed e-con e-child\" data-id=\"iwgcn-afrikanisc-hr\" data-element_type=\"container\" data-e-type=\"container\">\n\t\t\t\t\t<div class=\"e-con-inner\">\n\t\t\t\t<div class=\"elementor-element elementor-element-iwgcn-afrikanisc-himg iwg-hero-image elementor-widget elementor-widget-image\" data-id=\"iwgcn-afrikanisc-himg\" data-element_type=\"widget\" data-e-type=\"widget\" data-widget_type=\"image.default\">\n\t\t\t\t\t\t\t\t\t\t\t\t\t\t\t<img fetchpriority=\"high\" decoding=\"async\" width=\"683\" height=\"1024\" src=\"https:\/\/iwell-guard.com\/wp-content\/uploads\/2026\/04\/goetter_vodou_papa-legba-683x1024.webp\" class=\"attachment-large size-large wp-image-170928\" alt=\"Papa Legba - Gu\u00f0ir \u00far Vodou-hef\u00f0inni, s\u00f6guleg-myndr\u00e6n framsetning\" srcset=\"https:\/\/iwell-guard.com\/wp-content\/uploads\/2026\/04\/goetter_vodou_papa-legba-683x1024.webp 683w, https:\/\/iwell-guard.com\/wp-content\/uploads\/2026\/04\/goetter_vodou_papa-legba-200x300.webp 200w, https:\/\/iwell-guard.com\/wp-content\/uploads\/2026\/04\/goetter_vodou_papa-legba-768x1152.webp 768w, https:\/\/iwell-guard.com\/wp-content\/uploads\/2026\/04\/goetter_vodou_papa-legba.webp 1024w\" sizes=\"(max-width: 683px) 100vw, 683px\" \/>\t\t\t\t\t\t\t\t\t\t\t\t\t\t\t<\/div>\n\t\t\t\t\t<\/div>\n\t\t\t\t<\/div>\n\t\t\t\t\t<\/div>\n\t\t\t\t<\/div>\n\t\t<div class=\"elementor-element elementor-element-iwgcn-afrikanisc-s0 e-flex e-con-boxed e-con e-parent\" data-id=\"iwgcn-afrikanisc-s0\" data-element_type=\"container\" data-e-type=\"container\">\n\t\t\t\t\t<div class=\"e-con-inner\">\n\t\t\t\t<div class=\"elementor-element elementor-element-iwgcn-afrikanisc-s0h elementor-widget elementor-widget-heading\" data-id=\"iwgcn-afrikanisc-s0h\" data-element_type=\"widget\" data-e-type=\"widget\" data-widget_type=\"heading.default\">\n\t\t\t\t\t<h2 class=\"elementor-heading-title elementor-size-default\">S\u00f6gulegar r\u00e6tur, Vestur-Afr\u00edka og millileggi\u00f0 yfir Atlantshafi\u00f0<\/h2>\t\t\t\t<\/div>\n\t\t<div class=\"elementor-element elementor-element-iwgcn-afrikanisc-s0-c e-con-full e-flex e-con e-child\" data-id=\"iwgcn-afrikanisc-s0-c\" data-element_type=\"container\" data-e-type=\"container\">\n\t\t\t\t<div class=\"elementor-element elementor-element-iwgcn-afrikanisc-s0t elementor-widget elementor-widget-text-editor\" data-id=\"iwgcn-afrikanisc-s0t\" data-element_type=\"widget\" data-e-type=\"widget\" data-widget_type=\"text-editor.default\">\n\t\t\t\t\t\t\t\t\t<p>Gu\u00f0fr\u00e6\u00f0ilegur grunnur \u00feessara hef\u00f0a kemur fr\u00e1 nokkrum vestur-afr\u00edskum menningarsv\u00e6\u00f0um: j\u00f3r\u00faba (n\u00fa N\u00edger\u00eda, Ben\u00edn), fon (Ben\u00edn), ewe (T\u00f3g\u00f3, Gana), kong\u00f3 (Mi\u00f0-Afr\u00edka). Me\u00f0 \u00fer\u00e6laverslun yfir Atlantshafi\u00f0 milli 16. og 19. aldar voru millj\u00f3nir manna flutt nau\u00f0ugar til Ha\u00edt\u00ed, K\u00fabu, Brasil\u00edu, Tr\u00ednidad, Louisiana og fleiri sv\u00e6\u00f0a \u00ed Amer\u00edku.<\/p><p>Tr\u00faarhugmyndir \u00feeirra l\u00f6gu\u00f0u sig a\u00f0 n\u00fdjum a\u00f0st\u00e6\u00f0um og t\u00f3ku upp \u00fe\u00e6tti \u00far ka\u00fe\u00f3lskri tr\u00fabo\u00f0sstarfsemi, a\u00f0 hluta til \u00ed yfirskyni vegna ofs\u00f3kna, a\u00f0 hluta til sem sj\u00e1lfst\u00e6tt tr\u00faarlegt gildi.<\/p>\t\t\t\t\t\t\t\t<\/div>\n\t\t\t\t<\/div>\n\t\t\t\t\t<\/div>\n\t\t\t\t<\/div>\n\t\t<div class=\"elementor-element elementor-element-iwgcn-afrikanisc-s1 e-flex e-con-boxed e-con e-parent\" data-id=\"iwgcn-afrikanisc-s1\" data-element_type=\"container\" data-e-type=\"container\">\n\t\t\t\t\t<div class=\"e-con-inner\">\n\t\t\t\t<div class=\"elementor-element elementor-element-iwgcn-afrikanisc-s1h elementor-widget elementor-widget-heading\" data-id=\"iwgcn-afrikanisc-s1h\" data-element_type=\"widget\" data-e-type=\"widget\" data-widget_type=\"heading.default\">\n\t\t\t\t\t<h2 class=\"elementor-heading-title elementor-size-default\">Vodou \u00e1 Ha\u00edt\u00ed<\/h2>\t\t\t\t<\/div>\n\t\t<div class=\"elementor-element elementor-element-iwgcn-afrikanisc-s1-c e-con-full e-flex e-con e-child\" data-id=\"iwgcn-afrikanisc-s1-c\" data-element_type=\"container\" data-e-type=\"container\">\n\t\t\t\t<div class=\"elementor-element elementor-element-iwgcn-afrikanisc-s1t elementor-widget elementor-widget-text-editor\" data-id=\"iwgcn-afrikanisc-s1t\" data-element_type=\"widget\" data-e-type=\"widget\" data-widget_type=\"text-editor.default\">\n\t\t\t\t\t\t\t\t\t<p>\u00cd ha\u00edt\u00edsku Vodou eru Lwa millig\u00f6ngumenn milli hins fjarl\u00e6ga Bondye og mannsins. Mikilv\u00e6gir Lwa eru me\u00f0al annars: <a href=\"https:\/\/iwell-guard.com\/is\/?page_id=168852\">Papa Legba<\/a> sem v\u00f6r\u00f0ur veganna og fyrsti sem \u00e1kalla\u00f0ur er, <a href=\"https:\/\/iwell-guard.com\/is\/?page_id=168857\">Erzulie Freda<\/a> sem <span class=\"iwg-fachbegriff\" data-tooltip=\"L\u00edkamslaus vera sem s\u00f6g\u00f0 er hafa \u00e1hrif \u00ed heiminum.\" tabindex=\"0\">andi<\/span> \u00e1starinnar, <a href=\"https:\/\/iwell-guard.com\/is\/?page_id=168853\">Baron Samedi<\/a> sem herra kirkjugar\u00f0anna, Ogou sem <span class=\"iwg-fachbegriff\" data-tooltip=\"L\u00edkamslaus vera sem s\u00f6g\u00f0 er hafa \u00e1hrif \u00ed heiminum.\" tabindex=\"0\">andi<\/span> str\u00ed\u00f0s og sm\u00ed\u00f0a.<\/p><p>Hin si\u00f0fer\u00f0ilega uppbygging, prestastigveldi Houngan (karlkyns) og Mambo (kvenkyns), v\u00edgslu\u00ferep og eigin dans- og trommusl\u00f6g fyrir hvern Lwa, er mj\u00f6g formfestu\u00f0.<\/p>\t\t\t\t\t\t\t\t<\/div>\n\t\t\t\t<\/div>\n\t\t\t\t\t<\/div>\n\t\t\t\t<\/div>\n\t\t<div class=\"elementor-element elementor-element-iwgcn-afrikanisc-s2 e-flex e-con-boxed e-con e-parent\" data-id=\"iwgcn-afrikanisc-s2\" data-element_type=\"container\" data-e-type=\"container\">\n\t\t\t\t\t<div class=\"e-con-inner\">\n\t\t\t\t<div class=\"elementor-element elementor-element-iwgcn-afrikanisc-s2h elementor-widget elementor-widget-heading\" data-id=\"iwgcn-afrikanisc-s2h\" data-element_type=\"widget\" data-e-type=\"widget\" data-widget_type=\"heading.default\">\n\t\t\t\t\t<h2 class=\"elementor-heading-title elementor-size-default\">Santer\u00eda \u00e1 K\u00fabu, j\u00f3r\u00fabal\u00ednan<\/h2>\t\t\t\t<\/div>\n\t\t<div class=\"elementor-element elementor-element-iwgcn-afrikanisc-s2-c e-con-full e-flex e-con e-child\" data-id=\"iwgcn-afrikanisc-s2-c\" data-element_type=\"container\" data-e-type=\"container\">\n\t\t\t\t<div class=\"elementor-element elementor-element-iwgcn-afrikanisc-s2t elementor-widget elementor-widget-text-editor\" data-id=\"iwgcn-afrikanisc-s2t\" data-element_type=\"widget\" data-e-type=\"widget\" data-widget_type=\"text-editor.default\">\n\t\t\t\t\t\t\t\t\t<p>Santer\u00eda (einnig k\u00f6llu\u00f0 Regla de Ocha e\u00f0a Lucum\u00ed) er k\u00fabanska \u00fatg\u00e1fa j\u00f3r\u00faba-tr\u00faarbrag\u00f0anna. H\u00e9r kallast gu\u00f0irnir Orisha: Ogun (smi\u00f0ur, str\u00ed\u00f0), Yemoja (m\u00f3\u00f0ir hafsins), Shango (\u00feruma), Oshun (\u00e1st, ferskvatn), Obatala (skapari).<\/p><p>Hver Orisha hefur eigin liti, t\u00f6lur, d\u00fdr, pl\u00f6ntur, bannhelgi og ka\u00fe\u00f3lskan tv\u00edfara. <span class=\"iwg-fachbegriff\" data-tooltip=\"Helgiath\u00f6fn \u00fear sem einstaklingur er tekinn inn \u00ed n\u00fdja st\u00f6\u00f0u e\u00f0a samf\u00e9lag.\" tabindex=\"0\">V\u00edgslan<\/span> inn \u00ed heimili Orisha (Ile) er langt ferli; Ifa-prestar (Babalawo) lesa me\u00f0 k\u00far\u00ed-skeljum e\u00f0a Opele-<span class=\"iwg-fachbegriff\" data-tooltip=\"Sta\u00f0ur e\u00f0a stofnun \u00fear sem leita\u00f0 er gu\u00f0legs svars.\" tabindex=\"0\">v\u00e9fr\u00e9tt<\/span>.<\/p>\t\t\t\t\t\t\t\t<\/div>\n\t\t\t\t<\/div>\n\t\t\t\t\t<\/div>\n\t\t\t\t<\/div>\n\t\t<div class=\"elementor-element elementor-element-iwgcn-afrikanisc-s3 e-flex e-con-boxed e-con e-parent\" data-id=\"iwgcn-afrikanisc-s3\" data-element_type=\"container\" data-e-type=\"container\">\n\t\t\t\t\t<div class=\"e-con-inner\">\n\t\t\t\t<div class=\"elementor-element elementor-element-iwgcn-afrikanisc-s3h elementor-widget elementor-widget-heading\" data-id=\"iwgcn-afrikanisc-s3h\" data-element_type=\"widget\" data-e-type=\"widget\" data-widget_type=\"heading.default\">\n\t\t\t\t\t<h2 class=\"elementor-heading-title elementor-size-default\">Candombl\u00e9 \u00ed Brasil\u00edu og a\u00f0rar hef\u00f0ir<\/h2>\t\t\t\t<\/div>\n\t\t<div class=\"elementor-element elementor-element-iwgcn-afrikanisc-s3-c e-con-full e-flex e-con e-child\" data-id=\"iwgcn-afrikanisc-s3-c\" data-element_type=\"container\" data-e-type=\"container\">\n\t\t\t\t<div class=\"elementor-element elementor-element-iwgcn-afrikanisc-s3t elementor-widget elementor-widget-text-editor\" data-id=\"iwgcn-afrikanisc-s3t\" data-element_type=\"widget\" data-e-type=\"widget\" data-widget_type=\"text-editor.default\">\n\t\t\t\t\t\t\t\t\t<p>\u00cd Brasil\u00edu var\u00f0 Candombl\u00e9 til \u00far nokkrum afr\u00edskum \u00fej\u00f3\u00f0arh\u00f3pum: Ketu (j\u00f3r\u00faba), Jeje (fon), Angola (bant\u00fa). Orix\u00e1s eru d\u00fdrka\u00f0ir \u00ed Terreiros, undir lei\u00f0s\u00f6gn M\u00e3es og Pais de Santo.<\/p><p>N\u00e1tengdar hef\u00f0ir eru me\u00f0al annars Umbanda (<span class=\"iwg-fachbegriff\" data-tooltip=\"Samruni hugmynda e\u00f0a gu\u00f0a \u00far mismunandi tr\u00faarhef\u00f0um.\" tabindex=\"0\">samruni<\/span> vi\u00f0 sp\u00edritisma), Xang\u00f4 \u00ed Recife og Tambor de Mina \u00ed S\u00e3o Lu\u00eds. \u00c1 Tr\u00ednidad er Orisha til \u00ed eigin \u00fatg\u00e1fu, og \u00ed Louisiana Voodoo-hef\u00f0in me\u00f0 sterkum Hoodoo-<span class=\"iwg-fachbegriff\" data-tooltip=\"Athafnir sem \u00e6tla\u00f0 er a\u00f0 hafa \u00e1hrif \u00e1 framvindu hlutanna me\u00f0 s\u00e9rst\u00f6kum gj\u00f6r\u00f0um e\u00f0a form\u00falum.\" tabindex=\"0\">t\u00f6frum<\/span>.<\/p>\t\t\t\t\t\t\t\t<\/div>\n\t\t\t\t<\/div>\n\t\t\t\t\t<\/div>\n\t\t\t\t<\/div>\n\t\t<div class=\"elementor-element elementor-element-iwgcn-afrikanisc-s4 e-flex e-con-boxed e-con e-parent\" data-id=\"iwgcn-afrikanisc-s4\" data-element_type=\"container\" data-e-type=\"container\">\n\t\t\t\t\t<div class=\"e-con-inner\">\n\t\t\t\t<div class=\"elementor-element elementor-element-iwgcn-afrikanisc-s4h elementor-widget elementor-widget-heading\" data-id=\"iwgcn-afrikanisc-s4h\" data-element_type=\"widget\" data-e-type=\"widget\" data-widget_type=\"heading.default\">\n\t\t\t\t\t<h2 class=\"elementor-heading-title elementor-size-default\">Verndargripir: Gris-Gris, Mojo, Pakets<\/h2>\t\t\t\t<\/div>\n\t\t<div class=\"elementor-element elementor-element-iwgcn-afrikanisc-s4-c e-con-full e-flex e-con e-child\" data-id=\"iwgcn-afrikanisc-s4-c\" data-element_type=\"container\" data-e-type=\"container\">\n\t\t\t\t<div class=\"elementor-element elementor-element-iwgcn-afrikanisc-s4t elementor-widget elementor-widget-text-editor\" data-id=\"iwgcn-afrikanisc-s4t\" data-element_type=\"widget\" data-e-type=\"widget\" data-widget_type=\"text-editor.default\">\n\t\t\t\t\t\t\t\t\t<p>Verndart\u00f6frai\u00f0kunin notar Gris-Gris-poka (upprunnir \u00ed Afr\u00edku, ger\u00f0ir vins\u00e6lir \u00ed louisi\u00f6nsku Vodou), l\u00e9reftspoka me\u00f0 \u00fatb\u00fanum innihaldi eins og r\u00f3tum, steinum, beinum og h\u00e1ri. Wanga-pokar \u00ed ha\u00edt\u00edsku Vodou eru \u00fatb\u00fanir fyrir \u00e1kve\u00f0na virkni.<\/p><p>Mojo-hendur eru mi\u00f0l\u00e6gar \u00ed Hoodoo-hef\u00f0inni. Pakets \u00ed Vodou eru fl\u00f3kin, \u00fatb\u00fain knippi fyrir \u00e1kve\u00f0na Lwa. \u00deessir gripir eru ekki skartgripir heldur virk helgigripir \u00fear sem virknin r\u00e6\u00f0st af undirb\u00faningi og v\u00edgslu.<\/p>\t\t\t\t\t\t\t\t<\/div>\n\t\t\t\t<\/div>\n\t\t\t\t\t<\/div>\n\t\t\t\t<\/div>\n\t\t<div class=\"elementor-element elementor-element-iwgcn-afrikanisc-s5 e-flex e-con-boxed e-con e-parent\" data-id=\"iwgcn-afrikanisc-s5\" data-element_type=\"container\" data-e-type=\"container\">\n\t\t\t\t\t<div class=\"e-con-inner\">\n\t\t\t\t<div class=\"elementor-element elementor-element-iwgcn-afrikanisc-s5h elementor-widget elementor-widget-heading\" data-id=\"iwgcn-afrikanisc-s5h\" data-element_type=\"widget\" data-e-type=\"widget\" data-widget_type=\"heading.default\">\n\t\t\t\t\t<h2 class=\"elementor-heading-title elementor-size-default\">Samruni vi\u00f0 ka\u00fe\u00f3lska tr\u00fa<\/h2>\t\t\t\t<\/div>\n\t\t<div class=\"elementor-element elementor-element-iwgcn-afrikanisc-s5-c e-con-full e-flex e-con e-child\" data-id=\"iwgcn-afrikanisc-s5-c\" data-element_type=\"container\" data-e-type=\"container\">\n\t\t\t\t<div class=\"elementor-element elementor-element-iwgcn-afrikanisc-s5t elementor-widget elementor-widget-text-editor\" data-id=\"iwgcn-afrikanisc-s5t\" data-element_type=\"widget\" data-e-type=\"widget\" data-widget_type=\"text-editor.default\">\n\t\t\t\t\t\t\t\t\t<p>Ka\u00fe\u00f3lskt tr\u00fabo\u00f0 \u00ed Kar\u00edbahafinu leiddi til samsv\u00f6runar milli afr\u00edskra anda og ka\u00fe\u00f3lskra d\u00fdrlinga: Papa Legba og heilagur P\u00e9tur, Erzulie og hin sorgm\u00e6dda m\u00f3\u00f0ir, Ogun\/Ogou og heilagur Georg, Shango og heil\u00f6g Barbara. \u00deessi tv\u00f6falda sj\u00e1lfsmynd \u00fej\u00f3na\u00f0i upphaflega yfirskyni \u00ed ofs\u00f3knum en er \u00ed dag or\u00f0in sj\u00e1lfst\u00e6tt tr\u00faarlegt gildi. Tr\u00faarbrag\u00f0afr\u00e6\u00f0ilega er \u00feetta sk\u00fdrt d\u00e6mi um <span class=\"iwg-fachbegriff\" data-tooltip=\"Samruni hugmynda e\u00f0a gu\u00f0a \u00far mismunandi tr\u00faarhef\u00f0um.\" tabindex=\"0\">samruna<\/span>.<\/p>\t\t\t\t\t\t\t\t<\/div>\n\t\t\t\t<\/div>\n\t\t\t\t\t<\/div>\n\t\t\t\t<\/div>\n\t\t<div class=\"elementor-element elementor-element-iwgcn-afrikanisc-s6 e-flex e-con-boxed e-con e-parent\" data-id=\"iwgcn-afrikanisc-s6\" data-element_type=\"container\" data-e-type=\"container\">\n\t\t\t\t\t<div class=\"e-con-inner\">\n\t\t\t\t<div class=\"elementor-element elementor-element-iwgcn-afrikanisc-s6h elementor-widget elementor-widget-heading\" data-id=\"iwgcn-afrikanisc-s6h\" data-element_type=\"widget\" data-e-type=\"widget\" data-widget_type=\"heading.default\">\n\t\t\t\t\t<h2 class=\"elementor-heading-title elementor-size-default\">Heimildasta\u00f0a og ranns\u00f3knir<\/h2>\t\t\t\t<\/div>\n\t\t<div class=\"elementor-element elementor-element-iwgcn-afrikanisc-s6-c e-con-full e-flex e-con e-child\" data-id=\"iwgcn-afrikanisc-s6-c\" data-element_type=\"container\" data-e-type=\"container\">\n\t\t\t\t<div class=\"elementor-element elementor-element-iwgcn-afrikanisc-s6t elementor-widget elementor-widget-text-editor\" data-id=\"iwgcn-afrikanisc-s6t\" data-element_type=\"widget\" data-e-type=\"widget\" data-widget_type=\"text-editor.default\">\n\t\t\t\t\t\t\t\t\t<p>Mikilv\u00e6g verk: Maya Deren <em>Divine Horsemen<\/em> (1953), Karen McCarthy Brown <em>Mama Lola<\/em> (1991), William Bascom <em>Ifa <span class=\"iwg-fachbegriff\" data-tooltip=\"Samheiti fyrir a\u00f0fer\u00f0ir sem beitt er til a\u00f0 kanna gu\u00f0legan vilja.\" tabindex=\"0\">v\u00e9fr\u00e9ttarlestur<\/span><\/em>. \u00cd \u00de\u00fdskalandi: Bettina Schmidt, Heike Drotbohm. Hef\u00f0in er fyrst og fremst munnleg, skriflegar heimildir ur\u00f0u fyrst og fremst til vi\u00f0 \u00fej\u00f3\u00f0fr\u00e6\u00f0ilegar athuganir \u00e1 20. \u00f6ld.<\/p>\t\t\t\t\t\t\t\t<\/div>\n\t\t\t\t<\/div>\n\t\t\t\t\t<\/div>\n\t\t\t\t<\/div>\n\t\t<div class=\"elementor-element elementor-element-cp2ba275d9 e-flex e-con-boxed e-con e-parent\" data-id=\"cp2ba275d9\" data-element_type=\"container\" data-e-type=\"container\">\n\t\t\t\t\t<div class=\"e-con-inner\">\n\t\t\t\t<div class=\"elementor-element elementor-element-cp23d4b29f elementor-widget elementor-widget-heading\" data-id=\"cp23d4b29f\" data-element_type=\"widget\" data-e-type=\"widget\" data-widget_type=\"heading.default\">\n\t\t\t\t\t<h2 class=\"elementor-heading-title elementor-size-default\">Sv\u00e6\u00f0isbundin fj\u00f6lbreytni: Vodou, Santer\u00eda, Candombl\u00e9 og fleira<\/h2>\t\t\t\t<\/div>\n\t\t<div class=\"elementor-element elementor-element-cp2e988a11 e-flex e-con-boxed e-con e-child\" data-id=\"cp2e988a11\" data-element_type=\"container\" data-e-type=\"container\">\n\t\t\t\t\t<div class=\"e-con-inner\">\n\t\t\t\t<div class=\"elementor-element elementor-element-cp21c6dc08 elementor-widget elementor-widget-text-editor\" data-id=\"cp21c6dc08\" data-element_type=\"widget\" data-e-type=\"widget\" data-widget_type=\"text-editor.default\">\n\t\t\t\t\t\t\t\t\t<p>Hugtaki\u00f0 afr\u00edsk-karab\u00edsk tr\u00faarbr\u00f6g\u00f0 er samheiti yfir fj\u00f6lda sj\u00e1lfst\u00e6\u00f0ra hef\u00f0a sem fr\u00e6\u00f0imenn greina vandlega \u00e1 milli. Ha\u00edt\u00edska <em>Vodou<\/em> var\u00f0 til fyrst og fremst \u00far tr\u00faarbr\u00f6g\u00f0um Fon- og Ewe-\u00fej\u00f3\u00f0a \u00ed n\u00faverandi Ben\u00edn og T\u00f3g\u00f3, auk Kong\u00f3-hef\u00f0a, og hlaut \u00e1 sig ka\u00fe\u00f3lska yfirbyggingu.<\/p><p>Meginverur \u00feess eru <em>lwa<\/em>, sem skiptast \u00ed fj\u00f6lskyldur \u00e1 bor\u00f0 vi\u00f0 Rada og Petwo. N\u00e1nar m\u00e1 lesa um \u00fea\u00f0 \u00ed efnisflokknum <a href=\"https:\/\/iwell-guard.com\/is\/?page_id=168865\">Vodou<\/a>.<\/p><p>K\u00fabanska <em>Regla de Ocha<\/em>, oft k\u00f6llu\u00f0 <em>Santer\u00eda<\/em> \u00ed daglegu tali, rekur uppruna sinn a\u00f0 mestu til Yoruba-\u00fej\u00f3\u00f0arins \u00ed Vestur-Afr\u00edku. Gu\u00f0ir hennar, <em>orisha<\/em>, voru \u00e1 t\u00edmum n\u00fdlendustj\u00f3rnar a\u00f0 hluta samsama\u00f0ir ka\u00fe\u00f3lskum d\u00fdrlingum. Auk \u00feess er \u00e1 K\u00fabu Kong\u00f3-upprunin hef\u00f0 sem kallast <em>Palo Monte<\/em> og hefur s\u00edna eigin r\u00f6kfr\u00e6\u00f0i sem ekki m\u00e1 rugla saman vi\u00f0 orisha-d\u00fdrkunina.<\/p><p>\u00cd Brasil\u00edu \u00fer\u00f3a\u00f0ist <em>Candombl\u00e9<\/em> me\u00f0 nokkrum undirh\u00f3pum, svok\u00f6llu\u00f0um <em>na\u00e7\u00f5es<\/em>: Ketu me\u00f0 uppruna \u00ed Yoruba, Jeje me\u00f0 uppruna \u00ed Fon-Ewe og Angola me\u00f0 bant\u00faskan uppruna. \u00c1 20. \u00f6ld b\u00e6ttist <em>Umbanda<\/em> vi\u00f0, yngri samsu\u00f0a \u00far Candombl\u00e9, sp\u00edritisma og ka\u00fe\u00f3lskum \u00fe\u00e1ttum. \u00c1 ensk-m\u00e6landi eyjunum eru fleiri afbrig\u00f0i til, me\u00f0al annars Obeah og Tr\u00ednidad-orisha-<span class=\"iwg-fachbegriff\" data-tooltip=\"\u00d6ll \u00feau helgisi\u00f0abundnu ath\u00e6fi sem tengjast d\u00fdrkun gu\u00f0s e\u00f0a heilagrar veru.\" tabindex=\"0\">d\u00fdrkunin<\/span>.<\/p><p>\u00deessar hef\u00f0ir deila \u00fdmsum grunneinkennum, svo sem trans\u00e1standi, trommuleik, v\u00edgslu\u00ferepum og d\u00fdraf\u00f3rnum, en eru mj\u00f6g \u00f3l\u00edkar hva\u00f0 var\u00f0ar <span class=\"iwg-fachbegriff\" data-tooltip=\"Heild allra gu\u00f0a \u00ed tr\u00faarbr\u00f6g\u00f0um e\u00f0a menningu.\" tabindex=\"0\">go\u00f0aheim<\/span>, tungum\u00e1l helgisi\u00f0a og skipulag. Eldri fr\u00e6\u00f0irit t\u00f3ku \u00fe\u00e6r oft saman undir einu nafni, \u201eafr\u00edskir kultar\u201c, og vanm\u00e1tu \u00fear me\u00f0 \u00feessa fj\u00f6lbreytni.<\/p><p>N\u00fdrri ranns\u00f3knir, me\u00f0al annars verk J. Lorand Matory um Candombl\u00e9, benda \u00e1 a\u00f0 \u00feessar hef\u00f0ir eru ekki einfaldar leifar fort\u00ed\u00f0ar heldur hafa \u00fer\u00f3ast st\u00f6\u00f0ugt \u00ed gagnkv\u00e6mum menningarskiptum yfir Atlantshafi\u00f0.<\/p>\t\t\t\t\t\t\t\t<\/div>\n\t\t\t\t\t<\/div>\n\t\t\t\t<\/div>\n\t\t\t\t\t<\/div>\n\t\t\t\t<\/div>\n\t\t<div class=\"elementor-element elementor-element-cp257bcb67 e-flex e-con-boxed e-con e-parent\" data-id=\"cp257bcb67\" data-element_type=\"container\" data-e-type=\"container\">\n\t\t\t\t\t<div class=\"e-con-inner\">\n\t\t\t\t<div class=\"elementor-element elementor-element-cp2bf6faec elementor-widget elementor-widget-heading\" data-id=\"cp2bf6faec\" data-element_type=\"widget\" data-e-type=\"widget\" data-widget_type=\"heading.default\">\n\t\t\t\t\t<h2 class=\"elementor-heading-title elementor-size-default\">Heimsmynd og mannss\u00fdn<\/h2>\t\t\t\t<\/div>\n\t\t<div class=\"elementor-element elementor-element-cp29711ee9 e-flex e-con-boxed e-con e-child\" data-id=\"cp29711ee9\" data-element_type=\"container\" data-e-type=\"container\">\n\t\t\t\t\t<div class=\"e-con-inner\">\n\t\t\t\t<div class=\"elementor-element elementor-element-cp28bbfc7f elementor-widget elementor-widget-text-editor\" data-id=\"cp28bbfc7f\" data-element_type=\"widget\" data-e-type=\"widget\" data-widget_type=\"text-editor.default\">\n\t\t\t\t\t\t\t\t\t<p>\u00der\u00e1tt fyrir allan sv\u00e6\u00f0ismun deila m\u00f6rg afr\u00edsk-karab\u00edsk tr\u00faarbr\u00f6g\u00f0 \u00fer\u00edskiptri heimsmynd: \u00e6\u00f0sta, fjarl\u00e6ga sk\u00f6punarveru, h\u00f3p millistigsgu\u00f0a og heim forfe\u00f0ranna. Sk\u00f6punarveran, sem \u00ed hef\u00f0um af Yoruba-uppruna kallast <em>Olodumare<\/em>, er talin uppspretta alls, en gr\u00edpur varla beint inn \u00ed daglegt l\u00edf. Tr\u00faarleg i\u00f0kun sn\u00fdr \u00fev\u00ed fyrst og fremst a\u00f0 \u00feeim millistigsverum sem eru a\u00f0gengilegri.<\/p><p>\u00deessir millistigsgu\u00f0ir, hvort sem \u00feeir kallast <em>orisha<\/em>, <em>lwa<\/em> e\u00f0a <em>vodun<\/em>, eru ekki \u00f3hlutbundin frum\u00f6fl heldur pers\u00f3nur me\u00f0 eigin \u00f3skir, litir, matar\u00e6\u00f0i, hrynjandi og bannhelgi. \u00deeir birtast b\u00e6\u00f0i sem n\u00e1tt\u00faru\u00f6fl og sem verndarar samf\u00e9lagslegra svi\u00f0a, \u00e1 bor\u00f0 vi\u00f0 herna\u00f0, l\u00e6kningu, frj\u00f3semi e\u00f0a r\u00e9ttl\u00e6ti.<\/p><p>Samband manns og <span class=\"iwg-fachbegriff\" data-tooltip=\"Vera sem tilbe\u00f0in er sem gu\u00f0leg innan tr\u00faarbrag\u00f0a.\" tabindex=\"0\">gu\u00f0s<\/span> er tv\u00edhli\u00f0a: ma\u00f0urinn n\u00e6rir <span class=\"iwg-fachbegriff\" data-tooltip=\"Vera sem tilbe\u00f0in er sem gu\u00f0leg innan tr\u00faarbrag\u00f0a.\" tabindex=\"0\">gu\u00f0inn<\/span> me\u00f0 <span class=\"iwg-fachbegriff\" data-tooltip=\"Gj\u00f6f til gu\u00f0s til a\u00f0 tj\u00e1 \u00feakkl\u00e6ti, b\u00e6n e\u00f0a lotningu.\" tabindex=\"0\">f\u00f3rnum<\/span> og athygli, en <span class=\"iwg-fachbegriff\" data-tooltip=\"Vera sem tilbe\u00f0in er sem gu\u00f0leg innan tr\u00faarbrag\u00f0a.\" tabindex=\"0\">gu\u00f0inn<\/span> veitir vernd og lei\u00f0s\u00f6gn til m\u00f3ts vi\u00f0 \u00fea\u00f0.<\/p><p>Ma\u00f0urinn er oft hugsa\u00f0ur sem marg\u00fe\u00e6tt vera. \u00cd hef\u00f0um af Yoruba-uppruna er greint \u00e1 milli l\u00edkamlegs hluta, l\u00edfsandardr\u00e1ttar og pers\u00f3nulegra \u00f6rlaga e\u00f0a h\u00f6fu\u00f0reglu, <em>ori<\/em>, sem valin er fyrir f\u00e6\u00f0ingu og r\u00e6\u00f0ur l\u00edfsg\u00f6ngunni.<\/p><p>\u00cd ha\u00edt\u00edsku Vodou er tala\u00f0 um s\u00e1larhluta sem kallast <em>gwo bonanj<\/em> og <em>ti bonanj<\/em>, sem er fari\u00f0 me\u00f0 \u00e1 mismunandi h\u00e1tt eftir dau\u00f0ann.<\/p><p>Dau\u00f0inn sl\u00edtur ekki pers\u00f3nuna \u00ed sundur heldur flytur hana yfir \u00ed h\u00f3p forfe\u00f0ranna, sem taka \u00e1fram \u00fe\u00e1tt \u00ed l\u00edfi samf\u00e9lagsins. Sumir hinna l\u00e1tnu geta eftir t\u00edma veri\u00f0 h\u00e6kka\u00f0ir <span class=\"iwg-fachbegriff\" data-tooltip=\"Tilheyrandi \u00e1kve\u00f0nu, fastm\u00f3tu\u00f0u tr\u00faarlegu ath\u00e6fi.\" tabindex=\"0\">helgisi\u00f0abundi\u00f0<\/span> upp \u00ed st\u00f6\u00f0u d\u00fdrka\u00f0ra forfe\u00f0raanda.<\/p><p>\u00d3r\u00f3leg e\u00f0a vanr\u00e6kt l\u00edk hinna d\u00e1nu eru \u00e1 hinn b\u00f3ginn talin h\u00e6ttuleg. \u00deessar hugmyndir m\u00f3ta fj\u00f6lmargar verus\u00ed\u00f0ur \u00feessa menningarsv\u00e6\u00f0is og \u00fatsk\u00fdra hversu mikilv\u00e6g \u00fatfarar- og minningarath\u00e6fi eru.<\/p>\t\t\t\t\t\t\t\t<\/div>\n\t\t\t\t\t<\/div>\n\t\t\t\t<\/div>\n\t\t\t\t\t<\/div>\n\t\t\t\t<\/div>\n\t\t<div class=\"elementor-element elementor-element-cp2e086255 e-flex e-con-boxed e-con e-parent\" data-id=\"cp2e086255\" data-element_type=\"container\" data-e-type=\"container\">\n\t\t\t\t\t<div class=\"e-con-inner\">\n\t\t\t\t<div class=\"elementor-element elementor-element-cp2f628589 elementor-widget elementor-widget-heading\" data-id=\"cp2f628589\" data-element_type=\"widget\" data-e-type=\"widget\" data-widget_type=\"heading.default\">\n\t\t\t\t\t<h2 class=\"elementor-heading-title elementor-size-default\">V\u00edgsla, prestast\u00e9tt og heimilissamf\u00e9l\u00f6g<\/h2>\t\t\t\t<\/div>\n\t\t<div class=\"elementor-element elementor-element-cp23a0e883 e-flex e-con-boxed e-con e-child\" data-id=\"cp23a0e883\" data-element_type=\"container\" data-e-type=\"container\">\n\t\t\t\t\t<div class=\"e-con-inner\">\n\t\t\t\t<div class=\"elementor-element elementor-element-cp209e2159 elementor-widget elementor-widget-text-editor\" data-id=\"cp209e2159\" data-element_type=\"widget\" data-e-type=\"widget\" data-widget_type=\"text-editor.default\">\n\t\t\t\t\t\t\t\t\t<p>Afr\u00edsk-kar\u00edb\u00edsk tr\u00faarbr\u00f6g\u00f0 eru yfirleitt ekki b\u00f3katr\u00faarbr\u00f6g\u00f0 me\u00f0 skipul\u00f6g\u00f0um s\u00f6fnu\u00f0um, heldur eru \u00feau bygg\u00f0 upp \u00ed kringum v\u00edgslul\u00ednur og heimilissamf\u00e9l\u00f6g. \u00c1 K\u00fabu og \u00ed Brasil\u00edu myndar musterish\u00fasi\u00f0, <em>il\u00e9<\/em> e\u00f0a <em>terreiro<\/em>, grunneininguna.<\/p><p>\u00dev\u00ed er st\u00fdrt af prestskonu e\u00f0a presti, sem \u00ed candombl\u00e9 er kalla\u00f0ur\/k\u00f6llu\u00f0 <em>m\u00e3e de santo<\/em> e\u00f0a <em>pai de santo<\/em>, og safnar hinum v\u00edg\u00f0u saman \u00ed eins konar valfrj\u00e1lsa fj\u00f6lskyldu.<\/p><p>Upptakan fer fram \u00ed gegnum marg\u00ferepa <span class=\"iwg-fachbegriff\" data-tooltip=\"Helgiath\u00f6fn \u00fear sem einhver \u00f6\u00f0last n\u00fdja st\u00f6\u00f0u e\u00f0a er tekinn inn \u00ed samf\u00e9lag.\" tabindex=\"0\">v\u00edgslu<\/span> sem oft felur \u00ed s\u00e9r einangrun \u00ed nokkra daga e\u00f0a vikur. \u00cd orisha-v\u00edgslunni er verndargu\u00f0 a\u00f0ildarums\u00e6kjandans \u00e1kvar\u00f0a\u00f0ur og <span class=\"iwg-fachbegriff\" data-tooltip=\"\u00dea\u00f0 sem tilheyrir f\u00f6stu, tr\u00faarlegu athafnaferli.\" tabindex=\"0\">helgisi\u00f0alega<\/span> festur \u00ed h\u00f6f\u00f0i hans.<\/p><p>S\u00e1 sem hefur veri\u00f0 v\u00edg\u00f0ur gengur s\u00ed\u00f0an \u00ed gegnum langt l\u00e6rlingst\u00edmabil \u00e1\u00f0ur en hann m\u00e1 sj\u00e1lfur st\u00fdra helgisi\u00f0um. \u00deekking berst munnlega og me\u00f0 verklegri kennslu, \u00e1samt leynilegum helgisi\u00f0askr\u00e1m.<\/p><p>Lykilhlutverk gegnir <span class=\"iwg-fachbegriff\" data-tooltip=\"Safnheiti yfir a\u00f0fer\u00f0ir sem nota\u00f0ar eru til a\u00f0 kanna gu\u00f0legan vilja.\" tabindex=\"0\">v\u00e9fr\u00e9tt<\/span>. \u00cd Yoruba-\u00e6ttu\u00f0u <em>If\u00e1<\/em>-kerfinu r\u00e6\u00f0ur s\u00e9rh\u00e6f\u00f0ur prestur, <em>babalawo<\/em>, me\u00f0 hj\u00e1lp p\u00e1lmahnetna e\u00f0a kastake\u00f0ju fl\u00f3kin t\u00e1kn sem hvert um sig tengist \u00e1kve\u00f0nu safni af v\u00edsum og s\u00f6gum.<\/p><p>Einfaldari a\u00f0fer\u00f0ir, eins og a\u00f0 kasta k\u00far\u00ed-skeljum, eru \u00fatbreiddari. <span class=\"iwg-fachbegriff\" data-tooltip=\"Safnheiti yfir a\u00f0fer\u00f0ir sem nota\u00f0ar eru til a\u00f0 kanna gu\u00f0legan vilja.\" tabindex=\"0\">V\u00e9fr\u00e9tt<\/span> greinir hva\u00f0a <span class=\"iwg-fachbegriff\" data-tooltip=\"Vera sem d\u00fdrku\u00f0 er sem gu\u00f0leg innan tr\u00faarbrag\u00f0a.\" tabindex=\"0\">gu\u00f0<\/span> beri a\u00f0 \u00e1varpa, hva\u00f0a <span class=\"iwg-fachbegriff\" data-tooltip=\"Gj\u00f6f til gu\u00f0s til a\u00f0 tj\u00e1 \u00feakkl\u00e6ti, b\u00e6n e\u00f0a d\u00fdrkun.\" tabindex=\"0\">f\u00f3rn<\/span> beri a\u00f0 f\u00e6ra e\u00f0a hva\u00f0a tab\u00fa beri a\u00f0 vir\u00f0a.<\/p><p>Trumbusl\u00e1ttur og dans m\u00f3ta samf\u00e9lagsh\u00e1t\u00ed\u00f0irnar. \u00c1kve\u00f0nir taktar kalla fram \u00e1kve\u00f0na gu\u00f0i, sem s\u00ed\u00f0an birtast \u00ed gervi v\u00edg\u00f0ra mi\u00f0la. \u00deessi andsetningarlei\u00f0sla er ekki undantekningar\u00e1stand, heldur v\u00e6ntanlegt, st\u00fdrt ferli \u00fear sem gu\u00f0irnir tala beint vi\u00f0 s\u00f6fnu\u00f0inn, blessa hann, \u00e1minna og l\u00e6kna.<\/p><p>Rannsakendur eins og Karen McCarthy Brown hafa \u00ed langt\u00edmaranns\u00f3knum s\u00fdnt fram \u00e1 hversu n\u00e1tengd \u00feessi tr\u00faari\u00f0kun er daglegu l\u00edfi og f\u00e9lagslegum tengslanetum.<\/p>\t\t\t\t\t\t\t\t<\/div>\n\t\t\t\t\t<\/div>\n\t\t\t\t<\/div>\n\t\t\t\t\t<\/div>\n\t\t\t\t<\/div>\n\t\t<div class=\"elementor-element elementor-element-cp2f371d18 e-flex e-con-boxed e-con e-parent\" data-id=\"cp2f371d18\" data-element_type=\"container\" data-e-type=\"container\">\n\t\t\t\t\t<div class=\"e-con-inner\">\n\t\t\t\t<div class=\"elementor-element elementor-element-cp203d3b77 elementor-widget elementor-widget-heading\" data-id=\"cp203d3b77\" data-element_type=\"widget\" data-e-type=\"widget\" data-widget_type=\"heading.default\">\n\t\t\t\t\t<h2 class=\"elementor-heading-title elementor-size-default\">Dreifb\u00fdli, ofs\u00f3knir og sta\u00f0an \u00ed dag<\/h2>\t\t\t\t<\/div>\n\t\t<div class=\"elementor-element elementor-element-cp2b80d619 e-flex e-con-boxed e-con e-child\" data-id=\"cp2b80d619\" data-element_type=\"container\" data-e-type=\"container\">\n\t\t\t\t\t<div class=\"e-con-inner\">\n\t\t\t\t<div class=\"elementor-element elementor-element-cp237bf39a elementor-widget elementor-widget-text-editor\" data-id=\"cp237bf39a\" data-element_type=\"widget\" data-e-type=\"widget\" data-widget_type=\"text-editor.default\">\n\t\t\t\t\t\t\t\t\t<p>Afr\u00edsk-kar\u00edb\u00edsk tr\u00faarbr\u00f6g\u00f0 ur\u00f0u lengi fyrir \u00fer\u00fdstingi fr\u00e1 n\u00fdlenduyfirv\u00f6ldum, kirkjum og eftir sj\u00e1lfst\u00e6\u00f0i einnig fr\u00e1 \u00fej\u00f3\u00f0r\u00edkjum. \u00c1 Ha\u00edt\u00ed var Vodou margsinnis herja\u00f0 \u00e1 me\u00f0 herfer\u00f0um gegn hj\u00e1tr\u00fa, \u00e1 K\u00fabu og \u00ed Brasil\u00edu voru trumbuathafnir t\u00edmabundi\u00f0 banna\u00f0ar e\u00f0a undir l\u00f6gregluv\u00f6ktun. \u00deessi saga gl\u00e6pav\u00e6\u00f0ingar hefur \u00e1hrif enn \u00ed dag og sk\u00fdrir hina varf\u00e6rnu framkomu margra samf\u00e9laga \u00fat \u00e1 vi\u00f0.<\/p><p>\u00cd hinum vestr\u00e6na almenna hugarheimi mynda\u00f0ist samhli\u00f0a skekkt mynd, sem tengdi or\u00f0i\u00f0 voodoo a\u00f0allega vi\u00f0 svarta <span class=\"iwg-fachbegriff\" data-tooltip=\"Athafnir sem \u00e6tla\u00f0 er a\u00f0 hafa \u00e1hrif \u00e1 r\u00e1s atbur\u00f0a me\u00f0 s\u00e9rst\u00f6kum gj\u00f6r\u00f0um e\u00f0a form\u00falum.\" tabindex=\"0\">galdur<\/span>, br\u00fa\u00f0ur og kirkjugar\u00f0sgaldur.<\/p><p>\u00deessi mynd var m\u00f3tu\u00f0 af fer\u00f0ab\u00f3kmenntum, hersetusk\u00fdrslum og einkum kvikmyndum, og hefur l\u00edti\u00f0 me\u00f0 hin lifu\u00f0u tr\u00faarbr\u00f6g\u00f0 a\u00f0 gera. Alvarlegar ranns\u00f3knir fjarl\u00e6gja sig sk\u00fdrt fr\u00e1 \u00feessu og leggja \u00e1herslu \u00e1 l\u00e6knandi og samf\u00e9lagsstyrkjandi e\u00f0li \u00feessara hef\u00f0a.<\/p><p>F\u00f3lksflutningar hafa bori\u00f0 hef\u00f0irnar langt \u00fat fyrir Kar\u00edbahafi\u00f0 og Brasil\u00edu. \u00cd borgum eins og New York, Miami, Par\u00eds e\u00f0a Lissabon starfa virk samf\u00e9l\u00f6g sem halda \u00e1fram ath\u00f6fnum s\u00ednum vi\u00f0 breyttar a\u00f0st\u00e6\u00f0ur. \u00dear ver\u00f0a til kynni og bl\u00f6ndun, til d\u00e6mis milli k\u00fabverskrar og n\u00edger\u00edskrar orisha-d\u00fdrkunar, sem hefur kveikt n\u00fdjar umr\u00e6\u00f0ur um \u00e1rei\u00f0anleika og tengsl vi\u00f0 Afr\u00edku.<\/p><p>Fr\u00e1 seinni hluta 20. aldar m\u00e1 einnig sj\u00e1 lagalega og menningarlega upphef\u00f0. Ha\u00edt\u00ed vi\u00f0urkenndi Vodou opinberlega sem tr\u00faarbr\u00f6g\u00f0 \u00e1ri\u00f0 2003, \u00ed Brasil\u00edu nj\u00f3ta Candombl\u00e9-h\u00fas a\u00f0 hluta verndar sem menningararfur.<\/p><p>Samt\u00edmis eru spennur vi\u00f0 vaxandi evangel\u00edsk tr\u00faarhreyfingar sem hafna afr\u00edsk-kar\u00edb\u00edskum tr\u00faarbr\u00f6g\u00f0um sem skur\u00f0go\u00f0ad\u00fdrkun. Sanngj\u00f6rn framsetning \u00fearf a\u00f0 s\u00fdna n\u00fat\u00edmann sem umdeilt svi\u00f0, ekki sem st\u00f6\u00f0na\u00f0a leif \u00fer\u00e6lahaldst\u00edmans. Tengd efni m\u00e1 finna \u00ed mi\u00f0junni <a href=\"https:\/\/iwell-guard.com\/is\/?page_id=168865\">Vodou<\/a>.<\/p>\t\t\t\t\t\t\t\t<\/div>\n\t\t\t\t\t<\/div>\n\t\t\t\t<\/div>\n\t\t\t\t\t<\/div>\n\t\t\t\t<\/div>\n\t\t<div class=\"elementor-element elementor-element-iwgkw2-add-afrikanischkar e-flex e-con-boxed e-con e-parent\" data-id=\"iwgkw2-add-afrikanischkar\" data-element_type=\"container\" data-e-type=\"container\">\n\t\t\t\t\t<div class=\"e-con-inner\">\n\t\t\t\t<div class=\"elementor-element elementor-element-iwgkw2-add-afrikanischkar-t elementor-widget elementor-widget-text-editor\" data-id=\"iwgkw2-add-afrikanischkar-t\" data-element_type=\"widget\" data-e-type=\"widget\" data-widget_type=\"text-editor.default\">\n\t\t\t\t\t\t\t\t\t<p>Afr\u00edsk-kar\u00edb\u00edska tr\u00faarsv\u00e6\u00f0i\u00f0 sameinar vestur-afr\u00edsk lwa- og orisha-go\u00f0avelldi me\u00f0 kre\u00f3lskum, frumbyggja- og ka\u00fe\u00f3lskum \u00fe\u00e1ttum og myndar \u00feannig sj\u00e1lfst\u00e6\u00f0a verndar- og l\u00e6kningahef\u00f0.<\/p>\t\t\t\t\t\t\t\t<\/div>\n\t\t\t\t\t<\/div>\n\t\t\t\t<\/div>\n\t\t<div class=\"elementor-element elementor-element-iwgcn-afrikanisc-kwd e-flex e-con-boxed e-con e-parent\" data-id=\"iwgcn-afrikanisc-kwd\" data-element_type=\"container\" data-e-type=\"container\">\n\t\t\t\t\t<div class=\"e-con-inner\">\n\t\t<div class=\"elementor-element elementor-element-iwgcn-afrikanisc-kwd-c e-con-full e-flex e-con e-child\" data-id=\"iwgcn-afrikanisc-kwd-c\" data-element_type=\"container\" data-e-type=\"container\">\n\t\t\t\t<div class=\"elementor-element elementor-element-iwgcn-afrikanisc-kwdt elementor-widget elementor-widget-text-editor\" data-id=\"iwgcn-afrikanisc-kwdt\" data-element_type=\"widget\" data-e-type=\"widget\" data-widget_type=\"text-editor.default\">\n\t\t\t\t\t\t\t\t\t<p><em>Tengd kjarnahugt\u00f6k: Lwa Orisha Yoruba Fon Vodou Santer\u00eda Candombl\u00e9 Gris-Gris Mojo Wanga Pakets Houngan Mambo Babalawo Ifa.<\/em><\/p>\t\t\t\t\t\t\t\t<\/div>\n\t\t\t\t<\/div>\n\t\t\t\t\t<\/div>\n\t\t\t\t<\/div>\n\t\t<div class=\"elementor-element elementor-element-iwgcn-afrikanisc-cc e-flex e-con-boxed e-con e-parent\" data-id=\"iwgcn-afrikanisc-cc\" data-element_type=\"container\" data-e-type=\"container\" id=\"iwg-cc-afrikanisch-karibisch\">\n\t\t\t\t\t<div class=\"e-con-inner\">\n\t\t<div class=\"elementor-element elementor-element-iwgcn-afrikanisc-ccinner e-flex e-con-boxed e-con e-parent\" data-id=\"iwgcn-afrikanisc-ccinner\" data-element_type=\"container\" data-e-type=\"container\" data-settings=\"{&quot;background_background&quot;:&quot;classic&quot;}\">\n\t\t\t\t\t<div class=\"e-con-inner\">\n\t\t\t\t<div class=\"elementor-element elementor-element-iwgcn-afrikanisc-cch elementor-widget elementor-widget-heading\" data-id=\"iwgcn-afrikanisc-cch\" data-element_type=\"widget\" data-e-type=\"widget\" data-widget_type=\"heading.default\">\n\t\t\t\t\t<h2 class=\"elementor-heading-title elementor-size-default\">Verndargripir \u00ed \u00feessari menningarhef\u00f0<\/h2>\t\t\t\t<\/div>\n\t\t\t\t<div class=\"elementor-element elementor-element-iwgcn-afrikanisc-cct elementor-widget elementor-widget-text-editor\" data-id=\"iwgcn-afrikanisc-cct\" data-element_type=\"widget\" data-e-type=\"widget\" data-widget_type=\"text-editor.default\">\n\t\t\t\t\t\t\t\t\t<p>Vodou og tengdar hef\u00f0ir \u00feekkja gris-gris-poka, pakets \u00far helgu\u00f0um efnum, wanga-sekkjum auk mynda af lwa og orisha \u00e1 l\u00edkamanum og \u00ed h\u00fasinu. Hoodoo- og conjure-i\u00f0kun vinnur me\u00f0 mojo-hand-hengjum.<\/p><div data-nosnippet=\"true\"><p>iWell Guard fellur inn \u00ed \u00feessa menningars\u00f6gulegu hef\u00f0 borinna verndargripa, \u00ed samt\u00edmalegri efnisarkitekt\u00far, framleitt \u00ed \u00de\u00fdskalandi. 41 lag, alv\u00f6ru gull, plat\u00edna, silfur. 30 daga skilar\u00e9ttur.<\/p><\/div>\t\t\t\t\t\t\t\t<\/div>\n\t\t\t\t<div class=\"elementor-element elementor-element-iwgcn-afrikanisc-ccb iwg-cc-button iwg-cc-cta-2026-05-13 elementor-widget elementor-widget-jet-button\" data-id=\"iwgcn-afrikanisc-ccb\" data-element_type=\"widget\" data-e-type=\"widget\" data-widget_type=\"jet-button.default\">\n\t\t\t\t<div class=\"elementor-widget-container\">\n\t\t\t\t\t<div class=\"elementor-jet-button jet-elements\"><div class=\"jet-button__container\"><a class=\"jet-button__instance jet-button__instance--icon-left hover-effect-1\" href=\"\/ueber-iwell-guard\/?utm_source=iwell-guard.com&amp;utm_medium=info-box&amp;utm_campaign=kultur-tradition\"><div class=\"jet-button__plane jet-button__plane-normal\"><\/div><div class=\"jet-button__plane jet-button__plane-hover\"><\/div><div class=\"jet-button__state jet-button__state-normal\"><span class=\"jet-button__label\">Meira um iWell Guard<\/span><\/div><div class=\"jet-button__state jet-button__state-hover\"><span class=\"jet-button__label\">Meira um iWell Guard<\/span><\/div><\/a><\/div><\/div><style>.elementor-element.elementor-element-iwgcn-afrikanisc-ccb .jet-button__instance{width:320px;height:56px;}.elementor-element.elementor-element-iwgcn-afrikanisc-ccb .jet-button__state-normal .jet-button__label{text-align:center;margin:0px 0px 0px 0px;color:#1a1b20;font-family:Montserrat,sans-serif;font-size:13px;font-weight:400;letter-spacing:4px;line-height:1.714em;text-transform:uppercase;}.elementor-element.elementor-element-iwgcn-afrikanisc-ccb .jet-button__state-hover .jet-button__label{text-align:center;margin:0px 0px 0px 0px;color:#FECC76;font-family:Montserrat,sans-serif;font-size:13px;font-weight:400;letter-spacing:4px;line-height:1.714em;text-transform:uppercase;}.elementor-element.elementor-element-iwgcn-afrikanisc-ccb .jet-button__plane-normal{background-color:#FECC76;border-style:solid;border-color:#C99540;border-width:2px 2px 2px 2px;}.elementor-element.elementor-element-iwgcn-afrikanisc-ccb .jet-button__plane-hover{background-color:rgba(0,0,0,0.55);border-style:solid;border-color:#FECC76;border-width:2px 2px 2px 2px;}<\/style>\t\t\t\t<\/div>\n\t\t\t\t<\/div>\n\t\t\t\t<div class=\"elementor-element elementor-element-iwgcn-afrikanisc-ccd elementor-widget elementor-widget-text-editor\" data-id=\"iwgcn-afrikanisc-ccd\" data-element_type=\"widget\" data-e-type=\"widget\" data-widget_type=\"text-editor.default\">\n\t\t\t\t\t\t\t\t\t<div data-nosnippet=\"true\"><p style=\"text-align:center;font-size:13px;opacity:0.7;margin-top:14px\" data-nosnippet=\"true\">Pers\u00f3nuleg reynsla getur veri\u00f0 mismunandi. Ekki l\u00e6kningat\u00e6ki. Engin lofor\u00f0 um l\u00e6kningu.<\/p><\/div>\t\t\t\t\t\t\t\t<\/div>\n\t\t\t\t\t<\/div>\n\t\t\t\t<\/div>\n\t\t\t\t\t<\/div>\n\t\t\t\t<\/div>\n\t\t<div class=\"elementor-element elementor-element-iwgcn-afrikanisc-disc e-flex e-con-boxed e-con e-parent\" data-id=\"iwgcn-afrikanisc-disc\" data-element_type=\"container\" data-e-type=\"container\">\n\t\t\t\t\t<div class=\"e-con-inner\">\n\t\t\t\t<div class=\"elementor-element elementor-element-iwgcn-afrikanisc-discw elementor-widget elementor-widget-html\" data-id=\"iwgcn-afrikanisc-discw\" data-element_type=\"widget\" data-e-type=\"widget\" data-widget_type=\"html.default\">\n\t\t\t\t\t<footer data-nosnippet=\"true\" class=\"iwg-disclaimer-block\"><p data-nosnippet=\"true\">iWell Guard er <strong>ekki l\u00e6kningat\u00e6ki<\/strong> og kemur ekki \u00ed sta\u00f0inn fyrir l\u00e6knis- e\u00f0a s\u00e1lfr\u00e6\u00f0ime\u00f0fer\u00f0. Tr\u00faarfr\u00e6\u00f0ilegt efni er menningars\u00f6gulegt samhengi, ekki r\u00e1\u00f0legging um andlega i\u00f0kun.<\/p><\/footer>\t\t\t\t<\/div>\n\t\t\t\t\t<\/div>\n\t\t\t\t<\/div>\n\t\t<div class=\"elementor-element elementor-element-iwgssrev-afrikanischkaribisch e-flex e-con-boxed e-con e-parent\" data-id=\"iwgssrev-afrikanischkaribisch\" data-element_type=\"container\" data-e-type=\"container\">\n\t\t\t\t\t<div class=\"e-con-inner\">\n\t\t\t\t<div class=\"elementor-element elementor-element-iwgssrev-afrikanischkaribisch-h elementor-widget elementor-widget-heading\" data-id=\"iwgssrev-afrikanischkaribisch-h\" data-element_type=\"widget\" data-e-type=\"widget\" data-widget_type=\"heading.default\">\n\t\t\t\t\t<h2 class=\"elementor-heading-title elementor-size-default\">Verndart\u00e1kn \u00far afr\u00edsk-kar\u00edb\u00edskum hef\u00f0um<\/h2>\t\t\t\t<\/div>\n\t\t\t\t<div class=\"elementor-element elementor-element-iwgssrev-afrikanischkaribisch-t elementor-widget elementor-widget-text-editor\" data-id=\"iwgssrev-afrikanischkaribisch-t\" data-element_type=\"widget\" data-e-type=\"widget\" data-widget_type=\"text-editor.default\">\n\t\t\t\t\t\t\t\t\t<p>Lexikon verndart\u00e1knanna fjallar um nokkur t\u00e1kn og hluti \u00far afr\u00edsk-kar\u00edb\u00edskum hef\u00f0um \u00e1 eigin s\u00ed\u00f0um: <a href=\"https:\/\/iwell-guard.com\/is\/?page_id=169151\">Adinkra<\/a>, <a href=\"https:\/\/iwell-guard.com\/is\/?page_id=169220\">Eleggua<\/a>, <a href=\"https:\/\/iwell-guard.com\/is\/?page_id=169217\">Gris-gris<\/a>, <a href=\"https:\/\/iwell-guard.com\/is\/?page_id=169219\">Mojo Bag<\/a> og <a href=\"https:\/\/iwell-guard.com\/is\/?page_id=169218\">Nkisi<\/a>. \u00deverfaglegt yfirlit m\u00e1 finna \u00e1 s\u00ed\u00f0unni um <a href=\"https:\/\/iwell-guard.com\/is\/?page_id=168902\">verndart\u00e1knin<\/a>.<\/p>\t\t\t\t\t\t\t\t<\/div>\n\t\t\t\t\t<\/div>\n\t\t\t\t<\/div>\n\t\t\t\t<\/div>\n\t\t","protected":false},"excerpt":{"rendered":"","protected":false},"author":3,"featured_media":1774,"parent":0,"menu_order":0,"comment_status":"closed","ping_status":"closed","template":"elementor_header_footer","meta":{"_yoast_wpseo_focuskw":"afr\u00edkan\u00edsk-kar\u00edb\u00edsk tr\u00faarbr\u00f6g\u00f0","_yoast_wpseo_title":"Afr\u00edkan\u00edsk-kar\u00edb\u00edskt \u2013 Vodou, Santer\u00eda og verndarhef\u00f0ir","_yoast_wpseo_metadesc":"Afr\u00edkan\u00edsk-kar\u00edb\u00edsk tr\u00faarbr\u00f6g\u00f0 \u00e1 iWell Guard. Vodou, Santer\u00eda, Candombl\u00e9 og j\u00f3r\u00fabatengdar verndarhef\u00f0ir me\u00f0 Gris-Gris, Mojo og Wanga.","_yoast_wpseo_meta-robots-noindex":"","_yoast_wpseo_canonical":"","_angie_page":false,"gefaehrdungsstufe":"","wesen_kultur":"","wesen_klasse":"","footnotes":""},"categories":[],"class_list":["post-168906","page","type-page","status-publish","has-post-thumbnail","hentry"],"yoast_head":"<!-- This site is optimized with the Yoast SEO Premium plugin v27.7 (Yoast SEO v28.3) - https:\/\/yoast.com\/product\/yoast-seo-premium-wordpress\/ -->\n<title>Afr\u00edkan\u00edsk-kar\u00edb\u00edskt \u2013 Vodou, Santer\u00eda og verndarhef\u00f0ir<\/title>\n<meta name=\"description\" content=\"Afr\u00edkan\u00edsk-kar\u00edb\u00edsk tr\u00faarbr\u00f6g\u00f0 \u00e1 iWell Guard. Vodou, Santer\u00eda, Candombl\u00e9 og j\u00f3r\u00fabatengdar verndarhef\u00f0ir me\u00f0 Gris-Gris, Mojo og Wanga.\" \/>\n<meta name=\"robots\" content=\"index, follow, max-snippet:-1, max-image-preview:large, max-video-preview:-1\" \/>\n<link rel=\"canonical\" href=\"https:\/\/iwell-guard.com\/is\/afrikansk-karibiskar-hefdir-vodou-santeria-candomble\/\" \/>\n<meta property=\"og:locale\" content=\"is_IS\" \/>\n<meta property=\"og:type\" content=\"article\" \/>\n<meta property=\"og:title\" content=\"Afr\u00edkan\u00edsk-kar\u00edb\u00edskar hef\u00f0ir \u2013 Vodou, Santer\u00eda, Candombl\u00e9\" \/>\n<meta property=\"og:description\" content=\"Afr\u00edkan\u00edsk-kar\u00edb\u00edsk tr\u00faarbr\u00f6g\u00f0 \u00e1 iWell Guard. Vodou, Santer\u00eda, Candombl\u00e9 og j\u00f3r\u00fabatengdar verndarhef\u00f0ir me\u00f0 Gris-Gris, Mojo og Wanga.\" \/>\n<meta property=\"og:url\" content=\"https:\/\/iwell-guard.com\/is\/afrikansk-karibiskar-hefdir-vodou-santeria-candomble\/\" \/>\n<meta property=\"og:site_name\" content=\"iWell Guard\" \/>\n<meta property=\"article:modified_time\" content=\"2026-09-05T14:22:28+00:00\" \/>\n<meta property=\"og:image\" content=\"https:\/\/iwell-guard.com\/wp-content\/uploads\/2026\/04\/goetter_vodou_papa-legba.webp\" \/>\n\t<meta property=\"og:image:width\" content=\"1024\" \/>\n\t<meta property=\"og:image:height\" content=\"1536\" \/>\n\t<meta property=\"og:image:type\" content=\"image\/webp\" \/>\n<meta name=\"twitter:card\" content=\"summary_large_image\" \/>\n<script type=\"application\/ld+json\" class=\"yoast-schema-graph\">{\"@context\":\"https:\\\/\\\/schema.org\",\"@graph\":[{\"@type\":\"WebPage\",\"@id\":\"https:\\\/\\\/iwell-guard.com\\\/is\\\/afrikansk-karibiskar-hefdir-vodou-santeria-candomble\\\/\",\"url\":\"https:\\\/\\\/iwell-guard.com\\\/is\\\/afrikansk-karibiskar-hefdir-vodou-santeria-candomble\\\/\",\"name\":\"Afr\u00edkan\u00edsk-kar\u00edb\u00edskt \u2013 Vodou, Santer\u00eda og verndarhef\u00f0ir\",\"isPartOf\":{\"@id\":\"https:\\\/\\\/iwell-guard.com\\\/is\\\/#website\"},\"primaryImageOfPage\":{\"@id\":\"https:\\\/\\\/iwell-guard.com\\\/is\\\/afrikansk-karibiskar-hefdir-vodou-santeria-candomble\\\/#primaryimage\"},\"image\":{\"@id\":\"https:\\\/\\\/iwell-guard.com\\\/is\\\/afrikansk-karibiskar-hefdir-vodou-santeria-candomble\\\/#primaryimage\"},\"thumbnailUrl\":\"https:\\\/\\\/iwell-guard.com\\\/wp-content\\\/uploads\\\/2026\\\/04\\\/goetter_vodou_papa-legba.webp\",\"datePublished\":\"2026-09-05T14:03:57+00:00\",\"dateModified\":\"2026-09-05T14:22:28+00:00\",\"description\":\"Afr\u00edkan\u00edsk-kar\u00edb\u00edsk tr\u00faarbr\u00f6g\u00f0 \u00e1 iWell Guard. Vodou, Santer\u00eda, Candombl\u00e9 og j\u00f3r\u00fabatengdar verndarhef\u00f0ir me\u00f0 Gris-Gris, Mojo og Wanga.\",\"breadcrumb\":{\"@id\":\"https:\\\/\\\/iwell-guard.com\\\/is\\\/afrikansk-karibiskar-hefdir-vodou-santeria-candomble\\\/#breadcrumb\"},\"inLanguage\":\"is\",\"potentialAction\":[{\"@type\":\"ReadAction\",\"target\":[\"https:\\\/\\\/iwell-guard.com\\\/is\\\/afrikansk-karibiskar-hefdir-vodou-santeria-candomble\\\/\"]}]},{\"@type\":\"ImageObject\",\"inLanguage\":\"is\",\"@id\":\"https:\\\/\\\/iwell-guard.com\\\/is\\\/afrikansk-karibiskar-hefdir-vodou-santeria-candomble\\\/#primaryimage\",\"url\":\"https:\\\/\\\/iwell-guard.com\\\/wp-content\\\/uploads\\\/2026\\\/04\\\/goetter_vodou_papa-legba.webp\",\"contentUrl\":\"https:\\\/\\\/iwell-guard.com\\\/wp-content\\\/uploads\\\/2026\\\/04\\\/goetter_vodou_papa-legba.webp\",\"width\":1024,\"height\":1536,\"caption\":\"Gu\u00f0ir \u00far Vodou-hef\u00f0inni.\"},{\"@type\":\"BreadcrumbList\",\"@id\":\"https:\\\/\\\/iwell-guard.com\\\/is\\\/afrikansk-karibiskar-hefdir-vodou-santeria-candomble\\\/#breadcrumb\",\"itemListElement\":[{\"@type\":\"ListItem\",\"position\":1,\"name\":\"Start\",\"item\":\"https:\\\/\\\/iwell-guard.com\\\/is\\\/?page_id=168580\"},{\"@type\":\"ListItem\",\"position\":2,\"name\":\"Afr\u00edkan\u00edsk-kar\u00edb\u00edskar hef\u00f0ir \u2013 Vodou, Santer\u00eda, Candombl\u00e9\"}]},{\"@type\":\"WebSite\",\"@id\":\"https:\\\/\\\/iwell-guard.com\\\/is\\\/#website\",\"url\":\"https:\\\/\\\/iwell-guard.com\\\/is\\\/\",\"name\":\"iWell Guard\",\"description\":\"Schutz vor dunklen Einfl\u00fcssen\",\"publisher\":{\"@id\":\"https:\\\/\\\/iwell-guard.com\\\/is\\\/#organization\"},\"potentialAction\":[{\"@type\":\"SearchAction\",\"target\":{\"@type\":\"EntryPoint\",\"urlTemplate\":\"https:\\\/\\\/iwell-guard.com\\\/is\\\/?s={search_term_string}\"},\"query-input\":{\"@type\":\"PropertyValueSpecification\",\"valueRequired\":true,\"valueName\":\"search_term_string\"}}],\"inLanguage\":\"is\"},{\"@type\":\"Organization\",\"@id\":\"https:\\\/\\\/iwell-guard.com\\\/is\\\/#organization\",\"name\":\"Ittermann electronic GmbH\",\"url\":\"https:\\\/\\\/iwell-guard.com\\\/is\\\/\",\"logo\":{\"@type\":\"ImageObject\",\"inLanguage\":\"is\",\"@id\":\"https:\\\/\\\/iwell-guard.com\\\/is\\\/#\\\/schema\\\/logo\\\/image\\\/\",\"url\":\"https:\\\/\\\/iwell-guard.com\\\/wp-content\\\/uploads\\\/2026\\\/05\\\/Ittermann-Logo-1182x237-1.png\",\"contentUrl\":\"https:\\\/\\\/iwell-guard.com\\\/wp-content\\\/uploads\\\/2026\\\/05\\\/Ittermann-Logo-1182x237-1.png\",\"width\":1182,\"height\":237,\"caption\":\"Ittermann electronic GmbH\"},\"image\":{\"@id\":\"https:\\\/\\\/iwell-guard.com\\\/is\\\/#\\\/schema\\\/logo\\\/image\\\/\"},\"sameAs\":[\"https:\\\/\\\/pantip.com\\\/profile\\\/9367242\",\"https:\\\/\\\/micro.blog\\\/iwellguard\",\"https:\\\/\\\/www.diggerslist.com\\\/iwellguard\\\/about\",\"https:\\\/\\\/skitterphoto.com\\\/photographers\\\/2870314\\\/iwell-guard\",\"https:\\\/\\\/iwellguard.wordpress.com\\\/2026\\\/06\\\/06\\\/iwell-guard\\\/\",\"https:\\\/\\\/hub.docker.com\\\/u\\\/iwellguard\",\"https:\\\/\\\/www.pinterest.com\\\/iwellguard\\\/\",\"https:\\\/\\\/bit.ly\\\/m\\\/iwellguard\",\"https:\\\/\\\/entre-vos-mains.alsace.eu\\\/profiles\\\/iwellguard\\\/activity\",\"https:\\\/\\\/gravatar.com\\\/reallybeded8fd34\",\"https:\\\/\\\/naijamatta.com\\\/iwellguard\",\"https:\\\/\\\/www.goodreads.com\\\/iwellguard\",\"https:\\\/\\\/profile.hatena.ne.jp\\\/iwellguard\\\/\",\"https:\\\/\\\/experiment.com\\\/users\\\/iwellguard\",\"https:\\\/\\\/wakelet.com\\\/@iWellGuard82270\",\"https:\\\/\\\/www.chordie.com\\\/forum\\\/profile.php?id=2555664\",\"https:\\\/\\\/www.instapaper.com\\\/p\\\/17757966\",\"https:\\\/\\\/www.mapleprimes.com\\\/users\\\/iwellguard\",\"https:\\\/\\\/businesslistingplus.com\\\/profile\\\/iwell-guard\\\/\",\"https:\\\/\\\/telegra.ph\\\/iWell-Guard-06-06\",\"https:\\\/\\\/pbase.com\\\/iwellguard\\\/iwellguard\",\"https:\\\/\\\/b.hatena.ne.jp\\\/iwellguard\\\/20260607#bookmark-4788405196491818882\",\"https:\\\/\\\/fliphtml5.com\\\/home\\\/iwellguard\",\"https:\\\/\\\/anyflip.com\\\/homepage\\\/cmiwl#About\",\"https:\\\/\\\/transfur.com\\\/Users\\\/iwellguard\",\"http:\\\/\\\/delphi.larsbo.org\\\/user\\\/iwellguard\",\"https:\\\/\\\/jobs.lajobsportal.org\\\/profiles\\\/8380803-iwell-guard\",\"https:\\\/\\\/md.chaosdorf.de\\\/s\\\/jfbe5SBdJD\",\"https:\\\/\\\/www.lingvolive.com\\\/en-us\\\/profile\\\/9ecaeaca-ce11-4e51-9e71-01d55e2bff36\\\/translations\",\"https:\\\/\\\/www.fitday.com\\\/fitness\\\/forums\\\/members\\\/iwellguard.html\",\"https:\\\/\\\/www.mymeetbook.com\\\/iwellguard\",\"https:\\\/\\\/pxhere.com\\\/en\\\/photographer-me\\\/5040798\",\"https:\\\/\\\/disqus.com\\\/by\\\/iwellguard\\\/about\\\/\",\"https:\\\/\\\/pastelink.net\\\/hjwciqwq\",\"https:\\\/\\\/pubhtml5.com\\\/homepage\\\/scjhn\\\/\",\"https:\\\/\\\/www.bitchute.com\\\/channel\\\/2O2eOKzNqujT\",\"https:\\\/\\\/audiomack.com\\\/iwellguard\"]}]}<\/script>\n<!-- \/ Yoast SEO Premium plugin. -->","yoast_head_json":{"title":"Afr\u00edkan\u00edsk-kar\u00edb\u00edskt \u2013 Vodou, Santer\u00eda og verndarhef\u00f0ir","description":"Afr\u00edkan\u00edsk-kar\u00edb\u00edsk tr\u00faarbr\u00f6g\u00f0 \u00e1 iWell Guard. Vodou, Santer\u00eda, Candombl\u00e9 og j\u00f3r\u00fabatengdar verndarhef\u00f0ir me\u00f0 Gris-Gris, Mojo og Wanga.","robots":{"index":"index","follow":"follow","max-snippet":"max-snippet:-1","max-image-preview":"max-image-preview:large","max-video-preview":"max-video-preview:-1"},"canonical":"https:\/\/iwell-guard.com\/is\/afrikansk-karibiskar-hefdir-vodou-santeria-candomble\/","og_locale":"is_IS","og_type":"article","og_title":"Afr\u00edkan\u00edsk-kar\u00edb\u00edskar hef\u00f0ir \u2013 Vodou, Santer\u00eda, Candombl\u00e9","og_description":"Afr\u00edkan\u00edsk-kar\u00edb\u00edsk tr\u00faarbr\u00f6g\u00f0 \u00e1 iWell Guard. Vodou, Santer\u00eda, Candombl\u00e9 og j\u00f3r\u00fabatengdar verndarhef\u00f0ir me\u00f0 Gris-Gris, Mojo og Wanga.","og_url":"https:\/\/iwell-guard.com\/is\/afrikansk-karibiskar-hefdir-vodou-santeria-candomble\/","og_site_name":"iWell Guard","article_modified_time":"2026-09-05T14:22:28+00:00","og_image":[{"width":1024,"height":1536,"url":"https:\/\/iwell-guard.com\/wp-content\/uploads\/2026\/04\/goetter_vodou_papa-legba.webp","type":"image\/webp"}],"twitter_card":"summary_large_image","schema":{"@context":"https:\/\/schema.org","@graph":[{"@type":"WebPage","@id":"https:\/\/iwell-guard.com\/is\/afrikansk-karibiskar-hefdir-vodou-santeria-candomble\/","url":"https:\/\/iwell-guard.com\/is\/afrikansk-karibiskar-hefdir-vodou-santeria-candomble\/","name":"Afr\u00edkan\u00edsk-kar\u00edb\u00edskt \u2013 Vodou, Santer\u00eda og verndarhef\u00f0ir","isPartOf":{"@id":"https:\/\/iwell-guard.com\/is\/#website"},"primaryImageOfPage":{"@id":"https:\/\/iwell-guard.com\/is\/afrikansk-karibiskar-hefdir-vodou-santeria-candomble\/#primaryimage"},"image":{"@id":"https:\/\/iwell-guard.com\/is\/afrikansk-karibiskar-hefdir-vodou-santeria-candomble\/#primaryimage"},"thumbnailUrl":"https:\/\/iwell-guard.com\/wp-content\/uploads\/2026\/04\/goetter_vodou_papa-legba.webp","datePublished":"2026-09-05T14:03:57+00:00","dateModified":"2026-09-05T14:22:28+00:00","description":"Afr\u00edkan\u00edsk-kar\u00edb\u00edsk tr\u00faarbr\u00f6g\u00f0 \u00e1 iWell Guard. Vodou, Santer\u00eda, Candombl\u00e9 og j\u00f3r\u00fabatengdar verndarhef\u00f0ir me\u00f0 Gris-Gris, Mojo og Wanga.","breadcrumb":{"@id":"https:\/\/iwell-guard.com\/is\/afrikansk-karibiskar-hefdir-vodou-santeria-candomble\/#breadcrumb"},"inLanguage":"is","potentialAction":[{"@type":"ReadAction","target":["https:\/\/iwell-guard.com\/is\/afrikansk-karibiskar-hefdir-vodou-santeria-candomble\/"]}]},{"@type":"ImageObject","inLanguage":"is","@id":"https:\/\/iwell-guard.com\/is\/afrikansk-karibiskar-hefdir-vodou-santeria-candomble\/#primaryimage","url":"https:\/\/iwell-guard.com\/wp-content\/uploads\/2026\/04\/goetter_vodou_papa-legba.webp","contentUrl":"https:\/\/iwell-guard.com\/wp-content\/uploads\/2026\/04\/goetter_vodou_papa-legba.webp","width":1024,"height":1536,"caption":"Gu\u00f0ir \u00far Vodou-hef\u00f0inni."},{"@type":"BreadcrumbList","@id":"https:\/\/iwell-guard.com\/is\/afrikansk-karibiskar-hefdir-vodou-santeria-candomble\/#breadcrumb","itemListElement":[{"@type":"ListItem","position":1,"name":"Start","item":"https:\/\/iwell-guard.com\/is\/?page_id=168580"},{"@type":"ListItem","position":2,"name":"Afr\u00edkan\u00edsk-kar\u00edb\u00edskar hef\u00f0ir \u2013 Vodou, Santer\u00eda, Candombl\u00e9"}]},{"@type":"WebSite","@id":"https:\/\/iwell-guard.com\/is\/#website","url":"https:\/\/iwell-guard.com\/is\/","name":"iWell Guard","description":"Schutz vor dunklen Einfl\u00fcssen","publisher":{"@id":"https:\/\/iwell-guard.com\/is\/#organization"},"potentialAction":[{"@type":"SearchAction","target":{"@type":"EntryPoint","urlTemplate":"https:\/\/iwell-guard.com\/is\/?s={search_term_string}"},"query-input":{"@type":"PropertyValueSpecification","valueRequired":true,"valueName":"search_term_string"}}],"inLanguage":"is"},{"@type":"Organization","@id":"https:\/\/iwell-guard.com\/is\/#organization","name":"Ittermann electronic GmbH","url":"https:\/\/iwell-guard.com\/is\/","logo":{"@type":"ImageObject","inLanguage":"is","@id":"https:\/\/iwell-guard.com\/is\/#\/schema\/logo\/image\/","url":"https:\/\/iwell-guard.com\/wp-content\/uploads\/2026\/05\/Ittermann-Logo-1182x237-1.png","contentUrl":"https:\/\/iwell-guard.com\/wp-content\/uploads\/2026\/05\/Ittermann-Logo-1182x237-1.png","width":1182,"height":237,"caption":"Ittermann electronic GmbH"},"image":{"@id":"https:\/\/iwell-guard.com\/is\/#\/schema\/logo\/image\/"},"sameAs":["https:\/\/pantip.com\/profile\/9367242","https:\/\/micro.blog\/iwellguard","https:\/\/www.diggerslist.com\/iwellguard\/about","https:\/\/skitterphoto.com\/photographers\/2870314\/iwell-guard","https:\/\/iwellguard.wordpress.com\/2026\/06\/06\/iwell-guard\/","https:\/\/hub.docker.com\/u\/iwellguard","https:\/\/www.pinterest.com\/iwellguard\/","https:\/\/bit.ly\/m\/iwellguard","https:\/\/entre-vos-mains.alsace.eu\/profiles\/iwellguard\/activity","https:\/\/gravatar.com\/reallybeded8fd34","https:\/\/naijamatta.com\/iwellguard","https:\/\/www.goodreads.com\/iwellguard","https:\/\/profile.hatena.ne.jp\/iwellguard\/","https:\/\/experiment.com\/users\/iwellguard","https:\/\/wakelet.com\/@iWellGuard82270","https:\/\/www.chordie.com\/forum\/profile.php?id=2555664","https:\/\/www.instapaper.com\/p\/17757966","https:\/\/www.mapleprimes.com\/users\/iwellguard","https:\/\/businesslistingplus.com\/profile\/iwell-guard\/","https:\/\/telegra.ph\/iWell-Guard-06-06","https:\/\/pbase.com\/iwellguard\/iwellguard","https:\/\/b.hatena.ne.jp\/iwellguard\/20260607#bookmark-4788405196491818882","https:\/\/fliphtml5.com\/home\/iwellguard","https:\/\/anyflip.com\/homepage\/cmiwl#About","https:\/\/transfur.com\/Users\/iwellguard","http:\/\/delphi.larsbo.org\/user\/iwellguard","https:\/\/jobs.lajobsportal.org\/profiles\/8380803-iwell-guard","https:\/\/md.chaosdorf.de\/s\/jfbe5SBdJD","https:\/\/www.lingvolive.com\/en-us\/profile\/9ecaeaca-ce11-4e51-9e71-01d55e2bff36\/translations","https:\/\/www.fitday.com\/fitness\/forums\/members\/iwellguard.html","https:\/\/www.mymeetbook.com\/iwellguard","https:\/\/pxhere.com\/en\/photographer-me\/5040798","https:\/\/disqus.com\/by\/iwellguard\/about\/","https:\/\/pastelink.net\/hjwciqwq","https:\/\/pubhtml5.com\/homepage\/scjhn\/","https:\/\/www.bitchute.com\/channel\/2O2eOKzNqujT","https:\/\/audiomack.com\/iwellguard"]}]}},"_links":{"self":[{"href":"https:\/\/iwell-guard.com\/is\/wp-json\/wp\/v2\/pages\/168906","targetHints":{"allow":["GET"]}}],"collection":[{"href":"https:\/\/iwell-guard.com\/is\/wp-json\/wp\/v2\/pages"}],"about":[{"href":"https:\/\/iwell-guard.com\/is\/wp-json\/wp\/v2\/types\/page"}],"author":[{"embeddable":true,"href":"https:\/\/iwell-guard.com\/is\/wp-json\/wp\/v2\/users\/3"}],"replies":[{"embeddable":true,"href":"https:\/\/iwell-guard.com\/is\/wp-json\/wp\/v2\/comments?post=168906"}],"version-history":[{"count":0,"href":"https:\/\/iwell-guard.com\/is\/wp-json\/wp\/v2\/pages\/168906\/revisions"}],"wp:featuredmedia":[{"embeddable":true,"href":"https:\/\/iwell-guard.com\/is\/wp-json\/wp\/v2\/media\/1774"}],"wp:attachment":[{"href":"https:\/\/iwell-guard.com\/is\/wp-json\/wp\/v2\/media?parent=168906"}],"wp:term":[{"taxonomy":"category","embeddable":true,"href":"https:\/\/iwell-guard.com\/is\/wp-json\/wp\/v2\/categories?post=168906"}],"curies":[{"name":"wp","href":"https:\/\/api.w.org\/{rel}","templated":true}]}}