{"id":168901,"date":"2026-09-05T14:03:54","date_gmt":"2026-09-05T14:03:54","guid":{"rendered":"https:\/\/iwell-guard.com\/?page_id=168901"},"modified":"2026-09-05T14:22:20","modified_gmt":"2026-09-05T14:22:20","slug":"illt-auga","status":"publish","type":"page","link":"https:\/\/iwell-guard.com\/is\/illt-auga\/","title":{"rendered":"B\u00f6ser Blick"},"content":{"rendered":"\t\t<div data-elementor-type=\"wp-page\" data-elementor-id=\"168901\" class=\"elementor elementor-168901 elementor-2466 elementor-bc-flex-widget\" data-elementor-post-type=\"page\">\n\t\t\t\t<div class=\"elementor-element elementor-element-azboehero e-flex e-con-boxed e-con e-parent\" data-id=\"azboehero\" data-element_type=\"container\" data-e-type=\"container\" data-settings=\"{&quot;background_background&quot;:&quot;classic&quot;}\">\n\t\t\t\t\t<div class=\"e-con-inner\">\n\t\t<div class=\"elementor-element elementor-element-azboelft e-flex e-con-boxed e-con e-parent\" data-id=\"azboelft\" data-element_type=\"container\" data-e-type=\"container\">\n\t\t\t\t\t<div class=\"e-con-inner\">\n\t\t<div class=\"elementor-element elementor-element-azboeh1c e-con-full e-flex e-con e-parent\" data-id=\"azboeh1c\" data-element_type=\"container\" data-e-type=\"container\">\n\t\t\t\t<div class=\"elementor-element elementor-element-azboeh1 elementor-widget elementor-widget-heading\" data-id=\"azboeh1\" data-element_type=\"widget\" data-e-type=\"widget\" data-widget_type=\"heading.default\">\n\t\t\t\t\t<h1 class=\"elementor-heading-title elementor-size-default\">Illt auga sem \u00f6fundartr\u00fa menningarheima<\/h1>\t\t\t\t<\/div>\n\t\t\t\t<div class=\"elementor-element elementor-element-azboelead elementor-widget elementor-widget-text-editor\" data-id=\"azboelead\" data-element_type=\"widget\" data-e-type=\"widget\" data-widget_type=\"text-editor.default\">\n\t\t\t\t\t\t\t\t\t<p>Illt auga, \u00e1 hebresku ayin hara, \u00e1 arab\u00edsku al-ayn, \u00e1 tyrknesku nazar, \u00e1 \u00edt\u00f6lsku malocchio, er hugmyndin um a\u00f0 einn \u00f6fundsj\u00fakur blettur af blikki geti valdi\u00f0 \u00f6\u00f0rum manni ska\u00f0a. Tr\u00fain er skjalfest \u00ed meira en sext\u00edu menningarheimum og hefur af s\u00e9r leitt r\u00edkulegt safn af verndargripum.<\/p>\t\t\t\t\t\t\t\t<\/div>\n\t\t\t\t<\/div>\n\t\t<div class=\"elementor-element elementor-element-azboeplc e-con-full e-flex e-con e-parent\" data-id=\"azboeplc\" data-element_type=\"container\" data-e-type=\"container\">\n\t\t\t\t<div class=\"elementor-element elementor-element-azboepl elementor-widget elementor-widget-html\" data-id=\"azboepl\" data-element_type=\"widget\" data-e-type=\"widget\" data-widget_type=\"html.default\">\n\t\t\t\t\t<div class=\"iwg-pill-row\"><span class=\"iwg-klasse-badge\" tabindex=\"0\" data-tooltip=\"Ska\u00f0atr\u00fa: hugmyndin um a\u00f0 manneskja geti valdi\u00f0 \u00f6\u00f0rum ska\u00f0a me\u00f0 blikki, or\u00f0um e\u00f0a ath\u00f6fnum. Skjalfest af mannfr\u00e6\u00f0ingum \u00ed yfir sext\u00edu menningarheimum, me\u00f0 eigi\u00f0 safn verndarr\u00e1\u00f0a.\">Ska\u00f0atr\u00fa<\/span><span class=\"iwg-kultur-badge\" tabindex=\"0\" data-tooltip=\"Tr\u00fain \u00e1 illt auga er skjalfest um allan heim, me\u00f0 \u00e1herslu \u00e1 Mi\u00f0jar\u00f0arhafssv\u00e6\u00f0i\u00f0, Mi\u00f0austurl\u00f6nd, Su\u00f0ur-As\u00edu og R\u00f3m\u00f6nsku Amer\u00edku. Elstu heimildir n\u00e1 aftur til 3. \u00e1r\u00fe\u00fasunds f.Kr.\">Mi\u00f0jar\u00f0arhafssv\u00e6\u00f0i\u00f0<\/span><\/div>\t\t\t\t<\/div>\n\t\t\t\t<\/div>\n\t\t<div class=\"elementor-element elementor-element-azboetoc e-con-full e-flex e-con e-parent\" data-id=\"azboetoc\" data-element_type=\"container\" data-e-type=\"container\">\n\t\t\t\t<div class=\"elementor-element elementor-element-azboet elementor-toc--minimized-on-tablet elementor-widget elementor-widget-table-of-contents\" data-id=\"azboet\" data-element_type=\"widget\" data-e-type=\"widget\" data-settings=\"{&quot;exclude_headings_by_selector&quot;:[],&quot;no_headings_message&quot;:&quot;Engar undirfyrirsagnir fundust \\u00e1 \\u00feessari s\\u00ed\\u00f0u.&quot;,&quot;headings_by_tags&quot;:[&quot;h2&quot;,&quot;h3&quot;],&quot;marker_view&quot;:&quot;bullets&quot;,&quot;icon&quot;:{&quot;value&quot;:&quot;fas fa-circle&quot;,&quot;library&quot;:&quot;fa-solid&quot;,&quot;rendered_tag&quot;:&quot;&lt;svg class=\\&quot;e-font-icon-svg e-fas-circle\\&quot; viewBox=\\&quot;0 0 512 512\\&quot; xmlns=\\&quot;http:\\\/\\\/www.w3.org\\\/2000\\\/svg\\&quot;&gt;&lt;path d=\\&quot;M256 8C119 8 8 119 8 256s111 248 248 248 248-111 248-248S393 8 256 8z\\&quot;&gt;&lt;\\\/path&gt;&lt;\\\/svg&gt;&quot;},&quot;minimize_box&quot;:&quot;yes&quot;,&quot;minimized_on&quot;:&quot;tablet&quot;,&quot;hierarchical_view&quot;:&quot;yes&quot;,&quot;min_height&quot;:{&quot;unit&quot;:&quot;px&quot;,&quot;size&quot;:&quot;&quot;,&quot;sizes&quot;:[]},&quot;min_height_tablet&quot;:{&quot;unit&quot;:&quot;px&quot;,&quot;size&quot;:&quot;&quot;,&quot;sizes&quot;:[]},&quot;min_height_mobile&quot;:{&quot;unit&quot;:&quot;px&quot;,&quot;size&quot;:&quot;&quot;,&quot;sizes&quot;:[]}}\" data-widget_type=\"table-of-contents.default\">\n\t\t\t\t\t\t\t\t\t<div class=\"elementor-toc__header\">\n\t\t\t\t\t\t<h2 class=\"elementor-toc__header-title\">\n\t\t\t\tEfnisyfirlit\t\t\t<\/h2>\n\t\t\t\t\t\t\t\t\t\t<div class=\"elementor-toc__toggle-button elementor-toc__toggle-button--expand\" role=\"button\" tabindex=\"0\" aria-controls=\"elementor-toc__azboet\" aria-expanded=\"true\" aria-label=\"Open table of contents\"><svg aria-hidden=\"true\" class=\"e-font-icon-svg e-fas-chevron-down\" viewBox=\"0 0 448 512\" xmlns=\"http:\/\/www.w3.org\/2000\/svg\"><path d=\"M207.029 381.476L12.686 187.132c-9.373-9.373-9.373-24.569 0-33.941l22.667-22.667c9.357-9.357 24.522-9.375 33.901-.04L224 284.505l154.745-154.021c9.379-9.335 24.544-9.317 33.901.04l22.667 22.667c9.373 9.373 9.373 24.569 0 33.941L240.971 381.476c-9.373 9.372-24.569 9.372-33.942 0z\"><\/path><\/svg><\/div>\n\t\t\t\t<div class=\"elementor-toc__toggle-button elementor-toc__toggle-button--collapse\" role=\"button\" tabindex=\"0\" aria-controls=\"elementor-toc__azboet\" aria-expanded=\"true\" aria-label=\"Close table of contents\"><svg aria-hidden=\"true\" class=\"e-font-icon-svg e-fas-chevron-up\" viewBox=\"0 0 448 512\" xmlns=\"http:\/\/www.w3.org\/2000\/svg\"><path d=\"M240.971 130.524l194.343 194.343c9.373 9.373 9.373 24.569 0 33.941l-22.667 22.667c-9.357 9.357-24.522 9.375-33.901.04L224 227.495 69.255 381.516c-9.379 9.335-24.544 9.317-33.901-.04l-22.667-22.667c-9.373-9.373-9.373-24.569 0-33.941L207.03 130.525c9.372-9.373 24.568-9.373 33.941-.001z\"><\/path><\/svg><\/div>\n\t\t\t\t\t<\/div>\n\t\t\t\t<div id=\"elementor-toc__azboet\" class=\"elementor-toc__body\">\n\t\t\t<div class=\"elementor-toc__spinner-container\">\n\t\t\t\t<svg class=\"elementor-toc__spinner eicon-animation-spin e-font-icon-svg e-eicon-loading\" aria-hidden=\"true\" viewBox=\"0 0 1000 1000\" xmlns=\"http:\/\/www.w3.org\/2000\/svg\"><path d=\"M500 975V858C696 858 858 696 858 500S696 142 500 142 142 304 142 500H25C25 237 238 25 500 25S975 237 975 500 763 975 500 975Z\"><\/path><\/svg>\t\t\t<\/div>\n\t\t<\/div>\n\t\t\t\t\t\t<\/div>\n\t\t\t\t<\/div>\n\t\t\t\t\t<\/div>\n\t\t\t\t<\/div>\n\t\t<div class=\"elementor-element elementor-element-azboergt e-flex e-con-boxed e-con e-parent\" data-id=\"azboergt\" data-element_type=\"container\" data-e-type=\"container\" data-settings=\"{&quot;background_background&quot;:&quot;classic&quot;}\">\n\t\t\t\t\t<div class=\"e-con-inner\">\n\t\t\t\t<div class=\"elementor-element elementor-element-azboeimg iwg-hero-image elementor-widget elementor-widget-image\" data-id=\"azboeimg\" data-element_type=\"widget\" data-e-type=\"widget\" data-widget_type=\"image.default\">\n\t\t\t\t\t\t\t\t\t\t\t\t\t\t\t<img fetchpriority=\"high\" decoding=\"async\" width=\"683\" height=\"1024\" src=\"https:\/\/iwell-guard.com\/wp-content\/uploads\/2026\/05\/schutzsymbol_mediterran_boeser-blick-683x1024.webp\" class=\"attachment-large size-large wp-image-170872\" alt=\"\u00derj\u00fa hef\u00f0bundin tyrknesk nazar boncu\u011fu verndaraugu \u00far bl\u00e1rri gl\u00e6ri me\u00f0 sammi\u00f0ja hringum \u00e1 d\u00f6kkum bakgrunni\" srcset=\"https:\/\/iwell-guard.com\/wp-content\/uploads\/2026\/05\/schutzsymbol_mediterran_boeser-blick-683x1024.webp 683w, https:\/\/iwell-guard.com\/wp-content\/uploads\/2026\/05\/schutzsymbol_mediterran_boeser-blick-200x300.webp 200w, https:\/\/iwell-guard.com\/wp-content\/uploads\/2026\/05\/schutzsymbol_mediterran_boeser-blick-768x1152.webp 768w, https:\/\/iwell-guard.com\/wp-content\/uploads\/2026\/05\/schutzsymbol_mediterran_boeser-blick.webp 1024w\" sizes=\"(max-width: 683px) 100vw, 683px\" \/>\t\t\t\t\t\t\t\t\t\t\t\t\t\t\t<\/div>\n\t\t\t\t\t<\/div>\n\t\t\t\t<\/div>\n\t\t\t\t\t<\/div>\n\t\t\t\t<\/div>\n\t\t<div class=\"elementor-element elementor-element-azboes1 e-flex e-con-boxed e-con e-parent\" data-id=\"azboes1\" data-element_type=\"container\" data-e-type=\"container\">\n\t\t\t\t\t<div class=\"e-con-inner\">\n\t\t\t\t<div class=\"elementor-element elementor-element-azboes1h elementor-widget elementor-widget-heading\" data-id=\"azboes1h\" data-element_type=\"widget\" data-e-type=\"widget\" data-widget_type=\"heading.default\">\n\t\t\t\t\t<h2 class=\"elementor-heading-title elementor-size-default\">Hva\u00f0 illt auga er<\/h2>\t\t\t\t<\/div>\n\t\t<div class=\"elementor-element elementor-element-azboes1b e-con-full e-flex e-con e-parent\" data-id=\"azboes1b\" data-element_type=\"container\" data-e-type=\"container\">\n\t\t\t\t<div class=\"elementor-element elementor-element-azboes1t elementor-widget elementor-widget-text-editor\" data-id=\"azboes1t\" data-element_type=\"widget\" data-e-type=\"widget\" data-widget_type=\"text-editor.default\">\n\t\t\t\t\t\t\t\t\t<p>Illt auga er hugmyndin um a\u00f0 manneskja geti valdi\u00f0 \u00f6\u00f0rum manni ska\u00f0a me\u00f0 einu, oft \u00f6fundsj\u00faku e\u00f0a illv\u00edgu augnar\u00e1\u00f0i. Ska\u00f0inn sem greint er fr\u00e1 \u00ed fornum s\u00f6gnum spannar allt fr\u00e1 sj\u00fakd\u00f3mum og \u00f3l\u00e1ni til dau\u00f0a, fr\u00e1 spilltri mj\u00f3lkurkrukku til raunverulega d\u00e1ins ungabarns.<\/p><p>Tr\u00fain \u00e1 illt auga er ein af \u00fatbreiddustu og elstu ska\u00f0atr\u00faarhugmyndum mannkynsins. Bandar\u00edski \u00fej\u00f3\u00f0fr\u00e6\u00f0ingurinn Alan Dundes hefur skjalfest hana \u00ed meira en sext\u00edu menningarheimum, fr\u00e1 \u00cdrlandi til Indlands, fr\u00e1 Marokk\u00f3 til Mex\u00edk\u00f3, \u00ed fj\u00f6lbreytileika sem varla nein \u00f6nnur \u00fej\u00f3\u00f0tr\u00faarhugmynd n\u00e6r.<\/p><p>\u00cd kjarnanum er sk\u00fdringarm\u00f3del fyrir \u00f3s\u00e9rt\u00e6kt \u00f3heill. \u00deegar barn veikist skyndilega, k\u00fdr gefur ekki mj\u00f3lk lengur e\u00f0a br\u00fa\u00f0kaup er undir sl\u00e6mum fyrirbo\u00f0um, leitar \u00fej\u00f3\u00f0hef\u00f0 margra menningarheima ekki fyrst a\u00f0 n\u00e1tt\u00farulegri \u00e1st\u00e6\u00f0u, heldur a\u00f0 f\u00e9lagslegri.<\/p><p>Hver horf\u00f0i? Hver lofa\u00f0i? Hver var \u00f6fundsj\u00fakur? \u00dat fr\u00e1 \u00feessari eftirgrennslan \u00fer\u00f3ast heill fl\u00f3kinn safn verndargripa, varnargesta og fyrirbyggjandi venja.<\/p>\t\t\t\t\t\t\t\t<\/div>\n\t\t\t\t<\/div>\n\t\t\t\t\t<\/div>\n\t\t\t\t<\/div>\n\t\t<div class=\"elementor-element elementor-element-azboes2 e-flex e-con-boxed e-con e-parent\" data-id=\"azboes2\" data-element_type=\"container\" data-e-type=\"container\">\n\t\t\t\t\t<div class=\"e-con-inner\">\n\t\t\t\t<div class=\"elementor-element elementor-element-azboes2h elementor-widget elementor-widget-heading\" data-id=\"azboes2h\" data-element_type=\"widget\" data-e-type=\"widget\" data-widget_type=\"heading.default\">\n\t\t\t\t\t<h2 class=\"elementor-heading-title elementor-size-default\">N\u00f6fn \u00ed menningarheimunum<\/h2>\t\t\t\t<\/div>\n\t\t<div class=\"elementor-element elementor-element-azboes2b e-con-full e-flex e-con e-parent\" data-id=\"azboes2b\" data-element_type=\"container\" data-e-type=\"container\">\n\t\t\t\t<div class=\"elementor-element elementor-element-azboes2t elementor-widget elementor-widget-text-editor\" data-id=\"azboes2t\" data-element_type=\"widget\" data-e-type=\"widget\" data-widget_type=\"text-editor.default\">\n\t\t\t\t\t\t\t\t\t<p>\u00c1 hebresku heitir illt auga ayin hara, \u00ed \u00fe\u00fd\u00f0ingu einfaldlega \u201eillt auga\u201c. \u00c1 arab\u00edsku er \u00fea\u00f0 al-ayn, oft skammst\u00f6fun fyrir al-ayn al-hasud, \u00f6fundarauga\u00f0. \u00c1 tyrknesku og persnesku er \u00fea\u00f0 nazar e\u00f0a nazar boncu\u011fu, or\u00f0r\u00e9tt \u201eauga-perla\u201c, or\u00f0 sem \u00e1 sama t\u00edma v\u00edsar til tr\u00faarins og verndargripsins.<\/p><p>\u00cd gr\u00edsku menningarsv\u00e6\u00f0i er \u00fea\u00f0 mati, \u00e1 \u00edt\u00f6lsku malocchio, \u00e1 sp\u00e6nsku mal de ojo, \u00e1 r\u00famensku deochi. \u00c1 su\u00f0uras\u00edska sv\u00e6\u00f0inu er \u00fea\u00f0 drishti dosha \u00ed sanskr\u00edtarfleif\u00f0, nazar \u00e1 hind\u00ed-\u00fard\u00fa.<\/p><p>\u00deessi tungum\u00e1lafj\u00f6lbreytni s\u00fdnir a\u00f0 h\u00e9r er ekki um staka hef\u00f0 a\u00f0 r\u00e6\u00f0a, heldur samleitna hugmynd sem hefur myndast sj\u00e1lfst\u00e6tt e\u00f0a vegna samskipta \u00ed m\u00f6rgum tr\u00faarbr\u00f6g\u00f0um og \u00fej\u00f3\u00f0f\u00e9l\u00f6gum.<\/p>\t\t\t\t\t\t\t\t<\/div>\n\t\t\t\t<\/div>\n\t\t\t\t\t<\/div>\n\t\t\t\t<\/div>\n\t\t<div class=\"elementor-element elementor-element-azboes3 e-flex e-con-boxed e-con e-parent\" data-id=\"azboes3\" data-element_type=\"container\" data-e-type=\"container\">\n\t\t\t\t\t<div class=\"e-con-inner\">\n\t\t\t\t<div class=\"elementor-element elementor-element-azboes3h elementor-widget elementor-widget-heading\" data-id=\"azboes3h\" data-element_type=\"widget\" data-e-type=\"widget\" data-widget_type=\"heading.default\">\n\t\t\t\t\t<h2 class=\"elementor-heading-title elementor-size-default\">Elstu heimildir<\/h2>\t\t\t\t<\/div>\n\t\t<div class=\"elementor-element elementor-element-azboes3b e-con-full e-flex e-con e-parent\" data-id=\"azboes3b\" data-element_type=\"container\" data-e-type=\"container\">\n\t\t\t\t<div class=\"elementor-element elementor-element-azboes3t elementor-widget elementor-widget-text-editor\" data-id=\"azboes3t\" data-element_type=\"widget\" data-e-type=\"widget\" data-widget_type=\"text-editor.default\">\n\t\t\t\t\t\t\t\t\t<p>Elstu skjalfestu tilvitnanir um illt auga n\u00e1 aftur til \u00feri\u00f0ja \u00e1r\u00fe\u00fasunds fyrir okkar t\u00edmatal. Fr\u00e1 hinu forna S\u00famer og Akkad hafa var\u00f0veist t\u00f6frunartextar sem nefna ska\u00f0lega auga\u00f0 og bera fram verndarform\u00falur gegn \u00fev\u00ed.<\/p><p>\u00cd hinu forna Egyptalandi er H\u00f3rusauga\u00f0 wadjet me\u00f0al elstu verndart\u00e1knanna sem beinist gegn h\u00e6ttulegu auga. Wadjet-verndargripir \u00far steinleir og gimsteinum finnast \u00ed gr\u00f6fum og h\u00edb\u00fdlum fr\u00e1 m\u00f6rgum konungs\u00e6ttum.<\/p><p>\u00cd hebresku Bibl\u00edunni kemur hugtaki\u00f0 ayin hara fram nokkrum sinnum, me\u00f0al annars \u00ed Or\u00f0skvi\u00f0um 23,6 og 28,22. \u00cd <span class=\"iwg-fachbegriff\" data-tooltip=\"H\u00f6fu\u00f0rit rabb\u00ednsks j\u00fadaisma me\u00f0 \u00fatlegging \u00e1 tr\u00faararfleif\u00f0inni.\" tabindex=\"0\">Talm\u00fad<\/span> er illt auga r\u00e6tt \u00ed sm\u00e1atri\u00f0um \u00ed Bava Metzia 107b.<\/p><p>Rabb\u00ed Yochanan, lei\u00f0andi pers\u00f3na palest\u00ednsks <span class=\"iwg-fachbegriff\" data-tooltip=\"H\u00f6fu\u00f0rit rabb\u00ednsks j\u00fadaisma me\u00f0 \u00fatlegging \u00e1 tr\u00faararfleif\u00f0inni.\" tabindex=\"0\">Talm\u00fads<\/span>, segir \u00fear a\u00f0 af hundra\u00f0 d\u00e1num hafi n\u00edut\u00edu og n\u00edu d\u00e1i\u00f0 vegna illa augans og a\u00f0eins einn af n\u00e1tt\u00farulegum ors\u00f6kum, sta\u00f0h\u00e6fing sem \u00ed s\u00ed\u00f0ari \u00fatleggingu er skilin sem m\u00e6lskuleg \u00fdkja, en s\u00fdnir mikilv\u00e6gi m\u00e1lefnisins.<\/p><p>\u00cd K\u00f3raninum kemur verndin gegn \u00f6fundsj\u00fakum verum fram \u00ed s\u00faru 113 Al-Falaq og \u00ed s\u00faru 114 An-Nas, b\u00e1\u00f0ar verndars\u00farur eru fluttar \u00ed daglegu l\u00edfi m\u00faslima gegn al-ayn.<\/p>\t\t\t\t\t\t\t\t<\/div>\n\t\t\t\t<\/div>\n\t\t\t\t\t<\/div>\n\t\t\t\t<\/div>\n\t\t<div class=\"elementor-element elementor-element-azboes4 e-flex e-con-boxed e-con e-parent\" data-id=\"azboes4\" data-element_type=\"container\" data-e-type=\"container\">\n\t\t\t\t\t<div class=\"e-con-inner\">\n\t\t\t\t<div class=\"elementor-element elementor-element-azboes4h elementor-widget elementor-widget-heading\" data-id=\"azboes4h\" data-element_type=\"widget\" data-e-type=\"widget\" data-widget_type=\"heading.default\">\n\t\t\t\t\t<h2 class=\"elementor-heading-title elementor-size-default\">Fornar ritheimildir<\/h2>\t\t\t\t<\/div>\n\t\t<div class=\"elementor-element elementor-element-azboes4b e-con-full e-flex e-con e-parent\" data-id=\"azboes4b\" data-element_type=\"container\" data-e-type=\"container\">\n\t\t\t\t<div class=\"elementor-element elementor-element-azboes4t elementor-widget elementor-widget-text-editor\" data-id=\"azboes4t\" data-element_type=\"widget\" data-e-type=\"widget\" data-widget_type=\"text-editor.default\">\n\t\t\t\t\t\t\t\t\t<p>\u00c1 gr\u00edsk-r\u00f3mverskri <span class=\"iwg-fachbegriff\" data-tooltip=\"T\u00edmabil gr\u00edskrar og r\u00f3mverskrar menningar, um 800 f.Kr. til 600 e.Kr.\" tabindex=\"0\">forn\u00f6ld<\/span> l\u00fdsa Plinius eldri \u00ed Naturalis Historia sinni og Pl\u00fatarkos \u00ed Quaestiones Convivales s\u00ednum illt auga sem fyrirb\u00e6ri sem taka \u00fearf alvarlega.<\/p><p>Pl\u00fatarkos tileinkar \u00fev\u00ed heilt rit \u00fear sem hann fjallar um kenningar um hvernig augnar\u00e1\u00f0 g\u00e6ti haft l\u00edkamleg \u00e1hrif, me\u00f0al annars me\u00f0 f\u00ednum efniseindum sem auga\u00f0 sendi fr\u00e1 s\u00e9r. \u00deessar fornu umr\u00e6\u00f0ur eru menningars\u00f6gulega mikilv\u00e6gar \u00fev\u00ed \u00fe\u00e6r s\u00fdna a\u00f0 einnig mennta\u00f0ir \u00e1horfendur t\u00f3ku tr\u00fana alvarlega.<\/p>\t\t\t\t\t\t\t\t<\/div>\n\t\t\t\t<\/div>\n\t\t\t\t\t<\/div>\n\t\t\t\t<\/div>\n\t\t<div class=\"elementor-element elementor-element-azboes5 e-flex e-con-boxed e-con e-parent\" data-id=\"azboes5\" data-element_type=\"container\" data-e-type=\"container\">\n\t\t\t\t\t<div class=\"e-con-inner\">\n\t\t\t\t<div class=\"elementor-element elementor-element-azboes5h elementor-widget elementor-widget-heading\" data-id=\"azboes5h\" data-element_type=\"widget\" data-e-type=\"widget\" data-widget_type=\"heading.default\">\n\t\t\t\t\t<h2 class=\"elementor-heading-title elementor-size-default\">Mi\u00f0aldir og \u00fej\u00f3\u00f0tr\u00fa<\/h2>\t\t\t\t<\/div>\n\t\t<div class=\"elementor-element elementor-element-azboes5b e-con-full e-flex e-con e-parent\" data-id=\"azboes5b\" data-element_type=\"container\" data-e-type=\"container\">\n\t\t\t\t<div class=\"elementor-element elementor-element-azboes5t elementor-widget elementor-widget-text-editor\" data-id=\"azboes5t\" data-element_type=\"widget\" data-e-type=\"widget\" data-widget_type=\"text-editor.default\">\n\t\t\t\t\t\t\t\t\t<p>\u00cd mi\u00f0aldaevr\u00f3pu \u00fer\u00f3ast illt auga \u00ed \u00fe\u00e1tt \u00ed galdraf\u00e1rs-r\u00e9ttarh\u00f6ldum. Konur sem gruna\u00f0ar voru um galdra voru oft saka\u00f0ar um a\u00f0 hafa valdi\u00f0 ska\u00f0a me\u00f0 augnar\u00e1\u00f0i s\u00ednu, hvort sem \u00fea\u00f0 var \u00e1 b\u00faf\u00e9, ungb\u00f6rnum e\u00f0a k\u00f6rlum.<\/p><p>\u00cd Nornahamrinum fr\u00e1 1486 er illt auga r\u00e6tt sem s\u00f6nnunargagn. \u00deessi tengsl <span class=\"iwg-fachbegriff\" data-tooltip=\"Tr\u00faarlegar hugmyndir og venjur sem eru \u00fatbreiddar \u00ed daglegu l\u00edfi.\" tabindex=\"0\">\u00fej\u00f3\u00f0tr\u00faar<\/span> og hegningarr\u00e9ttar leiddu til margra sakfellinga \u00e1 fyrri n\u00fd\u00f6ld.<\/p><p>\u00cd j\u00faddskri \u00fej\u00f3\u00f0hef\u00f0 \u00fer\u00f3u\u00f0ust samhli\u00f0a v\u00ed\u00f0t\u00e6kar verndarvenjur, me\u00f0al annars a\u00f0 b\u00e6ta vi\u00f0 form\u00falunni \u201ebli ayin hara\u201c, sem \u00fe\u00fd\u00f0ir um \u00fea\u00f0 bil \u201e\u00e1n illa augans\u201c, eftir hverja j\u00e1kv\u00e6\u00f0a yfirl\u00fdsingu um barn e\u00f0a \u00e1form.<\/p><p>\u00c1 arab\u00edsku sv\u00e6\u00f0i var lofa\u00f0 me\u00f0 \u00fev\u00ed a\u00f0 b\u00e6ta vi\u00f0 \u201emashallah\u201c, sem setur lofi\u00f0 undir vernd Gu\u00f0s og skal \u00feannig verja gegn hasud, \u00f6fundsj\u00faka \u00e1horfandanum.<\/p>\t\t\t\t\t\t\t\t<\/div>\n\t\t\t\t<\/div>\n\t\t\t\t\t<\/div>\n\t\t\t\t<\/div>\n\t\t<div class=\"elementor-element elementor-element-azboes6 e-flex e-con-boxed e-con e-parent\" data-id=\"azboes6\" data-element_type=\"container\" data-e-type=\"container\">\n\t\t\t\t\t<div class=\"e-con-inner\">\n\t\t\t\t<div class=\"elementor-element elementor-element-azboes6h elementor-widget elementor-widget-heading\" data-id=\"azboes6h\" data-element_type=\"widget\" data-e-type=\"widget\" data-widget_type=\"heading.default\">\n\t\t\t\t\t<h2 class=\"elementor-heading-title elementor-size-default\">Verndargripir gegn illu auga<\/h2>\t\t\t\t<\/div>\n\t\t<div class=\"elementor-element elementor-element-azboes6b e-con-full e-flex e-con e-parent\" data-id=\"azboes6b\" data-element_type=\"container\" data-e-type=\"container\">\n\t\t\t\t<div class=\"elementor-element elementor-element-azboes6t elementor-widget elementor-widget-text-editor\" data-id=\"azboes6t\" data-element_type=\"widget\" data-e-type=\"widget\" data-widget_type=\"text-editor.default\">\n\t\t\t\t\t\t\t\t\t<p>Gegn hinu illa auga hefur \u00ed gegnum \u00e1r\u00fe\u00fasundir \u00fer\u00f3ast heil breidd af verndargripum. S\u00e1 lang \u00feekktasti \u00ed dag er nazar boncu\u011fu, tyrkneska bl\u00e1a auga\u00f0 \u00far gleri, me\u00f0 sams\u00ed\u00f0a hringjum \u00ed bl\u00e1tt, hv\u00edtt og svart.<\/p><p>\u00dea\u00f0 er tali\u00f0 vera mynd hins illa augans sj\u00e1lfs, sem endurspeglar ska\u00f0ann og varpar honum til baka. \u00cd gr\u00edskum menningarheimi kallast \u00fea\u00f0 mati, oft l\u00edti\u00f0 bl\u00e1tt auga \u00e1 festi e\u00f0a armbandi.<\/p><p><a href=\"https:\/\/iwell-guard.com\/is\/?page_id=168899\" data-tooltip=\"Verndarh\u00f6nd me\u00f0 fimm fingrum, gy\u00f0ing-arab\u00edskt verndart\u00e1kn, s\u00f6mu verndarfj\u00f6lskyldu.\">Hamsa<\/a>, h\u00f6nd Fatimu e\u00f0a Chamsa, tilheyrir s\u00f6mu verndarfj\u00f6lskyldu. H\u00fan er oft s\u00fdnd me\u00f0 auga \u00ed mi\u00f0junni, sem tv\u00f6faldar verndarm\u00e1ttinn. Auk \u00feess koma sv\u00e6\u00f0isbundnir gripir eins og \u00edtalska cornicello, undi\u00f0 horn \u00far k\u00f3ral e\u00f0a gulli, sem bori\u00f0 er \u00ed Su\u00f0ur-\u00cdtal\u00edu gegn malocchio.<\/p><p>\u00cd hef\u00f0um gy\u00f0inga koma rau\u00f0ir \u00fer\u00e6\u00f0ir til vi\u00f0b\u00f3tar, sem bornir eru um \u00falnli\u00f0inn e\u00f0a festir \u00e1 barnav\u00f6ggur. \u00c1 Su\u00f0ur-As\u00edusv\u00e6\u00f0inu eru \u00fea\u00f0 svartir punktar \u00far kolum, sem m\u00e6\u00f0ur m\u00e1la \u00e1 enni barna sinna, l\u00edtil v\u00edsvitandi l\u00fdti sem \u00e6tla\u00f0 er a\u00f0 svipta \u00f6fundarauga\u00f0 tilefni til \u00f6fundar.<\/p>\t\t\t\t\t\t\t\t<\/div>\n\t\t\t\t<\/div>\n\t\t\t\t\t<\/div>\n\t\t\t\t<\/div>\n\t\t<div class=\"elementor-element elementor-element-azboes7 e-flex e-con-boxed e-con e-parent\" data-id=\"azboes7\" data-element_type=\"container\" data-e-type=\"container\">\n\t\t\t\t\t<div class=\"e-con-inner\">\n\t\t\t\t<div class=\"elementor-element elementor-element-azboes7h elementor-widget elementor-widget-heading\" data-id=\"azboes7h\" data-element_type=\"widget\" data-e-type=\"widget\" data-widget_type=\"heading.default\">\n\t\t\t\t\t<h2 class=\"elementor-heading-title elementor-size-default\">Myndm\u00e1l verndaraugans<\/h2>\t\t\t\t<\/div>\n\t\t<div class=\"elementor-element elementor-element-azboes7b e-con-full e-flex e-con e-parent\" data-id=\"azboes7b\" data-element_type=\"container\" data-e-type=\"container\">\n\t\t\t\t<div class=\"elementor-element elementor-element-azboes7t elementor-widget elementor-widget-text-editor\" data-id=\"azboes7t\" data-element_type=\"widget\" data-e-type=\"widget\" data-widget_type=\"text-editor.default\">\n\t\t\t\t\t\t\t\t\t<p>Nazar boncu\u011fu hefur eigi\u00f0 myndm\u00e1l. Sams\u00ed\u00f0a hringirnir \u00ed bl\u00e1tt, lj\u00f3sbl\u00e1tt, hv\u00edtt og svartur punktur \u00ed mi\u00f0junni myndar auga sem endurspeglar \u00e1horfandann til baka.<\/p><p>Glerbl\u00e1saraverkst\u00e6\u00f0i \u00ed tyrknesku borginni \u0130zmir og \u00ed n\u00e1grenni hennar hafa f\u00e1ga\u00f0 formi\u00f0 \u00ed gegnum aldirnar. Svipu\u00f0 augagripir finnast \u00ed persnesku, gr\u00edsku og armensku sv\u00e6\u00f0i, allir deila grunnhugmyndinni um verndandi spegil.<\/p><p>\u00cd n\u00fat\u00edma skartgripah\u00f6nnun hefur auga\u00f0 or\u00f0i\u00f0 a\u00f0 al\u00fej\u00f3\u00f0legu <span class=\"iwg-fachbegriff\" data-tooltip=\"Endurteki\u00f0 innihaldslegt element \u00ed list e\u00f0a fr\u00e1s\u00f6gn.\" tabindex=\"0\">myndefni<\/span>, sem birtist \u00ed s\u00f6fnum fr\u00e1 Amer\u00edku til \u00c1stral\u00edu, oft \u00e1n \u00feess a\u00f0 \u00feeir sem bera \u00fea\u00f0 \u00feekki upprunalega tr\u00faarlega bakgrunninn.<\/p>\t\t\t\t\t\t\t\t<\/div>\n\t\t\t\t<\/div>\n\t\t\t\t\t<\/div>\n\t\t\t\t<\/div>\n\t\t<div class=\"elementor-element elementor-element-azboes8 e-flex e-con-boxed e-con e-parent\" data-id=\"azboes8\" data-element_type=\"container\" data-e-type=\"container\">\n\t\t\t\t\t<div class=\"e-con-inner\">\n\t\t\t\t<div class=\"elementor-element elementor-element-azboes8h elementor-widget elementor-widget-heading\" data-id=\"azboes8h\" data-element_type=\"widget\" data-e-type=\"widget\" data-widget_type=\"heading.default\">\n\t\t\t\t\t<h2 class=\"elementor-heading-title elementor-size-default\">Verndarbendingar<\/h2>\t\t\t\t<\/div>\n\t\t<div class=\"elementor-element elementor-element-azboes8b e-con-full e-flex e-con e-parent\" data-id=\"azboes8b\" data-element_type=\"container\" data-e-type=\"container\">\n\t\t\t\t<div class=\"elementor-element elementor-element-azboes8t elementor-widget elementor-widget-text-editor\" data-id=\"azboes8t\" data-element_type=\"widget\" data-e-type=\"widget\" data-widget_type=\"text-editor.default\">\n\t\t\t\t\t\t\t\t\t<p>Auk gripa \u00feekkja margar menningarheimar verndarbendingar. \u00c1 Su\u00f0ur-Evr\u00f3pusv\u00e6\u00f0inu er mano fica krepptur hnefi me\u00f0 \u00feumalfingri stungi\u00f0 milli v\u00edsifingurs og l\u00f6ngut\u00e1ar, \u00e1 Su\u00f0ur-\u00cdtal\u00edu einnig mano cornuta me\u00f0 \u00fatr\u00e9ttum v\u00edsifingri og litlafingri og fingrum kreppt inn \u00ed l\u00f3fann.<\/p><p>B\u00e1\u00f0ar bendingarnar eru taldar verndarform\u00falur. \u00cd hef\u00f0um gy\u00f0inga og m\u00faslima er \u00fea\u00f0 a\u00f0 sp\u00fdta, oft \u00ferisvar sinnum \u00ed t\u00e1knr\u00e6nni bendingu, verndara\u00f0ger\u00f0 eftir \u00f3v\u00e6ntan lofsyr\u00f0i. Salt \u00e1 \u00fer\u00f6skuld heyrir b\u00e6\u00f0i til Mi\u00f0jar\u00f0arhafs- og Nor\u00f0ur-Evr\u00f3pu verndarhef\u00f0a.<\/p>\t\t\t\t\t\t\t\t<\/div>\n\t\t\t\t<\/div>\n\t\t\t\t\t<\/div>\n\t\t\t\t<\/div>\n\t\t<div class=\"elementor-element elementor-element-azboes9 e-flex e-con-boxed e-con e-parent\" data-id=\"azboes9\" data-element_type=\"container\" data-e-type=\"container\">\n\t\t\t\t\t<div class=\"e-con-inner\">\n\t\t\t\t<div class=\"elementor-element elementor-element-azboes9h elementor-widget elementor-widget-heading\" data-id=\"azboes9h\" data-element_type=\"widget\" data-e-type=\"widget\" data-widget_type=\"heading.default\">\n\t\t\t\t\t<h2 class=\"elementor-heading-title elementor-size-default\">Tr\u00faarfr\u00e6\u00f0ileg sta\u00f0setning<\/h2>\t\t\t\t<\/div>\n\t\t<div class=\"elementor-element elementor-element-azboes9b e-con-full e-flex e-con e-parent\" data-id=\"azboes9b\" data-element_type=\"container\" data-e-type=\"container\">\n\t\t\t\t<div class=\"elementor-element elementor-element-azboes9t elementor-widget elementor-widget-text-editor\" data-id=\"azboes9t\" data-element_type=\"widget\" data-e-type=\"widget\" data-widget_type=\"text-editor.default\">\n\t\t\t\t\t\t\t\t\t<p><span data-nosnippet>V\u00edsindaleg umfj\u00f6llun um hi\u00f0 illa auga hefst \u00e1 19. \u00f6ld me\u00f0 \u00fej\u00f3\u00f0fr\u00e6\u00f0ilegum fer\u00f0al\u00fdsingum, en festist \u00ed sessi sem alvarlegt <span class=\"iwg-fachbegriff\" data-tooltip=\"Hin var\u00f0veitta \u00fej\u00f3\u00f0menning me\u00f0 si\u00f0um, s\u00f6gum og s\u00f6ngvum.\" tabindex=\"0\">\u00fej\u00f3\u00f0fr\u00e6\u00f0i<\/span>-svi\u00f0 fyrst me\u00f0 ranns\u00f3knum Alan Dundes \u00e1 1980. \u00e1ratugnum. Safnriti\u00f0 hans The Evil Eye, A <span class=\"iwg-fachbegriff\" data-tooltip=\"Hin var\u00f0veitta \u00fej\u00f3\u00f0menning me\u00f0 si\u00f0um, s\u00f6gum og s\u00f6ngvum.\" tabindex=\"0\">Folklore<\/span> Casebook fr\u00e1 1981 tekur saman \u00ferj\u00e1t\u00edu ritger\u00f0ir fr\u00e1 \u00fdmsum menningarheimum.<\/span><\/p><p>Clarence Maloney lag\u00f0i fram 1976 me\u00f0 The Evil Eye v\u00ed\u00f0t\u00e6ka \u00fej\u00f3\u00f0fr\u00e6\u00f0ilega samantekt.<\/p><p>John H. Elliott rannsaka\u00f0i fyrirb\u00e6ri\u00f0 \u00ed hinum bibl\u00edulega heimi \u00ed fj\u00f6gurra binda ritr\u00f6\u00f0 sinni Beware the Evil Eye. \u00deessar ranns\u00f3knir setja tr\u00fana ekki fram sem hj\u00e1tr\u00fa, heldur sem samhangandi menningarkerfi sem hefur samf\u00e9lagslegan tilgang, fyrst og fremst \u00f6fundarstj\u00f3rnun \u00ed samf\u00e9l\u00f6gum me\u00f0 takmarka\u00f0ar au\u00f0lindir.<\/p>\t\t\t\t\t\t\t\t<\/div>\n\t\t\t\t<\/div>\n\t\t\t\t\t<\/div>\n\t\t\t\t<\/div>\n\t\t<div class=\"elementor-element elementor-element-azboes10 e-flex e-con-boxed e-con e-parent\" data-id=\"azboes10\" data-element_type=\"container\" data-e-type=\"container\">\n\t\t\t\t\t<div class=\"e-con-inner\">\n\t\t\t\t<div class=\"elementor-element elementor-element-azboes10h elementor-widget elementor-widget-heading\" data-id=\"azboes10h\" data-element_type=\"widget\" data-e-type=\"widget\" data-widget_type=\"heading.default\">\n\t\t\t\t\t<h2 class=\"elementor-heading-title elementor-size-default\">Poppmenning og t\u00edska<\/h2>\t\t\t\t<\/div>\n\t\t<div class=\"elementor-element elementor-element-azboes10b e-con-full e-flex e-con e-parent\" data-id=\"azboes10b\" data-element_type=\"container\" data-e-type=\"container\">\n\t\t\t\t<div class=\"elementor-element elementor-element-azboes10t elementor-widget elementor-widget-text-editor\" data-id=\"azboes10t\" data-element_type=\"widget\" data-e-type=\"widget\" data-widget_type=\"text-editor.default\">\n\t\t\t\t\t\t\t\t\t<p>Fr\u00e1 2010. \u00e1ratugnum hefur bl\u00e1a auga\u00f0 veri\u00f0 eitt af vins\u00e6lustu skartgripamyndefnum \u00ed vestr\u00e6nni meginstraumsmenningu. Kim Kardashian s\u00fdnir \u00fea\u00f0 opinberlega me\u00f0 reglulegu millibili, Gigi Hadid ber \u00fea\u00f0, ung v\u00f6rumerki fr\u00e1 Istanb\u00fal, A\u00feenu og Tel Aviv flytja \u00fea\u00f0 \u00fat um allan heim.<\/p><p>Tengingin milli t\u00edsku og upprunalegrar verndarmerkingar hefur \u00fear oft glatast, sem hefur valdi\u00f0 gagnr\u00fdni me\u00f0al \u00fdmissa menningarsagnfr\u00e6\u00f0inga og fulltr\u00faa upprunamenningarheimanna.<\/p><p>\u00der\u00f3unin s\u00fdnir samt sem \u00e1\u00f0ur a\u00f0 <span class=\"iwg-fachbegriff\" data-tooltip=\"T\u00e1kn sem stendur fyrir hugmynd e\u00f0a merkingu.\" tabindex=\"0\">t\u00e1kni\u00f0<\/span> hefur merkingu fyrir n\u00fat\u00edma notendur sem er meira en einber t\u00edska. Auga\u00f0 sem \u00e1minning um m\u00f6guleika \u00f6fundar og l\u00f6ngun eftir verndandi bendingu er greinilega hugmynd sem hverfur ekki jafnvel \u00ed veraldlega-v\u00edsindalega m\u00f3tu\u00f0um heimi.<\/p>\t\t\t\t\t\t\t\t<\/div>\n\t\t\t\t<\/div>\n\t\t\t\t\t<\/div>\n\t\t\t\t<\/div>\n\t\t<div class=\"elementor-element elementor-element-azboes11 e-flex e-con-boxed e-con e-parent\" data-id=\"azboes11\" data-element_type=\"container\" data-e-type=\"container\">\n\t\t\t\t\t<div class=\"e-con-inner\">\n\t\t\t\t<div class=\"elementor-element elementor-element-azboes11h elementor-widget elementor-widget-heading\" data-id=\"azboes11h\" data-element_type=\"widget\" data-e-type=\"widget\" data-widget_type=\"heading.default\">\n\t\t\t\t\t<h2 class=\"elementor-heading-title elementor-size-default\">Sta\u00f0setning \u00ed iwell-guard-or\u00f0asafninu<\/h2>\t\t\t\t<\/div>\n\t\t<div class=\"elementor-element elementor-element-azboes11b e-con-full e-flex e-con e-parent\" data-id=\"azboes11b\" data-element_type=\"container\" data-e-type=\"container\">\n\t\t\t\t<div class=\"elementor-element elementor-element-azboes11t elementor-widget elementor-widget-text-editor\" data-id=\"azboes11t\" data-element_type=\"widget\" data-e-type=\"widget\" data-widget_type=\"text-editor.default\">\n\t\t\t\t\t\t\t\t\t<p>Hi\u00f0 illa auga er \u00ed iwell-guard-or\u00f0asafninu \u00feverfaglegt uppflettior\u00f0.<\/p><p>\u00dea\u00f0 tengir verndargripi fr\u00e1 m\u00f6rgum menningarheimum saman og veitir sameiginlegan starfslegan bakgrunn fyrir marga verndargripi sem bera m\u00e1, allt fr\u00e1 <a href=\"https:\/\/iwell-guard.com\/is\/?page_id=168584\" data-tooltip=\"Mes\u00f3p\u00f3tam\u00edskur verndardem\u00f3n, en anhengi hans \u00e1ttu a\u00f0 verja \u00feunga\u00f0ar konur gegn Lamashtu.\">Pazuzu<\/a>-hengjum yfir <a href=\"https:\/\/iwell-guard.com\/is\/?page_id=168591\" data-tooltip=\"Egypskur verndargu\u00f0 fyrir fj\u00f6lskyldur, b\u00f6rn og \u00feunga\u00f0ar konur.\">Bes<\/a>-styttur til <a href=\"https:\/\/iwell-guard.com\/is\/?page_id=168899\" data-tooltip=\"Verndarh\u00f6nd me\u00f0 fimm fingrum, gy\u00f0ing-arab\u00edskt verndart\u00e1kn, s\u00f6mu verndarfj\u00f6lskyldu.\">Hamsa<\/a> og <a href=\"https:\/\/iwell-guard.com\/is\/?page_id=168900\" data-tooltip=\"Gy\u00f0inglegt skriftarolla \u00e1 dyrastafnum, systurgripur \u00ed vernd.\">Mezuzah<\/a>. S\u00e1 sem skilur hi\u00f0 illa auga sem hugtak, skilur einnig betur hvers vegna \u00feessir verndargripir hafa veri\u00f0 bornir \u00ed svo m\u00f6rgum menningarheimum \u00ed svo langan t\u00edma.<\/p>\t\t\t\t\t\t\t\t<\/div>\n\t\t\t\t<\/div>\n\t\t\t\t\t<\/div>\n\t\t\t\t<\/div>\n\t\t<div class=\"elementor-element elementor-element-azboes12 e-flex e-con-boxed e-con e-parent\" data-id=\"azboes12\" data-element_type=\"container\" data-e-type=\"container\">\n\t\t\t\t\t<div class=\"e-con-inner\">\n\t\t\t\t<div class=\"elementor-element elementor-element-azboes12h elementor-widget elementor-widget-heading\" data-id=\"azboes12h\" data-element_type=\"widget\" data-e-type=\"widget\" data-widget_type=\"heading.default\">\n\t\t\t\t\t<h2 class=\"elementor-heading-title elementor-size-default\">Heimildir og b\u00f3kmenntir<\/h2>\t\t\t\t<\/div>\n\t\t<div class=\"elementor-element elementor-element-azboes12b e-con-full e-flex e-con e-parent\" data-id=\"azboes12b\" data-element_type=\"container\" data-e-type=\"container\">\n\t\t\t\t<div class=\"elementor-element elementor-element-azboes12t elementor-widget elementor-widget-text-editor\" data-id=\"azboes12t\" data-element_type=\"widget\" data-e-type=\"widget\" data-widget_type=\"text-editor.default\">\n\t\t\t\t\t\t\t\t\t<footer class=\"iwg-literatur\"><ul><li><span data-nosnippet>Alan Dundes (ritstj.): The Evil Eye, A <span class=\"iwg-fachbegriff\" data-tooltip=\"Hin var\u00f0veitta \u00fej\u00f3\u00f0menning me\u00f0 si\u00f0um, s\u00f6gum og s\u00f6ngvum.\" tabindex=\"0\">Folklore<\/span> Casebook. Garland Publishing, New York 1981.<\/span><\/li><li><span data-nosnippet>Clarence Maloney (ritstj.): The Evil Eye. Columbia University Press, New York 1976.<\/span><\/li><li><span data-nosnippet>John H. Elliott: Beware the Evil Eye, The Evil Eye in the Bible and the Ancient World. 4 bindi, Cascade Books 2015 til 2017.<\/span><\/li><li>Plutarch: Quaestiones Convivales 5,7. Umr\u00e6\u00f0a fr\u00e1 <span class=\"iwg-fachbegriff\" data-tooltip=\"T\u00edmabil gr\u00edskrar og r\u00f3mverskrar menningar, um 800 f.Kr. til 600 e.Kr.\" tabindex=\"0\">forn\u00f6ld<\/span> um verkunarh\u00e1tt.<\/li><li>Plinius eldri: Naturalis Historia 7,16. Fr\u00e1sagnir fr\u00e1 <span class=\"iwg-fachbegriff\" data-tooltip=\"T\u00edmabil gr\u00edskrar og r\u00f3mverskrar menningar, um 800 f.Kr. til 600 e.Kr.\" tabindex=\"0\">forn\u00f6ld<\/span> um augnska\u00f0a.<\/li><li>Bab\u00fdlonski <span class=\"iwg-fachbegriff\" data-tooltip=\"Meginrit rabb\u00edn\u00edsks j\u00fadaisma me\u00f0 \u00fatlegging \u00e1 hinni tr\u00faarlegu erf\u00f0ahef\u00f0.\" tabindex=\"0\">Talm\u00fad<\/span>, Bava Metzia 107b. Rabb\u00edn\u00edsk umr\u00e6\u00f0a um ayin hara.<\/li><li><span data-nosnippet>Edward Westermarck: <span class=\"iwg-fachbegriff\" data-tooltip=\"Fastm\u00f3tu\u00f0 runa t\u00e1knr\u00e6nna athafna me\u00f0 tr\u00faarlega e\u00f0a menningarlega merkingu.\" tabindex=\"0\">Ath\u00f6fn<\/span> and Belief in Morocco. Macmillan, London 1926. Frumranns\u00f3kn um Maghreb-sv\u00e6\u00f0i\u00f0.<\/span><\/li><li><span data-nosnippet>Salim al-Hassani: The Evil Eye in Islamic Tradition. Foundation for Science, Technology and Civilisation 2010.<\/span><\/li><\/ul><p>Ytri tenglar fyrir undirs\u00ed\u00f0una:<\/p><ul><li>JSTOR-f\u00e6rsla Dundes 1981<\/li><li>Encyclopaedia Iranica-f\u00e6rsla \u201eCheshm-zakhm\u201c um persneska hugtaki\u00f0<\/li><li>Encyclopaedia Judaica-f\u00e6rsla \u201eEvil Eye\u201c<\/li><li>British Museum, safn verndargripa me\u00f0 augnmyndum<\/li><li>Mus\u00e9e du Quai Branly Par\u00eds, safn verndargripa fr\u00e1 Mi\u00f0jar\u00f0arhafssv\u00e6\u00f0inu<\/li><\/ul><\/footer>\t\t\t\t\t\t\t\t<\/div>\n\t\t\t\t<\/div>\n\t\t\t\t\t<\/div>\n\t\t\t\t<\/div>\n\t\t<div class=\"elementor-element elementor-element-azboes13 e-flex e-con-boxed e-con e-parent\" data-id=\"azboes13\" data-element_type=\"container\" data-e-type=\"container\">\n\t\t\t\t\t<div class=\"e-con-inner\">\n\t\t\t\t<div class=\"elementor-element elementor-element-azboes13h elementor-widget elementor-widget-heading\" data-id=\"azboes13h\" data-element_type=\"widget\" data-e-type=\"widget\" data-widget_type=\"heading.default\">\n\t\t\t\t\t<div class=\"elementor-heading-title elementor-size-default\">Fyrirvari \u00ed lok s\u00ed\u00f0u<\/div>\t\t\t\t<\/div>\n\t\t<div class=\"elementor-element elementor-element-azboes13b e-con-full e-flex e-con e-parent\" data-id=\"azboes13b\" data-element_type=\"container\" data-e-type=\"container\">\n\t\t\t\t<div class=\"elementor-element elementor-element-azboes13t elementor-widget elementor-widget-text-editor\" data-id=\"azboes13t\" data-element_type=\"widget\" data-e-type=\"widget\" data-widget_type=\"text-editor.default\">\n\t\t\t\t\t\t\t\t\t<footer data-nosnippet=\"true\" class=\"iwg-disclaimer-block\"><p data-nosnippet=\"true\">Efni \u00feessarar s\u00ed\u00f0u er tr\u00faarbrag\u00f0afr\u00e6\u00f0ileg og menningars\u00f6guleg umfj\u00f6llun. iwell-guard er ekki l\u00e6kningat\u00e6ki og kemur ekki \u00ed sta\u00f0inn fyrir l\u00e6knis- e\u00f0a s\u00e1lfr\u00e6\u00f0ime\u00f0fer\u00f0. Pers\u00f3nuleg upplifun getur veri\u00f0 mismunandi. Engin lofor\u00f0 um l\u00e6kningu.<\/p><\/footer>\t\t\t\t\t\t\t\t<\/div>\n\t\t\t\t<\/div>\n\t\t\t\t\t<\/div>\n\t\t\t\t<\/div>\n\t\t<div class=\"elementor-element elementor-element-azboecta e-flex e-con-boxed e-con e-parent\" data-id=\"azboecta\" data-element_type=\"container\" data-e-type=\"container\">\n\t\t\t\t\t<div class=\"e-con-inner\">\n\t\t\t\t<div class=\"elementor-element elementor-element-azboectab elementor-align-center elementor-widget elementor-widget-button\" data-id=\"azboectab\" data-element_type=\"widget\" data-e-type=\"widget\" data-widget_type=\"button.default\">\n\t\t\t\t\t\t\t\t\t\t<a class=\"elementor-button elementor-button-link elementor-size-md\" href=\"\/ueber-iwell-guard\/\">\n\t\t\t\t\t\t<span class=\"elementor-button-content-wrapper\">\n\t\t\t\t\t\t\t\t\t<span class=\"elementor-button-text\">Meira um iWell Guard<\/span>\n\t\t\t\t\t<\/span>\n\t\t\t\t\t<\/a>\n\t\t\t\t\t\t\t\t<\/div>\n\t\t\t\t\t<\/div>\n\t\t\t\t<\/div>\n\t\t<div class=\"elementor-element elementor-element-iwgkw-add-boeserblick e-flex e-con-boxed e-con e-parent\" data-id=\"iwgkw-add-boeserblick\" data-element_type=\"container\" data-e-type=\"container\">\n\t\t\t\t\t<div class=\"e-con-inner\">\n\t\t\t\t<div class=\"elementor-element elementor-element-iwgkw-add-boeserblick-t elementor-widget elementor-widget-text-editor\" data-id=\"iwgkw-add-boeserblick-t\" data-element_type=\"widget\" data-e-type=\"widget\" data-widget_type=\"text-editor.default\">\n\t\t\t\t\t\t\t\t\t<p>Samanbur\u00f0ur hugtakanna <em>ayin hara<\/em>, <em>mati<\/em>, <em>malocchio<\/em> og <em>nazar<\/em> s\u00fdnir a\u00f0 <span class=\"iwg-fachbegriff\" data-tooltip=\"\u00datbreidd hugmynd um a\u00f0 \u00f6fundsj\u00fakt augnar\u00e1\u00f0 annarrar manneskju geti valdi\u00f0 ska\u00f0a.\" tabindex=\"0\">illt augnar\u00e1\u00f0<\/span> er ekki einangru\u00f0 hugmynd einnar menningar, heldur \u00fatbreitt t\u00falkunarmynstur um \u00f6fund, ska\u00f0a og \u00f3l\u00e1n \u00e1 sv\u00e6\u00f0um Mi\u00f0jar\u00f0arhafsins, Vesturas\u00edu og Su\u00f0ur-Evr\u00f3pu.<\/p><p>\u00cd samanbur\u00f0inum koma fram mismunandi verndara\u00f0fer\u00f0ir, <span class=\"iwg-fachbegriff\" data-tooltip=\"Gripur sem borinn er \u00e1 s\u00e9r og talinn hafa verndandi, \u00f3g\u00e6fuafst\u00fdrandi verkun.\" tabindex=\"0\">verndargripur<\/span>-form og tr\u00faarlegar m\u00f3ta\u00f0ger\u00f0ir sem hver \u00e1 r\u00e6tur \u00ed eigin tr\u00faar- og m\u00e1ls\u00f6gu.<\/p>\t\t\t\t\t\t\t\t<\/div>\n\t\t\t\t\t<\/div>\n\t\t\t\t<\/div>\n\t\t\t\t<\/div>\n\t\t","protected":false},"excerpt":{"rendered":"","protected":false},"author":3,"featured_media":2472,"parent":0,"menu_order":0,"comment_status":"closed","ping_status":"closed","template":"elementor_header_footer","meta":{"_yoast_wpseo_focuskw":"illt auga","_yoast_wpseo_title":"B\u00f6ser Blick, ayin hara, mati, malocchio, nazar","_yoast_wpseo_metadesc":"Illt auga er ein af elstu og \u00fatbreiddustu ska\u00f0atr\u00faarhugmyndum. Saga, verndargripir","_yoast_wpseo_meta-robots-noindex":"","_yoast_wpseo_canonical":"","_angie_page":false,"gefaehrdungsstufe":"","wesen_kultur":"","wesen_klasse":"","footnotes":""},"categories":[],"class_list":["post-168901","page","type-page","status-publish","has-post-thumbnail","hentry"],"yoast_head":"<!-- This site is optimized with the Yoast SEO Premium plugin v27.7 (Yoast SEO v28.3) - https:\/\/yoast.com\/product\/yoast-seo-premium-wordpress\/ -->\n<title>B\u00f6ser Blick, ayin hara, mati, malocchio, nazar<\/title>\n<meta name=\"description\" content=\"Illt auga er ein af elstu og \u00fatbreiddustu ska\u00f0atr\u00faarhugmyndum. Saga, verndargripir\" \/>\n<meta name=\"robots\" content=\"index, follow, max-snippet:-1, max-image-preview:large, max-video-preview:-1\" \/>\n<link rel=\"canonical\" href=\"https:\/\/iwell-guard.com\/is\/illt-auga\/\" \/>\n<meta property=\"og:locale\" content=\"is_IS\" \/>\n<meta property=\"og:type\" content=\"article\" \/>\n<meta property=\"og:title\" content=\"B\u00f6ser Blick\" \/>\n<meta property=\"og:description\" content=\"Illt auga er ein af elstu og \u00fatbreiddustu ska\u00f0atr\u00faarhugmyndum. Saga, verndargripir\" \/>\n<meta property=\"og:url\" content=\"https:\/\/iwell-guard.com\/is\/illt-auga\/\" \/>\n<meta property=\"og:site_name\" content=\"iWell Guard\" \/>\n<meta property=\"article:modified_time\" content=\"2026-09-05T14:22:20+00:00\" \/>\n<meta property=\"og:image\" content=\"https:\/\/iwell-guard.com\/wp-content\/uploads\/2026\/05\/schutzsymbol_mediterran_boeser-blick.webp\" \/>\n\t<meta property=\"og:image:width\" content=\"1024\" \/>\n\t<meta property=\"og:image:height\" content=\"1536\" \/>\n\t<meta property=\"og:image:type\" content=\"image\/webp\" \/>\n<meta name=\"twitter:card\" content=\"summary_large_image\" \/>\n<script type=\"application\/ld+json\" class=\"yoast-schema-graph\">{\"@context\":\"https:\\\/\\\/schema.org\",\"@graph\":[{\"@type\":\"WebPage\",\"@id\":\"https:\\\/\\\/iwell-guard.com\\\/is\\\/illt-auga\\\/\",\"url\":\"https:\\\/\\\/iwell-guard.com\\\/is\\\/illt-auga\\\/\",\"name\":\"B\u00f6ser Blick, ayin hara, mati, malocchio, nazar\",\"isPartOf\":{\"@id\":\"https:\\\/\\\/iwell-guard.com\\\/is\\\/#website\"},\"primaryImageOfPage\":{\"@id\":\"https:\\\/\\\/iwell-guard.com\\\/is\\\/illt-auga\\\/#primaryimage\"},\"image\":{\"@id\":\"https:\\\/\\\/iwell-guard.com\\\/is\\\/illt-auga\\\/#primaryimage\"},\"thumbnailUrl\":\"https:\\\/\\\/iwell-guard.com\\\/wp-content\\\/uploads\\\/2026\\\/05\\\/schutzsymbol_mediterran_boeser-blick.webp\",\"datePublished\":\"2026-09-05T14:03:54+00:00\",\"dateModified\":\"2026-09-05T14:22:20+00:00\",\"description\":\"Illt auga er ein af elstu og \u00fatbreiddustu ska\u00f0atr\u00faarhugmyndum. Saga, verndargripir\",\"breadcrumb\":{\"@id\":\"https:\\\/\\\/iwell-guard.com\\\/is\\\/illt-auga\\\/#breadcrumb\"},\"inLanguage\":\"is\",\"potentialAction\":[{\"@type\":\"ReadAction\",\"target\":[\"https:\\\/\\\/iwell-guard.com\\\/is\\\/illt-auga\\\/\"]}]},{\"@type\":\"ImageObject\",\"inLanguage\":\"is\",\"@id\":\"https:\\\/\\\/iwell-guard.com\\\/is\\\/illt-auga\\\/#primaryimage\",\"url\":\"https:\\\/\\\/iwell-guard.com\\\/wp-content\\\/uploads\\\/2026\\\/05\\\/schutzsymbol_mediterran_boeser-blick.webp\",\"contentUrl\":\"https:\\\/\\\/iwell-guard.com\\\/wp-content\\\/uploads\\\/2026\\\/05\\\/schutzsymbol_mediterran_boeser-blick.webp\",\"width\":1024,\"height\":1536,\"caption\":\"\u00derj\u00fa hef\u00f0bundin tyrknesk nazar boncu\u011fu verndaraugu \u00far bl\u00e1rri gl\u00e6ri me\u00f0 sammi\u00f0ja hringum \u00e1 d\u00f6kkum bakgrunni\"},{\"@type\":\"BreadcrumbList\",\"@id\":\"https:\\\/\\\/iwell-guard.com\\\/is\\\/illt-auga\\\/#breadcrumb\",\"itemListElement\":[{\"@type\":\"ListItem\",\"position\":1,\"name\":\"Start\",\"item\":\"https:\\\/\\\/iwell-guard.com\\\/is\\\/?page_id=168580\"},{\"@type\":\"ListItem\",\"position\":2,\"name\":\"B\u00f6ser Blick\"}]},{\"@type\":\"WebSite\",\"@id\":\"https:\\\/\\\/iwell-guard.com\\\/is\\\/#website\",\"url\":\"https:\\\/\\\/iwell-guard.com\\\/is\\\/\",\"name\":\"iWell Guard\",\"description\":\"Schutz vor dunklen Einfl\u00fcssen\",\"publisher\":{\"@id\":\"https:\\\/\\\/iwell-guard.com\\\/is\\\/#organization\"},\"potentialAction\":[{\"@type\":\"SearchAction\",\"target\":{\"@type\":\"EntryPoint\",\"urlTemplate\":\"https:\\\/\\\/iwell-guard.com\\\/is\\\/?s={search_term_string}\"},\"query-input\":{\"@type\":\"PropertyValueSpecification\",\"valueRequired\":true,\"valueName\":\"search_term_string\"}}],\"inLanguage\":\"is\"},{\"@type\":\"Organization\",\"@id\":\"https:\\\/\\\/iwell-guard.com\\\/is\\\/#organization\",\"name\":\"Ittermann electronic GmbH\",\"url\":\"https:\\\/\\\/iwell-guard.com\\\/is\\\/\",\"logo\":{\"@type\":\"ImageObject\",\"inLanguage\":\"is\",\"@id\":\"https:\\\/\\\/iwell-guard.com\\\/is\\\/#\\\/schema\\\/logo\\\/image\\\/\",\"url\":\"https:\\\/\\\/iwell-guard.com\\\/wp-content\\\/uploads\\\/2026\\\/05\\\/Ittermann-Logo-1182x237-1.png\",\"contentUrl\":\"https:\\\/\\\/iwell-guard.com\\\/wp-content\\\/uploads\\\/2026\\\/05\\\/Ittermann-Logo-1182x237-1.png\",\"width\":1182,\"height\":237,\"caption\":\"Ittermann electronic GmbH\"},\"image\":{\"@id\":\"https:\\\/\\\/iwell-guard.com\\\/is\\\/#\\\/schema\\\/logo\\\/image\\\/\"},\"sameAs\":[\"https:\\\/\\\/pantip.com\\\/profile\\\/9367242\",\"https:\\\/\\\/micro.blog\\\/iwellguard\",\"https:\\\/\\\/www.diggerslist.com\\\/iwellguard\\\/about\",\"https:\\\/\\\/skitterphoto.com\\\/photographers\\\/2870314\\\/iwell-guard\",\"https:\\\/\\\/iwellguard.wordpress.com\\\/2026\\\/06\\\/06\\\/iwell-guard\\\/\",\"https:\\\/\\\/hub.docker.com\\\/u\\\/iwellguard\",\"https:\\\/\\\/www.pinterest.com\\\/iwellguard\\\/\",\"https:\\\/\\\/bit.ly\\\/m\\\/iwellguard\",\"https:\\\/\\\/entre-vos-mains.alsace.eu\\\/profiles\\\/iwellguard\\\/activity\",\"https:\\\/\\\/gravatar.com\\\/reallybeded8fd34\",\"https:\\\/\\\/naijamatta.com\\\/iwellguard\",\"https:\\\/\\\/www.goodreads.com\\\/iwellguard\",\"https:\\\/\\\/profile.hatena.ne.jp\\\/iwellguard\\\/\",\"https:\\\/\\\/experiment.com\\\/users\\\/iwellguard\",\"https:\\\/\\\/wakelet.com\\\/@iWellGuard82270\",\"https:\\\/\\\/www.chordie.com\\\/forum\\\/profile.php?id=2555664\",\"https:\\\/\\\/www.instapaper.com\\\/p\\\/17757966\",\"https:\\\/\\\/www.mapleprimes.com\\\/users\\\/iwellguard\",\"https:\\\/\\\/businesslistingplus.com\\\/profile\\\/iwell-guard\\\/\",\"https:\\\/\\\/telegra.ph\\\/iWell-Guard-06-06\",\"https:\\\/\\\/pbase.com\\\/iwellguard\\\/iwellguard\",\"https:\\\/\\\/b.hatena.ne.jp\\\/iwellguard\\\/20260607#bookmark-4788405196491818882\",\"https:\\\/\\\/fliphtml5.com\\\/home\\\/iwellguard\",\"https:\\\/\\\/anyflip.com\\\/homepage\\\/cmiwl#About\",\"https:\\\/\\\/transfur.com\\\/Users\\\/iwellguard\",\"http:\\\/\\\/delphi.larsbo.org\\\/user\\\/iwellguard\",\"https:\\\/\\\/jobs.lajobsportal.org\\\/profiles\\\/8380803-iwell-guard\",\"https:\\\/\\\/md.chaosdorf.de\\\/s\\\/jfbe5SBdJD\",\"https:\\\/\\\/www.lingvolive.com\\\/en-us\\\/profile\\\/9ecaeaca-ce11-4e51-9e71-01d55e2bff36\\\/translations\",\"https:\\\/\\\/www.fitday.com\\\/fitness\\\/forums\\\/members\\\/iwellguard.html\",\"https:\\\/\\\/www.mymeetbook.com\\\/iwellguard\",\"https:\\\/\\\/pxhere.com\\\/en\\\/photographer-me\\\/5040798\",\"https:\\\/\\\/disqus.com\\\/by\\\/iwellguard\\\/about\\\/\",\"https:\\\/\\\/pastelink.net\\\/hjwciqwq\",\"https:\\\/\\\/pubhtml5.com\\\/homepage\\\/scjhn\\\/\",\"https:\\\/\\\/www.bitchute.com\\\/channel\\\/2O2eOKzNqujT\",\"https:\\\/\\\/audiomack.com\\\/iwellguard\"]}]}<\/script>\n<!-- \/ Yoast SEO Premium plugin. -->","yoast_head_json":{"title":"B\u00f6ser Blick, ayin hara, mati, malocchio, nazar","description":"Illt auga er ein af elstu og \u00fatbreiddustu ska\u00f0atr\u00faarhugmyndum. Saga, verndargripir","robots":{"index":"index","follow":"follow","max-snippet":"max-snippet:-1","max-image-preview":"max-image-preview:large","max-video-preview":"max-video-preview:-1"},"canonical":"https:\/\/iwell-guard.com\/is\/illt-auga\/","og_locale":"is_IS","og_type":"article","og_title":"B\u00f6ser Blick","og_description":"Illt auga er ein af elstu og \u00fatbreiddustu ska\u00f0atr\u00faarhugmyndum. Saga, verndargripir","og_url":"https:\/\/iwell-guard.com\/is\/illt-auga\/","og_site_name":"iWell Guard","article_modified_time":"2026-09-05T14:22:20+00:00","og_image":[{"width":1024,"height":1536,"url":"https:\/\/iwell-guard.com\/wp-content\/uploads\/2026\/05\/schutzsymbol_mediterran_boeser-blick.webp","type":"image\/webp"}],"twitter_card":"summary_large_image","schema":{"@context":"https:\/\/schema.org","@graph":[{"@type":"WebPage","@id":"https:\/\/iwell-guard.com\/is\/illt-auga\/","url":"https:\/\/iwell-guard.com\/is\/illt-auga\/","name":"B\u00f6ser Blick, ayin hara, mati, malocchio, nazar","isPartOf":{"@id":"https:\/\/iwell-guard.com\/is\/#website"},"primaryImageOfPage":{"@id":"https:\/\/iwell-guard.com\/is\/illt-auga\/#primaryimage"},"image":{"@id":"https:\/\/iwell-guard.com\/is\/illt-auga\/#primaryimage"},"thumbnailUrl":"https:\/\/iwell-guard.com\/wp-content\/uploads\/2026\/05\/schutzsymbol_mediterran_boeser-blick.webp","datePublished":"2026-09-05T14:03:54+00:00","dateModified":"2026-09-05T14:22:20+00:00","description":"Illt auga er ein af elstu og \u00fatbreiddustu ska\u00f0atr\u00faarhugmyndum. Saga, verndargripir","breadcrumb":{"@id":"https:\/\/iwell-guard.com\/is\/illt-auga\/#breadcrumb"},"inLanguage":"is","potentialAction":[{"@type":"ReadAction","target":["https:\/\/iwell-guard.com\/is\/illt-auga\/"]}]},{"@type":"ImageObject","inLanguage":"is","@id":"https:\/\/iwell-guard.com\/is\/illt-auga\/#primaryimage","url":"https:\/\/iwell-guard.com\/wp-content\/uploads\/2026\/05\/schutzsymbol_mediterran_boeser-blick.webp","contentUrl":"https:\/\/iwell-guard.com\/wp-content\/uploads\/2026\/05\/schutzsymbol_mediterran_boeser-blick.webp","width":1024,"height":1536,"caption":"\u00derj\u00fa hef\u00f0bundin tyrknesk nazar boncu\u011fu verndaraugu \u00far bl\u00e1rri gl\u00e6ri me\u00f0 sammi\u00f0ja hringum \u00e1 d\u00f6kkum bakgrunni"},{"@type":"BreadcrumbList","@id":"https:\/\/iwell-guard.com\/is\/illt-auga\/#breadcrumb","itemListElement":[{"@type":"ListItem","position":1,"name":"Start","item":"https:\/\/iwell-guard.com\/is\/?page_id=168580"},{"@type":"ListItem","position":2,"name":"B\u00f6ser Blick"}]},{"@type":"WebSite","@id":"https:\/\/iwell-guard.com\/is\/#website","url":"https:\/\/iwell-guard.com\/is\/","name":"iWell Guard","description":"Schutz vor dunklen Einfl\u00fcssen","publisher":{"@id":"https:\/\/iwell-guard.com\/is\/#organization"},"potentialAction":[{"@type":"SearchAction","target":{"@type":"EntryPoint","urlTemplate":"https:\/\/iwell-guard.com\/is\/?s={search_term_string}"},"query-input":{"@type":"PropertyValueSpecification","valueRequired":true,"valueName":"search_term_string"}}],"inLanguage":"is"},{"@type":"Organization","@id":"https:\/\/iwell-guard.com\/is\/#organization","name":"Ittermann electronic GmbH","url":"https:\/\/iwell-guard.com\/is\/","logo":{"@type":"ImageObject","inLanguage":"is","@id":"https:\/\/iwell-guard.com\/is\/#\/schema\/logo\/image\/","url":"https:\/\/iwell-guard.com\/wp-content\/uploads\/2026\/05\/Ittermann-Logo-1182x237-1.png","contentUrl":"https:\/\/iwell-guard.com\/wp-content\/uploads\/2026\/05\/Ittermann-Logo-1182x237-1.png","width":1182,"height":237,"caption":"Ittermann electronic GmbH"},"image":{"@id":"https:\/\/iwell-guard.com\/is\/#\/schema\/logo\/image\/"},"sameAs":["https:\/\/pantip.com\/profile\/9367242","https:\/\/micro.blog\/iwellguard","https:\/\/www.diggerslist.com\/iwellguard\/about","https:\/\/skitterphoto.com\/photographers\/2870314\/iwell-guard","https:\/\/iwellguard.wordpress.com\/2026\/06\/06\/iwell-guard\/","https:\/\/hub.docker.com\/u\/iwellguard","https:\/\/www.pinterest.com\/iwellguard\/","https:\/\/bit.ly\/m\/iwellguard","https:\/\/entre-vos-mains.alsace.eu\/profiles\/iwellguard\/activity","https:\/\/gravatar.com\/reallybeded8fd34","https:\/\/naijamatta.com\/iwellguard","https:\/\/www.goodreads.com\/iwellguard","https:\/\/profile.hatena.ne.jp\/iwellguard\/","https:\/\/experiment.com\/users\/iwellguard","https:\/\/wakelet.com\/@iWellGuard82270","https:\/\/www.chordie.com\/forum\/profile.php?id=2555664","https:\/\/www.instapaper.com\/p\/17757966","https:\/\/www.mapleprimes.com\/users\/iwellguard","https:\/\/businesslistingplus.com\/profile\/iwell-guard\/","https:\/\/telegra.ph\/iWell-Guard-06-06","https:\/\/pbase.com\/iwellguard\/iwellguard","https:\/\/b.hatena.ne.jp\/iwellguard\/20260607#bookmark-4788405196491818882","https:\/\/fliphtml5.com\/home\/iwellguard","https:\/\/anyflip.com\/homepage\/cmiwl#About","https:\/\/transfur.com\/Users\/iwellguard","http:\/\/delphi.larsbo.org\/user\/iwellguard","https:\/\/jobs.lajobsportal.org\/profiles\/8380803-iwell-guard","https:\/\/md.chaosdorf.de\/s\/jfbe5SBdJD","https:\/\/www.lingvolive.com\/en-us\/profile\/9ecaeaca-ce11-4e51-9e71-01d55e2bff36\/translations","https:\/\/www.fitday.com\/fitness\/forums\/members\/iwellguard.html","https:\/\/www.mymeetbook.com\/iwellguard","https:\/\/pxhere.com\/en\/photographer-me\/5040798","https:\/\/disqus.com\/by\/iwellguard\/about\/","https:\/\/pastelink.net\/hjwciqwq","https:\/\/pubhtml5.com\/homepage\/scjhn\/","https:\/\/www.bitchute.com\/channel\/2O2eOKzNqujT","https:\/\/audiomack.com\/iwellguard"]}]}},"_links":{"self":[{"href":"https:\/\/iwell-guard.com\/is\/wp-json\/wp\/v2\/pages\/168901","targetHints":{"allow":["GET"]}}],"collection":[{"href":"https:\/\/iwell-guard.com\/is\/wp-json\/wp\/v2\/pages"}],"about":[{"href":"https:\/\/iwell-guard.com\/is\/wp-json\/wp\/v2\/types\/page"}],"author":[{"embeddable":true,"href":"https:\/\/iwell-guard.com\/is\/wp-json\/wp\/v2\/users\/3"}],"replies":[{"embeddable":true,"href":"https:\/\/iwell-guard.com\/is\/wp-json\/wp\/v2\/comments?post=168901"}],"version-history":[{"count":0,"href":"https:\/\/iwell-guard.com\/is\/wp-json\/wp\/v2\/pages\/168901\/revisions"}],"wp:featuredmedia":[{"embeddable":true,"href":"https:\/\/iwell-guard.com\/is\/wp-json\/wp\/v2\/media\/2472"}],"wp:attachment":[{"href":"https:\/\/iwell-guard.com\/is\/wp-json\/wp\/v2\/media?parent=168901"}],"wp:term":[{"taxonomy":"category","embeddable":true,"href":"https:\/\/iwell-guard.com\/is\/wp-json\/wp\/v2\/categories?post=168901"}],"curies":[{"name":"wp","href":"https:\/\/api.w.org\/{rel}","templated":true}]}}