{"id":168897,"date":"2026-09-05T14:03:52","date_gmt":"2026-09-05T14:03:52","guid":{"rendered":"https:\/\/iwell-guard.com\/?page_id=168897"},"modified":"2026-09-05T14:22:15","modified_gmt":"2026-09-05T14:22:15","slug":"frelsunarstarf","status":"publish","type":"page","link":"https:\/\/iwell-guard.com\/is\/frelsunarstarf\/","title":{"rendered":"Frelsunarvinna"},"content":{"rendered":"\t\t<div data-elementor-type=\"wp-page\" data-elementor-id=\"168897\" class=\"elementor elementor-168897 elementor-2457 elementor-bc-flex-widget\" data-elementor-post-type=\"page\">\n\t\t\t\t<div class=\"elementor-element elementor-element-hero9e07851 e-flex e-con-boxed e-con e-parent\" data-id=\"hero9e07851\" data-element_type=\"container\" data-e-type=\"container\">\n\t\t\t\t\t<div class=\"e-con-inner\">\n\t\t\t\t<div class=\"elementor-element elementor-element-heroimgb3abfe2 iwg-hero-image elementor-widget elementor-widget-image\" data-id=\"heroimgb3abfe2\" data-element_type=\"widget\" data-e-type=\"widget\" data-widget_type=\"image.default\">\n\t\t\t\t\t\t\t\t\t\t\t\t\t\t\t<img fetchpriority=\"high\" decoding=\"async\" width=\"683\" height=\"1024\" src=\"https:\/\/iwell-guard.com\/wp-content\/uploads\/2026\/05\/praktiken_befreiung-683x1024.webp\" class=\"attachment-large size-large wp-image-170642\" alt=\"Frelsun - Myndskreyting sem s\u00fdnir helgisi\u00f0i frelsunar \u00ed s\u00f6gulegum, safnkenndum og heimildarlegum st\u00edl\" srcset=\"https:\/\/iwell-guard.com\/wp-content\/uploads\/2026\/05\/praktiken_befreiung-683x1024.webp 683w, https:\/\/iwell-guard.com\/wp-content\/uploads\/2026\/05\/praktiken_befreiung-200x300.webp 200w, https:\/\/iwell-guard.com\/wp-content\/uploads\/2026\/05\/praktiken_befreiung-768x1152.webp 768w, https:\/\/iwell-guard.com\/wp-content\/uploads\/2026\/05\/praktiken_befreiung.webp 1024w\" sizes=\"(max-width: 683px) 100vw, 683px\" \/>\t\t\t\t\t\t\t\t\t\t\t\t\t\t\t<\/div>\n\t\t\t\t\t<\/div>\n\t\t\t\t<\/div>\n\t\t\t\t<section class=\"elementor-section elementor-top-section elementor-element elementor-element-sec-befreiu elementor-section-boxed elementor-section-height-default elementor-section-height-default\" data-id=\"sec-befreiu\" data-element_type=\"section\" data-e-type=\"section\" id=\"sec-befreiu\">\n\t\t\t\t\t\t<div class=\"elementor-container elementor-column-gap-default\">\n\t\t\t\t\t<div class=\"elementor-column elementor-col-100 elementor-top-column elementor-element elementor-element-col-befreiu\" data-id=\"col-befreiu\" data-element_type=\"column\" data-e-type=\"column\" id=\"col-befreiu\">\n\t\t\t<div class=\"elementor-widget-wrap elementor-element-populated\">\n\t\t\t\t\t\t<div class=\"elementor-element elementor-element-wh-befreiu elementor-widget elementor-widget-heading\" data-id=\"wh-befreiu\" data-element_type=\"widget\" data-e-type=\"widget\" id=\"h1-befreiu\" data-widget_type=\"heading.default\">\n\t\t\t\t\t<h1 class=\"elementor-heading-title elementor-size-default\">Frelsunarstarf, s\u00e1lusorgunarleg i\u00f0kun til a\u00f0 leysa andsetningu<\/h1>\t\t\t\t<\/div>\n\t\t\t\t<div class=\"elementor-element elementor-element-we-befreiu elementor-widget elementor-widget-text-editor\" data-id=\"we-befreiu\" data-element_type=\"widget\" data-e-type=\"widget\" data-widget_type=\"text-editor.default\">\n\t\t\t\t\t\t\t\t\t<p class=\"iwg-lead\"><strong>Frelsunarstarf<\/strong> v\u00edsar til hinnar kristnu, s\u00e1lg\u00e6slulegu i\u00f0kunar vi\u00f0 lausn fyrirb\u00e6ra sem skilin eru sem dj\u00f6fulleg \u00e1\u00fej\u00e1n e\u00f0a haldning. H\u00fan n\u00e6r allt fr\u00e1 hinni kan\u00f3n\u00edsku r\u00f3mversk-ka\u00fe\u00f3lsku St\u00f3ru <span class=\"iwg-fachbegriff\" data-tooltip=\"Helgiath\u00f6fn til a\u00f0 reka \u00fat anda e\u00f0a p\u00faka sem talinn er ska\u00f0legur.\" tabindex=\"0\">s\u00e6ringu (exorcismus)<\/span> til \u00f3formlegrar, karismat\u00edskrar frelsunari\u00f0kunar \u00ed evangel\u00edskum s\u00f6fnu\u00f0um. Tr\u00faarbrag\u00f0afr\u00e6\u00f0ilega s\u00e9\u00f0 stendur h\u00fan \u00ed samhengi vi\u00f0 \u00f6nnur menningarleg lausnarferli \u00e1 bor\u00f0 vi\u00f0 sjamanska \u00fardr\u00e1tt og b\u00fadd\u00edska P\u00farb\u00fa-<span class=\"iwg-fachbegriff\" data-tooltip=\"Skipul\u00f6g\u00f0 r\u00f6\u00f0 t\u00e1knr\u00e6nna athafna me\u00f0 tr\u00faarlega e\u00f0a menningarlega merkingu.\" tabindex=\"0\">helgisi\u00f0i<\/span>.<\/p>\n<h2 id=\"biblisch\">Bibl\u00edulegar r\u00e6tur<\/h2>\n<p>Fr\u00e1sagnir N\u00fdja testamentisins af l\u00e6kningum tengja verk Jes\u00fa n\u00e1i\u00f0 vi\u00f0 frelsunargj\u00f6r\u00f0ir. \u00cd Mark\u00fasargu\u00f0spjalli (Mk 1,21, 28; Mk 5,1, 20) rekur Jes\u00fas \u00f3hreina anda \u00far andsetnum.<\/p><p>Fr\u00e1s\u00f6gnin um Leg\u00ed\u00f3n (Mk 5), hinn andsetna mann me\u00f0al Gerasena, \u00fear sem p\u00fakarnir kalla sig sj\u00e1lfa \u201eLeg\u00ed\u00f3n&#8220; og fara s\u00ed\u00f0an \u00ed sv\u00ednahj\u00f6r\u00f0, ver\u00f0ur a\u00f0 fyrirmynd allrar s\u00ed\u00f0ari frelsunargu\u00f0fr\u00e6\u00f0i. \u00datsendingarr\u00e6\u00f0an \u00ed Mt 10,1 veitir postulunum berum or\u00f0um vald til a\u00f0 reka \u00fat \u00f3hreina anda.<\/p>\n<h2 id=\"patristik\">Kirkjufe\u00f0urnir og kirkjuleg i\u00f0kun<\/h2>\n<p>Frumkirkjan \u00fer\u00f3ar \u00fat fr\u00e1 \u00feessum bibl\u00edulegu fyrirmyndum eigin fr\u00e6\u00f0igrein: <em>officium exorcizandi<\/em>. Tert\u00fall\u00edanus, \u00d3rigenes og \u00c1g\u00fast\u00ednus r\u00e6\u00f0a gu\u00f0fr\u00e6\u00f0ilegan grundv\u00f6ll hennar.<\/p><p>\u00c1 3. \u00f6ld ver\u00f0ur exorsistaemb\u00e6tti\u00f0 til sem ein af l\u00e6gri <span class=\"iwg-fachbegriff\" data-tooltip=\"A\u00f0 v\u00edgja hlut, sta\u00f0 e\u00f0a manneskju hinu heilaga me\u00f0 tr\u00faarlegri ath\u00f6fn.\" tabindex=\"0\">v\u00edgslunum<\/span>. Sk\u00edrnars\u00e6ringin ver\u00f0ur hluti af hverri sk\u00edrnarath\u00f6fn og er \u00fea\u00f0 enn \u00ed r\u00f3mversk-ka\u00fe\u00f3lskri sk\u00edrnargu\u00f0s\u00fej\u00f3nustu n\u00fat\u00edmans. \u00c1 mi\u00f0\u00f6ldum ver\u00f0a til fastar form\u00falus\u00f6fn \u00ed s\u00e1lg\u00e6slustarfi kirkjunnar sem f\u00e1 kan\u00f3n\u00edska mynd s\u00edna \u00ed trident\u00ednsku helgisi\u00f0ab\u00f3kinni (Rituale, 1614).<\/p>\n<h2 id=\"kanon\">N\u00fat\u00edma ka\u00fe\u00f3lsk <span class=\"iwg-fachbegriff\" data-tooltip=\"Helgiath\u00f6fn til a\u00f0 reka \u00fat anda e\u00f0a p\u00faka sem talinn er ska\u00f0legur.\" tabindex=\"0\">s\u00e6ring<\/span><\/h2>\n<p>Endurb\u00e6tti <span class=\"iwg-fachbegriff\" data-tooltip=\"Fastm\u00f3tu\u00f0, endurtekin tr\u00faarleg ath\u00f6fn.\" tabindex=\"0\">helgisi\u00f0urinn<\/span> fr\u00e1 1999 (<em>De exorcismis et supplicationibus quibusdam<\/em>) fjallar n\u00e1kv\u00e6mlega um St\u00f3ru <span class=\"iwg-fachbegriff\" data-tooltip=\"Helgiath\u00f6fn til a\u00f0 reka \u00fat anda e\u00f0a p\u00faka sem talinn er ska\u00f0legur.\" tabindex=\"0\">s\u00e6ringuna<\/span>. Skilyr\u00f0i er leyfi \u00fear til b\u00e6rs biskups og undangengin l\u00e6knisfr\u00e6\u00f0ileg og ge\u00f0l\u00e6knisfr\u00e6\u00f0ileg athugun.<\/p><p><span data-nosnippet>Sj\u00e1lfur <span class=\"iwg-fachbegriff\" data-tooltip=\"Fastm\u00f3tu\u00f0, endurtekin tr\u00faarleg ath\u00f6fn.\" tabindex=\"0\">helgisi\u00f0urinn<\/span> hefur b\u00e6\u00f0i bi\u00f0jandi (deprekat\u00edfan) og skipandi (imperat\u00edfan) hluta, \u00fear sem presturinn skipar \u00f3hreinu \u00f6ndunum, \u00ed nafni Krists, a\u00f0 yfirgefa <span class=\"iwg-fachbegriff\" data-tooltip=\"Gj\u00f6f til gu\u00f0d\u00f3ms til a\u00f0 tj\u00e1 \u00feakkl\u00e6ti, b\u00e6n e\u00f0a lotningu.\" tabindex=\"0\">f\u00f3rnarlambi\u00f0<\/span>. Hinn heims\u00feekkti r\u00f3mverski s\u00e6ringama\u00f0ur Gabriele Amorth (d. 2016) hefur veitt inns\u00fdn \u00ed i\u00f0kun s\u00edna \u00ed nokkrum b\u00f3kum.<\/span><\/p>\n<h2 id=\"charismatisch\">Karismat\u00edsk frelsunari\u00f0kun<\/h2>\n<p><span data-nosnippet>Utan hinnar ka\u00fe\u00f3lsku St\u00f3ru <span class=\"iwg-fachbegriff\" data-tooltip=\"Helgiath\u00f6fn til a\u00f0 reka \u00fat anda e\u00f0a p\u00faka sem talinn er ska\u00f0legur.\" tabindex=\"0\">s\u00e6ringar<\/span> er til breitt svi\u00f0 karismat\u00edskrar frelsunari\u00f0kunar. Hv\u00edtasunnuhreyfingin (fr\u00e1 1906), karismat\u00edska endurvakningin (fr\u00e1 sj\u00f6unda \u00e1ratugnum) og n\u00fdhv\u00edtasunnustraumar hafa \u00fer\u00f3a\u00f0 eigin a\u00f0fer\u00f0ir: frelsunarb\u00e6nir, \u201ekynsl\u00f3\u00f0afrelsun&#8220;, lausn fr\u00e1 b\u00f6lvunum.<\/span><\/p><p>\u00d3l\u00edkt ka\u00fe\u00f3lskri <span class=\"iwg-fachbegriff\" data-tooltip=\"Helgiath\u00f6fn til a\u00f0 reka \u00fat anda e\u00f0a p\u00faka sem talinn er ska\u00f0legur.\" tabindex=\"0\">s\u00e6ringu<\/span> er h\u00e9r ekki krafist prestsemb\u00e6ttis; hver sem er tr\u00faa\u00f0ur getur, me\u00f0 v\u00edsun \u00ed Mk 16,17, gengi\u00f0 til frelsunar\u00fej\u00f3nustu. \u00deessi l\u00fd\u00f0r\u00e6\u00f0isv\u00e6\u00f0ing felur \u00ed s\u00e9r t\u00e6kif\u00e6ri en einnig h\u00e6ttu \u00e1 misnotkun, og sk\u00fdrslur um ska\u00f0legar a\u00f0fer\u00f0ir hafa veri\u00f0 skjalfestar.<\/p>\n<h2 id=\"abgrenzung\">A\u00f0greining fr\u00e1 sjamanskum \u00fardr\u00e6tti<\/h2>\n<p>Kristi\u00f0 frelsunarstarf er byggingarlega fr\u00e1brug\u00f0i\u00f0 sjamanskum \u00fardr\u00e6tti. <span class=\"iwg-fachbegriff\" data-tooltip=\"Tr\u00faarlegur s\u00e9rfr\u00e6\u00f0ingur sem talinn er mi\u00f0la milli manna og andaheims.\" tabindex=\"0\">Sjaman<\/span> starfar innan tv\u00edhyggjulauss hugtaks um andaheim og fjarl\u00e6gir orkuinnr\u00e1sir \u00e1n si\u00f0fer\u00f0ilegrar hle\u00f0slu.<\/p><p>Kristni s\u00e6ringama\u00f0urinn starfar innan tv\u00edhyggjuramma \u00fear sem \u00f3hreinu andarnir eru skildir sem pers\u00f3nulegir, illir kraftar. B\u00e1\u00f0ar a\u00f0fer\u00f0ir eiga \u00fe\u00f3 sameiginlega grunnathugun: a\u00f0 til s\u00e9u kl\u00edn\u00edsk \u00e1stand sem h\u00e6gt s\u00e9 a\u00f0 breyta me\u00f0 or\u00f0um, <span class=\"iwg-fachbegriff\" data-tooltip=\"Skipul\u00f6g\u00f0 r\u00f6\u00f0 t\u00e1knr\u00e6nna athafna me\u00f0 tr\u00faarlega e\u00f0a menningarlega merkingu.\" tabindex=\"0\">helgisi\u00f0um<\/span> og <span class=\"iwg-fachbegriff\" data-tooltip=\"B\u00e6nakennd e\u00f0a \u00e1kallandi \u00e1varp til gu\u00f0d\u00f3ms e\u00f0a valds.\" tabindex=\"0\">\u00e1kalli<\/span> vi\u00f0komandi krafta.<\/p>\n<h2 id=\"einordnung\">Tr\u00faarbrag\u00f0afr\u00e6\u00f0ileg sta\u00f0setning<\/h2>\n<p><span data-nosnippet>Felicitas Goodman (<em>Wo die Geister auf den Winden reiten<\/em>, 1988) og I. M. Lewis (<em>Ecstatic Religion<\/em>, 1971) veita hina s\u00edgildu fr\u00e6\u00f0ilegu umgj\u00f6r\u00f0.<\/span><\/p><p>Frelsunarfyrirb\u00e6ri koma fyrir \u00ed n\u00e1nast \u00f6llum menningarheimum og deila endurteknu safni l\u00edfe\u00f0lisfr\u00e6\u00f0ilegra, s\u00e1lr\u00e6nna og f\u00e9lagslegra einkenna. N\u00faverandi \u00feverfagleg umr\u00e6\u00f0a (Pieter F. Craffert, Joseph Laycock) m\u00e6lir me\u00f0 l\u00fdsingu handan hinna einf\u00f6ldu\u00f0u skauta \u201ea\u00f0eins ge\u00f0l\u00e6knisfr\u00e6\u00f0i&#8220; e\u00f0a \u201ea\u00f0eins <span class=\"iwg-fachbegriff\" data-tooltip=\"V\u00edsindaleg fr\u00e6\u00f0i um Gu\u00f0 og tr\u00fa tiltekinnar tr\u00faarbrag\u00f0a.\" tabindex=\"0\">gu\u00f0fr\u00e6\u00f0i<\/span>&#8222;.<\/p>\n<h2 id=\"phaenomenologie\">Fyrirb\u00e6rafr\u00e6\u00f0i \u00e1\u00fej\u00e1nar<\/h2>\n<p>\u00cd i\u00f0kun frelsunarstarfs er greint \u00e1 milli <em>\u00e1gangs<\/em> (andlegrar \u00e1\u00fej\u00e1nar utan fr\u00e1 \u00e1n yfirt\u00f6ku pers\u00f3nuleikans), <em>umsetningar<\/em> (greinilegs ytri \u00fer\u00fdstings, trufla\u00f0rar skynjunar) og <em>haldningar<\/em> \u00ed \u00ferengri merkingu (t\u00edmabundinnar e\u00f0a varanlegrar yfirt\u00f6ku pers\u00f3nuleikans af framandi veru). Klass\u00edsk fyrirb\u00e6rafr\u00e6\u00f0ileg einkenni eru skyndilegar m\u00e1l- og raddbreytingar, \u00f3venjulegur kraftur, and\u00fa\u00f0 \u00e1 heil\u00f6gum hlutum, \u00feekking \u00e1 duldum sta\u00f0reyndum, trufla\u00f0ur svefn og skyndilegar \u00e1standsbreytingar \u00e1n sj\u00e1anlegs kveikju.<\/p><p>Reyndir i\u00f0kendur leggja \u00e1herslu \u00e1 a\u00f0 ekkert \u00feessara einkenna s\u00e9 afgerandi eitt og s\u00e9r; heildarmyndin, \u00e1samt vanda\u00f0ri l\u00e6knisfr\u00e6\u00f0ilegri og ge\u00f0l\u00e6knisfr\u00e6\u00f0ilegri forathugun, skipti \u00f6llu m\u00e1li.<\/p>\n<h2 id=\"differential\">Mismunagreining<\/h2>\n<p>ICD-11 flokkar undir F44.3 <em>trans- og haldningar\u00e1standsr\u00f6skun<\/em> sem sundurgreiningarr\u00f6skun. DSM-5 nefnir hana \u00e1 svipa\u00f0an h\u00e1tt. Fj\u00f6lmargir l\u00edkamlegir sj\u00fakd\u00f3mar, gagnaugabla\u00f0sflogaveiki, skjaldkirtilssj\u00fakd\u00f3mar, heila\u00e6xli, efnaskiptasj\u00fakd\u00f3mar, geta valdi\u00f0 einkennum sem l\u00edkjast haldningu.<\/p><p><span data-nosnippet>Ge\u00f0l\u00e6knisfr\u00e6\u00f0ilega \u00fearf a\u00f0 \u00edhuga sundurgreiningarpers\u00f3nuleikaraskanir, ge\u00f0klofak\u00f6st, ofl\u00e6ti og alvarlega \u00e1fallastreitur\u00f6skun. R\u00f3mversk-ka\u00fe\u00f3lski <span class=\"iwg-fachbegriff\" data-tooltip=\"Fastm\u00f3tu\u00f0, endurtekin tr\u00faarleg ath\u00f6fn.\" tabindex=\"0\">helgisi\u00f0urinn<\/span> fr\u00e1 1999 krefst \u00feess vegna berum or\u00f0um l\u00e6knisfr\u00e6\u00f0ilegrar og ge\u00f0l\u00e6knisfr\u00e6\u00f0ilegrar ranns\u00f3knar fyrirfram. S\u00e1 sem starfar me\u00f0 frelsunarath\u00f6fnum \u00e1n sl\u00edkrar athugunar \u00e1 \u00e1 h\u00e6ttu a\u00f0 versna me\u00f0fer\u00f0arh\u00e6fan sj\u00fakd\u00f3m.<\/span><\/p>\n<h2 id=\"andere-religionen\">Samanbur\u00f0ar <span class=\"iwg-fachbegriff\" data-tooltip=\"V\u00edsindin sem rannsaka tr\u00faarbr\u00f6g\u00f0 samanbur\u00f0arlega og \u00e1n tr\u00faarlegrar skuldbindingar.\" tabindex=\"0\">tr\u00faarbrag\u00f0afr\u00e6\u00f0i<\/span><\/h2>\n<p>A\u00f0fer\u00f0ir sem eru hagn\u00fdtislega samb\u00e6rilegar vi\u00f0 kristi\u00f0 frelsunarstarf er a\u00f0 finna \u00ed n\u00e1nast \u00f6llum menningarheimum. \u00cd \u00edslam er <em>rukja<\/em> helgilestur k\u00f3ranversa til a\u00f0 leysa \u00e1\u00fej\u00e1n djinna; h\u00fan hefur veri\u00f0 aukin \u00e1 s\u00ed\u00f0ustu \u00e1ratugum \u00ed s\u00f6fnu\u00f0um me\u00f0 salaf\u00edska \u00e1herslu.<\/p><p>\u00cd gy\u00f0ingd\u00f3mi \u00feekkir kabbal\u00edsk hef\u00f0 <em>d\u00edbb\u00fak<\/em>, a\u00f0hangandi <span class=\"iwg-fachbegriff\" data-tooltip=\"L\u00edkamslaus vera sem talin er hafa \u00e1hrif \u00ed heiminum.\" tabindex=\"0\">anda<\/span> l\u00e1tins manns, sem er leystur me\u00f0 l\u00far\u00ed\u00f6nskum <span class=\"iwg-fachbegriff\" data-tooltip=\"Fastm\u00f3tu\u00f0, endurtekin tr\u00faarleg ath\u00f6fn.\" tabindex=\"0\">helgisi\u00f0<\/span> me\u00f0 t\u00edu m\u00f6nnum, sh\u00f3far-horni og has\u00edd\u00edsku <span class=\"iwg-fachbegriff\" data-tooltip=\"\u00c1varp manns til gu\u00f0d\u00f3ms me\u00f0 or\u00f0um.\" tabindex=\"0\">b\u00e6n<\/span>.<\/p><p>\u00cd t\u00edbeskum b\u00faddisma er <em>p\u00farb\u00fa<\/em>&#8211;<span class=\"iwg-fachbegriff\" data-tooltip=\"Fastm\u00f3tu\u00f0, endurtekin tr\u00faarleg ath\u00f6fn.\" tabindex=\"0\">helgisi\u00f0ur<\/span> me\u00f0 \u00fer\u00edhyrndum helgidolki sem festir og umbreytir neikv\u00e6\u00f0ri orku; <em>ch\u00f6d<\/em>-i\u00f0kunin umbreytir andlegum \u00e1r\u00e1sarm\u00f6nnum me\u00f0 t\u00e1knr\u00e6nni <span class=\"iwg-fachbegriff\" data-tooltip=\"Gj\u00f6f til gu\u00f0d\u00f3ms til a\u00f0 tj\u00e1 \u00feakkl\u00e6ti, b\u00e6n e\u00f0a lotningu.\" tabindex=\"0\">f\u00f3rn<\/span> eigin l\u00edkama. \u00cd hind\u00faisma starfar tantrahef\u00f0in me\u00f0 <span class=\"iwg-fachbegriff\" data-tooltip=\"Heilagt or\u00f0 e\u00f0a form\u00fala sem endurteki\u00f0 er \u00ed hind\u00faisma og b\u00faddisma.\" tabindex=\"0\">m\u00f6ntru<\/span>, <span class=\"iwg-fachbegriff\" data-tooltip=\"R\u00famfr\u00e6\u00f0ilegt t\u00e1kn \u00ed hind\u00faisma og b\u00faddisma til helgiathafna.\" tabindex=\"0\">jantru<\/span> og m\u00fadru til a\u00f0 leysa a\u00f0hangandi verur.<\/p>\n<h2 id=\"schamanisch\">Sjamanskar hli\u00f0st\u00e6\u00f0ur<\/h2>\n<p>\u00c1 sjamanska svi\u00f0inu samsvarar frelsunin <a href=\"https:\/\/iwell-guard.com\/is\/?page_id=168893\">sjamanska \u00fardr\u00e6ttinum<\/a>: framandi orka e\u00f0a vera er fjarl\u00e6g\u00f0 \u00far l\u00edkams- og orkukerfinu me\u00f0 tromlukenndri transi, sogi, skolun e\u00f0a reykelsi.<\/p><p>\u00d3l\u00edkt kristinni <span class=\"iwg-fachbegriff\" data-tooltip=\"Helgiath\u00f6fn til a\u00f0 reka \u00fat anda e\u00f0a p\u00faka sem talinn er ska\u00f0legur.\" tabindex=\"0\">s\u00e6ringu<\/span> starfar sjamanska n\u00e1lgunin ekki me\u00f0 hugtakinu um dj\u00f6fullegan pers\u00f3nuleika, heldur me\u00f0 l\u00edkani innr\u00e1sar, efnis e\u00f0a orku sem tilheyrir ekki pers\u00f3nunni. Helgiath\u00f6fnin er oft styttri og sam\u00fe\u00e6ttari; eftirfylgnin leggur meiri \u00e1herslu \u00e1 orkueflingu en frekari greiningu.<\/p>\n<h2 id=\"risiken\">\u00c1h\u00e6tta og misnotkun<\/h2>\n<p>Frelsunarstarf \u00e1n vanda\u00f0s undirb\u00fanings getur valdi\u00f0 verulegum ska\u00f0a. R\u00f6ng greining tefur nau\u00f0synlega l\u00e6knisme\u00f0fer\u00f0. Leikr\u00e6n e\u00f0a ofbeldisfull helgiath\u00f6fn getur endurvaki\u00f0 e\u00f0a d\u00fdpka\u00f0 fyrirliggjandi \u00e1f\u00f6ll.<\/p><p><span data-nosnippet>Sagan \u00feekkir sorgleg tilvik \u00e1 bor\u00f0 vi\u00f0 Anneliese Michel (l\u00e9st \u00ed Klingenberg 1976), \u00fear sem 67 frelsunartilraunir greindu ekki alvarlega flogaveiki og sj\u00faklingurinn l\u00e9st \u00far \u00f6rm\u00f6gnun eftir m\u00e1nu\u00f0i \u00e1n v\u00f6kvainnt\u00f6ku. Vanda\u00f0ir i\u00f0kendur starfa \u00feverfaglega me\u00f0 l\u00e6knisfr\u00e6\u00f0i og s\u00e1lfr\u00e6\u00f0i, vir\u00f0a sk\u00fdr m\u00f6rk og framkv\u00e6ma aldrei helgiathafnir gegn vilja hins snortna einstaklings.<\/span><\/p>\n<h2 id=\"iwell-guard\">Frelsunarstarf \u00ed samhengi iWell Guard<\/h2>\n<p>Innan ramma verndar\u00e1herslna okkar skiljum vi\u00f0 frelsunarstarf sem sam\u00fe\u00e6ttan hluta fj\u00f6l\u00ferepa ferlis, ekki sem stakan verkna\u00f0. Fyrir hverja vinnu stendur fyrirb\u00e6rafr\u00e6\u00f0ileg athugun: Hva\u00f0a einkenni koma fram? Hafa l\u00e6knisfr\u00e6\u00f0ilegar og ge\u00f0l\u00e6knisfr\u00e6\u00f0ilegar orsakir veri\u00f0 \u00fatiloka\u00f0ar e\u00f0a me\u00f0h\u00f6ndla\u00f0ar samhli\u00f0a? Hva\u00f0a l\u00edkan (kristi\u00f0, sjamanskt, orkumi\u00f0a\u00f0) hentar vi\u00f0komandi einstaklingi? Fyrst \u00fe\u00e1 koma hinar eiginlegu lausnarr\u00e1\u00f0stafanir, og \u00e1 eftir \u00feeim orkuefling og eftirfylgni.<\/p><p>S\u00e1 sem upplifir \u00e1\u00fej\u00e1narfyrirb\u00e6ri reglulega \u00e6tti einnig a\u00f0 rannsaka orsakir hins opna orkukerfis s\u00edns, \u00fev\u00ed endurteknar frelsanir \u00e1n eflingar bakgrunnsins lei\u00f0a til \u00f6rm\u00f6gnunar b\u00e6\u00f0i hj\u00e1 i\u00f0kanda og skj\u00f3lst\u00e6\u00f0ingi.<\/p>\n\n<h2 id=\"historisch\">Ford\u00e6misgefandi tilvik<\/h2>\n<p><span data-nosnippet>Tilviki\u00f0 <em>Loudun 1632, 1634<\/em> \u00ed Frakklandi telst eitt \u00feekktasta fj\u00f6ldahaldningartilvik snemmn\u00fat\u00edmans: 17 \u00fars\u00fal\u00ednunnur s\u00fdndu einkenni, og presturinn Urbain Grandier var tekinn af l\u00edfi 1634 eftir umdeild r\u00e9ttarh\u00f6ld. Aldous Huxley rakti tilviki\u00f0 tr\u00faarbrag\u00f0afyrirb\u00e6rafr\u00e6\u00f0ilega \u00ed <em>The Devils of Loudun<\/em> (1952).<\/span><\/p><p>Tilviki\u00f0 <em>Salem 1692<\/em> \u00ed Massachusetts, me\u00f0 19 aft\u00f6kum vegna galdra, stendur fyrir tengslin milli fj\u00f6lda\u00e6\u00f0is, ungd\u00f3mslegrar transfyrirb\u00e6rafr\u00e6\u00f0i og n\u00fdlendu-p\u00far\u00edtanskrar <span class=\"iwg-fachbegriff\" data-tooltip=\"V\u00edsindaleg fr\u00e6\u00f0i um Gu\u00f0 og tr\u00fa tiltekinnar tr\u00faarbrag\u00f0a.\" tabindex=\"0\">gu\u00f0fr\u00e6\u00f0i<\/span>. Tilviki\u00f0 <em>Anneliese Michel 1975\/76<\/em> \u00ed Klingenberg \u00fej\u00f3nar enn \u00ed dag sem v\u00edti til varna\u00f0ar: hin unga sj\u00faklingur l\u00e9st eftir 67 frelsunarathafnir \u00far \u00f6rm\u00f6gnun; \u00e1fr\u00fdjunard\u00f3mur 1978 sakfelldi foreldra og prest fyrir manndr\u00e1p af g\u00e1leysi.<\/p><p>Tilviki\u00f0 hefur leitt til verulegrar hertingar \u00e1 reglum \u00fe\u00fdskra biskupa um forathugun.<\/p>\n<h2 id=\"abgrenzung-praktiken\">A\u00f0greining fr\u00e1 skyldum i\u00f0kunum<\/h2>\n<p>Frelsunarstarf ber a\u00f0 greina sk\u00fdrt fr\u00e1 skyldum en a\u00f0greinanlegum i\u00f0kunum: <em><span class=\"iwg-fachbegriff\" data-tooltip=\"\u00c1v\u00f6rpun um heill og vernd, oft \u00ed f\u00f6stu m\u00e1lformi.\" tabindex=\"0\">Blessunin<\/span><\/em> er l\u00e1g\u00fer\u00f6skulds verndarbending \u00e1n beinnar lausnarkr\u00f6fu og getur hva\u00f0a tr\u00faa\u00f0ur einstaklingur sem er flutt hana. <em>L\u00e6kningargangan<\/em> e\u00f0a <span class=\"iwg-fachbegriff\" data-tooltip=\"Tr\u00faarlega hv\u00f6tt fer\u00f0 til heilags sta\u00f0ar.\" tabindex=\"0\">p\u00edlagr\u00edmsfer\u00f0in<\/span> mi\u00f0ar a\u00f0 verkun me\u00f0 gu\u00f0legri millig\u00f6ngu, Mar\u00edu, d\u00fdrlingunum, og stendur opin gagnvart hvers kyns \u00fej\u00e1ningu, ekki a\u00f0eins \u00e1\u00fej\u00e1n.<\/p><p><em>Orkuleg hreinsun<\/em> \u00ed dulspekilegum straumum starfar me\u00f0 hugtaki\u00f0 orkusvi\u00f0 \u00e1n \u00feess a\u00f0 endilega gera r\u00e1\u00f0 fyrir pers\u00f3nulegri veru; h\u00fan skarast vi\u00f0 sjamanskar i\u00f0kanir en er hugtakslega opnari. <em>S\u00e1lfr\u00e6\u00f0ileg \u00e1fallame\u00f0fer\u00f0<\/em> me\u00f0h\u00f6ndlar sundurgreiningarfyrirb\u00e6ri byggingarlega \u00e1n \u00feess a\u00f0 taka upp veruleikakr\u00f6fu vera-l\u00edkananna. \u00deessar i\u00f0kanir geta b\u00e6tt hvor a\u00f0ra upp; \u00fe\u00e6r eru \u00fe\u00f3 reglulega blanda\u00f0ar saman \u00ed almennri umfj\u00f6llun.<\/p>\n<h2 id=\"quellen\">Heimildir<\/h2>\n<ul>\n<li><span data-nosnippet>Congregation for Divine Worship: <em>De exorcismis et supplicationibus quibusdam<\/em>, Vat\u00edkanborg 1999 (opinber r\u00f3mversk-ka\u00fe\u00f3lskur <span class=\"iwg-fachbegriff\" data-tooltip=\"Fastm\u00f3tu\u00f0, endurtekin tr\u00faarleg ath\u00f6fn.\" tabindex=\"0\">helgisi\u00f0ur<\/span>).<\/span><\/li>\n<li><span data-nosnippet>Gabriele Amorth: <em>Memorie di un esorcista<\/em>, M\u00edlan\u00f3 2010.<\/span><\/li>\n<li><span data-nosnippet>Ioan M. Lewis: <em>Ecstatic Religion. A Study of Shamanism and Spirit Possession<\/em>, Routledge 1971\/2003.<\/span><\/li>\n<li><span data-nosnippet>Felicitas D. Goodman: <em>How About Demons? Possession and Exorcism in the Modern World<\/em>, Indiana UP 1988.<\/span><\/li>\n<li><span data-nosnippet>Joseph P. Laycock: <em>Spirit Possession around the World. Possession, Communion, and Demon Expulsion<\/em>, ABC-Clio 2015.<\/span><\/li>\n<li><span data-nosnippet>Pieter F. Craffert: <em>The Life of a Galilean Shaman<\/em>, Cascade 2008.<\/span><\/li>\n<\/ul>\n\t\t\t\t\t\t\t\t<\/div>\n\t\t\t\t\t<\/div>\n\t\t<\/div>\n\t\t\t\t\t<\/div>\n\t\t<\/section>\n\t\t\t\t<section class=\"elementor-section elementor-top-section elementor-element elementor-element-sec-iwgcomp2-befreiung elementor-section-boxed elementor-section-height-default elementor-section-height-default\" data-id=\"sec-iwgcomp2-befreiung\" data-element_type=\"section\" data-e-type=\"section\">\n\t\t\t\t\t\t<div class=\"elementor-container elementor-column-gap-default\">\n\t\t\t\t\t<div class=\"elementor-column elementor-col-100 elementor-top-column elementor-element elementor-element-col-iwgcomp2-befreiung\" data-id=\"col-iwgcomp2-befreiung\" data-element_type=\"column\" data-e-type=\"column\">\n\t\t\t<div class=\"elementor-widget-wrap elementor-element-populated\">\n\t\t\t\t\t\t<div class=\"elementor-element elementor-element-iwgcomp2-befreiung elementor-widget elementor-widget-text-editor\" data-id=\"iwgcomp2-befreiung\" data-element_type=\"widget\" data-e-type=\"widget\" data-widget_type=\"text-editor.default\">\n\t\t\t\t\t\t\t\t\t<p>Frelsunarstarf er <strong>s\u00e1lusorgunar<\/strong>legt starf sem sn\u00fdst um a\u00f0 leysa fyrirb\u00e6ri sem talin eru merki um andsetningu.<\/p>\t\t\t\t\t\t\t\t<\/div>\n\t\t\t\t\t<\/div>\n\t\t<\/div>\n\t\t\t\t\t<\/div>\n\t\t<\/section>\n\t\t\t\t<\/div>\n\t\t","protected":false},"excerpt":{"rendered":"","protected":false},"author":3,"featured_media":3396,"parent":0,"menu_order":0,"comment_status":"closed","ping_status":"closed","template":"elementor_header_footer","meta":{"_yoast_wpseo_focuskw":"Frelsunarstarf exorsismi kristinn","_yoast_wpseo_title":"Frelsunarstarf gegn andsetningu | iWell Guard","_yoast_wpseo_metadesc":"Frelsunarstarf er s\u00e1lusorgunarleg i\u00f0kun til a\u00f0 leysa fyrirb\u00e6ri andsetningar: bibl\u00edulegar r\u00e6tur, exorsismi, ka\u00fe\u00f3lsk og kirismat\u00edsk framkv\u00e6md.","_yoast_wpseo_meta-robots-noindex":"","_yoast_wpseo_canonical":"","_angie_page":false,"gefaehrdungsstufe":"","wesen_kultur":"","wesen_klasse":"","footnotes":""},"categories":[],"class_list":["post-168897","page","type-page","status-publish","has-post-thumbnail","hentry"],"yoast_head":"<!-- This site is optimized with the Yoast SEO Premium plugin v27.7 (Yoast SEO v28.3) - https:\/\/yoast.com\/product\/yoast-seo-premium-wordpress\/ -->\n<title>Frelsunarstarf gegn andsetningu | iWell Guard<\/title>\n<meta name=\"description\" content=\"Frelsunarstarf er s\u00e1lusorgunarleg i\u00f0kun til a\u00f0 leysa fyrirb\u00e6ri andsetningar: bibl\u00edulegar r\u00e6tur, exorsismi, ka\u00fe\u00f3lsk og kirismat\u00edsk framkv\u00e6md.\" \/>\n<meta name=\"robots\" content=\"index, follow, max-snippet:-1, max-image-preview:large, max-video-preview:-1\" \/>\n<link rel=\"canonical\" href=\"https:\/\/iwell-guard.com\/is\/frelsunarstarf\/\" \/>\n<meta property=\"og:locale\" content=\"is_IS\" \/>\n<meta property=\"og:type\" content=\"article\" \/>\n<meta property=\"og:title\" content=\"Frelsunarvinna\" \/>\n<meta property=\"og:description\" content=\"Frelsunarstarf er s\u00e1lusorgunarleg i\u00f0kun til a\u00f0 leysa fyrirb\u00e6ri andsetningar: bibl\u00edulegar r\u00e6tur, exorsismi, ka\u00fe\u00f3lsk og kirismat\u00edsk framkv\u00e6md.\" \/>\n<meta property=\"og:url\" content=\"https:\/\/iwell-guard.com\/is\/frelsunarstarf\/\" \/>\n<meta property=\"og:site_name\" content=\"iWell Guard\" \/>\n<meta property=\"article:modified_time\" content=\"2026-09-05T14:22:15+00:00\" \/>\n<meta property=\"og:image\" content=\"https:\/\/iwell-guard.com\/wp-content\/uploads\/2026\/05\/praktiken_befreiung.webp\" \/>\n\t<meta property=\"og:image:width\" content=\"1024\" \/>\n\t<meta property=\"og:image:height\" content=\"1536\" \/>\n\t<meta property=\"og:image:type\" content=\"image\/webp\" \/>\n<meta name=\"twitter:card\" content=\"summary_large_image\" \/>\n<script type=\"application\/ld+json\" class=\"yoast-schema-graph\">{\"@context\":\"https:\\\/\\\/schema.org\",\"@graph\":[{\"@type\":\"WebPage\",\"@id\":\"https:\\\/\\\/iwell-guard.com\\\/is\\\/frelsunarstarf\\\/\",\"url\":\"https:\\\/\\\/iwell-guard.com\\\/is\\\/frelsunarstarf\\\/\",\"name\":\"Frelsunarstarf gegn andsetningu | iWell Guard\",\"isPartOf\":{\"@id\":\"https:\\\/\\\/iwell-guard.com\\\/is\\\/#website\"},\"primaryImageOfPage\":{\"@id\":\"https:\\\/\\\/iwell-guard.com\\\/is\\\/frelsunarstarf\\\/#primaryimage\"},\"image\":{\"@id\":\"https:\\\/\\\/iwell-guard.com\\\/is\\\/frelsunarstarf\\\/#primaryimage\"},\"thumbnailUrl\":\"https:\\\/\\\/iwell-guard.com\\\/wp-content\\\/uploads\\\/2026\\\/05\\\/praktiken_befreiung.webp\",\"datePublished\":\"2026-09-05T14:03:52+00:00\",\"dateModified\":\"2026-09-05T14:22:15+00:00\",\"description\":\"Frelsunarstarf er s\u00e1lusorgunarleg i\u00f0kun til a\u00f0 leysa fyrirb\u00e6ri andsetningar: bibl\u00edulegar r\u00e6tur, exorsismi, ka\u00fe\u00f3lsk og kirismat\u00edsk framkv\u00e6md.\",\"breadcrumb\":{\"@id\":\"https:\\\/\\\/iwell-guard.com\\\/is\\\/frelsunarstarf\\\/#breadcrumb\"},\"inLanguage\":\"is\",\"potentialAction\":[{\"@type\":\"ReadAction\",\"target\":[\"https:\\\/\\\/iwell-guard.com\\\/is\\\/frelsunarstarf\\\/\"]}]},{\"@type\":\"ImageObject\",\"inLanguage\":\"is\",\"@id\":\"https:\\\/\\\/iwell-guard.com\\\/is\\\/frelsunarstarf\\\/#primaryimage\",\"url\":\"https:\\\/\\\/iwell-guard.com\\\/wp-content\\\/uploads\\\/2026\\\/05\\\/praktiken_befreiung.webp\",\"contentUrl\":\"https:\\\/\\\/iwell-guard.com\\\/wp-content\\\/uploads\\\/2026\\\/05\\\/praktiken_befreiung.webp\",\"width\":1024,\"height\":1536,\"caption\":\"Ath\u00f6fn. S\u00f6guleg og myndr\u00e6n framsetning.\"},{\"@type\":\"BreadcrumbList\",\"@id\":\"https:\\\/\\\/iwell-guard.com\\\/is\\\/frelsunarstarf\\\/#breadcrumb\",\"itemListElement\":[{\"@type\":\"ListItem\",\"position\":1,\"name\":\"Start\",\"item\":\"https:\\\/\\\/iwell-guard.com\\\/is\\\/?page_id=168580\"},{\"@type\":\"ListItem\",\"position\":2,\"name\":\"Frelsunarvinna\"}]},{\"@type\":\"WebSite\",\"@id\":\"https:\\\/\\\/iwell-guard.com\\\/is\\\/#website\",\"url\":\"https:\\\/\\\/iwell-guard.com\\\/is\\\/\",\"name\":\"iWell Guard\",\"description\":\"Schutz vor dunklen Einfl\u00fcssen\",\"publisher\":{\"@id\":\"https:\\\/\\\/iwell-guard.com\\\/is\\\/#organization\"},\"potentialAction\":[{\"@type\":\"SearchAction\",\"target\":{\"@type\":\"EntryPoint\",\"urlTemplate\":\"https:\\\/\\\/iwell-guard.com\\\/is\\\/?s={search_term_string}\"},\"query-input\":{\"@type\":\"PropertyValueSpecification\",\"valueRequired\":true,\"valueName\":\"search_term_string\"}}],\"inLanguage\":\"is\"},{\"@type\":\"Organization\",\"@id\":\"https:\\\/\\\/iwell-guard.com\\\/is\\\/#organization\",\"name\":\"Ittermann electronic GmbH\",\"url\":\"https:\\\/\\\/iwell-guard.com\\\/is\\\/\",\"logo\":{\"@type\":\"ImageObject\",\"inLanguage\":\"is\",\"@id\":\"https:\\\/\\\/iwell-guard.com\\\/is\\\/#\\\/schema\\\/logo\\\/image\\\/\",\"url\":\"https:\\\/\\\/iwell-guard.com\\\/wp-content\\\/uploads\\\/2026\\\/05\\\/Ittermann-Logo-1182x237-1.png\",\"contentUrl\":\"https:\\\/\\\/iwell-guard.com\\\/wp-content\\\/uploads\\\/2026\\\/05\\\/Ittermann-Logo-1182x237-1.png\",\"width\":1182,\"height\":237,\"caption\":\"Ittermann electronic GmbH\"},\"image\":{\"@id\":\"https:\\\/\\\/iwell-guard.com\\\/is\\\/#\\\/schema\\\/logo\\\/image\\\/\"},\"sameAs\":[\"https:\\\/\\\/pantip.com\\\/profile\\\/9367242\",\"https:\\\/\\\/micro.blog\\\/iwellguard\",\"https:\\\/\\\/www.diggerslist.com\\\/iwellguard\\\/about\",\"https:\\\/\\\/skitterphoto.com\\\/photographers\\\/2870314\\\/iwell-guard\",\"https:\\\/\\\/iwellguard.wordpress.com\\\/2026\\\/06\\\/06\\\/iwell-guard\\\/\",\"https:\\\/\\\/hub.docker.com\\\/u\\\/iwellguard\",\"https:\\\/\\\/www.pinterest.com\\\/iwellguard\\\/\",\"https:\\\/\\\/bit.ly\\\/m\\\/iwellguard\",\"https:\\\/\\\/entre-vos-mains.alsace.eu\\\/profiles\\\/iwellguard\\\/activity\",\"https:\\\/\\\/gravatar.com\\\/reallybeded8fd34\",\"https:\\\/\\\/naijamatta.com\\\/iwellguard\",\"https:\\\/\\\/www.goodreads.com\\\/iwellguard\",\"https:\\\/\\\/profile.hatena.ne.jp\\\/iwellguard\\\/\",\"https:\\\/\\\/experiment.com\\\/users\\\/iwellguard\",\"https:\\\/\\\/wakelet.com\\\/@iWellGuard82270\",\"https:\\\/\\\/www.chordie.com\\\/forum\\\/profile.php?id=2555664\",\"https:\\\/\\\/www.instapaper.com\\\/p\\\/17757966\",\"https:\\\/\\\/www.mapleprimes.com\\\/users\\\/iwellguard\",\"https:\\\/\\\/businesslistingplus.com\\\/profile\\\/iwell-guard\\\/\",\"https:\\\/\\\/telegra.ph\\\/iWell-Guard-06-06\",\"https:\\\/\\\/pbase.com\\\/iwellguard\\\/iwellguard\",\"https:\\\/\\\/b.hatena.ne.jp\\\/iwellguard\\\/20260607#bookmark-4788405196491818882\",\"https:\\\/\\\/fliphtml5.com\\\/home\\\/iwellguard\",\"https:\\\/\\\/anyflip.com\\\/homepage\\\/cmiwl#About\",\"https:\\\/\\\/transfur.com\\\/Users\\\/iwellguard\",\"http:\\\/\\\/delphi.larsbo.org\\\/user\\\/iwellguard\",\"https:\\\/\\\/jobs.lajobsportal.org\\\/profiles\\\/8380803-iwell-guard\",\"https:\\\/\\\/md.chaosdorf.de\\\/s\\\/jfbe5SBdJD\",\"https:\\\/\\\/www.lingvolive.com\\\/en-us\\\/profile\\\/9ecaeaca-ce11-4e51-9e71-01d55e2bff36\\\/translations\",\"https:\\\/\\\/www.fitday.com\\\/fitness\\\/forums\\\/members\\\/iwellguard.html\",\"https:\\\/\\\/www.mymeetbook.com\\\/iwellguard\",\"https:\\\/\\\/pxhere.com\\\/en\\\/photographer-me\\\/5040798\",\"https:\\\/\\\/disqus.com\\\/by\\\/iwellguard\\\/about\\\/\",\"https:\\\/\\\/pastelink.net\\\/hjwciqwq\",\"https:\\\/\\\/pubhtml5.com\\\/homepage\\\/scjhn\\\/\",\"https:\\\/\\\/www.bitchute.com\\\/channel\\\/2O2eOKzNqujT\",\"https:\\\/\\\/audiomack.com\\\/iwellguard\"]}]}<\/script>\n<!-- \/ Yoast SEO Premium plugin. -->","yoast_head_json":{"title":"Frelsunarstarf gegn andsetningu | iWell Guard","description":"Frelsunarstarf er s\u00e1lusorgunarleg i\u00f0kun til a\u00f0 leysa fyrirb\u00e6ri andsetningar: bibl\u00edulegar r\u00e6tur, exorsismi, ka\u00fe\u00f3lsk og kirismat\u00edsk framkv\u00e6md.","robots":{"index":"index","follow":"follow","max-snippet":"max-snippet:-1","max-image-preview":"max-image-preview:large","max-video-preview":"max-video-preview:-1"},"canonical":"https:\/\/iwell-guard.com\/is\/frelsunarstarf\/","og_locale":"is_IS","og_type":"article","og_title":"Frelsunarvinna","og_description":"Frelsunarstarf er s\u00e1lusorgunarleg i\u00f0kun til a\u00f0 leysa fyrirb\u00e6ri andsetningar: bibl\u00edulegar r\u00e6tur, exorsismi, ka\u00fe\u00f3lsk og kirismat\u00edsk framkv\u00e6md.","og_url":"https:\/\/iwell-guard.com\/is\/frelsunarstarf\/","og_site_name":"iWell Guard","article_modified_time":"2026-09-05T14:22:15+00:00","og_image":[{"width":1024,"height":1536,"url":"https:\/\/iwell-guard.com\/wp-content\/uploads\/2026\/05\/praktiken_befreiung.webp","type":"image\/webp"}],"twitter_card":"summary_large_image","schema":{"@context":"https:\/\/schema.org","@graph":[{"@type":"WebPage","@id":"https:\/\/iwell-guard.com\/is\/frelsunarstarf\/","url":"https:\/\/iwell-guard.com\/is\/frelsunarstarf\/","name":"Frelsunarstarf gegn andsetningu | iWell Guard","isPartOf":{"@id":"https:\/\/iwell-guard.com\/is\/#website"},"primaryImageOfPage":{"@id":"https:\/\/iwell-guard.com\/is\/frelsunarstarf\/#primaryimage"},"image":{"@id":"https:\/\/iwell-guard.com\/is\/frelsunarstarf\/#primaryimage"},"thumbnailUrl":"https:\/\/iwell-guard.com\/wp-content\/uploads\/2026\/05\/praktiken_befreiung.webp","datePublished":"2026-09-05T14:03:52+00:00","dateModified":"2026-09-05T14:22:15+00:00","description":"Frelsunarstarf er s\u00e1lusorgunarleg i\u00f0kun til a\u00f0 leysa fyrirb\u00e6ri andsetningar: bibl\u00edulegar r\u00e6tur, exorsismi, ka\u00fe\u00f3lsk og kirismat\u00edsk framkv\u00e6md.","breadcrumb":{"@id":"https:\/\/iwell-guard.com\/is\/frelsunarstarf\/#breadcrumb"},"inLanguage":"is","potentialAction":[{"@type":"ReadAction","target":["https:\/\/iwell-guard.com\/is\/frelsunarstarf\/"]}]},{"@type":"ImageObject","inLanguage":"is","@id":"https:\/\/iwell-guard.com\/is\/frelsunarstarf\/#primaryimage","url":"https:\/\/iwell-guard.com\/wp-content\/uploads\/2026\/05\/praktiken_befreiung.webp","contentUrl":"https:\/\/iwell-guard.com\/wp-content\/uploads\/2026\/05\/praktiken_befreiung.webp","width":1024,"height":1536,"caption":"Ath\u00f6fn. S\u00f6guleg og myndr\u00e6n framsetning."},{"@type":"BreadcrumbList","@id":"https:\/\/iwell-guard.com\/is\/frelsunarstarf\/#breadcrumb","itemListElement":[{"@type":"ListItem","position":1,"name":"Start","item":"https:\/\/iwell-guard.com\/is\/?page_id=168580"},{"@type":"ListItem","position":2,"name":"Frelsunarvinna"}]},{"@type":"WebSite","@id":"https:\/\/iwell-guard.com\/is\/#website","url":"https:\/\/iwell-guard.com\/is\/","name":"iWell Guard","description":"Schutz vor dunklen Einfl\u00fcssen","publisher":{"@id":"https:\/\/iwell-guard.com\/is\/#organization"},"potentialAction":[{"@type":"SearchAction","target":{"@type":"EntryPoint","urlTemplate":"https:\/\/iwell-guard.com\/is\/?s={search_term_string}"},"query-input":{"@type":"PropertyValueSpecification","valueRequired":true,"valueName":"search_term_string"}}],"inLanguage":"is"},{"@type":"Organization","@id":"https:\/\/iwell-guard.com\/is\/#organization","name":"Ittermann electronic GmbH","url":"https:\/\/iwell-guard.com\/is\/","logo":{"@type":"ImageObject","inLanguage":"is","@id":"https:\/\/iwell-guard.com\/is\/#\/schema\/logo\/image\/","url":"https:\/\/iwell-guard.com\/wp-content\/uploads\/2026\/05\/Ittermann-Logo-1182x237-1.png","contentUrl":"https:\/\/iwell-guard.com\/wp-content\/uploads\/2026\/05\/Ittermann-Logo-1182x237-1.png","width":1182,"height":237,"caption":"Ittermann electronic GmbH"},"image":{"@id":"https:\/\/iwell-guard.com\/is\/#\/schema\/logo\/image\/"},"sameAs":["https:\/\/pantip.com\/profile\/9367242","https:\/\/micro.blog\/iwellguard","https:\/\/www.diggerslist.com\/iwellguard\/about","https:\/\/skitterphoto.com\/photographers\/2870314\/iwell-guard","https:\/\/iwellguard.wordpress.com\/2026\/06\/06\/iwell-guard\/","https:\/\/hub.docker.com\/u\/iwellguard","https:\/\/www.pinterest.com\/iwellguard\/","https:\/\/bit.ly\/m\/iwellguard","https:\/\/entre-vos-mains.alsace.eu\/profiles\/iwellguard\/activity","https:\/\/gravatar.com\/reallybeded8fd34","https:\/\/naijamatta.com\/iwellguard","https:\/\/www.goodreads.com\/iwellguard","https:\/\/profile.hatena.ne.jp\/iwellguard\/","https:\/\/experiment.com\/users\/iwellguard","https:\/\/wakelet.com\/@iWellGuard82270","https:\/\/www.chordie.com\/forum\/profile.php?id=2555664","https:\/\/www.instapaper.com\/p\/17757966","https:\/\/www.mapleprimes.com\/users\/iwellguard","https:\/\/businesslistingplus.com\/profile\/iwell-guard\/","https:\/\/telegra.ph\/iWell-Guard-06-06","https:\/\/pbase.com\/iwellguard\/iwellguard","https:\/\/b.hatena.ne.jp\/iwellguard\/20260607#bookmark-4788405196491818882","https:\/\/fliphtml5.com\/home\/iwellguard","https:\/\/anyflip.com\/homepage\/cmiwl#About","https:\/\/transfur.com\/Users\/iwellguard","http:\/\/delphi.larsbo.org\/user\/iwellguard","https:\/\/jobs.lajobsportal.org\/profiles\/8380803-iwell-guard","https:\/\/md.chaosdorf.de\/s\/jfbe5SBdJD","https:\/\/www.lingvolive.com\/en-us\/profile\/9ecaeaca-ce11-4e51-9e71-01d55e2bff36\/translations","https:\/\/www.fitday.com\/fitness\/forums\/members\/iwellguard.html","https:\/\/www.mymeetbook.com\/iwellguard","https:\/\/pxhere.com\/en\/photographer-me\/5040798","https:\/\/disqus.com\/by\/iwellguard\/about\/","https:\/\/pastelink.net\/hjwciqwq","https:\/\/pubhtml5.com\/homepage\/scjhn\/","https:\/\/www.bitchute.com\/channel\/2O2eOKzNqujT","https:\/\/audiomack.com\/iwellguard"]}]}},"_links":{"self":[{"href":"https:\/\/iwell-guard.com\/is\/wp-json\/wp\/v2\/pages\/168897","targetHints":{"allow":["GET"]}}],"collection":[{"href":"https:\/\/iwell-guard.com\/is\/wp-json\/wp\/v2\/pages"}],"about":[{"href":"https:\/\/iwell-guard.com\/is\/wp-json\/wp\/v2\/types\/page"}],"author":[{"embeddable":true,"href":"https:\/\/iwell-guard.com\/is\/wp-json\/wp\/v2\/users\/3"}],"replies":[{"embeddable":true,"href":"https:\/\/iwell-guard.com\/is\/wp-json\/wp\/v2\/comments?post=168897"}],"version-history":[{"count":0,"href":"https:\/\/iwell-guard.com\/is\/wp-json\/wp\/v2\/pages\/168897\/revisions"}],"wp:featuredmedia":[{"embeddable":true,"href":"https:\/\/iwell-guard.com\/is\/wp-json\/wp\/v2\/media\/3396"}],"wp:attachment":[{"href":"https:\/\/iwell-guard.com\/is\/wp-json\/wp\/v2\/media?parent=168897"}],"wp:term":[{"taxonomy":"category","embeddable":true,"href":"https:\/\/iwell-guard.com\/is\/wp-json\/wp\/v2\/categories?post=168897"}],"curies":[{"name":"wp","href":"https:\/\/api.w.org\/{rel}","templated":true}]}}