{"id":168896,"date":"2026-09-05T14:03:52","date_gmt":"2026-09-05T14:03:52","guid":{"rendered":"https:\/\/iwell-guard.com\/?page_id=168896"},"modified":"2026-09-05T14:22:15","modified_gmt":"2026-09-05T14:22:15","slug":"jupiter","status":"publish","type":"page","link":"https:\/\/iwell-guard.com\/is\/jupiter\/","title":{"rendered":"J\u00fap\u00edter"},"content":{"rendered":"\t\t<div data-elementor-type=\"wp-page\" data-elementor-id=\"168896\" class=\"elementor elementor-168896 elementor-2456 elementor-bc-flex-widget\" data-elementor-post-type=\"page\">\n\t\t\t\t<div class=\"elementor-element elementor-element-10fdade e-flex e-con-boxed e-con e-parent\" data-id=\"10fdade\" data-element_type=\"container\" data-e-type=\"container\" data-settings=\"{&quot;background_background&quot;:&quot;classic&quot;}\">\n\t\t\t\t\t<div class=\"e-con-inner\">\n\t\t<div class=\"elementor-element elementor-element-herohlft0 e-flex e-con-boxed e-con e-child\" data-id=\"herohlft0\" data-element_type=\"container\" data-e-type=\"container\">\n\t\t\t\t\t<div class=\"e-con-inner\">\n\t\t<div class=\"elementor-element elementor-element-c3ceb64 e-con-full e-flex e-con e-child\" data-id=\"c3ceb64\" data-element_type=\"container\" data-e-type=\"container\">\n\t\t\t\t<div class=\"elementor-element elementor-element-96ae5e1 elementor-widget elementor-widget-heading\" data-id=\"96ae5e1\" data-element_type=\"widget\" data-e-type=\"widget\" data-widget_type=\"heading.default\">\n\t\t\t\t\t<h1 class=\"elementor-heading-title elementor-size-default\">J\u00fap\u00edter, \u00e6\u00f0sti gu\u00f0 r\u00f3mverska go\u00f0aheimsins<\/h1>\t\t\t\t<\/div>\n\t\t\t\t<div class=\"elementor-element elementor-element-e45238a elementor-widget elementor-widget-text-editor\" data-id=\"e45238a\" data-element_type=\"widget\" data-e-type=\"widget\" data-widget_type=\"text-editor.default\">\n\t\t\t\t\t\t\t\t\t<p><strong>J\u00fap\u00edter er<\/strong> \u00e6\u00f0sti gu\u00f0 r\u00f3mverska go\u00f0aheimsins og hi\u00f0 genet\u00edska hli\u00f0st\u00e6\u00f0a gr\u00edska gu\u00f0sins Seifs. Nafn hans var\u00f0veitir ind\u00f3evr\u00f3psku r\u00f3tina dyeu-pater (himinfa\u00f0ir), sem tengir hann \u00ed s\u00f6mu or\u00f0afj\u00f6lskyldu og hinn ved\u00edska Dyaus Pita, hinn germanska T\u00fd og hinn gr\u00edska Seif.<\/p><p>Sem gu\u00f0 dagsbirtu, \u00ferumu, ei\u00f0s og stj\u00f3rnm\u00e1lalegrar reglu er J\u00fap\u00edter \u00ed meira en \u00fe\u00fasund \u00e1r \u00ed mi\u00f0ju r\u00f3mverskra tr\u00faarbrag\u00f0a og er talinn \u00e6\u00f0sti verndari r\u00edkisskipulags R\u00f3mar.<\/p>\t\t\t\t\t\t\t\t<\/div>\n\t\t\t\t<\/div>\n\t\t<div class=\"elementor-element elementor-element-klsbdg01 e-con-full e-flex e-con e-parent\" data-id=\"klsbdg01\" data-element_type=\"container\" data-e-type=\"container\">\n\t\t\t\t<div class=\"elementor-element elementor-element-klshtm01 elementor-widget elementor-widget-html\" data-id=\"klshtm01\" data-element_type=\"widget\" data-e-type=\"widget\" data-widget_type=\"html.default\">\n\t\t\t\t\t<div class=\"iwg-pill-row\"><span class=\"iwg-klasse-badge\" tabindex=\"0\" data-tooltip=\"Gu\u00f0 \/ gy\u00f0ja: Pers\u00f3nuger\u00f0ur \u00e6\u00f0sti m\u00e1ttur \u00ed go\u00f0aheimi menningar.\">Gu\u00f0<\/span><a href=\"https:\/\/iwell-guard.com\/is\/?page_id=168595\" class=\"iwg-kultur-badge\" tabindex=\"0\" data-tooltip=\"Go\u00f0afr\u00e6\u00f0i R\u00f3maveldis, um 700 f.Kr. til 500 e.Kr.\">R\u00f3m<\/a><\/div>\t\t\t\t<\/div>\n\t\t\t\t<\/div>\n\t\t<div class=\"elementor-element elementor-element-3f74855 e-con-full e-flex e-con e-child\" data-id=\"3f74855\" data-element_type=\"container\" data-e-type=\"container\">\n\t\t\t\t<div class=\"elementor-element elementor-element-1c30362 elementor-toc--minimized-on-tablet elementor-widget elementor-widget-table-of-contents\" data-id=\"1c30362\" data-element_type=\"widget\" data-e-type=\"widget\" data-settings=\"{&quot;exclude_headings_by_selector&quot;:[],&quot;no_headings_message&quot;:&quot;Engar undirfyrirsagnir fundust \\u00e1 \\u00feessari s\\u00ed\\u00f0u.&quot;,&quot;headings_by_tags&quot;:[&quot;h2&quot;,&quot;h3&quot;],&quot;marker_view&quot;:&quot;bullets&quot;,&quot;minimize_box&quot;:&quot;yes&quot;,&quot;icon&quot;:{&quot;value&quot;:&quot;fas fa-circle&quot;,&quot;library&quot;:&quot;fa-solid&quot;,&quot;rendered_tag&quot;:&quot;&lt;svg class=\\&quot;e-font-icon-svg e-fas-circle\\&quot; viewBox=\\&quot;0 0 512 512\\&quot; xmlns=\\&quot;http:\\\/\\\/www.w3.org\\\/2000\\\/svg\\&quot;&gt;&lt;path d=\\&quot;M256 8C119 8 8 119 8 256s111 248 248 248 248-111 248-248S393 8 256 8z\\&quot;&gt;&lt;\\\/path&gt;&lt;\\\/svg&gt;&quot;},&quot;minimized_on&quot;:&quot;tablet&quot;,&quot;hierarchical_view&quot;:&quot;yes&quot;,&quot;min_height&quot;:{&quot;unit&quot;:&quot;px&quot;,&quot;size&quot;:&quot;&quot;,&quot;sizes&quot;:[]},&quot;min_height_tablet&quot;:{&quot;unit&quot;:&quot;px&quot;,&quot;size&quot;:&quot;&quot;,&quot;sizes&quot;:[]},&quot;min_height_mobile&quot;:{&quot;unit&quot;:&quot;px&quot;,&quot;size&quot;:&quot;&quot;,&quot;sizes&quot;:[]}}\" data-widget_type=\"table-of-contents.default\">\n\t\t\t\t\t\t\t\t\t<div class=\"elementor-toc__header\">\n\t\t\t\t\t\t<h2 class=\"elementor-toc__header-title\">\n\t\t\t\tEfnisyfirlit\t\t\t<\/h2>\n\t\t\t\t\t\t\t\t\t\t<div class=\"elementor-toc__toggle-button elementor-toc__toggle-button--expand\" role=\"button\" tabindex=\"0\" aria-controls=\"elementor-toc__1c30362\" aria-expanded=\"true\" aria-label=\"Open table of contents\"><svg aria-hidden=\"true\" class=\"e-font-icon-svg e-fas-chevron-down\" viewBox=\"0 0 448 512\" xmlns=\"http:\/\/www.w3.org\/2000\/svg\"><path d=\"M207.029 381.476L12.686 187.132c-9.373-9.373-9.373-24.569 0-33.941l22.667-22.667c9.357-9.357 24.522-9.375 33.901-.04L224 284.505l154.745-154.021c9.379-9.335 24.544-9.317 33.901.04l22.667 22.667c9.373 9.373 9.373 24.569 0 33.941L240.971 381.476c-9.373 9.372-24.569 9.372-33.942 0z\"><\/path><\/svg><\/div>\n\t\t\t\t<div class=\"elementor-toc__toggle-button elementor-toc__toggle-button--collapse\" role=\"button\" tabindex=\"0\" aria-controls=\"elementor-toc__1c30362\" aria-expanded=\"true\" aria-label=\"Close table of contents\"><svg aria-hidden=\"true\" class=\"e-font-icon-svg e-fas-chevron-up\" viewBox=\"0 0 448 512\" xmlns=\"http:\/\/www.w3.org\/2000\/svg\"><path d=\"M240.971 130.524l194.343 194.343c9.373 9.373 9.373 24.569 0 33.941l-22.667 22.667c-9.357 9.357-24.522 9.375-33.901.04L224 227.495 69.255 381.516c-9.379 9.335-24.544 9.317-33.901-.04l-22.667-22.667c-9.373-9.373-9.373-24.569 0-33.941L207.03 130.525c9.372-9.373 24.568-9.373 33.941-.001z\"><\/path><\/svg><\/div>\n\t\t\t\t\t<\/div>\n\t\t\t\t<div id=\"elementor-toc__1c30362\" class=\"elementor-toc__body\">\n\t\t\t<div class=\"elementor-toc__spinner-container\">\n\t\t\t\t<svg class=\"elementor-toc__spinner eicon-animation-spin e-font-icon-svg e-eicon-loading\" aria-hidden=\"true\" viewBox=\"0 0 1000 1000\" xmlns=\"http:\/\/www.w3.org\/2000\/svg\"><path d=\"M500 975V858C696 858 858 696 858 500S696 142 500 142 142 304 142 500H25C25 237 238 25 500 25S975 237 975 500 763 975 500 975Z\"><\/path><\/svg>\t\t\t<\/div>\n\t\t<\/div>\n\t\t\t\t\t\t<\/div>\n\t\t\t\t<\/div>\n\t\t\t\t\t<\/div>\n\t\t\t\t<\/div>\n\t\t<div class=\"elementor-element elementor-element-herorght0 e-con-full e-flex e-con e-child\" data-id=\"herorght0\" data-element_type=\"container\" data-e-type=\"container\">\n\t\t\t\t<div class=\"elementor-element elementor-element-heroimg00 iwg-hero-image elementor-widget elementor-widget-image\" data-id=\"heroimg00\" data-element_type=\"widget\" data-e-type=\"widget\" data-widget_type=\"image.default\">\n\t\t\t\t\t\t\t\t\t\t\t\t\t\t\t<img fetchpriority=\"high\" decoding=\"async\" width=\"683\" height=\"1024\" src=\"https:\/\/iwell-guard.com\/wp-content\/uploads\/2026\/05\/praktiken_jupiter-683x1024.webp\" class=\"attachment-large size-large wp-image-170637\" alt=\"J\u00fap\u00edter - Myndskreyting af J\u00fap\u00edter-ath\u00f6fn \u00ed s\u00f6gulegum, safnfr\u00e6\u00f0ilegum og heimildarlegum st\u00edl\" srcset=\"https:\/\/iwell-guard.com\/wp-content\/uploads\/2026\/05\/praktiken_jupiter-683x1024.webp 683w, https:\/\/iwell-guard.com\/wp-content\/uploads\/2026\/05\/praktiken_jupiter-200x300.webp 200w, https:\/\/iwell-guard.com\/wp-content\/uploads\/2026\/05\/praktiken_jupiter-768x1152.webp 768w, https:\/\/iwell-guard.com\/wp-content\/uploads\/2026\/05\/praktiken_jupiter.webp 1024w\" sizes=\"(max-width: 683px) 100vw, 683px\" \/>\t\t\t\t\t\t\t\t\t\t\t\t\t\t\t<\/div>\n\t\t\t\t<\/div>\n\t\t\t\t\t<\/div>\n\t\t\t\t<\/div>\n\t\t<div class=\"elementor-element elementor-element-32917199 e-flex e-con-boxed e-con e-parent\" data-id=\"32917199\" data-element_type=\"container\" data-e-type=\"container\">\n\t\t\t\t\t<div class=\"e-con-inner\">\n\t\t<div class=\"elementor-element elementor-element-26e916cb e-flex e-con-boxed e-con e-child\" data-id=\"26e916cb\" data-element_type=\"container\" data-e-type=\"container\">\n\t\t\t\t\t<div class=\"e-con-inner\">\n\t\t<div class=\"elementor-element elementor-element-253a40d4 e-flex e-con-boxed e-con e-child\" data-id=\"253a40d4\" data-element_type=\"container\" data-e-type=\"container\">\n\t\t\t\t\t<div class=\"e-con-inner\">\n\t\t\t\t\t<\/div>\n\t\t\t\t<\/div>\n\t\t<div class=\"elementor-element elementor-element-159dcf9a e-flex e-con-boxed e-con e-child\" data-id=\"159dcf9a\" data-element_type=\"container\" data-e-type=\"container\">\n\t\t\t\t\t<div class=\"e-con-inner\">\n\t\t\t\t<div class=\"elementor-element elementor-element-48cee66f elementor-widget elementor-widget-heading\" data-id=\"48cee66f\" data-element_type=\"widget\" data-e-type=\"widget\" data-widget_type=\"heading.default\">\n\t\t\t\t\t<h2 class=\"elementor-heading-title elementor-size-default\">Skj\u00f3tt yfirlit: J\u00fap\u00edter<\/h2>\t\t\t\t<\/div>\n\t\t\t\t<div class=\"elementor-element elementor-element-3f50d82c elementor-widget elementor-widget-text-editor\" data-id=\"3f50d82c\" data-element_type=\"widget\" data-e-type=\"widget\" data-widget_type=\"text-editor.default\">\n\t\t\t\t\t\t\t\t\t<p><strong>Tegund:<\/strong> \u00c6\u00f0sti gu\u00f0, ind\u00f3evr\u00f3pskur himingu\u00f0<br><strong>Uppruni:<\/strong> r\u00f3mversk tr\u00faarbr\u00f6g\u00f0, ind\u00f3evr\u00f3psk arfleif\u00f0<br><strong>Hlutverk:<\/strong> himinn, ve\u00f0ur, ei\u00f0ur, r\u00e9ttur og r\u00edkisskipulag<br><strong>Heimildir:<\/strong> Virgill, \u00d3vid\u00edus, Cicero, Aulus Gellius, IOM-\u00e1letranir<br><strong>Tengt:<\/strong> Seifur, J\u00fan\u00f3, M\u00ednerva, Dyaus Pita, T\u00fdr<\/p>\t\t\t\t\t\t\t\t<\/div>\n\t\t\t\t\t<\/div>\n\t\t\t\t<\/div>\n\t\t\t\t\t<\/div>\n\t\t\t\t<\/div>\n\t\t\t\t\t<\/div>\n\t\t\t\t<\/div>\n\t\t<div class=\"elementor-element elementor-element-18613602 e-flex e-con-boxed e-con e-parent\" data-id=\"18613602\" data-element_type=\"container\" data-e-type=\"container\">\n\t\t\t\t\t<div class=\"e-con-inner\">\n\t\t\t\t<div class=\"elementor-element elementor-element-262b8a9f elementor-widget elementor-widget-heading\" data-id=\"262b8a9f\" data-element_type=\"widget\" data-e-type=\"widget\" data-widget_type=\"heading.default\">\n\t\t\t\t\t<h2 class=\"elementor-heading-title elementor-size-default\">Yfirlit<\/h2>\t\t\t\t<\/div>\n\t\t<div class=\"elementor-element elementor-element-46dcb7d e-con-full e-flex e-con e-child\" data-id=\"46dcb7d\" data-element_type=\"container\" data-e-type=\"container\">\n\t\t<div class=\"elementor-element elementor-element-61d3ab3 e-flex e-con-boxed e-con e-child\" data-id=\"61d3ab3\" data-element_type=\"container\" data-e-type=\"container\">\n\t\t\t\t\t<div class=\"e-con-inner\">\n\t\t\t\t<div class=\"elementor-element elementor-element-117c166 elementor-widget elementor-widget-heading\" data-id=\"117c166\" data-element_type=\"widget\" data-e-type=\"widget\" data-widget_type=\"heading.default\">\n\t\t\t\t\t<div class=\"elementor-heading-title elementor-size-default\">T\u00edmabil textanna<\/div>\t\t\t\t<\/div>\n\t\t\t\t<div class=\"elementor-element elementor-element-73997a0 elementor-widget elementor-widget-text-editor\" data-id=\"73997a0\" data-element_type=\"widget\" data-e-type=\"widget\" data-widget_type=\"text-editor.default\">\n\t\t\t\t\t\t\t\t\t<p>J\u00fap\u00edter er sta\u00f0festur \u00ed r\u00f3mverskum tr\u00faarbr\u00f6g\u00f0um \u00ed meira en \u00fe\u00fasund \u00e1r. Kap\u00edt\u00f3lska <span class=\"iwg-fachbegriff\" data-tooltip=\"Bygging sem er tileinku\u00f0 tilbei\u00f0slu einnar e\u00f0a fleiri gu\u00f0vera.\" tabindex=\"0\">hofi\u00f0<\/span> er samkv\u00e6mt hef\u00f0 t\u00edmasett til 509 f.Kr., stofn\u00e1rs l\u00fd\u00f0veldisins.<\/p><p>\u00cdtarlegustu b\u00f3kmenntaheimildirnar eru fr\u00e1 s\u00ed\u00f0l\u00fd\u00f0veldist\u00edmanum og upphafi keisarat\u00edmans, fr\u00e1 Cicero, Virgill, \u00d3vid\u00edusi og H\u00f3rat\u00edusi. Fornfr\u00e6\u00f0ingar \u00e1 bor\u00f0 vi\u00f0 Aulus Gellius l\u00fdsa <span class=\"iwg-fachbegriff\" data-tooltip=\"Heild tr\u00faarlegra tilbei\u00f0sluathafna fyrir gu\u00f0veru e\u00f0a heilaga v\u00e6ttu.\" tabindex=\"0\">d\u00fdrkuninni<\/span> allt fram \u00e1 2. \u00f6ld e.Kr., \u00e1\u00f0ur en h\u00fan missir stofnanalegan grundv\u00f6ll sinn me\u00f0 f\u00f3rnarb\u00f6nnum 4. aldar.<\/p>\t\t\t\t\t\t\t\t<\/div>\n\t\t\t\t\t<\/div>\n\t\t\t\t<\/div>\n\t\t<div class=\"elementor-element elementor-element-d47b156 e-flex e-con-boxed e-con e-child\" data-id=\"d47b156\" data-element_type=\"container\" data-e-type=\"container\">\n\t\t\t\t\t<div class=\"e-con-inner\">\n\t\t\t\t<div class=\"elementor-element elementor-element-ff38c2b elementor-widget elementor-widget-heading\" data-id=\"ff38c2b\" data-element_type=\"widget\" data-e-type=\"widget\" data-widget_type=\"heading.default\">\n\t\t\t\t\t<div class=\"elementor-heading-title elementor-size-default\">\u00datbrei\u00f0slusv\u00e6\u00f0i<\/div>\t\t\t\t<\/div>\n\t\t\t\t<div class=\"elementor-element elementor-element-4e49fcc elementor-widget elementor-widget-text-editor\" data-id=\"4e49fcc\" data-element_type=\"widget\" data-e-type=\"widget\" data-widget_type=\"text-editor.default\">\n\t\t\t\t\t\t\t\t\t<p><span class=\"iwg-fachbegriff\" data-tooltip=\"Heild tr\u00faarlegra tilbei\u00f0sluathafna fyrir gu\u00f0veru e\u00f0a heilaga v\u00e6ttu.\" tabindex=\"0\">D\u00fdrkunin<\/span> hefur mi\u00f0ju s\u00edna \u00e1 Kap\u00edt\u00f3lh\u00e6\u00f0 \u00ed R\u00f3m, en brei\u00f0ist \u00fat um allt keisaraveldi\u00f0. \u00deegar fyrir yfirr\u00e1\u00f0 R\u00f3mverja var J\u00fap\u00edter Lat\u00edaris d\u00fdrka\u00f0ur sameiginlega af Lat\u00ednum \u00e1 Albanafjalli.<\/p><p>\u00c1 keisarat\u00edmanum reisa hersveitirnir \u00ed landam\u00e6rah\u00e9ru\u00f0unum, fr\u00e1 Bretlandi til Mes\u00f3p\u00f3tam\u00edu, altari fyrir J\u00fap\u00edter Optimus Maximus sem tr\u00fana\u00f0aryfirl\u00fdsingu vi\u00f0 r\u00edki\u00f0.<\/p>\t\t\t\t\t\t\t\t<\/div>\n\t\t\t\t\t<\/div>\n\t\t\t\t<\/div>\n\t\t\t\t<\/div>\n\t\t<div class=\"elementor-element elementor-element-db03c39 e-con-full e-flex e-con e-child\" data-id=\"db03c39\" data-element_type=\"container\" data-e-type=\"container\">\n\t\t<div class=\"elementor-element elementor-element-229a87b e-flex e-con-boxed e-con e-child\" data-id=\"229a87b\" data-element_type=\"container\" data-e-type=\"container\">\n\t\t\t\t\t<div class=\"e-con-inner\">\n\t\t\t\t<div class=\"elementor-element elementor-element-1f471fc elementor-widget elementor-widget-heading\" data-id=\"1f471fc\" data-element_type=\"widget\" data-e-type=\"widget\" data-widget_type=\"heading.default\">\n\t\t\t\t\t<div class=\"elementor-heading-title elementor-size-default\">Heimildasta\u00f0a<\/div>\t\t\t\t<\/div>\n\t\t\t\t<div class=\"elementor-element elementor-element-36b1201 elementor-widget elementor-widget-text-editor\" data-id=\"36b1201\" data-element_type=\"widget\" data-e-type=\"widget\" data-widget_type=\"text-editor.default\">\n\t\t\t\t\t\t\t\t\t<p><span class=\"iwg-fachbegriff\" data-tooltip=\"Mi\u00f0lun \u00feekkingar og fr\u00e1sagna milli kynsl\u00f3\u00f0a.\" tabindex=\"0\">Heimildas\u00f6gnin<\/span> er v\u00ed\u00f0fe\u00f0m. B\u00f3kmenntaheimildir eru Eneasarkvi\u00f0a Virgils, Ummyndanir og Fasti \u00d3vid\u00edusar auk ritsins De divinatione eftir Cicero. Vi\u00f0 \u00feetta b\u00e6tist var\u00f0veittur dagatalssteinn, fasti, og \u00fe\u00fasundir var\u00f0veittra IOM-\u00e1letrana. Ranns\u00f3knir s\u00ed\u00f0ari t\u00edma, me\u00f0al annars Georg Wissowa, Kurt Latte og Mary Beard, hafa reynt a\u00f0 greina mynd J\u00fap\u00edters fr\u00e1 b\u00f3kmenntalegri yfirm\u00e1lun.<\/p>\t\t\t\t\t\t\t\t<\/div>\n\t\t\t\t\t<\/div>\n\t\t\t\t<\/div>\n\t\t\t\t<\/div>\n\t\t\t\t\t<\/div>\n\t\t\t\t<\/div>\n\t\t<div class=\"elementor-element elementor-element-3ae0637c e-flex e-con-boxed e-con e-parent\" data-id=\"3ae0637c\" data-element_type=\"container\" data-e-type=\"container\">\n\t\t\t\t\t<div class=\"e-con-inner\">\n\t\t\t\t<div class=\"elementor-element elementor-element-31d07739 elementor-widget elementor-widget-heading\" data-id=\"31d07739\" data-element_type=\"widget\" data-e-type=\"widget\" data-widget_type=\"heading.default\">\n\t\t\t\t\t<h2 class=\"elementor-heading-title elementor-size-default\">Nafn<\/h2>\t\t\t\t<\/div>\n\t\t<div class=\"elementor-element elementor-element-b7642947 e-con-full e-flex e-con e-child\" data-id=\"b7642947\" data-element_type=\"container\" data-e-type=\"container\">\n\t\t\t\t<div class=\"elementor-element elementor-element-a086266 elementor-widget elementor-widget-text-editor\" data-id=\"a086266\" data-element_type=\"widget\" data-e-type=\"widget\" data-widget_type=\"text-editor.default\">\n\t\t\t\t\t\t\t\t\t<p>Nafni\u00f0 Iuppiter er m\u00e1lfr\u00e6\u00f0ilega \u00e1varpsfall, \u00e1varpi\u00f0 &#8222;\u00d3 fa\u00f0ir himinn&#8220;. \u00cd samanbur\u00f0arind\u00f3evr\u00f3pufr\u00e6\u00f0um, sem \u00c9mile Benveniste og Georges Dum\u00e9zil eru fulltr\u00faar fyrir, telst dyeu-pater eitt af f\u00e1um gu\u00f0an\u00f6fnum frumind\u00f3evr\u00f3pskra tr\u00faarbrag\u00f0a sem unnt er a\u00f0 endurgera me\u00f0 mikilli vissu. Ved\u00edski Dyaus Pita, gr\u00edski Seifur, ill\u00fdr\u00edski Deipaturos og r\u00f3mverski Iuppiter eru m\u00e1lfr\u00e6\u00f0ilega samsvarandi.<\/p><p>\u00cd <span class=\"iwg-fachbegriff\" data-tooltip=\"Heild tr\u00faarlegra tilbei\u00f0sluathafna fyrir gu\u00f0veru e\u00f0a heilaga v\u00e6ttu.\" tabindex=\"0\">d\u00fdrkuninni<\/span> ber J\u00fap\u00edter fj\u00f6lm\u00f6rg vi\u00f0urnefni sem t\u00e1kna verksvi\u00f0 hans. Sem Iuppiter Pluvius er hann regngu\u00f0, sem Iuppiter Tonans \u00ferumugu\u00f0, sem Iuppiter Fulgur eldingagu\u00f0.<\/p><p>Iuppiter Stator tryggir st\u00f6\u00f0ugleika r\u00edkisins, Iuppiter Victor herna\u00f0arlegan sigur, Iuppiter Feretrius er tengdur sigurvopnum. Fullt nafn hans, Iuppiter Optimus Maximus, hinn besti og mesti, t\u00e1knar a\u00f0alvi\u00f0takanda opinberrar r\u00edkisd\u00fdrkunar.<\/p>\t\t\t\t\t\t\t\t<\/div>\n\t\t\t\t<\/div>\n\t\t\t\t\t<\/div>\n\t\t\t\t<\/div>\n\t\t<div class=\"elementor-element elementor-element-709a44a8 e-flex e-con-boxed e-con e-parent\" data-id=\"709a44a8\" data-element_type=\"container\" data-e-type=\"container\">\n\t\t\t\t\t<div class=\"e-con-inner\">\n\t\t\t\t<div class=\"elementor-element elementor-element-2f585873 elementor-widget elementor-widget-heading\" data-id=\"2f585873\" data-element_type=\"widget\" data-e-type=\"widget\" data-widget_type=\"heading.default\">\n\t\t\t\t\t<h2 class=\"elementor-heading-title elementor-size-default\">L\u00fdsing<\/h2>\t\t\t\t<\/div>\n\t\t<div class=\"elementor-element elementor-element-70621c12 e-con-full e-flex e-con e-child\" data-id=\"70621c12\" data-element_type=\"container\" data-e-type=\"container\">\n\t\t\t\t<div class=\"elementor-element elementor-element-4296eb49 elementor-widget elementor-widget-text-editor\" data-id=\"4296eb49\" data-element_type=\"widget\" data-e-type=\"widget\" data-widget_type=\"text-editor.default\">\n\t\t\t\t\t\t\t\t\t<p>Verksvi\u00f0 J\u00fap\u00edters skiptist \u00ed nokkra h\u00f6fu\u00f0\u00e1s. \u00c1 svi\u00f0i ve\u00f0urs er hann regn-, \u00ferumu- og eldingagu\u00f0 sem r\u00e6\u00f0ur himni og dagsbirtu.<\/p><p>Sem verndari ei\u00f0sins tekur hann vi\u00f0 hverjum bindandi ei\u00f0i r\u00f3mverskra stj\u00f3rnm\u00e1la: samningum milli r\u00edkja, r\u00e6\u00f0ismannsei\u00f0num og herei\u00f0num. Sem verndari stj\u00f3rnm\u00e1lalegs skipulags tryggir hann st\u00f6\u00f0ugleika r\u00edkisins og velgengni \u00ed str\u00ed\u00f0i.<\/p><p>\u00cd tr\u00faarbr\u00f6g\u00f0unum var J\u00fap\u00edter ekki einn gu\u00f0 me\u00f0al margra, heldur \u00e6\u00f0sti verndari r\u00f3mversks skipulags. Vi\u00f0urnefni hans Optimus Maximus tengdi hann kap\u00edt\u00f3lska <span class=\"iwg-fachbegriff\" data-tooltip=\"Bygging sem er tileinku\u00f0 tilbei\u00f0slu einnar e\u00f0a fleiri gu\u00f0vera.\" tabindex=\"0\">hofinu<\/span>, sem mynda\u00f0i tr\u00faarlega mi\u00f0ju borgarinnar allt fr\u00e1 l\u00fd\u00f0veldist\u00edmanum.<\/p><p>J\u00fap\u00edter deildi cella-hofinu me\u00f0 J\u00fan\u00f3 og M\u00ednervu, kap\u00edt\u00f3lsku \u00ferenningunni, en mi\u00f0ja <span class=\"iwg-fachbegriff\" data-tooltip=\"L\u00edtill heilagur geymslusta\u00f0ur e\u00f0a b\u00e6nasta\u00f0ur.\" tabindex=\"0\">skr\u00edni\u00f0<\/span> og stj\u00f3rnm\u00e1lalegt forgangsvald tilheyr\u00f0u honum.<\/p><p>\u00c1byrgur fyrir \u00fej\u00f3nustu hans var flamen Dialis, \u00e6\u00f0stur hinna \u00feriggja st\u00f3ru flamines. Hann var bundinn fj\u00f6lm\u00f6rgum tr\u00faarlegum b\u00f6nnum: hann m\u00e1tti ekki yfirgefa borgarsv\u00e6\u00f0i\u00f0 \u00ed lengri t\u00edma, ekki setjast \u00e1 hest og ekki snerta l\u00edkama hins l\u00e1tna. \u00deessar takmarkanir, sem Aulus Gellius l\u00fdsir \u00ed Noctes Atticae, s\u00fdna a\u00f0 presturinn sj\u00e1lfur var \u00ed raun lifandi <span class=\"iwg-fachbegriff\" data-tooltip=\"Heilagur sta\u00f0ur tileinka\u00f0ur tilbei\u00f0slu gu\u00f0veru.\" tabindex=\"0\">helgista\u00f0ur<\/span>.<\/p>\t\t\t\t\t\t\t\t<\/div>\n\t\t\t\t<\/div>\n\t\t\t\t\t<\/div>\n\t\t\t\t<\/div>\n\t\t<div class=\"elementor-element elementor-element-44e71476 e-flex e-con-boxed e-con e-parent\" data-id=\"44e71476\" data-element_type=\"container\" data-e-type=\"container\">\n\t\t\t\t\t<div class=\"e-con-inner\">\n\t\t\t\t<div class=\"elementor-element elementor-element-3c1fc3f0 elementor-widget elementor-widget-heading\" data-id=\"3c1fc3f0\" data-element_type=\"widget\" data-e-type=\"widget\" data-widget_type=\"heading.default\">\n\t\t\t\t\t<h2 class=\"elementor-heading-title elementor-size-default\">Sk\u00fdrsluspjald: J\u00fap\u00edter<\/h2>\t\t\t\t<\/div>\n\t\t<div class=\"elementor-element elementor-element-84f33b8e e-con-full e-flex e-con e-child\" data-id=\"84f33b8e\" data-element_type=\"container\" data-e-type=\"container\">\n\t\t\t\t<div class=\"elementor-element elementor-element-hqkdc67p elementor-widget elementor-widget-text-editor\" data-id=\"hqkdc67p\" data-element_type=\"widget\" data-e-type=\"widget\" data-widget_type=\"text-editor.default\">\n\t\t\t\t\t\t\t\t\t<p>Eftirfarandi sk\u00fdrsluspjald tekur saman helstu einkenni J\u00fap\u00edters \u00ed r\u00f3mverskri hef\u00f0.<\/p>\t\t\t\t\t\t\t\t<\/div>\n\t\t\t\t<\/div>\n\t\t<div class=\"elementor-element elementor-element-pemmx7c5 e-con-full e-flex e-con e-child\" data-id=\"pemmx7c5\" data-element_type=\"container\" data-e-type=\"container\">\n\t\t<div class=\"elementor-element elementor-element-pemmx7c1 e-con-full e-flex e-con e-child\" data-id=\"pemmx7c1\" data-element_type=\"container\" data-e-type=\"container\">\n\t\t<div class=\"elementor-element elementor-element-qh9oavvu iwg-steckbrief-card e-flex e-con-boxed e-con e-child\" data-id=\"qh9oavvu\" data-element_type=\"container\" data-e-type=\"container\">\n\t\t\t\t\t<div class=\"e-con-inner\">\n\t\t\t\t<div class=\"elementor-element elementor-element-awzx8k2k elementor-widget elementor-widget-heading\" data-id=\"awzx8k2k\" data-element_type=\"widget\" data-e-type=\"widget\" data-widget_type=\"heading.default\">\n\t\t\t\t\t<div class=\"elementor-heading-title elementor-size-default\">Uppruni<\/div>\t\t\t\t<\/div>\n\t\t\t\t<div class=\"elementor-element elementor-element-x6rowhv0 elementor-widget elementor-widget-text-editor\" data-id=\"x6rowhv0\" data-element_type=\"widget\" data-e-type=\"widget\" data-widget_type=\"text-editor.default\">\n\t\t\t\t\t\t\t\t\t<p>J\u00fap\u00edter \u00e1 r\u00e6tur \u00ed ind\u00f3evr\u00f3pskum himingu\u00f0i, en nafn hans dyeu-pater telst me\u00f0al \u00feeirra gu\u00f0anafna frumind\u00f3evr\u00f3pskra tr\u00faarbrag\u00f0a sem unnt er a\u00f0 endurgera me\u00f0 vissu. Elsta, s\u00e9rr\u00f3mverska mynd J\u00fap\u00edters kemur fram fyrst og fremst sem himin- og ve\u00f0urgu\u00f0 me\u00f0 sterklega r\u00edkisr\u00e9ttarlegri virkni. Vi\u00f0urnefni eins og J\u00fap\u00edter Lat\u00edaris v\u00edsa til t\u00edma \u00e1\u00f0ur en R\u00f3m n\u00e1\u00f0i yfirr\u00e1\u00f0um \u00ed Lat\u00edum.<\/p>\t\t\t\t\t\t\t\t<\/div>\n\t\t\t\t\t<\/div>\n\t\t\t\t<\/div>\n\t\t<div class=\"elementor-element elementor-element-8e3o4kxs iwg-steckbrief-card e-flex e-con-boxed e-con e-child\" data-id=\"8e3o4kxs\" data-element_type=\"container\" data-e-type=\"container\">\n\t\t\t\t\t<div class=\"e-con-inner\">\n\t\t\t\t<div class=\"elementor-element elementor-element-08rkdgov elementor-widget elementor-widget-heading\" data-id=\"08rkdgov\" data-element_type=\"widget\" data-e-type=\"widget\" data-widget_type=\"heading.default\">\n\t\t\t\t\t<div class=\"elementor-heading-title elementor-size-default\">Hlutverk<\/div>\t\t\t\t<\/div>\n\t\t\t\t<div class=\"elementor-element elementor-element-uwjelx8s elementor-widget elementor-widget-text-editor\" data-id=\"uwjelx8s\" data-element_type=\"widget\" data-e-type=\"widget\" data-widget_type=\"text-editor.default\">\n\t\t\t\t\t\t\t\t\t<p>J\u00fap\u00edter r\u00e6\u00f0ur yfir ve\u00f0ri, \u00ferumu og eldingum, g\u00e6tir tr\u00famennsku og r\u00e9ttar og tryggir r\u00edkisskipulagi\u00f0. Emb\u00e6ttisei\u00f0ir og al\u00fej\u00f3\u00f0asamningar voru ger\u00f0ir undir <span class=\"iwg-fachbegriff\" data-tooltip=\"B\u00e6narleg e\u00f0a \u00e1kallandi \u00e1varp til gu\u00f0veru e\u00f0a m\u00e1ttar.\" tabindex=\"0\">\u00e1kalli<\/span> hans. R\u00e6\u00f0isma\u00f0urinn f\u00e6r\u00f0i f\u00f3rn vi\u00f0 emb\u00e6ttist\u00f6ku \u00e1 Kap\u00edt\u00f3lh\u00e6\u00f0, og hinn sigurs\u00e6li herforingi leiddi sigurg\u00f6ngu s\u00edna alla lei\u00f0 til J\u00fap\u00edterhofsins.<\/p>\t\t\t\t\t\t\t\t<\/div>\n\t\t\t\t\t<\/div>\n\t\t\t\t<\/div>\n\t\t<div class=\"elementor-element elementor-element-jm2n74ec iwg-steckbrief-card e-flex e-con-boxed e-con e-child\" data-id=\"jm2n74ec\" data-element_type=\"container\" data-e-type=\"container\">\n\t\t\t\t\t<div class=\"e-con-inner\">\n\t\t\t\t<div class=\"elementor-element elementor-element-8vufse4c elementor-widget elementor-widget-heading\" data-id=\"8vufse4c\" data-element_type=\"widget\" data-e-type=\"widget\" data-widget_type=\"heading.default\">\n\t\t\t\t\t<div class=\"elementor-heading-title elementor-size-default\">\u00c1s\u00fdnd<\/div>\t\t\t\t<\/div>\n\t\t\t\t<div class=\"elementor-element elementor-element-mwb9u015 elementor-widget elementor-widget-text-editor\" data-id=\"mwb9u015\" data-element_type=\"widget\" data-e-type=\"widget\" data-widget_type=\"text-editor.default\">\n\t\t\t\t\t\t\t\t\t<p>Fr\u00e1 \u00fev\u00ed J\u00fap\u00edter var samsama\u00f0ur Seifi hefur hann a\u00f0 mestu veri\u00f0 s\u00fdndur eftir gr\u00edskri fyrirmynd, sem skeggja\u00f0ur gu\u00f0 \u00ed h\u00e1s\u00e6ti me\u00f0 veldissprota og eldingaknippi, oft \u00ed fylgd arnarins. <span class=\"iwg-fachbegriff\" data-tooltip=\"Myndverk af gu\u00f0veru sem er d\u00fdrku\u00f0 \u00ed hofi e\u00f0a helgista\u00f0.\" tabindex=\"0\">D\u00fdrlingsmynd<\/span> (k\u00falttmynd) \u00ed Kap\u00edt\u00f3lsh\u00e6\u00f0ar-<span class=\"iwg-fachbegriff\" data-tooltip=\"Bygging sem er notu\u00f0 til d\u00fdrkunar \u00e1 einni e\u00f0a fleiri gu\u00f0veru.\" tabindex=\"0\">hofinu<\/span> st\u00f3\u00f0 \u00ed mi\u00f0ju <span class=\"iwg-fachbegriff\" data-tooltip=\"L\u00edtill helgur geymslu- e\u00f0a tilbei\u00f0slusta\u00f0ur.\" tabindex=\"0\">skr\u00edninu<\/span> \u00ferenningarins. \u00c1 endurreisnart\u00edmanum kemur hann fram sem myndefni fyrst og fremst \u00ed myndbreytingaratri\u00f0um \u00e1star\u00e6vint\u00fdra sinna.<\/p>\t\t\t\t\t\t\t\t<\/div>\n\t\t\t\t\t<\/div>\n\t\t\t\t<\/div>\n\t\t\t\t<\/div>\n\t\t<div class=\"elementor-element elementor-element-pemmx7c2 e-con-full e-flex e-con e-child\" data-id=\"pemmx7c2\" data-element_type=\"container\" data-e-type=\"container\">\n\t\t<div class=\"elementor-element elementor-element-37ss2yr6 iwg-steckbrief-card e-flex e-con-boxed e-con e-child\" data-id=\"37ss2yr6\" data-element_type=\"container\" data-e-type=\"container\">\n\t\t\t\t\t<div class=\"e-con-inner\">\n\t\t\t\t<div class=\"elementor-element elementor-element-3v0wp3wx elementor-widget elementor-widget-heading\" data-id=\"3v0wp3wx\" data-element_type=\"widget\" data-e-type=\"widget\" data-widget_type=\"heading.default\">\n\t\t\t\t\t<div class=\"elementor-heading-title elementor-size-default\">Tilbei\u00f0sla<\/div>\t\t\t\t<\/div>\n\t\t\t\t<div class=\"elementor-element elementor-element-w3247g2m elementor-widget elementor-widget-text-editor\" data-id=\"w3247g2m\" data-element_type=\"widget\" data-e-type=\"widget\" data-widget_type=\"text-editor.default\">\n\t\t\t\t\t\t\t\t\t<p>Opinber <span class=\"iwg-fachbegriff\" data-tooltip=\"\u00d6ll tr\u00faarleg tilbei\u00f0sluath\u00f6fn helgu\u00f0 einni gu\u00f0veru e\u00f0a heilagri fyrirb\u00e6ri.\" tabindex=\"0\">tilbei\u00f0sla<\/span> haf\u00f0i mi\u00f0st\u00f6\u00f0 s\u00edna \u00ed Kap\u00edt\u00f3lsh\u00e6\u00f0ar-<span class=\"iwg-fachbegriff\" data-tooltip=\"Bygging sem er notu\u00f0 til d\u00fdrkunar \u00e1 einni e\u00f0a fleiri gu\u00f0veru.\" tabindex=\"0\">hofinu<\/span>. Hver idus, m\u00e1na\u00f0armi\u00f0ja, var <span class=\"iwg-fachbegriff\" data-tooltip=\"\u00cd gegnum tr\u00faarlega ath\u00f6fn falin hinu heilaga og \u00fear me\u00f0 tekin \u00far hinu hversdagslega.\" tabindex=\"0\">helgu\u00f0<\/span> J\u00fap\u00edter; \u00e1 \u00feessum d\u00f6gum f\u00f3rna\u00f0i flamen Dialis hv\u00edtri kind. S\u00e9rstaka \u00fe\u00fd\u00f0ingu haf\u00f0i epulum Iovis, h\u00e1t\u00ed\u00f0arm\u00e1lt\u00ed\u00f0 J\u00fap\u00edters, \u00fear sem go\u00f0amyndunum var komi\u00f0 fyrir \u00e1 kodda og bornar fram veitingar.<\/p>\t\t\t\t\t\t\t\t<\/div>\n\t\t\t\t\t<\/div>\n\t\t\t\t<\/div>\n\t\t<div class=\"elementor-element elementor-element-0qpjal9w iwg-steckbrief-card e-flex e-con-boxed e-con e-child\" data-id=\"0qpjal9w\" data-element_type=\"container\" data-e-type=\"container\">\n\t\t\t\t\t<div class=\"e-con-inner\">\n\t\t\t\t<div class=\"elementor-element elementor-element-6ndoih0o elementor-widget elementor-widget-heading\" data-id=\"6ndoih0o\" data-element_type=\"widget\" data-e-type=\"widget\" data-widget_type=\"heading.default\">\n\t\t\t\t\t<div class=\"elementor-heading-title elementor-size-default\">T\u00e1kn<\/div>\t\t\t\t<\/div>\n\t\t\t\t<div class=\"elementor-element elementor-element-6684tyh9 elementor-widget elementor-widget-text-editor\" data-id=\"6684tyh9\" data-element_type=\"widget\" data-e-type=\"widget\" data-widget_type=\"text-editor.default\">\n\t\t\t\t\t\t\t\t\t<p>J\u00fap\u00edter er tengdur eldingunni, sem var talin beinasta birting vilja hans. Sta\u00f0ur sem eldingu laust ni\u00f0ur var afmarka\u00f0ur sem bidental og m\u00e1tti ekki ganga inn \u00e1. Frekari merki um vilja hans komu fram \u00ed fuglasp\u00e1d\u00f3mum. \u00d6rninn og veldissprotinn eru me\u00f0al fastra myndeinkenna hans.<\/p>\t\t\t\t\t\t\t\t<\/div>\n\t\t\t\t\t<\/div>\n\t\t\t\t<\/div>\n\t\t<div class=\"elementor-element elementor-element-3lfi7x32 iwg-steckbrief-card e-flex e-con-boxed e-con e-child\" data-id=\"3lfi7x32\" data-element_type=\"container\" data-e-type=\"container\">\n\t\t\t\t\t<div class=\"e-con-inner\">\n\t\t\t\t<div class=\"elementor-element elementor-element-0kg99ga1 elementor-widget elementor-widget-heading\" data-id=\"0kg99ga1\" data-element_type=\"widget\" data-e-type=\"widget\" data-widget_type=\"heading.default\">\n\t\t\t\t\t<div class=\"elementor-heading-title elementor-size-default\">Hli\u00f0st\u00e6\u00f0ur<\/div>\t\t\t\t<\/div>\n\t\t\t\t<div class=\"elementor-element elementor-element-n0fum6kp elementor-widget elementor-widget-text-editor\" data-id=\"n0fum6kp\" data-element_type=\"widget\" data-e-type=\"widget\" data-widget_type=\"text-editor.default\">\n\t\t\t\t\t\t\t\t\t<p>J\u00fap\u00edter er s\u00fdnid\u00e6mi um hinn ind\u00f3evr\u00f3pska himnaf\u00f6\u00f0ur. Skyldir \u00ed tungum\u00e1lalegum efnum eru gr\u00edski Seifur, ved\u00edski Dyaus Pita, germanski T\u00fdr og ill\u00fdr\u00edski Deipaturos. \u00cd lex\u00edkoninu er J\u00fap\u00edter flokka\u00f0ur sem \u00e6\u00f0sti gu\u00f0, \u00e1samt Seifi, An\u00fa, Brahma, \u00d3\u00f0ni og Amun-Ra.<\/p>\t\t\t\t\t\t\t\t<\/div>\n\t\t\t\t\t<\/div>\n\t\t\t\t<\/div>\n\t\t\t\t<\/div>\n\t\t\t\t<\/div>\n\t\t\t\t\t<\/div>\n\t\t\t\t<\/div>\n\t\t<div class=\"elementor-element elementor-element-7533bc7a e-flex e-con-boxed e-con e-parent\" data-id=\"7533bc7a\" data-element_type=\"container\" data-e-type=\"container\">\n\t\t\t\t\t<div class=\"e-con-inner\">\n\t\t\t\t<div class=\"elementor-element elementor-element-2447d18d elementor-widget elementor-widget-heading\" data-id=\"2447d18d\" data-element_type=\"widget\" data-e-type=\"widget\" data-widget_type=\"heading.default\">\n\t\t\t\t\t<h2 class=\"elementor-heading-title elementor-size-default\">M\u00f3tt\u00f6kusaga og \u00e1hrif<\/h2>\t\t\t\t<\/div>\n\t\t<div class=\"elementor-element elementor-element-d5d0260c e-con-full e-flex e-con e-child\" data-id=\"d5d0260c\" data-element_type=\"container\" data-e-type=\"container\">\n\t\t\t\t<div class=\"elementor-element elementor-element-341be2ac elementor-widget elementor-widget-text-editor\" data-id=\"341be2ac\" data-element_type=\"widget\" data-e-type=\"widget\" data-widget_type=\"text-editor.default\">\n\t\t\t\t\t\t\t\t\t<p>R\u00f3mverjar sams\u00f6mu\u00f0u J\u00fap\u00edter flj\u00f3tt vi\u00f0 gr\u00edska Seif. \u00deessi interpretatio var ekki einf\u00f6ld \u00fe\u00fd\u00f0ing heldur langvinnt ferli \u00fear sem gr\u00edska <span class=\"iwg-fachbegriff\" data-tooltip=\"\u00d6ll var\u00f0veitt go\u00f0sagnasagnahef\u00f0 tiltekinnar menningar.\" tabindex=\"0\">go\u00f0afr\u00e6\u00f0in<\/span> var yfirf\u00e6r\u00f0 \u00e1 r\u00f3mverska gu\u00f0inn.<\/p><p>\u00dear sem hinn upprunalegi r\u00f3mverski J\u00fap\u00edter kemur fyrst fram sem himin- og ve\u00f0urgu\u00f0 me\u00f0 r\u00edkisr\u00e9ttarlegt hlutverk, fylgdi sams\u00f6muninni me\u00f0 Seifi fr\u00e1sagnarefni gr\u00edskra kve\u00f0skapar: f\u00e6\u00f0ingin \u00e1 Kr\u00edt, bar\u00e1ttan gegn T\u00edt\u00f6num og fj\u00f6lm\u00f6rg \u00e1star\u00e6vint\u00fdri.<\/p><p>R\u00f3mverskir sk\u00e1ld skrifu\u00f0u \u00ed \u00feessum anda. \u00cd Eneasarkvi\u00f0u Virgils er J\u00fap\u00edter stj\u00f3rnandi \u00f6rlaganna, sem heitir Eneasi og afkomendum hans yfirr\u00e1\u00f0um yfir heiminum.<\/p><p>\u00d3v\u00ed\u00f0 safna\u00f0i \u00ed Myndbreytingum (Metamorphoses) s\u00f6gum um myndbreytingar og gaf \u00feeim b\u00f3kmenntalegt form sem m\u00f3ta\u00f0i s\u00ed\u00f0ari evr\u00f3pska mynd af J\u00fap\u00edter meira en nokkur k\u00faltfr\u00e1s\u00f6gn. Fr\u00e6\u00f0imenn benda \u00e1 a\u00f0 \u00feessa b\u00f3kmenntalegu eignun megi ekki rugla saman vi\u00f0 lifa\u00f0a tr\u00fa.<\/p><p>Me\u00f0 uppgangi kristninnar missti J\u00fap\u00edtersk\u00faltinn r\u00edkislegan grundv\u00f6ll sinn. \u00dee\u00f3d\u00f3s\u00edus I banna\u00f0i \u00e1ri\u00f0 391 hei\u00f0in <span class=\"iwg-fachbegriff\" data-tooltip=\"Gj\u00f6f til gu\u00f0veru til a\u00f0 tj\u00e1 \u00feakkl\u00e6ti, b\u00f3n e\u00f0a tilbei\u00f0slu.\" tabindex=\"0\">f\u00f3rnir<\/span>, og Kap\u00edt\u00f3lsh\u00e6\u00f0ar-<span class=\"iwg-fachbegriff\" data-tooltip=\"Bygging sem er notu\u00f0 til d\u00fdrkunar \u00e1 einni e\u00f0a fleiri gu\u00f0veru.\" tabindex=\"0\">hofi\u00f0<\/span> hrundi. Nafni\u00f0 hvarf \u00fe\u00f3 ekki me\u00f0 \u00fev\u00ed.<\/p><p>St\u00e6rsta reikistjarna s\u00f3lkerfisins ber nafn hans, latneski vikudagurinn dies Iovis lifir \u00e1fram \u00ed franska jeudi og \u00edtalska gioved\u00ec. \u00c1g\u00fast\u00ednus deildi \u00e1 J\u00fap\u00edter sem falsgu\u00f0, en t\u00f3k samt\u00edmis upp or\u00f0notkun fr\u00e1 Optimus Maximus-k\u00faltinum fyrir kristna gu\u00f0inn.<\/p>\t\t\t\t\t\t\t\t<\/div>\n\t\t\t\t<\/div>\n\t\t\t\t\t<\/div>\n\t\t\t\t<\/div>\n\t\t<div class=\"elementor-element elementor-element-5a584676 e-flex e-con-boxed e-con e-parent\" data-id=\"5a584676\" data-element_type=\"container\" data-e-type=\"container\">\n\t\t\t\t\t<div class=\"e-con-inner\">\n\t\t\t\t<div class=\"elementor-element elementor-element-6d0757bf elementor-widget elementor-widget-heading\" data-id=\"6d0757bf\" data-element_type=\"widget\" data-e-type=\"widget\" data-widget_type=\"heading.default\">\n\t\t\t\t\t<h2 class=\"elementor-heading-title elementor-size-default\">J\u00fap\u00edter, hli\u00f0st\u00e6\u00f0ur \u00ed \u00f6\u00f0rum menningarheimum<\/h2>\t\t\t\t<\/div>\n\t\t<div class=\"elementor-element elementor-element-60563f68 e-con-full e-flex e-con e-child\" data-id=\"60563f68\" data-element_type=\"container\" data-e-type=\"container\">\n\t\t\t\t<div class=\"elementor-element elementor-element-5a93fdd6 elementor-widget elementor-widget-text-editor\" data-id=\"5a93fdd6\" data-element_type=\"widget\" data-e-type=\"widget\" data-widget_type=\"text-editor.default\">\n\t\t\t\t\t\t\t\t\t<p>J\u00fap\u00edter er, \u00ed samanbur\u00f0arlegu tr\u00faarbrag\u00f0afr\u00e6\u00f0ilegu samhengi, d\u00e6miger\u00f0ur fyrir ind\u00f3evr\u00f3pska ger\u00f0 himnaf\u00f6\u00f0urins. Ved\u00edski Dyaus Pita, gr\u00edski Seifur, ill\u00fdr\u00edski Deipaturos og r\u00f3mverski Iuppiter m\u00e1 rekja til s\u00f6mu tungum\u00e1lalegu r\u00f3tarins dyeu-pater. Sameiginlegur go\u00f0sagnakjarni er s\u00e1 af hei\u00f0um himingu\u00f0i sem r\u00e6\u00f0ur yfir ve\u00f0ri, \u00ferumum og r\u00e9tti.<\/p><p>Umfram hina \u00fe\u00e9ttu tungum\u00e1lalegu fj\u00f6lskyldu m\u00e1 bera J\u00fap\u00edter saman vi\u00f0 a\u00f0ra \u00e6\u00f0sta gu\u00f0i sem hafa svipa\u00f0a st\u00f6\u00f0u innan s\u00edns go\u00f0aheims, svo sem mes\u00f3p\u00f3tam\u00edska An\u00fa, indverska Brahma, germanska \u00d3\u00f0in og egypska Amun-Ra. Sl\u00edkur samanbur\u00f0ur s\u00fdnir hina endurteknu st\u00f6\u00f0u \u00e6\u00f0sta gu\u00f0s sem verndara reglu og r\u00e9ttar.<\/p>\t\t\t\t\t\t\t\t<\/div>\n\t\t\t\t<\/div>\n\t\t\t\t\t<\/div>\n\t\t\t\t<\/div>\n\t\t<div class=\"elementor-element elementor-element-36dd7469 e-flex e-con-boxed e-con e-parent\" data-id=\"36dd7469\" data-element_type=\"container\" data-e-type=\"container\">\n\t\t\t\t\t<div class=\"e-con-inner\">\n\t\t\t\t<div class=\"elementor-element elementor-element-13760ab4 elementor-widget elementor-widget-heading\" data-id=\"13760ab4\" data-element_type=\"widget\" data-e-type=\"widget\" data-widget_type=\"heading.default\">\n\t\t\t\t\t<h2 class=\"elementor-heading-title elementor-size-default\">\u00cdtarefni og tenglar<\/h2>\t\t\t\t<\/div>\n\t\t<div class=\"elementor-element elementor-element-28c87796 e-con-full e-flex e-con e-child\" data-id=\"28c87796\" data-element_type=\"container\" data-e-type=\"container\">\n\t\t\t\t<div class=\"elementor-element elementor-element-5d6538df elementor-widget elementor-widget-text-editor\" data-id=\"5d6538df\" data-element_type=\"widget\" data-e-type=\"widget\" data-widget_type=\"text-editor.default\">\n\t\t\t\t\t\t\t\t\t<ul><li><a href=\"https:\/\/iwell-guard.com\/is\/?page_id=168679\">Gu\u00f0ir<\/a>: Yfirlit yfir gu\u00f0ina<\/li><li><a href=\"https:\/\/iwell-guard.com\/is\/?page_id=168595\">R\u00f3m<\/a>: r\u00f3mversk <span class=\"iwg-fachbegriff\" data-tooltip=\"\u00d6ll var\u00f0veitt go\u00f0sagnasagnahef\u00f0 tiltekinnar menningar.\" tabindex=\"0\">go\u00f0afr\u00e6\u00f0i<\/span><\/li><li><a href=\"https:\/\/iwell-guard.com\/is\/?page_id=168836\">J\u00fan\u00f3<\/a>: eiginkona J\u00fap\u00edters og hluti af Kap\u00edt\u00f3lsh\u00e6\u00f0ar-\u00ferenningunni<\/li><li><a href=\"https:\/\/iwell-guard.com\/is\/?page_id=168710\">Seifur<\/a>: gr\u00edska hli\u00f0st\u00e6\u00f0a J\u00fap\u00edters<\/li><\/ul>\t\t\t\t\t\t\t\t<\/div>\n\t\t\t\t<\/div>\n\t\t\t\t\t<\/div>\n\t\t\t\t<\/div>\n\t\t<div class=\"elementor-element elementor-element-grl4kl40 e-flex e-con-boxed e-con e-parent\" data-id=\"grl4kl40\" data-element_type=\"container\" data-e-type=\"container\">\n\t\t\t\t\t<div class=\"e-con-inner\">\n\t\t\t\t<div class=\"elementor-element elementor-element-bzsbfrmh elementor-widget elementor-widget-heading\" data-id=\"bzsbfrmh\" data-element_type=\"widget\" data-e-type=\"widget\" data-widget_type=\"heading.default\">\n\t\t\t\t\t<h2 class=\"elementor-heading-title elementor-size-default\">Heimildir (\u00farval)<\/h2>\t\t\t\t<\/div>\n\t\t<div class=\"elementor-element elementor-element-2c13224a e-con-full e-flex e-con e-child\" data-id=\"2c13224a\" data-element_type=\"container\" data-e-type=\"container\">\n\t\t\t\t<div class=\"elementor-element elementor-element-0eymh9ub elementor-widget elementor-widget-text-editor\" data-id=\"0eymh9ub\" data-element_type=\"widget\" data-e-type=\"widget\" data-widget_type=\"text-editor.default\">\n\t\t\t\t\t\t\t\t\t<footer class=\"iwg-literatur\"><ul><li><span data-nosnippet>Mary Beard, John North, Simon Price: Religions of Rome, Cambridge University Press 1998.<\/span><\/li><li><span data-nosnippet>Georg Wissowa: Religion und Kultus der R\u00f6mer, C. H. Beck, M\u00fcnchen 1912.<\/span><\/li><li><span data-nosnippet>Kurt Latte: R\u00f6mische Religionsgeschichte, C. H. Beck, M\u00fcnchen 1960.<\/span><\/li><li><span data-nosnippet>Georges Dum\u00e9zil: La religion romaine archa\u00efque, Payot, Paris 1966.<\/span><\/li><li><span data-nosnippet>\u00c9mile Benveniste: Le vocabulaire des institutions indo-europ\u00e9ennes, \u00c9ditions de Minuit, Paris 1969.<\/span><\/li><\/ul><\/footer>\t\t\t\t\t\t\t\t<\/div>\n\t\t\t\t<\/div>\n\t\t\t\t\t<\/div>\n\t\t\t\t<\/div>\n\t\t\t\t<section class=\"elementor-section elementor-top-section elementor-element elementor-element-wv-jupiter-faq elementor-section-boxed elementor-section-height-default elementor-section-height-default\" data-id=\"wv-jupiter-faq\" data-element_type=\"section\" data-e-type=\"section\">\n\t\t\t\t\t\t<div class=\"elementor-container elementor-column-gap-default\">\n\t\t\t\t\t<div class=\"elementor-column elementor-col-100 elementor-top-column elementor-element elementor-element-wv-jupiter-faq-col\" data-id=\"wv-jupiter-faq-col\" data-element_type=\"column\" data-e-type=\"column\">\n\t\t\t<div class=\"elementor-widget-wrap elementor-element-populated\">\n\t\t\t\t\t\t<div class=\"elementor-element elementor-element-wv-jupiter-h elementor-widget elementor-widget-heading\" data-id=\"wv-jupiter-h\" data-element_type=\"widget\" data-e-type=\"widget\" data-widget_type=\"heading.default\">\n\t\t\t\t\t<h2 class=\"elementor-heading-title elementor-size-default\">Algengar spurningar um J\u00fap\u00edter<\/h2>\t\t\t\t<\/div>\n\t\t\t\t<div class=\"elementor-element elementor-element-wv-jupiter-t elementor-widget elementor-widget-text-editor\" data-id=\"wv-jupiter-t\" data-element_type=\"widget\" data-e-type=\"widget\" data-widget_type=\"text-editor.default\">\n\t\t\t\t\t\t\t\t\t\n<details class=\"iwg-faq-item\">\n  <summary><strong>Hver er J\u00fap\u00edter?<\/strong><\/summary>\n  <p>J\u00fap\u00edter er \u00e6\u00f0sti gu\u00f0 r\u00f3mverska go\u00f0heimsins og hi\u00f0 erf\u00f0afr\u00e6\u00f0ilega hli\u00f0st\u00e6\u00f0a gr\u00edska gu\u00f0sins Seifs. Nafn hans var\u00f0veitir hinu ind\u00f3evr\u00f3pska r\u00f3t dyeu-pater, himnaf\u00f6\u00f0ur. H\u00fan tengir hann vi\u00f0 hina ved\u00edsku Dyaus Pita, hinn germanska T\u00fd og hinn gr\u00edska Seif \u00ed eina or\u00f0afj\u00f6lskyldu. Sem gu\u00f0 dagslj\u00f3ssins, \u00ferumunnar, ei\u00f0sins og hinnar stj\u00f3rnm\u00e1lalegu skipanar er hann \u00ed meira en \u00fe\u00fasund \u00e1r \u00ed mi\u00f0ju r\u00f3mverskrar tr\u00faarbrag\u00f0a. Hann er talinn \u00e6\u00f0sti verndari hinnar r\u00f3mversku r\u00edkisskipulags.<\/p>\n<\/details>\n\n<details class=\"iwg-faq-item\">\n  <summary><strong>Hva\u00f0a hlutverki gegndi J\u00fap\u00edter \u00ed r\u00f3mverskri r\u00edkistr\u00fa?<\/strong><\/summary>\n  <p>J\u00fap\u00edter var ekki einn gu\u00f0 me\u00f0al margra, heldur \u00e6\u00f0sti verndari hinnar r\u00f3mversku skipanar. Undir \u00e1kalli hans voru emb\u00e6ttisei\u00f0ar, hersei\u00f0urinn og al\u00fej\u00f3\u00f0legir s\u00e1ttm\u00e1lar ger\u00f0ir. R\u00e6\u00f0isma\u00f0urinn f\u00e6r\u00f0i f\u00f3rn vi\u00f0 emb\u00e6ttist\u00f6ku \u00e1 Kap\u00edt\u00f3lh\u00e6\u00f0inni og sigurs\u00e6li herforinginn leiddi sigurg\u00f6ngu s\u00edna alla lei\u00f0 til J\u00fap\u00edterhofsins. Fullt nafn hans, Iuppiter Optimus Maximus, hinn besti og mesti, tilgreinir a\u00f0alvi\u00f0takanda hins opinbera r\u00edkistr\u00faarl\u00edfs.<\/p>\n<\/details>\n\n<details class=\"iwg-faq-item\">\n  <summary><strong>Hva\u00f0 er hi\u00f0 kap\u00edt\u00f3l\u00edska \u00ferenning?<\/strong><\/summary>\n  <p>\u00cd kap\u00edt\u00f3l\u00edska <span class=\"iwg-fachbegriff\" data-tooltip=\"Bygging sem er notu\u00f0 til tilbei\u00f0slu \u00e1 einni e\u00f0a fleiri gu\u00f0um.\" tabindex=\"0\">hofinu<\/span> deildi J\u00fap\u00edter a\u00f0alsalnum me\u00f0 J\u00fan\u00f3 og M\u00ednervu, hinni kap\u00edt\u00f3l\u00edsku \u00ferenningu. Mi\u00f0ju <span class=\"iwg-fachbegriff\" data-tooltip=\"L\u00edtill helgur geymslu- e\u00f0a b\u00e6nasta\u00f0ur.\" tabindex=\"0\">skr\u00edni\u00f0<\/span> og hinn stj\u00f3rnm\u00e1lalegi forgangur tilheyr\u00f0u honum \u00fe\u00f3. \u00c1byrgur fyrir \u00fej\u00f3nustu hans var flamen Dialis, s\u00e1 \u00e6\u00f0sti hinna \u00feriggja st\u00f3ru flamines, sem l\u00e1 undir fj\u00f6lm\u00f6rgum tr\u00faarlegum banni, me\u00f0al annars a\u00f0 st\u00edga ekki \u00e1 hest og snerta ekki l\u00edkama hins l\u00e1tna.<\/p>\n<\/details>\n\n<details class=\"iwg-faq-item\">\n  <summary><strong>Hvernig tengist J\u00fap\u00edter gr\u00edska Seifi?<\/strong><\/summary>\n  <p>\u00deegar \u00e1 fyrstu t\u00edmum j\u00f6fnu\u00f0u R\u00f3mverjar J\u00fap\u00edter vi\u00f0 gr\u00edska Seif. \u00deessi interpretatio var ekki einf\u00f6ld \u00fe\u00fd\u00f0ing, heldur langvinnt ferli. \u00cd \u00fev\u00ed ferli var gr\u00edsk go\u00f0afr\u00e6\u00f0i flutt yfir \u00e1 r\u00f3mverska gu\u00f0inn. Hinn heimafenginn J\u00fap\u00edter kemur upphaflega fram sem himin- og ve\u00f0urgu\u00f0 me\u00f0 stj\u00f3rnskipulegu hlutverki. J\u00f6fnunin f\u00e6r\u00f0i me\u00f0 s\u00e9r fr\u00e1sagnarefni gr\u00edskrar sk\u00e1ldskapar, me\u00f0al annars f\u00e6\u00f0inguna \u00e1 Kr\u00edt og bardagann vi\u00f0 T\u00edtanana.<\/p>\n<\/details>\n\t\t\t\t\t\t\t\t<\/div>\n\t\t\t\t<div class=\"elementor-element elementor-element-wv-jupiter-s elementor-widget elementor-widget-html\" data-id=\"wv-jupiter-s\" data-element_type=\"widget\" data-e-type=\"widget\" data-widget_type=\"html.default\">\n\t\t\t\t\t<script type=\"application\/ld+json\">{\"@context\": \"https:\/\/schema.org\", \"@type\": \"FAQPage\", \"mainEntity\": [{\"@type\": \"Question\", \"name\": \"Hver er J\u00fap\u00edter?\", \"acceptedAnswer\": {\"@type\": \"Answer\", \"text\": \"J\u00fap\u00edter er \u00e6\u00f0sti gu\u00f0 r\u00f3mverska go\u00f0heimsins og hi\u00f0 erf\u00f0afr\u00e6\u00f0ilega hli\u00f0st\u00e6\u00f0a gr\u00edska gu\u00f0sins Seifs. Nafn hans var\u00f0veitir hinu ind\u00f3evr\u00f3pska r\u00f3t dyeu-pater, himnaf\u00f6\u00f0ur, sem tengir hann vi\u00f0 hina ved\u00edsku Dyaus Pita, hinn germanska T\u00fd og hinn gr\u00edska Seif \u00ed eina or\u00f0afj\u00f6lskyldu. Sem gu\u00f0 dagslj\u00f3ssins, \u00ferumunnar, ei\u00f0sins og hinnar stj\u00f3rnm\u00e1lalegu skipanar er hann \u00ed meira en \u00fe\u00fasund \u00e1r \u00ed mi\u00f0ju r\u00f3mverskrar tr\u00faarbrag\u00f0a og er talinn \u00e6\u00f0sti verndari hinnar r\u00f3mversku r\u00edkisskipulags.\"}}, {\"@type\": \"Question\", \"name\": \"Hva\u00f0a hlutverki gegndi J\u00fap\u00edter \u00ed r\u00f3mverskri r\u00edkistr\u00fa?\", \"acceptedAnswer\": {\"@type\": \"Answer\", \"text\": \"J\u00fap\u00edter var ekki einn gu\u00f0 me\u00f0al margra, heldur \u00e6\u00f0sti verndari hinnar r\u00f3mversku skipanar. Undir \u00e1kalli hans voru emb\u00e6ttisei\u00f0ar, hersei\u00f0urinn og al\u00fej\u00f3\u00f0legir s\u00e1ttm\u00e1lar ger\u00f0ir. R\u00e6\u00f0isma\u00f0urinn f\u00e6r\u00f0i f\u00f3rn vi\u00f0 emb\u00e6ttist\u00f6ku \u00e1 Kap\u00edt\u00f3lh\u00e6\u00f0inni og sigurs\u00e6li herforinginn leiddi sigurg\u00f6ngu s\u00edna alla lei\u00f0 til J\u00fap\u00edterhofsins. Fullt nafn hans, Iuppiter Optimus Maximus, hinn besti og mesti, tilgreinir a\u00f0alvi\u00f0takanda hins opinbera r\u00edkistr\u00faarl\u00edfs.\"}}, {\"@type\": \"Question\", \"name\": \"Hva\u00f0 er hi\u00f0 kap\u00edt\u00f3l\u00edska \u00ferenning?\", \"acceptedAnswer\": {\"@type\": \"Answer\", \"text\": \"\u00cd kap\u00edt\u00f3l\u00edska hofinu deildi J\u00fap\u00edter a\u00f0alsalnum me\u00f0 J\u00fan\u00f3 og M\u00ednervu, hinni kap\u00edt\u00f3l\u00edsku \u00ferenningu. Mi\u00f0ju skr\u00edni\u00f0 og hinn stj\u00f3rnm\u00e1lalegi forgangur tilheyr\u00f0u honum \u00fe\u00f3. \u00c1byrgur fyrir \u00fej\u00f3nustu hans var flamen Dialis, s\u00e1 \u00e6\u00f0sti hinna \u00feriggja st\u00f3ru flamines, sem l\u00e1 undir fj\u00f6lm\u00f6rgum tr\u00faarlegum banni, me\u00f0al annars a\u00f0 st\u00edga ekki \u00e1 hest og snerta ekki l\u00edkama hins l\u00e1tna.\"}}, {\"@type\": \"Question\", \"name\": \"Hvernig tengist J\u00fap\u00edter gr\u00edska Seifi?\", \"acceptedAnswer\": {\"@type\": \"Answer\", \"text\": \"\u00deegar \u00e1 fyrstu t\u00edmum j\u00f6fnu\u00f0u R\u00f3mverjar J\u00fap\u00edter vi\u00f0 gr\u00edska Seif. \u00deessi interpretatio var ekki einf\u00f6ld \u00fe\u00fd\u00f0ing, heldur langvinnt ferli, \u00fear sem gr\u00edsk go\u00f0afr\u00e6\u00f0i var flutt yfir \u00e1 r\u00f3mverska gu\u00f0inn. Hinn heimafenginn J\u00fap\u00edter kemur upphaflega fram sem himin- og ve\u00f0urgu\u00f0 me\u00f0 stj\u00f3rnskipulegu hlutverki, me\u00f0an j\u00f6fnunin f\u00e6r\u00f0i me\u00f0 s\u00e9r fr\u00e1sagnarefni gr\u00edskrar sk\u00e1ldskapar, me\u00f0al annars f\u00e6\u00f0inguna \u00e1 Kr\u00edt og bardagann vi\u00f0 T\u00edtanana.\"}}]}<\/script>\t\t\t\t<\/div>\n\t\t\t\t\t<\/div>\n\t\t<\/div>\n\t\t\t\t\t<\/div>\n\t\t<\/section>\n\t\t\t\t<\/div>\n\t\t","protected":false},"excerpt":{"rendered":"","protected":false},"author":3,"featured_media":3401,"parent":0,"menu_order":0,"comment_status":"closed","ping_status":"closed","template":"elementor_header_footer","meta":{"_yoast_wpseo_focuskw":"J\u00fap\u00edter, \u00e6\u00f0sti gu\u00f0 R\u00f3mverja","_yoast_wpseo_title":"J\u00fap\u00edter - \u00c6\u00f0sti gu\u00f0 r\u00f3mverska go\u00f0aheimsins","_yoast_wpseo_metadesc":"J\u00fap\u00edter Optimus Maximus, \u00e6\u00f0sti gu\u00f0 r\u00f3mverska go\u00f0aheimsins: ind\u00f3evr\u00f3psk arfleif\u00f0, kap\u00edt\u00f3lska \u00ferenningin, r\u00edkisd\u00fdrkun og \u00e1hrif fram \u00e1 s\u00ed\u00f0ari t\u00edma.","_yoast_wpseo_meta-robots-noindex":"","_yoast_wpseo_canonical":"","_angie_page":false,"gefaehrdungsstufe":"2","wesen_kultur":"rom","wesen_klasse":"goetter","footnotes":""},"categories":[],"class_list":["post-168896","page","type-page","status-publish","has-post-thumbnail","hentry"],"yoast_head":"<!-- This site is optimized with the Yoast SEO Premium plugin v27.7 (Yoast SEO v28.3) - https:\/\/yoast.com\/product\/yoast-seo-premium-wordpress\/ -->\n<title>J\u00fap\u00edter - \u00c6\u00f0sti gu\u00f0 r\u00f3mverska go\u00f0aheimsins<\/title>\n<meta name=\"description\" content=\"J\u00fap\u00edter Optimus Maximus, \u00e6\u00f0sti gu\u00f0 r\u00f3mverska go\u00f0aheimsins: ind\u00f3evr\u00f3psk arfleif\u00f0, kap\u00edt\u00f3lska \u00ferenningin, r\u00edkisd\u00fdrkun og \u00e1hrif fram \u00e1 s\u00ed\u00f0ari t\u00edma.\" \/>\n<meta name=\"robots\" content=\"index, follow, max-snippet:-1, max-image-preview:large, max-video-preview:-1\" \/>\n<link rel=\"canonical\" href=\"https:\/\/iwell-guard.com\/is\/jupiter\/\" \/>\n<meta property=\"og:locale\" content=\"is_IS\" \/>\n<meta property=\"og:type\" content=\"article\" \/>\n<meta property=\"og:title\" content=\"J\u00fap\u00edter\" \/>\n<meta property=\"og:description\" content=\"J\u00fap\u00edter Optimus Maximus, \u00e6\u00f0sti gu\u00f0 r\u00f3mverska go\u00f0aheimsins: ind\u00f3evr\u00f3psk arfleif\u00f0, kap\u00edt\u00f3lska \u00ferenningin, r\u00edkisd\u00fdrkun og \u00e1hrif fram \u00e1 s\u00ed\u00f0ari t\u00edma.\" \/>\n<meta property=\"og:url\" content=\"https:\/\/iwell-guard.com\/is\/jupiter\/\" \/>\n<meta property=\"og:site_name\" content=\"iWell Guard\" \/>\n<meta property=\"article:modified_time\" content=\"2026-09-05T14:22:15+00:00\" \/>\n<meta property=\"og:image\" content=\"https:\/\/iwell-guard.com\/wp-content\/uploads\/2026\/05\/praktiken_jupiter.webp\" \/>\n\t<meta property=\"og:image:width\" content=\"1024\" \/>\n\t<meta property=\"og:image:height\" content=\"1536\" \/>\n\t<meta property=\"og:image:type\" content=\"image\/webp\" \/>\n<meta name=\"twitter:card\" content=\"summary_large_image\" \/>\n<script type=\"application\/ld+json\" class=\"yoast-schema-graph\">{\"@context\":\"https:\\\/\\\/schema.org\",\"@graph\":[{\"@type\":\"WebPage\",\"@id\":\"https:\\\/\\\/iwell-guard.com\\\/is\\\/jupiter\\\/\",\"url\":\"https:\\\/\\\/iwell-guard.com\\\/is\\\/jupiter\\\/\",\"name\":\"J\u00fap\u00edter - \u00c6\u00f0sti gu\u00f0 r\u00f3mverska go\u00f0aheimsins\",\"isPartOf\":{\"@id\":\"https:\\\/\\\/iwell-guard.com\\\/is\\\/#website\"},\"primaryImageOfPage\":{\"@id\":\"https:\\\/\\\/iwell-guard.com\\\/is\\\/jupiter\\\/#primaryimage\"},\"image\":{\"@id\":\"https:\\\/\\\/iwell-guard.com\\\/is\\\/jupiter\\\/#primaryimage\"},\"thumbnailUrl\":\"https:\\\/\\\/iwell-guard.com\\\/wp-content\\\/uploads\\\/2026\\\/05\\\/praktiken_jupiter.webp\",\"datePublished\":\"2026-09-05T14:03:52+00:00\",\"dateModified\":\"2026-09-05T14:22:15+00:00\",\"description\":\"J\u00fap\u00edter Optimus Maximus, \u00e6\u00f0sti gu\u00f0 r\u00f3mverska go\u00f0aheimsins: ind\u00f3evr\u00f3psk arfleif\u00f0, kap\u00edt\u00f3lska \u00ferenningin, r\u00edkisd\u00fdrkun og \u00e1hrif fram \u00e1 s\u00ed\u00f0ari t\u00edma.\",\"breadcrumb\":{\"@id\":\"https:\\\/\\\/iwell-guard.com\\\/is\\\/jupiter\\\/#breadcrumb\"},\"inLanguage\":\"is\",\"potentialAction\":[{\"@type\":\"ReadAction\",\"target\":[\"https:\\\/\\\/iwell-guard.com\\\/is\\\/jupiter\\\/\"]}]},{\"@type\":\"ImageObject\",\"inLanguage\":\"is\",\"@id\":\"https:\\\/\\\/iwell-guard.com\\\/is\\\/jupiter\\\/#primaryimage\",\"url\":\"https:\\\/\\\/iwell-guard.com\\\/wp-content\\\/uploads\\\/2026\\\/05\\\/praktiken_jupiter.webp\",\"contentUrl\":\"https:\\\/\\\/iwell-guard.com\\\/wp-content\\\/uploads\\\/2026\\\/05\\\/praktiken_jupiter.webp\",\"width\":1024,\"height\":1536,\"caption\":\"Ath\u00f6fn. S\u00f6guleg og myndr\u00e6n framsetning.\"},{\"@type\":\"BreadcrumbList\",\"@id\":\"https:\\\/\\\/iwell-guard.com\\\/is\\\/jupiter\\\/#breadcrumb\",\"itemListElement\":[{\"@type\":\"ListItem\",\"position\":1,\"name\":\"Start\",\"item\":\"https:\\\/\\\/iwell-guard.com\\\/is\\\/?page_id=168580\"},{\"@type\":\"ListItem\",\"position\":2,\"name\":\"J\u00fap\u00edter\"}]},{\"@type\":\"WebSite\",\"@id\":\"https:\\\/\\\/iwell-guard.com\\\/is\\\/#website\",\"url\":\"https:\\\/\\\/iwell-guard.com\\\/is\\\/\",\"name\":\"iWell Guard\",\"description\":\"Schutz vor dunklen Einfl\u00fcssen\",\"publisher\":{\"@id\":\"https:\\\/\\\/iwell-guard.com\\\/is\\\/#organization\"},\"potentialAction\":[{\"@type\":\"SearchAction\",\"target\":{\"@type\":\"EntryPoint\",\"urlTemplate\":\"https:\\\/\\\/iwell-guard.com\\\/is\\\/?s={search_term_string}\"},\"query-input\":{\"@type\":\"PropertyValueSpecification\",\"valueRequired\":true,\"valueName\":\"search_term_string\"}}],\"inLanguage\":\"is\"},{\"@type\":\"Organization\",\"@id\":\"https:\\\/\\\/iwell-guard.com\\\/is\\\/#organization\",\"name\":\"Ittermann electronic GmbH\",\"url\":\"https:\\\/\\\/iwell-guard.com\\\/is\\\/\",\"logo\":{\"@type\":\"ImageObject\",\"inLanguage\":\"is\",\"@id\":\"https:\\\/\\\/iwell-guard.com\\\/is\\\/#\\\/schema\\\/logo\\\/image\\\/\",\"url\":\"https:\\\/\\\/iwell-guard.com\\\/wp-content\\\/uploads\\\/2026\\\/05\\\/Ittermann-Logo-1182x237-1.png\",\"contentUrl\":\"https:\\\/\\\/iwell-guard.com\\\/wp-content\\\/uploads\\\/2026\\\/05\\\/Ittermann-Logo-1182x237-1.png\",\"width\":1182,\"height\":237,\"caption\":\"Ittermann electronic GmbH\"},\"image\":{\"@id\":\"https:\\\/\\\/iwell-guard.com\\\/is\\\/#\\\/schema\\\/logo\\\/image\\\/\"},\"sameAs\":[\"https:\\\/\\\/pantip.com\\\/profile\\\/9367242\",\"https:\\\/\\\/micro.blog\\\/iwellguard\",\"https:\\\/\\\/www.diggerslist.com\\\/iwellguard\\\/about\",\"https:\\\/\\\/skitterphoto.com\\\/photographers\\\/2870314\\\/iwell-guard\",\"https:\\\/\\\/iwellguard.wordpress.com\\\/2026\\\/06\\\/06\\\/iwell-guard\\\/\",\"https:\\\/\\\/hub.docker.com\\\/u\\\/iwellguard\",\"https:\\\/\\\/www.pinterest.com\\\/iwellguard\\\/\",\"https:\\\/\\\/bit.ly\\\/m\\\/iwellguard\",\"https:\\\/\\\/entre-vos-mains.alsace.eu\\\/profiles\\\/iwellguard\\\/activity\",\"https:\\\/\\\/gravatar.com\\\/reallybeded8fd34\",\"https:\\\/\\\/naijamatta.com\\\/iwellguard\",\"https:\\\/\\\/www.goodreads.com\\\/iwellguard\",\"https:\\\/\\\/profile.hatena.ne.jp\\\/iwellguard\\\/\",\"https:\\\/\\\/experiment.com\\\/users\\\/iwellguard\",\"https:\\\/\\\/wakelet.com\\\/@iWellGuard82270\",\"https:\\\/\\\/www.chordie.com\\\/forum\\\/profile.php?id=2555664\",\"https:\\\/\\\/www.instapaper.com\\\/p\\\/17757966\",\"https:\\\/\\\/www.mapleprimes.com\\\/users\\\/iwellguard\",\"https:\\\/\\\/businesslistingplus.com\\\/profile\\\/iwell-guard\\\/\",\"https:\\\/\\\/telegra.ph\\\/iWell-Guard-06-06\",\"https:\\\/\\\/pbase.com\\\/iwellguard\\\/iwellguard\",\"https:\\\/\\\/b.hatena.ne.jp\\\/iwellguard\\\/20260607#bookmark-4788405196491818882\",\"https:\\\/\\\/fliphtml5.com\\\/home\\\/iwellguard\",\"https:\\\/\\\/anyflip.com\\\/homepage\\\/cmiwl#About\",\"https:\\\/\\\/transfur.com\\\/Users\\\/iwellguard\",\"http:\\\/\\\/delphi.larsbo.org\\\/user\\\/iwellguard\",\"https:\\\/\\\/jobs.lajobsportal.org\\\/profiles\\\/8380803-iwell-guard\",\"https:\\\/\\\/md.chaosdorf.de\\\/s\\\/jfbe5SBdJD\",\"https:\\\/\\\/www.lingvolive.com\\\/en-us\\\/profile\\\/9ecaeaca-ce11-4e51-9e71-01d55e2bff36\\\/translations\",\"https:\\\/\\\/www.fitday.com\\\/fitness\\\/forums\\\/members\\\/iwellguard.html\",\"https:\\\/\\\/www.mymeetbook.com\\\/iwellguard\",\"https:\\\/\\\/pxhere.com\\\/en\\\/photographer-me\\\/5040798\",\"https:\\\/\\\/disqus.com\\\/by\\\/iwellguard\\\/about\\\/\",\"https:\\\/\\\/pastelink.net\\\/hjwciqwq\",\"https:\\\/\\\/pubhtml5.com\\\/homepage\\\/scjhn\\\/\",\"https:\\\/\\\/www.bitchute.com\\\/channel\\\/2O2eOKzNqujT\",\"https:\\\/\\\/audiomack.com\\\/iwellguard\"]},{\"@type\":\"Article\",\"@id\":\"https:\\\/\\\/iwell-guard.com\\\/is\\\/jupiter\\\/#article\",\"isPartOf\":{\"@id\":\"https:\\\/\\\/iwell-guard.com\\\/is\\\/jupiter\\\/\"},\"author\":{\"name\":\"Ralf Ittermann\",\"@id\":\"https:\\\/\\\/iwell-guard.com\\\/is\\\/#\\\/schema\\\/person\\\/ee2a27f1cac3406c7c6fb5820cb7349f\"},\"headline\":\"J\u00fap\u00edter\",\"datePublished\":\"2026-09-05T14:03:52+00:00\",\"dateModified\":\"2026-09-05T14:22:15+00:00\",\"mainEntityOfPage\":{\"@id\":\"https:\\\/\\\/iwell-guard.com\\\/is\\\/jupiter\\\/\"},\"publisher\":{\"@id\":\"https:\\\/\\\/iwell-guard.com\\\/is\\\/#organization\"},\"image\":{\"@id\":\"https:\\\/\\\/iwell-guard.com\\\/is\\\/jupiter\\\/#primaryimage\"},\"thumbnailUrl\":\"https:\\\/\\\/iwell-guard.com\\\/wp-content\\\/uploads\\\/2026\\\/05\\\/praktiken_jupiter.webp\",\"inLanguage\":\"is\",\"description\":\"J\u00fap\u00edter Optimus Maximus, \u00e6\u00f0sti gu\u00f0 r\u00f3mverska go\u00f0aheimsins: ind\u00f3evr\u00f3psk arfleif\u00f0, kap\u00edt\u00f3lska \u00ferenningin, r\u00edkisd\u00fdrkun og \u00e1hrif fram \u00e1 s\u00ed\u00f0ari t\u00edma.\"}]}<\/script>\n<!-- \/ Yoast SEO Premium plugin. -->","yoast_head_json":{"title":"J\u00fap\u00edter - \u00c6\u00f0sti gu\u00f0 r\u00f3mverska go\u00f0aheimsins","description":"J\u00fap\u00edter Optimus Maximus, \u00e6\u00f0sti gu\u00f0 r\u00f3mverska go\u00f0aheimsins: ind\u00f3evr\u00f3psk arfleif\u00f0, kap\u00edt\u00f3lska \u00ferenningin, r\u00edkisd\u00fdrkun og \u00e1hrif fram \u00e1 s\u00ed\u00f0ari t\u00edma.","robots":{"index":"index","follow":"follow","max-snippet":"max-snippet:-1","max-image-preview":"max-image-preview:large","max-video-preview":"max-video-preview:-1"},"canonical":"https:\/\/iwell-guard.com\/is\/jupiter\/","og_locale":"is_IS","og_type":"article","og_title":"J\u00fap\u00edter","og_description":"J\u00fap\u00edter Optimus Maximus, \u00e6\u00f0sti gu\u00f0 r\u00f3mverska go\u00f0aheimsins: ind\u00f3evr\u00f3psk arfleif\u00f0, kap\u00edt\u00f3lska \u00ferenningin, r\u00edkisd\u00fdrkun og \u00e1hrif fram \u00e1 s\u00ed\u00f0ari t\u00edma.","og_url":"https:\/\/iwell-guard.com\/is\/jupiter\/","og_site_name":"iWell Guard","article_modified_time":"2026-09-05T14:22:15+00:00","og_image":[{"width":1024,"height":1536,"url":"https:\/\/iwell-guard.com\/wp-content\/uploads\/2026\/05\/praktiken_jupiter.webp","type":"image\/webp"}],"twitter_card":"summary_large_image","schema":{"@context":"https:\/\/schema.org","@graph":[{"@type":"Article","@id":"https:\/\/iwell-guard.com\/is\/jupiter\/#article","isPartOf":{"@id":"https:\/\/iwell-guard.com\/is\/jupiter\/"},"author":{"name":"Ralf Ittermann","@id":"https:\/\/iwell-guard.com\/is\/#\/schema\/person\/ee2a27f1cac3406c7c6fb5820cb7349f"},"headline":"J\u00fap\u00edter","datePublished":"2026-09-05T14:03:52+00:00","dateModified":"2026-09-05T14:22:15+00:00","mainEntityOfPage":{"@id":"https:\/\/iwell-guard.com\/is\/jupiter\/"},"publisher":{"@id":"https:\/\/iwell-guard.com\/is\/#organization"},"image":{"@id":"https:\/\/iwell-guard.com\/is\/jupiter\/#primaryimage"},"thumbnailUrl":"https:\/\/iwell-guard.com\/wp-content\/uploads\/2026\/05\/praktiken_jupiter.webp","inLanguage":"is","description":"J\u00fap\u00edter Optimus Maximus, \u00e6\u00f0sti gu\u00f0 r\u00f3mverska go\u00f0aheimsins: ind\u00f3evr\u00f3psk arfleif\u00f0, kap\u00edt\u00f3lska \u00ferenningin, r\u00edkisd\u00fdrkun og \u00e1hrif fram \u00e1 s\u00ed\u00f0ari t\u00edma."},{"@type":"WebPage","@id":"https:\/\/iwell-guard.com\/is\/jupiter\/","url":"https:\/\/iwell-guard.com\/is\/jupiter\/","name":"J\u00fap\u00edter - \u00c6\u00f0sti gu\u00f0 r\u00f3mverska go\u00f0aheimsins","isPartOf":{"@id":"https:\/\/iwell-guard.com\/is\/#website"},"primaryImageOfPage":{"@id":"https:\/\/iwell-guard.com\/is\/jupiter\/#primaryimage"},"image":{"@id":"https:\/\/iwell-guard.com\/is\/jupiter\/#primaryimage"},"thumbnailUrl":"https:\/\/iwell-guard.com\/wp-content\/uploads\/2026\/05\/praktiken_jupiter.webp","datePublished":"2026-09-05T14:03:52+00:00","dateModified":"2026-09-05T14:22:15+00:00","description":"J\u00fap\u00edter Optimus Maximus, \u00e6\u00f0sti gu\u00f0 r\u00f3mverska go\u00f0aheimsins: ind\u00f3evr\u00f3psk arfleif\u00f0, kap\u00edt\u00f3lska \u00ferenningin, r\u00edkisd\u00fdrkun og \u00e1hrif fram \u00e1 s\u00ed\u00f0ari t\u00edma.","breadcrumb":{"@id":"https:\/\/iwell-guard.com\/is\/jupiter\/#breadcrumb"},"inLanguage":"is","potentialAction":[{"@type":"ReadAction","target":["https:\/\/iwell-guard.com\/is\/jupiter\/"]}]},{"@type":"ImageObject","inLanguage":"is","@id":"https:\/\/iwell-guard.com\/is\/jupiter\/#primaryimage","url":"https:\/\/iwell-guard.com\/wp-content\/uploads\/2026\/05\/praktiken_jupiter.webp","contentUrl":"https:\/\/iwell-guard.com\/wp-content\/uploads\/2026\/05\/praktiken_jupiter.webp","width":1024,"height":1536,"caption":"Ath\u00f6fn. S\u00f6guleg og myndr\u00e6n framsetning."},{"@type":"BreadcrumbList","@id":"https:\/\/iwell-guard.com\/is\/jupiter\/#breadcrumb","itemListElement":[{"@type":"ListItem","position":1,"name":"Start","item":"https:\/\/iwell-guard.com\/is\/?page_id=168580"},{"@type":"ListItem","position":2,"name":"J\u00fap\u00edter"}]},{"@type":"WebSite","@id":"https:\/\/iwell-guard.com\/is\/#website","url":"https:\/\/iwell-guard.com\/is\/","name":"iWell Guard","description":"Schutz vor dunklen Einfl\u00fcssen","publisher":{"@id":"https:\/\/iwell-guard.com\/is\/#organization"},"potentialAction":[{"@type":"SearchAction","target":{"@type":"EntryPoint","urlTemplate":"https:\/\/iwell-guard.com\/is\/?s={search_term_string}"},"query-input":{"@type":"PropertyValueSpecification","valueRequired":true,"valueName":"search_term_string"}}],"inLanguage":"is"},{"@type":"Organization","@id":"https:\/\/iwell-guard.com\/is\/#organization","name":"Ittermann electronic GmbH","url":"https:\/\/iwell-guard.com\/is\/","logo":{"@type":"ImageObject","inLanguage":"is","@id":"https:\/\/iwell-guard.com\/is\/#\/schema\/logo\/image\/","url":"https:\/\/iwell-guard.com\/wp-content\/uploads\/2026\/05\/Ittermann-Logo-1182x237-1.png","contentUrl":"https:\/\/iwell-guard.com\/wp-content\/uploads\/2026\/05\/Ittermann-Logo-1182x237-1.png","width":1182,"height":237,"caption":"Ittermann electronic GmbH"},"image":{"@id":"https:\/\/iwell-guard.com\/is\/#\/schema\/logo\/image\/"},"sameAs":["https:\/\/pantip.com\/profile\/9367242","https:\/\/micro.blog\/iwellguard","https:\/\/www.diggerslist.com\/iwellguard\/about","https:\/\/skitterphoto.com\/photographers\/2870314\/iwell-guard","https:\/\/iwellguard.wordpress.com\/2026\/06\/06\/iwell-guard\/","https:\/\/hub.docker.com\/u\/iwellguard","https:\/\/www.pinterest.com\/iwellguard\/","https:\/\/bit.ly\/m\/iwellguard","https:\/\/entre-vos-mains.alsace.eu\/profiles\/iwellguard\/activity","https:\/\/gravatar.com\/reallybeded8fd34","https:\/\/naijamatta.com\/iwellguard","https:\/\/www.goodreads.com\/iwellguard","https:\/\/profile.hatena.ne.jp\/iwellguard\/","https:\/\/experiment.com\/users\/iwellguard","https:\/\/wakelet.com\/@iWellGuard82270","https:\/\/www.chordie.com\/forum\/profile.php?id=2555664","https:\/\/www.instapaper.com\/p\/17757966","https:\/\/www.mapleprimes.com\/users\/iwellguard","https:\/\/businesslistingplus.com\/profile\/iwell-guard\/","https:\/\/telegra.ph\/iWell-Guard-06-06","https:\/\/pbase.com\/iwellguard\/iwellguard","https:\/\/b.hatena.ne.jp\/iwellguard\/20260607#bookmark-4788405196491818882","https:\/\/fliphtml5.com\/home\/iwellguard","https:\/\/anyflip.com\/homepage\/cmiwl#About","https:\/\/transfur.com\/Users\/iwellguard","http:\/\/delphi.larsbo.org\/user\/iwellguard","https:\/\/jobs.lajobsportal.org\/profiles\/8380803-iwell-guard","https:\/\/md.chaosdorf.de\/s\/jfbe5SBdJD","https:\/\/www.lingvolive.com\/en-us\/profile\/9ecaeaca-ce11-4e51-9e71-01d55e2bff36\/translations","https:\/\/www.fitday.com\/fitness\/forums\/members\/iwellguard.html","https:\/\/www.mymeetbook.com\/iwellguard","https:\/\/pxhere.com\/en\/photographer-me\/5040798","https:\/\/disqus.com\/by\/iwellguard\/about\/","https:\/\/pastelink.net\/hjwciqwq","https:\/\/pubhtml5.com\/homepage\/scjhn\/","https:\/\/www.bitchute.com\/channel\/2O2eOKzNqujT","https:\/\/audiomack.com\/iwellguard"]},{"@type":"Person","@id":"https:\/\/iwell-guard.com\/is\/#\/schema\/person\/ee2a27f1cac3406c7c6fb5820cb7349f","name":"Ralf Ittermann","image":{"@type":"ImageObject","inLanguage":"is","@id":"https:\/\/secure.gravatar.com\/avatar\/073c0153e350a5005b68eb752b445fea71f6b24a26da9449ad7e155e6b446c9d?s=96&d=mm&r=g","url":"https:\/\/secure.gravatar.com\/avatar\/073c0153e350a5005b68eb752b445fea71f6b24a26da9449ad7e155e6b446c9d?s=96&d=mm&r=g","contentUrl":"https:\/\/secure.gravatar.com\/avatar\/073c0153e350a5005b68eb752b445fea71f6b24a26da9449ad7e155e6b446c9d?s=96&d=mm&r=g","caption":"Ralf Ittermann"},"givenName":"Ralf","familyName":"Ittermann","jobTitle":"Gesch\u00e4ftsf\u00fchrer und redaktioneller Verantwortlicher","url":"https:\/\/iwell-guard.com\/is\/author\/claude\/","description":"Ralf Ittermann ist Gesch\u00e4ftsf\u00fchrer der Ittermann electronic GmbH und redaktioneller Verantwortlicher des iWell-Guard-Lexikons. Er verbindet langj\u00e4hrige Erfahrung in der Pr\u00e4zisionsfertigung mit medialer Praxis und religionsgeschichtlicher Quellenarbeit.","worksFor":{"@type":"Organization","name":"Ittermann electronic GmbH","url":"https:\/\/ittermann.de\/","address":{"@type":"PostalAddress","streetAddress":"K\u00f6hlergasse 16-18","postalCode":"99842","addressLocality":"Ruhla","addressCountry":"DE"}},"knowsAbout":["Religionsgeschichte","Mythologie","Mediale Praxis","Energetische Diagnostik","Schutzpraxis","Volksglauben","Westliche Esoterik"]},{"@type":"Article","@id":"https:\/\/iwell-guard.com\/is\/jupiter\/#article","isPartOf":{"@id":"https:\/\/iwell-guard.com\/is\/jupiter\/"},"author":{"name":"Ralf Ittermann","@id":"https:\/\/iwell-guard.com\/is\/#\/schema\/person\/ee2a27f1cac3406c7c6fb5820cb7349f"},"headline":"J\u00fap\u00edter","datePublished":"2026-09-05T14:03:52+00:00","dateModified":"2026-09-05T14:22:15+00:00","mainEntityOfPage":{"@id":"https:\/\/iwell-guard.com\/is\/jupiter\/"},"publisher":{"@id":"https:\/\/iwell-guard.com\/is\/#organization"},"image":{"@id":"https:\/\/iwell-guard.com\/is\/jupiter\/#primaryimage"},"thumbnailUrl":"https:\/\/iwell-guard.com\/wp-content\/uploads\/2026\/05\/praktiken_jupiter.webp","inLanguage":"is","description":"J\u00fap\u00edter Optimus Maximus, \u00e6\u00f0sti gu\u00f0 r\u00f3mverska go\u00f0aheimsins: ind\u00f3evr\u00f3psk arfleif\u00f0, kap\u00edt\u00f3lska \u00ferenningin, r\u00edkisd\u00fdrkun og \u00e1hrif fram \u00e1 s\u00ed\u00f0ari t\u00edma."}]}},"_links":{"self":[{"href":"https:\/\/iwell-guard.com\/is\/wp-json\/wp\/v2\/pages\/168896","targetHints":{"allow":["GET"]}}],"collection":[{"href":"https:\/\/iwell-guard.com\/is\/wp-json\/wp\/v2\/pages"}],"about":[{"href":"https:\/\/iwell-guard.com\/is\/wp-json\/wp\/v2\/types\/page"}],"author":[{"embeddable":true,"href":"https:\/\/iwell-guard.com\/is\/wp-json\/wp\/v2\/users\/3"}],"replies":[{"embeddable":true,"href":"https:\/\/iwell-guard.com\/is\/wp-json\/wp\/v2\/comments?post=168896"}],"version-history":[{"count":0,"href":"https:\/\/iwell-guard.com\/is\/wp-json\/wp\/v2\/pages\/168896\/revisions"}],"wp:featuredmedia":[{"embeddable":true,"href":"https:\/\/iwell-guard.com\/is\/wp-json\/wp\/v2\/media\/3401"}],"wp:attachment":[{"href":"https:\/\/iwell-guard.com\/is\/wp-json\/wp\/v2\/media?parent=168896"}],"wp:term":[{"taxonomy":"category","embeddable":true,"href":"https:\/\/iwell-guard.com\/is\/wp-json\/wp\/v2\/categories?post=168896"}],"curies":[{"name":"wp","href":"https:\/\/api.w.org\/{rel}","templated":true}]}}