{"id":168895,"date":"2026-09-05T14:03:51","date_gmt":"2026-09-05T14:03:51","guid":{"rendered":"https:\/\/iwell-guard.com\/?page_id=168895"},"modified":"2026-09-05T14:22:11","modified_gmt":"2026-09-05T14:22:11","slug":"sofia","status":"publish","type":"page","link":"https:\/\/iwell-guard.com\/is\/sofia\/","title":{"rendered":"Sof\u00eda"},"content":{"rendered":"\t\t<div data-elementor-type=\"wp-page\" data-elementor-id=\"168895\" class=\"elementor elementor-168895 elementor-2455 elementor-bc-flex-widget\" data-elementor-post-type=\"page\">\n\t\t\t\t<div class=\"elementor-element elementor-element-10fdade e-flex e-con-boxed e-con e-parent\" data-id=\"10fdade\" data-element_type=\"container\" data-e-type=\"container\" data-settings=\"{&quot;background_background&quot;:&quot;classic&quot;}\">\n\t\t\t\t\t<div class=\"e-con-inner\">\n\t\t<div class=\"elementor-element elementor-element-herohlft0 e-flex e-con-boxed e-con e-child\" data-id=\"herohlft0\" data-element_type=\"container\" data-e-type=\"container\">\n\t\t\t\t\t<div class=\"e-con-inner\">\n\t\t<div class=\"elementor-element elementor-element-c3ceb64 e-con-full e-flex e-con e-child\" data-id=\"c3ceb64\" data-element_type=\"container\" data-e-type=\"container\">\n\t\t\t\t<div class=\"elementor-element elementor-element-96ae5e1 elementor-widget elementor-widget-heading\" data-id=\"96ae5e1\" data-element_type=\"widget\" data-e-type=\"widget\" data-widget_type=\"heading.default\">\n\t\t\t\t\t<h1 class=\"elementor-heading-title elementor-size-default\">Sof\u00eda, pers\u00f3nugerving gu\u00f0legrar visku<\/h1>\t\t\t\t<\/div>\n\t\t\t\t<div class=\"elementor-element elementor-element-e45238a elementor-widget elementor-widget-text-editor\" data-id=\"e45238a\" data-element_type=\"widget\" data-e-type=\"widget\" data-widget_type=\"text-editor.default\">\n\t\t\t\t\t\t\t\t\t<p><strong>Sof\u00eda er<\/strong> gr\u00edska pers\u00f3nugervingin \u00e1 gu\u00f0legri visku. H\u00fan tengir hebreska hugtaki\u00f0 Chokhmah \u00far visku-b\u00f3kunum vi\u00f0 hellenska pers\u00f3nugervingu og ver\u00f0ur \u00ed <span class=\"iwg-fachbegriff\" data-tooltip=\"Tr\u00faarhreyfing fr\u00e1 s\u00ed\u00f0forn\u00f6ld sem kenndi frelsun me\u00f0 s\u00e9rstakri hj\u00e1lpr\u00e6\u00f0is\u00feekkingu.\" tabindex=\"0\">gnosis<\/span> lykilpers\u00f3na \u00ed heimsfr\u00e6\u00f0ilegri fr\u00e1s\u00f6gn.<\/p><p>\u00dear \u00fatsk\u00fdrir Sof\u00eda hvers vegna hinn efnislegi heimur er til yfirleitt og hvers vegna hann krefst frelsunarhreyfingar. \u00c1hrifasaga hennar spannar fr\u00e1 Tanakh, \u00ed gegnum ritsk\u00fdringar kirkjufe\u00f0ranna, til n\u00fat\u00edma es\u00f3ter\u00edskra og fem\u00edn\u00edskra hreyfinga.<\/p>\t\t\t\t\t\t\t\t<\/div>\n\t\t\t\t<\/div>\n\t\t<div class=\"elementor-element elementor-element-klsbdg01 e-con-full e-flex e-con e-parent\" data-id=\"klsbdg01\" data-element_type=\"container\" data-e-type=\"container\">\n\t\t\t\t<div class=\"elementor-element elementor-element-klshtm01 elementor-widget elementor-widget-html\" data-id=\"klshtm01\" data-element_type=\"widget\" data-e-type=\"widget\" data-widget_type=\"html.default\">\n\t\t\t\t\t<div class=\"iwg-pill-row\"><span class=\"iwg-klasse-badge\" tabindex=\"0\" data-tooltip=\"Gu\u00f0 \/ gy\u00f0ja: Pers\u00f3nuger\u00f0ur h\u00e6sti m\u00e1ttur \u00ed go\u00f0heimi menningar.\">Gy\u00f0ja<\/span><a href=\"https:\/\/iwell-guard.com\/is\/?page_id=168594\" class=\"iwg-kultur-badge\" tabindex=\"0\" data-tooltip=\"Go\u00f0afr\u00e6\u00f0i hins forna Grikklands, u.\u00fe.b. 800 f.Kr. til 400 e.Kr.\">Grikkland<\/a><\/div>\t\t\t\t<\/div>\n\t\t\t\t<\/div>\n\t\t<div class=\"elementor-element elementor-element-3f74855 e-con-full e-flex e-con e-child\" data-id=\"3f74855\" data-element_type=\"container\" data-e-type=\"container\">\n\t\t\t\t<div class=\"elementor-element elementor-element-1c30362 elementor-toc--minimized-on-tablet elementor-widget elementor-widget-table-of-contents\" data-id=\"1c30362\" data-element_type=\"widget\" data-e-type=\"widget\" data-settings=\"{&quot;exclude_headings_by_selector&quot;:[],&quot;no_headings_message&quot;:&quot;Engar undirfyrirsagnir fundust \\u00e1 \\u00feessari s\\u00ed\\u00f0u.&quot;,&quot;headings_by_tags&quot;:[&quot;h2&quot;,&quot;h3&quot;],&quot;marker_view&quot;:&quot;bullets&quot;,&quot;minimize_box&quot;:&quot;yes&quot;,&quot;icon&quot;:{&quot;value&quot;:&quot;fas fa-circle&quot;,&quot;library&quot;:&quot;fa-solid&quot;,&quot;rendered_tag&quot;:&quot;&lt;svg class=\\&quot;e-font-icon-svg e-fas-circle\\&quot; viewBox=\\&quot;0 0 512 512\\&quot; xmlns=\\&quot;http:\\\/\\\/www.w3.org\\\/2000\\\/svg\\&quot;&gt;&lt;path d=\\&quot;M256 8C119 8 8 119 8 256s111 248 248 248 248-111 248-248S393 8 256 8z\\&quot;&gt;&lt;\\\/path&gt;&lt;\\\/svg&gt;&quot;},&quot;minimized_on&quot;:&quot;tablet&quot;,&quot;hierarchical_view&quot;:&quot;yes&quot;,&quot;min_height&quot;:{&quot;unit&quot;:&quot;px&quot;,&quot;size&quot;:&quot;&quot;,&quot;sizes&quot;:[]},&quot;min_height_tablet&quot;:{&quot;unit&quot;:&quot;px&quot;,&quot;size&quot;:&quot;&quot;,&quot;sizes&quot;:[]},&quot;min_height_mobile&quot;:{&quot;unit&quot;:&quot;px&quot;,&quot;size&quot;:&quot;&quot;,&quot;sizes&quot;:[]}}\" data-widget_type=\"table-of-contents.default\">\n\t\t\t\t\t\t\t\t\t<div class=\"elementor-toc__header\">\n\t\t\t\t\t\t<h2 class=\"elementor-toc__header-title\">\n\t\t\t\tEfnisyfirlit\t\t\t<\/h2>\n\t\t\t\t\t\t\t\t\t\t<div class=\"elementor-toc__toggle-button elementor-toc__toggle-button--expand\" role=\"button\" tabindex=\"0\" aria-controls=\"elementor-toc__1c30362\" aria-expanded=\"true\" aria-label=\"Open table of contents\"><svg aria-hidden=\"true\" class=\"e-font-icon-svg e-fas-chevron-down\" viewBox=\"0 0 448 512\" xmlns=\"http:\/\/www.w3.org\/2000\/svg\"><path d=\"M207.029 381.476L12.686 187.132c-9.373-9.373-9.373-24.569 0-33.941l22.667-22.667c9.357-9.357 24.522-9.375 33.901-.04L224 284.505l154.745-154.021c9.379-9.335 24.544-9.317 33.901.04l22.667 22.667c9.373 9.373 9.373 24.569 0 33.941L240.971 381.476c-9.373 9.372-24.569 9.372-33.942 0z\"><\/path><\/svg><\/div>\n\t\t\t\t<div class=\"elementor-toc__toggle-button elementor-toc__toggle-button--collapse\" role=\"button\" tabindex=\"0\" aria-controls=\"elementor-toc__1c30362\" aria-expanded=\"true\" aria-label=\"Close table of contents\"><svg aria-hidden=\"true\" class=\"e-font-icon-svg e-fas-chevron-up\" viewBox=\"0 0 448 512\" xmlns=\"http:\/\/www.w3.org\/2000\/svg\"><path d=\"M240.971 130.524l194.343 194.343c9.373 9.373 9.373 24.569 0 33.941l-22.667 22.667c-9.357 9.357-24.522 9.375-33.901.04L224 227.495 69.255 381.516c-9.379 9.335-24.544 9.317-33.901-.04l-22.667-22.667c-9.373-9.373-9.373-24.569 0-33.941L207.03 130.525c9.372-9.373 24.568-9.373 33.941-.001z\"><\/path><\/svg><\/div>\n\t\t\t\t\t<\/div>\n\t\t\t\t<div id=\"elementor-toc__1c30362\" class=\"elementor-toc__body\">\n\t\t\t<div class=\"elementor-toc__spinner-container\">\n\t\t\t\t<svg class=\"elementor-toc__spinner eicon-animation-spin e-font-icon-svg e-eicon-loading\" aria-hidden=\"true\" viewBox=\"0 0 1000 1000\" xmlns=\"http:\/\/www.w3.org\/2000\/svg\"><path d=\"M500 975V858C696 858 858 696 858 500S696 142 500 142 142 304 142 500H25C25 237 238 25 500 25S975 237 975 500 763 975 500 975Z\"><\/path><\/svg>\t\t\t<\/div>\n\t\t<\/div>\n\t\t\t\t\t\t<\/div>\n\t\t\t\t<\/div>\n\t\t\t\t\t<\/div>\n\t\t\t\t<\/div>\n\t\t<div class=\"elementor-element elementor-element-herorght0 e-con-full e-flex e-con e-child\" data-id=\"herorght0\" data-element_type=\"container\" data-e-type=\"container\">\n\t\t\t\t<div class=\"elementor-element elementor-element-heroimg00 iwg-hero-image elementor-widget elementor-widget-image\" data-id=\"heroimg00\" data-element_type=\"widget\" data-e-type=\"widget\" data-widget_type=\"image.default\">\n\t\t\t\t\t\t\t\t\t\t\t\t\t\t\t<img fetchpriority=\"high\" decoding=\"async\" width=\"683\" height=\"1024\" src=\"https:\/\/iwell-guard.com\/wp-content\/uploads\/2026\/05\/praktiken_sophia-683x1024.webp\" class=\"attachment-large size-large wp-image-170632\" alt=\"Soph\u00eda - myndskreyting af Soph\u00edu-i\u00f0kun \u00ed s\u00f6gulegum, safnfr\u00e6\u00f0ilegum og heimildarlegum st\u00edl\" srcset=\"https:\/\/iwell-guard.com\/wp-content\/uploads\/2026\/05\/praktiken_sophia-683x1024.webp 683w, https:\/\/iwell-guard.com\/wp-content\/uploads\/2026\/05\/praktiken_sophia-200x300.webp 200w, https:\/\/iwell-guard.com\/wp-content\/uploads\/2026\/05\/praktiken_sophia-768x1152.webp 768w, https:\/\/iwell-guard.com\/wp-content\/uploads\/2026\/05\/praktiken_sophia.webp 1024w\" sizes=\"(max-width: 683px) 100vw, 683px\" \/>\t\t\t\t\t\t\t\t\t\t\t\t\t\t\t<\/div>\n\t\t\t\t<\/div>\n\t\t\t\t\t<\/div>\n\t\t\t\t<\/div>\n\t\t<div class=\"elementor-element elementor-element-32917199 e-flex e-con-boxed e-con e-parent\" data-id=\"32917199\" data-element_type=\"container\" data-e-type=\"container\">\n\t\t\t\t\t<div class=\"e-con-inner\">\n\t\t<div class=\"elementor-element elementor-element-26e916cb e-flex e-con-boxed e-con e-child\" data-id=\"26e916cb\" data-element_type=\"container\" data-e-type=\"container\">\n\t\t\t\t\t<div class=\"e-con-inner\">\n\t\t<div class=\"elementor-element elementor-element-253a40d4 e-flex e-con-boxed e-con e-child\" data-id=\"253a40d4\" data-element_type=\"container\" data-e-type=\"container\">\n\t\t\t\t\t<div class=\"e-con-inner\">\n\t\t\t\t\t<\/div>\n\t\t\t\t<\/div>\n\t\t<div class=\"elementor-element elementor-element-159dcf9a e-flex e-con-boxed e-con e-child\" data-id=\"159dcf9a\" data-element_type=\"container\" data-e-type=\"container\">\n\t\t\t\t\t<div class=\"e-con-inner\">\n\t\t\t\t<div class=\"elementor-element elementor-element-48cee66f elementor-widget elementor-widget-heading\" data-id=\"48cee66f\" data-element_type=\"widget\" data-e-type=\"widget\" data-widget_type=\"heading.default\">\n\t\t\t\t\t<h2 class=\"elementor-heading-title elementor-size-default\">Skj\u00f3tt yfirlit: Sof\u00eda<\/h2>\t\t\t\t<\/div>\n\t\t\t\t<div class=\"elementor-element elementor-element-3f50d82c elementor-widget elementor-widget-text-editor\" data-id=\"3f50d82c\" data-element_type=\"widget\" data-e-type=\"widget\" data-widget_type=\"text-editor.default\">\n\t\t\t\t\t\t\t\t\t<p><strong>Tegund:<\/strong> Pers\u00f3nuger\u00f0 gu\u00f0leg viska, \u00ed <span class=\"iwg-fachbegriff\" data-tooltip=\"Tr\u00faarhreyfing fr\u00e1 s\u00ed\u00f0forn\u00f6ld sem kenndi frelsun me\u00f0 s\u00e9rstakri hj\u00e1lpr\u00e6\u00f0is\u00feekkingu.\" tabindex=\"0\">gnosis<\/span> ein af e\u00f3nunum<br><strong>Uppruni:<\/strong> Hebreskar visku-b\u00e6kur, hellenskt gy\u00f0ingd\u00f3m, gnost\u00edskir sk\u00f3lar<br><strong>Hlutverk:<\/strong> Mi\u00f0lun milli Gu\u00f0s og heimsins, \u00fatsk\u00fdring \u00e1 efnislegri sk\u00f6pun<br><strong>Heimildir:<\/strong> Or\u00f0skvi\u00f0irnir 8, Viska Sal\u00f3mons, Nag Hammadi-ritin, kirkjufe\u00f0ur<br><strong>Tengt:<\/strong> Chokhmah, L\u00f3gos, Dem\u00edurgos, arkonar<\/p>\t\t\t\t\t\t\t\t<\/div>\n\t\t\t\t\t<\/div>\n\t\t\t\t<\/div>\n\t\t\t\t\t<\/div>\n\t\t\t\t<\/div>\n\t\t\t\t\t<\/div>\n\t\t\t\t<\/div>\n\t\t<div class=\"elementor-element elementor-element-18613602 e-flex e-con-boxed e-con e-parent\" data-id=\"18613602\" data-element_type=\"container\" data-e-type=\"container\">\n\t\t\t\t\t<div class=\"e-con-inner\">\n\t\t\t\t<div class=\"elementor-element elementor-element-262b8a9f elementor-widget elementor-widget-heading\" data-id=\"262b8a9f\" data-element_type=\"widget\" data-e-type=\"widget\" data-widget_type=\"heading.default\">\n\t\t\t\t\t<h2 class=\"elementor-heading-title elementor-size-default\">Yfirlit<\/h2>\t\t\t\t<\/div>\n\t\t<div class=\"elementor-element elementor-element-46dcb7d e-con-full e-flex e-con e-child\" data-id=\"46dcb7d\" data-element_type=\"container\" data-e-type=\"container\">\n\t\t<div class=\"elementor-element elementor-element-61d3ab3 e-flex e-con-boxed e-con e-child\" data-id=\"61d3ab3\" data-element_type=\"container\" data-e-type=\"container\">\n\t\t\t\t\t<div class=\"e-con-inner\">\n\t\t\t\t<div class=\"elementor-element elementor-element-117c166 elementor-widget elementor-widget-heading\" data-id=\"117c166\" data-element_type=\"widget\" data-e-type=\"widget\" data-widget_type=\"heading.default\">\n\t\t\t\t\t<div class=\"elementor-heading-title elementor-size-default\">T\u00edmabil textanna<\/div>\t\t\t\t<\/div>\n\t\t\t\t<div class=\"elementor-element elementor-element-73997a0 elementor-widget elementor-widget-text-editor\" data-id=\"73997a0\" data-element_type=\"widget\" data-e-type=\"widget\" data-widget_type=\"text-editor.default\">\n\t\t\t\t\t\t\t\t\t<p>Elstu heimildirnar er a\u00f0 finna \u00ed visku-b\u00f3kum Tanakh. Me\u00f0 gr\u00edsku \u00fe\u00fd\u00f0ingunni \u00e1 Tanakh, Septuagintu, fr\u00e1 3. \u00f6ld f.Kr., ver\u00f0ur Chokhmah a\u00f0 Sof\u00edu.<\/p><p>Viska Sal\u00f3mons ver\u00f0ur til \u00e1 1. \u00f6ld f.Kr. Gnost\u00edska \u00fatf\u00e6rslan tilheyrir 2. \u00f6ld e.Kr. B\u00fdsanska Sof\u00edu-d\u00fdrkunin hefst me\u00f0 <span class=\"iwg-fachbegriff\" data-tooltip=\"Tr\u00faarleg ath\u00f6fn sem gerir hlut, sta\u00f0 e\u00f0a manneskju a\u00f0 hluta af hinu heilaga.\" tabindex=\"0\">helgun<\/span> Hagia Sof\u00edu \u00e1ri\u00f0 537, r\u00fassneska sof\u00edolog\u00edan s\u00ed\u00f0la \u00e1 19. og \u00ed upphafi 20. aldar.<\/p>\t\t\t\t\t\t\t\t<\/div>\n\t\t\t\t\t<\/div>\n\t\t\t\t<\/div>\n\t\t<div class=\"elementor-element elementor-element-d47b156 e-flex e-con-boxed e-con e-child\" data-id=\"d47b156\" data-element_type=\"container\" data-e-type=\"container\">\n\t\t\t\t\t<div class=\"e-con-inner\">\n\t\t\t\t<div class=\"elementor-element elementor-element-ff38c2b elementor-widget elementor-widget-heading\" data-id=\"ff38c2b\" data-element_type=\"widget\" data-e-type=\"widget\" data-widget_type=\"heading.default\">\n\t\t\t\t\t<div class=\"elementor-heading-title elementor-size-default\">\u00datbrei\u00f0slusv\u00e6\u00f0i<\/div>\t\t\t\t<\/div>\n\t\t\t\t<div class=\"elementor-element elementor-element-4e49fcc elementor-widget elementor-widget-text-editor\" data-id=\"4e49fcc\" data-element_type=\"widget\" data-e-type=\"widget\" data-widget_type=\"text-editor.default\">\n\t\t\t\t\t\t\t\t\t<p>Pers\u00f3nan berst yfir m\u00f6rg tungum\u00e1la- og tr\u00faarsv\u00e6\u00f0i. H\u00fan \u00e1 upphaf sitt \u00ed hinu forna \u00cdsrael, berst me\u00f0 Septuagintunni inn \u00ed gr\u00edska heiminn og er \u00fer\u00f3u\u00f0 \u00e1fram \u00ed hellenskum gy\u00f0ingd\u00f3mi Alexandr\u00edu.<\/p><p>Gnost\u00edsku sk\u00f3larnir starfa \u00e1 austanver\u00f0u Mi\u00f0jar\u00f0arhafssv\u00e6\u00f0inu. \u00cd gegnum b\u00fdsanska <span class=\"iwg-fachbegriff\" data-tooltip=\"Fr\u00e6\u00f0ileg kenning um Gu\u00f0 og tr\u00fa tiltekinna tr\u00faarbrag\u00f0a.\" tabindex=\"0\">gu\u00f0fr\u00e6\u00f0i<\/span> berst Sof\u00edu-<span class=\"iwg-fachbegriff\" data-tooltip=\"Endurteki\u00f0 efnislegt einkenni \u00ed list e\u00f0a fr\u00e1s\u00f6gn.\" tabindex=\"0\">\u00feema\u00f0<\/span> til r\u00e9tttr\u00fana\u00f0arkristni og s\u00ed\u00f0ar til r\u00fassneskrar tr\u00faarhugsunar. \u00cd vestr\u00e6nni es\u00f3ter\u00edk er \u00fea\u00f0 vi\u00f0varandi fr\u00e1 endurreisnart\u00edmanum fram til n\u00fat\u00edmans.<\/p>\t\t\t\t\t\t\t\t<\/div>\n\t\t\t\t\t<\/div>\n\t\t\t\t<\/div>\n\t\t\t\t<\/div>\n\t\t<div class=\"elementor-element elementor-element-db03c39 e-con-full e-flex e-con e-child\" data-id=\"db03c39\" data-element_type=\"container\" data-e-type=\"container\">\n\t\t<div class=\"elementor-element elementor-element-229a87b e-flex e-con-boxed e-con e-child\" data-id=\"229a87b\" data-element_type=\"container\" data-e-type=\"container\">\n\t\t\t\t\t<div class=\"e-con-inner\">\n\t\t\t\t<div class=\"elementor-element elementor-element-1f471fc elementor-widget elementor-widget-heading\" data-id=\"1f471fc\" data-element_type=\"widget\" data-e-type=\"widget\" data-widget_type=\"heading.default\">\n\t\t\t\t\t<div class=\"elementor-heading-title elementor-size-default\">Heimildasta\u00f0a<\/div>\t\t\t\t<\/div>\n\t\t\t\t<div class=\"elementor-element elementor-element-36b1201 elementor-widget elementor-widget-text-editor\" data-id=\"36b1201\" data-element_type=\"widget\" data-e-type=\"widget\" data-widget_type=\"text-editor.default\">\n\t\t\t\t\t\t\t\t\t<p>Bibl\u00edulegar heimildir eru vel var\u00f0veittar og vel rannsaka\u00f0ar. Gnost\u00edska Sof\u00eda er \u00feekkt fyrst og fremst af skjalafundunum \u00ed Nag Hammadi og af fr\u00e1s\u00f6gnum kirkjufe\u00f0ranna. Um n\u00fat\u00edmahreyfingarnar er heimildasta\u00f0an einnig g\u00f3\u00f0. Tr\u00faarbrag\u00f0afr\u00e6\u00f0ilegar ranns\u00f3knir, me\u00f0al annars Hans Jonas og Wouter Hanegraaff, hafa greint einstaka \u00fer\u00e6\u00f0i me\u00f0 n\u00e1kv\u00e6mni hver fr\u00e1 \u00f6\u00f0rum.<\/p>\t\t\t\t\t\t\t\t<\/div>\n\t\t\t\t\t<\/div>\n\t\t\t\t<\/div>\n\t\t\t\t<\/div>\n\t\t\t\t\t<\/div>\n\t\t\t\t<\/div>\n\t\t<div class=\"elementor-element elementor-element-3ae0637c e-flex e-con-boxed e-con e-parent\" data-id=\"3ae0637c\" data-element_type=\"container\" data-e-type=\"container\">\n\t\t\t\t\t<div class=\"e-con-inner\">\n\t\t\t\t<div class=\"elementor-element elementor-element-31d07739 elementor-widget elementor-widget-heading\" data-id=\"31d07739\" data-element_type=\"widget\" data-e-type=\"widget\" data-widget_type=\"heading.default\">\n\t\t\t\t\t<h2 class=\"elementor-heading-title elementor-size-default\">Nafn<\/h2>\t\t\t\t<\/div>\n\t\t<div class=\"elementor-element elementor-element-b7642947 e-con-full e-flex e-con e-child\" data-id=\"b7642947\" data-element_type=\"container\" data-e-type=\"container\">\n\t\t\t\t<div class=\"elementor-element elementor-element-a086266 elementor-widget elementor-widget-text-editor\" data-id=\"a086266\" data-element_type=\"widget\" data-e-type=\"widget\" data-widget_type=\"text-editor.default\">\n\t\t\t\t\t\t\t\t\t<p>Nafni\u00f0 er dregi\u00f0 af gr\u00edska or\u00f0inu fyrir visku. \u00cd Septuagintunni stendur \u00fea\u00f0 fyrir hebreska hugtaki\u00f0 Chokhmah \u00far visku-b\u00f3kunum. \u00cd hellenskum gy\u00f0ingd\u00f3mi og frumkristni renna pers\u00f3nuger\u00f0 viska, L\u00f3gos og hi\u00f0 gu\u00f0lega or\u00f0 saman \u00ed eitt sameiginlegt hugmyndasvi\u00f0.<\/p><p>\u00cd b\u00fdsanskri hef\u00f0 er Sof\u00eda ekki nafn d\u00fdrlings heldur <span class=\"iwg-fachbegriff\" data-tooltip=\"\u00c1kallandi e\u00f0a b\u00e6narleg \u00e1varpan til gu\u00f0s e\u00f0a valds.\" tabindex=\"0\">\u00e1kall<\/span> til gu\u00f0legrar visku. R\u00fassneska sof\u00edolog\u00edan talar um Sof\u00edu sem heimss\u00e1l, gu\u00f0spekin (anthroposophy) notar myndunina Anthroposophia. \u00deessar nafngiftir marka hver s\u00edna eigin gu\u00f0fr\u00e6\u00f0ilegu t\u00falkun \u00e1 s\u00f6mu grunnpers\u00f3nunni.<\/p>\t\t\t\t\t\t\t\t<\/div>\n\t\t\t\t<\/div>\n\t\t\t\t\t<\/div>\n\t\t\t\t<\/div>\n\t\t<div class=\"elementor-element elementor-element-709a44a8 e-flex e-con-boxed e-con e-parent\" data-id=\"709a44a8\" data-element_type=\"container\" data-e-type=\"container\">\n\t\t\t\t\t<div class=\"e-con-inner\">\n\t\t\t\t<div class=\"elementor-element elementor-element-2f585873 elementor-widget elementor-widget-heading\" data-id=\"2f585873\" data-element_type=\"widget\" data-e-type=\"widget\" data-widget_type=\"heading.default\">\n\t\t\t\t\t<h2 class=\"elementor-heading-title elementor-size-default\">L\u00fdsing<\/h2>\t\t\t\t<\/div>\n\t\t<div class=\"elementor-element elementor-element-70621c12 e-con-full e-flex e-con e-child\" data-id=\"70621c12\" data-element_type=\"container\" data-e-type=\"container\">\n\t\t\t\t<div class=\"elementor-element elementor-element-4296eb49 elementor-widget elementor-widget-text-editor\" data-id=\"4296eb49\" data-element_type=\"widget\" data-e-type=\"widget\" data-widget_type=\"text-editor.default\">\n\t\t\t\t\t\t\t\t\t<p>\u00cd visku-b\u00f3kum Tanakh birtist Chokhmah sem pers\u00f3nuger\u00f0 gu\u00f0leg viska. Or\u00f0skvi\u00f0irnir 8 l\u00e1ta hana tala sj\u00e1lfa. \u00c1\u00f0ur en heimurinn var skapa\u00f0ur var h\u00fan hj\u00e1 Gu\u00f0i, h\u00fan var smi\u00f0ur hans, h\u00fan gengur um torgin og kallar til mannf\u00f3lksins.<\/p><p>\u00deessi pers\u00f3nugerving er sk\u00e1ldleg, ekki go\u00f0sagnalegs e\u00f0lis. Viska Sal\u00f3mons l\u00fdsir Sof\u00edu sem anda gu\u00f0legs m\u00e1ttar og sem lastlausum spegli verkunar Gu\u00f0s.<\/p><p>\u00cd <span class=\"iwg-fachbegriff\" data-tooltip=\"Tr\u00faarhreyfing fr\u00e1 s\u00ed\u00f0forn\u00f6ld sem kenndi frelsun me\u00f0 s\u00e9rstakri hj\u00e1lpr\u00e6\u00f0is\u00feekkingu.\" tabindex=\"0\">gnosis<\/span> f\u00e6r pers\u00f3nan s\u00edna eigin \u00f6rlagas\u00f6gu. Valent\u00edn\u00edsku sk\u00f3larnir l\u00fdsa Pleroma, fyllingu e\u00f3naparanna, og Sof\u00edu sem yngsta, kvenkyns hlekk \u00feeirrar ke\u00f0ju.<\/p><p>Vegna ofl\u00e6tis e\u00f0a ofmikillar \u00e1star til f\u00f6\u00f0urins f\u00e6\u00f0ir h\u00fan, \u00e1n karlkyns f\u00e9laga, \u00f3fullkomna veru, Dem\u00edurgos, sem skapar hinn efnislega heim. Sof\u00eda er rekin \u00far Pleroma, r\u00e1far um l\u00e6gri svi\u00f0 og er a\u00f0 lokum fundin og frelsu\u00f0 af Kristi.<\/p><p>\u00cd r\u00e9tttr\u00fana\u00f0ar \u00edkonam\u00e1lun birtist Sof\u00eda sem v\u00e6ngju\u00f0, eldleg engilvera \u00e1 h\u00e1s\u00e6ti, \u00ed fylgd Krists, Mar\u00edu og J\u00f3hannesar sk\u00edrara. \u00deessar \u00edkonir hafa helgisi\u00f0ahlutverk og tengja visku Gamla testamentisins vi\u00f0 kristsfr\u00e6\u00f0i kirkjufe\u00f0ranna.<\/p>\t\t\t\t\t\t\t\t<\/div>\n\t\t\t\t<\/div>\n\t\t\t\t\t<\/div>\n\t\t\t\t<\/div>\n\t\t<div class=\"elementor-element elementor-element-44e71476 e-flex e-con-boxed e-con e-parent\" data-id=\"44e71476\" data-element_type=\"container\" data-e-type=\"container\">\n\t\t\t\t\t<div class=\"e-con-inner\">\n\t\t\t\t<div class=\"elementor-element elementor-element-3c1fc3f0 elementor-widget elementor-widget-heading\" data-id=\"3c1fc3f0\" data-element_type=\"widget\" data-e-type=\"widget\" data-widget_type=\"heading.default\">\n\t\t\t\t\t<h2 class=\"elementor-heading-title elementor-size-default\">Skjal: Sof\u00eda<\/h2>\t\t\t\t<\/div>\n\t\t<div class=\"elementor-element elementor-element-84f33b8e e-con-full e-flex e-con e-child\" data-id=\"84f33b8e\" data-element_type=\"container\" data-e-type=\"container\">\n\t\t\t\t<div class=\"elementor-element elementor-element-hqkdc67p elementor-widget elementor-widget-text-editor\" data-id=\"hqkdc67p\" data-element_type=\"widget\" data-e-type=\"widget\" data-widget_type=\"text-editor.default\">\n\t\t\t\t\t\t\t\t\t<p>Skjali\u00f0 tekur saman mikilv\u00e6gustu einkenni Sof\u00edu \u00ed stuttu m\u00e1li.<\/p>\t\t\t\t\t\t\t\t<\/div>\n\t\t\t\t<\/div>\n\t\t<div class=\"elementor-element elementor-element-pemmx7c5 e-con-full e-flex e-con e-child\" data-id=\"pemmx7c5\" data-element_type=\"container\" data-e-type=\"container\">\n\t\t<div class=\"elementor-element elementor-element-pemmx7c1 e-con-full e-flex e-con e-child\" data-id=\"pemmx7c1\" data-element_type=\"container\" data-e-type=\"container\">\n\t\t<div class=\"elementor-element elementor-element-qh9oavvu iwg-steckbrief-card e-flex e-con-boxed e-con e-child\" data-id=\"qh9oavvu\" data-element_type=\"container\" data-e-type=\"container\">\n\t\t\t\t\t<div class=\"e-con-inner\">\n\t\t\t\t<div class=\"elementor-element elementor-element-awzx8k2k elementor-widget elementor-widget-heading\" data-id=\"awzx8k2k\" data-element_type=\"widget\" data-e-type=\"widget\" data-widget_type=\"heading.default\">\n\t\t\t\t\t<div class=\"elementor-heading-title elementor-size-default\">Uppruni<\/div>\t\t\t\t<\/div>\n\t\t\t\t<div class=\"elementor-element elementor-element-x6rowhv0 elementor-widget elementor-widget-text-editor\" data-id=\"x6rowhv0\" data-element_type=\"widget\" data-e-type=\"widget\" data-widget_type=\"text-editor.default\">\n\t\t\t\t\t\t\t\t\t<p>Sof\u00eda \u00e1 s\u00f6gulegan upphafspunkt sinn \u00ed viskutextum hebresku bibl\u00edunnar og gr\u00edskrar \u00fe\u00fd\u00f0ingar hennar. \u00cd Or\u00f0skvi\u00f0unum kemur viskan fram sem pers\u00f3na sem talar og kallar.<\/p><p>Fleiri rit, eins og S\u00edraksb\u00f3k og Viska Sal\u00f3mons, \u00fer\u00f3a \u00feessa pers\u00f3nugervingu \u00e1fram. S\u00e9rstakur <span class=\"iwg-fachbegriff\" data-tooltip=\"Heild tr\u00faarlegra d\u00fdrkunarathafna fyrir gu\u00f0 e\u00f0a heilaga pers\u00f3nu.\" tabindex=\"0\">d\u00fdrkun<\/span> me\u00f0 <span class=\"iwg-fachbegriff\" data-tooltip=\"Bygging sem er notu\u00f0 til d\u00fdrkunar \u00e1 einum e\u00f0a fleiri gu\u00f0um.\" tabindex=\"0\">musteri<\/span>, prestast\u00e9tt e\u00f0a f\u00f3rnum var ekki til \u00e1 \u00feessu fyrsta skei\u00f0i.<\/p>\t\t\t\t\t\t\t\t<\/div>\n\t\t\t\t\t<\/div>\n\t\t\t\t<\/div>\n\t\t<div class=\"elementor-element elementor-element-8e3o4kxs iwg-steckbrief-card e-flex e-con-boxed e-con e-child\" data-id=\"8e3o4kxs\" data-element_type=\"container\" data-e-type=\"container\">\n\t\t\t\t\t<div class=\"e-con-inner\">\n\t\t\t\t<div class=\"elementor-element elementor-element-08rkdgov elementor-widget elementor-widget-heading\" data-id=\"08rkdgov\" data-element_type=\"widget\" data-e-type=\"widget\" data-widget_type=\"heading.default\">\n\t\t\t\t\t<div class=\"elementor-heading-title elementor-size-default\">Hlutverk<\/div>\t\t\t\t<\/div>\n\t\t\t\t<div class=\"elementor-element elementor-element-uwjelx8s elementor-widget elementor-widget-text-editor\" data-id=\"uwjelx8s\" data-element_type=\"widget\" data-e-type=\"widget\" data-widget_type=\"text-editor.default\">\n\t\t\t\t\t\t\t\t\t<p>\u00cd bibl\u00edulegri hef\u00f0 mi\u00f0lar Sof\u00eda milli Gu\u00f0s og heimsins og gerir samband Gu\u00f0s vi\u00f0 sk\u00f6punina hugsanlegt. \u00cd <span class=\"iwg-fachbegriff\" data-tooltip=\"Tr\u00faarhreyfing fr\u00e1 s\u00ed\u00f0forn\u00f6ld sem kenndi hj\u00e1lpr\u00e6\u00f0i fyrir s\u00e9rstaka frelsunar\u00feekkingu.\" tabindex=\"0\">gnost\u00edk<\/span> \u00fatsk\u00fdrir fall hennar hvers vegna hinn efnislegi heimur er samt\u00edmis gegns\u00fdr\u00f0ur af gu\u00f0d\u00f3minum og \u00fe\u00f3 \u00f3fullkominn. \u00cd kristinni <span class=\"iwg-fachbegriff\" data-tooltip=\"Tr\u00faarhreyfing sem leggur \u00e1herslu \u00e1 beina gu\u00f0sreynslu.\" tabindex=\"0\">dulspeki<\/span> er h\u00fan talin millig\u00f6ngukona og n\u00e6rvera gu\u00f0d\u00f3msins \u00ed heiminum.<\/p>\t\t\t\t\t\t\t\t<\/div>\n\t\t\t\t\t<\/div>\n\t\t\t\t<\/div>\n\t\t<div class=\"elementor-element elementor-element-jm2n74ec iwg-steckbrief-card e-flex e-con-boxed e-con e-child\" data-id=\"jm2n74ec\" data-element_type=\"container\" data-e-type=\"container\">\n\t\t\t\t\t<div class=\"e-con-inner\">\n\t\t\t\t<div class=\"elementor-element elementor-element-8vufse4c elementor-widget elementor-widget-heading\" data-id=\"8vufse4c\" data-element_type=\"widget\" data-e-type=\"widget\" data-widget_type=\"heading.default\">\n\t\t\t\t\t<div class=\"elementor-heading-title elementor-size-default\">\u00c1s\u00fdnd<\/div>\t\t\t\t<\/div>\n\t\t\t\t<div class=\"elementor-element elementor-element-mwb9u015 elementor-widget elementor-widget-text-editor\" data-id=\"mwb9u015\" data-element_type=\"widget\" data-e-type=\"widget\" data-widget_type=\"text-editor.default\">\n\t\t\t\t\t\t\t\t\t<p>\u00cd spekiritunum er Sof\u00eda talandi, kallandi pers\u00f3na \u00e1n fastrar myndar. \u00cd gnost\u00edskri fr\u00e1s\u00f6gn er h\u00fan gu\u00f0d\u00f3mleg vera innan Pleroma sem fellur og villist. \u00cd r\u00e9tttr\u00fana\u00f0ar <span class=\"iwg-fachbegriff\" data-tooltip=\"Fr\u00e6\u00f0igrein um myndefni og merkingu \u00feeirra.\" tabindex=\"0\">helgimyndafr\u00e6\u00f0i<\/span> er h\u00fan s\u00fdnd sem v\u00e6ngju\u00f0, eldleg engilsvera \u00e1 h\u00e1s\u00e6ti.<\/p>\t\t\t\t\t\t\t\t<\/div>\n\t\t\t\t\t<\/div>\n\t\t\t\t<\/div>\n\t\t\t\t<\/div>\n\t\t<div class=\"elementor-element elementor-element-pemmx7c2 e-con-full e-flex e-con e-child\" data-id=\"pemmx7c2\" data-element_type=\"container\" data-e-type=\"container\">\n\t\t<div class=\"elementor-element elementor-element-37ss2yr6 iwg-steckbrief-card e-flex e-con-boxed e-con e-child\" data-id=\"37ss2yr6\" data-element_type=\"container\" data-e-type=\"container\">\n\t\t\t\t\t<div class=\"e-con-inner\">\n\t\t\t\t<div class=\"elementor-element elementor-element-3v0wp3wx elementor-widget elementor-widget-heading\" data-id=\"3v0wp3wx\" data-element_type=\"widget\" data-e-type=\"widget\" data-widget_type=\"heading.default\">\n\t\t\t\t\t<div class=\"elementor-heading-title elementor-size-default\">Tilbei\u00f0sla<\/div>\t\t\t\t<\/div>\n\t\t\t\t<div class=\"elementor-element elementor-element-w3247g2m elementor-widget elementor-widget-text-editor\" data-id=\"w3247g2m\" data-element_type=\"widget\" data-e-type=\"widget\" data-widget_type=\"text-editor.default\">\n\t\t\t\t\t\t\t\t\t<p>Sj\u00e1lfst\u00e6\u00f0 helgisi\u00f0abundin tilbei\u00f0sla \u00ed strangri merkingu var\u00f0 til fyrst seint og me\u00f0 \u00f3beinum h\u00e6tti. Hagia Sophia \u00ed Konstant\u00edn\u00f3pel bar nafn Sof\u00edu sem <span class=\"iwg-fachbegriff\" data-tooltip=\"B\u00e6narleg e\u00f0a \u00e1k\u00f6llunarleg \u00e1v\u00f6rpun til gu\u00f0d\u00f3ms e\u00f0a m\u00e1ttar.\" tabindex=\"0\">\u00e1k\u00f6llun<\/span> til hinnar gu\u00f0d\u00f3mlegu visku. Sof\u00edu-t\u00e1knmyndir hafa helgisi\u00f0afr\u00e6\u00f0ilegt hlutverk. N\u00fat\u00edma dulspeki- og fem\u00edn\u00edsk tilbei\u00f0sla \u00e1 Sof\u00edu er fyrirb\u00e6ri 19. og 20. aldar.<\/p>\t\t\t\t\t\t\t\t<\/div>\n\t\t\t\t\t<\/div>\n\t\t\t\t<\/div>\n\t\t<div class=\"elementor-element elementor-element-0qpjal9w iwg-steckbrief-card e-flex e-con-boxed e-con e-child\" data-id=\"0qpjal9w\" data-element_type=\"container\" data-e-type=\"container\">\n\t\t\t\t\t<div class=\"e-con-inner\">\n\t\t\t\t<div class=\"elementor-element elementor-element-6ndoih0o elementor-widget elementor-widget-heading\" data-id=\"6ndoih0o\" data-element_type=\"widget\" data-e-type=\"widget\" data-widget_type=\"heading.default\">\n\t\t\t\t\t<div class=\"elementor-heading-title elementor-size-default\">T\u00e1kn<\/div>\t\t\t\t<\/div>\n\t\t\t\t<div class=\"elementor-element elementor-element-6684tyh9 elementor-widget elementor-widget-text-editor\" data-id=\"6684tyh9\" data-element_type=\"widget\" data-e-type=\"widget\" data-widget_type=\"text-editor.default\">\n\t\t\t\t\t\t\t\t\t<p>Lj\u00f3s og spegill tengjast Sof\u00edu, \u00fev\u00ed a\u00f0 Speki Sal\u00f3mons l\u00fdsir henni sem anda hins gu\u00f0d\u00f3mlega m\u00e1ttar og sem lastalausum spegli. \u00cd <span class=\"iwg-fachbegriff\" data-tooltip=\"Fr\u00e6\u00f0igrein um myndefni og merkingu \u00feeirra.\" tabindex=\"0\">helgimyndafr\u00e6\u00f0i<\/span> b\u00e6tast vi\u00f0 v\u00e6ngir, eldur og h\u00e1s\u00e6ti\u00f0. Hlutverk hennar sem verkstj\u00f3ra \u00ed Or\u00f0skvi\u00f0unum 8 tengir hana vi\u00f0 mynd hinnar skipulagandi byggingarstj\u00f3rnar sk\u00f6punarverksins.<\/p>\t\t\t\t\t\t\t\t<\/div>\n\t\t\t\t\t<\/div>\n\t\t\t\t<\/div>\n\t\t<div class=\"elementor-element elementor-element-3lfi7x32 iwg-steckbrief-card e-flex e-con-boxed e-con e-child\" data-id=\"3lfi7x32\" data-element_type=\"container\" data-e-type=\"container\">\n\t\t\t\t\t<div class=\"e-con-inner\">\n\t\t\t\t<div class=\"elementor-element elementor-element-0kg99ga1 elementor-widget elementor-widget-heading\" data-id=\"0kg99ga1\" data-element_type=\"widget\" data-e-type=\"widget\" data-widget_type=\"heading.default\">\n\t\t\t\t\t<div class=\"elementor-heading-title elementor-size-default\">Hli\u00f0st\u00e6\u00f0ur<\/div>\t\t\t\t<\/div>\n\t\t\t\t<div class=\"elementor-element elementor-element-n0fum6kp elementor-widget elementor-widget-text-editor\" data-id=\"n0fum6kp\" data-element_type=\"widget\" data-e-type=\"widget\" data-widget_type=\"text-editor.default\">\n\t\t\t\t\t\t\t\t\t<p>Sof\u00eda er \u00ed n\u00e1nu sambandi vi\u00f0 L\u00f3gos og hi\u00f0 gu\u00f0d\u00f3mlega or\u00f0 \u00ed J\u00f3hannesarforspjallinu, sem h\u00fan rennur saman vi\u00f0 \u00ed hellen\u00edsku j\u00fadaisma og frumkristni. \u00cd gnost\u00edsku kerfinu stendur h\u00fan gegn dem\u00ed\u00fargnum og arkonunum. Tr\u00faarbrag\u00f0afr\u00e6\u00f0ilega er h\u00fan d\u00e6mi um hvernig tr\u00faarleg hugmynd getur flust \u00e1 milli tungum\u00e1la og aldanna.<\/p>\t\t\t\t\t\t\t\t<\/div>\n\t\t\t\t\t<\/div>\n\t\t\t\t<\/div>\n\t\t\t\t<\/div>\n\t\t\t\t<\/div>\n\t\t\t\t\t<\/div>\n\t\t\t\t<\/div>\n\t\t<div class=\"elementor-element elementor-element-7533bc7a e-flex e-con-boxed e-con e-parent\" data-id=\"7533bc7a\" data-element_type=\"container\" data-e-type=\"container\">\n\t\t\t\t\t<div class=\"e-con-inner\">\n\t\t\t\t<div class=\"elementor-element elementor-element-2447d18d elementor-widget elementor-widget-heading\" data-id=\"2447d18d\" data-element_type=\"widget\" data-e-type=\"widget\" data-widget_type=\"heading.default\">\n\t\t\t\t\t<h2 class=\"elementor-heading-title elementor-size-default\">M\u00f3tt\u00f6kusaga og \u00e1hrif<\/h2>\t\t\t\t<\/div>\n\t\t<div class=\"elementor-element elementor-element-d5d0260c e-con-full e-flex e-con e-child\" data-id=\"d5d0260c\" data-element_type=\"container\" data-e-type=\"container\">\n\t\t\t\t<div class=\"elementor-element elementor-element-341be2ac elementor-widget elementor-widget-text-editor\" data-id=\"341be2ac\" data-element_type=\"widget\" data-e-type=\"widget\" data-widget_type=\"text-editor.default\">\n\t\t\t\t\t\t\t\t\t<p>Kirkjuleg <span class=\"iwg-fachbegriff\" data-tooltip=\"V\u00edsindaleg kenning um Gu\u00f0 og tr\u00fa tiltekinnar tr\u00faarbrag\u00f0a.\" tabindex=\"0\">gu\u00f0fr\u00e6\u00f0i<\/span> hafna\u00f0i gnost\u00edsku go\u00f0s\u00f6gnunum en h\u00e9lt or\u00f0inu Sof\u00eda. \u00cd gr\u00edskri kirkjufe\u00f0rafr\u00e6\u00f0i var v\u00edsd\u00f3murinn oft tengdur Kristi, sem var skilinn sem viska Gu\u00f0s. St\u00f3rkirkjan \u00ed Konstant\u00edn\u00f3pel, Hagia Sophia, ber \u00feessa tengingu \u00ed nafni s\u00ednu. \u00cd r\u00e9tttr\u00fana\u00f0ar t\u00e1knm\u00e1lun var\u00f0 Sof\u00eda bur\u00f0arafl gu\u00f0fr\u00e6\u00f0ilegra huglei\u00f0inga.<\/p><p>\u00cd r\u00fassneskri tr\u00faarlegri hugsun seint \u00e1 19. og fram \u00e1 20. \u00f6ld var\u00f0 sof\u00ed\u00f3l\u00f3g\u00edan til sem s\u00e9rst\u00f6k gu\u00f0fr\u00e6\u00f0ileg hreyfing. Vlad\u00edm\u00edr Solovjev \u00fer\u00f3a\u00f0i Sof\u00edu-<span class=\"iwg-fachbegriff\" data-tooltip=\"Tr\u00faarhreyfing sem leggur \u00e1herslu \u00e1 beina gu\u00f0sreynslu.\" tabindex=\"0\">dulspeki<\/span>, \u00fear sem hin gu\u00f0d\u00f3mlega viska er upplifu\u00f0 sem heimss\u00e1l Krists.<\/p><p>Pavel Florensk\u00edj og Sergej B\u00falgakov \u00fer\u00f3u\u00f0u kenninguna \u00e1fram, sem leiddi til ford\u00e6mingar af h\u00e1lfu r\u00fassneska patr\u00edarkatsins. \u00der\u00e1tt fyrir \u00feessa kenningarlegu deilu var sof\u00ed\u00f3l\u00f3g\u00edan \u00e1fram mikilv\u00e6g uppspretta n\u00fat\u00edma r\u00e9tttr\u00fana\u00f0ar <span class=\"iwg-fachbegriff\" data-tooltip=\"V\u00edsindaleg kenning um Gu\u00f0 og tr\u00fa tiltekinnar tr\u00faarbrag\u00f0a.\" tabindex=\"0\">gu\u00f0fr\u00e6\u00f0i<\/span>.<\/p><p>\u00c1 20. \u00f6ld t\u00f3ku gu\u00f0speki og antr\u00f3p\u00f3s\u00f3f\u00eda viskuna upp sem alheimsreglu. C. G. Jung og eftirmenn hans t\u00falku\u00f0u Sof\u00edu dj\u00faps\u00e1lfr\u00e6\u00f0ilega sem mynd hins kvenlega \u00ed gu\u00f0d\u00f3minum. S\u00e9rstaklega \u00e1hrifamikil var\u00f0 upptaka Sof\u00edu \u00ed fem\u00edn\u00edskar tr\u00faarhreyfingar fr\u00e1 1970 og 1980.<\/p><p>\u00cd kristinni fem\u00edn\u00edskri <span class=\"iwg-fachbegriff\" data-tooltip=\"V\u00edsindaleg kenning um Gu\u00f0 og tr\u00fa tiltekinnar tr\u00faarbrag\u00f0a.\" tabindex=\"0\">gu\u00f0fr\u00e6\u00f0i<\/span> n\u00fdttist Sof\u00eda til a\u00f0 r\u00f6ksty\u00f0ja kvenlegar myndir af gu\u00f0d\u00f3minum \u00far eigin hef\u00f0. \u00cd v\u00ed\u00f0t\u00e6kari andlegri hugsun n\u00fat\u00edmans var\u00f0 h\u00fan a\u00f0 gy\u00f0jumynd.<\/p>\t\t\t\t\t\t\t\t<\/div>\n\t\t\t\t<\/div>\n\t\t\t\t\t<\/div>\n\t\t\t\t<\/div>\n\t\t<div class=\"elementor-element elementor-element-5a584676 e-flex e-con-boxed e-con e-parent\" data-id=\"5a584676\" data-element_type=\"container\" data-e-type=\"container\">\n\t\t\t\t\t<div class=\"e-con-inner\">\n\t\t\t\t<div class=\"elementor-element elementor-element-6d0757bf elementor-widget elementor-widget-heading\" data-id=\"6d0757bf\" data-element_type=\"widget\" data-e-type=\"widget\" data-widget_type=\"heading.default\">\n\t\t\t\t\t<h2 class=\"elementor-heading-title elementor-size-default\">Sof\u00eda, samsv\u00f6run \u00ed \u00f6\u00f0rum menningarheimum<\/h2>\t\t\t\t<\/div>\n\t\t<div class=\"elementor-element elementor-element-60563f68 e-con-full e-flex e-con e-child\" data-id=\"60563f68\" data-element_type=\"container\" data-e-type=\"container\">\n\t\t\t\t<div class=\"elementor-element elementor-element-5a93fdd6 elementor-widget elementor-widget-text-editor\" data-id=\"5a93fdd6\" data-element_type=\"widget\" data-e-type=\"widget\" data-widget_type=\"text-editor.default\">\n\t\t\t\t\t\t\t\t\t<p>Sof\u00eda er d\u00e6miger\u00f0 fyrir hvernig tr\u00faarleg hugmynd flyst \u00e1 milli tungum\u00e1la, tr\u00faarbrag\u00f0a og alda. Hans Jonas les hina gnost\u00edsku Sof\u00edu sem dulk\u00f3\u00f0a\u00f0 svar vi\u00f0 vandanum um r\u00e9ttl\u00e6tingu Gu\u00f0s.<\/p><p>Wouter Hanegraaff s\u00fdnir hvernig Sof\u00edu-<span class=\"iwg-fachbegriff\" data-tooltip=\"Endurteki\u00f0 innihaldsstef \u00ed list e\u00f0a fr\u00e1s\u00f6gn.\" tabindex=\"0\">\u00feema\u00f0<\/span> er vi\u00f0varandi \u00ed vestr\u00e6nni dulspeki fr\u00e1 endurreisnart\u00edmanum, gegnum Jakob B\u00f6hme og r\u00f3mant\u00edkina, allt til vi\u00f0ureignar C. G. Jungs vi\u00f0 Jobsb\u00f3k.<\/p><p>Fr\u00e6\u00f0ilega er vert a\u00f0 hafa \u00ed huga a\u00f0 n\u00fat\u00edma Sof\u00edu-tilbei\u00f0sla er ekki \u00f3rofin framhald fornrar hef\u00f0ar, heldur n\u00fdsm\u00ed\u00f0i. H\u00fan velur \u00far bibl\u00edulegum, gnost\u00edskum og dulspekilegum heimildum, sameinar \u00fe\u00e6r \u00e1 n\u00fdjan h\u00e1tt og tengir \u00fe\u00e6r samt\u00edmalegum \u00e1hugam\u00e1lum. \u00deannig er h\u00fan d\u00e6mi um hvernig andlegar hreyfingar skapa s\u00e9r hef\u00f0 me\u00f0 \u00fev\u00ed a\u00f0 gr\u00edpa til \u00fatvalinna s\u00f6gulegra \u00fe\u00e1tta.<\/p>\t\t\t\t\t\t\t\t<\/div>\n\t\t\t\t<\/div>\n\t\t\t\t\t<\/div>\n\t\t\t\t<\/div>\n\t\t<div class=\"elementor-element elementor-element-36dd7469 e-flex e-con-boxed e-con e-parent\" data-id=\"36dd7469\" data-element_type=\"container\" data-e-type=\"container\">\n\t\t\t\t\t<div class=\"e-con-inner\">\n\t\t\t\t<div class=\"elementor-element elementor-element-13760ab4 elementor-widget elementor-widget-heading\" data-id=\"13760ab4\" data-element_type=\"widget\" data-e-type=\"widget\" data-widget_type=\"heading.default\">\n\t\t\t\t\t<h2 class=\"elementor-heading-title elementor-size-default\">\u00cdtarefni og tenglar<\/h2>\t\t\t\t<\/div>\n\t\t<div class=\"elementor-element elementor-element-28c87796 e-con-full e-flex e-con e-child\" data-id=\"28c87796\" data-element_type=\"container\" data-e-type=\"container\">\n\t\t\t\t<div class=\"elementor-element elementor-element-5d6538df elementor-widget elementor-widget-text-editor\" data-id=\"5d6538df\" data-element_type=\"widget\" data-e-type=\"widget\" data-widget_type=\"text-editor.default\">\n\t\t\t\t\t\t\t\t\t<ul><li><a href=\"https:\/\/iwell-guard.com\/is\/?page_id=168679\">Gu\u00f0ir<\/a>: yfirlit gu\u00f0anna<\/li><li><a href=\"https:\/\/iwell-guard.com\/is\/?page_id=168594\">Grikkland<\/a>: gr\u00edsk <span class=\"iwg-fachbegriff\" data-tooltip=\"Heild \u00feeirra go\u00f0sagna sem var\u00f0veist hafa fr\u00e1 einni menningu.\" tabindex=\"0\">go\u00f0afr\u00e6\u00f0i<\/span><\/li><li><a href=\"https:\/\/iwell-guard.com\/is\/?page_id=168696\">Arkonar<\/a>: gnost\u00edskt samhengi<\/li><\/ul>\t\t\t\t\t\t\t\t<\/div>\n\t\t\t\t<\/div>\n\t\t\t\t\t<\/div>\n\t\t\t\t<\/div>\n\t\t<div class=\"elementor-element elementor-element-grl4kl40 e-flex e-con-boxed e-con e-parent\" data-id=\"grl4kl40\" data-element_type=\"container\" data-e-type=\"container\">\n\t\t\t\t\t<div class=\"e-con-inner\">\n\t\t\t\t<div class=\"elementor-element elementor-element-bzsbfrmh elementor-widget elementor-widget-heading\" data-id=\"bzsbfrmh\" data-element_type=\"widget\" data-e-type=\"widget\" data-widget_type=\"heading.default\">\n\t\t\t\t\t<h2 class=\"elementor-heading-title elementor-size-default\">Heimildir (\u00farval)<\/h2>\t\t\t\t<\/div>\n\t\t<div class=\"elementor-element elementor-element-2c13224a e-con-full e-flex e-con e-child\" data-id=\"2c13224a\" data-element_type=\"container\" data-e-type=\"container\">\n\t\t\t\t<div class=\"elementor-element elementor-element-0eymh9ub elementor-widget elementor-widget-text-editor\" data-id=\"0eymh9ub\" data-element_type=\"widget\" data-e-type=\"widget\" data-widget_type=\"text-editor.default\">\n\t\t\t\t\t\t\t\t\t<footer class=\"iwg-literatur\"><ul><li><span data-nosnippet>Hans Jonas: The Gnostic Religion, Beacon Press 1958.<\/span><\/li><li><span data-nosnippet>Wouter Hanegraaff: Esotericism and the Academy, Cambridge University Press 2012.<\/span><\/li><li>Wladimir Solowjow: Sophia, Schriften zur Weisheitslehre, diverse Ausgaben.<\/li><li>Sergej Bulgakow: Die Weisheit Gottes, Sophiologische Schriften, diverse Ausgaben.<\/li><\/ul><\/footer>\t\t\t\t\t\t\t\t<\/div>\n\t\t\t\t<\/div>\n\t\t\t\t\t<\/div>\n\t\t\t\t<\/div>\n\t\t\t\t<section class=\"elementor-section elementor-top-section elementor-element elementor-element-wv-sophia-faq elementor-section-boxed elementor-section-height-default elementor-section-height-default\" data-id=\"wv-sophia-faq\" data-element_type=\"section\" data-e-type=\"section\">\n\t\t\t\t\t\t<div class=\"elementor-container elementor-column-gap-default\">\n\t\t\t\t\t<div class=\"elementor-column elementor-col-100 elementor-top-column elementor-element elementor-element-wv-sophia-faq-col\" data-id=\"wv-sophia-faq-col\" data-element_type=\"column\" data-e-type=\"column\">\n\t\t\t<div class=\"elementor-widget-wrap elementor-element-populated\">\n\t\t\t\t\t\t<div class=\"elementor-element elementor-element-wv-sophia-h elementor-widget elementor-widget-heading\" data-id=\"wv-sophia-h\" data-element_type=\"widget\" data-e-type=\"widget\" data-widget_type=\"heading.default\">\n\t\t\t\t\t<h2 class=\"elementor-heading-title elementor-size-default\">Algengar spurningar um Sof\u00edu<\/h2>\t\t\t\t<\/div>\n\t\t\t\t<div class=\"elementor-element elementor-element-wv-sophia-t elementor-widget elementor-widget-text-editor\" data-id=\"wv-sophia-t\" data-element_type=\"widget\" data-e-type=\"widget\" data-widget_type=\"text-editor.default\">\n\t\t\t\t\t\t\t\t\t\n<details class=\"iwg-faq-item\">\n  <summary><strong>Hver er Sof\u00eda?<\/strong><\/summary>\n  <p>Sof\u00eda er gr\u00edska pers\u00f3nugerving hinnar gu\u00f0legu visku. H\u00fan tengir saman hebreska hugtaki\u00f0 Chokhmah \u00far visku\u00adb\u00f3kunum og hina hellen\u00edsku pers\u00f3nugervingu. \u00cd <span class=\"iwg-fachbegriff\" data-tooltip=\"Tr\u00faarhreyfing fr\u00e1 s\u00ed\u00f0forn\u00f6ld sem kenndi lausn fyrir tilstilli s\u00e9rstakrar hj\u00e1lpr\u00e6\u00f0is\u00feekkingar.\" tabindex=\"0\">gnost\u00edkinni<\/span> ver\u00f0ur h\u00fan lykilpers\u00f3na \u00ed heimsfr\u00e6\u00f0ilegri fr\u00e1s\u00f6gn sem \u00fatsk\u00fdrir hvers vegna hinn efnislegi heimur er til.<\/p>\n<\/details>\n\n<details class=\"iwg-faq-item\">\n  <summary><strong>Hva\u00f0a hlutverki leikur Sof\u00eda \u00ed <span class=\"iwg-fachbegriff\" data-tooltip=\"Tr\u00faarhreyfing fr\u00e1 s\u00ed\u00f0forn\u00f6ld sem kenndi lausn fyrir tilstilli s\u00e9rstakrar hj\u00e1lpr\u00e6\u00f0is\u00feekkingar.\" tabindex=\"0\">gnost\u00edkinni<\/span>?<\/strong><\/summary>\n  <p>\u00cd valent\u00edn\u00edsku sk\u00f3lunum er Sof\u00eda yngsti, kvenkyns hlekkurinn \u00ed Pleroma, fyllingu \u00e6\u00f3naparanna. \u00cd dramb e\u00f0a \u00f3h\u00f3flegri \u00e1st getur h\u00fan, \u00e1n karlkyns f\u00e9laga, af s\u00e9r dem\u00ed\u00fargann, sem skapar hinn efnislega heim. Sof\u00eda er \u00fatl\u00e6g\u00f0 \u00far Pleroma og a\u00f0 lokum frelsu\u00f0 af Kristi.<\/p>\n<\/details>\n\n<details class=\"iwg-faq-item\">\n  <summary><strong>Haf\u00f0i Sof\u00eda s\u00edna eigin <span class=\"iwg-fachbegriff\" data-tooltip=\"Heildarsamsafn tr\u00faarlegra tilbei\u00f0sluathafna fyrir gu\u00f0 e\u00f0a heilaga pers\u00f3nu.\" tabindex=\"0\">d\u00fdrkun<\/span>?<\/strong><\/summary>\n  <p>\u00c1 fyrstu bibl\u00eduskei\u00f0i hennar var engin s\u00e9rst\u00f6k <span class=\"iwg-fachbegriff\" data-tooltip=\"Heildarsamsafn tr\u00faarlegra tilbei\u00f0sluathafna fyrir gu\u00f0 e\u00f0a heilaga pers\u00f3nu.\" tabindex=\"0\">d\u00fdrkun<\/span> til. Ekkert <span class=\"iwg-fachbegriff\" data-tooltip=\"Bygging sem \u00fej\u00f3nar tilbei\u00f0slu einnar e\u00f0a fleiri gu\u00f0vera.\" tabindex=\"0\">musteri<\/span> var reist fyrir Sof\u00edu, engin prestast\u00e9tt og engar <span class=\"iwg-fachbegriff\" data-tooltip=\"Gj\u00f6f til gu\u00f0veru til a\u00f0 tj\u00e1 \u00feakkl\u00e6ti, b\u00f3n e\u00f0a tilbei\u00f0slu.\" tabindex=\"0\">f\u00f3rnir<\/span> voru f\u00e6r\u00f0ar. H\u00fan var gu\u00f0fr\u00e6\u00f0ileg og b\u00f3kmenntaleg pers\u00f3na innan <span class=\"iwg-fachbegriff\" data-tooltip=\"Tr\u00fain \u00e1 einn og a\u00f0eins einn gu\u00f0.\" tabindex=\"0\">eingu\u00f0str\u00faar<\/span>. \u00d3bein tilbei\u00f0sla kom fyrst fram gegnum hina b\u00fds\u00f6nsku hef\u00f0 og Sof\u00edu-t\u00e1knmyndirnar.<\/p>\n<\/details>\n\n<details class=\"iwg-faq-item\">\n  <summary><strong>Hvers vegna heitir Hagia Sof\u00eda \u00ed Konstant\u00edn\u00f3pel \u00feessu nafni?<\/strong><\/summary>\n  <p>Hagia Sof\u00eda, <span class=\"iwg-fachbegriff\" data-tooltip=\"Yfirgefi\u00f0 til hins heilaga me\u00f0 tr\u00faarlegri ath\u00f6fn og \u00feannig teki\u00f0 \u00far hinu hversdagslega.\" tabindex=\"0\">helgu\u00f0<\/span> \u00e1ri\u00f0 537, ber nafn Sof\u00edu ekki sem d\u00fdrlingsnafn heldur sem <span class=\"iwg-fachbegriff\" data-tooltip=\"B\u00e6narleg e\u00f0a \u00e1kalls \u00e1v\u00f6rpun til gu\u00f0veru e\u00f0a m\u00e1ttar.\" tabindex=\"0\">\u00e1kall<\/span> til hinnar gu\u00f0legu visku. \u00cd gr\u00edskri kirkjufe\u00f0rafr\u00e6\u00f0i var viska oft tengd Kristi, sem skilinn var sem viska Gu\u00f0s. Kirkjan ber \u00feessa tengingu \u00ed nafni s\u00ednu.<\/p>\n<\/details>\n\t\t\t\t\t\t\t\t<\/div>\n\t\t\t\t<div class=\"elementor-element elementor-element-wv-sophia-s elementor-widget elementor-widget-html\" data-id=\"wv-sophia-s\" data-element_type=\"widget\" data-e-type=\"widget\" data-widget_type=\"html.default\">\n\t\t\t\t\t<script type=\"application\/ld+json\">{\"@context\": \"https:\/\/schema.org\", \"@type\": \"FAQPage\", \"mainEntity\": [{\"@type\": \"Question\", \"name\": \"Hver er Sof\u00eda?\", \"acceptedAnswer\": {\"@type\": \"Answer\", \"text\": \"Sof\u00eda er gr\u00edska pers\u00f3nugerving hinnar gu\u00f0legu visku. H\u00fan tengir saman hebreska hugtaki\u00f0 Chokhmah \u00far viskub\u00f3kunum og hina hellen\u00edsku pers\u00f3nugervingu. \u00cd gnost\u00edkinni ver\u00f0ur h\u00fan lykilpers\u00f3na \u00ed heimsfr\u00e6\u00f0ilegri fr\u00e1s\u00f6gn sem \u00fatsk\u00fdrir hvers vegna hinn efnislegi heimur er til.\"}}, {\"@type\": \"Question\", \"name\": \"Hva\u00f0a hlutverki leikur Sof\u00eda \u00ed gnost\u00edkinni?\", \"acceptedAnswer\": {\"@type\": \"Answer\", \"text\": \"\u00cd valent\u00edn\u00edsku sk\u00f3lunum er Sof\u00eda yngsti, kvenkyns hlekkurinn \u00ed Pleroma, fyllingu \u00e6\u00f3naparanna. \u00cd dramb e\u00f0a \u00f3h\u00f3flegri \u00e1st getur h\u00fan, \u00e1n karlkyns f\u00e9laga, af s\u00e9r dem\u00ed\u00fargann, sem skapar hinn efnislega heim. Sof\u00eda er \u00fatl\u00e6g\u00f0 \u00far Pleroma og a\u00f0 lokum frelsu\u00f0 af Kristi.\"}}, {\"@type\": \"Question\", \"name\": \"Haf\u00f0i Sof\u00eda s\u00edna eigin d\u00fdrkun?\", \"acceptedAnswer\": {\"@type\": \"Answer\", \"text\": \"\u00c1 fyrstu bibl\u00eduskei\u00f0i hennar var engin s\u00e9rst\u00f6k d\u00fdrkun til. Ekkert musteri var reist fyrir Sof\u00edu, engin prestast\u00e9tt og engar f\u00f3rnir voru f\u00e6r\u00f0ar. H\u00fan var gu\u00f0fr\u00e6\u00f0ileg og b\u00f3kmenntaleg pers\u00f3na innan eingu\u00f0str\u00faar. \u00d3bein tilbei\u00f0sla kom fyrst fram gegnum hina b\u00fds\u00f6nsku hef\u00f0 og Sof\u00edu-t\u00e1knmyndirnar.\"}}, {\"@type\": \"Question\", \"name\": \"Hvers vegna heitir Hagia Sof\u00eda \u00ed Konstant\u00edn\u00f3pel \u00feessu nafni?\", \"acceptedAnswer\": {\"@type\": \"Answer\", \"text\": \"Hagia Sof\u00eda, helgu\u00f0 \u00e1ri\u00f0 537, ber nafn Sof\u00edu ekki sem d\u00fdrlingsnafn heldur sem \u00e1kall til hinnar gu\u00f0legu visku. \u00cd gr\u00edskri kirkjufe\u00f0rafr\u00e6\u00f0i var viska oft tengd Kristi, sem skilinn var sem viska Gu\u00f0s. Kirkjan ber \u00feessa tengingu \u00ed nafni s\u00ednu.\"}}]}<\/script>\t\t\t\t<\/div>\n\t\t\t\t\t<\/div>\n\t\t<\/div>\n\t\t\t\t\t<\/div>\n\t\t<\/section>\n\t\t\t\t<\/div>\n\t\t","protected":false},"excerpt":{"rendered":"","protected":false},"author":3,"featured_media":3407,"parent":0,"menu_order":0,"comment_status":"closed","ping_status":"closed","template":"elementor_header_footer","meta":{"_yoast_wpseo_focuskw":"Sof\u00eda","_yoast_wpseo_title":"Sof\u00eda \u2013 gu\u00f0leg viska til gnosis | iWell Guard","_yoast_wpseo_metadesc":"Sof\u00eda er pers\u00f3nugerving gu\u00f0legrar visku, fr\u00e1 hebreska Chokhmah \u00ed gegnum gnost\u00edsku kr\u00edsuna \u00ed Pleroma til n\u00fat\u00edmalegrar t\u00falkunar.","_yoast_wpseo_meta-robots-noindex":"","_yoast_wpseo_canonical":"","_angie_page":false,"gefaehrdungsstufe":"","wesen_kultur":"christentum","wesen_klasse":"lichtwesen","footnotes":""},"categories":[],"class_list":["post-168895","page","type-page","status-publish","has-post-thumbnail","hentry"],"yoast_head":"<!-- This site is optimized with the Yoast SEO Premium plugin v27.7 (Yoast SEO v28.3) - https:\/\/yoast.com\/product\/yoast-seo-premium-wordpress\/ -->\n<title>Sof\u00eda \u2013 gu\u00f0leg viska til gnosis | iWell Guard<\/title>\n<meta name=\"description\" content=\"Sof\u00eda er pers\u00f3nugerving gu\u00f0legrar visku, fr\u00e1 hebreska Chokhmah \u00ed gegnum gnost\u00edsku kr\u00edsuna \u00ed Pleroma til n\u00fat\u00edmalegrar t\u00falkunar.\" \/>\n<meta name=\"robots\" content=\"index, follow, max-snippet:-1, max-image-preview:large, max-video-preview:-1\" \/>\n<link rel=\"canonical\" href=\"https:\/\/iwell-guard.com\/is\/sofia\/\" \/>\n<meta property=\"og:locale\" content=\"is_IS\" \/>\n<meta property=\"og:type\" content=\"article\" \/>\n<meta property=\"og:title\" content=\"Sof\u00eda\" \/>\n<meta property=\"og:description\" content=\"Sof\u00eda er pers\u00f3nugerving gu\u00f0legrar visku, fr\u00e1 hebreska Chokhmah \u00ed gegnum gnost\u00edsku kr\u00edsuna \u00ed Pleroma til n\u00fat\u00edmalegrar t\u00falkunar.\" \/>\n<meta property=\"og:url\" content=\"https:\/\/iwell-guard.com\/is\/sofia\/\" \/>\n<meta property=\"og:site_name\" content=\"iWell Guard\" \/>\n<meta property=\"article:modified_time\" content=\"2026-09-05T14:22:11+00:00\" \/>\n<meta property=\"og:image\" content=\"https:\/\/iwell-guard.com\/wp-content\/uploads\/2026\/05\/praktiken_sophia.webp\" \/>\n\t<meta property=\"og:image:width\" content=\"1024\" \/>\n\t<meta property=\"og:image:height\" content=\"1536\" \/>\n\t<meta property=\"og:image:type\" content=\"image\/webp\" \/>\n<meta name=\"twitter:card\" content=\"summary_large_image\" \/>\n<script type=\"application\/ld+json\" class=\"yoast-schema-graph\">{\"@context\":\"https:\\\/\\\/schema.org\",\"@graph\":[{\"@type\":\"WebPage\",\"@id\":\"https:\\\/\\\/iwell-guard.com\\\/is\\\/sofia\\\/\",\"url\":\"https:\\\/\\\/iwell-guard.com\\\/is\\\/sofia\\\/\",\"name\":\"Sof\u00eda \u2013 gu\u00f0leg viska til gnosis | iWell Guard\",\"isPartOf\":{\"@id\":\"https:\\\/\\\/iwell-guard.com\\\/is\\\/#website\"},\"primaryImageOfPage\":{\"@id\":\"https:\\\/\\\/iwell-guard.com\\\/is\\\/sofia\\\/#primaryimage\"},\"image\":{\"@id\":\"https:\\\/\\\/iwell-guard.com\\\/is\\\/sofia\\\/#primaryimage\"},\"thumbnailUrl\":\"https:\\\/\\\/iwell-guard.com\\\/wp-content\\\/uploads\\\/2026\\\/05\\\/praktiken_sophia.webp\",\"datePublished\":\"2026-09-05T14:03:51+00:00\",\"dateModified\":\"2026-09-05T14:22:11+00:00\",\"description\":\"Sof\u00eda er pers\u00f3nugerving gu\u00f0legrar visku, fr\u00e1 hebreska Chokhmah \u00ed gegnum gnost\u00edsku kr\u00edsuna \u00ed Pleroma til n\u00fat\u00edmalegrar t\u00falkunar.\",\"breadcrumb\":{\"@id\":\"https:\\\/\\\/iwell-guard.com\\\/is\\\/sofia\\\/#breadcrumb\"},\"inLanguage\":\"is\",\"potentialAction\":[{\"@type\":\"ReadAction\",\"target\":[\"https:\\\/\\\/iwell-guard.com\\\/is\\\/sofia\\\/\"]}]},{\"@type\":\"ImageObject\",\"inLanguage\":\"is\",\"@id\":\"https:\\\/\\\/iwell-guard.com\\\/is\\\/sofia\\\/#primaryimage\",\"url\":\"https:\\\/\\\/iwell-guard.com\\\/wp-content\\\/uploads\\\/2026\\\/05\\\/praktiken_sophia.webp\",\"contentUrl\":\"https:\\\/\\\/iwell-guard.com\\\/wp-content\\\/uploads\\\/2026\\\/05\\\/praktiken_sophia.webp\",\"width\":1024,\"height\":1536,\"caption\":\"Ath\u00f6fn. S\u00f6guleg og myndr\u00e6n framsetning.\"},{\"@type\":\"BreadcrumbList\",\"@id\":\"https:\\\/\\\/iwell-guard.com\\\/is\\\/sofia\\\/#breadcrumb\",\"itemListElement\":[{\"@type\":\"ListItem\",\"position\":1,\"name\":\"Start\",\"item\":\"https:\\\/\\\/iwell-guard.com\\\/is\\\/?page_id=168580\"},{\"@type\":\"ListItem\",\"position\":2,\"name\":\"Sof\u00eda\"}]},{\"@type\":\"WebSite\",\"@id\":\"https:\\\/\\\/iwell-guard.com\\\/is\\\/#website\",\"url\":\"https:\\\/\\\/iwell-guard.com\\\/is\\\/\",\"name\":\"iWell Guard\",\"description\":\"Schutz vor dunklen Einfl\u00fcssen\",\"publisher\":{\"@id\":\"https:\\\/\\\/iwell-guard.com\\\/is\\\/#organization\"},\"potentialAction\":[{\"@type\":\"SearchAction\",\"target\":{\"@type\":\"EntryPoint\",\"urlTemplate\":\"https:\\\/\\\/iwell-guard.com\\\/is\\\/?s={search_term_string}\"},\"query-input\":{\"@type\":\"PropertyValueSpecification\",\"valueRequired\":true,\"valueName\":\"search_term_string\"}}],\"inLanguage\":\"is\"},{\"@type\":\"Organization\",\"@id\":\"https:\\\/\\\/iwell-guard.com\\\/is\\\/#organization\",\"name\":\"Ittermann electronic GmbH\",\"url\":\"https:\\\/\\\/iwell-guard.com\\\/is\\\/\",\"logo\":{\"@type\":\"ImageObject\",\"inLanguage\":\"is\",\"@id\":\"https:\\\/\\\/iwell-guard.com\\\/is\\\/#\\\/schema\\\/logo\\\/image\\\/\",\"url\":\"https:\\\/\\\/iwell-guard.com\\\/wp-content\\\/uploads\\\/2026\\\/05\\\/Ittermann-Logo-1182x237-1.png\",\"contentUrl\":\"https:\\\/\\\/iwell-guard.com\\\/wp-content\\\/uploads\\\/2026\\\/05\\\/Ittermann-Logo-1182x237-1.png\",\"width\":1182,\"height\":237,\"caption\":\"Ittermann electronic GmbH\"},\"image\":{\"@id\":\"https:\\\/\\\/iwell-guard.com\\\/is\\\/#\\\/schema\\\/logo\\\/image\\\/\"},\"sameAs\":[\"https:\\\/\\\/pantip.com\\\/profile\\\/9367242\",\"https:\\\/\\\/micro.blog\\\/iwellguard\",\"https:\\\/\\\/www.diggerslist.com\\\/iwellguard\\\/about\",\"https:\\\/\\\/skitterphoto.com\\\/photographers\\\/2870314\\\/iwell-guard\",\"https:\\\/\\\/iwellguard.wordpress.com\\\/2026\\\/06\\\/06\\\/iwell-guard\\\/\",\"https:\\\/\\\/hub.docker.com\\\/u\\\/iwellguard\",\"https:\\\/\\\/www.pinterest.com\\\/iwellguard\\\/\",\"https:\\\/\\\/bit.ly\\\/m\\\/iwellguard\",\"https:\\\/\\\/entre-vos-mains.alsace.eu\\\/profiles\\\/iwellguard\\\/activity\",\"https:\\\/\\\/gravatar.com\\\/reallybeded8fd34\",\"https:\\\/\\\/naijamatta.com\\\/iwellguard\",\"https:\\\/\\\/www.goodreads.com\\\/iwellguard\",\"https:\\\/\\\/profile.hatena.ne.jp\\\/iwellguard\\\/\",\"https:\\\/\\\/experiment.com\\\/users\\\/iwellguard\",\"https:\\\/\\\/wakelet.com\\\/@iWellGuard82270\",\"https:\\\/\\\/www.chordie.com\\\/forum\\\/profile.php?id=2555664\",\"https:\\\/\\\/www.instapaper.com\\\/p\\\/17757966\",\"https:\\\/\\\/www.mapleprimes.com\\\/users\\\/iwellguard\",\"https:\\\/\\\/businesslistingplus.com\\\/profile\\\/iwell-guard\\\/\",\"https:\\\/\\\/telegra.ph\\\/iWell-Guard-06-06\",\"https:\\\/\\\/pbase.com\\\/iwellguard\\\/iwellguard\",\"https:\\\/\\\/b.hatena.ne.jp\\\/iwellguard\\\/20260607#bookmark-4788405196491818882\",\"https:\\\/\\\/fliphtml5.com\\\/home\\\/iwellguard\",\"https:\\\/\\\/anyflip.com\\\/homepage\\\/cmiwl#About\",\"https:\\\/\\\/transfur.com\\\/Users\\\/iwellguard\",\"http:\\\/\\\/delphi.larsbo.org\\\/user\\\/iwellguard\",\"https:\\\/\\\/jobs.lajobsportal.org\\\/profiles\\\/8380803-iwell-guard\",\"https:\\\/\\\/md.chaosdorf.de\\\/s\\\/jfbe5SBdJD\",\"https:\\\/\\\/www.lingvolive.com\\\/en-us\\\/profile\\\/9ecaeaca-ce11-4e51-9e71-01d55e2bff36\\\/translations\",\"https:\\\/\\\/www.fitday.com\\\/fitness\\\/forums\\\/members\\\/iwellguard.html\",\"https:\\\/\\\/www.mymeetbook.com\\\/iwellguard\",\"https:\\\/\\\/pxhere.com\\\/en\\\/photographer-me\\\/5040798\",\"https:\\\/\\\/disqus.com\\\/by\\\/iwellguard\\\/about\\\/\",\"https:\\\/\\\/pastelink.net\\\/hjwciqwq\",\"https:\\\/\\\/pubhtml5.com\\\/homepage\\\/scjhn\\\/\",\"https:\\\/\\\/www.bitchute.com\\\/channel\\\/2O2eOKzNqujT\",\"https:\\\/\\\/audiomack.com\\\/iwellguard\"]},{\"@type\":\"Article\",\"@id\":\"https:\\\/\\\/iwell-guard.com\\\/is\\\/sofia\\\/#article\",\"isPartOf\":{\"@id\":\"https:\\\/\\\/iwell-guard.com\\\/is\\\/sofia\\\/\"},\"author\":{\"name\":\"Ralf Ittermann\",\"@id\":\"https:\\\/\\\/iwell-guard.com\\\/is\\\/#\\\/schema\\\/person\\\/ee2a27f1cac3406c7c6fb5820cb7349f\"},\"headline\":\"Sof\u00eda\",\"datePublished\":\"2026-09-05T14:03:51+00:00\",\"dateModified\":\"2026-09-05T14:22:11+00:00\",\"mainEntityOfPage\":{\"@id\":\"https:\\\/\\\/iwell-guard.com\\\/is\\\/sofia\\\/\"},\"publisher\":{\"@id\":\"https:\\\/\\\/iwell-guard.com\\\/is\\\/#organization\"},\"image\":{\"@id\":\"https:\\\/\\\/iwell-guard.com\\\/is\\\/sofia\\\/#primaryimage\"},\"thumbnailUrl\":\"https:\\\/\\\/iwell-guard.com\\\/wp-content\\\/uploads\\\/2026\\\/05\\\/praktiken_sophia.webp\",\"inLanguage\":\"is\",\"description\":\"Sof\u00eda er pers\u00f3nugerving gu\u00f0legrar visku, fr\u00e1 hebreska Chokhmah \u00ed gegnum gnost\u00edsku kr\u00edsuna \u00ed Pleroma til n\u00fat\u00edmalegrar t\u00falkunar.\"}]}<\/script>\n<!-- \/ Yoast SEO Premium plugin. -->","yoast_head_json":{"title":"Sof\u00eda \u2013 gu\u00f0leg viska til gnosis | iWell Guard","description":"Sof\u00eda er pers\u00f3nugerving gu\u00f0legrar visku, fr\u00e1 hebreska Chokhmah \u00ed gegnum gnost\u00edsku kr\u00edsuna \u00ed Pleroma til n\u00fat\u00edmalegrar t\u00falkunar.","robots":{"index":"index","follow":"follow","max-snippet":"max-snippet:-1","max-image-preview":"max-image-preview:large","max-video-preview":"max-video-preview:-1"},"canonical":"https:\/\/iwell-guard.com\/is\/sofia\/","og_locale":"is_IS","og_type":"article","og_title":"Sof\u00eda","og_description":"Sof\u00eda er pers\u00f3nugerving gu\u00f0legrar visku, fr\u00e1 hebreska Chokhmah \u00ed gegnum gnost\u00edsku kr\u00edsuna \u00ed Pleroma til n\u00fat\u00edmalegrar t\u00falkunar.","og_url":"https:\/\/iwell-guard.com\/is\/sofia\/","og_site_name":"iWell Guard","article_modified_time":"2026-09-05T14:22:11+00:00","og_image":[{"width":1024,"height":1536,"url":"https:\/\/iwell-guard.com\/wp-content\/uploads\/2026\/05\/praktiken_sophia.webp","type":"image\/webp"}],"twitter_card":"summary_large_image","schema":{"@context":"https:\/\/schema.org","@graph":[{"@type":"Article","@id":"https:\/\/iwell-guard.com\/is\/sofia\/#article","isPartOf":{"@id":"https:\/\/iwell-guard.com\/is\/sofia\/"},"author":{"name":"Ralf Ittermann","@id":"https:\/\/iwell-guard.com\/is\/#\/schema\/person\/ee2a27f1cac3406c7c6fb5820cb7349f"},"headline":"Sof\u00eda","datePublished":"2026-09-05T14:03:51+00:00","dateModified":"2026-09-05T14:22:11+00:00","mainEntityOfPage":{"@id":"https:\/\/iwell-guard.com\/is\/sofia\/"},"publisher":{"@id":"https:\/\/iwell-guard.com\/is\/#organization"},"image":{"@id":"https:\/\/iwell-guard.com\/is\/sofia\/#primaryimage"},"thumbnailUrl":"https:\/\/iwell-guard.com\/wp-content\/uploads\/2026\/05\/praktiken_sophia.webp","inLanguage":"is","description":"Sof\u00eda er pers\u00f3nugerving gu\u00f0legrar visku, fr\u00e1 hebreska Chokhmah \u00ed gegnum gnost\u00edsku kr\u00edsuna \u00ed Pleroma til n\u00fat\u00edmalegrar t\u00falkunar."},{"@type":"WebPage","@id":"https:\/\/iwell-guard.com\/is\/sofia\/","url":"https:\/\/iwell-guard.com\/is\/sofia\/","name":"Sof\u00eda \u2013 gu\u00f0leg viska til gnosis | iWell Guard","isPartOf":{"@id":"https:\/\/iwell-guard.com\/is\/#website"},"primaryImageOfPage":{"@id":"https:\/\/iwell-guard.com\/is\/sofia\/#primaryimage"},"image":{"@id":"https:\/\/iwell-guard.com\/is\/sofia\/#primaryimage"},"thumbnailUrl":"https:\/\/iwell-guard.com\/wp-content\/uploads\/2026\/05\/praktiken_sophia.webp","datePublished":"2026-09-05T14:03:51+00:00","dateModified":"2026-09-05T14:22:11+00:00","description":"Sof\u00eda er pers\u00f3nugerving gu\u00f0legrar visku, fr\u00e1 hebreska Chokhmah \u00ed gegnum gnost\u00edsku kr\u00edsuna \u00ed Pleroma til n\u00fat\u00edmalegrar t\u00falkunar.","breadcrumb":{"@id":"https:\/\/iwell-guard.com\/is\/sofia\/#breadcrumb"},"inLanguage":"is","potentialAction":[{"@type":"ReadAction","target":["https:\/\/iwell-guard.com\/is\/sofia\/"]}]},{"@type":"ImageObject","inLanguage":"is","@id":"https:\/\/iwell-guard.com\/is\/sofia\/#primaryimage","url":"https:\/\/iwell-guard.com\/wp-content\/uploads\/2026\/05\/praktiken_sophia.webp","contentUrl":"https:\/\/iwell-guard.com\/wp-content\/uploads\/2026\/05\/praktiken_sophia.webp","width":1024,"height":1536,"caption":"Ath\u00f6fn. S\u00f6guleg og myndr\u00e6n framsetning."},{"@type":"BreadcrumbList","@id":"https:\/\/iwell-guard.com\/is\/sofia\/#breadcrumb","itemListElement":[{"@type":"ListItem","position":1,"name":"Start","item":"https:\/\/iwell-guard.com\/is\/?page_id=168580"},{"@type":"ListItem","position":2,"name":"Sof\u00eda"}]},{"@type":"WebSite","@id":"https:\/\/iwell-guard.com\/is\/#website","url":"https:\/\/iwell-guard.com\/is\/","name":"iWell Guard","description":"Schutz vor dunklen Einfl\u00fcssen","publisher":{"@id":"https:\/\/iwell-guard.com\/is\/#organization"},"potentialAction":[{"@type":"SearchAction","target":{"@type":"EntryPoint","urlTemplate":"https:\/\/iwell-guard.com\/is\/?s={search_term_string}"},"query-input":{"@type":"PropertyValueSpecification","valueRequired":true,"valueName":"search_term_string"}}],"inLanguage":"is"},{"@type":"Organization","@id":"https:\/\/iwell-guard.com\/is\/#organization","name":"Ittermann electronic GmbH","url":"https:\/\/iwell-guard.com\/is\/","logo":{"@type":"ImageObject","inLanguage":"is","@id":"https:\/\/iwell-guard.com\/is\/#\/schema\/logo\/image\/","url":"https:\/\/iwell-guard.com\/wp-content\/uploads\/2026\/05\/Ittermann-Logo-1182x237-1.png","contentUrl":"https:\/\/iwell-guard.com\/wp-content\/uploads\/2026\/05\/Ittermann-Logo-1182x237-1.png","width":1182,"height":237,"caption":"Ittermann electronic GmbH"},"image":{"@id":"https:\/\/iwell-guard.com\/is\/#\/schema\/logo\/image\/"},"sameAs":["https:\/\/pantip.com\/profile\/9367242","https:\/\/micro.blog\/iwellguard","https:\/\/www.diggerslist.com\/iwellguard\/about","https:\/\/skitterphoto.com\/photographers\/2870314\/iwell-guard","https:\/\/iwellguard.wordpress.com\/2026\/06\/06\/iwell-guard\/","https:\/\/hub.docker.com\/u\/iwellguard","https:\/\/www.pinterest.com\/iwellguard\/","https:\/\/bit.ly\/m\/iwellguard","https:\/\/entre-vos-mains.alsace.eu\/profiles\/iwellguard\/activity","https:\/\/gravatar.com\/reallybeded8fd34","https:\/\/naijamatta.com\/iwellguard","https:\/\/www.goodreads.com\/iwellguard","https:\/\/profile.hatena.ne.jp\/iwellguard\/","https:\/\/experiment.com\/users\/iwellguard","https:\/\/wakelet.com\/@iWellGuard82270","https:\/\/www.chordie.com\/forum\/profile.php?id=2555664","https:\/\/www.instapaper.com\/p\/17757966","https:\/\/www.mapleprimes.com\/users\/iwellguard","https:\/\/businesslistingplus.com\/profile\/iwell-guard\/","https:\/\/telegra.ph\/iWell-Guard-06-06","https:\/\/pbase.com\/iwellguard\/iwellguard","https:\/\/b.hatena.ne.jp\/iwellguard\/20260607#bookmark-4788405196491818882","https:\/\/fliphtml5.com\/home\/iwellguard","https:\/\/anyflip.com\/homepage\/cmiwl#About","https:\/\/transfur.com\/Users\/iwellguard","http:\/\/delphi.larsbo.org\/user\/iwellguard","https:\/\/jobs.lajobsportal.org\/profiles\/8380803-iwell-guard","https:\/\/md.chaosdorf.de\/s\/jfbe5SBdJD","https:\/\/www.lingvolive.com\/en-us\/profile\/9ecaeaca-ce11-4e51-9e71-01d55e2bff36\/translations","https:\/\/www.fitday.com\/fitness\/forums\/members\/iwellguard.html","https:\/\/www.mymeetbook.com\/iwellguard","https:\/\/pxhere.com\/en\/photographer-me\/5040798","https:\/\/disqus.com\/by\/iwellguard\/about\/","https:\/\/pastelink.net\/hjwciqwq","https:\/\/pubhtml5.com\/homepage\/scjhn\/","https:\/\/www.bitchute.com\/channel\/2O2eOKzNqujT","https:\/\/audiomack.com\/iwellguard"]},{"@type":"Person","@id":"https:\/\/iwell-guard.com\/is\/#\/schema\/person\/ee2a27f1cac3406c7c6fb5820cb7349f","name":"Ralf Ittermann","image":{"@type":"ImageObject","inLanguage":"is","@id":"https:\/\/secure.gravatar.com\/avatar\/073c0153e350a5005b68eb752b445fea71f6b24a26da9449ad7e155e6b446c9d?s=96&d=mm&r=g","url":"https:\/\/secure.gravatar.com\/avatar\/073c0153e350a5005b68eb752b445fea71f6b24a26da9449ad7e155e6b446c9d?s=96&d=mm&r=g","contentUrl":"https:\/\/secure.gravatar.com\/avatar\/073c0153e350a5005b68eb752b445fea71f6b24a26da9449ad7e155e6b446c9d?s=96&d=mm&r=g","caption":"Ralf Ittermann"},"givenName":"Ralf","familyName":"Ittermann","jobTitle":"Gesch\u00e4ftsf\u00fchrer und redaktioneller Verantwortlicher","url":"https:\/\/iwell-guard.com\/is\/author\/claude\/","description":"Ralf Ittermann ist Gesch\u00e4ftsf\u00fchrer der Ittermann electronic GmbH und redaktioneller Verantwortlicher des iWell-Guard-Lexikons. Er verbindet langj\u00e4hrige Erfahrung in der Pr\u00e4zisionsfertigung mit medialer Praxis und religionsgeschichtlicher Quellenarbeit.","worksFor":{"@type":"Organization","name":"Ittermann electronic GmbH","url":"https:\/\/ittermann.de\/","address":{"@type":"PostalAddress","streetAddress":"K\u00f6hlergasse 16-18","postalCode":"99842","addressLocality":"Ruhla","addressCountry":"DE"}},"knowsAbout":["Religionsgeschichte","Mythologie","Mediale Praxis","Energetische Diagnostik","Schutzpraxis","Volksglauben","Westliche Esoterik"]},{"@type":"Article","@id":"https:\/\/iwell-guard.com\/is\/sofia\/#article","isPartOf":{"@id":"https:\/\/iwell-guard.com\/is\/sofia\/"},"author":{"name":"Ralf Ittermann","@id":"https:\/\/iwell-guard.com\/is\/#\/schema\/person\/ee2a27f1cac3406c7c6fb5820cb7349f"},"headline":"Sof\u00eda","datePublished":"2026-09-05T14:03:51+00:00","dateModified":"2026-09-05T14:22:11+00:00","mainEntityOfPage":{"@id":"https:\/\/iwell-guard.com\/is\/sofia\/"},"publisher":{"@id":"https:\/\/iwell-guard.com\/is\/#organization"},"image":{"@id":"https:\/\/iwell-guard.com\/is\/sofia\/#primaryimage"},"thumbnailUrl":"https:\/\/iwell-guard.com\/wp-content\/uploads\/2026\/05\/praktiken_sophia.webp","inLanguage":"is","description":"Sof\u00eda er pers\u00f3nugerving gu\u00f0legrar visku, fr\u00e1 hebreska Chokhmah \u00ed gegnum gnost\u00edsku kr\u00edsuna \u00ed Pleroma til n\u00fat\u00edmalegrar t\u00falkunar."}]}},"_links":{"self":[{"href":"https:\/\/iwell-guard.com\/is\/wp-json\/wp\/v2\/pages\/168895","targetHints":{"allow":["GET"]}}],"collection":[{"href":"https:\/\/iwell-guard.com\/is\/wp-json\/wp\/v2\/pages"}],"about":[{"href":"https:\/\/iwell-guard.com\/is\/wp-json\/wp\/v2\/types\/page"}],"author":[{"embeddable":true,"href":"https:\/\/iwell-guard.com\/is\/wp-json\/wp\/v2\/users\/3"}],"replies":[{"embeddable":true,"href":"https:\/\/iwell-guard.com\/is\/wp-json\/wp\/v2\/comments?post=168895"}],"version-history":[{"count":0,"href":"https:\/\/iwell-guard.com\/is\/wp-json\/wp\/v2\/pages\/168895\/revisions"}],"wp:featuredmedia":[{"embeddable":true,"href":"https:\/\/iwell-guard.com\/is\/wp-json\/wp\/v2\/media\/3407"}],"wp:attachment":[{"href":"https:\/\/iwell-guard.com\/is\/wp-json\/wp\/v2\/media?parent=168895"}],"wp:term":[{"taxonomy":"category","embeddable":true,"href":"https:\/\/iwell-guard.com\/is\/wp-json\/wp\/v2\/categories?post=168895"}],"curies":[{"name":"wp","href":"https:\/\/api.w.org\/{rel}","templated":true}]}}