{"id":168894,"date":"2026-09-05T14:03:51","date_gmt":"2026-09-05T14:03:51","guid":{"rendered":"https:\/\/iwell-guard.com\/?page_id=168894"},"modified":"2026-09-05T14:22:10","modified_gmt":"2026-09-05T14:22:10","slug":"eter","status":"publish","type":"page","link":"https:\/\/iwell-guard.com\/is\/eter\/","title":{"rendered":"Eter"},"content":{"rendered":"\t\t<div data-elementor-type=\"wp-page\" data-elementor-id=\"168894\" class=\"elementor elementor-168894 elementor-2454 elementor-bc-flex-widget\" data-elementor-post-type=\"page\">\n\t\t\t\t<div class=\"elementor-element elementor-element-hero44b488a e-flex e-con-boxed e-con e-parent\" data-id=\"hero44b488a\" data-element_type=\"container\" data-e-type=\"container\">\n\t\t\t\t\t<div class=\"e-con-inner\">\n\t\t\t\t<div class=\"elementor-element elementor-element-heroimga0b2f85 iwg-hero-image elementor-widget elementor-widget-image\" data-id=\"heroimga0b2f85\" data-element_type=\"widget\" data-e-type=\"widget\" data-widget_type=\"image.default\">\n\t\t\t\t\t\t\t\t\t\t\t\t\t\t\t<img fetchpriority=\"high\" decoding=\"async\" width=\"683\" height=\"1024\" src=\"https:\/\/iwell-guard.com\/wp-content\/uploads\/2026\/05\/praktiken_aether-683x1024.webp\" class=\"attachment-large size-large wp-image-170643\" alt=\"Aether - Myndskreyting af Aether-ath\u00f6fn \u00ed sagnfr\u00e6\u00f0ilega-safnfr\u00e6\u00f0ilega-heimildarlegum st\u00edl\" srcset=\"https:\/\/iwell-guard.com\/wp-content\/uploads\/2026\/05\/praktiken_aether-683x1024.webp 683w, https:\/\/iwell-guard.com\/wp-content\/uploads\/2026\/05\/praktiken_aether-200x300.webp 200w, https:\/\/iwell-guard.com\/wp-content\/uploads\/2026\/05\/praktiken_aether-768x1152.webp 768w, https:\/\/iwell-guard.com\/wp-content\/uploads\/2026\/05\/praktiken_aether.webp 1024w\" sizes=\"(max-width: 683px) 100vw, 683px\" \/>\t\t\t\t\t\t\t\t\t\t\t\t\t\t\t<\/div>\n\t\t\t\t\t<\/div>\n\t\t\t\t<\/div>\n\t\t\t\t<section class=\"elementor-section elementor-top-section elementor-element elementor-element-sec-aether elementor-section-boxed elementor-section-height-default elementor-section-height-default\" data-id=\"sec-aether\" data-element_type=\"section\" data-e-type=\"section\" id=\"sec-aether\">\n\t\t\t\t\t\t<div class=\"elementor-container elementor-column-gap-default\">\n\t\t\t\t\t<div class=\"elementor-column elementor-col-100 elementor-top-column elementor-element elementor-element-col-aether\" data-id=\"col-aether\" data-element_type=\"column\" data-e-type=\"column\" id=\"col-aether\">\n\t\t\t<div class=\"elementor-widget-wrap elementor-element-populated\">\n\t\t\t\t\t\t<div class=\"elementor-element elementor-element-wh-aether elementor-widget elementor-widget-heading\" data-id=\"wh-aether\" data-element_type=\"widget\" data-e-type=\"widget\" id=\"h1-aether\" data-widget_type=\"heading.default\">\n\t\t\t\t\t<h1 class=\"elementor-heading-title elementor-size-default\">Eter, f\u00edngert bur\u00f0arefni fornaldar og \u00e1rn\u00fdaldar<\/h1>\t\t\t\t<\/div>\n\t\t\t\t<div class=\"elementor-element elementor-element-we-aether elementor-widget elementor-widget-text-editor\" data-id=\"we-aether\" data-element_type=\"widget\" data-e-type=\"widget\" data-widget_type=\"text-editor.default\">\n\t\t\t\t\t\t\t\t\t<p class=\"iwg-lead\"><strong>Eter<\/strong> v\u00edsar \u00ed n\u00e1tt\u00faruspeki fornaldar til f\u00ednger\u00f0s bur\u00f0arefnis sem fyllir r\u00fdmin milli hinna gr\u00f3fu frumefna og er skili\u00f0 sem br\u00fa milli hins efnislega og hins andlega svi\u00f0s veruleikans. Hugtaki\u00f0 dregur l\u00ednu fr\u00e1 Arist\u00f3telesi yfir st\u00f3umenn og n\u00fdplatonista til \u00e1rn\u00fdaldar og endar \u00ed n\u00fat\u00edma <span class=\"iwg-fachbegriff\" data-tooltip=\"Samheiti yfir kenningar sem gera kr\u00f6fu um dulda \u00feekkingu sem a\u00f0eins innv\u00edg\u00f0ir hafa a\u00f0gang a\u00f0.\" tabindex=\"0\">dulspeki<\/span>.<\/p>\n<h2 id=\"aristoteles\">Arist\u00f3tel\u00edskar r\u00e6tur<\/h2>\n<p>Arist\u00f3teles b\u00e6tir \u00ed <em>De caelo<\/em> (Um himininn, 4. \u00f6ld f.Kr.) fimmta frumefninu vi\u00f0 hin fj\u00f6gur undirm\u00e1nalegu frumefni j\u00f6r\u00f0, vatn, loft og eld: eterinn e\u00f0a <em>quinta essentia<\/em>. Hann hreyfist ekki \u00ed beinum l\u00ednum eins og jar\u00f0nesku frumefnin heldur \u00ed hringferli, og er \u00fear af lei\u00f0andi grunnefni himinhvolfanna, stjarnanna og reikistjarnanna.<\/p><p>\u00deessi kenning m\u00f3tar heimsmynd mi\u00f0alda allt til K\u00f3pernikusar og skapar or\u00f0afor\u00f0ann fyrir alla s\u00ed\u00f0ari umr\u00e6\u00f0u um samband efnis og <span class=\"iwg-fachbegriff\" data-tooltip=\"\u00d3\u00e1\u00fereifanleg vera sem talin er hafa \u00e1hrif \u00ed heiminum.\" tabindex=\"0\">anda<\/span>.<\/p>\n<h2 id=\"stoa\">St\u00f3umenn og n\u00fdplatonistar<\/h2>\n<p>St\u00f3umenn samsama eterinn vi\u00f0 pneuma\u00f0, f\u00ednger\u00f0asta og gagnl\u00e6gasta efni\u00f0, sem tengir alheiminn saman sem <em>Sympatheia<\/em>.<\/p><p>N\u00fdplatonisminn r\u00f3tt\u00e6kgerir \u00feessa hugmynd: Pl\u00f3t\u00ednos og Pr\u00f3klos skilja eterinn sem hi\u00f0 efra lj\u00f3smi\u00f0il sem s\u00e1lin st\u00edgur upp \u00ed \u00e1 lei\u00f0 sinni fr\u00e1 hinum efnislega heimi aftur til hins Eina. Hj\u00e1 Jamblikkosi ver\u00f0ur eterinn a\u00f0 \u00e1kj\u00f3sanlegu bergm\u00e1lsr\u00fdmi gu\u00f0ger\u00f0ar\u00ed\u00f0kunar, \u00fear sem gu\u00f0um er ekki \u00e1varpa\u00f0 \u00ed steini heldur \u00ed eterlegri strauminni.<\/p>\n<h2 id=\"frueneuzeit\">E\u00f0lisfr\u00e6\u00f0i \u00e1rn\u00fdaldar og kartes\u00edumenn<\/h2>\n<p>Ren\u00e9 Descartes tekur eterinn upp sem bur\u00f0arefni res extensa \u00ed hringi\u00f0ue\u00f0lisfr\u00e6\u00f0i sinni. Newton f\u00e6st allt sitt l\u00edf vi\u00f0 spurninguna hvort lj\u00f3si\u00f0 berist um eterlegt mi\u00f0il e\u00f0a geti veri\u00f0 til \u00e1n bur\u00f0arefnis.<\/p><p>\u00cd <em>Optics<\/em> Newtons kemur eterinn fram sem tilg\u00e1tukennt undirlag lj\u00f3s\u00fatbrei\u00f0slu, sem einnig \u00e1tti a\u00f0 flytja \u00feyngdarkraftinn. Fram \u00e1 19. \u00f6ld er lj\u00f3seterinn sj\u00e1lfsag\u00f0ur hluti n\u00e1tt\u00faruv\u00edsindalegrar kenningasm\u00ed\u00f0ar.<\/p>\n<h2 id=\"michelson\">V\u00edsindasaga: Michelson-Morley og endalok eterins<\/h2>\n<p>Tilraun Alberts Michelsons og Edwards Morleys (1887) \u00e1tti a\u00f0 m\u00e6la hreyfingu jar\u00f0ar gagnvart hinum kyrra lj\u00f3seter, en fann engin \u00e1hrif. Me\u00f0 s\u00e9rst\u00f6ku afst\u00e6\u00f0iskenningu Einsteins (1905) ver\u00f0ur eterinn \u00f3\u00fe\u00f6rf e\u00f0lisfr\u00e6\u00f0ileg tilg\u00e1ta.<\/p><p>Or\u00f0i\u00f0 hverfur \u00far e\u00f0lisfr\u00e6\u00f0inni en sn\u00fdr aftur sem myndhverfing og \u00ed dulspekilegu samhengi: hj\u00e1 Tesla, \u00ed gu\u00f0speki, \u00ed antr\u00f3p\u00f3s\u00f3f\u00edu Rudolfs Steiners.<\/p>\n<h2 id=\"theosophie\">Gu\u00f0speki og n\u00fat\u00edma <span class=\"iwg-fachbegriff\" data-tooltip=\"Samheiti yfir kenningar sem gera kr\u00f6fu um dulda \u00feekkingu sem a\u00f0eins innv\u00edg\u00f0ir hafa a\u00f0gang a\u00f0.\" tabindex=\"0\">dulspeki<\/span><\/h2>\n<p>Helena Blavatsky kallar eterinn \u00ed <em>Geheimlehre<\/em> (Leyndarkenningunni) <em>Akasha<\/em>, hi\u00f0 altregandi, \u00f3efnislega bur\u00f0arefni allrar minningar og vitundarspora. \u00deessi lestur tengir <span class=\"iwg-fachbegriff\" data-tooltip=\"T\u00edmabil gr\u00edsk-r\u00f3mverskrar menningar, um 800 f.Kr. til 600 e.Kr.\" tabindex=\"0\">forn<\/span> <em>quinta essentia<\/em> vi\u00f0 hind\u00fa\u00edska sanskr\u00edt-hugtaki\u00f0.<\/p><p>Steiner tekur hugtaki\u00f0 upp og \u00fer\u00f3ar \u00edtarlega kenningu um eterl\u00edkama (l\u00edfseter, hlj\u00f3\u00f0seter, lj\u00f3sseter, hitaseter), sem enn er notu\u00f0 \u00ed antr\u00f3p\u00f3s\u00f3f\u00edskri l\u00e6knisfr\u00e6\u00f0i og uppeldisfr\u00e6\u00f0i.<\/p>\n<h2 id=\"einordnung\">Tr\u00faarbrag\u00f0afr\u00e6\u00f0ileg sta\u00f0setning<\/h2>\n<p>Eterinn stendur sem gott d\u00e6mi um hi\u00f0 merkingarfr\u00e6\u00f0ilega millisv\u00e6\u00f0i milli n\u00e1tt\u00faruspeki fornaldar, fornrar <span class=\"iwg-fachbegriff\" data-tooltip=\"Hugmynd um uppbyggingu og skipan heimsins innan menningar.\" tabindex=\"0\">heimsfr\u00e6\u00f0i<\/span> og n\u00fat\u00edma <span class=\"iwg-fachbegriff\" data-tooltip=\"Samheiti yfir kenningar sem gera kr\u00f6fu um dulda \u00feekkingu sem a\u00f0eins innv\u00edg\u00f0ir hafa a\u00f0gang a\u00f0.\" tabindex=\"0\">dulspeki<\/span>. Tr\u00faarbrag\u00f0afr\u00e6\u00f0ileg ranns\u00f3kn (Wouter Hanegraaff, <em>Esotericism and the Academy<\/em>, 2012) les hugt\u00f6k eins og eter, pneuma, akasha sem tv\u00edburahugt\u00f6k vestr\u00e6nnar <em>traditio<\/em> sem hefur endurskrifa\u00f0 sig samfellt fr\u00e1 <span class=\"iwg-fachbegriff\" data-tooltip=\"T\u00edmabil gr\u00edsk-r\u00f3mverskrar menningar, um 800 f.Kr. til 600 e.Kr.\" tabindex=\"0\">forn\u00f6ld<\/span>.<\/p><p>Skilningur \u00e1 eternum er \u00fear af lei\u00f0andi \u00f3missandi til a\u00f0 skilja tungum\u00e1l n\u00fat\u00edma verndar- og l\u00e6kningakerfa, \u00fear \u00e1 me\u00f0al iWell Guard, sem starfar me\u00f0 hugtakinu um f\u00ednger\u00f0 verndarsvi\u00f0.<\/p>\t\t\t\t\t\t\t\t<\/div>\n\t\t\t\t\t<\/div>\n\t\t<\/div>\n\t\t\t\t\t<\/div>\n\t\t<\/section>\n\t\t<div class=\"elementor-element elementor-element-iwgcd-aether-sec e-flex e-con-boxed e-con e-parent\" data-id=\"iwgcd-aether-sec\" data-element_type=\"container\" data-e-type=\"container\" id=\"iwg-cd-aether\">\n\t\t\t\t\t<div class=\"e-con-inner\">\n\t\t<div class=\"elementor-element elementor-element-iwgcd-aether-inner e-flex e-con-boxed e-con e-parent\" data-id=\"iwgcd-aether-inner\" data-element_type=\"container\" data-e-type=\"container\" data-settings=\"{&quot;background_background&quot;:&quot;classic&quot;}\">\n\t\t\t\t\t<div class=\"e-con-inner\">\n\t\t\t\t<div class=\"elementor-element elementor-element-iwgcd-aether-h elementor-widget elementor-widget-heading\" data-id=\"iwgcd-aether-h\" data-element_type=\"widget\" data-e-type=\"widget\" data-widget_type=\"heading.default\">\n\t\t\t\t\t<h2 class=\"elementor-heading-title elementor-size-default\">Tengingin \u00ed iWell Guard<\/h2>\t\t\t\t<\/div>\n\t\t\t\t<div class=\"elementor-element elementor-element-iwgcd-aether-t elementor-widget elementor-widget-text-editor\" data-id=\"iwgcd-aether-t\" data-element_type=\"widget\" data-e-type=\"widget\" data-widget_type=\"text-editor.default\">\n\t\t\t\t\t\t\t\t\t<p>Eter er \u00ed skilningi iWell Guard hi\u00f0 gagnl\u00e6ga frumefni sk\u00f6punarorkunnar, \u00fear sem sta\u00f0festingareiningarnir \u00fer\u00f3a verkunarstefnu s\u00edna.<\/p>\t\t\t\t\t\t\t\t<\/div>\n\t\t\t\t<div class=\"elementor-element elementor-element-iwgcd-aether-b iwg-cd-button iwg-cd-cta-2026-05-13 elementor-widget elementor-widget-jet-button\" data-id=\"iwgcd-aether-b\" data-element_type=\"widget\" data-e-type=\"widget\" data-widget_type=\"jet-button.default\">\n\t\t\t\t<div class=\"elementor-widget-container\">\n\t\t\t\t\t<div class=\"elementor-jet-button jet-elements\"><div class=\"jet-button__container\"><a class=\"jet-button__instance jet-button__instance--icon-left hover-effect-1\" href=\"\/ueber-iwell-guard\/?utm_source=iwell-guard.com&amp;utm_medium=info-box&amp;utm_campaign=lichtwesen-kosmologie\"><div class=\"jet-button__plane jet-button__plane-normal\"><\/div><div class=\"jet-button__plane jet-button__plane-hover\"><\/div><div class=\"jet-button__state jet-button__state-normal\"><span class=\"jet-button__label\">Uppbygging og virkni<\/span><\/div><div class=\"jet-button__state jet-button__state-hover\"><span class=\"jet-button__label\">Uppbygging og virkni<\/span><\/div><\/a><\/div><\/div><style>.elementor-element.elementor-element-iwgcd-aether-b .jet-button__instance{width:320px;height:56px;}.elementor-element.elementor-element-iwgcd-aether-b .jet-button__state-normal .jet-button__label{text-align:center;margin:0px 0px 0px 0px;color:#1a1b20;font-family:Montserrat,sans-serif;font-size:13px;font-weight:400;letter-spacing:4px;line-height:1.714em;text-transform:uppercase;}.elementor-element.elementor-element-iwgcd-aether-b .jet-button__state-hover .jet-button__label{text-align:center;margin:0px 0px 0px 0px;color:#FECC76;font-family:Montserrat,sans-serif;font-size:13px;font-weight:400;letter-spacing:4px;line-height:1.714em;text-transform:uppercase;}.elementor-element.elementor-element-iwgcd-aether-b .jet-button__plane-normal{background-color:#FECC76;border-style:solid;border-color:#C99540;border-width:2px 2px 2px 2px;}.elementor-element.elementor-element-iwgcd-aether-b .jet-button__plane-hover{background-color:rgba(0,0,0,0.55);border-style:solid;border-color:#FECC76;border-width:2px 2px 2px 2px;}<\/style>\t\t\t\t<\/div>\n\t\t\t\t<\/div>\n\t\t\t\t<div class=\"elementor-element elementor-element-iwgcd-aether-d elementor-widget elementor-widget-text-editor\" data-id=\"iwgcd-aether-d\" data-element_type=\"widget\" data-e-type=\"widget\" data-widget_type=\"text-editor.default\">\n\t\t\t\t\t\t\t\t\t<div data-nosnippet=\"true\"><p style=\"text-align:center;font-size:13px;opacity:0.7;margin-top:14px\" data-nosnippet=\"true\">Virkni er einungis l\u00fdst \u00e1 starfr\u00e6nan h\u00e1tt. Ekki l\u00e6kningat\u00e6ki. Engin lofor\u00f0 um heilun.<\/p><\/div>\t\t\t\t\t\t\t\t<\/div>\n\t\t\t\t\t<\/div>\n\t\t\t\t<\/div>\n\t\t\t\t\t<\/div>\n\t\t\t\t<\/div>\n\t\t<div class=\"elementor-element elementor-element-cp56c2c6d e-flex e-con-boxed e-con e-parent\" data-id=\"cp56c2c6d\" data-element_type=\"container\" data-e-type=\"container\">\n\t\t\t\t\t<div class=\"e-con-inner\">\n\t\t\t\t<div class=\"elementor-element elementor-element-cp7120c07 elementor-widget elementor-widget-heading\" data-id=\"cp7120c07\" data-element_type=\"widget\" data-e-type=\"widget\" data-widget_type=\"heading.default\">\n\t\t\t\t\t<h2 class=\"elementor-heading-title elementor-size-default\">Eter \u00ed heimsfr\u00e6\u00f0i fornaldar<\/h2>\t\t\t\t<\/div>\n\t\t<div class=\"elementor-element elementor-element-cpd2d3a38 e-con-full e-flex e-con e-child\" data-id=\"cpd2d3a38\" data-element_type=\"container\" data-e-type=\"container\">\n\t\t\t\t<div class=\"elementor-element elementor-element-cp62342f9 elementor-widget elementor-widget-text-editor\" data-id=\"cp62342f9\" data-element_type=\"widget\" data-e-type=\"widget\" data-widget_type=\"text-editor.default\">\n\t\t\t\t\t\t\t\t\t<p>\u00cd gr\u00edskri og r\u00f3mverskri <span class=\"iwg-fachbegriff\" data-tooltip=\"\u00dea\u00f0 a\u00f0 mi\u00f0la \u00feekkingu og fr\u00e1s\u00f6gnum kynsl\u00f3\u00f0 eftir kynsl\u00f3\u00f0.\" tabindex=\"0\">arfhef\u00f0<\/span> er Eter (Aither) sjaldnast virk <span class=\"iwg-fachbegriff\" data-tooltip=\"Vera sem tilbe\u00f0in er sem gu\u00f0leg innan tr\u00faarbrag\u00f0a.\" tabindex=\"0\">gu\u00f0vera<\/span> me\u00f0 eigin go\u00f0s\u00f6gur, heldur mun frekar pers\u00f3nuger\u00f0 frumforsenda heimsins. Hj\u00e1 Hes\u00ed\u00f3dos \u00ed <em>Theogonia<\/em> er Aither me\u00f0al fyrstu veranda sem ver\u00f0a til \u00ed upphafi heimsins.<\/p><p>\u00dear er hann barn Nyx, n\u00e6turinnar, og Erebos, myrkursins, og systkini hans er Hemera, dagurinn. \u00deannig sprettur hi\u00f0 lj\u00f3sa \u00far hinu d\u00f6kka.<\/p><p>Eter \u00e1 h\u00e9r ekki vi\u00f0 lofti\u00f0 sem vi\u00f0 \u00f6ndum a\u00f0 okkur, heldur efra, hreint, lj\u00f3sfyllt lag himinsins, hina bj\u00f6rtu h\u00e6\u00f0 \u00fear sem gu\u00f0irnir b\u00faa og sem dagslj\u00f3si\u00f0 sk\u00edn um.<\/p><p>L\u00e6gra, \u00feokukennda lofti\u00f0 n\u00e6rri j\u00f6r\u00f0u k\u00f6llu\u00f0u Grikkir aftur \u00e1 m\u00f3ti <em>aer<\/em>. \u00deessi greinarmunur \u00e1 hreinum efri eter og gruggugu l\u00e6gra lofti fylgir allri hugmyndaver\u00f6ld <span class=\"iwg-fachbegriff\" data-tooltip=\"T\u00edmabil gr\u00edskrar og r\u00f3mverskrar menningar, um 800 f.Kr. til 600 e.Kr.\" tabindex=\"0\">fornaldar<\/span>.<\/p><p>Sem heimsmyndarleg (kosm\u00f3g\u00f3n\u00edsk) mynd hefur Eter enga sj\u00e1lfst\u00e6\u00f0a fr\u00e1s\u00f6gn, engan <span class=\"iwg-fachbegriff\" data-tooltip=\"\u00d6ll tr\u00faarleg d\u00fdrkunaratferli gagnvart gu\u00f0veru e\u00f0a heilagri mynd.\" tabindex=\"0\">helgisi\u00f0ad\u00fdrkun<\/span> af \u00fe\u00fd\u00f0ingu og varla neina <span class=\"iwg-fachbegriff\" data-tooltip=\"Fr\u00e6\u00f0i um myndefni og merkingu \u00feeirra.\" tabindex=\"0\">helgimyndafr\u00e6\u00f0i<\/span>. Hann er \u00fe\u00e1ttur \u00ed heimsk\u00f6punarkenningunni, byggingarsteinn \u00ed tilraun fornsk\u00e1ldanna til a\u00f0 l\u00e1ta heiminn spretta fram \u00far skipulegri r\u00f6\u00f0 frumkrafta.<\/p><p>Orf\u00edsku heimsk\u00f6punarkenningarnar, h\u00f3pur annarra sk\u00f6punarl\u00e6rd\u00f3ma, gefa Eter \u00e1 stundum meira \u00e1berandi hlutverk og l\u00e1ta heimseggi\u00f0 spretta \u00far honum og Kaos. Fyrir v\u00edsindalegan skilning er mikilv\u00e6gt a\u00f0 hafa \u00ed huga a\u00f0 Eter er fyrst og fremst hugtak \u00ed gu\u00f0fr\u00e6\u00f0ilegri og heimspekilegri hugsun, ekki <span class=\"iwg-fachbegriff\" data-tooltip=\"Vera sem tilbe\u00f0in er sem gu\u00f0leg innan tr\u00faarbrag\u00f0a.\" tabindex=\"0\">gu\u00f0vera<\/span> lifa\u00f0rar tr\u00faari\u00f0kunar.<\/p>\t\t\t\t\t\t\t\t<\/div>\n\t\t\t\t<\/div>\n\t\t\t\t\t<\/div>\n\t\t\t\t<\/div>\n\t\t<div class=\"elementor-element elementor-element-cp07fe2dc e-flex e-con-boxed e-con e-parent\" data-id=\"cp07fe2dc\" data-element_type=\"container\" data-e-type=\"container\">\n\t\t\t\t\t<div class=\"e-con-inner\">\n\t\t\t\t<div class=\"elementor-element elementor-element-cpdc66cdc elementor-widget elementor-widget-heading\" data-id=\"cpdc66cdc\" data-element_type=\"widget\" data-e-type=\"widget\" data-widget_type=\"heading.default\">\n\t\t\t\t\t<h2 class=\"elementor-heading-title elementor-size-default\">Fr\u00e1 gu\u00f0shugtaki til frumefnis n\u00e1tt\u00faruspeki<\/h2>\t\t\t\t<\/div>\n\t\t<div class=\"elementor-element elementor-element-cp5e4e309 e-con-full e-flex e-con e-child\" data-id=\"cp5e4e309\" data-element_type=\"container\" data-e-type=\"container\">\n\t\t\t\t<div class=\"elementor-element elementor-element-cpb09dd19 elementor-widget elementor-widget-text-editor\" data-id=\"cpb09dd19\" data-element_type=\"widget\" data-e-type=\"widget\" data-widget_type=\"text-editor.default\">\n\t\t\t\t\t\t\t\t\t<p>Hin eiginlega merkingarsaga Eters liggur ekki \u00ed <span class=\"iwg-fachbegriff\" data-tooltip=\"Hef\u00f0bundin fr\u00e1s\u00f6gn um gu\u00f0i, uppruna og skipulag heimsins.\" tabindex=\"0\">go\u00f0s\u00f6gn<\/span> og <span class=\"iwg-fachbegriff\" data-tooltip=\"\u00d6ll tr\u00faarleg d\u00fdrkunaratferli gagnvart gu\u00f0veru e\u00f0a heilagri mynd.\" tabindex=\"0\">helgisi\u00f0ad\u00fdrkun<\/span>, heldur \u00ed heimspekinni. H\u00e9r var\u00f0 \u00far lj\u00f3sfylltu himinlaginu grunnhugtak n\u00e1tt\u00faruspeki. Afgerandi skrefi\u00f0 t\u00f3k Arist\u00f3teles.<\/p><p>\u00cd frumefnakenningu sinni greinir hann fj\u00f6gur jar\u00f0nesk frumefni, j\u00f6r\u00f0, vatn, loft og eld, fr\u00e1 fimmta frumefninu, Eter, sem himintunglin og himinhvolfin eru ger\u00f0 \u00far.<\/p><p>\u00deessi arist\u00f3tel\u00edski Eter hefur s\u00e9rstaka eiginleika. Hann er \u00f3forgengilegur, \u00f3breytilegur og hreyfist eil\u00edflega \u00ed hringi, \u00f3l\u00edkt hinum fj\u00f3rum jar\u00f0nesku frumefnum sem hreyfast \u00ed beinni l\u00ednu upp e\u00f0a ni\u00f0ur og eru h\u00e1\u00f0 breytingum.<\/p><p>Me\u00f0 Eter \u00fatsk\u00fdr\u00f0i Arist\u00f3teles hvers vegna himinninn er \u00f6\u00f0ruv\u00edsi ger\u00f0ur en heimurinn undir tunglinu: eil\u00edfur, reglulegur og fullkominn. Af \u00feessu fimmta efni er hi\u00f0 s\u00ed\u00f0ari hugtak kvintessens, fimmta veran, dregi\u00f0.<\/p><p>\u00deessi kenning m\u00f3ta\u00f0i evr\u00f3pska heimsmynd \u00ed n\u00e6r tv\u00f6 \u00e1r\u00fe\u00fasund. H\u00fan var tekin upp af n\u00e1tt\u00faruspeki mi\u00f0alda og var fastur hluti af heimsmynd Arist\u00f3telesar. Jafnvel eftir a\u00f0 \u00feessi heimsmynd hrundi \u00ed \u00e1rn\u00fd\u00f6ld h\u00e9lt or\u00f0i\u00f0 Eter \u00e1fram a\u00f0 vera til sta\u00f0ar \u00ed n\u00e1tt\u00faruv\u00edsindum.<\/p><p>\u00cd e\u00f0lisfr\u00e6\u00f0i 17. til 19. aldar var hugtaki\u00f0 <em>lj\u00f3seter<\/em> nota\u00f0 um \u00e6tla\u00f0an mi\u00f0il sem lj\u00f3si\u00f0 \u00e1tti a\u00f0 berast \u00ed; \u00fea\u00f0 var ekki fyrr en e\u00f0lisfr\u00e6\u00f0i fyrri hluta 20. aldar sem \u00feessi hugmynd var l\u00e1tin ni\u00f0ur falla.<\/p><p>Saga Eters s\u00fdnir \u00feannig gl\u00f6ggt hvernig hugtak sem upphaflega var go\u00f0s\u00f6gulegt og tr\u00faarlegt gat borist \u00ed gegnum heimspekina yfir \u00ed v\u00edsindin og haldist virkt \u00fear \u00ed langan t\u00edma.<\/p>\t\t\t\t\t\t\t\t<\/div>\n\t\t\t\t<\/div>\n\t\t\t\t\t<\/div>\n\t\t\t\t<\/div>\n\t\t\t\t<\/div>\n\t\t","protected":false},"excerpt":{"rendered":"","protected":false},"author":3,"featured_media":3395,"parent":0,"menu_order":0,"comment_status":"closed","ping_status":"closed","template":"elementor_header_footer","meta":{"_yoast_wpseo_focuskw":"Eter f\u00edngert bur\u00f0arefni","_yoast_wpseo_title":"Eter \u2013 f\u00edngert bur\u00f0arefni | iWell Guard","_yoast_wpseo_metadesc":"Eter er fimmta frumefni fornaldar: Arist\u00f3teles, st\u00f3umenn, n\u00fdplatonistar, e\u00f0lisfr\u00e6\u00f0i \u00e1rn\u00fdaldar og n\u00fat\u00edma gu\u00f0speki.","_yoast_wpseo_meta-robots-noindex":"","_yoast_wpseo_canonical":"","_angie_page":false,"gefaehrdungsstufe":"","wesen_kultur":"","wesen_klasse":"","footnotes":""},"categories":[],"class_list":["post-168894","page","type-page","status-publish","has-post-thumbnail","hentry"],"yoast_head":"<!-- This site is optimized with the Yoast SEO Premium plugin v27.7 (Yoast SEO v28.3) - https:\/\/yoast.com\/product\/yoast-seo-premium-wordpress\/ -->\n<title>Eter \u2013 f\u00edngert bur\u00f0arefni | iWell Guard<\/title>\n<meta name=\"description\" content=\"Eter er fimmta frumefni fornaldar: Arist\u00f3teles, st\u00f3umenn, n\u00fdplatonistar, e\u00f0lisfr\u00e6\u00f0i \u00e1rn\u00fdaldar og n\u00fat\u00edma gu\u00f0speki.\" \/>\n<meta name=\"robots\" content=\"index, follow, max-snippet:-1, max-image-preview:large, max-video-preview:-1\" \/>\n<link rel=\"canonical\" href=\"https:\/\/iwell-guard.com\/is\/eter\/\" \/>\n<meta property=\"og:locale\" content=\"is_IS\" \/>\n<meta property=\"og:type\" content=\"article\" \/>\n<meta property=\"og:title\" content=\"Eter\" \/>\n<meta property=\"og:description\" content=\"Eter er fimmta frumefni fornaldar: Arist\u00f3teles, st\u00f3umenn, n\u00fdplatonistar, e\u00f0lisfr\u00e6\u00f0i \u00e1rn\u00fdaldar og n\u00fat\u00edma gu\u00f0speki.\" \/>\n<meta property=\"og:url\" content=\"https:\/\/iwell-guard.com\/is\/eter\/\" \/>\n<meta property=\"og:site_name\" content=\"iWell Guard\" \/>\n<meta property=\"article:modified_time\" content=\"2026-09-05T14:22:10+00:00\" \/>\n<meta property=\"og:image\" content=\"https:\/\/iwell-guard.com\/wp-content\/uploads\/2026\/05\/praktiken_aether.webp\" \/>\n\t<meta property=\"og:image:width\" content=\"1024\" \/>\n\t<meta property=\"og:image:height\" content=\"1536\" \/>\n\t<meta property=\"og:image:type\" content=\"image\/webp\" \/>\n<meta name=\"twitter:card\" content=\"summary_large_image\" \/>\n<script type=\"application\/ld+json\" class=\"yoast-schema-graph\">{\"@context\":\"https:\\\/\\\/schema.org\",\"@graph\":[{\"@type\":\"WebPage\",\"@id\":\"https:\\\/\\\/iwell-guard.com\\\/is\\\/eter\\\/\",\"url\":\"https:\\\/\\\/iwell-guard.com\\\/is\\\/eter\\\/\",\"name\":\"Eter \u2013 f\u00edngert bur\u00f0arefni | iWell Guard\",\"isPartOf\":{\"@id\":\"https:\\\/\\\/iwell-guard.com\\\/is\\\/#website\"},\"primaryImageOfPage\":{\"@id\":\"https:\\\/\\\/iwell-guard.com\\\/is\\\/eter\\\/#primaryimage\"},\"image\":{\"@id\":\"https:\\\/\\\/iwell-guard.com\\\/is\\\/eter\\\/#primaryimage\"},\"thumbnailUrl\":\"https:\\\/\\\/iwell-guard.com\\\/wp-content\\\/uploads\\\/2026\\\/05\\\/praktiken_aether.webp\",\"datePublished\":\"2026-09-05T14:03:51+00:00\",\"dateModified\":\"2026-09-05T14:22:10+00:00\",\"description\":\"Eter er fimmta frumefni fornaldar: Arist\u00f3teles, st\u00f3umenn, n\u00fdplatonistar, e\u00f0lisfr\u00e6\u00f0i \u00e1rn\u00fdaldar og n\u00fat\u00edma gu\u00f0speki.\",\"breadcrumb\":{\"@id\":\"https:\\\/\\\/iwell-guard.com\\\/is\\\/eter\\\/#breadcrumb\"},\"inLanguage\":\"is\",\"potentialAction\":[{\"@type\":\"ReadAction\",\"target\":[\"https:\\\/\\\/iwell-guard.com\\\/is\\\/eter\\\/\"]}]},{\"@type\":\"ImageObject\",\"inLanguage\":\"is\",\"@id\":\"https:\\\/\\\/iwell-guard.com\\\/is\\\/eter\\\/#primaryimage\",\"url\":\"https:\\\/\\\/iwell-guard.com\\\/wp-content\\\/uploads\\\/2026\\\/05\\\/praktiken_aether.webp\",\"contentUrl\":\"https:\\\/\\\/iwell-guard.com\\\/wp-content\\\/uploads\\\/2026\\\/05\\\/praktiken_aether.webp\",\"width\":1024,\"height\":1536,\"caption\":\"Ath\u00f6fn. S\u00f6guleg og myndr\u00e6n framsetning.\"},{\"@type\":\"BreadcrumbList\",\"@id\":\"https:\\\/\\\/iwell-guard.com\\\/is\\\/eter\\\/#breadcrumb\",\"itemListElement\":[{\"@type\":\"ListItem\",\"position\":1,\"name\":\"Start\",\"item\":\"https:\\\/\\\/iwell-guard.com\\\/is\\\/?page_id=168580\"},{\"@type\":\"ListItem\",\"position\":2,\"name\":\"Eter\"}]},{\"@type\":\"WebSite\",\"@id\":\"https:\\\/\\\/iwell-guard.com\\\/is\\\/#website\",\"url\":\"https:\\\/\\\/iwell-guard.com\\\/is\\\/\",\"name\":\"iWell Guard\",\"description\":\"Schutz vor dunklen Einfl\u00fcssen\",\"publisher\":{\"@id\":\"https:\\\/\\\/iwell-guard.com\\\/is\\\/#organization\"},\"potentialAction\":[{\"@type\":\"SearchAction\",\"target\":{\"@type\":\"EntryPoint\",\"urlTemplate\":\"https:\\\/\\\/iwell-guard.com\\\/is\\\/?s={search_term_string}\"},\"query-input\":{\"@type\":\"PropertyValueSpecification\",\"valueRequired\":true,\"valueName\":\"search_term_string\"}}],\"inLanguage\":\"is\"},{\"@type\":\"Organization\",\"@id\":\"https:\\\/\\\/iwell-guard.com\\\/is\\\/#organization\",\"name\":\"Ittermann electronic GmbH\",\"url\":\"https:\\\/\\\/iwell-guard.com\\\/is\\\/\",\"logo\":{\"@type\":\"ImageObject\",\"inLanguage\":\"is\",\"@id\":\"https:\\\/\\\/iwell-guard.com\\\/is\\\/#\\\/schema\\\/logo\\\/image\\\/\",\"url\":\"https:\\\/\\\/iwell-guard.com\\\/wp-content\\\/uploads\\\/2026\\\/05\\\/Ittermann-Logo-1182x237-1.png\",\"contentUrl\":\"https:\\\/\\\/iwell-guard.com\\\/wp-content\\\/uploads\\\/2026\\\/05\\\/Ittermann-Logo-1182x237-1.png\",\"width\":1182,\"height\":237,\"caption\":\"Ittermann electronic GmbH\"},\"image\":{\"@id\":\"https:\\\/\\\/iwell-guard.com\\\/is\\\/#\\\/schema\\\/logo\\\/image\\\/\"},\"sameAs\":[\"https:\\\/\\\/pantip.com\\\/profile\\\/9367242\",\"https:\\\/\\\/micro.blog\\\/iwellguard\",\"https:\\\/\\\/www.diggerslist.com\\\/iwellguard\\\/about\",\"https:\\\/\\\/skitterphoto.com\\\/photographers\\\/2870314\\\/iwell-guard\",\"https:\\\/\\\/iwellguard.wordpress.com\\\/2026\\\/06\\\/06\\\/iwell-guard\\\/\",\"https:\\\/\\\/hub.docker.com\\\/u\\\/iwellguard\",\"https:\\\/\\\/www.pinterest.com\\\/iwellguard\\\/\",\"https:\\\/\\\/bit.ly\\\/m\\\/iwellguard\",\"https:\\\/\\\/entre-vos-mains.alsace.eu\\\/profiles\\\/iwellguard\\\/activity\",\"https:\\\/\\\/gravatar.com\\\/reallybeded8fd34\",\"https:\\\/\\\/naijamatta.com\\\/iwellguard\",\"https:\\\/\\\/www.goodreads.com\\\/iwellguard\",\"https:\\\/\\\/profile.hatena.ne.jp\\\/iwellguard\\\/\",\"https:\\\/\\\/experiment.com\\\/users\\\/iwellguard\",\"https:\\\/\\\/wakelet.com\\\/@iWellGuard82270\",\"https:\\\/\\\/www.chordie.com\\\/forum\\\/profile.php?id=2555664\",\"https:\\\/\\\/www.instapaper.com\\\/p\\\/17757966\",\"https:\\\/\\\/www.mapleprimes.com\\\/users\\\/iwellguard\",\"https:\\\/\\\/businesslistingplus.com\\\/profile\\\/iwell-guard\\\/\",\"https:\\\/\\\/telegra.ph\\\/iWell-Guard-06-06\",\"https:\\\/\\\/pbase.com\\\/iwellguard\\\/iwellguard\",\"https:\\\/\\\/b.hatena.ne.jp\\\/iwellguard\\\/20260607#bookmark-4788405196491818882\",\"https:\\\/\\\/fliphtml5.com\\\/home\\\/iwellguard\",\"https:\\\/\\\/anyflip.com\\\/homepage\\\/cmiwl#About\",\"https:\\\/\\\/transfur.com\\\/Users\\\/iwellguard\",\"http:\\\/\\\/delphi.larsbo.org\\\/user\\\/iwellguard\",\"https:\\\/\\\/jobs.lajobsportal.org\\\/profiles\\\/8380803-iwell-guard\",\"https:\\\/\\\/md.chaosdorf.de\\\/s\\\/jfbe5SBdJD\",\"https:\\\/\\\/www.lingvolive.com\\\/en-us\\\/profile\\\/9ecaeaca-ce11-4e51-9e71-01d55e2bff36\\\/translations\",\"https:\\\/\\\/www.fitday.com\\\/fitness\\\/forums\\\/members\\\/iwellguard.html\",\"https:\\\/\\\/www.mymeetbook.com\\\/iwellguard\",\"https:\\\/\\\/pxhere.com\\\/en\\\/photographer-me\\\/5040798\",\"https:\\\/\\\/disqus.com\\\/by\\\/iwellguard\\\/about\\\/\",\"https:\\\/\\\/pastelink.net\\\/hjwciqwq\",\"https:\\\/\\\/pubhtml5.com\\\/homepage\\\/scjhn\\\/\",\"https:\\\/\\\/www.bitchute.com\\\/channel\\\/2O2eOKzNqujT\",\"https:\\\/\\\/audiomack.com\\\/iwellguard\"]}]}<\/script>\n<!-- \/ Yoast SEO Premium plugin. -->","yoast_head_json":{"title":"Eter \u2013 f\u00edngert bur\u00f0arefni | iWell Guard","description":"Eter er fimmta frumefni fornaldar: Arist\u00f3teles, st\u00f3umenn, n\u00fdplatonistar, e\u00f0lisfr\u00e6\u00f0i \u00e1rn\u00fdaldar og n\u00fat\u00edma gu\u00f0speki.","robots":{"index":"index","follow":"follow","max-snippet":"max-snippet:-1","max-image-preview":"max-image-preview:large","max-video-preview":"max-video-preview:-1"},"canonical":"https:\/\/iwell-guard.com\/is\/eter\/","og_locale":"is_IS","og_type":"article","og_title":"Eter","og_description":"Eter er fimmta frumefni fornaldar: Arist\u00f3teles, st\u00f3umenn, n\u00fdplatonistar, e\u00f0lisfr\u00e6\u00f0i \u00e1rn\u00fdaldar og n\u00fat\u00edma gu\u00f0speki.","og_url":"https:\/\/iwell-guard.com\/is\/eter\/","og_site_name":"iWell Guard","article_modified_time":"2026-09-05T14:22:10+00:00","og_image":[{"width":1024,"height":1536,"url":"https:\/\/iwell-guard.com\/wp-content\/uploads\/2026\/05\/praktiken_aether.webp","type":"image\/webp"}],"twitter_card":"summary_large_image","schema":{"@context":"https:\/\/schema.org","@graph":[{"@type":"WebPage","@id":"https:\/\/iwell-guard.com\/is\/eter\/","url":"https:\/\/iwell-guard.com\/is\/eter\/","name":"Eter \u2013 f\u00edngert bur\u00f0arefni | iWell Guard","isPartOf":{"@id":"https:\/\/iwell-guard.com\/is\/#website"},"primaryImageOfPage":{"@id":"https:\/\/iwell-guard.com\/is\/eter\/#primaryimage"},"image":{"@id":"https:\/\/iwell-guard.com\/is\/eter\/#primaryimage"},"thumbnailUrl":"https:\/\/iwell-guard.com\/wp-content\/uploads\/2026\/05\/praktiken_aether.webp","datePublished":"2026-09-05T14:03:51+00:00","dateModified":"2026-09-05T14:22:10+00:00","description":"Eter er fimmta frumefni fornaldar: Arist\u00f3teles, st\u00f3umenn, n\u00fdplatonistar, e\u00f0lisfr\u00e6\u00f0i \u00e1rn\u00fdaldar og n\u00fat\u00edma gu\u00f0speki.","breadcrumb":{"@id":"https:\/\/iwell-guard.com\/is\/eter\/#breadcrumb"},"inLanguage":"is","potentialAction":[{"@type":"ReadAction","target":["https:\/\/iwell-guard.com\/is\/eter\/"]}]},{"@type":"ImageObject","inLanguage":"is","@id":"https:\/\/iwell-guard.com\/is\/eter\/#primaryimage","url":"https:\/\/iwell-guard.com\/wp-content\/uploads\/2026\/05\/praktiken_aether.webp","contentUrl":"https:\/\/iwell-guard.com\/wp-content\/uploads\/2026\/05\/praktiken_aether.webp","width":1024,"height":1536,"caption":"Ath\u00f6fn. S\u00f6guleg og myndr\u00e6n framsetning."},{"@type":"BreadcrumbList","@id":"https:\/\/iwell-guard.com\/is\/eter\/#breadcrumb","itemListElement":[{"@type":"ListItem","position":1,"name":"Start","item":"https:\/\/iwell-guard.com\/is\/?page_id=168580"},{"@type":"ListItem","position":2,"name":"Eter"}]},{"@type":"WebSite","@id":"https:\/\/iwell-guard.com\/is\/#website","url":"https:\/\/iwell-guard.com\/is\/","name":"iWell Guard","description":"Schutz vor dunklen Einfl\u00fcssen","publisher":{"@id":"https:\/\/iwell-guard.com\/is\/#organization"},"potentialAction":[{"@type":"SearchAction","target":{"@type":"EntryPoint","urlTemplate":"https:\/\/iwell-guard.com\/is\/?s={search_term_string}"},"query-input":{"@type":"PropertyValueSpecification","valueRequired":true,"valueName":"search_term_string"}}],"inLanguage":"is"},{"@type":"Organization","@id":"https:\/\/iwell-guard.com\/is\/#organization","name":"Ittermann electronic GmbH","url":"https:\/\/iwell-guard.com\/is\/","logo":{"@type":"ImageObject","inLanguage":"is","@id":"https:\/\/iwell-guard.com\/is\/#\/schema\/logo\/image\/","url":"https:\/\/iwell-guard.com\/wp-content\/uploads\/2026\/05\/Ittermann-Logo-1182x237-1.png","contentUrl":"https:\/\/iwell-guard.com\/wp-content\/uploads\/2026\/05\/Ittermann-Logo-1182x237-1.png","width":1182,"height":237,"caption":"Ittermann electronic GmbH"},"image":{"@id":"https:\/\/iwell-guard.com\/is\/#\/schema\/logo\/image\/"},"sameAs":["https:\/\/pantip.com\/profile\/9367242","https:\/\/micro.blog\/iwellguard","https:\/\/www.diggerslist.com\/iwellguard\/about","https:\/\/skitterphoto.com\/photographers\/2870314\/iwell-guard","https:\/\/iwellguard.wordpress.com\/2026\/06\/06\/iwell-guard\/","https:\/\/hub.docker.com\/u\/iwellguard","https:\/\/www.pinterest.com\/iwellguard\/","https:\/\/bit.ly\/m\/iwellguard","https:\/\/entre-vos-mains.alsace.eu\/profiles\/iwellguard\/activity","https:\/\/gravatar.com\/reallybeded8fd34","https:\/\/naijamatta.com\/iwellguard","https:\/\/www.goodreads.com\/iwellguard","https:\/\/profile.hatena.ne.jp\/iwellguard\/","https:\/\/experiment.com\/users\/iwellguard","https:\/\/wakelet.com\/@iWellGuard82270","https:\/\/www.chordie.com\/forum\/profile.php?id=2555664","https:\/\/www.instapaper.com\/p\/17757966","https:\/\/www.mapleprimes.com\/users\/iwellguard","https:\/\/businesslistingplus.com\/profile\/iwell-guard\/","https:\/\/telegra.ph\/iWell-Guard-06-06","https:\/\/pbase.com\/iwellguard\/iwellguard","https:\/\/b.hatena.ne.jp\/iwellguard\/20260607#bookmark-4788405196491818882","https:\/\/fliphtml5.com\/home\/iwellguard","https:\/\/anyflip.com\/homepage\/cmiwl#About","https:\/\/transfur.com\/Users\/iwellguard","http:\/\/delphi.larsbo.org\/user\/iwellguard","https:\/\/jobs.lajobsportal.org\/profiles\/8380803-iwell-guard","https:\/\/md.chaosdorf.de\/s\/jfbe5SBdJD","https:\/\/www.lingvolive.com\/en-us\/profile\/9ecaeaca-ce11-4e51-9e71-01d55e2bff36\/translations","https:\/\/www.fitday.com\/fitness\/forums\/members\/iwellguard.html","https:\/\/www.mymeetbook.com\/iwellguard","https:\/\/pxhere.com\/en\/photographer-me\/5040798","https:\/\/disqus.com\/by\/iwellguard\/about\/","https:\/\/pastelink.net\/hjwciqwq","https:\/\/pubhtml5.com\/homepage\/scjhn\/","https:\/\/www.bitchute.com\/channel\/2O2eOKzNqujT","https:\/\/audiomack.com\/iwellguard"]}]}},"_links":{"self":[{"href":"https:\/\/iwell-guard.com\/is\/wp-json\/wp\/v2\/pages\/168894","targetHints":{"allow":["GET"]}}],"collection":[{"href":"https:\/\/iwell-guard.com\/is\/wp-json\/wp\/v2\/pages"}],"about":[{"href":"https:\/\/iwell-guard.com\/is\/wp-json\/wp\/v2\/types\/page"}],"author":[{"embeddable":true,"href":"https:\/\/iwell-guard.com\/is\/wp-json\/wp\/v2\/users\/3"}],"replies":[{"embeddable":true,"href":"https:\/\/iwell-guard.com\/is\/wp-json\/wp\/v2\/comments?post=168894"}],"version-history":[{"count":0,"href":"https:\/\/iwell-guard.com\/is\/wp-json\/wp\/v2\/pages\/168894\/revisions"}],"wp:featuredmedia":[{"embeddable":true,"href":"https:\/\/iwell-guard.com\/is\/wp-json\/wp\/v2\/media\/3395"}],"wp:attachment":[{"href":"https:\/\/iwell-guard.com\/is\/wp-json\/wp\/v2\/media?parent=168894"}],"wp:term":[{"taxonomy":"category","embeddable":true,"href":"https:\/\/iwell-guard.com\/is\/wp-json\/wp\/v2\/categories?post=168894"}],"curies":[{"name":"wp","href":"https:\/\/api.w.org\/{rel}","templated":true}]}}