{"id":168892,"date":"2026-09-05T14:03:50","date_gmt":"2026-09-05T14:03:50","guid":{"rendered":"https:\/\/iwell-guard.com\/?page_id=168892"},"modified":"2026-09-05T14:22:07","modified_gmt":"2026-09-05T14:22:07","slug":"spiritismi","status":"publish","type":"page","link":"https:\/\/iwell-guard.com\/is\/spiritismi\/","title":{"rendered":"Mi\u00f0ilsfr\u00e6\u00f0i (Sp\u00edritismi)"},"content":{"rendered":"\t\t<div data-elementor-type=\"wp-page\" data-elementor-id=\"168892\" class=\"elementor elementor-168892 elementor-2443 elementor-bc-flex-widget\" data-elementor-post-type=\"page\">\n\t\t\t\t<div class=\"elementor-element elementor-element-hero397c1ef e-flex e-con-boxed e-con e-parent\" data-id=\"hero397c1ef\" data-element_type=\"container\" data-e-type=\"container\">\n\t\t\t\t\t<div class=\"e-con-inner\">\n\t\t\t\t<div class=\"elementor-element elementor-element-heroimg82e0177 iwg-hero-image elementor-widget elementor-widget-image\" data-id=\"heroimg82e0177\" data-element_type=\"widget\" data-e-type=\"widget\" data-widget_type=\"image.default\">\n\t\t\t\t\t\t\t\t\t\t\t\t\t\t\t<img fetchpriority=\"high\" decoding=\"async\" width=\"683\" height=\"1024\" src=\"https:\/\/iwell-guard.com\/wp-content\/uploads\/2026\/05\/praktiken_spiritismus-683x1024.webp\" class=\"attachment-large size-large wp-image-170631\" alt=\"Sp\u00edritismi - Sk\u00fdringarmynd af sp\u00edritismaath\u00f6fn \u00ed s\u00f6gulegum, safnfr\u00e6\u00f0ilegum og heimildarlegum st\u00edl\" srcset=\"https:\/\/iwell-guard.com\/wp-content\/uploads\/2026\/05\/praktiken_spiritismus-683x1024.webp 683w, https:\/\/iwell-guard.com\/wp-content\/uploads\/2026\/05\/praktiken_spiritismus-200x300.webp 200w, https:\/\/iwell-guard.com\/wp-content\/uploads\/2026\/05\/praktiken_spiritismus-768x1152.webp 768w, https:\/\/iwell-guard.com\/wp-content\/uploads\/2026\/05\/praktiken_spiritismus.webp 1024w\" sizes=\"(max-width: 683px) 100vw, 683px\" \/>\t\t\t\t\t\t\t\t\t\t\t\t\t\t\t<\/div>\n\t\t\t\t\t<\/div>\n\t\t\t\t<\/div>\n\t\t\t\t<section class=\"elementor-section elementor-top-section elementor-element elementor-element-sec-5fb1ee2 elementor-section-boxed elementor-section-height-default elementor-section-height-default\" data-id=\"sec-5fb1ee2\" data-element_type=\"section\" data-e-type=\"section\" id=\"sec-5fb1ee2\">\n\t\t\t\t\t\t<div class=\"elementor-container elementor-column-gap-default\">\n\t\t\t\t\t<div class=\"elementor-column elementor-col-100 elementor-top-column elementor-element elementor-element-col-5fb1ee2\" data-id=\"col-5fb1ee2\" data-element_type=\"column\" data-e-type=\"column\" id=\"col-5fb1ee2\">\n\t\t\t<div class=\"elementor-widget-wrap elementor-element-populated\">\n\t\t\t\t\t\t<div class=\"elementor-element elementor-element-wh-5fb1ee2 elementor-widget elementor-widget-heading\" data-id=\"wh-5fb1ee2\" data-element_type=\"widget\" data-e-type=\"widget\" id=\"h1-5fb1ee2\" data-widget_type=\"heading.default\">\n\t\t\t\t\t<h1 class=\"elementor-heading-title elementor-size-default\">Sp\u00edritismi, andasamskipti og fundarhef\u00f0ir<\/h1>\t\t\t\t<\/div>\n\t\t\t\t<div class=\"elementor-element elementor-element-we-5fb1ee2 elementor-widget elementor-widget-text-editor\" data-id=\"we-5fb1ee2\" data-element_type=\"widget\" data-e-type=\"widget\" id=\"ed-5fb1ee2-b\" data-widget_type=\"text-editor.default\">\n\t\t\t\t\t\t\t\t\t<p class=\"iwg-lead\">Sp\u00edritismi er hreyfing <strong>andasamskipta<\/strong> vi\u00f0 hina l\u00e1tnu, sem Allan Kardec setti \u00ed fast kerfi og i\u00f0ku\u00f0 er \u00ed <strong>fundarhef\u00f0um<\/strong> me\u00f0 mi\u00f0lum.<\/p>\n<p class=\"iwg-lead\"><span data-nosnippet><strong><span class=\"iwg-fachbegriff\" tabindex=\"0\" data-tooltip=\"Tr\u00faarleg og medium\u00edsk hreyfing sem var\u00f0 til \u00ed Bandar\u00edkjunum um 1850 og var kerfisbundin af Allan Kardec.\">Sp\u00edritismi<\/span><\/strong> er kenningin og i\u00f0kunin um a\u00f0 s\u00e1lir hinna l\u00e1tnu geti haft samskipti vi\u00f0 lifendur me\u00f0 hj\u00e1lp mi\u00f0la. Hann var\u00f0 til \u00e1ri\u00f0 1848 \u00ed Bandar\u00edkjunum, breiddist hratt \u00fat um Evr\u00f3pu og R\u00f3m\u00f6nsku Amer\u00edku og setti mark sitt \u00e1 19. og 20. \u00f6ld, b\u00e6\u00f0i sem tr\u00faarleg hreyfing og sem ranns\u00f3knarefni fyrstu duls\u00e1larfr\u00e6\u00f0inga.<\/span><\/p>\n<h2 id=\"ursprung\">Hydesville 1848 og Fox-systurnar<\/h2>\n<p><span data-nosnippet>\u00cd mars 1848 s\u00f6g\u00f0u systurnar Margaret og Kate Fox fr\u00e1 bankhlj\u00f3\u00f0um \u00ed h\u00fasi s\u00ednu \u00ed Hydesville, New York, sem \u00fe\u00e6r sv\u00f6ru\u00f0u spurningum me\u00f0 einu e\u00f0a fleiri h\u00f6ggum.<\/span><\/p><p>\u00dar \u00feessum atbur\u00f0i \u00fer\u00f3a\u00f0ist flj\u00f3tt s\u00e9rst\u00f6k i\u00f0kun: bankm\u00e1l, s\u00ed\u00f0ar bor\u00f0hreyfingar og a\u00f0 lokum <span class=\"iwg-fachbegriff\" tabindex=\"0\" data-tooltip=\"Breytt vitundar\u00e1stand me\u00f0 \u00ferengdri athygli; \u00ed sjaman\u00edskri og medium\u00edskri i\u00f0kun framkalla\u00f0 af \u00e1setningi.\">trans<\/span>&#8211; og efnismyndunarfyrirb\u00e6ri. \u00c1 f\u00e1um \u00e1rum ur\u00f0u til \u00fe\u00fasundir hringa \u00ed Nor\u00f0ur-Amer\u00edku og net farandmi\u00f0la.<\/p>\n<h2 id=\"kardec\">Allan Kardec og franska kerfisbindingin<\/h2>\n<p>\u00cd Frakklandi kerfisbatt kennarinn Hippolyte L\u00e9on Denizard Rivail, undir dulnefninu Allan Kardec, kenninguna fr\u00e1 1857.<\/p><p>Verk hans <em>Le Livre des Esprits<\/em> (B\u00f3k andanna, 1857) og <em>Livre des M\u00e9diums<\/em> (1861) myndu\u00f0u heilst\u00e6\u00f0a kenningu sp\u00edritismans: endurholdgun s\u00e1larins til fram\u00fer\u00f3unar, stigveldisskipan andaheima, si\u00f0fer\u00f0ilega \u00e1herslu l\u00edfsins \u00e1 k\u00e6rleika til n\u00e1ungans og andlegar framfarir. Kerfi Kardecs sker sig fr\u00e1 enskum\u00e6landi sp\u00edrit\u00faalisma me\u00f0 sk\u00fdrri endurholdgunarkenningu.<\/p>\n<p>\u00cd Brasil\u00edu fann Kardec-sp\u00edritisminn anna\u00f0 heimkynni. \u00dear eru \u00ed dag st\u00e6rstu skipul\u00f6g\u00f0u sp\u00edritista-s\u00f6fnu\u00f0ir heims, me\u00f0 \u00edt\u00f6kum \u00ed Umbanda og Candombl\u00e9. Kardec er einnig s\u00fdnilegur \u00ed ka\u00fe\u00f3lskri \u00fej\u00f3\u00f0tr\u00fa R\u00f3m\u00f6nsku Amer\u00edku.<\/p>\n<h2 id=\"praxis\">I\u00f0kunarform<\/h2>\n<p>Sp\u00edrit\u00edsk i\u00f0kun hefur nokkur meginform. Klass\u00edskt er fundur \u00ed h\u00e1lfhring um bor\u00f0, undir lei\u00f0s\u00f6gn mi\u00f0ils sem \u00ed l\u00e9ttu e\u00f0a dj\u00fapu transi kemur \u00e1 sambandi. Samskiptin fara fram me\u00f0 bankhlj\u00f3\u00f0um, bor\u00f0hreyfingum, sj\u00e1lfvirkri skrift e\u00f0a tali \u00far munni mi\u00f0ilsins.<\/p><p>\u00c1 s\u00ed\u00f0ari hluta 19. aldar b\u00e6ttust vi\u00f0 e\u00f0lisfr\u00e6\u00f0ileg fyrirb\u00e6ri: svifun, efnismyndun, ekt\u00f3plasmaefni. \u00deessi meira sl\u00e1andi form leiddu til bylgju v\u00edsindalegra ranns\u00f3kna, en einnig til afhj\u00fapunar margra svikam\u00e1la.<\/p>\n<h2 id=\"parapsychologie\">Fyrsta duls\u00e1larfr\u00e6\u00f0in<\/h2>\n<p><span data-nosnippet>Society for Psychical Research (SPR) var stofna\u00f0 1882 \u00ed London af Frederic Myers, Henry Sidgwick, Edmund Gurney og Eleanor Sidgwick til a\u00f0 rannsaka sp\u00edrit\u00edsk fyrirb\u00e6ri me\u00f0 markvissum h\u00e6tti. Ranns\u00f3knir \u00feeirra, me\u00f0al annars <em>Census of Hallucinations<\/em> (1894) og fj\u00f6lbinda <em>Proceedings<\/em>, eru enn \u00ed dag meginheimild.<\/span><\/p><p>Ranns\u00f3knir SPR l\u00f6g\u00f0u grunninn a\u00f0 s\u00ed\u00f0ari t\u00edma tilraunaduls\u00e1larfr\u00e6\u00f0i. William James vann \u00e1 s\u00ed\u00f0ari \u00e1rum s\u00ednum \u00f6tullega me\u00f0 mi\u00f0linum Leonora Piper og kalla\u00f0i hana \u201ewhite crow&#8220;, tilfelli sem hann taldi grafa undan \u00feeirri almennu kenningu a\u00f0 allar medium\u00edskar fr\u00e1sagnir v\u00e6ru hreint hugarbur\u00f0ur.<\/p>\n<p><span data-nosnippet>Charles Richet, franskur l\u00edfe\u00f0lisfr\u00e6\u00f0ingur og N\u00f3belsver\u00f0launahafi, m\u00f3ta\u00f0i hugtaki\u00f0 <em>ekt\u00f3plasma<\/em> og h\u00e9lt strengilega st\u00fdr\u00f0a fundi. Verk hans <em>Trait\u00e9 de M\u00e9tapsychique<\/em> (1922) er merkilegt heimildarplagg um alvarlega v\u00edsindalega umfj\u00f6llun. Mediumismi Eusapia Palladino var rannsaka\u00f0ur \u00ed hundru\u00f0um st\u00fdr\u00f0ra funda, og b\u00e6\u00f0i stu\u00f0ningsmenn og gagnr\u00fdnendur voru \u00f3samm\u00e1la um hann \u00e1rum saman.<\/span><\/p>\n<h2 id=\"kritik\">Efasemdir og afhj\u00fapanir<\/h2>\n<p>\u00deegar \u00e1 s\u00ed\u00f0ari hluta 19. aldar voru margir mi\u00f0lar afhj\u00fapa\u00f0ir sem svikarar.<\/p><p><span data-nosnippet>Fox-systurnar sj\u00e1lfar j\u00e1tu\u00f0u opinberlega \u00e1ri\u00f0 1888 a\u00f0 hafa framkalla\u00f0 bankhlj\u00f3\u00f0in me\u00f0 \u00fev\u00ed a\u00f0 hnykla t\u00e1bein s\u00edn (Margaret dr\u00f3 j\u00e1tninguna s\u00ed\u00f0ar til baka, en h\u00fan st\u00f3\u00f0 eftir sem sta\u00f0fest). Svi\u00f0st\u00f6frama\u00f0urinn Harry Houdini ger\u00f0i \u00fea\u00f0 a\u00f0 verkefni s\u00ednu \u00e1 1920. \u00e1ratugnum a\u00f0 afhj\u00fapa svikami\u00f0la; verk hans <em>A Magician Among the Spirits<\/em> (1924) skr\u00e1ir tugi sl\u00edkra m\u00e1la.<\/span><\/p>\n<p>\u00de\u00f3tt ekki hafi \u00f6ll fyrirb\u00e6ri veri\u00f0 svik, \u00fatsk\u00fdrir l\u00edfe\u00f0lisfr\u00e6\u00f0ileg sj\u00e1lfsblekking, svo sem hugv\u00f6\u00f0va-\u00e1hrif (ideomotor effect) vi\u00f0 bor\u00f0hreyfingar, st\u00f3ran hluta bor\u00f0- og skriftarfyrirb\u00e6ra, jafnvel \u00e1n \u00e1setningsvillu.<\/p>\n<h2 id=\"spiritismus-heute\">Sp\u00edritismi \u00ed dag<\/h2>\n<p>Skipulag\u00f0ur sp\u00edritismi er enn til, s\u00e9rstaklega \u00ed Brasil\u00edu (Federa\u00e7\u00e3o Esp\u00edrita Brasileira me\u00f0 millj\u00f3nir fylgjenda), \u00ed Frakklandi og \u00ed Bretlandi (Spiritualists&#8217; National Union). \u00c1 \u00fe\u00fdskum\u00e6landi sv\u00e6\u00f0i er hreyfingin minni, en er s\u00fdnileg \u00ed gegnum fundahringi, transmi\u00f0la og \u00feann fj\u00f6lda <a href=\"https:\/\/iwell-guard.com\/is\/?page_id=168898\">handanheimssambands<\/a>i\u00f0kenda sem starfa \u00e1 \u00feessu svi\u00f0i.<\/p><p>Fyrir fyrirb\u00e6rafr\u00e6\u00f0ilega umfj\u00f6llun um anda er sp\u00edritismi enn lykilhef\u00f0: hann hefur \u00ed meira en 170 \u00e1r veri\u00f0 umfangsmesta safn skr\u00e1\u00f0ra <span class=\"iwg-fachbegriff\" data-tooltip=\"L\u00edkamalaus vera sem talin er hafa \u00e1hrif \u00ed heiminum.\" tabindex=\"0\">anda<\/span>-sambandsfr\u00e1sagna, og samt\u00edmis vi\u00f0varandi umr\u00e6\u00f0a um sannleiksgildi \u00feeirra.<\/p>\n<h2 id=\"quellen\">Heimildir<\/h2>\n<ul>\n<li><span data-nosnippet>Allan Kardec: <em>Das Buch der Geister<\/em>, \u00fe\u00fdsk \u00fatg\u00e1fa Brussel 1996.<\/span><\/li>\n<li><span data-nosnippet>Janet Oppenheim: <em>The Other World. Spiritualism and Psychical Research in England 1850, 1914<\/em>, Cambridge UP 1985.<\/span><\/li>\n<li><span data-nosnippet>Ann Braude: <em>Radical Spirits. Spiritualism and Women&#8217;s Rights in 19th Century America<\/em>, Beacon 1989.<\/span><\/li>\n<li><span data-nosnippet>Renaud Evrard: <em>Folie et paranormal<\/em>, PU Rennes 2014.<\/span><\/li>\n<li><span data-nosnippet>Leonardo Vincentini: <em>Spiritism in Brazil<\/em>, Lewiston 2009.<\/span><\/li>\n<\/ul>\n\t\t\t\t\t\t\t\t<\/div>\n\t\t\t\t\t<\/div>\n\t\t<\/div>\n\t\t\t\t\t<\/div>\n\t\t<\/section>\n\t\t\t\t<\/div>\n\t\t","protected":false},"excerpt":{"rendered":"","protected":false},"author":3,"featured_media":3408,"parent":0,"menu_order":0,"comment_status":"closed","ping_status":"closed","template":"elementor_header_footer","meta":{"_yoast_wpseo_focuskw":"Sp\u00edritismi andasamskipti","_yoast_wpseo_title":"Sp\u00edritismi \u2013 Andasamband Kardec | iWell Guard","_yoast_wpseo_metadesc":"Sp\u00edritismi sem hreyfing 19. aldar til andasamskipta. Allan Kardec, fundarhef\u00f0ir og tr\u00faarbrag\u00f0afr\u00e6\u00f0ileg \u00fattekt.","_yoast_wpseo_meta-robots-noindex":"","_yoast_wpseo_canonical":"","_angie_page":false,"gefaehrdungsstufe":"","wesen_kultur":"","wesen_klasse":"","footnotes":""},"categories":[],"class_list":["post-168892","page","type-page","status-publish","has-post-thumbnail","hentry"],"yoast_head":"<!-- This site is optimized with the Yoast SEO Premium plugin v27.7 (Yoast SEO v28.3) - https:\/\/yoast.com\/product\/yoast-seo-premium-wordpress\/ -->\n<title>Sp\u00edritismi \u2013 Andasamband Kardec | iWell Guard<\/title>\n<meta name=\"description\" content=\"Sp\u00edritismi sem hreyfing 19. aldar til andasamskipta. Allan Kardec, fundarhef\u00f0ir og tr\u00faarbrag\u00f0afr\u00e6\u00f0ileg \u00fattekt.\" \/>\n<meta name=\"robots\" content=\"index, follow, max-snippet:-1, max-image-preview:large, max-video-preview:-1\" \/>\n<link rel=\"canonical\" href=\"https:\/\/iwell-guard.com\/is\/spiritismi\/\" \/>\n<meta property=\"og:locale\" content=\"is_IS\" \/>\n<meta property=\"og:type\" content=\"article\" \/>\n<meta property=\"og:title\" content=\"Mi\u00f0ilsfr\u00e6\u00f0i (Sp\u00edritismi)\" \/>\n<meta property=\"og:description\" content=\"Sp\u00edritismi sem hreyfing 19. aldar til andasamskipta. Allan Kardec, fundarhef\u00f0ir og tr\u00faarbrag\u00f0afr\u00e6\u00f0ileg \u00fattekt.\" \/>\n<meta property=\"og:url\" content=\"https:\/\/iwell-guard.com\/is\/spiritismi\/\" \/>\n<meta property=\"og:site_name\" content=\"iWell Guard\" \/>\n<meta property=\"article:modified_time\" content=\"2026-09-05T14:22:07+00:00\" \/>\n<meta property=\"og:image\" content=\"https:\/\/iwell-guard.com\/wp-content\/uploads\/2026\/05\/praktiken_spiritismus.webp\" \/>\n\t<meta property=\"og:image:width\" content=\"1024\" \/>\n\t<meta property=\"og:image:height\" content=\"1536\" \/>\n\t<meta property=\"og:image:type\" content=\"image\/webp\" \/>\n<meta name=\"twitter:card\" content=\"summary_large_image\" \/>\n<script type=\"application\/ld+json\" class=\"yoast-schema-graph\">{\"@context\":\"https:\\\/\\\/schema.org\",\"@graph\":[{\"@type\":\"WebPage\",\"@id\":\"https:\\\/\\\/iwell-guard.com\\\/is\\\/spiritismi\\\/\",\"url\":\"https:\\\/\\\/iwell-guard.com\\\/is\\\/spiritismi\\\/\",\"name\":\"Sp\u00edritismi \u2013 Andasamband Kardec | iWell Guard\",\"isPartOf\":{\"@id\":\"https:\\\/\\\/iwell-guard.com\\\/is\\\/#website\"},\"primaryImageOfPage\":{\"@id\":\"https:\\\/\\\/iwell-guard.com\\\/is\\\/spiritismi\\\/#primaryimage\"},\"image\":{\"@id\":\"https:\\\/\\\/iwell-guard.com\\\/is\\\/spiritismi\\\/#primaryimage\"},\"thumbnailUrl\":\"https:\\\/\\\/iwell-guard.com\\\/wp-content\\\/uploads\\\/2026\\\/05\\\/praktiken_spiritismus.webp\",\"datePublished\":\"2026-09-05T14:03:50+00:00\",\"dateModified\":\"2026-09-05T14:22:07+00:00\",\"description\":\"Sp\u00edritismi sem hreyfing 19. aldar til andasamskipta. Allan Kardec, fundarhef\u00f0ir og tr\u00faarbrag\u00f0afr\u00e6\u00f0ileg \u00fattekt.\",\"breadcrumb\":{\"@id\":\"https:\\\/\\\/iwell-guard.com\\\/is\\\/spiritismi\\\/#breadcrumb\"},\"inLanguage\":\"is\",\"potentialAction\":[{\"@type\":\"ReadAction\",\"target\":[\"https:\\\/\\\/iwell-guard.com\\\/is\\\/spiritismi\\\/\"]}]},{\"@type\":\"ImageObject\",\"inLanguage\":\"is\",\"@id\":\"https:\\\/\\\/iwell-guard.com\\\/is\\\/spiritismi\\\/#primaryimage\",\"url\":\"https:\\\/\\\/iwell-guard.com\\\/wp-content\\\/uploads\\\/2026\\\/05\\\/praktiken_spiritismus.webp\",\"contentUrl\":\"https:\\\/\\\/iwell-guard.com\\\/wp-content\\\/uploads\\\/2026\\\/05\\\/praktiken_spiritismus.webp\",\"width\":1024,\"height\":1536,\"caption\":\"Ath\u00f6fn. S\u00f6guleg og myndr\u00e6n framsetning.\"},{\"@type\":\"BreadcrumbList\",\"@id\":\"https:\\\/\\\/iwell-guard.com\\\/is\\\/spiritismi\\\/#breadcrumb\",\"itemListElement\":[{\"@type\":\"ListItem\",\"position\":1,\"name\":\"Start\",\"item\":\"https:\\\/\\\/iwell-guard.com\\\/is\\\/?page_id=168580\"},{\"@type\":\"ListItem\",\"position\":2,\"name\":\"Mi\u00f0ilsfr\u00e6\u00f0i (Sp\u00edritismi)\"}]},{\"@type\":\"WebSite\",\"@id\":\"https:\\\/\\\/iwell-guard.com\\\/is\\\/#website\",\"url\":\"https:\\\/\\\/iwell-guard.com\\\/is\\\/\",\"name\":\"iWell Guard\",\"description\":\"Schutz vor dunklen Einfl\u00fcssen\",\"publisher\":{\"@id\":\"https:\\\/\\\/iwell-guard.com\\\/is\\\/#organization\"},\"potentialAction\":[{\"@type\":\"SearchAction\",\"target\":{\"@type\":\"EntryPoint\",\"urlTemplate\":\"https:\\\/\\\/iwell-guard.com\\\/is\\\/?s={search_term_string}\"},\"query-input\":{\"@type\":\"PropertyValueSpecification\",\"valueRequired\":true,\"valueName\":\"search_term_string\"}}],\"inLanguage\":\"is\"},{\"@type\":\"Organization\",\"@id\":\"https:\\\/\\\/iwell-guard.com\\\/is\\\/#organization\",\"name\":\"Ittermann electronic GmbH\",\"url\":\"https:\\\/\\\/iwell-guard.com\\\/is\\\/\",\"logo\":{\"@type\":\"ImageObject\",\"inLanguage\":\"is\",\"@id\":\"https:\\\/\\\/iwell-guard.com\\\/is\\\/#\\\/schema\\\/logo\\\/image\\\/\",\"url\":\"https:\\\/\\\/iwell-guard.com\\\/wp-content\\\/uploads\\\/2026\\\/05\\\/Ittermann-Logo-1182x237-1.png\",\"contentUrl\":\"https:\\\/\\\/iwell-guard.com\\\/wp-content\\\/uploads\\\/2026\\\/05\\\/Ittermann-Logo-1182x237-1.png\",\"width\":1182,\"height\":237,\"caption\":\"Ittermann electronic GmbH\"},\"image\":{\"@id\":\"https:\\\/\\\/iwell-guard.com\\\/is\\\/#\\\/schema\\\/logo\\\/image\\\/\"},\"sameAs\":[\"https:\\\/\\\/pantip.com\\\/profile\\\/9367242\",\"https:\\\/\\\/micro.blog\\\/iwellguard\",\"https:\\\/\\\/www.diggerslist.com\\\/iwellguard\\\/about\",\"https:\\\/\\\/skitterphoto.com\\\/photographers\\\/2870314\\\/iwell-guard\",\"https:\\\/\\\/iwellguard.wordpress.com\\\/2026\\\/06\\\/06\\\/iwell-guard\\\/\",\"https:\\\/\\\/hub.docker.com\\\/u\\\/iwellguard\",\"https:\\\/\\\/www.pinterest.com\\\/iwellguard\\\/\",\"https:\\\/\\\/bit.ly\\\/m\\\/iwellguard\",\"https:\\\/\\\/entre-vos-mains.alsace.eu\\\/profiles\\\/iwellguard\\\/activity\",\"https:\\\/\\\/gravatar.com\\\/reallybeded8fd34\",\"https:\\\/\\\/naijamatta.com\\\/iwellguard\",\"https:\\\/\\\/www.goodreads.com\\\/iwellguard\",\"https:\\\/\\\/profile.hatena.ne.jp\\\/iwellguard\\\/\",\"https:\\\/\\\/experiment.com\\\/users\\\/iwellguard\",\"https:\\\/\\\/wakelet.com\\\/@iWellGuard82270\",\"https:\\\/\\\/www.chordie.com\\\/forum\\\/profile.php?id=2555664\",\"https:\\\/\\\/www.instapaper.com\\\/p\\\/17757966\",\"https:\\\/\\\/www.mapleprimes.com\\\/users\\\/iwellguard\",\"https:\\\/\\\/businesslistingplus.com\\\/profile\\\/iwell-guard\\\/\",\"https:\\\/\\\/telegra.ph\\\/iWell-Guard-06-06\",\"https:\\\/\\\/pbase.com\\\/iwellguard\\\/iwellguard\",\"https:\\\/\\\/b.hatena.ne.jp\\\/iwellguard\\\/20260607#bookmark-4788405196491818882\",\"https:\\\/\\\/fliphtml5.com\\\/home\\\/iwellguard\",\"https:\\\/\\\/anyflip.com\\\/homepage\\\/cmiwl#About\",\"https:\\\/\\\/transfur.com\\\/Users\\\/iwellguard\",\"http:\\\/\\\/delphi.larsbo.org\\\/user\\\/iwellguard\",\"https:\\\/\\\/jobs.lajobsportal.org\\\/profiles\\\/8380803-iwell-guard\",\"https:\\\/\\\/md.chaosdorf.de\\\/s\\\/jfbe5SBdJD\",\"https:\\\/\\\/www.lingvolive.com\\\/en-us\\\/profile\\\/9ecaeaca-ce11-4e51-9e71-01d55e2bff36\\\/translations\",\"https:\\\/\\\/www.fitday.com\\\/fitness\\\/forums\\\/members\\\/iwellguard.html\",\"https:\\\/\\\/www.mymeetbook.com\\\/iwellguard\",\"https:\\\/\\\/pxhere.com\\\/en\\\/photographer-me\\\/5040798\",\"https:\\\/\\\/disqus.com\\\/by\\\/iwellguard\\\/about\\\/\",\"https:\\\/\\\/pastelink.net\\\/hjwciqwq\",\"https:\\\/\\\/pubhtml5.com\\\/homepage\\\/scjhn\\\/\",\"https:\\\/\\\/www.bitchute.com\\\/channel\\\/2O2eOKzNqujT\",\"https:\\\/\\\/audiomack.com\\\/iwellguard\"]}]}<\/script>\n<!-- \/ Yoast SEO Premium plugin. -->","yoast_head_json":{"title":"Sp\u00edritismi \u2013 Andasamband Kardec | iWell Guard","description":"Sp\u00edritismi sem hreyfing 19. aldar til andasamskipta. Allan Kardec, fundarhef\u00f0ir og tr\u00faarbrag\u00f0afr\u00e6\u00f0ileg \u00fattekt.","robots":{"index":"index","follow":"follow","max-snippet":"max-snippet:-1","max-image-preview":"max-image-preview:large","max-video-preview":"max-video-preview:-1"},"canonical":"https:\/\/iwell-guard.com\/is\/spiritismi\/","og_locale":"is_IS","og_type":"article","og_title":"Mi\u00f0ilsfr\u00e6\u00f0i (Sp\u00edritismi)","og_description":"Sp\u00edritismi sem hreyfing 19. aldar til andasamskipta. Allan Kardec, fundarhef\u00f0ir og tr\u00faarbrag\u00f0afr\u00e6\u00f0ileg \u00fattekt.","og_url":"https:\/\/iwell-guard.com\/is\/spiritismi\/","og_site_name":"iWell Guard","article_modified_time":"2026-09-05T14:22:07+00:00","og_image":[{"width":1024,"height":1536,"url":"https:\/\/iwell-guard.com\/wp-content\/uploads\/2026\/05\/praktiken_spiritismus.webp","type":"image\/webp"}],"twitter_card":"summary_large_image","schema":{"@context":"https:\/\/schema.org","@graph":[{"@type":"WebPage","@id":"https:\/\/iwell-guard.com\/is\/spiritismi\/","url":"https:\/\/iwell-guard.com\/is\/spiritismi\/","name":"Sp\u00edritismi \u2013 Andasamband Kardec | iWell Guard","isPartOf":{"@id":"https:\/\/iwell-guard.com\/is\/#website"},"primaryImageOfPage":{"@id":"https:\/\/iwell-guard.com\/is\/spiritismi\/#primaryimage"},"image":{"@id":"https:\/\/iwell-guard.com\/is\/spiritismi\/#primaryimage"},"thumbnailUrl":"https:\/\/iwell-guard.com\/wp-content\/uploads\/2026\/05\/praktiken_spiritismus.webp","datePublished":"2026-09-05T14:03:50+00:00","dateModified":"2026-09-05T14:22:07+00:00","description":"Sp\u00edritismi sem hreyfing 19. aldar til andasamskipta. Allan Kardec, fundarhef\u00f0ir og tr\u00faarbrag\u00f0afr\u00e6\u00f0ileg \u00fattekt.","breadcrumb":{"@id":"https:\/\/iwell-guard.com\/is\/spiritismi\/#breadcrumb"},"inLanguage":"is","potentialAction":[{"@type":"ReadAction","target":["https:\/\/iwell-guard.com\/is\/spiritismi\/"]}]},{"@type":"ImageObject","inLanguage":"is","@id":"https:\/\/iwell-guard.com\/is\/spiritismi\/#primaryimage","url":"https:\/\/iwell-guard.com\/wp-content\/uploads\/2026\/05\/praktiken_spiritismus.webp","contentUrl":"https:\/\/iwell-guard.com\/wp-content\/uploads\/2026\/05\/praktiken_spiritismus.webp","width":1024,"height":1536,"caption":"Ath\u00f6fn. S\u00f6guleg og myndr\u00e6n framsetning."},{"@type":"BreadcrumbList","@id":"https:\/\/iwell-guard.com\/is\/spiritismi\/#breadcrumb","itemListElement":[{"@type":"ListItem","position":1,"name":"Start","item":"https:\/\/iwell-guard.com\/is\/?page_id=168580"},{"@type":"ListItem","position":2,"name":"Mi\u00f0ilsfr\u00e6\u00f0i (Sp\u00edritismi)"}]},{"@type":"WebSite","@id":"https:\/\/iwell-guard.com\/is\/#website","url":"https:\/\/iwell-guard.com\/is\/","name":"iWell Guard","description":"Schutz vor dunklen Einfl\u00fcssen","publisher":{"@id":"https:\/\/iwell-guard.com\/is\/#organization"},"potentialAction":[{"@type":"SearchAction","target":{"@type":"EntryPoint","urlTemplate":"https:\/\/iwell-guard.com\/is\/?s={search_term_string}"},"query-input":{"@type":"PropertyValueSpecification","valueRequired":true,"valueName":"search_term_string"}}],"inLanguage":"is"},{"@type":"Organization","@id":"https:\/\/iwell-guard.com\/is\/#organization","name":"Ittermann electronic GmbH","url":"https:\/\/iwell-guard.com\/is\/","logo":{"@type":"ImageObject","inLanguage":"is","@id":"https:\/\/iwell-guard.com\/is\/#\/schema\/logo\/image\/","url":"https:\/\/iwell-guard.com\/wp-content\/uploads\/2026\/05\/Ittermann-Logo-1182x237-1.png","contentUrl":"https:\/\/iwell-guard.com\/wp-content\/uploads\/2026\/05\/Ittermann-Logo-1182x237-1.png","width":1182,"height":237,"caption":"Ittermann electronic GmbH"},"image":{"@id":"https:\/\/iwell-guard.com\/is\/#\/schema\/logo\/image\/"},"sameAs":["https:\/\/pantip.com\/profile\/9367242","https:\/\/micro.blog\/iwellguard","https:\/\/www.diggerslist.com\/iwellguard\/about","https:\/\/skitterphoto.com\/photographers\/2870314\/iwell-guard","https:\/\/iwellguard.wordpress.com\/2026\/06\/06\/iwell-guard\/","https:\/\/hub.docker.com\/u\/iwellguard","https:\/\/www.pinterest.com\/iwellguard\/","https:\/\/bit.ly\/m\/iwellguard","https:\/\/entre-vos-mains.alsace.eu\/profiles\/iwellguard\/activity","https:\/\/gravatar.com\/reallybeded8fd34","https:\/\/naijamatta.com\/iwellguard","https:\/\/www.goodreads.com\/iwellguard","https:\/\/profile.hatena.ne.jp\/iwellguard\/","https:\/\/experiment.com\/users\/iwellguard","https:\/\/wakelet.com\/@iWellGuard82270","https:\/\/www.chordie.com\/forum\/profile.php?id=2555664","https:\/\/www.instapaper.com\/p\/17757966","https:\/\/www.mapleprimes.com\/users\/iwellguard","https:\/\/businesslistingplus.com\/profile\/iwell-guard\/","https:\/\/telegra.ph\/iWell-Guard-06-06","https:\/\/pbase.com\/iwellguard\/iwellguard","https:\/\/b.hatena.ne.jp\/iwellguard\/20260607#bookmark-4788405196491818882","https:\/\/fliphtml5.com\/home\/iwellguard","https:\/\/anyflip.com\/homepage\/cmiwl#About","https:\/\/transfur.com\/Users\/iwellguard","http:\/\/delphi.larsbo.org\/user\/iwellguard","https:\/\/jobs.lajobsportal.org\/profiles\/8380803-iwell-guard","https:\/\/md.chaosdorf.de\/s\/jfbe5SBdJD","https:\/\/www.lingvolive.com\/en-us\/profile\/9ecaeaca-ce11-4e51-9e71-01d55e2bff36\/translations","https:\/\/www.fitday.com\/fitness\/forums\/members\/iwellguard.html","https:\/\/www.mymeetbook.com\/iwellguard","https:\/\/pxhere.com\/en\/photographer-me\/5040798","https:\/\/disqus.com\/by\/iwellguard\/about\/","https:\/\/pastelink.net\/hjwciqwq","https:\/\/pubhtml5.com\/homepage\/scjhn\/","https:\/\/www.bitchute.com\/channel\/2O2eOKzNqujT","https:\/\/audiomack.com\/iwellguard"]}]}},"_links":{"self":[{"href":"https:\/\/iwell-guard.com\/is\/wp-json\/wp\/v2\/pages\/168892","targetHints":{"allow":["GET"]}}],"collection":[{"href":"https:\/\/iwell-guard.com\/is\/wp-json\/wp\/v2\/pages"}],"about":[{"href":"https:\/\/iwell-guard.com\/is\/wp-json\/wp\/v2\/types\/page"}],"author":[{"embeddable":true,"href":"https:\/\/iwell-guard.com\/is\/wp-json\/wp\/v2\/users\/3"}],"replies":[{"embeddable":true,"href":"https:\/\/iwell-guard.com\/is\/wp-json\/wp\/v2\/comments?post=168892"}],"version-history":[{"count":0,"href":"https:\/\/iwell-guard.com\/is\/wp-json\/wp\/v2\/pages\/168892\/revisions"}],"wp:featuredmedia":[{"embeddable":true,"href":"https:\/\/iwell-guard.com\/is\/wp-json\/wp\/v2\/media\/3408"}],"wp:attachment":[{"href":"https:\/\/iwell-guard.com\/is\/wp-json\/wp\/v2\/media?parent=168892"}],"wp:term":[{"taxonomy":"category","embeddable":true,"href":"https:\/\/iwell-guard.com\/is\/wp-json\/wp\/v2\/categories?post=168892"}],"curies":[{"name":"wp","href":"https:\/\/api.w.org\/{rel}","templated":true}]}}