{"id":168891,"date":"2026-09-05T14:03:49","date_gmt":"2026-09-05T14:03:49","guid":{"rendered":"https:\/\/iwell-guard.com\/?page_id=168891"},"modified":"2026-09-05T14:22:06","modified_gmt":"2026-09-05T14:22:06","slug":"gnosis","status":"publish","type":"page","link":"https:\/\/iwell-guard.com\/is\/gnosis\/","title":{"rendered":"Gnosis"},"content":{"rendered":"\t\t<div data-elementor-type=\"wp-page\" data-elementor-id=\"168891\" class=\"elementor elementor-168891 elementor-2442 elementor-bc-flex-widget\" data-elementor-post-type=\"page\">\n\t\t\t\t<div class=\"elementor-element elementor-element-hero8f1ad61 e-flex e-con-boxed e-con e-parent\" data-id=\"hero8f1ad61\" data-element_type=\"container\" data-e-type=\"container\">\n\t\t\t\t\t<div class=\"e-con-inner\">\n\t\t\t\t<div class=\"elementor-element elementor-element-heroimg5cc0a2f iwg-hero-image elementor-widget elementor-widget-image\" data-id=\"heroimg5cc0a2f\" data-element_type=\"widget\" data-e-type=\"widget\" data-widget_type=\"image.default\">\n\t\t\t\t\t\t\t\t\t\t\t\t\t\t\t<img fetchpriority=\"high\" decoding=\"async\" width=\"683\" height=\"1024\" src=\"https:\/\/iwell-guard.com\/wp-content\/uploads\/2026\/05\/praktiken_gnosis-683x1024.webp\" class=\"attachment-large size-large wp-image-170640\" alt=\"Gnosis - Sk\u00fdringarmynd af gnosis-i\u00f0kun \u00ed sagnfr\u00e6\u00f0ilega-safnfr\u00e6\u00f0ilega-heimildarlegum st\u00edl\" srcset=\"https:\/\/iwell-guard.com\/wp-content\/uploads\/2026\/05\/praktiken_gnosis-683x1024.webp 683w, https:\/\/iwell-guard.com\/wp-content\/uploads\/2026\/05\/praktiken_gnosis-200x300.webp 200w, https:\/\/iwell-guard.com\/wp-content\/uploads\/2026\/05\/praktiken_gnosis-768x1152.webp 768w, https:\/\/iwell-guard.com\/wp-content\/uploads\/2026\/05\/praktiken_gnosis.webp 1024w\" sizes=\"(max-width: 683px) 100vw, 683px\" \/>\t\t\t\t\t\t\t\t\t\t\t\t\t\t\t<\/div>\n\t\t\t\t\t<\/div>\n\t\t\t\t<\/div>\n\t\t\t\t<section class=\"elementor-section elementor-top-section elementor-element elementor-element-sec-5bd5d4a elementor-section-boxed elementor-section-height-default elementor-section-height-default\" data-id=\"sec-5bd5d4a\" data-element_type=\"section\" data-e-type=\"section\" id=\"sec-5bd5d4a\">\n\t\t\t\t\t\t<div class=\"elementor-container elementor-column-gap-default\">\n\t\t\t\t\t<div class=\"elementor-column elementor-col-100 elementor-top-column elementor-element elementor-element-col-5bd5d4a\" data-id=\"col-5bd5d4a\" data-element_type=\"column\" data-e-type=\"column\" id=\"col-5bd5d4a\">\n\t\t\t<div class=\"elementor-widget-wrap elementor-element-populated\">\n\t\t\t\t\t\t<div class=\"elementor-element elementor-element-wh-5bd5d4a elementor-widget elementor-widget-heading\" data-id=\"wh-5bd5d4a\" data-element_type=\"widget\" data-e-type=\"widget\" id=\"h1-5bd5d4a\" data-widget_type=\"heading.default\">\n\t\t\t\t\t<h1 class=\"elementor-heading-title elementor-size-default\">Gnosis, vitundarlei\u00f0 milli Pleroma og dem\u00edurgs<\/h1>\t\t\t\t<\/div>\n\t\t\t\t<div class=\"elementor-element elementor-element-we-5bd5d4a elementor-widget elementor-widget-text-editor\" data-id=\"we-5bd5d4a\" data-element_type=\"widget\" data-e-type=\"widget\" id=\"ed-5bd5d4a-b\" data-widget_type=\"text-editor.default\">\n\t\t\t\t\t\t\t\t\t<p class=\"iwg-lead\"><span class=\"iwg-fachbegriff\" data-tooltip=\"Tr\u00faarleg stefna s\u00ed\u00f0fornaldar sem bo\u00f0a\u00f0i endurlausn me\u00f0 s\u00e9rstakri \u00feekkingu til hj\u00e1lpr\u00e6\u00f0is.\" tabindex=\"0\">Gn\u00f3sis<\/span> t\u00e1knar <strong>\u00feekkingarlei\u00f0ina<\/strong> fr\u00e1 s\u00ed\u00f0forn\u00f6ld \u00e1 milli hins gu\u00f0lega <strong>Pleroma<\/strong> og efnisheims <strong>dem\u00ed\u00fargsins<\/strong>, tv\u00edhyggjulega <span class=\"iwg-fachbegriff\" data-tooltip=\"Hugmyndir um uppbyggingu og skipan heimsins innan tiltekinnar menningar.\" tabindex=\"0\">heimsmynd<\/span> me\u00f0 endurlausnar-<span class=\"iwg-fachbegriff\" data-tooltip=\"Munnleg e\u00f0a ritu\u00f0 fr\u00e1s\u00f6gn um gu\u00f0i, uppruna og skipan heimsins.\" tabindex=\"0\">go\u00f0s\u00f6gn<\/span>.<\/p>\n<p class=\"iwg-lead\"><strong><span class=\"iwg-fachbegriff\" tabindex=\"0\" data-tooltip=\"Tr\u00faarleg-heimspekileg stefna s\u00ed\u00f0fornaldar \u00e1 2.\u20133. \u00f6ld; bo\u00f0ar tv\u00edhyggjulega heimsmynd me\u00f0 l\u00e6gri arkonum.\">Gn\u00f3sis<\/span><\/strong>, gr\u00edskt gn\u014dsis, \u00feekking, t\u00e1knar tr\u00faarlega og heimspekilega stefnu fr\u00e1 <span class=\"iwg-fachbegriff\" data-tooltip=\"Umbreytingart\u00edmabil milli fornaldar og mi\u00f0alda, um 3. til 7. \u00f6ld.\" tabindex=\"0\">s\u00ed\u00f0forn\u00f6ld<\/span>, sem byggist \u00e1 \u00feeirri sannf\u00e6ringu a\u00f0 ma\u00f0urinn geti frelsast \u00far kosm\u00edskri fl\u00e6kju sinni fyrir tilstilli falinnar innri \u00feekkingar.<\/p><p class=\"iwg-lead\">Heimurinn telst ekki g\u00f3\u00f0 sk\u00f6pun \u00e6\u00f0sta gu\u00f0s, heldur verk \u00f3fullkomins dem\u00ed\u00fargs; hinn sanni, handanheimslegi gu\u00f0 er handan alls, og a\u00f0eins hin gu\u00f0lega neistas\u00e1l sem sefur \u00ed manninum getur me\u00f0 \u00feekkingu minnst hans \u00e1 n\u00fd.<\/p>\n<h2 id=\"quellen-und-textfunde\">Heimildir og textafundir<\/h2>\n<p>Fram \u00e1 20. \u00f6ld \u00feekktu fr\u00e6\u00f0imenn <span class=\"iwg-fachbegriff\" data-tooltip=\"Tr\u00faarleg stefna s\u00ed\u00f0fornaldar sem bo\u00f0a\u00f0i endurlausn me\u00f0 s\u00e9rstakri \u00feekkingu til hj\u00e1lpr\u00e6\u00f0is.\" tabindex=\"0\">gn\u00f3sis<\/span> n\u00e6r eing\u00f6ngu \u00far deiluritum kirkjufe\u00f0ranna \u00cdrenaeusar, Hipp\u00f3l\u00fdtosar, Tert\u00fall\u00edanusar og Epifan\u00edusar, sem b\u00f6r\u00f0ust gegn henni sem <span class=\"iwg-fachbegriff\" tabindex=\"0\" data-tooltip=\"\u00cd kristinni hef\u00f0 kenning sem v\u00edkur fr\u00e1 r\u00e9tttr\u00fana\u00f0arafst\u00f6\u00f0u; refsiver\u00f0 \u00ed forn\u00f6ld og \u00e1 mi\u00f0\u00f6ldum.\">villutr\u00fa<\/span>. \u00c1ri\u00f0 1945 fann egypskur b\u00f3ndi \u00ed Nag Hammadi 13 kopt\u00edsk handrit me\u00f0 52 upprunalegum gn\u00f3st\u00edskum textum, \u00fear \u00e1 me\u00f0al <em>Apokr\u00fdfu J\u00f3hannesar<\/em>, <em>Gu\u00f0spjall sannleikans<\/em>, <em>T\u00f3masargu\u00f0spjalli\u00f0<\/em>, <em>Filippusargu\u00f0spjalli\u00f0<\/em>, <em>\u00derumuna. Fullkominn hugur<\/em> og <em>Pistis Sophia<\/em>.<\/p><p>\u00deessi fundur einn ger\u00f0i rannsakendum kleift a\u00f0 skyggnast inn \u00ed eigin sj\u00e1lfsl\u00fdsingu gn\u00f3st\u00edkeranna.<\/p>\n<h2 id=\"grundlehre\">Grunnkenningar<\/h2>\n<p>\u00der\u00e1tt fyrir mikinn margbreytileika eiga flest gn\u00f3st\u00edsk kerfi sameiginlegan kjarna. Efst \u00ed tilverunni er hinn \u00f3segjanlegi Fa\u00f0ir, en Pleroma-heimur e\u00f3na \u00fer\u00f3ast \u00fat fr\u00e1 honum. Vegna falls hinnar l\u00e6gri S\u00f3f\u00edu ver\u00f0ur dem\u00ed\u00fargurinn til, oft nefndur Jaldabaoth e\u00f0a Saklas, sem skapar efnisheiminn sem fangelsi.<\/p><p>Mennirnir bera hinn gu\u00f0lega neista, en eru s\u00e9r ekki me\u00f0vita\u00f0ir um hann. Sendibo\u00f0i fr\u00e1 Pleroma, me\u00f0al kristinna manna Kristur, \u00ed \u00f6\u00f0rum kerfum Set e\u00f0a S\u00f3f\u00eda sj\u00e1lf, ber fram hina frelsandi \u00feekkingu. S\u00e1 sem me\u00f0tekur hana leysir neista sinn \u00far l\u00edkamlegu hulstri og sn\u00fdr eftir dau\u00f0ann aftur til Pleroma.<\/p>\n<h2 id=\"schulen\">Sk\u00f3lar og stefnur<\/h2>\n<p>Hin <span class=\"iwg-fachbegriff\" data-tooltip=\"T\u00edmabil gr\u00edskrar og r\u00f3mverskrar menningar, um 800 f.Kr. til 600 e.Kr.\" tabindex=\"0\">forna<\/span> <span class=\"iwg-fachbegriff\" data-tooltip=\"Tr\u00faarleg stefna s\u00ed\u00f0fornaldar sem bo\u00f0a\u00f0i endurlausn me\u00f0 s\u00e9rstakri \u00feekkingu til hj\u00e1lpr\u00e6\u00f0is.\" tabindex=\"0\">gn\u00f3sis<\/span> er engin einsleit hreyfing. Valent\u00ednusarsinnar \u00ed kringum Valent\u00ednus (2. \u00f6ld) \u00fer\u00f3u\u00f0u vanda\u00f0a e\u00f3nakenningu og st\u00f3\u00f0u n\u00e1l\u00e6gt kristnu meginkirkjunni. Set\u00edanar unnu me\u00f0 Set sem frelsara og s\u00f3ttu mj\u00f6g \u00ed gy\u00f0inglegar ritningar.<\/p><p>Manikeismi Man\u00eds (3. \u00f6ld) var\u00f0 sj\u00e1lfst\u00e6\u00f0 heimstr\u00fa sem n\u00e1\u00f0i fr\u00e1 Nor\u00f0ur-Afr\u00edku til K\u00edna. Mandear \u00ed su\u00f0urhluta n\u00faverandi \u00cdraks eru eina gn\u00f3st\u00edska samf\u00e9lagi\u00f0 sem enn er vi\u00f0 l\u00fd\u00f0i; \u00feeir d\u00fdrka J\u00f3hannes sk\u00edrara og telja Jes\u00fa falssp\u00e1mann.<\/p>\n<h2 id=\"dualismus\">Tv\u00edhyggja og bl\u00e6brig\u00f0i hennar<\/h2>\n<p>Einkennandi fyrir <span class=\"iwg-fachbegriff\" data-tooltip=\"Tr\u00faarleg stefna s\u00ed\u00f0fornaldar sem bo\u00f0a\u00f0i endurlausn me\u00f0 s\u00e9rstakri \u00feekkingu til hj\u00e1lpr\u00e6\u00f0is.\" tabindex=\"0\">gn\u00f3sis<\/span> er frumspekileg tv\u00edhyggja. H\u00fan n\u00e6r fr\u00e1 sk\u00f6rpum a\u00f0skilna\u00f0i gu\u00f0s og dem\u00ed\u00fargs, <span class=\"iwg-fachbegriff\" data-tooltip=\"L\u00edkamslaus vera sem eignu\u00f0 er \u00e1hrif \u00ed heiminum.\" tabindex=\"0\">anda<\/span> og efnis, allt til hinnar r\u00f3tt\u00e6kari man\u00edke\u00edsku kenningar um tv\u00f6 eil\u00edf andst\u00e6\u00f0 frum\u00f6fl. \u00deessi tv\u00edhyggjulegu mynstur h\u00e9ldu \u00e1fram a\u00f0 hafa \u00e1hrif \u00ed tr\u00faars\u00f6gu Vesturlanda, me\u00f0al Bogom\u00edla \u00ed B\u00falgar\u00edu, Katara \u00ed Su\u00f0ur-Frakklandi (12.\u201313. \u00f6ld), og a\u00f0 hluta \u00ed m\u00f3tm\u00e6lendagu\u00f0fr\u00e6\u00f0i um vonsku heimsins.<\/p>\n<h2 id=\"rezeption\">M\u00f3ttaka \u00e1 n\u00fat\u00edmanum<\/h2>\n<p>\u00c1 19. og 20. \u00f6ld var <span class=\"iwg-fachbegriff\" data-tooltip=\"Tr\u00faarleg stefna s\u00ed\u00f0fornaldar sem bo\u00f0a\u00f0i endurlausn me\u00f0 s\u00e9rstakri \u00feekkingu til hj\u00e1lpr\u00e6\u00f0is.\" tabindex=\"0\">gn\u00f3sis<\/span> tekin upp af \u00fdmsum \u00e1ttum. C. G. Jung s\u00e1 \u00ed henni fyrirrennara dj\u00faps\u00e1lfr\u00e6\u00f0ilegrar sj\u00e1lfs\u00feekkingar og fjalla\u00f0i \u00edtarlega um <em>Pistis Sophia<\/em>.<\/p><p>Hans Jonas lag\u00f0i fram me\u00f0 <em><span class=\"iwg-fachbegriff\" data-tooltip=\"Tr\u00faarleg stefna s\u00ed\u00f0fornaldar sem bo\u00f0a\u00f0i endurlausn me\u00f0 s\u00e9rstakri \u00feekkingu til hj\u00e1lpr\u00e6\u00f0is.\" tabindex=\"0\">Gnosis<\/span> und sp\u00e4tantiker <span class=\"iwg-fachbegriff\" data-tooltip=\"L\u00edkamslaus vera sem eignu\u00f0 er \u00e1hrif \u00ed heiminum.\" tabindex=\"0\">Geist<\/span><\/em> (1934) sta\u00f0la\u00f0a heimspekis\u00f6gulega ranns\u00f3kn og benti \u00e1 n\u00e1in skyldleika\u00e1hrif hennar vi\u00f0 tilvistarlega l\u00edfsreynslu 20. aldar. \u00cd <span class=\"iwg-fachbegriff\" data-tooltip=\"Samheiti yfir kenningar sem gera tilkall til falinnar \u00feekkingar sem a\u00f0eins innv\u00edg\u00f0ir hafa a\u00f0gang a\u00f0.\" tabindex=\"0\">dulspeki<\/span> er <span class=\"iwg-fachbegriff\" data-tooltip=\"Tr\u00faarleg stefna s\u00ed\u00f0fornaldar sem bo\u00f0a\u00f0i endurlausn me\u00f0 s\u00e9rstakri \u00feekkingu til hj\u00e1lpr\u00e6\u00f0is.\" tabindex=\"0\">gn\u00f3sis<\/span> m\u00f6rgum n\u00fat\u00edmastefnum, fr\u00e1 Gu\u00f0spekif\u00e9laginu til <span class=\"iwg-fachbegriff\" tabindex=\"0\" data-tooltip=\"Austurr\u00edskur dulspekingur (1861\u20131925); stofnandi mannspekinnar og Waldorf-uppeldisfr\u00e6\u00f0innar.\">Rudolfs Steiner<\/span> og til samt\u00edmahreyfinga, talin leynileg evr\u00f3psk gagnhef\u00f0 gegn hef\u00f0bundinni kristni.<\/p>\n<h2 id=\"esoterische-aufnahme\">Dulspekileg upptaka \u00ed dag<\/h2>\n<p>\u00cd samt\u00edma <span class=\"iwg-fachbegriff\" data-tooltip=\"Samheiti yfir kenningar sem gera tilkall til falinnar \u00feekkingar sem a\u00f0eins innv\u00edg\u00f0ir hafa a\u00f0gang a\u00f0.\" tabindex=\"0\">dulspeki<\/span> er hugtaki\u00f0 <span class=\"iwg-fachbegriff\" data-tooltip=\"Tr\u00faarleg stefna s\u00ed\u00f0fornaldar sem bo\u00f0a\u00f0i endurlausn me\u00f0 s\u00e9rstakri \u00feekkingu til hj\u00e1lpr\u00e6\u00f0is.\" tabindex=\"0\">gn\u00f3sis<\/span> oft nota\u00f0 sem almennt t\u00e1kn fyrir \u201ereynslubundna andlega \u00feekkingu handan kreddubundinnar tr\u00faar&#8220;. \u00deessi notkun er velvilju\u00f0 en s\u00f6gulega \u00f3n\u00e1kv\u00e6m. Hin <span class=\"iwg-fachbegriff\" data-tooltip=\"T\u00edmabil gr\u00edskrar og r\u00f3mverskrar menningar, um 800 f.Kr. til 600 e.Kr.\" tabindex=\"0\">forna<\/span> <span class=\"iwg-fachbegriff\" data-tooltip=\"Tr\u00faarleg stefna s\u00ed\u00f0fornaldar sem bo\u00f0a\u00f0i endurlausn me\u00f0 s\u00e9rstakri \u00feekkingu til hj\u00e1lpr\u00e6\u00f0is.\" tabindex=\"0\">gn\u00f3sis<\/span> er mj\u00f6g \u00e1\u00fereifanlega tv\u00edhyggjuleg endurlausnarkenning me\u00f0 eigin textum, helgisi\u00f0um og go\u00f0s\u00f6gnum.<\/p><p>S\u00e1 sem tekur hana alvarlega s\u00f6gulega s\u00e9\u00f0 kemst ekki hj\u00e1 \u00fev\u00ed a\u00f0 kynna s\u00e9r Nag Hammadi-frumtextana. S\u00e1 sem notar hana a\u00f0eins sem t\u00e1kn m\u00e1 gera \u00fea\u00f0, en \u00e6tti \u00fe\u00e1 ekki a\u00f0 nota hugtaki\u00f0 til s\u00f6gulegra fullyr\u00f0inga.<\/p>\n<h2 id=\"abgrenzungen\">Afmarkanir<\/h2>\n<p><span class=\"iwg-fachbegriff\" data-tooltip=\"Tr\u00faarleg stefna s\u00ed\u00f0fornaldar sem bo\u00f0a\u00f0i endurlausn me\u00f0 s\u00e9rstakri \u00feekkingu til hj\u00e1lpr\u00e6\u00f0is.\" tabindex=\"0\">Gn\u00f3sis<\/span> er ekki hi\u00f0 sama og <span class=\"iwg-fachbegriff\" tabindex=\"0\" data-tooltip=\"Dulspekileg hef\u00f0 sem rekja m\u00e1 til Corpus Hermeticum (1.\u20133. \u00f6ld); kennir samsv\u00f6run sm\u00e1heims og st\u00f3rheims.\">hermet\u00edk<\/span> (\u00fe\u00f3tt b\u00e6\u00f0i eigi r\u00e6tur \u00ed <span class=\"iwg-fachbegriff\" data-tooltip=\"Umbreytingart\u00edmabil milli fornaldar og mi\u00f0alda, um 3. til 7. \u00f6ld.\" tabindex=\"0\">s\u00ed\u00f0forn\u00f6ld<\/span>), ekki hi\u00f0 sama og <span class=\"iwg-fachbegriff\" tabindex=\"0\" data-tooltip=\"Gy\u00f0ingleg dulspeki me\u00f0 h\u00f6fu\u00f0ritunum Sefer Yetzira, S\u00f3har og l\u00far\u00ed\u00f6nsku sk\u00f3lanum.\">kabbala<\/span> (\u00fe\u00f3tt <span class=\"iwg-fachbegriff\" tabindex=\"0\" data-tooltip=\"\u00cd l\u00far\u00edanskri kabbala hin menga\u00f0u orkuh\u00fd\u00f0i sem leysa \u00fearf \u00far l\u00e6\u00f0ingi \u00ed tikkun-i\u00f0kun.\">klipot<\/span>-kenningin hlj\u00f3mi tv\u00edhyggjuleg), og ekki hi\u00f0 sama og <span class=\"iwg-fachbegriff\" tabindex=\"0\" data-tooltip=\"Heimspekihef\u00f0 s\u00ed\u00f0fornaldar (Pl\u00f3t\u00ednos, Jambl\u00edkos, Pr\u00f3klos) me\u00f0 kenningu um hi\u00f0 Eina og stigskipta \u00fatgeislun.\">n\u00fdplat\u00f3nisma<\/span> (sem l\u00edtur \u00e1 heiminn sem \u00fatgeisla\u00f0a sj\u00e1lfsmi\u00f0lun hins Eina, ekki sem mist\u00f6k dem\u00ed\u00fargs). S\u00e1 sem les or\u00f0i\u00f0 \u201egn\u00f3st\u00edskt&#8220; \u00e1 s\u00e9rs\u00ed\u00f0u \u00e6tti a\u00f0 athuga hvert \u00feessara \u00feriggja svi\u00f0a er \u00e1tt vi\u00f0.<\/p>\n<h2 id=\"quellen\">Heimildir<\/h2>\n<ul>\n<li><span data-nosnippet>Hans Jonas: <em><span class=\"iwg-fachbegriff\" data-tooltip=\"Tr\u00faarleg stefna s\u00ed\u00f0fornaldar sem bo\u00f0a\u00f0i endurlausn me\u00f0 s\u00e9rstakri \u00feekkingu til hj\u00e1lpr\u00e6\u00f0is.\" tabindex=\"0\">Gnosis<\/span> und sp\u00e4tantiker <span class=\"iwg-fachbegriff\" data-tooltip=\"L\u00edkamslaus vera sem eignu\u00f0 er \u00e1hrif \u00ed heiminum.\" tabindex=\"0\">Geist<\/span><\/em>, G\u00f6ttingen 1934\/54 (sta\u00f0alrit).<\/span><\/li>\n<li><span data-nosnippet>James M. Robinson (\u00fatg.): <em>The Nag Hammadi Library in English<\/em>, Brill 4. \u00fatg. 1996.<\/span><\/li>\n<li><span data-nosnippet>Kurt Rudolph: <em>Die <span class=\"iwg-fachbegriff\" data-tooltip=\"Tr\u00faarleg stefna s\u00ed\u00f0fornaldar sem bo\u00f0a\u00f0i endurlausn me\u00f0 s\u00e9rstakri \u00feekkingu til hj\u00e1lpr\u00e6\u00f0is.\" tabindex=\"0\">Gnosis<\/span>. Wesen und Geschichte einer sp\u00e4tantiken Religion<\/em>, G\u00f6ttingen 1977.<\/span><\/li>\n<li><span data-nosnippet>Christoph Markschies: <em>Die <span class=\"iwg-fachbegriff\" data-tooltip=\"Tr\u00faarleg stefna s\u00ed\u00f0fornaldar sem bo\u00f0a\u00f0i endurlausn me\u00f0 s\u00e9rstakri \u00feekkingu til hj\u00e1lpr\u00e6\u00f0is.\" tabindex=\"0\">Gnosis<\/span><\/em>, Beck Wissen, M\u00fcnchen 2001.<\/span><\/li>\n<li><span data-nosnippet>April D. DeConick: <em>The Gnostic New Age<\/em>, Columbia UP 2016.<\/span><\/li>\n<\/ul>\n\t\t\t\t\t\t\t\t<\/div>\n\t\t\t\t\t<\/div>\n\t\t<\/div>\n\t\t\t\t\t<\/div>\n\t\t<\/section>\n\t\t\t\t<\/div>\n\t\t","protected":false},"excerpt":{"rendered":"","protected":false},"author":3,"featured_media":3398,"parent":0,"menu_order":0,"comment_status":"closed","ping_status":"closed","template":"elementor_header_footer","meta":{"_yoast_wpseo_focuskw":"Vitundarlei\u00f0 gnosis","_yoast_wpseo_title":"Gnosis \u2013 vitundarlei\u00f0 og Pleroma | iWell Guard","_yoast_wpseo_metadesc":"Gnosis er tr\u00faarhreyfing fr\u00e1 s\u00ed\u00f0forn\u00f6ld sem byggist \u00e1 vitund, me\u00f0 Pleroma, \u00e6\u00f3num og dem\u00edurg. Mi\u00f0l\u00e6gar ritningar, S\u00f3f\u00edu-go\u00f0s\u00f6gn og strauma.","_yoast_wpseo_meta-robots-noindex":"","_yoast_wpseo_canonical":"","_angie_page":false,"gefaehrdungsstufe":"","wesen_kultur":"","wesen_klasse":"","footnotes":""},"categories":[],"class_list":["post-168891","page","type-page","status-publish","has-post-thumbnail","hentry"],"yoast_head":"<!-- This site is optimized with the Yoast SEO Premium plugin v27.7 (Yoast SEO v28.3) - https:\/\/yoast.com\/product\/yoast-seo-premium-wordpress\/ -->\n<title>Gnosis \u2013 vitundarlei\u00f0 og Pleroma | iWell Guard<\/title>\n<meta name=\"description\" content=\"Gnosis er tr\u00faarhreyfing fr\u00e1 s\u00ed\u00f0forn\u00f6ld sem byggist \u00e1 vitund, me\u00f0 Pleroma, \u00e6\u00f3num og dem\u00edurg. Mi\u00f0l\u00e6gar ritningar, S\u00f3f\u00edu-go\u00f0s\u00f6gn og strauma.\" \/>\n<meta name=\"robots\" content=\"index, follow, max-snippet:-1, max-image-preview:large, max-video-preview:-1\" \/>\n<link rel=\"canonical\" href=\"https:\/\/iwell-guard.com\/is\/gnosis\/\" \/>\n<meta property=\"og:locale\" content=\"is_IS\" \/>\n<meta property=\"og:type\" content=\"article\" \/>\n<meta property=\"og:title\" content=\"Gnosis\" \/>\n<meta property=\"og:description\" content=\"Gnosis er tr\u00faarhreyfing fr\u00e1 s\u00ed\u00f0forn\u00f6ld sem byggist \u00e1 vitund, me\u00f0 Pleroma, \u00e6\u00f3num og dem\u00edurg. Mi\u00f0l\u00e6gar ritningar, S\u00f3f\u00edu-go\u00f0s\u00f6gn og strauma.\" \/>\n<meta property=\"og:url\" content=\"https:\/\/iwell-guard.com\/is\/gnosis\/\" \/>\n<meta property=\"og:site_name\" content=\"iWell Guard\" \/>\n<meta property=\"article:modified_time\" content=\"2026-09-05T14:22:06+00:00\" \/>\n<meta property=\"og:image\" content=\"https:\/\/iwell-guard.com\/wp-content\/uploads\/2026\/05\/praktiken_gnosis.webp\" \/>\n\t<meta property=\"og:image:width\" content=\"1024\" \/>\n\t<meta property=\"og:image:height\" content=\"1536\" \/>\n\t<meta property=\"og:image:type\" content=\"image\/webp\" \/>\n<meta name=\"twitter:card\" content=\"summary_large_image\" \/>\n<script type=\"application\/ld+json\" class=\"yoast-schema-graph\">{\"@context\":\"https:\\\/\\\/schema.org\",\"@graph\":[{\"@type\":\"WebPage\",\"@id\":\"https:\\\/\\\/iwell-guard.com\\\/is\\\/gnosis\\\/\",\"url\":\"https:\\\/\\\/iwell-guard.com\\\/is\\\/gnosis\\\/\",\"name\":\"Gnosis \u2013 vitundarlei\u00f0 og Pleroma | iWell Guard\",\"isPartOf\":{\"@id\":\"https:\\\/\\\/iwell-guard.com\\\/is\\\/#website\"},\"primaryImageOfPage\":{\"@id\":\"https:\\\/\\\/iwell-guard.com\\\/is\\\/gnosis\\\/#primaryimage\"},\"image\":{\"@id\":\"https:\\\/\\\/iwell-guard.com\\\/is\\\/gnosis\\\/#primaryimage\"},\"thumbnailUrl\":\"https:\\\/\\\/iwell-guard.com\\\/wp-content\\\/uploads\\\/2026\\\/05\\\/praktiken_gnosis.webp\",\"datePublished\":\"2026-09-05T14:03:49+00:00\",\"dateModified\":\"2026-09-05T14:22:06+00:00\",\"description\":\"Gnosis er tr\u00faarhreyfing fr\u00e1 s\u00ed\u00f0forn\u00f6ld sem byggist \u00e1 vitund, me\u00f0 Pleroma, \u00e6\u00f3num og dem\u00edurg. Mi\u00f0l\u00e6gar ritningar, S\u00f3f\u00edu-go\u00f0s\u00f6gn og strauma.\",\"breadcrumb\":{\"@id\":\"https:\\\/\\\/iwell-guard.com\\\/is\\\/gnosis\\\/#breadcrumb\"},\"inLanguage\":\"is\",\"potentialAction\":[{\"@type\":\"ReadAction\",\"target\":[\"https:\\\/\\\/iwell-guard.com\\\/is\\\/gnosis\\\/\"]}]},{\"@type\":\"ImageObject\",\"inLanguage\":\"is\",\"@id\":\"https:\\\/\\\/iwell-guard.com\\\/is\\\/gnosis\\\/#primaryimage\",\"url\":\"https:\\\/\\\/iwell-guard.com\\\/wp-content\\\/uploads\\\/2026\\\/05\\\/praktiken_gnosis.webp\",\"contentUrl\":\"https:\\\/\\\/iwell-guard.com\\\/wp-content\\\/uploads\\\/2026\\\/05\\\/praktiken_gnosis.webp\",\"width\":1024,\"height\":1536,\"caption\":\"Ath\u00f6fn. S\u00f6guleg og myndr\u00e6n framsetning.\"},{\"@type\":\"BreadcrumbList\",\"@id\":\"https:\\\/\\\/iwell-guard.com\\\/is\\\/gnosis\\\/#breadcrumb\",\"itemListElement\":[{\"@type\":\"ListItem\",\"position\":1,\"name\":\"Start\",\"item\":\"https:\\\/\\\/iwell-guard.com\\\/is\\\/?page_id=168580\"},{\"@type\":\"ListItem\",\"position\":2,\"name\":\"Gnosis\"}]},{\"@type\":\"WebSite\",\"@id\":\"https:\\\/\\\/iwell-guard.com\\\/is\\\/#website\",\"url\":\"https:\\\/\\\/iwell-guard.com\\\/is\\\/\",\"name\":\"iWell Guard\",\"description\":\"Schutz vor dunklen Einfl\u00fcssen\",\"publisher\":{\"@id\":\"https:\\\/\\\/iwell-guard.com\\\/is\\\/#organization\"},\"potentialAction\":[{\"@type\":\"SearchAction\",\"target\":{\"@type\":\"EntryPoint\",\"urlTemplate\":\"https:\\\/\\\/iwell-guard.com\\\/is\\\/?s={search_term_string}\"},\"query-input\":{\"@type\":\"PropertyValueSpecification\",\"valueRequired\":true,\"valueName\":\"search_term_string\"}}],\"inLanguage\":\"is\"},{\"@type\":\"Organization\",\"@id\":\"https:\\\/\\\/iwell-guard.com\\\/is\\\/#organization\",\"name\":\"Ittermann electronic GmbH\",\"url\":\"https:\\\/\\\/iwell-guard.com\\\/is\\\/\",\"logo\":{\"@type\":\"ImageObject\",\"inLanguage\":\"is\",\"@id\":\"https:\\\/\\\/iwell-guard.com\\\/is\\\/#\\\/schema\\\/logo\\\/image\\\/\",\"url\":\"https:\\\/\\\/iwell-guard.com\\\/wp-content\\\/uploads\\\/2026\\\/05\\\/Ittermann-Logo-1182x237-1.png\",\"contentUrl\":\"https:\\\/\\\/iwell-guard.com\\\/wp-content\\\/uploads\\\/2026\\\/05\\\/Ittermann-Logo-1182x237-1.png\",\"width\":1182,\"height\":237,\"caption\":\"Ittermann electronic GmbH\"},\"image\":{\"@id\":\"https:\\\/\\\/iwell-guard.com\\\/is\\\/#\\\/schema\\\/logo\\\/image\\\/\"},\"sameAs\":[\"https:\\\/\\\/pantip.com\\\/profile\\\/9367242\",\"https:\\\/\\\/micro.blog\\\/iwellguard\",\"https:\\\/\\\/www.diggerslist.com\\\/iwellguard\\\/about\",\"https:\\\/\\\/skitterphoto.com\\\/photographers\\\/2870314\\\/iwell-guard\",\"https:\\\/\\\/iwellguard.wordpress.com\\\/2026\\\/06\\\/06\\\/iwell-guard\\\/\",\"https:\\\/\\\/hub.docker.com\\\/u\\\/iwellguard\",\"https:\\\/\\\/www.pinterest.com\\\/iwellguard\\\/\",\"https:\\\/\\\/bit.ly\\\/m\\\/iwellguard\",\"https:\\\/\\\/entre-vos-mains.alsace.eu\\\/profiles\\\/iwellguard\\\/activity\",\"https:\\\/\\\/gravatar.com\\\/reallybeded8fd34\",\"https:\\\/\\\/naijamatta.com\\\/iwellguard\",\"https:\\\/\\\/www.goodreads.com\\\/iwellguard\",\"https:\\\/\\\/profile.hatena.ne.jp\\\/iwellguard\\\/\",\"https:\\\/\\\/experiment.com\\\/users\\\/iwellguard\",\"https:\\\/\\\/wakelet.com\\\/@iWellGuard82270\",\"https:\\\/\\\/www.chordie.com\\\/forum\\\/profile.php?id=2555664\",\"https:\\\/\\\/www.instapaper.com\\\/p\\\/17757966\",\"https:\\\/\\\/www.mapleprimes.com\\\/users\\\/iwellguard\",\"https:\\\/\\\/businesslistingplus.com\\\/profile\\\/iwell-guard\\\/\",\"https:\\\/\\\/telegra.ph\\\/iWell-Guard-06-06\",\"https:\\\/\\\/pbase.com\\\/iwellguard\\\/iwellguard\",\"https:\\\/\\\/b.hatena.ne.jp\\\/iwellguard\\\/20260607#bookmark-4788405196491818882\",\"https:\\\/\\\/fliphtml5.com\\\/home\\\/iwellguard\",\"https:\\\/\\\/anyflip.com\\\/homepage\\\/cmiwl#About\",\"https:\\\/\\\/transfur.com\\\/Users\\\/iwellguard\",\"http:\\\/\\\/delphi.larsbo.org\\\/user\\\/iwellguard\",\"https:\\\/\\\/jobs.lajobsportal.org\\\/profiles\\\/8380803-iwell-guard\",\"https:\\\/\\\/md.chaosdorf.de\\\/s\\\/jfbe5SBdJD\",\"https:\\\/\\\/www.lingvolive.com\\\/en-us\\\/profile\\\/9ecaeaca-ce11-4e51-9e71-01d55e2bff36\\\/translations\",\"https:\\\/\\\/www.fitday.com\\\/fitness\\\/forums\\\/members\\\/iwellguard.html\",\"https:\\\/\\\/www.mymeetbook.com\\\/iwellguard\",\"https:\\\/\\\/pxhere.com\\\/en\\\/photographer-me\\\/5040798\",\"https:\\\/\\\/disqus.com\\\/by\\\/iwellguard\\\/about\\\/\",\"https:\\\/\\\/pastelink.net\\\/hjwciqwq\",\"https:\\\/\\\/pubhtml5.com\\\/homepage\\\/scjhn\\\/\",\"https:\\\/\\\/www.bitchute.com\\\/channel\\\/2O2eOKzNqujT\",\"https:\\\/\\\/audiomack.com\\\/iwellguard\"]}]}<\/script>\n<!-- \/ Yoast SEO Premium plugin. -->","yoast_head_json":{"title":"Gnosis \u2013 vitundarlei\u00f0 og Pleroma | iWell Guard","description":"Gnosis er tr\u00faarhreyfing fr\u00e1 s\u00ed\u00f0forn\u00f6ld sem byggist \u00e1 vitund, me\u00f0 Pleroma, \u00e6\u00f3num og dem\u00edurg. Mi\u00f0l\u00e6gar ritningar, S\u00f3f\u00edu-go\u00f0s\u00f6gn og strauma.","robots":{"index":"index","follow":"follow","max-snippet":"max-snippet:-1","max-image-preview":"max-image-preview:large","max-video-preview":"max-video-preview:-1"},"canonical":"https:\/\/iwell-guard.com\/is\/gnosis\/","og_locale":"is_IS","og_type":"article","og_title":"Gnosis","og_description":"Gnosis er tr\u00faarhreyfing fr\u00e1 s\u00ed\u00f0forn\u00f6ld sem byggist \u00e1 vitund, me\u00f0 Pleroma, \u00e6\u00f3num og dem\u00edurg. Mi\u00f0l\u00e6gar ritningar, S\u00f3f\u00edu-go\u00f0s\u00f6gn og strauma.","og_url":"https:\/\/iwell-guard.com\/is\/gnosis\/","og_site_name":"iWell Guard","article_modified_time":"2026-09-05T14:22:06+00:00","og_image":[{"width":1024,"height":1536,"url":"https:\/\/iwell-guard.com\/wp-content\/uploads\/2026\/05\/praktiken_gnosis.webp","type":"image\/webp"}],"twitter_card":"summary_large_image","schema":{"@context":"https:\/\/schema.org","@graph":[{"@type":"WebPage","@id":"https:\/\/iwell-guard.com\/is\/gnosis\/","url":"https:\/\/iwell-guard.com\/is\/gnosis\/","name":"Gnosis \u2013 vitundarlei\u00f0 og Pleroma | iWell Guard","isPartOf":{"@id":"https:\/\/iwell-guard.com\/is\/#website"},"primaryImageOfPage":{"@id":"https:\/\/iwell-guard.com\/is\/gnosis\/#primaryimage"},"image":{"@id":"https:\/\/iwell-guard.com\/is\/gnosis\/#primaryimage"},"thumbnailUrl":"https:\/\/iwell-guard.com\/wp-content\/uploads\/2026\/05\/praktiken_gnosis.webp","datePublished":"2026-09-05T14:03:49+00:00","dateModified":"2026-09-05T14:22:06+00:00","description":"Gnosis er tr\u00faarhreyfing fr\u00e1 s\u00ed\u00f0forn\u00f6ld sem byggist \u00e1 vitund, me\u00f0 Pleroma, \u00e6\u00f3num og dem\u00edurg. Mi\u00f0l\u00e6gar ritningar, S\u00f3f\u00edu-go\u00f0s\u00f6gn og strauma.","breadcrumb":{"@id":"https:\/\/iwell-guard.com\/is\/gnosis\/#breadcrumb"},"inLanguage":"is","potentialAction":[{"@type":"ReadAction","target":["https:\/\/iwell-guard.com\/is\/gnosis\/"]}]},{"@type":"ImageObject","inLanguage":"is","@id":"https:\/\/iwell-guard.com\/is\/gnosis\/#primaryimage","url":"https:\/\/iwell-guard.com\/wp-content\/uploads\/2026\/05\/praktiken_gnosis.webp","contentUrl":"https:\/\/iwell-guard.com\/wp-content\/uploads\/2026\/05\/praktiken_gnosis.webp","width":1024,"height":1536,"caption":"Ath\u00f6fn. S\u00f6guleg og myndr\u00e6n framsetning."},{"@type":"BreadcrumbList","@id":"https:\/\/iwell-guard.com\/is\/gnosis\/#breadcrumb","itemListElement":[{"@type":"ListItem","position":1,"name":"Start","item":"https:\/\/iwell-guard.com\/is\/?page_id=168580"},{"@type":"ListItem","position":2,"name":"Gnosis"}]},{"@type":"WebSite","@id":"https:\/\/iwell-guard.com\/is\/#website","url":"https:\/\/iwell-guard.com\/is\/","name":"iWell Guard","description":"Schutz vor dunklen Einfl\u00fcssen","publisher":{"@id":"https:\/\/iwell-guard.com\/is\/#organization"},"potentialAction":[{"@type":"SearchAction","target":{"@type":"EntryPoint","urlTemplate":"https:\/\/iwell-guard.com\/is\/?s={search_term_string}"},"query-input":{"@type":"PropertyValueSpecification","valueRequired":true,"valueName":"search_term_string"}}],"inLanguage":"is"},{"@type":"Organization","@id":"https:\/\/iwell-guard.com\/is\/#organization","name":"Ittermann electronic GmbH","url":"https:\/\/iwell-guard.com\/is\/","logo":{"@type":"ImageObject","inLanguage":"is","@id":"https:\/\/iwell-guard.com\/is\/#\/schema\/logo\/image\/","url":"https:\/\/iwell-guard.com\/wp-content\/uploads\/2026\/05\/Ittermann-Logo-1182x237-1.png","contentUrl":"https:\/\/iwell-guard.com\/wp-content\/uploads\/2026\/05\/Ittermann-Logo-1182x237-1.png","width":1182,"height":237,"caption":"Ittermann electronic GmbH"},"image":{"@id":"https:\/\/iwell-guard.com\/is\/#\/schema\/logo\/image\/"},"sameAs":["https:\/\/pantip.com\/profile\/9367242","https:\/\/micro.blog\/iwellguard","https:\/\/www.diggerslist.com\/iwellguard\/about","https:\/\/skitterphoto.com\/photographers\/2870314\/iwell-guard","https:\/\/iwellguard.wordpress.com\/2026\/06\/06\/iwell-guard\/","https:\/\/hub.docker.com\/u\/iwellguard","https:\/\/www.pinterest.com\/iwellguard\/","https:\/\/bit.ly\/m\/iwellguard","https:\/\/entre-vos-mains.alsace.eu\/profiles\/iwellguard\/activity","https:\/\/gravatar.com\/reallybeded8fd34","https:\/\/naijamatta.com\/iwellguard","https:\/\/www.goodreads.com\/iwellguard","https:\/\/profile.hatena.ne.jp\/iwellguard\/","https:\/\/experiment.com\/users\/iwellguard","https:\/\/wakelet.com\/@iWellGuard82270","https:\/\/www.chordie.com\/forum\/profile.php?id=2555664","https:\/\/www.instapaper.com\/p\/17757966","https:\/\/www.mapleprimes.com\/users\/iwellguard","https:\/\/businesslistingplus.com\/profile\/iwell-guard\/","https:\/\/telegra.ph\/iWell-Guard-06-06","https:\/\/pbase.com\/iwellguard\/iwellguard","https:\/\/b.hatena.ne.jp\/iwellguard\/20260607#bookmark-4788405196491818882","https:\/\/fliphtml5.com\/home\/iwellguard","https:\/\/anyflip.com\/homepage\/cmiwl#About","https:\/\/transfur.com\/Users\/iwellguard","http:\/\/delphi.larsbo.org\/user\/iwellguard","https:\/\/jobs.lajobsportal.org\/profiles\/8380803-iwell-guard","https:\/\/md.chaosdorf.de\/s\/jfbe5SBdJD","https:\/\/www.lingvolive.com\/en-us\/profile\/9ecaeaca-ce11-4e51-9e71-01d55e2bff36\/translations","https:\/\/www.fitday.com\/fitness\/forums\/members\/iwellguard.html","https:\/\/www.mymeetbook.com\/iwellguard","https:\/\/pxhere.com\/en\/photographer-me\/5040798","https:\/\/disqus.com\/by\/iwellguard\/about\/","https:\/\/pastelink.net\/hjwciqwq","https:\/\/pubhtml5.com\/homepage\/scjhn\/","https:\/\/www.bitchute.com\/channel\/2O2eOKzNqujT","https:\/\/audiomack.com\/iwellguard"]}]}},"_links":{"self":[{"href":"https:\/\/iwell-guard.com\/is\/wp-json\/wp\/v2\/pages\/168891","targetHints":{"allow":["GET"]}}],"collection":[{"href":"https:\/\/iwell-guard.com\/is\/wp-json\/wp\/v2\/pages"}],"about":[{"href":"https:\/\/iwell-guard.com\/is\/wp-json\/wp\/v2\/types\/page"}],"author":[{"embeddable":true,"href":"https:\/\/iwell-guard.com\/is\/wp-json\/wp\/v2\/users\/3"}],"replies":[{"embeddable":true,"href":"https:\/\/iwell-guard.com\/is\/wp-json\/wp\/v2\/comments?post=168891"}],"version-history":[{"count":0,"href":"https:\/\/iwell-guard.com\/is\/wp-json\/wp\/v2\/pages\/168891\/revisions"}],"wp:featuredmedia":[{"embeddable":true,"href":"https:\/\/iwell-guard.com\/is\/wp-json\/wp\/v2\/media\/3398"}],"wp:attachment":[{"href":"https:\/\/iwell-guard.com\/is\/wp-json\/wp\/v2\/media?parent=168891"}],"wp:term":[{"taxonomy":"category","embeddable":true,"href":"https:\/\/iwell-guard.com\/is\/wp-json\/wp\/v2\/categories?post=168891"}],"curies":[{"name":"wp","href":"https:\/\/api.w.org\/{rel}","templated":true}]}}