{"id":168889,"date":"2026-09-05T14:03:48","date_gmt":"2026-09-05T14:03:48","guid":{"rendered":"https:\/\/iwell-guard.com\/?page_id=168889"},"modified":"2026-09-05T14:22:02","modified_gmt":"2026-09-05T14:22:02","slug":"hexenhammer-malleus-maleficarum","status":"publish","type":"page","link":"https:\/\/iwell-guard.com\/is\/hexenhammer-malleus-maleficarum\/","title":{"rendered":"Hexenhammer (Malleus Maleficarum)"},"content":{"rendered":"\t\t<div data-elementor-type=\"wp-page\" data-elementor-id=\"168889\" class=\"elementor elementor-168889 elementor-2439 elementor-bc-flex-widget\" data-elementor-post-type=\"page\">\n\t\t\t\t<div class=\"elementor-element elementor-element-hero00749c9 e-flex e-con-boxed e-con e-parent\" data-id=\"hero00749c9\" data-element_type=\"container\" data-e-type=\"container\">\n\t\t\t\t\t<div class=\"e-con-inner\">\n\t\t\t\t<div class=\"elementor-element elementor-element-heroimg27cb4fc iwg-hero-image elementor-widget elementor-widget-image\" data-id=\"heroimg27cb4fc\" data-element_type=\"widget\" data-e-type=\"widget\" data-widget_type=\"image.default\">\n\t\t\t\t\t\t\t\t\t\t\t\t\t\t\t<img fetchpriority=\"high\" decoding=\"async\" width=\"683\" height=\"1024\" src=\"https:\/\/iwell-guard.com\/wp-content\/uploads\/2026\/05\/praktiken_hexenhammer-683x1024.webp\" class=\"attachment-large size-large wp-image-170639\" alt=\"Hexenhammer (Malleus Maleficarum) - myndskreyting af Hexenhammer-hef\u00f0 \u00ed s\u00f6gulegum, safnfr\u00e6\u00f0ilegum og heimildarlegum st\u00edl\" srcset=\"https:\/\/iwell-guard.com\/wp-content\/uploads\/2026\/05\/praktiken_hexenhammer-683x1024.webp 683w, https:\/\/iwell-guard.com\/wp-content\/uploads\/2026\/05\/praktiken_hexenhammer-200x300.webp 200w, https:\/\/iwell-guard.com\/wp-content\/uploads\/2026\/05\/praktiken_hexenhammer-768x1152.webp 768w, https:\/\/iwell-guard.com\/wp-content\/uploads\/2026\/05\/praktiken_hexenhammer.webp 1024w\" sizes=\"(max-width: 683px) 100vw, 683px\" \/>\t\t\t\t\t\t\t\t\t\t\t\t\t\t\t<\/div>\n\t\t\t\t\t<\/div>\n\t\t\t\t<\/div>\n\t\t\t\t<section class=\"elementor-section elementor-top-section elementor-element elementor-element-sec-cb26d28 elementor-section-boxed elementor-section-height-default elementor-section-height-default\" data-id=\"sec-cb26d28\" data-element_type=\"section\" data-e-type=\"section\" id=\"sec-cb26d28\">\n\t\t\t\t\t\t<div class=\"elementor-container elementor-column-gap-default\">\n\t\t\t\t\t<div class=\"elementor-column elementor-col-100 elementor-top-column elementor-element elementor-element-col-cb26d28\" data-id=\"col-cb26d28\" data-element_type=\"column\" data-e-type=\"column\" id=\"col-cb26d28\">\n\t\t\t<div class=\"elementor-widget-wrap elementor-element-populated\">\n\t\t\t\t\t\t<div class=\"elementor-element elementor-element-wh-cb26d28 elementor-widget elementor-widget-heading\" data-id=\"wh-cb26d28\" data-element_type=\"widget\" data-e-type=\"widget\" id=\"h1-cb26d28\" data-widget_type=\"heading.default\">\n\t\t\t\t\t<h1 class=\"elementor-heading-title elementor-size-default\">Hexenhammer (Malleus Maleficarum)<\/h1>\t\t\t\t<\/div>\n\t\t\t\t<div class=\"elementor-element elementor-element-we-cb26d28 elementor-widget elementor-widget-text-editor\" data-id=\"we-cb26d28\" data-element_type=\"widget\" data-e-type=\"widget\" id=\"ed-cb26d28-b\" data-widget_type=\"text-editor.default\">\n\t\t\t\t\t\t\t\t\t<p class=\"iwg-lead\"><strong>Nornab\u00edturinn<\/strong>, \u00e1 lat\u00ednu <em>Malleus Maleficarum<\/em>, er alr\u00e6mdasta handb\u00f3k evr\u00f3psku galdraofs\u00f3knanna. B\u00f3kin kom \u00fat 1486\/87 \u00ed Speyer, samin af d\u00f3min\u00edkanamunkinum Heinrich Kramer (lat\u00ednuv\u00e6tt Institoris), og m\u00f3ta\u00f0i \u00ed r\u00famar tv\u00e6r aldir <span class=\"iwg-fachbegriff\" data-tooltip=\"Fr\u00e6\u00f0ileg kenning um Gu\u00f0 og tr\u00fa innan tiltekinna tr\u00faarbrag\u00f0a.\" tabindex=\"0\">gu\u00f0fr\u00e6\u00f0i<\/span>, ranns\u00f3knara\u00f0fer\u00f0ir ranns\u00f3knarr\u00e9ttarins og veraldlega refsid\u00f3ma. S\u00e1 sem vill skilja dj\u00f6flafr\u00e6\u00f0i mi\u00f0alda og upphafs n\u00fdaldar kemst ekki hj\u00e1 \u00fev\u00ed a\u00f0 kynna s\u00e9r Malleus.<\/p>\n<h2 id=\"autorenschaft\">H\u00f6fundur og t\u00edmasetning<\/h2>\n<p>Heinrich Kramer var pr\u00edor d\u00f3min\u00edkanaklaustursins \u00ed Schlettstadt \u00ed Elsass og haf\u00f0i fr\u00e1 seint \u00e1 \u00e1ttunda \u00e1ratug 15. aldar starfa\u00f0 sem p\u00e1falegur ranns\u00f3knard\u00f3mari. Fyrstu galdram\u00e1l hans \u00ed Innsbruck \u00e1ri\u00f0 1485 endu\u00f0u \u00ed hneyksli: Georg Golser biskup svipti hann umbo\u00f0i s\u00ednu og v\u00edsa\u00f0i honum \u00far biskupsd\u00e6minu.<\/p><p>Kramer br\u00e1st vi\u00f0 me\u00f0 skrifum. \u00c1 grundvelli p\u00e1fabullunnar <em>Summis desiderantes affectibus<\/em> fr\u00e1 Inn\u00f3sent\u00edusi VIII. \u00e1ri\u00f0 1484 samdi hann Malleus sem v\u00f6rn fyrir a\u00f0fer\u00f0ir s\u00ednar og sem kennslub\u00f3k fyrir framt\u00ed\u00f0arr\u00e9ttarh\u00f6ld.<\/p>\n<p>Lengi var tali\u00f0 a\u00f0 Jakob Sprenger, einnig d\u00f3min\u00edkanamunkur, hef\u00f0i veri\u00f0 me\u00f0h\u00f6fundur; n\u00fdrri ranns\u00f3knir, einkum eftir Christopher Mackay og Wolfgang Behringer, s\u00fdna a\u00f0 \u00fe\u00e1tttaka Sprengers hafi veri\u00f0 hverfandi e\u00f0a jafnvel uppspuni. Kramer vir\u00f0ist hafa nota\u00f0 nafn Sprengers til a\u00f0 gefa til kynna fr\u00e6\u00f0ilegt v\u00e6gi.<\/p>\n<h2 id=\"aufbau\">Uppbygging \u00ed \u00feremur hlutum<\/h2>\n<p>Malleus skiptist \u00ed \u00ferj\u00e1 hluta. Fyrsti hlutinn f\u00e6rir gu\u00f0fr\u00e6\u00f0ileg r\u00f6k fyrir \u00fev\u00ed a\u00f0 galdrar s\u00e9u raunverulegir og b\u00e6\u00f0i leyf\u00f0ir af Gu\u00f0i og framkv\u00e6mdir af dj\u00f6flinum.<\/p><p>Annar hlutinn l\u00fdsir \u00ed sm\u00e1atri\u00f0um ath\u00f6fnum galdranorna: <span class=\"iwg-fachbegriff\" tabindex=\"0\" data-tooltip=\"\u00cd kristinni mi\u00f0aldahef\u00f0 formlegur samningur milli manns og dj\u00f6fuls, oft undirrita\u00f0ur me\u00f0 bl\u00f3\u00f0i.\">samningi<\/span> vi\u00f0 dj\u00f6fulinn, meinlegum g\u00f6ldrum, ve\u00f0urg\u00f6ldrum, samr\u00e6\u00f0i vi\u00f0 incubus og succubus, \u00e1starsambandi vi\u00f0 dj\u00f6fla, tj\u00f3ni \u00e1 b\u00faf\u00e9na\u00f0i og \u00f6krum. \u00deri\u00f0ji hlutinn er handb\u00f3k fyrir r\u00e9ttarh\u00f6ld: hvernig beri a\u00f0 leggja fram \u00e1k\u00e6ru, r\u00e9ttl\u00e6ta pyntingar, f\u00e1 fram j\u00e1tningar og hva\u00f0a varnarr\u00e1\u00f0 dugi.<\/p>\n<p>S\u00e9rstaklega \u00e1berandi er hin afdr\u00e1ttarlausa kvenfjandsamlega afsta\u00f0a. Kramer rekur galdra til \u00e6tla\u00f0s e\u00f0lis konunnar: veikari \u00ed tr\u00fa, n\u00e6mari fyrir holdlegri girnd, au\u00f0veldari br\u00e1\u00f0 dj\u00f6fulsins. \u00deessi r\u00f6ksemdaf\u00e6rsla stangast \u00e1 vi\u00f0 eldri hef\u00f0 sk\u00f3laspekinnar og er s\u00e9rst\u00f6k her\u00f0ing af h\u00e1lfu Kramers sem s\u00ed\u00f0ar haf\u00f0i \u00e1hrif \u00e1 galdram\u00e1l.<\/p>\n<h2 id=\"rezeption\">M\u00f3tt\u00f6kur og \u00e1hrif<\/h2>\n<p><span data-nosnippet>Malleus kom \u00fat \u00ed a\u00f0 minnsta kosti 28 \u00fatg\u00e1fum milli 1486 og 1669. H\u00fan var, \u00e1samt Bibl\u00edunni, ein mest prenta\u00f0a b\u00f3k Evr\u00f3pu. Engu a\u00f0 s\u00ed\u00f0ur ber a\u00f0 meta \u00e1hrif hennar \u00e1 s\u00f6gulega mismunandi h\u00e1tt: h\u00e1gu\u00f0fr\u00e6\u00f0i ka\u00fe\u00f3lsku Salamanca-sk\u00f3lans hafna\u00f0i henni, og sp\u00e6nski ranns\u00f3knarr\u00e9tturinn banna\u00f0i hana, \u00feversagnarkennt, sem \u00f3\u00e1rei\u00f0anlega.<\/span><\/p><p>\u00cd \u00fe\u00fdsku r\u00edkjunum, \u00ed Sviss og \u00ed Frakklandi \u00fej\u00f3na\u00f0i h\u00fan hins vegar sem meginkennslub\u00f3k fyrir galdrar\u00e9ttarnefndir, einkum \u00e1 t\u00edmum mestu galdraofs\u00f3knanna um 1590 og 1630.<\/p>\n<p>Malleus ber hluta \u00e1byrg\u00f0ar \u00e1 \u00fev\u00ed a\u00f0 a\u00f0fer\u00f0ir f\u00f3ru \u00far <span class=\"iwg-fachbegriff\" tabindex=\"0\" data-tooltip=\"Tilheyrir vi\u00f0urkenndum helgum ritningars\u00f6fnum; \u00f3kan\u00f3n\u00edskir textar teljast ap\u00f3kr\u00fdfir.\">kan\u00f3n\u00edskt<\/span>-lagalega bundnum r\u00e9ttarh\u00f6ldum yfir \u00ed taumlausar fj\u00f6ldaofs\u00f3knir. \u00c1\u00e6tla\u00f0 er a\u00f0 40.000 til 60.000 manns hafi veri\u00f0 teknir af l\u00edfi \u00ed Mi\u00f0-Evr\u00f3pu milli 1450 og 1750, \u00fear af um 75% konur.<\/p>\n<h2 id=\"kritik\">Fyrstu gagnr\u00fdnisraddir<\/h2>\n<p><span data-nosnippet>Fyrstu kerfisbundnu andsv\u00f6rin setti Johann Weyer fram \u00e1ri\u00f0 1563 \u00ed <em>De praestigiis daemonum<\/em>. Weyer vi\u00f0urkenndi tilvist dj\u00f6fulsins en t\u00falka\u00f0i \u00fe\u00f3 margar meintar galdranornir sem konur haldnar depur\u00f0, \u00fear sem j\u00e1tningar \u00feeirra v\u00e6ru ekki raunverulegur verkna\u00f0ur heldur sj\u00fakd\u00f3mseinkenni.<\/span><\/p><p><span data-nosnippet>Friedrich Spee von Langenfeld, jes\u00fa\u00edti og skriftafa\u00f0ir d\u00e6mdra galdranorna, gaf \u00e1ri\u00f0 1631 \u00fat <em>Cautio Criminalis<\/em>, miskunnarlaust uppgj\u00f6r vi\u00f0 pyntingara\u00f0fer\u00f0irnar. B\u00e6\u00f0i ritin l\u00f6g\u00f0u grunn a\u00f0 h\u00e6gfara afn\u00e1mi galdram\u00e1la, sem lauk 1782 me\u00f0 s\u00ed\u00f0ustu aft\u00f6kunni \u00ed Hinu heilaga r\u00f3mverska r\u00edki (Anna G\u00f6ldi \u00ed Glarus).<\/span><\/p>\n<h2 id=\"einschaetzung\">Mat n\u00fat\u00edmans<\/h2>\n<p>Fr\u00e1 tr\u00faarbrag\u00f0afr\u00e6\u00f0ilegu sj\u00f3narhorni er Malleus s\u00ed\u00f0ur heimild um raunverulega galdrai\u00f0kun en heldur skjal um sm\u00ed\u00f0i \u00f3vinamyndar.<\/p><p>Samnings-, sei\u00f0s- og kynl\u00edfsathafnirnar sem \u00fear er l\u00fdst finnast varla \u00ed sj\u00e1lfst\u00e6\u00f0um heimildum \u00feolenda; \u00fe\u00e6r endurspegla fremur gu\u00f0fr\u00e6\u00f0ilegar v\u00e6ntingar ranns\u00f3knard\u00f3maranna og j\u00e1tningar sem pyntingar kn\u00fa\u00f0u fram. \u00deeir sem vinna s\u00f6gulega me\u00f0h\u00f6ndla Malleus sem heimild um \u00edmyndunarafl ranns\u00f3knarr\u00e9ttarins, ekki sem heimild um raunverulega al\u00fe\u00fd\u00f0utr\u00fa.<\/p>\n<p>Samt\u00edmadulspekihreyfingar taka Malleus misjafnlega. Sumar n\u00fdhei\u00f0nar stefnur lesa hana sem vitnisbur\u00f0 um b\u00e6lda m\u00e6\u00f0raveldishef\u00f0, lestur sem sagnfr\u00e6\u00f0ilega stenst ekki.<\/p><p>A\u00f0rir nota hana sem neikv\u00e6\u00f0an bakgrunn til a\u00f0 skilgreina eigin i\u00f0kun gagnvart dj\u00f6flav\u00e6\u00f0andi sj\u00f3narhorni. \u00cd \u00f6llum tilvikum borgar sig a\u00f0 lesa hina gagnr\u00fdnu \u00fatg\u00e1fu beint, \u00fev\u00ed margar tilvitnanir sem henni eru eigna\u00f0ar koma aldrei fram \u00ed b\u00f3kinni sj\u00e1lfri.<\/p>\n<h2 id=\"quellen\">Heimildir<\/h2>\n<ul>\n<li><span data-nosnippet>Christopher S. Mackay (ritstj.): <em>The Hammer of Witches. A Complete Translation of the Malleus Maleficarum<\/em>, Cambridge UP 2009 (gagnr\u00fdnin \u00fatg\u00e1fa).<\/span><\/li>\n<li><span data-nosnippet>Wolfgang Behringer: <em>Hexen. Glaube, Verfolgung, Vermarktung<\/em>, M\u00fcnchen 2005.<\/span><\/li>\n<li><span data-nosnippet><span class=\"iwg-fachbegriff\" tabindex=\"0\" data-tooltip=\"Bandar\u00edskur tr\u00faarbrag\u00f0asagnfr\u00e6\u00f0ingur (f. 1934); fj\u00f6gurra binda ranns\u00f3kn um s\u00f6gu dj\u00f6fulsins (1977\u20131986).\">Jeffrey Burton Russell<\/span>: <em>Witchcraft in the Middle Ages<\/em>, Cornell UP 1972.<\/span><\/li>\n<li><span data-nosnippet>Friedrich Spee von Langenfeld: <em>Cautio Criminalis<\/em>, gagnr\u00fdnin \u00fatg\u00e1fa T\u00fcbingen 2000.<\/span><\/li>\n<li><span data-nosnippet>Johann Weyer: <em>De praestigiis daemonum<\/em>, \u00fe\u00fdsk \u00fatg\u00e1fa Berlin 1991.<\/span><\/li>\n<\/ul>\n\t\t\t\t\t\t\t\t<\/div>\n\t\t\t\t\t<\/div>\n\t\t<\/div>\n\t\t\t\t\t<\/div>\n\t\t<\/section>\n\t\t<div class=\"elementor-element elementor-element-iwgcb-hexenham-sec e-flex e-con-boxed e-con e-parent\" data-id=\"iwgcb-hexenham-sec\" data-element_type=\"container\" data-e-type=\"container\" id=\"iwg-cb-hexenhammer\">\n\t\t\t\t\t<div class=\"e-con-inner\">\n\t\t<div class=\"elementor-element elementor-element-iwgcb-hexenham-inner e-flex e-con-boxed e-con e-parent\" data-id=\"iwgcb-hexenham-inner\" data-element_type=\"container\" data-e-type=\"container\" data-settings=\"{&quot;background_background&quot;:&quot;classic&quot;}\">\n\t\t\t\t\t<div class=\"e-con-inner\">\n\t\t\t\t<div class=\"elementor-element elementor-element-iwgcb-hexenham-h elementor-widget elementor-widget-heading\" data-id=\"iwgcb-hexenham-h\" data-element_type=\"widget\" data-e-type=\"widget\" data-widget_type=\"heading.default\">\n\t\t\t\t\t<h2 class=\"elementor-heading-title elementor-size-default\">iWell Guard og verndarhef\u00f0ir<\/h2>\t\t\t\t<\/div>\n\t\t\t\t<div class=\"elementor-element elementor-element-iwgcb-hexenham-t elementor-widget elementor-widget-text-editor\" data-id=\"iwgcb-hexenham-t\" data-element_type=\"widget\" data-e-type=\"widget\" data-widget_type=\"text-editor.default\">\n\t\t\t\t\t\t\t\t\t<div data-nosnippet=\"true\"><p>\u00cd \u00f6llum \u00feeim menningarheimum sem hafa veri\u00f0 skr\u00e1\u00f0ir m\u00e1 finna verndargripi sem f\u00f3lk bar \u00e1 s\u00e9r, allt fr\u00e1 <a href=\"https:\/\/iwell-guard.com\/is\/?page_id=168584\">Pazuzu<\/a>-verndargripum \u00ed Mes\u00f3p\u00f3tam\u00edu til <a href=\"https:\/\/iwell-guard.com\/is\/?page_id=168899\">Hamsa<\/a> vi\u00f0 Mi\u00f0jar\u00f0arhafi\u00f0, <a href=\"https:\/\/iwell-guard.com\/is\/?page_id=168900\">Mezuzah<\/a> \u00e1 dyrast\u00f6fum j\u00fa\u00f0ad\u00f3ms og kristilegra verndarmedal\u00eda. iWell Guard s\u00e6kir \u00ed \u00feessa hef\u00f0 me\u00f0 n\u00fat\u00edmalegri efnis\u00fatf\u00e6rslu, framleiddur \u00ed \u00de\u00fdskalandi, 41 lag, alv\u00f6ru gull, plat\u00edna, silfur. 30 daga skilar\u00e9ttur.<\/p><\/div>\t\t\t\t\t\t\t\t<\/div>\n\t\t\t\t<div class=\"elementor-element elementor-element-iwgcb-hexenham-b iwg-cb-button iwg-cb-cta-2026-05-13 elementor-widget elementor-widget-jet-button\" data-id=\"iwgcb-hexenham-b\" data-element_type=\"widget\" data-e-type=\"widget\" data-widget_type=\"jet-button.default\">\n\t\t\t\t<div class=\"elementor-widget-container\">\n\t\t\t\t\t<div class=\"elementor-jet-button jet-elements\"><div class=\"jet-button__container\"><a class=\"jet-button__instance jet-button__instance--icon-left hover-effect-1\" href=\"\/ueber-iwell-guard\/?utm_source=iwell-guard.com&amp;utm_medium=info-box&amp;utm_campaign=hub-tradition\"><div class=\"jet-button__plane jet-button__plane-normal\"><\/div><div class=\"jet-button__plane jet-button__plane-hover\"><\/div><div class=\"jet-button__state jet-button__state-normal\"><span class=\"jet-button__label\">Meira um iWell Guard<\/span><\/div><div class=\"jet-button__state jet-button__state-hover\"><span class=\"jet-button__label\">Meira um iWell Guard<\/span><\/div><\/a><\/div><\/div><style>.elementor-element.elementor-element-iwgcb-hexenham-b .jet-button__instance{width:320px;height:56px;}.elementor-element.elementor-element-iwgcb-hexenham-b .jet-button__state-normal .jet-button__label{text-align:center;margin:0px 0px 0px 0px;color:#1a1b20;font-family:Montserrat,sans-serif;font-size:13px;font-weight:400;letter-spacing:4px;line-height:1.714em;text-transform:uppercase;}.elementor-element.elementor-element-iwgcb-hexenham-b .jet-button__state-hover .jet-button__label{text-align:center;margin:0px 0px 0px 0px;color:#FECC76;font-family:Montserrat,sans-serif;font-size:13px;font-weight:400;letter-spacing:4px;line-height:1.714em;text-transform:uppercase;}.elementor-element.elementor-element-iwgcb-hexenham-b .jet-button__plane-normal{background-color:#FECC76;border-style:solid;border-color:#C99540;border-width:2px 2px 2px 2px;}.elementor-element.elementor-element-iwgcb-hexenham-b .jet-button__plane-hover{background-color:rgba(0,0,0,0.55);border-style:solid;border-color:#FECC76;border-width:2px 2px 2px 2px;}<\/style>\t\t\t\t<\/div>\n\t\t\t\t<\/div>\n\t\t\t\t<div class=\"elementor-element elementor-element-iwgcb-hexenham-d elementor-widget elementor-widget-text-editor\" data-id=\"iwgcb-hexenham-d\" data-element_type=\"widget\" data-e-type=\"widget\" data-widget_type=\"text-editor.default\">\n\t\t\t\t\t\t\t\t\t<div data-nosnippet=\"true\"><p style=\"text-align:center;font-size:13px;opacity:0.7;margin-top:14px\" data-nosnippet=\"true\">Pers\u00f3nuleg reynsla getur veri\u00f0 mismunandi. Ekki l\u00e6kningat\u00e6ki. Engin lofor\u00f0 um l\u00e6kningu.<\/p><\/div>\t\t\t\t\t\t\t\t<\/div>\n\t\t\t\t\t<\/div>\n\t\t\t\t<\/div>\n\t\t\t\t\t<\/div>\n\t\t\t\t<\/div>\n\t\t\t\t<\/div>\n\t\t","protected":false},"excerpt":{"rendered":"","protected":false},"author":3,"featured_media":3399,"parent":0,"menu_order":0,"comment_status":"closed","ping_status":"closed","template":"elementor_header_footer","meta":{"_yoast_wpseo_focuskw":"Hexenhammer Malleus Maleficarum","_yoast_wpseo_title":"Hexenhammer (Malleus Maleficarum) 1486 | iWell Guard","_yoast_wpseo_metadesc":"Hexenhammer (1486) eftir Heinrich Kramer kerfisbindur galdraofs\u00f3knir. Uppbygging, \u00e1hrif og tr\u00faarfr\u00e6\u00f0ileg greining.","_yoast_wpseo_meta-robots-noindex":"","_yoast_wpseo_canonical":"","_angie_page":false,"gefaehrdungsstufe":"","wesen_kultur":"","wesen_klasse":"","footnotes":""},"categories":[],"class_list":["post-168889","page","type-page","status-publish","has-post-thumbnail","hentry"],"yoast_head":"<!-- This site is optimized with the Yoast SEO Premium plugin v27.7 (Yoast SEO v28.3) - https:\/\/yoast.com\/product\/yoast-seo-premium-wordpress\/ -->\n<title>Hexenhammer (Malleus Maleficarum) 1486 | iWell Guard<\/title>\n<meta name=\"description\" content=\"Hexenhammer (1486) eftir Heinrich Kramer kerfisbindur galdraofs\u00f3knir. Uppbygging, \u00e1hrif og tr\u00faarfr\u00e6\u00f0ileg greining.\" \/>\n<meta name=\"robots\" content=\"index, follow, max-snippet:-1, max-image-preview:large, max-video-preview:-1\" \/>\n<link rel=\"canonical\" href=\"https:\/\/iwell-guard.com\/is\/hexenhammer-malleus-maleficarum\/\" \/>\n<meta property=\"og:locale\" content=\"is_IS\" \/>\n<meta property=\"og:type\" content=\"article\" \/>\n<meta property=\"og:title\" content=\"Hexenhammer (Malleus Maleficarum)\" \/>\n<meta property=\"og:description\" content=\"Hexenhammer (1486) eftir Heinrich Kramer kerfisbindur galdraofs\u00f3knir. Uppbygging, \u00e1hrif og tr\u00faarfr\u00e6\u00f0ileg greining.\" \/>\n<meta property=\"og:url\" content=\"https:\/\/iwell-guard.com\/is\/hexenhammer-malleus-maleficarum\/\" \/>\n<meta property=\"og:site_name\" content=\"iWell Guard\" \/>\n<meta property=\"article:modified_time\" content=\"2026-09-05T14:22:02+00:00\" \/>\n<meta property=\"og:image\" content=\"https:\/\/iwell-guard.com\/wp-content\/uploads\/2026\/05\/praktiken_hexenhammer.webp\" \/>\n\t<meta property=\"og:image:width\" content=\"1024\" \/>\n\t<meta property=\"og:image:height\" content=\"1536\" \/>\n\t<meta property=\"og:image:type\" content=\"image\/webp\" \/>\n<meta name=\"twitter:card\" content=\"summary_large_image\" \/>\n<script type=\"application\/ld+json\" class=\"yoast-schema-graph\">{\"@context\":\"https:\\\/\\\/schema.org\",\"@graph\":[{\"@type\":\"WebPage\",\"@id\":\"https:\\\/\\\/iwell-guard.com\\\/is\\\/hexenhammer-malleus-maleficarum\\\/\",\"url\":\"https:\\\/\\\/iwell-guard.com\\\/is\\\/hexenhammer-malleus-maleficarum\\\/\",\"name\":\"Hexenhammer (Malleus Maleficarum) 1486 | iWell Guard\",\"isPartOf\":{\"@id\":\"https:\\\/\\\/iwell-guard.com\\\/is\\\/#website\"},\"primaryImageOfPage\":{\"@id\":\"https:\\\/\\\/iwell-guard.com\\\/is\\\/hexenhammer-malleus-maleficarum\\\/#primaryimage\"},\"image\":{\"@id\":\"https:\\\/\\\/iwell-guard.com\\\/is\\\/hexenhammer-malleus-maleficarum\\\/#primaryimage\"},\"thumbnailUrl\":\"https:\\\/\\\/iwell-guard.com\\\/wp-content\\\/uploads\\\/2026\\\/05\\\/praktiken_hexenhammer.webp\",\"datePublished\":\"2026-09-05T14:03:48+00:00\",\"dateModified\":\"2026-09-05T14:22:02+00:00\",\"description\":\"Hexenhammer (1486) eftir Heinrich Kramer kerfisbindur galdraofs\u00f3knir. Uppbygging, \u00e1hrif og tr\u00faarfr\u00e6\u00f0ileg greining.\",\"breadcrumb\":{\"@id\":\"https:\\\/\\\/iwell-guard.com\\\/is\\\/hexenhammer-malleus-maleficarum\\\/#breadcrumb\"},\"inLanguage\":\"is\",\"potentialAction\":[{\"@type\":\"ReadAction\",\"target\":[\"https:\\\/\\\/iwell-guard.com\\\/is\\\/hexenhammer-malleus-maleficarum\\\/\"]}]},{\"@type\":\"ImageObject\",\"inLanguage\":\"is\",\"@id\":\"https:\\\/\\\/iwell-guard.com\\\/is\\\/hexenhammer-malleus-maleficarum\\\/#primaryimage\",\"url\":\"https:\\\/\\\/iwell-guard.com\\\/wp-content\\\/uploads\\\/2026\\\/05\\\/praktiken_hexenhammer.webp\",\"contentUrl\":\"https:\\\/\\\/iwell-guard.com\\\/wp-content\\\/uploads\\\/2026\\\/05\\\/praktiken_hexenhammer.webp\",\"width\":1024,\"height\":1536,\"caption\":\"Ath\u00f6fn. S\u00f6guleg og myndr\u00e6n framsetning.\"},{\"@type\":\"BreadcrumbList\",\"@id\":\"https:\\\/\\\/iwell-guard.com\\\/is\\\/hexenhammer-malleus-maleficarum\\\/#breadcrumb\",\"itemListElement\":[{\"@type\":\"ListItem\",\"position\":1,\"name\":\"Start\",\"item\":\"https:\\\/\\\/iwell-guard.com\\\/is\\\/?page_id=168580\"},{\"@type\":\"ListItem\",\"position\":2,\"name\":\"Hexenhammer (Malleus Maleficarum)\"}]},{\"@type\":\"WebSite\",\"@id\":\"https:\\\/\\\/iwell-guard.com\\\/is\\\/#website\",\"url\":\"https:\\\/\\\/iwell-guard.com\\\/is\\\/\",\"name\":\"iWell Guard\",\"description\":\"Schutz vor dunklen Einfl\u00fcssen\",\"publisher\":{\"@id\":\"https:\\\/\\\/iwell-guard.com\\\/is\\\/#organization\"},\"potentialAction\":[{\"@type\":\"SearchAction\",\"target\":{\"@type\":\"EntryPoint\",\"urlTemplate\":\"https:\\\/\\\/iwell-guard.com\\\/is\\\/?s={search_term_string}\"},\"query-input\":{\"@type\":\"PropertyValueSpecification\",\"valueRequired\":true,\"valueName\":\"search_term_string\"}}],\"inLanguage\":\"is\"},{\"@type\":\"Organization\",\"@id\":\"https:\\\/\\\/iwell-guard.com\\\/is\\\/#organization\",\"name\":\"Ittermann electronic GmbH\",\"url\":\"https:\\\/\\\/iwell-guard.com\\\/is\\\/\",\"logo\":{\"@type\":\"ImageObject\",\"inLanguage\":\"is\",\"@id\":\"https:\\\/\\\/iwell-guard.com\\\/is\\\/#\\\/schema\\\/logo\\\/image\\\/\",\"url\":\"https:\\\/\\\/iwell-guard.com\\\/wp-content\\\/uploads\\\/2026\\\/05\\\/Ittermann-Logo-1182x237-1.png\",\"contentUrl\":\"https:\\\/\\\/iwell-guard.com\\\/wp-content\\\/uploads\\\/2026\\\/05\\\/Ittermann-Logo-1182x237-1.png\",\"width\":1182,\"height\":237,\"caption\":\"Ittermann electronic GmbH\"},\"image\":{\"@id\":\"https:\\\/\\\/iwell-guard.com\\\/is\\\/#\\\/schema\\\/logo\\\/image\\\/\"},\"sameAs\":[\"https:\\\/\\\/pantip.com\\\/profile\\\/9367242\",\"https:\\\/\\\/micro.blog\\\/iwellguard\",\"https:\\\/\\\/www.diggerslist.com\\\/iwellguard\\\/about\",\"https:\\\/\\\/skitterphoto.com\\\/photographers\\\/2870314\\\/iwell-guard\",\"https:\\\/\\\/iwellguard.wordpress.com\\\/2026\\\/06\\\/06\\\/iwell-guard\\\/\",\"https:\\\/\\\/hub.docker.com\\\/u\\\/iwellguard\",\"https:\\\/\\\/www.pinterest.com\\\/iwellguard\\\/\",\"https:\\\/\\\/bit.ly\\\/m\\\/iwellguard\",\"https:\\\/\\\/entre-vos-mains.alsace.eu\\\/profiles\\\/iwellguard\\\/activity\",\"https:\\\/\\\/gravatar.com\\\/reallybeded8fd34\",\"https:\\\/\\\/naijamatta.com\\\/iwellguard\",\"https:\\\/\\\/www.goodreads.com\\\/iwellguard\",\"https:\\\/\\\/profile.hatena.ne.jp\\\/iwellguard\\\/\",\"https:\\\/\\\/experiment.com\\\/users\\\/iwellguard\",\"https:\\\/\\\/wakelet.com\\\/@iWellGuard82270\",\"https:\\\/\\\/www.chordie.com\\\/forum\\\/profile.php?id=2555664\",\"https:\\\/\\\/www.instapaper.com\\\/p\\\/17757966\",\"https:\\\/\\\/www.mapleprimes.com\\\/users\\\/iwellguard\",\"https:\\\/\\\/businesslistingplus.com\\\/profile\\\/iwell-guard\\\/\",\"https:\\\/\\\/telegra.ph\\\/iWell-Guard-06-06\",\"https:\\\/\\\/pbase.com\\\/iwellguard\\\/iwellguard\",\"https:\\\/\\\/b.hatena.ne.jp\\\/iwellguard\\\/20260607#bookmark-4788405196491818882\",\"https:\\\/\\\/fliphtml5.com\\\/home\\\/iwellguard\",\"https:\\\/\\\/anyflip.com\\\/homepage\\\/cmiwl#About\",\"https:\\\/\\\/transfur.com\\\/Users\\\/iwellguard\",\"http:\\\/\\\/delphi.larsbo.org\\\/user\\\/iwellguard\",\"https:\\\/\\\/jobs.lajobsportal.org\\\/profiles\\\/8380803-iwell-guard\",\"https:\\\/\\\/md.chaosdorf.de\\\/s\\\/jfbe5SBdJD\",\"https:\\\/\\\/www.lingvolive.com\\\/en-us\\\/profile\\\/9ecaeaca-ce11-4e51-9e71-01d55e2bff36\\\/translations\",\"https:\\\/\\\/www.fitday.com\\\/fitness\\\/forums\\\/members\\\/iwellguard.html\",\"https:\\\/\\\/www.mymeetbook.com\\\/iwellguard\",\"https:\\\/\\\/pxhere.com\\\/en\\\/photographer-me\\\/5040798\",\"https:\\\/\\\/disqus.com\\\/by\\\/iwellguard\\\/about\\\/\",\"https:\\\/\\\/pastelink.net\\\/hjwciqwq\",\"https:\\\/\\\/pubhtml5.com\\\/homepage\\\/scjhn\\\/\",\"https:\\\/\\\/www.bitchute.com\\\/channel\\\/2O2eOKzNqujT\",\"https:\\\/\\\/audiomack.com\\\/iwellguard\"]}]}<\/script>\n<!-- \/ Yoast SEO Premium plugin. -->","yoast_head_json":{"title":"Hexenhammer (Malleus Maleficarum) 1486 | iWell Guard","description":"Hexenhammer (1486) eftir Heinrich Kramer kerfisbindur galdraofs\u00f3knir. Uppbygging, \u00e1hrif og tr\u00faarfr\u00e6\u00f0ileg greining.","robots":{"index":"index","follow":"follow","max-snippet":"max-snippet:-1","max-image-preview":"max-image-preview:large","max-video-preview":"max-video-preview:-1"},"canonical":"https:\/\/iwell-guard.com\/is\/hexenhammer-malleus-maleficarum\/","og_locale":"is_IS","og_type":"article","og_title":"Hexenhammer (Malleus Maleficarum)","og_description":"Hexenhammer (1486) eftir Heinrich Kramer kerfisbindur galdraofs\u00f3knir. Uppbygging, \u00e1hrif og tr\u00faarfr\u00e6\u00f0ileg greining.","og_url":"https:\/\/iwell-guard.com\/is\/hexenhammer-malleus-maleficarum\/","og_site_name":"iWell Guard","article_modified_time":"2026-09-05T14:22:02+00:00","og_image":[{"width":1024,"height":1536,"url":"https:\/\/iwell-guard.com\/wp-content\/uploads\/2026\/05\/praktiken_hexenhammer.webp","type":"image\/webp"}],"twitter_card":"summary_large_image","schema":{"@context":"https:\/\/schema.org","@graph":[{"@type":"WebPage","@id":"https:\/\/iwell-guard.com\/is\/hexenhammer-malleus-maleficarum\/","url":"https:\/\/iwell-guard.com\/is\/hexenhammer-malleus-maleficarum\/","name":"Hexenhammer (Malleus Maleficarum) 1486 | iWell Guard","isPartOf":{"@id":"https:\/\/iwell-guard.com\/is\/#website"},"primaryImageOfPage":{"@id":"https:\/\/iwell-guard.com\/is\/hexenhammer-malleus-maleficarum\/#primaryimage"},"image":{"@id":"https:\/\/iwell-guard.com\/is\/hexenhammer-malleus-maleficarum\/#primaryimage"},"thumbnailUrl":"https:\/\/iwell-guard.com\/wp-content\/uploads\/2026\/05\/praktiken_hexenhammer.webp","datePublished":"2026-09-05T14:03:48+00:00","dateModified":"2026-09-05T14:22:02+00:00","description":"Hexenhammer (1486) eftir Heinrich Kramer kerfisbindur galdraofs\u00f3knir. Uppbygging, \u00e1hrif og tr\u00faarfr\u00e6\u00f0ileg greining.","breadcrumb":{"@id":"https:\/\/iwell-guard.com\/is\/hexenhammer-malleus-maleficarum\/#breadcrumb"},"inLanguage":"is","potentialAction":[{"@type":"ReadAction","target":["https:\/\/iwell-guard.com\/is\/hexenhammer-malleus-maleficarum\/"]}]},{"@type":"ImageObject","inLanguage":"is","@id":"https:\/\/iwell-guard.com\/is\/hexenhammer-malleus-maleficarum\/#primaryimage","url":"https:\/\/iwell-guard.com\/wp-content\/uploads\/2026\/05\/praktiken_hexenhammer.webp","contentUrl":"https:\/\/iwell-guard.com\/wp-content\/uploads\/2026\/05\/praktiken_hexenhammer.webp","width":1024,"height":1536,"caption":"Ath\u00f6fn. S\u00f6guleg og myndr\u00e6n framsetning."},{"@type":"BreadcrumbList","@id":"https:\/\/iwell-guard.com\/is\/hexenhammer-malleus-maleficarum\/#breadcrumb","itemListElement":[{"@type":"ListItem","position":1,"name":"Start","item":"https:\/\/iwell-guard.com\/is\/?page_id=168580"},{"@type":"ListItem","position":2,"name":"Hexenhammer (Malleus Maleficarum)"}]},{"@type":"WebSite","@id":"https:\/\/iwell-guard.com\/is\/#website","url":"https:\/\/iwell-guard.com\/is\/","name":"iWell Guard","description":"Schutz vor dunklen Einfl\u00fcssen","publisher":{"@id":"https:\/\/iwell-guard.com\/is\/#organization"},"potentialAction":[{"@type":"SearchAction","target":{"@type":"EntryPoint","urlTemplate":"https:\/\/iwell-guard.com\/is\/?s={search_term_string}"},"query-input":{"@type":"PropertyValueSpecification","valueRequired":true,"valueName":"search_term_string"}}],"inLanguage":"is"},{"@type":"Organization","@id":"https:\/\/iwell-guard.com\/is\/#organization","name":"Ittermann electronic GmbH","url":"https:\/\/iwell-guard.com\/is\/","logo":{"@type":"ImageObject","inLanguage":"is","@id":"https:\/\/iwell-guard.com\/is\/#\/schema\/logo\/image\/","url":"https:\/\/iwell-guard.com\/wp-content\/uploads\/2026\/05\/Ittermann-Logo-1182x237-1.png","contentUrl":"https:\/\/iwell-guard.com\/wp-content\/uploads\/2026\/05\/Ittermann-Logo-1182x237-1.png","width":1182,"height":237,"caption":"Ittermann electronic GmbH"},"image":{"@id":"https:\/\/iwell-guard.com\/is\/#\/schema\/logo\/image\/"},"sameAs":["https:\/\/pantip.com\/profile\/9367242","https:\/\/micro.blog\/iwellguard","https:\/\/www.diggerslist.com\/iwellguard\/about","https:\/\/skitterphoto.com\/photographers\/2870314\/iwell-guard","https:\/\/iwellguard.wordpress.com\/2026\/06\/06\/iwell-guard\/","https:\/\/hub.docker.com\/u\/iwellguard","https:\/\/www.pinterest.com\/iwellguard\/","https:\/\/bit.ly\/m\/iwellguard","https:\/\/entre-vos-mains.alsace.eu\/profiles\/iwellguard\/activity","https:\/\/gravatar.com\/reallybeded8fd34","https:\/\/naijamatta.com\/iwellguard","https:\/\/www.goodreads.com\/iwellguard","https:\/\/profile.hatena.ne.jp\/iwellguard\/","https:\/\/experiment.com\/users\/iwellguard","https:\/\/wakelet.com\/@iWellGuard82270","https:\/\/www.chordie.com\/forum\/profile.php?id=2555664","https:\/\/www.instapaper.com\/p\/17757966","https:\/\/www.mapleprimes.com\/users\/iwellguard","https:\/\/businesslistingplus.com\/profile\/iwell-guard\/","https:\/\/telegra.ph\/iWell-Guard-06-06","https:\/\/pbase.com\/iwellguard\/iwellguard","https:\/\/b.hatena.ne.jp\/iwellguard\/20260607#bookmark-4788405196491818882","https:\/\/fliphtml5.com\/home\/iwellguard","https:\/\/anyflip.com\/homepage\/cmiwl#About","https:\/\/transfur.com\/Users\/iwellguard","http:\/\/delphi.larsbo.org\/user\/iwellguard","https:\/\/jobs.lajobsportal.org\/profiles\/8380803-iwell-guard","https:\/\/md.chaosdorf.de\/s\/jfbe5SBdJD","https:\/\/www.lingvolive.com\/en-us\/profile\/9ecaeaca-ce11-4e51-9e71-01d55e2bff36\/translations","https:\/\/www.fitday.com\/fitness\/forums\/members\/iwellguard.html","https:\/\/www.mymeetbook.com\/iwellguard","https:\/\/pxhere.com\/en\/photographer-me\/5040798","https:\/\/disqus.com\/by\/iwellguard\/about\/","https:\/\/pastelink.net\/hjwciqwq","https:\/\/pubhtml5.com\/homepage\/scjhn\/","https:\/\/www.bitchute.com\/channel\/2O2eOKzNqujT","https:\/\/audiomack.com\/iwellguard"]}]}},"_links":{"self":[{"href":"https:\/\/iwell-guard.com\/is\/wp-json\/wp\/v2\/pages\/168889","targetHints":{"allow":["GET"]}}],"collection":[{"href":"https:\/\/iwell-guard.com\/is\/wp-json\/wp\/v2\/pages"}],"about":[{"href":"https:\/\/iwell-guard.com\/is\/wp-json\/wp\/v2\/types\/page"}],"author":[{"embeddable":true,"href":"https:\/\/iwell-guard.com\/is\/wp-json\/wp\/v2\/users\/3"}],"replies":[{"embeddable":true,"href":"https:\/\/iwell-guard.com\/is\/wp-json\/wp\/v2\/comments?post=168889"}],"version-history":[{"count":0,"href":"https:\/\/iwell-guard.com\/is\/wp-json\/wp\/v2\/pages\/168889\/revisions"}],"wp:featuredmedia":[{"embeddable":true,"href":"https:\/\/iwell-guard.com\/is\/wp-json\/wp\/v2\/media\/3399"}],"wp:attachment":[{"href":"https:\/\/iwell-guard.com\/is\/wp-json\/wp\/v2\/media?parent=168889"}],"wp:term":[{"taxonomy":"category","embeddable":true,"href":"https:\/\/iwell-guard.com\/is\/wp-json\/wp\/v2\/categories?post=168889"}],"curies":[{"name":"wp","href":"https:\/\/api.w.org\/{rel}","templated":true}]}}