{"id":168883,"date":"2026-09-05T14:03:45","date_gmt":"2026-09-05T14:03:45","guid":{"rendered":"https:\/\/iwell-guard.com\/?page_id=168883"},"modified":"2026-09-05T14:21:53","modified_gmt":"2026-09-05T14:21:53","slug":"bael","status":"publish","type":"page","link":"https:\/\/iwell-guard.com\/is\/bael\/","title":{"rendered":"Bael"},"content":{"rendered":"\t\t<div data-elementor-type=\"wp-page\" data-elementor-id=\"168883\" class=\"elementor elementor-168883 elementor-2256 elementor-bc-flex-widget\" data-elementor-post-type=\"page\">\n\t\t\t\t<div class=\"elementor-element elementor-element-10fdade e-flex e-con-boxed e-con e-parent\" data-id=\"10fdade\" data-element_type=\"container\" data-e-type=\"container\" data-settings=\"{&quot;background_background&quot;:&quot;classic&quot;}\">\n\t\t\t\t\t<div class=\"e-con-inner\">\n\t\t<div class=\"elementor-element elementor-element-herohlft0 e-flex e-con-boxed e-con e-child\" data-id=\"herohlft0\" data-element_type=\"container\" data-e-type=\"container\">\n\t\t\t\t\t<div class=\"e-con-inner\">\n\t\t<div class=\"elementor-element elementor-element-c3ceb64 e-con-full e-flex e-con e-child\" data-id=\"c3ceb64\" data-element_type=\"container\" data-e-type=\"container\">\n\t\t\t\t<div class=\"elementor-element elementor-element-96ae5e1 elementor-widget elementor-widget-heading\" data-id=\"96ae5e1\" data-element_type=\"widget\" data-e-type=\"widget\" data-widget_type=\"heading.default\">\n\t\t\t\t\t<h1 class=\"elementor-heading-title elementor-size-default\">Bael, fyrsti konungur Goetiu<\/h1>\t\t\t\t<\/div>\n\t\t\t\t<div class=\"elementor-element elementor-element-e45238a elementor-widget elementor-widget-text-editor\" data-id=\"e45238a\" data-element_type=\"widget\" data-e-type=\"widget\" data-widget_type=\"text-editor.default\">\n\t\t\t\t\t\t\t\t\t<p><strong>Bael er fyrstur<\/strong> af sj\u00f6t\u00edu og tveimur \u00f6ndum Ars Goetia, b\u00f3kar \u00far Lemegeton sem ver\u00f0ur s\u00f6gulega sta\u00f0fest \u00e1 17. \u00f6ld og var endur\u00fe\u00fddd \u00e1 19. \u00f6ld af S. L. MacGregor Mathers.<\/p><p>Innan hinnar dj\u00f6fullegu stigveldis stendur Bael sem konungur \u00ed efsta s\u00e6ti skr\u00e1rins og stj\u00f3rnar sext\u00edu og sex hersveitum. Nafn hans v\u00edsar til hins sem\u00edt\u00edska gu\u00f0s Baals, fyrrum \u00e6\u00f0sta gu\u00f0s \u00e1 s\u00fdrlensk-kanaan\u00edsku sv\u00e6\u00f0inu, sem kristin dj\u00f6flafr\u00e6\u00f0i f\u00e6r\u00f0i ni\u00f0ur \u00ed skr\u00e1 hinna fallnu anda. Bael telst, sem fyrsti konungur, me\u00f0al \u00feeirra vera sem hef\u00f0in nefnir 72 Goetia-anda.<\/p>\t\t\t\t\t\t\t\t<\/div>\n\t\t\t\t<\/div>\n\t\t<div class=\"elementor-element elementor-element-klsbdg01 e-con-full e-flex e-con e-parent\" data-id=\"klsbdg01\" data-element_type=\"container\" data-e-type=\"container\">\n\t\t\t\t<div class=\"elementor-element elementor-element-klshtm01 elementor-widget elementor-widget-html\" data-id=\"klshtm01\" data-element_type=\"widget\" data-e-type=\"widget\" data-widget_type=\"html.default\">\n\t\t\t\t\t<div class=\"iwg-pill-row\"><span class=\"iwg-klasse-badge\" tabindex=\"0\" data-tooltip=\"Daemon: Uebernatuerliches, meist schaedigendes Wesen zwischen Goettern und Menschen.\">Dj\u00f6full<\/span><a href=\"https:\/\/iwell-guard.com\/is\/?page_id=168612\" class=\"iwg-kultur-badge\" tabindex=\"0\" data-tooltip=\"Christliche Tradition seit dem 1. Jh. n. Chr.\">Kristni<\/a><\/div>\t\t\t\t<\/div>\n\t\t\t\t<\/div>\n\t\t<div class=\"elementor-element elementor-element-3f74855 e-con-full e-flex e-con e-child\" data-id=\"3f74855\" data-element_type=\"container\" data-e-type=\"container\">\n\t\t\t\t<div class=\"elementor-element elementor-element-1c30362 elementor-toc--minimized-on-tablet elementor-widget elementor-widget-table-of-contents\" data-id=\"1c30362\" data-element_type=\"widget\" data-e-type=\"widget\" data-settings=\"{&quot;exclude_headings_by_selector&quot;:[],&quot;no_headings_message&quot;:&quot;Engar undirfyrirsagnir fundust \\u00e1 \\u00feessari s\\u00ed\\u00f0u.&quot;,&quot;headings_by_tags&quot;:[&quot;h2&quot;,&quot;h3&quot;],&quot;marker_view&quot;:&quot;bullets&quot;,&quot;minimize_box&quot;:&quot;yes&quot;,&quot;icon&quot;:{&quot;value&quot;:&quot;fas fa-circle&quot;,&quot;library&quot;:&quot;fa-solid&quot;,&quot;rendered_tag&quot;:&quot;&lt;svg class=\\&quot;e-font-icon-svg e-fas-circle\\&quot; viewBox=\\&quot;0 0 512 512\\&quot; xmlns=\\&quot;http:\\\/\\\/www.w3.org\\\/2000\\\/svg\\&quot;&gt;&lt;path d=\\&quot;M256 8C119 8 8 119 8 256s111 248 248 248 248-111 248-248S393 8 256 8z\\&quot;&gt;&lt;\\\/path&gt;&lt;\\\/svg&gt;&quot;},&quot;minimized_on&quot;:&quot;tablet&quot;,&quot;hierarchical_view&quot;:&quot;yes&quot;,&quot;min_height&quot;:{&quot;unit&quot;:&quot;px&quot;,&quot;size&quot;:&quot;&quot;,&quot;sizes&quot;:[]},&quot;min_height_tablet&quot;:{&quot;unit&quot;:&quot;px&quot;,&quot;size&quot;:&quot;&quot;,&quot;sizes&quot;:[]},&quot;min_height_mobile&quot;:{&quot;unit&quot;:&quot;px&quot;,&quot;size&quot;:&quot;&quot;,&quot;sizes&quot;:[]}}\" data-widget_type=\"table-of-contents.default\">\n\t\t\t\t\t\t\t\t\t<div class=\"elementor-toc__header\">\n\t\t\t\t\t\t<h2 class=\"elementor-toc__header-title\">\n\t\t\t\tEfnisyfirlit\t\t\t<\/h2>\n\t\t\t\t\t\t\t\t\t\t<div class=\"elementor-toc__toggle-button elementor-toc__toggle-button--expand\" role=\"button\" tabindex=\"0\" aria-controls=\"elementor-toc__1c30362\" aria-expanded=\"true\" aria-label=\"Open table of contents\"><svg aria-hidden=\"true\" class=\"e-font-icon-svg e-fas-chevron-down\" viewBox=\"0 0 448 512\" xmlns=\"http:\/\/www.w3.org\/2000\/svg\"><path d=\"M207.029 381.476L12.686 187.132c-9.373-9.373-9.373-24.569 0-33.941l22.667-22.667c9.357-9.357 24.522-9.375 33.901-.04L224 284.505l154.745-154.021c9.379-9.335 24.544-9.317 33.901.04l22.667 22.667c9.373 9.373 9.373 24.569 0 33.941L240.971 381.476c-9.373 9.372-24.569 9.372-33.942 0z\"><\/path><\/svg><\/div>\n\t\t\t\t<div class=\"elementor-toc__toggle-button elementor-toc__toggle-button--collapse\" role=\"button\" tabindex=\"0\" aria-controls=\"elementor-toc__1c30362\" aria-expanded=\"true\" aria-label=\"Close table of contents\"><svg aria-hidden=\"true\" class=\"e-font-icon-svg e-fas-chevron-up\" viewBox=\"0 0 448 512\" xmlns=\"http:\/\/www.w3.org\/2000\/svg\"><path d=\"M240.971 130.524l194.343 194.343c9.373 9.373 9.373 24.569 0 33.941l-22.667 22.667c-9.357 9.357-24.522 9.375-33.901.04L224 227.495 69.255 381.516c-9.379 9.335-24.544 9.317-33.901-.04l-22.667-22.667c-9.373-9.373-9.373-24.569 0-33.941L207.03 130.525c9.372-9.373 24.568-9.373 33.941-.001z\"><\/path><\/svg><\/div>\n\t\t\t\t\t<\/div>\n\t\t\t\t<div id=\"elementor-toc__1c30362\" class=\"elementor-toc__body\">\n\t\t\t<div class=\"elementor-toc__spinner-container\">\n\t\t\t\t<svg class=\"elementor-toc__spinner eicon-animation-spin e-font-icon-svg e-eicon-loading\" aria-hidden=\"true\" viewBox=\"0 0 1000 1000\" xmlns=\"http:\/\/www.w3.org\/2000\/svg\"><path d=\"M500 975V858C696 858 858 696 858 500S696 142 500 142 142 304 142 500H25C25 237 238 25 500 25S975 237 975 500 763 975 500 975Z\"><\/path><\/svg>\t\t\t<\/div>\n\t\t<\/div>\n\t\t\t\t\t\t<\/div>\n\t\t\t\t<\/div>\n\t\t\t\t\t<\/div>\n\t\t\t\t<\/div>\n\t\t<div class=\"elementor-element elementor-element-herorght0 e-con-full e-flex e-con e-child\" data-id=\"herorght0\" data-element_type=\"container\" data-e-type=\"container\">\n\t\t\t\t<div class=\"elementor-element elementor-element-heroimg00 iwg-hero-image elementor-widget elementor-widget-image\" data-id=\"heroimg00\" data-element_type=\"widget\" data-e-type=\"widget\" data-widget_type=\"image.default\">\n\t\t\t\t\t\t\t\t\t\t\t\t\t\t\t<img fetchpriority=\"high\" decoding=\"async\" width=\"683\" height=\"1024\" src=\"https:\/\/iwell-guard.com\/wp-content\/uploads\/2026\/05\/daemonen_christentum_bael-683x1024.webp\" class=\"attachment-large size-large wp-image-170877\" alt=\"Bael, dj\u00f6full \u00far hinni kristnu-hokkult\u00edsku goetia-hef\u00f0\" srcset=\"https:\/\/iwell-guard.com\/wp-content\/uploads\/2026\/05\/daemonen_christentum_bael-683x1024.webp 683w, https:\/\/iwell-guard.com\/wp-content\/uploads\/2026\/05\/daemonen_christentum_bael-200x300.webp 200w, https:\/\/iwell-guard.com\/wp-content\/uploads\/2026\/05\/daemonen_christentum_bael-768x1152.webp 768w, https:\/\/iwell-guard.com\/wp-content\/uploads\/2026\/05\/daemonen_christentum_bael.webp 1024w\" sizes=\"(max-width: 683px) 100vw, 683px\" \/>\t\t\t\t\t\t\t\t\t\t\t\t\t\t\t<\/div>\n\t\t\t\t<\/div>\n\t\t\t\t\t<\/div>\n\t\t\t\t<\/div>\n\t\t<div class=\"elementor-element elementor-element-32917199 e-flex e-con-boxed e-con e-parent\" data-id=\"32917199\" data-element_type=\"container\" data-e-type=\"container\">\n\t\t\t\t\t<div class=\"e-con-inner\">\n\t\t<div class=\"elementor-element elementor-element-26e916cb e-flex e-con-boxed e-con e-child\" data-id=\"26e916cb\" data-element_type=\"container\" data-e-type=\"container\">\n\t\t\t\t\t<div class=\"e-con-inner\">\n\t\t<div class=\"elementor-element elementor-element-253a40d4 e-flex e-con-boxed e-con e-child\" data-id=\"253a40d4\" data-element_type=\"container\" data-e-type=\"container\">\n\t\t\t\t\t<div class=\"e-con-inner\">\n\t\t\t\t<div class=\"elementor-element elementor-element-1200c304 elementor-widget elementor-widget-heading\" data-id=\"1200c304\" data-element_type=\"widget\" data-e-type=\"widget\" data-widget_type=\"heading.default\">\n\t\t\t\t\t<h2 class=\"elementor-heading-title elementor-size-default\">Bael<\/h2>\t\t\t\t<\/div>\n\t\t\t\t<div class=\"elementor-element elementor-element-11758e7f elementor-widget elementor-widget-text-editor\" data-id=\"11758e7f\" data-element_type=\"widget\" data-e-type=\"widget\" data-widget_type=\"text-editor.default\">\n\t\t\t\t\t\t\t\t\t<p><strong>Bael er fyrstur<\/strong> af sj\u00f6t\u00edu og tveimur \u00f6ndum Ars Goetia, b\u00f3kar \u00far Lemegeton sem ver\u00f0ur s\u00f6gulega sta\u00f0fest \u00e1 17. \u00f6ld og var endur\u00fe\u00fddd \u00e1 19. \u00f6ld af S. L. MacGregor Mathers.<\/p><p>Innan hinnar dj\u00f6fullegu stigveldis stendur Bael sem konungur \u00ed efsta s\u00e6ti skr\u00e1rins og stj\u00f3rnar sext\u00edu og sex hersveitum. Nafn hans v\u00edsar til hins sem\u00edt\u00edska gu\u00f0s Baals, fyrrum \u00e6\u00f0sta gu\u00f0s \u00e1 s\u00fdrlensk-kanaan\u00edsku sv\u00e6\u00f0inu, sem kristin dj\u00f6flafr\u00e6\u00f0i f\u00e6r\u00f0i ni\u00f0ur \u00ed skr\u00e1 hinna fallnu anda.<\/p>\t\t\t\t\t\t\t\t<\/div>\n\t\t\t\t\t<\/div>\n\t\t\t\t<\/div>\n\t\t<div class=\"elementor-element elementor-element-159dcf9a e-flex e-con-boxed e-con e-child\" data-id=\"159dcf9a\" data-element_type=\"container\" data-e-type=\"container\">\n\t\t\t\t\t<div class=\"e-con-inner\">\n\t\t\t\t<div class=\"elementor-element elementor-element-48cee66f elementor-widget elementor-widget-heading\" data-id=\"48cee66f\" data-element_type=\"widget\" data-e-type=\"widget\" data-widget_type=\"heading.default\">\n\t\t\t\t\t<h2 class=\"elementor-heading-title elementor-size-default\">Skj\u00f3tt yfirlit: Bael<\/h2>\t\t\t\t<\/div>\n\t\t\t\t<div class=\"elementor-element elementor-element-3f50d82c elementor-widget elementor-widget-text-editor\" data-id=\"3f50d82c\" data-element_type=\"widget\" data-e-type=\"widget\" data-widget_type=\"text-editor.default\">\n\t\t\t\t\t\t\t\t\t<p><span data-nosnippet><strong>Tegund:<\/strong> <span class=\"iwg-fachbegriff\" data-tooltip=\"Geistiges Wesen, dem sch\u00e4dliche oder zwiesp\u00e4ltige Wirkung zugeschrieben wird.\" tabindex=\"0\">Dj\u00f6full<\/span>, konungur Ars Goetiu<br><strong>Uppruni:<\/strong> Vestursem\u00edt\u00edskt sv\u00e6\u00f0i, dregi\u00f0 af gu\u00f0snafninu Baal<br><strong>Sta\u00f0a:<\/strong> Fyrstur af 72 \u00f6ndum, konungur yfir 66 hersveitum<br><strong>Heimildir:<\/strong> Pseudomonarchia Daemonum (1577), Ars Goetia, Dictionnaire infernal<br><strong>Tengt:<\/strong> Beelseb\u00fab, Paimon, Bel\u00edal, Asmoda\u00ed<\/span><\/p>\t\t\t\t\t\t\t\t<\/div>\n\t\t\t\t\t<\/div>\n\t\t\t\t<\/div>\n\t\t\t\t\t<\/div>\n\t\t\t\t<\/div>\n\t\t\t\t\t<\/div>\n\t\t\t\t<\/div>\n\t\t<div class=\"elementor-element elementor-element-18613602 e-flex e-con-boxed e-con e-parent\" data-id=\"18613602\" data-element_type=\"container\" data-e-type=\"container\">\n\t\t\t\t\t<div class=\"e-con-inner\">\n\t\t\t\t<div class=\"elementor-element elementor-element-262b8a9f elementor-widget elementor-widget-heading\" data-id=\"262b8a9f\" data-element_type=\"widget\" data-e-type=\"widget\" data-widget_type=\"heading.default\">\n\t\t\t\t\t<h2 class=\"elementor-heading-title elementor-size-default\">Yfirlit<\/h2>\t\t\t\t<\/div>\n\t\t<div class=\"elementor-element elementor-element-46dcb7d e-con-full e-flex e-con e-child\" data-id=\"46dcb7d\" data-element_type=\"container\" data-e-type=\"container\">\n\t\t<div class=\"elementor-element elementor-element-61d3ab3 e-flex e-con-boxed e-con e-child\" data-id=\"61d3ab3\" data-element_type=\"container\" data-e-type=\"container\">\n\t\t\t\t\t<div class=\"e-con-inner\">\n\t\t\t\t<div class=\"elementor-element elementor-element-117c166 elementor-widget elementor-widget-heading\" data-id=\"117c166\" data-element_type=\"widget\" data-e-type=\"widget\" data-widget_type=\"heading.default\">\n\t\t\t\t\t<div class=\"elementor-heading-title elementor-size-default\">T\u00edmabil textanna<\/div>\t\t\t\t<\/div>\n\t\t\t\t<div class=\"elementor-element elementor-element-73997a0 elementor-widget elementor-widget-text-editor\" data-id=\"73997a0\" data-element_type=\"widget\" data-e-type=\"widget\" data-widget_type=\"text-editor.default\">\n\t\t\t\t\t\t\t\t\t<p>Helstu heimildirnar eru fr\u00e1 upphafi n\u00fdaldar. Pseudomonarchia Daemonum kom \u00fat 1577 sem vi\u00f0b\u00f3t vi\u00f0 verk Johanns Weyers, De praestigiis daemonum. Handritahef\u00f0 <span class=\"iwg-fachbegriff\" data-tooltip=\"Die Weitergabe von Wissen und Erz\u00e4hlungen \u00fcber Generationen.\" tabindex=\"0\">yfirf\u00e6rslu<\/span> Lemegeton ver\u00f0ur fyrst greinanleg \u00e1 17. \u00f6ld, en heimildir hennar n\u00e1 a\u00f0 hluta lengra aftur.<\/p><p>Dictionnaire infernal eftir Collin de Plancy kom \u00fat 1818, og hin \u00e1hrifamikla myndskreytta \u00fatg\u00e1fa fylgdi 1863. Tr\u00faars\u00f6gulegur bakgrunnur nafnsins n\u00e6r aftur til s\u00ed\u00f0ara \u00e1r\u00fe\u00fasundsins fyrir Krist.<\/p>\t\t\t\t\t\t\t\t<\/div>\n\t\t\t\t\t<\/div>\n\t\t\t\t<\/div>\n\t\t<div class=\"elementor-element elementor-element-d47b156 e-flex e-con-boxed e-con e-child\" data-id=\"d47b156\" data-element_type=\"container\" data-e-type=\"container\">\n\t\t\t\t\t<div class=\"e-con-inner\">\n\t\t\t\t<div class=\"elementor-element elementor-element-ff38c2b elementor-widget elementor-widget-heading\" data-id=\"ff38c2b\" data-element_type=\"widget\" data-e-type=\"widget\" data-widget_type=\"heading.default\">\n\t\t\t\t\t<div class=\"elementor-heading-title elementor-size-default\">\u00datbrei\u00f0slusv\u00e6\u00f0i<\/div>\t\t\t\t<\/div>\n\t\t\t\t<div class=\"elementor-element elementor-element-4e49fcc elementor-widget elementor-widget-text-editor\" data-id=\"4e49fcc\" data-element_type=\"widget\" data-e-type=\"widget\" data-widget_type=\"text-editor.default\">\n\t\t\t\t\t\t\t\t\t<p><span data-nosnippet>Nafni\u00f0 Bael v\u00edsar til vestursem\u00edt\u00edska sv\u00e6\u00f0isins, \u00fe.e. S\u00fdrlands, F\u00f6nik\u00edu og hins forna \u00cdsraels, \u00fear sem gu\u00f0snafni\u00f0 Baal var algengt. Dj\u00f6flafr\u00e6\u00f0ilega myndin af Bael er \u00fear \u00e1 m\u00f3ti afur\u00f0 vesturevr\u00f3psku gr\u00edmub\u00f3karhef\u00f0arins (grimoire) og er var\u00f0veitt fyrst og fremst \u00ed Frakklandi, Englandi og hinu \u00fe\u00fdskum\u00e6landi sv\u00e6\u00f0i. Me\u00f0 ensku Goetia-\u00fatg\u00e1funni fr\u00e1 1904 n\u00e1\u00f0i myndin til al\u00fej\u00f3\u00f0legra lesenda.<\/span><\/p>\t\t\t\t\t\t\t\t<\/div>\n\t\t\t\t\t<\/div>\n\t\t\t\t<\/div>\n\t\t\t\t<\/div>\n\t\t<div class=\"elementor-element elementor-element-db03c39 e-con-full e-flex e-con e-child\" data-id=\"db03c39\" data-element_type=\"container\" data-e-type=\"container\">\n\t\t<div class=\"elementor-element elementor-element-229a87b e-flex e-con-boxed e-con e-child\" data-id=\"229a87b\" data-element_type=\"container\" data-e-type=\"container\">\n\t\t\t\t\t<div class=\"e-con-inner\">\n\t\t\t\t<div class=\"elementor-element elementor-element-1f471fc elementor-widget elementor-widget-heading\" data-id=\"1f471fc\" data-element_type=\"widget\" data-e-type=\"widget\" data-widget_type=\"heading.default\">\n\t\t\t\t\t<div class=\"elementor-heading-title elementor-size-default\">Heimildasta\u00f0a<\/div>\t\t\t\t<\/div>\n\t\t\t\t<div class=\"elementor-element elementor-element-36b1201 elementor-widget elementor-widget-text-editor\" data-id=\"36b1201\" data-element_type=\"widget\" data-e-type=\"widget\" data-widget_type=\"text-editor.default\">\n\t\t\t\t\t\t\t\t\t<p>Meginheimildirnar eru Pseudomonarchia Daemonum eftir Johann Weyer, Ars Goetia sem fyrsta b\u00f3k Lemegeton, og Dictionnaire infernal. Weyer t\u00f3k upp eldri skr\u00e1 og endurskipulag\u00f0i hana.<\/p><p>Hvort Goetia-skr\u00e1in byggist \u00e1 samfelldum s\u00f6guleg kjarna e\u00f0a er tekin saman \u00far m\u00f6rgum heimildum er umdeilt \u00ed fr\u00e6\u00f0unum. Joseph Peterson, \u00fatgefandi sk\u00fdr\u00f0rar \u00fatg\u00e1fu, hallast a\u00f0 samsetningarkenningunni og v\u00edsar til eldri arab\u00edskra og gy\u00f0inglegra andaskr\u00e1a.<\/p>\t\t\t\t\t\t\t\t<\/div>\n\t\t\t\t\t<\/div>\n\t\t\t\t<\/div>\n\t\t\t\t<\/div>\n\t\t\t\t\t<\/div>\n\t\t\t\t<\/div>\n\t\t<div class=\"elementor-element elementor-element-3ae0637c e-flex e-con-boxed e-con e-parent\" data-id=\"3ae0637c\" data-element_type=\"container\" data-e-type=\"container\">\n\t\t\t\t\t<div class=\"e-con-inner\">\n\t\t\t\t<div class=\"elementor-element elementor-element-31d07739 elementor-widget elementor-widget-heading\" data-id=\"31d07739\" data-element_type=\"widget\" data-e-type=\"widget\" data-widget_type=\"heading.default\">\n\t\t\t\t\t<h2 class=\"elementor-heading-title elementor-size-default\">Nafn<\/h2>\t\t\t\t<\/div>\n\t\t<div class=\"elementor-element elementor-element-b7642947 e-con-full e-flex e-con e-child\" data-id=\"b7642947\" data-element_type=\"container\" data-e-type=\"container\">\n\t\t\t\t<div class=\"elementor-element elementor-element-a086266 elementor-widget elementor-widget-text-editor\" data-id=\"a086266\" data-element_type=\"widget\" data-e-type=\"widget\" data-widget_type=\"text-editor.default\">\n\t\t\t\t\t\t\t\t\t<p>Nafni\u00f0 Bael er ein af m\u00f6rgum rith\u00e1ttarafbrig\u00f0um hins sem\u00edt\u00edska or\u00f0s ba\u02bfal, sem einfaldlega \u00fe\u00fd\u00f0ir herra e\u00f0a eigandi. \u00c1 vestursem\u00edt\u00edska sv\u00e6\u00f0inu var ba\u02bfal ekki eiginnafn heldur titill sem \u00fdmsar sta\u00f0bundnar gu\u00f0ir b\u00e1ru.<\/p><p>Kunnastur er \u00fagar\u00edtski ve\u00f0urgu\u00f0inn Ba\u02bfal, en go\u00f0sagnir hans eru var\u00f0veittar \u00e1 leirt\u00f6flunum fr\u00e1 Ras Shamra. Auk hans var til Ba\u02bfal fr\u00e1 T\u00fdrus, Ba\u02bfal-Hammon Kar\u00feag\u00f3borgar, og fj\u00f6ldi sta\u00f0bundinna gu\u00f0a sem hver var talinn herra s\u00edns helgista\u00f0ar.<\/p><p>\u00cd gr\u00edmub\u00f3karhef\u00f0inni birtist myndin sem Bael, og \u00ed d\u00e6gurmenningu einnig sem Baal e\u00f0a Bhaal. N\u00e1i\u00f0 tengt millistig er Beelseb\u00fab, en nafn hans birtist sem ba\u02bfal z\u0259b\u00fbb, herra flugnanna, \u00ed s\u00ed\u00f0ari Konungab\u00f3k. \u00deessi rith\u00e1ttarafbrig\u00f0i fela a\u00f0 baki s\u00e9r nokkrar a\u00f0skildar fr\u00e1sagnarrastir: hinn <span class=\"iwg-fachbegriff\" data-tooltip=\"Epoche der griechischen und r\u00f6mischen Kultur, etwa 800 v. Chr. bis 600 n. Chr.\" tabindex=\"0\">fornaldar<\/span> ve\u00f0urgu\u00f0, hina bibl\u00edulegu deiluor\u00f0r\u00e6\u00f0u og furstann helv\u00edtis fr\u00e1 upphafi n\u00fdaldar.<\/p>\t\t\t\t\t\t\t\t<\/div>\n\t\t\t\t<\/div>\n\t\t\t\t\t<\/div>\n\t\t\t\t<\/div>\n\t\t<div class=\"elementor-element elementor-element-709a44a8 e-flex e-con-boxed e-con e-parent\" data-id=\"709a44a8\" data-element_type=\"container\" data-e-type=\"container\">\n\t\t\t\t\t<div class=\"e-con-inner\">\n\t\t\t\t<div class=\"elementor-element elementor-element-2f585873 elementor-widget elementor-widget-heading\" data-id=\"2f585873\" data-element_type=\"widget\" data-e-type=\"widget\" data-widget_type=\"heading.default\">\n\t\t\t\t\t<h2 class=\"elementor-heading-title elementor-size-default\">L\u00fdsing<\/h2>\t\t\t\t<\/div>\n\t\t<div class=\"elementor-element elementor-element-70621c12 e-con-full e-flex e-con e-child\" data-id=\"70621c12\" data-element_type=\"container\" data-e-type=\"container\">\n\t\t\t\t<div class=\"elementor-element elementor-element-4296eb49 elementor-widget elementor-widget-text-editor\" data-id=\"4296eb49\" data-element_type=\"widget\" data-e-type=\"widget\" data-widget_type=\"text-editor.default\">\n\t\t\t\t\t\t\t\t\t<p>Myndhef\u00f0 Baels er s\u00e9rst\u00f6k. Samkv\u00e6mt Ars Goetiu birtist hann me\u00f0 \u00ferj\u00fa h\u00f6fu\u00f0, \u00ed einni \u00fatg\u00e1fu me\u00f0 p\u00f6dduh\u00f6fu\u00f0, mannsh\u00f6fu\u00f0 og kattarh\u00f6fu\u00f0, borinn af k\u00f6ngul\u00f3arleggjum. Auk \u00feess eru til myndir me\u00f0 tv\u00f6 d\u00fdrah\u00f6fu\u00f0 \u00ed sta\u00f0 \u00feriggja. Lemegeton-textinn talar um hrj\u00fafa, h\u00e1sa r\u00f6dd.<\/p><p><span data-nosnippet>S\u00e1 kraftur sem textarnir eigna honum er \u00f3s\u00fdnileiki, sem hann getur veitt \u00feeim sem framkallar hann, auk k\u00e6nsku. Blendingsform manns og d\u00fdra er ekki \u00f3venjuleg \u00ed vesturevr\u00f3psku gr\u00edmub\u00f3karefni, en samsetningin ma\u00f0ur-k\u00f6ttur-padda er bundin vi\u00f0 Bael. H\u00fan var m\u00f3tu\u00f0 myndlega af Collin de Plancy \u00ed myndskreyttu \u00fatg\u00e1funni af Dictionnaire infernal fr\u00e1 1863.<\/span><\/p><p>\u00deessi myndskreyting m\u00f3tar enn \u00ed dag al\u00fe\u00fd\u00f0lega hugmynd um Bael. Eldri heimildir eins og Munich Handbook of Necromancy fr\u00e1 15. \u00f6ld bj\u00f3\u00f0a engar myndir og var\u00f0veita l\u00fdsinguna a\u00f0eins \u00ed or\u00f0um. P\u00f6ddah\u00f6fu\u00f0s-myndm\u00e1li\u00f0 hefur ekkert me\u00f0 hinn s\u00f6gulega ve\u00f0urgu\u00f0 Baal a\u00f0 gera, heldur er sj\u00e1lfst\u00e6\u00f0 afur\u00f0 hugmyndaheims s\u00ed\u00f0mi\u00f0alda og upphafs n\u00fdaldar.<\/p>\t\t\t\t\t\t\t\t<\/div>\n\t\t\t\t<\/div>\n\t\t\t\t\t<\/div>\n\t\t\t\t<\/div>\n\t\t<div class=\"elementor-element elementor-element-44e71476 e-flex e-con-boxed e-con e-parent\" data-id=\"44e71476\" data-element_type=\"container\" data-e-type=\"container\">\n\t\t\t\t\t<div class=\"e-con-inner\">\n\t\t\t\t<div class=\"elementor-element elementor-element-3c1fc3f0 elementor-widget elementor-widget-heading\" data-id=\"3c1fc3f0\" data-element_type=\"widget\" data-e-type=\"widget\" data-widget_type=\"heading.default\">\n\t\t\t\t\t<h2 class=\"elementor-heading-title elementor-size-default\">Kynningarskr\u00e1: Bael<\/h2>\t\t\t\t<\/div>\n\t\t<div class=\"elementor-element elementor-element-84f33b8e e-con-full e-flex e-con e-child\" data-id=\"84f33b8e\" data-element_type=\"container\" data-e-type=\"container\">\n\t\t\t\t<div class=\"elementor-element elementor-element-hqkdc67p elementor-widget elementor-widget-text-editor\" data-id=\"hqkdc67p\" data-element_type=\"widget\" data-e-type=\"widget\" data-widget_type=\"text-editor.default\">\n\t\t\t\t\t\t\t\t\t<p>Eftirfarandi reitir taka saman mikilv\u00e6gustu uppl\u00fdsingar heimilda um Bael.<\/p>\t\t\t\t\t\t\t\t<\/div>\n\t\t\t\t<\/div>\n\t\t<div class=\"elementor-element elementor-element-pemmx7c5 e-con-full e-flex e-con e-child\" data-id=\"pemmx7c5\" data-element_type=\"container\" data-e-type=\"container\">\n\t\t<div class=\"elementor-element elementor-element-pemmx7c1 e-con-full e-flex e-con e-child\" data-id=\"pemmx7c1\" data-element_type=\"container\" data-e-type=\"container\">\n\t\t<div class=\"elementor-element elementor-element-qh9oavvu iwg-steckbrief-card e-flex e-con-boxed e-con e-child\" data-id=\"qh9oavvu\" data-element_type=\"container\" data-e-type=\"container\">\n\t\t\t\t\t<div class=\"e-con-inner\">\n\t\t\t\t<div class=\"elementor-element elementor-element-awzx8k2k elementor-widget elementor-widget-heading\" data-id=\"awzx8k2k\" data-element_type=\"widget\" data-e-type=\"widget\" data-widget_type=\"heading.default\">\n\t\t\t\t\t<div class=\"elementor-heading-title elementor-size-default\">Uppruni<\/div>\t\t\t\t<\/div>\n\t\t\t\t<div class=\"elementor-element elementor-element-x6rowhv0 elementor-widget elementor-widget-text-editor\" data-id=\"x6rowhv0\" data-element_type=\"widget\" data-e-type=\"widget\" data-widget_type=\"text-editor.default\">\n\t\t\t\t\t\t\t\t\t<p>Nafni\u00f0 er dregi\u00f0 af hinu sem\u00edt\u00edska Baal, einu mikilv\u00e6gasta gu\u00f0snafni s\u00fdrlensk-kanaan\u00edsku sv\u00e6\u00f0isins. Baal \u00fe\u00fd\u00f0ir herra og \u00e1tti b\u00e6\u00f0i vi\u00f0 Hadad, storms- og ve\u00f0urgu\u00f0inn, og sta\u00f0bundna verndargu\u00f0i. Kristin dj\u00f6flafr\u00e6\u00f0i f\u00e6r\u00f0i \u00feennan fyrrum \u00e6\u00f0sta gu\u00f0 ni\u00f0ur \u00ed skr\u00e1 hinna fallnu anda. Engin merki um storms- e\u00f0a frj\u00f3semishlutverk eru sj\u00e1anleg lengur \u00ed Lemegeton.<\/p>\t\t\t\t\t\t\t\t<\/div>\n\t\t\t\t\t<\/div>\n\t\t\t\t<\/div>\n\t\t<div class=\"elementor-element elementor-element-8e3o4kxs iwg-steckbrief-card e-flex e-con-boxed e-con e-child\" data-id=\"8e3o4kxs\" data-element_type=\"container\" data-e-type=\"container\">\n\t\t\t\t\t<div class=\"e-con-inner\">\n\t\t\t\t<div class=\"elementor-element elementor-element-08rkdgov elementor-widget elementor-widget-heading\" data-id=\"08rkdgov\" data-element_type=\"widget\" data-e-type=\"widget\" data-widget_type=\"heading.default\">\n\t\t\t\t\t<div class=\"elementor-heading-title elementor-size-default\">Sta\u00f0a og hlutverk<\/div>\t\t\t\t<\/div>\n\t\t\t\t<div class=\"elementor-element elementor-element-uwjelx8s elementor-widget elementor-widget-text-editor\" data-id=\"uwjelx8s\" data-element_type=\"widget\" data-e-type=\"widget\" data-widget_type=\"text-editor.default\">\n\t\t\t\t\t\t\t\t\t<p>Bael er konungur og stendur \u00ed fyrsta s\u00e6ti Goetia-skr\u00e1rins. Undir hann heyra sext\u00edu og sex herdeildir. Samkv\u00e6mt Pseudomonarchia Daemonum r\u00e6\u00f0ur hann yfir austurhluta helv\u00edtisr\u00edkisins. Konungurinn stendur \u00ed valdastiga Goetia ofar hertogum, markgr\u00f6fum, greifum, forsetum og riddurum, sem koma s\u00ed\u00f0ar \u00ed r\u00f6\u00f0inni.<\/p>\t\t\t\t\t\t\t\t<\/div>\n\t\t\t\t\t<\/div>\n\t\t\t\t<\/div>\n\t\t<div class=\"elementor-element elementor-element-jm2n74ec iwg-steckbrief-card e-flex e-con-boxed e-con e-child\" data-id=\"jm2n74ec\" data-element_type=\"container\" data-e-type=\"container\">\n\t\t\t\t\t<div class=\"e-con-inner\">\n\t\t\t\t<div class=\"elementor-element elementor-element-8vufse4c elementor-widget elementor-widget-heading\" data-id=\"8vufse4c\" data-element_type=\"widget\" data-e-type=\"widget\" data-widget_type=\"heading.default\">\n\t\t\t\t\t<div class=\"elementor-heading-title elementor-size-default\">\u00c1s\u00fdnd<\/div>\t\t\t\t<\/div>\n\t\t\t\t<div class=\"elementor-element elementor-element-mwb9u015 elementor-widget elementor-widget-text-editor\" data-id=\"mwb9u015\" data-element_type=\"widget\" data-e-type=\"widget\" data-widget_type=\"text-editor.default\">\n\t\t\t\t\t\t\t\t\t<p><span data-nosnippet>Samkv\u00e6mt Ars Goetia birtist Bael me\u00f0 \u00ferj\u00fa h\u00f6fu\u00f0, k\u00f6rtuh\u00f6fu\u00f0, mannsh\u00f6fu\u00f0 og kattarh\u00f6fu\u00f0, borinn uppi af k\u00f6ngul\u00f3arf\u00f3tum. R\u00f6dd hans er s\u00f6g\u00f0 hrj\u00faf og h\u00e1s. Til eru einnig myndir me\u00f0 tveimur h\u00f6fu\u00f0um \u00ed sta\u00f0 \u00feriggja. N\u00faverandi algeng mynd af honum m\u00e1 rekja til Dictionnaire infernal fr\u00e1 1863.<\/span><\/p>\t\t\t\t\t\t\t\t<\/div>\n\t\t\t\t\t<\/div>\n\t\t\t\t<\/div>\n\t\t\t\t<\/div>\n\t\t<div class=\"elementor-element elementor-element-pemmx7c2 e-con-full e-flex e-con e-child\" data-id=\"pemmx7c2\" data-element_type=\"container\" data-e-type=\"container\">\n\t\t<div class=\"elementor-element elementor-element-37ss2yr6 iwg-steckbrief-card e-flex e-con-boxed e-con e-child\" data-id=\"37ss2yr6\" data-element_type=\"container\" data-e-type=\"container\">\n\t\t\t\t\t<div class=\"e-con-inner\">\n\t\t\t\t<div class=\"elementor-element elementor-element-3v0wp3wx elementor-widget elementor-widget-heading\" data-id=\"3v0wp3wx\" data-element_type=\"widget\" data-e-type=\"widget\" data-widget_type=\"heading.default\">\n\t\t\t\t\t<div class=\"elementor-heading-title elementor-size-default\">Athafnarak\u00f6llun<\/div>\t\t\t\t<\/div>\n\t\t\t\t<div class=\"elementor-element elementor-element-w3247g2m elementor-widget elementor-widget-text-editor\" data-id=\"w3247g2m\" data-element_type=\"widget\" data-e-type=\"widget\" data-widget_type=\"text-editor.default\">\n\t\t\t\t\t\t\t\t\t<p>\u00cd helgisi\u00f0abundnu samhengi Goetia er Bael kalla\u00f0ur fram me\u00f0 tilliti til stj\u00f6rnufr\u00e6\u00f0ilegra samsvarana, venjulega me\u00f0 v\u00edsun til s\u00f3larins og eldsins. <span class=\"iwg-fachbegriff\" data-tooltip=\"Bei\u00f0ni e\u00f0a \u00e1kall til gu\u00f0s e\u00f0a m\u00e1ttarvalds.\" tabindex=\"0\">\u00c1kalli\u00f0<\/span> fylgir fyrirm\u00e6lum sal\u00f3m\u00f3nskra texta. iWell Guard fylgir hinni tr\u00faarbrag\u00f0afr\u00e6\u00f0ilegu l\u00fdsingu og setur fram enga lei\u00f0beiningu um <span class=\"iwg-fachbegriff\" data-tooltip=\"Munnleg ath\u00f6fn sem \u00e6tla\u00f0 er a\u00f0 kalla fram e\u00f0a binda m\u00e1tt.\" tabindex=\"0\">framk\u00f6llun<\/span>.<\/p>\t\t\t\t\t\t\t\t<\/div>\n\t\t\t\t\t<\/div>\n\t\t\t\t<\/div>\n\t\t<div class=\"elementor-element elementor-element-0qpjal9w iwg-steckbrief-card e-flex e-con-boxed e-con e-child\" data-id=\"0qpjal9w\" data-element_type=\"container\" data-e-type=\"container\">\n\t\t\t\t\t<div class=\"e-con-inner\">\n\t\t\t\t<div class=\"elementor-element elementor-element-6ndoih0o elementor-widget elementor-widget-heading\" data-id=\"6ndoih0o\" data-element_type=\"widget\" data-e-type=\"widget\" data-widget_type=\"heading.default\">\n\t\t\t\t\t<div class=\"elementor-heading-title elementor-size-default\">Innsigli og t\u00e1kn<\/div>\t\t\t\t<\/div>\n\t\t\t\t<div class=\"elementor-element elementor-element-6684tyh9 elementor-widget elementor-widget-text-editor\" data-id=\"6684tyh9\" data-element_type=\"widget\" data-e-type=\"widget\" data-widget_type=\"text-editor.default\">\n\t\t\t\t\t\t\t\t\t<p><span data-nosnippet>\u00cd Lemegeton er Bael tengt innsigli, r\u00famfr\u00e6\u00f0ilegri teikningu \u00far l\u00ednum og hringjum, sem birt er \u00ed n\u00fat\u00edma \u00fatg\u00e1fum gr\u00edmub\u00f3ka. Innsigli\u00f0 \u00fej\u00f3nar sem festipunktur <span class=\"iwg-fachbegriff\" data-tooltip=\"Bei\u00f0ni e\u00f0a \u00e1kall til gu\u00f0s e\u00f0a m\u00e1ttarvalds.\" tabindex=\"0\">\u00e1kallsins<\/span> og er \u00ed h\u00e1t\u00ed\u00f0legri <span class=\"iwg-fachbegriff\" data-tooltip=\"Athafnir sem \u00e6tla\u00f0 er a\u00f0 hafa \u00e1hrif \u00e1 gang hlutanna me\u00f0 s\u00e9rst\u00f6kum verkum e\u00f0a form\u00falum.\" tabindex=\"0\">sei\u00f0fr\u00e6\u00f0i<\/span> venjulega dregi\u00f0 \u00e1 skinn e\u00f0a m\u00e1lm. \u00datg\u00e1fa Aleisters Crowley fr\u00e1 1904 f\u00e6r\u00f0i innsigli\u00f0 yfir \u00ed n\u00fat\u00edma hulduspeki.<\/span><\/p>\t\t\t\t\t\t\t\t<\/div>\n\t\t\t\t\t<\/div>\n\t\t\t\t<\/div>\n\t\t<div class=\"elementor-element elementor-element-3lfi7x32 iwg-steckbrief-card e-flex e-con-boxed e-con e-child\" data-id=\"3lfi7x32\" data-element_type=\"container\" data-e-type=\"container\">\n\t\t\t\t\t<div class=\"e-con-inner\">\n\t\t\t\t<div class=\"elementor-element elementor-element-0kg99ga1 elementor-widget elementor-widget-heading\" data-id=\"0kg99ga1\" data-element_type=\"widget\" data-e-type=\"widget\" data-widget_type=\"heading.default\">\n\t\t\t\t\t<div class=\"elementor-heading-title elementor-size-default\">Tengdir andar<\/div>\t\t\t\t<\/div>\n\t\t\t\t<div class=\"elementor-element elementor-element-n0fum6kp elementor-widget elementor-widget-text-editor\" data-id=\"n0fum6kp\" data-element_type=\"widget\" data-e-type=\"widget\" data-widget_type=\"text-editor.default\">\n\t\t\t\t\t\t\t\t\t<p>Innan Lemegeton opnar Bael r\u00f6\u00f0 konunga, \u00fear \u00e1 me\u00f0al Paimon sem er n\u00edundi <span class=\"iwg-fachbegriff\" data-tooltip=\"L\u00edkamalaus vera sem talin er hafa \u00e1hrif \u00ed heiminum.\" tabindex=\"0\">andinn<\/span>, Asmodai sem er \u00fer\u00edtugasti og annar <span class=\"iwg-fachbegriff\" data-tooltip=\"L\u00edkamalaus vera sem talin er hafa \u00e1hrif \u00ed heiminum.\" tabindex=\"0\">andinn<\/span> og Belial sem er sextugasti og \u00e1ttundi <span class=\"iwg-fachbegriff\" data-tooltip=\"L\u00edkamalaus vera sem talin er hafa \u00e1hrif \u00ed heiminum.\" tabindex=\"0\">andinn<\/span>. N\u00e1i\u00f0 tengdur er einnig Beelseb\u00fab, sem eins og Bael er dregi\u00f0 af gu\u00f0snafninu Baal. Munurinn \u00e1 konungunum er l\u00edtill \u00ed frumtextanum.<\/p>\t\t\t\t\t\t\t\t<\/div>\n\t\t\t\t\t<\/div>\n\t\t\t\t<\/div>\n\t\t\t\t<\/div>\n\t\t\t\t<\/div>\n\t\t\t\t\t<\/div>\n\t\t\t\t<\/div>\n\t\t<div class=\"elementor-element elementor-element-7533bc7a e-flex e-con-boxed e-con e-parent\" data-id=\"7533bc7a\" data-element_type=\"container\" data-e-type=\"container\">\n\t\t\t\t\t<div class=\"e-con-inner\">\n\t\t\t\t<div class=\"elementor-element elementor-element-2447d18d elementor-widget elementor-widget-heading\" data-id=\"2447d18d\" data-element_type=\"widget\" data-e-type=\"widget\" data-widget_type=\"heading.default\">\n\t\t\t\t\t<h2 class=\"elementor-heading-title elementor-size-default\">M\u00f3tt\u00f6kusaga og \u00e1hrif<\/h2>\t\t\t\t<\/div>\n\t\t<div class=\"elementor-element elementor-element-d5d0260c e-con-full e-flex e-con e-child\" data-id=\"d5d0260c\" data-element_type=\"container\" data-e-type=\"container\">\n\t\t\t\t<div class=\"elementor-element elementor-element-341be2ac elementor-widget elementor-widget-text-editor\" data-id=\"341be2ac\" data-element_type=\"widget\" data-e-type=\"widget\" data-widget_type=\"text-editor.default\">\n\t\t\t\t\t\t\t\t\t<p>Mikilv\u00e6gt er a\u00f0 hafa \u00ed huga a\u00f0 Johann Weyer \u00e6tla\u00f0i s\u00e9r ekki a\u00f0 skrifa framk\u00f6llunarb\u00f3k. Hann var l\u00e6knir og l\u00e6risveinn Heinrichs Cornelius Agrippa von Nettesheim og haf\u00f0i uppl\u00fdsingarlegt markmi\u00f0: Hann vildi s\u00fdna hversu fjarst\u00e6\u00f0ukenndar og misv\u00edsandi hugmyndir galdramanna v\u00e6ru, til a\u00f0 grafa undan grundvelli galdraf\u00e1rs.<\/p><p>A\u00f0 skr\u00e1 hans var s\u00ed\u00f0ar lesin sem hagn\u00fdt lei\u00f0beining f\u00f3r gegn \u00e1setningi hans. Owen Davies hefur bent \u00e1 \u00feessa breytingu fr\u00e1 deiluriti til notkunarlei\u00f0beiningar sem d\u00e6miger\u00f0a fyrir \u00e1hrifas\u00f6gu sl\u00edkra texta.<\/p><p><span data-nosnippet>Me\u00f0 endurfundi gr\u00edmub\u00f3kanna \u00ed hulduhreyfingum 19. aldar sneri Bael aftur \u00ed almenna vitund. Samuel Liddell MacGregor Mathers gegndi lykilhlutverki, en hann gaf 1904 \u00fat enska \u00fatg\u00e1fu af Lemegeton undir titlinum The Goetia, sem Aleister Crowley kom einnig a\u00f0.<\/span><\/p><p>\u00deessi \u00fatg\u00e1fa ger\u00f0i skr\u00e1 72 andanna a\u00f0gengilega brei\u00f0ari lesendah\u00f3pi og var\u00f0 grundv\u00f6llur n\u00e6r allra s\u00ed\u00f0ari tilv\u00edsana. Crowley t\u00falka\u00f0i andana sem hli\u00f0ar eigin vitundar, s\u00e1lfr\u00e6\u00f0ilega lestrara\u00f0fer\u00f0 sem er \u00ed grunninn fr\u00e1brug\u00f0in eldri h\u00e1t\u00ed\u00f0legri hef\u00f0.<\/p><p>\u00cd fantas\u00edub\u00f3kmenntum, hlutverkaleikjum og t\u00f6lvuleikjum kemur nafni\u00f0 fram \u00ed \u00f3tal skrifvarianta, oft sem Baal e\u00f0a Bhaal.<\/p><p>\u00dear renna reglulega saman tv\u00e6r a\u00f0skildar arflei\u00f0ar: hinn <span class=\"iwg-fachbegriff\" data-tooltip=\"T\u00edmabil gr\u00edsk-r\u00f3mverskrar menningar, um 800 f.Kr. til 600 e.Kr.\" tabindex=\"0\">forni<\/span> ve\u00f0urgu\u00f0 og gr\u00edmub\u00f3kar<span class=\"iwg-fachbegriff\" data-tooltip=\"Andleg vera sem talin er hafa ska\u00f0leg e\u00f0a tv\u00edr\u00e6\u00f0 \u00e1hrif.\" tabindex=\"0\">dj\u00f6fullinn<\/span>. \u00deessi samruni er ekki mist\u00f6k \u00ed arfleif\u00f0 heldur d\u00e6migert ferli \u00ed vins\u00e6lmenningarlegri eignun, \u00fear sem hlj\u00f3mfagurt nafn losnar fr\u00e1 s\u00f6gulegri merkingu sinni. \u00deegar hj\u00e1 John Milton \u00ed Paradise Lost er Baal kynntur sem fallinn <span class=\"iwg-fachbegriff\" data-tooltip=\"\u00cd tr\u00faarbr\u00f6g\u00f0um af abraham\u00edskum uppruna himnesk sendivera Gu\u00f0s.\" tabindex=\"0\">engill<\/span>, \u00fe\u00f3 \u00e1n \u00feriggja h\u00f6f\u00f0a \u00fe\u00e1ttarins.<\/p>\t\t\t\t\t\t\t\t<\/div>\n\t\t\t\t<\/div>\n\t\t\t\t\t<\/div>\n\t\t\t\t<\/div>\n\t\t<div class=\"elementor-element elementor-element-5a584676 e-flex e-con-boxed e-con e-parent\" data-id=\"5a584676\" data-element_type=\"container\" data-e-type=\"container\">\n\t\t\t\t\t<div class=\"e-con-inner\">\n\t\t\t\t<div class=\"elementor-element elementor-element-6d0757bf elementor-widget elementor-widget-heading\" data-id=\"6d0757bf\" data-element_type=\"widget\" data-e-type=\"widget\" data-widget_type=\"heading.default\">\n\t\t\t\t\t<h2 class=\"elementor-heading-title elementor-size-default\">Bael, samsv\u00f6run \u00ed \u00f6\u00f0rum menningarheimum<\/h2>\t\t\t\t<\/div>\n\t\t<div class=\"elementor-element elementor-element-60563f68 e-con-full e-flex e-con e-child\" data-id=\"60563f68\" data-element_type=\"container\" data-e-type=\"container\">\n\t\t\t\t<div class=\"elementor-element elementor-element-5a93fdd6 elementor-widget elementor-widget-text-editor\" data-id=\"5a93fdd6\" data-element_type=\"widget\" data-e-type=\"widget\" data-widget_type=\"text-editor.default\">\n\t\t\t\t\t\t\t\t\t<p>\u00cd samanbur\u00f0ar<span class=\"iwg-fachbegriff\" data-tooltip=\"V\u00edsindin sem rannsaka tr\u00faarbr\u00f6g\u00f0 me\u00f0 samanbur\u00f0i og \u00e1n tr\u00faarlegrar skuldbindingar.\" tabindex=\"0\">tr\u00faarbrag\u00f0afr\u00e6\u00f0i<\/span> er Bael borinn saman vi\u00f0 storm- og konungsgu\u00f0i skyldra menningarheima, svo sem hinn mes\u00f3p\u00f3tam\u00edska Adad, hinn hett\u00edska Tarhuns e\u00f0a hinn \u00fagar\u00edt\u00edska Baal-Hadad. \u00deessi samanbur\u00f0ur mi\u00f0ar ekki a\u00f0 s\u00f6gulegri \u00e6ttf\u00e6rslu heldur a\u00f0 d\u00e6miger\u00f0ri skyldleika. Tr\u00faarbrag\u00f0as\u00f6gulega tengingin er h\u00e9r sk\u00fdrari en hj\u00e1 \u00f6\u00f0rum Goetia-\u00f6ndum, \u00fear sem nafni\u00f0 sj\u00e1lft skapar tengingu vi\u00f0 hi\u00f0 vestursemit\u00edska <span class=\"iwg-fachbegriff\" data-tooltip=\"Heild gu\u00f0a \u00ed tr\u00faarbr\u00f6g\u00f0um e\u00f0a menningu.\" tabindex=\"0\">go\u00f0aveldi<\/span>.<\/p><p>Bael \u00ed Goetia er d\u00e6mi um endurmat kristninnar \u00e1 fornum gu\u00f0um, ferli sem <span class=\"iwg-fachbegriff\" data-tooltip=\"V\u00edsindin sem rannsaka tr\u00faarbr\u00f6g\u00f0 me\u00f0 samanbur\u00f0i og \u00e1n tr\u00faarlegrar skuldbindingar.\" tabindex=\"0\">tr\u00faarbrag\u00f0afr\u00e6\u00f0in<\/span> kallar interpretatio diabolica. Kirkjufa\u00f0irinn \u00c1g\u00fast\u00ednus setti fram \u00fe\u00e1 reglu a\u00f0 gu\u00f0ir hei\u00f0ingjanna v\u00e6ru dj\u00f6flar.<\/p><p>\u00c1 \u00feessari lei\u00f0 flutti fyrrum h\u00e1gu\u00f0inn inn \u00ed kristna dj\u00f6flafr\u00e6\u00f0i. \u00deeir sem vilja rannsaka Bael \u00e6ttu \u00fev\u00ed a\u00f0 greina l\u00f6gin \u00ed sundur: hinn kanaan\u00edska ve\u00f0urgu\u00f0, hina bibl\u00edulegu deilu og hinn frumn\u00fdaldarlega helv\u00edtisfursta.<\/p>\t\t\t\t\t\t\t\t<\/div>\n\t\t\t\t<\/div>\n\t\t\t\t\t<\/div>\n\t\t\t\t<\/div>\n\t\t<div class=\"elementor-element elementor-element-36dd7469 e-flex e-con-boxed e-con e-parent\" data-id=\"36dd7469\" data-element_type=\"container\" data-e-type=\"container\">\n\t\t\t\t\t<div class=\"e-con-inner\">\n\t\t\t\t<div class=\"elementor-element elementor-element-13760ab4 elementor-widget elementor-widget-heading\" data-id=\"13760ab4\" data-element_type=\"widget\" data-e-type=\"widget\" data-widget_type=\"heading.default\">\n\t\t\t\t\t<h2 class=\"elementor-heading-title elementor-size-default\">\u00cdtarefni og tenglar<\/h2>\t\t\t\t<\/div>\n\t\t<div class=\"elementor-element elementor-element-28c87796 e-con-full e-flex e-con e-child\" data-id=\"28c87796\" data-element_type=\"container\" data-e-type=\"container\">\n\t\t\t\t<div class=\"elementor-element elementor-element-5d6538df elementor-widget elementor-widget-text-editor\" data-id=\"5d6538df\" data-element_type=\"widget\" data-e-type=\"widget\" data-widget_type=\"text-editor.default\">\n\t\t\t\t\t\t\t\t\t<ul><li><a href=\"https:\/\/iwell-guard.com\/is\/djoflar\/\">Dj\u00f6flar<\/a>: yfirlit yfir dj\u00f6fla<\/li><li><a href=\"https:\/\/iwell-guard.com\/is\/?page_id=168869\">Goetia<\/a>: hef\u00f0 Ars Goetia<\/li><li><a href=\"https:\/\/iwell-guard.com\/is\/?page_id=168612\">Kristni<\/a>: menningarleg sta\u00f0setning<\/li><li><a href=\"https:\/\/iwell-guard.com\/is\/?page_id=168609\">Asmodai<\/a>: annar konungur Goetia<\/li><li><a href=\"https:\/\/iwell-guard.com\/is\/?page_id=168618\">L\u00fas\u00edfer<\/a>: a\u00f0alpers\u00f3na kristinnar dj\u00f6flafr\u00e6\u00f0i<\/li><\/ul>\t\t\t\t\t\t\t\t<\/div>\n\t\t\t\t<\/div>\n\t\t\t\t\t<\/div>\n\t\t\t\t<\/div>\n\t\t<div class=\"elementor-element elementor-element-grl4kl40 e-flex e-con-boxed e-con e-parent\" data-id=\"grl4kl40\" data-element_type=\"container\" data-e-type=\"container\">\n\t\t\t\t\t<div class=\"e-con-inner\">\n\t\t\t\t<div class=\"elementor-element elementor-element-bzsbfrmh elementor-widget elementor-widget-heading\" data-id=\"bzsbfrmh\" data-element_type=\"widget\" data-e-type=\"widget\" data-widget_type=\"heading.default\">\n\t\t\t\t\t<h2 class=\"elementor-heading-title elementor-size-default\">Heimildir (\u00farval)<\/h2>\t\t\t\t<\/div>\n\t\t<div class=\"elementor-element elementor-element-2c13224a e-con-full e-flex e-con e-child\" data-id=\"2c13224a\" data-element_type=\"container\" data-e-type=\"container\">\n\t\t\t\t<div class=\"elementor-element elementor-element-0eymh9ub elementor-widget elementor-widget-text-editor\" data-id=\"0eymh9ub\" data-element_type=\"widget\" data-e-type=\"widget\" data-widget_type=\"text-editor.default\">\n\t\t\t\t\t\t\t\t\t<footer class=\"iwg-literatur\"><ul><li><span data-nosnippet>Joseph H. Peterson (ritstj.): The Lesser Key of Solomon, Weiser 2001.<\/span><\/li><li><span data-nosnippet>Mark S. Smith: The Early History of God. Yahweh and the Other Deities in Ancient Israel, Eerdmans 2002.<\/span><\/li><li><span data-nosnippet>Wolfgang Behringer: Hexen. Glaube, Verfolgung, Vermarktung, M\u00fcnchen 2005.<\/span><\/li><li><span data-nosnippet>Henk Vreekamp: The Land of Baal, Eerdmans 2014.<\/span><\/li><\/ul><\/footer>\t\t\t\t\t\t\t\t<\/div>\n\t\t\t\t<\/div>\n\t\t\t\t\t<\/div>\n\t\t\t\t<\/div>\n\t\t<div class=\"elementor-element elementor-element-iwgca-bael-sec e-flex e-con-boxed e-con e-parent\" data-id=\"iwgca-bael-sec\" data-element_type=\"container\" data-e-type=\"container\" id=\"iwg-ca-bael\">\n\t\t\t\t\t<div class=\"e-con-inner\">\n\t\t\t\t<div class=\"elementor-element elementor-element-iwgca-bael-te iwg-ca-textwrap elementor-widget elementor-widget-text-editor\" data-id=\"iwgca-bael-te\" data-element_type=\"widget\" data-e-type=\"widget\" data-widget_type=\"text-editor.default\">\n\t\t\t\t\t\t\t\t\t<div data-nosnippet=\"true\"><p class=\"iwg-ca-bridge\">Verndarhef\u00f0in sem h\u00e9r er l\u00fdst er v\u00edsindaleg \u00fattekt \u00e1 s\u00f6guhef\u00f0um. iWell Guard tengist \u00feessari menningars\u00f6gulegu hef\u00f0 verndargripa sem borin eru \u00e1 l\u00edkamanum og er n\u00fat\u00edmaleg \u00fatf\u00e6rsla \u00e1 henni. <a href=\"\/ueber-iwell-guard\/?utm_source=iwell-guard.com&#038;utm_medium=text-link&#038;utm_campaign=schadwesen-tradition\">Meira um iWell Guard \u2192<\/a><\/p><\/div>\t\t\t\t\t\t\t\t<\/div>\n\t\t\t\t\t<\/div>\n\t\t\t\t<\/div>\n\t\t\t\t<section class=\"elementor-section elementor-top-section elementor-element elementor-element-wv-bael-faq elementor-section-boxed elementor-section-height-default elementor-section-height-default\" data-id=\"wv-bael-faq\" data-element_type=\"section\" data-e-type=\"section\">\n\t\t\t\t\t\t<div class=\"elementor-container elementor-column-gap-default\">\n\t\t\t\t\t<div class=\"elementor-column elementor-col-100 elementor-top-column elementor-element elementor-element-wv-bael-faq-col\" data-id=\"wv-bael-faq-col\" data-element_type=\"column\" data-e-type=\"column\">\n\t\t\t<div class=\"elementor-widget-wrap elementor-element-populated\">\n\t\t\t\t\t\t<div class=\"elementor-element elementor-element-wv-bael-h elementor-widget elementor-widget-heading\" data-id=\"wv-bael-h\" data-element_type=\"widget\" data-e-type=\"widget\" data-widget_type=\"heading.default\">\n\t\t\t\t\t<h2 class=\"elementor-heading-title elementor-size-default\">Algengar spurningar um Bael<\/h2>\t\t\t\t<\/div>\n\t\t\t\t<div class=\"elementor-element elementor-element-wv-bael-t elementor-widget elementor-widget-text-editor\" data-id=\"wv-bael-t\" data-element_type=\"widget\" data-e-type=\"widget\" data-widget_type=\"text-editor.default\">\n\t\t\t\t\t\t\t\t\t\n<details class=\"iwg-faq-item\">\n  <summary><strong>Hver er Bael?<\/strong><\/summary>\n  <p>Bael er fyrstur af sj\u00f6t\u00edu og tveimur \u00f6ndum Ars Goetia, fyrstu b\u00f3kar Lemegeton. \u00cd dj\u00f6flafr\u00e6\u00f0ilegri stigveldi stendur hann sem konungur efst \u00ed skr\u00e1nni og stj\u00f3rnar sext\u00edu og sex herdeildum. Nafn hans v\u00edsar til hins sem\u00edt\u00edska gu\u00f0s Baal, sem \u00e1\u00f0ur var \u00e6\u00f0sti gu\u00f0 \u00e1 s\u00fdrlensk-kanaan\u00edsku sv\u00e6\u00f0inu. Kristin dj\u00f6flafr\u00e6\u00f0i f\u00e6r\u00f0i hann s\u00ed\u00f0ar ni\u00f0ur \u00ed skr\u00e1 yfir fallna anda.<\/p>\n<\/details>\n\n<details class=\"iwg-faq-item\">\n  <summary><strong>Hva\u00f0an kemur nafni\u00f0 Bael?<\/strong><\/summary>\n  <p>Nafni\u00f0 Bael er stafsetningarafbrig\u00f0i af vestursem\u00edt\u00edska or\u00f0inu ba\u02bfal, sem \u00fe\u00fd\u00f0ir einfaldlega herra e\u00f0a eigandi. \u00c1 vestursem\u00edt\u00edska sv\u00e6\u00f0inu var Ba\u02bfal ekki eiginnafn heldur titill sem \u00fdmsar sta\u00f0bundnar gu\u00f0ir b\u00e1ru, til d\u00e6mis \u00fagar\u00edt\u00edski ve\u00f0urgu\u00f0inn e\u00f0a Ba\u02bfal fr\u00e1 T\u00fdrus. \u00c1 bak vi\u00f0 stafsetningarafbrig\u00f0in liggja nokkrar a\u00f0skildar hef\u00f0ir. \u00dear \u00e1 me\u00f0al eru ve\u00f0urgu\u00f0inn til forna, bibl\u00eduleg deiluskrif og h\u00f6f\u00f0ingi undirheima fr\u00e1 \u00e1rn\u00fd\u00f6ld.<\/p>\n<\/details>\n\n<details class=\"iwg-faq-item\">\n  <summary><strong>Hvernig er Bael l\u00fdst \u00ed frumheimildum?<\/strong><\/summary>\n  <p>Samkv\u00e6mt Ars Goetia birtist Bael me\u00f0 \u00ferj\u00fa h\u00f6fu\u00f0, \u00ed einu tilviki me\u00f0 h\u00f6fu\u00f0 p\u00f6ddu, manns og kattar, borinn \u00e1 k\u00f6ngul\u00f3arleggjum. Auk \u00feess eru til l\u00fdsingar me\u00f0 tv\u00f6 d\u00fdrah\u00f6fu\u00f0 \u00ed sta\u00f0 \u00feriggja. Lemegeton-textinn talar um hrj\u00fafa, h\u00e1sa r\u00f6dd. Textarnir eigna honum \u00feann kraft a\u00f0 veita \u00feeim sem framkallar hann s\u00fdnileika \u00ed \u00f3s\u00fdnileika. S\u00fa myndger\u00f0 sem n\u00fa er algengust var m\u00f3tu\u00f0 af Collin de Plancy \u00ed myndskreyttri \u00fatg\u00e1fu Dictionnaire infernal fr\u00e1 1863.<\/p>\n<\/details>\n\n<details class=\"iwg-faq-item\">\n  <summary><strong>Hva\u00f0a heimildir var\u00f0veita fr\u00e1sagnir um Bael?<\/strong><\/summary>\n  <p>Meginheimildirnir eru Pseudomonarchia Daemonum eftir Johann Weyer fr\u00e1 \u00e1rinu 1577, Ars Goetia sem fyrsta b\u00f3k Lemegeton og Dictionnaire infernal eftir Collin de Plancy. Weyer t\u00f3k upp eldri skr\u00e1 og endurra\u00f0a\u00f0i henni, en verk hans haf\u00f0i uppl\u00fdsingarlegt markmi\u00f0, ekki lei\u00f0beiningar um framk\u00f6llun. Me\u00f0 ensku Goetia-\u00fatg\u00e1funni fr\u00e1 1904, sem Samuel Liddell MacGregor Mathers og Aleister Crowley t\u00f3ku \u00fe\u00e1tt \u00ed, n\u00e1\u00f0i pers\u00f3nan til al\u00fej\u00f3\u00f0legra lesenda.<\/p>\n<\/details>\n\t\t\t\t\t\t\t\t<\/div>\n\t\t\t\t<div class=\"elementor-element elementor-element-wv-bael-s elementor-widget elementor-widget-html\" data-id=\"wv-bael-s\" data-element_type=\"widget\" data-e-type=\"widget\" data-widget_type=\"html.default\">\n\t\t\t\t\t<script type=\"application\/ld+json\">{\"@context\": \"https:\/\/schema.org\", \"@type\": \"FAQPage\", \"mainEntity\": [{\"@type\": \"Question\", \"name\": \"Hver er Bael?\", \"acceptedAnswer\": {\"@type\": \"Answer\", \"text\": \"Bael er fyrstur af sj\u00f6t\u00edu og tveimur \u00f6ndum Ars Goetia, fyrstu b\u00f3kar Lemegeton. \u00cd dj\u00f6flafr\u00e6\u00f0ilegri stigveldi stendur hann sem konungur efst \u00ed skr\u00e1nni og stj\u00f3rnar sext\u00edu og sex herdeildum. Nafn hans v\u00edsar til hins sem\u00edt\u00edska gu\u00f0s Baal, sem \u00e1\u00f0ur var \u00e6\u00f0sti gu\u00f0 \u00e1 s\u00fdrlensk-kanaan\u00edsku sv\u00e6\u00f0inu og var s\u00ed\u00f0ar f\u00e6r\u00f0ur ni\u00f0ur \u00ed skr\u00e1 yfir fallna anda af kristinni dj\u00f6flafr\u00e6\u00f0i.\"}}, {\"@type\": \"Question\", \"name\": \"Hva\u00f0an kemur nafni\u00f0 Bael?\", \"acceptedAnswer\": {\"@type\": \"Answer\", \"text\": \"Nafni\u00f0 Bael er stafsetningarafbrig\u00f0i af vestursem\u00edt\u00edska or\u00f0inu ba\u02bfal, sem \u00fe\u00fd\u00f0ir einfaldlega herra e\u00f0a eigandi. \u00c1 vestursem\u00edt\u00edska sv\u00e6\u00f0inu var Ba\u02bfal ekki eiginnafn heldur titill sem \u00fdmsar sta\u00f0bundnar gu\u00f0ir b\u00e1ru, til d\u00e6mis \u00fagar\u00edt\u00edski ve\u00f0urgu\u00f0inn e\u00f0a Ba\u02bfal fr\u00e1 T\u00fdrus. \u00c1 bak vi\u00f0 stafsetningarafbrig\u00f0in liggja nokkrar a\u00f0skildar hef\u00f0ir: ve\u00f0urgu\u00f0inn til forna, bibl\u00eduleg deiluskrif og h\u00f6f\u00f0ingi undirheima fr\u00e1 \u00e1rn\u00fd\u00f6ld.\"}}, {\"@type\": \"Question\", \"name\": \"Hvernig er Bael l\u00fdst \u00ed frumheimildum?\", \"acceptedAnswer\": {\"@type\": \"Answer\", \"text\": \"Samkv\u00e6mt Ars Goetia birtist Bael me\u00f0 \u00ferj\u00fa h\u00f6fu\u00f0, \u00ed einu tilviki me\u00f0 h\u00f6fu\u00f0 p\u00f6ddu, manns og kattar, borinn \u00e1 k\u00f6ngul\u00f3arleggjum. Auk \u00feess eru til l\u00fdsingar me\u00f0 tv\u00f6 d\u00fdrah\u00f6fu\u00f0 \u00ed sta\u00f0 \u00feriggja, og Lemegeton-textinn talar um hrj\u00fafa, h\u00e1sa r\u00f6dd. Textarnir eigna honum \u00feann kraft a\u00f0 veita \u00feeim sem framkallar hann s\u00fdnileika \u00ed \u00f3s\u00fdnileika. S\u00fa myndger\u00f0 sem n\u00fa er algengust var m\u00f3tu\u00f0 af Collin de Plancy \u00ed myndskreyttri \u00fatg\u00e1fu Dictionnaire infernal fr\u00e1 1863.\"}}, {\"@type\": \"Question\", \"name\": \"Hva\u00f0a heimildir var\u00f0veita fr\u00e1sagnir um Bael?\", \"acceptedAnswer\": {\"@type\": \"Answer\", \"text\": \"Meginheimildirnir eru Pseudomonarchia Daemonum eftir Johann Weyer fr\u00e1 \u00e1rinu 1577, Ars Goetia sem fyrsta b\u00f3k Lemegeton og Dictionnaire infernal eftir Collin de Plancy. Weyer t\u00f3k upp eldri skr\u00e1 og endurra\u00f0a\u00f0i henni, en verk hans haf\u00f0i uppl\u00fdsingarlegt markmi\u00f0, ekki lei\u00f0beiningar um framk\u00f6llun. Me\u00f0 ensku Goetia-\u00fatg\u00e1funni fr\u00e1 1904, sem Samuel Liddell MacGregor Mathers og Aleister Crowley t\u00f3ku \u00fe\u00e1tt \u00ed, n\u00e1\u00f0i pers\u00f3nan til al\u00fej\u00f3\u00f0legra lesenda.\"}}]}<\/script>\t\t\t\t<\/div>\n\t\t\t\t\t<\/div>\n\t\t<\/div>\n\t\t\t\t\t<\/div>\n\t\t<\/section>\n\t\t\t\t<\/div>\n\t\t","protected":false},"excerpt":{"rendered":"","protected":false},"author":3,"featured_media":2427,"parent":0,"menu_order":0,"comment_status":"closed","ping_status":"closed","template":"elementor_header_footer","meta":{"_yoast_wpseo_focuskw":"Bael","_yoast_wpseo_title":"Bael, fyrsti konungur 72 Goetia-andanna | iWell Guard","_yoast_wpseo_metadesc":"Bael \u00ed Goetiu: f\u00f6nik\u00edskur bakgrunnur, \u00fer\u00edh\u00f6f\u00f0a-myndm\u00e1l, Lemegeton-hef\u00f0in og m\u00f3tt\u00f6kusaga.","_yoast_wpseo_meta-robots-noindex":"","_yoast_wpseo_canonical":"","_angie_page":false,"gefaehrdungsstufe":"4","wesen_kultur":"christentum","wesen_klasse":"daemonen","footnotes":""},"categories":[],"class_list":["post-168883","page","type-page","status-publish","has-post-thumbnail","hentry"],"yoast_head":"<!-- This site is optimized with the Yoast SEO Premium plugin v27.7 (Yoast SEO v28.3) - https:\/\/yoast.com\/product\/yoast-seo-premium-wordpress\/ -->\n<title>Bael, fyrsti konungur 72 Goetia-andanna | iWell Guard<\/title>\n<meta name=\"description\" content=\"Bael \u00ed Goetiu: f\u00f6nik\u00edskur bakgrunnur, \u00fer\u00edh\u00f6f\u00f0a-myndm\u00e1l, Lemegeton-hef\u00f0in og m\u00f3tt\u00f6kusaga.\" \/>\n<meta name=\"robots\" content=\"index, follow, max-snippet:-1, max-image-preview:large, max-video-preview:-1\" \/>\n<link rel=\"canonical\" href=\"https:\/\/iwell-guard.com\/is\/bael\/\" \/>\n<meta property=\"og:locale\" content=\"is_IS\" \/>\n<meta property=\"og:type\" content=\"article\" \/>\n<meta property=\"og:title\" content=\"Bael\" \/>\n<meta property=\"og:description\" content=\"Bael \u00ed Goetiu: f\u00f6nik\u00edskur bakgrunnur, \u00fer\u00edh\u00f6f\u00f0a-myndm\u00e1l, Lemegeton-hef\u00f0in og m\u00f3tt\u00f6kusaga.\" \/>\n<meta property=\"og:url\" content=\"https:\/\/iwell-guard.com\/is\/bael\/\" \/>\n<meta property=\"og:site_name\" content=\"iWell Guard\" \/>\n<meta property=\"article:modified_time\" content=\"2026-09-05T14:21:53+00:00\" \/>\n<meta property=\"og:image\" content=\"https:\/\/iwell-guard.com\/wp-content\/uploads\/2026\/05\/daemonen_christentum_bael.webp\" \/>\n\t<meta property=\"og:image:width\" content=\"1024\" \/>\n\t<meta property=\"og:image:height\" content=\"1536\" \/>\n\t<meta property=\"og:image:type\" content=\"image\/webp\" \/>\n<meta name=\"twitter:card\" content=\"summary_large_image\" \/>\n<script type=\"application\/ld+json\" class=\"yoast-schema-graph\">{\"@context\":\"https:\\\/\\\/schema.org\",\"@graph\":[{\"@type\":\"WebPage\",\"@id\":\"https:\\\/\\\/iwell-guard.com\\\/is\\\/bael\\\/\",\"url\":\"https:\\\/\\\/iwell-guard.com\\\/is\\\/bael\\\/\",\"name\":\"Bael, fyrsti konungur 72 Goetia-andanna | iWell Guard\",\"isPartOf\":{\"@id\":\"https:\\\/\\\/iwell-guard.com\\\/is\\\/#website\"},\"primaryImageOfPage\":{\"@id\":\"https:\\\/\\\/iwell-guard.com\\\/is\\\/bael\\\/#primaryimage\"},\"image\":{\"@id\":\"https:\\\/\\\/iwell-guard.com\\\/is\\\/bael\\\/#primaryimage\"},\"thumbnailUrl\":\"https:\\\/\\\/iwell-guard.com\\\/wp-content\\\/uploads\\\/2026\\\/05\\\/daemonen_christentum_bael.webp\",\"datePublished\":\"2026-09-05T14:03:45+00:00\",\"dateModified\":\"2026-09-05T14:21:53+00:00\",\"description\":\"Bael \u00ed Goetiu: f\u00f6nik\u00edskur bakgrunnur, \u00fer\u00edh\u00f6f\u00f0a-myndm\u00e1l, Lemegeton-hef\u00f0in og m\u00f3tt\u00f6kusaga.\",\"breadcrumb\":{\"@id\":\"https:\\\/\\\/iwell-guard.com\\\/is\\\/bael\\\/#breadcrumb\"},\"inLanguage\":\"is\",\"potentialAction\":[{\"@type\":\"ReadAction\",\"target\":[\"https:\\\/\\\/iwell-guard.com\\\/is\\\/bael\\\/\"]}]},{\"@type\":\"ImageObject\",\"inLanguage\":\"is\",\"@id\":\"https:\\\/\\\/iwell-guard.com\\\/is\\\/bael\\\/#primaryimage\",\"url\":\"https:\\\/\\\/iwell-guard.com\\\/wp-content\\\/uploads\\\/2026\\\/05\\\/daemonen_christentum_bael.webp\",\"contentUrl\":\"https:\\\/\\\/iwell-guard.com\\\/wp-content\\\/uploads\\\/2026\\\/05\\\/daemonen_christentum_bael.webp\",\"width\":1024,\"height\":1536,\"caption\":\"Bael, dj\u00f6full \u00far hinni kristnu-hokkult\u00edsku goetia-hef\u00f0\"},{\"@type\":\"BreadcrumbList\",\"@id\":\"https:\\\/\\\/iwell-guard.com\\\/is\\\/bael\\\/#breadcrumb\",\"itemListElement\":[{\"@type\":\"ListItem\",\"position\":1,\"name\":\"Start\",\"item\":\"https:\\\/\\\/iwell-guard.com\\\/is\\\/?page_id=168580\"},{\"@type\":\"ListItem\",\"position\":2,\"name\":\"Bael\"}]},{\"@type\":\"WebSite\",\"@id\":\"https:\\\/\\\/iwell-guard.com\\\/is\\\/#website\",\"url\":\"https:\\\/\\\/iwell-guard.com\\\/is\\\/\",\"name\":\"iWell Guard\",\"description\":\"Schutz vor dunklen Einfl\u00fcssen\",\"publisher\":{\"@id\":\"https:\\\/\\\/iwell-guard.com\\\/is\\\/#organization\"},\"potentialAction\":[{\"@type\":\"SearchAction\",\"target\":{\"@type\":\"EntryPoint\",\"urlTemplate\":\"https:\\\/\\\/iwell-guard.com\\\/is\\\/?s={search_term_string}\"},\"query-input\":{\"@type\":\"PropertyValueSpecification\",\"valueRequired\":true,\"valueName\":\"search_term_string\"}}],\"inLanguage\":\"is\"},{\"@type\":\"Organization\",\"@id\":\"https:\\\/\\\/iwell-guard.com\\\/is\\\/#organization\",\"name\":\"Ittermann electronic GmbH\",\"url\":\"https:\\\/\\\/iwell-guard.com\\\/is\\\/\",\"logo\":{\"@type\":\"ImageObject\",\"inLanguage\":\"is\",\"@id\":\"https:\\\/\\\/iwell-guard.com\\\/is\\\/#\\\/schema\\\/logo\\\/image\\\/\",\"url\":\"https:\\\/\\\/iwell-guard.com\\\/wp-content\\\/uploads\\\/2026\\\/05\\\/Ittermann-Logo-1182x237-1.png\",\"contentUrl\":\"https:\\\/\\\/iwell-guard.com\\\/wp-content\\\/uploads\\\/2026\\\/05\\\/Ittermann-Logo-1182x237-1.png\",\"width\":1182,\"height\":237,\"caption\":\"Ittermann electronic GmbH\"},\"image\":{\"@id\":\"https:\\\/\\\/iwell-guard.com\\\/is\\\/#\\\/schema\\\/logo\\\/image\\\/\"},\"sameAs\":[\"https:\\\/\\\/pantip.com\\\/profile\\\/9367242\",\"https:\\\/\\\/micro.blog\\\/iwellguard\",\"https:\\\/\\\/www.diggerslist.com\\\/iwellguard\\\/about\",\"https:\\\/\\\/skitterphoto.com\\\/photographers\\\/2870314\\\/iwell-guard\",\"https:\\\/\\\/iwellguard.wordpress.com\\\/2026\\\/06\\\/06\\\/iwell-guard\\\/\",\"https:\\\/\\\/hub.docker.com\\\/u\\\/iwellguard\",\"https:\\\/\\\/www.pinterest.com\\\/iwellguard\\\/\",\"https:\\\/\\\/bit.ly\\\/m\\\/iwellguard\",\"https:\\\/\\\/entre-vos-mains.alsace.eu\\\/profiles\\\/iwellguard\\\/activity\",\"https:\\\/\\\/gravatar.com\\\/reallybeded8fd34\",\"https:\\\/\\\/naijamatta.com\\\/iwellguard\",\"https:\\\/\\\/www.goodreads.com\\\/iwellguard\",\"https:\\\/\\\/profile.hatena.ne.jp\\\/iwellguard\\\/\",\"https:\\\/\\\/experiment.com\\\/users\\\/iwellguard\",\"https:\\\/\\\/wakelet.com\\\/@iWellGuard82270\",\"https:\\\/\\\/www.chordie.com\\\/forum\\\/profile.php?id=2555664\",\"https:\\\/\\\/www.instapaper.com\\\/p\\\/17757966\",\"https:\\\/\\\/www.mapleprimes.com\\\/users\\\/iwellguard\",\"https:\\\/\\\/businesslistingplus.com\\\/profile\\\/iwell-guard\\\/\",\"https:\\\/\\\/telegra.ph\\\/iWell-Guard-06-06\",\"https:\\\/\\\/pbase.com\\\/iwellguard\\\/iwellguard\",\"https:\\\/\\\/b.hatena.ne.jp\\\/iwellguard\\\/20260607#bookmark-4788405196491818882\",\"https:\\\/\\\/fliphtml5.com\\\/home\\\/iwellguard\",\"https:\\\/\\\/anyflip.com\\\/homepage\\\/cmiwl#About\",\"https:\\\/\\\/transfur.com\\\/Users\\\/iwellguard\",\"http:\\\/\\\/delphi.larsbo.org\\\/user\\\/iwellguard\",\"https:\\\/\\\/jobs.lajobsportal.org\\\/profiles\\\/8380803-iwell-guard\",\"https:\\\/\\\/md.chaosdorf.de\\\/s\\\/jfbe5SBdJD\",\"https:\\\/\\\/www.lingvolive.com\\\/en-us\\\/profile\\\/9ecaeaca-ce11-4e51-9e71-01d55e2bff36\\\/translations\",\"https:\\\/\\\/www.fitday.com\\\/fitness\\\/forums\\\/members\\\/iwellguard.html\",\"https:\\\/\\\/www.mymeetbook.com\\\/iwellguard\",\"https:\\\/\\\/pxhere.com\\\/en\\\/photographer-me\\\/5040798\",\"https:\\\/\\\/disqus.com\\\/by\\\/iwellguard\\\/about\\\/\",\"https:\\\/\\\/pastelink.net\\\/hjwciqwq\",\"https:\\\/\\\/pubhtml5.com\\\/homepage\\\/scjhn\\\/\",\"https:\\\/\\\/www.bitchute.com\\\/channel\\\/2O2eOKzNqujT\",\"https:\\\/\\\/audiomack.com\\\/iwellguard\"]},{\"@type\":\"Article\",\"@id\":\"https:\\\/\\\/iwell-guard.com\\\/is\\\/bael\\\/#article\",\"isPartOf\":{\"@id\":\"https:\\\/\\\/iwell-guard.com\\\/is\\\/bael\\\/\"},\"author\":{\"name\":\"Ralf Ittermann\",\"@id\":\"https:\\\/\\\/iwell-guard.com\\\/is\\\/#\\\/schema\\\/person\\\/ee2a27f1cac3406c7c6fb5820cb7349f\"},\"headline\":\"Bael\",\"datePublished\":\"2026-09-05T14:03:45+00:00\",\"dateModified\":\"2026-09-05T14:21:53+00:00\",\"mainEntityOfPage\":{\"@id\":\"https:\\\/\\\/iwell-guard.com\\\/is\\\/bael\\\/\"},\"publisher\":{\"@id\":\"https:\\\/\\\/iwell-guard.com\\\/is\\\/#organization\"},\"image\":{\"@id\":\"https:\\\/\\\/iwell-guard.com\\\/is\\\/bael\\\/#primaryimage\"},\"thumbnailUrl\":\"https:\\\/\\\/iwell-guard.com\\\/wp-content\\\/uploads\\\/2026\\\/05\\\/daemonen_christentum_bael.webp\",\"inLanguage\":\"is\",\"description\":\"Bael \u00ed Goetiu: f\u00f6nik\u00edskur bakgrunnur, \u00fer\u00edh\u00f6f\u00f0a-myndm\u00e1l, Lemegeton-hef\u00f0in og m\u00f3tt\u00f6kusaga.\"}]}<\/script>\n<!-- \/ Yoast SEO Premium plugin. -->","yoast_head_json":{"title":"Bael, fyrsti konungur 72 Goetia-andanna | iWell Guard","description":"Bael \u00ed Goetiu: f\u00f6nik\u00edskur bakgrunnur, \u00fer\u00edh\u00f6f\u00f0a-myndm\u00e1l, Lemegeton-hef\u00f0in og m\u00f3tt\u00f6kusaga.","robots":{"index":"index","follow":"follow","max-snippet":"max-snippet:-1","max-image-preview":"max-image-preview:large","max-video-preview":"max-video-preview:-1"},"canonical":"https:\/\/iwell-guard.com\/is\/bael\/","og_locale":"is_IS","og_type":"article","og_title":"Bael","og_description":"Bael \u00ed Goetiu: f\u00f6nik\u00edskur bakgrunnur, \u00fer\u00edh\u00f6f\u00f0a-myndm\u00e1l, Lemegeton-hef\u00f0in og m\u00f3tt\u00f6kusaga.","og_url":"https:\/\/iwell-guard.com\/is\/bael\/","og_site_name":"iWell Guard","article_modified_time":"2026-09-05T14:21:53+00:00","og_image":[{"width":1024,"height":1536,"url":"https:\/\/iwell-guard.com\/wp-content\/uploads\/2026\/05\/daemonen_christentum_bael.webp","type":"image\/webp"}],"twitter_card":"summary_large_image","schema":{"@context":"https:\/\/schema.org","@graph":[{"@type":"Article","@id":"https:\/\/iwell-guard.com\/is\/bael\/#article","isPartOf":{"@id":"https:\/\/iwell-guard.com\/is\/bael\/"},"author":{"name":"Ralf Ittermann","@id":"https:\/\/iwell-guard.com\/is\/#\/schema\/person\/ee2a27f1cac3406c7c6fb5820cb7349f"},"headline":"Bael","datePublished":"2026-09-05T14:03:45+00:00","dateModified":"2026-09-05T14:21:53+00:00","mainEntityOfPage":{"@id":"https:\/\/iwell-guard.com\/is\/bael\/"},"publisher":{"@id":"https:\/\/iwell-guard.com\/is\/#organization"},"image":{"@id":"https:\/\/iwell-guard.com\/is\/bael\/#primaryimage"},"thumbnailUrl":"https:\/\/iwell-guard.com\/wp-content\/uploads\/2026\/05\/daemonen_christentum_bael.webp","inLanguage":"is","description":"Bael \u00ed Goetiu: f\u00f6nik\u00edskur bakgrunnur, \u00fer\u00edh\u00f6f\u00f0a-myndm\u00e1l, Lemegeton-hef\u00f0in og m\u00f3tt\u00f6kusaga."},{"@type":"WebPage","@id":"https:\/\/iwell-guard.com\/is\/bael\/","url":"https:\/\/iwell-guard.com\/is\/bael\/","name":"Bael, fyrsti konungur 72 Goetia-andanna | iWell Guard","isPartOf":{"@id":"https:\/\/iwell-guard.com\/is\/#website"},"primaryImageOfPage":{"@id":"https:\/\/iwell-guard.com\/is\/bael\/#primaryimage"},"image":{"@id":"https:\/\/iwell-guard.com\/is\/bael\/#primaryimage"},"thumbnailUrl":"https:\/\/iwell-guard.com\/wp-content\/uploads\/2026\/05\/daemonen_christentum_bael.webp","datePublished":"2026-09-05T14:03:45+00:00","dateModified":"2026-09-05T14:21:53+00:00","description":"Bael \u00ed Goetiu: f\u00f6nik\u00edskur bakgrunnur, \u00fer\u00edh\u00f6f\u00f0a-myndm\u00e1l, Lemegeton-hef\u00f0in og m\u00f3tt\u00f6kusaga.","breadcrumb":{"@id":"https:\/\/iwell-guard.com\/is\/bael\/#breadcrumb"},"inLanguage":"is","potentialAction":[{"@type":"ReadAction","target":["https:\/\/iwell-guard.com\/is\/bael\/"]}]},{"@type":"ImageObject","inLanguage":"is","@id":"https:\/\/iwell-guard.com\/is\/bael\/#primaryimage","url":"https:\/\/iwell-guard.com\/wp-content\/uploads\/2026\/05\/daemonen_christentum_bael.webp","contentUrl":"https:\/\/iwell-guard.com\/wp-content\/uploads\/2026\/05\/daemonen_christentum_bael.webp","width":1024,"height":1536,"caption":"Bael, dj\u00f6full \u00far hinni kristnu-hokkult\u00edsku goetia-hef\u00f0"},{"@type":"BreadcrumbList","@id":"https:\/\/iwell-guard.com\/is\/bael\/#breadcrumb","itemListElement":[{"@type":"ListItem","position":1,"name":"Start","item":"https:\/\/iwell-guard.com\/is\/?page_id=168580"},{"@type":"ListItem","position":2,"name":"Bael"}]},{"@type":"WebSite","@id":"https:\/\/iwell-guard.com\/is\/#website","url":"https:\/\/iwell-guard.com\/is\/","name":"iWell Guard","description":"Schutz vor dunklen Einfl\u00fcssen","publisher":{"@id":"https:\/\/iwell-guard.com\/is\/#organization"},"potentialAction":[{"@type":"SearchAction","target":{"@type":"EntryPoint","urlTemplate":"https:\/\/iwell-guard.com\/is\/?s={search_term_string}"},"query-input":{"@type":"PropertyValueSpecification","valueRequired":true,"valueName":"search_term_string"}}],"inLanguage":"is"},{"@type":"Organization","@id":"https:\/\/iwell-guard.com\/is\/#organization","name":"Ittermann electronic GmbH","url":"https:\/\/iwell-guard.com\/is\/","logo":{"@type":"ImageObject","inLanguage":"is","@id":"https:\/\/iwell-guard.com\/is\/#\/schema\/logo\/image\/","url":"https:\/\/iwell-guard.com\/wp-content\/uploads\/2026\/05\/Ittermann-Logo-1182x237-1.png","contentUrl":"https:\/\/iwell-guard.com\/wp-content\/uploads\/2026\/05\/Ittermann-Logo-1182x237-1.png","width":1182,"height":237,"caption":"Ittermann electronic GmbH"},"image":{"@id":"https:\/\/iwell-guard.com\/is\/#\/schema\/logo\/image\/"},"sameAs":["https:\/\/pantip.com\/profile\/9367242","https:\/\/micro.blog\/iwellguard","https:\/\/www.diggerslist.com\/iwellguard\/about","https:\/\/skitterphoto.com\/photographers\/2870314\/iwell-guard","https:\/\/iwellguard.wordpress.com\/2026\/06\/06\/iwell-guard\/","https:\/\/hub.docker.com\/u\/iwellguard","https:\/\/www.pinterest.com\/iwellguard\/","https:\/\/bit.ly\/m\/iwellguard","https:\/\/entre-vos-mains.alsace.eu\/profiles\/iwellguard\/activity","https:\/\/gravatar.com\/reallybeded8fd34","https:\/\/naijamatta.com\/iwellguard","https:\/\/www.goodreads.com\/iwellguard","https:\/\/profile.hatena.ne.jp\/iwellguard\/","https:\/\/experiment.com\/users\/iwellguard","https:\/\/wakelet.com\/@iWellGuard82270","https:\/\/www.chordie.com\/forum\/profile.php?id=2555664","https:\/\/www.instapaper.com\/p\/17757966","https:\/\/www.mapleprimes.com\/users\/iwellguard","https:\/\/businesslistingplus.com\/profile\/iwell-guard\/","https:\/\/telegra.ph\/iWell-Guard-06-06","https:\/\/pbase.com\/iwellguard\/iwellguard","https:\/\/b.hatena.ne.jp\/iwellguard\/20260607#bookmark-4788405196491818882","https:\/\/fliphtml5.com\/home\/iwellguard","https:\/\/anyflip.com\/homepage\/cmiwl#About","https:\/\/transfur.com\/Users\/iwellguard","http:\/\/delphi.larsbo.org\/user\/iwellguard","https:\/\/jobs.lajobsportal.org\/profiles\/8380803-iwell-guard","https:\/\/md.chaosdorf.de\/s\/jfbe5SBdJD","https:\/\/www.lingvolive.com\/en-us\/profile\/9ecaeaca-ce11-4e51-9e71-01d55e2bff36\/translations","https:\/\/www.fitday.com\/fitness\/forums\/members\/iwellguard.html","https:\/\/www.mymeetbook.com\/iwellguard","https:\/\/pxhere.com\/en\/photographer-me\/5040798","https:\/\/disqus.com\/by\/iwellguard\/about\/","https:\/\/pastelink.net\/hjwciqwq","https:\/\/pubhtml5.com\/homepage\/scjhn\/","https:\/\/www.bitchute.com\/channel\/2O2eOKzNqujT","https:\/\/audiomack.com\/iwellguard"]},{"@type":"Person","@id":"https:\/\/iwell-guard.com\/is\/#\/schema\/person\/ee2a27f1cac3406c7c6fb5820cb7349f","name":"Ralf Ittermann","image":{"@type":"ImageObject","inLanguage":"is","@id":"https:\/\/secure.gravatar.com\/avatar\/073c0153e350a5005b68eb752b445fea71f6b24a26da9449ad7e155e6b446c9d?s=96&d=mm&r=g","url":"https:\/\/secure.gravatar.com\/avatar\/073c0153e350a5005b68eb752b445fea71f6b24a26da9449ad7e155e6b446c9d?s=96&d=mm&r=g","contentUrl":"https:\/\/secure.gravatar.com\/avatar\/073c0153e350a5005b68eb752b445fea71f6b24a26da9449ad7e155e6b446c9d?s=96&d=mm&r=g","caption":"Ralf Ittermann"},"givenName":"Ralf","familyName":"Ittermann","jobTitle":"Gesch\u00e4ftsf\u00fchrer und redaktioneller Verantwortlicher","url":"https:\/\/iwell-guard.com\/is\/author\/claude\/","description":"Ralf Ittermann ist Gesch\u00e4ftsf\u00fchrer der Ittermann electronic GmbH und redaktioneller Verantwortlicher des iWell-Guard-Lexikons. Er verbindet langj\u00e4hrige Erfahrung in der Pr\u00e4zisionsfertigung mit medialer Praxis und religionsgeschichtlicher Quellenarbeit.","worksFor":{"@type":"Organization","name":"Ittermann electronic GmbH","url":"https:\/\/ittermann.de\/","address":{"@type":"PostalAddress","streetAddress":"K\u00f6hlergasse 16-18","postalCode":"99842","addressLocality":"Ruhla","addressCountry":"DE"}},"knowsAbout":["Religionsgeschichte","Mythologie","Mediale Praxis","Energetische Diagnostik","Schutzpraxis","Volksglauben","Westliche Esoterik"]},{"@type":"Article","@id":"https:\/\/iwell-guard.com\/is\/bael\/#article","isPartOf":{"@id":"https:\/\/iwell-guard.com\/is\/bael\/"},"author":{"name":"Ralf Ittermann","@id":"https:\/\/iwell-guard.com\/is\/#\/schema\/person\/ee2a27f1cac3406c7c6fb5820cb7349f"},"headline":"Bael","datePublished":"2026-09-05T14:03:45+00:00","dateModified":"2026-09-05T14:21:53+00:00","mainEntityOfPage":{"@id":"https:\/\/iwell-guard.com\/is\/bael\/"},"publisher":{"@id":"https:\/\/iwell-guard.com\/is\/#organization"},"image":{"@id":"https:\/\/iwell-guard.com\/is\/bael\/#primaryimage"},"thumbnailUrl":"https:\/\/iwell-guard.com\/wp-content\/uploads\/2026\/05\/daemonen_christentum_bael.webp","inLanguage":"is","description":"Bael \u00ed Goetiu: f\u00f6nik\u00edskur bakgrunnur, \u00fer\u00edh\u00f6f\u00f0a-myndm\u00e1l, Lemegeton-hef\u00f0in og m\u00f3tt\u00f6kusaga."}]}},"_links":{"self":[{"href":"https:\/\/iwell-guard.com\/is\/wp-json\/wp\/v2\/pages\/168883","targetHints":{"allow":["GET"]}}],"collection":[{"href":"https:\/\/iwell-guard.com\/is\/wp-json\/wp\/v2\/pages"}],"about":[{"href":"https:\/\/iwell-guard.com\/is\/wp-json\/wp\/v2\/types\/page"}],"author":[{"embeddable":true,"href":"https:\/\/iwell-guard.com\/is\/wp-json\/wp\/v2\/users\/3"}],"replies":[{"embeddable":true,"href":"https:\/\/iwell-guard.com\/is\/wp-json\/wp\/v2\/comments?post=168883"}],"version-history":[{"count":0,"href":"https:\/\/iwell-guard.com\/is\/wp-json\/wp\/v2\/pages\/168883\/revisions"}],"wp:featuredmedia":[{"embeddable":true,"href":"https:\/\/iwell-guard.com\/is\/wp-json\/wp\/v2\/media\/2427"}],"wp:attachment":[{"href":"https:\/\/iwell-guard.com\/is\/wp-json\/wp\/v2\/media?parent=168883"}],"wp:term":[{"taxonomy":"category","embeddable":true,"href":"https:\/\/iwell-guard.com\/is\/wp-json\/wp\/v2\/categories?post=168883"}],"curies":[{"name":"wp","href":"https:\/\/api.w.org\/{rel}","templated":true}]}}