{"id":168882,"date":"2026-09-05T14:03:45","date_gmt":"2026-09-05T14:03:45","guid":{"rendered":"https:\/\/iwell-guard.com\/?page_id=168882"},"modified":"2026-09-05T14:21:53","modified_gmt":"2026-09-05T14:21:53","slug":"belial","status":"publish","type":"page","link":"https:\/\/iwell-guard.com\/is\/belial\/","title":{"rendered":"Bel\u00edal"},"content":{"rendered":"\t\t<div data-elementor-type=\"wp-page\" data-elementor-id=\"168882\" class=\"elementor elementor-168882 elementor-2257 elementor-bc-flex-widget\" data-elementor-post-type=\"page\">\n\t\t\t\t<div class=\"elementor-element elementor-element-10fdade e-flex e-con-boxed e-con e-parent\" data-id=\"10fdade\" data-element_type=\"container\" data-e-type=\"container\" data-settings=\"{&quot;background_background&quot;:&quot;classic&quot;}\">\n\t\t\t\t\t<div class=\"e-con-inner\">\n\t\t<div class=\"elementor-element elementor-element-herohlft0 e-flex e-con-boxed e-con e-child\" data-id=\"herohlft0\" data-element_type=\"container\" data-e-type=\"container\">\n\t\t\t\t\t<div class=\"e-con-inner\">\n\t\t<div class=\"elementor-element elementor-element-c3ceb64 e-con-full e-flex e-con e-child\" data-id=\"c3ceb64\" data-element_type=\"container\" data-e-type=\"container\">\n\t\t\t\t<div class=\"elementor-element elementor-element-96ae5e1 elementor-widget elementor-widget-heading\" data-id=\"96ae5e1\" data-element_type=\"widget\" data-e-type=\"widget\" data-widget_type=\"heading.default\">\n\t\t\t\t\t<h1 class=\"elementor-heading-title elementor-size-default\">Bel\u00edal, konungur og engill or\u00f0anna<\/h1>\t\t\t\t<\/div>\n\t\t\t\t<div class=\"elementor-element elementor-element-e45238a elementor-widget elementor-widget-text-editor\" data-id=\"e45238a\" data-element_type=\"widget\" data-e-type=\"widget\" data-widget_type=\"text-editor.default\">\n\t\t\t\t\t\t\t\t\t<p><strong>Bel\u00edal er<\/strong> ein af elstu og m\u00e1lfarslega au\u00f0ugustu pers\u00f3num \u00ed gy\u00f0inglegri og kristinni dj\u00f6flafr\u00e6\u00f0i. \u00d3l\u00edkt Bael e\u00f0a Paimon, sem rekja r\u00e6tur s\u00ednar til f\u00f6n\u00edsk-austurlenskra gu\u00f0a, \u00e1 Bel\u00edal r\u00e6tur \u00ed hebresku m\u00e1li og \u00ed frumgy\u00f0inglegri heimsslitafr\u00e6\u00f0i.<\/p><p>\u00dar si\u00f0fer\u00f0ilegu hugtaki \u00fer\u00f3a\u00f0ist, \u00ed gegnum Qumran-ritin, nafngreindur alheimlegur andst\u00e6\u00f0ingur. \u00cd Goetia er hann sextugasti og \u00e1ttundi <span class=\"iwg-fachbegriff\" data-tooltip=\"L\u00edkamslaus vera sem eignu\u00f0 er \u00e1hrif \u00ed heiminum.\" tabindex=\"0\">andinn<\/span> og telst konungur me\u00f0 stj\u00f3rn yfir \u00e1ttat\u00edu herfylkjum.<\/p>\t\t\t\t\t\t\t\t<\/div>\n\t\t\t\t<\/div>\n\t\t<div class=\"elementor-element elementor-element-klsbdg01 e-con-full e-flex e-con e-parent\" data-id=\"klsbdg01\" data-element_type=\"container\" data-e-type=\"container\">\n\t\t\t\t<div class=\"elementor-element elementor-element-klshtm01 elementor-widget elementor-widget-html\" data-id=\"klshtm01\" data-element_type=\"widget\" data-e-type=\"widget\" data-widget_type=\"html.default\">\n\t\t\t\t\t<div class=\"iwg-pill-row\"><span class=\"iwg-klasse-badge\" tabindex=\"0\" data-tooltip=\"Daemon: Uebernatuerliches, meist schaedigendes Wesen zwischen Goettern und Menschen.\">Dj\u00f6full<\/span><a href=\"https:\/\/iwell-guard.com\/is\/?page_id=168612\" class=\"iwg-kultur-badge\" tabindex=\"0\" data-tooltip=\"Christliche Tradition seit dem 1. Jh. n. Chr.\">Kristni<\/a><\/div>\t\t\t\t<\/div>\n\t\t\t\t<\/div>\n\t\t<div class=\"elementor-element elementor-element-3f74855 e-con-full e-flex e-con e-child\" data-id=\"3f74855\" data-element_type=\"container\" data-e-type=\"container\">\n\t\t\t\t<div class=\"elementor-element elementor-element-1c30362 elementor-toc--minimized-on-tablet elementor-widget elementor-widget-table-of-contents\" data-id=\"1c30362\" data-element_type=\"widget\" data-e-type=\"widget\" data-settings=\"{&quot;exclude_headings_by_selector&quot;:[],&quot;no_headings_message&quot;:&quot;Engar undirfyrirsagnir fundust \\u00e1 \\u00feessari s\\u00ed\\u00f0u.&quot;,&quot;headings_by_tags&quot;:[&quot;h2&quot;,&quot;h3&quot;],&quot;marker_view&quot;:&quot;bullets&quot;,&quot;minimize_box&quot;:&quot;yes&quot;,&quot;icon&quot;:{&quot;value&quot;:&quot;fas fa-circle&quot;,&quot;library&quot;:&quot;fa-solid&quot;,&quot;rendered_tag&quot;:&quot;&lt;svg class=\\&quot;e-font-icon-svg e-fas-circle\\&quot; viewBox=\\&quot;0 0 512 512\\&quot; xmlns=\\&quot;http:\\\/\\\/www.w3.org\\\/2000\\\/svg\\&quot;&gt;&lt;path d=\\&quot;M256 8C119 8 8 119 8 256s111 248 248 248 248-111 248-248S393 8 256 8z\\&quot;&gt;&lt;\\\/path&gt;&lt;\\\/svg&gt;&quot;},&quot;minimized_on&quot;:&quot;tablet&quot;,&quot;hierarchical_view&quot;:&quot;yes&quot;,&quot;min_height&quot;:{&quot;unit&quot;:&quot;px&quot;,&quot;size&quot;:&quot;&quot;,&quot;sizes&quot;:[]},&quot;min_height_tablet&quot;:{&quot;unit&quot;:&quot;px&quot;,&quot;size&quot;:&quot;&quot;,&quot;sizes&quot;:[]},&quot;min_height_mobile&quot;:{&quot;unit&quot;:&quot;px&quot;,&quot;size&quot;:&quot;&quot;,&quot;sizes&quot;:[]}}\" data-widget_type=\"table-of-contents.default\">\n\t\t\t\t\t\t\t\t\t<div class=\"elementor-toc__header\">\n\t\t\t\t\t\t<h2 class=\"elementor-toc__header-title\">\n\t\t\t\tEfnisyfirlit\t\t\t<\/h2>\n\t\t\t\t\t\t\t\t\t\t<div class=\"elementor-toc__toggle-button elementor-toc__toggle-button--expand\" role=\"button\" tabindex=\"0\" aria-controls=\"elementor-toc__1c30362\" aria-expanded=\"true\" aria-label=\"Open table of contents\"><svg aria-hidden=\"true\" class=\"e-font-icon-svg e-fas-chevron-down\" viewBox=\"0 0 448 512\" xmlns=\"http:\/\/www.w3.org\/2000\/svg\"><path d=\"M207.029 381.476L12.686 187.132c-9.373-9.373-9.373-24.569 0-33.941l22.667-22.667c9.357-9.357 24.522-9.375 33.901-.04L224 284.505l154.745-154.021c9.379-9.335 24.544-9.317 33.901.04l22.667 22.667c9.373 9.373 9.373 24.569 0 33.941L240.971 381.476c-9.373 9.372-24.569 9.372-33.942 0z\"><\/path><\/svg><\/div>\n\t\t\t\t<div class=\"elementor-toc__toggle-button elementor-toc__toggle-button--collapse\" role=\"button\" tabindex=\"0\" aria-controls=\"elementor-toc__1c30362\" aria-expanded=\"true\" aria-label=\"Close table of contents\"><svg aria-hidden=\"true\" class=\"e-font-icon-svg e-fas-chevron-up\" viewBox=\"0 0 448 512\" xmlns=\"http:\/\/www.w3.org\/2000\/svg\"><path d=\"M240.971 130.524l194.343 194.343c9.373 9.373 9.373 24.569 0 33.941l-22.667 22.667c-9.357 9.357-24.522 9.375-33.901.04L224 227.495 69.255 381.516c-9.379 9.335-24.544 9.317-33.901-.04l-22.667-22.667c-9.373-9.373-9.373-24.569 0-33.941L207.03 130.525c9.372-9.373 24.568-9.373 33.941-.001z\"><\/path><\/svg><\/div>\n\t\t\t\t\t<\/div>\n\t\t\t\t<div id=\"elementor-toc__1c30362\" class=\"elementor-toc__body\">\n\t\t\t<div class=\"elementor-toc__spinner-container\">\n\t\t\t\t<svg class=\"elementor-toc__spinner eicon-animation-spin e-font-icon-svg e-eicon-loading\" aria-hidden=\"true\" viewBox=\"0 0 1000 1000\" xmlns=\"http:\/\/www.w3.org\/2000\/svg\"><path d=\"M500 975V858C696 858 858 696 858 500S696 142 500 142 142 304 142 500H25C25 237 238 25 500 25S975 237 975 500 763 975 500 975Z\"><\/path><\/svg>\t\t\t<\/div>\n\t\t<\/div>\n\t\t\t\t\t\t<\/div>\n\t\t\t\t<\/div>\n\t\t\t\t\t<\/div>\n\t\t\t\t<\/div>\n\t\t<div class=\"elementor-element elementor-element-herorght0 e-con-full e-flex e-con e-child\" data-id=\"herorght0\" data-element_type=\"container\" data-e-type=\"container\">\n\t\t\t\t<div class=\"elementor-element elementor-element-heroimg00 iwg-hero-image elementor-widget elementor-widget-image\" data-id=\"heroimg00\" data-element_type=\"widget\" data-e-type=\"widget\" data-widget_type=\"image.default\">\n\t\t\t\t\t\t\t\t\t\t\t\t\t\t\t<img fetchpriority=\"high\" decoding=\"async\" width=\"683\" height=\"1024\" src=\"https:\/\/iwell-guard.com\/wp-content\/uploads\/2026\/05\/daemonen_christentum_belial-683x1024.webp\" class=\"attachment-large size-large wp-image-170876\" alt=\"Bel\u00edal, dj\u00f6full \u00far kristilega-launhelgu Goetia-hef\u00f0inni\" srcset=\"https:\/\/iwell-guard.com\/wp-content\/uploads\/2026\/05\/daemonen_christentum_belial-683x1024.webp 683w, https:\/\/iwell-guard.com\/wp-content\/uploads\/2026\/05\/daemonen_christentum_belial-200x300.webp 200w, https:\/\/iwell-guard.com\/wp-content\/uploads\/2026\/05\/daemonen_christentum_belial-768x1152.webp 768w, https:\/\/iwell-guard.com\/wp-content\/uploads\/2026\/05\/daemonen_christentum_belial.webp 1024w\" sizes=\"(max-width: 683px) 100vw, 683px\" \/>\t\t\t\t\t\t\t\t\t\t\t\t\t\t\t<\/div>\n\t\t\t\t<\/div>\n\t\t\t\t\t<\/div>\n\t\t\t\t<\/div>\n\t\t<div class=\"elementor-element elementor-element-32917199 e-flex e-con-boxed e-con e-parent\" data-id=\"32917199\" data-element_type=\"container\" data-e-type=\"container\">\n\t\t\t\t\t<div class=\"e-con-inner\">\n\t\t<div class=\"elementor-element elementor-element-26e916cb e-flex e-con-boxed e-con e-child\" data-id=\"26e916cb\" data-element_type=\"container\" data-e-type=\"container\">\n\t\t\t\t\t<div class=\"e-con-inner\">\n\t\t<div class=\"elementor-element elementor-element-253a40d4 e-flex e-con-boxed e-con e-child\" data-id=\"253a40d4\" data-element_type=\"container\" data-e-type=\"container\">\n\t\t\t\t\t<div class=\"e-con-inner\">\n\t\t\t\t<div class=\"elementor-element elementor-element-1200c304 elementor-widget elementor-widget-heading\" data-id=\"1200c304\" data-element_type=\"widget\" data-e-type=\"widget\" data-widget_type=\"heading.default\">\n\t\t\t\t\t<h2 class=\"elementor-heading-title elementor-size-default\">Bel\u00edal<\/h2>\t\t\t\t<\/div>\n\t\t\t\t<div class=\"elementor-element elementor-element-11758e7f elementor-widget elementor-widget-text-editor\" data-id=\"11758e7f\" data-element_type=\"widget\" data-e-type=\"widget\" data-widget_type=\"text-editor.default\">\n\t\t\t\t\t\t\t\t\t<p><strong>Bel\u00edal er<\/strong> ein af elstu og m\u00e1lfarslega au\u00f0ugustu pers\u00f3num \u00ed gy\u00f0inglegri og kristinni dj\u00f6flafr\u00e6\u00f0i. \u00d3l\u00edkt Bael e\u00f0a Paimon, sem rekja r\u00e6tur s\u00ednar til f\u00f6n\u00edsk-austurlenskra gu\u00f0a, \u00e1 Bel\u00edal r\u00e6tur \u00ed hebresku m\u00e1li og \u00ed frumgy\u00f0inglegri heimsslitafr\u00e6\u00f0i.<\/p><p>\u00dar si\u00f0fer\u00f0ilegu hugtaki \u00fer\u00f3a\u00f0ist, \u00ed gegnum Qumran-ritin, nafngreindur alheimlegur andst\u00e6\u00f0ingur. \u00cd Goetia er hann sextugasti og \u00e1ttundi <span class=\"iwg-fachbegriff\" data-tooltip=\"L\u00edkamslaus vera sem eignu\u00f0 er \u00e1hrif \u00ed heiminum.\" tabindex=\"0\">andinn<\/span> og telst konungur me\u00f0 stj\u00f3rn yfir \u00e1ttat\u00edu herfylkjum.<\/p>\t\t\t\t\t\t\t\t<\/div>\n\t\t\t\t\t<\/div>\n\t\t\t\t<\/div>\n\t\t<div class=\"elementor-element elementor-element-159dcf9a e-flex e-con-boxed e-con e-child\" data-id=\"159dcf9a\" data-element_type=\"container\" data-e-type=\"container\">\n\t\t\t\t\t<div class=\"e-con-inner\">\n\t\t\t\t<div class=\"elementor-element elementor-element-48cee66f elementor-widget elementor-widget-heading\" data-id=\"48cee66f\" data-element_type=\"widget\" data-e-type=\"widget\" data-widget_type=\"heading.default\">\n\t\t\t\t\t<h2 class=\"elementor-heading-title elementor-size-default\">Skj\u00f3tt yfirlit: Bel\u00edal<\/h2>\t\t\t\t<\/div>\n\t\t\t\t<div class=\"elementor-element elementor-element-3f50d82c elementor-widget elementor-widget-text-editor\" data-id=\"3f50d82c\" data-element_type=\"widget\" data-e-type=\"widget\" data-widget_type=\"text-editor.default\">\n\t\t\t\t\t\t\t\t\t<p><strong>Tegund:<\/strong> <span class=\"iwg-fachbegriff\" data-tooltip=\"Andleg vera sem eignu\u00f0 eru ska\u00f0leg e\u00f0a tv\u00edbent \u00e1hrif.\" tabindex=\"0\">dj\u00f6full<\/span>, konungs-<span class=\"iwg-fachbegriff\" data-tooltip=\"L\u00edkamslaus vera sem eignu\u00f0 er \u00e1hrif \u00ed heiminum.\" tabindex=\"0\">andi<\/span> Ars Goetia<br><strong>Uppruni:<\/strong> Hebreska Bibl\u00edan, frumgy\u00f0ingleg heimsslitafr\u00e6\u00f0i<br><strong>Tign:<\/strong> Konungur, 68. <span class=\"iwg-fachbegriff\" data-tooltip=\"L\u00edkamslaus vera sem eignu\u00f0 er \u00e1hrif \u00ed heiminum.\" tabindex=\"0\">andi<\/span> Goetia, stj\u00f3rn yfir 80 herfylkjum<br><strong>Heimildir:<\/strong> Qumran-ritin, Testamenti hinna t\u00f3lf patr\u00edarka, Lemegeton<br><strong>Tengt:<\/strong> L\u00fasifer, Samael, Asasel, Mastema<\/p>\t\t\t\t\t\t\t\t<\/div>\n\t\t\t\t\t<\/div>\n\t\t\t\t<\/div>\n\t\t\t\t\t<\/div>\n\t\t\t\t<\/div>\n\t\t\t\t\t<\/div>\n\t\t\t\t<\/div>\n\t\t<div class=\"elementor-element elementor-element-18613602 e-flex e-con-boxed e-con e-parent\" data-id=\"18613602\" data-element_type=\"container\" data-e-type=\"container\">\n\t\t\t\t\t<div class=\"e-con-inner\">\n\t\t\t\t<div class=\"elementor-element elementor-element-262b8a9f elementor-widget elementor-widget-heading\" data-id=\"262b8a9f\" data-element_type=\"widget\" data-e-type=\"widget\" data-widget_type=\"heading.default\">\n\t\t\t\t\t<h2 class=\"elementor-heading-title elementor-size-default\">Yfirlit<\/h2>\t\t\t\t<\/div>\n\t\t<div class=\"elementor-element elementor-element-46dcb7d e-con-full e-flex e-con e-child\" data-id=\"46dcb7d\" data-element_type=\"container\" data-e-type=\"container\">\n\t\t<div class=\"elementor-element elementor-element-61d3ab3 e-flex e-con-boxed e-con e-child\" data-id=\"61d3ab3\" data-element_type=\"container\" data-e-type=\"container\">\n\t\t\t\t\t<div class=\"e-con-inner\">\n\t\t\t\t<div class=\"elementor-element elementor-element-117c166 elementor-widget elementor-widget-heading\" data-id=\"117c166\" data-element_type=\"widget\" data-e-type=\"widget\" data-widget_type=\"heading.default\">\n\t\t\t\t\t<div class=\"elementor-heading-title elementor-size-default\">T\u00edmabil textanna<\/div>\t\t\t\t<\/div>\n\t\t\t\t<div class=\"elementor-element elementor-element-73997a0 elementor-widget elementor-widget-text-editor\" data-id=\"73997a0\" data-element_type=\"widget\" data-e-type=\"widget\" data-widget_type=\"text-editor.default\">\n\t\t\t\t\t\t\t\t\t<p><span class=\"iwg-fachbegriff\" data-tooltip=\"Framsending \u00feekkingar og fr\u00e1sagna milli kynsl\u00f3\u00f0a.\" tabindex=\"0\">Munnm\u00e6lin<\/span> um Bel\u00edal spanna meira en tv\u00f6 \u00e1r\u00fe\u00fasund. \u00cd hebresku Bibl\u00edunni birtist or\u00f0i\u00f0 sem almennt hugtak, \u00e1n pers\u00f3nulegrar myndar.<\/p><p>Hin eiginlega dj\u00f6flafr\u00e6\u00f0ilega pers\u00f3na ver\u00f0ur s\u00fdnileg \u00ed Qumran-ritunum fr\u00e1 2. og 1. \u00f6ld fyrir okkar t\u00edmatal. B\u00f3kmenntaleg uppsveifla fylgir \u00e1 s\u00ed\u00f0mi\u00f0\u00f6ldum me\u00f0 Liber Belial um 1382, og hin dulspekilega-mag\u00edska \u00fatf\u00e6rsla a\u00f0 lokum \u00ed Lemegeton \u00e1 17. \u00f6ld.<\/p>\t\t\t\t\t\t\t\t<\/div>\n\t\t\t\t\t<\/div>\n\t\t\t\t<\/div>\n\t\t<div class=\"elementor-element elementor-element-d47b156 e-flex e-con-boxed e-con e-child\" data-id=\"d47b156\" data-element_type=\"container\" data-e-type=\"container\">\n\t\t\t\t\t<div class=\"e-con-inner\">\n\t\t\t\t<div class=\"elementor-element elementor-element-ff38c2b elementor-widget elementor-widget-heading\" data-id=\"ff38c2b\" data-element_type=\"widget\" data-e-type=\"widget\" data-widget_type=\"heading.default\">\n\t\t\t\t\t<div class=\"elementor-heading-title elementor-size-default\">\u00datbrei\u00f0slusv\u00e6\u00f0i<\/div>\t\t\t\t<\/div>\n\t\t\t\t<div class=\"elementor-element elementor-element-4e49fcc elementor-widget elementor-widget-text-editor\" data-id=\"4e49fcc\" data-element_type=\"widget\" data-e-type=\"widget\" data-widget_type=\"text-editor.default\">\n\t\t\t\t\t\t\t\t\t<p>Upprunasv\u00e6\u00f0i\u00f0 er <span class=\"iwg-fachbegriff\" data-tooltip=\"T\u00edmabil gr\u00edskrar og r\u00f3mverskrar menningar, um 800 f.Kr. til 600 e.Kr.\" tabindex=\"0\">forn<\/span> \u00cdsrael og frumgy\u00f0ingd\u00f3mur Palest\u00ednu, s\u00fdnilegur fyrst og fremst \u00ed textum Qumran-samf\u00e9lagsins vi\u00f0 Dau\u00f0ahafi\u00f0. \u00cd gegnum N\u00fdja testamenti\u00f0 barst nafni\u00f0 inn \u00ed hinn gr\u00edskum\u00e6landi kristna heim.<\/p><p>\u00cd hinu latneska Mi\u00f0-Evr\u00f3pu breiddist Bel\u00edal \u00fat me\u00f0 frumprentlist, \u00e1 fyrri hluta n\u00fdaldar me\u00f0 Grimoire-ritunum, og allt til n\u00fat\u00edma vestr\u00e6nnar <span class=\"iwg-fachbegriff\" data-tooltip=\"Samheiti fyrir kenningar sem gera kr\u00f6fu um dulda, a\u00f0eins innv\u00edg\u00f0um a\u00f0gengilega \u00feekkingu.\" tabindex=\"0\">dulspeki<\/span>.<\/p>\t\t\t\t\t\t\t\t<\/div>\n\t\t\t\t\t<\/div>\n\t\t\t\t<\/div>\n\t\t\t\t<\/div>\n\t\t<div class=\"elementor-element elementor-element-db03c39 e-con-full e-flex e-con e-child\" data-id=\"db03c39\" data-element_type=\"container\" data-e-type=\"container\">\n\t\t<div class=\"elementor-element elementor-element-229a87b e-flex e-con-boxed e-con e-child\" data-id=\"229a87b\" data-element_type=\"container\" data-e-type=\"container\">\n\t\t\t\t\t<div class=\"e-con-inner\">\n\t\t\t\t<div class=\"elementor-element elementor-element-1f471fc elementor-widget elementor-widget-heading\" data-id=\"1f471fc\" data-element_type=\"widget\" data-e-type=\"widget\" data-widget_type=\"heading.default\">\n\t\t\t\t\t<div class=\"elementor-heading-title elementor-size-default\">Heimildasta\u00f0a<\/div>\t\t\t\t<\/div>\n\t\t\t\t<div class=\"elementor-element elementor-element-36b1201 elementor-widget elementor-widget-text-editor\" data-id=\"36b1201\" data-element_type=\"widget\" data-e-type=\"widget\" data-widget_type=\"text-editor.default\">\n\t\t\t\t\t\t\t\t\t<p>Mikilv\u00e6gasti heimildaflokkurinn eru Qumran-ritin, n\u00e1nar tilteki\u00f0 Str\u00ed\u00f0shandriti\u00f0 (1QM), Samf\u00e9lagsreglan (1QS) og Hodayot. Vi\u00f0 \u00feetta b\u00e6tast Testamenti hinna t\u00f3lf patr\u00edarka og einn einstakur sta\u00f0ur \u00ed N\u00fdja testamentinu (2 Kor 6, 15).<\/p><p>Fyrir hina s\u00ed\u00f0ari hef\u00f0 eru Liber Belial eftir Jacobus de Theramo og Lemegeton afgerandi. Fr\u00e6\u00f0ilegar ranns\u00f3knir fjalla um Bel\u00edal fyrst og fremst \u00ed samhengi Qumran-fr\u00e6\u00f0a og Liber Belial-hef\u00f0arinnar.<\/p>\t\t\t\t\t\t\t\t<\/div>\n\t\t\t\t\t<\/div>\n\t\t\t\t<\/div>\n\t\t\t\t<\/div>\n\t\t\t\t\t<\/div>\n\t\t\t\t<\/div>\n\t\t<div class=\"elementor-element elementor-element-3ae0637c e-flex e-con-boxed e-con e-parent\" data-id=\"3ae0637c\" data-element_type=\"container\" data-e-type=\"container\">\n\t\t\t\t\t<div class=\"e-con-inner\">\n\t\t\t\t<div class=\"elementor-element elementor-element-31d07739 elementor-widget elementor-widget-heading\" data-id=\"31d07739\" data-element_type=\"widget\" data-e-type=\"widget\" data-widget_type=\"heading.default\">\n\t\t\t\t\t<h2 class=\"elementor-heading-title elementor-size-default\">Nafn<\/h2>\t\t\t\t<\/div>\n\t\t<div class=\"elementor-element elementor-element-b7642947 e-con-full e-flex e-con e-child\" data-id=\"b7642947\" data-element_type=\"container\" data-e-type=\"container\">\n\t\t\t\t<div class=\"elementor-element elementor-element-a086266 elementor-widget elementor-widget-text-editor\" data-id=\"a086266\" data-element_type=\"widget\" data-e-type=\"widget\" data-widget_type=\"text-editor.default\">\n\t\t\t\t\t\t\t\t\t<p>Nafni\u00f0 er m\u00e1lfr\u00e6\u00f0ilega umdeilt. Algengasta \u00fatsk\u00fdringin greinir hebreska or\u00f0i\u00f0 beliyya&#8217;al (\u05d1\u05b0\u05bc\u05dc\u05b4\u05d9\u05b7\u05bc\u05e2\u05b7\u05dc) \u00ed neitunina beli (\u00e1n, ekki) og annan li\u00f0. S\u00e9 \u00feessi li\u00f0ur skilinn sem ya&#8217;al \u00ed merkingunni gagn, f\u00e6st merkingin \u00e1n gagns e\u00f0a einskisver\u00f0ur.<\/p><p>\u00d6nnur t\u00falkun tengir seinni li\u00f0inn vi\u00f0 r\u00f3tina fyrir a\u00f0 st\u00edga upp og kemst a\u00f0 \u00feeim sem st\u00edgur ekki upp, sem var t\u00falka\u00f0 sem tilv\u00edsun til undirheimanna. Sj\u00f6t\u00edumanna\u00fe\u00fd\u00f0ingin (Septuaginta) \u00fe\u00fd\u00f0ir belial oft me\u00f0 paranomos (l\u00f6glaus) e\u00f0a asebes (gu\u00f0laus).<\/p><p>\u00cd N\u00fdja testamentinu birtist nafni\u00f0 \u00ed myndinni Beliar, me\u00f0 r \u00ed sta\u00f0 l. \u00deetta hlj\u00f3\u00f0afbrig\u00f0i er vel sta\u00f0fest og finnst einnig \u00ed \u00f6\u00f0rum frumgy\u00f0inglegum og frumkristnum textum.<\/p><p>\u00cd hebresku Bibl\u00edunni kemur or\u00f0asambandi\u00f0 bene beli&#8217;al, synir Bel\u00edals, fyrir sem heiti \u00e1 ofbeldisfullum, l\u00f6gleysum m\u00f6nnum (D\u00f3m 19, 22; 1 Sam 10, 27), enn \u00e1n nokkurrar tengingar vi\u00f0 \u00e1kve\u00f0inn <span class=\"iwg-fachbegriff\" data-tooltip=\"Andleg vera sem eignu\u00f0 eru ska\u00f0leg e\u00f0a tv\u00edbent \u00e1hrif.\" tabindex=\"0\">dj\u00f6ful<\/span>.<\/p>\t\t\t\t\t\t\t\t<\/div>\n\t\t\t\t<\/div>\n\t\t\t\t\t<\/div>\n\t\t\t\t<\/div>\n\t\t<div class=\"elementor-element elementor-element-709a44a8 e-flex e-con-boxed e-con e-parent\" data-id=\"709a44a8\" data-element_type=\"container\" data-e-type=\"container\">\n\t\t\t\t\t<div class=\"e-con-inner\">\n\t\t\t\t<div class=\"elementor-element elementor-element-2f585873 elementor-widget elementor-widget-heading\" data-id=\"2f585873\" data-element_type=\"widget\" data-e-type=\"widget\" data-widget_type=\"heading.default\">\n\t\t\t\t\t<h2 class=\"elementor-heading-title elementor-size-default\">L\u00fdsing<\/h2>\t\t\t\t<\/div>\n\t\t<div class=\"elementor-element elementor-element-70621c12 e-con-full e-flex e-con e-child\" data-id=\"70621c12\" data-element_type=\"container\" data-e-type=\"container\">\n\t\t\t\t<div class=\"elementor-element elementor-element-4296eb49 elementor-widget elementor-widget-text-editor\" data-id=\"4296eb49\" data-element_type=\"widget\" data-e-type=\"widget\" data-widget_type=\"text-editor.default\">\n\t\t\t\t\t\t\t\t\t<p>Bel\u00edal er \u00ed frumgy\u00f0ingd\u00f3mi ekki vera me\u00f0 fastri l\u00edkamlegri mynd, heldur pers\u00f3nuleg m\u00e1ttur sem hugsa\u00f0ur er sem lei\u00f0togi myrkursins.<\/p><p>\u00cd Str\u00ed\u00f0shandritinu stendur hann \u00ed fararbroddi hins fjandsamlega hers, Samf\u00e9lagsreglan l\u00fdsir t\u00edmabundnu valdi Bel\u00edals, \u00fear sem myrkri\u00f0 hefur m\u00e1tt yfir heiminum og yfir hj\u00f6rtum mannanna. Hodayot tala um b\u00f6nd og sn\u00f6rur Bel\u00edals, sem Gu\u00f0 frelsar b\u00e6namennina \u00far.<\/p><p>\u00dea\u00f0 er ekki fyrr en \u00ed Goetia sem hann f\u00e6r fasta myndger\u00f0. \u00dear birtist Bel\u00edal sem konungs-<span class=\"iwg-fachbegriff\" data-tooltip=\"L\u00edkamslaus vera sem eignu\u00f0 er \u00e1hrif \u00ed heiminum.\" tabindex=\"0\">andi<\/span> af s\u00e9rstakri tign, og textinn segir hann skapa\u00f0an n\u00e6stur \u00e1 eftir L\u00fasifer. Myndl\u00fdsingin s\u00fdnir tvo sk\u00ednandi <span class=\"iwg-fachbegriff\" data-tooltip=\"\u00cd eingy\u00f0istr\u00faarbr\u00f6g\u00f0unum himneskur sendibo\u00f0i Gu\u00f0s.\" tabindex=\"0\">engla<\/span> \u00e1 eldvagni, mynd sem minnir \u00e1 s\u00fdn Esek\u00edels af h\u00e1s\u00e6tisvagninum (Esek 1) og tengir Bel\u00edal vi\u00f0 h\u00e6rri englaflokka.<\/p><p>\u00cd b\u00f3kmenntalegri m\u00f3tt\u00f6ku er Bel\u00edal oft dreginn upp sem \u00edmynd lyginnar og fagurra or\u00f0a \u00e1n innihalds. John Milton gerir hann \u00ed Paradise Lost a\u00f0 einum or\u00f0heppnasta fallna <span class=\"iwg-fachbegriff\" data-tooltip=\"\u00cd eingy\u00f0istr\u00faarbr\u00f6g\u00f0unum himneskur sendibo\u00f0i Gu\u00f0s.\" tabindex=\"0\">englinum<\/span> \u00ed helv\u00edtisr\u00e1\u00f0inu, gl\u00e6silegum r\u00e6\u00f0umanni sem er hikandi \u00ed verki.<\/p><p>\u00deessi mynd er ekki s\u00f6guleg sta\u00f0fest, en tengist g\u00f6mlu Qumran-hugmyndinni um a\u00f0 skilja Bel\u00edal sem and-fursta sannleikans.<\/p>\t\t\t\t\t\t\t\t<\/div>\n\t\t\t\t<\/div>\n\t\t\t\t\t<\/div>\n\t\t\t\t<\/div>\n\t\t<div class=\"elementor-element elementor-element-44e71476 e-flex e-con-boxed e-con e-parent\" data-id=\"44e71476\" data-element_type=\"container\" data-e-type=\"container\">\n\t\t\t\t\t<div class=\"e-con-inner\">\n\t\t\t\t<div class=\"elementor-element elementor-element-3c1fc3f0 elementor-widget elementor-widget-heading\" data-id=\"3c1fc3f0\" data-element_type=\"widget\" data-e-type=\"widget\" data-widget_type=\"heading.default\">\n\t\t\t\t\t<h2 class=\"elementor-heading-title elementor-size-default\">Pers\u00f3nul\u00fdsing: Bel\u00edal<\/h2>\t\t\t\t<\/div>\n\t\t<div class=\"elementor-element elementor-element-84f33b8e e-con-full e-flex e-con e-child\" data-id=\"84f33b8e\" data-element_type=\"container\" data-e-type=\"container\">\n\t\t\t\t<div class=\"elementor-element elementor-element-hqkdc67p elementor-widget elementor-widget-text-editor\" data-id=\"hqkdc67p\" data-element_type=\"widget\" data-e-type=\"widget\" data-widget_type=\"text-editor.default\">\n\t\t\t\t\t\t\t\t\t<p>Eftirfarandi reitir taka saman Goetia-hef\u00f0ina um Bel\u00edal og tr\u00faars\u00f6gulegar r\u00e6tur hennar.<\/p>\t\t\t\t\t\t\t\t<\/div>\n\t\t\t\t<\/div>\n\t\t<div class=\"elementor-element elementor-element-pemmx7c5 e-con-full e-flex e-con e-child\" data-id=\"pemmx7c5\" data-element_type=\"container\" data-e-type=\"container\">\n\t\t<div class=\"elementor-element elementor-element-pemmx7c1 e-con-full e-flex e-con e-child\" data-id=\"pemmx7c1\" data-element_type=\"container\" data-e-type=\"container\">\n\t\t<div class=\"elementor-element elementor-element-qh9oavvu iwg-steckbrief-card e-flex e-con-boxed e-con e-child\" data-id=\"qh9oavvu\" data-element_type=\"container\" data-e-type=\"container\">\n\t\t\t\t\t<div class=\"e-con-inner\">\n\t\t\t\t<div class=\"elementor-element elementor-element-awzx8k2k elementor-widget elementor-widget-heading\" data-id=\"awzx8k2k\" data-element_type=\"widget\" data-e-type=\"widget\" data-widget_type=\"heading.default\">\n\t\t\t\t\t<div class=\"elementor-heading-title elementor-size-default\">Uppruni<\/div>\t\t\t\t<\/div>\n\t\t\t\t<div class=\"elementor-element elementor-element-x6rowhv0 elementor-widget elementor-widget-text-editor\" data-id=\"x6rowhv0\" data-element_type=\"widget\" data-e-type=\"widget\" data-widget_type=\"text-editor.default\">\n\t\t\t\t\t\t\t\t\t<p>Bel\u00edal \u00e1 r\u00e6tur \u00ed hebresku m\u00e1li, \u00fear sem beliyya&#8217;al var upphaflega si\u00f0fer\u00f0ilegt hugtak me\u00f0 merkingunni tort\u00edming e\u00f0a illmennska. Pers\u00f3nan var\u00f0 a\u00f0 pers\u00f3nulegum m\u00e6tti fyrst \u00ed frumgy\u00f0inglegri heimsslitafr\u00e6\u00f0i, s\u00e9rstaklega \u00ed Qumran-ritunum. Goetia l\u00fdsir hann skapa\u00f0an n\u00e6stur \u00e1 eftir L\u00fasifer og setur hann \u00feannig \u00ed flokk fallinna engla.<\/p>\t\t\t\t\t\t\t\t<\/div>\n\t\t\t\t\t<\/div>\n\t\t\t\t<\/div>\n\t\t<div class=\"elementor-element elementor-element-8e3o4kxs iwg-steckbrief-card e-flex e-con-boxed e-con e-child\" data-id=\"8e3o4kxs\" data-element_type=\"container\" data-e-type=\"container\">\n\t\t\t\t\t<div class=\"e-con-inner\">\n\t\t\t\t<div class=\"elementor-element elementor-element-08rkdgov elementor-widget elementor-widget-heading\" data-id=\"08rkdgov\" data-element_type=\"widget\" data-e-type=\"widget\" data-widget_type=\"heading.default\">\n\t\t\t\t\t<div class=\"elementor-heading-title elementor-size-default\">Sta\u00f0a og hlutverk<\/div>\t\t\t\t<\/div>\n\t\t\t\t<div class=\"elementor-element elementor-element-uwjelx8s elementor-widget elementor-widget-text-editor\" data-id=\"uwjelx8s\" data-element_type=\"widget\" data-e-type=\"widget\" data-widget_type=\"text-editor.default\">\n\t\t\t\t\t\t\t\t\t<p>\u00cd Goetia er Belial konungs-<span class=\"iwg-fachbegriff\" data-tooltip=\"Vera \u00e1n l\u00edkama sem s\u00f6g\u00f0 er hafa \u00e1hrif \u00ed heiminum.\" tabindex=\"0\">andi<\/span> me\u00f0 vald yfir \u00e1ttat\u00edu herdeildum og stendur sem sextugasti og \u00e1ttundi <span class=\"iwg-fachbegriff\" data-tooltip=\"Vera \u00e1n l\u00edkama sem s\u00f6g\u00f0 er hafa \u00e1hrif \u00ed heiminum.\" tabindex=\"0\">andi<\/span> \u00ed skr\u00e1nni. Samkv\u00e6mt Lemegeton veitir hann tignir, \u00f6ldungatitla og velvild og gefur einl\u00e6g sv\u00f6r vi\u00f0 spurningum. \u00cd Qumran-hef\u00f0inni er hlutverk hans anna\u00f0: \u00fear stj\u00f3rnar hann sem andst\u00e6\u00f0ingur lj\u00f3sfurstans sonum myrkursins.<\/p>\t\t\t\t\t\t\t\t<\/div>\n\t\t\t\t\t<\/div>\n\t\t\t\t<\/div>\n\t\t<div class=\"elementor-element elementor-element-jm2n74ec iwg-steckbrief-card e-flex e-con-boxed e-con e-child\" data-id=\"jm2n74ec\" data-element_type=\"container\" data-e-type=\"container\">\n\t\t\t\t\t<div class=\"e-con-inner\">\n\t\t\t\t<div class=\"elementor-element elementor-element-8vufse4c elementor-widget elementor-widget-heading\" data-id=\"8vufse4c\" data-element_type=\"widget\" data-e-type=\"widget\" data-widget_type=\"heading.default\">\n\t\t\t\t\t<div class=\"elementor-heading-title elementor-size-default\">\u00c1s\u00fdnd<\/div>\t\t\t\t<\/div>\n\t\t\t\t<div class=\"elementor-element elementor-element-mwb9u015 elementor-widget elementor-widget-text-editor\" data-id=\"mwb9u015\" data-element_type=\"widget\" data-e-type=\"widget\" data-widget_type=\"text-editor.default\">\n\t\t\t\t\t\t\t\t\t<p>Goet\u00edan l\u00fdsir Belial ekki \u00ed d\u00fdrsmynd, heldur sem tvo sk\u00ednandi <span class=\"iwg-fachbegriff\" data-tooltip=\"\u00cd eingy\u00f0istr\u00faarbr\u00f6g\u00f0unum himneskur sendibo\u00f0i Gu\u00f0s.\" tabindex=\"0\">engla<\/span> \u00e1 eldvagni. \u00deessi myndhugsun s\u00e6kir \u00ed s\u00fdn Esek\u00edels af h\u00e1s\u00e6tisvagninum og undirstrikar n\u00e1l\u00e6g\u00f0 hans vi\u00f0 \u00e6\u00f0ri engladeildir. \u00cd K\u00famrantextunum er honum ekki l\u00fdst \u00ed formi, hann er hrein valdat\u00e1kn myrkursins.<\/p>\t\t\t\t\t\t\t\t<\/div>\n\t\t\t\t\t<\/div>\n\t\t\t\t<\/div>\n\t\t\t\t<\/div>\n\t\t<div class=\"elementor-element elementor-element-pemmx7c2 e-con-full e-flex e-con e-child\" data-id=\"pemmx7c2\" data-element_type=\"container\" data-e-type=\"container\">\n\t\t<div class=\"elementor-element elementor-element-37ss2yr6 iwg-steckbrief-card e-flex e-con-boxed e-con e-child\" data-id=\"37ss2yr6\" data-element_type=\"container\" data-e-type=\"container\">\n\t\t\t\t\t<div class=\"e-con-inner\">\n\t\t\t\t<div class=\"elementor-element elementor-element-3v0wp3wx elementor-widget elementor-widget-heading\" data-id=\"3v0wp3wx\" data-element_type=\"widget\" data-e-type=\"widget\" data-widget_type=\"heading.default\">\n\t\t\t\t\t<div class=\"elementor-heading-title elementor-size-default\">Athafnarak\u00f6llun<\/div>\t\t\t\t<\/div>\n\t\t\t\t<div class=\"elementor-element elementor-element-w3247g2m elementor-widget elementor-widget-text-editor\" data-id=\"w3247g2m\" data-element_type=\"widget\" data-e-type=\"widget\" data-widget_type=\"text-editor.default\">\n\t\t\t\t\t\t\t\t\t<p>Einkennandi fyrir l\u00fdsingu Goet\u00edunnar er krafan um f\u00f3rnargjafir. \u00c1n vi\u00f0eigandi athafnar, segir textinn, muni Belial ekki gefa sannleikssamar uppl\u00fdsingar. \u00deessi skilyr\u00f0ing \u00e1 t\u00f6frai\u00f0kuninni er s\u00e9rstaklega sk\u00fdrt or\u00f0u\u00f0 hj\u00e1 Belial \u00ed Lemegeton og a\u00f0greinir hann fr\u00e1 \u00f6ndum sem svara \u00e1n skilyr\u00f0a.<\/p>\t\t\t\t\t\t\t\t<\/div>\n\t\t\t\t\t<\/div>\n\t\t\t\t<\/div>\n\t\t<div class=\"elementor-element elementor-element-0qpjal9w iwg-steckbrief-card e-flex e-con-boxed e-con e-child\" data-id=\"0qpjal9w\" data-element_type=\"container\" data-e-type=\"container\">\n\t\t\t\t\t<div class=\"e-con-inner\">\n\t\t\t\t<div class=\"elementor-element elementor-element-6ndoih0o elementor-widget elementor-widget-heading\" data-id=\"6ndoih0o\" data-element_type=\"widget\" data-e-type=\"widget\" data-widget_type=\"heading.default\">\n\t\t\t\t\t<div class=\"elementor-heading-title elementor-size-default\">Innsigli og t\u00e1kn<\/div>\t\t\t\t<\/div>\n\t\t\t\t<div class=\"elementor-element elementor-element-6684tyh9 elementor-widget elementor-widget-text-editor\" data-id=\"6684tyh9\" data-element_type=\"widget\" data-e-type=\"widget\" data-widget_type=\"text-editor.default\">\n\t\t\t\t\t\t\t\t\t<p>Innsigli Belials \u00ed Goet\u00edunni s\u00fdnir fl\u00f3ki\u00f0 stjarnfr\u00e6\u00f0ilegt mynstur \u00far l\u00ednum og hringjum. Stj\u00f6rnuspekilega er Belial tengdur vatnsberamerkinu, j\u00f6r\u00f0 er talin frumefni hans og Sat\u00farnus reikistjarna hans. \u00c1 t\u00edmum hermet\u00edskrar endurreisnar var honum eigna\u00f0ur sta\u00f0ur sem einn af fj\u00f3rum helv\u00edtisfurstum jar\u00f0arsv\u00e6\u00f0isins og hann tengdur slj\u00f3leika efnisins.<\/p>\t\t\t\t\t\t\t\t<\/div>\n\t\t\t\t\t<\/div>\n\t\t\t\t<\/div>\n\t\t<div class=\"elementor-element elementor-element-3lfi7x32 iwg-steckbrief-card e-flex e-con-boxed e-con e-child\" data-id=\"3lfi7x32\" data-element_type=\"container\" data-e-type=\"container\">\n\t\t\t\t\t<div class=\"e-con-inner\">\n\t\t\t\t<div class=\"elementor-element elementor-element-0kg99ga1 elementor-widget elementor-widget-heading\" data-id=\"0kg99ga1\" data-element_type=\"widget\" data-e-type=\"widget\" data-widget_type=\"heading.default\">\n\t\t\t\t\t<div class=\"elementor-heading-title elementor-size-default\">Tengdir andar<\/div>\t\t\t\t<\/div>\n\t\t\t\t<div class=\"elementor-element elementor-element-n0fum6kp elementor-widget elementor-widget-text-editor\" data-id=\"n0fum6kp\" data-element_type=\"widget\" data-e-type=\"widget\" data-widget_type=\"text-editor.default\">\n\t\t\t\t\t\t\t\t\t<p>\u00cd frumj\u00fadaisma stendur Belial vi\u00f0 hli\u00f0 annarra nafna fyrir hi\u00f0 gu\u00f0fjandsamlega vald, \u00fear \u00e1 me\u00f0al Satans, Mastema, Asasels og Sammaels. \u00deessi n\u00f6fn t\u00e1kna ekki alltaf s\u00f6mu sk\u00fdrt afm\u00f6rku\u00f0u pers\u00f3nuna, heldur skarast \u00feau eftir textum. \u00cd Goet\u00edunni er L\u00fas\u00edfer talinn standa honum n\u00e6st a\u00f0 ofan, vi\u00f0 Samael tengir hann s\u00ed\u00f0ari kabbal\u00edsk t\u00falkun.<\/p>\t\t\t\t\t\t\t\t<\/div>\n\t\t\t\t\t<\/div>\n\t\t\t\t<\/div>\n\t\t\t\t<\/div>\n\t\t\t\t<\/div>\n\t\t\t\t\t<\/div>\n\t\t\t\t<\/div>\n\t\t<div class=\"elementor-element elementor-element-7533bc7a e-flex e-con-boxed e-con e-parent\" data-id=\"7533bc7a\" data-element_type=\"container\" data-e-type=\"container\">\n\t\t\t\t\t<div class=\"e-con-inner\">\n\t\t\t\t<div class=\"elementor-element elementor-element-2447d18d elementor-widget elementor-widget-heading\" data-id=\"2447d18d\" data-element_type=\"widget\" data-e-type=\"widget\" data-widget_type=\"heading.default\">\n\t\t\t\t\t<h2 class=\"elementor-heading-title elementor-size-default\">M\u00f3tt\u00f6kusaga og \u00e1hrif<\/h2>\t\t\t\t<\/div>\n\t\t<div class=\"elementor-element elementor-element-d5d0260c e-con-full e-flex e-con e-child\" data-id=\"d5d0260c\" data-element_type=\"container\" data-e-type=\"container\">\n\t\t\t\t<div class=\"elementor-element elementor-element-341be2ac elementor-widget elementor-widget-text-editor\" data-id=\"341be2ac\" data-element_type=\"widget\" data-e-type=\"widget\" data-widget_type=\"text-editor.default\">\n\t\t\t\t\t\t\t\t\t<p>\u00cd kristni rann Belial a\u00f0 mestu saman vi\u00f0 dj\u00f6fulinn, en h\u00e9lt n\u00e6gu s\u00e9rst\u00e6\u00f0u einkenni til a\u00f0 lifa \u00e1fram sem sj\u00e1lfst\u00e6tt nafn \u00ed \u00e1kve\u00f0num textagreinum. Frumkristin rit eins og Himnaf\u00f6rin Jesaja nota Beliar sem heiti \u00e1 hinu gu\u00f0fjandsamlega valdi, oft me\u00f0 endat\u00edmalegum, andkristslegum einkennum.<\/p><p>Athyglisver\u00f0an s\u00ed\u00f0ari feril \u00e1tti Belial \u00e1 s\u00ed\u00f0mi\u00f0\u00f6ldum vegna Liber Belial, lat\u00ednsks m\u00e1laferlaritger\u00f0ar Jacobus de Theramo fr\u00e1 s\u00ed\u00f0ari hluta 14. aldar.<\/p><p>\u00cd ritinu \u00e1k\u00e6rir Belial \u00ed nafni helv\u00edtis Krist fyrir a\u00f0 hafa \u00e1 ni\u00f0urg\u00f6ngu sinni \u00ed undirheima hrifsa\u00f0 s\u00e1lir burt. M\u00f3ses og Sal\u00f3mon koma fram sem l\u00f6gmenn. Verki\u00f0 var\u00f0 eitt af elstu prentu\u00f0u \u00fe\u00fdsku b\u00f3kunum.<\/p><p>\u00cd dj\u00f6flafr\u00e6\u00f0i frumn\u00fdaldar t\u00f3ku galdrab\u00e6kurnar (grimoires) Belial inn \u00ed stigveldi helv\u00edtisfurstanna. Pseudomonarchia Daemonum eftir Johann Weyer og Ars Goetia l\u00fdsa honum sem voldugum konungi me\u00f0 \u00e1kve\u00f0inn fj\u00f6lda anda undir sinni stj\u00f3rn.<\/p><p>Heinrich Cornelius Agrippa nefnir hann \u00ed De occulta philosophia (1533) sem \u00e1byrgan fyrir falskri skur\u00f0go\u00f0ad\u00fdrkun og dj\u00f6fullegum deilum. \u00deessi kerfisbinding er l\u00e6r\u00f0 sm\u00ed\u00f0 fr\u00e1 frumn\u00fd\u00f6ld og ekki \u00e1framhald fornrar <span class=\"iwg-fachbegriff\" data-tooltip=\"Mi\u00f0lun \u00feekkingar og fr\u00e1sagna milli kynsl\u00f3\u00f0a.\" tabindex=\"0\">munnm\u00e6lahef\u00f0ar<\/span>, en h\u00fan hefur m\u00f3ta\u00f0 n\u00fat\u00edmamynd Belials.<\/p><p><span data-nosnippet>Crowley-Mathers \u00fatg\u00e1fan af Goet\u00edunni (1904) ger\u00f0i hann \u00feekktan \u00ed samt\u00edma <span class=\"iwg-fachbegriff\" data-tooltip=\"Samheiti fyrir kenningar sem gera kr\u00f6fu um leynilega \u00feekkingu sem a\u00f0eins innv\u00edg\u00f0ir hafa a\u00f0gang a\u00f0.\" tabindex=\"0\">es\u00f3ter\u00edk<\/span>, Joseph-Peterson \u00fatg\u00e1fan (2001) ger\u00f0i hann fr\u00e6\u00f0ilega a\u00f0gengilegan. Crowley t\u00falkar Belial sem pers\u00f3nuger\u00f0a m\u00f3tst\u00f6\u00f0u gegn viljanum, s\u00e1lfr\u00e6\u00f0ilega t\u00falkun sem tekin er upp \u00ed n\u00fat\u00edma kaos-<span class=\"iwg-fachbegriff\" data-tooltip=\"I\u00f0kanir sem \u00e6tla a\u00f0 hafa \u00e1hrif \u00e1 atbur\u00f0ar\u00e1s me\u00f0 s\u00e9rst\u00f6kum ath\u00f6fnum e\u00f0a form\u00falum.\" tabindex=\"0\">t\u00f6frum<\/span>.<\/span><\/p><p>Tr\u00faarfr\u00e6\u00f0ileg ranns\u00f3kn telur \u00feetta vera n\u00fat\u00edmalega eigin t\u00falkun sem hefur l\u00edti\u00f0 a\u00f0 gera me\u00f0 hina j\u00fad\u00f3-kristnu Belial-hef\u00f0. S\u00e1 sem kynnist Belial \u00ed dag hittir a\u00f0 mestu fyrir \u00feessa s\u00ed\u00f0b\u00fanu, b\u00f3kmenntalega m\u00f3tu\u00f0u mynd, ekki Belial K\u00famrantextanna.<\/p>\t\t\t\t\t\t\t\t<\/div>\n\t\t\t\t<\/div>\n\t\t\t\t\t<\/div>\n\t\t\t\t<\/div>\n\t\t<div class=\"elementor-element elementor-element-5a584676 e-flex e-con-boxed e-con e-parent\" data-id=\"5a584676\" data-element_type=\"container\" data-e-type=\"container\">\n\t\t\t\t\t<div class=\"e-con-inner\">\n\t\t\t\t<div class=\"elementor-element elementor-element-6d0757bf elementor-widget elementor-widget-heading\" data-id=\"6d0757bf\" data-element_type=\"widget\" data-e-type=\"widget\" data-widget_type=\"heading.default\">\n\t\t\t\t\t<h2 class=\"elementor-heading-title elementor-size-default\">Belial, samsvarandi verur \u00ed \u00f6\u00f0rum menningarheimum<\/h2>\t\t\t\t<\/div>\n\t\t<div class=\"elementor-element elementor-element-60563f68 e-con-full e-flex e-con e-child\" data-id=\"60563f68\" data-element_type=\"container\" data-e-type=\"container\">\n\t\t\t\t<div class=\"elementor-element elementor-element-5a93fdd6 elementor-widget elementor-widget-text-editor\" data-id=\"5a93fdd6\" data-element_type=\"widget\" data-e-type=\"widget\" data-widget_type=\"text-editor.default\">\n\t\t\t\t\t\t\t\t\t<p>Pers\u00f3na Belials tengist fl\u00f3knu tr\u00faars\u00f6gulegu neti. \u00cd persneskri Zoroastrisma finnst Aeshma Daeva, <span class=\"iwg-fachbegriff\" data-tooltip=\"L\u00edkamslaus vera sem s\u00f6g\u00f0 er hafa \u00e1hrif \u00ed heiminum.\" tabindex=\"0\">andi<\/span> rei\u00f0innar sem hylur sannleikann, me\u00f0 byggingarlega svipu\u00f0u hlutverki.<\/p><p>Mes\u00f3p\u00f3tam\u00edska Lamashtu-hef\u00f0in \u00feekkir verur sem sv\u00edkja lofor\u00f0 me\u00f0 t\u00e6landi or\u00f0snilld. \u00cd hind\u00faisku samhengi svarar Belial-\u00feemanu til as\u00farans Vritra, sem st\u00edflar l\u00edfsfl\u00e6\u00f0i\u00f0 me\u00f0 blekkjandi lofor\u00f0um.<\/p><p>\u00deessar hli\u00f0st\u00e6\u00f0ur eru ekki orsakatengsl, en \u00fe\u00e6r s\u00fdna endurteki\u00f0 tr\u00faars\u00f6gulegt mynstur: m\u00f3tst\u00f6\u00f0u gegn hinu heilaga sem t\u00e6landi m\u00e1tt or\u00f0anna, ekki hr\u00e1tt hryllingsvald. Innan sj\u00e1lfrar j\u00fad\u00edskrar <span class=\"iwg-fachbegriff\" data-tooltip=\"Tr\u00faarhreyfing me\u00f0 \u00e1herslu \u00e1 beina Gu\u00f0supplifun.\" tabindex=\"0\">myst\u00edk<\/span> breytist pers\u00f3nan enn frekar.<\/p><p>L\u00far\u00edanska <span class=\"iwg-fachbegriff\" data-tooltip=\"Stefna innan j\u00fad\u00edskrar myst\u00edk me\u00f0 a\u00f0alritum eins og Sefer Jezira og S\u00f3har.\" tabindex=\"0\">kabbala<\/span> tengir Belial sv\u00e6\u00f0inu Sitra Achra, hinni hli\u00f0inni, og l\u00edtur \u00e1 hann sem byggingarkraft \u00ed hinu heimsfr\u00e6\u00f0ilega drama endurheimtar hinna brotnu lj\u00f3skera. Hasid\u00edska hef\u00f0in t\u00falkar a\u00f0 lokum Belial-l\u00edka krafta fyrst og fremst sem innri hindranir \u00e1 andlegri lei\u00f0.<\/p>\t\t\t\t\t\t\t\t<\/div>\n\t\t\t\t<\/div>\n\t\t\t\t\t<\/div>\n\t\t\t\t<\/div>\n\t\t<div class=\"elementor-element elementor-element-36dd7469 e-flex e-con-boxed e-con e-parent\" data-id=\"36dd7469\" data-element_type=\"container\" data-e-type=\"container\">\n\t\t\t\t\t<div class=\"e-con-inner\">\n\t\t\t\t<div class=\"elementor-element elementor-element-13760ab4 elementor-widget elementor-widget-heading\" data-id=\"13760ab4\" data-element_type=\"widget\" data-e-type=\"widget\" data-widget_type=\"heading.default\">\n\t\t\t\t\t<h2 class=\"elementor-heading-title elementor-size-default\">\u00cdtarefni og tenglar<\/h2>\t\t\t\t<\/div>\n\t\t<div class=\"elementor-element elementor-element-28c87796 e-con-full e-flex e-con e-child\" data-id=\"28c87796\" data-element_type=\"container\" data-e-type=\"container\">\n\t\t\t\t<div class=\"elementor-element elementor-element-5d6538df elementor-widget elementor-widget-text-editor\" data-id=\"5d6538df\" data-element_type=\"widget\" data-e-type=\"widget\" data-widget_type=\"text-editor.default\">\n\t\t\t\t\t\t\t\t\t<ul><li><a href=\"https:\/\/iwell-guard.com\/is\/djoflar\/\">Dj\u00f6flar<\/a>: yfirlit dj\u00f6fla<\/li><li><a href=\"https:\/\/iwell-guard.com\/is\/?page_id=168869\">Goet\u00eda<\/a>: hef\u00f0 Ars Goetia<\/li><li><a href=\"https:\/\/iwell-guard.com\/is\/?page_id=168612\">Kristni<\/a>: menningarlegt samhengi<\/li><li><a href=\"https:\/\/iwell-guard.com\/is\/?page_id=168618\">L\u00fas\u00edfer<\/a>: <span class=\"iwg-fachbegriff\" data-tooltip=\"L\u00edkamslaus vera sem s\u00f6g\u00f0 er hafa \u00e1hrif \u00ed heiminum.\" tabindex=\"0\">andinn<\/span> sem stendur Belial n\u00e6st a\u00f0 ofan<\/li><li><a href=\"https:\/\/iwell-guard.com\/is\/?page_id=168757\">Samael<\/a>: tengd andst\u00e6\u00f0ingsvera \u00ed j\u00fad\u00edskri hef\u00f0<\/li><\/ul>\t\t\t\t\t\t\t\t<\/div>\n\t\t\t\t<\/div>\n\t\t\t\t\t<\/div>\n\t\t\t\t<\/div>\n\t\t<div class=\"elementor-element elementor-element-grl4kl40 e-flex e-con-boxed e-con e-parent\" data-id=\"grl4kl40\" data-element_type=\"container\" data-e-type=\"container\">\n\t\t\t\t\t<div class=\"e-con-inner\">\n\t\t\t\t<div class=\"elementor-element elementor-element-bzsbfrmh elementor-widget elementor-widget-heading\" data-id=\"bzsbfrmh\" data-element_type=\"widget\" data-e-type=\"widget\" data-widget_type=\"heading.default\">\n\t\t\t\t\t<h2 class=\"elementor-heading-title elementor-size-default\">Heimildir (\u00farval)<\/h2>\t\t\t\t<\/div>\n\t\t<div class=\"elementor-element elementor-element-2c13224a e-con-full e-flex e-con e-child\" data-id=\"2c13224a\" data-element_type=\"container\" data-e-type=\"container\">\n\t\t\t\t<div class=\"elementor-element elementor-element-0eymh9ub elementor-widget elementor-widget-text-editor\" data-id=\"0eymh9ub\" data-element_type=\"widget\" data-e-type=\"widget\" data-widget_type=\"text-editor.default\">\n\t\t\t\t\t\t\t\t\t<footer class=\"iwg-literatur\"><ul><li><span data-nosnippet>Joseph H. Peterson (Hg.): The Lesser Key of Solomon, Weiser 2001.<\/span><\/li><li><span data-nosnippet>Florentino Garc\u00eda Mart\u00ednez: The Dead Sea Scrolls Translated, Brill 1996.<\/span><\/li><li><span data-nosnippet>Heinrich Cornelius Agrippa: De occulta philosophia libri tres, K\u00f6ln 1533, Buch III.<\/span><\/li><li><span data-nosnippet>Jeffrey Burton Russell: The Devil. Perceptions of Evil from Antiquity to Primitive Christianity, Cornell UP 1977.<\/span><\/li><li><span data-nosnippet>Stephen Skinner, David Rankine: The Goetia of Dr. Rudd, Llewellyn 2007.<\/span><\/li><\/ul><\/footer>\t\t\t\t\t\t\t\t<\/div>\n\t\t\t\t<\/div>\n\t\t\t\t\t<\/div>\n\t\t\t\t<\/div>\n\t\t<div class=\"elementor-element elementor-element-iwgca-belial-sec e-flex e-con-boxed e-con e-parent\" data-id=\"iwgca-belial-sec\" data-element_type=\"container\" data-e-type=\"container\" id=\"iwg-ca-belial\">\n\t\t\t\t\t<div class=\"e-con-inner\">\n\t\t\t\t<div class=\"elementor-element elementor-element-iwgca-belial-te iwg-ca-textwrap elementor-widget elementor-widget-text-editor\" data-id=\"iwgca-belial-te\" data-element_type=\"widget\" data-e-type=\"widget\" data-widget_type=\"text-editor.default\">\n\t\t\t\t\t\t\t\t\t<div data-nosnippet=\"true\"><p class=\"iwg-ca-bridge\">Verndarhef\u00f0in sem h\u00e9r er l\u00fdst er v\u00edsindaleg \u00fattekt \u00e1 s\u00f6guhef\u00f0um. iWell Guard tengist \u00feessari menningars\u00f6gulegu hef\u00f0 verndargripa sem borin eru \u00e1 l\u00edkamanum og er n\u00fat\u00edmaleg \u00fatf\u00e6rsla \u00e1 henni. <a href=\"\/ueber-iwell-guard\/?utm_source=iwell-guard.com&#038;utm_medium=text-link&#038;utm_campaign=schadwesen-tradition\">Meira um iWell Guard \u2192<\/a><\/p><\/div>\t\t\t\t\t\t\t\t<\/div>\n\t\t\t\t\t<\/div>\n\t\t\t\t<\/div>\n\t\t\t\t<section class=\"elementor-section elementor-top-section elementor-element elementor-element-wv-belial-faq elementor-section-boxed elementor-section-height-default elementor-section-height-default\" data-id=\"wv-belial-faq\" data-element_type=\"section\" data-e-type=\"section\">\n\t\t\t\t\t\t<div class=\"elementor-container elementor-column-gap-default\">\n\t\t\t\t\t<div class=\"elementor-column elementor-col-100 elementor-top-column elementor-element elementor-element-wv-belial-faq-col\" data-id=\"wv-belial-faq-col\" data-element_type=\"column\" data-e-type=\"column\">\n\t\t\t<div class=\"elementor-widget-wrap elementor-element-populated\">\n\t\t\t\t\t\t<div class=\"elementor-element elementor-element-wv-belial-h elementor-widget elementor-widget-heading\" data-id=\"wv-belial-h\" data-element_type=\"widget\" data-e-type=\"widget\" data-widget_type=\"heading.default\">\n\t\t\t\t\t<h2 class=\"elementor-heading-title elementor-size-default\">Algengar spurningar um Belial<\/h2>\t\t\t\t<\/div>\n\t\t\t\t<div class=\"elementor-element elementor-element-wv-belial-t elementor-widget elementor-widget-text-editor\" data-id=\"wv-belial-t\" data-element_type=\"widget\" data-e-type=\"widget\" data-widget_type=\"text-editor.default\">\n\t\t\t\t\t\t\t\t\t\n<details class=\"iwg-faq-item\">\n  <summary><strong>Hver er Belial?<\/strong><\/summary>\n  <p>Belial er me\u00f0al elstu v\u00e6ttanna \u00ed dj\u00f6flafr\u00e6\u00f0i Gy\u00f0inga og kristinna manna. Hann \u00e1 r\u00e6tur \u00ed hebreskri m\u00e1lnotkun og \u00ed frumj\u00fad\u00edskri heimsslitatr\u00fa. \u00dar si\u00f0fer\u00f0ilegu hugtaki \u00fer\u00f3a\u00f0ist sm\u00e1m saman, \u00ed gegnum Qumran-ritin, nafngreind heimsvera \u00ed andst\u00f6\u00f0u vi\u00f0 lj\u00f3si\u00f0, sem \u00fear st\u00fdrir sonum myrkursins. \u00cd Goetiu er Belial talinn upp sem sextugasti og \u00e1ttundi andinn og er sag\u00f0ur konungur me\u00f0 valdsvi\u00f0 yfir \u00e1ttat\u00edu herfylkjum (leg\u00ed\u00f3num).<\/p>\n<\/details>\n\n<details class=\"iwg-faq-item\">\n  <summary><strong>Hva\u00f0an kemur nafni\u00f0 Belial?<\/strong><\/summary>\n  <p>Uppruni nafnsins er umdeildur me\u00f0al fr\u00e6\u00f0imanna. Algengasta sk\u00fdringin greinir hebreska or\u00f0i\u00f0 beliyya&#8217;al \u00ed neitunina beli og annan or\u00f0hluta, sem er talinn merkja gagn e\u00f0a nytsemi, og gefur \u00feannig merkinguna \u00e1n gagns e\u00f0a einskis n\u00fdtur. \u00d6nnur t\u00falkun tengir seinni hlutann vi\u00f0 r\u00f3tina fyrir a\u00f0 st\u00edga upp, sem hefur veri\u00f0 skili\u00f0 sem heiti \u00e1 undirheimunum. \u00cd N\u00fdja testamentinu birtist nafni\u00f0 \u00ed myndinni Beliar, me\u00f0 r \u00ed sta\u00f0 l.<\/p>\n<\/details>\n\n<details class=\"iwg-faq-item\">\n  <summary><strong>Hvernig er Belial l\u00fdst \u00ed Goetiu?<\/strong><\/summary>\n  <p>\u00dea\u00f0 er fyrst \u00ed Goetiu sem Belial f\u00e6r fasta mynd. \u00dear er honum ekki l\u00fdst \u00ed d\u00fdrslegri mynd, heldur sem tveimur sk\u00ednandi englum \u00e1 eldvagni. \u00deessi mynd minnir \u00e1 s\u00fdn Esek\u00edels af h\u00e1s\u00e6tisvagninum og tengir hann vi\u00f0 h\u00e6rri englaflokka. Textinn segir a\u00f0 Belial hafi veri\u00f0 skapa\u00f0ur n\u00e6st eftir L\u00fas\u00edfer. Einkennandi er krafa hans um f\u00f3rnargjafir, en \u00e1n \u00feeirra veitir hann samkv\u00e6mt textanum ekki sannar uppl\u00fdsingar.<\/p>\n<\/details>\n\n<details class=\"iwg-faq-item\">\n  <summary><strong>Hva\u00f0a heimildir var\u00f0veita fr\u00e1sagnir af Belial?<\/strong><\/summary>\n  <p>Mikilv\u00e6gasti heimildarh\u00f3purinn eru Qumran-ritin, s\u00e9rstaklega Str\u00ed\u00f0sriti\u00f0, Samf\u00e9lagsreglan og Hodayot. Vi\u00f0 \u00fea\u00f0 b\u00e6tast Testamenti hinna t\u00f3lf patr\u00edarka og eitt einstakt n\u00fdtestamentlegt vers \u00ed 2. Kor 6:15. Fyrir s\u00ed\u00f0ari t\u00edma hef\u00f0ina eru Liber Belial eftir Jacobus de Theramo fr\u00e1 lokum 14. aldar og Lemegeton fr\u00e1 17. \u00f6ld mikilv\u00e6gust. Fr\u00e6\u00f0ilegar ranns\u00f3knir fjalla um Belial fyrst og fremst \u00ed samhengi Qumran-fr\u00e6\u00f0a og Liber Belial-hef\u00f0arinnar.<\/p>\n<\/details>\n\t\t\t\t\t\t\t\t<\/div>\n\t\t\t\t<div class=\"elementor-element elementor-element-wv-belial-s elementor-widget elementor-widget-html\" data-id=\"wv-belial-s\" data-element_type=\"widget\" data-e-type=\"widget\" data-widget_type=\"html.default\">\n\t\t\t\t\t<script type=\"application\/ld+json\">{\"@context\": \"https:\/\/schema.org\", \"@type\": \"FAQPage\", \"mainEntity\": [{\"@type\": \"Question\", \"name\": \"Hver er Belial?\", \"acceptedAnswer\": {\"@type\": \"Answer\", \"text\": \"Belial er me\u00f0al elstu v\u00e6ttanna \u00ed dj\u00f6flafr\u00e6\u00f0i Gy\u00f0inga og kristinna manna og \u00e1 r\u00e6tur \u00ed hebreskri m\u00e1lnotkun og \u00ed frumj\u00fad\u00edskri heimsslitatr\u00fa. \u00dar si\u00f0fer\u00f0ilegu hugtaki \u00fer\u00f3a\u00f0ist, \u00ed gegnum Qumran-ritin, nafngreind heimsvera \u00ed andst\u00f6\u00f0u vi\u00f0 lj\u00f3si\u00f0, sem \u00fear st\u00fdrir sonum myrkursins. \u00cd Goetiu er Belial talinn upp sem sextugasti og \u00e1ttundi andinn og er sag\u00f0ur konungur me\u00f0 valdsvi\u00f0 yfir \u00e1ttat\u00edu herfylkjum.\"}}, {\"@type\": \"Question\", \"name\": \"Hva\u00f0an kemur nafni\u00f0 Belial?\", \"acceptedAnswer\": {\"@type\": \"Answer\", \"text\": \"Uppruni nafnsins er umdeildur me\u00f0al fr\u00e6\u00f0imanna. Algengasta sk\u00fdringin greinir hebreska or\u00f0i\u00f0 beliyya'al \u00ed neitunina beli og annan or\u00f0hluta, sem talinn er merkja gagn, og lei\u00f0ir \u00feannig til merkingarinnar \u00e1n gagns e\u00f0a einskis n\u00fdtur. \u00d6nnur t\u00falkun tengir seinni hlutann vi\u00f0 r\u00f3tina fyrir a\u00f0 st\u00edga upp, sem hefur veri\u00f0 skili\u00f0 sem heiti \u00e1 undirheimunum. \u00cd N\u00fdja testamentinu birtist nafni\u00f0 \u00ed myndinni Beliar, me\u00f0 r \u00ed sta\u00f0 l.\"}}, {\"@type\": \"Question\", \"name\": \"Hvernig er Belial l\u00fdst \u00ed Goetiu?\", \"acceptedAnswer\": {\"@type\": \"Answer\", \"text\": \"\u00dea\u00f0 er fyrst \u00ed Goetiu sem Belial f\u00e6r fasta mynd. \u00dear er honum ekki l\u00fdst \u00ed d\u00fdrslegri mynd, heldur sem tveimur sk\u00ednandi englum \u00e1 eldvagni, mynd sem minnir \u00e1 s\u00fdn Esek\u00edels af h\u00e1s\u00e6tisvagninum og tengir hann vi\u00f0 h\u00e6rri englaflokka. Textinn segir a\u00f0 Belial hafi veri\u00f0 skapa\u00f0ur n\u00e6st eftir L\u00fas\u00edfer. Einkennandi er krafa hans um f\u00f3rnargjafir, en \u00e1n \u00feeirra veitir hann samkv\u00e6mt textanum ekki sannar uppl\u00fdsingar.\"}}, {\"@type\": \"Question\", \"name\": \"Hva\u00f0a heimildir var\u00f0veita fr\u00e1sagnir af Belial?\", \"acceptedAnswer\": {\"@type\": \"Answer\", \"text\": \"Mikilv\u00e6gasti heimildarh\u00f3purinn eru Qumran-ritin, s\u00e9rstaklega Str\u00ed\u00f0sriti\u00f0, Samf\u00e9lagsreglan og Hodayot. Vi\u00f0 \u00fea\u00f0 b\u00e6tast Testamenti hinna t\u00f3lf patr\u00edarka og eitt einstakt n\u00fdtestamentlegt vers \u00ed 2. Kor 6:15. Fyrir s\u00ed\u00f0ari t\u00edma hef\u00f0ina eru Liber Belial eftir Jacobus de Theramo fr\u00e1 lokum 14. aldar og Lemegeton fr\u00e1 17. \u00f6ld mikilv\u00e6gust. Fr\u00e6\u00f0ilegar ranns\u00f3knir fjalla um Belial fyrst og fremst \u00ed samhengi Qumran-fr\u00e6\u00f0a og Liber Belial-hef\u00f0arinnar.\"}}]}<\/script>\t\t\t\t<\/div>\n\t\t\t\t\t<\/div>\n\t\t<\/div>\n\t\t\t\t\t<\/div>\n\t\t<\/section>\n\t\t\t\t<\/div>\n\t\t","protected":false},"excerpt":{"rendered":"","protected":false},"author":3,"featured_media":2428,"parent":0,"menu_order":0,"comment_status":"closed","ping_status":"closed","template":"elementor_header_footer","meta":{"_yoast_wpseo_focuskw":"Bel\u00edal","_yoast_wpseo_title":"Bel\u00edal: 68. andi Goetia og andst\u00e6\u00f0ingur | iWell Guard","_yoast_wpseo_metadesc":"Bel\u00edal \u00ed hebresku Bibl\u00edunni, \u00ed Qumran og \u00ed Goetia. Or\u00f0sifjar, konungstign, innsigli og tr\u00faars\u00f6guleg greining.","_yoast_wpseo_meta-robots-noindex":"","_yoast_wpseo_canonical":"","_angie_page":false,"gefaehrdungsstufe":"4","wesen_kultur":"christentum","wesen_klasse":"daemonen","footnotes":""},"categories":[],"class_list":["post-168882","page","type-page","status-publish","has-post-thumbnail","hentry"],"yoast_head":"<!-- This site is optimized with the Yoast SEO Premium plugin v27.7 (Yoast SEO v28.3) - https:\/\/yoast.com\/product\/yoast-seo-premium-wordpress\/ -->\n<title>Bel\u00edal: 68. andi Goetia og andst\u00e6\u00f0ingur | iWell Guard<\/title>\n<meta name=\"description\" content=\"Bel\u00edal \u00ed hebresku Bibl\u00edunni, \u00ed Qumran og \u00ed Goetia. Or\u00f0sifjar, konungstign, innsigli og tr\u00faars\u00f6guleg greining.\" \/>\n<meta name=\"robots\" content=\"index, follow, max-snippet:-1, max-image-preview:large, max-video-preview:-1\" \/>\n<link rel=\"canonical\" href=\"https:\/\/iwell-guard.com\/is\/belial\/\" \/>\n<meta property=\"og:locale\" content=\"is_IS\" \/>\n<meta property=\"og:type\" content=\"article\" \/>\n<meta property=\"og:title\" content=\"Bel\u00edal\" \/>\n<meta property=\"og:description\" content=\"Bel\u00edal \u00ed hebresku Bibl\u00edunni, \u00ed Qumran og \u00ed Goetia. Or\u00f0sifjar, konungstign, innsigli og tr\u00faars\u00f6guleg greining.\" \/>\n<meta property=\"og:url\" content=\"https:\/\/iwell-guard.com\/is\/belial\/\" \/>\n<meta property=\"og:site_name\" content=\"iWell Guard\" \/>\n<meta property=\"article:modified_time\" content=\"2026-09-05T14:21:53+00:00\" \/>\n<meta property=\"og:image\" content=\"https:\/\/iwell-guard.com\/wp-content\/uploads\/2026\/05\/daemonen_christentum_belial.webp\" \/>\n\t<meta property=\"og:image:width\" content=\"1024\" \/>\n\t<meta property=\"og:image:height\" content=\"1536\" \/>\n\t<meta property=\"og:image:type\" content=\"image\/webp\" \/>\n<meta name=\"twitter:card\" content=\"summary_large_image\" \/>\n<script type=\"application\/ld+json\" class=\"yoast-schema-graph\">{\"@context\":\"https:\\\/\\\/schema.org\",\"@graph\":[{\"@type\":\"WebPage\",\"@id\":\"https:\\\/\\\/iwell-guard.com\\\/is\\\/belial\\\/\",\"url\":\"https:\\\/\\\/iwell-guard.com\\\/is\\\/belial\\\/\",\"name\":\"Bel\u00edal: 68. andi Goetia og andst\u00e6\u00f0ingur | iWell Guard\",\"isPartOf\":{\"@id\":\"https:\\\/\\\/iwell-guard.com\\\/is\\\/#website\"},\"primaryImageOfPage\":{\"@id\":\"https:\\\/\\\/iwell-guard.com\\\/is\\\/belial\\\/#primaryimage\"},\"image\":{\"@id\":\"https:\\\/\\\/iwell-guard.com\\\/is\\\/belial\\\/#primaryimage\"},\"thumbnailUrl\":\"https:\\\/\\\/iwell-guard.com\\\/wp-content\\\/uploads\\\/2026\\\/05\\\/daemonen_christentum_belial.webp\",\"datePublished\":\"2026-09-05T14:03:45+00:00\",\"dateModified\":\"2026-09-05T14:21:53+00:00\",\"description\":\"Bel\u00edal \u00ed hebresku Bibl\u00edunni, \u00ed Qumran og \u00ed Goetia. Or\u00f0sifjar, konungstign, innsigli og tr\u00faars\u00f6guleg greining.\",\"breadcrumb\":{\"@id\":\"https:\\\/\\\/iwell-guard.com\\\/is\\\/belial\\\/#breadcrumb\"},\"inLanguage\":\"is\",\"potentialAction\":[{\"@type\":\"ReadAction\",\"target\":[\"https:\\\/\\\/iwell-guard.com\\\/is\\\/belial\\\/\"]}]},{\"@type\":\"ImageObject\",\"inLanguage\":\"is\",\"@id\":\"https:\\\/\\\/iwell-guard.com\\\/is\\\/belial\\\/#primaryimage\",\"url\":\"https:\\\/\\\/iwell-guard.com\\\/wp-content\\\/uploads\\\/2026\\\/05\\\/daemonen_christentum_belial.webp\",\"contentUrl\":\"https:\\\/\\\/iwell-guard.com\\\/wp-content\\\/uploads\\\/2026\\\/05\\\/daemonen_christentum_belial.webp\",\"width\":1024,\"height\":1536,\"caption\":\"Bel\u00edal, dj\u00f6full \u00far kristilega-launhelgu Goetia-hef\u00f0inni\"},{\"@type\":\"BreadcrumbList\",\"@id\":\"https:\\\/\\\/iwell-guard.com\\\/is\\\/belial\\\/#breadcrumb\",\"itemListElement\":[{\"@type\":\"ListItem\",\"position\":1,\"name\":\"Start\",\"item\":\"https:\\\/\\\/iwell-guard.com\\\/is\\\/?page_id=168580\"},{\"@type\":\"ListItem\",\"position\":2,\"name\":\"Bel\u00edal\"}]},{\"@type\":\"WebSite\",\"@id\":\"https:\\\/\\\/iwell-guard.com\\\/is\\\/#website\",\"url\":\"https:\\\/\\\/iwell-guard.com\\\/is\\\/\",\"name\":\"iWell Guard\",\"description\":\"Schutz vor dunklen Einfl\u00fcssen\",\"publisher\":{\"@id\":\"https:\\\/\\\/iwell-guard.com\\\/is\\\/#organization\"},\"potentialAction\":[{\"@type\":\"SearchAction\",\"target\":{\"@type\":\"EntryPoint\",\"urlTemplate\":\"https:\\\/\\\/iwell-guard.com\\\/is\\\/?s={search_term_string}\"},\"query-input\":{\"@type\":\"PropertyValueSpecification\",\"valueRequired\":true,\"valueName\":\"search_term_string\"}}],\"inLanguage\":\"is\"},{\"@type\":\"Organization\",\"@id\":\"https:\\\/\\\/iwell-guard.com\\\/is\\\/#organization\",\"name\":\"Ittermann electronic GmbH\",\"url\":\"https:\\\/\\\/iwell-guard.com\\\/is\\\/\",\"logo\":{\"@type\":\"ImageObject\",\"inLanguage\":\"is\",\"@id\":\"https:\\\/\\\/iwell-guard.com\\\/is\\\/#\\\/schema\\\/logo\\\/image\\\/\",\"url\":\"https:\\\/\\\/iwell-guard.com\\\/wp-content\\\/uploads\\\/2026\\\/05\\\/Ittermann-Logo-1182x237-1.png\",\"contentUrl\":\"https:\\\/\\\/iwell-guard.com\\\/wp-content\\\/uploads\\\/2026\\\/05\\\/Ittermann-Logo-1182x237-1.png\",\"width\":1182,\"height\":237,\"caption\":\"Ittermann electronic GmbH\"},\"image\":{\"@id\":\"https:\\\/\\\/iwell-guard.com\\\/is\\\/#\\\/schema\\\/logo\\\/image\\\/\"},\"sameAs\":[\"https:\\\/\\\/pantip.com\\\/profile\\\/9367242\",\"https:\\\/\\\/micro.blog\\\/iwellguard\",\"https:\\\/\\\/www.diggerslist.com\\\/iwellguard\\\/about\",\"https:\\\/\\\/skitterphoto.com\\\/photographers\\\/2870314\\\/iwell-guard\",\"https:\\\/\\\/iwellguard.wordpress.com\\\/2026\\\/06\\\/06\\\/iwell-guard\\\/\",\"https:\\\/\\\/hub.docker.com\\\/u\\\/iwellguard\",\"https:\\\/\\\/www.pinterest.com\\\/iwellguard\\\/\",\"https:\\\/\\\/bit.ly\\\/m\\\/iwellguard\",\"https:\\\/\\\/entre-vos-mains.alsace.eu\\\/profiles\\\/iwellguard\\\/activity\",\"https:\\\/\\\/gravatar.com\\\/reallybeded8fd34\",\"https:\\\/\\\/naijamatta.com\\\/iwellguard\",\"https:\\\/\\\/www.goodreads.com\\\/iwellguard\",\"https:\\\/\\\/profile.hatena.ne.jp\\\/iwellguard\\\/\",\"https:\\\/\\\/experiment.com\\\/users\\\/iwellguard\",\"https:\\\/\\\/wakelet.com\\\/@iWellGuard82270\",\"https:\\\/\\\/www.chordie.com\\\/forum\\\/profile.php?id=2555664\",\"https:\\\/\\\/www.instapaper.com\\\/p\\\/17757966\",\"https:\\\/\\\/www.mapleprimes.com\\\/users\\\/iwellguard\",\"https:\\\/\\\/businesslistingplus.com\\\/profile\\\/iwell-guard\\\/\",\"https:\\\/\\\/telegra.ph\\\/iWell-Guard-06-06\",\"https:\\\/\\\/pbase.com\\\/iwellguard\\\/iwellguard\",\"https:\\\/\\\/b.hatena.ne.jp\\\/iwellguard\\\/20260607#bookmark-4788405196491818882\",\"https:\\\/\\\/fliphtml5.com\\\/home\\\/iwellguard\",\"https:\\\/\\\/anyflip.com\\\/homepage\\\/cmiwl#About\",\"https:\\\/\\\/transfur.com\\\/Users\\\/iwellguard\",\"http:\\\/\\\/delphi.larsbo.org\\\/user\\\/iwellguard\",\"https:\\\/\\\/jobs.lajobsportal.org\\\/profiles\\\/8380803-iwell-guard\",\"https:\\\/\\\/md.chaosdorf.de\\\/s\\\/jfbe5SBdJD\",\"https:\\\/\\\/www.lingvolive.com\\\/en-us\\\/profile\\\/9ecaeaca-ce11-4e51-9e71-01d55e2bff36\\\/translations\",\"https:\\\/\\\/www.fitday.com\\\/fitness\\\/forums\\\/members\\\/iwellguard.html\",\"https:\\\/\\\/www.mymeetbook.com\\\/iwellguard\",\"https:\\\/\\\/pxhere.com\\\/en\\\/photographer-me\\\/5040798\",\"https:\\\/\\\/disqus.com\\\/by\\\/iwellguard\\\/about\\\/\",\"https:\\\/\\\/pastelink.net\\\/hjwciqwq\",\"https:\\\/\\\/pubhtml5.com\\\/homepage\\\/scjhn\\\/\",\"https:\\\/\\\/www.bitchute.com\\\/channel\\\/2O2eOKzNqujT\",\"https:\\\/\\\/audiomack.com\\\/iwellguard\"]},{\"@type\":\"Article\",\"@id\":\"https:\\\/\\\/iwell-guard.com\\\/is\\\/belial\\\/#article\",\"isPartOf\":{\"@id\":\"https:\\\/\\\/iwell-guard.com\\\/is\\\/belial\\\/\"},\"author\":{\"name\":\"Ralf Ittermann\",\"@id\":\"https:\\\/\\\/iwell-guard.com\\\/is\\\/#\\\/schema\\\/person\\\/ee2a27f1cac3406c7c6fb5820cb7349f\"},\"headline\":\"Bel\u00edal\",\"datePublished\":\"2026-09-05T14:03:45+00:00\",\"dateModified\":\"2026-09-05T14:21:53+00:00\",\"mainEntityOfPage\":{\"@id\":\"https:\\\/\\\/iwell-guard.com\\\/is\\\/belial\\\/\"},\"publisher\":{\"@id\":\"https:\\\/\\\/iwell-guard.com\\\/is\\\/#organization\"},\"image\":{\"@id\":\"https:\\\/\\\/iwell-guard.com\\\/is\\\/belial\\\/#primaryimage\"},\"thumbnailUrl\":\"https:\\\/\\\/iwell-guard.com\\\/wp-content\\\/uploads\\\/2026\\\/05\\\/daemonen_christentum_belial.webp\",\"inLanguage\":\"is\",\"description\":\"Bel\u00edal \u00ed hebresku Bibl\u00edunni, \u00ed Qumran og \u00ed Goetia. Or\u00f0sifjar, konungstign, innsigli og tr\u00faars\u00f6guleg greining.\"}]}<\/script>\n<!-- \/ Yoast SEO Premium plugin. -->","yoast_head_json":{"title":"Bel\u00edal: 68. andi Goetia og andst\u00e6\u00f0ingur | iWell Guard","description":"Bel\u00edal \u00ed hebresku Bibl\u00edunni, \u00ed Qumran og \u00ed Goetia. Or\u00f0sifjar, konungstign, innsigli og tr\u00faars\u00f6guleg greining.","robots":{"index":"index","follow":"follow","max-snippet":"max-snippet:-1","max-image-preview":"max-image-preview:large","max-video-preview":"max-video-preview:-1"},"canonical":"https:\/\/iwell-guard.com\/is\/belial\/","og_locale":"is_IS","og_type":"article","og_title":"Bel\u00edal","og_description":"Bel\u00edal \u00ed hebresku Bibl\u00edunni, \u00ed Qumran og \u00ed Goetia. Or\u00f0sifjar, konungstign, innsigli og tr\u00faars\u00f6guleg greining.","og_url":"https:\/\/iwell-guard.com\/is\/belial\/","og_site_name":"iWell Guard","article_modified_time":"2026-09-05T14:21:53+00:00","og_image":[{"width":1024,"height":1536,"url":"https:\/\/iwell-guard.com\/wp-content\/uploads\/2026\/05\/daemonen_christentum_belial.webp","type":"image\/webp"}],"twitter_card":"summary_large_image","schema":{"@context":"https:\/\/schema.org","@graph":[{"@type":"Article","@id":"https:\/\/iwell-guard.com\/is\/belial\/#article","isPartOf":{"@id":"https:\/\/iwell-guard.com\/is\/belial\/"},"author":{"name":"Ralf Ittermann","@id":"https:\/\/iwell-guard.com\/is\/#\/schema\/person\/ee2a27f1cac3406c7c6fb5820cb7349f"},"headline":"Bel\u00edal","datePublished":"2026-09-05T14:03:45+00:00","dateModified":"2026-09-05T14:21:53+00:00","mainEntityOfPage":{"@id":"https:\/\/iwell-guard.com\/is\/belial\/"},"publisher":{"@id":"https:\/\/iwell-guard.com\/is\/#organization"},"image":{"@id":"https:\/\/iwell-guard.com\/is\/belial\/#primaryimage"},"thumbnailUrl":"https:\/\/iwell-guard.com\/wp-content\/uploads\/2026\/05\/daemonen_christentum_belial.webp","inLanguage":"is","description":"Bel\u00edal \u00ed hebresku Bibl\u00edunni, \u00ed Qumran og \u00ed Goetia. Or\u00f0sifjar, konungstign, innsigli og tr\u00faars\u00f6guleg greining."},{"@type":"WebPage","@id":"https:\/\/iwell-guard.com\/is\/belial\/","url":"https:\/\/iwell-guard.com\/is\/belial\/","name":"Bel\u00edal: 68. andi Goetia og andst\u00e6\u00f0ingur | iWell Guard","isPartOf":{"@id":"https:\/\/iwell-guard.com\/is\/#website"},"primaryImageOfPage":{"@id":"https:\/\/iwell-guard.com\/is\/belial\/#primaryimage"},"image":{"@id":"https:\/\/iwell-guard.com\/is\/belial\/#primaryimage"},"thumbnailUrl":"https:\/\/iwell-guard.com\/wp-content\/uploads\/2026\/05\/daemonen_christentum_belial.webp","datePublished":"2026-09-05T14:03:45+00:00","dateModified":"2026-09-05T14:21:53+00:00","description":"Bel\u00edal \u00ed hebresku Bibl\u00edunni, \u00ed Qumran og \u00ed Goetia. Or\u00f0sifjar, konungstign, innsigli og tr\u00faars\u00f6guleg greining.","breadcrumb":{"@id":"https:\/\/iwell-guard.com\/is\/belial\/#breadcrumb"},"inLanguage":"is","potentialAction":[{"@type":"ReadAction","target":["https:\/\/iwell-guard.com\/is\/belial\/"]}]},{"@type":"ImageObject","inLanguage":"is","@id":"https:\/\/iwell-guard.com\/is\/belial\/#primaryimage","url":"https:\/\/iwell-guard.com\/wp-content\/uploads\/2026\/05\/daemonen_christentum_belial.webp","contentUrl":"https:\/\/iwell-guard.com\/wp-content\/uploads\/2026\/05\/daemonen_christentum_belial.webp","width":1024,"height":1536,"caption":"Bel\u00edal, dj\u00f6full \u00far kristilega-launhelgu Goetia-hef\u00f0inni"},{"@type":"BreadcrumbList","@id":"https:\/\/iwell-guard.com\/is\/belial\/#breadcrumb","itemListElement":[{"@type":"ListItem","position":1,"name":"Start","item":"https:\/\/iwell-guard.com\/is\/?page_id=168580"},{"@type":"ListItem","position":2,"name":"Bel\u00edal"}]},{"@type":"WebSite","@id":"https:\/\/iwell-guard.com\/is\/#website","url":"https:\/\/iwell-guard.com\/is\/","name":"iWell Guard","description":"Schutz vor dunklen Einfl\u00fcssen","publisher":{"@id":"https:\/\/iwell-guard.com\/is\/#organization"},"potentialAction":[{"@type":"SearchAction","target":{"@type":"EntryPoint","urlTemplate":"https:\/\/iwell-guard.com\/is\/?s={search_term_string}"},"query-input":{"@type":"PropertyValueSpecification","valueRequired":true,"valueName":"search_term_string"}}],"inLanguage":"is"},{"@type":"Organization","@id":"https:\/\/iwell-guard.com\/is\/#organization","name":"Ittermann electronic GmbH","url":"https:\/\/iwell-guard.com\/is\/","logo":{"@type":"ImageObject","inLanguage":"is","@id":"https:\/\/iwell-guard.com\/is\/#\/schema\/logo\/image\/","url":"https:\/\/iwell-guard.com\/wp-content\/uploads\/2026\/05\/Ittermann-Logo-1182x237-1.png","contentUrl":"https:\/\/iwell-guard.com\/wp-content\/uploads\/2026\/05\/Ittermann-Logo-1182x237-1.png","width":1182,"height":237,"caption":"Ittermann electronic GmbH"},"image":{"@id":"https:\/\/iwell-guard.com\/is\/#\/schema\/logo\/image\/"},"sameAs":["https:\/\/pantip.com\/profile\/9367242","https:\/\/micro.blog\/iwellguard","https:\/\/www.diggerslist.com\/iwellguard\/about","https:\/\/skitterphoto.com\/photographers\/2870314\/iwell-guard","https:\/\/iwellguard.wordpress.com\/2026\/06\/06\/iwell-guard\/","https:\/\/hub.docker.com\/u\/iwellguard","https:\/\/www.pinterest.com\/iwellguard\/","https:\/\/bit.ly\/m\/iwellguard","https:\/\/entre-vos-mains.alsace.eu\/profiles\/iwellguard\/activity","https:\/\/gravatar.com\/reallybeded8fd34","https:\/\/naijamatta.com\/iwellguard","https:\/\/www.goodreads.com\/iwellguard","https:\/\/profile.hatena.ne.jp\/iwellguard\/","https:\/\/experiment.com\/users\/iwellguard","https:\/\/wakelet.com\/@iWellGuard82270","https:\/\/www.chordie.com\/forum\/profile.php?id=2555664","https:\/\/www.instapaper.com\/p\/17757966","https:\/\/www.mapleprimes.com\/users\/iwellguard","https:\/\/businesslistingplus.com\/profile\/iwell-guard\/","https:\/\/telegra.ph\/iWell-Guard-06-06","https:\/\/pbase.com\/iwellguard\/iwellguard","https:\/\/b.hatena.ne.jp\/iwellguard\/20260607#bookmark-4788405196491818882","https:\/\/fliphtml5.com\/home\/iwellguard","https:\/\/anyflip.com\/homepage\/cmiwl#About","https:\/\/transfur.com\/Users\/iwellguard","http:\/\/delphi.larsbo.org\/user\/iwellguard","https:\/\/jobs.lajobsportal.org\/profiles\/8380803-iwell-guard","https:\/\/md.chaosdorf.de\/s\/jfbe5SBdJD","https:\/\/www.lingvolive.com\/en-us\/profile\/9ecaeaca-ce11-4e51-9e71-01d55e2bff36\/translations","https:\/\/www.fitday.com\/fitness\/forums\/members\/iwellguard.html","https:\/\/www.mymeetbook.com\/iwellguard","https:\/\/pxhere.com\/en\/photographer-me\/5040798","https:\/\/disqus.com\/by\/iwellguard\/about\/","https:\/\/pastelink.net\/hjwciqwq","https:\/\/pubhtml5.com\/homepage\/scjhn\/","https:\/\/www.bitchute.com\/channel\/2O2eOKzNqujT","https:\/\/audiomack.com\/iwellguard"]},{"@type":"Person","@id":"https:\/\/iwell-guard.com\/is\/#\/schema\/person\/ee2a27f1cac3406c7c6fb5820cb7349f","name":"Ralf Ittermann","image":{"@type":"ImageObject","inLanguage":"is","@id":"https:\/\/secure.gravatar.com\/avatar\/073c0153e350a5005b68eb752b445fea71f6b24a26da9449ad7e155e6b446c9d?s=96&d=mm&r=g","url":"https:\/\/secure.gravatar.com\/avatar\/073c0153e350a5005b68eb752b445fea71f6b24a26da9449ad7e155e6b446c9d?s=96&d=mm&r=g","contentUrl":"https:\/\/secure.gravatar.com\/avatar\/073c0153e350a5005b68eb752b445fea71f6b24a26da9449ad7e155e6b446c9d?s=96&d=mm&r=g","caption":"Ralf Ittermann"},"givenName":"Ralf","familyName":"Ittermann","jobTitle":"Gesch\u00e4ftsf\u00fchrer und redaktioneller Verantwortlicher","url":"https:\/\/iwell-guard.com\/is\/author\/claude\/","description":"Ralf Ittermann ist Gesch\u00e4ftsf\u00fchrer der Ittermann electronic GmbH und redaktioneller Verantwortlicher des iWell-Guard-Lexikons. Er verbindet langj\u00e4hrige Erfahrung in der Pr\u00e4zisionsfertigung mit medialer Praxis und religionsgeschichtlicher Quellenarbeit.","worksFor":{"@type":"Organization","name":"Ittermann electronic GmbH","url":"https:\/\/ittermann.de\/","address":{"@type":"PostalAddress","streetAddress":"K\u00f6hlergasse 16-18","postalCode":"99842","addressLocality":"Ruhla","addressCountry":"DE"}},"knowsAbout":["Religionsgeschichte","Mythologie","Mediale Praxis","Energetische Diagnostik","Schutzpraxis","Volksglauben","Westliche Esoterik"]},{"@type":"Article","@id":"https:\/\/iwell-guard.com\/is\/belial\/#article","isPartOf":{"@id":"https:\/\/iwell-guard.com\/is\/belial\/"},"author":{"name":"Ralf Ittermann","@id":"https:\/\/iwell-guard.com\/is\/#\/schema\/person\/ee2a27f1cac3406c7c6fb5820cb7349f"},"headline":"Bel\u00edal","datePublished":"2026-09-05T14:03:45+00:00","dateModified":"2026-09-05T14:21:53+00:00","mainEntityOfPage":{"@id":"https:\/\/iwell-guard.com\/is\/belial\/"},"publisher":{"@id":"https:\/\/iwell-guard.com\/is\/#organization"},"image":{"@id":"https:\/\/iwell-guard.com\/is\/belial\/#primaryimage"},"thumbnailUrl":"https:\/\/iwell-guard.com\/wp-content\/uploads\/2026\/05\/daemonen_christentum_belial.webp","inLanguage":"is","description":"Bel\u00edal \u00ed hebresku Bibl\u00edunni, \u00ed Qumran og \u00ed Goetia. Or\u00f0sifjar, konungstign, innsigli og tr\u00faars\u00f6guleg greining."}]}},"_links":{"self":[{"href":"https:\/\/iwell-guard.com\/is\/wp-json\/wp\/v2\/pages\/168882","targetHints":{"allow":["GET"]}}],"collection":[{"href":"https:\/\/iwell-guard.com\/is\/wp-json\/wp\/v2\/pages"}],"about":[{"href":"https:\/\/iwell-guard.com\/is\/wp-json\/wp\/v2\/types\/page"}],"author":[{"embeddable":true,"href":"https:\/\/iwell-guard.com\/is\/wp-json\/wp\/v2\/users\/3"}],"replies":[{"embeddable":true,"href":"https:\/\/iwell-guard.com\/is\/wp-json\/wp\/v2\/comments?post=168882"}],"version-history":[{"count":0,"href":"https:\/\/iwell-guard.com\/is\/wp-json\/wp\/v2\/pages\/168882\/revisions"}],"wp:featuredmedia":[{"embeddable":true,"href":"https:\/\/iwell-guard.com\/is\/wp-json\/wp\/v2\/media\/2428"}],"wp:attachment":[{"href":"https:\/\/iwell-guard.com\/is\/wp-json\/wp\/v2\/media?parent=168882"}],"wp:term":[{"taxonomy":"category","embeddable":true,"href":"https:\/\/iwell-guard.com\/is\/wp-json\/wp\/v2\/categories?post=168882"}],"curies":[{"name":"wp","href":"https:\/\/api.w.org\/{rel}","templated":true}]}}