{"id":168881,"date":"2026-09-05T14:03:45","date_gmt":"2026-09-05T14:03:45","guid":{"rendered":"https:\/\/iwell-guard.com\/?page_id=168881"},"modified":"2026-09-05T14:21:53","modified_gmt":"2026-09-05T14:21:53","slug":"medea","status":"publish","type":"page","link":"https:\/\/iwell-guard.com\/is\/medea\/","title":{"rendered":"Medea"},"content":{"rendered":"\t\t<div data-elementor-type=\"wp-page\" data-elementor-id=\"168881\" class=\"elementor elementor-168881 elementor-2255 elementor-bc-flex-widget\" data-elementor-post-type=\"page\">\n\t\t\t\t<div class=\"elementor-element elementor-element-4e1cceb e-flex e-con-boxed e-con e-parent\" data-id=\"4e1cceb\" data-element_type=\"container\" data-e-type=\"container\" data-settings=\"{&quot;background_background&quot;:&quot;classic&quot;}\">\n\t\t\t\t\t<div class=\"e-con-inner\">\n\t\t<div class=\"elementor-element elementor-element-a09588f e-flex e-con-boxed e-con e-child\" data-id=\"a09588f\" data-element_type=\"container\" data-e-type=\"container\">\n\t\t\t\t\t<div class=\"e-con-inner\">\n\t\t<div class=\"elementor-element elementor-element-e99e63b e-con-full e-flex e-con e-child\" data-id=\"e99e63b\" data-element_type=\"container\" data-e-type=\"container\">\n\t\t\t\t<div class=\"elementor-element elementor-element-e50d850 elementor-widget elementor-widget-heading\" data-id=\"e50d850\" data-element_type=\"widget\" data-e-type=\"widget\" data-widget_type=\"heading.default\">\n\t\t\t\t\t<h1 class=\"elementor-heading-title elementor-size-default\">Medea, k\u00f3lk\u00edsk galdrakona og harms\u00f6guleg hetja<\/h1>\t\t\t\t<\/div>\n\t\t\t\t<div class=\"elementor-element elementor-element-de5f0e9 elementor-widget elementor-widget-text-editor\" data-id=\"de5f0e9\" data-element_type=\"widget\" data-e-type=\"widget\" data-widget_type=\"text-editor.default\">\n\t\t\t\t\t\t\t\t\t<p>Medea er ein af margslungnustu pers\u00f3num gr\u00edskrar <span class=\"iwg-fachbegriff\" data-tooltip=\"Heildarsafn \u00feeirra sagna um gu\u00f0i sem var\u00f0veist hafa \u00ed tiltekinni menningu.\" tabindex=\"0\">go\u00f0afr\u00e6\u00f0i<\/span>. H\u00fan er galdrakona, konungsd\u00f3ttir fr\u00e1 fjarl\u00e6gu K\u00f3lkis vi\u00f0 Svartahaf, prestynja <a href=\"https:\/\/iwell-guard.com\/is\/?page_id=168601\">Hek\u00f6tu<\/a>, \u00e1stkona og s\u00ed\u00f0ar hafna\u00f0 af \u00cdason, og m\u00f3\u00f0ir sem drepur eigin b\u00f6rn.<\/p><p>Saga hennar sameinar <span class=\"iwg-fachbegriff\" data-tooltip=\"Var\u00f0veitt fr\u00e1s\u00f6gn um gu\u00f0i, uppruna og skipulag heimsins.\" tabindex=\"0\">go\u00f0s\u00f6gu<\/span>, <span class=\"iwg-fachbegriff\" data-tooltip=\"Athafnir sem \u00e6tla\u00f0 er a\u00f0 hafa \u00e1hrif \u00e1 gang hlutanna me\u00f0 s\u00e9rst\u00f6kum gj\u00f6r\u00f0um e\u00f0a form\u00falum.\" tabindex=\"0\">galdur<\/span> og harmleik. \u00d3l\u00edkt gu\u00f0legum pers\u00f3num eins og <a href=\"https:\/\/iwell-guard.com\/is\/?page_id=168880\">Afr\u00f3d\u00edtu<\/a> e\u00f0a <a href=\"https:\/\/iwell-guard.com\/is\/?page_id=168879\">Erosi<\/a> er Medea dau\u00f0leg, en galdrakunn\u00e1tta hennar og n\u00e1l\u00e6g\u00f0 vi\u00f0 Hek\u00f6tu gefa henni st\u00f6\u00f0u milli manns og yfirn\u00e1tt\u00farulegs valds.<\/p>\t\t\t\t\t\t\t\t<\/div>\n\t\t\t\t<\/div>\n\t\t<div class=\"elementor-element elementor-element-8d7c2cb e-con-full e-flex e-con e-parent\" data-id=\"8d7c2cb\" data-element_type=\"container\" data-e-type=\"container\">\n\t\t\t\t<div class=\"elementor-element elementor-element-23a68be elementor-widget elementor-widget-html\" data-id=\"23a68be\" data-element_type=\"widget\" data-e-type=\"widget\" data-widget_type=\"html.default\">\n\t\t\t\t\t<div class=\"iwg-pill-row\"><span class=\"iwg-klasse-badge\" tabindex=\"0\" data-tooltip=\"Gu\u00f0 \/ gy\u00f0ja: Pers\u00f3nuger\u00f0 \u00e6\u00f0sta vald \u00ed go\u00f0aheimi menningar, me\u00f0 sk\u00fdrum verksvi\u00f0um \u2014 n\u00e1tt\u00faru\u00f6fl, \u00f6rl\u00f6g, str\u00ed\u00f0, frj\u00f3semi. D\u00fdrku\u00f0 me\u00f0 helgisi\u00f0um, f\u00f3rnum og hofsstofnunum.\">Gu\u00f0<\/span><a href=\"https:\/\/iwell-guard.com\/is\/?page_id=168594\" class=\"iwg-kultur-badge\" tabindex=\"0\" data-tooltip=\"Tr\u00faarbr\u00f6g\u00f0 og go\u00f0afr\u00e6\u00f0i Grikklands til forna, fr\u00e1 m\u00fdkenskum t\u00edma til s\u00ed\u00f0fornaldar.\">Grikkland<\/a><\/div>\t\t\t\t<\/div>\n\t\t\t\t<\/div>\n\t\t<div class=\"elementor-element elementor-element-7059463 e-con-full e-flex e-con e-child\" data-id=\"7059463\" data-element_type=\"container\" data-e-type=\"container\">\n\t\t\t\t<div class=\"elementor-element elementor-element-79831b6 elementor-toc--minimized-on-tablet elementor-widget elementor-widget-table-of-contents\" data-id=\"79831b6\" data-element_type=\"widget\" data-e-type=\"widget\" data-settings=\"{&quot;exclude_headings_by_selector&quot;:[],&quot;no_headings_message&quot;:&quot;Engar undirfyrirsagnir fundust \\u00e1 \\u00feessari s\\u00ed\\u00f0u.&quot;,&quot;headings_by_tags&quot;:[&quot;h2&quot;,&quot;h3&quot;],&quot;marker_view&quot;:&quot;bullets&quot;,&quot;icon&quot;:{&quot;value&quot;:&quot;fas fa-circle&quot;,&quot;library&quot;:&quot;fa-solid&quot;,&quot;rendered_tag&quot;:&quot;&lt;svg class=\\&quot;e-font-icon-svg e-fas-circle\\&quot; viewBox=\\&quot;0 0 512 512\\&quot; xmlns=\\&quot;http:\\\/\\\/www.w3.org\\\/2000\\\/svg\\&quot;&gt;&lt;path d=\\&quot;M256 8C119 8 8 119 8 256s111 248 248 248 248-111 248-248S393 8 256 8z\\&quot;&gt;&lt;\\\/path&gt;&lt;\\\/svg&gt;&quot;},&quot;minimize_box&quot;:&quot;yes&quot;,&quot;minimized_on&quot;:&quot;tablet&quot;,&quot;hierarchical_view&quot;:&quot;yes&quot;,&quot;min_height&quot;:{&quot;unit&quot;:&quot;px&quot;,&quot;size&quot;:&quot;&quot;,&quot;sizes&quot;:[]},&quot;min_height_tablet&quot;:{&quot;unit&quot;:&quot;px&quot;,&quot;size&quot;:&quot;&quot;,&quot;sizes&quot;:[]},&quot;min_height_mobile&quot;:{&quot;unit&quot;:&quot;px&quot;,&quot;size&quot;:&quot;&quot;,&quot;sizes&quot;:[]}}\" data-widget_type=\"table-of-contents.default\">\n\t\t\t\t\t\t\t\t\t<div class=\"elementor-toc__header\">\n\t\t\t\t\t\t<h2 class=\"elementor-toc__header-title\">\n\t\t\t\tEfnisyfirlit\t\t\t<\/h2>\n\t\t\t\t\t\t\t\t\t\t<div class=\"elementor-toc__toggle-button elementor-toc__toggle-button--expand\" role=\"button\" tabindex=\"0\" aria-controls=\"elementor-toc__79831b6\" aria-expanded=\"true\" aria-label=\"Open table of contents\"><svg aria-hidden=\"true\" class=\"e-font-icon-svg e-fas-chevron-down\" viewBox=\"0 0 448 512\" xmlns=\"http:\/\/www.w3.org\/2000\/svg\"><path d=\"M207.029 381.476L12.686 187.132c-9.373-9.373-9.373-24.569 0-33.941l22.667-22.667c9.357-9.357 24.522-9.375 33.901-.04L224 284.505l154.745-154.021c9.379-9.335 24.544-9.317 33.901.04l22.667 22.667c9.373 9.373 9.373 24.569 0 33.941L240.971 381.476c-9.373 9.372-24.569 9.372-33.942 0z\"><\/path><\/svg><\/div>\n\t\t\t\t<div class=\"elementor-toc__toggle-button elementor-toc__toggle-button--collapse\" role=\"button\" tabindex=\"0\" aria-controls=\"elementor-toc__79831b6\" aria-expanded=\"true\" aria-label=\"Close table of contents\"><svg aria-hidden=\"true\" class=\"e-font-icon-svg e-fas-chevron-up\" viewBox=\"0 0 448 512\" xmlns=\"http:\/\/www.w3.org\/2000\/svg\"><path d=\"M240.971 130.524l194.343 194.343c9.373 9.373 9.373 24.569 0 33.941l-22.667 22.667c-9.357 9.357-24.522 9.375-33.901.04L224 227.495 69.255 381.516c-9.379 9.335-24.544 9.317-33.901-.04l-22.667-22.667c-9.373-9.373-9.373-24.569 0-33.941L207.03 130.525c9.372-9.373 24.568-9.373 33.941-.001z\"><\/path><\/svg><\/div>\n\t\t\t\t\t<\/div>\n\t\t\t\t<div id=\"elementor-toc__79831b6\" class=\"elementor-toc__body\">\n\t\t\t<div class=\"elementor-toc__spinner-container\">\n\t\t\t\t<svg class=\"elementor-toc__spinner eicon-animation-spin e-font-icon-svg e-eicon-loading\" aria-hidden=\"true\" viewBox=\"0 0 1000 1000\" xmlns=\"http:\/\/www.w3.org\/2000\/svg\"><path d=\"M500 975V858C696 858 858 696 858 500S696 142 500 142 142 304 142 500H25C25 237 238 25 500 25S975 237 975 500 763 975 500 975Z\"><\/path><\/svg>\t\t\t<\/div>\n\t\t<\/div>\n\t\t\t\t\t\t<\/div>\n\t\t\t\t<\/div>\n\t\t\t\t\t<\/div>\n\t\t\t\t<\/div>\n\t\t<div class=\"elementor-element elementor-element-9016a43 e-con-full e-flex e-con e-child\" data-id=\"9016a43\" data-element_type=\"container\" data-e-type=\"container\">\n\t\t\t\t<div class=\"elementor-element elementor-element-944e13c iwg-hero-image elementor-widget elementor-widget-image\" data-id=\"944e13c\" data-element_type=\"widget\" data-e-type=\"widget\" data-widget_type=\"image.default\">\n\t\t\t\t\t\t\t\t\t\t\t\t\t\t\t<img fetchpriority=\"high\" decoding=\"async\" width=\"683\" height=\"1024\" src=\"https:\/\/iwell-guard.com\/wp-content\/uploads\/2026\/05\/goetter_griechenland_medea-683x1024.webp\" class=\"attachment-large size-large wp-image-170593\" alt=\"Medea, kolk\u00edsk galdrakona \u00far gr\u00edskri go\u00f0afr\u00e6\u00f0i, s\u00f6guleg-myndskreytandi framsetning\" srcset=\"https:\/\/iwell-guard.com\/wp-content\/uploads\/2026\/05\/goetter_griechenland_medea-683x1024.webp 683w, https:\/\/iwell-guard.com\/wp-content\/uploads\/2026\/05\/goetter_griechenland_medea-200x300.webp 200w, https:\/\/iwell-guard.com\/wp-content\/uploads\/2026\/05\/goetter_griechenland_medea-768x1152.webp 768w, https:\/\/iwell-guard.com\/wp-content\/uploads\/2026\/05\/goetter_griechenland_medea.webp 1024w\" sizes=\"(max-width: 683px) 100vw, 683px\" \/>\t\t\t\t\t\t\t\t\t\t\t\t\t\t\t<\/div>\n\t\t\t\t<\/div>\n\t\t\t\t\t<\/div>\n\t\t\t\t<\/div>\n\t\t<div class=\"elementor-element elementor-element-f59cdc2 e-con-boxed e-flex e-con e-parent\" data-id=\"f59cdc2\" data-element_type=\"container\" data-e-type=\"container\">\n\t\t\t\t\t<div class=\"e-con-inner\">\n\t\t<div class=\"elementor-element elementor-element-9a411b5 e-con-full e-flex e-con e-child\" data-id=\"9a411b5\" data-element_type=\"container\" data-e-type=\"container\">\n\t\t\t\t<div class=\"elementor-element elementor-element-7718fb2 elementor-widget elementor-widget-text-editor\" data-id=\"7718fb2\" data-element_type=\"widget\" data-e-type=\"widget\" data-widget_type=\"text-editor.default\">\n\t\t\t\t\t\t\t\t\t<h3>Uppruni og go\u00f0sagnalegt samhengi<\/h3><p>Samkv\u00e6mt Argonautikunni eftir Apollonios fr\u00e1 R\u00f3dos (3. \u00f6ld f.Kr.) er Medea d\u00f3ttir Aietesar, konungs \u00ed K\u00f3lkis, og sonard\u00f3ttir s\u00f3lgu\u00f0sins Hel\u00edosar. F\u00f6\u00f0ursystir hennar er Kirke, galdrakonan \u00far \u00d3dysseifskvi\u00f0u. \u00deessi \u00e6ttartengsl sta\u00f0setja Medeu innan l\u00ednu galdrakvenna \u00e1 ja\u00f0ri gr\u00edska heimsins.<\/p><p>K\u00f3lkis liggur vi\u00f0 austurstr\u00f6nd Svartahafs, \u00e1 sv\u00e6\u00f0i sem Grikkjum \u00fe\u00f3tti framandi og hla\u00f0i\u00f0 dulmagni. Tengslin milli k\u00f3lkiskrar \u00e6ttar og galdralistar eru b\u00f3kmenntalega forns\u00f6guleg: \u00feegar Hes\u00edodos (Gu\u00f0a\u00e6ttartalan 956) nefnir Medeu sem d\u00f3ttur Aietesar.<\/p><h3>Arg\u00f3na<span class=\"iwg-fachbegriff\" data-tooltip=\"S\u00f6gn sem var\u00f0veist hefur um gu\u00f0i, uppruna og skipulag heimsins.\" tabindex=\"0\">go\u00f0s\u00f6gnin<\/span> og hj\u00e1lp vi\u00f0 \u00cdason<\/h3><p>Meginsamhengi go\u00f0sagnarinnar er fer\u00f0 Arg\u00f3nautanna. \u00cdason kemur til K\u00f3lkis til a\u00f0 n\u00e1 \u00ed Gullna reyfi\u00f0. Aietes konungur leggur fyrir hann \u00f3yfirst\u00edganleg verkefni: a\u00f0 temja eldsp\u00faandi naut, pl\u00e6gja akur me\u00f0 dreka, sigra dreka sem sprottnar upp \u00far s\u00e1\u00f0um drekat\u00f6nnum, og s\u00e6kja reyfi\u00f0 \u00ed <span class=\"iwg-fachbegriff\" data-tooltip=\"Heilagur trj\u00e1lundur sem \u00fej\u00f3na\u00f0i sem helgista\u00f0ur.\" tabindex=\"0\">lund<\/span> Aresar.<\/p><p>Medea, sem hefur or\u00f0i\u00f0 \u00e1stfangin af \u00cdasoni (hj\u00e1 Apollonios fyrir tilstilli <a href=\"https:\/\/iwell-guard.com\/is\/?page_id=168879\">Erosar<\/a>), hj\u00e1lpar honum me\u00f0 smyrslum og s\u00e6ringum.<\/p><p>Eftir r\u00e1n reyfisins fl\u00fdr h\u00fan me\u00f0 Arg\u00f3nautunum og drepur \u00e1 fl\u00f3ttanum br\u00f3\u00f0ur sinn Apsyrtos, en limum hans dreifir h\u00fan um sj\u00f3inn til a\u00f0 tefja f\u00f6\u00f0ur sinn. Br\u00f3\u00f0urmor\u00f0i\u00f0 er fyrsta merki um hina tv\u00edr\u00e6\u00f0u st\u00f6\u00f0u hennar: h\u00fan er hj\u00e1lparhella \u00cdasonar og um lei\u00f0 framkv\u00e6mdara\u00f0ili \u00feungra gl\u00e6pa.<\/p><h3>Evrip\u00eddes og harmleikurinn \u00ed Korintu<\/h3><p>Fr\u00e6gasta \u00fatf\u00e6rsla efnisins er harmleikur Evrip\u00eddesar <em>Medea<\/em> (431 f.Kr.). \u00cd Korintu, \u00fear sem pari\u00f0 b\u00fdr eftir langa \u00fatleg\u00f0, vill \u00cdason hafna Medeu til a\u00f0 kv\u00e6nast konungsd\u00f3tturinni Glauke. Medea hyggur \u00e1 hefnd: h\u00fan sendir Glauke eitra\u00f0an skikkju sem brennir br\u00fa\u00f0ina og f\u00f6\u00f0ur hennar Kreon til bana.<\/p><p>\u00dev\u00ed n\u00e6st drepur h\u00fan s\u00edna eigin tvo syni me\u00f0 \u00cdasoni til a\u00f0 valda honum sem mestum s\u00e1rsauka. Harmleiknum l\u00fdkur me\u00f0 fl\u00f3tta Medeu \u00e1 drekavagni sem Hel\u00edos sendir henni. Pers\u00f3na Evrip\u00eddesar af Medeu hefur haft varanleg \u00e1hrif \u00e1 evr\u00f3pskar b\u00f3kmenntir og leikh\u00fas: h\u00fan er hin fyrirmyndar trag\u00edska hetja \u00fear sem \u00e1str\u00ed\u00f0ufull \u00e1st og skilyr\u00f0islaus hefnd ver\u00f0a \u00f3a\u00f0skiljanleg.<\/p><h3>Galdrakunn\u00e1tta og tengsl vi\u00f0 Hekate<\/h3><p>Galdrastarfsemi Medeu er n\u00e1kv\u00e6mlega l\u00fdst \u00ed fornum heimildum. Apollonios og s\u00ed\u00f0ar \u00d3v\u00edd (Ummyndanir 7) telja upp smyrsl \u00far sjaldg\u00e6fum jurtum, s\u00e6ringar \u00ed tunglslj\u00f3si, \u00e1kall til undirheimavalda og fer\u00f0ir \u00e1 drekav\u00f6gnum. Hekate, gy\u00f0ja vegam\u00f3ta og <span class=\"iwg-fachbegriff\" data-tooltip=\"Athafnir sem eiga a\u00f0 hafa \u00e1hrif \u00e1 gang m\u00e1la me\u00f0 s\u00e9rst\u00f6kum ath\u00f6fnum e\u00f0a form\u00falum.\" tabindex=\"0\">galdurs<\/span>, er verndargy\u00f0ja Medeu: \u00ed leikriti Evrip\u00eddesar sta\u00f0festir Medea ei\u00f0 sinn vi\u00f0 Hekate.<\/p><p>\u00deessi tengsl vi\u00f0 Hekate sta\u00f0setja Medeu \u00ed hef\u00f0 gr\u00edsku pharmakeutr\u00edunnar, jurtafr\u00f3\u00f0ra galdrakvenna sem gegndu raunverulegu f\u00e9lagslegu hlutverki \u00ed fornri al\u00fe\u00fd\u00f0utr\u00fa og hafa fornleifafr\u00e6\u00f0ilega heimild \u00ed formi b\u00f6lvunartaflna (defixiones).<\/p><h3>Ummyndanir \u00d3v\u00edds og r\u00f3mversk vi\u00f0taka<\/h3><p>\u00d3v\u00edd helgar Medeu langan hluta Ummyndananna, \u00fear sem hann l\u00fdsir galdraa\u00f0ger\u00f0unum \u00edtarlega: yngingu Peliasar me\u00f0 jurtum og yngingu Aisonar, f\u00f6\u00f0ur \u00cdasonar, me\u00f0 drekabl\u00f3\u00f0i. Harmleikur Senecu <em>Medea<\/em> (1. \u00f6ld e.Kr.) hertir enn \u00e1 fyrirmynd Evrip\u00eddesar og gerir Medeu a\u00f0 n\u00e1nast dj\u00f6fullegri veru hefndarl\u00f6ngunar.<\/p><p>\u00cd r\u00f3mverskri myndhef\u00f0 birtist h\u00fan \u00e1 sark\u00f3fagsreliefum og veggm\u00e1lverkum, oft me\u00f0 \u00e1letrunum sem leggja \u00e1herslu \u00e1 k\u00f3lkiskan uppruna hennar. Vi\u00f0takan heldur \u00e1fram \u00ed gegnum mi\u00f0aldir (Boccaccio, Christine de Pizan) og fram \u00e1 \u00e1rn\u00fd\u00f6ld, \u00fear sem Medea ver\u00f0ur lykilpers\u00f3na \u00ed umr\u00e6\u00f0u um vald kvenna og <span class=\"iwg-fachbegriff\" data-tooltip=\"Athafnir sem eiga a\u00f0 hafa \u00e1hrif \u00e1 gang m\u00e1la me\u00f0 s\u00e9rst\u00f6kum ath\u00f6fnum e\u00f0a form\u00falum.\" tabindex=\"0\">galdur<\/span>.<\/p><h3>N\u00fat\u00edmalegar t\u00falkanir og tr\u00faarfr\u00e6\u00f0ileg sta\u00f0setning<\/h3><p><span data-nosnippet>\u00cd n\u00fat\u00edmaranns\u00f3knum er Medea r\u00e6dd fr\u00e1 m\u00f6rgum sj\u00f3narhornum. <span class=\"iwg-fachbegriff\" tabindex=\"0\" data-tooltip=\"\u00de\u00fdskur tr\u00faarbrag\u00f0afr\u00e6\u00f0ingur (1931\u20132015); h\u00f6fu\u00f0rit Griechische Religion (1977).\">Walter Burkert<\/span> lag\u00f0i \u00ed <em>Greek Religion<\/em> (1977) \u00e1herslu \u00e1 tengslin vi\u00f0 Hekate og hi\u00f0 jurtal\u00e6knandi einkenni hennar. Fem\u00edn\u00edskar t\u00falkanir (Christa Wolf, <em>Medea-Stimmen<\/em>, 1996) t\u00falka harmleikinn sem s\u00f6gu framandi konu sem ver\u00f0ur undir \u00ed karlveldi Korintu.<\/span><\/p><p>Tr\u00faars\u00f6gulega er Medea \u00e1hugavert d\u00e6mi um gr\u00edska \u00farvinnslu k\u00f3lkiskra (k\u00e1kas\u00edskra) galdrahef\u00f0a, \u00fear sem raunverulegar hugmyndir um g\u00f6ldr\u00f3tt starf umbreytast go\u00f0sagnalega. Tengslin vi\u00f0 <a href=\"https:\/\/iwell-guard.com\/is\/?page_id=168601\">Hekate<\/a> gera hana a\u00f0 br\u00fa milli go\u00f0sagnahetju og helgisi\u00f0aframkv\u00e6mdar.<\/p><p style=\"margin-top:1.5em\"><strong>Tengt efni:<\/strong> <a href=\"https:\/\/iwell-guard.com\/is\/?page_id=168601\">Hekate<\/a> | <a href=\"https:\/\/iwell-guard.com\/is\/?page_id=168880\">Afr\u00f3d\u00edta<\/a> | <a href=\"https:\/\/iwell-guard.com\/is\/?page_id=168879\">Eros<\/a><\/p>\n<h3>Medea sem fyrirmynd konu me\u00f0 vald<\/h3>\n<p>\u00c1 20. \u00f6ld ver\u00f0ur Medea lykilpers\u00f3na \u00ed fem\u00edn\u00edskum go\u00f0sagnat\u00falkunum. Sk\u00e1ldsaga Christu Wolf <em>Medea. Stimmen<\/em> (1996) t\u00falkar barnamor\u00f0ingjuna sem l\u00e6kni sem karlveldi Korintu r\u00f3gber, \u00fear sem sannleikur s\u00f6gu hennar hverfur \u00e1 bak vi\u00f0 harmleiks\u00fatg\u00e1funa.<\/p><p>Einnig \u00ed danshef\u00f0 Pinu Bausch og \u00ed fj\u00f6lda n\u00fat\u00edmaleikuppf\u00e6rslna kemur Medea fram sem kona \u00fear sem galdrakunn\u00e1tta, framandi uppruni og tilfinningastyrkur eru b\u00e6\u00f0i uppspretta heillunar og \u00fatsk\u00fafunar. \u00deessi t\u00falkun er b\u00f3kmenntalega frj\u00f3 en ver\u00f0ur ekki me\u00f0 stringentum h\u00e6tti stillt upp gegn Evrip\u00eddesi \u00e1 s\u00f6gulega-go\u00f0sagnalegan h\u00e1tt.<\/p>\n<h3>Galdrai\u00f0ja og tengsl vi\u00f0 Hekate<\/h3>\n<p>Tengslin milli Medeu og Hekate eru \u00fe\u00e9tt \u00ed fornum heimildum. Apollonios fr\u00e1 R\u00f3dos l\u00e6tur Medeu \u00e1kalla Hekate sem verndargy\u00f0ju s\u00edna; \u00d3v\u00edd tekur \u00feetta upp.<\/p><p>\u00cd s\u00ed\u00f0fornaldar gr\u00edsk-egypskum <span class=\"iwg-fachbegriff\" data-tooltip=\"Athafnir sem eiga a\u00f0 hafa \u00e1hrif \u00e1 gang m\u00e1la me\u00f0 s\u00e9rst\u00f6kum ath\u00f6fnum e\u00f0a form\u00falum.\" tabindex=\"0\">g\u00f6ldrum<\/span> (PGM) koma fram \u00e1kallanir til Hekate sem s\u00fdna byggingu sem \u00feekkt er b\u00f3kmenntalega \u00far Medeu-hef\u00f0inni: n\u00e6turathafnir, drykkjarger\u00f0, s\u00e6ringar me\u00f0 jurtum fr\u00e1 K\u00e1kasus e\u00f0a \u00deessal\u00edu. \u00deessi i\u00f0ja er engin einf\u00f6ld eftirmynd go\u00f0sagnanna heldur hefur \u00e1hrif \u00e1 \u00fe\u00e6r \u00ed \u00f6fuga \u00e1tt: b\u00f3kmenntaleg Medea verkar sem \u00e1hrifavaldur \u00e1 <span class=\"iwg-fachbegriff\" data-tooltip=\"Umskiptat\u00edmabil milli fornaldar og mi\u00f0alda, um 3. til 7. \u00f6ld.\" tabindex=\"0\">s\u00ed\u00f0fornaldar<\/span> Hekate-<span class=\"iwg-fachbegriff\" data-tooltip=\"Athafnir sem eiga a\u00f0 hafa \u00e1hrif \u00e1 gang m\u00e1la me\u00f0 s\u00e9rst\u00f6kum ath\u00f6fnum e\u00f0a form\u00falum.\" tabindex=\"0\">galdur<\/span>.<\/p>\n<h3>Medea sem menningarlegt t\u00e1kn<\/h3>\n<p>Pers\u00f3na Medeu virkar \u00ed vestr\u00e6nni menningu sem t\u00e1kn fyrir m\u00f6rg samverkandi \u00feemu: vald kvenna innan fe\u00f0raveldis, hi\u00f0 framandi sem uppsprettu \u00feekkingar og \u00f3gnar, samofnun Erosar og ofbeldis, harmleik skilyr\u00f0islausrar \u00e1star.<\/p><p><span data-nosnippet>\u00cd myndlist, allt fr\u00e1 <em>Medea<\/em> (1838) eftir Eug\u00e8ne Delacroix til efnisverka Anselms Kiefer, ver\u00f0ur h\u00fan s\u00edfellt a\u00f0 myndm\u00f3t\u00edfi.<\/span><\/p><p><span data-nosnippet>\u00cd kvikmyndum skapa\u00f0i Pier Paolo Pasolini \u00e1ri\u00f0 1969 me\u00f0 Mariu Callas t\u00e1knr\u00e6na kvikmyndager\u00f0, \u00fear sem Medea sn\u00fdr aftur fr\u00e1 Korintu til K\u00f3lkis, vi\u00f0sn\u00faningur sem sn\u00fdr vi\u00f0 sambandi mi\u00f0ju og ja\u00f0ars.<\/span><\/p><p>\u00deessi menningarlega \u00e1hrifasaga er tr\u00faars\u00f6gulega mikilv\u00e6g: Medea stendur fyrir form hins heilaga sem hi\u00f0 opinbera gr\u00edska <span class=\"iwg-fachbegriff\" data-tooltip=\"Heild gu\u00f0a innan tr\u00faarbrag\u00f0a e\u00f0a menningar.\" tabindex=\"0\">go\u00f0aveldi<\/span> gat ekki teki\u00f0 inn, galdrakonan sem ja\u00f0arpers\u00f3na milli dau\u00f0leika og gu\u00f0d\u00f3ms, milli \u00feekkingar og \u00f3tta.<\/p>\n<h3>Heimildir<\/h3>\n<ul>\n<li><span data-nosnippet>Apollonios Rhodios: <em>Argonautika<\/em>, \u00fatg. Reinhold Glei, Tusculum 1996.<\/span><\/li>\n<li><span data-nosnippet>Euripides: <em>Medea<\/em>, \u00fatg. Donald J. Mastronarde, Cambridge UP 2002.<\/span><\/li>\n<li><span data-nosnippet>Sarah Iles Johnston: <em>Hekate Soteira<\/em>, Oxford UP 1990.<\/span><\/li>\n<li><span data-nosnippet>Hans Dieter Betz (ritstj.): <em>The Greek Magical Papyri in Translation<\/em>, Chicago UP 1986.<\/span><\/li>\n<li><span data-nosnippet>Christa Wolf: <em>Medea. Stimmen<\/em>, Luchterhand 1996.<\/span><\/li>\n<\/ul>\t\t\t\t\t\t\t\t<\/div>\n\t\t\t\t<\/div>\n\t\t<div class=\"elementor-element elementor-element-459aa96 e-con-full e-flex e-con e-child\" data-id=\"459aa96\" data-element_type=\"container\" data-e-type=\"container\">\n\t\t\t\t<div class=\"elementor-element elementor-element-e6cfed0 elementor-widget elementor-widget-heading\" data-id=\"e6cfed0\" data-element_type=\"widget\" data-e-type=\"widget\" data-widget_type=\"heading.default\">\n\t\t\t\t\t<h2 class=\"elementor-heading-title elementor-size-default\">Medea \u00ed go\u00f0s\u00f6gunni um Arg\u00f3arfarana<\/h2>\t\t\t\t<\/div>\n\t\t\t\t<div class=\"elementor-element elementor-element-10547a0 elementor-widget elementor-widget-text-editor\" data-id=\"10547a0\" data-element_type=\"widget\" data-e-type=\"widget\" data-widget_type=\"text-editor.default\">\n\t\t\t\t\t\t\t\t\t<p>Medea kemur fyrst fram \u00ed gr\u00edskri <span class=\"iwg-fachbegriff\" data-tooltip=\"Mi\u00f0lun \u00feekkingar og fr\u00e1sagna milli kynsl\u00f3\u00f0a.\" tabindex=\"0\">munnm\u00e6lahef\u00f0<\/span> \u00ed tengslum vi\u00f0 fer\u00f0 Arg\u00f3arfaranna. H\u00fan er d\u00f3ttir \u00c6etesar konungs \u00ed Kolkis, landi vi\u00f0 austurja\u00f0ar hins gr\u00edska heimsmyndar, og sonard\u00f3ttir s\u00f3lgu\u00f0sins Hel\u00edosar.<\/p><p>\u00deegar Jason kemur me\u00f0 Arg\u00f3arf\u00f6runum til Kolkis til a\u00f0 s\u00e6kja gullreyfi\u00f0, ver\u00f0ur Medea \u00e1stfangin af honum.<\/p><p>\u00cdtarlegustu <span class=\"iwg-fachbegriff\" data-tooltip=\"Skei\u00f0 gr\u00edskrar og r\u00f3mverskrar menningar, um \u00fea\u00f0 bil fr\u00e1 800 f.Kr. til 600 e.Kr.\" tabindex=\"0\">fornaldar<\/span>l\u00fdsinguna \u00e1 \u00feessu skei\u00f0i er a\u00f0 finna \u00ed kv\u00e6\u00f0inu <em>Argonautika<\/em> eftir Apoll\u00f3n\u00edos fr\u00e1 R\u00f3dos fr\u00e1 \u00feri\u00f0ju \u00f6ld fyrir Krist.<\/p><p>Medea hj\u00e1lpar Jasoni a\u00f0 leysa \u00f3leysanlegar \u00ferautir f\u00f6\u00f0ur s\u00edns: h\u00fan gefur honum smyrsl sem gera hann \u00f3s\u00e6ranlegan fyrir eldi og j\u00e1rni, svo a\u00f0 hann geti tami\u00f0 eldsp\u00faandi naut og sigra\u00f0 str\u00ed\u00f0smennina sem spretta upp af drekat\u00f6nnum. A\u00f0 lokum sv\u00e6fir h\u00fan drekann sem g\u00e6tir reyfisins me\u00f0 g\u00f6ldrum s\u00ednum.<\/p><p>Fl\u00f3ttinn fr\u00e1 Kolkis er tengdur grimmilegum atbur\u00f0i. Samkv\u00e6mt \u00fatbreiddri <span class=\"iwg-fachbegriff\" data-tooltip=\"Mi\u00f0lun \u00feekkingar og fr\u00e1sagna milli kynsl\u00f3\u00f0a.\" tabindex=\"0\">munnm\u00e6lahef\u00f0<\/span> drepur Medea eigin br\u00f3\u00f0ur sinn, Apsyrtos, og dreifir limum hans um hafi\u00f0 til a\u00f0 tefja fyrir f\u00f6\u00f0ur s\u00ednum, sem \u00fearf a\u00f0 st\u00f6\u00f0va fer\u00f0 s\u00edna til a\u00f0 safna saman brotunum. A\u00f0rar \u00fatg\u00e1fur milda e\u00f0a breyta \u00feessum verkna\u00f0i.<\/p><p>\u00deegar \u00e1 \u00feessu fyrsta skei\u00f0i kemur fram hin tv\u00f6falda n\u00e1tt\u00fara Medeu sem einkennir alla <span class=\"iwg-fachbegriff\" data-tooltip=\"Mi\u00f0lun \u00feekkingar og fr\u00e1sagna milli kynsl\u00f3\u00f0a.\" tabindex=\"0\">munnm\u00e6lahef\u00f0<\/span> hennar. H\u00fan er b\u00e6\u00f0i hj\u00e1lparhella og bjargv\u00e6ttur Jasons, en jafnframt rei\u00f0ub\u00fain til \u00fdtrustu grimmdar.<\/p><p>Fr\u00e6\u00f0imenn benda \u00e1 a\u00f0 Medea s\u00e9 m\u00f3tu\u00f0 sem kona \u00far fjarl\u00e6gu landi tengdu g\u00f6ldrum, sem ger\u00f0i hana b\u00e6\u00f0i heillandi og \u00f3gnvekjandi \u00ed augum Grikkja. Skyldar pers\u00f3nur \u00ed galdralist er a\u00f0 finna hj\u00e1 Kirke, fr\u00e6nku Medeu.<\/p>\t\t\t\t\t\t\t\t<\/div>\n\t\t\t\t<\/div>\n\t\t<div class=\"elementor-element elementor-element-33f65cf e-con-full e-flex e-con e-child\" data-id=\"33f65cf\" data-element_type=\"container\" data-e-type=\"container\">\n\t\t\t\t<div class=\"elementor-element elementor-element-fa4de09 elementor-widget elementor-widget-heading\" data-id=\"fa4de09\" data-element_type=\"widget\" data-e-type=\"widget\" data-widget_type=\"heading.default\">\n\t\t\t\t\t<h2 class=\"elementor-heading-title elementor-size-default\">Sorgarleikur Evr\u00edp\u00eddesar og barnamor\u00f0i\u00f0<\/h2>\t\t\t\t<\/div>\n\t\t\t\t<div class=\"elementor-element elementor-element-d221222 elementor-widget elementor-widget-text-editor\" data-id=\"d221222\" data-element_type=\"widget\" data-e-type=\"widget\" data-widget_type=\"text-editor.default\">\n\t\t\t\t\t\t\t\t\t<p>\u00c1hrifamesta \u00fatg\u00e1fan af pers\u00f3nu Medeu kemur fr\u00e1 samnefndum sorgarleik Evr\u00edp\u00eddesar, sem var frums\u00fdndur \u00e1ri\u00f0 431 fyrir Krist \u00ed A\u00feenu.<\/p><p>Leikriti\u00f0 hefst \u00feegar \u00cdason og Medea hafa lengi veri\u00f0 fl\u00fain fr\u00e1 Kolkis og b\u00faa \u00ed \u00fatleg\u00f0 \u00ed Korintu. \u00cdason hafnar Medeu til a\u00f0 giftast d\u00f3ttur konungs Kreons og tryggja s\u00e9r \u00feannig betri st\u00f6\u00f0u.<\/p><p>Evr\u00edp\u00eddes l\u00fdsir vi\u00f0br\u00f6g\u00f0um Medeu sem yfirvegu\u00f0ri hefnd. H\u00fan sendir konungsd\u00f3tturinni eitra\u00f0an kl\u00e6\u00f0na\u00f0 og eitra\u00f0a h\u00f6fu\u00f0prj\u00f3nu, sem ver\u00f0a b\u00e6\u00f0i st\u00falkunni og Kreoni, sem hleypur til hj\u00e1lpar, til bana.<\/p><p>\u00de\u00e1 tekur Medea \u00fe\u00e1 \u00e1kv\u00f6r\u00f0un a\u00f0 myr\u00f0a eigin b\u00f6rn s\u00edn, sem h\u00fan \u00e1tti me\u00f0 \u00cdasoni, til a\u00f0 ska\u00f0a hann \u00e1 s\u00e1rsaukafyllsta h\u00e1tt sem h\u00fan getur. Leikritinu l\u00fdkur me\u00f0 \u00fev\u00ed a\u00f0 Medea fl\u00fdr \u00e1 drekakerru sem Hel\u00edos sendir, me\u00f0an \u00cdason stendur eftir brotinn.<\/p><p>Fr\u00e6\u00f0imenn hafa lengi r\u00e6tt hvort v\u00edsvitandi barnamor\u00f0 m\u00f3\u00f0urinnar hafi veri\u00f0 hugarsm\u00ed\u00f0 Evr\u00edp\u00eddesar. Fyrir t\u00edma Evr\u00edp\u00eddesar vir\u00f0ast hafa veri\u00f0 til \u00fatg\u00e1fur \u00fear sem Korintumenn myrtu b\u00f6rnin e\u00f0a \u00feau l\u00e9tust af slysni. Evr\u00edp\u00eddes vir\u00f0ist hafa eigna\u00f0 m\u00f3\u00f0urinni sj\u00e1lfa verki\u00f0 og me\u00f0 \u00fev\u00ed skapa\u00f0 hina s\u00e1lfr\u00e6\u00f0ilegu \u00feunga sem einkennir leikriti\u00f0.<\/p><p>Fr\u00e6g er l\u00f6ng eintal Medeu, \u00fear sem h\u00fan sveiflast milli m\u00f3\u00f0ur\u00e1star og hefndarvilja. \u00deetta eintal er einn af mest greindu textum forngr\u00edskra sorgarleikja. Evr\u00edp\u00eddes gerir Medeu hvorki a\u00f0 hreinu skr\u00edmsli n\u00e9 algj\u00f6rri hetju.<\/p><p>Hann s\u00fdnir konu sem, \u00ed r\u00e9ttindalausri st\u00f6\u00f0u sem \u00fatlendingur og hafna\u00f0ur a\u00f0ili, er \u00fer\u00fdst til verks sem h\u00fan sj\u00e1lf vi\u00f0urkennir sem skelfilegt. \u00deessi tv\u00edr\u00e6\u00f0ni hefur haldi\u00f0 leikritinu \u00e1hrifamiklu \u00ed gegnum aldirnar.<\/p>\t\t\t\t\t\t\t\t<\/div>\n\t\t\t\t<\/div>\n\t\t<div class=\"elementor-element elementor-element-14e0525 e-con-full e-flex e-con e-child\" data-id=\"14e0525\" data-element_type=\"container\" data-e-type=\"container\">\n\t\t\t\t<div class=\"elementor-element elementor-element-83db15e elementor-widget elementor-widget-heading\" data-id=\"83db15e\" data-element_type=\"widget\" data-e-type=\"widget\" data-widget_type=\"heading.default\">\n\t\t\t\t\t<h2 class=\"elementor-heading-title elementor-size-default\">Medea milli t\u00f6frakonu, l\u00e6knis og gy\u00f0ju<\/h2>\t\t\t\t<\/div>\n\t\t\t\t<div class=\"elementor-element elementor-element-59c18bc elementor-widget elementor-widget-text-editor\" data-id=\"59c18bc\" data-element_type=\"widget\" data-e-type=\"widget\" data-widget_type=\"text-editor.default\">\n\t\t\t\t\t\t\t\t\t<p>Erfitt er a\u00f0 fella Medeu undir einn flokk \u00ed fornri <span class=\"iwg-fachbegriff\" data-tooltip=\"Mi\u00f0lun \u00feekkingar og fr\u00e1sagna milli kynsl\u00f3\u00f0a.\" tabindex=\"0\">munnm\u00e6lahef\u00f0<\/span>. H\u00fan birtist sem galdrakona sem fer me\u00f0 jurtir, smyrsl og s\u00e6ringar, sem konungsd\u00f3ttir og sonard\u00f3ttir Hel\u00edosar, og \u00ed sumum hef\u00f0um jafnvel sem \u00f3dau\u00f0leg, gu\u00f0leg vera.<\/p><p>Tengsl hennar vi\u00f0 galdralist eru n\u00e1in. <span class=\"iwg-fachbegriff\" data-tooltip=\"Skei\u00f0 gr\u00edskrar og r\u00f3mverskrar menningar, um \u00fea\u00f0 bil fr\u00e1 800 f.Kr. til 600 e.Kr.\" tabindex=\"0\">Fornaldar<\/span>heimildir tengja hana vi\u00f0 gy\u00f0juna Hekate, verndargy\u00f0ju <span class=\"iwg-fachbegriff\" data-tooltip=\"I\u00f0kun sem reynir a\u00f0 hafa \u00e1hrif \u00e1 gang m\u00e1la me\u00f0 s\u00e9rst\u00f6kum ath\u00f6fnum e\u00f0a form\u00falum.\" tabindex=\"0\">galdra<\/span>. Kunn\u00e1tta Medeu n\u00e6r b\u00e6\u00f0i til ska\u00f0a og yngingar.<\/p><p>\u00cd \u00feekktri s\u00f6gu, sem me\u00f0al annars \u00d3vid\u00edus l\u00fdsir \u00edtarlega \u00ed <em>Ummyndunum<\/em>, yngir Medea upp \u00f6ldunginn Aison, f\u00f6\u00f0ur Jasons, me\u00f0 \u00fev\u00ed a\u00f0 skipta \u00fat bl\u00f3\u00f0i hans fyrir sey\u00f0i brugga\u00f0an \u00far jurtum.<\/p><p>S\u00f6mu kunn\u00e1ttu notar h\u00fan til a\u00f0 blekkja, \u00feegar h\u00fan telur d\u00e6tur Peliasar \u00e1 a\u00f0 h\u00f6ggva f\u00f6\u00f0ur sinn \u00ed sundur \u00ed \u00feeirri r\u00f6ngu von a\u00f0 yngja hann \u00feannig upp.<\/p><p>\u00cd sumum sta\u00f0bundnum hef\u00f0um, einkum \u00ed Korintu, haf\u00f0i Medea tr\u00faarlega \u00fe\u00fd\u00f0ingu.<\/p><p>\u00dear voru til fr\u00e1sagnir um a\u00f0 b\u00f6rn hennar v\u00e6ru d\u00fdrku\u00f0 sem hetjur, hugsanlega \u00ed tengslum vi\u00f0 <span class=\"iwg-fachbegriff\" data-tooltip=\"Skipul\u00f6g\u00f0 r\u00f6\u00f0 t\u00e1kr\u00e6nna athafna me\u00f0 tr\u00faarlega e\u00f0a menningarlega merkingu.\" tabindex=\"0\">helgisi\u00f0i<\/span>. Sumir fr\u00e6\u00f0imenn hafa l\u00e1ti\u00f0 s\u00e9r detta \u00ed hug a\u00f0 a\u00f0 baki hinni b\u00f3kmenntalegu pers\u00f3nu Medeu standi eldri, gu\u00f0lega hugsu\u00f0 vera, ef til vill verndargy\u00f0ja e\u00f0a l\u00e6kningagy\u00f0ja. \u00deessi tilg\u00e1ta er \u00fe\u00f3 \u00e1giskun og umdeild me\u00f0al fr\u00e6\u00f0imanna.<\/p><p>Svi\u00f0i\u00f0 fr\u00e1 l\u00e6kni til mor\u00f0ingja, fr\u00e1 konungsd\u00f3ttur til gy\u00f0ju, gerir Medeu a\u00f0 einni fj\u00f6lbreyttustu pers\u00f3nu gr\u00edskrar <span class=\"iwg-fachbegriff\" data-tooltip=\"Heildarsafn go\u00f0sagna og gu\u00f0afr\u00e1sagna innan menningar.\" tabindex=\"0\">go\u00f0afr\u00e6\u00f0i<\/span>. Fr\u00e6\u00f0ileg \u00fattekt ver\u00f0ur a\u00f0 vi\u00f0urkenna \u00feessa margbreytni \u00ed sta\u00f0 \u00feess a\u00f0 draga hana saman \u00ed eina einfalda ger\u00f0.<\/p>\t\t\t\t\t\t\t\t<\/div>\n\t\t\t\t<\/div>\n\t\t<div class=\"elementor-element elementor-element-d8fed5f e-con-full e-flex e-con e-child\" data-id=\"d8fed5f\" data-element_type=\"container\" data-e-type=\"container\">\n\t\t\t\t<div class=\"elementor-element elementor-element-7d90664 elementor-widget elementor-widget-heading\" data-id=\"7d90664\" data-element_type=\"widget\" data-e-type=\"widget\" data-widget_type=\"heading.default\">\n\t\t\t\t\t<h2 class=\"elementor-heading-title elementor-size-default\">\u00c1hrif Medeu fr\u00e1 R\u00f3m til n\u00fat\u00edmans<\/h2>\t\t\t\t<\/div>\n\t\t\t\t<div class=\"elementor-element elementor-element-a2f546c elementor-widget elementor-widget-text-editor\" data-id=\"a2f546c\" data-element_type=\"widget\" data-e-type=\"widget\" data-widget_type=\"text-editor.default\">\n\t\t\t\t\t\t\t\t\t<p>\u00c1hrifasaga Medeu er \u00f3rofin fr\u00e1 <span class=\"iwg-fachbegriff\" data-tooltip=\"T\u00edmabil gr\u00edskrar og r\u00f3mverskrar menningar, um 800 f.Kr. til 600 e.Kr.\" tabindex=\"0\">forn\u00f6ld<\/span> allt til n\u00fat\u00edmans. \u00cd R\u00f3m samdi heimspekingurinn og harmleikjask\u00e1ldi\u00f0 Seneca eigin <em>Medea<\/em>, sem dr\u00f3 pers\u00f3nuna enn skarpar \u00ed \u00e1tt a\u00f0 hefnd og ofsafengnum \u00e1str\u00ed\u00f0um en Evrip\u00eddes ger\u00f0i. \u00datg\u00e1fa Seneca haf\u00f0i veruleg \u00e1hrif \u00e1 evr\u00f3pska leikh\u00fashef\u00f0 fyrri n\u00fdaldar.<\/p><p>\u00cd myndlist <span class=\"iwg-fachbegriff\" data-tooltip=\"T\u00edmabil gr\u00edskrar og r\u00f3mverskrar menningar, um 800 f.Kr. til 600 e.Kr.\" tabindex=\"0\">fornaldar<\/span> var Medea vins\u00e6lt <span class=\"iwg-fachbegriff\" data-tooltip=\"Endurteki\u00f0 innihaldsatri\u00f0i \u00ed list e\u00f0a fr\u00e1s\u00f6gn.\" tabindex=\"0\">myndefni<\/span>, me\u00f0al annars \u00e1 vasam\u00e1lverkum og r\u00f3mverskum veggm\u00e1lverkum, sem s\u00fdna hana oft \u00e1 \u00fev\u00ed andartaki \u00e1\u00f0ur en h\u00fan fyrirfer b\u00f6rnum s\u00ednum, milli sver\u00f0s og tregrar handar. Fr\u00e6g vegg\u00admynd fr\u00e1 Pompeii s\u00fdnir n\u00e1kv\u00e6mlega \u00feessa innri togstreitu.<\/p><p>\u00c1 s\u00ed\u00f0ari \u00f6ldum h\u00e9lt Medea \u00e1fram a\u00f0 vera mikilv\u00e6gt leiksvi\u00f0sefni. Pierre Corneille skrifa\u00f0i <em>M\u00e9d\u00e9e<\/em> \u00e1 17. \u00f6ld, Franz Grillparzer samdi \u00e1 19. \u00f6ld \u00fer\u00edleikinn <em>Das goldene Vlie\u00df<\/em> (Gullna reyfi\u00f0), v\u00ed\u00f0lesna \u00fe\u00fdska \u00fatf\u00e6rslu sem leggur \u00e1herslu \u00e1 framandleika Medeu og hvernig h\u00fan fer halloka fyrir gr\u00edska samf\u00e9laginu.<\/p><p>\u00c1 20. \u00f6ld samdi Christa Wolf sk\u00e1lds\u00f6guna <em>Medea. Stimmen<\/em> (Medea. Raddir), n\u00fdja t\u00falkun sem s\u00fdknar Medeu af s\u00f6k barnsmor\u00f0sins og l\u00fdsir henni sem <span class=\"iwg-fachbegriff\" data-tooltip=\"Gj\u00f6f til gu\u00f0legrar veru til a\u00f0 tj\u00e1 \u00fe\u00f6kk, b\u00f3n e\u00f0a lotningu.\" tabindex=\"0\">f\u00f3rnarlambi<\/span> p\u00f3lit\u00edskra sams\u00e6ra.<\/p><p>\u00d3pera og kvikmyndir hafa einnig teki\u00f0 s\u00f6guna til me\u00f0fer\u00f0ar, me\u00f0al annars \u00f3pera Luigi Cherubini og kvikmynd Pier Paolo Pasolini.<\/p><p>Fr\u00e6\u00f0imenn sk\u00fdra \u00feessa vi\u00f0varandi n\u00e6rveru me\u00f0 \u00fev\u00ed a\u00f0 Medea t\u00falkar grundvallar\u00e1t\u00f6k: milli konu og karlrembu samf\u00e9lags, milli \u00fatlendings og heimamanna, milli \u00e1star og hefndar. Hvert t\u00edmabil hefur dregi\u00f0 fram mismunandi \u00feessara spennu\u00fe\u00e1tta og endurt\u00falka\u00f0 hana \u00ed samr\u00e6mi vi\u00f0 \u00fea\u00f0.<\/p>\n<p>Sem <em>go\u00f0sagnakennd<\/em> pers\u00f3na sameinar Medea kolk\u00edska l\u00e6knislist, Hekate-d\u00fdrkun og harmr\u00e6na \u00f6rlagag\u00f6ngu; \u00ed gr\u00edskri <span class=\"iwg-fachbegriff\" data-tooltip=\"Mi\u00f0lun \u00feekkingar og fr\u00e1sagna milli kynsl\u00f3\u00f0a.\" tabindex=\"0\">munnm\u00e6lahef\u00f0<\/span> stendur h\u00fan milli prestskonu, sei\u00f0konu og konungsd\u00f3ttur.<\/p>\t\t\t\t\t\t\t\t<\/div>\n\t\t\t\t<\/div>\n\t\t\t\t\t<\/div>\n\t\t\t\t<\/div>\n\t\t\t\t<\/div>\n\t\t","protected":false},"excerpt":{"rendered":"","protected":false},"author":3,"featured_media":3455,"parent":0,"menu_order":0,"comment_status":"closed","ping_status":"closed","template":"elementor_header_footer","meta":{"_yoast_wpseo_focuskw":"Medea","_yoast_wpseo_title":"Medea \u2013 Go\u00f0sagnakennd galdrakona Grikkja | iWell Guard","_yoast_wpseo_metadesc":"Medea hj\u00e1 Apoll\u00f3n\u00edosi og Evrip\u00eddesi: k\u00f3lk\u00edska galdrakonan, prestynja Hek\u00f6tu, m\u00f3\u00f0ir og mor\u00f0ingi. D\u00f3ttir \u00c6etesar, sonard\u00f3ttir s\u00f3lgu\u00f0sins Hel\u00edosar.","_yoast_wpseo_meta-robots-noindex":"","_yoast_wpseo_canonical":"","_angie_page":false,"gefaehrdungsstufe":"3","wesen_kultur":"griechenland","wesen_klasse":"daemonen","footnotes":""},"categories":[],"class_list":["post-168881","page","type-page","status-publish","has-post-thumbnail","hentry"],"yoast_head":"<!-- This site is optimized with the Yoast SEO Premium plugin v27.7 (Yoast SEO v28.3) - https:\/\/yoast.com\/product\/yoast-seo-premium-wordpress\/ -->\n<title>Medea \u2013 Go\u00f0sagnakennd galdrakona Grikkja | iWell Guard<\/title>\n<meta name=\"description\" content=\"Medea hj\u00e1 Apoll\u00f3n\u00edosi og Evrip\u00eddesi: k\u00f3lk\u00edska galdrakonan, prestynja Hek\u00f6tu, m\u00f3\u00f0ir og mor\u00f0ingi. D\u00f3ttir \u00c6etesar, sonard\u00f3ttir s\u00f3lgu\u00f0sins Hel\u00edosar.\" \/>\n<meta name=\"robots\" content=\"index, follow, max-snippet:-1, max-image-preview:large, max-video-preview:-1\" \/>\n<link rel=\"canonical\" href=\"https:\/\/iwell-guard.com\/is\/medea\/\" \/>\n<meta property=\"og:locale\" content=\"is_IS\" \/>\n<meta property=\"og:type\" content=\"article\" \/>\n<meta property=\"og:title\" content=\"Medea\" \/>\n<meta property=\"og:description\" content=\"Medea hj\u00e1 Apoll\u00f3n\u00edosi og Evrip\u00eddesi: k\u00f3lk\u00edska galdrakonan, prestynja Hek\u00f6tu, m\u00f3\u00f0ir og mor\u00f0ingi. D\u00f3ttir \u00c6etesar, sonard\u00f3ttir s\u00f3lgu\u00f0sins Hel\u00edosar.\" \/>\n<meta property=\"og:url\" content=\"https:\/\/iwell-guard.com\/is\/medea\/\" \/>\n<meta property=\"og:site_name\" content=\"iWell Guard\" \/>\n<meta property=\"article:modified_time\" content=\"2026-09-05T14:21:53+00:00\" \/>\n<meta property=\"og:image\" content=\"https:\/\/iwell-guard.com\/wp-content\/uploads\/2026\/05\/goetter_griechenland_medea.webp\" \/>\n\t<meta property=\"og:image:width\" content=\"1024\" \/>\n\t<meta property=\"og:image:height\" content=\"1536\" \/>\n\t<meta property=\"og:image:type\" content=\"image\/webp\" \/>\n<meta name=\"twitter:card\" content=\"summary_large_image\" \/>\n<script type=\"application\/ld+json\" class=\"yoast-schema-graph\">{\"@context\":\"https:\\\/\\\/schema.org\",\"@graph\":[{\"@type\":\"WebPage\",\"@id\":\"https:\\\/\\\/iwell-guard.com\\\/is\\\/medea\\\/\",\"url\":\"https:\\\/\\\/iwell-guard.com\\\/is\\\/medea\\\/\",\"name\":\"Medea \u2013 Go\u00f0sagnakennd galdrakona Grikkja | iWell Guard\",\"isPartOf\":{\"@id\":\"https:\\\/\\\/iwell-guard.com\\\/is\\\/#website\"},\"primaryImageOfPage\":{\"@id\":\"https:\\\/\\\/iwell-guard.com\\\/is\\\/medea\\\/#primaryimage\"},\"image\":{\"@id\":\"https:\\\/\\\/iwell-guard.com\\\/is\\\/medea\\\/#primaryimage\"},\"thumbnailUrl\":\"https:\\\/\\\/iwell-guard.com\\\/wp-content\\\/uploads\\\/2026\\\/05\\\/goetter_griechenland_medea.webp\",\"datePublished\":\"2026-09-05T14:03:45+00:00\",\"dateModified\":\"2026-09-05T14:21:53+00:00\",\"description\":\"Medea hj\u00e1 Apoll\u00f3n\u00edosi og Evrip\u00eddesi: k\u00f3lk\u00edska galdrakonan, prestynja Hek\u00f6tu, m\u00f3\u00f0ir og mor\u00f0ingi. D\u00f3ttir \u00c6etesar, sonard\u00f3ttir s\u00f3lgu\u00f0sins Hel\u00edosar.\",\"breadcrumb\":{\"@id\":\"https:\\\/\\\/iwell-guard.com\\\/is\\\/medea\\\/#breadcrumb\"},\"inLanguage\":\"is\",\"potentialAction\":[{\"@type\":\"ReadAction\",\"target\":[\"https:\\\/\\\/iwell-guard.com\\\/is\\\/medea\\\/\"]}]},{\"@type\":\"ImageObject\",\"inLanguage\":\"is\",\"@id\":\"https:\\\/\\\/iwell-guard.com\\\/is\\\/medea\\\/#primaryimage\",\"url\":\"https:\\\/\\\/iwell-guard.com\\\/wp-content\\\/uploads\\\/2026\\\/05\\\/goetter_griechenland_medea.webp\",\"contentUrl\":\"https:\\\/\\\/iwell-guard.com\\\/wp-content\\\/uploads\\\/2026\\\/05\\\/goetter_griechenland_medea.webp\",\"width\":1024,\"height\":1536,\"caption\":\"Medea, kolk\u00edsk galdrakona \u00far gr\u00edskri go\u00f0afr\u00e6\u00f0i, s\u00f6guleg-myndskreytandi framsetning\"},{\"@type\":\"BreadcrumbList\",\"@id\":\"https:\\\/\\\/iwell-guard.com\\\/is\\\/medea\\\/#breadcrumb\",\"itemListElement\":[{\"@type\":\"ListItem\",\"position\":1,\"name\":\"Start\",\"item\":\"https:\\\/\\\/iwell-guard.com\\\/is\\\/?page_id=168580\"},{\"@type\":\"ListItem\",\"position\":2,\"name\":\"Medea\"}]},{\"@type\":\"WebSite\",\"@id\":\"https:\\\/\\\/iwell-guard.com\\\/is\\\/#website\",\"url\":\"https:\\\/\\\/iwell-guard.com\\\/is\\\/\",\"name\":\"iWell Guard\",\"description\":\"Schutz vor dunklen Einfl\u00fcssen\",\"publisher\":{\"@id\":\"https:\\\/\\\/iwell-guard.com\\\/is\\\/#organization\"},\"potentialAction\":[{\"@type\":\"SearchAction\",\"target\":{\"@type\":\"EntryPoint\",\"urlTemplate\":\"https:\\\/\\\/iwell-guard.com\\\/is\\\/?s={search_term_string}\"},\"query-input\":{\"@type\":\"PropertyValueSpecification\",\"valueRequired\":true,\"valueName\":\"search_term_string\"}}],\"inLanguage\":\"is\"},{\"@type\":\"Organization\",\"@id\":\"https:\\\/\\\/iwell-guard.com\\\/is\\\/#organization\",\"name\":\"Ittermann electronic GmbH\",\"url\":\"https:\\\/\\\/iwell-guard.com\\\/is\\\/\",\"logo\":{\"@type\":\"ImageObject\",\"inLanguage\":\"is\",\"@id\":\"https:\\\/\\\/iwell-guard.com\\\/is\\\/#\\\/schema\\\/logo\\\/image\\\/\",\"url\":\"https:\\\/\\\/iwell-guard.com\\\/wp-content\\\/uploads\\\/2026\\\/05\\\/Ittermann-Logo-1182x237-1.png\",\"contentUrl\":\"https:\\\/\\\/iwell-guard.com\\\/wp-content\\\/uploads\\\/2026\\\/05\\\/Ittermann-Logo-1182x237-1.png\",\"width\":1182,\"height\":237,\"caption\":\"Ittermann electronic GmbH\"},\"image\":{\"@id\":\"https:\\\/\\\/iwell-guard.com\\\/is\\\/#\\\/schema\\\/logo\\\/image\\\/\"},\"sameAs\":[\"https:\\\/\\\/pantip.com\\\/profile\\\/9367242\",\"https:\\\/\\\/micro.blog\\\/iwellguard\",\"https:\\\/\\\/www.diggerslist.com\\\/iwellguard\\\/about\",\"https:\\\/\\\/skitterphoto.com\\\/photographers\\\/2870314\\\/iwell-guard\",\"https:\\\/\\\/iwellguard.wordpress.com\\\/2026\\\/06\\\/06\\\/iwell-guard\\\/\",\"https:\\\/\\\/hub.docker.com\\\/u\\\/iwellguard\",\"https:\\\/\\\/www.pinterest.com\\\/iwellguard\\\/\",\"https:\\\/\\\/bit.ly\\\/m\\\/iwellguard\",\"https:\\\/\\\/entre-vos-mains.alsace.eu\\\/profiles\\\/iwellguard\\\/activity\",\"https:\\\/\\\/gravatar.com\\\/reallybeded8fd34\",\"https:\\\/\\\/naijamatta.com\\\/iwellguard\",\"https:\\\/\\\/www.goodreads.com\\\/iwellguard\",\"https:\\\/\\\/profile.hatena.ne.jp\\\/iwellguard\\\/\",\"https:\\\/\\\/experiment.com\\\/users\\\/iwellguard\",\"https:\\\/\\\/wakelet.com\\\/@iWellGuard82270\",\"https:\\\/\\\/www.chordie.com\\\/forum\\\/profile.php?id=2555664\",\"https:\\\/\\\/www.instapaper.com\\\/p\\\/17757966\",\"https:\\\/\\\/www.mapleprimes.com\\\/users\\\/iwellguard\",\"https:\\\/\\\/businesslistingplus.com\\\/profile\\\/iwell-guard\\\/\",\"https:\\\/\\\/telegra.ph\\\/iWell-Guard-06-06\",\"https:\\\/\\\/pbase.com\\\/iwellguard\\\/iwellguard\",\"https:\\\/\\\/b.hatena.ne.jp\\\/iwellguard\\\/20260607#bookmark-4788405196491818882\",\"https:\\\/\\\/fliphtml5.com\\\/home\\\/iwellguard\",\"https:\\\/\\\/anyflip.com\\\/homepage\\\/cmiwl#About\",\"https:\\\/\\\/transfur.com\\\/Users\\\/iwellguard\",\"http:\\\/\\\/delphi.larsbo.org\\\/user\\\/iwellguard\",\"https:\\\/\\\/jobs.lajobsportal.org\\\/profiles\\\/8380803-iwell-guard\",\"https:\\\/\\\/md.chaosdorf.de\\\/s\\\/jfbe5SBdJD\",\"https:\\\/\\\/www.lingvolive.com\\\/en-us\\\/profile\\\/9ecaeaca-ce11-4e51-9e71-01d55e2bff36\\\/translations\",\"https:\\\/\\\/www.fitday.com\\\/fitness\\\/forums\\\/members\\\/iwellguard.html\",\"https:\\\/\\\/www.mymeetbook.com\\\/iwellguard\",\"https:\\\/\\\/pxhere.com\\\/en\\\/photographer-me\\\/5040798\",\"https:\\\/\\\/disqus.com\\\/by\\\/iwellguard\\\/about\\\/\",\"https:\\\/\\\/pastelink.net\\\/hjwciqwq\",\"https:\\\/\\\/pubhtml5.com\\\/homepage\\\/scjhn\\\/\",\"https:\\\/\\\/www.bitchute.com\\\/channel\\\/2O2eOKzNqujT\",\"https:\\\/\\\/audiomack.com\\\/iwellguard\"]},{\"@type\":\"Article\",\"@id\":\"https:\\\/\\\/iwell-guard.com\\\/is\\\/medea\\\/#article\",\"isPartOf\":{\"@id\":\"https:\\\/\\\/iwell-guard.com\\\/is\\\/medea\\\/\"},\"author\":{\"name\":\"Ralf Ittermann\",\"@id\":\"https:\\\/\\\/iwell-guard.com\\\/is\\\/#\\\/schema\\\/person\\\/ee2a27f1cac3406c7c6fb5820cb7349f\"},\"headline\":\"Medea\",\"datePublished\":\"2026-09-05T14:03:45+00:00\",\"dateModified\":\"2026-09-05T14:21:53+00:00\",\"mainEntityOfPage\":{\"@id\":\"https:\\\/\\\/iwell-guard.com\\\/is\\\/medea\\\/\"},\"publisher\":{\"@id\":\"https:\\\/\\\/iwell-guard.com\\\/is\\\/#organization\"},\"image\":{\"@id\":\"https:\\\/\\\/iwell-guard.com\\\/is\\\/medea\\\/#primaryimage\"},\"thumbnailUrl\":\"https:\\\/\\\/iwell-guard.com\\\/wp-content\\\/uploads\\\/2026\\\/05\\\/goetter_griechenland_medea.webp\",\"inLanguage\":\"is\",\"description\":\"Medea hj\u00e1 Apoll\u00f3n\u00edosi og Evrip\u00eddesi: k\u00f3lk\u00edska galdrakonan, prestynja Hek\u00f6tu, m\u00f3\u00f0ir og mor\u00f0ingi. D\u00f3ttir \u00c6etesar, sonard\u00f3ttir s\u00f3lgu\u00f0sins Hel\u00edosar.\"}]}<\/script>\n<!-- \/ Yoast SEO Premium plugin. -->","yoast_head_json":{"title":"Medea \u2013 Go\u00f0sagnakennd galdrakona Grikkja | iWell Guard","description":"Medea hj\u00e1 Apoll\u00f3n\u00edosi og Evrip\u00eddesi: k\u00f3lk\u00edska galdrakonan, prestynja Hek\u00f6tu, m\u00f3\u00f0ir og mor\u00f0ingi. D\u00f3ttir \u00c6etesar, sonard\u00f3ttir s\u00f3lgu\u00f0sins Hel\u00edosar.","robots":{"index":"index","follow":"follow","max-snippet":"max-snippet:-1","max-image-preview":"max-image-preview:large","max-video-preview":"max-video-preview:-1"},"canonical":"https:\/\/iwell-guard.com\/is\/medea\/","og_locale":"is_IS","og_type":"article","og_title":"Medea","og_description":"Medea hj\u00e1 Apoll\u00f3n\u00edosi og Evrip\u00eddesi: k\u00f3lk\u00edska galdrakonan, prestynja Hek\u00f6tu, m\u00f3\u00f0ir og mor\u00f0ingi. D\u00f3ttir \u00c6etesar, sonard\u00f3ttir s\u00f3lgu\u00f0sins Hel\u00edosar.","og_url":"https:\/\/iwell-guard.com\/is\/medea\/","og_site_name":"iWell Guard","article_modified_time":"2026-09-05T14:21:53+00:00","og_image":[{"width":1024,"height":1536,"url":"https:\/\/iwell-guard.com\/wp-content\/uploads\/2026\/05\/goetter_griechenland_medea.webp","type":"image\/webp"}],"twitter_card":"summary_large_image","schema":{"@context":"https:\/\/schema.org","@graph":[{"@type":"Article","@id":"https:\/\/iwell-guard.com\/is\/medea\/#article","isPartOf":{"@id":"https:\/\/iwell-guard.com\/is\/medea\/"},"author":{"name":"Ralf Ittermann","@id":"https:\/\/iwell-guard.com\/is\/#\/schema\/person\/ee2a27f1cac3406c7c6fb5820cb7349f"},"headline":"Medea","datePublished":"2026-09-05T14:03:45+00:00","dateModified":"2026-09-05T14:21:53+00:00","mainEntityOfPage":{"@id":"https:\/\/iwell-guard.com\/is\/medea\/"},"publisher":{"@id":"https:\/\/iwell-guard.com\/is\/#organization"},"image":{"@id":"https:\/\/iwell-guard.com\/is\/medea\/#primaryimage"},"thumbnailUrl":"https:\/\/iwell-guard.com\/wp-content\/uploads\/2026\/05\/goetter_griechenland_medea.webp","inLanguage":"is","description":"Medea hj\u00e1 Apoll\u00f3n\u00edosi og Evrip\u00eddesi: k\u00f3lk\u00edska galdrakonan, prestynja Hek\u00f6tu, m\u00f3\u00f0ir og mor\u00f0ingi. D\u00f3ttir \u00c6etesar, sonard\u00f3ttir s\u00f3lgu\u00f0sins Hel\u00edosar."},{"@type":"WebPage","@id":"https:\/\/iwell-guard.com\/is\/medea\/","url":"https:\/\/iwell-guard.com\/is\/medea\/","name":"Medea \u2013 Go\u00f0sagnakennd galdrakona Grikkja | iWell Guard","isPartOf":{"@id":"https:\/\/iwell-guard.com\/is\/#website"},"primaryImageOfPage":{"@id":"https:\/\/iwell-guard.com\/is\/medea\/#primaryimage"},"image":{"@id":"https:\/\/iwell-guard.com\/is\/medea\/#primaryimage"},"thumbnailUrl":"https:\/\/iwell-guard.com\/wp-content\/uploads\/2026\/05\/goetter_griechenland_medea.webp","datePublished":"2026-09-05T14:03:45+00:00","dateModified":"2026-09-05T14:21:53+00:00","description":"Medea hj\u00e1 Apoll\u00f3n\u00edosi og Evrip\u00eddesi: k\u00f3lk\u00edska galdrakonan, prestynja Hek\u00f6tu, m\u00f3\u00f0ir og mor\u00f0ingi. D\u00f3ttir \u00c6etesar, sonard\u00f3ttir s\u00f3lgu\u00f0sins Hel\u00edosar.","breadcrumb":{"@id":"https:\/\/iwell-guard.com\/is\/medea\/#breadcrumb"},"inLanguage":"is","potentialAction":[{"@type":"ReadAction","target":["https:\/\/iwell-guard.com\/is\/medea\/"]}]},{"@type":"ImageObject","inLanguage":"is","@id":"https:\/\/iwell-guard.com\/is\/medea\/#primaryimage","url":"https:\/\/iwell-guard.com\/wp-content\/uploads\/2026\/05\/goetter_griechenland_medea.webp","contentUrl":"https:\/\/iwell-guard.com\/wp-content\/uploads\/2026\/05\/goetter_griechenland_medea.webp","width":1024,"height":1536,"caption":"Medea, kolk\u00edsk galdrakona \u00far gr\u00edskri go\u00f0afr\u00e6\u00f0i, s\u00f6guleg-myndskreytandi framsetning"},{"@type":"BreadcrumbList","@id":"https:\/\/iwell-guard.com\/is\/medea\/#breadcrumb","itemListElement":[{"@type":"ListItem","position":1,"name":"Start","item":"https:\/\/iwell-guard.com\/is\/?page_id=168580"},{"@type":"ListItem","position":2,"name":"Medea"}]},{"@type":"WebSite","@id":"https:\/\/iwell-guard.com\/is\/#website","url":"https:\/\/iwell-guard.com\/is\/","name":"iWell Guard","description":"Schutz vor dunklen Einfl\u00fcssen","publisher":{"@id":"https:\/\/iwell-guard.com\/is\/#organization"},"potentialAction":[{"@type":"SearchAction","target":{"@type":"EntryPoint","urlTemplate":"https:\/\/iwell-guard.com\/is\/?s={search_term_string}"},"query-input":{"@type":"PropertyValueSpecification","valueRequired":true,"valueName":"search_term_string"}}],"inLanguage":"is"},{"@type":"Organization","@id":"https:\/\/iwell-guard.com\/is\/#organization","name":"Ittermann electronic GmbH","url":"https:\/\/iwell-guard.com\/is\/","logo":{"@type":"ImageObject","inLanguage":"is","@id":"https:\/\/iwell-guard.com\/is\/#\/schema\/logo\/image\/","url":"https:\/\/iwell-guard.com\/wp-content\/uploads\/2026\/05\/Ittermann-Logo-1182x237-1.png","contentUrl":"https:\/\/iwell-guard.com\/wp-content\/uploads\/2026\/05\/Ittermann-Logo-1182x237-1.png","width":1182,"height":237,"caption":"Ittermann electronic GmbH"},"image":{"@id":"https:\/\/iwell-guard.com\/is\/#\/schema\/logo\/image\/"},"sameAs":["https:\/\/pantip.com\/profile\/9367242","https:\/\/micro.blog\/iwellguard","https:\/\/www.diggerslist.com\/iwellguard\/about","https:\/\/skitterphoto.com\/photographers\/2870314\/iwell-guard","https:\/\/iwellguard.wordpress.com\/2026\/06\/06\/iwell-guard\/","https:\/\/hub.docker.com\/u\/iwellguard","https:\/\/www.pinterest.com\/iwellguard\/","https:\/\/bit.ly\/m\/iwellguard","https:\/\/entre-vos-mains.alsace.eu\/profiles\/iwellguard\/activity","https:\/\/gravatar.com\/reallybeded8fd34","https:\/\/naijamatta.com\/iwellguard","https:\/\/www.goodreads.com\/iwellguard","https:\/\/profile.hatena.ne.jp\/iwellguard\/","https:\/\/experiment.com\/users\/iwellguard","https:\/\/wakelet.com\/@iWellGuard82270","https:\/\/www.chordie.com\/forum\/profile.php?id=2555664","https:\/\/www.instapaper.com\/p\/17757966","https:\/\/www.mapleprimes.com\/users\/iwellguard","https:\/\/businesslistingplus.com\/profile\/iwell-guard\/","https:\/\/telegra.ph\/iWell-Guard-06-06","https:\/\/pbase.com\/iwellguard\/iwellguard","https:\/\/b.hatena.ne.jp\/iwellguard\/20260607#bookmark-4788405196491818882","https:\/\/fliphtml5.com\/home\/iwellguard","https:\/\/anyflip.com\/homepage\/cmiwl#About","https:\/\/transfur.com\/Users\/iwellguard","http:\/\/delphi.larsbo.org\/user\/iwellguard","https:\/\/jobs.lajobsportal.org\/profiles\/8380803-iwell-guard","https:\/\/md.chaosdorf.de\/s\/jfbe5SBdJD","https:\/\/www.lingvolive.com\/en-us\/profile\/9ecaeaca-ce11-4e51-9e71-01d55e2bff36\/translations","https:\/\/www.fitday.com\/fitness\/forums\/members\/iwellguard.html","https:\/\/www.mymeetbook.com\/iwellguard","https:\/\/pxhere.com\/en\/photographer-me\/5040798","https:\/\/disqus.com\/by\/iwellguard\/about\/","https:\/\/pastelink.net\/hjwciqwq","https:\/\/pubhtml5.com\/homepage\/scjhn\/","https:\/\/www.bitchute.com\/channel\/2O2eOKzNqujT","https:\/\/audiomack.com\/iwellguard"]},{"@type":"Person","@id":"https:\/\/iwell-guard.com\/is\/#\/schema\/person\/ee2a27f1cac3406c7c6fb5820cb7349f","name":"Ralf Ittermann","image":{"@type":"ImageObject","inLanguage":"is","@id":"https:\/\/secure.gravatar.com\/avatar\/073c0153e350a5005b68eb752b445fea71f6b24a26da9449ad7e155e6b446c9d?s=96&d=mm&r=g","url":"https:\/\/secure.gravatar.com\/avatar\/073c0153e350a5005b68eb752b445fea71f6b24a26da9449ad7e155e6b446c9d?s=96&d=mm&r=g","contentUrl":"https:\/\/secure.gravatar.com\/avatar\/073c0153e350a5005b68eb752b445fea71f6b24a26da9449ad7e155e6b446c9d?s=96&d=mm&r=g","caption":"Ralf Ittermann"},"givenName":"Ralf","familyName":"Ittermann","jobTitle":"Gesch\u00e4ftsf\u00fchrer und redaktioneller Verantwortlicher","url":"https:\/\/iwell-guard.com\/is\/author\/claude\/","description":"Ralf Ittermann ist Gesch\u00e4ftsf\u00fchrer der Ittermann electronic GmbH und redaktioneller Verantwortlicher des iWell-Guard-Lexikons. Er verbindet langj\u00e4hrige Erfahrung in der Pr\u00e4zisionsfertigung mit medialer Praxis und religionsgeschichtlicher Quellenarbeit.","worksFor":{"@type":"Organization","name":"Ittermann electronic GmbH","url":"https:\/\/ittermann.de\/","address":{"@type":"PostalAddress","streetAddress":"K\u00f6hlergasse 16-18","postalCode":"99842","addressLocality":"Ruhla","addressCountry":"DE"}},"knowsAbout":["Religionsgeschichte","Mythologie","Mediale Praxis","Energetische Diagnostik","Schutzpraxis","Volksglauben","Westliche Esoterik"]},{"@type":"Article","@id":"https:\/\/iwell-guard.com\/is\/medea\/#article","isPartOf":{"@id":"https:\/\/iwell-guard.com\/is\/medea\/"},"author":{"name":"Ralf Ittermann","@id":"https:\/\/iwell-guard.com\/is\/#\/schema\/person\/ee2a27f1cac3406c7c6fb5820cb7349f"},"headline":"Medea","datePublished":"2026-09-05T14:03:45+00:00","dateModified":"2026-09-05T14:21:53+00:00","mainEntityOfPage":{"@id":"https:\/\/iwell-guard.com\/is\/medea\/"},"publisher":{"@id":"https:\/\/iwell-guard.com\/is\/#organization"},"image":{"@id":"https:\/\/iwell-guard.com\/is\/medea\/#primaryimage"},"thumbnailUrl":"https:\/\/iwell-guard.com\/wp-content\/uploads\/2026\/05\/goetter_griechenland_medea.webp","inLanguage":"is","description":"Medea hj\u00e1 Apoll\u00f3n\u00edosi og Evrip\u00eddesi: k\u00f3lk\u00edska galdrakonan, prestynja Hek\u00f6tu, m\u00f3\u00f0ir og mor\u00f0ingi. D\u00f3ttir \u00c6etesar, sonard\u00f3ttir s\u00f3lgu\u00f0sins Hel\u00edosar."}]}},"_links":{"self":[{"href":"https:\/\/iwell-guard.com\/is\/wp-json\/wp\/v2\/pages\/168881","targetHints":{"allow":["GET"]}}],"collection":[{"href":"https:\/\/iwell-guard.com\/is\/wp-json\/wp\/v2\/pages"}],"about":[{"href":"https:\/\/iwell-guard.com\/is\/wp-json\/wp\/v2\/types\/page"}],"author":[{"embeddable":true,"href":"https:\/\/iwell-guard.com\/is\/wp-json\/wp\/v2\/users\/3"}],"replies":[{"embeddable":true,"href":"https:\/\/iwell-guard.com\/is\/wp-json\/wp\/v2\/comments?post=168881"}],"version-history":[{"count":0,"href":"https:\/\/iwell-guard.com\/is\/wp-json\/wp\/v2\/pages\/168881\/revisions"}],"wp:featuredmedia":[{"embeddable":true,"href":"https:\/\/iwell-guard.com\/is\/wp-json\/wp\/v2\/media\/3455"}],"wp:attachment":[{"href":"https:\/\/iwell-guard.com\/is\/wp-json\/wp\/v2\/media?parent=168881"}],"wp:term":[{"taxonomy":"category","embeddable":true,"href":"https:\/\/iwell-guard.com\/is\/wp-json\/wp\/v2\/categories?post=168881"}],"curies":[{"name":"wp","href":"https:\/\/api.w.org\/{rel}","templated":true}]}}