{"id":168870,"date":"2026-09-05T14:03:39","date_gmt":"2026-09-05T14:03:39","guid":{"rendered":"https:\/\/iwell-guard.com\/?page_id=168870"},"modified":"2026-09-05T14:21:35","modified_gmt":"2026-09-05T14:21:35","slug":"inkubus","status":"publish","type":"page","link":"https:\/\/iwell-guard.com\/is\/inkubus\/","title":{"rendered":"Ink\u00fabus"},"content":{"rendered":"\t\t<div data-elementor-type=\"wp-page\" data-elementor-id=\"168870\" class=\"elementor elementor-168870 elementor-2211 elementor-bc-flex-widget\" data-elementor-post-type=\"page\">\n\t\t\t\t<div class=\"elementor-element elementor-element-am-inkubus-hero e-flex e-con-boxed e-con e-parent\" data-id=\"am-inkubus-hero\" data-element_type=\"container\" data-e-type=\"container\" data-settings=\"{&quot;background_background&quot;:&quot;classic&quot;}\">\n\t\t\t\t\t<div class=\"e-con-inner\">\n\t\t<div class=\"elementor-element elementor-element-am-inkubus-herohl e-flex e-con-boxed e-con e-child\" data-id=\"am-inkubus-herohl\" data-element_type=\"container\" data-e-type=\"container\">\n\t\t\t\t\t<div class=\"e-con-inner\">\n\t\t<div class=\"elementor-element elementor-element-am-inkubus-h1lead e-con-full e-flex e-con e-child\" data-id=\"am-inkubus-h1lead\" data-element_type=\"container\" data-e-type=\"container\">\n\t\t\t\t<div class=\"elementor-element elementor-element-am-inkubus-h1w elementor-widget elementor-widget-heading\" data-id=\"am-inkubus-h1w\" data-element_type=\"widget\" data-e-type=\"widget\" data-widget_type=\"heading.default\">\n\t\t\t\t\t<h1 class=\"elementor-heading-title elementor-size-default\">Ink\u00fabus, karlkyns n\u00e1ttdj\u00f6full<\/h1>\t\t\t\t<\/div>\n\t\t\t\t<div class=\"elementor-element elementor-element-am-inkubus-lead elementor-widget elementor-widget-text-editor\" data-id=\"am-inkubus-lead\" data-element_type=\"widget\" data-e-type=\"widget\" data-widget_type=\"text-editor.default\">\n\t\t\t\t\t\t\t\t\t<p>Ink\u00fabus er tr\u00faars\u00f6gulega r\u00f3tfastur verundarflokkur me\u00f0 l\u00f6gum \u00far mes\u00f3p\u00f3tam\u00edskri, gy\u00f0ing-ap\u00f3kr\u00fdfri, forngr\u00edskri og mi\u00f0aldakristinni hef\u00f0. \u00deessi samantekt kynnir heimildirnar, fr\u00e6\u00f0ikenninguna, <span class=\"iwg-fachbegriff\" data-tooltip=\"V\u00edsindaleg fr\u00e6\u00f0igrein um Gu\u00f0 og tr\u00fa tiltekinnar tr\u00faarbrag\u00f0a.\" tabindex=\"0\">gu\u00f0fr\u00e6\u00f0i<\/span> nornar\u00e9ttarhaldanna og n\u00fat\u00edma fyrirb\u00e6rafr\u00e6\u00f0ilegar ranns\u00f3knir.<\/p>\t\t\t\t\t\t\t\t<\/div>\n\t\t\t\t<\/div>\n\t\t<div class=\"elementor-element elementor-element-am-inkubus-klsbdg e-con-full e-flex e-con e-parent\" data-id=\"am-inkubus-klsbdg\" data-element_type=\"container\" data-e-type=\"container\">\n\t\t\t\t<div class=\"elementor-element elementor-element-am-inkubus-klshtm elementor-widget elementor-widget-html\" data-id=\"am-inkubus-klshtm\" data-element_type=\"widget\" data-e-type=\"widget\" data-widget_type=\"html.default\">\n\t\t\t\t\t<div class=\"iwg-pill-row\"><span class=\"iwg-klasse-badge\" tabindex=\"0\" data-tooltip=\"Flokkur kvenkyns n\u00e1ttvitrana sem er skjalfestur \u00ed m\u00f6rgum menningarheimum me\u00f0 svipa\u00f0ri virknisger\u00f0. Tr\u00faars\u00f6gulega samfellt skjalfest allt fr\u00e1 akkad\u00edsku L\u00edlitu-hef\u00f0inni (2. \u00e1r\u00fe\u00fasund f.Kr.).\">Verundarflokkur<\/span><span class=\"iwg-kultur-badge\" tabindex=\"0\" data-tooltip=\"Menningarlega yfirgripsmiki\u00f0 fyrirb\u00e6ri, skjalfest me\u00f0 tengdum ger\u00f0um \u00ed mes\u00f3p\u00f3tam\u00edskri, gy\u00f0inglegri, gr\u00edskri, r\u00f3mverskri, kristinni og austuras\u00edskri hef\u00f0.\">Yfirgripsmiki\u00f0<\/span><\/div>\t\t\t\t<\/div>\n\t\t\t\t<\/div>\n\t\t<div class=\"elementor-element elementor-element-am-inkubus-tocbox e-con-full e-flex e-con e-child\" data-id=\"am-inkubus-tocbox\" data-element_type=\"container\" data-e-type=\"container\">\n\t\t\t\t<div class=\"elementor-element elementor-element-am-inkubus-toc elementor-toc--minimized-on-tablet elementor-widget elementor-widget-table-of-contents\" data-id=\"am-inkubus-toc\" data-element_type=\"widget\" data-e-type=\"widget\" data-settings=\"{&quot;exclude_headings_by_selector&quot;:[],&quot;no_headings_message&quot;:&quot;Engar undirfyrirsagnir fundust \\u00e1 \\u00feessari s\\u00ed\\u00f0u.&quot;,&quot;headings_by_tags&quot;:[&quot;h2&quot;,&quot;h3&quot;],&quot;marker_view&quot;:&quot;bullets&quot;,&quot;minimize_box&quot;:&quot;yes&quot;,&quot;icon&quot;:{&quot;value&quot;:&quot;fas fa-circle&quot;,&quot;library&quot;:&quot;fa-solid&quot;,&quot;rendered_tag&quot;:&quot;&lt;svg class=\\&quot;e-font-icon-svg e-fas-circle\\&quot; viewBox=\\&quot;0 0 512 512\\&quot; xmlns=\\&quot;http:\\\/\\\/www.w3.org\\\/2000\\\/svg\\&quot;&gt;&lt;path d=\\&quot;M256 8C119 8 8 119 8 256s111 248 248 248 248-111 248-248S393 8 256 8z\\&quot;&gt;&lt;\\\/path&gt;&lt;\\\/svg&gt;&quot;},&quot;minimized_on&quot;:&quot;tablet&quot;,&quot;hierarchical_view&quot;:&quot;yes&quot;,&quot;min_height&quot;:{&quot;unit&quot;:&quot;px&quot;,&quot;size&quot;:&quot;&quot;,&quot;sizes&quot;:[]},&quot;min_height_tablet&quot;:{&quot;unit&quot;:&quot;px&quot;,&quot;size&quot;:&quot;&quot;,&quot;sizes&quot;:[]},&quot;min_height_mobile&quot;:{&quot;unit&quot;:&quot;px&quot;,&quot;size&quot;:&quot;&quot;,&quot;sizes&quot;:[]}}\" data-widget_type=\"table-of-contents.default\">\n\t\t\t\t\t\t\t\t\t<div class=\"elementor-toc__header\">\n\t\t\t\t\t\t<h2 class=\"elementor-toc__header-title\">\n\t\t\t\tEfnisyfirlit\t\t\t<\/h2>\n\t\t\t\t\t\t\t\t\t\t<div class=\"elementor-toc__toggle-button elementor-toc__toggle-button--expand\" role=\"button\" tabindex=\"0\" aria-controls=\"elementor-toc__am-inkubus-toc\" aria-expanded=\"true\" aria-label=\"Open table of contents\"><svg aria-hidden=\"true\" class=\"e-font-icon-svg e-fas-chevron-down\" viewBox=\"0 0 448 512\" xmlns=\"http:\/\/www.w3.org\/2000\/svg\"><path d=\"M207.029 381.476L12.686 187.132c-9.373-9.373-9.373-24.569 0-33.941l22.667-22.667c9.357-9.357 24.522-9.375 33.901-.04L224 284.505l154.745-154.021c9.379-9.335 24.544-9.317 33.901.04l22.667 22.667c9.373 9.373 9.373 24.569 0 33.941L240.971 381.476c-9.373 9.372-24.569 9.372-33.942 0z\"><\/path><\/svg><\/div>\n\t\t\t\t<div class=\"elementor-toc__toggle-button elementor-toc__toggle-button--collapse\" role=\"button\" tabindex=\"0\" aria-controls=\"elementor-toc__am-inkubus-toc\" aria-expanded=\"true\" aria-label=\"Close table of contents\"><svg aria-hidden=\"true\" class=\"e-font-icon-svg e-fas-chevron-up\" viewBox=\"0 0 448 512\" xmlns=\"http:\/\/www.w3.org\/2000\/svg\"><path d=\"M240.971 130.524l194.343 194.343c9.373 9.373 9.373 24.569 0 33.941l-22.667 22.667c-9.357 9.357-24.522 9.375-33.901.04L224 227.495 69.255 381.516c-9.379 9.335-24.544 9.317-33.901-.04l-22.667-22.667c-9.373-9.373-9.373-24.569 0-33.941L207.03 130.525c9.372-9.373 24.568-9.373 33.941-.001z\"><\/path><\/svg><\/div>\n\t\t\t\t\t<\/div>\n\t\t\t\t<div id=\"elementor-toc__am-inkubus-toc\" class=\"elementor-toc__body\">\n\t\t\t<div class=\"elementor-toc__spinner-container\">\n\t\t\t\t<svg class=\"elementor-toc__spinner eicon-animation-spin e-font-icon-svg e-eicon-loading\" aria-hidden=\"true\" viewBox=\"0 0 1000 1000\" xmlns=\"http:\/\/www.w3.org\/2000\/svg\"><path d=\"M500 975V858C696 858 858 696 858 500S696 142 500 142 142 304 142 500H25C25 237 238 25 500 25S975 237 975 500 763 975 500 975Z\"><\/path><\/svg>\t\t\t<\/div>\n\t\t<\/div>\n\t\t\t\t\t\t<\/div>\n\t\t\t\t<\/div>\n\t\t\t\t\t<\/div>\n\t\t\t\t<\/div>\n\t\t<div class=\"elementor-element elementor-element-am-inkubus-herorg e-flex e-con-boxed e-con e-child\" data-id=\"am-inkubus-herorg\" data-element_type=\"container\" data-e-type=\"container\">\n\t\t\t\t\t<div class=\"e-con-inner\">\n\t\t\t\t<div class=\"elementor-element elementor-element-am-inkubus-heroim iwg-hero-image elementor-widget elementor-widget-image\" data-id=\"am-inkubus-heroim\" data-element_type=\"widget\" data-e-type=\"widget\" data-widget_type=\"image.default\">\n\t\t\t\t\t\t\t\t\t\t\t\t\t\t\t<img fetchpriority=\"high\" decoding=\"async\" width=\"683\" height=\"1024\" src=\"https:\/\/iwell-guard.com\/wp-content\/uploads\/2026\/07\/daemonen_christentum_inkubus-683x1024.webp\" class=\"attachment-large size-large wp-image-169900\" alt=\"Incubus - Dj\u00f6flar \u00far kristinni tr\u00faarhef\u00f0, s\u00f6guleg myndskreyting\" srcset=\"https:\/\/iwell-guard.com\/wp-content\/uploads\/2026\/07\/daemonen_christentum_inkubus-683x1024.webp 683w, https:\/\/iwell-guard.com\/wp-content\/uploads\/2026\/07\/daemonen_christentum_inkubus-200x300.webp 200w, https:\/\/iwell-guard.com\/wp-content\/uploads\/2026\/07\/daemonen_christentum_inkubus-768x1152.webp 768w, https:\/\/iwell-guard.com\/wp-content\/uploads\/2026\/07\/daemonen_christentum_inkubus.webp 1024w\" sizes=\"(max-width: 683px) 100vw, 683px\" \/>\t\t\t\t\t\t\t\t\t\t\t\t\t\t\t<\/div>\n\t\t\t\t\t<\/div>\n\t\t\t\t<\/div>\n\t\t\t\t\t<\/div>\n\t\t\t\t<\/div>\n\t\t<div class=\"elementor-element elementor-element-x404-s0 e-con-boxed e-flex e-con e-parent\" data-id=\"x404-s0\" data-element_type=\"container\" data-e-type=\"container\">\n\t\t\t\t\t<div class=\"e-con-inner\">\n\t\t\t\t<div class=\"elementor-element elementor-element-x404-h0 elementor-widget elementor-widget-heading\" data-id=\"x404-h0\" data-element_type=\"widget\" data-e-type=\"widget\" data-widget_type=\"heading.default\">\n\t\t\t\t\t<h2 class=\"elementor-heading-title elementor-size-default\">Ink\u00fabus<\/h2>\t\t\t\t<\/div>\n\t\t<div class=\"elementor-element elementor-element-x404-s0-bw e-flex e-con-boxed e-con e-parent\" data-id=\"x404-s0-bw\" data-element_type=\"container\" data-e-type=\"container\" data-settings=\"{&quot;background_background&quot;:&quot;classic&quot;}\">\n\t\t\t\t\t<div class=\"e-con-inner\">\n\t\t\t\t<div class=\"elementor-element elementor-element-x404-t0 elementor-widget elementor-widget-text-editor\" data-id=\"x404-t0\" data-element_type=\"widget\" data-e-type=\"widget\" data-widget_type=\"text-editor.default\">\n\t\t\t\t\t\t\t\t\t<p>Kvenkyns n\u00e1ttdj\u00f6full sem leggst me\u00f0 sofandi m\u00f6nnum. Andst\u00e6\u00f0an vi\u00f0 ink\u00fabus \u00ed kristinni mi\u00f0aldadj\u00f6flafr\u00e6\u00f0i. Tengist eldri hef\u00f0um kvenkyns t\u00e1lkvendisdj\u00f6fla (Lilith, Emp\u00fasa, Lam\u00eda).<\/p><p>Ink\u00fabus kemur fram sem karlkyns n\u00e1ttdj\u00f6full \u00ed nokkrum mi\u00f0aldadj\u00f6flafr\u00e6\u00f0iritum.<\/p><div><p>Ink\u00fabus er einn best skjalfesti verundarflokkur samanbur\u00f0ardj\u00f6flafr\u00e6\u00f0innar. Nafni\u00f0 er dregi\u00f0 af latneska or\u00f0inu <em>succuba<\/em> (af <em>succubare<\/em>, a\u00f0 leggjast undir) og v\u00edsar til kvenkyns n\u00e1ttvitrunar sem verkar \u00e1 sofandi karlmenn.<\/p><p>Hugmyndin var\u00f0 ekki til \u00e1 kristnum mi\u00f0\u00f6ldum heldur \u00e1 s\u00e9r sk\u00fdra rekjanlega fors\u00f6gu \u00ed mes\u00f3p\u00f3tam\u00edsku <em>Lilitu<\/em>-hef\u00f0inni og \u00ed gy\u00f0inglegri Lilith-kenningu, sem s\u00fdnir Ink\u00fabus-einkenni allt fr\u00e1 s\u00ed\u00f0forn\u00f6ld <span class=\"iwg-fachbegriff\" data-tooltip=\"T\u00edmabil gr\u00edskrar og r\u00f3mverskrar menningar, um 800 f.Kr. til 600 e.Kr.\" tabindex=\"0\">fornaldar<\/span>.<\/p><p>\u00c1 iWell Guard fj\u00f6llum vi\u00f0 um Ink\u00fabus sem tr\u00faars\u00f6gulega \u00fer\u00f3a\u00f0a pers\u00f3nu me\u00f0 sk\u00fdrt a\u00f0greinanlegum l\u00f6gum: mes\u00f3p\u00f3tam\u00edsk-akkad\u00edsk \u00ed elstu vitnisbur\u00f0unum, gy\u00f0ingleg-<span class=\"iwg-fachbegriff\" data-tooltip=\"Utan hins vi\u00f0urkennda kan\u00f3ns.\" tabindex=\"0\">ap\u00f3kr\u00fdf<\/span> \u00ed <span class=\"iwg-fachbegriff\" data-tooltip=\"Umbreytingart\u00edmabil milli fornaldar og mi\u00f0alda, um 3. til 7. \u00f6ld.\" tabindex=\"0\">s\u00ed\u00f0forn\u00f6ld<\/span>, kristin-gu\u00f0fr\u00e6\u00f0ileg \u00ed fr\u00e6\u00f0ikenningu h\u00e1mi\u00f0alda, og settar fram af <span class=\"iwg-fachbegriff\" tabindex=\"0\" data-tooltip=\"\u00c1g\u00fast\u00ednus fr\u00e1 Hippo (354\u2013430); kirkjufa\u00f0ir kristninnar, h\u00f6fu\u00f0verk Confessiones og De civitate Dei.\">\u00c1g\u00fast\u00ednusi<\/span> \u00ed <em>De civitate Dei<\/em> (XV,23) og kerfisbundnar af <span class=\"iwg-fachbegriff\" tabindex=\"0\" data-tooltip=\"\u00cdtalskur gu\u00f0fr\u00e6\u00f0ingur (1225\u20131274); h\u00f6fu\u00f0verk Summa Theologiae; arist\u00f3tel\u00edsk sam\u00fe\u00e6tting kristinnar heimspeki.\">T\u00f3masi fr\u00e1 Akv\u00edn\u00f3<\/span> \u00ed <em>Summa Theologiae<\/em> (I, q. 51, a. 3).<\/p><p>B\u00e1\u00f0ir fjalla um verufr\u00e6\u00f0ilega spurningu um hvernig l\u00edkamlega \u00f3h\u00f6ndlanlegur <span class=\"iwg-fachbegriff\" data-tooltip=\"L\u00edkamslaus vera sem talin er hafa \u00e1hrif \u00ed heiminum.\" tabindex=\"0\">andi<\/span> geti haft kynfer\u00f0islega verkun; T\u00f3mas fylgir tv\u00ed\u00fe\u00e6ttri lausn \u00fear sem sama <span class=\"iwg-fachbegriff\" data-tooltip=\"Andleg vera sem talin er hafa ska\u00f0lega e\u00f0a tv\u00edr\u00e6\u00f0a verkun.\" tabindex=\"0\">dj\u00f6full<\/span> safnar fyrst s\u00e6\u00f0i sem s\u00fakk\u00fabus og flytur \u00fea\u00f0 s\u00ed\u00f0an sem ink\u00fabus. \u00deessi \u00fatf\u00e6rsla er st\u00f6\u00f0lu\u00f0 fyrirmynd ka\u00fe\u00f3lskrar dj\u00f6flafr\u00e6\u00f0i allt fram \u00ed <em>Malleus Maleficarum<\/em> (Sprenger og Institoris, 1487).<\/p><\/div>\t\t\t\t\t\t\t\t<\/div>\n\t\t\t\t\t<\/div>\n\t\t\t\t<\/div>\n\t\t\t\t\t<\/div>\n\t\t\t\t<\/div>\n\t\t<div class=\"elementor-element elementor-element-add-inkubus-s0 e-con-boxed e-flex e-con e-parent\" data-id=\"add-inkubus-s0\" data-element_type=\"container\" data-e-type=\"container\">\n\t\t\t\t\t<div class=\"e-con-inner\">\n\t\t\t\t<div class=\"elementor-element elementor-element-add-inkubus-h0 elementor-widget elementor-widget-heading\" data-id=\"add-inkubus-h0\" data-element_type=\"widget\" data-e-type=\"widget\" data-widget_type=\"heading.default\">\n\t\t\t\t\t<h2 class=\"elementor-heading-title elementor-size-default\">Go\u00f0sagnafr\u00e6\u00f0ileg sta\u00f0setning<\/h2>\t\t\t\t<\/div>\n\t\t<div class=\"elementor-element elementor-element-add-inkubus-s0-bw e-flex e-con-boxed e-con e-parent\" data-id=\"add-inkubus-s0-bw\" data-element_type=\"container\" data-e-type=\"container\" data-settings=\"{&quot;background_background&quot;:&quot;classic&quot;}\">\n\t\t\t\t\t<div class=\"e-con-inner\">\n\t\t\t\t<div class=\"elementor-element elementor-element-add-inkubus-t0 elementor-widget elementor-widget-text-editor\" data-id=\"add-inkubus-t0\" data-element_type=\"widget\" data-e-type=\"widget\" data-widget_type=\"text-editor.default\">\n\t\t\t\t\t\t\t\t\t<div><p>Incubus kemur fram \u00ed tr\u00faars\u00f6gulegri <span class=\"iwg-fachbegriff\" data-tooltip=\"Mi\u00f0lun \u00feekkingar og fr\u00e1sagna milli kynsl\u00f3\u00f0a.\" tabindex=\"0\">arfleif\u00f0<\/span> \u00ed m\u00f6rgum samhli\u00f0a \u00fer\u00e1\u00f0um sem \u00fe\u00e9ttast fyrst \u00ed eina samfellda mynd \u00ed samtvinnun frumn\u00fdaldar.<\/p><h3>Mes\u00f3p\u00f3tam\u00edsk-gy\u00f0inglegur \u00fer\u00e1\u00f0ur<\/h3><p>\u00deegar akkad\u00edsk arfleif\u00f0 \u00feekkir Lilu, karlkyns n\u00e6turveru, en einkenni hans renna inn \u00ed s\u00ed\u00f0ari hugmyndir um incubus. \u00cd s\u00e6ringat\u00f6flum fr\u00e1 \u00f6\u00f0ru \u00e1r\u00fe\u00fasundi fyrir Krist er \u00feessi dj\u00f6full talinn eir\u00f0arlaus andi sem s\u00e6kir a\u00f0 sofandi f\u00f3lki og tengist svi\u00f0i n\u00e6turpl\u00e1gu.<\/p><p>Vi\u00f0 hli\u00f0 kvenkyns Lilitu stendur \u00feannig snemma karlkyns m\u00f3tmynd sem lesa m\u00e1 sem fyrirmynd hins heims\u00e6kjandi n\u00e6turdj\u00f6fuls.<\/p><p>H\u00fan ver\u00f0ur \u00ed s\u00ed\u00f0fornaldar gy\u00f0inglegri hef\u00f0 a\u00f0 Lilith og \u00fer\u00f3ar \u00ed <em>Alphabet des Ben Sira<\/em> (8.\u201310. \u00f6ld) eigin \u00e6vis\u00f6gu sem fyrsta kona Adams, sem yfirgefur Eden vegna deilna um kynl\u00edfsst\u00f6\u00f0u og sn\u00fdr s\u00ed\u00f0an aftur sem incubus.<\/p><p>\u00deessi hugmyndalag er haldi\u00f0 \u00e1fram \u00ed mi\u00f0aldakabbala, til d\u00e6mis \u00ed Sohar fr\u00e1 13. \u00f6ld, \u00fear sem karlkyns dj\u00f6flar birtast sem fe\u00f0ur eigin afkv\u00e6ma og renna saman vi\u00f0 eldri mes\u00f3p\u00f3tam\u00edsk minni.<\/p><p>\u00c1letranir \u00e1 gy\u00f0ing-bab\u00fdlonskum t\u00f6frask\u00e1lum, sem \u00e1ttu a\u00f0 binda ska\u00f0lega anda, s\u00fdna a\u00f0 heims\u00e6kjandi n\u00e6turdj\u00f6fullinn var talinn raunveruleg h\u00e6tta \u00ed hversdagslegri tr\u00far\u00e6kni og var haldi\u00f0 \u00ed skefjum me\u00f0 verndar\u00feulum.<\/p><h3>Gr\u00edsk-r\u00f3mverskur \u00fer\u00e1\u00f0ur<\/h3><p>\u00cd gr\u00edsk-r\u00f3mverskri arfleif\u00f0 m\u00e1 tengja incubus vi\u00f0 Pan-, Faun- og Silenus-hringinn, \u00fea\u00f0 er karlkyns blendingsverur sem eignu\u00f0 var \u00e1geng kynfer\u00f0isleg heg\u00f0un. Latneska heiti\u00f0 incubus, dregi\u00f0 af s\u00f6gninni fyrir a\u00f0 liggja ofan \u00e1, dregur saman \u00feessa hugmynd um veru sem leggst ofan \u00e1 hina sofandi. \u00dear me\u00f0 er til sta\u00f0ar sj\u00e1lfst\u00e6\u00f0 hef\u00f0arl\u00edna karlkyns n\u00e6turvera.<\/p><p>Empusa er sta\u00f0fest hj\u00e1 Arist\u00f3fanesi (<em>Froskarnir<\/em>) og \u00ed Philostratos-\u00e6vis\u00f6gu Apolloniosar fr\u00e1 T\u00fdana; Lamia birtist hj\u00e1 Gervi-Apoll\u00f3d\u00f3rosi og \u00ed kristnum <span class=\"iwg-fachbegriff\" tabindex=\"0\" data-tooltip=\"Tr\u00faarleg rit utan bibl\u00edulegrar kan\u00f3nu, sta\u00f0sett milli kan\u00f3n\u00edsks og \u00f3kan\u00f3n\u00edsks \u00ed gy\u00f0inglegri og kristinni hef\u00f0 (t.d. T\u00f3b\u00edt, Enoksb\u00e6kur).\">ap\u00f3kr\u00fdfum ritum<\/span> sem barnahr\u00e6\u00f0a. \u00deessi hef\u00f0 rennur inn \u00ed mi\u00f0aldakenninguna um incubus \u00ed gegnum a\u00f0l\u00f6gun kirkjufe\u00f0ra \u00e1 fornri <span class=\"iwg-fachbegriff\" data-tooltip=\"Heild yfirf\u00e6r\u00f0ra gu\u00f0asagna \u00ed tiltekinni menningu.\" tabindex=\"0\">go\u00f0afr\u00e6\u00f0i<\/span>.<\/p><h3>Samtvinnun \u00ed frumn\u00fd\u00f6ld<\/h3><p>Me\u00f0 <em>Malleus Maleficarum<\/em> (1487), <em>De praestigiis daemonum<\/em> Johanns Weyers (1563), <em>Daemonolatria<\/em> Nicolas R\u00e9mys (1595) og <em>Discours des sorciers<\/em> Henri Boguets (1602) ver\u00f0ur incubus-kenningin fastur hluti af <span class=\"iwg-fachbegriff\" data-tooltip=\"V\u00edsindaleg kenning um Gu\u00f0 og tr\u00fa tiltekinna tr\u00faarbrag\u00f0a.\" tabindex=\"0\">gu\u00f0fr\u00e6\u00f0i<\/span> nornar\u00e9ttarhaldanna. A\u00f0fer\u00f0afr\u00e6\u00f0ilegar aflei\u00f0ingar eru alvarlegar: \u00e1s\u00f6kun um incubus er me\u00f0al algengustu \u00e1k\u00e6ruli\u00f0a frumn\u00fdaldar nornaofs\u00f3kna.<\/p><p>Sagnfr\u00e6\u00f0ilegar ranns\u00f3knir (Brian Levack, Wolfgang Behringer, Wolfgang Schild) hafa \u00e1 s\u00ed\u00f0ustu \u00e1ratugum unni\u00f0 \u00edtarlega \u00far tengslunum milli incubus-<span class=\"iwg-fachbegriff\" data-tooltip=\"V\u00edsindaleg kenning um Gu\u00f0 og tr\u00fa tiltekinna tr\u00faarbrag\u00f0a.\" tabindex=\"0\">gu\u00f0fr\u00e6\u00f0i<\/span> og gangverks ofs\u00f3knanna.<\/p><\/div>\t\t\t\t\t\t\t\t<\/div>\n\t\t\t\t\t<\/div>\n\t\t\t\t<\/div>\n\t\t\t\t\t<\/div>\n\t\t\t\t<\/div>\n\t\t<div class=\"elementor-element elementor-element-add-inkubus-s1 e-con-boxed e-flex e-con e-parent\" data-id=\"add-inkubus-s1\" data-element_type=\"container\" data-e-type=\"container\">\n\t\t\t\t\t<div class=\"e-con-inner\">\n\t\t\t\t<div class=\"elementor-element elementor-element-add-inkubus-h1 elementor-widget elementor-widget-heading\" data-id=\"add-inkubus-h1\" data-element_type=\"widget\" data-e-type=\"widget\" data-widget_type=\"heading.default\">\n\t\t\t\t\t<h2 class=\"elementor-heading-title elementor-size-default\">Heimildir<\/h2>\t\t\t\t<\/div>\n\t\t<div class=\"elementor-element elementor-element-add-inkubus-s1-bw e-flex e-con-boxed e-con e-parent\" data-id=\"add-inkubus-s1-bw\" data-element_type=\"container\" data-e-type=\"container\" data-settings=\"{&quot;background_background&quot;:&quot;classic&quot;}\">\n\t\t\t\t\t<div class=\"e-con-inner\">\n\t\t\t\t<div class=\"elementor-element elementor-element-add-inkubus-t1 elementor-widget elementor-widget-text-editor\" data-id=\"add-inkubus-t1\" data-element_type=\"widget\" data-e-type=\"widget\" data-widget_type=\"text-editor.default\">\n\t\t\t\t\t\t\t\t\t<div><p>V\u00edsindalega s\u00e9\u00f0 er ink\u00fabus v\u00e6tta\u00adflokkur me\u00f0 mismunandi valdastigum og hlutverkas\u00e9rh\u00e6fingu, ekki einst\u00f6k v\u00e6tti. Hinar \u00fatf\u00e6r\u00f0u flokkanir finnast fyrst og fremst \u00ed dj\u00f6flafr\u00e6\u00f0i frumn\u00fdaldar og \u00ed <span class=\"iwg-fachbegriff\" tabindex=\"0\" data-tooltip=\"Safnrit frumn\u00fdaldar helgigaldurs, fimm b\u00e6kur (Goetia, Theurgia-Goetia, Ars Paulina, Ars Almadel, Ars Notoria); 17. \u00f6ld.\">Lemegeton<\/span>-safnritinu.<\/p><h3>Valdastig og s\u00e9rh\u00e6fing<\/h3><p><em>Malleus Maleficarum<\/em> gerir greinarmun \u00e1 ink\u00fabusfyrirb\u00e6rum \u00e1n varanlegrar tengingar (eint\u00f6ku n\u00e6tur\u00e1reiti) og bundnum ink\u00fabustengslum (nornas\u00e1ttm\u00e1lasm\u00ed\u00f0). \u00deessi greinarmunur er a\u00f0 mestu tekinn upp \u00ed d\u00f3msskj\u00f6lum nornar\u00e9ttarhaldanna.<\/p><p>\u00cd n\u00fdrri helgigaldrab\u00f3kmenntum, s\u00e9rstaklega \u00ed ritum Stephens Skinner og Israels Regardie, eru ink\u00fabusv\u00e6ttir enn frekar flokka\u00f0ar eftir \u00e1hrifasvi\u00f0i (\u00e1starink\u00fabus, orkuey\u00f0andi ink\u00fabus, stj\u00f3rnandi ink\u00fabus), eftir uppruna (j\u00fad\u00edskur, kristinn-vestr\u00e6nn, as\u00edskur eins og jap\u00f6nska Yuki-Onna e\u00f0a k\u00ednverska Hu-Li-Jing) og eftir tengslaformi.<\/p><h3>Fyrirb\u00e6rafr\u00e6\u00f0ileg ranns\u00f3kn<\/h3><p><span class=\"iwg-fachbegriff\" tabindex=\"0\" data-tooltip=\"Breskur sagnfr\u00e6\u00f0ingur (f. 1969); h\u00f6fu\u00f0verk Grimoires (2009) og Paranormal (2009).\">Owen Davies<\/span>, <em>Paranormal<\/em>, 2009; David Hufford, <em>The Terror that Comes in the Night<\/em>, 1982) \u00fatsk\u00fdrir hluta ink\u00fabusfr\u00e1sagna me\u00f0 <span class=\"iwg-fachbegriff\" tabindex=\"0\" data-tooltip=\"N\u00e1tt\u00farulegt v\u00f6\u00f0val\u00f6munar\u00e1stand REM-svefns; vi\u00f0 svefnl\u00f6mun varir \u00fea\u00f0 \u00e1fram stundarkorn eftir v\u00f6knun.\">REM-l\u00f6mun<\/span> og d\u00e1lei\u00f0sluskynjunum vi\u00f0 v\u00f6knun.<\/p><p>\u00deessi \u00fatsk\u00fdring n\u00e6r yfir fyrirb\u00e6rafr\u00e6\u00f0ilegt svi\u00f0, \u00fe.e. \u00feunga \u00e1 brj\u00f3sti, hreyfingar\u00f3h\u00e6fni og skynjun \u00e1 framandi, oft karlkyns upplifa\u00f0ri n\u00e1vist, en l\u00e6tur menningars\u00f6gulegt svi\u00f0 standa opi\u00f0. V\u00edsindaleg afsta\u00f0a \u00ed dag er a\u00f0 mestu leyti s\u00fa a\u00f0 l\u00e6knisfr\u00e6\u00f0ileg og arfleif\u00f0ars\u00f6gulega t\u00falkun snerta tv\u00f6 svi\u00f0 sama fyrirb\u00e6ris og \u00fatiloki \u00feess vegna ekki hvort anna\u00f0.<\/p><h3>Helgisi\u00f0aleg og helgigaldursleg umgengni<\/h3><p>Ka\u00fe\u00f3lsk arfleif\u00f0 hefur fr\u00e1 16. \u00f6ld \u00feekkt \u00fatf\u00e6r\u00f0an <span class=\"iwg-fachbegriff\" data-tooltip=\"Helgisi\u00f0aleg \u00fatrekstur andar e\u00f0a p\u00faka sem talinn er ska\u00f0legur.\" tabindex=\"0\">exorsismus<\/span>-b\u00fana\u00f0 gegn ink\u00fabusfyrirb\u00e6rum, sem var l\u00f6gfestur \u00ed <em>Rituale Romanum<\/em> (1614). Helgigaldrahef\u00f0in (fr\u00e1 frumn\u00fdaldar-sal\u00f3monsku fram til n\u00fat\u00edma <span class=\"iwg-fachbegriff\" tabindex=\"0\" data-tooltip=\"Bresk stefna fr\u00e1 s\u00ed\u00f0ari hluta 1970 \u00e1ratugarins, stofnu\u00f0 af Peter Carroll og Ray Sherwin; r\u00f3tt\u00e6k \u00ed a\u00f0fer\u00f0, \u00e1n fasts gu\u00f0aheims.\">glundro\u00f0agaldurs<\/span>) \u00fer\u00f3ar verndart\u00e1kn, \u00e1kallsform\u00falur til bindingar og lausnarathafnir.<\/p><p>Afsta\u00f0a iWell Guard flokkar ink\u00fabusinn \u00ed flokk n\u00e6turorkuey\u00f0andi v\u00e6tta og v\u00edsar til verndarhlutverks mantrans (sj\u00e1 <a href=\"https:\/\/iwell-guard.com\/is\/?page_id=168874\">yfirlit yfir hlutverk<\/a>) sem a\u00f0fer\u00f0afr\u00e6\u00f0ilegs svars.<\/p><\/div>\t\t\t\t\t\t\t\t<\/div>\n\t\t\t\t\t<\/div>\n\t\t\t\t<\/div>\n\t\t\t\t\t<\/div>\n\t\t\t\t<\/div>\n\t\t<div class=\"elementor-element elementor-element-add-inkubus-s2 e-con-boxed e-flex e-con e-parent\" data-id=\"add-inkubus-s2\" data-element_type=\"container\" data-e-type=\"container\">\n\t\t\t\t\t<div class=\"e-con-inner\">\n\t\t\t\t<div class=\"elementor-element elementor-element-add-inkubus-h2 elementor-widget elementor-widget-heading\" data-id=\"add-inkubus-h2\" data-element_type=\"widget\" data-e-type=\"widget\" data-widget_type=\"heading.default\">\n\t\t\t\t\t<h2 class=\"elementor-heading-title elementor-size-default\">M\u00f3tt\u00f6kur \u00ed dag<\/h2>\t\t\t\t<\/div>\n\t\t<div class=\"elementor-element elementor-element-add-inkubus-s2-bw e-flex e-con-boxed e-con e-parent\" data-id=\"add-inkubus-s2-bw\" data-element_type=\"container\" data-e-type=\"container\" data-settings=\"{&quot;background_background&quot;:&quot;classic&quot;}\">\n\t\t\t\t\t<div class=\"e-con-inner\">\n\t\t\t\t<div class=\"elementor-element elementor-element-add-inkubus-t2 elementor-widget elementor-widget-text-editor\" data-id=\"add-inkubus-t2\" data-element_type=\"widget\" data-e-type=\"widget\" data-widget_type=\"text-editor.default\">\n\t\t\t\t\t\t\t\t\t<footer data-nosnippet=\"true\" class=\"iwg-rem-wrapped\"><p>\u00cd dag eru sl\u00edk upplifun \u00fatsk\u00fdr\u00f0 me\u00f0 REM-hreyfingarleysi (at\u00f3n\u00edu), d\u00e1lei\u00f0slu-svefn\u00e1standi (hypnopompic) og menningarlega m\u00f3tu\u00f0um t\u00falkunarmynstrum sem gefa hinni skynju\u00f0u vitund form hennar. Vins\u00e6l menningarleg t\u00falkun, me\u00f0al annars \u00ed t\u00f6lvuleikjum e\u00f0a fr\u00e1sagnarformum, tekur oftast \u00e1 incubus sem myrka t\u00e6landi vitund og \u00fatilokar a\u00f0 mestu \u00f3gnvekjandi hli\u00f0 hinnar eldri arfsagnar.<\/p><\/footer><h3>Tengsl vi\u00f0 a\u00f0rar menningarlegar vitundir<\/h3><p>Incubus er a\u00f0eins \u00feekktasta \u00fatg\u00e1fa vestur-mi\u00f0aldahef\u00f0ar \u00e1 v\u00ed\u00f0t\u00e6ku menningarlegu vitundarmynstri.<\/p><p>Karlkyns e\u00f0a karlkyns-l\u00edkar n\u00e1ttarvitundir me\u00f0 svipa\u00f0a virkni finnast \u00ed m\u00f6rgum vel skjalfestum menningarheimum, me\u00f0al annars \u00ed mara-fl\u00e9ttunni \u00far germ\u00f6nskri arfs\u00f6gn \u00ed karlkyns mynd sinni, \u00ed alp-vitundinni \u00far \u00fe\u00fdskri \u00fej\u00f3\u00f0tr\u00fa sem kvelur \u00feann sofandi, e\u00f0a \u00ed slavneskum hugmyndum um n\u00e1ttarnornir sem leggjast ofan \u00e1 f\u00f3lk.<\/p><p>\u00cd hef\u00f0 Gy\u00f0inga birtist samhli\u00f0a Lilith karlkyns dj\u00f6flager\u00f0, Samael, sem heyrir undir \u00feetta samhengi.<\/p><p>\u00deessar hli\u00f0st\u00e6\u00f0ur eru fr\u00e6\u00f0ilega uppl\u00fdsandi, \u00fev\u00ed \u00fe\u00e6r s\u00fdna a\u00f0 hugmyndin um kynfer\u00f0islega \u00f3gnandi karlkyns n\u00e1ttarvitund er engin s\u00e9rst\u00f6k afur\u00f0 kristinnar dj\u00f6flafr\u00e6\u00f0i, heldur birtist v\u00ed\u00f0a \u00fat fr\u00e1 menningarmannfr\u00e6\u00f0ilegu sj\u00f3narhorni. Incubus birtist \u00fev\u00ed sem sta\u00f0bundin \u00fatg\u00e1fa af v\u00ed\u00f0t\u00e6ku t\u00falkunarmynstri.<\/p><p>Kristilega \u00fatf\u00e6rslan me\u00f0 skautun incubus\/succubus og tengingu vi\u00f0 nornahugmyndina er aftur \u00e1 m\u00f3ti s\u00f6guleg s\u00e9rtekt bundin vi\u00f0 s\u00ed\u00f0mi\u00f0aldir og <span class=\"iwg-fachbegriff\" data-tooltip=\"T\u00edmabil um \u00fea\u00f0 bil fr\u00e1 15. til 18. \u00f6ld.\" tabindex=\"0\">upphaf n\u00fdaldar<\/span>.<\/p><h3>Gu\u00f0fr\u00e6\u00f0ileg dj\u00fapger\u00f0<\/h3><p>\u00cd sk\u00f3laspekilegri gu\u00f0fr\u00e6\u00f0i er spurningin um hvort dj\u00f6full geti komi\u00f0 fram sem karlma\u00f0ur og haft l\u00edkamlegt samr\u00e6\u00f0i vi\u00f0 konu langt fr\u00e1 \u00fev\u00ed a\u00f0 vera aukaatri\u00f0i. \u00dea\u00f0 er einmitt incubus sem kn\u00fdr fr\u00e6\u00f0imennina til n\u00e1kv\u00e6mrar skilgreiningar, \u00fev\u00ed h\u00e9r er hugsanleg getna\u00f0ur tekinn me\u00f0 \u00ed reikninginn, sem gerir kr\u00f6fu til l\u00e6rd\u00f3msins meiri en hin einfalda t\u00e6landi \u00e1s\u00f3kn.<\/p><p><span class=\"iwg-fachbegriff\" tabindex=\"0\" data-tooltip=\"\u00cdtalskur gu\u00f0fr\u00e6\u00f0ingur (1225\u20131274); h\u00f6fu\u00f0verk Summa Theologiae; arist\u00f3tel\u00edsk samr\u00e6ming kristinnar heimspeki.\">T\u00f3mas fr\u00e1 Akv\u00edn\u00f3<\/span> setur fram \u00ed <span class=\"iwg-fachbegriff\" tabindex=\"0\" data-tooltip=\"H\u00f6fu\u00f0verk T\u00f3masar fr\u00e1 Akv\u00edn\u00f3 (1265\u20131274); kerfisbundi\u00f0 samantekt sk\u00f3laspekilegrar gu\u00f0fr\u00e6\u00f0i.\">Summa Theologiae<\/span> (I, q. 51) n\u00e1kv\u00e6ma svar: dj\u00f6flar geta mynda\u00f0 s\u00e9r l\u00edkama \u00far lofti og efni, og me\u00f0 \u00feeim geta \u00feeir sem succubus safna\u00f0 s\u00e6\u00f0i karlmanns og sem incubus komi\u00f0 \u00fev\u00ed fyrir \u00e1 \u00f6\u00f0rum sta\u00f0.<\/p><p>Algeng lausn sk\u00f3laspekinga gengur \u00fat fr\u00e1 \u00fev\u00ed a\u00f0 sami dj\u00f6full n\u00e1i fyrst s\u00e6\u00f0i manns \u00ed mynd succubus og flytji \u00fea\u00f0 s\u00ed\u00f0an konu \u00ed mynd incubus.<\/p><p>\u00deannig \u00fej\u00f3nar dj\u00f6fullinn a\u00f0eins sem mi\u00f0ill og getur ekki af eigin krafti. Barni\u00f0 sem \u00feannig ver\u00f0ur til, kalla\u00f0 cambion \u00ed arfs\u00f6gninni, telst \u00fear af lei\u00f0andi manneskja getin \u00e1 mi\u00f0la\u00f0an h\u00e1tt, ekki dj\u00f6fulleg vitund.<\/p><p>\u00deessi gu\u00f0fr\u00e6\u00f0ilega dj\u00fapger\u00f0 \u00fatsk\u00fdrir hvers vegna incubus og succubus voru \u00ed mi\u00f0aldar <span class=\"iwg-fachbegriff\" data-tooltip=\"V\u00edsindaleg fr\u00e6\u00f0i um Gu\u00f0 og tr\u00fa einhverrar tr\u00faarbrag\u00f0a.\" tabindex=\"0\">gu\u00f0fr\u00e6\u00f0i<\/span> hugsu\u00f0 sem tv\u00f6 birtingarform s\u00f6mu vitundar, ekki sem tv\u00e6r a\u00f0skildar vitundir.<\/p><h3>V\u00edsindaleg heimildaskr\u00e1<\/h3><p>\u00deeir sem vilja kafa \u00ed incubus-efni\u00f0 \u00e1 fr\u00e6\u00f0ilegan h\u00e1tt finna \u00ed Russell-ritr\u00f6\u00f0inni (&#8222;Lucifer&#8220;, &#8222;Mephistopheles&#8220;) \u00edtarlega umfj\u00f6llun um gu\u00f0fr\u00e6\u00f0ilega hef\u00f0.<\/p><p>Fyrir karlkyns-hugsa\u00f0a l\u00ednu \u00feessarar vitundar v\u00edsa fr\u00e6\u00f0imenn til Lilith- og Samael-arfsagnarinnar, sem Raphael Patai (\u00bbThe Hebrew Goddess\u00ab, 1990) hefur unni\u00f0 \u00far \u00e1 kerfisbundinn h\u00e1tt; <a class=\"iwg-fachbegriff\" href=\"https:\/\/iwell-guard.com\/is\/?page_id=168888\" tabindex=\"0\" data-tooltip=\"V\u00f6ku\u00e1stand me\u00f0 v\u00f6\u00f0va-REM-hreyfingarleysi; v\u00ed\u00f0a um heim t\u00falka\u00f0 sem draugareynsla (mara, Old Hag, Kanashibari) \u2013 \u00fatsk\u00fdranlegt taugafr\u00e6\u00f0ilega.\" style=\"color:inherit;text-decoration:none\">svefnl\u00f6mun<\/a>-ranns\u00f3knir b\u00e6ta \u00feessari menningars\u00f6gulegu sl\u00f3\u00f0 vi\u00f0 l\u00e6knisfr\u00e6\u00f0ilega \u00fatsk\u00fdringu \u00e1 n\u00e1ttar\u00feunga \u00e1 brj\u00f3sti.<\/p><h3>\u00c1bending um frekari ranns\u00f3knir<\/h3><p>\u00deeir sem vilja kafa d\u00fdpra \u00ed efni\u00f0 finna \u00ed vi\u00f0eigandi fr\u00e6\u00f0ilegum handb\u00f3kum, dj\u00f6flafr\u00e6\u00f0ilegum frumheimildas\u00f6fnum og heimildaskr\u00e1m um mi\u00f0aldanornafr\u00e6\u00f0i frekari tilv\u00edsanir \u00ed s\u00e9rfr\u00e6\u00f0irit um incubus og cambion-spurninguna.<\/p><p>Ranns\u00f3knir \u00e1 <span class=\"iwg-fachbegriff\" tabindex=\"0\" data-tooltip=\"H\u00f6fu\u00f0verk mi\u00f0aldadulspeki Gy\u00f0inga (Sp\u00e1nn, 13. \u00f6ld); kabbal\u00edsk Torah-\u00fatlegging.\">S\u00f3har<\/span>, 13. \u00f6ld) f\u00ednstilla sm\u00ed\u00f0ina: Lilith ver\u00f0ur drottning Sitra Achra, hinnar hli\u00f0arins. Kristnar mi\u00f0aldir taka upp \u00feessa hugmynd og samsama Lilith vi\u00f0 incubus.<\/p>\t\t\t\t\t\t\t\t<\/div>\n\t\t\t\t\t<\/div>\n\t\t\t\t<\/div>\n\t\t\t\t<div class=\"elementor-element elementor-element-52a09c8 elementor-widget elementor-widget-heading\" data-id=\"52a09c8\" data-element_type=\"widget\" data-e-type=\"widget\" data-widget_type=\"heading.default\">\n\t\t\t\t\t<h3 class=\"elementor-heading-title elementor-size-default\">N\u00fat\u00edmaleg vi\u00f0taka og kynhneig\u00f0<\/h3>\t\t\t\t<\/div>\n\t\t<div class=\"elementor-element elementor-element-bw-c7d59f3-3092fdf e-flex e-con-boxed e-con e-parent\" data-id=\"bw-c7d59f3-3092fdf\" data-element_type=\"container\" data-e-type=\"container\" data-settings=\"{&quot;background_background&quot;:&quot;classic&quot;}\">\n\t\t\t\t\t<div class=\"e-con-inner\">\n\t\t\t\t<div class=\"elementor-element elementor-element-c7d59f3 elementor-widget elementor-widget-text-editor\" data-id=\"c7d59f3\" data-element_type=\"widget\" data-e-type=\"widget\" data-widget_type=\"text-editor.default\">\n\t\t\t\t\t\t\t\t\t<footer class=\"iwg-literatur\"><p>\u00cd n\u00fat\u00edmalegri m\u00f3tt\u00f6ku hefur ink\u00fabusinn teki\u00f0 \u00e1 sig nokkrar merkingarbreytingar. \u00cd d\u00e6gurmenningu (teiknimyndum, t\u00f6lvuleikjum, sk\u00e1lds\u00f6gum) er ink\u00fabusinn oft s\u00fdndur sem t\u00e6landi en ekki nau\u00f0synlega illkynju\u00f0 vera. Fem\u00edn\u00edsk lestrara\u00f0fer\u00f0 l\u00edtur \u00e1 ink\u00fabus-hef\u00f0ina sem skuggamynd karlmannlegrar skuldarkenndar vegna kynfer\u00f0islegra drauma.<\/p><p>Svefnl\u00e6knisfr\u00e6\u00f0in sk\u00fdrir ink\u00fabus-reynslu, eins og hj\u00e1 ink\u00fabusnum, me\u00f0 <a class=\"iwg-fachbegriff\" href=\"https:\/\/iwell-guard.com\/is\/?page_id=168888\" tabindex=\"0\" data-tooltip=\"V\u00f6ku\u00e1stand samfara v\u00f6\u00f0val\u00f6mun \u00ed REM-svefni; um allan heim t\u00falka\u00f0 sem draugareynsla (mara, Old Hag, kanashibari) \u2013 \u00fatsk\u00fdranlegt taugafr\u00e6\u00f0ilega.\" style=\"color:inherit;text-decoration:none\">svefnl\u00f6mun<\/a> og menningarlega \u00e1kve\u00f0inni skynjun. \u00c1 iWell Guard h\u00f6ldum vi\u00f0 \u00f6llum \u00feremur t\u00falkunarlei\u00f0unum gagns\u00e6jum hli\u00f0 vi\u00f0 hli\u00f0: tr\u00faarbrag\u00f0as\u00f6gulegri, menningarkr\u00edt\u00edskri og svefnl\u00e6knisfr\u00e6\u00f0ilegri. \u00cdgrundu\u00f0 greining \u00ed sta\u00f0 einhli\u00f0a \u00fatsk\u00fdringar.<\/p><h3>Svefnl\u00e6knisfr\u00e6\u00f0ileg \u00fatsk\u00fdring<\/h3><p>N\u00fat\u00edma svefnl\u00e6knisfr\u00e6\u00f0i \u00fatsk\u00fdrir ink\u00fabus-reynslu sem fyrirb\u00e6ri sem kallast <a class=\"iwg-fachbegriff\" href=\"https:\/\/iwell-guard.com\/is\/?page_id=168888\" tabindex=\"0\" data-tooltip=\"Skynjunar\u00e1stand \u00fear sem vitundin vaknar en l\u00edkaminn er enn lama\u00f0ur vegna REM-l\u00f6munar.\" style=\"color:inherit;text-decoration:none\">svefnl\u00f6mun<\/a>, \u00fear sem l\u00edfe\u00f0lisfr\u00e6\u00f0ilega er veri\u00f0 a\u00f0 vakna \u00far REM-svefni me\u00f0an v\u00f6\u00f0val\u00f6mun er enn til sta\u00f0ar, oft \u00e1samt sj\u00f3nr\u00e6num e\u00f0a heyrnr\u00e6num ofsj\u00f3num. <a class=\"iwg-fachbegriff\" href=\"https:\/\/iwell-guard.com\/is\/?page_id=168888\" tabindex=\"0\" data-tooltip=\"Skynjunar\u00e1stand \u00fear sem vitundin vaknar en l\u00edkaminn er enn lama\u00f0ur vegna REM-l\u00f6munar.\" style=\"color:inherit;text-decoration:none\">Svefnl\u00f6mun<\/a> hrj\u00e1ir um \u00fea\u00f0 bil 8% almennings a\u00f0 minnsta kosti einu sinni \u00e1 l\u00edfslei\u00f0inni, me\u00f0 auknum t\u00ed\u00f0leika vi\u00f0 svefnraskanir, vaktavinnu, v\u00edmuefnaneyslu og andlegt \u00e1lag.<\/p><p>Innihald ofsj\u00f3nanna, \u00fer\u00fagandi vera \u00e1 brj\u00f3stinu, kynfer\u00f0isleg \u00e1reitni, tilfinningin um a\u00f0 geta ekki kalla\u00f0, eru merkilega l\u00edk \u00fevert \u00e1 menningarheima, \u00fev\u00ed l\u00edfe\u00f0lisfr\u00e6\u00f0ilega fyrirb\u00e6ri\u00f0 skapar s\u00f6mu skynjunarmynstur. Menningarleg \u00fatf\u00e6rsla, ink\u00fabus, mara, pesanta, kanashibari, Old Hag, er breytileg eftir tr\u00faarlegu og \u00fej\u00f3\u00f0tr\u00faarlegu samhengi.<\/p><h3>S\u00f6guleg samfella<\/h3><p>\u00der\u00e1tt fyrir svefnl\u00e6knisfr\u00e6\u00f0ilega \u00fatsk\u00fdringu er hin tr\u00faarbrag\u00f0as\u00f6gulega d\u00fdpt ink\u00fabus-hugmyndarins ekki upplausn.<\/p><p>Hugmyndin um karlkyns ska\u00f0vera sem n\u00e1lgast sofandi konur m\u00e1 rekja meira en tv\u00f6 \u00fe\u00fasund \u00e1r aftur \u00ed t\u00edmann, fr\u00e1 mes\u00f3p\u00f3tam\u00edskum \u00f6ndum galdrat\u00f6flunnar, gegnum j\u00fad\u00edska dj\u00f6flafr\u00e6\u00f0i og kristna mi\u00f0aldagu\u00f0fr\u00e6\u00f0i, allt til \u00fej\u00f3\u00f0fr\u00e6\u00f0i n\u00fat\u00edmans. \u00cd galdraf\u00e1rum \u00e1rn\u00fdaldar var meint samband vi\u00f0 ink\u00fabus stundum ger\u00f0 a\u00f0 \u00e1k\u00e6ruatri\u00f0i.<\/p><p>V\u00edsindalega bendir \u00feessi samfella til \u00feess a\u00f0 \u00feessi pers\u00f3na gegni dj\u00fapum s\u00e1lfr\u00e6\u00f0ilegum og samf\u00e9lagslegum hlutverkum. \u00cd ink\u00fabusnum kristallast \u00f3tti vi\u00f0 \u00fevinga\u00f0a n\u00e1nd, spurningar um \u00f3lj\u00f3san uppruna barns, og hugmyndir um hreinleika og si\u00f0fer\u00f0ilega reglu, sem voru til umfj\u00f6llunar \u00e1 hverjum t\u00edma.<\/p><h3>M\u00f3ttaka \u00ed d\u00e6gurmenningu og samt\u00edmai\u00f0kun<\/h3><p>\u00cd n\u00fat\u00edmalegri m\u00f3tt\u00f6ku hefur merking ink\u00fabusins breyst t\u00f6luvert. \u00cd fantas\u00edub\u00f3kmenntum, t\u00f6lvu- og hlutverkaleikjum, \u00ed n\u00fat\u00edma dulspekihreyfingum er ink\u00fabusinn oft margr\u00e6\u00f0, jafnvel j\u00e1kv\u00e6\u00f0 pers\u00f3na, birtingarmynd kvenlegs kynfer\u00f0islegs valds, losta og sj\u00e1lfs\u00e1kv\u00f6r\u00f0unar.<\/p><p>\u00cd n\u00fdrri t\u00falkunum er ink\u00fabusinn losa\u00f0ur \u00far hlutverki hreinr\u00e6kta\u00f0s \u00f3gnvalds og t\u00falka\u00f0ur sem skuggamynd sem varpar lj\u00f3si \u00e1 arfleiddar myndir af karlmennsku, girnd og sakargift. \u00deessi s\u00fdn heyrir til \u00ed v\u00ed\u00f0ara samhengi menningarkr\u00edt\u00edskrar umfj\u00f6llunar um fornu dj\u00f6flafr\u00e6\u00f0ina. \u00c1 iWell Guard setjum vi\u00f0 sl\u00edkar t\u00falkanir \u00ed v\u00edsindalegt samhengi \u00e1n \u00feess a\u00f0 d\u00e6ma \u00fe\u00e6r.<\/p><h3>Si\u00f0fer\u00f0ilegar athugasemdir<\/h3><p>\u00deeir sem vilja taka ink\u00fabus-tengingu alvarlega inn \u00ed andlega i\u00f0kun s\u00edna \u00e6ttu a\u00f0 vera vakandi fyrir hinu s\u00f6gulega samhengi og s\u00e1lfr\u00e6\u00f0ilegum v\u00edddum. Ink\u00fabusinn er \u00ed upprunalegri hef\u00f0 sinni ska\u00f0vera; n\u00fat\u00edma tileinkun hans sem j\u00e1kv\u00e6\u00f0s i\u00f0kunarf\u00e9laga breytir \u00feessari merkingu verulega.<\/p><p>Vi\u00f0 hvetjum hvorki til <span class=\"iwg-fachbegriff\" data-tooltip=\"\u00dea\u00f0 a\u00f0 \u00e1kalla e\u00f0a bei\u00f0ast gu\u00f0s e\u00f0a m\u00e1ttarvalds.\" tabindex=\"0\">\u00e1kalls<\/span> \u00e1 ink\u00fabus-verum n\u00e9 til i\u00f0kunar \u00e1 formfestri kynfer\u00f0islegri <span class=\"iwg-fachbegriff\" data-tooltip=\"A\u00f0fer\u00f0ir sem me\u00f0 s\u00e9rst\u00f6kum ath\u00f6fnum e\u00f0a form\u00falum \u00e6tla a\u00f0 hafa \u00e1hrif \u00e1 gang hlutanna.\" tabindex=\"0\">galdri<\/span>; hvort tveggja \u00e1 heima \u00ed h\u00f6ndum \u00feeirra sem eru vel kunnugir eigin s\u00e1lfr\u00e6\u00f0ilegum, si\u00f0fer\u00f0ilegum og tr\u00faarbrag\u00f0as\u00f6gulegum forsendum.<\/p><p>Ink\u00fabusinn er me\u00f0al skjalfestra vera vestr\u00e6nnar <span class=\"iwg-fachbegriff\" data-tooltip=\"Heild \u00feeirra gu\u00f0asagna sem var\u00f0veist hafa innan tiltekinnar menningar.\" tabindex=\"0\">go\u00f0afr\u00e6\u00f0i<\/span> og dj\u00f6flafr\u00e6\u00f0i.<\/p><\/footer>\t\t\t\t\t\t\t\t<\/div>\n\t\t\t\t\t<\/div>\n\t\t\t\t<\/div>\n\t\t\t\t\t<\/div>\n\t\t\t\t<\/div>\n\t\t\t\t<section class=\"elementor-section elementor-top-section elementor-element elementor-element-wv-inkubus-faq-150815 elementor-section-boxed elementor-section-height-default elementor-section-height-default\" data-id=\"wv-inkubus-faq-150815\" data-element_type=\"section\" data-e-type=\"section\">\n\t\t\t\t\t\t<div class=\"elementor-container elementor-column-gap-default\">\n\t\t\t\t\t<div class=\"elementor-column elementor-col-100 elementor-top-column elementor-element elementor-element-wv-inkubus-faq-col-5486fc\" data-id=\"wv-inkubus-faq-col-5486fc\" data-element_type=\"column\" data-e-type=\"column\">\n\t\t\t<div class=\"elementor-widget-wrap elementor-element-populated\">\n\t\t\t\t\t\t<div class=\"elementor-element elementor-element-wv-inkubus-h elementor-widget elementor-widget-heading\" data-id=\"wv-inkubus-h\" data-element_type=\"widget\" data-e-type=\"widget\" data-widget_type=\"heading.default\">\n\t\t\t\t\t<h2 class=\"elementor-heading-title elementor-size-default\">Algengar spurningar um ink\u00fabus<\/h2>\t\t\t\t<\/div>\n\t\t\t\t<div class=\"elementor-element elementor-element-wv-inkubus-t elementor-widget elementor-widget-text-editor\" data-id=\"wv-inkubus-t\" data-element_type=\"widget\" data-e-type=\"widget\" data-widget_type=\"text-editor.default\">\n\t\t\t\t\t\t\t\t\t\n<details class=\"iwg-faq-item\">\n  <summary><strong>Hva\u00f0 er ink\u00fabus?<\/strong><\/summary>\n  <p>Ink\u00fabus er karlkyns svefndj\u00f6full \u00far j\u00fad\u00edsk-kristinni og evr\u00f3pskri mi\u00f0aldahef\u00f0, sem \u00e1reitir sofandi konur kynfer\u00f0islega. Nafni\u00f0 er dregi\u00f0 af latneska or\u00f0inu incubus (s\u00e1 sem leggst yfir). Hugmyndin er n\u00e1i\u00f0 tengd fyrirb\u00e6ri svefnl\u00f6munar og n\u00e6tur\u00fer\u00fagandi tilfinninga \u00ed brj\u00f3sti.<\/p>\n<\/details>\n\n<details class=\"iwg-faq-item\">\n  <summary><strong>Hvernig var\u00f0ist f\u00f3lk ink\u00fabus og s\u00fakk\u00fabus \u00e1 mi\u00f0\u00f6ldum?<\/strong><\/summary>\n  <p>\u00cd \u00fej\u00f3\u00f0tr\u00fa mi\u00f0alda voru tala\u00f0ar b\u00e6nir, v\u00edgt vatn, kross og helgir gripir taldir vernd. Sk\u00f3laspekileg <span class=\"iwg-fachbegriff\" data-tooltip=\"V\u00edsindaleg fr\u00e6\u00f0i um gu\u00f0 og tr\u00fa tiltekinna tr\u00faarbrag\u00f0a.\" tabindex=\"0\">gu\u00f0fr\u00e6\u00f0i<\/span> (T\u00f3mas fr\u00e1 Akv\u00edn\u00f3) fjalla\u00f0i um fyrirb\u00e6ri\u00f0 \u00e1 umdeildan h\u00e1tt. <span class=\"iwg-fachbegriff\" data-tooltip=\"\u00cdllvarnandi: um t\u00e1kn og hluti sem \u00e6tla\u00f0 er a\u00f0 halda ska\u00f0legum \u00e1hrifum \u00ed burtu.\" tabindex=\"0\">\u00cdllvarnandi<\/span> hlutir voru algengir, svo sem j\u00e1rnhlutir vi\u00f0 r\u00fami\u00f0, krossmark \u00e1 \u00fer\u00f6skuldi og a\u00f0 fara me\u00f0 fa\u00f0irvor \u00e1\u00f0ur en sofi\u00f0 var.<\/p>\n<\/details>\t\t\t\t\t\t\t\t<\/div>\n\t\t\t\t<div class=\"elementor-element elementor-element-wv-inkubus-s elementor-widget elementor-widget-html\" data-id=\"wv-inkubus-s\" data-element_type=\"widget\" data-e-type=\"widget\" data-widget_type=\"html.default\">\n\t\t\t\t\t<script type=\"application\/ld+json\">{\"@context\": \"https:\/\/schema.org\", \"@type\": \"FAQPage\", \"mainEntity\": [{\"@type\": \"Question\", \"name\": \"Hva\u00f0 er ink\u00fabus?\", \"acceptedAnswer\": {\"@type\": \"Answer\", \"text\": \"Ink\u00fabus er karlkyns svefndj\u00f6full \u00far j\u00fad\u00edsk-kristinni og evr\u00f3pskri mi\u00f0aldahef\u00f0, sem \u00e1reitir sofandi konur kynfer\u00f0islega. Nafni\u00f0 er dregi\u00f0 af latneska or\u00f0inu incubus (s\u00e1 sem leggst yfir). Hugmyndin er n\u00e1i\u00f0 tengd fyrirb\u00e6ri svefnl\u00f6munar og n\u00e6tur\u00fer\u00fagandi tilfinninga \u00ed brj\u00f3sti.\"}}, {\"@type\": \"Question\", \"name\": \"Hvernig var\u00f0ist f\u00f3lk ink\u00fabus og s\u00fakk\u00fabus \u00e1 mi\u00f0\u00f6ldum?\", \"acceptedAnswer\": {\"@type\": \"Answer\", \"text\": \"\u00cd mi\u00f0alda\u00fej\u00f3\u00f0tr\u00fa voru talin veita vernd upph\u00e1tt flutt b\u00e6nir, v\u00edgt vatn, krossm\u00f6rk og helgir gripir. Sk\u00f3laspekingar (T\u00f3mas fr\u00e1 Aquino) r\u00e6ddu fyrirb\u00e6ri\u00f0 \u00e1 gagnr\u00fdninn h\u00e1tt. \u00datbreidd var s\u00fa tr\u00fa a\u00f0 j\u00e1rnhlutir vi\u00f0 r\u00fami\u00f0, krossmark \u00e1 \u00fer\u00f6skuldinum og fa\u00f0irvori\u00f0 flutt fyrir svefninn veittu v\u00f6rn gegn illum \u00f6flum.\"}}]}<\/script>\t\t\t\t<\/div>\n\t\t\t\t\t<\/div>\n\t\t<\/div>\n\t\t\t\t\t<\/div>\n\t\t<\/section>\n\t\t\t\t<\/div>\n\t\t","protected":false},"excerpt":{"rendered":"","protected":false},"author":3,"featured_media":20446,"parent":0,"menu_order":0,"comment_status":"closed","ping_status":"closed","template":"elementor_header_footer","meta":{"_yoast_wpseo_focuskw":"Ink\u00fabus","_yoast_wpseo_title":"Ink\u00fabus - karlkyns n\u00e1ttdj\u00f6full","_yoast_wpseo_metadesc":"Karlkyns n\u00e1ttdj\u00f6full sem leggst me\u00f0 sofandi konum. \u00cd kristinni mi\u00f0aldahef\u00f0 er hann andst\u00e6\u00f0an vi\u00f0 kvenkyns s\u00fakk\u00fabus.","_yoast_wpseo_meta-robots-noindex":"","_yoast_wpseo_canonical":"","_angie_page":false,"gefaehrdungsstufe":"","wesen_kultur":"","wesen_klasse":"","footnotes":""},"categories":[],"class_list":["post-168870","page","type-page","status-publish","has-post-thumbnail","hentry"],"yoast_head":"<!-- This site is optimized with the Yoast SEO Premium plugin v27.7 (Yoast SEO v28.3) - https:\/\/yoast.com\/product\/yoast-seo-premium-wordpress\/ -->\n<title>Ink\u00fabus - karlkyns n\u00e1ttdj\u00f6full<\/title>\n<meta name=\"description\" content=\"Karlkyns n\u00e1ttdj\u00f6full sem leggst me\u00f0 sofandi konum. \u00cd kristinni mi\u00f0aldahef\u00f0 er hann andst\u00e6\u00f0an vi\u00f0 kvenkyns s\u00fakk\u00fabus.\" \/>\n<meta name=\"robots\" content=\"index, follow, max-snippet:-1, max-image-preview:large, max-video-preview:-1\" \/>\n<link rel=\"canonical\" href=\"https:\/\/iwell-guard.com\/is\/inkubus\/\" \/>\n<meta property=\"og:locale\" content=\"is_IS\" \/>\n<meta property=\"og:type\" content=\"article\" \/>\n<meta property=\"og:title\" content=\"Ink\u00fabus\" \/>\n<meta property=\"og:description\" content=\"Karlkyns n\u00e1ttdj\u00f6full sem leggst me\u00f0 sofandi konum. \u00cd kristinni mi\u00f0aldahef\u00f0 er hann andst\u00e6\u00f0an vi\u00f0 kvenkyns s\u00fakk\u00fabus.\" \/>\n<meta property=\"og:url\" content=\"https:\/\/iwell-guard.com\/is\/inkubus\/\" \/>\n<meta property=\"og:site_name\" content=\"iWell Guard\" \/>\n<meta property=\"article:modified_time\" content=\"2026-09-05T14:21:35+00:00\" \/>\n<meta property=\"og:image\" content=\"https:\/\/iwell-guard.com\/wp-content\/uploads\/2026\/07\/daemonen_christentum_inkubus.webp\" \/>\n\t<meta property=\"og:image:width\" content=\"1024\" \/>\n\t<meta property=\"og:image:height\" content=\"1536\" \/>\n\t<meta property=\"og:image:type\" content=\"image\/webp\" \/>\n<meta name=\"twitter:card\" content=\"summary_large_image\" \/>\n<script type=\"application\/ld+json\" class=\"yoast-schema-graph\">{\"@context\":\"https:\\\/\\\/schema.org\",\"@graph\":[{\"@type\":\"WebPage\",\"@id\":\"https:\\\/\\\/iwell-guard.com\\\/is\\\/inkubus\\\/\",\"url\":\"https:\\\/\\\/iwell-guard.com\\\/is\\\/inkubus\\\/\",\"name\":\"Ink\u00fabus - karlkyns n\u00e1ttdj\u00f6full\",\"isPartOf\":{\"@id\":\"https:\\\/\\\/iwell-guard.com\\\/is\\\/#website\"},\"primaryImageOfPage\":{\"@id\":\"https:\\\/\\\/iwell-guard.com\\\/is\\\/inkubus\\\/#primaryimage\"},\"image\":{\"@id\":\"https:\\\/\\\/iwell-guard.com\\\/is\\\/inkubus\\\/#primaryimage\"},\"thumbnailUrl\":\"https:\\\/\\\/iwell-guard.com\\\/wp-content\\\/uploads\\\/2026\\\/07\\\/daemonen_christentum_inkubus.webp\",\"datePublished\":\"2026-09-05T14:03:39+00:00\",\"dateModified\":\"2026-09-05T14:21:35+00:00\",\"description\":\"Karlkyns n\u00e1ttdj\u00f6full sem leggst me\u00f0 sofandi konum. \u00cd kristinni mi\u00f0aldahef\u00f0 er hann andst\u00e6\u00f0an vi\u00f0 kvenkyns s\u00fakk\u00fabus.\",\"breadcrumb\":{\"@id\":\"https:\\\/\\\/iwell-guard.com\\\/is\\\/inkubus\\\/#breadcrumb\"},\"inLanguage\":\"is\",\"potentialAction\":[{\"@type\":\"ReadAction\",\"target\":[\"https:\\\/\\\/iwell-guard.com\\\/is\\\/inkubus\\\/\"]}]},{\"@type\":\"ImageObject\",\"inLanguage\":\"is\",\"@id\":\"https:\\\/\\\/iwell-guard.com\\\/is\\\/inkubus\\\/#primaryimage\",\"url\":\"https:\\\/\\\/iwell-guard.com\\\/wp-content\\\/uploads\\\/2026\\\/07\\\/daemonen_christentum_inkubus.webp\",\"contentUrl\":\"https:\\\/\\\/iwell-guard.com\\\/wp-content\\\/uploads\\\/2026\\\/07\\\/daemonen_christentum_inkubus.webp\",\"width\":1024,\"height\":1536,\"caption\":\"Incubus - Dj\u00f6flar \u00far kristinni tr\u00faarhef\u00f0, s\u00f6guleg myndskreyting\"},{\"@type\":\"BreadcrumbList\",\"@id\":\"https:\\\/\\\/iwell-guard.com\\\/is\\\/inkubus\\\/#breadcrumb\",\"itemListElement\":[{\"@type\":\"ListItem\",\"position\":1,\"name\":\"Start\",\"item\":\"https:\\\/\\\/iwell-guard.com\\\/is\\\/?page_id=168580\"},{\"@type\":\"ListItem\",\"position\":2,\"name\":\"Ink\u00fabus\"}]},{\"@type\":\"WebSite\",\"@id\":\"https:\\\/\\\/iwell-guard.com\\\/is\\\/#website\",\"url\":\"https:\\\/\\\/iwell-guard.com\\\/is\\\/\",\"name\":\"iWell Guard\",\"description\":\"Schutz vor dunklen Einfl\u00fcssen\",\"publisher\":{\"@id\":\"https:\\\/\\\/iwell-guard.com\\\/is\\\/#organization\"},\"potentialAction\":[{\"@type\":\"SearchAction\",\"target\":{\"@type\":\"EntryPoint\",\"urlTemplate\":\"https:\\\/\\\/iwell-guard.com\\\/is\\\/?s={search_term_string}\"},\"query-input\":{\"@type\":\"PropertyValueSpecification\",\"valueRequired\":true,\"valueName\":\"search_term_string\"}}],\"inLanguage\":\"is\"},{\"@type\":\"Organization\",\"@id\":\"https:\\\/\\\/iwell-guard.com\\\/is\\\/#organization\",\"name\":\"Ittermann electronic GmbH\",\"url\":\"https:\\\/\\\/iwell-guard.com\\\/is\\\/\",\"logo\":{\"@type\":\"ImageObject\",\"inLanguage\":\"is\",\"@id\":\"https:\\\/\\\/iwell-guard.com\\\/is\\\/#\\\/schema\\\/logo\\\/image\\\/\",\"url\":\"https:\\\/\\\/iwell-guard.com\\\/wp-content\\\/uploads\\\/2026\\\/05\\\/Ittermann-Logo-1182x237-1.png\",\"contentUrl\":\"https:\\\/\\\/iwell-guard.com\\\/wp-content\\\/uploads\\\/2026\\\/05\\\/Ittermann-Logo-1182x237-1.png\",\"width\":1182,\"height\":237,\"caption\":\"Ittermann electronic GmbH\"},\"image\":{\"@id\":\"https:\\\/\\\/iwell-guard.com\\\/is\\\/#\\\/schema\\\/logo\\\/image\\\/\"},\"sameAs\":[\"https:\\\/\\\/pantip.com\\\/profile\\\/9367242\",\"https:\\\/\\\/micro.blog\\\/iwellguard\",\"https:\\\/\\\/www.diggerslist.com\\\/iwellguard\\\/about\",\"https:\\\/\\\/skitterphoto.com\\\/photographers\\\/2870314\\\/iwell-guard\",\"https:\\\/\\\/iwellguard.wordpress.com\\\/2026\\\/06\\\/06\\\/iwell-guard\\\/\",\"https:\\\/\\\/hub.docker.com\\\/u\\\/iwellguard\",\"https:\\\/\\\/www.pinterest.com\\\/iwellguard\\\/\",\"https:\\\/\\\/bit.ly\\\/m\\\/iwellguard\",\"https:\\\/\\\/entre-vos-mains.alsace.eu\\\/profiles\\\/iwellguard\\\/activity\",\"https:\\\/\\\/gravatar.com\\\/reallybeded8fd34\",\"https:\\\/\\\/naijamatta.com\\\/iwellguard\",\"https:\\\/\\\/www.goodreads.com\\\/iwellguard\",\"https:\\\/\\\/profile.hatena.ne.jp\\\/iwellguard\\\/\",\"https:\\\/\\\/experiment.com\\\/users\\\/iwellguard\",\"https:\\\/\\\/wakelet.com\\\/@iWellGuard82270\",\"https:\\\/\\\/www.chordie.com\\\/forum\\\/profile.php?id=2555664\",\"https:\\\/\\\/www.instapaper.com\\\/p\\\/17757966\",\"https:\\\/\\\/www.mapleprimes.com\\\/users\\\/iwellguard\",\"https:\\\/\\\/businesslistingplus.com\\\/profile\\\/iwell-guard\\\/\",\"https:\\\/\\\/telegra.ph\\\/iWell-Guard-06-06\",\"https:\\\/\\\/pbase.com\\\/iwellguard\\\/iwellguard\",\"https:\\\/\\\/b.hatena.ne.jp\\\/iwellguard\\\/20260607#bookmark-4788405196491818882\",\"https:\\\/\\\/fliphtml5.com\\\/home\\\/iwellguard\",\"https:\\\/\\\/anyflip.com\\\/homepage\\\/cmiwl#About\",\"https:\\\/\\\/transfur.com\\\/Users\\\/iwellguard\",\"http:\\\/\\\/delphi.larsbo.org\\\/user\\\/iwellguard\",\"https:\\\/\\\/jobs.lajobsportal.org\\\/profiles\\\/8380803-iwell-guard\",\"https:\\\/\\\/md.chaosdorf.de\\\/s\\\/jfbe5SBdJD\",\"https:\\\/\\\/www.lingvolive.com\\\/en-us\\\/profile\\\/9ecaeaca-ce11-4e51-9e71-01d55e2bff36\\\/translations\",\"https:\\\/\\\/www.fitday.com\\\/fitness\\\/forums\\\/members\\\/iwellguard.html\",\"https:\\\/\\\/www.mymeetbook.com\\\/iwellguard\",\"https:\\\/\\\/pxhere.com\\\/en\\\/photographer-me\\\/5040798\",\"https:\\\/\\\/disqus.com\\\/by\\\/iwellguard\\\/about\\\/\",\"https:\\\/\\\/pastelink.net\\\/hjwciqwq\",\"https:\\\/\\\/pubhtml5.com\\\/homepage\\\/scjhn\\\/\",\"https:\\\/\\\/www.bitchute.com\\\/channel\\\/2O2eOKzNqujT\",\"https:\\\/\\\/audiomack.com\\\/iwellguard\"]}]}<\/script>\n<!-- \/ Yoast SEO Premium plugin. -->","yoast_head_json":{"title":"Ink\u00fabus - karlkyns n\u00e1ttdj\u00f6full","description":"Karlkyns n\u00e1ttdj\u00f6full sem leggst me\u00f0 sofandi konum. \u00cd kristinni mi\u00f0aldahef\u00f0 er hann andst\u00e6\u00f0an vi\u00f0 kvenkyns s\u00fakk\u00fabus.","robots":{"index":"index","follow":"follow","max-snippet":"max-snippet:-1","max-image-preview":"max-image-preview:large","max-video-preview":"max-video-preview:-1"},"canonical":"https:\/\/iwell-guard.com\/is\/inkubus\/","og_locale":"is_IS","og_type":"article","og_title":"Ink\u00fabus","og_description":"Karlkyns n\u00e1ttdj\u00f6full sem leggst me\u00f0 sofandi konum. \u00cd kristinni mi\u00f0aldahef\u00f0 er hann andst\u00e6\u00f0an vi\u00f0 kvenkyns s\u00fakk\u00fabus.","og_url":"https:\/\/iwell-guard.com\/is\/inkubus\/","og_site_name":"iWell Guard","article_modified_time":"2026-09-05T14:21:35+00:00","og_image":[{"width":1024,"height":1536,"url":"https:\/\/iwell-guard.com\/wp-content\/uploads\/2026\/07\/daemonen_christentum_inkubus.webp","type":"image\/webp"}],"twitter_card":"summary_large_image","schema":{"@context":"https:\/\/schema.org","@graph":[{"@type":"WebPage","@id":"https:\/\/iwell-guard.com\/is\/inkubus\/","url":"https:\/\/iwell-guard.com\/is\/inkubus\/","name":"Ink\u00fabus - karlkyns n\u00e1ttdj\u00f6full","isPartOf":{"@id":"https:\/\/iwell-guard.com\/is\/#website"},"primaryImageOfPage":{"@id":"https:\/\/iwell-guard.com\/is\/inkubus\/#primaryimage"},"image":{"@id":"https:\/\/iwell-guard.com\/is\/inkubus\/#primaryimage"},"thumbnailUrl":"https:\/\/iwell-guard.com\/wp-content\/uploads\/2026\/07\/daemonen_christentum_inkubus.webp","datePublished":"2026-09-05T14:03:39+00:00","dateModified":"2026-09-05T14:21:35+00:00","description":"Karlkyns n\u00e1ttdj\u00f6full sem leggst me\u00f0 sofandi konum. \u00cd kristinni mi\u00f0aldahef\u00f0 er hann andst\u00e6\u00f0an vi\u00f0 kvenkyns s\u00fakk\u00fabus.","breadcrumb":{"@id":"https:\/\/iwell-guard.com\/is\/inkubus\/#breadcrumb"},"inLanguage":"is","potentialAction":[{"@type":"ReadAction","target":["https:\/\/iwell-guard.com\/is\/inkubus\/"]}]},{"@type":"ImageObject","inLanguage":"is","@id":"https:\/\/iwell-guard.com\/is\/inkubus\/#primaryimage","url":"https:\/\/iwell-guard.com\/wp-content\/uploads\/2026\/07\/daemonen_christentum_inkubus.webp","contentUrl":"https:\/\/iwell-guard.com\/wp-content\/uploads\/2026\/07\/daemonen_christentum_inkubus.webp","width":1024,"height":1536,"caption":"Incubus - Dj\u00f6flar \u00far kristinni tr\u00faarhef\u00f0, s\u00f6guleg myndskreyting"},{"@type":"BreadcrumbList","@id":"https:\/\/iwell-guard.com\/is\/inkubus\/#breadcrumb","itemListElement":[{"@type":"ListItem","position":1,"name":"Start","item":"https:\/\/iwell-guard.com\/is\/?page_id=168580"},{"@type":"ListItem","position":2,"name":"Ink\u00fabus"}]},{"@type":"WebSite","@id":"https:\/\/iwell-guard.com\/is\/#website","url":"https:\/\/iwell-guard.com\/is\/","name":"iWell Guard","description":"Schutz vor dunklen Einfl\u00fcssen","publisher":{"@id":"https:\/\/iwell-guard.com\/is\/#organization"},"potentialAction":[{"@type":"SearchAction","target":{"@type":"EntryPoint","urlTemplate":"https:\/\/iwell-guard.com\/is\/?s={search_term_string}"},"query-input":{"@type":"PropertyValueSpecification","valueRequired":true,"valueName":"search_term_string"}}],"inLanguage":"is"},{"@type":"Organization","@id":"https:\/\/iwell-guard.com\/is\/#organization","name":"Ittermann electronic GmbH","url":"https:\/\/iwell-guard.com\/is\/","logo":{"@type":"ImageObject","inLanguage":"is","@id":"https:\/\/iwell-guard.com\/is\/#\/schema\/logo\/image\/","url":"https:\/\/iwell-guard.com\/wp-content\/uploads\/2026\/05\/Ittermann-Logo-1182x237-1.png","contentUrl":"https:\/\/iwell-guard.com\/wp-content\/uploads\/2026\/05\/Ittermann-Logo-1182x237-1.png","width":1182,"height":237,"caption":"Ittermann electronic GmbH"},"image":{"@id":"https:\/\/iwell-guard.com\/is\/#\/schema\/logo\/image\/"},"sameAs":["https:\/\/pantip.com\/profile\/9367242","https:\/\/micro.blog\/iwellguard","https:\/\/www.diggerslist.com\/iwellguard\/about","https:\/\/skitterphoto.com\/photographers\/2870314\/iwell-guard","https:\/\/iwellguard.wordpress.com\/2026\/06\/06\/iwell-guard\/","https:\/\/hub.docker.com\/u\/iwellguard","https:\/\/www.pinterest.com\/iwellguard\/","https:\/\/bit.ly\/m\/iwellguard","https:\/\/entre-vos-mains.alsace.eu\/profiles\/iwellguard\/activity","https:\/\/gravatar.com\/reallybeded8fd34","https:\/\/naijamatta.com\/iwellguard","https:\/\/www.goodreads.com\/iwellguard","https:\/\/profile.hatena.ne.jp\/iwellguard\/","https:\/\/experiment.com\/users\/iwellguard","https:\/\/wakelet.com\/@iWellGuard82270","https:\/\/www.chordie.com\/forum\/profile.php?id=2555664","https:\/\/www.instapaper.com\/p\/17757966","https:\/\/www.mapleprimes.com\/users\/iwellguard","https:\/\/businesslistingplus.com\/profile\/iwell-guard\/","https:\/\/telegra.ph\/iWell-Guard-06-06","https:\/\/pbase.com\/iwellguard\/iwellguard","https:\/\/b.hatena.ne.jp\/iwellguard\/20260607#bookmark-4788405196491818882","https:\/\/fliphtml5.com\/home\/iwellguard","https:\/\/anyflip.com\/homepage\/cmiwl#About","https:\/\/transfur.com\/Users\/iwellguard","http:\/\/delphi.larsbo.org\/user\/iwellguard","https:\/\/jobs.lajobsportal.org\/profiles\/8380803-iwell-guard","https:\/\/md.chaosdorf.de\/s\/jfbe5SBdJD","https:\/\/www.lingvolive.com\/en-us\/profile\/9ecaeaca-ce11-4e51-9e71-01d55e2bff36\/translations","https:\/\/www.fitday.com\/fitness\/forums\/members\/iwellguard.html","https:\/\/www.mymeetbook.com\/iwellguard","https:\/\/pxhere.com\/en\/photographer-me\/5040798","https:\/\/disqus.com\/by\/iwellguard\/about\/","https:\/\/pastelink.net\/hjwciqwq","https:\/\/pubhtml5.com\/homepage\/scjhn\/","https:\/\/www.bitchute.com\/channel\/2O2eOKzNqujT","https:\/\/audiomack.com\/iwellguard"]}]}},"_links":{"self":[{"href":"https:\/\/iwell-guard.com\/is\/wp-json\/wp\/v2\/pages\/168870","targetHints":{"allow":["GET"]}}],"collection":[{"href":"https:\/\/iwell-guard.com\/is\/wp-json\/wp\/v2\/pages"}],"about":[{"href":"https:\/\/iwell-guard.com\/is\/wp-json\/wp\/v2\/types\/page"}],"author":[{"embeddable":true,"href":"https:\/\/iwell-guard.com\/is\/wp-json\/wp\/v2\/users\/3"}],"replies":[{"embeddable":true,"href":"https:\/\/iwell-guard.com\/is\/wp-json\/wp\/v2\/comments?post=168870"}],"version-history":[{"count":0,"href":"https:\/\/iwell-guard.com\/is\/wp-json\/wp\/v2\/pages\/168870\/revisions"}],"wp:featuredmedia":[{"embeddable":true,"href":"https:\/\/iwell-guard.com\/is\/wp-json\/wp\/v2\/media\/20446"}],"wp:attachment":[{"href":"https:\/\/iwell-guard.com\/is\/wp-json\/wp\/v2\/media?parent=168870"}],"wp:term":[{"taxonomy":"category","embeddable":true,"href":"https:\/\/iwell-guard.com\/is\/wp-json\/wp\/v2\/categories?post=168870"}],"curies":[{"name":"wp","href":"https:\/\/api.w.org\/{rel}","templated":true}]}}