{"id":168868,"date":"2026-09-05T14:03:38","date_gmt":"2026-09-05T14:03:38","guid":{"rendered":"https:\/\/iwell-guard.com\/?page_id=168868"},"modified":"2026-09-05T14:21:31","modified_gmt":"2026-09-05T14:21:31","slug":"gello","status":"publish","type":"page","link":"https:\/\/iwell-guard.com\/is\/gello\/","title":{"rendered":"Gello"},"content":{"rendered":"\t\t<div data-elementor-type=\"wp-page\" data-elementor-id=\"168868\" class=\"elementor elementor-168868 elementor-2207 elementor-bc-flex-widget\" data-elementor-post-type=\"page\">\n\t\t\t\t<div class=\"elementor-element elementor-element-x-h1-2207 e-con-boxed e-flex e-con e-parent\" data-id=\"x-h1-2207\" data-element_type=\"container\" data-e-type=\"container\">\n\t\t\t\t\t<div class=\"e-con-inner\">\n\t\t\t\t<div class=\"elementor-element elementor-element-x-h1w-2207 elementor-widget elementor-widget-heading\" data-id=\"x-h1w-2207\" data-element_type=\"widget\" data-e-type=\"widget\" data-widget_type=\"heading.default\">\n\t\t\t\t\t<h1 class=\"elementor-heading-title elementor-size-default\">Gello, barnademon \u00far gr\u00edskri hef\u00f0<\/h1>\t\t\t\t<\/div>\n\t\t\t\t\t<\/div>\n\t\t\t\t<\/div>\n\t\t<div class=\"elementor-element elementor-element-bld-h-gello e-con-boxed e-flex e-con e-parent\" data-id=\"bld-h-gello\" data-element_type=\"container\" data-e-type=\"container\">\n\t\t\t\t\t<div class=\"e-con-inner\">\n\t\t\t\t<div class=\"elementor-element elementor-element-bld-i-gello elementor-widget elementor-widget-image\" data-id=\"bld-i-gello\" data-element_type=\"widget\" data-e-type=\"widget\" data-widget_type=\"image.default\">\n\t\t\t\t\t\t\t\t\t\t\t\t\t\t\t<img fetchpriority=\"high\" decoding=\"async\" width=\"683\" height=\"1024\" src=\"https:\/\/iwell-guard.com\/wp-content\/uploads\/2026\/05\/daemonen_griechenland_gello-683x1024.webp\" class=\"attachment-large size-large wp-image-170907\" alt=\"Gello - p\u00fakar \u00far gr\u00edskri hef\u00f0, s\u00f6guleg myndskreyting\" srcset=\"https:\/\/iwell-guard.com\/wp-content\/uploads\/2026\/05\/daemonen_griechenland_gello-683x1024.webp 683w, https:\/\/iwell-guard.com\/wp-content\/uploads\/2026\/05\/daemonen_griechenland_gello-200x300.webp 200w, https:\/\/iwell-guard.com\/wp-content\/uploads\/2026\/05\/daemonen_griechenland_gello-768x1152.webp 768w, https:\/\/iwell-guard.com\/wp-content\/uploads\/2026\/05\/daemonen_griechenland_gello.webp 1024w\" sizes=\"(max-width: 683px) 100vw, 683px\" \/>\t\t\t\t\t\t\t\t\t\t\t\t\t\t\t<\/div>\n\t\t\t\t\t<\/div>\n\t\t\t\t<\/div>\n\t\t<div class=\"elementor-element elementor-element-x404-s0 e-con-boxed e-flex e-con e-parent\" data-id=\"x404-s0\" data-element_type=\"container\" data-e-type=\"container\">\n\t\t\t\t\t<div class=\"e-con-inner\">\n\t\t\t\t<div class=\"elementor-element elementor-element-x404-h0 elementor-widget elementor-widget-heading\" data-id=\"x404-h0\" data-element_type=\"widget\" data-e-type=\"widget\" data-widget_type=\"heading.default\">\n\t\t\t\t\t<h2 class=\"elementor-heading-title elementor-size-default\">Gello<\/h2>\t\t\t\t<\/div>\n\t\t<div class=\"elementor-element elementor-element-x404-s0-bw e-flex e-con-boxed e-con e-parent\" data-id=\"x404-s0-bw\" data-element_type=\"container\" data-e-type=\"container\" data-settings=\"{&quot;background_background&quot;:&quot;classic&quot;}\">\n\t\t\t\t\t<div class=\"e-con-inner\">\n\t\t\t\t<div class=\"elementor-element elementor-element-x404-t0 elementor-widget elementor-widget-text-editor\" data-id=\"x404-t0\" data-element_type=\"widget\" data-e-type=\"widget\" data-widget_type=\"text-editor.default\">\n\t\t\t\t\t\t\t\t\t<p>Gello (\u0393\u03b5\u03bb\u03bb\u03ce) er demon \u00far gr\u00edskri hef\u00f0 sem talin er \u00f3gna b\u00f6rnum, me\u00f0 r\u00e6tur \u00ed s\u00ed\u00f0fornaldar- og b\u00fdsanskri \u00fej\u00f3\u00f0tr\u00fa.<\/p><p>H\u00fan tilheyrir hinni v\u00ed\u00f0t\u00e6ku menningarmannfr\u00e6\u00f0ilegu fj\u00f6lskyldu vera sem \u00f3gna \u00feungu\u00f0um konum, s\u00e6ngurkonum og ungb\u00f6rnum, n\u00e1skyld hinni mes\u00f3p\u00f3tam\u00edsku Lamashtu, hinni gy\u00f0ingslegu Lilith, hinni r\u00f3mversku Strix og hinni s\u00fdrlensku Lilitu. \u00deeir sem vilja skilja \u00feennan flokk \u00ed heild finna \u00ed yfirlitinu <a href=\"https:\/\/iwell-guard.com\/is\/?page_id=168745\">Barnadem\u00f3nar<\/a> \u00feverfaglega samantekt.<\/p><p>Nafni\u00f0 Gello kemur fyrst fram hj\u00e1 gr\u00edska sk\u00e1ldkonunni Sappho (um 600 f.Kr., brot 178 Lobel-Page) sem or\u00f0atilt\u00e6ki, \u201ebarnk\u00e6rari en Gello\u201c var kaldh\u00e6\u00f0nisleg l\u00fdsing \u00e1 grimmri manneskju.<\/p><p>S\u00ed\u00f0ari hef\u00f0 \u00fer\u00f3ar \u00fat fr\u00e1 \u00feessari v\u00edsbendingu heildst\u00e6\u00f0a mynd af e\u00f0li verunnar: Gello er ung kona sem d\u00f3 fyrir aldur fram og sn\u00fdr aftur til jar\u00f0l\u00edfsins sem hefnigjarn <span class=\"iwg-fachbegriff\" data-tooltip=\"L\u00edkamslaus vera sem talin er hafa \u00e1hrif \u00ed heiminum.\" tabindex=\"0\">andi<\/span> og r\u00e6\u00f0st \u00e1 b\u00f6rn annarra m\u00e6\u00f0ra, \u00fev\u00ed h\u00fan gat ekki sj\u00e1lf eignast b\u00f6rn e\u00f0a komi\u00f0 \u00feeim \u00e1 legg.<\/p><div><h3>Gello \u00ed gr\u00edsk-b\u00fdsanskri hef\u00f0<\/h3><p>Gello (einnig <em>Gylou<\/em>, <em>Gelloudes<\/em> e\u00f0a <em>Gillo<\/em>) er kvenkyns demonpers\u00f3na \u00far gr\u00edsk-b\u00fdsanskri hef\u00f0 sem tilheyrir \u00ed e\u00f0li s\u00ednu hinum v\u00ed\u00f0ari flokki s\u00fakk\u00fabusvera, me\u00f0 s\u00e9rstakri \u00e1herslu \u00e1 a\u00f0 \u00f3gna \u00feungu\u00f0um konum, s\u00e6ngurkonum og ungb\u00f6rnum. Elsta minnst \u00e1 hana er hj\u00e1 Sappho (brot 178), \u00fear sem Gello birtist sem vera sem t\u00e1knar st\u00falkur sem d\u00f3u unglegar.<\/p><p>\u00cd b\u00fdsanskri hef\u00f0 ver\u00f0ur h\u00fan fullb\u00fain sj\u00fakd\u00f3msdemonspers\u00f3na, sem verndargripir og helgar verndarform\u00falur eru nota\u00f0ar gegn. N\u00fdrri ranns\u00f3knir (Sarah Iles Johnston, <em>Restless Dead<\/em>, 1999; Richard Greenfield, <em>Traditions of Belief in Late Byzantine Demonology<\/em>, 1988) hafa varpa\u00f0 lj\u00f3si \u00e1 tr\u00faars\u00f6gulega d\u00fdpt Gello-hef\u00f0arinnar.<\/p><\/div>\t\t\t\t\t\t\t\t<\/div>\n\t\t\t\t\t<\/div>\n\t\t\t\t<\/div>\n\t\t\t\t\t<\/div>\n\t\t\t\t<\/div>\n\t\t<div class=\"elementor-element elementor-element-x404-s1 e-con-boxed e-flex e-con e-parent\" data-id=\"x404-s1\" data-element_type=\"container\" data-e-type=\"container\">\n\t\t\t\t\t<div class=\"e-con-inner\">\n\t\t\t\t<div class=\"elementor-element elementor-element-x404-h1 elementor-widget elementor-widget-heading\" data-id=\"x404-h1\" data-element_type=\"widget\" data-e-type=\"widget\" data-widget_type=\"heading.default\">\n\t\t\t\t\t<h2 class=\"elementor-heading-title elementor-size-default\">Samhengi og bakgrunnur<\/h2>\t\t\t\t<\/div>\n\t\t<div class=\"elementor-element elementor-element-x404-s1-bw e-flex e-con-boxed e-con e-parent\" data-id=\"x404-s1-bw\" data-element_type=\"container\" data-e-type=\"container\" data-settings=\"{&quot;background_background&quot;:&quot;classic&quot;}\">\n\t\t\t\t\t<div class=\"e-con-inner\">\n\t\t\t\t<div class=\"elementor-element elementor-element-x404-t1 elementor-widget elementor-widget-text-editor\" data-id=\"x404-t1\" data-element_type=\"widget\" data-e-type=\"widget\" data-widget_type=\"text-editor.default\">\n\t\t\t\t\t\t\t\t\t<p>Hef\u00f0in er upprunnin \u00far s\u00ed\u00f0fornaldar-gr\u00edskri og b\u00fdsanskri \u00fej\u00f3\u00f0tr\u00fa og er vel skjalfest \u00ed tr\u00faars\u00f6gulegum ranns\u00f3knum sem s\u00ed\u00f0fornaldar barnadem\u00f3naflokkur.<\/p>\t\t\t\t\t\t\t\t<\/div>\n\t\t\t\t\t<\/div>\n\t\t\t\t<\/div>\n\t\t\t\t\t<\/div>\n\t\t\t\t<\/div>\n\t\t<div class=\"elementor-element elementor-element-add-gello-s0 e-con-boxed e-flex e-con e-parent\" data-id=\"add-gello-s0\" data-element_type=\"container\" data-e-type=\"container\">\n\t\t\t\t\t<div class=\"e-con-inner\">\n\t\t\t\t<div class=\"elementor-element elementor-element-add-gello-h0 elementor-widget elementor-widget-heading\" data-id=\"add-gello-h0\" data-element_type=\"widget\" data-e-type=\"widget\" data-widget_type=\"heading.default\">\n\t\t\t\t\t<h2 class=\"elementor-heading-title elementor-size-default\">Go\u00f0s\u00f6gulegur bakgrunnur<\/h2>\t\t\t\t<\/div>\n\t\t<div class=\"elementor-element elementor-element-add-gello-s0-bw e-flex e-con-boxed e-con e-parent\" data-id=\"add-gello-s0-bw\" data-element_type=\"container\" data-e-type=\"container\" data-settings=\"{&quot;background_background&quot;:&quot;classic&quot;}\">\n\t\t\t\t\t<div class=\"e-con-inner\">\n\t\t\t\t<div class=\"elementor-element elementor-element-add-gello-t0 elementor-widget elementor-widget-text-editor\" data-id=\"add-gello-t0\" data-element_type=\"widget\" data-e-type=\"widget\" data-widget_type=\"text-editor.default\">\n\t\t\t\t\t\t\t\t\t<p>Mikilv\u00e6gustu heimildirnar um Gello-hef\u00f0ina eru s\u00ed\u00f0fornaldar- og b\u00fdsanskir verndartextar gegn barnadem\u00f3num. Meginheimildin er \u201eFr\u00e1s\u00f6gn hins heilaga Sisinn\u00edosar\u201c, ap\u00f3kr\u00fdf\u00edsk d\u00fdrlingasaga \u00fear sem heilagur Sisinn\u00edos og br\u00e6\u00f0ur hans Synidoros og Sinodoros elta demoninn Gyllou (eins er nafni\u00f0 stafsett \u00ed b\u00fdsanskri hef\u00f0) og \u00fevinga hana til a\u00f0 gefa upp t\u00f3lf n\u00f6fn s\u00edn.<\/p><p>Nafnalistinn er <span class=\"iwg-fachbegriff\" tabindex=\"0\" data-tooltip=\"Illafyrirbyggjandi; verndart\u00e1knmerki (Pazuzu, Hamsa, Nazar) verja gegn ska\u00f0legum t\u00f6frum og illu auga.\">ap\u00f3tr\u00f3pa\u00edskur<\/span>, s\u00e1 sem kann \u00f6ll t\u00f3lf n\u00f6fnin hefur vald yfir demoninum.<\/p><p>Auk \u00feess eru var\u00f0veittar bl\u00fdt\u00f6flur fr\u00e1 6. til 10. \u00f6ld sem bornar voru sem verndargripir og \u00e1 \u00fe\u00e6r grafnar verndar\u00feulur gegn Gello. \u00deessi fornleifafr\u00e6\u00f0ilegi og \u00e1letrunarfr\u00e6\u00f0ilegi heimildah\u00f3pur er s\u00e9rlega mikilv\u00e6gur \u00ed tr\u00faars\u00f6gulegu samhengi, \u00fev\u00ed hann s\u00fdnir a\u00f0 hef\u00f0in var b\u00e6\u00f0i b\u00f3kmenntaleg og \u00fatbreidd \u00ed hagn\u00fdtri i\u00f0kun.<\/p><p>Mikilv\u00e6gar fr\u00e6\u00f0ilegar ranns\u00f3knir eru eftir A. Greenfield (\u201eTraditions of Belief in Late Byzantine Demonology\u201c, 1988) og R. P. H. Greenfield (\u201eSt. Sisinnios, the Archangel Michael and the Female Demon Gylou\u201c, 1989).<\/p><div><h3>Tengsl vi\u00f0 Lilith og Lamia<\/h3><p>Gello myndar \u00e1samt hinni gy\u00f0ingslegu Lilith, hinni gr\u00edsku Lamia og hinni mes\u00f3p\u00f3tam\u00edsku Lamashtu flokk kvenkyns f\u00e6\u00f0ingardem\u00f3na, en s\u00f6gulegt samband \u00feeirra hefur veri\u00f0 kerfisbundi\u00f0 rannsaka\u00f0 \u00ed samanbur\u00f0ar<span class=\"iwg-fachbegriff\" data-tooltip=\"V\u00edsindin sem rannsaka tr\u00faarbr\u00f6g\u00f0 me\u00f0 samanbur\u00f0i og \u00e1n tr\u00faarlegrar skuldbindingar.\" tabindex=\"0\">tr\u00faarbrag\u00f0afr\u00e6\u00f0i<\/span> fr\u00e1 t\u00edmum Bernhard Bare (<em>The Demon Child Killer in Greek and Mesopotamian Tradition<\/em>, 1976).<\/p><p>Skyldleikinn er svo n\u00e1inn a\u00f0 gera m\u00e1 r\u00e1\u00f0 fyrir sameiginlegri fornaustr\u00e6nni r\u00f3t sem \u00fer\u00f3a\u00f0ist \u00e1 eigin h\u00e1tt \u00ed hinum \u00fdmsu menningarheimum vi\u00f0 Mi\u00f0jar\u00f0arhaf. B\u00fdsansk-or\u00fe\u00f3doxa Mar\u00eduhef\u00f0in hefur sinn eigin b\u00fana\u00f0 af verndark\u00f6llunum og verndargripum gegn Gello, sem sums sta\u00f0ar hefur haldist \u00ed gr\u00edsk-or\u00fe\u00f3doxri \u00fej\u00f3\u00f0tr\u00fa fram \u00e1 okkar daga.<\/p><\/div>\t\t\t\t\t\t\t\t<\/div>\n\t\t\t\t\t<\/div>\n\t\t\t\t<\/div>\n\t\t\t\t\t<\/div>\n\t\t\t\t<\/div>\n\t\t<div class=\"elementor-element elementor-element-add-gello-s1 e-con-boxed e-flex e-con e-parent\" data-id=\"add-gello-s1\" data-element_type=\"container\" data-e-type=\"container\">\n\t\t\t\t\t<div class=\"e-con-inner\">\n\t\t\t\t<div class=\"elementor-element elementor-element-add-gello-h1 elementor-widget elementor-widget-heading\" data-id=\"add-gello-h1\" data-element_type=\"widget\" data-e-type=\"widget\" data-widget_type=\"heading.default\">\n\t\t\t\t\t<h2 class=\"elementor-heading-title elementor-size-default\">Heimildir<\/h2>\t\t\t\t<\/div>\n\t\t<div class=\"elementor-element elementor-element-add-gello-s1-bw e-flex e-con-boxed e-con e-parent\" data-id=\"add-gello-s1-bw\" data-element_type=\"container\" data-e-type=\"container\" data-settings=\"{&quot;background_background&quot;:&quot;classic&quot;}\">\n\t\t\t\t\t<div class=\"e-con-inner\">\n\t\t\t\t<div class=\"elementor-element elementor-element-add-gello-t1 elementor-widget elementor-widget-text-editor\" data-id=\"add-gello-t1\" data-element_type=\"widget\" data-e-type=\"widget\" data-widget_type=\"text-editor.default\">\n\t\t\t\t\t\t\t\t\t<p>Meginheimildir: A. Greenfield, \u201eTraditions of Belief in Late Byzantine Demonology\u201c (1988); R. P. H. Greenfield um Sisinn\u00edos og Gylou (1989); Karl Preisendanz, \u201ePapyri Graecae Magicae\u201c um <span class=\"iwg-fachbegriff\" data-tooltip=\"Umbreytingart\u00edmabil milli fornaldar og mi\u00f0alda, um 3. til 7. \u00f6ld.\" tabindex=\"0\">s\u00ed\u00f0fornaldar<\/span><span class=\"iwg-fachbegriff\" data-tooltip=\"I\u00f0kanir sem \u00e6tla\u00f0 er a\u00f0 hafa \u00e1hrif \u00e1 r\u00e1s atbur\u00f0a me\u00f0 s\u00e9rst\u00f6kum ath\u00f6fnum e\u00f0a \u00feulum.\" tabindex=\"0\">t\u00f6frahef\u00f0ina<\/span>. Auk \u00feess fornleifafr\u00e6\u00f0ilegi og \u00e1letrunarfr\u00e6\u00f0ilegi heimildah\u00f3pur bl\u00fdverndargripa fr\u00e1 6. til 10. \u00f6ld, sem gefinn hefur veri\u00f0 \u00fat \u00ed \u00fdmsum rits\u00f6fnum.<\/p><div><h3>Gello \u00ed iWell Guard verndarsvi\u00f0inu<\/h3><p>Gello fellur undir anna\u00f0 lag iWell Guard verndarsvi\u00f0sins (sj\u00e1 <a href=\"https:\/\/iwell-guard.com\/is\/?page_id=168874\">yfirlit yfir virkni<\/a>): tilraunir anda og dem\u00f3na til a\u00f0 \u00f3gna \u00feeim sem ber gripinn, e\u00f0a \u00feungun hans, f\u00e6\u00f0ingu e\u00f0a ungb\u00f6rnum, eru hraktar fr\u00e1 af verndarskildinum.<\/p><p>S\u00f6guleg hef\u00f0 verndar gegn Gello er tr\u00faars\u00f6gulegt d\u00e6mi sem miklu skiptir: verndara\u00f0fer\u00f0ir gegn \u00feessum flokki dem\u00f3na eru \u00fatf\u00e6r\u00f0ar \u00ed n\u00e6r \u00f6llum \u00fer\u00f3u\u00f0um menningarsamf\u00e9l\u00f6gum vi\u00f0 Mi\u00f0jar\u00f0arhaf, sem gefur til kynna almenna reynslugrundv\u00f6llinn \u00e1 bak vi\u00f0 \u00feessar fr\u00e1sagnir.<\/p><\/div>\t\t\t\t\t\t\t\t<\/div>\n\t\t\t\t\t<\/div>\n\t\t\t\t<\/div>\n\t\t\t\t\t<\/div>\n\t\t\t\t<\/div>\n\t\t<div class=\"elementor-element elementor-element-add-gello-s2 e-con-boxed e-flex e-con e-parent\" data-id=\"add-gello-s2\" data-element_type=\"container\" data-e-type=\"container\">\n\t\t\t\t\t<div class=\"e-con-inner\">\n\t\t\t\t<div class=\"elementor-element elementor-element-add-gello-h2 elementor-widget elementor-widget-heading\" data-id=\"add-gello-h2\" data-element_type=\"widget\" data-e-type=\"widget\" data-widget_type=\"heading.default\">\n\t\t\t\t\t<h2 class=\"elementor-heading-title elementor-size-default\">Hli\u00f0st\u00e6\u00f0ur<\/h2>\t\t\t\t<\/div>\n\t\t<div class=\"elementor-element elementor-element-add-gello-s2-bw e-flex e-con-boxed e-con e-parent\" data-id=\"add-gello-s2-bw\" data-element_type=\"container\" data-e-type=\"container\" data-settings=\"{&quot;background_background&quot;:&quot;classic&quot;}\">\n\t\t\t\t\t<div class=\"e-con-inner\">\n\t\t\t\t<div class=\"elementor-element elementor-element-add-gello-t2 elementor-widget elementor-widget-text-editor\" data-id=\"add-gello-t2\" data-element_type=\"widget\" data-e-type=\"widget\" data-widget_type=\"text-editor.default\">\n\t\t\t\t\t\t\t\t\t<footer class=\"iwg-literatur\"><p>Gello \u00e1 s\u00e9r margar hli\u00f0st\u00e6\u00f0ur \u00ed n\u00e1l\u00e6gum hef\u00f0um: \u00cd hinum sem\u00edt\u00edska heimi samsvarar h\u00fan a\u00f0 mestu Lilith og hinni akkad\u00edsku Lamashtu, en me\u00f0 \u00feeim deilir h\u00fan einkennum, h\u00fan \u00f3gnar b\u00f6rnum, er kvenkyns, hefur mikla hreyfigetu (fer\u00f0ast um loftin) og hefur tv\u00edr\u00e6\u00f0a st\u00f6\u00f0u milli andaveru og dj\u00f6fuls.<\/p><p>\u00cd r\u00f3mverskri hef\u00f0 er Strix (fuglslaga barnadj\u00f6full) n\u00e1nasti \u00e6ttinginn, \u00ed slavneskri hef\u00f0 er \u00fea\u00f0 Mora e\u00f0a Mara, \u00ed hinni j\u00fad\u00edsku hef\u00f0 Lilith og forverar hennar.<\/p><p>Menningarmannfr\u00e6\u00f0ilegar ranns\u00f3knir telja a\u00f0 \u00feessi menningarlega samfella eigi ekki fyrst og fremst r\u00f3t \u00ed \u00fatbrei\u00f0slu hugmynda, heldur \u00ed hagn\u00fdtri samleitni: Hin mikla d\u00e1nart\u00ed\u00f0ni ungbarna og s\u00e6ngurkvenna \u00ed samf\u00e9l\u00f6gum fyrri t\u00edma skapa\u00f0i \u00fe\u00f6rf fyrir sk\u00fdringar og verndun, sem \u00ed m\u00f6rgum menningarheimum leiddi af s\u00e9r svipa\u00f0ar verur.<\/p><p>Verndarhef\u00f0in gegn Gello og \u00e6ttingjum hennar er s\u00f6gulega v\u00ed\u00f0t\u00e6kasti grunnur s\u00ed\u00f0ari verndarhef\u00f0a yfirleitt. Hin apotr\u00f3p\u00edsku verndargripir, verndarb\u00e6nir og helgisi\u00f0abundnar hreinsunarathafnir hafa h\u00e9r sitt elsta og menningarlega st\u00f6\u00f0ugasta notkunarsvi\u00f0.<\/p><h3>Tengsl vi\u00f0 iWell Guard<\/h3><p>\u00c1 iWell Guard er Gello f\u00e6rsla \u00ed or\u00f0ab\u00f3k gr\u00edskrar hef\u00f0ar (sj\u00e1 <a href=\"https:\/\/iwell-guard.com\/is\/?page_id=168594\">Grikkland<\/a>) og er auk \u00feess hluti af flokkayfirlitinu <a href=\"https:\/\/iwell-guard.com\/is\/?page_id=168745\">Barnadj\u00f6flar<\/a>. Tengdar f\u00e6rslur eru <a href=\"https:\/\/iwell-guard.com\/is\/?page_id=168597\">Lamia<\/a>, \u00feekktasti gr\u00edski barnadj\u00f6fullinn, <a href=\"https:\/\/iwell-guard.com\/is\/?page_id=168598\">Empusa<\/a> \u00far n\u00e1nari s\u00fakkubus-h\u00f3pnum og <a href=\"https:\/\/iwell-guard.com\/is\/?page_id=168607\">Lilith<\/a> sem j\u00fad\u00edsk hli\u00f0st\u00e6\u00f0a.<\/p><p>Gello-hef\u00f0in er hluti af gr\u00edskri <span class=\"iwg-fachbegriff\" data-tooltip=\"Heildarsafn \u00feeirra sagna um gu\u00f0i sem var\u00f0veist hafa \u00ed tiltekinni menningu.\" tabindex=\"0\">go\u00f0afr\u00e6\u00f0i<\/span> s\u00ed\u00f0fornaldar og ranns\u00f3knum \u00e1 barnadj\u00f6flum \u00ed \u00fej\u00f3\u00f0tr\u00fa.<\/p><p>Gello-hef\u00f0in er hluti af gr\u00edskri <span class=\"iwg-fachbegriff\" data-tooltip=\"Heildarsafn \u00feeirra sagna um gu\u00f0i sem var\u00f0veist hafa \u00ed tiltekinni menningu.\" tabindex=\"0\">go\u00f0afr\u00e6\u00f0i<\/span> s\u00ed\u00f0fornaldar og ranns\u00f3knum \u00e1 barnadj\u00f6flum \u00ed \u00fej\u00f3\u00f0tr\u00fa.<\/p><p>Gello-hef\u00f0in er hluti af gr\u00edskri <span class=\"iwg-fachbegriff\" data-tooltip=\"Heildarsafn \u00feeirra sagna um gu\u00f0i sem var\u00f0veist hafa \u00ed tiltekinni menningu.\" tabindex=\"0\">go\u00f0afr\u00e6\u00f0i<\/span> s\u00ed\u00f0fornaldar og \u00fej\u00f3\u00f0tr\u00faarhef\u00f0.<\/p><\/footer>\t\t\t\t\t\t\t\t<\/div>\n\t\t\t\t\t<\/div>\n\t\t\t\t<\/div>\n\t\t\t\t\t<\/div>\n\t\t\t\t<\/div>\n\t\t\t\t<\/div>\n\t\t","protected":false},"excerpt":{"rendered":"","protected":false},"author":3,"featured_media":2279,"parent":0,"menu_order":0,"comment_status":"closed","ping_status":"closed","template":"elementor_header_footer","meta":{"_yoast_wpseo_focuskw":"gello","_yoast_wpseo_title":"Gello \u2013 barnademon \u00far b\u00fdsansk-gr\u00edskri hef\u00f0","_yoast_wpseo_metadesc":"Barnademon \u00far gr\u00edsk-b\u00fdsanskri hef\u00f0, hli\u00f0st\u00e6\u00f0 Lamia og Mormo. S\u00f6g\u00f0 ska\u00f0a \u00feunga\u00f0ar konur og n\u00fdbura. Um hana er fjalla\u00f0 \u00ed fornum","_yoast_wpseo_meta-robots-noindex":"1","_yoast_wpseo_canonical":"","_angie_page":false,"gefaehrdungsstufe":"","wesen_kultur":"","wesen_klasse":"","footnotes":""},"categories":[],"class_list":["post-168868","page","type-page","status-publish","has-post-thumbnail","hentry"],"yoast_head":"<!-- This site is optimized with the Yoast SEO Premium plugin v27.7 (Yoast SEO v28.3) - https:\/\/yoast.com\/product\/yoast-seo-premium-wordpress\/ -->\n<title>Gello \u2013 barnademon \u00far b\u00fdsansk-gr\u00edskri hef\u00f0<\/title>\n<meta name=\"description\" content=\"Barnademon \u00far gr\u00edsk-b\u00fdsanskri hef\u00f0, hli\u00f0st\u00e6\u00f0 Lamia og Mormo. S\u00f6g\u00f0 ska\u00f0a \u00feunga\u00f0ar konur og n\u00fdbura. Um hana er fjalla\u00f0 \u00ed fornum\" \/>\n<meta name=\"robots\" content=\"noindex, follow\" \/>\n<meta property=\"og:locale\" content=\"is_IS\" \/>\n<meta property=\"og:type\" content=\"article\" \/>\n<meta property=\"og:title\" content=\"Gello\" \/>\n<meta property=\"og:description\" content=\"Barnademon \u00far gr\u00edsk-b\u00fdsanskri hef\u00f0, hli\u00f0st\u00e6\u00f0 Lamia og Mormo. S\u00f6g\u00f0 ska\u00f0a \u00feunga\u00f0ar konur og n\u00fdbura. Um hana er fjalla\u00f0 \u00ed fornum\" \/>\n<meta property=\"og:url\" content=\"https:\/\/iwell-guard.com\/is\/gello\/\" \/>\n<meta property=\"og:site_name\" content=\"iWell Guard\" \/>\n<meta property=\"article:modified_time\" content=\"2026-09-05T14:21:31+00:00\" \/>\n<meta property=\"og:image\" content=\"https:\/\/iwell-guard.com\/wp-content\/uploads\/2026\/05\/daemonen_griechenland_gello.webp\" \/>\n\t<meta property=\"og:image:width\" content=\"1024\" \/>\n\t<meta property=\"og:image:height\" content=\"1536\" \/>\n\t<meta property=\"og:image:type\" content=\"image\/webp\" \/>\n<meta name=\"twitter:card\" content=\"summary_large_image\" \/>\n<script type=\"application\/ld+json\" class=\"yoast-schema-graph\">{\"@context\":\"https:\\\/\\\/schema.org\",\"@graph\":[{\"@type\":\"WebPage\",\"@id\":\"https:\\\/\\\/iwell-guard.com\\\/is\\\/gello\\\/\",\"url\":\"https:\\\/\\\/iwell-guard.com\\\/is\\\/gello\\\/\",\"name\":\"Gello \u2013 barnademon \u00far b\u00fdsansk-gr\u00edskri hef\u00f0\",\"isPartOf\":{\"@id\":\"https:\\\/\\\/iwell-guard.com\\\/is\\\/#website\"},\"primaryImageOfPage\":{\"@id\":\"https:\\\/\\\/iwell-guard.com\\\/is\\\/gello\\\/#primaryimage\"},\"image\":{\"@id\":\"https:\\\/\\\/iwell-guard.com\\\/is\\\/gello\\\/#primaryimage\"},\"thumbnailUrl\":\"https:\\\/\\\/iwell-guard.com\\\/wp-content\\\/uploads\\\/2026\\\/05\\\/daemonen_griechenland_gello.webp\",\"datePublished\":\"2026-09-05T14:03:38+00:00\",\"dateModified\":\"2026-09-05T14:21:31+00:00\",\"description\":\"Barnademon \u00far gr\u00edsk-b\u00fdsanskri hef\u00f0, hli\u00f0st\u00e6\u00f0 Lamia og Mormo. S\u00f6g\u00f0 ska\u00f0a \u00feunga\u00f0ar konur og n\u00fdbura. Um hana er fjalla\u00f0 \u00ed fornum\",\"breadcrumb\":{\"@id\":\"https:\\\/\\\/iwell-guard.com\\\/is\\\/gello\\\/#breadcrumb\"},\"inLanguage\":\"is\",\"potentialAction\":[{\"@type\":\"ReadAction\",\"target\":[\"https:\\\/\\\/iwell-guard.com\\\/is\\\/gello\\\/\"]}]},{\"@type\":\"ImageObject\",\"inLanguage\":\"is\",\"@id\":\"https:\\\/\\\/iwell-guard.com\\\/is\\\/gello\\\/#primaryimage\",\"url\":\"https:\\\/\\\/iwell-guard.com\\\/wp-content\\\/uploads\\\/2026\\\/05\\\/daemonen_griechenland_gello.webp\",\"contentUrl\":\"https:\\\/\\\/iwell-guard.com\\\/wp-content\\\/uploads\\\/2026\\\/05\\\/daemonen_griechenland_gello.webp\",\"width\":1024,\"height\":1536,\"caption\":\"Dj\u00f6flar \u00far gr\u00edskri hef\u00f0.\"},{\"@type\":\"BreadcrumbList\",\"@id\":\"https:\\\/\\\/iwell-guard.com\\\/is\\\/gello\\\/#breadcrumb\",\"itemListElement\":[{\"@type\":\"ListItem\",\"position\":1,\"name\":\"Start\",\"item\":\"https:\\\/\\\/iwell-guard.com\\\/is\\\/?page_id=168580\"},{\"@type\":\"ListItem\",\"position\":2,\"name\":\"Gello\"}]},{\"@type\":\"WebSite\",\"@id\":\"https:\\\/\\\/iwell-guard.com\\\/is\\\/#website\",\"url\":\"https:\\\/\\\/iwell-guard.com\\\/is\\\/\",\"name\":\"iWell Guard\",\"description\":\"Schutz vor dunklen Einfl\u00fcssen\",\"publisher\":{\"@id\":\"https:\\\/\\\/iwell-guard.com\\\/is\\\/#organization\"},\"potentialAction\":[{\"@type\":\"SearchAction\",\"target\":{\"@type\":\"EntryPoint\",\"urlTemplate\":\"https:\\\/\\\/iwell-guard.com\\\/is\\\/?s={search_term_string}\"},\"query-input\":{\"@type\":\"PropertyValueSpecification\",\"valueRequired\":true,\"valueName\":\"search_term_string\"}}],\"inLanguage\":\"is\"},{\"@type\":\"Organization\",\"@id\":\"https:\\\/\\\/iwell-guard.com\\\/is\\\/#organization\",\"name\":\"Ittermann electronic GmbH\",\"url\":\"https:\\\/\\\/iwell-guard.com\\\/is\\\/\",\"logo\":{\"@type\":\"ImageObject\",\"inLanguage\":\"is\",\"@id\":\"https:\\\/\\\/iwell-guard.com\\\/is\\\/#\\\/schema\\\/logo\\\/image\\\/\",\"url\":\"https:\\\/\\\/iwell-guard.com\\\/wp-content\\\/uploads\\\/2026\\\/05\\\/Ittermann-Logo-1182x237-1.png\",\"contentUrl\":\"https:\\\/\\\/iwell-guard.com\\\/wp-content\\\/uploads\\\/2026\\\/05\\\/Ittermann-Logo-1182x237-1.png\",\"width\":1182,\"height\":237,\"caption\":\"Ittermann electronic GmbH\"},\"image\":{\"@id\":\"https:\\\/\\\/iwell-guard.com\\\/is\\\/#\\\/schema\\\/logo\\\/image\\\/\"},\"sameAs\":[\"https:\\\/\\\/pantip.com\\\/profile\\\/9367242\",\"https:\\\/\\\/micro.blog\\\/iwellguard\",\"https:\\\/\\\/www.diggerslist.com\\\/iwellguard\\\/about\",\"https:\\\/\\\/skitterphoto.com\\\/photographers\\\/2870314\\\/iwell-guard\",\"https:\\\/\\\/iwellguard.wordpress.com\\\/2026\\\/06\\\/06\\\/iwell-guard\\\/\",\"https:\\\/\\\/hub.docker.com\\\/u\\\/iwellguard\",\"https:\\\/\\\/www.pinterest.com\\\/iwellguard\\\/\",\"https:\\\/\\\/bit.ly\\\/m\\\/iwellguard\",\"https:\\\/\\\/entre-vos-mains.alsace.eu\\\/profiles\\\/iwellguard\\\/activity\",\"https:\\\/\\\/gravatar.com\\\/reallybeded8fd34\",\"https:\\\/\\\/naijamatta.com\\\/iwellguard\",\"https:\\\/\\\/www.goodreads.com\\\/iwellguard\",\"https:\\\/\\\/profile.hatena.ne.jp\\\/iwellguard\\\/\",\"https:\\\/\\\/experiment.com\\\/users\\\/iwellguard\",\"https:\\\/\\\/wakelet.com\\\/@iWellGuard82270\",\"https:\\\/\\\/www.chordie.com\\\/forum\\\/profile.php?id=2555664\",\"https:\\\/\\\/www.instapaper.com\\\/p\\\/17757966\",\"https:\\\/\\\/www.mapleprimes.com\\\/users\\\/iwellguard\",\"https:\\\/\\\/businesslistingplus.com\\\/profile\\\/iwell-guard\\\/\",\"https:\\\/\\\/telegra.ph\\\/iWell-Guard-06-06\",\"https:\\\/\\\/pbase.com\\\/iwellguard\\\/iwellguard\",\"https:\\\/\\\/b.hatena.ne.jp\\\/iwellguard\\\/20260607#bookmark-4788405196491818882\",\"https:\\\/\\\/fliphtml5.com\\\/home\\\/iwellguard\",\"https:\\\/\\\/anyflip.com\\\/homepage\\\/cmiwl#About\",\"https:\\\/\\\/transfur.com\\\/Users\\\/iwellguard\",\"http:\\\/\\\/delphi.larsbo.org\\\/user\\\/iwellguard\",\"https:\\\/\\\/jobs.lajobsportal.org\\\/profiles\\\/8380803-iwell-guard\",\"https:\\\/\\\/md.chaosdorf.de\\\/s\\\/jfbe5SBdJD\",\"https:\\\/\\\/www.lingvolive.com\\\/en-us\\\/profile\\\/9ecaeaca-ce11-4e51-9e71-01d55e2bff36\\\/translations\",\"https:\\\/\\\/www.fitday.com\\\/fitness\\\/forums\\\/members\\\/iwellguard.html\",\"https:\\\/\\\/www.mymeetbook.com\\\/iwellguard\",\"https:\\\/\\\/pxhere.com\\\/en\\\/photographer-me\\\/5040798\",\"https:\\\/\\\/disqus.com\\\/by\\\/iwellguard\\\/about\\\/\",\"https:\\\/\\\/pastelink.net\\\/hjwciqwq\",\"https:\\\/\\\/pubhtml5.com\\\/homepage\\\/scjhn\\\/\",\"https:\\\/\\\/www.bitchute.com\\\/channel\\\/2O2eOKzNqujT\",\"https:\\\/\\\/audiomack.com\\\/iwellguard\"]}]}<\/script>\n<!-- \/ Yoast SEO Premium plugin. -->","yoast_head_json":{"title":"Gello \u2013 barnademon \u00far b\u00fdsansk-gr\u00edskri hef\u00f0","description":"Barnademon \u00far gr\u00edsk-b\u00fdsanskri hef\u00f0, hli\u00f0st\u00e6\u00f0 Lamia og Mormo. S\u00f6g\u00f0 ska\u00f0a \u00feunga\u00f0ar konur og n\u00fdbura. Um hana er fjalla\u00f0 \u00ed fornum","robots":{"index":"noindex","follow":"follow"},"og_locale":"is_IS","og_type":"article","og_title":"Gello","og_description":"Barnademon \u00far gr\u00edsk-b\u00fdsanskri hef\u00f0, hli\u00f0st\u00e6\u00f0 Lamia og Mormo. S\u00f6g\u00f0 ska\u00f0a \u00feunga\u00f0ar konur og n\u00fdbura. Um hana er fjalla\u00f0 \u00ed fornum","og_url":"https:\/\/iwell-guard.com\/is\/gello\/","og_site_name":"iWell Guard","article_modified_time":"2026-09-05T14:21:31+00:00","og_image":[{"width":1024,"height":1536,"url":"https:\/\/iwell-guard.com\/wp-content\/uploads\/2026\/05\/daemonen_griechenland_gello.webp","type":"image\/webp"}],"twitter_card":"summary_large_image","schema":{"@context":"https:\/\/schema.org","@graph":[{"@type":"WebPage","@id":"https:\/\/iwell-guard.com\/is\/gello\/","url":"https:\/\/iwell-guard.com\/is\/gello\/","name":"Gello \u2013 barnademon \u00far b\u00fdsansk-gr\u00edskri hef\u00f0","isPartOf":{"@id":"https:\/\/iwell-guard.com\/is\/#website"},"primaryImageOfPage":{"@id":"https:\/\/iwell-guard.com\/is\/gello\/#primaryimage"},"image":{"@id":"https:\/\/iwell-guard.com\/is\/gello\/#primaryimage"},"thumbnailUrl":"https:\/\/iwell-guard.com\/wp-content\/uploads\/2026\/05\/daemonen_griechenland_gello.webp","datePublished":"2026-09-05T14:03:38+00:00","dateModified":"2026-09-05T14:21:31+00:00","description":"Barnademon \u00far gr\u00edsk-b\u00fdsanskri hef\u00f0, hli\u00f0st\u00e6\u00f0 Lamia og Mormo. S\u00f6g\u00f0 ska\u00f0a \u00feunga\u00f0ar konur og n\u00fdbura. Um hana er fjalla\u00f0 \u00ed fornum","breadcrumb":{"@id":"https:\/\/iwell-guard.com\/is\/gello\/#breadcrumb"},"inLanguage":"is","potentialAction":[{"@type":"ReadAction","target":["https:\/\/iwell-guard.com\/is\/gello\/"]}]},{"@type":"ImageObject","inLanguage":"is","@id":"https:\/\/iwell-guard.com\/is\/gello\/#primaryimage","url":"https:\/\/iwell-guard.com\/wp-content\/uploads\/2026\/05\/daemonen_griechenland_gello.webp","contentUrl":"https:\/\/iwell-guard.com\/wp-content\/uploads\/2026\/05\/daemonen_griechenland_gello.webp","width":1024,"height":1536,"caption":"Dj\u00f6flar \u00far gr\u00edskri hef\u00f0."},{"@type":"BreadcrumbList","@id":"https:\/\/iwell-guard.com\/is\/gello\/#breadcrumb","itemListElement":[{"@type":"ListItem","position":1,"name":"Start","item":"https:\/\/iwell-guard.com\/is\/?page_id=168580"},{"@type":"ListItem","position":2,"name":"Gello"}]},{"@type":"WebSite","@id":"https:\/\/iwell-guard.com\/is\/#website","url":"https:\/\/iwell-guard.com\/is\/","name":"iWell Guard","description":"Schutz vor dunklen Einfl\u00fcssen","publisher":{"@id":"https:\/\/iwell-guard.com\/is\/#organization"},"potentialAction":[{"@type":"SearchAction","target":{"@type":"EntryPoint","urlTemplate":"https:\/\/iwell-guard.com\/is\/?s={search_term_string}"},"query-input":{"@type":"PropertyValueSpecification","valueRequired":true,"valueName":"search_term_string"}}],"inLanguage":"is"},{"@type":"Organization","@id":"https:\/\/iwell-guard.com\/is\/#organization","name":"Ittermann electronic GmbH","url":"https:\/\/iwell-guard.com\/is\/","logo":{"@type":"ImageObject","inLanguage":"is","@id":"https:\/\/iwell-guard.com\/is\/#\/schema\/logo\/image\/","url":"https:\/\/iwell-guard.com\/wp-content\/uploads\/2026\/05\/Ittermann-Logo-1182x237-1.png","contentUrl":"https:\/\/iwell-guard.com\/wp-content\/uploads\/2026\/05\/Ittermann-Logo-1182x237-1.png","width":1182,"height":237,"caption":"Ittermann electronic GmbH"},"image":{"@id":"https:\/\/iwell-guard.com\/is\/#\/schema\/logo\/image\/"},"sameAs":["https:\/\/pantip.com\/profile\/9367242","https:\/\/micro.blog\/iwellguard","https:\/\/www.diggerslist.com\/iwellguard\/about","https:\/\/skitterphoto.com\/photographers\/2870314\/iwell-guard","https:\/\/iwellguard.wordpress.com\/2026\/06\/06\/iwell-guard\/","https:\/\/hub.docker.com\/u\/iwellguard","https:\/\/www.pinterest.com\/iwellguard\/","https:\/\/bit.ly\/m\/iwellguard","https:\/\/entre-vos-mains.alsace.eu\/profiles\/iwellguard\/activity","https:\/\/gravatar.com\/reallybeded8fd34","https:\/\/naijamatta.com\/iwellguard","https:\/\/www.goodreads.com\/iwellguard","https:\/\/profile.hatena.ne.jp\/iwellguard\/","https:\/\/experiment.com\/users\/iwellguard","https:\/\/wakelet.com\/@iWellGuard82270","https:\/\/www.chordie.com\/forum\/profile.php?id=2555664","https:\/\/www.instapaper.com\/p\/17757966","https:\/\/www.mapleprimes.com\/users\/iwellguard","https:\/\/businesslistingplus.com\/profile\/iwell-guard\/","https:\/\/telegra.ph\/iWell-Guard-06-06","https:\/\/pbase.com\/iwellguard\/iwellguard","https:\/\/b.hatena.ne.jp\/iwellguard\/20260607#bookmark-4788405196491818882","https:\/\/fliphtml5.com\/home\/iwellguard","https:\/\/anyflip.com\/homepage\/cmiwl#About","https:\/\/transfur.com\/Users\/iwellguard","http:\/\/delphi.larsbo.org\/user\/iwellguard","https:\/\/jobs.lajobsportal.org\/profiles\/8380803-iwell-guard","https:\/\/md.chaosdorf.de\/s\/jfbe5SBdJD","https:\/\/www.lingvolive.com\/en-us\/profile\/9ecaeaca-ce11-4e51-9e71-01d55e2bff36\/translations","https:\/\/www.fitday.com\/fitness\/forums\/members\/iwellguard.html","https:\/\/www.mymeetbook.com\/iwellguard","https:\/\/pxhere.com\/en\/photographer-me\/5040798","https:\/\/disqus.com\/by\/iwellguard\/about\/","https:\/\/pastelink.net\/hjwciqwq","https:\/\/pubhtml5.com\/homepage\/scjhn\/","https:\/\/www.bitchute.com\/channel\/2O2eOKzNqujT","https:\/\/audiomack.com\/iwellguard"]}]}},"_links":{"self":[{"href":"https:\/\/iwell-guard.com\/is\/wp-json\/wp\/v2\/pages\/168868","targetHints":{"allow":["GET"]}}],"collection":[{"href":"https:\/\/iwell-guard.com\/is\/wp-json\/wp\/v2\/pages"}],"about":[{"href":"https:\/\/iwell-guard.com\/is\/wp-json\/wp\/v2\/types\/page"}],"author":[{"embeddable":true,"href":"https:\/\/iwell-guard.com\/is\/wp-json\/wp\/v2\/users\/3"}],"replies":[{"embeddable":true,"href":"https:\/\/iwell-guard.com\/is\/wp-json\/wp\/v2\/comments?post=168868"}],"version-history":[{"count":0,"href":"https:\/\/iwell-guard.com\/is\/wp-json\/wp\/v2\/pages\/168868\/revisions"}],"wp:featuredmedia":[{"embeddable":true,"href":"https:\/\/iwell-guard.com\/is\/wp-json\/wp\/v2\/media\/2279"}],"wp:attachment":[{"href":"https:\/\/iwell-guard.com\/is\/wp-json\/wp\/v2\/media?parent=168868"}],"wp:term":[{"taxonomy":"category","embeddable":true,"href":"https:\/\/iwell-guard.com\/is\/wp-json\/wp\/v2\/categories?post=168868"}],"curies":[{"name":"wp","href":"https:\/\/api.w.org\/{rel}","templated":true}]}}