{"id":168864,"date":"2026-09-05T14:03:36","date_gmt":"2026-09-05T14:03:36","guid":{"rendered":"https:\/\/iwell-guard.com\/?page_id=168864"},"modified":"2026-09-05T14:21:26","modified_gmt":"2026-09-05T14:21:26","slug":"genius","status":"publish","type":"page","link":"https:\/\/iwell-guard.com\/is\/genius\/","title":{"rendered":"Genius"},"content":{"rendered":"\t\t<div data-elementor-type=\"wp-page\" data-elementor-id=\"168864\" class=\"elementor elementor-168864 elementor-2194 elementor-bc-flex-widget\" data-elementor-post-type=\"page\">\n\t\t\t\t<div class=\"elementor-element elementor-element-10fdade e-flex e-con-boxed e-con e-parent\" data-id=\"10fdade\" data-element_type=\"container\" data-e-type=\"container\" data-settings=\"{&quot;background_background&quot;:&quot;classic&quot;}\">\n\t\t\t\t\t<div class=\"e-con-inner\">\n\t\t<div class=\"elementor-element elementor-element-herohlft0 e-flex e-con-boxed e-con e-child\" data-id=\"herohlft0\" data-element_type=\"container\" data-e-type=\"container\">\n\t\t\t\t\t<div class=\"e-con-inner\">\n\t\t<div class=\"elementor-element elementor-element-c3ceb64 e-con-full e-flex e-con e-child\" data-id=\"c3ceb64\" data-element_type=\"container\" data-e-type=\"container\">\n\t\t\t\t<div class=\"elementor-element elementor-element-96ae5e1 elementor-widget elementor-widget-heading\" data-id=\"96ae5e1\" data-element_type=\"widget\" data-e-type=\"widget\" data-widget_type=\"heading.default\">\n\t\t\t\t\t<h1 class=\"elementor-heading-title elementor-size-default\">Genius, r\u00f3mverskur andi, andi r\u00f3mverskrar arfleif\u00f0ar<\/h1>\t\t\t\t<\/div>\n\t\t\t\t<div class=\"elementor-element elementor-element-e45238a elementor-widget elementor-widget-text-editor\" data-id=\"e45238a\" data-element_type=\"widget\" data-e-type=\"widget\" data-widget_type=\"text-editor.default\">\n\t\t\t\t\t\t\t\t\t<p>Genius er verndarandi einstaklings, fj\u00f6lskyldu e\u00f0a sta\u00f0ar \u00ed r\u00f3mverskri arfleif\u00f0. Nafni\u00f0 \u00fe\u00fd\u00f0ir b\u00f3kstaflega \u201eupphafsma\u00f0urinn\u201d og v\u00edsar til kraftsins sem elur af s\u00e9r og vi\u00f0heldur l\u00edfi. Tr\u00faarbrag\u00f0afr\u00e6\u00f0ilega er Genius d\u00e6mi um <span class=\"iwg-fachbegriff\" data-tooltip=\"Hugmyndin um a\u00f0 d\u00fdr, pl\u00f6ntur og hlutir hafi s\u00e1l.\" tabindex=\"0\">an\u00edmisma<\/span> innan <span class=\"iwg-fachbegriff\" data-tooltip=\"Tr\u00fain \u00e1 marga gu\u00f0i.\" tabindex=\"0\">marggu\u00f0atr\u00faar<\/span>, ekki eru allar v\u00e6ttir gu\u00f0ir, en allar hafa sinn verndandi <span class=\"iwg-fachbegriff\" data-tooltip=\"L\u00edkamslaus vera sem talin er hafa \u00e1hrif \u00ed heiminum.\" tabindex=\"0\">anda<\/span>. Sem r\u00f3mverskur verndarandi fylgir Genius hverjum manni fr\u00e1 f\u00e6\u00f0ingu til dau\u00f0a.<\/p>\t\t\t\t\t\t\t\t<\/div>\n\t\t\t\t<\/div>\n\t\t<div class=\"elementor-element elementor-element-klsbdg01 e-con-full e-flex e-con e-parent\" data-id=\"klsbdg01\" data-element_type=\"container\" data-e-type=\"container\">\n\t\t\t\t<div class=\"elementor-element elementor-element-klshtm01 elementor-widget elementor-widget-html\" data-id=\"klshtm01\" data-element_type=\"widget\" data-e-type=\"widget\" data-widget_type=\"html.default\">\n\t\t\t\t\t<div class=\"iwg-pill-row\"><span class=\"iwg-klasse-badge\" tabindex=\"0\" data-tooltip=\"Andi: \u00d3l\u00edkamleg e\u00f0a h\u00e1lf-l\u00edkamleg vera, framli\u00f0nir, n\u00e1tt\u00faruv\u00e6ttir, h\u00fasandar e\u00f0a verndarar \u00fer\u00f6skulda. Verkar \u00ed daglegu l\u00edfi, oft bundinn st\u00f6\u00f0um e\u00f0a fj\u00f6lskyldum.\">Andi<\/span><a href=\"https:\/\/iwell-guard.com\/is\/?page_id=168595\" class=\"iwg-kultur-badge\" tabindex=\"0\" data-tooltip=\"R\u00f3mversk tr\u00faarbr\u00f6g\u00f0 fr\u00e1 konungd\u00f3mi til s\u00ed\u00f0fornaldar, samruni vi\u00f0 gr\u00edsk og etr\u00fask l\u00f6g.\">R\u00f3m<\/a><a href=\"https:\/\/iwell-guard.com\/is\/?page_id=168708\" class=\"iwg-tradition-badge\" tabindex=\"0\" data-tooltip=\"Verndandi gu\u00f0ir, verndarar h\u00fasa, borga, f\u00e6\u00f0inga, fer\u00f0a e\u00f0a l\u00edfsskei\u00f0a.\">Verndargu\u00f0<\/a><\/div>\t\t\t\t<\/div>\n\t\t\t\t<\/div>\n\t\t<div class=\"elementor-element elementor-element-3f74855 e-con-full e-flex e-con e-child\" data-id=\"3f74855\" data-element_type=\"container\" data-e-type=\"container\">\n\t\t\t\t<div class=\"elementor-element elementor-element-1c30362 elementor-toc--minimized-on-tablet elementor-widget elementor-widget-table-of-contents\" data-id=\"1c30362\" data-element_type=\"widget\" data-e-type=\"widget\" data-settings=\"{&quot;exclude_headings_by_selector&quot;:[],&quot;no_headings_message&quot;:&quot;Engar undirfyrirsagnir fundust \\u00e1 \\u00feessari s\\u00ed\\u00f0u.&quot;,&quot;headings_by_tags&quot;:[&quot;h2&quot;,&quot;h3&quot;],&quot;marker_view&quot;:&quot;bullets&quot;,&quot;minimize_box&quot;:&quot;yes&quot;,&quot;icon&quot;:{&quot;value&quot;:&quot;fas fa-circle&quot;,&quot;library&quot;:&quot;fa-solid&quot;,&quot;rendered_tag&quot;:&quot;&lt;svg class=\\&quot;e-font-icon-svg e-fas-circle\\&quot; viewBox=\\&quot;0 0 512 512\\&quot; xmlns=\\&quot;http:\\\/\\\/www.w3.org\\\/2000\\\/svg\\&quot;&gt;&lt;path d=\\&quot;M256 8C119 8 8 119 8 256s111 248 248 248 248-111 248-248S393 8 256 8z\\&quot;&gt;&lt;\\\/path&gt;&lt;\\\/svg&gt;&quot;},&quot;minimized_on&quot;:&quot;tablet&quot;,&quot;hierarchical_view&quot;:&quot;yes&quot;,&quot;min_height&quot;:{&quot;unit&quot;:&quot;px&quot;,&quot;size&quot;:&quot;&quot;,&quot;sizes&quot;:[]},&quot;min_height_tablet&quot;:{&quot;unit&quot;:&quot;px&quot;,&quot;size&quot;:&quot;&quot;,&quot;sizes&quot;:[]},&quot;min_height_mobile&quot;:{&quot;unit&quot;:&quot;px&quot;,&quot;size&quot;:&quot;&quot;,&quot;sizes&quot;:[]}}\" data-widget_type=\"table-of-contents.default\">\n\t\t\t\t\t\t\t\t\t<div class=\"elementor-toc__header\">\n\t\t\t\t\t\t<h2 class=\"elementor-toc__header-title\">\n\t\t\t\tEfnisyfirlit\t\t\t<\/h2>\n\t\t\t\t\t\t\t\t\t\t<div class=\"elementor-toc__toggle-button elementor-toc__toggle-button--expand\" role=\"button\" tabindex=\"0\" aria-controls=\"elementor-toc__1c30362\" aria-expanded=\"true\" aria-label=\"Open table of contents\"><svg aria-hidden=\"true\" class=\"e-font-icon-svg e-fas-chevron-down\" viewBox=\"0 0 448 512\" xmlns=\"http:\/\/www.w3.org\/2000\/svg\"><path d=\"M207.029 381.476L12.686 187.132c-9.373-9.373-9.373-24.569 0-33.941l22.667-22.667c9.357-9.357 24.522-9.375 33.901-.04L224 284.505l154.745-154.021c9.379-9.335 24.544-9.317 33.901.04l22.667 22.667c9.373 9.373 9.373 24.569 0 33.941L240.971 381.476c-9.373 9.372-24.569 9.372-33.942 0z\"><\/path><\/svg><\/div>\n\t\t\t\t<div class=\"elementor-toc__toggle-button elementor-toc__toggle-button--collapse\" role=\"button\" tabindex=\"0\" aria-controls=\"elementor-toc__1c30362\" aria-expanded=\"true\" aria-label=\"Close table of contents\"><svg aria-hidden=\"true\" class=\"e-font-icon-svg e-fas-chevron-up\" viewBox=\"0 0 448 512\" xmlns=\"http:\/\/www.w3.org\/2000\/svg\"><path d=\"M240.971 130.524l194.343 194.343c9.373 9.373 9.373 24.569 0 33.941l-22.667 22.667c-9.357 9.357-24.522 9.375-33.901.04L224 227.495 69.255 381.516c-9.379 9.335-24.544 9.317-33.901-.04l-22.667-22.667c-9.373-9.373-9.373-24.569 0-33.941L207.03 130.525c9.372-9.373 24.568-9.373 33.941-.001z\"><\/path><\/svg><\/div>\n\t\t\t\t\t<\/div>\n\t\t\t\t<div id=\"elementor-toc__1c30362\" class=\"elementor-toc__body\">\n\t\t\t<div class=\"elementor-toc__spinner-container\">\n\t\t\t\t<svg class=\"elementor-toc__spinner eicon-animation-spin e-font-icon-svg e-eicon-loading\" aria-hidden=\"true\" viewBox=\"0 0 1000 1000\" xmlns=\"http:\/\/www.w3.org\/2000\/svg\"><path d=\"M500 975V858C696 858 858 696 858 500S696 142 500 142 142 304 142 500H25C25 237 238 25 500 25S975 237 975 500 763 975 500 975Z\"><\/path><\/svg>\t\t\t<\/div>\n\t\t<\/div>\n\t\t\t\t\t\t<\/div>\n\t\t\t\t<\/div>\n\t\t\t\t\t<\/div>\n\t\t\t\t<\/div>\n\t\t<div class=\"elementor-element elementor-element-herorght0 e-con-full e-flex e-con e-child\" data-id=\"herorght0\" data-element_type=\"container\" data-e-type=\"container\">\n\t\t\t\t<div class=\"elementor-element elementor-element-heroimg00 iwg-hero-image elementor-widget elementor-widget-image\" data-id=\"heroimg00\" data-element_type=\"widget\" data-e-type=\"widget\" data-widget_type=\"image.default\">\n\t\t\t\t\t\t\t\t\t\t\t\t\t\t\t<img fetchpriority=\"high\" decoding=\"async\" width=\"683\" height=\"1024\" src=\"https:\/\/iwell-guard.com\/wp-content\/uploads\/2026\/04\/goetter_rom_genius-683x1024.webp\" class=\"attachment-large size-large wp-image-170941\" alt=\"Genius - Gu\u00f0ir \u00far r\u00f3mverskri hef\u00f0, s\u00f6gulega myndskreytt\" srcset=\"https:\/\/iwell-guard.com\/wp-content\/uploads\/2026\/04\/goetter_rom_genius-683x1024.webp 683w, https:\/\/iwell-guard.com\/wp-content\/uploads\/2026\/04\/goetter_rom_genius-200x300.webp 200w, https:\/\/iwell-guard.com\/wp-content\/uploads\/2026\/04\/goetter_rom_genius-768x1152.webp 768w, https:\/\/iwell-guard.com\/wp-content\/uploads\/2026\/04\/goetter_rom_genius.webp 1024w\" sizes=\"(max-width: 683px) 100vw, 683px\" \/>\t\t\t\t\t\t\t\t\t\t\t\t\t\t\t<\/div>\n\t\t\t\t<\/div>\n\t\t\t\t\t<\/div>\n\t\t\t\t<\/div>\n\t\t<div class=\"elementor-element elementor-element-32917199 e-flex e-con-boxed e-con e-parent\" data-id=\"32917199\" data-element_type=\"container\" data-e-type=\"container\">\n\t\t\t\t\t<div class=\"e-con-inner\">\n\t\t<div class=\"elementor-element elementor-element-26e916cb e-flex e-con-boxed e-con e-child\" data-id=\"26e916cb\" data-element_type=\"container\" data-e-type=\"container\">\n\t\t\t\t\t<div class=\"e-con-inner\">\n\t\t<div class=\"elementor-element elementor-element-253a40d4 e-flex e-con-boxed e-con e-child\" data-id=\"253a40d4\" data-element_type=\"container\" data-e-type=\"container\">\n\t\t\t\t\t<div class=\"e-con-inner\">\n\t\t\t\t<div class=\"elementor-element elementor-element-1200c304 elementor-widget elementor-widget-heading\" data-id=\"1200c304\" data-element_type=\"widget\" data-e-type=\"widget\" data-widget_type=\"heading.default\">\n\t\t\t\t\t<h2 class=\"elementor-heading-title elementor-size-default\">Genius, r\u00f3mverskur<\/h2>\t\t\t\t<\/div>\n\t\t\t\t<div class=\"elementor-element elementor-element-11758e7f elementor-widget elementor-widget-text-editor\" data-id=\"11758e7f\" data-element_type=\"widget\" data-e-type=\"widget\" data-widget_type=\"text-editor.default\">\n\t\t\t\t\t\t\t\t\t<p>Genius er pers\u00f3nulegur e\u00f0a sameiginlegur verndarandi, hann breytir ekki sj\u00e1lfst\u00e6tt eins og gu\u00f0ir, en hefur \u00e1hrif \u00e1 verndun og endurn\u00fdjun. Hver ma\u00f0ur haf\u00f0i sinn Genius (lat. tutelaris), hver fj\u00f6lskylda sinn h\u00fasanda og hver borg sinn borgaranda.<\/p><p>Megin\u00fe\u00e6ttirnir eru l\u00edkamleg vell\u00ed\u00f0an, frj\u00f3semi, r\u00edkid\u00e6mi og samfella. Genius keisarans var d\u00fdrka\u00f0ur \u00ed r\u00edkistr\u00fa, t\u00e1kn um gu\u00f0lega upphafningu keisarans.<\/p>\t\t\t\t\t\t\t\t<\/div>\n\t\t\t\t\t<\/div>\n\t\t\t\t<\/div>\n\t\t<div class=\"elementor-element elementor-element-159dcf9a e-flex e-con-boxed e-con e-child\" data-id=\"159dcf9a\" data-element_type=\"container\" data-e-type=\"container\">\n\t\t\t\t\t<div class=\"e-con-inner\">\n\t\t\t\t<div class=\"elementor-element elementor-element-48cee66f elementor-widget elementor-widget-heading\" data-id=\"48cee66f\" data-element_type=\"widget\" data-e-type=\"widget\" data-widget_type=\"heading.default\">\n\t\t\t\t\t<h2 class=\"elementor-heading-title elementor-size-default\">\u00cd hnotskurn: Genius, r\u00f3mverskur<\/h2>\t\t\t\t<\/div>\n\t\t\t\t<div class=\"elementor-element elementor-element-3f50d82c elementor-widget elementor-widget-text-editor\" data-id=\"3f50d82c\" data-element_type=\"widget\" data-e-type=\"widget\" data-widget_type=\"text-editor.default\">\n\t\t\t\t\t\t\t\t\t<p>Heimildir: Cicero De Natura Deorum, Seneca, Martial, Plinius Naturalis Historia, Valerius Maximus, latnesk Inscriptiones og h\u00fas\u00f6ltur\u00e6stningar (lararium-l\u00e1gmyndir). Til hli\u00f0ar: Georg Wissowa, Rudolf Simek (fyrir germanskar hli\u00f0st\u00e6\u00f0ur), Hubert Cancik, Karl Latte. Tr\u00fain \u00e1 Genius var \u00fatbreidd \u00ed \u00f6llum \u00fej\u00f3\u00f0f\u00e9lagsst\u00e9ttum og er r\u00edkulega sta\u00f0fest me\u00f0 fornleifafundum fr\u00e1 Pompeii, Herculaneum og Gall\u00edu.<\/p>\t\t\t\t\t\t\t\t<\/div>\n\t\t\t\t\t<\/div>\n\t\t\t\t<\/div>\n\t\t\t\t\t<\/div>\n\t\t\t\t<\/div>\n\t\t\t\t\t<\/div>\n\t\t\t\t<\/div>\n\t\t<div class=\"elementor-element elementor-element-18613602 e-flex e-con-boxed e-con e-parent\" data-id=\"18613602\" data-element_type=\"container\" data-e-type=\"container\">\n\t\t\t\t\t<div class=\"e-con-inner\">\n\t\t\t\t<div class=\"elementor-element elementor-element-262b8a9f elementor-widget elementor-widget-heading\" data-id=\"262b8a9f\" data-element_type=\"widget\" data-e-type=\"widget\" data-widget_type=\"heading.default\">\n\t\t\t\t\t<h2 class=\"elementor-heading-title elementor-size-default\">Samhengi<\/h2>\t\t\t\t<\/div>\n\t\t<div class=\"elementor-element elementor-element-46dcb7d e-con-full e-flex e-con e-child\" data-id=\"46dcb7d\" data-element_type=\"container\" data-e-type=\"container\">\n\t\t<div class=\"elementor-element elementor-element-61d3ab3 e-flex e-con-boxed e-con e-child\" data-id=\"61d3ab3\" data-element_type=\"container\" data-e-type=\"container\">\n\t\t\t\t\t<div class=\"e-con-inner\">\n\t\t\t\t<div class=\"elementor-element elementor-element-117c166 elementor-widget elementor-widget-heading\" data-id=\"117c166\" data-element_type=\"widget\" data-e-type=\"widget\" data-widget_type=\"heading.default\">\n\t\t\t\t\t<h3 class=\"elementor-heading-title elementor-size-default\">T\u00edmabil textanna<\/h3>\t\t\t\t<\/div>\n\t\t\t\t<div class=\"elementor-element elementor-element-73997a0 elementor-widget elementor-widget-text-editor\" data-id=\"73997a0\" data-element_type=\"widget\" data-e-type=\"widget\" data-widget_type=\"text-editor.default\">\n\t\t\t\t\t\t\t\t\t<p><span class=\"iwg-fachbegriff\" data-tooltip=\"Mi\u00f0lun \u00feekkingar og fr\u00e1sagna milli kynsl\u00f3\u00f0a.\" tabindex=\"0\">Munnm\u00e6lin<\/span> um Genius n\u00e1 dj\u00fapt inn \u00ed s\u00f6gu R\u00f3mar, me\u00f0 heimildir allt fr\u00e1 1. \u00f6ld og a\u00f0 \u00f6llum l\u00edkindum eldri munnlegri arfleif\u00f0. Ritu\u00f0u heimildirnar eru brotakenndar en samr\u00e6mar, \u00fe\u00e6r s\u00fdna st\u00f6\u00f0uga mynd af \u00feessari veru yfir langan t\u00edma.<\/p><p>Menningarleg samfella var athyglisver\u00f0: hef\u00f0ir og venjur voru gefnar \u00e1fram milli kynsl\u00f3\u00f0a, oft munnlega, oft \u00ed formi daglegra athafna. R\u00f3mverjar felldu \u00feessa v\u00e6ttu e\u00f0a \u00feetta hugtak dj\u00fapt inn \u00ed tr\u00faarkerfi s\u00edn, \u00feannig a\u00f0 \u00fea\u00f0 hefur vara\u00f0 fram \u00e1 okkar t\u00edma.<\/p>\t\t\t\t\t\t\t\t<\/div>\n\t\t\t\t\t<\/div>\n\t\t\t\t<\/div>\n\t\t<div class=\"elementor-element elementor-element-d47b156 e-flex e-con-boxed e-con e-child\" data-id=\"d47b156\" data-element_type=\"container\" data-e-type=\"container\">\n\t\t\t\t\t<div class=\"e-con-inner\">\n\t\t\t\t<div class=\"elementor-element elementor-element-ff38c2b elementor-widget elementor-widget-heading\" data-id=\"ff38c2b\" data-element_type=\"widget\" data-e-type=\"widget\" data-widget_type=\"heading.default\">\n\t\t\t\t\t<h3 class=\"elementor-heading-title elementor-size-default\">\u00datbrei\u00f0slusv\u00e6\u00f0i<\/h3>\t\t\t\t<\/div>\n\t\t\t\t<div class=\"elementor-element elementor-element-4e49fcc elementor-widget elementor-widget-text-editor\" data-id=\"4e49fcc\" data-element_type=\"widget\" data-e-type=\"widget\" data-widget_type=\"text-editor.default\">\n\t\t\t\t\t\t\t\t\t<p>Genius var \u00fatbreiddur um allan r\u00f3mverska heiminn, ekki bundinn vi\u00f0 tilteki\u00f0 sv\u00e6\u00f0i heldur \u00fatbreiddur alls sta\u00f0ar. Hvort sem var \u00ed borgum e\u00f0a sveita\u00feorpum var d\u00fdrkun e\u00f0a skilningur \u00e1 \u00feessari veru samr\u00e6mdur. \u00deetta bendir til lykilhlutverks \u00ed menningar- og tr\u00faarl\u00edfi R\u00f3mverja. Landfr\u00e6\u00f0ileg samr\u00e6mi \u00feessarar i\u00f0kunar er athyglisver\u00f0 og bendir til dj\u00fapra menningarr\u00f3tar.<\/p>\t\t\t\t\t\t\t\t<\/div>\n\t\t\t\t\t<\/div>\n\t\t\t\t<\/div>\n\t\t\t\t<\/div>\n\t\t<div class=\"elementor-element elementor-element-db03c39 e-con-full e-flex e-con e-child\" data-id=\"db03c39\" data-element_type=\"container\" data-e-type=\"container\">\n\t\t<div class=\"elementor-element elementor-element-229a87b e-flex e-con-boxed e-con e-child\" data-id=\"229a87b\" data-element_type=\"container\" data-e-type=\"container\">\n\t\t\t\t\t<div class=\"e-con-inner\">\n\t\t\t\t<div class=\"elementor-element elementor-element-1f471fc elementor-widget elementor-widget-heading\" data-id=\"1f471fc\" data-element_type=\"widget\" data-e-type=\"widget\" data-widget_type=\"heading.default\">\n\t\t\t\t\t<h3 class=\"elementor-heading-title elementor-size-default\">Heimildasta\u00f0a<\/h3>\t\t\t\t<\/div>\n\t\t\t\t<div class=\"elementor-element elementor-element-36b1201 elementor-widget elementor-widget-text-editor\" data-id=\"36b1201\" data-element_type=\"widget\" data-e-type=\"widget\" data-widget_type=\"text-editor.default\">\n\t\t\t\t\t\t\t\t\t<p>Frumheimildirnar eru <span class=\"iwg-fachbegriff\" data-tooltip=\"T\u00edmabil gr\u00edskrar og r\u00f3mverskrar menningar, um 800 f.Kr. til 600 e.Kr.\" tabindex=\"0\">fornaldar<\/span> textar, b\u00f3kmenntaverk og tr\u00faarreglur R\u00f3mverja. Til hli\u00f0ar eru \u00fej\u00f3\u00f0fr\u00e6\u00f0ilegar skr\u00e1ningar, \u00fej\u00f3\u00f0s\u00f6gur og fornleifafundir. Munnlegar hef\u00f0ir, sem enn eru lifandi \u00ed dag, veita frekari sj\u00f3narhorn. Samspil heimildanna gerir kleift a\u00f0 draga heilst\u00e6\u00f0a mynd af Genius og merkingu hans.<\/p>\t\t\t\t\t\t\t\t<\/div>\n\t\t\t\t\t<\/div>\n\t\t\t\t<\/div>\n\t\t\t\t<\/div>\n\t\t\t\t\t<\/div>\n\t\t\t\t<\/div>\n\t\t<div class=\"elementor-element elementor-element-3ae0637c e-flex e-con-boxed e-con e-parent\" data-id=\"3ae0637c\" data-element_type=\"container\" data-e-type=\"container\">\n\t\t\t\t\t<div class=\"e-con-inner\">\n\t\t\t\t<div class=\"elementor-element elementor-element-31d07739 elementor-widget elementor-widget-heading\" data-id=\"31d07739\" data-element_type=\"widget\" data-e-type=\"widget\" data-widget_type=\"heading.default\">\n\t\t\t\t\t<h2 class=\"elementor-heading-title elementor-size-default\">Nafn og heiti<\/h2>\t\t\t\t<\/div>\n\t\t<div class=\"elementor-element elementor-element-b7642947 e-con-full e-flex e-con e-child\" data-id=\"b7642947\" data-element_type=\"container\" data-e-type=\"container\">\n\t\t\t\t<div class=\"elementor-element elementor-element-a086266 elementor-widget elementor-widget-text-editor\" data-id=\"a086266\" data-element_type=\"widget\" data-e-type=\"widget\" data-widget_type=\"text-editor.default\">\n\t\t\t\t\t\t\t\t\t<p>Genius er \u00ed hinum \u00fdmsu hef\u00f0um s\u00fdndur me\u00f0 \u00e1kve\u00f0num myndr\u00e6num einkennum sem halda s\u00e9r a\u00f0 mestu \u00f3breytt yfir t\u00edma og r\u00fam. \u00deessi einkenni eru ekki tilviljunarkennd heldur bera t\u00e1knr\u00e6na merkingu.<\/p><p>\u00deau tj\u00e1 hlutverk, krafta og \u00e1byrg\u00f0arsvi\u00f0. Litir, hlutir, l\u00edkamsatri\u00f0i, allt hefur v\u00e6gi. Hi\u00f0 sj\u00f3nr\u00e6na kerfi er k\u00f3\u00f0a\u00f0 og getur veri\u00f0 lesi\u00f0 af innv\u00edg\u00f0um eins og texti.<\/p>\t\t\t\t\t\t\t\t<\/div>\n\t\t\t\t<\/div>\n\t\t\t\t\t<\/div>\n\t\t\t\t<\/div>\n\t\t<div class=\"elementor-element elementor-element-709a44a8 e-flex e-con-boxed e-con e-parent\" data-id=\"709a44a8\" data-element_type=\"container\" data-e-type=\"container\">\n\t\t\t\t\t<div class=\"e-con-inner\">\n\t\t\t\t<div class=\"elementor-element elementor-element-2f585873 elementor-widget elementor-widget-heading\" data-id=\"2f585873\" data-element_type=\"widget\" data-e-type=\"widget\" data-widget_type=\"heading.default\">\n\t\t\t\t\t<h2 class=\"elementor-heading-title elementor-size-default\">Einkenni<\/h2>\t\t\t\t<\/div>\n\t\t<div class=\"elementor-element elementor-element-70621c12 e-con-full e-flex e-con e-child\" data-id=\"70621c12\" data-element_type=\"container\" data-e-type=\"container\">\n\t\t\t\t<div class=\"elementor-element elementor-element-4296eb49 elementor-widget elementor-widget-text-editor\" data-id=\"4296eb49\" data-element_type=\"widget\" data-e-type=\"widget\" data-widget_type=\"text-editor.default\">\n\t\t\t\t\t\t\t\t\t<p>Hlutverk Genius \u00ed tr\u00faarlegu og f\u00e9lagslegu l\u00edfi R\u00f3mverja var mikilv\u00e6gt. F\u00f3lk leita\u00f0i til \u00feessarar veru \u00ed \u00e1kve\u00f0num l\u00edfsa\u00f0st\u00e6\u00f0um, me\u00f0 \u00e1kve\u00f0num b\u00e6num e\u00f0a ath\u00f6fnum.<\/p><p>I\u00f0kunin var ekki tilviljunarkennd heldur skipul\u00f6g\u00f0 og hef\u00f0bundin. Kynsl\u00f3\u00f0ir manna h\u00e9ldu \u00feessum d\u00fdrkunarformum vi\u00f0, g\u00e1fu \u00feau \u00e1fram og l\u00f6gu\u00f0u \u00feau a\u00f0 n\u00fdjum a\u00f0st\u00e6\u00f0um. Samfellan s\u00fdnir a\u00f0 i\u00f0kunin var virk, e\u00f0a a\u00f0 minnsta kosti var talin virk.<\/p>\t\t\t\t\t\t\t\t<\/div>\n\t\t\t\t<\/div>\n\t\t\t\t\t<\/div>\n\t\t\t\t<\/div>\n\t\t<div class=\"elementor-element elementor-element-44e71476 e-flex e-con-boxed e-con e-parent\" data-id=\"44e71476\" data-element_type=\"container\" data-e-type=\"container\">\n\t\t\t\t\t<div class=\"e-con-inner\">\n\t\t\t\t<div class=\"elementor-element elementor-element-3c1fc3f0 elementor-widget elementor-widget-heading\" data-id=\"3c1fc3f0\" data-element_type=\"widget\" data-e-type=\"widget\" data-widget_type=\"heading.default\">\n\t\t\t\t\t<h2 class=\"elementor-heading-title elementor-size-default\">\u00cd hnotskurn: Genius, r\u00f3mverskur<\/h2>\t\t\t\t<\/div>\n\t\t<div class=\"elementor-element elementor-element-84f33b8e e-con-full e-flex e-con e-child\" data-id=\"84f33b8e\" data-element_type=\"container\" data-e-type=\"container\">\n\t\t\t\t<div class=\"elementor-element elementor-element-hqkdc67p elementor-widget elementor-widget-text-editor\" data-id=\"hqkdc67p\" data-element_type=\"widget\" data-e-type=\"widget\" data-widget_type=\"text-editor.default\">\n\t\t\t\t\t\t\t\t\t<p>\u00deessi umfj\u00f6llun fjallar um Genius \u00fat fr\u00e1 sex sj\u00f3narhornum: hugmyndafr\u00e6\u00f0ilegan og menningarlegan uppruna hans, lifandi i\u00f0kun d\u00fdrkunar hans \u00ed einkal\u00edfi og r\u00edkism\u00e1lum, d\u00e6miger\u00f0a framsetningu hans \u00e1 h\u00fas\u00f6lturum og \u00ed list, merkingu <span class=\"iwg-fachbegriff\" data-tooltip=\"\u00dea\u00f0 a\u00f0 \u00e1kalla e\u00f0a \u00e1heita gu\u00f0i e\u00f0a \u00e6\u00f0ri m\u00e1tt.\" tabindex=\"0\">\u00e1kalls<\/span> og verndara\u00f0fer\u00f0a, samb\u00e6rilegar verndarandav\u00e6ttir \u00ed \u00f6\u00f0rum menningarheimum og lokat\u00falkun \u00e1 hlutverki hans \u00ed heimsmyndinni.<\/p>\t\t\t\t\t\t\t\t<\/div>\n\t\t\t\t<\/div>\n\t\t<div class=\"elementor-element elementor-element-pemmx7c5 e-con-full e-flex e-con e-child\" data-id=\"pemmx7c5\" data-element_type=\"container\" data-e-type=\"container\">\n\t\t<div class=\"elementor-element elementor-element-pemmx7c1 e-con-full e-flex e-con e-child\" data-id=\"pemmx7c1\" data-element_type=\"container\" data-e-type=\"container\">\n\t\t<div class=\"elementor-element elementor-element-qh9oavvu iwg-steckbrief-card e-flex e-con-boxed e-con e-child\" data-id=\"qh9oavvu\" data-element_type=\"container\" data-e-type=\"container\">\n\t\t\t\t\t<div class=\"e-con-inner\">\n\t\t\t\t<div class=\"elementor-element elementor-element-awzx8k2k elementor-widget elementor-widget-heading\" data-id=\"awzx8k2k\" data-element_type=\"widget\" data-e-type=\"widget\" data-widget_type=\"heading.default\">\n\t\t\t\t\t<h3 class=\"elementor-heading-title elementor-size-default\">Hef\u00f0<\/h3>\t\t\t\t<\/div>\n\t\t\t\t<div class=\"elementor-element elementor-element-x6rowhv0 elementor-widget elementor-widget-text-editor\" data-id=\"x6rowhv0\" data-element_type=\"widget\" data-e-type=\"widget\" data-widget_type=\"text-editor.default\">\n\t\t\t\t\t\t\t\t\t<p>Genius er \u00ed e\u00f0li s\u00ednu r\u00f3mversk sk\u00f6pun \u00e1n beinna gr\u00edskra e\u00f0a etr\u00faskra fyrirrennara. R\u00e6tur hans liggja \u00ed \u00edt\u00f6lskum frj\u00f3semis\u00f6ndum og ind\u00f3evr\u00f3pskum hugmyndum um pers\u00f3nulega verndaranda. Fyrstu heimildirnar eru fr\u00e1 3. \u00f6ld f.Kr. en aukast verulega \u00e1 t\u00edmum \u00c1g\u00fastusar.<\/p><p><span class=\"iwg-fachbegriff\" data-tooltip=\"Heild tr\u00faarlegra d\u00fdrkunarathafna fyrir gu\u00f0 e\u00f0a heilaga veru.\" tabindex=\"0\">D\u00fdrkun<\/span> Genius var s\u00e9rstaklega r\u00f3tgr\u00f3in \u00ed Lat\u00edum og breiddist \u00fat me\u00f0 \u00fat\u00feenslu R\u00f3maveldis. H\u00fan n\u00e1\u00f0i h\u00e6stum bl\u00f3ma undir keisurunum, \u00feegar Genius Caesaris (verndarandi keisarans) var opinberlega d\u00fdrka\u00f0ur.<\/p>\t\t\t\t\t\t\t\t<\/div>\n\t\t\t\t\t<\/div>\n\t\t\t\t<\/div>\n\t\t<div class=\"elementor-element elementor-element-8e3o4kxs iwg-steckbrief-card e-flex e-con-boxed e-con e-child\" data-id=\"8e3o4kxs\" data-element_type=\"container\" data-e-type=\"container\">\n\t\t\t\t\t<div class=\"e-con-inner\">\n\t\t\t\t<div class=\"elementor-element elementor-element-08rkdgov elementor-widget elementor-widget-heading\" data-id=\"08rkdgov\" data-element_type=\"widget\" data-e-type=\"widget\" data-widget_type=\"heading.default\">\n\t\t\t\t\t<h3 class=\"elementor-heading-title elementor-size-default\">Markh\u00f3pur Genius, r\u00f3mversks<\/h3>\t\t\t\t<\/div>\n\t\t\t\t<div class=\"elementor-element elementor-element-uwjelx8s elementor-widget elementor-widget-text-editor\" data-id=\"uwjelx8s\" data-element_type=\"widget\" data-e-type=\"widget\" data-widget_type=\"text-editor.default\">\n\t\t\t\t\t\t\t\t\t<p>Genius var \u00e1kalla\u00f0ur af hverjum borgara, hverri fj\u00f6lskyldu og r\u00edkinu sj\u00e1lfu. \u00cd heimah\u00fasum var daglega be\u00f0i\u00f0 til Genius og Lares (h\u00fasanda) \u00ed lararium (heimilishelgid\u00f3mi). F\u00e6\u00f0ingardagur manns var h\u00e1t\u00ed\u00f0ardagur eigin Genius.<\/p><p>B\u00e6ndur b\u00e1\u00f0u til Genius agri (akuranda), handverksmenn til Genius sinnar i\u00f0na\u00f0argreinar, hermenn til Genius herfylkisins. Keisarinn f\u00e6r\u00f0i opinberlega f\u00f3rnir til Genius Caesaris, i\u00f0kun sem s\u00ed\u00f0ar m\u00f3ta\u00f0i keisarad\u00fdrkunina.<\/p>\t\t\t\t\t\t\t\t<\/div>\n\t\t\t\t\t<\/div>\n\t\t\t\t<\/div>\n\t\t<div class=\"elementor-element elementor-element-jm2n74ec iwg-steckbrief-card e-flex e-con-boxed e-con e-child\" data-id=\"jm2n74ec\" data-element_type=\"container\" data-e-type=\"container\">\n\t\t\t\t\t<div class=\"e-con-inner\">\n\t\t\t\t<div class=\"elementor-element elementor-element-8vufse4c elementor-widget elementor-widget-heading\" data-id=\"8vufse4c\" data-element_type=\"widget\" data-e-type=\"widget\" data-widget_type=\"heading.default\">\n\t\t\t\t\t<h3 class=\"elementor-heading-title elementor-size-default\">Framsetning<\/h3>\t\t\t\t<\/div>\n\t\t\t\t<div class=\"elementor-element elementor-element-mwb9u015 elementor-widget elementor-widget-text-editor\" data-id=\"mwb9u015\" data-element_type=\"widget\" data-e-type=\"widget\" data-widget_type=\"text-editor.default\">\n\t\t\t\t\t\t\t\t\t<p>Genius var s\u00fdndur sem ungur ma\u00f0ur e\u00f0a karlma\u00f0ur me\u00f0 sk\u00e1l (patella) fyrir <span class=\"iwg-fachbegriff\" data-tooltip=\"Gj\u00f6f til gu\u00f0s e\u00f0a go\u00f0magns til a\u00f0 tj\u00e1 \u00feakkl\u00e6ti, b\u00f3n e\u00f0a lotningu.\" tabindex=\"0\">f\u00f3rn<\/span>, oft vi\u00f0 hli\u00f0 Lares e\u00f0a \u00e1 heimilis\u00f6lturum. \u00c1 myntum ber hann sums sta\u00f0ar m\u00e6lieiningu (modius) fyrir korn, <span class=\"iwg-fachbegriff\" data-tooltip=\"T\u00e1kn sem stendur fyrir hugmynd e\u00f0a merkingu.\" tabindex=\"0\">t\u00e1kn<\/span> um blessun.<\/p><p>\u00c1 l\u00e1gmyndum heimilisaltara s\u00e9st hann sitja milli heimilisgu\u00f0a. Myndm\u00e1li\u00f0 er \u00f3lj\u00f3sara og fj\u00f6lbreyttara en hj\u00e1 eiginlegum gu\u00f0um. Oft var hann s\u00fdndur sem sl\u00f6ngulaga vera, \u00fear sem slangan t\u00e1kna\u00f0i endurn\u00fdjandi, jar\u00f0neskan kraft.<\/p>\t\t\t\t\t\t\t\t<\/div>\n\t\t\t\t\t<\/div>\n\t\t\t\t<\/div>\n\t\t\t\t<\/div>\n\t\t<div class=\"elementor-element elementor-element-pemmx7c2 e-con-full e-flex e-con e-child\" data-id=\"pemmx7c2\" data-element_type=\"container\" data-e-type=\"container\">\n\t\t<div class=\"elementor-element elementor-element-37ss2yr6 iwg-steckbrief-card e-flex e-con-boxed e-con e-child\" data-id=\"37ss2yr6\" data-element_type=\"container\" data-e-type=\"container\">\n\t\t\t\t\t<div class=\"e-con-inner\">\n\t\t\t\t<div class=\"elementor-element elementor-element-3v0wp3wx elementor-widget elementor-widget-heading\" data-id=\"3v0wp3wx\" data-element_type=\"widget\" data-e-type=\"widget\" data-widget_type=\"heading.default\">\n\t\t\t\t\t<h3 class=\"elementor-heading-title elementor-size-default\">Hlutverk<\/h3>\t\t\t\t<\/div>\n\t\t\t\t<div class=\"elementor-element elementor-element-w3247g2m elementor-widget elementor-widget-text-editor\" data-id=\"w3247g2m\" data-element_type=\"widget\" data-e-type=\"widget\" data-widget_type=\"text-editor.default\">\n\t\t\t\t\t\t\t\t\t<p><strong>Verkunarsvi\u00f0:<\/strong> <em>Genius<\/em> er \u00ed r\u00f3mverskum tr\u00faarskilningi hinn skapandi, l\u00edfgefandi andi manns, hans gu\u00f0lega tv\u00edfarahj\u00e1lp sem f\u00e6\u00f0ist me\u00f0 honum og deyr me\u00f0 honum \u00e1 d\u00e1nardegi hans. S\u00e9rhver pater familias haf\u00f0i sinn <em>Genius<\/em>, og s\u00e9rhver kona s\u00edna <em>Iuno<\/em> (kvenlega hli\u00f0st\u00e6\u00f0u).<\/p><p>Handan hins pers\u00f3nulega \u00fer\u00f3a\u00f0ist hugtaki\u00f0 \u00ed sameiginlegt verndarvald sta\u00f0a (<em>Genius loci<\/em>), f\u00e9laga (<em>Genius collegii<\/em>), \u00f6ldungar\u00e1\u00f0sins (<em>Genius Senatus<\/em>) og, fr\u00e1 t\u00edmum \u00c1g\u00fastusar, keisarans (<em>Genius Augusti<\/em>).<\/p><p>Plinius eldri (<em>Naturalis Historia<\/em> II, 16) og Servius (sk\u00fdring vi\u00f0 Virgil, <em>Aen.<\/em> V, 95) sta\u00f0festa hina heimilislegu hli\u00f0. \u00d3v\u00ed\u00f0 (<em>Tristia<\/em> III, 13) l\u00fdsir f\u00e6\u00f0ingardegi (<em>dies natalis<\/em>) sem meginh\u00e1t\u00ed\u00f0 Geniusar, me\u00f0 v\u00edni, reykelsi og hunangsk\u00f6kum vi\u00f0 Lararium.<\/p>\t\t\t\t\t\t\t\t<\/div>\n\t\t\t\t\t<\/div>\n\t\t\t\t<\/div>\n\t\t<div class=\"elementor-element elementor-element-0qpjal9w iwg-steckbrief-card e-flex e-con-boxed e-con e-child\" data-id=\"0qpjal9w\" data-element_type=\"container\" data-e-type=\"container\">\n\t\t\t\t\t<div class=\"e-con-inner\">\n\t\t\t\t<div class=\"elementor-element elementor-element-6ndoih0o elementor-widget elementor-widget-heading\" data-id=\"6ndoih0o\" data-element_type=\"widget\" data-e-type=\"widget\" data-widget_type=\"heading.default\">\n\t\t\t\t\t<h3 class=\"elementor-heading-title elementor-size-default\">Verndargripir<\/h3>\t\t\t\t<\/div>\n\t\t\t\t<div class=\"elementor-element elementor-element-6684tyh9 elementor-widget elementor-widget-text-editor\" data-id=\"6684tyh9\" data-element_type=\"widget\" data-e-type=\"widget\" data-widget_type=\"text-editor.default\">\n\t\t\t\t\t\t\t\t\t<p>Genius var \u00e1varpa\u00f0ur me\u00f0 lotningarfullri <span class=\"iwg-fachbegriff\" data-tooltip=\"B\u00e6nleg e\u00f0a \u00e1k\u00f6llandi \u00e1varp til gu\u00f0s e\u00f0a go\u00f0magns.\" tabindex=\"0\">\u00e1k\u00f6llun<\/span> og <span class=\"iwg-fachbegriff\" data-tooltip=\"Gj\u00f6f til gu\u00f0s e\u00f0a go\u00f0magns til a\u00f0 tj\u00e1 \u00feakkl\u00e6ti, b\u00f3n e\u00f0a lotningu.\" tabindex=\"0\">f\u00f3rn<\/span>, ekki til a\u00f0 verjast ska\u00f0a heldur til a\u00f0 tryggja velmegun og samfellu. <span class=\"iwg-fachbegriff\" data-tooltip=\"Gj\u00f6f til gu\u00f0s e\u00f0a go\u00f0magns til a\u00f0 tj\u00e1 \u00feakkl\u00e6ti, b\u00f3n e\u00f0a lotningu.\" tabindex=\"0\">F\u00f3rnirnar<\/span> voru v\u00edn, hunang, fyrstu \u00e1vextir uppskerunnar og \u00f6\u00f0ru hvoru sm\u00e1ar bl\u00f3\u00f0f\u00f3rnir.<\/p><p>\u00c1 f\u00e6\u00f0ingardeginum voru gefnar k\u00f6kuf\u00f3rnir. Eiginkonur f\u00f3rnu\u00f0u \u00e1 br\u00fa\u00f0kaupsdeginum. Ei\u00f0ur sem svarinn var vi\u00f0 eigin Genius var talinn fullkomlega bindandi. A\u00f0 sm\u00e1na keisaralega Geniusinn var tali\u00f0 h\u00e1tignarbrot.<\/p>\t\t\t\t\t\t\t\t<\/div>\n\t\t\t\t\t<\/div>\n\t\t\t\t<\/div>\n\t\t<div class=\"elementor-element elementor-element-3lfi7x32 iwg-steckbrief-card e-flex e-con-boxed e-con e-child\" data-id=\"3lfi7x32\" data-element_type=\"container\" data-e-type=\"container\">\n\t\t\t\t\t<div class=\"e-con-inner\">\n\t\t\t\t<div class=\"elementor-element elementor-element-0kg99ga1 elementor-widget elementor-widget-heading\" data-id=\"0kg99ga1\" data-element_type=\"widget\" data-e-type=\"widget\" data-widget_type=\"heading.default\">\n\t\t\t\t\t<h3 class=\"elementor-heading-title elementor-size-default\">Hli\u00f0st\u00e6\u00f0ur<\/h3>\t\t\t\t<\/div>\n\t\t\t\t<div class=\"elementor-element elementor-element-n0fum6kp elementor-widget elementor-widget-text-editor\" data-id=\"n0fum6kp\" data-element_type=\"widget\" data-e-type=\"widget\" data-widget_type=\"text-editor.default\">\n\t\t\t\t\t\t\t\t\t<p>\u00cd germanskri tr\u00fa svarar Hamramr e\u00f0a Fylgja (norr\u00e6nt) til hugmyndarinnar um pers\u00f3nulegan verndaranda. Egypski Ka-inn er svipa\u00f0ur, l\u00edfsorka s\u00e9rhvers manns. \u00c1 gr\u00edsku sv\u00e6\u00f0inu er til daimon (daimonion) sem pers\u00f3nulegur verndarandi, en minna stofnanabundinn en r\u00f3mverski Geniusinn. Hi\u00f0 hebreska hugtak um verndarengil s\u00fdnir byggingarlega samsv\u00f6run, en er gu\u00f0fr\u00e6\u00f0ilega grundvalla\u00f0 \u00e1 annan h\u00e1tt.<\/p>\t\t\t\t\t\t\t\t<\/div>\n\t\t\t\t\t<\/div>\n\t\t\t\t<\/div>\n\t\t\t\t<\/div>\n\t\t\t\t<\/div>\n\t\t\t\t\t<\/div>\n\t\t\t\t<\/div>\n\t\t<div class=\"elementor-element elementor-element-5a584676 e-flex e-con-boxed e-con e-parent\" data-id=\"5a584676\" data-element_type=\"container\" data-e-type=\"container\">\n\t\t\t\t\t<div class=\"e-con-inner\">\n\t\t\t\t<div class=\"elementor-element elementor-element-6d0757bf elementor-widget elementor-widget-heading\" data-id=\"6d0757bf\" data-element_type=\"widget\" data-e-type=\"widget\" data-widget_type=\"heading.default\">\n\t\t\t\t\t<h2 class=\"elementor-heading-title elementor-size-default\">Genius (r\u00f3mverskur), hli\u00f0st\u00e6\u00f0ur \u00ed \u00f6\u00f0rum menningarheimum<\/h2>\t\t\t\t<\/div>\n\t\t<div class=\"elementor-element elementor-element-60563f68 e-con-full e-flex e-con e-child\" data-id=\"60563f68\" data-element_type=\"container\" data-e-type=\"container\">\n\t\t\t\t<div class=\"elementor-element elementor-element-5a93fdd6 elementor-widget elementor-widget-text-editor\" data-id=\"5a93fdd6\" data-element_type=\"widget\" data-e-type=\"widget\" data-widget_type=\"text-editor.default\">\n\t\t\t\t\t\t\t\t\t<p>\u00cd \u00f6\u00f0rum menningarheimum finnast svipa\u00f0ar erkit\u00fdpur, oft me\u00f0 l\u00edkum hlutverkum og einkennum, en sta\u00f0bundnar og laga\u00f0ar a\u00f0 vi\u00f0komandi menningu. Alheimse\u00f0li \u00feessara mynstra bendir til dj\u00fapra erkit\u00fdp\u00edskra ger\u00f0a \u00ed mannlegri s\u00e1larl\u00edfi og andlegri hugsun. \u00ddmsar birtingarmyndir sama grunnstefsins.<\/p>\n<p><p><strong>Hebresk hef\u00f0:<\/strong> <span class=\"iwg-fachbegriff\" data-tooltip=\"Engill sem talinn er hafa umsj\u00f3n me\u00f0 verndun einstaks manns.\" tabindex=\"0\">Verndarengillinn<\/span> \u00ed s\u00ed\u00f0ari hebreskri englafr\u00e6\u00f0i (s\u00e9rstaklega \u00ed <span class=\"iwg-fachbegriff\" tabindex=\"0\" data-tooltip=\"Tr\u00faarleg rit utan hins bibl\u00edulega kan\u00f3ns; \u00ed hebreskri og kristinni hef\u00f0 sta\u00f0sett \u00e1 milli vi\u00f0urkennds og \u00f3vi\u00f0urkennds.\">ap\u00f3kr\u00fdfum ritum<\/span> og <span class=\"iwg-fachbegriff\" tabindex=\"0\" data-tooltip=\"Hebresk dulspeki me\u00f0 meginritunum Sefer Yetzira, Sohar og l\u00far\u00ed\u00f6nsku sk\u00f3lanum.\">kabbala<\/span>) er ekki dregin beint af Genius, en s\u00fdnir svipa\u00f0 hlutverk: pers\u00f3nulega vernd og fyrirb\u00f3n. \u00cd Tanakh eru v\u00edsbendingar um verndaranda, en engin kerfisbundin gu\u00f0fr\u00e6\u00f0i l\u00edkt og Genius.<\/p><p><strong>Gr\u00edsk-r\u00f3mverski heimurinn:<\/strong> Gr\u00edska daimonion (pers\u00f3nulegur <span class=\"iwg-fachbegriff\" data-tooltip=\"Andleg vera sem eignu\u00f0 er ska\u00f0leg e\u00f0a tv\u00edbent \u00e1hrif.\" tabindex=\"0\">daimon<\/span> samkv\u00e6mt Platoni og S\u00f3kratesi) er l\u00edkt Genius, en er heimspekilegra en d\u00fdrkunarlegt \u00ed e\u00f0li s\u00ednu. Samruninn \u00ed s\u00ed\u00f0ari n\u00fdplat\u00f3nisma sameina\u00f0i b\u00e1\u00f0ar hugmyndirnar \u00ed eina heimsskipulagsreglu.<\/p><p><strong>Mes\u00f3p\u00f3tam\u00eda:<\/strong> Verndarandinn (ilu-hugtaki\u00f0) \u00ed Mes\u00f3p\u00f3tam\u00edu er \u00ed e\u00f0li s\u00ednu l\u00edkur Genius, en tengist minna einst\u00f6kum pers\u00f3num en l\u00f6ndum og handverksgildum. Engin bein hli\u00f0st\u00e6\u00f0a \u00ed <span class=\"iwg-fachbegriff\" data-tooltip=\"Heild tr\u00faarlegra d\u00fdrkunarathafna fyrir gu\u00f0 e\u00f0a heilaga veru.\" tabindex=\"0\">d\u00fdrkun<\/span> og stigveldi.<\/p><p><strong>Indland\/As\u00eda:<\/strong> Engin bein hli\u00f0st\u00e6\u00f0a \u00ed hind\u00faisma e\u00f0a b\u00faddisma. Hugmyndin um pers\u00f3nulegan \u00f6rlagaanda (<span class=\"iwg-fachbegriff\" tabindex=\"0\" data-tooltip=\"\u00cd hind\u00faisma skylda og heimsskipulag; \u00ed b\u00faddisma kenning B\u00fadda.\">dharma<\/span>\/<span class=\"iwg-fachbegriff\" tabindex=\"0\" data-tooltip=\"\u00cd hind\u00faisma, b\u00faddisma og ja\u00ednisma l\u00f6gm\u00e1l orsaka og aflei\u00f0inga verka: hver ath\u00f6fn hefur \u00e1hrif \u00e1 s\u00ed\u00f0ari tilvistir.\">karma<\/span>-tengingu) er \u00feemat\u00edskt fjarl\u00e6g, en \u00e1n beinnar <span class=\"iwg-fachbegriff\" data-tooltip=\"Heild tr\u00faarlegra d\u00fdrkunarathafna fyrir gu\u00f0 e\u00f0a heilaga veru.\" tabindex=\"0\">d\u00fdrkunar<\/span> eins og Genius.<\/p>\t\t\t\t\t\t\t\t<\/div>\n\t\t\t\t<\/div>\n\t\t\t\t\t<\/div>\n\t\t\t\t<\/div>\n\t\t<div class=\"elementor-element elementor-element-cp4f16ba0 e-flex e-con-boxed e-con e-parent\" data-id=\"cp4f16ba0\" data-element_type=\"container\" data-e-type=\"container\">\n\t\t\t\t\t<div class=\"e-con-inner\">\n\t\t\t\t<div class=\"elementor-element elementor-element-cpd95ba75 elementor-widget elementor-widget-heading\" data-id=\"cpd95ba75\" data-element_type=\"widget\" data-e-type=\"widget\" data-widget_type=\"heading.default\">\n\t\t\t\t\t<h2 class=\"elementor-heading-title elementor-size-default\">Genius og Iuno: Verndarandi karls og konu<\/h2>\t\t\t\t<\/div>\n\t\t<div class=\"elementor-element elementor-element-cp2c52a1a e-con-full e-flex e-con e-child\" data-id=\"cp2c52a1a\" data-element_type=\"container\" data-e-type=\"container\">\n\t\t\t\t<div class=\"elementor-element elementor-element-cpd79e1b5 elementor-widget elementor-widget-text-editor\" data-id=\"cpd79e1b5\" data-element_type=\"widget\" data-e-type=\"widget\" data-widget_type=\"text-editor.default\">\n\t\t\t\t\t\t\t\t\t<p>R\u00f3mverska hugmyndin um Genius var upphaflega bundin vi\u00f0 kynfer\u00f0i. <em>Genius<\/em> var hinn getandi, l\u00edfsfylgjandi <span class=\"iwg-fachbegriff\" data-tooltip=\"L\u00edkamalaus vera sem s\u00f6g\u00f0 er hafa \u00e1hrif \u00ed heiminum.\" tabindex=\"0\">andi<\/span> mannsins; kvenkyns m\u00f3tsvar hans var <em>Iuno<\/em>, sem var eigin hverri konu. Eins og hver ma\u00f0ur haf\u00f0i sinn Genius, haf\u00f0i hver kona s\u00edna Iuno, og b\u00e1\u00f0ir fylgdu manneskjunni fr\u00e1 f\u00e6\u00f0ingu til dau\u00f0a.<\/p><p>Nafni\u00f0 <em>Genius<\/em> er tungum\u00e1lalega tengt s\u00f6gninni <em>gignere<\/em>, a\u00f0 geta, a\u00f0 f\u00e6\u00f0a af s\u00e9r. \u00deessi or\u00f0sifjafr\u00e6\u00f0i v\u00edsar til kjarna hugmyndarinnar: Genius er kraftur sem birtir l\u00edf og einkum getna\u00f0argetu mannsins.<\/p><p>Hann var n\u00e1i\u00f0 tengdur br\u00fa\u00f0ars\u00e6nginni, sem \u00fev\u00ed var k\u00f6llu\u00f0 <em>lectus genialis<\/em>. \u00d3h\u00f3flegar, l\u00edfsgla\u00f0ar fagna\u00f0ir voru kalla\u00f0ar <em>indulgere genio<\/em>, \u00fea\u00f0 er a\u00f0 l\u00e1ta undan eigin Genius, sem heyrist enn \u00ed \u00fe\u00fdska or\u00f0inu genie\u00dfen (a\u00f0 nj\u00f3ta).<\/p><p>N\u00e1in tengingin vi\u00f0 einstaklinginn s\u00e9st einnig \u00ed mikilv\u00e6gustu h\u00e1t\u00ed\u00f0inni: Afm\u00e6lisdagurinn, <em>dies natalis<\/em>, var samt\u00edmis h\u00e1t\u00ed\u00f0ardagur hins pers\u00f3nulega Genius.<\/p><p>\u00c1 \u00feeim degi bar ma\u00f0ur fram bl\u00f3\u00f0lausar <span class=\"iwg-fachbegriff\" data-tooltip=\"Gj\u00f6f til go\u00f0magns til a\u00f0 tj\u00e1 \u00feakkl\u00e6ti, b\u00f3n e\u00f0a lotningu.\" tabindex=\"0\">f\u00f3rnir<\/span> til eigin Genius, a\u00f0allega v\u00edn, reykelsi og bl\u00f3m, og skreytti sig. Genius var \u00feannig hinn tr\u00faarlegi vi\u00f0mi\u00f0unarpunktur fyrir sj\u00e1lfsmynd og velfer\u00f0 einstaklingsins.<\/p><p>Fr\u00e6\u00f0imenn deila um hvort Genius hafi upphaflega veri\u00f0 hugsa\u00f0ur frekar sem ytri verndarandi e\u00f0a sem hluti af pers\u00f3nunni sj\u00e1lfri. Heimildirnar s\u00fdna b\u00e1\u00f0ar hugmyndir hli\u00f0 vi\u00f0 hli\u00f0. \u00cd \u00f6llu falli stendur Genius ekki utan mannsins, heldur er n\u00e1tengdur l\u00edfskrafti hans.<\/p>\t\t\t\t\t\t\t\t<\/div>\n\t\t\t\t<\/div>\n\t\t\t\t\t<\/div>\n\t\t\t\t<\/div>\n\t\t<div class=\"elementor-element elementor-element-cpcb60698 e-flex e-con-boxed e-con e-parent\" data-id=\"cpcb60698\" data-element_type=\"container\" data-e-type=\"container\">\n\t\t\t\t\t<div class=\"e-con-inner\">\n\t\t\t\t<div class=\"elementor-element elementor-element-cp747ad47 elementor-widget elementor-widget-heading\" data-id=\"cp747ad47\" data-element_type=\"widget\" data-e-type=\"widget\" data-widget_type=\"heading.default\">\n\t\t\t\t\t<h2 class=\"elementor-heading-title elementor-size-default\">Genius sta\u00f0a og samf\u00e9laga<\/h2>\t\t\t\t<\/div>\n\t\t<div class=\"elementor-element elementor-element-cp7b04ee0 e-con-full e-flex e-con e-child\" data-id=\"cp7b04ee0\" data-element_type=\"container\" data-e-type=\"container\">\n\t\t\t\t<div class=\"elementor-element elementor-element-cp0d0a7b1 elementor-widget elementor-widget-text-editor\" data-id=\"cp0d0a7b1\" data-element_type=\"widget\" data-e-type=\"widget\" data-widget_type=\"text-editor.default\">\n\t\t\t\t\t\t\t\t\t<p>Auk hins pers\u00f3nulega verndaranda \u00fer\u00f3a\u00f0ist s\u00fa hugmynd a\u00f0 sta\u00f0ir, h\u00f3par og stofnanir \u00e6ttu einnig sinn eigin genius. \u00deessi \u00fatv\u00edkkun er s\u00e9rstaklega fr\u00f3\u00f0leg \u00fat fr\u00e1 tr\u00faarbrag\u00f0as\u00f6gulegu sj\u00f3narhorni \u00fev\u00ed h\u00fan s\u00fdnir hversu sveigjanlega R\u00f3mverjar f\u00f3ru me\u00f0 \u00feetta hugtak.<\/p><p>\u00deekktastur er <em>Genius loci<\/em>, <span class=\"iwg-fachbegriff\" data-tooltip=\"Vera \u00e1n l\u00edkama sem talin er hafa \u00e1hrif \u00ed heiminum.\" tabindex=\"0\">andi<\/span> tiltekins sta\u00f0ar. H\u00fas, <span class=\"iwg-fachbegriff\" data-tooltip=\"Heilagur trj\u00e1lundur sem \u00fej\u00f3na\u00f0i sem helgista\u00f0ur.\" tabindex=\"0\">helgilundur<\/span>, lind e\u00f0a borg g\u00e1tu haft sinn genius sem vakti yfir velgengni sta\u00f0arins.<\/p><p>\u00cd heimilishelgiskr\u00ednum, svok\u00f6llu\u00f0um <em>Lararia<\/em>, birtist genius h\u00fasb\u00f3ndans oft \u00e1samt lares og penates. \u00c1 veggmyndum \u00ed Pompeii er hann i\u00f0ulega s\u00fdndur sem f\u00f3rnf\u00e6randi vera hulin t\u00f3gu, stundum me\u00f0 lares sitt hvorum megin og h\u00f6ggormi sem t\u00e1knar genius sta\u00f0arins.<\/p><p>H\u00f3par \u00e1ttu einnig sinn genius. Til var <em>Genius populi Romani<\/em>, genius r\u00f3mversku \u00fej\u00f3\u00f0arinnar, auk genius herdeilda \u00e1 bor\u00f0 vi\u00f0 leg\u00ed\u00f3nir og kohortur, i\u00f0nf\u00e9laga, marka\u00f0storga og jafnvel leikh\u00fasa.<\/p><p>Hermenn reistu v\u00edgslu\u00e1letranir til hei\u00f0urs genius herdeildar sinnar. Sl\u00edkar \u00e1letranir er a\u00f0 finna um allt heimsveldi\u00f0 og teljast me\u00f0al mikilv\u00e6gustu heimilda um \u00fatbrei\u00f0slu \u00feessarar d\u00fdrkunar.<\/p><p>\u00deessi fj\u00f6lgun \u00e1 hugtakinu genius ger\u00f0i \u00fea\u00f0 a\u00f0 einu \u00fatbreiddasta tr\u00faarlega hugtaki hversdagsl\u00edfsins \u00ed R\u00f3m. H\u00fan ger\u00f0i kleift a\u00f0 \u00fathluta n\u00e1nast hverri f\u00e9lagslegri e\u00f0a landfr\u00e6\u00f0ilegri einingu s\u00ednum eigin verndarm\u00e6tti \u00e1n \u00feess a\u00f0 \u00feurfa a\u00f0 skapa n\u00fdja, nafngreinda <span class=\"iwg-fachbegriff\" data-tooltip=\"Vera sem er d\u00fdrku\u00f0 sem gu\u00f0leg innan tr\u00faarbrag\u00f0a.\" tabindex=\"0\">go\u00f0veru<\/span> fyrir hvert tilvik.<\/p>\t\t\t\t\t\t\t\t<\/div>\n\t\t\t\t<\/div>\n\t\t\t\t\t<\/div>\n\t\t\t\t<\/div>\n\t\t<div class=\"elementor-element elementor-element-cpcd7f3af e-flex e-con-boxed e-con e-parent\" data-id=\"cpcd7f3af\" data-element_type=\"container\" data-e-type=\"container\">\n\t\t\t\t\t<div class=\"e-con-inner\">\n\t\t\t\t<div class=\"elementor-element elementor-element-cp83701b3 elementor-widget elementor-widget-heading\" data-id=\"cp83701b3\" data-element_type=\"widget\" data-e-type=\"widget\" data-widget_type=\"heading.default\">\n\t\t\t\t\t<h2 class=\"elementor-heading-title elementor-size-default\">Genius keisarans og hin p\u00f3lit\u00edska tr\u00fa<\/h2>\t\t\t\t<\/div>\n\t\t<div class=\"elementor-element elementor-element-cpdabaae1 e-con-full e-flex e-con e-child\" data-id=\"cpdabaae1\" data-element_type=\"container\" data-e-type=\"container\">\n\t\t\t\t<div class=\"elementor-element elementor-element-cp08bd109 elementor-widget elementor-widget-text-editor\" data-id=\"cp08bd109\" data-element_type=\"widget\" data-e-type=\"widget\" data-widget_type=\"text-editor.default\">\n\t\t\t\t\t\t\t\t\t<p>S\u00e9rstaklega afdrifar\u00edk \u00fer\u00f3un var tenging Genius-d\u00fdrkunarins vi\u00f0 keisaraveldi\u00f0. \u00cd opinberum r\u00f3mverskum skilningi var lifandi keisara ekki heimilt a\u00f0 vera tilbe\u00f0inn sem gu\u00f0 \u00e1n fyrirvara; sl\u00edkt hef\u00f0i veri\u00f0 \u00e1liti\u00f0 yfirgangur og var formlega \u00e1skili\u00f0 hinum d\u00e1nu, af \u00f6ldungar\u00e1\u00f0inu upphafnum til gu\u00f0a. Genius keisarans bau\u00f0 h\u00e9r lei\u00f0 \u00fat \u00far \u00feessum vanda.<\/p><p>Ekki keisarinn sj\u00e1lfur, heldur Genius hans, \u00fea\u00f0 er hans pers\u00f3nulegi verndar- og l\u00edfskraftur, m\u00e1tti tilbi\u00f0ja. \u00deessi a\u00f0greining ger\u00f0i m\u00f6gulegt a\u00f0 hafa d\u00fdrkun \u00e1 valdhafanum sem var\u00f0veitti tr\u00faarhef\u00f0ina formlega.<\/p><p>\u00c1g\u00fastus efldi \u00feetta form: Vi\u00f0 endurskipulagningu borgard\u00fdrkunar \u00ed R\u00f3m um 7 f.Kr. var Genius \u00c1g\u00fastusar b\u00e6tt vi\u00f0 L\u00f6rum vegam\u00f3ta, <em>Lares Compitales<\/em>, \u00feannig a\u00f0 \u00e1 hverju vegam\u00f3ti var Genius keisarans einnig tilbe\u00f0inn.<\/p><p>Ei\u00f0urinn vi\u00f0 Genius keisarans var\u00f0 eitt af bindandi form\u00falum opinbers l\u00edfs. A\u00f0 brj\u00f3ta hann e\u00f0a neita honum haf\u00f0i p\u00f3lit\u00edska \u00fe\u00fd\u00f0ingu. \u00cd ofs\u00f3knum kristinna manna spila\u00f0i spurningin um hvort einhver v\u00e6ri viljugur a\u00f0 f\u00e6ra f\u00f3rn til Genius keisarans mikilv\u00e6gt hlutverk, \u00fev\u00ed h\u00f6fnunin var talin merki um \u00f3trygg\u00f0.<\/p><p><span class=\"iwg-fachbegriff\" data-tooltip=\"Heild tr\u00faarlegra tilbei\u00f0sluathafna fyrir go\u00f0magn e\u00f0a heilaga pers\u00f3nu.\" tabindex=\"0\">D\u00fdrkun<\/span> Geniusar s\u00fdnir \u00feannig hvernig upphaflega einkarekin tr\u00fa, bundin vi\u00f0 einstaka manninn, gat or\u00f0i\u00f0 t\u00e6ki til sam\u00fe\u00e6ttingar r\u00edkisins. V\u00edsindaleg ranns\u00f3knarvinna, me\u00f0al annars verk Duncan Fishwick um valdhafad\u00fdrkun, hefur raki\u00f0 \u00feessa \u00fer\u00f3un n\u00e1kv\u00e6mlega og bent \u00e1 a\u00f0 <span class=\"iwg-fachbegriff\" data-tooltip=\"Heild tr\u00faarlegra tilbei\u00f0sluathafna fyrir go\u00f0magn e\u00f0a heilaga pers\u00f3nu.\" tabindex=\"0\">d\u00fdrkun<\/span> Geniusar hafi einmitt vegna a\u00f0l\u00f6gunarh\u00e6fni sinnar n\u00e1\u00f0 svo v\u00ed\u00f0t\u00e6kri \u00fatbrei\u00f0slu.<\/p>\t\t\t\t\t\t\t\t<\/div>\n\t\t\t\t<\/div>\n\t\t\t\t\t<\/div>\n\t\t\t\t<\/div>\n\t\t<div class=\"elementor-element elementor-element-cped3481e e-flex e-con-boxed e-con e-parent\" data-id=\"cped3481e\" data-element_type=\"container\" data-e-type=\"container\">\n\t\t\t\t\t<div class=\"e-con-inner\">\n\t\t\t\t<div class=\"elementor-element elementor-element-cpe35807e elementor-widget elementor-widget-heading\" data-id=\"cpe35807e\" data-element_type=\"widget\" data-e-type=\"widget\" data-widget_type=\"heading.default\">\n\t\t\t\t\t<h2 class=\"elementor-heading-title elementor-size-default\">Genius \u00ed list, \u00e1letrunum og eftirl\u00edfi<\/h2>\t\t\t\t<\/div>\n\t\t<div class=\"elementor-element elementor-element-cp0c2ebf8 e-con-full e-flex e-con e-child\" data-id=\"cp0c2ebf8\" data-element_type=\"container\" data-e-type=\"container\">\n\t\t\t\t<div class=\"elementor-element elementor-element-cp2611286 elementor-widget elementor-widget-text-editor\" data-id=\"cp2611286\" data-element_type=\"widget\" data-e-type=\"widget\" data-widget_type=\"text-editor.default\">\n\t\t\t\t\t\t\t\t\t<p>Efnislegar <span class=\"iwg-fachbegriff\" data-tooltip=\"Mi\u00f0lun \u00feekkingar og fr\u00e1sagna milli kynsl\u00f3\u00f0a.\" tabindex=\"0\">arfleif\u00f0ir<\/span> um Genius eru r\u00edkulegar. \u00c1 l\u00e1gmyndum, myntum, veggm\u00e1lverkum og styttum birtist Genius yfirleitt sem ma\u00f0ur \u00ed togu, oft me\u00f0 huli\u00f0 h\u00f6fu\u00f0 \u00ed f\u00f3rnarstellingu, me\u00f0 hornfylli e\u00f0a f\u00f3rnarsk\u00e1l \u00ed hendi.<\/p><p>Genius samf\u00e9lags gat einnig veri\u00f0 s\u00fdndur ungur og me\u00f0 borgarm\u00fark\u00f3r\u00f3nu, l\u00edkt og borgargy\u00f0ja. Sn\u00e1kurinn sem birtist \u00ed larar\u00edum vi\u00f0 hli\u00f0 e\u00f0a undir Genius-myndinni er talinn t\u00e1kna verndaranda h\u00fassins og er var\u00f0veittur \u00e1 fj\u00f6lm\u00f6rgum veggm\u00e1lverkum \u00ed Pompei.<\/p><p>V\u00edgslu\u00e1letranir til Genius eru taldar \u00ed \u00fe\u00fasundum. \u00de\u00e6r n\u00e1 fr\u00e1 <em>Genius<\/em> einstaklings, yfir Genius f\u00e9laga, verkst\u00e6\u00f0a og hersveita, til <em>Genius loci<\/em> heilla h\u00e9ra\u00f0sborga.<\/p><p>\u00deessar \u00e1letranir eru mikilv\u00e6g heimild \u00fev\u00ed \u00fe\u00e6r s\u00fdna hversu sj\u00e1lfsag\u00f0ur Genius var \u00ed daglegu l\u00edfi allra st\u00e9tta samf\u00e9lagsins, \u00fear \u00e1 me\u00f0al \u00fer\u00e6la og leysingja, sem tilb\u00e1\u00f0u s\u00edna eigin f\u00e9lagsgenii.<\/p><p>\u00c1framhaldandi l\u00edf hugtaksins er umtalsvert. \u00c1 latneskri <span class=\"iwg-fachbegriff\" data-tooltip=\"Umbreytingart\u00edmabil milli fornaldar og mi\u00f0alda, um 3. til 7. \u00f6ld.\" tabindex=\"0\">s\u00ed\u00f0forn\u00f6ld<\/span> og \u00e1 mi\u00f0\u00f6ldum tengdist Genius a\u00f0 hluta kristinni hugmynd um <span class=\"iwg-fachbegriff\" data-tooltip=\"Engill sem talinn er vernda einstakan mann.\" tabindex=\"0\">verndarengil<\/span>, en a\u00f0 hluta h\u00e9lst hann sem l\u00e6rd\u00f3mshugtak.<\/p><p>\u00c1 \u00edt\u00f6lsku endurreisnart\u00edmanum og \u00ed upphafi n\u00fdaldar breyttist merkingin: \u00far verndaranda var\u00f0 me\u00f0f\u00e6dd andleg g\u00e1fa, og a\u00f0 lokum kom fram n\u00fat\u00edmahugtaki\u00f0 snillingur um skapandi og einstaklega h\u00e6fileikar\u00edkan mann.<\/p><p>\u00deessi merkingarbreyting er d\u00e6mi um hvernig tr\u00faarleg hugmynd \u00far <span class=\"iwg-fachbegriff\" data-tooltip=\"T\u00edmabil gr\u00edskrar og r\u00f3mverskrar menningar, um 800 f.Kr. til 600 e.Kr.\" tabindex=\"0\">forn\u00f6ld<\/span> lifir \u00e1fram \u00ed evr\u00f3pskri hugmyndas\u00f6gu, \u00e1n \u00feess a\u00f0 var\u00f0veita tr\u00faarlegan uppruna sinn.<\/p>\t\t\t\t\t\t\t\t<\/div>\n\t\t\t\t<\/div>\n\t\t\t\t\t<\/div>\n\t\t\t\t<\/div>\n\t\t<div class=\"elementor-element elementor-element-36dd7469 e-flex e-con-boxed e-con e-parent\" data-id=\"36dd7469\" data-element_type=\"container\" data-e-type=\"container\">\n\t\t\t\t\t<div class=\"e-con-inner\">\n\t\t\t\t<div class=\"elementor-element elementor-element-13760ab4 elementor-widget elementor-widget-heading\" data-id=\"13760ab4\" data-element_type=\"widget\" data-e-type=\"widget\" data-widget_type=\"heading.default\">\n\t\t\t\t\t<h2 class=\"elementor-heading-title elementor-size-default\">\u00cdtarefni og tenglar<\/h2>\t\t\t\t<\/div>\n\t\t<div class=\"elementor-element elementor-element-28c87796 e-con-full e-flex e-con e-child\" data-id=\"28c87796\" data-element_type=\"container\" data-e-type=\"container\">\n\t\t\t\t<div class=\"elementor-element elementor-element-5d6538df elementor-widget elementor-widget-text-editor\" data-id=\"5d6538df\" data-element_type=\"widget\" data-e-type=\"widget\" data-widget_type=\"text-editor.default\">\n\t\t\t\t\t\t\t\t\t<ul><li><a href=\"https:\/\/iwell-guard.com\/is\/?page_id=168836\">Iuno, kvenlegt m\u00f3tst\u00e6\u00f0i fyrir konur<\/a><\/li><li><a href=\"https:\/\/iwell-guard.com\/is\/?page_id=168595\">R\u00f3mversk tr\u00faarbr\u00f6g\u00f0, heildarsamhengi<\/a><\/li><\/ul>\t\t\t\t\t\t\t\t<\/div>\n\t\t\t\t<\/div>\n\t\t\t\t\t<\/div>\n\t\t\t\t<\/div>\n\t\t<div class=\"elementor-element elementor-element-grl4kl40 e-flex e-con-boxed e-con e-parent\" data-id=\"grl4kl40\" data-element_type=\"container\" data-e-type=\"container\">\n\t\t\t\t\t<div class=\"e-con-inner\">\n\t\t\t\t<div class=\"elementor-element elementor-element-bzsbfrmh elementor-widget elementor-widget-heading\" data-id=\"bzsbfrmh\" data-element_type=\"widget\" data-e-type=\"widget\" data-widget_type=\"heading.default\">\n\t\t\t\t\t<h2 class=\"elementor-heading-title elementor-size-default\">Fr\u00e6\u00f0irit<\/h2>\t\t\t\t<\/div>\n\t\t<div class=\"elementor-element elementor-element-2c13224a e-con-full e-flex e-con e-child\" data-id=\"2c13224a\" data-element_type=\"container\" data-e-type=\"container\">\n\t\t\t\t<div class=\"elementor-element elementor-element-0eymh9ub elementor-widget elementor-widget-text-editor\" data-id=\"0eymh9ub\" data-element_type=\"widget\" data-e-type=\"widget\" data-widget_type=\"text-editor.default\">\n\t\t\t\t\t\t\t\t\t<footer class=\"iwg-literatur\" data-nosnippet=\"true\"><ul><li><span data-nosnippet>Beard, Mary \/ North, John \/ Price, Simon: <em>Religions of Rome<\/em>. 2 Bde. Cambridge UP, Cambridge 1998.<\/span><\/li><li><span data-nosnippet>Scheid, John: <em>An Introduction to Roman Religion<\/em>. Edinburgh UP, Edinburgh 2003.<\/span><\/li><li><span data-nosnippet>Dum\u00e9zil, Georges: <em>La religion romaine archa\u00efque<\/em>. Payot, Paris 1974.<\/span><\/li><li><span data-nosnippet>Latte, Kurt: <em>R\u00f6mische Religionsgeschichte<\/em>. C.H. Beck, M\u00fcnchen 1960.<\/span><\/li><li><span data-nosnippet>Wissowa, Georg: <em>Religion und Kultus der R\u00f6mer<\/em>. Beck, M\u00fcnchen 1912.<\/span><\/li><li><span data-nosnippet>Orr, David G.: <em>Roman Domestic Religion: The Evidence of the Household Shrines<\/em>. ANRW II.16.2 (1978), 1557-1591.<\/span><\/li><\/ul><\/footer>\t\t\t\t\t\t\t\t<\/div>\n\t\t\t\t<\/div>\n\t\t\t\t\t<\/div>\n\t\t\t\t<\/div>\n\t\t<div class=\"elementor-element elementor-element-iwgkw2-add-geniusroemisch e-flex e-con-boxed e-con e-parent\" data-id=\"iwgkw2-add-geniusroemisch\" data-element_type=\"container\" data-e-type=\"container\">\n\t\t\t\t\t<div class=\"e-con-inner\">\n\t\t\t\t<div class=\"elementor-element elementor-element-iwgkw2-add-geniusroemisch-t elementor-widget elementor-widget-text-editor\" data-id=\"iwgkw2-add-geniusroemisch-t\" data-element_type=\"widget\" data-e-type=\"widget\" data-widget_type=\"text-editor.default\">\n\t\t\t\t\t\t\t\t\t<p>Genius \u00ed <em>r\u00f3mverskum<\/em> skilningi v\u00edsar til pers\u00f3nulegs verndaranda manns, sem ver\u00f0ur til vi\u00f0 f\u00e6\u00f0ingu hans og var tilbe\u00f0inn \u00ed heimilismenningu me\u00f0 v\u00edgslugj\u00f6fum \u00e1 f\u00e6\u00f0ingardegi og vi\u00f0 Lares-altari.<\/p>\t\t\t\t\t\t\t\t<\/div>\n\t\t\t\t\t<\/div>\n\t\t\t\t<\/div>\n\t\t\t\t<\/div>\n\t\t","protected":false},"excerpt":{"rendered":"","protected":false},"author":3,"featured_media":1761,"parent":0,"menu_order":0,"comment_status":"closed","ping_status":"closed","template":"elementor_header_footer","meta":{"_yoast_wpseo_focuskw":"Genius","_yoast_wpseo_title":"Genius \u2013 r\u00f3mverskur verndarandi einstaklingsins","_yoast_wpseo_metadesc":"Munnm\u00e6lin um Genius n\u00e1 dj\u00fapt inn \u00ed s\u00f6gu R\u00f3mar, me\u00f0 heimildir allt fr\u00e1 1.","_yoast_wpseo_meta-robots-noindex":"","_yoast_wpseo_canonical":"","_angie_page":false,"gefaehrdungsstufe":"","wesen_kultur":"rom","wesen_klasse":"lichtwesen","footnotes":""},"categories":[],"class_list":["post-168864","page","type-page","status-publish","has-post-thumbnail","hentry"],"yoast_head":"<!-- This site is optimized with the Yoast SEO Premium plugin v27.7 (Yoast SEO v28.3) - https:\/\/yoast.com\/product\/yoast-seo-premium-wordpress\/ -->\n<title>Genius \u2013 r\u00f3mverskur verndarandi einstaklingsins<\/title>\n<meta name=\"description\" content=\"Munnm\u00e6lin um Genius n\u00e1 dj\u00fapt inn \u00ed s\u00f6gu R\u00f3mar, me\u00f0 heimildir allt fr\u00e1 1.\" \/>\n<meta name=\"robots\" content=\"index, follow, max-snippet:-1, max-image-preview:large, max-video-preview:-1\" \/>\n<link rel=\"canonical\" href=\"https:\/\/iwell-guard.com\/is\/genius\/\" \/>\n<meta property=\"og:locale\" content=\"is_IS\" \/>\n<meta property=\"og:type\" content=\"article\" \/>\n<meta property=\"og:title\" content=\"Genius\" \/>\n<meta property=\"og:description\" content=\"Munnm\u00e6lin um Genius n\u00e1 dj\u00fapt inn \u00ed s\u00f6gu R\u00f3mar, me\u00f0 heimildir allt fr\u00e1 1.\" \/>\n<meta property=\"og:url\" content=\"https:\/\/iwell-guard.com\/is\/genius\/\" \/>\n<meta property=\"og:site_name\" content=\"iWell Guard\" \/>\n<meta property=\"article:modified_time\" content=\"2026-09-05T14:21:26+00:00\" \/>\n<meta property=\"og:image\" content=\"https:\/\/iwell-guard.com\/wp-content\/uploads\/2026\/04\/goetter_rom_genius.webp\" \/>\n\t<meta property=\"og:image:width\" content=\"1024\" \/>\n\t<meta property=\"og:image:height\" content=\"1536\" \/>\n\t<meta property=\"og:image:type\" content=\"image\/webp\" \/>\n<meta name=\"twitter:card\" content=\"summary_large_image\" \/>\n<script type=\"application\/ld+json\" class=\"yoast-schema-graph\">{\"@context\":\"https:\\\/\\\/schema.org\",\"@graph\":[{\"@type\":\"WebPage\",\"@id\":\"https:\\\/\\\/iwell-guard.com\\\/is\\\/genius\\\/\",\"url\":\"https:\\\/\\\/iwell-guard.com\\\/is\\\/genius\\\/\",\"name\":\"Genius \u2013 r\u00f3mverskur verndarandi einstaklingsins\",\"isPartOf\":{\"@id\":\"https:\\\/\\\/iwell-guard.com\\\/is\\\/#website\"},\"primaryImageOfPage\":{\"@id\":\"https:\\\/\\\/iwell-guard.com\\\/is\\\/genius\\\/#primaryimage\"},\"image\":{\"@id\":\"https:\\\/\\\/iwell-guard.com\\\/is\\\/genius\\\/#primaryimage\"},\"thumbnailUrl\":\"https:\\\/\\\/iwell-guard.com\\\/wp-content\\\/uploads\\\/2026\\\/04\\\/goetter_rom_genius.webp\",\"datePublished\":\"2026-09-05T14:03:36+00:00\",\"dateModified\":\"2026-09-05T14:21:26+00:00\",\"description\":\"Munnm\u00e6lin um Genius n\u00e1 dj\u00fapt inn \u00ed s\u00f6gu R\u00f3mar, me\u00f0 heimildir allt fr\u00e1 1.\",\"breadcrumb\":{\"@id\":\"https:\\\/\\\/iwell-guard.com\\\/is\\\/genius\\\/#breadcrumb\"},\"inLanguage\":\"is\",\"potentialAction\":[{\"@type\":\"ReadAction\",\"target\":[\"https:\\\/\\\/iwell-guard.com\\\/is\\\/genius\\\/\"]}]},{\"@type\":\"ImageObject\",\"inLanguage\":\"is\",\"@id\":\"https:\\\/\\\/iwell-guard.com\\\/is\\\/genius\\\/#primaryimage\",\"url\":\"https:\\\/\\\/iwell-guard.com\\\/wp-content\\\/uploads\\\/2026\\\/04\\\/goetter_rom_genius.webp\",\"contentUrl\":\"https:\\\/\\\/iwell-guard.com\\\/wp-content\\\/uploads\\\/2026\\\/04\\\/goetter_rom_genius.webp\",\"width\":1024,\"height\":1536,\"caption\":\"Gu\u00f0ir \u00far r\u00f3mverskri hef\u00f0.\"},{\"@type\":\"BreadcrumbList\",\"@id\":\"https:\\\/\\\/iwell-guard.com\\\/is\\\/genius\\\/#breadcrumb\",\"itemListElement\":[{\"@type\":\"ListItem\",\"position\":1,\"name\":\"Start\",\"item\":\"https:\\\/\\\/iwell-guard.com\\\/is\\\/?page_id=168580\"},{\"@type\":\"ListItem\",\"position\":2,\"name\":\"Genius\"}]},{\"@type\":\"WebSite\",\"@id\":\"https:\\\/\\\/iwell-guard.com\\\/is\\\/#website\",\"url\":\"https:\\\/\\\/iwell-guard.com\\\/is\\\/\",\"name\":\"iWell Guard\",\"description\":\"Schutz vor dunklen Einfl\u00fcssen\",\"publisher\":{\"@id\":\"https:\\\/\\\/iwell-guard.com\\\/is\\\/#organization\"},\"potentialAction\":[{\"@type\":\"SearchAction\",\"target\":{\"@type\":\"EntryPoint\",\"urlTemplate\":\"https:\\\/\\\/iwell-guard.com\\\/is\\\/?s={search_term_string}\"},\"query-input\":{\"@type\":\"PropertyValueSpecification\",\"valueRequired\":true,\"valueName\":\"search_term_string\"}}],\"inLanguage\":\"is\"},{\"@type\":\"Organization\",\"@id\":\"https:\\\/\\\/iwell-guard.com\\\/is\\\/#organization\",\"name\":\"Ittermann electronic GmbH\",\"url\":\"https:\\\/\\\/iwell-guard.com\\\/is\\\/\",\"logo\":{\"@type\":\"ImageObject\",\"inLanguage\":\"is\",\"@id\":\"https:\\\/\\\/iwell-guard.com\\\/is\\\/#\\\/schema\\\/logo\\\/image\\\/\",\"url\":\"https:\\\/\\\/iwell-guard.com\\\/wp-content\\\/uploads\\\/2026\\\/05\\\/Ittermann-Logo-1182x237-1.png\",\"contentUrl\":\"https:\\\/\\\/iwell-guard.com\\\/wp-content\\\/uploads\\\/2026\\\/05\\\/Ittermann-Logo-1182x237-1.png\",\"width\":1182,\"height\":237,\"caption\":\"Ittermann electronic GmbH\"},\"image\":{\"@id\":\"https:\\\/\\\/iwell-guard.com\\\/is\\\/#\\\/schema\\\/logo\\\/image\\\/\"},\"sameAs\":[\"https:\\\/\\\/pantip.com\\\/profile\\\/9367242\",\"https:\\\/\\\/micro.blog\\\/iwellguard\",\"https:\\\/\\\/www.diggerslist.com\\\/iwellguard\\\/about\",\"https:\\\/\\\/skitterphoto.com\\\/photographers\\\/2870314\\\/iwell-guard\",\"https:\\\/\\\/iwellguard.wordpress.com\\\/2026\\\/06\\\/06\\\/iwell-guard\\\/\",\"https:\\\/\\\/hub.docker.com\\\/u\\\/iwellguard\",\"https:\\\/\\\/www.pinterest.com\\\/iwellguard\\\/\",\"https:\\\/\\\/bit.ly\\\/m\\\/iwellguard\",\"https:\\\/\\\/entre-vos-mains.alsace.eu\\\/profiles\\\/iwellguard\\\/activity\",\"https:\\\/\\\/gravatar.com\\\/reallybeded8fd34\",\"https:\\\/\\\/naijamatta.com\\\/iwellguard\",\"https:\\\/\\\/www.goodreads.com\\\/iwellguard\",\"https:\\\/\\\/profile.hatena.ne.jp\\\/iwellguard\\\/\",\"https:\\\/\\\/experiment.com\\\/users\\\/iwellguard\",\"https:\\\/\\\/wakelet.com\\\/@iWellGuard82270\",\"https:\\\/\\\/www.chordie.com\\\/forum\\\/profile.php?id=2555664\",\"https:\\\/\\\/www.instapaper.com\\\/p\\\/17757966\",\"https:\\\/\\\/www.mapleprimes.com\\\/users\\\/iwellguard\",\"https:\\\/\\\/businesslistingplus.com\\\/profile\\\/iwell-guard\\\/\",\"https:\\\/\\\/telegra.ph\\\/iWell-Guard-06-06\",\"https:\\\/\\\/pbase.com\\\/iwellguard\\\/iwellguard\",\"https:\\\/\\\/b.hatena.ne.jp\\\/iwellguard\\\/20260607#bookmark-4788405196491818882\",\"https:\\\/\\\/fliphtml5.com\\\/home\\\/iwellguard\",\"https:\\\/\\\/anyflip.com\\\/homepage\\\/cmiwl#About\",\"https:\\\/\\\/transfur.com\\\/Users\\\/iwellguard\",\"http:\\\/\\\/delphi.larsbo.org\\\/user\\\/iwellguard\",\"https:\\\/\\\/jobs.lajobsportal.org\\\/profiles\\\/8380803-iwell-guard\",\"https:\\\/\\\/md.chaosdorf.de\\\/s\\\/jfbe5SBdJD\",\"https:\\\/\\\/www.lingvolive.com\\\/en-us\\\/profile\\\/9ecaeaca-ce11-4e51-9e71-01d55e2bff36\\\/translations\",\"https:\\\/\\\/www.fitday.com\\\/fitness\\\/forums\\\/members\\\/iwellguard.html\",\"https:\\\/\\\/www.mymeetbook.com\\\/iwellguard\",\"https:\\\/\\\/pxhere.com\\\/en\\\/photographer-me\\\/5040798\",\"https:\\\/\\\/disqus.com\\\/by\\\/iwellguard\\\/about\\\/\",\"https:\\\/\\\/pastelink.net\\\/hjwciqwq\",\"https:\\\/\\\/pubhtml5.com\\\/homepage\\\/scjhn\\\/\",\"https:\\\/\\\/www.bitchute.com\\\/channel\\\/2O2eOKzNqujT\",\"https:\\\/\\\/audiomack.com\\\/iwellguard\"]},{\"@type\":\"Article\",\"@id\":\"https:\\\/\\\/iwell-guard.com\\\/is\\\/genius\\\/#article\",\"isPartOf\":{\"@id\":\"https:\\\/\\\/iwell-guard.com\\\/is\\\/genius\\\/\"},\"author\":{\"name\":\"Ralf Ittermann\",\"@id\":\"https:\\\/\\\/iwell-guard.com\\\/is\\\/#\\\/schema\\\/person\\\/ee2a27f1cac3406c7c6fb5820cb7349f\"},\"headline\":\"Genius\",\"datePublished\":\"2026-09-05T14:03:36+00:00\",\"dateModified\":\"2026-09-05T14:21:26+00:00\",\"mainEntityOfPage\":{\"@id\":\"https:\\\/\\\/iwell-guard.com\\\/is\\\/genius\\\/\"},\"publisher\":{\"@id\":\"https:\\\/\\\/iwell-guard.com\\\/is\\\/#organization\"},\"image\":{\"@id\":\"https:\\\/\\\/iwell-guard.com\\\/is\\\/genius\\\/#primaryimage\"},\"thumbnailUrl\":\"https:\\\/\\\/iwell-guard.com\\\/wp-content\\\/uploads\\\/2026\\\/04\\\/goetter_rom_genius.webp\",\"inLanguage\":\"is\",\"description\":\"Munnm\u00e6lin um Genius n\u00e1 dj\u00fapt inn \u00ed s\u00f6gu R\u00f3mar, me\u00f0 heimildir allt fr\u00e1 1.\"}]}<\/script>\n<!-- \/ Yoast SEO Premium plugin. -->","yoast_head_json":{"title":"Genius \u2013 r\u00f3mverskur verndarandi einstaklingsins","description":"Munnm\u00e6lin um Genius n\u00e1 dj\u00fapt inn \u00ed s\u00f6gu R\u00f3mar, me\u00f0 heimildir allt fr\u00e1 1.","robots":{"index":"index","follow":"follow","max-snippet":"max-snippet:-1","max-image-preview":"max-image-preview:large","max-video-preview":"max-video-preview:-1"},"canonical":"https:\/\/iwell-guard.com\/is\/genius\/","og_locale":"is_IS","og_type":"article","og_title":"Genius","og_description":"Munnm\u00e6lin um Genius n\u00e1 dj\u00fapt inn \u00ed s\u00f6gu R\u00f3mar, me\u00f0 heimildir allt fr\u00e1 1.","og_url":"https:\/\/iwell-guard.com\/is\/genius\/","og_site_name":"iWell Guard","article_modified_time":"2026-09-05T14:21:26+00:00","og_image":[{"width":1024,"height":1536,"url":"https:\/\/iwell-guard.com\/wp-content\/uploads\/2026\/04\/goetter_rom_genius.webp","type":"image\/webp"}],"twitter_card":"summary_large_image","schema":{"@context":"https:\/\/schema.org","@graph":[{"@type":"Article","@id":"https:\/\/iwell-guard.com\/is\/genius\/#article","isPartOf":{"@id":"https:\/\/iwell-guard.com\/is\/genius\/"},"author":{"name":"Ralf Ittermann","@id":"https:\/\/iwell-guard.com\/is\/#\/schema\/person\/ee2a27f1cac3406c7c6fb5820cb7349f"},"headline":"Genius","datePublished":"2026-09-05T14:03:36+00:00","dateModified":"2026-09-05T14:21:26+00:00","mainEntityOfPage":{"@id":"https:\/\/iwell-guard.com\/is\/genius\/"},"publisher":{"@id":"https:\/\/iwell-guard.com\/is\/#organization"},"image":{"@id":"https:\/\/iwell-guard.com\/is\/genius\/#primaryimage"},"thumbnailUrl":"https:\/\/iwell-guard.com\/wp-content\/uploads\/2026\/04\/goetter_rom_genius.webp","inLanguage":"is","description":"Munnm\u00e6lin um Genius n\u00e1 dj\u00fapt inn \u00ed s\u00f6gu R\u00f3mar, me\u00f0 heimildir allt fr\u00e1 1."},{"@type":"WebPage","@id":"https:\/\/iwell-guard.com\/is\/genius\/","url":"https:\/\/iwell-guard.com\/is\/genius\/","name":"Genius \u2013 r\u00f3mverskur verndarandi einstaklingsins","isPartOf":{"@id":"https:\/\/iwell-guard.com\/is\/#website"},"primaryImageOfPage":{"@id":"https:\/\/iwell-guard.com\/is\/genius\/#primaryimage"},"image":{"@id":"https:\/\/iwell-guard.com\/is\/genius\/#primaryimage"},"thumbnailUrl":"https:\/\/iwell-guard.com\/wp-content\/uploads\/2026\/04\/goetter_rom_genius.webp","datePublished":"2026-09-05T14:03:36+00:00","dateModified":"2026-09-05T14:21:26+00:00","description":"Munnm\u00e6lin um Genius n\u00e1 dj\u00fapt inn \u00ed s\u00f6gu R\u00f3mar, me\u00f0 heimildir allt fr\u00e1 1.","breadcrumb":{"@id":"https:\/\/iwell-guard.com\/is\/genius\/#breadcrumb"},"inLanguage":"is","potentialAction":[{"@type":"ReadAction","target":["https:\/\/iwell-guard.com\/is\/genius\/"]}]},{"@type":"ImageObject","inLanguage":"is","@id":"https:\/\/iwell-guard.com\/is\/genius\/#primaryimage","url":"https:\/\/iwell-guard.com\/wp-content\/uploads\/2026\/04\/goetter_rom_genius.webp","contentUrl":"https:\/\/iwell-guard.com\/wp-content\/uploads\/2026\/04\/goetter_rom_genius.webp","width":1024,"height":1536,"caption":"Gu\u00f0ir \u00far r\u00f3mverskri hef\u00f0."},{"@type":"BreadcrumbList","@id":"https:\/\/iwell-guard.com\/is\/genius\/#breadcrumb","itemListElement":[{"@type":"ListItem","position":1,"name":"Start","item":"https:\/\/iwell-guard.com\/is\/?page_id=168580"},{"@type":"ListItem","position":2,"name":"Genius"}]},{"@type":"WebSite","@id":"https:\/\/iwell-guard.com\/is\/#website","url":"https:\/\/iwell-guard.com\/is\/","name":"iWell Guard","description":"Schutz vor dunklen Einfl\u00fcssen","publisher":{"@id":"https:\/\/iwell-guard.com\/is\/#organization"},"potentialAction":[{"@type":"SearchAction","target":{"@type":"EntryPoint","urlTemplate":"https:\/\/iwell-guard.com\/is\/?s={search_term_string}"},"query-input":{"@type":"PropertyValueSpecification","valueRequired":true,"valueName":"search_term_string"}}],"inLanguage":"is"},{"@type":"Organization","@id":"https:\/\/iwell-guard.com\/is\/#organization","name":"Ittermann electronic GmbH","url":"https:\/\/iwell-guard.com\/is\/","logo":{"@type":"ImageObject","inLanguage":"is","@id":"https:\/\/iwell-guard.com\/is\/#\/schema\/logo\/image\/","url":"https:\/\/iwell-guard.com\/wp-content\/uploads\/2026\/05\/Ittermann-Logo-1182x237-1.png","contentUrl":"https:\/\/iwell-guard.com\/wp-content\/uploads\/2026\/05\/Ittermann-Logo-1182x237-1.png","width":1182,"height":237,"caption":"Ittermann electronic GmbH"},"image":{"@id":"https:\/\/iwell-guard.com\/is\/#\/schema\/logo\/image\/"},"sameAs":["https:\/\/pantip.com\/profile\/9367242","https:\/\/micro.blog\/iwellguard","https:\/\/www.diggerslist.com\/iwellguard\/about","https:\/\/skitterphoto.com\/photographers\/2870314\/iwell-guard","https:\/\/iwellguard.wordpress.com\/2026\/06\/06\/iwell-guard\/","https:\/\/hub.docker.com\/u\/iwellguard","https:\/\/www.pinterest.com\/iwellguard\/","https:\/\/bit.ly\/m\/iwellguard","https:\/\/entre-vos-mains.alsace.eu\/profiles\/iwellguard\/activity","https:\/\/gravatar.com\/reallybeded8fd34","https:\/\/naijamatta.com\/iwellguard","https:\/\/www.goodreads.com\/iwellguard","https:\/\/profile.hatena.ne.jp\/iwellguard\/","https:\/\/experiment.com\/users\/iwellguard","https:\/\/wakelet.com\/@iWellGuard82270","https:\/\/www.chordie.com\/forum\/profile.php?id=2555664","https:\/\/www.instapaper.com\/p\/17757966","https:\/\/www.mapleprimes.com\/users\/iwellguard","https:\/\/businesslistingplus.com\/profile\/iwell-guard\/","https:\/\/telegra.ph\/iWell-Guard-06-06","https:\/\/pbase.com\/iwellguard\/iwellguard","https:\/\/b.hatena.ne.jp\/iwellguard\/20260607#bookmark-4788405196491818882","https:\/\/fliphtml5.com\/home\/iwellguard","https:\/\/anyflip.com\/homepage\/cmiwl#About","https:\/\/transfur.com\/Users\/iwellguard","http:\/\/delphi.larsbo.org\/user\/iwellguard","https:\/\/jobs.lajobsportal.org\/profiles\/8380803-iwell-guard","https:\/\/md.chaosdorf.de\/s\/jfbe5SBdJD","https:\/\/www.lingvolive.com\/en-us\/profile\/9ecaeaca-ce11-4e51-9e71-01d55e2bff36\/translations","https:\/\/www.fitday.com\/fitness\/forums\/members\/iwellguard.html","https:\/\/www.mymeetbook.com\/iwellguard","https:\/\/pxhere.com\/en\/photographer-me\/5040798","https:\/\/disqus.com\/by\/iwellguard\/about\/","https:\/\/pastelink.net\/hjwciqwq","https:\/\/pubhtml5.com\/homepage\/scjhn\/","https:\/\/www.bitchute.com\/channel\/2O2eOKzNqujT","https:\/\/audiomack.com\/iwellguard"]},{"@type":"Person","@id":"https:\/\/iwell-guard.com\/is\/#\/schema\/person\/ee2a27f1cac3406c7c6fb5820cb7349f","name":"Ralf Ittermann","image":{"@type":"ImageObject","inLanguage":"is","@id":"https:\/\/secure.gravatar.com\/avatar\/073c0153e350a5005b68eb752b445fea71f6b24a26da9449ad7e155e6b446c9d?s=96&d=mm&r=g","url":"https:\/\/secure.gravatar.com\/avatar\/073c0153e350a5005b68eb752b445fea71f6b24a26da9449ad7e155e6b446c9d?s=96&d=mm&r=g","contentUrl":"https:\/\/secure.gravatar.com\/avatar\/073c0153e350a5005b68eb752b445fea71f6b24a26da9449ad7e155e6b446c9d?s=96&d=mm&r=g","caption":"Ralf Ittermann"},"givenName":"Ralf","familyName":"Ittermann","jobTitle":"Gesch\u00e4ftsf\u00fchrer und redaktioneller Verantwortlicher","url":"https:\/\/iwell-guard.com\/is\/author\/claude\/","description":"Ralf Ittermann ist Gesch\u00e4ftsf\u00fchrer der Ittermann electronic GmbH und redaktioneller Verantwortlicher des iWell-Guard-Lexikons. Er verbindet langj\u00e4hrige Erfahrung in der Pr\u00e4zisionsfertigung mit medialer Praxis und religionsgeschichtlicher Quellenarbeit.","worksFor":{"@type":"Organization","name":"Ittermann electronic GmbH","url":"https:\/\/ittermann.de\/","address":{"@type":"PostalAddress","streetAddress":"K\u00f6hlergasse 16-18","postalCode":"99842","addressLocality":"Ruhla","addressCountry":"DE"}},"knowsAbout":["Religionsgeschichte","Mythologie","Mediale Praxis","Energetische Diagnostik","Schutzpraxis","Volksglauben","Westliche Esoterik"]},{"@type":"Article","@id":"https:\/\/iwell-guard.com\/is\/genius\/#article","isPartOf":{"@id":"https:\/\/iwell-guard.com\/is\/genius\/"},"author":{"name":"Ralf Ittermann","@id":"https:\/\/iwell-guard.com\/is\/#\/schema\/person\/ee2a27f1cac3406c7c6fb5820cb7349f"},"headline":"Genius","datePublished":"2026-09-05T14:03:36+00:00","dateModified":"2026-09-05T14:21:26+00:00","mainEntityOfPage":{"@id":"https:\/\/iwell-guard.com\/is\/genius\/"},"publisher":{"@id":"https:\/\/iwell-guard.com\/is\/#organization"},"image":{"@id":"https:\/\/iwell-guard.com\/is\/genius\/#primaryimage"},"thumbnailUrl":"https:\/\/iwell-guard.com\/wp-content\/uploads\/2026\/04\/goetter_rom_genius.webp","inLanguage":"is","description":"Munnm\u00e6lin um Genius n\u00e1 dj\u00fapt inn \u00ed s\u00f6gu R\u00f3mar, me\u00f0 heimildir allt fr\u00e1 1."}]}},"_links":{"self":[{"href":"https:\/\/iwell-guard.com\/is\/wp-json\/wp\/v2\/pages\/168864","targetHints":{"allow":["GET"]}}],"collection":[{"href":"https:\/\/iwell-guard.com\/is\/wp-json\/wp\/v2\/pages"}],"about":[{"href":"https:\/\/iwell-guard.com\/is\/wp-json\/wp\/v2\/types\/page"}],"author":[{"embeddable":true,"href":"https:\/\/iwell-guard.com\/is\/wp-json\/wp\/v2\/users\/3"}],"replies":[{"embeddable":true,"href":"https:\/\/iwell-guard.com\/is\/wp-json\/wp\/v2\/comments?post=168864"}],"version-history":[{"count":0,"href":"https:\/\/iwell-guard.com\/is\/wp-json\/wp\/v2\/pages\/168864\/revisions"}],"wp:featuredmedia":[{"embeddable":true,"href":"https:\/\/iwell-guard.com\/is\/wp-json\/wp\/v2\/media\/1761"}],"wp:attachment":[{"href":"https:\/\/iwell-guard.com\/is\/wp-json\/wp\/v2\/media?parent=168864"}],"wp:term":[{"taxonomy":"category","embeddable":true,"href":"https:\/\/iwell-guard.com\/is\/wp-json\/wp\/v2\/categories?post=168864"}],"curies":[{"name":"wp","href":"https:\/\/api.w.org\/{rel}","templated":true}]}}