{"id":168862,"date":"2026-09-05T14:03:35","date_gmt":"2026-09-05T14:03:35","guid":{"rendered":"https:\/\/iwell-guard.com\/?page_id=168862"},"modified":"2026-09-05T14:21:22","modified_gmt":"2026-09-05T14:21:22","slug":"bannik","status":"publish","type":"page","link":"https:\/\/iwell-guard.com\/is\/bannik\/","title":{"rendered":"Bannik"},"content":{"rendered":"\t\t<div data-elementor-type=\"wp-page\" data-elementor-id=\"168862\" class=\"elementor elementor-168862 elementor-2190 elementor-bc-flex-widget\" data-elementor-post-type=\"page\">\n\t\t\t\t<div class=\"elementor-element elementor-element-10fdade e-flex e-con-boxed e-con e-parent\" data-id=\"10fdade\" data-element_type=\"container\" data-e-type=\"container\" data-settings=\"{&quot;background_background&quot;:&quot;classic&quot;}\">\n\t\t\t\t\t<div class=\"e-con-inner\">\n\t\t<div class=\"elementor-element elementor-element-herohlft0 e-flex e-con-boxed e-con e-child\" data-id=\"herohlft0\" data-element_type=\"container\" data-e-type=\"container\">\n\t\t\t\t\t<div class=\"e-con-inner\">\n\t\t<div class=\"elementor-element elementor-element-c3ceb64 e-con-full e-flex e-con e-child\" data-id=\"c3ceb64\" data-element_type=\"container\" data-e-type=\"container\">\n\t\t\t\t<div class=\"elementor-element elementor-element-96ae5e1 elementor-widget elementor-widget-heading\" data-id=\"96ae5e1\" data-element_type=\"widget\" data-e-type=\"widget\" data-widget_type=\"heading.default\">\n\t\t\t\t\t<h1 class=\"elementor-heading-title elementor-size-default\">Bannik, andi \u00far slav\u00edskri hef\u00f0<\/h1>\t\t\t\t<\/div>\n\t\t\t\t<div class=\"elementor-element elementor-element-e45238a elementor-widget elementor-widget-text-editor\" data-id=\"e45238a\" data-element_type=\"widget\" data-e-type=\"widget\" data-widget_type=\"text-editor.default\">\n\t\t\t\t\t\t\t\t\t<p>Bannik (\u0431\u0430\u043d\u043d\u0438\u043a) er heimilisandi slav\u00edskrar <span class=\"iwg-fachbegriff\" data-tooltip=\"Mi\u00f0lun \u00feekkingar og fr\u00e1sagna milli kynsl\u00f3\u00f0a.\" tabindex=\"0\">munnm\u00e6lahef\u00f0ar<\/span> sem r\u00e6\u00f0ur yfir ba\u00f0inu e\u00f0a ba\u00f0stofunni. Hann er talinn tv\u00edr\u00e6\u00f0ur <span class=\"iwg-fachbegriff\" data-tooltip=\"L\u00edkamslaus vera sem s\u00f6g\u00f0 er hafa \u00e1hrif \u00ed heiminum.\" tabindex=\"0\">andi<\/span>, b\u00e6\u00f0i virtur og hr\u00e6\u00f0ilegur, sem veitir b\u00e6\u00f0i skj\u00f3l og h\u00e6ttu, og er n\u00e1tengdur vatni, hita og hreinsun.<\/p><p><h2 id=\"dif-bannik\">Bannik \u00ed banja-<span class=\"iwg-fachbegriff\" data-tooltip=\"Skipul\u00f6g\u00f0 r\u00f6\u00f0 t\u00e1kr\u00e6nna athafna me\u00f0 tr\u00faarlega e\u00f0a menningarlega merkingu.\" tabindex=\"0\">ath\u00f6fninni<\/span><\/h2>\n<p>Bannik er <strong>heimilisandi slav\u00edska ba\u00f0h\u00fassins<\/strong> (r\u00fassneska <em>banja<\/em>, \u00fakra\u00ednska <em>laznja<\/em>, p\u00f3lska <em>\u0142a\u017ania<\/em>). Hann heldur til \u00ed fj\u00f3r\u00f0u e\u00f0a \u00feri\u00f0ju <strong>b\u00f6\u00f0unarumfer\u00f0inni<\/strong>, s\u00ed\u00f0ustu og h\u00e6ttulegustu umfer\u00f0inni eftir mi\u00f0n\u00e6tti.<\/p><p>Fyrstu \u00ferj\u00e1r umfer\u00f0irnar tilheyra m\u00f6nnum, fj\u00f3r\u00f0a Bannik. S\u00e1 sem fer inn \u00ed ba\u00f0h\u00fasi\u00f0 \u00e1 \u00feeim t\u00edma tekur \u00fe\u00e1 \u00e1h\u00e6ttu a\u00f0 <strong>brennast, kafna e\u00f0a deyja af heitu gufu<\/strong>. Verndarsi\u00f0ir eru me\u00f0al annars: a\u00f0 l\u00e1ta eftir vatns- og matar<span class=\"iwg-fachbegriff\" data-tooltip=\"Gj\u00f6f til gu\u00f0legrar veru til a\u00f0 tj\u00e1 \u00feakkl\u00e6ti, b\u00e6n e\u00f0a lotningu.\" tabindex=\"0\">f\u00f3rnir<\/span> (brau\u00f0, salt, hunang) \u00e1 bekknum, for\u00f0ast krossmark (\u00fea\u00f0 reitir hann til rei\u00f0i) og tala ekki h\u00e1tt.<\/p><p><strong>F\u00e6\u00f0ingarath\u00f6fnin \u00ed banjunni<\/strong> (a\u00f0allega \u00ed Nor\u00f0ur-R\u00fasslandi og Tver-h\u00e9ra\u00f0i) felur n\u00fdf\u00e6ddum b\u00f6rnum til fyrstu hreinsunar hj\u00e1 Bannik til vi\u00f0urkenningar. Tengdar verur \u00ed slav\u00edska heimilisandaheiminum eru me\u00f0al annars: <em>Domovoi<\/em> (stofuandi), <em>Ovinnik<\/em> (hl\u00f6\u00f0uandi), <em>Dvorovoi<\/em> (gar\u00f0sandi), <em>Polevoi<\/em> (akursandi), <em>Leshy<\/em> (sk\u00f3garandi).<\/p>\n\t\t\t\t\t\t\t\t<\/div>\n\t\t\t\t<\/div>\n\t\t<div class=\"elementor-element elementor-element-klsbdg01 e-con-full e-flex e-con e-parent\" data-id=\"klsbdg01\" data-element_type=\"container\" data-e-type=\"container\">\n\t\t\t\t<div class=\"elementor-element elementor-element-klshtm01 elementor-widget elementor-widget-html\" data-id=\"klshtm01\" data-element_type=\"widget\" data-e-type=\"widget\" data-widget_type=\"html.default\">\n\t\t\t\t\t<div class=\"iwg-pill-row\"><span class=\"iwg-klasse-badge\" tabindex=\"0\" data-tooltip=\"Andi: \u00d3l\u00edkamleg e\u00f0a h\u00e1lfl\u00edkamleg vera, hinir framli\u00f0nir, n\u00e1tt\u00faruv\u00e6ttir, heimilisandar e\u00f0a \u00fer\u00f6skuldsver\u00f0ir. Verkar \u00ed hversdagsl\u00edfinu, oft bundinn st\u00f6\u00f0um e\u00f0a fj\u00f6lskyldum.\">Andi<\/span><a href=\"https:\/\/iwell-guard.com\/is\/?page_id=168616\" class=\"iwg-kultur-badge\" tabindex=\"0\" data-tooltip=\"Slavnesk go\u00f0afr\u00e6\u00f0i og \u00fej\u00f3\u00f0tr\u00fa, kristnu\u00f0 a\u00f0 hluta fr\u00e1 10. \u00f6ld.\">Slavneskt<\/a><\/div>\t\t\t\t<\/div>\n\t\t\t\t<\/div>\n\t\t<div class=\"elementor-element elementor-element-3f74855 e-con-full e-flex e-con e-child\" data-id=\"3f74855\" data-element_type=\"container\" data-e-type=\"container\">\n\t\t\t\t<div class=\"elementor-element elementor-element-1c30362 elementor-toc--minimized-on-tablet elementor-widget elementor-widget-table-of-contents\" data-id=\"1c30362\" data-element_type=\"widget\" data-e-type=\"widget\" data-settings=\"{&quot;exclude_headings_by_selector&quot;:[],&quot;no_headings_message&quot;:&quot;Engar undirfyrirsagnir fundust \\u00e1 \\u00feessari s\\u00ed\\u00f0u.&quot;,&quot;headings_by_tags&quot;:[&quot;h2&quot;,&quot;h3&quot;],&quot;marker_view&quot;:&quot;bullets&quot;,&quot;minimize_box&quot;:&quot;yes&quot;,&quot;icon&quot;:{&quot;value&quot;:&quot;fas fa-circle&quot;,&quot;library&quot;:&quot;fa-solid&quot;,&quot;rendered_tag&quot;:&quot;&lt;svg class=\\&quot;e-font-icon-svg e-fas-circle\\&quot; viewBox=\\&quot;0 0 512 512\\&quot; xmlns=\\&quot;http:\\\/\\\/www.w3.org\\\/2000\\\/svg\\&quot;&gt;&lt;path d=\\&quot;M256 8C119 8 8 119 8 256s111 248 248 248 248-111 248-248S393 8 256 8z\\&quot;&gt;&lt;\\\/path&gt;&lt;\\\/svg&gt;&quot;},&quot;minimized_on&quot;:&quot;tablet&quot;,&quot;hierarchical_view&quot;:&quot;yes&quot;,&quot;min_height&quot;:{&quot;unit&quot;:&quot;px&quot;,&quot;size&quot;:&quot;&quot;,&quot;sizes&quot;:[]},&quot;min_height_tablet&quot;:{&quot;unit&quot;:&quot;px&quot;,&quot;size&quot;:&quot;&quot;,&quot;sizes&quot;:[]},&quot;min_height_mobile&quot;:{&quot;unit&quot;:&quot;px&quot;,&quot;size&quot;:&quot;&quot;,&quot;sizes&quot;:[]}}\" data-widget_type=\"table-of-contents.default\">\n\t\t\t\t\t\t\t\t\t<div class=\"elementor-toc__header\">\n\t\t\t\t\t\t<h2 class=\"elementor-toc__header-title\">\n\t\t\t\tEfnisyfirlit\t\t\t<\/h2>\n\t\t\t\t\t\t\t\t\t\t<div class=\"elementor-toc__toggle-button elementor-toc__toggle-button--expand\" role=\"button\" tabindex=\"0\" aria-controls=\"elementor-toc__1c30362\" aria-expanded=\"true\" aria-label=\"Open table of contents\"><svg aria-hidden=\"true\" class=\"e-font-icon-svg e-fas-chevron-down\" viewBox=\"0 0 448 512\" xmlns=\"http:\/\/www.w3.org\/2000\/svg\"><path d=\"M207.029 381.476L12.686 187.132c-9.373-9.373-9.373-24.569 0-33.941l22.667-22.667c9.357-9.357 24.522-9.375 33.901-.04L224 284.505l154.745-154.021c9.379-9.335 24.544-9.317 33.901.04l22.667 22.667c9.373 9.373 9.373 24.569 0 33.941L240.971 381.476c-9.373 9.372-24.569 9.372-33.942 0z\"><\/path><\/svg><\/div>\n\t\t\t\t<div class=\"elementor-toc__toggle-button elementor-toc__toggle-button--collapse\" role=\"button\" tabindex=\"0\" aria-controls=\"elementor-toc__1c30362\" aria-expanded=\"true\" aria-label=\"Close table of contents\"><svg aria-hidden=\"true\" class=\"e-font-icon-svg e-fas-chevron-up\" viewBox=\"0 0 448 512\" xmlns=\"http:\/\/www.w3.org\/2000\/svg\"><path d=\"M240.971 130.524l194.343 194.343c9.373 9.373 9.373 24.569 0 33.941l-22.667 22.667c-9.357 9.357-24.522 9.375-33.901.04L224 227.495 69.255 381.516c-9.379 9.335-24.544 9.317-33.901-.04l-22.667-22.667c-9.373-9.373-9.373-24.569 0-33.941L207.03 130.525c9.372-9.373 24.568-9.373 33.941-.001z\"><\/path><\/svg><\/div>\n\t\t\t\t\t<\/div>\n\t\t\t\t<div id=\"elementor-toc__1c30362\" class=\"elementor-toc__body\">\n\t\t\t<div class=\"elementor-toc__spinner-container\">\n\t\t\t\t<svg class=\"elementor-toc__spinner eicon-animation-spin e-font-icon-svg e-eicon-loading\" aria-hidden=\"true\" viewBox=\"0 0 1000 1000\" xmlns=\"http:\/\/www.w3.org\/2000\/svg\"><path d=\"M500 975V858C696 858 858 696 858 500S696 142 500 142 142 304 142 500H25C25 237 238 25 500 25S975 237 975 500 763 975 500 975Z\"><\/path><\/svg>\t\t\t<\/div>\n\t\t<\/div>\n\t\t\t\t\t\t<\/div>\n\t\t\t\t<\/div>\n\t\t\t\t\t<\/div>\n\t\t\t\t<\/div>\n\t\t<div class=\"elementor-element elementor-element-herorght0 e-con-full e-flex e-con e-child\" data-id=\"herorght0\" data-element_type=\"container\" data-e-type=\"container\">\n\t\t\t\t<div class=\"elementor-element elementor-element-heroimg00 iwg-hero-image elementor-widget elementor-widget-image\" data-id=\"heroimg00\" data-element_type=\"widget\" data-e-type=\"widget\" data-widget_type=\"image.default\">\n\t\t\t\t\t\t\t\t\t\t\t\t\t\t\t<img fetchpriority=\"high\" decoding=\"async\" width=\"683\" height=\"1024\" src=\"https:\/\/iwell-guard.com\/wp-content\/uploads\/2026\/04\/geister_slawisch_bannik-683x1024.webp\" class=\"attachment-large size-large wp-image-171054\" alt=\"Bannik - andar \u00far slavneskri hef\u00f0, s\u00f6guleg myndskreyting\" srcset=\"https:\/\/iwell-guard.com\/wp-content\/uploads\/2026\/04\/geister_slawisch_bannik-683x1024.webp 683w, https:\/\/iwell-guard.com\/wp-content\/uploads\/2026\/04\/geister_slawisch_bannik-200x300.webp 200w, https:\/\/iwell-guard.com\/wp-content\/uploads\/2026\/04\/geister_slawisch_bannik-768x1152.webp 768w, https:\/\/iwell-guard.com\/wp-content\/uploads\/2026\/04\/geister_slawisch_bannik.webp 1024w\" sizes=\"(max-width: 683px) 100vw, 683px\" \/>\t\t\t\t\t\t\t\t\t\t\t\t\t\t\t<\/div>\n\t\t\t\t<\/div>\n\t\t\t\t\t<\/div>\n\t\t\t\t<\/div>\n\t\t<div class=\"elementor-element elementor-element-32917199 e-flex e-con-boxed e-con e-parent\" data-id=\"32917199\" data-element_type=\"container\" data-e-type=\"container\">\n\t\t\t\t\t<div class=\"e-con-inner\">\n\t\t<div class=\"elementor-element elementor-element-26e916cb e-flex e-con-boxed e-con e-child\" data-id=\"26e916cb\" data-element_type=\"container\" data-e-type=\"container\">\n\t\t\t\t\t<div class=\"e-con-inner\">\n\t\t<div class=\"elementor-element elementor-element-253a40d4 e-flex e-con-boxed e-con e-child\" data-id=\"253a40d4\" data-element_type=\"container\" data-e-type=\"container\">\n\t\t\t\t\t<div class=\"e-con-inner\">\n\t\t\t\t<div class=\"elementor-element elementor-element-1200c304 elementor-widget elementor-widget-heading\" data-id=\"1200c304\" data-element_type=\"widget\" data-e-type=\"widget\" data-widget_type=\"heading.default\">\n\t\t\t\t\t<h2 class=\"elementor-heading-title elementor-size-default\">Bannik<\/h2>\t\t\t\t<\/div>\n\t\t\t\t<div class=\"elementor-element elementor-element-11758e7f elementor-widget elementor-widget-text-editor\" data-id=\"11758e7f\" data-element_type=\"widget\" data-e-type=\"widget\" data-widget_type=\"text-editor.default\">\n\t\t\t\t\t\t\t\t\t<p>Bannik er l\u00fdst sem lo\u00f0num, gr\u00e1sprengdum <span class=\"iwg-fachbegriff\" data-tooltip=\"L\u00edkamslaus vera sem s\u00f6g\u00f0 er hafa \u00e1hrif \u00ed heiminum.\" tabindex=\"0\">anda<\/span> sem lifir \u00ed heitu vatni og gufu ba\u00f0sins. Hann getur hj\u00e1lpa\u00f0 ba\u00f0gestinum, vara\u00f0 hann vi\u00f0 e\u00f0a skinnflegi\u00f0 hann og dregi\u00f0 hann inn \u00ed gufuna, allt eftir \u00fev\u00ed hvernig komi\u00f0 er fram vi\u00f0 hann.<\/p><p>\u00d3l\u00edkt illum dj\u00f6flum er Bannik ekki ill vera \u00ed e\u00f0li s\u00ednu, heldur heimilis<span class=\"iwg-fachbegriff\" data-tooltip=\"L\u00edkamslaus vera sem s\u00f6g\u00f0 er hafa \u00e1hrif \u00ed heiminum.\" tabindex=\"0\">andi<\/span> me\u00f0 sk\u00fdrar reglur: S\u00e1 sem er kurteis og fylgir si\u00f0areglum f\u00e6r grei\u00f0an a\u00f0gang, s\u00e1 sem vanvir\u00f0ir hann e\u00f0a saurgar hann er straffa\u00f0ur. E\u00f0li hans er hlutlaust, athafnir hans h\u00e1\u00f0ar samhengi.<\/p>\t\t\t\t\t\t\t\t<\/div>\n\t\t\t\t\t<\/div>\n\t\t\t\t<\/div>\n\t\t<div class=\"elementor-element elementor-element-159dcf9a e-flex e-con-boxed e-con e-child\" data-id=\"159dcf9a\" data-element_type=\"container\" data-e-type=\"container\">\n\t\t\t\t\t<div class=\"e-con-inner\">\n\t\t\t\t<div class=\"elementor-element elementor-element-48cee66f elementor-widget elementor-widget-heading\" data-id=\"48cee66f\" data-element_type=\"widget\" data-e-type=\"widget\" data-widget_type=\"heading.default\">\n\t\t\t\t\t<h2 class=\"elementor-heading-title elementor-size-default\">Skyndiyfirlit: Bannik<\/h2>\t\t\t\t<\/div>\n\t\t\t\t<div class=\"elementor-element elementor-element-3f50d82c elementor-widget elementor-widget-text-editor\" data-id=\"3f50d82c\" data-element_type=\"widget\" data-e-type=\"widget\" data-widget_type=\"text-editor.default\">\n\t\t\t\t\t\t\t\t\t<p>Bannik er skjalfestur \u00ed \u00fej\u00f3\u00f0fr\u00e6\u00f0ilegum s\u00f6fnum slav\u00edskra <span class=\"iwg-fachbegriff\" data-tooltip=\"Munnm\u00e6lahef\u00f0 me\u00f0 si\u00f0um, fr\u00e1s\u00f6gnum og s\u00f6ngvum.\" tabindex=\"0\">\u00fej\u00f3\u00f0tr\u00fa<\/span> (Afanasjev, Rybnikov, S\u00e9chan), en minna \u00ed frumb\u00f3kmenntum. R\u00fassneskir fer\u00f0alangar og ann\u00e1laritarar nefna hann \u00fe\u00f3 gagnr\u00fdnum or\u00f0um sem \u201ehei\u00f0inn h\u00e9g\u00f3ma\u201d. \u00datbrei\u00f0slan er pan-slav\u00edsk: R\u00fassland, \u00dakra\u00edna, P\u00f3lland, Serb\u00eda.<\/p><p><span class=\"iwg-fachbegriff\" data-tooltip=\"Fr\u00e6\u00f0igrein sem rannsakar daglega menningu, si\u00f0i og munnm\u00e6lahugmyndir.\" tabindex=\"0\">\u00dej\u00f3\u00f0fr\u00e6\u00f0ingar<\/span> \u00e1 bor\u00f0 vi\u00f0 Noru Chadwick og Lindu J. Ivanits skjalfesta Bannik-d\u00fdrkun fram \u00e1 20. \u00f6ld. \u00d3l\u00edkt kristnum d\u00fdrlingum er Bannik forkristin vera sem h\u00e9lt s\u00e9r vi\u00f0 \u00ed \u00fej\u00f3\u00f0legum si\u00f0um.<\/p>\t\t\t\t\t\t\t\t<\/div>\n\t\t\t\t\t<\/div>\n\t\t\t\t<\/div>\n\t\t\t\t\t<\/div>\n\t\t\t\t<\/div>\n\t\t\t\t\t<\/div>\n\t\t\t\t<\/div>\n\t\t<div class=\"elementor-element elementor-element-klaerung1777529086 e-con-boxed e-flex e-con e-parent\" data-id=\"klaerung1777529086\" data-element_type=\"container\" data-e-type=\"container\">\n\t\t\t\t\t<div class=\"e-con-inner\">\n\t\t\t\t<div class=\"elementor-element elementor-element-klar1777529086 elementor-widget elementor-widget-text-editor\" data-id=\"klar1777529086\" data-element_type=\"widget\" data-e-type=\"widget\" data-widget_type=\"text-editor.default\">\n\t\t\t\t\t\t\t\t\t\n<p><em><strong>A\u00f0greining fr\u00e1 Draugr:<\/strong> \u00d3l\u00edkt <a href=\"https:\/\/iwell-guard.com\/is\/?page_id=168628\">Draugr<\/a> hinnar germ\u00f6nsku-norr\u00e6nu hef\u00f0ar, sem birtist sem l\u00edkamlegur afturgengin, er Bannik <strong>heimilisandi<\/strong>, verndarvera slav\u00edsku banjunnar (r\u00fassneska ba\u00f0stofunnar), sem \u00e1 samskipti vi\u00f0 ba\u00f0gestinn eftir sk\u00fdrum heg\u00f0unarreglum.<\/em><\/p>\t\t\t\t\t\t\t\t<\/div>\n\t\t\t\t\t<\/div>\n\t\t\t\t<\/div>\n\t\t<div class=\"elementor-element elementor-element-18613602 e-flex e-con-boxed e-con e-parent\" data-id=\"18613602\" data-element_type=\"container\" data-e-type=\"container\">\n\t\t\t\t\t<div class=\"e-con-inner\">\n\t\t\t\t<div class=\"elementor-element elementor-element-262b8a9f elementor-widget elementor-widget-heading\" data-id=\"262b8a9f\" data-element_type=\"widget\" data-e-type=\"widget\" data-widget_type=\"heading.default\">\n\t\t\t\t\t<h2 class=\"elementor-heading-title elementor-size-default\">Yfirlit<\/h2>\t\t\t\t<\/div>\n\t\t<div class=\"elementor-element elementor-element-46dcb7d e-con-full e-flex e-con e-child\" data-id=\"46dcb7d\" data-element_type=\"container\" data-e-type=\"container\">\n\t\t<div class=\"elementor-element elementor-element-61d3ab3 e-flex e-con-boxed e-con e-child\" data-id=\"61d3ab3\" data-element_type=\"container\" data-e-type=\"container\">\n\t\t\t\t\t<div class=\"e-con-inner\">\n\t\t\t\t<div class=\"elementor-element elementor-element-117c166 elementor-widget elementor-widget-heading\" data-id=\"117c166\" data-element_type=\"widget\" data-e-type=\"widget\" data-widget_type=\"heading.default\">\n\t\t\t\t\t<div class=\"elementor-heading-title elementor-size-default\">T\u00edmabil textanna<\/div>\t\t\t\t<\/div>\n\t\t\t\t<div class=\"elementor-element elementor-element-73997a0 elementor-widget elementor-widget-text-editor\" data-id=\"73997a0\" data-element_type=\"widget\" data-e-type=\"widget\" data-widget_type=\"text-editor.default\">\n\t\t\t\t\t\t\t\t\t<p>Bannik er vera \u00far lifandi \u00fej\u00f3\u00f0hef\u00f0, minna skjalfest \u00e1 ritu\u00f0u formi en st\u00e6rri gu\u00f0ir, en jafn raunveruleg \u00ed lifa\u00f0ri i\u00f0kun. Uppruni hans liggur a\u00f0 \u00f6llum l\u00edkindum \u00ed sjaman\u00edskum gufuba\u00f0sath\u00f6fnum sem slavar deildu me\u00f0 \u00f6\u00f0rum norr\u00e6num og s\u00edber\u00edskum \u00fej\u00f3\u00f0um.<\/p><p>Banjan sj\u00e1lf er fornt fyrirb\u00e6ri, eldra en kristnin, og me\u00f0 henni lif\u00f0i Bannik af. \u00dej\u00f3\u00f0fr\u00e6\u00f0ileg skr\u00e1ning fr\u00e1 19. og 20. \u00f6ld s\u00fdnir Bannik-tr\u00fa \u00ed lifandi mynd.<\/p>\t\t\t\t\t\t\t\t<\/div>\n\t\t\t\t\t<\/div>\n\t\t\t\t<\/div>\n\t\t<div class=\"elementor-element elementor-element-d47b156 e-flex e-con-boxed e-con e-child\" data-id=\"d47b156\" data-element_type=\"container\" data-e-type=\"container\">\n\t\t\t\t\t<div class=\"e-con-inner\">\n\t\t\t\t<div class=\"elementor-element elementor-element-ff38c2b elementor-widget elementor-widget-heading\" data-id=\"ff38c2b\" data-element_type=\"widget\" data-e-type=\"widget\" data-widget_type=\"heading.default\">\n\t\t\t\t\t<div class=\"elementor-heading-title elementor-size-default\">\u00datbrei\u00f0slusv\u00e6\u00f0i<\/div>\t\t\t\t<\/div>\n\t\t\t\t<div class=\"elementor-element elementor-element-4e49fcc elementor-widget elementor-widget-text-editor\" data-id=\"4e49fcc\" data-element_type=\"widget\" data-e-type=\"widget\" data-widget_type=\"text-editor.default\">\n\t\t\t\t\t\t\t\t\t<p>Bannik var \u00fatbreiddur alls sta\u00f0ar \u00fear sem banjur voru bygg\u00f0ar, um allan austurslav\u00edskan heim, fr\u00e1 nor\u00f0ri til su\u00f0urs. Banjan er ekki bara bygging, heldur f\u00e9lagslegt og andlegt fyrirb\u00e6ri.<\/p><p>Bannik var \u00f3s\u00fdnilegur stj\u00f3rnandi og v\u00f6r\u00f0ur hennar. \u00cd Finnlandi og Skandinav\u00edu finnast hli\u00f0st\u00e6\u00f0ar verur eins og Saunatonttu, sem bendir til forns, \u00fevermenningarlegs uppruna.<\/p>\t\t\t\t\t\t\t\t<\/div>\n\t\t\t\t\t<\/div>\n\t\t\t\t<\/div>\n\t\t\t\t<\/div>\n\t\t<div class=\"elementor-element elementor-element-db03c39 e-con-full e-flex e-con e-child\" data-id=\"db03c39\" data-element_type=\"container\" data-e-type=\"container\">\n\t\t<div class=\"elementor-element elementor-element-229a87b e-flex e-con-boxed e-con e-child\" data-id=\"229a87b\" data-element_type=\"container\" data-e-type=\"container\">\n\t\t\t\t\t<div class=\"e-con-inner\">\n\t\t\t\t<div class=\"elementor-element elementor-element-1f471fc elementor-widget elementor-widget-heading\" data-id=\"1f471fc\" data-element_type=\"widget\" data-e-type=\"widget\" data-widget_type=\"heading.default\">\n\t\t\t\t\t<div class=\"elementor-heading-title elementor-size-default\">Heimildasta\u00f0a<\/div>\t\t\t\t<\/div>\n\t\t\t\t<div class=\"elementor-element elementor-element-36b1201 elementor-widget elementor-widget-text-editor\" data-id=\"36b1201\" data-element_type=\"widget\" data-e-type=\"widget\" data-widget_type=\"text-editor.default\">\n\t\t\t\t\t\t\t\t\t<p>Rita\u00f0ar heimildir eru f\u00e1ar; helstu heimildir eru \u00fej\u00f3\u00f0hef\u00f0, \u00fej\u00f3\u00f0fr\u00e6\u00f0ileg s\u00f6fn og munnm\u00e6li. Kristnir prestar nefna Bannik gagnr\u00fdnum or\u00f0um sem d\u00e6mi um hei\u00f0na villu. Best s\u00f6nnun er \u00fe\u00f3 samfelld i\u00f0kun banjunnar sj\u00e1lfrar, <span class=\"iwg-fachbegriff\" data-tooltip=\"L\u00edkamslaus vera sem s\u00f6g\u00f0 er hafa \u00e1hrif \u00ed heiminum.\" tabindex=\"0\">andi<\/span> \u00e1n stofnanalegrar festu hef\u00f0i ekki lifa\u00f0 af.<\/p>\t\t\t\t\t\t\t\t<\/div>\n\t\t\t\t\t<\/div>\n\t\t\t\t<\/div>\n\t\t\t\t<\/div>\n\t\t\t\t\t<\/div>\n\t\t\t\t<\/div>\n\t\t<div class=\"elementor-element elementor-element-3ae0637c e-flex e-con-boxed e-con e-parent\" data-id=\"3ae0637c\" data-element_type=\"container\" data-e-type=\"container\">\n\t\t\t\t\t<div class=\"e-con-inner\">\n\t\t\t\t<div class=\"elementor-element elementor-element-31d07739 elementor-widget elementor-widget-heading\" data-id=\"31d07739\" data-element_type=\"widget\" data-e-type=\"widget\" data-widget_type=\"heading.default\">\n\t\t\t\t\t<h2 class=\"elementor-heading-title elementor-size-default\">Nafn og heiti<\/h2>\t\t\t\t<\/div>\n\t\t<div class=\"elementor-element elementor-element-b7642947 e-con-full e-flex e-con e-child\" data-id=\"b7642947\" data-element_type=\"container\" data-e-type=\"container\">\n\t\t\t\t<div class=\"elementor-element elementor-element-a086266 elementor-widget elementor-widget-text-editor\" data-id=\"a086266\" data-element_type=\"widget\" data-e-type=\"widget\" data-widget_type=\"text-editor.default\">\n\t\t\t\t\t\t\t\t\t<p>Bannik er l\u00fdst sem sterkri, gildvaxinni veru me\u00f0 rau\u00f0leitt e\u00f0a svart, sveitt andlit. Oft nakinn e\u00f0a a\u00f0eins hulinn laufbl\u00f6\u00f0um. Augu hans eru sterk og stundum d\u00fdrslega villt.<\/p><p>Hann getur birst sem mannlegur karlma\u00f0ur, sem d\u00fdr (k\u00f6ttur, bj\u00f6rn) e\u00f0a sem hrein gufu\u00feoka. Hi\u00f0 helga <span class=\"iwg-fachbegriff\" data-tooltip=\"Merki sem stendur fyrir hugmynd e\u00f0a merkingu.\" tabindex=\"0\">t\u00e1kn<\/span> hans er birkihr\u00edsv\u00f6ndur sem menn sl\u00e1 sig me\u00f0 \u00ed ath\u00f6fn, ath\u00f6fn vir\u00f0ingar og til a\u00f0 taka vi\u00f0 krafti hans.<\/p>\t\t\t\t\t\t\t\t<\/div>\n\t\t\t\t<\/div>\n\t\t\t\t\t<\/div>\n\t\t\t\t<\/div>\n\t\t<div class=\"elementor-element elementor-element-709a44a8 e-flex e-con-boxed e-con e-parent\" data-id=\"709a44a8\" data-element_type=\"container\" data-e-type=\"container\">\n\t\t\t\t\t<div class=\"e-con-inner\">\n\t\t\t\t<div class=\"elementor-element elementor-element-2f585873 elementor-widget elementor-widget-heading\" data-id=\"2f585873\" data-element_type=\"widget\" data-e-type=\"widget\" data-widget_type=\"heading.default\">\n\t\t\t\t\t<h2 class=\"elementor-heading-title elementor-size-default\">Einkenni<\/h2>\t\t\t\t<\/div>\n\t\t<div class=\"elementor-element elementor-element-70621c12 e-con-full e-flex e-con e-child\" data-id=\"70621c12\" data-element_type=\"container\" data-e-type=\"container\">\n\t\t\t\t<div class=\"elementor-element elementor-element-4296eb49 elementor-widget elementor-widget-text-editor\" data-id=\"4296eb49\" data-element_type=\"widget\" data-e-type=\"widget\" data-widget_type=\"text-editor.default\">\n\t\t\t\t\t\t\t\t\t<p>Bannik var mun meira en einfaldur heimilisandi, hann var talinn virkur l\u00e6knir og hreinsari. Menn f\u00f3ru inn \u00ed banjuna me\u00f0 vark\u00e1rni og vir\u00f0ingaror\u00f0um til Bannik. Of hra\u00f0ur umskiptingur fr\u00e1 hita til kulda gat veri\u00f0 banv\u00e6nn, sagt var a\u00f0 Bannik hef\u00f0i straffa\u00f0 manninn.<\/p><p>S\u00e1 sem n\u00fdtti hitann viturlega og af vir\u00f0ingu, gat l\u00e6knast af sj\u00fakd\u00f3mum. Konur \u00e1k\u00f6llu\u00f0u Bannik vi\u00f0 erfi\u00f0ar f\u00e6\u00f0ingar. A\u00f0 sl\u00e1 sig me\u00f0 birkihr\u00edsvendi var <span class=\"iwg-fachbegriff\" data-tooltip=\"Skipul\u00f6g\u00f0 r\u00f6\u00f0 t\u00e1kr\u00e6nna athafna me\u00f0 tr\u00faarlega e\u00f0a menningarlega merkingu.\" tabindex=\"0\">ath\u00f6fn<\/span>, ekki bara leikur: lei\u00f0 til a\u00f0 tala vi\u00f0 Bannik og virkja l\u00e6knandi kraft hans.<\/p>\t\t\t\t\t\t\t\t<\/div>\n\t\t\t\t<\/div>\n\t\t\t\t\t<\/div>\n\t\t\t\t<\/div>\n\t\t<div class=\"elementor-element elementor-element-44e71476 e-flex e-con-boxed e-con e-parent\" data-id=\"44e71476\" data-element_type=\"container\" data-e-type=\"container\">\n\t\t\t\t\t<div class=\"e-con-inner\">\n\t\t\t\t<div class=\"elementor-element elementor-element-3c1fc3f0 elementor-widget elementor-widget-heading\" data-id=\"3c1fc3f0\" data-element_type=\"widget\" data-e-type=\"widget\" data-widget_type=\"heading.default\">\n\t\t\t\t\t<h2 class=\"elementor-heading-title elementor-size-default\">Uppl\u00fdsingabla\u00f0: Bannik<\/h2>\t\t\t\t<\/div>\n\t\t<div class=\"elementor-element elementor-element-84f33b8e e-con-full e-flex e-con e-child\" data-id=\"84f33b8e\" data-element_type=\"container\" data-e-type=\"container\">\n\t\t\t\t<div class=\"elementor-element elementor-element-hqkdc67p elementor-widget elementor-widget-text-editor\" data-id=\"hqkdc67p\" data-element_type=\"widget\" data-e-type=\"widget\" data-widget_type=\"text-editor.default\">\n\t\t\t\t\t\t\t\t\t<p>Steckbr\u00e9fi\u00f0 s\u00fdnir Bannik fr\u00e1 sex sj\u00f3narhornum: menningarlegan uppruna hans sem heimilisv\u00e6tt, \u00fe\u00e1 \u00fej\u00f3\u00f0f\u00e9lagsh\u00f3pa sem d\u00fdrku\u00f0u hann (ba\u00f0gesti, fj\u00f6lskyldur), l\u00edkamlegt \u00fatlit hans og eiginleika, tv\u00edr\u00e6\u00f0a vernd- og ska\u00f0averk hans, og hli\u00f0st\u00e6\u00f0ur \u00ed \u00f6\u00f0rum menningarheimum. \u00deessar hli\u00f0ar afhj\u00fapa hlutverk hans sem landam\u00e6rav\u00f6r\u00f0ur og hreinsiv\u00e6ttur.<\/p>\t\t\t\t\t\t\t\t<\/div>\n\t\t\t\t<\/div>\n\t\t<div class=\"elementor-element elementor-element-pemmx7c5 e-con-full e-flex e-con e-child\" data-id=\"pemmx7c5\" data-element_type=\"container\" data-e-type=\"container\">\n\t\t<div class=\"elementor-element elementor-element-pemmx7c1 e-con-full e-flex e-con e-child\" data-id=\"pemmx7c1\" data-element_type=\"container\" data-e-type=\"container\">\n\t\t<div class=\"elementor-element elementor-element-qh9oavvu iwg-steckbrief-card e-flex e-con-boxed e-con e-child\" data-id=\"qh9oavvu\" data-element_type=\"container\" data-e-type=\"container\">\n\t\t\t\t\t<div class=\"e-con-inner\">\n\t\t\t\t<div class=\"elementor-element elementor-element-awzx8k2k elementor-widget elementor-widget-heading\" data-id=\"awzx8k2k\" data-element_type=\"widget\" data-e-type=\"widget\" data-widget_type=\"heading.default\">\n\t\t\t\t\t<div class=\"elementor-heading-title elementor-size-default\">Hef\u00f0<\/div>\t\t\t\t<\/div>\n\t\t\t\t<div class=\"elementor-element elementor-element-x6rowhv0 elementor-widget elementor-widget-text-editor\" data-id=\"x6rowhv0\" data-element_type=\"widget\" data-e-type=\"widget\" data-widget_type=\"text-editor.default\">\n\t\t\t\t\t\t\t\t\t<p>Bannik er landfr\u00e6\u00f0ilega bundinn slavneska ba\u00f0h\u00fasinu (banja), sem var algengt \u00ed Austur-Evr\u00f3pu. Menningarlegur uppruni hans er frum-slavneskur, sennilega fr\u00e1 fyrri en s\u00f6gu\u00f6ld, \u00fear sem ba\u00f0h\u00fasi\u00f0 gegndi mikilv\u00e6gu hollustu- og si\u00f0ahlutverki \u00ed slavneskri menningu.<\/p><p>Skriflegar heimildir eru af skornum skammti og a\u00f0 mestu lei\u00f0itamar (kristnar ann\u00e1laskr\u00e1r). Tr\u00faarbrag\u00f0as\u00f6gulega er Bannik talinn s\u00e9rh\u00e6fing \u00e1 almennum heimilisv\u00e6ttard\u00fdrkun, a\u00f0greind me\u00f0 s\u00e9rst\u00f6ku hlutverki ba\u00f0h\u00fasins sem <span class=\"iwg-fachbegriff\" tabindex=\"0\" data-tooltip=\"Sk\u00f6runar\u00e1stand milli tveggja tilvistarstiga, svo sem l\u00edfs og dau\u00f0a, v\u00f6ku og draums.\">liminal<\/span>-t\u00f6frar\u00fdmis.<\/p>\t\t\t\t\t\t\t\t<\/div>\n\t\t\t\t\t<\/div>\n\t\t\t\t<\/div>\n\t\t<div class=\"elementor-element elementor-element-8e3o4kxs iwg-steckbrief-card e-flex e-con-boxed e-con e-child\" data-id=\"8e3o4kxs\" data-element_type=\"container\" data-e-type=\"container\">\n\t\t\t\t\t<div class=\"e-con-inner\">\n\t\t\t\t<div class=\"elementor-element elementor-element-08rkdgov elementor-widget elementor-widget-heading\" data-id=\"08rkdgov\" data-element_type=\"widget\" data-e-type=\"widget\" data-widget_type=\"heading.default\">\n\t\t\t\t\t<div class=\"elementor-heading-title elementor-size-default\">Vi\u00f0takendur<\/div>\t\t\t\t<\/div>\n\t\t\t\t<div class=\"elementor-element elementor-element-uwjelx8s elementor-widget elementor-widget-text-editor\" data-id=\"uwjelx8s\" data-element_type=\"widget\" data-e-type=\"widget\" data-widget_type=\"text-editor.default\">\n\t\t\t\t\t\t\t\t\t<p>Bannik var d\u00fdrka\u00f0ur og hr\u00e6ddur af ba\u00f0gestum, s\u00e9rstaklega konum og lj\u00f3sm\u00e6\u00f0rum. Banja var sta\u00f0ur f\u00e6\u00f0ingar, sj\u00fakd\u00f3msl\u00e6kninga og si\u00f0fer\u00f0islegrar hreinsunar; Bannik var verndarv\u00e6ttur \u00feessara \u00fe\u00e1tta.<\/p><p>Tilefni voru fyrstu ba\u00f0heims\u00f3knir n\u00fdbura, l\u00e6kningarb\u00f6\u00f0 og hreinsanir fyrir mikilv\u00e6ga vi\u00f0bur\u00f0i (br\u00fa\u00f0kaup). D\u00fdrkunin var hagn\u00fdt: gjafir fyrir ba\u00f0, vir\u00f0ing gagnvart <span class=\"iwg-fachbegriff\" data-tooltip=\"L\u00edkamslaus v\u00e6ttur sem talin er hafa \u00e1hrif \u00ed heiminum.\" tabindex=\"0\">v\u00e6ttinni<\/span>, fylgni vi\u00f0 bannor\u00f0 (t.d. engar form\u00e6lingar). Ba\u00f0h\u00fasmeistarar og lj\u00f3sm\u00e6\u00f0ur h\u00f6f\u00f0u s\u00e9rstakar athafnir tengdar Bannik.<\/p>\t\t\t\t\t\t\t\t<\/div>\n\t\t\t\t\t<\/div>\n\t\t\t\t<\/div>\n\t\t<div class=\"elementor-element elementor-element-jm2n74ec iwg-steckbrief-card e-flex e-con-boxed e-con e-child\" data-id=\"jm2n74ec\" data-element_type=\"container\" data-e-type=\"container\">\n\t\t\t\t\t<div class=\"e-con-inner\">\n\t\t\t\t<div class=\"elementor-element elementor-element-8vufse4c elementor-widget elementor-widget-heading\" data-id=\"8vufse4c\" data-element_type=\"widget\" data-e-type=\"widget\" data-widget_type=\"heading.default\">\n\t\t\t\t\t<div class=\"elementor-heading-title elementor-size-default\">Framsetning<\/div>\t\t\t\t<\/div>\n\t\t\t\t<div class=\"elementor-element elementor-element-mwb9u015 elementor-widget elementor-widget-text-editor\" data-id=\"mwb9u015\" data-element_type=\"widget\" data-e-type=\"widget\" data-widget_type=\"text-editor.default\">\n\t\t\t\t\t\t\t\t\t<p>Bannik er s\u00fdndur sem gamall ma\u00f0ur e\u00f0a hrj\u00faf vera me\u00f0 gr\u00e1tt h\u00e1r, s\u00f3tugum l\u00edkama og villtu \u00fatliti. Eiginleikar hans eru v\u00f6ndur (til a\u00f0 sl\u00e1 me\u00f0 \u00ed ba\u00f0inu), heitir steinar og vatn. Stundum er hann s\u00fdndur umkringdur eldi e\u00f0a gufusk\u00fdjum.<\/p><p>\u00cd f\u00e1um myndr\u00e6num framsetningum kl\u00e6\u00f0ist hann hrj\u00fafum l\u00ednkl\u00e6\u00f0um e\u00f0a er algj\u00f6rlega nakinn. T\u00e1knm\u00e1li\u00f0 er \u00f3hugnanlegt en ekki beinl\u00ednis illt, meira hrj\u00faf villimennska en illmennska. Litirnir eru gr\u00e1r, svartur (s\u00f3t) og rau\u00f0ur (hiti).<\/p>\t\t\t\t\t\t\t\t<\/div>\n\t\t\t\t\t<\/div>\n\t\t\t\t<\/div>\n\t\t\t\t<\/div>\n\t\t<div class=\"elementor-element elementor-element-pemmx7c2 e-con-full e-flex e-con e-child\" data-id=\"pemmx7c2\" data-element_type=\"container\" data-e-type=\"container\">\n\t\t<div class=\"elementor-element elementor-element-37ss2yr6 iwg-steckbrief-card e-flex e-con-boxed e-con e-child\" data-id=\"37ss2yr6\" data-element_type=\"container\" data-e-type=\"container\">\n\t\t\t\t\t<div class=\"e-con-inner\">\n\t\t\t\t<div class=\"elementor-element elementor-element-3v0wp3wx elementor-widget elementor-widget-heading\" data-id=\"3v0wp3wx\" data-element_type=\"widget\" data-e-type=\"widget\" data-widget_type=\"heading.default\">\n\t\t\t\t\t<div class=\"elementor-heading-title elementor-size-default\">Verkunarsvi\u00f0<\/div>\t\t\t\t<\/div>\n\t\t\t\t<div class=\"elementor-element elementor-element-w3247g2m elementor-widget elementor-widget-text-editor\" data-id=\"w3247g2m\" data-element_type=\"widget\" data-e-type=\"widget\" data-widget_type=\"text-editor.default\">\n\t\t\t\t\t\t\t\t\t<p><strong>Verkunarsvi\u00f0:<\/strong> <em>Bannik<\/em> (r\u00fassneska \u0431\u0430\u0435\u043d\u043d\u0438\u043a, \u0431\u0430\u043d\u043d\u0438\u043a) er \u00ed austurslavneskri \u00fej\u00f3\u00f0tr\u00fa verndarv\u00e6ttur banja, hins hef\u00f0bundna r\u00fassneska ba\u00f0h\u00fass. Hann er talinn tv\u00edr\u00e6\u00f0ur: g\u00f3\u00f0ur vi\u00f0 \u00fe\u00e1 sem bera vir\u00f0ingu fyrir ba\u00f0h\u00fasinu og fylgja reglum \u00feess, en h\u00e6ttulegur og \u00f3\u00fatreiknanlegur gagnvart \u00feeim sem s\u00fdna \u00f3sv\u00edfni.<\/p><p><span data-nosnippet>\u00dej\u00f3\u00f0h\u00e1ttafr\u00e6\u00f0ilegar skr\u00e1ningar fr\u00e1 19. \u00f6ld (t.d. Maksimov, <em>Ne\u010distaja, nevedomaja i krestnaja sila<\/em>, 1903) sta\u00f0festa mi\u00f0l\u00e6gt hlutverk hans \u00ed b\u00e6ndal\u00e6knisath\u00f6fnum, \u00ed f\u00e6\u00f0ingarhj\u00e1lp (konur f\u00e6ddu jafnan \u00ed banja, sem ger\u00f0i Bannik a\u00f0 \u00fe\u00f6glum f\u00e6\u00f0ingarhj\u00e1lparanda) og \u00ed sp\u00e1d\u00f3msath\u00f6fnum, s\u00e9rstaklega \u00e1 helgum n\u00f3ttum milli j\u00f3la og \u00ferett\u00e1ndans (<em>svjatki<\/em>).<\/span><\/p><p>Fj\u00f3r\u00f0a uppgufunin (eftir hinar \u00ferj\u00e1r \u201evenjulegu&#8220; gufur ba\u00f0h\u00fassins) var talin tilheyra Bannik sj\u00e1lfum, og s\u00e1 sem kom inn \u00fe\u00e1 \u00e1h\u00e6tti a\u00f0 sj\u00e1 v\u00e6ttaskyggingar.<\/p>\t\t\t\t\t\t\t\t<\/div>\n\t\t\t\t\t<\/div>\n\t\t\t\t<\/div>\n\t\t<div class=\"elementor-element elementor-element-0qpjal9w iwg-steckbrief-card e-flex e-con-boxed e-con e-child\" data-id=\"0qpjal9w\" data-element_type=\"container\" data-e-type=\"container\">\n\t\t\t\t\t<div class=\"e-con-inner\">\n\t\t\t\t<div class=\"elementor-element elementor-element-6ndoih0o elementor-widget elementor-widget-heading\" data-id=\"6ndoih0o\" data-element_type=\"widget\" data-e-type=\"widget\" data-widget_type=\"heading.default\">\n\t\t\t\t\t<div class=\"elementor-heading-title elementor-size-default\">Varnarform<\/div>\t\t\t\t<\/div>\n\t\t\t\t<div class=\"elementor-element elementor-element-6684tyh9 elementor-widget elementor-widget-text-editor\" data-id=\"6684tyh9\" data-element_type=\"widget\" data-e-type=\"widget\" data-widget_type=\"text-editor.default\">\n\t\t\t\t\t\t\t\t\t<p>Bannik er tv\u00edr\u00e6\u00f0ur: vernd fyrir vir\u00f0ingu, ska\u00f0i fyrir vanvir\u00f0ingu. D\u00fdrkun fer fram me\u00f0 gj\u00f6fum (brau\u00f0i, bj\u00f3r, ol\u00edu) fyrir ba\u00f0, me\u00f0 kurteislegri \u00e1v\u00f6rpun og me\u00f0 fylgni vi\u00f0 reglur (ekki bl\u00f3ta \u00ed ba\u00f0h\u00fasinu, ekki skella hur\u00f0inni harkalega).<\/p><p>Verndarathafnir samanst\u00f3\u00f0u af reykelsisbrennslu og si\u00f0gj\u00f6fum. Gegn rei\u00f0i Banniks voru til varnara\u00f0ger\u00f0ir eins og a\u00f0 bera <span class=\"iwg-fachbegriff\" data-tooltip=\"Hlutur sem borinn er og talinn hafa verndandi, \u00f3heillavarnandi \u00e1hrif.\" tabindex=\"0\">verndargrip<\/span> e\u00f0a b\u00e6nir. Lj\u00f3sm\u00e6\u00f0ur h\u00f6f\u00f0u si\u00f0bundin samskipti vi\u00f0 Bannik til a\u00f0 tryggja \u00f6ruggar f\u00e6\u00f0ingar. D\u00fdrkunin var hags\u00fdn og gagnkv\u00e6m: sanngj\u00f6rn me\u00f0fer\u00f0 fyrir \u00f6ryggi.<\/p>\t\t\t\t\t\t\t\t<\/div>\n\t\t\t\t\t<\/div>\n\t\t\t\t<\/div>\n\t\t<div class=\"elementor-element elementor-element-3lfi7x32 iwg-steckbrief-card e-flex e-con-boxed e-con e-child\" data-id=\"3lfi7x32\" data-element_type=\"container\" data-e-type=\"container\">\n\t\t\t\t\t<div class=\"e-con-inner\">\n\t\t\t\t<div class=\"elementor-element elementor-element-0kg99ga1 elementor-widget elementor-widget-heading\" data-id=\"0kg99ga1\" data-element_type=\"widget\" data-e-type=\"widget\" data-widget_type=\"heading.default\">\n\t\t\t\t\t<div class=\"elementor-heading-title elementor-size-default\">Samb\u00e6rilegt<\/div>\t\t\t\t<\/div>\n\t\t\t\t<div class=\"elementor-element elementor-element-n0fum6kp elementor-widget elementor-widget-text-editor\" data-id=\"n0fum6kp\" data-element_type=\"widget\" data-e-type=\"widget\" data-widget_type=\"text-editor.default\">\n\t\t\t\t\t\t\t\t\t<p>Samb\u00e6rilegar eru a\u00f0rar heimilisv\u00e6ttir: slavneski Domovoi (almenn heimilisv\u00e6ttur), germanski Poltergeist e\u00f0a h\u00fas\u00e1lfurinn (heimilis<span class=\"iwg-fachbegriff\" data-tooltip=\"L\u00edkamslaus v\u00e6ttur sem talin er hafa \u00e1hrif \u00ed heiminum.\" tabindex=\"0\">v\u00e6ttur<\/span> me\u00f0 tv\u00edr\u00e6\u00f0um verkum), japanski Tengu (sk\u00f3garv\u00e6ttur, villt og tv\u00edr\u00e6\u00f0) og keltneska Banshee (vi\u00f0v\u00f6runarv\u00e6ttur). \u00d6llum er sameiginlegt tengslin vi\u00f0 \u00e1kve\u00f0inn sta\u00f0, tv\u00edr\u00e6\u00f0 n\u00e1tt\u00fara og nau\u00f0syn si\u00f0bundinna samskipta.<\/p>\t\t\t\t\t\t\t\t<\/div>\n\t\t\t\t\t<\/div>\n\t\t\t\t<\/div>\n\t\t\t\t<\/div>\n\t\t\t\t<\/div>\n\t\t\t\t\t<\/div>\n\t\t\t\t<\/div>\n\t\t<div class=\"elementor-element elementor-element-5a584676 e-flex e-con-boxed e-con e-parent\" data-id=\"5a584676\" data-element_type=\"container\" data-e-type=\"container\">\n\t\t\t\t\t<div class=\"e-con-inner\">\n\t\t\t\t<div class=\"elementor-element elementor-element-6d0757bf elementor-widget elementor-widget-heading\" data-id=\"6d0757bf\" data-element_type=\"widget\" data-e-type=\"widget\" data-widget_type=\"heading.default\">\n\t\t\t\t\t<h2 class=\"elementor-heading-title elementor-size-default\">Bannik, hli\u00f0st\u00e6\u00f0ur \u00ed \u00f6\u00f0rum menningarheimum<\/h2>\t\t\t\t<\/div>\n\t\t<div class=\"elementor-element elementor-element-60563f68 e-con-full e-flex e-con e-child\" data-id=\"60563f68\" data-element_type=\"container\" data-e-type=\"container\">\n\t\t\t\t<div class=\"elementor-element elementor-element-5a93fdd6 elementor-widget elementor-widget-text-editor\" data-id=\"5a93fdd6\" data-element_type=\"widget\" data-e-type=\"widget\" data-widget_type=\"text-editor.default\">\n\t\t\t\t\t\t\t\t\t<p>Bannik samsvarar finnska Saunatonttu (sauna\u00e1lfinum), skandinav\u00edska ba\u00f0v\u00e6ttinum og fjarl\u00e6gum jap\u00f6nskum Onsen-<span class=\"iwg-fachbegriff\" data-tooltip=\"\u00cd jap\u00f6nskum Shinto hin d\u00fdrku\u00f0u v\u00e6ttir og gu\u00f0legu m\u00e1ttarv\u00f6ld.\" tabindex=\"0\">kami<\/span> (heilsulindarv\u00e6ttur). Alheimslegt e\u00f0li \u00feessarar veru \u00ed menningarheimum me\u00f0 sterkar gufuba\u00f0shef\u00f0ir s\u00fdnir frumger\u00f0arr\u00f3t \u00ed beinni l\u00edkamlegri reynslu.<\/p>\n<p><strong>Hef\u00f0 Gy\u00f0inga:<\/strong> \u00cd gy\u00f0ingd\u00f3mi er engin bein hli\u00f0st\u00e6\u00f0a vi\u00f0 Bannik. \u00de\u00f3 \u00feekkir <span class=\"iwg-fachbegriff\" tabindex=\"0\" data-tooltip=\"Gy\u00f0ingleg leynd fr\u00e6\u00f0i me\u00f0 h\u00f6fu\u00f0ritum Sefer Yetzira, S\u00f3har og l\u00farian\u00edsku sk\u00f3lanum.\">kabbalan<\/span> Shedim (dj\u00f6fla\/v\u00e6ttir) og Maziqim (ska\u00f0v\u00e6ttir), sem eru bundnir tilteknum st\u00f6\u00f0um. \u00deessir eru \u00fe\u00f3 frekar ska\u00f0legir en tv\u00edr\u00e6\u00f0ir og gagnkv\u00e6mir eins og Bannik. Engin menningarleg samsv\u00f6run vi\u00f0 s\u00e9rh\u00e6fingu ba\u00f0h\u00fasa.<\/p><p><strong>Gr\u00edsk-r\u00f3mverskur heimur:<\/strong> Heimilisv\u00e6ttir r\u00f3mverskrar tr\u00faar (Lares, Penates) svipa til Bannik a\u00f0 hlutverki sem verndarv\u00e6ttir sta\u00f0a. Lares eru \u00fe\u00f3 minna tv\u00edr\u00e6\u00f0ar og minna villtar. R\u00f3mverski flj\u00f3tsgu\u00f0urinn (t.d. na\u00edadur \u00ed b\u00f6\u00f0um) g\u00e6ti veri\u00f0 fjarl\u00e6g hli\u00f0st\u00e6\u00f0a, en er ekki s\u00e9rh\u00e6f\u00f0ur \u00ed b\u00fasetu ba\u00f0h\u00fasa eins og Bannik.<\/p><p><strong>Mes\u00f3p\u00f3tam\u00eda:<\/strong> Akkad\u00edsk og s\u00famersk <span class=\"iwg-fachbegriff\" data-tooltip=\"Mi\u00f0lun \u00feekkingar og fr\u00e1sagna milli kynsl\u00f3\u00f0a.\" tabindex=\"0\">munnm\u00e6li<\/span> hafa heimilisv\u00e6ttir (udug), en \u00feeir eru minna s\u00e9rh\u00e6f\u00f0ir \u00ed b\u00f6\u00f0um. Mes\u00f3p\u00f3tam\u00edsk b\u00f6\u00f0 voru minna <span class=\"iwg-fachbegriff\" data-tooltip=\"Tilheyrandi fastm\u00f3ta\u00f0ri tr\u00faarlegri ath\u00f6fn.\" tabindex=\"0\">si\u00f0bundin<\/span> mi\u00f0l\u00e6gt en slavnesk banja. Engar beinar virknilegar hli\u00f0st\u00e6\u00f0ur vi\u00f0 Bannik.<\/p><p><strong>Indland\/As\u00eda:<\/strong> \u00cd hind\u00faisma eru Preta og Bhuta svipa\u00f0ir v\u00e6ttir me\u00f0 tv\u00edr\u00e6\u00f0 v\u00f6ld, bundnir tilteknum st\u00f6\u00f0um. Japanski Tengu er einnig villtur og tv\u00edr\u00e6\u00f0ur eins og Bannik. \u00cd Feng Shui og k\u00ednverskri <span class=\"iwg-fachbegriff\" data-tooltip=\"L\u00edkamslaus v\u00e6ttur sem talin er hafa \u00e1hrif \u00ed heiminum.\" tabindex=\"0\">v\u00e6ttatr\u00fa<\/span> eru sta\u00f0bundnar heimilisv\u00e6ttir, en minna hrj\u00fafar og villtar en Bannik.<\/p>\t\t\t\t\t\t\t\t<\/div>\n\t\t\t\t<\/div>\n\t\t\t\t\t<\/div>\n\t\t\t\t<\/div>\n\t\t<div class=\"elementor-element elementor-element-cp428f4b5 e-flex e-con-boxed e-con e-parent\" data-id=\"cp428f4b5\" data-element_type=\"container\" data-e-type=\"container\">\n\t\t\t\t\t<div class=\"e-con-inner\">\n\t\t\t\t<div class=\"elementor-element elementor-element-cp5f0cf96 elementor-widget elementor-widget-heading\" data-id=\"cp5f0cf96\" data-element_type=\"widget\" data-e-type=\"widget\" data-widget_type=\"heading.default\">\n\t\t\t\t\t<h2 class=\"elementor-heading-title elementor-size-default\">Bannik \u00ed heimilisv\u00e6ttahierark\u00edu Austurslava<\/h2>\t\t\t\t<\/div>\n\t\t<div class=\"elementor-element elementor-element-cp0ebd068 e-con-full e-flex e-con e-child\" data-id=\"cp0ebd068\" data-element_type=\"container\" data-e-type=\"container\">\n\t\t\t\t<div class=\"elementor-element elementor-element-cp97c064d elementor-widget elementor-widget-text-editor\" data-id=\"cp97c064d\" data-element_type=\"widget\" data-e-type=\"widget\" data-widget_type=\"text-editor.default\">\n\t\t\t\t\t\t\t\t\t<p>Bannik er ekki einangra\u00f0ur <span class=\"iwg-fachbegriff\" data-tooltip=\"Vera \u00e1n l\u00edkama sem talin er hafa \u00e1hrif \u00ed heiminum.\" tabindex=\"0\">andi<\/span>, heldur hluti af stigskiptu kerfi h\u00fasanda sem austurslav\u00edsk \u00fej\u00f3\u00f0tr\u00fa lag\u00f0i yfir b\u00e6ndab\u00fdli\u00f0. Efst \u00ed \u00feessu kerfi st\u00f3\u00f0 <em>Domowoi<\/em>, <span class=\"iwg-fachbegriff\" data-tooltip=\"Vera \u00e1n l\u00edkama sem talin er hafa \u00e1hrif \u00ed heiminum.\" tabindex=\"0\">andi<\/span> \u00edb\u00fa\u00f0arh\u00fassins og fj\u00f6lskyldunnar.<\/p><p>Undir honum voru andar einstakra \u00fatih\u00fasa: <em>Owinnik<\/em> korn\u00feurrkunarh\u00fassins, <em>Chlewnik<\/em> fj\u00e1rh\u00fassins, <em>Gumennik<\/em> hl\u00f6\u00f0ug\u00f3lfsins og svo Bannik ba\u00f0stofunnar. \u00deessi skipting endurspeglar r\u00fdmis- og hlutverkaskiptingu b\u00e6jarins eins og \u00fej\u00f3\u00f0h\u00e1ttafr\u00e6\u00f0ingar 19. aldar skr\u00e1\u00f0u hana.<\/p><p>Innan \u00feessarar skipunar haf\u00f0i Bannik s\u00e9rst\u00f6\u00f0u, \u00fev\u00ed <em>Banja<\/em> (ba\u00f0stofan) var talin \u00f3hreinn og h\u00e6ttulegur sta\u00f0ur. H\u00fan st\u00f3\u00f0 oft afs\u00ed\u00f0is, \u00e1 ja\u00f0ri l\u00f3\u00f0arins e\u00f0a vi\u00f0 vatn, og var tengd f\u00e6\u00f0ingu, sj\u00fakd\u00f3mum, dau\u00f0a og umskiptaath\u00f6fnum.<\/p><p><span class=\"iwg-fachbegriff\" data-tooltip=\"Vera \u00e1n l\u00edkama sem talin er hafa \u00e1hrif \u00ed heiminum.\" tabindex=\"0\">Andinn<\/span> sem bj\u00f3 \u00fear var talinn vi\u00f0kv\u00e6mari og \u00f3vinveittari en hinn tilt\u00f6lulega g\u00f3\u00f0lyndi Domowoi. Me\u00f0an f\u00f3lk setti brau\u00f0 og mj\u00f3lk fram fyrir Domowoi og f\u00f3r me\u00f0 hann sem \u00f3s\u00fdnilegan fj\u00f6lskyldume\u00f0lim, var Bannik n\u00e1lgast me\u00f0 var\u00fa\u00f0 og s\u00e1ttarh\u00e6tti.<\/p><p>Ranns\u00f3knir, me\u00f0al annars verk Dmitrijs Selenins og s\u00ed\u00f0ar Lewkijewskaju, hafa bent \u00e1 a\u00f0 Bannik standi kerfislega \u00e1 milli h\u00fasanda og villts n\u00e1tt\u00faruanda. Hann tilheyrir b\u00e6num en er ekki fullkomlega taminn. \u00deessi millista\u00f0a \u00fatsk\u00fdrir hvers vegna s\u00f6gur l\u00fdsa honum \u00fdmist sem verndara \u00feeirra sem ba\u00f0a sig, \u00fdmist sem l\u00edfsh\u00e6ttulegri \u00f3gn.<\/p><p>\u00c1 sumum sv\u00e6\u00f0um var honum fenginn kvenkyns hli\u00f0st\u00e6\u00f0a, <em>Bannaja Babuschka<\/em> e\u00f0a <em>Obdericha<\/em>, sem gefur til kynna hugmyndina um andapar \u00ed ba\u00f0stofunni. Kerfi h\u00fasandanna var \u00fev\u00ed ekkert st\u00edft skema, heldur breytilegt eftir sv\u00e6\u00f0um. Svipa\u00f0ar hugmyndir m\u00e1 finna hj\u00e1 \u00f6\u00f0rum <a href=\"https:\/\/iwell-guard.com\/is\/?page_id=168616\">slavneskum b\u00e6jar\u00f6ndum<\/a>.<\/p>\t\t\t\t\t\t\t\t<\/div>\n\t\t\t\t<\/div>\n\t\t\t\t\t<\/div>\n\t\t\t\t<\/div>\n\t\t<div class=\"elementor-element elementor-element-cpf2e76eb e-flex e-con-boxed e-con e-parent\" data-id=\"cpf2e76eb\" data-element_type=\"container\" data-e-type=\"container\">\n\t\t\t\t\t<div class=\"e-con-inner\">\n\t\t\t\t<div class=\"elementor-element elementor-element-cp4199ddc elementor-widget elementor-widget-heading\" data-id=\"cp4199ddc\" data-element_type=\"widget\" data-e-type=\"widget\" data-widget_type=\"heading.default\">\n\t\t\t\t\t<h2 class=\"elementor-heading-title elementor-size-default\">Banja sem tr\u00faarlegt r\u00fdmi og Bannik sem h\u00fasb\u00f3ndi \u00feess<\/h2>\t\t\t\t<\/div>\n\t\t<div class=\"elementor-element elementor-element-cpbc4d00a e-con-full e-flex e-con e-child\" data-id=\"cpbc4d00a\" data-element_type=\"container\" data-e-type=\"container\">\n\t\t\t\t<div class=\"elementor-element elementor-element-cp02af8be elementor-widget elementor-widget-text-editor\" data-id=\"cp02af8be\" data-element_type=\"widget\" data-e-type=\"widget\" data-widget_type=\"text-editor.default\">\n\t\t\t\t\t\t\t\t\t<p>Til a\u00f0 skilja st\u00f6\u00f0u Banniks \u00fearf a\u00f0 \u00feekkja mikilv\u00e6gi r\u00fassnesku ba\u00f0stofunnar. <em>Banja<\/em> var mun meira en sta\u00f0ur til l\u00edkams\u00fevottar. H\u00fan \u00fej\u00f3na\u00f0i sem f\u00e6\u00f0ingarr\u00fdmi, \u00fear sem h\u00fan var upphitanleg, afs\u00ed\u00f0is og me\u00f0 n\u00f3g af heitu vatni.<\/p><p>H\u00e9r f\u00e6ddu konur b\u00f6rn s\u00edn, h\u00e9r voru sj\u00fakir l\u00e6kna\u00f0ir, og h\u00e9r f\u00f3ru fram hlutar br\u00fa\u00f0kaupssi\u00f0a, me\u00f0al annars rit\u00faalba\u00f0 br\u00fa\u00f0arins kv\u00f6ldi\u00f0 fyrir hj\u00f3nav\u00edgslu. \u00deessi sams\u00f6fnun umskiptaa\u00f0st\u00e6\u00f0na ger\u00f0i Banja a\u00f0 \u00fer\u00f6skuldar\u00fdmum \u00ed hugsunarh\u00e6tti \u00fej\u00f3\u00f0tr\u00faarins, \u00fear sem m\u00f6rkin a\u00f0 handanheiminum voru gagns\u00e6.<\/p><p>Bannik var h\u00fasb\u00f3ndi \u00feessa r\u00fdmis, og reglurnar um samskipti vi\u00f0 hann leiddu af hlutverki hans sem h\u00fasr\u00e1\u00f0anda. F\u00f3lk ba\u00f0a\u00f0i sig aldrei of seint \u00e1 kv\u00f6ldin og aldrei eftir mi\u00f0n\u00e6tti, \u00fev\u00ed \u00fe\u00e1 ba\u00f0a\u00f0i Bannik sig sj\u00e1lfur, oft \u00e1samt \u00f6\u00f0rum \u00f3hreinum \u00f6ndum.<\/p><p>\u00deri\u00f0ja e\u00f0a fj\u00f3r\u00f0a gufuumfer\u00f0in var v\u00ed\u00f0a talin tilheyra honum; hver sem var \u00fe\u00e1 enn \u00ed Banja \u00e1tti \u00e1 h\u00e6ttu a\u00f0 k\u00f6fnun af heitum gufunni, a\u00f0 f\u00e1 sig ausinn sj\u00f3\u00f0andi vatni e\u00f0a h\u00fa\u00f0ina flegna. Sl\u00edkar s\u00f6gur \u00fatsk\u00fdr\u00f0u \u00ed \u00feorpsl\u00edfi raunveruleg slys af kols\u00fdringseitrun, hitaslagi og yfirli\u00f0i.<\/p><p>\u00deegar f\u00f3lk f\u00f3r \u00far Banja \u00feakka\u00f0i \u00fea\u00f0 Bannik og l\u00e9t eftir vatn, stykki af s\u00e1pu og birkihr\u00edsv\u00f6ndul, svo hann g\u00e6ti \u00fevegi\u00f0 sig sj\u00e1lfur. \u00deegar n\u00fd Banja var bygg\u00f0 var f\u00f3rna\u00f0 <span class=\"iwg-fachbegriff\" data-tooltip=\"Gj\u00f6f til go\u00f0magns til a\u00f0 tj\u00e1 \u00feakkl\u00e6ti, b\u00e6n e\u00f0a lotningu.\" tabindex=\"0\">f\u00f3rn<\/span> undir \u00fer\u00f6skuldinum e\u00f0a \u00ed grunninum, oft sv\u00f6rtu h\u00e6nu sem var k\u00e6f\u00f0 \u00e1n salts og grafin.<\/p><p>\u00deannig kaupti f\u00f3lk s\u00e9r velvild andans sem \u00e1tti a\u00f0 taka n\u00fdja r\u00fdmi\u00f0 \u00ed notkun. \u00deessar byggingarf\u00f3rnir eru sta\u00f0festar \u00ed m\u00f6rgum r\u00fassneskum h\u00e9ru\u00f0um og s\u00fdna hversu n\u00e1i\u00f0 Bannik var talinn bundinn efnislegri byggingu h\u00fassins.<\/p>\t\t\t\t\t\t\t\t<\/div>\n\t\t\t\t<\/div>\n\t\t\t\t\t<\/div>\n\t\t\t\t<\/div>\n\t\t<div class=\"elementor-element elementor-element-cpd1ae0c6 e-flex e-con-boxed e-con e-parent\" data-id=\"cpd1ae0c6\" data-element_type=\"container\" data-e-type=\"container\">\n\t\t\t\t\t<div class=\"e-con-inner\">\n\t\t\t\t<div class=\"elementor-element elementor-element-cp5cf6ff6 elementor-widget elementor-widget-heading\" data-id=\"cp5cf6ff6\" data-element_type=\"widget\" data-e-type=\"widget\" data-widget_type=\"heading.default\">\n\t\t\t\t\t<h2 class=\"elementor-heading-title elementor-size-default\">Sp\u00e1d\u00f3mar \u00ed ba\u00f0stofunni: Bannik sem v\u00e9fr\u00e9ttarandi<\/h2>\t\t\t\t<\/div>\n\t\t<div class=\"elementor-element elementor-element-cp4a9b052 e-con-full e-flex e-con e-child\" data-id=\"cp4a9b052\" data-element_type=\"container\" data-e-type=\"container\">\n\t\t\t\t<div class=\"elementor-element elementor-element-cp2491f65 elementor-widget elementor-widget-text-editor\" data-id=\"cp2491f65\" data-element_type=\"widget\" data-e-type=\"widget\" data-widget_type=\"text-editor.default\">\n\t\t\t\t\t\t\t\t\t<p>S\u00e9rstakt sagna- og athafnalag tengir Bannik vi\u00f0 framt\u00ed\u00f0arsp\u00e1r, s\u00e9rstaklega \u00ed tengslum vi\u00f0 j\u00f3lasp\u00e1d\u00f3msathafnir <em>Swjatki<\/em>, t\u00f3lf daganna milli j\u00f3la og \u00ferett\u00e1ndans.<\/p><p>Giftingarh\u00e6far st\u00falkur s\u00f3ttu \u00e1 \u00feessum t\u00edma dimmu ba\u00f0stofuna til a\u00f0 f\u00e1 fr\u00e1 Bannik merki um framt\u00ed\u00f0areiginmann sinn. Algengasta a\u00f0fer\u00f0in var a\u00f0 stinga n\u00f6ktum handlegg e\u00f0a berum baki inn \u00ed Banja \u00ed gegnum opnar dyr e\u00f0a ofnop.<\/p><p>T\u00falkunin fylgdi fastri reglu: Snerti stelpuna gr\u00f3f, h\u00e6r\u00f0 e\u00f0a k\u00f6ld h\u00f6nd, bo\u00f0a\u00f0i \u00fea\u00f0 f\u00e1t\u00e6kan e\u00f0a \u00f3vinsamlegan mann e\u00f0a erfitt hj\u00f3naband. Sl\u00e9tt, hl\u00fd snerting h\u00e9t velmegun og g\u00f3\u00f0lyndan eiginmann.<\/p><p>K\u00e6mi engin snerting, bo\u00f0a\u00f0i \u00fea\u00f0 a\u00f0 engin gifting yr\u00f0i \u00e1 \u00fev\u00ed \u00e1ri. \u00deessi hef\u00f0 er skjalfest \u00ed fj\u00f6lm\u00f6rgum \u00fej\u00f3\u00f0h\u00e1ttafr\u00e6\u00f0ilegum s\u00f6fnum fr\u00e1 19. og upphafi 20. aldar og telst me\u00f0al best skr\u00e1\u00f0u Bannik-si\u00f0a yfirleitt.<\/p><p>A\u00f0dr\u00e1ttarafl \u00feessa <span class=\"iwg-fachbegriff\" data-tooltip=\"A\u00f0 lesa \u00ed t\u00e1kn til a\u00f0 skynja hi\u00f0 hulda e\u00f0a komandi.\" tabindex=\"0\">sp\u00e1d\u00f3msath\u00f6fn<\/span> l\u00e1 einmitt \u00ed h\u00e6ttunni sem henni fylgdi. \u00c1 n\u00f3ttunni var Banja sta\u00f0ur andans, og a\u00f0 leggja sig fram \u00fear var tali\u00f0 hugrakkt og \u00e1h\u00e6ttusamt ath\u00e6fi.<\/p><p>Sumar fr\u00e1sagnir vara vi\u00f0 a\u00f0 Bannik geti haldi\u00f0 \u00ed h\u00f6ndina e\u00f0a dregi\u00f0 st\u00falkuna inn. \u00deessu tengdist hugmyndin um a\u00f0 s\u00f6nn \u00feekking \u00e1 framt\u00ed\u00f0inni fengist a\u00f0eins me\u00f0 beinni, \u00e1h\u00e6ttusamri snertingu vi\u00f0 handanheiminn.<\/p><p>Ranns\u00f3knir hafa flokka\u00f0 \u00feessar athafnir sem hluta af v\u00ed\u00f0t\u00e6kara austurslavnesku kerfi \u00fer\u00f6skulda- og speglasp\u00e1d\u00f3ma, \u00fear sem \u00f3hreinir sta\u00f0ir eins og ba\u00f0stofa, hla\u00f0a og krossg\u00f6tur voru taldir fremstir snertireitir. Bannik birtist h\u00e9r sem vitur <span class=\"iwg-fachbegriff\" data-tooltip=\"Vera \u00e1n l\u00edkama sem talin er hafa \u00e1hrif \u00ed heiminum.\" tabindex=\"0\">andi<\/span>, sem h\u00e6gt var a\u00f0 n\u00e1 \u00feekkingu af me\u00f0 \u00e1h\u00e6ttu, og ekki einungis sem ska\u00f0legur andi.<\/p>\t\t\t\t\t\t\t\t<\/div>\n\t\t\t\t<\/div>\n\t\t\t\t\t<\/div>\n\t\t\t\t<\/div>\n\t\t<div class=\"elementor-element elementor-element-cp1605619 e-flex e-con-boxed e-con e-parent\" data-id=\"cp1605619\" data-element_type=\"container\" data-e-type=\"container\">\n\t\t\t\t\t<div class=\"e-con-inner\">\n\t\t\t\t<div class=\"elementor-element elementor-element-cp80c3dde elementor-widget elementor-widget-heading\" data-id=\"cp80c3dde\" data-element_type=\"widget\" data-e-type=\"widget\" data-widget_type=\"heading.default\">\n\t\t\t\t\t<h2 class=\"elementor-heading-title elementor-size-default\">Heimildasta\u00f0a og \u00fej\u00f3\u00f0h\u00e1ttafr\u00e6\u00f0ileg arfleif\u00f0<\/h2>\t\t\t\t<\/div>\n\t\t<div class=\"elementor-element elementor-element-cp69aedaa e-con-full e-flex e-con e-child\" data-id=\"cp69aedaa\" data-element_type=\"container\" data-e-type=\"container\">\n\t\t\t\t<div class=\"elementor-element elementor-element-cp351f3e2 elementor-widget elementor-widget-text-editor\" data-id=\"cp351f3e2\" data-element_type=\"widget\" data-e-type=\"widget\" data-widget_type=\"text-editor.default\">\n\t\t\t\t\t\t\t\t\t<p>\u00dea\u00f0 sem vi\u00f0 vitum um Bannik kemur n\u00e6r alfari\u00f0 \u00far \u00fej\u00f3\u00f0h\u00e1ttafr\u00e6\u00f0ilegri s\u00f6fnunarstarfsemi 19. og upphafs 20. aldar, ekki \u00far mi\u00f0aldatextum. \u00d3l\u00edkt gr\u00edskum e\u00f0a egypskum gu\u00f0um hefur Bannik ekki skili\u00f0 eftir sig skriflega h\u00e1menningarhef\u00f0. Hann er pers\u00f3na hinnar munnlegu b\u00e6ndatr\u00faar og mynd hans er \u00fev\u00ed endurger\u00f0 \u00far vi\u00f0t\u00f6lum, hj\u00e1tr\u00faars\u00f6fnum og \u00e6fint\u00fdraskr\u00e1ningum.<\/p><p><span data-nosnippet>Verk Dmitrijs Konstantinovitsj Zelenins eru grundvallandi, en rit hans <em>Ostslavische <span class=\"iwg-fachbegriff\" data-tooltip=\"Fr\u00e6\u00f0igrein sem rannsakar daglega menningu, si\u00f0i og hef\u00f0bundnar hugmyndir.\" tabindex=\"0\">Volkskunde<\/span><\/em> (\u00fe\u00fdska \u00fatg\u00e1fan 1927) tekur Bannik fyrir \u00e1 kerfisbundinn h\u00e1tt \u00ed samhengi h\u00fasv\u00e6tta. \u00deegar \u00e1 19. \u00f6ld h\u00f6f\u00f0u safnarar \u00e1 bor\u00f0 vi\u00f0 Alexander Afanasjev \u00ed ranns\u00f3knum s\u00ednum \u00e1 n\u00e1tt\u00farusko\u00f0un Slava og Sergej Maksimov \u00ed <em>Netschistaja, newedomaja i krestnaja sila<\/em> safna\u00f0 saman efni.<\/span><\/p><p>Fyrir n\u00fdrri ranns\u00f3knir er or\u00f0ab\u00f3kin <em>Slawjanskije drewnosti<\/em>, undir ritstj\u00f3rn Nikita Tolstoi, mikilv\u00e6g, s\u00f6mulei\u00f0is ranns\u00f3knir Jelenu Levkievskaju \u00e1 slavneskri <span class=\"iwg-fachbegriff\" data-tooltip=\"Heildarsafn arfsagna um gu\u00f0i \u00ed tiltekinni menningu.\" tabindex=\"0\">go\u00f0afr\u00e6\u00f0i<\/span> \u00f3hreinu andanna.<\/p><p>\u00deessi heimildasta\u00f0a hefur a\u00f0fer\u00f0afr\u00e6\u00f0ilegar aflei\u00f0ingar. Fr\u00e1sagnirnir koma fr\u00e1 mismunandi sv\u00e6\u00f0um, a\u00f0allega fr\u00e1 r\u00fassneska nor\u00f0rinu, Hv\u00edta-R\u00fasslandi og \u00dakra\u00ednu, og \u00fe\u00e6r stangast \u00e1 \u00ed sm\u00e1atri\u00f0um.<\/p><p>\u00ddmist er Bannik l\u00edtill, nakinn, langh\u00e6r\u00f0ur \u00f6ldungur, \u00fdmist formlaus, sv\u00f6rt vera, og \u00fdmist einungis skynjanleg n\u00e6rvera. Sumir heimildarmenn \u00feekktu nafni\u00f0 ekki einu sinni og t\u00f6lu\u00f0u bara almennt um \u201eh\u00fasb\u00f3nda ba\u00f0stofunnar\u201c.<\/p><p>Ranns\u00f3knir ganga \u00fev\u00ed \u00fat fr\u00e1 a\u00f0 \u201eBannik\u201c t\u00e1kni s\u00ed\u00f0ur eina sk\u00fdrt afmarka\u00f0a pers\u00f3nu heldur hlutverk: <span class=\"iwg-fachbegriff\" data-tooltip=\"L\u00edkamslaus vera sem talin er hafa \u00e1hrif \u00ed heiminum.\" tabindex=\"0\">andi<\/span> sem er tengdur \u00e1kve\u00f0nu h\u00e6ttulegu vinnusv\u00e6\u00f0i. \u00deeir sem vinna me\u00f0 <span class=\"iwg-fachbegriff\" data-tooltip=\"Mi\u00f0lun \u00feekkingar og sagna kynsl\u00f3\u00f0 eftir kynsl\u00f3\u00f0.\" tabindex=\"0\">munnm\u00e6lahef\u00f0inni<\/span> \u00e6ttu a\u00f0 taka dreifingu heimildanna sem einkenni munnlegrar hef\u00f0ar \u00ed sta\u00f0 \u00feess a\u00f0 renna sv\u00e6\u00f0isbundinni fj\u00f6lbreytni saman \u00ed heilst\u00e6\u00f0a heildarmynd.<\/p>\t\t\t\t\t\t\t\t<\/div>\n\t\t\t\t<\/div>\n\t\t\t\t\t<\/div>\n\t\t\t\t<\/div>\n\t\t<div class=\"elementor-element elementor-element-cp5a17298 e-flex e-con-boxed e-con e-parent\" data-id=\"cp5a17298\" data-element_type=\"container\" data-e-type=\"container\">\n\t\t\t\t\t<div class=\"e-con-inner\">\n\t\t\t\t<div class=\"elementor-element elementor-element-cp9b1cb5c elementor-widget elementor-widget-heading\" data-id=\"cp9b1cb5c\" data-element_type=\"widget\" data-e-type=\"widget\" data-widget_type=\"heading.default\">\n\t\t\t\t\t<h2 class=\"elementor-heading-title elementor-size-default\">Kristnitaka og \u00e1framhaldandi l\u00edf tr\u00faarinnar<\/h2>\t\t\t\t<\/div>\n\t\t<div class=\"elementor-element elementor-element-cp9b8bd94 e-con-full e-flex e-con e-child\" data-id=\"cp9b8bd94\" data-element_type=\"container\" data-e-type=\"container\">\n\t\t\t\t<div class=\"elementor-element elementor-element-cp32847ff elementor-widget elementor-widget-text-editor\" data-id=\"cp32847ff\" data-element_type=\"widget\" data-e-type=\"widget\" data-widget_type=\"text-editor.default\">\n\t\t\t\t\t\t\t\t\t<p>Kristnitaka Austur-Slava fr\u00e1 10. \u00f6ld leiddi tr\u00fana \u00e1 h\u00fasv\u00e6ttir eins og Bannik yfir \u00ed s\u00e9rkennilega samb\u00fa\u00f0 me\u00f0 r\u00e9tttr\u00fana\u00f0arkristni, en \u00fatr\u00fdmdi henni ekki. Ba\u00f0stofan h\u00e9lst s\u00e9rstaklega vi\u00f0kv\u00e6mur sta\u00f0ur \u00fev\u00ed h\u00fan var \u00e1litin \u00f3hrein \u00ed augum kirkjunnar.<\/p><p>Athyglisvert er a\u00f0 f\u00f3lk lag\u00f0i fr\u00e1 s\u00e9r helgimyndir og brj\u00f3stkrossinn \u00e1\u00f0ur en \u00fea\u00f0 f\u00f3r inn \u00ed ba\u00f0stofuna. R\u00fdmi\u00f0 var utan hins v\u00edg\u00f0a sv\u00e6\u00f0is, og einmitt \u00feess vegna m\u00e1tti og \u00feurfti Bannik a\u00f0 r\u00e1\u00f0a \u00fear.<\/p><p>\u00deessi skipting heimsins \u00ed kirkjulega vernda\u00f0 sv\u00e6\u00f0i og sv\u00e6\u00f0i sem var undanskili\u00f0 \u00fev\u00ed var ekki m\u00f3ts\u00f6gn sem tr\u00faa\u00f0ir voru \u00f3me\u00f0vita\u00f0ir um, heldur me\u00f0vitu\u00f0 skipulagning r\u00fdmis.<\/p><p>\u00cd h\u00fasinu st\u00f3\u00f0u helgimyndirnir \u00ed \u201efagra horninu\u201c, en \u00ed ba\u00f0stofunni gilti \u00f6nnur regla. Prestar og kirkjunnar textar ford\u00e6mdu hj\u00e1tr\u00fana, en sveitasi\u00f0irnir h\u00e9ldu fast \u00ed fri\u00f0unarathafnirnar, \u00fev\u00ed \u00fe\u00e6r samr\u00e6mdust reynslunni af raunverulega h\u00e6ttulegum sta\u00f0.<\/p><p>\u00c1 20. \u00f6ld dv\u00edna\u00f0i tr\u00fain verulega me\u00f0 hvarfi hins hef\u00f0bundna b\u00e6ndasamf\u00e9lags, samyrkjuv\u00e6\u00f0ingu og \u00fe\u00e9ttb\u00fdlisv\u00e6\u00f0ingu. \u00dear sem gamla tr\u00e9ba\u00f0stofan var leyst af h\u00f3lmi me\u00f0 \u00f6\u00f0rum ba\u00f0formum, missti Bannik sta\u00f0 sinn.<\/p><p>\u00der\u00e1tt fyrir \u00fea\u00f0 lif\u00f0u or\u00f0atilt\u00e6ki, vi\u00f0varanir og einstakir si\u00f0ir \u00e1fram allt til n\u00fat\u00edmans, sumpart sem \u00fej\u00f3\u00f0fr\u00e6\u00f0ileg vitneskja, sumpart sem var\u00fa\u00f0 sem enn er tekin alvarlega.<\/p><p>\u00cd n\u00fat\u00edma r\u00fassneskri d\u00e6gurmenningu, \u00ed fantas\u00edub\u00f3kmenntum og t\u00f6lvuleikjum, kemur Bannik aftur fram, en \u00fear a\u00f0allega sem myndarleg pers\u00f3na sem er a\u00f0eins lauslega tengd \u00fej\u00f3\u00f0h\u00e1ttafr\u00e6\u00f0ilegum heimildum. Fyrir tr\u00faarbrag\u00f0afr\u00e6\u00f0ilega umfj\u00f6llun er hann gott d\u00e6mi um hvernig fornkristin andatr\u00fa var f\u00e6r\u00f0 \u00fat \u00e1 ja\u00f0ra hins kristna\u00f0a sv\u00e6\u00f0is, \u00ed sta\u00f0 \u00feess a\u00f0 hverfa.<\/p>\t\t\t\t\t\t\t\t<\/div>\n\t\t\t\t<\/div>\n\t\t\t\t\t<\/div>\n\t\t\t\t<\/div>\n\t\t<div class=\"elementor-element elementor-element-36dd7469 e-flex e-con-boxed e-con e-parent\" data-id=\"36dd7469\" data-element_type=\"container\" data-e-type=\"container\">\n\t\t\t\t\t<div class=\"e-con-inner\">\n\t\t\t\t<div class=\"elementor-element elementor-element-13760ab4 elementor-widget elementor-widget-heading\" data-id=\"13760ab4\" data-element_type=\"widget\" data-e-type=\"widget\" data-widget_type=\"heading.default\">\n\t\t\t\t\t<h2 class=\"elementor-heading-title elementor-size-default\">\u00cdtarefni og tenglar<\/h2>\t\t\t\t<\/div>\n\t\t<div class=\"elementor-element elementor-element-28c87796 e-con-full e-flex e-con e-child\" data-id=\"28c87796\" data-element_type=\"container\" data-e-type=\"container\">\n\t\t\t\t<div class=\"elementor-element elementor-element-5d6538df elementor-widget elementor-widget-text-editor\" data-id=\"5d6538df\" data-element_type=\"widget\" data-e-type=\"widget\" data-widget_type=\"text-editor.default\">\n\t\t\t\t\t\t\t\t\t<ul><li><a href=\"https:\/\/iwell-guard.com\/is\/?page_id=168860\">Domovoi, slavnesk h\u00fasv\u00e6tt<\/a><\/li><li><a href=\"https:\/\/iwell-guard.com\/is\/?page_id=169092\">Leshi, sk\u00f3garandi<\/a><\/li><li><a href=\"https:\/\/iwell-guard.com\/is\/?page_id=168639\">Kikimora, kvenkyns h\u00fasv\u00e6tt<\/a><\/li><li><a href=\"https:\/\/iwell-guard.com\/is\/?page_id=168616\">Slavnesk hef\u00f0, heildarsamhengi<\/a><\/li><\/ul>\t\t\t\t\t\t\t\t<\/div>\n\t\t\t\t<\/div>\n\t\t\t\t\t<\/div>\n\t\t\t\t<\/div>\n\t\t<div class=\"elementor-element elementor-element-grl4kl40 e-flex e-con-boxed e-con e-parent\" data-id=\"grl4kl40\" data-element_type=\"container\" data-e-type=\"container\">\n\t\t\t\t\t<div class=\"e-con-inner\">\n\t\t\t\t<div class=\"elementor-element elementor-element-bzsbfrmh elementor-widget elementor-widget-heading\" data-id=\"bzsbfrmh\" data-element_type=\"widget\" data-e-type=\"widget\" data-widget_type=\"heading.default\">\n\t\t\t\t\t<h2 class=\"elementor-heading-title elementor-size-default\">Fr\u00e6\u00f0irit<\/h2>\t\t\t\t<\/div>\n\t\t<div class=\"elementor-element elementor-element-2c13224a e-con-full e-flex e-con e-child\" data-id=\"2c13224a\" data-element_type=\"container\" data-e-type=\"container\">\n\t\t\t\t<div class=\"elementor-element elementor-element-0eymh9ub elementor-widget elementor-widget-text-editor\" data-id=\"0eymh9ub\" data-element_type=\"widget\" data-e-type=\"widget\" data-widget_type=\"text-editor.default\">\n\t\t\t\t\t\t\t\t\t<footer class=\"iwg-literatur\" data-nosnippet=\"true\"><ul><li><span data-nosnippet>Iwanits, Linda J.: <em>Russian Folk Belief<\/em>. M.E. Sharpe, Armonk 1989.<\/span><\/li><li><span data-nosnippet>Hubbs, Joanna: <em>Mother Russia: The Feminine Myth in Russian Culture<\/em>. Indiana UP, Bloomington 1988.<\/span><\/li><li><span data-nosnippet>Maksimov, Sergej V.: <em>Ne\u010distaja, nevedomaja i krestnaja sila<\/em>. St. Petersburg 1903.<\/span><\/li><li><span data-nosnippet>Tokarev, Sergej A.: <em>Religioznye verovanija vosto\u010dnoslavjanskich narodov XIX, na\u010dala XX v.<\/em>. Akademie der Wissenschaften UdSSR, Moskau 1957.<\/span><\/li><li><span data-nosnippet>Warner, Elizabeth: <em>Russian Myths<\/em>. British Museum Press, London 2002.<\/span><\/li><\/ul><\/footer>\t\t\t\t\t\t\t\t<\/div>\n\t\t\t\t<\/div>\n\t\t\t\t\t<\/div>\n\t\t\t\t<\/div>\n\t\t\t\t<\/div>\n\t\t","protected":false},"excerpt":{"rendered":"","protected":false},"author":3,"featured_media":1647,"parent":0,"menu_order":0,"comment_status":"closed","ping_status":"closed","template":"elementor_header_footer","meta":{"_yoast_wpseo_focuskw":"Bannik, slav\u00edskur ba\u00f0h\u00fasandi","_yoast_wpseo_title":"Bannik \u2013 Ba\u00f0andinn slaviskra \u00fej\u00f3\u00f0a","_yoast_wpseo_metadesc":"Bannik, slav\u00edskur ba\u00f0andi banjunnar. Athafnir tengdar ba\u00f0h\u00fasinu, verndarreglur, andastundir og tengsl hans vi\u00f0 Domovoi og Ovinnik.","_yoast_wpseo_meta-robots-noindex":"","_yoast_wpseo_canonical":"","_angie_page":false,"gefaehrdungsstufe":"3","wesen_kultur":"slawisch","wesen_klasse":"geister","footnotes":""},"categories":[],"class_list":["post-168862","page","type-page","status-publish","has-post-thumbnail","hentry"],"yoast_head":"<!-- This site is optimized with the Yoast SEO Premium plugin v27.7 (Yoast SEO v28.3) - https:\/\/yoast.com\/product\/yoast-seo-premium-wordpress\/ -->\n<title>Bannik \u2013 Ba\u00f0andinn slaviskra \u00fej\u00f3\u00f0a<\/title>\n<meta name=\"description\" content=\"Bannik, slav\u00edskur ba\u00f0andi banjunnar. Athafnir tengdar ba\u00f0h\u00fasinu, verndarreglur, andastundir og tengsl hans vi\u00f0 Domovoi og Ovinnik.\" \/>\n<meta name=\"robots\" content=\"index, follow, max-snippet:-1, max-image-preview:large, max-video-preview:-1\" \/>\n<link rel=\"canonical\" href=\"https:\/\/iwell-guard.com\/is\/bannik\/\" \/>\n<meta property=\"og:locale\" content=\"is_IS\" \/>\n<meta property=\"og:type\" content=\"article\" \/>\n<meta property=\"og:title\" content=\"Bannik\" \/>\n<meta property=\"og:description\" content=\"Bannik, slav\u00edskur ba\u00f0andi banjunnar. Athafnir tengdar ba\u00f0h\u00fasinu, verndarreglur, andastundir og tengsl hans vi\u00f0 Domovoi og Ovinnik.\" \/>\n<meta property=\"og:url\" content=\"https:\/\/iwell-guard.com\/is\/bannik\/\" \/>\n<meta property=\"og:site_name\" content=\"iWell Guard\" \/>\n<meta property=\"article:modified_time\" content=\"2026-09-05T14:21:22+00:00\" \/>\n<meta property=\"og:image\" content=\"https:\/\/iwell-guard.com\/wp-content\/uploads\/2026\/04\/geister_slawisch_bannik.webp\" \/>\n\t<meta property=\"og:image:width\" content=\"1024\" \/>\n\t<meta property=\"og:image:height\" content=\"1536\" \/>\n\t<meta property=\"og:image:type\" content=\"image\/webp\" \/>\n<meta name=\"twitter:card\" content=\"summary_large_image\" \/>\n<script type=\"application\/ld+json\" class=\"yoast-schema-graph\">{\"@context\":\"https:\\\/\\\/schema.org\",\"@graph\":[{\"@type\":\"WebPage\",\"@id\":\"https:\\\/\\\/iwell-guard.com\\\/is\\\/bannik\\\/\",\"url\":\"https:\\\/\\\/iwell-guard.com\\\/is\\\/bannik\\\/\",\"name\":\"Bannik \u2013 Ba\u00f0andinn slaviskra \u00fej\u00f3\u00f0a\",\"isPartOf\":{\"@id\":\"https:\\\/\\\/iwell-guard.com\\\/is\\\/#website\"},\"primaryImageOfPage\":{\"@id\":\"https:\\\/\\\/iwell-guard.com\\\/is\\\/bannik\\\/#primaryimage\"},\"image\":{\"@id\":\"https:\\\/\\\/iwell-guard.com\\\/is\\\/bannik\\\/#primaryimage\"},\"thumbnailUrl\":\"https:\\\/\\\/iwell-guard.com\\\/wp-content\\\/uploads\\\/2026\\\/04\\\/geister_slawisch_bannik.webp\",\"datePublished\":\"2026-09-05T14:03:35+00:00\",\"dateModified\":\"2026-09-05T14:21:22+00:00\",\"description\":\"Bannik, slav\u00edskur ba\u00f0andi banjunnar. Athafnir tengdar ba\u00f0h\u00fasinu, verndarreglur, andastundir og tengsl hans vi\u00f0 Domovoi og Ovinnik.\",\"breadcrumb\":{\"@id\":\"https:\\\/\\\/iwell-guard.com\\\/is\\\/bannik\\\/#breadcrumb\"},\"inLanguage\":\"is\",\"potentialAction\":[{\"@type\":\"ReadAction\",\"target\":[\"https:\\\/\\\/iwell-guard.com\\\/is\\\/bannik\\\/\"]}]},{\"@type\":\"ImageObject\",\"inLanguage\":\"is\",\"@id\":\"https:\\\/\\\/iwell-guard.com\\\/is\\\/bannik\\\/#primaryimage\",\"url\":\"https:\\\/\\\/iwell-guard.com\\\/wp-content\\\/uploads\\\/2026\\\/04\\\/geister_slawisch_bannik.webp\",\"contentUrl\":\"https:\\\/\\\/iwell-guard.com\\\/wp-content\\\/uploads\\\/2026\\\/04\\\/geister_slawisch_bannik.webp\",\"width\":1024,\"height\":1536,\"caption\":\"Andar \u00far slavneskri hef\u00f0.\"},{\"@type\":\"BreadcrumbList\",\"@id\":\"https:\\\/\\\/iwell-guard.com\\\/is\\\/bannik\\\/#breadcrumb\",\"itemListElement\":[{\"@type\":\"ListItem\",\"position\":1,\"name\":\"Start\",\"item\":\"https:\\\/\\\/iwell-guard.com\\\/is\\\/?page_id=168580\"},{\"@type\":\"ListItem\",\"position\":2,\"name\":\"Bannik\"}]},{\"@type\":\"WebSite\",\"@id\":\"https:\\\/\\\/iwell-guard.com\\\/is\\\/#website\",\"url\":\"https:\\\/\\\/iwell-guard.com\\\/is\\\/\",\"name\":\"iWell Guard\",\"description\":\"Schutz vor dunklen Einfl\u00fcssen\",\"publisher\":{\"@id\":\"https:\\\/\\\/iwell-guard.com\\\/is\\\/#organization\"},\"potentialAction\":[{\"@type\":\"SearchAction\",\"target\":{\"@type\":\"EntryPoint\",\"urlTemplate\":\"https:\\\/\\\/iwell-guard.com\\\/is\\\/?s={search_term_string}\"},\"query-input\":{\"@type\":\"PropertyValueSpecification\",\"valueRequired\":true,\"valueName\":\"search_term_string\"}}],\"inLanguage\":\"is\"},{\"@type\":\"Organization\",\"@id\":\"https:\\\/\\\/iwell-guard.com\\\/is\\\/#organization\",\"name\":\"Ittermann electronic GmbH\",\"url\":\"https:\\\/\\\/iwell-guard.com\\\/is\\\/\",\"logo\":{\"@type\":\"ImageObject\",\"inLanguage\":\"is\",\"@id\":\"https:\\\/\\\/iwell-guard.com\\\/is\\\/#\\\/schema\\\/logo\\\/image\\\/\",\"url\":\"https:\\\/\\\/iwell-guard.com\\\/wp-content\\\/uploads\\\/2026\\\/05\\\/Ittermann-Logo-1182x237-1.png\",\"contentUrl\":\"https:\\\/\\\/iwell-guard.com\\\/wp-content\\\/uploads\\\/2026\\\/05\\\/Ittermann-Logo-1182x237-1.png\",\"width\":1182,\"height\":237,\"caption\":\"Ittermann electronic GmbH\"},\"image\":{\"@id\":\"https:\\\/\\\/iwell-guard.com\\\/is\\\/#\\\/schema\\\/logo\\\/image\\\/\"},\"sameAs\":[\"https:\\\/\\\/pantip.com\\\/profile\\\/9367242\",\"https:\\\/\\\/micro.blog\\\/iwellguard\",\"https:\\\/\\\/www.diggerslist.com\\\/iwellguard\\\/about\",\"https:\\\/\\\/skitterphoto.com\\\/photographers\\\/2870314\\\/iwell-guard\",\"https:\\\/\\\/iwellguard.wordpress.com\\\/2026\\\/06\\\/06\\\/iwell-guard\\\/\",\"https:\\\/\\\/hub.docker.com\\\/u\\\/iwellguard\",\"https:\\\/\\\/www.pinterest.com\\\/iwellguard\\\/\",\"https:\\\/\\\/bit.ly\\\/m\\\/iwellguard\",\"https:\\\/\\\/entre-vos-mains.alsace.eu\\\/profiles\\\/iwellguard\\\/activity\",\"https:\\\/\\\/gravatar.com\\\/reallybeded8fd34\",\"https:\\\/\\\/naijamatta.com\\\/iwellguard\",\"https:\\\/\\\/www.goodreads.com\\\/iwellguard\",\"https:\\\/\\\/profile.hatena.ne.jp\\\/iwellguard\\\/\",\"https:\\\/\\\/experiment.com\\\/users\\\/iwellguard\",\"https:\\\/\\\/wakelet.com\\\/@iWellGuard82270\",\"https:\\\/\\\/www.chordie.com\\\/forum\\\/profile.php?id=2555664\",\"https:\\\/\\\/www.instapaper.com\\\/p\\\/17757966\",\"https:\\\/\\\/www.mapleprimes.com\\\/users\\\/iwellguard\",\"https:\\\/\\\/businesslistingplus.com\\\/profile\\\/iwell-guard\\\/\",\"https:\\\/\\\/telegra.ph\\\/iWell-Guard-06-06\",\"https:\\\/\\\/pbase.com\\\/iwellguard\\\/iwellguard\",\"https:\\\/\\\/b.hatena.ne.jp\\\/iwellguard\\\/20260607#bookmark-4788405196491818882\",\"https:\\\/\\\/fliphtml5.com\\\/home\\\/iwellguard\",\"https:\\\/\\\/anyflip.com\\\/homepage\\\/cmiwl#About\",\"https:\\\/\\\/transfur.com\\\/Users\\\/iwellguard\",\"http:\\\/\\\/delphi.larsbo.org\\\/user\\\/iwellguard\",\"https:\\\/\\\/jobs.lajobsportal.org\\\/profiles\\\/8380803-iwell-guard\",\"https:\\\/\\\/md.chaosdorf.de\\\/s\\\/jfbe5SBdJD\",\"https:\\\/\\\/www.lingvolive.com\\\/en-us\\\/profile\\\/9ecaeaca-ce11-4e51-9e71-01d55e2bff36\\\/translations\",\"https:\\\/\\\/www.fitday.com\\\/fitness\\\/forums\\\/members\\\/iwellguard.html\",\"https:\\\/\\\/www.mymeetbook.com\\\/iwellguard\",\"https:\\\/\\\/pxhere.com\\\/en\\\/photographer-me\\\/5040798\",\"https:\\\/\\\/disqus.com\\\/by\\\/iwellguard\\\/about\\\/\",\"https:\\\/\\\/pastelink.net\\\/hjwciqwq\",\"https:\\\/\\\/pubhtml5.com\\\/homepage\\\/scjhn\\\/\",\"https:\\\/\\\/www.bitchute.com\\\/channel\\\/2O2eOKzNqujT\",\"https:\\\/\\\/audiomack.com\\\/iwellguard\"]},{\"@type\":\"Article\",\"@id\":\"https:\\\/\\\/iwell-guard.com\\\/is\\\/bannik\\\/#article\",\"isPartOf\":{\"@id\":\"https:\\\/\\\/iwell-guard.com\\\/is\\\/bannik\\\/\"},\"author\":{\"name\":\"Ralf Ittermann\",\"@id\":\"https:\\\/\\\/iwell-guard.com\\\/is\\\/#\\\/schema\\\/person\\\/ee2a27f1cac3406c7c6fb5820cb7349f\"},\"headline\":\"Bannik\",\"datePublished\":\"2026-09-05T14:03:35+00:00\",\"dateModified\":\"2026-09-05T14:21:22+00:00\",\"mainEntityOfPage\":{\"@id\":\"https:\\\/\\\/iwell-guard.com\\\/is\\\/bannik\\\/\"},\"publisher\":{\"@id\":\"https:\\\/\\\/iwell-guard.com\\\/is\\\/#organization\"},\"image\":{\"@id\":\"https:\\\/\\\/iwell-guard.com\\\/is\\\/bannik\\\/#primaryimage\"},\"thumbnailUrl\":\"https:\\\/\\\/iwell-guard.com\\\/wp-content\\\/uploads\\\/2026\\\/04\\\/geister_slawisch_bannik.webp\",\"inLanguage\":\"is\",\"description\":\"Bannik, slav\u00edskur ba\u00f0andi banjunnar. Athafnir tengdar ba\u00f0h\u00fasinu, verndarreglur, andastundir og tengsl hans vi\u00f0 Domovoi og Ovinnik.\"}]}<\/script>\n<!-- \/ Yoast SEO Premium plugin. -->","yoast_head_json":{"title":"Bannik \u2013 Ba\u00f0andinn slaviskra \u00fej\u00f3\u00f0a","description":"Bannik, slav\u00edskur ba\u00f0andi banjunnar. Athafnir tengdar ba\u00f0h\u00fasinu, verndarreglur, andastundir og tengsl hans vi\u00f0 Domovoi og Ovinnik.","robots":{"index":"index","follow":"follow","max-snippet":"max-snippet:-1","max-image-preview":"max-image-preview:large","max-video-preview":"max-video-preview:-1"},"canonical":"https:\/\/iwell-guard.com\/is\/bannik\/","og_locale":"is_IS","og_type":"article","og_title":"Bannik","og_description":"Bannik, slav\u00edskur ba\u00f0andi banjunnar. Athafnir tengdar ba\u00f0h\u00fasinu, verndarreglur, andastundir og tengsl hans vi\u00f0 Domovoi og Ovinnik.","og_url":"https:\/\/iwell-guard.com\/is\/bannik\/","og_site_name":"iWell Guard","article_modified_time":"2026-09-05T14:21:22+00:00","og_image":[{"width":1024,"height":1536,"url":"https:\/\/iwell-guard.com\/wp-content\/uploads\/2026\/04\/geister_slawisch_bannik.webp","type":"image\/webp"}],"twitter_card":"summary_large_image","schema":{"@context":"https:\/\/schema.org","@graph":[{"@type":"Article","@id":"https:\/\/iwell-guard.com\/is\/bannik\/#article","isPartOf":{"@id":"https:\/\/iwell-guard.com\/is\/bannik\/"},"author":{"name":"Ralf Ittermann","@id":"https:\/\/iwell-guard.com\/is\/#\/schema\/person\/ee2a27f1cac3406c7c6fb5820cb7349f"},"headline":"Bannik","datePublished":"2026-09-05T14:03:35+00:00","dateModified":"2026-09-05T14:21:22+00:00","mainEntityOfPage":{"@id":"https:\/\/iwell-guard.com\/is\/bannik\/"},"publisher":{"@id":"https:\/\/iwell-guard.com\/is\/#organization"},"image":{"@id":"https:\/\/iwell-guard.com\/is\/bannik\/#primaryimage"},"thumbnailUrl":"https:\/\/iwell-guard.com\/wp-content\/uploads\/2026\/04\/geister_slawisch_bannik.webp","inLanguage":"is","description":"Bannik, slav\u00edskur ba\u00f0andi banjunnar. Athafnir tengdar ba\u00f0h\u00fasinu, verndarreglur, andastundir og tengsl hans vi\u00f0 Domovoi og Ovinnik."},{"@type":"WebPage","@id":"https:\/\/iwell-guard.com\/is\/bannik\/","url":"https:\/\/iwell-guard.com\/is\/bannik\/","name":"Bannik \u2013 Ba\u00f0andinn slaviskra \u00fej\u00f3\u00f0a","isPartOf":{"@id":"https:\/\/iwell-guard.com\/is\/#website"},"primaryImageOfPage":{"@id":"https:\/\/iwell-guard.com\/is\/bannik\/#primaryimage"},"image":{"@id":"https:\/\/iwell-guard.com\/is\/bannik\/#primaryimage"},"thumbnailUrl":"https:\/\/iwell-guard.com\/wp-content\/uploads\/2026\/04\/geister_slawisch_bannik.webp","datePublished":"2026-09-05T14:03:35+00:00","dateModified":"2026-09-05T14:21:22+00:00","description":"Bannik, slav\u00edskur ba\u00f0andi banjunnar. Athafnir tengdar ba\u00f0h\u00fasinu, verndarreglur, andastundir og tengsl hans vi\u00f0 Domovoi og Ovinnik.","breadcrumb":{"@id":"https:\/\/iwell-guard.com\/is\/bannik\/#breadcrumb"},"inLanguage":"is","potentialAction":[{"@type":"ReadAction","target":["https:\/\/iwell-guard.com\/is\/bannik\/"]}]},{"@type":"ImageObject","inLanguage":"is","@id":"https:\/\/iwell-guard.com\/is\/bannik\/#primaryimage","url":"https:\/\/iwell-guard.com\/wp-content\/uploads\/2026\/04\/geister_slawisch_bannik.webp","contentUrl":"https:\/\/iwell-guard.com\/wp-content\/uploads\/2026\/04\/geister_slawisch_bannik.webp","width":1024,"height":1536,"caption":"Andar \u00far slavneskri hef\u00f0."},{"@type":"BreadcrumbList","@id":"https:\/\/iwell-guard.com\/is\/bannik\/#breadcrumb","itemListElement":[{"@type":"ListItem","position":1,"name":"Start","item":"https:\/\/iwell-guard.com\/is\/?page_id=168580"},{"@type":"ListItem","position":2,"name":"Bannik"}]},{"@type":"WebSite","@id":"https:\/\/iwell-guard.com\/is\/#website","url":"https:\/\/iwell-guard.com\/is\/","name":"iWell Guard","description":"Schutz vor dunklen Einfl\u00fcssen","publisher":{"@id":"https:\/\/iwell-guard.com\/is\/#organization"},"potentialAction":[{"@type":"SearchAction","target":{"@type":"EntryPoint","urlTemplate":"https:\/\/iwell-guard.com\/is\/?s={search_term_string}"},"query-input":{"@type":"PropertyValueSpecification","valueRequired":true,"valueName":"search_term_string"}}],"inLanguage":"is"},{"@type":"Organization","@id":"https:\/\/iwell-guard.com\/is\/#organization","name":"Ittermann electronic GmbH","url":"https:\/\/iwell-guard.com\/is\/","logo":{"@type":"ImageObject","inLanguage":"is","@id":"https:\/\/iwell-guard.com\/is\/#\/schema\/logo\/image\/","url":"https:\/\/iwell-guard.com\/wp-content\/uploads\/2026\/05\/Ittermann-Logo-1182x237-1.png","contentUrl":"https:\/\/iwell-guard.com\/wp-content\/uploads\/2026\/05\/Ittermann-Logo-1182x237-1.png","width":1182,"height":237,"caption":"Ittermann electronic GmbH"},"image":{"@id":"https:\/\/iwell-guard.com\/is\/#\/schema\/logo\/image\/"},"sameAs":["https:\/\/pantip.com\/profile\/9367242","https:\/\/micro.blog\/iwellguard","https:\/\/www.diggerslist.com\/iwellguard\/about","https:\/\/skitterphoto.com\/photographers\/2870314\/iwell-guard","https:\/\/iwellguard.wordpress.com\/2026\/06\/06\/iwell-guard\/","https:\/\/hub.docker.com\/u\/iwellguard","https:\/\/www.pinterest.com\/iwellguard\/","https:\/\/bit.ly\/m\/iwellguard","https:\/\/entre-vos-mains.alsace.eu\/profiles\/iwellguard\/activity","https:\/\/gravatar.com\/reallybeded8fd34","https:\/\/naijamatta.com\/iwellguard","https:\/\/www.goodreads.com\/iwellguard","https:\/\/profile.hatena.ne.jp\/iwellguard\/","https:\/\/experiment.com\/users\/iwellguard","https:\/\/wakelet.com\/@iWellGuard82270","https:\/\/www.chordie.com\/forum\/profile.php?id=2555664","https:\/\/www.instapaper.com\/p\/17757966","https:\/\/www.mapleprimes.com\/users\/iwellguard","https:\/\/businesslistingplus.com\/profile\/iwell-guard\/","https:\/\/telegra.ph\/iWell-Guard-06-06","https:\/\/pbase.com\/iwellguard\/iwellguard","https:\/\/b.hatena.ne.jp\/iwellguard\/20260607#bookmark-4788405196491818882","https:\/\/fliphtml5.com\/home\/iwellguard","https:\/\/anyflip.com\/homepage\/cmiwl#About","https:\/\/transfur.com\/Users\/iwellguard","http:\/\/delphi.larsbo.org\/user\/iwellguard","https:\/\/jobs.lajobsportal.org\/profiles\/8380803-iwell-guard","https:\/\/md.chaosdorf.de\/s\/jfbe5SBdJD","https:\/\/www.lingvolive.com\/en-us\/profile\/9ecaeaca-ce11-4e51-9e71-01d55e2bff36\/translations","https:\/\/www.fitday.com\/fitness\/forums\/members\/iwellguard.html","https:\/\/www.mymeetbook.com\/iwellguard","https:\/\/pxhere.com\/en\/photographer-me\/5040798","https:\/\/disqus.com\/by\/iwellguard\/about\/","https:\/\/pastelink.net\/hjwciqwq","https:\/\/pubhtml5.com\/homepage\/scjhn\/","https:\/\/www.bitchute.com\/channel\/2O2eOKzNqujT","https:\/\/audiomack.com\/iwellguard"]},{"@type":"Person","@id":"https:\/\/iwell-guard.com\/is\/#\/schema\/person\/ee2a27f1cac3406c7c6fb5820cb7349f","name":"Ralf Ittermann","image":{"@type":"ImageObject","inLanguage":"is","@id":"https:\/\/secure.gravatar.com\/avatar\/073c0153e350a5005b68eb752b445fea71f6b24a26da9449ad7e155e6b446c9d?s=96&d=mm&r=g","url":"https:\/\/secure.gravatar.com\/avatar\/073c0153e350a5005b68eb752b445fea71f6b24a26da9449ad7e155e6b446c9d?s=96&d=mm&r=g","contentUrl":"https:\/\/secure.gravatar.com\/avatar\/073c0153e350a5005b68eb752b445fea71f6b24a26da9449ad7e155e6b446c9d?s=96&d=mm&r=g","caption":"Ralf Ittermann"},"givenName":"Ralf","familyName":"Ittermann","jobTitle":"Gesch\u00e4ftsf\u00fchrer und redaktioneller Verantwortlicher","url":"https:\/\/iwell-guard.com\/is\/author\/claude\/","description":"Ralf Ittermann ist Gesch\u00e4ftsf\u00fchrer der Ittermann electronic GmbH und redaktioneller Verantwortlicher des iWell-Guard-Lexikons. Er verbindet langj\u00e4hrige Erfahrung in der Pr\u00e4zisionsfertigung mit medialer Praxis und religionsgeschichtlicher Quellenarbeit.","worksFor":{"@type":"Organization","name":"Ittermann electronic GmbH","url":"https:\/\/ittermann.de\/","address":{"@type":"PostalAddress","streetAddress":"K\u00f6hlergasse 16-18","postalCode":"99842","addressLocality":"Ruhla","addressCountry":"DE"}},"knowsAbout":["Religionsgeschichte","Mythologie","Mediale Praxis","Energetische Diagnostik","Schutzpraxis","Volksglauben","Westliche Esoterik"]},{"@type":"Article","@id":"https:\/\/iwell-guard.com\/is\/bannik\/#article","isPartOf":{"@id":"https:\/\/iwell-guard.com\/is\/bannik\/"},"author":{"name":"Ralf Ittermann","@id":"https:\/\/iwell-guard.com\/is\/#\/schema\/person\/ee2a27f1cac3406c7c6fb5820cb7349f"},"headline":"Bannik","datePublished":"2026-09-05T14:03:35+00:00","dateModified":"2026-09-05T14:21:22+00:00","mainEntityOfPage":{"@id":"https:\/\/iwell-guard.com\/is\/bannik\/"},"publisher":{"@id":"https:\/\/iwell-guard.com\/is\/#organization"},"image":{"@id":"https:\/\/iwell-guard.com\/is\/bannik\/#primaryimage"},"thumbnailUrl":"https:\/\/iwell-guard.com\/wp-content\/uploads\/2026\/04\/geister_slawisch_bannik.webp","inLanguage":"is","description":"Bannik, slav\u00edskur ba\u00f0andi banjunnar. Athafnir tengdar ba\u00f0h\u00fasinu, verndarreglur, andastundir og tengsl hans vi\u00f0 Domovoi og Ovinnik."}]}},"_links":{"self":[{"href":"https:\/\/iwell-guard.com\/is\/wp-json\/wp\/v2\/pages\/168862","targetHints":{"allow":["GET"]}}],"collection":[{"href":"https:\/\/iwell-guard.com\/is\/wp-json\/wp\/v2\/pages"}],"about":[{"href":"https:\/\/iwell-guard.com\/is\/wp-json\/wp\/v2\/types\/page"}],"author":[{"embeddable":true,"href":"https:\/\/iwell-guard.com\/is\/wp-json\/wp\/v2\/users\/3"}],"replies":[{"embeddable":true,"href":"https:\/\/iwell-guard.com\/is\/wp-json\/wp\/v2\/comments?post=168862"}],"version-history":[{"count":0,"href":"https:\/\/iwell-guard.com\/is\/wp-json\/wp\/v2\/pages\/168862\/revisions"}],"wp:featuredmedia":[{"embeddable":true,"href":"https:\/\/iwell-guard.com\/is\/wp-json\/wp\/v2\/media\/1647"}],"wp:attachment":[{"href":"https:\/\/iwell-guard.com\/is\/wp-json\/wp\/v2\/media?parent=168862"}],"wp:term":[{"taxonomy":"category","embeddable":true,"href":"https:\/\/iwell-guard.com\/is\/wp-json\/wp\/v2\/categories?post=168862"}],"curies":[{"name":"wp","href":"https:\/\/api.w.org\/{rel}","templated":true}]}}