{"id":168861,"date":"2026-09-05T14:03:35","date_gmt":"2026-09-05T14:03:35","guid":{"rendered":"https:\/\/iwell-guard.com\/?page_id=168861"},"modified":"2026-09-05T14:21:22","modified_gmt":"2026-09-05T14:21:22","slug":"leanan-sidhe","status":"publish","type":"page","link":"https:\/\/iwell-guard.com\/is\/leanan-sidhe\/","title":{"rendered":"Leanan Sidhe"},"content":{"rendered":"\t\t<div data-elementor-type=\"wp-page\" data-elementor-id=\"168861\" class=\"elementor elementor-168861 elementor-2189 elementor-bc-flex-widget\" data-elementor-post-type=\"page\">\n\t\t\t\t<div class=\"elementor-element elementor-element-10fdade e-flex e-con-boxed e-con e-parent\" data-id=\"10fdade\" data-element_type=\"container\" data-e-type=\"container\" data-settings=\"{&quot;background_background&quot;:&quot;classic&quot;}\">\n\t\t\t\t\t<div class=\"e-con-inner\">\n\t\t<div class=\"elementor-element elementor-element-herohlft0 e-flex e-con-boxed e-con e-child\" data-id=\"herohlft0\" data-element_type=\"container\" data-e-type=\"container\">\n\t\t\t\t\t<div class=\"e-con-inner\">\n\t\t<div class=\"elementor-element elementor-element-c3ceb64 e-con-full e-flex e-con e-child\" data-id=\"c3ceb64\" data-element_type=\"container\" data-e-type=\"container\">\n\t\t\t\t<div class=\"elementor-element elementor-element-96ae5e1 elementor-widget elementor-widget-heading\" data-id=\"96ae5e1\" data-element_type=\"widget\" data-e-type=\"widget\" data-widget_type=\"heading.default\">\n\t\t\t\t\t<h1 class=\"elementor-heading-title elementor-size-default\">Leanan Sidhe, andi \u00far keltneskri hef\u00f0<\/h1>\t\t\t\t<\/div>\n\t\t\t\t<div class=\"elementor-element elementor-element-e45238a elementor-widget elementor-widget-text-editor\" data-id=\"e45238a\" data-element_type=\"widget\" data-e-type=\"widget\" data-widget_type=\"text-editor.default\">\n\t\t\t\t\t\t\t\t\t<p>Leanan Sidhe er <span class=\"iwg-fachbegriff\" data-tooltip=\"\u00d3\u00e1\u00fereifanleg vera sem talin er hafa \u00e1hrif \u00ed heiminum.\" tabindex=\"0\">andi<\/span> \u00far keltneskri hef\u00f0, yfirn\u00e1tt\u00farleg kona e\u00f0a af F\u00e9in, sem birtist sk\u00e1ldum og listam\u00f6nnum, veitir \u00feeim innbl\u00e1stur og t\u00e6rir \u00feau samt\u00edmis. Tr\u00faarfr\u00e6\u00f0ilega s\u00e9\u00f0 er h\u00fan d\u00e6miger\u00f0 fyrir tegundina \u00bb\u00e1lfkonan sem elsku\u00f0 er\u00ab, pers\u00f3nu sem markar landam\u00e6rin milli mannheims og annarheims.<\/p>\t\t\t\t\t\t\t\t<\/div>\n\t\t\t\t<\/div>\n\t\t<div class=\"elementor-element elementor-element-klsbdg01 e-con-full e-flex e-con e-parent\" data-id=\"klsbdg01\" data-element_type=\"container\" data-e-type=\"container\">\n\t\t\t\t<div class=\"elementor-element elementor-element-klshtm01 elementor-widget elementor-widget-html\" data-id=\"klshtm01\" data-element_type=\"widget\" data-e-type=\"widget\" data-widget_type=\"html.default\">\n\t\t\t\t\t<div class=\"iwg-pill-row\"><span class=\"iwg-klasse-badge\" tabindex=\"0\" data-tooltip=\"Andi: \u00d3l\u00edkamleg e\u00f0a h\u00e1lfl\u00edkamleg vera, framli\u00f0nir, n\u00e1tt\u00faruv\u00e6ttir, heimilisandar e\u00f0a \u00fer\u00f6skuldsver\u00f0ir. Hefur \u00e1hrif \u00ed daglegu l\u00edfi, oft bundin st\u00f6\u00f0um e\u00f0a fj\u00f6lskyldum.\">Andi<\/span><a href=\"https:\/\/iwell-guard.com\/is\/?page_id=168615\" class=\"iwg-kultur-badge\" tabindex=\"0\" data-tooltip=\"Keltnesk tr\u00faarbr\u00f6g\u00f0 Vestur-Evr\u00f3pu og Bretlandseyja, var\u00f0veitt go\u00f0sagnafr\u00e6\u00f0ilega \u00ed \u00edrsk-velskum textum.\">Keltneskt<\/a><\/div>\t\t\t\t<\/div>\n\t\t\t\t<\/div>\n\t\t<div class=\"elementor-element elementor-element-3f74855 e-con-full e-flex e-con e-child\" data-id=\"3f74855\" data-element_type=\"container\" data-e-type=\"container\">\n\t\t\t\t<div class=\"elementor-element elementor-element-1c30362 elementor-toc--minimized-on-tablet elementor-widget elementor-widget-table-of-contents\" data-id=\"1c30362\" data-element_type=\"widget\" data-e-type=\"widget\" data-settings=\"{&quot;exclude_headings_by_selector&quot;:[],&quot;no_headings_message&quot;:&quot;Engar undirfyrirsagnir fundust \\u00e1 \\u00feessari s\\u00ed\\u00f0u.&quot;,&quot;headings_by_tags&quot;:[&quot;h2&quot;,&quot;h3&quot;],&quot;marker_view&quot;:&quot;bullets&quot;,&quot;minimize_box&quot;:&quot;yes&quot;,&quot;icon&quot;:{&quot;value&quot;:&quot;fas fa-circle&quot;,&quot;library&quot;:&quot;fa-solid&quot;,&quot;rendered_tag&quot;:&quot;&lt;svg class=\\&quot;e-font-icon-svg e-fas-circle\\&quot; viewBox=\\&quot;0 0 512 512\\&quot; xmlns=\\&quot;http:\\\/\\\/www.w3.org\\\/2000\\\/svg\\&quot;&gt;&lt;path d=\\&quot;M256 8C119 8 8 119 8 256s111 248 248 248 248-111 248-248S393 8 256 8z\\&quot;&gt;&lt;\\\/path&gt;&lt;\\\/svg&gt;&quot;},&quot;minimized_on&quot;:&quot;tablet&quot;,&quot;hierarchical_view&quot;:&quot;yes&quot;,&quot;min_height&quot;:{&quot;unit&quot;:&quot;px&quot;,&quot;size&quot;:&quot;&quot;,&quot;sizes&quot;:[]},&quot;min_height_tablet&quot;:{&quot;unit&quot;:&quot;px&quot;,&quot;size&quot;:&quot;&quot;,&quot;sizes&quot;:[]},&quot;min_height_mobile&quot;:{&quot;unit&quot;:&quot;px&quot;,&quot;size&quot;:&quot;&quot;,&quot;sizes&quot;:[]}}\" data-widget_type=\"table-of-contents.default\">\n\t\t\t\t\t\t\t\t\t<div class=\"elementor-toc__header\">\n\t\t\t\t\t\t<h2 class=\"elementor-toc__header-title\">\n\t\t\t\tEfnisyfirlit\t\t\t<\/h2>\n\t\t\t\t\t\t\t\t\t\t<div class=\"elementor-toc__toggle-button elementor-toc__toggle-button--expand\" role=\"button\" tabindex=\"0\" aria-controls=\"elementor-toc__1c30362\" aria-expanded=\"true\" aria-label=\"Open table of contents\"><svg aria-hidden=\"true\" class=\"e-font-icon-svg e-fas-chevron-down\" viewBox=\"0 0 448 512\" xmlns=\"http:\/\/www.w3.org\/2000\/svg\"><path d=\"M207.029 381.476L12.686 187.132c-9.373-9.373-9.373-24.569 0-33.941l22.667-22.667c9.357-9.357 24.522-9.375 33.901-.04L224 284.505l154.745-154.021c9.379-9.335 24.544-9.317 33.901.04l22.667 22.667c9.373 9.373 9.373 24.569 0 33.941L240.971 381.476c-9.373 9.372-24.569 9.372-33.942 0z\"><\/path><\/svg><\/div>\n\t\t\t\t<div class=\"elementor-toc__toggle-button elementor-toc__toggle-button--collapse\" role=\"button\" tabindex=\"0\" aria-controls=\"elementor-toc__1c30362\" aria-expanded=\"true\" aria-label=\"Close table of contents\"><svg aria-hidden=\"true\" class=\"e-font-icon-svg e-fas-chevron-up\" viewBox=\"0 0 448 512\" xmlns=\"http:\/\/www.w3.org\/2000\/svg\"><path d=\"M240.971 130.524l194.343 194.343c9.373 9.373 9.373 24.569 0 33.941l-22.667 22.667c-9.357 9.357-24.522 9.375-33.901.04L224 227.495 69.255 381.516c-9.379 9.335-24.544 9.317-33.901-.04l-22.667-22.667c-9.373-9.373-9.373-24.569 0-33.941L207.03 130.525c9.372-9.373 24.568-9.373 33.941-.001z\"><\/path><\/svg><\/div>\n\t\t\t\t\t<\/div>\n\t\t\t\t<div id=\"elementor-toc__1c30362\" class=\"elementor-toc__body\">\n\t\t\t<div class=\"elementor-toc__spinner-container\">\n\t\t\t\t<svg class=\"elementor-toc__spinner eicon-animation-spin e-font-icon-svg e-eicon-loading\" aria-hidden=\"true\" viewBox=\"0 0 1000 1000\" xmlns=\"http:\/\/www.w3.org\/2000\/svg\"><path d=\"M500 975V858C696 858 858 696 858 500S696 142 500 142 142 304 142 500H25C25 237 238 25 500 25S975 237 975 500 763 975 500 975Z\"><\/path><\/svg>\t\t\t<\/div>\n\t\t<\/div>\n\t\t\t\t\t\t<\/div>\n\t\t\t\t<\/div>\n\t\t\t\t\t<\/div>\n\t\t\t\t<\/div>\n\t\t<div class=\"elementor-element elementor-element-herorght0 e-con-full e-flex e-con e-child\" data-id=\"herorght0\" data-element_type=\"container\" data-e-type=\"container\">\n\t\t\t\t<div class=\"elementor-element elementor-element-heroimg00 iwg-hero-image elementor-widget elementor-widget-image\" data-id=\"heroimg00\" data-element_type=\"widget\" data-e-type=\"widget\" data-widget_type=\"image.default\">\n\t\t\t\t\t\t\t\t\t\t\t\t\t\t\t<img fetchpriority=\"high\" decoding=\"async\" width=\"683\" height=\"1024\" src=\"https:\/\/iwell-guard.com\/wp-content\/uploads\/2026\/04\/geister_keltisch_leanan-sidhe-683x1024.webp\" class=\"attachment-large size-large wp-image-171089\" alt=\"Leanan Sidhe - andar \u00far keltnesku hef\u00f0inni, s\u00f6gulega myndskreytt\" srcset=\"https:\/\/iwell-guard.com\/wp-content\/uploads\/2026\/04\/geister_keltisch_leanan-sidhe-683x1024.webp 683w, https:\/\/iwell-guard.com\/wp-content\/uploads\/2026\/04\/geister_keltisch_leanan-sidhe-200x300.webp 200w, https:\/\/iwell-guard.com\/wp-content\/uploads\/2026\/04\/geister_keltisch_leanan-sidhe-768x1152.webp 768w, https:\/\/iwell-guard.com\/wp-content\/uploads\/2026\/04\/geister_keltisch_leanan-sidhe.webp 1024w\" sizes=\"(max-width: 683px) 100vw, 683px\" \/>\t\t\t\t\t\t\t\t\t\t\t\t\t\t\t<\/div>\n\t\t\t\t<\/div>\n\t\t\t\t\t<\/div>\n\t\t\t\t<\/div>\n\t\t<div class=\"elementor-element elementor-element-32917199 e-flex e-con-boxed e-con e-parent\" data-id=\"32917199\" data-element_type=\"container\" data-e-type=\"container\">\n\t\t\t\t\t<div class=\"e-con-inner\">\n\t\t<div class=\"elementor-element elementor-element-26e916cb e-flex e-con-boxed e-con e-child\" data-id=\"26e916cb\" data-element_type=\"container\" data-e-type=\"container\">\n\t\t\t\t\t<div class=\"e-con-inner\">\n\t\t<div class=\"elementor-element elementor-element-253a40d4 e-flex e-con-boxed e-con e-child\" data-id=\"253a40d4\" data-element_type=\"container\" data-e-type=\"container\">\n\t\t\t\t\t<div class=\"e-con-inner\">\n\t\t\t\t<div class=\"elementor-element elementor-element-1200c304 elementor-widget elementor-widget-heading\" data-id=\"1200c304\" data-element_type=\"widget\" data-e-type=\"widget\" data-widget_type=\"heading.default\">\n\t\t\t\t\t<h2 class=\"elementor-heading-title elementor-size-default\">Leanan Sidhe<\/h2>\t\t\t\t<\/div>\n\t\t\t\t<div class=\"elementor-element elementor-element-11758e7f elementor-widget elementor-widget-text-editor\" data-id=\"11758e7f\" data-element_type=\"widget\" data-e-type=\"widget\" data-widget_type=\"text-editor.default\">\n\t\t\t\t\t\t\t\t\t<p>Leanan Sidhe (\u00bb\u00e1lfkona\u00ab e\u00f0a \u00bb\u00e1lffylgja\u00ab) er l\u00fdst sem yfirn\u00e1tt\u00farlegu kvenlegu afli sem veitir sk\u00e1ldum innbl\u00e1stur en veldur \u00feeim einnig \u00fej\u00e1ningu og t\u00e6ringu. H\u00fan telst til Sidhe, hinna \u00edrsku \u00e1lfavera.<\/p><p>Sagnir greina fr\u00e1 \u00fev\u00ed a\u00f0 h\u00fan taki upp \u00e1starsamb\u00f6nd e\u00f0a andlega tengingu vi\u00f0 sk\u00e1ld eins og Ois\u00edn e\u00f0a a\u00f0ra listamenn, samb\u00f6nd sem lei\u00f0a til listr\u00e6nnar snillig\u00e1fu en einnig til ge\u00f0veiki e\u00f0a dau\u00f0a. H\u00fan birtir tv\u00edbenta e\u00f0li listr\u00e6ns innbl\u00e1sturs.<\/p>\t\t\t\t\t\t\t\t<\/div>\n\t\t\t\t\t<\/div>\n\t\t\t\t<\/div>\n\t\t<div class=\"elementor-element elementor-element-159dcf9a e-flex e-con-boxed e-con e-child\" data-id=\"159dcf9a\" data-element_type=\"container\" data-e-type=\"container\">\n\t\t\t\t\t<div class=\"e-con-inner\">\n\t\t\t\t<div class=\"elementor-element elementor-element-48cee66f elementor-widget elementor-widget-heading\" data-id=\"48cee66f\" data-element_type=\"widget\" data-e-type=\"widget\" data-widget_type=\"heading.default\">\n\t\t\t\t\t<h2 class=\"elementor-heading-title elementor-size-default\">\u00cd hnotskurn: Leanan Sidhe<\/h2>\t\t\t\t<\/div>\n\t\t\t\t<div class=\"elementor-element elementor-element-3f50d82c elementor-widget elementor-widget-text-editor\" data-id=\"3f50d82c\" data-element_type=\"widget\" data-e-type=\"widget\" data-widget_type=\"text-editor.default\">\n\t\t\t\t\t\t\t\t\t<p>Vitnisbur\u00f0ir eru s\u00f3ttir \u00ed \u00edrska sagnab\u00e1lka og lj\u00f3\u00f0ahringi, s\u00e9rstaklega Fenian Tales (Fiannaigecht), \u00fear sem \u00e1lfkonur birtast sem \u00e1stkonur e\u00f0a veitendur andagiftar. Skriflegar heimildir koma fram fr\u00e1 mi\u00f0\u00f6ldum. Vera \u00feessi er \u00feekkt \u00e1 keltneskum menningarsv\u00e6\u00f0um (\u00cdrlandi, Skotlandi, Wales) undir \u00f3l\u00edkum n\u00f6fnum og me\u00f0 mismunandi hlutverkum. N\u00fat\u00edma \u00fej\u00f3\u00f0fr\u00e6\u00f0is\u00f6fn og b\u00f3kmenntaleg not (t.d. hj\u00e1 W.B. <span class=\"iwg-fachbegriff\" tabindex=\"0\" data-tooltip=\"William Butler Yeats (1865\u20131939); \u00edrskt sk\u00e1ld og \u00fej\u00f3\u00f0fr\u00e6\u00f0ingur; f\u00e9lagi \u00ed Gullnu d\u00f6gun.\">Yeats<\/span>) hafa gert pers\u00f3nuna vins\u00e6la.<\/p>\t\t\t\t\t\t\t\t<\/div>\n\t\t\t\t\t<\/div>\n\t\t\t\t<\/div>\n\t\t\t\t\t<\/div>\n\t\t\t\t<\/div>\n\t\t\t\t\t<\/div>\n\t\t\t\t<\/div>\n\t\t<div class=\"elementor-element elementor-element-18613602 e-flex e-con-boxed e-con e-parent\" data-id=\"18613602\" data-element_type=\"container\" data-e-type=\"container\">\n\t\t\t\t\t<div class=\"e-con-inner\">\n\t\t\t\t<div class=\"elementor-element elementor-element-262b8a9f elementor-widget elementor-widget-heading\" data-id=\"262b8a9f\" data-element_type=\"widget\" data-e-type=\"widget\" data-widget_type=\"heading.default\">\n\t\t\t\t\t<h2 class=\"elementor-heading-title elementor-size-default\">Yfirlit<\/h2>\t\t\t\t<\/div>\n\t\t<div class=\"elementor-element elementor-element-46dcb7d e-con-full e-flex e-con e-child\" data-id=\"46dcb7d\" data-element_type=\"container\" data-e-type=\"container\">\n\t\t<div class=\"elementor-element elementor-element-61d3ab3 e-flex e-con-boxed e-con e-child\" data-id=\"61d3ab3\" data-element_type=\"container\" data-e-type=\"container\">\n\t\t\t\t\t<div class=\"e-con-inner\">\n\t\t\t\t<div class=\"elementor-element elementor-element-117c166 elementor-widget elementor-widget-heading\" data-id=\"117c166\" data-element_type=\"widget\" data-e-type=\"widget\" data-widget_type=\"heading.default\">\n\t\t\t\t\t<div class=\"elementor-heading-title elementor-size-default\">T\u00edmabil textanna<\/div>\t\t\t\t<\/div>\n\t\t\t\t<div class=\"elementor-element elementor-element-73997a0 elementor-widget elementor-widget-text-editor\" data-id=\"73997a0\" data-element_type=\"widget\" data-e-type=\"widget\" data-widget_type=\"text-editor.default\">\n\t\t\t\t\t\t\t\t\t<p>Rekja m\u00e1 pers\u00f3nu Leanan S\u00eddhe fr\u00e1 mi\u00f0aldarhef\u00f0um \u00edrskra \u00e1lfa til s\u00f6fnunar 19. aldar, \u00feegar \u00fej\u00f3\u00f0fr\u00e6\u00f0ingar skr\u00e1\u00f0u munnlegar sagnir. W. B. Yeats t\u00f3k hana upp \u00ed safnrit sitt af \u00edrskum \u00e6vint\u00fdrum og s\u00f6gnum og m\u00f3ta\u00f0i \u00fe\u00e1 \u00edmynd sem n\u00fa er algengust af hinni t\u00e6randi m\u00fasu. \u00cd \u00feessu b\u00f3kmenntalega formi lifir h\u00fan \u00e1fram, breytt fr\u00e1 \u00feorpshef\u00f0inni en kjarni hennar sem h\u00e6ttuleg \u00e1stkona er \u00fe\u00f3 sk\u00fdrt greinanlegur.<\/p>\t\t\t\t\t\t\t\t<\/div>\n\t\t\t\t\t<\/div>\n\t\t\t\t<\/div>\n\t\t<div class=\"elementor-element elementor-element-d47b156 e-flex e-con-boxed e-con e-child\" data-id=\"d47b156\" data-element_type=\"container\" data-e-type=\"container\">\n\t\t\t\t\t<div class=\"e-con-inner\">\n\t\t\t\t<div class=\"elementor-element elementor-element-ff38c2b elementor-widget elementor-widget-heading\" data-id=\"ff38c2b\" data-element_type=\"widget\" data-e-type=\"widget\" data-widget_type=\"heading.default\">\n\t\t\t\t\t<div class=\"elementor-heading-title elementor-size-default\">\u00datbrei\u00f0slusv\u00e6\u00f0i<\/div>\t\t\t\t<\/div>\n\t\t\t\t<div class=\"elementor-element elementor-element-4e49fcc elementor-widget elementor-widget-text-editor\" data-id=\"4e49fcc\" data-element_type=\"widget\" data-e-type=\"widget\" data-widget_type=\"text-editor.default\">\n\t\t\t\t\t\t\t\t\t<p>Leanan Sidhe var ekki bundin vi\u00f0 \u00e1kve\u00f0i\u00f0 sv\u00e6\u00f0i e\u00f0a sta\u00f0setningu, heldur var h\u00fan \u00feekkt og virt e\u00f0a \u00f3ttast me\u00f0 lotningu \u00ed \u00f6llum hinum keltneska heimi. Hvort sem var \u00ed st\u00f3rum borgum e\u00f0a \u00e1 ja\u00f0arsv\u00e6\u00f0um \u00ed dreifb\u00fdli, me\u00f0al yfirst\u00e9ttar e\u00f0a alm\u00faga, var andleg e\u00f0a menningarleg \u00fe\u00fd\u00f0ing \u00feessarar veru vi\u00f0urkennd samfellt og alls sta\u00f0ar.<\/p><p>Leanan S\u00eddhe var ekkert ja\u00f0arfyrirb\u00e6ri heldur hluti af \u00edrskri \u00e1lfatr\u00fa sem st\u00fdr\u00f0i sambandi manna vi\u00f0 annarheiminn \u00ed heild og var \u00feannig hluti af sj\u00e1lfsmynd sveitasamf\u00e9laga. Me\u00f0 \u00fatflutningi \u00cdra \u00e1 19. \u00f6ld og me\u00f0 ritum Yeats og annarra safnara barust s\u00f6gur af henni til Bretlands og Nor\u00f0ur-Amer\u00edku, \u00fear sem \u00fe\u00e6r var\u00f0veittust \u00ed fur\u00f0u \u00f3breyttri mynd.<\/p>\t\t\t\t\t\t\t\t<\/div>\n\t\t\t\t\t<\/div>\n\t\t\t\t<\/div>\n\t\t\t\t<\/div>\n\t\t<div class=\"elementor-element elementor-element-db03c39 e-con-full e-flex e-con e-child\" data-id=\"db03c39\" data-element_type=\"container\" data-e-type=\"container\">\n\t\t<div class=\"elementor-element elementor-element-229a87b e-flex e-con-boxed e-con e-child\" data-id=\"229a87b\" data-element_type=\"container\" data-e-type=\"container\">\n\t\t\t\t\t<div class=\"e-con-inner\">\n\t\t\t\t<div class=\"elementor-element elementor-element-1f471fc elementor-widget elementor-widget-heading\" data-id=\"1f471fc\" data-element_type=\"widget\" data-e-type=\"widget\" data-widget_type=\"heading.default\">\n\t\t\t\t\t<div class=\"elementor-heading-title elementor-size-default\">Heimildasta\u00f0a<\/div>\t\t\t\t<\/div>\n\t\t\t\t<div class=\"elementor-element elementor-element-36b1201 elementor-widget elementor-widget-text-editor\" data-id=\"36b1201\" data-element_type=\"widget\" data-e-type=\"widget\" data-widget_type=\"text-editor.default\">\n\t\t\t\t\t\t\t\t\t<p>Frumheimildir: Achtneigh \u00d3enfhir, \u00edrskar hetjus\u00f6gur og lj\u00f3\u00f0ahringir (Fenian Tales), \u00ed brotum \u00ed handritum eins og Yellow Book of Lecan og \u00f6\u00f0rum mi\u00f0aldak\u00f3\u00f0um. T\u00edmabil: s\u00f6gurnar eru <span class=\"iwg-fachbegriff\" data-tooltip=\"Fr\u00e1 t\u00edmanum \u00e1\u00f0ur en kristni breiddist \u00fat.\" tabindex=\"0\">fyrirkristnar<\/span> \u00ed munnlegri geymd, skriflegar fr\u00e1 8.\u20139. \u00f6ld. Annarheims-<span class=\"iwg-fachbegriff\" data-tooltip=\"Heild var\u00f0veittra gu\u00f0asagna \u00ed tiltekinni menningu.\" tabindex=\"0\">go\u00f0afr\u00e6\u00f0in<\/span> er einkennandi fyrir eyjar-keltneska tr\u00fa.<\/p><p>Fr\u00e6\u00f0imenn: Proinsias Mac Cana (Celtic Mythology), Patrice Colum (Legends of Ireland) fjalla um Sidhe og \u00e1lfkonur. N\u00fat\u00ed\u00f0: \u00fej\u00f3\u00f0fr\u00e6\u00f0irit Katharine Briggs og annarra.<\/p>\t\t\t\t\t\t\t\t<\/div>\n\t\t\t\t\t<\/div>\n\t\t\t\t<\/div>\n\t\t\t\t<\/div>\n\t\t\t\t\t<\/div>\n\t\t\t\t<\/div>\n\t\t<div class=\"elementor-element elementor-element-3ae0637c e-flex e-con-boxed e-con e-parent\" data-id=\"3ae0637c\" data-element_type=\"container\" data-e-type=\"container\">\n\t\t\t\t\t<div class=\"e-con-inner\">\n\t\t\t\t<div class=\"elementor-element elementor-element-31d07739 elementor-widget elementor-widget-heading\" data-id=\"31d07739\" data-element_type=\"widget\" data-e-type=\"widget\" data-widget_type=\"heading.default\">\n\t\t\t\t\t<h2 class=\"elementor-heading-title elementor-size-default\">Nafn<\/h2>\t\t\t\t<\/div>\n\t\t<div class=\"elementor-element elementor-element-b7642947 e-con-full e-flex e-con e-child\" data-id=\"b7642947\" data-element_type=\"container\" data-e-type=\"container\">\n\t\t\t\t<div class=\"elementor-element elementor-element-a086266 elementor-widget elementor-widget-text-editor\" data-id=\"a086266\" data-element_type=\"widget\" data-e-type=\"widget\" data-widget_type=\"text-editor.default\">\n\t\t\t\t\t\t\t\t\t<p>Leanan Sidhe er \u00ed \u00fdmsum heimildum og listr\u00e6num hef\u00f0um s\u00fdnd me\u00f0 \u00e1kve\u00f0num endurteknum myndr\u00e6num t\u00e1knum sem haldast tilt\u00f6lulega \u00f3breytt yfir \u00e1ratugi og landfr\u00e6\u00f0ileg sv\u00e6\u00f0i. \u00deessi t\u00e1kn eru ekki einungis skreytileg e\u00f0a tilviljunarkennd heldur dj\u00fapt t\u00e1knbundin og bera mikla merkingu.<\/p><p>\u00dea\u00f0 sem \u00edrsku sagnirnar segja um Leanan S\u00eddhe l\u00fdsir einnig verkum hennar: fegur\u00f0 hennar sem dregur a\u00f0 sk\u00e1ld og t\u00f3nlistarmenn, g\u00e1fu hennar til a\u00f0 vekja skapandi kraft og ver\u00f0i\u00f0 sem h\u00fan tekur fyrir \u00fea\u00f0, nefnilega l\u00edfst\u00edma \u00e1stmanns s\u00edns. Nafn hennar sj\u00e1lft, sem merkir \u00ed raun \u00e1lfa-\u00e1stkonan, felur \u00ed s\u00e9r \u00feetta tv\u00f6falda andlit. S\u00e1 sem kann \u00edrska sagnahef\u00f0ina skilur t\u00e1knin samstundis: listama\u00f0urinn sem brann upp ungur og skapa\u00f0i \u00ed hitas\u00f3tt var talinn b\u00e6\u00f0i f\u00f3rnarlamb hennar og hinn \u00fatvaldi. W. B. Yeats t\u00f3k upp \u00feessa t\u00falkun og l\u00fdsti henni sem m\u00fasu sem elskan t\u00e6rir. Hvert sm\u00e1atri\u00f0i \u00ed fr\u00e1s\u00f6gunum tilheyrir \u00feessari arfleiddu \u00edmynd.<\/p>\t\t\t\t\t\t\t\t<\/div>\n\t\t\t\t<\/div>\n\t\t\t\t\t<\/div>\n\t\t\t\t<\/div>\n\t\t<div class=\"elementor-element elementor-element-709a44a8 e-flex e-con-boxed e-con e-parent\" data-id=\"709a44a8\" data-element_type=\"container\" data-e-type=\"container\">\n\t\t\t\t\t<div class=\"e-con-inner\">\n\t\t\t\t<div class=\"elementor-element elementor-element-2f585873 elementor-widget elementor-widget-heading\" data-id=\"2f585873\" data-element_type=\"widget\" data-e-type=\"widget\" data-widget_type=\"heading.default\">\n\t\t\t\t\t<h2 class=\"elementor-heading-title elementor-size-default\">Einkenni<\/h2>\t\t\t\t<\/div>\n\t\t<div class=\"elementor-element elementor-element-70621c12 e-con-full e-flex e-con e-child\" data-id=\"70621c12\" data-element_type=\"container\" data-e-type=\"container\">\n\t\t\t\t<div class=\"elementor-element elementor-element-4296eb49 elementor-widget elementor-widget-text-editor\" data-id=\"4296eb49\" data-element_type=\"widget\" data-e-type=\"widget\" data-widget_type=\"text-editor.default\">\n\t\t\t\t\t\t\t\t\t<p>Leanan Sidhe var mikilv\u00e6g \u00ed tr\u00faarlegri i\u00f0kun, daglegum ath\u00f6fnum og almennum skilningi keltneskra samf\u00e9laga. F\u00f3lk leita\u00f0i til \u00feessarar veru \u00e1 erfi\u00f0um stundum l\u00edfsins e\u00f0a \u00e1 \u00e1kve\u00f0num \u00e1rst\u00ed\u00f0um tengdum tr\u00faarlegum ath\u00f6fnum, me\u00f0 skipul\u00f6g\u00f0um, oft umfangsmiklum rit\u00fa\u00f6lum, b\u00e6num e\u00f0a f\u00f3rnum.<\/p><p>Samskipti vi\u00f0 Leanan S\u00eddhe fylgdu f\u00f6stum reglum \u00ed \u00edrskum \u00fej\u00f3\u00f0s\u00f6gum: f\u00f3lk vissi a\u00f0 velvild hennar veitti innbl\u00e1stur en kosta\u00f0i l\u00edfsorku, og \u00feessi vitneskja var var\u00f0veitt innan fj\u00f6lskyldna og \u00feorpssamf\u00e9laga. \u00d3l\u00edkt hofrit\u00fa\u00f6lum voru h\u00e9r engir prestar, heldur reyndir sagnamenn og fr\u00f3\u00f0ir menn sem kenndu hvernig breg\u00f0ast skyldi vi\u00f0 \u00e1lfkonunni e\u00f0a for\u00f0ast hana.<\/p><p>\u00c1st\u00e6\u00f0an fyrir \u00fev\u00ed a\u00f0 s\u00f6gur af Leanan S\u00eddhe voru sag\u00f0ar \u00e1fram \u00e1 \u00cdrlandi um aldir var hagn\u00fdtt gagn \u00feeirra: \u00fe\u00e6r sk\u00fdr\u00f0u hvers vegna h\u00e6fileikar\u00edkir listamenn d\u00f3u oft ungir og v\u00f6ru\u00f0u samt\u00edmis vi\u00f0 samningi sem greiddur er d\u00fdru ver\u00f0i. S\u00f6gurnar h\u00f6f\u00f0u fyrirbyggjandi \u00e1hrif me\u00f0 \u00fev\u00ed a\u00f0 hvetja til var\u00fa\u00f0ar gagnvart \u00e1lfaheiminum, \u00fe\u00e6r t\u00falku\u00f0u veikindi og t\u00e6ringu og fylgdu f\u00f3lki \u00ed gegnum umbreytingu fr\u00e1 l\u00edfi til dau\u00f0a, sem kom oft fyrr til \u00e1stmanna hennar.<\/p>\t\t\t\t\t\t\t\t<\/div>\n\t\t\t\t<\/div>\n\t\t\t\t\t<\/div>\n\t\t\t\t<\/div>\n\t\t<div class=\"elementor-element elementor-element-44e71476 e-flex e-con-boxed e-con e-parent\" data-id=\"44e71476\" data-element_type=\"container\" data-e-type=\"container\">\n\t\t\t\t\t<div class=\"e-con-inner\">\n\t\t\t\t<div class=\"elementor-element elementor-element-3c1fc3f0 elementor-widget elementor-widget-heading\" data-id=\"3c1fc3f0\" data-element_type=\"widget\" data-e-type=\"widget\" data-widget_type=\"heading.default\">\n\t\t\t\t\t<h2 class=\"elementor-heading-title elementor-size-default\">Grunnuppl\u00fdsingar: Leanan Sidhe<\/h2>\t\t\t\t<\/div>\n\t\t<div class=\"elementor-element elementor-element-84f33b8e e-con-full e-flex e-con e-child\" data-id=\"84f33b8e\" data-element_type=\"container\" data-e-type=\"container\">\n\t\t\t\t<div class=\"elementor-element elementor-element-hqkdc67p elementor-widget elementor-widget-text-editor\" data-id=\"hqkdc67p\" data-element_type=\"widget\" data-e-type=\"widget\" data-widget_type=\"text-editor.default\">\n\t\t\t\t\t\t\t\t\t<p>Grunnuppl\u00fdsingarnar fjalla um Leanan Sidhe \u00ed sex \u00fe\u00e1ttum: uppruna hennar \u00ed annarheiminum og keltneskri <span class=\"iwg-fachbegriff\" data-tooltip=\"Heild var\u00f0veittra gu\u00f0asagna \u00ed tiltekinni menningu.\" tabindex=\"0\">go\u00f0afr\u00e6\u00f0i<\/span>, tengsl hennar vi\u00f0 sk\u00e1ld og listamenn, myndm\u00e1l hennar og yfirn\u00e1tt\u00farlega eiginleika, tv\u00edbent innbl\u00e1sandi og ska\u00f0andi \u00f6fl hennar, auk andlegra varnarr\u00e1\u00f0a og menningarlegra hli\u00f0st\u00e6\u00f0a. \u00deannig birtist heilsteypt mynd af \u00feessari dularfullu ja\u00f0arpers\u00f3nu.<\/p>\t\t\t\t\t\t\t\t<\/div>\n\t\t\t\t<\/div>\n\t\t<div class=\"elementor-element elementor-element-pemmx7c5 e-con-full e-flex e-con e-child\" data-id=\"pemmx7c5\" data-element_type=\"container\" data-e-type=\"container\">\n\t\t<div class=\"elementor-element elementor-element-pemmx7c1 e-con-full e-flex e-con e-child\" data-id=\"pemmx7c1\" data-element_type=\"container\" data-e-type=\"container\">\n\t\t<div class=\"elementor-element elementor-element-qh9oavvu iwg-steckbrief-card e-flex e-con-boxed e-con e-child\" data-id=\"qh9oavvu\" data-element_type=\"container\" data-e-type=\"container\">\n\t\t\t\t\t<div class=\"e-con-inner\">\n\t\t\t\t<div class=\"elementor-element elementor-element-awzx8k2k elementor-widget elementor-widget-heading\" data-id=\"awzx8k2k\" data-element_type=\"widget\" data-e-type=\"widget\" data-widget_type=\"heading.default\">\n\t\t\t\t\t<div class=\"elementor-heading-title elementor-size-default\">Uppruni<\/div>\t\t\t\t<\/div>\n\t\t\t\t<div class=\"elementor-element elementor-element-x6rowhv0 elementor-widget elementor-widget-text-editor\" data-id=\"x6rowhv0\" data-element_type=\"widget\" data-e-type=\"widget\" data-widget_type=\"text-editor.default\">\n\t\t\t\t\t\t\t\t\t<p>Leanan Sidhe kemur \u00far Handanheimum (T\u00edr na n\u00d3g, Mag Mell), \u00feeirri yfirn\u00e1tt\u00farulegu v\u00eddd \u00ed keltneskri <span class=\"iwg-fachbegriff\" data-tooltip=\"Hugmyndir um uppbyggingu og reglu heimsins innan tiltekinnar menningar.\" tabindex=\"0\">heimsfr\u00e6\u00f0i<\/span>. H\u00fan er oft talin ein af Tuatha D\u00e9 Danann e\u00f0a sj\u00e1lfst\u00e6\u00f0 \u00e1lfavera.<\/p><p>Landfr\u00e6\u00f0ilega er h\u00fan heimah\u00e6g \u00ed \u00edrskum hef\u00f0um, me\u00f0 skoskum og velskum tilbrig\u00f0um. Elstu heimildir um hana er a\u00f0 finna \u00ed sagnaflokkum fr\u00e1 8. 10. \u00f6ld sem var\u00f0veita eldra efni.<\/p>\t\t\t\t\t\t\t\t<\/div>\n\t\t\t\t\t<\/div>\n\t\t\t\t<\/div>\n\t\t<div class=\"elementor-element elementor-element-8e3o4kxs iwg-steckbrief-card e-flex e-con-boxed e-con e-child\" data-id=\"8e3o4kxs\" data-element_type=\"container\" data-e-type=\"container\">\n\t\t\t\t\t<div class=\"e-con-inner\">\n\t\t\t\t<div class=\"elementor-element elementor-element-08rkdgov elementor-widget elementor-widget-heading\" data-id=\"08rkdgov\" data-element_type=\"widget\" data-e-type=\"widget\" data-widget_type=\"heading.default\">\n\t\t\t\t\t<div class=\"elementor-heading-title elementor-size-default\">Tengt vi\u00f0<\/div>\t\t\t\t<\/div>\n\t\t\t\t<div class=\"elementor-element elementor-element-uwjelx8s elementor-widget elementor-widget-text-editor\" data-id=\"uwjelx8s\" data-element_type=\"widget\" data-e-type=\"widget\" data-widget_type=\"text-editor.default\">\n\t\t\t\t\t\t\t\t\t<p>Leanan Sidhe var \u00e1k\u00f6llu\u00f0 af sk\u00e1ldum, s\u00f6ngvurum, t\u00f3nlistarm\u00f6nnum og \u00f6\u00f0rum listam\u00f6nnum til a\u00f0 f\u00e1 innbl\u00e1stur og listr\u00e6nan snillig\u00e1fu. H\u00fan birtist fyrst og fremst karlkyns listam\u00f6nnum, s\u00e9rstaklega hersk\u00e1ldum (Fil\u00ed). D\u00fdrkun hennar er ekki skipul\u00f6g\u00f0 e\u00f0a tr\u00faarleg \u00ed hef\u00f0bundnum skilningi, heldur \u00fej\u00f3\u00f0leg og einstaklingsbundin. \u00cd sumum hef\u00f0um er reynt a\u00f0 f\u00e6ra <span class=\"iwg-fachbegriff\" data-tooltip=\"Gj\u00f6f til go\u00f0magns til a\u00f0 tj\u00e1 \u00feakkl\u00e6ti, b\u00e6n e\u00f0a lotningu.\" tabindex=\"0\">f\u00f3rnir<\/span> e\u00f0a fri\u00f0\u00fe\u00e6gingar til a\u00f0 st\u00fdra tv\u00edr\u00e6\u00f0um \u00e1hrifum hennar.<\/p>\t\t\t\t\t\t\t\t<\/div>\n\t\t\t\t\t<\/div>\n\t\t\t\t<\/div>\n\t\t<div class=\"elementor-element elementor-element-jm2n74ec iwg-steckbrief-card e-flex e-con-boxed e-con e-child\" data-id=\"jm2n74ec\" data-element_type=\"container\" data-e-type=\"container\">\n\t\t\t\t\t<div class=\"e-con-inner\">\n\t\t\t\t<div class=\"elementor-element elementor-element-8vufse4c elementor-widget elementor-widget-heading\" data-id=\"8vufse4c\" data-element_type=\"widget\" data-e-type=\"widget\" data-widget_type=\"heading.default\">\n\t\t\t\t\t<div class=\"elementor-heading-title elementor-size-default\">Framsetning<\/div>\t\t\t\t<\/div>\n\t\t\t\t<div class=\"elementor-element elementor-element-mwb9u015 elementor-widget elementor-widget-text-editor\" data-id=\"mwb9u015\" data-element_type=\"widget\" data-e-type=\"widget\" data-widget_type=\"text-editor.default\">\n\t\t\t\t\t\t\t\t\t<p>Leanan Sidhe er oft l\u00fdst sem \u00f3venju fagurri, yfirn\u00e1tt\u00farulegri konu, me\u00f0 f\u00ednni e\u00f0a lj\u00f3mandi dr\u00e6tti sem benda til \u00feess a\u00f0 h\u00fan s\u00e9 ekki mennsk. \u00cd go\u00f0s\u00f6gunum kl\u00e6\u00f0ist h\u00fan \u00e1lfakl\u00e6\u00f0um e\u00f0a glitrandi efnum. \u00cd sumum s\u00f6gum birtist h\u00fan gr\u00e6nleit e\u00f0a kl\u00e6dd d\u00fdraskinnum. H\u00fan er ung en t\u00edmalaus og \u00fatstr\u00e1lar b\u00e6\u00f0i \u00fer\u00e1 og h\u00e6ttu.<\/p>\t\t\t\t\t\t\t\t<\/div>\n\t\t\t\t\t<\/div>\n\t\t\t\t<\/div>\n\t\t\t\t<\/div>\n\t\t<div class=\"elementor-element elementor-element-pemmx7c2 e-con-full e-flex e-con e-child\" data-id=\"pemmx7c2\" data-element_type=\"container\" data-e-type=\"container\">\n\t\t<div class=\"elementor-element elementor-element-37ss2yr6 iwg-steckbrief-card e-flex e-con-boxed e-con e-child\" data-id=\"37ss2yr6\" data-element_type=\"container\" data-e-type=\"container\">\n\t\t\t\t\t<div class=\"e-con-inner\">\n\t\t\t\t<div class=\"elementor-element elementor-element-3v0wp3wx elementor-widget elementor-widget-heading\" data-id=\"3v0wp3wx\" data-element_type=\"widget\" data-e-type=\"widget\" data-widget_type=\"heading.default\">\n\t\t\t\t\t<div class=\"elementor-heading-title elementor-size-default\">Hlutverk<\/div>\t\t\t\t<\/div>\n\t\t\t\t<div class=\"elementor-element elementor-element-w3247g2m elementor-widget elementor-widget-text-editor\" data-id=\"w3247g2m\" data-element_type=\"widget\" data-e-type=\"widget\" data-widget_type=\"text-editor.default\">\n\t\t\t\t\t\t\t\t\t<strong>Verksvi\u00f0:<\/strong><p>Leanan Sidhe er dj\u00f6fulleg e\u00f0a tv\u00edr\u00e6\u00f0 vera \u00far \u00edrskri-skoskri <span class=\"iwg-fachbegriff\" data-tooltip=\"Munnleg og hef\u00f0bundin \u00fej\u00f3\u00f0menning me\u00f0 si\u00f0um, s\u00f6gum og l\u00f6gum.\" tabindex=\"0\">\u00fej\u00f3\u00f0tr\u00fa<\/span> sem verkar b\u00e6\u00f0i \u00ed \u00fej\u00e1ningu og listr\u00e6num innbl\u00e6stri. H\u00fan er m\u00fasa sk\u00e1lda og t\u00f3nlistarmanna, en ver\u00f0i\u00f0 er oft ge\u00f0veiki e\u00f0a \u00f3t\u00edmab\u00e6r dau\u00f0i hins elska\u00f0a. H\u00fan starfar \u00e1 tveimur svi\u00f0um: listr\u00e6num innbl\u00e6stri (\u00e1stard\u00e1, snillig\u00e1fa) og er\u00f3t\u00edskri gl\u00f6tun (f\u00edkn, t\u00e6ring).<\/p>\t\t\t\t\t\t\t\t<\/div>\n\t\t\t\t\t<\/div>\n\t\t\t\t<\/div>\n\t\t<div class=\"elementor-element elementor-element-0qpjal9w iwg-steckbrief-card e-flex e-con-boxed e-con e-child\" data-id=\"0qpjal9w\" data-element_type=\"container\" data-e-type=\"container\">\n\t\t\t\t\t<div class=\"e-con-inner\">\n\t\t\t\t<div class=\"elementor-element elementor-element-6ndoih0o elementor-widget elementor-widget-heading\" data-id=\"6ndoih0o\" data-element_type=\"widget\" data-e-type=\"widget\" data-widget_type=\"heading.default\">\n\t\t\t\t\t<div class=\"elementor-heading-title elementor-size-default\">V\u00f6rn gegn Leanan Sidhe<\/div>\t\t\t\t<\/div>\n\t\t\t\t<div class=\"elementor-element elementor-element-6684tyh9 elementor-widget elementor-widget-text-editor\" data-id=\"6684tyh9\" data-element_type=\"widget\" data-e-type=\"widget\" data-widget_type=\"text-editor.default\">\n\t\t\t\t\t\t\t\t\t<p>Leanan Sidhe er tv\u00edr\u00e6\u00f0: h\u00fan veitir listr\u00e6nan innbl\u00e1stur, en me\u00f0 h\u00e1u ver\u00f0i, ge\u00f0veiki, t\u00e6ringu e\u00f0a dau\u00f0a listamannsins. H\u00fan er ekki ill, en h\u00e6ttuleg.<\/p><p>Verndara\u00f0fer\u00f0ir felast \u00ed a\u00f0 takmarka samskipti e\u00f0a halda fjarl\u00e6g\u00f0 me\u00f0 hlutum \u00far j\u00e1rni og s\u00f6ngvum. Sumar hef\u00f0ir r\u00e1\u00f0leggja <span class=\"iwg-fachbegriff\" data-tooltip=\"B\u00e6nar- e\u00f0a galdram\u00e6lt \u00e1varp til go\u00f0magns e\u00f0a m\u00e1ttar.\" tabindex=\"0\">\u00e1kall<\/span> me\u00f0 vir\u00f0ingu en \u00e1n tilfinningalegrar fl\u00e6kju. N\u00fat\u00edmask\u00fdringar m\u00e6la me\u00f0 s\u00e1lfr\u00e6\u00f0ilegri vark\u00e1rni gagnvart \u00feessari \u00bbinnbl\u00e1sandi \u00fer\u00e1hyggju\u00ab.<\/p>\t\t\t\t\t\t\t\t<\/div>\n\t\t\t\t\t<\/div>\n\t\t\t\t<\/div>\n\t\t<div class=\"elementor-element elementor-element-3lfi7x32 iwg-steckbrief-card e-flex e-con-boxed e-con e-child\" data-id=\"3lfi7x32\" data-element_type=\"container\" data-e-type=\"container\">\n\t\t\t\t\t<div class=\"e-con-inner\">\n\t\t\t\t<div class=\"elementor-element elementor-element-0kg99ga1 elementor-widget elementor-widget-heading\" data-id=\"0kg99ga1\" data-element_type=\"widget\" data-e-type=\"widget\" data-widget_type=\"heading.default\">\n\t\t\t\t\t<div class=\"elementor-heading-title elementor-size-default\">Samb\u00e6rilegt<\/div>\t\t\t\t<\/div>\n\t\t\t\t<div class=\"elementor-element elementor-element-n0fum6kp elementor-widget elementor-widget-text-editor\" data-id=\"n0fum6kp\" data-element_type=\"widget\" data-e-type=\"widget\" data-widget_type=\"text-editor.default\">\n\t\t\t\t\t\t\t\t\t<p>Samb\u00e6rilegar eru gr\u00edsku M\u00fasurnar sem innbl\u00e1stursverur, en \u00fe\u00e6r eru mun minna tv\u00edr\u00e6\u00f0ar. R\u00f3mverska Libitina sem <span class=\"iwg-fachbegriff\" data-tooltip=\"\u00d3l\u00edkamleg vera sem talin er hafa \u00e1hrif \u00ed heiminum.\" tabindex=\"0\">andi<\/span> dansmeyja og dau\u00f0a. \u00cd evr\u00f3pskri <span class=\"iwg-fachbegriff\" data-tooltip=\"Munnleg og hef\u00f0bundin \u00fej\u00f3\u00f0menning me\u00f0 si\u00f0um, s\u00f6gum og l\u00f6gum.\" tabindex=\"0\">\u00fej\u00f3\u00f0tr\u00fa<\/span>: Lorelei (germ\u00f6nsk), \u00e1lfkonur mi\u00f0alda, einnig \u00edtalskar Streghe (norna\u00e1lfynjur). Ger\u00f0 \u00bbyfirn\u00e1tt\u00farulegrar \u00e1stkonu\u00ab er algeng um alla Evr\u00f3pu.<\/p>\t\t\t\t\t\t\t\t<\/div>\n\t\t\t\t\t<\/div>\n\t\t\t\t<\/div>\n\t\t\t\t<\/div>\n\t\t\t\t<\/div>\n\t\t\t\t\t<\/div>\n\t\t\t\t<\/div>\n\t\t<div class=\"elementor-element elementor-element-7533bc7a e-flex e-con-boxed e-con e-parent\" data-id=\"7533bc7a\" data-element_type=\"container\" data-e-type=\"container\">\n\t\t\t\t\t<div class=\"e-con-inner\">\n\t\t\t\t<div class=\"elementor-element elementor-element-2447d18d elementor-widget elementor-widget-heading\" data-id=\"2447d18d\" data-element_type=\"widget\" data-e-type=\"widget\" data-widget_type=\"heading.default\">\n\t\t\t\t\t<h2 class=\"elementor-heading-title elementor-size-default\">Varnir \u00ed daglegu l\u00edfi<\/h2>\t\t\t\t<\/div>\n\t\t<div class=\"elementor-element elementor-element-d5d0260c e-con-full e-flex e-con e-child\" data-id=\"d5d0260c\" data-element_type=\"container\" data-e-type=\"container\">\n\t\t\t\t<div class=\"elementor-element elementor-element-341be2ac elementor-widget elementor-widget-text-editor\" data-id=\"341be2ac\" data-element_type=\"widget\" data-e-type=\"widget\" data-widget_type=\"text-editor.default\">\n\t\t\t\t\t\t\t\t\t<p><strong>Athafnir d\u00fdrkunar og fri\u00f0\u00fe\u00e6gingar<\/strong><\/p><p>Keltnesk hef\u00f0 felur ekki \u00ed s\u00e9r beinar \u00e1kallsform\u00falur; d\u00fdrkun fer fram me\u00f0 lj\u00f3\u00f0list, t\u00f3nlist og \u00feunglyndislegri huglei\u00f0slu \u00e1 ja\u00f0arsv\u00e6\u00f0um (bakkar flj\u00f3ta, h\u00e6\u00f0ir, \u00ed lj\u00f3saskiptum).<\/p><p><strong>Galdrar og \u00e1kall<\/strong><\/p><p>Engin fastm\u00f3tu\u00f0 galdraor\u00f0 eru skjalfest; \u00e1kall birtist fremur \u00e1 \u00f3beinan h\u00e1tt \u00ed kve\u00f0skap og t\u00f3nlist.<\/p><p><strong>Verndargripir og verndarathafnir<\/strong><\/p><p>Vernd gegn Leanan Sidhe krefst skartgripa \u00far j\u00e1rni og a\u00f0 for\u00f0ast \u00e1lfasta\u00f0i \u00ed lj\u00f3saskiptum.<\/p>\t\t\t\t\t\t\t\t<\/div>\n\t\t\t\t<\/div>\n\t\t\t\t\t<\/div>\n\t\t\t\t<\/div>\n\t\t<div class=\"elementor-element elementor-element-5a584676 e-flex e-con-boxed e-con e-parent\" data-id=\"5a584676\" data-element_type=\"container\" data-e-type=\"container\">\n\t\t\t\t\t<div class=\"e-con-inner\">\n\t\t\t\t<div class=\"elementor-element elementor-element-6d0757bf elementor-widget elementor-widget-heading\" data-id=\"6d0757bf\" data-element_type=\"widget\" data-e-type=\"widget\" data-widget_type=\"heading.default\">\n\t\t\t\t\t<h2 class=\"elementor-heading-title elementor-size-default\">Leanan Sidhe, hli\u00f0st\u00e6\u00f0ur \u00ed \u00f6\u00f0rum menningarheimum<\/h2>\t\t\t\t<\/div>\n\t\t<div class=\"elementor-element elementor-element-60563f68 e-con-full e-flex e-con e-child\" data-id=\"60563f68\" data-element_type=\"container\" data-e-type=\"container\">\n\t\t\t\t<div class=\"elementor-element elementor-element-5a93fdd6 elementor-widget elementor-widget-text-editor\" data-id=\"5a93fdd6\" data-element_type=\"widget\" data-e-type=\"widget\" data-widget_type=\"text-editor.default\">\n\t\t\t\t\t\t\t\t\t<p><p><strong>Hef\u00f0 Gy\u00f0inga:<\/strong> Engin bein hli\u00f0st\u00e6\u00f0a. Fjarskyld g\u00e6ti Lilith talist, yfirn\u00e1tt\u00farulegt kvenlegt afl sem t\u00e6lir e\u00f0a ska\u00f0ar Adam \u00ed ap\u00f3kr\u00fdfum textum.<\/p><p><strong>Gr\u00edsk-r\u00f3mverski heimurinn:<\/strong> M\u00fasurnar sem innbl\u00e1stursverur listanna, en deila ekki tv\u00edr\u00e6\u00f0ni Leanan Sidhe. Hera e\u00f0a Afr\u00f3d\u00edta \u00ed hlutverki h\u00e6ttulegrar t\u00e6likonu. Einnig gr\u00edski andinn Eros\/Amor sem blindandi, tv\u00edr\u00e6\u00f0ur m\u00e1ttur.<\/p><p><strong>Mes\u00f3p\u00f3tam\u00eda:<\/strong> Innanna sem gy\u00f0ja \u00e1star og h\u00e6ttu undirheima, sem t\u00e6lir og ford\u00e6mir dau\u00f0lega. H\u00fan deilir tv\u00edr\u00e6\u00f0ni Leanan \u00e1 milli n\u00e1\u00f0ar og ey\u00f0ingar.<\/p><p><strong>Indland\/As\u00eda:<\/strong> Apsaras (himneskar dansmeyjar og t\u00e6likonur) \u00ed hind\u00faskri <span class=\"iwg-fachbegriff\" data-tooltip=\"Heildarsafn go\u00f0sagna sem var\u00f0veitt eru innan tiltekinnar menningar.\" tabindex=\"0\">go\u00f0afr\u00e6\u00f0i<\/span>, sem afvegalei\u00f0a e\u00f0a rugla vitringa. Einnig japanska Kitsune sem yfirn\u00e1tt\u00farulegur t\u00e6lari me\u00f0 tv\u00f6falt e\u00f0li, velgj\u00f6r\u00f0 og ska\u00f0a.<\/p>\t\t\t\t\t\t\t\t<\/div>\n\t\t\t\t<\/div>\n\t\t\t\t\t<\/div>\n\t\t\t\t<\/div>\n\t\t<div class=\"elementor-element elementor-element-cp1975c4c e-flex e-con-boxed e-con e-parent\" data-id=\"cp1975c4c\" data-element_type=\"container\" data-e-type=\"container\">\n\t\t\t\t\t<div class=\"e-con-inner\">\n\t\t\t\t<div class=\"elementor-element elementor-element-cp10d1e36 elementor-widget elementor-widget-heading\" data-id=\"cp10d1e36\" data-element_type=\"widget\" data-e-type=\"widget\" data-widget_type=\"heading.default\">\n\t\t\t\t\t<h2 class=\"elementor-heading-title elementor-size-default\">Heimildar\u00fdni: milli \u00fej\u00f3\u00f0legrar munnm\u00e6lahef\u00f0ar og b\u00f3kmenntalegrar m\u00f3tunar<\/h2>\t\t\t\t<\/div>\n\t\t<div class=\"elementor-element elementor-element-cp6d4a22a e-con-full e-flex e-con e-child\" data-id=\"cp6d4a22a\" data-element_type=\"container\" data-e-type=\"container\">\n\t\t\t\t<div class=\"elementor-element elementor-element-cpea9a5b2 elementor-widget elementor-widget-text-editor\" data-id=\"cpea9a5b2\" data-element_type=\"widget\" data-e-type=\"widget\" data-widget_type=\"text-editor.default\">\n\t\t\t\t\t\t\t\t\t<p>Leanan S\u00eddhe er vera \u00fear sem heimildasta\u00f0an krefst s\u00e9rstakrar var\u00fa\u00f0ar. \u00d3l\u00edkt m\u00f6rgum verum \u00far \u00edrskri <span class=\"iwg-fachbegriff\" data-tooltip=\"Heildarsafn go\u00f0sagna og gu\u00f0afr\u00e1sagna sem var\u00f0veist hafa \u00ed tiltekinni menningu.\" tabindex=\"0\">go\u00f0afr\u00e6\u00f0i<\/span> er engin mi\u00f0aldaleg b\u00f3kmenntaleg <span class=\"iwg-fachbegriff\" data-tooltip=\"Mi\u00f0lun \u00feekkingar og fr\u00e1sagna kynsl\u00f3\u00f0 fram af kynsl\u00f3\u00f0.\" tabindex=\"0\">arfs\u00f6gn<\/span> til sem \u00feekkir hana undir \u00feessu nafni og \u00ed \u00feessari afm\u00f6rku\u00f0u mynd.<\/p><p>Hugtaki\u00f0 <em>leann\u00e1n s\u00eddhe<\/em> er samsett \u00far <em>leann\u00e1n<\/em> (&#8222;elskhugi&#8220;, &#8222;\u00e1stvinur&#8220;, einnig &#8222;n\u00e1kominn f\u00f6runautur&#8220;) og <em>s\u00eddhe<\/em> (eignarfall af <em>s\u00edd<\/em>, &#8222;handanheiminum&#8220; e\u00f0a &#8222;\u00e1lfah\u00f3lnum&#8220;) og merkir b\u00f3kstaflega eitthva\u00f0 \u00ed l\u00edkingu vi\u00f0 &#8222;elskhugi handanheimsins&#8220;.<\/p><p>S\u00fa \u00fatbreidda hugmynd n\u00fat\u00edmans a\u00f0 falleg kona \u00far handanheiminum leiti s\u00e9r mannlegra listamanna sem elskhuga, veiti \u00feeim innbl\u00e1stur og t\u00e6ri um lei\u00f0 l\u00edf \u00feeirra svo \u00feeir deyi ungir og fr\u00e6gir, er \u00ed \u00feessari sk\u00fdru mynd a\u00f0 miklu leyti m\u00f3tu\u00f0 af ritmenningu n\u00edtj\u00e1ndu og fyrri hluta tuttugustu aldar.<\/p><p><span data-nosnippet>William Butler Yeats t\u00f3k veruna upp \u00ed safnrit sitt <em>Fairy and Folk Tales of the Irish Peasantry<\/em> sem kom \u00fat 1888 og gaf henni \u00e1hrifamikla b\u00f3kmenntalega mynd. Ensk-\u00edrskar b\u00f3kmenntir keltnesku endurreisnarinnar t\u00f3ku <span class=\"iwg-fachbegriff\" data-tooltip=\"Endurteki\u00f0 efnislegt stef \u00ed list e\u00f0a fr\u00e1s\u00f6gn.\" tabindex=\"0\">stefi\u00f0<\/span> fegins hendi upp \u00e1 s\u00edna arma, enda tengdi \u00fea\u00f0 saman r\u00f3mant\u00edska hugmynd um listamanninn sem f\u00f3rnar s\u00e9r fyrir list s\u00edna.<\/span><\/p><p>\u00deetta \u00fe\u00fd\u00f0ir ekki a\u00f0 Leanan S\u00eddhe s\u00e9 hrein hugarsm\u00ed\u00f0. Undirliggjandi tr\u00fa \u00e1 elskhuga \u00far handanheiminum, \u00e1 t\u00e6randi yfirn\u00e1tt\u00farlega \u00e1st og \u00e1 h\u00e6ttulegan innbl\u00e1stur er v\u00ed\u00f0a sta\u00f0fest \u00ed \u00edrskri og skoskgel\u00edskri \u00fej\u00f3\u00f0tr\u00fa.<\/p><p>En hin s\u00e9rt\u00e6ka, samfellda mynd &#8222;listam\u00fasarinnar&#8220; er sam\u00fej\u00f6ppun sem b\u00f3kmenntirnar einar m\u00f3tu\u00f0u. V\u00f6ndu\u00f0 framsetning ver\u00f0ur a\u00f0 halda \u00feessum tveimur l\u00f6gum a\u00f0greindum: hinu dreif\u00f0a <span class=\"iwg-fachbegriff\" data-tooltip=\"Var\u00f0veitt \u00fej\u00f3\u00f0menning me\u00f0 si\u00f0um, fr\u00e1s\u00f6gnum og s\u00f6ngvum.\" tabindex=\"0\">\u00fej\u00f3\u00f0sagnaefni<\/span> og hinni b\u00f3kmenntalegu samsu\u00f0u.<\/p>\t\t\t\t\t\t\t\t<\/div>\n\t\t\t\t<\/div>\n\t\t\t\t\t<\/div>\n\t\t\t\t<\/div>\n\t\t<div class=\"elementor-element elementor-element-cpbde8da4 e-flex e-con-boxed e-con e-parent\" data-id=\"cpbde8da4\" data-element_type=\"container\" data-e-type=\"container\">\n\t\t\t\t\t<div class=\"e-con-inner\">\n\t\t\t\t<div class=\"elementor-element elementor-element-cp422a771 elementor-widget elementor-widget-heading\" data-id=\"cp422a771\" data-element_type=\"widget\" data-e-type=\"widget\" data-widget_type=\"heading.default\">\n\t\t\t\t\t<h2 class=\"elementor-heading-title elementor-size-default\">V\u00ed\u00f0ara samhengi: \u00c1stvinir \u00far annarheimi \u00ed gel\u00edskri hef\u00f0<\/h2>\t\t\t\t<\/div>\n\t\t<div class=\"elementor-element elementor-element-cp2e3e3df e-con-full e-flex e-con e-child\" data-id=\"cp2e3e3df\" data-element_type=\"container\" data-e-type=\"container\">\n\t\t\t\t<div class=\"elementor-element elementor-element-cpa04c149 elementor-widget elementor-widget-text-editor\" data-id=\"cpa04c149\" data-element_type=\"widget\" data-e-type=\"widget\" data-widget_type=\"text-editor.default\">\n\t\t\t\t\t\t\t\t\t<p>\u00deegar Leanan S\u00eddhe er sett \u00ed v\u00ed\u00f0ara samhengi gel\u00edskra hugmynda um annarheim kemur tr\u00faver\u00f0ugleiki hennar sem \u00fej\u00f3\u00f0sagnavera sk\u00fdrt fram. Mi\u00f0aldab\u00f3kmenntir \u00cdra geyma fj\u00f6lda fr\u00e1sagna um <em>aithed<\/em>, brottn\u00e1m e\u00f0a fl\u00f3tta, og um \u00e1stleitni konu \u00far annarheimi til dau\u00f0legs manns.<\/p><p>\u00cd textum eins og <em>Echtrae Connlai<\/em> e\u00f0a <em>Immram Brain<\/em> b\u00fd\u00f0ur kona \u00far <em>s\u00edd<\/em> manni til annarheims; kynnin breyta l\u00edfi hans varanlega og fjarl\u00e6gja hann fr\u00e1 hinum venjulega heimi.<\/p><p>\u00deessar fr\u00e1sagnir eru ekki alltaf \u00f3gnvekjandi, en \u00fe\u00e6r eiga \u00fea\u00f0 allar sammerkt a\u00f0 snerting vi\u00f0 konuna \u00far annarheimi sl\u00edtur manninn \u00far f\u00e9lagslegri st\u00f6\u00f0u sinni. Hann glatar t\u00edmaskyni, tengslum vi\u00f0 fj\u00f6lskyldu og \u00e6ttb\u00e1lk, og oft l\u00edfinu sj\u00e1lfu.<\/p><p>Skoskgel\u00edsk <span class=\"iwg-fachbegriff\" data-tooltip=\"\u00dea\u00f0 hvernig \u00feekking og s\u00f6gur berast milli kynsl\u00f3\u00f0a.\" tabindex=\"0\">munnm\u00e6lahef\u00f0<\/span> geymir svipa\u00f0ar verur, og tr\u00fain \u00e1 yfirn\u00e1tt\u00farulegan \u00e1stvin sem f\u00e6rir b\u00e6\u00f0i g\u00e6fu og gl\u00f6tun er vel sta\u00f0fest \u00ed \u00fej\u00f3\u00f0fr\u00e6\u00f0is\u00f6fnum n\u00edtj\u00e1ndu aldar.<\/p><p>\u00cd \u00feessu lj\u00f3si birtist Leanan S\u00eddhe sem \u00e1herslubreyting \u00e1 v\u00ed\u00f0t\u00e6ku mynstri, sni\u00f0in a\u00f0 hinu s\u00e9rstaka tilviki listamannsins. \u00c1stin \u00far annarheimi, sem \u00ed fornum textum sn\u00fdr a\u00f0 konungum og hetjum, er \u00ed n\u00fat\u00edmamyndinni eignu\u00f0 sk\u00e1ldinu, t\u00f3nlistarmanninum og m\u00e1laranum. \u00dea\u00f0 h\u00e6fir t\u00edma sem setti listamanninn \u00ed sta\u00f0 hetjunnar.<\/p><p>Tr\u00faarfr\u00e6\u00f0ilega m\u00e1 lesa Leanan S\u00eddhe \u00feannig sem d\u00e6mi um hvernig fornt go\u00f0sagnamynstur er endurn\u00fdtt \u00e1 n\u00fdjum forsendum \u00ed n\u00fat\u00edmanum, \u00e1n \u00feess a\u00f0 undirliggjandi r\u00f6kfr\u00e6\u00f0i, hi\u00f0 h\u00e6ttulega skipti milli heima, breytist. Skyldar verur \u00far \u00edrskum annarheimi eru <a href=\"https:\/\/iwell-guard.com\/is\/?page_id=168632\">Banshee<\/a> og \u00edb\u00faar <a href=\"https:\/\/iwell-guard.com\/is\/?page_id=169025\">Aos S\u00ed<\/a>.<\/p>\t\t\t\t\t\t\t\t<\/div>\n\t\t\t\t<\/div>\n\t\t\t\t\t<\/div>\n\t\t\t\t<\/div>\n\t\t<div class=\"elementor-element elementor-element-cp40630f5 e-flex e-con-boxed e-con e-parent\" data-id=\"cp40630f5\" data-element_type=\"container\" data-e-type=\"container\">\n\t\t\t\t\t<div class=\"e-con-inner\">\n\t\t\t\t<div class=\"elementor-element elementor-element-cp8aa7acb elementor-widget elementor-widget-heading\" data-id=\"cp8aa7acb\" data-element_type=\"widget\" data-e-type=\"widget\" data-widget_type=\"heading.default\">\n\t\t\t\t\t<h2 class=\"elementor-heading-title elementor-size-default\">Skipti l\u00edfst\u00edma fyrir gj\u00f6f<\/h2>\t\t\t\t<\/div>\n\t\t<div class=\"elementor-element elementor-element-cp5bfbc7a e-con-full e-flex e-con e-child\" data-id=\"cp5bfbc7a\" data-element_type=\"container\" data-e-type=\"container\">\n\t\t\t\t<div class=\"elementor-element elementor-element-cp4134262 elementor-widget elementor-widget-text-editor\" data-id=\"cp4134262\" data-element_type=\"widget\" data-e-type=\"widget\" data-widget_type=\"text-editor.default\">\n\t\t\t\t\t\t\t\t\t<p>Kjarnastef Leanan S\u00eddhe-<span class=\"iwg-fachbegriff\" data-tooltip=\"Mi\u00f0lun \u00feekkingar og fr\u00e1sagna milli kynsl\u00f3\u00f0a.\" tabindex=\"0\">munnm\u00e6lahef\u00f0arinnar<\/span> er skipti: yfirn\u00e1tt\u00faruleg g\u00e1fa og fr\u00e6g\u00f0 gegn l\u00edfst\u00ed\u00f0. \u00deetta mynstur er \u00fatbreitt \u00ed samanbur\u00f0ar\u00fej\u00f3\u00f0fr\u00e6\u00f0i og bundi\u00f0 hvorki vi\u00f0 \u00cdrland n\u00e9 einangra\u00f0 \u00fear.<\/p><p>\u00dea\u00f0 tilheyrir flokki hugmynda \u00fear sem \u00f3venjulegir h\u00e6fileikar f\u00e1st ekki \u00f3keypis heldur krefjast gjalds sem oft fellur \u00ed gjalddaga seint og \u00f3umfl\u00fdjanlega.<\/p><p>\u00cd \u00edrskri \u00fatg\u00e1fu er listama\u00f0urinn sem Leanan S\u00eddhe elskar afkastamikill og gl\u00e6silegur, en eir\u00f0arlaus og skamml\u00edfur. G\u00e1fan og t\u00e6ringin eru tv\u00e6r hli\u00f0ar sama sambandsins.<\/p><p>Yeats og a\u00f0rir h\u00f6fundar \u00e1 eftir honum t\u00falku\u00f0u \u00feetta sem mynd fyrir r\u00f3mant\u00edska hugmynd um snillinginn sem ey\u00f0ir sj\u00e1lfum s\u00e9r \u00ed verki s\u00ednu. Veran bau\u00f0 upp \u00e1 go\u00f0sagnakennt tungum\u00e1l fyrir raunverulegt fyrirb\u00e6ri: snemmb\u00e6ran dau\u00f0a h\u00e6fileikar\u00edkra listamanna, sem ekki var h\u00e6gt a\u00f0 \u00fatsk\u00fdra og var \u00fev\u00ed \u00fe\u00fdtt yfir \u00e1 yfirn\u00e1tt\u00farulegt samband.<\/p><p>Athyglisvert er a\u00f0 <span class=\"iwg-fachbegriff\" data-tooltip=\"Mi\u00f0lun \u00feekkingar og fr\u00e1sagna milli kynsl\u00f3\u00f0a.\" tabindex=\"0\">munnm\u00e6lahef\u00f0in<\/span> l\u00e6tur manninum oft eftir val, sem \u00fe\u00f3 er byggt upp \u00e1 harmr\u00e6nan h\u00e1tt. S\u00e1 sem \u00feiggur \u00e1st Leanan S\u00eddhe hl\u00fdtur g\u00e1funa en missir langt l\u00edf; s\u00e1 sem hafnar henni ver\u00f0ur \u00e1fram g\u00e1fulaus.<\/p><p>\u00dea\u00f0 er enginn g\u00f3\u00f0ur endir, a\u00f0eins mismunandi tap. \u00deessi bygging tengir Leanan S\u00eddhe vi\u00f0 hinar miklu s\u00f6gur um samninginn og selda hamingju.<\/p><p>H\u00fan sker sig \u00fe\u00f3 fr\u00e1 \u00feeim a\u00f0 \u00fev\u00ed leyti a\u00f0 enginn samningur er ger\u00f0ur og engin sekt liggur fyrir: listama\u00f0urinn er elska\u00f0ur, ekki blekktur. Gjaldi\u00f0 er innbyggt \u00ed \u00e1stina sj\u00e1lfa. \u00dea\u00f0 er einmitt \u00feessi samruni \u00e1st\u00fa\u00f0ar og gl\u00f6tunar sem gerir veruna svo \u00e1hrifar\u00edka \u00ed b\u00f3kmenntum og svo l\u00e6rd\u00f3msr\u00edka fyrir tr\u00faars\u00f6gu.<\/p>\t\t\t\t\t\t\t\t<\/div>\n\t\t\t\t<\/div>\n\t\t\t\t\t<\/div>\n\t\t\t\t<\/div>\n\t\t<div class=\"elementor-element elementor-element-36dd7469 e-flex e-con-boxed e-con e-parent\" data-id=\"36dd7469\" data-element_type=\"container\" data-e-type=\"container\">\n\t\t\t\t\t<div class=\"e-con-inner\">\n\t\t\t\t<div class=\"elementor-element elementor-element-13760ab4 elementor-widget elementor-widget-heading\" data-id=\"13760ab4\" data-element_type=\"widget\" data-e-type=\"widget\" data-widget_type=\"heading.default\">\n\t\t\t\t\t<h2 class=\"elementor-heading-title elementor-size-default\">\u00cdtarefni og tenglar<\/h2>\t\t\t\t<\/div>\n\t\t<div class=\"elementor-element elementor-element-28c87796 e-con-full e-flex e-con e-child\" data-id=\"28c87796\" data-element_type=\"container\" data-e-type=\"container\">\n\t\t\t\t<div class=\"elementor-element elementor-element-5d6538df elementor-widget elementor-widget-text-editor\" data-id=\"5d6538df\" data-element_type=\"widget\" data-e-type=\"widget\" data-widget_type=\"text-editor.default\">\n\t\t\t\t\t\t\t\t\t<ul><li><a href=\"https:\/\/iwell-guard.com\/is\/?page_id=168632\">Banshee<\/a><\/li><li><a href=\"https:\/\/iwell-guard.com\/is\/?page_id=168607\">Lilith<\/a><\/li><\/ul>\t\t\t\t\t\t\t\t<\/div>\n\t\t\t\t<\/div>\n\t\t\t\t\t<\/div>\n\t\t\t\t<\/div>\n\t\t<div class=\"elementor-element elementor-element-grl4kl40 e-flex e-con-boxed e-con e-parent\" data-id=\"grl4kl40\" data-element_type=\"container\" data-e-type=\"container\">\n\t\t\t\t\t<div class=\"e-con-inner\">\n\t\t\t\t<div class=\"elementor-element elementor-element-bzsbfrmh elementor-widget elementor-widget-heading\" data-id=\"bzsbfrmh\" data-element_type=\"widget\" data-e-type=\"widget\" data-widget_type=\"heading.default\">\n\t\t\t\t\t<h2 class=\"elementor-heading-title elementor-size-default\">Heimildir og fr\u00e6\u00f0irit<\/h2>\t\t\t\t<\/div>\n\t\t<div class=\"elementor-element elementor-element-2c13224a e-con-full e-flex e-con e-child\" data-id=\"2c13224a\" data-element_type=\"container\" data-e-type=\"container\">\n\t\t\t\t<div class=\"elementor-element elementor-element-0eymh9ub elementor-widget elementor-widget-text-editor\" data-id=\"0eymh9ub\" data-element_type=\"widget\" data-e-type=\"widget\" data-widget_type=\"text-editor.default\">\n\t\t\t\t\t\t\t\t\t<ul><li><span data-nosnippet>William Butler <span class=\"iwg-fachbegriff\" tabindex=\"0\" data-tooltip=\"William Butler Yeats (1865\u20131939); \u00edrskt sk\u00e1ld og \u00fej\u00f3\u00f0fr\u00e6\u00f0ingur; f\u00e9lagi \u00ed Gullinni d\u00f6gun.\">Yeats<\/span>: <em>Fairy and Folk Tales of the Irish Peasantry<\/em>. Walter Scott, 1888.<\/span><\/li><\/ul>\t\t\t\t\t\t\t\t<\/div>\n\t\t\t\t<\/div>\n\t\t\t\t\t<\/div>\n\t\t\t\t<\/div>\n\t\t\t\t<\/div>\n\t\t","protected":false},"excerpt":{"rendered":"","protected":false},"author":3,"featured_media":1612,"parent":0,"menu_order":0,"comment_status":"closed","ping_status":"closed","template":"elementor_header_footer","meta":{"_yoast_wpseo_focuskw":"Leanan Sidhe","_yoast_wpseo_title":"Leanan Sidhe - flj\u00f3\u00f0i\u00f0 sem t\u00e6rir sk\u00e1ldin","_yoast_wpseo_metadesc":"Leanan Sidhe, \u00e1lfkonan sem elska\u00f0i \u00edrsk sk\u00e1ld: innbl\u00e1stur gegn l\u00edfsorku. \u00dej\u00f3\u00f0tr\u00fa, arfleif\u00f0 Yeats og hef\u00f0bundin varnar\u00e1\u00f0 eins og j\u00e1rn.","_yoast_wpseo_meta-robots-noindex":"","_yoast_wpseo_canonical":"","_angie_page":false,"gefaehrdungsstufe":"4","wesen_kultur":"keltisch","wesen_klasse":"geister","footnotes":""},"categories":[],"class_list":["post-168861","page","type-page","status-publish","has-post-thumbnail","hentry"],"yoast_head":"<!-- This site is optimized with the Yoast SEO Premium plugin v27.7 (Yoast SEO v28.3) - https:\/\/yoast.com\/product\/yoast-seo-premium-wordpress\/ -->\n<title>Leanan Sidhe - flj\u00f3\u00f0i\u00f0 sem t\u00e6rir sk\u00e1ldin<\/title>\n<meta name=\"description\" content=\"Leanan Sidhe, \u00e1lfkonan sem elska\u00f0i \u00edrsk sk\u00e1ld: innbl\u00e1stur gegn l\u00edfsorku. \u00dej\u00f3\u00f0tr\u00fa, arfleif\u00f0 Yeats og hef\u00f0bundin varnar\u00e1\u00f0 eins og j\u00e1rn.\" \/>\n<meta name=\"robots\" content=\"index, follow, max-snippet:-1, max-image-preview:large, max-video-preview:-1\" \/>\n<link rel=\"canonical\" href=\"https:\/\/iwell-guard.com\/is\/leanan-sidhe\/\" \/>\n<meta property=\"og:locale\" content=\"is_IS\" \/>\n<meta property=\"og:type\" content=\"article\" \/>\n<meta property=\"og:title\" content=\"Leanan Sidhe\" \/>\n<meta property=\"og:description\" content=\"Leanan Sidhe, \u00e1lfkonan sem elska\u00f0i \u00edrsk sk\u00e1ld: innbl\u00e1stur gegn l\u00edfsorku. \u00dej\u00f3\u00f0tr\u00fa, arfleif\u00f0 Yeats og hef\u00f0bundin varnar\u00e1\u00f0 eins og j\u00e1rn.\" \/>\n<meta property=\"og:url\" content=\"https:\/\/iwell-guard.com\/is\/leanan-sidhe\/\" \/>\n<meta property=\"og:site_name\" content=\"iWell Guard\" \/>\n<meta property=\"article:modified_time\" content=\"2026-09-05T14:21:22+00:00\" \/>\n<meta property=\"og:image\" content=\"https:\/\/iwell-guard.com\/wp-content\/uploads\/2026\/04\/geister_keltisch_leanan-sidhe.webp\" \/>\n\t<meta property=\"og:image:width\" content=\"1024\" \/>\n\t<meta property=\"og:image:height\" content=\"1536\" \/>\n\t<meta property=\"og:image:type\" content=\"image\/webp\" \/>\n<meta name=\"twitter:card\" content=\"summary_large_image\" \/>\n<script type=\"application\/ld+json\" class=\"yoast-schema-graph\">{\"@context\":\"https:\\\/\\\/schema.org\",\"@graph\":[{\"@type\":\"WebPage\",\"@id\":\"https:\\\/\\\/iwell-guard.com\\\/is\\\/leanan-sidhe\\\/\",\"url\":\"https:\\\/\\\/iwell-guard.com\\\/is\\\/leanan-sidhe\\\/\",\"name\":\"Leanan Sidhe - flj\u00f3\u00f0i\u00f0 sem t\u00e6rir sk\u00e1ldin\",\"isPartOf\":{\"@id\":\"https:\\\/\\\/iwell-guard.com\\\/is\\\/#website\"},\"primaryImageOfPage\":{\"@id\":\"https:\\\/\\\/iwell-guard.com\\\/is\\\/leanan-sidhe\\\/#primaryimage\"},\"image\":{\"@id\":\"https:\\\/\\\/iwell-guard.com\\\/is\\\/leanan-sidhe\\\/#primaryimage\"},\"thumbnailUrl\":\"https:\\\/\\\/iwell-guard.com\\\/wp-content\\\/uploads\\\/2026\\\/04\\\/geister_keltisch_leanan-sidhe.webp\",\"datePublished\":\"2026-09-05T14:03:35+00:00\",\"dateModified\":\"2026-09-05T14:21:22+00:00\",\"description\":\"Leanan Sidhe, \u00e1lfkonan sem elska\u00f0i \u00edrsk sk\u00e1ld: innbl\u00e1stur gegn l\u00edfsorku. \u00dej\u00f3\u00f0tr\u00fa, arfleif\u00f0 Yeats og hef\u00f0bundin varnar\u00e1\u00f0 eins og j\u00e1rn.\",\"breadcrumb\":{\"@id\":\"https:\\\/\\\/iwell-guard.com\\\/is\\\/leanan-sidhe\\\/#breadcrumb\"},\"inLanguage\":\"is\",\"potentialAction\":[{\"@type\":\"ReadAction\",\"target\":[\"https:\\\/\\\/iwell-guard.com\\\/is\\\/leanan-sidhe\\\/\"]}]},{\"@type\":\"ImageObject\",\"inLanguage\":\"is\",\"@id\":\"https:\\\/\\\/iwell-guard.com\\\/is\\\/leanan-sidhe\\\/#primaryimage\",\"url\":\"https:\\\/\\\/iwell-guard.com\\\/wp-content\\\/uploads\\\/2026\\\/04\\\/geister_keltisch_leanan-sidhe.webp\",\"contentUrl\":\"https:\\\/\\\/iwell-guard.com\\\/wp-content\\\/uploads\\\/2026\\\/04\\\/geister_keltisch_leanan-sidhe.webp\",\"width\":1024,\"height\":1536,\"caption\":\"Andar \u00far keltneskri hef\u00f0.\"},{\"@type\":\"BreadcrumbList\",\"@id\":\"https:\\\/\\\/iwell-guard.com\\\/is\\\/leanan-sidhe\\\/#breadcrumb\",\"itemListElement\":[{\"@type\":\"ListItem\",\"position\":1,\"name\":\"Start\",\"item\":\"https:\\\/\\\/iwell-guard.com\\\/is\\\/?page_id=168580\"},{\"@type\":\"ListItem\",\"position\":2,\"name\":\"Leanan Sidhe\"}]},{\"@type\":\"WebSite\",\"@id\":\"https:\\\/\\\/iwell-guard.com\\\/is\\\/#website\",\"url\":\"https:\\\/\\\/iwell-guard.com\\\/is\\\/\",\"name\":\"iWell Guard\",\"description\":\"Schutz vor dunklen Einfl\u00fcssen\",\"publisher\":{\"@id\":\"https:\\\/\\\/iwell-guard.com\\\/is\\\/#organization\"},\"potentialAction\":[{\"@type\":\"SearchAction\",\"target\":{\"@type\":\"EntryPoint\",\"urlTemplate\":\"https:\\\/\\\/iwell-guard.com\\\/is\\\/?s={search_term_string}\"},\"query-input\":{\"@type\":\"PropertyValueSpecification\",\"valueRequired\":true,\"valueName\":\"search_term_string\"}}],\"inLanguage\":\"is\"},{\"@type\":\"Organization\",\"@id\":\"https:\\\/\\\/iwell-guard.com\\\/is\\\/#organization\",\"name\":\"Ittermann electronic GmbH\",\"url\":\"https:\\\/\\\/iwell-guard.com\\\/is\\\/\",\"logo\":{\"@type\":\"ImageObject\",\"inLanguage\":\"is\",\"@id\":\"https:\\\/\\\/iwell-guard.com\\\/is\\\/#\\\/schema\\\/logo\\\/image\\\/\",\"url\":\"https:\\\/\\\/iwell-guard.com\\\/wp-content\\\/uploads\\\/2026\\\/05\\\/Ittermann-Logo-1182x237-1.png\",\"contentUrl\":\"https:\\\/\\\/iwell-guard.com\\\/wp-content\\\/uploads\\\/2026\\\/05\\\/Ittermann-Logo-1182x237-1.png\",\"width\":1182,\"height\":237,\"caption\":\"Ittermann electronic GmbH\"},\"image\":{\"@id\":\"https:\\\/\\\/iwell-guard.com\\\/is\\\/#\\\/schema\\\/logo\\\/image\\\/\"},\"sameAs\":[\"https:\\\/\\\/pantip.com\\\/profile\\\/9367242\",\"https:\\\/\\\/micro.blog\\\/iwellguard\",\"https:\\\/\\\/www.diggerslist.com\\\/iwellguard\\\/about\",\"https:\\\/\\\/skitterphoto.com\\\/photographers\\\/2870314\\\/iwell-guard\",\"https:\\\/\\\/iwellguard.wordpress.com\\\/2026\\\/06\\\/06\\\/iwell-guard\\\/\",\"https:\\\/\\\/hub.docker.com\\\/u\\\/iwellguard\",\"https:\\\/\\\/www.pinterest.com\\\/iwellguard\\\/\",\"https:\\\/\\\/bit.ly\\\/m\\\/iwellguard\",\"https:\\\/\\\/entre-vos-mains.alsace.eu\\\/profiles\\\/iwellguard\\\/activity\",\"https:\\\/\\\/gravatar.com\\\/reallybeded8fd34\",\"https:\\\/\\\/naijamatta.com\\\/iwellguard\",\"https:\\\/\\\/www.goodreads.com\\\/iwellguard\",\"https:\\\/\\\/profile.hatena.ne.jp\\\/iwellguard\\\/\",\"https:\\\/\\\/experiment.com\\\/users\\\/iwellguard\",\"https:\\\/\\\/wakelet.com\\\/@iWellGuard82270\",\"https:\\\/\\\/www.chordie.com\\\/forum\\\/profile.php?id=2555664\",\"https:\\\/\\\/www.instapaper.com\\\/p\\\/17757966\",\"https:\\\/\\\/www.mapleprimes.com\\\/users\\\/iwellguard\",\"https:\\\/\\\/businesslistingplus.com\\\/profile\\\/iwell-guard\\\/\",\"https:\\\/\\\/telegra.ph\\\/iWell-Guard-06-06\",\"https:\\\/\\\/pbase.com\\\/iwellguard\\\/iwellguard\",\"https:\\\/\\\/b.hatena.ne.jp\\\/iwellguard\\\/20260607#bookmark-4788405196491818882\",\"https:\\\/\\\/fliphtml5.com\\\/home\\\/iwellguard\",\"https:\\\/\\\/anyflip.com\\\/homepage\\\/cmiwl#About\",\"https:\\\/\\\/transfur.com\\\/Users\\\/iwellguard\",\"http:\\\/\\\/delphi.larsbo.org\\\/user\\\/iwellguard\",\"https:\\\/\\\/jobs.lajobsportal.org\\\/profiles\\\/8380803-iwell-guard\",\"https:\\\/\\\/md.chaosdorf.de\\\/s\\\/jfbe5SBdJD\",\"https:\\\/\\\/www.lingvolive.com\\\/en-us\\\/profile\\\/9ecaeaca-ce11-4e51-9e71-01d55e2bff36\\\/translations\",\"https:\\\/\\\/www.fitday.com\\\/fitness\\\/forums\\\/members\\\/iwellguard.html\",\"https:\\\/\\\/www.mymeetbook.com\\\/iwellguard\",\"https:\\\/\\\/pxhere.com\\\/en\\\/photographer-me\\\/5040798\",\"https:\\\/\\\/disqus.com\\\/by\\\/iwellguard\\\/about\\\/\",\"https:\\\/\\\/pastelink.net\\\/hjwciqwq\",\"https:\\\/\\\/pubhtml5.com\\\/homepage\\\/scjhn\\\/\",\"https:\\\/\\\/www.bitchute.com\\\/channel\\\/2O2eOKzNqujT\",\"https:\\\/\\\/audiomack.com\\\/iwellguard\"]},{\"@type\":\"Article\",\"@id\":\"https:\\\/\\\/iwell-guard.com\\\/is\\\/leanan-sidhe\\\/#article\",\"isPartOf\":{\"@id\":\"https:\\\/\\\/iwell-guard.com\\\/is\\\/leanan-sidhe\\\/\"},\"author\":{\"name\":\"Ralf Ittermann\",\"@id\":\"https:\\\/\\\/iwell-guard.com\\\/is\\\/#\\\/schema\\\/person\\\/ee2a27f1cac3406c7c6fb5820cb7349f\"},\"headline\":\"Leanan Sidhe\",\"datePublished\":\"2026-09-05T14:03:35+00:00\",\"dateModified\":\"2026-09-05T14:21:22+00:00\",\"mainEntityOfPage\":{\"@id\":\"https:\\\/\\\/iwell-guard.com\\\/is\\\/leanan-sidhe\\\/\"},\"publisher\":{\"@id\":\"https:\\\/\\\/iwell-guard.com\\\/is\\\/#organization\"},\"image\":{\"@id\":\"https:\\\/\\\/iwell-guard.com\\\/is\\\/leanan-sidhe\\\/#primaryimage\"},\"thumbnailUrl\":\"https:\\\/\\\/iwell-guard.com\\\/wp-content\\\/uploads\\\/2026\\\/04\\\/geister_keltisch_leanan-sidhe.webp\",\"inLanguage\":\"is\",\"description\":\"Leanan Sidhe, \u00e1lfkonan sem elska\u00f0i \u00edrsk sk\u00e1ld: innbl\u00e1stur gegn l\u00edfsorku. \u00dej\u00f3\u00f0tr\u00fa, arfleif\u00f0 Yeats og hef\u00f0bundin varnar\u00e1\u00f0 eins og j\u00e1rn.\"}]}<\/script>\n<!-- \/ Yoast SEO Premium plugin. -->","yoast_head_json":{"title":"Leanan Sidhe - flj\u00f3\u00f0i\u00f0 sem t\u00e6rir sk\u00e1ldin","description":"Leanan Sidhe, \u00e1lfkonan sem elska\u00f0i \u00edrsk sk\u00e1ld: innbl\u00e1stur gegn l\u00edfsorku. \u00dej\u00f3\u00f0tr\u00fa, arfleif\u00f0 Yeats og hef\u00f0bundin varnar\u00e1\u00f0 eins og j\u00e1rn.","robots":{"index":"index","follow":"follow","max-snippet":"max-snippet:-1","max-image-preview":"max-image-preview:large","max-video-preview":"max-video-preview:-1"},"canonical":"https:\/\/iwell-guard.com\/is\/leanan-sidhe\/","og_locale":"is_IS","og_type":"article","og_title":"Leanan Sidhe","og_description":"Leanan Sidhe, \u00e1lfkonan sem elska\u00f0i \u00edrsk sk\u00e1ld: innbl\u00e1stur gegn l\u00edfsorku. \u00dej\u00f3\u00f0tr\u00fa, arfleif\u00f0 Yeats og hef\u00f0bundin varnar\u00e1\u00f0 eins og j\u00e1rn.","og_url":"https:\/\/iwell-guard.com\/is\/leanan-sidhe\/","og_site_name":"iWell Guard","article_modified_time":"2026-09-05T14:21:22+00:00","og_image":[{"width":1024,"height":1536,"url":"https:\/\/iwell-guard.com\/wp-content\/uploads\/2026\/04\/geister_keltisch_leanan-sidhe.webp","type":"image\/webp"}],"twitter_card":"summary_large_image","schema":{"@context":"https:\/\/schema.org","@graph":[{"@type":"Article","@id":"https:\/\/iwell-guard.com\/is\/leanan-sidhe\/#article","isPartOf":{"@id":"https:\/\/iwell-guard.com\/is\/leanan-sidhe\/"},"author":{"name":"Ralf Ittermann","@id":"https:\/\/iwell-guard.com\/is\/#\/schema\/person\/ee2a27f1cac3406c7c6fb5820cb7349f"},"headline":"Leanan Sidhe","datePublished":"2026-09-05T14:03:35+00:00","dateModified":"2026-09-05T14:21:22+00:00","mainEntityOfPage":{"@id":"https:\/\/iwell-guard.com\/is\/leanan-sidhe\/"},"publisher":{"@id":"https:\/\/iwell-guard.com\/is\/#organization"},"image":{"@id":"https:\/\/iwell-guard.com\/is\/leanan-sidhe\/#primaryimage"},"thumbnailUrl":"https:\/\/iwell-guard.com\/wp-content\/uploads\/2026\/04\/geister_keltisch_leanan-sidhe.webp","inLanguage":"is","description":"Leanan Sidhe, \u00e1lfkonan sem elska\u00f0i \u00edrsk sk\u00e1ld: innbl\u00e1stur gegn l\u00edfsorku. \u00dej\u00f3\u00f0tr\u00fa, arfleif\u00f0 Yeats og hef\u00f0bundin varnar\u00e1\u00f0 eins og j\u00e1rn."},{"@type":"WebPage","@id":"https:\/\/iwell-guard.com\/is\/leanan-sidhe\/","url":"https:\/\/iwell-guard.com\/is\/leanan-sidhe\/","name":"Leanan Sidhe - flj\u00f3\u00f0i\u00f0 sem t\u00e6rir sk\u00e1ldin","isPartOf":{"@id":"https:\/\/iwell-guard.com\/is\/#website"},"primaryImageOfPage":{"@id":"https:\/\/iwell-guard.com\/is\/leanan-sidhe\/#primaryimage"},"image":{"@id":"https:\/\/iwell-guard.com\/is\/leanan-sidhe\/#primaryimage"},"thumbnailUrl":"https:\/\/iwell-guard.com\/wp-content\/uploads\/2026\/04\/geister_keltisch_leanan-sidhe.webp","datePublished":"2026-09-05T14:03:35+00:00","dateModified":"2026-09-05T14:21:22+00:00","description":"Leanan Sidhe, \u00e1lfkonan sem elska\u00f0i \u00edrsk sk\u00e1ld: innbl\u00e1stur gegn l\u00edfsorku. \u00dej\u00f3\u00f0tr\u00fa, arfleif\u00f0 Yeats og hef\u00f0bundin varnar\u00e1\u00f0 eins og j\u00e1rn.","breadcrumb":{"@id":"https:\/\/iwell-guard.com\/is\/leanan-sidhe\/#breadcrumb"},"inLanguage":"is","potentialAction":[{"@type":"ReadAction","target":["https:\/\/iwell-guard.com\/is\/leanan-sidhe\/"]}]},{"@type":"ImageObject","inLanguage":"is","@id":"https:\/\/iwell-guard.com\/is\/leanan-sidhe\/#primaryimage","url":"https:\/\/iwell-guard.com\/wp-content\/uploads\/2026\/04\/geister_keltisch_leanan-sidhe.webp","contentUrl":"https:\/\/iwell-guard.com\/wp-content\/uploads\/2026\/04\/geister_keltisch_leanan-sidhe.webp","width":1024,"height":1536,"caption":"Andar \u00far keltneskri hef\u00f0."},{"@type":"BreadcrumbList","@id":"https:\/\/iwell-guard.com\/is\/leanan-sidhe\/#breadcrumb","itemListElement":[{"@type":"ListItem","position":1,"name":"Start","item":"https:\/\/iwell-guard.com\/is\/?page_id=168580"},{"@type":"ListItem","position":2,"name":"Leanan Sidhe"}]},{"@type":"WebSite","@id":"https:\/\/iwell-guard.com\/is\/#website","url":"https:\/\/iwell-guard.com\/is\/","name":"iWell Guard","description":"Schutz vor dunklen Einfl\u00fcssen","publisher":{"@id":"https:\/\/iwell-guard.com\/is\/#organization"},"potentialAction":[{"@type":"SearchAction","target":{"@type":"EntryPoint","urlTemplate":"https:\/\/iwell-guard.com\/is\/?s={search_term_string}"},"query-input":{"@type":"PropertyValueSpecification","valueRequired":true,"valueName":"search_term_string"}}],"inLanguage":"is"},{"@type":"Organization","@id":"https:\/\/iwell-guard.com\/is\/#organization","name":"Ittermann electronic GmbH","url":"https:\/\/iwell-guard.com\/is\/","logo":{"@type":"ImageObject","inLanguage":"is","@id":"https:\/\/iwell-guard.com\/is\/#\/schema\/logo\/image\/","url":"https:\/\/iwell-guard.com\/wp-content\/uploads\/2026\/05\/Ittermann-Logo-1182x237-1.png","contentUrl":"https:\/\/iwell-guard.com\/wp-content\/uploads\/2026\/05\/Ittermann-Logo-1182x237-1.png","width":1182,"height":237,"caption":"Ittermann electronic GmbH"},"image":{"@id":"https:\/\/iwell-guard.com\/is\/#\/schema\/logo\/image\/"},"sameAs":["https:\/\/pantip.com\/profile\/9367242","https:\/\/micro.blog\/iwellguard","https:\/\/www.diggerslist.com\/iwellguard\/about","https:\/\/skitterphoto.com\/photographers\/2870314\/iwell-guard","https:\/\/iwellguard.wordpress.com\/2026\/06\/06\/iwell-guard\/","https:\/\/hub.docker.com\/u\/iwellguard","https:\/\/www.pinterest.com\/iwellguard\/","https:\/\/bit.ly\/m\/iwellguard","https:\/\/entre-vos-mains.alsace.eu\/profiles\/iwellguard\/activity","https:\/\/gravatar.com\/reallybeded8fd34","https:\/\/naijamatta.com\/iwellguard","https:\/\/www.goodreads.com\/iwellguard","https:\/\/profile.hatena.ne.jp\/iwellguard\/","https:\/\/experiment.com\/users\/iwellguard","https:\/\/wakelet.com\/@iWellGuard82270","https:\/\/www.chordie.com\/forum\/profile.php?id=2555664","https:\/\/www.instapaper.com\/p\/17757966","https:\/\/www.mapleprimes.com\/users\/iwellguard","https:\/\/businesslistingplus.com\/profile\/iwell-guard\/","https:\/\/telegra.ph\/iWell-Guard-06-06","https:\/\/pbase.com\/iwellguard\/iwellguard","https:\/\/b.hatena.ne.jp\/iwellguard\/20260607#bookmark-4788405196491818882","https:\/\/fliphtml5.com\/home\/iwellguard","https:\/\/anyflip.com\/homepage\/cmiwl#About","https:\/\/transfur.com\/Users\/iwellguard","http:\/\/delphi.larsbo.org\/user\/iwellguard","https:\/\/jobs.lajobsportal.org\/profiles\/8380803-iwell-guard","https:\/\/md.chaosdorf.de\/s\/jfbe5SBdJD","https:\/\/www.lingvolive.com\/en-us\/profile\/9ecaeaca-ce11-4e51-9e71-01d55e2bff36\/translations","https:\/\/www.fitday.com\/fitness\/forums\/members\/iwellguard.html","https:\/\/www.mymeetbook.com\/iwellguard","https:\/\/pxhere.com\/en\/photographer-me\/5040798","https:\/\/disqus.com\/by\/iwellguard\/about\/","https:\/\/pastelink.net\/hjwciqwq","https:\/\/pubhtml5.com\/homepage\/scjhn\/","https:\/\/www.bitchute.com\/channel\/2O2eOKzNqujT","https:\/\/audiomack.com\/iwellguard"]},{"@type":"Person","@id":"https:\/\/iwell-guard.com\/is\/#\/schema\/person\/ee2a27f1cac3406c7c6fb5820cb7349f","name":"Ralf Ittermann","image":{"@type":"ImageObject","inLanguage":"is","@id":"https:\/\/secure.gravatar.com\/avatar\/073c0153e350a5005b68eb752b445fea71f6b24a26da9449ad7e155e6b446c9d?s=96&d=mm&r=g","url":"https:\/\/secure.gravatar.com\/avatar\/073c0153e350a5005b68eb752b445fea71f6b24a26da9449ad7e155e6b446c9d?s=96&d=mm&r=g","contentUrl":"https:\/\/secure.gravatar.com\/avatar\/073c0153e350a5005b68eb752b445fea71f6b24a26da9449ad7e155e6b446c9d?s=96&d=mm&r=g","caption":"Ralf Ittermann"},"givenName":"Ralf","familyName":"Ittermann","jobTitle":"Gesch\u00e4ftsf\u00fchrer und redaktioneller Verantwortlicher","url":"https:\/\/iwell-guard.com\/is\/author\/claude\/","description":"Ralf Ittermann ist Gesch\u00e4ftsf\u00fchrer der Ittermann electronic GmbH und redaktioneller Verantwortlicher des iWell-Guard-Lexikons. Er verbindet langj\u00e4hrige Erfahrung in der Pr\u00e4zisionsfertigung mit medialer Praxis und religionsgeschichtlicher Quellenarbeit.","worksFor":{"@type":"Organization","name":"Ittermann electronic GmbH","url":"https:\/\/ittermann.de\/","address":{"@type":"PostalAddress","streetAddress":"K\u00f6hlergasse 16-18","postalCode":"99842","addressLocality":"Ruhla","addressCountry":"DE"}},"knowsAbout":["Religionsgeschichte","Mythologie","Mediale Praxis","Energetische Diagnostik","Schutzpraxis","Volksglauben","Westliche Esoterik"]},{"@type":"Article","@id":"https:\/\/iwell-guard.com\/is\/leanan-sidhe\/#article","isPartOf":{"@id":"https:\/\/iwell-guard.com\/is\/leanan-sidhe\/"},"author":{"name":"Ralf Ittermann","@id":"https:\/\/iwell-guard.com\/is\/#\/schema\/person\/ee2a27f1cac3406c7c6fb5820cb7349f"},"headline":"Leanan Sidhe","datePublished":"2026-09-05T14:03:35+00:00","dateModified":"2026-09-05T14:21:22+00:00","mainEntityOfPage":{"@id":"https:\/\/iwell-guard.com\/is\/leanan-sidhe\/"},"publisher":{"@id":"https:\/\/iwell-guard.com\/is\/#organization"},"image":{"@id":"https:\/\/iwell-guard.com\/is\/leanan-sidhe\/#primaryimage"},"thumbnailUrl":"https:\/\/iwell-guard.com\/wp-content\/uploads\/2026\/04\/geister_keltisch_leanan-sidhe.webp","inLanguage":"is","description":"Leanan Sidhe, \u00e1lfkonan sem elska\u00f0i \u00edrsk sk\u00e1ld: innbl\u00e1stur gegn l\u00edfsorku. \u00dej\u00f3\u00f0tr\u00fa, arfleif\u00f0 Yeats og hef\u00f0bundin varnar\u00e1\u00f0 eins og j\u00e1rn."}]}},"_links":{"self":[{"href":"https:\/\/iwell-guard.com\/is\/wp-json\/wp\/v2\/pages\/168861","targetHints":{"allow":["GET"]}}],"collection":[{"href":"https:\/\/iwell-guard.com\/is\/wp-json\/wp\/v2\/pages"}],"about":[{"href":"https:\/\/iwell-guard.com\/is\/wp-json\/wp\/v2\/types\/page"}],"author":[{"embeddable":true,"href":"https:\/\/iwell-guard.com\/is\/wp-json\/wp\/v2\/users\/3"}],"replies":[{"embeddable":true,"href":"https:\/\/iwell-guard.com\/is\/wp-json\/wp\/v2\/comments?post=168861"}],"version-history":[{"count":0,"href":"https:\/\/iwell-guard.com\/is\/wp-json\/wp\/v2\/pages\/168861\/revisions"}],"wp:featuredmedia":[{"embeddable":true,"href":"https:\/\/iwell-guard.com\/is\/wp-json\/wp\/v2\/media\/1612"}],"wp:attachment":[{"href":"https:\/\/iwell-guard.com\/is\/wp-json\/wp\/v2\/media?parent=168861"}],"wp:term":[{"taxonomy":"category","embeddable":true,"href":"https:\/\/iwell-guard.com\/is\/wp-json\/wp\/v2\/categories?post=168861"}],"curies":[{"name":"wp","href":"https:\/\/api.w.org\/{rel}","templated":true}]}}