{"id":168860,"date":"2026-09-05T14:03:35","date_gmt":"2026-09-05T14:03:35","guid":{"rendered":"https:\/\/iwell-guard.com\/?page_id=168860"},"modified":"2026-09-05T14:21:22","modified_gmt":"2026-09-05T14:21:22","slug":"domovoi","status":"publish","type":"page","link":"https:\/\/iwell-guard.com\/is\/domovoi\/","title":{"rendered":"Domovoi"},"content":{"rendered":"\t\t<div data-elementor-type=\"wp-page\" data-elementor-id=\"168860\" class=\"elementor elementor-168860 elementor-2188 elementor-bc-flex-widget\" data-elementor-post-type=\"page\">\n\t\t\t\t<div class=\"elementor-element elementor-element-10fdade e-flex e-con-boxed e-con e-parent\" data-id=\"10fdade\" data-element_type=\"container\" data-e-type=\"container\" data-settings=\"{&quot;background_background&quot;:&quot;classic&quot;}\">\n\t\t\t\t\t<div class=\"e-con-inner\">\n\t\t<div class=\"elementor-element elementor-element-herohlft0 e-flex e-con-boxed e-con e-child\" data-id=\"herohlft0\" data-element_type=\"container\" data-e-type=\"container\">\n\t\t\t\t\t<div class=\"e-con-inner\">\n\t\t<div class=\"elementor-element elementor-element-c3ceb64 e-con-full e-flex e-con e-child\" data-id=\"c3ceb64\" data-element_type=\"container\" data-e-type=\"container\">\n\t\t\t\t<div class=\"elementor-element elementor-element-96ae5e1 elementor-widget elementor-widget-heading\" data-id=\"96ae5e1\" data-element_type=\"widget\" data-e-type=\"widget\" data-widget_type=\"heading.default\">\n\t\t\t\t\t<h1 class=\"elementor-heading-title elementor-size-default\">Domovoi, andi \u00far slavneskri hef\u00f0<\/h1>\t\t\t\t<\/div>\n\t\t\t\t<div class=\"elementor-element elementor-element-e45238a elementor-widget elementor-widget-text-editor\" data-id=\"e45238a\" data-element_type=\"widget\" data-e-type=\"widget\" data-widget_type=\"text-editor.default\">\n\t\t\t\t\t\t\t\t\t<p>Domovoi (\u0434\u043e\u043c\u043e\u0432\u043e\u0439) er heimilisandi slavneskrar hef\u00f0ar sem vakir yfir heimilinu og heimilisf\u00f3lkinu. Hann er tigna\u00f0ur sem f\u00f6\u00f0urleg, verndandi vera sem f\u00e6rir heimilinu velmegun og \u00f6ryggi, s\u00e9 hann virtur og honum s\u00fdnd tilhl\u00fd\u00f0ileg umgengni. Sem arinv\u00f6r\u00f0ur er hann s\u00e9rstaklega bundinn arninum og \u00fer\u00f6skuldi h\u00fasins.\t\t\t\t\t\t\t\t<\/div>\n\t\t\t\t<\/div>\n\t\t<div class=\"elementor-element elementor-element-klsbdg01 e-con-full e-flex e-con e-parent\" data-id=\"klsbdg01\" data-element_type=\"container\" data-e-type=\"container\">\n\t\t\t\t<div class=\"elementor-element elementor-element-klshtm01 elementor-widget elementor-widget-html\" data-id=\"klshtm01\" data-element_type=\"widget\" data-e-type=\"widget\" data-widget_type=\"html.default\">\n\t\t\t\t\t<div class=\"iwg-pill-row\"><span class=\"iwg-klasse-badge\" tabindex=\"0\" data-tooltip=\"Andi: \u00d3l\u00edkamleg e\u00f0a h\u00e1lfl\u00edkamleg vera, hinir framli\u00f0nir, n\u00e1tt\u00faruv\u00e6ttir, heimilisandar e\u00f0a \u00fer\u00f6skuldsver\u00f0ir. Verkar \u00ed hversdagsl\u00edfinu, oft bundinn st\u00f6\u00f0um e\u00f0a fj\u00f6lskyldum.\">Andi<\/span><a href=\"https:\/\/iwell-guard.com\/is\/?page_id=168616\" class=\"iwg-kultur-badge\" tabindex=\"0\" data-tooltip=\"Slavnesk go\u00f0afr\u00e6\u00f0i og \u00fej\u00f3\u00f0tr\u00fa, kristnu\u00f0 a\u00f0 hluta fr\u00e1 10. \u00f6ld.\">Slavneskt<\/a><\/div>\t\t\t\t<\/div>\n\t\t\t\t<\/div>\n\t\t<div class=\"elementor-element elementor-element-3f74855 e-con-full e-flex e-con e-child\" data-id=\"3f74855\" data-element_type=\"container\" data-e-type=\"container\">\n\t\t\t\t<div class=\"elementor-element elementor-element-1c30362 elementor-toc--minimized-on-tablet elementor-widget elementor-widget-table-of-contents\" data-id=\"1c30362\" data-element_type=\"widget\" data-e-type=\"widget\" data-settings=\"{&quot;exclude_headings_by_selector&quot;:[],&quot;no_headings_message&quot;:&quot;Engar undirfyrirsagnir fundust \\u00e1 \\u00feessari s\\u00ed\\u00f0u.&quot;,&quot;headings_by_tags&quot;:[&quot;h2&quot;,&quot;h3&quot;],&quot;marker_view&quot;:&quot;bullets&quot;,&quot;minimize_box&quot;:&quot;yes&quot;,&quot;icon&quot;:{&quot;value&quot;:&quot;fas fa-circle&quot;,&quot;library&quot;:&quot;fa-solid&quot;,&quot;rendered_tag&quot;:&quot;&lt;svg class=\\&quot;e-font-icon-svg e-fas-circle\\&quot; viewBox=\\&quot;0 0 512 512\\&quot; xmlns=\\&quot;http:\\\/\\\/www.w3.org\\\/2000\\\/svg\\&quot;&gt;&lt;path d=\\&quot;M256 8C119 8 8 119 8 256s111 248 248 248 248-111 248-248S393 8 256 8z\\&quot;&gt;&lt;\\\/path&gt;&lt;\\\/svg&gt;&quot;},&quot;minimized_on&quot;:&quot;tablet&quot;,&quot;hierarchical_view&quot;:&quot;yes&quot;,&quot;min_height&quot;:{&quot;unit&quot;:&quot;px&quot;,&quot;size&quot;:&quot;&quot;,&quot;sizes&quot;:[]},&quot;min_height_tablet&quot;:{&quot;unit&quot;:&quot;px&quot;,&quot;size&quot;:&quot;&quot;,&quot;sizes&quot;:[]},&quot;min_height_mobile&quot;:{&quot;unit&quot;:&quot;px&quot;,&quot;size&quot;:&quot;&quot;,&quot;sizes&quot;:[]}}\" data-widget_type=\"table-of-contents.default\">\n\t\t\t\t\t\t\t\t\t<div class=\"elementor-toc__header\">\n\t\t\t\t\t\t<h2 class=\"elementor-toc__header-title\">\n\t\t\t\tEfnisyfirlit\t\t\t<\/h2>\n\t\t\t\t\t\t\t\t\t\t<div class=\"elementor-toc__toggle-button elementor-toc__toggle-button--expand\" role=\"button\" tabindex=\"0\" aria-controls=\"elementor-toc__1c30362\" aria-expanded=\"true\" aria-label=\"Open table of contents\"><svg aria-hidden=\"true\" class=\"e-font-icon-svg e-fas-chevron-down\" viewBox=\"0 0 448 512\" xmlns=\"http:\/\/www.w3.org\/2000\/svg\"><path d=\"M207.029 381.476L12.686 187.132c-9.373-9.373-9.373-24.569 0-33.941l22.667-22.667c9.357-9.357 24.522-9.375 33.901-.04L224 284.505l154.745-154.021c9.379-9.335 24.544-9.317 33.901.04l22.667 22.667c9.373 9.373 9.373 24.569 0 33.941L240.971 381.476c-9.373 9.372-24.569 9.372-33.942 0z\"><\/path><\/svg><\/div>\n\t\t\t\t<div class=\"elementor-toc__toggle-button elementor-toc__toggle-button--collapse\" role=\"button\" tabindex=\"0\" aria-controls=\"elementor-toc__1c30362\" aria-expanded=\"true\" aria-label=\"Close table of contents\"><svg aria-hidden=\"true\" class=\"e-font-icon-svg e-fas-chevron-up\" viewBox=\"0 0 448 512\" xmlns=\"http:\/\/www.w3.org\/2000\/svg\"><path d=\"M240.971 130.524l194.343 194.343c9.373 9.373 9.373 24.569 0 33.941l-22.667 22.667c-9.357 9.357-24.522 9.375-33.901.04L224 227.495 69.255 381.516c-9.379 9.335-24.544 9.317-33.901-.04l-22.667-22.667c-9.373-9.373-9.373-24.569 0-33.941L207.03 130.525c9.372-9.373 24.568-9.373 33.941-.001z\"><\/path><\/svg><\/div>\n\t\t\t\t\t<\/div>\n\t\t\t\t<div id=\"elementor-toc__1c30362\" class=\"elementor-toc__body\">\n\t\t\t<div class=\"elementor-toc__spinner-container\">\n\t\t\t\t<svg class=\"elementor-toc__spinner eicon-animation-spin e-font-icon-svg e-eicon-loading\" aria-hidden=\"true\" viewBox=\"0 0 1000 1000\" xmlns=\"http:\/\/www.w3.org\/2000\/svg\"><path d=\"M500 975V858C696 858 858 696 858 500S696 142 500 142 142 304 142 500H25C25 237 238 25 500 25S975 237 975 500 763 975 500 975Z\"><\/path><\/svg>\t\t\t<\/div>\n\t\t<\/div>\n\t\t\t\t\t\t<\/div>\n\t\t\t\t<\/div>\n\t\t\t\t\t<\/div>\n\t\t\t\t<\/div>\n\t\t<div class=\"elementor-element elementor-element-herorght0 e-con-full e-flex e-con e-child\" data-id=\"herorght0\" data-element_type=\"container\" data-e-type=\"container\">\n\t\t\t\t<div class=\"elementor-element elementor-element-heroimg00 iwg-hero-image elementor-widget elementor-widget-image\" data-id=\"heroimg00\" data-element_type=\"widget\" data-e-type=\"widget\" data-widget_type=\"image.default\">\n\t\t\t\t\t\t\t\t\t\t\t\t\t\t\t<img fetchpriority=\"high\" decoding=\"async\" width=\"683\" height=\"1024\" src=\"https:\/\/iwell-guard.com\/wp-content\/uploads\/2026\/04\/geister_slawisch_domovoi-683x1024.webp\" class=\"attachment-large size-large wp-image-171053\" alt=\"Domovoi - Andar \u00far slavneskri hef\u00f0, s\u00f6guleg-myndr\u00e6n framsetning\" srcset=\"https:\/\/iwell-guard.com\/wp-content\/uploads\/2026\/04\/geister_slawisch_domovoi-683x1024.webp 683w, https:\/\/iwell-guard.com\/wp-content\/uploads\/2026\/04\/geister_slawisch_domovoi-200x300.webp 200w, https:\/\/iwell-guard.com\/wp-content\/uploads\/2026\/04\/geister_slawisch_domovoi-768x1152.webp 768w, https:\/\/iwell-guard.com\/wp-content\/uploads\/2026\/04\/geister_slawisch_domovoi.webp 1024w\" sizes=\"(max-width: 683px) 100vw, 683px\" \/>\t\t\t\t\t\t\t\t\t\t\t\t\t\t\t<\/div>\n\t\t\t\t<\/div>\n\t\t\t\t\t<\/div>\n\t\t\t\t<\/div>\n\t\t<div class=\"elementor-element elementor-element-32917199 e-flex e-con-boxed e-con e-parent\" data-id=\"32917199\" data-element_type=\"container\" data-e-type=\"container\">\n\t\t\t\t\t<div class=\"e-con-inner\">\n\t\t<div class=\"elementor-element elementor-element-26e916cb e-flex e-con-boxed e-con e-child\" data-id=\"26e916cb\" data-element_type=\"container\" data-e-type=\"container\">\n\t\t\t\t\t<div class=\"e-con-inner\">\n\t\t<div class=\"elementor-element elementor-element-253a40d4 e-flex e-con-boxed e-con e-child\" data-id=\"253a40d4\" data-element_type=\"container\" data-e-type=\"container\">\n\t\t\t\t\t<div class=\"e-con-inner\">\n\t\t\t\t<div class=\"elementor-element elementor-element-1200c304 elementor-widget elementor-widget-heading\" data-id=\"1200c304\" data-element_type=\"widget\" data-e-type=\"widget\" data-widget_type=\"heading.default\">\n\t\t\t\t\t<h2 class=\"elementor-heading-title elementor-size-default\">Domovoi<\/h2>\t\t\t\t<\/div>\n\t\t\t\t<div class=\"elementor-element elementor-element-11758e7f elementor-widget elementor-widget-text-editor\" data-id=\"11758e7f\" data-element_type=\"widget\" data-e-type=\"widget\" data-widget_type=\"text-editor.default\">\n\t\t\t\t\t\t\t\t\t<p>Domovoi er s\u00fdndur sem gamall, h\u00e6r\u00f0ur ma\u00f0ur sem lifir \u00f3s\u00fdnilegur \u00ed h\u00fasinu og vakir yfir velmegun, b\u00faf\u00e9na\u00f0i og fj\u00f6lskyldu. Hann getur gefi\u00f0 hj\u00e1lpleg var\u00fa\u00f0armerki (l\u00e6ti \u00e1 n\u00f3ttunni fyrir h\u00e6ttu), hl\u00fa\u00f0 a\u00f0 b\u00faf\u00e9na\u00f0inum e\u00f0a ska\u00f0a\u00f0 hann.<\/p><p>\u00d3l\u00edkt illum dj\u00f6flum er Domovoi tryggur heimilis<span class=\"iwg-fachbegriff\" data-tooltip=\"\u00d3l\u00edkamleg vera sem talin er hafa \u00e1hrif \u00ed heiminum.\" tabindex=\"0\">andi<\/span>: \u00deeir sem s\u00fdna honum vir\u00f0ingu og gefa honum f\u00e6\u00f0u nj\u00f3ta verndar hans, en \u00feeir sem m\u00f3\u00f0ga hann ver\u00f0a fyrir tj\u00f3ni. E\u00f0li hans er f\u00f6\u00f0urlegt og hef\u00f0bundi\u00f0, hann k\u00fds reglu, si\u00f0fer\u00f0i og vir\u00f0ingu. Domovoi m\u00e1 skilja sem sj\u00e1lfa pers\u00f3nugervingu heimilisins.<\/p>\t\t\t\t\t\t\t\t<\/div>\n\t\t\t\t\t<\/div>\n\t\t\t\t<\/div>\n\t\t<div class=\"elementor-element elementor-element-159dcf9a e-flex e-con-boxed e-con e-child\" data-id=\"159dcf9a\" data-element_type=\"container\" data-e-type=\"container\">\n\t\t\t\t\t<div class=\"e-con-inner\">\n\t\t\t\t<div class=\"elementor-element elementor-element-48cee66f elementor-widget elementor-widget-heading\" data-id=\"48cee66f\" data-element_type=\"widget\" data-e-type=\"widget\" data-widget_type=\"heading.default\">\n\t\t\t\t\t<h2 class=\"elementor-heading-title elementor-size-default\">Stutt yfirlit: Domovoi<\/h2>\t\t\t\t<\/div>\n\t\t\t\t<div class=\"elementor-element elementor-element-3f50d82c elementor-widget elementor-widget-text-editor\" data-id=\"3f50d82c\" data-element_type=\"widget\" data-e-type=\"widget\" data-widget_type=\"text-editor.default\">\n\t\t\t\t\t\t\t\t\t<p>Domovoi er vel skjalfestur \u00ed slavneskum <span class=\"iwg-fachbegriff\" data-tooltip=\"Hef\u00f0bundin \u00fej\u00f3\u00f0menning me\u00f0 si\u00f0um, s\u00f6gum og s\u00f6ngvum.\" tabindex=\"0\">\u00fej\u00f3\u00f0tr\u00faar<\/span>s\u00f6fnum (Afanasjew, Maximow, S\u00e9chan), s\u00f6mulei\u00f0is \u00ed \u00fej\u00f3\u00f0h\u00e1ttafr\u00e6\u00f0ilegum ranns\u00f3knum 19. og 20. aldar. \u00datbrei\u00f0slan er pan-slavnesk: R\u00fassland, \u00dakra\u00edna, Serb\u00eda, P\u00f3lland.<\/p><p>B\u00f3kmenntalegar tilv\u00edsanir finnast \u00ed r\u00fassneskum s\u00f6gum og \u00e6vint\u00fdrum (t.d. verkum Pushkins). Nora Chadwick og Linda J. Ivanits skjalfesta Domovoi-tignun allt fram til n\u00fat\u00edmans. \u00d3l\u00edkt kirkjulegum d\u00fdrlingum er Domovoi \u00fer\u00e1l\u00e1t fyrirkristin vera \u00ed \u00fej\u00f3\u00f0tr\u00faari\u00f0kun.<\/p>\t\t\t\t\t\t\t\t<\/div>\n\t\t\t\t\t<\/div>\n\t\t\t\t<\/div>\n\t\t\t\t\t<\/div>\n\t\t\t\t<\/div>\n\t\t\t\t\t<\/div>\n\t\t\t\t<\/div>\n\t\t<div class=\"elementor-element elementor-element-18613602 e-flex e-con-boxed e-con e-parent\" data-id=\"18613602\" data-element_type=\"container\" data-e-type=\"container\">\n\t\t\t\t\t<div class=\"e-con-inner\">\n\t\t\t\t<div class=\"elementor-element elementor-element-262b8a9f elementor-widget elementor-widget-heading\" data-id=\"262b8a9f\" data-element_type=\"widget\" data-e-type=\"widget\" data-widget_type=\"heading.default\">\n\t\t\t\t\t<h2 class=\"elementor-heading-title elementor-size-default\">Yfirlit<\/h2>\t\t\t\t<\/div>\n\t\t<div class=\"elementor-element elementor-element-46dcb7d e-con-full e-flex e-con e-child\" data-id=\"46dcb7d\" data-element_type=\"container\" data-e-type=\"container\">\n\t\t<div class=\"elementor-element elementor-element-61d3ab3 e-flex e-con-boxed e-con e-child\" data-id=\"61d3ab3\" data-element_type=\"container\" data-e-type=\"container\">\n\t\t\t\t\t<div class=\"e-con-inner\">\n\t\t\t\t<div class=\"elementor-element elementor-element-117c166 elementor-widget elementor-widget-heading\" data-id=\"117c166\" data-element_type=\"widget\" data-e-type=\"widget\" data-widget_type=\"heading.default\">\n\t\t\t\t\t<div class=\"elementor-heading-title elementor-size-default\">T\u00edmabil textanna<\/div>\t\t\t\t<\/div>\n\t\t\t\t<div class=\"elementor-element elementor-element-73997a0 elementor-widget elementor-widget-text-editor\" data-id=\"73997a0\" data-element_type=\"widget\" data-e-type=\"widget\" data-widget_type=\"text-editor.default\">\n\t\t\t\t\t\t\t\t\t<p>Domovoi er nefndur \u00ed slavneskum \u00fej\u00f3\u00f0hef\u00f0um allt fr\u00e1 10. \u00f6ld, mun samfelldar en st\u00e6rri gu\u00f0ir \u00ed ritu\u00f0um heimildum.<\/p><p>Samfella hans er athyglisver\u00f0: allt fram \u00e1 20. \u00f6ld bi\u00f0u konur til Domovoi og \u00ed sumum \u00feorpum gerist \u00fea\u00f0 enn \u00ed dag. R\u00e6tur hans liggja a\u00f0 \u00f6llum l\u00edkindum \u00ed ind\u00f3evr\u00f3pskum hef\u00f0um heimilisanda, en \u00fe\u00e6r hafa m\u00f3tast \u00ed samfellda i\u00f0kun s\u00e9rstaklega \u00e1 slavnesku sv\u00e6\u00f0i.<\/p>\t\t\t\t\t\t\t\t<\/div>\n\t\t\t\t\t<\/div>\n\t\t\t\t<\/div>\n\t\t<div class=\"elementor-element elementor-element-d47b156 e-flex e-con-boxed e-con e-child\" data-id=\"d47b156\" data-element_type=\"container\" data-e-type=\"container\">\n\t\t\t\t\t<div class=\"e-con-inner\">\n\t\t\t\t<div class=\"elementor-element elementor-element-ff38c2b elementor-widget elementor-widget-heading\" data-id=\"ff38c2b\" data-element_type=\"widget\" data-e-type=\"widget\" data-widget_type=\"heading.default\">\n\t\t\t\t\t<div class=\"elementor-heading-title elementor-size-default\">\u00datbrei\u00f0slusv\u00e6\u00f0i<\/div>\t\t\t\t<\/div>\n\t\t\t\t<div class=\"elementor-element elementor-element-4e49fcc elementor-widget elementor-widget-text-editor\" data-id=\"4e49fcc\" data-element_type=\"widget\" data-e-type=\"widget\" data-widget_type=\"text-editor.default\">\n\t\t\t\t\t\t\t\t\t<p>Domovoi var alhli\u00f0a \u00ed slavneska heiminum, fr\u00e1 K\u00e6nugar\u00f0i til Novgorod, fr\u00e1 b\u00e6ndab\u00fdlum til furstahalla. \u00c1 hverju heimili var einn, og hver fj\u00f6lskylda r\u00e6kta\u00f0i sitt eigi\u00f0 samband vi\u00f0 hann. Hugmyndin var ekki sv\u00e6\u00f0isbundin, heldur undravert samr\u00e6md yfir miklar vegalengdir: sami heimilisandi me\u00f0 s\u00f6mu v\u00e6ntingar hvarvetna.<\/p>\t\t\t\t\t\t\t\t<\/div>\n\t\t\t\t\t<\/div>\n\t\t\t\t<\/div>\n\t\t\t\t<\/div>\n\t\t<div class=\"elementor-element elementor-element-db03c39 e-con-full e-flex e-con e-child\" data-id=\"db03c39\" data-element_type=\"container\" data-e-type=\"container\">\n\t\t<div class=\"elementor-element elementor-element-229a87b e-flex e-con-boxed e-con e-child\" data-id=\"229a87b\" data-element_type=\"container\" data-e-type=\"container\">\n\t\t\t\t\t<div class=\"e-con-inner\">\n\t\t\t\t<div class=\"elementor-element elementor-element-1f471fc elementor-widget elementor-widget-heading\" data-id=\"1f471fc\" data-element_type=\"widget\" data-e-type=\"widget\" data-widget_type=\"heading.default\">\n\t\t\t\t\t<div class=\"elementor-heading-title elementor-size-default\">Heimildasta\u00f0a<\/div>\t\t\t\t<\/div>\n\t\t\t\t<div class=\"elementor-element elementor-element-36b1201 elementor-widget elementor-widget-text-editor\" data-id=\"36b1201\" data-element_type=\"widget\" data-e-type=\"widget\" data-widget_type=\"text-editor.default\">\n\t\t\t\t\t\t\t\t\t<p>Rita\u00f0ar heimildir eru brotakenndar (nefndar \u00ed ann\u00e1lum, deiluritum kristinna klerka), en \u00fej\u00f3\u00f0hef\u00f0in er samfelld og lifandi. \u00dej\u00f3\u00f0h\u00e1ttafr\u00e6\u00f0ileg s\u00f6fn fr\u00e1 19. og 20. \u00f6ld skjalfesta Domovoi-i\u00f0kun \u00ed sm\u00e1atri\u00f0um. Fornleifafr\u00e6\u00f0ilegar v\u00edsbendingar eru f\u00e1ar, en samhlj\u00f3mur er me\u00f0al slavneskufr\u00e6\u00f0inga um a\u00f0 \u00feessi <span class=\"iwg-fachbegriff\" data-tooltip=\"\u00d3l\u00edkamleg vera sem talin er hafa \u00e1hrif \u00ed heiminum.\" tabindex=\"0\">andi<\/span> hafi veri\u00f0 forn og mikilv\u00e6g f\u00edg\u00fara.<\/p>\t\t\t\t\t\t\t\t<\/div>\n\t\t\t\t\t<\/div>\n\t\t\t\t<\/div>\n\t\t\t\t<\/div>\n\t\t\t\t\t<\/div>\n\t\t\t\t<\/div>\n\t\t<div class=\"elementor-element elementor-element-3ae0637c e-flex e-con-boxed e-con e-parent\" data-id=\"3ae0637c\" data-element_type=\"container\" data-e-type=\"container\">\n\t\t\t\t\t<div class=\"e-con-inner\">\n\t\t\t\t<div class=\"elementor-element elementor-element-31d07739 elementor-widget elementor-widget-heading\" data-id=\"31d07739\" data-element_type=\"widget\" data-e-type=\"widget\" data-widget_type=\"heading.default\">\n\t\t\t\t\t<h2 class=\"elementor-heading-title elementor-size-default\">Nafn og afbrig\u00f0i<\/h2>\t\t\t\t<\/div>\n\t\t<div class=\"elementor-element elementor-element-b7642947 e-con-full e-flex e-con e-child\" data-id=\"b7642947\" data-element_type=\"container\" data-e-type=\"container\">\n\t\t\t\t<div class=\"elementor-element elementor-element-a086266 elementor-widget elementor-widget-text-editor\" data-id=\"a086266\" data-element_type=\"widget\" data-e-type=\"widget\" data-widget_type=\"text-editor.default\">\n\t\t\t\t\t\t\t\t\t<p>Domovoi er s\u00fdndur sem forn, sterk vera, oft me\u00f0 eldlegum augum, l\u00f6ngu hv\u00edtu e\u00f0a rau\u00f0leitu h\u00e1ri og \u00fe\u00e9ttu skeggi. Sums sta\u00f0ar sv\u00edfur hann yfir arineldinum, sums sta\u00f0ar sest hann \u00f3s\u00fdnilegur \u00ed horn h\u00fasins.<\/p><p>\u00cd draumum birtist hann oft mannlegri, sums sta\u00f0ar sem d\u00fdr (k\u00f6ttur, hundur) e\u00f0a sem hrein orkur\u00e1s. Hi\u00f0 helga <span class=\"iwg-fachbegriff\" data-tooltip=\"T\u00e1kn sem stendur fyrir hugmynd e\u00f0a merkingu.\" tabindex=\"0\">t\u00e1kn<\/span> er arineldurinn sj\u00e1lfur, sta\u00f0urinn \u00fear sem Domovoi dvelur og er sterkastur. N\u00e6rvera hans er greind \u00e1 sm\u00e1v\u00e6gilegum hreyfingum: bank \u00e1 n\u00f3ttunni, hl\u00fdtt loft, tilfinning um athygla n\u00e6rveru.<\/p>\t\t\t\t\t\t\t\t<\/div>\n\t\t\t\t<\/div>\n\t\t\t\t\t<\/div>\n\t\t\t\t<\/div>\n\t\t<div class=\"elementor-element elementor-element-709a44a8 e-flex e-con-boxed e-con e-parent\" data-id=\"709a44a8\" data-element_type=\"container\" data-e-type=\"container\">\n\t\t\t\t\t<div class=\"e-con-inner\">\n\t\t\t\t<div class=\"elementor-element elementor-element-2f585873 elementor-widget elementor-widget-heading\" data-id=\"2f585873\" data-element_type=\"widget\" data-e-type=\"widget\" data-widget_type=\"heading.default\">\n\t\t\t\t\t<h2 class=\"elementor-heading-title elementor-size-default\">Einkenni<\/h2>\t\t\t\t<\/div>\n\t\t<div class=\"elementor-element elementor-element-70621c12 e-con-full e-flex e-con e-child\" data-id=\"70621c12\" data-element_type=\"container\" data-e-type=\"container\">\n\t\t\t\t<div class=\"elementor-element elementor-element-4296eb49 elementor-widget elementor-widget-text-editor\" data-id=\"4296eb49\" data-element_type=\"widget\" data-e-type=\"widget\" data-widget_type=\"text-editor.default\">\n\t\t\t\t\t\t\t\t\t<p>Domovoi var v\u00f6r\u00f0ur og trygging heimilis velmegunar. Mj\u00f3lk og brau\u00f0 var sett fyrir hann \u00ed eldh\u00fasinu og fannst oft t\u00f3mt \u00e1 morgnana, sem \u00fe\u00f3tti g\u00f3\u00f0s viti. Hann vara\u00f0i vi\u00f0 eldsvo\u00f0a me\u00f0 n\u00e6turl\u00e1tum sem hann olli \u00e1\u00f0ur en raunverulegar h\u00f6rmungar dundu yfir.<\/p><p>Me\u00f0 sk\u00f6rpu augnar\u00e1\u00f0i m\u00e1tti sj\u00e1 hann, og \u00feeir sem s\u00e1u hann s\u00e1u oft skeggja\u00f0 andlit me\u00f0 eldlegum augum. N\u00fd h\u00fas kr\u00f6f\u00f0ust h\u00fasv\u00edgslu: h\u00fasb\u00f3ndinn kalla\u00f0i \u00e1 Domovoi og bau\u00f0 honum sta\u00f0 vi\u00f0 arininn.<\/p><p>\u00deegar h\u00fas var yfirgefi\u00f0, var Domovoi fluttur me\u00f0, sums sta\u00f0ar \u00ed formi kola\u00f6sku sem tekin var \u00ed n\u00fdja h\u00fasi\u00f0.<\/p>\t\t\t\t\t\t\t\t<\/div>\n\t\t\t\t<\/div>\n\t\t\t\t\t<\/div>\n\t\t\t\t<\/div>\n\t\t<div class=\"elementor-element elementor-element-44e71476 e-flex e-con-boxed e-con e-parent\" data-id=\"44e71476\" data-element_type=\"container\" data-e-type=\"container\">\n\t\t\t\t\t<div class=\"e-con-inner\">\n\t\t\t\t<div class=\"elementor-element elementor-element-3c1fc3f0 elementor-widget elementor-widget-heading\" data-id=\"3c1fc3f0\" data-element_type=\"widget\" data-e-type=\"widget\" data-widget_type=\"heading.default\">\n\t\t\t\t\t<h2 class=\"elementor-heading-title elementor-size-default\">Yfirlit: Domovoi<\/h2>\t\t\t\t<\/div>\n\t\t<div class=\"elementor-element elementor-element-84f33b8e e-con-full e-flex e-con e-child\" data-id=\"84f33b8e\" data-element_type=\"container\" data-e-type=\"container\">\n\t\t\t\t<div class=\"elementor-element elementor-element-hqkdc67p elementor-widget elementor-widget-text-editor\" data-id=\"hqkdc67p\" data-element_type=\"widget\" data-e-type=\"widget\" data-widget_type=\"text-editor.default\">\n\t\t\t\t\t\t\t\t\t<p>Yfirliti\u00f0 s\u00fdnir Domovoi \u00ed sex v\u00edddum: uppruna hans sem fruml\u00e6gan heimilisanda, h\u00f3pana sem tignu\u00f0u hann (fj\u00f6lskyldur, h\u00fasb\u00e6ndur), l\u00edkamlega mynd hans og einkenni, verndandi og var\u00fa\u00f0arveitandi athafnir hans, auk hli\u00f0st\u00e6\u00f0na \u00ed \u00f6\u00f0rum menningarheimum. \u00deessi sj\u00f3narhorn afhj\u00fapa hi\u00f0 mi\u00f0l\u00e6ga hlutverk hans \u00ed slavnesku heimilis-tr\u00faarkerfi.<\/p>\t\t\t\t\t\t\t\t<\/div>\n\t\t\t\t<\/div>\n\t\t<div class=\"elementor-element elementor-element-pemmx7c5 e-con-full e-flex e-con e-child\" data-id=\"pemmx7c5\" data-element_type=\"container\" data-e-type=\"container\">\n\t\t<div class=\"elementor-element elementor-element-pemmx7c1 e-con-full e-flex e-con e-child\" data-id=\"pemmx7c1\" data-element_type=\"container\" data-e-type=\"container\">\n\t\t<div class=\"elementor-element elementor-element-qh9oavvu iwg-steckbrief-card e-flex e-con-boxed e-con e-child\" data-id=\"qh9oavvu\" data-element_type=\"container\" data-e-type=\"container\">\n\t\t\t\t\t<div class=\"e-con-inner\">\n\t\t\t\t<div class=\"elementor-element elementor-element-awzx8k2k elementor-widget elementor-widget-heading\" data-id=\"awzx8k2k\" data-element_type=\"widget\" data-e-type=\"widget\" data-widget_type=\"heading.default\">\n\t\t\t\t\t<div class=\"elementor-heading-title elementor-size-default\">Uppruni<\/div>\t\t\t\t<\/div>\n\t\t\t\t<div class=\"elementor-element elementor-element-x6rowhv0 elementor-widget elementor-widget-text-editor\" data-id=\"x6rowhv0\" data-element_type=\"widget\" data-e-type=\"widget\" data-widget_type=\"text-editor.default\">\n\t\t\t\t\t\t\t\t\t<p>Domovoi er bundinn slavneska \u00edb\u00fa\u00f0arh\u00fasinu e\u00f0a izbunni og er landfr\u00e6\u00f0ilega pan-slavneskur. Menningarlegur uppruni hans er frum-slavneskur og a\u00f0 \u00f6llum l\u00edkindum fors\u00f6gulegur, \u00fev\u00ed tignun heimilisanda var grundvallaratri\u00f0i \u00ed \u00f6llum slavneskum menningarheimum.<\/p><p>Rita\u00f0ar frumheimildir eru s\u00ed\u00f0b\u00fanar og oft kristilega gagnr\u00fdnar. Tr\u00faars\u00f6gulega er Domovoi skilinn sem afm\u00f6rkun almennrar forfe\u00f0ra- e\u00f0a heimilisanda-tignunar, sem j\u00f3kst a\u00f0 v\u00e6gi me\u00f0 festingu fj\u00f6lskyldu og eignar.<\/p>\t\t\t\t\t\t\t\t<\/div>\n\t\t\t\t\t<\/div>\n\t\t\t\t<\/div>\n\t\t<div class=\"elementor-element elementor-element-8e3o4kxs iwg-steckbrief-card e-flex e-con-boxed e-con e-child\" data-id=\"8e3o4kxs\" data-element_type=\"container\" data-e-type=\"container\">\n\t\t\t\t\t<div class=\"e-con-inner\">\n\t\t\t\t<div class=\"elementor-element elementor-element-08rkdgov elementor-widget elementor-widget-heading\" data-id=\"08rkdgov\" data-element_type=\"widget\" data-e-type=\"widget\" data-widget_type=\"heading.default\">\n\t\t\t\t\t<div class=\"elementor-heading-title elementor-size-default\">Vi\u00f0takendur<\/div>\t\t\t\t<\/div>\n\t\t\t\t<div class=\"elementor-element elementor-element-uwjelx8s elementor-widget elementor-widget-text-editor\" data-id=\"uwjelx8s\" data-element_type=\"widget\" data-e-type=\"widget\" data-widget_type=\"text-editor.default\">\n\t\t\t\t\t\t\t\t\t<p>Domovoi var fyrst og fremst tigna\u00f0ur af h\u00fasb\u00f3ndanum og h\u00fasfreyjunni, s\u00f6mulei\u00f0is af \u00f6llu heimilisf\u00f3lki. S\u00e9rst\u00f6k tilefni voru n\u00fdbygging e\u00f0a flutningur (flutnings<span class=\"iwg-fachbegriff\" data-tooltip=\"Skipul\u00f6g\u00f0 atbur\u00f0ar\u00e1s t\u00e1knger\u00f0ra athafna me\u00f0 tr\u00faarlega e\u00f0a menningarlega merkingu.\" tabindex=\"0\">ath\u00f6fn<\/span>), veikindi \u00e1 heimilinu (be\u00f0i\u00f0 Domovoi um l\u00e6kningu), \u00f3h\u00f6pp (be\u00f0i\u00f0 Domovoi um fyrirgefningu) og \u00feakkarath\u00f6fn eftir uppskeru.<\/p><p>Tignunin var hversdagsleg \u00ed framkv\u00e6md: sm\u00e1gjafir af mat og mj\u00f3lk, vir\u00f0ing fyrir heimilisfri\u00f0i, hreinl\u00e6ti og si\u00f0g\u00e6\u00f0i. H\u00fasb\u00f3ndinn haf\u00f0i s\u00e9rstakt hlutverk sem mi\u00f0ill milli Domovoi og heimilisins.<\/p>\t\t\t\t\t\t\t\t<\/div>\n\t\t\t\t\t<\/div>\n\t\t\t\t<\/div>\n\t\t<div class=\"elementor-element elementor-element-jm2n74ec iwg-steckbrief-card e-flex e-con-boxed e-con e-child\" data-id=\"jm2n74ec\" data-element_type=\"container\" data-e-type=\"container\">\n\t\t\t\t\t<div class=\"e-con-inner\">\n\t\t\t\t<div class=\"elementor-element elementor-element-8vufse4c elementor-widget elementor-widget-heading\" data-id=\"8vufse4c\" data-element_type=\"widget\" data-e-type=\"widget\" data-widget_type=\"heading.default\">\n\t\t\t\t\t<div class=\"elementor-heading-title elementor-size-default\">Form<\/div>\t\t\t\t<\/div>\n\t\t\t\t<div class=\"elementor-element elementor-element-mwb9u015 elementor-widget elementor-widget-text-editor\" data-id=\"mwb9u015\" data-element_type=\"widget\" data-e-type=\"widget\" data-widget_type=\"text-editor.default\">\n\t\t\t\t\t\t\t\t\t<p>Domovoi er s\u00fdndur sem gamall ma\u00f0ur me\u00f0 langt skegg, villt e\u00f0a vel greitt h\u00e1r (eftir si\u00f0fer\u00f0i heimilisins) og d\u00f6kkan e\u00f0a rau\u00f0an kl\u00e6\u00f0na\u00f0. Sums sta\u00f0ar er hann s\u00fdndur skeggja\u00f0ur eins og aldra\u00f0ur h\u00fasb\u00f3ndi. St\u00e6r\u00f0 hans er l\u00edtil til me\u00f0alst\u00f3r.<\/p><p>Einkennist\u00e1kn hans eru eldurinn (arinn sem s\u00e6ti Domovois), heimilis-<span class=\"iwg-fachbegriff\" data-tooltip=\"Merki sem stendur fyrir hugmynd e\u00f0a merkingu.\" tabindex=\"0\">t\u00e1kn<\/span> e\u00f0a veldissprotinn. \u00cd Rus\u00f6lku og \u00f6\u00f0rum \u00fej\u00f3\u00f0s\u00f6gum er hann oft s\u00fdndur sem f\u00f6\u00f0urleg, str\u00f6ng pers\u00f3na. Myndm\u00e1li\u00f0 er vir\u00f0ulegt og hef\u00f0bundi\u00f0, ekki \u00f3gnvekjandi eins og Bannik, en alltaf vir\u00f0ingarvert.<\/p>\t\t\t\t\t\t\t\t<\/div>\n\t\t\t\t\t<\/div>\n\t\t\t\t<\/div>\n\t\t\t\t<\/div>\n\t\t<div class=\"elementor-element elementor-element-pemmx7c2 e-con-full e-flex e-con e-child\" data-id=\"pemmx7c2\" data-element_type=\"container\" data-e-type=\"container\">\n\t\t<div class=\"elementor-element elementor-element-37ss2yr6 iwg-steckbrief-card e-flex e-con-boxed e-con e-child\" data-id=\"37ss2yr6\" data-element_type=\"container\" data-e-type=\"container\">\n\t\t\t\t\t<div class=\"e-con-inner\">\n\t\t\t\t<div class=\"elementor-element elementor-element-3v0wp3wx elementor-widget elementor-widget-heading\" data-id=\"3v0wp3wx\" data-element_type=\"widget\" data-e-type=\"widget\" data-widget_type=\"heading.default\">\n\t\t\t\t\t<div class=\"elementor-heading-title elementor-size-default\">\u00c1hrif Domovois<\/div>\t\t\t\t<\/div>\n\t\t\t\t<div class=\"elementor-element elementor-element-w3247g2m elementor-widget elementor-widget-text-editor\" data-id=\"w3247g2m\" data-element_type=\"widget\" data-e-type=\"widget\" data-widget_type=\"text-editor.default\">\n\t\t\t\t\t\t\t\t\t<p><strong>Verksvi\u00f0:<\/strong> <em>Domovoi<\/em> (r\u00fassneska \u0434\u043e\u043c\u043e\u0432\u043e\u0301\u0439, af <em>dom<\/em> \u201eh\u00fas&#8220;) er \u00ed austurslavneskri \u00fej\u00f3\u00f0tr\u00fa verndarandi heimilisins og fj\u00f6lskyldunnar, verndari eldst\u00e6\u00f0is, h\u00fasd\u00fdra og for\u00f0ab\u00fars. Hann er talinn andleg birting stofnf\u00f6\u00f0ur fj\u00f6lskyldunnar og er sta\u00f0bundinn vi\u00f0 h\u00fas og b\u00e6.<\/p><p>Vi\u00f0 flutning \u00ed n\u00fdtt h\u00fas var hann \u00e1\u00f0ur fyrr fluttur me\u00f0 \u00ed h\u00e1t\u00ed\u00f0legri <span class=\"iwg-fachbegriff\" data-tooltip=\"Skipul\u00f6g\u00f0 atbur\u00f0ar\u00e1s t\u00e1knger\u00f0ra athafna me\u00f0 tr\u00faarlega e\u00f0a menningarlega merkingu.\" tabindex=\"0\">ath\u00f6fn<\/span>: gl\u00f3\u00f0 \u00far gamla eldst\u00e6\u00f0inu var borin \u00ed potti \u00ed n\u00fdja h\u00fasi\u00f0, oft me\u00f0 \u00e1varpinu \u201eDomovoj batju\u0161ka, pojdjom s nami!&#8220; (\u201eFa\u00f0ir Domovoj, komdu me\u00f0 okkur!&#8220;).<\/p><p><span data-nosnippet>\u00dej\u00f3\u00f0h\u00e1ttafr\u00e6\u00f0i 19. aldar (Afanasjev, <em>Poeti\u010deskie vozzrenija slavjan na prirodu<\/em>, 1865-69) skr\u00e1ir margbroti\u00f0 stigveldi: <em>dvorovoj<\/em> (b\u00e6jarandi), <em>ovinnik<\/em> (hl\u00f6\u00f0uandi), <em>bannik<\/em> (ba\u00f0stofu-<span class=\"iwg-fachbegriff\" data-tooltip=\"L\u00edkamslaus vera sem talin er hafa \u00e1hrif \u00ed heiminum.\" tabindex=\"0\">andi<\/span>) sem tengdar s\u00e9rger\u00f0ir. Velvilja\u00f0ir Domovoi f\u00e6ra velmegun; rei\u00f0ir hrista hluti \u00e1 n\u00f3ttunni e\u00f0a ska\u00f0a b\u00faf\u00e9na\u00f0.<\/span><\/p>\t\t\t\t\t\t\t\t<\/div>\n\t\t\t\t\t<\/div>\n\t\t\t\t<\/div>\n\t\t<div class=\"elementor-element elementor-element-0qpjal9w iwg-steckbrief-card e-flex e-con-boxed e-con e-child\" data-id=\"0qpjal9w\" data-element_type=\"container\" data-e-type=\"container\">\n\t\t\t\t\t<div class=\"e-con-inner\">\n\t\t\t\t<div class=\"elementor-element elementor-element-6ndoih0o elementor-widget elementor-widget-heading\" data-id=\"6ndoih0o\" data-element_type=\"widget\" data-e-type=\"widget\" data-widget_type=\"heading.default\">\n\t\t\t\t\t<div class=\"elementor-heading-title elementor-size-default\">Verndargripir<\/div>\t\t\t\t<\/div>\n\t\t\t\t<div class=\"elementor-element elementor-element-6684tyh9 elementor-widget elementor-widget-text-editor\" data-id=\"6684tyh9\" data-element_type=\"widget\" data-e-type=\"widget\" data-widget_type=\"text-editor.default\">\n\t\t\t\t\t\t\t\t\t<p>Domovoi er velvilja\u00f0ur en krefst vir\u00f0ingar og si\u00f0pr\u00fd\u00f0i. Tilbei\u00f0sla fer fram me\u00f0 daglegum gj\u00f6fum (mat, mj\u00f3lk, brau\u00f0i) vi\u00f0 eldst\u00e6\u00f0i\u00f0 e\u00f0a \u00ed horni, me\u00f0 kurteislegu \u00e1varpi og me\u00f0 \u00fev\u00ed a\u00f0 fylgja si\u00f0areglum heimilisins (trygg\u00f0, vinnusemi, hreinl\u00e6ti).<\/p><p>Verndarathafnir f\u00f3lust \u00ed b\u00e6num um velmegun og \u00f6ryggi. Gegn rei\u00f0i Domovois voru til s\u00e1ttaathafnir, t.d. me\u00f0 f\u00f3rnargj\u00f6fum og samningavi\u00f0r\u00e6\u00f0um. Flutningsathafnir voru mikilv\u00e6gar: gamla Domovoi \u00feurfti a\u00f0 bj\u00f3\u00f0a me\u00f0 \u00ed n\u00fdja h\u00fasi\u00f0. Tilbei\u00f0slan var \u00f3a\u00f0skiljanlegur hluti heimiliskerfisins, ekki valfrj\u00e1ls.<\/p>\t\t\t\t\t\t\t\t<\/div>\n\t\t\t\t\t<\/div>\n\t\t\t\t<\/div>\n\t\t<div class=\"elementor-element elementor-element-3lfi7x32 iwg-steckbrief-card e-flex e-con-boxed e-con e-child\" data-id=\"3lfi7x32\" data-element_type=\"container\" data-e-type=\"container\">\n\t\t\t\t\t<div class=\"e-con-inner\">\n\t\t\t\t<div class=\"elementor-element elementor-element-0kg99ga1 elementor-widget elementor-widget-heading\" data-id=\"0kg99ga1\" data-element_type=\"widget\" data-e-type=\"widget\" data-widget_type=\"heading.default\">\n\t\t\t\t\t<div class=\"elementor-heading-title elementor-size-default\">Hli\u00f0st\u00e6\u00f0ur Domovois<\/div>\t\t\t\t<\/div>\n\t\t\t\t<div class=\"elementor-element elementor-element-n0fum6kp elementor-widget elementor-widget-text-editor\" data-id=\"n0fum6kp\" data-element_type=\"widget\" data-e-type=\"widget\" data-widget_type=\"text-editor.default\">\n\t\t\t\t\t\t\t\t\t<p>Samb\u00e6rilegar eru a\u00f0rar h\u00fasandar: germanski Kobold e\u00f0a dvergurinn (heimilis-<span class=\"iwg-fachbegriff\" data-tooltip=\"L\u00edkamslaus vera sem talin er hafa \u00e1hrif \u00ed heiminum.\" tabindex=\"0\">andi<\/span> me\u00f0 f\u00f6\u00f0urlegt hlutverk), r\u00f3mverski Lares Familiares (verndarandi fj\u00f6lskyldunnar), japanski Kamado-<span class=\"iwg-fachbegriff\" data-tooltip=\"\u00cd jap\u00f6nskum Shinto hin d\u00fdrka\u00f0u andaverur og gu\u00f0legu m\u00e1ttarv\u00f6ld.\" tabindex=\"0\">kami<\/span> (eldst\u00e6\u00f0isgu\u00f0) og baltneski Kaukas (heimilis-<span class=\"iwg-fachbegriff\" data-tooltip=\"L\u00edkamslaus vera sem talin er hafa \u00e1hrif \u00ed heiminum.\" tabindex=\"0\">andi<\/span>). \u00d6llum er sameiginlegt tengslin vi\u00f0 h\u00fasi\u00f0, v\u00e6ntingar um vir\u00f0ingu og umhyggju og velvildarleg n\u00e1tt\u00fara \u00feegar r\u00e9ttri heg\u00f0un er fylgt.<\/p>\t\t\t\t\t\t\t\t<\/div>\n\t\t\t\t\t<\/div>\n\t\t\t\t<\/div>\n\t\t\t\t<\/div>\n\t\t\t\t<\/div>\n\t\t\t\t\t<\/div>\n\t\t\t\t<\/div>\n\t\t<div class=\"elementor-element elementor-element-5a584676 e-flex e-con-boxed e-con e-parent\" data-id=\"5a584676\" data-element_type=\"container\" data-e-type=\"container\">\n\t\t\t\t\t<div class=\"e-con-inner\">\n\t\t\t\t<div class=\"elementor-element elementor-element-6d0757bf elementor-widget elementor-widget-heading\" data-id=\"6d0757bf\" data-element_type=\"widget\" data-e-type=\"widget\" data-widget_type=\"heading.default\">\n\t\t\t\t\t<h2 class=\"elementor-heading-title elementor-size-default\">Domovoi, hli\u00f0st\u00e6\u00f0ur \u00ed \u00f6\u00f0rum menningarheimum<\/h2>\t\t\t\t<\/div>\n\t\t<div class=\"elementor-element elementor-element-60563f68 e-con-full e-flex e-con e-child\" data-id=\"60563f68\" data-element_type=\"container\" data-e-type=\"container\">\n\t\t\t\t<div class=\"elementor-element elementor-element-5a93fdd6 elementor-widget elementor-widget-text-editor\" data-id=\"5a93fdd6\" data-element_type=\"widget\" data-e-type=\"widget\" data-widget_type=\"text-editor.default\">\n\t\t\t\t\t\t\t\t\t<p>Domovoi svarar til hins r\u00f3mverska Lar familiaris (heimilisv\u00e6ttar), hins germanska heimilisgu\u00f0s (minna \u00e1berandi) og \u00ed fjarl\u00e6gri l\u00edkingu japanska Kodama (tr\u00e9v\u00e6ttar) og annarra heimilisv\u00e6ttahef\u00f0a um allan heim. Alheimsleg \u00fatbrei\u00f0sla \u00feessarar veru, \u00f3s\u00fdnilegur verndari heimilisins, bendir til frummyndalegrar d\u00fdptar.<\/p>\n<p><strong>Gy\u00f0ingleg hef\u00f0:<\/strong> \u00cd gy\u00f0ingd\u00f3mi er engin bein hli\u00f0st\u00e6\u00f0a vi\u00f0 Domovoi. \u00de\u00f3 \u00feekkir <span class=\"iwg-fachbegriff\" tabindex=\"0\" data-tooltip=\"Gy\u00f0ingleg dulspeki me\u00f0 h\u00f6fu\u00f0ritunum Sefer Yetzira, S\u00f3har og l\u00far\u00edsku sk\u00f3lanum.\">Kabbala<\/span> verndarv\u00e6ttir sta\u00f0a, og <span class=\"iwg-fachbegriff\" tabindex=\"0\" data-tooltip=\"H\u00f6fu\u00f0rit rabb\u00edn\u00edsks gy\u00f0ingd\u00f3ms, \u00ed bab\u00fdlonskri og jer\u00fasalemskri ger\u00f0; inniheldur Mishna og Gemara.\">Talm\u00fad<\/span>-b\u00f3kmenntirnar minnast stundum \u00e1 g\u00f3\u00f0a p\u00faka sem vernda heimilism\u00e1l. \u00deessir eru \u00fe\u00f3 minna pers\u00f3nuger\u00f0ir og mi\u00f0l\u00e6gir en Domovoi. Gy\u00f0inglegt heimilisl\u00edf er fyrst og fremst undir beinni blessunarm\u00e1tt Gu\u00f0s, ekki undir <span class=\"iwg-fachbegriff\" data-tooltip=\"L\u00edkamslaus vera sem er eignu\u00f0 \u00e1hrif \u00ed heiminum.\" tabindex=\"0\">anda<\/span>-veru.<\/p><p><strong>Gr\u00edsk-r\u00f3mverski heimurinn:<\/strong> R\u00f3mverski Lar e\u00f0a Lares Familiares l\u00edkjast Domovoi mj\u00f6g: verndarv\u00e6ttir fj\u00f6lskyldunnar, d\u00fdrka\u00f0ir me\u00f0 daglegum helgisi\u00f0um, \u00e6tlast var til vir\u00f0ingar og f\u00f3rnar \u00e1 mat sem <span class=\"iwg-fachbegriff\" data-tooltip=\"Gj\u00f6f til go\u00f0magns til a\u00f0 tj\u00e1 \u00feakkl\u00e6ti, b\u00e6n e\u00f0a lotningu.\" tabindex=\"0\">f\u00f3rn<\/span>. Munurinn liggur \u00ed formlegri stofnanav\u00e6\u00f0ingu innan r\u00f3mverskra tr\u00faarbrag\u00f0a. Lares voru einnig d\u00fdrka\u00f0ir opinberlega, \u00e1 me\u00f0an Domovoi er fyrst og fremst einkam\u00e1l heimilisins.<\/p><p><strong>Mes\u00f3p\u00f3tam\u00eda:<\/strong> Hin akkad\u00edska <span class=\"iwg-fachbegriff\" data-tooltip=\"Mi\u00f0lun \u00feekkingar og fr\u00e1sagna milli kynsl\u00f3\u00f0a.\" tabindex=\"0\">munnm\u00e6lahef\u00f0<\/span> \u00feekkir heimilisv\u00e6ttir (udug), en minna \u00fatf\u00e6r\u00f0ar en Domovoi. Tr\u00faari\u00f0kun heimilisins \u00ed Mes\u00f3p\u00f3tam\u00edu var s\u00ed\u00f0ur bundin vi\u00f0 nafngreindan <span class=\"iwg-fachbegriff\" data-tooltip=\"L\u00edkamslaus vera sem er eignu\u00f0 \u00e1hrif \u00ed heiminum.\" tabindex=\"0\">anda<\/span>. Engar sterkar hli\u00f0st\u00e6\u00f0ur \u00ed hlutverki.<\/p><p><strong>Indland\/As\u00eda:<\/strong> \u00cd hind\u00faisma eru Devata (sta\u00f0bundin go\u00f0m\u00f6gn) heimila og gar\u00f0a \u00e1\u00feekk Domovoi. Japanski Ujigami (forfe\u00f0ragu\u00f0) og k\u00ednverski heimilisgu\u00f0inn (Zao-Jun, eldst\u00e6\u00f0isgu\u00f0inn) l\u00edkjast Domovoi \u00ed hlutverki s\u00ednu sem f\u00f6\u00f0urlegur verndarandi heimilisins. Allir \u00e6tlast til daglegrar d\u00fdrkunar og veita vels\u00e6ld \u00ed sta\u00f0inn fyrir vir\u00f0ingu.<\/p>\t\t\t\t\t\t\t\t<\/div>\n\t\t\t\t<\/div>\n\t\t\t\t\t<\/div>\n\t\t\t\t<\/div>\n\t\t<div class=\"elementor-element elementor-element-cp6176328 e-flex e-con-boxed e-con e-parent\" data-id=\"cp6176328\" data-element_type=\"container\" data-e-type=\"container\">\n\t\t\t\t\t<div class=\"e-con-inner\">\n\t\t\t\t<div class=\"elementor-element elementor-element-cp31f86fa elementor-widget elementor-widget-heading\" data-id=\"cp31f86fa\" data-element_type=\"widget\" data-e-type=\"widget\" data-widget_type=\"heading.default\">\n\t\t\t\t\t<h2 class=\"elementor-heading-title elementor-size-default\">H\u00fasandinn \u00ed efnahagsskipulagi b\u00e6ndab\u00e6jarins<\/h2>\t\t\t\t<\/div>\n\t\t<div class=\"elementor-element elementor-element-cp896946a e-con-full e-flex e-con e-child\" data-id=\"cp896946a\" data-element_type=\"container\" data-e-type=\"container\">\n\t\t\t\t<div class=\"elementor-element elementor-element-cpe742ac8 elementor-widget elementor-widget-text-editor\" data-id=\"cpe742ac8\" data-element_type=\"widget\" data-e-type=\"widget\" data-widget_type=\"text-editor.default\">\n\t\t\t\t\t\t\t\t\t<p><em>Domovoi<\/em>, en nafni\u00f0 er dregi\u00f0 af fornaustslav\u00edska or\u00f0inu fyrir h\u00fas (<em>dom<\/em>), er a\u00f0eins skiljanlegur \u00feegar b\u00e6ndab\u00fdli\u00f0 er skili\u00f0 sem efnahagsleg og tr\u00faarleg heild.<\/p><p><span class=\"iwg-fachbegriff\" data-tooltip=\"L\u00edkamslaus vera sem talin er hafa \u00e1hrif \u00ed heiminum.\" tabindex=\"0\">Andinn<\/span> var ekki talinn einfaldlega \u00edb\u00fai, heldur \u00f3s\u00fdnilegur me\u00f0stj\u00f3rnandi b\u00fasins sem vakti yfir b\u00faf\u00e9nu, matarfor\u00f0anum og velgengni fj\u00f6lskyldunnar. R\u00fassneskar \u00fej\u00f3\u00f0h\u00e1ttafr\u00e6\u00f0ilegar skr\u00e1ningar fr\u00e1 n\u00edtj\u00e1ndu \u00f6ld, me\u00f0al annars hin umfangsmiklu s\u00f6fn sem ur\u00f0u til \u00ed tengslum vi\u00f0 R\u00fassneska landfr\u00e6\u00f0if\u00e9lagi\u00f0, l\u00fdsa domovoi jafnan sem bundinn \u00e1kve\u00f0nu b\u00fdli.<\/p><p>\u00c1byrg\u00f0arsvi\u00f0 hans n\u00e1\u00f0i fyrst og fremst til fj\u00e1rh\u00fassins. Vel me\u00f0h\u00f6ndla\u00f0ur domovoi hirti um b\u00faf\u00e9\u00f0, fl\u00e9tta\u00f0i m\u00f6n hestanna \u00e1 n\u00f3ttunni og s\u00e1 til \u00feess a\u00f0 d\u00fdrin v\u00e6ru vel \u00e1 sig komin.<\/p><p>Rei\u00f0ur h\u00fasandi olli aftur \u00e1 m\u00f3ti kv\u00f6lum b\u00faf\u00e9na\u00f0ar, rei\u00f0 hestunum til uppgefu e\u00f0a l\u00e9t d\u00fdrin veikjast. B\u00e6ndur \u00fatsk\u00fdr\u00f0u sveitta hesta a\u00f0 morgni e\u00f0a fl\u00e6ktar makkir me\u00f0 verkum andans. Matarfor\u00f0ab\u00fari\u00f0 og \u00fereskisv\u00e6\u00f0i\u00f0 f\u00e9llu einnig undir hans svi\u00f0.<\/p><p>Athyglisver\u00f0 er hugmyndin um a\u00f0 domovoi g\u00e6ti haft lit \u00e1 b\u00faf\u00e9 sem hann var hlynntur. H\u00e6f\u00f0i litur n\u00fda\u00f0keypta d\u00fdra ekki hans smekk, d\u00f6fnu\u00f0u \u00feau ekki, og b\u00f3ndinn var vel r\u00e1\u00f0inn a\u00f0 skipta um b\u00faf\u00e9.<\/p><p>\u00deessi <span class=\"iwg-fachbegriff\" data-tooltip=\"Mi\u00f0lun \u00feekkingar og sagna fr\u00e1 kynsl\u00f3\u00f0 til kynsl\u00f3\u00f0ar.\" tabindex=\"0\">munnm\u00e6li<\/span> s\u00fdna a\u00f0 h\u00fasandinn var hugsa\u00f0ur sem sj\u00e1lfst\u00e6\u00f0 pers\u00f3na me\u00f0 skap og smekk, ekki sem \u00f3hlutbundinn verndarkraftur.<\/p><p>N\u00e1in tengsl vi\u00f0 b\u00fdli\u00f0 h\u00f6f\u00f0u f\u00e9lagslegt hlutverk. \u00deau festu efnahagslegt hlutskipti fj\u00f6lskyldunnar \u00ed si\u00f0fer\u00f0islegri skipan: I\u00f0jusemi, hreinl\u00e6ti og vir\u00f0ing gagnvart <span class=\"iwg-fachbegriff\" data-tooltip=\"L\u00edkamslaus vera sem talin er hafa \u00e1hrif \u00ed heiminum.\" tabindex=\"0\">andanum<\/span> voru launu\u00f0, hir\u00f0uleysi straffa\u00f0. Domovoi var \u00feannig einnig eftirlitsvald sem trygg\u00f0i r\u00e9tta heg\u00f0un \u00ed daglegum b\u00faskapar\u00f6nnum.<\/p>\t\t\t\t\t\t\t\t<\/div>\n\t\t\t\t<\/div>\n\t\t\t\t\t<\/div>\n\t\t\t\t<\/div>\n\t\t<div class=\"elementor-element elementor-element-cp9151d45 e-flex e-con-boxed e-con e-parent\" data-id=\"cp9151d45\" data-element_type=\"container\" data-e-type=\"container\">\n\t\t\t\t\t<div class=\"e-con-inner\">\n\t\t\t\t<div class=\"elementor-element elementor-element-cp715fe31 elementor-widget elementor-widget-heading\" data-id=\"cp715fe31\" data-element_type=\"widget\" data-e-type=\"widget\" data-widget_type=\"heading.default\">\n\t\t\t\t\t<h2 class=\"elementor-heading-title elementor-size-default\">Flutningur h\u00fasandans og si\u00f0irnir vi\u00f0 flutning \u00ed n\u00fdtt h\u00fas<\/h2>\t\t\t\t<\/div>\n\t\t<div class=\"elementor-element elementor-element-cp37cc458 e-con-full e-flex e-con e-child\" data-id=\"cp37cc458\" data-element_type=\"container\" data-e-type=\"container\">\n\t\t\t\t<div class=\"elementor-element elementor-element-cpea60ffc elementor-widget elementor-widget-text-editor\" data-id=\"cpea60ffc\" data-element_type=\"widget\" data-e-type=\"widget\" data-widget_type=\"text-editor.default\">\n\t\t\t\t\t\t\t\t\t<p>\u00dear sem domovoi var bundinn h\u00fasi og fj\u00f6lskyldu, olli flutningur oft fl\u00f3knum a\u00f0st\u00e6\u00f0um.<\/p><p>B\u00fdli \u00e1n h\u00fasanda var tali\u00f0 \u00f3vari\u00f0 og \u00f3frj\u00f3tt, og \u00fev\u00ed \u00fer\u00f3a\u00f0i austurslav\u00edsk \u00fej\u00f3\u00f0menning \u00edtarlega si\u00f0i til a\u00f0 taka <span class=\"iwg-fachbegriff\" data-tooltip=\"L\u00edkamslaus vera sem talin er hafa \u00e1hrif \u00ed heiminum.\" tabindex=\"0\">andann<\/span> me\u00f0 s\u00e9r \u00ed n\u00fdja b\u00fasta\u00f0inn. \u00dej\u00f3\u00f0h\u00e1ttafr\u00e6\u00f0ilegar ritir fr\u00e1 n\u00edtj\u00e1ndu og upphafi tuttugustu aldar hafa skr\u00e1\u00f0 fj\u00f6lda sv\u00e6\u00f0isbundinna \u00fatg\u00e1fna af \u00feessum si\u00f0um.<\/p><p>Formleg bo\u00f0un var algeng. \u00c1\u00f0ur en gamla h\u00fasi\u00f0 var yfirgefi\u00f0 \u00e1varpa\u00f0i h\u00fasfreyjan e\u00f0a elsti karlma\u00f0urinn domovoi og ba\u00f0 hann a\u00f0 fylgja fj\u00f6lskyldunni. Oft var hann t\u00e1knlega flutt \u00ed hlut.<\/p><p>Gl\u00f3\u00f0 \u00far gamla eldst\u00e6\u00f0inu, sem var tendru\u00f0 \u00ed n\u00fdju hl\u00f3\u00f0unum, \u00fe\u00f3tti s\u00e9rstaklega heppilegt flutningst\u00e6ki, \u00fev\u00ed eldst\u00e6\u00f0i\u00f0 var tali\u00f0 vera helsti dvalarsta\u00f0ur andans. Gamall filtst\u00edgv\u00e9l, brau\u00f0hleif e\u00f0a knippi af \u00f6sku voru einnig notu\u00f0 sem flutningsmi\u00f0ill.<\/p><p>Vi\u00f0 innflutning \u00ed n\u00fdja h\u00fasi\u00f0 kom kve\u00f0juath\u00f6fnin. \u00c1\u00f0ur en f\u00f3lk gekk inn \u00ed h\u00fasi\u00f0 var oft l\u00e1ti\u00f0 d\u00fdr ganga \u00e1 undan, \u00e1 m\u00f6rgum sv\u00e6\u00f0um k\u00f6ttur, og aftur var tala\u00f0 til <span class=\"iwg-fachbegriff\" data-tooltip=\"L\u00edkamslaus vera sem talin er hafa \u00e1hrif \u00ed heiminum.\" tabindex=\"0\">andans<\/span> og hann be\u00f0inn um a\u00f0 koma s\u00e9r \u00fe\u00e6gilega fyrir. Brau\u00f0 og salt voru l\u00f6g\u00f0 \u00e1 vir\u00f0ingarsta\u00f0. Fyrst \u00fe\u00e1 gekk fj\u00f6lskyldan inn \u00ed stofuna.<\/p><p>\u00deessir si\u00f0ir voru ekki einf\u00f6ld <span class=\"iwg-fachbegriff\" data-tooltip=\"Hef\u00f0bundin \u00fej\u00f3\u00f0menning me\u00f0 si\u00f0um, s\u00f6gnum og s\u00f6ngvum.\" tabindex=\"0\">\u00fej\u00f3\u00f0sagnahef\u00f0<\/span>, heldur m\u00f6rku\u00f0u umskiptin. \u00deeir breyttu t\u00f3mu h\u00fasi \u00ed byggt heimili me\u00f0 eigin si\u00f0fer\u00f0islegri og verndandi skipan.<\/p><p>Fr\u00e6\u00f0ima\u00f0urinn Eduard Pomerantseva og a\u00f0rir sov\u00e9skir \u00fej\u00f3\u00f0h\u00e1ttafr\u00e6\u00f0ingar hafa bent \u00e1 a\u00f0 flutningssi\u00f0urinn lif\u00f0i s\u00e9rlega lengi vegna \u00feess a\u00f0 hann uppfyllti hagn\u00fdta \u00fe\u00f6rf, nefnilega a\u00f0 yfirst\u00edga \u00f3tta vi\u00f0 \u00f3var\u00f0a n\u00fdbyrjun. Leifar sl\u00edkra si\u00f0a, til d\u00e6mis k\u00f6tturinn sem fyrsti \u00edb\u00fainn, hafa var\u00f0veist fram \u00e1 tuttugustu \u00f6ld.<\/p>\t\t\t\t\t\t\t\t<\/div>\n\t\t\t\t<\/div>\n\t\t\t\t\t<\/div>\n\t\t\t\t<\/div>\n\t\t<div class=\"elementor-element elementor-element-cpea270fa e-flex e-con-boxed e-con e-parent\" data-id=\"cpea270fa\" data-element_type=\"container\" data-e-type=\"container\">\n\t\t\t\t\t<div class=\"e-con-inner\">\n\t\t\t\t<div class=\"elementor-element elementor-element-cp1e6fe38 elementor-widget elementor-widget-heading\" data-id=\"cp1e6fe38\" data-element_type=\"widget\" data-e-type=\"widget\" data-widget_type=\"heading.default\">\n\t\t\t\t\t<h2 class=\"elementor-heading-title elementor-size-default\">H\u00fasandinn sem fyrirbo\u00f0i og samband hans vi\u00f0 dau\u00f0ann<\/h2>\t\t\t\t<\/div>\n\t\t<div class=\"elementor-element elementor-element-cp06f6698 e-con-full e-flex e-con e-child\" data-id=\"cp06f6698\" data-element_type=\"container\" data-e-type=\"container\">\n\t\t\t\t<div class=\"elementor-element elementor-element-cp9cff543 elementor-widget elementor-widget-text-editor\" data-id=\"cp9cff543\" data-element_type=\"widget\" data-e-type=\"widget\" data-widget_type=\"text-editor.default\">\n\t\t\t\t\t\t\t\t\t<p>Mikilv\u00e6gt, oft yfirsj\u00e1\u00f0 hlutverk domovoi var sem fyrirbo\u00f0i. \u00cd austurslav\u00edskri <span class=\"iwg-fachbegriff\" data-tooltip=\"Mi\u00f0lun \u00feekkingar og sagna fr\u00e1 kynsl\u00f3\u00f0 til kynsl\u00f3\u00f0ar.\" tabindex=\"0\">munnm\u00e6lahef\u00f0<\/span> bo\u00f0a\u00f0i h\u00fasandinn komandi atbur\u00f0i, fyrst og fremst dau\u00f0a fj\u00f6lskyldume\u00f0lims, fyrirhuga\u00f0 br\u00fa\u00f0kaup e\u00f0a \u00f3g\u00e6fu sem vof\u00f0i yfir b\u00fdlinu. \u00deetta hlutverk gerir hann a\u00f0 meira en efnahagsanda, hann var tengili\u00f0ur milli fj\u00f6lskyldunnar og \u00f6rlaga hennar.<\/p><p>Algengasta t\u00e1kni\u00f0 var \u00fer\u00fdstingur um n\u00e6tur. S\u00e1 sem fann fyrir \u00feunga \u00e1 brj\u00f3sti \u00ed svefni tr\u00fa\u00f0i \u00fev\u00ed a\u00f0 domovoi l\u00e6gi yfir s\u00e9r. \u00der\u00fdsti hann me\u00f0 hl\u00fdrri e\u00f0a mj\u00fakri hendi, bo\u00f0a\u00f0i \u00fea\u00f0 gott, en var snertingin k\u00f6ld e\u00f0a hrj\u00faf, var \u00f3g\u00e6fa \u00e1 n\u00e6sta leiti.<\/p><p>Sumar sagnir segja a\u00f0 \u00e1 \u00feessu andartaki m\u00e6tti spyrja <span class=\"iwg-fachbegriff\" data-tooltip=\"L\u00edkamslaus vera sem talin er hafa \u00e1hrif \u00ed heiminum.\" tabindex=\"0\">andann<\/span> hvort \u00fea\u00f0 sem k\u00e6mi v\u00e6ri gott e\u00f0a illt. N\u00e6tur gr\u00e1tur, andv\u00f6rp e\u00f0a bank domovoi voru einnig talin dau\u00f0abo\u00f0. \u00ddlfra\u00f0i hann, var von \u00e1 andl\u00e1ti, hl\u00f3gi hann e\u00f0a l\u00e9k s\u00e9r, bo\u00f0a\u00f0i \u00fea\u00f0 gle\u00f0i.<\/p><p>\u00deetta fyrirbo\u00f0ahlutverk v\u00edsar til n\u00e1inna tengsla milli h\u00fasanda og <span class=\"iwg-fachbegriff\" data-tooltip=\"Vir\u00f0ing fyrir framli\u00f0num fj\u00f6lskyldume\u00f0limum sem \u00e1framhaldandi verndarm\u00e1ttum.\" tabindex=\"0\">forfe\u00f0rad\u00fdrkunar<\/span>. Margir fr\u00e6\u00f0imenn, me\u00f0al annars hinn \u00feekkti r\u00fassneski \u00fej\u00f3\u00f0h\u00e1ttafr\u00e6\u00f0ingur Dmitri Zelenin \u00ed \u00e1hrifamikilli l\u00fdsingu sinni \u00e1 austurslav\u00edskri <span class=\"iwg-fachbegriff\" data-tooltip=\"Fr\u00e6\u00f0igrein sem rannsakar hversdagsmenningu, si\u00f0i og hef\u00f0bundnar hugmyndir.\" tabindex=\"0\">\u00fej\u00f3\u00f0h\u00e1ttafr\u00e6\u00f0i<\/span>, s\u00e1u \u00ed domovoi upprunalega gu\u00f0ger\u00f0an stofnf\u00f6\u00f0ur e\u00f0a fyrsta \u00edb\u00faa b\u00fdlisins, sem eftir dau\u00f0ann var\u00f0 verndarandi afkomenda sinna.<\/p><p>Tengslin vi\u00f0 eldst\u00e6\u00f0i\u00f0, hi\u00f0 helga\u00f0a mi\u00f0punkt heimilisins, og si\u00f0urinn a\u00f0 f\u00e6ra honum f\u00e6\u00f0uoffur, l\u00edkjast forfe\u00f0rad\u00fdrkun.<\/p><p>Af \u00feessari t\u00falkun m\u00e1 sk\u00fdra tv\u00ede\u00f0li andans. Hann er verndari og \u00e1 sama t\u00edma \u00f3hugnanlegur, kunnuglegur og \u00fe\u00f3 framandi.<\/p><p>Sem hinn l\u00e1tni, sem hefur or\u00f0i\u00f0 eftir \u00ed h\u00fasinu, telst hann enn til fj\u00f6lskyldunnar og vissi \u00fe\u00f3 um hluti sem hinum lifandi eru hulnir. Domovoi var \u00feannig heimilisleg mynd af mun eldri hugmynd um a\u00f0 hinir l\u00e1tnu vaki yfir hinum lifandi.<\/p>\t\t\t\t\t\t\t\t<\/div>\n\t\t\t\t<\/div>\n\t\t\t\t\t<\/div>\n\t\t\t\t<\/div>\n\t\t<div class=\"elementor-element elementor-element-cpab29cf3 e-flex e-con-boxed e-con e-parent\" data-id=\"cpab29cf3\" data-element_type=\"container\" data-e-type=\"container\">\n\t\t\t\t\t<div class=\"e-con-inner\">\n\t\t\t\t<div class=\"elementor-element elementor-element-cp127bac5 elementor-widget elementor-widget-heading\" data-id=\"cp127bac5\" data-element_type=\"widget\" data-e-type=\"widget\" data-widget_type=\"heading.default\">\n\t\t\t\t\t<h2 class=\"elementor-heading-title elementor-size-default\">Birtingarmyndir og banni\u00f0 vi\u00f0 a\u00f0 sj\u00e1 h\u00fasandann<\/h2>\t\t\t\t<\/div>\n\t\t<div class=\"elementor-element elementor-element-cpac3e67b e-con-full e-flex e-con e-child\" data-id=\"cpac3e67b\" data-element_type=\"container\" data-e-type=\"container\">\n\t\t\t\t<div class=\"elementor-element elementor-element-cp3ec5884 elementor-widget elementor-widget-text-editor\" data-id=\"cp3ec5884\" data-element_type=\"widget\" data-e-type=\"widget\" data-widget_type=\"text-editor.default\">\n\t\t\t\t\t\t\t\t\t<p>\u00d3l\u00edkt m\u00f6rgum \u00f6\u00f0rum slavneskum v\u00e6ttum haf\u00f0i domovoi enga fasta mynd. <span class=\"iwg-fachbegriff\" data-tooltip=\"Mi\u00f0lun \u00feekkingar og fr\u00e1sagna milli kynsl\u00f3\u00f0a.\" tabindex=\"0\">Munnm\u00e6lahef\u00f0in<\/span> l\u00fdsir honum oftast sem litlum, \u00f6ldru\u00f0um manni, oft lo\u00f0num um allan l\u00edkamann, me\u00f0 s\u00edtt skegg, kl\u00e6ddum eins og b\u00f3ndi.<\/p><p>Oft l\u00edktist hann \u00e1berandi n\u00faverandi e\u00f0a l\u00e1tnum h\u00fasb\u00f3nda, sem sty\u00f0ur t\u00falkunina um forfe\u00f0raanda. \u00c1 \u00f6\u00f0rum sv\u00e6\u00f0um birtist hann sem d\u00fdr, k\u00f6ttur, hundur, sn\u00e1kur e\u00f0a hreysik\u00f6ttur, og enn annars sta\u00f0ar sem skuggi, lj\u00f3sglampi e\u00f0a einfaldlega greinanleg n\u00e6rvera.<\/p><p>Um \u00fatlit hans r\u00edkti \u00fatbreitt bannhelgi. A\u00f0 sj\u00e1 domovoi me\u00f0 eigin augum \u00fe\u00f3tti v\u00ed\u00f0a \u00f3heillav\u00e6nlegt og gat bo\u00f0a\u00f0 dau\u00f0a.<\/p><p>S\u00e1 sem samt vildi sj\u00e1 hann var\u00f0 \u00ed sumum s\u00f6gnum a\u00f0 fara leynilega a\u00f0 og g\u00e6ta \u00e1kve\u00f0inna reglna, til d\u00e6mis me\u00f0 \u00fev\u00ed a\u00f0 horfa \u00ed gegnum hesthring e\u00f0a ganga \u00ed fj\u00f3si\u00f0 \u00e1 s\u00e9rst\u00f6kum t\u00edmum kirkju\u00e1rsins. \u00deessir sj\u00f3narsi\u00f0ir s\u00fdna a\u00f0 <span class=\"iwg-fachbegriff\" data-tooltip=\"L\u00edkamslaus vera sem er eignu\u00f0 \u00e1hrif \u00ed heiminum.\" tabindex=\"0\">andanum<\/span> var talin raunveruleg n\u00e6rvera en um lei\u00f0 v\u00edsvitandi haldin utan vi\u00f0 beina skynjun.<\/p><p>B\u00faseta hans var mismunandi eftir sv\u00e6\u00f0um. \u00datbreiddust var s\u00fa hugmynd a\u00f0 hann byggi \u00e1 bak vi\u00f0 e\u00f0a undir ofninum, hl\u00fdja hjarta h\u00fassins. A\u00f0rar sagnir settu hann undir \u00fer\u00f6skuldinn, \u00ed fj\u00f3si\u00f0, \u00e1 h\u00e1alofti\u00f0 e\u00f0a \u00ed kjallarann.<\/p><p>\u00dear sem <span class=\"iwg-fachbegriff\" data-tooltip=\"L\u00edkamslaus vera sem er eignu\u00f0 \u00e1hrif \u00ed heiminum.\" tabindex=\"0\">andinn<\/span> bj\u00f3 \u00ed fj\u00f3sinu bar hann stundum eigi\u00f0 nafn, til d\u00e6mis sem gar\u00f0sandi, sem vakti spurninguna hvort um s\u00f6mu veru e\u00f0a skylda <span class=\"iwg-fachbegriff\" data-tooltip=\"L\u00edkamslaus vera sem er eignu\u00f0 \u00e1hrif \u00ed heiminum.\" tabindex=\"0\">veru<\/span> v\u00e6ri a\u00f0 r\u00e6\u00f0a.<\/p><p>M\u00e1lfarslega endurspeglast \u00f3ttinn vi\u00f0 veruna \u00ed fj\u00f6lda umb\u00fa\u00f0anafna. \u00cd sta\u00f0 \u00feess a\u00f0 nefna hann beint tala\u00f0i f\u00f3lk um afann, h\u00fasb\u00f3ndann, velgj\u00f6r\u00f0armanninn e\u00f0a einfaldlega Hann sj\u00e1lfan.<\/p><p>\u00deessi tab\u00fafor\u00f0un er sameiginlegt evr\u00f3pskt mynstur \u00ed umgengni vi\u00f0 v\u00e6ttir og undirstrikar a\u00f0 domovoi var, \u00fer\u00e1tt fyrir verndandi hlutverk sitt, m\u00e1ttur sem umgengist var me\u00f0 var\u00fa\u00f0.<\/p>\t\t\t\t\t\t\t\t<\/div>\n\t\t\t\t<\/div>\n\t\t\t\t\t<\/div>\n\t\t\t\t<\/div>\n\t\t<div class=\"elementor-element elementor-element-cpfc4960d e-flex e-con-boxed e-con e-parent\" data-id=\"cpfc4960d\" data-element_type=\"container\" data-e-type=\"container\">\n\t\t\t\t\t<div class=\"e-con-inner\">\n\t\t\t\t<div class=\"elementor-element elementor-element-cp3b5e399 elementor-widget elementor-widget-heading\" data-id=\"cp3b5e399\" data-element_type=\"widget\" data-e-type=\"widget\" data-widget_type=\"heading.default\">\n\t\t\t\t\t<h2 class=\"elementor-heading-title elementor-size-default\">H\u00fasandinn \u00ed r\u00fassneskum b\u00f3kmenntum og \u00ed n\u00fat\u00edmavitund<\/h2>\t\t\t\t<\/div>\n\t\t<div class=\"elementor-element elementor-element-cp5e28c09 e-con-full e-flex e-con e-child\" data-id=\"cp5e28c09\" data-element_type=\"container\" data-e-type=\"container\">\n\t\t\t\t<div class=\"elementor-element elementor-element-cp6e2b3a0 elementor-widget elementor-widget-text-editor\" data-id=\"cp6e2b3a0\" data-element_type=\"widget\" data-e-type=\"widget\" data-widget_type=\"text-editor.default\">\n\t\t\t\t\t\t\t\t\t<p>Me\u00f0 \u00e1huga r\u00f3mant\u00edkurstefnunnar \u00e1 \u00fej\u00f3\u00f0legri sk\u00e1ldskaparhef\u00f0 f\u00f3r domovoi \u00far b\u00e6ndaheiminum inn \u00ed rita\u00f0ar b\u00f3kmenntir. \u00deegar r\u00fassnesk sk\u00e1ld \u00e1 fyrri hluta n\u00edtj\u00e1ndu aldar t\u00f3ku \u00feessa pers\u00f3nu upp.<\/p><p>Alexander P\u00fashk\u00edn samdi stutt kv\u00e6\u00f0i me\u00f0 <span class=\"iwg-fachbegriff\" data-tooltip=\"B\u00e6narlegt e\u00f0a \u00e1kallandi \u00e1varp til go\u00f0s e\u00f0a m\u00e1ttar.\" tabindex=\"0\">\u00e1kalli<\/span> til h\u00fasandans, \u00fear sem hann \u00e1varpar hann sem verndara kunnuglegs sta\u00f0ar. \u00deannig var\u00f0 domovoi b\u00f3kmenntalegt <span class=\"iwg-fachbegriff\" data-tooltip=\"Sk\u00fdr mynd sem t\u00e1knar hugtak.\" tabindex=\"0\">t\u00e1kn<\/span> fyrir heimili, \u00f6ryggi og tengsl vi\u00f0 \u00e1kve\u00f0inn sta\u00f0.<\/p><p>Hinir miklu safnendur n\u00edtj\u00e1ndu aldarins trygg\u00f0u var\u00f0veislu munnlegra <span class=\"iwg-fachbegriff\" data-tooltip=\"Mi\u00f0lun \u00feekkingar og fr\u00e1sagna milli kynsl\u00f3\u00f0a.\" tabindex=\"0\">munnm\u00e6la<\/span>. Alexander Afanasjev t\u00f3k fj\u00f6lmargar s\u00f6gur um h\u00fasandann inn \u00ed verk s\u00edn um slavneska n\u00e1tt\u00farus\u00fdn, og s\u00ed\u00f0ari \u00fej\u00f3\u00f0h\u00e1ttafr\u00e6\u00f0ingar eins og Selenin og Pomeranceva r\u00f6\u00f0u\u00f0u efninu upp \u00e1 v\u00edsindalegan h\u00e1tt.<\/p><p>\u00deessar s\u00f6fnun eru enn \u00ed dag grundv\u00f6llur allrar alvarlegrar ranns\u00f3knar \u00e1 pers\u00f3nunni, \u00fev\u00ed \u00fe\u00e6r skr\u00e1setja sv\u00e6\u00f0isbundna fj\u00f6lbreytni \u00e1\u00f0ur en i\u00f0nv\u00e6\u00f0ing og sov\u00e9sk n\u00fat\u00edmav\u00e6\u00f0ing breyttu sveitasamf\u00e9laginu.<\/p><p>\u00c1 tuttugustu \u00f6ld missti tr\u00fain \u00e1 domovoi efnahagslegan grundv\u00f6ll sinn, b\u00e6ndab\u00e6irinn me\u00f0 ofni og fj\u00f3si hvarf fyrir flestu f\u00f3lki.<\/p><p>Pers\u00f3nan lif\u00f0i \u00fe\u00f3 \u00e1fram, n\u00fa sem hluti af barnamenningu, teiknimyndum og vins\u00e6lum fantas\u00edum. \u00cd fj\u00f6lm\u00f6rgum sov\u00e9skum og r\u00fassneskum teiknimyndum og barnab\u00f3kum kemur domovoi fram sem g\u00f3\u00f0lyndur, en svol\u00edti\u00f0 hrj\u00fafur, l\u00edtill \u00edb\u00fai h\u00fasins.<\/p><p>Athyglisver\u00f0 er \u00ferautseigja l\u00edtilla hversdagsvenja. \u00de\u00f3tt enginn tr\u00fai lengur \u00e1 l\u00edkamlegan <span class=\"iwg-fachbegriff\" data-tooltip=\"L\u00edkamslaus vera sem talin er hafa \u00e1hrif \u00ed heiminum.\" tabindex=\"0\">anda<\/span>, hefur \u00e1 r\u00fassneskum\u00e6landi sv\u00e6\u00f0um haldist si\u00f0urinn a\u00f0 l\u00e1ta k\u00f6ttinn fyrst inn \u00ed n\u00fdja \u00edb\u00fa\u00f0 vi\u00f0 flutninga, e\u00f0a a\u00f0 \u00e1varpa hinn \u00f3s\u00fdnilega h\u00fasb\u00f3nda vinsamlega.<\/p><p>Sl\u00edkar leifar s\u00fdna a\u00f0 domovoi lifir \u00e1fram fremur sem menningarleg gj\u00f6r\u00f0 en tr\u00faarinnihald, tj\u00e1ning \u00feeirrar l\u00f6ngunar a\u00f0 heimili s\u00e9 meira en einbert r\u00fdmi.<\/p>\t\t\t\t\t\t\t\t<\/div>\n\t\t\t\t<\/div>\n\t\t\t\t\t<\/div>\n\t\t\t\t<\/div>\n\t\t<div class=\"elementor-element elementor-element-36dd7469 e-flex e-con-boxed e-con e-parent\" data-id=\"36dd7469\" data-element_type=\"container\" data-e-type=\"container\">\n\t\t\t\t\t<div class=\"e-con-inner\">\n\t\t\t\t<div class=\"elementor-element elementor-element-13760ab4 elementor-widget elementor-widget-heading\" data-id=\"13760ab4\" data-element_type=\"widget\" data-e-type=\"widget\" data-widget_type=\"heading.default\">\n\t\t\t\t\t<h2 class=\"elementor-heading-title elementor-size-default\">\u00cdtarefni og tenglar<\/h2>\t\t\t\t<\/div>\n\t\t<div class=\"elementor-element elementor-element-28c87796 e-con-full e-flex e-con e-child\" data-id=\"28c87796\" data-element_type=\"container\" data-e-type=\"container\">\n\t\t\t\t<div class=\"elementor-element elementor-element-5d6538df elementor-widget elementor-widget-text-editor\" data-id=\"5d6538df\" data-element_type=\"widget\" data-e-type=\"widget\" data-widget_type=\"text-editor.default\">\n\t\t\t\t\t\t\t\t\t<ul><li><a href=\"https:\/\/iwell-guard.com\/is\/?page_id=168862\">Bannik, andi ba\u00f0stofunnar, s\u00e9rstakur domovoi<\/a><\/li><li><a href=\"https:\/\/iwell-guard.com\/is\/?page_id=168639\">Kikimora, kvenkyns heimilisandi<\/a><\/li><li><a href=\"https:\/\/iwell-guard.com\/is\/?page_id=169092\">Leshi, sk\u00f3garandi utan heimilisins<\/a><\/li><li><a href=\"https:\/\/iwell-guard.com\/is\/?page_id=168616\">Slavnesk hef\u00f0, heildarsamhengi<\/a><\/li><\/ul>\t\t\t\t\t\t\t\t<\/div>\n\t\t\t\t<\/div>\n\t\t\t\t\t<\/div>\n\t\t\t\t<\/div>\n\t\t<div class=\"elementor-element elementor-element-grl4kl40 e-flex e-con-boxed e-con e-parent\" data-id=\"grl4kl40\" data-element_type=\"container\" data-e-type=\"container\">\n\t\t\t\t\t<div class=\"e-con-inner\">\n\t\t\t\t<div class=\"elementor-element elementor-element-bzsbfrmh elementor-widget elementor-widget-heading\" data-id=\"bzsbfrmh\" data-element_type=\"widget\" data-e-type=\"widget\" data-widget_type=\"heading.default\">\n\t\t\t\t\t<h2 class=\"elementor-heading-title elementor-size-default\">Fr\u00e6\u00f0irit<\/h2>\t\t\t\t<\/div>\n\t\t<div class=\"elementor-element elementor-element-2c13224a e-con-full e-flex e-con e-child\" data-id=\"2c13224a\" data-element_type=\"container\" data-e-type=\"container\">\n\t\t\t\t<div class=\"elementor-element elementor-element-0eymh9ub elementor-widget elementor-widget-text-editor\" data-id=\"0eymh9ub\" data-element_type=\"widget\" data-e-type=\"widget\" data-widget_type=\"text-editor.default\">\n\t\t\t\t\t\t\t\t\t<footer class=\"iwg-literatur\" data-nosnippet=\"true\"><ul><li><span data-nosnippet>Iwanits, Linda J.: <em>Russian Folk Belief<\/em>. M.E. Sharpe, Armonk 1989.<\/span><\/li><li><span data-nosnippet>Hubbs, Joanna: <em>Mother Russia: The Feminine Myth in Russian Culture<\/em>. Indiana UP, Bloomington 1988.<\/span><\/li><li><span data-nosnippet>Afanasjew, Aleksandr N.: <em>Poeti\u010deskie vozzrenija slavjan na prirodu<\/em>. 3 Bde. Moskau 1865-69.<\/span><\/li><li><span data-nosnippet>Tokarev, Sergej A.: <em>Religioznye verovanija vosto\u010dnoslavjanskich narodov XIX, na\u010dala XX v.<\/em>. Moskau 1957.<\/span><\/li><li><span data-nosnippet>Warner, Elizabeth: <em>Russian Myths<\/em>. British Museum Press, London 2002.<\/span><\/li><\/ul><\/footer>\t\t\t\t\t\t\t\t<\/div>\n\t\t\t\t<\/div>\n\t\t\t\t\t<\/div>\n\t\t\t\t<\/div>\n\t\t\t\t<\/div>\n\t\t","protected":false},"excerpt":{"rendered":"","protected":false},"author":3,"featured_media":1648,"parent":0,"menu_order":0,"comment_status":"closed","ping_status":"closed","template":"elementor_header_footer","meta":{"_yoast_wpseo_focuskw":"Domovoi","_yoast_wpseo_title":"Domovoi \u2013 slavneskur heimilisandi og arinv\u00f6r\u00f0ur","_yoast_wpseo_metadesc":"Domovoi, v\u00f6r\u00f0ur arinsins og \u00f3s\u00fdnilegur \u00edb\u00fai slavneskra heimila. Si\u00f0ir, f\u00f3rnargjafir og samband hans vi\u00f0 Bannik, Dvorovoi og Polevoi.","_yoast_wpseo_meta-robots-noindex":"","_yoast_wpseo_canonical":"","_angie_page":false,"gefaehrdungsstufe":"1","wesen_kultur":"slawisch","wesen_klasse":"geister","footnotes":""},"categories":[],"class_list":["post-168860","page","type-page","status-publish","has-post-thumbnail","hentry"],"yoast_head":"<!-- This site is optimized with the Yoast SEO Premium plugin v27.7 (Yoast SEO v28.3) - https:\/\/yoast.com\/product\/yoast-seo-premium-wordpress\/ -->\n<title>Domovoi \u2013 slavneskur heimilisandi og arinv\u00f6r\u00f0ur<\/title>\n<meta name=\"description\" content=\"Domovoi, v\u00f6r\u00f0ur arinsins og \u00f3s\u00fdnilegur \u00edb\u00fai slavneskra heimila. Si\u00f0ir, f\u00f3rnargjafir og samband hans vi\u00f0 Bannik, Dvorovoi og Polevoi.\" \/>\n<meta name=\"robots\" content=\"index, follow, max-snippet:-1, max-image-preview:large, max-video-preview:-1\" \/>\n<link rel=\"canonical\" href=\"https:\/\/iwell-guard.com\/is\/domovoi\/\" \/>\n<meta property=\"og:locale\" content=\"is_IS\" \/>\n<meta property=\"og:type\" content=\"article\" \/>\n<meta property=\"og:title\" content=\"Domovoi\" \/>\n<meta property=\"og:description\" content=\"Domovoi, v\u00f6r\u00f0ur arinsins og \u00f3s\u00fdnilegur \u00edb\u00fai slavneskra heimila. Si\u00f0ir, f\u00f3rnargjafir og samband hans vi\u00f0 Bannik, Dvorovoi og Polevoi.\" \/>\n<meta property=\"og:url\" content=\"https:\/\/iwell-guard.com\/is\/domovoi\/\" \/>\n<meta property=\"og:site_name\" content=\"iWell Guard\" \/>\n<meta property=\"article:modified_time\" content=\"2026-09-05T14:21:22+00:00\" \/>\n<meta property=\"og:image\" content=\"https:\/\/iwell-guard.com\/wp-content\/uploads\/2026\/04\/geister_slawisch_domovoi.webp\" \/>\n\t<meta property=\"og:image:width\" content=\"1024\" \/>\n\t<meta property=\"og:image:height\" content=\"1536\" \/>\n\t<meta property=\"og:image:type\" content=\"image\/webp\" \/>\n<meta name=\"twitter:card\" content=\"summary_large_image\" \/>\n<script type=\"application\/ld+json\" class=\"yoast-schema-graph\">{\"@context\":\"https:\\\/\\\/schema.org\",\"@graph\":[{\"@type\":\"WebPage\",\"@id\":\"https:\\\/\\\/iwell-guard.com\\\/is\\\/domovoi\\\/\",\"url\":\"https:\\\/\\\/iwell-guard.com\\\/is\\\/domovoi\\\/\",\"name\":\"Domovoi \u2013 slavneskur heimilisandi og arinv\u00f6r\u00f0ur\",\"isPartOf\":{\"@id\":\"https:\\\/\\\/iwell-guard.com\\\/is\\\/#website\"},\"primaryImageOfPage\":{\"@id\":\"https:\\\/\\\/iwell-guard.com\\\/is\\\/domovoi\\\/#primaryimage\"},\"image\":{\"@id\":\"https:\\\/\\\/iwell-guard.com\\\/is\\\/domovoi\\\/#primaryimage\"},\"thumbnailUrl\":\"https:\\\/\\\/iwell-guard.com\\\/wp-content\\\/uploads\\\/2026\\\/04\\\/geister_slawisch_domovoi.webp\",\"datePublished\":\"2026-09-05T14:03:35+00:00\",\"dateModified\":\"2026-09-05T14:21:22+00:00\",\"description\":\"Domovoi, v\u00f6r\u00f0ur arinsins og \u00f3s\u00fdnilegur \u00edb\u00fai slavneskra heimila. Si\u00f0ir, f\u00f3rnargjafir og samband hans vi\u00f0 Bannik, Dvorovoi og Polevoi.\",\"breadcrumb\":{\"@id\":\"https:\\\/\\\/iwell-guard.com\\\/is\\\/domovoi\\\/#breadcrumb\"},\"inLanguage\":\"is\",\"potentialAction\":[{\"@type\":\"ReadAction\",\"target\":[\"https:\\\/\\\/iwell-guard.com\\\/is\\\/domovoi\\\/\"]}]},{\"@type\":\"ImageObject\",\"inLanguage\":\"is\",\"@id\":\"https:\\\/\\\/iwell-guard.com\\\/is\\\/domovoi\\\/#primaryimage\",\"url\":\"https:\\\/\\\/iwell-guard.com\\\/wp-content\\\/uploads\\\/2026\\\/04\\\/geister_slawisch_domovoi.webp\",\"contentUrl\":\"https:\\\/\\\/iwell-guard.com\\\/wp-content\\\/uploads\\\/2026\\\/04\\\/geister_slawisch_domovoi.webp\",\"width\":1024,\"height\":1536,\"caption\":\"Andar \u00far slavneskri hef\u00f0.\"},{\"@type\":\"BreadcrumbList\",\"@id\":\"https:\\\/\\\/iwell-guard.com\\\/is\\\/domovoi\\\/#breadcrumb\",\"itemListElement\":[{\"@type\":\"ListItem\",\"position\":1,\"name\":\"Start\",\"item\":\"https:\\\/\\\/iwell-guard.com\\\/is\\\/?page_id=168580\"},{\"@type\":\"ListItem\",\"position\":2,\"name\":\"Domovoi\"}]},{\"@type\":\"WebSite\",\"@id\":\"https:\\\/\\\/iwell-guard.com\\\/is\\\/#website\",\"url\":\"https:\\\/\\\/iwell-guard.com\\\/is\\\/\",\"name\":\"iWell Guard\",\"description\":\"Schutz vor dunklen Einfl\u00fcssen\",\"publisher\":{\"@id\":\"https:\\\/\\\/iwell-guard.com\\\/is\\\/#organization\"},\"potentialAction\":[{\"@type\":\"SearchAction\",\"target\":{\"@type\":\"EntryPoint\",\"urlTemplate\":\"https:\\\/\\\/iwell-guard.com\\\/is\\\/?s={search_term_string}\"},\"query-input\":{\"@type\":\"PropertyValueSpecification\",\"valueRequired\":true,\"valueName\":\"search_term_string\"}}],\"inLanguage\":\"is\"},{\"@type\":\"Organization\",\"@id\":\"https:\\\/\\\/iwell-guard.com\\\/is\\\/#organization\",\"name\":\"Ittermann electronic GmbH\",\"url\":\"https:\\\/\\\/iwell-guard.com\\\/is\\\/\",\"logo\":{\"@type\":\"ImageObject\",\"inLanguage\":\"is\",\"@id\":\"https:\\\/\\\/iwell-guard.com\\\/is\\\/#\\\/schema\\\/logo\\\/image\\\/\",\"url\":\"https:\\\/\\\/iwell-guard.com\\\/wp-content\\\/uploads\\\/2026\\\/05\\\/Ittermann-Logo-1182x237-1.png\",\"contentUrl\":\"https:\\\/\\\/iwell-guard.com\\\/wp-content\\\/uploads\\\/2026\\\/05\\\/Ittermann-Logo-1182x237-1.png\",\"width\":1182,\"height\":237,\"caption\":\"Ittermann electronic GmbH\"},\"image\":{\"@id\":\"https:\\\/\\\/iwell-guard.com\\\/is\\\/#\\\/schema\\\/logo\\\/image\\\/\"},\"sameAs\":[\"https:\\\/\\\/pantip.com\\\/profile\\\/9367242\",\"https:\\\/\\\/micro.blog\\\/iwellguard\",\"https:\\\/\\\/www.diggerslist.com\\\/iwellguard\\\/about\",\"https:\\\/\\\/skitterphoto.com\\\/photographers\\\/2870314\\\/iwell-guard\",\"https:\\\/\\\/iwellguard.wordpress.com\\\/2026\\\/06\\\/06\\\/iwell-guard\\\/\",\"https:\\\/\\\/hub.docker.com\\\/u\\\/iwellguard\",\"https:\\\/\\\/www.pinterest.com\\\/iwellguard\\\/\",\"https:\\\/\\\/bit.ly\\\/m\\\/iwellguard\",\"https:\\\/\\\/entre-vos-mains.alsace.eu\\\/profiles\\\/iwellguard\\\/activity\",\"https:\\\/\\\/gravatar.com\\\/reallybeded8fd34\",\"https:\\\/\\\/naijamatta.com\\\/iwellguard\",\"https:\\\/\\\/www.goodreads.com\\\/iwellguard\",\"https:\\\/\\\/profile.hatena.ne.jp\\\/iwellguard\\\/\",\"https:\\\/\\\/experiment.com\\\/users\\\/iwellguard\",\"https:\\\/\\\/wakelet.com\\\/@iWellGuard82270\",\"https:\\\/\\\/www.chordie.com\\\/forum\\\/profile.php?id=2555664\",\"https:\\\/\\\/www.instapaper.com\\\/p\\\/17757966\",\"https:\\\/\\\/www.mapleprimes.com\\\/users\\\/iwellguard\",\"https:\\\/\\\/businesslistingplus.com\\\/profile\\\/iwell-guard\\\/\",\"https:\\\/\\\/telegra.ph\\\/iWell-Guard-06-06\",\"https:\\\/\\\/pbase.com\\\/iwellguard\\\/iwellguard\",\"https:\\\/\\\/b.hatena.ne.jp\\\/iwellguard\\\/20260607#bookmark-4788405196491818882\",\"https:\\\/\\\/fliphtml5.com\\\/home\\\/iwellguard\",\"https:\\\/\\\/anyflip.com\\\/homepage\\\/cmiwl#About\",\"https:\\\/\\\/transfur.com\\\/Users\\\/iwellguard\",\"http:\\\/\\\/delphi.larsbo.org\\\/user\\\/iwellguard\",\"https:\\\/\\\/jobs.lajobsportal.org\\\/profiles\\\/8380803-iwell-guard\",\"https:\\\/\\\/md.chaosdorf.de\\\/s\\\/jfbe5SBdJD\",\"https:\\\/\\\/www.lingvolive.com\\\/en-us\\\/profile\\\/9ecaeaca-ce11-4e51-9e71-01d55e2bff36\\\/translations\",\"https:\\\/\\\/www.fitday.com\\\/fitness\\\/forums\\\/members\\\/iwellguard.html\",\"https:\\\/\\\/www.mymeetbook.com\\\/iwellguard\",\"https:\\\/\\\/pxhere.com\\\/en\\\/photographer-me\\\/5040798\",\"https:\\\/\\\/disqus.com\\\/by\\\/iwellguard\\\/about\\\/\",\"https:\\\/\\\/pastelink.net\\\/hjwciqwq\",\"https:\\\/\\\/pubhtml5.com\\\/homepage\\\/scjhn\\\/\",\"https:\\\/\\\/www.bitchute.com\\\/channel\\\/2O2eOKzNqujT\",\"https:\\\/\\\/audiomack.com\\\/iwellguard\"]},{\"@type\":\"Article\",\"@id\":\"https:\\\/\\\/iwell-guard.com\\\/is\\\/domovoi\\\/#article\",\"isPartOf\":{\"@id\":\"https:\\\/\\\/iwell-guard.com\\\/is\\\/domovoi\\\/\"},\"author\":{\"name\":\"Ralf Ittermann\",\"@id\":\"https:\\\/\\\/iwell-guard.com\\\/is\\\/#\\\/schema\\\/person\\\/ee2a27f1cac3406c7c6fb5820cb7349f\"},\"headline\":\"Domovoi\",\"datePublished\":\"2026-09-05T14:03:35+00:00\",\"dateModified\":\"2026-09-05T14:21:22+00:00\",\"mainEntityOfPage\":{\"@id\":\"https:\\\/\\\/iwell-guard.com\\\/is\\\/domovoi\\\/\"},\"publisher\":{\"@id\":\"https:\\\/\\\/iwell-guard.com\\\/is\\\/#organization\"},\"image\":{\"@id\":\"https:\\\/\\\/iwell-guard.com\\\/is\\\/domovoi\\\/#primaryimage\"},\"thumbnailUrl\":\"https:\\\/\\\/iwell-guard.com\\\/wp-content\\\/uploads\\\/2026\\\/04\\\/geister_slawisch_domovoi.webp\",\"inLanguage\":\"is\",\"description\":\"Domovoi, v\u00f6r\u00f0ur arinsins og \u00f3s\u00fdnilegur \u00edb\u00fai slavneskra heimila. Si\u00f0ir, f\u00f3rnargjafir og samband hans vi\u00f0 Bannik, Dvorovoi og Polevoi.\"}]}<\/script>\n<!-- \/ Yoast SEO Premium plugin. -->","yoast_head_json":{"title":"Domovoi \u2013 slavneskur heimilisandi og arinv\u00f6r\u00f0ur","description":"Domovoi, v\u00f6r\u00f0ur arinsins og \u00f3s\u00fdnilegur \u00edb\u00fai slavneskra heimila. Si\u00f0ir, f\u00f3rnargjafir og samband hans vi\u00f0 Bannik, Dvorovoi og Polevoi.","robots":{"index":"index","follow":"follow","max-snippet":"max-snippet:-1","max-image-preview":"max-image-preview:large","max-video-preview":"max-video-preview:-1"},"canonical":"https:\/\/iwell-guard.com\/is\/domovoi\/","og_locale":"is_IS","og_type":"article","og_title":"Domovoi","og_description":"Domovoi, v\u00f6r\u00f0ur arinsins og \u00f3s\u00fdnilegur \u00edb\u00fai slavneskra heimila. Si\u00f0ir, f\u00f3rnargjafir og samband hans vi\u00f0 Bannik, Dvorovoi og Polevoi.","og_url":"https:\/\/iwell-guard.com\/is\/domovoi\/","og_site_name":"iWell Guard","article_modified_time":"2026-09-05T14:21:22+00:00","og_image":[{"width":1024,"height":1536,"url":"https:\/\/iwell-guard.com\/wp-content\/uploads\/2026\/04\/geister_slawisch_domovoi.webp","type":"image\/webp"}],"twitter_card":"summary_large_image","schema":{"@context":"https:\/\/schema.org","@graph":[{"@type":"Article","@id":"https:\/\/iwell-guard.com\/is\/domovoi\/#article","isPartOf":{"@id":"https:\/\/iwell-guard.com\/is\/domovoi\/"},"author":{"name":"Ralf Ittermann","@id":"https:\/\/iwell-guard.com\/is\/#\/schema\/person\/ee2a27f1cac3406c7c6fb5820cb7349f"},"headline":"Domovoi","datePublished":"2026-09-05T14:03:35+00:00","dateModified":"2026-09-05T14:21:22+00:00","mainEntityOfPage":{"@id":"https:\/\/iwell-guard.com\/is\/domovoi\/"},"publisher":{"@id":"https:\/\/iwell-guard.com\/is\/#organization"},"image":{"@id":"https:\/\/iwell-guard.com\/is\/domovoi\/#primaryimage"},"thumbnailUrl":"https:\/\/iwell-guard.com\/wp-content\/uploads\/2026\/04\/geister_slawisch_domovoi.webp","inLanguage":"is","description":"Domovoi, v\u00f6r\u00f0ur arinsins og \u00f3s\u00fdnilegur \u00edb\u00fai slavneskra heimila. Si\u00f0ir, f\u00f3rnargjafir og samband hans vi\u00f0 Bannik, Dvorovoi og Polevoi."},{"@type":"WebPage","@id":"https:\/\/iwell-guard.com\/is\/domovoi\/","url":"https:\/\/iwell-guard.com\/is\/domovoi\/","name":"Domovoi \u2013 slavneskur heimilisandi og arinv\u00f6r\u00f0ur","isPartOf":{"@id":"https:\/\/iwell-guard.com\/is\/#website"},"primaryImageOfPage":{"@id":"https:\/\/iwell-guard.com\/is\/domovoi\/#primaryimage"},"image":{"@id":"https:\/\/iwell-guard.com\/is\/domovoi\/#primaryimage"},"thumbnailUrl":"https:\/\/iwell-guard.com\/wp-content\/uploads\/2026\/04\/geister_slawisch_domovoi.webp","datePublished":"2026-09-05T14:03:35+00:00","dateModified":"2026-09-05T14:21:22+00:00","description":"Domovoi, v\u00f6r\u00f0ur arinsins og \u00f3s\u00fdnilegur \u00edb\u00fai slavneskra heimila. Si\u00f0ir, f\u00f3rnargjafir og samband hans vi\u00f0 Bannik, Dvorovoi og Polevoi.","breadcrumb":{"@id":"https:\/\/iwell-guard.com\/is\/domovoi\/#breadcrumb"},"inLanguage":"is","potentialAction":[{"@type":"ReadAction","target":["https:\/\/iwell-guard.com\/is\/domovoi\/"]}]},{"@type":"ImageObject","inLanguage":"is","@id":"https:\/\/iwell-guard.com\/is\/domovoi\/#primaryimage","url":"https:\/\/iwell-guard.com\/wp-content\/uploads\/2026\/04\/geister_slawisch_domovoi.webp","contentUrl":"https:\/\/iwell-guard.com\/wp-content\/uploads\/2026\/04\/geister_slawisch_domovoi.webp","width":1024,"height":1536,"caption":"Andar \u00far slavneskri hef\u00f0."},{"@type":"BreadcrumbList","@id":"https:\/\/iwell-guard.com\/is\/domovoi\/#breadcrumb","itemListElement":[{"@type":"ListItem","position":1,"name":"Start","item":"https:\/\/iwell-guard.com\/is\/?page_id=168580"},{"@type":"ListItem","position":2,"name":"Domovoi"}]},{"@type":"WebSite","@id":"https:\/\/iwell-guard.com\/is\/#website","url":"https:\/\/iwell-guard.com\/is\/","name":"iWell Guard","description":"Schutz vor dunklen Einfl\u00fcssen","publisher":{"@id":"https:\/\/iwell-guard.com\/is\/#organization"},"potentialAction":[{"@type":"SearchAction","target":{"@type":"EntryPoint","urlTemplate":"https:\/\/iwell-guard.com\/is\/?s={search_term_string}"},"query-input":{"@type":"PropertyValueSpecification","valueRequired":true,"valueName":"search_term_string"}}],"inLanguage":"is"},{"@type":"Organization","@id":"https:\/\/iwell-guard.com\/is\/#organization","name":"Ittermann electronic GmbH","url":"https:\/\/iwell-guard.com\/is\/","logo":{"@type":"ImageObject","inLanguage":"is","@id":"https:\/\/iwell-guard.com\/is\/#\/schema\/logo\/image\/","url":"https:\/\/iwell-guard.com\/wp-content\/uploads\/2026\/05\/Ittermann-Logo-1182x237-1.png","contentUrl":"https:\/\/iwell-guard.com\/wp-content\/uploads\/2026\/05\/Ittermann-Logo-1182x237-1.png","width":1182,"height":237,"caption":"Ittermann electronic GmbH"},"image":{"@id":"https:\/\/iwell-guard.com\/is\/#\/schema\/logo\/image\/"},"sameAs":["https:\/\/pantip.com\/profile\/9367242","https:\/\/micro.blog\/iwellguard","https:\/\/www.diggerslist.com\/iwellguard\/about","https:\/\/skitterphoto.com\/photographers\/2870314\/iwell-guard","https:\/\/iwellguard.wordpress.com\/2026\/06\/06\/iwell-guard\/","https:\/\/hub.docker.com\/u\/iwellguard","https:\/\/www.pinterest.com\/iwellguard\/","https:\/\/bit.ly\/m\/iwellguard","https:\/\/entre-vos-mains.alsace.eu\/profiles\/iwellguard\/activity","https:\/\/gravatar.com\/reallybeded8fd34","https:\/\/naijamatta.com\/iwellguard","https:\/\/www.goodreads.com\/iwellguard","https:\/\/profile.hatena.ne.jp\/iwellguard\/","https:\/\/experiment.com\/users\/iwellguard","https:\/\/wakelet.com\/@iWellGuard82270","https:\/\/www.chordie.com\/forum\/profile.php?id=2555664","https:\/\/www.instapaper.com\/p\/17757966","https:\/\/www.mapleprimes.com\/users\/iwellguard","https:\/\/businesslistingplus.com\/profile\/iwell-guard\/","https:\/\/telegra.ph\/iWell-Guard-06-06","https:\/\/pbase.com\/iwellguard\/iwellguard","https:\/\/b.hatena.ne.jp\/iwellguard\/20260607#bookmark-4788405196491818882","https:\/\/fliphtml5.com\/home\/iwellguard","https:\/\/anyflip.com\/homepage\/cmiwl#About","https:\/\/transfur.com\/Users\/iwellguard","http:\/\/delphi.larsbo.org\/user\/iwellguard","https:\/\/jobs.lajobsportal.org\/profiles\/8380803-iwell-guard","https:\/\/md.chaosdorf.de\/s\/jfbe5SBdJD","https:\/\/www.lingvolive.com\/en-us\/profile\/9ecaeaca-ce11-4e51-9e71-01d55e2bff36\/translations","https:\/\/www.fitday.com\/fitness\/forums\/members\/iwellguard.html","https:\/\/www.mymeetbook.com\/iwellguard","https:\/\/pxhere.com\/en\/photographer-me\/5040798","https:\/\/disqus.com\/by\/iwellguard\/about\/","https:\/\/pastelink.net\/hjwciqwq","https:\/\/pubhtml5.com\/homepage\/scjhn\/","https:\/\/www.bitchute.com\/channel\/2O2eOKzNqujT","https:\/\/audiomack.com\/iwellguard"]},{"@type":"Person","@id":"https:\/\/iwell-guard.com\/is\/#\/schema\/person\/ee2a27f1cac3406c7c6fb5820cb7349f","name":"Ralf Ittermann","image":{"@type":"ImageObject","inLanguage":"is","@id":"https:\/\/secure.gravatar.com\/avatar\/073c0153e350a5005b68eb752b445fea71f6b24a26da9449ad7e155e6b446c9d?s=96&d=mm&r=g","url":"https:\/\/secure.gravatar.com\/avatar\/073c0153e350a5005b68eb752b445fea71f6b24a26da9449ad7e155e6b446c9d?s=96&d=mm&r=g","contentUrl":"https:\/\/secure.gravatar.com\/avatar\/073c0153e350a5005b68eb752b445fea71f6b24a26da9449ad7e155e6b446c9d?s=96&d=mm&r=g","caption":"Ralf Ittermann"},"givenName":"Ralf","familyName":"Ittermann","jobTitle":"Gesch\u00e4ftsf\u00fchrer und redaktioneller Verantwortlicher","url":"https:\/\/iwell-guard.com\/is\/author\/claude\/","description":"Ralf Ittermann ist Gesch\u00e4ftsf\u00fchrer der Ittermann electronic GmbH und redaktioneller Verantwortlicher des iWell-Guard-Lexikons. Er verbindet langj\u00e4hrige Erfahrung in der Pr\u00e4zisionsfertigung mit medialer Praxis und religionsgeschichtlicher Quellenarbeit.","worksFor":{"@type":"Organization","name":"Ittermann electronic GmbH","url":"https:\/\/ittermann.de\/","address":{"@type":"PostalAddress","streetAddress":"K\u00f6hlergasse 16-18","postalCode":"99842","addressLocality":"Ruhla","addressCountry":"DE"}},"knowsAbout":["Religionsgeschichte","Mythologie","Mediale Praxis","Energetische Diagnostik","Schutzpraxis","Volksglauben","Westliche Esoterik"]},{"@type":"Article","@id":"https:\/\/iwell-guard.com\/is\/domovoi\/#article","isPartOf":{"@id":"https:\/\/iwell-guard.com\/is\/domovoi\/"},"author":{"name":"Ralf Ittermann","@id":"https:\/\/iwell-guard.com\/is\/#\/schema\/person\/ee2a27f1cac3406c7c6fb5820cb7349f"},"headline":"Domovoi","datePublished":"2026-09-05T14:03:35+00:00","dateModified":"2026-09-05T14:21:22+00:00","mainEntityOfPage":{"@id":"https:\/\/iwell-guard.com\/is\/domovoi\/"},"publisher":{"@id":"https:\/\/iwell-guard.com\/is\/#organization"},"image":{"@id":"https:\/\/iwell-guard.com\/is\/domovoi\/#primaryimage"},"thumbnailUrl":"https:\/\/iwell-guard.com\/wp-content\/uploads\/2026\/04\/geister_slawisch_domovoi.webp","inLanguage":"is","description":"Domovoi, v\u00f6r\u00f0ur arinsins og \u00f3s\u00fdnilegur \u00edb\u00fai slavneskra heimila. Si\u00f0ir, f\u00f3rnargjafir og samband hans vi\u00f0 Bannik, Dvorovoi og Polevoi."}]}},"_links":{"self":[{"href":"https:\/\/iwell-guard.com\/is\/wp-json\/wp\/v2\/pages\/168860","targetHints":{"allow":["GET"]}}],"collection":[{"href":"https:\/\/iwell-guard.com\/is\/wp-json\/wp\/v2\/pages"}],"about":[{"href":"https:\/\/iwell-guard.com\/is\/wp-json\/wp\/v2\/types\/page"}],"author":[{"embeddable":true,"href":"https:\/\/iwell-guard.com\/is\/wp-json\/wp\/v2\/users\/3"}],"replies":[{"embeddable":true,"href":"https:\/\/iwell-guard.com\/is\/wp-json\/wp\/v2\/comments?post=168860"}],"version-history":[{"count":0,"href":"https:\/\/iwell-guard.com\/is\/wp-json\/wp\/v2\/pages\/168860\/revisions"}],"wp:featuredmedia":[{"embeddable":true,"href":"https:\/\/iwell-guard.com\/is\/wp-json\/wp\/v2\/media\/1648"}],"wp:attachment":[{"href":"https:\/\/iwell-guard.com\/is\/wp-json\/wp\/v2\/media?parent=168860"}],"wp:term":[{"taxonomy":"category","embeddable":true,"href":"https:\/\/iwell-guard.com\/is\/wp-json\/wp\/v2\/categories?post=168860"}],"curies":[{"name":"wp","href":"https:\/\/api.w.org\/{rel}","templated":true}]}}