{"id":168857,"date":"2026-09-05T14:03:33","date_gmt":"2026-09-05T14:03:33","guid":{"rendered":"https:\/\/iwell-guard.com\/?page_id=168857"},"modified":"2026-09-05T14:21:17","modified_gmt":"2026-09-05T14:21:17","slug":"erzulie-freda","status":"publish","type":"page","link":"https:\/\/iwell-guard.com\/is\/erzulie-freda\/","title":{"rendered":"Erzulie Freda"},"content":{"rendered":"\t\t<div data-elementor-type=\"wp-page\" data-elementor-id=\"168857\" class=\"elementor elementor-168857 elementor-2177 elementor-bc-flex-widget\" data-elementor-post-type=\"page\">\n\t\t\t\t<div class=\"elementor-element elementor-element-10fdade e-flex e-con-boxed e-con e-parent\" data-id=\"10fdade\" data-element_type=\"container\" data-e-type=\"container\" data-settings=\"{&quot;background_background&quot;:&quot;classic&quot;}\">\n\t\t\t\t\t<div class=\"e-con-inner\">\n\t\t<div class=\"elementor-element elementor-element-herohlft0 e-flex e-con-boxed e-con e-child\" data-id=\"herohlft0\" data-element_type=\"container\" data-e-type=\"container\">\n\t\t\t\t\t<div class=\"e-con-inner\">\n\t\t<div class=\"elementor-element elementor-element-c3ceb64 e-con-full e-flex e-con e-child\" data-id=\"c3ceb64\" data-element_type=\"container\" data-e-type=\"container\">\n\t\t\t\t<div class=\"elementor-element elementor-element-96ae5e1 elementor-widget elementor-widget-heading\" data-id=\"96ae5e1\" data-element_type=\"widget\" data-e-type=\"widget\" data-widget_type=\"heading.default\">\n\t\t\t\t\t<h1 class=\"elementor-heading-title elementor-size-default\">Erzulie, gy\u00f0ja ha\u00edt\u00edsku hef\u00f0arinnar<\/h1>\t\t\t\t<\/div>\n\t\t\t\t<div class=\"elementor-element elementor-element-e45238a elementor-widget elementor-widget-text-editor\" data-id=\"e45238a\" data-element_type=\"widget\" data-e-type=\"widget\" data-widget_type=\"text-editor.default\">\n\t\t\t\t\t\t\t\t\t<p>Erzulie er gy\u00f0ja ha\u00edt\u00edsku hef\u00f0arinnar.<\/p><p><strong>Gy\u00f0ja \u00e1star, fegur\u00f0ar og girndar, drottning \u00feokkans.<\/strong> Erzulie Freda er loa kvenlegrar bl\u00ed\u00f0u, muna\u00f0ar, er\u00f3t\u00edkur og f\u00e1ga\u00f0ra tilfinninga. H\u00fan birtist \u00ed bleikum og lj\u00f3sbl\u00e1m kl\u00e6\u00f0um, umkringd speglum, ilmvatni og r\u00f3sum.<\/p><p>T\u00e1r hennar eru \u00f3svikin, \u00fev\u00ed h\u00fan finnur til me\u00f0 \u00fej\u00e1ningum mannkyns. En hl\u00e1tur hennar er gu\u00f0legur og lifandi. \u00deeir sem hei\u00f0ra Erzulie Freda kynnast \u00e1st, fegur\u00f0 og huggun innilegrar n\u00e1l\u00e6g\u00f0ar.<\/p>\t\t\t\t\t\t\t\t<\/div>\n\t\t\t\t<\/div>\n\t\t<div class=\"elementor-element elementor-element-klsbdg01 e-con-full e-flex e-con e-parent\" data-id=\"klsbdg01\" data-element_type=\"container\" data-e-type=\"container\">\n\t\t\t\t<div class=\"elementor-element elementor-element-klshtm01 elementor-widget elementor-widget-html\" data-id=\"klshtm01\" data-element_type=\"widget\" data-e-type=\"widget\" data-widget_type=\"html.default\">\n\t\t\t\t\t<div class=\"iwg-pill-row\"><span class=\"iwg-klasse-badge\" tabindex=\"0\" data-tooltip=\"Gu\u00f0 \/ gy\u00f0ja: Pers\u00f3nuger\u00f0 \u00e6\u00f0sta vald \u00ed go\u00f0aveldi menningar, me\u00f0 sk\u00fdrar valdsvi\u00f0, n\u00e1tt\u00faru\u00f6fl, \u00f6rl\u00f6g, str\u00ed\u00f0, frj\u00f3semi. Tilbe\u00f0in me\u00f0 \u00e1tr\u00fana\u00f0i, f\u00f3rnum og hofastofnunum.\">Gy\u00f0ja<\/span><a href=\"https:\/\/iwell-guard.com\/is\/?page_id=168865\" class=\"iwg-kultur-badge\" tabindex=\"0\" data-tooltip=\"Ha\u00edt\u00edsk-vesturafr\u00edsk Vodou-hef\u00f0 me\u00f0 lwa-verum, sem \u00e1 tr\u00faars\u00f6gulegar r\u00e6tur \u00ed Vestur-Afr\u00edku og barst til Kar\u00edbahafsins.\">Vodou<\/a><\/div>\t\t\t\t<\/div>\n\t\t\t\t<\/div>\n\t\t<div class=\"elementor-element elementor-element-3f74855 e-con-full e-flex e-con e-child\" data-id=\"3f74855\" data-element_type=\"container\" data-e-type=\"container\">\n\t\t\t\t<div class=\"elementor-element elementor-element-1c30362 elementor-toc--minimized-on-tablet elementor-widget elementor-widget-table-of-contents\" data-id=\"1c30362\" data-element_type=\"widget\" data-e-type=\"widget\" data-settings=\"{&quot;exclude_headings_by_selector&quot;:[],&quot;no_headings_message&quot;:&quot;Engar undirfyrirsagnir fundust \\u00e1 \\u00feessari s\\u00ed\\u00f0u.&quot;,&quot;headings_by_tags&quot;:[&quot;h2&quot;,&quot;h3&quot;],&quot;marker_view&quot;:&quot;bullets&quot;,&quot;minimize_box&quot;:&quot;yes&quot;,&quot;icon&quot;:{&quot;value&quot;:&quot;fas fa-circle&quot;,&quot;library&quot;:&quot;fa-solid&quot;,&quot;rendered_tag&quot;:&quot;&lt;svg class=\\&quot;e-font-icon-svg e-fas-circle\\&quot; viewBox=\\&quot;0 0 512 512\\&quot; xmlns=\\&quot;http:\\\/\\\/www.w3.org\\\/2000\\\/svg\\&quot;&gt;&lt;path d=\\&quot;M256 8C119 8 8 119 8 256s111 248 248 248 248-111 248-248S393 8 256 8z\\&quot;&gt;&lt;\\\/path&gt;&lt;\\\/svg&gt;&quot;},&quot;minimized_on&quot;:&quot;tablet&quot;,&quot;hierarchical_view&quot;:&quot;yes&quot;,&quot;min_height&quot;:{&quot;unit&quot;:&quot;px&quot;,&quot;size&quot;:&quot;&quot;,&quot;sizes&quot;:[]},&quot;min_height_tablet&quot;:{&quot;unit&quot;:&quot;px&quot;,&quot;size&quot;:&quot;&quot;,&quot;sizes&quot;:[]},&quot;min_height_mobile&quot;:{&quot;unit&quot;:&quot;px&quot;,&quot;size&quot;:&quot;&quot;,&quot;sizes&quot;:[]}}\" data-widget_type=\"table-of-contents.default\">\n\t\t\t\t\t\t\t\t\t<div class=\"elementor-toc__header\">\n\t\t\t\t\t\t<h2 class=\"elementor-toc__header-title\">\n\t\t\t\tEfnisyfirlit\t\t\t<\/h2>\n\t\t\t\t\t\t\t\t\t\t<div class=\"elementor-toc__toggle-button elementor-toc__toggle-button--expand\" role=\"button\" tabindex=\"0\" aria-controls=\"elementor-toc__1c30362\" aria-expanded=\"true\" aria-label=\"Open table of contents\"><svg aria-hidden=\"true\" class=\"e-font-icon-svg e-fas-chevron-down\" viewBox=\"0 0 448 512\" xmlns=\"http:\/\/www.w3.org\/2000\/svg\"><path d=\"M207.029 381.476L12.686 187.132c-9.373-9.373-9.373-24.569 0-33.941l22.667-22.667c9.357-9.357 24.522-9.375 33.901-.04L224 284.505l154.745-154.021c9.379-9.335 24.544-9.317 33.901.04l22.667 22.667c9.373 9.373 9.373 24.569 0 33.941L240.971 381.476c-9.373 9.372-24.569 9.372-33.942 0z\"><\/path><\/svg><\/div>\n\t\t\t\t<div class=\"elementor-toc__toggle-button elementor-toc__toggle-button--collapse\" role=\"button\" tabindex=\"0\" aria-controls=\"elementor-toc__1c30362\" aria-expanded=\"true\" aria-label=\"Close table of contents\"><svg aria-hidden=\"true\" class=\"e-font-icon-svg e-fas-chevron-up\" viewBox=\"0 0 448 512\" xmlns=\"http:\/\/www.w3.org\/2000\/svg\"><path d=\"M240.971 130.524l194.343 194.343c9.373 9.373 9.373 24.569 0 33.941l-22.667 22.667c-9.357 9.357-24.522 9.375-33.901.04L224 227.495 69.255 381.516c-9.379 9.335-24.544 9.317-33.901-.04l-22.667-22.667c-9.373-9.373-9.373-24.569 0-33.941L207.03 130.525c9.372-9.373 24.568-9.373 33.941-.001z\"><\/path><\/svg><\/div>\n\t\t\t\t\t<\/div>\n\t\t\t\t<div id=\"elementor-toc__1c30362\" class=\"elementor-toc__body\">\n\t\t\t<div class=\"elementor-toc__spinner-container\">\n\t\t\t\t<svg class=\"elementor-toc__spinner eicon-animation-spin e-font-icon-svg e-eicon-loading\" aria-hidden=\"true\" viewBox=\"0 0 1000 1000\" xmlns=\"http:\/\/www.w3.org\/2000\/svg\"><path d=\"M500 975V858C696 858 858 696 858 500S696 142 500 142 142 304 142 500H25C25 237 238 25 500 25S975 237 975 500 763 975 500 975Z\"><\/path><\/svg>\t\t\t<\/div>\n\t\t<\/div>\n\t\t\t\t\t\t<\/div>\n\t\t\t\t<\/div>\n\t\t\t\t\t<\/div>\n\t\t\t\t<\/div>\n\t\t<div class=\"elementor-element elementor-element-herorght0 e-con-full e-flex e-con e-child\" data-id=\"herorght0\" data-element_type=\"container\" data-e-type=\"container\">\n\t\t\t\t<div class=\"elementor-element elementor-element-heroimg00 iwg-hero-image elementor-widget elementor-widget-image\" data-id=\"heroimg00\" data-element_type=\"widget\" data-e-type=\"widget\" data-widget_type=\"image.default\">\n\t\t\t\t\t\t\t\t\t\t\t\t\t\t\t<img fetchpriority=\"high\" decoding=\"async\" width=\"683\" height=\"1024\" src=\"https:\/\/iwell-guard.com\/wp-content\/uploads\/2026\/04\/goetter_vodou_erzulie-freda-683x1024.webp\" class=\"attachment-large size-large wp-image-170929\" alt=\"Erzulie Freda - gu\u00f0 \u00far vodou-hef\u00f0inni, s\u00f6gulega myndskreytt\" srcset=\"https:\/\/iwell-guard.com\/wp-content\/uploads\/2026\/04\/goetter_vodou_erzulie-freda-683x1024.webp 683w, https:\/\/iwell-guard.com\/wp-content\/uploads\/2026\/04\/goetter_vodou_erzulie-freda-200x300.webp 200w, https:\/\/iwell-guard.com\/wp-content\/uploads\/2026\/04\/goetter_vodou_erzulie-freda-768x1152.webp 768w, https:\/\/iwell-guard.com\/wp-content\/uploads\/2026\/04\/goetter_vodou_erzulie-freda.webp 1024w\" sizes=\"(max-width: 683px) 100vw, 683px\" \/>\t\t\t\t\t\t\t\t\t\t\t\t\t\t\t<\/div>\n\t\t\t\t<\/div>\n\t\t\t\t\t<\/div>\n\t\t\t\t<\/div>\n\t\t<div class=\"elementor-element elementor-element-32917199 e-flex e-con-boxed e-con e-parent\" data-id=\"32917199\" data-element_type=\"container\" data-e-type=\"container\">\n\t\t\t\t\t<div class=\"e-con-inner\">\n\t\t<div class=\"elementor-element elementor-element-26e916cb e-flex e-con-boxed e-con e-child\" data-id=\"26e916cb\" data-element_type=\"container\" data-e-type=\"container\">\n\t\t\t\t\t<div class=\"e-con-inner\">\n\t\t<div class=\"elementor-element elementor-element-253a40d4 e-flex e-con-boxed e-con e-child\" data-id=\"253a40d4\" data-element_type=\"container\" data-e-type=\"container\">\n\t\t\t\t\t<div class=\"e-con-inner\">\n\t\t\t\t<div class=\"elementor-element elementor-element-1200c304 elementor-widget elementor-widget-heading\" data-id=\"1200c304\" data-element_type=\"widget\" data-e-type=\"widget\" data-widget_type=\"heading.default\">\n\t\t\t\t\t<h2 class=\"elementor-heading-title elementor-size-default\">Erzulie<\/h2>\t\t\t\t<\/div>\n\t\t\t\t\t<\/div>\n\t\t\t\t<\/div>\n\t\t<div class=\"elementor-element elementor-element-159dcf9a e-flex e-con-boxed e-con e-child\" data-id=\"159dcf9a\" data-element_type=\"container\" data-e-type=\"container\">\n\t\t\t\t\t<div class=\"e-con-inner\">\n\t\t\t\t<div class=\"elementor-element elementor-element-48cee66f elementor-widget elementor-widget-heading\" data-id=\"48cee66f\" data-element_type=\"widget\" data-e-type=\"widget\" data-widget_type=\"heading.default\">\n\t\t\t\t\t<h2 class=\"elementor-heading-title elementor-size-default\">Skj\u00f3tt yfirlit: Erzulie<\/h2>\t\t\t\t<\/div>\n\t\t\t\t<div class=\"elementor-element elementor-element-3f50d82c elementor-widget elementor-widget-text-editor\" data-id=\"3f50d82c\" data-element_type=\"widget\" data-e-type=\"widget\" data-widget_type=\"text-editor.default\">\n\t\t\t\t\t\t\t\t\t<p><strong>Tegund:<\/strong> Vodou-loa \u00e1star og fegur\u00f0ar (Rada-fj\u00f6lskyldan)<br><span class=\"iwg-fachbegriff\" data-tooltip=\"Heild gu\u00f0a \u00ed tr\u00faarbr\u00f6g\u00f0um e\u00f0a menningu.\" tabindex=\"0\">Go\u00f0aveldi<\/span>: Vodou (Ha\u00edt\u00ed), Louisiana-Vodou (Erzulie Freda Dahomey)<br>Hlutverk: \u00c1st, girnd, fegur\u00f0, r\u00edkid\u00e6mi, h\u00e9g\u00f3mi<br>Meginkennileiti: Gullskart, s\u00e6lg\u00e6ti, ilmvatn, \u00fer\u00edr hringir (hj\u00f3nabands-<span class=\"iwg-fachbegriff\" data-tooltip=\"Merki sem stendur fyrir hugmynd e\u00f0a merkingu.\" tabindex=\"0\">t\u00e1kn<\/span>)<br>Helstu tilbei\u00f0slusta\u00f0ir: Hounfor-<span class=\"iwg-fachbegriff\" data-tooltip=\"Bygging sem er notu\u00f0 til tilbei\u00f0slu einnar e\u00f0a fleiri go\u00f0vera.\" tabindex=\"0\">hof<\/span>, kvenna-helgista\u00f0ir, einkaaltari<br><span class=\"iwg-fachbegriff\" tabindex=\"0\" data-tooltip=\"Samruni \u00fe\u00e1tta \u00far mismunandi tr\u00faarbr\u00f6g\u00f0um e\u00f0a \u00e1tr\u00fana\u00f0i \u00ed n\u00fdjar bl\u00f6ndur, til d\u00e6mis \u00ed ha\u00edt\u00edsku Vodou (lwa og ka\u00fe\u00f3lskir d\u00fdrlingar).\">Samruni tr\u00faarbrag\u00f0a<\/span> vi\u00f0 Mar\u00edu: Mater Dolorosa<\/p>\t\t\t\t\t\t\t\t<\/div>\n\t\t\t\t\t<\/div>\n\t\t\t\t<\/div>\n\t\t\t\t\t<\/div>\n\t\t\t\t<\/div>\n\t\t\t\t\t<\/div>\n\t\t\t\t<\/div>\n\t\t<div class=\"elementor-element elementor-element-18613602 e-flex e-con-boxed e-con e-parent\" data-id=\"18613602\" data-element_type=\"container\" data-e-type=\"container\">\n\t\t\t\t\t<div class=\"e-con-inner\">\n\t\t\t\t<div class=\"elementor-element elementor-element-262b8a9f elementor-widget elementor-widget-heading\" data-id=\"262b8a9f\" data-element_type=\"widget\" data-e-type=\"widget\" data-widget_type=\"heading.default\">\n\t\t\t\t\t<h2 class=\"elementor-heading-title elementor-size-default\">Samhengi<\/h2>\t\t\t\t<\/div>\n\t\t<div class=\"elementor-element elementor-element-46dcb7d e-con-full e-flex e-con e-child\" data-id=\"46dcb7d\" data-element_type=\"container\" data-e-type=\"container\">\n\t\t<div class=\"elementor-element elementor-element-61d3ab3 e-flex e-con-boxed e-con e-child\" data-id=\"61d3ab3\" data-element_type=\"container\" data-e-type=\"container\">\n\t\t\t\t\t<div class=\"e-con-inner\">\n\t\t\t\t<div class=\"elementor-element elementor-element-117c166 elementor-widget elementor-widget-heading\" data-id=\"117c166\" data-element_type=\"widget\" data-e-type=\"widget\" data-widget_type=\"heading.default\">\n\t\t\t\t\t<h3 class=\"elementor-heading-title elementor-size-default\">T\u00edmabil textanna<\/h3>\t\t\t\t<\/div>\n\t\t\t\t<div class=\"elementor-element elementor-element-73997a0 elementor-widget elementor-widget-text-editor\" data-id=\"73997a0\" data-element_type=\"widget\" data-e-type=\"widget\" data-widget_type=\"text-editor.default\">\n\t\t\t\t\t\t\t\t\t<p>Erzulie (kre\u00f3lska: <em>Ezili<\/em>) \u00fer\u00f3ast fr\u00e1 vesturafr\u00edskum r\u00f3tum, s\u00e9rstaklega fr\u00e1 vodun-\u00e1stargy\u00f0junni <em>Aziri\/Azili<\/em> \u00far Dahomey-hef\u00f0inni. \u00c1 Ha\u00edt\u00ed skiptist h\u00fan \u00ed a\u00f0 minnsta kosti \u00ferj\u00e1r birtingarmyndir: <em>Erzulie Freda Dahomey<\/em> (gl\u00e6sileg, hv\u00edt, afbr\u00fd\u00f0is\u00f6m), <em>Erzulie Dantor<\/em> (sv\u00f6rt, str\u00ed\u00f0sleg m\u00e1ttarveiting, m\u00f3\u00f0ir), <em>Erzulie Mapian<\/em> (Petro-hli\u00f0). Samsama\u00f0 tr\u00faarlega vi\u00f0 ka\u00fe\u00f3lsku <em>Mater Dolorosa<\/em>.<\/p>\t\t\t\t\t\t\t\t<\/div>\n\t\t\t\t\t<\/div>\n\t\t\t\t<\/div>\n\t\t<div class=\"elementor-element elementor-element-d47b156 e-flex e-con-boxed e-con e-child\" data-id=\"d47b156\" data-element_type=\"container\" data-e-type=\"container\">\n\t\t\t\t\t<div class=\"e-con-inner\">\n\t\t\t\t<div class=\"elementor-element elementor-element-ff38c2b elementor-widget elementor-widget-heading\" data-id=\"ff38c2b\" data-element_type=\"widget\" data-e-type=\"widget\" data-widget_type=\"heading.default\">\n\t\t\t\t\t<h3 class=\"elementor-heading-title elementor-size-default\">\u00datbrei\u00f0slusv\u00e6\u00f0i<\/h3>\t\t\t\t<\/div>\n\t\t\t\t<div class=\"elementor-element elementor-element-4e49fcc elementor-widget elementor-widget-text-editor\" data-id=\"4e49fcc\" data-element_type=\"widget\" data-e-type=\"widget\" data-widget_type=\"text-editor.default\">\n\t\t\t\t\t\t\t\t\t<p>Tilbe\u00f0in \u00ed n\u00e6r s\u00e9rhverju ha\u00edt\u00edsku Hounfor-<span class=\"iwg-fachbegriff\" data-tooltip=\"Bygging sem er notu\u00f0 til tilbei\u00f0slu einnar e\u00f0a fleiri go\u00f0vera.\" tabindex=\"0\">hofi<\/span>; kvenna-heimaaltari \u00ed hennar nafni eru algeng. \u00cd ha\u00edt\u00edsku dreifb\u00fdlinu (dreifbygg\u00f0) er h\u00fan virk \u00ed New Orleans, New York, Miami, Montr\u00e9al, Par\u00eds. H\u00e1t\u00ed\u00f0ardagur hennar er \u00feri\u00f0judagur (dagur \u00e1starinnar \u00ed m\u00f6rgum kre\u00f3lskum hef\u00f0um). Mi\u00f0l\u00e6g sams\u00f6mun \u00ed ha\u00edt\u00edskum samf\u00e9l\u00f6gum: s\u00e9rhver kona tengist Erzulie \u00ed einni af myndum hennar.<\/p>\t\t\t\t\t\t\t\t<\/div>\n\t\t\t\t\t<\/div>\n\t\t\t\t<\/div>\n\t\t\t\t<\/div>\n\t\t<div class=\"elementor-element elementor-element-db03c39 e-con-full e-flex e-con e-child\" data-id=\"db03c39\" data-element_type=\"container\" data-e-type=\"container\">\n\t\t<div class=\"elementor-element elementor-element-229a87b e-flex e-con-boxed e-con e-child\" data-id=\"229a87b\" data-element_type=\"container\" data-e-type=\"container\">\n\t\t\t\t\t<div class=\"e-con-inner\">\n\t\t\t\t<div class=\"elementor-element elementor-element-1f471fc elementor-widget elementor-widget-heading\" data-id=\"1f471fc\" data-element_type=\"widget\" data-e-type=\"widget\" data-widget_type=\"heading.default\">\n\t\t\t\t\t<h3 class=\"elementor-heading-title elementor-size-default\">Heimildasta\u00f0a<\/h3>\t\t\t\t<\/div>\n\t\t\t\t<div class=\"elementor-element elementor-element-36b1201 elementor-widget elementor-widget-text-editor\" data-id=\"36b1201\" data-element_type=\"widget\" data-e-type=\"widget\" data-widget_type=\"text-editor.default\">\n\t\t\t\t\t\t\t\t\t<p><span data-nosnippet>Mikilv\u00e6gustu heimildir: Maya Deren, <em>Divine Horsemen<\/em> (1953); McCarthy Brown, <em>Mama Lola<\/em> (1991, \u00edtarlegar athuganir \u00e1 Erzulie); M\u00e9traux, <em>Le Vaudou ha\u00eftien<\/em> (1958); Desmangles, <em>The Faces of the Gods<\/em> (1992). S\u00e9rranns\u00f3knir: Joan Dayan, <em>Haiti, History, and the Gods<\/em> (1995); ranns\u00f3knir Sharae Deckard \u00e1 Erzulie-t\u00e1knm\u00e1li \u00ed ha\u00edt\u00edskum b\u00f3kmenntum.<\/span><\/p>\t\t\t\t\t\t\t\t<\/div>\n\t\t\t\t\t<\/div>\n\t\t\t\t<\/div>\n\t\t\t\t<\/div>\n\t\t\t\t\t<\/div>\n\t\t\t\t<\/div>\n\t\t<div class=\"elementor-element elementor-element-3ae0637c e-flex e-con-boxed e-con e-parent\" data-id=\"3ae0637c\" data-element_type=\"container\" data-e-type=\"container\">\n\t\t\t\t\t<div class=\"e-con-inner\">\n\t\t\t\t<div class=\"elementor-element elementor-element-31d07739 elementor-widget elementor-widget-heading\" data-id=\"31d07739\" data-element_type=\"widget\" data-e-type=\"widget\" data-widget_type=\"heading.default\">\n\t\t\t\t\t<h2 class=\"elementor-heading-title elementor-size-default\">Nafn og afbrig\u00f0i<\/h2>\t\t\t\t<\/div>\n\t\t<div class=\"elementor-element elementor-element-b7642947 e-con-full e-flex e-con e-child\" data-id=\"b7642947\" data-element_type=\"container\" data-e-type=\"container\">\n\t\t\t\t<div class=\"elementor-element elementor-element-a086266 elementor-widget elementor-widget-text-editor\" data-id=\"a086266\" data-element_type=\"widget\" data-e-type=\"widget\" data-widget_type=\"text-editor.default\">\n\t\t\t\t\t\t\t\t\t<p>Erzulie Freda er s\u00fdnd sem f\u00f6gur, gl\u00e6sileg kona \u00ed bleikum, lj\u00f3sbl\u00e1m e\u00f0a gullnum kl\u00e6\u00f0um, oft me\u00f0 spegil \u00ed hendi, umkringd bl\u00f3mum. H\u00fan kl\u00e6\u00f0ist skarti, armb\u00f6ndum, h\u00e1lsfestum, eyrnalokkum \u00far f\u00ednum efnum.<\/p><p>Augnar\u00e1\u00f0 hennar er bl\u00edtt en dj\u00fapt; r\u00f6dd hennar hlj\u00f3mf\u00f6gur. Veve hennar (loa-<span class=\"iwg-fachbegriff\" data-tooltip=\"Merki sem stendur fyrir hugmynd e\u00f0a merkingu.\" tabindex=\"0\">t\u00e1kn<\/span>) s\u00fdnir hj\u00f6rtu, \u00e1r og skrautmynstur. Reykelsi, n\u00fd bl\u00f3m, f\u00ednn matur (kampav\u00edn, s\u00e6lg\u00e6ti) og ilmvatn eru f\u00f3rnargjafirnar sem h\u00fan vill helst f\u00e1.<\/p>\t\t\t\t\t\t\t\t<\/div>\n\t\t\t\t<\/div>\n\t\t\t\t\t<\/div>\n\t\t\t\t<\/div>\n\t\t<div class=\"elementor-element elementor-element-709a44a8 e-flex e-con-boxed e-con e-parent\" data-id=\"709a44a8\" data-element_type=\"container\" data-e-type=\"container\">\n\t\t\t\t\t<div class=\"e-con-inner\">\n\t\t\t\t<div class=\"elementor-element elementor-element-2f585873 elementor-widget elementor-widget-heading\" data-id=\"2f585873\" data-element_type=\"widget\" data-e-type=\"widget\" data-widget_type=\"heading.default\">\n\t\t\t\t\t<h2 class=\"elementor-heading-title elementor-size-default\">Einkenni<\/h2>\t\t\t\t<\/div>\n\t\t<div class=\"elementor-element elementor-element-70621c12 e-con-full e-flex e-con e-child\" data-id=\"70621c12\" data-element_type=\"container\" data-e-type=\"container\">\n\t\t\t\t<div class=\"elementor-element elementor-element-4296eb49 elementor-widget elementor-widget-text-editor\" data-id=\"4296eb49\" data-element_type=\"widget\" data-e-type=\"widget\" data-widget_type=\"text-editor.default\">\n\t\t\t\t\t\t\t\t\t<p>Erzulie Freda er \u00e1k\u00f6llu\u00f0 af k\u00f6rlum og konum sem leita r\u00f3mant\u00edskrar \u00e1star, \u00f3ska s\u00e9r hj\u00f3nabandss\u00e1ttar e\u00f0a vilja auka eigin fegur\u00f0 og \u00fatstrahlun. Si\u00f0ir hennar eru kvenlega m\u00f3ta\u00f0ir, oft leiddir af mambo (prestynju) og kvennah\u00f3pum. \u00cd andsetningunni tekur Erzulie Freda \u00e1 sig vi\u00f0kv\u00e6ma, \u00e1 k\u00f6flum \u00feunglyndislega orku; h\u00fan gr\u00e6tur, hl\u00e6r, dansar me\u00f0 \u00feokka.<\/p><p>En h\u00fan getur einnig or\u00f0i\u00f0 rei\u00f0, ef vir\u00f0ing hennar er misbo\u00f0in e\u00f0a \u00e1stvinur er \u00f3tr\u00far. Tilbei\u00f0sla hennar er minna hersk\u00e1\u00f0 en tilbei\u00f0sla annarra loa, h\u00fan sn\u00fdst um f\u00e1gun, vir\u00f0ingu og tilfinningalega d\u00fdpt. Margir Ha\u00edt\u00edb\u00faar bera l\u00edtil Erzulie-verndargripi e\u00f0a bi\u00f0ja til hennar \u00e1 p\u00edlagr\u00edmast\u00f6\u00f0um.<\/p><p><strong>\u00c1s\u00fdnd og t\u00e1knfr\u00e6\u00f0i<\/strong><\/p><p><em>Erzulie<\/em> er s\u00fdnd sem f\u00f6gur, gl\u00e6sileg kona \u00ed rau\u00f0um e\u00f0a bleikum kl\u00e6\u00f0um, oft me\u00f0 skart og spegla. H\u00fan kl\u00e6\u00f0ist ilmvatni og er talin \u00f6grandi og heillandi. Kennileiti hennar eru hj\u00f6rtu, r\u00f3sir og speglar. H\u00fan er sums sta\u00f0ar sams\u00f6mu\u00f0 Mar\u00edu mey. Rau\u00f0ur er hennar einkennandi litur.<\/p>\t\t\t\t\t\t\t\t<\/div>\n\t\t\t\t<\/div>\n\t\t\t\t\t<\/div>\n\t\t\t\t<\/div>\n\t\t<div class=\"elementor-element elementor-element-44e71476 e-flex e-con-boxed e-con e-parent\" data-id=\"44e71476\" data-element_type=\"container\" data-e-type=\"container\">\n\t\t\t\t\t<div class=\"e-con-inner\">\n\t\t\t\t<div class=\"elementor-element elementor-element-3c1fc3f0 elementor-widget elementor-widget-heading\" data-id=\"3c1fc3f0\" data-element_type=\"widget\" data-e-type=\"widget\" data-widget_type=\"heading.default\">\n\t\t\t\t\t<h2 class=\"elementor-heading-title elementor-size-default\">Pers\u00f3nul\u00fdsing: Erzulie<\/h2>\t\t\t\t<\/div>\n\t\t<div class=\"elementor-element elementor-element-84f33b8e e-con-full e-flex e-con e-child\" data-id=\"84f33b8e\" data-element_type=\"container\" data-e-type=\"container\">\n\t\t\t\t<div class=\"elementor-element elementor-element-hqkdc67p elementor-widget elementor-widget-text-editor\" data-id=\"hqkdc67p\" data-element_type=\"widget\" data-e-type=\"widget\" data-widget_type=\"text-editor.default\">\n\t\t\t\t\t\t\t\t\t<p>Mikilv\u00e6gustu \u00fe\u00e6ttir Erzulie \u00ed hnotskurn. Eftirfarandi reitir taka saman uppruna, hlutverk, \u00e1s\u00fdnd, tilbei\u00f0slu, t\u00e1kn og hli\u00f0st\u00e6\u00f0ur.<\/p>\t\t\t\t\t\t\t\t<\/div>\n\t\t\t\t<\/div>\n\t\t<div class=\"elementor-element elementor-element-pemmx7c5 e-con-full e-flex e-con e-child\" data-id=\"pemmx7c5\" data-element_type=\"container\" data-e-type=\"container\">\n\t\t<div class=\"elementor-element elementor-element-pemmx7c1 e-con-full e-flex e-con e-child\" data-id=\"pemmx7c1\" data-element_type=\"container\" data-e-type=\"container\">\n\t\t<div class=\"elementor-element elementor-element-qh9oavvu iwg-steckbrief-card e-flex e-con-boxed e-con e-child\" data-id=\"qh9oavvu\" data-element_type=\"container\" data-e-type=\"container\">\n\t\t\t\t\t<div class=\"e-con-inner\">\n\t\t\t\t<div class=\"elementor-element elementor-element-awzx8k2k elementor-widget elementor-widget-heading\" data-id=\"awzx8k2k\" data-element_type=\"widget\" data-e-type=\"widget\" data-widget_type=\"heading.default\">\n\t\t\t\t\t<div class=\"elementor-heading-title elementor-size-default\">Menningarsamhengi<\/div>\t\t\t\t<\/div>\n\t\t\t\t<div class=\"elementor-element elementor-element-x6rowhv0 elementor-widget elementor-widget-text-editor\" data-id=\"x6rowhv0\" data-element_type=\"widget\" data-e-type=\"widget\" data-widget_type=\"text-editor.default\">\n\t\t\t\t\t\t\t\t\t<p>Erzulie var\u00f0 til \u00ed vesturafr\u00edsku vodun \u00far \u00e1stargy\u00f0junni <em>Aziri<\/em>. \u00c1 Ha\u00edt\u00ed \u00e1 h\u00fan nokkra eiginmenn me\u00f0al loa-veranna: Damballah (sl\u00f6ngugo\u00f0), Ogou (str\u00ed\u00f0sgu\u00f0), Agw\u00e9 (hafgu\u00f0), sem \u00fatsk\u00fdrir afbr\u00fd\u00f0isemi hennar og skapbreytingar. <em>Erzulie Freda<\/em> er f\u00e1gu\u00f0, \u00f6grandi, \u00f3m\u00f6guleg elskhugi; <em>Erzulie Dantor<\/em> er svarta m\u00f3\u00f0irin, hersk\u00e1, me\u00f0 son sinn Anaiz \u00e1 handleggnum.<\/p>\t\t\t\t\t\t\t\t<\/div>\n\t\t\t\t\t<\/div>\n\t\t\t\t<\/div>\n\t\t<div class=\"elementor-element elementor-element-8e3o4kxs iwg-steckbrief-card e-flex e-con-boxed e-con e-child\" data-id=\"8e3o4kxs\" data-element_type=\"container\" data-e-type=\"container\">\n\t\t\t\t\t<div class=\"e-con-inner\">\n\t\t\t\t<div class=\"elementor-element elementor-element-08rkdgov elementor-widget elementor-widget-heading\" data-id=\"08rkdgov\" data-element_type=\"widget\" data-e-type=\"widget\" data-widget_type=\"heading.default\">\n\t\t\t\t\t<div class=\"elementor-heading-title elementor-size-default\">Verkunarsvi\u00f0<\/div>\t\t\t\t<\/div>\n\t\t\t\t<div class=\"elementor-element elementor-element-uwjelx8s elementor-widget elementor-widget-text-editor\" data-id=\"uwjelx8s\" data-element_type=\"widget\" data-e-type=\"widget\" data-widget_type=\"text-editor.default\">\n\t\t\t\t\t\t\t\t\t<p>Verndargy\u00f0ja \u00e1star, fegur\u00f0ar, girndar, r\u00edkid\u00e6mis og muna\u00f0ar, en einnig vonbrig\u00f0a, afbr\u00fd\u00f0isemi og t\u00e1ra. Erzulie Freda er \u00e1k\u00f6llu\u00f0 fyrir \u00e1starsamb\u00f6nd og fagrar konur vilja hlj\u00f3ta hennar handlei\u00f0slu. Erzulie Dantor verndar m\u00e6\u00f0ur, einst\u00e6\u00f0ar m\u00e6\u00f0ur, misnota\u00f0ar konur; h\u00fan er \u00e1k\u00f6llu\u00f0 fyrir sj\u00e1lfsv\u00f6rn og m\u00e1ttarveiting. B\u00e1\u00f0ar hli\u00f0ar eru kynfer\u00f0islega m\u00e1ttarveitandi.<\/p>\t\t\t\t\t\t\t\t<\/div>\n\t\t\t\t\t<\/div>\n\t\t\t\t<\/div>\n\t\t<div class=\"elementor-element elementor-element-jm2n74ec iwg-steckbrief-card e-flex e-con-boxed e-con e-child\" data-id=\"jm2n74ec\" data-element_type=\"container\" data-e-type=\"container\">\n\t\t\t\t\t<div class=\"e-con-inner\">\n\t\t\t\t<div class=\"elementor-element elementor-element-8vufse4c elementor-widget elementor-widget-heading\" data-id=\"8vufse4c\" data-element_type=\"widget\" data-e-type=\"widget\" data-widget_type=\"heading.default\">\n\t\t\t\t\t<div class=\"elementor-heading-title elementor-size-default\">\u00c1s\u00fdnd Erzulie<\/div>\t\t\t\t<\/div>\n\t\t\t\t<div class=\"elementor-element elementor-element-mwb9u015 elementor-widget elementor-widget-text-editor\" data-id=\"mwb9u015\" data-element_type=\"widget\" data-e-type=\"widget\" data-widget_type=\"text-editor.default\">\n\t\t\t\t\t\t\t\t\t<p><strong>Erzulie Freda:<\/strong> gl\u00e6silega kl\u00e6dd ung kona \u00ed hv\u00edtum og bleikum bl\u00fandum, me\u00f0 gullskart, \u00feremur hringum (gift \u00feremur loa-\u00f6ndum), ilmvatni, bl\u00fanduvasakl\u00fat, s\u00f3lgleraugum (stundum). Lj\u00f3st yfirbrag\u00f0, n\u00e1nast hv\u00edtt.<\/p><p><strong>Erzulie Dantor:<\/strong> d\u00f6kkleit kona me\u00f0 tv\u00f6 \u00f6r \u00e1 h\u00e6gri kinn, heldur barni\u00f0 Anaiz \u00ed fanginu, getur a\u00f0eins gefi\u00f0 fr\u00e1 s\u00e9r kuldrandi hlj\u00f3\u00f0 (samkv\u00e6mt hef\u00f0inni var tunga hennar skorin \u00far \u00ed str\u00ed\u00f0i). Svart e\u00f0a rautt h\u00f6fu\u00f0kl\u00e6\u00f0i, gullfesti me\u00f0 krossi.<\/p>\t\t\t\t\t\t\t\t<\/div>\n\t\t\t\t\t<\/div>\n\t\t\t\t<\/div>\n\t\t\t\t<\/div>\n\t\t<div class=\"elementor-element elementor-element-pemmx7c2 e-con-full e-flex e-con e-child\" data-id=\"pemmx7c2\" data-element_type=\"container\" data-e-type=\"container\">\n\t\t<div class=\"elementor-element elementor-element-37ss2yr6 iwg-steckbrief-card e-flex e-con-boxed e-con e-child\" data-id=\"37ss2yr6\" data-element_type=\"container\" data-e-type=\"container\">\n\t\t\t\t\t<div class=\"e-con-inner\">\n\t\t\t\t<div class=\"elementor-element elementor-element-3v0wp3wx elementor-widget elementor-widget-heading\" data-id=\"3v0wp3wx\" data-element_type=\"widget\" data-e-type=\"widget\" data-widget_type=\"heading.default\">\n\t\t\t\t\t<div class=\"elementor-heading-title elementor-size-default\">\u00c1hrifasvi\u00f0 Erzulie<\/div>\t\t\t\t<\/div>\n\t\t\t\t<div class=\"elementor-element elementor-element-w3247g2m elementor-widget elementor-widget-text-editor\" data-id=\"w3247g2m\" data-element_type=\"widget\" data-e-type=\"widget\" data-widget_type=\"text-editor.default\">\n\t\t\t\t\t\t\t\t\t<p><strong>\u00c1hrifasvi\u00f0:<\/strong> Erzulie Freda er \u00e1k\u00f6llu\u00f0 vegna \u00e1starheilla, hj\u00f3nabands\u00f3ska, fegur\u00f0arumhir\u00f0u og losta. Konur halda h\u00fasaltari me\u00f0 spegli, ilmvatni, s\u00e6tindum og \u00feremur hringum. Erzulie Dantor er s\u00f3tt heim \u00ed kreppu\u00e1standi: gegn misnotkun, til sj\u00e1lfsvarnar, fyrir einst\u00e6\u00f0ar m\u00e6\u00f0ur.<\/p><p><span data-nosnippet>\u00cd s\u00f6gulegu samhengi: Erzulie Dantor var a\u00f0 s\u00f6gn loa-andinn sem h\u00f3f ha\u00edt\u00edsku byltinguna 1791 \u00ed Bois-Ca\u00efman-<span class=\"iwg-fachbegriff\" data-tooltip=\"Skipul\u00f6g\u00f0 r\u00f6\u00f0 t\u00e1knger\u00f0ra athafna me\u00f0 tr\u00faarlega e\u00f0a menningarlega merkingu.\" tabindex=\"0\">helgisi\u00f0num<\/span>, og <span class=\"iwg-fachbegriff\" data-tooltip=\"\u00c1varp e\u00f0a \u00e1k\u00f6llun til gu\u00f0s e\u00f0a m\u00e1ttar me\u00f0 b\u00e6n e\u00f0a galdri.\" tabindex=\"0\">\u00e1kallan<\/span> hennar er stj\u00f3rnm\u00e1lalega hla\u00f0in.<\/span><\/p>\t\t\t\t\t\t\t\t<\/div>\n\t\t\t\t\t<\/div>\n\t\t\t\t<\/div>\n\t\t<div class=\"elementor-element elementor-element-0qpjal9w iwg-steckbrief-card e-flex e-con-boxed e-con e-child\" data-id=\"0qpjal9w\" data-element_type=\"container\" data-e-type=\"container\">\n\t\t\t\t\t<div class=\"e-con-inner\">\n\t\t\t\t<div class=\"elementor-element elementor-element-6ndoih0o elementor-widget elementor-widget-heading\" data-id=\"6ndoih0o\" data-element_type=\"widget\" data-e-type=\"widget\" data-widget_type=\"heading.default\">\n\t\t\t\t\t<div class=\"elementor-heading-title elementor-size-default\">Varnarform<\/div>\t\t\t\t<\/div>\n\t\t\t\t<div class=\"elementor-element elementor-element-6684tyh9 elementor-widget elementor-widget-text-editor\" data-id=\"6684tyh9\" data-element_type=\"widget\" data-e-type=\"widget\" data-widget_type=\"text-editor.default\">\n\t\t\t\t\t\t\t\t\t<p><em>Erzulie Freda:<\/em> \u00fer\u00edr gullhringir, ilmvatn, bl\u00fanduvasakl\u00fatur, s\u00e6tindi, kampav\u00edn, bleikar r\u00f3sir, spegill, d\u00fafur, skart. <em>Erzulie Dantor:<\/em> barni\u00f0 Anaiz, svarta Mar\u00edumynd Cz\u0119stochowa (<span class=\"iwg-fachbegriff\" tabindex=\"0\" data-tooltip=\"Samruni \u00fe\u00e1tta \u00far mismunandi tr\u00faarbr\u00f6g\u00f0um e\u00f0a d\u00fdrkun \u00ed blanda\u00f0ar myndir, til d\u00e6mis \u00ed ha\u00edt\u00edsku vod\u00fa.\">samruna tr\u00faarbrag\u00f0a<\/span>), hani (f\u00f3rnard\u00fdr), hn\u00edfur, rau\u00f0 e\u00f0a sv\u00f6rt kerti, sterkur matur me\u00f0 pipar. Heilagar pl\u00f6ntur: r\u00f3s, fj\u00f3la, magn\u00f3l\u00eda.<\/p>\t\t\t\t\t\t\t\t<\/div>\n\t\t\t\t\t<\/div>\n\t\t\t\t<\/div>\n\t\t<div class=\"elementor-element elementor-element-3lfi7x32 iwg-steckbrief-card e-flex e-con-boxed e-con e-child\" data-id=\"3lfi7x32\" data-element_type=\"container\" data-e-type=\"container\">\n\t\t\t\t\t<div class=\"e-con-inner\">\n\t\t\t\t<div class=\"elementor-element elementor-element-0kg99ga1 elementor-widget elementor-widget-heading\" data-id=\"0kg99ga1\" data-element_type=\"widget\" data-e-type=\"widget\" data-widget_type=\"heading.default\">\n\t\t\t\t\t<div class=\"elementor-heading-title elementor-size-default\">Hli\u00f0st\u00e6\u00f0ur Erzulie<\/div>\t\t\t\t<\/div>\n\t\t\t\t<div class=\"elementor-element elementor-element-n0fum6kp elementor-widget elementor-widget-text-editor\" data-id=\"n0fum6kp\" data-element_type=\"widget\" data-e-type=\"widget\" data-widget_type=\"text-editor.default\">\n\t\t\t\t\t\t\t\t\t<p>Vestur-afr\u00edsk r\u00f3t: <em>Aziri\/Azili<\/em> (Dahomey, Yoruba). Kar\u00edbahafsfr\u00e6ndsystkin: <em>Oshun<\/em> (Yoruba\/Santer\u00eda, \u00e1star-orisha me\u00f0 svipa\u00f0a margbreytni), <em>Yemaya<\/em> (m\u00f3\u00f0ur-orisha). Hnattr\u00e6nar hli\u00f0st\u00e6\u00f0ur me\u00f0al \u00e1stargy\u00f0ja: <em>Afr\u00f3d\u00edta<\/em> (Grikkland), <em>Innanna\/Ishtar<\/em> (Mes\u00f3p\u00f3tam\u00eda, svipa\u00f0 hverft \u00e1starafl), <em>Hathor<\/em> (Egyptaland), <em>Freyja<\/em> (germ\u00f6nsk hef\u00f0), <em>Lakshmi<\/em> (hind\u00faasi\u00f0ur), <em>Mar\u00eda<\/em> (kristin Mater Dolorosa-hef\u00f0).<\/p>\t\t\t\t\t\t\t\t<\/div>\n\t\t\t\t\t<\/div>\n\t\t\t\t<\/div>\n\t\t\t\t<\/div>\n\t\t\t\t<\/div>\n\t\t\t\t\t<\/div>\n\t\t\t\t<\/div>\n\t\t<div class=\"elementor-element elementor-element-7533bc7a e-flex e-con-boxed e-con e-parent\" data-id=\"7533bc7a\" data-element_type=\"container\" data-e-type=\"container\">\n\t\t\t\t\t<div class=\"e-con-inner\">\n\t\t\t\t<div class=\"elementor-element elementor-element-2447d18d elementor-widget elementor-widget-heading\" data-id=\"2447d18d\" data-element_type=\"widget\" data-e-type=\"widget\" data-widget_type=\"heading.default\">\n\t\t\t\t\t<h2 class=\"elementor-heading-title elementor-size-default\">Verndarh\u00e6ttir<\/h2>\t\t\t\t<\/div>\n\t\t<div class=\"elementor-element elementor-element-d5d0260c e-con-full e-flex e-con e-child\" data-id=\"d5d0260c\" data-element_type=\"container\" data-e-type=\"container\">\n\t\t\t\t<div class=\"elementor-element elementor-element-341be2ac elementor-widget elementor-widget-text-editor\" data-id=\"341be2ac\" data-element_type=\"widget\" data-e-type=\"widget\" data-widget_type=\"text-editor.default\">\n\t\t\t\t\t\t\t\t\t<p><strong>D\u00fdrkunarsi\u00f0ir<\/strong><\/p><p>Erzulie Freda (ha\u00edt\u00edsk kre\u00f3la: <em>\u00c8zili Freda<\/em>) er loa-andi \u00e1star, fegur\u00f0ar, gl\u00e6sileika og r\u00f3mant\u00edskrar \u00fer\u00e1r \u00ed ha\u00edt\u00edsku vod\u00fa, sameinu\u00f0 me\u00f0 samruna tr\u00faarbrag\u00f0a vi\u00f0 ka\u00fe\u00f3lsku Mater Dolorosa. H\u00e1t\u00ed\u00f0ir hennar eru haldnar 11. febr\u00faar (dagur Mater Dolorosa) og \u00e1 sprengidag (kj\u00f6tkve\u00f0juh\u00e1t\u00ed\u00f0).<\/p><p>Fylgjendur kl\u00e6\u00f0ast bleiku og hv\u00edtu, f\u00e6ra f\u00f3rnir \u00ed formi hv\u00edtra jasm\u00ednubl\u00f3ma, ferskra jar\u00f0arberja, hv\u00edts kampav\u00edns og bakkelsis. Ilmvatnsbor\u00f0i\u00f0 me\u00f0 spegli er mi\u00f0l\u00e6gur \u00fe\u00e1ttur <span class=\"iwg-fachbegriff\" data-tooltip=\"Heild tr\u00faarlegra d\u00fdrkunarathafna fyrir gu\u00f0 e\u00f0a heilaga pers\u00f3nu.\" tabindex=\"0\">d\u00fdrkunarins<\/span>. Andsetningu Erzulie einkennist af f\u00e1ga\u00f0ri heg\u00f0un, t\u00e1rum og \u00fer\u00e1fullri girnd (sbr. Deren, <em>Divine Horsemen<\/em>; M\u00e9traux).<\/p><p><strong>\u00c1kallanir<\/strong><\/p><p>Houngan-prestar \u00e1kalla Erzulie me\u00f0 <em>Yanvalou<\/em>-hrynjandinni. Kre\u00f3lskir s\u00e1lmar (<em>chants Erzulie<\/em>) lofa fegur\u00f0 hennar og a\u00f0dr\u00e1ttarafl. Einkennandi er \u00e1kallanas\u00f6ngur hennar \u201eM&#8217;pra mande \u00c8zili&#8220; (\u00e9g kalla \u00e1 Erzulie). <span class=\"iwg-fachbegriff\" data-tooltip=\"\u00c1varp e\u00f0a \u00e1k\u00f6llun til gu\u00f0s e\u00f0a m\u00e1ttar me\u00f0 b\u00e6n e\u00f0a galdri.\" tabindex=\"0\">\u00c1kallan<\/span> hennar er oft b\u00f3n um hj\u00e1lp \u00ed \u00e1star- og sambandsm\u00e1lum.<\/p><p><strong>Verndargripir og t\u00e1knmyndir<\/strong><\/p><p>V\u00e8v\u00e8-teikning: st\u00edlf\u00e6rt hjarta me\u00f0 \u00f6r, teiknu\u00f0 \u00e1 j\u00f6r\u00f0ina me\u00f0 ma\u00edsmj\u00f6li. R\u00f3sakvars-hengi og perlum\u00f3\u00f0ir eru Erzulie-steinar. Ilmvatnsfl\u00f6skur me\u00f0 jasm\u00edn- e\u00f0a r\u00f3saessens eru <span class=\"iwg-fachbegriff\" data-tooltip=\"Bygging sem er \u00e6tlu\u00f0 til d\u00fdrkunar einum e\u00f0a fleiri gu\u00f0um.\" tabindex=\"0\">hofs<\/span>-gjafir. \u00der\u00edr gullhringir (<span class=\"iwg-fachbegriff\" data-tooltip=\"T\u00e1kn sem stendur fyrir hugmynd e\u00f0a merkingu.\" tabindex=\"0\">t\u00e1kn<\/span> fyrir \u00ferj\u00e1 go\u00f0sagnalega eiginmenn Erzulie, Damballah, Agwe og Ogou) eru verndarhringur. Mater Dolorosa-p\u00f3stkort e\u00f0a gu\u00f0r\u00e6knismyndir \u00e1 heimilis<span class=\"iwg-fachbegriff\" data-tooltip=\"Upph\u00e6kka\u00f0ur sta\u00f0ur e\u00f0a bor\u00f0 fyrir f\u00f3rnir og tr\u00faarlegar athafnir.\" tabindex=\"0\">altari<\/span>.<\/p>\t\t\t\t\t\t\t\t<\/div>\n\t\t\t\t<\/div>\n\t\t\t\t\t<\/div>\n\t\t\t\t<\/div>\n\t\t<div class=\"elementor-element elementor-element-5a584676 e-flex e-con-boxed e-con e-parent\" data-id=\"5a584676\" data-element_type=\"container\" data-e-type=\"container\">\n\t\t\t\t\t<div class=\"e-con-inner\">\n\t\t\t\t<div class=\"elementor-element elementor-element-6d0757bf elementor-widget elementor-widget-heading\" data-id=\"6d0757bf\" data-element_type=\"widget\" data-e-type=\"widget\" data-widget_type=\"heading.default\">\n\t\t\t\t\t<h2 class=\"elementor-heading-title elementor-size-default\">Erzulie, hli\u00f0st\u00e6\u00f0ur \u00ed \u00f6\u00f0rum menningarheimum<\/h2>\t\t\t\t<\/div>\n\t\t<div class=\"elementor-element elementor-element-60563f68 e-con-full e-flex e-con e-child\" data-id=\"60563f68\" data-element_type=\"container\" data-e-type=\"container\">\n\t\t\t\t<div class=\"elementor-element elementor-element-5a93fdd6 elementor-widget elementor-widget-text-editor\" data-id=\"5a93fdd6\" data-element_type=\"widget\" data-e-type=\"widget\" data-widget_type=\"text-editor.default\">\n\t\t\t\t\t\t\t\t\t<p>Oshun (Yoruba\/Candombl\u00e9), upprunalega afr\u00edska gy\u00f0ja \u00e1star og flj\u00f3ta, sem Erzulie er runnin fr\u00e1 b\u00e6\u00f0i \u00ed hlutverki og menningu. Afr\u00f3d\u00edta (Grikkland) sem gy\u00f0ja \u00e1star og fegur\u00f0ar.<\/p><p>Freyja (germ\u00f6nsk hef\u00f0) sem gy\u00f0ja \u00e1star og a\u00f0dr\u00e1ttarafls. \u00cd kristinni hef\u00f0 Gu\u00f0sm\u00f3\u00f0irin e\u00f0a Mar\u00eda Magdalena, b\u00e1\u00f0ar renna saman \u00ed d\u00fdrkun Erzulie \u00ed eina kvenlega heilaga pers\u00f3nu tignar.<\/p>\t\t\t\t\t\t\t\t<\/div>\n\t\t\t\t<\/div>\n\t\t\t\t\t<\/div>\n\t\t\t\t<\/div>\n\t\t<div class=\"elementor-element elementor-element-cp37d6115 e-flex e-con-boxed e-con e-parent\" data-id=\"cp37d6115\" data-element_type=\"container\" data-e-type=\"container\">\n\t\t\t\t\t<div class=\"e-con-inner\">\n\t\t\t\t<div class=\"elementor-element elementor-element-cp6d698ce elementor-widget elementor-widget-heading\" data-id=\"cp6d698ce\" data-element_type=\"widget\" data-e-type=\"widget\" data-widget_type=\"heading.default\">\n\t\t\t\t\t<h2 class=\"elementor-heading-title elementor-size-default\">Lwa-andi me\u00f0 m\u00f6rg andlit<\/h2>\t\t\t\t<\/div>\n\t\t<div class=\"elementor-element elementor-element-cp6affe20 e-con-full e-flex e-con e-child\" data-id=\"cp6affe20\" data-element_type=\"container\" data-e-type=\"container\">\n\t\t\t\t<div class=\"elementor-element elementor-element-cpcbcf72e elementor-widget elementor-widget-text-editor\" data-id=\"cpcbcf72e\" data-element_type=\"widget\" data-e-type=\"widget\" data-widget_type=\"text-editor.default\">\n\t\t\t\t\t\t\t\t\t<p>Erzulie er \u00ed ha\u00edt\u00edsku vod\u00fa ekki einn afmarka\u00f0ur <span class=\"iwg-fachbegriff\" data-tooltip=\"Vera \u00e1n l\u00edkama sem talin er hafa \u00e1hrif \u00ed heiminum.\" tabindex=\"0\">andi<\/span>, heldur h\u00f3pur skyldra kvenkyns <em>lwa<\/em>, sem hver um sig birtir \u00f3l\u00edka hli\u00f0 kvenleika, \u00e1star og \u00f6rlaga.<\/p><p>\u00deekktastar eru Erzulie Freda og Erzulie Dantor, en ranns\u00f3knir og hef\u00f0in \u00feekkja einnig fleiri birtingarmyndir. \u00deessi margbreytileiki er ekki skortur \u00e1 sk\u00fdrleika, heldur birtingarmynd \u00feess a\u00f0 vod\u00fa dreifir m\u00f3tsagnakenndri l\u00edfsreynslu \u00e1 \u00f3l\u00edkar verur.<\/p><p>Erzulie Freda er talin <em>lwa<\/em> hinnar f\u00e1ga\u00f0u \u00e1star, fegur\u00f0ar, muna\u00f0ar og \u00fer\u00e1r. H\u00fan tilheyrir h\u00f3pi Rada-<em>lwa<\/em>, andanna sem taldir eru svalari og mildari og eiga r\u00e6tur s\u00ednar \u00ed hef\u00f0um Dahomey.<\/p><p>Erzulie Freda elskar f\u00ednan varning, ilmv\u00f6tn, s\u00e6lg\u00e6ti, skartgripi og bleika litinn. Einkennandi er a\u00f0 birtingar hennar enda oft \u00ed gr\u00e1ti, \u00fev\u00ed hvorki \u00e1st n\u00e9 au\u00f0ur n\u00e6gja henni nokkru sinni. H\u00fan holdgerir \u00f3uppfyllanlega \u00fer\u00e1.<\/p><p>Erzulie Dantor tilheyrir aftur \u00e1 m\u00f3ti Petwo-<em>lwa<\/em>, h\u00f6r\u00f0ari og heitari h\u00f3pnum sem sag\u00f0ur er eiga uppruna sinn \u00ed reynslu \u00fer\u00e6lahalds og m\u00f3tspyrnu \u00ed N\u00fdja heiminum. H\u00fan er <em>lwa<\/em> verndandi, str\u00ed\u00f0andi m\u00f3\u00f0ur\u00e1star, hinnar vinnandi konu, einst\u00e6\u00f0rar m\u00f3\u00f0ur. H\u00fan er talin har\u00f0skeytt og \u00f3v\u00e6gin \u00feegar b\u00f6rnum hennar er \u00f3gna\u00f0.<\/p><p>\u00deessar tv\u00e6r h\u00f6fu\u00f0verur standa \u00ed \u00e1kve\u00f0nu spennusambandi sem \u00ed vod\u00fa-<span class=\"iwg-fachbegriff\" data-tooltip=\"Heildarsafn arfsagna um gu\u00f0i innan menningar.\" tabindex=\"0\">go\u00f0afr\u00e6\u00f0inni<\/span> er jafnvel sagt fr\u00e1 sem \u00e1t\u00f6kum. Saman marka \u00fe\u00e6r breitt svi\u00f0 kvenlegrar tilveru, allt fr\u00e1 f\u00e1ga\u00f0ri l\u00f6ngun til grimmrar verndarkrafts. S\u00e1 sem vill skilja Erzulie ver\u00f0ur a\u00f0 l\u00edta \u00e1 \u00feennan margbreytileika sem kjarna hennar.<\/p>\t\t\t\t\t\t\t\t<\/div>\n\t\t\t\t<\/div>\n\t\t\t\t\t<\/div>\n\t\t\t\t<\/div>\n\t\t<div class=\"elementor-element elementor-element-cp54bf0b2 e-flex e-con-boxed e-con e-parent\" data-id=\"cp54bf0b2\" data-element_type=\"container\" data-e-type=\"container\">\n\t\t\t\t\t<div class=\"e-con-inner\">\n\t\t\t\t<div class=\"elementor-element elementor-element-cp3582cd7 elementor-widget elementor-widget-heading\" data-id=\"cp3582cd7\" data-element_type=\"widget\" data-e-type=\"widget\" data-widget_type=\"heading.default\">\n\t\t\t\t\t<h2 class=\"elementor-heading-title elementor-size-default\">Myndhef\u00f0in og ka\u00fe\u00f3lsku Mar\u00edumyndirnar<\/h2>\t\t\t\t<\/div>\n\t\t<div class=\"elementor-element elementor-element-cpba2584c e-con-full e-flex e-con e-child\" data-id=\"cpba2584c\" data-element_type=\"container\" data-e-type=\"container\">\n\t\t\t\t<div class=\"elementor-element elementor-element-cp58d50b0 elementor-widget elementor-widget-text-editor\" data-id=\"cp58d50b0\" data-element_type=\"widget\" data-e-type=\"widget\" data-widget_type=\"text-editor.default\">\n\t\t\t\t\t\t\t\t\t<p>Eins og flestar <em>lwa<\/em> var Erzulie undir \u00fer\u00fdstingi \u00fevinga\u00f0rar kristnit\u00f6ku tengd ka\u00fe\u00f3lskum myndum, \u00ed hennar tilviki myndum af Mar\u00edu mey. \u00deessi myndask\u00f6run einkennir enn \u00feann dag <span class=\"iwg-fachbegriff\" data-tooltip=\"Fr\u00e6\u00f0in um myndefni og merking \u00feeirra.\" tabindex=\"0\">myndhef\u00f0<\/span> \u00feessara tveggja megin birtingarmynda.<\/p><p>Erzulie Freda er oft s\u00fdnd me\u00f0 mynd Mater Dolorosa, r\u00edkulega skreyttrar Mar\u00edumyndar, merktrar sver\u00f0um e\u00f0a s\u00e1rum, oft me\u00f0 skartgripum, d\u00fdrindis kl\u00e6\u00f0um og svip m\u00f3tu\u00f0um af t\u00e1rum.<\/p><p>\u00deetta val fellur vel a\u00f0 e\u00f0li Erzulie Fredu, hneig\u00f0 hennar til hins fagra og samt\u00edmis \u00f3sl\u00edtandi sorg hennar. \u00c1 <span class=\"iwg-fachbegriff\" data-tooltip=\"Upph\u00e6kka\u00f0ur sta\u00f0ur e\u00f0a bor\u00f0 fyrir f\u00f3rnir og tr\u00faarath\u00e6fi.\" tabindex=\"0\">altari<\/span> hennar m\u00e1 finna spegla, grei\u00f0ur, ilmvatn, skartgripi, hv\u00edtt og bleikt kl\u00e6\u00f0i.<\/p><p>Erzulie Dantor er aftur \u00e1 m\u00f3ti venjulega tengd d\u00f6kkri Mar\u00edumynd, oft mynd sem s\u00fdnir svarta Madonnu me\u00f0 barn og sem nj\u00f3ta mikillar tilbei\u00f0slu \u00e1 Ha\u00edt\u00ed.<\/p><p>Einkennandi \u00ed m\u00f6rgum myndum eru \u00f6rin \u00e1 kinn myndarinnar, sem \u00ed s\u00f6gunum eru t\u00falku\u00f0 me\u00f0 \u00e1t\u00f6kum hennar vi\u00f0 systur s\u00edna e\u00f0a hlutverki hennar \u00ed ha\u00edt\u00edska sj\u00e1lfst\u00e6\u00f0isstr\u00ed\u00f0inu.<\/p><p>Erzulie Dantor er oft s\u00fdnd me\u00f0 barn, d\u00f3ttur s\u00edna, og er \u00ed m\u00f6rgum s\u00f6gnum talin m\u00e1l, \u00fev\u00ed tungan hafi veri\u00f0 skorin \u00far henni \u00ed str\u00ed\u00f0inu.<\/p><p>Tr\u00faarfr\u00e6\u00f0ilega lesningin \u00e1 \u00feessum myndum er s\u00fa sama og hj\u00e1 \u00f6\u00f0rum <em>lwa<\/em>, h\u00e9r er um dulkl\u00e6\u00f0ning og samsv\u00f6run a\u00f0 r\u00e6\u00f0a, ekki samruna gu\u00f0fr\u00e6\u00f0ilegra kerfa.<\/p><p>Mar\u00edumyndin gefur leyfilega, opinberlega s\u00fdnilega mynd, en <em>lwa<\/em>-veran heldur eigin e\u00f0li s\u00ednu, eigin s\u00f6ngl\u00f6gum, mat, dansi og eigin skapger\u00f0. <span class=\"iwg-fachbegriff\" data-tooltip=\"Fr\u00e6\u00f0in um myndefni og merking \u00feeirra.\" tabindex=\"0\">Myndhef\u00f0in<\/span> er \u00feannig heimild um a\u00f0l\u00f6gun undir \u00fevingun og samt\u00edmis um seiga var\u00f0veislu eigin arfleif\u00f0ar.<\/p>\t\t\t\t\t\t\t\t<\/div>\n\t\t\t\t<\/div>\n\t\t\t\t\t<\/div>\n\t\t\t\t<\/div>\n\t\t<div class=\"elementor-element elementor-element-cp3fd0277 e-flex e-con-boxed e-con e-parent\" data-id=\"cp3fd0277\" data-element_type=\"container\" data-e-type=\"container\">\n\t\t\t\t\t<div class=\"e-con-inner\">\n\t\t\t\t<div class=\"elementor-element elementor-element-cp24cf9de elementor-widget elementor-widget-heading\" data-id=\"cp24cf9de\" data-element_type=\"widget\" data-e-type=\"widget\" data-widget_type=\"heading.default\">\n\t\t\t\t\t<h2 class=\"elementor-heading-title elementor-size-default\">Erzulie Dantor og s\u00e1ttm\u00e1linn fr\u00e1 Bois Ca\u00efman<\/h2>\t\t\t\t<\/div>\n\t\t<div class=\"elementor-element elementor-element-cp89928b5 e-con-full e-flex e-con e-child\" data-id=\"cp89928b5\" data-element_type=\"container\" data-e-type=\"container\">\n\t\t\t\t<div class=\"elementor-element elementor-element-cpbc23c54 elementor-widget elementor-widget-text-editor\" data-id=\"cpbc23c54\" data-element_type=\"widget\" data-e-type=\"widget\" data-widget_type=\"text-editor.default\">\n\t\t\t\t\t\t\t\t\t<p><span data-nosnippet>Erzulie Dantor hefur s\u00e9rstaka \u00fe\u00fd\u00f0ingu vegna tengsla sinna vi\u00f0 ha\u00edt\u00edsku byltinguna. Samkv\u00e6mt \u00fatbreiddri <span class=\"iwg-fachbegriff\" data-tooltip=\"Mi\u00f0lun \u00feekkingar og sagna milli kynsl\u00f3\u00f0a.\" tabindex=\"0\">munnm\u00e6lahef\u00f0<\/span> var vod\u00fa-<span class=\"iwg-fachbegriff\" data-tooltip=\"H\u00e1t\u00ed\u00f0leg ath\u00f6fn sem fer fram eftir f\u00f6stum reglum.\" tabindex=\"0\">ath\u00f6fn<\/span> \u00ed \u00e1g\u00fast 1791 \u00e1 sta\u00f0 sem kallast Bois Ca\u00efman upphafi\u00f0 a\u00f0 hinni miklu \u00fer\u00e6lauppreisn, sem a\u00f0 lokum leiddi til sj\u00e1lfst\u00e6\u00f0is Ha\u00edt\u00ed \u00e1ri\u00f0 1804, fyrstu stofnunar r\u00edkis \u00ed kj\u00f6lfar fars\u00e6llar \u00fer\u00e6lauppreisnar.<\/span><\/p><p>\u00cd minningarmenningu ha\u00edt\u00edska vod\u00fasins er Erzulie Dantor n\u00e1tengd \u00feessari <span class=\"iwg-fachbegriff\" data-tooltip=\"H\u00e1t\u00ed\u00f0leg ath\u00f6fn sem fer fram eftir f\u00f6stum reglum.\" tabindex=\"0\">ath\u00f6fn<\/span>. Margir telja hana vera \u00fe\u00e1 <em>lwa<\/em> sem var vi\u00f0st\u00f6dd \u00ed Bois Ca\u00efman og veitti uppreisnarm\u00f6nnum kraft og skj\u00f3l. Mynd hennar sem bardagaf\u00fasrar, \u00f3bugandi m\u00f3\u00f0ur sem verndar b\u00f6rn s\u00edn, var beint tengd frelsisbar\u00e1ttunni.<\/p><p>Sagnfr\u00e6\u00f0ingar vara vi\u00f0 hra\u00f0ri \u00e1lyktun um endurger\u00f0 atbur\u00f0anna \u00ed Bois Ca\u00efman sj\u00e1lfum, \u00fear sem heimildir eru f\u00e1ar og a\u00f0 hluta litu\u00f0ar af s\u00ed\u00f0ari t\u00falkunum. En \u00fea\u00f0 sem m\u00e1 segja me\u00f0 vissu er a\u00f0 vod\u00fai\u00f0, og me\u00f0 \u00fev\u00ed Erzulie Dantor, hefur or\u00f0i\u00f0 a\u00f0 mi\u00f0l\u00e6gum tilv\u00edsunarpunkti ha\u00edt\u00edskrar \u00fej\u00f3\u00f0arvitundar.<\/p><p><em>Lwa<\/em>-veran t\u00e1knar \u00ed \u00feessari t\u00falkun and\u00f3f \u00fer\u00e6la, samst\u00f6\u00f0u hinna k\u00fagu\u00f0u og vilja til a\u00f0 berjast fyrir eigin b\u00f6rnum og frelsi.<\/p><p>\u00deessi tengsl sk\u00fdra hvers vegna Erzulie Dantor er \u00e1 Ha\u00edt\u00ed ekki a\u00f0eins tr\u00faarleg heldur einnig p\u00f3lit\u00edsk og menningarleg pers\u00f3na. H\u00fan stendur fyrir s\u00f6gu \u00fear sem samf\u00e9lag, bori\u00f0 uppi af afr\u00edskum tr\u00faarbr\u00f6g\u00f0um, hristi af s\u00e9r \u00fer\u00e6lahaldi\u00f0.<\/p><p>\u00deannig var\u00f0 hin m\u00e1lleysa, \u00f6r\u00f3tta <em>lwa<\/em> a\u00f0 <span class=\"iwg-fachbegriff\" data-tooltip=\"Sk\u00fdr mynd sem t\u00e1knar \u00f3hlutbundna hugsun.\" tabindex=\"0\">t\u00e1kni<\/span> \u00feess a\u00f0 reynsla af ofbeldi og \u00fe\u00f6gn \u00fearf ekki a\u00f0 hafa s\u00ed\u00f0asta or\u00f0i\u00f0.<\/p>\t\t\t\t\t\t\t\t<\/div>\n\t\t\t\t<\/div>\n\t\t\t\t\t<\/div>\n\t\t\t\t<\/div>\n\t\t<div class=\"elementor-element elementor-element-36dd7469 e-flex e-con-boxed e-con e-parent\" data-id=\"36dd7469\" data-element_type=\"container\" data-e-type=\"container\">\n\t\t\t\t\t<div class=\"e-con-inner\">\n\t\t\t\t<div class=\"elementor-element elementor-element-13760ab4 elementor-widget elementor-widget-heading\" data-id=\"13760ab4\" data-element_type=\"widget\" data-e-type=\"widget\" data-widget_type=\"heading.default\">\n\t\t\t\t\t<h2 class=\"elementor-heading-title elementor-size-default\">\u00cdtarefni og tenglar<\/h2>\t\t\t\t<\/div>\n\t\t<div class=\"elementor-element elementor-element-28c87796 e-con-full e-flex e-con e-child\" data-id=\"28c87796\" data-element_type=\"container\" data-e-type=\"container\">\n\t\t\t\t<div class=\"elementor-element elementor-element-5d6538df elementor-widget elementor-widget-text-editor\" data-id=\"5d6538df\" data-element_type=\"widget\" data-e-type=\"widget\" data-widget_type=\"text-editor.default\">\n\t\t\t\t\t\t\t\t\t<ul><li><a href=\"https:\/\/iwell-guard.com\/is\/?page_id=168852\">Papa Legba, hli\u00f0v\u00f6r\u00f0ur-loa<\/a><\/li><li><a href=\"https:\/\/iwell-guard.com\/is\/?page_id=168853\">Baron Samedi, dau\u00f0a-loa-verndari<\/a><\/li><li><a href=\"https:\/\/iwell-guard.com\/is\/?page_id=168857\">Erzulie Freda Dahomey, s\u00e9rstakt afbrig\u00f0i<\/a><\/li><li><a href=\"https:\/\/iwell-guard.com\/is\/?page_id=168880\">Afr\u00f3d\u00edta, gr\u00edska \u00e1stargy\u00f0jan<\/a><\/li><li><a href=\"https:\/\/iwell-guard.com\/is\/?page_id=168865\">Vod\u00fa, yfirlit yfir go\u00f0aheim<\/a><\/li><li><a href=\"https:\/\/iwell-guard.com\/is\/?page_id=168679\">Gu\u00f0ir, yfirlit yfir flokka<\/a><\/li><\/ul>\t\t\t\t\t\t\t\t<\/div>\n\t\t\t\t<\/div>\n\t\t\t\t\t<\/div>\n\t\t\t\t<\/div>\n\t\t<div class=\"elementor-element elementor-element-grl4kl40 e-flex e-con-boxed e-con e-parent\" data-id=\"grl4kl40\" data-element_type=\"container\" data-e-type=\"container\">\n\t\t\t\t\t<div class=\"e-con-inner\">\n\t\t\t\t<div class=\"elementor-element elementor-element-bzsbfrmh elementor-widget elementor-widget-heading\" data-id=\"bzsbfrmh\" data-element_type=\"widget\" data-e-type=\"widget\" data-widget_type=\"heading.default\">\n\t\t\t\t\t<h2 class=\"elementor-heading-title elementor-size-default\">Heimildir og fr\u00e6\u00f0irit<\/h2>\t\t\t\t<\/div>\n\t\t<div class=\"elementor-element elementor-element-2c13224a e-con-full e-flex e-con e-child\" data-id=\"2c13224a\" data-element_type=\"container\" data-e-type=\"container\">\n\t\t\t\t<div class=\"elementor-element elementor-element-0eymh9ub elementor-widget elementor-widget-text-editor\" data-id=\"0eymh9ub\" data-element_type=\"widget\" data-e-type=\"widget\" data-widget_type=\"text-editor.default\">\n\t\t\t\t\t\t\t\t\t<footer class=\"iwg-literatur\"><ul><li><span data-nosnippet>Desmangles, Leslie G.: <em>The Faces of the Gods. Vodou and Roman Catholicism in Haiti<\/em>. Chapel Hill 1992.<\/span><\/li><li><span data-nosnippet>Dayan, Joan: <em>Haiti, History, and the Gods<\/em>. Berkeley 1995.<\/span><\/li><\/ul>\n<p class=\"iwg-bib-more\"><span data-nosnippet>Fleiri sta\u00f0alverk m\u00e1 finna \u00ed <a href=\"https:\/\/iwell-guard.com\/is\/?page_id=168730\">heimildaskr\u00e1nni<\/a>.<\/span><\/p><\/footer>\t\t\t\t\t\t\t\t<\/div>\n\t\t\t\t<\/div>\n\t\t\t\t\t<\/div>\n\t\t\t\t<\/div>\n\t\t<div class=\"elementor-element elementor-element-751b3b4 e-con-boxed e-flex e-con e-parent\" data-id=\"751b3b4\" data-element_type=\"container\" data-e-type=\"container\">\n\t\t\t\t\t<div class=\"e-con-inner\">\n\t\t\t\t<div class=\"elementor-element elementor-element-de779c8 elementor-widget elementor-widget-text-editor\" data-id=\"de779c8\" data-element_type=\"widget\" data-e-type=\"widget\" data-widget_type=\"text-editor.default\">\n\t\t\t\t\t\t\t\t\t\n<h2>Algengar spurningar um Erzulie<\/h2>\n<div class=\"iwg-faq-q\"><h3>Hver er Erzulie \u00ed vod\u00fa?<\/h3><p>Erzulie (\u00e1 kre\u00f3lsku Ezili) er \u00ed ha\u00edt\u00edsku vod\u00fa loa \u00e1star, fegur\u00f0ar og kvenleika. H\u00fan er ekki ein tiltekin vera, heldur heil fj\u00f6lskylda tengdra anda me\u00f0 mismunandi e\u00f0liseinkenni.<\/p><p>Erzulie er \u00edmynd kvenlegrar tignar, en einnig l\u00f6ngunar, afbr\u00fd\u00f0isemi og dj\u00fapra s\u00e1ra. Hennar er d\u00fdrku\u00f0 me\u00f0 skartgripum, ilmvatni, s\u00e6tindum og bleikum lit, og h\u00fan telst vera einn \u00e1sts\u00e6lasti loa vod\u00fa-tr\u00faarins.<\/p><\/div>\n<div class=\"iwg-faq-q\"><h3>Hva\u00f0 skilur \u00e1 milli Erzulie Freda og Erzulie Dantor?<\/h3><p>Tv\u00e6r \u00feekktustu birtingarmyndirnar standa \u00ed spennu\u00ferungnum andst\u00e6\u00f0um. Erzulie Freda er hin lj\u00f3sa, f\u00e1ga\u00f0a loa r\u00f3mant\u00edskrar \u00e1star og l\u00faxus, oft tengd Mar\u00edu mey; h\u00fan gr\u00e6tur oft \u00fev\u00ed engin veraldleg \u00e1st fulln\u00e6gir l\u00f6ngun hennar.<\/p><p>Erzulie Dantor er \u00e1 hinn b\u00f3ginn hin d\u00f6kka, hersk\u00e1a m\u00f3\u00f0ur-loa, verndari kvenna og barna, oft tengd madonnu-mynd me\u00f0 \u00f6r \u00ed andliti. Freda stendur fyrir hina r\u00f3mant\u00edsku, Dantor fyrir hina verndandi og vinnandi hli\u00f0 kvenleikans.<\/p><\/div>\n<script type=\"application\/ld+json\">{\"@context\":\"https:\/\/schema.org\",\"@type\":\"FAQPage\",\"mainEntity\":[{\"@type\":\"Question\",\"name\":\"Hver er Erzulie \u00ed vod\u00fa?\",\"acceptedAnswer\":{\"@type\":\"Answer\",\"text\":\"Erzulie (\u00e1 kre\u00f3lsku Ezili) er \u00ed ha\u00edt\u00edsku vod\u00fa loa \u00e1star, fegur\u00f0ar og kvenleika. H\u00fan er ekki ein tiltekin vera, heldur heil fj\u00f6lskylda tengdra anda me\u00f0 mismunandi e\u00f0liseinkenni. Erzulie er \u00edmynd kvenlegrar tignar, en einnig l\u00f6ngunar, afbr\u00fd\u00f0isemi og dj\u00fapra s\u00e1ra. Hennar er d\u00fdrku\u00f0 me\u00f0 skartgripum, ilmvatni, s\u00e6tindum og bleikum lit, og h\u00fan telst vera einn \u00e1sts\u00e6lasti loa vod\u00fa-tr\u00faarins.\"}},{\"@type\":\"Question\",\"name\":\"Hva\u00f0 skilur \u00e1 milli Erzulie Freda og Erzulie Dantor?\",\"acceptedAnswer\":{\"@type\":\"Answer\",\"text\":\"Tv\u00e6r \u00feekktustu birtingarmyndirnar standa \u00ed spennu\u00ferungnum andst\u00e6\u00f0um. Erzulie Freda er hin lj\u00f3sa, f\u00e1ga\u00f0a loa r\u00f3mant\u00edskrar \u00e1star og l\u00faxus, oft tengd Mar\u00edu mey; h\u00fan gr\u00e6tur oft \u00fev\u00ed engin veraldleg \u00e1st fulln\u00e6gir l\u00f6ngun hennar. Erzulie Dantor er \u00e1 hinn b\u00f3ginn hin d\u00f6kka, hersk\u00e1a m\u00f3\u00f0ur-loa, verndari kvenna og barna, oft tengd madonnu-mynd me\u00f0 \u00f6r \u00ed andliti. Freda stendur fyrir hina r\u00f3mant\u00edsku, Dantor fyrir hina verndandi og vinnandi hli\u00f0 kvenleikans.\"}}]}<\/script>\t\t\t\t\t\t\t\t<\/div>\n\t\t\t\t\t<\/div>\n\t\t\t\t<\/div>\n\t\t\t\t<\/div>\n\t\t","protected":false},"excerpt":{"rendered":"","protected":false},"author":3,"featured_media":1773,"parent":0,"menu_order":0,"comment_status":"closed","ping_status":"closed","template":"elementor_header_footer","meta":{"_yoast_wpseo_focuskw":"Erzulie Freda","_yoast_wpseo_title":"Erzulie Freda \u2013 Gy\u00f0ja \u00e1starins \u00ed ha\u00edt\u00edsku Vodou","_yoast_wpseo_metadesc":"Erzulie Freda, loa \u00e1starins \u00ed ha\u00edt\u00edsku Vodou. Speglar, r\u00f3sir, bleik kl\u00e6\u00f0i og si\u00f0ir fyrir \u00e1st og a\u00f0dr\u00e1ttarafl","_yoast_wpseo_meta-robots-noindex":"","_yoast_wpseo_canonical":"","_angie_page":false,"gefaehrdungsstufe":"1","wesen_kultur":"vodou","wesen_klasse":"goetter","footnotes":""},"categories":[],"class_list":["post-168857","page","type-page","status-publish","has-post-thumbnail","hentry"],"yoast_head":"<!-- This site is optimized with the Yoast SEO Premium plugin v27.7 (Yoast SEO v28.3) - https:\/\/yoast.com\/product\/yoast-seo-premium-wordpress\/ -->\n<title>Erzulie Freda \u2013 Gy\u00f0ja \u00e1starins \u00ed ha\u00edt\u00edsku Vodou<\/title>\n<meta name=\"description\" content=\"Erzulie Freda, loa \u00e1starins \u00ed ha\u00edt\u00edsku Vodou. Speglar, r\u00f3sir, bleik kl\u00e6\u00f0i og si\u00f0ir fyrir \u00e1st og a\u00f0dr\u00e1ttarafl\" \/>\n<meta name=\"robots\" content=\"index, follow, max-snippet:-1, max-image-preview:large, max-video-preview:-1\" \/>\n<link rel=\"canonical\" href=\"https:\/\/iwell-guard.com\/is\/erzulie-freda\/\" \/>\n<meta property=\"og:locale\" content=\"is_IS\" \/>\n<meta property=\"og:type\" content=\"article\" \/>\n<meta property=\"og:title\" content=\"Erzulie Freda\" \/>\n<meta property=\"og:description\" content=\"Erzulie Freda, loa \u00e1starins \u00ed ha\u00edt\u00edsku Vodou. Speglar, r\u00f3sir, bleik kl\u00e6\u00f0i og si\u00f0ir fyrir \u00e1st og a\u00f0dr\u00e1ttarafl\" \/>\n<meta property=\"og:url\" content=\"https:\/\/iwell-guard.com\/is\/erzulie-freda\/\" \/>\n<meta property=\"og:site_name\" content=\"iWell Guard\" \/>\n<meta property=\"article:modified_time\" content=\"2026-09-05T14:21:17+00:00\" \/>\n<meta property=\"og:image\" content=\"https:\/\/iwell-guard.com\/wp-content\/uploads\/2026\/04\/goetter_vodou_erzulie-freda.webp\" \/>\n\t<meta property=\"og:image:width\" content=\"1024\" \/>\n\t<meta property=\"og:image:height\" content=\"1536\" \/>\n\t<meta property=\"og:image:type\" content=\"image\/webp\" \/>\n<meta name=\"twitter:card\" content=\"summary_large_image\" \/>\n<script type=\"application\/ld+json\" class=\"yoast-schema-graph\">{\"@context\":\"https:\\\/\\\/schema.org\",\"@graph\":[{\"@type\":\"WebPage\",\"@id\":\"https:\\\/\\\/iwell-guard.com\\\/is\\\/erzulie-freda\\\/\",\"url\":\"https:\\\/\\\/iwell-guard.com\\\/is\\\/erzulie-freda\\\/\",\"name\":\"Erzulie Freda \u2013 Gy\u00f0ja \u00e1starins \u00ed ha\u00edt\u00edsku Vodou\",\"isPartOf\":{\"@id\":\"https:\\\/\\\/iwell-guard.com\\\/is\\\/#website\"},\"primaryImageOfPage\":{\"@id\":\"https:\\\/\\\/iwell-guard.com\\\/is\\\/erzulie-freda\\\/#primaryimage\"},\"image\":{\"@id\":\"https:\\\/\\\/iwell-guard.com\\\/is\\\/erzulie-freda\\\/#primaryimage\"},\"thumbnailUrl\":\"https:\\\/\\\/iwell-guard.com\\\/wp-content\\\/uploads\\\/2026\\\/04\\\/goetter_vodou_erzulie-freda.webp\",\"datePublished\":\"2026-09-05T14:03:33+00:00\",\"dateModified\":\"2026-09-05T14:21:17+00:00\",\"description\":\"Erzulie Freda, loa \u00e1starins \u00ed ha\u00edt\u00edsku Vodou. Speglar, r\u00f3sir, bleik kl\u00e6\u00f0i og si\u00f0ir fyrir \u00e1st og a\u00f0dr\u00e1ttarafl\",\"breadcrumb\":{\"@id\":\"https:\\\/\\\/iwell-guard.com\\\/is\\\/erzulie-freda\\\/#breadcrumb\"},\"inLanguage\":\"is\",\"potentialAction\":[{\"@type\":\"ReadAction\",\"target\":[\"https:\\\/\\\/iwell-guard.com\\\/is\\\/erzulie-freda\\\/\"]}]},{\"@type\":\"ImageObject\",\"inLanguage\":\"is\",\"@id\":\"https:\\\/\\\/iwell-guard.com\\\/is\\\/erzulie-freda\\\/#primaryimage\",\"url\":\"https:\\\/\\\/iwell-guard.com\\\/wp-content\\\/uploads\\\/2026\\\/04\\\/goetter_vodou_erzulie-freda.webp\",\"contentUrl\":\"https:\\\/\\\/iwell-guard.com\\\/wp-content\\\/uploads\\\/2026\\\/04\\\/goetter_vodou_erzulie-freda.webp\",\"width\":1024,\"height\":1536,\"caption\":\"Gu\u00f0ir \u00far Vodou-hef\u00f0inni.\"},{\"@type\":\"BreadcrumbList\",\"@id\":\"https:\\\/\\\/iwell-guard.com\\\/is\\\/erzulie-freda\\\/#breadcrumb\",\"itemListElement\":[{\"@type\":\"ListItem\",\"position\":1,\"name\":\"Start\",\"item\":\"https:\\\/\\\/iwell-guard.com\\\/is\\\/?page_id=168580\"},{\"@type\":\"ListItem\",\"position\":2,\"name\":\"Erzulie Freda\"}]},{\"@type\":\"WebSite\",\"@id\":\"https:\\\/\\\/iwell-guard.com\\\/is\\\/#website\",\"url\":\"https:\\\/\\\/iwell-guard.com\\\/is\\\/\",\"name\":\"iWell Guard\",\"description\":\"Schutz vor dunklen Einfl\u00fcssen\",\"publisher\":{\"@id\":\"https:\\\/\\\/iwell-guard.com\\\/is\\\/#organization\"},\"potentialAction\":[{\"@type\":\"SearchAction\",\"target\":{\"@type\":\"EntryPoint\",\"urlTemplate\":\"https:\\\/\\\/iwell-guard.com\\\/is\\\/?s={search_term_string}\"},\"query-input\":{\"@type\":\"PropertyValueSpecification\",\"valueRequired\":true,\"valueName\":\"search_term_string\"}}],\"inLanguage\":\"is\"},{\"@type\":\"Organization\",\"@id\":\"https:\\\/\\\/iwell-guard.com\\\/is\\\/#organization\",\"name\":\"Ittermann electronic GmbH\",\"url\":\"https:\\\/\\\/iwell-guard.com\\\/is\\\/\",\"logo\":{\"@type\":\"ImageObject\",\"inLanguage\":\"is\",\"@id\":\"https:\\\/\\\/iwell-guard.com\\\/is\\\/#\\\/schema\\\/logo\\\/image\\\/\",\"url\":\"https:\\\/\\\/iwell-guard.com\\\/wp-content\\\/uploads\\\/2026\\\/05\\\/Ittermann-Logo-1182x237-1.png\",\"contentUrl\":\"https:\\\/\\\/iwell-guard.com\\\/wp-content\\\/uploads\\\/2026\\\/05\\\/Ittermann-Logo-1182x237-1.png\",\"width\":1182,\"height\":237,\"caption\":\"Ittermann electronic GmbH\"},\"image\":{\"@id\":\"https:\\\/\\\/iwell-guard.com\\\/is\\\/#\\\/schema\\\/logo\\\/image\\\/\"},\"sameAs\":[\"https:\\\/\\\/pantip.com\\\/profile\\\/9367242\",\"https:\\\/\\\/micro.blog\\\/iwellguard\",\"https:\\\/\\\/www.diggerslist.com\\\/iwellguard\\\/about\",\"https:\\\/\\\/skitterphoto.com\\\/photographers\\\/2870314\\\/iwell-guard\",\"https:\\\/\\\/iwellguard.wordpress.com\\\/2026\\\/06\\\/06\\\/iwell-guard\\\/\",\"https:\\\/\\\/hub.docker.com\\\/u\\\/iwellguard\",\"https:\\\/\\\/www.pinterest.com\\\/iwellguard\\\/\",\"https:\\\/\\\/bit.ly\\\/m\\\/iwellguard\",\"https:\\\/\\\/entre-vos-mains.alsace.eu\\\/profiles\\\/iwellguard\\\/activity\",\"https:\\\/\\\/gravatar.com\\\/reallybeded8fd34\",\"https:\\\/\\\/naijamatta.com\\\/iwellguard\",\"https:\\\/\\\/www.goodreads.com\\\/iwellguard\",\"https:\\\/\\\/profile.hatena.ne.jp\\\/iwellguard\\\/\",\"https:\\\/\\\/experiment.com\\\/users\\\/iwellguard\",\"https:\\\/\\\/wakelet.com\\\/@iWellGuard82270\",\"https:\\\/\\\/www.chordie.com\\\/forum\\\/profile.php?id=2555664\",\"https:\\\/\\\/www.instapaper.com\\\/p\\\/17757966\",\"https:\\\/\\\/www.mapleprimes.com\\\/users\\\/iwellguard\",\"https:\\\/\\\/businesslistingplus.com\\\/profile\\\/iwell-guard\\\/\",\"https:\\\/\\\/telegra.ph\\\/iWell-Guard-06-06\",\"https:\\\/\\\/pbase.com\\\/iwellguard\\\/iwellguard\",\"https:\\\/\\\/b.hatena.ne.jp\\\/iwellguard\\\/20260607#bookmark-4788405196491818882\",\"https:\\\/\\\/fliphtml5.com\\\/home\\\/iwellguard\",\"https:\\\/\\\/anyflip.com\\\/homepage\\\/cmiwl#About\",\"https:\\\/\\\/transfur.com\\\/Users\\\/iwellguard\",\"http:\\\/\\\/delphi.larsbo.org\\\/user\\\/iwellguard\",\"https:\\\/\\\/jobs.lajobsportal.org\\\/profiles\\\/8380803-iwell-guard\",\"https:\\\/\\\/md.chaosdorf.de\\\/s\\\/jfbe5SBdJD\",\"https:\\\/\\\/www.lingvolive.com\\\/en-us\\\/profile\\\/9ecaeaca-ce11-4e51-9e71-01d55e2bff36\\\/translations\",\"https:\\\/\\\/www.fitday.com\\\/fitness\\\/forums\\\/members\\\/iwellguard.html\",\"https:\\\/\\\/www.mymeetbook.com\\\/iwellguard\",\"https:\\\/\\\/pxhere.com\\\/en\\\/photographer-me\\\/5040798\",\"https:\\\/\\\/disqus.com\\\/by\\\/iwellguard\\\/about\\\/\",\"https:\\\/\\\/pastelink.net\\\/hjwciqwq\",\"https:\\\/\\\/pubhtml5.com\\\/homepage\\\/scjhn\\\/\",\"https:\\\/\\\/www.bitchute.com\\\/channel\\\/2O2eOKzNqujT\",\"https:\\\/\\\/audiomack.com\\\/iwellguard\"]},{\"@type\":\"Article\",\"@id\":\"https:\\\/\\\/iwell-guard.com\\\/is\\\/erzulie-freda\\\/#article\",\"isPartOf\":{\"@id\":\"https:\\\/\\\/iwell-guard.com\\\/is\\\/erzulie-freda\\\/\"},\"author\":{\"name\":\"Ralf Ittermann\",\"@id\":\"https:\\\/\\\/iwell-guard.com\\\/is\\\/#\\\/schema\\\/person\\\/ee2a27f1cac3406c7c6fb5820cb7349f\"},\"headline\":\"Erzulie Freda\",\"datePublished\":\"2026-09-05T14:03:33+00:00\",\"dateModified\":\"2026-09-05T14:21:17+00:00\",\"mainEntityOfPage\":{\"@id\":\"https:\\\/\\\/iwell-guard.com\\\/is\\\/erzulie-freda\\\/\"},\"publisher\":{\"@id\":\"https:\\\/\\\/iwell-guard.com\\\/is\\\/#organization\"},\"image\":{\"@id\":\"https:\\\/\\\/iwell-guard.com\\\/is\\\/erzulie-freda\\\/#primaryimage\"},\"thumbnailUrl\":\"https:\\\/\\\/iwell-guard.com\\\/wp-content\\\/uploads\\\/2026\\\/04\\\/goetter_vodou_erzulie-freda.webp\",\"inLanguage\":\"is\",\"description\":\"Erzulie Freda, loa \u00e1starins \u00ed ha\u00edt\u00edsku Vodou. Speglar, r\u00f3sir, bleik kl\u00e6\u00f0i og si\u00f0ir fyrir \u00e1st og a\u00f0dr\u00e1ttarafl\"}]}<\/script>\n<!-- \/ Yoast SEO Premium plugin. -->","yoast_head_json":{"title":"Erzulie Freda \u2013 Gy\u00f0ja \u00e1starins \u00ed ha\u00edt\u00edsku Vodou","description":"Erzulie Freda, loa \u00e1starins \u00ed ha\u00edt\u00edsku Vodou. Speglar, r\u00f3sir, bleik kl\u00e6\u00f0i og si\u00f0ir fyrir \u00e1st og a\u00f0dr\u00e1ttarafl","robots":{"index":"index","follow":"follow","max-snippet":"max-snippet:-1","max-image-preview":"max-image-preview:large","max-video-preview":"max-video-preview:-1"},"canonical":"https:\/\/iwell-guard.com\/is\/erzulie-freda\/","og_locale":"is_IS","og_type":"article","og_title":"Erzulie Freda","og_description":"Erzulie Freda, loa \u00e1starins \u00ed ha\u00edt\u00edsku Vodou. Speglar, r\u00f3sir, bleik kl\u00e6\u00f0i og si\u00f0ir fyrir \u00e1st og a\u00f0dr\u00e1ttarafl","og_url":"https:\/\/iwell-guard.com\/is\/erzulie-freda\/","og_site_name":"iWell Guard","article_modified_time":"2026-09-05T14:21:17+00:00","og_image":[{"width":1024,"height":1536,"url":"https:\/\/iwell-guard.com\/wp-content\/uploads\/2026\/04\/goetter_vodou_erzulie-freda.webp","type":"image\/webp"}],"twitter_card":"summary_large_image","schema":{"@context":"https:\/\/schema.org","@graph":[{"@type":"Article","@id":"https:\/\/iwell-guard.com\/is\/erzulie-freda\/#article","isPartOf":{"@id":"https:\/\/iwell-guard.com\/is\/erzulie-freda\/"},"author":{"name":"Ralf Ittermann","@id":"https:\/\/iwell-guard.com\/is\/#\/schema\/person\/ee2a27f1cac3406c7c6fb5820cb7349f"},"headline":"Erzulie Freda","datePublished":"2026-09-05T14:03:33+00:00","dateModified":"2026-09-05T14:21:17+00:00","mainEntityOfPage":{"@id":"https:\/\/iwell-guard.com\/is\/erzulie-freda\/"},"publisher":{"@id":"https:\/\/iwell-guard.com\/is\/#organization"},"image":{"@id":"https:\/\/iwell-guard.com\/is\/erzulie-freda\/#primaryimage"},"thumbnailUrl":"https:\/\/iwell-guard.com\/wp-content\/uploads\/2026\/04\/goetter_vodou_erzulie-freda.webp","inLanguage":"is","description":"Erzulie Freda, loa \u00e1starins \u00ed ha\u00edt\u00edsku Vodou. Speglar, r\u00f3sir, bleik kl\u00e6\u00f0i og si\u00f0ir fyrir \u00e1st og a\u00f0dr\u00e1ttarafl"},{"@type":"WebPage","@id":"https:\/\/iwell-guard.com\/is\/erzulie-freda\/","url":"https:\/\/iwell-guard.com\/is\/erzulie-freda\/","name":"Erzulie Freda \u2013 Gy\u00f0ja \u00e1starins \u00ed ha\u00edt\u00edsku Vodou","isPartOf":{"@id":"https:\/\/iwell-guard.com\/is\/#website"},"primaryImageOfPage":{"@id":"https:\/\/iwell-guard.com\/is\/erzulie-freda\/#primaryimage"},"image":{"@id":"https:\/\/iwell-guard.com\/is\/erzulie-freda\/#primaryimage"},"thumbnailUrl":"https:\/\/iwell-guard.com\/wp-content\/uploads\/2026\/04\/goetter_vodou_erzulie-freda.webp","datePublished":"2026-09-05T14:03:33+00:00","dateModified":"2026-09-05T14:21:17+00:00","description":"Erzulie Freda, loa \u00e1starins \u00ed ha\u00edt\u00edsku Vodou. Speglar, r\u00f3sir, bleik kl\u00e6\u00f0i og si\u00f0ir fyrir \u00e1st og a\u00f0dr\u00e1ttarafl","breadcrumb":{"@id":"https:\/\/iwell-guard.com\/is\/erzulie-freda\/#breadcrumb"},"inLanguage":"is","potentialAction":[{"@type":"ReadAction","target":["https:\/\/iwell-guard.com\/is\/erzulie-freda\/"]}]},{"@type":"ImageObject","inLanguage":"is","@id":"https:\/\/iwell-guard.com\/is\/erzulie-freda\/#primaryimage","url":"https:\/\/iwell-guard.com\/wp-content\/uploads\/2026\/04\/goetter_vodou_erzulie-freda.webp","contentUrl":"https:\/\/iwell-guard.com\/wp-content\/uploads\/2026\/04\/goetter_vodou_erzulie-freda.webp","width":1024,"height":1536,"caption":"Gu\u00f0ir \u00far Vodou-hef\u00f0inni."},{"@type":"BreadcrumbList","@id":"https:\/\/iwell-guard.com\/is\/erzulie-freda\/#breadcrumb","itemListElement":[{"@type":"ListItem","position":1,"name":"Start","item":"https:\/\/iwell-guard.com\/is\/?page_id=168580"},{"@type":"ListItem","position":2,"name":"Erzulie Freda"}]},{"@type":"WebSite","@id":"https:\/\/iwell-guard.com\/is\/#website","url":"https:\/\/iwell-guard.com\/is\/","name":"iWell Guard","description":"Schutz vor dunklen Einfl\u00fcssen","publisher":{"@id":"https:\/\/iwell-guard.com\/is\/#organization"},"potentialAction":[{"@type":"SearchAction","target":{"@type":"EntryPoint","urlTemplate":"https:\/\/iwell-guard.com\/is\/?s={search_term_string}"},"query-input":{"@type":"PropertyValueSpecification","valueRequired":true,"valueName":"search_term_string"}}],"inLanguage":"is"},{"@type":"Organization","@id":"https:\/\/iwell-guard.com\/is\/#organization","name":"Ittermann electronic GmbH","url":"https:\/\/iwell-guard.com\/is\/","logo":{"@type":"ImageObject","inLanguage":"is","@id":"https:\/\/iwell-guard.com\/is\/#\/schema\/logo\/image\/","url":"https:\/\/iwell-guard.com\/wp-content\/uploads\/2026\/05\/Ittermann-Logo-1182x237-1.png","contentUrl":"https:\/\/iwell-guard.com\/wp-content\/uploads\/2026\/05\/Ittermann-Logo-1182x237-1.png","width":1182,"height":237,"caption":"Ittermann electronic GmbH"},"image":{"@id":"https:\/\/iwell-guard.com\/is\/#\/schema\/logo\/image\/"},"sameAs":["https:\/\/pantip.com\/profile\/9367242","https:\/\/micro.blog\/iwellguard","https:\/\/www.diggerslist.com\/iwellguard\/about","https:\/\/skitterphoto.com\/photographers\/2870314\/iwell-guard","https:\/\/iwellguard.wordpress.com\/2026\/06\/06\/iwell-guard\/","https:\/\/hub.docker.com\/u\/iwellguard","https:\/\/www.pinterest.com\/iwellguard\/","https:\/\/bit.ly\/m\/iwellguard","https:\/\/entre-vos-mains.alsace.eu\/profiles\/iwellguard\/activity","https:\/\/gravatar.com\/reallybeded8fd34","https:\/\/naijamatta.com\/iwellguard","https:\/\/www.goodreads.com\/iwellguard","https:\/\/profile.hatena.ne.jp\/iwellguard\/","https:\/\/experiment.com\/users\/iwellguard","https:\/\/wakelet.com\/@iWellGuard82270","https:\/\/www.chordie.com\/forum\/profile.php?id=2555664","https:\/\/www.instapaper.com\/p\/17757966","https:\/\/www.mapleprimes.com\/users\/iwellguard","https:\/\/businesslistingplus.com\/profile\/iwell-guard\/","https:\/\/telegra.ph\/iWell-Guard-06-06","https:\/\/pbase.com\/iwellguard\/iwellguard","https:\/\/b.hatena.ne.jp\/iwellguard\/20260607#bookmark-4788405196491818882","https:\/\/fliphtml5.com\/home\/iwellguard","https:\/\/anyflip.com\/homepage\/cmiwl#About","https:\/\/transfur.com\/Users\/iwellguard","http:\/\/delphi.larsbo.org\/user\/iwellguard","https:\/\/jobs.lajobsportal.org\/profiles\/8380803-iwell-guard","https:\/\/md.chaosdorf.de\/s\/jfbe5SBdJD","https:\/\/www.lingvolive.com\/en-us\/profile\/9ecaeaca-ce11-4e51-9e71-01d55e2bff36\/translations","https:\/\/www.fitday.com\/fitness\/forums\/members\/iwellguard.html","https:\/\/www.mymeetbook.com\/iwellguard","https:\/\/pxhere.com\/en\/photographer-me\/5040798","https:\/\/disqus.com\/by\/iwellguard\/about\/","https:\/\/pastelink.net\/hjwciqwq","https:\/\/pubhtml5.com\/homepage\/scjhn\/","https:\/\/www.bitchute.com\/channel\/2O2eOKzNqujT","https:\/\/audiomack.com\/iwellguard"]},{"@type":"Person","@id":"https:\/\/iwell-guard.com\/is\/#\/schema\/person\/ee2a27f1cac3406c7c6fb5820cb7349f","name":"Ralf Ittermann","image":{"@type":"ImageObject","inLanguage":"is","@id":"https:\/\/secure.gravatar.com\/avatar\/073c0153e350a5005b68eb752b445fea71f6b24a26da9449ad7e155e6b446c9d?s=96&d=mm&r=g","url":"https:\/\/secure.gravatar.com\/avatar\/073c0153e350a5005b68eb752b445fea71f6b24a26da9449ad7e155e6b446c9d?s=96&d=mm&r=g","contentUrl":"https:\/\/secure.gravatar.com\/avatar\/073c0153e350a5005b68eb752b445fea71f6b24a26da9449ad7e155e6b446c9d?s=96&d=mm&r=g","caption":"Ralf Ittermann"},"givenName":"Ralf","familyName":"Ittermann","jobTitle":"Gesch\u00e4ftsf\u00fchrer und redaktioneller Verantwortlicher","url":"https:\/\/iwell-guard.com\/is\/author\/claude\/","description":"Ralf Ittermann ist Gesch\u00e4ftsf\u00fchrer der Ittermann electronic GmbH und redaktioneller Verantwortlicher des iWell-Guard-Lexikons. Er verbindet langj\u00e4hrige Erfahrung in der Pr\u00e4zisionsfertigung mit medialer Praxis und religionsgeschichtlicher Quellenarbeit.","worksFor":{"@type":"Organization","name":"Ittermann electronic GmbH","url":"https:\/\/ittermann.de\/","address":{"@type":"PostalAddress","streetAddress":"K\u00f6hlergasse 16-18","postalCode":"99842","addressLocality":"Ruhla","addressCountry":"DE"}},"knowsAbout":["Religionsgeschichte","Mythologie","Mediale Praxis","Energetische Diagnostik","Schutzpraxis","Volksglauben","Westliche Esoterik"]},{"@type":"Article","@id":"https:\/\/iwell-guard.com\/is\/erzulie-freda\/#article","isPartOf":{"@id":"https:\/\/iwell-guard.com\/is\/erzulie-freda\/"},"author":{"name":"Ralf Ittermann","@id":"https:\/\/iwell-guard.com\/is\/#\/schema\/person\/ee2a27f1cac3406c7c6fb5820cb7349f"},"headline":"Erzulie Freda","datePublished":"2026-09-05T14:03:33+00:00","dateModified":"2026-09-05T14:21:17+00:00","mainEntityOfPage":{"@id":"https:\/\/iwell-guard.com\/is\/erzulie-freda\/"},"publisher":{"@id":"https:\/\/iwell-guard.com\/is\/#organization"},"image":{"@id":"https:\/\/iwell-guard.com\/is\/erzulie-freda\/#primaryimage"},"thumbnailUrl":"https:\/\/iwell-guard.com\/wp-content\/uploads\/2026\/04\/goetter_vodou_erzulie-freda.webp","inLanguage":"is","description":"Erzulie Freda, loa \u00e1starins \u00ed ha\u00edt\u00edsku Vodou. Speglar, r\u00f3sir, bleik kl\u00e6\u00f0i og si\u00f0ir fyrir \u00e1st og a\u00f0dr\u00e1ttarafl"}]}},"_links":{"self":[{"href":"https:\/\/iwell-guard.com\/is\/wp-json\/wp\/v2\/pages\/168857","targetHints":{"allow":["GET"]}}],"collection":[{"href":"https:\/\/iwell-guard.com\/is\/wp-json\/wp\/v2\/pages"}],"about":[{"href":"https:\/\/iwell-guard.com\/is\/wp-json\/wp\/v2\/types\/page"}],"author":[{"embeddable":true,"href":"https:\/\/iwell-guard.com\/is\/wp-json\/wp\/v2\/users\/3"}],"replies":[{"embeddable":true,"href":"https:\/\/iwell-guard.com\/is\/wp-json\/wp\/v2\/comments?post=168857"}],"version-history":[{"count":0,"href":"https:\/\/iwell-guard.com\/is\/wp-json\/wp\/v2\/pages\/168857\/revisions"}],"wp:featuredmedia":[{"embeddable":true,"href":"https:\/\/iwell-guard.com\/is\/wp-json\/wp\/v2\/media\/1773"}],"wp:attachment":[{"href":"https:\/\/iwell-guard.com\/is\/wp-json\/wp\/v2\/media?parent=168857"}],"wp:term":[{"taxonomy":"category","embeddable":true,"href":"https:\/\/iwell-guard.com\/is\/wp-json\/wp\/v2\/categories?post=168857"}],"curies":[{"name":"wp","href":"https:\/\/api.w.org\/{rel}","templated":true}]}}